{"id":64411,"date":"2017-02-12T11:31:01","date_gmt":"2017-02-12T10:31:01","guid":{"rendered":"https:\/\/www.freiburg-schwarzwald.de\/blog\/?page_id=64411"},"modified":"2026-08-29T21:40:15","modified_gmt":"2026-08-29T19:40:15","slug":"eu-migration","status":"publish","type":"page","link":"https:\/\/www.freiburg-schwarzwald.de\/blog\/global\/eu\/eu-migration\/","title":{"rendered":"EU-Migration"},"content":{"rendered":"<p><a href=\"https:\/\/www.freiburg-schwarzwald.de\/blog\">Home<\/a> &gt;<a title=\"Global\" href=\"https:\/\/www.freiburg-schwarzwald.de\/blog\/global\/\">Global<\/a> &gt;<a title=\"EU\" href=\"https:\/\/www.freiburg-schwarzwald.de\/blog\/global\/eu\/\">EU<\/a> &gt;<a title=\"Finanzsystem\" href=\"https:\/\/www.freiburg-schwarzwald.de\/blog\/global\/finanzsystem\/\">Finanzsystem<\/a> &gt;EU-Migration<\/p>\n<div id=\"attachment_63482\" style=\"width: 649px\" class=\"wp-caption alignnone\"><a href=\"https:\/\/www.freiburg-schwarzwald.de\/blog\/afrikaner-bauen-trockenmauer\/natursteinmauer1fr-pan161201\/\" rel=\"attachment wp-att-63482\"><img loading=\"lazy\" decoding=\"async\" aria-describedby=\"caption-attachment-63482\" class=\"size-full wp-image-63482\" src=\"https:\/\/www.freiburg-schwarzwald.de\/blog\/wp-content\/uploads\/2016\/12\/natursteinmauer1fr-pan161201.jpg\" alt=\"15 Afrikaner aus Gambia und Nigeria bauen eine Trockenmauer in FR-Lehener Strasse mit Jochen Schmidt 1.12.2016\" width=\"639\" height=\"285\" srcset=\"https:\/\/www.freiburg-schwarzwald.de\/blog\/wp-content\/uploads\/2016\/12\/natursteinmauer1fr-pan161201.jpg 639w, https:\/\/www.freiburg-schwarzwald.de\/blog\/wp-content\/uploads\/2016\/12\/natursteinmauer1fr-pan161201-180x80.jpg 180w\" sizes=\"auto, (max-width: 639px) 100vw, 639px\" \/><\/a><p id=\"caption-attachment-63482\" class=\"wp-caption-text\">15 Afrikaner aus Gambia und Nigeria bauen eine Trockenmauer in FR-Lehener Strasse mit Jochen Schmidt 1.12.2016<\/p><\/div>\n<p>&nbsp;<\/p>\n<ul>\n<li><em>Listenauswahl eines Beitrags (Artikel\/Datum, Seite\/Inhalt):\u00a0<span style=\"text-decoration: underline;\">Klicken<\/span>\u00a0oder scrollen<\/em><\/li>\n<li><a href=\"https:\/\/www.freiburg-schwarzwald.de\/blog\/migra-teilhabe-nicht-teilnahme\/\">Migra: Teilhabe, nicht Teilnahme<\/a>\u00a0(28..8.2026)<\/li>\n<li>Neues EU-Migrationssystem GEAS stockt: Den Magnet abschalten (27.8.2026)<\/li>\n<li><a href=\"https:\/\/www.freiburg-schwarzwald.de\/blog\/50-000-migranten-24-std-ceuta\/\">50.000 Migranten 24 Std Ceuta<\/a>\u00a0(31.7.2026)<\/li>\n<li>Neues europ\u00e4isches Asylsystem GEAS: Deutschland muss abschieben (19.6.2026)<\/li>\n<li><a href=\"https:\/\/www.freiburg-schwarzwald.de\/blog\/global\/spanien\/\">Spanien legalisiert den Aufenthalt hunderttausender illegaler Migranten<\/a>\u00a0(14.4.2026)<\/li>\n<li><a href=\"https:\/\/www.freiburg-schwarzwald.de\/blog\/opposition-in-hu-nicht-in-de\/\">Opposition in HU \u2013 nicht in DE<\/a>\u00a0(13.4.2026)<\/li>\n<li><a href=\"https:\/\/www.freiburg-schwarzwald.de\/blog\/silvesternacht-2026-friedlich\/\">Entsteht auch in Europa eine islamische Untergrundarmee \u2013 5.Kolonne?<\/a>\u00a0(3.1.2026)<\/li>\n<li><a href=\"https:\/\/www.freiburg-schwarzwald.de\/blog\/israel-europa-wird-islamisch\/\">Israel: Europa wird islamisch<\/a>\u00a0(18.8.2025)<\/li>\n<li><a href=\"https:\/\/www.freiburg-schwarzwald.de\/blog\/global\/eu\/europa\/europa-untergang\/\">Europaweit stehen B\u00fcrger auf gegen die ungebremste Masseneinwanderung<\/a> (30..2025)<\/li>\n<li><a href=\"https:\/\/www.freiburg-schwarzwald.de\/blog\/global\/france\/frankreich-islam\/\">Macron unterwirft sich der islamistischen Stra\u00dfe \u2013 Pal\u00e4stina<\/a>\u00a0(27.7.2025)<\/li>\n<li><a href=\"https:\/\/www.freiburg-schwarzwald.de\/blog\/global\/eu\/eu-recht\/\">Migration: Nationales Recht rangiert immer noch vor EU-Recht<\/a> (8.6.2025)<\/li>\n<li>Offener Brief: Meloni und Frederiksen verlangen nationale Kontrolle \u00fcber illegale Migration (31.5.2025)<\/li>\n<li><a href=\"https:\/\/www.freiburg-schwarzwald.de\/blog\/eu-demokratie-christentum\/\">EU \u2013 Demokratie \u2013 Christentum<\/a>\u00a0(21.11.2024)<\/li>\n<li><a href=\"https:\/\/www.freiburg-schwarzwald.de\/blog\/global\/migration\/migrationspolitik\/\">Drei-Punkte-Regelung der Migration in die USA<\/a>\u00a0(10.11.2024)<\/li>\n<li>Polnische EU-Abgeordnete Ewa Zaj\u0105czkowska-Hernik: vdL in den Knast wegen Migrationspakt (28.7.2024)<\/li>\n<li><a href=\"https:\/\/www.freiburg-schwarzwald.de\/blog\/global\/migration\/kontrollierte-grenzen\/\">Der Open Borders-Irrtum<\/a>\u00a0(17.4.2024)<\/li>\n<li><a href=\"https:\/\/www.freiburg-schwarzwald.de\/blog\/religion\/islam\/karim\/\">Geheimplan: Sturm auf Europa \u2013 kommen da wirklich \u201eFl\u00fcchtlinge\u201c?<\/a> (2.3.2024)<\/li>\n<li><a href=\"https:\/\/www.freiburg-schwarzwald.de\/blog\/global\/globalisierung\/global-government\/\">Deutschland als Experimentierfeld der Globaliste<\/a>n (6.10.2023)<\/li>\n<li><a href=\"https:\/\/www.freiburg-schwarzwald.de\/blog\/eu-migrationspakt-unwirksam\/\">EU-Migrationspakt unwirksam<\/a>\u00a0(5.10.2023)<\/li>\n<li><a href=\"https:\/\/www.freiburg-schwarzwald.de\/blog\/lampedusa-gesundheitssystem\/\">Lampedusa \u2013 Gesundheitssystem<\/a>\u00a0(30.9.2023)<\/li>\n<li><a href=\"https:\/\/www.freiburg-schwarzwald.de\/blog\/selbsthilfe\/kinder\/\">Kindergrundsicherung: Deutschland verw\u00f6hnt seine Migranten und schafft so Anreize f\u00fcr noch mehr Einwanderung<\/a>\u00a0(1.9.2023)<\/li>\n<li><a href=\"https:\/\/www.freiburg-schwarzwald.de\/blog\/global\/migration\/migrationspolitik\/\">DK-Minister Bek: \u201eArbeiterviertel zahlen den Preis der Migration\u201c<\/a> (26.7.2023)<\/li>\n<li>EU-Abgeordnete stimmen mehrheitlich f\u00fcr den Import von Millionen von Migranten (29.3.2023)<\/li>\n<li><a href=\"https:\/\/www.freiburg-schwarzwald.de\/blog\/global\/italien\/italien2022\/\">Italien und die Mittelmeerroute: Die Migration kontrollieren<\/a>\u00a0(11.11.2022)<\/li>\n<li>Sekund\u00e4re Migration nach Deutschland als Asylparadis ist g\u00e4ngige Praxis (30.12.2021)<\/li>\n<li><a href=\"https:\/\/www.freiburg-schwarzwald.de\/blog\/polens-deutsche-migrationskrise\/\">Polens deutsche Migrationskrise<\/a>\u00a0(20.12.2021)<\/li>\n<li><a href=\"https:\/\/www.freiburg-schwarzwald.de\/blog\/global\/osteuropa\/\">Solidarit\u00e4t mit Polen \u2013 ein Appell an die Deutschen!<\/a>\u00a0(18.11.2021)<\/li>\n<li><a href=\"https:\/\/www.freiburg-schwarzwald.de\/blog\/global\/eu\/grenzen\/grenze-belarus\/\">Botschafter Andrzej Przy\u0142\u0119bski zur polnisch-weissrussischen Grenze<\/a>\u00a0(18.11.2021)<\/li>\n<li><a href=\"https:\/\/www.freiburg-schwarzwald.de\/blog\/global\/eu\/grenzen\/grenze-belarus\/\">Ent-Grenzung \u2013 Zur Krise an der Grenze Polen-Belarus<\/a>\u00a0(16.11.2021)<\/li>\n<li><a href=\"https:\/\/www.freiburg-schwarzwald.de\/blog\/global\/migration\/migration2021\/\">Migration: Die Schl\u00fcsselfrage des 21. Jahrhunderts<\/a>\u00a0(11.11.2021)<\/li>\n<li><a href=\"https:\/\/www.freiburg-schwarzwald.de\/blog\/asylrecht-lockt-migranten-an\/\">Asylrecht lockt Migranten an<\/a>\u00a0(10.11.2021)<\/li>\n<li><a href=\"https:\/\/www.freiburg-schwarzwald.de\/blog\/global\/integration\/asyl\/asylpolitik\/\">Deutschland lockt mit viel Geld Fl\u00fcchtlinge an<\/a>\u00a0(31.10.2021)<\/li>\n<li><a href=\"https:\/\/www.freiburg-schwarzwald.de\/blog\/polen-nationalstaat-gegen-eu\/\">Polen: Nationalstaat gegen EU<\/a> (21.10.2021)<\/li>\n<li><a href=\"https:\/\/www.freiburg-schwarzwald.de\/blog\/europa-die-zukunft-der-eu\/\">Europa \u2013 Die Zukunft der EU<\/a>\u00a0(26.6.2021)<\/li>\n<li><a href=\"https:\/\/www.freiburg-schwarzwald.de\/blog\/eu-westeuropa-und-osteuropa\/\">EU: Westeuropa und Osteuropa<\/a>\u00a0(7.3.2021)<\/li>\n<li><a href=\"https:\/\/www.freiburg-schwarzwald.de\/blog\/migration-75-ohne-ausweis\/\">Migration: 75% kommen ohne Ausweis<\/a>\u00a0(26.2.2021)<\/li>\n<li><a href=\"https:\/\/www.freiburg-schwarzwald.de\/blog\/religion\/gott\/\">Volker Kauder: \u201eJeder Fl\u00fcchtling ist Ebenbild Gottes\u201c<\/a>\u00a0(15.1.2021)<\/li>\n<li><a href=\"https:\/\/www.freiburg-schwarzwald.de\/blog\/global\/eu\/ungarn\/\">Indubio Folge 79 \u2013 \u00dcber Ungarn und Polen nur Schlechtes<\/a>\u00a0(26.11.2020)<\/li>\n<li><a title=\"Migrationspakt\" href=\"https:\/\/www.freiburg-schwarzwald.de\/blog\/global\/eu\/migrationspakt\/\">Neuer EU-Migrationspakt: EU-Kommission plant an \u00d6ffentlichkeit vorbei \u2013 Soft Law<\/a>\u00a0(4.9.2020)<\/li>\n<li><a title=\"Germany\" href=\"https:\/\/www.freiburg-schwarzwald.de\/blog\/global\/deutschland\/germany\/\">Ich, der privilegierte Italiener. Evviva la Germania!<\/a>\u00a0(29.6.2020)<\/li>\n<li><a title=\"Voelkerwanderung\" href=\"https:\/\/www.freiburg-schwarzwald.de\/blog\/global\/voelkerwanderung\/\">Migrationsgrund laut UNO: Geldtranfer nach Hause (60%) \u2013 nicht Flucht (14%)<\/a>\u00a0(19.6.2020)<\/li>\n<li><a title=\"Ungarn\" href=\"https:\/\/www.freiburg-schwarzwald.de\/blog\/global\/eu\/ungarn\/\">Ungarns Antwort auf die Migrationskrise<\/a> (15.4.2020)<\/li>\n<li><a title=\"Eiche in D \u2013 Olivenbaum in GR\" href=\"https:\/\/www.freiburg-schwarzwald.de\/blog\/eiche-in-d-olivenbaum-in-gr\/\">Eiche in D \u2013 Olivenbaum in GR<\/a>\u00a0(10.4.2020)<\/li>\n<li><a title=\"Fake-News\" href=\"https:\/\/www.freiburg-schwarzwald.de\/blog\/kultur\/medien\/fake-news\/\">dpa erfindet den Besuch eines AfD-Manns auf Lesbos<\/a>\u00a0(9.3.2020)<\/li>\n<li><a title=\"Visegrad\" href=\"https:\/\/www.freiburg-schwarzwald.de\/blog\/global\/eu\/visegrad\/\">Solidarit\u00e4t: Kampfbegriff des EU-Apparats gegen die Souver\u00e4nit\u00e4t der Mitglieder<\/a>\u00a0(5.3.2020)<\/li>\n<li><a title=\"Corona-Virus\" href=\"https:\/\/www.freiburg-schwarzwald.de\/blog\/business\/gesund\/corona-virus\/\">Zwei Krisen auf einmal:\u00a0Corona und\u00a0Zuwanderung<\/a>\u00a0(29.2.2020)<\/li>\n<li><a title=\"Aussengrenzen nicht sicher\" href=\"https:\/\/www.freiburg-schwarzwald.de\/blog\/aussengrenzen-nicht-sicher\/\">Aussengrenzen nicht sicher<\/a>\u00a0(5.2.2020)<\/li>\n<li><a title=\"Afrika-Zukunft\" href=\"https:\/\/www.freiburg-schwarzwald.de\/blog\/global\/afrika\/afrika-zukunft\/\">Volker Seitz: Wie Entwicklungshilfe Afrikas Talent vernichtet<\/a>\u00a0(10.1.2020)<\/li>\n<li><a title=\"UN-Fl\u00fcchtlingspakt\" href=\"https:\/\/www.freiburg-schwarzwald.de\/blog\/global\/migration\/un-fluechtlingspakt\/\">Resettlement gem\u00e4\u00df Migrationspakt wird besonders Deutschland grundlegend \u00e4ndern<\/a> (21.12.2019)<\/li>\n<li><a title=\"EU-Afrika\" href=\"https:\/\/www.freiburg-schwarzwald.de\/blog\/global\/eu\/eu-afrika\/\">EU-Parlaments-Entschlie\u00dfung f\u00fcr Menschen afrikanischer Abstammung: Kritik<\/a>\u00a0(20.12.2019)<\/li>\n<li><a title=\"Seenotrettung\" href=\"https:\/\/www.freiburg-schwarzwald.de\/blog\/global\/deutschland\/seenotrettung\/\">Seenotrettung: Gr\u00fcndeutscher Zeitgeist im Krieg mit Italien<\/a>\u00a0(1.7.2019)<\/li>\n<li><a href=\"https:\/\/www.freiburg-schwarzwald.de\/blog\/narrative-euro-migration-klima\/\">https:\/\/www.freiburg-schwarzwald.de\/blog\/narrative-euro-migration-klima\/<\/a>\u00a0(30.5.2019)<\/li>\n<li>EU-Juncker: Jeder Rechte ist ein Rechtsextremist (12.5.2019)<\/li>\n<li>Douglas Murray stellte sein Buch \u00fcber den \u201eSelbstmord Europas\u201c vor (3.5.2019)<\/li>\n<li><a title=\"Maa\u00dfen zur Meinungsdiktatur\" href=\"https:\/\/www.freiburg-schwarzwald.de\/blog\/maassen-zur-meinungsdiktatur\/\">Maa\u00dfen: Die Schleusen, die 2015 von Frau Merkel ge\u00f6ffnet wurden, sind immer noch offen<\/a>\u00a0(11.4.2019)<\/li>\n<li><a title=\"Europa-der-Vaterl\u00e4nder\" href=\"https:\/\/www.freiburg-schwarzwald.de\/blog\/global\/eu\/europa-der-vaterlaender\/\">Migration ist Schicksalsfrage des 21. Jahrhunderts \u2013 Grundsatzrede von Viktor Orban<\/a>\u00a0(25.3.2019)<\/li>\n<li><a title=\"France\" href=\"https:\/\/www.freiburg-schwarzwald.de\/blog\/global\/france\/\">Heinsohn: Warum Frankreich nicht zu retten ist \u2013 Bildung und Migration<\/a>\u00a0(12.12.2018)<\/li>\n<li>K\u00f6ppel: Zuwanderung mu\u00df national gel\u00f6st werden (7.12.2018)<\/li>\n<li>Kurz: Focus auf EU-Aussengrenzschutz (23.11.2018)<\/li>\n<li><a href=\"https:\/\/www.freiburg-schwarzwald.de\/blog\/voelkerrechtliche-wirkungen\/\">https:\/\/www.freiburg-schwarzwald.de\/blog\/voelkerrechtliche-wirkungen\/<\/a> (13.11.2018)<\/li>\n<li>Raffelh\u00fcschen: Sekund\u00e4re Migration &#8211; EU-L\u00e4nder lehnen zu recht ab (13.10.2018)<\/li>\n<li><a href=\"https:\/\/www.freiburg-schwarzwald.de\/blog\/susanna-von-irakern-ermordet\/\">https:\/\/www.freiburg-schwarzwald.de\/blog\/susanna-von-irakern-ermordet\/<\/a> (7.6.2018)<\/li>\n<li>D nimmt fast alle Migranten der EU auf (1.3.2018)<\/li>\n<li>EU-Parlament stimmt f\u00fcr neue Asyl-Regeln: Alle Migranten nach Deutschland (20.2.2018)<\/li>\n<li><a href=\"https:\/\/www.freiburg-schwarzwald.de\/blog\/2-mio-ankerpersonen-peanuts\/\">https:\/\/www.freiburg-schwarzwald.de\/blog\/2-mio-ankerpersonen-peanuts\/<\/a> (30.1.2018)<\/li>\n<li><a href=\"https:\/\/www.freiburg-schwarzwald.de\/blog\/ethik-selbstloser-zudringlichkeit\/\">https:\/\/www.freiburg-schwarzwald.de\/blog\/ethik-selbstloser-zudringlichkeit\/<\/a> (13.9.2017)<\/li>\n<li>Umverteilung von Migranten &#8211; EuGH weist Klage von Ungarn zur\u00fcck (8.8.2017)<\/li>\n<li>Mazyek: Muslime sind grundgetzkonform &#8211; Islamkritker hingegen nicht (15.2.2017)<\/li>\n<li>EuGH macht Europa kaputt (11.2.2017)<\/li>\n<\/ul>\n<ul>\n<li><a title=\"Afrika-Zukunft\" href=\"https:\/\/www.freiburg-schwarzwald.de\/blog\/global\/afrika\/afrika-zukunft\/\">Afrika-Zukunft<\/a><\/li>\n<li><a title=\"Bevoelkerungswachstum\" href=\"https:\/\/www.freiburg-schwarzwald.de\/blog\/engagement\/zukunft\/demografie\/bevoelkerungswachstum\/\">Bevoelkerungswachstum<\/a><\/li>\n<li><a title=\"Corona-Virus\" href=\"https:\/\/www.freiburg-schwarzwald.de\/blog\/business\/gesund\/corona-virus\/\">Corona-Virus<\/a><\/li>\n<li><a title=\"Europa\" href=\"https:\/\/www.freiburg-schwarzwald.de\/blog\/global\/eu\/europa\/\">Europa &#8211; Selbstmord<\/a><\/li>\n<li><a title=\"EU-Afrika\" href=\"https:\/\/www.freiburg-schwarzwald.de\/blog\/global\/eu\/eu-afrika\/\">EU-Afrika<\/a><\/li>\n<li><a title=\"Fluechtlinge\" href=\"https:\/\/www.freiburg-schwarzwald.de\/blog\/global\/integration\/fluechtlinge\/\">Fl\u00fcchtlinge<\/a><\/li>\n<li><a title=\"Fluechtlingslager\" href=\"https:\/\/www.freiburg-schwarzwald.de\/blog\/global\/migration\/fluechtlingslager\/\">Fluechtlingslager<\/a><\/li>\n<li><a title=\"Germany\" href=\"https:\/\/www.freiburg-schwarzwald.de\/blog\/global\/deutschland\/germany\/\">Germany<\/a><\/li>\n<li><a title=\"Globalisierung\" href=\"https:\/\/www.freiburg-schwarzwald.de\/blog\/global\/globalisierung\/\">Globalisierung<\/a><\/li>\n<li><a href=\"https:\/\/www.freiburg-schwarzwald.de\/blog\/global\/eu\/grenzen\/grenze-belarus\/\">Grenze-Belarus<\/a><\/li>\n<li><a title=\"Integration\" href=\"https:\/\/www.freiburg-schwarzwald.de\/blog\/global\/integration\/\">Integration<\/a><\/li>\n<li><a href=\"https:\/\/www.freiburg-schwarzwald.de\/blog\/global\/italien\/italien2022\/\">Italienroute<\/a><\/li>\n<li><a title=\"Leitkultur\" href=\"https:\/\/www.freiburg-schwarzwald.de\/blog\/kultur\/leitkultur\/\">Leitkultur<\/a><\/li>\n<li><a title=\"Migration\" href=\"https:\/\/www.freiburg-schwarzwald.de\/blog\/global\/migration\/\">Migration<\/a><\/li>\n<li><a title=\"Migrationspakt\" href=\"https:\/\/www.freiburg-schwarzwald.de\/blog\/global\/eu\/migrationspakt\/\">Migrationspakt<\/a><\/li>\n<li><a title=\"Tibi\" href=\"https:\/\/www.freiburg-schwarzwald.de\/blog\/global\/deutschland\/tibi\/\">Bassam Tibi<\/a><\/li>\n<li><a title=\"Immigration\" href=\"https:\/\/www.freiburg-schwarzwald.de\/blog\/global\/integration\/immigration\/\">Immigration<\/a><\/li>\n<li><a title=\"Seenotrettung\" href=\"https:\/\/www.freiburg-schwarzwald.de\/blog\/global\/deutschland\/seenotrettung\/\">Seenotrettung<\/a><\/li>\n<li><a title=\"Ungarn\" href=\"https:\/\/www.freiburg-schwarzwald.de\/blog\/global\/eu\/ungarn\/\">Ungarn<\/a><\/li>\n<\/ul>\n<p>&nbsp;<\/p>\n<p><strong>Neues EU-Migrationssystem GEAS stockt: Den Magnet abschalten<\/strong><br \/>\nKaum sind die Regeln auf dem Papier \u201eversch\u00e4rft\u201c, da zerlegt sich das EU-Asylsystem GEAS auch schon wieder in Echtzeit. Spanien schafft angeblich \u201eminderj\u00e4hrige\u201c Migranten von Ceuta aufs Festland, damit sie weiter ins deutsche Sozialparadies marschieren. Und Italien nimmt Asylbewerber, die illegal nach Deutschland weitergezogen waren, trotz formaler Verpflichtung einfach nicht zur\u00fcck. Der neueste \u201eAsylpakt\u201c, an den die Bundesregierung sich klammert, entpuppt sich zwei Monate nach Inkrafttreten abermals als Illusion.<br \/>\nSolange Pseudo-\u201eSeenotretter\u201c mit dem Segen Berlins zehntausende Migranten nach Europa schleusen, werde Rom keine Illegalen aus Deutschland zur\u00fccknehmen. Da hat Meloni-Vize Matteo Salvini durchaus einen Punkt. Warum sollten sich andere L\u00e4nder Probleme ans Bein binden, die Deutschland mit verschwenderischen Sozialleistungen und moralimperialistischem Gehabe selbst heraufbeschworen hat?<br \/>\nDas nationale Eigeninteresse wiegt schwerer als jeder abstrakte EU-Plan. Das muss auch Berlin begreifen: Wenn Deutschland keine Migranten mit seinen Sozialmagneten mehr anlockt, m\u00fcssen andere sie nicht abwehren; und wenn es keine Illegalen mehr \u00fcber die Grenze l\u00e4sst, muss es sie auch nicht zur\u00fcckschicken, und die Nachbarl\u00e4nder werden sich h\u00fcten, sie weiter durchzuwinke<br \/>\n&#8230; Alles vom 27.8.2026 von Michael Paulwitz bitte lesen in der JF 35\/26, Seite 2<br \/>\n<a href=\"https:\/\/www.junge-freiheit.de\">https:\/\/www.junge-freiheit.de<\/a><\/p>\n<p>&nbsp;<\/p>\n<p><strong>Neues europ\u00e4isches Asylsystem GEAS: Deutschland muss abschieben<\/strong><br \/>\nAuf dem Papier klingen die Regelversch\u00e4rfungen im reformierten Gemeinsamen Europ\u00e4ischen Asylystem (GEAS) nicht schlecht: Turbo-Asylverfahren, Registrierung und geschlossene Asyleinrichtungen an den Au\u00dfengrenzen, schnelle R\u00fcckf\u00fchrungen in sichere Drittstaaten, Unterbindung von Asyl-Binnentourismus \u2013 f\u00fcr Deutschland w\u00e4re es eine Erleichterung, wenn das tats\u00e4chlich k\u00e4me. Ja, wenn.<br \/>\nDenn da liegt der Haken: Die Mitgliedstaaten m\u00fcssen die Pl\u00e4ne umsetzen, sie m\u00fcssen die Kapazit\u00e4ten f\u00fcr die Implementierung schaffen von den Grenzkontrollen bis zu Internierungseinrichtungen, sie m\u00fcssen r\u00fcck\u00fcberstellte Asylmigranten auch akzeptieren und Aufnahmestaaten f\u00fcr die R\u00fcckf\u00fchrung au\u00dferhalb der Europ\u00e4ischen Union finden. Das Dublin-Verfahren wurde auch mehrfach \u00fcberarbeitet, weil die Staaten sich nicht daran hielten. Auch jetzt wird es f\u00fcr viele dann wohl doch bequemer sein, den Ansturm weiter nach Deutschland durchzuwinken. Gut m\u00f6glich, dass von der ganzen GEAS-Reform am Ende doch nur der Verteilmechanismus auf alle Staaten \u00fcbrigbleibt.<br \/>\nZumal auch die Bundesregierung erst mal ihre Aufgaben erledigen muss, statt so zu tun, als w\u00e4re schon alles gel\u00f6st: Aufenthaltsregeln versch\u00e4rfen und durchsetzen, Sozialstaats-Anreize zur Migration abschaffen. \u201eMigrationswende\u201c hei\u00dft nicht, dass statt einer mittleren nur noch eine kleinere Gro\u00dfstadt j\u00e4hrlich einwandert, sondern dass die Migrantenzahlen absolut sinken. Und zwar nicht durch Flie\u00dfbandeinb\u00fcrgerungen, sondern durch Abschiebungen im gro\u00dfen Stil.<br \/>\n&#8230;. Alles vom 19.6.2026 von Michael Paulwitz bitte lesen in der J 26\/26, Seite 2<\/p>\n<p>&nbsp;<\/p>\n<p><strong>Offener Brief: Meloni und Frederiksen verlangen nationale Kontrolle \u00fcber illegale Migration<\/strong><br \/>\nIn einem offenen Brief <a href=\"https:\/\/www.governo.it\/sites\/governo.it\/files\/Lettera_aperta_22052025.pdf\">https:\/\/www.governo.it\/sites\/governo.it\/files\/Lettera_aperta_22052025.pdf<\/a> betonen Giorgia Meloni und andere europ\u00e4ische Regierungschefs die Notwendigkeit, internationale Konventionen wie die Europ\u00e4ische Menschenrechtskonvention an moderne Herausforderungen anzupassen. Sie kritisieren, dass eine Minderheit irregul\u00e4rer Migranten Straftaten begeht und so das Vertrauen in demokratische Institutionen untergr\u00e4bt. Die Unterzeichner fordern mehr Spielraum f\u00fcr nationale Entscheidungen, etwa bei der Ausweisung krimineller Ausl\u00e4nder, und setzen sich f\u00fcr eine st\u00e4rkere Kontrolle der irregul\u00e4ren Migration ein, um die Sicherheit und Stabilit\u00e4t Europas zu sch\u00fctzen. Hier der offene Brief in der \u00dcbersetzung, anschlie\u00dfend im Original:<br \/>\nAuf Initiative D\u00e4nemarks und Italiens haben wir \u2013 eine Gruppe von europ\u00e4ischen Pr\u00e4sidenten und Premierminister \u2013 dieses Schreiben unterzeichnet. Wir alle teilen unsere europ\u00e4ischen Werten, Rechtsstaatlichkeit und Menschenrechte. Wir setzen uns f\u00fcr eine regelbasierte internationale Ordnung ein. Wir glauben zutiefst an die unantastbare W\u00fcrde des Einzelnen und an die Rolle der multilateralen Institutionen, einschlie\u00dflich der UNO, der EU und der NATO.<br \/>\nWir sind F\u00fchrer von Gesellschaften, die die Menschenrechte sch\u00fctzen. Rechte und Werte, die sowohl entscheidend als auch grundlegend sind und die Eckpfeiler unserer demokratischen Gesellschaften darstellen. Zudem f\u00fchlen wir uns unseren L\u00e4ndern gegen\u00fcber verpflichtet und tragen eine gro\u00dfe Verantwortung f\u00fcr unsere Gesellschaften. Wir geh\u00f6ren verschiedenen politischen Familien an und entstammen unterschiedlichen politischen Traditionen. Dennoch sind wir uns einig, dass es notwendig ist, eine Diskussion dar\u00fcber zu beginnen, wie die internationalen Konventionen zu den Herausforderungen passen, denen wir heute gegen\u00fcberstehen. Was einst richtig war, ist vielleicht nicht die Antwort von morgen.<br \/>\nDie Welt hat sich grundlegend ver\u00e4ndert, seit viele unserer Ideen in der Asche der gro\u00dfen Kriege entstanden sind. Die Ideen selbst sind universell und unverg\u00e4nglich. Allerdings leben wir heute in einer globalisierten Welt, in der Menschen in einem v\u00f6llig anderen Ausma\u00df \u00fcber Grenzen hinweg migrieren. In den letzten Jahrzehnten hat die irregul\u00e4re Migration erheblich zur Einwanderung nach Europa beigetragen. Viele sind \u00fcber legale Wege hierhergekommen. Sie haben unsere Sprachen gelernt, glauben an die Demokratie, leisten einen Beitrag zu unseren Gesellschaften und haben beschlossen, sich in unsere Kultur zu integrieren. Andere sind gekommen und haben sich entschieden, sich nicht zu integrieren, sich in Parallelgesellschaften zu isolieren und sich von unseren Grundwerten der Gleichheit, Demokratie und Freiheit zu distanzieren. Einige haben keinen positiven Beitrag zu den Gesellschaften geleistet, die sie aufgenommen haben und haben sich stattdessen entschieden, Straftaten zu begehen.<br \/>\nEs ist f\u00fcr uns unbegreiflich, wie manche Menschen in unsere L\u00e4nder kommen k\u00f6nnen und<br \/>\nan unserer Freiheit und unseren vielf\u00e4ltigen M\u00f6glichkeiten teilhaben k\u00f6nnen, und sich dann doch entschlie\u00dfen, Straftaten zu begehen. Auch wenn dies nur eine Minderheit der Einwanderer betrifft, besteht die Gefahr, dass sie die Fundamente unserer Gesellschaften untergraben. Es schadet dem Vertrauen zwischen unseren B\u00fcrgern und es schadet dem Vertrauen in unsere Institutionen.<\/p>\n<p>Gl\u00fccklicherweise bewegen wir uns in einigen Bereichen in die richtige Richtung. Viele europ\u00e4ische L\u00e4nder haben sich entschlossen, ihre nationale Politik im Bereich der irregul\u00e4ren Migration zu versch\u00e4rfen. Eine Mehrheit der EU-Mitgliedstaaten ist bereit, neue L\u00f6sungen f\u00fcr Europas Herausforderungen im Bereich der Migration in Betracht zu ziehen. Dies sind entscheidende Schritte, und wir sollten diese Arbeit fortsetzen. Denn es bleibt noch viel zu tun bevor Europa die Kontrolle \u00fcber die irregul\u00e4re Migration zur\u00fcckgewinnen kann.<\/p>\n<p>Als Staats- und Regierungschefs sind wir jedoch auch der Meinung, dass es notwendig ist, zu pr\u00fcfen, wie der Europ\u00e4ische Gerichtshof f\u00fcr Menschenrechte seine Auslegung der Europ\u00e4ischen Menschenrechtskonvention weiterentwickelt hat. Ob der Gerichtshof in einigen F\u00e4llen den Geltungsbereich der Konvention zu weit ausgedehnt hat und damit das Gleichgewicht zwischen den zu sch\u00fctzenden Interessen (verletzt hat).<br \/>\nWir sind der Ansicht, dass die Entwicklung der Auslegung des Gerichtshofs in einigen F\u00e4llen unsere F\u00e4higkeit eingeschr\u00e4nkt hat, politische Entscheidungen in unseren eigenen Demokratien zu treffen. Und dadurch beeinflusst, wie wir unsere demokratischen Gesellschaften und unsere Bev\u00f6lkerung vor den Herausforderungen sch\u00fctzen k\u00f6nnen, denen wir uns heute in der Welt gegen\u00fcbersehen.<br \/>\nWir haben zum Beispiel F\u00e4lle erlebt, in denen es um die Ausweisung krimineller Ausl\u00e4nder ging in denen die Auslegung der Konvention dazu gef\u00fchrt hat, dass die falschen Personen gesch\u00fctzt wurden und die M\u00f6glichkeit der Staaten, zu entscheiden, wen sie aus ihrem Hoheitsgebiet ausweisen wollen, zu stark eingeschr\u00e4nkt wurde.<br \/>\nUnserer Meinung nach ist die Sicherheit der Opfer und der gro\u00dfen Mehrheit der gesetzestreuen B\u00fcrger ein wesentliches und entscheidendes Recht. Und es sollte generell Vorrang vor anderen Erw\u00e4gungen haben.<br \/>\nAuf dieser Grundlage sind wir &#8211; die Unterzeichner dieses Schreibens &#8211; uns einig, dass die Sicherheit und Stabilit\u00e4t unserer eigenen Gesellschaften h\u00f6chste Priorit\u00e4t haben sollte. Davon sind wir \u00fcberzeugt:<br \/>\n&#8211; Wir sollten auf nationaler Ebene mehr Spielraum haben, um zu entscheiden, wann wir kriminelle Ausl\u00e4nder ausweisen. Zum Beispiel in F\u00e4llen von schweren Gewaltverbrechen oder Drogenkriminalit\u00e4t. Es liegt in der Natur der Sache, dass solche Straftaten immer schwerwiegende Folgen f\u00fcr die Opfer haben.<br \/>\nWir haben zum Beispiel F\u00e4lle erlebt, in denen es um die Ausweisung krimineller Ausl\u00e4nder ging in denen die Auslegung der Konvention dazu gef\u00fchrt hat, dass die falschen Personen gesch\u00fctzt wurden und den Staaten zu viele Einschr\u00e4nkungen auferlegt wurden.<br \/>\n&#8211; Wir brauchen mehr Freiheit bei der Entscheidung, wie unsere Beh\u00f6rden zum Beispiel<br \/>\nkriminellen Ausl\u00e4ndern, die nicht aus unserem Hoheitsgebiet abgeschoben werden k\u00f6nnen. Kriminelle, die nicht abgeschoben werden k\u00f6nnen, obwohl sie unsere Gastfreundschaft ausgenutzt haben, um Verbrechen zu begehen und andere zu verunsichern.<br \/>\n&#8211; Wir m\u00fcssen in der Lage sein, wirksame Ma\u00dfnahmen gegen feindliche Staaten zu ergreifen, die versuchen, unsere unsere Werte und Rechte gegen uns zu verwenden. Zum Beispiel durch die Instrumentalisierung von Migranten an unseren Grenzen.<br \/>\nWir wissen, dass dies eine heikle Diskussion ist. Obwohl es unser Ziel ist, unsere Demokratien zu sch\u00fctzen, wird man uns wahrscheinlich das Gegenteil vorwerfen.<br \/>\nIn aller Bescheidenheit glauben wir, dass wir in unserer Haltung stark mit der Mehrheit der B\u00fcrgerinnen und B\u00fcrger Europas \u00fcbereinstimmen. Wir wollen unser demokratisches Mandat nutzen, um eine neue und offene Diskussion \u00fcber die Auslegung der Europ\u00e4ischen Menschenrechtskonvention zu f\u00fchren. Wir m\u00fcssen das richtige Gleichgewicht wiederherstellen. Und unsere L\u00e4nder werden zusammenarbeiten, um dieses Ziel zu erreichen.<br \/>\nEnde Offener Brief<br \/>\n&#8230;<br \/>\n&#8230; Alles vom 31.5.2025 bitte lesen auf<br \/>\n<a href=\"https:\/\/www.alexander-wallasch.de\/politik\/der-offene-brief-meloni-und-frederiksen-verlangen-nationale-kontrolle-ueber-irregulaere-migration\">https:\/\/www.alexander-wallasch.de\/politik\/der-offene-brief-meloni-und-frederiksen-verlangen-nationale-kontrolle-ueber-irregulaere-migration<\/a><\/p>\n<p>&nbsp;<\/p>\n<p>&nbsp;<\/p>\n<p><strong>Polnische EU-Abgeordnete Ewa Zaj\u0105czkowska-Hernik: vdL in den Knast wegen Migrationspakt<\/strong><br \/>\nZitat: \u201eZaj\u0105czkowska-Hernik sagte, von der Leyen sei verantwortlich f\u00fcr die Zerst\u00f6rung der europ\u00e4ischen Wirtschaft, f\u00fcr die Armut der europ\u00e4ischen Bev\u00f6lkerung und f\u00fcr die Trag\u00f6dien im Zusammenhang mit der illegalen Migration. Von der Leyens Migrationspakt bedeute f\u00fcr Millionen von Frauen und Kindern, dass sie sich auf den Stra\u00dfen ihrer eigenen St\u00e4dte nicht sicher f\u00fchlen w\u00fcrden, sagte Zaj\u0105czkowska-Hernik.<br \/>\n\u201aIch sage Ihnen von Frau zu Frau und von Mutter zu Mutter: Sch\u00e4men Sie sich nicht, einen Migrationspakt durchzusetzen, der Millionen von Frauen und Kindern auf den Stra\u00dfen Ihrer eigenen St\u00e4dte in Gefahr bringt?\u2019 wandte sie sich an von der Leyen.<br \/>\n<a href=\"https:\/\/mamprawowiedziec.pl\/polityk\/81139\">https:\/\/mamprawowiedziec.pl\/polityk\/81139<\/a><br \/>\nDie polnische Abgeordnete sagte, die EU-Kommissionschefin trage eine pers\u00f6nliche Verantwortung f\u00fcr jede Vergewaltigung, jeden sexuellen \u00dcbergriff und jede Trag\u00f6die, die durch den Zustrom illegaler Migranten verursacht wurde. \u201aSie laden diese Menschen nach Europa ein! Ihr Platz ist nicht in der Europ\u00e4ischen Kommission, sondern im Gef\u00e4ngnis!\u2019 \u201d<br \/>\nDie Dame muss man sich merken.<br \/>\n&#8230; Alles vom 28.7.2024 bitte lesen auf<br \/>\n<a href=\"https:\/\/www.klonovsky.de\/2024\/07\/28-juli-2024\/\">https:\/\/www.klonovsky.de\/2024\/07\/28-juli-2024\/<\/a><\/p>\n<p>&nbsp;<\/p>\n<p><strong>EU-Abgeordnete stimmen mehrheitlich f\u00fcr den Import von Millionen von Migranten<\/strong><br \/>\n&#8222;Gestern wurde im Ausschuss f\u00fcr b\u00fcrgerliche Freiheiten, Justiz und Inneres des EU-Parlaments \u00fcber die Bestimmungen des neuen EU-Migrationspakts abgestimmt.<br \/>\nEinige Abstimmungslisten wurden erst am sp\u00e4ten Abend am Tag vor der Abstimmung, einige gar erst wenige Stunden vor eben dieser in Umlauf gebracht. Entsprechend chaotisch verlief die Sitzung, da die Abgeordneten kaum imstande waren, festzustellen, wor\u00fcber sie abstimmten.<br \/>\nDen angenommenen Berichten zufolge brauchen Migranten k\u00fcnftig nur noch drei statt f\u00fcnf Jahre legalen Aufenthalt, um eine Arbeitsgenehmigung und einen langfristigen Aufenthaltstitel zu erhalten. Auch soll es ihnen erm\u00f6glicht werden, in andere EU-Mitgliedsstaaten weiterzuziehen.<br \/>\nDer legale Aufenthalt in verschiedenen Mitgliedstaaten sowie Saisonarbeit und Berufsausbildung sollen dabei alle auf die besagten drei Aufenthaltsjahre angerechnet werden.<br \/>\n&#8211; Kenntnisse \u00fcber die Sprache oder Kultur des Aufenthaltslandes brauchen Migranten dabei nicht vorweisen.<br \/>\n&#8211; Die Sprachkenntnisse sollen lediglich f\u00fcr die Buchung eines Hotelzimmers oder eine Bestellung im Restaurant ausreichen &#8211; und selbst dann m\u00fcssen die Mitgliedstaaten Sprachkurse anbieten.<br \/>\n&#8211; Die Asylverfahren sollen beschleunigt werden: Die Entscheidung \u00fcber einen Antrag auf langfristigen Aufenthalt sollte nicht l\u00e4nger als 60 Tage dauern. Sobald ihre Verwandten eine Arbeitserlaubnis erhalten haben, k\u00f6nnen die Familienmitglieder von Migranten automatisch nachziehen, unabh\u00e4ngig von ihrem Status.<\/p>\n<p>Dr. Nicolaus Fest, Mitglied im Ausschuss f\u00fcr b\u00fcrgerliche Freiheiten, Justiz und Inneres f\u00fcr die AfD-Delegation im EU-Parlament, kommentiert dies wie folgt:<br \/>\n,,Wenn Sie denken, dass dies eine Kopie des Marrakesch-Pakts zur globalen Migration von 2018 ist, dann haben Sie recht: Es ist genau das Gleiche. Das EU-Parlament hat nun f\u00fcr den Import von Millionen von Migranten gestimmt, eine Entscheidung, die von der gro\u00dfen Mehrheit der B\u00fcrger in den Mitgliedsstaaten dezidiert abgelehnt wird. Dies ist sowohl eine Missachtung der Demokratie als auch ein ungeheuerlicher Verrat an den einfachen B\u00fcrgern&#8220;. &#8220;<br \/>\n&#8230; Alles vom 29.3.2023 bitte lesen auf<br \/>\n<a href=\"https:\/\/multimedia.europarl.europa.eu\/en\/webstreaming\/commttee-on-civil-liberties-justice-and-home-affairs_20230328-1400-COMMITTEE-LIBE\">\u00a0https:\/\/multimedia.europarl.europa.eu\/en\/webstreaming\/commttee-on-civil-liberties-justice-and-home-affairs_20230328-1400-COMMITTEE-LIBE<\/a><\/p>\n<p>&nbsp;<\/p>\n<p><strong>Sekund\u00e4re Migration nach Deutschland als Asylparadis ist g\u00e4ngige Praxis<\/strong><br \/>\n&#8222;Mehr Fortschritt wagen&#8220; ist die \u00dcberschrift des Koalitionsvertrages. Man kann den Eindruck gewinnen, dass die Gr\u00fcnen beim Thema Migration federf\u00fchrend waren, wenn man sich an die Inhalte ihres Wahlprogramms erinnert: faire und sichere Migrationswege aus Afrika nach Europa, keine Pr\u00fcfung der Asylgr\u00fcnde an der EU-Au\u00dfengrenze. Welche Fortschritte wagen wir im Bereich Migration? Ein Fortschritt w\u00e4re, wenn die illegale Massenmigration reduziert w\u00fcrde. Es w\u00e4re naheliegend, dass Deutschland seine Sozialleistungen und Anreize f\u00fcr Migranten in einem Ma\u00df reduziert, sodass es nicht mehr diese magische Anziehungskraft ausstrahlt. So etwas steht nicht im Vertrag. Dagegen wird festgehalten, dass Migranten bei besonderer Leistung, nach drei Jahren, sp\u00e4testens nach f\u00fcnf Jahren eingeb\u00fcrgert werden. Vor diesem Hintergrund h\u00e4lt man explizit fest, dass &#8222;Migration schon immer Teil der Geschichte unseres Landes war und ist&#8220;.<br \/>\nMit unserer Migrationspolitik haben wir den Eindruck vermittelt, dass Deutschland das Asylparadies in der EU ist. Wir erleben das jetzt an der belarussisch-polnischen Grenze. Zehntausend Migranten sind aus dem sicheren EU-Land Polen nach Deutschland marschiert oder gefahren worden. Sie wurden nach dem K\u00f6nigsteiner Schl\u00fcssel auf die Bundesl\u00e4nder verteilt. Deutschland ist wegen seiner Unf\u00e4higkeit Asylentscheidungen zu treffen, attraktiv f\u00fcr unkontrollierte Einwanderung.<br \/>\nSekund\u00e4re Migration nach Deutschland ist g\u00e4ngige Praxis. Wir haben es nicht geschafft, in L\u00e4ndern, aus denen sich Migranten auf den Weg machen, die Ansage zu machen, dass sie in ihrem Land bleiben sollen, da sie bei uns kein Asyl erhalten. Wir haben es nicht geschafft, Hunderttausende abgelehnte Asylbewerber au\u00dfer Landes zu schaffen. Es ist zu bef\u00fcrchten, dass die neuen Migrationsrichtlinien Armuts- und Wirtschaftsmigration f\u00f6rdern und den Druck auf die EU-Au\u00dfengrenzen aufrecht erhalten oder sogar erh\u00f6hen. Wir schaffen das nat\u00fcrlich&#8230; wieder nicht.<br \/>\n30.12.2021, Martin Henschel, Weil am Rhein, BZ<\/p>\n<p>.<\/p>\n<p><strong>EU-Juncker: Jeder Rechte ist ein Rechtsextremist<\/strong><br \/>\nJuncker am 12.5.2019 im Interview auf Phoenix, 13 Uhr<br \/>\n&#8222;Je weniger Migranten es gibt in einem Land , desto gr\u00f6\u00dfer ist die Angst vor \u00dcberfremdung. Ein Beispiel: In Luxemburg betr\u00e4gt wohnen zu 47% Ausl\u00e4nder.&#8220;<br \/>\nJuncker wei\u00df genau, da\u00df es a) Probleme mit Migranten nur mit solchen aus Islam-Staaten gibt und da\u00df b) der musl. Anteil in Luxemburg max 6% betr\u00e4gt.<br \/>\n.<br \/>\n&#8222;Man mu\u00df unterscheiden zwischen europakritischen Fragen und rechtspopulistischen Fragen&#8220;<br \/>\nGerade Juncker kanzelt Europakritiker allzu gerne als Rechtspopulisten ab. Juncker wei\u00df genau, dass ein Politiker, der die Zuwanderung aus Afrika und Maghreb vom eigenen Parlament geregelt haben will, kein Populist ist, sondern ein Patriot.<br \/>\n.<br \/>\n&#8222;Ich erwarte, dass nach der Wahl am 26.5.2019 Kr\u00e4fte des Rechtsextremismus im europ\u00e4ischen Parlament st\u00e4rker vertreten sein werden.&#8220; Damit tut Juncker kund, dass jeder Rechte gleichzeitig ein Rechtsextremer (Rechter + Gewalt) ist.<br \/>\n12.5.2019, <a href=\"https:\/\/www.phoenix.de\">https:\/\/www.phoenix.de<\/a><\/p>\n<p>&nbsp;<\/p>\n<p><strong>Douglas Murray stellte sein Buch \u00fcber den \u201eSelbstmord Europas\u201c vor<\/strong><br \/>\n.<br \/>\nAngesichts drohender Zuwanderungsstr\u00f6me aus den s\u00fcdlich der Sahara gelegenen afrikanischen Staaten ist Migration die \u201eSchicksalsfrage\u201c Europas. Mit dieser Kernthese stellte der britische Islam- und Zuwanderungskritiker Douglas Murray (39) vergangene Woche in der Berliner Bibliothek des Konservatismus seinen aktuellen Bestseller \u201eDer Selbstmord Europas\u201c (FBV\/Edition Tichys Einblick, 2018) vor. Es m\u00fcsse hierzulande gewissenhafter, z\u00fcgiger und tiefgr\u00fcndiger dar\u00fcber nachgedacht werden, so Murray, \u201ewen wir hereinlassen und wen wir drau\u00dfen halten wollen\u201c.<\/p>\n<p>\u201e<strong><em>Machten wir uns im Westen von der Reform des Islams abh\u00e4ngig, w\u00e4ren wir verloren<\/em><\/strong>.\u201c Die Warnung Douglas Murrays, \u201eBritanniens Kassandra\u201c (JF 17\/19), konfrontierte das Publikum der ausverkauften Abendveranstaltung mit den Konsequenzen, die das Abendland zu f\u00fcrchten hat. Dabei lie\u00df der Mitherausgeber der konservativen Zeitschrift The Spectator vor allem in der anschlie\u00dfenden Fragerunde den brillanten Rhetoriker aufblitzen, als der er in britischen und US-amerikanischen Talkshows und Debattierrunden ebenso verehrt wie gef\u00fcrchtet ist, wovon sich auch hierzulande jeder durch entsprechende Youtube-Videos \u00fcberzeugen kann.<br \/>\nDabei warnte er vor dem \u201eMelonenprinzip\u201c der europ\u00e4ischen Kirchen: \u201eau\u00dfen gr\u00fcn, innen rot\u201c. Die Schlagfertigkeit Murrays zeigte sich etwa in seiner Replik auf die schwedischen Kirchen, welche die Figur Jesu zum Migranten der Gegenwart und damit zum Heiligen erkl\u00e4rten, indem Murray mit Blick auf die Heilige Familie sagte: \u201eYeah, but he went back where he came from.\u201c In dem Zusammenhang wies Murray nachdr\u00fccklich darauf hin, da\u00df<br \/>\n<em><strong>bis heute kein einziges Modell f\u00fcr einen funktionierenden Multikulturalismus existiere:<br \/>\n\u201eWe don\u2019t have any example for good praxis.<\/strong><\/em>\u201c<br \/>\n.<br \/>\nIn seinem Buch schreibt er dazu: \u201eMenschen aus aller Welt str\u00f6men gerade zu einer Zeit nach Europa, zu der es selbst nicht mehr wei\u00df, was es sein soll. Und w\u00e4hrend die Einwanderung von Millionen Menschen aus anderen Kulturen in eine starke und durchsetzungsf\u00e4hige Kultur h\u00e4tte funktionieren k\u00f6nnen, kann die Einwanderung in eine von Schuld zermarterte, abgestumpfte, sterbende Kultur nicht gutgehen.\u201c Europa habe \u201eden Glauben an seine \u00dcberzeugungen, Traditionen und an seine eigene Legitimit\u00e4t verloren\u201c. Es zeige \u201ekaum noch den Wunsch, sich zu repoduzieren, f\u00fcr sich zu k\u00e4mpfen und f\u00fcr sich zu streiten\u201c. Europa leide unter einer \u201eexistentiellen M\u00fcdigkeit\u201c.<br \/>\nZugleich warnte Murray bei seinem Vortrag in der Berliner Bibliothek auch vor den in rechten Echokammern beliebten Verschw\u00f6rungstheorien. So seien all die Prozesse, die zu unserer jetzigen Situation gef\u00fchrt haben, kein Teil eines \u201egro\u00dfen Plans\u201c, sondern allesamt Prozesse mit einer gewissen eigenen Legitimation \u2013 gerade diese Erkenntnis mache die Gegenwart um so \u201eschlimmer\u201c.<br \/>\nUm so erfreulicher scheint es, da\u00df Murrays Buch auf dem Weg zu einem Weltbestseller ist. So wurde es inzwischen in diverse europ\u00e4ische Sprachen \u00fcbersetzt, dar\u00fcber hinaus ins Koreanische, Chinesische, Hebr\u00e4ische und schon bald auch ins Arabische. Eine Aufzeichung vom Auftritt Douglas Murrays ist auf dem Youtube-Kanal der Bibliothek des Konservatismus (<a href=\"https:\/\/www.youtube.com\/user\/bdkBerlin\">https:\/\/www.youtube.com\/user\/bdkBerlin<\/a>) abrufbar.<br \/>\nBibliothek des Konservatismus, Fasanenstr. 4, 10623 Berlin,<br \/>\nTelefon: 030 \/ 3 15 17 37-0<br \/>\n<a href=\"https:\/\/www.bdk-berlin.org\">https:\/\/www.bdk-berlin.org<\/a><br \/>\n.<br \/>\n3.5.2019, Christian Dorn, Douglas Murray: &#8222;Den Glauben verloren, von Schuld zermartert &#8222;, Junge Freiheit, Seite 15, <a href=\"https:\/\/www.junge-freiheit.de\">https:\/\/www.junge-freiheit.de<\/a><br \/>\n.<\/p>\n<p><strong>K\u00f6ppel: Zuwanderung mu\u00df national gel\u00f6st werden<\/strong><br \/>\nK\u00f6ppel: In der Schweiz und st\u00e4rker noch in Deutschland will die Mehrheit des Volkes, da\u00df Zuwanderung begrenzt wird, Einwanderer strenger kontrolliert werden und besser zwischen Asylsuchenden und illegalen Wirtschaftsmigranten unterschieden wird. Dieser Pakt aber will das Gegenteil. Er legalisiert die illegale Migration. Er verneint und stellt sich gegen alles, was eine qualifizierte Mehrheit in unseren L\u00e4ndern denkt \u2013 und in der Schweiz auch gegen einen Verfassungsartikel, der verlangt, Zuwanderung zu be- und nicht zu entgrenzen.<br \/>\n&#8230;<br \/>\nder Pakt geht von der Pr\u00e4misse aus, da\u00df sich Migration global steuern l\u00e4\u00dft. Das aber ist ein Irrtum. Migration kann man nicht supranational steuern. Die EU hat es doch bewiesen: Gemeinsame Grenzkontrollen, gemeinsame Migrationspolitik schaffen erst die Mi\u00dfst\u00e4nde, die falschen Anreize, produzieren durchl\u00e4ssige Grenzen. Migration mu\u00df national gel\u00f6st werden, indem jedes Land seine Grenzen kontrolliert. So einfach ist das.<br \/>\n&#8230;<br \/>\nIch verstehe, da\u00df Deutschland aus historischen Gr\u00fcnden M\u00fche hat mit allem, was nach Nationalstaat klingt. Folglich bleibt den Deutschen wenig anderes \u00fcbrig, als so zu argumentieren. Wenn ein deutscher Politiker nur schon vorschl\u00e4gt, es vielleicht doch mal \u201enational\u201c zu versuchen, dann herrscht Alarmstufe Rot! Deshalb habe ich Verst\u00e4ndnis f\u00fcr die deutschen Politiker, denn was sollen sie also anderes tun, als zu versuchen, ihre nationalen Anliegen \u00fcber Bande, \u00fcber die Europ\u00e4ische Union oder hier \u00fcber die Uno, zu spielen? So k\u00f6nnen sie diese entnationalisieren, sprich \u2013 nach deutschem Verst\u00e4ndnis \u2013 politisch \u201eentgiften\u201c. &#8230; Allerdings k\u00f6nnen die Deutschen nicht erwarten, wie Margaret Thatcher schon sagte, da\u00df alle anderen ihren Nationalstaat auch aufgeben, weil die deutschen Politiker ihren Nationalstaat nicht mehr gern haben.<br \/>\n&#8230;.<br \/>\nDer enorme Widerstand, der sich in k\u00fcrzester Zeit unter den B\u00fcrgern gegen den Migrationspakt aufgebaut hat, hat seine Ursache keineswegs nur im Inhalt des Vertrags. Nein, hier entl\u00e4dt sich Wut und Entt\u00e4uschung dar\u00fcber, da\u00df die Leute genug haben von den Durchhalteparolen und der falschen Politik. Man hat ihnen dauernd versprochen, wie gut und segensreich diese unkontrollierte Migration sei, die man angeblich unter Kontrolle habe. Die Deutschen oder die Franzosen haben keine direkte Demokratie wie die Schweizer, also m\u00fcssen sie ihren Unmut auf den Stra\u00dfen kundtun. Mich \u00fcberrascht, wie falsch die Politik die Stimmung eingesch\u00e4tzt hat, als sie glaubte, diesen Pakt jetzt bringen zu m\u00fcssen.<br \/>\n&#8230;<br \/>\ndie EU hat ein Demokratiedefizit. Da\u00df ihre Abgehobenheit so gro\u00df ist, h\u00e4tte ich allerdings nicht gedacht. Die EU ist gut f\u00fcr Politiker, weil sie sich in der EU der engmaschigeren Kontrolle durch die B\u00fcrger, wie sie in den Nationalstaaten existiert, entziehen k\u00f6nnen. Der Nationalstaat begrenzt Macht und macht Verantwortungen besser sichtbar. Das haben Politiker nicht so gern. Sie ziehen internationale, supranationale Gremien vor. Da k\u00f6nnen sie einfacher schalten und walten und verdienen.<br \/>\n&#8230;<br \/>\nDieser Pakt verstr\u00f6mt diesen undemokratischen, antiaufkl\u00e4rerischen, geheimniskr\u00e4merischen Geist der Kabinettspolitik: Wir hier oben l\u00f6sen jetzt global das Migrationsproblem, und unser Plan ist so gut, da\u00df wir ihn am besten hinter den Kulissen durch die Regierungen ohne Demokratie absegnen lassen. Man will die B\u00fcrger weder ins Boot holen noch \u00fcberzeugen. Stattdessen zieht man allen mit der Reitpeitsche eins \u00fcbers Maul, die dagegen sind. Das sind dann die \u201eFremdenfeinde\u201c und die \u201ePopulisten\u201c. Erfreulich ist, da\u00df dieser Plan nicht aufgeht. Die Leute sind eben nicht dumm, sie sp\u00fcren, da\u00df man sie f\u00fcr dumm verkauft. Und ich stelle mit Freude fest, da\u00df auch deutsche Medien zu denen geh\u00f6ren, die das bemerkt haben, darunter etwa die Welt. Sie haben das Spiel durchschaut und berichten kritisch. So hat dieser Migrationspakt unfreiwillig etwas Gutes. Er hat sogar einigen Journalisten die Augen ge\u00f6ffnet.<br \/>\n7.12.2018, Roger K\u00f6ppel, &#8222;Zuwanderung mu\u00df global gel\u00f6st werden, Junge Freiheit, Seite 3<\/p>\n<p>Roger K\u00f6ppel ist Chefredakteur der <a href=\"https:\/\/www.weltwoche.ch\">https:\/\/www.weltwoche.ch<\/a><\/p>\n<p>&nbsp;<\/p>\n<p><strong>Kurz: Focus auf EU-Aussengrenzschutz<\/strong><em><br \/>\n\u00abDas Asylrecht war nie gedacht als eine Basis f\u00fcr Massenmigration von Afrika nach Europa\u00bb\u00a0Bundeskanzler Sebastian Kurz h\u00e4lt das Blockdenken in der Migrationsfrage f\u00fcr absurd.<\/em><\/p>\n<p><em>NZZ: In der Migrationspolitik pl\u00e4dierten Sie f\u00fcr ein Ende der Debatte um die Verteilung von Asylsuchenden und f\u00fcr einen Fokus auf den Aussengrenzschutz. Nun zeigt sich, dass auch die Aufstockung von Frontex auf 10 000 Mann und die St\u00e4rkung des Mandats umstritten sind.<\/em><br \/>\nKurz: Entscheidungsfindungsprozesse in der EU sind oftmals schwierig. Ich bin aber sehr zufrieden, dass es eine Trendwende in der Migrationsfrage gegeben hat. Wir setzen nun einen gemeinsamen Schwerpunkt auf den Aussengrenzschutz. Das bedeutet auch eine St\u00e4rkung von Frontex. Wir unterst\u00fctzen hier den Vorschlag der Kommission. Wir stehen zudem in Verhandlungen mit nordafrikanischen L\u00e4ndern. Das Ziel ist, dass die Rettung immer \u00f6fter durch sie stattfindet und die Menschen in diese L\u00e4nder zur\u00fcckgestellt werden. Das zerst\u00f6rt das Gesch\u00e4ftsmodell der Schlepper und f\u00fchrt dazu, dass sich die Menschen nicht mehr illegal auf den Weg machen. \u00c4gypten l\u00e4sst keine Boote mehr ablegen. Wenn es den Schleppern doch gelingt, \u00c4gypten illegal zu verlassen, werden die Boote von der \u00e4gyptischen K\u00fcstenwache zur\u00fcckgef\u00fchrt.<br \/>\n.<br \/>\n<em>NZZ: Von \u00c4gypten sind aber nie viele Bootsmigranten aufgebrochen. Diese starten vor allem in Libyen und Tunesien.<\/em><br \/>\nKurz: Auch von \u00c4gypten haben sich viele Migranten nach Europa auf den Weg gemacht. Mit der libyschen K\u00fcstenwache gibt es auch eine Kooperation. Wir leisten Unterst\u00fctzung mit Booten und Benzin. Diese Zusammenarbeit greift. Ich habe immer gesagt, dass es m\u00f6glich sei, die Route \u00fcber das Mittelmeer nach Italien zu schliessen. Es gibt kaum noch Menschen, die sich dort auf den Weg nach Europa machen. Leider hat die neue spanische Regierung anfangs missverst\u00e4ndliche Signale gesetzt.<br \/>\n<em>NZZ: Wie s\u00e4hen denn legale Wege der Migration nach Europa aus?<\/em><br \/>\nKurz: Das Asylrecht ist ein Individualrecht f\u00fcr politisch Verfolgte. Es war nie gedacht als eine Basis f\u00fcr Massenmigration von Afrika nach Europa. Die legalen Wege gibt es bereits. \u00dcber Resettlement-Programme k\u00f6nnen Staaten mit der Hilfe von internationalen Organisationen direkt in Kriegsgebieten jene Menschen ausw\u00e4hlen, die sie aufnehmen wollen. Das hat den Vorteil, dass Schlepper kein Geld verdienen, Staaten gezielt schutzbed\u00fcrftige Gruppen aufnehmen k\u00f6nnen und selbst entscheiden, wie vielen Menschen sie Asyl gew\u00e4hren k\u00f6nnen. \u00d6sterreich hat rund 2000 Menschen direkt aus dem Irak und Syrien aufgenommen.<br \/>\n&#8230; Gesamtes Interview mit Bundeskanzler Kurz vom 23.1.2018 bitte lesen auf<br \/>\n<a href=\"https:\/\/www.nzz.ch\/international\/sebastian-kurz-im-interview-oesterreich-ist-ein-einwanderungsland-ld.1438862?mktcid=nled&amp;mktcval=107&amp;kid=_2018-11-23\">https:\/\/www.nzz.ch\/international\/sebastian-kurz-im-interview-oesterreich-ist-ein-einwanderungsland-ld.1438862?mktcid=nled&amp;mktcval=107&amp;kid=_2018-11-23<br \/>\n<\/a>\u00a0.<br \/>\n<strong>Raffelh\u00fcschen: Sekund\u00e4re Migration &#8211; EU-L\u00e4nder lehnen zu recht ab<\/strong><br \/>\nDie Debatte um die gerechte Verteilung der Zuwanderer innerhalb Europas ist ohnehin an Absurdit\u00e4t kaum zu \u00fcbertreffen. Schlie\u00dflich gelingt es nicht einmal innerhalb Deutschlands die Str\u00f6me einigerma\u00dfen gleichm\u00e4\u00dfig auf die Bundesl\u00e4nder zu verteilen. Noch scheinheiliger erscheint die deutsche Position hinsichtlich der sekund\u00e4ren Wanderungsbewegung: Warum sollte ein Land wie D\u00e4nemark die aus Schweden nach Deutschland laufende Sekund\u00e4rmigration unterbinden und damit die Kosten der deutschen Einladung \u00fcbernehmen? Auch \u00d6sterreich will die R\u00fcckf\u00fchrung der Migranten aus Deutschland in die Erstaufnahmel\u00e4nder nicht unterst\u00fctzen und verweist darauf, dass es keinen umgekehrten Dominoeffekt Richtung Ost- und S\u00fcdeuropa geben kann, solange nicht die Summe der bilateralen Abkommen zur R\u00fcckf\u00fchrung quasi die europ\u00e4ische Einigung ersetzen w\u00fcrde. Will hei\u00dfen: Das Dublin-Abkommen wird nicht umgesetzt, an den europ\u00e4ischen Au\u00dfengrenzen gibt es keine wirksame Grenzkontrolle und das deutsche Recht wird an den Grenzen zu den Nachbarstaaten auch nicht, bzw. seit dem Vorsto\u00df von Innenminister Horst Seehofer nur extrem z\u00f6gerlich, angewandt. Verfahrener kann eine Situation kaum sein, und so ist es auch nicht verwunderlich, dass das endlose Debattieren der etablierten Parteien den Riss, der durch die Gesellschaften (fast) aller europ\u00e4ischen L\u00e4nder geht, immer weiter aufrei\u00dft und dem rechten wie auch linken Populismus T\u00fcr und Tor ge\u00f6ffnet wird.<br \/>\n&#8230; Alles vom 13.10.2018 von Bernd Raffelh\u00fcschen bitte lesen auf<br \/>\n<a href=\"https:\/\/www.theeuropean.de\/bernd-raffelhueschen\/14834-deutsche-willkommenskultur\">https:\/\/www.theeuropean.de\/bernd-raffelhueschen\/14834-deutsche-willkommenskultur<\/a><br \/>\n.<br \/>\nVollst\u00e4ndigen Artikel unter \u201eCESifo\u201c lesen:<br \/>\n<a href=\"https:\/\/www.cesifo-group.de\/DocDL\/sd-2018-18-chiemsee-konferenz-raffelhueschen.pdf\">https:\/\/www.cesifo-group.de\/DocDL\/sd-2018-18-chiemsee-konferenz-raffelhueschen.pdf<\/a><\/p>\n<p>&nbsp;<\/p>\n<p>&nbsp;<\/p>\n<p>&nbsp;<\/p>\n<p><strong>D nimmt fast alle Migranten der EU auf<\/strong><br \/>\nDie Schieflage bei Asylentscheidungen ist extrem. &#8230;Allerdings ist Deutschland immer noch mit Abstand das wichtigste Zielland. Mit 187.000 Asylsuchenden kamen im Jahr 2017 mehr in die Bundesrepublik, als laut Internationaler Organisation f\u00fcr Migration an den K\u00fcsten Italiens (119.310) und Griechenlands (29.595) anlandeten.<br \/>\nVon diesen beiden L\u00e4ndern wird immer wieder behauptet, sie tr\u00fcgen seit 2016 die europ\u00e4ische Hauptlast bei der Fl\u00fcchtlingsaufnahme.<br \/>\nGegen diese Version spricht vor allem der Blick auf die Asylentscheidungen. Deutschland traf 2017 f\u00fcnfmal so viele Entscheidungen (524.185) wie Italien (78.235) und Griechenland (24.510) zusammen.<br \/>\nWeil die meisten Ank\u00f6mmlinge aus diesen beiden Staaten in andere L\u00e4nder weiterziehen, m\u00fcsste es eigentlich besonders viele Dublin-\u00dcberstellungen in diese L\u00e4nder geben. Doch nach Italien hatte die Bundesrepublik lange Zeit nur sehr eingeschr\u00e4nkt \u00dcbernahmeersuchen gerichtet und bis Mai 2017 \u00dcberstellungen von Familien mit Kindern unter 16 Jahren vollst\u00e4ndig ausgesetzt.<br \/>\nSeither sind nur noch weiterziehende Migranten mit Kindern unter drei Jahren grunds\u00e4tzlich davon ausgenommen. Im Jahr 2017 gelang immerhin 2110-mal eine \u00dcberstellung nach Italien. &#8230; Alles vom 1.3.2018 bitte lesen auf<br \/>\n<a href=\"https:\/\/www.welt.de\/politik\/deutschland\/article174668559\/EU-Laender-Die-Schieflage-bei-Asylentscheidungen-ist-extrem.html\">https:\/\/www.welt.de\/politik\/deutschland\/article174668559\/EU-Laender-Die-Schieflage-bei-Asylentscheidungen-ist-extrem.html<\/a><\/p>\n<p>&nbsp;<\/p>\n<p>.<\/p>\n<p>.<br \/>\n<strong>EU-Parlament stimmt f\u00fcr neue Asyl-Regeln: Alle Migranten nach Deutschland<\/strong><br \/>\nDas EU-Parlament hat in Stra\u00dfburg am 16. November 2017 \u00fcber die Neufassung der Dublin-Verordnung abgestimmt. In dieser Verordnung steht \u2013 noch: Ein Fl\u00fcchtling muss in dem Staat um Asyl ersuchen, in dem er den EU-Raum erstmals betreten hat. Das Betreten europ\u00e4ischen Bodens erfolgt h\u00e4ufig an den EU-Au\u00dfengrenzen. Diese L\u00e4nder haben bislang die Pflicht zur Registrierung und zur Erstaufnahme. Die EU-Kommission hatte einen Entwurf zur Reform der Dublin-Verordnung vorgelegt, den das EU-Parlament aber komplett umgeschrieben und in namentlicher Abstimmung mit 390 Ja-Stimmen angenommen hat, bei 175 Nein-Stimmen und 44 Enthaltungen. Die \u00c4nderungen haben es in sich. Nur drei Punkte dazu:<\/p>\n<p>1) Behauptet ein Fl\u00fcchtling, Verwandte in einem Mitgliedsstaat zu haben, die anerkannten Schutz oder einen legitimen Aufenthaltsstatus haben, wird dieser betreffende Mitgliedsstaat automatisch zust\u00e4ndig f\u00fcr den neuen Asylantrag. Auf Deutsch gesagt: Das wird in der weit \u00fcberwiegenden Zahl aller F\u00e4lle Deutschland sein.<br \/>\n2) Beweise braucht es daf\u00fcr nicht: Geben die Angaben des Antragstellers keinen offensichtlichen Grund f\u00fcr Zweifel, reicht das.<br \/>\n3) Damit nicht genug: \u201eAntragstellern wird auch gestattet, sich als Gruppen von h\u00f6chstens 30 Personen erfassen zu lassen\u201c, wie es in der Begr\u00fcndung hei\u00dft, und sie k\u00f6nnen sich auch zusammen in einen Mitgliedsstaat \u00fcberstellen lassen. Daf\u00fcr reicht es, sich w\u00e4hrend der Reise n\u00e4hergekommen zu sein.<br \/>\nJetzt muss nur noch der Rat zustimmen, also die Minister, als Vertreter der Regierungen der Staaten. Wie schreibt doch das Parlament so frech: \u201eDer Rat ist eindeutig berechtigt, \u00fcber diese Verordnung mit einer Mehrheit zu entscheiden, und sie m\u00fcssen sich jetzt darauf konzentrieren, ein System zu finden, das vor Ort funktioniert, und nicht nur eines, bei dem Einstimmigkeit im Rat erreicht werden kann.\u201c Das nennt man wohl Chuzpe.<\/p>\n<p>Die GroKo hat bei der \u201eObergrenze\u201c keine Entscheidungsmacht.\u00a0Was lernen wir aus alldem? Sieben Fragen und Beobachtungen:<\/p>\n<p>Erstens: Es ist, wie bereits erw\u00e4hnt, angesichts einer geplanten Dublin-Neuregelung vollkommen egal, was die Scheinriesen-GroKo zur \u201eObergrenze\u201c vereinbart hat. Und es ist ebenso egal, ob der Familiennachzug f\u00fcr subsidi\u00e4r Gesch\u00fctzte, H\u00e4rtef\u00e4lle oder alle erm\u00f6glicht wird.<\/p>\n<p>Zweitens: Beschl\u00fcsse und Abstimmungen von historischer Tragweite bekommt man nur mit, wenn man es sich zum Hobby macht zu pr\u00fcfen, was im EU-Parlament nach einer Abstimmung \u00fcber Somalia und vor einem Votum \u00fcber das EU-Abkommen mit Neuseeland (wenn\u2019s jemanden brennend interessiert: 511 Ja-Stimmen, 57 Nein-Stimmen, 40 Enthaltungen) behandelt wird.<\/p>\n<p>Drittens: Wo war, wo ist die gro\u00dfe \u00f6ffentliche Debatte in Deutschland, ausgel\u00f6st zum Beispiel von rundfunkbeitragsfinanzierten Sendern mit ihren Br\u00fcsseler Dependancen? Man kann zwar nicht alles h\u00f6ren oder sehen, aufgefallen ist mir in der Berichterstattung jedenfalls nichts. Dagegen wurde noch der letzte christsoziale Landrat aus dem Bayerischen Wald zur sogenannten CSU-\u201eObergrenze\u201c ausf\u00fchrlich einvernommen.<\/p>\n<p>Viertens: Auf die deutschen EU-Abgeordneten ist kein Verlass, Vertreter aller gr\u00f6\u00dferen deutschen Parteien haben dem Antrag des Innenausschusses zugestimmt.<\/p>\n<p>F\u00fcnftens: Griechenland d\u00fcrfte nur darauf warten, dass sich das EU-Parlament durchsetzt, und keinerlei Zweifel einwenden, wenn jemand sagt, er sei ganz sicher, Verwandte in Deutschland zu haben \u2013 und alle Fl\u00fcchtlinge durchwinken.<\/p>\n<p>Sechstens: Wenn das Parlament frohlockt, \u00fcber diesen Vorschlag k\u00f6nne mit Mehrheit abgestimmt werden, kann Deutschland auch \u00fcberstimmt werden.<\/p>\n<p>Siebtens: Das gilt zumal, weil Deutschland 2015 fast alle anderen EU-Staaten gegen sich aufgebracht hat. Die meisten Fl\u00fcchtlinge in anderen EU-L\u00e4ndern wollen sowieso nach Deutschland. Warum sollte zum Beispiel Italien sie aufhalten wollen?<br \/>\n&#8230;. Alles vom 20.2.2018 bitte lesen auf<br \/>\n<a href=\"https:\/\/amp.focus.de\/finanzen\/experten\/fluechtlings-obergrenze-eu-bestimmt-die-regeln-die-groko-hat-beim-thema-nichts-zu-melden_id_8481689.html?__twitter_impression=true\">https:\/\/amp.focus.de\/finanzen\/experten\/fluechtlings-obergrenze-eu-bestimmt-die-regeln-die-groko-hat-beim-thema-nichts-zu-melden_id_8481689.html?__twitter_impression=true<\/a><br \/>\n<strong>EU entm\u00fcndigt Nationalstaaten bei Asyl und Einwanderung<\/strong><br \/>\nWas in Deutschland die GroKo-Leute oder wer auch immer \u00fcber die mit dem Gummiwort Obergrenze verhandelt, vereinbart oder sonst tut, ist bedeutungslos. Denn Parlament und Kommission der EU haben die nationalen Befugnisse \u00fcber Asyl und Einwanderung komplett ausgehebelt oder sind mitten drin, es zu tun. &#8230; Alles vom 21.2.2018 auf<\/p>\n<blockquote class=\"wp-embedded-content\" data-secret=\"g5PooiN2th\"><p><a href=\"https:\/\/www.tichyseinblick.de\/daili-es-sentials\/eu-will-die-nationalen-regierungen-bei-asyl-und-einwanderung-entmuendigen\/\">EU will die nationalen Regierungen bei Asyl und Einwanderung entm\u00fcndigen<\/a><\/p><\/blockquote>\n<p><iframe loading=\"lazy\" class=\"wp-embedded-content\" sandbox=\"allow-scripts\" security=\"restricted\" style=\"position: absolute; visibility: hidden;\" title=\"\u201eEU will die nationalen Regierungen bei Asyl und Einwanderung entm\u00fcndigen\u201c \u2014 Tichys Einblick\" src=\"https:\/\/www.tichyseinblick.de\/daili-es-sentials\/eu-will-die-nationalen-regierungen-bei-asyl-und-einwanderung-entmuendigen\/embed\/#?secret=j3c1EErIaH#?secret=g5PooiN2th\" data-secret=\"g5PooiN2th\" width=\"600\" height=\"338\" frameborder=\"0\" marginwidth=\"0\" marginheight=\"0\" scrolling=\"no\"><\/iframe><\/p>\n<p><strong>Nationalstaat Deutschland ade<\/strong><br \/>\nAbgesehen von der fehlenden demokratischen Legitimation ist das Vorgehen der EU durchaus verst\u00e4ndlich. Deutschland signalisiert als einziges Land in der EU unverdrossen, dass es seine Grenzen weiterhin nicht sch\u00fctzen, keinen Asylbewerber zur\u00fcckweisen und kaum einen Ausreisepflichtigen abschieben wird. Deshalb sehen sich die anderen EU-Staaten weiter als Transitl\u00e4nder f\u00fcr Fluchtmigranten auf dem Weg nach Deutschland.<\/p>\n<p>Die Bundesregierung simuliert (ja simuliert!) den v\u00f6llig aussichtslosen Kampf f\u00fcr eine \u201eEurop\u00e4ische L\u00f6sung\u201c doch nur, damit die Bev\u00f6lkerung nicht merkt, dass Merkel uns, gest\u00fctzt von allen Parteien im letzten Bundestag, in eine Situation gebracht hat, aus der uns nur \u00e4u\u00dferst unpopul\u00e4re Ma\u00dfnahmen retten k\u00f6nnen. Es kann ja schon nur noch um Schadensbegrenzung, nicht um dessen Vermeidung gehen. &#8230;<br \/>\n21.2.2018, Michel Rieke, TO<\/p>\n<p>Die EU begeht damit Selbstmord! Weder die Osteurop\u00e4er noch die im Norden von Europa werden dem Irrsinn nachkommen. Auch \u00d6sterreich hat unter der neuen Regierung damit begonnen den eigenen Schutz der Grenze\/Gesellschaft in die Hand zu nehmen. So oder so\u2026zum Schluss werden alle illegalen Einwanderer im Gr\u00fcn-Sozialistischen Merkel-Medien Deutschland landen\u2026im Sozialsystem Paradies f\u00fcr illegale Einwanderer aus der ganzen Welt.<br \/>\n21.2.2018, Marc Hofmann, TO<\/p>\n<p>Das sind weitreichende Entscheidungen f\u00fcr jedes Land! Warum werden die Bev\u00f6lkerungen nicht befragt? Wer in der UN genau betreibt diese Vorg\u00e4nge? Wer stellt diese Anforderungen? Was ist das \u00fcbergeordnete Ziel? Erz\u00e4hlen sie mir nicht, dass die Lebensverh\u00e4ltnisse der Fl\u00fcchtlinge verbessert werden sollen! Das k\u00f6nnte man mit Geburtenkontrolle und \u00c4nderung der Wirtschaftsverh\u00e4ltnisse erreichen. Was ist das Ziel der Wanderungsstr\u00f6me und dieser Genderideologie zusammen? Kann mir einer eine positive Zielsetzung nennen? Zur Zeit ist mir nur \u00fcbel! &#8230;<br \/>\nDeutschland m\u00fcsste nur die Fluchtursache N1 abstellen: Einwanderung ins deutsche Sozialsystem inklusive Alimentierung bis ans Lebensende.Das geht ja angeblich nicht, aus juristischen Gr\u00fcnden-aber Rechtsbruch g e g e n die Interessen des eigenen Volkes klappt doch auch-warum nicht auch anders ? Es muss nur jemand durchsetzen\u2026<br \/>\n21.2.2018,\u00a0Erica, TO<\/p>\n<p>.<\/p>\n<p>&nbsp;<\/p>\n<p>&nbsp;<\/p>\n<p><strong>Umverteilung von Migranten &#8211; EuGH weist Klage von Ungarn zur\u00fcck<\/strong><br \/>\nDer Europ\u00e4ische Gerichtshof hat eine Klage von Ungarn und der Slowakei gegen die Umverteilung von Fl\u00fcchtlingen in der EU zur\u00fcckgewiesen. &#8230; Die Quotierung ist das, womit sich die Politiker in Berlin und Br\u00fcssel intensiv befasst haben, das Problem selbst wollten sie nicht l\u00f6sen. Denn es stellt sich nach wie vor die Frage, wem das alles n\u00fctzen soll. Den Schleppern, die nun erleichtert feststellen, dass in den Ziell\u00e4ndern nun theoretisch wieder Pl\u00e4tze f\u00fcr Nachr\u00fccker frei werden? Ungarn und der Slowakei, die nun endlich wissen, dass Solidarit\u00e4t in der EU erzwungen werden kann? Den Fl\u00fcchtlingen, die nun wie ein paar Schluck Wasser in L\u00e4nder verschoben werden k\u00f6nnen, in die sie nie wollten?&#8230;.<br \/>\nAlles vom 6.9.2017 auf<br \/>\n<a href=\"https:\/\/www.achgut.com\/artikel\/europaeischer_gerichtshof_will_solidaritaet_erzwingen\/P5#section_leserpost\">https:\/\/www.achgut.com\/artikel\/europaeischer_gerichtshof_will_solidaritaet_erzwingen\/P5#section_leserpost<br \/>\n<\/a>.<\/p>\n<p><strong>Polen wollen keine Migranten. Und Migranten wollen nicht nach Polen<\/strong>.<br \/>\nDennoch soll beides durch Zwang durchgesetzt werden. So geht die EU kaputt.<br \/>\nIn S\u00fcdeuropa herrscht eine Jugendarbeitslosigkeit von \u00fcber 50%. Wie gerne w\u00fcrden die jungen Spanier und Italiener gezwungen werden, nach D zu kommen, um hier (inkl. kostenl. Sprachkurs und Unterkunft) eine Berufsausbildung binnen drei Jahren durchzuziehen. Anders als die jungen Migranten aus Islam-Staaten, die funktionale Alphabeten sind.<br \/>\nK. Baumann, 6.9.2017<br \/>\nUngarn hat wohl um 2014 herum mit die meisten Fl\u00fcchtlinge in der EU aufgenommen. Ukraine usw. Die Ungarn haben einen \u201e Brain Drain \u201d (Verlust von K\u00f6nnern) , also einen Abschied von mehreren Hunderttausend \u201ahart arbeitenden Menschen\u2018 allein nach Deutschland verkraften m\u00fcssen. (lt. WO \u201e Ungarn seltener von Sozialleistungen nach dem Sozialgesetzbuch II abh\u00e4ngig (4,9 Prozent) als die Deutschen (7,3 Prozent) \u201e) Der Versuch, den Ungarn im Austausch Menschen zu schenken, die garnicht arbeiten wollen oder k\u00f6nnen und ihre Art zu leben verteufeln, wird von den hart arbeitenden Ungarn mit Skepsis gesehen. Wer ( hallo EU ) sollte da mit wem \u201e solidarisch \u201d sein? ..siehe auch k\u00fcrzlich das Urteil des EUGh, dass Dublin 3 auch in Ausnahmesituationen anzuwenden sei.<br \/>\n6.9.2017, Dieter Dombrowsky, AO<br \/>\n.<br \/>\nDie n\u00e4chstliegende und eleganteste M\u00f6glichkeit haben Sie gar nicht benannt. Man kl\u00e4rt die zwangsverteilten Einwanderer in Informationszentren \u00fcber die Vorteile des Asyl- oder Fl\u00fcchtlingsstatus in \u00d6sterreich und D. auf, bringt sie mit Taxen an die \u00f6sterreichische Grenze und dann k\u00f6nnen diese bei offenen Schengengrenzen entweder in \u00d6sterreich bleiben oder sie fahren mit dem Zug von Wien nach M\u00fcnchen.<br \/>\n6..2017, G\u00fcnter H. Probst<\/p>\n<p>&nbsp;<\/p>\n<p><strong>Mazyek: Muslime sind grundgetzkonform &#8211; Islamkritker hingegen nicht<\/strong><br \/>\nBZ: Auch in Europa haben wir Menschen, die ein Problem mit dem Islam haben.<br \/>\n<a title=\"Ditib\" href=\"https:\/\/www.freiburg-schwarzwald.de\/blog\/global\/tuerkei\/ditib\/\">Mazyek<\/a>: Ein Problem mit dem Islam? Nein, sie haben ein Problem mit unserer freiheitlichen Demokratie und verstecken das geschickt hinter der Erz\u00e4hlung, etwas gegen die angebliche Islamisierung tun zu wollen. &#8230; Gesamtes Interview mit ZdM-Chef Mazek vom 15.2.2017 bitte lesen auf<br \/>\n<a href=\"https:\/\/www.badische-zeitung.de\/islamophobie-und-rassismus-haben-enorm-zugenommen\">https:\/\/www.badische-zeitung.de\/islamophobie-und-rassismus-haben-enorm-zugenommen<br \/>\n<\/a>\u00a0 .<br \/>\n<strong>Mazyek ja &#8211; Bassam Tibi, Hamed-Abdel Samad oder Ayaan Hirsi Ali nein<\/strong><br \/>\nHerr Mazyek vertritt einen expansiven politischen Islam der in Deutschland und Europa zunehmend an Einfluss gewinnt und in den ca. 55 L\u00e4ndern, in denen der Islam mehr oder weniger Staatsreligon ist, s\u00e4mtlich die Unterdr\u00fcckung von Frauen und Minderheiten zur Konsequenz hat. &#8230;.<br \/>\n&#8222;Die Gesellschaft hier, so wie sie hier ist&#8220; ist mir wie anscheinend der Mehrheit der europ\u00e4ischen Bev\u00f6lkerung sehr viel Wert.<br \/>\n<a href=\"https:\/\/www.welt.de\/politik\/ausland\/article161943738\/Mehrheit-der-Europaeer-gegen-Zuwanderung-von-Muslimen.html\">https:\/\/www.welt.de\/politik\/ausland\/article161943738\/Mehrheit-der-Europaeer-gegen-Zuwanderung-von-Muslimen.html<\/a><br \/>\n.<br \/>\nDeshalb bin auch ich gegen eine weitere Verbreitung archaischer Gepflogenheiten einer uns\u00e4kularisierten und nicht reformierungswilligen Religion die Frauen benachteiligt, Homosexualit\u00e4t verdammt und zu der Polygamie und Kinderehen geh\u00f6ren die mit modernen Menschenrechten und zugeh\u00f6rigen Rechtsnormen nicht kompatibel ist.<br \/>\nWelche islamischen Staaten gibt es ausser den &#8222;Steinzeitlern vom Golf&#8220;, die modernen Vorstellungen von Menschenrechtsgew\u00e4hrung entsprechen? Pakistan? Afghanistan? Algerien? Marokko? Libyen? Tunesien? Tschad? Niger? Nigeria? Kamerun? Gabun? Mali? Mauretanien? Senegal? Gambia? Guinea? Sudan? \u00c4gypten? Aserbaidschan? Elfenbeink\u00fcste? Burkina Faso? Jemen? Sierra Leone? Libanon? Jordanien? Irak? Malediven? Iran? Malaysia? Afghanistan? Turkmenistan? Usbekistan? Kirgistan? Tadschikistan? Kuwait? Uganda? Kasachstan? Togo? Benin? Mosambik? Somalia? Bangladesh? Indonesien? Hat gerade den &#8222;unislamischen&#8220; &#8222;Hot Dog&#8220; verboten. Die T\u00fcrkei? Es war einmal.<br \/>\nWarum &#8222;fl\u00fcchten&#8220; so viele Moslems \u00fcber Kontinente, Ozeane und zig L\u00e4nder zigtausend Kilometer nach Europa und versuchen dann, zumindest zu einem erw\u00e4hnenswerten Anteil, auch hier archaische islamische Sitten zu installieren die nicht mit dem geltenden Rechtssystem kompatibel sind?<br \/>\nWenn die Mehrheit der Muslime wie Herr Mazyek stets betont gar nicht so fundamentalistisch ist, warum sieht es dann in diesen L\u00e4ndern, die zum Teil einst die Wiege der Menschheit warne, so aus wie es dort aussieht von puncto Menschenrechte?<br \/>\nWarum bekommen Bassam Tibi, Hamed-Abdel Samad oder Ayaan Hirsi Ali kaum noch eine Stimme in deutschen Medien im Gegensatz zum \u00fcberrepr\u00e4sentierten Herrn Mazyek?<br \/>\nWarum ist ein Staat wie der Iran\/Persien, der einst, bis die Mullahs kamen, das modernste und innovativste Land der Welt war das u.a. die moderne Medizin begr\u00fcndet hat und viele Wissenschaften, zu einem islamistischen Zwangsregime mit Kopftuchzwang f\u00fcr Frauen geworden?<br \/>\n11.2.2017, Hans Jacob Heidenreich<br \/>\n.<br \/>\n<strong>Als ob die berechtigte kritische Sicht auf den Islam eine Krankheit sei<\/strong><br \/>\nEines muss man Aiman Mazyek lassen: Er ist ein Meister der Dialektik \u2013 des rhetorischen Kunstgriffs, Sachverhalte auf den Kopf zu stellen. So, wie gem\u00e4\u00df dem Koran, die T\u00e4ter im Sinne der Expansion des Islam Mohammeds als &#8222;M\u00e4rtyrer&#8220; gepriesen werden, so macht er die Muslime zu Opfern. Er spricht von Islamophobie, als ob die berechtigte kritische Sicht auf den Islam eine Krankheit sei. Und von Rassismus, als ob die Muslime eine Rasse w\u00e4ren. Er geht sogar so weit, jene als demokratiefeindlich hinzustellen, die ein Problem mit dem Islam haben. Er w\u00e4re besser beraten, uns einen einzigen demokratischen Staat zu nennen, in dem die Muslime die Mehrheit haben. Dort, wo das ansatzweise einmal der Fall war, sei Erdogan zitiert: &#8222;Die Demokratie ist der Zug, auf den wir aufspringen \u2013 und wieder aussteigen, wenn wir die Macht haben&#8220;.<br \/>\nRecht hat Mazyek aber mit der Warnung, aufzupassen, dass wir nicht eines Tages in einer Diktatur aufwachen. Aber wir sind bereits gewarnt, weil wir wissen, dass die islamischen L\u00e4nder die christliche Minderheit ausgrenzen, drangsalieren, vertreiben oder gar t\u00f6ten. Der Gipfel ist, dass Mazyek die versuchten und gelungenen t\u00f6dlichen Anschl\u00e4ge in Europa und der Welt als &#8222;Vorkommnisse&#8220; verharmlost, die man nicht auf eine &#8222;Religionsgemeinschaft&#8220; projizieren d\u00fcrfe. Der permanente Krieg zwischen Sunniten, Schiiten und anderen muslimischen Richtungen hat also nichts mit der islamischen Religionsgemeinschaft zu tun? Auch nicht die Anschl\u00e4ge auf j\u00fcdische Einrichtungen und christliche Gepflogenheiten in Europa?<br \/>\n17.2.2017, Ulla Steiner, Lahr, BO<\/p>\n<p>&nbsp;<\/p>\n<p><strong>EuGH macht Europa kaputt<\/strong><br \/>\n<em>Der Europ\u00e4ische Gerichtshof und sein Generalanwalt machen Europa kaputt. Ihre Pl\u00e4doyers und Urteile schaden der europ\u00e4ischen Idee und sch\u00fcren die Politikverdrossenheit. Besonders in Fl\u00fcchtlingsfragen. &#8230;.<\/em><br \/>\nIn der vergangenen Woche hat ein Jurist all diejenigen erzittern lassen, die am Erhalt der Europ\u00e4ischen Union genauso interessiert sind wie daran, die Fl\u00fcchtlingskrise zu bew\u00e4ltigen. Der Generalanwalt beim Europ\u00e4ischen Gerichtshof (EuGH) hat in seinem Schlussantrag zur Klage einer syrischen Familie, die in der belgischen Botschaft in Beirut ohne Erfolg Visa beantragt hatte, daf\u00fcr pl\u00e4diert, dass Europas diplomatische Vertretungen k\u00fcnftig allen Verfolgten Einreisepapiere ausstellen m\u00fcssen. Mithilfe dieser Visa sollten sie in das jeweilige EU-Mitgliedsland reisen k\u00f6nnen, um dort um Asyl zu bitten.<br \/>\nIn seinem Antrag st\u00fctzt sich der Generalanwalt auf die Grundrechtecharta der Union. Ihn l\u00e4sst es kalt, dass diese ausschlie\u00dflich f\u00fcr EU-B\u00fcrger und solche Ausl\u00e4nder gilt, die in der EU leben, nicht aber f\u00fcr alle anderen Menschen auf der Welt. Folgen die Luxemburger Richter dem Pl\u00e4doyer, k\u00f6nnte die Balkanroute getrost wieder ge\u00f6ffnet, das Fl\u00fcchtlingsabkommen mit der T\u00fcrkei gek\u00fcndigt und die Debatte \u00fcber europ\u00e4ische Auffanglager in Afrika beendet werden.<br \/>\nMit ein wenig Sein, viel Schein und ein bisschen Schwein<strong> k\u00f6nnte nahezu jeder Mensch, der an Ausreise denkt, die ersehnten Papiere erhalten und sich ohne Fu\u00dfmarsch und Schlepper ins n\u00e4chste Flugzeug setzen, um in Frankfurt, Paris, Br\u00fcssel oder Kopenhagen Asyl zu beantragen<\/strong>. &#8230;.<br \/>\nAlles vom 11.2.2017 bitte lesen auf<br \/>\n<a href=\"https:\/\/www.welt.de\/debatte\/kommentare\/article162005945\/Dieses-Plaedoyer-ist-eine-Katastrophe-fuer-die-Fluechtlingspolitik.html\">https:\/\/www.welt.de\/debatte\/kommentare\/article162005945\/Dieses-Plaedoyer-ist-eine-Katastrophe-fuer-die-Fluechtlingspolitik.html<\/a><br \/>\n.<br \/>\n<strong>Woher diese unkritische Liebe zu muslimischen Menschen?<\/strong><br \/>\nIch verstehe es einfach nicht: Woher kommt diese vollkommen unkritische Liebe der Elite zum muslimischen Menschen? Wenn es so w\u00e4re, dass von dort Toleranz, friedliches Zusammenleben vorgelebt w\u00fcrde. Z\u00e4hlen Sie doch einmal die muslimischen L\u00e4ndern auf, in denen es nicht g\u00e4rt! Es kaum ein muslimisches Land, in dem Christen nicht verfolgt, vertrieben werden. Es kaum ein muslimisches Land, welches wirklich prosperiert. Was steckt da dahinter? Warum flie\u00dft in diese Gedankenwelt nicht die vom Islam getriebene Bev\u00f6lkerungsexplosion der muslimischen L\u00e4nder ein? Diese ist doch der Hauptgrund f\u00fcr die Perspektivlosigkeit der Menschen dort! Das bringt doch die jungen M\u00e4nner zu den Milizen oder auf den Weg in den Westen!<br \/>\n11.2.2017, Johannes S.<br \/>\n.<br \/>\n<strong>Alternativlos?<\/strong><br \/>\nSehr guter Artikel, vielen Dank daf\u00fcr! Hoffentlich lesen das viele EU-\/Schulz-Bef\u00fcrworter aufmerksam durch. Und dann k\u00f6nnte man auch noch (bitte mal ganz ohne Vorurteile) das Grundsatzprogramm der AfD, hier Kapitel 2, lesen. Vielleicht stellt dann der ein oder andere v\u00f6llig emotionslos fest, dass manches eben nicht alternativlos ist. Die Briten machen das vor.<br \/>\n.<br \/>\n<strong>Schlepper statt Grenze sichern<\/strong><br \/>\nDieser Gerichtshof ist auch daf\u00fcr verantwortlich, dass Frontex als Schlepperhelfer fungieren und nicht als Grenzschutz! Leider wird der Gerichtshof sich nicht stoppen lassen, bevor die EU zerfallen ist!<br \/>\nWenn diese v\u00f6llig von der Realit\u00e4t entkoppelten Richter das tats\u00e4chlich so urteilen sollten, verst\u00e4rkt das die Fliehkr\u00e4fte immens und die EU wird relativ schnell auseinanderfallen. Das w\u00e4re erstmal angesichts solcher juristischen und anderer Ausw\u00fcchse nicht so problematisch, wie es oft von deutschen Medien und Politikern (Krieg) begleitet wird. Das Problem f\u00fcr uns Deutsche wird sein, dass unser Land mit Armuts- und Kriminalit\u00e4tseinwanderung vor allem aus muslimischen L\u00e4ndern geflutet wird, bevor unsere Gesellschaft aus den Multikulti- und Weltrettungstr\u00e4umem aufwacht. W\u00e4hrend die andern gro\u00dfen und kleinen L\u00e4nder l\u00e4ngst dicht gemacht haben.<br \/>\n11.2.2017, A.K., WO<\/p>\n","protected":false},"excerpt":{"rendered":"<p>Home &gt;Global &gt;EU &gt;Finanzsystem &gt;EU-Migration &nbsp; Listenauswahl eines Beitrags (Artikel\/Datum, Seite\/Inhalt):\u00a0Klicken\u00a0oder scrollen Migra: Teilhabe, nicht Teilnahme\u00a0(28..8.2026) Neues EU-Migrationssystem GEAS stockt: Den Magnet abschalten (27.8.2026) 50.000 Migranten 24 Std Ceuta\u00a0(31.7.2026) Neues europ\u00e4isches Asylsystem GEAS: Deutschland muss abschieben (19.6.2026) Spanien legalisiert den &hellip; <a href=\"https:\/\/www.freiburg-schwarzwald.de\/blog\/global\/eu\/eu-migration\/\">Weiterlesen <span class=\"meta-nav\">&rarr;<\/span><\/a><\/p>\n","protected":false},"author":2,"featured_media":0,"parent":2859,"menu_order":0,"comment_status":"open","ping_status":"closed","template":"","meta":{"footnotes":""},"class_list":["post-64411","page","type-page","status-publish","hentry"],"_links":{"self":[{"href":"https:\/\/www.freiburg-schwarzwald.de\/blog\/wp-json\/wp\/v2\/pages\/64411","targetHints":{"allow":["GET"]}}],"collection":[{"href":"https:\/\/www.freiburg-schwarzwald.de\/blog\/wp-json\/wp\/v2\/pages"}],"about":[{"href":"https:\/\/www.freiburg-schwarzwald.de\/blog\/wp-json\/wp\/v2\/types\/page"}],"author":[{"embeddable":true,"href":"https:\/\/www.freiburg-schwarzwald.de\/blog\/wp-json\/wp\/v2\/users\/2"}],"replies":[{"embeddable":true,"href":"https:\/\/www.freiburg-schwarzwald.de\/blog\/wp-json\/wp\/v2\/comments?post=64411"}],"version-history":[{"count":6,"href":"https:\/\/www.freiburg-schwarzwald.de\/blog\/wp-json\/wp\/v2\/pages\/64411\/revisions"}],"predecessor-version":[{"id":153256,"href":"https:\/\/www.freiburg-schwarzwald.de\/blog\/wp-json\/wp\/v2\/pages\/64411\/revisions\/153256"}],"up":[{"embeddable":true,"href":"https:\/\/www.freiburg-schwarzwald.de\/blog\/wp-json\/wp\/v2\/pages\/2859"}],"wp:attachment":[{"href":"https:\/\/www.freiburg-schwarzwald.de\/blog\/wp-json\/wp\/v2\/media?parent=64411"}],"curies":[{"name":"wp","href":"https:\/\/api.w.org\/{rel}","templated":true}]}}