{"id":63907,"date":"2016-12-22T09:28:58","date_gmt":"2016-12-22T08:28:58","guid":{"rendered":"https:\/\/www.freiburg-schwarzwald.de\/blog\/?page_id=63907"},"modified":"2024-07-01T18:02:38","modified_gmt":"2024-07-01T16:02:38","slug":"interkulturelle-oeffnung","status":"publish","type":"page","link":"https:\/\/www.freiburg-schwarzwald.de\/blog\/global\/integration\/interkulturelle-oeffnung\/","title":{"rendered":"Interkulturelle-Oeffnung"},"content":{"rendered":"<p><a href=\"https:\/\/www.freiburg-schwarzwald.de\/blog\">Home<\/a> &gt;<a title=\"Global\" href=\"https:\/\/www.freiburg-schwarzwald.de\/blog\/global\/\">Global<\/a>\u00a0&gt;<a title=\"Migration\" href=\"https:\/\/www.freiburg-schwarzwald.de\/blog\/global\/migration\/\">Migration<\/a> &gt;<a title=\"Integration\" href=\"https:\/\/www.freiburg-schwarzwald.de\/blog\/global\/integration\/\">Integration<\/a> &gt;Interkulturelle-Oeffnung<\/p>\n<div id=\"attachment_63723\" style=\"width: 650px\" class=\"wp-caption alignnone\"><a href=\"https:\/\/www.freiburg-schwarzwald.de\/blog\/ehrenamt-freiburg-2016-preise\/ehrenamt-freiburg-pan161207\/\" rel=\"attachment wp-att-63723\"><img loading=\"lazy\" decoding=\"async\" aria-describedby=\"caption-attachment-63723\" class=\"size-full wp-image-63723\" src=\"https:\/\/www.freiburg-schwarzwald.de\/blog\/wp-content\/uploads\/2016\/12\/ehrenamt-freiburg-pan161207.jpg\" alt=\"Freiburger , die f\u00fcr ihr ehrenamtliches Engagement ausgezeichnet wurden, im Dezember 2016\" width=\"640\" height=\"285\" srcset=\"https:\/\/www.freiburg-schwarzwald.de\/blog\/wp-content\/uploads\/2016\/12\/ehrenamt-freiburg-pan161207.jpg 640w, https:\/\/www.freiburg-schwarzwald.de\/blog\/wp-content\/uploads\/2016\/12\/ehrenamt-freiburg-pan161207-180x80.jpg 180w\" sizes=\"auto, (max-width: 640px) 100vw, 640px\" \/><\/a><p id=\"caption-attachment-63723\" class=\"wp-caption-text\">Freiburger , die f\u00fcr ihr ehrenamtliches Engagement ausgezeichnet wurden, im Dezember 2016<\/p><\/div>\n<p>&nbsp;<\/p>\n<ul>\n<li><a href=\"https:\/\/www.freiburg-schwarzwald.de\/blog\/ohne-bestaende-noch-bestand\/\">Haben wir ohne Best\u00e4nde noch Bestand?<\/a>\u00a0(20.8.2023)<\/li>\n<li><a href=\"https:\/\/www.freiburg-schwarzwald.de\/blog\/jedem-sein-eigener-zentralrat\/\">Jedem sein eigener Zentralrat<\/a>\u00a0(14.7.2023)<\/li>\n<li>Integration ist eine Holschuld &#8211; f\u00fcr alle Ethnien und Kulturen (9.1.2023)<\/li>\n<li><a href=\"https:\/\/www.freiburg-schwarzwald.de\/blog\/kultur\/leitkultur\/multikulti\/vielfalt\/\">Sexuelle Vielfalt oder kulturelle Vielfalt \u2013 beides geht nicht<\/a>\u00a0(15.9.2022)<\/li>\n<li><a href=\"https:\/\/www.freiburg-schwarzwald.de\/blog\/kultur\/kulturelle-aneignung\/\">Kulturelle Aneignung ist Grundlage kultureller Teilhabe<\/a>\u00a0(31.8.2022)<\/li>\n<li><a href=\"https:\/\/www.freiburg-schwarzwald.de\/blog\/kultur\/deutsch\/sprache\/\">Englisch als Amtssprache? Nein!<\/a>\u00a0(5.7.2022)<\/li>\n<li><a href=\"https:\/\/www.freiburg-schwarzwald.de\/blog\/bildung\/schulen\/schulen-migration\/\">Ein t\u00fcrkischer Vater verheiratet seine Tochter<\/a>\u00a0(12.2.2022)<\/li>\n<li><a href=\"https:\/\/www.freiburg-schwarzwald.de\/blog\/michel-houellebecq-vernichten\/\">Michel Houellebecq: Vernichten<\/a>\u00a0(27.1.2022)<\/li>\n<li><a href=\"https:\/\/www.freiburg-schwarzwald.de\/blog\/intolerante-minderheiten\/\">Intolerante MInderheiten gewinnen<\/a>\u00a0(29.12.2021)<\/li>\n<li><a href=\"https:\/\/www.freiburg-schwarzwald.de\/blog\/global\/eu\/schleuser\/\">Mission Lifeline: Es geht nicht Rettung sondern, um \u201ebunte\u201c Gesellschaft<\/a>\u00a0(22.11.2021)<\/li>\n<li><a href=\"https:\/\/www.freiburg-schwarzwald.de\/blog\/global\/suedafrika\/\">Es gilt das Recht des St\u00e4rkeren \u2013 in S\u00fcdafrika und in Deutschland?<\/a>\u00a0(12.8.2021)<\/li>\n<li><a href=\"https:\/\/www.freiburg-schwarzwald.de\/blog\/kultur\/leitkultur\/multikulti\/\">Von der multikulturellen zur polykulturellen Gesellschaft<\/a> (2.7.2021)<\/li>\n<li><a href=\"https:\/\/www.freiburg-schwarzwald.de\/blog\/kultur\/kulturverlust\/cancelculture-literatur\/\">Verweis auf Prophet Mohammed in Dantes \u201eG\u00f6ttlicher Kom\u00f6die\u201c gecancelt<\/a>\u00a0(6.4.2021)<\/li>\n<li><a href=\"https:\/\/www.freiburg-schwarzwald.de\/blog\/business\/gesund\/corona-virus\/corona-migration\/\">Trotz drei Lockdowns \u00fcber 100.000 neue Migranten in 2020<\/a>\u00a0(18.1.2021)<\/li>\n<li><a href=\"https:\/\/www.freiburg-schwarzwald.de\/blog\/global\/ethnien\/\">Ethnopluralismus<\/a>\u00a0(8.1.2021)<\/li>\n<li><a href=\"https:\/\/www.freiburg-schwarzwald.de\/blog\/machbarkeitswahn-auch-in-2021\/\">Machbarkeitswahn auch in 2021<\/a>\u00a0(27.12.2020)<\/li>\n<li><a href=\"https:\/\/www.freiburg-schwarzwald.de\/blog\/engagement\/rassismus\/antirassismus\/\">Rassismus: Verbrechen der Mehrheit oder Recht der Minderheit?<\/a>\u00a0(16.12.2020)<\/li>\n<li>Houellebecq: Ein bisschen schlechter (5.12.2020)<\/li>\n<li><a href=\"https:\/\/www.freiburg-schwarzwald.de\/blog\/wien-gemeinsamer-feind\/\">Wien: Islamistischer Terror am 2.11.2020 \u2013 Gemeinsamer Feind<\/a>\u00a0(4.11.2020)<\/li>\n<li><a href=\"https:\/\/www.freiburg-schwarzwald.de\/blog\/gegen-gewalt-von-extremisten\/\">Gegen Gewalt von Extremisten \u2013 nach Dresden, Paris und Nizza<\/a>\u00a0(30.10.2020)<\/li>\n<li><a title=\"Gewalt gegen Frauen nimmt zu\" href=\"https:\/\/www.freiburg-schwarzwald.de\/blog\/gewalt-gegen-frauen-nimmt-zu\/\">Gewalt gegen Frauen nimmt zu<\/a>\u00a0(15.8.2020)<\/li>\n<li><a title=\"Abendland\" href=\"https:\/\/www.freiburg-schwarzwald.de\/blog\/religion\/christen\/abendland\/\">David Engels: Abendland und Christentum<\/a>\u00a0(7.8.2020)<\/li>\n<li><a title=\"Maa\u00dfen: Mauerfall 30 Jahre\" href=\"https:\/\/www.freiburg-schwarzwald.de\/blog\/maassen-mauerfall-30-jahre\/\">Maa\u00dfen: Mauerfall 30 Jahre\u00a0<\/a>(21.11.2019)<\/li>\n<li>Von wegen \u201eOffenheit\u201c: Globalisierung bedeutet Metropolenherrschaft (23.7.2019)<\/li>\n<li><a title=\"Schweigen\" href=\"https:\/\/www.freiburg-schwarzwald.de\/blog\/global\/deutschland\/schweigen\/\">Wir schweigenden L\u00e4mmer \u2013 es gibt keine abweichenden Meinungen mehr<\/a>\u00a0(6.7.2019)<\/li>\n<li><a href=\"https:\/\/www.freiburg-schwarzwald.de\/blog\/gauck-mahnt-zu-toleranz\/\">https:\/\/www.freiburg-schwarzwald.de\/blog\/gauck-mahnt-zu-toleranz\/<\/a>\u00a0(21.6.2019)<\/li>\n<li>15 Thesen des Deutschen Kulturrats zur kulturellen Integration (14.11.2018)<\/li>\n<li>Interkulturelle \u00d6ffnung in 3 Schritten durch Ministerin \u00d6zoguz (21.2.2017)<\/li>\n<li>Kulturelle Homogenit\u00e4t als Voraussetzung des Wohlfahrtsstaats (22.1.2017)<\/li>\n<li>Impulspapier von Aydan \u00d6zoguz: Teilhabe statt Integration (12.12.2016)<\/li>\n<li>Das Impulspapier zur Desintegration \u2013 \u00d6zoguz l\u00e4sst die Maske fallen (23.11.2016)<\/li>\n<li><a title=\"Interkulturelle Oeffnung\" href=\"https:\/\/www.freiburg-schwarzwald.de\/blog\/interkulturelle-oeffnung\/\">Interkulturelle Oeffung statt Integration<\/a>\u00a0(22.11.2016)<\/li>\n<li><\/li>\n<li><a title=\"Abendland\" href=\"https:\/\/www.freiburg-schwarzwald.de\/blog\/religion\/christen\/abendland\/\">Abendland<\/a><\/li>\n<li><a href=\"https:\/\/www.freiburg-schwarzwald.de\/blog\/kultur\/kulturverlust\/cancelculture-literatur\/\">CancelCulture-Literatur<\/a><\/li>\n<li><a title=\"Deutsche-Kultur\" href=\"https:\/\/www.freiburg-schwarzwald.de\/blog\/global\/deutschland\/deutsche-kultur\/\">Deutsche Kultur<\/a><\/li>\n<li><a href=\"https:\/\/www.freiburg-schwarzwald.de\/blog\/global\/ethnien\/\">Ethnien<\/a><\/li>\n<li><a title=\"Europa-Leitkultur\" href=\"https:\/\/www.freiburg-schwarzwald.de\/blog\/kultur\/europa-leitkultur\/\">Europa-Leitkultur<\/a><\/li>\n<li><a title=\"Frauenproteste\" href=\"https:\/\/www.freiburg-schwarzwald.de\/blog\/selbsthilfe\/frauen\/frauenproteste\/\">Frauenproteste<\/a><\/li>\n<li><a title=\"Globalisierung\" href=\"https:\/\/www.freiburg-schwarzwald.de\/blog\/global\/globalisierung\/\">Globalisierung<\/a><\/li>\n<li><a href=\"https:\/\/www.freiburg-schwarzwald.de\/blog\/kultur\/dichter\/houellebecq\/\">Houellebecq<\/a><\/li>\n<li><a title=\"Identitaet\" href=\"https:\/\/www.freiburg-schwarzwald.de\/blog\/engagement\/zukunft\/demokratie\/identitaet\/\">Identitaet<\/a><\/li>\n<li><a title=\"Integrieren\" href=\"https:\/\/www.freiburg-schwarzwald.de\/blog\/global\/integration\/integrieren\/\">Integrieren<\/a><\/li>\n<li><a title=\"Integration-Islam\" href=\"https:\/\/www.freiburg-schwarzwald.de\/blog\/global\/integration\/integration-islam\/\">Integration-Islam<\/a><\/li>\n<li><a title=\"Islam-Deutschland\" href=\"https:\/\/www.freiburg-schwarzwald.de\/blog\/religion\/islam\/islam-deutschland\/\">Islam-Deutschland<\/a><\/li>\n<li><a href=\"https:\/\/www.freiburg-schwarzwald.de\/blog\/kultur\/kulturelle-aneignung\/\">Kulturelle Aneignung<\/a><\/li>\n<li><a title=\"Leitkultur\" href=\"https:\/\/www.freiburg-schwarzwald.de\/blog\/kultur\/leitkultur\/\">Leitkultur<\/a><\/li>\n<li><a title=\"Migration\" href=\"https:\/\/www.freiburg-schwarzwald.de\/blog\/global\/migration\/\">Migration<\/a> &gt;Migration<\/li>\n<li><a title=\"Grenzen\" href=\"https:\/\/www.freiburg-schwarzwald.de\/blog\/global\/eu\/grenzen\/\">Migration und Grenzen<\/a><\/li>\n<li><a title=\"Migrationshintergrund\" href=\"https:\/\/www.freiburg-schwarzwald.de\/blog\/global\/migration\/migrationshintergrund\/\">Migrationshintergrund<\/a><\/li>\n<li><a title=\"Migrationsindustrie\" href=\"https:\/\/www.freiburg-schwarzwald.de\/blog\/global\/integration\/migrationsindustrie\/\">Migrationsindustrie<\/a><\/li>\n<li><a title=\"Moral2015\" href=\"https:\/\/www.freiburg-schwarzwald.de\/blog\/global\/deutschland\/moral2015\/\">Moral2015<\/a><\/li>\n<li><a title=\"Multikulti\" href=\"https:\/\/www.freiburg-schwarzwald.de\/blog\/kultur\/leitkultur\/multikulti\/\">Multikulti<\/a><\/li>\n<li><a title=\"Muslime\" href=\"https:\/\/www.freiburg-schwarzwald.de\/blog\/global\/integration\/muslime\/\">Muslime<\/a><\/li>\n<li><a title=\"Obergrenze\" href=\"https:\/\/www.freiburg-schwarzwald.de\/blog\/global\/integration\/obergrenze\/\">Obergrenze \u2013 Kontingente<\/a><\/li>\n<li><a title=\"Parallelgesellschaft\" href=\"https:\/\/www.freiburg-schwarzwald.de\/blog\/global\/integration\/parallelgesellschaft\/\">Parallelgesellschaft<\/a><\/li>\n<li><a title=\"Paralleljustiz\" href=\"https:\/\/www.freiburg-schwarzwald.de\/blog\/selbsthilfe\/soziales\/justiz\/paralleljustiz\/\">Paralleljustiz<\/a><\/li>\n<li><a title=\"Parallelkultur\" href=\"https:\/\/www.freiburg-schwarzwald.de\/blog\/global\/integration\/parallelkultur\/\">Parallelkultur<\/a><\/li>\n<li>Schweigen<\/li>\n<li><a title=\"Sozialstaat\" href=\"https:\/\/www.freiburg-schwarzwald.de\/blog\/selbsthilfe\/soziales\/sozialstaat\/\">Sozialstaat<\/a><\/li>\n<li><a title=\"Traditionen\" href=\"https:\/\/www.freiburg-schwarzwald.de\/blog\/global\/deutschland\/deutsche-kultur\/traditionen\/\">Traditionen<\/a><\/li>\n<li><a href=\"https:\/\/www.freiburg-schwarzwald.de\/blog\/kultur\/leitkultur\/multikulti\/vielfalt\/\">Vielfalt<\/a><\/li>\n<\/ul>\n<p><strong>Migration: Integration bleibt das Ziel<\/strong><br \/>\nKeine Toleranz dem islam-motivierten Extremismus (Islamismus, politischer Islam)<br \/>\nDamit die Mehrheit der Migranten hier weiter friedlich leben kann<br \/>\n============================================================<br \/>\n.<\/p>\n<p><strong>Integration ist eine Holschuld &#8211; f\u00fcr alle Ethnien und Kulturen<\/strong><br \/>\n\u201eIhnen ist bewu\u00dft\u201d, mutma\u00dft Leser *** \u00fcber die Veranstalter der Berliner <a href=\"https:\/\/www.freiburg-schwarzwald.de\/blog\/parallelgesellschaften-silvester\/\">Jahreswechselsaturnalien<\/a>, \u201eda\u00df sie mit einem Phantasienamen und \u2011geburtsdatum illegal eingereist sind und bleiben d\u00fcrfen und diese Gesellschaft ihnen das Geld am Monatsende auch dann \u00fcberweist, wenn sie faul auf der Haut liegen und kriminell sind, w\u00e4hrend die gleiche Gesellschaft zusieht, wie die eigenen Rentner im M\u00fcll w\u00fchlen, weil der Staat sich an ihnen bereichert. Daf\u00fcr verachten und hassen sie uns und werden sich niemals integrieren. Sollten wir uns vielleicht mit ihnen verb\u00fcnden?\u201d<\/p>\n<p>Ja, geehrter Herr ***, und dann? Das Dilemma besteht schlie\u00dflich darin, dass diese Klientel weder ein Land, noch eine Gesellschaft am Leben zu erhalten vermag. Diese Figuren k\u00f6nnen keine hochwertigen Waren herstellen, keine Energie erzeugen, keine kulturellen Leistungen vollbringen, keine Technosph\u00e4re am Laufen halten, sondern \u201eSt\u00e4dte ficken\u201d, wie es eine dieser Nachwuchsfachkr\u00e4fte begeistert in die Kamera rief.<br \/>\n9.1.2023, <a href=\"https:\/\/www.klonovsky.de\/2023\/01\/9-januar-2023\/\">https:\/\/www.klonovsky.de\/2023\/01\/9-januar-2023\/<\/a><\/p>\n<p>&nbsp;<\/p>\n<p><strong>Houellebecq: Ein bisschen schlechter<\/strong><br \/>\nDer franz\u00f6sische Autor hat einen Band mit provokanten Essays ver\u00f6ffentlicht.<br \/>\nHouellebecq w\u00e4re nicht Houellebecq, h\u00e4tte er nicht auch hier ein paar Ideen wider den Zeitgeist parat, die er im Mai in einem offenen Brief ver\u00f6ffentlicht hat. Er f\u00fchle sich in seinen Visionen \u00fcber das Aussterben der Menschheit best\u00e4tigt, schreibt er. &#8222;Einzelne Individuen, die isoliert in ihren Zellen leben, kein k\u00f6rperlicher Kontakt mit ihren Mitmenschen, nur hier und da ein mit nachlassendem Elan gef\u00fchrter Austausch per Computer.&#8220; In der Tat: Houellebecqs Helden leben schon seit Jahren so wie wir alle heutzutage. Der Tendenz, zwischenmenschliche Kontakte durch Technologie zu ersetzen, liefere das Virus &#8222;eine wunderbare Daseinsberechtigung&#8220;. Deshalb &#8222;werden wir nach der Ausgangssperre nicht in einer neuen Welt erwachen; es wird dieselbe sein, nur ein bisschen schlechter&#8220;. Diese Prognose hat viel f\u00fcr sich.<br \/>\n&#8230; Alles vom 5.12.2020 von Bettina Schulte bitte lesen auf<br \/>\n<a href=\"https:\/\/www.badische-zeitung.de\/der-schrecken-einer-welt-ohne-gott--198637101.html\">https:\/\/www.badische-zeitung.de\/der-schrecken-einer-welt-ohne-gott&#8211;198637101.html<\/a><br \/>\n.<br \/>\n<em>Michael Houellebecq: Ein bisschen schlechter. Neue Interventionen. Essays. <\/em><br \/>\n<em>Aus dem Franz. von Stephan Kleiner. DuMont Verlag, K\u00f6ln 2020. 205 Seiten, 23 Euro.<\/em><br \/>\n.<\/p>\n<p>&nbsp;<\/p>\n<p><strong>Von wegen \u201eOffenheit\u201c: Globalisierung bedeutet Metropolenherrschaft<\/strong><br \/>\n<em>Das \u201eoffene\u201c Frankreich ist also in Wahrheit ein r\u00e4umlich und zahlenm\u00e4\u00dfig sehr exklusives Frankreich: Zu ihm geh\u00f6ren, abgesehen von Ausnahmen, nur die Metropolr\u00e4ume. Das \u201eglobale\u201c Frankreich ist das \u201emetropolitane Frankreich\u201c. An dieser Stelle wird deutlich, wie irref\u00fchrend der Begriff der \u201eGlobalisierung\u201c eigentlich ist.<\/em><br \/>\nEr t\u00e4uscht eine gro\u00dfe Allgemeinheit vor, denen Ertr\u00e4ge und Rechte zugutekommen. In Wirklichkeit m\u00fcsste man von einer Metropolisierung sprechen, das hei\u00dft von einem neuen Unterordnungsverh\u00e4ltnis zwischen Zentren und Peripherien \u2013 wobei die ersteren eine aktive Rolle spielen und letztere nur passiv Ver\u00e4nderungen, auf die sie keinen Einfluss haben, hinnehmen m\u00fcssen. In der neuen \u201ezentrierten\u201c Ordnung sind sie in eine neue Abh\u00e4ngigkeit geworfen, die so weit gehen kann, dass ihre produktiven Kr\u00e4fte v\u00f6llig stillgelegt werden. Auch politisch kann von einer allgemeinen Demokratie nicht die Rede sein, denn wesentliche Entscheidungen fallen im privilegierten Innenraum der europ\u00e4ischen und globalen Metropolen.<br \/>\nIn Deutschland gab es um das Jahr 2005\/2006 eine Diskussion \u00fcber die \u201eBazar\u00f6konomie\u201c, bei der Exporterfolge nicht mit einer wachsenden Produktionstiefe im eigenen Land einhergehen, sondern immer mehr Vorprodukte aus dem Ausland bezogen werden. Das ging besonders auf Kosten der peripheren Standorte im Lande. In Deutschland beruhigte man sich mit der Tatsache, dass der Export so stark wuchs, dass er die Verluste ausglich. Doch die Gewichtsverlagerung zugunsten der Metropolen fand auch hier statt. Und sie nahm in Teilen des \u201eperipheren\u201c Deutschland \u2013 insbesondere im Osten \u2013 durchaus Formen der Deindustrialisierung an. Dieser zerst\u00f6rerische Prozess k\u00f6nnte auf das ganze Land \u00fcbergreifen, wenn die Ausnahme-Konjunktur und die Ausnahme-Stellung der deutschen Wirtschaft zu Ende gehen. Und daf\u00fcr gibt es durchaus Anzeichen.<br \/>\nAn dieser Stelle kann eine Zwischenbilanz gezogen werden: Der politische Kampf, der mit dem Auftreten der \u201eGelben Westen\u201c er\u00f6ffnet wurde, ist eine Auseinandersetzung des \u201eperipheren Frankreich\u201c mit dem \u201emetropolitanen Frankreich\u201c. Aber es ist mehr als nur ein Umverteilungskampf von links, denn es geht nicht nur um Anteile an einem schon bestehenden gro\u00dfen Kuchen. Es geht um einen Existenzkampf, einen Kampf um die Anerkennung fundamentaler Rechte, Eigenst\u00e4ndigkeit, Sicherheit, Anschluss. Damit ist im Grunde die Ordnungsfrage aufgeworfen. Nach welcher Ordnung, nach welchem Entwicklungsmodell soll Frankreich regiert werden? Die Ordnung, die die Vorherrschaft des \u201emetropolitanen Frankreich\u201c beinhaltet, ist eine hochselektive Ordnung. Die Ordnung, die eine Bewegung des \u201eperipheren Frankreich\u201c auf ihre Fahnen schreibt, muss auf ein Allgemeines des ganzen Landes zielen. &#8230;.<br \/>\n&#8230; Alles vom 23.7.2019 von Gerd Held bitte lesen auf<br \/>\n<a href=\"https:\/\/www.achgut.com\/artikel\/das_metropolitane_ego_und_der_rest_der_welt\">https:\/\/www.achgut.com\/artikel\/das_metropolitane_ego_und_der_rest_der_welt<br \/>\n<\/a>\u00a0.<br \/>\nAnschlussf\u00e4hig sind &#8211; Thilo Sarrazin und Rolf Peter Sieferle, weil beide begriffen haben, dass es um eine dynamische Beziehung zwischen Rationalisierungsgewinnen durch Globalisierung hie, und um Rationalisierungsverluste da durch regionale Niederg\u00e4nge geht. Die Frage ist demnach eine der National\u00f6konomie: Sowohl die nationalen Rationaliseriungsgewinne als auch die regionalen oder kommunalen Rationalisierungskosten soll eine verantwortliche Wirtschaftspolitik im Auge behalten. Die Sache der Internationalisierer ist es aber, nur die Rationalisierungsgewinne im Auge zu haben.<br \/>\nHouellebecq, der die Gelbwesten quasi kommen sah (!), hat noch einen Punkt am Wickel: Den Demokratieverlust, der mit der forcierten Globalisierung einhergeht. Christophe Guilluy betont dazu den Niedergang des Sozialstaats, der mit der forcierten Globalisierung und der forcierten Migration einhergeht. Guilluy hat Seine-Saint-Denis im Auge, das legend\u00e4re Departement im Norden von Paris: Er sieht die sozialen Schieflagen, die die forcierte Migrationspolitik der Globalisierer dort bereits verursacht hat und beklagt die offen. Er sagt, dass die Demokratie auf dieser Schiene schon so sehr ausgeh\u00f6hlt sei, dass er seit Jahrzehnten nicht mehr w\u00e4hlt. &#8211; Auch das ist ein Grund f\u00fcr Houellebecq, die Schweiz und deren direkte Demokratie so sehr zu loben!<br \/>\n23.7.2019, D.K., AO<br \/>\n.<br \/>\n<strong>Globalisierung ist eine Mogelpackung<\/strong><br \/>\nLieber Herr Held, wichtig f\u00fcr mich ist der u.a. der Schlu\u00df, dass die Globalisierung auf dieser Ebene eine Mogelpackung ist. Sie beschreiben sie zurecht als Metropolisierung. Diese f\u00fchrt verst\u00e4ndlicherweise zu einer Monopolisierung,bzw. Zentralisierung der politischen und wirtschaftlichen Macht. Und zu Entdemokratisierung und quasi Enteignung der Peripherie. Das Zentrum beutet nun zwei aus: Die Arbeitnehmer anderer L\u00e4nder und die eigene Peripherie, auf dessen Kosten sie ja auch noch lebt. Nun kommt hinzu, dass immer mehr Leute, die nicht zur Wertsch\u00f6pfung beitragen und alimentiert werden, in die Zentren Deutschlands ziehen und dort das Image des modernen Zentren immer fragw\u00fcrdiger wird.<br \/>\nIn Deutschland muss Bayern, dessen Wertsch\u00f6pfung durchaus nicht nur in den bayrischen Zentren erbracht wird, Berlin quasi ern\u00e4hren, da die metropole Weltideolgie, die auf der realen Ebene immer abstruser wird, dort monet\u00e4r unglaublich ressourcenhungrig ist, ohne dass die Stadt die Recourcen selbst sie auch nur ann\u00e4hernd bereithalten k\u00f6nnte. Hier w\u00e4re ein Hebel, die Verh\u00e4ltnisse geradezur\u00fccken. Wo ich politisch nicht selbst mitbestimmen kann als B\u00fcrger, muss ich auch nicht zahlen, k\u00f6nnte eine \u00dcberlegung sein. <em><strong>Bayern gilt ja in den Erz\u00e4hlungen der letzten hundert Jahre zum Paradebeispiel kultureller Peripherie. Ist aber entwicklungsm\u00e4\u00dfig der typischsten Metropole Deutschlands, n\u00e4mlich Berlin, auf fast schon groteske Weise \u00fcberlegen<\/strong><\/em>. In Deutschland h\u00e4tte insgesamt die Peripherie eine riesen Chance, die Verh\u00e4ltnisse geradezur\u00fccken.<br \/>\n23.7.2019, M.B., AO<\/p>\n<p>&nbsp;<\/p>\n<p>&nbsp;<\/p>\n<p><strong>15 Thesen des Deutschen Kulturrats zur kulturellen Integration<\/strong><br \/>\nOlaf Zimmermann verteidigt von Anfang an recht erregt das Papier der Organisation, als deren Gesch\u00e4ftsf\u00fchrer er seinen Lebensunterhalt verdient: \u201eZusammenhalt in Vielfalt \u2013 15 Thesen zu kultureller Integration und Zusammenhalt\u201c hat die \u201eInitiative kulturelle Integration\u201c ver\u00f6ffentlicht. Die Initiative und ihre Thesen sind Ideen von Zimmermanns Deutschem Kulturrat.<br \/>\n15 Thesen: <a href=\"https:\/\/www.kulturelle-integration.de\/thesen\/\">https:\/\/www.kulturelle-integration.de\/thesen\/<\/a><br \/>\nDeutscher Kulturrat: <a href=\"https:\/\/www.kulturelle-integration.de\/\">https:\/\/www.kulturelle-integration.de\/<br \/>\n<\/a>.<\/p>\n<p>Was nicht gesagt wird: Pluralit\u00e4t gibt es nur dort, wo grundlegend unterschiedliche Meinungen Platz haben. Zur \u201eInitiative kulturelle Integration\u201c geh\u00f6rt so ziemlich jede au\u00dferparlamentarische Institution von Belang. Die Liste ist lang \u2013 aber sie einmal zu sehen, \u00f6ffnet die Augen und sch\u00e4rft den Blick:<br \/>\nARD<br \/>\nBundesarbeitsgemeinschaft der Freien Wohlfahrtspflege<br \/>\nBundesarbeitsgemeinschaft der Immigrantenverb\u00e4nde<br \/>\nBundesverband Deutscher Zeitungsverleger<br \/>\nBundesvereinigung der Deutschen Arbeitgeberverb\u00e4nde<br \/>\nDeutsche Bischofskonferenz<br \/>\nDeutscher Beamtenbund und Tarifunion<br \/>\nDeutscher Gewerkschaftsbund<br \/>\nDeutscher Journalisten-Verband<br \/>\nDeutscher Landkreistag<br \/>\nDeutscher Naturschutzring<br \/>\nDeutscher Olympischer Sportbund<br \/>\nDeutscher St\u00e4dte- und Gemeindebund<br \/>\nDeutscher St\u00e4dtetag<br \/>\nEvangelische Kirche in Deutschland<br \/>\nForum der Migrantinnen und Migranten im Parit\u00e4tischen<br \/>\nKoordinationsrat der Muslime<br \/>\nKultusministerkonferenz<br \/>\nNeue Deutsche Organisationen<br \/>\nVerband Deutscher Zeitschriftenverleger<br \/>\nVerband Privater Rundfunk und Telemedien<br \/>\nZDF<br \/>\nZentralrat der Juden in Deutschland<br \/>\n.<br \/>\nMan m\u00f6ge den Vergleich verzeihen, aber das ist<strong><em> eine Art intellektueller Volksfront<\/em><\/strong>. Alle klassischen Medien (bzw. ihre Verb\u00e4nde und Berufsorganisationen), alle gr\u00f6\u00dferen Kirchen (bzw. Religionsverb\u00e4nde), alle wichtigen karitativen Einrichtungen, Sport- und Umweltorganisationen sind dabei \u2013 initiiert von der Bundesregierung. Sie alle haben die Thesen unterzeichnet und sich damit auch dem Ziel verschrieben, sie \u201ein ganz Deutschland weiter zu verbreiten\u201c. Wie soll eine pluralistische gesellschaftliche Diskussion in Gang kommen, wenn nahezu alle Tr\u00e4ger dieser Diskussion \u2013 mit ihrer buchst\u00e4blich erdr\u00fcckenden Meinungsmacht \u2013 sich schon zu einer gemeinsamen, einheitlichen Position (n\u00e4mlich den 15 Thesen) bekannt haben? Das ist die Simulation von Vielfalt.<br \/>\n&#8230;..<br \/>\nDie AfD-Bundestagsabgeordneten Marc Jongen und Martin Renner bilden bei der Podiumsdiskussion den Gegenpart zu Claussen und Zimmermann. Als der Moderator sie ausnahmsweise einmal nicht unterbricht, f\u00fchren sie in die Debatte den Punkt ein, der \u2013 man merkt es an den Reaktionen aus dem Publikum \u2013 den meisten Z\u00fcndstoff birgt:<br \/>\n<strong><em>\u201eDas Thesenpapier enth\u00e4lt weder das Wort \u201aNation\u2018 <\/em><\/strong><br \/>\n<strong><em>noch das Wort \u201aIdentit\u00e4t\u2018 <\/em><\/strong><br \/>\n<strong><em>noch das Wort \u201aIslam\u2018,\u201c<\/em> <\/strong><br \/>\nsagt Renner. \u201eDie Gleichsetzung aller Religionen ist falsch. Da, wo der Islam sich gegen die Werte des Grundgesetzes richtet, ist er eben nicht gleichberechtigt,\u201c sagt Jongen.<br \/>\n&#8230;..<br \/>\nAlles vom 14.11.2018 von Christopher Walther bitte lesen auf<br \/>\n<a href=\"https:\/\/www.tichyseinblick.de\/meinungen\/thesen-zur-kulturellen-integration\/\">https:\/\/www.tichyseinblick.de\/meinungen\/thesen-zur-kulturellen-integration\/<\/a><\/p>\n<p>&nbsp;<\/p>\n<p>&nbsp;<\/p>\n<p><strong>Interkulturelle \u00d6ffnung in 3 Schritten durch Ministerin \u00d6zoguz<\/strong><br \/>\nSPD-Integrationsstaatsministerin Aydan \u00d6zo\u011fuz bereitet zielstrebig die \u201einterkulturelle \u00d6ffnung\u201c unseres Landes vor. &#8230;<br \/>\nSchritt eins: Kurz nach Angela Merkels epochaler Entscheidung zur Grenz\u00f6ffnung im September 2015 ver\u00f6ffentlichte \u00d6zo\u011fuz ein Strategiepapier<br \/>\n<a href=\"https:\/\/www.bundesregierung.de\/Content\/DE\/Artikel\/IB\/Artikel\/Allgemein\/2015-09-21-eckpunkte.html\">https:\/\/www.bundesregierung.de\/Content\/DE\/Artikel\/IB\/Artikel\/Allgemein\/2015-09-21-eckpunkte.html<\/a><br \/>\nmit der Forderung, dass sich \u201enicht nur die Menschen, die zu uns kommen, integrieren m\u00fcssen\u201c. Vielmehr m\u00fcssten sich \u201ealle\u201c darauf einlassen und \u201eunser Zusammenleben muss t\u00e4glich neu ausgehandelt werden\u201c. Ich habe damals bereits gesagt, dass dieses \u201et\u00e4glich neu aushandeln m\u00fcssen\u201c den Rechtsstaat aushebelt, dessen Erfolgsmodell es ja gerade war, dass man in gesicherten Verh\u00e4ltnissen leben konnte, die nicht t\u00e4glich neu verhandelt werden mussten.<br \/>\nSchritt zwei: Im November 2016 forderten die von Merkel und \u00d6zo\u011fuz zum Integrationsgipfel ins Kanzleramt geladenen Migrantenorganisationen in einem Impulspapier<br \/>\n<a href=\"https:\/\/de.scribd.com\/document\/330725895\/Impulspapier-MigrantInnenorganisationen-zur-Teilhabe-in-der-Einwanderungsgesellschaft-2016\">https:\/\/de.scribd.com\/document\/330725895\/Impulspapier-MigrantInnenorganisationen-zur-Teilhabe-in-der-Einwanderungsgesellschaft-2016<\/a><br \/>\nunter dem Schlachtruf \u201einterkulturelle \u00d6ffnung\u201c Ver\u00e4nderungen, die an eine \u00dcbernahme der Bundesrepublik erinnern, inklusive Grundgesetz\u00e4nderungen und umfangreichen, \u00f6ffentlich finanzierten migrantischen Parallelstrukturen in Staat und Gesellschaft. Angesichts dieses Skandals war die Entlassung der Staatsministerin \u00d6zo\u011fuz durch die Bundeskanzlerin eigentlich \u00fcberf\u00e4llig. Sie wurde nicht entlassen. Statt dessen durfte sie ein pauschales Verbot von Kinderehen ablehnen und zu \u201eAugenma\u00df&#8220; beim Vorgehen gegen Islamisten mahnen.<br \/>\nSchritt drei: Im Februar 2017 verfasste eine zweifelhaft besetzte \u201eExpert_innenkommission\u201c der Friedrich Ebert Stiftung unter dem Vorsitz von \u00d6zo\u011fuz das Papier \u201eLeitbild und Agenda f\u00fcr die Einwanderungsgesellschaft\u201c. <a href=\"https:\/\/library.fes.de\/pdf-files\/dialog\/13185.pdf\">https:\/\/library.fes.de\/pdf-files\/dialog\/13185.pdf<\/a><br \/>\nDarin wird nun die interkulturelle \u00d6ffnung des Wahlrechts f\u00fcr Ausl\u00e4nder gefordert, was letztlich die Aufl\u00f6sung des Staatsvolkes (FAZ) bedeutet. Erst jetzt wachen einige auf und erkennen die Verfassungswidrigkeit dieser Vorschl\u00e4ge&#8230;.<br \/>\nAlles vom 21.2.2017 bitte lesen auf<br \/>\n<a href=\"https:\/\/www.achgut.com\/artikel\/der_dreistufen-plan_der_aydan_zouz\">https:\/\/www.achgut.com\/artikel\/der_dreistufen-plan_der_aydan_zouz<\/a><\/p>\n<p>&nbsp;<\/p>\n<p>&nbsp;<\/p>\n<p><strong>Kulturelle Homogenit\u00e4t als Voraussetzung des Wohlfahrtsstaats<\/strong><br \/>\n&#8222;Kulturelle Homogenit\u00e4t ist Stabilit\u00e4tsfaktor. &#8230; Wenn das Staatsvolk in mehrere Gemeinschaften auseinanderf\u00e4llt, deren Kommunikation aufgrund kultureller Disharmonie gest\u00f6rt ist, wenn sich muslimische M\u00e4nner weigern, den Anweisungen weiblichen Polizeipersonals Folge zu leisten, oder arabischst\u00e4mmige Clans die Zusammenarbeit mit deutschen Beh\u00f6rden verweigern, weil sie die deutsche Rechtsordnung nicht anerkennen, ist die notwendige kulturelle Homogenit\u00e4t (mitunter als &#8218;Leitkultur&#8216; bezeichnet) bereits nicht mehr gew\u00e4hrleistet.&#8220;<br \/>\nSeite 22<br \/>\n.<br \/>\nLothar Fritze: Der b\u00f6se gute Wille<br \/>\nWeltrettung und Selbstaufgabe in der Migratonskrise,<br \/>\nEdition Sonderwege 2016, 96 S.,<br \/>\nISBN 978-3-944872-32-2<\/p>\n<p>&nbsp;<\/p>\n<p><strong>Impulspapier von Aydan \u00d6zoguz: Teilhabe statt Integration<\/strong><br \/>\nDas Impulspapier der Integrationsbeauftragten ist ein sprechendes Beispiel daf\u00fcr, was passiert, wenn man Migrantenorganisationen und ihren Helfern in den Parteien die Integrationspolitik \u00fcberl\u00e4sst. Sie formulieren ihre Ziele selbst und verteilen die Gelder untereinander. Es ist eine Integrationsindustrie entstanden, die weitgehend politisch unkontrolliert Millionensummen solchen Projekten zuschiebt, die die Parallelgesellschaft verfestigen, statt sie aufzul\u00f6sen. Es geht den organisierten Migranten und ihren Lobbyisten nicht darum, dass die Zuwanderer sich anstrengen, um hier anzukommen, sie sollen sich nicht fragen, was sie f\u00fcr dieses Land tun k\u00f6nnen, sondern es geht allein um das \u201eHaben und Sagen\u201c, um Partizipation ohne Gegenleistung: Partizipation ohne Integration.<\/p>\n<p>Dass es so weit gekommen ist, liegt auch an den Parteien und politisch Verantwortlichen, die zwar Geld verteilen, aber sich nicht um die wirklichen Probleme k\u00fcmmern, sondern sie den Migranten und ihren Organisationen \u00fcberlassen. Die Folgen zeigten sich beim 9. Integrationsgipfel und seinem Ergebnis, dem Impulspapier. Die Islamverb\u00e4nde und ihre politischen Freunde wollen eine andere Republik, dieses Papier ist ihr Masterplan.<\/p>\n<p>Es gibt ein paar politische M\u00f6glichkeiten, dies zu verhindern.<br \/>\nErstens: Die Lobbyistin Aydan \u00d6zoguz ist am falschen Platz und von ihrer Aufgabe zu entbinden.<br \/>\nZweitens: Das Impulspapier ist zu entsorgen.<br \/>\nDrittens: Die Parteien m\u00fcssen den offenen Diskurs mit allen Beteiligten und nicht nur den Betroffenen \u00fcber Werte und Freiheiten in unserer Gesellschaft f\u00fchren.<br \/>\nZiel ist es, einen nachhaltigen Integrationsplan zu entwickeln. Das Wahljahr 2017 ist f\u00fcr diese Debatte bestens geeignet. Zur Abwahl steht der Masterplan f\u00fcr eine andere Republik; denn wenn die kommt, um mit den Worten der Kanzlerin zu sprechen, dann ist das nicht mein Land.<br \/>\n. &#8230;.\u00a0Alles von Necla Kelek vom 12.12.2016 bitte lesen auf<br \/>\n<a href=\"https:\/\/www.derhauptstadtbrief.de\/cms\/118-der-hauptstadtbrief-139\/1182-zur-abstimmung-steht-der-masterplan-fuer-eine-andere-republik\">https:\/\/www.derhauptstadtbrief.de\/cms\/118-der-hauptstadtbrief-139\/1182-zur-abstimmung-steht-der-masterplan-fuer-eine-andere-republik<\/a><\/p>\n<p>&nbsp;<\/p>\n<p><strong>Das Impulspapier zur Desintegration \u2013 \u00d6zoguz l\u00e4sst die Maske fallen<\/strong><\/p>\n<p>Tats\u00e4chlich wird dieses Papier dann auch recht schnell impulsiv. Und es macht klar: Hier geht es nicht um Integration, sondern um \u00dcbernahme. Gleich als Punkt 1 der \u201ePriorit\u00e4ten\u201c wird die Aufl\u00f6sung der bestehenden Bundesrepublik eines deutschen Volkes gefordert: \u00a0\u201eAufnahme eines neuen Staatsziels ins Grundgesetz als Art. 20b: \u201aDie Bundesrepublik Deutschland ist ein vielf\u00e4ltiges Einwanderungsland. Sie f\u00f6rdert die gleichberechtigte Teilhabe, Chancengleichheit und Integration aller Menschen.\u201c<br \/>\n&#8230;.<br \/>\nDas \u00d6zoguz-Papier der desintegrativen Selbsterm\u00e4chtigung, dem in Anwesenheit des Bundeskanzlers die zur Unterschrift gen\u00f6tigten Verb\u00e4nde angesichts der in Aussicht gestellten Gelder ann\u00e4hernd kollektiv zujubelten, setzten einzig die Kurdischen Gemeinden ihren Widerspruch entgegen. Ali Ertan Toprak begr\u00fcndete dieses mit der zutreffenden Feststellung: \u201eIntegration kann nur im Einvernehmen mit der Mehrheitsgesellschaft gelingen. Die Organisationen der Migranten haben nicht nur eine Verantwortung gegen\u00fcber ihrer eigenen Community \u2013 sie haben stehen auch in der Verantwortung gegen\u00fcber Deutschland.\u201c Dem ist eigentlich nichts hinzuzuf\u00fcgen \u2013 au\u00dfer vielleicht der Feststellung, dass es das, was Toprak als \u201eDeutschland\u201c betrachtet und um dessentwillen nicht nur zahlreiche Kurden die Willk\u00fcrgesellschaften ihrer Heimat verlassen haben, in der Welt der t\u00fcrkisch-st\u00e4mmigen Aydan \u00d6zoguz schon l\u00e4ngst nicht mehr gibt.<br \/>\n&#8230; Alles von Tomas Spahn vom 23.11.2016 bitte lesen auf<br \/>\n<a href=\"https:\/\/www.tichyseinblick.de\/kolumnen\/spahns-spitzwege\/das-impulspapier-zur-desintegration-oezoguz-laesst-die-maske-fallen\/2\/\">https:\/\/www.tichyseinblick.de\/kolumnen\/spahns-spitzwege\/das-impulspapier-zur-desintegration-oezoguz-laesst-die-maske-fallen\/2\/<\/a><\/p>\n","protected":false},"excerpt":{"rendered":"<p>Home &gt;Global\u00a0&gt;Migration &gt;Integration &gt;Interkulturelle-Oeffnung &nbsp; Haben wir ohne Best\u00e4nde noch Bestand?\u00a0(20.8.2023) Jedem sein eigener Zentralrat\u00a0(14.7.2023) Integration ist eine Holschuld &#8211; f\u00fcr alle Ethnien und Kulturen (9.1.2023) Sexuelle Vielfalt oder kulturelle Vielfalt \u2013 beides geht nicht\u00a0(15.9.2022) Kulturelle Aneignung ist Grundlage kultureller &hellip; <a href=\"https:\/\/www.freiburg-schwarzwald.de\/blog\/global\/integration\/interkulturelle-oeffnung\/\">Weiterlesen <span class=\"meta-nav\">&rarr;<\/span><\/a><\/p>\n","protected":false},"author":2,"featured_media":0,"parent":1875,"menu_order":0,"comment_status":"open","ping_status":"closed","template":"","meta":{"footnotes":""},"class_list":["post-63907","page","type-page","status-publish","hentry"],"_links":{"self":[{"href":"https:\/\/www.freiburg-schwarzwald.de\/blog\/wp-json\/wp\/v2\/pages\/63907","targetHints":{"allow":["GET"]}}],"collection":[{"href":"https:\/\/www.freiburg-schwarzwald.de\/blog\/wp-json\/wp\/v2\/pages"}],"about":[{"href":"https:\/\/www.freiburg-schwarzwald.de\/blog\/wp-json\/wp\/v2\/types\/page"}],"author":[{"embeddable":true,"href":"https:\/\/www.freiburg-schwarzwald.de\/blog\/wp-json\/wp\/v2\/users\/2"}],"replies":[{"embeddable":true,"href":"https:\/\/www.freiburg-schwarzwald.de\/blog\/wp-json\/wp\/v2\/comments?post=63907"}],"version-history":[{"count":6,"href":"https:\/\/www.freiburg-schwarzwald.de\/blog\/wp-json\/wp\/v2\/pages\/63907\/revisions"}],"predecessor-version":[{"id":125035,"href":"https:\/\/www.freiburg-schwarzwald.de\/blog\/wp-json\/wp\/v2\/pages\/63907\/revisions\/125035"}],"up":[{"embeddable":true,"href":"https:\/\/www.freiburg-schwarzwald.de\/blog\/wp-json\/wp\/v2\/pages\/1875"}],"wp:attachment":[{"href":"https:\/\/www.freiburg-schwarzwald.de\/blog\/wp-json\/wp\/v2\/media?parent=63907"}],"curies":[{"name":"wp","href":"https:\/\/api.w.org\/{rel}","templated":true}]}}