{"id":63793,"date":"2016-12-16T09:08:33","date_gmt":"2016-12-16T08:08:33","guid":{"rendered":"https:\/\/www.freiburg-schwarzwald.de\/blog\/?page_id=63793"},"modified":"2026-07-09T09:30:25","modified_gmt":"2026-07-09T07:30:25","slug":"widerstand","status":"publish","type":"page","link":"https:\/\/www.freiburg-schwarzwald.de\/blog\/engagement\/zukunft\/demokratie\/widerstand\/","title":{"rendered":"Widerstand"},"content":{"rendered":"<p><a href=\"https:\/\/www.freburg-schwarzwald.de\/blog\">Home<\/a> &gt;<a title=\"Engagement\" href=\"https:\/\/www.freiburg-schwarzwald.de\/blog\/engagement\/\">Engagement<\/a> &gt;<a title=\"Zukunft\" href=\"https:\/\/www.freiburg-schwarzwald.de\/blog\/engagement\/zukunft\/\">Zukunft<\/a> &gt;<a title=\"Demokratie\" href=\"https:\/\/www.freiburg-schwarzwald.de\/blog\/engagement\/zukunft\/demokratie\/\">Demokratie<\/a> &gt;Widerstand<\/p>\n<div id=\"attachment_63772\" style=\"width: 649px\" class=\"wp-caption alignnone\"><a href=\"https:\/\/www.freiburg-schwarzwald.de\/blog\/global\/integration\/uma-hussein\/dreisam-maria-pan161210\/\" rel=\"attachment wp-att-63772\"><img loading=\"lazy\" decoding=\"async\" aria-describedby=\"caption-attachment-63772\" class=\"wp-image-63772 size-full\" src=\"https:\/\/www.freiburg-schwarzwald.de\/blog\/wp-content\/uploads\/2016\/12\/dreisam-maria-pan161210.jpg\" alt=\"Gedenkbaum an der Dreisam am 10.12.2016 w\u00e4hrend des SC-Spiels: Hier hat der mutma\u00dfliche Hussein K. die Studentin Maria L. mutma\u00dflich vergewaltigt und ins Wasser geworfen\" width=\"639\" height=\"301\" srcset=\"https:\/\/www.freiburg-schwarzwald.de\/blog\/wp-content\/uploads\/2016\/12\/dreisam-maria-pan161210.jpg 639w, https:\/\/www.freiburg-schwarzwald.de\/blog\/wp-content\/uploads\/2016\/12\/dreisam-maria-pan161210-180x84.jpg 180w\" sizes=\"auto, (max-width: 639px) 100vw, 639px\" \/><\/a><p id=\"caption-attachment-63772\" class=\"wp-caption-text\">Gedenkbaum an der Dreisam am 10.12.2016 w\u00e4hrend des SC-Spiels: Hier hat der mutma\u00dfliche Hussein K. aus Afghanistan die Studentin Maria L. aus Freiburg mutma\u00dflich vergewaltigt und ins Wasser geworfen<\/p><\/div>\n<p>&nbsp;<\/p>\n<ul>\n<li><em>Listenauswahl eines Beitrags (Artikel\/Datum, Seite\/Inhalt):\u00a0<span style=\"text-decoration: underline;\">Klicken<\/span>\u00a0oder scrollen<\/em><\/li>\n<li><a href=\"https:\/\/www.freiburg-schwarzwald.de\/blog\/widersetzen-aber-ohne-gewalt\/\">Widersetzen \u2013 aber ohne Gewalt<\/a>\u00a0(9.7.2026)<\/li>\n<li><a href=\"https:\/\/www.freiburg-schwarzwald.de\/blog\/halt-die-fresse-zivilcourage\/\">\u201eHalt die Fresse\u201c \u2013 Zivilcourage<\/a>\u00a0(11.2.2026)<\/li>\n<li><a href=\"https:\/\/www.freiburg-schwarzwald.de\/blog\/faule-deutsche-fleissige-politiker\/\">Faule Deutsche \u2013 fleissige Politiker<\/a>\u00a0(21.1.2026)<\/li>\n<li><a href=\"https:\/\/www.freiburg-schwarzwald.de\/blog\/engagement\/zukunft\/demokratie\/konservativ\/konservativ-gemeinsam\/\">Die politische Linke lacht \u00fcber die Streitereien innerhalb der Konservativen<\/a>\u00a0(24.10.2025)<\/li>\n<li>Die Wahlumfragen zeigen eine Richtung: Die Krise spitzt sich langsam, aber stetig zu (5.10.2025)<\/li>\n<li><a href=\"https:\/\/www.freiburg-schwarzwald.de\/blog\/kultur\/medien\/gesinnungsdiktatur\/\">Sie haben die Wahl: Gesinnungs-Diktatur oder Meinungsfreiheit<\/a> (4.10.2025)<\/li>\n<li><a href=\"https:\/\/www.freiburg-schwarzwald.de\/blog\/kultur\/kulturverlust\/gewohnheit\/\">Gew\u00f6hnung an den Niedergang<\/a>\u00a0(28.7.2025)<\/li>\n<li><a href=\"https:\/\/www.freiburg-schwarzwald.de\/blog\/20-juli-1944-mut-vor-81-jahren\/\">20. Juli 1944: Mit vor 81 Jahren<\/a>\u00a0(20.7.2025)<\/li>\n<li><a href=\"https:\/\/www.freiburg-schwarzwald.de\/blog\/engagement\/bequemlichkeit\/passiv\/\">Alle warten \u2013 aber worauf?<\/a>\u00a0(1.7.2025)<\/li>\n<li><a href=\"https:\/\/www.freiburg-schwarzwald.de\/blog\/engagement\/zukunft\/barbe\/\">Barbe zum 18.3.: Assange Haft \u2013 DDR 1990 Wahl \u2013 Loretta denunziert<\/a>\u00a0(18.3.2024)<\/li>\n<li><a href=\"https:\/\/www.freiburg-schwarzwald.de\/blog\/global\/\">2024: Ein hartes Jahr f\u00fcr Widerstand gegen Globalismus<\/a>\u00a0(4.3.2024)<\/li>\n<li><a href=\"https:\/\/www.freiburg-schwarzwald.de\/blog\/engagement\/zukunft\/demokratie\/widerstand\/fehler\/\">Milosz Matuschek: Auf welche Welt steuern wir zu?<\/a> (30.12.2023)<\/li>\n<li><a href=\"https:\/\/www.freiburg-schwarzwald.de\/blog\/friedensbewegung-2-0-wann\/\">Friedensbewegung 2.0 \u2013 Wann?<\/a>\u00a0(4.12.2023)<\/li>\n<li><a href=\"https:\/\/www.freiburg-schwarzwald.de\/blog\/bildung\/philosophie\/\">Der Schriftsteller und Philosoph Gunnar Kaiser ist tot<\/a>\u00a0(23.10.2023)<\/li>\n<li><a href=\"https:\/\/www.freiburg-schwarzwald.de\/blog\/arbeiter-song-in-usa-nicht-in-d\/\">Arbeiter-Song in USA, nicht in D<\/a>\u00a0(21.8.2023)<\/li>\n<li><a href=\"https:\/\/www.freiburg-schwarzwald.de\/blog\/friedensdemo-5-8-2023-in-berlin\/\">Jens Fischer Rodrian: Widerstand ist Pflicht &#8211; Berlin 5.8.2023<\/a> (5.8.2023)<\/li>\n<li>Du bist also Bodensatz &#8211; Demokratischer Widerstand (28.6.2023)<\/li>\n<li><a href=\"https:\/\/www.freiburg-schwarzwald.de\/blog\/selbsthilfe\/soziales\/arbeit\/arbeitsverweigerung\/\">Der gro\u00dfe R\u00fcckzug \u2013 vom Arbeitsmarkt<\/a>\u00a0(19.6.2023)<\/li>\n<li><a href=\"https:\/\/www.freiburg-schwarzwald.de\/blog\/engagement\/eskapismus\/\">Eskapismus \u2013 beginnt ein neues Biedermeier?<\/a>\u00a0(23.3.2023)<\/li>\n<li><a href=\"https:\/\/www.freiburg-schwarzwald.de\/blog\/kultur\/medien\/einschuechterung\/\">Wer sein Leben liebt, muss jetzt den Mund aufmachen<\/a> (11.3.2023)<\/li>\n<li><a href=\"https:\/\/www.freiburg-schwarzwald.de\/blog\/arzt-bandansage-staat-politik\/\">Arzt-Bandansage: Staat Politik<\/a>\u00a0(24.1.2023)<\/li>\n<li><a href=\"https:\/\/www.freiburg-schwarzwald.de\/blog\/business\/gesund\/corona-virus\/corona-aufarbeitung\/\">Julia Neigel: Ich werde nicht aufh\u00f6ren, die Aufarbeitung dieser Tyrannei voranzutreiben<\/a> (20.12.2022)<\/li>\n<li>Gegendruck statt Resignation (17.9.2022)<\/li>\n<li><a href=\"https:\/\/www.freiburg-schwarzwald.de\/blog\/wutbuerger-im-wutwinter\/\">Wutb\u00fcrger im Wutwinter<\/a>\u00a0(16.8.2022)<\/li>\n<li><a href=\"https:\/\/www.freiburg-schwarzwald.de\/blog\/faeser-sozialproteste-illegitim\/\">Faeser: Sozialproteste illegitim<\/a>\u00a0(19.7.2022)<\/li>\n<li><a href=\"https:\/\/www.freiburg-schwarzwald.de\/blog\/bildung\/erziehung-freiheit\/\">Was Erziehung leisten kann \u2013 Deutscher Widerstand<\/a>\u00a0(15.7.2022)<\/li>\n<li><a href=\"https:\/\/www.freiburg-schwarzwald.de\/blog\/leuchtturmard-mahnwache\/\">LeuchtturmARD Mahnwache am 14.7.2020 SWR<\/a>\u00a0(11.7.2022)<\/li>\n<li>Das Gesch\u00e4ftsmodell der Ferda Ataman \u2013 Widerstand leisten (24.6.2022)<\/li>\n<li><a href=\"https:\/\/www.freiburg-schwarzwald.de\/blog\/delegitimierung-des-staates\/\">Delegitimierung des Staates<\/a>\u00a0(15.6.2022)<\/li>\n<li><a href=\"https:\/\/www.freiburg-schwarzwald.de\/blog\/engagement\/zukunft\/demokratie\/denunziation\/ausgrenzung\/\">Den (linken) Moralisten widersetzen<\/a>\u00a0(27.5.2022)<\/li>\n<li><a href=\"https:\/\/www.freiburg-schwarzwald.de\/blog\/sich-gegen-das-gendern-wehren\/\">Sich gegen das Gendern wehren<\/a>\u00a0(23.5.2022)<\/li>\n<li><a href=\"https:\/\/www.freiburg-schwarzwald.de\/blog\/friedens-statt-kriegsrhetorik\/\">Friedens- statt Kriegsrhetorik<\/a>\u00a0(7.4.2022)<\/li>\n<li><a href=\"https:\/\/www.freiburg-schwarzwald.de\/blog\/business\/gesund\/corona-virus\/corona-regiment\/\">Das Corona-Regiment und die gesellschaftlichen Folgen<\/a>\u00a0(18.2.2022)<\/li>\n<li><a href=\"https:\/\/www.freiburg-schwarzwald.de\/blog\/engagement\/buergerinitiativen\/spaziergaenge\/\">Immer mehr Spazierg\u00e4nge<\/a>\u00a0(29.12.2021)<\/li>\n<li><a href=\"https:\/\/www.freiburg-schwarzwald.de\/blog\/das-blatt-wendet-sich-freiheit\/\">Das Bla<\/a><a href=\"https:\/\/www.freiburg-schwarzwald.de\/blog\/das-blatt-wendet-sich-freiheit\/\">tt wendet sich \u2013 Freiheit<\/a>\u00a0(10.8.2021)<\/li>\n<li><a href=\"https:\/\/www.freiburg-schwarzwald.de\/blog\/kultur\/kunst\/kuenstler-proteste\/\">Rapper gegen Coronapolitik: \u201eIch mach da nicht mit\u201c<\/a>\u00a0(21.5.2021)<\/li>\n<li><a href=\"https:\/\/www.freiburg-schwarzwald.de\/blog\/engagement\/buergerinitiativen\/protest\/\">AllesDichtmachen.de: Zuvor 4.11.1989 und 17.11.1976<\/a>\u00a0(28.4.2021)<\/li>\n<li>Corona: Wo Recht zu Unrecht wird, wird Widerstand zur Pflicht (21.4.2021)<\/li>\n<li><a href=\"https:\/\/www.freiburg-schwarzwald.de\/blog\/engagement\/buergerinitiativen\/protest\/\">Erkenne die Lage! Demonstrationen auf der Stra\u00dfe<\/a> (9.4.2021)<\/li>\n<li><a href=\"https:\/\/www.freiburg-schwarzwald.de\/blog\/pfarrer-wirft-polizei-aus-kirche\/\">Pfarrer wirft Polizei aus Kirche<\/a>\u00a0(6.4.2021)<\/li>\n<li><a href=\"https:\/\/www.freiburg-schwarzwald.de\/blog\/engagement\/buergerinitiativen\/grundrechte-demo\/\">Der \u201cFall Reitschuster\u201d zeigt, was hier gerade f\u00fcrchterlich falsch l\u00e4uft<\/a>\u00a0(5.4.2021)<\/li>\n<li><a href=\"https:\/\/www.freiburg-schwarzwald.de\/blog\/buerger-wird-fuer-dumm-verkauft\/\">B\u00fcrger wird f\u00fcr dumm verkauft<\/a>\u00a0(31.3.2021)<\/li>\n<li><a href=\"https:\/\/www.freiburg-schwarzwald.de\/blog\/business\/gesund\/corona-virus\/lockdown\/\">Neue Ioannidis-Studie erweist Lockdowns als wirkungslos<\/a>\u00a0(12.1.2021)<\/li>\n<li><a href=\"https:\/\/www.freiburg-schwarzwald.de\/blog\/corona-ermaechtigungsgesetz\/\">Corona-\u201eErm\u00e4chtigungsgesetz\u201c<\/a>\u00a0(18.11.2020)<\/li>\n<li><a href=\"https:\/\/www.freiburg-schwarzwald.de\/blog\/engagement\/resignation-der-mitte\/\">Grundlage zur Erm\u00e4chtigung \u2013 Was soll der B\u00fcrger tun?<\/a>\u00a0(17.11.2020)<\/li>\n<li><a href=\"https:\/\/www.freiburg-schwarzwald.de\/blog\/ermaechtigungsgesetz-barbe\/\">Erm\u00e4chtigungsgesetz zu Corona \u2013 Offener Brief von Angelika Barbe<\/a>\u00a0(16.11.2020)<\/li>\n<li><a href=\"https:\/\/www.freiburg-schwarzwald.de\/blog\/engagement\/resignation-der-mitte\/\">Mir f\u00e4llt vieles auf, aber fast nichts mehr ein \u2013 ich brauche eine Auszeit<\/a>\u00a0(9.11.2020)<\/li>\n<li><a href=\"https:\/\/www.freiburg-schwarzwald.de\/blog\/kehren-wir-zum-leben-zurueck\/\">Kehren wir zum Leben zur\u00fcck<\/a>\u00a0(28.10.2020)<\/li>\n<li>Warum Gandhi gegen Merkel keine Chance h\u00e4tte (28.7.2020)<\/li>\n<li><a title=\"Nur meckern allein hilft nichts\" href=\"https:\/\/www.freiburg-schwarzwald.de\/blog\/nur-meckern-allein-hilft-nichts\/\">Nur meckern\u00a0 allein hilft nichts<\/a>\u00a0(29.5.2020)<\/li>\n<li><a title=\"Barbe\" href=\"https:\/\/www.freiburg-schwarzwald.de\/blog\/engagement\/zukunft\/barbe\/\">Angelika Barbe \u00e4u\u00dfert sich im Interview zu ihrer Verhaftung in Berlin am 16.5.<\/a>\u00a0(21.5.2020)<\/li>\n<li><a title=\"Dagegen\" href=\"https:\/\/www.freiburg-schwarzwald.de\/blog\/engagement\/dagegen\/\">Heinsohn: Lockdown-Expertise von Stephan Kohm\/BMI als Verschw\u00f6rungstheorie abgetan?<\/a>\u00a0(18.5.2020)<\/li>\n<li><a title=\"Widerstand2020.de \u2013 Freiheit\" href=\"https:\/\/www.freiburg-schwarzwald.de\/blog\/widerstand2020-de-freiheit\/\">Widerstand2020.de \u2013 Freiheit<\/a>\u00a0(27.4.2020)<\/li>\n<li>Erfurt: Linke gegen verfassungsgem\u00e4\u00dfe Wahl? (10.2.2020)<\/li>\n<li><a title=\"Journalismus\" href=\"https:\/\/www.freiburg-schwarzwald.de\/blog\/kultur\/medien\/journalismus\/\">Gerhard-L\u00f6wenthal-Preis f\u00fcr Vera Lengsfeld<\/a>\u00a0(29.11.2019)<\/li>\n<li><a title=\"Grundgesetz\" href=\"https:\/\/www.freiburg-schwarzwald.de\/blog\/engagement\/zukunft\/demokratie\/grundgesetz\/\">Rupert Scholz: Die Verfassung wird gebrochen<\/a>\u00a0(19.6.2019)<\/li>\n<li><a title=\"Gelbwesten\" href=\"https:\/\/www.freiburg-schwarzwald.de\/blog\/global\/eu\/gelbwesten\/\">Frankreich: Eine Revolte gegen die Eliten Europas?<\/a>\u00a0(13.12.2018)<\/li>\n<li><a title=\"Kandel-Bluttat27-12-2017\" href=\"https:\/\/www.freiburg-schwarzwald.de\/blog\/engagement\/zukunft\/demokratie\/kandel-bluttat27-12-2017\/\">Kandel wird zum Synonym f\u00fcr zivilen Widerstand<\/a> (30.3.2018)<\/li>\n<li>120db.info &#8211; gegen importierte Gewalt gegen Frauen (20.2.2018)<\/li>\n<li><a href=\"https:\/\/www.freiburg-schwarzwald.de\/blog\/warum-tut-denn-keiner-was\/\">https:\/\/www.freiburg-schwarzwald.de\/blog\/warum-tut-denn-keiner-was\/<\/a> (4.2.2018)<\/li>\n<li>W\u00fctend auf konservative und CDU-Feiglinge\u00a0 (28.11.2017)<\/li>\n<li>Erika Steinbach verl\u00e4sst CDU (14.1.2017)<\/li>\n<li>Gegen\u00f6ffentlichkeit zu Mainstream-Groko \u00fcber neue Medien aufbauen (6.1.2017)<\/li>\n<li>Statt Widerstand: Kindische Toleranz Europas gegen Islam-Terror (4.1.2017)<\/li>\n<li><a href=\"https:\/\/www.freiburg-schwarzwald.de\/blog\/weihnachten-und-fluechtlinge\/\">https:\/\/www.freiburg-schwarzwald.de\/blog\/weihnachten-und-fluechtlinge\/<\/a> (24.12.2016)<\/li>\n<li><a href=\"https:\/\/www.freiburg-schwarzwald.de\/blog\/weihnachtsgeschenk-sinn-tibi\/\">https:\/\/www.freiburg-schwarzwald.de\/blog\/weihnachtsgeschenk-sinn-tibi\/<\/a> (18.12.2016)<\/li>\n<li>\u00dcber die Moral des Schweigens &#8211; Wie kann der B\u00fcrger Widerstand leisten? (15.12.2016)<\/li>\n<li><a href=\"https:\/\/www.freiburg-schwarzwald.de\/blog\/rechtsbeugung-im-rechtsstaat\/\">https:\/\/www.freiburg-schwarzwald.de\/blog\/rechtsbeugung-im-rechtsstaat\/<\/a> (10.11.2016)<\/li>\n<li><\/li>\n<li>Widerstand unm\u00f6glich: Der B\u00fcrger\u00a0kann gegen Rechtsbruch von Merkel nicht klagen<\/li>\n<li><a title=\"Barbe\" href=\"https:\/\/www.freiburg-schwarzwald.de\/blog\/engagement\/zukunft\/barbe\/\">Angelika Barbe<\/a><\/li>\n<li><a href=\"https:\/\/www.freiburg-schwarzwald.de\/blog\/selbsthilfe\/soziales\/arbeit\/arbeitsverweigerung\/\">Arbeitsverweigerung<\/a><\/li>\n<li><a title=\"Buergerbeteiligung\" href=\"https:\/\/www.freiburg-schwarzwald.de\/blog\/engagement\/buergerbeteiligung\/\">Buergerbeteiligung<\/a><\/li>\n<li><a title=\"Corona-Demo\" href=\"https:\/\/www.freiburg-schwarzwald.de\/blog\/business\/gesund\/corona-virus\/corona-demo\/\">Corona-Demo<\/a><\/li>\n<li><a href=\"https:\/\/www.freiburg-schwarzwald.de\/blog\/business\/gesund\/corona-virus\/corona-regiment\/\">Corona-regiment<\/a><\/li>\n<li><a title=\"Deutschland\" href=\"https:\/\/www.freiburg-schwarzwald.de\/blog\/global\/deutschland\/\">Deutschland<\/a><\/li>\n<li><a title=\"Direkte-Demokratie\" href=\"https:\/\/www.freiburg-schwarzwald.de\/blog\/engagement\/zukunft\/demokratie\/direkte-demokratie\/\">Direkte-Demokratie<\/a><\/li>\n<li><a href=\"https:\/\/www.freiburg-schwarzwald.de\/blog\/engagement\/zukunft\/demokratie\/distanzierung\/\">Distanzierung<\/a><\/li>\n<li><a href=\"https:\/\/www.freiburg-schwarzwald.de\/blog\/engagement\/zukunft\/demokratie\/ermaechtigungsgesetz-2\/\">&#8222;Erm\u00e4chtigungsgesetz&#8220; vom 18.11.2020<\/a><\/li>\n<li><a href=\"https:\/\/www.freiburg-schwarzwald.de\/blog\/engagement\/eskapismus\/\">Eskapismus<\/a><\/li>\n<li><a href=\"https:\/\/www.freiburg-schwarzwald.de\/blog\/engagement\/zukunft\/demokratie\/widerstand\/fehler\/\">Fehler eingestehen<\/a><\/li>\n<li><a title=\"Freiheit\" href=\"https:\/\/www.freiburg-schwarzwald.de\/blog\/engagement\/zukunft\/demokratie\/freiheit\/\">Freiheit<\/a><\/li>\n<li><a title=\"Gelbwesten\" href=\"https:\/\/www.freiburg-schwarzwald.de\/blog\/global\/eu\/gelbwesten\/\">Gelbwesten<\/a><\/li>\n<li><a title=\"GroKo\" href=\"https:\/\/www.freiburg-schwarzwald.de\/blog\/engagement\/zukunft\/demokratie\/groko\/\">GroKo \u2013 Grosse Koalition ab 12\/2013<\/a><\/li>\n<li><a title=\"Grundgesetz\" href=\"https:\/\/www.freiburg-schwarzwald.de\/blog\/engagement\/zukunft\/demokratie\/grundgesetz\/\">Grundgesetz<\/a><\/li>\n<li><a href=\"https:\/\/www.freiburg-schwarzwald.de\/blog\/engagement\/buergerinitiativen\/grundrechte-demo\/\">Grundrechte-Demo<\/a><\/li>\n<li><a href=\"https:\/\/www.freiburg-schwarzwald.de\/blog\/engagement\/zukunft\/demokratie\/konservativ\/konservativ-gemeinsam\/\">Konservativ-Widerstand<\/a><\/li>\n<li><a href=\"https:\/\/www.freiburg-schwarzwald.de\/blog\/kultur\/kunst\/kuenstler-proteste\/\">Kuenstler-Proteste<\/a><\/li>\n<li><a title=\"Merkelismus\" href=\"https:\/\/www.freiburg-schwarzwald.de\/blog\/engagement\/zukunft\/demokratie\/merkelismus\/\">Merkelismus<\/a><\/li>\n<li><a title=\"Nationalismus\" href=\"https:\/\/www.freiburg-schwarzwald.de\/blog\/engagement\/zukunft\/demokratie\/nationalismus\/\">Nationalismus<\/a><\/li>\n<li><a title=\"Neuwahlen\" href=\"https:\/\/www.freiburg-schwarzwald.de\/blog\/engagement\/zukunft\/demokratie\/neuwahlen\/\">Neuwahlen<\/a><\/li>\n<li><a title=\"Nix-mit-nix-zu-tun\" href=\"https:\/\/www.freiburg-schwarzwald.de\/blog\/engagement\/zukunft\/demokratie\/nix-mit-nix-zu-tun\/\">Nix-mit-nix-zu-tun<\/a><\/li>\n<li><a title=\"Nudging\" href=\"https:\/\/www.freiburg-schwarzwald.de\/blog\/engagement\/zukunft\/demokratie\/nudging\/\">Nudging \u2013 der erziehende Staat<\/a><\/li>\n<li><a title=\"Opposition\" href=\"https:\/\/www.freiburg-schwarzwald.de\/blog\/engagement\/zukunft\/demokratie\/opposition\/\">Opposition<\/a><\/li>\n<li><a title=\"Partei\" href=\"https:\/\/www.freiburg-schwarzwald.de\/blog\/vereine\/partei\/\">Parteien<\/a><\/li>\n<li><a href=\"https:\/\/www.freiburg-schwarzwald.de\/blog\/engagement\/bequemlichkeit\/passiv\/\">passiv<\/a><\/li>\n<li><a title=\"Stadtpolitik\" href=\"https:\/\/www.freiburg-schwarzwald.de\/blog\/regio\/freiburg\/stadtpolitik\/\">Politik<\/a><\/li>\n<li><a title=\"Rechtsstaat\" href=\"https:\/\/www.freiburg-schwarzwald.de\/blog\/selbsthilfe\/soziales\/justiz\/rechtsstaat\/\">Rechtsstaat<\/a><\/li>\n<li><a href=\"https:\/\/www.freiburg-schwarzwald.de\/blog\/engagement\/resignation-der-mitte\/\">Resignation-der-Mitte<\/a><\/li>\n<li><a href=\"https:\/\/www.freiburg-schwarzwald.de\/blog\/engagement\/buergerinitiativen\/sozialprotest\/\">Sozialprotest<\/a><\/li>\n<li><a title=\"Talkshow\" href=\"https:\/\/www.freiburg-schwarzwald.de\/blog\/kultur\/medien\/talkshow\/\">Talkshow<\/a><\/li>\n<li><a href=\"https:\/\/www.freiburg-schwarzwald.de\/blog\/engagement\/wutbuerger\/\">Wutb\u00fcrger<\/a><\/li>\n<\/ul>\n<p>&nbsp;<\/p>\n<p><strong>Die Wahlumfragen zeigen eine Richtung: Die Krise spitzt sich langsam, aber stetig zu<\/strong><br \/>\nImmer weniger B\u00fcrger sind bereit, den politisch verschuldeten <a href=\"https:\/\/www.freiburg-schwarzwald.de\/blog\/business\/volkswirtschaft\/niedergang\/\">Niedergang<\/a> der Gesellschaft hinzunehmen. F\u00fcr immer mehr geht es um ihre Existenz. Oft und viel sprach Friedrich Merz in dieser Woche. Doch je \u00f6fter er spricht, umso weniger wird er geh\u00f6rt: die wirklichkeitsfernen und inhaltsleeren Phrasen kann niemand mehr ernstnehmen.<br \/>\n&#8230;<br \/>\nH\u00e4rtere Gangart gegen die AfD ist nett, aber was ist mit den 270 Millionen Euro, die allein von Januar bis Juni 2025 nach Angaben der Bundesagentur an Kindergeld auf ausl\u00e4ndische Konten flossen, was mit dem B\u00fcrgergeld, wo fast die H\u00e4lfte der Empf\u00e4nger einen ausl\u00e4ndischen Pass haben, was mit der rasant ansteigenden Zahl von Gewaltverbrechen, bei denen Migranten und Menschen mit Migrationshintergrund sehr deutlich \u00fcberrepr\u00e4sentiert sind, was mit der Eroberung deutscher Stra\u00dfen durch Islamisten und Hamas-Anh\u00e4nger, was mit dem Stellenabbau, was mit dem minus 0,1 Prozent Wirtschaftswachstum im II. Quartal?<br \/>\n&#8230;<br \/>\nDie Regierung, Deutschlands classe politique kann nichts mehr \u00e4ndern, weil sie selbst sich nicht \u00e4ndern kann. Das Land steuert auf den point of no return zu. Friedrich Merz und Lars Klingbeil, B\u00e4rbel Bas und Karin Prien, Jens Spahn und Matthias Miersch k\u00f6nnen dem Land nichts anderes mehr bieten als Verdruss, als miese Stimmung, als ma\u00dflose Propaganda, als wirtschaftlichen Niedergang, als den Anstieg der Kriminalit\u00e4t durch eine verfehlte Migrationspolitik, die sie nicht zu \u00e4ndern gedenken, nichts k\u00f6nnen sie den Deutschen bieten au\u00dfer einem beobachtbar zerfallenden Land, in dem die Herrschenden von Party zu Party sausen.<br \/>\n.. Alles vom 5.10.2025 von Klaus-R\u00fcdiger Mai bitte lesen auf<br \/>\n<a href=\"https:\/\/www.tichyseinblick.de\/meinungen\/insa-wahlumfragen-niedergang\">https:\/\/www.tichyseinblick.de\/meinungen\/insa-wahlumfragen-niedergang<\/a><\/p>\n<p>&nbsp;<\/p>\n<p><strong>Du bist also Bodensatz &#8211; Demokratischer Widerstand<\/strong><br \/>\nWer in Deutschland auf demokratischem Weg der Regierung zu widersprechen wagt, wird als \u00bbRatte\u00ab, \u00bbFaschist\u00ab oder \u00bbBlinddarm\u00ab verunglimpft. Oder eben als \u00bbBodensatz\u00ab. Was, wenn die Beschimpften das Etikett annehmen?<br \/>\nin Gespenst geht um in Deutschland \u2013 das Gespenst des demokratischen Widerstands. Alle etablierten M\u00e4chte Deutschlands haben sich zu einer heiligen Hetzjagd gegen dieses Gespenst verb\u00fcndet: die Kirchen und das Kanzleramt, Beh\u00f6rden und die Presse, linke Radikale und ausl\u00e4ndische Investoren \u2013 nur bei der Polizei scheint es noch gewisse Differenzen zwischen der Beh\u00f6rde und den Menschen zu geben.<br \/>\nLeider gibt es nur eine deutsche Partei, die sich traut, den nackten Kaiser eben nackt zu nennen. Und \u00bbder Kaiser\u00ab, sprich: die etablierten M\u00e4chte (im Charakter inzwischen teils so demokratisch wie der Kaiser wirklich von Gott eingesetzt ist) sind in Rage.<br \/>\n\u00bbAfD wird st\u00e4rker werden, wenn es sonst nur noch Linke gibt\u00ab,<br \/>\n<a href=\"https:\/\/www.dushanwegner.com\/nur-noch-linke\/\">https:\/\/www.dushanwegner.com\/nur-noch-linke\/<\/a> schrieb ich 2020 und fragte: \u00bbWenn etablierte Parteien nun alle links sind, was soll einer w\u00e4hlen, der noch immer f\u00fcr den Rechtsstaat samt Grenzen ist?\u00ab<br \/>\n&#8230; Alles vom 28.6.2023 bitte lesen auf<br \/>\n<a href=\"https:\/\/www.dushanwegner.com\/du-bist-also-bodensatz\/\">https:\/\/www.dushanwegner.com\/du-bist-also-bodensatz\/<\/a><\/p>\n<p>&nbsp;<\/p>\n<p><strong>Gegendruck statt Resignation<\/strong><br \/>\n<strong>Der Kampf um die Zukunft<\/strong><br \/>\n&#8230;. Starker Gegendruck und Verweigerung m\u00fcssen den Regierenden signalisieren: Wenn ihr euch zu fein seid, mit uns zu einer fairen \u00dcbereinkunft zu kommen, wird euer Machtwort wirkungslos verpuffen, weil wir uns schlicht nicht daran halten. Stellt euch vor, es ist Maskenpflicht, und keiner setzt eine auf! In Anlehnung an Baerbock k\u00f6nnte man auch sagen: Wir sorgen ab jetzt f\u00fcr uns selbst, egal, was unsere Politiker denken.<br \/>\n&#8230;<br \/>\nEines kann zur Ermutigung \u00fcber die Entwicklung der vergangenen Jahre gesagt werden: Es ist einer hochprofessionell organisierten Kampagne nicht gelungen, jede Opposition, jede vom Vorgegebenen abweichende Meinung zu unterdr\u00fccken. Die \u201eAlternativen\u201c, die durchgehalten haben, erschufen einen Riss in der Matrix, einen Spalt, durch den Licht hereinkommen kann. Dieser Spalt darf sich jetzt vergr\u00f6\u00dfern.<br \/>\nWas wir jetzt tun m\u00fcssen? In vieler Hinsicht das Gegenteil von dem zu praktizieren, was die Regierenden von uns erwarten beziehungsweise erhoffen.<br \/>\nWo sie Gewalt erwarten, um einen Vorwand f\u00fcr Gegengewalt geliefert zu bekommen, bleiben wir friedlich.<br \/>\nWo sie das Erlahmen unseres Protests erwarten, bleiben wir beharrlich.<br \/>\nWo sie Gew\u00f6hnung erwarten, machen wir uns im dritten Jahr von \u201eCorona\u201c erst recht bewusst, welcher T\u00e4uschung wir erlegen sind und welche Zumutung wir schon viel zu lange hingenommen haben.<br \/>\nWo sie erwarten, dass wir Maske tragen, vermeiden wir, dies zu tun. Wo sie den Impfdruck erh\u00f6hen, verst\u00e4rken wir unsere Entschlossenheit, ungeimpft zu bleiben. Wo sie uns spalten wollen, r\u00fccken wir zusammen.<br \/>\nWo sie uns \u00fcberwachen wollen, entziehen wir uns. Wo sie uns testen wollen, weigern wir uns.<br \/>\nWo sie wollen, dass wir uns gegenseitig ma\u00dfregeln und bespitzeln, tun wir es nicht. Wo sie uns zu R\u00e4dchen einer riesigen, von ihnen gesteuerten Apparatur machen wollen, bekennen wir uns zum Leben in seiner formensprengenden, oft auf begl\u00fcckende Weise chaotischen Kraft.<br \/>\nWo sie uns demoralisieren wollen, verteidigen wir entschlossen unser Lebensgl\u00fcck und verlieren nie die Hoffnung.<br \/>\n&#8230; Alles vom 17.9.2022 von Roland Rottenfu\u00dfer bitte lesen auf<br \/>\n<a href=\"https:\/\/www.rubikon.news\/artikel\/der-kampf-um-die-zukunft\">https:\/\/www.rubikon.news\/artikel\/der-kampf-um-die-zukunft<\/a><\/p>\n<p>&nbsp;<\/p>\n<p><strong>Das Gesch\u00e4ftsmodell der Ferda Ataman \u2013 Widerstand leisten<\/strong><br \/>\n<strong>&#8230; Ataman&#8217;s Konfliktmaximierung ernst nehmen\u00a0<\/strong><br \/>\n<em>Die designierte <a href=\"https:\/\/www.freiburg-schwarzwald.de\/blog\/antidiskriminierungsbeauftragte\/\">Antidiskriminierungsbeauftragte<\/a> verdankt ihren Aufstieg dem Prinzip der st\u00e4ndigen Konfliktmaximierung: beleidigen, verd\u00e4chtigen, Opfer spielen.<\/em><br \/>\n&#8230;<br \/>\nHier in Deutschland gestaltet sich die Abwahl von Amtstr\u00e4gern schwierig. Aber es bleiben ein paar M\u00f6glichkeiten.<br \/>\nErstens sollte jedes Wort einer Antidiskriminierungsbeauftragten Ataman umgehend auf der Goldwaage landen. <em><strong>Und jede Diskriminierung der Mehrheitsgesellschaft Dienstaufsichtsbeschwerden nach sich ziehen,<\/strong><\/em> und zwar m\u00f6glichst zahlreiche. Jede von ihr verantwortete Brosch\u00fcre sollte von B\u00fcrgern auf Ansatzpunkte durchgesehen werden, dagegen zu klagen. Schlie\u00dflich flie\u00dft daf\u00fcr Steuergeld. Auch die Verbindung zwischen der Antidiskriminierungsstelle und \u201eDiversity Kartell\u201c sollten sich vor allem juristisch geschulte B\u00fcrger sehr genau ansehen. Vielleicht ergeben sich hier Ans\u00e4tze f\u00fcr Strafanzeigen. Es geht darum, die R\u00e4ume f\u00fcr Ataman eng zu machen.<\/p>\n<p><em><strong>Auf keinen Fall sollten sich B\u00fcrger das naive Spr\u00fcchlein aufsagen, es w\u00e4re doch das Beste, jemand wie Ataman einfach zu ignorieren.<\/strong> <\/em>Dazu besitzt sie zusammen mit ihren Unterst\u00fctzern l\u00e4ngst zu viel Einfluss auf das Debattenklima in diesem Land.<br \/>\nEs bietet sich allerdings noch ein viel m\u00e4chtigeres Mittel an. Jeder sollte in seiner Umgebung einen SPD- und FDP-W\u00e4hler suchen \u2013 oder jemanden, der wiederum einen kennt, ihn mit Atamans Aussagen konfrontieren und fragen, ob er diese Art der Konfliktmaximierung tats\u00e4chlich mit seiner Stimme unterst\u00fctzen will. Denn ohne die Stimmen dieser Parteien k\u00e4men Leute wie Ataman und Lehmann nicht in ihre \u00c4mter.<\/p>\n<p>Diese Frage sollte dann SPD- und FDP-Kandidaten gestellt und ihnen ziemlich deutlich mit Stimmentzug bei der n\u00e4chsten Wahl gedroht werden, auch wenn der Kandidat vielleicht auf anderen Politikfeldern sympathische Ansichten vertritt. Bei der SPD sollte dann eine Ahnung aufkommen, dass sie wieder dauerhaft unter 20 Prozent f\u00e4llt, wenn sie bei dem identit\u00e4tspolitischen Allotria mitmacht, f\u00fcr das ihre W\u00e4hler angesichts von Inflation, Energiekrise und Jobverlust keinen Nerv haben. Nur mit dem Publikum aus den Wokistan-Vierteln der Gro\u00dfst\u00e4dte k\u00f6nnen die Sozialdemokraten nicht Kanzlerpartei bleiben, auf Dauer noch nicht einmal Regierungspartei. Und f\u00fcr die Freidemokraten w\u00fcrde es den politischen Tod bedeuten, wenn sie noch einmal aus dem Bundestag fliegen sollten.<br \/>\nEs l\u00e4sst sich auch noch einfacher sagen: Nach der Methode Ataman funktioniert zwar der Gewinn von Posten und Geld f\u00fcr ein bestimmtes Kernmilieu unter dem Schutzmantel der Gr\u00fcnen. Anderen, die dabei mitmachen, kann es Posten und damit auch Geld kosten. Jeder muss selbst wissen, f\u00fcr wen er im Bundestag stimmt.<br \/>\n&#8230; Alles vom 24.6.2022 von Alexander Wendt bitte lesen auf<br \/>\n<a href=\"https:\/\/www.tichyseinblick.de\/daili-es-sentials\/das-geschaeftsmodell-der-ferda-ataman\/\">https:\/\/www.tichyseinblick.de\/daili-es-sentials\/das-geschaeftsmodell-der-ferda-ataman\/<\/a><\/p>\n<p>Kommentare:<br \/>\n<strong>Legetimierte Hetze und Hass gegen die einheimische Bev\u00f6lkerung<\/strong> mit Hilfe des umgedrehten Rassismus. Daf\u00fcr hat man nun den Bock zum G\u00e4rtner gemacht.<br \/>\n24.6.2022, M.M.<\/p>\n<p><strong>Immer wenn es um Rassismus gegen Deutsche und\/oder Wei\u00dfe geht,<\/strong><br \/>\nist das Bundesfamilienministerium in irgendeine Art und Weise involviert.<br \/>\nAtaman und ihre Gesinnungsgenossen, sind nicht nur naiv, sie machen es nat\u00fcrlich mit Vorsatz. Das die Gr\u00fcnlinke Journaille sich dieser Art und Weise gef\u00e4llig macht, spricht B\u00e4nde. Eigentlich, sollten wir Deutschen f\u00fcr Rassismus-Erkennung sensibler sein. Doch scheinbar, sind viele Deutsche \u00fcberfordert, wenn Rassismus aus einer anderen Ecke kommt. Nat\u00fcrlich gibt es Rassismus gegen Deutsche! Nat\u00fcrlich gibt es Rassismus gegen Wei\u00dfe!<br \/>\nStellen wir uns einmal vor, irgendeine Organisation w\u00fcrde einen Dattel-Medienpreis aufrufen f\u00fcr den Artikel oder die Zeitung, den Politiker oder was auch immer, der am meisten gegen die Mehrheitsgesellschaft hetzt? Es w\u00fcrde einen Aufschrei wegen Rassismus geben. Zurecht! Aber wenn es nur gegen Deutsche geht\u2026 gegen eine K\u00f6terrasse\u2026 dann ist es angeblich kein Rassismus. Doch das ist falsch! Es ist genauso Rassismus. Und diejenigen, die das unterst\u00fctzen, sollten endlich verstehen, das nicht die Mehrheitsgesellschaft rassistisch ist, sondern eine kleine Minderheit von Gr\u00fcnlinken Woken. Also man selbst.<br \/>\nDie Geschichte hat \u00fcbrigens noch eins immer wieder bewiesen. Kurz und knapp\u2026 Die Wahrheit kommt immer ans Licht. Jedes Unrechtssystem wurde neutralisiert.<br \/>\nKleine Anmerkung. Toller Artikel, vielleicht h\u00e4tte man daraus eine Serie machen sollen. Ich mag lange Artikel, doch es gab soviel, wo man was zu kommentieren wollte.<br \/>\n24.6.2022, tak<br \/>\nAlle von Ataman gel\u00f6schten Tweets findn Si hier<br \/>\nAtaman ist wohl Weltmeister im L\u00f6schen. Sie soll \u00fcber 12.000 tweets, 99% aller ihrer bisherigen, gel\u00f6scht haben, nur 66 blieben \u00fcbrig. Aber irgendeiner passt immer auf und hat ausgew\u00e4hlte tweets gesammelt. Alle hier: <a href=\"https:\/\/www.severint.net\/2022\/06\/16\/dokumentiert-ausgewaehlte-tweets-von-ferda-ataman\/\">https:\/\/www.severint.net\/2022\/06\/16\/dokumentiert-ausgewaehlte-tweets-von-ferda-ataman\/<\/a><br \/>\nHier die \u201ewayback machine\u201c <a href=\"https:\/\/web.archive.org\/web\/*\/https:\/\/twitter.com\/FerdaAtaman\/\">https:\/\/web.archive.org\/web\/*\/https:\/\/twitter.com\/FerdaAtaman\/<\/a><br \/>\n24.6.2022, Kas<\/p>\n<p><strong>Es ist eine Clankultur &#8230;<\/strong><br \/>\nNat\u00fcrlich gibt es einen Begriff f\u00fcr Kommunikation solcher Leute: Es ist eine Clankultur. Sie beanspruchen f\u00fcr die eigenen Mitglieder Privilegien, die sich ausschlie\u00dflich auf Zugeh\u00f6rigkeit gr\u00fcnden. Andere Clans werden als minderwertig betrachtet und sind tributpflichtig (Dankbarkeit, Respektbekundung, ALG II \u2013 die Erscheinungsform ist hier breit gef\u00e4chert). Daran ist nichts neu und nichts fortschrittlich (im Gegenteil). Es ist jedoch eine Ankn\u00fcpfung an Muster, die schlecht angepassten Migranten so vertraut sind, dass sie wohl kaum in der Lage sind, sich davon (noch) zu l\u00f6sen und sich selbst als Fremdk\u00f6rper zu erkennen. Deshalb verst\u00f6rt sie auch die Ablehnung so stark: Ein Geisterfahrer? Tausende! Das Prinzip der Einwanderung basiert auf Anpassung des Einwanderers; die Vereinnahmung (oder kriegerisch Eroberung) dagegen auf Anpassung des Ureinwohners. Nat\u00fcrlich hat letzterer einen Anspruch auf Bewahrung seiner Traditionen und seiner Kultur, die es nur einmal gibt, w\u00e4hrend der Einwanderer \u2013 wenn er denn sein Lebensstil nicht \u00e4ndern will \u2013 diesen zu Hause (besser) leben kann in einem Kulturbereich, den es auch nur einmal so gibt. Es geht also bei der Anpassung des Einwanderers im Kern um die Erhaltung von Vielfalt. Vielfalt ist ein ganz rechtes Thema. Es sch\u00fctzt nur eben den Einheimischen vor Zudringlichkeiten von au\u00dfen. Daneben ist nat\u00fcrlich nicht einzusehen, warum Menschen daf\u00fcr arbeiten sollen, Zuwanderern den Lebensunterhalt zu finanzieren. Das ist n\u00e4mlich ein weltweit ge\u00e4chtetes unsoziales Verhalten oder Begehren. Es kommen also nur Zuwanderer in Betracht, die zur Unterhaltung der neuen Heimat beitragen (k\u00f6nnen). Das Narrativ von den T\u00fcrken als Tr\u00fcmmerfrauen (Das ist schon ulkig, weil sich Frauen aus moslemischen Gebieten zun\u00e4chst einmal den Freiraum schaffen m\u00fcssten, als Macher auftreten zu d\u00fcrfen, und wer wandert schon in ein zerst\u00f6rtes Gebiet ein? Die T\u00fcrken taten es jedenfalls nicht und der Arbeitsmarkt war bereists durch Gastarbeiter aus anderen Gebieten gut ges\u00e4ttigt) kn\u00fcpft genau daran an: Es braucht eine Rechtfertigung, warum die damalige Migration nicht in erster Linie eine Leistung der Deutschen war (um die T\u00fcrkei zu stabilisieren). Indes war Migration weder geplant noch verabredet: Auch hier ging es (nur) um Gastarbeiter. Es gab guten Lohn f\u00fcr harte Arbeit \u2013 aber kein Angebot zu bleiben, weil man die Probleme mit den T\u00fcrken gr\u00f6\u00dfer als den Nutzen einsch\u00e4tzte (was ebenfalls die Bedeutung speziell dieser Zuwanderer f\u00fcr die Blutsbruderschaft der Deutschen zeigt). Man kann das nicht nett finden, doch es ist gut begr\u00fcndet \u2013 und man musste das Angebot ja nicht annehmen. (Es waren noch die liberaleren Tage der alten Republik.) Tats\u00e4chlich gibt es mit Blick auf Leute wie Ataman guten Grund zur Annahme, dass die Gro\u00dfz\u00fcgigkeit der Deutschen, diesen Teil des Deals \u2013 keinen Daueraufenthalt \u2013 aufzuweichen, \u2013 einmal mehr \u2013 keine gute Idee war. Zumindest die Atamans \u2013 es gab und gibt auch andere, die nicht den Konflikt mit den (in diesem Fall anderen) Deutschen suchen, weil sie Land und Leute so akzeptier(t)en wie sie sind \u2013 schaff(t)en den Sprung in eine andere Kultur gerade nicht und begl\u00fccken die Einheimischen nun mit Stammesfehden. Da geh\u00f6ren Freib\u00e4der, Pl\u00e4tze oder Viertel dann schon mal den Nichtwei\u00dfen \u2013 \u00e4hnlich wie der Staat den Parteien geh\u00f6ren soll (auch eine Clankultur). In der Abwertung von \u201eWei\u00dfen\u201c kann \u00fcbrigens kein Rassismus liegen, weil selbst die leistungsfreie Privilegierung von Zuwanderern eine wei\u00dfe politische Idee ist, auf die die Migranten so wohl nie gekommen w\u00e4ren. Dieses Verst\u00e4ndnis von \u201eRassismus ist eine Einbahnstra\u00dfe\u201c k\u00f6nnte kaum idiotischer sein, aber in der Sache von Ataman gut begriffen und das sie dieses Pferd reitet, mag frech sein, gesattelt haben das aber wei\u00dfe Linke \u2013 wenn auch nicht f\u00fcr Frau Ataman, denn sie ist nur eine unbedeutende Schachfigur in einem weit gr\u00f6\u00dferen Spiel der \u201eWei\u00dfen\u201c um die Machtverteilung und Machtmechanismen im entnationalisierten (und damit entdemokratisierten) Westen. Mitreden darf sie da nicht. Sie bekommt die Ideen geliefert und einen Text, den sie ganz prima aufsagt, und sie darf umsetzen, was ihre wei\u00dfen ChefInnen in diesem (gr\u00f6\u00dferen) Konflikt gerade f\u00fcr n\u00fctzlich halten. Das macht sie gut. Aber in der Tat: Sie ist entbehrlich. Wenn der Wind sich dreht, werden ihre wei\u00dfen BossInnen sie schassen. Sofort. Es ist nur eine Frage der Zeit, denn die Themenschwerpunkte wechseln nun und die Gr\u00fcnen stehen im Winter vor einer politischen Katastrophe, die sie lange vorbereitet haben. \u00dcbrigens frieren auch Migranten. Ich habe eine Ahnung, wer weniger Geld zum Heizen haben wird ;-).<br \/>\n24..2022, K.Sch<\/p>\n<p><strong>Begriff \u201eUmvolkung&#8220;<\/strong><br \/>\nAtaman: \u201eNur noch 60 Mio. echte Blutsdeutsche\u201c, der Satz l\u00e4\u00dft sich logisch fortsetzen mit \u201edie Richtung stimmt\u201c. Und da wird behauptet, der Begriff \u201eUmvolkung\u201c sei eine Verschw\u00f6rungstheorie.<br \/>\n24.6.2022, W.G.<\/p>\n<p><strong>F\u00fcr jeden normalen Menschen in einem normalen Land<\/strong><br \/>\nw\u00e4re eine derartige \u201eKonfliktmaximierung\u201c nicht unbedingt karrieref\u00f6rderlich, ganz im Gegenteil. Hier m\u00fcssen noch andere Ursachen eine Rolle spielen \u2013 wir k\u00f6nnen nur ahnen, welche Netzwerke bereits vom deutschen Politikbetrieb Besitz ergriffen haben \u2013 vom Drogenkartell bis zu islamischen Organisationen. Die Migrationswaffe ist eben die effektivste und kosteng\u00fcnstigste Waffe (zumindest f\u00fcr die Angreifer), damit l\u00e4sst sich das V\u00f6lkerrecht komplett aushebeln und ins Gegenteil verkehren. Einzige Voraussetzung: Ungest\u00f6rter \u201eBetrieb\u201c \u00fcber einen l\u00e4ngeren Zeitraum \u2013 diese Gew\u00e4hrleistung ist Atamans Job.<br \/>\n24.6.2022, S.S.<\/p>\n<p><strong>Wir sind immer noch in der Phase,<\/strong><br \/>\nwo wir von dieser Klientel zwar beleidigt, und abgezockt werden, auch Schlimmeres. Aber immer noch m\u00fchsam Quellen und Aussagen akribisch aufdr\u00f6seln, um zu beweisen, dass wir eben doch keine Rassisten sind, eher selbst zunehmend zu einem Opfer von antiwei\u00dfem Rassismus werden. Brav und flei\u00dfig schaffen wir solche Elaborate, in der schwachen Hoffnung, kulturell und ethnisch und nicht ausgel\u00f6scht zu werden, weil irgendjemand der politisch und medial M\u00e4chtigen uns glaubt. Und gn\u00e4dig den Daumen hebt.<br \/>\nBevor nicht eine deutliche Mehrheit auf den feindseligen Dreck von Ataman, Schick, Yaghoobifarah &amp; Co. gar nicht mehr devot eingeht, sondern gleich zur\u00fcck schl\u00e4gt, bzw. selbst aktiv zuschl\u00e4gt (alle nat\u00fcrlich im \u00fcbertragenen Sinne gemeint) wird Deutschland und der Westen nicht in eine Phase der rettenden Selbsterhaltung eingetreten sein.<br \/>\nIch f\u00fcrchte, das wird auch nicht mehr passieren. Allerdings lehren Historie und Lebenserfahrung, dass durchaus irgendwann etwas passieren wird, was die Vorstellungskraft sprengen k\u00f6nnte. Denn dass sich die einzige echte Zivilisation (wie Atat\u00fcrk sagte) geduckten Blickes und stumm von der B\u00fchne der Geschichte p\u00f6beln und pr\u00fcgeln l\u00e4sst, ist doch recht unwahrscheinlich.<br \/>\n24.6.2022, J.H.<\/p>\n<p><strong>Solange der eine Teil der Deutschen in Schuldstarre verharrt<\/strong><br \/>\nund der andere Teil von opportunistischen Mitnahmegewinnen tr\u00e4umt, geht die Verh\u00f6hnung und Verhetzung der Gastgeber weiter. Pers\u00f6nlichkeiten wie Ataman machen es, weil sie es k\u00f6nnen. Menschen sind so. Wer keine Grenzen setzt, tr\u00e4gt Mitverantwortung daran, wenn er drangsaliert wird.<br \/>\nEs sind auff\u00e4llig weit mehrheitlich Frauen mit muslimischer Sozialisierung, die das antideutsche Narrativ herausposaunen. Ich sehe da einen schwerwiegenden Loyalitatskonfikt, der mit Hilfe der Linken verst\u00e4rkt wird und zu demagogischem Ausagieren dr\u00e4ngt.<br \/>\nBemerkenswert, was sich manipulierte Menschen \u2013 ich spreche von allen Deutschen egal welcher Herkunft, die sich mit Deutschland identifizieren \u2013 gefallen lassen. Bis zum bitteren Ende? Ich f\u00fcrchte, ja.<br \/>\n24.6.2022, Mon<\/p>\n<p><strong>Einer Gesellschaft, die sich \u201eAntidiskriminierungsbeaiftragte\u201c leistet,<\/strong><br \/>\ngeht es noch immer viel zu gut. Wenn dann zudem noch solche Figuren daf\u00fcr ausgew\u00e4hlt werden wei\u00df der aufmerksame Beobachter, was die Stunde geschlagen hat. Bereits in der \u00fcbern\u00e4chsten Generation ist es mit der deutschen Mehrheitsgesellschaft in der BRD ohnehin vorbei. Dann werden die Zugewanderten aus dem Morgenland hier \u00fcbernehmen. Die Demographie siegt immer. Daher will sich die politische Kaste bei den neuen Herren schon heute anbiedern und ein warmes Pl\u00e4tzchen sichern.<br \/>\nDie Gr\u00fcnroten t\u00e4uschen sich jedoch. Die k\u00fcnftigen Machthaber sind tribalistisch gestrickt und nur ihrem Clan und Blut verpflichtet. F\u00fcr die woken, n\u00fctzlichen Idioten wird es ein hartes Erwachen in der Scharia geben.<br \/>\n24.6.2022, Leg<\/p>\n<p><strong>It\u2019s the media, stupid!<\/strong><br \/>\n\u201eDiese Frage sollte dann SPD- und FDP-Kandidaten gestellt und ihnen ziemlich deutlich mit Stimmentzug bei der n\u00e4chsten Wahl gedroht werden\u2026\u201c:<br \/>\nDie Politiker werden schlottern vor Angst. Wenn sollen sie denn sonst w\u00e4hlen? CDU? Da w\u00e4ren aber die SPD- und FDP-Politiker sehr sehr traurig dar\u00fcber. Oder Nichtw\u00e4hlen? Das interessiert noch weniger.<br \/>\nDass Scholz und nicht Laschet Kanzler ist, liegt daran, dass Laschet albern gelacht hat und die Medien das Video davon weit verbreitet haben.<br \/>\nVielleicht ist Ihnen Herr Wendt nicht klar, wer hier die Macht hat? W\u00fcssten Sie es, w\u00fcrden Sie vielleicht die BRD-B\u00fcrger auffordern, dass die \u201eIhrer Zeitung\u201c oder \u201eIhrem Sender\u201c schreiben sollen und damit drohen, nie mehr wieder f\u00fcr dieses Medium zu bezahlen. It\u2019s the media, stupid!<br \/>\nDie Medien verbreiten die Narrative. Die Durschnitts-BRD-Kartoffel konsumiert es. Und die Politiker haben eine Heidenangst vor dem Framing durch die Medien.<br \/>\nDer gr\u00f6\u00dfte Erfolg der CSU war es, dass sie trotz absoluter Mehrheit es geschafft haben, dass der BR vom stramm schwarzen Sender zum stramm gr\u00fcnen Sender wurde. So etwas w\u00e4re Linken nie passiert. Die wissen, wer die Macht hat.<br \/>\n24.6.2022, EB<\/p>\n<p><strong>Gerda Atamann ist der wandelnde Beweis daf\u00fcr,<\/strong><br \/>\ndass die Integration von Moslems und nationalstolzen T\u00fcrken in das Volk der Deutschen selbst nach Jahrzehnten weitgehend gescheitert ist. Als ob das nicht schon verst\u00f6rend und schrecklich genug w\u00e4re, scheint Atamann dar\u00fcberhinaus sogar noch als aktivistische Speerspitze der 5. Kolonne des radikalen Muslimbruders Erdogan im Land der Deutschen zu w\u00fcten.<br \/>\nMich erinnert die von antideutschen Ressentiments und Hass durchtr\u00e4nkte verbale Aggressivit\u00e4t dieser Frau an etwas Ungutes.<br \/>\n24.6.2022, Kon<br \/>\nEnde Kommentare<br \/>\n.<br \/>\n.<\/p>\n<p><strong>Corona: Wo Recht zu Unrecht wird, wird Widerstand zur Pflicht<\/strong><br \/>\nDie immer gr\u00f6\u00dfer werde Zahl der informierten Menschen, die jetzt \u00fcberall auf die Stra\u00dfe gehen, pfeifen verst\u00e4ndlicherweise auf die Anordnungen der Berliner Inkompetenzrunde und berufen sich auf den Widerstandsartikel des Grundgesetzes Artikel 20, Absatz 4, der eintritt bei Gef\u00e4hrdung des Verfassungsstaates. Wie hei\u00dft es doch so richtig? Wo Recht zu Unrecht wird, wird Widerstand zur Pflicht.<br \/>\nDie Polizei in Stuttgart hat offenbar aus den Erfahrungen der Stuttgart-21-Demonstrationen gelernt und sich klug zur\u00fcckgehalten, ohne b\u00fcrgerkriegs\u00e4hnliche Szenarien durch die R\u00e4umung von circa 40 000 Demonstranten wegen einer geradezu l\u00e4cherlichen Maskenpflicht im Freien zu riskieren, wie es sich Herr Ostermann als linientreuer Schreiber wohl gew\u00fcnscht h\u00e4tte. Ich meinerseits halte es mit Franz Xaver Kroetz in einem Interview: &#8222;Der Virus ist ein probates Mittel, um von oben nach unten noch mehr zu treten. Angst haben, zu Hause bleiben, eingesperrt sein, arbeitslos sein, perspektivlos sein, mit niemandem reden, jedem misstrauen, isoliert sein, uninformiert sein. Das ist doch die ideale Steilvorlage f\u00fcr die Zerst\u00f6rung der Demokratie. Jeder, der sich dagegen wehrt, hat meine Sympathie&#8220;.<br \/>\n21.4.2021, Volker Amend, Freiburg, BZ<\/p>\n<p>&nbsp;<\/p>\n<p><strong>Warum Gandhi gegen Merkel keine Chance h\u00e4tte<\/strong><br \/>\nH\u00e4tte Gandhi nicht damals gegen das britische Empire, sondern heute gegen Merkel aufbegehrt, die Tagesschau w\u00fcrde entweder gar nicht \u00fcber ihn berichten oder ihn als rechten Wirrkopf abtun. Die Kritik an der Regierung \u2013 eigentlich schlechthin die Aufgabe der vierten Gewalt im Staat \u2013 hat mittlerweile etwas Anr\u00fcchiges, klingt nach ungewaschenen Haaren, nach gesellschaftlichem Verlierer, nach Impfgegner und Verschw\u00f6rungstheorie. Und die Berichterstattung des \u00f6ffentlich-rechtlichen Rundfunks zementiert diesen Zustand jeden Tag aufs Neue.<br \/>\nGandhis gewaltloser Widerstand w\u00e4re ohne die positive Begleitung der Medien niemals m\u00f6glich gewesen. Er nutzte die Presse, vor allem die Auslandspresse, ausdr\u00fccklich und bewusst f\u00fcr sein politisches Ziel. Sie war elementar f\u00fcr seine Strategie. Die Reise nach Gro\u00dfbritannien und die Wahrnehmung \u00f6ffentlicher Termine in seiner traditionellen Kleidung war genauso Teil seiner Medienkampagnen wie \u00f6ffentlichkeitswirksames Leiden mit Symbolkraft.<br \/>\nDie B\u00fcrgerrechtsbewegung unter Martin Luther King Jr., die Proteste gegen den Vietnamkrieg, die Opposition gegen den Irakkrieg, sie alle setzten auf die Medien, die sie positiv und effektvoll begleiteten. Nur durch wohlwollende Pressestimmen konnten sie eine gro\u00dfe Anzahl von Protestteilnehmern gewinnen, und nur durch die Verbreitung dieser Bilder in den Medien animierten sie neue Sympathisanten dazu, mitzumachen, frei nach dem Motto, wenn so viele dabei sind, dann kann es nicht falsch sein. William Gamson, Professor f\u00fcr Soziologie in Massachusetts und Aktivist der amerikanischen Friedensbewegung der 60er und 70er Jahre, fasst zusammen, dass jeder Aspekt einer sozialen Bewegung von der Medienkommunikation abh\u00e4ngig sei. Ohne eine effektive Strategie k\u00f6nne eine solche niemals die f\u00fcr den politischen Erfolg der Unternehmung entscheidende Zustimmung der \u00f6ffentlichen Meinung gewinnen. Mit der Berichterstattung steht und f\u00e4llt jeder gewaltfreie Widerstand. Findet sie nicht statt oder ist sie negativ, hat die Bewegung keine Chance.<br \/>\nUnd damit sind wir am entscheidenden Punkt angelangt. So lange wir nicht in der Lage sind, den \u00f6ffentlich-rechtlichen Rundfunk abzuschaffen, ist jede Meinungs\u00e4u\u00dferung, jede Kritik der gegenw\u00e4rtigen politischen Zust\u00e4nde ein hilfloser Schrei in der Echokammer. Therapeutisch, aber ansonsten wirkungslos. Die Abschaffung des \u00f6ffentlich-rechtlichen Rundfunks k\u00e4me dem Ausruf des Kindes in Andersens M\u00e4rchen gleich. Der Kaiser ist nackt. Es w\u00e4re das Eingest\u00e4ndnis von oberster Stelle, dass es \u201edie eine Wahrheit\u201c nicht gibt. Ich bef\u00fcrchte, der Deutsche braucht die Legitimation zum Freidenken von oben, sonst traut er sich nicht.<br \/>\n.. Alles vom 28.7.2020 von Lisa Marie Kaus bitte lesen auf<br \/>\n<a href=\"https:\/\/www.achgut.com\/artikel\/warum_gandhi_gegen_merkel_keine_chance_haette\">https:\/\/www.achgut.com\/artikel\/warum_gandhi_gegen_merkel_keine_chance_haette<\/a><br \/>\n.<br \/>\nEinige Kommentare:<br \/>\n<strong>&#8230;. ein schleichender Prozess des politischen Haltungsjournalismus<\/strong><br \/>\nIch kann ihrem Artikel von vorne bis hinten voll und ganz zustimmen, liebe Frau Kaus. Es hat \u00fcber Jahre ein schleichender Prozess des politischen Haltungsjournalismus in den \u00d6ffentlich-Rechtlichen Rundfunk stattgefunden, der seine erschreckende Fratze seit den letzten Jahren immer deutlicher Ausdruck verleiht. Das Ganze passiert heute ohne Scham, ohne Hemmungen mit politischer Propaganda, der nichts mehr peinlich ist, die ihre dreiste Agitation nicht einmal raffiniert verpacken mu\u00df. Im \u00dcberbietungswettbewerb von aggressiven, selbsternannten Antifaschisten, System-Opportunisten, die den Kern- und Kampfbegriff von Josef Stalin mit Stolz auf der Stirn tragen. Im hysterischen Kampf um die noch bessere Haltung und das kann sich von Tag zu Tag \u00e4ndern, kannibalisieren sie sich auch noch gegenseitig. Diese Rundfunkr\u00e4te haben ihre Legitimation l\u00e4ngst verloren und geh\u00f6ren abgeschafft. In Zukunft sollten solche Gremien, wenn die B\u00fcrger diese \u00fcberhaupt noch zulassen wollen, nur von den B\u00fcrgern, vom Volk gew\u00e4hlt werden. Das ist kein Journalismus, das ist eine Propaganda-Beh\u00f6rde erster Ordnung, das ist nichts weiter als die Wiedergeburt von \u201cSudel-Ede\u201d des Schwarzen Kanals.<br \/>\n28.7.020, m.R.<br \/>\n.<br \/>\n<strong>Na ist doch klar: Fr\u00fcher waren die Regierungen b\u00f6se und mussten von der 4. Gewalt kritisch betrachtet<\/strong><br \/>\nund bek\u00e4mpft werden. Heute ist die Regierung nur gut: Alles geh\u00f6rt allen, jeder hat ein Recht auf alles, manche laute Wenige sogar auf mehr. Das \u201cGemeinwohl\u201d steht \u00fcber allem und jedem. Individualit\u00e4t wird kaum noch zugelassen. Die \u201cgute\u201d Regierung ist allwissend und pauschalverantwortlich f\u00fcr das pers\u00f6nliche Gl\u00fcck und das Gl\u00fcck und die Gerechtigkeit in der Welt. Eigenverantwortung wird abgelehnt, sozialistische Gleichmacherei vorangetrieben. Wir sind auf dem besten Weg zum Paradies. Na also\u2026!<br \/>\n28.7.2020, M.H.<br \/>\n.<br \/>\n<strong>Verehrte Lisa Marie Kraus, Sie haben ja so recht.<\/strong><br \/>\nAber Sie geh\u00f6ren trotz Ihrer Meinungs\u00e4u\u00dferung als Autorin in einem alternativen Medium \u201cnur\u201d zur schweigenden Mehrheit, weil auch Sie sich dazu haben verurteilen lassen. Dabei trifft Ihre Kritik an der staatlich organisierten Manipulation voll zu und ist mehrheitsf\u00e4hig. Heute werden Kritiker des Merkel-Kommunismus gejagt, strafrechtlich verfolgt, ihre Karrieren geknickt und ihre soziale Existenzen besch\u00e4digt. Das gelingt bislang, weil das Abgleiten in die links-globalistische Despotie und die Besch\u00e4digung der Demokratie von den Massenmedien nicht aufgespie\u00dft werden! Inzwischen wird auch der gedruckte Mainstream f\u00fcr seine tadellose Propaganda von Merkel (und Bill Gates!) reich belohnt. Und alle, die es versucht haben, vom Zwangsbeitrag aus Gewissensgr\u00fcnden befreit zu werden, mussten erfahren, dass unsere demokratischen Parlamente es zugelassen haben, dass in den Rundfunk-Staatsvertr\u00e4gen das Gewissen als Befreiungsgrund nicht vorkommt. Schauen Sie mal, was dpa, die Funke-Mediengruppe, der Medienkonzern SPD oder die Werbeagentur Str\u00f6er alles gegen die freie Meinungs\u00e4u\u00dferung aufbieten und wie eng sie dabei mit der Merkelregierung verbandelt, man m\u00f6chte sagen vervettert, sind. Es ist zum Verzweifeln. Mittelfristig gibt es da keinen Anlass f\u00fcr Optimismus. Langfristig werden die Entintellektualisierung und die Herrschaft des Links-Bl\u00f6den eine epochale Zerst\u00f6rung von Wirtschaft und Gesellschaft anrichten. Selbst die feindliche \u00dcbernahme durch einen uns haushoch \u00fcberlegenen global Player w\u00e4re Gobalismus in seiner radikal h\u00e4sslichsten Form! D\u00fcrfen wir uns dagegen wirklich nicht wehren? &#8211; Abschlie\u00dfend eine mir wichtige Korrektur: Die \u201c\u00f6ffentliche Meinung\u201d kennzeichnet Diktaturen, die den \u00f6ffentlichen Diskurs f\u00fcrchten und deswegen, wie die Merkelregierung, massiv in Meinungsmanipulation investieren. \u00d6ffentliche Meinung und die als \u201cliberal\u201d geframete marxistische Weltrevolution sind nichts, wof\u00fcr sich Demokraten begeistern<br \/>\n28.7.2020, A.R.<br \/>\n.<br \/>\n<strong>Gegen das System Merkel oder was danach kommen wird, hat man nur eine Chance,<\/strong><br \/>\nwenn sich die Medien wieder auf das besinnen, zu was sie eigentlich da sind. Nur allein mir fehlt der Glaube daran. Insofern kann man diese Staatsmedien nur \u201cbek\u00e4mpfen\u201d und ihre t\u00e4glichen L\u00fccken, L\u00fcgen und Diffamierungen aufzeigen. Wenn erst die Mehrheit der Deutschen das Vertrauen in die Leitmedien restlos verloren hat, verf\u00e4ngt auch die politische Haltung und Richtungsweisung nicht mehr. Bei ScienceFiles zum Beispiel werden die L\u00fcgen von ARD, ZDF und auch von dpa regelm\u00e4\u00dfig auseinander und aufs Korn genommen. Und besonders die dpa-Wichtel hassen diese Seite, haben sie den Fakten nie etwas au\u00dfer Diffamierungen entgegenzusetzen. Ergo, wie beim #panoramagate muss man Fernsehen und Presse nur t\u00e4glich der Fake-News und Doppelmoral \u00fcberf\u00fchren. Wenn die Menschen nichts mehr davon glauben, helfen auch keine Milliarden aus Merkels Unterst\u00fctzerkasse.<br \/>\n28.7.2020, T.K.<br \/>\n.<br \/>\n<strong>Wieder mal ein excellenter Beitrag auf der Achse !<\/strong><br \/>\nIch sehe mittlerweile weder fern, noch h\u00f6re ich mir irgendeinen Radiosender an. Es ist in der Tat zum Dauer-Rasenm\u00e4hen. Allerdings habe ich eine Anmerkung zum Beitrag. Sie schreiben:\u201ckein pol. System kann sich allein von Innen heraus reformieren\u201c. Sinngem\u00e4ss. Nun, ein Herr Gorbatschow hat es doch wohl ein St\u00fcck weit hinbekommen. So mein Eindruck. Aber m\u00f6glicherweise bin ich nicht \u00fcber die damals in der SU herrschenden, \u00e4usseren Zw\u00e4nge vollumf\u00e4nglich im Bilde. Vielleicht hat ein anderer Achse-Leser hier etwas mehr veritable Informationen. Weiter so und beste Gr\u00fcsse. Thomas Karg<br \/>\n28.7.2020, Th.K.<br \/>\n.<br \/>\n<strong>&#8230;. Ende fuer dieses Land und seine Gesellschaft ist vorgezeichnet<\/strong><br \/>\nSo ist es, zutreffend vom Anfang bis zur Alternative. Da wir Variante 1, die tatsaechlich die einzig Verbliebene ist, um den Weg nach unten zu beenden, ausschlie\u00dfen koennen, ist das Ende fuer dieses Land und seine Gesellschaft vorgezeichnet. Der aktuelle Prozess, eingeleitet und betrieben von Merkel, hat wie alle derartige Entwicklungen eine immanente Logik der zunehmenden Verengung und Radikalisierung, eine Art Ueberbietungswettbewerb der Opportunisten, die sich ihre Pl\u00e4tze und Privilegien im neuen System sichern wollen, in dem es natuerlich auch einen Machtzirkel mit HelferInnen aller Art gibt. Bekanntlich jammern bereits Linksliberale, mein \u201cMitleid\u201d ist ihnen gewiss, ueber bestimmte Zustaende, nicht zufaellig aber nur in den USA, wo das Ende, im Unterschied zu diesem Land, noch nicht ausgemacht ist. Es ist intellektuell ebenso ersch\u00fctternd wie erwartbar, dass den Menschen die kognitiven F\u00e4higkeiten fehlen, Entwicklungen und deren Fortgang zu erkennen. Das gilt fuer alle Linksliberale von Natur aus, leider aber auch fuer die sich als konservativ\/liberal Bezeichnenden, die sich das warme Bett lieber mit den Linken teilen, als mit den \u201cSchmuddelkindern\u201d echten Widerstand zu leisten. Den wenigen, klarsichtigen juengeren Oppositionellen, zu denen auch die Autorin geh\u00f6rt, kann man nur, wie sich die Bilder gleichen, die rechtzeitige Auswanderung empfehlen. Sie sollten ihre zunaechst verst\u00e4ndlichen Hoffnungen frueher aufgeben als viele j\u00fcdischen Mitb\u00fcrger nach 1933. Die soziale Vernichtung ist vorprogrammiert, muss aber, wie wir von totalitaeren Sozialisten aller Art wissen, nicht das Ende sein. Derartiges muss man sich in einem failed state nicht antun, denn es ist vergeblich.<br \/>\n28.7.2020, R.N.<br \/>\n.<br \/>\n<strong>Peter Sloderdijk: Selbstdarstellung des Linksfaschismus als Antifaschismus<\/strong><br \/>\nNeben der Spur, aber wert verbreitet zu werden: Fundst\u00fcck bei Danisch am 27.07.\u2014- \u00bbDie ingeni\u00f6se Selbstdarstellung des Linksfaschismus als Antifaschismus wurde im gesamten Einflussbereich des Stalinismus und dar\u00fcber hinaus in der Neuen Linken zum vorherrschenden Sprachspiel der Nachkriegszeit \u2013 mit Langzeitwirkungen, die sich bei dissidenten Subkulturen des Westens, namentlich in Frankreich und Italien, bis in die Gegenwart verfolgen lassen. Man sagt nicht zuviel, wenn man die Flucht der radikalen Linken in den \u00bbAntifaschismus\u00ab als das erfolgreichste sprachpolitische Man\u00f6ver des 20. Jahrhunderts bezeichnet. Dass es die Quelle hochwillkommener Konfusionen war und blieb, versteht sich aus den Pr\u00e4missen.\u00ab\u2014- Peter Sloderdijk, \u201eZorn und Zeit: Politisch-psychologischer Versuch\u201c (Erstver\u00f6ffentlichung Sept. 2006)<br \/>\n28.7.2020, I.G.<br \/>\n.<br \/>\n<strong>Stimme vollkommen zu. Die Journalisten in Deutschland k\u00f6nnen auch sehr kritisch sein.<\/strong><br \/>\nDem Ventil der Kritik dienen dann ausl\u00e4ndische Politiker oder generell das Ausland: Trump, die USA, Polen mit seiner PiS, Orban, Kanzler Kurz, Boris Johnson. Ansonsten geht es mir wie der Autorin: Im Grunde steht jede Demokratie auf wackeligen Beinen, denn alle Gesetzte einschlie\u00dflich der Verfassung, m\u00fcssen durch die B\u00fcrger zum Leben erweckt werden. Ohne \u00fcberzeugte f\u00fcr die Demokratie k\u00e4mpfende Demokraten gibt es keine stabile, echte Demokratie. Insofern ist Deutschland eine Demokratie ohne Demokraten und eine Merkel ist de fakto nicht abw\u00e4hlbar und Ghandi h\u00e4tte keine Chance.<br \/>\n28.7.2020, H.N.<br \/>\n.<\/p>\n<p>&nbsp;<\/p>\n<p><strong>Erfurt: Linke gegen verfassungsgem\u00e4\u00dfe Wahl?<\/strong><br \/>\n<em>Eine kurze verfassungsrechtliche Betrachtung <\/em><br \/>\n<em>zu den Berliner und Th\u00fcringer Vorg\u00e4ngen<\/em><br \/>\nDie Partei- und Fraktionsvorsitzende der Linkspartei Susanne Henning-Wellsow nahm schon feinf\u00fchlig die Witterung einer neuen politischen Ordnung auf. In einem Gespr\u00e4ch mit dem Redaktionsnetzwerk Deutschland forderte sie, die CDU-Abgeordneten im Erfurter Landtag m\u00fcssten jetzt den Linkspartei-Kandidaten Bodo Ramelow im ersten Wahlgang zum Ministerpr\u00e4sidenten w\u00e4hlen:<br \/>\n<em>\u201eDie Zeit f\u00fcr Spielereien ist vorbei. Bodo Ramelow noch einmal in einen dritten Wahlgang zu schicken, kommt f\u00fcr uns nicht infrage. Das muss im ersten Wahlgang sitzen. Wir werden also auch mit Teilen der CDU und einzelnen Abgeordneten der FDP reden.\u201c Hennig-Wellsow f\u00fcgte hinzu, \u201edie demokratische Mehrheit zumindest von Teilen der Abgeordneten von CDU und FDP\u201c m\u00fcsse \u201eim Vorfeld dokumentiert sein\u201c.<\/em><br \/>\nDie Politikerin fordert also ganz offen <em><strong>die Abschaffung der freien und geheimen Wahl des Ministerpr\u00e4sidenten<\/strong><\/em>. Ihr Diktum unterscheidet sich praktisch nicht von dem ber\u00fchmten Satz Walter Ulbrichts: \u201eEs muss demokratisch aussehen, aber wir m\u00fcssen alles in der Hand haben.\u201c So k\u00f6nnte auch das handlungsleitende Motto Angela Merkels lauten.<br \/>\n.<br \/>\nDie Vorg\u00e4nge seit dem 5. Februar 2020 f\u00fchren zu der Frage: Was ist mit dem Grundgesetzartikel 20 (4)? Dort hei\u00dft es \u00fcber die verfassungsm\u00e4\u00dfige Ordnung in Deutschland:<br \/>\n<em>\u201eGegen jeden, der es unternimmt, diese Ordnung zu beseitigen, haben alle Deutschen das Recht zum Widerstand, wenn andere Abhilfe nicht m\u00f6glich ist.\u201c<\/em><br \/>\nDieser Punkt ist nicht erreicht. Oder, wie der Jurist sagt, er aktualisiert sich nicht. Denn so lange es noch freie Wahlen gibt, freie Medien, Versammlungsfreiheit, so lange ist auch andere Abhilfe m\u00f6glich. Selbst dann, wenn die Anf\u00fchrerin der Bundesregierung zusammen mit anderen Hand an das Grundgesetz legt.<br \/>\nWas sollen B\u00fcrger im Rahmen ihrer demokratischen M\u00f6glichkeiten tun, um die Verfassung zu sch\u00fctzen? Das kann ihnen keine \u00fcbergeordnete Instanz sagen. Hier gilt der ber\u00fchmte Satz des Rechtsphilosophen und Verfassungsrichters <a title=\"B\u00f6ckenf\u00f6rde: grosser Freiburger\" href=\"https:\/\/www.freiburg-schwarzwald.de\/blog\/boeckenfoerde-grosser-freiburger\/\">Ernst-Wolfgang Bockenf\u00f6rde<\/a>, wonach der Rechtsstaat von Voraussetzungen lebt, die er selbst nicht schaffen kann. Etwas einfacher gesagt: die B\u00fcrger m\u00fcssen selbst wissen, was sie bereit sind hinzunehmen \u2013 und was nicht.<br \/>\n&#8230; Alles vom 10.2.2020 von Alexander Wendt bitte lesen auf<br \/>\n<a href=\"https:\/\/www.tichyseinblick.de\/daili-es-sentials\/merkels-iden-des-februar\/\">https:\/\/www.tichyseinblick.de\/daili-es-sentials\/merkels-iden-des-februar\/<\/a><\/p>\n<p>Kommentare:<br \/>\n<strong>Ein \u00fcberaus beeindruckender Artikel<\/strong><br \/>\n, den ich kopiert und abgespeichert habe, denn er zeigt in gro\u00dfer Klarheit, auf welch absch\u00fcssiger Bahn sich Deutschland befindet. Es ist also in den Jahrzehnten nach der Nazizeit und dem Ende der verbrecherischen Diktatur der DIE-LINKE-Vorl\u00e4uferorganisation SED nicht gelungen, ein stabiles und regelbasiertes demokratisches Gemeinwesen zu etablieren. Wieder setzt sich Autorit\u00e4tsgl\u00e4ubigkeit und Kadavergehorsam durch, wieder werden Andersdenkende ausgegrenzt, gebrandmarkt, gejagt und gehetzt.<br \/>\n10.2.2020, Vog<br \/>\n.<br \/>\n<strong>\u201eWiderstand: w\u00e4re das rechtlich m\u00f6glich,<\/strong><br \/>\ndie Kanzlerin und alle Samstags-Bestimmer bei der Staatsanwaltschaft wegen N\u00f6tigung oder versuchter N\u00f6tigung oder Beihilfe zur N\u00f6tigung anzuzeigen?\u201c Schon passiert:<br \/>\n<a href=\"https:\/\/de.nachrichten.yahoo.com\/afd-stellt-wegen-vorg%C3%A4ngen-th%C3%BCringen-strafanzeige-gegen-merkel-094051905.html\">https:\/\/de.nachrichten.yahoo.com\/afd-stellt-wegen-vorg%C3%A4ngen-th%C3%BCringen-strafanzeige-gegen-merkel-094051905.html<\/a><br \/>\n\u201eDie AfD will wegen der Vorg\u00e4nge in Th\u00fcringen Strafanzeige gegen Bundeskanzlerin Angela Merkel (CDU) stellen und zudem eine Abmahnung mit Unterlassungserkl\u00e4rung gegen sie einreichen. Das habe der AfD-Bundesvorstand beschlossen, erkl\u00e4rte die Partei am Dienstag. Die Strafanzeige wirft Merkel demnach N\u00f6tigung des mittlerweile nur noch gesch\u00e4ftsf\u00fchrenden Th\u00fcringer Ministerpr\u00e4sidenten Thomas Kemmerich (FDP) vor. In der Abmahnung mit Unterlassungserkl\u00e4rung werde Merkel Amtsmissbrauch zur Last gelegt.\u201c<br \/>\n10.2.2020, W.H<br \/>\n.<br \/>\nDanke. Dann mache ich das auf jeden Fall jetzt auch! Aus dem Wendt-Artikel kann man sch\u00f6n alles herausziehen und in der Anzeige vortragen. Das Verfahren wird dann eingestellt, hochwahrscheinlich, aber dann gibt es ja noch ein Rechtsmittel dagegen und das werde ich in Anspruch nehmen. So habe ich es mit dem \u201eOma-Umweltsau-Skandal\u201c auch gemacht \u2013 und mache gute Erfahrungen damit. In der Akte des niederschlagenden Staatsanwaltes wird n\u00e4mlich vermerkt, wenn ein Rechtsmittel gegen seine Entscheidung eingelegt worden ist. Macht sich nicht gut in Sachen Karriere\u2026. Und wenn das noch viele andere B\u00fcrger machen w\u00fcrden \u2013 man stelle sich vor. Es geht darum, zu zeigen, dass man als B\u00fcrger nicht alles hinnimmt. Dankesch\u00f6n f\u00fcr den Tipp.<br \/>\n20.2.2020, Sonja D.<\/p>\n<p>.<\/p>\n<p>&nbsp;<\/p>\n<p><strong>120db.info &#8211; gegen importierte Gewalt gegen Frauen<\/strong><br \/>\n120 db ist die Lautst\u00e4rke eines handels\u00fcblichen Taschenalarms, den heute viele Frauen bei sich tragen. 120 db ist der Name unseres Aufschreis gegen importierte Gewalt. Mach mit und erz\u00e4hle unter #120db von deinen Erfahrungen mit \u00dcberfremdung, Gewalt und Missbrauch. Trag dich ein und werde Teil des Widerstands.<br \/>\n<a href=\"https:\/\/www.120db.info\/\">https:\/\/www.120db.info\/<\/a><\/p>\n<p><a href=\"https:\/\/twitter.com\/120dezibel\">https:\/\/twitter.com\/120dezibel<\/a><\/p>\n<p>(Zahlen wie Ursache-Wirkung-Beziehung sind belegt, kein AfD-Populismus): &#8222;Mit vehementer Unterst\u00fctzung von Frauenbewegung und Feminismus kommen t\u00e4glich weiterhin mindestens 500 junge M\u00e4nner aus islam-gepr\u00e4gten L\u00e4ndern zu uns, also 15000 im Monat bzw. 180000 im Jahr. Parallel dazu werden Sicherheit und Freiheit der Frauen im \u00f6ffentlichen Raum durch Messer- und sexuelle Gewalt zunehmend eingeengt.&#8220;<\/p>\n<p>&nbsp;<\/p>\n<p><strong>W\u00fctend auf konservative und CDU-Feiglinge<\/strong><br \/>\nMerkel ist also schuld und nat\u00fcrlich die deutsche Medienlandschaft, die sich schon viel zu lang mit ihr, den Gr\u00fcnen, Roten und Linken in weltanschaulicher Einigkeit befindet. Nicht zu vergessen auch die Hippie-Lehrer an den Schulen und die universit\u00e4ren Brutst\u00e4tten des linken Firlefanzes vom Kulturrelativismus bis zur intersexuellen Toilette, ebenso wie die Justiz mit ihren laschen Richtern und die ganzen sonstigen Nichtsnutze in der Politik, die noch keinen Tag in der freien Wirtschaft \u00fcberleben, die noch nie einen Cent Steuern zahlen mussten und es sich mit einer Karriere bei den JUSOS schon fr\u00fch an der Titte des Staates bequem gemacht haben.<br \/>\nSicherlich ist diese Liste polemisch und k\u00f6nnte hier und da noch um einige Gruppen erg\u00e4nzt werden, aber sie trifft im Wesentlichen den Kern derer, die speziell in den vergangenen zwei Jahren als Schuldige in Teils brillanten Kommentaren gro\u00dfartiger Journalisten und Publizisten ausgemacht wurden. Prinzipiell ist daran auch nichts falsch und aus eigener Erfahrung wei\u00df ich, wie gut es tut, den Irrsinn und seine Helfer, wenn man ihn schon nicht stoppen kann, zumindest zu beschreiben. Was dabei auf der Strecke bleibt, ist jedoch etwas, mit dem wir Deutsche ohnehin unsere Schwierigkeiten haben: Die Eigenverantwortung.<\/p>\n<p>Der Grund, weshalb ich einmal gesagt habe, dass ich nie wieder CDU w\u00e4hlen werde, ist nicht Angela Merkel und die Entscheidungen, die sie getroffen hat. Der Grund ist, dass ich all den anderen CDUlern nicht verzeihen kann, ihre Alternativlosigkeit erst m\u00f6glich und sie in ihren fundamentalen Fehlentscheidungen von Eurorettungspolitik, \u00fcber die Energiepolitik, bis hin zur Fl\u00fcchtlingspolitik nicht gestoppt zu haben.<br \/>\nIch bin w\u00fctend auf die Feiglinge: W\u00e4hrend der erste Punkt erkl\u00e4rt, weshalb ich die CDU aktuell nicht w\u00e4hle, erkl\u00e4rt der zweite, weshalb ich sie nie mehr w\u00e4hle. Ja, ich bin genervt von all den linken One-World-Apologeten, die mir Deutschland manchmal wie ein gro\u00dfes Kuriosit\u00e4ten-Kabinett erscheinen lassen, aber ich bin w\u00fctend und vor allem entt\u00e4uscht von jenen, die anders als diese Typen nicht f\u00fcr diese Politik sind. Die wie ich dagegen und trotzdem zu keinem Zeitpunkt aufgestanden sind.<br \/>\n\u201eJedes Volk hat die Regierung, die es verdient\u201c, schrieb Joseph Marie de Maistre einst und auch wenn der Spruch mittlerweile zu den Arschgeweihen der politischen Weisheiten geh\u00f6rt, so ist er doch wahr.. Man kann die Schuld sicherlich einzig bei Merkel, den etablierten Medien, den Linken im Staatdienst und sonstigen Asylprofiteuren suchen, oder man erkennt, anders als die Bundeskanzlerin, auch das Versagen des eigenen liberalen und konservativen Milieus.<br \/>\nDa sind nicht nur die vielen Konservativen in CDU und CSU, die angeblich allesamt die Fl\u00fcchtlingspolitik der Kanzlerin ablehnen und doch nicht den Schneid gehabt haben, dagegen vorzugehen oder auch nur einmal \u00f6ffentlich wirksam den Mund aufzumachen. Die in den fetten Jahren unter Merkel geflissentlich dabei zugesehen haben, wie sie m\u00f6gliche Konkurrenten ausschaltete und sich selbst alternativlos machte.<\/p>\n<p>Da sind auch wir alle, die sich um die Zukunft ihrer Kinder f\u00fcrchten, aber noch mehr vor den sozialen und beruflichen Sanktionen, die es bedeutet, wenn man den Mund aufmacht. Die Angst um ihre finanzielle Zukunft haben, ihre Existenz, die ihnen angesichts einer desastr\u00f6sen Einwanderungspolitik ohnehin schon unter dem Hintern weggerissen wird. F\u00fcr die alles schlimm ist, aber noch nicht so schlimm, dass man sich die Bl\u00f6\u00dfe geben w\u00fcrde, auf die Stra\u00dfe zu gehen und gegen dieses Unrecht zu protestieren. &#8230;<br \/>\nAlles vom 28.11.2017 von Anabel Schunke bitte lesen auf<br \/>\n<a href=\"https:\/\/www.achgut.com\/artikel\/ein_konter_marsch_durch_die_institutionen_ist_faellig\">https:\/\/www.achgut.com\/artikel\/ein_konter_marsch_durch_die_institutionen_ist_faellig<br \/>\n<\/a>.<\/p>\n<p><strong>Stigmatisierung und \u201cNichtberichterstattung\u201d<\/strong><br \/>\nSie sprechen mir aus der Seele, wieder einmal. So einfach ist es aber nicht. Schauen Sie nach Dresden, schauen Sie zu Pegida. Seit gut drei Jahren spazieren Menschen durch die Stadt, beschimpft und als Rassisten verunglimpft. Daran hat auch Prof. Patzelts Studie nichts ge\u00e4ndert, der mit seinen Studenten herausfand, dass der Prozentsatz der echten Rassisten dort bei etwa 5 Prozent zu veranschlagen ist. Ergo: 95 Prozent der Pegidianer wurden zu Unrecht als solche beschimpft und verunglimpft.<br \/>\nUnd die alternativen konservativen Medien? Nicht einmal da erkenne ich viel Mut, differenzierter hinzuschauen. Stigmatisierung und \u201cNichtberichterstattung\u201d funktionieren. Leider; und es h\u00f6rt nicht auf. Man mag zur AFD stehen wie man will, in Sachsen haben sie die meisten Stimmen geholt. Die zwei Lausitzer AFD-Direktkandidaten (Hilse und Chrupalla) haben ihre Deb\u00fctreden im Deutschen Bundestag gehalten, zu wichtigen Themen: Energie, Kohle, Siemens. Nicht eine s\u00e4chsische Tageszeitung hat auch nur ein W\u00f6rtchen davon berichtet. Wissen ist Macht. Nichtwissen macht ohnm\u00e4chtig, zumindest die, die k\u00e4mpfen wollen.<br \/>\nDie Sachsen sind seinerzeit zuerst f\u00fcr die Freiheit auf die Stra\u00dfe gegangen. Wieviel H\u00e4me, wieviel Spott, wieviel Geringsch\u00e4tzung m\u00fcssen sie momentan ertragen, weil sie den Verlust eben dieser nicht klaglos hinnehmen wollen. Und sie tun es trotzdem. Ich denke, die mutigen Menschen in Dresden h\u00e4tten eine saubere Recherche und Berichterstattung verdient.<br \/>\n28.11.2017, I.Hamann, AO<\/p>\n<p><strong>Mangelnde Eigenverantwortung<\/strong><br \/>\nLiebe Frau Schunke, Sie haben das Problem der mangelnden Eigenverantwortung und die daraus resultierenden Folgen sehr klar beschrieben. Der Aufforderung, das in die Tat umzusetzen-sprich Kontermarsch- werden nur die folgen, die bereit sind, Opfer zu bringen. 2013 bekam ich das Buch \u201cSelber denken\u201d des linken Soziologen Harald Welzer in die Hand. Es ist ein kluges Buch und eine Aufforderung zum Handeln. In der Erkenntnis, dass er im Detail schief liegt, aber im Prinzip recht hat, trat ich in die AfD ein, und erkl\u00e4rte ihm das in einem Brief. Er w\u00fcrdigte mich der Antwort nicht, aber ich bin und bleibe, und arbeite seitdem am Kontermarsch- mit langem Atem geht es also. Ihr Artikel hat mich best\u00e4rkt. Danke.<br \/>\n28.11.2017, Andreas Geisenheiner, AO<\/p>\n<p><strong>Wohlstand erwirtschaften und Wohlstand verteilen<\/strong><br \/>\nLiebe Frau Schunke, ich gestehe, in den letzten Monaten bin ich zu einem echten Fan Ihrer Beitr\u00e4ge und Statements geworden. Auch diesmal treffen Sie mit Ihren Ausf\u00fchrungen den Nagel wieder genau auf den Kopf. Leider wird Ihre Forderung nach einem \u201eKonter-Marsch durch die Institutionen\u201c aber wohl unerf\u00fcllbares Wunschdenken bleiben. Mir scheint die Entwicklung der letzten Jahre\/Jahrzehnte n\u00e4mlich irgendwie systemimmanent und damit zwangsl\u00e4ufig zu sein. Die mittelm\u00e4\u00dfigen, eifers\u00fcchtigen, selbstverliebten \u201eSoziallaberer und Weltverbesserer\u201c landen in den einfach zu okkupierenden \u00f6ffentlich alimentierten Stellen, wo man einer Konkurrenz und einem Besten-Ausleseprozess nur sehr bedingt unterworfen ist. In der Politik, in Institutionen, Schulen, Universit\u00e4ten, Verb\u00e4nden und NGOs arbeiten sie dann an der Durchsetzung des Weltb\u00fcrgertums, an gesellschaftlicher Gleichmacherei, an der beliebigen Ausdehnung des Menschenrechtsbegriffs, an der Suche nach verfolgten Minderheiten und weiteren Geschlechtern oder an der Rettung von Bienchen und Schmetterlingen. Die ambitionierten, sch\u00e4rferen Geister setzen sich von Beginn an dem marktwirtschaftlichen Ausleseprozess aus, landen irgendwann automatisch in den hoch dotierten Stellen in der freien Wirtschaft und lassen sich ihren \u00c4rger und ihre Skepsis \u00fcber die Entwicklung f\u00fcrstlich bezahlen. Diese Spreizung unserer Gesellschaft als Folge von Parteien- und Verbandsdemokratie gepaart mit sozialer Marktwirtschaft, ist wohl gewaltfrei nicht umkehrbar! Es gibt diejenigen, die den Wohlstand erwirtschaften und diejenigen, die ihn nach den eigenen Ideologemen verteilen. Schon aus Bequemlichkeit (soft skills sind viel leichter zu erwerben als hard skills) und mangels entsprechender Bildungsvoraussetzungen (forcierte Niveausenkungen an den Gymnasien etc.) wird die Gruppe letzterer weiter zunehmen. C`est la vie dans une d\u00e9mocratie. Vielleicht sind wir mit unserer ehemals gut funktionierenden Demokratie ja inzwischen in der Ochlokratie gelandet?!<br \/>\n28.11.2017, FRank Gausmann, AO<\/p>\n<p><strong>Die Generation der 30-J\u00e4hrigen<\/strong><br \/>\nDie Indoktrination gr\u00fcnlinker Lehrer auf unsere Sch\u00fcler gibt es (selbst bei meinen Kindern erlebt!) bereits seit mehr als 25 Jahren. Selbstverst\u00e4ndlich wirkt diese Erziehung auch. Fragw\u00fcrdig wird sie nur in ihrer Einseitigkeit, wenn Gegenargumente die das Kind aus dem Elternhaus mit in den Schulunterricht zum Thema mitbrachte, mit schlechter Benotung abgestraft werden (auch selbst erlebt), weil es nicht zur Ideologie des Lehrers passt. Die Atomkraft-Nein-Danke-Button-Tr\u00e4ger mit ihren Sitzblockaden an den m\u00f6glichen Standorten von Wiederaufbereitungsanlagen haben den Weg in die Instanzen geschafft, dass sie damit gleichzeitig CO2-freien erzeugten Strom ablehnen, kam in Diskussionen gar nicht vor, genauso wenig das Glyphosat-bashing die dem Landwirt alternativ nur das Umpfl\u00fcgen der Felder alternativ oder den Einsatz von Alternativen Unkrautvernichtern zul\u00e4sst, will er Getreide statt Unkraut ernten. Es darf auch das Protestpotenzial der Kinder gegen die eigenen Eltern nicht untersch\u00e4tzt werden. Als Beispiel nenne ich Barbara Stamm, CSU-Politikerin und ihre Tochter die bei den Gr\u00fcnen hinwarf, weil die in ihren Augen nicht links genug agieren w\u00fcrden.<br \/>\nDer Protest \u00e4u\u00dfert sich durch &#8211; \u00dcbertriebene Toleranz f\u00fcr alles Fremde &#8211; freie Meinungsbeschneidung &#8211; Diskussionsverweigerung &#8211; Konsumverzicht &#8211; Autoverzicht &#8211; vegane Ern\u00e4hrung Jede Generation tr\u00e4gt ihr Protestpotenzial mainstreamartig in sich, man ist die Summe seiner Erfahrung und sucht mit anderen Wegen als die Elterngeneration gegangen ist, einen Platz f\u00fcr sich.<br \/>\nIhre Generation Frau Schunke, die die 30 Lebensjahre nicht nicht auf dem Buckel tr\u00e4gt, wird wieder anders agieren. Sie erlebten Silvester in K\u00f6ln, No go Aereas in den St\u00e4dten und ziehen daraus ihre Lehren, damit sind sie wieder bei den ganz Alten.<br \/>\n28.11.2017, Gundi Vabra, AO<br \/>\n<strong>Linke haben Ideologie, Konservative nur Pragmatismus<\/strong><br \/>\nIch habe auch lange \u00fcberlegt, worauf der totale Sieg der Linken zur\u00fcckzuf\u00fchren ist. Im Kern k\u00f6chelt es vielleicht auf folgendes herab: Die Konservativen haben eben keine eigene entwickelte Ideologie &#8211; sie sind seit jeher Pragmatiker. Aber in einer Gesellschaft, in der die Wirtschaft grosso modo gut l\u00e4uft und es wenig Armut, daf\u00fcr ein soziales Netz gibt, besteht f\u00fcr Pragmatismus und Vernunft wenig Bedarf &#8211; es l\u00e4uft ja alles. Da darf man sich dann auch Tr\u00e4ume leisten. Die h\u00f6ren sich spannend an, und Spannendes macht Schlagzeilen. So erobert man die Themensetzungen. Die anderen tolerieren das &#8211; man ist ja tolerant, und am Anfang nimmt man die Spinner nicht ernst. Bis es zu sp\u00e4t ist. Bis die Hofnarren der Wohlstandsgesellschaft das Staatsschiff \u00fcbernommen haben &#8211; durch den Marsch durch die Institutionen, durch Besetzung der Schl\u00fcsselposten in den Medien. Die Mehrheit hat das geschehen lassen, und l\u00e4sst es geschehen, weil die Mehrheit eben noch nicht von einem \u201cS\u00fcdl\u00e4nder\u201d \u00fcberfallen worden ist. Oder arbeitslos ist. Und weil eben bei uns durch die politische Korrektheit das entsprechende Einsch\u00fcchterungsklima herrscht, wie fr\u00fcher in der DDR. Ist noch etwas zu tun? Vielleicht bietet das Internet die Hoffnung, dass das Meinungskartell aufgebrochen wird. Die zur\u00fcckgehenden Auflagenzahlen f\u00fcr die grossen Zeitungen sind ein Hoffnungszeichen. Der linke Siegeszug hat in den 70igern auch mit alternativen Medien angefangen. Und die hatten wesentlich weniger technische M\u00f6glichkeiten damals als wir heute.<br \/>\n28.11.2017, Anna Guarini, AO<\/p>\n<p><strong>Die grenzenlose Naivit\u00e4t der Deutschen<\/strong><br \/>\nLiebe Frau Schunke, herzlichen Dank f\u00fcr Ihren \u00fcberaus klugen und aufr\u00fcttelnden Artikel! Sie haben mir wie wahrscheinlich allen Achse-Lesern aus dem Herzen gesprochen. Ja, schlimmer noch als Angela Merkel sind die Jasager und Abnicker und das dumme Volk, das weiterhin die Parteien w\u00e4hlt, die es in den Untergang f\u00fchren. Dabei ist es eine einfache Rechenaufgabe zu erkennen, dass in naher Zukunft schon die Muslime in der Mehrheit sein werden und damit das Sagen haben. Ich habe hier schon \u00f6fter von meinen Freunden gesprochen. Sie sind alle \u00fcberdurchschnittlich gebildet, einige haben einen Doktortitel. Und trotz allem zeichnen sich einige durch eine grenzenlose Naivit\u00e4t aus, die mich fassungslos macht. So meinte meine promovierte Freundin ganz treuherzig: \u201cWas sind denn schon eine Million Zuwanderer gegen 80 Millionen Deutsche. Die kann man doch integrieren. Die werden sich schon anpassen.\u201d Sie sah kein Problem. Hatte sie die letzte Zeit auf dem Mond verbracht? Als Erkl\u00e4rung f\u00fcr so viel Unverstand: Sie ist mit den Aufgaben im privaten und beruflichen Bereich mehr als ausgelastet und hat wohl keine Zeit, sich mit der Thematik \u00fcber Geb\u00fchr zu besch\u00e4ftigen. Ich denke, es wird vielen so gehen. Sie sind zu sehr mit ihrem privaten Leben (Beziehungsgl\u00fcck, Beziehungsstress, Kindererziehung, Beruf, Haushalt usw.) besch\u00e4ftigt, als das Politik zu sehr in ihr Bewusstsein dringen k\u00f6nnte. Die meisten lesen auch keine entsprechenden B\u00fccher, die die Lage analysieren. Strengt ja an. Es ist wie es immer ist: Der Mensch strebt nach Wohlbehagen und klammert Dinge aus, die ihn st\u00f6ren. Ich habe es hier schon oft gelesen: Es muss erst schlimmer kommen, ehe es besser wird.<br \/>\n28.11.2017, Gertraude Wenz, AO<\/p>\n<p><strong>Das mit dem Kontermarsch d\u00fcrfte schwierig werden<br \/>\n<\/strong>Die satten Linken \u2013 das sind Leute bis weit ins ehemals b\u00fcrgerliche Lager \u2013 sitzen heute an den Schalthebeln der Macht und kontrollieren die Medienlandschaft als Verleger, Chefredaktoren, Moderatorinnen und Blogger. Sie verstehen sich blendend darauf, mit ihrem Geschrei, das sie als multikulturelles Mantra verstehen, abweichende Meinungen an den Pranger zu stellen bzw. als rechtsradikal und populistisch zu diffamieren, weil sie ahnen, dass sie l\u00e4ngst selbst zu den Ausbeutern geh\u00f6ren und sich Lichtjahre weg von ihren Idealen entwickelt haben, und weil sie auch ahnen, dass sie in ihren alten gesellschaftspolitischen Klamotten die heutige Realit\u00e4t schlicht verschlafen haben.<br \/>\nMit den Millionen Einwanderern erhoffen sie sich ein neues Proletariat, das nat\u00fcrlich ihr Stimmvolk werden soll und es interessiert sie auch keinen Deut, welche \u00dcberzeugungen und Lebenseinstellungen die Einwanderer mitbringen. Man muss gesehen haben, wie geil die Gr\u00fcnen auf die Ministerposten waren, wie versessen sie darauf aus waren, in Dienstkarossen im Land herumzukurven und das tumbe Volk auf den Weg der linksgr\u00fcnen Tugend zu f\u00fchren. Welche Erleichterung, dass <a title=\"FDP\" href=\"https:\/\/www.freiburg-schwarzwald.de\/blog\/vereine\/partei\/fdp\/\">Christian Lindner <\/a>das hat verhindern k\u00f6nnen. Es wird vermutlich eine neue GroKo geben, die vollends erstarren wird. Warum regt sich innerparteilich bei den beiden Noch-Gross-Parteien kein Widerstand? Haben die Deutschen so wenig begriffen von einer Demokratie?<br \/>\n28.11.2017, J\u00fcrg Casanova, AO<\/p>\n<p><strong>500.000 demonstrieren f\u00fcr Grenzschlie\u00dfung &#8230;<\/strong><br \/>\nLiebe Frau Schunke, leider haben Sie wie in so vielen Ihrer Kommentare und Analysen recht. Nur: Wenn wir jetzt mit einem Durchmarsch durch die Institutionen beginnen wollen um dann irgendwann den regierenden Irrsinn zu stoppen, d\u00fcrften wir zu sp\u00e4t dran sein. Sie kennen auch die monatlichen Asylzahlen (auch wenn die offizielle Propaganda g\u00fcnstigere Zahlen verhei\u00dft), und wir kennen auch die Bedrohung durch weitere Millionen von Dritte-Welt-Emigranten. Nein, Frau Schunke, in 20 Jahren haben wir einen islamischen Staat Deutschland, und wenn wir das gemeinsam zu verhindern versuchen, m\u00fcssen andere Ma\u00dfnahmen gesetzt werden. Stellen wir uns einmal vor, an 2 Wochenenden hintereinander w\u00fcrden 500 000 Menschen zu einer Gro\u00dfdemonstration f\u00fcr Schlie\u00dfung der Grenzen zusammenkommen, \u00e4hnlich organisiert wie die fr\u00fcheren Anti-Raketen-Demos, dann w\u00e4re Merkel sofort Geschichte. Man wird ja noch tr\u00e4umen d\u00fcrfen\u2026<br \/>\n28.11.2017, Dieter Franke, AO<\/p>\n<p>&nbsp;<\/p>\n<p>.<\/p>\n<p><strong>Erika Steinbach verl\u00e4sst CDU<\/strong><br \/>\n\u201eDass monatelang Menschen unidentifiziert mit Bussen und Z\u00fcgen \u00fcber die Grenze geschafft wurden, war keine Ausnahme, sondern eine gewollte Ma\u00dfnahme entgegen unserer gesetzlichen Regelungen und entgegen EU-Vertr\u00e4gen.\u201c<br \/>\nSteinbach unterstellt der Bundesregierung, absichtlich illegale Einwanderung herbei zu f\u00fchren: \u201eBeim Bundesamt f\u00fcr Migration sind tausende von P\u00e4ssen als gef\u00e4lscht identifiziert worden, ohne dass die rechtlich vorgesehenen Konsequenzen f\u00fcr die jeweiligen Migranten gezogen worden w\u00e4ren. Ein solches Ignorieren unseres Rechts wagt keine Bundesbeh\u00f6rde auf eigene Verantwortung. Da steht ein politischer Wille dahinter. Am Recht vorbei.\u201c<br \/>\n\u201eBeunruhigenderweise gibt es zu den angesprochenen Politikfeldern (Energiewende und Euro-Rettung) praktisch keine Opposition mehr im Deutschen Bundestag. Die Bundesregierung kann und konnte diese Art der Politik nur betreiben, weil sie den linken Teil des Parlaments weitgehend auf ihrer Seite hat.\u201c<br \/>\n\u201eDie AfD greift heute Themen auf, die in den vergangenen Jahren defizit\u00e4r geworden sind. Und: sie ist auch Fleisch vom Fleisch der CDU!\u201c &#8230;. Gesamtes Interview mit Erika Steinbach vom 14.1.2017 bitte lesen \u00fcber<br \/>\n<a href=\"https:\/\/www.welt.de\/politik\/deutschland\/article161173232\/Erika-Steinbach-verlaesst-die-CDU-und-wirft-Merkel-Rechtsbruch-vor.html\">https:\/\/www.welt.de\/politik\/deutschland\/article161173232\/Erika-Steinbach-verlaesst-die-CDU-und-wirft-Merkel-Rechtsbruch-vor.html<br \/>\n<\/a>\u00a0 .<br \/>\n<strong>Erika Steinbachs Worte erschrecken mich zwar,<\/strong><br \/>\naber man kann Ihnen nur v\u00f6llig zustimmen! Eine bisher nicht gekannte Angst geht um in Deutschland! Und noch gibt es ca. 55 Millionen \u00bbBlutsdeutsche\u00ab \u2013 es ist nicht auszudenken, wenn der deutsche Michel hasserf\u00fcllt erwacht &#8230; Unl\u00e4ngst las ich einen Youtube-Kommentar, innerhalb dessen sich ein User w\u00fcnschte, dass Merkel dasgleiche Schicksal ereilte wie Mussolini \u2013 kopf\u00fcber an einer Tankstelle aufgekn\u00fcpft: Es tut sich &#8218;was in Deutschland \u2013 allerdings nicht nur zum Positiven! Hoffentlich werden wir in Europa keinen B\u00fcrger- bzw. \u00fcberhaupt Krieg erleben!<br \/>\n14.1.2017, Torben D., WO<br \/>\n.<br \/>\n<strong>Respekt Frau Steinbach<\/strong><br \/>\nund danke f\u00fcr diese bodenst\u00e4ndige und realistische Bestandsanalyse. Was den aktuellen Zustand der CDU angeht, l\u00e4sst der R\u00fccktritt tief blicken. Wo ist nur die konservative seri\u00f6se Volkspartei geblieben? Alles vermerkelt! Die CDU hat auch nur noch so viele W\u00e4hler, da viele die AfD scheuen und die SPD sich noch bl\u00f6der anstellt. Wird die CDU Merkel nicht los, wird sie enden wie die SPD als ehemalige Volkspartei.<br \/>\n14.1.2017, Jan B., WO<\/p>\n<p>Tja, leider, wirklich leider, muss ich Frau Steinbach in allen Punkten zustimmen. Ich sehe die AfD als eine Chance, dass die CDU wieder zu ihren Wurzeln zur\u00fcckkehrt. Daher werde ich sie w\u00e4hlen. Wenn jetzt jemand bemerkt, dass die AfD riesige Defizite hat, kann ich dem nur zustimmen. Gleichzeitig bewerte ich die Defizite der Merkelschen CDU mindestens genauso schlimm. Nur ein massiver Stimmenverlust kann bei der CDU zu einem Umdenken f\u00fchren.<br \/>\n14.1.2017, C.Sens, WO<br \/>\n.<br \/>\n<strong>Erika Steinbach wurde direkt gew\u00e4hlt<\/strong><br \/>\nErika Steinbach ist nicht nur eine Verbandsvertreterin, sondern eine Bezugsperson. Das macht die Sache ernst. Sie vertritt einen Teil oder alle Deutschen, die nach 1945 aus aus dem ehem. deutschen Osten gefl\u00fcchtet sind. Das sind viele. Sie selber stammt ebenfalls aus dem Osten (ich glaube Danzig). Es k\u00f6nnte sein, dass andere mitmachen, zusammen mit ihrer Bezugsperson. Dann hat die CDU ein Problem &#8211; und zwar massiv, wegen der St\u00e4rke dieser Gruppe. &#8230;<br \/>\nEinige der Kommentatoren in diesem Forum fragen, warum Frau Steinbach ihr Bundestagsmandat nicht ablegt. Nun, die Antwort ist ganz einfach: sie kam \u00fcber ein Direktmandat (sieben Mal bislang!) in den Bundestag, sie wurde vom Volk gew\u00e4hlt, nicht von der CDU. Sie kann also ihr Mandat aus\u00fcben, ohne ein Mitglied der CDU zu sein.<br \/>\n14.1.2017. Paul D., WO<\/p>\n<p>&nbsp;<\/p>\n<p>&nbsp;<\/p>\n<p><strong>Gegen\u00f6ffentlichkeit zu Mainstream-Groko \u00fcber neue Medien aufbauen<\/strong><br \/>\nWenn Angela Merkel die Terroranschl\u00e4ge als \u201eschwere Pr\u00fcfung\u201c bezeichnet, erkl\u00e4rt sie zum Schicksal und Gottesgericht, was wesentlich auf ihre fatalen Entscheidungen zur\u00fcckgeht. Ein Staat aber, der seine Schutzfunktion aufgibt, verliert den Anspruch auf das Vertrauen, die Loyalit\u00e4t und Rechtstreue seiner B\u00fcrger. &#8230; Mit einer Gegen\u00f6ffentlichkeit sich das Land zur\u00fcckholen: Dazu geh\u00f6rt, sich nicht ausschlie\u00dflich auf Wahlen oder auf Artikel 20 des Grundgesetzes zu verlassen, der im vierten Absatz allen Deutschen \u201edas Recht zum Widerstand\u201c zubilligt, allerdings nur, \u201ewenn andere Abhilfe nicht m\u00f6glich ist\u201c. &#8230; Die neuen Medien erlauben den Aufbau einer Gegen\u00f6ffentlichkeit. Es sind Versuche auf Graswurzelniveau, um sich das Land zur\u00fcckzuholen. &#8230;.<br \/>\n&#8230; Alles von Thorsten Hinz vom 6.1.2017 bitte lesen auf<br \/>\n<a href=\"https:\/\/jungefreiheit.de\/debatte\/kommentar\/2017\/pflicht-zum-ungehorsam-gegen-den-staat\/\">https:\/\/jungefreiheit.de\/debatte\/kommentar\/2017\/pflicht-zum-ungehorsam-gegen-den-staat\/<\/a><\/p>\n<p><strong>Marsch nach Berlin von einer Million Menschen?<\/strong><br \/>\nEin sehr guter Kommentar von Herrn Thorsten Hinz: &#8222;Dazu geh\u00f6rt, sich nicht ausschlie\u00dflich auf Wahlen oder auf Artikel 20 des Grundgesetzes zu verlassen&#8220;. Um sich jetzt noch auf die kommende Bundestagswahl zu verlassen, dazu ist es wahrlich zu sp\u00e4t. Das schrieb ich k\u00fcrzlich und es wurde einfach gestrichen. Widerstand bzw. Meinungsfreiheit ist selbst hier sehr schwer. Und daran krankt der Widerstand in diesem Volk. Wenn alle zusammenhalten, sich auf einen Marsch nach Berlin begeben \u2026. , dann k\u00f6nnte man von einer \u00c4nderung sprechen. Man kann keine Million B\u00fcrger ins Gef\u00e4ngnis stecken. Wir lassen es aber zu, da\u00df sich diese Merkel mit ihren Vasallen den Rechtsbruch zur Matrix machen, ein ganzes Volksverm\u00f6gen bereits verschleudert haben und Generationen nach uns in die Schuldknechtschaft treiben, w\u00e4hrenddessen die Obdachlosen auf den Stra\u00dfen erfrieren und viele Rentner in kalten und dunklen Wohnungen sitzen. \u00dcber diese Schicksale berichten die Medien nicht. F\u00fcr sie ist nur relevant und von Bedeutung, da\u00df jeder kriminelle Zugereiste Versorgung, Psychologe, Lehrer und einen Anwalt f\u00fcr Asylklage erh\u00e4lt.<br \/>\n7.1.2017, Marka W., JO<br \/>\n.<br \/>\nJa, Widerstand! Das sehe ich auch so. Dieses hoffnungsvolle Warten auf die Wahl im Herbst, ist wie ein M\u00e4rchen, da\u00df den kleinen Mann einschlafen l\u00e4\u00dft. Tr\u00e4ume weiter! Wir brauchen Widerstand in allen Volksschichten, in allen Berufszweigen, in allen Altersgruppen. T\u00e4glicher Widerstand \u2013 in der \u00d6ffentlichkeit. &#8222;&#8217;s Maul aufmachen!&#8220; Sonst leben wir bald wie die entrechteten Ureinwohner Amerikas (fr\u00fcher Indianer genannt) im eingez\u00e4unten Reservat. Das Meckern in der Sofaecke beschert denen da oben nur ein m\u00fcdes L\u00e4cheln. Wenn ich mir vorstelle, da\u00df wir 1 Tag Stromausfall h\u00e4tten, Fernsehentzug und die Fu\u00dfball-EM nicht \u00fcbertragen werden k\u00f6nnte, w\u00fcrde ein Aufschrei durchs Land ziehen.\u00a0Solch einen Aufschrei brauchen wir JETZT.<br \/>\n6.1.2017 Sachse, JO<br \/>\n.<br \/>\n<strong>Obrigkeitsh\u00f6rigkeit statt Winderstand gegen den Merkelismus<\/strong><br \/>\nUngehorsam sein, gegen den Staat, ist f\u00fcr den Deutschen, den Durchschnittsdeutschen, schlechthin, das gr\u00f6\u00dfte Problem. Er murrt, er zaudert, er w\u00e4gt ab und er lotet aus,<br \/>\nbeobachtet hinter der Gardine um dann leise zu schimpfen, w\u00e4hrend er dabei nach links und rechts schaut.<br \/>\nDie bedingungslose Opposition liegt ihm nicht, weil er zu sehr an die eventuellen Folgen denkt. Was k\u00f6nnte ich verlieren?<br \/>\nDie Obrigkeitsh\u00f6rigkeit welche sich ganz besonders in unserem Volke manifestiert skizzierte Heinrich Mann in seinem Roman: \u201e Der Untertan\u201c mit dem \u201eHelden\u201c Diederich He\u00dfling sehr eindrucksvoll. Diese H\u00f6rigkeit auch Nibelungentreue l\u00e4sst sich in allen Gesellschaftsformationen nach verfolgen, vom Kaiserreich bis heute. Der Untertan persifliert die wilhelminische Epoche und analysiert die Situation der damaligen Zeit, \u2014\u2013aber sie ist absolut \u00fcbertragbar. Heute gibt es He\u00dflinge wie Sand am Meer.<br \/>\n6.1.2017, Heinrich Seldelbast, JO<\/p>\n<p><strong>&#8222;Pflicht zum Ungehorsam gegen den Staat&#8220;, danke Thorsten Hinz!<br \/>\n<\/strong>Meiner Auffassung nach kann man sich auch auf das genau hierf\u00fcr geschaffenen Widerstandsrecht nach Artikel 20 Abs. 4 des Grundgesetzes berufen. Die Regierung hat ohne Legitimation durch das Volk vielfach und anhaltend geltendes Recht gebrochen und Fakten geschaffen, die das Volk in freier Entscheidung in breiter Mehrheit abgelehnt h\u00e4tte, wie:<\/p>\n<p>\u2013 Einf\u00fchrung Euro samt Griechenland und weiteren wissentlich get\u00fcrkten Teilnehmern<br \/>\n\u2013 Erweiterung der EU mit Rum\u00e4nien und Bulgarien<br \/>\n\u2013 Bankenrettung; Sozialisierung der Verluste aus den Spekulationen<br \/>\n\u2013 Griechenlandrettung; dto<br \/>\n\u2013 Ausweitung des EU-Molochs<br \/>\n\u2013 und dann eben die Umvolkung er EU (innerhalb Deutschlands bisher im Vormarsch, viele andere V\u00f6lker wehren sich erfolgreich)<br \/>\n\u2013 widerrechtliche \u00d6ffnung der Grenzen<br \/>\n\u2013 faktisches und bedingungsloses dauerhaftes Aufenthaltsrecht f\u00fcr Moslems unter Verdrehung\/Verf\u00e4lschung des UNO-Fl\u00fcchtlingsbegriffs<br \/>\n\u2013 deren gro\u00dfz\u00fcgige Alimentation auf Kosten des deutschen Steuerzahlers<br \/>\n\u2013 faktischer Verzicht auf Strafverfolgung und Schutz der einheimischen Bev\u00f6lkerung (&#8222;innere Sicherheit ist kein Grundrecht&#8220; Maas)<br \/>\n\u2013 \u2026<br \/>\nDas ist Hochverrat.<br \/>\n6.1.2017, C. N\u00f6hles, JO<\/p>\n<p><strong>Art. 20 Abs. 4 GG ist \u00fcberfl\u00fcssig<br \/>\n<\/strong>Wie der Autor des Artikels so richtig schreibt:<strong>\u00a0<\/strong>&#8222;Das formale Widerstandsrecht ist in Wahrheit eine Definitions- und damit Machtfrage.&#8220; Gemeint ist damit folgendes: Es gibt exakt 3 M\u00f6glichkeiten:<br \/>\n1) Man w\u00e4hlt nach jetzigem Verst\u00e4ndnis (noch) legale M\u00f6glichkeiten des Widerstandes, z.B. Konsumverweigerung, friedliche Demonstrationen, Teilnahme an Wahlen mit neuen Parteien. Dann braucht man Art. 20 Abs. 4 GG gar nicht.<br \/>\n2) Man w\u00e4hlt illegale M\u00f6glichkeiten und ist erfolglos. Dann wird Art. 20 Abs. 4 GG nichts n\u00fctzen. Man kann sich zwar darauf &#8222;berufen&#8220;, aber kein Gericht der BRD wird jemand deswegen freisprechen.<br \/>\n3) Man w\u00e4hlt nach jetzigem Verst\u00e4ndnis illegale M\u00f6glichkeiten (also z.B. eine mehr oder weniger friedliche Revolution) und ist erfolgreich. Danach braucht man Art. 20 Abs.4 GG nicht, weil man dann selber definiert, was Recht und was Unrecht ist und war und selber bestimmt, weswegen Staatsanw\u00e4lte Anklage erheben.<br \/>\nFazit: Art. 20 Abs. 4 GG ist \u00fcberfl\u00fcssig und nutzlos.<br \/>\n6.1.2016, Karaa<\/p>\n<p><strong>Heinrich Heine: Widerstand durch Literatur<\/strong><br \/>\nWunderbar, Thorsten Hinz. Volle Zustimmung. Es muss mehr Widerstandsgeist ins Land. Ich m\u00f6chte da wieder auf Heinrich Heine verweisen, der daf\u00fcr ein gro\u00dfes Vorbild sein kann. Heine litt uns\u00e4glich darunter, dass in der Mehrzahl des Volkes, im Gegensatz zu den geistigen Gr\u00f6\u00dfen, so wenig Freiheitsbewusstsein und so viel Obrigkeits-H\u00f6rigkeit lebte. Das Freiheitsgef\u00fchl konnte er bei den Deutschen nur gem\u00fcthaft im R\u00fcckzugsgebiet des Privaten und des Ruhestandes ausmachen. Wie aktuell klingen seine Worte: &#8222;Nie ist ein Volk von seinen Machthabern grausamer verh\u00f6hnt worden. Nicht blo\u00df, dass jene Bundestagsordonnanzen voraussetzen, wir lie\u00dfen uns alles gefallen \u2013 man m\u00f6chte uns dabei noch einreden, es geschehe uns ja eigentlich kein Leid oder Unrecht. Wenn ihr aber auch mit Zuversicht auf knechtische Unterw\u00fcrfigkeit rechnen durftet, so hattet ihr doch kein Recht, uns f\u00fcr Dummk\u00f6pfe zu halten. &#8220; Heinrich Heine sah seine Aufgabe darin, mit literarischen Mitteln gegen die von der Obrigkeit gelenkte Presse anzuschreiben. Tun wir es auch. Vgl.: <a href=\"https:\/\/fassadenkratzer.wordpress.com\/2015\/11\/03\/die-deutschen-und-die-obrigkeit-heinrich-heines-ach-so-aktuelle-kritik\/\">https:\/\/fassadenkratzer.wordpress.com\/2015\/11\/03\/die-deutschen-und-die-obrigkeit-heinrich-heines-ach-so-aktuelle-kritik\/<\/a><br \/>\n6.1.2017, Gipfler, JO<\/p>\n<p>&nbsp;<\/p>\n<p>&nbsp;<\/p>\n<p><strong>Statt Widerstand: Kindische Toleranz Europas gegen Islam-Terror<\/strong><br \/>\nAls im Jahre 1950 chinesische Spezialeinheiten in die tibetische Hauptstadt Lhasa einmarschierten, stand die einheimische Bev\u00f6lkerung an den \u00adStrassen und klatschte wie bet\u00e4ubt. Mit Klatschen verscheuchte man b\u00f6se Geister. &#8230;<br \/>\nDie Beschw\u00f6rungen der wehrlosen Tibeter erinnern an die Reaktionen westlicher Medien und Politiker auf Terroranschl\u00e4ge radikaler Jungmuslime. Wann immer einer dieser Fanatiker mit Axt, Bombe oder Lastwagen losgezogen ist, um m\u00f6glichst viele Ungl\u00e4ubige zu t\u00f6ten, wie neulich wieder auf dem Weihnachtsmarkt in Berlin, wird reflexartig abgewiegelt und zur M\u00e4ssigung aufgerufen. &#8230;<br \/>\nKerzen werden angez\u00fcndet, Gottesdienste abgehalten, vor Pauschalverd\u00e4chtigungen gewarnt. Letzteres befeuere die \u00abDenkweise der Extremisten\u00bb. \u00abHass und Terror haben keine Religion, kein Geschlecht, kein Herkunftsland\u00bb, fasste Eurokrat Juncker nach dem j\u00fcngsten Berlin-Massaker die grosse Verleugnung der politischen Eliten zusammen. &#8230;..<br \/>\nAlles von Eugen Sorg vom 4.1.2017 bitte lesen auf<br \/>\n<a href=\"https:\/\/www.achgut.com\/artikel\/kindische_toleranzrituale_der_besiegten\">https:\/\/www.achgut.com\/artikel\/kindische_toleranzrituale_der_besiegten<\/a><\/p>\n<p>Wolfgang Herles hat es hier geschrieben: \u201cIn Deutschland ist eine Mentalit\u00e4t zuhause, die mit der Globalisierung nicht Schritt halten kann. Das hat das umnachtete helle Deutschland mit dem radikalen Islam gemein.\u201d<\/p>\n<p>&nbsp;<\/p>\n<p>&nbsp;<\/p>\n<p><strong>Widerstand unm\u00f6glich: Der B\u00fcrger\u00a0kann gegen Rechtsbruch von Merkel nicht klagen<\/strong><br \/>\nDie GroKo unter Kanzlerin Merkel hat mehrfach Recht gebrochen (EU, EWS, Griechenland, Budapest 9\/2015, &#8230;). Diese Verst\u00f6\u00dfe gegen die Verfassung blieben bislang ungeahndet. Unser Rechtsstaat ist dabei, sich selbst zu zerst\u00f6ren.<br \/>\nDas Grundgesetz r\u00e4umt dem gemeinen B\u00fcrger <a title=\"Rechtsbeugung im Rechtsstaat\" href=\"https:\/\/www.freiburg-schwarzwald.de\/blog\/rechtsbeugung-im-rechtsstaat\/\">kein Recht<\/a> ein, gegen Rechtsbruch bzw. Rechtsbeugung durch die Bundesregierung beim Verfassungsgericht Klage zu erheben.<br \/>\nEin solches Recht haben nur \u00f6ffentl. K\u00f6rperschaften (wie z.B. im Bundestag vertretenene Parteien) oder Bundesl\u00e4nder (wie z.B. Bayern). Beide sind bislang unt\u00e4tig.<\/p>\n<p>Der B\u00fcrger kann Widerstand nur leisten, indem er demonstriert oder bestimmte Parteien w\u00e4hlt, \u00a0Wir haben eine repr\u00e4sentative und keine direkte Demokratie.<\/p>\n<p>&nbsp;<\/p>\n<p><strong>\u00dcber die Moral des Schweigens &#8211; Wie kann der B\u00fcrger Widerstand leisten?<br \/>\n<\/strong><br \/>\n<em>Nach Beitr\u00e4gen zur Entgrenzung unseres Staates, den Einfluss der 68-er Generation und den Verlust unserer Geschichte wendet sich Ui Weber heute der Frage zu, wie B\u00fcrger Widerstand leisten sollen, wenn das innerhalb des Systems nicht geht.<\/em><br \/>\nDie Frage ist daher, ob und inwieweit der einzelne B\u00fcrger die Handlungen eines Staates pers\u00f6nlich \u00fcberhaupt zu verantworten hat, wenn er nicht einmal aktiv in dessen Fehlentwicklung eingreifen oder selbst unter der Hinnahme pers\u00f6nlicher Nachteile diese nicht verhindern kann. Denn der Artikel 20 (4) des Grundgesetzes r\u00e4umt allen Deutschen zwar das Recht auf Widerstand gegen jeden ein, der es unternimmt, unsere rechtsstaatliche Ordnung zu beseitigen \u2013 aber ist das nicht eher ein nachtr\u00e4gliches Feigenblatt f\u00fcr gewesene Machthaber nach dem Motto, \u201eIhr habt das ja auch nicht verhindert, obwohl Ihr das Recht dazu hattet\u201c? <strong>Was soll denn, bitte sehr, der Einzelne in der Realit\u00e4t wirklich mit diesem Widerstandsrecht anfangen, wenn es f\u00fcr einen solchen Widerstand keine anrufbare Instanz au\u00dferhalb des Systems gibt, au\u00dfer unter angedrohten oder tats\u00e4chlichen Repressionen durch das System vergeblich sein Maul aufzumachen oder von vorn herein gleich ganz zu schweigen?<\/strong> &#8230;<br \/>\nAlles von Uli Weber vom 15.12.2016 bitte lesen auf<br \/>\n<a href=\"https:\/\/www.tichyseinblick.de\/meinungen\/ueber-die-moral-des-schweigens\/\">https:\/\/www.tichyseinblick.de\/meinungen\/ueber-die-moral-des-schweigens\/<\/a><\/p>\n<p><span style=\"font-family: Arial, sans-serif;\"><span style=\"font-size: small;\">S<\/span><\/span>ehr notwendiger Artikel Herr Weber. Jedoch meine ich, dass dies NOCH nicht ganz passt. Die Mehrheit der B\u00fcrger ist derzeit NOCH schweigend, weil NOCH zu wenig politikinteressiert, NOCH zu desinformiert, NOCH nicht ahnend was hier in Bewegung getreten wurde. In meinem Bekanntenkreis erfahre ich des\u00f6fteren noch Ungl\u00e4ubigkeit, wenn ich von Angriffen auf die Pressefreiheit rede und nat\u00fcrlich ist das alles von oben sehr raffiniert eingef\u00e4delt. Ergo: Muss man weiter arbeiten, Informationen an breitere Schichten versuchen ranzutragen, \u00dcberzeugungsarbeit zu leisten, TI oder Achse empfehlen, auf die &#8222;Arbeit&#8220; von <a title=\"Mainstream\" href=\"https:\/\/www.freiburg-schwarzwald.de\/blog\/kultur\/medien\/mainstream\/\">Mainstream-Medien<\/a> hinweisen etc. Ein anstrengender Weg, aber wohl der einzige, um das, was Sie korrekt schildern, zu versuchen f\u00fcr die Zukunft noch aufzuhalten.<br \/>\n15.12.2016, Aragorn, TO<\/p>\n<p><strong>1% der Bev\u00f6lkerung hat den Mut zum aktiven Widerstand<\/strong><br \/>\nAn \u00e4hnlicher Stelle hab ich das schon einmal gesagt: nur etwa knapp 1% der Bev\u00f6lkerung hat den Mut zum aktiven Widerstand gegen ein totalit\u00e4res Regime, das nicht z\u00f6gert, bekennende Gegner kalt zu stellen. Auch die Anzahl der Widerstandsk\u00e4mpfer im 3. Reichs liegt in diesem Bereich. Andererseits macht mir Hoffnung, dass es die B\u00fcrger der DDR geschafft haben, die Meinungsdiktatur zu st\u00fcrzen. Zwar klein angefangen, aber beharrlich, tapfer und letztlich siegreich liefen sie in ihren Montagsdemos gegen das totalit\u00e4re Regime an&#8230;&#8230;&#8230; dabei spielte wohl eine entschiedene Rolle, dass sich &#8211; bis auf die wenigen direkten Profiteure der Macht &#8211; die &#8222;kleinen Leute&#8220; \u00fcber das Totalversagen der Regierung einig waren, denn jeder konnte mit eigenen Augen sehen, dass all die Versprechungen des Politb\u00fcros nur hei\u00dfe Luft waren. Au\u00dferdem trug die damalige weltpolitische Situation enorm zum Wechsel bei.<br \/>\nGanz anders die Situation im heutigen Deutschland, denn ein Gro\u00dfteil des Volkes glaubt nach wie vor an &#8222;die gute Sache&#8220;, daran, dass es unsere heilige Pflicht ist, den &#8222;armen Fl\u00fcchtlingen&#8220; zu helfen, f\u00fchlt sich dabei sogar gut und besser als der Rest der Welt. Verdr\u00e4ngung, Verleugnung und Verkehrung ins Gegenteil, drei der g\u00e4ngigsten Abwehrmechanismen, die die menschliche Psyche gebraucht, um nicht zu sehen, was sie partout nicht sehen will, leisten dabei beste Arbeit. Da ist guter Rat teuer. Wie k\u00f6nnte man die Leute zum Aufwachen bringen? \u00c4hnlich wie das kleine M\u00e4dchen bei des Kaisers neue Kleider: &#8222;Er hat ja gar nichts an!&#8220; = &#8222;An all Eurem Gutmenschentum ist ja gar nichts dran!&#8220;<br \/>\n15.12.2016, Dr. No, TO<\/p>\n<p><strong>Auswanderung als einzige M\u00f6glichkeit zum Widerstand<\/strong><br \/>\nDanke f\u00fcr diesen Artikel Herr Weber! Sie bringen es auf den Punkt. Bis vor einiger Zeit trug auch aus meiner Sicht die &#8222;schweigende Mehrheit&#8220; eine erhebliche Mitschuld and den Verbrechen des Nationalsozialismus, da sie diesen erst erm\u00f6glicht hat. Die neueren Ereignisse lehren uns jedoch, dass diese Vorstellung etwas zu naiv ist. Wie sie bereits erw\u00e4hnten, mussten Kritiker des NS-Systems im Gegensatz zu uns um Leib und Leben f\u00fcrchten. Die aktuelle Situation verdeutlicht jedoch gut die Ohnmacht der B\u00fcrger gegen\u00fcber einer Regierung, sogar in demokratischen Staaten. Rechtsbr\u00fcche seitens unserer Regierung, wie z.B. die Aussetzung des Dublinabkommens, lassen sich bei keiner Institution der Welt anzeigen. Ich habe gehofft, in Ihrem Text einige Anregungen zu finden, wie ziviler Widerstand im Rahmen unserer Gesetze aussehen k\u00f6nnte. Leider sehe ich derzeit als einzige M\u00f6glichkeit die Auswanderung, um dem Staat meine Steuerzahlungen und meine Arbeitsproduktivit\u00e4t zu entziehen.<br \/>\n15.12.2016, Thomas, TO<\/p>\n<p><strong>Naja, die Willkommenskultur wird ja als Religion gelebt<br \/>\n<\/strong>Man muss beseelt sein, Hingabe besitzen und vor allem glauben. Diskussion ist &#8211; wie bei jeder Religion &#8211; nicht m\u00f6glich. Es wird versucht zu bekehren und wer nicht bekehrt werden kann, wird verteufelt. Es kann durchaus sein, dass in 100 Jahren Menschen jedes Jahr am <a title=\"Budapest-Dublin2015\" href=\"https:\/\/www.freiburg-schwarzwald.de\/blog\/global\/eu\/budapest-dublin2015\/\">4. September<\/a> als rituelle Handlung Pl\u00fcschtiere auf Geleise werfen &#8211; ohne eigentlich zu wissen, warum.<br \/>\n15.12.2016, birte, TO<\/p>\n<p><strong>Nur kollektiv aufstehen hilft<\/strong><br \/>\nDie bet\u00e4ubende Erkenntnis, dass der immer wieder eingeforderte Widerstand gegen ein undemokratisches System eben mit Risiken f\u00fcr Leib, Leben und der eigenen Existenz einen hohen Preis fordert, l\u00e4sst Viele mutlos zur\u00fcck, denn nicht Wenige haben noch eine Mitverantwortung f\u00fcr die eigene Familie zu tragen. Es scheint immer klarer zu werden, dass Widerstand gegen ein Unrechts-System \u00fcber kurz oder lang in den Untergrund verdr\u00e4ngt wird, solange das Volk nicht kollektiv gegen das System aufsteht. Atemlos erlebe ich, wie eine ganze politische Klasse versagt, die noch die wirksamsten Mittel h\u00e4tte, den Deutschland feindlich gesonnenen Kr\u00e4ften an der Spitze unseres Staates in den Arm zu fallen.<br \/>\n15.12.2016, Nightrider, TO<\/p>\n<p>Die heutigen Mechanismen sind sehr viel subtiler und deshalb f\u00fcr die normalen B\u00fcrger schwerer zu durch schauen, als das was die Nationalsozialisten in der Vergangenheit an Verbrechen begangen haben.<br \/>\nIn der EU\/ Eurozone gibt es heute zwei sehr grundlegende Probleme: Neoliberalismus und fehlende demokratische Kontrolle. Der Neoliberalismus basiert auf der so genannten neoklassischen Lehre der \u00d6konomen. Diese dogmatische Lehre ist bereits mehrfach widerlegt. Unsere Gesellschaft befindet sich in einem Zirkelschluss, weil diese \u00d6konomen im wissenschaftlichen Sinne nicht korrekt arbeiten und neue Forschung au\u00dferhalb dieser Lehre komplett ignorieren. Andersdenkende \u00d6konomen werden in diesem &#8222;Wissenschaftsbetrieb&#8220; systematisch ausgegrenzt, da z.B. f\u00fcr die weitere Karriere notwendige Publikationen in &#8222;Fachzeitschriften&#8220; nicht ver\u00f6ffentlicht werden. Die Politik h\u00f6rt ausschlie\u00dflich auf diese Scharlatane und die Medien \u00fcbernehmen unreflektiert die Argumentationsketten dieser &#8222;\u00d6konomen&#8220;. Das ganze wird unterschwellig mit der christlichen Soziallehre verwoben und fertig ist das \u00f6ffentliche Bild. Wer Schulden hat, hat ges\u00fcndigt und muss Bu\u00dfe tun. Das sind dann immer die Strukturreformen und die harten Einschnitte, die Menschen oder Staaten \u00fcber sich ergehen lassen m\u00fcssen. Werden Ersparnisse gebildet, muss es die Gegenbuchung der Verschuldung geben, weil ansonsten das BIP sinkt. Daraus folgen zwei unmittelbare Schlussfolgerungen:<br \/>\n1, Jeder Sparer braucht einen Schuldner und<br \/>\n2. eine zentrale wirtschaftspolitische Frage danach, wer sich in einer Marktwirtschaft verschulden soll und was mit diesen Mitteln geschehen soll.<\/p>\n<p>Mit dem Totschlagargument der Globalisierung wird der Bev\u00f6lkerung vorgegaukelt, dass Lohnmoderation oder Lohnsenkung nun ein globales Gesetz sei, dem man sich nicht mehr entziehen kann. Das Wechselkurse unterschiedliche Lohnst\u00fcckkosten international ausgleichen, wird verschwiegen. Die Ungleichheit bei der Einkommens- und Verm\u00f6gensverteilung hat in den letzten Jahrzehnten in vielen L\u00e4ndern drastisch zugenommen, weil der wichtigste Stabilisator einer Marktwirtschaft, n\u00e4mlich die rationale gesamtwirtschaftliche Lohnfindung, au\u00dfer Kraft gesetzt worden ist.<br \/>\nW\u00e4hrend der Wirtschaftswunderjahre erfolgte die Lohnfindung nach folgendem Prinzip: Zielinflation plus nationaler Fortschritt in der Produktivit\u00e4t (gemessen an der Entwicklung der Produktivit\u00e4t). Die EU\/ Eurozone wurde auf einem neoliberalen Fundament errichtet. Nationale Wirtschafts- und Finanzpolitik kann nur noch auf Basis der neoklassischen Lehre betrieben werden. Will eine Regierung einen anderen Kurs einschlagen, wird sie mit allen Mitteln gezwungen, Politik gem\u00e4\u00df der neoklassischen Lehre zu betreiben. Am h\u00e4rtesten hat es die Griechen getroffen. Denen wurde sogar der Geldhahn durch die EZB zugedreht.<br \/>\nDas gr\u00f6\u00dfte \u00dcbel in der Eurozone ist die so genannte Eurogruppe. Die Eurogruppe besteht aus den nationalen Finanzministern, dem IWF, der EZB, dem ESM und der EU Kommission. Es gibt keine Agenda, keine Aufzeichnungen, es wird \u00fcber L\u00e4nder gesprochen, ohne das Fakten pr\u00e4sentiert werden, die \u00d6ffentlichkeit ist komplett ausgeschlossen. Diese Eurogruppe entzieht sich vollst\u00e4ndig jeglicher demokratischen Kontrolle und kann einzelnen Mitgliedsl\u00e4ndern die unsinnigste Politik aufzwingen. Das Ergebnis dieser vollkommen falschen Politik sind unglaublich gro\u00dfe Sch\u00e4den, die im Billionen Euro Bereich liegen.<br \/>\n15.12.2016, Cooper8, TO<\/p>\n<p><strong>Wahl 2017 als letzte Chance<\/strong><br \/>\nAlso, dieser &#8211; sehr gute, wie ich finde &#8211; Beitrag zur Lage deprimiert mich. Ich \u00fcbertrage ihn mal f\u00fcr mich in praktisches Handeln, um nicht in Lethargie zu verfallen:<br \/>\n1. <strong>Widerstand nach Art. 20 GG Abs. 4 ist aus obigen nachvollziehbaren Gr\u00fcnden zwecklos<\/strong>.<br \/>\n2. Als Haupt\u00fcbel habe ich weniger die Politiker, sondern zu einem \u00fcberragenden Anteil die <a title=\"Luegenpresse\" href=\"https:\/\/www.freiburg-schwarzwald.de\/blog\/kultur\/medien\/luegenpresse\/\">Massenl\u00fcgenmedien<\/a> (sorry, meine Meinung&#8230;) in TV\/Radio und Presse ausgemacht. Ohne diese &#8211; bei \u00fcberwiegend alten Leutchen immer noch hoch im Kurs stehenden &#8211; Systemlautsprecher h\u00e4tten die Politiker keine Chance. Mittlerweile hat man durch den Erfolg der Gegen\u00f6ffentlichkeit (Tichy, Achse &amp; Co.) und durch sinkende Auflagenzahlen eigene Formate mit hochtrabenden Namen f\u00fcr die Web-Konsumenten entwickelt (Redaktionsnetzwerk &#8218;Deutschland&#8216;, Funke &#8218;Mediengruppe&#8216; usw.). F\u00fcr mich ergibt sich daraus zwingend, alternative Medien nicht nur mit derem Seitenbesuch und mehr oder weniger schlauen Kommentaren, sondern auch finanziell zu unterst\u00fctzen. Und das tue ich seit kurzem&#8230; &#8230;und<br \/>\n3. begreife ich die Bundestagswahl im n\u00e4chsten Herbst als wirklich allerletzte Chance, zusammen mit hoffentlich vielen &#8218;aufgewachten&#8216; bisherigen Nichtw\u00e4hlern mein Heimatland aus den Klauen der 68er und ihrer Nachfolger zu befreien. Ich mache also soweit wie m\u00f6glich im Freundes-, Bekannten- und Verwandtenkreis Werbung f\u00fcr die AfD als einzige relevante Oppositionskraft in diesem einer Demokratie unw\u00fcrdigen Berliner System. Und ich finde leider nicht nur Zustimmung, selbst im allerengsten Familienkreis&#8230;<br \/>\n15.12.2016, Marc Bisop, TO<\/p>\n<p><strong>Demo heute nicht mehr organisierbar<\/strong><br \/>\nFatal ist, dass alle gesellschaftlichen Gruppen wie Gewerkschaften, Kirchen, Sozialverb\u00e4nde und vor allem die Parteien im Gleichschritt hinter der umstrittenen Kanzlerin marschieren. Diese Gruppen haben fr\u00fcher zivilen Ungehorsam gef\u00f6rdert, und Demonstrationen organisiert, offene Diskussionen angesto\u00dfen. Heute nennt man Kritik &#8222;Hass-Posting&#8220;, und klar denkende Menschen &#8222;Populisten.&#8220; Der Deutsche als solcher ist ein schuldbewu\u00dfter pseudointellektueller Nazi, der von ganz allein das Maul h\u00e4lt, und das auch gut findet. Schrecklich&#8230; Den Rest macht die Antifa, bezahlt wird der linke Terror von Frau Schwesig, nat\u00fcrlich mit Steuergeldern.<br \/>\nEine Demo wie damals gegen die Nachr\u00fcstung kann man heute nicht mehr organisieren, ohne Verfolgung zu riskieren. Protest und Widerstand gehen aber nur \u00fcber \u00d6ffentlichkeit, \u00fcber Menschen, die auf der Stra\u00dfe ihr Demontrationsrecht beanspruchen, ohne von Schl\u00e4gern bedroht zu werden, die mit Steuergeldern durch die Bundesregierung bezahlt werden. Viele Leute haben noch gar nicht realisiert, wie schlimm es um unser Land steht. Was tun!?<br \/>\n15.12.2016, Ungl\u00e4ubiger<\/p>\n<p><strong>Ohnm\u00e4chtige, nicht schweigende B\u00fcrger<\/strong><br \/>\nWird man der Masse der deutschen B\u00fcrger wirklich gerecht, wenn man sie als &#8222;Schweigende Mehrheit&#8220; bezeichnet? Ich sehe da eher &#8222;Ohnm\u00e4chtige B\u00fcrger&#8220; die mitansehen m\u00fcssen wie ihr Kreuzchen bei der CDU, einer Partei die vorgibt christlich konservative Werte zu vertreten, missbraucht wird um immer wieder die geltenden Gesetze zu brechen. Von einem Rechtsstaat kann man bei der BRD ja mittlerweile nicht mehr uneingeschr\u00e4nkt sprechen.<br \/>\nIch habe leider auch nicht den Eindruck, dass Demonstrieren hilft. Wenn ich alleine an Pegida denke. Diese Demonstrationen werden medial fast komplett totgeschwiegen. Ich wei\u00df dar\u00fcber auch nicht allzu viel au\u00dfer dass sich da scheinbar auch rechtsextreme Kr\u00e4fte in Szene setzen und der Sache allein aufgrund ihrer Existenz schon nachhaltig schaden.<br \/>\nZumindest als noch dar\u00fcber berichtet wurde lie\u00df sich nicht komplett unterdr\u00fccken dass da zum Gro\u00dfteil normalen B\u00fcrger, Menschen aus der Mittelschicht (was bei Demos ja oft eher ungew\u00f6hnlich ist) friedlich mitgelaufen sind. Diese Leute hat man derma\u00dfen medial niedergemacht dass ich mich mit Grausen abgewendet habe. Prim\u00e4r muss festgestellt werden dass, egal welche Position dort vertreten wird, diese Menschen von ihrem Recht auf freie Meinungs\u00e4u\u00dferung und ihrem grundrechlich verbrieften Demonstrationsrecht gebrauch gemacht haben und wohl auch noch immer machen. Aber was hat der lernf\u00e4hie B\u00fcrger aus dem Umgang mit Pegida gelernt: Gehe niemals, nie!, auf eine Demo die inhaltlich in irgendeiner Weise als gegen &#8222;Ausl\u00e4nder&#8220; gerichtet, interpretiert werden k\u00f6nnte. Das k\u00f6nnten n\u00e4mlich deine Existenz und die deiner Familie vernichten (es sollen Leute ihren Job verloren haben weil sie bei Pegida mitliefen). Folge:Demonstrationsrecht gilt uneingeschr\u00e4nkt nur f\u00fcr links und ist ansonsten ausgeh\u00f6hlt. Auch Widerstand gegen Manipulationsversuche (z.B. Nichtzahlen der GEZ-Geb\u00fchr) ist bei mir problematisch, weil ich als Eigenheimbesitzer mit Immobilienkredit im Nacken und Kleinkind f\u00fcr das ich die Verantwortung habe, viel zu verlieren habe. Folge: Verurteilung zu \u00e4u\u00dferer Passivit\u00e4t.<br \/>\nDas einzige was bleibt ist das Kreuzchen an der hoffentlich richtigen Stelle bei der n\u00e4chsten Bundestagswahl. Leider sitzt Frau Merkel ja, auch mangels politischer Kreativit\u00e4t und Optionen durch anderen Parteien, so fest im Sattel dass auch diese eine, f\u00fcr den normalen B\u00fcrger vielleicht die einzige realistische Option, ein stumpfes Schwert zu sein scheint.<br \/>\nWas kann ich also tun? Ich rede mit den Leuten in meinen Umfeld und versuche sie ihnen die Augen zu \u00f6ffnen, versuche die Unlogik der ideologischen Narrative, die von den Mainstreammedien durch dieses Nudging verbreitet werden, aufzuzeigen. Bem\u00fche mich darum diese Diskussionen sachlich zu halten und die AfD zu entd\u00e4monisieren (ich muss feststellen, dass gerade hier die Medien und Frau Merkel, wirklich ganze Arbeit geleistet haben). Man muss es wirklich mal so auf den Punkt bringen: Die AfD ist doch f\u00fcr alle W\u00e4hler au\u00dferhalb von Bayern, die einzige demokratische Partei die wirklich gewillt ist zur Politik Merkels eine laute und unbequeme Opposition in fundamentalen Fragen, die Zukunft der BRD betreffend, zu bilden.<br \/>\nUnd meiner Erfahrung nach ist ein Gro\u00dfteil der W\u00e4hler aus der b\u00fcrgerlichen Mitte extrem unzufrieden mit der Politik Merkels, traut sich aber trotzdem voraussichtlich im Ernstfall nicht AfD zu w\u00e4hlen weil die Partei von Mainstreammedien und der herrschenden Politik so grotesk d\u00e4monisiert wird. Die Partei wird viel rechter dargestellt als sie ist (allein diese mantraartige Wiederholung des Zusatzes &#8222;Rechtspopulistische&#8220; AfD). Und als Totschlagargument wird angef\u00fchrt, wenn man es schafft die ganzen verbreiteten Verdrehungen richtig zu stellen, z.B, dass die AfD erst mal harmlos und b\u00fcrgerlich tut um an die Macht zu kommen und dann zeigt sie ihr wahres rechtsradikales und reaktion\u00e4res Gesicht (selbst die kritische und von mir gesch\u00e4tzte Frau Schunke hatte sich in einem inzwischen \u00e4lteren Beitrag in Bezug auf das Frauenbild daran abgearbeitet). Rumgemecker und die Konzentration auf einzelne Punkte die nicht so ins liberale Weltbild passen bringt uns aber hier nicht weiter. Das hei\u00dft nicht dass man die AfD nicht kritisieren darf aber wegen einzelner Positionen niedermachen und f\u00fcr (z.B. pauschal Frauen) unw\u00e4hlbar erkl\u00e4ren ist nicht konstruktiv. Es geht um das Erreichen einer starke Opposition die ihre Aufgabe gegen\u00fcber der Regierung bereit ist ernst zu nehmen und ideell in der Lage sein wird wenigstens den gr\u00f6\u00dften Wahnsinn, der uns nach 2017 noch ins Haus steht, abzumildern.<br \/>\nDas die AfD konservativer ist als die CDU und m\u00f6glicherweise auch die CSU m\u00f6chte ich nicht bestreiten. Selbst dass es einzelnen Personen vom rechten Rand gibt die die ihre Chance in der AfD wittern, ist nicht abzustreiten. Aber ich denke doch das diese in der Minderheit sind und sich hoffentlich nicht durchsetzen k\u00f6nnen. Aber auch bei der anderen Parteien wird erst im Wahlkampf der Himmel auf Erden versprochen und dann hei\u00dft es pl\u00f6tzlich &#8222;Was interessiert mich mein Geschw\u00e4tz von gestern&#8220;. Besonders krass hat es diesbez\u00fcglich ja Frau Merkel mit den CDU-W\u00e4hlern getrieben. Da w\u00e4hlt man als gutgl\u00e4ubiger W\u00e4hler CDU und kriegt die Gr\u00fcnen! Ich muss, trotz erfahrungsgem\u00e4\u00df sehr niedriger Erwartungshaltung in Bezug auf Glaubw\u00fcrdigkeit an politische Parteien im allgemeinen, schon sagen dass ich mich von der CDU reel &#8222;vera&#8230;&#8220; f\u00fchle! Sorry das war lang! Musste aber mal gesagt werden.<br \/>\n15.12.2016, Duke, TO<\/p>\n<p><strong>Wir schweigen ja nicht. Wir quasseln und quasseln, doch quasseln alleine hilft nicht weiter<\/strong>\u00a0Die demokratische Kontrolle der Gewalten funktioniert nur eingeschr\u00e4nkt: bestenfalls kann man die Sitzverteilung im Parlament ver\u00e4ndern, doch das Koalieren mit allem und jeden konterkariert die Wahlen. Indirekt w\u00e4hlt man \u00fcbers Parlament die Regierung, doch die macht sich \u00fcber Parteiinternes Gemauschel und Listenpl\u00e4tze die Abgeordneten gef\u00fcgig. Auf die Justiz und andere Amtspersonen hat das Volk bestenfalls mittelbar Einflu\u00df-wann h\u00e4tte je ein Richter seinen Hut nehmen m\u00fcssen wegen offensichtlicher Fehlurteile? Die Presse bzw. Medien sind unterwandert von M\u00f6chtegernmarxisten und die &#8222;Zivilgesellschaft&#8220; -Vereine, Verb\u00e4nde, Unternehmen &#8211; l\u00e4sst sich durch staatliche Leistungen kaufen oder durch Kampagnen auf Linie bringen.<br \/>\nWir k\u00f6nnen quasseln, quasseln und nochmal quasseln, uns echauffieren und wie die Wutzwerge mit Boykotten und Gegenboykotten drohen, damit Zeitungsabos zu k\u00fcndigen und Auszuwandern. All das k\u00f6nnen wir tun, doch uns fehlt die Breitenwirkung. Solange der Staat Brot und Spiele weiter finanzieren kann, herrscht Schweigen im Walde.<\/p>\n<p>Die &#8222;Eliten&#8220; des Staates und wer auch immer in den oberen Etagen sonst noch seine F\u00e4den zieht, spielt ihr Teile-und -Herrsche-Spiel. Bisher war jedes mal wenn V\u00f6lker irgendwelche Signale h\u00f6rten eine nationale Revolution mit Elitentausch f\u00e4llig. Zur &#8222;Weltrevolution &#8220; kam es noch nie, derweil aber zu ungez\u00e4hlten ethnischen Konflikten. Wenn selbst die L\u00e4nder in sich, in vielf\u00e4ltige ethnische und weltanschaulische Gruppen gespalten sind, f\u00fchrt das im Konfliktfall wohl dazu, dass selbst die bisherigen Nationalstaaten sich eher selbst zerfleischen, als geschlossen ihre Regierung absetzen und zur Verantwortung zu ziehen- sei es nun auf demokratischem Wege oder in einer robusteren Form.<br \/>\nAuch Foren, wie dieses, werden es nicht schaffen starke oppositionelle Kr\u00e4fte zu generieren, denn die Anonymit\u00e4t verhindert, da\u00df sich Vertrauen und eine Organisation aufbauen k\u00f6nnen. Im Gegenteil ist es sogar leichter hier den Oppositionellen auf den Zahn zu f\u00fchlen &#8211; siehe diese Scholz &amp; Hensel Geschichte. Um wirklich wenigstens mittelbar Einfluss nehmen zu k\u00f6nnen, braucht es eben auch Reallife-Organisationen wie z.B. die AfD. Es ist fraglich, dass sich gerade diese Partei soviel anders verhalten wird, als alle anderen. -sei es durch Unterwanderung durch Opportunisten &#8211; sei es einfach das Zeitfenster in dem noch wirksame \u00c4nderungen im Rahmen des Rechtstaates m\u00f6glich sind. Wie oben ausgef\u00fchrt br\u00e4uchte es dazu eben einen Paradigmenwechsel auf allen Ebenen der Gewaltenteilung. Der steht in den Sternen; andere, st\u00e4rker durch direkte Demokratie und direkte Kontrolle der Amtstr\u00e4ger gepr\u00e4gte Staatsformen ebenfalls. Vielleicht gibt es die in einem Danach. Vielleicht wird das Danach aber auch von ganz anderen Kr\u00e4ften bestimmt.<br \/>\n15.12.2016, Stefanie, WO<\/p>\n<p><strong>Was in 20 Jahren sein wird?<\/strong><br \/>\nEs wird ganz geschickt gemacht, wer sich gegen die Politik von Merkel stellt, wird als Rechter, Nazi diffamiert. Dazu z\u00e4hlt auch, dass eine zugelassene Partei wie die AfD ebenso diffamiert wird bzw. deren Mitglieder. Wie in jeder Partei gibt es auch dort fragw\u00fcrdige Personen, doch es wird und das war schon zu Luckes Zeiten so, um diese Partei nicht hochkommen zu lassen, allen ihren Mitgliedern eine rechte Gesinnung unterstellt. Oder nehmen wir Pediga, diese wurde Anfang an auf Bachmann reduziert, die, die &#8222;mitmarschierten&#8220; (alleine die Wortwahl machts), alles Nazis. Warum jemand sich Pediga anschloss, wurde erst gar nicht gefragt, die sind dumm, minderbemittelt und gestrige. Es wird zwischen einem hellen und dunklen Deutschland unterschieden, siehe Bundespr\u00e4sident, Kirchen machen bei der Ausgrenzung mit. Licht aus!<br \/>\nWer m\u00f6chte schon diffamiert werden? Eventuell Probleme bekommen in seinem Job, so wird die schweigende Mehrheit klein gehalten, doch sie wird gr\u00f6sser. Sie wird m.M. aber auch lauter. Nicht die Hasskommentare meine ich damit, sondern wie hier &#8222;normale&#8220; Kommentare. Eine Demonstration gegen d. Fl\u00fcchtlingspolitik ist f\u00fcr einen kritischen Menschen, der weder links noch rechts zu verorten ist, \u00fcberhaupt nicht m\u00f6glich. Es gesellen sich entweder Rechtsradikale dazu oder man wird von Linksradikalen als Nazi angefeindet. Entgegen d. Mehrheitsmeinung, die aber gepr\u00e4gt von d. sog. Elite ist, ist schwer anzugehen. Die Linken, obwohl ich mich frage was ist da noch links, blasen i.d. Horn d. Globalisierung, Globalisierung bedeutet aber auch, Ausbeutung der Masse i. Westen. Das will die Linke nicht sehen.Sie machen sich m.d. Kapital gemein, unterst\u00fctzen e. Fl\u00fcchtlingspolitik i. Deutschland, die d. Land schaden<br \/>\nWer l\u00e4sst ausser Deutschland eine prek\u00e4re Einwanderung unter dem Label Asyl zu, keiner. Mit den Deutschen kann man es machen, verhaftet immer noch, Schuld abtragen zu m\u00fcssen, wie lange eigentlich noch, gutgl\u00e4ubig und entpolitisiert. Der Bundestag zeigt, wie es um d. Demokratie und Meinungsvielfalt bestellt ist. Die Antifa als Trupp der 68-er, die als Kampftruppe dieser agieren gegen B\u00fcrger, die klein zu halten sind. Mich trieb schon immer die Frage um, warum kam Hitler an die Macht, warum das Schweigen. Jetzt sehe ich mich mittendrin, \u00e4hnlich ist es &#8211; man soll mundtot gemacht werden.<br \/>\nIch werde meinen Widerstand leisten, der sieht so aus, ich spreche meine Mitmenschen auf d. pol. Lage in Deutschl. an, auch wenn ich merke, kein Interesse. Ich will aber daf\u00fcr Interesse wecken, da die meisten immer noch nicht kapieren, was abl\u00e4uft. Und hoffe, es bringt Menschen auf d. Strasse, die sich verbitten von rechts o. links instrumentalisiert zu werden, denn es geht um oben und unten. Wir im Hamsterrad, immer weniger Kohle f. seine Arbeit, da stimmt doch etwas nicht. Eingelullt von Medien, die nichts mehr kritisch hinterfragen, sondern Meinung machen. Ich m\u00f6chte mein Umfeld sensibilisieren ohne Besserwisserei, vielleicht wird so mancher kapieren, was abl\u00e4uft. Eigentlich br\u00e4uchte es eine Revolution auf europ. Ebene. Denn wir bleiben sonst die Getriebenen. Es hat schon System, immer weniger Geld f. seine Arbeit, Leben wird teurer, da kann man nicht mehr nachdenken \u00fcber d. was Poltik macht, sondern nur noch nachdenken, wie man sein Leben finanziell gestaltet. So ist das gedacht von den Eliten, dazu noch entsprechende Medien, die erziehen. Ich wehre mich gegen diese Diktatur auf meine Weise, nat\u00fcrlich letztlich auch an der Wahlurne.<br \/>\nWarum ist gerade die junge Generation so desinteressiert, da sie eben sehen muss, wie sie ihre Zukunft gestaltet, da bleibt oft kein Gedanke mehr f\u00fcr Politik, ein Fehler, ein grosser soga,r welchen ich dieser Generation vorhalten muss, total pol. amputiert. Wir um die 50\/60 Jahre haben die beste Zeit in Deutschland\u00a0erlebt, finanziell, wir konnten planen, unsere Freiheit, die Empanzipationsbewegung, wir sehen ,das wird eingeschr\u00e4nkt Tag um Tag mehr. Wir hatten eine gute Zeit erwischt, wirtschaftlich. und gesellschaftlich. Wir, die mittlere bis \u00e4ltere Generation, sollten uns gerade mit den Jungen auseinandersetzen, damit sie nachdenken. Oder wir lassen es, und sagen uns, geht uns nix an, was in 20 Jahren ist, das kann es aber auch nicht sein.<br \/>\n15.12.2016, Karin G, TO<\/p>\n<p><strong>W\u00e4hlen gehen<\/strong><br \/>\nIch wundere mich doch sehr, wieso einige Mitkommentatoren Hinweise zum m\u00f6glichen Widerstand im Artikel vermissen. Was, bitte sch\u00f6n, ist daran so schwer, 2017, ganz allein in der Wahlkabine, (noch) unbeobachtet und v\u00f6llig frei im Handeln, ein einziges &#8211; na gut: 2 &#8211; Kreuzchen zu setzen? Ich darf mal ein Zitat Meuthens als Tipp benennen: &#8222;51% f\u00fcr die AfD = 100% R\u00fcckf\u00fchrung abgelehnter Asylbewerber&#8220;! (das mit 51% = &#8230; trifft nat\u00fcrlich ebenso f\u00fcr ein Relaunch des Bildungssystems, Fehlerkorrekturen beim Euro, Zur\u00fcckstutzen des EU-Molochs, und und und &#8230; zu!) Und wer jetzt sagt: &#8222;das wird niemals was mit 51%, und selbst 30% w\u00fcrden nicht helfen&#8220; &#8230;<br \/>\nDas sehe ich 1. anders, und 2: wenn wirklich zu viele W\u00e4hler nicht in der Lage sind zu erkennen, was gut f\u00fcr sie ist und was nicht, dann lag es nicht an der mangelnden M\u00f6glichkeit, mit Kreuzchen das Land ver\u00e4ndern zu k\u00f6nnen. Dann haben wir mehrheitlich eben nicht gewollt!<br \/>\n15.12.2016, Micci<\/p>\n<p><strong>Frage in einigen Jahren: Warum habt ihr damals nichts unternommen?<\/strong><br \/>\nIch sehe derzeit nur zwei M\u00f6glichkeiten der nicht beantworteten Frage von Widerstand. Es soll ja demokratisch ablaufen, wie von der Politik immer betont. Somit gilt die Wahlstimme als Mittel Nr. 1 aller 4 Jahre und eine zweite Variante ist die Demonstration.<br \/>\nNun haben wir gesehen, dass bei Politik erst Handlungsbedarf besteht, wenn die homogene Masse des Widerstandes so gro\u00df wird, dass die Politik reagieren muss und nicht auf einen demokratischen Weg verweist und schon gar nicht auf Vertrags und Gesetzesgrundlage. Denn diese wurde bei der Masse Fl\u00fcchtling v\u00f6llig \u00fcber Bord geworfen. Ein Gesetzesbruch. Ebenso war das Ende der DDR durch den Druck der Masse bestimmt. Die Politiker sind ihrer Macht enthoben worden, weil sie keine M\u00f6glichkeit hatte, ohne Anwendung von Gewalt, diese Macht der Masse zu b\u00e4ndigen.<br \/>\nGanz deutlich wird es auch, wenn Politiker bei Gro\u00dfen Firmeninsolvenzen sofort eingreifen und bei kleinern die Menschen &#8222;abtropfen&#8220; lassen. Wenn mit Trillerpfeifen f\u00fcr mehr Lohn gek\u00e4mpft wird, macht man die Fenster zu, wenn aber es an die Existenz der Politiker geht und Gefahr besteht von der Masse erdr\u00fcckt zu werden, passiert etwas. Wenn die Masse des Widerstandes als w\u00e4chst, wird man handeln. Das erleben wir seit Pegida bis heute in Denunziation und Berichterstattung sowohl den Joker, den Widerstand als &#8222;Nazisumpf&#8220; zu verunglimpfen. Im Grunde hat man die Forderung von Pegida schon fast alle umgesetzt, dennoch bliebt der Generalverdacht durch die Politik bestehen, dort laufen nur Rechte. Obwohl dach die politik den Generalverdacht nicht sehen will, wenn es um Fl\u00fcchtlinge geht. Zus\u00e4tzlich hat man alles in Bewegung gesetzt, um diesen Keim des Widerstandes zu ersticken. Dabei muss man erw\u00e4hnen, dass die Gewalt immer von der Linken Seite ausging. Wie zum Endes der Weimarer Republik, waren es die gewaltbereiten Kommunisten, die zum Schluss die Elite veranlasste den Artikel 48 der Weimaer Reichsverfassung einzuf\u00fchren.<br \/>\nDie heutige Politik bringt in ihrem Handeln die Antwort auf die Frage, warum haben damals die Urgro\u00dfeltern und Eltern, Hitler den Weg bereitet? Man kann auch mit antworten, weil die SPD sich mit der KPD nicht einigen konnte.<\/p>\n<p>Die Politik wei\u00df ganz genau, was passiert, wenn die Masse zu stark wird. 2008 hat man vor einem Sturm der Masse auf die Banken enorme Angst gehabt. Und man hat auch Angst vor der Masse eines sich formierenden Widerstandes und beginnt jetzt mit den Mitteln wie es die Nationalsozialisten sowie die DDR Eliten praktiziert hatten, diese Widerstand zu brechen. Er l\u00e4\u00dft sich aber nicht brechen, wenn Millionan Menschen den Weg beschreiten, weil unsere Regierung nicht mit Waffen vorgehen wird. Und wenn Millionen zum Kanzleramt ziehen, muss man einlenken. So ist der Weg. Der Einzige, auf dem man mit allen rechnen muss, was unsere Regierung jetzt schon an Diktatur zeigt. Die Frage ist, wann ist die Schwelle erreicht, das wir rechtzeitig noch den Widerstand formieren k\u00f6nnen, bevor man unsere Grundwerte soweit schrittweise aufgegeben hat, dass eine Verschiebung der Kr\u00e4fte mit unseren demokratischen Mitteln den Weg in eine Diktatur f\u00fchrt, weil die Unterminierung unserer Gesellschaft freiwillig durch unsere Eliten betrieben wird.<br \/>\nWie weit sind heute die Menschen in der Lage, die Wahlspr\u00fcche der heutigen Eliten zu erkennen, wie den Wahlspruch von Damals, &#8222;Wer Hitler w\u00e4hlt, w\u00e4hlt den Krieg&#8220;. In wie weit erkennen die Menschen rechtzeitig, wo unsere Eliten uns hinf\u00fchren. Denn sonst werden unsere Enkel und Urenkel wieder nur in 70 Jahren fragen, warum hab ihr damals nichts unternommen.<br \/>\n15.12.2016, Berk, TO<\/p>\n<p><strong>Man beklagt die Passivit\u00e4t der anderen und tut selber nichts<\/strong><br \/>\nAnkn\u00fcpfend an diesen Text wirkt es eventuell etwas entschuldigend, wenn ich hier lieber unter Pseudonym schreibe. Andere tun es nicht &#8211; und daf\u00fcr schulden wir ihnen Dank und ehrlichen Respekt. Der Text ist wirklich hervorragend und dr\u00fcckt das aus, was auch mir schon lange, bedr\u00fcckend, auf dem Herzen liegt. Es stimmt schon lange etwas nicht mehr in Deutschland, etwas ist nicht mehr gesund &#8211; aber seit dem, was sie Fl\u00fcchtlingskrise genannt haben, brechen fast t\u00e4glich neue Eiterbeulen auf, deren Gestank nicht mehr sch\u00f6n zu reden ist. Da rede ich nicht von den Symptomen dieser Krankheit, nicht von der steigenden Kriminalit\u00e4t, nicht von den \u00dcbergriffen durch Migranten, nicht vom Terror oder dem sinkenden Sicherheitsgef\u00fchl. Das Land, der Staat ist krank oder krank gemacht und die k\u00f6rpereigene Abwehr, hier und da noch in Funktion, scheint ebenfalls schon infiziert. Wo ist zum Beispiel die Gewaltenteilung, wenn die Justiz im Sinne der Regierung urteilt? Es ist nicht die Regel und es gibt zum Gl\u00fcck noch Gegenbeispiele, es macht jedoch Angst, kostet Vertrauen. Dass die Medien sich als vierte Gewalt etabliert haben und wessen Lied sie singen, ist ebenfalls mehrfach \u00fcberdeutlich geworden. Ausnahmen best\u00e4tigen auch hier die Regel, der sich verabschiedende jounalistische Pluralismus ist aber ein wichtiger Teil des Problems. Viele Menschen in Deutschland h\u00f6ren die Alarmglocken oder haben zumindest ein st\u00f6rendes Bimmeln im Hinterkopf, das ihr Wohlbefinden beeintr\u00e4chtigt. Was aber tun, wenn man es vollbracht hat, in seinem wohlbeh\u00fcteten Leben das Leuten der Alarmglocken als solches wahrzuhaben? Allein das ist schon eine Leistung &#8211; aber wie soll es weitergehen?<br \/>\nWas sollen wir tun? Warten bis zur n\u00e4chsten Wahl? Hoffen, dass die AfD gewinnt? Wenn die AfD ungeeignet ist &#8211; was sollen wir dann w\u00e4hlen? Konkret?<br \/>\nWeiter klagen? Demonstrieren? Pegida ist doch auch schlecht oder intelektuell nicht vertretbar, oder? Ich habe keine Ahnung, was man tun soll. Mal ehrlich: Man staunt einfach nur jeden Tag \u00fcber die Passivit\u00e4t der Mitmenschen, macht selber nichts und hofft, dass die Katastrophen dieser katastrophalen Politik immer nur die anderen treffen. Das ist der Status quo &#8211; Augen zu und durch.<br \/>\nSie sagen doch &#8222;Wir schaffen das&#8220;! Nich nur ich weiss, dass es in die Hose gehen wird &#8211; aber WAS TUN? Irgendwelche Vorschl\u00e4ge?<br \/>\n15.12.2016, Spreu, TO<\/p>\n<p><strong>Wie Widerstand leisten?<\/strong><br \/>\nLeider wurde die Frage &#8222;Wie der B\u00fcrger heutzutage Widerstand leisten k\u00f6nne&#8220; nicht beantwortet. Ich zermattere mir immer wieder den Kopf, was man machen sollte. Immer, wenn ich mit Freunden zusammen bin, mache ich darauf aufmerksam, was in den Medien NICHT oder falsch gesagt wurde. Ich mache darauf aufmerksam, dass man nicht die Tierschutzpartei w\u00e4hlen sollte, wenn man in diesem Land etwas \u00e4ndern will, weil man dann letztendlich doch Merkel gew\u00e4hlt hat. Ich habe in meinem Umfeld noch niemanden getroffen, der das, was Merkel vertritt, billigt, aber oft treffe ich auf ebenso ratlose Menschen, wie ich es bin. Manches Mal verzweifle ich dabei, weil mich verst\u00e4ndnislose Augen anschauen, verbildet durch die Tageszeitung unserer Stadt, nicht begreifend, was eigentlich gespielt wird oder im Fatalismus versinkend. F\u00fcr mich ist wichtig, den Mund nicht zu halten. Mir ist es als Dunkeldeutsche &#8211; da aus Sachsen &#8211; sowas von egal, was Nullen, die noch nichts im Leben geleistet haben, von mir sagen. Wenn sie meinen, dass ich Nazi sein soll, dann bin ich eben Nazi und wundere mich im Stillen nur, wie ungebildet diese Kreischer sind, wie wenig sie von unserer Geschichte \u00fcberhaupt verstehen, verstehen wollen. Bei mir hat es auch ein bisschen gedauert bis ich zu dieser Einsicht kam, aber irgendwann ist das Ma\u00df einfach voll und ich k\u00fcndigte Merkel und Co. schlichtweg die Gefolgschaft. Ob beim Zahnarzt (wie heute) oder im Laden, im Gespr\u00e4ch mit Nachbarn, Brieftr\u00e4gern, Hausmeistern oder zuf\u00e4llig auf der Stra\u00dfe, man muss zu seiner Meinung stehen und sie auch lauthals verk\u00fcnden. Das ist nicht viel, aber wenn das alle nach und nach machen w\u00fcrden, w\u00e4re das schon ein gro\u00dfartiger Chor. Jeder Umbruch beginnt ganz klein.<br \/>\n15.12.2016, Pa Wi, TO<\/p>\n<p>&nbsp;<\/p>\n<p>n<\/p>\n","protected":false},"excerpt":{"rendered":"<p>Home &gt;Engagement &gt;Zukunft &gt;Demokratie &gt;Widerstand &nbsp; Listenauswahl eines Beitrags (Artikel\/Datum, Seite\/Inhalt):\u00a0Klicken\u00a0oder scrollen Widersetzen \u2013 aber ohne Gewalt\u00a0(9.7.2026) \u201eHalt die Fresse\u201c \u2013 Zivilcourage\u00a0(11.2.2026) Faule Deutsche \u2013 fleissige Politiker\u00a0(21.1.2026) Die politische Linke lacht \u00fcber die Streitereien innerhalb der Konservativen\u00a0(24.10.2025) Die Wahlumfragen zeigen &hellip; <a href=\"https:\/\/www.freiburg-schwarzwald.de\/blog\/engagement\/zukunft\/demokratie\/widerstand\/\">Weiterlesen <span class=\"meta-nav\">&rarr;<\/span><\/a><\/p>\n","protected":false},"author":2,"featured_media":0,"parent":21084,"menu_order":0,"comment_status":"open","ping_status":"closed","template":"","meta":{"footnotes":""},"class_list":["post-63793","page","type-page","status-publish","hentry"],"_links":{"self":[{"href":"https:\/\/www.freiburg-schwarzwald.de\/blog\/wp-json\/wp\/v2\/pages\/63793","targetHints":{"allow":["GET"]}}],"collection":[{"href":"https:\/\/www.freiburg-schwarzwald.de\/blog\/wp-json\/wp\/v2\/pages"}],"about":[{"href":"https:\/\/www.freiburg-schwarzwald.de\/blog\/wp-json\/wp\/v2\/types\/page"}],"author":[{"embeddable":true,"href":"https:\/\/www.freiburg-schwarzwald.de\/blog\/wp-json\/wp\/v2\/users\/2"}],"replies":[{"embeddable":true,"href":"https:\/\/www.freiburg-schwarzwald.de\/blog\/wp-json\/wp\/v2\/comments?post=63793"}],"version-history":[{"count":6,"href":"https:\/\/www.freiburg-schwarzwald.de\/blog\/wp-json\/wp\/v2\/pages\/63793\/revisions"}],"predecessor-version":[{"id":151319,"href":"https:\/\/www.freiburg-schwarzwald.de\/blog\/wp-json\/wp\/v2\/pages\/63793\/revisions\/151319"}],"up":[{"embeddable":true,"href":"https:\/\/www.freiburg-schwarzwald.de\/blog\/wp-json\/wp\/v2\/pages\/21084"}],"wp:attachment":[{"href":"https:\/\/www.freiburg-schwarzwald.de\/blog\/wp-json\/wp\/v2\/media?parent=63793"}],"curies":[{"name":"wp","href":"https:\/\/api.w.org\/{rel}","templated":true}]}}