{"id":63725,"date":"2016-12-11T18:52:49","date_gmt":"2016-12-11T17:52:49","guid":{"rendered":"https:\/\/www.freiburg-schwarzwald.de\/blog\/?page_id=63725"},"modified":"2026-01-31T22:34:00","modified_gmt":"2026-01-31T21:34:00","slug":"deutsche","status":"publish","type":"page","link":"https:\/\/www.freiburg-schwarzwald.de\/blog\/global\/deutschland\/deutsche\/","title":{"rendered":"Deutsche"},"content":{"rendered":"<p><a href=\"https:\/\/freiburg-schwarzwald.de\/blog\">Home<\/a> &gt;<a title=\"Engagement\" href=\"https:\/\/www.freiburg-schwarzwald.de\/blog\/engagement\/\">Engagement<\/a> &gt;<a title=\"Zukunft\" href=\"https:\/\/www.freiburg-schwarzwald.de\/blog\/engagement\/zukunft\/\">Zukunft<\/a> &gt;<a title=\"Demokratie\" href=\"https:\/\/www.freiburg-schwarzwald.de\/blog\/engagement\/zukunft\/demokratie\/\">Demokratie<\/a> &gt;<a title=\"Global\" href=\"https:\/\/www.freiburg-schwarzwald.de\/blog\/global\/\">Global<\/a> &gt;<a title=\"Deutschland\" href=\"https:\/\/www.freiburg-schwarzwald.de\/blog\/global\/deutschland\/\">Deutschland<\/a> &gt;Deutsche<\/p>\n<div id=\"attachment_63723\" style=\"width: 650px\" class=\"wp-caption alignnone\"><a href=\"https:\/\/www.freiburg-schwarzwald.de\/blog\/ehrenamt-freiburg-2016-preise\/ehrenamt-freiburg-pan161207\/\" rel=\"attachment wp-att-63723\"><img loading=\"lazy\" decoding=\"async\" aria-describedby=\"caption-attachment-63723\" class=\"size-full wp-image-63723\" src=\"https:\/\/www.freiburg-schwarzwald.de\/blog\/wp-content\/uploads\/2016\/12\/ehrenamt-freiburg-pan161207.jpg\" alt=\"Freiburger , die f\u00fcr ihr ehrenamtliches Engagement ausgezeichnet wurden, im Dezember 2016\" width=\"640\" height=\"285\" srcset=\"https:\/\/www.freiburg-schwarzwald.de\/blog\/wp-content\/uploads\/2016\/12\/ehrenamt-freiburg-pan161207.jpg 640w, https:\/\/www.freiburg-schwarzwald.de\/blog\/wp-content\/uploads\/2016\/12\/ehrenamt-freiburg-pan161207-180x80.jpg 180w\" sizes=\"auto, (max-width: 640px) 100vw, 640px\" \/><\/a><p id=\"caption-attachment-63723\" class=\"wp-caption-text\">Freiburger , die f\u00fcr ihr <a title=\"Ehrenamt Freiburg 2016 \u2013 Preise\" href=\"https:\/\/www.freiburg-schwarzwald.de\/blog\/ehrenamt-freiburg-2016-preise\/\">ehrenamtliches Engagement <\/a>ausgezeichnet wurden, im Dezember 2016<\/p><\/div>\n<h3><strong>Deutsche = &#8222;Diejenigen, die schon l\u00e4nger hier leben&#8220; (Angela Merkel)<br \/>\nVolk = &#8222;Das Volk ist jeder, der in diesem Lande lebt&#8220; (Angela Merkel)<br \/>\n<\/strong>Was nun?<\/h3>\n<p>.<\/p>\n<ul>\n<li><em>Listenauswahl eines Beitrags: Bitte\u00a0<span style=\"text-decoration: underline;\">anklicken<\/span>\u00a0oder runterscrollen<\/em><\/li>\n<li><a href=\"https:\/\/www.freiburg-schwarzwald.de\/blog\/faule-deutsche-auch-dumm\/\">Faule Deutsche \u2013 auch dumm?<\/a>\u00a0(31.1.2026)<\/li>\n<li><a href=\"https:\/\/www.freiburg-schwarzwald.de\/blog\/engagement\/zukunft\/demokratie\/rechts\/krah\/\">Krah: 15 Punkte zum Zusammenleben in multi-ethnischen Zeiten: Alle werden gl\u00fccklich!<\/a>\u00a0(15.6.2025)<\/li>\n<li><a href=\"https:\/\/www.freiburg-schwarzwald.de\/blog\/engagement\/zukunft\/demokratie\/volk\/siedlungsgebiet\/\">Volksbegriff, Land ohne Volk, \u201eNo Border, no Nation\u201c-Ideologie, Siedlungsgebiet<\/a>\u00a0(4.5.2025)<\/li>\n<li><a href=\"https:\/\/www.freiburg-schwarzwald.de\/blog\/engagement\/buergerinitiativen\/demo\/massendemonstrationen\/\">Ein Land im Gleichschritt: Feindbild \u201egegen rechts\u201c<\/a>\u00a0(6.2.2024)<\/li>\n<li><a href=\"https:\/\/www.freiburg-schwarzwald.de\/blog\/engagement\/zukunft\/demokratie\/volk\/\">Das Deutsche Volk<\/a> (28.12.2023)<\/li>\n<li><a href=\"https:\/\/www.freiburg-schwarzwald.de\/blog\/einfach-deutsche-ueber-70-toeten\/\">Einfach Deutsche \u00fcber 70 t\u00f6ten<\/a>\u00a0(20.11.2023)<\/li>\n<li><a href=\"https:\/\/www.freiburg-schwarzwald.de\/blog\/engagement\/zukunft\/sarrazin\/\">Sarrazin: \u201eEs werden nur keine Deutschen mehr in Deutschland sein\u201c<\/a> (18.11.2023)<\/li>\n<li><a href=\"https:\/\/www.freiburg-schwarzwald.de\/blog\/global\/deutschland\/deutschland-kaputt\/kartoffeln\/\">Deutsche als Kartoffeln: Gibt es antideutschen \u201eRassismus\u201c?<\/a>\u00a0(10.3.2023)<\/li>\n<li>U<a title=\"Gender\" href=\"https:\/\/www.freiburg-schwarzwald.de\/blog\/selbsthilfe\/frauen\/gender\/\">nterschriftenaktion des VDS gegen Gender-Sprache<\/a>\u00a0(6.3.2019)<\/li>\n<li>Deutsche Nationalit\u00e4t einfach abschaffen (16.11.2018)<\/li>\n<li>Sch\u00e4uble: Deutsche sind &#8222;Rest der Bev\u00f6lkerung&#8220;\u00a0 (10.4.2018)<\/li>\n<li><a href=\"https:\/\/www.freiburg-schwarzwald.de\/blog\/ich-hoffe-von-herzen-fuer-2018\/\">https:\/\/www.freiburg-schwarzwald.de\/blog\/ich-hoffe-von-herzen-fuer-2018\/<\/a> (1.1.2018)<\/li>\n<li>In D gibt es Gefl\u00fcchtete und Beheimatete, aber keine Deutschen (18.10.2017)<\/li>\n<li><a href=\"https:\/\/www.freiburg-schwarzwald.de\/blog\/genetic-social-engineering\/\">https:\/\/www.freiburg-schwarzwald.de\/blog\/genetic-social-engineering\/<\/a> (31.8.2017)<\/li>\n<li><a title=\"Merkel-muss-weg\" href=\"https:\/\/www.freiburg-schwarzwald.de\/blog\/engagement\/zukunft\/demokratie\/merkel-muss-weg\/\">Merkels Dummheit: \u201eDas Volk ist jeder, der in diesem Land lebt\u201c<\/a> (28.2.2017)<\/li>\n<li>Die neuen Deutschen (13.1.2017)<\/li>\n<li>Gerechtigkeitsl\u00fccke zwischen Deutschen und Migranten (31.12.2016)<\/li>\n<li>Kriminalit\u00e4t: Pauschalverurteilung von Deutschen ohne Migrationshintergrund (15.12.2016)<\/li>\n<li><a title=\"Pauschalisierung und Einzelfall\" href=\"https:\/\/www.freiburg-schwarzwald.de\/blog\/pauschalisierung-und-einzelfall\/\">Pauschalisierung und Einzelfall<\/a> (11.12.2016)<\/li>\n<li><a href=\"https:\/\/www.freiburg-schwarzwald.de\/blog\/interkulturelle-oeffnung\/\">https:\/\/www.freiburg-schwarzwald.de\/blog\/interkulturelle-oeffnung\/<\/a> (12.11.2016)<\/li>\n<li>Die m\u00fcndigen B\u00fcrger &#8211; eine Bev\u00f6lkerungsgruppe, \u00fcber die man nicht spricht (8.12.2016)<\/li>\n<li><\/li>\n<li><a title=\"Deutschland\" href=\"https:\/\/www.freiburg-schwarzwald.de\/blog\/global\/deutschland\/\">Deutschland<\/a><\/li>\n<li><a title=\"Deutsche-Kultur\" href=\"https:\/\/www.freiburg-schwarzwald.de\/blog\/global\/deutschland\/deutsche-kultur\/\">Deutsche-Kultur<\/a><\/li>\n<li><a title=\"Identitaet\" href=\"https:\/\/www.freiburg-schwarzwald.de\/blog\/engagement\/zukunft\/demokratie\/identitaet\/\">Identitaet<\/a><\/li>\n<li><a href=\"https:\/\/www.freiburg-schwarzwald.de\/blog\/global\/deutschland\/deutschland-kaputt\/kartoffeln\/\">Kartoffeln &#8211; f\u00fcr Deutsche<\/a><\/li>\n<li><a title=\"Konservativ\" href=\"https:\/\/www.freiburg-schwarzwald.de\/blog\/engagement\/zukunft\/demokratie\/konservativ\/\">Konservativ<\/a><\/li>\n<li><a href=\"https:\/\/www.freiburg-schwarzwald.de\/blog\/engagement\/zukunft\/demokratie\/rechts\/krah\/\">Krah, Maximilian<\/a><\/li>\n<li><a title=\"Leitkultur\" href=\"https:\/\/www.freiburg-schwarzwald.de\/blog\/kultur\/leitkultur\/\">Leitkultur<\/a><\/li>\n<li><a href=\"https:\/\/www.freiburg-schwarzwald.de\/blog\/engagement\/buergerinitiativen\/demo\/massendemonstrationen\/\">Massendemonstrationen<\/a><\/li>\n<li><a title=\"Merkelismus\" href=\"https:\/\/www.freiburg-schwarzwald.de\/blog\/engagement\/zukunft\/demokratie\/merkelismus\/\">Merkelismus<\/a><\/li>\n<li><a title=\"Nation\" href=\"https:\/\/www.freiburg-schwarzwald.de\/blog\/engagement\/zukunft\/demokratie\/nation\/\">Nation<\/a><\/li>\n<li><a title=\"Nationalismus\" href=\"https:\/\/www.freiburg-schwarzwald.de\/blog\/engagement\/zukunft\/demokratie\/nationalismus\/\">Nationalismus<\/a><\/li>\n<li><a title=\"Nudging\" href=\"https:\/\/www.freiburg-schwarzwald.de\/blog\/engagement\/zukunft\/demokratie\/nudging\/\">Nudging \u2013 der erziehende Staat<\/a><\/li>\n<li><a title=\"Parlament\" href=\"https:\/\/www.freiburg-schwarzwald.de\/blog\/engagement\/zukunft\/demokratie\/parlament\/\">Parlament \u2013 Bundestag<\/a><\/li>\n<li><a title=\"Patriotismus\" href=\"https:\/\/www.freiburg-schwarzwald.de\/blog\/engagement\/zukunft\/demokratie\/patriotismus\/\">Patriotismus<\/a><\/li>\n<li><a title=\"Populismus\" href=\"https:\/\/www.freiburg-schwarzwald.de\/blog\/engagement\/zukunft\/demokratie\/populismus\/\">Populismus<\/a><\/li>\n<li><a title=\"Rechtsstaat\" href=\"https:\/\/www.freiburg-schwarzwald.de\/blog\/selbsthilfe\/soziales\/justiz\/rechtsstaat\/\">Rechtsstaat<\/a><\/li>\n<li><a href=\"https:\/\/www.freiburg-schwarzwald.de\/blog\/engagement\/zukunft\/demokratie\/volk\/siedlungsgebiet\/\">Siedlungsgebiet<\/a><\/li>\n<li><a title=\"Sozialstaat\" href=\"https:\/\/www.freiburg-schwarzwald.de\/blog\/selbsthilfe\/soziales\/sozialstaat\/\">Sozialstaat<\/a><\/li>\n<li><a title=\"Staatsbuergerschaft\" href=\"https:\/\/www.freiburg-schwarzwald.de\/blog\/engagement\/zukunft\/demokratie\/staatsbuergerschaft\/\">Staatsb\u00fcrgerschaft<\/a><\/li>\n<li><a title=\"Volk\" href=\"https:\/\/www.freiburg-schwarzwald.de\/blog\/engagement\/zukunft\/demokratie\/volk\/\">Volk<\/a><\/li>\n<li><a title=\"Zeitgeist\" href=\"https:\/\/www.freiburg-schwarzwald.de\/blog\/engagement\/zeitgeist\/\">Werte<\/a><\/li>\n<li>zeitgeist<\/li>\n<\/ul>\n<p><strong>Ablehnung des ethnischen Volksbegriffs<\/strong><br \/>\nEs widerspricht dem <a href=\"https:\/\/www.freiburg-schwarzwald.de\/blog\/engagement\/zukunft\/demokratie\/grundgesetz\/\">Grundgesetz<\/a>, ist also nicht verfassungsgem\u00e4\u00df, einen Menschen aufgrund des ethnischen &#8211; man liest auch ethnisch-kulturellen und ethnisch-abstammungsm\u00e4\u00dfigen &#8211; <a href=\"https:\/\/www.freiburg-schwarzwald.de\/blog\/engagement\/zukunft\/demokratie\/volk\/\">Volksbegriffs<\/a> zu benachteiligen. Beispiel (Quelle: BfV): &#8222;deutsche Staatsangeh\u00f6rige mit Migrationsgeschichte aus muslimisch gepr\u00e4gten L\u00e4ndern nicht als gleichwertig&#8220; behandeln.<br \/>\nAlle in den Parlamenten vertretenen Parteien wie AfD, CDU, FDP, FreieW\u00e4hler, Gr\u00fcne, Linke und SPD lehnen derlei Ungleichbehandlung in ihren Parteiprogrammen ab. Die AfD hat hierzu zus\u00e4tzlich am 18.1.2021 die &#8222;Erkl\u00e4rung zum deutschen Staatsvolks und zur deutschen Identit\u00e4t&#8220; <a href=\"https:\/\/www.afd.de\/staatsvolk\/\">https:\/\/www.afd.de\/staatsvolk\/<\/a> ver\u00f6ffentlicht.<br \/>\n============================================================<\/p>\n<p>.<\/p>\n<p><strong>Deutsche Nationalit\u00e4t einfach abschaffen<\/strong><br \/>\nDie Herausforderungen auf dem \u201eWeg zu einer neuen EU-Migrationspolitik\u201c will eine Konferenz in Berlin aufzeigen. Als gr\u00f6\u00dfte Herausforderung erweist sich dabei, jene mitzudenken, die diese Politik tragen sollen: die B\u00fcrger. &#8230;.<br \/>\nDas Spannende an der Konferenz ist andererseits, dass die in diesem edlen Ambiente Versammelten auch noch so abenteuerlich haneb\u00fcchene Aussagen machen k\u00f6nnen, ohne dass auch nur eine Nachfrage auftaucht \u2013 geschweige denn Widerspruch:<br \/>\n&#8230;.<br \/>\n<em>\u201eDeutschsein in Deutschland sollte man nicht mehr als Nationalit\u00e4t betrachten, sondern als republikanischen Ansatz. Wer hier ist, ist Deutsch.\u201c <\/em><br \/>\n<em>(Ferda Ataman, Neue Deutsche Organisationen)<br \/>\n<\/em>\u00a0.<br \/>\n<strong><em>Die Stimme versagt. Jetzt wird der Nationalstaat zum Siedlungsgebiet umgedeutet.<\/em><\/strong> Dass der Nationalstaat Tr\u00e4ger aller kollektiven sozialen Sicherungssysteme ist und B\u00fcrgerrechte aus guten Gr\u00fcnden systematisch an Staatsb\u00fcrgerschaft gebunden sind, kommt hier nicht mehr vor.<br \/>\n&#8230; Alles vom 16.11.2018 von Christopher Walther bitte lesen auf<br \/>\n<a href=\"https:\/\/www.tichyseinblick.de\/meinungen\/konferenz-zur-eu-migrationspolitik-monolog-der-maechtigen\/\">https:\/\/www.tichyseinblick.de\/meinungen\/konferenz-zur-eu-migrationspolitik-monolog-der-maechtigen\/<\/a><br \/>\n.<br \/>\n.<br \/>\n<strong>Sch\u00e4uble: Deutsche sind &#8222;Rest der Bev\u00f6lkerung&#8220;<\/strong><br \/>\nZwei S\u00e4tze von Wolfgang Sch\u00e4uble zeigen wie durch ein Brennglas die Hilflosigkeit und Unwilligkeit von Merkels Migrationspolitik.<br \/>\nSein Satz <em><strong>\u00bbWir k\u00f6nnen nicht den Gang der Geschichte aufhalten\u00ab<\/strong><\/em>, bezogen auf den dramatisch angewachsenen Anteil von Menschen muslimischen Glaubens, zeigt erschreckend, dass die Bundesregierung unter der Kanzlerschaft von Angela Merkel die illegale Massenzuwanderung als unabwendbares Schicksal einer fernen Zeit, f\u00fcr die die Bundesregierung keinerlei Verantwortung tr\u00e4gt, deklariert, um sich reinzuwaschen.<br \/>\nDie bis heute ungesicherten Grenzen, \u00fcber die tagt\u00e4glich neue Migranten in unser Land kommen, die Unf\u00e4higkeit, kriminelle und illegale Migranten konsequent wieder au\u00dfer Landes zu bringen, Gewalt und Betrug zahlloser Migranten nicht ad\u00e4quat zu ahnden, all das soll mit diesem Satz Sch\u00e4ubles aus der Verantwortung der Bundesregierung in die Geschichte verlagert werden.<br \/>\nMit seiner weiteren lapidaren Aufforderung <strong><em>\u00bbUnd der Rest der Bev\u00f6lkerung muss akzeptieren, dass es in Deutschland einen wachsenden Anteil von Muslimen gibt\u00ab<\/em><\/strong>, zeigt, dass \u00fcberhaupt nicht daran gedacht ist, den Migrationszustrom zu stoppen. Erst recht scheint man nicht willens, eine R\u00fcckf\u00fchrung all derer, die hier nur tempor\u00e4ren Schutz erhalten d\u00fcrfen, konsequent in die Wege zu leiten.<br \/>\nWas aber nahezu die Sprache verschl\u00e4gt, ist die in diesem Satz enthaltene Aussage, dass das deutsche Mehrheitsvolk als \u00bbRest der Bev\u00f6lkerung\u00ab bereits gesellschaftspolitisch an den Rand gedr\u00fcckt wird. Die Politik dieser seit 2005 regierenden Kanzlerin wird durch die Aussagen des jahrelangen Bundesfinanzministers Wolfgang Sch\u00e4uble nicht entschuldet, sondern er liefert den Offenbarungseid! &#8230;<br \/>\nAlles von Erika Steinbach vom 10.4.2018 bitte lesen auf<br \/>\n<a href=\"https:\/\/www.deutschland-kurier.org\/islam-debatte-schaeubles-offenbarungseid\/\">https:\/\/www.deutschland-kurier.org\/islam-debatte-schaeubles-offenbarungseid\/<\/a><\/p>\n<p><em>Erika Steinbach<\/em><br \/>\n<em>war von 1990 bis 2017 Mitglied des Deutschen Bundestages. Die fr\u00fchere Pr\u00e4sidentin des Bundes der Vertriebenen trat 2017 nach \u00fcber 40-j\u00e4hriger Mitgliedschaft aus Protest gegen Merkels Masseneinwanderungspolitik aus der CDU aus. &#8230;<\/em><\/p>\n<p>.<\/p>\n<p>&nbsp;<\/p>\n<p><strong>In D gibt es Gefl\u00fcchtete und Beheimatete, aber keine Deutschen<\/strong><br \/>\nEin Projekt namens \u201eKitchen on the run\u201c. Eine vom BAMF gef\u00f6rderte Integrationsma\u00dfnahme des Vereins \u201e\u00dcber den Tellerrand e.V.\u201c, bei dem eine mobile K\u00fcche samt Team quer durch Deutschland reist und anerkannte \u201eGefl\u00fcchtete\u201c und \u201eBeheimatete\u201c zum gemeinsamen Kochen animieren soll. F\u00fcr Emp\u00f6rung sorgte, Sie ahnen es vermutlich bereits, dabei nicht das kreative Projekt selbst, sondern die dem Begriff \u201eGefl\u00fcchtete\u201c gegen\u00fcbergestellte Bezeichnung \u201eBeheimatete\u201c f\u00fcr jene, die \u201eschon l\u00e4nger hier leben\u201c.<br \/>\nAuf Nachfrage hei\u00dft es von der Pressestelle vom Bundesamt f\u00fcr Migration und Fl\u00fcchtlinge hierzu: \u201eWir haben in dem Kontext das Wort \u201eBeheimatete\u201c gew\u00e4hlt, da bei dem von uns gef\u00f6rderten Projekt \u201eKitchen on the run\u201c auch Migranten teilgenommen haben, die schon l\u00e4nger in Deutschland leben, aber keine Gefl\u00fcchteten mehr sind. Der Begriff sollte nicht als Synonym f\u00fcr Deutsche verstanden werden.\u201c &#8230;..<br \/>\nDer Syrer, der schon l\u00e4nger hier lebt, kann gleichzeitig Syrer und \u201eBeheimateter\u201c sein. Der Iraker, der erst kurz hier lebt, ist Iraker und gleichzeitig \u201eGefl\u00fcchteter\u201c. Der T\u00fcrke, der schon ganz lange hier lebt, kann sogar qua Pass Deutscher und T\u00fcrke und Deutscht\u00fcrke sein. Nur die Mehrheit der schn\u00f6den, normalen Deutschen ohne Migrationshintergrund ist eben nichts mehr so richtig und das ist auch der Grund f\u00fcr die Wut. Nicht Fremdenfeindlichkeit macht aus \u201eBeheimateten\u201c w\u00fctende B\u00fcrger, sondern die sprachliche Entziehung der eigenen Identit\u00e4t.<br \/>\nDenn niemand identifiziert sich mit dem Begriff \u201eBeheimatete\u201c.<br \/>\n&#8230;.<br \/>\nAlles von Anabel Schunke vom 18.10.2017 bitte lesen auf<br \/>\n<a href=\"https:\/\/www.achgut.com\/artikel\/jede_kultur_ist_wertvoll_so_lange_es_nicht_die_eigene_ist\">https:\/\/www.achgut.com\/artikel\/jede_kultur_ist_wertvoll_so_lange_es_nicht_die_eigene_ist<\/a><\/p>\n<p>&nbsp;<\/p>\n<p>&nbsp;<\/p>\n<p><strong>Die neuen Deutschen<\/strong><br \/>\nDie Deutschen sind nicht nur im Fussball Weltmeister, sondern auch in der Ideologisierung der Problematik der Zuwanderung. Ein Beispiel hierf\u00fcr ist der deutsche Professor Herfried M\u00fcnkler. In dem Buch \u00abDie neuen Deutschen\u00bb des Ehepaars M\u00fcnkler werden Zuwanderer upgegradet, ohne eine eindeutig definierbare Bestimmung. Die anderen Gesinnungsethiker der Willkommenskultur nennen sie die \u00abneuen B\u00fcrger\u00bb. Wenn man unter B\u00fcrger Citoyen\/Citizen versteht, dann erf\u00fcllt keiner der circa zwei Millionen Fl\u00fcchtlinge diese Bestimmung. Solange Islam- Gemeinden in Europa das Integrationskonzept des Euro-Islam bek\u00e4mpfen und in Parallelgesellschaften leben, k\u00f6nnen islamische Zuwanderer keine europ\u00e4ischen Citoyens werden&#8230;.. Alles vom 12.1.2017 von <a title=\"Tibi\" href=\"https:\/\/www.freiburg-schwarzwald.de\/blog\/global\/deutschland\/tibi\/\">Bassam Tibi<\/a> zu &#8222;Die gro\u00dfe V\u00f6lkerwanderung&#8220; bitte lesen auf<br \/>\n<a href=\"https:\/\/www.achgut.com\/artikel\/die_grosse_voelkerwanderung\">https:\/\/www.achgut.com\/artikel\/die_grosse_voelkerwanderung<br \/>\n<\/a>\u00a0 .<\/p>\n<p><strong>Nihilistischer deutscher Kulturrelativismus<\/strong><br \/>\nErneut ein hervorragender Beitrag von Herrn Prof. Tibi, sachlich und informativ. Es kann nicht oft genug darauf hingewiesen werden, dass wir als Rechtsstaat klare rechtliche Regelungen haben, welche m. E. aus Nachl\u00e4ssigkeit, aus Absicht oder aus falsch verstandenem Humanismus nicht eingehalten werden. Wo sind die \u00d6ffentlich Rechtlichen Medien, welche hierzu einen klaren Bildungs- und Informationsauftrag h\u00e4tten? \u00dcber Werbebeitr\u00e4ge mit Vorbildern f\u00fcr eine gelungene Integration kommt man dort kaum hinaus. Ein Einwanderungsgesetz mit vern\u00fcnftigen und sachlichen Auswahlkriterien und einem geordneten Verfahren ist l\u00e4ngst \u00fcberf\u00e4llig, mindestens seit 30 Jahren. Und die dauerhafte Duldung nach Wegfall der Duldungsgr\u00fcnde muss sich an diesen Kriterien ebenfalls orientieren. Stattdessen sind wir unf\u00e4hig geworden, unser Recht streng durchzusetzen, es gen\u00fcgt, das ein M\u00e4dchen weint und die Kanzlerin l\u00e4sst auf Druck der Medien alle sachlich vern\u00fcnftigen und rechtlich geforderten Vollzugsma\u00dfnahmen hinf\u00e4llig werden. Das war an Prinzipienlosigkeit nicht mehr zu \u00fcbertreffen. Prof. Tibi hat recht: Dieses Land leidet an einem nihilistischen Kulturrelativismus. Wir haben tausende Jahre Geschichte gesellschaftlichen Fortschritt in die Tonne getreten wegen 12 Jahren Nationalsozialismus. Wie sollen unsere Kinder wertsch\u00e4tzen lernen, was Generationen von Vorfahren unter vielen Irrungen geschaffen haben: Wohlstand, Bildung, Frieden, Humanismus, Freiheit. Ich habe den Eindruck, wir verschenken alles das, was unseren n\u00e4chsten Generationen zustehen w\u00fcrde, aus Ahnungslosigkeit und mangelnder Selbstsch\u00e4tzung.<br \/>\n12.1.2017, Chris Lock<\/p>\n<p>&nbsp;<\/p>\n<p><strong>Gerechtigkeitsl\u00fccke zwischen Deutschen und Migranten<\/strong><br \/>\nViele B\u00fcrger haben das Gef\u00fchl, dass dem Staat bei Recht und Gesetz die Ma\u00dfst\u00e4be verrutschen. Kleinigkeiten werden geahndet, aber bei Euro-Krise oder Einwanderung werden gef\u00e4hrliche Grauzonen geduldet.<br \/>\nEs besch\u00e4digt das Rechtsstaatsverst\u00e4ndnis vieler B\u00fcrger, wenn der Staat jeden Steuercent mit aller H\u00e4rte eintreibt und einer GEZ-Verweigerin gar zwei Monate Haft aufbrummt, aber gleichzeitig in seiner Kernaufgabe \u2013 der Bereitstellung von Sicherheit \u2013 Grauzonen duldet\u00a0(<a title=\"Koeln-Silvester2016\" href=\"https:\/\/www.freiburg-schwarzwald.de\/blog\/global\/integration\/koeln-silvester2016\/\">K\u00f6ln Silvester 2016\/17<\/a>), die nun mit dazu beigetragen haben, dass ein den Beh\u00f6rden bekannter Gef\u00e4hrder und sp\u00e4terer Massenm\u00f6rder (<a title=\"Berlin19dez2016\" href=\"https:\/\/www.freiburg-schwarzwald.de\/blog\/engagement\/zukunft\/demokratie\/berlin19dez2016\/\">Berlin Weihnachtsmarkt)<\/a> nicht rechtzeitig abgeschoben werden konnte.<br \/>\nVielfach wurde dabei das Gerechtigkeitsgef\u00fchl der B\u00fcrger genauso verletzt wie der Glauben an die EU-Vertr\u00e4ge und an das Funktionieren des Rechtsstaates. Nur wenn es der Politik gelingt, diese \u201eGerechtigkeitsl\u00fccke\u201c wieder zu schlie\u00dfen, kann sie hoffen, die Sprachlosigkeit zu \u00fcberwinden, die sich in vielen westlichen Demokratien zwischen den Eliten und einem Teil der Bev\u00f6lkerung aufgetan hat. &#8230; Alles vom 31.12.2016 auf<br \/>\n<a href=\"https:\/\/www.welt.de\/debatte\/kommentare\/article160667821\/Der-Staat-verletzt-das-Gerechtigkeitsgefuehl-der-Buerger.html\">https:\/\/www.welt.de\/debatte\/kommentare\/article160667821\/Der-Staat-verletzt-das-Gerechtigkeitsgefuehl-der-Buerger.html<\/a><\/p>\n<p>&nbsp;<\/p>\n<p><strong>Kriminalit\u00e4t: Pauschalverurteilung von Deutschen ohne Migrationshintergrund<\/strong><br \/>\nEs mag nicht verwundern, dass vor allem Rote, Gr\u00fcne und Linke die l\u00fcckenlose Erfassung und Auswertung aus Gr\u00fcnden der political correctness blockieren. Die noble Begr\u00fcndung: Menschen mit Zuwanderungsgeschichte k\u00f6nne daraus allzu pauschal ein Strick gedreht werden. Dass man angesichts einer derart hohen Zahl von T\u00e4tern ausl\u00e4ndischer Herkunft mittlerweile Deutschen ohne Migrationshintergrund einen pauschalen Strick dreht? Geschenkt. Denn ja, die Zahl der ausl\u00e4ndischen Straft\u00e4ter und derer mit Migrationshintergrund ist hoch. So hoch, dass eine pauschale Unterscheidung zwischen deutschen (also auch Deutsche mit Migrationshintergrund) und ausl\u00e4ndischen Straft\u00e4tern mittlerweile einer Diskriminierung und Pauschalverurteilung von Deutschen ohne Migrationshintergrund gleichkommt. &#8230;.<br \/>\nAlles von Anabel Schunke vom 15.12.2016 bitte lesen auf<br \/>\n<a href=\"https:\/\/www.tichyseinblick.de\/meinungen\/das-grosse-geheimnis-kriminalitaetsstatistik\/\">https:\/\/www.tichyseinblick.de\/meinungen\/das-grosse-geheimnis-kriminalitaetsstatistik\/<\/a><\/p>\n<p>&nbsp;<\/p>\n<p><strong>Die m\u00fcndigen B\u00fcrger &#8211; eine Bev\u00f6lkerungsgruppe, \u00fcber die man nicht spricht<\/strong><br \/>\n&#8222;Es ist seltsam: Die einen halten uns Fl\u00fcchtlinge alle f\u00fcr Verbrecher und andere verharmlosen Verbrechen von Fl\u00fcchtlingen&#8220; &#8211; so Sunday, ein Fl\u00fcchtling aus Nigeria (Interview s.u.), der optimistisch hinzuf\u00fcgt, dass es eine dritte Gruppe gebe, die die gr\u00f6\u00dfte sei. Diese dritte Gruppe darf man guten Gewissens &#8222;Gruppe der m\u00fcndigen B\u00fcrger&#8220; nennen, sie hat in 70 Jahren Nachkriegsgeschichte eine demokratische Gesellschaft geschaffen und aufrechterhalten, um die uns die meisten auf dieser Welt beneiden.<br \/>\n.<br \/>\nIn jedem Land hat &#8211; auch der EU &#8211; gibt es einen Bodensatz von ca 5-15% dumpfen Rechtsextremisten, der keinerlei Argumenten zug\u00e4nglich sind. Diese erste Gruppe ist in der EU in Frankreich mit \u00fcber 22% Spitzenreiter, w\u00e4hrend sie in Deutschland erfreulicherweise das Schlu\u00dflicht bildet &#8211; innerhalb wie au\u00dferhalb des Parlaments.<br \/>\nGleichwohl hat Deutschland ein besonderes Problem: Die zweite Gruppe der Verharmloser (Gutmenschen, &#8222;Jeder Fl\u00fcchtling ist ein Geschenk&#8220; (Bedford-Strohm), &#8222;Wir bekommen Menschen geschenkt&#8220; (KGE)) ordnet die m\u00fcndigen B\u00fcrger, die es wagen, sich ihres Verstandes bedienen (Aufkl\u00e4rung, Kant) und die Masseneinwanderung bei offenen Grenzen kritisch hinterfragen bzw. sogar ablehnen, automatisch\u00a0der ersten Gruppe der Fl\u00fcchtlingshasser zu. &#8222;Bist Du gegen offene Grenzen, dann bist Du ein Fremdenfeind&#8220; &#8211; so einfach ist das. &#8222;Bist Du gegen den Brexit, dann bist Du ein Nazi&#8220; &#8211; so w\u00e4re es, wenn die Brexit-Abstimmung in D stattgefunden h\u00e4tte.<br \/>\nMit diesem Automatismus ist es der zweiten Gruppe gelungen, die deutsche <a title=\"Diskussionskultur\" href=\"https:\/\/www.freiburg-schwarzwald.de\/blog\/kultur\/medien\/diskussionskultur\/\">Diskussionskultur<\/a> zu zerst\u00f6ren. Solange kritische B\u00fcrger, Merkel-Gegner, AfD-W\u00e4hler, Patrioten, Verunsicherte und Ver\u00e4ngstigte als &#8222;Pack&#8220; unisono der ersten Gruppe zugeordnet werden, solange werden die Spaltung unserer Gesellschaft (durch Merkel&#8217;s Alternativlosigkeit) und die Demontage der Demokratie (ohne Opposition keine Demokratie) fortschreiten. Der Freiburger Fl\u00fcchtling aus Nigeria namens Sunday hat es genau erkannt: Es gibt nicht nur zwei, sondern es mu\u00df und wird immer drei Gruppen geben:<br \/>\n1) Dumpfe Fremdenfeinde,<br \/>\n2) Gesinnungsethisch motivierte Verharmloser und<br \/>\n3) M\u00fcndige B\u00fcrger, die immer aufs neue bereit sind, ihren kritischen Verstand ohne fremde Hilfe (also ohne die<br \/>\nVorgaben von <a title=\"Political-Correctness\" href=\"https:\/\/www.freiburg-schwarzwald.de\/blog\/kultur\/medien\/political-correctness\/\">Political Correctness<\/a> bzw. <a title=\"Mainstream\" href=\"https:\/\/www.freiburg-schwarzwald.de\/blog\/kultur\/medien\/mainstream\/\">Mainstream<\/a>) einschalten.<br \/>\n8.12.2016<br \/>\n.<\/p>\n<p><strong>Die dritte Gruppe<br \/>\n<\/strong>Es ist seltsam: Die einen halten uns Fl\u00fcchtlinge alle f\u00fcr Verbrecher und andere verharmlosen Verbrechen von Fl\u00fcchtlingen&#8220; &#8211; so Sunday, ein Fl\u00fcchtling aus Nigeria, der optimistisch hinzuf\u00fcgt, dass es eine dritte Gruppe gebe, die die gr\u00f6\u00dfte sei. &#8230;<br \/>\nEs war Samstag gegen 15.20 Uhr, als die Automatismen einsetzten: Um diese Zeit verk\u00fcndete die \u201eSoko Dreisam\u201c n\u00e4mlich die Herkunft des mutma\u00dflichen <a title=\"Dreisam-Mord\" href=\"https:\/\/www.freiburg-schwarzwald.de\/blog\/global\/integration\/dreisam-mord\/\">Sexualm\u00f6rders an der 19- j\u00e4hrigen Maria<\/a>. Prompt brach \u2014 vorwiegend in den Sozialen Medien \u2014 auf der einen Seite die Hetze gegen Fl\u00fcchtlinge los, inklusive der durch keinerlei Anhaltspunkte zu rechtfertigenden Behauptung, der noch ungekl\u00e4rte Mord in Endingen gehe sicher auch auf das Konto von \u201edenen\u201c.<br \/>\nAuf der anderen Seite startete die gro\u00dfe Beschwichtigungsaktion &#8211; mit ehrenwerteren Motiven, aber doch in ihrer Pauschalit\u00e4t oft auch an der gesellschaftlichen Realit\u00e4t vorbei.<br \/>\nDen Ton besser traf OB Dieter Salomon mit seiner ersten Presseaussendung: Er stellte die Erleichterung \u00fcber die Kl\u00e4rung des Falles in den Mittelpunkt, gedachte Familie und Freunden der Get\u00f6teten, bedankte sich bei der Polizei f\u00fcr den \u201egro\u00dfen Fahndungserfolg\u201c. Und warnte schlie\u00dflich vor Pauschalurteilen &#8211; das alles ebenso wichtig wie richtig.<br \/>\nZu hoffen bleibt, dass das schreckliche Geschehen einen kleinen Schritt zu mehr Wahrhaftigkeit darstellt &#8211; das Gegenteil von dem, was die \u201eTagesschau\u201c mit haneb\u00fcchenen Verschweigens-Begr\u00fcndungen praktizierte, die Wasser auf die M\u00fchlen der Verschw\u00f6rungstheoretiker sind.<br \/>\n<strong>Dazu geh\u00f6ren auch unangenehme Wahrheiten wie diese:<\/strong> Dass die Fl\u00fcchtlingskrise und die hunderttausendfache Einreise junger M\u00e4nner zu einem logischen Anstieg der Kriminalit\u00e4t gef\u00fchrt hat, l\u00e4sst sich nicht ernsthaft bestreiten \u2014 das haben auch Freiburger Polizeiverantwortliche nun betont. Die \u2014 im Internet nachzulesenden \u2014 Polizeiberichte der letzten Monate best\u00e4tigen das. Bei den offiziellen Statistiken ist hingegen das letzte ausgewertete Jahr nat\u00fcrlich bislang 2015. Aber, und das muss immer wieder betont werden: Die gro\u00dfe Mehrzahl der seit Herbst 2015 zu uns Gekommenen lebt v\u00f6llig rechtskonform. Wer daher Bev\u00f6lkerungsgruppen unter Generalverdacht stellt, macht sich einer Verhetzung schuldig.<br \/>\n<strong>Unangenehme Wahrheit 2:<\/strong> Das Sicherheitsgef\u00fchl in Freiburg ist nach wie vor stark beeintr\u00e4chtigt, und man sollte die Sorgen ernst nehmen, ohne in den Ruch zu kommen, rechten Hetzern nach dem Mund zu reden. Viele Freiburger und noch mehr Freiburgerinnen haben vor allem abends ein ungutes Gef\u00fchl, \u00e4ndern bestimmte Gewohnheiten. Sind sie rechte Hysteriker? Nein.<br \/>\nMuss man ihnen als Zeitung etwas verschweigen, um sie nicht zu verunsichern? Der Stadtkurier hat schon fr\u00fch bei wirklichen Verbrechen die Nationalit\u00e4t der Festgenommenen ver\u00f6ffentlicht. Von einigen sind wir daf\u00fcr angefeindet worden, andere haben uns daf\u00fcr gelobt. Der Grund f\u00fcr unser Vorgehen: Wir sehen uns nicht als P\u00e4dagogen, die f\u00fcr Unm\u00fcndige entscheiden, was man ihnen zumuten kann, sondern als Lieferanten von wahrheitsgetreuen Informationen \u2014 gleich ob uns pers\u00f6nlich das Ereignis, \u00fcber das wir berichten, gef\u00e4llt oder nicht. Diesen Grundsatz werden wir auch weiterhin pflegen.<br \/>\n<strong>Unangenehme Wahrheit 3:<\/strong> Lange Zeit ist der Themenbereich Sicherheit in der per se selbstverst\u00e4ndlich sehr wichtigen, hier aber maximalst interpretierten \u201eFreiheit\u201c untergeordnet worden. Ein Beispiel: Die Kritik an der Video\u00fcberwachung in den Stra\u00dfenbahnen. Durch die wurde nun aber das Verbrechen mit aufgekl\u00e4rt! Oder die Frage einer Erweiterung der DNA-Auswertungsm\u00f6glichkeiten (\u00a7 81g), die nicht nur nach Ansicht von Polizeipr\u00e4sident Bernhard Rotzinger absolut n\u00f6tig w\u00e4re.<br \/>\n.<br \/>\nIch habe \u00fcber all das mit Sunday gesprochen. Er ist Fl\u00fcchtling aus Nigeria, ein Familienmitglied wurde von der islamistischen Terrorgruppe \u201eBoko Haram\u201c ermordet. Es war interessant, wie sehr wir uns einig waren. Zum Schluss meinte er: \u201eEs ist seltsam: Die einen halten uns Fl\u00fcchtlinge alle f\u00fcr Verbrecher, und andere verharmlosen Verbrechen von Fl\u00fcchtlingen&#8230;\u201c Er sei aber optimistisch, dass es noch eine dritte Gruppe gebe, die die gr\u00f6\u00dfte sei. Ich habe das bejaht.<br \/>\n8.12.2016, Dr. Stefan Ummenhofer , <a href=\"https:\/\/www.stadtkurier.de\">www.stadtkurier.de<br \/>\n<\/a>\u00a0.<\/p>\n<p><strong>Vier Iraker gegen einen Syrer: Tritte, Messerstiche<\/strong><br \/>\nNach einem Streit kam es am Freitagnachmittag auf Bahnsteig 1 des Hauptbahnhofes Freiburg zu einer k\u00f6rperlichen Auseinandersetzung, an der insgesamt f\u00fcnf M\u00e4nner beteiligt waren. Dabei schlugen zun\u00e4chst offenbar vier 20 bis 27 Jahre alte Iraker auf einen 20-j\u00e4hrigen syrischen Staatsangeh\u00f6rigen ein und versetzten ihm auch Tritte, als er bereits am Boden lag. Der am Boden Liegende zog daraufhin die abgebrochene Klinge eines Teppichmessers hervor und verletzte den 27- J\u00e4hrigen damit im Gesicht. Dieser erlitt eine gr\u00f6\u00dfere, stark blutende Schnittwunde an der Stirn. Bei Eintreffen der Bundespolizei war der 20-j\u00e4hrige Syrer bereits gefl\u00fcchtet, konnte aber kurze Zeit sp\u00e4ter am Treppenaufgang zur Stadtbahnbr\u00fckke gestellt und vorl\u00e4ufig festgenommen werden. Die Bundespolizei ermittelt gegen alle Beteiligten wegen gef\u00e4hrlicher K\u00f6rperverletzung.<br \/>\n8.12.2016, <a href=\"https:\/\/www.stadtkurier.de\">www.stadtkurier.de<\/a><\/p>\n<p>jj<\/p>\n","protected":false},"excerpt":{"rendered":"<p>Home &gt;Engagement &gt;Zukunft &gt;Demokratie &gt;Global &gt;Deutschland &gt;Deutsche Deutsche = &#8222;Diejenigen, die schon l\u00e4nger hier leben&#8220; (Angela Merkel) Volk = &#8222;Das Volk ist jeder, der in diesem Lande lebt&#8220; (Angela Merkel) Was nun? . Listenauswahl eines Beitrags: Bitte\u00a0anklicken\u00a0oder runterscrollen Faule Deutsche &hellip; <a href=\"https:\/\/www.freiburg-schwarzwald.de\/blog\/global\/deutschland\/deutsche\/\">Weiterlesen <span class=\"meta-nav\">&rarr;<\/span><\/a><\/p>\n","protected":false},"author":2,"featured_media":0,"parent":62490,"menu_order":0,"comment_status":"open","ping_status":"closed","template":"","meta":{"footnotes":""},"class_list":["post-63725","page","type-page","status-publish","hentry"],"_links":{"self":[{"href":"https:\/\/www.freiburg-schwarzwald.de\/blog\/wp-json\/wp\/v2\/pages\/63725","targetHints":{"allow":["GET"]}}],"collection":[{"href":"https:\/\/www.freiburg-schwarzwald.de\/blog\/wp-json\/wp\/v2\/pages"}],"about":[{"href":"https:\/\/www.freiburg-schwarzwald.de\/blog\/wp-json\/wp\/v2\/types\/page"}],"author":[{"embeddable":true,"href":"https:\/\/www.freiburg-schwarzwald.de\/blog\/wp-json\/wp\/v2\/users\/2"}],"replies":[{"embeddable":true,"href":"https:\/\/www.freiburg-schwarzwald.de\/blog\/wp-json\/wp\/v2\/comments?post=63725"}],"version-history":[{"count":5,"href":"https:\/\/www.freiburg-schwarzwald.de\/blog\/wp-json\/wp\/v2\/pages\/63725\/revisions"}],"predecessor-version":[{"id":145036,"href":"https:\/\/www.freiburg-schwarzwald.de\/blog\/wp-json\/wp\/v2\/pages\/63725\/revisions\/145036"}],"up":[{"embeddable":true,"href":"https:\/\/www.freiburg-schwarzwald.de\/blog\/wp-json\/wp\/v2\/pages\/62490"}],"wp:attachment":[{"href":"https:\/\/www.freiburg-schwarzwald.de\/blog\/wp-json\/wp\/v2\/media?parent=63725"}],"curies":[{"name":"wp","href":"https:\/\/api.w.org\/{rel}","templated":true}]}}