{"id":63652,"date":"2016-12-10T18:15:57","date_gmt":"2016-12-10T17:15:57","guid":{"rendered":"https:\/\/www.freiburg-schwarzwald.de\/blog\/?page_id=63652"},"modified":"2026-02-10T19:57:19","modified_gmt":"2026-02-10T18:57:19","slug":"talkshow","status":"publish","type":"page","link":"https:\/\/www.freiburg-schwarzwald.de\/blog\/kultur\/medien\/talkshow\/","title":{"rendered":"Talkshow"},"content":{"rendered":"<p><a href=\"https:\/\/www.freiburg-schwarzwald.de\/blog\">Home<\/a> &gt;<a title=\"Kultur\" href=\"https:\/\/www.freiburg-schwarzwald.de\/blog\/kultur\/\">Kultur<\/a> &gt;<a title=\"Medien\" href=\"https:\/\/www.freiburg-schwarzwald.de\/blog\/kultur\/medien\/\">Medien<\/a> &gt;<a title=\"Mainstream\" href=\"https:\/\/www.freiburg-schwarzwald.de\/blog\/kultur\/medien\/mainstream\/\">Mainstream-Medien<\/a> &gt;Talkshow<\/p>\n<div id=\"attachment_63540\" style=\"width: 648px\" class=\"wp-caption alignnone\"><a href=\"https:\/\/www.freiburg-schwarzwald.de\/blog\/global\/integration\/dreisam-mord\/dreisam-mord-pan161203\/\" rel=\"attachment wp-att-63540\"><img loading=\"lazy\" decoding=\"async\" aria-describedby=\"caption-attachment-63540\" class=\"size-full wp-image-63540\" src=\"https:\/\/www.freiburg-schwarzwald.de\/blog\/wp-content\/uploads\/2016\/12\/dreisam-mord-pan161203.jpg\" alt=\"Die 19-j\u00e4hrige Studentin Maria L. wurde im Oktober 2016 an der Dreisam vergewaltigt und ertr\u00e4nkt von einem 17-j\u00e4hrigen UMF aus Afghanistan\" width=\"638\" height=\"367\" srcset=\"https:\/\/www.freiburg-schwarzwald.de\/blog\/wp-content\/uploads\/2016\/12\/dreisam-mord-pan161203.jpg 638w, https:\/\/www.freiburg-schwarzwald.de\/blog\/wp-content\/uploads\/2016\/12\/dreisam-mord-pan161203-180x103.jpg 180w\" sizes=\"auto, (max-width: 638px) 100vw, 638px\" \/><\/a><p id=\"caption-attachment-63540\" class=\"wp-caption-text\">Die 19-j\u00e4hrige Studentin Maria L. wurde im Oktober 2016 an der <a title=\"Dreisam-Mord\" href=\"https:\/\/www.freiburg-schwarzwald.de\/blog\/global\/integration\/dreisam-mord\/\">Dreisam vergewaltigt und ertr\u00e4nkt<\/a> von einem 17-j\u00e4hrigen UMF aus Afghanistan<\/p><\/div>\n<ul>\n<li><em>Listenauswahl eines Beitrags: Bitte<span style=\"text-decoration: underline;\">\u00a0anklicken\u00a0<\/span>oder runterscrollen<\/em><\/li>\n<li><a href=\"https:\/\/www.freiburg-schwarzwald.de\/blog\/engagement\/zukunft\/krieg\/kriegspropaganda\/\">Miosga: \u201eHaben Sie nicht den Eindruck, dass Putin uns droht?\u201c Wo Journalismus sein sollte, spritzen Ignoranz und Ideologie aus allen Poren<\/a>\u00a0(10.2.2026)<\/li>\n<li>Talkshows: das gro\u00dfe Selbstgespr\u00e4ch der Staatsjournalisten (22.12.2025)<\/li>\n<li><a href=\"https:\/\/www.freiburg-schwarzwald.de\/blog\/ard-didi-und-miosga\/\">ARD: Didi und Miosga<\/a>\u00a0(8.4.2025)<\/li>\n<li><a href=\"https:\/\/www.freiburg-schwarzwald.de\/blog\/alice-weidel-bei-caren-miosga\/\">Alice Weidel bei Caren Miosga<\/a>\u00a0(3.2.2025)<\/li>\n<li><a href=\"https:\/\/www.freiburg-schwarzwald.de\/blog\/diskussionskultur-abschaffen\/\">Diskussionskultur abschaffen<\/a>\u00a0(8.6.2024)<\/li>\n<li><a href=\"https:\/\/www.freiburg-schwarzwald.de\/blog\/vereine\/partei\/afd\/afd-diskussion\/\">Mit Bj\u00f6rn H\u00f6cke im TV diskutieren? Das ist keine gute Idee<\/a>\u00a0(15.3.2024)<\/li>\n<li><a href=\"https:\/\/www.freiburg-schwarzwald.de\/blog\/unsere-diskussionskultur-zurueck\/\">Wir wollen unsere Diskussionskultur zur\u00fcck<\/a>\u00a0(28.2.2024)<\/li>\n<li><a href=\"https:\/\/www.freiburg-schwarzwald.de\/blog\/kultur\/medien\/framing\/geheimtreffen\/\">Talk in Hangar-7 zum Geheimtreffen in Potsdam<\/a> (25.1.2024)<\/li>\n<li><a href=\"https:\/\/www.freiburg-schwarzwald.de\/blog\/natur\/klima\/klimajournalismus\/\">Klima-Narrative bei FairTalk<\/a>\u00a0(19.10.2023)<\/li>\n<li><a href=\"https:\/\/www.freiburg-schwarzwald.de\/blog\/kultur\/medien\/medienleute\/\">Boris Reitschuster: Meine Vertreibung<\/a>\u00a0(28.9.2023)<\/li>\n<li><a href=\"https:\/\/www.freiburg-schwarzwald.de\/blog\/buerger-audiatur-et-altera-pars\/\">B\u00fcrger: Audiatur et altera pars<\/a>\u00a0(28.9.2023)<\/li>\n<li>Dechiffriert-Video: Hubert Aiwanger (Freie W\u00e4hler) bei Markus Lanz (6.7.2023)<\/li>\n<li><a href=\"https:\/\/www.freiburg-schwarzwald.de\/blog\/das-geschaeft-mit-dem-krieg\/\">Das Gesch\u00e4ft mit dem Krieg<\/a>\u00a0(16.4.2023)<\/li>\n<li>Bei Hart aber fair: Klamroth und zwei Panzerfurien ballern gegen Wagenknecht (1.3.2023)<\/li>\n<li>Klamroth &amp; Neubauer: Zeitgeist-Adel unter sich (16.12.2022)<\/li>\n<li><a href=\"https:\/\/www.freiburg-schwarzwald.de\/blog\/religion\/pluralismus\/\">Vereinheitlichung des Denkens und Sagens \u2013 Pluralismus ade<\/a> (29.11.2022)<\/li>\n<li>TV-Talkshows im \u00d6RR: Totgeplant und langweilig (17.11.2022)<\/li>\n<li><a href=\"https:\/\/www.freiburg-schwarzwald.de\/blog\/ist-der-oerr-noch-reformierbar\/\">Ist der \u00d6RR noch reformierbar?<\/a> (27.8.2022)<\/li>\n<li><a href=\"https:\/\/www.freiburg-schwarzwald.de\/blog\/pleisweiler-gespraech-mit-guerot\/\">Pleisweiler Gespr\u00e4ch mit Ulrike Gu\u00e9rot<\/a>\u00a0(17.7.2022)<\/li>\n<li><a href=\"https:\/\/www.freiburg-schwarzwald.de\/blog\/religion\/islam\/karim\/\">Wer wird Moslemion\u00e4r? Quizsendung von Imad Karim<\/a>\u00a0(9.6.2022)<\/li>\n<li><a href=\"https:\/\/www.freiburg-schwarzwald.de\/blog\/ulrike-guerot-diskurs-eingeengt\/\">Ulrike Gu\u00e9rot: Diskurs eingeengt<\/a>\u00a0(8.6.2022)<\/li>\n<li><a href=\"https:\/\/www.freiburg-schwarzwald.de\/blog\/corona-prof-ioannidis-hat-recht\/\">Corona: Prof Ioannidis hat Recht<\/a> (7.7.2021)<\/li>\n<li><a href=\"https:\/\/www.freiburg-schwarzwald.de\/blog\/presseclub-quoten-gesellschaft\/\">Presseclub Quoten-Gesellschaft<\/a>\u00a0(15.3.2021)<\/li>\n<li>Talkshows: Versto\u00df gegen Programmauftrag (19.2.2021)<\/li>\n<li>GEZ-Medien benachteiligen AfD in den Talkshows (15.2.2021)<\/li>\n<li><a href=\"https:\/\/www.freiburg-schwarzwald.de\/blog\/kultur\/medien\/radio\/podcast\/\">Indubio \u2013 Internet-Politik-Talk mit Burkhard M\u00fcller-Ullrich<\/a>\u00a0(22.1.2021)<\/li>\n<li><a href=\"https:\/\/www.freiburg-schwarzwald.de\/blog\/kultur\/medien\/youtube\/\">FairTalk.tv: Menschen des Jahres 2020 Folge 2\/3 zu Corona<\/a>\u00a0(30.12.2020)<\/li>\n<li><a href=\"https:\/\/www.freiburg-schwarzwald.de\/blog\/business\/gesund\/corona-virus\/lockdown\/\">Servus TV: Zur\u00fcck in den Lockdown?<\/a>\u00a0(2.11.2020)<\/li>\n<li>Kontaktschuld-Vorwurf: Talkshows ohne AfD (14.7.2020)<\/li>\n<li><a title=\"Hamburg-Wahl in den Medien\" href=\"https:\/\/www.freiburg-schwarzwald.de\/blog\/hamburg-wahl-in-den-medien\/\">Hamburg-Wahl in den Medien<\/a>\u00a0(25.2.2020)<\/li>\n<li><a title=\"Fake-News\" href=\"https:\/\/www.freiburg-schwarzwald.de\/blog\/kultur\/medien\/fake-news\/\">Fake News und L\u00fcge der Medien am Beispiel \u201cFaschist\u201d<\/a>\u00a0(10.2.2020)<\/li>\n<li>Zwei Sternminuten des Fernsehens:\u00a0Bolz entlarvt Haltungsjournalismus )19.1.2020)<\/li>\n<li><a title=\"Deutschland2020\" href=\"https:\/\/www.freiburg-schwarzwald.de\/blog\/global\/deutschland\/deutschland2020\/\">Chaim Noll: Klarheit im Kopf \u2013 15\u00a0Jahre Achgut.com<\/a>\u00a0(14.1.2020)<\/li>\n<li><a title=\"Kritik\" href=\"https:\/\/www.freiburg-schwarzwald.de\/blog\/kultur\/medien\/kritik\/\">Ihr Schauspieler seid nicht in der Position, der \u00d6ffentlichkeit Predigten zu halten<\/a>\u00a0(6.1.2020)<\/li>\n<li>Wie Lanz\/ZDF Zuschauer in die Irre f\u00fchren (20.12.2019)<\/li>\n<li><a title=\"TV-Talkshow: Maa\u00dfen bei Lanz\" href=\"https:\/\/www.freiburg-schwarzwald.de\/blog\/tv-talkshow-maassen-bei-lanz\/\">TV-Talkshow: Maa\u00dfen bei Lanz<\/a> (19.12.2019)<\/li>\n<li><a title=\"Alter weisser Mann \u2013 Junge Frau\" href=\"https:\/\/www.freiburg-schwarzwald.de\/blog\/alter-weisser-mann-junge-frau\/\">Alter wei\u00dfer Mann \u2013 Junge Frau<\/a>\u00a0(6.12.2019)<\/li>\n<li>Goldene Kartoffel an ARD- und ZDF-Talkshows (29.10.2019)<\/li>\n<li>TV-Diskussionen in Traum-Besetzung &#8211; ein Wunschtraum? (18.10.2019)<\/li>\n<li><a title=\"Meinungsfreiheit\" href=\"https:\/\/www.freiburg-schwarzwald.de\/blog\/kultur\/medien\/meinungsfreiheit\/\">Gauck: Begrenzte Meinungsfreiheit bei uns in Deutschland<\/a>\u00a0(20.6.2019)<\/li>\n<li><a title=\"Fernsehen\" href=\"https:\/\/www.freiburg-schwarzwald.de\/blog\/kultur\/medien\/fernsehen\/\">RBB legt Palmer gef\u00e4lschte Antwort in den Mund<\/a>\u00a0(9.3.2019)<\/li>\n<li><a title=\"Heimat\" href=\"https:\/\/www.freiburg-schwarzwald.de\/blog\/regio\/heimat\/\">Heimat \u2013 in Talkshows ein deutsches Schuldproblem<\/a> (27.2.2019)<\/li>\n<li>Talks mit Pfiff in auf \u00f6sterreichischen und der Schweizer Sendern &#8211; Beispiele (3.10.2018)<\/li>\n<li>Talkshows ohne AfD\u00a0 (18.5.2018)<\/li>\n<li><strong><a href=\"https:\/\/www.freiburg-schwarzwald.de\/blog\/medien-verschweigen-realitaet\/\">https:\/\/www.freiburg-schwarzwald.de\/blog\/medien-verschweigen-realitaet\/<\/a>\u00a0(1.5.2017)<\/strong><\/li>\n<li>Von der Parteien- zur Massenmedien-Demokratie (3.1.2017)<\/li>\n<li><a href=\"https:\/\/www.freiburg-schwarzwald.de\/blog\/weihnachtsgeschenk-sinn-tibi\/\">https:\/\/www.freiburg-schwarzwald.de\/blog\/weihnachtsgeschenk-sinn-tibi\/<\/a> (18.12.20169<\/li>\n<li>Abdel-Samad: Von Talkshows und Presse gemieden (10.12.2016)<\/li>\n<li>Mabrit Illner: Sinnfreiheit der Welt f\u00fcr den orientierungslosen Menschen (9.12.2016)<\/li>\n<li><a href=\"https:\/\/www.freiburg-schwarzwald.de\/blog\/bundestag-ade-talkshows-ok\/\">https:\/\/www.freiburg-schwarzwald.de\/blog\/bundestag-ade-talkshows-ok\/<\/a> (8.3.2016)<\/li>\n<li><\/li>\n<li><a title=\"Medienvielfalt\" href=\"https:\/\/www.freiburg-schwarzwald.de\/blog\/kultur\/medien\/medienvielfalt\/\">Alternative Medien &#8211; Neue Medien &#8211; Freie Denker (Link-Kiste)<\/a><\/li>\n<li><a title=\"Parlament\" href=\"https:\/\/www.freiburg-schwarzwald.de\/blog\/engagement\/zukunft\/demokratie\/parlament\/\">Bundestag &#8211; Parlament<\/a><\/li>\n<\/ul>\n<ul>\n<li><a href=\"https:\/\/www.freiburg-schwarzwald.de\/blog\/vereine\/partei\/afd\/afd-diskussion\/\">AfD-Diskussion<\/a><\/li>\n<li><a title=\"Debatte\" href=\"https:\/\/www.freiburg-schwarzwald.de\/blog\/engagement\/zukunft\/demokratie\/debatte\/\">Debatte<\/a><\/li>\n<li><a title=\"Diskussionskultur\" href=\"https:\/\/www.freiburg-schwarzwald.de\/blog\/kultur\/medien\/diskussionskultur\/\">Diskussionskultur<\/a><\/li>\n<li><a title=\"Ehrlichkeit\" href=\"https:\/\/www.freiburg-schwarzwald.de\/blog\/engagement\/zukunft\/ehrlichkeit\/\">Ehrllchkeit<\/a><\/li>\n<li><a title=\"Gesinnungsethik\" href=\"https:\/\/www.freiburg-schwarzwald.de\/blog\/engagement\/zukunft\/demokratie\/gesinnungsethik\/\">Gesinnungsethik<\/a><\/li>\n<li><a title=\"Gutmenschen\" href=\"https:\/\/www.freiburg-schwarzwald.de\/blog\/engagement\/gutmenschen\/\">Gutmenschen<\/a><\/li>\n<li><a title=\"Integration\" href=\"https:\/\/www.freiburg-schwarzwald.de\/blog\/global\/integration\/\">Integration<\/a><\/li>\n<li><a title=\"Kommunikation\" href=\"https:\/\/www.freiburg-schwarzwald.de\/blog\/kultur\/internet\/kommunikation\/\">Kommunikation<\/a><\/li>\n<li><a href=\"https:\/\/www.freiburg-schwarzwald.de\/blog\/kultur\/medien\/diskussionskultur\/kontaktschuld\/\">Kontaktschuld<\/a><\/li>\n<li><a title=\"Luegenpresse\" href=\"https:\/\/www.freiburg-schwarzwald.de\/blog\/kultur\/medien\/luegenpresse\/\">L\u00fcgenpresse<\/a><\/li>\n<li><a title=\"Mainstream\" href=\"https:\/\/www.freiburg-schwarzwald.de\/blog\/kultur\/medien\/mainstream\/\">Mainstream<\/a><\/li>\n<li><a title=\"Nix-mit-nix-zu-tun\" href=\"https:\/\/www.freiburg-schwarzwald.de\/blog\/engagement\/zukunft\/demokratie\/nix-mit-nix-zu-tun\/\">Nix-mit-nix-zu-tun<\/a><\/li>\n<li><a href=\"https:\/\/www.freiburg-schwarzwald.de\/blog\/kultur\/medien\/oerr\/\">\u00d6RR<\/a><\/li>\n<li><a href=\"https:\/\/www.freiburg-schwarzwald.de\/blog\/kultur\/medien\/radio\/podcast\/\">Podcast<\/a><\/li>\n<li><a title=\"Political-Correctness\" href=\"https:\/\/www.freiburg-schwarzwald.de\/blog\/kultur\/medien\/political-correctness\/\">Political Correctness<\/a><\/li>\n<li><a title=\"Pressekodex\" href=\"https:\/\/www.freiburg-schwarzwald.de\/blog\/kultur\/medien\/pressekodex\/\">Pressekodex<\/a><\/li>\n<li><a title=\"Rassismus\" href=\"https:\/\/www.freiburg-schwarzwald.de\/blog\/engagement\/rassismus\/\">Rassismus<\/a><\/li>\n<li><a title=\"Respekt\" href=\"https:\/\/www.freiburg-schwarzwald.de\/blog\/engagement\/respekt\/\">Respekt und Toleranz<\/a><\/li>\n<li><a title=\"Selbsthass\" href=\"https:\/\/www.freiburg-schwarzwald.de\/blog\/engagement\/zukunft\/selbsthass\/\">Selbsthass<\/a><\/li>\n<li><a title=\"Social-Networking\" href=\"https:\/\/www.freiburg-schwarzwald.de\/blog\/kultur\/internet\/social-networking\/\">Social Networking<\/a><\/li>\n<li><a title=\"Vorverurteilung\" href=\"https:\/\/www.freiburg-schwarzwald.de\/blog\/kultur\/medien\/vorverurteilung\/\">Vorverurteilung<\/a><\/li>\n<li><a title=\"Zeitung\" href=\"https:\/\/www.freiburg-schwarzwald.de\/blog\/kultur\/medien\/zeitung\/\">Zeitung<\/a><\/li>\n<li><a title=\"Zensur\" href=\"https:\/\/www.freiburg-schwarzwald.de\/blog\/kultur\/medien\/zensur\/\">Zensur<\/a><\/li>\n<\/ul>\n<h3><strong>Fr\u00fcher wurde im Bundestag diskutiert &#8211; heute in den\u00a0TV-Talkshows<br \/>\n=================================================<br \/>\n.<\/strong><\/h3>\n<p><strong>Talkshows: das gro\u00dfe Selbstgespr\u00e4ch der Staatsjournalisten<\/strong><br \/>\nKollegen reden mit Kollegen. Die Gespr\u00e4chsformate im deutschen Fernsehen sind so einseitig wie nie. Der \u00d6RR und seine Sendungen dienen nur noch als fest installierter Laufsteg f\u00fcr narzisstische Anti-AfD-Aktivisten.<br \/>\nQuasselbuden. So nennt mein Nachbar Alois die sogenannten Talkshows. Mit Ausnahme von \u201eHart aber fair\u201c hei\u00dfen die ja alle so wie ihre jeweiligen Gastgeber: Maybrit Illner, Markus Lanz, Sandra Maischberger, Caren Miosga.<br \/>\nAutoreferenziell. So nennt die Wissenschaft eine Sache, die auf sich selbst Bezug nimmt. Beispiel: Eine Doktorarbeit gibt als Quellen nur Passagen aus ebendieser Doktorarbeit an.<br \/>\nDer Mediendienst \u201eMeedia\u201c macht sich jedes Jahr die M\u00fche, alle Talkshows im deutschen Fernsehen zu analysieren und traditionell kurz vor Weihnachten die Auswertung zu ver\u00f6ffentlichen. F\u00fcr 2025 ist festzustellen: Noch nie waren die Quasselbuden so autoreferenziell.<\/p>\n<p>Der Talkshow-K\u00f6nig<br \/>\nDer h\u00e4ufigste Gast in den Talkshows des vergangenen Jahres war, Trommelwirbel: Elmar Theve\u00dfen. Ausgerechnet der USA-Korrespondent des ZDF. Zuletzt ist der Mann dadurch aufgefallen, dass er den ermordeten US-Konservativen und gl\u00e4ubigen Christen <a href=\"https:\/\/www.freiburg-schwarzwald.de\/blog\/global\/usa\/kirk\/\">Charlie Kirk<\/a> schwer beleidigt und verleumdet hat \u2013 indem er ihm Aussagen unterschob, die Kirk nachweisbar nie gemacht hatte.<\/p>\n<div id=\"attachment_143240\" style=\"width: 595px\" class=\"wp-caption alignnone\"><a href=\"https:\/\/www.freiburg-schwarzwald.de\/blog\/wp-content\/uploads\/2025\/12\/talkshows-parteien2025pan.jpg\"><img loading=\"lazy\" decoding=\"async\" aria-describedby=\"caption-attachment-143240\" class=\"size-full wp-image-143240\" src=\"https:\/\/www.freiburg-schwarzwald.de\/blog\/wp-content\/uploads\/2025\/12\/talkshows-parteien2025pan.jpg\" alt=\"\" width=\"585\" height=\"254\" srcset=\"https:\/\/www.freiburg-schwarzwald.de\/blog\/wp-content\/uploads\/2025\/12\/talkshows-parteien2025pan.jpg 585w, https:\/\/www.freiburg-schwarzwald.de\/blog\/wp-content\/uploads\/2025\/12\/talkshows-parteien2025pan-180x78.jpg 180w\" sizes=\"auto, (max-width: 585px) 100vw, 585px\" \/><\/a><p id=\"caption-attachment-143240\" class=\"wp-caption-text\">Politische Parteien in den Talkshows in 2025<\/p><\/div>\n<p>&#8230;<br \/>\nDie f\u00fcnf h\u00e4ufigsten G\u00e4ste in den deutschen Talkshows des Jahres 2025 sind allesamt selbst Journalisten: Elmar Theve\u00dfen (ZDF), Robin Alexander (ehemals \u201eWelt\u201c, jetzt selbstst\u00e4ndig), Melanie Amann (ehemals \u201eSpiegel\u201c, jetzt Funke-Mediengruppe), Eva Quadbeck (\u201eRedaktionsnetzwerk Deutschland\u201c) und Kerstin M\u00fcnstermann (\u201eRheinische Post\u201c). Das sagt alles \u00fcber den Zustand des real existierenden Journalismus bei uns.<br \/>\n&#8230; Alles vom 21.12.2025 von Alexander Heiden bitte lesen auf<br \/>\n<a href=\"https:\/\/www.tichyseinblick.de\/feuilleton\/medien\/talkshows-das-grosse-selbstgespraech-der-staatsjournalisten\/\">https:\/\/www.tichyseinblick.de\/feuilleton\/medien\/talkshows-das-grosse-selbstgespraech-der-staatsjournalisten\/<\/a><\/p>\n<p>&nbsp;<\/p>\n<p><strong>Dechiffriert-Video: Hubert Aiwanger (Freie W\u00e4hler) bei Markus Lanz<\/strong><br \/>\nDas Dechiffriert-Video \u00fcber die Methoden von Markus Lanz hat das ZDF dreimal auf Youtube sperren lassen. Der Schuss ging nach hinten los. Es wurde im freien Internet auf Rumble hochgeladen. Da wurde es sage und schreibe 6,5 Millionen Mal aufgerufen.<br \/>\n<a href=\"https:\/\/rumble.com\/v2yc8la-lanz-dechiffriert-zdf-mann-will-aiwanger-blostellen-doch-der-zerlegt-ihn-la.html\">https:\/\/rumble.com\/v2yc8la-lanz-dechiffriert-zdf-mann-will-aiwanger-blostellen-doch-der-zerlegt-ihn-la.html<\/a> 6.7.2023<br \/>\nLanz dechiffriert: ZDF-Mann will Aiwanger blo\u00dfstellen \u2013 doch der zerlegt ihn, Lanz steht nackt da.<br \/>\n<a href=\"https:\/\/www.reitschuster.de\">https:\/\/www.reitschuster.de<\/a><\/p>\n<p>&nbsp;<\/p>\n<p><strong>Bei Hart aber fair: Klamroth und zwei Panzerfurien ballern gegen Wagenknecht<\/strong><br \/>\nEin weiterer Tiefpunkt der \u00f6ffentlich-rechtlichen Zuarbeit zur gr\u00fcnen Ampelregierung. Wagenknecht muss sich bei Hart aber fair von G\u00f6ring-Eckardt und Strack-Zimmermann in die Waden bei\u00dfen lassen.<br \/>\nWenn bei Hart aber Fair die Panzerfurien Katrin G\u00f6ring-Eckardt und Agnes Strack-Zimmermann die Organisatorin einer Friedensdemonstration verbal meucheln wollen, dann titelt die FAZ am n\u00e4chsten Morgen: \u201eSahra Wagenknecht wird in &#8218;Hart aber Fair&#8216; dekonstruiert\u201c und eine weitere Schlagzeile des Blattes lautet: \u201eDas Gespinst der Sahra Wagenknecht\u201c.<br \/>\n&#8230; Alles vom 28.2.2023 bitte lesen auf<br \/>\n<a href=\"https:\/\/www.alexander-wallasch.de\/kultur\/bei-hart-aber-fair-klamroth-und-zwei-panzerfurien-ballern-gegen-wagenknecht\">https:\/\/www.alexander-wallasch.de\/kultur\/bei-hart-aber-fair-klamroth-und-zwei-panzerfurien-ballern-gegen-wagenknecht<\/a><\/p>\n<p>Kommentare:<br \/>\nMachen wir uns doch nichts vor. Klamroth wei\u00df, was er tut. Er ist an Auftragserledigung, nicht an neuen Erkenntnissen interessiert. &#8222;Talkshows&#8220; dienen heute der Pr\u00e4sentation der richtigen Gesinnung durch Politkommissare und der Schauprozesse gegen Dissidenten. Hut ab vor <a href=\"https:\/\/www.freiburg-schwarzwald.de\/blog\/aufstand-fuer-den-frieden-25-2\/\">Wagenknecht<\/a>, dass sie sich \u00f6ffentlich mit Dreck bewerfen l\u00e4sst. Aber t\u00e4te sie das nicht, w\u00fcrden sie ihr vorwerfen, keine belastbaren Argumente zu haben.<br \/>\nUnd, ach ja, die alternativen Medien werden sich wegducken, wenn jemand nicht ihrem Profil in Corona-, Ukraine-, Migrations- und Klima-Fragen entspricht. Die &#8222;Widerstandsbewegung&#8220; wird sich dem anschlie\u00dfen und sich in kleine Gr\u00fcppchen spalten, die jede f\u00fcr sich die Reinheit der Lehre verwaltet, gemeinsam nur noch in der &#8222;Abgrenzung gegen Rechts&#8220;. Derweil zieht das Establishment von Sieg zu Sieg. Das Spiel ist gelaufen. St.U.<br \/>\n.<br \/>\nG\u00f6ring-Eckardt sagte erstaunliches: &#8222;Der Krieg hat ja nicht vor einem Jahr begonnen, sondern er hat 2014 begonnen. Es hat jeden Tag dort Krieg gegeben seit 2014. Und dieser Krieg ist massiv ausgeweitet worden vor einem Jahr.&#8220; Verschwiegen hat sie dabei, da\u00df 2014-2022 die ukrainische Armee unter Verletzung von Minsk 1+2 gegen die russischsprachische Bev\u00f6lkerung im <a href=\"https:\/\/www.freiburg-schwarzwald.de\/blog\/global\/ukraine\/donbass\/\">Donbass<\/a> vorging mit laut OECD 14.000 Toten. E.K.<br \/>\nEnde Kommentare<\/p>\n<p>&nbsp;<\/p>\n<p><strong>Klamroth &amp; Neubauer: Zeitgeist-Adel unter sich<\/strong><br \/>\n&#8230; Nun wurde bekannt, dass der designierte <a href=\"https:\/\/www.freiburg-schwarzwald.de\/blog\/kultur\/medien\/oerr\/\">\u201eHart aber fair\u201c<\/a>-Moderator Louis Klamroth mit <a href=\"https:\/\/www.freiburg-schwarzwald.de\/blog\/natur\/klima\/fridaysforfuture\/\">Luisa Neubauer<\/a> \u201ezusammen\u201c ist. Wie lange das bereits der Fall ist, sollte zun\u00e4chst einmal Privatsache sein, doch angesichts dessen, dass Klamroth selbst lautstark verk\u00fcndete, \u201edas Publikum habe einen Anspruch darauf, das zu wissen\u201c, stellt sich zu Recht die Frage, seit wann diese Verbindung bereits besteht. Klamroth behauptete im selben Atemzug, \u201ejournalistische Unabh\u00e4ngigkeit\u201c w\u00e4re sein \u201eGrundsatz\u201c. Und nat\u00fcrlich beruhigte er auch, dass es sich \u201evon selbst versteht\u201c, dass seine Partnerin nicht Gast seiner Sendung sein wird. Wie einen Staubfleck putzte sich Klamroth somit etwaige Vorw\u00fcrfe der Befangenheit von seinem imagin\u00e4ren Jackett.<br \/>\n&#8230; Alles vom 16.12.2022 von David Boos bitte lesen auf<br \/>\n<a href=\"https:\/\/www.tichyseinblick.de\/meinungen\/klamroth-neubauer-zeitgeist-adel-unter-sich\/\">https:\/\/www.tichyseinblick.de\/meinungen\/klamroth-neubauer-zeitgeist-adel-unter-sich\/<\/a><\/p>\n<p>&nbsp;<\/p>\n<p><strong>TV-Talkshows im \u00d6RR: Totgeplant und langweilig<\/strong><br \/>\nFrank Plasberg hat am Montag seine letzte Sendung \u201eHart aber Fair\u201c moderiert. So l\u00e4uft es eben in der \u00f6ffentlich-rechtlichen ARD: Moderatoren werden nicht etwa ausgewechselt, wenn sie sichtlich ermattet sind, wie Anne Will. Sie d\u00fcrfen aber auch nicht weitermachen, wenn das Publikum sie unbedingt sehen will. Sie gehen eben in Rente, wenn die Zeit kommt. TE-Herausgeber Roland Tichy war bis 2017 oft als Gast bei Plasberg und blickt zur\u00fcck.<br \/>\nNicht nur die Talkshow von Plasberg sondern auch die anderen bei ARD und ZDF sind mit den Jahren immer langweiliger geworden. Auch weil sie l\u00e4ngst totgeplant, gecastet und nach Vorgaben besetzt werden; Abweichler sind unbeliebt, \u00dcberraschung gilt als t\u00f6dliche Gefahr und wird ausgeschlossen. Talks sollen nicht \u00fcberraschen, sondern vorbedachten Wegen folgen. Mut zu anderen Meinungen oder frechen G\u00e4sten fehlt komplett. Das Publikum wei\u00df, bei wem es klatschen muss, und der Talk-Gast ahnt es sp\u00e4testens jetzt, wie er vorgef\u00fchrt werden soll. Das Spiel kann beginnen. Woche f\u00fcr Woche eine austauschbare Inszenierung, erprobte Mechanik, ohne Spontanit\u00e4t und Neuigkeitswert; willkommen bei der Phrasenstanzmaschine. Politiker unter sich, dazu ein paar Lobbyf\u00fcrsten der NGOs. Fachkunde st\u00f6rt. Selbst die Themen wechseln nicht zu h\u00e4ufig, die G\u00e4ste sind eine \u00fcberraschend kleine Gruppe, die von Studio zu Studio tourt. Man kennt sich \u2013 und \u00fcbernimmt die zugewiesene Rolle. Irgendwann kippt man aus ihr raus. Dann wird der Zirkus neu besetzt.<br \/>\n.. Alles vom 17.11.2022 bitte lesen au<br \/>\n<a href=\"https:\/\/www.tichyseinblick.de\">https:\/\/www.tichyseinblick.de<\/a><\/p>\n<p>&nbsp;<\/p>\n<p><strong>Talkshows: Versto\u00df gegen Programmauftrag<\/strong><br \/>\nDie \u00f6ffentlich-rechtlichen Sender, wo diese \u201eTalkshows\u201c laufen, sind an den Programmauftrag (\u00a7\u00a711RStV) gebunden. Sie sind daher insbesondere zu Ausgewogenheit, Unparteilichkeit, Objektivit\u00e4t und zur Einhaltung der journalistischen Sorgfalt verpflichtet. Dagegen wird, vor allem gegen die Unparteilichkeit, eindeutig immer wieder versto\u00dfen. JedenTag l\u00e4\u00dft sich das an den Nachrichten aus dem Bundestag wahrnehmen. So bekommt die AfD, die gr\u00f6\u00dfte Oppositionspartei, die wenigste Sendezeit. Die kleinste Fraktion ist mit ihrem eloquenten Vorsitzenden immer dabei. Und in die Talkshows werden AfD-Vertreter nur selten eingeladen. Was hilft dagegen? Zun\u00e4chst eine Absprache mit anderen \u00fcber eine zeitlich begrenzte Verweigerung der Beitragszahlung. Also keine Abbuchungen mehr zulassen! In dieser Welt ist Geld alles!<br \/>\nProf. em. Dr.Dr .h.c. Karl-Heinz Kuhlmann, Bohmte, 19.2.2021<br \/>\n.<br \/>\n<strong>Gelenkte TV-Demokratie<\/strong><br \/>\nSeit Jahren sind auf diesen Talk-Formaten politisch tendenzi\u00f6se, gesteuerte Diskussionsrunden f\u00fcr alle Zuschauer und -h\u00f6rer festzustellen. Auff\u00e4llig ist zudem, da\u00df die Moderatorinnen, den ausgew\u00e4hlten Themen zum Trotz, nur bedingt umfassend, sachlich fundiert die Fragestellungen und die Diskussionsrichtungen f\u00fchren. Die Zusammensetzung der Diskutanten l\u00e4\u00dft oft eine vorrangig politisch getriebene, als themenorientierte Diskussion erwarten.<br \/>\nGegen\u00fcber GroKo-Politikern ist seit Jahren eine sp\u00fcrbare Schonhaltung herauszuh\u00f6ren, bis hin zur ehrf\u00fcrchtigen Haltung gegen\u00fcber Kanzlerin Merkel, trotz politisch erkennbarer Fehlentscheidungen \u00fcber die letzten Jahre.<br \/>\nBeispielhaft ist etwa Markus Lanz, der seine Sendung nicht ohne sprachliche Selbstinszenierungen f\u00fchren kann. Immer mal wieder versucht er seine Gespr\u00e4chsteilnehmer vorzuf\u00fchren, etwa bei Hans-Georg Maa\u00dfen oder Friedrich Merz. Hervorragend hat hier Herr Maa\u00dfen reagiert, so da\u00df die journalistische Unwissenheit und sprachliche Unkorrektheit in der Sendung und die Selbst\u00fcbersch\u00e4tzung von Lanz mal erlebbar wurde.<br \/>\nEs scheint gerade so, als sollten repektive wollten die f\u00fcnf Talkshow-Moderatoren die Politik der Gro\u00dfen Koalition vor echter Kritik bewahren. Auff\u00e4llig ist \u00fcber die letzten Jahre eine h\u00f6rbare journalistische N\u00e4he zu den Gr\u00fcnen-Politikern. Ebenso sticht in den \u00f6ffentlich-rechtlichen Sendern die Berichterstattung \u00fcber die Neuen L\u00e4nder hervor. Die vielen, zunehmenden Probleme in den alten Bundesl\u00e4ndern spielen seit den letzten zwei Jahren so gut wie gar keine Rolle mehr.<br \/>\nHerbert Brehl, K\u00f6ln<br \/>\n19.2.2021, Junge Freiheit 8\/21, Seite 23<br \/>\n<a href=\"https:\/\/www.junge-freiheit.de\">https:\/\/www.junge-freiheit.de<\/a><\/p>\n<p>&nbsp;<\/p>\n<p><strong>GEZ-Medien benachteiligen AfD in den Talkshows<\/strong><br \/>\nGem\u00e4\u00df Staatsvertrag haben die \u00f6ffentlich-rechtlichen GEZ-Medien neutral und ausgewogen \u00fcber das politische Geschehen zu berichten. Dieser Auftrag wurde bei den Talkshows im Jahr 2020 nicht entsprochen:<\/p>\n<p>Partei: Talkshow-%: Bundestag-%:<br \/>\nCDU\u00a0 \u00a0 \u00a0 25,2%\u00a0 \u00a0 \u00a0 \u00a0 \u00a0 \u00a0 \u00a0 \u00a0 \u00a0 \u00a0 \u00a0 \u00a035%<br \/>\nSPD\u00a0 \u00a0 \u00a0 \u00a034,7%\u00a0 \u00a0 \u00a0 \u00a0 \u00a0 \u00a0 \u00a0 \u00a0 \u00a0 \u00a0 \u00a0 \u00a021,7%<br \/>\nGr\u00fcne\u00a0 \u00a012,5%\u00a0 \u00a0 \u00a0 \u00a0 \u00a0 \u00a0 \u00a0 \u00a0 \u00a0 \u00a0 \u00a0 \u00a0 \u00a09,5%<br \/>\nFDP\u00a0 \u00a0 \u00a0 \u00a0 9%\u00a0 \u00a0 \u00a0 \u00a0 \u00a0 \u00a0 \u00a0 \u00a0 \u00a0 \u00a0 \u00a0 \u00a0 \u00a0 \u00a011,4%<br \/>\nLinks\u00a0 \u00a0 \u00a0 \u00a07,3%\u00a0 \u00a0 \u00a0 \u00a0 \u00a0 \u00a0 \u00a0 \u00a0 \u00a0 \u00a0 \u00a0 \u00a0 9,8%<br \/>\nAfD\u00a0 \u00a0 \u00a0 \u00a0 \u00a01,2%\u00a0 \u00a0 \u00a0 \u00a0 \u00a0 \u00a0 \u00a0 \u00a0 \u00a0 \u00a0 \u00a0 \u00a0 12,5%<br \/>\n<a href=\"https:\/\/de.statista.com\/statistik\/daten\/studie\/954672\/umfrage\/parteizugehoerigkeit-der-politiker-in-talkshows-vs-sitzanteil-im-bundestag\/\">https:\/\/de.statista.com\/statistik\/daten\/studie\/954672\/umfrage\/parteizugehoerigkeit-der-politiker-in-talkshows-vs-sitzanteil-im-bundestag\/<\/a><br \/>\n.<br \/>\n<em><strong>Die AfD wurde massiv benachteiligt:<\/strong> <\/em>Mit 12,5% die drittgr\u00f6\u00dfte Partei im Parlament erhielt sie gerade mal 1,2% der Auftritte in den Talkshows Anne Will, HartAberFair, Markus Lanz, Maischberger und Mabritt Illner.<br \/>\nEinerseits: Ohne Opposition funktioniert keine Demokratie.<br \/>\nAndererseits: Die steuerfinanzierten GEZ-Medien benachteiligen die Opposition-<br \/>\nWie passt dies zusammen?<br \/>\n15.2.2021<br \/>\n.<br \/>\n<strong>Talkformate der \u00d6ffentlich-Rechtlichen: Obwohl kleinste Oppositionsfraktion, sind Gr\u00fcne massiv \u00fcberrepr\u00e4sentiert \/ AfD ausgegrenzt<\/strong><br \/>\n<em>Fabian Schmidt-Ahmad<\/em><br \/>\nWenn der \u00f6ffentlich-rechtliche Rundfunk in Deutschland in einer Krise steckt, dann ist es zumindest keine des Selbstbewu\u00dftseins. \u201eDie Menschen lieben, was wir tun und was wir bieten\u201c, lobte der ARD-Vorsitzende und WDR-Intendant Tom Buhrow die eigene Arbeit im K\u00f6lner Stadt-Anzeiger. Ob nun Liebe oder nicht, in jedem Fall m\u00fcssen die Deutschen zahlen. Rund 9,1 Milliarden Euro kostet jedes Jahr der \u00f6ffentlich-rechtliche Rundfunk, alleine die ARD verschlingt davon 6,3 Milliarden Euro. Zum Vergleich: Die altehrw\u00fcrdige BBC hatte 2020 ein Jahresbudget von 4,9 Milliarden Pfund (etwa 5,5 Milliarden Euro).<\/p>\n<p>F\u00fcr den stolzen Preis bekommen die Deutschen ein klar strukturiertes Weltbild. Mit Donald Trump ist ein Pr\u00e4sident des B\u00f6sen abgetreten, in Ru\u00dfland regiert ein solcher noch. Auf Corona oder Klimawandel ist mit Panik zu reagieren, wer den Sinn von Lockdown oder orientalischer Masseneinwanderung hinterfragt, spielt mit \u201eirrationalen \u00c4ngsten\u201c. Statt einer sachlichen und umfassenden Information zu kontroversen Themen werden dem Zuschauer h\u00e4ufig Personen oder Ereignisse unreflektiert in einem Koordinatensystem der sittlich-moralischen, aber politisch korrekten Entr\u00fcstung pr\u00e4sentiert, dem \u201eFraming\u201c.<\/p>\n<p>In Zahlen fa\u00dflich wird das im Umgang mit der AfD, die seit 24. September 2017 mit immerhin 12,6 Prozent der abgegebenen Stimmen die gr\u00f6\u00dfte Oppositionsfraktion im Bundestag stellt und in s\u00e4mtlichen L\u00e4nderparlamenten vertreten ist.<br \/>\nDennoch ist sie in den f\u00fcnf gro\u00dfen politischen Talkshows des \u00f6ffentlich-rechtlichen Rundfunks w\u00e4hrend dieses Zeitraums kaum pr\u00e4sent. Ob \u201eAnne Will\u201c, \u201eHart aber fair\u201c, \u201eMaischberger\u201c, \u201eMarkus Lanz\u201c oder \u201eMaybrit Illner\u201c: Parteipolitiker der AfD mu\u00df man mit der Lupe suchen.<br \/>\nAuf 15 Einladungen brachte es bisher deren Fraktionsdoppelspitze, wobei zw\u00f6lf Einladungen auf Alexander Gauland entfielen, drei auf Alice Weidel.<br \/>\nGanz im Gegensatz zur \u201eRegierungspartei der Herzen\u201c, den Gr\u00fcnen. Diese sind zwar mit 8,9 Prozent die kleinste Bundestagsfraktion, stellen jedoch seit der letzten Bundestagswahl im September 2017 satte f\u00fcnfzehn Prozent der G\u00e4ste mit Parteibuch. Die Fraktionsdoppelspitze ist innerhalb dieses Zeitraums mit 47 Einladungen deutlich \u00fcberrepr\u00e4sentiert; Katrin G\u00f6ring-Eckardt erschien 22mal auf dem Bildschirm, Anton Hofreiter 25mal.<br \/>\n\u00dcbertroffen werden sie von den Bundesvorsitzenden Annalena Baerbock und Robert Habeck mit 35 beziehungsweise 37 Auftritten.<br \/>\nIhr AfD-Pendant J\u00f6rg Meuthen und Tino Chrupalla nimmt dagegen magere sechs- beziehungsweise dreimal im Studio Platz.<br \/>\n12.2.2021, JF , Seite 7<\/p>\n<p>&nbsp;<\/p>\n<p>&nbsp;<\/p>\n<p><strong>Kontaktschuld-Vorwurf: Talkshows ohne AfD<\/strong><br \/>\nBei einer Analyse von 59 Talkshows zum Thema Corona fiel mir auf, dass die AfD als einzige Bundestagspartei nicht vorkam. Die Sender begr\u00fcnden Ihre Entscheidung, die AfD nicht einzuladen, damit, dass die Auswahl der G\u00e4ste \u201eausschlie\u00dflich nach journalistischen Kriterien\u201c erfolge.<br \/>\nMeyen: Schwierig. Mit den sogenannten journalistischen Kriterien l\u00e4sst sich alles begr\u00fcnden. Wenn ich im Feld der \u00d6ffentlichkeit einen Ausgleich der Perspektiven und Interessen anstrebe, kann ich nicht einfach Interessen ausschlie\u00dfen, die in einer Partei organisiert sind. Ich habe in den 90er Jahren bei der PDS nicht verstanden, warum sie stigmatisiert wurde und nicht Teil des gesellschaftlichen Gespr\u00e4chs sein durfte, und ich verstehe es heute bei der AfD auch nicht. Ich vermute dahinter ein Berufsverst\u00e4ndnis der Journalisten, das weniger auf Handwerk zielt, sondern mehr auf Haltung. Und dieses Berufsverst\u00e4ndnis teile ich nicht.<br \/>\nWas w\u00fcrden Sie einer Redaktion raten bei der Frage \u201eAfD einladen oder nicht\u201c?<br \/>\nMeyen: \u00dcberlegt euch, wie euer Menschenbild ist. Glaubt ihr, dass eure Zuschauer m\u00fcndige B\u00fcrger und selbst in der Lage sind, sich ein Bild zu machen? Oder glaubt ihr, die Zuschauer sind manipulierbar, zum Beispiel durch \u00c4u\u00dferungen in Talkshows? Davon w\u00fcrde ich die Entscheidung abh\u00e4ngig machen.<br \/>\nMein pers\u00f6nliches Menschenbild sieht so aus, dass ich immer noch glaube, dass die Menschen in der Lage sind, sich ihren Interessen entsprechend eine Meinung zu bilden, sich ihr Informationsmen\u00fc zusammenzustellen, und dass sie es nicht m\u00f6gen, wenn man sie bevormundet. Niemand m\u00f6chte gesagt bekommen, was er zu denken hat.<br \/>\n&#8230; Alles vom 14.7.2020 bitte lesen auf<br \/>\n<a href=\"http:\/\/www.planet-interview.de\/interviews\/michael-meyen\/51694\/\">http:\/\/www.planet-interview.de\/interviews\/michael-meyen\/51694\/<\/a><br \/>\n.<br \/>\n<em>Michael Meyen ist Professor am Institut f\u00fcr Kommunikationswissenschaft und Medienforschung an der Ludwig-Maximilians-Universit\u00e4t M\u00fcnchen<\/em><\/p>\n<p>&nbsp;<\/p>\n<p>&nbsp;<\/p>\n<p><strong>Zwei Sternminuten des Fernsehens:\u00a0Bolz entlarvt Haltungsjournalismus<\/strong><br \/>\nZwei Sternminuten des Fernsehens, die Sie sich nicht entgehen lassen sollten. Beim Talk im Hangar 7 des \u00f6sterreichischen Fernsehsenders servusTV vom 16. Januar 2020, trifft ein bestens gelaunter Prof. em. Norbert Bolz auf den Chefredakteur der liberalen \u00f6sterreichischen Wochenzeitung Falter, Dr. Florian Klenk. In der kurzen Sequenz ist alles drin, was zuk\u00fcnftige universit\u00e4re Seminare der Kommunikationswissenschaft untersuchen m\u00fcssen, um perfide Machtaus\u00fcbung und die Asymmetrie der Debattenkultur zu begreifen. In K\u00fcrze:<br \/>\n1. Klenk erkennt an dem Prinzip \u201eH\u00f6rensagen\u201c eine denunziatorische Verrohung des Diskurses, an der die Rechten Schuld tragen.<br \/>\n2. Den von ihm als Verrohung definierten Parameter wendet er nun selbst an und f\u00fchrt eine Untersuchung ins Feld, die Norbert Bolz nachgewiesen haben soll, sich radikalisiert zu haben.<br \/>\n2.a) Den \u00fcblichen Diskursgesetzen folgend m\u00fcsste sich Bolz gegen den Vorwurf, sich \u201erechtsradikalisiert\u201c zu haben, nun verteidigen und w\u00e4re damit bereits in Klenks Falle gelaufen. Sie bezweckt nichts anderes, als den Diskurs von der Sache weg hin zur Person Bolz zu verschieben. Rechts\/Radikal\/Hass\/Hetze dienen hier ausschlie\u00dflich der ad-hominem-Unterstellung, um den Disskussionsgegner in der Sache zu entm\u00fcndigen.<br \/>\n3. Bolz bleibt stattdessen sachlich und fragt nach, welche Aussage von ihm denn genau radikal sein soll.<br \/>\n4. Klenk hat keine Antwort, weil er ja nur mit dem Prinzip \u201eH\u00f6rensagen\u201c argumentiert hat. Er m\u00f6chte die Diskussion beenden.<br \/>\n5. Bolz bleibt hartn\u00e4ckig und spie\u00dft den Fall nun exemplarisch auf.<br \/>\n6. Klenk leitet einen Strategiewechsel ein, indem er in der Hartn\u00e4ckigkeit einen Beweis der Radikalisierung von Bolz erkennen will.<br \/>\n7. Bolz geht auch darauf nicht ein, sondern insistiert auf der Bitte, Klenk m\u00f6ge nur einen einzigen radikalen Gedanken von Bolz benennen.<br \/>\n8. Klenk ist nun in der Sach-Falle und kann nicht antworten. Er leitet einen weiteren Strategiewechsel ein: Klenk gibt vor, dass die von ihm getroffenen Aussagen ja auch f\u00fcr ihn selbst und jeden im Raum gelten w\u00fcrden.<br \/>\n9. Bolz, der sicher die Strategien der universit\u00e4ren K-Gruppen aus Selbstanklage und L\u00e4uterungswille nur zu gut kennt, kommentiert k\u00fchl: \u201eAch, jetzt kommt die geheuchelte Selbstkritik.\u201c<br \/>\n10. Das hilflose Gesicht von Klenk ist recht h\u00fcbsch anzusehen.<br \/>\nUnd das in zwei Minuten. Sch\u00f6ner war Fernsehen selten:<br \/>\n<a href=\"https:\/\/twitter.com\/i\/status\/1218112540372340736\">https:\/\/twitter.com\/i\/status\/1218112540372340736<\/a><br \/>\n&#8230;. Alles vom Markus Vahlefeld vom 19.1.2020 bitte lesen auf<br \/>\n<a href=\"https:\/\/www.achgut.com\/artikel\/zwei_sternminuten_des_fernsehens_sie_sind_am_ende\">https:\/\/www.achgut.com\/artikel\/zwei_sternminuten_des_fernsehens_sie_sind_am_ende<\/a><\/p>\n<p><a href=\"https:\/\/twitter.com\/talkimhangar7\/status\/1218112540372340736\">https:\/\/twitter.com\/talkimhangar7\/status\/1218112540372340736<\/a><br \/>\n<a href=\"https:\/\/www.servustv.com\/videos\/aa-221ha8dys1w12\/\">https:\/\/www.servustv.com\/videos\/aa-221ha8dys1w12\/<\/a><br \/>\n.<br \/>\nKommentare:<br \/>\n<strong>Prof. Bolz f\u00fchrt Klenk&#8217;s Art von Haltungsjournalismus so richtig vor<\/strong><br \/>\nLeider l\u00e4uft die Sendung Donnerstag sp\u00e4t abends. \u201cTalk im Hangar 7\u201d bei Servus TV sehe ich mir als einzige Talk- Sendung im deutschsprachigen Raum \u00fcberhaupt noch an und es lohnt sich meistens, weil die Moderation von Michael Fleischhacker fair und die Auswahl der G\u00e4ste politisch ausgewogen ist. Habe mir das Rumgeeiere von Klenk, der schon vorher einiges Ungereimtes von sich gab, auch angesehen &#8211; lustig, wie er auszuweichen suchte und immer hilfloser wirkte, als Prof. Bolz seine Art von Haltungsjournalismus so richtig vorgef\u00fchrt hat.<br \/>\n19.1.2020, St.H.<br \/>\n.<br \/>\n<strong>Sehr geehrter Herr Vahlefeld,<\/strong><br \/>\nProfessor Bolz ist ein ganz ausgezeichneter und auch besonnener Redner und Wissenschaftler. Vieles von ihm kann man bei you tube finden. Ich kann mich nicht erinnern, dass er sich irgendwann mal dogmatisch ge\u00e4u\u00dfert hat. F\u00fcr das was er sagt, liefert er auch nachvollziehbare gut formulierte Begr\u00fcndungen. Wenn es \u201coffene\u201d Gesichtspunkte, nicht gekl\u00e4rte Zusammenh\u00e4nge gibt, dann benennt er auch diese. Nun zu \u201cTalk im Hangar 7\u201d, das Gespr\u00e4ch dort verl\u00e4uft entlarvend. Vielen Dank, Herr Vahlefeld, f\u00fcr den Hinweis auf dieses Schaust\u00fcck f\u00fcr angewandte mediale Vorverurteilung.<br \/>\n19.1.2020, L.H.<br \/>\n.<br \/>\n<strong>Bravo, Servus-TV!<\/strong><br \/>\nGestern wieder der \u201eWegscheider\u201c und immer wieder \u201eTalk im Hangar 7\u201c, wo Themen noch kontrovers diskutiert werden, mit G\u00e4sten, die ausgewogen das gesamte Meinungsspektrum \u201evon links nach rechts\u201c pr\u00e4sentieren und dennoch die Diskussionskultur haben, die Kontrahenten ausreden zu lassen, wo der Moderator wirklich nur moderiert. Welch ein Lichtblick in der Tristesse deutschsprachigen Fernsehens! Auch \u00d6sterreich ist ja eine Bundesrepublik, dennoch muss nicht jede Landesanstalt dem Zuschauer eine eigene zwangsGEZahlte meinungskonforme Laberrunde aufs Auge dr\u00fccken. In den Hangar 7 schaffte man es sogar, einen Martin Sellner einzuladen. Dies entspr\u00e4che einer Einladung eines Lutz Bachmann in den MDR Sachsen. Wohin der MDR unter Leitung einer Alt-SED-Journalistin tendiert m\u00f6ge man am Karriereende von Uwe Steimle oder dem Rausekeln der beliebten Moderatorin Katrin Hu\u00df ersehen, die es doch tats\u00e4chlich f\u00fcr ihre Aufgabe als Journalistin hielt, den eingeladenen Gast Hans-Joachim Maaz ausreden zu lassen, statt politisch korrekt \u201egegenzuhalten\u201c. Seht her, Ihr \u00f6ffentlich-rechtlich GEZ-saturierten TV-Staatsbeamten, so wie Servus-TV geht Fernsehen, und das ohne Erpressung einer Sch\u00f6nenbornschen \u201eDemokratieabgabe\u201c!<br \/>\n19.1.2020. H.K.<br \/>\n.<br \/>\n<strong>Danke Herr Vahlefeld. Diese 2 Sternminuten des TV<\/strong><br \/>\nw\u00e4ren mir tats\u00e4chlich entgangen da kein Mensch die Zeit hat die wenigen Perlen in dem riesigen Schrotthaufen zu suchen. &#8230;.<br \/>\nEin linkspopulistisches Medium wie \u2018Falter\u2019 sollte korrekterweise nicht als liberal bezeichnet werden. &#8230;<br \/>\nNur sch\u00f6n zu erleben, wie Linke mit ihren eigenen Waffen geschlagen werden k\u00f6nnen! Warum gibt es das nicht in unserem Staatsfernsehen? &#8230;<br \/>\nEigentlich ist es traurig, das hervorheben zu m\u00fcssen, aber: Ich m\u00f6chte die Gro\u00dfz\u00fcgigkeit der Moderation, diesen Disput die beiden \u201causfechten\u201d zu lassen und nicht gleich einzuschreiten, lobend hervorheben. Im deutschen \u00f6ffentlich-rechtlichen Fernsehen, auch bei manchem Privatsender, w\u00e4re die Moderation sicherlich rasch dazwischen gegangen und h\u00e4tte den Disput unterbunden, sp\u00e4testens, als es begann, sich \u201cnicht gut f\u00fcr den Sch\u00fctzling\u201d zu entwickel<br \/>\n19.1.2020, H.B.<\/p>\n<p>&nbsp;<\/p>\n<p>.<\/p>\n<p>&nbsp;<\/p>\n<p><strong>Wie Lanz\/ZDF Zuschauer in die Irre f\u00fchren<\/strong><br \/>\nDass etwas faul sein muss an der letzten Sendung von &#8222;Lanz&#8220; im ZDF mit Hans-Georg Maa\u00dfen, sieht man, wenn man auf die Website seiner Produktionsfirma geht.<br \/>\n<a href=\"https:\/\/www.fernsehmacher-tickets.de\/\">https:\/\/www.fernsehmacher-tickets.de\/<\/a> Dort k\u00f6nnen sich Zuschauer anmelden f\u00fcr die Sendung (was die Frage aufwirft, ob da zuweilen ganze Ortsvereine von SPD, Linken und Gr\u00fcnen geschlossen das Studio besetzen &#8211; das k\u00f6nnte den stets politisch korrekten Applaus bzw. dessen Unterbleiben bei Maa\u00dfens Auftritt erkl\u00e4ren &#8211; wenn man nicht an die b\u00f6se Version von &#8222;Einklatschern&#8220; glauben m\u00f6chte &#8211; obwohl der Applaus merklich f\u00fcr Lanz auff\u00e4llig ablie\u00df, nachdem Maa\u00dfen das Klatscherverhalten thematisiert hatte).<br \/>\nLaut eigener Website ist Lanz bzw. seine Sendung seit 12. Dezember 2019 in der Winterpause. Die Sendung mit Maa\u00dfen wurde aber am 17. Dezember ausgestrahlt. Wie das? Geister-Zuschauer? Und ein Geister-Lanz? Nein, alles viel profaner: Wie eine Nachfrage bei Maa\u00dfen ergab, ist die Sendung bereits am 11. Dezember aufgezeichnet worden &#8211; also sechs Tage vor der Ausstrahlung. Wohl in der Hoffnung, es werde schon nichts Relevantes passieren. Und im Wunsch, die Woche vor Weihnachten entspannt zu genie\u00dfen, statt Dienst am zahlenden Zuschauer zu schieben. Wie viele andere Talkshows auch wird &#8222;Lanz&#8220; von einer privaten Firma aufgezeichnet &#8211; Kritiker sprechen in diesem Zusammenhang vom &#8222;\u00f6ffentlich-rechtlichen Goldesel&#8220; bzw. Reibach auf Kosten der Geb\u00fchrenzahler.<br \/>\n.<br \/>\nDie Sendung &#8222;Lanz&#8220; wird &#8211; zumindest nicht immer &#8211; so ausgestrahlt, wie sie aufgezeichnet wird. Zumindest erlebte ich das, als ich 2015 zu Gast in der Sendung war (siehe hier). Und erleichtert, weil ich glaubte, ich h\u00e4tte mich gut geschlagen. Als ich die Sendung dann Abends auf dem Bildschirm sah, war ich v\u00f6llig baff &#8211; in meinen Augen entscheidende Szenen fehlten, und teilweise wurde durch das Herausschneiden der Charakter des Gespr\u00e4chs in meinen Augen ma\u00dfgeblich verzerrt.<br \/>\nDeshalb habe ich jetzt auch nachgeforscht, ob die Sendung mit Maa\u00dfen ebenfalls geschnitten und gek\u00fcrzt wurde &#8211; es sich also, zugespitzt ausgedr\u00fcckt, um L\u00fccken-TV handelt. Und siehe da: Ja, auch bei Maa\u00dfen bekamen die Zuschauer nicht das Original. 20 bis 30 Minuten wurden gek\u00fcrzt, wie ein Teilnehmer best\u00e4tigte. Auch die Konversation von Maa\u00dfen war von den Streichungen betroffen. Was dieser auf meine Anfrage best\u00e4tigte. Auf eine Presseanfrage dazu hat das ZDF nicht geantwortet (obwohl es m.E. wegen der Geb\u00fchrenfinanzierung der \u00d6ffentlichkeit Rede und Antwort schuldig ist).<br \/>\nSchaut man sich die Sendung aufmerksam an, f\u00e4llt auf, wie etwa Maa\u00dfen mitten im Satz abgeschnitten wird (siehe Video der Sendung <a href=\"https:\/\/www.youtube.com\/watch?v=aQOcZOWFDOI&amp;feature=youtu.be&amp;t=1343\">https:\/\/www.youtube.com\/watch?v=aQOcZOWFDOI&amp;feature=youtu.be&amp;t=1343<\/a> hier bei Zeitmarke 22.31). In anderen Talkshows, in denen ich aufgetreten bin, wie &#8222;Anne Will&#8220;, &#8222;Hart aber fair&#8220;, oder der &#8222;Phoenix-Runde&#8220;, wurde nichts geschnitten.<br \/>\nTeilweise wurden sie ebenso wie Lanz vorab aufgezeichnet &#8211; aber ohne jegliche Schnitte. Auch, wenn sie Lanz ansehen, werden sehr viele Zuschauer glauben, sie w\u00fcrden genau das Gespr\u00e4ch im Original und voller L\u00e4nger sehen, das sich im Studio abgespielt hat.<br \/>\nDass dies nicht geschieht, dass nicht einmal ein Hinweis eingeblendet wird, zumindest ein deutlicher Hinweis, dass die Zuschauer eine bearbeitete Fassung mit L\u00fccken sehen, ist in meinen Augen Etikettenschwindel und Mogelei.<br \/>\n&#8230; Alles vom 20.12.2019 von Boris Reitschuster bitte lesen auf<br \/>\n<a href=\"https:\/\/www.reitschuster.de\/post\/l%C3%BCcken-tv-wie-lanz-zdf-zuschauer-in-die-irre-f%C3%BChren\">https:\/\/www.reitschuster.de\/post\/l%C3%BCcken-tv-wie-lanz-zdf-zuschauer-in-die-irre-f%C3%BChren<\/a><br \/>\n.<\/p>\n<p>Mehr zur Sendung lesen Sie hier:<br \/>\n<a title=\"TV-Talkshow: Maa\u00dfen bei Lanz\" href=\"https:\/\/www.freiburg-schwarzwald.de\/blog\/tv-talkshow-maassen-bei-lanz\/\">TV-Talkshow: Maa\u00dfen bei Lanz<\/a>\u00a0(19.12.2019)<\/p>\n<p>.<\/p>\n<p><strong>\u201eZuschauerkoordination\u201c: Wie ARD und ZDF sich die gew\u00fcnschten Klatschhasen ins Publikum holen<\/strong><br \/>\nWer Polit-Talkshows im \u00f6ffentlich-rechtlichen Fernsehen verfolgt, kann darin mehrere stetig wiederkehrende Muster erkennen: Zum einen ist von den im Regelfall zwischen vier und sechs Studiog\u00e4sten meist einer ein eindeutig Konservativer \u2013 entweder ein AfD-Politiker oder eine Pers\u00f6nlichkeit aus dem vorpolitischen Raum. Zum anderen wenden sich nicht nur alle \u00fcbrigen Studiog\u00e4ste und der Moderator gegen ihn, sondern auch das Saalpublikum, durch Totenstille oder Missfallensbekundungen zu dessen Beitr\u00e4gen und tosenden, frenetischen Applaus zu Kontern vonseiten seiner Gegner.<br \/>\nDie psychologische Botschaft, die davon ausgeht, ist klar: Die konservative Position sei mitnichten nur bei deutschen Journalisten, die \u201eHaltung\u201c offenbaren, disqualifiziert, sie habe auch die gesamte deutsche Bev\u00f6lkerung gegen sich. Die Lanz-Sendung mit Ex-Verfassungsschutz-Chef Hans-Georg Maa\u00dfen am 17. Dezember 2019, die diese Konstellation besonders deutlich zum Ausdruck gebracht, hat allerdings den Argwohn des bekannten Publizisten Boris Reitschuster geweckt. Er ist einigen Fragen rund um die Sendung auf den Grund gegangen. Dabei hat er nicht nur eruiert, dass die Sendung voraufgezeichnet und in eigenwilliger Weise zusammengeschnitten worden sei. Nun hat Reitschuster auch Hinweise dahingehend gefunden, dass auch die Begeisterung des Saalpublikums f\u00fcr den \u201edemokratischen Konsens\u201c und dessen sp\u00fcrbare Abneigung gegen konservative Positionen nicht von ungef\u00e4hr kommen.<br \/>\n&#8230;.<br \/>\nReitschuster erkl\u00e4rt, die Polit-Talksendungen nach dem Fund auf der Homepage der Lanz-Produktionsfirma \u201enochmal mit ganz neuen Augen\u201c zu sehen: \u201eF\u00fcr diese Selbst-Entlarvung muss man den \u201aFernsehmachern\u2018 eigentlich dankbar sein. Sie erinnern anschaulich daran, dass uns im Fernsehen eine k\u00fcnstliche Realit\u00e4t vorgespiegelt wird. Leider recht erfolgreich.\u201c<br \/>\n&#8230; Alles vom 25.12.219 bitte lesen auf<br \/>\n<a href=\"https:\/\/www.epochtimes.de\/politik\/deutschland\/zuschauerkoordination-wie-ard-und-zdf-sich-die-gewuenschten-klatschhasen-ins-publikum-holen-a3108370.html\">https:\/\/www.epochtimes.de\/politik\/deutschland\/zuschauerkoordination-wie-ard-und-zdf-sich-die-gewuenschten-klatschhasen-ins-publikum-holen-a3108370.html<\/a><br \/>\n.<br \/>\nEinige Kommentare:<br \/>\n<strong>Viel schlimmer als die Manipulation und Propagandal\u00fcgen der Medien finde ich,<\/strong><br \/>\nda\u00df es noch immer Menschen gibt, welche von eben diesen Medien ein objektives, unvoreingenommenes Berichten erwarten. Das ist in etwa so, als w\u00fcrde man st\u00e4ndig mit voller Wucht den Kopf gegen eine Wand schlagen und sich jedesmal \u00fcber den Schmerz wundern.<br \/>\n26.12.2019, G.F.ETO<br \/>\n.<br \/>\n<strong>Ein besonderes Lob an Herrn Reitschuster<\/strong>,<br \/>\ndass er anhand dieser aufgezeichneten und zerst\u00fcckelten Lanz-Sendung mal noch etwas tiefer in den L\u00fcgensumpf dieser sogenannten \u00d6ffentlich-Rechtlchen gebohrt hat. Leider werden die treuen Konsumenten dieses Drecks das nicht mitbekommen, wie sie betrogen werden. Siehe unter hallo-meinung.de<br \/>\n&#8230;<br \/>\nJeder, der einigerma\u00dfen Menschenverstand besitzt, wei\u00df, dass \u00d6R-Talkshows von vorne bis hinten inszeniert sind, von der Auswahl der G\u00e4ste und des Publikums bis hin zu Schnitttechniken, die Leute in einem bestimmten Licht da stehen lassen. Eva Herman und Petra Paulsen haben schon vor einiger Zeit darauf aufmerksam gemacht. Diese Manipulationen m\u00fcssten viel h\u00e4ufiger an die \u00d6ffentlichkeit gebracht werden, damit jeder Depp, der immer noch glaubt ARD und ZDF w\u00fcrden seri\u00f6ses Fernsehen machen, es irgendwann versteht.<br \/>\n26.12.2019, St.M., ETO<br \/>\n.<br \/>\n<strong>Karlheinz Wei\u00dfmann: Der lange Marsch in die Erziehungsdiktatur<\/strong><br \/>\nVerweigerung des nach allen Seiten offen gef\u00fchrten gesellschaftlichen Diskurses durch das Establishment, Uniformierung der Meinung in den Mainstream-Medien: Wie konnte es dazu kommen? Die Antwort darauf gab der Publizist und Buchautor Karlheinz Wei\u00dfmann auf dem Kongress zur Meinungsfreiheit im Berliner Kronprinzenpalais.<br \/>\n<a href=\"https:\/\/www.youtube.com\/watch?v=JvFV2gxKrOM&amp;t=296s\">https:\/\/www.youtube.com\/watch?v=JvFV2gxKrOM&amp;t=296s<\/a><br \/>\n26.12.2019, K.K., ETO<br \/>\n.<br \/>\n<strong>Es ist absolut erstaunlich und zeigt, wie sehr die Lage zum Jahresende 2019 an der Kippe steht,<br \/>\n<\/strong>wenn der ZDF sich bem\u00fc\u00dfigt f\u00fchlt, diesen Hans Georg Maa\u00dfen in eine Sendung einzuladen \u2013 um Vielfalt und Meinungsfreiheit vorzugaukeln. Denn es ist ein Risikospiel f\u00fcr die als L\u00fcgenpresse verunglimpften Medien, wenn sie Leute ausreden lassen, die ihr Spiel nicht l\u00e4nger mitspielen \u2013 und wie ich meine, ist die Sache im ZDF bei Markus Lanz geh\u00f6rig schief gegangen. Ich empfehle jedem sich die Sendung anzusehen, denn es war ein qualitativ hochwertiger Schlagabtausch und der ehemalige h\u00f6chste Verfassungssch\u00fctzer gab Einblicke in seine Gedankenwelt, die h\u00f6chst interessant sind.<br \/>\n<a href=\"https:\/\/www.youtube.com\/watch?v=zWorwW4I2tM\">https:\/\/www.youtube.com\/watch?v=zWorwW4I2tM<\/a><br \/>\n26.12.219, M.E.<br \/>\n.<br \/>\n<strong>Das Publikum muss mit Opfern gef\u00fcttert werden<\/strong>.<br \/>\nDiese Sendungen sind das \u00c4quivalent zu den \u00f6ffentlichen Hinrichtungen unseligen Angedenkens. Nur bl\u00f6d, wenn zum Beispiel ein eifrig systemdevoter, fickriger Lanz trotz Publikumsunterst\u00fctzung (Gibt&#8217;s eigentlich noch die &#8222;Applaus&#8220;-Leuchtschilder?) an einem souver\u00e4nen Opfer wie Maa\u00dfen zerschellt.<br \/>\n26.12.2019, D.M.<br \/>\n.<br \/>\n<strong>Es gibt eine ganze psychologische Wissenschaftsindustrie dar\u00fcber,<\/strong><br \/>\nwie man in Superm\u00e4rkten die Waren anordnen und pr\u00e4sentieren muss, wo die billigen und wo die teuern Waren hinkommen, welche Farben, welche Musik, einfach wie man den ganzen Schuppen gestalten muss, um die Kunden maximal zum kaufen zu bewegen. Man wird manipuliert vom Eingang bis zur Kasse und noch dar\u00fcber hinaus.<br \/>\nDann ist es doch klar, dass es bei der Herstellung\/Gestaltung einer Fernsehsendung wie so einer Talkshow in der ein ganz bestimmtes Thema transportiert werden soll, gar nicht anders sein kann.<br \/>\n26.12.2019, O.V.B.<\/p>\n<p><strong>Die 11 Stufen zur Hatespeech<\/strong><br \/>\nDer Philosoph und AfD-Bundestagsabgeordnete Marc Jongen zeichnete auf dem gro\u00dfen Meinungsfreiheitskongress der Desiderius-Erasmus-Stiftung so kenntnisreich wie unterhaltsam die elf Stufen von der Freespeech zur Hatespeech nach. Eine Dialektik der Aufkl\u00e4rung und eine Analyse unserer Zeit. Marc Jongen: Die 11 Stufen zur Hatespeech<br \/>\n<a href=\"https:\/\/www.youtube.com\/watch?v=J0GOhyMrh7g\">https:\/\/www.youtube.com\/watch?v=J0GOhyMrh7g<\/a><br \/>\n26.12.2019, A.D,<br \/>\n.<br \/>\n<strong>Hier ist ja die Bezeichnung L\u00fcgenpresse noch v\u00f6llig untertrieben<\/strong><br \/>\n&#8230;solche Sendungen bastel sich eine &#8222;eigene Realit\u00e4t&#8220; unglaublich mit was f\u00fcr sch\u00e4bigen Tricks die zwangsfinanzierten Sender Ihre Zuschauer verbl\u00f6den&#8230;<br \/>\n26.12.2019, Fo<br \/>\n.<br \/>\n<strong>Das unabh\u00e4ngige Qualit\u00e4tsfernsehen<\/strong><br \/>\nben\u00f6tigt stets eine gr\u00fcndliche Vorbereitung in Abstimmung mit dem politischen Ziel, denn: \u201eDie unumschr\u00e4nkte Freiheit des Denkens und die \u00f6ffentliche Bekanntmachung der Gedanken eines Menschen geh\u00f6ren nicht zu den Rechten der B\u00fcrger.\u201c (Papst Leo XIII., 1810 bis 1903)<br \/>\n26.12.2019, Pet<br \/>\n.<br \/>\n<strong>Meinungsfreiheit gilt auch im \u00f6ffentlichen Fernsehen<\/strong><br \/>\nZum Abschluss des gro\u00dfen DES-Kongresses zur Meinungsfreiheit im Berliner Kronprinzenpalais diskutierte Moderator Nicolaus Fest mit Vera Lengsfeld, Marc Jongen und Karlheinz Wei\u00dfmann \u00fcber den gegenw\u00e4rtigen Zustand in Deutschland. Dabei waren sich alle Teilnehmer in einem Punkt einig.<br \/>\n<a href=\"https:\/\/www.youtube.com\/watch?v=41bMt-pLl7s\">https:\/\/www.youtube.com\/watch?v=41bMt-pLl7s<\/a><br \/>\nMeinungsfreiheit gilt auch im \u00f6ffentlichenFernsehen.<br \/>\n26.12.2019, E.K.<br \/>\n.<br \/>\n<strong>Sonst gehe ich Lanz-Sendungen grunds\u00e4tzlich aus dem Weg;<\/strong><br \/>\nwegen Dr. Maa\u00dfen wollte ich aber doch reinschauen. Gewisse Schwenks kamen mir unnat\u00fcrlich vor, ich konnte sie mir aber nicht eindeutig erkl\u00e4ren. Vorab-Aufzeichnung ist also des R\u00e4tsels L\u00f6sung. Eine Schweinerei! Bzgl. der Zuschauerreaktionen mu\u00df man lediglich die Gesichter der Damen und Herren genau beobachten. Wer zu heftigem Klatschen v\u00f6llig emotionslose Gesichtsz\u00fcge erkennt, wei\u00df woran er ist. Es ist einfach nur ekelhaft, wozu sich Menschen f\u00fcr Geld hergeben!!!<br \/>\n26.12.2019, H.K.<\/p>\n<p><strong>Die Macht der Medien &#8211; auch bei Markus Lanz sichtbar<\/strong><br \/>\nDer renommierte Medienwissenschaftler Norbert Bolz sprach als Gastredner im Kronprinzenpalais \u00fcber die &#8222;ungeliebte Freiheit der anderen Meinung&#8220; sowie die &#8222;Macht der Medien und die Ohnmacht der Vernunft&#8220;. Die herrschenden Eliten, so Bolz, verweigerten momentan einen gesellschaftlichen Diskurs \u00fcber die wirklichen Probleme.<br \/>\nNorbert Bolz: &#8222;Der sp\u00e4te Sieg der DDR&#8220;:<br \/>\n<a href=\"https:\/\/www.youtube.com\/watch?v=3A-vO8G3V4s\">https:\/\/www.youtube.com\/watch?v=3A-vO8G3V4s<\/a><br \/>\n26.12.2019, E.K.<\/p>\n<p>.<\/p>\n<p>&nbsp;<\/p>\n<p><strong>Goldene Kartoffel an ARD- und ZDF-Talkshows<\/strong><br \/>\n&#8222;Rei\u00dferisch, klischeehaft und diskriminierend&#8220; &#8211; so lautet das Urteil der Jury f\u00fcr die diesj\u00e4hrigen Preistr\u00e4ger der Goldenen Kartoffel. Es sind die ARD-Talkshows &#8222;hart aber fair&#8220; mit Frank Plasberg, &#8222;Maischberger&#8220; und &#8222;Anne Will&#8220; sowie die ZDF-Sendung &#8220; Maybrit Illner&#8220;, wie der Verein Neue deutsche Medienmacher*innen (NdM) mitteilte. Die Initiative vergibt den Negativpreis f\u00fcr Berichterstattung in Fragen der Einwanderungsgesellschaft j\u00e4hrlich seit 2018. Die vier politischen Talkshows lie\u00dfen zwar in Inhalt und Ausf\u00fchrung qualitative Unterschiede erkennen, hei\u00dft es in der Begr\u00fcndung. Jedoch w\u00fcrden alle vier immer wieder ein verzerrtes Bild vom Zusammenleben im Einwanderungsland Deutschland entwerfen und Probleme \u00fcberzeichnen. Sie tr\u00fcgen damit dazu bei, Vorurteile zu verfestigen. &#8222;Diese Goldene Kartoffel ist ein Fall entt\u00e4uschter Liebe&#8220;, erkl\u00e4rt Juryvorsitzende Sheila Mysorekar. &#8222;Der \u00f6ffentlich-rechtliche Rundfunk sollte sich an alle B\u00fcrger*innen richten. Wenn aber ausgerechnet die Talkshows unserer ARD und unseres ZDF Rechtsradikalen und Rassisten immer wieder Sendezeit schenken, hingegen nur selten ernst zu nehmende Vertreter und Vertreterinnen ethnischer und religi\u00f6ser Minderheiten einladen, dann werden sie ihrem Auftrag nicht gerecht.&#8220;<br \/>\n&#8230;. Alles vom 29.10.2019 bitte lesen auf<br \/>\n<a href=\"https:\/\/www.spiegel.de\/kultur\/gesellschaft\/goldene-kartoffel-negativpreis-fuer-ard-und-zdf-talkshows-a-1293922.html\">https:\/\/www.spiegel.de\/kultur\/gesellschaft\/goldene-kartoffel-negativpreis-fuer-ard-und-zdf-talkshows-a-1293922.html<\/a><\/p>\n<p>Also vereinfacht gesagt, wird mit der Goldenen Kartoffel geehrt, wer sich in seiner Arbeit zu sehr auf die \u201eKartoffeln\u201c, also die \u201eBio-Deutschen\u201c oder wie man die Eingeborenen dieses Landstrichs sonst noch in politisch-korrekter Herablassung nennen kann, konzentriert.<br \/>\n&#8230; &#8222;Die G\u00e4steauswahl ist h\u00e4ufig diskriminierend, der Diverstit\u00e4tsmangel in vielen Sendungen bestechend. Besonders auff\u00e4llig ist die st\u00e4ndige Abwesenheit von Schwarzen Menschen und People of Color, die sich \u2013 wenn \u00fcberhaupt \u2013 oft nur in Sendungen zu Migrationsthemen wiederfinden, als w\u00fcrden Themen wie Rente, Pflege, Klima usw. einen erheblichen Teil der Gesellschaft nicht betreffen.\u201c<br \/>\n&#8230; Alles vom 1.11.2019 von Peter Grimm bitte lesen auf<br \/>\n<a href=\"https:\/\/www.achgut.com\/artikel\/fundstueck_ard_und_zdf_bekommen_die_goldene_kartoffel\">https:\/\/www.achgut.com\/artikel\/fundstueck_ard_und_zdf_bekommen_die_goldene_kartoffel<\/a><\/p>\n<p><a href=\"https:\/\/www.neuemedienmacher.de\/preisverleihung-goldene-kartoffel-2019-2\/\">https:\/\/www.neuemedienmacher.de\/preisverleihung-goldene-kartoffel-2019-2\/<\/a><\/p>\n<p>.<\/p>\n<p>&nbsp;<\/p>\n<p><strong>TV-Diskussionen in Traum-Besetzung &#8211; ein Wunschtraum?<\/strong><\/p>\n<p>Hier meine pers\u00f6nliche Wunschbesetzungen im TV:<\/p>\n<p>&#8222;Euro-Rettung&#8220;-Diskussion:<br \/>\nWolfgang Sch\u00e4uble, Ska Keller, Dirk Krause, ..<br \/>\nHans-Werner Sinn, Max Otte, Roland Tichy<br \/>\n.<br \/>\n&#8222;Migration&#8220;-Diskussion:<br \/>\nHeinrich Bedford-Strohm (EKD), Kathrin G\u00f6ring-Eckart, Horst Seehofer<br \/>\nRupert Scholz, Bassam Tibi, Gunnar Heinsohn<br \/>\n.<br \/>\n&#8222;Anitisemitismus&#8220;-Diskussion<br \/>\nJ\u00f6rg Schuster (ZdJ), Rafael Korenzecher (J\u00fcdische Rundschau), Michael Wolffsohn<br \/>\nHamed Abdel-Samad, Henryk M. Broder, &#8230;<br \/>\n.<br \/>\n&#8222;Klimawandel&#8220;-Diskussion<br \/>\nHarald Lesch, Wolfgang Lucht (PIK), Luisa Neubauer (FfF)<br \/>\nFritz Vahrenholt, Hans-Joachim L\u00fcdecke (Eike), Frank Hennig<br \/>\n.<br \/>\n&#8222;Kampf gegen Rechts&#8220;-Diskussion:<br \/>\nWolfgang Thierse, Werner Patzelt, &#8230;<br \/>\nMichael Klonovky, Vera Lengsfeld, &#8230;<\/p>\n<p>Meine pers\u00f6nlichen Traum-Diskutanten sind Franz-Josef Strau\u00df und Herbert Wehner: Scharf, auch geh\u00e4ssig, aber sachorientiert. Danach trafen sie sich im Restaurant des Bundestags zu Bonn beim Bier.<br \/>\n.<br \/>\nWer Diskussion als &#8222;zu umst\u00e4ndlich&#8220; (Robert Habeck) bezeichnet, hat Demokratie entweder nicht verstanden oder ist ihr Totengr\u00e4ber.<br \/>\n.<br \/>\nDiskussionen im TV: Da l\u00e4d man sich gleichgeschaltete CDUCSU-SPD-Gr\u00fcne-FDP-Linke und einen AfD-er ein, um auf diesen als Alibi-Oppositionellen dann alle eindreschen.<br \/>\n18.10.2019<\/p>\n<p>&nbsp;<\/p>\n<p><strong>Talks mit Pfiff in auf \u00f6sterreichischen und der Schweizer Sendern &#8211; Beispiele<\/strong><\/p>\n<p>Demokratie braucht die Diskussion, den Diskurs. Im Parlament und au\u00dferhalb. Auch in Talkshows. Leider sind die Talks in Deutschland oft langweilig und einseitig.\u00a0Anders als in der\u00a0Schweiz und in \u00d6sterreich . Hier Beispiele:<\/p>\n<p><strong>1) Talk im Hangar-7: Wiesinger &amp; Sarrazin: Wie weit darf Islamkritik gehen?<\/strong><br \/>\nMit Lehrerin Susanne Wiesinger und Volkswirtschaftler Sarrazin<\/p>\n<p>Auf Hangar 7 von Servus TV, einem \u00f6sterreichischen Privatfernsehsender im Besitz der Red Bull Media House GmbH, sind interessante, politisch inkorrekte Talks zu sehen. So am 11.10.2018 eine Talkrunde mit Thilo Sarrazin (Autor des Buch \u201eFeindliche \u00dcbernahme\u201c) zum Islam und der Wiener Lehrerin Susanne Wiesinger (Autorin des Buchs \u201eKulturkampf im Klassenzimmer\u201c zu den Integrationsproblemen moslemischer Sch\u00fcler. Dazu Abdul Adhim Kamouss, Imam.<br \/>\n<a href=\"https:\/\/www.youtube.com\/watch?time_continue=16&amp;v=fPnWWg6sWBg\">https:\/\/www.youtube.com\/watch?time_continue=16&amp;v=fPnWWg6sWBg<\/a><br \/>\n.<br \/>\n<a href=\"https:\/\/www.servus.com\/de\/talk-im-hangar-7\/\">https:\/\/www.servus.com\/de\/talk-im-hangar-7\/<br \/>\n<\/a>\u00a0.<br \/>\n<strong>2) Fellner! Live: Sarrazin &amp; K\u00f6ppel im Interview am 8.10.2018<\/strong><br \/>\nStudiogespr\u00e4ch von Thilo Sarrazin mit dem Chefredakteur der Weltwoche und SVP-Nationalrat Roger K\u00f6ppel in der Sendung \u201eFellner! Live\u201c bei OE24.TV. Dazu seien laut Moderator Wolfgang Fellner f\u00fcnf Sicherheitsbeamte im Studio gewesen, drei vom Landeskriminalamt Berlin und zwei aus \u00d6sterreich von der Spezialeinheit Kobra, die Sarrazin besch\u00fctzen w\u00fcrden, da er wohl Morddrohungen von Moslems ausgesetzt sei. Das Gespr\u00e4ch beginnt bei 6:25:<br \/>\n<a href=\"https:\/\/www.youtube.com\/watch?time_continue=4&amp;v=1-U7Dw3h8bg\">https:\/\/www.youtube.com\/watch?time_continue=4&amp;v=1-U7Dw3h8bg<\/a><br \/>\n.<br \/>\n<a href=\"https:\/\/www.oe24.at\/tv\/fellnerlive\">https:\/\/www.oe24.at\/tv\/fellnerlive<br \/>\n<\/a>\u00a0.<br \/>\n<strong>3) Thilo Sarrazin und Roger K\u00f6ppel bei Nau<\/strong><br \/>\nAuf dem Schweizer Nachrichtenportal \u201eNau&#8220;\u00a0beklagt\u00a0Roger K\u00f6ppel die Verklemmtheit der deutschen Mainstream-Medien:<br \/>\n<a href=\"https:\/\/www.youtube.com\/watch?time_continue=29&amp;v=w_ce9wMq99c\">https:\/\/www.youtube.com\/watch?time_continue=29&amp;v=w_ce9wMq99c<\/a><br \/>\n.<br \/>\n<a href=\"https:\/\/www.nau.ch\/news\/videos\/thilo-sarrazin-und-roger-koppel-im-interview-65437920\">https:\/\/www.nau.ch\/news\/videos\/thilo-sarrazin-und-roger-koppel-im-interview-65437920<\/a><br \/>\n<a href=\"https:\/\/www.nau.ch\">https:\/\/www.nau.ch<\/a><\/p>\n<p>Vortrag von Thilo Sarrazin am 15. September 2018<br \/>\nim Bayerischen Hof in M\u00fcnchen auf Einladung des Mises-Institutes :&#8220;Einwanderung und Bildung als Vehikel politischer Utopie&#8220;<br \/>\n<a href=\"https:\/\/www.youtube.com\/watch?time_continue=115&amp;v=x_G9E59YUzg\">https:\/\/www.youtube.com\/watch?time_continue=115&amp;v=x_G9E59YUzg<\/a><\/p>\n<p>&nbsp;<\/p>\n<p>&nbsp;<\/p>\n<p>&nbsp;<\/p>\n<p><strong>Talkshows ohne AfD<\/strong><br \/>\n<em>Keine Auftritte im April: Die gr\u00f6\u00dfte Oppositionspartei sieht sich von \u00f6ffentlich-rechtlichen Sendern ungerecht behandelt.<\/em> &#8230;.<br \/>\nDie AfD sieht sich ungerecht behandelt. Einen Tag vor der Ausstrahlung des \u201eTagesschau\u201c-Beitrags ver\u00f6ffentlichte Parteichef J\u00f6rg Meuthen eine Facebook-Grafik, in der zu lesen ist: \u201eTalkshow-Bilanz April: 29 Politiker der Kartellparteien \u2013 0 Politiker unserer B\u00fcrgerpartei\u201c. In einer entsprechenden Statistik zu den Sendungen \u201ehart aber fair\u201c, \u201eAnne Will\u201c, \u201eMaischberger\u201c und \u201eMaybrit Illner\u201c sind alle G\u00e4ste aufgelistet, die Bundestagsparteien angeh\u00f6ren. Auffallend ist: Nach Unions-Politikern sind Vertreter der SPD und der Gr\u00fcnen \u2013 der kleinsten im Parlament vertretenen Partei \u2013 prozentual gleichauf am h\u00e4ufigsten zu Gast.<br \/>\nAm Montag ver\u00f6ffentlichte Meuthen einen weiteren Facebook-Beitrag. Diesmal mit einer Statistik \u00fcber die \u201eTagesschau\u201c, die zuerst auf dem Blog \u201eAchse des Guten\u201c erschienen war. Demnach kamen in den Ausgaben vom 25. M\u00e4rz bis 25. April 18mal Vertreter der Linkspartei zu Wort, gefolgt von Gr\u00fcnen (neun) und FDP (sieben). Die AfD bildet das Schlu\u00dflicht mit f\u00fcnf Statements.<br \/>\n\u201eJournalisten insinuieren h\u00e4ufig, da\u00df es der AfD nicht um Sachpolitik gehen w\u00fcrde. In Wirklichkeit verh\u00e4lt es sich so, da\u00df sich viele Journalisten nicht f\u00fcr die von der AfD betriebene Sachpolitik interessieren\u201c, sagt Meuthen der JF. Statt dessen w\u00fcrden sie sich auf das boulevardeske Geschehen in der Partei konzentrieren, wodurch bei den B\u00fcrgern ein Zerrbild entstehe. &#8230;.<br \/>\nAlles vom 18.5.2018 zu &#8222;talkshows ohne AfD&#8220; bitte lesen in: Junge Freiheit, Seite 17<\/p>\n<p>.<\/p>\n<p><strong>Von der Parteien- zur Massenmedien-Demokratie<\/strong><br \/>\nDie Parteien waren fr\u00fcher tats\u00e4chlich der organisierte Ort der Willensbildung des Volkes: wie es im <a title=\"Grundgesetz\" href=\"https:\/\/www.freiburg-schwarzwald.de\/blog\/engagement\/zukunft\/demokratie\/grundgesetz\/\">Grundgesetz<\/a> steht. Die Meinungsbildung in traditionellen R\u00e4umen wie Kirchen, Vereinen, Gewerkschaften, anderen Verb\u00e4nden, Stadvierteln, D\u00f6rfern und Stammtischen floss in die Willensbildung der Parteien ein. Die alte Presse begleitete und transportierte diesen Prozess, der Rundfunk trat als m\u00e4chtiges Meinungsinstrument hinzu, dann seine Verl\u00e4ngerung als Fernsehen.<br \/>\nNeben die alte Tagespresse traten Magazine und Zeitschriften, Rundfunk und Fernsehen expandierten, alle zusammen etablierten sich als die neuen Orte der Meinungsbildung und nahmen den Parteien ihr Monopol ab.<br \/>\nDass heute nicht nur die politische Meinungsbildung in den Medien stattfindet, sondern auch Parlamensdebatten und Regierungserkl\u00e4rungen durch TV-Talkrunden ersetzt werden, ist der vorl\u00e4ufige Tiefpunkt der Parteiendemokratie. Dass die Parteien so ununterscheidbar wurden, ist die Konsequenz der Massenmedien-Demokratie.<br \/>\n.<br \/>\nDagegen hilft nur der politisch radikal andere Weg. Mittelfristig: Das Mehrheitswahlrecht bei gleichzeitigem Wegfall aller direkten und indirekten Parteien-Privilegien von der Streichung im Grundgesetz bis zur direkten und indirekten Parteienfinanzierung. &#8230; Alles vom Fritz Goergen vom 3.1.2016 bitte lesen auf<br \/>\n<a href=\"https:\/\/www.tichyseinblick.de\/kolumnen\/goergens-feder\/autoritaer-oder-liberal\/\">https:\/\/www.tichyseinblick.de\/kolumnen\/goergens-feder\/autoritaer-oder-liberal\/<\/a><br \/>\n.<\/p>\n<p>&nbsp;<\/p>\n<p><strong>Abdel-Samad: Von Talkshows und Presse gemieden<\/strong><br \/>\nHeute ist <a title=\"Abdel-Samad\" href=\"https:\/\/www.freiburg-schwarzwald.de\/blog\/religion\/islam\/abdel-samad\/\">Abdel-Samad<\/a> ein leidenschaftlicher K\u00e4mpfer f\u00fcr die westlichen Werte der Aufkl\u00e4rung, f\u00fcr das Recht auf pers\u00f6nliche freie Entfaltung. Jahrelang hat er im Rahmen der \u201cIslamkonferenz\u201d vergeblich versucht, den Innenminister und seinen Stab davon zu \u00fcberzeugen, dass die konservativen Islamverb\u00e4nde, die nur 20 Prozent der Muslime vertreten, sich hier festsetzen, Steuergelder kassieren und auch die moderateren Gl\u00e4ubigen beeinflussen d\u00fcrfen. Noch im April hat Erdogan 970 DITIP-Imame, Transporteure seiner politischen Ziele, nach Deutschland geschickt.<br \/>\n&#8230;.<br \/>\nHamed Abdel-Samad lebt inzwischen unter der<a title=\"Islam\" href=\"https:\/\/www.freiburg-schwarzwald.de\/blog\/religion\/islam\/\"> Fatwa<\/a>, kann nur mit Polizeischutz in die \u00d6ffentlichkeit gehen. Die Stadt Dortmund hat ihn bei einer Veranstaltung wieder ausgeladen. Die Universit\u00e4t Augsburg, die ihn 2001 als besten ausl\u00e4ndischen Studenten ausgezeichnet hatte, hat sein Gespr\u00e4ch mit Studenten abgesagt und die Universit\u00e4t M\u00fcnchen, an der er jahrelang j\u00fcdische und islamische Geschichte gelehrt hat, will ihm keine R\u00e4ume zur Verf\u00fcgung stellen.<br \/>\nIm Islam sind alle, die nicht dieser \u201cbesten Gemeinschaft\u201d anh\u00e4ngen, verachtenswerte Ungl\u00e4ubige, Kuffars. Was dahinter steckt, dass gerade diejenigen, die uns ihre menschenverachtenden Regeln aufzwingen wollen, millionenfach in unser Land gelassen und auch noch vehement gegen\u00fcber Aufkl\u00e4rern wie Abdel-Samad verteidigt werden, kann man nur vermuten.<br \/>\nWas bedeutet es, wenn Verbrechen wie die der K\u00f6lner Silvesternacht, der <a title=\"Dreisam-Mord\" href=\"https:\/\/www.freiburg-schwarzwald.de\/blog\/global\/integration\/dreisam-mord\/\">Mord an der jungen Frau in Freiburg<\/a> und der <a title=\"Luegenpresse\" href=\"https:\/\/www.freiburg-schwarzwald.de\/blog\/kultur\/medien\/luegenpresse\/\">brutale Tritt in der Berliner U-Bahn<\/a> der \u00d6ffentlichkeit vorenthalten werden sollen?<br \/>\n<strong>Werden die Taten dann doch bekannt, stehen nicht die Opfer im Mittelpunkt des Interesses, sondern das Bem\u00fchen, \u201cFl\u00fcchtlinge\u201d genannte Einwanderer blo\u00df nicht unter Generalverdacht zu stellen. Warum?<\/strong><br \/>\nWas steckt hinter diesem wie das Amen in der Kirche folgenden blinden Verteidigungsautomatismus, f\u00fcr den alle vorhandenen Talkshows (Alexander Wallasch und Stephan Paetow berichteten) sich dann tagelang zur Verf\u00fcgung stellen?<br \/>\nWas soll hier so vehement verteidigt werden, dass die wahren Opfer dar\u00fcber vergessen werden?<br \/>\nWas f\u00fcr ein B\u00fcndel von obskuren Interessen wird hier bedient, die nicht ans Licht kommen sollen?<br \/>\nEs kann doch nicht einfach nur Naivit\u00e4t und <a title=\"Gutmenschen\" href=\"https:\/\/www.freiburg-schwarzwald.de\/blog\/engagement\/gutmenschen\/\">Gutmeinertum<\/a> sein. &#8230;<br \/>\nAlles von Ingrid Ansari vom 9.12.2016 bitte lesen auf<br \/>\n<a href=\"https:\/\/www.tichyseinblick.de\/feuilleton\/buecher\/vom-glauben-zum-wissen-hamed-abdel-samads-langer-abschied-vom-himmel\/\">https:\/\/www.tichyseinblick.de\/feuilleton\/buecher\/vom-glauben-zum-wissen-hamed-abdel-samads-langer-abschied-vom-himmel\/<br \/>\n<\/a>\u00a0 \u00a0.<br \/>\n<em>Hamed Abdel-Samad:<\/em><br \/>\n<em>Mein Abschied vom Himmel: Aus dem Leben eines Muslims in Deutschland<\/em><br \/>\n<em>Knaur eBook, November 2016, 304 Seiten<\/em><\/p>\n<p><em>Das Buch gibt uns ein Bild davon, was es konkret bedeutet, aus einer archaischen, vom Islam durchdrungenen Gesellschaft nach Deutschland zu kommen. Ein schicksalhafter Schritt, der von hiesigen Gutmenschen in einem Ma\u00dfe verharmlost wird, dass man es eigentlich nur auf einen unglaublichen Mangel an Schulbildung zur\u00fcckf\u00fchren kann, der die Kinder heutzutage zu einer gef\u00e4hrlich provinziellen und unsensiblen Denkfaulheit und Fantasielosigkeit erzieht, die keinerlei Differenzierungen mehr kennt.<\/em><\/p>\n<p>&nbsp;<\/p>\n<p><strong>Mabrit Illner: Sinnfreiheit der Welt f\u00fcr den orientierungslosen Menschen<\/strong><br \/>\nWir wollen dem Leser einen Leckerbissen der modernen Unterhaltung bieten: TV Absurd! Abgeleitet vom absurden Theater will das absurde Fernsehen die Sinnfreiheit der Welt und den darin orientierungslosen Menschen darstellen. &#8230;.<br \/>\nDas absurde Fernsehen eignet sich f\u00fcr jedes Thema. \u201eMein E-Auto hat keinen Sprit mehr.\u201c \u201eWas will Merkel? Und will Gabriel das gleiche?\u201c Oder \u201eFl\u00fcchtlinge unter Verdacht \u2013 Willkommenskultur am Ende?\u201c Nach dem Mord an einer 19-j\u00e4hrigen Studentin durch einen der mehr als eine Million ins Land gelockten Migranten sollen heute sieben Akteure aus unterschiedlichen Blickwinkeln unter der sanften Regie der Illner irgendetwas Interessantes \u00fcber \u201eFl\u00fcchtlinge\u201c sagen. &#8230;.<br \/>\nHannelore Hannelore: &#8222;Ich will die (Fl\u00fcchtlinge) doch loswerden, aber ich kann nicht. &#8222;&#8230;<br \/>\nOB Salomon: &#8222;Ob der (Maria L&#8217;s mutma\u00dflcher M\u00f6rder Hussein K) traumatisiert war, wissen wir nicht. Das Christopherus Werk betreut ganz viele traumatisierte Jugendliche&#8220; &#8230; Alles vom 9.12.2016 bitte lesen auf<br \/>\n<a href=\"https:\/\/www.tichyseinblick.de\/feuilleton\/medien\/hannelore-kraft-bei-maybrit-illner-ich-will-die-ja-auch-loswerden\/\">https:\/\/www.tichyseinblick.de\/feuilleton\/medien\/hannelore-kraft-bei-maybrit-illner-ich-will-die-ja-auch-loswerden\/<\/a><\/p>\n<p>Die Regierung soll endlich die Grenzen schlie\u00dfen. Niemand, der zu uns kommt, befand sich vorher in einem Land, in dem er verfolgt wurde. Wer keinen Pass hat, d\u00fcrfte schon gar nicht einreisen. Wenn die Regierung wenigstens die geltenden Gesetze einhalten w\u00fcrde. Die politische Klasse zerst\u00f6rt Europa. Glauben die wirklich, dass man aus &#8222;failed states&#8220; einen einheitlichen europ\u00e4ischen Bundesstaat schaffen kann? Wer die Bilder gesehen hat, in denen eine junge Frau von hinten von einem Mann mit offensichtlichem &#8222;Migrationshintergrund&#8220; brutalst in den R\u00fccken getreten wird, damit sie die U-Bahn-Treppe hinunterst\u00fcrzt, und die junge Frau dann wirklich st\u00fcrzen sieht, der begreift, was uns hier bl\u00fcht. Warum gab es nicht sofort eine \u00d6ffentlichkeitsfahndung mit Hochdruck. Man stelle sich vor, ein b\u00f6ser wei\u00dfer Mann h\u00e4tte eine Frau mit Migrationshintergrund&#8230;<br \/>\nDorothea Friedrich, TO<br \/>\n.<br \/>\nInteressant war ja auch wieder mal der Versuch in der Sendung, die Dinge mit angeblich nicht vorhandenen statistischen Auff\u00e4lligkeiten zu unterlegen. Hierzu folgendes: Die Polizeiliche Kriminalstatistik &#8222;Nichtdeutsche Tatverd\u00e4chtige nach dem Anlass des Aufenthalts&#8220; erstellt am 28.01.2016 weist aus:<br \/>\nVergewaltigung \u00fcberfallartig (Einzelt\u00e4ter) gem\u00e4\u00df \u00a7 177 Abs. 2 Nr. 1, Abs. 3 und 4 StGB, T\u00e4ter gesamt, 692, davon nicht deutsch: 237. Davon Asylbewerber 68, geduldete z.B. abgelehnte Asylbewerber: 106.<br \/>\nWer das jetzt in den Kontext des Anteils der Gruppen an der Gesamtbev\u00f6lkerung stellt, der k\u00f6nnte feststellen, dass hier eine erhebliche Abweichung von T\u00e4ter- und Bev\u00f6lkerungsanteil besteht. Mehr auf <a href=\"https:\/\/www.bka.de\/DE\/Aktuelle\">https:\/\/www.bka.de\/DE\/Aktuelle<\/a>&#8230;<br \/>\nMichael S., TO<br \/>\n.<br \/>\nFl\u00fcchtlinge weniger kriminell als Deutsche: Deshalb noch mehr Fl\u00fcchtlinge einreisen anlocken<br \/>\nNach neuen im \u00d6R Fernsehen ver\u00f6ffentlichten Statistiken sind die jungen m\u00e4nnlichen Fl\u00fcchtlinge weit weniger kriminell als Biodeutsche. Ist es deshalb nicht logisch, dass ein verst\u00e4rkter Zuzug dieser Personengruppe die Kriminalit\u00e4t senkt. Wenn jedes Jahr zwei Millionen kommen k\u00f6nnten wir doch in zehn Jahren die Polizei abschaffen??? Oder habe ich was falsch verstanden? ?<br \/>\n10.12.2016, Lena S.<br \/>\nAlle sind sich einig, dass es sich wieder nur um einen &#8222;Einzelfall&#8220; handelt und man nicht pauschalieren darf. F\u00fcr mich stellt sich die Frage, warum man dann pauschal<br \/>\n&#8211; das Oktoberfest umz\u00e4unen muss<br \/>\n&#8211; die Domplatte an Silvester zum beleuchteten Hochsicherheitstrakt ausbaut<br \/>\n&#8211; Mehr Polizisten fordert<br \/>\n&#8211; Rucks\u00e4cke auf Veranstaltungen und in Gesch\u00e4ften verboten werden<br \/>\n&#8211; Frauentaxis einf\u00fchrt<br \/>\n&#8211; ganze Stra\u00dfenz\u00fcge beleuchtet<br \/>\n&#8211; &#8230;&#8230;&#8230;<br \/>\nAber nix hat ja bekanntlich mit nix zu tun.<br \/>\n10.12.2016, Z. Vernunft , TO<\/p>\n<p>Joachim Gauck, 2012: &#8222;&#8230;sorge auch auf U-Bahnh\u00f6fen oder Stra\u00dfen, wo Menschen auch deshalb angegriffen werden, weil sie schwarze Haare und eine dunkle Haut haben &#8230;&#8220;. Danke Herr Bundespr\u00e4sident. Wenn es mir bis jetzt nicht klar war, dass Deutsche mehrheitlich Schl\u00e4ger, Rassisten und U-Bahntreter sind, so haben Sie meine schlimmsen Bef\u00fcrchtungen best\u00e4tigt. Nicht wir sind es, die dem Terror, der Gewalt und vieles andere ausgesetzt sind, sondern wir terrorisieren unsere G\u00e4ste, die ohne unser Wissen und Wollen einreisen, und uns ihre Lebensgewohnheiten \u00fcberst\u00fclpen wollen. Wie sagte der Leiter der ehrenamtlichen Fl\u00fcchtlingshelfer aus Freiburg? &#8222;Die M\u00e4nner m\u00fcssen erst lernen, dass Frau bei der Essensausgabe nicht hinten an stehen m\u00fcssen, bis die M\u00e4nner sich die besten Teile vom Geschenke-Essenstisch weg geholt haben.&#8220; Wir m\u00fcssen lernen, dass wir ebenfalls hintenan stehen m\u00fcssen, um zu begreifen, dass wir in diesem so sch\u00f6nen Land zur Zeit die Rolle des Hofnarren \u00fcbernehmen m\u00fcssen, denn unsere Neub\u00fcrger werden uns beibringen, wie die Gesellschaft k\u00fcnftig funktioniert, damit ihre Menschenw\u00fcrde nicht verletzt wird. Nat\u00fcrlich ist meine Aussage in Ihren Augen \u00fcbelste Nazi-Propaganda, denn etwas anderes kann es nicht sein. Ironisch gemeint.<br \/>\n9.12.2016, Maxim TO<br \/>\nJa, in der Tat ein absurdes Theater. Und je mehr um den hei\u00dfen Brei herum geredet wird, umso mehr hat man das Gef\u00fchl, es l\u00e4uft alles nach Plan, man muss es nur noch dem abgeh\u00e4ngten B\u00fcrger erkl\u00e4ren.<br \/>\nDas gro\u00dfe Problem der kulturellen Sozialisation der Einwanderung wird umgangen, indem man einfach behauptet, das sei nicht die Ursache der kriminellen Taten und auch nicht die Frauenverachtung die zu Vergewaltigungen und Mord f\u00fchrten.<br \/>\nWir haben \u00fcber 3000 Zwangsehen und rund 1500 Kinderehen in De, alles kein kultureller Hintergrund ? Aber alles kein Problem, weil, wenn wir nicht dr\u00fcber reden, ist das Problem auch nicht da.<br \/>\nNun l\u00e4uft fast t\u00e4glich in der ARD ein Werbespot f\u00fcr Knieschoner und da wird der Islam mit dem Christentum als gleichwertige Religion positiv dargestellt. Und das obwohl rd. 100 Moscheen vom Verfassungsschutz beobachtet werden , der Islam nie auf unsere Verfassung und GG untersucht wurde und uns ohne \u00dcberpr\u00fcfung als friedliche Religion t\u00e4glich eingebleut wird. Ein Blick in islamische L\u00e4nder k\u00f6nnte helfen zu erkennen , welche Menschenrechtsverletzungen es in dieser Religion gibt.<br \/>\nAber man will den Islam unbedingt hier etablieren, egal welche Folgen das hat, zur Not erkl\u00e4rt uns dann ein Experte, was wir alles falsch verstehen.<br \/>\n10.12.2016, Illusionslos, TO<\/p>\n<p>h<\/p>\n<p>&nbsp;<\/p>\n","protected":false},"excerpt":{"rendered":"<p>Home &gt;Kultur &gt;Medien &gt;Mainstream-Medien &gt;Talkshow Listenauswahl eines Beitrags: Bitte\u00a0anklicken\u00a0oder runterscrollen Miosga: \u201eHaben Sie nicht den Eindruck, dass Putin uns droht?\u201c Wo Journalismus sein sollte, spritzen Ignoranz und Ideologie aus allen Poren\u00a0(10.2.2026) Talkshows: das gro\u00dfe Selbstgespr\u00e4ch der Staatsjournalisten (22.12.2025) ARD: Didi &hellip; <a href=\"https:\/\/www.freiburg-schwarzwald.de\/blog\/kultur\/medien\/talkshow\/\">Weiterlesen <span class=\"meta-nav\">&rarr;<\/span><\/a><\/p>\n","protected":false},"author":2,"featured_media":0,"parent":678,"menu_order":0,"comment_status":"open","ping_status":"closed","template":"","meta":{"footnotes":""},"class_list":["post-63652","page","type-page","status-publish","hentry"],"_links":{"self":[{"href":"https:\/\/www.freiburg-schwarzwald.de\/blog\/wp-json\/wp\/v2\/pages\/63652","targetHints":{"allow":["GET"]}}],"collection":[{"href":"https:\/\/www.freiburg-schwarzwald.de\/blog\/wp-json\/wp\/v2\/pages"}],"about":[{"href":"https:\/\/www.freiburg-schwarzwald.de\/blog\/wp-json\/wp\/v2\/types\/page"}],"author":[{"embeddable":true,"href":"https:\/\/www.freiburg-schwarzwald.de\/blog\/wp-json\/wp\/v2\/users\/2"}],"replies":[{"embeddable":true,"href":"https:\/\/www.freiburg-schwarzwald.de\/blog\/wp-json\/wp\/v2\/comments?post=63652"}],"version-history":[{"count":5,"href":"https:\/\/www.freiburg-schwarzwald.de\/blog\/wp-json\/wp\/v2\/pages\/63652\/revisions"}],"predecessor-version":[{"id":145546,"href":"https:\/\/www.freiburg-schwarzwald.de\/blog\/wp-json\/wp\/v2\/pages\/63652\/revisions\/145546"}],"up":[{"embeddable":true,"href":"https:\/\/www.freiburg-schwarzwald.de\/blog\/wp-json\/wp\/v2\/pages\/678"}],"wp:attachment":[{"href":"https:\/\/www.freiburg-schwarzwald.de\/blog\/wp-json\/wp\/v2\/media?parent=63652"}],"curies":[{"name":"wp","href":"https:\/\/api.w.org\/{rel}","templated":true}]}}