{"id":63631,"date":"2016-12-09T19:28:40","date_gmt":"2016-12-09T18:28:40","guid":{"rendered":"https:\/\/www.freiburg-schwarzwald.de\/blog\/?page_id=63631"},"modified":"2026-01-07T17:55:15","modified_gmt":"2026-01-07T16:55:15","slug":"schuldkomplex","status":"publish","type":"page","link":"https:\/\/www.freiburg-schwarzwald.de\/blog\/global\/deutschland\/schuldkomplex\/","title":{"rendered":"Schuldkomplex"},"content":{"rendered":"<p><a href=\"https:\/\/freiburg-schwarzwald.de\/blog\">Home<\/a> &gt;<a title=\"Engagement\" href=\"https:\/\/www.freiburg-schwarzwald.de\/blog\/engagement\/\">Engagement<\/a> &gt;<a title=\"Zukunft\" href=\"https:\/\/www.freiburg-schwarzwald.de\/blog\/engagement\/zukunft\/\">Zukunft<\/a> &gt;<a title=\"Demokratie\" href=\"https:\/\/www.freiburg-schwarzwald.de\/blog\/engagement\/zukunft\/demokratie\/\">Demokratie<\/a> &gt;<a title=\"Global\" href=\"https:\/\/www.freiburg-schwarzwald.de\/blog\/global\/\">Global<\/a> &gt;Schuldkomplex<\/p>\n<div id=\"attachment_63633\" style=\"width: 648px\" class=\"wp-caption alignnone\"><a href=\"https:\/\/www.freiburg-schwarzwald.de\/blog\/global\/deutschland\/schuldkomplex\/kakifrucht-pan161207\/\" rel=\"attachment wp-att-63633\"><img loading=\"lazy\" decoding=\"async\" aria-describedby=\"caption-attachment-63633\" class=\"wp-image-63633 size-full\" src=\"https:\/\/www.freiburg-schwarzwald.de\/blog\/wp-content\/uploads\/2016\/12\/kakifrucht-pan161207.jpg\" alt=\"Eine aufgeschnittene Kaki-Frucht, geerntet am 7.12.2016 nach den ersten Nachtfr\u00f6sten im Freiburger Osten\" width=\"638\" height=\"385\" srcset=\"https:\/\/www.freiburg-schwarzwald.de\/blog\/wp-content\/uploads\/2016\/12\/kakifrucht-pan161207.jpg 638w, https:\/\/www.freiburg-schwarzwald.de\/blog\/wp-content\/uploads\/2016\/12\/kakifrucht-pan161207-180x108.jpg 180w\" sizes=\"auto, (max-width: 638px) 100vw, 638px\" \/><\/a><p id=\"caption-attachment-63633\" class=\"wp-caption-text\">Eine aufgeschnittene <a title=\"Suedfruechte\" href=\"https:\/\/www.freiburg-schwarzwald.de\/blog\/natur\/landwirt\/obstbau\/suedfruechte\/\">Kaki-Frucht<\/a>, geerntet am 7.12.2016 nach den ersten Nachtfr\u00f6sten im Freiburger Osten<\/p><\/div>\n<ul>\n<li><em>Listenauswahl eines Beitrags: Bitte anklicken oder runterscrollen<\/em><\/li>\n<li><a href=\"https:\/\/www.freiburg-schwarzwald.de\/blog\/engagement\/zukunft\/selbsthass\/selbstzerstoerung\/\">Roger Schelske: Sie hassen dieses Land<\/a>\u00a0(5.1.2026)<\/li>\n<li><a href=\"https:\/\/www.freiburg-schwarzwald.de\/blog\/global\/deutschland\/deutsche-geschichte\/\">Thorsten Schulte: Fremdbestimmt: 120 Jahre L\u00fcgen und T\u00e4uschungen bis heute<\/a>\u00a0(6.2.2025)<\/li>\n<li><a href=\"https:\/\/www.freiburg-schwarzwald.de\/blog\/kultur\/erinnerungskultur\/kollektivschuld\/\">8,5 von 70 Millionen Deutschen waren in der NSDAP<\/a>\u00a0(22.6.2024)<\/li>\n<li><a href=\"https:\/\/www.freiburg-schwarzwald.de\/blog\/kultur\/erinnerungskultur\/kollektivschuld\/\">Die verlorene Erbschuld der Deutschen<\/a>\u00a0(7.4.2024)<\/li>\n<li><a title=\"Israel2019\" href=\"https:\/\/www.freiburg-schwarzwald.de\/blog\/global\/israel\/israel2019\/\">Deutschland \u2013 Israel:\u00a0Staatsraison Identit\u00e4t\u00a0Geschichte Schuld<\/a>\u00a0(30.1.2020)<\/li>\n<li>Zwei Schuldkomplexe: <a title=\"Schuld\" href=\"https:\/\/www.freiburg-schwarzwald.de\/blog\/engagement\/zukunft\/schuld\/\">Drittes Reich<\/a> sowie Ausbeutung der Dritten Welt (9.12.2016)<\/li>\n<li><\/li>\n<li><a title=\"Parlament\" href=\"https:\/\/www.freiburg-schwarzwald.de\/blog\/engagement\/zukunft\/demokratie\/parlament\/\">Bundestag<\/a><\/li>\n<li><a title=\"Demokratie\" href=\"https:\/\/www.freiburg-schwarzwald.de\/blog\/engagement\/zukunft\/demokratie\/\">Demokratie<\/a><\/li>\n<li><a title=\"Deutschland-verrecke\" href=\"https:\/\/www.freiburg-schwarzwald.de\/blog\/global\/deutschland\/deutschland-verrecke\/\">Deutschland verrecke<\/a><\/li>\n<li><a title=\"Dreisam-Mord\" href=\"https:\/\/www.freiburg-schwarzwald.de\/blog\/global\/integration\/dreisam-mord\/\">Dreisam-Mord<\/a><\/li>\n<li><a title=\"Groessenwahn\" href=\"https:\/\/www.freiburg-schwarzwald.de\/blog\/engagement\/zukunft\/groessenwahn\/\">Groessenwahn<\/a><\/li>\n<li><a title=\"Gutmenschen\" href=\"https:\/\/www.freiburg-schwarzwald.de\/blog\/engagement\/gutmenschen\/\">Gutmenschen<\/a><\/li>\n<li><a title=\"Ideologie\" href=\"https:\/\/www.freiburg-schwarzwald.de\/blog\/engagement\/zukunft\/ideologie\/\">Ideologie<\/a><\/li>\n<li><a href=\"https:\/\/www.freiburg-schwarzwald.de\/blog\/kultur\/erinnerungskultur\/kollektivschuld\/\">Kollektivschuld<\/a><\/li>\n<li><a title=\"Links\" href=\"https:\/\/www.freiburg-schwarzwald.de\/blog\/engagement\/zukunft\/demokratie\/links\/\">Links<\/a><\/li>\n<li><a title=\"Merkelismus\" href=\"https:\/\/www.freiburg-schwarzwald.de\/blog\/engagement\/zukunft\/demokratie\/merkelismus\/\">Merkelismus<\/a><\/li>\n<li><a title=\"Nazi\" href=\"https:\/\/www.freiburg-schwarzwald.de\/blog\/religion\/juden\/nazi\/\">Nazi<\/a><\/li>\n<li><a title=\"Patriotismus\" href=\"https:\/\/www.freiburg-schwarzwald.de\/blog\/engagement\/zukunft\/demokratie\/patriotismus\/\">Patriotismus<\/a><\/li>\n<li><a title=\"Rechts\" href=\"https:\/\/www.freiburg-schwarzwald.de\/blog\/engagement\/zukunft\/demokratie\/rechts\/\">Rechts<\/a><\/li>\n<li><a title=\"Rechtsstaat\" href=\"https:\/\/www.freiburg-schwarzwald.de\/blog\/selbsthilfe\/soziales\/justiz\/rechtsstaat\/\">Rechtsstaat<\/a><\/li>\n<li><a title=\"Selbsthass\" href=\"https:\/\/www.freiburg-schwarzwald.de\/blog\/engagement\/zukunft\/selbsthass\/\">Selbsthass<\/a><\/li>\n<li><a href=\"https:\/\/www.freiburg-schwarzwald.de\/blog\/engagement\/zukunft\/selbsthass\/selbstzerstoerung\/\">selbstzerst\u00f6rung<\/a><\/li>\n<li><a title=\"Schuld\" href=\"https:\/\/www.freiburg-schwarzwald.de\/blog\/engagement\/zukunft\/schuld\/\">Schuld &#8211; Nazizeit<\/a><\/li>\n<li><a title=\"Volk\" href=\"https:\/\/www.freiburg-schwarzwald.de\/blog\/engagement\/zukunft\/demokratie\/volk\/\">Volk<\/a><\/li>\n<li><a title=\"Werte\" href=\"https:\/\/www.freiburg-schwarzwald.de\/blog\/global\/integration\/werte\/\">Werte<\/a><\/li>\n<li><a title=\"Zukunftsfaehiges-Deutschland\" href=\"https:\/\/www.freiburg-schwarzwald.de\/blog\/engagement\/zukunft\/zukunftsfaehiges-deutschland\/\">Zukunftsf\u00e4higes Deutschland<\/a><\/li>\n<\/ul>\n<p><strong>Zwei Schuldkomplexe: Drittes Reich sowie Ausbeutung der Dritten Welt<\/strong><br \/>\nViel entscheidender, insbesondere f\u00fcr die von linken Narrativen dominierte junge Generation, aber in immer weitreichenderem Ma\u00dfe auch f\u00fcr die \u00e4lteren Generationen, ist demnach ein anderer Schuldkomplex \u2013 und zwar jener, der vermeintlichen Ausbeutung der Dritten Welt durch die Erste Welt, in der wir leben. Dieser Schuldkomplex (der die <a title=\"Dreisam-Mord\" href=\"https:\/\/www.freiburg-schwarzwald.de\/blog\/global\/integration\/dreisam-mord\/\">an der Dreisam ermordete Maria L.<\/a> leiten lie\u00df, sich in der Fl\u00fcchtlingshilfe zu engagieren), ich spreche da aus eigener Erfahrung, ist aufgrund seiner gr\u00f6\u00dferen Aktualit\u00e4t viel wirkm\u00e4chtiger als der des Nationalsozialismus.<br \/>\nEr ist es, der daf\u00fcr sorgt, dass man als junger, linker Mensch die blo\u00dfe eigene Existenz, das Privileg qua Geburt als Schuld begreift. Der in dir den Glauben heranwachsen l\u00e4sst, jeder Kassenbon sei eine politische Manifestation. Die dir das schlechte Gewissen bei jedem Kauf eines H&amp;M-Tops, auf dem Made in Bangladesh steht, in den Kopf treibt und dir die hochkomplexen Konflikte im Nahen und Mittleren Osten lediglich als imperialistische und ressourcenbasierte Kriege des Westens verkauft.<br \/>\nEs ist jenes vermeintlich intellektuelle Weltbild der linken Bourgeoisie von Augstein bis Todenh\u00f6fer und moralinsauren Schauspielern und Musikern, welches vor allem durch seine unterkomplexe und ignorante Simplizit\u00e4t seine ganze Wirkmacht entfaltet und heute als Hauptgrundlage unseres bedingungslosen Strebens nach \u201eWiedergutmachung\u201c an den hier Eingewanderten dient. . &#8230;. Alles von Anabel Schunke vom 9.12.2016 bitte lesen auf<br \/>\n<a href=\"https:\/\/www.tichyseinblick.de\/meinungen\/bis-die-revolution-ihr-naechstes-kind-frisst\/\">https:\/\/www.tichyseinblick.de\/meinungen\/bis-die-revolution-ihr-naechstes-kind-frisst\/<br \/>\n<\/a>\u00a0 \u00a0.<br \/>\n<strong>Dritte-Welt-Schuldkomplex seit den 1960er Jahren<\/strong><br \/>\nDie sogenannte heutige Linke insbesondere Gr\u00fcne, Linke und SPD hat den in der Bundesrepublik durch die Kirchen schon in den 1960ern erzeugten Dritte-Welt-Schuldkomplex \u00fcbernommen, verst\u00e4rkt, internationalistisch und vor allem irrationalistisch ausgeweitet und richtet ihn jetzt als Waffe gegen die eigene Bev\u00f6lkerung. So war und ist es m\u00f6glich, die illegalen Grenz\u00fcbertreter kontrafaktisch als unantastbare &#8222;Fl\u00fcchtlinge&#8220; zu verheiligen, was auf die Figur des Edlen Wilden Rousseaus und Herders edlen Muslim als arabischem Lehrer Europas zur\u00fcckgeht [Eugen Sorg Islamisches Spanien Das Land wo Blut und Honig floss], sie sodann sinn- und wahrheitswidrig sowie irref\u00fchrend zu &#8222;Zuwanderern&#8220; und dann gar zu &#8222;Einwanderern&#8220; zu erkl\u00e4ren, was die Sprach- und Sachlogik dann vollends auf den Kopf stellt. Denn Einwanderung ist rechtm\u00e4ssig und geordnet, oder eben keine Einwanderung. David Kuchenbuch schrieb aus der eigenen Sicht, wie ihm dieser Dritte-Welt-Schuldkomplex als Fernmoral in den 1980ern \u00fcbergest\u00fclpt werden sollte. David Kuchenbuch Fernmoral Zur Genealogie des glokalen Gewissens Merkur-Zeitschrift. Wurden fr\u00fcher die bl\u00e4hb\u00e4uchigen Kinder aus Biafra gezeigt, um daraus Spenden zu generieren, wurde gleichzeitig verschwiegen, dass es in Nigeria um einen Konflikt um Macht und \u00d6l zwischen dem islamisch beherrschten Norden und dem christlich gepr\u00e4gten S\u00fcden des Landes ging, in dem Biafra eine Provinz im \u00d6lgebiet war, wobei der islamische Norden Hunger als Waffe gegen den christlichen S\u00fcden einsetzte. Dass die europ\u00e4ischen, nordamerikanischen und asiatischen eben vom Islam nicht beherrschten L\u00e4nder aus genau diesem Grunde eine beispielose technisch-wissenschaftliche Entwicklung durchliefen, auf der unserer Wohlstand sich seit Generationen gr\u00fcndet, wird dann auch gleich geschichtsklitternd unter den Tisch gekehrt. \u00dcbrigens ebenso wie die Tatsache, dass aufgrund selbstverschuldeter Rechtlosigkeit in islamisch beherrschten L\u00e4ndern Vorderasiens, der arabischen Welt und Schwarzafrikas keine wirtschaftliche Entwicklung zustande kommt. Dazu kommt noch eine hohe Geburtenrate in diesen L\u00e4ndern, die st\u00e4ndig f\u00fcr Nachwuchs an kriegsf\u00e4higen jungen M\u00e4nnern sorgt, wie Gunnar Heinsohn verschiedentlich ausf\u00fchrte.<br \/>\n9.12.2016, Beteiheuze, TO<br \/>\n.<br \/>\n<strong>M\u00f6rder von Maria L. mu\u00df keine Selbstjustiz irgendeines Clans f\u00fcrchten<\/strong><br \/>\nDer Aspekt des Schuldkomplexes in der Konsumgesellschaft ist bislang in der \u00f6ffentlichen Debatte unterbelichtet und hier sehr treffend herausgearbeitet. Er ist es aber m.E. auf keinen Fall allein, der die B\u00fcrger der westlichen Gesellschaft in gewisser Weise unterlegen und hilflos macht. Mir scheint ehr, dass es die abtrainierte Selbstverantwortung f\u00fcr jeden einzelnen Aspekt des Lebensablaufes ist. In einer komplexen Gesellschaft muss man sich auf andere und auf die Einhaltung der allgemeing\u00fcltigen Regeln Verlassen weil die Probleme zu diversifiziert sind, als dass sich jeder um sie selbst k\u00fcmmern kann, und dann wom\u00f6glich auch noch jeder auf seine Art. Selbstjustiz ist Gift f\u00fcr eine hochentwickelten Industriestaat, weil ohne verl\u00e4ssliche Routinen komplexe Gesellschaften nicht funktionieren k\u00f6nnen. Und das gilt eben auch f\u00fcr die Sicherheit, bei der sich der mitteleurop\u00e4ische Staatsb\u00fcrger ganz allein darauf verl\u00e4sst, dass der Staat sie erh\u00e4lt oder herstellt. Wer nun aus einer archaischen Kultur hierher kommt, der erkennt sehr schnell die L\u00fccken, die solche Ablaufroutinen mit ihrer Zwanghaftigkeit und Tr\u00e4gheit auftun. Er kann sich sicher sein, dass nicht der Bruder des ermordeten M\u00e4dchens kommt, und sie bei ihm r\u00e4cht. Es ist praktisch au\u00dferhalb der denkbaren Reaktionsmuster. Und diese Zahnlosigkeit (aus seiner Sicht) gilt im \u00fcbertragenen Sinne f\u00fcr viele Gelegenheiten des t\u00e4glichen Lebens. Ist man aus der eigenen Herkunftsgesellschaft gewohnt, allein von der Hand in den Mund und von der Gunst der Stunde zu leben, dann ist man da einfach um L\u00e4ngen voraus. Man sieht doch, wie sich diese Leute stromlininef\u00f6rmig etwa vor den Gerichten verhalten. Die jeweilige Anpassung an das Machbare ist die Maxime und da bieten unsere starren Regeln, die stark auf eine tief verankerte Akzeptanz setzen, einfach Schlupfl\u00f6cher und Slalomstangen ohne Ende. Bestes Beispiel sind die kriminellen Clans, die auf dieser Klaviatur virtuos spielen.<br \/>\n9.12.2016, Gusa, TO<\/p>\n<p><strong>Wiedergutmachung \u00fcben an den Fl\u00fcchtlingen<\/strong><br \/>\nIhr bislang bester Artikel, Frau Schunke! Hier passt jeder Satz, jedes Wort! &#8222;So lange wir die Mehrheit dieser Gesellschaft nicht von der \u00dcberzeugung befreien, so lange sie sich nicht selbst von der \u00dcberzeugung befreit, an den hier Eingewanderten Wiedergutmachung bis zur absoluten Selbstverleugnung leisten zu m\u00fcssen, so lange wird hier keine Tat, m\u00f6ge sie noch so schlimm sein, f\u00fcr ein breites Umdenken sorgen.&#8220;<br \/>\n9.12.2016<\/p>\n","protected":false},"excerpt":{"rendered":"<p>Home &gt;Engagement &gt;Zukunft &gt;Demokratie &gt;Global &gt;Schuldkomplex Listenauswahl eines Beitrags: Bitte anklicken oder runterscrollen Roger Schelske: Sie hassen dieses Land\u00a0(5.1.2026) Thorsten Schulte: Fremdbestimmt: 120 Jahre L\u00fcgen und T\u00e4uschungen bis heute\u00a0(6.2.2025) 8,5 von 70 Millionen Deutschen waren in der NSDAP\u00a0(22.6.2024) Die verlorene &hellip; <a href=\"https:\/\/www.freiburg-schwarzwald.de\/blog\/global\/deutschland\/schuldkomplex\/\">Weiterlesen <span class=\"meta-nav\">&rarr;<\/span><\/a><\/p>\n","protected":false},"author":2,"featured_media":0,"parent":62490,"menu_order":0,"comment_status":"open","ping_status":"closed","template":"","meta":{"footnotes":""},"class_list":["post-63631","page","type-page","status-publish","hentry"],"_links":{"self":[{"href":"https:\/\/www.freiburg-schwarzwald.de\/blog\/wp-json\/wp\/v2\/pages\/63631","targetHints":{"allow":["GET"]}}],"collection":[{"href":"https:\/\/www.freiburg-schwarzwald.de\/blog\/wp-json\/wp\/v2\/pages"}],"about":[{"href":"https:\/\/www.freiburg-schwarzwald.de\/blog\/wp-json\/wp\/v2\/types\/page"}],"author":[{"embeddable":true,"href":"https:\/\/www.freiburg-schwarzwald.de\/blog\/wp-json\/wp\/v2\/users\/2"}],"replies":[{"embeddable":true,"href":"https:\/\/www.freiburg-schwarzwald.de\/blog\/wp-json\/wp\/v2\/comments?post=63631"}],"version-history":[{"count":4,"href":"https:\/\/www.freiburg-schwarzwald.de\/blog\/wp-json\/wp\/v2\/pages\/63631\/revisions"}],"predecessor-version":[{"id":143791,"href":"https:\/\/www.freiburg-schwarzwald.de\/blog\/wp-json\/wp\/v2\/pages\/63631\/revisions\/143791"}],"up":[{"embeddable":true,"href":"https:\/\/www.freiburg-schwarzwald.de\/blog\/wp-json\/wp\/v2\/pages\/62490"}],"wp:attachment":[{"href":"https:\/\/www.freiburg-schwarzwald.de\/blog\/wp-json\/wp\/v2\/media?parent=63631"}],"curies":[{"name":"wp","href":"https:\/\/api.w.org\/{rel}","templated":true}]}}