{"id":63591,"date":"2016-12-07T14:45:45","date_gmt":"2016-12-07T13:45:45","guid":{"rendered":"https:\/\/www.freiburg-schwarzwald.de\/blog\/?page_id=63591"},"modified":"2026-08-01T11:05:30","modified_gmt":"2026-08-01T09:05:30","slug":"mainstream","status":"publish","type":"page","link":"https:\/\/www.freiburg-schwarzwald.de\/blog\/kultur\/medien\/mainstream\/","title":{"rendered":"Mainstream"},"content":{"rendered":"<p><a href=\"https:\/\/www.freiburg-schwarzwald.de\/blog\">Home<\/a> &gt;<a title=\"Kultur\" href=\"https:\/\/www.freiburg-schwarzwald.de\/blog\/kultur\/\">Kultur<\/a> &gt;<a title=\"Medien\" href=\"https:\/\/www.freiburg-schwarzwald.de\/blog\/kultur\/medien\/\">Medien<\/a> &gt;Mainstream-Medien<\/p>\n<div id=\"attachment_63482\" style=\"width: 649px\" class=\"wp-caption alignnone\"><a href=\"https:\/\/www.freiburg-schwarzwald.de\/blog\/afrikaner-bauen-trockenmauer\/natursteinmauer1fr-pan161201\/\" rel=\"attachment wp-att-63482\"><img loading=\"lazy\" decoding=\"async\" aria-describedby=\"caption-attachment-63482\" class=\"size-full wp-image-63482\" src=\"https:\/\/www.freiburg-schwarzwald.de\/blog\/wp-content\/uploads\/2016\/12\/natursteinmauer1fr-pan161201.jpg\" alt=\"15 Afrikaner aus Gambia und Nigeria bauen eine Trockenmauer in FR-Lehener Strasse mit Jochen Schmidt 1.12.2016\" width=\"639\" height=\"285\" srcset=\"https:\/\/www.freiburg-schwarzwald.de\/blog\/wp-content\/uploads\/2016\/12\/natursteinmauer1fr-pan161201.jpg 639w, https:\/\/www.freiburg-schwarzwald.de\/blog\/wp-content\/uploads\/2016\/12\/natursteinmauer1fr-pan161201-180x80.jpg 180w\" sizes=\"auto, (max-width: 639px) 100vw, 639px\" \/><\/a><p id=\"caption-attachment-63482\" class=\"wp-caption-text\">15 Afrikaner aus Gambia und Nigeria bauen eine Trockenmauer in FR-Lehener Strasse mit Jochen Schmidt 1.12.2016<\/p><\/div>\n<ul>\n<li><em>Listenauswahl eines Beitrags: Bitte\u00a0<span style=\"text-decoration: underline;\">anklicken<\/span>\u00a0oder runterscrollen<\/em><\/li>\n<li><a href=\"https:\/\/www.freiburg-schwarzwald.de\/blog\/engagement\/zukunft\/wahrheit\/\">Thomas Hartung: Die Umwettung der Wahrheit \u2013 zu Medienkampagnen<\/a>\u00a0(29.7.2026)<\/li>\n<li><a href=\"https:\/\/www.freiburg-schwarzwald.de\/blog\/engagement\/zukunft\/demokratie\/staat\/beamte\/\">Arne Sch\u00f6nbohm: BSI-Beamter \u2013 Falschaussage B\u00f6hmermann \u2013 Entlassung<\/a>\u00a0(24.7.2026)<\/li>\n<li><a href=\"https:\/\/www.freiburg-schwarzwald.de\/blog\/hetzjagd-auf-journalisten-erfurt\/\">Hetzjagden auf Journalisten<\/a>\u00a0(6.7.2026)<\/li>\n<li><a href=\"https:\/\/www.freiburg-schwarzwald.de\/blog\/kultur\/medien\/radio\/kontrafunk\/\">Kontrafunk vier Jahre: Der alternative Mainstream<\/a>\u00a0(19.6.2026)<\/li>\n<li><a href=\"https:\/\/www.freiburg-schwarzwald.de\/blog\/enough-gb-assez-f-genug-d\/\">Enough GB \u2013 Assez F -Genug D<\/a>\u00a0(15.6.2026)<\/li>\n<li><a href=\"https:\/\/www.freiburg-schwarzwald.de\/blog\/public-value-vs-medienfreiheit\/\">\u201ePublic Value\u201c vs Medienfreiheit<\/a>\u00a0(29.5.2026)<\/li>\n<li><a href=\"https:\/\/www.freiburg-schwarzwald.de\/blog\/usa-drittes-attentat-auf-trump\/\">USA: Drittes Attentat auf Trump<\/a>\u00a0(28.4.2026)<\/li>\n<li><a href=\"https:\/\/www.freiburg-schwarzwald.de\/blog\/feige-deutsche-journalisten-iran\/\">Feige deutsche Journalisten: Iran<\/a>\u00a0(25.4.2026)<\/li>\n<li><a href=\"https:\/\/www.freiburg-schwarzwald.de\/blog\/kultur\/medien\/desinformation\/medienkampagne\/\">Gerichtsurteil gegen Correctiv: Welt-Herausgeber Poschardt kritisiert Journalismus \u2013 ohne jede Selbstkritik<\/a>\u00a0(19.4.2026)<\/li>\n<li><a href=\"https:\/\/www.freiburg-schwarzwald.de\/blog\/entschuldigung-der-medien\/\">Entschuldigung der Medien<\/a>\u00a0(18.4.2026)<\/li>\n<li><a href=\"https:\/\/www.freiburg-schwarzwald.de\/blog\/correctiv-meinung-statt-fakten\/\">Correctiv: Meinung statt Tatsache<\/a>\u00a0(18.3.2026)<\/li>\n<li><a href=\"https:\/\/www.freiburg-schwarzwald.de\/blog\/regulation-zensur-verbot-nein\/\">Regulation Zensur Verbot: Nein!<\/a>\u00a0(26.1.2026)<\/li>\n<li><a href=\"https:\/\/www.freiburg-schwarzwald.de\/blog\/kultur\/medien\/diskussionskultur\/verleugnung\/\">Verleugungssph\u00e4re \u2013 D\u00e9nisph\u00e8re: Die links-woke Ersatzwirklichkeit<\/a>\u00a0(21.1.2026)<\/li>\n<li><a href=\"https:\/\/www.freiburg-schwarzwald.de\/blog\/kultur\/medien\/meinungsfreiheit\/meinungszensur\/\">Daniel-G\u00fcnther-Medien<\/a> (14.1.2026)<\/li>\n<li><a href=\"https:\/\/www.freiburg-schwarzwald.de\/blog\/global\/iran\/iran2026\/\">Statt die Opposition im Iran zu unterst\u00fctzen: \u00d6ffentlich-rechtlicher Rundfunk kritisiert lieber den Sohn des Schahs<\/a>\u00a0(12.1.2026)<\/li>\n<li><a href=\"https:\/\/www.freiburg-schwarzwald.de\/blog\/kultur\/medien\/meinungsfreiheit\/meinungen\/\">Meinung und Tatsache trennen<\/a>\u00a0(23.12.2025)<\/li>\n<li><a href=\"https:\/\/www.freiburg-schwarzwald.de\/blog\/shoa-journalismus-siegmund\/\">Shoa \u2013 Journalismus \u2013 Siegmund<\/a>\u00a0(25.11.2025)<\/li>\n<li><a href=\"https:\/\/www.freiburg-schwarzwald.de\/blog\/desinformation-falsch-oder-nix\/\">Desinformation: Falsch oder nix<\/a>\u00a0(28.10.2025)<\/li>\n<li><a href=\"https:\/\/www.freiburg-schwarzwald.de\/blog\/hausdurchsuchung-bei-prof-bolz\/\">Hausdurchsuchung bei Prof Bolz<\/a>\u00a0(23.10.2025)<\/li>\n<li><a href=\"https:\/\/www.freiburg-schwarzwald.de\/blog\/geiselaustausch-laut-zdf-nein\/\">Geiselaustausch laut ZDF: Nein!<\/a>\u00a0(13.10.2025)<\/li>\n<li><a href=\"https:\/\/www.freiburg-schwarzwald.de\/blog\/kultur\/medien\/gleichschaltung\/\">Precht und Lanz: : Wenn Medien nur noch Mainstream abbilden<\/a> (7.10.2025)<\/li>\n<li><a href=\"https:\/\/www.freiburg-schwarzwald.de\/blog\/christentum-in-den-medien\/\">Christentum in den Medien<\/a>\u00a0(7.10.2025)<\/li>\n<li><a href=\"https:\/\/www.freiburg-schwarzwald.de\/blog\/kultur\/medien\/medienleute\/\">Petition f\u00fcr die vom NDR geschasste Julia Ruhs<\/a>\u00a0(26.9.2025)<\/li>\n<li><a href=\"https:\/\/www.freiburg-schwarzwald.de\/blog\/26-fuer-gewalt-gegen-rechts\/\">26 % f\u00fcr Gewalt gegen Rechts<\/a>\u00a0(24.9.2025)<\/li>\n<li><a href=\"https:\/\/www.freiburg-schwarzwald.de\/blog\/kirk-nachrufe-diskussion-gebet\/\">Kirk Nachrufe: Diskussion Gebet<\/a>\u00a0(14.9.2025)<\/li>\n<li><a href=\"https:\/\/www.freiburg-schwarzwald.de\/blog\/informiere-dich-medien-taeglich\/\">Informiere Dich: Medien t\u00e4glich<\/a> (6.8.2025)<\/li>\n<li><a href=\"https:\/\/www.freiburg-schwarzwald.de\/blog\/kultur\/medien\/sommerinterview\/\">Initiator des Sommerinterview-Skandals: Polizei und ARD haben \u201emitgeholfen\u201c<\/a>\u00a0(22.7.2025)<\/li>\n<li><a href=\"https:\/\/www.freiburg-schwarzwald.de\/blog\/sommerinterview-afd-stoerung\/\">Sommerinterview AfD: St\u00f6rung<\/a>\u00a0(21.7.2025)<\/li>\n<li><a href=\"https:\/\/www.freiburg-schwarzwald.de\/blog\/natur\/klima\/hitze\/\">Hitzetod als Modellrechnung \u2013 Wie Panik gemacht wird<\/a>\u00a0(2.7.2025)<\/li>\n<li><a href=\"https:\/\/www.freiburg-schwarzwald.de\/blog\/sich-informieren-macht-freude\/\">Sich informieren macht Freude<\/a>\u00a0(23.6.2025)<\/li>\n<li><a href=\"https:\/\/www.freiburg-schwarzwald.de\/blog\/bfv-setzt-afd-hochstufung-aus\/\">BfV setzt AfD-Hochstufung aus<\/a>\u00a0(8.5.2025)<\/li>\n<li><a href=\"https:\/\/www.freiburg-schwarzwald.de\/blog\/medienkampagne\/\">Vosgerau: Medienkampagne BfV\/AfD 2025 \u00e4hnlich Correctiv\/Wannsee 2023<\/a>\u00a0(5.5.2025)<\/li>\n<li><a href=\"https:\/\/www.freiburg-schwarzwald.de\/blog\/engagement\/zukunft\/demokratie\/groko\/groko2025\/\">Merz und Klingbeil geben klassische Medien auf<\/a>\u00a0(22.4.202)<\/li>\n<li><a href=\"https:\/\/www.freiburg-schwarzwald.de\/blog\/ard-didi-und-miosga\/\">ARD: Didi und Miosga<\/a>\u00a0(8.4.2025)<\/li>\n<li><a href=\"https:\/\/www.freiburg-schwarzwald.de\/blog\/musk-weidel-gespraech-9-1-25\/\">Musk \u2013 Weidel: Gespr\u00e4ch 9-1-25<\/a>\u00a0(10.1.2025)<\/li>\n<li><a href=\"https:\/\/www.freiburg-schwarzwald.de\/blog\/vergewaltigungsskandal-gbr\/\">Vergewaltigungsskandal GBR<\/a>\u00a0(6.1.2025)<\/li>\n<li><a href=\"https:\/\/www.freiburg-schwarzwald.de\/blog\/musk-und-die-meinungsfreiheit\/\">Musk und die Meinungsfreiheit<\/a>\u00a0(30.12.2024)<\/li>\n<li><a href=\"https:\/\/www.freiburg-schwarzwald.de\/blog\/kultur\/medien\/film\/\">Imad Karim: \u201ePl\u00f6tzlich Staatsfeind\u201c<\/a>\u00a0(25.11.2024)<\/li>\n<li><a href=\"https:\/\/www.freiburg-schwarzwald.de\/blog\/einsiedeln-madonna-anschlag\/\">Einsiedeln: Madonna Anschlag<\/a>\u00a0(19.11.2024)<\/li>\n<li><a href=\"https:\/\/www.freiburg-schwarzwald.de\/blog\/geheimtreffen-und-hetzjagden\/\">Geheimtreffen und Hetzjagden<\/a> (15.10.2024)<\/li>\n<li><a href=\"https:\/\/www.freiburg-schwarzwald.de\/blog\/kultur\/medien\/pressefreiheit\/\">RTL: \u201eWas gerade passiert, ist eine Gefahr f\u00fcr die freie Meinung\u201c<\/a>\u00a0(8.10.2024)<\/li>\n<li><a href=\"https:\/\/www.freiburg-schwarzwald.de\/blog\/kultur\/medien\/gleichschaltung\/\">Die Medien unterscheiden sich kaum<\/a>\u00a0(30.9.2024)<\/li>\n<li><a href=\"https:\/\/www.freiburg-schwarzwald.de\/blog\/scheinwelten-contra-realitaet\/\">Scheinwelten gegen Realit\u00e4t<\/a>\u00a0(26.8.2024)<\/li>\n<li><a href=\"https:\/\/www.freiburg-schwarzwald.de\/blog\/kultur\/medien\/missverstehen\/\">Die Gell-Mann-Amnesie: Falschen Zeitungsberichten glauben<\/a>\u00a0(24.8.2024)<\/li>\n<li><a href=\"https:\/\/www.freiburg-schwarzwald.de\/blog\/engagement\/zukunft\/demokratie\/demokratiefoerderung\/\">\u201eGemeinn\u00fctziger Journalismus\u201c erh\u00e4lt steuerliche Vorteile<\/a> (16.8.2024)<\/li>\n<li><a href=\"https:\/\/www.freiburg-schwarzwald.de\/blog\/kultur\/medien\/journalismus\/staatsjournalismus\/\">Staatliche Pressef\u00f6rderung f\u00fcr willf\u00e4hrige Medien<\/a> (16.8.2024)<\/li>\n<li><a href=\"https:\/\/www.freiburg-schwarzwald.de\/blog\/signale-southport-und-berlin\/\">Signale von Southport 29.6.2024 und Berlin 3.8.2024<\/a>\u00a0(8.8.2024)<\/li>\n<li><a href=\"https:\/\/www.freiburg-schwarzwald.de\/blog\/kultur\/medien\/social-media\/\">Statt Mainstreammedien: Twitter\/X als eine Art Nachrichtendienst der Bev\u00f6lkerung<\/a>\u00a0(24.7.2024)<\/li>\n<li><a href=\"https:\/\/www.freiburg-schwarzwald.de\/blog\/mordversuch-an-donald-trump\/\">Mordversuch an Donald Trump am 13.7.2024<\/a>\u00a0(14.7.2024)<\/li>\n<li><a href=\"https:\/\/www.freiburg-schwarzwald.de\/blog\/kultur\/medien\/radio\/kontrafunk\/\">Zweiter Geburtstag von Kontrafunk in Dresden am 21.6.2024<\/a>\u00a0(28.6.2024)<\/li>\n<li><a href=\"https:\/\/www.freiburg-schwarzwald.de\/blog\/boese-oder-tolerierbare-gewalt\/\">B\u00f6se oder tolerierbare Gewalt<\/a>\u00a0(20.6.2024)<\/li>\n<li><a href=\"https:\/\/www.freiburg-schwarzwald.de\/blog\/kultur\/medien\/desinformation\/\">Wie aus \u201eZensur\u201c der \u201eKampf gegen Desinformation\u201c wurde: Eine deutsche Geschichte in sechs Schritten<\/a>\u00a0(19.6.2024)<\/li>\n<li><a href=\"https:\/\/www.freiburg-schwarzwald.de\/blog\/diskussionskultur-abschaffen\/\">Diskussionskultur abschaffen<\/a>\u00a0(8.6.2024)<\/li>\n<li><a href=\"https:\/\/www.freiburg-schwarzwald.de\/blog\/sylt-party-dominiert-die-medien\/\">Sylt-Party dominiert die Medien<\/a> (26.5.2024)<\/li>\n<li><a href=\"https:\/\/www.freiburg-schwarzwald.de\/blog\/engagement\/zukunft\/demokratie\/chemnitz-messermord26-08-2018\/chemnitz2018-2023\/\">Chemnitz: Das Platzen der Merkelschen Hetzjagd-L\u00fcgen<\/a>\u00a0 (25.4.2024)<\/li>\n<li><a href=\"https:\/\/www.freiburg-schwarzwald.de\/blog\/gewalt-buerger-desinformiert\/\">Gewalt: B\u00fcrger desinformiert<\/a>\u00a0(21.5.2024)<\/li>\n<li><a href=\"https:\/\/www.freiburg-schwarzwald.de\/blog\/kultur\/medien\/medien-unabhaengigkeit\/\">Wie sich DPA, APA und AFP von den Regierenden f\u00fcr die Gleichrichtung der Medien bezahlen lassen<\/a>\u00a0(20.5.2024)<\/li>\n<li><a href=\"https:\/\/www.freiburg-schwarzwald.de\/blog\/attentat-auf-sk-praesident-fico\/\">Attentat auf SK-Pr\u00e4sident Fico<\/a>\u00a0(18.5.2024)<\/li>\n<li><a href=\"https:\/\/www.freiburg-schwarzwald.de\/blog\/negative-campaigning\/\">Negative Campaigning<\/a>\u00a0(27.4.2024)<\/li>\n<li><a href=\"https:\/\/www.freiburg-schwarzwald.de\/blog\/tv-streitgespraech-hoecke-voigt\/\">TV-Streitgespr\u00e4ch H\u00f6cke \u2013 Voigt<\/a>\u00a0(12.4.2024)<\/li>\n<li><a href=\"https:\/\/www.freiburg-schwarzwald.de\/blog\/global\/deutschland\/deutschland-hamas\/\">Der Westen schluckt noch immer die Hamas-Propaganda<\/a> (7.4.2024)<\/li>\n<li><a href=\"https:\/\/www.freiburg-schwarzwald.de\/blog\/friedensbewegung-2-0-neu\/\">Friedensbewegung 2.0 neu<\/a>\u00a0(6.4.2024)<\/li>\n<li><a href=\"https:\/\/www.freiburg-schwarzwald.de\/blog\/engagement\/zukunft\/demokratie\/gesinnungsethik\/gesinnungspruefung\/\">Die vergiftete Medienkampagne gegen Loretta: Was steckt dahinter?<\/a>\u00a0(19.3.2024)<\/li>\n<li><a href=\"https:\/\/www.freiburg-schwarzwald.de\/blog\/unsere-diskussionskultur-zurueck\/\">Wir wollen unsere Diskussionskultur zur\u00fcck<\/a>\u00a0(28.2.2024)<\/li>\n<li><a href=\"https:\/\/www.freiburg-schwarzwald.de\/blog\/kultur\/medien\/oerr\/\">Endlich amtlich: Studie best\u00e4tigt Links-Drall von ARD und ZDF<\/a>\u00a0(7.2.2024)<\/li>\n<li><a href=\"https:\/\/www.freiburg-schwarzwald.de\/blog\/die-amseln-singen-wieder\/\">Die Amseln singen wieder<\/a>\u00a0(6.2.2024)<\/li>\n<li><a href=\"https:\/\/www.freiburg-schwarzwald.de\/blog\/global\/deutschland\/consent-of-the-governed\/vertrauen\/\">Vertrauenskrise: Politik, Medien, WEF<\/a>\u00a0(27.1.2024)<\/li>\n<li><a href=\"https:\/\/www.freiburg-schwarzwald.de\/blog\/engagement\/zukunft\/demokratie\/opposition\/opposition-verbot\/\">Konzertierter Angriff auf die Opposition: Die etablierten Parteien heizen den kalten B\u00fcrgerkrieg an<\/a>\u00a0(26.1.2024)<\/li>\n<li><a href=\"https:\/\/www.freiburg-schwarzwald.de\/blog\/kultur\/medien\/framing\/geheimtreffen\/\">Die M\u00e4r vom \u201eGeheimtreffen\u201c im Faktencheck<\/a>\u00a0(24.1.2024)<\/li>\n<li><a href=\"https:\/\/www.freiburg-schwarzwald.de\/blog\/kultur\/medien\/framing\/geheimtreffen\/\">\u201eWannseekonferenz 2.0\u201c: Was war wirklich los?<\/a>\u00a0(20.1.2024)<\/li>\n<li><a href=\"https:\/\/www.freiburg-schwarzwald.de\/blog\/friedensjahr-2024-warum-nicht\/\">Friedensjahr 2024 \u2013 warum nicht?<\/a>\u00a0(19.1.2024)<\/li>\n<li><a href=\"https:\/\/www.freiburg-schwarzwald.de\/blog\/die-nazi-keule-wirkt-nicht-mehr\/\">Die Nazi-Keule wirkt nicht mehr<\/a>\u00a0(11.1.2024)<\/li>\n<li><a href=\"https:\/\/www.freiburg-schwarzwald.de\/blog\/die-angst-vor-den-bauern\/\">Die Angst vor den Bauern<\/a>\u00a0(10.1.2024)<\/li>\n<li><a href=\"https:\/\/www.freiburg-schwarzwald.de\/blog\/freiheitsindex-2023-nur-40-frei\/\">Freiheitsindex 2023: nur 40% frei<\/a>\u00a0(5.1.2024)<\/li>\n<li><a href=\"https:\/\/www.freiburg-schwarzwald.de\/blog\/christenverfolgung-no-interest\/\">Christenverfolgung: No interest<\/a>\u00a0(3.1.2023)<\/li>\n<li><a href=\"https:\/\/www.freiburg-schwarzwald.de\/blog\/weihnachten-weg-familie-weg\/\">Weihnachten weg \u2013 Familie weg<\/a>\u00a0(26.12.2023)<\/li>\n<li><a href=\"https:\/\/www.freiburg-schwarzwald.de\/blog\/taeter-werden-medial-zu-opfern\/\">Opfer werden medial zu T\u00e4tern<\/a>\u00a0(2.12.2023)<\/li>\n<li><a href=\"https:\/\/www.freiburg-schwarzwald.de\/blog\/corona-wissen-ignorieren\/\">Corona: Wissen ignorieren<\/a>\u00a0(15.11.2023)<\/li>\n<li><a href=\"https:\/\/www.freiburg-schwarzwald.de\/blog\/kultur\/medien\/journalismus\/ausgewogenheit\/\">Ausgewogenheit bei Nachrichten und Kommentar<\/a>\u00a0(29.10.2023)<\/li>\n<li><a href=\"https:\/\/www.freiburg-schwarzwald.de\/blog\/mainstream-medien-wende\/\">Mainstream-Medien &#8211; Wende<\/a> (24.10.2023)<\/li>\n<li><a href=\"https:\/\/www.freiburg-schwarzwald.de\/blog\/falschmeldung-im-dlf-wozu\/\">Falschmeldung im DLF \u2013 wozu?<\/a>\u00a0(19.10.2023)<\/li>\n<li><a href=\"https:\/\/www.freiburg-schwarzwald.de\/blog\/wahlkampf-hass-bis-zur-gewalt\/\">Wahlkampf: Hass bis zur Gewalt<\/a>\u00a0(6.10.2023)<\/li>\n<li><a href=\"https:\/\/www.freiburg-schwarzwald.de\/blog\/buerger-audiatur-et-altera-pars\/\">B\u00fcrger: Audiatur et altera pars<\/a>\u00a0(28.9.2023)<\/li>\n<li><a href=\"https:\/\/www.freiburg-schwarzwald.de\/blog\/kultur\/medien\/medienleute\/\">Constantin Schreiber: Journalist verzichtet auf Islam-Diskussion<\/a>\u00a0(13.9.2023)<\/li>\n<li><a href=\"https:\/\/www.freiburg-schwarzwald.de\/blog\/engagement\/zukunft\/demokratie\/chemnitz-messermord26-08-2018\/chemnitz2018-2023\/\">Staatsaff\u00e4re Chemnitz: Keine Hetzjagden vor f\u00fcnf Jahre<\/a>n (28.8.2023)<\/li>\n<li><a href=\"https:\/\/www.freiburg-schwarzwald.de\/blog\/engagement\/zukunft\/demokratie\/parlament\/parlamentarismus\/\">Werner Patzelt: Eine redliche, inhaltliche Auseinandersetzung mit der AfD fehlt<\/a>\u00a0(17.8.2023)<\/li>\n<li><a href=\"https:\/\/www.freiburg-schwarzwald.de\/blog\/afd-buergermeister-von-doberan\/\">AfD: B\u00fcrgermeister von Doberan<\/a>\u00a0(10.8.2023)<\/li>\n<li><a href=\"https:\/\/www.freiburg-schwarzwald.de\/blog\/kultur\/medien\/medien-afd\/\">Berichterstattung zur AfD-Europawahlversammlung am 29.7.2023<\/a> (3.8.2023)<\/li>\n<li><a href=\"https:\/\/www.freiburg-schwarzwald.de\/blog\/kultur\/medien\/einseitigkeit\/\">Der Krieg und die Leitmedien \u2013 Einseitige Kriegsberichterstattung<\/a> (31.7.2023)<\/li>\n<li><a href=\"https:\/\/www.freiburg-schwarzwald.de\/blog\/1-bild-sagt-mehr-als-1000-worte\/\">1 Bild sagt mehr als 1000 Worte<\/a>\u00a0(20.7.2023)<\/li>\n<li><a href=\"https:\/\/www.freiburg-schwarzwald.de\/blog\/hitzeangst-politik-und-medien\/\">Hitzeangst: Politik und Medien<\/a>\u00a0(23.7.2023)<\/li>\n<li><a href=\"https:\/\/www.freiburg-schwarzwald.de\/blog\/wir-hatten-keine-andere-wahl\/\">Wir hatten keine andere Wahl<\/a>\u00a0(11.7.2023)<\/li>\n<li><a href=\"https:\/\/www.freiburg-schwarzwald.de\/blog\/kultur\/medien\/vierte-gewalt\/\">Journalisten sind geistige Antagonisten der Politiker<\/a>\u00a0(21.5.2023)<\/li>\n<li><a href=\"https:\/\/www.freiburg-schwarzwald.de\/blog\/gebaerende-person-statt-mutter\/\">Geb\u00e4rende Person statt Mutter<\/a>\u00a0(22.4.2023)<\/li>\n<li><a href=\"https:\/\/www.freiburg-schwarzwald.de\/blog\/das-geschaeft-mit-dem-krieg\/\">Das Gesch\u00e4ft mit dem Krieg<\/a>\u00a0(16.4.2023)<\/li>\n<li><a href=\"https:\/\/www.freiburg-schwarzwald.de\/blog\/business\/gesund\/corona-virus\/corona-rechenschaft\/\">Corona-Berichterstattung: Einseitigkeit und Verzerrung<\/a> (11.4.2023)<\/li>\n<li><a href=\"https:\/\/www.freiburg-schwarzwald.de\/blog\/kultur\/medien\/vierte-gewalt\/\">Fl\u00fcchtlingskrise und Pandemie: Der Herdentrieb der Medien schadet ihrer Glaubw\u00fcrdigkeit<\/a> (31.3.2023)<\/li>\n<li><a href=\"https:\/\/www.freiburg-schwarzwald.de\/blog\/global\/migration\/migranten-gewalt\/luise12erstochen230311\/\">Das Freudenberger Kommunikationsdesaster der Beh\u00f6rden<\/a> (16.3.2023)<\/li>\n<li><a href=\"https:\/\/www.freiburg-schwarzwald.de\/blog\/kultur\/medien\/verleumdung\/\">Clemens Arvay wurde Opfer der Antisemitismuskeule<\/a>\u00a0(15.3.2023)<\/li>\n<li><a href=\"https:\/\/www.freiburg-schwarzwald.de\/blog\/kabarett-und-konformitaetsdruck\/\">Kabarett und Konformit\u00e4tsdruck<\/a>\u00a0(14.3.2023)<\/li>\n<li><a href=\"https:\/\/www.freiburg-schwarzwald.de\/blog\/lumpenpazifist-friedensschwurbler\/\">Lumpenpaziist Friedensschwurbler<\/a>\u00a0(28.2.2023)<\/li>\n<li><a href=\"https:\/\/www.freiburg-schwarzwald.de\/blog\/kultur\/medien\/journalismus\/haltungsjournalismus\/\">Michael Meyen: Gekaufter Journalismus \u2013 Die Propaganda Matrix<\/a>\u00a0(26.2.2023)<\/li>\n<li><a href=\"https:\/\/www.freiburg-schwarzwald.de\/blog\/vorkriegszeit\/\">Vorkriegszeit?<\/a>\u00a0(1.2.2023)<\/li>\n<li><a href=\"https:\/\/www.freiburg-schwarzwald.de\/blog\/kultur\/medien\/hass\/hetze\/\">Sarah Bosetti: \u201eQuerdenker sind ein bisschen wie Hitler\u201c<\/a>\u00a0(30.1.2023)<\/li>\n<li><a href=\"https:\/\/www.freiburg-schwarzwald.de\/blog\/kultur\/medien\/zensur\/\">Regierung, Big Pharma, Social Media als Zensurkartell<\/a>\u00a0(27.1.2023)<\/li>\n<li>Michael Meyen: Leitmedienrealit\u00e4t jenseits der Wirklichkeit (22.1.2023)<\/li>\n<li><a href=\"https:\/\/www.freiburg-schwarzwald.de\/blog\/spiegel-relotius-18-maria-22\/\">Spiegel: Relotius 18 \u2013 Maria 22<\/a>\u00a0(3.12.2022)<\/li>\n<li><a href=\"https:\/\/www.freiburg-schwarzwald.de\/blog\/engagement\/zukunft\/demokratie\/berlin-demo29-8-2020\/\">Der Sturm auf den Reichstag war staatlich inszeniert<\/a>\u00a0(27.12.2022)<\/li>\n<li><a href=\"https:\/\/www.freiburg-schwarzwald.de\/blog\/ukrainekrieg-wozu-zynismus\/\">Ukrainekrieg: Wozu Zynismus?<\/a>\u00a0(20.12.2022)<\/li>\n<li><a href=\"https:\/\/www.freiburg-schwarzwald.de\/blog\/kultur\/medien\/diskussionskultur\/106921-2\/\">Generalverdacht-Vorwurf beleidigt die B\u00fcrger<\/a>\u00a0(7.12.2022)<\/li>\n<li><a href=\"https:\/\/www.freiburg-schwarzwald.de\/blog\/wm-aus-one-love-mund-zu\/\">WM aus: \u201eOne love\u201c \u2013 \u201eMund zu\u201c<\/a>\u00a0(2.12.2022)<\/li>\n<li><a href=\"https:\/\/www.freiburg-schwarzwald.de\/blog\/einen-tag-mal-freie-medien\/\">Einen Tag mal freie Medien<\/a> (29.11.2022)<\/li>\n<li><a href=\"https:\/\/www.freiburg-schwarzwald.de\/blog\/regierungskampagne-nudging\/\">Regierungskampagne: Nudging<\/a>\u00a0(21.11.2022)<\/li>\n<li><a href=\"https:\/\/www.freiburg-schwarzwald.de\/blog\/kultur\/medien\/vorverurteilung\/\">Vorverurteilung: Rechte sind es<\/a>\u00a0(19.11.2022)<\/li>\n<li><a href=\"https:\/\/www.freiburg-schwarzwald.de\/blog\/rakete-auf-nato-staat-polen\/\">Rakete auf NATO-Staat Polen<\/a>\u00a0(17.11.2022)<\/li>\n<li><a href=\"https:\/\/www.freiburg-schwarzwald.de\/blog\/kriegsrhetorik-incl-atomkrieg\/\">Kriegsrhetorik incl. Atomkrieg<\/a>\u00a0(24.10.2022)<\/li>\n<li><a href=\"https:\/\/www.freiburg-schwarzwald.de\/blog\/macheten-mord-ludwigshafen\/\">Macheten-Mord Ludwigshafen<\/a>\u00a0(20.10.2022)<\/li>\n<li><a href=\"https:\/\/www.freiburg-schwarzwald.de\/blog\/framing-wir-sparen-viel-gas\/\">Framing: Wir sparen viel Gas<\/a>\u00a0(17.10.2022)<\/li>\n<li><a href=\"https:\/\/www.freiburg-schwarzwald.de\/blog\/engagement\/zukunft\/demokratie\/parteienstaat\/\">Krankenschwester im Video zur Krisensituation in D<\/a>\u00a0(8.10.2022)<\/li>\n<li><a href=\"https:\/\/www.freiburg-schwarzwald.de\/blog\/engagement\/zukunft\/demokratie\/staat\/\">Eine politisch mediale Elite macht sich den Staat zur Beute<\/a>\u00a0(23.9.2022)<\/li>\n<li><a href=\"https:\/\/www.freiburg-schwarzwald.de\/blog\/faz-franziskus-ist-putin-papst\/\">FAZ: Franziskus ist \u201ePutin-Papst\u201c<\/a>\u00a0(29.8.2022)<\/li>\n<li><a href=\"https:\/\/www.freiburg-schwarzwald.de\/blog\/ist-der-oerr-noch-reformierbar\/\">Ist der \u00d6RR noch reformierbar?<\/a> (27.8.2022)<\/li>\n<li><a href=\"https:\/\/www.freiburg-schwarzwald.de\/blog\/kultur\/medien\/oerr\/\">Die zehn gr\u00f6\u00dften Skandale rund um den \u00d6RR<\/a>\u00a0(19.8.2022)<\/li>\n<li><a href=\"https:\/\/www.freiburg-schwarzwald.de\/blog\/kultur\/medien\/medien-politik\/\">Der Springer-Konzern goes \u201equeer\u201c \u2013 steckt die amerikanische \u201eHeuschrecke\u201c dahinter?<\/a> (13.8.2022)<\/li>\n<li><a href=\"https:\/\/www.freiburg-schwarzwald.de\/blog\/global\/globalisierung\/macht\/\">Hannes Hofbauer: Zensur \u2013 Die Macht absichern<\/a>\u00a0(12.8.2022)<\/li>\n<li><a href=\"https:\/\/www.freiburg-schwarzwald.de\/blog\/engagement\/buergerinitiativen\/demo\/demo2022\/\">Medienmarsch Berlin am 1.8.2022 mit 10.000 Demonstranten<\/a>\u00a0(2.8.2022)<\/li>\n<li><a href=\"https:\/\/www.freiburg-schwarzwald.de\/blog\/antirealistischer-schutzwall\/\">Antirealistischer Schutzwall<\/a>\u00a0(31.7.2022)<\/li>\n<li><a href=\"https:\/\/www.freiburg-schwarzwald.de\/blog\/henryk-m-broder-wende\/\">Henryk M. Broder \u2013 Wende<\/a>\u00a0(12.7.2022)<\/li>\n<li><a href=\"https:\/\/www.freiburg-schwarzwald.de\/blog\/leuchtturmard-mahnwache\/\">LeuchtturmARD Mahnwache am 14.7.2020 SWR<\/a>\u00a0(11.7.2022)<\/li>\n<li><a href=\"https:\/\/www.freiburg-schwarzwald.de\/blog\/ulrike-guerot-diskurs-eingeengt\/\">Ulrike Gu\u00e9rot: Diskurs eingeengt<\/a>\u00a0(8.6.2022)<\/li>\n<li><a href=\"https:\/\/www.freiburg-schwarzwald.de\/blog\/der-ukrainekrieg-begann-2014\/\">Der Ukrainekrieg begann 2014<\/a>\u00a0(5.4.2022)<\/li>\n<li><a href=\"https:\/\/www.freiburg-schwarzwald.de\/blog\/kultur\/medien\/medien-politik\/\">Politik und Medien. Die Komplizen der emotionalen Erpressung<\/a>\u00a0(2.4.2022)<\/li>\n<li><a href=\"https:\/\/www.freiburg-schwarzwald.de\/blog\/engagement\/zukunft\/krieg\/kalter-krieg\/\">Medien pflegen Kriegs- statt Friedensrhetorik<\/a>\u00a0(2.4.2022)<\/li>\n<li><a href=\"https:\/\/www.freiburg-schwarzwald.de\/blog\/religion\/islam\/islamismus\/\">Deutsche Welle: Mit Islamisten kooperiert<\/a>\u00a0(18.2.2022)<\/li>\n<li><a href=\"https:\/\/www.freiburg-schwarzwald.de\/blog\/engagement\/zukunft\/demokratie\/faschismus\/antifaschismus\/\">Paul Gottfried:\u00a0 Antifaschismus \u2013 Der Verlauf eines Kreuzzugs<\/a>\u00a0(18.2.2022)<\/li>\n<li><a href=\"https:\/\/www.freiburg-schwarzwald.de\/blog\/hiv-entdecker-montagnier-tot\/\">HIV-Entdecker Montagnier tot<\/a>\u00a0(14.2.2022)<\/li>\n<li>Deutschlandfunk lobt: \u201eWie man eine Pipeline in die Luft jagt\u201c (8.2.2022)<\/li>\n<li><a href=\"https:\/\/www.freiburg-schwarzwald.de\/blog\/kultur\/medien\/medien-politik\/\">Martin E. Renner: Politik und Medien \u2013 die Komplizen der emotionalen Erpressung<\/a>\u00a0(2.4.2022)<\/li>\n<li><a href=\"https:\/\/www.freiburg-schwarzwald.de\/blog\/kultur\/medien\/mediendemokratie\/\">Uwe Steimle: Inszenierte Mediendemokratie<\/a> (4.2.2022)<\/li>\n<li><a href=\"https:\/\/www.freiburg-schwarzwald.de\/blog\/kultur\/medien\/luegenpresse\/\">Titelzeile in Widerspruch zum Inhalt formulieren \u2013 wozu?<\/a>\u00a0(27.1.2022)<\/li>\n<li><a href=\"https:\/\/www.freiburg-schwarzwald.de\/blog\/kultur\/medien\/missverstehen\/\">FAZ verschweigt 10000-Menschen-Demo in Frankfurt<\/a> (25.1.2022)<\/li>\n<li><a href=\"https:\/\/www.freiburg-schwarzwald.de\/blog\/engagement\/buergerinitiativen\/demos-in-freiburg\/\">Linke und Medien: H\u00f6rt endlich auf mit \u201eNazi\u201c<\/a>\u00a0(23.1.2022)<\/li>\n<li><a href=\"https:\/\/www.freiburg-schwarzwald.de\/blog\/der-zusammenhalt-in-d-sinkt\/\">Der Zusammenhalt in D sinkt<\/a>\u00a0(21.1.2022)<\/li>\n<li><a href=\"https:\/\/www.freiburg-schwarzwald.de\/blog\/auch-die-andere-seite-anhoeren\/\">Auch die andere Seite h\u00f6ren<\/a>\u00a0(15.1.2022)<\/li>\n<li><a href=\"https:\/\/www.freiburg-schwarzwald.de\/blog\/minderheiten-spielen-empoerung\/\">Minderheiten spielen Emp\u00f6rung<\/a>\u00a0(29.10.2021)<\/li>\n<li><a href=\"https:\/\/www.freiburg-schwarzwald.de\/blog\/kultur\/medien\/aufschrei\/\">Identit\u00e4tspolitik \u2013 Das Spiel mit der Emp\u00f6rung der Opfer<\/a>\u00a0(26.10.2021)<\/li>\n<li><a href=\"https:\/\/www.freiburg-schwarzwald.de\/blog\/medien-wissenschaften-ngos\/\">Medien, Wissenschaften, NGOs \u2013 Gewaltenteilung<\/a>\u00a0(22.9.2021)<\/li>\n<li><a href=\"https:\/\/www.freiburg-schwarzwald.de\/blog\/natur\/klima\/klima-tote\/\">Die Klima-Toten der FAZ und der Kipppunkt des Journalismus<\/a>\u00a0(3.9.2021)<\/li>\n<li><a href=\"https:\/\/www.freiburg-schwarzwald.de\/blog\/global\/afghanistan\/\">Die Medien gaben jahrzehntelang ein verzerrtes Bild des Krieges<\/a> (30.8.2021)<\/li>\n<li><a href=\"https:\/\/www.freiburg-schwarzwald.de\/blog\/gleichheit-herz-statt-spaltung\/\">Gleichheit + Herz statt Spaltung<\/a>\u00a0(26.8.2021)<\/li>\n<li>Warum wir nicht selbst denken d\u00fcrfen &#8211; Missionarsjournalismus (17.8.2021)<\/li>\n<li><a href=\"https:\/\/www.freiburg-schwarzwald.de\/blog\/business\/gesund\/corona-virus\/corona-versoehnung\/\">Berlin, 1.8.2021: Ein Bild der Schande<\/a>\u00a0(4.8.2021)<\/li>\n<li><a href=\"https:\/\/www.freiburg-schwarzwald.de\/blog\/corona-versoehnung-statt-angst\/\">Corona. Vers\u00f6hnung statt Angst<\/a>\u00a0 (31.7.2021)<\/li>\n<li><a href=\"https:\/\/www.freiburg-schwarzwald.de\/blog\/flut-staat-wie-medien-versagen\/\">Flut: Staat wie Medien versagen<\/a>\u00a0(27.7.2021)<\/li>\n<li><a href=\"https:\/\/www.freiburg-schwarzwald.de\/blog\/d-zahlt-95-eu-schenkt-25-mrd\/\">D zahlt 95 Mrd \u2013 EU schenkt 26 Mrd zur\u00fcck<\/a>\u00a0(9.7.2021)<\/li>\n<li><a href=\"https:\/\/www.freiburg-schwarzwald.de\/blog\/corona-prof-ioannidis-hat-recht\/\">Corona: Prof Ioannidis hat Recht<\/a>\u00a0(7.7.2021)<\/li>\n<li><a href=\"https:\/\/www.freiburg-schwarzwald.de\/blog\/kultur\/medien\/medienvielfalt\/\">Meinung gepr\u00e4gt durch eigene Erfahrung und Massenmedien<\/a> (6.7.2021)<\/li>\n<li><a href=\"https:\/\/www.freiburg-schwarzwald.de\/blog\/vereine\/partei\/rechtskonservative\/\">K\u00f6ppel (Weltwoche7cH) im Streitgespr\u00e4ch mit Patzelt (CDU ) und Krah<\/a>\u00a0(AfD) (3.7.21)<\/li>\n<li><a href=\"https:\/\/www.freiburg-schwarzwald.de\/blog\/ichbinhanna-bildungsprekariat\/\">IchBinHanna \u2013 Bildungsprekariat<\/a>\u00a0(1.7.2021)<\/li>\n<li><a href=\"https:\/\/www.freiburg-schwarzwald.de\/blog\/ungarn-zuerst-info-dann-urteil\/\">Ungarn: Zuerst Info, dann Urteil<\/a>\u00a0(25.6.2021)<\/li>\n<li><a href=\"https:\/\/www.freiburg-schwarzwald.de\/blog\/journalist-juergen-liminski-ist-tot\/\">Journalist J\u00fcrgen Liminski ist tot<\/a>\u00a0(18.6.2021)<\/li>\n<li><a href=\"https:\/\/www.freiburg-schwarzwald.de\/blog\/was-machen-wir-hier-eigentlich\/\">Was machen wir hier eigentlich?<\/a> (12.6.2021)<\/li>\n<li><a href=\"https:\/\/www.freiburg-schwarzwald.de\/blog\/kultur\/medien\/propaganda\/\">Propagandajournalismus: Corona in Indien<\/a>\u00a0(27.4.2021)<\/li>\n<li><a href=\"https:\/\/www.freiburg-schwarzwald.de\/blog\/engagement\/zukunft\/demokratie\/rechts\/rechte-ecke\/\">Willkommen in der rechten Ecke \u2013 Ein offener Brief an Jan Josef Liefers<\/a>\u00a0(26.4.2021)<\/li>\n<li><a href=\"https:\/\/www.freiburg-schwarzwald.de\/blog\/business\/gesund\/corona-virus\/corona-angst\/\">Der Milit\u00e4rkonvoi aus Bergamo: Fake-Bild<\/a>\u00a0(26.4.2021)<\/li>\n<li><a href=\"https:\/\/www.freiburg-schwarzwald.de\/blog\/briten-mutante-nicht-toedlicher\/\">Briten-Mutante doch NICHT t\u00f6dlicher<\/a>\u00a0(14.4.2021)<\/li>\n<li><a href=\"https:\/\/www.freiburg-schwarzwald.de\/blog\/global\/eu\/dexit\/\">AfD-Parteitag 10.4.2021 in Dresden: Dexit gilt bereits als radikal<\/a>\u00a0(11.4.2021)<\/li>\n<li><a href=\"https:\/\/www.freiburg-schwarzwald.de\/blog\/dante-1321-goettliche-komoedie\/\">Dante 1321: G\u00f6ttliche Kom\u00f6die<\/a>\u00a0(10.4.2021)<\/li>\n<li><a href=\"https:\/\/www.freiburg-schwarzwald.de\/blog\/kultur\/medien\/youtube\/\">Youtube zensiert Reitschuster erneut<\/a>\u00a0(6.4.2021)<\/li>\n<li><a href=\"https:\/\/www.freiburg-schwarzwald.de\/blog\/kultur\/medien\/manipulation\/\">Manipulation der Medien: Infizierte = Erkrankte<\/a>\u00a0(3,4,2021)<\/li>\n<li><a href=\"https:\/\/www.freiburg-schwarzwald.de\/blog\/heuchelei-abbitte-ohne-reue\/\">Heuchelei: Abbitte ohne Reue<\/a>\u00a0(26.3.2021)<\/li>\n<li><a href=\"https:\/\/www.freiburg-schwarzwald.de\/blog\/kultur\/medien\/manipulation\/\">10 Jahre dem Tsunami \u2013 deutsche Medien haben nichts dazu gelernt<\/a>\u00a0(19.3.2021)<\/li>\n<li><a href=\"https:\/\/www.freiburg-schwarzwald.de\/blog\/medien-contra-corona-demos\/\">Medien contra Corona-Demos<\/a>\u00a0(21.3.2021)<\/li>\n<li><a href=\"https:\/\/www.freiburg-schwarzwald.de\/blog\/kultur\/medien\/diversity\/\">Neue Deutsche Medienmacher fordern Diversit\u00e4t, aber f\u00f6rdern Einfalt<\/a> (18.3.2021)<\/li>\n<li><a href=\"https:\/\/www.freiburg-schwarzwald.de\/blog\/weltfrauentag-schweiz-freiheit\/\">Weltfrauentag: Schweiz Freiheit<\/a>\u00a0(9.3.2021)<\/li>\n<li><a href=\"https:\/\/www.freiburg-schwarzwald.de\/blog\/israel-und-deutschland-vakzine\/\">Israel und Deutschland: Vakzine<\/a>\u00a0(27.2.2021)<\/li>\n<li><a href=\"https:\/\/www.freiburg-schwarzwald.de\/blog\/kultur\/medien\/hass\/\">Ist der von links kommende Hass etwa guter Hass?<\/a> (18.2.2021)<\/li>\n<li><a href=\"https:\/\/www.freiburg-schwarzwald.de\/blog\/kultur\/medien\/talkshow\/\">GEZ-Medien benachteiligen AfD in den Talkshows<\/a>\u00a0(15.2.2021)<\/li>\n<li><a href=\"https:\/\/www.freiburg-schwarzwald.de\/blog\/fake-news-kaum-korrigierbar\/\">Fake News \u2013 kaum korrigierbar<\/a>\u00a0(11.2.2021)<\/li>\n<li><a href=\"https:\/\/www.freiburg-schwarzwald.de\/blog\/grundrechte-nicht-antasten\/\">Grundrechte nicht antasten<\/a>\u00a0(23.1.2021)<\/li>\n<li><a href=\"https:\/\/www.freiburg-schwarzwald.de\/blog\/global\/schweden\/\">Schweden: Corona-Mehrsterblichkeit in D gr\u00f6\u00dfer als in S<\/a> (12.1.2021)<\/li>\n<li><a href=\"https:\/\/www.freiburg-schwarzwald.de\/blog\/kultur\/medien\/journalismus\/haltungsjournalismus\/\">Ein Heiligenschein f\u00fcr Angela Merkel \u2013 bezahlter Qualit\u00e4tsjournalismus<\/a>\u00a0(1.1.2021)<\/li>\n<li><a href=\"https:\/\/www.freiburg-schwarzwald.de\/blog\/korrelation-ja-kausalitaet-nein\/\">Korrelation ja \u2013 Kausalit\u00e4t nein<\/a>\u00a0(19.12.2020)<\/li>\n<li><a href=\"https:\/\/www.freiburg-schwarzwald.de\/blog\/nationalitaet-bei-straftat-nennen\/\">Nationalit\u00e4t bei Straftaten nennen<\/a>\u00a0(15.12.2020)<\/li>\n<li><a href=\"https:\/\/www.freiburg-schwarzwald.de\/blog\/kultur\/medien\/hass\/\">Woher kommt der Hass \u2013 alles Nazi? Schweigemarsch in Berlin<\/a>\u00a0(23.11.2020)<\/li>\n<li><a href=\"https:\/\/www.freiburg-schwarzwald.de\/blog\/aufschrei-volk-mdbs-medien\/\">Aufschei durch Volk, MdB\u2019s, Medien?<\/a>\u00a0(15.11.2020)<\/li>\n<li><a href=\"https:\/\/www.freiburg-schwarzwald.de\/blog\/bild-zu-paris-und-bild-zu-wien\/\">Bild zu Paris (bekannt) und Bild zu Wien (unbekannt)<\/a>\u00a0(13.11.2020)<\/li>\n<li><a href=\"https:\/\/www.freiburg-schwarzwald.de\/blog\/kultur\/medien\/luegenpresse\/\">US-Wahlen und Medien: Werden wir zum totalit\u00e4ren Staat?<\/a>\u00a0(8.11.2020)<\/li>\n<li><a href=\"https:\/\/www.freiburg-schwarzwald.de\/blog\/leipzig-7-11-20-friedliche-demo\/\">Leipzig7-11-20 friedliche Demo<\/a>\u00a0(7.11.2020)<\/li>\n<li><a title=\"CancelCulture\" href=\"https:\/\/www.freiburg-schwarzwald.de\/blog\/kultur\/kulturverlust\/cancelculture\/\">Wie die Cancel Culture \u00fcberwunden werden kann<\/a>\u00a0(11.9.2020)<\/li>\n<li><a title=\"Freiheit statt Sozialismus\" href=\"https:\/\/www.freiburg-schwarzwald.de\/blog\/freiheit-statt-sozialismus\/\">Freiheit statt Sozialismus \u2013 Signal der Berliner Demo vom 1. August<\/a>\u00a0(11.8.2020)<\/li>\n<li><a title=\"Glaubw\u00fcrdigkeit: GroKo, MSM\" href=\"https:\/\/www.freiburg-schwarzwald.de\/blog\/glaubwuerdigkeit-groko-msm\/\">Glaubw\u00fcrdigkeitsverlust bei GroKo und MSM<\/a> (8.8.2020)<\/li>\n<li><a title=\"Diskursverweigerung\" href=\"https:\/\/www.freiburg-schwarzwald.de\/blog\/engagement\/zukunft\/demokratie\/diskursverweigerung\/\">Eine moralisierende Diskursverweigerung k\u00f6nnen wir uns nicht leisten<\/a>\u00a0(26.7.2020)<\/li>\n<li><a title=\"Apologize for the Climate Scare\" href=\"https:\/\/www.freiburg-schwarzwald.de\/blog\/apologize-for-the-climate-scare\/\">Apologize For The Climate Scare<\/a>\u00a0(16.7.2020)<\/li>\n<li><a title=\"Diskriminierung in D niedrig\" href=\"https:\/\/www.freiburg-schwarzwald.de\/blog\/diskriminierung-in-d-niedrig\/\">Diskriminierung in D erfreulich niedrig<\/a>\u00a0 (11.7.2020)<\/li>\n<li><a title=\"Corona-Demo\" href=\"https:\/\/www.freiburg-schwarzwald.de\/blog\/business\/gesund\/corona-virus\/corona-demo\/\">Festnahme Attila Hildmann in Berln \u2013 Video f\u00fcr Propaganda umgedeutet<\/a>\u00a0(25.5.2020)<\/li>\n<li><a href=\"https:\/\/www.freiburg-schwarzwald.de\/blog\/kultur\/medien\/medienleute\/\">Reitschuster-Restle: Woher kommt Ihre Angst vor anderen Meinungen?<\/a>\u00a0(22.5.2020)<\/li>\n<li><a title=\"Corona-NGO\" href=\"https:\/\/www.freiburg-schwarzwald.de\/blog\/business\/gesund\/corona-virus\/80377-2\/\">Soros unterst\u00fctzt den Spiegel mit 2,3 Mio Euro<\/a> (17.4.2020)<\/li>\n<li><a title=\"Parteienstaat\" href=\"https:\/\/www.freiburg-schwarzwald.de\/blog\/engagement\/zukunft\/demokratie\/parteienstaat\/\">Erfurt: Der Abgeordnete ist nicht Vertreter des B\u00fcrgers, sondern der Parteielite<\/a>\u00a0(6.2.2020)<\/li>\n<li><a title=\"Buerger\" href=\"https:\/\/www.freiburg-schwarzwald.de\/blog\/engagement\/buerger\/\">Die Antwort auf Soros: Der kritisch denkende B\u00fcrger<\/a>\u00a0(24.1.2020)<\/li>\n<li><a title=\"Holocaust-Education\" href=\"https:\/\/www.freiburg-schwarzwald.de\/blog\/bildung\/holocaust-education\/\">Instrumentalisierung eines Gro\u00dfverbrechens: Die Erinnerung an den Holocaust sollte historisch n\u00fcchterner erfolgen<\/a>\u00a0(24.1.2020)<\/li>\n<li><a title=\"Repression\" href=\"https:\/\/www.freiburg-schwarzwald.de\/blog\/engagement\/zukunft\/demokratie\/repression\/\">Tellkamp ausgeladen: Die Tyrannei der engen W\u00e4nde<\/a>\u00a0(18.1.2020)<\/li>\n<li><a title=\"Deutschland2020\" href=\"https:\/\/www.freiburg-schwarzwald.de\/blog\/global\/deutschland\/deutschland2020\/\">Chaim Noll: Klarheit im Kopf \u2013 15\u00a0Jahre Achgut.com<\/a>\u00a0(14.1.2020)<\/li>\n<li><a title=\"Terror\" href=\"https:\/\/www.freiburg-schwarzwald.de\/blog\/religion\/islam\/terror\/\">ZDF\u00a0nennt islamistisches Massaker auf Charlie Hebdo \u201eStreit\u201c \u2013\u00a0und bedauert<\/a>\u00a0(8.1.2020)<\/li>\n<li><a title=\"WDR\" href=\"https:\/\/www.freiburg-schwarzwald.de\/blog\/kultur\/medien\/wdr\/\">Warum Deutschlands \u00f6ffentlich-rechtliche Riesensender eine Schrumpfkur ben\u00f6tigen<\/a>\u00a0(4.1.2020)<\/li>\n<li><a title=\"Linke-Gewalt\" href=\"https:\/\/www.freiburg-schwarzwald.de\/blog\/selbsthilfe\/krise\/gewalt\/linke-gewalt\/\">Auto von \u201eB.Z.\u201c-Journalist Gunnar Schupeliu in Brand gesetzt<\/a>\u00a0(2.1.2020)<\/li>\n<li><a title=\"Familie oder Umweltrettung?\" href=\"https:\/\/www.freiburg-schwarzwald.de\/blog\/familie-oder-umweltrettung\/\">Familie oder Umweltrettung?<\/a>\u00a0(1.1.2010)<\/li>\n<li><a title=\"Trump\" href=\"https:\/\/www.freiburg-schwarzwald.de\/blog\/global\/usa\/trump\/\">Trump-Brief an Nancy Pelosi am 17.12.2019 \u2013 Impeachment<\/a> (23.12.2019)<\/li>\n<li><a title=\"Deutsche Arroganz zu GB und F\" href=\"https:\/\/www.freiburg-schwarzwald.de\/blog\/deutsche-arroganz-zu-gb-und-f\/\">Deutsche Arroganz zu GB und F<\/a>\u00a0(14.12.2019)<\/li>\n<li><a title=\"Alles Deutsche schlecht reden\" href=\"https:\/\/www.freiburg-schwarzwald.de\/blog\/alles-deutsche-schlecht-reden\/\">Alles Deutsche schlecht reden<\/a> (27.11.2019)<\/li>\n<li><a href=\"https:\/\/www.freiburg-schwarzwald.de\/blog\/kultur\/medien\/faktencheck\/\">Correctiv als selbsternannte Staatszensur \u2013 Faktencheck<\/a>\u00a0(19.10.2019)<\/li>\n<li><a title=\"Kant\" href=\"https:\/\/www.freiburg-schwarzwald.de\/blog\/kultur\/aufklaerung\/kant\/\">Johannes Eisleben: Journalisten im Kant-Test<\/a>\u00a0(4.10.2019)<\/li>\n<li><a title=\"Fernsehen\" href=\"https:\/\/www.freiburg-schwarzwald.de\/blog\/kultur\/medien\/fernsehen\/\">Schweizer Medien sind das \u201eWestfernsehen\u201c der Deutschen<\/a>\u00a0 (27.9.2019)<\/li>\n<li><a title=\"Schweigen\" href=\"https:\/\/www.freiburg-schwarzwald.de\/blog\/global\/deutschland\/schweigen\/\">Wir schweigenden L\u00e4mmer \u2013 es gibt keine abweichenden Meinungen mehr<\/a>\u00a0(6.7.2019)<\/li>\n<li><a title=\"Extremismus\" href=\"https:\/\/www.freiburg-schwarzwald.de\/blog\/engagement\/zukunft\/demokratie\/extremismus\/\">Traurige Realit\u00e4t: Kampf gegen Andersdenkende statt Kampf gegen Rechtsextremisten<\/a>\u00a0(20.6.2019)<\/li>\n<li><a title=\"Oesterreich\" href=\"https:\/\/www.freiburg-schwarzwald.de\/blog\/global\/oesterreich\/\">Eine-Welt-Ideologe contra Populismus \u2013 Beispiel Strache-Video\u00a0<\/a>(31.5.2019)<\/li>\n<li>Medien im Europa im Umbruch vor der Wahl am 26.5.2019 (3.5.2019)<\/li>\n<li><a title=\"Fernsehen\" href=\"https:\/\/www.freiburg-schwarzwald.de\/blog\/kultur\/medien\/fernsehen\/\">RBB legt Palmer gef\u00e4lschte Antwort in den Mund<\/a>\u00a0(9.3.2019)<\/li>\n<li><a href=\"https:\/\/www.freiburg-schwarzwald.de\/blog\/relotius-erfindet-gute-stories\/\">https:\/\/www.freiburg-schwarzwald.de\/blog\/relotius-erfindet-gute-stories\/<\/a> (5.1.2019)<\/li>\n<li><a title=\"Freiheit\" href=\"https:\/\/www.freiburg-schwarzwald.de\/blog\/engagement\/zukunft\/demokratie\/freiheit\/\">Keine Freiheit des Denkens ohne Redefreiheit<\/a>\u00a0(3.1.2019)<\/li>\n<li><a href=\"https:\/\/www.freiburg-schwarzwald.de\/blog\/jugendliche-pruegelei-amberg\/\">https:\/\/www.freiburg-schwarzwald.de\/blog\/jugendliche-pruegelei-amberg\/<\/a>\u00a0(31.12.2018)<\/li>\n<li>Medieneinfalt &#8211; vom B\u00fcrger bezahlt (24.11.2018)<\/li>\n<li><strong>Freie Denker &#8211; eine Liste mainstreamunabh\u00e4ngiger Blogs\u00a0 (8.6.2018)<\/strong><\/li>\n<li>Frauendemo B und HH: Medien ignorieren Rechtsverletzungen (21.2.2018)<\/li>\n<li>Ausgewogenheit &#8211; Droh-Mails in\u00a0Zeitungen \u00fcbernehmen (16.9.2017)<\/li>\n<li><a href=\"https:\/\/www.freiburg-schwarzwald.de\/blog\/islamintegration-fake-zur-wahl\/\">https:\/\/www.freiburg-schwarzwald.de\/blog\/islamintegration-fake-zur-wahl\/<\/a> (28.8.2017)<\/li>\n<li>Der Wandel des sanftm\u00fctigen Komikers Dieter Nuhr (15.1.2017)<\/li>\n<li>Tichy legt Herausgeberschaft bei Xing News nieder (9.1.2017)<\/li>\n<li>Ex-Stasiinformantin Anetta Kahane und ihre Amadeu Antonio Stiftung (11.12.2016)<\/li>\n<li>Anetta Kahane von Amadeu-Stiftung zum Dreisam-Mord im SWR (6.12.2016)<\/li>\n<li>Deutscher Nachwuchsfilm: Gefangen im linksgr\u00fcnen Zeitgeist (29.11.2016)<\/li>\n<li>Ard und ZDF im Infowar: \u00d6RF kanalisiert Kommunikation (indirekte Zensur) (28.11.2016)<\/li>\n<li>L\u00fcgenpresse ist L\u00fcckenpresse (28.11.2016)<\/li>\n<li>Mitte-links Presse: Ohne Prophet beten sie zum gleichen Gott (12.11.2016)<\/li>\n<li><strong><a href=\"https:\/\/www.freiburg-schwarzwald.de\/blog\/medien-verschweigen-realitaet\/\">https:\/\/www.freiburg-schwarzwald.de\/blog\/medien-verschweigen-realitaet\/<\/a>\u00a0(1.5.2017)<\/strong><\/li>\n<\/ul>\n<ul>\n<li><a title=\"Medienvielfalt\" href=\"https:\/\/www.freiburg-schwarzwald.de\/blog\/kultur\/medien\/medienvielfalt\/\">Alternative Medien &#8211; Neue Medien &#8211; Freie Denker (Link-Kiste)<\/a><\/li>\n<li><a href=\"https:\/\/www.freiburg-schwarzwald.de\/blog\/engagement\/zukunft\/demokratie\/faschismus\/antifaschismus\/\">Antifaschismus<\/a><\/li>\n<li><a href=\"https:\/\/www.freiburg-schwarzwald.de\/blog\/kultur\/medien\/aufschrei\/\">Aufschrei<\/a><\/li>\n<li><a href=\"https:\/\/www.freiburg-schwarzwald.de\/blog\/kultur\/medien\/journalismus\/ausgewogenheit\/\">Ausgewogenheit<\/a><\/li>\n<li><a href=\"https:\/\/www.freiburg-schwarzwald.de\/blog\/bildung\/bildungsprekariat\/\">Bildungsprekariat<\/a><\/li>\n<li><a title=\"Buerger\" href=\"https:\/\/www.freiburg-schwarzwald.de\/blog\/engagement\/buerger\/\">Buerger<\/a><\/li>\n<li><a title=\"CancelCulture\" href=\"https:\/\/www.freiburg-schwarzwald.de\/blog\/kultur\/kulturverlust\/cancelculture\/\">CancelCulture<\/a><\/li>\n<li><a href=\"https:\/\/www.freiburg-schwarzwald.de\/blog\/engagement\/zukunft\/demokratie\/chemnitz-messermord26-08-2018\/chemnitz2018-2023\/\">Chemnitz2018-2023<\/a><\/li>\n<li><a href=\"https:\/\/www.freiburg-schwarzwald.de\/blog\/business\/gesund\/corona-virus\/corona-ngo\/\">Corona-NGO<\/a><\/li>\n<li><a href=\"https:\/\/www.freiburg-schwarzwald.de\/blog\/business\/gesund\/corona-virus\/corona-versoehnung\/\">Corona-Versoehnung<\/a><\/li>\n<li><a title=\"Demonstrationsrecht\" href=\"https:\/\/www.freiburg-schwarzwald.de\/blog\/engagement\/buergerinitiativen\/demonstrationsrecht\/\">Demonstrationsrecht<\/a><\/li>\n<li><a title=\"Debatte\" href=\"https:\/\/www.freiburg-schwarzwald.de\/blog\/engagement\/zukunft\/demokratie\/debatte\/\">Debatte<\/a><\/li>\n<li><a href=\"https:\/\/www.freiburg-schwarzwald.de\/blog\/kultur\/medien\/desinformation\/\">Desinformation<\/a><\/li>\n<li><a title=\"Diskursverweigerung\" href=\"https:\/\/www.freiburg-schwarzwald.de\/blog\/engagement\/zukunft\/demokratie\/diskursverweigerung\/\">Diskursverweigerung<\/a><\/li>\n<li><a title=\"Diskussionskultur\" href=\"https:\/\/www.freiburg-schwarzwald.de\/blog\/kultur\/medien\/diskussionskultur\/\">Diskussionskultur<\/a><\/li>\n<li><a href=\"https:\/\/www.freiburg-schwarzwald.de\/blog\/kultur\/medien\/diversity\/\">Diversity<\/a><\/li>\n<li><a href=\"https:\/\/www.freiburg-schwarzwald.de\/blog\/kultur\/medien\/einseitigkeit\/\">Einseitigkeit<\/a><\/li>\n<li><a title=\"Europa-Leitkultur\" href=\"https:\/\/www.freiburg-schwarzwald.de\/blog\/kultur\/europa-leitkultur\/\">Europa-Leitkultur<\/a><\/li>\n<li><a title=\"Fake-News\" href=\"https:\/\/www.freiburg-schwarzwald.de\/blog\/kultur\/medien\/fake-news\/\">Fake-News<\/a><\/li>\n<li><a href=\"https:\/\/www.freiburg-schwarzwald.de\/blog\/kultur\/medien\/faktencheck\/\">Faktencheck<\/a><\/li>\n<li><a title=\"Freie-Medien\" href=\"https:\/\/www.freiburg-schwarzwald.de\/blog\/kultur\/medien\/freie-medien\/\">Freie-Medien<\/a><\/li>\n<li><a href=\"https:\/\/www.freiburg-schwarzwald.de\/blog\/kultur\/medien\/framing\/geheimtreffen\/\">Geheimtreffen<\/a><\/li>\n<li><a href=\"https:\/\/www.freiburg-schwarzwald.de\/blog\/kultur\/medien\/gleichschaltung\/\">Gleichschaltung<\/a><\/li>\n<li><a href=\"https:\/\/www.freiburg-schwarzwald.de\/blog\/kultur\/medien\/informiere-dich\/\">Informiere-dich<\/a><\/li>\n<li><a title=\"Integration\" href=\"https:\/\/www.freiburg-schwarzwald.de\/blog\/global\/integration\/\">Integration<\/a><\/li>\n<li><a href=\"https:\/\/www.freiburg-schwarzwald.de\/blog\/engagement\/zukunft\/krieg\/kalter-krieg\/\">Kalter Krieg 2.0<\/a><\/li>\n<li><a title=\"Kampf-gegen-Rechts\" href=\"https:\/\/www.freiburg-schwarzwald.de\/blog\/kultur\/medien\/kampf-gegen-rechts\/\">Kampf-gegen-Rechts<\/a><\/li>\n<li><a title=\"Kant\" href=\"https:\/\/www.freiburg-schwarzwald.de\/blog\/kultur\/aufklaerung\/kant\/\">Kant<\/a><\/li>\n<li><a href=\"https:\/\/www.freiburg-schwarzwald.de\/blog\/kultur\/medien\/radio\/kontrafunk\/\">Kontrafunk<\/a><\/li>\n<li><a href=\"https:\/\/www.freiburg-schwarzwald.de\/blog\/engagement\/zukunft\/demokratie\/leipzig-querdenken7-11-2020\/\">Leipzig-Querdenken7-11-2020<\/a><\/li>\n<li><a title=\"Luebcke02Juni2019\" href=\"https:\/\/www.freiburg-schwarzwald.de\/blog\/engagement\/zukunft\/demokratie\/luebcke02juni2019\/\">Luebcke02juni2019<\/a><\/li>\n<li><a title=\"Luegenpresse\" href=\"https:\/\/www.freiburg-schwarzwald.de\/blog\/kultur\/medien\/luegenpresse\/\">L\u00fcgenpresse<\/a><\/li>\n<li><a title=\"Manipulation\" href=\"https:\/\/www.freiburg-schwarzwald.de\/blog\/kultur\/medien\/manipulation\/\">Manipulation durch Medien<\/a><\/li>\n<li><a href=\"https:\/\/www.freiburg-schwarzwald.de\/blog\/medienkampagne\/\">Medienkampagne &#8211; gegen AfD<\/a><\/li>\n<li><a href=\"https:\/\/www.freiburg-schwarzwald.de\/blog\/kultur\/medien\/medienleute\/\">Medienleute<\/a><\/li>\n<li><a title=\"Medienvielfalt\" href=\"https:\/\/www.freiburg-schwarzwald.de\/blog\/kultur\/medien\/medienvielfalt\/\">Medienvielfalt<\/a><\/li>\n<li><a href=\"https:\/\/www.freiburg-schwarzwald.de\/blog\/kultur\/medien\/medien-afd\/\">Medien-AfD<\/a><\/li>\n<li><a href=\"https:\/\/www.freiburg-schwarzwald.de\/blog\/kultur\/medien\/medien-politik\/\">Medien-Politik<\/a><\/li>\n<li><a href=\"https:\/\/www.freiburg-schwarzwald.de\/blog\/kultur\/medien\/meinungsfreiheit\/meinungen\/\">Meinungen<\/a><\/li>\n<li><a title=\"Meinungsfreiheit\" href=\"https:\/\/www.freiburg-schwarzwald.de\/blog\/kultur\/medien\/meinungsfreiheit\/\">Meinungsfreiheit<\/a><\/li>\n<li><a title=\"Missverstehen\" href=\"https:\/\/www.freiburg-schwarzwald.de\/blog\/kultur\/medien\/missverstehen\/\">Missverstehen mit Absicht<\/a><\/li>\n<li><a title=\"Moral2015\" href=\"https:\/\/www.freiburg-schwarzwald.de\/blog\/global\/deutschland\/moral2015\/\">Moral2015<\/a><\/li>\n<li><a title=\"Multikulti\" href=\"https:\/\/www.freiburg-schwarzwald.de\/blog\/kultur\/leitkultur\/multikulti\/\">Multikulti<\/a><\/li>\n<li><a href=\"https:\/\/www.freiburg-schwarzwald.de\/blog\/kultur\/medien\/nachrichtendienste\/\">Nachrichtendienste<\/a><\/li>\n<li><a href=\"https:\/\/www.freiburg-schwarzwald.de\/blog\/religion\/juden\/nazi\/nazi-hass\/\">Nazi-Hass<\/a><\/li>\n<li><a href=\"https:\/\/www.freiburg-schwarzwald.de\/blog\/global\/integration\/fluechtlinge-kriminalitaet\/opfer-taeter-umkehr\/\">Opfer-T\u00e4ter-Umkehr<\/a><\/li>\n<li><a href=\"https:\/\/www.freiburg-schwarzwald.de\/blog\/kultur\/medien\/oerr\/\">\u00d6RR<\/a><\/li>\n<li><a href=\"https:\/\/www.freiburg-schwarzwald.de\/blog\/engagement\/zukunft\/demokratie\/opposition\/opposition-verbot\/\">Opposition-Verbot<\/a><\/li>\n<li><a title=\"Parallelkultur\" href=\"https:\/\/www.freiburg-schwarzwald.de\/blog\/global\/integration\/parallelkultur\/\">Parallelkulturen<\/a><\/li>\n<li><a title=\"Parteienstaat\" href=\"https:\/\/www.freiburg-schwarzwald.de\/blog\/engagement\/zukunft\/demokratie\/parteienstaat\/\">Parteienstaat<\/a><\/li>\n<li><a href=\"https:\/\/www.freiburg-schwarzwald.de\/blog\/kultur\/medien\/propaganda\/\">Propaganda<\/a><\/li>\n<li><a href=\"https:\/\/www.freiburg-schwarzwald.de\/blog\/engagement\/zukunft\/demokratie\/rechts\/rechte-ecke\/\">Rechte-Ecke<\/a><\/li>\n<li><a title=\"Schweigen\" href=\"https:\/\/www.freiburg-schwarzwald.de\/blog\/global\/deutschland\/schweigen\/\">Schweigen<\/a><\/li>\n<li><a href=\"https:\/\/www.freiburg-schwarzwald.de\/blog\/kultur\/medien\/sommerinterview\/\">Sommerinterview<\/a><\/li>\n<li><a href=\"https:\/\/www.freiburg-schwarzwald.de\/blog\/engagement\/zukunft\/demokratie\/staat\/\">Staat<\/a><\/li>\n<li><a title=\"Talkshow\" href=\"https:\/\/www.freiburg-schwarzwald.de\/blog\/kultur\/medien\/talkshow\/\">Talkshow<\/a><\/li>\n<li><a title=\"Ueberfremdung\" href=\"https:\/\/www.freiburg-schwarzwald.de\/blog\/global\/integration\/ueberfremdung\/\">Ueberfremdung<\/a><\/li>\n<li><a href=\"https:\/\/www.freiburg-schwarzwald.de\/blog\/kultur\/medien\/diskussionskultur\/verleugnung\/\">Verleugnung<\/a><\/li>\n<li><a href=\"https:\/\/www.freiburg-schwarzwald.de\/blog\/kultur\/medien\/verleumdung\/\">Verleumdung<\/a><\/li>\n<li><a href=\"https:\/\/www.freiburg-schwarzwald.de\/blog\/global\/deutschland\/consent-of-the-governed\/vertrauen\/\">Vertrauen<\/a><\/li>\n<li>Wannseekonferenz2.0<\/li>\n<li><a title=\"WDR\" href=\"https:\/\/www.freiburg-schwarzwald.de\/blog\/kultur\/medien\/wdr\/\">WDR<\/a><\/li>\n<li><a title=\"Werte\" href=\"https:\/\/www.freiburg-schwarzwald.de\/blog\/global\/integration\/werte\/\">Werte<\/a><\/li>\n<li><a title=\"Willkommenskultur\" href=\"https:\/\/www.freiburg-schwarzwald.de\/blog\/global\/integration\/willkommenskultur\/\">Willkommenskultur<\/a><\/li>\n<li><a title=\"Zeitgeist\" href=\"https:\/\/www.freiburg-schwarzwald.de\/blog\/engagement\/zeitgeist\/\">Zeitgeist<\/a><\/li>\n<\/ul>\n<p>.<\/p>\n<h3><strong>Leit-Medien = Seri\u00f6se Medien = gro\u00dfe Medien = Konzernmedien + \u00d6RR = Qualt\u00e4tsmedien = Mainstream-Medien<br \/>\n<\/strong><\/h3>\n<p><strong>Freie Denker &#8211; eine Liste mainstreamunabh\u00e4ngiger Blogs<\/strong><br \/>\nMeine Kriterien zur Aufnahme in diese Liste sind: Eigenst\u00e4ndige Gedanken, (meist) gut formuliert und nicht der Regierung nach dem Mund redend. Wenn Sie einen Blog (der nicht Ihr eigener ist) empfehlen oder Ihren Blog wieder von dieser Liste entfernen m\u00f6chten, schreiben Sie mir bitte eine E-Mail: office@dushanwegner.com.<br \/>\n<a href=\"https:\/\/dushanwegner.com\/freie-denker\/\">https:\/\/dushanwegner.com\/freie-denker\/<\/a><\/p>\n<p><strong>Humanit\u00e4tsduselei der Mainstream-Deutschen<\/strong><br \/>\n&#8222;Zwischen Weltkrieg Zwei und Drei dr\u00e4ngten sich die Deutschen an die Spitze der Humant\u00e4t und Allg\u00fcte. Der Gebrauch des Wortes &#8222;Humanit\u00e4tsduselei&#8220; kostete achtundvierzig Stunden Arrest oder eine entsprechend hohe Geldsumme. Die meisten der Deutschen nahmen auch, was sie unter Humanit\u00e4t und G\u00fcte verstanden, \u00e4u\u00dferst ernst. Sie hatten doch seit Jahrhunderten danach gelechzt, beliebt zu sein. Humanit\u00e4t und G\u00fcte erschien ihnen jetzt der beste Weg zu diesem Ziel. Sie fanden ihn sogar weit bequemer als Heroismus und Rassenlehre.&#8220;<br \/>\n(Franz Werfel 1946 in: &#8222;Stern der Ungeborenen&#8220;)<br \/>\n.<br \/>\n<strong>Mainstreammedien links dominiert<\/strong><br \/>\nDie \u00fcberregionalen Massenmedien (S\u00fcddeutsche, taz, Tagesspiegel, Zeit, Welt, Focus, Spiegel, T-Online) decken 80% der Medienlandschaft in Deutschland ab. Diese 80% (auch als Mainstreammedien bezeichnet) sind \u00fcber die 68er-Nachfahren gr\u00fcnlinks dominiert, ebenso das \u00f6ffentlich-rechtliche Radio+Fernsehen. Die Regionalzeitungen \u00fcbernehmen diese politische Ausrichtung.<br \/>\n===========================================================<\/p>\n<p>&nbsp;<\/p>\n<p><strong>Michael Meyen: Leitmedienrealit\u00e4t jenseits der Wirklichkeit<\/strong><br \/>\n\u201eMeine These w\u00e4re, da\u00df die Wirklichkeit irgendwann durchbricht. Man kann also schon eine Leitmedienrealit\u00e4t konstruieren, die jenseits der Wirklichkeit ist. Aber irgendwann wird sich die Wirklichkeit Platz nehmen. Wirklichkeit ist etwas, das ohne unser Wollen da ist, wo auch kein Journalist etwas dran machen kann. Dieser Krieg wird eine Wirklichkeit haben, die wir in unseren Leitmedien nicht finden, die aber nach einer gewissen Zeit einfach zur Kenntnis genommen werden mu\u00df, wenn es halt dauert mit dem Sieg der Ukraine, den die Leitmedien ja in den ersten Monaten jeden Tag haben vor der T\u00fcr stehen sehen.\u201c<br \/>\nMichael Meyen, Professor f\u00fcr Kommunikationswissenschaften an der TU M\u00fcnchen, auf dem Youtube-Kanal der Journalistin Jasmin Kosubek am 22. 1.2023<\/p>\n<p>&nbsp;<\/p>\n<p><strong>Deutschlandfunk lobt: \u201eWie man eine Pipeline in die Luft jagt\u201c<\/strong><br \/>\n<strong>Die Geister, die ich rief: Gewalt f\u00fcrs Klima<\/strong><br \/>\n<em>Wenn die Zeitungen von den politisch Verantwortlichen selbst einfordern, den \u201eKlimanotstand\u201c auszurufen, dann haben wir den Notstand in den K\u00f6pfen, mit allen Konsequenzen. Und der rechtfertigt inzwischen auch Gewalt \u2013 Stra\u00dfenblockade, Industrie-Sabotage, zerstochene Reifen.<\/em><br \/>\n&#8230; Heute sind alle taz \u2013 und f\u00fchlen sich immer noch oppositionell. Sie liefern nicht nur die intellektuelle Basis f\u00fcr die Militanz, durch ihre Einseitigkeit in der Klimaberichterstattung (im Gegensatz zur weit differenzierteren Wissenschaft). Nein, auch feiern sie obendrein bisweilen unverhohlen diejenigen, die die Gewalt propagieren, selbst Funkh\u00e4user, die nicht unbedingt unter \u201eLinksverdacht\u201c stehen.<br \/>\nDas Buch \u201eWie man eine Pipeline in die Luft jagt\u201c etwa wird im <a href=\"https:\/\/www.freiburg-schwarzwald.de\/blog\/kultur\/medien\/wdr\/\">Deutschlandfunk<\/a> unter der \u00dcberschrift \u201eIntelligente Sabotage f\u00fcr einen radikalen Klimaschutz\u201c durchaus wohlwollend beschrieben: \u201eAndreas Malm schl\u00e4gt eine Arbeitsteilung vor: Die Gem\u00e4\u00dfigten gehen an die Verhandlungstische, w\u00e4hrend die Radikalen Sabotageakte auf fossile Brennstoff-Infrastruktur ver\u00fcben und beispielsweise Pipelines sprengen\u201c, und zitiert den Autor v\u00f6llig unkritisch weiter: Es sei \u201ebesser zu sterben, w\u00e4hrend man die Pipeline in die Luft jagt, als teilnahmslos zu verbrennen\u201c. Das Buch immerhin sei \u201elebendig\u201c geschrieben, lobt der Rezensent \u2013 und zwar des Deutschlandfunks, man stelle sich vor! Aber auch der <a href=\"https:\/\/www.freiburg-schwarzwald.de\/blog\/kultur\/medien\/gez-medien\/\">S\u00fcdwestrundfunk (SWR)<\/a> lobt unterm Strich das Buch, dessen Autor propagiert, man m\u00fcsse \u201eunbedingt antikapitalistisch\u201c vorgehen, auch wenn das \u201eimmer mal die Falschen trifft\u201c. Klar, muss man verstehen. Das Buch sei ein \u201elesenswerter Beitrag zur Klimadebatte\u201c, bekam das SWR-Publikum zu h\u00f6ren.<br \/>\nDas fatale an so einer Entwicklung: Diese propagierte oder zumindest positiv konnotierte Grundstimmung ist nur schwer r\u00fcckholbar, auch wenn sie irgendwann doch mal aus dem Ruder laufen sollte. Auch sollte man ber\u00fccksichtigen, dass durch gnadenlos \u00fcbertriebene Berichterstattung nicht nur scheinbar rationale Argumente f\u00fcr Gewalt (erst gegen Sachen, und dann?) verfangen, sondern wom\u00f6glich auch narzisstische Naturen auf den Plan gerufen werden, sich best\u00e4rkt f\u00fchlen, die allein aus der \u00f6ffentlichen Wirkm\u00e4chtigkeit eigener, spektakul\u00e4rer Aktionen ihr Selbstwertgef\u00fchl ziehen. Lieber sterben, als unt\u00e4tig bleiben\u2026<br \/>\n&#8230; Alles vom 8.2.2022 bitte lesen auf<br \/>\n<a href=\"https:\/\/www.achgut.com\/artikel\/die_geister_die_ich_rief_gewalt_fuers_klima\">https:\/\/www.achgut.com\/artikel\/die_geister_die_ich_rief_gewalt_fuers_klima<\/a><\/p>\n<p>&nbsp;<\/p>\n<p><strong>Warum wir nicht selbst denken d\u00fcrfen &#8211; Missionarsjournalismus<\/strong><br \/>\nDas Ma\u00df aller Dinge ist mittlerweile der Haltungsjournalismus. Noch \u00e4rger treibt es nur der ORF-Geb\u00fchrenfunk. Dort will man das Publikum permanent missionieren. Der neue ORF-General k\u00f6nnte das \u00e4ndern, wenn er wollte \u2013 k\u00f6nnte\u2026<br \/>\nDie Entsetzensschreie und die Hoffnungsseufzer nach der ORF-Wahl waren, so viel l\u00e4sst sich sagen, beide allzu viel L\u00e4rm um nichts \u2013 denn zumindest was die Information des \u00f6ffentlich-rechtlichen Medienunternehmens betrifft, ist eines klar: Es wird sich nichts \u00e4ndern. Und das hat sehr viel mit dem Zustand der Mainstream-Medien in \u00d6sterreich zu tun. Ma\u00df aller Dinge ist mittlerweile der Haltungs-Journalismus. Und weil der ORF immer gern eins draufsetzt, hat er die Steigerungsstufe f\u00fcr sich entdeckt: den Missionarsjournalismus.<br \/>\n&#8230;.<br \/>\nNoch \u00e4rger im Geb\u00fchrenfunk: Dort will man das Publikum missionieren. Man will uns pausenlos bekehren, wie in den d\u00fcstersten Zeiten der Gegenreformation bombardiert man uns mit der \u201ereinen Lehre\u201c. H\u00f6rer, Seher \u2013 in die Knie und bereue, wenn Du immer noch Fleisch isst, Diesel tankst und dem CO2i nicht abschw\u00f6rst, Abschiebungen straff\u00e4lliger Migranten bef\u00fcrwortest, nicht die Regenbogenflagge hisst, kurz: wenn Du die falsche Partei w\u00e4hlst. Und bist Du nicht willig, dann braucht der Missionar Gewalt \u2013 Dauerberieselung mit der richtigen \u201eDenke\u201c (allerdings in falscher Sprache \u2013 gegendert mit Zwangspause, mit der sich die 0,0007 Prozent angesprochen f\u00fchlen sollen, die auf dem Impf-Formular weder m\u00e4nnlich noch weiblich angekreuzt haben).<br \/>\n&#8230; Alles vom 17.8.2021 von Ruth Pauli bitte lesen auf<br \/>\n<a href=\"https:\/\/exxpress.at\/ruth-pauli-warum-wir-nicht-selbst-denken-duerfen\/\">https:\/\/exxpress.at\/ruth-pauli-warum-wir-nicht-selbst-denken-duerfen\/<\/a><br \/>\n.<\/p>\n<p><strong>Medien im Europa im Umbruch vor der Wahl am 26.5.2019<\/strong><br \/>\nEs sind aufregende, hochnerv\u00f6se Zeiten, in denen wir leben:<br \/>\nDie politische Landschaft ist kurz vor den EU-Wahlen in ganz Europa in Bewegung. In Frankreich artikulieren seit Monaten Hunderttausende B\u00fcrger im Rahmen der \u201eGelbwesten-Bewegung\u201c \u00fcberwiegend friedlich den wachsenden Unmut der Mittelschicht \u00fcber die arrogante und abgehobene Politik Macrons. Die Engl\u00e4nder m\u00fchen sich mit ihrem Brexit, in den Niederlanden, Italien, Ost- und Mitteleuropa und auch Deutschland sind Kritiker des Br\u00fcsseler Dirigismus und einer Politik der nationalen Selbstbehauptung auf dem Vormarsch.<br \/>\n.<br \/>\nDie Angst vor einer alternativen, oppositionellen Politik ist bei etablierten Kr\u00e4ften gro\u00df. Wir erleben deshalb im Gegenzug derzeit den Versuch eines propagandistischen linken \u201eRoll-Backs\u201c. Mit Hilfe der absurden \u201eSch\u00fcler-Streiks\u201c l\u00e4uft freitags seit Wochen eine gigantische Kampagne, mit der eine um ihre Pfr\u00fcnde besorgte links-gr\u00fcn dominierte politisch-mediale Klasse hofft, eine andere Agenda zu setzen: Die hysterisch gef\u00fchrte Klimadebatte mit der schwedischen Sch\u00fclerin Greta Thunberg an der Spitze soll Themen an den Rand dr\u00e4ngen, die den B\u00fcrgern unter den N\u00e4geln brennen und \u201epopulistische\u201c Parteien bislang gro\u00df gemacht haben: Massenmigration, innere Sicherheit, Euro- und Schuldenkrise.<br \/>\nWir haben es bei diesem politischen Machtkampf auch mit einem Feldzug der Medien zu tun: Nicht zuf\u00e4llig bem\u00fcht sich die EU, \u00fcber Kontrollma\u00dfnahmen gegen soziale Netzwerke (Facebook, Twitter) und Internet-Kan\u00e4le (Youtube) vorzugehen, immer unter dem Vorwand, \u201eHa\u00dfrede\u201c oder Urheberrechtsverletzungen entgegenzutreten, um in Wahrheit kritische Gegen\u00f6ffentlichkeit zu bremsen.<\/p>\n<p><em><strong>FAZ entl\u00e4\u00dft liberal-konservativen Holger Steltzner<\/strong><\/em><br \/>\nK\u00fcrzlich erreichte uns die Nachricht vom Sturz des \u201eFAZ\u201c-Mitherausgebers Holger Steltzner. Er war einer der letzten, die in der traditionsreichen \u201eFAZ\u201c f\u00fcr eine klare markwirtschaftliche, liberal-konservative Linie standen, der insbesondere durch seine hartn\u00e4ckigen eurokritischen Leitartikel hervorstach und zuletzt in einem ungew\u00f6hnlich scharfen Kommentar die Klimahysterie gei\u00dfelte. Dort schrieb er:<br \/>\n<em>\u201eDie Rettung des Weltklimas hat f\u00fcr gro\u00dfe Teile der deutschen Gesellschaft mittlerweile den Rang einer Ersatzreligion. Darf man noch fragen, welchen Beitrag die extreme Subventionierung von erneuerbarer Energie f\u00fcr das Klima der Erde geleistet hat, angesichts der Tatsache, da\u00df der Aussto\u00df von Kohlendioxid in Deutschland kaum gesunken ist? Oder ist ein Ketzer, wer fragt, ob die eine Billion Euro, mit der hierzulande Steuerzahler und Stromverbraucher Wind-,Solar-, Biogasanlagen und Netze f\u00f6rdern m\u00fcssen (die H\u00e4lfte unserer Staatsverschuldung!), klug investiert wird?\u201c<\/em><br \/>\nOffensichtlich darf man das in etablierten Medien nur schwer fragen. Holger Steltzner wurde am 18. M\u00e4rz bei der \u201eFAZ\u201c als Herausgeber gescha\u00dft. Die L\u00fccke, die die \u201eFAZ\u201c rei\u00dft, wird immer gr\u00f6\u00dfer. Unsere Aufgabe mu\u00df es nun sein, sie konsequent zu f\u00fcllen.<br \/>\nDie \u201eJunge Freiheit\u201c lebt bei allem entscheidend vom Enthusiasmus ihrer Macher, der Mannschaft am Hohenzollerndamm und der guten Autoren, dem Engagement treuer, idealistischer Leser und F\u00f6rderer sowie der Zuversicht, da\u00df sich hartn\u00e4ckiger Einsatz und Freude am offenen, freien Diskurs am Ende durchsetzen. Die Demokratie lebt von der h\u00f6rbaren Breite der Meinungen. Unsere Aufgabe ist es, da\u00df die aus dem Lot geratene Waage wieder ins Gleichgewicht kommt.<br \/>\nEs ist bemerkenswert, wie viele Leser neu zur \u201eJungen Freiheit\u201c seit dem Beginn der Asylkrise und der Grenz\u00f6ffnung 2015 durch Angela Merkel gesto\u00dfen sind. Die f\u00fcr das Desaster der Einwanderungspolitik Verantwortlichen wehren sich \u00fcbrigens, von \u201eGrenz\u00f6ffnung\u201c zu reden. Hier wird auch in den Medien ein Deutungskampf ausgetragen, bei dem B\u00fcrgern vermittelt werden soll, die Grenzen seien doch offen und nicht zu sichern gewesen.<br \/>\n.<br \/>\n<strong><em>Framing-Manual der ARD<\/em><\/strong><br \/>\nIndessen hat die Emp\u00f6rung \u00fcber die tendenzi\u00f6se und selektive Berichterstattung etablierter Medien und insbesondere der \u00f6ffentlich-rechtlichen Sender immer weitere Kreise der Bev\u00f6lkerung erfa\u00dft. Und die etablierten Medien scheinen aus dem Versagen im Folgenden kaum Lehren gezogen zu haben. Auf die wachsende Wut von B\u00fcrgern, f\u00fcr die einseitige und desinformierende Berichterstattung von ARD und ZDF auch noch mit Zwangsgeb\u00fchren zahlen zu m\u00fcssen, reagierte die ARD k\u00fcrzlich mit einem \u201e<a title=\"Framing-Manual der ARD\" href=\"https:\/\/www.freiburg-schwarzwald.de\/blog\/framing-manual-der-ard\/\">Framing-Manual\u201c<\/a>, das es Mitarbeitern der Sendeanstalten erleichtern sollte, die doofen B\u00fcrger mit vorgestanzten Formulierungen in der Manier von Orwells \u201eNeusprech\u201c aus dem Roman \u201e1984\u201c abzuspeisen. Nicolaus Fest stellte in einem Leitartikel in der \u201eJungen Freiheit\u201c dazu treffend fest:<br \/>\n&#8222;Tats\u00e4chlich beweist das \u201eFraming Manual\u201c einmal mehr, wie weit sich die ARD von ihren Aufgaben entfernt hat. Schon der Begriff \u201eFraming\u201c h\u00e4tte die Verantwortlichen skeptisch machen m\u00fcssen. Denn er bedeutet nicht nur \u201eRahmung\u201c im Sinne kontextueller Einbindung, sondern auch doppeltes Spiel und Hinters-Licht-F\u00fchren. Das ist selbst in Zeiten der L\u00fcckenpresse noch immer das klare Gegenteil von Journalismus. (\u2026) Nicht zuf\u00e4llig lautet ein Vorschlag f\u00fcr die Positionierung der ARD:\u201eKontrollierte Demokratie statt jeder, wie er will.\u201c<br \/>\nMan mu\u00df sich den Satz noch einmal auf der Zunge zergehen lassen: \u201eKontrollierte Demokratie statt jeder, wie er will.\u201c Damit sollte laut ARD-\u201eFraming-Manual\u201c allen Ernstes f\u00fcr die \u00f6ffentlich-rechtlichen Medien geworben werden!<\/p>\n<p><em><strong>Relotius &#8211; Haltungsjournalismus<\/strong><\/em><br \/>\nNeben der Selbstentbl\u00f6\u00dfung der GEZ-Anstalten zeigte die Aff\u00e4re um den \u201eSpiegel\u201c-Journalisten Claas Relotius, wie empf\u00e4nglich auch die privatwirtschaftlich finanzierten etablierten Medien f\u00fcr journalistische R\u00e4uberpistolen sind, Hauptsache die \u201eHaltung\u201c stimmt.<br \/>\nWie sich inzwischen herausstellt, ist Relotius kein Einzelfall. Gerade erst flog bei der \u201eS\u00fcddeutschen Zeitung\u201c mit Dirk Gieselmann ein weiterer preisgekr\u00f6nter Journalist auf. Relotius und Gieselmann sind dabei nur die Spitze des Eisberges. Sie wurden enttarnt, weil sie zu dreist und zu haneb\u00fcchen logen. Sie wurden aber, was sie waren, wohl auch, weil ihre Masche in geringeren Dosen zum Alltag nicht nur beim \u201eSpiegel\u201c, sondern in vielen Redaktionen geh\u00f6rt. Was nicht pa\u00dft, wird passend gemacht.<br \/>\nDer Publizist Alexander Wendt ordnet den Fall Relotius treffend ein als Symptom eines \u201eguten medienwirklichkeitsschaffenden und sehr unvielf\u00e4ltigen Milieus\u201c, das Relotiosiaden am laufenden Band produziere. Die erfundenen \u201eHetzjagden\u201c in Chemnitz im vergangenen Jahr waren hierf\u00fcr nur eines von vielen Beispielen. Relotius ist der zur Kenntlichkeit entstellte \u201eHaltungsjournalist\u201c. Georg Restle, Leiter des WDR-Magazins \u201eMonitor\u201c, der sich noch vor kurzem \u00fcber \u201eJournalismus im Neutralit\u00e4tswahn\u201c mokierte (\u201eWarum wir endlich damit auh\u00f6ren sollten, nur abbilden zu wollen, \u2018was ist\u2019.\u201c) \u2013 ist dies inzwischen hoffentlich peinlich.<br \/>\n.<br \/>\nAuch wir als \u201eJunge Freiheit\u201c m\u00fcssen uns indes immer pr\u00fcfen, ob wir abbilden \u201ewas ist\u201c. Wir d\u00fcrfen auch nicht sch\u00f6nreden oder verschleiern, wenn etwas im b\u00fcrgerlichen Lager falsch l\u00e4uft. Die Aufgabe unserer Zeitung ist es, auch hier schonungslos Finger in die Wunden zu legen \u2013 auch wenn es manchmal schmerzt und uns scharfe Kritik einbringt.<br \/>\nMan kann nicht nur in der breiten \u00d6ffentlichkeit (wie Elisabeth Noelle-Neumann es einmal beschrieb) das Wirken einer \u201eSchweigespirale\u201c beobachten \u2013 diese wirkt auch in der eigenen Echokammer: Politisch Gleichgesinnte schotten sich unter Au\u00dfendruck und eines totalit\u00e4re Z\u00fcge tragenden \u201eKampfes gegen Rechts\u201c ab, best\u00e4tigen sich in ihrer Aufrichtigkeit und \u00fcberh\u00f6ren dann immer \u00f6fter radikalere Mi\u00dft\u00f6ne, die sie fr\u00fcher nicht akzeptiert h\u00e4tten. Wir m\u00fcssen die Fenster der Echokammern \u00f6ffnen und die Diskussionen frischer Zugluft aussetzen.<br \/>\nIn diesem Jahr k\u00f6nnten sich die politischen Gewichte weiter verschieben: Mit der EU-Wahl und den folgenden Landtagswahlen in Sachsen, Brandenburg und Th\u00fcringen kann sich die Neusortierung der Parteienlandschaft fortsetzen. Die Aggressivit\u00e4t, mit der auf die Etablierung der AfD reagiert wird, steigerte sich zuletzt mit der Instrumentalisierung des Verfassungsschutzes. 2019 ist das Jahr der Entscheidung. Agiert die AfD klug, dann wird sie trotz scharfem Gegenwind ihre Position weiter ausbauen k\u00f6nnen.<br \/>\n16.4.2019, Dieter Stein, Junge Freiheit, https:\/\/www.junge-freiheit.de<\/p>\n<p>&nbsp;<\/p>\n<p><strong>Medieneinfalt &#8211; vom B\u00fcrger bezahlt<\/strong><br \/>\nHeute ist der B\u00fcrger in der paradoxen Situation, dass er die Meinungseinfalt der \u00f6ffentlichen Medien, also eine einheitliche journalistische Meinung im Namen der Demokratie auch noch selbst bezahlen muss.<br \/>\nDiese Meinungseinfalt kam am deutlichsten in der Medienhysterie des Jahres 2015 zum Ausdruck. Als Merkel grundgesetzwidrig die Grenze \u00f6ffnete (Art. 16a ), wurde dies von einer die Wirklichkeit extrem verzerrende uniformen Meinungsmaschinerie der Medien abgefeiert. Merkel, die eigentlich wie immer nur die Meinung der Leitmedien in die Tat umsetzte, wurde dabei als heilige F\u00fchrerin der Moral inszeniert. Jeder Kritiker wurde als b\u00f6se und unmoralisch gebrandmarkt und auf dem Scheiterhaufen der Medien verbrannt.<br \/>\nWenn sich der einfache Mann auf demokratische Grundwerte besann und kleinlaut zu sagen wagte: Das wird man wohl noch sagen d\u00fcrfen \u2026 dann wurde dies nicht als Hilferuf einer ausgegrenzten Meinung in einer \u201eDemokratie\u201c verstanden, sondern es wurde verlacht, abgewertet und zum medialen Abschuss freigegeben.<br \/>\n&#8230; Alles von Klaus-J\u00fcrgen Gadamer om 24.11.2018 bitte lesen auf<br \/>\n<a href=\"https:\/\/www.tichyseinblick.de\/feuilleton\/medien\/deutschlands-politische-zukunft\/\">https:\/\/www.tichyseinblick.de\/feuilleton\/medien\/deutschlands-politische-zukunft\/<\/a><\/p>\n<p>&nbsp;<\/p>\n<p><strong>Frauendemo B und HH: Medien ignorieren Rechtsverletzungen<\/strong><br \/>\nAls eine der sechs Hauptgefahren f\u00fcr den Weltfrieden, welche auf der Sicherheitskonferenz benannt wurden, ist die Erosion der Institutionen in den westlichen L\u00e4ndern, also Regierungen, Parteien, Gerichte, Medien und Finanzinstitutionen. &#8230; Diese Erosion der Institutionen nimmt bei uns momentan enorme Fahrt auf. Anschauliches Beispiel f\u00fcr die Erosion der Institutionen ist die verhinderte <a title=\"Frauen-Demo \u2013 Berlin Kandel\" href=\"https:\/\/www.freiburg-schwarzwald.de\/blog\/frauen-demo-berlin-kandel\/\">Demonstration f\u00fcr Frauenrechte in Berlin<\/a>. Am letzten Samstag, den 17.02.2018, setzte sich eine angemeldete Demonstration in Richtung Bundeskanzleramt in Marsch. Aufgrund von massiven Blockaden von spontanen Gegendemonstranten wurde sie abgebrochen, denn die Polizei gew\u00e4hrleistete nicht das Demonstrationsrecht.<br \/>\n<strong>Keines der Medien, die von ihren Kritikern als \u201eMainstreammedien\u201c bezeichnet werden, thematisiert die mitten in Berlin stattfindende Menschenrechtsverletzung<\/strong>, stattdessen werden die Teilnehmer der Demonstration \u201ein die rechte Ecke gestellt\u201c, das Anliegen der Demonstration wird marginalisiert, indem die Teilnehmerzahlen niedrig gesch\u00e4tzt werden. In einem Fall wird sogar eine Teilnehmerin im Bild dargestellt und durch Fantasien des Autors l\u00e4cherlich gemacht \u2013 es wird die ganze Trickkiste eingesetzt, um das legitime Anliegen von Mitb\u00fcrgern zu diskreditieren und ihren Willen zu brechen, zuk\u00fcnftig von ihrem Recht auf freie Meinungs\u00e4u\u00dferung und Versammlungsfreiheit Gebrauch zu machen. &#8230; Alles vom 21.2.2018 von Annette Heinisch bitte lesen auf<br \/>\n<a href=\"https:\/\/www.achgut.com\/artikel\/die_rote_linie_bin_ich\">https:\/\/www.achgut.com\/artikel\/die_rote_linie_bin_ich<\/a><br \/>\n<strong>In Hannah Arendts Buch \u201cElemente und Urspr\u00fcnge totaler Herrschaft\u201d<\/strong><br \/>\nliest sich &#8211; nicht nur &#8211; das Kapitel \u201cDas zeitweilige B\u00fcndnis zwischen Mob und Elite\u201d wie eine Analyse gegenw\u00e4rtiger Zust\u00e4nde. &#8230;<br \/>\nDeutschland ist zum Idiotenstaat verkommen, dank des Merkel-Systems und seiner 87,5%-igen W\u00e4hlerschaft. Und Jahrzehnte sp\u00e4ter war wieder mal keiner dabei\u2026..<br \/>\n21.2.2018, Sofie Lauterbach, AO<br \/>\n.<\/p>\n<p><strong>antifa pro Merkel<\/strong><br \/>\nErneut hat sich die Achse mit diesem Artikel als Supermacht des Qualit\u00e4tsjournalismus\u2019 in Deutschland geadelt! DANKE! Jedoch, welche juristischen Konsequenzen drohen z.B. diesem queeren Berliner Polizeipr\u00e4sidenten-Paar?! Ich bin keine Juristin, aber die Judikative ist doch dazu da, Exekutive und Legislative zu beaufsichtigen und ggf zu sanktionieren, oder sind das anachronistische Weltanschauungen einer \u201cabgeh\u00e4ngten Modernisierungsverweigerin\u201d???<br \/>\n&#8230;.<br \/>\nDie Antifa fungiert als willige Helfershelferin einer CDU-Kanzlerin und des \u201cSystems\u201d. Noch vor 10 Jahren h\u00e4tte niemand ein solches Zukunftsszenario f\u00fcr m\u00f6glich gehalten.<br \/>\n21.2.2018, Svenja gerwing, AO<\/p>\n<p><strong>Nix tun &#8211; beruflicher Werdegang<\/strong><br \/>\nDen Vertretern eines autorit\u00e4ren, antidemokratischen, linken Denkens ist wie \u00fcber Nacht und v\u00f6llig unverhofft ein Teil der Macht in den Scho\u00df gefallen, sozusagen von Merkels und der Medien Gnaden. Dass auch staatliche Institutionen sich dieser neuen Macht beugen, zeigt wie fragil unsere Demokratie in Wirklichkeit noch ist. Wie scheinen in ihr noch gar nicht angekommen zu sein, sind noch tief gepr\u00e4gt von Autorit\u00e4tsh\u00f6rigkeit und Unverst\u00e4ndnis gegen\u00fcber demokratischen Werten. Im Verhalten der Antifa und der Reaktion darauf seitens der Medien, l\u00e4sst Hitler freundlich gr\u00fc\u00dfen. Die Polizei ist ausf\u00fchrendes Organ, die Beamten trifft wohl keine Schuld. Sie sp\u00fcren jedoch den Geist, der aktuell weht und werden sp\u00fcren auf wessen Seite sie sich zu schlagen haben, wollen sie ihren beruflichen Werdegang nicht gef\u00e4hrden. Diesen Geist sp\u00fcren auch Richter, Mitarbeiter in Beh\u00f6rden, \u00c4rzte und eigentlich jeder Bewohner dieses Landes. Ob man sich ihm beugt, steht auf einem anderen Blatt Papier. In solchen Situationen k\u00f6nnen Helden geboren werden, auch wenn \u00fcber sie nicht in der Zeitung berichtet werden wird.<br \/>\n21.2.2018, Werner Arning, AO<\/p>\n<p>&nbsp;<\/p>\n<p>&nbsp;<\/p>\n<p><strong>Ausgewogenheit &#8211; Droh-Mails in Zeitungen \u00fcbernehmen<\/strong><br \/>\nDas Internet ist voll von anonymen <a title=\"Fake-News und Faker\" href=\"https:\/\/www.freiburg-schwarzwald.de\/blog\/fake-news-und-faker\/\">Fakes<\/a>, Hass- und <a title=\"Islamintegration: Fake zur Wahl\" href=\"https:\/\/www.freiburg-schwarzwald.de\/blog\/islamintegration-fake-zur-wahl\/\">Droh-Mails<\/a>. Von Rechts wie von Links. All diesen Mails ist gemeinsam, dass ihre Absender von den politischen R\u00e4ndern stammen, von dem extremen rechten wie dem extremen linken Rand. Wobei es keinen guten oder schlechten Rand gibt, sondern nur b\u00f6sen, primitiven Rand. Zumal der Hass noch anonym gepostet.<br \/>\nDass <a title=\"Zeitung\" href=\"https:\/\/www.freiburg-schwarzwald.de\/blog\/kultur\/medien\/zeitung\/\">seri\u00f6se Zeitungen<\/a> diesen \u00fcblen Mails kein zus\u00e4tzliches Forum durch Ver\u00f6ffentlichung bieten, ist guter althergebrachter Konsens. Wenn die Redaktion der<a title=\"70 Jahre Badische Zeitung \u2013 BZ\" href=\"https:\/\/www.freiburg-schwarzwald.de\/blog\/70-jahre-badische-zeitung-bz\/\"> BZ<\/a>\u00a0in Freiburg davon eine Ausnahme macht und eine rechtsextreme Droh-Mail gegen ihren Chefredakteur Thomas Fricker abdruckt, dann mag dies OK sein, aber man fragt sich zu recht: Wo bleibt die <a title=\"Journalismus \u2013 Regionalzeitung\" href=\"https:\/\/www.freiburg-schwarzwald.de\/blog\/journalismus-regionalzeitung\/\">Ausgewogenheit<\/a>, wo bleibt die linksextreme Droh-Mail gegen Frau Alice Weidel (AfD)? Es ist doch davon auszugehen, dass beide Diskussionspartner, Herr Thomas Fricker und Frau Alice Weidel, <a title=\"Grundgesetz\" href=\"https:\/\/www.freiburg-schwarzwald.de\/blog\/engagement\/zukunft\/demokratie\/grundgesetz\/\">grundgesetz-konforme<\/a> B\u00fcrger unseres Rechtstaates sind.<br \/>\n16.9.2017<\/p>\n<p><strong>Badische Zeitung erstattet Anzeige wegen Droh-Mail<\/strong><br \/>\nNach dem Gespr\u00e4ch mit der AfD-Politikerin Weidel auf dem BZ-Wahltag macht Hetze die Runde. Ein Redaktionsmitglied der Badischen Zeitung erh\u00e4lt anonym eine Todesdrohung. Warum die Redaktion diese ver\u00f6ffentlicht. &#8230;<br \/>\nTats\u00e4chlich ver\u00f6ffentlicht die Redaktion Schm\u00e4hbriefe und Hass-Mails in der Regel nicht \u2013 wir wollen Fanatikern kein Forum bieten. Dass wir im Fall dieses Anonymous eine Ausnahme machen, hat mehrere Gr\u00fcnde. &#8230;.<br \/>\nAlles vom 16.9.2017 bitte lesen auf<br \/>\n<a href=\"https:\/\/www.badische-zeitung.de\/badische-zeitung-erstattet-anzeige-wegen-droh-mail\">https:\/\/www.badische-zeitung.de\/badische-zeitung-erstattet-anzeige-wegen-droh-mail<\/a><\/p>\n<p>Ich habe mir die BZ-Interviews angesehen und fand den Umgang der BZ mit Frau Weidel fair und habe das Ganze als insgesamt ausgewogen empfunden und als eine wohltuende Ausnahme zwischen vielen eher nicht neutral moderierten Veranstaltungen des \u00f6ffentlich-rechtlichen Rundfunks. Herr Fricker und sein Kollege sind souver\u00e4n aufgetreten, wie ich mir guten Journalismus vorstelle. Selbstverst\u00e4ndlich verurteile ich diese Mail und der Absender ist justitiabel zu belangen und zu bestrafen, was anhand der Feststellung der IP-Adresse einfach m\u00f6glich sein sollte. Anhand des Gros der Kommentare sieht man, dass unabh\u00e4ngig davon, dass noch nicht bewiesen ist, ob es sich nicht m\u00f6glicherweise um eine &#8222;false-flag&#8220;-Aktion handelt, die Mail automatisch der AfD zugeordnet und gegen diese instrumentalisiert wird (&#8222;Danke f\u00fcr diesen Beitrag! Einmal mehr zeigt sich, dass diese Weidel und die AfD nicht w\u00e4hlbar sind.&#8220;). Leider ist eine zunehmende Verrohung des politischen Klimas zu konstatieren deren Symptom auch diese Mail ist, von wem auch immer sie stammt, deren Ma\u00dfst\u00e4be nicht prim\u00e4r nur durch die AfD gesetzt werden sondern z.B. durch einen Innenminister, der Menschen als &#8222;Pack&#8220; bezeichnet oder einen Vize einer Regierungspartei der, bis heute ungestraft, \u00f6ffentlich zu Gewalt gegen politische Gegner aufruft:<br \/>\n<a href=\"https:\/\/twitter.com\/ralf_stegner\/status\/729212590874841088?lang=de\">https:\/\/twitter.com\/ralf_stegner\/status\/729212590874841088?lang=de<br \/>\n<\/a>16.9.2017, Hans-Jacob Heidenreich, BZO<br \/>\n.<br \/>\n<strong>Unverantwortlich: AfD-W\u00e4hler mit Droh-Mail gleichsetzen<br \/>\n<\/strong>Selbstverst\u00e4ndlich ist diese Mail v\u00f6llig inakzeptabel. Der Verfasser sollte nicht nur, sondern muss sogar strafrechtlich verfolgt werden. Es ist allerdings nicht in Ordnung, dass die BZ diese Mail dazu verwendet, um die gesamte AfD und ca. 5 Millionen W\u00e4hler daf\u00fcr verantwortlich zu machen und mit dem Verfasser in einen Topf zu werfen.<br \/>\n17.9.2017, Uwe Laiberg, BO<\/p>\n<p>&nbsp;<\/p>\n<p><strong>Der Wandel des sanftm\u00fctigen Komikers Dieter Nuhr<\/strong><br \/>\nSo wie man einen Fu\u00dfballer an Toren, so misst man den Satiriker an seinen Treffern, die Sprachlosigkeit erzeugen m\u00fcssen, keinen Konsens&#8230;..<br \/>\nVorbei die Zeiten deshalb, als das Kabarett noch \u00fcberhaupt Opposition sein wollte, weil die Welt und alles grundverkehrt ist. Nein, nicht vergessen, mahnt er: Wir hatten noch einmal Schwein und wollen nie mehr zu einem solchen verkommen. Diesen alten Trostgottesdienst \u2013 freilich vollkommen s\u00e4kular gestaltet \u2013 zelebriert der von der Islamangst gewendete Nuhr. &#8230;. Alls vom 3.1.2017 bitte lesen auf<br \/>\n<a href=\"https:\/\/www.tichyseinblick.de\/meinungen\/der-wandel-des-sanftmuetigen-komikers-dieter-nuhr\/\">https:\/\/www.tichyseinblick.de\/meinungen\/der-wandel-des-sanftmuetigen-komikers-dieter-nuhr\/<\/a><\/p>\n<p><strong>Angst vor dem Islam<\/strong><br \/>\nIch habe mich w\u00e4hrend des Jahresr\u00fcckblicks gewunden vor Fremdscham. Wo ist die bei\u00dfende, treffende, manchmal auch als ungerecht empfundene Satire, die die M\u00e4chtigen blo\u00dfstellt, tadelt, vorf\u00fchrt. Ich war nicht immer von einem Hildebrandt und seinen politischen Meinungen \u00fcberzeugt aber die Duelle auf hohem intellektuellen Niveau hatten Unterhaltungswert und auf beiden Seiten Gewinner. Denn auch die Kritisierten wussten sich zu helfen. Nicht mit Denunziation, Vulg\u00e4rvokabeln (lesen Sie mal linke Blogs&#8230;) und Verboten sondern mit Erwiderungen oder auch Schweigen wo dies angebrachter ist. Ich glaube Nuhr hat nicht nur Angst vor den von ihm provozierten Islamisten sondern wohl auch vor Jobverlust. Der freie Geist ist bei den \u00d6R wohl gef\u00e4hrdet. Nuhr war mal echt gut&#8230;<br \/>\n4.1.2017, DerBer, TO<br \/>\n.<br \/>\n<strong>Staatskabarettisten<\/strong><br \/>\nDer Wandel von Nuhr im Zeitraum 2015\u20132016 ist mir auch aufgefallen. Vorher: Auch mal Satire gegen Islam\/Islamismus, in alle (!) Richtungen austeilend, halt eben auf keinem Auge blind, erfrischend unkonventionell. Nachher: Mainstream-&#8222;Kabarett&#8220; f\u00fcr schenkelklopfende linksgr\u00fcne Oberstudienr\u00e4te.<br \/>\nIch denke, dass er von der ARD entsprechend eingenordet wurde, anders ist das nicht zu erkl\u00e4ren. Mein Bezeichnungsvorschlag f\u00fcr diese pc-Spa\u00dfv\u00f6gel, die im \u00d6RTV ihre festen Sendungen haben: &#8222;Staatskabarettisten&#8220;. Die wollen halt auch (gut) leben.<br \/>\n4.1.2017, Gerd Dammhirsch, TO<br \/>\n.<br \/>\n<strong>Politisch korrektes Belehren von oben<\/strong><br \/>\nIch mochte Nuhr einmal recht gerne. Damals, als er noch \u00fcber den allt\u00e4glichen, kleinen Wahnsinn referiert hatte, z.B. \u00fcber den Kauf von einem Paar Sportschuhe. Da war er nett und witzig, etwas harmlos, aber unterhaltend. Dann, als er dazu \u00fcberging, Islamisten zu kritisieren und Witze \u00fcber die Jungfrauen im Paradies zu machen, da war er h\u00e4rter, sch\u00e4rfer, nicht mehr Jedermanns Geschmack. Ich denke, er hat das untersch\u00e4tzt, war sich der Gefahr nicht wirklich bewusst, in die er sich damit gebracht hat. Jetzt sehe ich Nuhr nicht mehr, es widert mich an, dieses Belehren von oben und sooo politisch korrekt jetzt. Passend dazu jetzt auch seine G\u00e4ste, immer das gleiche Programm jetzt und die selben Spr\u00fcchlein, schade eigentlich, er hatte mal Wortwitz. Richtig Bissiges gibt es nirgends mehr, wie ausradiert. Soviel zum Thema Satire kann und darf alles. Aber es soll ja B\u00f6hmermann geben, dessen Satire verstehe ich zwar nicht, aber gut, alles muss ich ja nicht verstehen. Ist wohl jetzt eher so modern, F\u00e4kalsprache zu pflegen oder wie Gernot Hassknecht, ganz rot im Gesicht, nur laut und d\u00fcmmlich rumzuschreien. Ist nicht mehr meins, da lese ich lieber ein Buch.<br \/>\n4.1.2017, Marie Christ, TO<br \/>\n.<br \/>\n<strong>Wahrheitsministerium mit Aussenstellen in Hamburg und Mainz<\/strong><br \/>\nWas erwarten Sie von Nuhr? Der arbeitet f\u00fcr die \u00d6R, da hat Kritik an der Regierung und eigenes Denken keinen Platz mehr; siehe Kleber. Bei den \u00d6R wird einem der Schneid und der Selbstrespekt mit viel Geb\u00fchrengeld einfach abgekauft, in Klebers Fall sind die Betr\u00e4ge wohl n\u00f6rdlich einer halben Million. Das was Nuhr seit einiger Zeit so absondert ist weder nachvollziehbar noch lustig, sondern einfach vollst\u00e4ndig daneben. Wir mussten den letztens abschalten, denn man konnte das politikorrekte Geseiere definitiv nicht mehr als f\u00fcnf Minuten ertragen. Gerade sehe ich wieder politkorrekte Unterhaltung im ZDF voll deutschsprechender syrischer Akademiker und all diesem Hirnsch*ss. Wenn man die M\u00f6glichkeit hatte, Merkels &#8222;akademische&#8220; G\u00e4ste (Ausnahmen: siehe Gauss-Kurve; gibts nat\u00fcrlich immer) in ihrem deutschen Habitat kennenzulernen, weiss man, da\u00df es bereits jetzt ein Wahrheitsministerium mit Aussenstellen in Hamburg und Mainz gibt. Und das ist kein Verdacht, sondern Gewissheit.<br \/>\n4.1.2017, T.Pohl, TO<br \/>\n.<br \/>\n<strong>Das deutsche Kabarett ist tot.<\/strong> Wenn zwanghaft um ein Thema, das auch noch die Deutschen am meisten bewegt, ein Bogen gemacht wird, wird es unauthentisch. Wie kastriert. &#8230; Beliebt weil ungef\u00e4hrlich und politisch korrekt: AFD-bashing &#8211; aber nat\u00fcrlich mittlerweile v\u00f6llig abgelutscht. Die Bl\u00f6del-Barden haben zwei Riesenprobleme:<br \/>\n1. Die \u00d6R sind Quasi-Br\u00f6tchengeber u. somit muss der Witz auf Linie sein.<br \/>\n2. Jene Klientel, die genug Stoff her g\u00e4be um sie durch den Kakao zu ziehen, ist relativ humorlos und schnell beleidigt. Medizinische Nachsorge m\u00f6glich &#8230;mindestens&#8230; Fr\u00fcher mochte ich den Nuhr eigentlich, (hab&#8216; sogar ein Buch von ihm) jetzt nicht mehr &#8230;<br \/>\n4,1,2016, Berny, TO<br \/>\n.<br \/>\n<strong>Sowenig Nuhr islamophob ist, umso mehr ist er naziphob.<\/strong> Wie sollte es auch anders sein. Er tritt in den \u00d6R auf. Da muss man schon auf Linie sein. Also Merkeltreu bis in die letzte Kabarettistenzelle. Nur war mal gut. Aber jetzt ist er mit was ihn vermeintlich ausmachte mit nach links gewandert. Und beschimpft diejenigen die jene konservativ liberale L\u00fccke, welche die CDU hinterlassen hat als die b\u00f6sen Rechten. Fr\u00fcher haben Kabarettisten sich an der bestehenden Regierung gerieben. Nichts dergleichen. DDR 2.0. Vermutlich h\u00e4ngt richtig viel Kohle dran. Neben \u00d6R Mainstream, den Mainstream Medien jetzt noch der Mainstream Kabarettist. Gem\u00e4\u00df seinen Mottos kann man sagen: Nuhr f\u00fcr Bl\u00f6de!<br \/>\n4.1.2\u00df17. kostanix, TO<br \/>\n.<br \/>\n<strong>Mainstream hat Nuhr verkommen lassen<\/strong><br \/>\nSehr geehrter Herr Setzer, vielen Dank f\u00fcr diesen \u00fcberf\u00e4lligen Beitrag hier bei TE. Einstmals gro\u00dfartige Kabarettisten &#8211; Dieter Nuhr und auch andere, nicht nur die in diesem Artikel genannten &#8211; verkommen zu Volksbeschimpfern und reihen sich ein in die Kategorie der Politiker, die mit Begriffen wie &#8218;Populisten&#8216;, &#8218;Pack&#8216;, &#8218;Dunkeldeutschland&#8216; u.a. einen Keil in die Gesellschaft zu treiben versuchen. Sie zielen nicht mehr auf die M\u00e4chtigen, wie es ihre eigentliche Aufgabe w\u00e4re, nein, sie zielen auf viele rechtschaffene Menschen in diesem Lande. Deshalb l\u00e4uft ihre Zeit ab. Wenn sie nicht in den \u00d6R arbeiten w\u00fcrden, w\u00e4ren sie wahrscheinlich inzwischen brotlos. Man empfindet nur noch Verachtung sowohl f\u00fcr das Gefl\u00fcster als auch das f\u00fcr das Geschrei! Ich denke, Sie wissen, wen ich meine.<br \/>\n4.1.2017, ernst B, TO<\/p>\n<p>&nbsp;<\/p>\n<p>&nbsp;<\/p>\n<p>&nbsp;<\/p>\n<p><strong>Tichy legt Herausgeberschaft bei Xing News nieder<\/strong><br \/>\nWo ein Ende ist, ist auch ein Anfang. Deutschland braucht auch und gerade im Jahr des Bundestagswahlkampfs kritische und mutige Stimmen. &#8230; Alle vom 9.1.2017 auf<br \/>\n<a href=\"https:\/\/www.tichyseinblick.de\/daili-es-sentials\/roland-tichy-legt-herausgeberschaft-bei-xing-news-nieder\/\">https:\/\/www.tichyseinblick.de\/daili-es-sentials\/roland-tichy-legt-herausgeberschaft-bei-xing-news-nieder\/<\/a><\/p>\n<p><strong>Morddrohung gegen Tichy?<\/strong><br \/>\nNach dem Lesen dieses Textes von Roland Tichy wurde mir zum ersten Mal richtig bewusst, wie ernst die Lage eigentlich ist. Ich bin entsetzt und fassungslos. Das ist kein sportlicher Wettkampf mehr, wie hier einmal von einem Autor beschrieben. Wo es darum geht, dass das gegnerische Team m\u00f6glichst viele Punkte erzielt. Das ist etwas ganz anderes. Das hier ist existenziell. &#8230;.<br \/>\nNein, es geht gegen uns alle. Sie wollen nicht mehr, dass es andere Medien und Meinungen im Internet gibt. Sie f\u00e4nden es wirklich gut, wenn all die kritischen Stimmen verstummen. Sie finden uns &#8222;widerlich&#8220;. Je gebildeter und wohlhabender und j\u00fcnger wir sind, desto schlimmer finden sie uns. Wir sollen alte, h\u00e4ssliche, wei\u00dfe M\u00e4nner in wei\u00dfen Trainingssocken sein, die von Hartz IV leben. Wenn sie sehen, dass wir genauso hip gekleidet sind, genauso leben wie sie, denselben Einrichtungsstil haben, ebenfalls erfolgreich sind und auch kleine Kinder haben &#8211; dass wir aber eine v\u00f6llig andere politische Meinung haben als sie, dann flippen sie aus. Es ist unglaublich. Ich wollte es bisher nicht richtig wahrhaben. Aber es ist so. Sie wollen die Welt in schwarz und wei\u00df einteilen. Sie akzeptieren nicht, dass es Menschen mit einer anderen Meinung gibt. Sie argumentieren noch nicht einmal. Und eine Morddrohung! Wie schrecklich ist das denn! Was sind das f\u00fcr Leute?! W\u00e4ren die denn wirklich gl\u00fccklich, wenn es Tichys Einblick und die anderen wenigen Oppositions-Medien nicht g\u00e4be? Was w\u00e4re dann besser in deren Leben, wenn alle &#8211; alle B\u00fcrger dieses Landes &#8211; dieselbe Meinung und denselben Lebensstil wie sie h\u00e4tten? \u00dcber wen w\u00fcrde sie sich dann aufregen? Wen w\u00fcrden sie dann verachten? Wie w\u00fcrden sie dann polarisieren? Es macht mir Angst, denn ihr ganzes Leben ist bestimmt von einer r\u00fccksichtslosen Vorl\u00e4ufigkeit. Schon morgen sind sie zehn Jahre \u00e4lter und ihre allumfasende Weltmusik ist nur noch ein Echo aus dieser Zeit. Und dann?<br \/>\n9.1.2017, M.Metternich, TO<br \/>\n.<br \/>\n<strong>Linksgr\u00fcne Phantasien beenden<\/strong><br \/>\nsichtig, was gerade hier passiert. F\u00fcr mich sieht es so aus, als ob ein Haufen kleiner Kinder unbedingt ihren Willen durchsetzen wollen, koste es was es wolle. Es wird alles an sozialen Strukturen, die sich die letzten Jahrzehnte, ja sogar Jahrhunderte lang, entwickelt haben, in die Arena der Auseinandersetzung geschmissen. Entwicklung findet in seinen etwas langsameren Prozessen als Evolution statt. Wenns etwas schneller gehen soll haben wir eine Revolution. Aber das was da gerade auf uns zukommt, dass sieht schwer nach B\u00fcrgerkrieg aus. Ein festes, emotionales Weltbild gegen ein Anderes. Und es wird weiter angeheizt. Nicht von Menschen wie Herrn Tichy, sondern einem Klientel welches im Links-Gr\u00fcnen Spektrum fl\u00e4chendeckend vertreten ist.<br \/>\nIch merke es an mir, wie eine Ablehnung in mir w\u00e4chst, die schon t\u00e4gliche Kontrolle ben\u00f6tigt, um nicht in ein Gossenbild abzurutschen.<br \/>\nEs liegt vor den Menschen hier in Deutschland eine grosse Aufgabe.<br \/>\nKonsequent ein gemeinsames Ziel verfolgen, ohne irgendwann sich in eine Raserei treiben zu lassen. Ich denke das die Deutschen gut ger\u00fcstet sind, mit einer schon kulturell zu nennenden Gelassenheit. Aber das Ziel ist nicht nur schwer zu erkennen, ich sehe keins.<br \/>\nWo ist das Ziel auf das wir zusteuern k\u00f6nnten. Seneca hat es als die Orientierungshilfe in st\u00fcrmischen Zeiten angemahnt. Wo ist unser Ziel.<br \/>\nDie Definition linksgr\u00fcner Phantasien zu dem Thema Zukunftsvision kennen wir zur gen\u00fcge, aber was kann der nat\u00fcrliche, umpolitisch- und ideologiefreie Mensch dem entgegensetzen. Ich denke, dass wenn man ein echtes Interesse hat, diesen Wahnsinn zu beenden, dann steht als vorderst auf einer To Do Liste, das definieren einer Allgemein g\u00fcltigen Vision der wir uns als Volk n\u00e4hern wollen &#8211; freiwillig.<br \/>\n9.1.20167, Sadhu, TO<br \/>\n.<br \/>\n<strong>Die gr\u00fcnlinks ideologisierten Etablierten<\/strong><br \/>\nEs sind nicht &#8222;die Menschen&#8220;, die keine Grenzen mehr kennen. Es sind vor allem solche Menschen mit einer ganz speziellen (linken) Ideologie, die sich jetzt mit H\u00e4nden und F\u00fc\u00dfen dagegen wehren, dass immer mehr sich von dieser verr\u00fcckten Ideologie vern\u00fcnftigerweise abwenden. Auf der einen Seite die gr\u00fcnlinks ideologisierten Etablierten, die sie unterst\u00fctzenden Medien und die &#8218;Gutmeinenden&#8216; &#8211; auf der anderen Seite der normale B\u00fcrger, der noch klar denken kann und das nicht will, was ihm t\u00e4glich bis zum Erbrechen indoktriniert werden soll, weil er jeden Tag mit offenen Augen durch die Welt geht (gehen muss). In allerh\u00f6chstem Ma\u00dfe befremdlich in diesem Zusammenhang: die Art und Weise, wie diese linksgr\u00fcnen Ideologen keine Mittel und Wege scheuen, um Andersdenkende aus dem Weg zu r\u00e4umen (im \u00fcbertragenen Sinn)&#8230; obwohl&#8230; wenn es jetzt sogar schon Morddrohungen gibt&#8230;?<br \/>\n89.1.2017, Marin Sch\u00e4fer, TO<\/p>\n<p>.<\/p>\n<p>&nbsp;<\/p>\n<p>&nbsp;<\/p>\n<p><strong>Ex-Stasiinformantin Anetta Kahane und ihre Amadeu Antonio Stiftung<\/strong><br \/>\nWarum hat Justizminister Maas, anstatt die Justiz zu st\u00e4rken, wenn es ein Problem mit Nazipropaganda und Hass im Netz geben sollte, eine \u201eTask Force\u201c installiert, die au\u00dferhalb des Gesetzes nach unbekannten Kriterien willk\u00fcrlich operiert und ihre Phantasieprodukte als ernstzunehmende Recherche \u00f6ffentlich vertreibt? Warum f\u00f6rdert Ministerin Schwesig ein undurchsichtiges Netz von Vereinen, Initiativen, Gruppen und Gr\u00fcppchen im \u201eKampf gegen Rechts\u201c? Wer kontrolliert hier den Geldfluss, und wer unterzieht die \u201eErgebnisse\u201c einer kritischen Kontrolle? Die Stasi war das Schild und das Schwert der SED. Sind die Amadeu-Antonio-Stiftung und ihre zahllosen \u201eKooperationspartner\u201c so etwas wie die Instrumente von Justizminister Maas und Familienministerin Schwesig? Wir werden die Task-Force und ihre Aktivit\u00e4ten im Auge behalten. &#8230; Alles von Vera Lengsfeld vom 11.12.2016 bitte lesen auf<br \/>\n<a href=\"https:\/\/www.achgut.com\/artikel\/kahane_und_friends_das_leben_der_anderen_teil_2\">https:\/\/www.achgut.com\/artikel\/kahane_und_friends_das_leben_der_anderen_teil_2<br \/>\n<\/a>\u00a0 \u00a0.<br \/>\n<strong>&#8222;Kampf gegen Rechts&#8220;-Gelder f\u00fcr die Antifa<\/strong><br \/>\n2017 ist Wahljahr! Dann finden die Bundestagswahl und die Wahl im bev\u00f6lkerungsreichten Bundesland NRW statt. In diesen Wahlen drohen der SPD gro\u00dfe Stimmenverluste. Deshalb werden von Frau Schwesig (SPD) die Mittel f\u00fcr den Kampf gegen Rechts verdoppelt. Dieses Geld flie\u00dft dann den Antifagruppen zu, die den Wahlkampf der AfD st\u00f6ren soll. In Wahrheit ist die Antifa n\u00e4mlich die (von Frau Schweswig) finanzierte Schl\u00e4gertruppe der Bundesregierung, die Angst vor den W\u00e4hlern hat. Wir k\u00f6nnen uns auf ein sehr hartes Wahljahr einrichten. Zust\u00e4nde wie in der Weimarer Republik sind nicht ausgeschlo\u00dfen.<br \/>\n11.12.2016, Will Winzig, AO<br \/>\n.<br \/>\n<strong>Wir sind auf dem besten Weg in die n\u00e4chste Diktatur<\/strong>.<br \/>\nSo f\u00e4ngt es an. Es reicht heute vollkommen, als Nazi bezeichnet zu werden, in dem Sie die Politik und vor allem die \u201cFl\u00fcchtlings\u201d-Politik kritisieren. Alles, was nicht eindeutig links zu verorten ist, wird als \u201cNazi\u201d bezeichnet. Erst mal wird ausgegrenzt, Arbeitgeber benachrichtigt wegen angeblicher \u201cHassmails\u201d gegen Asylanten. Es reicht schon von verst\u00e4rkter Kriminalit\u00e4t von arabischen und afrikanischen Asylanten zu sprechen. Dann geht es einen Schritt weiter und die ersten Kritiker bekommen Geldstrafen, sp\u00e4ter dann Haftstrafen. Wenn das Ganze, Maas, Kahane und deren Finanzierung durch die SPD nicht gestoppt werden, gehen wir langsam aber sicher in die n\u00e4chste Diktatur.<br \/>\n11.12.2016, Mona Riebold, AO<\/p>\n<p>&nbsp;<\/p>\n<p><strong>Anetta Kahane von Amadeu-Stiftung zum Dreisam-Mord im SWR<\/strong><br \/>\nAm 5.12.2016 bei &#8222;Abendschau Baden-W\u00fcrttemberg&#8220; im SWR-Fernsehen. Da wird, man kann es kaum glauben, Anetta Kahane von der <a title=\"Amadeu \u2013 Staat finanziert Zensur\" href=\"https:\/\/www.freiburg-schwarzwald.de\/blog\/amadeu-staat-finanziert-zensur\/\">&#8222;Amadeu-Stiftung&#8220;<\/a> zu der Sache befragt. Und da geht es nur um die &#8222;Instrumentalisierung&#8220; und um die &#8222;Rechtspopulisten&#8220;. Die \u00d6R-Medien k\u00f6nnen kaum noch tiefer sinken!<br \/>\n6.12.2016<br \/>\n.<\/p>\n<p><strong>Deutscher Nachwuchsfilm: Gefangen im linksgr\u00fcnen Zeitgeist<\/strong><br \/>\nDer linksgr\u00fcne Zeitgeist pr\u00e4gt die Werke junger Filmemacher. Das zeigt sich besonders in Arbeiten \u00fcber Fl\u00fcchtlinge und Zuwanderer: Statt kritisch auch die Kehrseiten der massenhaften Migration aufzuzeigen, enthalten die Filme allzuoft nur klischeehafte Propaganda nach dem Motto \u201eedler Fl\u00fcchtling trifft auf bornierte Deutsche\u201c. Die Filmbranche bejubelt solche Pseudokunst und belohnt sie mit Preisen. .. Alles von Saskia Swert vom 12.11.2016 bitte lesen auf<br \/>\n<a href=\"https:\/\/www.achgut.com\/artikel\/nachwuchsfilm_in_deutschland_eine_bestandsaufnahme\">https:\/\/www.achgut.com\/artikel\/nachwuchsfilm_in_deutschland_eine_bestandsaufnahme<\/a><br \/>\n.<\/p>\n<p><strong>Medien haben durch das Internet die Macht \u00fcber den Quelltext verloren<\/strong><br \/>\nDie Medien haben durch das Internet die Macht \u00fcber den Quelltext verloren und anstatt zu alten Tugenden zur\u00fcckzufinden, haben sie dem B\u00fcrger den Krieg erkl\u00e4rt. Wir werden quasi exkommuniziert, wenn wir es wagen, zu widersprechen und mit solch Vokabeln wie &#8222;Pack&#8220;, &#8222;Dunkeldeutsche&#8220;, &#8222;Rassisten&#8220;, etc. bedacht. Es hat schon seinen Grund, wieso Merkel gerade gedroht hat, dass das mit der Freiheit im Netz vorbei ist, wenn wir uns nicht endlich wieder Rom unterwerfen. Aber es ist zu sp\u00e4t. Die Zahnpasta geht nicht mehr zur\u00fcck in die Tube. Die EU-Eliten haben gesehen, dass Trump unter anderem durch unabh\u00e4ngige Nachrichten im Internet an die Macht gekommen ist. Vorne weg Breitbart, dann enorm wichtig war project veritas, die u.a. Wahlbetrug bei den Demokraten aufgedeckt haben, die Podesta-Emails, von denen CNN tats\u00e4chlich sinngem\u00e4\u00df gesagt hat: &#8222;Liebe Zuschauer, seht euch das nicht im Netz an. Erstens ist das illegal beschafft worden, zweitens seid ihr zu doof, um das einordnen zu k\u00f6nnen. Wenn was wichtiges dabei ist, sagen wir euch das schon. Da k\u00f6nnt ihr uns voll und ganz vertrauen. H\u00fcstel.&#8220; Diverse Konservative in den USA nennen die MSM deshalb schon &#8222;The audio-visual department of the Democratic Party&#8220;.<br \/>\nIst bei uns nicht anders. Und es geht dem Ende zu. Unter anderem dank dieser Seite hier. Sch\u00f6n, dass es sie gibt&#8230;&#8230;<br \/>\nDer Faschismus ist wieder in die Redaktionsstuben eingekehrt. Heute hei\u00dft&#8217;s halt eben Nudging. Wenn man Journalisten geraderaus sagt, dass sie Fakten verschweigen sollen, weil das vielleicht Konsequenzen haben k\u00f6nnte, die man nicht will, dann sollte sich der Presserat fragen, ob er denn nicht lieber gleich die PR-Arbeit der Politik machen will.<br \/>\n6.12.2016, T\u00fctel\u00fct, TO<br \/>\n.<br \/>\n<strong>Deutsche Presse im Kampfmodus<\/strong><br \/>\nIn der NZZ war neulich ein guter Artikel zum Zustand der deutschen Presse zu lesen. Der Titel lautete: &#8222;Deutsche Presse im Kampfmodus&#8220;. Genau das st\u00f6\u00dft dem Leser schon seit langem \u00fcbel auf. Es geht nicht um Information sondern um Desinformation, um eine gewisse Ideologie mit Klauen und Z\u00e4hnen zu verteidigen.<br \/>\nEin verbreitetes Vorurteil der fl\u00fcchtlingsreligi\u00f6sen Szene besteht darin, dass diese irgendwie bessere Menschen seien. Wenn ich im Effekt eine negative Berichterstattung unterdr\u00fccke, verst\u00e4rke ich dieses Vorurteil. Was denn nun? Hoffentlich wird immer gepr\u00fcft, ob sich jemand (!) irgendwie gekr\u00e4nkt f\u00fchlen k\u00f6nnte (deshalb nur Gutes \u00fcber den Islam, man wird dort sehr rasch fuchsig). Doch mehr noch: ich bin auch ein jemand, wenn auch nur ein Ungl\u00e4ubiger. So verlange ich von jedem Journalisten, dass er vor jedem Artikel bei mir anfragt, ob ich mich beleidigt oder gekr\u00e4nkt f\u00fchlen k\u00f6nnte. Ja, das tue ich alleine durch diese Anmutung und untersage daher die Publikation. Recht so? Das Wort \u201eFakten\u201c wirkt wie ein Fremdk\u00f6rper, wenn die Berichterstattung \u00fcber Fakten so zielstrebig gehandhabt wird. Und damit nennt man sich \u201eJournalist\u201c? In echt?<br \/>\nDas haben wir in Deutschland doch schon seit 2014 und nat\u00fcrlich viel umfassender Hier die aktuelle Ausgabe: <a href=\"https:\/\/www.neuemedienmacher.de\">https:\/\/www.neuemedienmacher.de<\/a>&#8230;\u00a0Hierzu m\u00f6chte ich die &#8222;Einzelfall-Map&#8220; empfehlen. Einfach mal googlen&#8230;<br \/>\n6.12.2016, B.Bernd, TO<br \/>\n.<br \/>\n<strong>Ard und ZDF im Infowar: \u00d6RF kanalisiert Kommunikation (indirekte Zensur)<\/strong><br \/>\nFalschmeldungen oder Meinungen sind kein Alleinstellungsmerkmal der Internetkommunikation. Der Vorwurf der &#8222;L\u00fcgenpresse&#8220; wurde so durchsetzungsf\u00e4hig, weil er sich auf so viele Beispiele f\u00fcr eklatante Desinformation in &#8222;professionellen&#8220; Medien st\u00fctzen kann. &#8230;..<br \/>\nEs w\u00e4chst dort (im \u00d6RF) die Neigung, die schwierige Kommunikation mit den Menschen anderer Meinung abzubrechen oder nur noch sehr kanalisiert zuzulassen. Wer die eigenen B\u00fcrger aber zu \u201cPack\u201d erkl\u00e4rt oder sie schlicht f\u00fcr zu dumm h\u00e4lt, besch\u00e4digt die vielbeschworene \u201cDebattenkultur\u201d aber sicher mehr als der eine oder andere Internetr\u00fcpel. &#8230;<br \/>\nAlles von Heribert Seifert vom 28.11.2016 bitte lesen auf<br \/>\n<a href=\"https:\/\/www.tichyseinblick.de\/gastbeitrag\/landnahme-im-infowar\/\">https:\/\/www.tichyseinblick.de\/gastbeitrag\/landnahme-im-infowar\/<br \/>\n<\/a>.<\/p>\n<p><strong>L\u00fcgenpresse ist L\u00fcckenpresse<\/strong><br \/>\nIst die Kritik an die etablierten Medien berechtigt oder Paranoia \u00e1 la &#8222;L\u00fcgenpresse\u201c? Die etablierten Medien stecken in einer massiven Glaubw\u00fcrdigkeitskrise. Teile des Publikums proben den Aufstand, \u00f6ffentliche und ver\u00f6ffentlichte Meinung driften auseinander. Nicht nur hierzulande, auch in vielen L\u00e4ndern geraten die angeblichen Leitmedien unter Beschuss. Stein des Ansto\u00dfes sind die Inhalte &#8211; Stichwort &#8222;L\u00fcgenpresse&#8220;. Doch sind L\u00fcgen wirklich das Problem? Ulrich Teusch stellt zwei andere, weit gravierendere Faktoren ins Zentrum seiner Analyse: die Unterdr\u00fcckung wesentlicher Informationen und das Messen mit zweierlei Ma\u00df. Beide Defizite sind in unserem Mediensystem strukturell verankert. Wenn sich daran nichts \u00e4ndert, wird sich das Siechtum der Mainstreammedien fortsetzen. Und der Journalismus, wie wir ihn kannten, wird bald der Vergangenheit angeh\u00f6ren.<br \/>\nSeine zentrale These formuliert Teusch auf Seite 39: \u201eNicht die L\u00fcge kennzeichnet den Mainstream, sondern die L\u00fccke.\u201c Nachrichten im \u201eL\u00fcckenjournalismus\u201c sind gekennzeichnet durch spezifische Gewichtung, tendenzi\u00f6se Bewertung (Doppelmoral) und teilweise gezielte Unterdr\u00fcckung, was durch die g\u00e4ngigen Narrative in den Mainstream-Medien quasi systemimmanent geschieht&#8230;..<br \/>\nLetztendlich ist das auch das Res\u00fcmee am Ende des Buches. Man wird mit der L\u00fcckenpresse leben m\u00fcssen. In Zukunft wird die Macht der Mainstreammedien eher noch zunehmen und sich auf immer weniger Global Player reduzieren, die alle ihre eigenen wirtschaftlichen und politischen Interessen verfolgen. Wer wirklich wissen will, was in der Welt vor sich geht, muss sich aus dem Mainstream die durchaus vorhandenen Gemmen herauspicken, den Rest sehr kritisch hinterfragen (cui bono? Warum wird jetzt gerade vom wem was wie erz\u00e4hlt?) und sich im Internet und ggf auch bei verschiedenen ausl\u00e4ndischen Sendern die erg\u00e4nzenden Informationen beschaffen. Wohl wissend, dass auch dort eine L\u00fcckenpresse existiert, nur halt mit anderen L\u00fccken und einer anderen Agenda.<br \/>\nFazit: Ein wichtiges Buch, das einem ziemlich deutlich erkl\u00e4rt, dass Medienm\u00fcndigkeit und objektive Informationen heutzutage mit eigener Recherchearbeit verbunden sind, und einem nicht mehr in der Tagesschau frei Haus geliefert werden. Vermutlich war das schon immer so, nur ist es einem vor 25 Jahren noch nicht so aufgefallen.<\/p>\n<p><em>Ulrich Teusch: L\u00fcckenpresse: Das Ende des Journalismus, wie wir ihn kannten<\/em><br \/>\n<em>September 2016, 18 Euro<br \/>\n<\/em>\u00a0.<br \/>\n<strong>Diskussionsverweigerung des moralbesoffenen politischen Feudalismus im medialen Mainstream<\/strong><br \/>\nIch h\u00e4tte mir nie vorstellen k\u00f6nnen, dass die repressive Behandlung von kritischen Untertanen (Pack, Dunkeldeutschland) noch zu meinen Lebzeiten die diktatorischen Dimensionen von Romanvorlagen wie &#8222;Farm der Tiere&#8220; , &#8222;1984&#8220; oder gar &#8222;Sch\u00f6ne Neue Welt&#8220; von Auldus Huxley annehmen k\u00f6nnten. Das bedr\u00fcckenste ist jedoch die Tatsache, dass die Mehrzahl unserer B\u00fcrger immer noch gute Miene zum b\u00f6sen Spiel macht. Der Weg auf die Barrikaden &#8211; wenn es um Allgemeingut geht &#8211; ist in Deutschland f\u00fcr den Normalb\u00fcrger so unendlich weit. Der selbstauferlegte Erbschuldkomplex kombiniert mit enormer Obrigkeitsh\u00f6rigkeit sind ein einmaliges deutsches Ph\u00e4nomen. Aufm\u00fcpfige Renitenz und Protestaktivit\u00e4ten entwicklen sich leider immer erst bei pers\u00f6nlicher Betroffenheit. Die aggressive Intoleranz und Diskussionsverweigerung des moralbesoffenen politischen Feudalismus haben deshalb im medialen Mainstream immer noch be\u00e4ngstigend viel Freiraum &#8211; mit geringem Widerspruch&#8230;Ausnahmen wie T.E. sind die verbleibenden Inseln der Hoffnung.<br \/>\n28.11.2016, Wolfgang Degenmeier, TO<br \/>\n.<br \/>\n<strong>Auch Desinformation ist L\u00fcge<\/strong><br \/>\nAuch eine Desinformation muss sich als L\u00fcge bezeichnen lassen, wenn diese Bewusst get\u00e4tigt wird. Und die meisten Medien in Deutschland haben diese Desinformation zu Gunsten Clinton und zum Nachteil von Trump betrieben. Auch bei der Berichterstattung gegen\u00fcber der AfD spielen die Medien keine neutrale Rolle sondern Manipulieren und berichten einseitig und negativ \u00fcber die AfD und stellen Merkel und Konsorten immer ins &#8222;Gute&#8220; Moralische Licht. Auch das ist &#8222;L\u00fcgen&#8220; = Verletzung der neutralen und ausgewogenen Berichterstattung. Die Medien L\u00fcgen sich selbst etwas vor in dem sie sich zum Handlager einer Seite der Politik (Gr\u00fcn-Sozialistischen Merkel Seite) macht.<br \/>\n28.11.2016, Marc Hofmann, TO<br \/>\n.<br \/>\n<strong>Alles ist postfaktisch<\/strong><br \/>\nEs ist wie es ist. Ich pers\u00f6nlich kenne immer mehr Menschen, die sich das \u00d6RF gar nicht mehr antun. Stattdessen streamen sie eben. Die Wirklichkeit findet sowieso jeden Tag auf der Stra\u00dfe statt und nicht im Netz. Zwischenzeitlich l\u00e4uft die alt bew\u00e4hrte Mundpropaganda wieder. Zwischenzeitlich ist es zur Kenntnis aller geworden: Stell dir vor, es passiert eine Straftat\/bzw. eine \u00e4hnliche Handlung und keiner meldet was? Mittlerweile ist es nach meinem pers\u00f6nlichen Erleben Standard bis ins kleinste Dorf. Auch die Leute, die gestern noch meinten, es passiert bei uns nichts, wundern sich allm\u00e4hlich \u00fcber die harte Realit\u00e4t. Ich bin nicht mehr fassungslos. Alles ist postfaktisch. Wenn AM jetzt proklamiert sie werde die Netze besser kontrollieren, dann wird ihr &#8222;Beautragter f\u00fcr die Erfassung der Gestimmtheit der Bev\u00f6lkerung&#8220; eine Messung (Studie, Umfrage whatever) vornehmen und die KanzlerIn aller Zeiten wird Ihre Politik (postfaktisch) korrigieren. Ich denke, es ist unbedingt notwendigt, sich immer wieder vor Augen zu halten, dass AM wirklich sich offenbart hat, mit ihrem &#8222;Postfaktischen Zeitalter&#8220;. Ehrlich gesagt, habe ich das anf\u00e4nglich gar nicht kapiert, erst in dieser Woche habe ich mich damit ausreichen besch\u00e4ftigt. Hoffentlich versteht auch der letzte Hansel diesen Begriff und die Aussage, die dahinter steht bis zur n\u00e4chsten BT Wahl.<br \/>\nMarie Claire Mayer, TO<br \/>\n.<br \/>\nWas ich an mir selber merke: Es ist das Wichtigste, dass man von dem naiv-dummen Glauben an die &#8222;Seriosit\u00e4t der Tagesschau&#8220; (als Beispiel) geheilt wird. Das wird man, wenn man selbst die Einseitigkeit dieser Berichte merkt. Ist man von diesem naiven &#8222;Kinderglauben&#8220; erst einmal abgefallen, gibt es kein Zur\u00fcck mehr. Da nutzt dann auch keine Kontrolle mehr was.<br \/>\nMartin Lederer<br \/>\n.<br \/>\n<strong>Propaganda f\u00fcr n\u00e4chste Fl\u00fcchtlingswelle in 2017<\/strong><br \/>\nAuch Ulich Teusch gibt in seinem Buch &#8222;L\u00fcckenpresse&#8220; die Empfehlung, sich dennoch abundzu diese Propaganda-Sendungen anzutun, denn nur so ist man \u00fcber die neusten Pl\u00e4ne des politisch-weltanschaulichen Gegners im Bilde. Heute waren z.B. die Tagesthemen wieder \u00e4u\u00dferst erhellend: Eine syrische Fl\u00fcchtlingsfamilie mit 5 Kindern lebt in Istanbul. Sie haben jetzt t\u00fcrkisch gelernt, obwohl das f\u00fcr sie nicht leicht war. Der Mann hat auch Arbeit gefunden, doch verdient er mit seiner Arbeit nur 400 \u20ac im Monat, wobei er schon 200 \u20ac f\u00fcr die Miete ausgeben muss. Ganz treuherzig bekannt die Ehefrau: Ja, in Deutschland w\u00e4re das viel besser und viel einfacher. H\u00e4tten wir mehr Geld, w\u00e4ren wir schon dort. Man stelle sich das vor: Die Familie lebt in der T\u00fcrkei in Sicherheit, es ist trocken, es ist warm &#8211; aber in Deutschland w\u00e4re es halt schon besser. Solche anklagenden Berichte w\u00fcrden ohne die entsprechende EInordnung nicht laufen, wenn die deutsche \u00d6ffentlichkeit nicht auf die n\u00e4chste Fl\u00fcchtlingsbewegung vorbereitet werden soll (na gut, Fl\u00fcchtlinge waren das in dem Beitrag juristisch nicht, aber wen st\u00f6rt das schon).<br \/>\nLeitwolf, TO<br \/>\n.<br \/>\n<strong>Weinende Kinder statt Journalistenrecherche<\/strong><br \/>\nVon einem anst\u00e4ndigen Journalismus w\u00fcrde ich in dieser Zeit erwarten, da\u00df sie auf Tr\u00e4nendr\u00fcsenberichte verzichten (am besten noch mit leidenden Babies best\u00fcckt), denn wir wissen, da\u00df es echte leidvolle Schicksale gibt, sondern recherchieren w\u00fcrden, was die Hintergr\u00fcnde dieser unheilvollen Entwicklung sind. Welche Seiten k\u00e4mpfen da in Syrien? Wer will Assad von Thron st\u00fcrzen und warum? Warum unterst\u00fctzen die USA die Islamistenseite? Wer nennt islamistische M\u00f6rder &#8222;Freiheitsk\u00e4mpfer&#8220; und warum? Welche Verbindungen bestehen zwischen Politikern und Islamverb\u00e4nden. Welche Islamdespoten kontrollieren welche Islamverb\u00e4nde hier in D.? Wer finanziert welche Verb\u00e4nde, usw usw. Dass wir dar\u00fcber gar nichts h\u00f6ren, aber uns weinende Kinder mit traurigen Mamis gezeigt werden &#8211; ist sehr aussagekr\u00e4ftig.<br \/>\n28.11.2016, Claudia Wolter, TO<\/p>\n<p>&nbsp;<\/p>\n<p><strong>Mitte-links Presse: Ohne Prophet beten sie zum gleichen Gott<\/strong><br \/>\n396.000 Dollar haben amerikanische Journalisten gem\u00e4ss einer Studie des Center for Public Integrity, eines unabh\u00e4ngigen Thinktanks, in \u00addieser Pr\u00e4sidentschaftswahl gespendet: Davon gingen 382 000 Dollar an Hillary Clinton, das \u00adentspricht 96 Prozent. Fast alle Zeitungen und News-Websites in Amerika haben sich f\u00fcr die demokratische Kandidatin ausgesprochen, fast alle Fernsehsender zogen nach, wenn auch nicht offiziell, selbst der konservative Sender Fox News war gespalten \u2013 und nat\u00fcrlich auch in Europa, wo die Medien noch mehr \u00fcbereinstimmen bei fast jedem Thema, h\u00e4tten alle Hillary bevorzugt. &#8230;<br \/>\nDie 96 Prozent in Amerika f\u00fcr Hillary Clinton deuten es an: Wir Journalisten sind uns zu einig. Der Wettbewerb der Meinungen und das Ringen um das beste Argument, weltanschauliche Differenzen, und zwar echte, tiefe, die wehtun, wenn man sie anspricht, sowie parteipolitisch gepr\u00e4gte unterschiedliche Empfindlichkeiten \u2013 sie kommen fast nicht mehr vor in unserem Milieu. Auf die Schweiz bezogen: Es gibt kaum Journalisten, die SVP \u00adw\u00e4hlen, ein paar Unverdrossene entscheiden sich f\u00fcr die FDP, fast niemand f\u00fcr die CVP, doch die meisten sympathisieren mit der SP, oft w\u00e4hlen sie lieber die Gr\u00fcnen oder die Gr\u00fcnliberalen, weil das etwas origineller wirkt, aber kurz: Sie stehen fast alle Mitte-links, wenn nicht sogar am linken Rand. Ihre Ansichten gleichen sich wie in einer Sekte. Ohne Prophet beten sie zum gleichen Gott. Die Folge davon \u2013 und das ist das Problem, nicht die inhaltlichen Vorlieben an sich \u2013, man erkennt die Welt nicht mehr, wie sie ist. Wer sich in einer Sekte aufh\u00e4lt, sieht sich dauernd von Gleichgesinnten darin best\u00e4tigt, dass zwei plus zwei f\u00fcnf ergibt. Es sind die Blinden, die andere Blinde danach fragen, ob die Sonne scheint. &#8230; Alles vom 12.11.2016 bitte lesen auf<br \/>\n<a href=\"https:\/\/www.achgut.com\/artikel\/die_medien_sind_im_begriff_verbrannt_zu_werden\">https:\/\/www.achgut.com\/artikel\/die_medien_sind_im_begriff_verbrannt_zu_werden<\/a><\/p>\n<p><strong>Deutsche Presse verteufelt Trump (vor der Wahl) und das US-Volk (nachher)<\/strong><br \/>\nMit breiter Brust (trotz schrumpfender Anzeigenverk\u00e4ufe und erh\u00f6hter Medienskepsis unter den Lesern, H\u00f6rern und Zuschauern) waren nahezu alle gro\u00dfen deutschen Medienh\u00e4user Wochen und Monate vor der Wahl angetreten, um ihre einfache Botschaft auch in die letzten Winkel der Bundesrepublik zu posaunen: Trump ist der B\u00f6se, und dieser Fremdenfeind, Schwulenfeind, Frauenfeind wird niemals Pr\u00e4sident. Niemals! &#8230; Nun ist der Frust gro\u00df, was sich wunderbar an einer kleinen Presseschau ablesen l\u00e4sst. So glauben unter anderem Handelsblatt, STERN und SPIEGEL, facebook habe Mitschuld am Wahlergebnis. Und die einstmals liberal-konservative FAZ ist sicher: \u201eSelbst die Gr\u00fcndungsv\u00e4ter h\u00e4tten das nicht kommen sehen\u201c. Nikolaus Blome schreibt in \u201eBild\u201c: \u201eEs w\u00e4re leicht, die Amis jetzt f\u00fcr verr\u00fcckt zu erkl\u00e4ren, denn es ist ja wahr\u201c. W\u00e4hrenddessen emp\u00f6rt sich der Deutschlanfunk, dass die B\u00f6rse &#8211; trotz Trump &#8211; partout nicht ins Chaos st\u00fcrzen will. &#8230; Alles vom 12.11.2016 auf <a href=\"https:\/\/www.achgut.com\/artikel\/das_letzte_aufbaeumen_der_sogenannten_meinungsfuehrer\">https:\/\/www.achgut.com\/artikel\/das_letzte_aufbaeumen_der_sogenannten_meinungsfuehrer<\/a><\/p>\n<p><strong>L\u00fcgenpresse SpOn<\/strong><br \/>\n\u201cAber ganz besonders bezeichnend ist diese Headline von SPIEGEL ONLINE (SpOn): \u201eClinton landesweit mehr Stimmen als Trump\u201c. Eine glatte L\u00fcge, weil SpOn im Artikel selbst einger\u00e4umt hat &#8230;\u201d Und genau deshalb werden derartige Medien als \u201cL\u00fcgenpresse\u201d bezeichnet. Und sie scheinen sich dar\u00fcber auch noch zu wundern und weisen es emp\u00f6rt von sich.<br \/>\n12.11.2016, Torste Bengtsch<br \/>\n.<br \/>\n<strong>Krise der Mainstream-Meinungsmacher<\/strong><br \/>\nGut erkannt und analysiert: Die \u201cKrise\u201d, die wir erleben, ist also weniger eine des politischen Systems von Wahl und Abwahl, denn das funktioniert offenbar doch. Es ist eine Krise der Meinungsmacher, die sich von der Realit\u00e4t abgekoppelt haben und zu 96% dieselben \u00dcberzeugungen vertreten, wie die Baseler Zeitung gerade vorgerechnet hat. Da aber unsere Gesellschaften andere Mehrheitsverh\u00e4ltnisse (nicht 4% zu 96%) aufweisen, wird schnell klar, dass wir eine handfeste Medienkrise haben, da die Medien (mindestens) die H\u00e4lfte der Menschen vors\u00e4tzlich nicht mehr erreichen.<br \/>\n12.11.2016, Joachim Kuhlmann, AO<\/p>\n","protected":false},"excerpt":{"rendered":"<p>Home &gt;Kultur &gt;Medien &gt;Mainstream-Medien Listenauswahl eines Beitrags: Bitte\u00a0anklicken\u00a0oder runterscrollen Thomas Hartung: Die Umwettung der Wahrheit \u2013 zu Medienkampagnen\u00a0(29.7.2026) Arne Sch\u00f6nbohm: BSI-Beamter \u2013 Falschaussage B\u00f6hmermann \u2013 Entlassung\u00a0(24.7.2026) Hetzjagden auf Journalisten\u00a0(6.7.2026) Kontrafunk vier Jahre: Der alternative Mainstream\u00a0(19.6.2026) Enough GB \u2013 Assez F &hellip; <a href=\"https:\/\/www.freiburg-schwarzwald.de\/blog\/kultur\/medien\/mainstream\/\">Weiterlesen <span class=\"meta-nav\">&rarr;<\/span><\/a><\/p>\n","protected":false},"author":2,"featured_media":0,"parent":678,"menu_order":0,"comment_status":"open","ping_status":"closed","template":"","meta":{"footnotes":""},"class_list":["post-63591","page","type-page","status-publish","hentry"],"_links":{"self":[{"href":"https:\/\/www.freiburg-schwarzwald.de\/blog\/wp-json\/wp\/v2\/pages\/63591","targetHints":{"allow":["GET"]}}],"collection":[{"href":"https:\/\/www.freiburg-schwarzwald.de\/blog\/wp-json\/wp\/v2\/pages"}],"about":[{"href":"https:\/\/www.freiburg-schwarzwald.de\/blog\/wp-json\/wp\/v2\/types\/page"}],"author":[{"embeddable":true,"href":"https:\/\/www.freiburg-schwarzwald.de\/blog\/wp-json\/wp\/v2\/users\/2"}],"replies":[{"embeddable":true,"href":"https:\/\/www.freiburg-schwarzwald.de\/blog\/wp-json\/wp\/v2\/comments?post=63591"}],"version-history":[{"count":6,"href":"https:\/\/www.freiburg-schwarzwald.de\/blog\/wp-json\/wp\/v2\/pages\/63591\/revisions"}],"predecessor-version":[{"id":152152,"href":"https:\/\/www.freiburg-schwarzwald.de\/blog\/wp-json\/wp\/v2\/pages\/63591\/revisions\/152152"}],"up":[{"embeddable":true,"href":"https:\/\/www.freiburg-schwarzwald.de\/blog\/wp-json\/wp\/v2\/pages\/678"}],"wp:attachment":[{"href":"https:\/\/www.freiburg-schwarzwald.de\/blog\/wp-json\/wp\/v2\/media?parent=63591"}],"curies":[{"name":"wp","href":"https:\/\/api.w.org\/{rel}","templated":true}]}}