{"id":63100,"date":"2016-10-25T21:05:47","date_gmt":"2016-10-25T19:05:47","guid":{"rendered":"https:\/\/www.freiburg-schwarzwald.de\/blog\/?page_id=63100"},"modified":"2023-03-04T20:54:59","modified_gmt":"2023-03-04T19:54:59","slug":"rosbaum","status":"publish","type":"page","link":"https:\/\/www.freiburg-schwarzwald.de\/blog\/business\/dienste\/immobilien\/wohnen\/rosbaum\/","title":{"rendered":"Rosbaum"},"content":{"rendered":"<p>&nbsp;<\/p>\n<p><strong>Rosbaum<\/strong><\/p>\n<p>&nbsp;<\/p>\n<ul>\n<li>Wohnen ab 2018\/19<\/li>\n<li>Renovierung\/Umbau 10.2016 bis 2018<\/li>\n<\/ul>\n<p>&nbsp;<\/p>\n<p><strong>Wohnen ab 2018\/19<\/strong><\/p>\n<h5><a href=\"https:\/\/www.freiburg-schwarzwald.de\/blog\/business\/dienste\/immobilien\/wohnen\/rosbaum\/rosbaumweg26-20190518\/\" rel=\"attachment wp-att-72475\"><img loading=\"lazy\" decoding=\"async\" class=\"alignnone size-thumbnail wp-image-72475\" src=\"https:\/\/www.freiburg-schwarzwald.de\/blog\/wp-content\/uploads\/2016\/10\/rosbaumweg26-20190518-180x104.jpg\" alt=\"rosbaumweg26-20190518\" width=\"180\" height=\"104\" srcset=\"https:\/\/www.freiburg-schwarzwald.de\/blog\/wp-content\/uploads\/2016\/10\/rosbaumweg26-20190518-180x104.jpg 180w, https:\/\/www.freiburg-schwarzwald.de\/blog\/wp-content\/uploads\/2016\/10\/rosbaumweg26-20190518.jpg 640w\" sizes=\"auto, (max-width: 180px) 100vw, 180px\" \/>\u00a0 <\/a><a href=\"https:\/\/www.freiburg-schwarzwald.de\/blog\/wp-content\/uploads\/2020\/12\/rosbaum-garten-pergola2020dez25.jpg\">\u00a0 \u00a0 \u00a0 \u00a0 \u00a0 <img loading=\"lazy\" decoding=\"async\" class=\"alignnone size-thumbnail wp-image-86229\" src=\"https:\/\/www.freiburg-schwarzwald.de\/blog\/wp-content\/uploads\/2020\/12\/rosbaum-garten-pergola2020dez25-180x135.jpg\" alt=\"\" width=\"180\" height=\"135\" srcset=\"https:\/\/www.freiburg-schwarzwald.de\/blog\/wp-content\/uploads\/2020\/12\/rosbaum-garten-pergola2020dez25-180x135.jpg 180w, https:\/\/www.freiburg-schwarzwald.de\/blog\/wp-content\/uploads\/2020\/12\/rosbaum-garten-pergola2020dez25-640x480.jpg 640w, https:\/\/www.freiburg-schwarzwald.de\/blog\/wp-content\/uploads\/2020\/12\/rosbaum-garten-pergola2020dez25-768x576.jpg 768w, https:\/\/www.freiburg-schwarzwald.de\/blog\/wp-content\/uploads\/2020\/12\/rosbaum-garten-pergola2020dez25.jpg 900w\" sizes=\"auto, (max-width: 180px) 100vw, 180px\" \/><\/a><br \/>\nRosbaumweg 26 am 18.5.2019\u00a0 \u00a0 \u00a0 \u00a0 \u00a0 \u00a0 \u00a0 \u00a0 \u00a0 \u00a0 Gartenpergola 25.12.2020<\/h5>\n<h5><\/h5>\n<h5><a href=\"https:\/\/www.freiburg-schwarzwald.de\/blog\/wp-content\/uploads\/2023\/03\/ros26-zi1ost.jpg\"><img loading=\"lazy\" decoding=\"async\" class=\"alignnone size-thumbnail wp-image-110337\" src=\"https:\/\/www.freiburg-schwarzwald.de\/blog\/wp-content\/uploads\/2023\/03\/ros26-zi1ost-180x135.jpg\" alt=\"\" width=\"180\" height=\"135\" srcset=\"https:\/\/www.freiburg-schwarzwald.de\/blog\/wp-content\/uploads\/2023\/03\/ros26-zi1ost-180x135.jpg 180w, https:\/\/www.freiburg-schwarzwald.de\/blog\/wp-content\/uploads\/2023\/03\/ros26-zi1ost-640x480.jpg 640w, https:\/\/www.freiburg-schwarzwald.de\/blog\/wp-content\/uploads\/2023\/03\/ros26-zi1ost-768x576.jpg 768w, https:\/\/www.freiburg-schwarzwald.de\/blog\/wp-content\/uploads\/2023\/03\/ros26-zi1ost.jpg 800w\" sizes=\"auto, (max-width: 180px) 100vw, 180px\" \/><\/a>\u00a0 \u00a0 \u00a0 \u00a0 \u00a0 <a href=\"https:\/\/www.freiburg-schwarzwald.de\/blog\/wp-content\/uploads\/2023\/03\/ros26-zi1west.jpg\"><img loading=\"lazy\" decoding=\"async\" class=\"alignnone size-thumbnail wp-image-110338\" src=\"https:\/\/www.freiburg-schwarzwald.de\/blog\/wp-content\/uploads\/2023\/03\/ros26-zi1west-180x135.jpg\" alt=\"\" width=\"180\" height=\"135\" srcset=\"https:\/\/www.freiburg-schwarzwald.de\/blog\/wp-content\/uploads\/2023\/03\/ros26-zi1west-180x135.jpg 180w, https:\/\/www.freiburg-schwarzwald.de\/blog\/wp-content\/uploads\/2023\/03\/ros26-zi1west-640x480.jpg 640w, https:\/\/www.freiburg-schwarzwald.de\/blog\/wp-content\/uploads\/2023\/03\/ros26-zi1west-768x576.jpg 768w, https:\/\/www.freiburg-schwarzwald.de\/blog\/wp-content\/uploads\/2023\/03\/ros26-zi1west.jpg 800w\" sizes=\"auto, (max-width: 180px) 100vw, 180px\" \/><\/a><br \/>\nZimmer 1 &#8211; nach Osten\u00a0 \u00a0 \u00a0 \u00a0 \u00a0 \u00a0 \u00a0 \u00a0 \u00a0 \u00a0 \u00a0 \u00a0 \u00a0 \u00a0 \u00a0 \u00a0Zimmer 1 &#8211; nach Westen<\/p>\n<p><a href=\"https:\/\/www.freiburg-schwarzwald.de\/blog\/wp-content\/uploads\/2023\/03\/ros26-zi2ost.jpg\"><img loading=\"lazy\" decoding=\"async\" class=\"alignnone size-thumbnail wp-image-110339\" src=\"https:\/\/www.freiburg-schwarzwald.de\/blog\/wp-content\/uploads\/2023\/03\/ros26-zi2ost-180x135.jpg\" alt=\"\" width=\"180\" height=\"135\" srcset=\"https:\/\/www.freiburg-schwarzwald.de\/blog\/wp-content\/uploads\/2023\/03\/ros26-zi2ost-180x135.jpg 180w, https:\/\/www.freiburg-schwarzwald.de\/blog\/wp-content\/uploads\/2023\/03\/ros26-zi2ost-640x480.jpg 640w, https:\/\/www.freiburg-schwarzwald.de\/blog\/wp-content\/uploads\/2023\/03\/ros26-zi2ost-768x576.jpg 768w, https:\/\/www.freiburg-schwarzwald.de\/blog\/wp-content\/uploads\/2023\/03\/ros26-zi2ost.jpg 900w\" sizes=\"auto, (max-width: 180px) 100vw, 180px\" \/><\/a>\u00a0 \u00a0 \u00a0 \u00a0 \u00a0 <a href=\"https:\/\/www.freiburg-schwarzwald.de\/blog\/wp-content\/uploads\/2023\/03\/ros26-zi2west.jpg\"><img loading=\"lazy\" decoding=\"async\" class=\"alignnone size-thumbnail wp-image-110340\" src=\"https:\/\/www.freiburg-schwarzwald.de\/blog\/wp-content\/uploads\/2023\/03\/ros26-zi2west-180x135.jpg\" alt=\"\" width=\"180\" height=\"135\" srcset=\"https:\/\/www.freiburg-schwarzwald.de\/blog\/wp-content\/uploads\/2023\/03\/ros26-zi2west-180x135.jpg 180w, https:\/\/www.freiburg-schwarzwald.de\/blog\/wp-content\/uploads\/2023\/03\/ros26-zi2west-640x480.jpg 640w, https:\/\/www.freiburg-schwarzwald.de\/blog\/wp-content\/uploads\/2023\/03\/ros26-zi2west-768x576.jpg 768w, https:\/\/www.freiburg-schwarzwald.de\/blog\/wp-content\/uploads\/2023\/03\/ros26-zi2west.jpg 800w\" sizes=\"auto, (max-width: 180px) 100vw, 180px\" \/><\/a><br \/>\nZimmer 2 &#8211; nach Osten\u00a0 \u00a0 \u00a0 \u00a0 \u00a0 \u00a0 \u00a0 \u00a0 \u00a0 \u00a0 \u00a0 \u00a0 \u00a0 \u00a0 \u00a0 Zimmer 2 &#8211; nach Westen<br \/>\n.<br \/>\n<a href=\"https:\/\/www.freiburg-schwarzwald.de\/blog\/wp-content\/uploads\/2023\/03\/ros26-zi3nord.jpg\"><img loading=\"lazy\" decoding=\"async\" class=\"alignnone size-thumbnail wp-image-110341\" src=\"https:\/\/www.freiburg-schwarzwald.de\/blog\/wp-content\/uploads\/2023\/03\/ros26-zi3nord-180x135.jpg\" alt=\"\" width=\"180\" height=\"135\" srcset=\"https:\/\/www.freiburg-schwarzwald.de\/blog\/wp-content\/uploads\/2023\/03\/ros26-zi3nord-180x135.jpg 180w, https:\/\/www.freiburg-schwarzwald.de\/blog\/wp-content\/uploads\/2023\/03\/ros26-zi3nord-640x480.jpg 640w, https:\/\/www.freiburg-schwarzwald.de\/blog\/wp-content\/uploads\/2023\/03\/ros26-zi3nord-768x576.jpg 768w, https:\/\/www.freiburg-schwarzwald.de\/blog\/wp-content\/uploads\/2023\/03\/ros26-zi3nord.jpg 800w\" sizes=\"auto, (max-width: 180px) 100vw, 180px\" \/><\/a>\u00a0 \u00a0 \u00a0 \u00a0 \u00a0 <a href=\"https:\/\/www.freiburg-schwarzwald.de\/blog\/wp-content\/uploads\/2023\/03\/ros26-zi3sued.jpg\"><img loading=\"lazy\" decoding=\"async\" class=\"alignnone size-thumbnail wp-image-110342\" src=\"https:\/\/www.freiburg-schwarzwald.de\/blog\/wp-content\/uploads\/2023\/03\/ros26-zi3sued-180x135.jpg\" alt=\"\" width=\"180\" height=\"135\" srcset=\"https:\/\/www.freiburg-schwarzwald.de\/blog\/wp-content\/uploads\/2023\/03\/ros26-zi3sued-180x135.jpg 180w, https:\/\/www.freiburg-schwarzwald.de\/blog\/wp-content\/uploads\/2023\/03\/ros26-zi3sued-640x480.jpg 640w, https:\/\/www.freiburg-schwarzwald.de\/blog\/wp-content\/uploads\/2023\/03\/ros26-zi3sued-768x576.jpg 768w, https:\/\/www.freiburg-schwarzwald.de\/blog\/wp-content\/uploads\/2023\/03\/ros26-zi3sued.jpg 800w\" sizes=\"auto, (max-width: 180px) 100vw, 180px\" \/><\/a><br \/>\nZimmer 3 &#8211; nach Norden\u00a0 \u00a0 \u00a0 \u00a0 \u00a0 \u00a0 \u00a0 \u00a0 \u00a0 \u00a0 \u00a0 \u00a0 \u00a0 \u00a0 Zimmer 3 &#8211; nach S\u00fcden<br \/>\n.<\/h5>\n<p>&nbsp;<\/p>\n<p><strong>Renovierung\/Umbau 10.2016 bis 2018<\/strong><\/p>\n<h5><a href=\"https:\/\/www.freiburg-schwarzwald.de\/blog\/business\/dienste\/immobilien\/wohnen\/rosbaum\/rosbaum-strasse161013\/\" rel=\"attachment wp-att-63102\"><img loading=\"lazy\" decoding=\"async\" class=\"alignnone size-thumbnail wp-image-63102\" src=\"https:\/\/www.freiburg-schwarzwald.de\/blog\/wp-content\/uploads\/2016\/10\/rosbaum-strasse161013-180x101.jpg\" alt=\"rosbaum-strasse161013\" width=\"180\" height=\"101\" srcset=\"https:\/\/www.freiburg-schwarzwald.de\/blog\/wp-content\/uploads\/2016\/10\/rosbaum-strasse161013-180x101.jpg 180w, https:\/\/www.freiburg-schwarzwald.de\/blog\/wp-content\/uploads\/2016\/10\/rosbaum-strasse161013.jpg 640w\" sizes=\"auto, (max-width: 180px) 100vw, 180px\" \/><\/a>\u00a0 \u00a0 \u00a0 \u00a0 \u00a0\u00a0<a href=\"https:\/\/www.freiburg-schwarzwald.de\/blog\/business\/dienste\/immobilien\/wohnen\/rosbaum\/rosbaum-ostseite161013\/\" rel=\"attachment wp-att-63104\"><img loading=\"lazy\" decoding=\"async\" class=\"alignnone size-thumbnail wp-image-63104\" src=\"https:\/\/www.freiburg-schwarzwald.de\/blog\/wp-content\/uploads\/2016\/10\/rosbaum-ostseite161013-101x180.jpg\" alt=\"rosbaum-ostseite161013\" width=\"101\" height=\"180\" srcset=\"https:\/\/www.freiburg-schwarzwald.de\/blog\/wp-content\/uploads\/2016\/10\/rosbaum-ostseite161013-101x180.jpg 101w, https:\/\/www.freiburg-schwarzwald.de\/blog\/wp-content\/uploads\/2016\/10\/rosbaum-ostseite161013-360x640.jpg 360w, https:\/\/www.freiburg-schwarzwald.de\/blog\/wp-content\/uploads\/2016\/10\/rosbaum-ostseite161013.jpg 562w\" sizes=\"auto, (max-width: 101px) 100vw, 101px\" \/><\/a>\u00a0 \u00a0 \u00a0 \u00a0 \u00a0 \u00a0 \u00a0 \u00a0 \u00a0 \u00a0 \u00a0 \u00a0 \u00a0 \u00a0 \u00a0 \u00a0 \u00a0 \u00a0\u00a0<a href=\"https:\/\/www.freiburg-schwarzwald.de\/blog\/business\/dienste\/immobilien\/wohnen\/rosbaum\/rosbaum-eg-wozi161013\/\" rel=\"attachment wp-att-63105\"><img loading=\"lazy\" decoding=\"async\" class=\"alignnone size-thumbnail wp-image-63105\" src=\"https:\/\/www.freiburg-schwarzwald.de\/blog\/wp-content\/uploads\/2016\/10\/rosbaum-eg-wozi161013-180x101.jpg\" alt=\"rosbaum-eg-wozi161013\" width=\"180\" height=\"101\" srcset=\"https:\/\/www.freiburg-schwarzwald.de\/blog\/wp-content\/uploads\/2016\/10\/rosbaum-eg-wozi161013-180x101.jpg 180w, https:\/\/www.freiburg-schwarzwald.de\/blog\/wp-content\/uploads\/2016\/10\/rosbaum-eg-wozi161013-640x360.jpg 640w, https:\/\/www.freiburg-schwarzwald.de\/blog\/wp-content\/uploads\/2016\/10\/rosbaum-eg-wozi161013.jpg 999w\" sizes=\"auto, (max-width: 180px) 100vw, 180px\" \/><\/a><br \/>\n(1) Strasse Westseite \u00a013.10.2016\u00a0 \u00a0 \u00a0 \u00a0 \u00a0 \u00a0 \u00a0 \u00a0 \u00a0 \u00a0 (2) Garten Ostseite\u00a0 \u00a0 \u00a0 \u00a0 \u00a0 \u00a0 \u00a0 \u00a0 \u00a0 \u00a0 \u00a0 \u00a0 \u00a0 \u00a0 \u00a0 \u00a0(3) EG Wohnzimmer<\/h5>\n<h5><a href=\"https:\/\/www.freiburg-schwarzwald.de\/blog\/business\/dienste\/immobilien\/wohnen\/rosbaum\/rosbaum-keller161013\/\" rel=\"attachment wp-att-63106\"><img loading=\"lazy\" decoding=\"async\" class=\"alignnone size-thumbnail wp-image-63106\" src=\"https:\/\/www.freiburg-schwarzwald.de\/blog\/wp-content\/uploads\/2016\/10\/rosbaum-keller161013-180x101.jpg\" alt=\"rosbaum-keller161013\" width=\"180\" height=\"101\" srcset=\"https:\/\/www.freiburg-schwarzwald.de\/blog\/wp-content\/uploads\/2016\/10\/rosbaum-keller161013-180x101.jpg 180w, https:\/\/www.freiburg-schwarzwald.de\/blog\/wp-content\/uploads\/2016\/10\/rosbaum-keller161013-640x360.jpg 640w, https:\/\/www.freiburg-schwarzwald.de\/blog\/wp-content\/uploads\/2016\/10\/rosbaum-keller161013.jpg 999w\" sizes=\"auto, (max-width: 180px) 100vw, 180px\" \/><\/a>\u00a0 \u00a0 \u00a0 \u00a0 \u00a0\u00a0<a href=\"https:\/\/www.freiburg-schwarzwald.de\/blog\/business\/dienste\/immobilien\/wohnen\/rosbaum\/rosbaum-waschkueche161013\/\" rel=\"attachment wp-att-63107\"><img loading=\"lazy\" decoding=\"async\" class=\"alignnone size-thumbnail wp-image-63107\" src=\"https:\/\/www.freiburg-schwarzwald.de\/blog\/wp-content\/uploads\/2016\/10\/rosbaum-waschkueche161013-180x101.jpg\" alt=\"rosbaum-waschkueche161013\" width=\"180\" height=\"101\" srcset=\"https:\/\/www.freiburg-schwarzwald.de\/blog\/wp-content\/uploads\/2016\/10\/rosbaum-waschkueche161013-180x101.jpg 180w, https:\/\/www.freiburg-schwarzwald.de\/blog\/wp-content\/uploads\/2016\/10\/rosbaum-waschkueche161013-640x360.jpg 640w, https:\/\/www.freiburg-schwarzwald.de\/blog\/wp-content\/uploads\/2016\/10\/rosbaum-waschkueche161013.jpg 999w\" sizes=\"auto, (max-width: 180px) 100vw, 180px\" \/><\/a>\u00a0 \u00a0 \u00a0 \u00a0 \u00a0 \u00a0<a href=\"https:\/\/www.freiburg-schwarzwald.de\/blog\/business\/dienste\/immobilien\/wohnen\/rosbaum\/rosbaum-dg161013\/\" rel=\"attachment wp-att-63108\"><img loading=\"lazy\" decoding=\"async\" class=\"alignnone size-thumbnail wp-image-63108\" src=\"https:\/\/www.freiburg-schwarzwald.de\/blog\/wp-content\/uploads\/2016\/10\/rosbaum-dg161013-180x101.jpg\" alt=\"rosbaum-dg161013\" width=\"180\" height=\"101\" srcset=\"https:\/\/www.freiburg-schwarzwald.de\/blog\/wp-content\/uploads\/2016\/10\/rosbaum-dg161013-180x101.jpg 180w, https:\/\/www.freiburg-schwarzwald.de\/blog\/wp-content\/uploads\/2016\/10\/rosbaum-dg161013-640x360.jpg 640w, https:\/\/www.freiburg-schwarzwald.de\/blog\/wp-content\/uploads\/2016\/10\/rosbaum-dg161013.jpg 999w\" sizes=\"auto, (max-width: 180px) 100vw, 180px\" \/><br \/>\n(<\/a>4) Keller\u00a0 \u00a0 \u00a0 \u00a0 \u00a0 \u00a0 \u00a0 \u00a0 \u00a0 \u00a0 \u00a0 \u00a0 \u00a0 \u00a0 \u00a0 \u00a0 \u00a0 \u00a0 \u00a0 \u00a0 \u00a0 \u00a0 \u00a0 \u00a0 \u00a0 \u00a0 \u00a0 \u00a0 \u00a0 (5) Waschk\u00fcche \u00a0 \u00a0 \u00a0 \u00a0 \u00a0 \u00a0 \u00a0 \u00a0 \u00a0 \u00a0 \u00a0 \u00a0 \u00a0 \u00a0 \u00a0 \u00a0 \u00a0 \u00a0 \u00a0 \u00a0 \u00a0 (6) DG<\/h5>\n<h5><a href=\"https:\/\/www.freiburg-schwarzwald.de\/blog\/reihenhaus-und-wohnungsnot\/rosbaumweg1reihenhaus1610\/\" rel=\"attachment wp-att-63223\"><img loading=\"lazy\" decoding=\"async\" class=\"alignnone size-thumbnail wp-image-63223\" src=\"https:\/\/www.freiburg-schwarzwald.de\/blog\/wp-content\/uploads\/2016\/11\/rosbaumweg1reihenhaus1610-180x135.jpg\" alt=\"rosbaumweg1reihenhaus1610\" width=\"180\" height=\"135\" srcset=\"https:\/\/www.freiburg-schwarzwald.de\/blog\/wp-content\/uploads\/2016\/11\/rosbaumweg1reihenhaus1610-180x135.jpg 180w, https:\/\/www.freiburg-schwarzwald.de\/blog\/wp-content\/uploads\/2016\/11\/rosbaumweg1reihenhaus1610.jpg 640w\" sizes=\"auto, (max-width: 180px) 100vw, 180px\" \/><\/a>\u00a0 \u00a0 \u00a0 \u00a0 \u00a0 \u00a0<a href=\"https:\/\/www.freiburg-schwarzwald.de\/blog\/reihenhaus-und-wohnungsnot\/rosbaumweg-reihenhaus1610\/\" rel=\"attachment wp-att-63222\"><img loading=\"lazy\" decoding=\"async\" class=\"alignnone size-thumbnail wp-image-63222\" src=\"https:\/\/www.freiburg-schwarzwald.de\/blog\/wp-content\/uploads\/2016\/11\/rosbaumweg-reihenhaus1610-180x135.jpg\" alt=\"rosbaumweg-reihenhaus1610\" width=\"180\" height=\"135\" srcset=\"https:\/\/www.freiburg-schwarzwald.de\/blog\/wp-content\/uploads\/2016\/11\/rosbaumweg-reihenhaus1610-180x135.jpg 180w, https:\/\/www.freiburg-schwarzwald.de\/blog\/wp-content\/uploads\/2016\/11\/rosbaumweg-reihenhaus1610.jpg 640w\" sizes=\"auto, (max-width: 180px) 100vw, 180px\" \/><\/a>\u00a0 \u00a0 \u00a0 \u00a0 \u00a0 \u00a0<a href=\"https:\/\/www.freiburg-schwarzwald.de\/blog\/business\/dienste\/immobilien\/wohnen\/rosbaum\/rosbaumweg-anbau1610\/\" rel=\"attachment wp-att-63229\"><img loading=\"lazy\" decoding=\"async\" class=\"alignnone size-thumbnail wp-image-63229\" src=\"https:\/\/www.freiburg-schwarzwald.de\/blog\/wp-content\/uploads\/2016\/10\/rosbaumweg-anbau1610-180x135.jpg\" alt=\"rosbaumweg-anbau1610\" width=\"180\" height=\"135\" srcset=\"https:\/\/www.freiburg-schwarzwald.de\/blog\/wp-content\/uploads\/2016\/10\/rosbaumweg-anbau1610-180x135.jpg 180w, https:\/\/www.freiburg-schwarzwald.de\/blog\/wp-content\/uploads\/2016\/10\/rosbaumweg-anbau1610.jpg 640w\" sizes=\"auto, (max-width: 180px) 100vw, 180px\" \/><\/a><br \/>\n(7) Blick nach Norden\u00a0 \u00a0 \u00a0 \u00a0 \u00a0 \u00a0 \u00a0 \u00a0 \u00a0 \u00a0 \u00a0 \u00a0 \u00a0 \u00a0 \u00a0 (8) Blick nach S\u00fcdwesten\u00a0 \u00a0 \u00a0 \u00a0 \u00a0 \u00a0 \u00a0 \u00a0 \u00a0 \u00a0 \u00a0 \u00a0 \u00a0 \u00a0 \u00a0(9) Anbau 29.10.2016<\/h5>\n<h5><a href=\"https:\/\/www.freiburg-schwarzwald.de\/blog\/business\/dienste\/immobilien\/wohnen\/rosbaum\/rosbaumweg-dg-treppe1701\/\" rel=\"attachment wp-att-64313\"><img loading=\"lazy\" decoding=\"async\" class=\"alignnone size-thumbnail wp-image-64313\" src=\"https:\/\/www.freiburg-schwarzwald.de\/blog\/wp-content\/uploads\/2016\/10\/rosbaumweg-dg-treppe1701-101x180.jpg\" alt=\"rosbaumweg-dg-treppe1701\" width=\"101\" height=\"180\" srcset=\"https:\/\/www.freiburg-schwarzwald.de\/blog\/wp-content\/uploads\/2016\/10\/rosbaumweg-dg-treppe1701-101x180.jpg 101w, https:\/\/www.freiburg-schwarzwald.de\/blog\/wp-content\/uploads\/2016\/10\/rosbaumweg-dg-treppe1701.jpg 360w\" sizes=\"auto, (max-width: 101px) 100vw, 101px\" \/><\/a>\u00a0 \u00a0 \u00a0 \u00a0 \u00a0 \u00a0 \u00a0 \u00a0 \u00a0 \u00a0 \u00a0 \u00a0 \u00a0 \u00a0 \u00a0 \u00a0 \u00a0 \u00a0\u00a0<a href=\"https:\/\/www.freiburg-schwarzwald.de\/blog\/business\/dienste\/immobilien\/wohnen\/rosbaum\/ros-waschkueche170212\/\" rel=\"attachment wp-att-64576\"><img loading=\"lazy\" decoding=\"async\" class=\"alignnone size-thumbnail wp-image-64576\" src=\"https:\/\/www.freiburg-schwarzwald.de\/blog\/wp-content\/uploads\/2016\/10\/ros-waschkueche170212-180x135.jpg\" alt=\"ros-waschkueche170212\" width=\"180\" height=\"135\" srcset=\"https:\/\/www.freiburg-schwarzwald.de\/blog\/wp-content\/uploads\/2016\/10\/ros-waschkueche170212-180x135.jpg 180w, https:\/\/www.freiburg-schwarzwald.de\/blog\/wp-content\/uploads\/2016\/10\/ros-waschkueche170212.jpg 640w\" sizes=\"auto, (max-width: 180px) 100vw, 180px\" \/><\/a>\u00a0 \u00a0 \u00a0 \u00a0 \u00a0\u00a0<a href=\"https:\/\/www.freiburg-schwarzwald.de\/blog\/business\/dienste\/immobilien\/wohnen\/rosbaum\/ros-bodenplatte-bewehrung170219\/\" rel=\"attachment wp-att-64577\"><img loading=\"lazy\" decoding=\"async\" class=\"alignnone size-thumbnail wp-image-64577\" src=\"https:\/\/www.freiburg-schwarzwald.de\/blog\/wp-content\/uploads\/2016\/10\/ros-bodenplatte-bewehrung170219-180x135.jpg\" alt=\"ros-bodenplatte-bewehrung170219\" width=\"180\" height=\"135\" srcset=\"https:\/\/www.freiburg-schwarzwald.de\/blog\/wp-content\/uploads\/2016\/10\/ros-bodenplatte-bewehrung170219-180x135.jpg 180w, https:\/\/www.freiburg-schwarzwald.de\/blog\/wp-content\/uploads\/2016\/10\/ros-bodenplatte-bewehrung170219.jpg 640w\" sizes=\"auto, (max-width: 180px) 100vw, 180px\" \/><\/a><br \/>\n(10) Treppe zum DG\u00a0 \u00a0 \u00a0 \u00a0 \u00a0 \u00a0 \u00a0 \u00a0 \u00a0 \u00a0 \u00a0 \u00a0 \u00a0 \u00a0 \u00a0 \u00a0 \u00a0 \u00a0 \u00a0 (11) Waschk\u00fcche 12.2.017\u00a0 \u00a0 \u00a0 \u00a0 \u00a0 \u00a0 \u00a0 \u00a0 \u00a0 \u00a0 \u00a0 (12) Bewehrung 19.2.2017<\/h5>\n<h5><a href=\"https:\/\/www.freiburg-schwarzwald.de\/blog\/business\/dienste\/immobilien\/wohnen\/rosbaum\/ros-bodenplatte-beton170220\/\" rel=\"attachment wp-att-64578\"><img loading=\"lazy\" decoding=\"async\" class=\"alignnone size-thumbnail wp-image-64578\" src=\"https:\/\/www.freiburg-schwarzwald.de\/blog\/wp-content\/uploads\/2016\/10\/ros-bodenplatte-beton170220-180x135.jpg\" alt=\"ros-bodenplatte-beton170220\" width=\"180\" height=\"135\" srcset=\"https:\/\/www.freiburg-schwarzwald.de\/blog\/wp-content\/uploads\/2016\/10\/ros-bodenplatte-beton170220-180x135.jpg 180w, https:\/\/www.freiburg-schwarzwald.de\/blog\/wp-content\/uploads\/2016\/10\/ros-bodenplatte-beton170220.jpg 640w\" sizes=\"auto, (max-width: 180px) 100vw, 180px\" \/><\/a>\u00a0 \u00a0 \u00a0 \u00a0 \u00a0 \u00a0<a href=\"https:\/\/www.freiburg-schwarzwald.de\/blog\/business\/dienste\/immobilien\/wohnen\/rosbaum\/ros-betonrutsche170218\/\" rel=\"attachment wp-att-64579\"><img loading=\"lazy\" decoding=\"async\" class=\"alignnone size-thumbnail wp-image-64579\" src=\"https:\/\/www.freiburg-schwarzwald.de\/blog\/wp-content\/uploads\/2016\/10\/ros-betonrutsche170218-135x180.jpg\" alt=\"ros-betonrutsche170218\" width=\"135\" height=\"180\" srcset=\"https:\/\/www.freiburg-schwarzwald.de\/blog\/wp-content\/uploads\/2016\/10\/ros-betonrutsche170218-135x180.jpg 135w, https:\/\/www.freiburg-schwarzwald.de\/blog\/wp-content\/uploads\/2016\/10\/ros-betonrutsche170218.jpg 480w\" sizes=\"auto, (max-width: 135px) 100vw, 135px\" \/><\/a>\u00a0 \u00a0 \u00a0 \u00a0 \u00a0 \u00a0 \u00a0 \u00a0 \u00a0 \u00a0 \u00a0 \u00a0 \u00a0<a href=\"https:\/\/www.freiburg-schwarzwald.de\/blog\/business\/dienste\/immobilien\/wohnen\/rosbaum\/ros-abfluss-alt170218\/\" rel=\"attachment wp-att-64580\"><img loading=\"lazy\" decoding=\"async\" class=\"alignnone size-thumbnail wp-image-64580\" src=\"https:\/\/www.freiburg-schwarzwald.de\/blog\/wp-content\/uploads\/2016\/10\/ros-abfluss-alt170218-180x101.jpg\" alt=\"ros-abfluss-alt170218\" width=\"180\" height=\"101\" srcset=\"https:\/\/www.freiburg-schwarzwald.de\/blog\/wp-content\/uploads\/2016\/10\/ros-abfluss-alt170218-180x101.jpg 180w, https:\/\/www.freiburg-schwarzwald.de\/blog\/wp-content\/uploads\/2016\/10\/ros-abfluss-alt170218.jpg 640w\" sizes=\"auto, (max-width: 180px) 100vw, 180px\" \/><\/a><br \/>\n(13) Bodenplatte 20.2.2017\u00a0 \u00a0 \u00a0 \u00a0 \u00a0 \u00a0 \u00a0 \u00a0 \u00a0 \u00a0 \u00a017\u00a0 \u00a0 (14) Betonrutsche 19.2.2017\u00a0 \u00a0 \u00a0 \u00a0 \u00a0 \u00a0 \u00a0 \u00a0 \u00a0 \u00a0(15) Abfluss alt Flur 22.2.2017<\/h5>\n<h5><a href=\"https:\/\/www.freiburg-schwarzwald.de\/blog\/business\/dienste\/immobilien\/wohnen\/rosbaum\/ros-abfluss170220\/\" rel=\"attachment wp-att-64581\"><img loading=\"lazy\" decoding=\"async\" class=\"alignnone size-thumbnail wp-image-64581\" src=\"https:\/\/www.freiburg-schwarzwald.de\/blog\/wp-content\/uploads\/2016\/10\/ros-abfluss170220-180x101.jpg\" alt=\"ros-abfluss170220\" width=\"180\" height=\"101\" srcset=\"https:\/\/www.freiburg-schwarzwald.de\/blog\/wp-content\/uploads\/2016\/10\/ros-abfluss170220-180x101.jpg 180w, https:\/\/www.freiburg-schwarzwald.de\/blog\/wp-content\/uploads\/2016\/10\/ros-abfluss170220.jpg 640w\" sizes=\"auto, (max-width: 180px) 100vw, 180px\" \/><\/a>\u00a0 \u00a0 \u00a0 \u00a0 \u00a0 \u00a0<a href=\"https:\/\/www.freiburg-schwarzwald.de\/blog\/business\/dienste\/immobilien\/wohnen\/rosbaum\/ros-daemmung170316\/\" rel=\"attachment wp-att-64582\"><img loading=\"lazy\" decoding=\"async\" class=\"alignnone size-thumbnail wp-image-64582\" src=\"https:\/\/www.freiburg-schwarzwald.de\/blog\/wp-content\/uploads\/2016\/10\/ros-daemmung170316-180x101.jpg\" alt=\"ros-daemmung170316\" width=\"180\" height=\"101\" srcset=\"https:\/\/www.freiburg-schwarzwald.de\/blog\/wp-content\/uploads\/2016\/10\/ros-daemmung170316-180x101.jpg 180w, https:\/\/www.freiburg-schwarzwald.de\/blog\/wp-content\/uploads\/2016\/10\/ros-daemmung170316.jpg 640w\" sizes=\"auto, (max-width: 180px) 100vw, 180px\" \/><\/a>\u00a0 \u00a0 \u00a0 \u00a0 \u00a0 \u00a0<a href=\"https:\/\/www.freiburg-schwarzwald.de\/blog\/business\/dienste\/immobilien\/wohnen\/rosbaum\/ros-estrich170317\/\" rel=\"attachment wp-att-64583\"><img loading=\"lazy\" decoding=\"async\" class=\"alignnone size-thumbnail wp-image-64583\" src=\"https:\/\/www.freiburg-schwarzwald.de\/blog\/wp-content\/uploads\/2016\/10\/ros-estrich170317-180x101.jpg\" alt=\"ros-estrich170317\" width=\"180\" height=\"101\" srcset=\"https:\/\/www.freiburg-schwarzwald.de\/blog\/wp-content\/uploads\/2016\/10\/ros-estrich170317-180x101.jpg 180w, https:\/\/www.freiburg-schwarzwald.de\/blog\/wp-content\/uploads\/2016\/10\/ros-estrich170317.jpg 640w\" sizes=\"auto, (max-width: 180px) 100vw, 180px\" \/><\/a><br \/>\n(16) Abfluss 23.2.2017\u00a0 \u00a0 \u00a0 \u00a0 \u00a0 \u00a0 \u00a0 \u00a0 \u00a0 \u00a0 \u00a0 \u00a0 \u00a0 \u00a0 \u00a0 \u00a0 \u00a0 \u00a0(17) 5 cm D\u00e4mmung 16.3.2017\u00a0 \u00a0 \u00a0 \u00a0 \u00a0 \u00a0 \u00a0 \u00a0 \u00a0 \u00a0(18) 5 cm Estrich 17.3.2017<\/h5>\n<h5><a href=\"https:\/\/www.freiburg-schwarzwald.de\/blog\/business\/dienste\/immobilien\/wohnen\/rosbaum\/heizoeltank1puscher170508\/\" rel=\"attachment wp-att-64893\"><img loading=\"lazy\" decoding=\"async\" class=\"alignnone size-thumbnail wp-image-64893\" src=\"https:\/\/www.freiburg-schwarzwald.de\/blog\/wp-content\/uploads\/2016\/10\/heizoeltank1puscher170508-101x180.jpg\" alt=\"heizoeltank1puscher170508\" width=\"101\" height=\"180\" srcset=\"https:\/\/www.freiburg-schwarzwald.de\/blog\/wp-content\/uploads\/2016\/10\/heizoeltank1puscher170508-101x180.jpg 101w, https:\/\/www.freiburg-schwarzwald.de\/blog\/wp-content\/uploads\/2016\/10\/heizoeltank1puscher170508.jpg 360w\" sizes=\"auto, (max-width: 101px) 100vw, 101px\" \/><\/a>\u00a0 \u00a0 \u00a0 \u00a0 \u00a0 \u00a0 \u00a0 \u00a0 \u00a0 \u00a0 \u00a0 \u00a0 \u00a0 \u00a0 \u00a0 \u00a0 \u00a0<a href=\"https:\/\/www.freiburg-schwarzwald.de\/blog\/business\/dienste\/immobilien\/wohnen\/rosbaum\/heizoeltank2puscher170508\/\" rel=\"attachment wp-att-64894\"><img loading=\"lazy\" decoding=\"async\" class=\"alignnone size-thumbnail wp-image-64894\" src=\"https:\/\/www.freiburg-schwarzwald.de\/blog\/wp-content\/uploads\/2016\/10\/heizoeltank2puscher170508-101x180.jpg\" alt=\"heizoeltank2puscher170508\" width=\"101\" height=\"180\" srcset=\"https:\/\/www.freiburg-schwarzwald.de\/blog\/wp-content\/uploads\/2016\/10\/heizoeltank2puscher170508-101x180.jpg 101w, https:\/\/www.freiburg-schwarzwald.de\/blog\/wp-content\/uploads\/2016\/10\/heizoeltank2puscher170508.jpg 360w\" sizes=\"auto, (max-width: 101px) 100vw, 101px\" \/><\/a>\u00a0 \u00a0 \u00a0 \u00a0 \u00a0 \u00a0 \u00a0 \u00a0 \u00a0 \u00a0 \u00a0 \u00a0 \u00a0 \u00a0 \u00a0 \u00a0 \u00a0 \u00a0<a href=\"https:\/\/www.freiburg-schwarzwald.de\/blog\/business\/dienste\/immobilien\/wohnen\/rosbaum\/rosbaum-anbau170704\/\" rel=\"attachment wp-att-65105\"><img loading=\"lazy\" decoding=\"async\" class=\"alignnone size-thumbnail wp-image-65105\" src=\"https:\/\/www.freiburg-schwarzwald.de\/blog\/wp-content\/uploads\/2016\/10\/rosbaum-anbau170704-127x180.jpg\" alt=\"rosbaum-anbau170704\" width=\"127\" height=\"180\" srcset=\"https:\/\/www.freiburg-schwarzwald.de\/blog\/wp-content\/uploads\/2016\/10\/rosbaum-anbau170704-127x180.jpg 127w, https:\/\/www.freiburg-schwarzwald.de\/blog\/wp-content\/uploads\/2016\/10\/rosbaum-anbau170704.jpg 454w\" sizes=\"auto, (max-width: 127px) 100vw, 127px\" \/><\/a><br \/>\n(19) Heiz\u00f6ltank demontieren am 8.5.2017\u00a0 \u00a0 \u00a0(20) Schwei\u00dfen\u00a0 \u00a0 \u00a0 \u00a0 \u00a0 \u00a0 \u00a0 \u00a0 \u00a0 \u00a0 \u00a0 \u00a0 \u00a0 \u00a0 \u00a0 (21) Abri\u00df Anbau 6.7.2017<\/h5>\n<h5><a href=\"https:\/\/www.freiburg-schwarzwald.de\/blog\/business\/dienste\/immobilien\/wohnen\/rosbaum\/rosbaum1anbau170705\/\" rel=\"attachment wp-att-65106\"><img loading=\"lazy\" decoding=\"async\" class=\"alignnone size-thumbnail wp-image-65106\" src=\"https:\/\/www.freiburg-schwarzwald.de\/blog\/wp-content\/uploads\/2016\/10\/rosbaum1anbau170705-135x180.jpg\" alt=\"rosbaum1anbau170705\" width=\"135\" height=\"180\" srcset=\"https:\/\/www.freiburg-schwarzwald.de\/blog\/wp-content\/uploads\/2016\/10\/rosbaum1anbau170705-135x180.jpg 135w, https:\/\/www.freiburg-schwarzwald.de\/blog\/wp-content\/uploads\/2016\/10\/rosbaum1anbau170705.jpg 483w\" sizes=\"auto, (max-width: 135px) 100vw, 135px\" \/><\/a>\u00a0 \u00a0 \u00a0 \u00a0 \u00a0 \u00a0 \u00a0 \u00a0 \u00a0 \u00a0 \u00a0 \u00a0 \u00a0\u00a0<a href=\"https:\/\/www.freiburg-schwarzwald.de\/blog\/business\/dienste\/immobilien\/wohnen\/rosbaum\/rosbaum2anbau170708\/\" rel=\"attachment wp-att-65107\"><img loading=\"lazy\" decoding=\"async\" class=\"alignnone size-thumbnail wp-image-65107\" src=\"https:\/\/www.freiburg-schwarzwald.de\/blog\/wp-content\/uploads\/2016\/10\/rosbaum2anbau170708-118x180.jpg\" alt=\"rosbaum2anbau170708\" width=\"118\" height=\"180\" srcset=\"https:\/\/www.freiburg-schwarzwald.de\/blog\/wp-content\/uploads\/2016\/10\/rosbaum2anbau170708-118x180.jpg 118w, https:\/\/www.freiburg-schwarzwald.de\/blog\/wp-content\/uploads\/2016\/10\/rosbaum2anbau170708.jpg 421w\" sizes=\"auto, (max-width: 118px) 100vw, 118px\" \/><\/a>\u00a0 \u00a0 \u00a0 \u00a0 \u00a0 \u00a0 \u00a0 \u00a0 \u00a0 \u00a0 \u00a0 \u00a0 \u00a0 \u00a0 \u00a0<a href=\"https:\/\/www.freiburg-schwarzwald.de\/blog\/business\/dienste\/immobilien\/wohnen\/rosbaum\/rosbaum3anbau170714\/\" rel=\"attachment wp-att-65181\"><img loading=\"lazy\" decoding=\"async\" class=\"alignnone size-thumbnail wp-image-65181\" src=\"https:\/\/www.freiburg-schwarzwald.de\/blog\/wp-content\/uploads\/2016\/10\/rosbaum3anbau170714-135x180.jpg\" alt=\"rosbaum3anbau170714\" width=\"135\" height=\"180\" srcset=\"https:\/\/www.freiburg-schwarzwald.de\/blog\/wp-content\/uploads\/2016\/10\/rosbaum3anbau170714-135x180.jpg 135w, https:\/\/www.freiburg-schwarzwald.de\/blog\/wp-content\/uploads\/2016\/10\/rosbaum3anbau170714-481x640.jpg 481w, https:\/\/www.freiburg-schwarzwald.de\/blog\/wp-content\/uploads\/2016\/10\/rosbaum3anbau170714.jpg 482w\" sizes=\"auto, (max-width: 135px) 100vw, 135px\" \/><\/a><br \/>\n(22) Abri\u00df Anbau \u00a07.7.2017\u00a0 \u00a0 \u00a0 \u00a0 \u00a0 \u00a0 \u00a0 \u00a0 \u00a0 \u00a0 \u00a0 \u00a0 \u00a0(23) Abri\u00df Anbau 8.7.2017\u00a0 \u00a0 \u00a0 \u00a0 \u00a0 \u00a0 \u00a0 \u00a0 \u00a0 \u00a0 (24) Anbau abgerissen 14.7.17<\/h5>\n<h5><a href=\"https:\/\/www.freiburg-schwarzwald.de\/blog\/business\/dienste\/immobilien\/wohnen\/rosbaum\/rosbaum-holzbau1-170929\/\" rel=\"attachment wp-att-65687\"><img loading=\"lazy\" decoding=\"async\" class=\"alignnone size-thumbnail wp-image-65687\" src=\"https:\/\/www.freiburg-schwarzwald.de\/blog\/wp-content\/uploads\/2016\/10\/rosbaum-holzbau1-170929-180x101.jpg\" alt=\"rosbaum-holzbau1-170929\" width=\"180\" height=\"101\" srcset=\"https:\/\/www.freiburg-schwarzwald.de\/blog\/wp-content\/uploads\/2016\/10\/rosbaum-holzbau1-170929-180x101.jpg 180w, https:\/\/www.freiburg-schwarzwald.de\/blog\/wp-content\/uploads\/2016\/10\/rosbaum-holzbau1-170929.jpg 640w\" sizes=\"auto, (max-width: 180px) 100vw, 180px\" \/><\/a>\u00a0 \u00a0 \u00a0 \u00a0 \u00a0\u00a0<a href=\"https:\/\/www.freiburg-schwarzwald.de\/blog\/business\/dienste\/immobilien\/wohnen\/rosbaum\/rosbaum-holzbau2-171010\/\" rel=\"attachment wp-att-65688\"><img loading=\"lazy\" decoding=\"async\" class=\"alignnone size-thumbnail wp-image-65688\" src=\"https:\/\/www.freiburg-schwarzwald.de\/blog\/wp-content\/uploads\/2016\/10\/rosbaum-holzbau2-171010-101x180.jpg\" alt=\"rosbaum-holzbau2-171010\" width=\"101\" height=\"180\" srcset=\"https:\/\/www.freiburg-schwarzwald.de\/blog\/wp-content\/uploads\/2016\/10\/rosbaum-holzbau2-171010-101x180.jpg 101w, https:\/\/www.freiburg-schwarzwald.de\/blog\/wp-content\/uploads\/2016\/10\/rosbaum-holzbau2-171010.jpg 360w\" sizes=\"auto, (max-width: 101px) 100vw, 101px\" \/><\/a>\u00a0 \u00a0 \u00a0 \u00a0 \u00a0 \u00a0 \u00a0 \u00a0 \u00a0 \u00a0 \u00a0 \u00a0 \u00a0 \u00a0 \u00a0 \u00a0 \u00a0 \u00a0<a href=\"https:\/\/www.freiburg-schwarzwald.de\/blog\/business\/dienste\/immobilien\/wohnen\/rosbaum\/rosbaum-holzbau3anbau171010\/\" rel=\"attachment wp-att-65689\"><img loading=\"lazy\" decoding=\"async\" class=\"alignnone size-thumbnail wp-image-65689\" src=\"https:\/\/www.freiburg-schwarzwald.de\/blog\/wp-content\/uploads\/2016\/10\/rosbaum-holzbau3anbau171010-101x180.jpg\" alt=\"rosbaum-holzbau3anbau171010\" width=\"101\" height=\"180\" srcset=\"https:\/\/www.freiburg-schwarzwald.de\/blog\/wp-content\/uploads\/2016\/10\/rosbaum-holzbau3anbau171010-101x180.jpg 101w, https:\/\/www.freiburg-schwarzwald.de\/blog\/wp-content\/uploads\/2016\/10\/rosbaum-holzbau3anbau171010.jpg 360w\" sizes=\"auto, (max-width: 101px) 100vw, 101px\" \/><\/a><br \/>\n(25) Ger\u00fcst Anbau 29.9.2017\u00a0 \u00a0 \u00a0 \u00a0 \u00a0 \u00a0 \u00a0 \u00a0 \u00a0 \u00a0 (26) Anbau Grenzwand 10.10.2017\u00a0 \u00a0(27) Anbau EG W\u00e4nde .<\/h5>\n<h5><a href=\"https:\/\/www.freiburg-schwarzwald.de\/blog\/business\/dienste\/immobilien\/wohnen\/rosbaum\/rosbaum-holzbau4anbau171011\/\" rel=\"attachment wp-att-65690\"><img loading=\"lazy\" decoding=\"async\" class=\"alignnone size-thumbnail wp-image-65690\" src=\"https:\/\/www.freiburg-schwarzwald.de\/blog\/wp-content\/uploads\/2016\/10\/rosbaum-holzbau4anbau171011-101x180.jpg\" alt=\"rosbaum-holzbau4anbau171011\" width=\"101\" height=\"180\" srcset=\"https:\/\/www.freiburg-schwarzwald.de\/blog\/wp-content\/uploads\/2016\/10\/rosbaum-holzbau4anbau171011-101x180.jpg 101w, https:\/\/www.freiburg-schwarzwald.de\/blog\/wp-content\/uploads\/2016\/10\/rosbaum-holzbau4anbau171011.jpg 360w\" sizes=\"auto, (max-width: 101px) 100vw, 101px\" \/><\/a>\u00a0 \u00a0 \u00a0 \u00a0 \u00a0 \u00a0 \u00a0 \u00a0 \u00a0 \u00a0 \u00a0 \u00a0 \u00a0 \u00a0 \u00a0<a href=\"https:\/\/www.freiburg-schwarzwald.de\/blog\/business\/dienste\/immobilien\/wohnen\/rosbaum\/rosbaum-holzbau5anbau171011\/\" rel=\"attachment wp-att-65691\"><img loading=\"lazy\" decoding=\"async\" class=\"alignnone size-thumbnail wp-image-65691\" src=\"https:\/\/www.freiburg-schwarzwald.de\/blog\/wp-content\/uploads\/2016\/10\/rosbaum-holzbau5anbau171011-180x101.jpg\" alt=\"rosbaum-holzbau5anbau171011\" width=\"180\" height=\"101\" srcset=\"https:\/\/www.freiburg-schwarzwald.de\/blog\/wp-content\/uploads\/2016\/10\/rosbaum-holzbau5anbau171011-180x101.jpg 180w, https:\/\/www.freiburg-schwarzwald.de\/blog\/wp-content\/uploads\/2016\/10\/rosbaum-holzbau5anbau171011.jpg 640w\" sizes=\"auto, (max-width: 180px) 100vw, 180px\" \/><\/a>\u00a0 \u00a0 \u00a0 \u00a0 \u00a0\u00a0<a href=\"https:\/\/www.freiburg-schwarzwald.de\/blog\/business\/dienste\/immobilien\/wohnen\/rosbaum\/rosbaum-holzbau6dg-ostwand171012\/\" rel=\"attachment wp-att-65692\"><img loading=\"lazy\" decoding=\"async\" class=\"alignnone size-thumbnail wp-image-65692\" src=\"https:\/\/www.freiburg-schwarzwald.de\/blog\/wp-content\/uploads\/2016\/10\/rosbaum-holzbau6dg-ostwand171012-180x101.jpg\" alt=\"rosbaum-holzbau6dg-ostwand171012\" width=\"180\" height=\"101\" srcset=\"https:\/\/www.freiburg-schwarzwald.de\/blog\/wp-content\/uploads\/2016\/10\/rosbaum-holzbau6dg-ostwand171012-180x101.jpg 180w, https:\/\/www.freiburg-schwarzwald.de\/blog\/wp-content\/uploads\/2016\/10\/rosbaum-holzbau6dg-ostwand171012.jpg 640w\" sizes=\"auto, (max-width: 180px) 100vw, 180px\" \/><\/a><br \/>\n(28) Anbau EG-OG\u00a0 \u00a0 \u00a0 \u00a0 \u00a0 \u00a0 \u00a0 \u00a0 \u00a0 \u00a0 \u00a0 \u00a0 \u00a0 \u00a0 \u00a0 (29) Decke Anbau am 11.10.2017\u00a0 \u00a0 \u00a0 \u00a0 \u00a0 \u00a0 \u00a0 (30) DG &#8211; 1. Wand Ost 12.10.17<\/h5>\n<h5><a href=\"https:\/\/www.freiburg-schwarzwald.de\/blog\/business\/dienste\/immobilien\/wohnen\/rosbaum\/rosbaum-holzbau7dg-nordwand171012\/\" rel=\"attachment wp-att-65693\"><img loading=\"lazy\" decoding=\"async\" class=\"alignnone size-thumbnail wp-image-65693\" src=\"https:\/\/www.freiburg-schwarzwald.de\/blog\/wp-content\/uploads\/2016\/10\/rosbaum-holzbau7dg-nordwand171012-180x101.jpg\" alt=\"rosbaum-holzbau7dg-nordwand171012\" width=\"180\" height=\"101\" srcset=\"https:\/\/www.freiburg-schwarzwald.de\/blog\/wp-content\/uploads\/2016\/10\/rosbaum-holzbau7dg-nordwand171012-180x101.jpg 180w, https:\/\/www.freiburg-schwarzwald.de\/blog\/wp-content\/uploads\/2016\/10\/rosbaum-holzbau7dg-nordwand171012.jpg 640w\" sizes=\"auto, (max-width: 180px) 100vw, 180px\" \/><\/a>\u00a0 \u00a0 \u00a0 \u00a0 \u00a0\u00a0<a href=\"https:\/\/www.freiburg-schwarzwald.de\/blog\/business\/dienste\/immobilien\/wohnen\/rosbaum\/rosbaum-holzbau8dg-gaube171013\/\" rel=\"attachment wp-att-65694\"><img loading=\"lazy\" decoding=\"async\" class=\"alignnone size-thumbnail wp-image-65694\" src=\"https:\/\/www.freiburg-schwarzwald.de\/blog\/wp-content\/uploads\/2016\/10\/rosbaum-holzbau8dg-gaube171013-180x101.jpg\" alt=\"rosbaum-holzbau8dg-gaube171013\" width=\"180\" height=\"101\" srcset=\"https:\/\/www.freiburg-schwarzwald.de\/blog\/wp-content\/uploads\/2016\/10\/rosbaum-holzbau8dg-gaube171013-180x101.jpg 180w, https:\/\/www.freiburg-schwarzwald.de\/blog\/wp-content\/uploads\/2016\/10\/rosbaum-holzbau8dg-gaube171013.jpg 640w\" sizes=\"auto, (max-width: 180px) 100vw, 180px\" \/><\/a>\u00a0 \u00a0 \u00a0 \u00a0 \u00a0\u00a0<strong><a href=\"https:\/\/www.freiburg-schwarzwald.de\/blog\/business\/dienste\/immobilien\/wohnen\/rosbaum\/rosbaum-holzbau9dg-gaubewest171016\/\" rel=\"attachment wp-att-65695\"><img loading=\"lazy\" decoding=\"async\" class=\"alignnone size-thumbnail wp-image-65695\" src=\"https:\/\/www.freiburg-schwarzwald.de\/blog\/wp-content\/uploads\/2016\/10\/rosbaum-holzbau9dg-gaubewest171016-180x101.jpg\" alt=\"rosbaum-holzbau9dg-gaubewest171016\" width=\"180\" height=\"101\" srcset=\"https:\/\/www.freiburg-schwarzwald.de\/blog\/wp-content\/uploads\/2016\/10\/rosbaum-holzbau9dg-gaubewest171016-180x101.jpg 180w, https:\/\/www.freiburg-schwarzwald.de\/blog\/wp-content\/uploads\/2016\/10\/rosbaum-holzbau9dg-gaubewest171016.jpg 640w\" sizes=\"auto, (max-width: 180px) 100vw, 180px\" \/><\/a><br \/>\n<\/strong>(31) Giebelwand Nord\u00a0 \u00a0 \u00a0 \u00a0 \u00a0 \u00a0 \u00a0 \u00a0 \u00a0 \u00a0 \u00a0 \u00a0 \u00a0(32) Gaube Ost 13.10.2017\u00a0 \u00a0 \u00a0 \u00a0 \u00a0 \u00a0 \u00a0 \u00a0 \u00a0 \u00a0 \u00a0 \u00a0 \u00a0 \u00a0 \u00a0(33) Gaube Ost S\u00fcdblick 13.10.2017<\/h5>\n<h5><a href=\"https:\/\/www.freiburg-schwarzwald.de\/blog\/business\/dienste\/immobilien\/wohnen\/rosbaum\/rosbaum-holzbau10dg-giebel171017\/\" rel=\"attachment wp-att-65696\"><img loading=\"lazy\" decoding=\"async\" class=\"alignnone size-thumbnail wp-image-65696\" src=\"https:\/\/www.freiburg-schwarzwald.de\/blog\/wp-content\/uploads\/2016\/10\/rosbaum-holzbau10dg-giebel171017-180x101.jpg\" alt=\"rosbaum-holzbau10dg-giebel171017\" width=\"180\" height=\"101\" srcset=\"https:\/\/www.freiburg-schwarzwald.de\/blog\/wp-content\/uploads\/2016\/10\/rosbaum-holzbau10dg-giebel171017-180x101.jpg 180w, https:\/\/www.freiburg-schwarzwald.de\/blog\/wp-content\/uploads\/2016\/10\/rosbaum-holzbau10dg-giebel171017.jpg 640w\" sizes=\"auto, (max-width: 180px) 100vw, 180px\" \/><\/a>\u00a0 \u00a0 \u00a0 \u00a0 \u00a0\u00a0<a href=\"https:\/\/www.freiburg-schwarzwald.de\/blog\/business\/dienste\/immobilien\/wohnen\/rosbaum\/rosbaum-holzbau11dg-gaube-ost171017\/\" rel=\"attachment wp-att-65697\"><img loading=\"lazy\" decoding=\"async\" class=\"alignnone size-thumbnail wp-image-65697\" src=\"https:\/\/www.freiburg-schwarzwald.de\/blog\/wp-content\/uploads\/2016\/10\/rosbaum-holzbau11dg-gaube-ost171017-101x180.jpg\" alt=\"rosbaum-holzbau11dg-gaube-ost171017\" width=\"101\" height=\"180\" srcset=\"https:\/\/www.freiburg-schwarzwald.de\/blog\/wp-content\/uploads\/2016\/10\/rosbaum-holzbau11dg-gaube-ost171017-101x180.jpg 101w, https:\/\/www.freiburg-schwarzwald.de\/blog\/wp-content\/uploads\/2016\/10\/rosbaum-holzbau11dg-gaube-ost171017.jpg 360w\" sizes=\"auto, (max-width: 101px) 100vw, 101px\" \/><\/a>\u00a0 \u00a0 \u00a0 \u00a0 \u00a0 \u00a0 \u00a0 \u00a0 \u00a0 \u00a0 \u00a0 \u00a0 \u00a0 \u00a0 \u00a0 \u00a0 \u00a0 <a href=\"https:\/\/www.freiburg-schwarzwald.de\/blog\/business\/dienste\/immobilien\/wohnen\/rosbaum\/rosbaum-fassade1ost-balkonhalter171129\/\" rel=\"attachment wp-att-65850\"><img loading=\"lazy\" decoding=\"async\" class=\"alignnone size-thumbnail wp-image-65850\" src=\"https:\/\/www.freiburg-schwarzwald.de\/blog\/wp-content\/uploads\/2016\/10\/rosbaum-fassade1ost-balkonhalter171129-137x180.jpg\" alt=\"rosbaum-fassade1ost-balkonhalter171129\" width=\"137\" height=\"180\" srcset=\"https:\/\/www.freiburg-schwarzwald.de\/blog\/wp-content\/uploads\/2016\/10\/rosbaum-fassade1ost-balkonhalter171129-137x180.jpg 137w, https:\/\/www.freiburg-schwarzwald.de\/blog\/wp-content\/uploads\/2016\/10\/rosbaum-fassade1ost-balkonhalter171129-487x640.jpg 487w, https:\/\/www.freiburg-schwarzwald.de\/blog\/wp-content\/uploads\/2016\/10\/rosbaum-fassade1ost-balkonhalter171129.jpg 561w\" sizes=\"auto, (max-width: 137px) 100vw, 137px\" \/><\/a><br \/>\n(34) Giebel Blick Norden 17.10.2017\u00a0 \u00a0 \u00a0 \u00a0 \u00a0 \u00a0 \u00a0 (35) Gaube Ost 17.10.2017\u00a0 \u00a0 \u00a0 \u00a0 \u00a0 \u00a0 \u00a0 \u00a0 \u00a0 \u00a0 \u00a0(36) Fassade Ost 29.11.17<\/h5>\n<h5><a href=\"https:\/\/www.freiburg-schwarzwald.de\/blog\/business\/dienste\/immobilien\/wohnen\/rosbaum\/rosbaum-fassade2west171129\/\" rel=\"attachment wp-att-65851\"><img loading=\"lazy\" decoding=\"async\" class=\"alignnone size-thumbnail wp-image-65851\" src=\"https:\/\/www.freiburg-schwarzwald.de\/blog\/wp-content\/uploads\/2016\/10\/rosbaum-fassade2west171129-180x134.jpg\" alt=\"rosbaum-fassade2west171129\" width=\"180\" height=\"134\" srcset=\"https:\/\/www.freiburg-schwarzwald.de\/blog\/wp-content\/uploads\/2016\/10\/rosbaum-fassade2west171129-180x134.jpg 180w, https:\/\/www.freiburg-schwarzwald.de\/blog\/wp-content\/uploads\/2016\/10\/rosbaum-fassade2west171129-640x477.jpg 640w, https:\/\/www.freiburg-schwarzwald.de\/blog\/wp-content\/uploads\/2016\/10\/rosbaum-fassade2west171129.jpg 673w\" sizes=\"auto, (max-width: 180px) 100vw, 180px\" \/><\/a>\u00a0 \u00a0 \u00a0 \u00a0 \u00a0\u00a0<a href=\"https:\/\/www.freiburg-schwarzwald.de\/blog\/business\/dienste\/immobilien\/wohnen\/rosbaum\/rosbaum-balkon1-171124\/\" rel=\"attachment wp-att-65937\"><img loading=\"lazy\" decoding=\"async\" class=\"alignnone size-thumbnail wp-image-65937\" src=\"https:\/\/www.freiburg-schwarzwald.de\/blog\/wp-content\/uploads\/2016\/10\/rosbaum-balkon1-171124-101x180.jpg\" alt=\"rosbaum-balkon1-171124\" width=\"101\" height=\"180\" srcset=\"https:\/\/www.freiburg-schwarzwald.de\/blog\/wp-content\/uploads\/2016\/10\/rosbaum-balkon1-171124-101x180.jpg 101w, https:\/\/www.freiburg-schwarzwald.de\/blog\/wp-content\/uploads\/2016\/10\/rosbaum-balkon1-171124.jpg 360w\" sizes=\"auto, (max-width: 101px) 100vw, 101px\" \/><\/a>\u00a0 \u00a0 \u00a0 \u00a0 \u00a0 \u00a0 \u00a0 \u00a0 \u00a0 \u00a0 \u00a0 \u00a0 \u00a0 \u00a0 \u00a0 \u00a0 \u00a0 \u00a0 \u00a0<a href=\"https:\/\/www.freiburg-schwarzwald.de\/blog\/business\/dienste\/immobilien\/wohnen\/rosbaum\/rosbaum-balkon2-171214\/\" rel=\"attachment wp-att-65938\"><img loading=\"lazy\" decoding=\"async\" class=\"alignnone size-thumbnail wp-image-65938\" src=\"https:\/\/www.freiburg-schwarzwald.de\/blog\/wp-content\/uploads\/2016\/10\/rosbaum-balkon2-171214-101x180.jpg\" alt=\"rosbaum-balkon2-171214\" width=\"101\" height=\"180\" srcset=\"https:\/\/www.freiburg-schwarzwald.de\/blog\/wp-content\/uploads\/2016\/10\/rosbaum-balkon2-171214-101x180.jpg 101w, https:\/\/www.freiburg-schwarzwald.de\/blog\/wp-content\/uploads\/2016\/10\/rosbaum-balkon2-171214.jpg 360w\" sizes=\"auto, (max-width: 101px) 100vw, 101px\" \/><\/a><a href=\"https:\/\/www.freiburg-schwarzwald.de\/blog\/business\/dienste\/immobilien\/wohnen\/rosbaum\/rosbaum-fassade2west171129\/\" rel=\"attachment wp-att-65851\"><br \/>\n(<\/a>37) Fassade Nordwest 29.11.17\u00a0 \u00a0 \u00a0 \u00a0 \u00a0 \u00a0 \u00a0(38) Balkonausgang Durchbruch\u00a0 \u00a0 \u00a0 \u00a0 \u00a0 \u00a0 \u00a0 (39) Balkon schwebt ein<\/h5>\n<h5><a href=\"https:\/\/www.freiburg-schwarzwald.de\/blog\/business\/dienste\/immobilien\/wohnen\/rosbaum\/rosbaum-balkon3-171214\/\" rel=\"attachment wp-att-65939\"><img loading=\"lazy\" decoding=\"async\" class=\"alignnone size-thumbnail wp-image-65939\" src=\"https:\/\/www.freiburg-schwarzwald.de\/blog\/wp-content\/uploads\/2016\/10\/rosbaum-balkon3-171214-101x180.jpg\" alt=\"rosbaum-balkon3-171214\" width=\"101\" height=\"180\" srcset=\"https:\/\/www.freiburg-schwarzwald.de\/blog\/wp-content\/uploads\/2016\/10\/rosbaum-balkon3-171214-101x180.jpg 101w, https:\/\/www.freiburg-schwarzwald.de\/blog\/wp-content\/uploads\/2016\/10\/rosbaum-balkon3-171214.jpg 360w\" sizes=\"auto, (max-width: 101px) 100vw, 101px\" \/><\/a>\u00a0 \u00a0 \u00a0 \u00a0 \u00a0 \u00a0 \u00a0 \u00a0 \u00a0 \u00a0 \u00a0 \u00a0 \u00a0 \u00a0 \u00a0<a href=\"https:\/\/www.freiburg-schwarzwald.de\/blog\/business\/dienste\/immobilien\/wohnen\/rosbaum\/rosbaum-balkon4-171214\/\" rel=\"attachment wp-att-65940\"><img loading=\"lazy\" decoding=\"async\" class=\"alignnone size-thumbnail wp-image-65940\" src=\"https:\/\/www.freiburg-schwarzwald.de\/blog\/wp-content\/uploads\/2016\/10\/rosbaum-balkon4-171214-180x132.jpg\" alt=\"rosbaum-balkon4-171214\" width=\"180\" height=\"132\" srcset=\"https:\/\/www.freiburg-schwarzwald.de\/blog\/wp-content\/uploads\/2016\/10\/rosbaum-balkon4-171214-180x132.jpg 180w, https:\/\/www.freiburg-schwarzwald.de\/blog\/wp-content\/uploads\/2016\/10\/rosbaum-balkon4-171214.jpg 640w\" sizes=\"auto, (max-width: 180px) 100vw, 180px\" \/><\/a>\u00a0 \u00a0 \u00a0 \u00a0 \u00a0\u00a0<a href=\"https:\/\/www.freiburg-schwarzwald.de\/blog\/business\/dienste\/immobilien\/wohnen\/rosbaum\/rosbaum1anbau-ug180530\/\" rel=\"attachment wp-att-67522\"><img loading=\"lazy\" decoding=\"async\" class=\"alignnone size-thumbnail wp-image-67522\" src=\"https:\/\/www.freiburg-schwarzwald.de\/blog\/wp-content\/uploads\/2016\/10\/rosbaum1anbau-ug180530-180x135.jpg\" alt=\"rosbaum1anbau-ug180530\" width=\"180\" height=\"135\" srcset=\"https:\/\/www.freiburg-schwarzwald.de\/blog\/wp-content\/uploads\/2016\/10\/rosbaum1anbau-ug180530-180x135.jpg 180w, https:\/\/www.freiburg-schwarzwald.de\/blog\/wp-content\/uploads\/2016\/10\/rosbaum1anbau-ug180530.jpg 640w\" sizes=\"auto, (max-width: 180px) 100vw, 180px\" \/><\/a><br \/>\n(40) Balkon wird angeschraubt\u00a0 \u00a0 \u00a0 \u00a0 \u00a0 (41) Ostseite Balkon14.12.2017\u00a0 \u00a0 \u00a0 \u00a0 \u00a0 \u00a0 \u00a0 \u00a0 (42) Anbau UG 30.5.2018<\/h5>\n<h5><a href=\"https:\/\/www.freiburg-schwarzwald.de\/blog\/business\/dienste\/immobilien\/wohnen\/rosbaum\/rosbaum-suedostseite180530\/\" rel=\"attachment wp-att-67523\"><img loading=\"lazy\" decoding=\"async\" class=\"alignnone size-thumbnail wp-image-67523\" src=\"https:\/\/www.freiburg-schwarzwald.de\/blog\/wp-content\/uploads\/2016\/10\/rosbaum-suedostseite180530-135x180.jpg\" alt=\"rosbaum-suedostseite180530\" width=\"135\" height=\"180\" srcset=\"https:\/\/www.freiburg-schwarzwald.de\/blog\/wp-content\/uploads\/2016\/10\/rosbaum-suedostseite180530-135x180.jpg 135w, https:\/\/www.freiburg-schwarzwald.de\/blog\/wp-content\/uploads\/2016\/10\/rosbaum-suedostseite180530.jpg 480w\" sizes=\"auto, (max-width: 135px) 100vw, 135px\" \/><\/a>\u00a0 \u00a0 \u00a0 \u00a0 \u00a0 \u00a0 \u00a0 \u00a0 \u00a0 \u00a0 \u00a0 \u00a0 \u00a0\u00a0<a href=\"https:\/\/www.freiburg-schwarzwald.de\/blog\/business\/dienste\/immobilien\/wohnen\/rosbaum\/rosbaum-westseite180530\/\" rel=\"attachment wp-att-67524\"><img loading=\"lazy\" decoding=\"async\" class=\"alignnone size-thumbnail wp-image-67524\" src=\"https:\/\/www.freiburg-schwarzwald.de\/blog\/wp-content\/uploads\/2016\/10\/rosbaum-westseite180530-135x180.jpg\" alt=\"rosbaum-westseite180530\" width=\"135\" height=\"180\" srcset=\"https:\/\/www.freiburg-schwarzwald.de\/blog\/wp-content\/uploads\/2016\/10\/rosbaum-westseite180530-135x180.jpg 135w, https:\/\/www.freiburg-schwarzwald.de\/blog\/wp-content\/uploads\/2016\/10\/rosbaum-westseite180530.jpg 480w\" sizes=\"auto, (max-width: 135px) 100vw, 135px\" \/><\/a>\u00a0 \u00a0 \u00a0 \u00a0 \u00a0 \u00a0 \u00a0 \u00a0 \u00a0 \u00a0 \u00a0 \u00a0<a href=\"https:\/\/www.freiburg-schwarzwald.de\/blog\/business\/dienste\/immobilien\/wohnen\/rosbaum\/rosbaum-pergola180629\/\" rel=\"attachment wp-att-67687\"><img loading=\"lazy\" decoding=\"async\" class=\"alignnone size-thumbnail wp-image-67687\" src=\"https:\/\/www.freiburg-schwarzwald.de\/blog\/wp-content\/uploads\/2016\/10\/rosbaum-pergola180629-135x180.jpg\" alt=\"rosbaum-pergola180629\" width=\"135\" height=\"180\" srcset=\"https:\/\/www.freiburg-schwarzwald.de\/blog\/wp-content\/uploads\/2016\/10\/rosbaum-pergola180629-135x180.jpg 135w, https:\/\/www.freiburg-schwarzwald.de\/blog\/wp-content\/uploads\/2016\/10\/rosbaum-pergola180629.jpg 480w\" sizes=\"auto, (max-width: 135px) 100vw, 135px\" \/><\/a><br \/>\n(43) S\u00fcdostseite Garten\u00a0 \u00a0 \u00a0 \u00a0 \u00a0 \u00a0 \u00a0 \u00a0 \u00a0 \u00a0 \u00a0 \u00a0 \u00a0(44) Westseite Strasse 30.5.2018\u00a0 \u00a0 \u00a0 \u00a0 \u00a0 \u00a0 \u00a0 (45) Pergola 30.5.2018<\/h5>\n<h5><a href=\"https:\/\/www.freiburg-schwarzwald.de\/blog\/business\/dienste\/immobilien\/wohnen\/rosbaum\/rosbaum-anbau18mai29\/\" rel=\"attachment wp-att-67688\"><img loading=\"lazy\" decoding=\"async\" class=\"alignnone size-thumbnail wp-image-67688\" src=\"https:\/\/www.freiburg-schwarzwald.de\/blog\/wp-content\/uploads\/2016\/10\/rosbaum-anbau18mai29-135x180.jpg\" alt=\"rosbaum-anbau18mai29\" width=\"135\" height=\"180\" srcset=\"https:\/\/www.freiburg-schwarzwald.de\/blog\/wp-content\/uploads\/2016\/10\/rosbaum-anbau18mai29-135x180.jpg 135w, https:\/\/www.freiburg-schwarzwald.de\/blog\/wp-content\/uploads\/2016\/10\/rosbaum-anbau18mai29.jpg 480w\" sizes=\"auto, (max-width: 135px) 100vw, 135px\" \/><\/a><br \/>\n(46) Anbau 15.6.2018<\/h5>\n<p>&nbsp;<\/p>\n<p>(11) Keller um 60 cm tieferlegen: Aushub von Hand in Eimern hochtragen ab 6.2.2017. Drei Container gef\u00fcllt.<br \/>\n(12) Bodenplatte 10 cm betonieren am 10.2.2017 (Raum Westen), 20.2. (Raum Osten) und 24.3.2017 (Flur). Fertigbeton von FTU Umkirch. Stahlmatten von BHB Hugstetten.<br \/>\n(17) Estrich einbringen: 5 cm D\u00e4mmung Platten und Sch\u00fcttung am 16.3.2017 sowie 5 cm Zementestrich (100 Sack Weber floor mit Putzmeister gemischt und gepumpt) am 17.3.2017.<br \/>\n(19,20) Heiz\u00f6ltank demontieren: Heiz\u00f6l abpumpen, Tank reinigen, Tank auseinander schwei\u00dfen und die schweren Teile abtransportieren. Hervorragende Arbeit: \u00a0<a href=\"mailto:tankservicepuscher@gmail.com\">tankservicepuscher@gmail.com<\/a> , Tel 07683\/3131, , 0160\/94803877<br \/>\n(21) &#8211; (23) Der in den 80er Jahren erstellte Anbau ist nicht sanierungsf\u00e4hig (Beton, Fenster, Balkon Asbest, D\u00e4mmung) und wird durch einen Anbau in moderner Holzst\u00e4nderbauweise ersetzt.<br \/>\n(25) &#8211; (29): Aufbau Anbau zweist\u00f6ckig in Holzfertigbauweise 10.-11. Oktober 2017<br \/>\n(30) &#8211; (35)\u00a0 DG: Dachstuhl neu 12.Oktober 2017 (erste Wand stellen) bis 20. Oktober 2017 (Dachlattung fertig)<br \/>\n(36) Fassade: 14 cm Holzbalken senkrecht, dazwischen 14 cm Holzweichfaserplatten geklemmt, darauf Holzd\u00e4mmplatten quer geschossen, darauf Grundputz mitsamt Eckleisten, darauf Kunstharzputz wei\u00df.<br \/>\n(37) Fassade: Nordseite links senkrechte Holzbalken (Schritt 1). Westseite oben Gutexplatten zwischen den Balken (Schritt 2) und Westseite unten Gutexplatten auf die Balken geschossen (Schritt 3). Am Montag 4.12.2017 war die Fassade ged\u00e4mmt.<br \/>\n(39) &#8211; (41): Am 14.12.2017 von 7.30 Uhr bis 10.30 Uhr wird der Stahlbalkon montiert: Ger\u00fcstabbau Fa L\u00f6ffler, Lkw-Kran Fa. Saier, Balkonherstellung und -montage Fa. &#8230; aus Polen sowie Einbau Fa. Gremmelspacher.<br \/>\n(42)\u00a0\u00a0Anbau UG 30.5.2018: Seit 1.5.2018 Unterkellerung des Anbaus &#8211; Tieferlegung und D\u00e4mmung<\/p>\n<p>Fenstereinbau DG am 27.10.2017<br \/>\nDachrinnen + Alu-Falzdach 30.10.2017 fertig<br \/>\nDacheindeckung Nelskamp-Ziegel am 2.11.2017<br \/>\nRohinstallation Sanit\u00e4r+Heizung, Elektro fertig am 10.11.2017. Innend\u00e4mmung + Beplankung zu 3\/4 fertiggestellt.<br \/>\nFassadend\u00e4mmung fertiggestellt am 4.12.2017<br \/>\nTrockenestrich im DG fertiggestellt am 6.12.2017 mit folgendem Aufbau: Holzweichfaserplatten 1 cm auf Betonboden. Sandsch\u00fcttung in Waben 4 cm. Fermacellplatten mit Holzweichfaserschicht gegen Tittschall 3 cm. Ausglaichsbahn 2 mm. Buchen-Fertigparkett 1,5 cm.<br \/>\nRigipsw\u00e4nde und -decken spachteln und schleifen sowie Fugen mit Acryl schlie\u00dfen &#8211; fertigstellung am 6.12.2017.<\/p>\n<p>..<\/p>\n<p>&nbsp;<\/p>\n<p><strong>Dachgauben<\/strong><\/p>\n<p><a href=\"https:\/\/www.freiburg-schwarzwald.de\/blog\/business\/dienste\/immobilien\/wohnen\/rosbaum\/rosbaum39-82proz161123\/\" rel=\"attachment wp-att-63420\"><img loading=\"lazy\" decoding=\"async\" class=\"alignnone size-thumbnail wp-image-63420\" src=\"https:\/\/www.freiburg-schwarzwald.de\/blog\/wp-content\/uploads\/2016\/10\/rosbaum39-82proz161123-180x135.jpg\" alt=\"rosbaum39-82proz161123\" width=\"180\" height=\"135\" srcset=\"https:\/\/www.freiburg-schwarzwald.de\/blog\/wp-content\/uploads\/2016\/10\/rosbaum39-82proz161123-180x135.jpg 180w, https:\/\/www.freiburg-schwarzwald.de\/blog\/wp-content\/uploads\/2016\/10\/rosbaum39-82proz161123.jpg 640w\" sizes=\"auto, (max-width: 180px) 100vw, 180px\" \/><\/a>\u00a0 \u00a0 \u00a0 \u00a0 \u00a0\u00a0<a href=\"https:\/\/www.freiburg-schwarzwald.de\/blog\/business\/dienste\/immobilien\/wohnen\/rosbaum\/rosbaum38-73proz161123\/\" rel=\"attachment wp-att-63421\"><img loading=\"lazy\" decoding=\"async\" class=\"alignnone size-thumbnail wp-image-63421\" src=\"https:\/\/www.freiburg-schwarzwald.de\/blog\/wp-content\/uploads\/2016\/10\/rosbaum38-73proz161123-180x135.jpg\" alt=\"rosbaum38-73proz161123\" width=\"180\" height=\"135\" srcset=\"https:\/\/www.freiburg-schwarzwald.de\/blog\/wp-content\/uploads\/2016\/10\/rosbaum38-73proz161123-180x135.jpg 180w, https:\/\/www.freiburg-schwarzwald.de\/blog\/wp-content\/uploads\/2016\/10\/rosbaum38-73proz161123.jpg 640w\" sizes=\"auto, (max-width: 180px) 100vw, 180px\" \/><\/a>\u00a0 \u00a0 \u00a0 \u00a0 \u00a0\u00a0<a href=\"https:\/\/www.freiburg-schwarzwald.de\/blog\/business\/dienste\/immobilien\/wohnen\/rosbaum\/sonnenaeckerweg1-70proz161123\/\" rel=\"attachment wp-att-63422\"><img loading=\"lazy\" decoding=\"async\" class=\"alignnone size-thumbnail wp-image-63422\" src=\"https:\/\/www.freiburg-schwarzwald.de\/blog\/wp-content\/uploads\/2016\/10\/sonnenaeckerweg1-70proz161123-135x180.jpg\" alt=\"sonnenaeckerweg1-70proz161123\" width=\"135\" height=\"180\" srcset=\"https:\/\/www.freiburg-schwarzwald.de\/blog\/wp-content\/uploads\/2016\/10\/sonnenaeckerweg1-70proz161123-135x180.jpg 135w, https:\/\/www.freiburg-schwarzwald.de\/blog\/wp-content\/uploads\/2016\/10\/sonnenaeckerweg1-70proz161123.jpg 480w\" sizes=\"auto, (max-width: 135px) 100vw, 135px\" \/><\/a><\/p>\n<h5>(13) Rosbaumweg 39: 82% Gaube \u00a0 \u00a0 \u00a0 (14) Rosbaumweg 38: 73% Gaube \u00a0 \u00a0 \u00a0 \u00a0 \u00a0(15) Sonnen\u00e4ckerweg 1: 70% Gaube<\/h5>\n<p>Um Wohnraum zu schaffen (Wohnungsnot in FR) und Energie zu sparen, werden immer mehr Dachgeschosse der in den Jahren 1951-1954 erbauten \u00a0Reihenh\u00e4user im Rosbaumweg erneuert. Gro\u00dfz\u00fcgige Gauben nach Osten wie Westen nehmen bis zu 82 % der Dachbreite ein (Rosbaumweg 39). \u00a0Der Kniestock wird angehoben \u00a0&#8211; in Bild (15) des Reihenendhauses ca 1 m.<br \/>\n.<\/p>\n<p><strong>Baupl\u00e4ne<\/strong><\/p>\n<h5><a href=\"https:\/\/www.freiburg-schwarzwald.de\/blog\/business\/dienste\/immobilien\/wohnen\/rosbaum\/rosbaum-egplan\/\" rel=\"attachment wp-att-63109\"><img loading=\"lazy\" decoding=\"async\" class=\"alignnone size-thumbnail wp-image-63109\" src=\"https:\/\/www.freiburg-schwarzwald.de\/blog\/wp-content\/uploads\/2016\/10\/rosbaum-egplan-177x180.jpg\" alt=\"rosbaum-egplan\" width=\"177\" height=\"180\" srcset=\"https:\/\/www.freiburg-schwarzwald.de\/blog\/wp-content\/uploads\/2016\/10\/rosbaum-egplan-177x180.jpg 177w, https:\/\/www.freiburg-schwarzwald.de\/blog\/wp-content\/uploads\/2016\/10\/rosbaum-egplan-629x640.jpg 629w, https:\/\/www.freiburg-schwarzwald.de\/blog\/wp-content\/uploads\/2016\/10\/rosbaum-egplan.jpg 802w\" sizes=\"auto, (max-width: 177px) 100vw, 177px\" \/><\/a>\u00a0 \u00a0 \u00a0 \u00a0 \u00a0 \u00a0\u00a0<a href=\"https:\/\/www.freiburg-schwarzwald.de\/blog\/business\/dienste\/immobilien\/wohnen\/rosbaum\/rosbaum-1ogplan\/\" rel=\"attachment wp-att-63110\"><img loading=\"lazy\" decoding=\"async\" class=\"alignnone size-thumbnail wp-image-63110\" src=\"https:\/\/www.freiburg-schwarzwald.de\/blog\/wp-content\/uploads\/2016\/10\/rosbaum-1ogplan-101x180.jpg\" alt=\"rosbaum-1ogplan\" width=\"101\" height=\"180\" srcset=\"https:\/\/www.freiburg-schwarzwald.de\/blog\/wp-content\/uploads\/2016\/10\/rosbaum-1ogplan-101x180.jpg 101w, https:\/\/www.freiburg-schwarzwald.de\/blog\/wp-content\/uploads\/2016\/10\/rosbaum-1ogplan-360x640.jpg 360w, https:\/\/www.freiburg-schwarzwald.de\/blog\/wp-content\/uploads\/2016\/10\/rosbaum-1ogplan.jpg 562w\" sizes=\"auto, (max-width: 101px) 100vw, 101px\" \/><\/a>\u00a0 \u00a0 \u00a0 \u00a0 \u00a0 \u00a0 \u00a0 \u00a0 \u00a0 \u00a0 \u00a0 \u00a0 \u00a0\u00a0<a href=\"https:\/\/www.freiburg-schwarzwald.de\/blog\/business\/dienste\/immobilien\/wohnen\/rosbaum\/baufluchtplan-rosbaum1931\/\" rel=\"attachment wp-att-63111\"><img loading=\"lazy\" decoding=\"async\" class=\"alignnone size-thumbnail wp-image-63111\" src=\"https:\/\/www.freiburg-schwarzwald.de\/blog\/wp-content\/uploads\/2016\/10\/baufluchtplan-rosbaum1931-180x133.jpg\" alt=\"baufluchtplan-rosbaum1931\" width=\"180\" height=\"133\" srcset=\"https:\/\/www.freiburg-schwarzwald.de\/blog\/wp-content\/uploads\/2016\/10\/baufluchtplan-rosbaum1931-180x133.jpg 180w, https:\/\/www.freiburg-schwarzwald.de\/blog\/wp-content\/uploads\/2016\/10\/baufluchtplan-rosbaum1931-640x474.jpg 640w, https:\/\/www.freiburg-schwarzwald.de\/blog\/wp-content\/uploads\/2016\/10\/baufluchtplan-rosbaum1931.jpg 706w\" sizes=\"auto, (max-width: 180px) 100vw, 180px\" \/><br \/>\n(<\/a>1) EG \u00a0 \u00a0 \u00a0 \u00a0 \u00a0 \u00a0 \u00a0 \u00a0 \u00a0 \u00a0 \u00a0 \u00a0 \u00a0 \u00a0 \u00a0 \u00a0 \u00a0 \u00a0 \u00a0 \u00a0 \u00a0 \u00a0 \u00a0 \u00a0 \u00a0 \u00a0 \u00a0 \u00a0 \u00a0 (2) 1.OG \u00a0 \u00a0 \u00a0 \u00a0 \u00a0 \u00a0 \u00a0 \u00a0 \u00a0 \u00a0 \u00a0 \u00a0 \u00a0 \u00a0 \u00a0 \u00a0 \u00a0 \u00a0 \u00a0 \u00a0 \u00a0 \u00a0 (3) Baufluchtenplan 1934<\/h5>\n<h5><a href=\"https:\/\/www.freiburg-schwarzwald.de\/blog\/business\/dienste\/immobilien\/wohnen\/rosbaum\/rosbaum1og-grundriss\/\" rel=\"attachment wp-att-66146\"><img loading=\"lazy\" decoding=\"async\" class=\"alignnone size-thumbnail wp-image-66146\" src=\"https:\/\/www.freiburg-schwarzwald.de\/blog\/wp-content\/uploads\/2016\/10\/rosbaum1og-grundriss-180x153.jpg\" alt=\"rosbaum1og-grundriss\" width=\"180\" height=\"153\" srcset=\"https:\/\/www.freiburg-schwarzwald.de\/blog\/wp-content\/uploads\/2016\/10\/rosbaum1og-grundriss-180x153.jpg 180w, https:\/\/www.freiburg-schwarzwald.de\/blog\/wp-content\/uploads\/2016\/10\/rosbaum1og-grundriss-640x544.jpg 640w, https:\/\/www.freiburg-schwarzwald.de\/blog\/wp-content\/uploads\/2016\/10\/rosbaum1og-grundriss.jpg 789w\" sizes=\"auto, (max-width: 180px) 100vw, 180px\" \/><\/a><br \/>\n(4) Grundriss 1.OG\u00a0 neu Jan. 2018<\/h5>\n<p>(4) \u00c4nderungen zum Grundriss\u00a0 1.OG: Der Balkon ist so breit wie &#8222;Wintergarten&#8220;.<br \/>\nDie T\u00fcre zu &#8222;Schlafen&#8220; liegt innerhalb der Wohnung.<br \/>\nDie Grundrisse der Wohnungen EG und DG entsprechen dem vom 1.OG.<\/p>\n<p>&nbsp;<\/p>\n","protected":false},"excerpt":{"rendered":"<p>&nbsp; Rosbaum &nbsp; Wohnen ab 2018\/19 Renovierung\/Umbau 10.2016 bis 2018 &nbsp; Wohnen ab 2018\/19 \u00a0 \u00a0 \u00a0 \u00a0 \u00a0 \u00a0 Rosbaumweg 26 am 18.5.2019\u00a0 \u00a0 \u00a0 \u00a0 \u00a0 \u00a0 \u00a0 \u00a0 \u00a0 \u00a0 Gartenpergola 25.12.2020 \u00a0 \u00a0 \u00a0 \u00a0 \u00a0 &hellip; <a href=\"https:\/\/www.freiburg-schwarzwald.de\/blog\/business\/dienste\/immobilien\/wohnen\/rosbaum\/\">Weiterlesen <span class=\"meta-nav\">&rarr;<\/span><\/a><\/p>\n","protected":false},"author":2,"featured_media":0,"parent":965,"menu_order":0,"comment_status":"open","ping_status":"closed","template":"","meta":{"footnotes":""},"class_list":["post-63100","page","type-page","status-publish","hentry"],"_links":{"self":[{"href":"https:\/\/www.freiburg-schwarzwald.de\/blog\/wp-json\/wp\/v2\/pages\/63100","targetHints":{"allow":["GET"]}}],"collection":[{"href":"https:\/\/www.freiburg-schwarzwald.de\/blog\/wp-json\/wp\/v2\/pages"}],"about":[{"href":"https:\/\/www.freiburg-schwarzwald.de\/blog\/wp-json\/wp\/v2\/types\/page"}],"author":[{"embeddable":true,"href":"https:\/\/www.freiburg-schwarzwald.de\/blog\/wp-json\/wp\/v2\/users\/2"}],"replies":[{"embeddable":true,"href":"https:\/\/www.freiburg-schwarzwald.de\/blog\/wp-json\/wp\/v2\/comments?post=63100"}],"version-history":[{"count":5,"href":"https:\/\/www.freiburg-schwarzwald.de\/blog\/wp-json\/wp\/v2\/pages\/63100\/revisions"}],"predecessor-version":[{"id":110344,"href":"https:\/\/www.freiburg-schwarzwald.de\/blog\/wp-json\/wp\/v2\/pages\/63100\/revisions\/110344"}],"up":[{"embeddable":true,"href":"https:\/\/www.freiburg-schwarzwald.de\/blog\/wp-json\/wp\/v2\/pages\/965"}],"wp:attachment":[{"href":"https:\/\/www.freiburg-schwarzwald.de\/blog\/wp-json\/wp\/v2\/media?parent=63100"}],"curies":[{"name":"wp","href":"https:\/\/api.w.org\/{rel}","templated":true}]}}