{"id":62774,"date":"2016-09-22T20:53:30","date_gmt":"2016-09-22T18:53:30","guid":{"rendered":"https:\/\/www.freiburg-schwarzwald.de\/blog\/?page_id=62774"},"modified":"2026-03-01T09:46:53","modified_gmt":"2026-03-01T08:46:53","slug":"ourghi","status":"publish","type":"page","link":"https:\/\/www.freiburg-schwarzwald.de\/blog\/religion\/islam\/ourghi\/","title":{"rendered":"Ourghi"},"content":{"rendered":"<p><a href=\"https:\/\/freiburg-schwarzwald.de\/blog\">Home<\/a> &gt;<a title=\"Religion\" href=\"https:\/\/www.freiburg-schwarzwald.de\/blog\/religion\/\">Religion<\/a> &gt;<a title=\"Islam\" href=\"https:\/\/www.freiburg-schwarzwald.de\/blog\/religion\/islam\/\">Islam<\/a> &gt;Ourghi<\/p>\n<div id=\"attachment_62596\" style=\"width: 650px\" class=\"wp-caption alignnone\"><a href=\"https:\/\/www.freiburg-schwarzwald.de\/blog\/global\/integration\/muslime\/soja-dreisamtal-pan160831\/\" rel=\"attachment wp-att-62596\"><img loading=\"lazy\" decoding=\"async\" aria-describedby=\"caption-attachment-62596\" class=\"size-full wp-image-62596\" src=\"https:\/\/www.freiburg-schwarzwald.de\/blog\/wp-content\/uploads\/2016\/09\/soja-dreisamtal-pan160831.jpg\" alt=\"Sojafeld im Dreisamtal zwischen Freiburg-Ebnet und Zarten am 31.8.2016\" width=\"640\" height=\"295\" srcset=\"https:\/\/www.freiburg-schwarzwald.de\/blog\/wp-content\/uploads\/2016\/09\/soja-dreisamtal-pan160831.jpg 640w, https:\/\/www.freiburg-schwarzwald.de\/blog\/wp-content\/uploads\/2016\/09\/soja-dreisamtal-pan160831-180x82.jpg 180w\" sizes=\"auto, (max-width: 640px) 100vw, 640px\" \/><\/a><p id=\"caption-attachment-62596\" class=\"wp-caption-text\">Sojafeld im Dreisamtal zwischen Freiburg-Ebnet und Zarten am 31.8.2016<\/p><\/div>\n<p>&nbsp;<\/p>\n<ul>\n<li><em>Listenauswahl eines Beitrags (Artikel\/Datum, Seite\/Inhalt): <span style=\"text-decoration: underline;\">Klicken<\/span> oder scrollen<\/em><\/li>\n<li><a href=\"https:\/\/www.freiburg-schwarzwald.de\/blog\/ramadan-fastenzeit-frieden\/\">Ramadan Fastenzeit \u2013 Frieden<\/a>\u00a0(20.2.2026)<\/li>\n<li>Islamwissenschaftler Ourghi: Mekka, Messina, Judenhass\u00a0 und 7.Oktober 2023 (18.8.2025)<\/li>\n<li><a href=\"https:\/\/www.freiburg-schwarzwald.de\/blog\/religion\/juden\/judenhass2021\/\">Freiburger Islamwissenschaftler Ourghi: \u201eMuslime sollten den Koran nicht wortw\u00f6rtlich lesen\u201c<\/a>\u00a0(27.10.2023)<\/li>\n<li>Buchbesprechung \u201eDie Juden im Koran&#8220; (14.8.2023)<\/li>\n<li><a href=\"https:\/\/www.freiburg-schwarzwald.de\/blog\/440000-kirchenaustritte-in-2020\/\">440000 Kirchenaustritte in 2020<\/a>\u00a0(18.7.2021)<\/li>\n<li>Streitbarer Freiburger Islamwissenschaftler Ourghi ergr\u00fcndet die islamische Judenfeindlichkeit (9.7.2023)<\/li>\n<li><a href=\"https:\/\/www.freiburg-schwarzwald.de\/blog\/engagement\/zukunft\/demokratie\/repression\/\">W\u00fcrzburg: Die Zeichen stehen auf Repression \u2013 Der Terror von nebenan<\/a>\u00a0(30.6.2021)<\/li>\n<li>Stiftung will dem Islam-P\u00e4dagogen Ourghi die Lehrerlaubnis entziehen (28.6.2021)<\/li>\n<li><a href=\"https:\/\/www.freiburg-schwarzwald.de\/blog\/meinungsvielfalt-medienvielfalt\/\">https:\/\/www.freiburg-schwarzwald.de\/blog\/meinungsvielfalt-medienvielfalt\/<\/a>\u00a0(29.11.2018)<\/li>\n<li>Krank an sich selbst: Warum die islamische Kultur dringend eine sexuelle Erziehung ben\u00f6tigt (10.11.2018)<\/li>\n<li>Islam-Lehrstuhl an PH Freiburg &#8211; Islamverb\u00e4nde? (4.5.2018)<\/li>\n<li><a href=\"https:\/\/www.freiburg-schwarzwald.de\/blog\/vom-zwang-nicht-zu-hassen\/\">https:\/\/www.freiburg-schwarzwald.de\/blog\/vom-zwang-nicht-zu-hassen\/<\/a> (19.1.2018)<\/li>\n<li>Menschen wie Ourghi brauchen wir (22.10.2017)<\/li>\n<li><a href=\"https:\/\/www.freiburg-schwarzwald.de\/blog\/islamkritik-in-fr-untersagt\/\">https:\/\/www.freiburg-schwarzwald.de\/blog\/islamkritik-in-fr-untersagt\/<\/a> (15.10.2017)<\/li>\n<li><a href=\"https:\/\/www.freiburg-schwarzwald.de\/blog\/40-thesen-zur-reform-des-islam\/\">https:\/\/www.freiburg-schwarzwald.de\/blog\/40-thesen-zur-reform-des-islam\/<\/a> (8.10.2017)<\/li>\n<li>Ramadan-Marsch in K\u00f6ln ohne Mehrheit (15,6.2017)<\/li>\n<li>Freiburger Deklaration s\u00e4kularer Muslime (22.9.2916)<\/li>\n<li><a href=\"https:\/\/www.freiburg-schwarzwald.de\/blog\/ourghi-fordert-islamkritik-in-d\/\">https:\/\/www.freiburg-schwarzwald.de\/blog\/ourghi-fordert-islamkritik-in-d\/<\/a> (5.5.2016)<\/li>\n<li>PH Freiburg &#8211; Institut der Theologien- Islam-Fachschaft: Dr. Abdel-Hakim Ourghi<\/li>\n<li><\/li>\n<li><a title=\"Islamkritik und Islamphobie\" href=\"https:\/\/www.freiburg-schwarzwald.de\/blog\/islamkritik-und-islamphobie\/\">Islamkritik und Islamophobie<\/a>\u00a0(27.5.2015)<\/li>\n<li><a href=\"https:\/\/www.freiburg-schwarzwald.de\/blog\/global\/deutschland\/deutschland-islam\/\">Deutschland-Islam<\/a><\/li>\n<li><a href=\"https:\/\/www.freiburg-schwarzwald.de\/blog\/global\/tuerkei\/ditib\/\">DITIB<\/a><\/li>\n<li><a title=\"Islam-Frauen\" href=\"https:\/\/www.freiburg-schwarzwald.de\/blog\/religion\/islam\/islam-frauen\/\">Frauen-Islam<\/a><\/li>\n<li><a title=\"Integration-Islam\" href=\"https:\/\/www.freiburg-schwarzwald.de\/blog\/global\/integration\/integration-islam\/\">Integration-Islam<\/a><\/li>\n<li><a title=\"Islam-Antisemitismus\" href=\"https:\/\/www.freiburg-schwarzwald.de\/blog\/religion\/islam\/islam-antisemitismus\/\">Islam-Antisemitismus<\/a><\/li>\n<li><a title=\"Islam-Frauen\" href=\"https:\/\/www.freiburg-schwarzwald.de\/blog\/religion\/islam\/islam-frauen\/\">Islam-Frauenbild<\/a><\/li>\n<li><a title=\"Islamkonferenz\" href=\"https:\/\/www.freiburg-schwarzwald.de\/blog\/religion\/islam\/islamkonferenz\/\">Islam-Konferenz<\/a><\/li>\n<li><a title=\"Islam-Opferrolle\" href=\"https:\/\/www.freiburg-schwarzwald.de\/blog\/religion\/islam\/islam-opferrolle\/\">Islam-Opferrolle<\/a><\/li>\n<li><a title=\"Islam-Organisationen\" href=\"https:\/\/www.freiburg-schwarzwald.de\/blog\/religion\/islam\/islam-organisationen\/\">Islam-Organisationen in D<\/a><\/li>\n<li><a title=\"Islam-Reformen\" href=\"https:\/\/www.freiburg-schwarzwald.de\/blog\/religion\/islam\/islam-reformen\/\">Islam-Reformen<\/a><\/li>\n<li><a title=\"Islamisierung\" href=\"https:\/\/www.freiburg-schwarzwald.de\/blog\/religion\/islam\/islamisierung\/\">Islamisierung<\/a><\/li>\n<li><a href=\"https:\/\/www.freiburg-schwarzwald.de\/blog\/religion\/islam\/islamunterricht\/\">Islamunterricht<\/a><\/li>\n<li><a title=\"Kelek\" href=\"https:\/\/www.freiburg-schwarzwald.de\/blog\/religion\/islam\/kelek\/\">Kelek Necla<\/a><\/li>\n<li><a title=\"Kirche-Staat\" href=\"https:\/\/www.freiburg-schwarzwald.de\/blog\/religion\/kirche-staat\/\">Kirche-Staat<\/a><\/li>\n<li><a title=\"Kopftuch\" href=\"https:\/\/www.freiburg-schwarzwald.de\/blog\/kopftuch\/\">Kopftuch<\/a><\/li>\n<li><a title=\"Mansour\" href=\"https:\/\/www.freiburg-schwarzwald.de\/blog\/religion\/islam\/mansour\/\">Ahmad Mansour<\/a><\/li>\n<li><a title=\"Menschenrechte\" href=\"https:\/\/www.freiburg-schwarzwald.de\/blog\/kultur\/aufklaerung\/menschenrechte\/\">Menschenrechte<\/a><\/li>\n<li><a title=\"Moscheen\" href=\"https:\/\/www.freiburg-schwarzwald.de\/blog\/religion\/islam\/moscheen\/\">Moscheen in Deutschland<\/a><\/li>\n<li><a href=\"https:\/\/www.freiburg-schwarzwald.de\/blog\/religion\/islam\/ourghi\/\">Ourghi<\/a><\/li>\n<li><a href=\"https:\/\/www.freiburg-schwarzwald.de\/blog\/religion\/islam\/islam-reformen\/\">Reform-Islam<\/a><\/li>\n<li><a title=\"Religionsunterricht\" href=\"https:\/\/www.freiburg-schwarzwald.de\/blog\/religion\/religionsunterricht\/\">Religionsunterricht<\/a><\/li>\n<\/ul>\n<p>Der Islamwissenschaftler Abdel Hakim Ourghi, 1968 in Algerien geboren, leitet den Fachbereich Islamische Theologie\/Religionsp\u00e4dagogik an der P\u00e4dagogischen Hochschule in Freiburg. Er ist Mitbegr\u00fcnder der Ibn-Ruschd-Goethe-Moschee in Berlin, die f\u00fcr einen liberalen Islam steht und sich um eine zeitgem\u00e4\u00dfe und geschlechtergerechte Auslegung des Koran bem\u00fcht. Autor zahlreicher B\u00fccher:<br \/>\nIn \u201eDie Liebe zum Hass\u201c besch\u00e4ftigt er sich vor allem mit dem Judenhass im Islam.<\/p>\n<p>Ourghi: Schwerpunkt setzen auf spirituelle Mekka-Phase statt k\u00e4mpferische Medina-Zeit sowie kontextuelle statt w\u00f6rtliche Interpretation der Glaubenss\u00e4tze<br \/>\n&#8211; Der Prophet in Mekka (vor 622): Suren, Offenbarungen zum Glauben, Religion und Gott.<br \/>\n&#8211; Nach der Auswandernung nach Messina (ab 622): Verse zu Konflikt, Kampf und Krieg mit j\u00fcdischen St\u00e4mmen<br \/>\nAbdel-Hakim Ourghi setzt sich ein f\u00fcr einen neuen, s\u00e4kularen bzw. liberalen Islam, der die friedlichen mekkanischen Verse auslegt (Religionsunterricht) und die k\u00e4mpferischen medinensischen Verse im historischen Kontext betrachtet (Geschichtsforschung).<\/p>\n<p><em>Dr. Abdel-Hakim Ourghi, Leiter des Fachbereichs Islamische Religionslehre an der <a title=\"PH\" href=\"https:\/\/www.freiburg-schwarzwald.de\/blog\/bildung\/hochschulen\/ph\/\">PH Freiburg<\/a>\u00a0&#8211; mehr ganz unten<br \/>\n<\/em>\u00a0===========================================================<br \/>\n.<br \/>\n.<\/p>\n<p><strong>Islamwissenschaftler Ourghi: Mekka, Messina, Judenhass\u00a0 und 7. Oktober 2023<\/strong><br \/>\nAls junger Mann war er ein Judenhasser, heute predigt er den Dialog der Religionen: der Islamwissenschaftler Abdel Hakim Ourghi \u00fcber die Massaker des 7. Oktober und die Sehnsucht nach einem liberaleren Islam.<br \/>\n&#8230;<br \/>\n<em>In Ihrem neuen Buch besch\u00e4ftigten sie sich mit dem muslimischen Antisemitismus und den Massakern der Hamas in Israel. Woher kommt diese Kultur des Hasses und der Verachtung, die Sie beklagen?<\/em><br \/>\nOurghi: Dazu muss ich etwas ausholen. Der Antisemitismus im Islam ist keineswegs nur ein politisches Produkt, das auf die Gr\u00fcndung Israels 1948 zur\u00fcckgeht, wie viele Menschen vor allem in Europa meinen. Er ist auch nicht von den Kolonialm\u00e4chten in L\u00e4nder wie Algerien exportiert worden. Judenfeindschaft finden wir schon in den fr\u00fchen Quellen des Islam, vor allem im Koran. Der Prophet Mohammed ist im Jahr 622 von Mekka nach Medina ausgewandert, wo er auf drei j\u00fcdische St\u00e4mme traf. Zuerst hat er sich ihnen angen\u00e4hert, dann hat er versucht, die Juden zum Islam zu bekehren. Und als ihm das nicht gelungen ist, hat er sie 624 zu Ungl\u00e4ubigen erkl\u00e4rt, \u00fcber die der Fluch Gottes komme. Im Koran bezeichnet er die Juden als Irregehende und Frevler, deren Herzen h\u00e4rter seien als Steine. Besonders diffamierend ist die Behauptung, Gott werde sie wegen ihrer S\u00fcnden in Affen und Schweine verwandeln. Letztlich ist das, alles zusammen, die religi\u00f6se Legitimierung des Judenhasses.<br \/>\n.<br \/>\n<em>War der <a href=\"https:\/\/www.freiburg-schwarzwald.de\/blog\/global\/israel\/israel7-10-2023\/\">7. Oktober 2023<\/a> damit nur der vorl\u00e4ufige H\u00f6hepunkt einer gef\u00e4hrlichen Entwicklung?<\/em><br \/>\nOurghi: Der 7. Oktober war nur ein schreckliches Ereignis mehr in diesem unendlichen Konflikt zwischen Juden und Arabern, das blutigste Pogrom an Juden seit dem Holocaust. Aber erlauben Sie mir noch einmal einen kurzen Blick zur\u00fcck in die Geschichte&#8230;<br \/>\nAb 624 kam es durch Befehl des Propheten zu einer Welle von Gewalt gegen Juden, in der Mohammed die Macht des Wortes mit der Kraft des Schwertes vereinte. J\u00fcdische St\u00e4mme wurden enteignet, vertrieben oder niedergemetzelt. Allein im Jahr 627 wurden in Medina 600 M\u00e4nner exekutiert und ihre Frauen und Kinder als Sklaven verkauft. Diese Exzesse hat die Hamas sich zum Vorbild genommen. Wir wissen, dass sie ihre K\u00e4mpfer vor dem 7. Oktober mit einer religi\u00f6sen Einf\u00fchrung auf den \u201eHeiligen Krieg\u201c vorbereitet hat. Nat\u00fcrlich haben die Ereignisse vor knapp zwei Jahren auch etwas mit dem Staat Israel und seiner Gr\u00fcndung zu tun, aber wir sollten den religi\u00f6sen Aspekt nicht untersch\u00e4tzen.<\/p>\n<p><em>Wenn er so schwer wiegt: Kann es dann \u00fcberhaupt Frieden zwischen Juden und Arabern geben?<\/em><br \/>\nOurghi: Ja, das kann es. <em><strong>Frieden ist m\u00f6glich. Es ist die gemeinsame Aufgabe von Muslimen und Juden, daf\u00fcr einzutreten.<\/strong><\/em> Bisher haben beiden Seiten immer nur von Kampfpause zu Kampfpause gedacht. Was wir brauchen, ist eine gemeinsame Shiva, eine Art Trauerzeit, die anders als im Judentum l\u00e4nger als sieben Tage und sieben N\u00e4chte dauern muss, um den Schmerz zu lindern. M\u00f6glichkeiten, eine Atmosph\u00e4re des Friedens zu schaffen, gibt es einige &#8211; ich denke da an den islamischen Religionsunterricht, der den muslimischen Antisemitismus kritisch hinterfragen muss, und ich w\u00fcnsche mir einen intensiveren Dialog der Religionen. Juden und Muslime m\u00fcssen sich im Alltag treffen und kennenlernen. Hiesige Muslime m\u00fcssen Teil der deutschen Erinnerungskultur werden.<br \/>\n.<br \/>\n<em>Sie selbst stehen f\u00fcr einen liberalen Islam und vertreten die These, dass der politische-konservative Islam nicht zu Deutschland geh\u00f6rt. Tats\u00e4chlich aber ist er l\u00e4ngst da. Die Hamas-Anh\u00e4nger jedoch, die in Berlin die Massaker vom 7. Oktober feiern, werden Sie mit Ihrer Philosophie der Aufkl\u00e4rung kaum erreichen. Was also kann die Politik tun?<\/em><br \/>\nOurghi: Zun\u00e4chst einmal sollte sie aufh\u00f6ren, immer nur von bedauerlichen Einzelf\u00e4llen zu reden, wenn etwas passiert.<br \/>\nWir haben ein Problem &#8211; und das muss benannt werden. <em><strong>Der politische Islam breitet sich immer weiter aus<\/strong><\/em>, denken sie nur an die Parallelgesellschaften in Berlin-Neuk\u00f6lln, in Duisburg, Frankfurt oder Hamburg-Harburg. Die radikalen Muslime dort sind nicht nur eine Gefahr f\u00fcr die deutsche Mehrheitsgesellschaft, sie sind auch eine Gefahr f\u00fcr die moderaten und liberalen Muslime. Der politische Islam r\u00fcckt alle Muslime in eine Opferrolle, und dieser Opferstatus mobilisiert nicht nur die Anh\u00e4nger der Radikalen, er n\u00e4hrt auch den Hass und die Verachtung auf andere und f\u00fchrt so am Ende zu immer neuer Gewalt. <em><strong>Mit dem 7. Oktober sind die Masken endg\u00fcltig gefallen.<\/strong><\/em> Der islamische Antisemitismus hat eine aktuelle und besorgniserregende Relevanz erreicht. Wir sind mittendrin.<br \/>\n.<br \/>\n<em>Welche Rolle spielen eigentlich die muslimischen Verb\u00e4nde in Deutschland? Sind Sie f\u00e4hig zum Dialog der Religionen &#8211; oder eher ein Teil des Problems?<\/em><br \/>\nOurghi: Der <a href=\"https:\/\/www.freiburg-schwarzwald.de\/blog\/religion\/islam\/islam-organisationen\/\">Zentralrat der Muslime<\/a> oder die t\u00fcrkische <a href=\"https:\/\/www.freiburg-schwarzwald.de\/blog\/global\/tuerkei\/ditib\/\">DITIB<\/a> behindern und verhindern Integration. Abgesehen von einigen Lippenbekenntnissen haben ihre Wortf\u00fchrer es noch nicht einmal geschafft, die Hamas als das zu bezeichnen, was sie ist: Eine Terrororganisation. Im Gegenteil, <em><strong>Aiman Mazyek vom Zentralrat hat die Lage in Gaza gerade erst mit dem Holocaust verglichen &#8211; eine Unversch\u00e4mtheit<\/strong><\/em>, wie ich finde. Unter Respekt den j\u00fcdischen Opfern w\u00e4hrend des Zweiten Weltkriegs gegen\u00fcber verstehe ich etwas anderes. Die Verantwortung der Hamas f\u00fcr die Massaker des 7. Oktober wird zunehmend vergessen bzw. verdr\u00e4ngt.<br \/>\n.<br \/>\n<em>Mit ihrer Kritik machen Sie sich auch selbst zur Zielscheibe der Radikalen. K\u00f6nnen Sie noch ohne Leibw\u00e4chter aus dem Haus gehen?<\/em><br \/>\nOurghi: In Freiburg kann ich das, weil ich die Stadt gut kenne. Wenn ich in andere St\u00e4dte fahre, zum Beispiel zu Vortr\u00e4gen, dann ist dort immer auch die Polizei dabei. Aber was w\u00e4re die Alternative? Ich bem\u00fche mich um Aufkl\u00e4rung. Nat\u00fcrlich habe ich auch Angst, vor allem um meine Familie und meine Kinder. Aber zu schweigen, w\u00e4re die schlechtere L\u00f6sung.<br \/>\n&#8230; Alles vom 18.8.2025 von Abdel Hakim Ourghi bitte lesen auf<br \/>\n<a href=\"https:\/\/www.augsburger-allgemeine.de\/politik\/wie-aus-einem-judenhasser-ein-judenversteher-wurde-islamwissenschaftler-abdel-hakim-ourghi-im-interview-110597436\">https:\/\/www.augsburger-allgemeine.de\/politik\/wie-aus-einem-judenhasser-ein-judenversteher-wurde-islamwissenschaftler-abdel-hakim-ourghi-im-interview-110597436<\/a><br \/>\n.Hinweis: <em><strong>fett nicht<\/strong><\/em> im Original,<br \/>\n.<\/p>\n<p><strong>Buchbesprechung Abdel-Hakim Ourghi: \u201eDie Juden im Koran&#8220;<\/strong><br \/>\n&#8230;<br \/>\n\u201eDie Juden im Koran \u2013 Ein Zerrbild mit fatalen Folgen\u201c lautet der Titel des neuen Buches von Abdel-Hakim Ourghi. Er stammt aus Algerien, studierte dort und in Freiburg Philosophie und Islamwissenschaft. Seit 2011 leitet er hier den Fachbereich islamische Theologie und Religionsp\u00e4dagogik und ist Initiator der \u201eFreiburger Deklaration\u201c f\u00fcr einen reformierten, s\u00e4kularen Islam. Dieses, und zwei weitere B\u00fccher \u201eReform des Islam \u2013 40 Thesen\u201c und \u201eIhr m\u00fcsst kein Kopftuch tragen\u201c, hatten den Widerstand von strenggl\u00e4ubigen Islamverb\u00e4nden zur Folge.<br \/>\nDer streitbare Autor, selbst geb\u00fcrtiger Muslim, war ein indoktrinierter Antisemit. Juden galten auch f\u00fcr den jungen Ourghi als T\u00e4ter, die Muslime als Opfer. Das lernte er von Kindesbeinen an, sp\u00e4ter eingebl\u00e4ut in Moscheen, arabischen Schulen und der Hochschule. Das Bittgebet \u201eM\u00f6ge Allah die verfluchten Juden erniedrigen und zerst\u00f6ren\u201c wird nicht nur in arabischen Moscheen gen Mekka geschleudert. Zu uns kommende Muslime legen dieses Credo nicht mit dem Grenz\u00fcbertritt ab. Grenz\u00fcbertritte der Toleranz gegen\u00fcber uns Andersgl\u00e4ubigen gibt es bei uns t\u00e4glich. Aber es gibt r\u00fchmliche Ausnahmen:<br \/>\n\u201eOurghi ist eine prominente Stimme der liberalen Muslime in Deutschland und setzt sich seit Jahren f\u00fcr eine Reform des Islam ein \u2026\u201c, w\u00fcrdigte die ZEIT den Autor. Im Klappentext des islamgr\u00fcnen Buches zitiert er sich selbst so: \u201eFest steht, dass nicht alle Muslime Antisemiten sind. Fest steht jedoch auch, dass viele Muslime Antisemiten sind \u2026 und dass Islam und Judenfeindlichkeit nichts miteinander zu tun haben sollen, ist unwahr.\u201c Und weiter, \u201eDas Buch ist allen J\u00fcdinnen und Juden gewidmet, die im Laufe der Geschichte unter muslimischer Herrschaft diskriminiert und aus ihrer Heimat vertrieben und verfolgt wurden oder der islamischen Judenfeindschaft und dem Antisemitismus zum Opfer fielen.\u201c<br \/>\nDas Buch von 232 Seiten ist gegliedert in neun Kapitel mit zus\u00e4tzlich 58 Seiten Literatur- und 401 Quellenangaben. Ein wissenschaftliches Werk, das aber nicht zulasten der Leserlichkeit geht. Das Kapitel \u201eIII. Die doppelte Schuld. Das Verdr\u00e4ngen und die Umkodierung der Geschichte des Islam\u201c sollten sich insbesondere Lehrkr\u00e4fte zu Gem\u00fcte f\u00fchren. Vertieft wird das im Kapitel \u201eVI. Der Heilige Krieg des Propheten gegen die Juden in Medina\u201c und im Kapitel \u201eVIII. Der Pakt des Kalifen Umar und die endg\u00fcltige Vertreibung der Juden.\u201c F\u00fcr Unkundige interessant ist auch das Kapitel \u201eIX. Der gelbe Flicken als islamische Vorgeschichte des Judensterns.\u201c Hitler, der sich mit dem Islam recht gut verstand, hatte sich dessen gelbe Farbe nicht ausgedacht. Weiter erf\u00e4hrt man beim Lesen auch, dass Christen die blaue Erkennungsfarbe zu tragen hatten, um sie besser als \u201eAffen\u201c (Juden) und \u201eSchweine\u201c schm\u00e4hen zu k\u00f6nnen.<\/p>\n<p>Der besondere Verdienst des Buches ist aber, dass die oft unr\u00fchmliche Geschichte und Gegenwart des Islam, das Denken strenggl\u00e4ubiger Muslime, mit den jeweiligen Koransuren unterlegt ist. Muslime saugen ihre Kultur nicht mit der Muttermilch ein, erst eine streng-koranische Erziehung zu Hause, in den Moscheen und Koranschulen macht viele zu dem, was sie sind. Das Einzige, was meines Erachtens in dem Buch zu bem\u00e4ngeln ist, dass man teilweise erst nach der H\u00e4lfte des Kapitels zum Kern des Schwerpunktes kommt. Im Kapitel \u201eII. Der Mythos des toleranten Andalusiens\u201c liest man erst nach sieben Seiten, dass es die \u201efriedliche Koexistenz\u201c zwischen den Juden und Muslimen, die \u201egoldene Zeit\u201c, ebenso wenig gab wie mit den Christen in El Andaluz (ich selbst schrieb schon dazu).<\/p>\n<p>Eine Buchvorstellung in der Badischen Zeitung (siehe unten) meinte dagegen, \u201eUm zu verstehen, woher die Ressentiments und Feindseligkeiten mancher Muslime gegen\u00fcber Juden kommen, reicht Ourghis Analyse nicht aus\u201c \u2013 Note: nicht ausreichend.<br \/>\nWirklich nicht? Und nur \u201emancher\u201c Muslim? Nein, es sind viele \u201emanche\u201c: Denn eine weitere Studie der KAS zum Antisemitismus in Deutschland stellte fest, dass 12 Prozent von ihnen Juden als \u201ehinterh\u00e4ltig\u201c ansehen, 26 Prozent sie f\u00fcr \u201edie Herrscher der Welt\u201c halten und \u2026 7 Prozent von ihnen akzeptieren sogar Gewalt gegen Juden! Sind das wirklich nur \u201emanche\u201c Muslime? Bei 5,6 Mio. Muslime in Deutschland w\u00e4ren das (ohne Kinder) 500.000 bis 1 Mio. muslimische Antisemiten, darunter 300.000 potenziell Gewaltbereite oder solche, die bei \u00dcbergriffen durch ihre Strenggl\u00e4ubigen klammheimliche Freude hegen. Der BZ-Rezitator Michael Saurer scheint ein laxes Verh\u00e4ltnis zur deutschen Sprache zu haben, wenn er solch erschreckende Zahlen mit \u201emanche\u201c Muslime abtut. Ob wenigstens Bundespr\u00e4sident Steinmeier diese Gefahr f\u00fcr unsere Demokratie in seiner Rede zu 75 Jahre Verfassungskonvent im Kopf hatte?<\/p>\n<p>Ich halte dagegen, dass \u201emanche\u201c Leser diese Zeitung f\u00fcr seri\u00f6s halten, aber alle das Buch von Abdel-Hakim Ourghi gelesen haben sollten. Es ist im Buchhandel erh\u00e4ltlich, ISBN 978-3-532-62888-1. Es kostet zwar 26 Euro, aber der Erkenntnisgewinn geht \u00fcber 10 Cent pro Seite hinaus.<br \/>\n&#8230; Alles vom 14.8.2023 von Albrecht K\u00fcnstle bitte lesen auf<br \/>\n<a href=\"https:\/\/die-andere-sicht.de\/2023\/08\/14\/kuenstles-sicht-die-juden-im-koran-eine-buchbesprechung\/\">https:\/\/die-andere-sicht.de\/2023\/08\/14\/kuenstles-sicht-die-juden-im-koran-eine-buchbesprechung\/<\/a><\/p>\n<p>27.5.2025 <a href=\"https:\/\/www.badische-zeitung.de\/das-neue-buch-des-freiburger-islamwissenschaftlers-ourghi-ueber-den-7-oktober-ist-eine-verpasste-cha\">https:\/\/www.badische-zeitung.de\/das-neue-buch-des-freiburger-islamwissenschaftlers-ourghi-ueber-den-7-oktober-ist-eine-verpasste-cha<\/a><\/p>\n<p><strong>Streitbarer Freiburger Islamwissenschaftler Ourghi ergr\u00fcndet die islamische Judenfeindlichkeit<\/strong><br \/>\nMangelnden Kampfgeist kann man Abdelhakim Ourghi ganz sicher nicht vorwerfen. Bereits seit Jahren setzt sich der streitbare Islamwissenschaftler, der seit 2011 als Islamp\u00e4dagoge an der P\u00e4dagogischen Hochschule in Freiburg lehrt, f\u00fcr seine Sichtweise auf den Islam ein. Er wirbt f\u00fcr eine historisch-kritische Lesart des Korans \u2013 und legt sich dabei mit all jenen an, die er als Verhinderer einer solchen \u2013 in seinen Augen aufgekl\u00e4rten \u2013 Sichtweise ansieht. Das sind vor allem die muslimischen Dachverb\u00e4nde in Deutschland.<br \/>\n&#8230; Alles vom 9.7.2023 bitte lesen auf<br \/>\n<a href=\"https:\/\/www.badische-zeitung.de\/streitbarer-freiburger-islamwissenschaftler-ourghi-ergruendet-die-islamische-judenfeindlichkeit--274994080.html\">https:\/\/www.badische-zeitung.de\/streitbarer-freiburger-islamwissenschaftler-ourghi-ergruendet-die-islamische-judenfeindlichkeit&#8211;274994080.html<\/a><\/p>\n<p>Abdel-Hakim Ourghi:<br \/>\nDie Juden im Koran<br \/>\nEin Zerrbild mit fatalen Folgen<br \/>\nclaudius Verlag, M\u00fcnchen 2023, 264 S. 26 Euro<br \/>\n.<br \/>\nEinige Kommentare:<br \/>\nHier ein Interview mit Ourghi vom 24.5.23:<br \/>\n<a href=\"https:\/\/www.swr.de\/swr2\/leben-und-gesellschaft\/islamwissenschaftler-ourghi-ueber-antisemitismus-im-koran-juden-werden-als-unglaeubige-betrachtet-100.html\">https:\/\/www.swr.de\/swr2\/leben-und-gesellschaft\/islamwissenschaftler-ourghi-ueber-antisemitismus-im-koran-juden-werden-als-unglaeubige-betrachtet-100.html<\/a><br \/>\nE.W.<br \/>\n.<br \/>\nDe lange Traditionsspur muslimischer Judenfeindschaft ist seit Mohameds Tagen unleugbar. Dazu bedarf es nur eines Blickes in den Koran. Neben Gewaltaufrufen gegen \u201eUngl\u00e4ubige\u201c (Andersgl\u00e4ubigen) enth\u00e4lt der Koran Aussagen, die eindeutig eine Beleidigung und Diskriminierung nichtmuslimischer Bev\u00f6lkerungsgruppen darstellen und damit den Tatbestand der Volksverhetzung gem\u00e4\u00df \u00a7 130 StGB erf\u00fcllen. \u00d6ffentliche antisemitische Hetze gegen Juden und andere Minderheiten ist in Deutschland strafbar.<br \/>\nDer Zentralrat der Juden in Deutschland warnt vor der Gefahr eines zunehmenden Antisemitismus durch Migranten aus Staaten, die mit Israel verfeindet sind, denn wer mit so einem Feindbild (in Familie und Schule) gro\u00df geworden ist, der legt es nicht einfach bei einem Grenz\u00fcbertritt ab.<br \/>\nConstantin Schreiber, Tagesschausprecher und Kenner islamischer L\u00e4nder, hat die Schulb\u00fccher (nicht den Koran) von f\u00fcnf islamischen L\u00e4ndern unter die Lupe genommen. Er stie\u00df dabei auf Geschichtsf\u00e4lschung und Antisemitismus, auf eine \u00dcberh\u00f6hung des Islam und &#8211; zum Teil hasserf\u00fcllte \u2013 Ablehnung des Westens. Der Skandal ist, dass diese B\u00fccher teilweise mit Geldern aus Deutschland gedruckt werden, ohne den Inhalt zu verstehen oder zu kennen.<br \/>\nEs k\u00f6nnen Menschen pal\u00e4stinischer Abstammung in dritter Generation in Deutschland leben \u2013 aber wenn Israel sich gegen Angriffe wehrt, dann m\u00fcssen Juden hier um ihr Leben f\u00fcrchten.<br \/>\nErst wenn muslemische Menschen wie Abdelhakim Ourghi es wagen, Mohameds Unantastbarkeit in Frage zu stellen und ihn Mensch werden zu lassen, beginnt eine Reform des Denkens.<\/p>\n<p>Es kritisierte der j\u00fcdische Schriftsteller Ralph Giordano (\u201eDie zweite Schuld\u201c), welcher sich vor allem mit dem Holocaust auseinandersetzte, in einem offenen Brief an Bundespr\u00e4sident Wulff dessen These, dass der Islam und Demokratie, kein Widerspruch sein m\u00fcssen\u201c. Dies verrate \u201eeine so verst\u00f6rende Unkenntnis der Wirklichkeit, eine derart blau\u00e4ugige Gleichsetzung des real existierenden Islam mit einem EU-konformen Islam, dass es einem die Sprache verschlagen will\u201c. Giordano behauptete: \u201eSolange rosenkranzartig behauptet wird, der Islam sei eine friedliche Religion, und flapsig hinweggesehen wird \u00fcber die zahlreichen Aufrufe des Koran, Ungl\u00e4ubige zu t\u00f6ten, besonders aber Juden, Juden, Juden \u2013 so lange hat Thilo Sarrazin recht.\u201c<\/p>\n<p>Und Karl Lagerfeld sagte im Februar 2019 in der &#8222;Vogue&#8220;, \u00fcber Fl\u00fcchtlinge aus dem arabischen Raum: \u201eDie Deutschen haben Millionen von Juden umgebracht, und da sch\u00e4men wir uns doch heute noch f\u00fcr. Und jetzt l\u00e4sst Bundeskanzlerin Angela Merkel eine Million ihrer Erzfeinde ins Land&#8220;<br \/>\nIn der Debatte gibt es eine Tendenz, die verschiedenen Motive, die dem Antisemitismus zugrunde liegen, gegeneinander auszuspielen. Es gibt keinen schlechten deutschen, oder einen guten muslemischen Antisemitismus, oder umgekehrt. Antisemitismus u. Hass, von welcher Seite auch immer, sind auf das sch\u00e4rfste zu bek\u00e4mpfen, wenn n\u00f6tig auch mit neuen Gesetzes\u00e4nderungen und drastischen Strafen, bis zu Ausweisungen bei Migranten. Tatsache ist, dass bei Gewalt und Hass von muslimischer Seite gegen Frauen, Juden und Andersgl\u00e4ubigen es einen Islamrabatt bei Polizei und Justiz gibt.<\/p>\n<p>Staat und Regierung verlieren schnell jene Funktion und Aufgabe, f\u00fcr die sie vom B\u00fcrger bezahlt werden. Der Kontrollverlust in der Silvesternacht 2015 und das anhaltende Staatsversagen waren erst ein Vorgeschmack auf kommende Jahre. Nein &#8211; es ist noch kein Krieg in Europa ausgebrochen zwischen Muslimen und Juden oder Andersgl\u00e4ubigen, wohl aber zwischen radikalislamischer Ideologie und allen konkurrierenden Weltbildern der westlichen Zivilisation, was wiederum Muslime in eine besondere Verantwortung setzt.<br \/>\nDer Kausalzusammenhang von Islam und Radikalislam ist zu offensichtlich, als dass er negiert werden k\u00f6nnte, negiert werden d\u00fcrfte.<br \/>\n29.7.2023, Klaus Dietz, Rheinfelden<br \/>\n.<br \/>\nLeider glauben einige Damen und Herren der obigen Beitr\u00e4ge nicht daran, dass der Islam auf Gewalt aufgebaut ist. Auf Gewalt gegen Juden und sp\u00e4ter auch gegen Andersgl\u00e4ubige (Ungl\u00e4ubige). Die Strafe f\u00fcr die Verweigerung des Glaubens wird im Islam mit der Tode bestraft und bestand von Mohammed darin, die Juden in Affen, Schweine oder Anbeter von G\u00f6tzen zu verwandeln (Sure 5, 60)\u00ab In einer Vielzahl weiterer Suren werden die Juden der L\u00fcge (Sure3, 71) und der Vernebelung(Sure 4,46) bezichtigt.<br \/>\nUnd in einem Hadith: \u00bbIhr werdet die Juden bek\u00e4mpfen bis einer von ihnen Zuflucht hinter einem Stein sucht. Und dieser Stein wird rufen: Komm herbei! Dieser Jude hat sich hinter mir versteckt! T\u00f6te ihn! (Al-Buhari 1991,Sure 311)\u00ab<br \/>\nJesus sagte dazu: \u00bbLiebe deinen N\u00e4chsten, oder Mein Reich ist nicht von dieser Welt\u00ab<br \/>\nDiese Prophezeiung befl\u00fcgelt bis heute die &#8222;Ausrottungsphantasien&#8220; vieler Islamisten, die den Kampf gegen Juden als heilige Mission betrachten. R\u00fcckgabe von besetzten Gebieten sind f\u00fcr sie kein Argument diesen Kampf zu beenden. Der Krieg gegen Israel gilt als g\u00f6ttlicher Plan der erst mit der Vernichtung aller Juden abgeschlossen ist.<br \/>\nDas galt auch f\u00fcr Hitler und seine Nationalsozialisten. Der Gro\u00dfmufti von Jerusalem Mohammed Amin al-Husseini (1893-1974) stellte sich w\u00e4hrend des Zweiten Weltkriegs ganz offen f\u00fcr die nationalsozialistische Propaganda und Zusammenarbeit in Berlin zur Verf\u00fcgung und hielt im Radio Hetzansprachen gegen Juden. Auch die Muslimbruderschaft verteilte ab 1938 antisemitische Propaganda der Nazis.<br \/>\nIn Deutschland, auch in Frankreich, ist kaum etwas politisch so unerw\u00fcnscht wie der spezielle Hass radikaler Muslime auf Juden. Sichtbar bei dem Massaker im j\u00fcdischen Supermarkt in Paris. Die \u00f6ffentlich-rechtliche \u00bbTagesschau\u00ab vermeldete: \u00bbBei der Geiselnahme von Paris starben vier Geiseln, wohl durch Sch\u00fcsse des sp\u00e4ter get\u00f6teten muslemischen Geiselnehmers.\u00ab Geiseln starben also, wurden nicht ermordet und dass es Juden waren, sollte der Nachrichtenkonsument lieber nicht erfahren. Islamische Gewalt wird nicht nur in K\u00f6ln ausgeblendet. Solche F\u00e4lle feigen Einknickens und fataler Wirklichkeitsbeugung sind es, die die Freiheit des Westens untergraben.<br \/>\nVerfolgung und Vertreibung bis zum Genozid an etwa sechs Millionen europ\u00e4ischen Juden in der Zeit des Nationalsozialismus. Nach 1945 gab es in Deutschland keine politisch organisierte Massenbewegung und keine staatlich propagierte und vollstreckte Ideologie mehr.<br \/>\nDie Gefahr besteht im Hass gegen Israel von Seiten des Islam. Schachz\u00fcge der islamischen Hamas gegen die Juden m\u00fcsste man zur Pflichtlekt\u00fcre unserer Politiker und Journalisten machen. Da wird kein Szenario der ewigen Feindschaft projiziert, sondern ein &#8222;Hoffnungs-schimmer&#8220; aufgezeigt; Es gibt keine L\u00f6sung f\u00fcr den Nahost-Konflikt und nur ein Mittel, die Gefahr f\u00fcr Israel dauerhaft zu beseitigen: n\u00e4mlich der islamischen Welt zu zeigen, dass die Glaubens\u00fcberzeugungen der radikal-islamischen Bewegungen bez\u00fcglich Israel auf Fehlinterpretationen der islamischen Geschichte und der Lehre des Koran beruhen.<\/p>\n<p>F\u00fcr Israel ist die Zwei-Staaten-L\u00f6sung zur Frage des freiwilligen Einstimmens in die eigene Vernichtung geworden. Als Keimzelle des &#8222;internationalen&#8220; Terrorismus k\u00f6nnte Pal\u00e4stina eine F\u00fchrungsrolle einnehmen. Die Hamas bestreitet das Existenzrecht Israels. In ihrer Bejahung von Mord und Meuchelmord kn\u00fcpft sie an Arafats Kurs an (der mit dem Friedensnobelpreis geehrt wurde).<br \/>\nAugustin hat einmal gesagt, Staaten, die Recht und Gesetz nicht anerkennen und das Existenzrecht anderer prinzipiell in Frage stellen, sind in Wirklichkeit nichts anderes als \u00fcberdimensionale R\u00e4uberbanden.<br \/>\nZwei Tage nach der Vernichtung der T\u00fcrme in New York stellte Adrienne Goehler, damals Senatorin f\u00fcr Wissenschaft, Forschung und Kultur in der rot-gr\u00fcnen Berliner Regierung klar: \u00bb und nat\u00fcrlich steht dieses World Trade Center nicht etwa f\u00fcr eine Zivilgesellschaft, sondern es ist das schlechthinnige Symbol f\u00fcr Globalisierung, f\u00fcr Kapitalismus, f\u00fcr Weltmacht. Und dieses Symbol wurde angegriffen. Sofort geizt die Sorge der Sanatorien nicht etwa k\u00fcnftigen Opfern des Islamismus-Islam, sondern einer S\u00fcndenbockbildung, die eine ganze Religion, einen ganzen Erdteil m\u00f6glicherweise in Diskredit bringt. 14 Jahre nach 9\/11 bekannte der marokkanische Schriftsteller Abdellah Taia, dass der Anschlag eine ungewollte Freude bei vielen Muslimen ausl\u00f6ste, und er diese seine Freudeheute als schrecklichen und erschreckenden Irrtum sieht.<br \/>\nAber es gibt da auch die Gewalt gegen islamische Frauen und Ehefrauen. Die DITIB vertreibt weiterhin eine Islam-Fibel mit dem Titel \u00bbErlaubtes und Verwehrtes\u00ab, in welcher das Schlagen von Ehefrauen als ad\u00e4quates Verhalten dargestellt wird. Eine \u00c4u\u00dferung von Ali Erbas, Pr\u00e4sident der t\u00fcrkischen Religionsbeh\u00f6rde, sorgte f\u00fcr heftige Kritik, als er Homosexualit\u00e4t mit Krankheiten in Verbindung brachte. Eine Distanzierung der DITIB in Deutschland blieb aus.<br \/>\nKeine andere Religion hat die Frauen wegen angeblich fehlenden Intellekts derart als zweitklassiges Wesen behandelt.<br \/>\nAbdellah Taia Erinnerung daran, dass es in der islamischen Welt einmal mehr Gedankenfreiheit gab als heute, nennt den Grund f\u00fcr ihren zivilisatorischen Niedergang. Er liegt in der Abschaffung jener Gedankenfreiheit, die der muslimische Philosoph Averroes (1126-1198) durch die Einf\u00fchrung der Vernunft als Instrument zur Welterkenntnis begr\u00fcnden wollte. In deutschen Talkshows verweist der Vorsitzende des Zentralrats der Muslime zuweilen auf die gro\u00dfe philosophische Tradition des Islam und nennt als Beispiel gern Averroes. Das dessen Denken vom Islam eliminiert wurde, dass seine Schriften verbrannt wurden, verschweigt er.<br \/>\nAbdellah Taia beschreibt, die folgenden schon vor dem Auftauchen des Islamismus beherrschte das religi\u00f6se Feld Marokko ihre Religion wurde nicht genutzt, um dem Individuum zu erm\u00f6glichen, sich zu befreien und zu sich selbst zu finden, zu seinem K\u00f6rper, zu seinem eigenen Denken, sondern eher dazu, es zu hetzen, einzuholen und daran zu hindern, aus der Gruppe auszubrechen. Damit erteilt der muslimische Schriftsteller jenen eine Abfuhr, die einen solchen Islam als zu Deutschland geh\u00f6rig betrachten. F\u00fcr den Schriftsteller geh\u00f6rt ein vernunftfeindlicher Islam wieder in die islamische und schon gar nicht in die westeurop\u00e4ische Welt, die f\u00fcr die Freiheitsuche Nordafrikas der einzige Lichtblick sei, ohne den sie verzweifeln w\u00fcrden. Die deutsche Regierung hingegen will der Bev\u00f6lkerung diesen Islam als \u00bbkulturelle Bereicherung\u00ab einer bunten Republik schmackhaft machen, diskussionslos, par ordre du mufti.<\/p>\n<p>Mann und Frau seien wesensverschieden, der sichtbare Frauenleib gef\u00e4hrde die \u00f6ffentliche Ordnung\u00ab. Es geht also darum, dass keine religi\u00f6se Gruppierung das Recht hat, M\u00e4dchen oder Knaben ungleich zu behandeln und dass in Deutschland das Grundgesetz \u00bbAlle Menschen sind gleich\u00ab G\u00fcltigkeit vor solchen \u00bbislamischen Vorschriften\u00ab hat. Wenn eine Religion die v\u00f6llige Unterstellung der Frau unter die Autorit\u00e4t des Mannes fordert, oder religi\u00f6se Anschauungen dazu herangezogen werden, eine solche Unterstellung zu rechtfertigen, dann sind der Religions- und Glaubensfreiheit Grenzen zu setzen.<br \/>\nDer von der DITIB gelehrte Islam will das Dogma durchsetzen, dass sich muslimische Kinder anders zu sch\u00e4men h\u00e4tten als biodeutsche Kinder; M\u00e4dchen noch einmal anders als Knaben. Mann und Frau seien wesensverschieden (Sure 2,228 Und die M\u00e4nner stehen bei alledem eine Stufe \u00fcber den Frauen), der sichtbare Frauenleib gef\u00e4hrde die \u00f6ffentliche Ordnung. Wobei die Frau im authentischen Islam immer wesentlich nackter ist als der Mann, nicht zuletzt ihr Haar. Das Haupthaar der islamisch verwalteten Frau wird zum Schamhaar.<br \/>\nDie DITIB vertreibt weiterhin eine Islam-Fibel mit dem Titel \u00bbErlaubtes und Verwehrtes\u00ab, in welcher das Schlagen von Ehefrauen als ad\u00e4quates Verhalten dargestellt wird. Eine \u00c4u\u00dferung von Ali Erbas, Pr\u00e4sident der t\u00fcrkischen Religionsbeh\u00f6rde, sorgte f\u00fcr heftige Kritik, als er Homosexualit\u00e4t mit Krankheiten in Verbindung brachte. Eine Distanzierung der DITIB in Deutschland blieb aus.<br \/>\nEs geht darum, dass keine religi\u00f6se Gruppierung das Recht hat, M\u00e4dchen oder Knaben ungleich zu behandeln und dass in Deutschland das Grundgesetz \u00bbAlle Menschen sind gleich\u00ab G\u00fcltigkeit \u00bbvor\u00ab solchen religi\u00f6sen Vorschriften hat. Wenn eine Religion die v\u00f6llige Unterstellung der Frau unter die Autorit\u00e4t des Mannes fordert, oder religi\u00f6se Anschauungen dazu herangezogen werden, eine solche Unterstellung zu rechtfertigen, dann sind der Religions- und Glaubensfreiheit Grenzen zu setzen. Oder w\u00fcrden wir bei allen F\u00e4llen von \u00bbdeutschen Rassismus\u00ab auch verlangen, dass erst eine bestimmende kritische Masse erreicht sein muss, damit man sich des Themas annimmt?<br \/>\n\u00bbKinder werden altersgerecht an den islamischen Glauben herangef\u00fchrt.\u00ab Nun ist es aber so &#8211; der von der DITIB gelehrte Islam will unter anderem das Dogma durchsetzen, dass sich muslimische Kinder anders zu sch\u00e4men h\u00e4tten als biodeutsche Kinder; M\u00e4dchen noch einmal anders als Knaben. Mann und Frau seien wesensverschieden.\u00ab. Wenn es unbestreitbar vorkommt, dass Menschen mit muslimischen Migrationshintergrund Werte vertreten, die f\u00fcr uns problematisch sind, Frauenbild, Religionsbild, Israel-Bild, wie kann man Pr\u00e4vention leisten oder dieses Werteverst\u00e4ndnis sogar umformen? Kitas und Schulen kommt dabei eine zentrale Rolle zu. Denn sie sind der biografische letzte Ort, an dem wir muslimische Jugendliche zuverl\u00e4ssig erreichen. Dies ist einer von vielen Punkten, warum eine muslimische Kita nicht zielf\u00fchrend ist.<br \/>\nOder w\u00fcrden wir bei allen F\u00e4llen von \u00bbdeutschen Rassismus\u00ab auch verlangen, dass erst eine bestimmende kritische Masse erreicht sein muss, damit man sich des Themas annimmt? Die Frage lautet also: Wenn es unbestreitbar vorkommt, dass Menschen mit muslimischen Migrationshintergrund Werte vertreten, die f\u00fcr uns problematisch sind, Frauenbild, Religionsbild, Israel-Bild, wie kann man Pr\u00e4vention leisten oder dieses Werteverst\u00e4ndnis sogar umformen?<br \/>\nKitas und Schulen kommt dabei eine zentrale Rolle zu. Denn sie sind der biografische letzte Ort, an dem wir muslimische Jugendliche zuverl\u00e4ssig erreichen. Dies ist einer von vielen Punkten, warum eine muslimische Kita nicht zielf\u00fchrend ist.<br \/>\nIn einer Studie von 2013 wurde nachgewiesen, dass Fundamentalismus unter den in Europa lebenden Muslimen deutlich weiter verbreitet ist als unter Christen: 65 % sagen, dass Ihnen religi\u00f6se Regeln wichtiger sind als die Gesetze unseres Landes.<br \/>\n29.7.2023,<br \/>\nKlaus Dietz, Rheinfelden<\/p>\n<p>Lieber Herr Dietz, sie s\u00e4en Hass und befeuern Streit. W\u00e4r&#8217;s nicht viel besser, wenn Sie Ihren Aufwand einem gut-geschwisterlichen Miteinander zugutekommen lie\u00dfen?<br \/>\nA.Sch.<br \/>\n.<br \/>\nDie Frage ist falsch gestellt. Das Judentum ist eine Religion, kein Volk oder Land. Ebenso wie Islam oder Christentum, Buddhismus oder andere. Einer Religion kann man nicht den Krieg erkl\u00e4ren. Man kann ihr anh\u00e4ngen oder sie ablehnen. Was hier augenscheinlich geschieht ist, Intoleranz gegen andere zu \u00fcben w\u00e4hrend man selbst f\u00fcr sich Toleranz verlangt.<br \/>\nTh.L.<br \/>\n.<br \/>\nEin fundierter Beitrag von Dr. Michael Saurer, der zweierlei verdeutlicht: 1. Nicht wir Abendl\u00e4ndler, sondern der Islam (Hochschulen in Kairo, Baghdad, Mekka, Qom\/Iran, &#8230; ) selbst ist f\u00fcr eine etwaige Neuinterpretation des Koran zust\u00e4ndig. 2. Gleichzeitig jedoch brauchen wir viele Ourghis, die Denkanst\u00f6\u00dfe f\u00fcr eine offene Diskussion hierzulande geben.<br \/>\nE.K.<br \/>\nEnde Kommentare<\/p>\n<p>&nbsp;<\/p>\n<p><strong>Stiftung will dem Islam-P\u00e4dagogen Ourghi die Lehrerlaubnis entziehen<\/strong><br \/>\n<em>Die Ausbildung islamischer Religionslehrer im Land soll eine Stiftung regeln. Dem Freiburger Religionsp\u00e4dagogen Abdel-Hakim Ourghi will sie die Lehrerlaubnis entziehen. Ist er ein abservierter Reformer?<br \/>\n<\/em><br \/>\nEs ist Freitagnachmittag. Es hat 34 Grad, und die Hitze wird durch die Steinplatten auf dem Freiburger <a href=\"https:\/\/www.freiburg-schwarzwald.de\/blog\/regio\/freiburg\/platz-der-alten-synagoge\/\">Platz der Alten Synagoge<\/a> noch reflektiert. Abdel-HakimOurghi hat sich f\u00fcr den Tag elegant gekleidet, steht mit langer, blauer Stoffhose und im lang\u00e4rmelige wei\u00dfen Hemd auf dem Platz und wartet darauf, seine Rede halten zu k\u00f6nnen. Immer wieder wischt er sich den Schwei\u00df vom Gesicht. Aber er wartet geduldig in der prallen Sonne auf seinen Einsatz, die Rede ist ihm ein pers\u00f6nliches Anliegen.<br \/>\nEs ist eine Kundgebung gegen den Antisemitismus. Oberb\u00fcrgermeister Martin Horn hat das Wort ergriffen, Irina Katz, die Vorsitzende der israelitischen Gemeinschaft hat gesprochen wie auch Michael Blume, der Antisemitismusbeauftragte des Landes. Als letzter Redner betritt Ourghi die B\u00fchne. Der geb\u00fcrtige Algerier, sunnitischer Muslim und als Leiter des Fachbereichs Religionsp\u00e4dagogik an der P\u00e4dagogischen Hochschule in Freiburg f\u00fcr die Ausbildung von islamischen Religionslehrern zust\u00e4ndig, soll als Vertreter des Islams etwas zum auch unter manchen Muslimen verbreiteten Judenhass sagen. Ourghi wei\u00df, dass alles was er nun sagt, von Gewicht ist. Er hat kaum mit seiner Rede angefangen, als eine Gruppe von jungen M\u00e4nnern arabischen Aussehens aggressiv herantritt. Einer schreit Ourghi an. &#8222;Was war 1948? Ihr t\u00f6tet unsere Kinder!&#8220; Er ger\u00e4t in Rage, schreit den Satz immer wieder in Richtung der B\u00fchne, so lange bis die Polizei eingreift und ihn zur\u00fcckdr\u00e4ngt. Wusste der junge St\u00f6rer nicht, dass es ein Muslim ist, der gerade spricht? Oder war es gerade die Tatsache, dass ein Muslim auf einer israelfreundlichen Kundgebung auftritt, die ihn w\u00fctend machte?<br \/>\nEs w\u00e4re nicht das erste Mal im Leben Ourghis, dass er Vertreter seiner eigenen Religionsgemeinschaft gegen sich aufbringt. Seit Jahren schon streitet der promovierte Islamwissenschaftler mit den islamischen Verb\u00e4nden in Deutschland, wirft ihnen Kulturzentrismus und das Festhalten an fundamentalistischen Positionen vor.<br \/>\n&#8230; Alles vom 28. Juni 2021 von Michael Saurer bitte lesen auf<br \/>\n<a href=\"https:\/\/www.badische-zeitung.de\/stiftung-will-dem-islam-paedagogen-ourghi-die-lehrerlaubnis-entziehen--202975036.html\">https:\/\/www.badische-zeitung.de\/stiftung-will-dem-islam-paedagogen-ourghi-die-lehrerlaubnis-entziehen&#8211;202975036.html<\/a><\/p>\n<p>.<\/p>\n<p>Kommentare:<br \/>\n<strong>Konfessioneller Unterricht hat an Schulen nichts zu suchen.<\/strong><br \/>\nNotwendig ist ein f\u00fcr alle verbindlicher, einheitlicher Ethik-Unterricht, in dem alle gro\u00dfen Religionen und der Atheismus sachlich dargestellt werden. Und das von an staatlichen Hochschulen ausgebildeten P\u00e4dagogen.<br \/>\n28.6.2021, Bernd Engesser, BZO<br \/>\n.<br \/>\n<strong>Ausbreitung des Islam erzwingt Trennung von Kirche\/Religion und Staat<\/strong><br \/>\nMit der Ausbreitung des Islam in Deutschland stellt sich Frage nach der <a href=\"https:\/\/www.freiburg-schwarzwald.de\/blog\/religion\/kirche-staat\/\">Trennung von Kirche\/Religion und Staat<\/a> neu und dringlich. Wenn neben der kritischen Religionswissenschaft weiterhin auch bekenntnisgebundene (ev und kath) Theologie als ordentliches Lehrfach an den Universit\u00e4ten bleiben soll, dann m\u00fcssen auch islamische Theologie-Lehrst\u00fchle (Fachrichtungen Sunna, Schia, Aleviten, &#8230;) an den Universit\u00e4ten eingerichtet und vom Staat finanziert werden.<br \/>\nDie Migrationspolitik f\u00fchrt zu einer rasanten Zunahme muslimischer Sch\u00fcler. Damit gibt es zwei M\u00f6glichkeiten:<br \/>\nEntweder Einf\u00fchrung des Laizismus (wie in Frankreich) als strenger Trennung von Kirche und Staat. Religionsunterricht als au\u00dferschulische Privatsache. Dem werden sich die christlichen Kirchen widersetzen, da sie all ihre Privilegien aus fr\u00fcheren Konkordaten nicht aufgeben werden.<br \/>\nOder aber der Status quo bleibt. In diesem Fall werden Islam-Gemeinschaften in K\u00fcrze vor dem Verfassungsgericht klagen und nat\u00fcrlich dieselben Rechte wie die christlichen Kirchen erhalten: Neben den evangelischen und katholischen gibt es dann gleichberechtigt auch Islam-Reiigionsunterrichtsangebote an den Schulen &#8211; mit Religionslehrern, deren Ausbildung vom Staat organisiert und finanziert wird.<br \/>\nFazit: Schuld an der Misere sind neben dem schwachen Staat die christlichen Kirchen, die ihre Privilegien (Steuern, Zusch\u00fcsse, &#8230;) und damit finanzielle Macht um jeden Preis erhalten werden &#8211; auch um den Preis des dadurch drohenden religi\u00f6sen Unfriedens.<br \/>\n28.6.2021, Ekkehard Kaier, Freiburg, BZO<br \/>\n.<\/p>\n<p><strong>Fehlende Trennung von Religion und Staat &#8211; Islam-P\u00e4dagoge Ourghi<\/strong><br \/>\nDer Text \u00fcber den Fall des Islam-P\u00e4dagogen Ourghi ist sauber recherchiert und gut lesbar, geht aber leider am Kern des Problems vorbei. Dass traditionell-konservativ gepolte sunnitische Verb\u00e4nde Ourghi die Lehrbefugnis entziehen wollen, ist nur ein Nebenkriegsschauplatz.<br \/>\nDenn das urs\u00e4chliche, weit \u00fcber diesen Einzelfall hinausgehende Problem liegt darin, dass in Deutschland wegen der fehlenden, nie wirklich vollzogenen Trennung von Religion\/Kirche und Staat ein staatlich garantierter und finanzierter Religionsunterricht existiert, in dem die Lehr- und Lerninhalte \u2013 anders als in allen anderen Unterrichtsf\u00e4chern \u2013 nicht vom demokratischen Staat und unter Kontrolle des Parlaments festgelegt werden, sondern von irgendwelchen geistlichen W\u00fcrdentr\u00e4gern, die teilweise nicht einmal in Deutschland sitzen, sondern irgendwo sonst, und die deshalb auch nicht von deutschen Beh\u00f6rden oder Gerichten kontrolliert werden (k\u00f6nnen). Allerdings nimmt man seit jeher ungefragt hin, dass beim r\u00f6misch-katholischen Religionsunterricht letztlich der Papst in Rom bestimmt, was Sache ist.<br \/>\nErst seitdem sich die Politik krampfhaft darum bem\u00fcht, neben dem klassischen, staats- und kirchentreuen evangelischen und r\u00f6misch-katholischen Religionsunterricht auch noch f\u00fcr alle m\u00f6glichen sonstigen Bekenntnisse Religionsunterricht an \u00f6ffentlichen Schulen zu etablieren, f\u00e4llt auf und wird \u00f6ffentlich diskutiert, dass beim sunnitischen Islamunterricht vermutlich letztendlich der t\u00fcrkische Staatspr\u00e4sident bestimmt, wer dort was tun darf oder tun muss.<br \/>\nSo sympathisch uns Herr Ourghi als aufgekl\u00e4rter Moslem auch sein mag: Sein Fall ist nur ein Beleg daf\u00fcr, dass es an der Zeit w\u00e4re, in einem Land, in dem an vielen Schulen der Anteil der nicht-religi\u00f6sen Sch\u00fclerinnen und Sch\u00fcler gr\u00f6\u00dfer ist als die der evangelischen, katholischen, j\u00fcdischen und muslimischen zusammen, den konfessionellen Religionsunterricht abzuschaffen und f\u00fcr Kinder und Jugendliche aller Glaubens- und Denkrichtungen einen verbindlichen Ethikunterricht einzuf\u00fchren (egal, wie das Fach hei\u00dft, Hauptsache es ist f\u00fcr alle Pflicht), in dem selbstverst\u00e4ndlich eine wissenschaftlich fundierte, also im besten Sinne kritische Information \u00fcber Religionen und Glaubensrichtungen ihren legitimen und notwendigen Platz hat.<br \/>\n13.7.2021, Michael Rux, Freiburg, BZ<br \/>\n.<br \/>\nEnde Kommentare\/Leserbriefe<\/p>\n<p>&nbsp;<\/p>\n<p>.<br \/>\n<strong>Krank an sich selbst: Warum die islamische Kultur dringend eine sexuelle Erziehung ben\u00f6tigt<\/strong><br \/>\nMehr denn je bedarf es eines innerislamischen Therapieprozesses auf der Basis eines Aufkl\u00e4rungsprogramms, findet der Religionsp\u00e4dagoge Abdel-Hakim Ourghi. Eine Analyse nach den Vergewaltigungen in Freiburg. &#8230;<br \/>\nAuf diese Grundlagen (Koran) legte das islamische Recht im Laufe der Jahrhunderte den Grundstein zur Geringsch\u00e4tzung der muslimischen Frauen. Im Interesse der m\u00e4nnlichen Herrschaft, die K\u00f6rper und Geist der Frauen um jeden Preis beherrschen will, werden sie auf sexuelle Objekte reduziert. Neben Dingen und Tieren werden sie als komplement\u00e4rer sexueller Genuss behandelt, denn als Werkzeug erf\u00fcllen sie die Funktion, das m\u00e4nnliche Gem\u00fct zu befriedigen.<br \/>\n&#8230;. Alles zu &#8222;Krank an sich selbst&#8220; von Abdel-Hakim Ourghi vom 10.11.2018 bitte lesen auf<br \/>\n<a href=\"https:\/\/www.badische-zeitung.de\/freiburg\/warum-die-islamische-kultur-dringend-eine-sexuelle-erziehung-benoetigt--159160962.html\">https:\/\/www.badische-zeitung.de\/freiburg\/warum-die-islamische-kultur-dringend-eine-sexuelle-erziehung-benoetigt&#8211;159160962.html<\/a><\/p>\n<p><strong>\u00a0Ourghi produziert rassistische Bilder<\/strong><br \/>\nDer Beitrag von Herrn Ourghi erzeugt keine heterogenen Bilder, wenn er von &#8222;islamischer Kultur&#8220; spricht und dieser, mit Hilfe ausgesuchter Textstellen aus dem Koran und anderen Deutungsquellen, kollektive Identit\u00e4ten unterstellt. Mit Statements wie &#8222;. . . die Menschen aus dem arabisch-islamischen Raum sind in den Fesseln einer unaufgekl\u00e4rten Kultur gefangen &#8230;&#8220; produziert er antimuslimische und rassistische Bilder von &#8222;r\u00fcckst\u00e4ndigen Menschen&#8220;, die er mit Hilfe innerislamischer Therapieprozesse Vernunft lehren m\u00f6chte.<br \/>\nBetroffen von Herrn Ourghis Generalisierung sind aber leider nicht nur gl\u00e4ubige Muslime, sondern alle, denen aufgrund bestimmter \u00e4u\u00dferlicher Merkmale, ihrer Herkunft oder Kultur wegen einfach ein islamischer Glaube unterstellt wird.<br \/>\n16.11.2018, Annette Joggerst, Freiburg<br \/>\nZu: &#8222;Krank an sich selbst&#8220;, Essay von Abdel-Hakim Ourghi vom\u00a010. November 2018<br \/>\n<strong>&#8222;Refugees welcome&#8220;-Bef\u00fcrworter sollten Islam-Essay von Ourghi lesen<\/strong><br \/>\nWenn nun all die gr\u00fcn-linken-roten Bef\u00fcrworter von &#8222;Refugees welcome&#8220; den Essay (&#8222;Krank an sich selbst&#8220;) des Islamwissenschaftlers Abdel-Hakim Ourghi lesen w\u00fcrden, k\u00f6nnte der eine oder andere vielleicht verstehen, dass es in Deutschland Menschen gibt, die eine Islamisierung Deutschlands vermeiden wollen. Aktuelle kriminelle Situationen, durch geistlose Islamisten verursacht, gibt es genug in unserem sch\u00f6nen Land.<br \/>\n24.11.2018, Hans Hammerschmidt, Gengenbach, BZ<br \/>\n&#8220;<\/p>\n<p>&nbsp;<\/p>\n<p>&nbsp;<\/p>\n<p><strong>Islam-Lehrstuhl an PH Freiburg &#8211; Islamverb\u00e4nde?<\/strong><br \/>\nAn der P\u00e4dagogischen Hochschule (PH) in Freiburg gilt es den Lehrstuhl f\u00fcr islamische Religionsp\u00e4dagogik zu besetzen, um muslimische Religionslehrer ausbilden zu k\u00f6nnen. Das ist bisher nicht gegl\u00fcckt. In Medienberichten hei\u00dft es nun, die Besetzung sei am Widerstand konservativer Islamverb\u00e4nde in Deutschland gescheitert, die verhindern wollten, dass Abdel-Hakim Ourghi den Lehrstuhl bekommt. Er unterrichtet das Fach bisher an der PH und gilt als Vertreter eines liberalen Islams. Auch er hat sich auf den Lehrstuhl beworben.<br \/>\nAlles vom 4.5.2018 bitte lesen auf<br \/>\n<a href=\"https:\/\/www.badische-zeitung.de\/freiburg\/islam-lehrstuhl-an-der-ph-freiburg-noch-nicht-besetzt-da-es-anscheinend-keine-geeigneten-bewerber-gi--152280811.html\">https:\/\/www.badische-zeitung.de\/freiburg\/islam-lehrstuhl-an-der-ph-freiburg-noch-nicht-besetzt-da-es-anscheinend-keine-geeigneten-bewerber-gi&#8211;152280811.html<\/a><\/p>\n<p>&nbsp;<\/p>\n<p><strong>Menschen wie Ourghi brauchen wir<\/strong><br \/>\nZur richtigen Einordnung: Laut BZ vom 24.3.2015 wurde das Islamische Zentrum mit Sitz in der Hugstetterstrasse in Freiburg seinerzeit vom Landesverfassungsschutz aufgrund des Bezugs zur Milli-G\u00f6rus-Bewegung beobachtet. Das legt nahe, dass dort ein sehr konservativer, r\u00fcckw\u00e4rtsgewandter Islam beheimatet ist. Herr Ourghi spricht mit seinen 40 Thesen nur aus, was in einer freien und offenen Gesellschaft wie Deutschland , isbesondere aber in einer sehr liberalen Stadt wie Freiburg l\u00e4ngst Mehrheitsmeinung ist.<br \/>\nDie islamische Religion braucht umw\u00e4lzende Ver\u00e4nderungen, wie sich der christliche Glaube im Laufe seiner Geschichte schon durchlaufen hat. Die Schlagw\u00f6rter sind Reformation und Aufkl\u00e4rung. Eine Gesellschaft wie die in Deutschland braucht Menschen wie Herrn Ourghi mit eigenst\u00e4ndigem Ich, die eigenst\u00e4ndig denken und handeln. Das als Beleidigung des Islam zu diffamieren, zeigt die religi\u00f6s fundamentalistische Denkweise des Islamischen Zentrums.<br \/>\n22.10.2017, Ralf Pfirrmann, Freiburg, <a href=\"https:\/\/www.der-sonntag.de\">www.der-sonntag.de<\/a><\/p>\n<p>.<\/p>\n<p><strong>Ramadan-Marsch in K\u00f6ln ohne Mehrheit<\/strong><br \/>\nWarum statt der angek\u00fcndigten 10.000 zum Start der Demo nur knapp 500 kamen, erkl\u00e4rt der Islam-Gelehrte Abdel-Hakim Ourghi. Das lag nicht nur an der Ditib. Es lag vor allem an den Veranstaltern: den Schriftgl\u00e4ubigen Lamya Kaddor, Religionslehrerin, und Aiman Mazyek, dem Vorsitzenden des orthodoxen &#8222;Zentralrats der Muslime&#8220;.<br \/>\n&#8230;<br \/>\nLamya Kaddor, die den &#8222;Ramadan-Friedensmarsch&#8220; in K\u00f6ln initiiert hat, sagt: MuslimInnen m\u00fcssten sich nicht von islamistischen Gewaltt\u00e4tern distanzieren, da diese Gewalt mit dem Islam nichts zu tun habe.<br \/>\nWas f\u00fcr ein eleganter Unsinn! Nat\u00fcrlich hat der Islam mit der Gewalt zu tun. Uns alle, Friedliebende wie Terroristen, verbindet diese Religion! Zu behaupten, diese Islamisten seien keine Muslime, das ist doch Augenwischerei und hat nichts mit der Realit\u00e4t zu tun. Denn diese &#8222;heiligen Krieger&#8220; werden weder in Synagogen noch in Kirchen radikalisiert, sondern in Moscheen. Und sie bezeichnen sich auch noch als die \u201ebesseren Muslime\u201c. Wir m\u00fcssen also endlich dazu stehen, dass Muslime im Namen des Islams morden. Den Islamisten dienen doch etliche medinensische Koranpassagen als Handlungsanleitung &#8211; und auch das Handeln des Propheten selbst. Also kanonische Quellen der islamischen Rechts- und der Religionslehre. Dar\u00fcber hinaus beruft sich der islamistische Terror auf eine Gewalt propagierende, theologisch gut fundierte Ideologie. Dass es zum Beispiel im Koran Passagen gibt wie die Sure 9 Vers 29, die dazu auffordert, Krieg gegen alle diejenigen zu f\u00fchren, die nicht zu der wahren Religion geh\u00f6ren. Also auch gegen Juden und Christen. Das einzugestehen, w\u00e4re ein erster Schritt in Richtung L\u00f6sung. Wir brauchen endlich den Mut, die Probleme zu benennen und das kollektive Verdr\u00e4ngen zu beenden.<br \/>\n.<br \/>\nSehen Sie diesen Mut nicht?<br \/>\nNein. Die enge Verbindung des Islams mit der Gewalt wird von der Mehrheit der in Europa lebenden Muslime verschwiegen und gegen\u00fcber den nicht-muslimischen Gesellschaften Europas ausgeblendet.<br \/>\n&#8230;<br \/>\nNun z\u00e4hlt ausgerechnet der scharia-nahe Zentralrat der Muslime zu den ersten Unterst\u00fctzern der &#8222;Ramadan-Friedensdemo&#8220; in K\u00f6ln.<br \/>\nIronie des Schicksals, na ja, jeder darf ja demonstrieren. Aber nat\u00fcrlich tragen genau diese Dachverb\u00e4nde die volle Verantwortung daf\u00fcr, dass der Islam bei uns in Deutschland so konservativ, ja r\u00fcckschrittlich ausgelegt wird. Diese Verb\u00e4nde haben kein Interesse an der Aufkl\u00e4rung des Islams. Sie sind verantwortlich f\u00fcr den Reformstau des Islams im gesamten Westen. Sie sind es auch, die jede Kritik am Islam mit den Labels \u201eRassismus\u201c und \u201eIslamophobie\u201c versehen. Dabei ist es keineswegs rassistisch, den Islam zu kritisieren; schon weil ja Religion in sich keine Rasse, keine unab\u00e4nderliche Gegebenheit ist. An seiner Herkunft kann man nichts \u00e4ndern. An der eigenen Religion aber kann man schon einiges \u00e4ndern. Und Sie m\u00fcssen bedenken, dass sich nur maximal 15 Prozent der hier lebenden Muslime von diesen etablierten Verb\u00e4nden vertreten f\u00fchlen. Wir haben also eine schweigende Mehrheit. Wir liberalen Musilme wollen jedoch diese r\u00fcckschrittlichen Verb\u00e4nde nicht nur kritisieren. Wir wollen auch Alternativen anbieten &#8211; und damit diese schweigende Mehrheit erreichen.<\/p>\n<p>Wie sehen Ihre Alternativen denn aus?<br \/>\nWir brauchen eine Freiheit der Interpretation und das Begraben der wortw\u00f6rtlichen Auslegung! Das Letztere ist eine chronische Krankheit, worunter bis heute die kollektive Identit\u00e4t der Muslime leidet. Der Koran muss kritisiert werden d\u00fcrfen. Wir m\u00fcssen auch die sogenannte Tradition des Propheten in Frage stellen d\u00fcrfen. Da gibt es \u00dcberlieferungen, die mit der heutigen Realit\u00e4t nichts zu tun haben. Und wir m\u00fcssen uns befreien von der Autorit\u00e4t der Gelehrten als Vermittler der absoluten Wahrheit, als Vertreter von Gott auf Erden. Indem wir uns unseres Verstandes bedienen, frei nach Immanuel Kant.<\/p>\n<p>Geh\u00f6rt der Islam eigentlich Ihrer Meinung nach zu Deutschland?<br \/>\nDas ist doch die v\u00f6llig falsche Frage! Die richtige Frage lautet: Welchen Islam wollen wir in Deutschland? Wie sieht die humanistische Alternative zu der Intoleranz, bis hin zur Gewalt der Islamisten aus? Und auch die Alternative zu den konservativen Muslimen! Es geht um die Reform des Islams auf der Grundlage der reflektierenden Vernunft &#8211; und die muss innerislamisch stattfinden. Durch eine \u00f6ffentliche Debatte, in der auch Muslime ungestraft sagen d\u00fcrfen, was sie wirklich denken. Hier in Deutschland hat man ja manchmal auch als Muslim schon Angst, seine Meinung zu sagen, weil jede differenzierte Islamkritik st\u00e4ndig mit Beleidigungen verwechselt, ja sogar als &#8222;Rassismus&#8220; oder &#8222;Islamophobie&#8220; diffamiert wird.<br \/>\n&#8230; Komplettes Interview vom 15.6.2017 mit Abdel-Hkim Ourghi vom bitte lesen auf<br \/>\n<a href=\"https:\/\/www.emma.de\/artikel\/prof-ourghi-marschiert-nicht-mit-334523\">https:\/\/www.emma.de\/artikel\/prof-ourghi-marschiert-nicht-mit-334523<\/a><br \/>\n.<br \/>\n.<\/p>\n<p><strong>Freiburger Deklaration s\u00e4kularer Muslime<\/strong><br \/>\nGemeinsame Erkl\u00e4rung s\u00e4kularer Muslime in Deutschland, \u00d6sterreich und der Schweiz (Freiburger Deklaration) &#8230;..<br \/>\nWir stehen f\u00fcr ein humanistisches, modernes und aufgekl\u00e4rtes Islamverst\u00e4ndnis im zeitgem\u00e4\u00dfen Kontext und verstehen uns selbst als s\u00e4kulare Musliminnen und Muslime. Unserem Koranverst\u00e4ndnis nach beruht der Glaube auf der ganz pers\u00f6nlichen und individuellen Beziehung des Einzelnen zu Gott. Der Glaube stellt eine Quelle dar f\u00fcr Spiritualit\u00e4t, Resilienz und innere St\u00e4rke.<br \/>\n<a href=\"https:\/\/freiburger-deklaration.info\/\">https:\/\/freiburger-deklaration.info\/<br \/>\n<\/a>\u00a0 \u00a0.<br \/>\nNicht unterschrieben haben <a title=\"Khorchide \u2013 Islam Scharia Gott\" href=\"https:\/\/www.freiburg-schwarzwald.de\/blog\/khorchide-islam-scharia-gott\/\">Mouhanad Khorchide<\/a> Leiter des Zentrums f\u00fcr Islamische Theologie in M\u00fcnster, sowie der Liberal Islamische Bund (LIB) um die Islamwissenschaftlerin Lamya Kaddor.<br \/>\n.<br \/>\n<strong>Pl\u00e4doyer f\u00fcr eine Reform des Islam<\/strong><br \/>\nDie &#8222;Deklaration s\u00e4kularer Muslime&#8220; fordert eine Islamreform. Initiator ist Abdel-Hakim Ourghi von der P\u00e4dagogischen Hochschule Freiburg. Doch es gibt auch Widerstand. &#8230;.<br \/>\nUnterschrieben haben neben Ourghi auch die Islamkritikerinnen Necla Kelek und Seyran Ates aus Deutschland sowie die Bundestagsabgeordnete Lale Akg\u00fcn (SPD). Doch auch Abgeordnete, Psychologen, Terrorexperten und Soziologen aus der Schweiz und \u00d6sterreich stehen auf der Liste. Insgesamt 15 Namen sind es. Laut Ourghi planen die Unterzeichner einen Rat zu gr\u00fcnden, der staatliche Stellen etwa bei der Einrichtung von islamischem Religionsunterricht unterst\u00fctzen k\u00f6nnte. Damit wollen die s\u00e4kularen Muslime auch den Einfluss konservativer muslimischer Verb\u00e4nde in den Gremien zur\u00fcckdr\u00e4ngen. Ourghi wirft solchen Verb\u00e4nden vor, sie w\u00fcrden mit ihrer konservativen Auslegung der Religion die Radikalisierung junger Muslime f\u00f6rdern.<br \/>\n&#8230;. Alles vom 22.9. 2016 auf<br \/>\n<a href=\"https:\/\/www.badische-zeitung.de\/deutschland-1\/plaedoyer-fuer-eine-reform-des-islams--127472120.html\">https:\/\/www.badische-zeitung.de\/deutschland-1\/plaedoyer-fuer-eine-reform-des-islams&#8211;127472120.html<\/a><\/p>\n<p><strong>Reform des Islam?<\/strong><br \/>\nWenn es in 57 L\u00e4ndern die den Islam mehr oder weniger als Staatsreligion und Politik und Justiz dominierenden Haupteinflussfaktor haben und in Deutschland und 27 anderen europ\u00e4ischen L\u00e4ndern nach 40 Jahren islamischer Immigration nicht gelungen ist, &#8222;den Islam&#8220; innerhalb von 1500 Jahren auch nur ansatzweise zu reformieren, und eines der wenigen vor\u00fcbergehend s\u00e4kularisierten islamischen L\u00e4nder, die T\u00fcrkei, die Uhr in dieser Hinsicht gerade zur\u00fcckdreht, scheint die lobenswerte Initiative Herrn Ourghis ein sehr schwieriges Unterfangen zu sein. Ich w\u00fcnsche ihm dennoch viel Erfolg und alles erdenklich Gute bei seiner Initiative!<br \/>\n22.9.2016, Hans Heidenreich, BO<\/p>\n<p>&nbsp;<\/p>\n<p><strong>PH Freiburg &#8211; Institut der Theologien- Islam-Fachschaft: Dr. Abdel-Hakim Ourghi<\/strong><br \/>\nDas Institut der Theologien vereinigt unter seinem Dach drei Fachbereiche bzw. drei theologische Studienf\u00e4cher: Evangelische Theologie\/Religionsp\u00e4dagogik, Islamische Theologie\/Religionsp\u00e4dagogik und Katholische Theologie\/Religionsp\u00e4dagogik. Die drei Theologien sind getrennte Abteilungen des Instituts, die Lehre und Organisation selbstst\u00e4ndig verantworten. Zugleich ist die interkonfessionelle und interreligi\u00f6se Kooperation der drei F\u00e4cher in Lehre und Forschung ein besonderes Profilmerkmal des Instituts. Auf verschiedenen Ebenen wird sowohl ein Dialog der Konfessionen als auch ein Dialog der Religionen betrieben; dies bildet sich auch in den Studienordnungen der drei F\u00e4cher ab. Besonders ist in diesem Zusammenhang der j\u00e4hrliche christlich-islamische Studientag zu nennen.<br \/>\n<a href=\"https:\/\/www.ph-freiburg.de\/theologie.html\">https:\/\/www.ph-freiburg.de\/theologie.html<\/a><br \/>\n<a href=\"https:\/\/www.ph-freiburg.de\/theologie\/institut\/fachrichtung-islamische-theologie.html\">https:\/\/www.ph-freiburg.de\/theologie\/institut\/fachrichtung-islamische-theologie.html<\/a><br \/>\n.<br \/>\nAs-sal\u0101mu \u02bfalaikum!<br \/>\nHerzlich willkommen auf der Seite der Islamischen Theologie!<br \/>\nWir freuen uns, dass Sie Interesse an unserem Fachbereich haben und laden Sie recht herzlich dazu ein, sich \u00fcber die Inhalte der Islamischen Theologie an der PH Freiburg zu informieren.<br \/>\nSeit dem WS 2010\/11 bietet die P\u00e4dagogische Hochschule Freiburg den LehramtsstudentInnen das Fach &#8222;Islamische Theologie \/ Religionsp\u00e4dagogik&#8220; als Erweiterungsfach an. Mit der Studienordnung von 2011 k\u00f6nnen LehramtsstudentInnen f\u00fcr die Grundschule die &#8222;Islamische Theologie \/ Religionsp\u00e4dagogik&#8220; auch im Rahmen des Kompetenzbereichs 4 w\u00e4hlen.<br \/>\nSeit der Umstellung auf Bachelor- und Masterstudieng\u00e4nge ab dem WS 2015\/16, kann das Fach Islamische Theologie \/ Religionsp\u00e4dagogik nun auch als Hauptfach studiert werden.<br \/>\nDie erfolgreiche Absolvierung des Studiums ist aber nicht automatisch identisch mit einer Lehrerlaubnis f\u00fcr den islamischen Religionsunterricht. Die Erteilung einer solchen Lehrerlaubnis (i\u01e7\u0101za) liegt bei den Religionsgemeinschaften bzw. Tr\u00e4gern des islamischen Religionsunterrichts. Obwohl der Zugang zum Studium der Islamischen Theologie \/ Religionsp\u00e4dagogik nicht konfessionsgebunden ist, wird eine Lehrerlaubnis nur an muslimische LehrerInnen vergeben werden.<\/p>\n<p>Islam-Fachschaft<br \/>\nHerzlich willkommen auf unserer Fachschaftsseite ?<br \/>\nWir sind die Islam-Fachschaft und vertreten eure Interessen auf Abteilungs-, Instituts- und Hochschulebene. Wir versuchen euch beim Studium der Islamischen Theologie\/ Religionsp\u00e4dagogik zu unterst\u00fctzen und eure Fragen zu beantworten.<br \/>\nDerzeit kann unsere Fachschaft auf 14 Mitglieder*innen z\u00e4hlen. Gemeinsam organisieren wir verschiedene Aktivit\u00e4ten, wie z.B. Fachschaftstreffen und Kuchenverk\u00e4ufe, sowie ganz traditionell einen Fastenbrechen im Monat Ramadan. M\u00f6chtet ihr gerne der Fachschaft beitreten? Habt ihr W\u00fcnsche, Fragen oder andere Anliegen, was das muslimische Leben auf dem PH-Campus angeht? Gerne k\u00f6nnt ihr uns kontaktieren und auf unseren Social Media Plattformen folgen!<br \/>\n.<br \/>\n<a href=\"https:\/\/www.ph-freiburg.de\/theologie\/institut\/fachschaften\/islam-fachschaft.html\">https:\/\/www.ph-freiburg.de\/theologie\/institut\/fachschaften\/islam-fachschaft.html<\/a><br \/>\n<a href=\"https:\/\/www.facebook.com\/FachschaftIslamischeTheologiePHFreiburg\/\">https:\/\/www.facebook.com\/FachschaftIslamischeTheologiePHFreiburg\/<\/a><br \/>\nDr. Abdel-Hakim Ourghi<br \/>\nAkademischer Mitarbeiter, Islamische Theologie\/Religionsp\u00e4dagogik<br \/>\nTel 0761 682-521<br \/>\n<a href=\"mailto:abdelhakim.ourghi@ph-freiburg.de\">abdelhakim.ourghi@ph-freiburg.de<\/a><br \/>\n<a href=\"mailto:irpfachschaft@gmail.com\">irpfachschaft@gmail.com<\/a><\/p>\n<p>&nbsp;<\/p>\n","protected":false},"excerpt":{"rendered":"<p>Home &gt;Religion &gt;Islam &gt;Ourghi &nbsp; Listenauswahl eines Beitrags (Artikel\/Datum, Seite\/Inhalt): Klicken oder scrollen Ramadan Fastenzeit \u2013 Frieden\u00a0(20.2.2026) Islamwissenschaftler Ourghi: Mekka, Messina, Judenhass\u00a0 und 7.Oktober 2023 (18.8.2025) Freiburger Islamwissenschaftler Ourghi: \u201eMuslime sollten den Koran nicht wortw\u00f6rtlich lesen\u201c\u00a0(27.10.2023) Buchbesprechung \u201eDie Juden im &hellip; <a href=\"https:\/\/www.freiburg-schwarzwald.de\/blog\/religion\/islam\/ourghi\/\">Weiterlesen <span class=\"meta-nav\">&rarr;<\/span><\/a><\/p>\n","protected":false},"author":2,"featured_media":0,"parent":12111,"menu_order":0,"comment_status":"open","ping_status":"closed","template":"","meta":{"footnotes":""},"class_list":["post-62774","page","type-page","status-publish","hentry"],"_links":{"self":[{"href":"https:\/\/www.freiburg-schwarzwald.de\/blog\/wp-json\/wp\/v2\/pages\/62774","targetHints":{"allow":["GET"]}}],"collection":[{"href":"https:\/\/www.freiburg-schwarzwald.de\/blog\/wp-json\/wp\/v2\/pages"}],"about":[{"href":"https:\/\/www.freiburg-schwarzwald.de\/blog\/wp-json\/wp\/v2\/types\/page"}],"author":[{"embeddable":true,"href":"https:\/\/www.freiburg-schwarzwald.de\/blog\/wp-json\/wp\/v2\/users\/2"}],"replies":[{"embeddable":true,"href":"https:\/\/www.freiburg-schwarzwald.de\/blog\/wp-json\/wp\/v2\/comments?post=62774"}],"version-history":[{"count":5,"href":"https:\/\/www.freiburg-schwarzwald.de\/blog\/wp-json\/wp\/v2\/pages\/62774\/revisions"}],"predecessor-version":[{"id":146399,"href":"https:\/\/www.freiburg-schwarzwald.de\/blog\/wp-json\/wp\/v2\/pages\/62774\/revisions\/146399"}],"up":[{"embeddable":true,"href":"https:\/\/www.freiburg-schwarzwald.de\/blog\/wp-json\/wp\/v2\/pages\/12111"}],"wp:attachment":[{"href":"https:\/\/www.freiburg-schwarzwald.de\/blog\/wp-json\/wp\/v2\/media?parent=62774"}],"curies":[{"name":"wp","href":"https:\/\/api.w.org\/{rel}","templated":true}]}}