{"id":62469,"date":"2016-08-29T13:40:44","date_gmt":"2016-08-29T11:40:44","guid":{"rendered":"https:\/\/www.freiburg-schwarzwald.de\/blog\/?page_id=62469"},"modified":"2026-08-05T10:02:32","modified_gmt":"2026-08-05T08:02:32","slug":"europa-leitkultur","status":"publish","type":"page","link":"https:\/\/www.freiburg-schwarzwald.de\/blog\/kultur\/europa-leitkultur\/","title":{"rendered":"Europa-Leitkultur"},"content":{"rendered":"<p><a href=\"https:\/\/www.freiburg-schwarzwald.de\/blog\">Home<\/a> &gt;<a title=\"Kultur\" href=\"https:\/\/www.freiburg-schwarzwald.de\/blog\/kultur\/\">Kultur<\/a> &gt;<a title=\"Leitkultur\" href=\"https:\/\/www.freiburg-schwarzwald.de\/blog\/kultur\/leitkultur\/\">Leitkultur<\/a> &gt;<a href=\"https:\/\/www.freiburg-schwarzwald.de\/blog\/global\/eu\/europa-nationen\/\">Europa-Nationen<\/a> &gt;Europa-Leitkultur<\/p>\n<div id=\"attachment_62270\" style=\"width: 651px\" class=\"wp-caption alignnone\"><a href=\"https:\/\/www.freiburg-schwarzwald.de\/blog\/religion\/juden\/nazi\/kappbauernhof-stpeter-pan160811\/\" rel=\"attachment wp-att-62270\"><img loading=\"lazy\" decoding=\"async\" aria-describedby=\"caption-attachment-62270\" class=\"size-full wp-image-62270\" src=\"https:\/\/www.freiburg-schwarzwald.de\/blog\/wp-content\/uploads\/2016\/08\/kappbauernhof-stPeter-pan160811.jpg\" alt=\"Kapphof zwischen St.Peter und St.M\u00e4rgen im Schwarzwald am 11.8.2016 - Blick nach Westen auf St.Peter\" width=\"641\" height=\"266\" srcset=\"https:\/\/www.freiburg-schwarzwald.de\/blog\/wp-content\/uploads\/2016\/08\/kappbauernhof-stPeter-pan160811.jpg 641w, https:\/\/www.freiburg-schwarzwald.de\/blog\/wp-content\/uploads\/2016\/08\/kappbauernhof-stPeter-pan160811-180x74.jpg 180w, https:\/\/www.freiburg-schwarzwald.de\/blog\/wp-content\/uploads\/2016\/08\/kappbauernhof-stPeter-pan160811-640x265.jpg 640w\" sizes=\"auto, (max-width: 641px) 100vw, 641px\" \/><\/a><p id=\"caption-attachment-62270\" class=\"wp-caption-text\">Kapphof zwischen St.Peter und St.M\u00e4rgen im Schwarzwald am 11.8.2016 &#8211; Blick nach Westen auf St.Peter<\/p><\/div>\n<ul>\n<li><em>Beitrag aus Liste bitte ausw\u00e4hlen durch Anklicken oder Runterscrollen<\/em><\/li>\n<li><a href=\"https:\/\/www.freiburg-schwarzwald.de\/blog\/global\/eu\/europa\/festung-europa\/\">Festung Europa hei\u00dft die Antwort: \u201eMigration\u201c ist nicht nur in Ceuta irref\u00fchrend<\/a>\u00a0(4.8.2026)<\/li>\n<li><a href=\"https:\/\/www.freiburg-schwarzwald.de\/blog\/kultur\/leitkultur\/\">Leitkultur gegen Islamismus<\/a>\u00a0(6.2.2026)<\/li>\n<li><a href=\"https:\/\/www.freiburg-schwarzwald.de\/blog\/global\/eu\/visegrad\/\">Chaim Noll: Den Zauber westlichen Lebens findet man heute im Osten<\/a>\u00a0(28.12.2025)<\/li>\n<li>Entchristlichung Europas &#8211; Schleichende Landnahme (20.3.2025)<\/li>\n<li><a href=\"https:\/\/www.freiburg-schwarzwald.de\/blog\/eu-demokratie-christentum\/\">EU \u2013 Demokratie \u2013 Christentum<\/a>\u00a0(21.11.2024)<\/li>\n<li><a href=\"https:\/\/www.freiburg-schwarzwald.de\/blog\/kultur\/leitkultur\/multiethnizitaet\/\">Kemi Badenoch: Multikulturalit\u00e4t nein \u2013 Multiethnizit\u00e4t ja<\/a>\u00a0(4.11.2024)<\/li>\n<li><a href=\"https:\/\/www.freiburg-schwarzwald.de\/blog\/kultur\/zivilisation\/\">Erkl\u00e4rung zur westlichen Zivilisation<\/a>\u00a0(1.10.2024)<\/li>\n<li><a href=\"https:\/\/www.freiburg-schwarzwald.de\/blog\/global\/eu\/patriotsforeurope\/\">Wer sind die \u201ePatrioten f\u00fcr Europa\u201c<\/a>\u00a0(3.7.2024)<\/li>\n<li>Europa Aeterna -Unsere Wurzeln, unsere Zukunft (20.11.2022)<\/li>\n<li><a href=\"https:\/\/www.freiburg-schwarzwald.de\/blog\/business\/gesund\/corona-virus\/corona-abendland\/\">David Engels: Viel Zeit zur inneren Gesundung des Abendlandes bleibt nicht<\/a>\u00a0(2.2.2022)<\/li>\n<li><a href=\"https:\/\/www.freiburg-schwarzwald.de\/blog\/kultur\/kulturverlust\/cancelculture-literatur\/\">Verweis auf Prophet Mohammed in Dantes \u201eG\u00f6ttlicher Kom\u00f6die\u201c gecancelt<\/a>\u00a0(6.4.2021)<\/li>\n<li><a href=\"https:\/\/www.freiburg-schwarzwald.de\/blog\/wien-gemeinsamer-feind\/\">Wien: Islamistischer Terror am 2.11.2020 \u2013 Gemeinsamer Feind<\/a>\u00a0(4.11.2020)<\/li>\n<li><a title=\"Kulturverlust\" href=\"https:\/\/www.freiburg-schwarzwald.de\/blog\/kultur\/kulturverlust\/\">David Engels: Leben mit dem Niedergang Europas<\/a>\u00a0(24.7.2020)<\/li>\n<li><a href=\"https:\/\/www.freiburg-schwarzwald.de\/blog\/religion\/christen\/abendland\/\">David Engels: Die Ruhe vor dem Sturm<\/a> (30.6.2022)<\/li>\n<li><a title=\"Kulturverlust\" href=\"https:\/\/www.freiburg-schwarzwald.de\/blog\/kultur\/kulturverlust\/\">Zum Tod Jean Raspails \u2013\u00a0Einer der letzten Repr\u00e4sentanten einer Welt, die verschwindet<\/a>\u00a0(14.6.2020)<\/li>\n<li><a title=\"Commons\" href=\"https:\/\/www.freiburg-schwarzwald.de\/blog\/kultur\/commons\/\">Die Gefahr der Zerst\u00f6rung von kulturellem Kapital durch Migration<\/a>\u00a0(2.12.2019)<\/li>\n<li>Tibi: Europ\u00e4ische Identit\u00e4t = Leitkultur plus Euro-Islam (5.7.2019)<\/li>\n<li><a title=\"Multikulti\" href=\"https:\/\/www.freiburg-schwarzwald.de\/blog\/kultur\/leitkultur\/multikulti\/\">David Engels: Die verlorene Mitte \u2013 Multikulti in Br\u00fcssel<\/a> (4.12.2017)<\/li>\n<li>Die Legende von der Christlichen Leitkultur (4.12.2015)<\/li>\n<li>Europas Leitkultur &#8211; Die Geschichte einer Genese (4.12.2015)<\/li>\n<li><\/li>\n<li><a href=\"https:\/\/www.freiburg-schwarzwald.de\/blog\/kultur\/kulturverlust\/cancelculture-literatur\/\">CancelCulture-Literatur<\/a><\/li>\n<li><a title=\"Commons\" href=\"https:\/\/www.freiburg-schwarzwald.de\/blog\/kultur\/commons\/\">Commons<\/a><\/li>\n<li><a href=\"https:\/\/www.freiburg-schwarzwald.de\/blog\/business\/gesund\/corona-virus\/corona-abendland\/\">Corona-Abendland<\/a><\/li>\n<li><a title=\"Deutsche-Kultur\" href=\"https:\/\/www.freiburg-schwarzwald.de\/blog\/global\/deutschland\/deutsche-kultur\/\">Deutsche-Kultur<\/a><\/li>\n<li><a title=\"EU\" href=\"https:\/\/www.freiburg-schwarzwald.de\/blog\/global\/eu\/\">EU<\/a><\/li>\n<li><a title=\"Christen\" href=\"https:\/\/www.freiburg-schwarzwald.de\/blog\/religion\/christen\/\">Christen<\/a><\/li>\n<li><a href=\"https:\/\/www.freiburg-schwarzwald.de\/blog\/global\/eu\/europa\/festung-europa\/\">Festung_Europa<\/a><\/li>\n<li><a title=\"Integration\" href=\"https:\/\/www.freiburg-schwarzwald.de\/blog\/global\/integration\/\">Integration<\/a><\/li>\n<li><a title=\"Kulturverlust\" href=\"https:\/\/www.freiburg-schwarzwald.de\/blog\/kultur\/kulturverlust\/\">Kulturverlust<\/a><\/li>\n<li><a title=\"Multikulti\" href=\"https:\/\/www.freiburg-schwarzwald.de\/blog\/kultur\/leitkultur\/multikulti\/\">Multikulti<\/a><\/li>\n<li><a href=\"https:\/\/www.freiburg-schwarzwald.de\/blog\/kultur\/leitkultur\/multiethnizitaet\/\">Multiethnizit\u00e4t<\/a><\/li>\n<li><a title=\"Parallelgesellschaft\" href=\"https:\/\/www.freiburg-schwarzwald.de\/blog\/global\/integration\/parallelgesellschaft\/\">Parallelgesellschaft<\/a><\/li>\n<li><a title=\"Parallelkultur\" href=\"https:\/\/www.freiburg-schwarzwald.de\/blog\/global\/integration\/parallelkultur\/\">Parallelkulturen<\/a><\/li>\n<li><a title=\"Patriotismus\" href=\"https:\/\/www.freiburg-schwarzwald.de\/blog\/engagement\/zukunft\/demokratie\/patriotismus\/\">Patriotismus<\/a><\/li>\n<li><a href=\"https:\/\/www.freiburg-schwarzwald.de\/blog\/global\/eu\/patriotsforeurope\/\">PatriotsForEurope<\/a><\/li>\n<li><a title=\"Pegida\" href=\"https:\/\/www.freiburg-schwarzwald.de\/blog\/global\/integration\/pegida\/\">Pegida<\/a><\/li>\n<li><a title=\"Ueberfremdung\" href=\"https:\/\/www.freiburg-schwarzwald.de\/blog\/global\/integration\/ueberfremdung\/\">Ueberfremdung<\/a><\/li>\n<li><a title=\"Werte\" href=\"https:\/\/www.freiburg-schwarzwald.de\/blog\/global\/integration\/werte\/\">Werte<\/a><\/li>\n<\/ul>\n<p>&nbsp;<\/p>\n<p><strong>Entchristlichung Europas &#8211; Schleichende Landnahme<\/strong><br \/>\nIn Europa schrumpft die Zahl der Christen und gleichzeitig sinkt der Anteil jener, die aktiv ihren Glauben vertreten. Der Zeitpunkt ist absehbar und nur wenige Jahrzehnte entfernt, an dem in den meisten L\u00e4ndern des gealterten Kontinents Muslime die gr\u00f6\u00dfte religi\u00f6se Glaubensgemeinschaft stellen. Mit der ihm eignen pragmatischer Ungeniertheit kommentiert Thilo Sarazin einen Proze\u00df, den er f\u00fcr unvermeidlich, aber \u201eauch grunds\u00e4tzlich f\u00fcr w\u00fcnschenswert\u201c h\u00e4lt.<br \/>\nDenn mit der Entchristlichung Europas vollende sich die Aufkl\u00e4rung mit ihrem Primat wissenschaftsbasierter Handlungsorientierungen, die an die Stelle religi\u00f6ser Weltbilder getreten seien, von denen die meisten ganz offenbar \u201esachlicher Unfug sind\u201c. Trotzdem bewegt sich Deutschland f\u00fcr den ehemaligen Berliner SPD-Finanzsenator des Jahrgangs 1945 nicht auf die allein von Rationalit\u00e4t diktierte politische Zukunft zu, die \u201eprogressive\u201c Gesellschaftsplaner seiner Generation in den 1960ern versprachen.<br \/>\nDenn der R\u00fcckgang der christlichen Religion habe in der westlichen Welt nicht nur den Siegeszug des individualistischen Ideals der \u201eSelbstverwirklichung\u201c \u2013 mit allen negativen Folgen f\u00fcr das Fortpflanzungsverhalten \u2013 erm\u00f6glicht, sondern auch jene \u201eunverbindliche Liberalit\u00e4t\u201c gegen\u00fcber der \u201eschleichenden muslimischen Landnahme\u201c. Im Namen solcher \u201eToleranz\u201c blockierten ein Gro\u00dfteil der Medien und die Altparteien weiterhin eine Debatte \u00fcber die Zuwanderung einer demokratiefeindlichen und antipluralistischen Religion. Mit der Folge, da\u00df diese gedankenlose Politik die Deutschen bald zur Minderheit im eigenen Land degradieren werde (Tumult, 1\/2025).<\/p>\n<p>&#8230; Alles vom 20.3.2025 bitte lesen in der JF 13\/25, Seite 13<\/p>\n<p>&nbsp;<\/p>\n<p><strong>Europa Aeterna -Unsere Wurzeln, unsere Zukunft<\/strong><br \/>\n<strong>Buchbesprechung und Interview: David Engels bei Imad Karim<\/strong><br \/>\n<a href=\"https:\/\/www.youtube.com\/watch?v=S-zNbgFPoq0\">https:\/\/www.youtube.com\/watch?v=S-zNbgFPoq0<\/a><br \/>\nAeterna bedeutet &#8222;das Ewig&#8220; und hier meint David Engels, die spezifischen europ\u00e4ischen Werte f\u00fcr den Kontinent und den westlichen Kulturkreis, die durch den herrschenden woken Kulturmarxismus stark bedroht werden. Kann Europa die Krise \u00fcberwinden und brauchen wir daf\u00fcr eine europ\u00e4ische Verfassung? Diese Frage beantwortet David Engels in seinem gemeinsam mit anderen Autoren, verfassten Entwurf in \u201eEuropa Aeterna: Unsere Wurzeln, unsere Zukunft\u201c. Ja, Europa brauche eine neue europ\u00e4ische Verfassung, die sich auf einer gemeinsamen Identit\u00e4t und einem geschichtsbewussten abendl\u00e4ndischen Patriotismus gr\u00fcnde. Hier der Link zum Buch: https:\/\/www.manuscriptum.de\/europa-ae&#8230;. Und ja, Europa k\u00f6nne \u00fcberleben und die Krise \u00fcberwinden, aber nur wenn der Kontinent Akzeptanz erk\u00e4mpfe, zur abendl\u00e4ndischen Tradition feststehe und sich gegen einen chim\u00e4rischen multikulturellen Universalismus stelle, sagt Althistoriker und bekannte Publizist David Engels.<br \/>\nQuelle: Youtube-Begleittext<br \/>\n<a href=\"https:\/\/www.youtube.com\/watch?v=S-zNbgFPoq0\">https:\/\/www.youtube.com\/watch?v=S-zNbgFPoq0<\/a><br \/>\n.<br \/>\n<a href=\"https:\/\/www.freiburg-schwarzwald.de\/blog\/religion\/islam\/karim\/\">Imad Karim:<\/a><br \/>\nMeine Filme, Reportagen und Studiosendungen werden aufwendig realisiert und in Fernsehqualit\u00e4t hergestellt. Um diesen (meinen\/Ihren) hohen Anspruch erf\u00fcllen zu k\u00f6nnen, bin ich, gerade weil ich keine Werbeblocks zulasse, ausschlie\u00dflich, auf die freiwillige Unterst\u00fctzung https:\/\/imad-karim.de\/unterstuetzung\/ meiner Zuschauer angewiesen. Sei es sporadisch oder mit einem regelm\u00e4\u00dfigen monatlichen Betrag, w\u00fcrden Sie mir helfen, meine v\u00f6llig unabh\u00e4ngige journalistische Arbeit, aufrechtzuerhalten. Danke! Ihr Imad Karim<br \/>\n20.11.2022, Imad Karim<\/p>\n<p>Eingangs wird anhand der (Un)Rechtsprechung europ\u00e4ischer Richter in religi\u00f6sen Fragen aufgezeigt, dass keine gewachsenen Werte mehr heilig sind. Doch glaubt Engels, dass die Kulturrevolution von oben inzwischen auf Widerstand sto\u00dfe und Chancen best\u00fcnden, dass Europa nicht dem Untergang geweiht sein muss.<br \/>\n20.11.2022<\/p>\n<p>&nbsp;<\/p>\n<p><strong>Tibi: Europ\u00e4ische Identit\u00e4t = Leitkultur plus Euro-Islam<\/strong><br \/>\nDas Zauberwort f\u00fcr europ\u00e4ische Aufnahmegesellschaften lautet \u00abLeitkultur\u00bb, und der Begriff f\u00fcr die Muslime, die in Europa leben, heisst \u00abEuro-Islam\u00bb. Ein friedliches Europa mit der urspr\u00fcnglichen Bev\u00f6lkerung und den zugewanderten Muslimen als Citoyens kann es ohne einen Wertekonsens und ohne eine Europ\u00e4isierung des Islam nicht geben. Der Begriff der Leitkultur wurde oft missdeutet und verzerrt dargestellt. Eigentlich bedeutet Leitkultur nichts anderes als eine Hausordnung f\u00fcr Menschen aus verschiedenen Kulturen in einem werteorientierten Gemeinwesen. Die Einheimischen sollten den Mut haben, diesen Kanon selbstbewusst zu vertreten. Sie stossen damit niemanden ernsthaft vor den Kopf, am wenigsten die Muslime, die klare Ansagen m\u00f6gen. Die vorgeschlagenen Werte entstammen der universalistischen Aufkl\u00e4rung und erm\u00f6glichen als Werte-Konsens ein gemeinsames Verst\u00e4ndnis des Zusammenlebens: Kritische Vernunft wird h\u00f6her gewichtet als religi\u00f6se Offenbarung, Religion ist Privatsache, das Recht kommt vor der Sitte, wobei es f\u00fcr alle gleich gilt, es herrschen Denk- und Meinungsfreiheit. Dies hat mit einer angeblichen europ\u00e4ischen Hegemonialkultur nicht das Geringste zu tun.<br \/>\nDer Euro-Islam ist die Vision eines s\u00e4kularen Islam, der Rechte und Pflichten des Islam mit den Werten der europ\u00e4ischen Kultur kombiniert. In der Tat hat sich der Islam immer schon lokalen Begebenheiten angepasst. Als Vorbild k\u00f6nnen die Afrikanisierung des Islam und die Anpassung des Islam an s\u00fcdostasiatische Kulturen dienen. Ich habe beides in den vergangenen vierzig Jahren in Senegal und in Indonesien eingehend beobachtet und studiert. Der Islam hat viele kulturell, konfessionell und auch sozial unterschiedliche Gesichter. Eines davon ist das ideologisch-totalit\u00e4re eines politischen Islam, der die Prinzipien des gesellschaftlichen Zusammenlebens aus dem Koran ableitet und offensiv propagiert. Mit einem privaten religi\u00f6sen Glauben, der zu sch\u00fctzen ist, hat er nicht das Geringste zu tun. Der s\u00e4kulare Euro-Islam richtet sich gegen diesen politischen Islam, den abzulehnen keine Islamophobie ist.<br \/>\nEuropa kann seine zivilisatorische Identit\u00e4t nur erhalten, wenn es eine Kombination aus Euro-Islam und Leitkultur zu einem politischen Konzept macht und dabei die Muslime mit einbezieht. Diese Identit\u00e4t bedeutet f\u00fcr zugewanderte Muslime keine Entfremdung, sondern eine Bereicherung<br \/>\n&#8230;. Alles vom 5.7.2019 von Bassam Tibi bitte lesen auf<br \/>\n<a href=\"https:\/\/www.nzz.ch\/feuilleton\/willkommenskultur-islam-und-muslime-in-europa-wie-weiter-ld.1493390?mktcid=nled&amp;mktcval=107_2019-07-05&amp;kid=nl107_2019-7-4\">https:\/\/www.nzz.ch\/feuilleton\/willkommenskultur-islam-und-muslime-in-europa-wie-weiter-ld.1493390?mktcid=nled&amp;mktcval=107_2019-07-05&amp;kid=nl107_2019-7-4<\/a><br \/>\n.<br \/>\n<em><a title=\"Tibi\" href=\"https:\/\/www.freiburg-schwarzwald.de\/blog\/global\/deutschland\/tibi\/\">Bassam Tibi <\/a>ist emeritierter Professor f\u00fcr internationale Beziehungen an der Universit\u00e4t G\u00f6ttingen und Bosch Research Professor in Harvard. 2018 ist sein Buch \u00abIslamische Zuwanderung und ihre Folgen. Der neue Antisemitismus, Sicherheit und \u2039die neuen Deutschen\u203a\u00bb im Ibidem-Verlag erschienen.<\/em><\/p>\n<p class=\"western\" lang=\"\"><b>Die Legende von der Christlichen Leitkultur<\/b><\/p>\n<p class=\"western\" lang=\"\"><b>Neun Thesen zur \u201echristlich-abendl\u00e4ndischen Kultur\u201c<\/b><\/p>\n<p class=\"western\" lang=\"\">1. Europas Kultur gr\u00fcndet im klassischen Athen, als das Wort des B\u00fcrgers und die Sprache der Vernunft an die Stelle der Spr\u00fcche von Orakeln und Wahrsagern treten, als die demokratische Mitsprache aller anerkannten B\u00fcrger beschlossen, Theater gegr\u00fcndet und unvergleichlich sch\u00f6ne \u201eklassische\u201c Kunstwerke geschaffen werden.<\/p>\n<p class=\"western\">2. <span lang=\"\">Rom erg\u00e4nzt die griechische Kultur, schafft Ordnung, liefert den V\u00f6lkern Recht und Gesetze, Thermen und Theater, Fernstra\u00dfen und St\u00e4dte. Zusammen mit der griechischen Kultur ist die r\u00f6mische bis heute stilbildend. Wir nennen sie \u201eantike\u201c Kultur. Ihre \u00fcberragende Bedeutung f\u00fcr die westliche Welt ist unbestritten. Sie ist das Fundament, auf dem Europa ruht.<\/span><\/p>\n<p class=\"western\" lang=\"\">3. Die antike Kultur endet mit der Ernennung des Katholizismus zur Staatskirche im Jahre 380. Das Jahr markiert einen Paradigmenwechsel von der polytheistisch-multikulturellen Denkweise zu einer monotheistisch-monothematischen. An die Stelle der antiken Kultur tritt eine Dogmenkultur, die ihre Durchsetzungskraft aus der Allianz mit der Staatsmacht gewinnt.<\/p>\n<p class=\"western\" lang=\"\">4. Das nunmehr dominierende Jenseitsdenken und die autorit\u00e4re Wahrheitsgewissheit der Kirche paralysieren Kreativit\u00e4t und Forschung, Bildung und Wissenschaft. Ohne \u00f6ffentliche Schulen, Bibliotheken, Theater und Kanalisation verwahrlosen die St\u00e4dte. Die Stadtkultur bricht zusammen, die St\u00e4dte versinken im Schmutz. Der einst freie Geist zieht sich als Kirchengeist hinter Klostermauern zur\u00fcck.<\/p>\n<p class=\"western\"><span lang=\"\">5. Parallel zum Verfall des Nordens schwingen sich im islamischen S\u00fcden Europas die St\u00e4dte zu kulturellen H\u00f6hen auf. Die islam-arabische Kultur w\u00e4chst in kurzer Zeit wie Ph\u00f6nix aus der Asche. Sie integriert die griechisch-r\u00f6mische Kultur, adaptiert indische, asiatische und persische Beitr\u00e4ge, ordnet und erg\u00e4nzt das Erworbene und beherrscht von 700 bis 1400 die Welt zwischen Indus und Atlantik.<\/span><\/p>\n<p class=\"western\" lang=\"\">6. Die neue islam-arabische Kultur wird zum Ma\u00dfstab aller Kulturen. C\u00f3rdoba, die Kalifenstadt im arabischen Spanien, gilt als \u201eZierde des Erdkreises\u201c, Bagdad als weltweiter \u201eHort der Weisheit\u201c.<\/p>\n<p class=\"western\">7. <span lang=\"\">Ab dem 13. Jahrhundert dringt das islam-arabische Wissen nach Mitteleuropa. Nach tausend Jahren D\u00fcsternis kehren Teile der antiken Kultur an ihren Ursprungsort zur\u00fcck. Europa wird zum Erben und Nutznie\u00dfer der heidnischen Antike im arabischem Gewand und erbl\u00fcht in der \u201eRenaissance\u201c. Das \u201efinstere\u201c Mittelalter wandelt sich. Die lange unterdr\u00fcckten sch\u00f6pferischen Kr\u00e4fte finden einen, wenngleich begrenzten, Raum zur Entfaltung.<\/span><\/p>\n<p class=\"western\" lang=\"\">8. Im 18. Jahrhundert leitet die Aufkl\u00e4rung, H\u00f6hepunkt europ\u00e4ischer Geistesgeschichte, die Revolutionen f\u00fcr Freiheit, Mitbestimmung und Menschenrechte ein. Ihre unsterbliche Formel lautet: \u201eHabe Mut, dich deines eigenen Verstandes zu bedienen\u201c. Ihre Forderungen nach Demokratie, Freiheit und Gleichberechtigung sind die Werte, die heute die westliche Hemisph\u00e4re pr\u00e4gen und ihr Ausstrahlungskraft verleihen.<\/p>\n<p class=\"western\" lang=\"\">9. So sind Antike, islam-arabische Hochkultur und Aufkl\u00e4rung die eigentlichen Bausteine europ\u00e4ischer Kultur. Der Beitrag des Christentums in Gestalt der katholischen Kirche ist zwar un\u00fcbersehbar, aber als reine kirchenkulturelle Leistung f\u00fcr die geisteswissenschaftliche und demokratisch-gesellschaftliche Entwicklung Europas von geringerer Bedeutung. Denn \u201echristliche Kultur\u201c ist nahezu reine Kirchenkultur, seit der Gotik mit hohen Erzeugnissen, aber ihre fundamentale Religiosit\u00e4t hinterl\u00e4sst \u00fcberall in der Welt Spuren der Verw\u00fcstung. Sie ist eine Teilkultur, in der sich das Gute den Rang mit dem Schmach des Unanst\u00e4ndigen teilen muss.<\/p>\n<p class=\"western\"><span lang=\"\"><i>Diese Thesen stammen aus folgendem Buch:<br \/>\nRolf Bergmeier &#8211; Christlich-abendl\u00e4ndische Kultur. Eine Legende.<br \/>\nAschaffenburg 2014, 240 Seiten,<br \/>\nISBN 978-3-86569-164-4<br \/>\n<\/i><\/span><\/p>\n<p class=\"western\"><span lang=\"\"><i>Die Vortragsveranstaltung der <a title=\"Humanismus\" href=\"https:\/\/www.freiburg-schwarzwald.de\/blog\/kultur\/aufklaerung\/humanismus\/\">Evolution\u00e4ren Humanisten<\/a> Freiburg e.V. mit dem Althistoriker M.A. Rolf Bergmeier fand am 04.12.2015 in der Universit\u00e4t Freiburg statt. Die obigen Thesen zur \u201echristlich-abendl\u00e4ndischen Kultur\u201c geben den Inhalt des Vortrags in allen wesentlichen Bereichen in komprimierter Form wieder.<br \/>\n<\/i><\/span><span style=\"color: #0000ff;\"><span style=\"text-decoration: underline;\"><span lang=\"\"><i><a href=\"https:\/\/www.humanisten-freiburg.de\/\">www.humanisten-freiburg.de<\/a><\/i><\/span><\/span><\/span><\/p>\n<p class=\"western\"><span lang=\"\"><i> Zur Vertiefung wird im folgenden der Originaltext von Rolf Bergmeier, mit dem die Veranstaltung angek\u00fcndigt wurde, mit weitergehenden Erkl\u00e4rungen aufgef\u00fchrt <\/i><\/span><span lang=\"\">:<\/span><\/p>\n<p class=\"western\">\u00a0.<\/p>\n<p class=\"western\" lang=\"\"><b>Europas Leitkultur &#8211; Die Geschichte einer Genese<\/b><\/p>\n<p class=\"western\" lang=\"\">Wenn von Europa, seinem Selbstverst\u00e4ndnis und seinen Werten die Rede ist, dann f\u00e4llt meist der Begriff &#8222;christlich-abendl\u00e4ndisch&#8220;. Dann ist es \u00fcblich von einer &#8222;christlichen Kultur\u201c zu sprechen oder doch zumindest auf ihre christlichen Wurzeln aufmerksam zu machen. Wohlmeinende beeilen sich zudem, auf die j\u00fcdisch-christliche Traditionskultur oder das j\u00fcdisch-christliche Erbe Europas verweisen zu m\u00fcssen, was den verf\u00fchrerisch-einfachen Charakter der Sache kaum besser macht. Denn weder sch\u00e4tzen die Juden die Wortkombination \u201echristlich-j\u00fcdisch\u201c, noch wird vom antiken Erbe gesprochen. Zumal es zwischen 700 und 1400 im \u201eAbendland\u201c eine weitere Lebensform gibt, mit der das christliche Mitteleuropa in enger Nachbarschaft zusammenlebt: Die islam-arabische. Diese Kultur herrscht zwischen Indus und Atlantik und ist von einem einzigartigen Miteinander von Muslimen, Christen und Juden unter islamischer Flagge gepr\u00e4gt. Sie integriert die griechisch-antike Literatur, adaptiert indische, asiatische und persische Beitr\u00e4ge, erg\u00e4nzt das Erworbene und formt sich zu einer Hochkultur, die allen anderen Kulturen des Mittelalters weit \u00fcberlegen ist.<\/p>\n<p class=\"western\"><span lang=\"\"><b>Die Antike<\/b><\/span><span lang=\"\"><br \/>\nDie Wiege der \u201eabendl\u00e4ndischen Kultur\u201c steht nicht in Bethlehem, sondern auf der Akropolis. Von hier nimmt alles seinen Anfang: Die sch\u00f6pferische Phantasie, die Idee des \u201eSch\u00f6nen\u201c, die Entfaltung des Geistes, die Suche nach dem sittlich Vollkommenen. Hier tritt im 5. Jahrhundert v.u.Z. das Wort des B\u00fcrgers und die Sprache der Vernunft an die Stelle der Spr\u00fcche von Orakeln und Wahrsagern. Hier wird die demokratische Mitsprache aller anerkannter B\u00fcrger beschlossen, werden Theater gegr\u00fcndet und unvergleichlich sch\u00f6ne \u201eklassische\u201c Kunstwerke geschaffen. Astronomie und Kosmologie, Medizin und Pharmakologie, Politologie und Philologie, alles tr\u00e4gt griechische Namen. Keine geistes- und naturwissenschaftliche Fakult\u00e4t, keine k\u00fcnstlerische Hochschule, die nicht von diesem griechischen Erbe zehrt.<br \/>\nRom erg\u00e4nzt die griechische Kultur, schafft Ordnung, liefert den V\u00f6lkern Recht und Gesetze, Thermen und Theater, Fernstra\u00dfen und St\u00e4dte. Ein Medizinstudium ohne Latein ist auch im 21. Jahrhundert nicht vorstellbar und der Codex Justinianum begleitet jedes Jurastudium. Zusammen mit der griechischen Kultur ist die r\u00f6mische bis heute stilbildend. Wir nennen diese Mischung aus griechischer Hochkultur und r\u00f6mischer Verwaltungs- und Ingenieurkunst \u201eantike\u201c Kultur. Ihre \u00fcberragende Bedeutung f\u00fcr die westliche Welt ist unbestritten. Sie ist das Fundament, auf dem Europa ruht.<\/span><\/p>\n<p class=\"western\"><span lang=\"\"><b>Sp\u00e4tantike und das verschwiegene Religionschaos im 4. Jahrhundert<br \/>\n<\/b>D<\/span><span lang=\"\">ie wichtigste H\u00fcrde auf dem Weg des Katholizismus zur Staatskirche ist die Zerstrittenheit der Jesus-Religionen, die trotz ihrer Inhomogenit\u00e4t in der Literatur meist unter dem Begriff \u201eChristentum\u201c subsummiert werden. Sie ist zu dieser Zeit so umfassend und tiefgreifend, dass man kaum von \u201eKirche\u201c sprechen kann, ohne den Zuh\u00f6rer auf ein falsche F\u00e4hrte zu locken. Denn die Jesus-Bewegungen sind in Wahrheit ein variantenreiches B\u00fcndel von Jesus-Anh\u00e4ngern mit unterschiedlichsten Gottes-Vorstellungen. Was sie vereint, ist die Anh\u00e4ngerschaft an Jesus, der als Religionsgr\u00fcnder verehrt wird, aber nicht durchg\u00e4ngig als \u201eGottessohn\u201c oder gar als Teil einer \u201eTrinit\u00e4t\u201c.<\/span><\/p>\n<p class=\"western\" lang=\"\">Es handelt sich bei den verschiedenen Jesus-Bewegungen nicht etwa nur um verstreute Splittergruppen im \u00e4gyptischen oder pal\u00e4stinensischen Irgendwo, sondern um zum Teil m\u00e4chtige Str\u00f6mungen im Herzen des ostr\u00f6mischen Reiches, der Quelle des Christentums. Die bedeutendste ist die arianische, die Jesus nicht als gottgleich anerkennt und an Mitgliedern wohl ebenso stark gewesen sein d\u00fcrfte wie die sp\u00e4ter \u201ekatholisch\u201c genannte Lehre, die die Trinit\u00e4t, die Lehre von den Dreien in Einem, predigt.<\/p>\n<p class=\"western\" lang=\"\">Das religi\u00f6se Durcheinander ist so schlimm, dass Eusebius von Caesarea, der Hofberichterstatter Kaiser Konstantins, seufzt: \u201eSchlimmer als jeder Krieg und jeder furchtbare Kampf gilt mir der innere Zwist der Kirche Gottes und schmerzlicher scheint mir dies als die K\u00e4mpfe nach au\u00dfen\u201c. Zwar wird 325 auf dem Konzil von Nic\u00e4a eine Gottesformel gefunden, die der heutigen gleicht &#8211; homoousios, der Sohn ist dem Vater wesensgleich &#8211; die aber 359 auf verschiedenen Synoden wieder in Frage gestellt wird. Fast 400 Jahre nach dem Tode Jesu ist also noch nicht einmal Gott abschlie\u00dfend definiert. Deshalb kann es auch nicht wirklich \u00fcberraschen, dass Kaiser Julian im Jahre 361 die alten G\u00f6tter wieder in das Zentrum des Staatskultes r\u00fcckt.<\/p>\n<p class=\"western\"><span lang=\"\"><b>Staatskirche<\/b><\/span><span lang=\"\"><br \/>\nIm Jahre 380 macht Kaiser Theodosius Tabula rasa: Er verbietet mit dem Erlass Cunctos populos alle heidnischen Religionen und schaltet die vom Katholizismus abweichenden christlichen Varianten (\u201eH\u00e4retiker\u201c) aus: \u201eNur diejenigen, die diesem Gesetz folgen, sollen, so gebieten wir, katholische Christen hei\u00dfen d\u00fcrfen; die \u00fcbrigen, die wir f\u00fcr wahrhaft toll und wahnsinnig erkl\u00e4ren, haben die Schande ketzerischer Lehre zu tragen\u201c. Erstmals in der griechisch-r\u00f6mischen Geschichte wird der Monotheismus mit seiner inh\u00e4renten Charakteristik der Intoleranz gegen\u00fcber anderen Glaubensrichtungen zur Leitlinie staatlichen Handelns. Die Interpretatio graeca, die Gewohnheit antiker griechischer Autoren, ihnen unbekannte Gottheiten anderer Kulturen mit griechischen G\u00f6ttern gleichzusetzen und die Religio licita, die r\u00f6mische Anerkennung j\u00fcdischer, christlicher und anderer Formen des Glaubens, werden au\u00dfer Kraft gesetzt. 800 Jahre Religionsfrieden, in dessen Schutz jeder nach seiner Fa\u00e7on selig werden konnte, sind dahin. An die Stelle der antiken philosophisch und geisteswissenschaftlich orientierten Kultur tritt eine Dogmenkultur, die ihre Durchsetzungskraft aus der Allianz von Religion und Staatsmacht gewinnt.<\/span><\/p>\n<p class=\"western\"><span lang=\"\"><b>Zusammenbruch<\/b><\/span><span lang=\"\"><br \/>\nDas nunmehr dominierende Jenseitsdenken und die autorit\u00e4re Wahrheitsgewissheit der Kirche paralysieren Kreativit\u00e4t und Forschung, Bildung und Wissenschaft. Der einst freie Geist zieht sich als Kirchengeist hinter Klostermauern zur\u00fcck.Weite Bereiche der Kultur, wie \u00f6ffentliche Schulen, \u00f6ffentliche Bibliotheken, philosophische Akademien, Theater oder Thermen verfallen. Ebenso das r\u00f6mische Stra\u00dfennetz und die Wasserversorgung. Ohne \u00f6ffentliche Schulen und Bibliotheken, ohne Theater und Kanalisation, ohne Thermen und \u00f6ffentliche Foren verwahrlosen die St\u00e4dte. Die Stadtkultur bricht zusammen, die St\u00e4dte versinken im Schmutz. Die Bildung ist verw\u00fcstet.<\/span><\/p>\n<p class=\"western\"><span lang=\"\"><b>Karl \u201eder Gro\u00dfe\u201c<br \/>\n<\/b><\/span><span lang=\"\">Karl \u201eder Gro\u00dfe\u201c \u00e4ndert an diesem Niedergang wenig. Sein Weltbild ist fundamentaler Katholizismus pur und nimmt die Formen islamistischer Religionsgewalt vorweg. Karl f\u00fchrt 40 Jahre Krieg, verf\u00fcgt bei Androhung leiblicher Strafen, dass jeder Einzelne kirchliche Grundformeln zu kennen habe und droht Frauen bei Nichtwissen des Vaterunsers die Peitsche an. Der ehemalige Bundespr\u00e4sident Roman Herzog erinnert die Historiker: \u201eEs w\u00e4re nicht redlich \u2026 zu verschweigen, dass er sein Ziel nur in einem Meer von Blut, Schwei\u00df und Tr\u00e4nen erreicht hat&#8220;.<br \/>\nDie in der Literatur hoch ger\u00fchmten Klosterschulen sind Religionsschulen mit auf Heilsbotschaften und unver\u00e4nderliche Wahrheiten fokussierten Lehrinhalten f\u00fcr eine ausgew\u00e4hlte Minderheit. Sie sind nicht an der Bildung des Volkes interessiert, nicht an einer \u00dcberlieferung antiker Texte an sich und nicht an der Sicherung der antiken Zivilisation. <\/span><\/p>\n<p class=\"western\" lang=\"\">In Methodik, Einseitigkeit und Lernzieldefinition sind sie mit Partei- und Koranschulen gleichzusetzen und erreichen 95 Prozent des Volkes nicht. \u201eEine geistige Hebung des Volkes\u201c, schreibt der Leipziger Historiker Karl Lambrecht, habe es unter Karl dem Gro\u00dfen nie gegeben. Und so gehen die Franken als Analphabeten in die Zeit Karls hinein und kommen ebenso wieder heraus.<\/p>\n<p class=\"western\"><span lang=\"\"><b>Arabischer Islam<br \/>\n<\/b><\/span><span lang=\"\">Parallel zum Verfall des Nordens w\u00e4chst im S\u00fcden Europas die islam-arabische Kultur wie Ph\u00f6nix aus der Asche auf. Kalifen und arabischer Adel bewundern die griechisch-antiken Wissenschaften, integrieren syrische, persische, indische und asiatische Beitr\u00e4ge, kompilieren und erg\u00e4nzen das Erworbene und formen so eine Hochkultur, die allen anderen Kulturen des Mittelalters weit \u00fcberlegen ist. Die arabischen St\u00e4dte schwingen sich zu kulturellen H\u00f6hen auf und Arabisch wird zur Sprache der Wissenschaft. Kein Ort Europas bietet zu dieser Zeit mehr Geschmack, mehr Raffinesse, mehr Gelehrsamkeit, mehr Eleganz als Bagdad, Damaskus und die St\u00e4dte von al-Andalus. C\u00f3rdoba gilt als \u201eZierde des Erdkreises\u201c, Bagdad als weltweiter \u201eHort der Weisheit\u201c.<br \/>\nAb dem 13. Jahrhundert dringt das antik-arabische Wissen nach Mitteleuropa. \u201eArabische\u201c Ziffern und zahllose Worte arabischer Provenienz zeugen noch heute von dem Einfluss der damaligen arabischen Welt auf Mitteleuropa. Nach fast 1000 Jahren kehren Teile der antiken Kultur \u00fcber Toledo und Sizilien an ihren Ursprungsort zur\u00fcck. Europa wird zum Nutznie\u00dfer der heidnischen Antike im arabischem Gewand und erbl\u00fcht in der \u201eRenaissance\u201c. Ein neuer Geist des B\u00fcrgertums und der Universit\u00e4ten beginnt sich zu regen, der zwar die alten Geister nicht vertreibt, aber der Kunst und den Wissenschaften Luft verschafft. Es bleiben Inquisition und Reconquista. Um diese zu besiegen bedarf es neuer Kr\u00e4fte: Die der Aufkl\u00e4rung.<\/span><\/p>\n<p class=\"western\"><span lang=\"\"><b>Aufkl\u00e4rung<\/b><\/span><span lang=\"\"><br \/>\nDie Aufkl\u00e4rung, H\u00f6hepunkt europ\u00e4ischer Geistesgeschichte, leitet die Revolutionen f\u00fcr Freiheit, Mitbestimmung und Menschenrechte ein. Ihre unsterbliche Formel lautet: \u201eHabe Mut, dich deines eigenen Verstandes zu bedienen\u201c. Einem Dammbruch gleich rei\u00dft sie L\u00f6cher in die Deiche, an denen viele Jahrhunderte gebaut worden ist und schreibt neue Werte als Legitimationss\u00e4ulen politischer Herrschaft in die Verfassungen ein, h\u00e4ufig gegen den Widerstand der Religion. Diese Werte bilden das politische und humanit\u00e4re R\u00fcckgrat unseres Lebens in demokratischer Freiheit und \u00fcberragen in ihrer praktischen und staatspolitischen Bedeutung, gleich ob deutscher oder europ\u00e4ischer Ausformung, christliche bei weitem. Hier, in der Aufkl\u00e4rung, wird die Botschaft vom freien, sich selbst verantwortlichen Individuum geadelt, hier werden die bisherigen metaphysischen und religi\u00f6sen Bindungen und die jahrtausendealte Klammer von Heil, Unheil und Herrschaft gel\u00f6st. Hier beginnt Europa, den Verstand und die Sinne zu gebrauchen, ohne sich auf Glaubenskr\u00fccken zu st\u00fctzen. Von nun an steht der Mensch im Mittelpunkt des Geschehens und nicht Gott. Das ist der Stoff, der Europa Ausstrahlung verleiht.<\/span><\/p>\n<p class=\"western\"><span lang=\"\"><b>Facit<br \/>\n<\/b><\/span><span lang=\"\">So sind Antike, die vermittelnde islam-arabische Hochkultur und Aufkl\u00e4rung die eigentlichen Bausteine westlicher Kultur. Gemei\u00dfelt aus den Bl\u00f6cken der Wissenschaft und Vernunft, der Gleichheit der Menschen und B\u00fcrgerfreiheit, hat sie nur schwache Wurzeln im Juden- und Christentum, aber m\u00e4chtige Rezeptionsstr\u00e4nge zur Antike.<br \/>\nDas Christentum hat Europa zwar gepr\u00e4gt, aber zugleich die wissenschaftlich-geistige und s\u00e4kular-kulturelle Entwicklung Europas entscheidend behindert. Als Spartenkultur ist sein Beitrag un\u00fcbersehbar, aber als rein kirchenkulturelle Leistung f\u00fcr die geistige, wissenschaftliche und demokratisch-gesellschaftliche Entwicklung Europas von geringerer Bedeutung als die gro\u00dfen Werke der Antike und die in der Aufkl\u00e4rung formulierten Werte zur individuellen Freiheit und politischen Mitbestimmung.<br \/>\n4.12.2015<\/span><\/p>\n","protected":false},"excerpt":{"rendered":"<p>Home &gt;Kultur &gt;Leitkultur &gt;Europa-Nationen &gt;Europa-Leitkultur Beitrag aus Liste bitte ausw\u00e4hlen durch Anklicken oder Runterscrollen Festung Europa hei\u00dft die Antwort: \u201eMigration\u201c ist nicht nur in Ceuta irref\u00fchrend\u00a0(4.8.2026) Leitkultur gegen Islamismus\u00a0(6.2.2026) Chaim Noll: Den Zauber westlichen Lebens findet man heute im Osten\u00a0(28.12.2025) &hellip; <a href=\"https:\/\/www.freiburg-schwarzwald.de\/blog\/kultur\/europa-leitkultur\/\">Weiterlesen <span class=\"meta-nav\">&rarr;<\/span><\/a><\/p>\n","protected":false},"author":2,"featured_media":0,"parent":30,"menu_order":0,"comment_status":"open","ping_status":"closed","template":"","meta":{"footnotes":""},"class_list":["post-62469","page","type-page","status-publish","hentry"],"_links":{"self":[{"href":"https:\/\/www.freiburg-schwarzwald.de\/blog\/wp-json\/wp\/v2\/pages\/62469","targetHints":{"allow":["GET"]}}],"collection":[{"href":"https:\/\/www.freiburg-schwarzwald.de\/blog\/wp-json\/wp\/v2\/pages"}],"about":[{"href":"https:\/\/www.freiburg-schwarzwald.de\/blog\/wp-json\/wp\/v2\/types\/page"}],"author":[{"embeddable":true,"href":"https:\/\/www.freiburg-schwarzwald.de\/blog\/wp-json\/wp\/v2\/users\/2"}],"replies":[{"embeddable":true,"href":"https:\/\/www.freiburg-schwarzwald.de\/blog\/wp-json\/wp\/v2\/comments?post=62469"}],"version-history":[{"count":6,"href":"https:\/\/www.freiburg-schwarzwald.de\/blog\/wp-json\/wp\/v2\/pages\/62469\/revisions"}],"predecessor-version":[{"id":152338,"href":"https:\/\/www.freiburg-schwarzwald.de\/blog\/wp-json\/wp\/v2\/pages\/62469\/revisions\/152338"}],"up":[{"embeddable":true,"href":"https:\/\/www.freiburg-schwarzwald.de\/blog\/wp-json\/wp\/v2\/pages\/30"}],"wp:attachment":[{"href":"https:\/\/www.freiburg-schwarzwald.de\/blog\/wp-json\/wp\/v2\/media?parent=62469"}],"curies":[{"name":"wp","href":"https:\/\/api.w.org\/{rel}","templated":true}]}}