{"id":61919,"date":"2016-07-30T11:19:25","date_gmt":"2016-07-30T09:19:25","guid":{"rendered":"https:\/\/www.freiburg-schwarzwald.de\/blog\/?page_id=61919"},"modified":"2026-06-24T09:22:24","modified_gmt":"2026-06-24T07:22:24","slug":"religionskrieg","status":"publish","type":"page","link":"https:\/\/www.freiburg-schwarzwald.de\/blog\/religion\/religionskrieg\/","title":{"rendered":"Religionskrieg"},"content":{"rendered":"<p>Home &gt;<a title=\"Religion\" href=\"https:\/\/www.freiburg-schwarzwald.de\/blog\/religion\/\">Religion<\/a> &gt;<a title=\"Katholisch\" href=\"https:\/\/www.freiburg-schwarzwald.de\/blog\/religion\/katholisch\/\">Katholisch<\/a> &gt;<a title=\"Christen\" href=\"https:\/\/www.freiburg-schwarzwald.de\/blog\/religion\/christen\/\">Christen<\/a> &gt;Religionskrieg<\/p>\n<div id=\"attachment_61884\" style=\"width: 648px\" class=\"wp-caption alignnone\"><a href=\"https:\/\/www.freiburg-schwarzwald.de\/blog\/global\/integration\/deutschtuerken\/pokemon1freiburg-pan160726\/\" rel=\"attachment wp-att-61884\"><img loading=\"lazy\" decoding=\"async\" aria-describedby=\"caption-attachment-61884\" class=\"wp-image-61884 size-full\" src=\"https:\/\/www.freiburg-schwarzwald.de\/blog\/wp-content\/uploads\/2016\/07\/pokemon1freiburg-pan160726.jpg\" alt=\"Pokemon-Spieler mit ihren Smartphones in Freiburg am 26.7.2016\" width=\"638\" height=\"312\" srcset=\"https:\/\/www.freiburg-schwarzwald.de\/blog\/wp-content\/uploads\/2016\/07\/pokemon1freiburg-pan160726.jpg 638w, https:\/\/www.freiburg-schwarzwald.de\/blog\/wp-content\/uploads\/2016\/07\/pokemon1freiburg-pan160726-180x88.jpg 180w\" sizes=\"auto, (max-width: 638px) 100vw, 638px\" \/><\/a><p id=\"caption-attachment-61884\" class=\"wp-caption-text\">Pokemon-Spieler mit ihren Smartphones in Freiburg am 26.7.2016 &#8211; Escapeismus?<\/p><\/div>\n<ul>\n<li><em>Listenauswahl eines Beitrags (Artikel\/Datum, Seite\/Inhalt):\u00a0<span style=\"text-decoration: underline;\">Klicken\u00a0<\/span>oder scrollen<\/em><\/li>\n<li><a href=\"https:\/\/www.freiburg-schwarzwald.de\/blog\/spirituelle-luecke-christen-islam\/\">Spirituelle L\u00fccke: Christen Islam<\/a>\u00a0(24.6.2026)<\/li>\n<li><a href=\"https:\/\/www.freiburg-schwarzwald.de\/blog\/nmecha-das-christentum-leben\/\">Anabel Schunke: Warum es das Christentum gerade jetzt wieder braucht<\/a>\u00a0(22.6.2026)<\/li>\n<li><a href=\"https:\/\/www.freiburg-schwarzwald.de\/blog\/nmecha-das-christentum-leben\/\">Nmecha: Das Christentum leben<\/a>\u00a0(22.6.2026)<\/li>\n<li><a href=\"https:\/\/www.freiburg-schwarzwald.de\/blog\/religionskriege-afrika-asien-iran\/\">Religionskriege Afrika Asien Iran<\/a>\u00a0(15.4.2026)<\/li>\n<li><a href=\"https:\/\/www.freiburg-schwarzwald.de\/blog\/christenfeindlichkeit-das-tabu\/\">Christenfeindlichkeit \u2013 das\u00a0Tabu<\/a>\u00a0(14.12.2025)<\/li>\n<li><a href=\"https:\/\/www.freiburg-schwarzwald.de\/blog\/kirchen-vandalismus\/\">Kirchen-Vandalismus<\/a>\u00a0(24.8.2025)<\/li>\n<li>9 Jahre nach seinem M\u00e4rtyrertod: Es wirkt fast so, als habe Abb\u00e9 Hamel niemals gelebt (26.7.2025)<\/li>\n<li><a href=\"https:\/\/www.freiburg-schwarzwald.de\/blog\/christen-veraengstigt-wehrlos\/\">Christen: ver\u00e4ngstigt, wehrlos<\/a>\u00a0(17.7.2025)<\/li>\n<li><a href=\"https:\/\/www.freiburg-schwarzwald.de\/blog\/juedisches-leben-in-d-bedroht\/\">J\u00fcdisches Leben in D bedroht<\/a>\u00a0(25.4.2025)<\/li>\n<li><a href=\"https:\/\/www.freiburg-schwarzwald.de\/blog\/assad-sturz-in-syrien-frieden\/\">Assad-Sturz in Syrien \u2013 Frieden?<\/a>\u00a0(11.12.2024)<\/li>\n<li><a href=\"https:\/\/www.freiburg-schwarzwald.de\/blog\/global\/france\/notre-dame15-04-2019\/\">Notre-Dame wiederer\u00f6ffnet<\/a>\u00a0(9.12.2024)<\/li>\n<li><a href=\"https:\/\/www.freiburg-schwarzwald.de\/blog\/einsiedeln-madonna-anschlag\/\">Einsiedeln: Madonna Anschlag<\/a>\u00a0(19.11.2024)<\/li>\n<li><a href=\"https:\/\/www.freiburg-schwarzwald.de\/blog\/global\/migration\/mannheim-messermord31mai2024\/\">Mannheim: Sturm einer Intensivstation durch Messer-T\u00e4ter wurde zur\u00fcckgehalten<\/a>\u00a0(20.6.2024)<\/li>\n<li><a href=\"https:\/\/www.freiburg-schwarzwald.de\/blog\/christenverfolgung-no-interest\/\">Christenverfolgung: No interest<\/a> (3.1.2023)<\/li>\n<li><a href=\"https:\/\/www.freiburg-schwarzwald.de\/blog\/religion\/christen\/abendland\/\">\u201eKampf der Kulturen\u201c: Islam, Masseneinwanderung &amp; Nahost-Konflikt<\/a>\u00a0(10.12.2023)<\/li>\n<li><a href=\"https:\/\/www.freiburg-schwarzwald.de\/blog\/religion\/christen\/christenverfolgung\/\">Die woke Opferpyramide \u2013 Wie Christenverfolgung wegretuschiert wird<\/a>\u00a0(22.11.2023)<\/li>\n<li><a href=\"https:\/\/www.freiburg-schwarzwald.de\/blog\/kultur\/medien\/medienleute\/\">Constantin Schreiber: Journalist verzichtet auf Islam-Diskussion<\/a>\u00a0(13.9.2023)<\/li>\n<li><a href=\"https:\/\/www.freiburg-schwarzwald.de\/blog\/religion\/christen\/christlich-islamischer-dialog\/\">Christlich-islamischer Dialog 50 Jahre \u2013 Frustrierende Ergebnisse<\/a>\u00a0(1.12.2021)<\/li>\n<li><a href=\"https:\/\/www.freiburg-schwarzwald.de\/blog\/religion\/islam\/ehrenmord\/\">Ist ein Frauenleben weniger wert als ein Pferd?<\/a>\u00a0(8.8.2021)<\/li>\n<li><a href=\"https:\/\/www.freiburg-schwarzwald.de\/blog\/global\/france\/frankreich-islam\/\">Appell der Offiziere: Mit Liebe zu Wahrheit und Vaterland<\/a>\u00a0 (7.5.2021)<\/li>\n<li><a href=\"https:\/\/www.freiburg-schwarzwald.de\/blog\/france-la-guerre-civile-menace\/\">France: La guerre civile menace -Der B\u00fcrgerkrieg droht<\/a>\u00a0(29.4.2021)<\/li>\n<li><a href=\"https:\/\/www.freiburg-schwarzwald.de\/blog\/kultur\/kulturverlust\/cancelculture-literatur\/\">Verweis auf Prophet Mohammed in Dantes \u201eG\u00f6ttlicher Kom\u00f6die\u201c gecancelt<\/a>\u00a0(6.4.2021)<\/li>\n<li><a href=\"https:\/\/www.freiburg-schwarzwald.de\/blog\/religion\/christen\/christentum\/\">Realit\u00e4tsverweigerung der katholischen Bisch\u00f6fe in der Auseinandersetzung mit dem Islam<\/a>\u00a0(6.11.2020)<\/li>\n<li><a href=\"https:\/\/www.freiburg-schwarzwald.de\/blog\/global\/france\/nizza29-10-2020\/\">Nach Nizza: Europa wird seine Kirchen bewachen m\u00fcssen<\/a>\u00a0(30.10.2020)<\/li>\n<li>Wie jede andere Religion muss auch der Islam kritisiert werden d\u00fcrfen (28.10.)<\/li>\n<li><a href=\"https:\/\/www.freiburg-schwarzwald.de\/blog\/religion\/islam\/terror\/\">Angst und Ohnmacht nach Messermorden in Dresden und Paris<\/a>\u00a0(23.10.2020)<\/li>\n<li><a title=\"Fatwa: Enthauptung bei Paris\" href=\"https:\/\/www.freiburg-schwarzwald.de\/blog\/fatwa-enthauptung-bei-paris\/\">Fatwa: Enthauptung eines Lehrers durch 18-J\u00e4hrigen bei Paris um 17 Uhr auf offener Strasse<\/a>\u00a0(18.10.2020)<\/li>\n<li><a title=\"Istanbul 1453 \u2013 Hannover 2020\" href=\"https:\/\/www.freiburg-schwarzwald.de\/blog\/istanbul-1453-hannover-2020\/\">Istanbul 1453 \u2013 Hannover 2020<\/a>\u00a0(25.4.2020)<\/li>\n<li><a title=\"IS\" href=\"https:\/\/www.freiburg-schwarzwald.de\/blog\/religion\/islam\/is\/\">Islamisten drohen damit, Rom zu erobern \u2013 VIDEO<\/a>\u00a0(19.1.2020)<\/li>\n<li><a title=\"Strasbourg11Dez2018\" href=\"https:\/\/www.freiburg-schwarzwald.de\/blog\/global\/integration\/strasbourg11dez2018\/\">Silvester-Gewalt durch Maghreb-Geb\u00fcrtige in Strasbourg: Hass auf den Staat<\/a>\u00a0(13.1.2020)<\/li>\n<li>Kein Religionskrieg in der EU, aber ein Krieg um die Grund- und Menschenrechte (30.7.2016)<\/li>\n<li>Der bewegende Aufruf eines Muslims an seine Glaubensbr\u00fcder (28.7.2016)<\/li>\n<li><\/li>\n<li><a title=\"Aufklaerung\" href=\"https:\/\/www.freiburg-schwarzwald.de\/blog\/kultur\/aufklaerung\/\">Aufkl\u00e4rung<\/a><\/li>\n<li><a href=\"https:\/\/www.freiburg-schwarzwald.de\/blog\/religion\/blasphemie\/\">Blasphemie<\/a><\/li>\n<li><a href=\"https:\/\/www.freiburg-schwarzwald.de\/blog\/kultur\/kulturverlust\/cancelculture-literatur\/\">CancelCulture-Literatur<\/a><\/li>\n<li><a title=\"Christchurch\" href=\"https:\/\/www.freiburg-schwarzwald.de\/blog\/religion\/islam\/terror\/christchurch\/\">Christchurch<\/a><\/li>\n<li><a title=\"Christen\" href=\"https:\/\/www.freiburg-schwarzwald.de\/blog\/religion\/christen\/\">Christen<\/a><\/li>\n<li><a href=\"https:\/\/www.freiburg-schwarzwald.de\/blog\/religion\/christen\/christentum\/\">Christentum<\/a><\/li>\n<li><a title=\"Christenverfolgung\" href=\"https:\/\/www.freiburg-schwarzwald.de\/blog\/religion\/christen\/christenverfolgung\/\">Christenverfolgung<\/a><\/li>\n<li><a href=\"https:\/\/www.freiburg-schwarzwald.de\/blog\/religion\/christen\/christlich-islamischer-dialog\/\">Christlich-islamischer Dialog<\/a><\/li>\n<li><a href=\"https:\/\/www.freiburg-schwarzwald.de\/blog\/religion\/islam\/ehrenmord\/\">Ehrenmord<\/a><\/li>\n<li><a href=\"https:\/\/www.freiburg-schwarzwald.de\/blog\/global\/france\/frankreich-islam\/\">Frankreich-Islam<\/a><\/li>\n<li><a title=\"Ideologie\" href=\"https:\/\/www.freiburg-schwarzwald.de\/blog\/engagement\/zukunft\/ideologie\/\">Ideologie<\/a><\/li>\n<li><a title=\"Islam\" href=\"https:\/\/www.freiburg-schwarzwald.de\/blog\/religion\/islam\/\">Islam<\/a><\/li>\n<li><a title=\"Istanbul1453\" href=\"https:\/\/www.freiburg-schwarzwald.de\/blog\/religion\/islam\/istanbul1453\/\">Istanbul1453<\/a><\/li>\n<li><a href=\"https:\/\/www.freiburg-schwarzwald.de\/blog\/engagement\/zukunft\/demokratie\/magdeburg20dez2024\/\">Magdeburg20Dez2024<\/a><\/li>\n<li><a href=\"https:\/\/www.freiburg-schwarzwald.de\/blog\/global\/migration\/mannheim-messermord31mai2024\/\">Mannheim-Messermord31Mai2024<\/a><\/li>\n<li><a href=\"https:\/\/www.freiburg-schwarzwald.de\/blog\/global\/migration\/masseneinwanderung\/\">Masseneinwanderung<\/a><\/li>\n<li><a title=\"Menschenrechte\" href=\"https:\/\/www.freiburg-schwarzwald.de\/blog\/kultur\/aufklaerung\/menschenrechte\/\">Menschenrechte<\/a><\/li>\n<li><a href=\"https:\/\/www.freiburg-schwarzwald.de\/blog\/global\/france\/nizza29-10-2020\/\">Nizza29-10-2020<\/a><\/li>\n<li><a title=\"Rouen26July2016\" href=\"https:\/\/www.freiburg-schwarzwald.de\/blog\/engagement\/zukunft\/demokratie\/rouen26july2016\/\">Rouen26July2016<\/a><\/li>\n<\/ul>\n<p>&nbsp;<\/p>\n<p><strong>9 Jahre nach seinem M\u00e4rtyrertod: Es wirkt fast so, als habe Abb\u00e9 Hamel niemals gelebt<\/strong><br \/>\nGenau heute vor neun Jahren st\u00fcrmten um 9.43 Uhr zwei 19-j\u00e4hrige Islamisten- einer ein franz\u00f6sischer Konvertit, der andere Algerier \u2013 in Saint-\u00c9tienne-du-Rouvray, einem Vorort von Rouen, eine kleine Kirche, wo der Ruhestandsgeistliche Jacques Hamel (85) gerad gemeinsam mit zwei Ordensfrauen und zwei weiteren Gl\u00e4ubigen die Heilige Messe feierten.<br \/>\nSie nahmen die Anwesenden als Geiseln, schrien islamistische Hasspropaganda und filmten sich dabei gegenseitig. Die beiden, nach eigenem Bekunden <em><strong>IS-Anh\u00e4nger, zwangen den gebrechlichen Priester auf die Knie und k\u00f6pften ihn auf den Stufen vor dem Altar unter lautem \u201eAllahu Akbar\u201c-Gebr\u00fclle.<\/strong> <\/em>Einen der anderen Gl\u00e4ubigen, einen 90-j\u00e4hrigen Mann, verletzten sie mit einem Messer schwer. Eine der Schwestern konnte in diesem Augenblick aus der Kirche entkommen und einen Hilferuf absetzen.<br \/>\n58 Minuten, nachdem der Albtraum begonnen hatte, waren Spezialkr\u00e4fte vor Ort und erschossen die beiden hasserf\u00fcllten jungen Terroristen, die sich erst wenige Tage zuvor \u00fcber das Internet kennengelernt und radikalisiert hatten.<br \/>\nKein einziges nennenswertes Medium erinnert heute an diesen tragischen Fall. Kein \u00f6ffentlich-rechtlicher Sender, kein Privatsender, keine regionale oder nationale Zeitung, kein Bistum erkl\u00e4rt auf ihren Portalen irgendwas dazu. Es ist so, als habe Abb\u00e9 Hamel niemals gelebt. Sein M\u00e4rtyrertod \u2013 einfach vergessen.<br \/>\n&#8230; Alles vom 26.7.2025 von Klaus Kelle bitte lesen auf<br \/>\n<a href=\"https:\/\/denken-erwuenscht.com\/9-jahre-nach-seinem-maertyrertod-es-wirkt-fast-so-als-habe-abbe-hamel-niemals-gelebt\/\">https:\/\/denken-erwuenscht.com\/9-jahre-nach-seinem-maertyrertod-es-wirkt-fast-so-als-habe-abbe-hamel-niemals-gelebt\/<\/a><\/p>\n<p>&nbsp;<\/p>\n<p><strong>Wie jede andere Religion muss auch der Islam kritisiert werden d\u00fcrfen <\/strong><br \/>\n<strong>\u2013 der Zivilgesellschaft aber mangelt es an Konsequenz und Courage<\/strong><br \/>\nDie brutale <a href=\"https:\/\/www.freiburg-schwarzwald.de\/blog\/global\/france\/enthauptung\/\">Ermordung eines Pariser Lehrers<\/a>, der seinen Sch\u00fclern anhand der Mohammed-Karikaturen die Logik des laizistischen Staates vermitteln wollte, wirft einmal mehr ein Licht auf die dem Islam potenziell innewohnende Gewalt. Kritik ist n\u00f6tig und angebracht.<br \/>\n&#8230;<br \/>\nDie Reaktion auf die entsetzliche Enthauptung eines Pariser Lehrers aufgrund seines selbstverst\u00e4ndlichen Eintretens f\u00fcr die B\u00fcrgerkunde und das kleine Einmaleins der Aufkl\u00e4rung kann kein abstrakter Feld-Wald- und-Wiesen-Atheismus sein, dem alles eins ist. Wenn Linke und Liberale sich angesichts solcher Brutalit\u00e4t noch immer nicht zu einer konsequenten Kritik sowohl des radikalen Islamismus als auch jener Elemente des orthodox-konservativen Mehrheitsislam aufraffen k\u00f6nnen, welche die emanzipatorischen Errungenschaften westlicher Gesellschaften bedrohen, werden weiterhin ressentimentgeladene politische Formationen mit ihrer \u00abIslamkritik\u00bb die Oberhand haben.<br \/>\n&#8230; Alles vom 8.10.2020 von Stephan Grigat bitte lesen auf<br \/>\n<a href=\"https:\/\/www.nzz.ch\/meinung\/der-mord-an-samuel-paty-islamkritik-muss-moeglich-sein-ld.1582337?mktcid=nled&amp;mktcval=124&amp;kid=nma_2020-10-28&amp;ga=&amp;trco=\">https:\/\/www.nzz.ch\/meinung\/der-mord-an-samuel-paty-islamkritik-muss-moeglich-sein-ld.1582337?mktcid=nled&amp;mktcval=124&amp;kid=nma_2020-10-28&amp;ga=&amp;trco=<\/a><\/p>\n<p>.<\/p>\n<p>&nbsp;<\/p>\n<p><strong>Kein Religionskrieg in der EU, aber ein Krieg um die Grund- und Menschenrechte<\/strong><br \/>\nEs droht kein Religionskrieg zwischen Islam und Christentum &#8211; auch nicht nach den brutalen Anschl\u00e4gen im Juli 2016 (Nizza, Ansbach, M\u00fcnchen, Reutlingen, <a title=\"Rouen26July2016\" href=\"https:\/\/www.freiburg-schwarzwald.de\/blog\/engagement\/zukunft\/demokratie\/rouen26july2016\/\">Rouen<\/a>, &#8230;). Denn dazu ist das Christentum viel zu schwach in Europa.\u00a0Was droht bzw. schon l\u00e4ngst im Gange ist:<br \/>\nEine Auseinandersetzung zwischen Islam und den Verfassungsrechten, <a title=\"Menschenrechte\" href=\"https:\/\/www.freiburg-schwarzwald.de\/blog\/kultur\/aufklaerung\/menschenrechte\/\">Menschenrechten<\/a>, Frauenrechten, Kinderrechten und Freiheitsrechten, auf denen die modernen, aufgekl\u00e4rten und weltlichen Gesellschaften\u00a0der EU gr\u00fcnden. Der Islam als politische Ideologie ist dabei, diese m\u00fchsam errungenen Rechte St\u00fcck f\u00fcr St\u00fcck abzubauen, zu vereinnahmen bzw. umzugestalten.<br \/>\nNach der Enthauptung eines katholischen Priesters in seiner Kirche nahe Rouen am 26.7.2016 durch zwei muslimische &#8222;Allahu akbar&#8220;-Rufer gab es nur vereinzelte\u00a0Proteste. Dies zeigt, wie\u00a0erb\u00e4rmlich\u00a0es um das Christentum im katholischen\u00a0Frankreich steht. Was f\u00fcr gewaltige Massenproteste h\u00e4tte es gegeben beim Mord an einem Imam in einer Moschee?<br \/>\nDie beiden muslimischen jungen\u00a0Attent\u00e4ter von Rouen w\u00e4ren zutiefst \u00fcberrascht\u00a0gewesen,\u00a0wie wenig Aufmerksamkeit ihr abscheuliches Verbrechen bewirkt hat. Karin Finkenzeller beschreibt dies so: \u00a0&#8222;Der Anschlag in Saint-Etienne ist nicht allein ruchlos, sondern auch dumm und feige. W\u00e4hrend der Messfeier in eine Kleinstadtkirche einzudringen, dem 86-j\u00e4hrigen Priester den Hals durchzuschneiden und dann zu glauben, man habe dem christlichen Abendland einen t\u00f6dlichen Schlag versetzt, und w\u00e4re es nur ein symbolischer, l\u00e4\u00dft darauf schlie\u00dfen, dass die Verbrecher keine Ahnung hatten vom <strong>traurigen Zustand des Katholizismus in Frankreich. Er ist nur noch ein Schatten seiner selbst.&#8220;<\/strong>\u00a0. Es geht also nicht um Kampf zwischen Islam und Katholizismus, sondern Kampf zwischen den Werten, die der Islam vertritt (Koran, Scharia), und den Werten, die in der Verfassung von Frankreich seit\u00a0\u00a0der franz. Revolution verankert sind (Egalite, Fraternite, Libert\u00e9), die die Menschenrechte voll umsetzen.<br \/>\n30.7.2016.<\/p>\n<p>Alles zu &#8222;Wie ein Opferlamm&#8220; von Karin Finkenzeller bitte lesen in DIE ZEIT vom 28.7.2016, Seite 48<\/p>\n<p>&nbsp;<\/p>\n<p><strong>Der bewegende Aufruf eines Muslims an seine Glaubensbr\u00fcder<br \/>\n<\/strong>W\u00fctend und doch voller Hoffnung postet Tarek Mohamad auf Facebook einen Appell \u2013 f\u00fcr mehr Frieden und Toleranz statt Hass. In nur kurzer Zeit bekommt der Beitrag 87.000 Likes und 17.000 Kommentare. &#8230;.<\/p>\n<p><em>&#8222;Mir liegt etwas gro\u00dfes am Herzen. Ich habe lange genug die Klappe gehalten. Wann immer ich mein Facebook sehe, sehe ich meine Landsleute wie sie mit Geld protzen, gegen T\u00fcrken oder Kurden hetzen, gegen deutsche hetzen, gegen schwule und Lesben Hetzen. Salafisten oder IS Bastarden Zuspruch geben und meinen das wir Moslems irgendwann Europa einnehmen. Ich will nicht Europa einnehmen! Ich will in FRIEDEN mit meinen T\u00fcrkischen, Deutschen, Kurdischen und J\u00fcdischen Br\u00fcdern und ..&#8220;<br \/>\n<\/em>&#8230;.. Mehr vom 28.7.2016 bitte lesen auf<br \/>\n<a href=\"https:\/\/www.welt.de\/vermischtes\/article157349387\/Der-bewegende-Aufruf-eines-Muslims-an-seine-Glaubensbrueder.html\">https:\/\/www.welt.de\/vermischtes\/article157349387\/Der-bewegende-Aufruf-eines-Muslims-an-seine-Glaubensbrueder.html<\/a><\/p>\n<p>Ich habe gerade mal reingeschaut. Der Post wurde zwar \u00fcber 100.000 Male geteilt&#8230; aber fast von keinem mit arabisch oder t\u00fcrkisch klingendem Namen (und wenn dann nur von Frauen). Bei den Kommentaren sieht es noch schlimmer aus&#8230; Da sind nur westliche Namen vertreten. arabische Kommentatoren geben neutrale bis kritische Kommentare ab (ein paar sehr wenige positive ausschlie\u00dflich von Frauen). Wem soll das Hoffnung machen. Respekt Tarek Mohamad, aber die Unterst\u00fctzung brauchst du wohl weniger aus dem deutschst\u00e4mmigen Lager.<br \/>\nT. Tim, 28.7.2016, WO<\/p>\n<p>Das Problem ist das man uns Muslime Misstraut und Alle in einen Topf stecken !Und Das Mann Als Moslem Sich f\u00fcr Frieden und Zusammenleben Und f\u00fcr Einen Miteinander Statt Gegeneinander Aufruft&#8230;..Wird Einfach Von Vielen wie Sie Nur Blo\u00df Gestellt &#8230;..Und hmm ja \u00f6hh usw &#8230;..Dann die W\u00f6rtern,dass Mann sich von seinen Glauben Zutrennen ,Um \u00dcberhaupt Anerkannt Zuwerden? Das ist Auch Ein Problem An den Sie und Gleichdenkenden Menschen Arbeiten M\u00fcssen.!!Darf ich Als Moslem Nicht meinen Glauben Aus\u00fcben &#8230;.Sprich Betten fasten Almosen Zahlen ,Und den Noch f\u00fcr Frieden Und das Zusammnleben Aufrufen?Was St\u00f6rt sie daran&#8230;.Wenn ich Bette usw&#8230;.Ich Schade Sie oder Andere Damit Nicht &#8230;Solange ich als M\u00e4\u00dfiger Moslem bin.<br \/>\nBassem Chahrour, 28.7.2016, WO<\/p>\n<p><strong>Begeisterung f\u00fcr etwas Selbstverst\u00e4ndliches<\/strong> &#8211;<br \/>\nAlles was der Mann (als Muslim) schreibt, ist selbstverst\u00e4ndlich. Niemand muss daf\u00fcr dankbar sein. Mein Vater kam Ende der 50er aus Italien. Der ist nicht auf die Idee gekommen unsere Gesetze, unsere Normen und unser Miteinander irgendwie in Frage zu stellen. Es gab auch kein &#8222;Wir&#8220; und &#8222;Ihr&#8220;. Das alle so begeistert von diesem Facebook-Eintrag sind, zeigt wie weit wir schon vom Weg abgekommen sind.<br \/>\nPeter Schreiber, 28.7.2016, WO<\/p>\n<p><strong>Leider schweigt die Mehrheit er Muslime<\/strong><br \/>\nHallo Tarek, leider bist Du nur ein einzelner Muslim. Wichtig ist, dass die Mehrheit der in Deutschland lebenden Muslime aufh\u00f6rt zu schweigen, denn Schweigen gilt nicht nur unter Juristen als Zustimmung, die muslimische T\u00e4ter ermuntern kann, solche Taten auszuf\u00fchren.<br \/>\nWie viele potentielle Attent\u00e4ter sind denn in Deutschland schon aus dem Kreis der Moscheen den Strafverfolgungsbeh\u00f6rden tats\u00e4chlich gemeldet worden? In Deutschland darf sich jeder Ali und Mohammed Imam nennen und predigen, ohne ein Studium der Islamwissenschaften einer Deutschen Hochschule nachweisen zu m\u00fcssen, was sich dringend \u00e4ndern muss. Es kann auch nicht sein , dass aus der religi\u00f6sen Erdogan Diktatur die DITIB Beh\u00f6rde radikale Imame nach Deutschland senden kann, was eine Bedrohung f\u00fcr unsere nationale Sicherheit darstellt.<br \/>\nDie Probleme h\u00e4tten wir in Deutschland nie gehabt, die Tarek kritisiert, wenn wir den Gastarbeitern in aller Deutlichkeit klar gemacht h\u00e4tten, unter welchen Bedingungen sie ihr leben und arbeiten k\u00f6nnen und welche Konsequenzen es hat, wenn sie sich nicht an die Spielregeln halten. Bisher haben wir die H\u00fcrde f\u00fcr Abschiebung zu hoch angelegt und wir h\u00e4tten schon l\u00e4ngst jegliche wirtschaftlichen Vorteile f\u00fcr die Nehmerl\u00e4nder daran kn\u00fcpfen m\u00fcssen, dass sie ihre Leute zur\u00fccknehmen m\u00fcssen, wenn sie hier straff\u00e4llig werden. Dann w\u00fcrden sie uns auch mehr respektieren. Auch sollten wir endlich aufh\u00f6ren, eine doppelte Staatsb\u00fcrgerschaft auszugeben, weil sich diese Menschen h\u00f6chstwahrscheinlich nicht loyal gegen\u00fcber Deutschland im Konfliktfall zeigen werden. Wie gesagte es heute Frau Merkel zu Recht: &#8222;Diese Menschen verh\u00f6hnen uns&#8220;<br \/>\nArmin Lange, 28.7.2016, WO<\/p>\n","protected":false},"excerpt":{"rendered":"<p>Home &gt;Religion &gt;Katholisch &gt;Christen &gt;Religionskrieg Listenauswahl eines Beitrags (Artikel\/Datum, Seite\/Inhalt):\u00a0Klicken\u00a0oder scrollen Spirituelle L\u00fccke: Christen Islam\u00a0(24.6.2026) Anabel Schunke: Warum es das Christentum gerade jetzt wieder braucht\u00a0(22.6.2026) Nmecha: Das Christentum leben\u00a0(22.6.2026) Religionskriege Afrika Asien Iran\u00a0(15.4.2026) Christenfeindlichkeit \u2013 das\u00a0Tabu\u00a0(14.12.2025) Kirchen-Vandalismus\u00a0(24.8.2025) 9 Jahre nach &hellip; <a href=\"https:\/\/www.freiburg-schwarzwald.de\/blog\/religion\/religionskrieg\/\">Weiterlesen <span class=\"meta-nav\">&rarr;<\/span><\/a><\/p>\n","protected":false},"author":2,"featured_media":0,"parent":171,"menu_order":0,"comment_status":"open","ping_status":"closed","template":"","meta":{"footnotes":""},"class_list":["post-61919","page","type-page","status-publish","hentry"],"_links":{"self":[{"href":"https:\/\/www.freiburg-schwarzwald.de\/blog\/wp-json\/wp\/v2\/pages\/61919","targetHints":{"allow":["GET"]}}],"collection":[{"href":"https:\/\/www.freiburg-schwarzwald.de\/blog\/wp-json\/wp\/v2\/pages"}],"about":[{"href":"https:\/\/www.freiburg-schwarzwald.de\/blog\/wp-json\/wp\/v2\/types\/page"}],"author":[{"embeddable":true,"href":"https:\/\/www.freiburg-schwarzwald.de\/blog\/wp-json\/wp\/v2\/users\/2"}],"replies":[{"embeddable":true,"href":"https:\/\/www.freiburg-schwarzwald.de\/blog\/wp-json\/wp\/v2\/comments?post=61919"}],"version-history":[{"count":6,"href":"https:\/\/www.freiburg-schwarzwald.de\/blog\/wp-json\/wp\/v2\/pages\/61919\/revisions"}],"predecessor-version":[{"id":150776,"href":"https:\/\/www.freiburg-schwarzwald.de\/blog\/wp-json\/wp\/v2\/pages\/61919\/revisions\/150776"}],"up":[{"embeddable":true,"href":"https:\/\/www.freiburg-schwarzwald.de\/blog\/wp-json\/wp\/v2\/pages\/171"}],"wp:attachment":[{"href":"https:\/\/www.freiburg-schwarzwald.de\/blog\/wp-json\/wp\/v2\/media?parent=61919"}],"curies":[{"name":"wp","href":"https:\/\/api.w.org\/{rel}","templated":true}]}}