{"id":61717,"date":"2016-07-22T07:25:44","date_gmt":"2016-07-22T05:25:44","guid":{"rendered":"https:\/\/www.freiburg-schwarzwald.de\/blog\/?page_id=61717"},"modified":"2021-07-01T10:06:41","modified_gmt":"2021-07-01T08:06:41","slug":"wuerzburg2016axt","status":"publish","type":"page","link":"https:\/\/www.freiburg-schwarzwald.de\/blog\/selbsthilfe\/krise\/gewalt\/wuerzburg2016axt\/","title":{"rendered":"Wuerzburg2016Axt"},"content":{"rendered":"<p><a href=\"https:\/\/www.freiburg-schwarzwald.de\/blog\">Home<\/a> &gt;<a title=\"Global\" href=\"https:\/\/www.freiburg-schwarzwald.de\/blog\/global\/\">Global<\/a>\u00a0&gt;<a title=\"Integration\" href=\"https:\/\/www.freiburg-schwarzwald.de\/blog\/global\/integration\/\">Integration<\/a> &gt;<a title=\"Fluechtlinge\" href=\"https:\/\/www.freiburg-schwarzwald.de\/blog\/global\/integration\/fluechtlinge\/\">Fluechtlinge<\/a> &gt;<a title=\"Gewalt\" href=\"https:\/\/www.freiburg-schwarzwald.de\/blog\/selbsthilfe\/krise\/gewalt\/\">Gewalt<\/a> &gt;Wuerzburg2016Axt<\/p>\n<div id=\"attachment_60977\" style=\"width: 648px\" class=\"wp-caption alignnone\"><a href=\"https:\/\/www.freiburg-schwarzwald.de\/blog\/global\/algerien\/baumast-pan160521\/\" rel=\"attachment wp-att-60977\"><img loading=\"lazy\" decoding=\"async\" aria-describedby=\"caption-attachment-60977\" class=\"size-full wp-image-60977\" src=\"https:\/\/www.freiburg-schwarzwald.de\/blog\/wp-content\/uploads\/2016\/05\/baumast-pan160521.jpg\" alt=\"Abges\u00e4gte Baum\u00e4ste im Mai 2016\" width=\"638\" height=\"240\" srcset=\"https:\/\/www.freiburg-schwarzwald.de\/blog\/wp-content\/uploads\/2016\/05\/baumast-pan160521.jpg 638w, https:\/\/www.freiburg-schwarzwald.de\/blog\/wp-content\/uploads\/2016\/05\/baumast-pan160521-180x67.jpg 180w\" sizes=\"auto, (max-width: 638px) 100vw, 638px\" \/><\/a><p id=\"caption-attachment-60977\" class=\"wp-caption-text\">Abges\u00e4gte Baum\u00e4ste im Mai 2016<\/p><\/div>\n<h4><strong>Axt-Attent\u00e4ter Riaz Khan Ahmadzai kostete als UMF 52.000 Euro im Jahr<\/strong><\/h4>\n<ul>\n<li>Drei unangenehme Fakten \u00fcber minderj\u00e4hrige Fl\u00fcchtlinge (9.8.2016)<\/li>\n<li>Die Axtattacke des UMFs wirft viele Fragen auf, die offen zu diskutieren sind (23.7.2016)<\/li>\n<li>De Maiziere h\u00e4lt B\u00fcrger f\u00fcr dumm (22.7.2016)<\/li>\n<li>Hinter islamischem Terror steckt genauso einen Ideologie wie hinter rechtem NSU-Terror (22.7.2016)<\/li>\n<li>L\u00fcgen nach W\u00fcrzburg: Islam und Islamismus nicht trennbar (21.7.2016)<\/li>\n<li><a title=\"Weisser-Ring\" href=\"https:\/\/www.freiburg-schwarzwald.de\/blog\/selbsthilfe\/soziales\/justiz\/weisser-ring\/\">UMF ver\u00fcbt brutalen \u00dcberfall auf eine Frau in FR \u2013 Opferschutz?<\/a> (28.4.2016)<\/li>\n<li><a title=\"Kriminalitaet\" href=\"https:\/\/www.freiburg-schwarzwald.de\/blog\/selbsthilfe\/krise\/gewalt\/kriminalitaet\/\">Fl\u00fcchtlinge sind in FR \u00fcber 10 mal so h\u00e4ufig an Raub\u00fcberf\u00e4llen beteiligt<\/a> &gt;Kriminalitaet (4.4.2016)<\/li>\n<li><a title=\"Migration-Maenner\" href=\"https:\/\/www.freiburg-schwarzwald.de\/blog\/global\/migration\/migration-maenner\/\">Massen\u00fcberfall auf Frauen durch junge Fl\u00fcchtlinge in K\u00f6ln<\/a> (4.1.2016)<\/li>\n<\/ul>\n<ul>\n<li><a title=\"Ditib\" href=\"https:\/\/www.freiburg-schwarzwald.de\/blog\/global\/tuerkei\/ditib\/\">Ditib<\/a><\/li>\n<li><a title=\"Integrationsgesetz\" href=\"https:\/\/www.freiburg-schwarzwald.de\/blog\/global\/integration\/integrationsgesetz\/\">Integrationsgesetz<\/a><\/li>\n<li><a title=\"Integrieren\" href=\"https:\/\/www.freiburg-schwarzwald.de\/blog\/global\/integration\/integrieren\/\">Integrieren<\/a><\/li>\n<li><a title=\"Islam\" href=\"https:\/\/www.freiburg-schwarzwald.de\/blog\/religion\/islam\/\">Islam<\/a><\/li>\n<li><a title=\"Migration\" href=\"https:\/\/www.freiburg-schwarzwald.de\/blog\/global\/migration\/\">Migration<\/a><\/li>\n<li><a title=\"UMF\" href=\"https:\/\/www.freiburg-schwarzwald.de\/blog\/global\/integration\/umf\/\">UMF &#8211; UMA &#8211; UM<\/a><\/li>\n<li><a href=\"https:\/\/www.freiburg-schwarzwald.de\/blog\/selbsthilfe\/krise\/gewalt\/wuerzburg2021messermorde\/\">Wuerzburg2021Messermorde<\/a><\/li>\n<\/ul>\n<p>&nbsp;<\/p>\n<p><strong>Drei unangenehme Fakten \u00fcber minderj\u00e4hrige Fl\u00fcchtlinge<\/strong><br \/>\n1) 2 Mrd Euro Kosten im Jahr (42309 UMFs in 2015, 40000 bis 60000 Euro\/Jahr je UMF)<br \/>\n2) Viele UMF l\u00fcgen \u00fcber ihr Alter (45% sind \u00fcber 18, laut Hamburger Senat)<br \/>\n3) Hohe Kriminalit\u00e4tsrate (Bremens Polizei meldet Stra\u00dfen-Gangs von UMFs)<br \/>\n&#8230; Nehmen wir das Beispiel des Axt-Angreifers von W\u00fcrzburg. F\u00fcr die Betreuung von Riaz Khan Ahmadzai hat der Steuerzahler im vergangenen Jahr rund 52.000 Euro gezahlt, ergaben Recherchen des M\u00fcnchner Merkurs. Elf Monate verbrachte der junge angebliche Afghane in einem Kolpinghaus, das bei einem Tagessatz von 145 Euro insgesamt 47.850 Euro erhielt. F\u00fcr die \u201eSozialindustrie\u201c sind die UMF ein Umsatz-Booster. Die sogenannte Inobhutnahme nach der Ankunft Ahmadzais schlug mit 2.000 Euro zu Buche. Die Pflegefamilie, bei der Ahmadzai zuletzt zwei Wochen lang lebte, bekam 1.200 Euro im Monat. Es ist schon erstaunlich, wie viel Geld f\u00fcr die unbegleiteten minderj\u00e4hrigen Fl\u00fcchtlinge ausgegeben wird.<br \/>\nZum Vergleich: Der Hartz-IV-Satz f\u00fcr sozial bed\u00fcrftige Jugendliche zwischen 15 und 18 Jahren liegt bei 306 Euro im Monat \u2013 also weniger als ein Zehntel dessen, was f\u00fcr einen UMF ausgegeben wird. &#8230;.<br \/>\nAlles vom 9.8.2016 bitte lesen auf<br \/>\n<a href=\"https:\/\/www.rolandtichy.de\/gastbeitrag\/drei-unangenehme-fakten-ueber-minderjaehrige-fluechtlinge-umf\/\">https:\/\/www.rolandtichy.de\/gastbeitrag\/drei-unangenehme-fakten-ueber-minderjaehrige-fluechtlinge-umf\/<br \/>\n<\/a>\u00a0 \u00a0.<br \/>\n<strong>Unsere Sichtweise auf UMFs kann von diesen nie verstanden werden<\/strong><br \/>\nDiese Menschen leben in anderen Welten und anderen Zeiten als wir. So wie wir \u00fcber Kinder denken, wie wir sie sch\u00fctzen und sozialisieren, ist ihnen komplett fremd. Da, wo viele der muFls herkommen, gibt es noch Gro\u00dffamilien, Clans, kein eigenes Bett f\u00fcr alle geschweige denn Kinderzimmer oder gar Schulbildung. K\u00f6nnen wir uns \u00fcberhaupt eine 10\/12 Kinderfamilie und ihre Lebensform in einem abgelegenen Dorf in Pakistan vorstellen? Mit Krankheit und Tod als t\u00e4glichem Gast? Wir nutzen unsere Sichtweise und beschreiben, wie wir es kennen. Das die Eingereisten ganz andere Sicht- und Verhaltensweisen haben, erkennen wir nur nach und nach und sind oft erschreckt, da keine Kompatibilit\u00e4t zu unserem Rechtsverst\u00e4ndnis gegeben ist. Das wird uns das Genick brechen, &#8230;.<br \/>\n8.8.2016, IT<br \/>\n.<br \/>\n<strong>Die gro\u00dfe Anzahl von UMFs erdr\u00fcckt uns<\/strong><br \/>\nWie kommen wir aus dieser Falle heraus? Eine Lebendfalle in der ein ganzes Volk sitzt, wie in Geiselhaft. Entweder wir ergeben uns und machen gute Mine zum b\u00f6sen Spiel oder wir erheben uns um den Preis als unmenschlich und egoistisch zu gelten. Humanistisch, christlich und altruistisch \u2013 funktioniert das angesichts der Menge von Fl\u00fcchtlingen und Migranten, die schon da sind, und der viel gr\u00f6\u00dferen Menge, die im Familiennachzug zu erwarten sind? Und sind das Tugenden, die \u00fcber die pers\u00f6nliche Tugendhaftigkeit des Einzelnen hinaus einem Staat abzuverlangen sind? Kann und soll ein Staat tugendhaft sein oder ist er nicht vielmehr dazu da, die Freiheit und Rechte des Volkes zu sch\u00fctzen und f\u00fcr Unabh\u00e4ngigkeit und Sicherheit zu sorgen.? Sind wir der Staat oder haben wir einen Staat Sind wir Staatsangeh\u00f6rige oder B\u00fcrger unseres Staates? B\u00fcrger kann man durch Einb\u00fcrgerung werden. Bayerische Politiker w\u00fcrden wohl keine Probleme haben, das Fl\u00fcchtlings- und Migrantenproblem anzugehen und auch zu l\u00f6sen.<br \/>\n8.8.2016, Renate Schneider<br \/>\n.<br \/>\n<strong>Alter der UMFs: Beweispflicht endlich umkehren<\/strong><br \/>\nEs w\u00e4re doch eiinfach: Umkehr der Beweispflicht! Wenn ein Zugereister \u201cJugendlicher\u201d sein tats\u00e4chliches Alter nicht glaubhaft nachweisen kann, sollte er nicht als Minderj\u00e4hriger behandelt werden. Unsereins wird von den Beh\u00f6rden oder der Staatsgewalt nach obrigkeitlichem Gutd\u00fcnken behandelt, wenn wir keine Nachweise f\u00fcr was auch immer erbringen k\u00f6nnen. Weshalb werden neuerdings \u201cMenschen\u201d in Deutschland mit zweierlei Ma\u00df behandelt?<br \/>\n10.8.2016, Karin Pfeiffer<\/p>\n<p><strong>Viele UMFs kommen aus salafistischen Koranschulen zu uns<\/strong><br \/>\nWas wir \u00fcber diese echten oder falschen Jugendlichen \u00fcbrigens auch nicht wissen: wieviele von ihnen direkt einer der x-tausenden Radikal-Koranschulen, die es inzwischen, meistens von den Saudis aus gesteuert und finanziert, um ihren Mittelalter-Wahhabismus \u00fcberall zu verbreiten, entsprungen sind. In diesen Schulen lernen die Kinder von klein an, dass es eine Pflicht und Ehre f\u00fcr den Muslim ist, Dschihadist zu werden und Ungl\u00e4ubige zu t\u00f6ten. Bereits Knaben im zarten Alter von 7 oder 8 Jahren sagen einem auf die Frage, was sie sp\u00e4ter mal werden wollen: Dschihadist. War k\u00fcrzlich in einer Doku bei ZDF zu sehen. Da wird eine Art Armee hoch gez\u00fcchtet, ohne dass es bei oberfl\u00e4chlicher Betrachtung nach Armee aussieht. Ich sch\u00e4tze mal, zehntausende solcher Absolventen haben wir bereits hier. Wir werden das dann merken, im Laufe der Zeit. Der falsche Afghane, der vermutlich eher Pakistani war, k\u00f6nnte genau so ein Kandidat gewesen sein.<br \/>\n10.8.2016, Vera, TO<br \/>\n.<br \/>\n<strong>UMFs nicht traumatisiert, sondern in Gewaltkulturen sozialisiert<\/strong><br \/>\nIch wehre mich gegen den inflation\u00e4r ge- bzw. missbrauchten Begriff der \u201cTraumatisierung\u201d, den auch der Autor vorschnell verwendet \u2013 jeder sogenannte Fl\u00fcchtling ist heute schrecklich traumatisiert und die \u201clieben Kleinen\u201d MUFL sowieso. Das ist westliche Denke, von Psychologen und P\u00e4dagogen aus einer saturierten Welt erfunden, nicht zuletzt um eigene Schuldgef\u00fchle zu kompensieren und die M\u00e4r vom \u201cEdlen Wilden\u201d zu befeuern. Doch wir haben es hier ganz \u00fcberwiegend mit gewaltaffin sozialisierten jungen M\u00e4nnern zu tun. Es sind manche darunter, die in ihren Heimatl\u00e4ndern schon mit 15 als Schwerkriminelle in Erscheinung getreten sind. Die lachen vielfach vergn\u00fcgt, wenn irgendwo in ihren Heimatl\u00e4ndern in den Stra\u00dfen geballert wird und Gangs ihre Differenzen blutig austragen \u2013 zumindest sofern es ihnen nicht pers\u00f6nlich ans Leder geht. Wer mit 10 oder 12 in seiner Heimat grunds\u00e4tzlich schon mit Messer oder Pistole unter dem Kaftan durch die Stra\u00dfen zieht und mit 14 so viele Leichen \u201cherumliegen\u201d gesehen hat, wie hierzulande allenfalls ein professioneller Bestatter im Lauf seines Arbeitslebens, ist nicht empf\u00e4nglich f\u00fcr das, was man hierzulande \u201cTraumatisierung\u201d nennt. Die sind meist nicht einmal traumatisiert, wenn sie auf Beschluss des Familienrates ihre eigenen Schwestern \u201cehrenmorden\u201d \u2013 was bekanntlich gar nicht so selten vorkommt -, denn dann sind sie in ihren Klanstrukturen hoch angesehen und genie\u00dfen einen heldenhaften Status. Es sind einfach diese gewaltaffinen Kulturen, die den Menschen pr\u00e4gen bzw. verpr\u00e4gen \u2013 bei den meisten ist mit 15 oder 16 schon nichts mehr zu retten, da das \u201cGewalt-Gen\u201d schon fest in den K\u00f6pfen verankert ist. Zudem bekommen gerade die jungen M\u00e4nnern in ihren Familienclans st\u00e4ndig etwas von Familienehre vorgebetet, die ein Mann um jeden Preis sicherzustellen habe, im Zweifel je blutiger desto besser. Diese jungen M\u00e4nner, die mit entsorgtem Pass hier eintreffen, legen ihre archaische Weltsicht und ihr r\u00fcckst\u00e4ndiges Koordinatensystem doch nicht ab, nur weil sie hier flugs von einer Sozialarbeiter-Kohorte wie H\u00e4tschelbabys umsorgt werden. Man nimmt zwar die Annehmlichkeiten in Kauf, verachtet insgeheim aber diese \u201cunm\u00e4nnlichen\u201d Deutschen, die nicht mal in der Lage sind, sich selbst zu verteidigen. Orientalen verstehen \u00fcberhaupt nicht, was der Begriff \u201ctraumatisiert\u201d bedeuten soll. Ich habe es mal einem gaaaanz schrecklich verfolgten Asylbewerber aus Tunesien zu erkl\u00e4ren versucht. Der Mann hat schallend gelacht und sich auf die Schenkel geklopft vor Vergn\u00fcgen \u00fcber ein solches Ma\u00df an deutscher D\u00e4mlichkeit und fehlgeleiteter Gutm\u00fctigkeit. Die von mir monierte Vokabel entspringt der Sprache der Asylindustrie, die mit derartigen vorschnellen Bewertungen viel Geld, sehr, sehr viel Geld verdient. Ich str\u00e4ube mich dagegen, deren krude Sprache kritiklos zu \u00fcbernehmen, da Sprache eben immer auch Inhalte und Wertungen transportiert und hier werden in Form eines Automatismus Inhalte \u00fcbernommen, die ich f\u00fcr nicht erwiesen bzw. f\u00fcr unzutreffend halte. Es ist nicht unsere Welt, aus der diese jungen bzw. mitunter auch etwas weniger jungen Leute kommen \u2013 und unsere sollte besser nicht die ihre werden. Da passt n\u00e4mlich etwas Entscheidendes nicht zusammen. Traumatisiert sind doch eher die ungl\u00fccklichen Opfer, die zur falschen Zeit am falschen Ort sind und den Kriminellen unter den per se Traumatisierten in die H\u00e4nde fallen.<br \/>\n10.8.2016, Andreas Donath, TO<br \/>\n.<br \/>\n<strong>Sozial bed\u00fcrftiger Jugendlicher erh\u00e4lt 1\/10 des UMF-Gehaltes<\/strong><br \/>\nDer Hartz IV-Satz f\u00fcr sozial bed\u00fcrftige Jugendliche zwischen 15 und 18 Jahren liegt bei 306 Euro im Monat \u2013 also weniger als ein Zehntel dessen, was f\u00fcr einen UMF ausgegeben wird.\u201d Wirklich widerw\u00e4rtig ist es dann, wenn der alleinerziehenden Mutter das Kindergeld auf diesen Hartz IV Satz auch noch angerechnet wird, nur um dann von einer \u201crassistischen Neiddebatte\u201d gesprochen, wenn dieser Personenkreis diese Zahlen zur Sprache bringt. Regelrecht pervers wird es, wenn sich die \u00c4rmsten der Armen mit diesen rundum Versorgten noch an der \u201cTafel\u201d um die Reste kloppen m\u00fcssen.<br \/>\n11.8.2016, Jens Frisch<br \/>\n.<br \/>\n<strong>Demn\u00e4chst: Kein Integrationsproblem, sondern B\u00fcrgerproblem<\/strong><br \/>\n\u201cDeutschland wird in den kommenden Jahren ein gewaltiges Integrationsproblem bekommen.\u201d Dieses Fazit ist falsch. De wird in den kommenden Jahren ein gewaltiges Problem mit desintegrierten autochtonen B\u00fcrgern haben, die diesen Wahnsinn nicht mehr bezahlen wollen und auch nicht mehr k\u00f6nnen. \u00dcber Integration von Migranten wird dann keiner mehr reden. Das erledigt sich selbst, sp\u00e4testens seit Forderungen erhoben werden, eine Migrantenquote in der Wirtschaft einzuf\u00fchren. Was die sogenannten Minderj\u00e4hrigen angeht, w\u00fcrde auch die \u00c4nderung des Blickwinkels helfen. Ein F\u00fcnfzehnj\u00e4hriger aus dem \u201cMorgenland\u201d ist ein ganz anderes Kaliber, als ein Einheimischer gleichen Alters. Wir haben schon l\u00e4ngst an vielen Stellen vor der Scharia kapituliert. Wer Ehen unter Kindern zul\u00e4sst, weil diese Kinder dort, wo sie herkommen schon keine Kinder mehr sind, muss diese Klientel hier nach Erwachsenen(straf)recht behandeln.<br \/>\n10.8.2016, E.W\u00fcrdig<br \/>\nMigrantenansturm ungebrochen &#8211; R\u00fcckgang ist Presse-L\u00fcge<br \/>\nW\u00e4hrend die Bundesregierung von einem R\u00fcckgang der Migranten-Zahlen schwadroniert, scheint es so, als setze sich der Ansturm der Migranten auf Deutschland unvermindert fort. Nur wir Bundesb\u00fcrger bekommen das nicht mehr mit, zumal auch die Medien mit viel zu niedrigen Zahlen operieren. ZEIT-Online 08.07.16: \u201eDeutschland registriert immer weniger Fl\u00fcchtlinge\u201c. Die Zahl der Asylsuchenden nimmt von Monat zu Monat ab: Im Juni kamen 16 000 Menschen nach Deutschland. Nach der Statistik des BAMF sind aber im Juni wesentlich mehr Erstantr\u00e4ge gestellt worden: Im Berichtsmonat Juni 2016 wurden 73.033 Erstantr\u00e4ge vom Bundesamt entgegen genommen. Gegen\u00fcber dem Vormonat (Mai: 54.056 Personen) stieg dieser Wert um 35,1 %. Im Vergleich zum Vorjahr (Juni 2015: 32.705 Personen) liegt eine Steigerung des Monatswertes (+123,3 %) vor. Das gilt auch f\u00fcr das gesamte erste Halbjahr 2016: Im ersten Halbjahr 2016 wurden nach aktuellen Angaben des BAMF 387.675 Erstantr\u00e4ge vom Bundesamt entgegen genommen. https:\/\/www.bamf.de\/SharedDocs\/Anlagen\/DE\/Downloads\/Infothek\/Statistik\/Asyl\/201606-statistik-anlage-asyl-geschaeftsbericht.pdf?__blob=publicationFile<br \/>\n9.8.2016, Heinrich Niklaus, TO<br \/>\n.<br \/>\n<strong>UMF-Bevorzugung hat Potential zu einem Volksaufstand<\/strong><br \/>\nErschreckend! Als es Deutschland in einer Krise wirtschslich schlecht ging, verordnete die SPD mit der Agenda2010 den sozialen Kahlschlag f\u00fcr die Deutschen an. Von den ganzen Nullrunden im Vorfeld und noch danach will ich \u00fcberhaupt nicht sprechen. Ein Gro\u00dfteil der ehemaligen Mittelschicht, hat sich bis heute nicht davon erholt. Und selbst der heutige Erfolg, basiert dich nur auf einer Exportpolitik, in der Millionen Menschen in befristeten Zeitvertr\u00e4gen, zu Mindestl\u00f6hnen und\/oder in geringf\u00fcgigen Besch\u00e4ftigungen ihr prik\u00e4res Dasein fristen. Den Unternehmen bietet diese von der SPD eingef\u00fchrte Export-Sklavengeneration eine Gewinnmarge von nie gekannten Ausma\u00df dem Staat winkt an Steuereinnahmen das gleiche Gl\u00fcck. Der gute Sch\u00e4uble kommt und kam zeitweise mit dem korrigieren seiner Steuererwartungen nach oben, nicht mehr nach. Aber profitiert die deutsche Bev\u00f6lkerung auch von diesem Reichtum, den ganz EUropa und die halbe Welt \u201cden Deutschen\u201d daher immer wieder unterstellt und aufgrund die Deutschen zwischenzeitlich, wie z.B. im Fall Griechenland, sogar schon B\u00fcrgschaften zur Gewinnrettung von Griechenlands Schuldnern in hunderten Mrd. Euro \u00fcbernahmen. Nat\u00fcrlich nicht, Sie alle wissen es selbst, stattdessenbkann sich jeder sogar noch darauf einstellen im Alter Flaschen zu sammeln, weil die zu erwartende Rente \u00fcbertrieben ausgedr\u00fcckt, den Hartz4-Satz zu unterschreiten droht. Eine Aufstockung durch den Staat ist nat\u00fcrlich nicht m\u00f6glich, weil wir bei dem Thema nat\u00fcrlich gleich wieder ein armer Staat sind. Der Reichtum konzentriert sich auf einige wenige und eine moralisierte Politikerkaste, die von den erwirtschaften Leistungen der arbeitenden Bev\u00f6lkerung lieber die halbe Welt rettet, sich da doch immer so grunds\u00e4tzlich in der Verantwortung f\u00fchlt. Nun ja, zumindest unterstellt sie dem eigenen Volk hier ja immer wieder eine Verantwortung, der sich ansonsten keine zweite Nation weltweit zu erinnern scheint. Und weil dies alles noch nicht ausreicht, die Gier der deutschen Politik, nach materieller und menschenrechtlicher Rettung anderer V\u00f6lker keine Grenzen mehr kennt, werden diese V\u00f6lker nun seit Herbst letzten Jahres einfach direkt nach Deutschland geholt. Nun sind alle gl\u00fccklich, Frau Merkek kann h\u00fcbsche Selfis mit ihren G\u00e4stenn machen, die Deutschen ihr ehemals friedliches Zusammenleben tagt\u00e4glich mit den G\u00e4sten auch mit Messern, Macheten und \u00c4xten, neu aushandeln und ihre Frauen zur eigenen Sicherheit am besten gleich von Kopf bis Fu\u00df in sch\u00fctzenden Stoff einwickeln. So weit doch alles prima. Wenn da nicht immer mehr Menschen in diesem Land bockig w\u00fcrden, und ihrem Unmut lauthals \u00fcber die Medien kommentieren w\u00fcrden. Jetzt hat das Justizministerchen zwar vorsorglich schon einmal ganz masslos die noch schnell verf\u00fcgbaren Alt-Stasi-Spitzel aus seinem privaten Freundeskreis zu Zensurrichtern wieder dem GG eingesetzt aber der Erfolg will sich einfach nicht einstellen. Und schon droht neuer Druck, den das alles bezahlenden Deutschen ist aufgefallen, das ihr Jahres-Einkommen, mit dem sie ihre gesamte Familie ern\u00e4hren m\u00fcssen, durchschnittlich nicht einmal halb so gro\u00df ist, wie das Geld, das Frau Dr. Merkel j\u00e4hrlich in die Hand nimmt um nur einen einzigen ihrer Minderj\u00e4hrigen neuen G\u00e4ste zu bespassen. Wie kann das sein? Werden die bei Boss eingekleidet? Jeden Tag auf einen Anti-Traumatisierungsurlaub in die Karibig geschickt?<br \/>\nWie kann mancher Familienvater blo\u00df mit 30-40.000 Euro Jahresgehalt nur eine vierk\u00f6pfige Familie ern\u00e4hren, wenn Frau Merkel das doppelte f\u00fcr einen einzige minderj\u00e4hrige Fl\u00fcchtling aufbringt. Fragen \u00fcber Fragen. Da sei mir am Rande die Frage an die Politik gestattet, wie zum Henker Frau Merkels In ihrem \u201cPlan vom wir schaffen das\u201d das ganze Geld zur bunten Unterhaltung \u00fcberhaupt noch aufbringen m\u00f6chte, wenn noch eine oder zwei Millionen G\u00e4ste, angelockt von Merkels Vollpension in Alemania dazugekommen sind, der Familiennachzug stattgefunden hat und sich Deutschlands wirtschaftlicher Erfolg wom\u00f6glich eintr\u00fcbt. Wenn Die Kosten bereits bei voller Staatskasse regelrecht an die Substanz des Bundeshaushaltes reichen drohen, woher soll das Geld noch kommen wenn die Einnahmen des Staates auch nur geringf\u00fcgig sinken.<br \/>\nUnd woher soll die Motivation der Deutschen noch kommen, wenn sie wie in diesem Artikel lesen d\u00fcrfen, das f\u00fcr einen einzelner Fl\u00fcchtling hier zwischenzeitlich mehr Geld f\u00fcr dessen Bespassung ausgegeben wird als durchnittlichen Familien in Deutschland durch harte Arbeit \u00fcberhaupt verdienen! Das birgt nicht nur sozialen Sprengstoff, das birgt bereits massives Potential zu einem Volksaufstand.<br \/>\n9.8.2016, Feingeist , TO<br \/>\n.<br \/>\n<strong>UMF kostet mehr als ein Senioren-Pflegefall &#8211; Unrechtspolitik<\/strong><br \/>\nWer illegale Migranten, und um nichts Anderes handelt es sich bei den seit \u00fcber 1 Jahr in unser Land einstr\u00f6menden oder besser gesagt eindringenden Personen, ohne jede Erhebung der Personalien und Identit\u00e4t, hereinl\u00e4\u00dft, wie Merkel das bis dato auch weiterhin tut, der schafft die Souver\u00e4nit\u00e4t des eigenen Staates und damit den Wohlstand breiter Kreise des eigenen Volkes ab. Die sogenannten UMF sind daf\u00fcr ein besonders schlimmes Beispiel. Sie kosten den deutschen(!!!-ja den gibt es noch!) Steuerzahler so viel wie ein Pflegefall(30-40000 j\u00e4hrlich). Hartz IV Empf\u00e4nger, die ihr ganzes Leben hier gearbeitet und eingezahlt haben, werden demgegen\u00fcber mit einem Almosen abgespeist..Von sozialer Gerechtigkeit keine Spur unddas im ganzen Bundestag. Die UMF, oftmals schon mit dem Bart des Propheten ausgestattet, sind zu \u00fcber 60% schon Erwachsene u. versuchen auf diesem Wege die optimale Versorgung zu erreichen. Sie sind dar\u00fcber hinaus, was von der Politik und den Medien oft verschwiegen wird, aufgrund fehlender Schulbildung und schlechter sozialer Herkunft, schnell kriminell und brutal und daf\u00fcr besonders empf\u00e4nglich f\u00fcr islamistische Terrorakte. Der 17-j\u00e4hrige T\u00e4ter von Anspach, wahrscheinlich pakistanischer Herkunft, obwohl gut beh\u00fctet und f\u00fcr 1200Euro\/Monat in einer Pflegefamilie untergebracht, musste dennoch aus Rache f\u00fcr irgendeine erlittene Schmach \u201cUngl\u00e4ubige\u201d t\u00f6ten! Die Quintessenz aus diesem Dilemma kann nur lauten: strengste Grenzkontrollen und keinerlei Zuwanderung mehr ohne Ausweispapiere und Identifizierung aus dem orientalisch-muslimischen und afrikanischen Raum! Andernfalls geht nicht nur die EU, sondern auch die Europ\u00e4ische Kultur wie wir sie kennen dem Untergang entgegen!<br \/>\n9.8.2016, Peter Rarey, TO<br \/>\n.<br \/>\n<strong>Arabisch-afrikaische Kulturbereicherer &#8211; Wir sind machtlos ausgeliefert<\/strong><br \/>\nObwohl dieses Thema nicht neu ist und auch hier schon angesprochen wurde, ist es trotzdem sehr gut dass das Thema elternlose jugendliche bzw \u201cangeblich jugendliche\u201d \u201cFl\u00fcchtlinge\u201d nun nochmals u. ausf\u00fchrlicher angesprochen wird. Ich wohne in Hamburg und was auch hier v.a arab(t\u00fcrk)\/afri musl Jugundliche angeht, da braucht mir niemand etwas zu erz\u00e4hlen. Weshalb ich dann auch bei vielen der o.g betreuten Fl\u00fcchtlingskindern \u201cSchwarz\u201d sehe. Auch diese werden uns Deutschen noch so oder so teuer zu stehen kommen u. arge Probleme bereiten. Was bisher allerdings nicht oder seltens angesprochen wird, ist, die Zeit wo dann Unsereins diese \u201cnetten\u201d arab\/afrik musl \u201cKulturbereicherer\u201d als Nachbarn ins Haus bekommen wird. Das wird dann besonders \u201clustig, wenn dann von denen in einem Stadtteil u. Haus ab ~30% und erst recht zw 60-90% wohnen. Das ist dann eine \u201ctolle\u201d Kulturbereicherung. Und das sage ich aus eigener Erfahrung nachdem ich es grad zum 2. Mal selber erlebt habe wie ein sch\u00f6nes Stadtteil mit dt Mittelstand innerhalb ~10 Jahre zum ausl\u00e4ndischen Problemstadtteil\/Ghetto wurde. Da kommt dann richtig Freude auf wenn es mit den \u201cnetten\u201d arab\/afrik Nachbarn Theater gibt. Hinzu da diese ach so \u201cnetten\u201d Kulturbereicherer oftmals noch nicht mal Respekt u. Achtung vor der Polizei u. Gesetze haben geschweige dann vor einen d\u00e4mlichen dt Normalo. Doch WAS tun bei Nachbartheater?? Polizei rufen? Diese ist, zumindest solange es sich nicht um KV(K\u00f6perverletzung) handelt, hier nicht zust\u00e4ndig und verweist auf den Vermieter. Und der, v.a staatliche, Vermieter, den interessiert es einen Schei\u00dfdreck! Also stehst alleine da u\/o \u201cdarfst\u201d dir auf den leeren u\/o arschteuren Wohnungsmarkt eine neue u bezahlbare Wohnm\u00f6glichkeit suchen(was ich mittlerweile hiet in Hbg auch schon seit nun gut 3 Jahre vergeblich versuche). Das wahre Ausma\u00df u. richtige Theater werden wir bzw \u201cder kleine Mann\u201d wohl erst in\/ab 2-3 Jahre erleben. Wobei den finz Teil und den Sozialsystem-\/Renteneinbruch noch unsere Kinder u Enkelkinder tragen werden \u201cd\u00fcrfen\u201d.<br \/>\nIch habe von MultiKulti und heutige dt Politik die Schnauze mehr als gestrichen voll und w\u00e4re ich heute um die 25-30J w\u00fcrde ich damalige Gedanken wahr werden lassen und auch auswandern. Anbei zwei auch interessante Links zum Thema jugendl \u201cFl\u00fcchtlinge\u201d<br \/>\n1) Elternlose u kriminelle, nicht immer wirkl noch, jugendliche \u201cFl\u00fcchtlinge\u201d auf \u201cReisen\u201d.<br \/>\n<a href=\"https:\/\/m.welt.de\/politik\/deutschland\/article152826568\/Wie-Nordafrikas-Problemkinder-das-System-austricksen.html?wtrid=socialmedia.socialflow\u2026.socialflow_twitter\">https:\/\/m.welt.de\/politik\/deutschland\/article152826568\/Wie-Nordafrikas-Problemkinder-das-System-austricksen.html?wtrid=socialmedia.socialflow\u2026.socialflow_twitter<\/a><br \/>\n2) Das Schweigen der Schulen \u00fcber Deutschfeindlichkeit<br \/>\n<a href=\"https:\/\/m.faz.net\/aktuell\/feuilleton\/debatten\/integration\/rassismus-das-schweigen-der-schulen-ueber-deutschenfeindlichkeit-11056390.html#GEPC;s2\">https:\/\/m.faz.net\/aktuell\/feuilleton\/debatten\/integration\/rassismus-das-schweigen-der-schulen-ueber-deutschenfeindlichkeit-11056390.html#GEPC;s2<\/a><br \/>\n9.8.2016, Manfred H., TO<br \/>\n.<br \/>\n<strong>Das Stra\u00dfenbild wandelt sich &#8211; der deutsche Selbsthass hat gesiegt<\/strong><br \/>\nEs tut mir leid, Ihnen das sagen zu m\u00fcssen: aber das ist kein schleichender, sondern l\u00e4ngst ein galoppierender Prozess geworden. Nicht nur das Stra\u00dfenbild hat sich in atmeberaubender Geschwindigkeit gewandelt. Deutsche Mittelstandsb\u00fcrger meiden bestimmte Schwimmb\u00e4der, \u00f6ffentliche Pl\u00e4tze und ganze Stra\u00dfen. Gro\u00dfe Teile unserer Innenst\u00e4dte werden zu Zonen, in denen eine Frau sich sp\u00e4testens ab D\u00e4mmerung nicht mehr frei bewegen kann. Und dann kommen Politikerinnen wie jene ehemalige gr\u00fcne Dezernentin in Frankfurt am Main, die tats\u00e4chlich meinen, Bel\u00e4stigungen (Stichwort \u201cOktoberfest\u201d) seien deutsche Alltagskultur und das projizierten nun ewiggestrige, alte, zornige wei\u00dfe M\u00e4nner auf arme Fl\u00fcchtlinge, weil die ihnen ihr Privileg auf Bel\u00e4stigung n\u00e4hmen\u2026 Nun gut, die gleiche Politikerin meinte in einem FAZ-Interview, es \u201cjeden Tag in Deutschland\u201d \u00fcblich, dass (so w\u00f6rtlich, das ist nicht mein Sprachgebrauch und auch nicht mein bisheriges Erleben!) M\u00e4nner im Berufsverkehr in der S-Bahn ihre \u201csteifen Schw\u00e4nze\u201d an den Hintern der Frauen rieben. Noch Fragen? Es fehlen nur noch wenige Tropfen, und eines der zahlreichen randvollen F\u00e4sser wird \u00fcberlaufen. Der Deutschen verbreiteter Selbsthass scheint erfolgreich zu werden. Eine Meisterleistung, befeuert von einer orientierungslosen Regierung.<br \/>\n9.8.2016, Hans Amstein<br \/>\n.<br \/>\n<strong>UMF werden von infantilisierendem Nudging-System bedient<\/strong><br \/>\nKinder oder Jugendliche, die sich vom Hindukusch oder Zentralafrika bis nach Deutschland durchgeschlagen haben, kann man mit hier sozialisierten \u201cKindern\u201d, zumeist aus Ein-Kind-Familien, nicht gleich setzen, weshalb auch das \u201cIntegrationsprozedere\u201d ein anderes sein m\u00fcsste. Die Hergeschickten, meist Jungs, haben schon in jungen Jahren und sp\u00e4testens auf dem Weg hierher gelernt, ihren \u201cMann\u201d zu stehen und, auf welche Weise auch immer, f\u00fcr sich selbst Sorge zu tragen. Zudem sind sie zumeist in Gro\u00dffamilien als einer unter vielen aufgewachsen. Die MUFLs sto\u00dfen hier auf ein infantilisierendes nudging-System und auf ein soziales Netz, in das sie sich gerne fallen lassen, so es ihnen n\u00fctzt. Auch nach unseren Vorstellungen festgestellte psychische Defizite sind in den Herkunftsclans und -systemen eher normales Verhalten \u2013 und werden bei uns als behandlungsbed\u00fcrftig eingestuft, was der MUFL gerne annimmt, so er will. Nur im ersten Halbjahr 2016 hat sich die Weltbev\u00f6lkerung um ca. 40.000.000 Menschen erh\u00f6ht. Man kann damit rechnen, dass sich etliche auf den Weg nach Deutschland machen, erfahren sie von ihren Verwandten, dass es das Paradies schon auf Erden gibt. Mir scheint komplett irre, was hier abgeht, zumal wenn ich die Zuwendung, nicht nur finanziell, mit einem hier in Armut geborenen Kind vergleiche<br \/>\n9.8.2016<br \/>\n.<br \/>\n<strong>Kontrolle \u00fcber \u00f6ffentlichen Raum geht verloren<\/strong><br \/>\nWir sollten uns nicht nur \u00fcber die finanziellen, sondern auch \u00fcber die sozialen Konsequenzen der UMF-Problematik im Klaren sein: Ich denke, wir werden schleichend den \u00f6ffentlichen Raum verlieren. Zuerst in den Ballungsr\u00e4umen. Dann in den Ober und Mittelzentren. Speziell in den Abend und Nachtstunden, wenn viele dieser Leute die Stra\u00dfe dominieren werden. Diese \u201cunbegleiteten Jugendlichen\u201d sind oft nicht sozialisiert, schlie\u00dfen sich oft in Mobs unterschiedlicher Gr\u00f6\u00dfe zusammen (die Mehrzahl verleiht St\u00e4rke) und nehmen sich dann oft, was sie haben wollen. Die Polizei zeigt sich allein schon von der Personalst\u00e4rke her oft machtlos, wenn sich in kurzer Zeit Mobs zusammenschlie\u00dfen, um die Strafverfolgung zu verhindern. Es fehlt auch der politische Wille, mit Konsequenz und H\u00e4rte gegen die sich entwickelnden Zust\u00e4nde vorzugehen, was eigentlich dringend notwendig w\u00e4re. Ich f\u00fcrchte, wir sollten uns k\u00fcnftig daran gew\u00f6hnen, auch und gerade nach Einbruch der D\u00e4mmerung zu Hause zu bleiben, sofern wir keine Gesundheits- und Eigentumssch\u00e4den erleiden wollen. Der Kino- und Theaterbesuch, das Konzert, der abendliche Kneipenbummel mit Freunden: All das wird man sich k\u00fcnftig reiflich \u00fcberlegen m\u00fcssen. Den Schwimmbadbesuch ohnehin schon. Es schreiten Zust\u00e4nde rasant voran, die man bisher nicht ansatzweise f\u00fcr m\u00f6glich gehalten h\u00e4tte. Wie in einem schlechter Distopie-Film. Die Zukunft gibt imho Grund zur Sorge.<br \/>\n8.8.2016, Drapondur. TO<br \/>\n.<br \/>\n<strong>UMFs brauchen Sozialarbeiter aus dem gleichen Kuturkreis<\/strong><br \/>\nSo sehr mich die individuellen Traumata, N\u00f6te und Sorgen der UMF ber\u00fchren, es gibt bei allem eine Kehrseite und in diesem speziellen Fall eine sehr sehr \u00fcble. Die Integrationsbem\u00fchungen h\u00e4tten Aussicht auf Erfolg, wenn sich um die UMF bereits eingeb\u00fcrgerte, aus diesen Kulturkreisen stammende und integrierte \u201cSozialarbeiter\u201d ann\u00e4hmen, oder zu mindest jedem autochtonen Sozial \u2013 Jugendarbeiter ein solcher zur Seite gestellt wird. Das Problem, dass es da einen Mangel an geeigneten Kandidaten gibt ist mir bewusst, aber nicht unl\u00f6sbar. (Ein Verh\u00e4ltnis von z.B. 1\/4 ). Erstens h\u00e4tten die UMF eine ernstzunehmende Respektperson und Vorbild gegen\u00fcber und als Nebeneffekt w\u00fcrde den hiesigen Sozial-kuschel-arbeiter die Augen ge\u00f6ffnet, und zwar soweit, dass man endlich das Problem \/ Probleme welche(s) im obigen Artikel prognostiziert wird\/werden realistisch einsch\u00e4tzen und angehen kann. nsere Soziologen, Jugendamtsarbeiter, Streetworker, etc. sind mit diesen Kulturkreisen weder in ihrem Studium noch im realen Leben in Ber\u00fchrung gekommen und reagieren dementsprechend hilflos und wahrscheinlich auch teils naiv. Das ist den Genannten nicht vorzuwerfen, aber wer sich einem Umdenken verweigert ist dann wohl mehr Teil des Problems als Teil der L\u00f6sung.<br \/>\n9.8.2016, Alexander zeiler, TO<br \/>\n&#8212;&#8212;&#8212;&#8212;&#8212;&#8212;&#8212;&#8212;&#8212;&#8212;&#8212;<br \/>\nAlles vom 8.8.2016 auf<br \/>\n<a href=\"https:\/\/www.welt.de\/vermischtes\/article157568244\/Mann-greift-Passanten-in-Magdeburg-mit-Messer-an.html\">https:\/\/www.welt.de\/vermischtes\/article157568244\/Mann-greift-Passanten-in-Magdeburg-mit-Messer-an.html<\/a><br \/>\n.<br \/>\n<strong>Messerklingengest\u00fctzte Kommunikation<\/strong><br \/>\nDie klingengest\u00fctzte Kommunikation ist gegen\u00fcber der Bev\u00f6lkerung eines kleinen Landes in der Levante ausgesprochen popul\u00e4r. Dieser Trend hat sich jetzt auch hierzulande etabliert. Dahinter steht die Aufforderung eines Staats in Gr\u00fcndung, der sich dabei auf eine traditionelle Verfahrensweise beruft, die gegen\u00fcber Au\u00dfenstehenden der eigenen Ansicht beschrieben ist. Hierzulande wird dieser Trend indes einzelfallm\u00e4\u00dfig privatisiert, dergestalt, eine Beziehung mit den Benachteiligten solcher Dinge oder eine seelische Unp\u00e4sslichkeit beim Ausf\u00fchrenden zu diagnostizieren. Greifen diese Erkl\u00e4rungsmuster nicht wunschgem\u00e4\u00df, wird die fehlende Integrationsleistung der bereits l\u00e4nger hier lebenden Gebietsbev\u00f6lkerung als Ursache verortet.<br \/>\n8.8.2016,<br \/>\nSeit Budapest 9\/2015 haben sich die Deutschen ver\u00e4ndert. Sie besorgen sich Messer und Macheten, um ihre Beziehungstaten, Amoklaufe, psychische St\u00f6rungen, Ehrkr\u00e4nkungen bzw. Religionsszenarien loszuwerden.<\/p>\n<p>&nbsp;<\/p>\n<p>&nbsp;<\/p>\n<p><strong>Die Axtattacke des UMFs wirft viele Fragen auf, die offen zu diskutieren sind<\/strong><br \/>\n<em>1) Mitt\u00e4terschaft des Islam &#8211; Folgerungen:<\/em> Versuche, die Tat zu pathalogisieren (psychisch kranker Junge, Amoklauf, Verfolgungswahn, Traumatisierung, &#8230;) und als Einzeltat darzustellen, schaffen es auch nicht, die den Islam aus dem Terroranschlag herauszuhalten. L\u00e4ngst schon f\u00fcgen sich die Taten so vieler Einzelt\u00e4ters in ein System ein, in das Islam-System,. Mit jedem erneuten Ruf &#8222;Ex hat nichts mit dem Islam zu tun&#8220; wird dieser weniger glaubhaft. Dies m\u00fcssen wir ehrlich diskutieren und hinterfragen.<\/p>\n<p><em>2) Ehrlich diskutieren:<\/em>\u00a0Diese Axt- und Messerattacke schadet allen, uns B\u00fcrgern wie auch den vielen UMFs im Land:<br \/>\n&#8211; Wir fragen: Z\u00fcckt dieser arabisch aussehende Junge\u00a0im Zugabteil da hinten wom\u00f6glich ein Messer?<br \/>\n&#8211; Der UMF fragt sich: Warum schauen die mich so mi\u00dftrauisch an?<br \/>\nEine offene und ehrliche Diskussionskultur mu\u00df dies kl\u00e4ren.<\/p>\n<p><em>3) Islam-Verb\u00e4nde m\u00fcssen mithelfen:<\/em> Die konservativ bis fundamentalistisch ausgerichteten deutschen\u00a0<a title=\"Ditib\" href=\"https:\/\/www.freiburg-schwarzwald.de\/blog\/global\/tuerkei\/ditib\/\">Islam-Verb\u00e4nde<\/a> schweigen zum Axtanschlag bzw. verkriechen sich in der Opferrolle.<\/p>\n<p><em>4) Rechtssicherheit wiederherstellen:<\/em> Der 17j\u00e4hrige afghanische Fl\u00fcchtling Muhammad Riyad (integriert, bei Pflegefamilie wohnhaft, Aussicht auf B\u00e4ckerlehre) ist in Wahrheit ein \u00fcber 20j\u00e4hriger Pakistani. Wann endlich erringen die deutschen Beh\u00f6rden wieder die Kontrolle \u00fcber die Landesgrenzen. Deutschland ist das einzige Land der EU. in das man widerrechtlich ohne Pa\u00df einreisen darf\u00a0mit Recht auf anschhlie\u00dfende Vollversorgung (90% der Migranten werfen ihre Ausweise weg). Wann endlich wird der <a title=\"Versorgungsmigration\" href=\"https:\/\/www.freiburg-schwarzwald.de\/blog\/global\/migration\/versorgungsmigration\/\">Versorgungsmigration<\/a> ein Riegel vorgeschoben &#8211; kein modernes Industrieland kann diese auf Dauer finanzieren?<\/p>\n<p>.<br \/>\n<strong>De Maiziere h\u00e4lt B\u00fcrger f\u00fcr dumm (T\u00e4ter weder Afghane, noch minderj\u00e4hrig, noch richtiger Name)<\/strong><br \/>\nWie zu erwarten war, geht es nach dem Attentat von W\u00fcrzburg mit voller Kraft ans Beschwichtigen. Als oberster Beschwichtiger bet\u00e4tigt sich Innenminister Thomas de Maizi\u00e8re. Der Attent\u00e4ter sei ein Einzelt\u00e4ter, der vom IS \u201eangestachelt\u201c worden w\u00e4re. Es g\u00e4be auf seinem Bekennervideo keine Hinweise auf eine \u201eAnordnung\u201c des IS. Wie das Video aus der Wohnung der Pflegefamilie, wo es aufgenommen wurde, zum IS gekommen sei, wisse man nicht, dennoch g\u00e4be es keine Hinweise auf eine Verbindung zum IS.<br \/>\nDiese durch und durch verschwurbelten Aussagen h\u00e4tte man in kommunistischen Zeiten \u201edialektisch\u201c genannt. Dass es ein Innenminister wagt, mit solchen Verdrehungen an die \u00d6ffentlichkeit zu treten, zeigt, f\u00fcr wie dumm er die B\u00fcrger h\u00e4lt. Sollen die glauben, dass die Bekennerbotschaft irgendwie ohne Wissen des \u201eJugendlichen\u201c zum IS gebeamt wurde?<br \/>\nNachdem bereits feststeht, dass der Terrorist weder Afghane, noch unter seinem richtigen Namen registriert, noch minderj\u00e4hrig war, wird er in den Medien weiterhin als Jugendlicher oder gar Junge bezeichnet. Das klingt so sch\u00f6n harmlos und lenkt von der m\u00f6rderischen Realit\u00e4t des Anschlags ab&#8230;&#8230;.<br \/>\nAlles von Vera Lengsfeld vom 22.7.<br \/>\n<a href=\"https:\/\/www.achgut.com\/artikel\/was_der_einzelfall_von_wuerzburg_nebenbei_ans_licht_bringt\">https:\/\/www.achgut.com\/artikel\/was_der_einzelfall_von_wuerzburg_nebenbei_ans_licht_bringt<br \/>\n<\/a>\u00a0 \u00a0.<br \/>\n<strong>L\u00fcgen nach W\u00fcrzburg: Islam und Islamismus nicht trennbar<\/strong><br \/>\nDie politische Essenz des geschriebenen Wortes des Korans ist der absolute F\u00fchrerstaat, der den uneingeschr\u00e4nkten Anspruch erheben darf, jeden Gegner um Eigentum, Leib und Leben zu bringen und f\u00fcr diese Menschenfeindlichkeit sogar noch die Zustimmung einer fiktiven Gottesfigur in Anspruch nimmt. An dieser Essenz des Korans \u00e4ndert sich auch dadurch nichts, dass es Menschen gibt, die sich selbst aus ihrer sozialen Identit\u00e4t heraus als Muslime definieren und diesen Welteroberungsanspruch nicht vertreten. Selbstverst\u00e4ndlich gab und gibt es auch Islaminterpreten wie <a title=\"Khorchide \u2013 Islam Scharia Gott\" href=\"https:\/\/www.freiburg-schwarzwald.de\/blog\/khorchide-islam-scharia-gott\/\">Mouhanad Khorchide<\/a>, die von einem Islam mit menschlichen Antlitz tr\u00e4umen, so wie der zwischenzeitlich desillusionierte <a title=\"Ueberfremdung\" href=\"https:\/\/www.freiburg-schwarzwald.de\/blog\/global\/integration\/ueberfremdung\/\">Bassam Tibi<\/a> an einen Euro-Islam glaubte \u2013 und die dabei als Korankenner \u00fcbersehen, dass sie selbst sich mit ihren Tr\u00e4umen und Hoffnungen gem\u00e4\u00df der wortgetreuen Auslegung ihres Korans bereits der H\u00e4resie schuldig machen und f\u00fcr die \u201ewirklichen Muslime\u201c , die Mu\u2019mim gem\u00e4\u00df Sure 45.14-15 l\u00e4ngst selbst Kufar sind, die sich angesichts ihres Zieles, die Formulierungen Mohameds als \u201eSiegel der Propheten\u201c in vom Wortsinn abweichenden Interpretationen zu \u00fcberwinden, sich selbst der H\u00e4resie schuldig machen. &#8230;&#8230;<br \/>\nAngesichts der unverkennbaren Tatsache, dass der islamisch begr\u00fcndete Terror seinen Weg zu uns nach Deutschland gefunden hat und dieser sehr wohl sich im Widerspruch zu den beschwichtigenden \u00c4u\u00dferungen Peter Altmaiers auch im Gep\u00e4ck der volksverdummend \u201eFl\u00fcchtlinge\u201c genannten Invasoren befindet, k\u00f6nnen wir es uns nicht l\u00e4nger erlauben, <strong>die nicht existente Trennung zwischen einem politischen Islamismus und einem unpolitischen Islam<\/strong> zu akzeptieren geschweige denn selbst herbeizureden. Deutschland muss sich der Tatsache stellen, dass der Islam des Mohamed als politisches Konzept der Welteroberung entstanden ist und genau so und nicht einen Hauch anders gemeint war&#8230;&#8230;<br \/>\nWer den Islam aus Gr\u00fcnden eines scheinbaren inneren Friedens irrt\u00fcmlich und in Verkennung der inhaltlichen Ziele mit Juden- und Christentum gleichsetzt, der muss in der Konsequenz seines Tuns dann auch andere Pseudoreligionen wie die Scientology des Ron L. Hubbard gleichberechtigt als Glaubensgemeinschaften anerkennen&#8230;.. Alles von Toms Spahn vom 21.7.2016 bitte lesen auf<br \/>\n<a href=\"https:\/\/www.rolandtichy.de\/kolumnen\/spahns-spitzwege\/luegen-oder-wahrheit-medien-und-politik-zum-terrorakt-von-wuerzburg\/\">https:\/\/www.rolandtichy.de\/kolumnen\/spahns-spitzwege\/luegen-oder-wahrheit-medien-und-politik-zum-terrorakt-von-wuerzburg\/<br \/>\n<\/a>\u00a0 \u00a0.<br \/>\n<strong>Eineiige Zwillinge Islam und Islamismus<\/strong><br \/>\nDas Problem der eineiigen Zwillinge Islam und Islamismus d\u00fcrfte zur gr\u00f6\u00dften Herausforderung unseres Jahrhunderts werden. Einen Reform-Islam wird man von au\u00dfen nicht erschaffen k\u00f6nnen, und f\u00fcr eine Erneuerung des Islam von innen gibt es keine hinreichenden Anhaltspunkte. Verfassungsrechtlich wird die Definition der Religionsfreiheit zu modifizieren und bestimmten \u201cGlaubensgemeinschaften\u201d schneller und kompromissloser der Religionsstatus abzuerkennen sein. Schlie\u00dflich k\u00f6nnte auch die deutsche Staatsb\u00fcrgerschaft widerrufen werden, wo immer Neub\u00fcrger dem morgenl\u00e4ndischen Todeskult fr\u00f6nen.<br \/>\nHans Denker, 21.7.2016, TO<br \/>\n.<br \/>\n<strong>Keine Religionsfreiheit f\u00fcr eine politische Ideologie<\/strong><br \/>\nWorauf sich die politische und mediale Klasse in ihrer t\u00f6dlichen Toleranz gegen\u00fcber dem Islam st\u00fctzt, ist eben die Ausdehnung der Religionsfreiheit und freien Religionsaus\u00fcbung durch die Justiz auf den gesamten Islam, einschlie\u00dflich seiner politischen Ideologie, obwohl die ja f\u00fcr jeden denkenden Menschen nicht mehr zur Religion geh\u00f6rt, auch wenn sie religi\u00f6s motiviert wird. So greift der Staat nicht vorbeugend, sondern erst ein, wenn ein Verbrechen geschehen ist. Dann ist es aber zu sp\u00e4t. Und man wartet auf das n\u00e4chste. Das ist der entscheidende Punkt, den man durchschauen muss. Siehe die wichtige Analyse: <a href=\"https:\/\/fassadenkratzer.wordpress.com\/2016\/07\/18\/islam-und-religionsfreiheit-der-totalitaere-kuckuck-im-ei-der-religion\/\">https:\/\/fassadenkratzer.wordpress.com\/2016\/07\/18\/islam-und-religionsfreiheit-der-totalitaere-kuckuck-im-ei-der-religion\/<\/a><br \/>\nFalkenauge, 21.7.2016, TO<br \/>\n.<br \/>\n<strong>Die Idee vom verwirrten Einzelt\u00e4ter auch in W\u00fcrzburg &#8211; macht uns blind<\/strong><br \/>\nInzwischen denke ich, dass das alles unbewusste Selbstschutzmechanismen der Beschwichtiger und Sch\u00f6nredner sind. Die Idee vom verwirrten Einzelt\u00e4ter l\u00e4sst uns sicherer f\u00fchlen, als wenn wir uns die gesamte Dimension unseres Handelns vor Augen halten: dass wir dumm, naiv und blind eine totalit\u00e4re Ideologie in Europa gro\u00df werden lie\u00dfen, die der der Nazis in nichts nachsteht, und wo wir nie wissen k\u00f6nnen, wann der n\u00e4chste von denen zuschl\u00e4gt. Die gesamte islamische Welt ist inzwischen durchseucht von den rabiat-mittelalterlichen Wahhabiten, Muslimbr\u00fcdern, Salafisten, x-tausende Koranschulen genannten Anstalten existieren in dieser Welt, die nur eins tun: kleine Knirpse zu Dschihadisten ausbilden.<br \/>\nVera Schmidt<br \/>\n.<br \/>\n<strong>Diesen Islam-Artikel an Kirchent\u00fcren schlagen, wie seinerzeit Lutzers Thesen<\/strong><br \/>\nIhre Schlussfolgerungen sind faszinierend logisch, Herr Spahn! Ich muss mir das Wort \u201cMohamedismus\u201d einpr\u00e4gen, damit ich mich k\u00fcnftig eindeutiger artikulieren kann. Und darf ich den Artikel an den (christlichen) Kirchent\u00fcren anschlagen? Vielleicht spricht sich sein Inhalt dann genauso im Land herum wie seinerzeit Luthers Thesen.<br \/>\nGerd Heidenreich, 21.7.2016, TO<\/p>\n<p>&nbsp;<\/p>\n<p>.<\/p>\n<p><strong>Hinter islamischem Terror steckt genauso einen Ideologie wie hinter rechtem NSU-Terror<\/strong><br \/>\nEs ist entlarvend, dass sich die selbsternannten Anw\u00e4lte der Muslime wie die Geier auf jede Aussage st\u00fcrzten, die den Attent\u00e4ter von Nizza (wie den von W\u00fcrzburg) scheinbar vom rechten Glauben ausschlie\u00dft. &#8230;.<br \/>\nKeiner der Relativierer k\u00e4me ernsthaft auf die Idee, hinter den Taten von Neonazis keine Ideologie zu sehen, ihre Taten allein mit ihrem Geisteszustand zu erkl\u00e4ren und das System, das Attent\u00e4tern ihr ideologisches Fundament gibt, unter den Tisch zu kehren. Es t\u00e4te der Debatte gut, w\u00fcrden die Appeaser bei islamischem Terror die gleiche Wehrhaftigkeit an den Tag legen, die sie rechtsextremen T\u00e4tern entgegenbringen. Wenn man den Vergleich bem\u00fcht und nach Parallelen zwischen Einzelt\u00e4tern im Namen des Islam und solchen im Namen einer Rassenhygiene sucht, dann findet man derer zahlreiche. Der Terror aus der Hand von Einzelt\u00e4tern und kleinen Zellen ist eine bew\u00e4hrte Strategie, die auch der NSU bei seinen Morden verfolgte.Keiner der Relativierer k\u00e4me ernsthaft auf die Idee, hinter den Taten von Neonazis keine Ideologie zu sehen, ihre Taten allein mit ihrem Geisteszustand zu erkl\u00e4ren und das System, das Attent\u00e4tern ihr ideologisches Fundament gibt, unter den Tisch zu kehren. &#8230;.. Alles von Karim Dabbuz vom 22.7.2016 auf<br \/>\n<a href=\"https:\/\/www.achgut.com\/artikel\/ich_wuensche_mir_auch_manchmal_ich_waere_chinese\/P5#section_leserpost\">https:\/\/www.achgut.com\/artikel\/ich_wuensche_mir_auch_manchmal_ich_waere_chinese\/P5#section_leserpost<\/a><\/p>\n","protected":false},"excerpt":{"rendered":"<p>Home &gt;Global\u00a0&gt;Integration &gt;Fluechtlinge &gt;Gewalt &gt;Wuerzburg2016Axt Axt-Attent\u00e4ter Riaz Khan Ahmadzai kostete als UMF 52.000 Euro im Jahr Drei unangenehme Fakten \u00fcber minderj\u00e4hrige Fl\u00fcchtlinge (9.8.2016) Die Axtattacke des UMFs wirft viele Fragen auf, die offen zu diskutieren sind (23.7.2016) De Maiziere h\u00e4lt &hellip; <a href=\"https:\/\/www.freiburg-schwarzwald.de\/blog\/selbsthilfe\/krise\/gewalt\/wuerzburg2016axt\/\">Weiterlesen <span class=\"meta-nav\">&rarr;<\/span><\/a><\/p>\n","protected":false},"author":2,"featured_media":0,"parent":8837,"menu_order":0,"comment_status":"open","ping_status":"closed","template":"","meta":{"footnotes":""},"class_list":["post-61717","page","type-page","status-publish","hentry"],"_links":{"self":[{"href":"https:\/\/www.freiburg-schwarzwald.de\/blog\/wp-json\/wp\/v2\/pages\/61717","targetHints":{"allow":["GET"]}}],"collection":[{"href":"https:\/\/www.freiburg-schwarzwald.de\/blog\/wp-json\/wp\/v2\/pages"}],"about":[{"href":"https:\/\/www.freiburg-schwarzwald.de\/blog\/wp-json\/wp\/v2\/types\/page"}],"author":[{"embeddable":true,"href":"https:\/\/www.freiburg-schwarzwald.de\/blog\/wp-json\/wp\/v2\/users\/2"}],"replies":[{"embeddable":true,"href":"https:\/\/www.freiburg-schwarzwald.de\/blog\/wp-json\/wp\/v2\/comments?post=61717"}],"version-history":[{"count":1,"href":"https:\/\/www.freiburg-schwarzwald.de\/blog\/wp-json\/wp\/v2\/pages\/61717\/revisions"}],"predecessor-version":[{"id":92102,"href":"https:\/\/www.freiburg-schwarzwald.de\/blog\/wp-json\/wp\/v2\/pages\/61717\/revisions\/92102"}],"up":[{"embeddable":true,"href":"https:\/\/www.freiburg-schwarzwald.de\/blog\/wp-json\/wp\/v2\/pages\/8837"}],"wp:attachment":[{"href":"https:\/\/www.freiburg-schwarzwald.de\/blog\/wp-json\/wp\/v2\/media?parent=61717"}],"curies":[{"name":"wp","href":"https:\/\/api.w.org\/{rel}","templated":true}]}}