{"id":61665,"date":"2016-07-20T17:42:58","date_gmt":"2016-07-20T15:42:58","guid":{"rendered":"https:\/\/www.freiburg-schwarzwald.de\/blog\/?page_id=61665"},"modified":"2026-08-29T21:57:06","modified_gmt":"2026-08-29T19:57:06","slug":"versorgungsmigration","status":"publish","type":"page","link":"https:\/\/www.freiburg-schwarzwald.de\/blog\/global\/migration\/versorgungsmigration\/","title":{"rendered":"Versorgungsmigration"},"content":{"rendered":"<p><a href=\"https:\/\/www.freiburg-schwarzwald.de\/blog\">Home<\/a> &gt;<a title=\"Global\" href=\"https:\/\/www.freiburg-schwarzwald.de\/blog\/global\/\">Global<\/a>\u00a0&gt;<a title=\"Integration\" href=\"https:\/\/www.freiburg-schwarzwald.de\/blog\/global\/integration\/\">Integration<\/a> &gt;<a title=\"Migration\" href=\"https:\/\/www.freiburg-schwarzwald.de\/blog\/global\/migration\/\">Migration<\/a> &gt;Versorgungsmigration<\/p>\n<div id=\"attachment_61667\" style=\"width: 649px\" class=\"wp-caption alignnone\"><a href=\"https:\/\/www.freiburg-schwarzwald.de\/blog\/global\/migration\/migration-jung\/moneglia4boote-pan160715\/\" rel=\"attachment wp-att-61667\"><img loading=\"lazy\" decoding=\"async\" aria-describedby=\"caption-attachment-61667\" class=\"wp-image-61667 size-full\" src=\"https:\/\/www.freiburg-schwarzwald.de\/blog\/wp-content\/uploads\/2016\/07\/moneglia4boote-pan160715.jpg\" alt=\"Boote im Mittelmeer vor Moneglia am 15.7.2016\" width=\"639\" height=\"237\" srcset=\"https:\/\/www.freiburg-schwarzwald.de\/blog\/wp-content\/uploads\/2016\/07\/moneglia4boote-pan160715.jpg 639w, https:\/\/www.freiburg-schwarzwald.de\/blog\/wp-content\/uploads\/2016\/07\/moneglia4boote-pan160715-180x66.jpg 180w\" sizes=\"auto, (max-width: 639px) 100vw, 639px\" \/><\/a><p id=\"caption-attachment-61667\" class=\"wp-caption-text\">Boote im Mittelmeer vor Moneglia am 15.7.2016<\/p><\/div>\n<p>&nbsp;<\/p>\n<ul>\n<li><em>Listenauswahl eines Beitrags (Artikel\/Datum, Seite\/Inhalt): <span style=\"text-decoration: underline;\">Klicken<\/span> oder scrollen<\/em><\/li>\n<li><a href=\"https:\/\/www.freiburg-schwarzwald.de\/blog\/global\/migration\/migration-kosten\/\">8,5 Milliarden ins Ausland \u2013 Heimat\u00fcberweisungen: Wie die Bezahlkarte ausgebremst wird<\/a>\u00a0(28.8.2026)<\/li>\n<li><a href=\"https:\/\/www.freiburg-schwarzwald.de\/blog\/bildung-azubi-out-student-in\/\">Bildung: Azubi OUT \u2013 Student IN<\/a>\u00a0(20.8.2026)<\/li>\n<li><a href=\"https:\/\/www.freiburg-schwarzwald.de\/blog\/eroberungsmigration\/\">Eroberungsmigration<\/a>\u00a0(13.8.2026)<\/li>\n<li><a href=\"https:\/\/www.freiburg-schwarzwald.de\/blog\/bildung\/duale-bildung\/facharbeiter\/\">Die \u201eedle L\u00fcge\u201c vom Fachkr\u00e4fte-Import: 3\/4 ohne Berufsabschluss<\/a>\u00a0(22.6.2026)<\/li>\n<li>Warum die T\u00fcrkeist\u00e4mmigen die gr\u00f6\u00dften Kritiker illegaler Migranten sind (3.6.2026)<\/li>\n<li>Gibt es Einwanderung in die Sozialsysteme? \u201eNa klar\u201c, sagt Sigmar Gabriel (27..5.2026)<\/li>\n<li>Niemand wandert in die Sozialsysteme ein? B\u00e4rbel Bas hat keine Ahnung, wovon sie redet (7.5.2026)<\/li>\n<li>Radical Living: \u201eWenn du deinen Pass wegwirfst, hast du gute Chancen\u201c (24.4.2026)<\/li>\n<li>Sarrazin: Migration ist mehrheitlich Versorgungsmigration (2.12.2025)<\/li>\n<li><a href=\"https:\/\/www.freiburg-schwarzwald.de\/blog\/qualifizieren-statt-zuwanderung\/\">Qualifizieren statt Zuwanderung<\/a>\u00a0(1.12.2025)<\/li>\n<li><a href=\"https:\/\/www.freiburg-schwarzwald.de\/blog\/global\/migration\/arbeitsmigration\/\">Migration: Fachkr\u00e4fte vergraulen, Schmarotzer hofieren<\/a>\u00a0(2.2.2026)<\/li>\n<li><a href=\"https:\/\/www.freiburg-schwarzwald.de\/blog\/global\/deutschland\/gesellschaft\/anspruchsgesellschaft\/\">Eberhard Hamer: Gibt es ein Zur\u00fcck aus der Anspruchsgesellschaft?<\/a>\u00a0(10.10.2025)<\/li>\n<li><a href=\"https:\/\/www.freiburg-schwarzwald.de\/blog\/vereine\/partei\/afd\/afd-migration\/\">Neue Umfrage: Viele Migranten w\u00e4hlen AfD<\/a>\u00a0(1.10.2025)<\/li>\n<li><a href=\"https:\/\/www.freiburg-schwarzwald.de\/blog\/global\/migration\/gastarbeiter\/\">Ahmet Refii Dener: T\u00fcrken fragen \u201eWas soll aus diesem Land nur werden?\u201c<\/a>\u00a0(30.8.2025)<\/li>\n<li><a href=\"https:\/\/www.freiburg-schwarzwald.de\/blog\/global\/syrien\/\">Syrer fallen bei Deutschkurs absichtlich durch<\/a>\u00a0(18.8.2025)<\/li>\n<li><a href=\"https:\/\/www.freiburg-schwarzwald.de\/blog\/selbsthilfe\/soziales\/arbeit\/buergergeld\/\">Fast die H\u00e4lfte der B\u00fcrgergeldbezieher hat keinen deutschen Pass<\/a> (4.10.024)<\/li>\n<li><a href=\"https:\/\/www.freiburg-schwarzwald.de\/blog\/selbsthilfe\/soziales\/arbeit\/buergergeld\/\">Wie hoch ist der Migrantenanteil beim B\u00fcrgergeld?<\/a>\u00a0(27.7.2025)<\/li>\n<li><a href=\"https:\/\/www.freiburg-schwarzwald.de\/blog\/global\/migration\/migration2020\/\">Verbotene Fragen \u2026 zur Migration<\/a>\u00a0(24.9.2024)<\/li>\n<li>Ahmet Refii Dener: Fl\u00fcchtlingsideologie am Limit (30.8.2024)<\/li>\n<li><a href=\"https:\/\/www.freiburg-schwarzwald.de\/blog\/migration-nationale-identitaet\/\">Migration \u2013 nationale Identit\u00e4t<\/a>\u00a0(5.1.2024)<\/li>\n<li><a href=\"https:\/\/www.freiburg-schwarzwald.de\/blog\/selbsthilfe\/soziales\/sozialstaat\/\">Gr\u00fcne: Migration direkt in die Sozialsysteme erw\u00fcnscht<\/a> (29.12.2022)<\/li>\n<li><a href=\"https:\/\/www.freiburg-schwarzwald.de\/blog\/selbsthilfe\/soziales\/arbeit\/buergergeld\/\">L\u00fcder Gerken: B\u00fcrgergeld \u2013 Licht und Schatten<\/a>\u00a0(19.11.2022)<\/li>\n<li><a href=\"https:\/\/www.freiburg-schwarzwald.de\/blog\/global\/migration\/sozialtourismus\/\">Neuer Gesch\u00e4ftsbereich \u201eSozialtourismus\u201c<\/a>\u00a0(14.10.2022)<\/li>\n<li><a href=\"https:\/\/www.freiburg-schwarzwald.de\/blog\/religion\/christen\/naechstenliebe\/\">Afghanistan und die N\u00e4chstenliebe<\/a>\u00a0(5.9.2021)<\/li>\n<li>Migranten-Arbeitslosigkeit: Statistik gesch\u00f6nt (14.2.2020)<\/li>\n<li><a title=\"Fluechtlingshelfer\" href=\"https:\/\/www.freiburg-schwarzwald.de\/blog\/global\/integration\/fluechtlingshelfer\/\">Basisinitiative Fl\u00fcchtlingshilfe \u2013 Rebecca Sommer<\/a>\u00a0(1.1.2020)<\/li>\n<li><a title=\"Migration-Kosten\" href=\"https:\/\/www.freiburg-schwarzwald.de\/blog\/global\/migration\/migration-kosten\/\">Migrationskosten in Hamburg 5,35 Mrd seit 2015<\/a> (23.12.2019)<\/li>\n<li><a title=\"Migration-Paradoxon\" href=\"https:\/\/www.freiburg-schwarzwald.de\/blog\/global\/migration\/migration-paradoxon\/\">Zusammenhang Sozialleistungen \u2013 Migration (Magnethypothese) nachgewiesen<\/a>\u00a0(13.12.2019)<\/li>\n<li>Migration \u00fcberbelastet den Sozialstaat\u00a0 (13.10.2018)<\/li>\n<li>Fl\u00fcchtlinge als funktionale Analphabeten (26.1.2018)<\/li>\n<li><a title=\"Kandel-Bluttat27-12-2017\" href=\"https:\/\/www.freiburg-schwarzwald.de\/blog\/engagement\/zukunft\/demokratie\/kandel-bluttat27-12-2017\/\">Nach Kandel und Freiburg fordert Palmer: UMF sollen Alter beweisen<\/a>\u00a0(5.1.2018)<\/li>\n<\/ul>\n<ul>\n<li>Unsere jungen K\u00f6nner: Auswandern oder die jungen Migranten versorgen? (17.10.2016)<\/li>\n<li>Versorgungsmigration macht Sozialstaat zum Auswanderungsland (23.9.2016)<\/li>\n<li>Zuwanderung erfolgt(e) weniger in Arbeit als in Versorgung \u00a0(13.9.2016)<\/li>\n<li>Keine Sprache, kein Job, keine Integration (18.8.2016)<\/li>\n<li>Comedy-Preis an Deutschland &#8222;Migration in die Sozialsysteme&#8220; (17.8.2016)<\/li>\n<li><a title=\"Fluechtlinge-Pflichten\" href=\"https:\/\/www.freiburg-schwarzwald.de\/blog\/global\/integration\/fluechtlinge-pflichten\/\">Stell Dir vor: 2 Mio Deutsche fl\u00fcchten nach Syrien<\/a> (5.8.2016)<\/li>\n<li>Bindungslos-vagabundierende Migranten als Typ (20.7.2016)<\/li>\n<li><a href=\"https:\/\/www.freiburg-schwarzwald.de\/blog\/nizza-wuerzburg-keine-angst\/\">https:\/\/www.freiburg-schwarzwald.de\/blog\/nizza-wuerzburg-keine-angst\/<\/a> (19.7.016)<\/li>\n<li><a href=\"https:\/\/www.freiburg-schwarzwald.de\/blog\/voelkerwanderung-eu-migration\/\">https:\/\/www.freiburg-schwarzwald.de\/blog\/voelkerwanderung-eu-migration\/<\/a> (8.6.2016)<\/li>\n<li><a href=\"https:\/\/www.freiburg-schwarzwald.de\/blog\/fluechtlinge-ohne-disco-zutritt\/\">https:\/\/www.freiburg-schwarzwald.de\/blog\/fluechtlinge-ohne-disco-zutritt\/<\/a> (24.1.2016)<\/li>\n<li><a href=\"https:\/\/www.freiburg-schwarzwald.de\/blog\/junge-maenner-hat-das-land\">https:\/\/www.freiburg-schwarzwald.de\/blog\/junge-maenner-hat-das-land<\/a>\/ (30.10.2015)<\/li>\n<li><\/li>\n<li><a href=\"https:\/\/www.freiburg-schwarzwald.de\/blog\/global\/deutschland\/gesellschaft\/anspruchsgesellschaft\/\">Anspruchsgesellschaft<\/a><\/li>\n<li><a title=\"Familiennachzug\" href=\"https:\/\/www.freiburg-schwarzwald.de\/blog\/global\/migration\/familiennachzug\/\">Familiennachzug<\/a><\/li>\n<li><a title=\"Fluechtlinge-Paten\" href=\"https:\/\/www.freiburg-schwarzwald.de\/blog\/global\/integration\/fluechtlinge-paten\/\">Fluechtlinge-Paten<\/a><\/li>\n<li><a title=\"Migration-erzwungen\" href=\"https:\/\/www.freiburg-schwarzwald.de\/blog\/global\/migration\/migration-erzwungen\/\">Migration-erzwungen<\/a><\/li>\n<li><a title=\"Migration-Internet\" href=\"https:\/\/www.freiburg-schwarzwald.de\/blog\/global\/migration\/migration-internet\/\">Migration-Internet<\/a><\/li>\n<li><a title=\"Migration-Wohnen\" href=\"https:\/\/www.freiburg-schwarzwald.de\/blog\/global\/migration\/migration-wohnen\/\">Migration-Wohnen<\/a><\/li>\n<li><a href=\"https:\/\/www.freiburg-schwarzwald.de\/blog\/religion\/christen\/naechstenliebe\/\">N\u00e4chstenliebe<\/a><\/li>\n<li><a href=\"https:\/\/www.freiburg-schwarzwald.de\/blog\/global\/migration\/sozialtourismus\/\">Sozialtourismus<\/a><\/li>\n<li><a title=\"Terror\" href=\"https:\/\/www.freiburg-schwarzwald.de\/blog\/religion\/islam\/terror\/\">Terror<\/a><\/li>\n<li><a title=\"UMF\" href=\"https:\/\/www.freiburg-schwarzwald.de\/blog\/global\/integration\/umf\/\">UMF<\/a><\/li>\n<li><a title=\"Youth-Bulges\" href=\"https:\/\/www.freiburg-schwarzwald.de\/blog\/engagement\/zukunft\/krieg\/youth-bulges\/\">Youth Bulges \u2013 gesunde, zornige junge M\u00e4nner ohne Perspektive<\/a><\/li>\n<\/ul>\n<p>&nbsp;<\/p>\n<p>60% of all social welfare goes to migrants (Hartz IV, please google) and<br \/>\n80% of muslims in Germany are living from goverment.<br \/>\nJohn Doe,\u00a031.12.2016<\/p>\n<p>Der <a title=\"Berlin19dez2016\" href=\"https:\/\/www.freiburg-schwarzwald.de\/blog\/engagement\/zukunft\/demokratie\/berlin19dez2016\/\">Berlin-Attent\u00e4ter Amri<\/a> aus Tunesien bezog in Deutschland \u00fcber 14 Identit\u00e4ten Versorgungsgelder &#8211; ein wohlhabender und bei seinen Compagnons geachteter Mann.<br \/>\n7.1.2017<br \/>\n.<br \/>\n<strong>&#8222;Es wandert niemand in unsere Sozialsysteme ein&#8220;<\/strong> (B\u00e4rbel Bas, 1.5.2026)<br \/>\n===========================================================<\/p>\n<div id=\"attachment_134852\" style=\"width: 650px\" class=\"wp-caption alignnone\"><a href=\"https:\/\/www.freiburg-schwarzwald.de\/blog\/wp-content\/uploads\/2025\/06\/migration-renten-2015-2025-pan.jpg\"><img loading=\"lazy\" decoding=\"async\" aria-describedby=\"caption-attachment-134852\" class=\"size-full wp-image-134852\" src=\"https:\/\/www.freiburg-schwarzwald.de\/blog\/wp-content\/uploads\/2025\/06\/migration-renten-2015-2025-pan.jpg\" alt=\"\" width=\"640\" height=\"406\" srcset=\"https:\/\/www.freiburg-schwarzwald.de\/blog\/wp-content\/uploads\/2025\/06\/migration-renten-2015-2025-pan.jpg 640w, https:\/\/www.freiburg-schwarzwald.de\/blog\/wp-content\/uploads\/2025\/06\/migration-renten-2015-2025-pan-180x114.jpg 180w\" sizes=\"auto, (max-width: 640px) 100vw, 640px\" \/><\/a><p id=\"caption-attachment-134852\" class=\"wp-caption-text\">Einwanderung\/Migration und Renten\/Demografie 2015 und 2025<\/p><\/div>\n<p>.<\/p>\n<p><strong>Warum die T\u00fcrkeist\u00e4mmigen die gr\u00f6\u00dften Kritiker illegaler Migranten sind<\/strong><br \/>\nDie gr\u00f6\u00dften Kritiker der illegalen Migration sind die T\u00fcrkeist\u00e4mmigen in Deutschland. Der Grund ist ziemlich simpel: Die t\u00fcrkischen Gastarbeiter mussten sich seinerzeit mit harter Arbeit bew\u00e4hren, w\u00e4hrend Syrer prompt Sozialleistungen erhalten. Und auch in der T\u00fcrkei f\u00fcr \u00e4hnliche Probleme sorgen wie in Deutschland.<br \/>\nMit die gr\u00f6\u00dften Verlierer nach 2015, nach dem ber\u00fchmt-ber\u00fcchtigten Satz \u201eWir schaffen das!\u201c, waren die T\u00fcrkeist\u00e4mmigen in Deutschland. Nun gut, bis auf die Male, als Erdogan sie wegen des t\u00fcrkischen Wahlkampfs auf deutschem Boden anstachelte, waren sie in Deutschland angekommen. Man lebte parallel zur deutschen Mehrheitsgesellschaft \u2013 und gleichzeitig innerhalb dieser. Unauff\u00e4llig; so, als h\u00e4tte man sich integriert. Ein Wort, das die Deutschen auf einmal, seit einigen Jahren, f\u00fcr ganz wichtig nehmen. Integration kann aber, hier wie dort, etwas v\u00f6llig anderes bedeuten, wenn man sie tats\u00e4chlich lebt.<br \/>\nAus der Sicht des T\u00fcrkeist\u00e4mmigen ist Integration eher so etwas wie \u201esich mit den Gegebenheiten vor Ort abzufinden und sich damit zu arrangieren\u201c. Auf der anderen Seite, der deutschen, bedeutet es wiederum: \u201eSie haben sich hier gut eingelebt und integriert.\u201c<br \/>\nGerade als die T\u00fcrkeist\u00e4mmigen anfingen, Bestnoten bei den Bio-Deutschen einzuheimsen, kam das Jahr 2015 \u2013 das Ungl\u00fccksjahr f\u00fcr Deutschland, das Jahr des Abstiegs auf allen Ebenen. Das betraf allerdings auch die T\u00fcrkeist\u00e4mmigen, zumal sie ja einiges mit den vielen neuen Migranten gemeinsam hatten: Sie waren Muslime und damit pr\u00e4destiniert daf\u00fcr, in denselben Topf geschmissen zu werden. Etwas, das sie weder wollten noch jemals akzeptieren konnten. Gibt es etwas Normaleres als Argwohn gegen\u00fcber dem Fremden?<br \/>\nJetzt kommt ein zweites, mittlerweile inflation\u00e4r benutztes Wort ins Spiel: Rassismus. Ein h\u00e4ssliches Wort, obwohl es im Grunde etwas ganz Einfaches ausdr\u00fcckt, n\u00e4mlich das argw\u00f6hnische Betrachten alles FremdenMan kann des Rassismus bezichtigt werden, aber niemals des argw\u00f6hnischen Betrachtens. So gesehen sage ich aus meiner eigenen Anschauung heraus: Die Deutschen sind genauso wie die T\u00fcrken, aber auch wie andere Nationalit\u00e4ten in der Fremde, hier wie dort, Rassisten. Sorry \u2013 argw\u00f6hnische Betrachter des Fremden. Gibt es denn etwas Normaleres? Es zieht eine neue Familie in die Nachbarschaft. Eine andere Sprache, eine g\u00e4nzlich andere Kultur, ein anderes Aussehen. Da muss man doch neugierig beschnuppernd sein, oder eben argw\u00f6hnisch betrachtend. Also Rassist?<br \/>\nIch beobachte alles, was um mich herum passiert \u2013 oder manchmal eben nicht passiert, obwohl es passieren sollte \u2013 mit gro\u00dfen, weiten Augen. Hinzu kommt, dass ich das, was ich sehe, auch kommentiere. Damit begebe ich mich quasi selbst in den Status eines Rassisten oder, ab heute, des argw\u00f6hnischen Betrachters. Nix gut. Wegen so etwas Einfachem kannst du dir im besten Deutschland aller Zeiten mittlerweile eine Strafanzeige einhandeln. Tats\u00e4chlich ist das so: Argw\u00f6hnisches Beobachten und lautes Nachdenken dar\u00fcber werden in Deutschland geahndet. Auch das beobachte ich mit Argwohn.<\/p>\n<p>Damals war es ehrenvoll, einer Arbeit nachzugehen<br \/>\nKommen wir aber zur\u00fcck zu den T\u00fcrkeist\u00e4mmigen. Allein das Wort \u201eT\u00fcrkeist\u00e4mmige\u201c m\u00f6chte gut bedacht sein \u2013 und ist es auch. Schreibe ich n\u00e4mlich \u201eT\u00fcrkischst\u00e4mmige\u201c, springen sofort einige Kurden auf und verlieren viele Worte dar\u00fcber, dass sie sich nicht dazuz\u00e4hlen. Da sie aber t\u00fcrkische P\u00e4sse haben, k\u00f6nnen sie mit \u201et\u00fcrkeist\u00e4mmig\u201c gerade noch leben.<br \/>\nIch wei\u00df, Verallgemeinerungen mag man nicht, aber mehrheitlich denke ich, sind die T\u00fcrkeist\u00e4mmigen f\u00fcr Deutschland hier wie dort \u2013 mit dort ist die T\u00fcrkei gemeint \u2013 ein Gl\u00fccksfall ersten Grades. Ein Gl\u00fccksfall, dass sie zusammengefunden haben.<\/p>\n<p>Wir sind jetzt auch an dem Punkt angekommen, warum die T\u00fcrkeist\u00e4mmigen 2015 die Arschkarte gezogen haben: Sie wurden n\u00e4mlich ab da in einen Topf mit denen geschmissen, die neu ins Land str\u00f6mten. W\u00e4hrend die T\u00fcrken damals, im Rahmen des Gastarbeiterabkommens von 1961, kamen, um zu arbeiten, kamen die Neuen jetzt in erster Linie, weil \u201eDeutschland gut Land\u201c ist. Obwohl sie eigentlich \u201eJobcenter\u201c meinen, aber das Die erste Generation der Gastarbeiter, vielleicht auch noch die zweite, schob manchmal zwei Schichten, um mehr zu verdienen und zu sparen. Arbeitslos zu werden und vom Staat zu leben, galt als etwas zutiefst Unanst\u00e4ndiges. Es schlich sich das unangenehme Gef\u00fchl ein, dass andere f\u00fcr einen arbeiten m\u00fcssten, wenn man selbst ohne Job war. Das sollte kein Dauerzustand sein; man suchte krampfhaft nach einer neuen Anstellung.<br \/>\nHeute spricht man st\u00e4ndig von sogenannten Ehrenmorden oder \u00fcberhaupt von \u201eEhre\u201c. Damals war es ehrenvoll, einer Arbeit nachzugehen \u2013 und das bittesch\u00f6n ohne Unterbrechung.<br \/>\nIch muss heute noch daran denken, wie ich damals als \u00fcbersetzender Student die Vorarbeiter beziehungsweise Meister, die die lukrative Wochenendarbeit an die Einzelnen vergaben, oft mit dem betreffenden Arbeiter au\u00dferhalb des Betriebes traf. Ich vermittelte dann zwischen den Parteien, damit mein Auftraggeber am Wochenende schuften durfte. Dazu gingen Raki- oder Whiskyflaschen, die meistens im Duty-Free-Shop erworben worden waren, oder auch Teppiche \u00fcber die Theke. Und des \u00d6fteren war ein etwas dickerer Umschlag ohne Fenster im Spiel, bei dem man schon von au\u00dfen erf\u00fchlen konnte, welcher Betrag in etwa drin sein m\u00fcsste.<\/p>\n<p>Die T\u00fcrkeist\u00e4mmigen sind irgendwie mit den Deutschen kompatibel<br \/>\nAngela Merkel machte den Anfang. Danach folgte die Ampelregierung, die wie ein Booster wirkte und den Niedergang der Wirtschaft, vor allem des verarbeitenden Gewerbes, dem Ern\u00e4hrer und Arbeitgeber der Mehrheitsgesellschaft, erst langsam, aber jetzt immer schneller gegen die Wand fuhr. Viele Unternehmen gingen pleite oder verlagerten ihre Produktion ins Ausland. Ich war selbst ein Teil davon, als es in Richtung T\u00fcrkei ging.<br \/>\nUnd schon wieder ergab sich eine Win-Win-Situation. Nichts tut der T\u00fcrkeir\u00fcckkehrer aus Deutschland lieber, als bei einem deutschen Arbeitgeber zu arbeiten. Und schon schloss sich der Kreis, dieses Mal auf t\u00fcrkischem Boden. Heute haben viele deutsche Weltmarktf\u00fchrer oder Weltmarken ihre Produktionsst\u00e4tten in der T\u00fcrkei. Wieder stellte sich heraus, dass die T\u00fcrkeist\u00e4mmigen irgendwie mit den Deutschen kompatibel sind, wenn es ums Arbeiten geht. Sie harmonieren miteinander.<br \/>\nEin Schwenk zur\u00fcck nach Deutschland: Unterh\u00e4ltst du dich hier mit den T\u00fcrkeist\u00e4mmigen, kommst du noch innerhalb der ersten Minute auf das aktuelle Stra\u00dfenbild zu sprechen. \u201eSchau dir das an, ist das noch Deutschland?\u201c, sagt dann einer auf T\u00fcrkisch. Schon stimmen alle mit ein, dass Deutschland nicht mehr wiederzuerkennen sei. Da fallen S\u00e4tze, die f\u00fcr die Beteiligten v\u00f6llig selbstverst\u00e4ndlich klingen, aber so viel vom \u201eargw\u00f6hnischen Betrachter\u201c enthalten, dass der linke Mainstream ohne Wenn und Aber sagen w\u00fcrde: Das sind Rassisten!<br \/>\nNein, das sind T\u00fcrkeist\u00e4mmige, die Deutschland lieben, geliebt haben, es immer hochgehalten haben und schlicht nicht m\u00f6chten, dass dieses Land vor die Hunde geht. Auch da ist die Harmonie mit den Bio-Deutschen vorhanden. Sie glauben fest daran, dass es weder in Deutschland noch in der T\u00fcrkei eine Rettung geben wird, wenn die illegalen Migranten nicht in ihre Heimatl\u00e4nder zur\u00fcckkehren. Fast jeder unter den T\u00fcrken hat jemanden in der Verwandtschaft, der damals, zu Zeiten von Helmut Kohl, die R\u00fcckkehrhilfen in Anspruch genommen hat und in die T\u00fcrkei zur\u00fcckgekehrt ist. Viele haben sich damals auch ihre eingezahlten Anteile an der Rentenversicherung auszahlen lassen. Das ist bei dem jetzt in Deutschland vorhandenen Klientel gar nicht m\u00f6glich, weil sie die Arbeit ohnehin zu verweigern scheinen. Gro\u00dfz\u00fcgige R\u00fcckkehranreize werden deshalb von den T\u00fcrkeist\u00e4mmigen als einzige verbleibende M\u00f6glichkeit gesehen.<\/p>\n<p>Argwohn gegen illegale Migranten<br \/>\nDabei sind sich die T\u00fcrkeist\u00e4mmigen einig, dass die meisten, vor allem syrischen R\u00fcckkehrer, sich mit der Bonuszahlung aus Deutschland direkt in die T\u00fcrkei begeben w\u00fcrden, um sich dort eine Existenz aufzubauen. Aus der T\u00fcrkei sind, so sagt man, knapp 700.000 Syrer schon wieder nach Syrien zur\u00fcckgekehrt \u2013 aber viele eben mit einem Bein immer noch in der T\u00fcrkei. Die Grenze ist schlie\u00dflich nicht weit und viele sind dort in die Selbstst\u00e4ndigkeit gegangen. Auch da d\u00fcrfte es eine Win-Win-Situation geben: Die vom deutschen Steuerzahler gezahlten R\u00fcckkehreranreize w\u00fcrden zum Teil direkt in die t\u00fcrkische Wirtschaft flie\u00dfen. Geld, das die T\u00fcrkei in Zeiten einer jahrelangen, hohen Inflation von \u00fcber f\u00fcnfzig Prozent bitter n\u00f6tig hat.<br \/>\nGleichzeitig zieht es viele junge T\u00fcrken ins Ausland. Hauptsache weg aus der T\u00fcrkei, wo sie kaum Chancen sehen, voranzukommen. Es sind durchweg arbeitswillige T\u00fcrken, von denen zwischen 2022 und 2024 rund 112.000 nach Deutschland gekommen sein sollen. Aber fast die H\u00e4lfte von ihnen ist bereits wieder zur\u00fcckgekehrt, wie es in vielen t\u00fcrkischen Medien hei\u00dft.<br \/>\nAuch diese Tatsache zeigt: Die T\u00fcrkeist\u00e4mmigen kommen zum Arbeiten. Und finden sie das nicht vor, was sie sich erhofft haben, kehren sie eben wieder um. Anspruch auf Jobcenter-Leistungen h\u00e4tten sie hier ohnehin keine. Genau diese Realit\u00e4t verdeutlicht, warum die hier lebenden T\u00fcrkeist\u00e4mmigen die illegalen Migranten in Deutschland mit so gro\u00dfem Argwohn beobachten. Es gibt sogar viele, die auf ihren Social-Media-Accounts ganz offen sagen: \u201eDie Typen haben wir selbst in der T\u00fcrkei zur Gen\u00fcge, da muss ich mich nicht auch noch auf deutschem Boden mit ihnen rumschlagen.\u201c Tja. Alles nur argw\u00f6hnische Beobachtungen.<br \/>\n&#8230; Alles vom 3.6.2026 von Ahmet Refii Dener bitte lesen auf<br \/>\n<a href=\"https:\/\/www.achgut.com\/artikel\/warum_die_tuerkeistaemmigen_die_groessten_kritiker_illegaler_migranten_sind\">https:\/\/www.achgut.com\/artikel\/warum_die_tuerkeistaemmigen_die_groessten_kritiker_illegaler_migranten_sind<\/a><br \/>\n.<br \/>\n<em>Ahmet Refii Dener, T\u00fcrkei-Kenner, Unternehmensberater, Jugend-Coach aus Unterfranken, der gegen betreutes Denken ist und deshalb bei Achgut.com schreibt. Mehr von ihm finden Sie auf seiner Facebookseite und bei Instagram. <a href=\"https:\/\/www.facebook.com\/ARD1881\/\">https:\/\/www.facebook.com\/ARD1881\/<\/a> <\/em><br \/>\n<em><a href=\"https:\/\/www.instagram.com\/ahmetrefiidener\/\">https:\/\/www.instagram.com\/ahmetrefiidener\/<\/a><\/em><\/p>\n<p>&nbsp;<\/p>\n<p><strong>Gibt es Einwanderung in die Sozialsysteme? \u201eNa klar\u201c, sagt Sigmar Gabriel<\/strong><br \/>\n\u201eGibt es eine Einwanderung in Sozialsysteme?\u201c, fragt Markus Lanz am Dienstagabend Sigmar Gabriel. \u201eNa klar\u201c, antwortet der ohne zu z\u00f6gern. Klar, dass das klar ist \u2013 bemerkenswert ist die Aussage des ehemaligen SPD-Chefs deswegen, weil seine Nachfolgerin B\u00e4rbel Bas das Gegenteil erkl\u00e4rt hatte. \u201eEs wandert niemand in unsere Sozialsysteme ein\u201c, lie\u00df die SPD-Chefin den Bundestag j\u00fcngst wissen. Der Moderator hakt nach, warum die Arbeitsministerin das gesagt habe. Gabriel weicht aus: \u201eIch kenne den Zusammenhang nicht. Es ist nat\u00fcrlich insofern kontrafaktisch, das zu sagen, wenn man wei\u00df, dass wir Missbrauch im Sozialsystem haben.\u201c<br \/>\n&#8230;<br \/>\nBeim Arbeitgebertag im November 2025 war die Arbeitsministerin ausgelacht worden, als sie auf das Thema Rente zu sprechen kam. \u201eWir finanzieren diese Haltelinie aus Steuermitteln. Wir belasten damit die Beitragszahler nicht\u201c, hatte sie gesagt. Daraufhin hatte es Gel\u00e4chter gegeben (Apollo News berichtete). Die Journalistin Dunz bringt am Ende das Gespr\u00e4ch noch einmal auf die Frage der \u201eGeisteshaltung\u201c zur\u00fcck und sagt, dass dieses Handeln bei B\u00e4rbel Bas keine \u201eGeisteshaltung\u201c, sondern Unf\u00e4higkeit sei.<br \/>\n&#8230; Alles vom 27.5.2026 auf<a href=\"https:\/\/apollo-news.net\/gibt-es-einwanderung-in-die-sozialsysteme-na-klar-sagt-sigmar-gabriel\/\"> https:\/\/apollo-news.net\/gibt-es-einwanderung-in-die-sozialsysteme-na-klar-sagt-sigmar-gabriel\/<\/a><\/p>\n<p>&nbsp;<\/p>\n<p><strong>Niemand wandert in die Sozialsysteme ein? B\u00e4rbel Bas hat keine Ahnung, wovon sie redet<\/strong><br \/>\nB\u00e4rbel Bas behauptet im Bundestag: \u201eEs wandert niemand in die Sozialsysteme ein\u201c. So viel Ignoranz ist ersch\u00fctternd und disqualifizierend f\u00fcr ein Ministeramt.<br \/>\n&#8230;<br \/>\nEs war ja nicht das erste Mal. Beim Arbeitgebertag im November wurde Bas von den Unternehmern und Gesch\u00e4ftsf\u00fchrern ausgelacht, als sie meinte: Weil wir die gesetzliche Rente aus Steuermitteln querfinanzieren, belasten wir die Beitragszahler nicht. Nat\u00fcrlich sind Beitragszahler aber auch immer Steuerzahler. Sie zahlen also so oder so.<br \/>\n<em><strong>Das sind einfach Fakten, die man als zust\u00e4ndige Ministerin draufhaben sollte.<\/strong><\/em> Und das Problem mit den Ausl\u00e4ndern im Sozialsystem sollte man allerwenigstens nicht aktiv leugnen, wenn man daf\u00fcr Verantwortung tr\u00e4gt.<br \/>\n&#8230; Alles vom 7.5.2026 bitte lesen auf<br \/>\n<a href=\"https:\/\/apollo-news.net\/niemand-wandert-in-die-sozialsysteme-ein-brbel-bas-hat-keine-ahnung-wovon-sie-redet\/\">https:\/\/apollo-news.net\/niemand-wandert-in-die-sozialsysteme-ein-brbel-bas-hat-keine-ahnung-wovon-sie-redet\/<\/a><br \/>\n.<br \/>\nEinige Kommentare:<br \/>\n\u201e\u201eEs wandert niemand in unsere Sozialsysteme ein.\u201c Dieses Zitat von Frau B\u00e4rbel Bas kann mit dem Satz von Walter Ulbricht \u201eNiemand hat die Absicht, eine Mauer zu errichten.\u201c unmittelbar in Konkurrenz treten! Sapere Aude<br \/>\n.<br \/>\nRealit\u00e4tsverweigerung pur \u2013 selbst Spiegel TV hatte \u00fcber die bewu\u00dfte Einwanderung in die Sozialsysteme berichtet. In folgendem Beitrag geht es um Afrikaner, die Tuberkulose haben, deshalb (!) bewu\u00dft nach Deutschland kommen, \u201eAsyl\u201c sagen um hier kostenlos behandelt zu werden \u2013 Kosten pro Patient 10-12000 Tausend Euro pro Monat! Gesamtkosten laut Arzt 200.000 Euro pro Patient \u2013 hier nachzusehen: <a href=\"https:\/\/www.facebook.com\/reel\/711962768158299\">https:\/\/www.facebook.com\/reel\/711962768158299<\/a> G.P.<br \/>\n.<br \/>\nMarkus Krall: \u201ePolitiker k\u00f6nnen kein Hartz-Antrag ausf\u00fcllen. https:\/\/www.youtube.com\/watch?v=ztuvaeWsDiA Martin441<br \/>\n.<br \/>\nEs existiert eine Kaste die der Meinung von Frau Bas ist! Das ist noch viel gef\u00e4hrlicher als eine einzige Unwissende. DirkiDog<br \/>\nEnde Kommentare.<\/p>\n<p>&nbsp;<\/p>\n<p><strong>Radical Living: \u201eWenn du deinen Pass wegwirfst, hast du gute Chancen\u201c<\/strong><br \/>\n<strong>YouTuber Radical Living legt nach gegen die deutsche Politik<\/strong><br \/>\nDer deutsche YouTuber <a href=\"https:\/\/www.freiburg-schwarzwald.de\/blog\/auswandern-da-planwirtschaft\/\">\u201eRadical Living\u201c<\/a> mit fast zwei Millionen Abonnenten verst\u00e4rkt seine Kritik an der Politik. Es gebe einen \u201eeinfachen Weg, um f\u00fcr immer gratis in Deutschland zu leben\u201c \u2013 auch f\u00fcr Ausl\u00e4nder. Er selbst ist k\u00fcrzlich nach Japan ausgewandert.<br \/>\n\u201eM\u00f6chtest du nicht arbeiten? Kein Problem, Deutschland wird sich um dich k\u00fcmmern.\u201c So beginnt ein Video, <a href=\"https:\/\/x.com\/RadicalFalk\/status\/2046895788870267264\">https:\/\/x.com\/RadicalFalk\/status\/2046895788870267264<\/a> das der YouTube-Satiriker Matthias K. \u2013 bekannt unter dem Pseudonym \u201eRadical Living\u201c \u2013 am Mittwoch auf seinem X-Account (erneut) hochgeladen hat.<br \/>\n&#8230;<br \/>\nMitte April hatte K. in einem Video <a href=\"https:\/\/apollo-news.net\/deutscher-youtuber-mit-millionenreichweite-wandert-aus-und-wettert-gegen-cdu-spd-und-brandmauer\/\">https:\/\/apollo-news.net\/deutscher-youtuber-mit-millionenreichweite-wandert-aus-und-wettert-gegen-cdu-spd-und-brandmauer\/<\/a> bekannt gegeben, Deutschland verlassen zu haben und mittlerweile in Japan zu leben. Darin wetterte er auf Englisch gegen die Politik der Bundesregierung und gegen die Brandmauer. Er kritisierte unter anderem die Steuerpolitik, die Familienfeindlichkeit und den Zustand der Demokratie in der Bundesrepublik (Apollo News berichtete).<br \/>\n&#8230;<br \/>\nIn einem weiteren, aktuell erneut geposteten \u2013 und klar satirischen \u2013 Videobeitrag begibt sich Radical Living in die Untiefen des deutschen Parteiensystems und stellt die Eigenheiten der Parteien \u00fcberzeichnet dar.<br \/>\n<a href=\"https:\/\/x.com\/RadicalFalk\/status\/2047607226748326256\">https:\/\/x.com\/RadicalFalk\/status\/2047607226748326256<\/a><br \/>\n&#8230; Alles vom 24.4.2026 von Radical Living bitte lesen auf<br \/>\n<a href=\"https:\/\/apollo-news.net\/wenn-du-deinen-pass-wegwirfst-hast-du-gute-chancen-youtuber-radical-living-legt-nach-gegen-die-deutsche-politik\/\">https:\/\/apollo-news.net\/wenn-du-deinen-pass-wegwirfst-hast-du-gute-chancen-youtuber-radical-living-legt-nach-gegen-die-deutsche-politik\/<\/a><\/p>\n<p>&nbsp;<\/p>\n<p><strong>Sarrazin: Migration ist mehrheitlich Versorgungsmigration<\/strong><br \/>\n<a href=\"https:\/\/www.freiburg-schwarzwald.de\/blog\/engagement\/zukunft\/sarrazin\/\">Thilo Sarrazin<\/a> sagte es deutlich: Es gibt bereits seit Jahrzehnten keine Arbeitsmarktgr\u00fcnde f\u00fcr eine Migration nach Deutschland. Das hei\u00dft im Umkerschluss: Der Grund f\u00fcr die Migration besteht vorrangig in der Teilhabe an den Segnungen des Sozialstaats.<br \/>\nWer keine Gewissensprobleme hat, sich in einem Land versorgen zu lassen, das er innerlich verachtet, der bringt oft ein bestimmtes Mindset mit, das auch mit Aggresivit\u00e4t, Anspruchsdenken, Kriminalit\u00e4t sowie Negation der Gleichberechtigung von Mann und Frau zu tun haben kann.<br \/>\n2.12.2025<\/p>\n<p>&nbsp;<\/p>\n<p><strong>Ahmet Refii Dener: Fl\u00fcchtlingsideologie am Limit<\/strong><br \/>\n<em>Die ideologische Kombination aus offener Grenze und Vollversorgung f\u00fchrt in Deutschland zu den Problemen mit Fl\u00fcchtlingen. Ein Bericht aus eigener Anschauung.<\/em><\/p>\n<p>Friedrich Merz machte am Dienstag dem Kanzler das Angebot, \u00fcberparteilich an einer grundlegenden Neuausrichtung im Zusammenhang mit der Zuwanderung zusammenzuarbeiten. Laut ZDF Heute Journal sagte Scholz, man wolle die bestehenden Kontrollen an den Grenzen zu mehreren Nachbarl\u00e4ndern \u201eso lange wie m\u00f6glich\u201c aufrechterhalten. Nur: \u201eWer Asyl beantragen will, darf in der Regel auch ins Land.\u201c<\/p>\n<p>Damit ist die Sache durch. Im Klartext bedeutet das: Alles wird wie gehabt weiterlaufen! Die bestehenden Grenzkontrollen helfen nur, einige wenige aufzugreifen. W\u00e4hrend der Fu\u00dfball-Europameisterschaft wurden angeblich 1.700 Schleuser an der Einreise gehindert oder inhaftiert. Das sind aber nur die \u201edummen\u201c Schleuser, denn wenn man von \u201eGrenzkontrollen\u201c spricht, meint man den einfachen Grenz\u00fcbergang \u2013 eine 20 bis 50 Meter breite Stelle zwischen zwei L\u00e4ndern. Was ist mit den 3.876 Kilometern Au\u00dfengrenze Deutschlands? Die gr\u00fcne Grenze bleibt weiterhin offen.<br \/>\nMerkt denn niemand, dass ein echter Fl\u00fcchtling, der verfolgt wird, nicht \u00fcber so viele Grenzen geht und einen so langen Weg auf sich nimmt, wenn es nicht um ein sicheres Einkommen geht? Nur eine kurze Phase verbringen sie in einer Sammelunterkunft, und schon geht es los in Deutschland. Trotz Wohnungsnot findet man immer eine Wohnung f\u00fcr sie. Der Staat zahlt, gibt ein Taschengeld \u2013 heute B\u00fcrgergeld genannt \u2013 und \u00fcbernimmt fast alle Kosten. Aus eigener Erfahrung wei\u00df ich, dass die meisten neuen B\u00fcrger, die nicht unbedingt einen deutschen Pass haben m\u00fcssen, eigentlich F\u00e4lle f\u00fcr den Psychiater sind.<br \/>\n.<br \/>\n<em>Es geht um ein sicheres Einkommen<\/em><br \/>\nDie Familien, deren Kinder ich coache, leben in einem Vakuum, in einer Parallelwelt, mit der sie nichts anfangen k\u00f6nnen. Egal, was sie in ihrer Heimat an Arbeit verrichteten \u2013 oder eben nicht, weil es keine Arbeit gab \u2013 es gab dort auch Strukturen und St\u00e4dte, in denen die Menschen morgens zur Arbeit gehen und abends nach Hause kommen. Dennoch gehen wir davon aus, dass die meisten Wirtschaftsfl\u00fcchtlinge (gemeinhin \u201eFl\u00fcchtlinge\u201c genannt) in ihrer Heimat kaum Einkommen hatten und gerade so \u00fcberlebten. Staatliche Hilfen? Fehlanzeige!<br \/>\nSchon kommt der syrischen Familie (es k\u00f6nnte auch eine aus einem Nachbarstaat Syriens, aus Afrika oder Afghanistan sein) der Gedanke an Flucht. Der sichere Hafen f\u00fcr einen Syrer w\u00e4re die T\u00fcrkei. Einfach \u00fcber die Grenze, und schon ist man in Sicherheit. Aber das ist eine Sicherheit, die sie nicht wollen, denn dort gibt es nicht das, was es in Deutschland gibt. Also \u201efliehen\u201c sie weiter. Eine m\u00f6gliche Route nach Deutschland f\u00fchrt \u00fcber Griechenland, Nordmazedonien, Serbien, Ungarn und \u00d6sterreich. Merkt ihr was? So weit fl\u00fcchtet niemand, wenn es nicht um Geld geht.<br \/>\nDas Leben besteht normalerweise aus Kampf, und Hindernisse geben ihm W\u00fcrze. Diese Menschen haben davon nichts. Eine Wohnung, genug Geld zum Leben und Extras, wann immer man sie braucht \u2013 all das ohne Arbeit oder Gegenleistung. Die Tricks, wie man um Arbeit herumkommt, kennen mittlerweile alle. Stellt man sich beim potenziellen Arbeitgeber dumm an, wird man abgelehnt. Der Tagesablauf, die Woche, der Monat, das Jahr, das Leben\u2026 Keine Ziele zu haben, l\u00e4sst diese Menschen in ein Loch fallen.<br \/>\n.<br \/>\n<em>Radikalisiert durch Langeweile<\/em><br \/>\nIch erw\u00e4hne das nicht aus Mitleid, sondern um zu zeigen, dass das, was wir als Gl\u00fcck empfinden w\u00fcrden \u2013 n\u00e4mlich Geld ohne Arbeit zu bekommen \u2013, f\u00fcr diese Klientel kein Gl\u00fcck ist. Sie verstehen die Situation nicht und m\u00fcssen damit ein Leben lang zurechtkommen. Gibt es etwas vom Staat zu holen, verbreitet sich das wie ein Lauffeuer in der Community. Die Antr\u00e4ge werden sofort gestellt. Zus\u00e4tzliches Geld \u2013 wof\u00fcr? Also kauft man sich das neueste Handy oder K\u00fcchenger\u00e4te, denn das Leben besteht aus Essen, Trinken, Geschlechtsverkehr, eventuell Kinderzeugen, Spazierengehen, Quatschen usw.; h\u00f6chstens aus purer Langeweile w\u00fcrden sie in ihre Heimat zur\u00fcckkehren. Ein Ziel haben sie: Sie animieren ihre Verwandtschaft, ebenfalls nach Deutschland zu \u201efl\u00fcchten\u201c, damit man hier ein Umfeld hat wie in der Heimat.<br \/>\nArbeit ist verp\u00f6nt, zumal man schnell feststellt, dass man \u201eohne\u201c fast genauso viel oder sogar mehr in der Familienkasse hat. Schafft man es gesund bis zur Rente, gibt es auch die in Deutschland.<br \/>\nDeutschland kann nur hoffen, dass so etwas wie der 7. Oktober nicht nochmals passiert, denn die Solidarisierungseffekte werden mit der Zeit immer st\u00e4rker. Wenn man den ganzen Tag nichts zu tun hat, freut man sich, wenn Bewegung ins Spiel kommt.<br \/>\n&#8230; Alles vom 30.8.202 von Ahmet Refii Dener bitte lesen auf<br \/>\n<a href=\"https:\/\/www.achgut.com\/artikel\/fluechtlingsideologie_am_limit\">https:\/\/www.achgut.com\/artikel\/fluechtlingsideologie_am_limit<\/a><\/p>\n<p><em>Ahmet Refii Dener, T\u00fcrkei-Kenner, Unternehmensberater, Jugend-Coach aus Unterfranken, der gegen betreutes Denken ist und deshalb bei Achgut.com schreibt. Mehr von ihm finden Sie auf seiner Facebookseite <a href=\"https:\/\/www.facebook.com\/ARD1881\/\">https:\/\/www.facebook.com\/ARD1881\/<\/a> und bei Instagram <a href=\"https:\/\/www.instagram.com\/ahmetrefiidener\/\">https:\/\/www.instagram.com\/ahmetrefiidener\/<\/a>.<\/em><\/p>\n<p>.<\/p>\n<p><strong>Migranten-Arbeitslosigkeit: Statistik gesch\u00f6nt<\/strong><br \/>\n<em>\u00c4pfel mit Pflaumen vergleichen<\/em><br \/>\n<em>Zuwanderung: Wie das Instituts f\u00fcr Arbeitsmarkt- und Berufsforschung zu einer Besch\u00e4ftigungsquote von fast 50 Prozent unter den Asylsuchenden kommt<br \/>\n<\/em>\u00a0.<br \/>\nDie Nachricht duldete keinen Widerspruch. Mit der kurzen Feststellung \u201eSo ist die Lage\u201c verlinkte der SPD-Bundestagsabgeordnete Johannes Kahrs in der vergangenen Woche auf Twitter einen Artikel des Spiegel, wonach jeder zweite nach Deutschland Gefl\u00fcchtete einen Job habe. Zugleich bedankte er sich pflichtschuldig bei allen, die zu diesem vorgeblichen Erfolg beigetragen h\u00e4tten.<br \/>\nDie Berichterstattung des Hamburger Nachrichtenmagazins und die gleichlautenden Meldungen zahlreicher weiterer Leitmedien st\u00fctzen sich dabei auf einen am 4. Februar ver\u00f6ffentlichten Kurzbericht des Instituts f\u00fcr Arbeitsmarkt- und Berufsforschung (IAB) der Bundesagentur f\u00fcr Arbeit. Die hierin zusammengefa\u00dften Forschungsergebnisse entstammen einer Langzeituntersuchung des IAB und des Sozio\u00f6konomischen Panels (SOEP) des Deutschen Institus f\u00fcr Wirtschaftsforschung.<br \/>\n.<br \/>\nBereits ein erster vertiefter Blick in den nun ver\u00f6ffentlichten Kurzbericht l\u00e4dt dabei durchaus zu kritischen Anmerkungen ein. Die recht stattlich wirkende Besch\u00e4ftigungsquote von rund der H\u00e4lfte aller zwischen 2013 und 2016 eingewanderten Asylsucher mit mindestens f\u00fcnfj\u00e4hrigem Aufenthalt leiten die Forscher denn auch nicht aus amtlichen Arbeitsmarktstatiken her, sondern aus einer Befragung, welche ausschlie\u00dflich auf den vom SOEP einmal j\u00e4hrlich erhobenen Selbstangaben von rund 8.000 Betroffenen beruht.<br \/>\nDie Ergebnisse wurden im Anschlu\u00df auf die Gesamtzahl der Zuwanderer hochgerechnet. Den Zuwanderern wurde eine Batterie von mehreren hundert Fragen vorgelegt, die zum Teil deutlich \u00fcber blo\u00dfe Ausk\u00fcnfte zur eigenen Person hinausgehen und Einsch\u00e4tzungen zu komplexen gesellschaftlichen Themen verlangen, mit denen sich die Mehrheit der Befragten w\u00e4hrend ihres noch kurzen Aufenthaltes in Deutschland kaum auseinandergesetzt haben d\u00fcrfte.<br \/>\n.<br \/>\nAuch die Qualit\u00e4t der Daten stand immer wieder in der Kritik. Noch 2017 mu\u00dften nach einer \u00dcberpr\u00fcfung der Ruhruniversit\u00e4t Bochum sechs Prozent der Ergebnisse wegen Manipulationsverdachts ausgesondert werden. Ausgew\u00e4hlt wurden \u00fcberwiegend Personen mit guter Bleibeperspektive. Einzelne Teilgruppen von Zugewanderten, wie etwa Frauen, waren in der Studie \u00fcberrepr\u00e4sentiert, um \u00fcberhaupt valide Ergebnisse zu diesem Personenkreis zu erhalten. Wer sich das Kleingedruckte des aktuellen IAB-Berichts n\u00e4her zu Gem\u00fcte f\u00fchrt, mu\u00df zudem feststellen, da\u00df es den Wissenschaftlern bei nicht einmal der H\u00e4lfte der Asylsucher gelungen ist, eine zweite Befragung durchzuf\u00fchren. Von einer soliden Langzeitstudie l\u00e4\u00dft sich daher kaum noch sprechen.<br \/>\nOffen bleibt vor allem die Anzahl der Befragten, die sich seit mindestens f\u00fcnf Jahren hierzulande aufhalten, denn nur sie sollen bereits zu 49 Prozent in Arbeit seien.<br \/>\nNeben Fragen der Besch\u00e4ftigung von Asylsuchern befa\u00dft sich die Studie auch mit dem Erwerb der deutschen Sprache. Positiv vermerkt wird, da\u00df \u00fcber 85 Prozent der Befragten einen Sprachkurs durchlaufen und abgeschlossen hatten. Was der Forschungsbericht hingegen unterschl\u00e4gt, ist, ob das von den Betroffenen damit angestrebte Sprachniveau auch tats\u00e4chlich erreicht wurde, denn in der Praxis nehmen zwar viele Asylsucher Angebote der Sprachf\u00f6rderung wahr, verf\u00fcgen im Anschlu\u00df aber dennoch nicht \u00fcber die am Arbeitsmarkt erforderlichen Deutschkenntnisse. Als beruflich integriert im Sinne der Studie gelten neben Zuwanderern mit einer regul\u00e4ren Anstellung auch bezahlte Praktikanten und Minijobber. Ebenso z\u00e4hlt die Aufnahme eines bei vielen Asylsuchern zur Sicherung ihres Aufenthaltstatus beliebten Ausbildungsverh\u00e4ltnisses als Integration.<br \/>\n<a href=\"https:\/\/www.doku.iab.de\">https:\/\/www.doku.iab.de<\/a><br \/>\n&#8230; Alles vom 14.2.2020 von Claudia Bach bitte lesen af JF, 8\/20, Seite 11<\/p>\n<p>.<\/p>\n<p>&nbsp;<\/p>\n<p><strong>Migration \u00fcberbelastet den Sozialstaat\u00a0<\/strong><br \/>\nDer nach wie vor anhaltende Fl\u00fcchtlingszustrom nach Europa hat den Kontinent in zwei entgegengesetzte Lager gespalten. Der Graben zwischen beiden Lagern verl\u00e4uft allerdings mitnichten in Ost-West-Richtung. Auch England, Norwegen und D\u00e4nemark haben sich der &#8222;deutschen Willkommenskultur&#8220; komplett verweigert. Muss derjenige, der einl\u00e4dt auch die Rechnung \u00fcbernehmen? &#8230;<br \/>\nK\u00f6nnen die jungen und im Allgemeinen arbeitswilligen Zuwanderer eine fiskalische Dividende erwirtschaften, die die Tragf\u00e4higkeit des deutschen Sozialstaats angesichts der drastischen Alterungseffekte unserer Gesellschaft stabilisiert? Die Antwort auf diese Frage ist schlicht und lautet: <strong>Nein, denn das ohnehin existierende Nachhaltigkeitsproblem des deutschen Sozialstaats wird durch die Zuwanderung vergr\u00f6\u00dfert<\/strong>.<br \/>\nWie stark das Problem versch\u00e4rft wird, soll im Folgenden unter Zuhilfenahme der aktuellen Generationenbilanz illustriert werden&#8230;.<br \/>\nAlles vom 13.10.2018 von Bernd Raffelh\u00fcschen bitte lesen auf<br \/>\n<a href=\"https:\/\/www.theeuropean.de\/bernd-raffelhueschen\/14834-deutsche-willkommenskultur\">https:\/\/www.theeuropean.de\/bernd-raffelhueschen\/14834-deutsche-willkommenskultur<\/a><\/p>\n<p>Lesen Sie den vollst\u00e4ndigen Artikel hier:<br \/>\n\u201eCESifo\u201c: https:\/\/www.cesifo-group.de\/DocDL\/sd-2018-18-chiemsee-konferenz-raffelhueschen.pdf<\/p>\n<p><em>Der Freiburger Professor Dr. Bernd Raffelh\u00fcschen, ist seit 2006 Herausgeber der allj\u00e4hrlichen Generationenbilanz.<\/em><\/p>\n<p>&nbsp;<\/p>\n<p>&nbsp;<\/p>\n<p>&nbsp;<\/p>\n<p><strong>Fl\u00fcchtlinge als funktionale Analphabeten<\/strong><br \/>\nEs kommen vielfach Leute vom Lande, die sich beispielsweise schon im syrischen Gro\u00dfstadtleben nicht zurechtfinden. Nun kommen sie aber nicht nach Damaskus, sondern nach Berlin. Oder nehmen Sie den Landwirt <a title=\"Ohne Bildung werden wir arm\" href=\"https:\/\/www.freiburg-schwarzwald.de\/blog\/ohne-bildung-werden-wir-arm\/\">ohne Schulabschlu<\/a>\u00df \u2013 trotz Schulpflicht in Syrien. Ich sage Ihnen, viele von ihnen werden daran scheitern, auch nur die Sprache richtig zu lernen, geschweige denn, da\u00df sie deutsche Normen \u00fcbernehmen werden. Die Vorstellung, Menschen einfach \u201edeutsch\u201c umzuprogrammieren, ist v\u00f6llig realit\u00e4tsfremd.<br \/>\n&#8230;. Alles von Salem El-Hamid vom 26.1.2018 zu \u201eEine Bringschuld gibt es nicht &#8211;<br \/>\nWie funktioniert Integration tats\u00e4chlich?&#8220; bitte lesen auf www.jungefreiheit.de, Seite 3<\/p>\n<p><em>Dr. Salem El-Hamid, der Chefarzt, geboren 1951 in Syrien, leitete mehrere Kinderkliniken in Deutschland, ist Generalsekret\u00e4r der Deutsch-Syrischen Gesellschaft mit Sitz in Bonn und Autor des Buches <\/em><br \/>\n<em>\u201eVom Euphrat an den Rhein. <\/em><br \/>\n<em>Eine syrisch-deutsche Erfolgsgeschichte\u201c (2016)<\/em><br \/>\n.<br \/>\n<a href=\"https:\/\/www.salem-el-hamid.de\">www.salem-el-hamid.de<\/a><\/p>\n<p>&nbsp;<\/p>\n<p>&nbsp;<\/p>\n<p><strong>Unsere jungen K\u00f6nner: Auswandern oder die jungen Migranten versorgen?<\/strong><br \/>\nDie daf\u00fcr aufzubringenden Milliarden erarbeitet vor allem die \u201ekreative Klasse\u201c (Richard Florida), aus der Wissenschaftler, Ingenieure, IT-Spezialisten und Freiberufler die Innovationen zum Verbleib in der Weltspitze erbringen. Familienv\u00e4ter sind darunter seltener als Singles, die in Deutschland und \u00d6sterreich \u2013 nach Belgien \u2013 schon heute weltweit am h\u00f6chsten besteuert werden. Sie h\u00f6ren, dass jede Fl\u00fcchtlingsmillion pro Jahrf\u00fcnft mindestens 100 Milliarden Euro kostet und daneben die Mega-Milliarden nach Br\u00fcssel und S\u00fcdeuropa auch noch abzuliefern sind. Schon das macht sie m\u00fcrbe.<br \/>\nZudem soll der hiesige Nachwuchs die Wanderungswilligen durch smarte Hilfe in der Heimat halten. Gesamteuropa hat daf\u00fcr momentan 140, aber 2050 nur noch 130 Millionen Jugendliche unter 18 Jahren. In Gesamtafrika sind es 550 Millionen und 2050 eine Milliarde. Wenn im Durchschnitt ein junger Europ\u00e4er heute vier und 2050 sogar acht gleichaltrige Afrikaner f\u00fcr die Weltm\u00e4rkte fitmachen und nebenher das eigene Lager vorne halten soll, braucht er enormes Selbstvertrauen. Das Hochziehen des Schwarzen Kontinents bleibt ja auch deshalb schwierig, weil bei der letzten internationalen Sch\u00fcler-Mathematik-Olympiade (TIMSS 2011) die Ex-Kolonie Ghana mit 331 Punkten zwar einen vielversprechenden Weg beschreitet, aber bis zu den 613 Punkten der siegreichen Ex-Kolonie S\u00fcdkorea noch flei\u00dfig Schularbeiten machen muss. Gleichwohl m\u00f6gen all diese Herausforderungen einem \u00fcberzeugten Merkelanh\u00e4nger als schaffbar erscheinen. Doch nach dem Verlust weiterer heimischer Branchen \u2013 Kameras, Telefone, Tontr\u00e4ger, Fernseher, Computer, Atomkraftwerke, Hochgeschwindigkeitsz\u00fcge et cetera sind schon bei der Konkurrenz \u2013 k\u00f6nnte die Stimmung kippen.<br \/>\nVielleicht ist es soweit, wenn auch die Medizintechnik den Weg der Roboter nach China einschl\u00e4gt. Dann dr\u00f6hnen die ja immerw\u00e4hrend ausgesendeten Locksignale aus den Kompetenzfestungen (P\u00e4sse nur an Asse) zwischen Wellington und Vancouver wie Trompeten in den Ohren: Wir zahlen mehr, wir verhindern Terror, wir geben Zukunft. Diese Offerten sind abzuw\u00e4gen gegen das nicht minder stetige \u201eopfert euch f\u00fcr Rentner, Ausl\u00e4nder und die Eigent\u00fcmer der Eurobanken, aber endet selber arm im Alter\u201c.<br \/>\n140.000 Deutsche gerade aus der K\u00f6nner-Gruppe gehen j\u00e4hrlich weg. Wenn sie \u2013 das beste F\u00fcnftel eines Geburtsjahrgangs \u2013 nicht wiederkommen, wird es ganz eng. Je mehr sich davonmachen, desto mehr aber m\u00fcssen folgen, um von den f\u00fcr sie schwerer werdenden Lasten nicht stranguliert zu werden.<br \/>\nAlles von Gunnar Heinsohn vom 17.10.2016 bitte lesen auf<br \/>\n<a href=\"https:\/\/www.achgut.com\/artikel\/kleiner_atlas_der_voelkerwanderungen_bis_2050\">https:\/\/www.achgut.com\/artikel\/kleiner_atlas_der_voelkerwanderungen_bis_2050<\/a><\/p>\n<p><em>Prof. Gunnar Heinsohn (*1943), fr\u00fcher Soziologe und V\u00f6lkermordforscher an der Uni Bremen (<a title=\"Youth-Bulges\" href=\"https:\/\/www.freiburg-schwarzwald.de\/blog\/engagement\/zukunft\/krieg\/youth-bulges\/\">Youth Bulges<\/a>, Kriegsindex), lehrt Milit\u00e4rdemografie am NATO Defense College in Rom und Eigentums\u00f6konomie am Management-Zentrum St. Gallen<\/em><br \/>\n<strong>Versorgungsmigration macht Sozialstaat zum Auswanderungsland<\/strong><br \/>\nFinden Migranten nicht in den Arbeitsmarkt hinein, fehlt ihnen auch der Antrieb sich zu integrieren. \u00dcberbelastung der Allgemeinheit \u2013 in Schweden sind 60 Prozent der Sozialhilfeempf\u00e4nger Migranten \u2013, verschlechterte Sicherheitslage und Niedergang der Bildung kurbeln die Abwanderung der Leistungstr\u00e4ger an. Sie gehen in jene Einwanderungsl\u00e4nder, die sich ihre Einwanderer selbst aussuchen d\u00fcrfen, etwa in die USA oder nach Kanada. Der Wohlfahrtstaat wird dadurch zum Auswanderungsstaat. Seine Wirtschaftskraft, die eine Massenmigration in die sozialen Netze erst erm\u00f6glicht, schwindet. Dauert diese Entwicklung an, drohen dem Land Verteilungsk\u00e4mpfe und wirtschaftlicher Niedergang. &#8230;<br \/>\nAlles vom 23.9.2016 von Sonja Margolina bitte lesen auf<br \/>\n<a href=\"https:\/\/www.cicero.de\/berliner-republik\/migration-und-wohlfahrtsstaat-die-tuecken-der-flatrate-versorgung\">https:\/\/www.cicero.de\/berliner-republik\/migration-und-wohlfahrtsstaat-die-tuecken-der-flatrate-versorgung<br \/>\n<\/a>\u00a0 .<br \/>\n<em>Sonja Margolina, Jahrgang 1951, ist 1986 aus der Sowjetunion in die Bundesrepublik emigriert. Sie arbeitet als Journalistin und Buchautorin.<\/em><br \/>\n<strong>&#8222;Was aber, wenn das Recht anf\u00e4ngt, den Staat zu zerst\u00f6ren?&#8220;<\/strong><br \/>\n\u00dcber diese Frage musste ich erst mal etwas nachdenken, sie ist sehr gut und wichtig und wird leider im \u00f6ffentlichen Diskurs viel zu selten gestellt. Vielmehr wird immer so argumentiert, dass der Anspruch auf Asyl universell und nicht in Frage zu stellen ist und alle Ankommenden werden vorbehaltlos als Fl\u00fcchtlinge bezeichnet. Am Beispiel Schweden ist sehr deutlich zu sehen wohin die unbegrenzte Aufnahme aller Ankommenden f\u00fchrt. Das Land ist im internationalen Bildungsreport nach unten durchgereicht worden, steht in der Statistik bei Vergewaltigungen mit an der Weltspitze und macht gerade dadurch Schlagzeilen, da\u00df immer mehr Gebiete ausgerufen werden, wo sich die Staatsmacht nicht mehr hineintraut.<br \/>\nIch habe den Eindruck, dass in weiten Teilen der Gesellschaft das &#8222;Helfen wollen&#8220; zu einer Art Ersatzreligion, zu einer sinnstiftenden Bet\u00e4tigung geworden ist. Die Folgen f\u00fcr unsere Gesellschaft werden dabei ausgeblendet.<br \/>\n23.9.2016, Karsten Berg<br \/>\n.<br \/>\n<strong>Die deutschen Sozialsysteme<\/strong><br \/>\nsind nicht darauf ausgerichtet, Millionen Menschen zu versorgen. Die abgelehnten Wirtschaftsfl\u00fcchtlinge k\u00f6nnen nicht abgeschoben werden, sondern genie\u00dfen weiterhin die Alimentation durch den deutschen Staat. Wie jetzt bekannt wurde, handelt es sich derzeit um 500.000 Personen. Die Integration der anerkannten Asylbewerber in den deutschen Arbeitsmarkt ist nach Auskunft der Bundesagentur f\u00fcr Arbeit \u00e4u\u00dferst schwierig, da die Zuwanderer angeblich \u00fcberwiegend Analphabeten sein sollen.<br \/>\n23.9.2016, karin Zeitz<\/p>\n<p>&nbsp;<\/p>\n<p>&nbsp;<\/p>\n<p>&nbsp;<\/p>\n<p><strong>Zuwanderung erfolgt(e) weniger in Arbeit als in Versorgung<br \/>\n<\/strong>&#8222;Zuwanderung steuern und begrenzen.<br \/>\nDeutschland ist ein weltoffenes und gastfreundliches Land. Mit einem Anteil der Ausl\u00e4nder an der Bev\u00f6lkerung von 9 % nimmt Deutschland unter den gro\u00dfen westlichen Industrienationen den Spitzenplatz ein.<\/p>\n<p><strong>Die Zahl der in Deutschland lebenden Ausl\u00e4nder hat seit 1972 von 3,5 Millionen auf 7,3 Millionen zugenommen, die der sozialversicherungspflichtig besch\u00e4ftigten Ausl\u00e4nder ist dagegen von 2,3 Millionen auf 2,0 Millionen zur\u00fcckgegangen. Die Ausl\u00e4nderarbeitslosigkeit hat sich in dieser Zeit massiv erh\u00f6ht und liegt heute mit rund 20% doppelt so hoch wie in der Gesamtbev\u00f6lkerung.<\/strong> <strong>Die Zuwanderung erfolgte also \u00fcberwiegend nicht in Arbeitspl\u00e4tze, sondern in die sozialen Sicherungssysteme.<\/strong><br \/>\nDrei Viertel der Menschen aus anderen L\u00e4ndern, die in Deutschland leben, kommen aus Staaten au\u00dferhalb der Europ\u00e4ischen Union. Deutschland kann aufgrund seiner historischen, geographischen und gesellschaftlichen Situation aber kein klassisches Einwanderungsland wie etwa Australien oder Kanada werden.<br \/>\nDeutschland muss Zuwanderung st\u00e4rker steuern und begrenzen als bisher. Zuwanderung kann kein Ausweg aus den demografischen Ver\u00e4nderungen in Deutschland sein. Wir erteilen einer Ausweitung der Zuwanderung aus Drittstaaten eine klare Absage, denn sie w\u00fcrde die Integrationsf\u00e4higkeit unserer Gesellschaft \u00fcberfordern. Verst\u00e4rkte Zuwanderung w\u00fcrde den inneren Frieden gef\u00e4hrden und radikalen Kr\u00e4ften Vorschub leisten.<br \/>\nRot-Gr\u00fcn will keine wirksame Steuerung und Begrenzung der Zuwanderung. Rot-gr\u00fcn schafft mit der ungeregelten Aufgabe des Anwerbestopps Einfallstore f\u00fcr erweiterte Zuwanderung und mit der angeblichen &#8222;H\u00e4rtefallregelung&#8220; und der Ausweitung der Aufenthaltsrechte \u00fcber die Genfer Fl\u00fcchtlingskonvention hinaus massive Anreize f\u00fcr Armutsfl\u00fcchtlinge aus aller Welt. Dies w\u00fcrde in kurzer Zeit zu einer erheblich h\u00f6heren Zuwanderung nach Deutschland f\u00fchren, die nicht im Interesse unseres Landes ist. Wir werden unverz\u00fcglich nach der Wahl die falschen Weichenstellungen der rot-gr\u00fcnen Bundesregierung korrigieren&#8220;<br \/>\nQuelle: <a href=\"https:\/\/www.documentarchiv.de\/brd\/2002\/wahlprogramm_cdu_2002.html#6\">https:\/\/www.documentarchiv.de\/brd\/2002\/wahlprogramm_cdu_2002.html#6<\/a><\/p>\n<p>Der obige Text &#8222;Zuwanderung steuern und begrenzen&#8220; entstammt dem CDU-Programm von 2002.<br \/>\nDas Programm der CDU von 2007 war in etwa noch das gleiche wie 2002. CDU und CSU haben in weniger als 10 Jahren ihre Richtung um 180\u00b0 ver\u00e4ndert und ihre Wahlversprechen vergessen. Wegen dieser Amnesie gibt es die AfD. Diese Dame\u00a0<a href=\"https:\/\/www.youtube.com\/watch?v=5a9-jAwsR0Y&amp;feature=youtu.be\">https:\/\/www.youtube.com\/watch?v=5a9-jAwsR0Y&amp;feature=youtu.be<\/a><br \/>\nm\u00fcsste dann allerdings damit rechnen, wegen &#8222;hatespeech&#8220; vorverurteilt zu werden wenn sie derartiges nochmals sagen w\u00fcrde: <a href=\"https:\/\/www.documentarchiv.de\/brd\/2002\/wahlprogramm_cdu_2002.html#6\">https:\/\/www.documentarchiv.de\/brd\/2002\/wahlprogramm_cdu_2002.html#6<br \/>\n<\/a><br \/>\n13.9.2016<\/p>\n<p>&nbsp;<\/p>\n<p><strong>Keine Sprache, kein Job, keine Integration<\/strong><br \/>\nKaum einer der Fl\u00fcchtlinge, die 2015 ins Land kamen, kann sich auf Deutsch verst\u00e4ndigen. Aber ohne Sprachkenntnisse gibt es keinen Job \u2013 und ohne Job keine Integration&#8230;..<br \/>\nNicht nur die geringen Sprachkenntnisse und die fehlende Schulbildung sind Gr\u00fcnde f\u00fcr die schwierige Integration am Arbeitsmarkt. Der Gro\u00dfteil der Fl\u00fcchtlinge kennt weder die duale Ausbildung, noch ist er bereit, sich in die lange, daf\u00fcr n\u00f6tige Ausbildungszeit zu begeben. &#8222;Ein Grund f\u00fcr den geringen Willen, \u00fcber Jahre in eine Ausbildung zu investieren, ist, dass dies mit dem Druck vieler Fl\u00fcchtlinge kollidiert, schnell Geld verdienen zu m\u00fcssen, um Schulden zu bezahlen oder Familienangeh\u00f6rige zu unterst\u00fctzen.&#8220; F\u00fcr viele sei es au\u00dferdem ungewohnt, acht Stunden t\u00e4glich mit Zeiterfassung zu arbeiten. Wie Berufseinsteiger m\u00fcssten Fl\u00fcchtlinge daher zun\u00e4chst einmal den deutschen Arbeitsalltag kennenlernen&#8230;..<br \/>\nAu\u00dferdem kommen viele der Gefl\u00fcchteten aus einem Umfeld, das eine langfristige Lebensplanung kaum zul\u00e4sst. &#8222;Die Frage, wo sie in f\u00fcnf, zehn oder 20 Jahren stehen wollen, haben sich die meisten Fl\u00fcchtlinge noch nie gestellt&#8220;, hei\u00dft es in der Untersuchung. Das \u00e4ndere sich auch nicht, solange ihr Aufenthaltsstatus in Deutschland ungekl\u00e4rt sei<br \/>\n&#8230;&#8230; Alles vom 1.8.8.2016 bitte lesen auf<br \/>\n<a href=\"https:\/\/www.welt.de\/wirtschaft\/article157714288\/Der-Teufelskreis-der-die-Fluechtlinge-unten-haelt.html\">https:\/\/www.welt.de\/wirtschaft\/article157714288\/Der-Teufelskreis-der-die-Fluechtlinge-unten-haelt.html<\/a><\/p>\n<p><strong>Rente ab 85?<\/strong><br \/>\nNach f\u00fcnf Jahren seien es 50 Prozent, nach zehn Jahren 60 Prozent und nach 15 Jahren 70 Prozent gewesen, die eine Stelle fanden.&#8220; Man kann sich leicht ausrechnen was das f\u00fcr unser Sozialsystem bedeutet. Dann muss die Rente halt auf 85 angehoben werden. Daf\u00fcr sind wir dann bunt.<br \/>\nB.Brech<\/p>\n<p><strong>Versorgungsgelder werden mit Western Union \u00fcberwiesen<\/strong><br \/>\nIch bin immer wieder erstaunt, mit wieviel Engagement und Kraft man nach Wegen sucht, den Leuten hier das Leben zu vers\u00fc\u00dfen. Und das, obwohl wir mittlerweile wissen, dass sie uns immer einen Schritt voraus sind, um sich nicht in deutsche Verh\u00e4ltnisse zu integrieren.<br \/>\nWir rennen ihnen nach, obwohl sie einfach in Ruhe gelassen werden und zum Monatsende ihre St\u00fctze kassieren wollen. Diese wird dann zum grossen Teil mit Western Union \u00fcberwiesen. Und der nicht EU (Fl\u00fcchtlings) Haushalt kann gar nicht mehr ausgeben, da durch Hartz IV Grenzen gesetzt sind. Ausser ich mache viele, viele Kinder.<br \/>\nMarlowe, 17.8.2016, WO<\/p>\n<p><strong>Drei Statements, warum Integration nicht m\u00f6glich ist<\/strong><br \/>\n1. Selbst ist der Mann<br \/>\n2. Wo ein Wille ist, ist auch ein Weg<br \/>\n3. Der fr\u00fche Vogel f\u00e4ngt den Wurm<br \/>\nWenn Sie diese 3 Statements zusammen addieren wird Ihnen klar, warum das nix mehr wird mit unseren Refugees: die warten auf den N\u00fcrnberger Trichter.<br \/>\nF Dreist, WO<\/p>\n<p><strong>Versorgung statt Arbeit<\/strong><br \/>\nEine banale Weisheit, die jeder B\u00fcrger schon lange kennt: Integriert wird \u00fcber Arbeit, aber nicht subventionierte Scheinarbeit oder nutzlose Integrationsindustrie. Langsam setzt die Realit\u00e4t ein: die Millionen,die illegal ins Land kamen, k\u00f6nnen niemals integriert werden, da alle Vorausetzungen und Basis fehlen. Das ist nicht &#8222;Deutschlands&#8220; Problem, sondern das der B\u00fcrger (Sicherheit) und Steuerzahler (horrende Fehlallokation von Steuergeldern).<br \/>\n.<br \/>\nFl\u00fcchtlinge haben Anspruch auf tempor\u00e4ren subsid\u00e4ren Schutz, z.B. heimatnah, oder auf einer Insel mehr nicht.<br \/>\nWer vor 8 Monaten all diese Probleme und Hinweise benannt hat, war ein rechtspopulistischer, fremdenfeindlicher Rassist. Ich w\u00fcrde mir w\u00fcnschen, dass sich alle Politiker und Experten mal \u00f6ffentlich daf\u00fcr entschuldigen. Wahrscheinlich haben sie aber Angst ihre Unf\u00e4higkeit darzulegen. Meist reicht eben doch nur gesunder Menschenverstand aus.<br \/>\nGezziprom, 18.8.2016<\/p>\n<p><strong>Jobs f\u00fcr Migranten, die es nicht mal f\u00fcr Deutsche gibt?<\/strong><br \/>\nKeine Sprache, kein Job, keine Integration. In Deutschland sind viele deutsche Staatsb\u00fcrger (Deutsch-Muttersprachler) trotz Berufsausbildung oder Studienabschluss arbeitslos. Diese Menschen beherrschen die deutsche Sprache perfekt, haben 13 Jahre Schule hinter sich, ein mehrj\u00e4hriges Studium (fr\u00fcher Diplom\/heute Bachelor und Master) erfolgreich abgeschlossen, mehrere Praktika absolviert und k\u00f6nnen oft Auslanderfahrung nachweisen.<br \/>\nTrotzdem landen diese Menschen in Arbeitslosigkeit oder prek\u00e4rer Besch\u00e4ftigung (Endlospraktika, Volontariate, Zeitarbeit etc.). Ihnen wird dann mitgeteilt, sie w\u00e4ren &#8222;\u00fcberqualifiziert&#8220;, weshalb sie &#8222;dequalifiziert&#8220; werden m\u00fcssen: durch unqualifizierte Jobs und die Vermittlung in unsinnige &#8222;Ma\u00dfnahmen&#8220;, damit sie gar nicht erst in der Arbeitslosenstatistik auftauchen. Und nun sollen unqualifizierte Migranten f\u00fcr Jobs qualifiziert werden, die es selbst f\u00fcr schon qualifizierte deutsche B\u00fcrger mit perfekten Sprachkenntnissen nicht gibt?<br \/>\nH.Fach<\/p>\n<p>.<\/p>\n<p><strong>Comedy-Preis an Deutschland &#8222;Migration in die Sozialsysteme&#8220;<\/strong><br \/>\nStellen wir uns mal vor, es gibt einen j\u00e4hrlichen Comedy Preis der Nationen. Sowas, wie einen Oscar oder Grammy aber nicht f\u00fcr einzelne Artisten, sondern f\u00fcr ganze Nation. Wer h\u00e4tte diesen Preis 2016 gewonnen? Die Deutschen lassen 2015 1,1 Millionen illegale, muslimische Emigranten meist ohne jegliche Reisepapiere ins Land. Dann stellen die fest:<br \/>\nAch! Diese Menschen sprechen nicht unsere Sprache. F\u00fcr jeden muss ein Sprachkurs her &#8211; Kosten in Millionenh\u00f6he. Ach! Diese Menschen wollen nicht so leben wie wir in Deutschland, sondern weiterhin wie in Syrien, oder Afghanistan. Integration Gesetz muss her, neue Kita Pl\u00e4tze m\u00fcssen her, neue Lehrer m\u00fcssen her &#8211; Kosten in Milliardenh\u00f6he.<br \/>\nAch! Diese Menschen m\u00fcssen alle irgendwo wohnen. Sozialbau Programm muss her &#8211; Kosten in Milliardenh\u00f6he.<br \/>\nAch! Diese Menschen sind nicht alle kerngesund und haben gar keine Krankenversicherung. Die m\u00fcssen aber trotzdem behandelt werden &#8211; Kosten in Milliardenh\u00f6he.<br \/>\nAch! Diese Menschen haben meist gar keine oder nur schlechte Ausbildung, sehr viele sind Analphabeten. Ein Wirtschaftsprogramm muss her. Trotzdem werden ca. 70% auf Dauer ohne Job bleiben, &#8211; Kosten in Milliardenh\u00f6he.<br \/>\nAch! einige von diesen Menschen sind f\u00fcr die Aufnahme \u00fcberhaupt nicht dankbar und schlachten uns mit Macheten ab und sprengen uns in die Luft. Ein Sicherheitsprogramm muss her, mehr Polizei und bessere Ausr\u00fcstung muss her &#8211; Kosten in Milliardenh\u00f6he.<br \/>\nSo, die Deutschen betreiben jetzt diesen riesen Aufwand und tragen diese immense Kosten, anstatt 2015 die einfachste L\u00f6sung der Welt zu w\u00e4hlen und diese Klientel \u00fcberhaupt nicht ins Land zu lassen. Und deswegen der COMEDY PREIS der NATIONEN 2016 goes to GERMANY!<br \/>\nJacek Berger, 17.8.2016, AO<\/p>\n<p>&nbsp;<\/p>\n<p>&nbsp;<\/p>\n<p><strong>Bindungslos-vagabundierende Migranten als Typ<\/strong><\/p>\n<p>Alle seit Budapest 9\/2015 zu 90% ohne Pa\u00df nach Deutschland Einreisenden werden nicht als Migranten, sondern als &#8222;Fl\u00fcchtlinge&#8220; bezeichnet. Dies ist ein<a title=\"Luegenpresse\" href=\"https:\/\/www.freiburg-schwarzwald.de\/blog\/kultur\/medien\/luegenpresse\/\"> L\u00fcgenwort,<\/a> denn mit dem Oberbegriff &#8222;Integration&#8220; kommt es zur seltsamen Wandlung: Pl\u00f6tzlich geht es nicht mehr um Flucht, Vertreibung, Glaubensverfolgung, Genozid, Kriegsobdachlosigkeit, sondern der hilfslose Fl\u00fcchtling wird zur positiven Ressource, der das \u00fcberalterte Deutschland errettet bzw. seine Demografieprobleme l\u00f6st. Fl\u00fcchtling als Retter? &#8211; leider nicht.<br \/>\nStatt von Fl\u00fcchtlingen bzw. Fl\u00fcchtlingswelle sollte man besser von Migranten bzw. Migrationswelle sprechen. Drei Typen von Migranten:<br \/>\n<em>(1) Fl\u00fcchtlinge i.e.S: Flucht vor Verfolgung und Krieg. Erwarten Nothilfe gem\u00e4\u00df Asylgesetz<\/em><br \/>\n<em>(2) Arbeitsmigranten: Bringen Arbeitsleistung, erwarten Integration.<\/em><br \/>\n<em>(3) Versorgungsmigranten: Bindungslos-vagabundierende Migranten<\/em><\/p>\n<p>(<strong>2) Arbeitsmigranten<\/strong><br \/>\nWirtschaftsmigranten, die Arbeitskraft, Fach-KnowHow, Bildung, Flei\u00df, Motvation usw. mitbringen. Die fr\u00fcheren Siedlermigranten (USA, Siebenb\u00fcrgen, Ukraine, Wolgadeutsche) geh\u00f6ren hierzu. Zwar sind 70% der heutigen Migranten junge M\u00e4nner, aber diesen fehlt zu 90% die Qualifikation als Arbeitsmigrant:<br \/>\n&#8222;Auf einer Konferenz des IFO-Instituts wurden ern\u00fcchternde Zahlen zur Qualifikation und Berufsf\u00e4higkeit der Migranten bekannt. Zwei Drittel aller Migranten aus Syrien haben keine professionelle Qualifikation. Nach Sch\u00e4tzung des IFO-Pr\u00e4sidenten Clemens Fuest ist in der Gesamtbilanz kein positiver Beitrag zum deutschen Steuer- und Transfersystem zu erwarten (Bericht in der FAZ vom 2.7.2016). Das Problem liegt dabei noch tiefer als es der Ausdruck \u201eniedrige Qualifikation\u201c besagt. Wenn es nur darum ginge, fehlende Qualifikationen nachzuholen, w\u00e4re die Vorleistung von Schulen und Betrieben noch \u00fcberschaubar. Aber es fehlt etwas Grundlegenderes: eine Lernmotivation, die die Migranten \u00fcberhaupt zum Nachholen bringt. Qualifikation ist keine Dienstleistung, die an den Auszubilden verrichtet wird wie ein Haarschnitt. Nach Angaben der Handwerkskammer M\u00fcnchen und Oberbayern haben 70 Prozent der Syrer, Iraker und Afghanen, die vor zwei Jahren eine Berufsausbildung begonnen haben, diese inzwischen abgebrochen. Das passt zu einer Erfahrung, die inzwischen aus vielen Bildungsstatistiken hervorgeht: Unter den jugendlichen Migranten aus dem arabisch-t\u00fcrkisch-islamischen Kulturkreis gibt es eine weit \u00fcberdurchschnittliche Quote des Scheiterns &#8230;. Die generelle Rede von \u201eder Arbeitsmigration\u201c ist also nicht weniger irref\u00fchrend als die generelle Fl\u00fcchtlings-Rede. Sie erf\u00fcllt die Funktion einer Ausflucht. Wenn offensichtlich ist, dass die jungen, gut gen\u00e4hrten, m\u00e4nnlichen \u201eFl\u00fcchtlinge\u201c weder arm, krank oder hilflos sind, wird so getan, als warteten sie alle auf ihre Arbeitswoche auf dem Bau, am Montageband oder im Pflegedienst&#8230;..&#8220;<br \/>\n(Gerd Held, Gef\u00e4ngnis der Worte 2, 20.7.2016,\u00a0<a href=\"https:\/\/www.achgut.com\/artikel\/im_gefaengnis_der_worte_folge_2\">https:\/\/www.achgut.com\/artikel\/im_gefaengnis_der_worte_folge_2<\/a>)<\/p>\n<p><strong>(3) Versorgungsmigranten: Entwurzelte, bindungslos-vagabundierende Migranten<\/strong><br \/>\nF\u00fcr diesen dritten Typ von Migranten gibt es noch keinen Fachbegriff. Hier liefert Gunnar Heinsohn mit seinen <a title=\"Youth-Bulges\" href=\"https:\/\/www.freiburg-schwarzwald.de\/blog\/engagement\/zukunft\/krieg\/youth-bulges\/\">&#8222;Youth Bulges&#8220;<\/a> eine Erkl\u00e4rung: Junge, wohlgen\u00e4hrte M\u00e4nner, die als zweit-, dritt-, viertgeborene <a title=\"Youth bulges \u2013 Migration UMFs\" href=\"https:\/\/www.freiburg-schwarzwald.de\/blog\/youth-bulges-migration-umfs\/\">S\u00f6hne<\/a> im arabischen Raum und Afrika keine Perspektive sehen, gehen von zuhause weg: In die Opposition, den B\u00fcrgerkrieg, den Krieg gegen einen \u00e4u\u00dferen Feind oder aber &#8211; nachdem dies alles nicht geklappt hat &#8211; nach Europa, um von den dortigen Sozialsystemen versorgt zu werden. Dort f\u00fchrt ihre Entwurzelung nicht zum Aufbau neuer Bindungen, sondern zur Bindungslosigkeit und permanentem Vagabundieren. Sie landen dauerhaft im entwurzelten Milieu.<\/p>\n<p>Bei der aktuellen Migrationswelle sind neben den Begriffen \u201eFl\u00fcchtling\u201c und \u201eArbeitsmigrant\u201c somit auch den Begriff des &#8222;bindungslos-vagabundierenden Migranten&#8220; zu nennen (viele UMFs geh\u00f6ren hierzu). Letztere erfordern vom Immigrationsland eine gesonderte Handlungsweise, die sich von Nothilfe (Fl\u00fcchtling) und von Integration (Arbeitsmigranten) unterscheidet: Bei den UMF bzw. UMA ist es die Betreuung nach Jugendrecht. Ende Juni 2016 sind \u00fcber 55.000 UMF in Deutschland sowie zus\u00e4tzlich \u00fcber 9000 UMF, die einfach verschwunden bzw. untergetaucht sind in den Parallelgesellschaften der Ballungsr\u00e4ume. Die immensen Betreuungskosten der Versorgungsmigranten sind nicht mehr zu bew\u00e4ltigen &#8211; zumal die offenen Grenzen weitere UMF einladen. &#8222;Als Antwort auf die bindungslos-vagabundierende Migration wird eine einhegende, zur\u00fcckweisende, repressive Politik gebraucht. Ein Wachstum dieses Milieus kann kein modernes Land tolerieren \u2013 hier brauchen wir eine offen erkl\u00e4rte Null-Toleranz-Politik.&#8220; (Held, s.o.) Dies gilt f\u00fcr alle modernen L\u00e4nder, auch f\u00fcr das von <a title=\"Groessenwahn\" href=\"https:\/\/www.freiburg-schwarzwald.de\/blog\/engagement\/zukunft\/groessenwahn\/\">Gr\u00f6\u00dfenwahn<\/a>, wiedergutmachender <a title=\"Gesinnungsethik\" href=\"https:\/\/www.freiburg-schwarzwald.de\/blog\/engagement\/zukunft\/demokratie\/gesinnungsethik\/\">Gesinnungsethik<\/a> und <a title=\"Selbsthass\" href=\"https:\/\/www.freiburg-schwarzwald.de\/blog\/engagement\/zukunft\/selbsthass\/\">Selbsthass<\/a> gepr\u00e4gte Deutschland.<br \/>\n20.7.2016<\/p>\n<p><strong>Vagabundierende Migration mit Familiennachzug<\/strong><br \/>\nIch f\u00fcrchte, das Gegenteil wird passieren. Zum einen d\u00fcrften wir mit einem massiven Familiennachzug rechnen. Wie am Attent\u00e4ter von W\u00fcrzburg erkennbar, besteht der staatliche Kontrollverlust weiterhin. So ist weder die Identit\u00e4t, noch das Alter gesichert. Wahrscheinlich ist es ein 25-j\u00e4hriger Pakistani. Da im Gegensatz zu Raffelh\u00fcschen, der der n\u00e4chsten Generation allein f\u00fcr die in 2015 gekommenen Migranten ein Finanzierungsloch von 1,5 Billionen Euro aufmacht, die Bundesregierung alles tun wird, um eine hohe Wertsch\u00f6pfung dieses Personenkreises f\u00fcr Deutschland vorzugaukeln, wird das sp\u00e4ter befriedete Syrien von Deutschland Ausgleichszahlungen f\u00fcr die dort fehlenden Facharbeiter, Ingenieure und \u00c4rzte fordern. Wobei die wirklichen Leistungstr\u00e4ger, wenn \u00fcberhaupt, in die USA oder nach Kanada gegangen sein d\u00fcrften. Aber in einem Land, wo eine stasibelastete linksextreme Geldmaschine namens Amadeu-Stiftung die Denunziation kritischer B\u00fcrger \u00fcbernommen hat, und der Linksregierung trefflich zuarbeitet, ist nichts anderes zu erwarten.<br \/>\nDie ungebunden-vagabundierende Kraft mit erheblicher destruktiver Energie &#8211; eine sehr gute Formulierung &#8211; konnte man vorgestern in einem bayrischen Zug (bei W\u00fcrzburg) erleben.<br \/>\nW.Kirchhoff, 20.7.2016, AO<\/p>\n<p><strong>Die alten Gastarbeiter geben und die neuen B\u00fcrger nehmen<\/strong><br \/>\nVielen Dank f\u00fcr diesen Artikel von Gerd Held! Er beschreibt wunderbar die Tatsachenverdrehungen bzgl. der Definition der unterschiedlichen aktuellen Migranten-Gruppierungen , die ich gerne zusammenfassend als \u201cNeu-B\u00fcrger\u201d bezeichen m\u00f6chte. Dies ist ein weiterer Artikel der \u201cAchse des Guten\u201d , den ich mir als Textfile abgespeichert habe, um diesen in absehbarer Zukunft (max. 15 bis 20 Jahre) meinen heranwachsenden Kindern zeigen zu k\u00f6nnen. Ich denke, sie werden dann begreifen, was die Ursachen daf\u00fcr waren, wieso sie jetzt dieses Land verlassen und in die Heimat ihrer Grosseltern, die als Gastarbeiter in den fr\u00fchen 70ern nach Deutschland kamen, zur\u00fcckkehren m\u00fcssen. Diesen wurden \u00fcbrigens im Gegensatz zu den aktuellen \u201cNeu-B\u00fcrgern\u201d s\u00e4mtliche \u201cIntegrationsbem\u00fchungen\u201d, wie zum Bsp. Sprachkurse, etc. vorenthalten. Sie waren ja nur vor\u00fcbergehend \u201czu Gast\u201d in Deutschland und mussten erst gar nicht integriert werden. Stattdessen waren sie keine 48h nach Ankunft im gelobten Land bis zu ihrer Pensionierung bzw. Tod Leistungstr\u00e4ger in dieser Gesellschaft. Effektiv arbeiten geht ja auch ohne deutsche Sprache. Die aktuellen \u201cAnk\u00f6mmlinge\u201d werden jedoch geradezu dazu gen\u00f6tigt, f\u00fcr immer hier bleiben zu m\u00fcssen: sie werden, nachdem sie die Grenze aufgrund eines \u201chumanen Imperatives\u201d (Zitat Dr. A.M.) illegal \u00fcbertreten haben, sofort zu \u201cNeu-B\u00fcrgern\u201d emporgehoben. Daf\u00fcr k\u00f6nnen wir \u201cGastarbeiter-Kinder\u201d der 2. Generation kein Verst\u00e4nis aufbringen. Der Inhalt der letzen beiden S\u00e4tze ist \u00fcbrigens leider genauso eine grosse Illusion wie das stetige Predigen des Gelingens der Integration dieser \u201cNeu-B\u00fcrger\u201d.<br \/>\nGoran B., 20.7.2016, AO<\/p>\n","protected":false},"excerpt":{"rendered":"<p>Home &gt;Global\u00a0&gt;Integration &gt;Migration &gt;Versorgungsmigration &nbsp; Listenauswahl eines Beitrags (Artikel\/Datum, Seite\/Inhalt): Klicken oder scrollen 8,5 Milliarden ins Ausland \u2013 Heimat\u00fcberweisungen: Wie die Bezahlkarte ausgebremst wird\u00a0(28.8.2026) Bildung: Azubi OUT \u2013 Student IN\u00a0(20.8.2026) Eroberungsmigration\u00a0(13.8.2026) Die \u201eedle L\u00fcge\u201c vom Fachkr\u00e4fte-Import: 3\/4 ohne Berufsabschluss\u00a0(22.6.2026) Warum &hellip; <a href=\"https:\/\/www.freiburg-schwarzwald.de\/blog\/global\/migration\/versorgungsmigration\/\">Weiterlesen <span class=\"meta-nav\">&rarr;<\/span><\/a><\/p>\n","protected":false},"author":2,"featured_media":0,"parent":9150,"menu_order":0,"comment_status":"open","ping_status":"closed","template":"","meta":{"footnotes":""},"class_list":["post-61665","page","type-page","status-publish","hentry"],"_links":{"self":[{"href":"https:\/\/www.freiburg-schwarzwald.de\/blog\/wp-json\/wp\/v2\/pages\/61665","targetHints":{"allow":["GET"]}}],"collection":[{"href":"https:\/\/www.freiburg-schwarzwald.de\/blog\/wp-json\/wp\/v2\/pages"}],"about":[{"href":"https:\/\/www.freiburg-schwarzwald.de\/blog\/wp-json\/wp\/v2\/types\/page"}],"author":[{"embeddable":true,"href":"https:\/\/www.freiburg-schwarzwald.de\/blog\/wp-json\/wp\/v2\/users\/2"}],"replies":[{"embeddable":true,"href":"https:\/\/www.freiburg-schwarzwald.de\/blog\/wp-json\/wp\/v2\/comments?post=61665"}],"version-history":[{"count":6,"href":"https:\/\/www.freiburg-schwarzwald.de\/blog\/wp-json\/wp\/v2\/pages\/61665\/revisions"}],"predecessor-version":[{"id":153268,"href":"https:\/\/www.freiburg-schwarzwald.de\/blog\/wp-json\/wp\/v2\/pages\/61665\/revisions\/153268"}],"up":[{"embeddable":true,"href":"https:\/\/www.freiburg-schwarzwald.de\/blog\/wp-json\/wp\/v2\/pages\/9150"}],"wp:attachment":[{"href":"https:\/\/www.freiburg-schwarzwald.de\/blog\/wp-json\/wp\/v2\/media?parent=61665"}],"curies":[{"name":"wp","href":"https:\/\/api.w.org\/{rel}","templated":true}]}}