{"id":61483,"date":"2016-07-03T20:52:00","date_gmt":"2016-07-03T18:52:00","guid":{"rendered":"https:\/\/www.freiburg-schwarzwald.de\/blog\/?page_id=61483"},"modified":"2025-02-07T13:09:34","modified_gmt":"2025-02-07T12:09:34","slug":"fluechtlinge-sex","status":"publish","type":"page","link":"https:\/\/www.freiburg-schwarzwald.de\/blog\/global\/integration\/fluechtlinge-sex\/","title":{"rendered":"Fluechtlinge-Sex"},"content":{"rendered":"<p><a href=\"https:\/\/www.freiburg-schwarzwald.de\/blog\">Home<\/a> &gt;<a title=\"Global\" href=\"https:\/\/www.freiburg-schwarzwald.de\/blog\/global\/\">Global<\/a>\u00a0&gt;<a title=\"Integration\" href=\"https:\/\/www.freiburg-schwarzwald.de\/blog\/global\/integration\/\">Integration<\/a> &gt;<a title=\"Fluechtlinge\" href=\"https:\/\/www.freiburg-schwarzwald.de\/blog\/global\/integration\/fluechtlinge\/\">Fluechtlinge<\/a> &gt;Fluechtlinge-Sex<\/p>\n<div id=\"attachment_60722\" style=\"width: 647px\" class=\"wp-caption alignnone\"><a href=\"https:\/\/www.freiburg-schwarzwald.de\/blog\/global\/integration\/fluechtlinge-islam\/strand2kreuzfahrt-pan160503\/\" rel=\"attachment wp-att-60722\"><img loading=\"lazy\" decoding=\"async\" aria-describedby=\"caption-attachment-60722\" class=\"size-full wp-image-60722\" src=\"https:\/\/www.freiburg-schwarzwald.de\/blog\/wp-content\/uploads\/2016\/05\/strand2kreuzfahrt-pan160503.jpg\" alt=\"Kreuzfahrtschiff am Strand von Punta Sabioni bei Venedig am 4.5.2016\" width=\"637\" height=\"289\" srcset=\"https:\/\/www.freiburg-schwarzwald.de\/blog\/wp-content\/uploads\/2016\/05\/strand2kreuzfahrt-pan160503.jpg 637w, https:\/\/www.freiburg-schwarzwald.de\/blog\/wp-content\/uploads\/2016\/05\/strand2kreuzfahrt-pan160503-180x81.jpg 180w\" sizes=\"auto, (max-width: 637px) 100vw, 637px\" \/><\/a><p id=\"caption-attachment-60722\" class=\"wp-caption-text\">Kreuzfahrtschiff am Strand von Punta Sabioni bei Venedig am 4.5.2016<\/p><\/div>\n<ul>\n<li><em>Listenauswahl eines Beitrags: Bitte anklicken oder runterscrollen<\/em><\/li>\n<li><a href=\"https:\/\/www.freiburg-schwarzwald.de\/blog\/selbsthilfe\/krise\/sexuellermissbrauch\/freiwild\/\">Vergewaltigungen: Sind es australische Studenten \u2013 oder doch Asylmigranten?<\/a>\u00a0(4.2.2025)<\/li>\n<li><a href=\"https:\/\/www.freiburg-schwarzwald.de\/blog\/la-femme-nest-plus-respectee\/\">La femme n\u2019est plus respect\u00e9e<\/a>\u00a0(17.8.2023)<\/li>\n<li><a title=\"Gewalt gegen Frauen nimmt zu\" href=\"https:\/\/www.freiburg-schwarzwald.de\/blog\/gewalt-gegen-frauen-nimmt-zu\/\">Gewalt gegen Frauen nimmt zu<\/a>\u00a0(15.8.2020)<\/li>\n<li>Sexversuch mit dunkelh\u00e4utigem Fahrrad &#8211; Polizei sucht Zeugen (20.5.2020)<\/li>\n<li><a title=\"Kandel-Bluttat27-12-2017\" href=\"https:\/\/www.freiburg-schwarzwald.de\/blog\/engagement\/zukunft\/demokratie\/kandel-bluttat27-12-2017\/\">Nach Kandel und Freiburg fordert Palmer: UMF sollen Alter beweisen<\/a>\u00a0(5.1.2018)<\/li>\n<li>Gruppenvergewaltigende M\u00e4nnerhorden &#8211; ist das Volksverhetzung? (4.1.2018)<\/li>\n<li>Sex\u00fcbertriffe in Schwimmb\u00e4dern durch Migranten (4.7.2016)<\/li>\n<li>Vergewaltigung lieber verschweigen als Migranten diskriminieren (3.7.2016)<\/li>\n<li><a title=\"Political Correctness am Ende?\" href=\"https:\/\/www.freiburg-schwarzwald.de\/blog\/political-correctness-am-ende\/\">Political Correctness am Ende?<\/a> (10.10.2016)<\/li>\n<li><a title=\"Diskussionskultur nach Koeln\" href=\"https:\/\/www.freiburg-schwarzwald.de\/blog\/diskussionskultur-nach-koeln\/\">Diskussionskultur nach K\u00f6ln<\/a> (9.1.2016)<\/li>\n<li><a title=\"Koeln-Silvester2015\" href=\"https:\/\/www.freiburg-schwarzwald.de\/blog\/global\/integration\/koeln-silvester2015\/\">\u201eIhr k\u00f6nnt mir nichts\u201c: \u00dcbergriffe von K\u00f6ln sind dreiste Ansage gegen den Rechtsstaat<\/a> (8.1.2016)<\/li>\n<li><a title=\"Koeln-Silvester2015\" href=\"https:\/\/www.freiburg-schwarzwald.de\/blog\/global\/integration\/koeln-silvester2015\/\">K\u00f6ln als Wendepunkt zwingt zu ehrlicher Diskussion der Fl\u00fcchtlingspolitik<\/a> (7.1.2016)<\/li>\n<li><a title=\"Migration-Maenner\" href=\"https:\/\/www.freiburg-schwarzwald.de\/blog\/global\/migration\/migration-maenner\/\">Gewaltlegitimierende M\u00e4nnlichkeitsnormen in der muslimischen Kultur<\/a> (7.1.2016)<\/li>\n<li><a href=\"https:\/\/www.freiburg-schwarzwald.de\/blog\/frauenrechte-und-migration\/\">https:\/\/www.freiburg-schwarzwald.de\/blog\/frauenrechte-und-migration\/<\/a> (7.1.2016)<\/li>\n<li><a href=\"https:\/\/www.freiburg-schwarzwald.de\/blog\/sex-attacken-auf-frauen-koeln\/\">https:\/\/www.freiburg-schwarzwald.de\/blog\/sex-attacken-auf-frauen-koeln\/ <\/a>(5.1.2016)<\/li>\n<\/ul>\n<ul>\n<li><a title=\"Fluechtlinge2016\" href=\"https:\/\/www.freiburg-schwarzwald.de\/blog\/global\/integration\/fluechtlinge2016\/\">Fluechtlinge2016<\/a><\/li>\n<li><a title=\"Frauenproteste\" href=\"https:\/\/www.freiburg-schwarzwald.de\/blog\/selbsthilfe\/frauen\/frauenproteste\/\">Frauenproteste<\/a><\/li>\n<li><a title=\"Gruppenvergewaltigung\" href=\"https:\/\/www.freiburg-schwarzwald.de\/blog\/selbsthilfe\/krise\/sexuellermissbrauch\/gruppenvergewaltigung\/\">Gruppenvergewaltigung<\/a><\/li>\n<li><a title=\"Koeln-Silvester2015\" href=\"https:\/\/www.freiburg-schwarzwald.de\/blog\/global\/integration\/koeln-silvester2015\/\">K\u00f6ln Silvester 2015\/16<\/a><\/li>\n<li><a title=\"Vergewaltigung\" href=\"https:\/\/www.freiburg-schwarzwald.de\/blog\/selbsthilfe\/krise\/sexuellermissbrauch\/vergewaltigung\/\">Vergewaltigung<\/a><\/li>\n<li><a title=\"Wiesbaden-Susanna23-05-2018\" href=\"https:\/\/www.freiburg-schwarzwald.de\/blog\/global\/migration\/wiesbaden-susanna23-05-2018\/\">Wiesbaden-Susanna23-05-2018<\/a><\/li>\n<\/ul>\n<p>&nbsp;<\/p>\n<p>&nbsp;<\/p>\n<p><strong>Sexversuch mit dunkelh\u00e4utigem Fahrrad &#8211; Polizei sucht Zeugen<\/strong><br \/>\nAm 20. Mai berichtet die Badische Zeitung in einer Lokalausgabe \u00fcber eine Mitteilung des Polizeipr\u00e4sidiums Freiburg, dass zwei Tage zuvor zwei Frauen an zwei nicht weit entfernten Orten (Hecklingen und Forchheim n\u00f6rdlich von Freiburg) \u00fcberfallen wurden. Im ersten Fall wurde eine kurz rastende L\u00e4uferin von hinten umklammert und zu Boden gedr\u00fcckt. Die Frau konnte sich nach einem Handgemenge befreien. Zweieinhalb Stunden sp\u00e4ter wurde eine andere Frau auf einem Waldweg zu Boden geworfen und versucht, sie zu entkleiden. Auch hier konnte sich das Opfer befreien. Beide Frauen wurden \u2013 \u00e4u\u00dferlich \u2013 nur leicht verletzt.<\/p>\n<p>In beiden F\u00e4llen war der \u201eTatverd\u00e4chtige ein Mann\u201c \u2013 nat\u00fcrlich die M\u00e4nner wieder. In beiden F\u00e4llen floh der \u201eMann mit einem dunklen Fahrrad\u201c. Verd\u00e4chtig ist der Polizei anscheinend, dass die Frauen nur die Farbe, aber nicht den Hersteller des Fahrrads angeben konnten. Vielleicht hat die Polizei Zweifel an den Vorf\u00e4llen, weil sie nicht von einem T\u00e4ter sprach, sondern von einem \u201eTatverd\u00e4chtigen\u201c. Vielleicht haben sich die Frauen das nur eingebildet? Kann ja sein, dass bei anziehenden Temperaturen ausziehende Halunzinationen aufkommen?<br \/>\nWarum konnten sich die beiden Frauen nur an das dunkle Fahrrad erinnern, aber nicht an den Typ des Rades und des Fahrers? Aber doch, ganz am Schluss des Einspalters erf\u00e4hrt der Leser, dass nicht nur das Fahrrad, sondern auch der \u201eMann\u201c dunkelh\u00e4utig war, der festgenommen wurde. Aber warum sucht die Polizei dennoch Zeugen, obwohl die T\u00e4terbeschreibung der gesch\u00e4digten Frauen unabh\u00e4ngig voneinander \u00fcbereinstimmend waren? Meint die Polizei, weil es in Afrika mehr Autos als Fahrr\u00e4der gibt, f\u00e4hrt ein Afrikaner nicht mit dem Fahrrad zur Tat?<\/p>\n<p>Vielleicht hatte der schwarze Mann jetzt ein wei\u00dfes Fahrrad und scheidet als T\u00e4ter aus? Oder k\u00f6nnte es sein, dass die Polizei zwar wei\u00df, dass auch schwarze M\u00e4nner mit schwarzen oder wei\u00dfen R\u00e4dern T\u00e4ter sein k\u00f6nnen? Aber die Bundesministerin Giffey hat doch behauptete, dass Sexualstraft\u00e4ter haupts\u00e4chlich Deutsche sind! Deshalb mein Rat an das Polizeipr\u00e4sidium, rufen Sie einfach bei der Frau Ministerin an, wer der T\u00e4ter gewesen sein k\u00f6nnte, \u201enicht verzagen, Giffey fragen\u201c.<br \/>\nZur Ehrenrettung (?) der s\u00fcdbadischen Presse: Es war nur die Badische Zeitung, die sich gewunden hat, \u201eRoss und Reiter\u201c zu nennen. Wo diese Regionalzeitung kein Monopol hat, war z.B. in der Lahrer Zeitung zu lesen, dass es sich bei dem \u201eTatverd\u00e4chtigen\u201c um einen <em><strong>Nigerianer<\/strong><\/em> handelt, der festgenommen wurde. Er legte jedenfalls an diesem Abend sein Haupt nicht auf einem Kissen in seinem Heimatland ab. Wohl auch nicht, wenn er vor Gericht gestellt werden sollte, und weil \u201enix passiert\u201c ist, wieder auf andere losgelassen wird.<br \/>\n20.5.2020, Albrecht K\u00fcnstle<\/p>\n<p>Sch\u00f6ner Artikel mit der n\u00f6tigen Prise Sarkasmus, ohne die der ganze Irrsinn der <a title=\"Political-Correctness\" href=\"https:\/\/www.freiburg-schwarzwald.de\/blog\/kultur\/medien\/political-correctness\/\">Political Correctness<\/a> und der 200-prozentigen Befolgung durch die regierungsh\u00f6rigen Merkel-Medien gar nicht mehr ertr\u00e4glich ist.<br \/>\n20.5.2020, D.D.<\/p>\n<p>.<a href=\"https:\/\/www.presseportal.de\/blaulicht\/pm\/110970\/4601169\">https:\/\/www.presseportal.de\/blaulicht\/pm\/110970\/4601169<\/a><\/p>\n<p>&nbsp;<\/p>\n<p><strong>Gruppenvergewaltigende M\u00e4nnerhorden &#8211; ist das Volksverhetzung?<\/strong><br \/>\n<em>Sie selber provozieren ebenfalls \u2013 zum Beispiel erst k\u00fcrzlich \u00fcber Twitter, wo Sie \u00fcber \u00abbarbarische, muslimische, gruppenvergewaltigende M\u00e4nnerhorden\u00bb sprachen.<br \/>\nIst das bewusste Provokation, um Aufmerksamkeit zu bekommen?<\/em><br \/>\nMir geht es darum, auf den Skandal aufmerksam zu machen, dass es inzwischen offenbar notwendig ist, gesonderte Schutzzonen f\u00fcr Frauen an Silvesterfeiern zu schaffen. K\u00f6ln sah aus wie eine Hochsicherheitszone. Die Bild spricht von \u00abSex-Mob-Attacken\u00bb und einem \u00abweiteren K\u00f6ln\u00bb, das durch 1330 Platzverweise an \u00abaggressive, provokante Migranten\u00bb verhindert worden ist. Ich weigere mich, das als Normalit\u00e4t in Deutschland zu akzeptieren. Es ist ein Fakt, dass die T\u00e4ter der \u00dcbergriffe in der \u00fcbergrossen Mehrheit muslimische M\u00e4nner sind. Wer \u00fcber die sexuelle Gewalt im \u00f6ffentlichen Raum spricht, kann \u00fcber die kulturellen Hintergr\u00fcnde nicht schweigen.<br \/>\n<em>Jetzt laufen mehrere Anzeigen wegen Volksverhetzung gegen Sie. Sind Sie zu weit gegangen?<\/em><br \/>\nDie Anzeigen sind grotesk. Es ist legitim und richtig, kriminelles und gewaltt\u00e4tiges Verhalten scharf zu kritisieren. Wenn Probleme nicht deutlich beim Namen genannt werden k\u00f6nnen, ist die Meinungsfreiheit in Gefahr. Wir k\u00f6nnen die Probleme nicht l\u00f6sen, wenn wir sie nicht offen ansprechen.<br \/>\n&#8230; Komplettes Interview mit Beatrix von Storch (AfD) zu Deutschland, Fl\u00fcchtlinge, Populismus und die Linken vom 4.1.2018 bitte lesen auf<br \/>\n<a href=\"https:\/\/bazonline.ch\/ausland\/europa\/es-ist-auf-jeden-fall-grosser-quatsch\/story\/29894093\">https:\/\/bazonline.ch\/ausland\/europa\/es-ist-auf-jeden-fall-grosser-quatsch\/story\/29894093<\/a><\/p>\n<p>&nbsp;<\/p>\n<p><strong>Vergewaltigung lieber verschweigen als Migranten diskriminieren<\/strong><br \/>\nEine Nachwuchspolitikerin, die eine Vergewaltigung durch M\u00e4nner vermutlich arabischer Herkunft erst verschwiegen hatte, spricht nun dar\u00fcber. Der Fall befeuert die Debatte \u00fcber Political Correctness. &#8230;.<br \/>\nDas Schweigen der Kasseler Sch\u00fclerinnen zu Missbrauch und verbaler Gewalt durch Migranten ist kein Einzelfall. Anfang des Jahres war bekannt geworden, dass Selin G\u00f6ren, Bundessprecherin der Linksjugend &#8222;Solid&#8220;, des Jugendverbandes der Partei Die Linke, von drei M\u00e4nnern mit vermutlich arabischem Hintergrund vergewaltigt wurde. Sie hatten der 24-J\u00e4hrigen nachts auf einem Spielplatz in Mannheim aufgelauert, sie gew\u00fcrgt und zu Oralsex gezwungen. &#8230;<br \/>\nAlles vom 3.7.2016 bitte lesen auf<br \/>\n<a href=\"https:\/\/www.welt.de\/vermischtes\/article156779199\/Lieber-schweigen-als-Migranten-in-Verruf-bringen.html\">https:\/\/www.welt.de\/vermischtes\/article156779199\/Lieber-schweigen-als-Migranten-in-Verruf-bringen.html<\/a><br \/>\n<strong>Sex\u00fcbertriffe in Schwimmb\u00e4dern durch Migranten<\/strong><br \/>\nIn einer internen Mail warnen D\u00fcsseldorfer Polizisten vor einem &#8222;enormen Anstieg&#8220; sexueller \u00dcbergriffe in Schwimmb\u00e4dern&#8230;. &#8222;Das KK12 stellt klar, dass die Sexualstraftaten einen enormen Anstieg verzeichnen. Insbesondere die Tatbest\u00e4nde Vergewaltigung und sexueller Missbrauch von Kindern in den Badeanstalten schlagen hier ins Gewicht.&#8220; Die T\u00e4ter seien &#8222;zum gr\u00f6\u00dften Teil Zuwanderer&#8220;. &#8230;. alles vom 4.7.2016 auf<br \/>\n<a href=\"https:\/\/www.welt.de\/vermischtes\/article156787210\/Enormer-Anstieg-sexueller-Uebergriffe-in-Duesseldorf.html\">https:\/\/www.welt.de\/vermischtes\/article156787210\/Enormer-Anstieg-sexueller-Uebergriffe-in-Duesseldorf.html<\/a><\/p>\n<p><strong>Ertrunkene Fl\u00fcchtlinge gravierender als Massenvergewaltigungen von M\u00e4dchen<\/strong><br \/>\nWas hat die nicht ausreichende Schwimmf\u00e4higkeit von Migranten mit dem in der Artikel\u00fcberschrift genannten Thema zu tun? Und f\u00fcr den deutschen B\u00e4derchef Berthold Schmidt ist das Problem im Freibad ertrinkender Migranten also &#8222;viel gr\u00f6\u00dfer&#8220; als das von Massenvergewaltigungen von Minderj\u00e4hrigen? Oder ist das eine Wertung, die der Autor des Artikels eingebaut hat. Falls nicht, dann hat der &#8222;B\u00e4derchef&#8220; eine Sicht der Dinge, die betroffene M\u00e4dchen und Eltern wohl eher nicht teilen. All die Relativierungen sind so schmerzhaft, dass man schreien m\u00f6chte. Wie lange wollen er und seinesgleichen die Wahrheit noch verkl\u00e4ren, die Fakten noch verkennen? Nein, nicht jeder Migrant vergewaltigt Kinder im Freibad. Aber offensichtlich &#8211; und das sagt in dieser Deutlichkeit das KK 12 &#8211; gibt es einen klaren Zusammenhang zwischen Zuwanderern im Freibad und der deutlichen Zunahme von Vergewaltigungen junger M\u00e4dchen. Punkt! Da gibt es nichts zu relativieren, da &#8222;einiges die Menschen verunsichern k\u00f6nnte&#8220;. Die Menschen w\u00e4ren deutlich weniger verunsichert, wenn nicht jede Selbstverst\u00e4ndlichkeit auf dem Altar der poltical correctness geopfert w\u00fcrde.<br \/>\nFredFrosch, WO<\/p>\n<p><strong>Bandenkriminalit\u00e4t von Migranten im Freibad &#8211; ALLE im Rudel bestrafen<\/strong><br \/>\nGegen Bandenkriminalit\u00e4t war Deutschland schon immer vergleichsweise wehrlos. Totales Versagen von Legislative, Judikative und Exekutive. Und die Medien relativieren oft immer noch mit dem p\u00e4dagogischem Zeigefinger. Auch wenn es nicht sch\u00f6n ist, weil die T\u00e4ter &#8222;ja eigentlich nichts daf\u00fcr k\u00f6nnen, dass sie solche Schweine sind&#8220;, jetzt muss man auch die Gesetze an die neue Situation anpassen und die Exekutive besser ausstatten. Sonst wird das nichts mehr mit der Integration. Wenn ich lese, dass die Polizei jetzt lediglich angewiesen wird Fragen nach Namen, Herkunft etc. zu stellen, dann wird mir Angst und Bange angesichts der Tatsache, das wir erst am Anfang stehen. Was soll erst sein, wenn die T\u00e4tergruppen hier l\u00e4nger leben und merken was f\u00fcr eine leichte Beute sie haben und wie wenig juristischer Verfolgung sie im Schutz bestimmter Zugeh\u00f6rigkeiten und Gruppen ausgesetzt sind? &#8230;.<br \/>\n&#8222;Die Aufkl\u00e4rung der Taten sei besonders schwierig, da sie &#8222;fast ausschlie\u00dflich von T\u00e4tergruppen begangen werden&#8220; Das wissen diese doch und deshalb treten sie in Rudeln auf. Ich w\u00fcrde daf\u00fcr pl\u00e4dieren, dass ALLE aus solch einem Pulk registriert und bestraft werden sollen. Mitgehangen, mitgefangen.<br \/>\nEllen , WO<\/p>\n<p><strong>Unsere sommerliche Badkultur (Freib\u00e4der und Seen, Liegewiesen, Schwimmbecken, Rutschen, Sport) dahin?<\/strong><br \/>\nEin Land, das jeden Verkehrsversto\u00df, jede Ordnungswidrigkeit ermitteln und bestrafen kann, will seine Kinder nicht mit gleicher Intensit\u00e4t sch\u00fctzen? Skandal\u00f6s. ..<br \/>\nDer deutsche B\u00e4derchef Berthold Schmitt: &#8211;Die &#8222;neuen B\u00fcrger&#8220;, wie wir sie nennen, haben vor allem drei Probleme: Sie sprechen kein Deutsch, haben keinerlei Kenntnisse einer deutschen oder europ\u00e4ischen Badekultur, und die wenigsten sind des Schwimmens m\u00e4chtig.&#8220; Die haben die oben genannten Probleme? Na mir fehlt einfach nur die Sprache. Die NEUEN B\u00dcRGER akzeptieren unsere Kultur nicht, dass hier in der westlichen Welt nicht einfach ein weibliches Wesen zur Befriedigung der gerade anfallenden sexuellen Gel\u00fcste genommen werden kann wie man es will.<br \/>\nKarl G.<\/p>\n<p><strong>Gewalt funktioniert &#8211; auch sexuelle<\/strong><br \/>\nWir verlieren Tag f\u00fcr Tag ein St\u00fcck unserer lieb gewordenen Freiheit und schauen nur zu, weil wir alles politisch korrekt machen m\u00fcssen. Im Leben der meisten Deutschen hat Gewalt keinen Platz. Kennen sie nicht. \u00dcben sie nicht aus. Haben sie keine Erfahrung damit. Sie haben Angst vor Gewalt &#8211; verst\u00e4ndlicherweise. Deshalb gehen sie ihr aus dem Weg. Ihnen wurde immer und immer wieder eingetrichtert, dass Gewalt keine L\u00f6sung ist &#8211; nie. Auch aus ihrer Geschichte heraus haben die Deutschen die Lehre gezogen, dass Gewalt auszu\u00fcben nie zum Guten, sondern immer zum Schlechten f\u00fchrt &#8211; mit dem wohlbekannten H\u00f6hepunkt vor 80 Jahren. Andere V\u00f6lker haben da einen anderen Blickwinkel.<br \/>\nEs gibt aber ein kleines, schmutziges Geheimnis: Gewalt funktioniert. F\u00fcr diejenigen, die das verstanden haben, sind die heutigen Deutschen die perfekten Opfer. Ich will das Land wieder zur\u00fcck, in dem es eine gute Sache war, dass die Deutschen von Gewalt keine Ahnung haben.<br \/>\nInterdit<\/p>\n<p><strong>Diese Kerle wurden hierher von Merkel eingeladen<br \/>\n<\/strong>&#8230; so erz\u00e4hlen sie es immer wieder. Sie kommen aus Kulturen die durch den Islam und dessen Frauenbild gepr\u00e4gt sind , das M\u00e4chen und Frauen nichts wert und dem Manne Untertan zu sein haben. Jetzt treffen sie hier auf leichtbekleidete weibliche Badeg\u00e4ste, in ihren Augen noch weniger wert , zudem auch noch Ungl\u00e4ubige nach ihrer Erziehung. Deswegen haben die wenigsten das Gef\u00fchl etwas verbotenes zu tun wenn sie \u00fcber sie herfallen. Unsere Politik und Justiz best\u00e4rkt sie noch in diesem Glauben durch wegschauen , kleinreden und verschweigen &#8230;..<br \/>\nEs ist wirklich unglaublich, welches seelische und k\u00f6rperliche Leid \u00fcber unschuldige Kinder gebracht wird, nur weil sich die Political Correctness Fraktion nicht eingestehen will dass hier wohl weitaus massivere Massnahmen zur Verhunderung ubd Abschreckung notwendig sind&#8230;..<br \/>\nDass bei diesen testosteron-gesteuerten M\u00e4nnern aus frauenfeindlichen Kulturen auch Kinder keine Schonzeit haben, dass hat doch schon Mohammed gezeigt, als er u.a. ein sechsj\u00e4hriges M\u00e4dchen namens Aisha heiratete, mit der er die Ehe &#8218;vollzogen&#8216; hat, als sie neun Jahre alt war. Was das f\u00fcr dieses kleine M\u00e4dchen mit einem noch kindlich-unterentwickelten K\u00f6rper bedeutet hat, das wage ich mir gar nicht vorzustellen. Und Kinder sind leichte Opfer f\u00fcr diese Sexualt\u00e4ter. Sexualstraftaten haben in Deutschland eine v\u00f6llig neue Dimension angenommen. \u00dcberrascht davon zeigen sich aber nur Politik und Medien. geopfert werde die M\u00e4dchen &#8230;<br \/>\n4.7.2016, Gast, WO<\/p>\n","protected":false},"excerpt":{"rendered":"<p>Home &gt;Global\u00a0&gt;Integration &gt;Fluechtlinge &gt;Fluechtlinge-Sex Listenauswahl eines Beitrags: Bitte anklicken oder runterscrollen Vergewaltigungen: Sind es australische Studenten \u2013 oder doch Asylmigranten?\u00a0(4.2.2025) La femme n\u2019est plus respect\u00e9e\u00a0(17.8.2023) Gewalt gegen Frauen nimmt zu\u00a0(15.8.2020) Sexversuch mit dunkelh\u00e4utigem Fahrrad &#8211; Polizei sucht Zeugen (20.5.2020) Nach &hellip; <a href=\"https:\/\/www.freiburg-schwarzwald.de\/blog\/global\/integration\/fluechtlinge-sex\/\">Weiterlesen <span class=\"meta-nav\">&rarr;<\/span><\/a><\/p>\n","protected":false},"author":2,"featured_media":0,"parent":1875,"menu_order":0,"comment_status":"open","ping_status":"closed","template":"","meta":{"footnotes":""},"class_list":["post-61483","page","type-page","status-publish","hentry"],"_links":{"self":[{"href":"https:\/\/www.freiburg-schwarzwald.de\/blog\/wp-json\/wp\/v2\/pages\/61483","targetHints":{"allow":["GET"]}}],"collection":[{"href":"https:\/\/www.freiburg-schwarzwald.de\/blog\/wp-json\/wp\/v2\/pages"}],"about":[{"href":"https:\/\/www.freiburg-schwarzwald.de\/blog\/wp-json\/wp\/v2\/types\/page"}],"author":[{"embeddable":true,"href":"https:\/\/www.freiburg-schwarzwald.de\/blog\/wp-json\/wp\/v2\/users\/2"}],"replies":[{"embeddable":true,"href":"https:\/\/www.freiburg-schwarzwald.de\/blog\/wp-json\/wp\/v2\/comments?post=61483"}],"version-history":[{"count":2,"href":"https:\/\/www.freiburg-schwarzwald.de\/blog\/wp-json\/wp\/v2\/pages\/61483\/revisions"}],"predecessor-version":[{"id":130704,"href":"https:\/\/www.freiburg-schwarzwald.de\/blog\/wp-json\/wp\/v2\/pages\/61483\/revisions\/130704"}],"up":[{"embeddable":true,"href":"https:\/\/www.freiburg-schwarzwald.de\/blog\/wp-json\/wp\/v2\/pages\/1875"}],"wp:attachment":[{"href":"https:\/\/www.freiburg-schwarzwald.de\/blog\/wp-json\/wp\/v2\/media?parent=61483"}],"curies":[{"name":"wp","href":"https:\/\/api.w.org\/{rel}","templated":true}]}}