{"id":61210,"date":"2016-06-17T11:15:53","date_gmt":"2016-06-17T09:15:53","guid":{"rendered":"https:\/\/www.freiburg-schwarzwald.de\/blog\/?page_id=61210"},"modified":"2023-01-09T15:35:45","modified_gmt":"2023-01-09T14:35:45","slug":"buschkowsky","status":"publish","type":"page","link":"https:\/\/www.freiburg-schwarzwald.de\/blog\/global\/integration\/parallelgesellschaft\/buschkowsky\/","title":{"rendered":"Buschkowsky"},"content":{"rendered":"<p><a href=\"https:\/\/www.freiburg-schwarzwald.de\/blog\">Home<\/a> &gt;<a title=\"Global\" href=\"https:\/\/www.freiburg-schwarzwald.de\/blog\/global\/\">Global<\/a>\u00a0&gt;<a title=\"Integration\" href=\"https:\/\/www.freiburg-schwarzwald.de\/blog\/global\/integration\/\">Integration<\/a> &gt;<a title=\"Parallelgesellschaft\" href=\"https:\/\/www.freiburg-schwarzwald.de\/blog\/global\/integration\/parallelgesellschaft\/\">Parallelgesellschaft<\/a> &gt;Buschowsky<\/p>\n<div id=\"attachment_61218\" style=\"width: 650px\" class=\"wp-caption alignnone\"><a href=\"https:\/\/www.freiburg-schwarzwald.de\/blog\/global\/integration\/parallelgesellschaft\/buschkowsky\/riviera1angler-pan160614\/\" rel=\"attachment wp-att-61218\"><img loading=\"lazy\" decoding=\"async\" aria-describedby=\"caption-attachment-61218\" class=\"size-full wp-image-61218\" src=\"https:\/\/www.freiburg-schwarzwald.de\/blog\/wp-content\/uploads\/2016\/06\/riviera1angler-pan160614.jpg\" alt=\"Angler auf dem Feld an der Riviera bei Moneglia\/Ligurien am14.6.2016\" width=\"640\" height=\"300\" srcset=\"https:\/\/www.freiburg-schwarzwald.de\/blog\/wp-content\/uploads\/2016\/06\/riviera1angler-pan160614.jpg 640w, https:\/\/www.freiburg-schwarzwald.de\/blog\/wp-content\/uploads\/2016\/06\/riviera1angler-pan160614-180x84.jpg 180w\" sizes=\"auto, (max-width: 640px) 100vw, 640px\" \/><\/a><p id=\"caption-attachment-61218\" class=\"wp-caption-text\">Angler auf dem Feld an der Riviera bei Moneglia\/Ligurien am 14.6.2016<\/p><\/div>\n<p>&nbsp;<\/p>\n<ul>\n<li><a href=\"https:\/\/www.freiburg-schwarzwald.de\/blog\/gewaltmonopol-und-integration\/\">Gewaltmonopol und Integration<\/a>\u00a0(9.1.2023)<\/li>\n<li><a title=\"Partyszene randaliert in S und F\" href=\"https:\/\/www.freiburg-schwarzwald.de\/blog\/partyszene-randaliert-in-s-und-f\/\">Partyszene randaliert in S und F<\/a>\u00a0(21.7.2020)<\/li>\n<li>Wedding: Solche T\u00fcrken und Araber verachten den deutschen Staat (15.8.2016)<\/li>\n<li>Trevor Philips &#8211; der britische Buschkowsky &#8211; fordert robuste Integration (16.6.2016)<\/li>\n<li><a href=\"https:\/\/www.freiburg-schwarzwald.de\/blog\/buschkowsky-adieu-neukoelln\/\">https:\/\/www.freiburg-schwarzwald.de\/blog\/buschkowsky-adieu-neukoelln\/<\/a> (2.3.2015)<\/li>\n<li><a href=\"https:\/\/www.freiburg-schwarzwald.de\/blog\/neukoelln-ist-ueberall-buch-zur-integrationspolitik\/\">https:\/\/www.freiburg-schwarzwald.de\/blog\/neukoelln-ist-ueberall-buch-zur-integrationspolitik\/<\/a>\u00a0(24.9.2012)<\/li>\n<li><\/li>\n<li><a title=\"Ghetto\" href=\"https:\/\/www.freiburg-schwarzwald.de\/blog\/global\/integration\/ghetto\/\">Ghetto<\/a><\/li>\n<li><a title=\"Grossbritannien\" href=\"https:\/\/www.freiburg-schwarzwald.de\/blog\/global\/grossbritannien\/\">Grossbritannien<\/a><\/li>\n<li><a title=\"Islam\" href=\"https:\/\/www.freiburg-schwarzwald.de\/blog\/religion\/islam\/\">Islam<\/a><\/li>\n<li><a title=\"Niklas2016Jugendterror\" href=\"https:\/\/www.freiburg-schwarzwald.de\/blog\/selbsthilfe\/krise\/gewalt\/niklas2016jugendterror\/\">Niklas2016Jugendterror<\/a><\/li>\n<li><a title=\"Schulen-deutsch\" href=\"https:\/\/www.freiburg-schwarzwald.de\/blog\/bildung\/schulen\/schulen-deutsch\/\">Schulen-deutsch<\/a><\/li>\n<li><a title=\"Strassenschlacht\" href=\"https:\/\/www.freiburg-schwarzwald.de\/blog\/selbsthilfe\/krise\/gewalt\/strassenschlacht\/\">Strassenschlacht<\/a><\/li>\n<\/ul>\n<p>&nbsp;<\/p>\n<p>&nbsp;<\/p>\n<p><strong>Wedding: Solche T\u00fcrken und Araber verachten den deutschen Staat<\/strong><br \/>\nNach dem Vorfall in Berlin-Wedding um einen elfj\u00e4hrigen Straft\u00e4ter verlangt Heinz Buschkowsky ein hartes Durchgreifen. Arabische und t\u00fcrkische Migranten w\u00fcrden glauben, au\u00dferhalb des Rechts zu sein.<br \/>\nWir erleben immer wieder, dass in bestimmten Stadtteilen die staatliche Autorit\u00e4t nicht anerkannt wird. Das gibt es auch in anderen St\u00e4dten wie Bremerhaven, Duisburg oder Essen. Es sind Gebiete mit hohen arabischen und t\u00fcrkischen Bev\u00f6lkerungsanteilen. &#8230; Die Gruppe von Migranten, \u00fcber die wir reden, verachtet den deutschen Staat. Sie ist schlicht der Meinung, dass ihre Wohngegend auch ihr Herrschaftsgebiet ist. Sie macht das durch Beschimpfungen wie &#8222;schei\u00df deutsche Polizei, schei\u00df Deutsche, schei\u00df Christen&#8220; deutlich. Gerade junge M\u00e4nner haben nicht die geringsten Hemmungen, Polizeibeamte zu bespucken oder zu verpr\u00fcgeln, wenn es um &#8222;ihre&#8220; Stra\u00dfe geht. Einen Platzverweis befolgt man nicht, sondern quittiert ihn mit einem Faustschlag. Versuche, Streifenwagen umzukippen oder die Dienstwaffe zu entwenden, alles ist drin, das volle Programm. &#8230;. Der Staat, also Polizei und Justiz, muss Flagge zeigen und sich konsequent durchsetzen. &#8230; Gerichte und Strafen stehen immer am Ende. Gewalt und Gewaltbereitschaft beginnen schon in der Familie, in der Kita und in der Schule. Schauen wir uns doch die Liste der Intensivt\u00e4ter und der sogenannten &#8222;polizeibekannten Personen&#8220; an. Hier sind bestimmte Bev\u00f6lkerungsgruppen aus dem Migrationsbereich deutlich \u00fcberrepr\u00e4sentiert. Da m\u00fcssen wir ansetzen. Schon Kinder m\u00fcssen lernen, dass nicht der Recht hat, der am h\u00e4rtesten und schnellsten zuschl\u00e4gt, sondern der, der schneller denkt. In Berlin gibt es etwa 7000 Straft\u00e4ter zwischen 8 und 14 Jahren. Der gro\u00dfe Bruder darf als Gewaltt\u00e4ter kein Vorbild sein, sondern muss im Knast Zeit haben, \u00fcber seine Taten und deren eventuelle Folgen f\u00fcr die Opfer nachzudenken. Polizisten sind unserer aller Schutzinstitution. Der Angriff auf sie gilt auch Ihnen und mir. Deswegen m\u00fcssen auch Sie und ich uns wehren.<br \/>\n&#8230; Alles von Heinz Buschkowsky vom 15.8.2016 bitte lesen auf<br \/>\n<a href=\"https:\/\/www.welt.de\/politik\/deutschland\/article157666053\/Solche-Tuerken-und-Araber-verachten-den-deutschen-Staat.html\">https:\/\/www.welt.de\/politik\/deutschland\/article157666053\/Solche-Tuerken-und-Araber-verachten-den-deutschen-Staat.html<\/a><\/p>\n<p><strong>Alle reden nur \u00fcber diese Mordversuche an Polizisten<\/strong><br \/>\nBuschkowsky hat ja mal wieder so Recht und Henkel ist zweifelsohne einer der faulsten und unf\u00e4higsten Innensenatoren, die diese Stadt je hatte. Aber so etwas passiert nicht nur in Berlin und die Verantwortlichen werden sich nicht nach Buschkowsky richten. Es wird mit ihm dasselbe wie mit Bosbach passieren: Man l\u00e4sst ihn reden, ignoriert ihn aber kalt l\u00e4chelnd. H\u00f6chste Zeit, dass diese satten und selbstgef\u00e4lligen Politiker einen entsprechenden Denkzettel bekommen &#8211; nicht nur in Berlin. &#8230;<br \/>\nWeite Teile der Politik verurteilten den Vorfall und beklagten schwindenden Respekt vor der Polizei. Aber gerade die Politiker sind doch daf\u00fcr verantwortlich. Unsere Polizei ist das Feindbild vieler Politiker wie zum Beispiel Frau K\u00fcnast. Linksextremistendie regelm\u00e4ssig zu Strassenschlachten aufrufen. Im Grunde sind das Mordversuche an unseren Polizisten!<br \/>\nHertha S., 15.8.2016, WO<\/p>\n<p>&nbsp;<\/p>\n<p><strong>Trevor Philips &#8211; der britische Buschkowsky &#8211; fordert robuste Integration<\/strong><br \/>\n<em>Wie der Neuk\u00f6llner Ex-B\u00fcrgermeister Heinz Buschkowsky, der f\u00fcr integrationsunwillige Muslime in seinem Berliner Kiez wenig Sympathie zeigte, r\u00fcttelt Philipps seit Jahrzehnten am Toleranzdogma der selbstzufriedenen britischen Linken und fordert eine &#8222;robuste Integration&#8220;.<\/em><\/p>\n<p>Philips-Statements f\u00fcr \u00a0<a title=\"Grossbritannien\" href=\"https:\/\/www.freiburg-schwarzwald.de\/blog\/global\/grossbritannien\/\">GBR<\/a>, die auch f\u00fcr D gelten:<br \/>\n&#8222;Manche Leute missbrauchen diesen Begriff Multikulti, um jede noch so inakzeptable kulturelle Verhaltensweise zu rechtfertigen. Nehmen wir die Scharia-Gerichte: Ich denke nicht, dass in der europ\u00e4ischen Gesellschaft, in der M\u00e4nner und Frauen gleich sind, eine Institution etwas zu suchen hat, die dem Zeugnis einer Frau weniger Gewicht gibt als dem eines Mannes.&#8220;<br \/>\n&#8222;In Gro\u00dfbritannien darf keine Schule mehr als 50 Prozent einer ethnischen Minderheit haben. Kommt eine Schule \u00fcber diese Quote, m\u00fcssen Erstkl\u00e4ssler anderswo eingeschult werden.&#8220;<br \/>\n.<br \/>\nMedien d\u00fcrfen nicht zur Entfremdung beitragen: &#8222;Die BBC-Hauptnachrichten sehen nur 16 Prozent der ethnischen Minderheiten. Sie schauen lieber afrikanische Sender oder al-Dschasira. Die Regierung sollte von den Sendern verlangen, dass sie wenigstens einen Teil auf Englisch senden. Medien d\u00fcrfen nicht noch zur Entfremdung beitragen.&#8220;<br \/>\nDie Forderung nach Assimilierung sei aber der falsche Weg. &#8222;Das hat noch nie funktioniert, erst recht nicht in der modernen Welt, in der zehn Prozent der Pakistaner jedes Jahr in die Heimat fliegen, nonstop per Internet mit dem Herkunftsland verbunden sind und mitten in Gro\u00dfbritannien wie in ihrem Heimatdorf leben, einschlie\u00dflich der hergebrachten Ehefrau.&#8220;<br \/>\n.<br \/>\n&#8222;Wir Schlafwandeln der Katastrophe entgegen&#8220; &#8211; &#8222;Die Integration der Muslime wird wahrscheinlich die h\u00e4rteste Aufgabe, die wir je vor uns hatten.&#8220;<br \/>\n&#8230;.<br \/>\nKomplettes Interview mit Trevor Philips, ehemaliger Vorsitzende der staatlichen Kommission f\u00fcr Gleichberechtigung und Menschenrechte, vom 16.6.2016 bitte lesen auf<br \/>\n<a href=\"https:\/\/www.welt.de\/politik\/ausland\/article156273610\/Der-britische-Buschkowsky-hat-Migrationshintergrund.html\">https:\/\/www.welt.de\/politik\/ausland\/article156273610\/Der-britische-Buschkowsky-hat-Migrationshintergrund.html<\/a><\/p>\n<p><strong>So denken Muslime in Gro\u00dfbritannien wirklich<\/strong><br \/>\nForscher befragten Muslime in Gro\u00dfbritannien \u00fcber ihre Ansichten zu Frauen, Homosexualit\u00e4t, der Scharia. Die Ergebnisse sind beunruhigend. Nun wird gestritten, ob die Integration funktionieren kann. &#8230;.<br \/>\nSo meinen 39 Prozent der Befragten, dass &#8222;die Ehefrau dem Mann immer zu gehorchen habe&#8220;. 31 Prozent halten Polygamie f\u00fcr akzeptabel. 23 Prozent sind der \u00dcberzeugung, dass nach der Scharia gelebt werden solle und und nicht britische Gesetze den Handlungsrahmen vorgeben sollten. 18 Prozent meinen, dass Homosexualit\u00e4t legal sein soll \u2013 52 Prozent sind dagegen. 35 Prozent denken, dass Juden zu viel Macht im Land haben. F\u00fcnf Prozent halten Steinigung als Bestrafung f\u00fcr Ehebruch f\u00fcr legitim. &#8230;. Alles vom 14.4.2016 auf<br \/>\n<a href=\"https:\/\/www.welt.de\/vermischtes\/article154359076\/So-denken-Muslime-in-Grossbritannien-wirklich.html\">https:\/\/www.welt.de\/vermischtes\/article154359076\/So-denken-Muslime-in-Grossbritannien-wirklich.html<\/a><br \/>\n.<br \/>\n<strong>Hassprediger in Moscheen D\u00e4nemark<\/strong><br \/>\nIn D\u00e4nemark hat es zuletzt Besuche mit versteckter Kamera in Moscheen gegeben, weil man so mehr \u00fcber den Stand der Integration und die gepredigten Inhalte herausfinden wollte. Es stellte sich heraus, dass in jeder, absolut jeder besuchten Einrichtung offen radikalislamisches Gedankengut gepredigt wurde, auch in solchen, die \u00f6ffentlich auf gut integriert und tolarant gemacht haben und von ganz normalen Gl\u00e4ubigen besucht wurden. Die gepredigten Inhalte unterschieden sich teilweise nicht von dem, was die Taliban oder der IS propagieren, also Aufruf zur Ermordung aller Andersgl\u00e4ubigen und zur Macht\u00fcbernahme im Westen. In den anschlie\u00dfenden Nachfragen wurden die unbestreitbaren und auf Video aufgenommenen Beweise dann einfach geleugnet und bestritten und so weitergemacht wie bisher, weil die ja auch wissen, dass ihnen in Europa nichts passiert egal was sie sich erlauben. In D\u00e4nemark ist seitdem eine ernsthafte Diskussion um die Einschr\u00e4nkung der Religionsfreiheit in Gang gekommen und es wird sogar \u00fcber eine Verfassungs\u00e4nderung nachgedacht, die den Einfluss von Religionen auf die s\u00e4kulare Gesellschaft zur\u00fcckdr\u00e4ngen soll. Das w\u00e4re sicherlich keine falsche Entscheidung in einer Zeit, in der religi\u00f6se Fanatiker die s\u00e4kulare und freie Gesellschaft immer h\u00e4ufiger attackieren.<br \/>\n14.4.2016, Toni<\/p>\n","protected":false},"excerpt":{"rendered":"<p>Home &gt;Global\u00a0&gt;Integration &gt;Parallelgesellschaft &gt;Buschowsky &nbsp; Gewaltmonopol und Integration\u00a0(9.1.2023) Partyszene randaliert in S und F\u00a0(21.7.2020) Wedding: Solche T\u00fcrken und Araber verachten den deutschen Staat (15.8.2016) Trevor Philips &#8211; der britische Buschkowsky &#8211; fordert robuste Integration (16.6.2016) https:\/\/www.freiburg-schwarzwald.de\/blog\/buschkowsky-adieu-neukoelln\/ (2.3.2015) https:\/\/www.freiburg-schwarzwald.de\/blog\/neukoelln-ist-ueberall-buch-zur-integrationspolitik\/\u00a0(24.9.2012) Ghetto Grossbritannien &hellip; <a href=\"https:\/\/www.freiburg-schwarzwald.de\/blog\/global\/integration\/parallelgesellschaft\/buschkowsky\/\">Weiterlesen <span class=\"meta-nav\">&rarr;<\/span><\/a><\/p>\n","protected":false},"author":2,"featured_media":0,"parent":28218,"menu_order":0,"comment_status":"open","ping_status":"closed","template":"","meta":{"footnotes":""},"class_list":["post-61210","page","type-page","status-publish","hentry"],"_links":{"self":[{"href":"https:\/\/www.freiburg-schwarzwald.de\/blog\/wp-json\/wp\/v2\/pages\/61210","targetHints":{"allow":["GET"]}}],"collection":[{"href":"https:\/\/www.freiburg-schwarzwald.de\/blog\/wp-json\/wp\/v2\/pages"}],"about":[{"href":"https:\/\/www.freiburg-schwarzwald.de\/blog\/wp-json\/wp\/v2\/types\/page"}],"author":[{"embeddable":true,"href":"https:\/\/www.freiburg-schwarzwald.de\/blog\/wp-json\/wp\/v2\/users\/2"}],"replies":[{"embeddable":true,"href":"https:\/\/www.freiburg-schwarzwald.de\/blog\/wp-json\/wp\/v2\/comments?post=61210"}],"version-history":[{"count":2,"href":"https:\/\/www.freiburg-schwarzwald.de\/blog\/wp-json\/wp\/v2\/pages\/61210\/revisions"}],"predecessor-version":[{"id":108270,"href":"https:\/\/www.freiburg-schwarzwald.de\/blog\/wp-json\/wp\/v2\/pages\/61210\/revisions\/108270"}],"up":[{"embeddable":true,"href":"https:\/\/www.freiburg-schwarzwald.de\/blog\/wp-json\/wp\/v2\/pages\/28218"}],"wp:attachment":[{"href":"https:\/\/www.freiburg-schwarzwald.de\/blog\/wp-json\/wp\/v2\/media?parent=61210"}],"curies":[{"name":"wp","href":"https:\/\/api.w.org\/{rel}","templated":true}]}}