{"id":61010,"date":"2016-05-30T19:01:05","date_gmt":"2016-05-30T17:01:05","guid":{"rendered":"https:\/\/www.freiburg-schwarzwald.de\/blog\/?page_id=61010"},"modified":"2026-07-29T13:30:52","modified_gmt":"2026-07-29T11:30:52","slug":"christenverfolgung","status":"publish","type":"page","link":"https:\/\/www.freiburg-schwarzwald.de\/blog\/religion\/christen\/christenverfolgung\/","title":{"rendered":"Christenverfolgung"},"content":{"rendered":"<p>Home &gt;<a title=\"Religion\" href=\"https:\/\/www.freiburg-schwarzwald.de\/blog\/religion\/\">Religion<\/a> &gt;<a title=\"Katholisch\" href=\"https:\/\/www.freiburg-schwarzwald.de\/blog\/religion\/katholisch\/\">Katholisch<\/a> &gt;<a title=\"Christen\" href=\"https:\/\/www.freiburg-schwarzwald.de\/blog\/religion\/christen\/\">Christen<\/a> &gt;Christenverfolgung<\/p>\n<div id=\"attachment_60977\" style=\"width: 648px\" class=\"wp-caption alignnone\"><a href=\"https:\/\/www.freiburg-schwarzwald.de\/blog\/global\/algerien\/baumast-pan160521\/\" rel=\"attachment wp-att-60977\"><img loading=\"lazy\" decoding=\"async\" aria-describedby=\"caption-attachment-60977\" class=\"size-full wp-image-60977\" src=\"https:\/\/www.freiburg-schwarzwald.de\/blog\/wp-content\/uploads\/2016\/05\/baumast-pan160521.jpg\" alt=\"Abges\u00e4gte Baum\u00e4ste im Mai 2016\" width=\"638\" height=\"240\" srcset=\"https:\/\/www.freiburg-schwarzwald.de\/blog\/wp-content\/uploads\/2016\/05\/baumast-pan160521.jpg 638w, https:\/\/www.freiburg-schwarzwald.de\/blog\/wp-content\/uploads\/2016\/05\/baumast-pan160521-180x67.jpg 180w\" sizes=\"auto, (max-width: 638px) 100vw, 638px\" \/><\/a><p id=\"caption-attachment-60977\" class=\"wp-caption-text\">Abges\u00e4gte Baum\u00e4ste im Mai 2016<\/p><\/div>\n<p>&nbsp;<\/p>\n<ul>\n<li><em>Listenauswahl eines Beitrags (Artikel\/Datum, Seite\/Inhalt):\u00a0<span style=\"text-decoration: underline;\">Klicken<\/span> oder scrollen<\/em><\/li>\n<li>\u00c4gypten: Koptischer Christ Verurteilt f\u00fcr ein YouTube-Video (9.7.2026)<\/li>\n<li><a href=\"https:\/\/www.freiburg-schwarzwald.de\/blog\/engagement\/zukunft\/demokratie\/islamogauchisme\/\">Gefahr von islamischer und linker Seite \u2013 IslamoGauchisme<\/a>\u00a0(16,5,2926)<\/li>\n<li><a href=\"https:\/\/www.freiburg-schwarzwald.de\/blog\/religionskriege-afrika-asien-iran\/\">Religionskriege Afrika Asien Iran<\/a>\u00a0(15.4.2026)<\/li>\n<li><a href=\"https:\/\/www.freiburg-schwarzwald.de\/blog\/notre-dame-will-not-be-silent\/\">Notre Dame \u201ewill not be silent\u201c<\/a>\u00a0(5.3.2026)<\/li>\n<li><a href=\"https:\/\/www.freiburg-schwarzwald.de\/blog\/selbsthilfe\/jugend\/sternsinger\/\">Sternsingeraktion 2026 f\u00fcr Bangladesch mit nur noch 0,05 % Christen<\/a> (22.1.2026)<\/li>\n<li><a href=\"https:\/\/www.freiburg-schwarzwald.de\/blog\/christenfeindlichkeit-das-tabu\/\">Christenfeindlichkeit \u2013 das\u00a0Tabu<\/a>\u00a0(14.12.2025)<\/li>\n<li><a href=\"https:\/\/www.freiburg-schwarzwald.de\/blog\/religion\/christen\/christenfeindlichkeit\/\">Christenverfolgung heute: Pater Karl Wallner im Gespr\u00e4ch mit ADF International<\/a> (12.12.2025)<\/li>\n<li><a href=\"https:\/\/www.freiburg-schwarzwald.de\/blog\/global\/afrika\/nigeria\/\">Christenverfolgung Nigeria: Das Schweigen der C-Parteien<\/a> (10.12.2025)<\/li>\n<li><a href=\"https:\/\/www.freiburg-schwarzwald.de\/blog\/religion\/christen\/christenfeindlichkeit\/\">Christenverfolgung: Auch in Deutschland immer mehr Brandanschl\u00e4ge<\/a> (17.11.2025)<\/li>\n<li><a href=\"https:\/\/www.freiburg-schwarzwald.de\/blog\/selbsthilfe\/frauen\/gender\/lgbtq\/\">Finnische Christdemokratin P\u00e4ivi R\u00e4s\u00e4nen: Verfolgt wegen LGBT-Kritik<\/a> (17.11.2025)<\/li>\n<li><a href=\"https:\/\/www.freiburg-schwarzwald.de\/blog\/religion\/kirchen\/kirchenschaendung\/\">Kirchensch\u00e4ndung Homberg-Dannenrod: \u201eHe [Jesus] is a Pal\u00e4stin\u00e4nser\u201c<\/a> (16.11.2025)<\/li>\n<li>Zerst\u00f6rung christlicher Kirchen in Frankreich, Deutschland Gro\u00dfbritannien (16.11.2025)<\/li>\n<li>Kirche in Not: Wieso nimmt Christenverfolgung zu? (15.11.2025)<\/li>\n<li><a href=\"https:\/\/www.freiburg-schwarzwald.de\/blog\/kultur\/medien\/hass\/\">OSZE: Zahl der Hassverbrechen gegen Juden, Muslime und Christen in Europa steigt<\/a> (15.11.2025)<\/li>\n<li><a href=\"https:\/\/www.freiburg-schwarzwald.de\/blog\/global\/afrika\/nigeria\/\">Leos Vatikan: Islamappeasement und Verrat an den Christen Nigerias<\/a> (22.10.2025)<\/li>\n<li><a href=\"https:\/\/www.freiburg-schwarzwald.de\/blog\/kirk-nachrufe-diskussion-gebet\/\">Kirk Nachrufe: Diskussion Gebet<\/a>\u00a0(14.9.2025)<\/li>\n<li><a href=\"https:\/\/www.freiburg-schwarzwald.de\/blog\/kirchen-vandalismus\/\">Kirchen-Vandalismus<\/a>\u00a0(24.8.2025)<\/li>\n<li><a href=\"https:\/\/www.freiburg-schwarzwald.de\/blog\/religion\/religionskrieg\/\">9 Jahre nach seinem M\u00e4rtyrertod: Es wirkt fast so, als habe Abb\u00e9 Hamel niemals gelebt<\/a> (26.7.2025)<\/li>\n<li><a href=\"https:\/\/www.freiburg-schwarzwald.de\/blog\/christen-veraengstigt-wehrlos\/\">Christen: ver\u00e4ngstigt, wehrlos<\/a>\u00a0(17.7.2025)<\/li>\n<li><a href=\"https:\/\/www.freiburg-schwarzwald.de\/blog\/global\/syrien\/\">Syrien: Islamisten l\u00f6sen 2024 Baath-Partei ab \u2013 zum Nachteil f\u00fcr die Christen<\/a>\u00a0(6.7.2024)<\/li>\n<li>Weltverfolgungsindex 2024\/25: 380 Millionen Christen verfolgt (15.6.2025)<\/li>\n<li>Globaler S\u00fcden: Missio warnt vor wachsender Christenverfolgung (15.6.2025)<\/li>\n<li>CRISIS \u2013 Journal f\u00fcr christliche Kultur: Christenverfolgung Heft 11 (20.5.2025)<\/li>\n<li><a href=\"https:\/\/www.freiburg-schwarzwald.de\/blog\/berlin-contra-kind-jude-christ\/\">Berlin contra Kind, Jude, Christ<\/a>\u00a0(23.5.2025)<\/li>\n<li><a href=\"https:\/\/www.freiburg-schwarzwald.de\/blog\/junge-christen-als-minderheit\/\">Junge Christen als Minderheit<\/a>\u00a0(24.4.2025)<\/li>\n<li><a href=\"https:\/\/www.freiburg-schwarzwald.de\/blog\/magdeburg-weihnachtsmarkt\/\">Magdeburg Weihnachtsmarkt<\/a>\u00a0(22.12.2024)<\/li>\n<li><a href=\"https:\/\/www.freiburg-schwarzwald.de\/blog\/religion\/kirchen\/weihnachten\/krippen\/\">Anti-christliche Gewalt in Deutschland nimmt zu: Brandstiftung, Exkremente und gek\u00f6pfte Krippenspielfiguren<\/a>\u00a0(16.12.2024)<\/li>\n<li><a href=\"https:\/\/www.freiburg-schwarzwald.de\/blog\/global\/france\/notre-dame15-04-2019\/\">Notre-Dame wiederer\u00f6ffnet<\/a>\u00a0(9.12.2024)<\/li>\n<li><a href=\"https:\/\/www.freiburg-schwarzwald.de\/blog\/eu-demokratie-christentum\/\">EU \u2013 Demokratie \u2013 Christentum<\/a> (21.11.2024)<\/li>\n<li><a href=\"https:\/\/www.freiburg-schwarzwald.de\/blog\/einsiedeln-madonna-anschlag\/\">Einsiedeln: Madonna Anschlag<\/a>\u00a0(19.11.2024)<\/li>\n<li>Ruanda: 6.000 Kirchen innerhalb weniger Wochen geschlossen (27.9.2024)<\/li>\n<li><a href=\"https:\/\/www.freiburg-schwarzwald.de\/blog\/kiew-verbietet-orthodoxe-kirche\/\">Kiew verbietet orthodoxe Kirche<\/a>\u00a0(21.8.202)<\/li>\n<li><a href=\"https:\/\/www.freiburg-schwarzwald.de\/blog\/religion\/christen\/christentum\/\">750. Todestag \u2013 Thomas von Aquin: F\u00fcr Faeser ein Hassredner, f\u00fcr uns ein Warner vor dem Islam<\/a> (7.3.2024)<\/li>\n<li><a href=\"https:\/\/www.freiburg-schwarzwald.de\/blog\/christenverfolgung-no-interest\/\">Christenverfolgung: No interest<\/a>\u00a0(3.1.2023)<\/li>\n<li><a href=\"https:\/\/www.freiburg-schwarzwald.de\/blog\/weihnachtskrippen-zerstoeren\/\">Weihnachtskrippen zerst\u00f6ren<\/a>\u00a0(21.12.2023)<\/li>\n<li><a href=\"https:\/\/www.freiburg-schwarzwald.de\/blog\/religion\/religionsfreiheit\/\">Der Bericht zur Religionsfreiheit ist ein ideologisches Manifest<\/a> (27.11.2023)<\/li>\n<li>Die woke Opferpyramide \u2013 Wie Christenverfolgung wegretuschiert wird (22.11.2023)<\/li>\n<li><a href=\"https:\/\/www.freiburg-schwarzwald.de\/blog\/kultur\/aufklaerung\/genozid\/\">Armenier aus Berg-Karabach vertrieben \u2013 V\u00f6lkermord<\/a> (22.11.2023)<\/li>\n<li>Weltweite Christenverfolgung &#8211; Das Schweigen brechen (26.1.2023)<\/li>\n<li>Einf\u00fchrung eines &#8222;Internationalen Tages gegen die Christenverfolgung&#8220; (25.1.20<\/li>\n<li>Advent, Advent, &#8217;ne Kirche brennt, erst eine, zwei\u2026 (3.12.2022)<\/li>\n<li><a href=\"https:\/\/www.freiburg-schwarzwald.de\/blog\/fronleichnam-flagge-zeigen\/\">Fronleichnam \u2013 Flagge zeigen<\/a>\u00a0(16.6.2022)<\/li>\n<li>Syrischer 27facher M\u00f6rder vom OLG Koblenz verurteilt (23.1.2022)<\/li>\n<li>Udo Hildenbrand: Christenverfolgung heute (23.1.2022)<\/li>\n<li><a href=\"https:\/\/www.freiburg-schwarzwald.de\/blog\/religion\/christen\/christlich-islamischer-dialog\/\">Christlich-islamischer Dialog 50 Jahre \u2013 Frustrierende Ergebnisse<\/a>\u00a0(1.12.2021)<\/li>\n<li><a href=\"https:\/\/www.freiburg-schwarzwald.de\/blog\/religion\/kirchen\/kirchenschaendung\/\">Afghane sch\u00e4ndet Kirche in Th\u00fcringen<\/a>\u00a0(1.11.2021)<\/li>\n<li>Ethnologin Susanne Schr\u00f6ter: Christen am meisten unterdr\u00fcckte Minderheit (16.12.20)<\/li>\n<li><a href=\"https:\/\/www.freiburg-schwarzwald.de\/blog\/religion\/christen\/christentum\/\">Realit\u00e4tsverweigerung der katholischen Bisch\u00f6fe in der Auseinandersetzung mit dem Islam<\/a>\u00a0(6.11.2020)<\/li>\n<li><a href=\"https:\/\/www.freiburg-schwarzwald.de\/blog\/global\/france\/nizza29-10-2020\/\">Assassin\u00e9s parce qu\u2019ils \u00e9taient chr\u00e9tiens<\/a> (2.11.2020)<\/li>\n<li><a href=\"https:\/\/www.freiburg-schwarzwald.de\/blog\/global\/france\/nizza29-10-2020\/\">Nach Nizza: Europa wird seine Kirchen bewachen m\u00fcssen<\/a>\u00a0(30.10.2020)<\/li>\n<li><a href=\"https:\/\/www.freiburg-schwarzwald.de\/blog\/global\/france\/nizza29-10-2020\/\">Attaque au couteau islamiste a Nice: Trois morts dont deux femmes, plusieurs bless\u00e9s<\/a>\u00a0(29.10.2020)<\/li>\n<li><a href=\"https:\/\/www.freiburg-schwarzwald.de\/blog\/religion\/kreuze\/\">Muslim zerst\u00f6rt Kreuz einer Kirche in London<\/a> (8.10.2020)<\/li>\n<li><a title=\"Hagia Sophia Istanbul Moschee\" href=\"https:\/\/www.freiburg-schwarzwald.de\/blog\/hagia-sophia-istanbul-moschee\/\">Hagia Sophia in Istanbul: Museum wird\u00a0zur Moschee<\/a>\u00a0(17.7.2020)<\/li>\n<li><a title=\"Istanbul 1453 \u2013 Hannover 2020\" href=\"https:\/\/www.freiburg-schwarzwald.de\/blog\/istanbul-1453-hannover-2020\/\">Istanbul 1453 \u2013 Hannover 2020<\/a>\u00a0(25.4.2020)<\/li>\n<li><a title=\"Pluralismus\" href=\"https:\/\/www.freiburg-schwarzwald.de\/blog\/religion\/pluralismus\/\">Prof Susanne Schr\u00f6ter: Kirche l\u00e4sst sich von Islamverb\u00e4nden Agenda diktieren<\/a>\u00a0(14.1.2020)<\/li>\n<li>Boris Johnson zu Weihnachten: Solidarisch mit verfolgten Christen (23.12.2019)<\/li>\n<li><a title=\"Orientchristen\" href=\"https:\/\/www.freiburg-schwarzwald.de\/blog\/religion\/christen\/orientchristen\/\">2019 war ein blutiges Jahr f\u00fcr Christen<\/a> (20.12.2019)<\/li>\n<li><a title=\"Afrika-Rassismus\" href=\"https:\/\/www.freiburg-schwarzwald.de\/blog\/global\/afrika\/afrika-rassismus\/\">Christenverfolgung durch Moslems in Afrika<\/a> (5.12.019)<\/li>\n<li><a title=\"Iran\" href=\"https:\/\/www.freiburg-schwarzwald.de\/blog\/global\/iran\/\">Iran: Todesurteil wegen \u00dcbertritt zum Christentum<\/a>\u00a0(2.12.2019)<\/li>\n<li><a title=\"Europa-der-Vaterl\u00e4nder\" href=\"https:\/\/www.freiburg-schwarzwald.de\/blog\/global\/eu\/europa-der-vaterlaender\/\">Finkielkraut: Papst unterzeichnete den Tod Europas<\/a>\u00a0 (31.5.2019)<\/li>\n<li><a title=\"Orientchristen\" href=\"https:\/\/www.freiburg-schwarzwald.de\/blog\/religion\/christen\/orientchristen\/\">Die erstaunliche Entdeckung der Christenverfolgung<\/a> (9.5.2019)<\/li>\n<li>Christenverfolgung in Islam-Staaten (3.5.2019)<\/li>\n<li>Nennt die Christenverfolgung beim Namen (25.4.2019)<\/li>\n<li>Christenverfolgung erdulden (16.11.2018)<\/li>\n<li>Warum zerst\u00f6ren Fl\u00fcchtlinge aus dem Nahen Osten christliche Strukturen? (10.11.2018)<\/li>\n<li><a href=\"https:\/\/www.freiburg-schwarzwald.de\/blog\/christenverfolgung-durch-islam\/\">https:\/\/www.freiburg-schwarzwald.de\/blog\/christenverfolgung-durch-islam\/<\/a> (11.7.2018)<\/li>\n<li><a href=\"https:\/\/www.freiburg-schwarzwald.de\/blog\/christen-im-orient-verfolgt\/\">https:\/\/www.freiburg-schwarzwald.de\/blog\/christen-im-orient-verfolgt\/<\/a> (11.1.2018)<\/li>\n<li><a href=\"https:\/\/www.freiburg-schwarzwald.de\/blog\/europa-wie-der-verlorene-sohn\/\">https:\/\/www.freiburg-schwarzwald.de\/blog\/europa-wie-der-verlorene-sohn\/<\/a> (1.12.2017)<\/li>\n<li>Fl\u00fcchtlinge: Christen mehr gef\u00e4hrdet als Muslime (13.10.2017)<\/li>\n<li>Christenverfolgung: Linke bedienten sich rechter Denkmuster (20.4.2017)<\/li>\n<li>Im Nahen Osten und Afrika Pogromstimmung gegen Christen (13.4.2017)<\/li>\n<li>Christen und Islam seit 1400 Jahren &#8211; Bis die Plage endet (28.7.2016)<\/li>\n<li>Christenhass in Asylheimen (26.5.2016)<\/li>\n<li><a href=\"https:\/\/www.freiburg-schwarzwald.de\/blog\/christen-muslime-wohnheime\/\">https:\/\/www.freiburg-schwarzwald.de\/blog\/christen-muslime-wohnheime\/<\/a> (23.5.2016)<\/li>\n<li><\/li>\n<li><a href=\"https:\/\/www.freiburg-schwarzwald.de\/blog\/religion\/blasphemie\/\">Blasphemie<\/a><\/li>\n<li><a href=\"https:\/\/www.freiburg-schwarzwald.de\/blog\/religion\/christen\/christenfeindlichkeit\/\">Christenfeindlichkeit<\/a><\/li>\n<li><a href=\"https:\/\/www.freiburg-schwarzwald.de\/blog\/religion\/christen\/christentum\/\">Christentum<\/a><\/li>\n<li><a href=\"https:\/\/www.freiburg-schwarzwald.de\/blog\/religion\/christen\/christlich-islamischer-dialog\/\">Christlich-islamischer Dialog<\/a><\/li>\n<li><a title=\"Volksislam\" href=\"https:\/\/www.freiburg-schwarzwald.de\/blog\/religion\/islam\/volksislam\/\">Islam<\/a><\/li>\n<li><a href=\"https:\/\/www.freiburg-schwarzwald.de\/blog\/engagement\/zukunft\/demokratie\/islamogauchisme\/\">IslamoGauchisme<\/a><\/li>\n<li><a title=\"Istanbul1453\" href=\"https:\/\/www.freiburg-schwarzwald.de\/blog\/religion\/islam\/istanbul1453\/\">Istanbul1453<\/a><\/li>\n<li><a href=\"https:\/\/www.freiburg-schwarzwald.de\/blog\/religion\/kirchen\/kirchenschaendung\/\">Kirchensch\u00e4ndung<\/a><\/li>\n<li><a href=\"https:\/\/www.freiburg-schwarzwald.de\/blog\/global\/afrika\/nigeria\/\">Nigeria<\/a><\/li>\n<li><a title=\"Notre-Dame15-04-2019\" href=\"https:\/\/www.freiburg-schwarzwald.de\/blog\/global\/france\/notre-dame15-04-2019\/\">Notre-Dame15-04-2019<\/a><\/li>\n<li><a title=\"Orientchristen\" href=\"https:\/\/www.freiburg-schwarzwald.de\/blog\/religion\/christen\/orientchristen\/\">Orientchristen<\/a><\/li>\n<li><a title=\"Pluralismus\" href=\"https:\/\/www.freiburg-schwarzwald.de\/blog\/religion\/pluralismus\/\">Pluralismus &#8211; religi\u00f6s<\/a><\/li>\n<li><a href=\"https:\/\/www.freiburg-schwarzwald.de\/blog\/global\/france\/nizza29-10-2020\/\">Nizza29-10-2020<\/a><\/li>\n<li><a title=\"Religionskrieg\" href=\"https:\/\/www.freiburg-schwarzwald.de\/blog\/religion\/religionskrieg\/\">Religionskrieg<\/a><\/li>\n<li><a title=\"Rouen26July2016\" href=\"https:\/\/www.freiburg-schwarzwald.de\/blog\/engagement\/zukunft\/demokratie\/rouen26july2016\/\">Rouen26July2016<\/a><\/li>\n<li><a title=\"Sri-Lanka2019Ostern\" href=\"https:\/\/www.freiburg-schwarzwald.de\/blog\/religion\/christen\/sri-lanka2019ostern\/\">Sri-Lanka2019Ostern<\/a><\/li>\n<li><a title=\"Toleranz\" href=\"https:\/\/www.freiburg-schwarzwald.de\/blog\/engagement\/zukunft\/demokratie\/toleranz\/\">Toleranz<\/a><\/li>\n<\/ul>\n<p>&nbsp;<\/p>\n<p><strong>\u00c4gypten: Koptischer Christ Verurteilt f\u00fcr ein YouTube-Video<\/strong><br \/>\nAugustinos Samaan ist koptischer Christ aus \u00c4gypten. Auf seinem YouTube-Kanal mit \u00fcber 100.000 Abonnenten beantwortete er Fragen zum christlichen Glauben, friedlich und sachlich. Daf\u00fcr verurteilte ihn ein \u00e4gyptisches Gericht wegen \u201eGottesl\u00e4sterung&#8220; zu f\u00fcnf Jahren Gef\u00e4ngnis und Zwangsarbeit. Sein Fall ist kein Einzelfall: Seit August 2025 wurden in \u00c4gypten Dutzende Menschen wegen religi\u00f6ser Inhalte im Internet verhaftet. ADF International unterst\u00fctzt Augustinos&#8216; Berufung und fordert seine Freilassung.<\/p>\n<p>Deutschland: Geldstrafe f\u00fcr einen Facebook-Kommentar<br \/>\nWie Meinungsfreiheit auch in Europa immer wieder unter Druck geraten kann, zeigt ein Fall aus Deutschland. Ein Facebook-Nutzer bezeichnete Bundeskanzler Friedrich Merz als \u201eL\u00fcgenfritz&#8220;. Daf\u00fcr verurteilte ihn das Amtsgericht \u00d6hringen nach \u00a7 188 StGB rechtskr\u00e4ftig zu einer Geldstrafe von 30 Tagess\u00e4tzen. Der Fall wirft grundlegende Fragen auf: Wo verl\u00e4uft die Grenze zwischen strafbarer Beleidigung und zul\u00e4ssiger politischer Kritik? Dr. Felix B\u00f6llmann, Leiter der europ\u00e4ischen Rechtsabteilung von ADF International, gibt dazu eine juristische Einordnung.<\/p>\n<p>9.7.2026, <a href=\"https:\/\/adfinternational.org\/de\/\">https:\/\/adfinternational.org\/de\/<\/a><\/p>\n<p>&nbsp;<\/p>\n<p><strong>Zerst\u00f6rung christlicher Kirchen in Frankreich, Deutschland Gro\u00dfbritannien<\/strong><br \/>\n<strong>Kirchenzerst\u00f6rung explodiert: Vandalismus, Brandstiftung nehmen rapide zu<\/strong><br \/>\n.. Wer nach Zahlen sucht, wird nur m\u00fchsam f\u00fcndig, weil es keine offizielle Statistik gibt, die der Zerst\u00f6rung von Kirchen und dem Vandalismus christlicher Kulturg\u00fcter gewidmet ist. Statistiker z.b. beim BKA interessieren sich in der Regel f\u00fcr Asylbewerberheime oder Moscheen, nicht f\u00fcr Kirchen\u2026 Man muss sich m\u00fchsam zusammensuchen, was interessiert, von Seiten wie:<br \/>\n<a href=\"https:\/\/www.catholicculture.org\/news\/headlines\/index.cfm?storyid=63992\">https:\/\/www.catholicculture.org\/news\/headlines\/index.cfm?storyid=63992<\/a><br \/>\n<a href=\"https:\/\/persecution.org\/france-sees-245-percent-rise-in-anti-christian-attacks\/\">https:\/\/persecution.org\/france-sees-245-percent-rise-in-anti-christian-attacks\/<\/a><br \/>\n<a href=\"https:\/\/www.buildingconservation.com\/articles\/churchfire\/churchfire.htm\">https:\/\/www.buildingconservation.com\/articles\/churchfire\/churchfire.htm<\/a><\/p>\n<p><a href=\"https:\/\/2009-2017.state.gov\/documents\/organization\/238596.pdf\">https:\/\/2009-2017.state.gov\/documents\/organization\/238596.pdf<\/a><br \/>\n<a href=\"https:\/\/www.intoleranceagainstchristians.eu\/fileadmin\/user_upload\/publications\/files\/OIDAC_Report_2024_-_Online_Version.pdf\">https:\/\/www.intoleranceagainstchristians.eu\/fileadmin\/user_upload\/publications\/files\/OIDAC_Report_2024_-_Online_Version.pdf<\/a><br \/>\n<a href=\"https:\/\/ecspe.org\/france-faces-rising-attacks-on-churches-1000-anti-christian-hate-crimes-reported\/\">https:\/\/ecspe.org\/france-faces-rising-attacks-on-churches-1000-anti-christian-hate-crimes-reported\/<\/a><\/p>\n<p><a href=\"https:\/\/www.nationalchurchestrust.org\/news\/over-9000-crimes-reported-uk-churches-just-three-years\">https:\/\/www.nationalchurchestrust.org\/news\/over-9000-crimes-reported-uk-churches-just-three-years<\/a><br \/>\n<a href=\"https:\/\/www.countryside-alliance.org\/resources\/news\/over-4-000-crimes-committed-at-churches-in-past-ye\">https:\/\/www.countryside-alliance.org\/resources\/news\/over-4-000-crimes-committed-at-churches-in-past-ye<\/a><br \/>\n<a href=\"https:\/\/fsspx.news\/en\/news\/germany-daily-vandalism-and-theft-church-property-54085\">https:\/\/fsspx.news\/en\/news\/germany-daily-vandalism-and-theft-church-property-54085<\/a><br \/>\n.<br \/>\nWenn man sich einen \u00dcberblick zur Entwicklung von Vandalismus und Brandstiftung christlicher Kirchen in Frankreich, Deutschland und dem Vereinigten K\u00f6nigreich machen will. Wir haben das getan und ungef\u00e4hre Zahlen besorgt, f\u00fcr die 15 Jahre vor Merkels Grenz\u00f6ffnung und die 10 Jahre, die folgen. Die Ergebnisse sind erschreckend:<\/p>\n<p>Frankreich:<br \/>\n2000 bis 2014: Rund 2.500 Sachbesch\u00e4digungen und Brandstiftungen von christlichen Kirchen (ca. 170 p.a.);<br \/>\n2015 bis 2025: Rund 9.000 Sachbesch\u00e4digungen und Brandstiftungen von christlichen Kirchen; (ca. 900 p.a.)<\/p>\n<p>Deutschland:<br \/>\n2000 bis 2014: Rund 2.000 Sachbesch\u00e4digungen und Brandstiftungen von christlichen Kirchen (ca. 130 p.a.);<br \/>\n2015 bis 2025: Rund 7.000 Sachbesch\u00e4digungen und Brandstiftungen von christlichen Kirchen (ca. 650 p.a.);<\/p>\n<p>Vereinigtes K\u00f6nigreich<br \/>\n2000 bis 2014: Rund 6.000 Sachbesch\u00e4digungen und Brandstiftungen von christlichen Kirchen (ca. 270 p.a.);<br \/>\n2015 bis 2025: Rund 15.000 Sachbesch\u00e4digungen und Brandstiftungen von christlichen Kirchen (ca. 1.350 p.a.);<\/p>\n<p>&#8230; Alles vom 16.11.2025 von Michel Klein bitte lesen auf<br \/>\n<a href=\"https:\/\/sciencefiles.org\/2025\/11\/16\/kirchenzerstoerung-explodiert-vandalismus-brandstiftung-nehmen-rapide-zu\/\">https:\/\/sciencefiles.org\/2025\/11\/16\/kirchenzerstoerung-explodiert-vandalismus-brandstiftung-nehmen-rapide-zu\/<\/a><\/p>\n<p>&nbsp;<\/p>\n<p><strong>Kirche in Not: Wieso nimmt Christenverfolgung zu?<\/strong><br \/>\n&#8222;Die Christen werden ihres Glaubens wegen verfolgt. In einigen L\u00e4ndern ist es ihnen untersagt, ein Kreuz zu tragen: sie werden bestraft, wenn sie es doch tun. Heute, im 21. Jahrhundert, ist unsere Kirche eine Kirche der M\u00e4rtyrer&#8220; \u2013 Papst Franziskus<br \/>\nWarum h\u00e4lt die Christenverfolgung bis heute an und nimmt sogar noch weiter zu? Ich glaube, es gibt viele Ursachen daf\u00fcr, aber auf zwei Gr\u00fcnde m\u00f6chte ich besonders hinweisen:<br \/>\n1- Erstens ist es das Erstarken muslimischer Extremisten und ihrer intoleranten Ideologien, was erheblich beigetragen hat zu einer zunehmenden Verfolgung von Christen.<br \/>\n2-Und zweitens f\u00fchlen sich solche Extremisten durch die Tatsache, dass der christliche Glaube in der westlichen Welt \u2013 jedenfalls soweit es um seine \u00f6ffentliche Sichtbarkeit und um den praktizierten Glauben geht \u2013 mehr und mehr in einer Art D\u00e4mmerlicht entschwindet, zu der Schlussfolgerung ermutigt, dass die Tage des Christentums gez\u00e4hlt sind.<br \/>\n&#8230; Alles vom 15,11,2025 bitte lesen auf<br \/>\n<a href=\"https:\/\/www.kirche-in-not.de\/informieren\/verfolgte-christen\/\">https:\/\/www.kirche-in-not.de\/informieren\/verfolgte-christen\/<\/a><\/p>\n<p>&nbsp;<\/p>\n<p><strong>Weltverfolgungsindex 2024\/25: 380 Millionen Christen verfolgt<\/strong><br \/>\nOpen Doors gibt den Weltverfolgungsindex j\u00e4hrlich neu heraus. Unsere Ziele mit dem Weltverfolgungsindex sind 1. die Verfolgerl\u00e4nder und den Grad der Religionsfreiheit \u00f6ffentlich zu machen, 2. Politiker und Medien zu mobilisieren, sich zu engagieren und 3. eine Basis zu schaffen, damit f\u00fcr verfolgte Christen gebetet und ihnen zielgerichtet geholfen wird.<br \/>\n&#8230;<br \/>\nWesentliche Entwicklungen 2025: Die Verfolgung hat \u2013 trotz vereinzelter positiver Entwicklungen \u2013 gegen\u00fcber 2024 erneut an Intensit\u00e4t zugelegt. Weltweit sind mehr als 380 Millionen Christen in 78 L\u00e4ndern wegen ihres Glaubens intensiver Verfolgung und Diskriminierung ausgesetzt. In den 50 L\u00e4ndern des Weltverfolgungsindex gilt dies sogar in einem sehr hohen bis extremen Ma\u00df. Davon betroffen sind 310 Millionen der dort lebenden 741 Millionen Christen.<br \/>\n&#8230; Alles vom 15.6.2025 bitte lesen auf<br \/>\n<a href=\"https:\/\/www.opendoors.de\/christenverfolgung\/weltverfolgungsindex\">https:\/\/www.opendoors.de\/christenverfolgung\/weltverfolgungsindex<\/a><\/p>\n<p><a href=\"https:\/\/www.welt.de\/themen\/christenverfolgung\/\">https:\/\/www.welt.de\/themen\/christenverfolgung\/<\/a><br \/>\n.<\/p>\n<p><strong>Globaler S\u00fcden: Missio warnt vor wachsender Christenverfolgung<\/strong><br \/>\nIm Globalen S\u00fcden h\u00e4ufen sich nach Einsch\u00e4tzung des Hilfswerks Missio Angriffe auf Priester. \u201eZunehmend nutzen T\u00e4ter die Gewalt gegen Geistliche auch daf\u00fcr, um christliche Gemeinschaften einzusch\u00fcchtern und ihre Religionsfreiheit zu beschneiden. Diese Entwicklung beunruhigt uns\u201c, sagte Missio-Pressesprecher Johannes Seibel am Sonntag in Aachen. Er verwies insbesondere auf Ereignisse in Indien und Nigeria https:\/\/www.kirche-und-leben.de\/themen\/themenbereich\/afrika.<br \/>\n&#8230;<br \/>\n.. Alles vom 15.6.2025 bitte lesen auf<br \/>\n<a href=\"https:\/\/www.kirche-und-leben.de\/artikel\/globaler-sueden-asien-indien-afrika-nigeria-missio-aachen-johannes-seibel-christenverfolgung-priester-warnung\">https:\/\/www.kirche-und-leben.de\/artikel\/globaler-sueden-asien-indien-afrika-nigeria-missio-aachen-johannes-seibel-christenverfolgung-priester-warnung<\/a><\/p>\n<p>&nbsp;<\/p>\n<p><strong>CRISIS \u2013 Journal f\u00fcr christliche Kultur: Christenverfolgung Heft 11<\/strong><br \/>\n<a href=\"https:\/\/www.edition-hagia-sophia.de\/c\/crisis-journal\">https:\/\/www.edition-hagia-sophia.de\/c\/crisis-journal<\/a><br \/>\nCRISIS, Heft 11 &#8211; Christenverfolgung &#8211; 12,50 \u20ac<br \/>\nEin starkes, ersch\u00fctterndes Heft des &#8222;Journals f\u00fcr christliche Kultur&#8220;.<br \/>\nVerfolgung und Martyrium \u2013 Eigenschaftsmerkmale f\u00fcr die Wahrhaftigkeit der Kirche Christi<br \/>\nvon Erzpriester Mihail Rahr<\/p>\n<p>Dokumentation zur Christenverfolgung<br \/>\nZusammengestellt von Peter U. Trappe<\/p>\n<p>Tabuthema Christenverfolgung<br \/>\nvon Benjamin Kaiser<\/p>\n<p>Trotz Bedr\u00e4ngnis Liebe<br \/>\nvon Sascha Rudenko<\/p>\n<p>Wird Pr\u00e4sident Trump die verfolgten Christen retten?<br \/>\nvon Nicholas X.<\/p>\n<p>Nah\u00f6stliches Christentum \u2013 Eine Untergangsdramatik<br \/>\nvon Benedikt Kredenz<\/p>\n<p>Die christlichen Gemeinschaften In Syrien. Historischer \u00dcberblick und Herausforderungen nach dem Regimewechsel<br \/>\nvon Erzpriester Elias Esber<\/p>\n<p>Die Situation in Syrien unter einer islamisch-extremistischen Regierung und ihre negativen Folgen f\u00fcr die christliche Minderheit<br \/>\nvon Sarkis Tajra<\/p>\n<p>&nbsp;<\/p>\n<p><strong>Ruanda: 6.000 Kirchen innerhalb weniger Wochen geschlossen<\/strong><br \/>\nStaatliche Regulierungen bedrohen Glaubensfreiheit in wachsendem Ma\u00df<br \/>\n(Open Doors, Kelkheim) \u2013 Seit Anfang August hat die ruandische Regierung mehr als 6.000 Kirchen geschlossen, die meisten davon kleinere, unabh\u00e4ngige Gemeinden. Hinter den Schlie\u00dfungen stehen eine Reihe gesetzlicher Vorschriften, die bereits 2018 verabschiedet worden waren und die noch im selben Jahr zu einer Welle von Kirchenschlie\u00dfungen gef\u00fchrt hatten. Als Begr\u00fcndung verweist die Regierung auf herrschende Missst\u00e4nde, Beobachter werten die Regulierungen jedoch als unverh\u00e4ltnism\u00e4\u00dfig und vermuten andere Motive.<br \/>\n&#8230; Alles vom 27.9.2024 bitte lesen au<br \/>\n<a href=\"https:\/\/www.opendoors.de\/nachrichten\/aktuelle-meldungen\/ruanda-6000-kirchen-innerhalb-weniger-wochen-geschlossen\">https:\/\/www.opendoors.de\/nachrichten\/aktuelle-meldungen\/ruanda-6000-kirchen-innerhalb-weniger-wochen-geschlossen<\/a><\/p>\n<p>Ruanda: Neues Gesetz f\u00fchrt zu 8.000 Kirchenschlie\u00dfungen<br \/>\nRegierung strebt strikte S\u00e4kularisierung an \/ zahlreiche Gemeinden \u00fcberfordert<br \/>\n(Open Doors, Kelkheim) \u2013 Der \u201eRuanda Governance Board (RGB)\u201c hat seit Jahresbeginn 8.000 Kirchen in dem kleinen afrikanischen Land schlie\u00dfen lassen, wie die regierungsnahe KT-Press berichtet. Grundlage hierf\u00fcr ist ein Anfang 2018 erlassener Auflagenkatalog zur Regulierung der Struktur und Arbeitsweise religi\u00f6ser Organisationen. Viele Beobachter sehen darin auch einen Versuch der Regierung, ihre s\u00e4kulare Agenda durchzusetzen.<br \/>\n&#8230; Ales vom 3.8.2018 bitte lesen auf<br \/>\n<a href=\"https:\/\/www.opendoors.de\/nachrichten\/aktuelle-meldungen\/ruanda-neues-gesetz-fuehrt-zu-8000-kirchenschliessungen?pk_campaign=NA&amp;pk_kwd=20240927\">https:\/\/www.opendoors.de\/nachrichten\/aktuelle-meldungen\/ruanda-neues-gesetz-fuehrt-zu-8000-kirchenschliessungen?pk_campaign=NA&amp;pk_kwd=20240927<\/a><\/p>\n<p>&nbsp;<\/p>\n<p><strong>Die woke Opferpyramide \u2013 Wie Christenverfolgung wegretuschiert wird<\/strong><br \/>\nDie woke Ideologie hat das Christentum zur T\u00e4terreligion erkl\u00e4rt, die Nichtwei\u00dfe geknechtet und ausgebeutet hat. Die zivilisatorischen Errungenschaften des Christentums werden ausgeblendet. In dieser Ideologie haben christliche Opfer schlicht keinen Platz.<br \/>\nChristen sind die meistverfolgte religi\u00f6se Gruppe weltweit. Eine Tatsache, die den wenigsten Menschen in Westeuropa bewusst ist, und die keinen gr\u00f6\u00dferen medialen Aufschrei ausl\u00f6st. Ob kommunistische Regime, islamische Gesellschaften, Hindu-Extremisten; gewaltbereite ultraorthodoxe Juden in Israel oder auch extremistische Linksradikale in Europa, wie es die j\u00fcngsten Berichte der OSZE und des OIDAC Europe (Observatory on Intolerance and Discrimination against Christians in Europe) aufzeigen: Das Christentum ist vielen Ideologien und Weltanschauungen ein Dorn im Auge.<br \/>\n&#8230;<br \/>\nEine Antwort gibt uns die woke \u201eOpferpyramide\u201c: Seit Critical Race Theory, Antirassismus und andere woke Narrative verabsolutierend und simplizistisch auf die gesamte Geschichte der Menschheit angewendet werden, hat sich eingeb\u00fcrgert, das Christentum als \u201ewei\u00dfe\u201c und \u201ewestliche\u201c Religion zu framen, und es mit imperialistischen und kolonialistischen Bestrebungen der historischen europ\u00e4ischen Gro\u00dfm\u00e4chte zu identifizieren. Eine T\u00e4terreligion, die dazu gedient habe, edle Wilde und unschuldige Nichtwei\u00dfe zu knechten und auszubeuten. In dieser Lesart der Geschichte sind die Christen die B\u00f6sen, die T\u00e4ter.<br \/>\nZivilisatorische Errungenschaften des Christentums werden anderen geistesgeschichtlichen Str\u00f6mungen zugerechnet, nichtchristliche Kulturen romantisiert, ihre dunklen Seiten wie Menschenopfer, Frauenverachtung, Kindsmord, Sklaverei und Aberglaube \u2013 in vielen Erdteilen bis heute virulent \u2013 werden konsequent ausgeblendet. Die jahrhundertelange gewaltlose Ausbreitung des Christentums wird ignoriert. Das Framing des Christentums als \u201ewei\u00dfe\u201c Religion wird dadurch erleichtert, dass vielen Menschen im globalen Westen einige der \u00e4ltesten christlichen Kulturen v\u00f6llig unbekannt ist, etwa die \u00e4thiopische, \u00e4gyptische oder s\u00fcdindische Christenheit.<br \/>\n&#8230; Alles vom 22.11.2023 von Anna Diouf bitte lesen auf<br \/>\n<a href=\"https:\/\/www.freiburg-schwarzwald.de\/blog\/kultur\/aufklaerung\/genozid\/\">https:\/\/www.tichyseinblick.de\/meinungen\/woke-opferpyramide-christenverfolgung\/<\/a><\/p>\n<p>&nbsp;<\/p>\n<p><strong>Weltweite Christenverfolgung &#8211; Das Schweigen brechen<\/strong><br \/>\nEs ist eine bedr\u00fcckende und erschreckende Nachricht: Immer mehr Christen werden weltweit verfolgt. Brutal. Open Doors hat das jetzt mit dem Weltverfolgungsindex 2023 nachgewiesen. Es sind vor allem Kommunisten und Islamisten, denen die Religion der Liebe Gottes und des Friedens ein Dorn im Auge ist. Nordkorea, Somalia und Jemen bilden die Spitze der Intoleranz, aber auch Nigeria, Pakistan, der Iran und der Sudan liegen in der Liste der Schande weit vorn. Weltweit sind mehr als 360 Millionen Christen einem hohen bis extremen Ma\u00df an Verfolgung und Diskriminierung ausgesetzt. Und die seit Jahren zunehmende Verfolgung von Christen in L\u00e4ndern s\u00fcdlich der Sahara hat eine neue Dimension von Gewalt erreicht.<\/p>\n<p>Es sind vor allem islamistische und andere bewaffnete Gruppen, die vertreiben, morden und schikanieren, \u201ebesonders dort, wo sich die Rechtsprechung auf die Scharia gr\u00fcndet\u201c. Oftmals sind auch Beh\u00f6rden und Medien daran beteiligt. Erschreckend auch dies: Chinas fortschreitender Autoritarismus wird immer mehr ein Vorbild f\u00fcr autokratische Regime. Bedr\u00fcckend zudem: In Lateinamerika wird der Druck auf Christen zunehmend erh\u00f6ht. Vom offenbar bef\u00f6rderten Exodus der Christen aus dem Nahen Osten ganz zu schweigen. Das Menschenrecht auf Religionsfreiheit wird zur traurigen Makulatur. Schlimm! Es ist Zeit, da\u00df alle, die sich gern auf Menschenrechte berufen, endlich die Stimme erheben. Alles andere w\u00e4re falsch und feige.<\/p>\n<p>&#8230; Alles vom 26.1.2023 von Martin Lohmann bitte lesen in der JF 5\/23, Seite 2<\/p>\n<p>&nbsp;<\/p>\n<p><strong>AfD: Einf\u00fchrung eines &#8222;Internationalen Tages gegen die Christenverfolgung&#8220;<\/strong><br \/>\nChristen sind die weltweit am st\u00e4rksten verfolgte Religionsgruppe. Die Intensit\u00e4t der Christenverfolgung nimmt weltweit jedes Jahr zu. Mehr als 360 Millionen Christen sind ausdr\u00fccklich aufgrund ihres Glaubens intensiver Verfolgung und Diskriminierung ausgesetzt. Laut den Berichten der Hilfsorganisation Open Doors werden allein in 50 L\u00e4ndern 312 Millionen der dort lebenden 737 Millionen Christen verfolgt, das sind mehr als 42%.1 Nach dem Attentat von Christchurch\/Neuseeland, wo ein Mann am 15. M\u00e4rz 2019 aus religionsfeindlichen Motiven 51 Muslime in zwei Moscheen t\u00f6tete, erkl\u00e4rten die Vereinten Nationen zwei Jahre sp\u00e4ter diesen Tag zum Internationalen Tag gegen die Islamfeindlichkeit. Ein solcher Tag f\u00fcr die verfolgten Christen ist \u00fcberf\u00e4llig, sowohl was die Zahl der Verfolgten betrifft als auch die Zahl der Get\u00f6teten.<br \/>\nIn den letzten elf Jahren waren dies \u00fcber 900 Christen bei den zw\u00f6lf schwersten Anschl\u00e4gen. Jedes Mal sollten dezidiert Christen aufgrund ihres Glaubens get\u00f6tet werden. Zuletzt waren es Anfang Juli 2022 50 Christen in einer Kirche in Nigeria, die islamischen Terroristen zum Opfer fielen. Die Terroranschl\u00e4ge sind die sichtbaren Ausw\u00fcchse einer Tendenz der allgemeinen Abwertung des Christentums. Die Zerst\u00f6rungen von Kirchen, die St\u00f6rung von Gottesdiensten, die Bezeichnung \u201eSchweinefleischfresser\u201c als Schimpfwort f\u00fcr Christen sind weitere Erscheinungen. Die Bundesregierung kann mit einem internationalen Tag gegen die Christenfeindlichkeit, propagiert von den Vereinten Nationen, die Initiative \u00fcbernehmen, diesem Trend Einhalt gebieten.<br \/>\nAntrag: <a href=\"https:\/\/dserver.bundestag.de\/btd\/20\/053\/2005368.pdf\">https:\/\/dserver.bundestag.de\/btd\/20\/053\/2005368.pdf<\/a><br \/>\n&#8230; Alles vom 25.1.2023 bitte lesen auf<br \/>\n<a href=\"https:\/\/afdbundestag.de\/einfuehrung-eines-internationalen-tages-gegen-die-christenverfolgung\/\">https:\/\/afdbundestag.de\/einfuehrung-eines-internationalen-tages-gegen-die-christenverfolgung\/<\/a><\/p>\n<p>&nbsp;<\/p>\n<p>&nbsp;<\/p>\n<p><strong>Advent, Advent, &#8217;ne Kirche brennt, erst eine, zwei\u2026<\/strong><br \/>\n&#8211; Unseren Kirchen sind Gl\u00e4ubige woanders kein Thema, anders \u2026<br \/>\n&#8211; <a href=\"https:\/\/haolam.de\/de\/impressum\/impressum.html\">https:\/\/haolam.de\/de\/impressum\/impressum.html<\/a> eine j\u00fcdische Plattform, f\u00fcr die auch ich schreibe<br \/>\n&#8211; <a href=\"https:\/\/www.opendoors.de\">https:\/\/www.opendoors.de<\/a> im Dienst verfolgter Christen und anderen<\/p>\n<p>Die Kirchen Deutschlands h\u00fcllen sich in lautes Schweigen, was die Situation der Gl\u00e4ubigen in anderen L\u00e4ndern betrifft. Auch in den sonnt\u00e4glichen Predigten und F\u00fcrbitten spielen Christen in anderen Teilen der Welt kaum eine Rolle. Auch nicht die w\u00f6chentlichen Anschl\u00e4ge auf Kirchen in Deutschland \u2013 sogar Brandanschl\u00e4ge, nicht nur \u201eVandalismus durch Unbekannte\u201c. Wor\u00fcber ich am 13.11.2022 \u2013 Anschl\u00e4ge auf Kirchen h\u00e4ufen sich \u2013 nur hier?\u00a0 berichtete, fand nun seine Fortsetzung mit dem Urinieren in Weihwasserbecken \u2013 kein Thema f\u00fcr Verlautbarungen der Kirche. Anders auf Blogs im Internet alleine im Monat November hier zum Ausland:<\/p>\n<p>01.11. Audiatur<a href=\"https:\/\/www.audiatur-online.ch\/2022\/10\/31\/uebergriffe-auf-christen-werden-von-der-palaestinensischen-autonomiebehoerde-und-den-medien-ignoriert\/\"> https:\/\/www.audiatur-online.ch\/2022\/10\/31\/uebergriffe-auf-christen-werden-von-der-palaestinensischen-autonomiebehoerde-und-den-medien-ignoriert\/<\/a><br \/>\n01.11. Philosophia Perennis<a href=\"https:\/\/philosophia-perennis.com\/2022\/10\/30\/der-westen-wendet-sich-von-verfolgten-christen-ab-und-umarmt-radikale-muslime\/\"> https:\/\/philosophia-perennis.com\/2022\/10\/30\/der-westen-wendet-sich-von-verfolgten-christen-ab-und-umarmt-radikale-muslime\/<\/a><br \/>\n02.11. Ansage <a href=\"https:\/\/ansage.org\/unchristlicher-china-kanzler-scholz-gottlose-claudia-roth\/\">https:\/\/ansage.org\/unchristlicher-china-kanzler-scholz-gottlose-claudia-roth\/<\/a><br \/>\n02.11. Politisches &amp; Wissen <a href=\"https:\/\/politisches.blog-net.ch\/2022\/11\/02\/palaestinenser-warum-werden-angriffe-auf-christen-ignoriert\/\">https:\/\/politisches.blog-net.ch\/2022\/11\/02\/palaestinenser-warum-werden-angriffe-auf-christen-ignoriert\/<\/a><br \/>\n02.11. haOlam <a href=\"https:\/\/haolam.de\/artikel\/Welt\/52814\/Chinareise-des-Kanzlers-unter-einem-guten-Stern.html\">https:\/\/haolam.de\/artikel\/Welt\/52814\/Chinareise-des-Kanzlers-unter-einem-guten-Stern.html<\/a><br \/>\n03.11. haOlam<a href=\"https:\/\/haolam.de\/artikel\/Iran\/52826\/Einfach-nur-Christ-zu-sein-reicht-aus-um-verhaftet-zu-werden.html\"> https:\/\/haolam.de\/artikel\/Iran\/52826\/Einfach-nur-Christ-zu-sein-reicht-aus-um-verhaftet-zu-werden.html<\/a><br \/>\n05.11. haOlam <a href=\"https:\/\/haolam.de\/artikel\/Welt\/52868\/Muslime-ermorden-fuenfzehn-Christen-vertreiben-Hunderte-weitere-schneiden-einer-Frau-die-Brust-ab.html\">https:\/\/haolam.de\/artikel\/Welt\/52868\/Muslime-ermorden-fuenfzehn-Christen-vertreiben-Hunderte-weitere-schneiden-einer-Frau-die-Brust-ab.html<\/a><br \/>\n06.11. Gatestone <a href=\"https:\/\/de.gatestoneinstitute.org\/19094\/palaestinenser-angriffe-auf-christen\">https:\/\/de.gatestoneinstitute.org\/19094\/palaestinenser-angriffe-auf-christen<\/a><br \/>\n06.11. Philosophia Perennis <a href=\"https:\/\/philosophia-perennis.com\/2022\/11\/06\/nigeria-muslime-ermorden-fuenfzehn-christen-und-schneiden-einer-frau-die-brust-ab\/\">https:\/\/philosophia-perennis.com\/2022\/11\/06\/nigeria-muslime-ermorden-fuenfzehn-christen-und-schneiden-einer-frau-die-brust-ab\/<\/a><br \/>\n07.11. haOlam <a href=\"https:\/\/haolam.de\/artikel\/Israel-Nahost\/52889\/Palaestinenser-Warum-werden-Angriffe-auf-Christen-ignoriert.html\">https:\/\/haolam.de\/artikel\/Israel-Nahost\/52889\/Palaestinenser-Warum-werden-Angriffe-auf-Christen-ignoriert.html<\/a><br \/>\n09.11. haOlam <a href=\"https:\/\/haolam.de\/artikel\/Welt\/52958\/Muslime-dringen-am-Markttag-in-Doerfer-ein-eroeffnen-Feuer-ermorden-mindestens-18-Kinder.html\">https:\/\/haolam.de\/artikel\/Welt\/52958\/Muslime-dringen-am-Markttag-in-Doerfer-ein-eroeffnen-Feuer-ermorden-mindestens-18-Kinder.html<\/a><br \/>\n10.11. haOlam <a href=\"https:\/\/haolam.de\/artikel\/Welt\/52977\/Katar-fordert-muslimische-Migranten-auf-ihre-westlichen-Gastnationen-zu-verachten.html\">https:\/\/haolam.de\/artikel\/Welt\/52977\/Katar-fordert-muslimische-Migranten-auf-ihre-westlichen-Gastnationen-zu-verachten.html<\/a><br \/>\n11.11. Open Doors<a href=\"https:\/\/www.opendoors.de\/nachrichten\/aktuelle-meldungen\/algerien-schliessung-von-kirchen-erneut-thema-bei-der-un?pk_campaign=NA&amp;pk_kwd=20221111\"> https:\/\/www.opendoors.de\/nachrichten\/aktuelle-meldungen\/algerien-schliessung-von-kirchen-erneut-thema-bei-der-un?pk_campaign=NA&amp;pk_kwd=20221111<\/a><br \/>\n14.11. haOlam <a href=\"https:\/\/haolam.de\/artikel\/Welt\/53051\/Muslime-ermorden-mindestens-21-Christen-brennen-Kirche-und-mehrere-Haeuser-nieder.html\">https:\/\/haolam.de\/artikel\/Welt\/53051\/Muslime-ermorden-mindestens-21-Christen-brennen-Kirche-und-mehrere-Haeuser-nieder.html<\/a><br \/>\n14.11. haOlam<a href=\"https:\/\/haolam.de\/artikel\/Welt\/53045\/Anschlaege-auf-Kirchen-haeufen-sich--nur-hier.html\"> https:\/\/haolam.de\/artikel\/Welt\/53045\/Anschlaege-auf-Kirchen-haeufen-sich&#8211;nur-hier.html<\/a><br \/>\n18.11. Open Doors <a href=\"https:\/\/www.opendoors.de\/nachrichten\/aktuelle-meldungen\/myanmar-studenten-bei-beschuss-von-bibelschule-verletzt?\">https:\/\/www.opendoors.de\/nachrichten\/aktuelle-meldungen\/myanmar-studenten-bei-beschuss-von-bibelschule-verletzt?<\/a>pk_campaign=NA&amp;pk_kwd=20221118<br \/>\n19.11. haOlam <a href=\"https:\/\/haolam.de\/artikel\/Welt\/53144\/Der-unausgesprochene-Voelkermord-an-Christen-in-Nigeria.html\">https:\/\/haolam.de\/artikel\/Welt\/53144\/Der-unausgesprochene-Voelkermord-an-Christen-in-Nigeria.html<\/a><br \/>\n20.11. Philosophia Perennis <a href=\"https:\/\/philosophia-perennis.com\/2022\/11\/20\/palaestinenser-warum-werden-angriffe-auf-christen-ignoriert\/\">https:\/\/philosophia-perennis.com\/2022\/11\/20\/palaestinenser-warum-werden-angriffe-auf-christen-ignoriert\/<\/a><br \/>\n24.11. haOlam<a href=\"https:\/\/haolam.de\/artikel\/Welt\/53243\/Die-verzweifelte-Notwendigkeit-eines-echten-interreligioesen-Dialogs-zwischen-Christen-und-Muslimen.html\"> https:\/\/haolam.de\/artikel\/Welt\/53243\/Die-verzweifelte-Notwendigkeit-eines-echten-interreligioesen-Dialogs-zwischen-Christen-und-Muslimen.html<\/a><br \/>\n25.11. Open Doors<a href=\"https:\/\/www.opendoors.de\/nachrichten\/aktuelle-meldungen\/indien-oberstes-gericht-erhoeht-druck-auf-christen-0?pk_campaign=NA&amp;pk_kwd=20221125\"> https:\/\/www.opendoors.de\/nachrichten\/aktuelle-meldungen\/indien-oberstes-gericht-erhoeht-druck-auf-christen-0?pk_campaign=NA&amp;pk_kwd=20221125<\/a><br \/>\n25.11. haOlam <a href=\"https:\/\/haolam.de\/artikel\/Welt\/53250\/Muslime-stuermen-waehrend-des-Gebets-Kirche-beginnen-zu-schiessen-entfuehren-katholischen-Priester.html\">https:\/\/haolam.de\/artikel\/Welt\/53250\/Muslime-stuermen-waehrend-des-Gebets-Kirche-beginnen-zu-schiessen-entfuehren-katholischen-Priester.html<\/a><br \/>\n30.11. haOlam <a href=\"https:\/\/haolam.de\/artikel\/Welt\/53315\/200-Christen-wurden-obdachlos-nachdem-die-Behoerden-ihre-Haeuser-ohne-Vorwarnung-planiert-hatten.html\">https:\/\/haolam.de\/artikel\/Welt\/53315\/200-Christen-wurden-obdachlos-nachdem-die-Behoerden-ihre-Haeuser-ohne-Vorwarnung-planiert-hatten.html<\/a><br \/>\n30.11. hoOlam <a href=\"https:\/\/haolam.de\/artikel\/Welt\/53338\/Muslime-ueberfallen-Gemeinde-ermorden-zwei-Menschen.html\">https:\/\/haolam.de\/artikel\/Welt\/53338\/Muslime-ueberfallen-Gemeinde-ermorden-zwei-Menschen.html<\/a><\/p>\n<p>OpenDoors berichtet t\u00e4glich \u00fcber Einzelschicksale verfolgter Christen weltweit und l\u00e4sst f\u00fcr sie beten. Den Schwerpunkt bildet die Situation von den zum Christentum konvertierten Muslimen. Es gibt Sch\u00e4tzungen, dass diese mehr seien als jene, die unseren Kirchen den R\u00fccken kehren. Immerhin sind sie keine ganz \u201everlorenen Schafe\u201c, wenn sie sich Freikirchen zuwenden. Als Auftakt des Gebetskalender Dezember gedenkt Open Doors den \u2026<br \/>\nChristen in Katar: \u201eFast alle sind Arbeitsmigranten. Sie leben und arbeiten unter schlechten Bedingungen; zudem droht ihnen Verfolgung durch Kollegen und Arbeitgeber\u2026 Im Land gibt es nur sehr wenige einheimische Christen. Sie k\u00f6nnen ihren Glauben nur heimlich leben; bei Entdeckung droht ihnen schwere Verfolgung bis zum Tod.\u201c Doch bei meiner Recherche zu kirchlichen Stellungnahmen zur WM kommt die Situation von Christen mit keinem Wort vor. Daf\u00fcr ist umso mehr von Ethik und Menschenrechten die Rede, womit regenbogenfarbene gemeint sind \u2013 als ob Christen keine Menschen sind.<\/p>\n<p>Es stimmt traurig, diese Entwicklung verfolgen zu m\u00fcssen. Die Zuwendung der Kirchenoberen zu Themen wie Corona, Gender, Interreligi\u00f6ser Dialog, Klima, Migranten aufnehmen, Regenbogenbewegung usw. beschleunigt die Abwendung von Kirchenmitgliedern eher noch, als sie bei der Stange zu halten. Jesus meine einst mit der proklamierten N\u00e4chstenliebe aber nicht f\u00fcr alles und Alle offen zu sein, sondern er gebot die Zuwendung zu den \u201eBr\u00fcdern und Schwestern\u201c. Und zwar solche \u201eim Glauben\u201c. Auch warnte er vor solchen, die in seinem Namen Irrlehren verbreiten, Amen.<br \/>\n&#8230; Alles vom 3.12.2022 von Albrecht K\u00fcnstle bitte lesen auf<br \/>\n<a href=\"https:\/\/www.die-andere-sicht.de\">https:\/\/www.die-andere-sicht.de<\/a><\/p>\n<p><strong>Anschl\u00e4ge auf Kirchen h\u00e4ufen sich \u2013 nur hier?<\/strong><br \/>\n&#8230; Alles vom 13.11.2022 bitte lesen auf<br \/>\n<a href=\"https:\/\/die-andere-sicht.de\/2022\/11\/13\/kuenstles-sicht-anschlaege-auf-kirchen-haeufen-sich-nur-hier\/\">https:\/\/die-andere-sicht.de\/2022\/11\/13\/kuenstles-sicht-anschlaege-auf-kirchen-haeufen-sich-nur-hier\/<\/a><\/p>\n<p>&nbsp;<\/p>\n<p><strong>Syrischer 27facher M\u00f6rder vom OLG Koblenz verurteilt<\/strong><\/p>\n<p><em>Geht es nun auch Christenschl\u00e4chtern an den Kragen?<\/em><br \/>\n<em>&#8211; Der Assad-Scherge von Damaskus in Deutschland verurteilt<\/em><br \/>\n<em>&#8211; Wird das Migranten abhalten, weiter zu uns zu kommen?<\/em><\/p>\n<p>Das Koblenzer Oberlandesgericht hat Rechtsgeschichte gesprochen durch die \u00fcberf\u00e4llige Verurteilung eines Schergen Assads \u2013 einer der herrschenden Diktatoren im arabischen Raum. Sie betraf einen der unz\u00e4hligen Gefolgsleute der dortigen Herrschercliquen. Besser w\u00e4re es allerdings gewesen, der 27fache M\u00f6rder w\u00e4re durch den Internationalen Strafgerichtshof in Den Haag verurteilt worden. Und das m\u00f6glichst bald nach solchen Taten, wie hier die des syrischen Folter-Ex-Oberst Anwar R. (Raslan ist der volle Name wird von den Medien vorenthalten \u2013 T\u00e4terschutz?). Die Verurteilung erfolgte erst zehn Jahre sp\u00e4ter, aber besser sp\u00e4t als nie.<\/p>\n<p>M\u00f6glich war die Verurteilung der Morde in Syrien vor einem deutschen Gericht aufgrund des \u201eWeltrechtsprinzips\u201c, das seinen Niederschlag im V\u00f6lkerstrafgesetzbuch (VStGB) fand. Aber auch andere Staaten haben Handhaben gegen kriminelle Ausl\u00e4nder. Nur dauert die Strafverfolgung bei uns l\u00e4nger, weil die Justiz hoffnungslos \u00fcberlastet ist. Und bis es soweit ist, genie\u00dfen solche T\u00e4ter ein gutes Leben. Auch das wissen die Zuz\u00fcgler.<\/p>\n<p>Die Inhaftierung erfolgt \u201elebensl\u00e4nglich\u201c, also 15 Jahre \u2013 rund ein halbes Jahr Haft je Todesopfer. In dieser Haftzeit wird er den Steuerzahler rund 600\u00a0000 EUR kosten. Das ist aber nicht alles, der T\u00e4ter kam 2014 nach Deutschland. Mit seiner Wahl des Ziellandes entstanden uns direkte Einwanderungskosten von rund 12\u00a0000 EUR pro Person und Jahr, zusammen mit indirekten Kosten in sieben Jahren, also \u00fcber 100\u00a0000 EUR. So gesehen kommt uns die Verurteilung und Haft in Deutschland dreimal teurer als der vorausgehende Unterhalt von Straft\u00e4tern, die Kosten der Justiz nicht ber\u00fccksichtigt.<\/p>\n<p>\u201eZwiesp\u00e4ltiges Zeichen\u201c war der Titel eines Leitartikels in der Badischen Zeitung vom 14. Januar zum Urteil gegen den syrischen Folter-Oberst. Wohl auch in Anlehnung an die Kronzeugenregelung spekuliert der Kommentator: \u201eAndere syrische \u00dcberl\u00e4ufer werden sich dreimal \u00fcberlegen, ob sie deutsche Beh\u00f6rden an ihrem Insiderwissen teilhaben lassen, wenn ihnen sp\u00e4ter selbst Strafverfolgung droht. Und f\u00fcr zweifelnde Schergen der syrischen Diktatur ist das Koblenzer Urteil auch kein Anreiz, die Seiten zu wechseln \u2013 im Gegenteil.\u201c Immerhin erhielt er nicht lebenslang, weil er mit dem Regime nicht erst im letzten Augenblick brach. Mir stellen sich zwei andere Fragen:<\/p>\n<p>Erstens: Wird dieses Urteil weitere Gewaltt\u00e4ter Syriens, Afghanistans oder Afrikas abhalten, ausgerechnet nach Deutschland zu kommen mit seinen gef\u00fcrchteten\u00a0(?) \u201eScharfrichtern\u201c? Wohl kaum, denn der materielle Anreiz, in Deutschland Wurzeln zu schlagen ist einfach zu gro\u00df. Au\u00dferdem sind die Justiz und der Strafvollzug bei uns milder als in den Herkunftsl\u00e4ndern. Dort wird mit Straft\u00e4tern k\u00fcrzerer Prozess gemacht und in der Haft gibt\u2019s nicht die Vollpension wie bei uns.<\/p>\n<p>Sollten sie ausnahmsweise nicht hierbleiben d\u00fcrfen, werden sie reisekostenfrei mit einem ordentlichen Taschengeld zur\u00fcckgebracht. Weil sich auch zweifelhafte Elemente durch ihre \u201eFlucht\u201c zu uns nicht verschlechtern k\u00f6nnen, werden neben Wirtschaftsmigranten auch einfache Kriminelle und Islamisten zu uns kommen. Sie alle haben auch keinerlei Motivation, sich ihrer Diktatoren zu entledigen. Denn solange diese an der Macht bleiben, werden sie nicht zur\u00fcckgeschickt. So ist die verquere Logik des Migrationsrechts.<\/p>\n<p>Zweitens: Werden nun auch Christenschl\u00e4chter hinter Schloss und Riegel gebracht? Einfach nur Christen bek\u00e4mpfen und vertreiben, ist in den meisten arabischen und nordafrikanischen L\u00e4ndern nicht ungew\u00f6hnlich und oft keine Straftat \u2013 der Auftrag dazu findet sich schlie\u00dflich im Koran. Christen das Leben schwerzumachen oder zu nehmen, geh\u00f6rt zur dortigen \u201eKultur\u201c. Im Fall des syrischen Assad-Schl\u00e4chters war die deutsche Staatsanwaltschaft hinterher, weil diese der Staatsr\u00e4son verpflichtet ist und Assad von unserer Regierung als Hauptfeind im Nahen Osten gilt; schlimmer als die Taliban, mit der man sich sogar arrangiert. Open Doors betete am 19. und 20. Januar f\u00fcr die noch lebenden Christen in Afghanistan.<\/p>\n<p>Hier in Deutschland geh\u00f6rt es sich noch nicht, Christen umzubringen. Deutsche, die das im Ausland tun wie unsere IS-Rekruten, unterliegen dem deutschen Strafrecht. Aber leider nicht automatisch, wenn Ausl\u00e4nder im Ausland solche Straftaten ver\u00fcbt hatten und dann nach Deutschland kommen. Zwar unterfallen diese \u00a7 6 VStGB, aber wo kein Staatsanwalt Anklage erhebt, findet sich auch kein Richter. Und verfolgte Christen, die es zu uns geschafft haben, unterlassen eine Anzeige meist aus Angst. Denn sie bilden eine hoffnungslose Minderheit gegen\u00fcber den immigrierten Muslimen.<\/p>\n<p>Hier w\u00e4re der Gesetzgeber gefordert. Aber eine Regierungskoalition, deren Chefs ausnahmslos mit dem Christentum gebrochen haben, wird wohl keinen Finger r\u00fchren, um Christen hier oder dort vor den Ausw\u00fcchsen des Islam zu sch\u00fctzen. Und den Juden in unserem Land geht es nicht besser, eher noch schlechter. Die pal\u00e4stinensischen al-Quds-M\u00e4rsche in Berlin und anderen Gro\u00dfst\u00e4dten sind gef\u00fcrchtet. Eine solche Aggression von muslimischen Gruppen gegen Christen in unserem Land gibt es nicht \u2013 noch nicht. Von Weihnachtsmarktattentaten etc. einmal abgesehen. Attacken richten sich insbesondere gegen Einrichtungen in Gottesh\u00e4usern.<\/p>\n<p>Wer sich mit dem Urteil n\u00e4her vertraut machen will, dem sei die Haufe-Expertise zu diesem Fall empfohlen.<br \/>\n23.1.2022, Albrecht K\u00fcnstle, Herbolzheim<br \/>\n.<\/p>\n<p>&nbsp;<\/p>\n<p><strong>Udo Hildenbrand: Christenverfolgung heute\u00a0<\/strong><\/p>\n<p><em>Wer meint, eine Christenverfolgung gebe es nicht, dem sei eine Sammlung des Buchautors Udo Hildenbrand empfohlen:<\/em><\/p>\n<p>Der Westen, der von der jud\u00e4o-christlichen Kultur der Liebe und des Mitleids abstammt, hat doch wohl eine moralische Verpflichtung, zuallererst den Christen zu helfen, den am st\u00e4rksten bedrohten und friedlichsten der Migranten.<br \/>\nUzay Bulut, musl. t\u00fcrk. Journalistin<\/p>\n<p>Weltweit erleben wir die schlimmste Christenverfolgung aller Zeiten, etwa 100.000 Menschen j\u00e4hrlich verlieren ihr Leben, nur weil sie Christen sind. Die allermeisten sterben in islamischen L\u00e4ndern. Haben die Verfolger allesamt den Islam missverstanden? Seit dem Aufkommen dieser Herrschafts- und Unterwerfungsideologie vor 1.400 Jahren wurden ungez\u00e4hlte Dschihad weltweit gef\u00fchrt, Historiker sprechen von rund 270 Millionen Menschen, die ihr Leben verloren, die schlimmste Blutspur in der Menschheitsgeschichte \u00fcberhaupt.<br \/>\nEberhard Kleina, ev. Pfarrer<\/p>\n<p>Solange Juden und Christen als minderwertig angesehen werde, solange wird auch die Christenverfolgung in islamischen Staaten nicht enden.<br \/>\nEdnan Aslan, islamischer Religionsp\u00e4dagoge<\/p>\n<p>Seit dem siebten Jahrhundert haben islamische dschihadistische Armeen die L\u00e4nder des Nahen Ostens und Nordafrikas erobert. Die eingeborenen nichtmuslimischen V\u00f6lker dieser Gebiete haben vergessen, was Sicherheit und religi\u00f6se Freiheit bedeuten.<br \/>\nUzay Bulut, t\u00fcrk. Journalistin<\/p>\n<p>Nie hat es eine schlimmere Christenverfolgung gegeben als derzeit in den von Islam beherrschten Gebieten. Trotz der Hilferufe der verfolgten Christen und der Appelle des Papstes.<br \/>\nWolfgang Ockenfels OP, Sozialethiker<\/p>\n<p>Die Dschihadisten betrachten sich als Muslime, und sie sind es. Sie f\u00fchlen sich als wahre, ernsthafte, authentische Glaubende in der Spur des Kriegsherrn und \u201ePropheten\u201c Mohammed. Es steht Christen nicht zu, ihnen das besserwisserisch zu bestreiten, so wenig es eine Aufgabe von Christen ist, den Islam zu reformieren und zu sanieren. Der Islam ist Islam \u2013 so, wie er sich in seinen vielen Facetten und als Ganzer nach innen wie nach au\u00dfen gibt, darstellt, in Erscheinung tritt.<br \/>\nJohannes R\u00f6ser, Chefredakteur<\/p>\n<p>Die rund 45.000 armenischen und assyrischen Christen, die aus Syrien und dem Irak geflohen sind und sich in kleinen anatolischen Orten in der T\u00fcrkei niedergelassen haben, sind gezwungen, ihre religi\u00f6se Identit\u00e4t zu verheimlichen.<br \/>\nt\u00fcrk. Tageszeitung Hurriyet<\/p>\n<p>Die Sunniten und die Schiiten beschw\u00f6ren dieselben Suren des Koran, wenn sie sich gegenseitig t\u00f6ten. Muslime, die zwischen die Fronten geraten, fliehen. Auch zu uns. Ihnen bieten wir Asyl. Falls sie Christen werden oder heiraten wollten, werden sie auch bei uns verfolgt.<br \/>\nHelmut Markwort, Journalist, Herausgeber<\/p>\n<p>Die internationale Gleichg\u00fcltigkeit gegen\u00fcber den Christenverfolgungen im Nahen Osten ist zu beklagen. Abgesehen von Papst Franziskus, der immer wieder an das Leiden erinnert, wird das Geschehen auf internationaler B\u00fchne beiseite gewischt, als ob die Menschenrechte der Christen nicht denselben Stellenwert h\u00e4tten wie die Rechte anderer Personen.<br \/>\nErzbischof Silvano M. Tomasi, vatikan. UN-Vertreter<\/p>\n<p>Christen werden verfolgt, weil sie ein Kreuz tragen und Christus bezeugen sie werden verurteilt, weil sie eine Bibel besitzen. Die Bibel ist ein extrem gef\u00e4hrliches Buch; so riskant, dass der der es besitzt, in manchen L\u00e4ndern behandelt wird, als versteckte er eine Handgranate im Schrank.<br \/>\nPapst Franziskus<\/p>\n<p>Nie hat es eine schlimmere Christenverfolgung gegeben als derzeit in den vom Islam beherrschten Gebieten. Trotz der Hilferufe der verfolgten Christen und der Appelle des Papstes ist unsere \u00d6ffentlichkeit kaum alarmiert.<br \/>\nWolfgang Ockenfels, kath. Sozialethiker<\/p>\n<p>Verfolgt. 1oo Million Christen werden weltweit bedroht. Zehntausende angegriffen und ermordet. Sie leben in Todesangst \u2212 wie in Nigeria. Sie fliehen massenhaft aus ihrer Heimat \u2013 wie im Irak. Sie organisieren sich im Untergrund \u2212 wie in China. Sie f\u00fchlen sich im Stich gelassen \u2212 wie in der T\u00fcrkei.<br \/>\nWelt am Sonntag<br \/>\n23.1.2022, Erwin K\u00fcnstle, Herbolzheim<\/p>\n<p>&nbsp;<\/p>\n<p>&nbsp;<\/p>\n<p>.<br \/>\n.<\/p>\n<p><strong>Ethnologin Susanne Schr\u00f6ter: Christen am meisten unterdr\u00fcckte Minderheit<\/strong><br \/>\nOliver Gierens: Sie haben k\u00fcrzlich die Kirchen in Deutschland kritisiert, weil sie Ihrer Meinung nach zu unkritisch das Gespr\u00e4ch mit konservativen Islamverb\u00e4nden suchen und zu wenig auf liberale Muslime zugehen w\u00fcrden. Haben die Bisch\u00f6fe ebenfalls die Sorge, in ein falsches Licht ger\u00fcckt zu werden?<br \/>\n<a href=\"https:\/\/www.freiburg-schwarzwald.de\/blog\/uni-gesinnung-statt-argumente\/\">Susanne Schr\u00f6ter<\/a>: Ich wei\u00df nicht, was die Bisch\u00f6fe bewegt, aber wenn sie sich einmal anschauen w\u00fcrden, wie Christen und Mitglieder anderer Religionen zurzeit in muslimisch gepr\u00e4gten L\u00e4ndern behandelt werden, m\u00fcssten sie meiner Meinung nach ins Gr\u00fcbeln kommen. Christen sind weltweit die am meisten unterdr\u00fcckte Minderheit, und in vielen Weltregionen wurden sie mittlerweile fast vollst\u00e4ndig eliminiert. Daf\u00fcr sind Islamisten verantwortlich. Mit ihren Stellvertretern in Deutschland m\u00fcsste sich eine Zusammenarbeit eigentlich verbieten.<br \/>\n&#8230; Alles vom 16.12.2020 bitte lesen auf<br \/>\n<a href=\"https:\/\/www.die-tagespost.de\/gesellschaft\/feuilleton\/islam-expertin-schroeter-tabuisierung-des-islamismus-endlich-beenden;art310,214449\">https:\/\/www.die-tagespost.de\/gesellschaft\/feuilleton\/islam-expertin-schroeter-tabuisierung-des-islamismus-endlich-beenden;art310,214449<\/a><br \/>\n.<br \/>\n<a href=\"https:\/\/www.die-tagespost.de\/politik\/aktuell\/Susanne-Schroeter-Der-politische-Islam-schafft-massive-Probleme;art315,202258\">https:\/\/www.die-tagespost.de\/politik\/aktuell\/Susanne-Schroeter-Der-politische-Islam-schafft-massive-Probleme;art315,202258<\/a><\/p>\n<p>&nbsp;<\/p>\n<p>&nbsp;<\/p>\n<p><strong>Boris Johnson zu Weihnachten: Solidarisch mit verfolgten Christen<\/strong><br \/>\n\u201cToday of all days, I want us to remember those Christians around the world who are facing persecution. For them, Christmas Day will be marked in private, in secret, perhaps even in a prison cell. As Prime Minister, that\u2019s something I want to change. We stand with Christians everywhere, in solidarity, and will defend your right to practise your faith.\u201d<br \/>\n23.12.2019<br \/>\n<a href=\"https:\/\/www.telegraph.co.uk\/politics\/2019\/12\/23\/boris-johnson-will-highlight-plight-persecuted-christians-across\/\">https:\/\/www.telegraph.co.uk\/politics\/2019\/12\/23\/boris-johnson-will-highlight-plight-persecuted-christians-across\/<br \/>\n<\/a>\u00a0.<br \/>\n\u201eGerade heute m\u00f6chte ich, dass wir der Christen auf der ganzen Welt gedenken, die Verfolgung ausgesetzt sind. Sie m\u00fcssen das Christfest im Privaten, im Geheimen, vielleicht sogar in einer Gef\u00e4ngniszelle begehen. Als Premierminister m\u00f6chte ich das \u00e4ndern. Wir stehen den Christen \u00fcberall solidarisch zur Seite und verteidigen Ihr Recht, Ihren Glauben zu praktizieren.\u201c<\/p>\n<p>&nbsp;<\/p>\n<p><strong>Christenverfolgung in Islam-Staaten<\/strong><br \/>\nMir stockt der Atem bei der Aussage \u00fcber die religi\u00f6sen Konflikte in Asien. In Pakistan m\u00fcssen die Kirchen vom Milit\u00e4r oder der Polizei bewacht werden. Zehntausende gingen auf die Stra\u00dfe und forderten den Tod f\u00fcr die Christin Asia Bibi, welche von einem Gericht freigesprochen wurde. In Afghanistan werden sie als bekennender Christ verfolgt, Konvertiten get\u00f6tet. In Indonesien findet eine Islamisierung statt. Christen sind benachteiligt. Mission ist in islamischen L\u00e4ndern verboten. In Malaysia werden Konvertiten in Irrenanstalten gesperrt, um sie zur &#8222;Vernunft&#8220; zu bringen. Ehemalige Sowjetrepubliken sind intolerant gegen\u00fcber Christen. Und dann China: Christen werden drangsaliert.<br \/>\n3.5.2019, Heinz Schwob, Lampenberg, BZ<br \/>\n.<br \/>\nZu: &#8222;Es gibt keine systematische Christenverfolgung&#8220;, Interview mit Kesuma Saddak von Michael Saurer (Politik, 24. April), <a href=\"https:\/\/www.badische-zeitung.de\">https:\/\/www.badische-zeitung.de<\/a><\/p>\n<p>&nbsp;<\/p>\n<p><strong>Nennt die Christenverfolgung beim Namen<\/strong><br \/>\n<em>Die Anschl\u00e4ge in Sri Lanka stehen in einer Reihe von Angriffen auf Christen. Dass sie vielerorts ermordet und verdr\u00e4ngt werden, wird oft nicht deutlich genug benannt.<\/em><br \/>\n&#8230;<br \/>\n2015, Attentat auf ein christliches Osterfest in Garissa, Kenia: 148 Tote;<br \/>\nOstern 2016, Attentat auf ein christliches Osterfest in Lahore, Pakistan: 75 Tote;<br \/>\n2017, Attentat auf ein christliches Osterfest in Alexandria: 45 Tote;<br \/>\n2019, Attentate auf christliche Osterfeste in Sri Lanka: mehr als 300 Tote.<br \/>\nIm Nahen Osten schrumpfen christliche Gemeinden seit Jahren. Sie weichen vor der Gewalt zur\u00fcck. Eine m\u00f6rderische Kampagne gegen Christen und Christinnen ist im Gang. Es gibt in vielen Teilen der Welt militanten Christenhass, der in Mord und Vertreibung m\u00fcndet. Christenverfolgung ist kein Hirngespinst, sie findet statt, seit vielen Jahren schon.<br \/>\n&#8230;<br \/>\nEines muss klar sein: Wenn Attent\u00e4ter Christinnen am Osterfest in Sri Lanka oder in anderen scheinbar entfernten Regionen t\u00f6ten, dann meinen sie auch uns Europ\u00e4er. Sie wollen eine Wurzel der europ\u00e4ischen Zivilisation zerst\u00f6ren. Deshalb ist Christenverfolgung keine Sache, die nur die Christen ber\u00fchrt, genauso wenig wie Muslimhass oder Antisemitismus Sache von Muslimen oder Juden ist. Es ist unser aller Sache. Aber Christen sollten nicht schweigen, wenn Christen Opfer einer Mordkampagne werden, auch dann nicht, wenn sie f\u00fcrchten m\u00fcssen, als Religionskrieger denunziert zu werden \u2013 nur weil sie aussprechen, was ist.<br \/>\n&#8230; Alles vom 25.4.2019 von Ulrich Ladurner bitte lesn auf<br \/>\n<a href=\"https:\/\/www.zeit.de\/politik\/ausland\/2019-04\/religionsfreiheit-christenhass-attentat-sri-lanka-christenverfolgung-osterfest\">https:\/\/www.zeit.de\/politik\/ausland\/2019-04\/religionsfreiheit-christenhass-attentat-sri-lanka-christenverfolgung-osterfest<\/a><br \/>\n.<br \/>\n<strong>Christenvefolgung geht von &#8222;normalen&#8220; Muslimen aus<\/strong><br \/>\n&#8222;Die heute 51-j\u00e4hrige pakistanische Christin Bibi war 2010 an einem Brunnen mit muslimischen Frauen in Streit geraten. Die Musliminnen beschuldigten sie, den Propheten Mohammed beschimpft zu haben. Blasphemie. In Pakistan steht darauf die Todesstrafe.&#8220; Dass waren also ganz &#8222;normale&#8220; Muslime&#8220;, die die Aktion ausgel\u00f6st haben. Die Gefahr geht also nicht lediglich von &#8222;islamistischen&#8220; Extremisten aus. Pakistan ist ein islamischer Staat und kein islamistischer.<br \/>\n25.4.2019, A-J., ZO<br \/>\n.<br \/>\n<strong>gutmeinender Multikulturalismus verdr\u00e4ngt Christenverfolgung<\/strong><br \/>\nSpaet aber immerhin dann doch darf in der Zeit ein Autor ueber ein Problem berichten, was viel zu haeufig in Deutschland aufgrund gutmeinendem Multikulturalismus, oder nur weil man nicht als Islamfeind von div. Kreisen angegriffen werden will, ausgeblendet wird. Ich fordere auch insbesondere die Bundesregierung dazu auf, christliche Asylbewerber aus Pakistan, die dort wegen Ihres Glaubens mit dem Tode bedroht werden (Nachzulesen bei Sabatina e.V.) nicht zuerueck nach Pakistan zu schicken. Bzw. im mir bekannten konkreten Fall mussten diese Leute aus Deutschland nach Kanada weiterfliehen, um sich zu retten.<br \/>\n24.4.2019, SU, ZO<br \/>\n.<br \/>\n<strong>Christliche Migranten werden in D verfolgt<\/strong><br \/>\nAch, ich habe auch einen syrischen Christ kennengelernt, der hier in Deutschland in der N\u00e4he von K\u00f6ln in einer Fl\u00fcchtlingsunterkunft untergebracht war und der seine christliche Identit\u00e4t im Heim verheimlicht hat, weil er Angst hatte, dass ihm andere Fl\u00fcchtlinge dort etwas antun k\u00f6nnen. Er sagte, dass er anhand der Suren, die sie aufsagten, den Eindruck bekommen hat, dass es sich dabei um IS-Sympathisanten handeln k\u00f6nnte. Er ist vor dem IS nach Deutschland geflohen &#8211; sein Vater war ein bekannter christlicher W\u00fcrdentr\u00e4ger. Vor ein paar Monaten habe ich dann mit einem Pfarrer im l\u00e4ndlichen Bayern gesprochen (im Rahmen einer Taufe) und er hat mir erz\u00e4hlt, dass ein afghanischer Fl\u00fcchtling jeden Sonntag zu ihm in die Kirche k\u00e4me und dieser zum Christentum konvertieren wolle. Auch er habe eine Riesenangst davor, dass andere afgh. Fl\u00fcchtlinge davon erfahren k\u00f6nnten. Also das Problem betrifft nicht nur au\u00dfereurop\u00e4ische L\u00e4nder, sondern ist auch in D bereits ein zunehmendes Ph\u00e4nomen.<br \/>\n25.4.2019, E.N.<br \/>\n.<br \/>\n&#8230;\u00fcber die Vorf\u00e4lle, dass christl. Fl\u00fcchtlinge von muslimischen Fl\u00fcchtlingen in Fl\u00fcchtlingsheimen mitten in Deutschland drangsaliert, gar bedroht werden, wurde immer &#8211; auch leider von der Kirche &#8211; ein Mantel des Schweigens dr\u00fcber gelegt.<br \/>\n25.4.2019, C.S.<br \/>\n.<br \/>\n<strong>Danke! Ich finde es traurig und besch\u00e4mend<\/strong>,<br \/>\nwie sehr unsere Medien und die Europ\u00e4er insgesamt zu all dem schweigen. Die Christenverfolgung ist heutzutage weltweit st\u00e4rker als zu allen anderen Zeiten, Christen die am meisten verfolgte religi\u00f6se Gruppe. Warum wird dar\u00fcber geschwiegen?<br \/>\nDeshalb muss der Westen endlich vor dem Islam (und seinen Anh\u00e4ngern) besch\u00fctzt werden.<br \/>\n25.4.2019, CY,<br \/>\n.<br \/>\nEin \u00fcberf\u00e4lliger Artikel, der gerne noch etwas pointierter h\u00e4tte ausfallen k\u00f6nnen. Schlimm genug, wenn man zwar die Kirchen nach Gusto kritisieren und l\u00e4cherlich machen kann, aber selbst bei sachlicher Kritik am Islam mal schnell als islamophob bezeichnet oder gar unter Polizeischutz gestellt wird. Dass sich jedoch viele Verteidiger von Muslimen, denen in unseren Breiten ja herzlich wenig Gefahr droht, angesichts der deutlich konkreteren Gefahren f\u00fcr Christen wegducken &#8211; \u00fcbrigens auch viele Kleriker &#8211; ist nicht besser. Um diese Inkonsistenz, ja Heuchelei zu benennen, muss man kein Christ sein.<br \/>\n245.4.2019, SV,<br \/>\n.<br \/>\n<strong>Wie gut, dass in ZON diese Sache mal beim Namen genannt wird<br \/>\n<\/strong>Wenn wir zu feige sind oder aus mir unverst\u00e4ndlichen Motiven, immer die Schuld bei uns selber suchen, wird es nicht besser, sondern immer schlimmer. Die Kreuzz\u00fcge vor 1000 Jahren sind kein Grund die heutigen Christenverfolgungen zu bagtellisieren oder zu relativieren. Auch das Anbiedern an L\u00e4nder wie Saudi Arabien, die Hassprediger ausbilden und in die Welt schicken (die Gr\u00fcnder von Boko Haram zum Beispiel) ermutigt die Islamisten nur. Zur Zeit ist es bei uns so: Auf 1000de Artikel \u00fcber Islamfeindlichkeit kommt 1 Artikel \u00fcber Christenfeindlichkeit, wobei diese noch viel radikaler und t\u00f6dlicher ist. Warum? Ist das ausgewogen Dieser Artikel in diesem Medium ist da ein kleiner Lichtblick.<br \/>\n25.4.2019, MD, ZO<br \/>\n.<br \/>\n<strong>Wir m\u00fcssen laut sein!<\/strong><br \/>\nChristinnen und Christen werden \u00fcberall dort, wo der Islam Staatsdoktrin ist, systematisch verfolgt und get\u00f6tet; die mediale Aufmerksamkeit ist in Europa nicht halb so hoch als bei diversen &#8222;Ungerechtigkeiten&#8220; gegen\u00fcber Musliminnen und Muslimen, die dort stattfinden, wo Muslime in der Minderheit sind. Und wir sollen gut beraten sein, vorsichtig zu sein, weil wir wei\u00df der Deibel wen reizen k\u00f6nnten. Das ist falsch. Wir m\u00fcssen laut sein und, wo n\u00f6tig, auch wirtschaftlich wie milit\u00e4risch nachdr\u00fccklich handeln. Und wir sollten Christinnen und Christinnen aus L\u00e4ndern, in denen sie verfolgt werden, gezielt bevorzugt Asyl gew\u00e4hren.<br \/>\n25.4.2019, SR<br \/>\n.<br \/>\nIn Sri Lanka haben die Attent\u00e4ter planm\u00e4\u00dfig und gezielt die westliche und christliche Kultur angegriffen. Der verhasste Westen sollte mit dem Mord in Touristenhotels direkt getroffen werden. Die verhasste Religion des Westens \u2013 das Christentum \u2013 mit dem Massenmord in Kirchen am h\u00f6chsten Feiertag. Das alles nicht zu Kenntnis nehmen zu wollen beziehungsweise mit verbalen Beliebigkeiten zu \u201eHass\u201c oder \u201eGewalt\u201c zuzukleistern, ist Realit\u00e4tsverweigerung . inzwischen haben sich alle erdenklichen Variationen des Satzes \u201eDas hat nichts mit dem Islam zu tun\u201c ja bis zur bitteren L\u00e4cherlichkeit abgenutzt.<br \/>\n25.4.2019, A.B., ZO<br \/>\n.<br \/>\n<strong>&#8222;Nennt die Christenverfolgung beim Namen&#8220;<\/strong><br \/>\nAn WEN richtet sich dieser Appell ? An die Kirchenoberen, Politik , Medien , wenn ja &#8211; welche? Bis zum verheerenden Gro\u00dfbrand der Notre Dame &#8211; war es bis auf k\u00fcrzlich kein Thema der seri\u00f6sen Medien, wenn Kirchen brennen oder gesch\u00e4ndet werden &#8211; in Frankreich, Deutschland u. Europa weit Am 17. M\u00e4rz 2019 , brannte es w\u00e4hrend des Gottesdienstes in der zweitgr\u00f6\u00dften (!) Pariser Kirche Saint-Sulpice,<br \/>\n<a href=\"https:\/\/www.katholisch.de\/aktuelles\/aktuelle-artikel\/flammen-schlagen-aus-zweitgroter-kirche-von-paris\">https:\/\/www.katholisch.de\/aktuelles\/aktuelle-artikel\/flammen-schlagen-aus-zweitgroter-kirche-von-paris<\/a><br \/>\n.<br \/>\nDer Erzbischof von PARIS , wollte damals keine &#8222;vorschnellen&#8220; Schl\u00fcsse ziehen: \u201eNoch wissen wir nichts \u00fcber das Motiv.\u201c Fest stand aber: Es war Brandstiftung! Das Wiener &#8222;Doku-archiv der Intoleranz gegen Christen&#8220; listete allein im Zeitraum zwischen dem 1. und dem 10. Febr\u201c neun Sch\u00e4ndungen und Zerst\u00f6rungen in Kirchen auf. Warum werden jedoch &#8211; im Gegensatz zu Aufsehen erregenden Moscheen- und Synagogen-Anschl\u00e4gen, Berichte \u00fcber die zahleichen Kirchensch\u00e4ndungen &#8211; und Brandstiftungen bestenfalls i.d.R. nur den jew. tatortnahen Lokalbl\u00e4ttern \u00fcberlassen &#8211; und schlimmerweise i.d.R. stattdessen Rechtspopulisten und dem rechten Rand, welche daraus ihr Kapital schlagen ?<br \/>\n25.4.2019, L.M.<br \/>\n<strong>Christenverfolgung erdulden<\/strong><br \/>\nDie vornehmste Aufgabe der christlichen Kirchen und ihrer Spizenpfaffen Marx, W\u00f6lki und Bedford-Strohm besteht heute darin, im Namen des toleranten Vaters, des mutma\u00dflichen Sohnes und des heiligen Dingens die Christenverfolgung der Gegenwart zu beschweigen und in kultursensibler Stummheit zu erdulden.<br \/>\n16.11.2018, <a href=\"https:\/\/www.michael-klonovsky.de\">https:\/\/www.michael-klonovsky.de<\/a><\/p>\n<p>&nbsp;<\/p>\n<p>&nbsp;<\/p>\n<p><strong>Warum zerst\u00f6ren Fl\u00fcchtlinge aus dem Nahen Osten christliche Strukturen?<\/strong><br \/>\nNicht identifizierte Migrantengruppen haben ein Kruzifix auf Lesbos zerst\u00f6rt. Nur wenige Tage sp\u00e4ter und in einem zweiten Akt der Entweihung orthodoxer Symbole vandalisierten und zerst\u00f6rten extremistische Muslime auf der Insel einen kleinen Proskinitari (einen kleinen Schrein, der eine Heiligenfigur tr\u00e4gt).<br \/>\nSo viel Anspannung auf einer ansonsten friedlichen griechischen Insel geschieht nicht ohne Grund. Im Jahr 2017 sagte ein syrischer Migrant auf Lesbos diesem Autor: &#8222;Ich sage Ihnen, so direkt von Moslem zu Moslem. Diese [europ\u00e4ischen Sozialarbeiter] sind komisch. Ich wei\u00df nicht, warum um alles in der Welt sie derma\u00dfen in eine muslimische Sache verliebt sind, die selbst wir Muslime verachten.&#8220;<br \/>\nIm selben Jahr sagte ein Afghane auf derselben Insel an denselben Autor: &#8222;Eines Tages werden wir guten Muslime ihre ungl\u00e4ubigen L\u00e4nder erobern.&#8220;<br \/>\nZu Beginn der Fl\u00fcchtlingskrise im Jahr 2015 konnten Sie in diesem Journal lesen:<br \/>\n&#8222;Die syrische Fl\u00fcchtlingskrise in L\u00e4ndern, die sich vom Nahen Osten bis ins Herzen Europas erstrecken, ist eine weitere Episode in einem grandiosen, vielschichtigen Nahost-Dilemma: Muslime in diesem Teil der Welt betrachten den christlichen Westen als &#8222;b\u00f6se&#8220;; dennoch wissen sie, dass christliche L\u00e4nder die anst\u00e4ndigsten Orte sind, um wirtschaftlich und politisch zu leben. Reiche arabische Staaten wenden sich starr von der Notlage ihrer muslimischen Mitmenschen, die eine helfende Hand brauchen, ab, und islamistische Heuchler geben dem Westen die Schuld.&#8220;<br \/>\nDrei Jahre sp\u00e4ter ist das wahrer denn je.<br \/>\n&#8230; Alles von Burak Bekdil vom 10.11.2018 bitte lesen auf<br \/>\n<a href=\"https:\/\/de.gatestoneinstitute.org\/13273\/fluechtlinge-zerstoerung\">https:\/\/de.gatestoneinstitute.org\/13273\/fluechtlinge-zerstoerung<\/a><br \/>\n.<br \/>\n<em>Burak Bekdil, einer der f\u00fchrenden Journalisten der T\u00fcrkei, wurde k\u00fcrzlich nach 29 Jahren von der renommiertesten Zeitung des Landes entlassen, weil er f\u00fcr Gatestone geschrieben hatte, was in der T\u00fcrkei geschieht. Er ist Fellow beim Middle East Forum.<\/em><\/p>\n<p>&nbsp;<\/p>\n<p>&nbsp;<\/p>\n<p><strong>Fl\u00fcchtlinge: Christen mehr gef\u00e4hrdet als Muslime<\/strong><br \/>\nDie Bundeskanzlerin rechtfertigt die \u00d6ffnung der Grenzen stets mit Gr\u00fcnden der Humanit\u00e4t und des Mitgef\u00fchls. Da wundert man sich, da\u00df verfolgte Christen aus islamischen L\u00e4ndern nicht kommen d\u00fcrfen. Also, wer in einem islamischen Land als Christ mi\u00dfhandelt und mit dem Tode bedroht wird, darf nicht nach Deutschland kommen, wenn er kein Geld hat, um sich herschmuggeln zu lassen, weil Antr\u00e4ge auf Aufnahme grunds\u00e4tzlich abgelehnt werden, wenn sie vom Ausland aus gestellt werden.<br \/>\nNat\u00fcrlich betrifft diese Regelung alle Fl\u00fcchtlinge, aber es ist ein v\u00f6llig falsches Kriterium und f\u00fchrt zu v\u00f6llig falschen Ergebnissen. Es sollte eben nicht danach gehen, wer \u00fcber genug Geld f\u00fcr einen Schlepper oder die meiste Gewalt beim Grenz\u00fcbertritt verf\u00fcgt beziehungsweise die gr\u00f6\u00dften Risiken eingeht oder die meisten Strapazen ertragen kann oder einfach Gl\u00fcck hat. Vielmehr sollte es danach gehen, wer die Aufnahme am meisten n\u00f6tig hat und wer hier der Bev\u00f6lkerung die wenigsten Probleme bereitet. An beiden Ma\u00dfst\u00e4ben fehlt es bisher v\u00f6llig. Wenn man bedenkt, da\u00df die Christen die am schlimmsten verfolgte Gruppe in den islamischen L\u00e4ndern darstellen, dann ist das bisherige Vorgehen das genaue Gegenteil von Humanit\u00e4t.<br \/>\nDie gro\u00dfe Mehrheit fl\u00fcchtender Muslime und insbesondere die B\u00fcrgerkriegsfl\u00fcchtlinge haben die Aufnahme in Deutschland eben nicht in gleicher Weise n\u00f6tig. Sie k\u00f6nnten durchaus von einem islamischen Land in ein anderes wechseln, &#8230;<br \/>\nAlles von Sabatina James vom 13.10.2017, Seite 18, bitte lesen auf <a href=\"https:\/\/www.jungeFreiheit.de\">www.jungeFreiheit.de<\/a><\/p>\n<p><em>Sabatina James, Jahrgang 1982, gr\u00fcndete die Hilfsorganisation \u201eSabatina e.V.\u201c zur Unterst\u00fctzung bedrohter moslemischer Frauen in Deutschland und \u00d6sterreich. Bekannt wurde sie durch Fernsehauftritte, B\u00fccher und Tontr\u00e4ger. James wuchs in Pakistan auf und kam als Zehnj\u00e4hrige nach \u00d6sterreich. Mit 18 Jahren bekannte sich James zum christlichen Glauben und wurde daf\u00fcr von ihren Verwandten zum Tode verurteilt. Sie tauchte unter und gelangte nach Deutschland. Seit 2006 lebt James in einem Opferschutzprogramm der Polizei.<\/em><br \/>\n<a href=\"https:\/\/www.sabatina-ev.de\"><em> www.sabatina-ev.de<\/em><\/a><\/p>\n<p>Sabatina James: Scharia in Deutschland. Wenn die Gesetze des Islam das Recht brechen. Knaur Verlag, M\u00fcnchen 2015, broschiert, 144 Seiten, 12,99 Euro<\/p>\n<p>&nbsp;<\/p>\n<p><strong>Christenverfolgung: Linke bedienten sich rechter Denkmuster<\/strong><br \/>\nWo bleibt eigentlich der Aufschrei angesichts der Verfolgung von Frauen, Homosexuellen oder Christen in islamischen L\u00e4ndern? Als Au\u00dfenstehender d\u00fcrfe man sich da kein Urteil anma\u00dfen, das sei eben eine andere Kultur, h\u00f6re ich dazu von einigen Linksliberalen.<br \/>\nDamit sprechen sie einer ganzen Gruppe von Menschen aufgrund ihrer kulturellen Herkunft die F\u00e4higkeit ab, sich aufgekl\u00e4rt zu verhalten. Ist nicht genau das ein rechtes Denkmuster?&#8230;.<br \/>\nVerena Friederike Hasel: Ich bin nicht mehr links. \u00dcber das Abschiednehmen vom eigenen Milieu<br \/>\n20.4.2017, DIE ZEIT 17\/2017, Seite 62<br \/>\n<a href=\"https:\/\/www.zeit.de\/2017\/17\/politische-korrektheit-links-intoleranz-afd\">https:\/\/www.zeit.de\/2017\/17\/politische-korrektheit-links-intoleranz-afd<\/a><\/p>\n<p>&nbsp;<\/p>\n<p><strong>Im Nahen Osten und Afrika Pogromstimmung gegen Christen<\/strong><br \/>\nEs sind besonders brutale Anschl\u00e4ge auf die christliche Minderheit in \u00c4gypten: Bewusst am Palmsonntag wurden in Alexandria und Tanta mindestens 44 Menschen get\u00f6tet \u2013 nur weil sie Christen waren. Doch das Massaker ist Teil einer systematischen Verfolgung von Christen im gesamten arabischen Raum. Menschenrechtsgruppen z\u00e4hlen f\u00fcr das vergangene Jahr 7100 ermordete Christen und 2406 attackierte Kirchen. Christen fl\u00fcchten \u2013 einem Exodus gleich \u2013 massenhaft aus dem Nahen Osten. Das Hilfswerk \u201eOpen Doors\u201c warnt, die \u201eVerfolgung im Stil ethnischer S\u00e4uberung greife auch auf Afrika \u00fcber\u201c, die systematischen Massaker des IS w\u00fcrden Schule machen. Das amerikanische Au\u00dfenministerium spricht von einem \u201eGenozid\u201c. Auch der EU-Sondergesandte Jan Figel erkl\u00e4rt: \u201eIch denke, dass es sehr wichtig ist, diese Ereignisse auch als Genozid zu bezeichnen. Denn daraus leitet sich in internationalem Recht auch die Verpflichtung ab, zu handeln. Den Stimm- und Schutzlosen muss eine Stimme gegeben werden. Wir sollten das \u201aGenozid-Jahrhundert\u2018 beenden.\u201c &#8230;<br \/>\nAlles von Wolfram Weimer vom 13.4.2017 bitte lesen auf<br \/>\n<a href=\"https:\/\/www.achgut.com\/artikel\/im_nahen_osten_und_afrika_pogromstimmung_gegen_christen\">https:\/\/www.achgut.com\/artikel\/im_nahen_osten_und_afrika_pogromstimmung_gegen_christen<br \/>\n<\/a>\u00a0 .<br \/>\n<strong>Die Amtskirchen schweigen zur Christenverfolgung<\/strong><br \/>\nEin ersch\u00fctternder Artikel. Die Fakten sind dabei so neu nicht. Erstaunen muss, wie wenig Anteilnahme die Opfer hierzulande erfahren. Das Elend ist ja auch weit genug weg. \u00c4u\u00dferst fragw\u00fcrdig finde ich in diesem Kontext die Haltung der beiden Amtskirchen. Ich kann keinen lauten Aufschrei vernehmen, keine konkrete, wirksame Hilfe f\u00fcr die Glaubensbr\u00fcder erkennen. F\u00fcrbitten m\u00f6gen das eigene Gewissen beruhigen, den Verfolgten und Geschundenen n\u00fctzt das herzlich wenig. W\u00fcrden die W\u00fcrdentr\u00e4ger doch den gleicher Eifer an den Tag legen, wie sie ihn hierzulande bei der naiven, geradezu infantilen Anbiederung an den Islam an den Tag legen. Da bleibt mir nur zu sagen: Herr vergib Ihnen, denn sie wissen nicht was sie tun. &#8230;<br \/>\nEs w\u00e4re interessant zu wissen, was die deutschen Kirchenoberh\u00e4upter Marx und Bedford- Strom dazu sagen. Sie predigen seit Monaten, dass die N\u00e4chstenliebe f\u00fcr die muslemischen Einwanderer in Deutschland von besonderer Bedeutung sei und sprechen der Bundeskanzlerin das Wort. Wie in der Vergangenheit, spielen die Kirchen in Deutschland eine fragw\u00fcrdige politische Rolle.<br \/>\n13.4.20167, Dr. Hartmut Bredereck<\/p>\n<p>&nbsp;<\/p>\n<p><strong>Christen und Islam seit 1400 Jahren &#8211; Bis die Plage endet<\/strong><br \/>\n<em>Nun wird also auch in Europa ein heiliger Ort zum Ziel des Terrors.<\/em><br \/>\n<em> Wir Christen im Nahen Osten erleben das (wie in <a title=\"Rouen26July2016\" href=\"https:\/\/www.freiburg-schwarzwald.de\/blog\/engagement\/zukunft\/demokratie\/rouen26july2016\/\">Rouen<\/a>) seit 1400 Jahren und bis auf den heutigen Tag: Wer hier seine Kirchent\u00fcr \u00f6ffnet und denjenigen Frieden anbietet, die Unfrieden stiften, der mu\u00df mit dem Tod rechnen.<\/em><br \/>\n<em> Wie viel werden wir noch erleiden, bis diese Plage endet?<\/em><br \/>\n<em> Wie k\u00f6nnen wir die ideologischen und finanziellen Quellen der Gewalt austrocknen?<\/em><br \/>\n<em> Darauf m\u00fcssen die Politiker unseres &#8222;globalen Dorfes&#8220; eine Antwort finden.<\/em><br \/>\nEmanuel Youkhana, Erzdiakon er Assyrischen Kirche im Irak, stammt aus den N\u00e4he von Mossul<br \/>\n28.7.2016, DIE ZEIT, Seite 48<\/p>\n<p>&nbsp;<\/p>\n<p><strong>Christenhass in Asylheimen<\/strong><br \/>\n&#8222;Zwar sind Christen und Jesiden besonders von Beleidigungen oder \u00dcbergriffen betroffen, aber auch Drusen, Mand\u00e4er, manche Schiiten, Aleviten und Alawiten sowie Atheisten&#8220;, sagte Lessenthin der &#8222;Welt&#8220;. &#8222;Viele \u00dcbergriffe durch fundamentalistische Muslime kommen nicht heraus, weil das Wachpersonal h\u00e4ufig aus unqualifizierten strenggl\u00e4ubigen Muslimen besteht.&#8220; &#8230;. Alles vom 26.5.2016 bitte lesen auf<br \/>\n<a href=\"https:\/\/www.welt.de\/politik\/deutschland\/article155691305\/Christenhass-in-Asylheimen-und-das-Wachpersonal-sieht-weg.html\">https:\/\/www.welt.de\/politik\/deutschland\/article155691305\/Christenhass-in-Asylheimen-und-das-Wachpersonal-sieht-weg.html<br \/>\n<\/a>\u00a0 \u00a0.<br \/>\n<strong>Christenhass gibt es nicht von der Friedensreligion des Islam<\/strong><br \/>\nDas kann sich alles nur um einen Irrtum handeln. Christenhass gibt es nicht. Die Friedensreligion l\u00e4sst das \u00fcberhaupt nicht zu. Solche Meldungen sind sicher zielgerichtet aufgebauscht, um schlechte Stimmung zu verbreiten. Da sollte gerade aktuell auf dem Katholikentag nochmal eingehend alles zur\u00fcckgewiesen werden.<br \/>\nSchickt doch einfach mal Bischof Bedford-Strohm und Kardinal Woelki\/Marx\/Lehmann dorthin (nach Arabien) zum Predigen, vielleicht hilfts ja?<br \/>\n26.5.2016, Gernot Rahl, WO<\/p>\n<p><strong>Gar keine Gefahren f\u00fcr christliche Fl\u00fcchtlinge?<\/strong><br \/>\nArabisches Wachpersonal drangsaliert Christen. Kulturen prallen aufeinander, ohne Hoffnung auf Ann\u00e4herung. Die Regierung verabschiedet ein Integrationsgesetz\/Einwanderungsgesetz 1.0, das den Namen nicht verdient. Die katholische Kirche sagt, dass die AfD eine Gefahr f\u00fcr die christliche Kirche darstellt. Kann es eigentlich noch schlimmer werden in Deutschland? Was wir aus unserer Gesellschaft, wenn das so weitergeht?<br \/>\nIn einem konfessionellen Krankenhaus in meiner Umgebung haben z.B. derartige\u00a0muslimischen&#8220;G\u00e4ste&#8220; das im Zimmer angebrachte Wandkreuz aus dem Mauerwerk herausgebrochen. Das muss man sich mal vorstellen!<br \/>\nPunkt<br \/>\n.<br \/>\n<strong>Gutes Zusammenleben von Muslimen und Christen = Umbringen?<\/strong><br \/>\n&#8222;Rund 1350 Jahre haben Christen in L\u00e4ndern des Nahen Ostens \u00fcberwiegend friedlich, wenngleich nicht gleichberechtigt mit einer muslimischen Bev\u00f6lkerungsmehrheit gelebt. Wir d\u00fcrfen nicht den Irrglauben sch\u00fcren, Christen und Muslime k\u00f6nnten nicht gut zusammenleben.&#8220; Sich allen Ernstes hinzustellen und zu behaupten, Christen k\u00f6nnten gut mit Muslimen zusammen leben, obwohl sie in mehrheitlich muslimischen L\u00e4ndern eben keine gleichen Rechte von den Muslimen zugestanden bekommen, ist nahezu unfassbar. Wie definiert der Herr dann &#8222;gutes Zusammenleben&#8220; ?<br \/>\n30.5.2016, Alex, WO<\/p>\n<p><strong>Christenverfolgung &#8211; unertr\u00e4gliche Situation<\/strong><br \/>\nDass sich die christlichen Kirchen bei der F\u00fcrsorge von christlichen Asylbewerbern aus der Verantwortung stehlen, ist mehr als blamabel und nicht zu verstehen.<br \/>\n<a href=\"https:\/\/www.rolandtichy.de\/daili-es-sentials\/das-ist-eine-unertraegliche-situation\/\">https:\/\/www.rolandtichy.de\/daili-es-sentials\/das-ist-eine-unertraegliche-situation\/<br \/>\n<\/a>\u00a0 .<br \/>\nSabatina James genau zum Thema der Christenverfolgung durch Muslime.<br \/>\n<a href=\"https:\/\/www.phoenix.de\/content\/phoenix\/die_sendungen\/diskussionen\/1107715\">https:\/\/www.phoenix.de\/content\/phoenix\/die_sendungen\/diskussionen\/1107715<\/a><\/p>\n","protected":false},"excerpt":{"rendered":"<p>Home &gt;Religion &gt;Katholisch &gt;Christen &gt;Christenverfolgung &nbsp; Listenauswahl eines Beitrags (Artikel\/Datum, Seite\/Inhalt):\u00a0Klicken oder scrollen \u00c4gypten: Koptischer Christ Verurteilt f\u00fcr ein YouTube-Video (9.7.2026) Gefahr von islamischer und linker Seite \u2013 IslamoGauchisme\u00a0(16,5,2926) Religionskriege Afrika Asien Iran\u00a0(15.4.2026) Notre Dame \u201ewill not be silent\u201c\u00a0(5.3.2026) Sternsingeraktion &hellip; <a href=\"https:\/\/www.freiburg-schwarzwald.de\/blog\/religion\/christen\/christenverfolgung\/\">Weiterlesen <span class=\"meta-nav\">&rarr;<\/span><\/a><\/p>\n","protected":false},"author":2,"featured_media":0,"parent":15114,"menu_order":0,"comment_status":"open","ping_status":"closed","template":"","meta":{"footnotes":""},"class_list":["post-61010","page","type-page","status-publish","hentry"],"_links":{"self":[{"href":"https:\/\/www.freiburg-schwarzwald.de\/blog\/wp-json\/wp\/v2\/pages\/61010","targetHints":{"allow":["GET"]}}],"collection":[{"href":"https:\/\/www.freiburg-schwarzwald.de\/blog\/wp-json\/wp\/v2\/pages"}],"about":[{"href":"https:\/\/www.freiburg-schwarzwald.de\/blog\/wp-json\/wp\/v2\/types\/page"}],"author":[{"embeddable":true,"href":"https:\/\/www.freiburg-schwarzwald.de\/blog\/wp-json\/wp\/v2\/users\/2"}],"replies":[{"embeddable":true,"href":"https:\/\/www.freiburg-schwarzwald.de\/blog\/wp-json\/wp\/v2\/comments?post=61010"}],"version-history":[{"count":6,"href":"https:\/\/www.freiburg-schwarzwald.de\/blog\/wp-json\/wp\/v2\/pages\/61010\/revisions"}],"predecessor-version":[{"id":152049,"href":"https:\/\/www.freiburg-schwarzwald.de\/blog\/wp-json\/wp\/v2\/pages\/61010\/revisions\/152049"}],"up":[{"embeddable":true,"href":"https:\/\/www.freiburg-schwarzwald.de\/blog\/wp-json\/wp\/v2\/pages\/15114"}],"wp:attachment":[{"href":"https:\/\/www.freiburg-schwarzwald.de\/blog\/wp-json\/wp\/v2\/media?parent=61010"}],"curies":[{"name":"wp","href":"https:\/\/api.w.org\/{rel}","templated":true}]}}