{"id":60736,"date":"2016-05-12T16:33:42","date_gmt":"2016-05-12T14:33:42","guid":{"rendered":"https:\/\/www.freiburg-schwarzwald.de\/blog\/?page_id=60736"},"modified":"2025-09-28T18:32:00","modified_gmt":"2025-09-28T16:32:00","slug":"fluechtlinge-wohnung","status":"publish","type":"page","link":"https:\/\/www.freiburg-schwarzwald.de\/blog\/global\/integration\/fluechtlinge-wohnung\/","title":{"rendered":"Fluechtlinge-Wohnung"},"content":{"rendered":"<p><a href=\"https:\/\/www.freiburg-schwarzwald.de\/blog\">Home<\/a> &gt;<a title=\"Global\" href=\"https:\/\/www.freiburg-schwarzwald.de\/blog\/global\/\">Global<\/a>\u00a0&gt;<a title=\"Migration\" href=\"https:\/\/www.freiburg-schwarzwald.de\/blog\/global\/migration\/\">Migration<\/a> &gt;<a title=\"Integration\" href=\"https:\/\/www.freiburg-schwarzwald.de\/blog\/global\/integration\/\">Integration<\/a> &gt;<a title=\"Fluechtlinge\" href=\"https:\/\/www.freiburg-schwarzwald.de\/blog\/global\/integration\/fluechtlinge\/\">Fluechtlinge<\/a> &gt;Fluechtlinge-Wohnung<\/p>\n<div id=\"attachment_60738\" style=\"width: 649px\" class=\"wp-caption alignnone\"><a href=\"https:\/\/www.freiburg-schwarzwald.de\/blog\/global\/integration\/fluechtlinge-wohnung\/strand5kinder-pan160503\/\" rel=\"attachment wp-att-60738\"><img loading=\"lazy\" decoding=\"async\" aria-describedby=\"caption-attachment-60738\" class=\"size-full wp-image-60738\" src=\"https:\/\/www.freiburg-schwarzwald.de\/blog\/wp-content\/uploads\/2016\/05\/strand5kinder-pan160503.jpg\" alt=\"Kinder am Strand von Treporti bei Venedig am 4.5.2016\" width=\"639\" height=\"272\" srcset=\"https:\/\/www.freiburg-schwarzwald.de\/blog\/wp-content\/uploads\/2016\/05\/strand5kinder-pan160503.jpg 639w, https:\/\/www.freiburg-schwarzwald.de\/blog\/wp-content\/uploads\/2016\/05\/strand5kinder-pan160503-180x76.jpg 180w\" sizes=\"auto, (max-width: 639px) 100vw, 639px\" \/><\/a><p id=\"caption-attachment-60738\" class=\"wp-caption-text\">Kinder am Strand von Treporti bei Venedig am 4.5.2016<\/p><\/div>\n<ul>\n<li><em>Listenauswahl eines Beitrags (Artikel\/Datum, Seite\/Inhalt): <span style=\"text-decoration: underline;\">Klicken<\/span> oder scrollen<\/em><\/li>\n<li>Die Verdr\u00e4ngung der Deutschen aus den St\u00e4dten (27.9.2025)<\/li>\n<li>Fl\u00fcchtlingswohnheim und die Familien in der Nachbarschaft (3.7.2024)<\/li>\n<li><a href=\"https:\/\/www.freiburg-schwarzwald.de\/blog\/verdraengung-wohnungsmarkt\/\">Verdr\u00e4ngung \u2013 Wohnungsmarkt<\/a>\u00a0(2.3.2023)<\/li>\n<li><a href=\"https:\/\/www.freiburg-schwarzwald.de\/blog\/loerrach-migration-gegen-mieter\/\">L\u00f6rrach: Migration gegen Mieter<\/a>\u00a0(20.2.2023)<\/li>\n<li><a href=\"https:\/\/www.freiburg-schwarzwald.de\/blog\/business\/dienste\/immobilien\/wohnen\/wohnungsmangel\/\">Wohnraummangel \u2013 Investition \u2013 Migration<\/a>\u00a0(9.12.2021)<\/li>\n<li><a href=\"https:\/\/www.freiburg-schwarzwald.de\/blog\/wohnungsbau-statt-enteignung\/\">https:\/\/www.freiburg-schwarzwald.de\/blog\/wohnungsbau-statt-enteignung\/<\/a>\u00a0(10.4.2019)<\/li>\n<li><a title=\"Enteignung\" href=\"https:\/\/www.freiburg-schwarzwald.de\/blog\/selbsthilfe\/soziales\/justiz\/rechtsstaat\/enteignung\/\">Karl Lauterbach: Miethaie enteignen in Berlin wie die Juden im 3.Reich?<\/a>\u00a0(10.4.2019)<\/li>\n<li><a title=\"Migration-Wohnen\" href=\"https:\/\/www.freiburg-schwarzwald.de\/blog\/global\/migration\/migration-wohnen\/\">Die Tabuzone in der Wohnungskrise: Migranten verdr\u00e4ngen Mieter<\/a> (10.4.2019)<\/li>\n<li><a title=\"Steinhalde\" href=\"https:\/\/www.freiburg-schwarzwald.de\/blog\/regio\/freiburg\/ebnet\/steinhalde\/\">Neubau von Einfachwohnungen f\u00fcr Migranten am\u00a0 Ende der Ebneter Steinhalde<\/a>\u00a0(25.2.2019)<\/li>\n<li>Sozialarbeiter berichtet aus Asyl-Wohnheim &#8211; ehrlich, deshalb anonym (8.11.2018)<\/li>\n<li>Sexuelle Bel\u00e4stigung ist in Fl\u00fcchtlingswohnheimen allt\u00e4glich (11.12.2016)<\/li>\n<li>Fl\u00fcchtlingsheime sind wie eine Black Box &#8211; D\u00e4mliche Deutsche (11.8.2016)<\/li>\n<li><a href=\"https:\/\/www.freiburg-schwarzwald.de\/blog\/wohnmodule-von-rolf-disch\/\">https:\/\/www.freiburg-schwarzwald.de\/blog\/wohnmodule-von-rolf-disch\/<\/a> \u00a0(29.7.2016)<\/li>\n<li><\/li>\n<li><a title=\"Entwurzelung\" href=\"https:\/\/www.freiburg-schwarzwald.de\/blog\/global\/migration\/entwurzelung\/\">Entwurzelung<\/a><\/li>\n<li><a title=\"Familiennachzug\" href=\"https:\/\/www.freiburg-schwarzwald.de\/blog\/global\/migration\/familiennachzug\/\">Familiennachzug \u2013 Fl\u00fcchtlinge<\/a><\/li>\n<li><a title=\"Fluechtlinge\" href=\"https:\/\/www.freiburg-schwarzwald.de\/blog\/global\/integration\/fluechtlinge\/\">Fl\u00fcchtlinge<\/a><\/li>\n<li><a title=\"Fluechtlinge2016\" href=\"https:\/\/www.freiburg-schwarzwald.de\/blog\/global\/integration\/fluechtlinge2016\/\">Fl\u00fcchtlinge2016<\/a><\/li>\n<li><a title=\"Fluechtlinge-Arbeit\" href=\"https:\/\/www.freiburg-schwarzwald.de\/blog\/fluechtlinge-arbeit\/\">Fluechtlinge-Arbeit<\/a><\/li>\n<li><a title=\"Fluechtlinge-Chance\" href=\"https:\/\/www.freiburg-schwarzwald.de\/blog\/global\/integration\/fluechtlinge-chance\/\">Fl\u00fcchtlinge \u2013 Chance<\/a><\/li>\n<li><a title=\"Fluechtlinge-Islam\" href=\"https:\/\/www.freiburg-schwarzwald.de\/blog\/global\/integration\/fluechtlinge-islam\/\">Fluechtlinge-Islam<\/a><\/li>\n<li><a title=\"Fluechtlinge-Paten\" href=\"https:\/\/www.freiburg-schwarzwald.de\/blog\/global\/integration\/fluechtlinge-paten\/\">Fluechtlinge-Paten<\/a><\/li>\n<li><a title=\"Fluechtlinge-Pflichten\" href=\"https:\/\/www.freiburg-schwarzwald.de\/blog\/global\/integration\/fluechtlinge-pflichten\/\">Fluechtlinge-Pflichten<\/a><\/li>\n<li><a title=\"Fluechtlinge-Wohnung\" href=\"https:\/\/www.freiburg-schwarzwald.de\/blog\/global\/integration\/fluechtlinge-wohnung\/\">Fluechtlinge-Wohnung<\/a><\/li>\n<li><a href=\"https:\/\/www.freiburg-schwarzwald.de\/migration.htm#Fl\u00fcchtlinge: R\u00fcckkehr- und Perspektivberatung in Freiburg\">Fl\u00fcchtlinge: R\u00fcckkehr- und Perspektivberatung f\u00fcr Fl\u00fcchtlinge<\/a><\/li>\n<li><a title=\"Fluechtlingslager\" href=\"https:\/\/www.freiburg-schwarzwald.de\/blog\/global\/migration\/fluechtlingslager\/\">Fl\u00fcchtlingslager<\/a><\/li>\n<li><a title=\"Fluechtlingsaktivisten\" href=\"https:\/\/www.freiburg-schwarzwald.de\/blog\/global\/migration\/fluechtlingsaktivisten\/\">Fluechtlingsaktivisten\u00a0<\/a><\/li>\n<li><a title=\"Ghetto\" href=\"https:\/\/www.freiburg-schwarzwald.de\/blog\/global\/integration\/ghetto\/\">Ghetto<\/a><\/li>\n<li><a title=\"Groessenwahn\" href=\"https:\/\/www.freiburg-schwarzwald.de\/blog\/engagement\/zukunft\/groessenwahn\/\">Gr\u00f6\u00dfenwahn<\/a><\/li>\n<li><a title=\"Indomeni\" href=\"https:\/\/www.freiburg-schwarzwald.de\/blog\/global\/migration\/idomeni\/\">Idomeni<\/a><\/li>\n<li><a title=\"Integration\" href=\"https:\/\/www.freiburg-schwarzwald.de\/blog\/global\/integration\/\">Integration \u2013 Infos<\/a><\/li>\n<li><a title=\"Integration-Islam\" href=\"https:\/\/www.freiburg-schwarzwald.de\/blog\/global\/integration\/integration-islam\/\">Integration-Islam<\/a><\/li>\n<li><a title=\"Integrieren\" href=\"https:\/\/www.freiburg-schwarzwald.de\/blog\/global\/integration\/integrieren\/\">Integrieren<\/a><\/li>\n<li><a title=\"Islam\" href=\"https:\/\/www.freiburg-schwarzwald.de\/blog\/religion\/islam\/\">Islam<\/a><\/li>\n<li><a title=\"Kontrollierte-Grenzen\" href=\"https:\/\/www.freiburg-schwarzwald.de\/blog\/global\/migration\/kontrollierte-grenzen\/\">Kontrollierte-Grenzen<\/a><\/li>\n<li><a title=\"Migranten-Fluechtlinge\" href=\"https:\/\/www.freiburg-schwarzwald.de\/blog\/global\/migration\/migranten-fluechtlinge\/\">Migranten-Fluechtlinge<\/a><\/li>\n<li><a title=\"Migration-erzwungen\" href=\"https:\/\/www.freiburg-schwarzwald.de\/blog\/global\/migration\/migration-erzwungen\/\">Migration-erzwungen<\/a><\/li>\n<li><a title=\"Migration-Internet\" href=\"https:\/\/www.freiburg-schwarzwald.de\/blog\/global\/migration\/migration-internet\/\">Migration-Internet<\/a><\/li>\n<li><a title=\"Migration-Maenner\" href=\"https:\/\/www.freiburg-schwarzwald.de\/blog\/global\/migration\/migration-maenner\/\">Migration-Maenner<\/a><\/li>\n<li><a title=\"Migration-Wohnen\" href=\"https:\/\/www.freiburg-schwarzwald.de\/blog\/global\/migration\/migration-wohnen\/\">Migration-Wohnen<\/a><\/li>\n<li><a title=\"Migration-Zahlen\" href=\"https:\/\/www.freiburg-schwarzwald.de\/blog\/global\/migration\/migration-zahlen\/\">Migration-Zahlen<\/a><\/li>\n<li><a title=\"Migrationsindustrie\" href=\"https:\/\/www.freiburg-schwarzwald.de\/blog\/global\/integration\/migrationsindustrie\/\">Migrationsindustrie<\/a><\/li>\n<li><a title=\"Wohnen\" href=\"https:\/\/www.freiburg-schwarzwald.de\/blog\/business\/dienste\/immobilien\/wohnen\/\">Wohnen<\/a><\/li>\n<\/ul>\n<p>&nbsp;<\/p>\n<p><strong>Die Verdr\u00e4ngung der Deutschen aus den St\u00e4dten<\/strong><br \/>\n<strong>Syrer mit 2 Frauen und 6 Kindern will weitere Frauen nachholen<\/strong><br \/>\nDie Wohnung ist laut Grundgesetz (Art. 13 Abs 1) unverletzlich. Doch kommt die SPD und will die Wohnungen \u201eumverteilen\u201c, weil sie meint, dass die Partei die Wohnungen zu verteilen habe. Zust\u00e4nde wie im Sozialismus. Als ich in Dresden war, hat mir eine Kollegin erz\u00e4hlt, wie sie sich damals gleich nach der Schule ihren Typen geschnappt und ein Kind gemacht hat, weil sie unbedingt bei ihren Eltern ausziehen wollte, es in der DDR aber nur Wohnungen f\u00fcr Familien mit Kind gab, und selbst der Schwangerschaftsbauch nicht reichte, sondern sie mit Kind auf dem Arm beim Amt antanzen musste, um eine Wohnung zu bekommen.<br \/>\nNun werden die St\u00e4dte hochverdichtet, und was man an Wohnungsbau nicht schafft und an Platz nicht hat, das muss per Division erreicht werden \u2013 die sozialistische Gleichung: Nahezu konstanter Wohnraum, dividiert durch rapide steigende Einwohnerzahl = immer weniger Platz pro Person. Wohnraum ist aus Sicht der Partei eine einfache Frage von Verteilung und Planwirtschaft. Eine Frage der Zuteilung. \u201eWohnen\u201c gibt es im Sozialismus nicht.<br \/>\n&#8230;<br \/>\nDer Migrantenanteil in Berlin liegt laut einem Bericht der Senatsverwaltung f\u00fcr Arbeit, Integration, Gesundheit und Soziales (SenASG) im Jahr 2024 bei 39,4 Prozent, bezogen auf die Gesamtbev\u00f6lkerung der Stadt. <a href=\"https:\/\/www.berlin.de\/sen\/asgiva\/presse\/pressemitteilungen\/2024\/pressemitteilung.1488964.php\">https:\/\/www.berlin.de\/sen\/asgiva\/presse\/pressemitteilungen\/2024\/pressemitteilung.1488964.php<\/a><br \/>\nTendenz nat\u00fcrlich stark steigend. Das hei\u00dft, dass inzwischen \u00fcber 40 Prozent der Bev\u00f6lkerung von Berlin Migranten sind, und der einheimischen Bev\u00f6lkerung schlicht und einfach den Wohnraum wegnehmen.<br \/>\nWenden wir jetzt mal feministische Gender-Logik an: Migrantische Familien haben nicht nur in aller Regel sehr viel mehr Kinder als deutsche Familien, sondern oft auch mehr Ehefrauen.<br \/>\n.<br \/>\n<em>realMaalouf &#8211; Dr. Maalouf<\/em><br \/>\n<em>In Germany, a Syrian refugee polygamous family is causing outrage. Ahmad lives with his 2 wives and 6 children in a free house. He says he\u2019s looking for 2 more wives and wants to have 20 children. He is illiterate, does not work, and says his only goal is to have many children to \u2018make Germany more Muslim.\u2019 <\/em><br \/>\n<em>26.9.2025 <\/em><br \/>\n<em><a href=\"https:\/\/x.com\/realMaalouf\/status\/1971585933146202426\">https:\/\/x.com\/realMaalouf\/status\/1971585933146202426<\/a><\/em><br \/>\n.<br \/>\nWenn aber Wohnraum an die gr\u00f6\u00dferen Familien \u201eumverteilt\u201c wird, und Migranten eben gr\u00f6\u00dfere Familien haben als Wei\u00dfe, Deutsche, was hei\u00dft das dann?<br \/>\nHei\u00dft das nicht, dass Wei\u00dfe\/Deutsche beim Wohnraum benachteiligt und regelrecht verdr\u00e4ngt werden, weil aller Wohnraum an gro\u00dfe Familien = Migranten vergeben wird?<br \/>\nM\u00fcsste man nicht nach feministischer Logik die \u201eGleichstellung\u201c wie beim Gehalt verlangen, weil man durch seinen \u201eLebensentwurf\u201c Single zu bleiben oder Kinder zu haben nicht benachteiligt werden darf?<br \/>\nUnd was in der ganzen Debatte \u00fcberhaupt nicht vorkommt: Warum wird eigentlich Leuten, die einen Beruf erlernt haben, sich fortbilden m\u00fcssen, ihr Arbeitszeug, und sei es B\u00fcrokleidung, und ihr Home-Office-Zeug unterbringen m\u00fcssen, nicht entsprechend mehr Platz als jemandem zugestanden, der gar nicht wei\u00df, was Arbeiten ist, keinen Beruf hat und dementsprechend auch \u00fcberhaupt nichts Berufsbezogenes zuhause hat?<br \/>\nDas Ergebnis ist klar, und man kann es in St\u00e4dten wie London und Paris l\u00e4ngst sehen: Die Einheimischen werden aus den St\u00e4dten vertrieben, m\u00fcssen aufs Land, wo es weder Arzt noch Bus oder Supermarkt gibt, um dort \u2013 von Wohnung und Rente enteignet \u2013 m\u00f6glichst leise und zeitnah absterben sollen.<br \/>\nDie St\u00e4dte werden gerade mit gro\u00dfem Tempo und gro\u00dfem Druck \u201eentdeutscht\u201c. Auf die naheliegende Idee, einfach keine Migranten mehr reinzulassen, solange kein Wohnraum frei ist, kommt man nicht, will man nicht kommen.<br \/>\nAber selbst, wenn man niemanden mehr reinl\u00e4sst: Wenn der Migrantenanteil jetzt schon bei \u00fcber 40% liegt, und Migranten eine drastisch h\u00f6here Reproduktionsrate haben, was ist denn dann mit dem Wohnraum, wenn die sich mal verdoppelt oder verdreifacht haben, was bei der Reprodukationsrate schnell geht?<br \/>\nOder um es mal in feministischer Prozentrechnung auszudr\u00fccken: Was macht Ihr eigentlich, wenn der Migrantenanteil an der Bev\u00f6lkerung 120% erreicht hat? (Lacht nicht, das geht. Neulich kam ja raus, dass es jede Menge Sozialhilfe- und Kindergeldbezieher gibt, die gar nicht in Deutschland wohnen. Der Migrantenanteil an der Bev\u00f6lkerung kann also sehr leicht die 100% \u00fcberschreiten, weil dann finanziell mehr Leute da sind als physisch.)<br \/>\n&#8230; Alles vom 27.9.2025 von Hadmut Danisch bitte lesen auf<br \/>\n<a href=\"https:\/\/www.danisch.de\/blog\/2025\/09\/27\/die-verdraengung-der-deutschen-aus-den-staedten\/\">https:\/\/www.danisch.de\/blog\/2025\/09\/27\/die-verdraengung-der-deutschen-aus-den-staedten\/<\/a><\/p>\n<p>&nbsp;<\/p>\n<p><strong>Fl\u00fcchtlingswohnheim und die Familien in der Nachbarschaft<\/strong><br \/>\n\u201eIch wohne mit meiner Familie vor den Toren Stuttgarts in Ditzingen, sozusagen tiefe schw\u00e4bische Provinz. Vor achteinhalb Jahren bin ich mit meiner Frau und meiner Tochter hergezogen. Wir haben ein kleines Haus gekauft, sozusagen den Traum aller Schwaben gelebt. Ungef\u00e4hr zur selben Zeit, es war 2016, wurde gegen\u00fcber, keine 30 Meter entfernt, ein alter Kindergarten zu einem Fl\u00fcchtlingsheim umgebaut \u2013 h\u00e4tten wir das nur geahnt! \u201aEs kommen nur Familien!\u2019 beruhigte man uns. Seit Jahren sind dort indes nun vorwiegend M\u00e4nner einquartiert. Vor allem am Wochenende ist es manchmal krass. Wenn ich es mit der t\u00e4glichen Zeitungslekt\u00fcre abgleiche, sind meine Probleme gewiss unbedeutend. Aber es nervt doch gewaltig, was in dieser Zeit alles an \u00c4rger aufgelaufen ist. Ruhest\u00f6rungen, Polizeieins\u00e4tze, Bel\u00e4stigungen bis hin zu k\u00f6rperlichen Angriffen. Der Klassiker bei Anrufen bei der \u00f6rtlichen Polizei ist die Antwort: \u201aSie sin net der Erschte, wo anrufet. Und tun se blo\u00df net fotografieret \u2013 wegen dem Da-ten-schutz.\u2019<\/p>\n<p>Eigentlich kulminiert alles in der einen Frage: Wann endlich schlie\u00dft die Stadt das Fl\u00fcchtlingsheim, wenn sie es schon nicht angemessen betreut? Es ist deprimierend, wie man als B\u00fcrger (&amp; Steuerzahler) abgeb\u00fcrstet wird. In der Antwort des OBs auf der letzten Gemeinderatssitzung fehlte keine einzige Plattit\u00fcde. Mag auch sein, dass der OB die Fl\u00fcchtlinge pers\u00f6nlich als Problem empfindet. Konsequenzen? Fehlanzeige! Es ist nicht bekannt, dass der Herr OB mal irgendwo h\u00f6heren Orts kritisch nachgefragt h\u00e4tte. Meine Frau und ich haben inzwischen in der Sache an alle Instanzen geschrieben und das Gespr\u00e4ch gesucht: von der Ortsvorsteherin meines kleinen Teilorts, die Mitglieder des Gemeinderats, \u00fcber den B\u00fcrgermeister, den Landrat bis hin zum Innenminister von Baden-W\u00fcrttemberg und die MdBs des Landkreises Ludwigsburg. Wir haben eigentlich immer dieselbe Bitte vorgetragen: \u201aMachen Sie bitte was. Erstens nervt es t\u00e4glich. Zweitens haben wir ein Kind, das wir beh\u00fctet aufziehen wollen. Und drittens k\u00f6nnte hier mal was Schlimmes passieren.\u2019 Man bekommt dann Formbriefe (\u201aMeine Partei hat sich stets daf\u00fcr eingesetzt, dass \u2026\u2019), salbungsvolle Worte, einer zeigt mit dem Finger auf den anderen, und das war es dann schon. Von den Gr\u00fcnen bekommt man \u00fcbrigens nicht einmal eine Standardantwort.<br \/>\n&#8230; Alles vom 3.7.2024 bitte lesen auf<br \/>\n<a href=\"https:\/\/www.klonovsky.de\/2024\/07\/3-juli-2024\/\">https:\/\/www.klonovsky.de\/2024\/07\/3-juli-2024\/<\/a><\/p>\n<p>&nbsp;<\/p>\n<p><strong>Sozialarbeiter berichtet aus Asyl-Wohnheim &#8211; ehrlich, deshalb anonym<\/strong><\/p>\n<p>Folgender Bericht ist uns heute anonym zugegangen. Wer die Gesamtsituation kennt, wei\u00df, dass es gute Gr\u00fcnde f\u00fcr diese Anonymit\u00e4t gibt. Aber auch, dass sich die hier geschilderten Beobachtungen mit einer Vielzahl bereits ver\u00f6ffentlichter Erfahrungs- und Polizeiberichte aus der Asyl-Szene decken. In dieser Geballtheit bieten sie allerdings ein erschreckendes Gesamtbild. Und eine Warnung: Wenn der Migrationspakt von Merkel &amp; Co unterzeichnet und umgesetzt wird, wird dieses Land zu 3-Welt-H\u00f6lle.<br \/>\n<a href=\"https:\/\/philosophia-perennis.com\/2018\/11\/09\/gefaehrliche-zustaende-in-deutschen-asylantenheimen-ein-asylarbeiter-packt-aus\/\">https:\/\/philosophia-perennis.com\/2018\/11\/09\/gefaehrliche-zustaende-in-deutschen-asylantenheimen-ein-asylarbeiter-packt-aus\/<\/a><\/p>\n<p>Die hier geschilderten Aussagen \u00fcber die Asyl-Machenschaften in Deutschland sind real. Mein Name und mein Geschlecht spielen keine Rolle, doch kann ich sagen, da\u00df ich irgendwo in Deutschland unter anderem im Bereich Asyl t\u00e4tig bin. Meine unmittelbare Arbeit ist mit den Asylanten und abgelehnten Asylbewerbern. Meine T\u00e4tigkeit der Betreuung erstreckt sich aber auch auf Obdachlose.<br \/>\nMeine pers\u00f6nlichen Kontakte zu beiden Personenkreisen sind in der Regel \u201ekameradschaftlich\u201c. So scheint mir der beste Weg des Vertrauens zu den Menschen hergestellt zu sein. Viele Personen die ich betreue sch\u00fctten gern ihr Herz aus, so erfahre ich meistens die wahren Gr\u00fcnde, warum sie hier sind, oder warum sie sich in der derzeitigen Situation befinden.<br \/>\n.<br \/>\nOBDACHLOSE<br \/>\nUm ein Wort zu den Obdachlosen zu sagen: Der gro\u00dfer Teil dieser Menschen ist auf die schiefe Bahn geraten. Es gibt F\u00e4lle, in denen Scheidungen und Todesf\u00e4lle in der Familie die Ursachen waren, oder schlicht Drogen- oder Alkoholabh\u00e4ngigkeit. Ihre pers\u00f6nlichen Einstellungen zum Leben sind oft \u00e4u\u00dferst labiler Natur. Ihnen fehlt eine F\u00fchrungsperson, weil sie in vielerlei Beziehungen willenlos und antriebsschwach sind. Auch eine Zerm\u00fcrbung der Seele, z.B. Sanktionierung auf Null wegen Nachl\u00e4ssigkeit oder Antriebsschw\u00e4che durch das Arbeitsamt ist in einigen F\u00e4llen ebenso vorhanden.<br \/>\nHinzu kommen der exzessive Alkohol- und Drogenkonsum. Am Geldtag werden gleich Kartonweise Billigfusel und Crystal Meth eingekauft. Wir erleben immer wieder F\u00e4lle, in denen einige der Obdachlosen drau\u00dfen auf der Stra\u00dfe nach extremen Crystal Konsum nackt herum springen; ihre F\u00e4higkeit zu sprechen ist vollkommen verschwunden, ihnen bei Dingen des allt\u00e4glichen Lebens zu helfen, scheitert an der Aufnahmef\u00e4higkeit des ihnen Gesagtem. Das Ende ist in solchen F\u00e4llen immer das gleiche: Polizei, Krankenwagen und die Einweisung ins Krankenhaus zum Entzug. Und nun kommt das eigentliche Problem, welchem man sich nicht annimmt: Nach der Entlassung aus dem Krankenhaus gibt es keine Sozialarbeiter, die sich intensiv um die Obdachlosen k\u00fcmmern. Ihnen keine Pflichten auferlegt werden, damit sie aus dem Teufelskreis heraus kommen. Man gibt ihnen nicht einmal Hilfe zur Selbsthilfe.<br \/>\nDer Hintergrund ist schnell erkl\u00e4rt: F\u00fcr die deutschen Obdachlosen gibt es nur sehr, sehr wenige Sozialarbeiter und es werden auch keine daf\u00fcr eingestellt. Denn die sind wo anders t\u00e4tig. Darauf komme ich jetzt.<br \/>\n.<br \/>\nASYLHEIME<br \/>\nGehen wir nun in die Asylheime, und erfahren, was dort passiert und was alles m\u00f6glich ist. In vielen Asylheimen haben die Sozialarbeiter meistens ein B\u00fcro, welches minimal in der Woche an zwei Tagen von morgens bis abends besetzt ist. In der Regel sind jedoch diese B\u00fcros t\u00e4glich besetzt, um den Asylanten jede \u201eHilfe\u201c zu teil werden lassen. Der Blick auf die Sozialarbeiter selbst, ist nicht unwichtig. Woher sie kommen, wer sie sind und was sie bisher machten.<br \/>\nDer Durchschnittssozialarbeiter kommt geradewegs vom Studium, hat kaum Erfahrung mit Menschen, kennt sich aber mit der staatlichen Alimentierung bestens aus. Alle Sozialarbeiter kommen aus dem linken Milieu. Ausnahmen m\u00f6gen die Regel best\u00e4tigen. Einige Sozialarbeiter kommen gar aus Antifakreisen, andere wiederum deren Papa oder Mama in der Politik im linken Spektrum t\u00e4tig sind. Einige Sozialarbeiter kommen aus dem politisch gr\u00fcnen Bereich. Diese Leute sind im Gro\u00dfen und Ganzen f\u00fcr unsere Gesellschaft brandgef\u00e4hrlich, warum werden Sie in den folgenden Zeilen erfahren.<br \/>\nUntereinander sind sie sehr gut in Koordinierungsgruppen vernetzt! Dabei handelt es sich meist um 3 Ebenen\/Bereiche (das k\u00f6nnte von Bundesland zu Bundesland variieren). Die verschiedenen Bereiche arbeiten mit den h\u00f6chsten Stellen in der Landesregierung, in den Landkreisen und mit den kommunalen B\u00fcrgermeistern zusammen. Wenn wir es n\u00fcchtern betrachten, ist es ein linksgr\u00fcner politischer Kl\u00fcngel, den man allein mit Wahlen nicht \u00e4ndern kann. Diese Leute sch\u00fctzen sich gegenseitig. In ihrem Dunstkreis gibt es unz\u00e4hlige Helfershelfer, wie Juristen, die mit der Arbeit durch und mit Asylanten Unmengen an Geld verdienen. Sozialarbeiter verweisen die Asylanten im Falle von Klagen an \u201eihre\u201c Anw\u00e4lte.<br \/>\nNun sind wir bei der T\u00e4tigkeit der Sozialarbeiter. Wenn Sie denken, der Sozialarbeiter soll dem Asylanten das Leben und unsere Werte in unserem Land vermitteln und eventuell Unstimmigkeiten und Meinungsverschiedenheiten schlichten k\u00f6nnen, so haben Sie sich gewaltig geirrt.<br \/>\nDie Sozialarbeiter tragen in allererster Linie die linke Politik der L\u00e4nder- und Bundesregierung in die Asylantenheime. F\u00fcr sie steht im Vordergrund, wie man aus den m\u00f6glichen F\u00f6rderungen des Staates das meiste heraus holt! Eine enge Zusammenarbeit mit den politischen \u201eWillkommensvereinen\u201c im Land ist ebenso zu beobachten. Die Sozialarbeiter, die anh\u00e4ngigen Juristen, die Willkommensvereine und im besonderen die linken und gr\u00fcnen Politiker arbeiten nicht f\u00fcr Recht und Ordnung, nicht nach dem Grundgesetz \u2013 im Gegenteil, sie brechen alle Regeln \u2013 sie arbeiten nicht zum Wohl des deutschen Volkes, noch nicht mal zum Wohle der Europ\u00e4ischen Union!<br \/>\nSie versuchen die Menschen zu entzweien, unliebsame und kritische Mitarbeiter werden entlassen und wer sich dabei noch \u00e4u\u00dfert, wird vors Gericht gezogen, um somit nie wieder Arbeit in diesem Bereich zu finden.<br \/>\n.<br \/>\nLINKE NETZWERKE<br \/>\nGruppe wie: Sozialarbeiter, Anw\u00e4lte, linke und gr\u00fcne Politiker, Willkommensvereine, Stiftungen aus Gewerkschaftskreisen, Arbeitsgemeinschaften durch die Vernetzungen von politischen Bef\u00fcrwortern, etc. sind daf\u00fcr verantwortlich, da\u00df Unmengen an Gelder f\u00fcr vollkommen fremde Menschen vergeudet werden und zum gro\u00dfen Teil in ihre eigenen Taschen flie\u00dfen. Daf\u00fcr gibt es sogar \u00f6ffentliche Beweise, welche die L\u00e4nder- und Bundesregierung in ihren Statistiken ver\u00f6ffentlichen. Man mu\u00df die Statistiken nur richtig deuten k\u00f6nnen.<br \/>\nDiese Vernetzungen haben bereits staatlich unterst\u00fctzte mafi\u00f6se Strukturen angenommen. Sozialarbeiter werden gew\u00f6hnlich mit der Entgeltgruppe 9 bzw. 10 eingestellt, das hei\u00dft ca. 3000 Euro monatlich. Wir im Asyl- und Obdachlosenbereich, egal ob Hausmanagement oder Wachdienst, erhalten im Schnitt den Mindestlohn oder ein paar Cent dar\u00fcber. Nur wenige beklagen sich dar\u00fcber, weil wir andere Ambitionen vertreten, als diese Steuern stehlenden Schnorrer.<br \/>\n.<br \/>\nKOSTEN VIEL H\u00d6HER ALS BISLANG ANGENOMMEN<br \/>\nWenn behauptet wird, da\u00df ein Asylant im Jahr zwischen 15 und 25.000 Euro kostet, ist das doch glatt gelogen, weil man dabei nur auf die unmittelbaren Kosten schaut, welche der Asylant selbst verursacht. Die eigentlichen Summen liegen doch um vieles h\u00f6her! Es gibt ganze Gruppen, Vereine und Angestellte des Staates die sich ausschlie\u00dflich nur um die Asylanten \u201ek\u00fcmmern\u201c.<br \/>\nHinzu kommen noch jene \u201eUnternehmen\u201c, die sich um die Integration k\u00fcmmern, irgendwelche sinnlosen Ma\u00dfnahmen anbieten, damit die Asylanten nichtsnutzige \u201eZertifikate\u201c sammeln k\u00f6nnen (egal ob sie anwesend sind oder nicht!). Das sind auch Privatunternehmen, die ihre \u201eKohle\u201c mit den Asylanten machen und nicht selten sind Verbindungen zur Politik vorhanden. Und dann w\u00e4ren noch die Justizverwaltungen, die zus\u00e4tzlich Richter und Justizbeamte einstellen m\u00fcssen, wegen der Klageflut, hervorgerufen durch die Sozialarbeiter und deren Anw\u00e4lte.<br \/>\nDabei ist noch nicht einmal ber\u00fccksichtig, welche Kosten die st\u00e4ndigen Polizeieins\u00e4tze verbrauchen, davon abgesehen sagten mir Polizisten, da\u00df man sich seit 3 Jahren fast nur noch um die Kriminalit\u00e4t der Asylanten k\u00fcmmern mu\u00df, sie nehmen bereits mehr als 80 Prozent ihrer Arbeitszeit in Anspruch. An eine Verkehrskontrolle kann sich kaum noch jemand erinnern. Wir verstehen es nicht, warum kann ein Asylant gegen die Entscheidung eines Staates klagen? Warum und wieso hat der Asylant darauf ein Recht, den Staat, der ihn angeblich besch\u00fctzt, zu verklagen?<br \/>\nEin Asylant sollte eingeschr\u00e4nkte Rechte besitzen, denn er hat auch eingeschr\u00e4nkte Pflichten! Wer gab ihnen volle Rechte, aber nur wenige Pflichten? Es waren diejenigen, welche sich heute in gigantischen linksgr\u00fcnen Netzwerken f\u00fcrstlich vom Staat bedienen! Auf deren Hochglanzwerbung und Veranstaltungen stehen immer die Unterst\u00fctzer. Es ist ein Skandal!.<\/p>\n<p>ASYLANTEN SIND KEINE SCHLECHTEN MENSCHEN<br \/>\nNun kann man sich fragen, was die Asylanten f\u00fcr Menschen sind. Wie sind sie und was machen sie tats\u00e4chlich. Um hier gleich mit Vorurteilen aufzur\u00e4umen, mu\u00df ich sagen, viele sind keine schlechten Menschen, einige haben tats\u00e4chlich einen Schutz verdient. Aber insgesamt kommen sie hier einfach nicht zurecht. Weder mit der Kultur, noch mit den Lebensgewohnheiten, gleich recht nicht mit den Sitten und Br\u00e4uchen und schon gar nicht mit dem \u201eRechtssystem\u201c.<br \/>\nBestes Beispiel ist das Schwarzfahren mit den \u00f6ffentlichen Verkehrsmitteln. Bei uns ist es eine Straftat, bei ihnen ist es nicht einmal ein Delikt. Davon ganz abgesehen, bei 3 bis 3,50 Euro kann und darf das Schwarzfahren keine Straftat sein, sondern h\u00f6chstens ein Delikt. Eine Straftat sollte es dann sein, wenn eine Fahrt 20 Cent kostet, denn die hat jeder, aber nicht bei solchen Preisen! In Deutschland werden halt die Priorit\u00e4ten vollkommen falsch gesetzt!<br \/>\nWir sind f\u00fcr die Asylanten eine Art Vertrauenspersonen, weil wir direkt und t\u00e4glich mit ihnen zu tun haben. Wir kennen oftmals ihre Beweggr\u00fcnde, warum und weshalb sie hier sind \u2013 ob es stimmt oder nicht, was sie uns erz\u00e4hlen, sei jetzt dahin gestellt. Wir kennen auch ihre Einstellung zu uns, weil unsere Gespr\u00e4che nicht linksgr\u00fcn, sondern schlicht auf menschlicher Basis stattfinden \u2013 auch die \u201eVertrauensbasis\u201c sei vorl\u00e4ufig dahin gestellt, dazu unten mehr! Ja, bei einigen Asylanten spielt tats\u00e4chlich die Gewalt in ihrem Land eine Rolle. Es ist aber \u00fcberwiegend nicht der Fall.<\/p>\n<p>Die meisten, und das sind \u00fcber 98 Prozent, sind vor der Armut in ihrem Land geflohen. Sie sind schlicht Wirtschaftsmigranten. Wir hatten Inder, die bei sich zuhause Million\u00e4re waren und nur das Abenteuer suchten. Auch diese Leute, vollgeh\u00e4ngt mit Goldketten und Armb\u00e4ndern, wurden von unserem Staat alimentiert. Aber diese Leute sind eher die Ausnahme und dennoch gibt es sie.<br \/>\nDie meisten aus Afghanistan und Pakistan haben viel Grund und Boden. Sie betreiben Tierhaltung und Nahrungsmittelerzeugung \u2013 die Schleusung von dort hier her kostet ca. 5-7000 Euro, diese Summe mu\u00df erst einmal aufgewendet werden, um nach Europa, respektive nach Deutschland zu gelangen. Man spart sich das Geld an und wagt dann die Schleusung.<br \/>\nWir wissen, da\u00df man die Gef\u00e4ngnisse in Marokko, Tunesien, Libyen, Irak und anderen Staaten ge\u00f6ffnet hat, um sich ihrer kriminellen Masse zu entledigen. Daher ist auch die Abschiebung dieser Leute immer wieder ein Problem. Sie werden nicht wieder in ihr Land gelassen, weil man ihnen die Legitimation verweigert. Die Masse der Asylanten reiste ohne Dokumente ein \u2013 und man lie\u00df sie einfach durch \u2013 unverst\u00e4ndlich. Versuchen Sie einmal in diese L\u00e4nder ohne Dokumente einzureisen, Sie werden erschossen! Es gibt auch viele Asylanten, die wieder zur\u00fcck in ihre Heimatl\u00e4nder wollen. Im Aufgabengebiet der Betreuung wandte ich mich auch an die Konsulate der verschiedenen L\u00e4nder, um m\u00f6gliche Prozeduren der Wiederbeschaffung einer Legitimation der Ausreisewilligen Asylanten zu erfahren. In Gespr\u00e4chen diverser Konsulate wurde mir dann best\u00e4tigt, da\u00df es nun unsere Leute w\u00e4ren, und man ihnen keinen Pa\u00df ohne Geburtsurkunde oder Identnachweis ausstellen wird. Rund 50 bis 60 Prozent der Asylanten haben einen kriminellen Lebenslauf, den man hier zu verschleiern versucht. Deswegen reisten sie auch komplett ohne notwendige Papiere ein, die sie meistens unterwegs wegwarfen.<br \/>\nFolglich ist eine Abschiebung oder freiwillige R\u00fcckkehr dieser Leute nur bedingt machbar. Eine effektive M\u00f6glichkeit erg\u00e4be sich, durch die Zusammenarbeit aller L\u00e4nder in Europa. Jedes Land m\u00fc\u00dfte die Asylanten ins vorher gehende Land abschieben.<br \/>\nDaf\u00fcr ben\u00f6tigt man Transitkorridore in allen L\u00e4ndern. Das w\u00fcrde bedeuten, da\u00df alle illegal Eingewanderten durch jedes Land ins n\u00e4chst vorhergehende abgeschoben wird, bis sie wieder in ihrem Herkunftsland, bzw. in ihrem zust\u00e4ndigen Auffanglager in ihrem Land angekommen sind. Nur so kann man noch eine gelungene Abschiebung bewerkstelligen. Jetzt werden viele verstehen, warum Abschieben, so wie man es zur Zeit macht, niemals effektiv sein kann, sondern h\u00f6chstens eine Geldverschwendung ist.<br \/>\n.<br \/>\n\u201eIHR GEBT UNS NUR DAS GELD, DAS IHR UNS VORHER GESTOHLEN HABT!\u201c<br \/>\nWenn wir bei Gespr\u00e4chen mit einigen Asylanten darauf hinweisen, da\u00df ihnen ja monatlich 409 Euro Asylgeld gezahlt werden und sie daf\u00fcr eine geringe Gegenleistung erbringen k\u00f6nnten, wie z. B. Mithilfe bei Au\u00dfenobjektreinigungen oder im Haus bei M\u00f6beltransporten, wird man umgehend von ihnen \u201ebelehrt\u201c, da\u00df sie keine Sklaven sind und au\u00dferdem es doch ihr Geld w\u00e4re, was wir ihnen gestohlen h\u00e4tten, u.s.w. .<br \/>\nNun werden dem einen oder anderen die Ohren schlackern. Genau das halten uns manche Asylanten vor, da\u00df WIR ihre L\u00e4nder arm gemacht h\u00e4tten. Wir w\u00fcrden sie ausbeuten und deswegen kommen sie hier her, damit wir sie alimentieren sollen. Wenn wir jedoch darauf hinweisen, da\u00df sie arm durch ihre Religion und ihre Religionskriege sind, sagt man uns sofort, da\u00df Taliban, Al Nusra, ISIS bzw. Dash u.s.w., vom Westen geschickt wurden, um sie auszubeuten und zu ermorden.<br \/>\nSelbstverst\u00e4ndlich sind nicht alle so, es gibt auch Asylanten die dankbar sind, da\u00df sie hier sein d\u00fcrfen.<br \/>\nDie breite Masse jedoch und darunter fallen fast alle j\u00fcngeren Asylanten unter 23 Jahren, sind nicht wegen Asyl oder Schutz hier, sind wollen im Bett liegen und trotzdem Geld verdienen. Ich habe ehrlich gesagt die Schnauze voll vom Unterscheiden, wir k\u00f6nnen sagen, die Masse ist hier, um abzukassieren, m\u00f6glichst wenig arbeiten und viel verdienen, kriminell zu sein und einige um hier den Islam einzuf\u00fchren. Zusammenfassend kann man sagen, sie sind hier, um leichtes Geld zu bekommen \u2013 die wenigen, welche wirklich Schutz bed\u00fcrfen, wiegen das nicht auf!!!<br \/>\nWenn wir daraus eine Lehre ziehen sollen, so besagt diese, da\u00df sie uns zwingen werden, sie zu alimentieren. Es gibt aber auch Asylanten, welche in Arbeit stehen. Ihnen wird dabei das Asylgeld von 409 Euro angerechnet, und wie bei Deutschen die Aufstocker sind, verfahren. Oft arbeiten Asylanten in Minijobs und bei Mindestlohn. Fast immer sind sie bei Ihresgleichen angestellt, gehen tats\u00e4chlich 8 bis 10 Stunden am Tag arbeiten. Das \u201eMehrgeld\u201c ist ein wesentlich niedriger Stundenlohn und sie bekommen es in vielen F\u00e4llen \u201eschwarz\u201c. Fast keiner hat einen unbefristeten Arbeitsvertrag auf 40 Stunden und wenn, dann wirklich nur im Mindestlohnbereich.<br \/>\nDie Asylanten, welche 20 Stunden und mehr arbeiten gehen, beschweren sich regelm\u00e4\u00dfig dar\u00fcber, da\u00df sie zuviel \u201eSteuern\u201c an diesen Staat zahlen. Wir erkl\u00e4ren ihnen dann, da\u00df es keine Steuern sind, sondern Sozialabgaben f\u00fcr Krankenversicherung, Arbeitslosenversicherung, Rentenversicherung und Pflegeversicherung. Danach gehen ihre Beschwerden erst richtig los, da\u00df es sie nicht interessiert, sie wollen das Geld haben, was ihnen zusteht.<br \/>\n.<br \/>\nLINKSGR\u00dcNE HETZEN IMMIGRANTEN GEGEN DEUTSCHE AUF<br \/>\nKommen Sie nun auch auf die Idee, da\u00df hier Vieles in diesem Land schief l\u00e4uft? Denn fast alle Asylanten bilden sich ein, hier alles umsonst zu bekommen \u2013 und die Sozialarbeiten und linksgr\u00fcne Gutmenschen hetzen sie noch gegen Deutsche auf, um es zu bekommen. Ansonsten sind alle Deutschen Nazis! Solche und \u00e4hnliche Aussagen h\u00f6re ich des \u00f6fteren.<br \/>\nBei allen Gespr\u00e4chen die wir f\u00fchren und gef\u00fchrt haben, vertrauensvolle, innige, ernste und humorvolle, wurden wir \u00fcber bestimmte Reaktionen nicht schl\u00fcssig. Wenn gefragt wurde: Du forderst immer nur und nun stell dir vor, die halbe Welt kommt in dein Land und die halbe Welt fordert von deinem Land das, was du hier forderst? W\u00fcrdest du das in deinem Land dulden? Fast nie bekomme ich eine Antwort, sondern sah nur ein Kopfsenken und schweigen.<br \/>\nEin iranischer Journalist schlug eines Tages bei mir auf. Ein amtlicher Fehler, denn er war mit Visum zu einer medizinischen Behandlung eingereist, die er selbst bezahlte. Doch einige Tage bis alles in die richtigen Bahnen gelenkt wurde, hatte ich das Vergn\u00fcgen mich mit ihm im Lupenreinen Deutsch zu unterhalten. Er sprach 5 Sprachen flie\u00dfend, darunter Deutsch, Franz\u00f6sisch, Englisch und Arabisch in mehreren Dialekten.<br \/>\nEr sah, wie sich die Asylanten aus \u201eSyrien\u201c und \u201eLibyen\u201c bei mir im Hause auff\u00fchrten und ich nichts dagegen machen konnte, au\u00dfer hier und da ein Hausverbot auszusprechen, welches von Amtswegen auch gleich wieder gecancelt wurde. Er sah, wie verzweifelt ich manchmal nach L\u00f6sungen suchte. Er schlug mir freundschaftlich auf die Schulter, und sagte zu mir, da\u00df es schon nicht mehr lustig sei, da\u00df hier alles sehen zu m\u00fcssen, diese Leute kommen nie und nimmer aus Syrien und Libyen. Aus ihren Gespr\u00e4chen, die er belauschte, stellte er fest, da\u00df sie L\u00fcgner, Kriminelle und wahrscheinlich auch Drogens\u00fcchtige aus Nordafrika, Afghanistan, Irak, Pakistan, Libanon und Pal\u00e4stina waren und versuchten der Strafen in ihren L\u00e4ndern zu entkommen.<br \/>\n.<br \/>\nDROGENHANDEL BAUT AUF ASYLANTEN<br \/>\nEine weitere Annahme von ihm war, da\u00df es Leute sind, die sich hier mit dem Aufbau von Drogenringen besch\u00e4ftigen werden. Damals war eine Schleusung nach Deutschland noch immerhin 7 bis 10000 Euro. Viele haben Geld der Drogenmafia in ihren L\u00e4ndern genommen, die sie hier durch Drogenverkauf abzuzahlen haben. Der Journalist sagte mir auch, in 5 Jahren wird Deutschland und weite Teile Europas durch die Masseneinwanderung von Moslimen zerst\u00f6rt werden, wenn nichts dagegen gemacht wird. Damals, als ich ihn kennenlernte, schrieben wir das Fr\u00fchjahr 2015. Nach ein paar Tagen durfte er ins sein Hotel und mit seiner Behandlung beginnen. Er schenkte mir zum Abschied einen Koran (in deutscher Sprache) und strich einige Teile darin an, auf die ich achten sollte.<br \/>\nDabei unterstrich er auch die Taqiyya; das ist ein Wort mit folgenden Sinn: Vom Koran und damit von der islamischen Religion wird mit diesem Begriff \u201eTaqiyya\u201c das L\u00fcgen legitimiert. Der Begriff bedeutet genau: 1. Durch Verstellung und Verheimlichung sich und den eigenen Glauben sch\u00fctzen. 2. Die Wahrheit niemals erw\u00e4hnen. 3. So tun, als ob man damit einverstanden w\u00e4re, obwohl das ganze Gegenteil der Fall ist. 4. Treue, Zufriedenheit und Zuneigung dem Ungl\u00e4ubigen vorheucheln, obwohl man ihn innerlich ha\u00dft. Wann soll die Taqiyya zum Einsatz kommen: 1. Um zwischen den Menschen zu schlichten, 2. Den Ehepartner zufrieden zu stellen und 3. Um Feinde des Islams zu t\u00e4uschen. Im Koran wird dies an der Sure 3.28 dargestellt. Die Taqiyya soll bis zum \u201ej\u00fcngsten Gericht\u201c zur Anwendung kommen, n\u00e4mlich in all den Gastl\u00e4ndern, in denen der Islam noch immer eine Minderheit darstellt, bzw. nicht die Staatsreligion ist.<\/p>\n<p>Seit der Bekanntschaft mit diesem iranischen Journalist sind nun mehr als 3 \u00bd Jahre vergangen. Tats\u00e4chlich wurden viele \u201eSyrer\u201c und \u201eLibyer\u201c aus der damaligen Zeit wegen Drogenhandels verhaftet und verurteilt. Tats\u00e4chlich werden die Angriffe, Morde, Vergewaltigungen immer mehr. Dabei spielen die linksgr\u00fcnden, staatsnahen Netzwerke mit Sozialarbeitern, Anw\u00e4lte und linken Richtern eine ma\u00dfgebliche Rolle, die eine regul\u00e4re Abschiebung durch \u201eVerwaltungsakte\u201c, wie Gerichtsverhandlungen und dergleichen verhindern. Die Kriminellen wissen, da\u00df sie nichts zu bef\u00fcrchten haben, au\u00dfer 1 bis 2 Jahre im deutschen Gef\u00e4ngnis bei Kost und Logis sitzen m\u00fcssen.<\/p>\n<p>WARUM MACHE ICH DIESE ARBEIT \u00dcBERHAUPT?<br \/>\nNun werden Sie sich fragen, warum ich diese Arbeit mache und mir \u00fcber die Asylindustrie meinen Unterhalt erwirtschafte. Daf\u00fcr gibt es einige Argumente,<\/p>\n<p>1. Als ich diese Arbeit begann, gab es noch keine Asylindustrie und ich arbeitete im Obdachlosenbereich. Asyl kam im Laufe der Zeit nur hinzu.<br \/>\n2. Weil wir nicht jede Arbeit in diesem Bereich dem Gutmenschentum \u00fcberlassen d\u00fcrfen, um so eine vollst\u00e4ndige Indoktrinierung der Asylanten zumindest in den Unterk\u00fcnften unterbinden k\u00f6nnen und<br \/>\n3. Weil wir bereits viele Straftaten durch Pr\u00e4ventivma\u00dfnahmen verhindern konnten, die so direkt kein Sozialarbeiter aufgrund seiner ideologischen Verbohrtheit machen w\u00fcrde. Wir grunds\u00e4tzlich einen guten und sehr guten Kontakt zur Polizei haben und dabei so manchen Ganoven \u00fcbergeben konnten. Wir sind nicht die Nutznie\u00dfer, sondern die Verwalter des Chaos.<\/p>\n<p>ASYLANTEN HOFFEN ALLE AUF DIE UNTERZEICHNUNG DIESES MIGRATIONSPAKTES<br \/>\nDie Asylanten hoffen alle auf die Unterzeichnung dieses Migrationspaktes in Marrakesch im Dezember dieses Jahres. Sie alle freuen sich auf dieses Ereignis, weil dann noch mehr ihresgleichen hier her kommen werden. Anbetracht dieser Tatsache ist es notwendig, da\u00df wir diese Unterzeichnung durch die Bundesregierung unbedingt stoppen m\u00fcssen. Was danach passieren wird, kann man nur noch mit der Apokalypse beschreiben.<\/p>\n<p>Wir sind bereits jetzt schon nicht mehr Herr \u00fcber die eigentliche Lage im Land. Ein gro\u00dfer Teil der Asylanten verschwindet einfach, taucht unter und ist nicht mehr zu finden. Moscheen schie\u00dfen wie Pilze aus dem Boden und in wenigen Jahren wird es uns wie den Christen in \u00c4gypten, in \u00c4thiopien oder in Eritrea ergehen. Wir werden verfolgt und auf offener Stra\u00dfe erschlagen \u2013 so hat es mir dieser iranische Journalist prophezeit.<\/p>\n<p>Um auch mit dem M\u00e4rchen der Fachkr\u00e4fte aufzur\u00e4umen, noch ein paar letzte Worte. Seit dem ich Unterk\u00fcnfte der Asylanten betreue, waren es mehr als 1000 Asylanten, die ich betreute und betreue, doch habe ich noch nie einen getroffen, der ein Studium hatte \u2013 der es beweisen konnte, da\u00df er eins absolviert h\u00e4tte. Die meisten von ihnen haben zwar Schulen gesehen, doch eher nur von au\u00dfen. Gerade aus Nah Ost haben sie maximal 4 bis 5 Jahre in der Schule verbracht, ansonsten war die Masse in der Landwirtschaft, der Tierhaltung und auf dem Bau besch\u00e4ftigt.<br \/>\nWarum sollten gut ausgebildete Fachkr\u00e4fte aus diesen L\u00e4ndern abwandern? Spezialisten versucht man in jedem Land zu halten \u2013 au\u00dfer in Deutschland, da verjagt man sie. Spezialisten in anderen L\u00e4ndern werden hofiert und k\u00f6nnen dort gut leben! Auch in Syrien, Afghanistan, Pakistan, Tunesien, Marokko, Libyen, Eritrea\u2026<br \/>\nWie egoistisch sind die deutschen Politiker mit ihrer Meinung, da\u00df man die Fachkr\u00e4fte gern hier aufnehmen m\u00f6chte? Alle Asylanten stammen aus L\u00e4ndern, in den es eine hohe Armut gibt. Warum sollten wir noch die Fachleute von dort abwerben? Soll sie die Armutsspirale immer schneller drehen? Pfui Teufel!<br \/>\n.<br \/>\nSTATT FACHARBEITERN KOMMEN PFLEGEF\u00c4LLE<br \/>\nWas mir pers\u00f6nlich aufgefallen ist, da\u00df viele Asylanten mit irgendwelchen gesundheitlichen Gebrechen hier her kommen. Es sind angeborene aber auch zugef\u00fcgte Defekte. Ich hatte eine Familie betreut, bei der beide Elternteile verkr\u00fcppelte\/fehlgebildete Gliedma\u00dfen hatten. Der Sozialarbeiter intervenierte umgehend bei der Krankenkasse, und bat um Anfertigung von orthop\u00e4dischen Hilfsmitteln.<br \/>\nWenn Sie schon l\u00e4nger hier in Deutschland leben, wissen Sie vielleicht welche zeit- und nervenaufreibenden Prozeduren wir hier durchstehen m\u00fcssen, um solche Hilfe von der Krankenkasse zu bekommen. Was soll ich sagen? Es dauerte nicht mal 3 Tage, war der Bescheid der Krankenkasse da, f\u00fcr 50.000 Euro zwei pers\u00f6nliche orthop\u00e4dische Hilfen anfertigen zu lassen. \u00c4hnliches bei einer 17-j\u00e4hrigen mit 4 eigenen Kindern! Sie hatte keine Schneidez\u00e4hne mehr, umgehend wurde ihr \u201eSteinbruch\u201c saniert \u2013 auch hier k\u00fcmmerten sich die Sozialarbeiter darum. Alles wurde nur per Fax abgestimmt. So \u2013 und jetzt machen Sie das einmal als l\u00e4nger hier Lebender!<br \/>\nZum Schlu\u00df m\u00f6chte ich Ihnen versichern, da\u00df nicht nur ich oder auch meine Kollegen gefrustet sind, sondern es geht weit in alle staatlichen Bereiche hinein, die mit Asylanten zu tun haben. Schon l\u00e4ngst ist keine Hilfsbereitschaft der normalen Bev\u00f6lkerung mehr vorhanden.<br \/>\nIch habe mich bereits an andere Stellen gewandt, sicher immer diplomatisch, aber eben nichts bringend. Schl\u00e4gt man die Glocke zu laut in den eigenen Reihen, wird man schnell zum Opfer von Repressalien. Besser ist es, nach den eigenen Vorstellungen zu handeln, um geschickt linksgr\u00fcne Gutmenschenvorhaben zu sabotieren \u2013 es gelingt so oft, glauben Sie mir.<br \/>\nUnser Hilfeschrei geht in Richtung Volk! Ohne Euch werden wir in ein paar Jahren im Chaos versinken. Schauen sie nach England oder Frankreich, die in den Vororten ihrer St\u00e4dte nur Kriminalit\u00e4t, Mord und Totschlag verzeichnen k\u00f6nnen. Das alles ist kein Spiel, mit der Unterzeichnung des Migrationspaktes sind wir im letzten Level, dann ist Game over!<br \/>\n<em>PS: Humanit\u00e4re Hilfen m\u00fcssen sein \u2013 wir sind alle Menschen und Hilfe macht uns menschlich! Aber nicht so! Und schon gar nicht, wenn andere Menschen verdr\u00e4ngt und bek\u00e4mpft werde<\/em><br \/>\n8.11.2018<br \/>\n<strong>Sexuelle Bel\u00e4stigung ist in Fl\u00fcchtlingswohnheimen allt\u00e4glich<\/strong><br \/>\nAls ich in einer Fl\u00fcchtlings-Unterkunft in Gie\u00dfen lebte, habe ich selbst meine Erfahrungen mit Bel\u00e4stigungen gemacht. Aber da ich aus Pakistan kam, habe ich nicht weiter dar\u00fcber nachgedacht, so absurd das auch klingen mag. &#8230;.Heute ist mir klar, wie dumm ich damals war. Statt anderthalb Monate in der Fl\u00fcchtlingsunterkunft in Angst zu leben, h\u00e4tte ich die Vorf\u00e4lle melden sollen.<br \/>\nNur hat sich eben niemand in der Einrichtung die Zeit genommen, uns \u00fcber solche Dinge aufzukl\u00e4ren. Die Verwaltung dieser Fl\u00fcchtlingszentren ist so weit weg, dass sie kaum zu erreichen ist, wenn jemand mal ein Problem hat. Ich bin mir sicher, dass viele F\u00e4lle sexueller Bel\u00e4stigung verhindert werden k\u00f6nnten, w\u00fcrden Frauen dazu angehalten, Vorf\u00e4lle zu melden. &#8230; &#8230;.<br \/>\nAlles von Meera Jamal vom 7.12.2016 bitte lesen auf <a href=\"https:\/\/www.sueddeutsche.de\/leben\/nach-mord-in-freiburg-sexuelle-gewalt-durch-gefluechtete-maenner-muss-ernst-genommen-werden-1.3284063\">https:\/\/www.sueddeutsche.de\/leben\/nach-mord-in-freiburg-sexuelle-gewalt-durch-gefluechtete-maenner-muss-ernst-genommen-werden-1.3284063<\/a><br \/>\n.<br \/>\n<em>Meera Jamal, 34, ist eine pakistanische Journalistin. In ihrer Heimat arbeitete sie f\u00fcr die Zeitung The Dawn. Nach Drohungen wegen ihrer Arbeit fl\u00fcchtete sie 2008 und lebt heute mit ihrer Familie in Wiesbaden.<\/em><\/p>\n<p>&nbsp;<\/p>\n<p><strong>Fl\u00fcchtlingsheime sind wie eine Black Box &#8211; D\u00e4mliche Deutsche<\/strong><br \/>\nWomit wir beim dritten m\u00f6glichen Grund f\u00fcr die Verwandlung von Asylbewerberunterk\u00fcnften in eine Black Box w\u00e4ren. Dieser Grund hat das gr\u00f6\u00dfte Gewicht und d\u00fcrfte sich, da er hinabsteigt in mentalit\u00e4tsgeschichtliche Tiefen, als am hartn\u00e4ckigsten erweisen, im schlimmen Sinn am nachhaltigsten. Denn wer wollte nun \u2013 ausgerechnet nun \u2013 nationalpsychologische Therapien betreiben? Dieser dritte Grund ist, in den Worten des Schriftstellers Thomas Kapielski,<br \/>\n<em>\u201edie Einfalt der Deutschen und, wie es scheint, des Westens insgesamt, zu mutma\u00dfen, <\/em><br \/>\n<em>alle Welt sei im Grunde ebenso harmlos, duldsam, ungezwungen und lustig wie sie gerade selbst.\u201c<\/em><br \/>\nDiese \u201eMischung aus <a title=\"Dummheit\" href=\"https:\/\/www.freiburg-schwarzwald.de\/blog\/engagement\/zukunft\/dummheit\/\">D\u00e4mlichkeit<\/a> und Anma\u00dfung\u201c addiert sich zu Kosten, die niemand begleichen will, obwohl sie uns allen pr\u00e4sentiert werden.<br \/>\n&#8230; Alles vom 11.8.2016 von Alexander Kissler auf<br \/>\n<a href=\"https:\/\/www.cicero.de\/berliner-republik\/fluechtlingsheime-in-der-kritik-daemliche-deutsche#comments\">https:\/\/www.cicero.de\/berliner-republik\/fluechtlingsheime-in-der-kritik-daemliche-deutsche#comments<\/a><\/p>\n","protected":false},"excerpt":{"rendered":"<p>Home &gt;Global\u00a0&gt;Migration &gt;Integration &gt;Fluechtlinge &gt;Fluechtlinge-Wohnung Listenauswahl eines Beitrags (Artikel\/Datum, Seite\/Inhalt): Klicken oder scrollen Die Verdr\u00e4ngung der Deutschen aus den St\u00e4dten (27.9.2025) Fl\u00fcchtlingswohnheim und die Familien in der Nachbarschaft (3.7.2024) Verdr\u00e4ngung \u2013 Wohnungsmarkt\u00a0(2.3.2023) L\u00f6rrach: Migration gegen Mieter\u00a0(20.2.2023) Wohnraummangel \u2013 Investition \u2013 &hellip; <a href=\"https:\/\/www.freiburg-schwarzwald.de\/blog\/global\/integration\/fluechtlinge-wohnung\/\">Weiterlesen <span class=\"meta-nav\">&rarr;<\/span><\/a><\/p>\n","protected":false},"author":2,"featured_media":0,"parent":1875,"menu_order":0,"comment_status":"open","ping_status":"closed","template":"","meta":{"footnotes":""},"class_list":["post-60736","page","type-page","status-publish","hentry"],"_links":{"self":[{"href":"https:\/\/www.freiburg-schwarzwald.de\/blog\/wp-json\/wp\/v2\/pages\/60736","targetHints":{"allow":["GET"]}}],"collection":[{"href":"https:\/\/www.freiburg-schwarzwald.de\/blog\/wp-json\/wp\/v2\/pages"}],"about":[{"href":"https:\/\/www.freiburg-schwarzwald.de\/blog\/wp-json\/wp\/v2\/types\/page"}],"author":[{"embeddable":true,"href":"https:\/\/www.freiburg-schwarzwald.de\/blog\/wp-json\/wp\/v2\/users\/2"}],"replies":[{"embeddable":true,"href":"https:\/\/www.freiburg-schwarzwald.de\/blog\/wp-json\/wp\/v2\/comments?post=60736"}],"version-history":[{"count":5,"href":"https:\/\/www.freiburg-schwarzwald.de\/blog\/wp-json\/wp\/v2\/pages\/60736\/revisions"}],"predecessor-version":[{"id":139490,"href":"https:\/\/www.freiburg-schwarzwald.de\/blog\/wp-json\/wp\/v2\/pages\/60736\/revisions\/139490"}],"up":[{"embeddable":true,"href":"https:\/\/www.freiburg-schwarzwald.de\/blog\/wp-json\/wp\/v2\/pages\/1875"}],"wp:attachment":[{"href":"https:\/\/www.freiburg-schwarzwald.de\/blog\/wp-json\/wp\/v2\/media?parent=60736"}],"curies":[{"name":"wp","href":"https:\/\/api.w.org\/{rel}","templated":true}]}}