{"id":60727,"date":"2016-05-12T16:05:23","date_gmt":"2016-05-12T14:05:23","guid":{"rendered":"https:\/\/www.freiburg-schwarzwald.de\/blog\/?page_id=60727"},"modified":"2026-02-02T22:11:59","modified_gmt":"2026-02-02T21:11:59","slug":"fluechtlinge-arbeit","status":"publish","type":"page","link":"https:\/\/www.freiburg-schwarzwald.de\/blog\/global\/integration\/fluechtlinge-arbeit\/","title":{"rendered":"Fluechtlinge-Arbeit"},"content":{"rendered":"<p><a href=\"https:\/\/www.freiburg-schwarzwald.de\/blog\">Home<\/a> &gt;<a title=\"Global\" href=\"https:\/\/www.freiburg-schwarzwald.de\/blog\/global\/\">Global<\/a>\u00a0&gt;<a title=\"Migration\" href=\"https:\/\/www.freiburg-schwarzwald.de\/blog\/global\/migration\/\">Migration<\/a> &gt;<a title=\"Integration\" href=\"https:\/\/www.freiburg-schwarzwald.de\/blog\/global\/integration\/\">Integration<\/a> &gt;<a title=\"Fluechtlinge\" href=\"https:\/\/www.freiburg-schwarzwald.de\/blog\/global\/integration\/fluechtlinge\/\">Fluechtlinge<\/a> &gt;Fluechtlinge-Arbeit<\/p>\n<div id=\"attachment_60728\" style=\"width: 649px\" class=\"wp-caption alignnone\"><a href=\"https:\/\/www.freiburg-schwarzwald.de\/blog\/fluechtlinge-arbeit\/strand6vater-sohn-pan160503\/\" rel=\"attachment wp-att-60728\"><img loading=\"lazy\" decoding=\"async\" aria-describedby=\"caption-attachment-60728\" class=\"size-full wp-image-60728\" src=\"https:\/\/www.freiburg-schwarzwald.de\/blog\/wp-content\/uploads\/2016\/05\/strand6vater-sohn-pan160503.jpg\" alt=\"Vater und Sohn beim Sandburgenbau am Mittelmeer bei Venedig 3.5.2016\" width=\"639\" height=\"275\" srcset=\"https:\/\/www.freiburg-schwarzwald.de\/blog\/wp-content\/uploads\/2016\/05\/strand6vater-sohn-pan160503.jpg 639w, https:\/\/www.freiburg-schwarzwald.de\/blog\/wp-content\/uploads\/2016\/05\/strand6vater-sohn-pan160503-180x77.jpg 180w\" sizes=\"auto, (max-width: 639px) 100vw, 639px\" \/><\/a><p id=\"caption-attachment-60728\" class=\"wp-caption-text\">Vater und Sohn beim Sandburgenbau am Mittelmeer bei Venedig 3.5.2016<\/p><\/div>\n<ul>\n<li><em>Listenauswahl eines Beitrags: Bitte anklicken oder runterscrollen<\/em><\/li>\n<li><a href=\"https:\/\/www.freiburg-schwarzwald.de\/blog\/global\/migration\/arbeitsmigration\/\">Migration: Fachkr\u00e4fte vergraulen, Schmarotzer hofieren<\/a>\u00a0(2.2.2026)<\/li>\n<li><a href=\"https:\/\/www.freiburg-schwarzwald.de\/blog\/qualifizieren-statt-zuwanderung\/\">Qualifizieren statt Zuwanderung<\/a>\u00a0(1.12.2025)<\/li>\n<li><a href=\"https:\/\/www.freiburg-schwarzwald.de\/blog\/global\/migration\/migration2021\/\">Neue Studie zur Intelligenz von Asylzuwanderern in Deutschland<\/a>\u00a0(22.11.2024)<\/li>\n<li><a href=\"https:\/\/www.freiburg-schwarzwald.de\/blog\/global\/migration\/gastarbeiter\/\">Der Rassismus der Gutmenschen: \u201eMein kleiner T\u00fcrke\u201c<\/a>\u00a0(25.9.2024)<\/li>\n<li><a href=\"https:\/\/www.freiburg-schwarzwald.de\/blog\/global\/migration\/migration-zahlen\/\">Wieviele Syrer und Afghanen hat Mercedes-Benz eingestellt? Keine Antwort<\/a>\u00a0(28.10.2023)<\/li>\n<li><a href=\"https:\/\/www.freiburg-schwarzwald.de\/blog\/global\/migration\/zuwanderer\/\">Attraktiv f\u00fcr Einwanderer ins Sozialsystem, aber nicht f\u00fcr Fachkr\u00e4fte und Gr\u00fcnder<\/a>\u00a0(9.3.2023)<\/li>\n<li>Boris Palmer bei Lanz: Nur 25 Prozent der Zugewanderten regul\u00e4r besch\u00e4ftigt (17.2.2023)<\/li>\n<li><a title=\"Jugendarbeitslosigkeit\" href=\"https:\/\/www.freiburg-schwarzwald.de\/blog\/selbsthilfe\/soziales\/arbeit\/jugendarbeitslosigkeit\/\">H\u00e4lfte der Arbeitslosen in Deutschland hat ausl\u00e4ndische Wurzeln<\/a> (4.4.2019)<\/li>\n<li><a href=\"https:\/\/www.freiburg-schwarzwald.de\/blog\/fake-news-und-wunschdenken\/\">https:\/\/www.freiburg-schwarzwald.de\/blog\/fake-news-und-wunschdenken\/<\/a> (17.1.2019)<\/li>\n<li><a title=\"Versorgungsmigration\" href=\"https:\/\/www.freiburg-schwarzwald.de\/blog\/global\/migration\/versorgungsmigration\/\">Zuwanderung erfolgt(e) weniger in Arbeit als in Versorgung<\/a> \u00a0(13.9.2016)<\/li>\n<li><a title=\"Arbeitsmarkt\" href=\"https:\/\/www.freiburg-schwarzwald.de\/blog\/selbsthilfe\/soziales\/arbeit\/arbeitsmarkt\/\">Gigantische Belastung des Arbeitsmarkts durch Migranten<\/a> (3.8.2016)<\/li>\n<li><a title=\"Jugendarbeitslosigkeit\" href=\"https:\/\/www.freiburg-schwarzwald.de\/blog\/selbsthilfe\/soziales\/arbeit\/jugendarbeitslosigkeit\/\">Massenmigration zu Lasten der bestehenden EU-Jugendarbeitslosigkeit<\/a> (19.6.2016)<\/li>\n<li><a title=\"Arbeit\" href=\"https:\/\/www.freiburg-schwarzwald.de\/blog\/selbsthilfe\/soziales\/arbeit\/\">Jugendarbeitslosigkeit \u2013 Das gr\u00f6\u00dfte Problem in der EU<\/a>\u00a0 (4.4.2014)<\/li>\n<li><\/li>\n<li><a title=\"Arbeit\" href=\"https:\/\/www.freiburg-schwarzwald.de\/blog\/selbsthilfe\/soziales\/arbeit\/\">Arbeit<\/a><\/li>\n<li><a title=\"Arbeitsmigration\" href=\"https:\/\/www.freiburg-schwarzwald.de\/blog\/global\/migration\/arbeitsmigration\/\">Arbeitsmigration<\/a><\/li>\n<li><a title=\"Arbeitsmarkt\" href=\"https:\/\/www.freiburg-schwarzwald.de\/blog\/selbsthilfe\/soziales\/arbeit\/arbeitsmarkt\/\">Arbeitsmarkt<\/a><\/li>\n<li><a title=\"Familiennachzug\" href=\"https:\/\/www.freiburg-schwarzwald.de\/blog\/global\/migration\/familiennachzug\/\">Familiennachzug \u2013 Fl\u00fcchtlinge<\/a><\/li>\n<li><a title=\"Fluechtlinge\" href=\"https:\/\/www.freiburg-schwarzwald.de\/blog\/global\/integration\/fluechtlinge\/\">Fl\u00fcchtlinge<\/a><\/li>\n<li><a title=\"Fluechtlinge2016\" href=\"https:\/\/www.freiburg-schwarzwald.de\/blog\/global\/integration\/fluechtlinge2016\/\">Fl\u00fcchtlinge2016<\/a><\/li>\n<li><a title=\"Fluechtlinge-Chance\" href=\"https:\/\/www.freiburg-schwarzwald.de\/blog\/global\/integration\/fluechtlinge-chance\/\">Fl\u00fcchtlinge \u2013 Chance<\/a><\/li>\n<li><a title=\"Fluechtlinge-Islam\" href=\"https:\/\/www.freiburg-schwarzwald.de\/blog\/global\/integration\/fluechtlinge-islam\/\">Fluechtlinge-Islam<\/a><\/li>\n<li><a title=\"Fluechtlinge-Paten\" href=\"https:\/\/www.freiburg-schwarzwald.de\/blog\/global\/integration\/fluechtlinge-paten\/\">Fluechtlinge-Paten<\/a><\/li>\n<li><a title=\"Fluechtlinge-Pflichten\" href=\"https:\/\/www.freiburg-schwarzwald.de\/blog\/global\/integration\/fluechtlinge-pflichten\/\">Fluechtlinge-Pflichten<\/a><\/li>\n<li><a href=\"https:\/\/www.freiburg-schwarzwald.de\/migration.htm#Fl\u00fcchtlinge: R\u00fcckkehr- und Perspektivberatung in Freiburg\">Fl\u00fcchtlinge: R\u00fcckkehr- und Perspektivberatung f\u00fcr Fl\u00fcchtlinge<\/a><\/li>\n<li><a title=\"Fluechtlingslager\" href=\"https:\/\/www.freiburg-schwarzwald.de\/blog\/global\/migration\/fluechtlingslager\/\">Fl\u00fcchtlingslager<\/a><\/li>\n<li><a title=\"Fluechtlingsaktivisten\" href=\"https:\/\/www.freiburg-schwarzwald.de\/blog\/global\/migration\/fluechtlingsaktivisten\/\">Fluechtlingsaktivisten\u00a0<\/a><\/li>\n<li><a href=\"https:\/\/www.freiburg-schwarzwald.de\/blog\/global\/migration\/gastarbeiter\/\">Gastarbeiter<\/a><\/li>\n<li><a title=\"Ghetto\" href=\"https:\/\/www.freiburg-schwarzwald.de\/blog\/global\/integration\/ghetto\/\">Ghetto<\/a><\/li>\n<li><a title=\"Groessenwahn\" href=\"https:\/\/www.freiburg-schwarzwald.de\/blog\/engagement\/zukunft\/groessenwahn\/\">Gr\u00f6\u00dfenwahn<\/a><\/li>\n<li><a title=\"Indomeni\" href=\"https:\/\/www.freiburg-schwarzwald.de\/blog\/global\/migration\/idomeni\/\">Idomeni<\/a><\/li>\n<li><a title=\"Integration\" href=\"https:\/\/www.freiburg-schwarzwald.de\/blog\/global\/integration\/\">Integration \u2013 Infos<\/a><\/li>\n<li><a title=\"Integration-Islam\" href=\"https:\/\/www.freiburg-schwarzwald.de\/blog\/global\/integration\/integration-islam\/\">Integration-Islam<\/a><\/li>\n<li><a title=\"Integrieren\" href=\"https:\/\/www.freiburg-schwarzwald.de\/blog\/global\/integration\/integrieren\/\">Integrieren<\/a><\/li>\n<li><a title=\"Islam\" href=\"https:\/\/www.freiburg-schwarzwald.de\/blog\/religion\/islam\/\">Islam<\/a><\/li>\n<li><a title=\"Jugendarbeitslosigkeit\" href=\"https:\/\/www.freiburg-schwarzwald.de\/blog\/selbsthilfe\/soziales\/arbeit\/jugendarbeitslosigkeit\/\">Jugendarbeitslosigkeit<\/a><\/li>\n<li><a title=\"Kontrollierte-Grenzen\" href=\"https:\/\/www.freiburg-schwarzwald.de\/blog\/global\/migration\/kontrollierte-grenzen\/\">Kontrollierte-Grenzen<\/a><\/li>\n<li><a title=\"Migranten-Fluechtlinge\" href=\"https:\/\/www.freiburg-schwarzwald.de\/blog\/global\/migration\/migranten-fluechtlinge\/\">Migranten-Fluechtlinge<\/a><\/li>\n<li><a title=\"Migration-erzwungen\" href=\"https:\/\/www.freiburg-schwarzwald.de\/blog\/global\/migration\/migration-erzwungen\/\">Migration-erzwungen<\/a><\/li>\n<li><a title=\"Migration-Internet\" href=\"https:\/\/www.freiburg-schwarzwald.de\/blog\/global\/migration\/migration-internet\/\">Migration-Internet<\/a><\/li>\n<li><a title=\"Migration-Maenner\" href=\"https:\/\/www.freiburg-schwarzwald.de\/blog\/global\/migration\/migration-maenner\/\">Migration-Maenner<\/a><\/li>\n<li><a title=\"Migration-Wohnen\" href=\"https:\/\/www.freiburg-schwarzwald.de\/blog\/global\/migration\/migration-wohnen\/\">Migration-Wohnen<\/a><\/li>\n<li><a title=\"Migration-Zahlen\" href=\"https:\/\/www.freiburg-schwarzwald.de\/blog\/global\/migration\/migration-zahlen\/\">Migration-Zahlen<\/a><\/li>\n<li><a title=\"Migrationsindustrie\" href=\"https:\/\/www.freiburg-schwarzwald.de\/blog\/global\/integration\/migrationsindustrie\/\">Migrationsindustrie<\/a><\/li>\n<\/ul>\n<p>&nbsp;<\/p>\n<p><strong>Boris Palmer bei Lanz: Nur 25 Prozent der Zugewanderten regul\u00e4r besch\u00e4ftigt<\/strong><br \/>\n&#8230;<br \/>\nDas sind also die sieben Integrationsklassen mit den 2015er-Ank\u00f6mmlingen, die offenbar sehr behutsam auf deutsches Niveau gebracht werden. Denn klar ist auch: Man wei\u00df nicht mehr, in welcher Sendung es nun war und welcher Gr\u00fcne \u2013 Scherf oder Palmer \u2013 es gesagt hat, aber auch hier geborene Kinder von Syrern, die bei Einschulung ja bereits sechs Jahre in Deutschland leben, sind dadurch beileibe nicht zu \u201ekleinen Deutschen\u201c herangezogen, sondern bleiben erst einmal kleine Syrer, weil sie mit der Kultur des sie umgebenden Landes bis dahin kaum oder keine Ber\u00fchrungspunkte hatten.<br \/>\n&#8230;<br \/>\nKurz darauf erz\u00e4hlt er zum wiederholten Mal, dass sich Syrer in T\u00fcbingen vor gutbezahlten Reinigungsjobs dr\u00fcckten: \u201eNach vier Wochen war kein einziger mehr da.\u201c Der Palmer-Viersprung zum Arbeitswillen der Migranten lautet so: <em><strong>25 Prozent seien besch\u00e4ftigt, ein weiteres Viertel in Fortbildung, die restlichen 50 Prozent arbeitslos. Also de facto: 75 Prozent ohne sinnvolle, den Lebensunterhalt sichernde T\u00e4tigkeit.<\/strong><br \/>\n<\/em>Stegner setzte hier zum Tigersprung an, wollte das als Erfolgsstory verkaufen. Doch f\u00fcr Palmer ist jahrelanger M\u00fc\u00dfiggang eben \u201ekeine Integrationsleistung\u201c und 25 Prozent einfach zu wenig. So unterscheiden sich die Arbeitsethiken auch in der Politik, zwischen Nord und S\u00fcd, links und rechtschaffen.<br \/>\n&#8230;<br \/>\nDer einzige Arbeitsmarkt, der durch die falschen Asylbewerber und \u00fcber die Jahre recht wenige echte Fl\u00fcchtlinge aufgebl\u00e4ht wird, ist der Hilfs- und Billigkr\u00e4ftemarkt, den man mittelfristig durch Automatisierung und andere Ma\u00dfnahmen einsparen k\u00f6nnte. Migration als Modernisierungshindernis. Sozialversicherungsg\u00e4ngig sind diese Jobs zudem auch nicht, insofern steht uns auch gr\u00f6\u00dfere Altersarmut bevor, und wenn wir nicht aufpassen, sogar Unrast von J\u00fcngeren. Das ist vielleicht gar keine Zukunftsvision mehr, sondern aktuelle Gegenwart. Nur die Rot-Gr\u00fcnen mit gelber Assistenz blinzeln diesem Geschehen schl\u00e4frig zu.<br \/>\n&#8230; alles vom 17.2.2023 bitte lesen auf<br \/>\n<a href=\"https:\/\/www.tichyseinblick.de\/feuilleton\/medien\/boris-palmer-lanz-bechaeftigung-zugewanderte\/\">https:\/\/www.tichyseinblick.de\/feuilleton\/medien\/boris-palmer-lanz-bechaeftigung-zugewanderte\/<\/a><\/p>\n<p>&nbsp;<\/p>\n<p>&nbsp;<\/p>\n","protected":false},"excerpt":{"rendered":"<p>Home &gt;Global\u00a0&gt;Migration &gt;Integration &gt;Fluechtlinge &gt;Fluechtlinge-Arbeit Listenauswahl eines Beitrags: Bitte anklicken oder runterscrollen Migration: Fachkr\u00e4fte vergraulen, Schmarotzer hofieren\u00a0(2.2.2026) Qualifizieren statt Zuwanderung\u00a0(1.12.2025) Neue Studie zur Intelligenz von Asylzuwanderern in Deutschland\u00a0(22.11.2024) Der Rassismus der Gutmenschen: \u201eMein kleiner T\u00fcrke\u201c\u00a0(25.9.2024) Wieviele Syrer und Afghanen hat &hellip; <a href=\"https:\/\/www.freiburg-schwarzwald.de\/blog\/global\/integration\/fluechtlinge-arbeit\/\">Weiterlesen <span class=\"meta-nav\">&rarr;<\/span><\/a><\/p>\n","protected":false},"author":2,"featured_media":0,"parent":1875,"menu_order":0,"comment_status":"open","ping_status":"closed","template":"","meta":{"footnotes":""},"class_list":["post-60727","page","type-page","status-publish","hentry"],"_links":{"self":[{"href":"https:\/\/www.freiburg-schwarzwald.de\/blog\/wp-json\/wp\/v2\/pages\/60727","targetHints":{"allow":["GET"]}}],"collection":[{"href":"https:\/\/www.freiburg-schwarzwald.de\/blog\/wp-json\/wp\/v2\/pages"}],"about":[{"href":"https:\/\/www.freiburg-schwarzwald.de\/blog\/wp-json\/wp\/v2\/types\/page"}],"author":[{"embeddable":true,"href":"https:\/\/www.freiburg-schwarzwald.de\/blog\/wp-json\/wp\/v2\/users\/2"}],"replies":[{"embeddable":true,"href":"https:\/\/www.freiburg-schwarzwald.de\/blog\/wp-json\/wp\/v2\/comments?post=60727"}],"version-history":[{"count":6,"href":"https:\/\/www.freiburg-schwarzwald.de\/blog\/wp-json\/wp\/v2\/pages\/60727\/revisions"}],"predecessor-version":[{"id":145206,"href":"https:\/\/www.freiburg-schwarzwald.de\/blog\/wp-json\/wp\/v2\/pages\/60727\/revisions\/145206"}],"up":[{"embeddable":true,"href":"https:\/\/www.freiburg-schwarzwald.de\/blog\/wp-json\/wp\/v2\/pages\/1875"}],"wp:attachment":[{"href":"https:\/\/www.freiburg-schwarzwald.de\/blog\/wp-json\/wp\/v2\/media?parent=60727"}],"curies":[{"name":"wp","href":"https:\/\/api.w.org\/{rel}","templated":true}]}}