{"id":60669,"date":"2016-05-01T17:16:07","date_gmt":"2016-05-01T15:16:07","guid":{"rendered":"https:\/\/www.freiburg-schwarzwald.de\/blog\/?page_id=60669"},"modified":"2026-01-22T21:22:13","modified_gmt":"2026-01-22T20:22:13","slug":"ideologie","status":"publish","type":"page","link":"https:\/\/www.freiburg-schwarzwald.de\/blog\/engagement\/zukunft\/ideologie\/","title":{"rendered":"Ideologie"},"content":{"rendered":"<p><a href=\"https:\/\/freiburg-schwarzwald.de\/blog\">Home<\/a> &gt;<a title=\"Engagement\" href=\"https:\/\/www.freiburg-schwarzwald.de\/blog\/engagement\/\">Engagement<\/a> &gt;<a title=\"Zukunft\" href=\"https:\/\/www.freiburg-schwarzwald.de\/blog\/engagement\/zukunft\/\">Zukunft<\/a> &gt;<a title=\"Demokratie\" href=\"https:\/\/www.freiburg-schwarzwald.de\/blog\/engagement\/zukunft\/demokratie\/\">Demokratie<\/a> &gt;Ideologie<\/p>\n<div id=\"attachment_60417\" style=\"width: 646px\" class=\"wp-caption alignnone\"><a href=\"https:\/\/www.freiburg-schwarzwald.de\/blog\/regio\/bodensee\/bodensee-lindau-hafen-pan160411-2\/\" rel=\"attachment wp-att-60417\"><img loading=\"lazy\" decoding=\"async\" aria-describedby=\"caption-attachment-60417\" class=\"size-full wp-image-60417\" src=\"https:\/\/www.freiburg-schwarzwald.de\/blog\/wp-content\/uploads\/2012\/05\/bodensee-lindau-hafen-pan160411.jpg\" alt=\"Hafen in Lindau am Bodensee am 11.4.2016 - Blick nach Nordosten\" width=\"636\" height=\"297\" srcset=\"https:\/\/www.freiburg-schwarzwald.de\/blog\/wp-content\/uploads\/2012\/05\/bodensee-lindau-hafen-pan160411.jpg 636w, https:\/\/www.freiburg-schwarzwald.de\/blog\/wp-content\/uploads\/2012\/05\/bodensee-lindau-hafen-pan160411-180x84.jpg 180w\" sizes=\"auto, (max-width: 636px) 100vw, 636px\" \/><\/a><p id=\"caption-attachment-60417\" class=\"wp-caption-text\">Hafen in Lindau am Bodensee am 11.4.2016 &#8211; Blick nach Nordosten<\/p><\/div>\n<ul>\n<li><em>Listenauswahl eines Beitrags: Bitte anklicken oder runterscrollen<\/em><\/li>\n<li><a href=\"https:\/\/www.freiburg-schwarzwald.de\/blog\/kultur\/medien\/diskussionskultur\/verleugnung\/\">Verleugungssph\u00e4re \u2013 D\u00e9nisph\u00e8re: Die links-woke Ersatzwirklichkeit<\/a>\u00a0(21.1.2026)<\/li>\n<li>Ideologie &#8211; Realit\u00e4t &#8211; Verbl\u00f6dung (23.11.2025)<\/li>\n<li><a href=\"https:\/\/www.freiburg-schwarzwald.de\/blog\/engagement\/zukunft\/demokratie\/staat\/ideologiestaat\/\">Thorsten Hinz: Vom Treibhaus zum Ideologiestaat<\/a> (1.8.2025)<\/li>\n<li><a href=\"https:\/\/www.freiburg-schwarzwald.de\/blog\/religion\/oekologismus\/\">Der \u00d6kologismus. Die neue deutsche Wahnidee<\/a>\u00a0(20.3.2025)<\/li>\n<li><a href=\"https:\/\/www.freiburg-schwarzwald.de\/blog\/kultur\/kulturverlust\/wokeismus\/\">Alexander Wendt: Realit\u00e4t weicht woker Ideologie \u2013 eine \u00c4ra geht zu Ende<\/a>\u00a0(1.1.2025)<\/li>\n<li><a href=\"https:\/\/www.freiburg-schwarzwald.de\/blog\/die-lehren-aus-den-ost-wahlen\/\">Die Lehren aus den Ost-Wahlen<\/a>\u00a0(25.9.2024)<\/li>\n<li><a href=\"https:\/\/www.freiburg-schwarzwald.de\/blog\/selbsthilfe\/jugend\/124902-2\/\">Wenn die Jugend das w\u00fcsste \u2026 Ideologisierung<\/a>\u00a0(28.6.2024)<\/li>\n<li><a href=\"https:\/\/www.freiburg-schwarzwald.de\/blog\/sport\/sport-politik\/\">Netzwerk im DFB: Wie linke Ideologinnen die sch\u00f6nste Nebensache der Welt politisieren<\/a>\u00a0(21.6.2024)<\/li>\n<li><a href=\"https:\/\/www.freiburg-schwarzwald.de\/blog\/natur\/klima\/klimawandel-glaube\/\">Baby als Klimakiller \u2013 sch\u00e4mt Euch!<\/a>\u00a0(2.1.2024)<\/li>\n<li><a href=\"https:\/\/www.freiburg-schwarzwald.de\/blog\/selbsthilfe\/soziales\/wohlstand\/\">Linke erkl\u00e4rt westlichen Wohlstand f\u00fcr Raub<\/a>\u00a0(23.4.2023)<\/li>\n<li><a href=\"https:\/\/www.freiburg-schwarzwald.de\/blog\/religion\/\">\u201eReligi\u00f6se Ideologie\u201c statt Islam<\/a>\u00a0(23.2.2023)<\/li>\n<li><a href=\"https:\/\/www.freiburg-schwarzwald.de\/blog\/kultur\/kulturelle-aneignung\/\">Verlag zieht Buch zur\u00fcck: Ravensburger l\u00e4sst Winnetou zum zweiten Mal sterben<\/a>\u00a0(22.8.2022)<\/li>\n<li><a href=\"https:\/\/www.freiburg-schwarzwald.de\/blog\/engagement\/zukunft\/demokratie\/denunziation\/ausgrenzung\/\">Den (linken) Moralisten widersetzen<\/a> (27.5.2022)<\/li>\n<li><a href=\"https:\/\/www.freiburg-schwarzwald.de\/blog\/engagement\/zukunft\/demokratie\/faschismus\/antifaschismus\/\">Paul Gottfried:\u00a0 Antifaschismus \u2013 Der Verlauf eines Kreuzzugs<\/a>\u00a0(18.2.2022)<\/li>\n<li><a href=\"https:\/\/www.freiburg-schwarzwald.de\/blog\/natur\/klima\/apokalypse\/\">Der Apokalypsen-Trick<\/a>\u00a0(19.1.2022)<\/li>\n<li><a href=\"https:\/\/www.freiburg-schwarzwald.de\/blog\/engagement\/zukunft\/demokratie\/marxismus\/\">Habermas 92 Jahre: Bedeutendster Philosoph der Nachkriegszeit?<\/a>\u00a0(17.10.2021)<\/li>\n<li><a href=\"https:\/\/www.freiburg-schwarzwald.de\/blog\/global\/deutschland\/moral2015\/moralismus\/\">Die m\u00e4chtigen G\u00f6tter: Moral und Angst<\/a>\u00a0(3.8.2021)<\/li>\n<li><a href=\"https:\/\/www.freiburg-schwarzwald.de\/blog\/bildung\/wissenschaft\/wissenschaft-politik\/\">Magd der Ideologie: Ernsthafte Wissenschaftler kehren der institutionellen Wissenschaft den R\u00fccken<\/a>\u00a0(31.7.2021)<\/li>\n<li><a href=\"https:\/\/www.freiburg-schwarzwald.de\/blog\/moralisieren-argumentieren\/\">Moralisieren \u2013 Argumentieren<\/a>\u00a0(29.5.2021)<\/li>\n<li><a href=\"https:\/\/www.freiburg-schwarzwald.de\/blog\/freiheitwert-gesundheitgut\/\">Freiheit=Wert\u00a0 Gesundheit=Gut<\/a>\u00a0(12.4.2021)<\/li>\n<li><a href=\"https:\/\/www.freiburg-schwarzwald.de\/blog\/kultur\/kulturverlust\/cancelculture-literatur\/\">Verweis auf Prophet Mohammed in Dantes \u201eG\u00f6ttlicher Kom\u00f6die\u201c gecancelt<\/a>\u00a0(6.4.2021)<\/li>\n<li><a href=\"https:\/\/www.freiburg-schwarzwald.de\/blog\/uni-gesinnung-statt-argumente\/\">Uni: Gesinnung statt Argumente<\/a>\u00a0(20.3.2021)<\/li>\n<li><a href=\"https:\/\/www.freiburg-schwarzwald.de\/blog\/engagement\/zukunft\/demokratie\/oekologie\/\">Der neue Gott der Linken \u2013 die \u00f6kologische Diktatur<\/a>\u00a0(12.3.2021)<\/li>\n<li><a href=\"https:\/\/www.freiburg-schwarzwald.de\/blog\/der-gesunde-menschenverstand\/\">Der gesunde Menschenverstand \u2013 Hannah Arendt<\/a>\u00a0(3.1.2021)<\/li>\n<li><a href=\"https:\/\/www.freiburg-schwarzwald.de\/blog\/religion\/spirituell\/\">Die Verzauberung der Welt durch das Christentum<\/a>\u00a0(25.12.2020)<\/li>\n<li><a href=\"https:\/\/www.freiburg-schwarzwald.de\/blog\/selbsthilfe\/soziales\/wohlstand\/freizeitpark\/\">Linker Ideologie-Fun-Park vor der Pleite<\/a>\u00a0(10.12.2020)<\/li>\n<li><a href=\"https:\/\/www.freiburg-schwarzwald.de\/blog\/kultur\/kulturverlust\/woke\/\">Ayaan Hirsi Ali: Die Woke-Glaubenslehre<\/a>\u00a0(24.11.2020)<\/li>\n<li><a href=\"https:\/\/www.freiburg-schwarzwald.de\/blog\/religion\/islam\/terror\/\">Der extremistische Islam ist die gef\u00e4hrlichste Ideologie in Europa<\/a>\u00a0(27.11.2020)<\/li>\n<li><a href=\"https:\/\/www.freiburg-schwarzwald.de\/blog\/ab-2020-glauben-statt-pruefen\/\">Ab dem Jahr 2020: Glauben statt p\u00fcfen<\/a>\u00a0(20.11.2020)<\/li>\n<li><a href=\"https:\/\/www.freiburg-schwarzwald.de\/blog\/engagement\/zukunft\/demokratie\/68er\/\">68er-Bewegung: Die sechs Enkel-Ideologien<\/a> (3.11.2020)<\/li>\n<li><a title=\"Wahrheit \u2013 gef\u00fchlte Wahrheit\" href=\"https:\/\/www.freiburg-schwarzwald.de\/blog\/wahrheit-gefuehlte-wahrheit\/\">Wahrheit und Gef\u00fchlte Wahrheit<\/a>\u00a0(28.8.2020)<\/li>\n<li><a title=\"Antirassismus\" href=\"https:\/\/www.freiburg-schwarzwald.de\/blog\/engagement\/rassismus\/antirassismus\/\">Die Ideologie des Antirassismus \u2013 Zukunftsfrage Identit\u00e4t<\/a>\u00a0(21.8.2020)<\/li>\n<li><a title=\"DFG l\u00f6scht Dieter Nuhr\" href=\"https:\/\/www.freiburg-schwarzwald.de\/blog\/dfg-loescht-dieter-nuhr\/\">DFG\u00a0l\u00f6scht Dieter Nuhr<\/a>\u00a0(4.8.2020)<\/li>\n<li>Finkielkraut: Antirassismus als Ideologie der Wei\u00df-Sein-Scham (13.6.2020)<\/li>\n<li><a title=\"CO2\" href=\"https:\/\/www.freiburg-schwarzwald.de\/blog\/natur\/klima\/co2\/\">COVID-19 l\u00e4sst den anthropogenen Klimawandel-Mythos verpuffen<\/a>\u00a0(8.4.2020)<\/li>\n<li><a title=\"Klima-Ideologie von Wikipedia\" href=\"https:\/\/www.freiburg-schwarzwald.de\/blog\/klima-ideologie-von-wikipedia\/\">Klima-Ideologie von Wikipedia<\/a>\u00a0(13.3.2020)<\/li>\n<li>Dieter Nuhr: Humor \u00fcber Heilsideologien (Klimawandel, Religion) unzul\u00e4ssig (10.2.2020)<\/li>\n<li><a title=\"Infantil\" href=\"https:\/\/www.freiburg-schwarzwald.de\/blog\/bildung\/infantil\/\">FridaysForFuture gegen Siemens-Exporte nach Australien: Luisa l\u00f6scht Down Under<\/a>\u00a0(11.1.2020)<\/li>\n<li><a title=\"Ohne Freiheit \u2013 wohin gehen?\" href=\"https:\/\/www.freiburg-schwarzwald.de\/blog\/ohne-unsere-freiheit-wohin-gehen\/\">Ohne unsere Freiheit \u2013 wohin gehen?<\/a>\u00a0(7.1.2020)<\/li>\n<li><a title=\"Indoktrinierung\" href=\"https:\/\/www.freiburg-schwarzwald.de\/blog\/bildung\/schulen\/indoktrinierung\/\">Lachtag statt Weihnachtstag<\/a>\u00a0(14.12.2019)<\/li>\n<li><a title=\"Klonovsky\" href=\"https:\/\/www.freiburg-schwarzwald.de\/blog\/kultur\/dichter\/klonovsky\/\">Klonovsky: Die Linke \u2013 vom Gegenpart zum Parasit des Kapitalismus<\/a>\u00a0 (28.11.2019)<\/li>\n<li><a title=\"Sozialismus\" href=\"https:\/\/www.freiburg-schwarzwald.de\/blog\/engagement\/zukunft\/demokratie\/sozialismus\/\">Landsbergis: \u201eDeutschland gleitet ein drittes Mal in den Sozialismus ab\u201c<\/a>\u00a0(20.10.2019)<\/li>\n<li><a title=\"Apokalypse\" href=\"https:\/\/www.freiburg-schwarzwald.de\/blog\/natur\/klima\/apokalypse\/\">Eine trostlose s\u00e4kulare Religion: die Greta-Apokalypse kennt keine Erl\u00f6sung<\/a>\u00a0(28.9.2019)<\/li>\n<li><a title=\"Aufklaerung statt Ideologie\" href=\"https:\/\/www.freiburg-schwarzwald.de\/blog\/aufklaerung-statt-ideologie\/\">Auflkl\u00e4rung statt Ideologie<\/a>\u00a0(19.7.2019)<\/li>\n<li><a title=\"Gruen-Links\" href=\"https:\/\/www.freiburg-schwarzwald.de\/blog\/engagement\/zukunft\/demokratie\/gruen-links\/\">Gr\u00fcner Hype \u2013 vorw\u00e4rts Richtung Mittelalter<\/a> (7.6.2019)<\/li>\n<li><a href=\"https:\/\/www.freiburg-schwarzwald.de\/blog\/klimawandel-religion\/\">https:\/\/www.freiburg-schwarzwald.de\/blog\/klimawandel-religion\/<\/a>\u00a0(2.6.2019)<\/li>\n<li><a title=\"Oesterreich\" href=\"https:\/\/www.freiburg-schwarzwald.de\/blog\/global\/oesterreich\/\">Eine-Welt-Ideologe contra Populismus \u2013 Beispiel Strache-Video\u00a0<\/a>(31.5.2019)<\/li>\n<li>Links-Ideologie: Arabische M\u00e4nner lassen unsere heile Welt unber\u00fchrt (9.12.2016)<\/li>\n<li>Merkel hat nicht verstanden: Islam ist Ideologie, nicht Religion (26.8.2016)<\/li>\n<li>Religionen sind Ideologien und somit politisch &#8211; auch der Islam (1.5.2016)<\/li>\n<\/ul>\n<ul>\n<li><a href=\"https:\/\/www.freiburg-schwarzwald.de\/blog\/engagement\/zukunft\/demokratie\/68er\/\">68er<\/a><\/li>\n<li><a title=\"Agnostiker\" href=\"https:\/\/www.freiburg-schwarzwald.de\/blog\/religion\/agnostiker\/\">Agnostiker<\/a><\/li>\n<li><a href=\"https:\/\/www.freiburg-schwarzwald.de\/blog\/engagement\/zukunft\/demokratie\/faschismus\/antifaschismus\/\">Antifaschismus<\/a><\/li>\n<li><a title=\"Antirassismus\" href=\"https:\/\/www.freiburg-schwarzwald.de\/blog\/engagement\/rassismus\/antirassismus\/\">Antirassismus<\/a><\/li>\n<li><a title=\"Apokalypse\" href=\"https:\/\/www.freiburg-schwarzwald.de\/blog\/natur\/klima\/apokalypse\/\">Apokalypse<\/a><\/li>\n<li><a title=\"Aufklaerung\" href=\"https:\/\/www.freiburg-schwarzwald.de\/blog\/kultur\/aufklaerung\/\">Aufkl\u00e4rung<\/a><\/li>\n<li><a href=\"https:\/\/www.freiburg-schwarzwald.de\/blog\/kultur\/kulturverlust\/cancelculture-literatur\/\">CancelCulture-Literatur<\/a><\/li>\n<li><a title=\"Christchurch\" href=\"https:\/\/www.freiburg-schwarzwald.de\/blog\/religion\/islam\/terror\/christchurch\/\">Christchurch<\/a><\/li>\n<li><a href=\"https:\/\/www.freiburg-schwarzwald.de\/blog\/selbsthilfe\/soziales\/wohlstand\/freizeitpark\/\">Freizeitpark Deutschland<\/a><\/li>\n<li><a title=\"Gott\" href=\"https:\/\/www.freiburg-schwarzwald.de\/blog\/religion\/gott\/\">Gott<\/a><\/li>\n<li><a title=\"Gruen-Links\" href=\"https:\/\/www.freiburg-schwarzwald.de\/blog\/engagement\/zukunft\/demokratie\/gruen-links\/\">Gruen-Links<\/a><\/li>\n<li><a title=\"Humanismus\" href=\"https:\/\/www.freiburg-schwarzwald.de\/blog\/kultur\/aufklaerung\/humanismus\/\">Humanismus<\/a><\/li>\n<li><a title=\"Katholisch\" href=\"https:\/\/www.freiburg-schwarzwald.de\/blog\/religion\/katholisch\/\">Katholisch<\/a><\/li>\n<li><a title=\"Klima-Religion\" href=\"https:\/\/www.freiburg-schwarzwald.de\/blog\/natur\/klima\/klima-religion\/\">Klima-Religion<\/a><\/li>\n<li><a href=\"https:\/\/www.freiburg-schwarzwald.de\/blog\/engagement\/zukunft\/demokratie\/staat\/ideologiestaat\/\">Ideologiestaat<\/a><\/li>\n<li><a title=\"Islam-Reformen\" href=\"https:\/\/www.freiburg-schwarzwald.de\/blog\/religion\/islam\/islam-reformen\/\">Islam<\/a><\/li>\n<li><a href=\"https:\/\/www.freiburg-schwarzwald.de\/blog\/selbsthilfe\/jugend\/jugend-ideologisierung\/\">Jugend-Ideologisierung<\/a><\/li>\n<li><a title=\"Kirche-Staat\" href=\"https:\/\/www.freiburg-schwarzwald.de\/blog\/religion\/kirche-staat\/\">Kirche-Staat<\/a><\/li>\n<li><a href=\"https:\/\/www.freiburg-schwarzwald.de\/blog\/kultur\/kulturelle-aneignung\/\">Kulturelle-Aneignung<\/a><\/li>\n<li><a title=\"Liberalismus\" href=\"https:\/\/www.freiburg-schwarzwald.de\/blog\/engagement\/zukunft\/demokratie\/liberalismus\/\">Liberalismus<\/a><\/li>\n<li><a title=\"Links\" href=\"https:\/\/www.freiburg-schwarzwald.de\/blog\/engagement\/zukunft\/demokratie\/links\/\">Links<\/a><\/li>\n<li><a href=\"https:\/\/www.freiburg-schwarzwald.de\/blog\/engagement\/zukunft\/demokratie\/marxismus\/\">Marxismus<\/a><\/li>\n<li><a href=\"https:\/\/www.freiburg-schwarzwald.de\/blog\/global\/deutschland\/moral2015\/moralismus\/\">Moralismus<\/a><\/li>\n<li><a href=\"https:\/\/www.freiburg-schwarzwald.de\/blog\/religion\/oekologismus\/\">\u00d6kologismus<\/a><\/li>\n<li><a title=\"Philosophie\" href=\"https:\/\/www.freiburg-schwarzwald.de\/blog\/bildung\/philosophie\/\">Philosophie<\/a><\/li>\n<li><a title=\"Populismus\" href=\"https:\/\/www.freiburg-schwarzwald.de\/blog\/engagement\/zukunft\/demokratie\/populismus\/\">Populismus<\/a><\/li>\n<li><a title=\"Pluralismus\" href=\"https:\/\/www.freiburg-schwarzwald.de\/blog\/religion\/pluralismus\/\">Religi\u00f6ser Pluralismus<\/a><\/li>\n<li><a title=\"Sozialismus\" href=\"https:\/\/www.freiburg-schwarzwald.de\/blog\/engagement\/zukunft\/demokratie\/sozialismus\/\">Sozialismus<\/a><\/li>\n<li><a href=\"https:\/\/www.freiburg-schwarzwald.de\/blog\/religion\/spirituell\/\">Spirituell<\/a><\/li>\n<li><a href=\"https:\/\/www.freiburg-schwarzwald.de\/blog\/bildung\/wissenschaft\/\">Wissenschaft<\/a><\/li>\n<li><a href=\"https:\/\/www.freiburg-schwarzwald.de\/blog\/bildung\/hochschulen\/wissenschaftsfreiheit\/\">Wissenschaftsfreiheit<\/a><\/li>\n<li><a href=\"https:\/\/www.freiburg-schwarzwald.de\/blog\/kultur\/kulturverlust\/woke\/\">Woke<\/a><\/li>\n<\/ul>\n<p>&nbsp;<\/p>\n<p><strong>Ideologie &#8211; Realit\u00e4t &#8211; Verbl\u00f6dung<\/strong><br \/>\n\u201eFriedensangst\u201c \u2013 Im Zeitalter ideologischer Verbl\u00f6dung<br \/>\nIdeologie stellt Behauptungen \u00fcber die Realit\u00e4t auf, \u00fcber Sein und Sollen, Gegenwart und Zukunft und beansprucht f\u00fcr diese Behauptungen Wahrheit.<br \/>\n&#8230;<br \/>\nDie Realit\u00e4t ist indes etwas, dessen Zustand und Entwicklung nur bedingt von Menschenhand beeinflusst werden kann, zumal Menschen in der Regel viel weniger wissen als sie zu wissen glauben und entsprechend und regelm\u00e4\u00dfig mit den \u00dcberraschungen der unbeabsichtigten Konsequenzen konfrontiert sind. Mit den Dingen, die sie nicht antizipiert, die ihr \u201ePlan\u201c nicht ber\u00fccksichtigt hat, die ihnen unbekannt waren, die sie nicht vorhersehen konnten und nicht vorhergesehen haben.<\/p>\n<p>Zwangsl\u00e4ufig resultiert daraus eine immer gr\u00f6\u00dfer werdende Abweichung zwischen dem, was die Ideologen behaupten, dass es sei, und dem, was tats\u00e4chlich ist. Die Abweichung wird immer gr\u00f6\u00dfer, weil Ideologen nur zwei Modi kennen, um auf eine Falsifikation ihrer ideologischen Behauptungen durch die Realit\u00e4t zu reagieren: Entweder sie stellen die Realit\u00e4t in Frage oder sie ignorieren die Realit\u00e4t. Beides ist, wenn man es mit Prozessen, die man nicht beeinflussen kann, zu tun hat, eine bescheuerte Strategie, die zur\u00fcckverweist auf die kognitiven Beschr\u00e4nkungen der angeblichen Intellektuellen.<br \/>\nZwangsl\u00e4ufig f\u00fchrt eine immer gr\u00f6\u00dfer werdende Kluft zwischen dem, was Ideologen behaupten und dem, was ist, dazu, dass Ideologen immer h\u00e4ufiger auf Widerstand treffen, dass sie als die Irren, die sie sind, blo\u00dfgestellt werden.<br \/>\nDas ist der Grund daf\u00fcr, warum Gesellschaften, die auf Ideologie gebaut sind, fr\u00fcher oder sp\u00e4ter, eher fr\u00fcher als sp\u00e4ter in die Herrschaft von Gewalt und Terror abgleiten, der Grund daf\u00fcr, dass Ideologen versuchen mit Gewalt, das, was in der Realit\u00e4t vorzufinden ist, aus dem \u00f6ffentlichen Diskurs auszuschlie\u00dfen, als Fake News unter Strafe zu stellen.<\/p>\n<p>&#8230; Alles vom 23.11.2025 von Michael Klein bitte lesen auf<br \/>\n<a href=\"https:\/\/sciencefiles.org\/2025\/11\/23\/friedensangst-im-zeitalter-ideologischer-verbloedung\/\">https:\/\/sciencefiles.org\/2025\/11\/23\/friedensangst-im-zeitalter-ideologischer-verbloedung\/<\/a><\/p>\n<p>&nbsp;<\/p>\n<p><strong>Finkielkraut: Antirassismus als Ideologie der Wei\u00df-Sein-Scham<\/strong><br \/>\n\u201eBeim Antirassismus geht es leider nicht mehr darum, die Gleichheit der Menschenw\u00fcrde zu verteidigen, sondern um eine Ideologie, eine Weltanschauung. In dieser Sicht der Dinge hat ein nicht-westlicher Sklavenhandel keinen Platz, ebensowenig wie ein arabisch-islamischer Antisemitismus oder einer der afroamerikanischen Gesellschaft. (&#8230;) In der heutigen extremen Linken ist nun diese Besch\u00e4mung, wei\u00df zu sein, an die Stelle des b\u00fcrgerlichen schlechten Gewissens getreten \u2013 die Privilegien jedoch konnte sie nicht abstreifen. Es gibt also keine S\u00fchne f\u00fcr ihr Schuldgef\u00fchl. Und auch keine Erl\u00f6sung.\u201c<br \/>\n<a title=\"Finkielkraut: Falscher Antisemit\" href=\"https:\/\/www.freiburg-schwarzwald.de\/blog\/finkielkraut-falscher-antisemit\/\">Alain Finkelkraut<\/a>, Philosoph, in der \u201eWelt am Sonntag\u201c am 13. Juni 2020<\/p>\n<p>&nbsp;<\/p>\n<p><strong>Dieter Nuhr: Humor \u00fcber Heilsideologien (Klimawandel, Religion) unzul\u00e4ssig<\/strong><br \/>\nDas glaube ich auch, dass wir langsam, aber sicher wieder in diese gesinnungspolizeiliche Ecke hineingeraten. Das war immer dann der Fall, wenn es um Heilsideologien, um Wahrheiten ging. Der Klimawandel ist jetzt ein Thema. Und ich finde, dass man nat\u00fcrlich dieses wie jedes andere wichtige Thema mit Humor bearbeiten muss.<br \/>\nWir sind ja auch so weit, dass wir Humor \u00fcber Religion nicht mehr zulassen. Das ist f\u00fcr mich ein erstaunlicher Vorgang, wenn dar\u00fcber ernsthaft auch unter Linken oder fortschrittlich eingestellten Menschen wieder nachgedacht wird. Das sollte schon Anlass zur Nervosit\u00e4t geben.<br \/>\n&#8230;<br \/>\n&#8230; Komplettes Interview mit Dieter Nuhr vom 10.2.2020 bitte lesen auf<br \/>\n<a href=\"https:\/\/www.nzz.ch\/feuilleton\/kabarettist-dieter-nuhr-alle-wichtigen-themen-werden-in-deutschland-erstaunlich-wenig-mit-dem-verstand-und-erstaunlich-viel-mit-hysterie-behandelt-ld.1538949\">https:\/\/www.nzz.ch\/feuilleton\/kabarettist-dieter-nuhr-alle-wichtigen-themen-werden-in-deutschland-erstaunlich-wenig-mit-dem-verstand-und-erstaunlich-viel-mit-hysterie-behandelt-ld.1538949<\/a><br \/>\n.<br \/>\nDie n\u00e4chste Folge von \u00abNuhr im Ersten\u00bb l\u00e4uft am Donnerstag, dem 12.3. um 22 Uhr 45 in der ARD. Im Mai tritt der Kabarettist auch in der Schweiz auf, u.\u2005a. am 9.\u2005Mai im Volkshaus Z\u00fcrich. Infos unter <a href=\"https:\/\/www.nuhr.de\">https:\/\/www.nuhr.de<\/a>.<\/p>\n<p>.<\/p>\n<p>&nbsp;<\/p>\n<p><strong>Links-Ideologie: Arabische M\u00e4nner lassen unsere heile Welt unber\u00fchrt<\/strong><br \/>\nWas man Maria L. (an der <a title=\"Dreisam-Mord\" href=\"https:\/\/www.freiburg-schwarzwald.de\/blog\/global\/integration\/dreisam-mord\/\">Dreisam in Freiburg<\/a> von einem 17j\u00e4hrigen Afghanen ermordet) aufgrund ihres Alters, ihres wohl beh\u00fcteten und wohlsituierten Elternhauses nicht vorhalten kann, kann und sollte man stattdessen jenen vorhalten, die Maria L. diese naive Unbek\u00fcmmertheit auf allen Ebenen vermittelten. Medien, Politik, vielleicht auch Eltern, die bis heute relativieren, die nicht wahrhaben wollen, dass es das B\u00f6se gibt. Dass wir nicht jeden retten k\u00f6nnen und nicht jeder unsere Hilfe verdient hat.<br \/>\nEs ist ferner die Vorstellung eines sicheren Staates, einer europ\u00e4ischen Welt, in der nicht allzu Schlimmes geschieht, die Maria L. in Sicherheit wog. Die sie in der Nacht als junge Frau alleine nach Hause fahren lie\u00df in dieser Sicherheit, die doch eigentlich l\u00e4ngst nicht mehr existiert. W\u00e4hrend sich unser eins seit Monaten zus\u00e4tzliche Schutzma\u00dfnahmen von Pfefferspray bis Bewaffnung \u00fcberlegt, glaubte Maria L. immer noch an das, was man ihr erz\u00e4hlte. Dass sich hier durch die vielen arabischen M\u00e4nner nichts an der heilen Welt ver\u00e4ndern w\u00fcrde und vor allem daran, dass wir ihnen helfen m\u00fcssen. In Letzterem liegt das eigentlich Fatalistische dieser Indoktrination verborgen&#8230;..<br \/>\nAlles von Anabel Schunke vom 9.12.2016 bitte lesen auf<br \/>\n<a href=\"https:\/\/www.tichyseinblick.de\/meinungen\/bis-die-revolution-ihr-naechstes-kind-frisst\/\">https:\/\/www.tichyseinblick.de\/meinungen\/bis-die-revolution-ihr-naechstes-kind-frisst\/<br \/>\n<\/a>\u00a0.<br \/>\n<strong>Weitere Opfer sind schon l\u00e4ngst eingepreist<\/strong><br \/>\nHalten Sie einen Moment inne. Und denken Sie an die Menschen, die bald nicht unter uns sind, weil von einer Bombe zerrissen, von einer Maschinengewehrsalve niedergestreckt oder schlicht und einfach erschlagen, erstochen, verbrannt. Vielleicht in 3 Wochen oder in erst 8 Monaten, vielleicht schon morgen.<br \/>\nEs wird passieren. Todsicher. Die Frage ist wann. Es wird Menschen treffen wie Du und ich, dein Kind, deine Eltern, deinen Bruder, deine Frau, heute ahnungslos, die Freude auf Weihnachten, die Urlaubsplanung f\u00fcrs n\u00e4chste Jahr. Das letzte Mal.<br \/>\nZynisch? Vielleicht. Ja, zynisch. So zynisch wie der Rede der Gro\u00dfen Kanzlerin, die schon l\u00e4ngst geschrieben ist, um dann vor die Kamera zu treten: Die verabscheuungsw\u00fcrdige Tat, das sinnlose Morden, doch lassen wir uns nicht vom Wege abbringen, weiter tolerant und weltoffen, keinen Generalverdacht gegen die, die noch nicht so lange hier sind, unsere Gedanken sind bei den Hinterbliebenen blahblahblah. Die Opfer sind schon l\u00e4ngst eingepreist. Hauptsache nicht zu kurz vor der Wahl, das w\u00fcrde Stimmen kosten. Da kann man doch sicher was machen, oder?<br \/>\n9.12.2016, Madagaskar, TO<\/p>\n<p>&nbsp;<\/p>\n<p>&nbsp;<\/p>\n<p><strong>Merkel hat nicht verstanden: Islam ist Ideologie, nicht Religion<\/strong><br \/>\nSchon lange allerdings frage ich mich: Warum hat die klarsichtige Merkel ausgerechnet beim politischen Islam diesen blinden Fleck? Zu meinem Erschrecken hat sie im Laufe dieses Jahres S\u00e4tze gesagt wie diesen:<br \/>\n<em>\u201eWenn uns etwas am Islam nicht passt, <\/em><br \/>\n<em>dann m\u00fcssen wir eben mehr in die Kirche gehen und so gegenhalten.\u201c<\/em><br \/>\nWas f\u00fcr ein tragisches Missverst\u00e4ndnis! Bei den Attent\u00e4tern geht es, ganz wie bei der Schriftgl\u00e4ubigkeit der r\u00fcckst\u00e4ndigen <a title=\"Ditib\" href=\"https:\/\/www.freiburg-schwarzwald.de\/blog\/global\/tuerkei\/ditib\/\">Muslimverb\u00e4nde<\/a> in Deutschland, doch nicht um Religion, sondern um Ideologie. Wir ringen hier nicht um Glaubensfragen, sondern um Machtfragen. Es ist existenziell, das zu begreifen. &#8230;..<br \/>\nAlles vom 26.8.2016 von <a title=\"Feminismus\" href=\"https:\/\/www.freiburg-schwarzwald.de\/blog\/selbsthilfe\/frauen\/feminismus\/\">Alice Schwarzer<\/a> bitte lesen auf<br \/>\n<a href=\"https:\/\/www.cicero.de\/berliner-republik\/ein-jahr-grenzoeffnung-wir-waren-alle-naiv\">https:\/\/www.cicero.de\/berliner-republik\/ein-jahr-grenzoeffnung-wir-waren-alle-naiv<\/a><\/p>\n<p>&nbsp;<\/p>\n<p><strong>Religionen sind Ideologien und somit politisch &#8211; auch der Islam<br \/>\n<\/strong>\u00a0 .<br \/>\n<em>Ideologien sind politisch<\/em><br \/>\nEine Ideologie ist ein System von Ideen, deren Wahrheitsgehalt nicht \u00fcberpr\u00fcfbar ist. Ideologen erheben Aussagen, die allenfalls subjektiv g\u00fcltig sein k\u00f6nnen, als Werte und Normen zu objektiven Tatsachen. Da die Werte und Normen durchgesetzt werden, also das Handeln von Menschen steuern sollen, sind Ideologien stets politisch. Eine unpolitische Ideologie kann es nicht geben &#8211; schlie\u00dflich will sie das Handeln von Menschen normativ reglementieren, greift dazu in die Gesellschaft ein, d.h. handelt politisch.<br \/>\n.<br \/>\n<em>Religionen sind Ideologien und somit politisch<\/em><br \/>\nReligionen setzen objektive Werte und begr\u00fcnden deren Allgemeing\u00fcltigkeit damit, dass diese durch Gott als letztlich nicht nachweisbare (weil transzendente) Institution eingesetzt. Damit sind sie geradezu das Paradebeispiel f\u00fcr Ideologien.<br \/>\nWenn sich Vertreter der christlichen Kirchen unter Berufung der Bibel gegen aktive Sterbehilfe, Abtreibung, Verh\u00fctung und Atomenergie erkl\u00e4ren &#8211; ist das unideologisch, sind das unpolitische Statements dank h\u00f6herer Einsicht? Nein.<br \/>\n.<br \/>\n<em>Ideologien m\u00fcssen dem Grundgesetz entsprechen<\/em><br \/>\nGenauso wie weltliche Ideologien (etwa Faschismus oder Kommunismus) k\u00f6nnen auch religi\u00f6se Ideologien verfassunswidrig sein. Dies gilt auch f\u00fcr den Islam &#8211; auch ihm d\u00fcrfen keine Inhalte, Werte und Handlungen zuzugestanden werden, die wir einer weltlichen Ideologie niemals einr\u00e4umen w\u00fcrden. Das Recht auf \u201eReligionsfreiheit\u201c gilt f\u00fcr die Auspr\u00e4gungen des Islam, deren Normen verfassungsrechtlich akzeptiert sind. Eine Ideologie ist nicht deshalb unideologisch oder gar weniger gef\u00e4hrlich, weil sie sich auf eine transzendente Instanz beruft.<br \/>\n1.5.2016<br \/>\n.<\/p>\n<p><strong>Alle Religionen sind Ideologien<\/strong><br \/>\n&#8230; Die feinsinnige Differenzierung in Religionen hier und politische Ideologie dort entbehrt jeder Grundlage. Dass nun ausgerechnet die Politik und viele Medien sich diese absurde Unterscheidung zu Eigen gemacht haben, verwundert allerdings nicht. Denn sowohl in der Politik als auch in den Medien herrscht mitunter die irrige \u00dcberzeugung vor, der eigene Moralismus sei gleichsam ideologiefrei. Wer ideologisch so verblendet ist, dass er sich selbst f\u00fcr unideologisch h\u00e4lt, sieht auch das ideologische Potenzial von Religionen nicht. Tats\u00e4chlich sind Ideologien unvermeidbar.<br \/>\nWir alle sind Ideologen! Doch in der Regel sind wir kompromissbereit und verzichten auf die Durchsetzung unseres Weltbildes, solange andere ebenfalls davon absehen, uns zwangszubegl\u00fccken.<br \/>\nSelbst die christlichen Kirchen mussten unter dem Druck der <a title=\"Aufklaerung\" href=\"https:\/\/www.freiburg-schwarzwald.de\/blog\/kultur\/aufklaerung\/\">Aufkl\u00e4rung<\/a> lernen, dass sie nur eines unter vielen ideologischen Angeboten sind. &#8230;.<br \/>\nAlles vom 30.4.2016 von Alexander Grau bitte lesen auf<br \/>\n<a href=\"https:\/\/www.cicero.de\/salon\/alle-religionen-sind-ideologien\/60850\">https:\/\/www.cicero.de\/salon\/alle-religionen-sind-ideologien\/60850<br \/>\n<\/a>\u00a0 .<br \/>\n<strong>Christliche Kirchen biedern sich dem politischen Islam an<\/strong><br \/>\nNa, Herr Grau, da haben wir mal wieder einen politisch korrekten Salto Mortale gemacht. Nachdem man den politischen Geltungsanspruch des Islam nicht mehr aus der Welt diskutieren kann, sind nun alle Religionen politisch. Da ist es doch einfach, den politischen Anspruch des Islam gesellschaftlich einzuordnen, sprich: ihn zu entsch\u00e4rfen. Es bleibt jedoch festzustellen, dass einige besonders penetrante Funktion\u00e4re der christlichen Kirchen auf den fahrenden Zug des politischen Islam aufgesprungen sind.<br \/>\nSich ihm anbiedernd sehen sie die M\u00f6glichkeit, das durch die Aufkl\u00e4rung verloren gegangene politische Mitspracherecht wiederzuerlangen. Politischer Islam und christliche Kirchenf\u00fchrer Hand in Hand, die einen haben das Schwert in der Hand und die anderen den Palmzweig (K\u00e4\u00dfmann). Den Islam wirds freuen, wenn sogar der Papst schon vor Muslimen kniet und denen die F\u00fc\u00dfe w\u00e4scht.<br \/>\n30.4.2016, Max Hoffmann<a href=\"https:\/\/www.cicero.de\/salon\/alle-religionen-sind-ideologien\/60850\"><br \/>\n<\/a>\u00a0.<br \/>\n<strong>Christliche Kirchen wittern Morgenluft<\/strong><br \/>\nDen Verdacht, dass einige Vertreter\/-innen der christlichen Kirchen nun &#8222;Morgenluft&#8220; wittern, um die Gesellschaft wieder &#8222;religi\u00f6ser&#8220; zu machen, habe ich auch. Es besorgt mich (als nicht aktive Christin) nicht, dass der Papst unl\u00e4ngst Fl\u00fcchtlingen die F\u00fc\u00dfen gewaschen hat. Vielmehr aber Aussagen, dass es zwischen Christentum und Islam mehr gemeinsames als trennendes g\u00e4be. Wenn auch vers\u00f6hnlich gemeint, so muss ich dem als Frau doch widersprechen. Nun bitte keine Hinweise auf frauenverachtende Passagen im NT oder den (offiziellen) Evangelien usw. Die Gegenwart z\u00e4hlt.<br \/>\nAber bezieht man sich nur auf die Aussagen\/Handlungen Jesus\u00b4, findet man m.E. nichts Frauenverachtendes. Es war gerade eine Frau, Maria Magdalena, die ihm spirituell sehr nahe stand. Und sie war Zeugin seiner Auferstehung und Worte danach. Die erste Christin und legitime Nachfolgerin Jesu w\u00e4re eine Frau! Und was sagt der Koran \u00fcber Frauen? Wie sehen\/leben viele Muslime das in der Gegenwart? Da bin ich mehr als besorgt!<br \/>\nKarola Schmidt<\/p>\n<p><strong>Aber nur eine Religions-Ideologie stellt derzeit eine Gefahr dar<\/strong><br \/>\nUnd dabei handelt es sich nach Lage der Dinge nun einmal um den Islam. Der Islam erlebt seit den 70ern eine Art konservative Revolution, seit der sog. &#8222;Islamischen Revolution&#8220; im Iran 1978\/79. Seitdem hat sich vieles in der islamischen Welt zum Konservativen, wenn nicht gar zum Fundamentalistischen, gewandelt. Der Einfluss des saudischen Wahabismus hat Ausma\u00dfe erreicht, die noch in 80ern nicht vorstellbar gewesen w\u00e4ren.<br \/>\nWelche Muslimin trug hier z.B. 1985 ein Kopftuch? W\u00e4hrend der Islam sich sch\u00e4rfte und verh\u00e4rtete, wurde das Christentum immer weicher und nachgiebiger. In Europa stellt das Christentum seit Jahrzehnten schon keine ideologische Gefahr mehr dar, auch wenn es nat\u00fcrlich wie jede Religion Ideologie ist. Wir m\u00fcssen hier aber keine Kirchengemeinden \u00fcberwachen, da in diesen keine Hasspredigten gehalten und keine Gl\u00e4ubigen f\u00fcr einen Kreuzzug gegen den Islam angeworben werden. In zahlreichen Moscheen unseres Landes wird aber gehetzt und geworben f\u00fcr den gewaltt\u00e4tigen Dschihad.<br \/>\n1.5.2016, Michael Bahr, CO<br \/>\n.<br \/>\nWie hast du&#8217;s mit dem Staat?<br \/>\nWobei man vermuten kann, dass die &#8211; mit dem Kommunismus einhergehende &#8211; selbstm\u00f6rderische Kultur des Westens ein Grund f\u00fcr das Erstarken des Islams im Westen ist. W\u00e4hrend sich der Westen permanent f\u00fcr seine Existenz entschuldigt, finden Moslems eben einen Ersatz f\u00fcr die sinnstiftende Leere. Muslimische Frauen durchschauen anscheinend das gr\u00f6\u00dftenteils durch Radikalfeministinnen k\u00fcnstlich erzwungene &#8222;moderne&#8220; Frauenbild und wenden sich davon ab. Lieber Kopftuch und Kinder, als kein Kopftuch aber keine Kinder.<br \/>\nDer Fehler war, die christlichen Werte vorschnell von uns zu werfen, ohne einen sinnvollen Ersatz zu haben. Dieses Vakuum hat die Staatsreligion gef\u00fcllt. Und der Staat ist ausschlie\u00dflich Macht, also Gewalt und Zwang. Eine Korrektur der Verh\u00e4ltnisse kann nur durch a) eine den modernen Zeiten angepasste Philosophie (z.B. Stefan Molyneux) oder b) eine R\u00fcckkehr zum christlichen Welt- und traditionellen Familienbild sein. Dann h\u00e4tten Moslems wenigstens Respekt vor uns.<br \/>\nAndeas F\u00e4hrmann<br \/>\n.<br \/>\n<strong>Menschlichkeit und Menschenrechte<\/strong><br \/>\nsind keine christlichen Erfindungen, sondern wurden trotz Religionen durchgesetzt. Der Archetyp des sozialen und f\u00fcrsorglichen Miteinanders wird durch die Mutter-Kind-Bindung und Mutter-Kind-Gemeinschaft manifestiert und nicht durch die patriarchale Projektion auf eine utopische Absolutheit (Gott). Religionen und Ideologien sind nicht vom Himmel gefallen, sondern werden von Menschen gemacht. Der Fehler dabei ist, dass man diese, von Menschen (meist von M\u00e4nnern) gemachte Definitionen zu Axiomen erhebt und sie zur Ursache erkl\u00e4rt, obwohl man ohne die urs\u00e4chlichen Naturgegebenheiten keine Definitionen, Ideologien oder Religionen machen k\u00f6nnte. Religionen ergeben sich aus der Reflexion \u00fcber die Welt und nicht umgekehrt. Die Wahrheit liegt innerhalb der irdischen Erfahrbarkeit und nicht im utopischen Anspruch auf Absolutheiten.<br \/>\n1.5.2016, Gisela Weber<br \/>\n.<\/p>\n<p><strong>Moralisch verpackter Rassismus gegen\u00fcber dem Islam?<\/strong><br \/>\nMan stelle sich vor, eine obskure taoistische Gruppe von Winkekatzenanbetern w\u00fcrde mit Texten arbeiten, die Passagen wie im Koran enthalten. W\u00fcrde es irgendwen st\u00f6ren?\u00a0Verst\u00f6rend wird der Vergleich, wenn wir in unserem Gedankenexperiment annehmen, es handele sich bei besagter Gruppierung ausschliesslich um deutsche Konvertiten.\u00a0Schlagartig w\u00e4ren die anzulegenden Standards andere.\u00a0Warum eigentlich?<br \/>\nHinter der Permissivit\u00e4t gegen\u00fcber den Religionen von Migranten verbirgt sich oft ein bestenfalls paternalistisches Toleranzgebahren, dass den alten L\u00fcbcke in seiner Gruft zum dr\u00f6hnenden Gel\u00e4chter bringen mag: &#8222;&#8230;liiebe Moslems.&#8220; Schlimmstenfalls ist es moralistisch verpackter Rassismus, der dem &#8222;Fremden&#8220; eine echte Auseinandersetzung mit unseren gesellschaftsbegr\u00fcndenden Werten nicht zutraut. Organisationen wie <a title=\"Ditib\" href=\"https:\/\/www.freiburg-schwarzwald.de\/blog\/global\/tuerkei\/ditib\/\">Ditib<\/a> nutzen das. Probleme sind kulturell bedingt, Forderungen und Anschuldigungen beziehen sich auf Menschenrechte. Religi\u00f6ses Rosinenpicken.<br \/>\n30.4.2016, Sven Bergmann<br \/>\n.<br \/>\n<strong>Warum werden die Agnostiker \u00fcbergangen?<\/strong><br \/>\nEs gibt in unserer Welt ca. 1,4 Milliarden <a title=\"Konfessionslosigkeit\" href=\"https:\/\/www.freiburg-schwarzwald.de\/blog\/religion\/konfessionslosigkeit\/\">Menschen ohne Religion<\/a>, Muslime und Christen sind deutlich weniger und Deutschland tr\u00e4gt \u00fcberproportional zu dieser Schar der \u201eUngl\u00e4ubigen\u201c bei (30 Millionen Menschen, deren Lohnsteuerkarte bei Konfession blo\u00df &#8220; &#8212; &#8220; zeigt).<br \/>\nDiese Tendenz ist steigend. Hierbei sind Hochgebildete, M\u00e4nner, St\u00e4dter und Besserverdiener \u00fcberrepr\u00e4sentiert. Warum also werden diese Menschen ignoriert und \u00fcbergangen, wenn z.B. f\u00fcr diese Menschen die Aus\u00fcbung von Kulthandlungen und Glockengel\u00e4ut der katholischen Kirche in der \u00d6ffentlichkeit eine Einschr\u00e4nkung ihrer Freiheit bedeutet? Ist diese Mehrheit kein Teil der Demokratie? Haben diese W\u00e4hler keine Rechte, da offensichtlich das GG zur Persiflage gemacht wird? Warum werden Agnostiker, Atheisten, Humanisten und Philosophen unserer Zeit nicht ernst genommen? Religionen jedoch mit ihren nachgewiesenen oder nicht nachgewiesenen Hirngespinsten schon?<br \/>\n30.4.2016, Ronald Flug<br \/>\n.<\/p>\n<p><strong>Islam bildet eine Parallelgesellschaft<\/strong><br \/>\na) Es gibt keine ideologiefreien Zonen in der Gesellschaft und<br \/>\nb) in Bezug auf Religionen haben diese nur das Recht das Leben ihrer gl\u00e4ubigen Anh\u00e4nger unterhalb der gesetzlichen Ebene zus\u00e4tzlich einzuschr\u00e4nken. (Beispielweise durch das Verbot von au\u00dferehelichem Sex, den gebrauch von Verh\u00fctungsmitteln etc.)<br \/>\nc) Die Einhaltung religi\u00f6ser, demokratisch nicht legitimierter Normen beruht grunds\u00e4tzlich auf Freiwilligkeit.<br \/>\nd) Falls Religionen ihre Moralvorstellungen allgemeinverbindlich implementieren wollen und sei es auch nur f\u00fcr die Mitglieder ihrer Glaubensgemeinschaft, haben sie sich an den Gesetzgeber zu wenden, so dass ihre Forderungen in demokratischen Wahlen bef\u00fcrwortet oder abgelehnt werden k\u00f6nnen.<br \/>\nDas Problem beim Islam ist nun, dass diese Religion in diesem Land in einer Parallelgesellschaft existiert, in der eine soziale Kontrolle im Hinblick auf Verfassung und geltendes Recht weitgehend entf\u00e4llt. Weiterhin fordern gewaltt\u00e4tige Minderheiten eine atavistische Form der Sharia.<br \/>\n30.4.2016, Christoph Kulhlmann<br \/>\n.<br \/>\n<strong>Anders herum: Ideologien sind s\u00e4kulare Religionen<\/strong><br \/>\nIch glaube historisch gesehen war es genau anders herum, Ideologien sind s\u00e4kulare Religionen. Und in dieser Hinsicht w\u00e4re es n\u00fctzlich \u00fcber den Nutzen von Ideologien und Religionen f\u00fcr den Zusammenhalt des Staatsvolkes zu reden. Da Deutschland lange von zwei Religionen, Protestantismus und Katholizismus, gepr\u00e4gt war, konnte der Nationalstaat lange nicht entstehen, erst als die Religionen schwach wurden, war das m\u00f6glich. Zum Ersatz wurde der Nationalismus geschaffen.<br \/>\nIn der Bundesrepublik hat man dann den Verfassungspatriotismus genommen, weshalb auch die Vereinbarkeit des Islam mit dem Grundgesetz zur deutschen Messlatte geworden ist. Sollten beide &#8222;Ideologien&#8220; in einem Konkurrenzverh\u00e4ltnis zueinander stehen, k\u00f6nnte es problematisch werden. Vermutlich gibt es Menschen, die das so erleben, andere wiederum sehen das Grundgesetz als Grundlage f\u00fcr ein freies, religi\u00f6ses Leben. Man vergleiche die islamischen L\u00e4nder, wo die Religion am G\u00e4ngelband der Autokraten h\u00e4ngt, mit Deutschland.<br \/>\nRoland M\u00fcller<br \/>\n.<br \/>\n<strong>Islam als Ideologie mit Alleinvertretungsanspruch<\/strong><br \/>\nDieses intellektuelle sophistische Gestammele f\u00fchrt letztendlich ins Niemandsland, Tatsache ist doch, dass der Koran zeifelfrei vorgibt, eine staatsrelig\u00f6se Bewegung, mit einem\u00a0ihm eigenen Staats- und vor allem Strafrechtssystem zu sein mit globalen Anspruch. Das Novum dieser Religion\/Ideologie ist, dass dieser Alleinvertretungsanspruch mit jedweder Gewalt durchgesetzt werden mu\u00df \u00a0(nicht soll). Insofern sind mir diese intellektuellen Hirngespinste v\u00f6llig egal, wenn ich wei\u00df, dass ich als &#8222;Ungl\u00e4ubiger&#8220; get\u00f6tet werden darf\/mu\u00df.<br \/>\nMir scheint,dass niemand sich hier Gedanken macht \u00fcber das&#8220;J\u00fcngste Gericht&#8220; wie es die radikalen muslimischen Vertreter nennen.\u00a0Wer glaubt, es w\u00fcrden nur hilfsbed\u00fcrftige Menschen hier aufgenommen, der ist m.E. grenzenlos naiv, dumm oder ideologisch verblendet.<br \/>\nDieser Islam wird den Kleinkindern in fr\u00fchster Kindheit &#8222;eingetrichtert&#8220; und diesen Chip werden die meisten nicht mehr los &#8211; und das hat in einer humanistisch verblendeteten Kultur einen selbstm\u00f6rderischen Effekt.<br \/>\nRolf-Dieter Braukm\u00fcller<br \/>\n.<br \/>\n<strong>Religion ist mehr als eine Ideologie<\/strong><br \/>\nDer entscheidende Unterschied zwischen Ideologie und Religion ist der, da\u00df einer puren Ideologie die Bindung (religio) an eine transzendente, wie auch immer (vorgestellte) Macht fehlt. Im Zentrum jeder Religion steht der Einzelmensch mit seiner Suche nach Lebenssinn, Erf\u00fcllung und Vollendung auch \u00fcber den Tod hinaus. Immer dann, wenn Religionsgemeinschaften derart stark werden, da\u00df die Bev\u00f6lkerung ganzer Staaten von einer bestimmten Religion gepr\u00e4gt ist, wird diese Religion fast automatisch auch zur Staatsideologie.<br \/>\nReine Ideologien (religionslos) wie der Kommunismus, Nationalsozialismus, Wirtschaftsliberalismus usw. f\u00fcrchten wegen ihrer fundamentalen Bedeutung f\u00fcr den Einzelmenschen die Religionen als st\u00e4rksten Konkurrenten und versuchen deshalb, sie mit allen Mitteln zur\u00fcckzudr\u00e4ngen. Doch, Herr Grau! Es gibt einen Unterschied zwischen Religionen und Ideologien! Unabh\u00e4ngig davon stellt sich die Frage, welcher Stellenwert beiden in demokratischen Staaten einger\u00e4umt werden darf.<br \/>\n30.4.2016, Christa Wallau, CO<\/p>\n<div class=\"content\"><\/div>\n<p>&nbsp;<\/p>\n","protected":false},"excerpt":{"rendered":"<p>Home &gt;Engagement &gt;Zukunft &gt;Demokratie &gt;Ideologie Listenauswahl eines Beitrags: Bitte anklicken oder runterscrollen Verleugungssph\u00e4re \u2013 D\u00e9nisph\u00e8re: Die links-woke Ersatzwirklichkeit\u00a0(21.1.2026) Ideologie &#8211; Realit\u00e4t &#8211; Verbl\u00f6dung (23.11.2025) Thorsten Hinz: Vom Treibhaus zum Ideologiestaat (1.8.2025) Der \u00d6kologismus. Die neue deutsche Wahnidee\u00a0(20.3.2025) Alexander Wendt: Realit\u00e4t &hellip; <a href=\"https:\/\/www.freiburg-schwarzwald.de\/blog\/engagement\/zukunft\/ideologie\/\">Weiterlesen <span class=\"meta-nav\">&rarr;<\/span><\/a><\/p>\n","protected":false},"author":2,"featured_media":0,"parent":2250,"menu_order":0,"comment_status":"open","ping_status":"closed","template":"","meta":{"footnotes":""},"class_list":["post-60669","page","type-page","status-publish","hentry"],"_links":{"self":[{"href":"https:\/\/www.freiburg-schwarzwald.de\/blog\/wp-json\/wp\/v2\/pages\/60669","targetHints":{"allow":["GET"]}}],"collection":[{"href":"https:\/\/www.freiburg-schwarzwald.de\/blog\/wp-json\/wp\/v2\/pages"}],"about":[{"href":"https:\/\/www.freiburg-schwarzwald.de\/blog\/wp-json\/wp\/v2\/types\/page"}],"author":[{"embeddable":true,"href":"https:\/\/www.freiburg-schwarzwald.de\/blog\/wp-json\/wp\/v2\/users\/2"}],"replies":[{"embeddable":true,"href":"https:\/\/www.freiburg-schwarzwald.de\/blog\/wp-json\/wp\/v2\/comments?post=60669"}],"version-history":[{"count":5,"href":"https:\/\/www.freiburg-schwarzwald.de\/blog\/wp-json\/wp\/v2\/pages\/60669\/revisions"}],"predecessor-version":[{"id":144646,"href":"https:\/\/www.freiburg-schwarzwald.de\/blog\/wp-json\/wp\/v2\/pages\/60669\/revisions\/144646"}],"up":[{"embeddable":true,"href":"https:\/\/www.freiburg-schwarzwald.de\/blog\/wp-json\/wp\/v2\/pages\/2250"}],"wp:attachment":[{"href":"https:\/\/www.freiburg-schwarzwald.de\/blog\/wp-json\/wp\/v2\/media?parent=60669"}],"curies":[{"name":"wp","href":"https:\/\/api.w.org\/{rel}","templated":true}]}}