{"id":60434,"date":"2016-04-17T14:30:07","date_gmt":"2016-04-17T12:30:07","guid":{"rendered":"https:\/\/www.freiburg-schwarzwald.de\/blog\/?page_id=60434"},"modified":"2026-01-10T14:30:42","modified_gmt":"2026-01-10T13:30:42","slug":"alte","status":"publish","type":"page","link":"https:\/\/www.freiburg-schwarzwald.de\/blog\/selbsthilfe\/senioren\/alte\/","title":{"rendered":"Alte"},"content":{"rendered":"<p><a href=\"https:\/\/www.freiburg-schwarzwald.de\/blog\">Home<\/a> &gt;<a title=\"Selbsthilfe\" href=\"https:\/\/www.freiburg-schwarzwald.de\/blog\/selbsthilfe\/\">Selbsthilfe<\/a>\u00a0&gt;<a title=\"Senioren\" href=\"https:\/\/www.freiburg-schwarzwald.de\/blog\/selbsthilfe\/senioren\/\">Senioren<\/a> &gt;<a title=\"Demografie\" href=\"https:\/\/www.freiburg-schwarzwald.de\/blog\/engagement\/zukunft\/demografie\/\">Demografie<\/a>\u00a0&gt;Alte<\/p>\n<div id=\"attachment_112332\" style=\"width: 648px\" class=\"wp-caption alignnone\"><a href=\"https:\/\/www.freiburg-schwarzwald.de\/blog\/wp-content\/uploads\/2023\/05\/omaopa-bank13glyzinie-pan230501.jpg\"><img loading=\"lazy\" decoding=\"async\" aria-describedby=\"caption-attachment-112332\" class=\"size-full wp-image-112332\" src=\"https:\/\/www.freiburg-schwarzwald.de\/blog\/wp-content\/uploads\/2023\/05\/omaopa-bank13glyzinie-pan230501.jpg\" alt=\"\" width=\"638\" height=\"408\" srcset=\"https:\/\/www.freiburg-schwarzwald.de\/blog\/wp-content\/uploads\/2023\/05\/omaopa-bank13glyzinie-pan230501.jpg 638w, https:\/\/www.freiburg-schwarzwald.de\/blog\/wp-content\/uploads\/2023\/05\/omaopa-bank13glyzinie-pan230501-180x115.jpg 180w\" sizes=\"auto, (max-width: 638px) 100vw, 638px\" \/><\/a><p id=\"caption-attachment-112332\" class=\"wp-caption-text\">Oma und Opa am 1. Mai auf der Bank &#8211; Glyzinien bl\u00fchen<\/p><\/div>\n<ul>\n<li><em>Listenauswahl eines Beitrags (Artikel\/Datum, Seite\/Inhalt): <span style=\"text-decoration: underline;\">Klicken<\/span> oder scrollen<\/em><\/li>\n<li><a href=\"https:\/\/www.freiburg-schwarzwald.de\/blog\/selbsthilfe\/soziales\/sozialstaat\/sozial\/\">\u201eGenerationenvertrag\u201c\u2013 Warum noch mitmachen und zahlen f\u00fcr Rente und Gesundheit?<\/a>\u00a0(17.11.2025)<\/li>\n<li><a href=\"https:\/\/www.freiburg-schwarzwald.de\/blog\/einfach-deutsche-ueber-70-toeten\/\">Einfach Deutsche \u00fcber 70 t\u00f6ten<\/a>\u00a0(20.11.2023)<\/li>\n<li><a href=\"https:\/\/www.freiburg-schwarzwald.de\/blog\/energie\/heizung\/\">Ampel-Zynismus: 80-J\u00e4hrige d\u00fcrfen ihre \u00d6l-\/Gasheizung weiterbetreiben<\/a>\u00a0(3.4.2023)<\/li>\n<li><a href=\"https:\/\/www.freiburg-schwarzwald.de\/blog\/selbsthilfe\/psyche\/trauer\/sterben\/\">DGHS: Humanes Sterben \u2013 Edith Vieser in Freiburg<\/a>\u00a0(11.1.2023)<\/li>\n<li><a href=\"https:\/\/www.freiburg-schwarzwald.de\/blog\/business\/gesund\/corona-virus\/corona-aufarbeitung\/\">Julia Neigel: Ich werde nicht aufh\u00f6ren, die Aufarbeitung dieser Tyrannei voranzutreiben<\/a>\u00a0(20.12.2022)<\/li>\n<li><a href=\"https:\/\/www.freiburg-schwarzwald.de\/blog\/keine-masken-in-altenheimen\/\">Keine Masken in Altenheimen<\/a>\u00a0(12.10.2022)<\/li>\n<li><a href=\"https:\/\/www.freiburg-schwarzwald.de\/blog\/engagierte-kritische-alte-gesucht\/\">Engagierte kritische Alte gesucht<\/a> (20.9.2022)<\/li>\n<li><a href=\"https:\/\/www.freiburg-schwarzwald.de\/blog\/religion\/kirchen\/ostern\/\">Boris Reitschuster: Eine kleine Osterbitte f\u00fcr die Eltern<\/a>\u00a0(5.4.2021)<\/li>\n<li><a href=\"https:\/\/www.freiburg-schwarzwald.de\/blog\/vor-dem-tod-retten\/\">Vor dem Tod retten<\/a>\u00a0(23.2.2021)<\/li>\n<li><a href=\"https:\/\/www.freiburg-schwarzwald.de\/blog\/kultur\/alte-weisse-maenner\/\">Egal-Sein im Alter: Befreiung zum Wesentlichen<\/a>\u00a0(10.1.2021)<\/li>\n<li><a title=\"\u00dcbersterblichkeit zwecks Angst\" href=\"https:\/\/www.freiburg-schwarzwald.de\/blog\/uebersterblichkeit-zwecks-angst\/\">\u00dcbersterblichkeit zwecks Angst<\/a>\u00a0(27.5.2020)<\/li>\n<li><a title=\"Es rafft die Alten hin \u2013 gerecht\" href=\"https:\/\/www.freiburg-schwarzwald.de\/blog\/es-rafft-die-alten-hin-gerecht\/\">Es rafft die Alten hin \u2013 gerecht<\/a>\u00a0(14.3.2020)<\/li>\n<li>Vera Lengsfeld: Die Hetze gegen die Alten (14.3.2020)<\/li>\n<li><a title=\"Babuschka in RUS \u2013 Oma in D\" href=\"https:\/\/www.freiburg-schwarzwald.de\/blog\/babuschka-in-rus-oma-in-d\/\">Babuschka in RUS \u2013 Oma in D<\/a>\u00a0(30.12.2019)<\/li>\n<li>Die Revolution frisst ihre Omas: &#8222;Umweltsau&#8220;, &#8222;bald nicht mehr da&#8220; (29.12.2919)<\/li>\n<li>Alte M\u00e4nner beschimpfen Alte als alte M\u00e4nner (17.4.2016)<\/li>\n<li><\/li>\n<li><a href=\"https:\/\/www.freiburg-schwarzwald.de\/blog\/kultur\/alte-weisse-maenner\/\">Alte wei\u00dfe M\u00e4nner<\/a><\/li>\n<li><a href=\"https:\/\/www.freiburg-schwarzwald.de\/blog\/business\/gesund\/corona-virus\/corona-aufarbeitung\/\">Corona-Aufarbeitung<\/a><\/li>\n<li><a title=\"Senioren\" href=\"https:\/\/www.freiburg-schwarzwald.de\/blog\/selbsthilfe\/senioren\/\">Senioren<\/a><\/li>\n<li><a href=\"https:\/\/www.freiburg-schwarzwald.de\/blog\/selbsthilfe\/soziales\/sozialstaat\/sozial\/\">sozial<\/a><\/li>\n<li><a href=\"https:\/\/www.freiburg-schwarzwald.de\/blog\/selbsthilfe\/psyche\/trauer\/sterben\/\">Sterben<\/a><\/li>\n<\/ul>\n<p>&nbsp;<\/p>\n<p><strong>80 Jahre Geburtstag<\/strong><br \/>\n\u201eAbdanken zu k\u00f6nnen ist ein St\u00fcck Gewaltlosigkeit, die uns Alte sch\u00f6ner macht und die bewirkt, dass unsere Nachkommen mit G\u00fcte und Z\u00e4rtlichkeit an uns denken k\u00f6nnen.\u201c<br \/>\nQuellen: Steffensky, Fulbert: Nachtgedanken eines alten Menschen<br \/>\n.<br \/>\n<strong>Drei weise Spr\u00fcche<\/strong><br \/>\n&#8222;Das Alter ist ein rauher Geselle&#8220;<br \/>\n&#8222;Im Alter hast Du immer die Arschkarte&#8220;<br \/>\nGeneration AUS (Apotheke, Urlaub, Sucht) bzw. SAU (Sucht, Apotheke, Urlaub)<br \/>\n============================================================<\/p>\n<p>&nbsp;<\/p>\n<p>&nbsp;<\/p>\n<p><strong>Vera Lengsfeld: Die Hetze gegen die Alten<\/strong><br \/>\n<em>Offenbar wird die Menschheit immer mal wieder von Massenwahn heimgesucht. Im Mittelalter war es der Veitstanz, die Tanzwut, die Tausende Menschen dazu gebracht hat zu tanzen, bis sie in Ekstase gerieten, nicht mehr aufh\u00f6ren konnten und ohnm\u00e4chtig oder gar tot zu Boden fielen. Nach wenigen Monaten war das Ph\u00e4nomen ebenso pl\u00f6tzlich verschwunden, wie es aufgetaucht ist. Die Tanzw\u00fctigen sch\u00e4digten wenigstens nur sich selbst.<\/em><br \/>\nVerheerend wird es, wenn ein intellektueller Massenwahn grassiert, dann sind alle betroffen, besonders wenn die wahnsinnig Gewordenen die Medien beherrschen. Bisher war der folgenschwerste intellektuelle Massenwahn die Eugenik. Darunter versteht man die Anwendung theoretischer Konzepte auf die Bev\u00f6lkerungs- und Gesundheitspolitik, mit dem Ziel, den Anteil positiv bewerteter Erbanlagen zu vergr\u00f6\u00dfern (positive Eugenik) und den negativ bewerteter Erbanlagen zu verringern (negative Eugenik). Bereits 1869 wurde der Begriff vom britischen Anthropologe Francis Galton gepr\u00e4gt. In der Folge verbreitete sich in ganz Europa und den USA die, wie Galton es formulierte, \u201eWissenschaft, die sich mit allen Einfl\u00fcssen befasst, welche die angeborenen Eigenschaften einer Rasse verbessern\u201c. Zu den bekanntesten Vertretern dieser fatalen Lehre geh\u00f6rten Leland Stanford, Maurice Thorez, Julian Huxley, D. H. Lawrence, George Bernard Shaw, H. G. Wells.<br \/>\nAus dieser Theorie heraus entstand der Begriff des \u201elebensunwerten Lebens\u201c und die Idee, dieses unwerte Leben zu eliminieren, die von den Nazis an f\u00fchrender Stelle in die Praxis umgesetzt wurde.<br \/>\n.<br \/>\nAls nach dem Zweiten Weltkrieg der ganze Umfang dessen herausstellte, was es bedeutete, wenn eine Theorie zur materiellen Gewalt wird, wollte niemand mehr Eugeniker gewesen sein. Biografien wurden massenhaft umgeschrieben, aber eine Auseinandersetzung, wie es geschehen konnte, dass solche Gedanken unter den Intellektuellen von ganz links bis konservativ, bei letzteren \u00fcbrigens deutlich weniger, Fu\u00df fassen konnte, hat nie stattgefunden. Stanford ist bis heute unangefochten der Namensgeber der von ihm gegr\u00fcndeten Universit\u00e4t, die als eine der exzellentesten der Welt gilt.<br \/>\nIn Deutschland, dass die unheilvollsten Exekutoren der Eliminierung lebensunwerten Lebens hervorgebracht hat, breiten sich gegenw\u00e4rtig \u00e4hnliche Vernichtungsphantasien wieder aus. Diesmal werden die Alten zum lebensunwerten Leben erkl\u00e4rt, nein, nicht so wissenschaftlich, sondern verdeckt als \u201eSatire\u201c. Eifrig unterst\u00fctzt von Politik und regierungsaffinen Medien.<\/p>\n<p>Die Ausf\u00e4lle der Ehefrau eines Spiegel-Journalisten, die letzte Woche zu heftigen Diskussionen f\u00fchrten, sind dabei nur die Spitze des Eisbergs. Die Hinrichtungsphantasien der Linken, die bereits zum Club der Einheitsparteien geh\u00f6rt, sind auf diesem Blog schon hinreichend besprochen worden. Weniger beachtet wurde ein Song der ber\u00fcchtigten Band K.I.Z., die beim Wir- sind-mehr-Konzert in Chemnitz 2018 dadurch auffiel, dass sie \u201edie Messerklinge in die Journalistenfresse rammen\u201c wollte. In diesem Song wird gefeiert, dass Corona alte wei\u00dfe M\u00e4nner dahinraffe. Der implizite Rassismus fiel kaum jemanden auf, denn bis dato sind weit mehr alte gelbe M\u00e4nner und Frauen an dem Virus gestorben. An dieser Stelle muss daran erinnert werden, dass diese Band das besondere Wohlwollen unseres Bundespr\u00e4sidenten Steinmeier genie\u00dft.<\/p>\n<p>Nun hat die ARD sich in die Hetze gegen Alte eingereiht, nat\u00fcrlich rein satirisch. In einem Format der ARD-Jugendwelle \u201cFunk\u201c wurde ein makaberer Kommentar zur Coronavirus-Pandemie gesendet. In einem Video des \u201cBohemian Browser Ballett\u201c lobt der \u201eSatiriker\u201c Schlecky Silberstein die angeblich positiven Effekte des Virus. <a title=\"Es rafft die Alten hin \u2013 gerecht\" href=\"https:\/\/www.freiburg-schwarzwald.de\/blog\/es-rafft-die-alten-hin-gerecht\/\">Es sei \u201efair\u201c, denn \u201ees rafft die Alten dahin, aber die Jungen \u00fcberstehen diese Infektion nahezu m\u00fchelos<\/a>. Das ist nur gerecht, hat doch die Generation 65+ diesen Planeten in den letzten f\u00fcnfzig Jahren voll gegen die Wand gefahren\u201c.<\/p>\n<p>Abgesehen davon, dass es Silberstein &amp; Co genau dieser Generation zu verdanken haben, das sie in einem bisher beispiellosen Massenwohlstand aufwachsen konnten, ist dies eine Hetze gegen die Aufbau-Generation, die wieder zur materiellen Gewalt zu werden droht. Aber Silberstein geht nicht nur gegen die Alten, sondern auch gegen die Kranken los. Menschen mit Herz-Kreislauf-Erkrankungen, die zweite Risikogruppe, g\u00e4be es haupts\u00e4chlich in den Wohlstandsnationen \u2013 \u201ebeziehungsweise dort, wo die Menschen einfach ein bisschen fetter sind\u201c. Gepaart ist das noch mit Antiamerikanismus. \u201eWelche Nation trifft das am Meisten? Die USA\u201c, die \u201emit ihrer \u201eWachstum-um-jeden-Preis\u201c-Politik\u201c die Welt \u201eschon immer in die Bredouille gebracht\u201c h\u00e4tten. Das Coronavirus sei vielleicht nur eine Antwort auf den \u201eTurbokapitalismus\u201c. Der Flugverkehr breche ein, die Produktion werde zur\u00fcckgefahren und der Konsum gehe zur\u00fcck. \u201eEine bessere Nachricht gibt es doch gar nicht f\u00fcr diesen Planeten\u201c.<\/p>\n<p>Frage: Wozu brauchen Silberstein &amp; Co mehr Geld, wenn sie davon tr\u00e4umen, nicht mehr reisen und konsumieren zu m\u00fcssen? Aber, wie einst die Kommunisten werden Silberstein und seine Anh\u00e4nger schon daf\u00fcr sorgen, dass die Beschr\u00e4nkungen, die sie anderen vorschreiben, nicht f\u00fcr sie gelten. Aber, so der ARD-Satiriker, es gebe sowieso zu viele Menschen. Da ist Corona offensichtlich hilfreich.<br \/>\nDiesen satirischen Aufruf, \u00fcberfl\u00fcssiges, also lebensunwertes Leben zu beseitigen, hat die ARD auch auf Kosten derer, die eliminiert werden sollen, verbreitet. Wer das makaber findet, versteht eben keinen Spa\u00df. Unsere Ministerpr\u00e4sidenten haben sich als Freunde dieser Art von Humor erwiesen, als sie in ihrer j\u00fcngsten Konferenz eine Erh\u00f6hung der Zwangsgeb\u00fchren f\u00fcr die \u00d6ffentlich-Rechtlichen als dringende Ma\u00dfnahme in Zeiten des Corona-Virus beschlossen. Wir sollen den Kakao, durch den wir gezogen werden, nicht nur trinken, wir sollen ihn auch bezahlen.<br \/>\n&#8230; Alles vom 14.3.2020 von Vera Lengsfeld bitte lesen auf<br \/>\n<a href=\"https:\/\/vera-lengsfeld.de\/2020\/03\/14\/die-hetze-gegen-die-alten\/\">https:\/\/vera-lengsfeld.de\/2020\/03\/14\/die-hetze-gegen-die-alten\/<\/a><\/p>\n<p>.<\/p>\n<p>&nbsp;<\/p>\n<p>&nbsp;<\/p>\n<p><strong>Die Revolution frisst ihre Omas: &#8222;Umweltsau&#8220;, &#8222;bald nicht mehr da&#8220;<\/strong><br \/>\nEine neue Denkschule, eine \u201enouvelle philosophie\u201c? Dass ein <a title=\"Meine Oma f\u00e4hrt Motorrad\" href=\"https:\/\/www.freiburg-schwarzwald.de\/blog\/meine-oma-faehrt-motorrad\/\">Kinderchor das Umweltsau-Lied<\/a> zum Besten gibt, d\u00fcrfte auch einer dichterischen Zielvorstellung geschuldet sein. Die d\u00fcrfte etwa folgenderma\u00dfen aussehen: Wir haben es einerseits mit einer Jugend zu tun, deren Sinnen und Trachten der Rettung der Umwelt gilt, w\u00e4hrend andererseits Oma und Opa, ihrem Altersstarrsinn folgend, wie gewohnt die Umwelt versauen. Man kann also von einem tiefen philosophischen Konflikt zwischen Jung und Alt sprechen, der diesmal in gesanglicher, also k\u00fcnstlerischer Form beschrieben wird.<br \/>\nWeniger k\u00fcnstlerisch, sondern eher prosaisch hatten erst vor kurzem die Anf\u00fchrer von \u201e<a title=\"Greta\" href=\"https:\/\/www.freiburg-schwarzwald.de\/blog\/natur\/klima\/greta\/\">Fridays for Future<\/a>\u201c den Alten ein Mitsprache-Recht in Sachen Umweltschutz versagt, mit der biologisch korrekten, aber unh\u00f6flichen Bemerkung: \u201eDie sind doch eh bald nicht mehr da.\u201c<br \/>\n.<br \/>\n<a title=\"Kinder-instrumentalisieren\" href=\"https:\/\/www.freiburg-schwarzwald.de\/blog\/selbsthilfe\/kinder\/kinder-instrumentalisieren\/\">Hier \u201ealte Umweltsau\u201c<\/a>, dort \u201e<a title=\"FridaysForFuture\" href=\"https:\/\/www.freiburg-schwarzwald.de\/blog\/natur\/klima\/fridaysforfuture\/\">die sind doch eh bald nicht mehr da\u201c<\/a>. Weisen diese Indizien vielleicht auf eine neue Denkschule hin, auf eine nouvelle philosophie? Sehen die jungen, in die versaute Umwelt geworfenen Wilden, wom\u00f6glich ein sozialvertr\u00e4gliches Ableben ihrer Gro\u00dfeltern als K\u00f6nigsweg aus der Krise? Die unausweichliche Erkenntnis w\u00e4re dann: <em><strong>Die Revolution frisst ihre Omas.<\/strong> <\/em><br \/>\nDie Frage ist, wie der Staat mit dieser Revolution umgeht. Die konventionelle und darum wahrscheinliche Methode w\u00e4re, dass die Polizei mit Strafzetteln einschreitet. Wie eingangs gesagt: Eine \u201ealte Sau\u201c kann 2.500 Euro kosten. Das k\u00f6nnte den revolution\u00e4ren Elan etwas bremsen. Andererseits: Den Strafzettel m\u00fcsste am Ende wahrscheinlich doch die liebe Oma bezahlen.<br \/>\n&#8230; Alles vom 29.12.2019 von Rainer Bonhorst bitte lesen auf<br \/>\n<a href=\"https:\/\/www.achgut.com\/artikel\/die_revolution_frisst_ihre_omas\">https:\/\/www.achgut.com\/artikel\/die_revolution_frisst_ihre_omas<\/a><br \/>\n.<br \/>\nEinige Kommentare:<br \/>\n<strong>Meine Oma zahlt den Rundfunkbeitrag nicht mehr<\/strong><br \/>\nIch hab dem Chorleiter geschrieben: Meine Oma zahlt den Rundfunkbeitrag nicht mehr, zahlt ihn nicht mehr, zahlt ihn nicht mehr. Meine Oma zahlt den Rundfunkbeitrag nicht mehr, meine Oma hat von euch die Schnauze voll! Noch mehr Bedarf an Satire? Ihr seid widerliche Kriecher- sch\u00e4mt euch.<br \/>\n29.12.2019, ST.R., AO (Achgut Online)<br \/>\n.<br \/>\n<strong>Nazisau viel schlisser als Umweltsau!<\/strong><br \/>\nDas Lied selber mag ja noch als Satire durchgehen. Die Kinder wurden aber definitiv instrumentalisiert, weil (so hoffe ich doch) kein einziges dieser M\u00e4dchen auf den Gedanken gekommen sein d\u00fcrfte, ihre Oma (oder andere Omas) als \u201calte Umweltsau\u201d zu bezeichnen. Nebenbei wurden pauschal alle SUV-Fahrer, Fleischesser, Flug- und Schiffsreisende als \u201cUmweltsau\u201d bezeichnet.<br \/>\nAber das ist f\u00fcr mich noch gar nicht der eigentliche Skandal. Noch viel schlimmer finde ich die \u00c4u\u00dferung von Danny Hollek, einem freien Mitarbeiter des WDR, der pauschal alle Omas als \u201cNazisau\u201d bezeichnet hat. W\u00e4re sch\u00f6n, wenn die Achse und andere kritische Medien das aufgreifen k\u00f6nnten. Menschen mit so einer Menschenverachtung haben in einem Sender, der mit Zwangsgeb\u00fchren finanziert wird und auch einen Bildungsauftrag hat, nichts zu suchen.<br \/>\n29.12.2019, H.B.<br \/>\n.<br \/>\n<strong>Die Freiwiligkeit von Kindern &#8211; wie vor 85 Jahren?<\/strong><br \/>\nJetzt werden die T\u00e4ter auch noch frech und verh\u00f6hnen Ihre Opfer. Der \u2018k\u00fcnstlerische Leiter\u2019 des Chores Zeljo Davutovic l\u00e4\u00dft uns auf der Internet-Seite des WDR-Kinderchores wissen: <em>\u2018Es gab keinen Zwang und es wurde niemand instrumentalisiert; da alle Kinder \u201cfreiwillig\u201d entscheiden konnten an dem \u201cProjekt\u201d teilzunehmen&#8216;.<\/em><br \/>\nHerr Davutovic, soll diese Ihre Stellungsnahme jetzt auch Satire sein? Als vor ca. 85 Jahren den jungen Pimpfen fr\u00f6hliche Jugendlieder antrainiert wurde, in denen nur so \u2018das Judenblut vom Messer tropfte\u2019, war &#8211; nat\u00fcrlich &#8211; auch alles freiwillig. Irgendwann hat es den Kindern wahrscheinlich richtig \u2018Spa\u00df\u2019 gemacht. SOLCHE L\u00dcGEN KENNEN WIR SCHON !!!<br \/>\nEs gibt auch nichts \u2018klarzustellen\u2019, oder \u2018zu entschuldigen\u2019. Sprechen wir die Wahrheit aus: Politische TRIEBT\u00c4TER haben sich der Volksverhetzung schuldig gemacht und die Menschenw\u00fcrde von Millionen Gro\u00df-Eltern in den Staub getreten. F\u00fcr dieses Verbrechen haben sie bestehende Abh\u00e4ngigkeitsverh\u00e4ltnisse (\u2018schutzbefohlene\u2019 Chorkinder) ausgenutzt und unschuldige Kinder seelisch und politisch mi\u00dfbraucht. Und diese POLIT-P\u00c4DERASTERIE wird von Davutovic damit \u2018entschuldigt\u2019, da\u00df die Kinder \u2018freiwillig\u2019 mitgemacht haben.<br \/>\nNein! Eine solcher Mi\u00dfbrauch und eine solche Volksverhetzung m\u00fcssen bestraft werden! Die Verantwortlichen des WDR-Kinderchores sind deshalb fristlos &#8211; unter unter Verlust Ihrer Pensionsanspr\u00fcche &#8211; zu entlassen, und unverz\u00fcglich vor Gericht zu stellen.<br \/>\nUnd wenn ein Herr Buhrow das nicht will und die Dinge lieber verharmlost und vertuscht &#8211; dann mu\u00df er selber gehen (und sich wegen BEIHILFE verantworten! Ein <a title=\"GEZ-Medien\" href=\"https:\/\/www.freiburg-schwarzwald.de\/blog\/kultur\/medien\/gez-medien\/\">zwangsgeb\u00fchren-finanzierter Rundfunk<\/a>, bei welchem solche Dinge m\u00f6glich sind, geh\u00f6rt sofort abgeschafft.<br \/>\n29.12.2019, W.D., AO<br \/>\n.<br \/>\n<strong>Politische Kinderlieder in der DDR und unter den Nazis: Indoktrinierung<\/strong><br \/>\nWer den ver\u00e4nderten Text f\u00fcr das alte Kinderlied verfasst hat wurde leider noch nicht ver\u00f6ffentlicht. Politische Kinderlieder wurden zuletzt in der DDR und unter den Nazis unter das Volk gebracht.<br \/>\nDer \u00f6ffentlich-rechtliche Rundfunk hat das Gebot der Staatsferne und der Unabh\u00e4ngigkeit. Das ist hier eindeutig nicht der Fall. Die Kinder werden eindeutig <a title=\"Indoktrinierung\" href=\"https:\/\/www.freiburg-schwarzwald.de\/blog\/bildung\/schulen\/indoktrinierung\/\">indoktriniert<\/a> und sollen mit diesem Liedertext indoktrinieren: Indoktrination ist eine besonders vehemente, keinen Widerspruch und keine Diskussion zulassende Belehrung. Dies geschieht durch gezielte Manipulation von Menschen durch gesteuerte Auswahl von Informationen, um ideologische Absichten durchzusetzen oder Kritik auszuschalten. (Wikipedia). Wann ermittelt die Staatsanwaltschaft gegen den Autor und den WDR?<br \/>\n29.12.2019, G.W.<\/p>\n<p><strong>Umweltsau &#8211; Nazisau &#8211; Judensau?<\/strong><br \/>\nVon \u201ealter Umweltsau\u201c (schon gewesen) \u00fcber \u201ealte Nazisau\u201c (auch schon gewesen) bis \u201ealte Judensau\u201c (auch schon gewesen, wie meine Oma in Krakauer Ghetto erfahren hat) ist nur ein Schritt.<br \/>\nEs lebe die deutsche Eifrigkeit und Engagement! Wer, wenn nicht wir!<br \/>\n29.12.2019, Maciej Bogusz<br \/>\n.<br \/>\n<strong>Indem wir Generationen, die schon l\u00e4nger hier leben, mit Vorw\u00fcrfen \u00fcbersch\u00fctten,<\/strong><br \/>\nsollten die Urheber lieber fragen, was sie denn besser gemacht haben. Ich weiss dies aus eigener Erfahrung nur zu gut. Den Grossonkel zu fragen, was ihn denn zur Mitgliedschaft in der SS getrieben hat, ist einfacher, als sich mit der Frage auseinander zu setzen, ob man es selber, mit dem Wissen von damals, nicht gemacht h\u00e4tte. Held zu spielen ist immer leicht. Und billig.<br \/>\n29.12.2019, B.B.<br \/>\n.<br \/>\n<strong>M\u00fcde abgeschaffte Omas sowie gr\u00fcne Vielflieger-Omas ?<\/strong><br \/>\nAls \u201cKotlett-fressender alter Umwelteber\u201d bin ich mittlerweile Einiges an Nazivokabular und sonstigen Hassvokabular gew\u00f6hnt. Das Neue an der \u201cUmweltsau\u201d ist die Pauschalisierung. Unabh\u00e4ngig von der politischen Einstellung trifft es jetzt alle Omas, egal ob es sich um die an Beleidigungen gew\u00f6hnten b\u00fcrgerlichen Omas, die meist ein langes Arbeitsleben hinter sich haben, oder die ausgeflippten gr\u00fcnen Vielflieger-Omas handelt.<br \/>\n29.12.2019, H.ST.<br \/>\n.<br \/>\n<strong>Es geht um die v\u00f6llige Atomisierung der Gesellschaft,<\/strong><br \/>\ndamit es keinen Zusammenhalt mehr geben kann, der m\u00f6glicherweise zu einem raschen Ende der geplanten (D)EU-Total-Diktatur f\u00fchren k\u00f6nnte. Das ist mittlerweile derma\u00dfen offensichtlich, wird doch beinahe w\u00f6chentlich eine Gruppe gegen eine andere aufgebracht. M\u00e4nner gegen Frauen (und umgekehrt), Junge gegen Alte (\u201cBoomer\u201d!!!), Kinder gegen Eltern, Singles gegen Familien, Arbeitnehmer gegen Arbeitslose (\u201cHartzer\u201d!!! Ob w\u00e4ren die alle faul!), Radfahrer gegen Autofahrer etc. &#8211; am Ende jeder gegen jeden. So ist schlie\u00dflich jede Gruppe damit besch\u00e4ftigt, sich gegenseitig \u201cdie K\u00f6ppe\u201d einzuschlagen (- und sei es noch nur verbal -) und vergisst dabei glatt diejenigen, die uns das eingebrockt haben..und vor allem: wof\u00fcr. Aber Mitl\u00e4ufer stellen die Frage des \u201eCui bono\u201c nat\u00fcrlich nicht. Am Ende will wieder keiner verantwortlich gewesen sein. War alles schon da, in verschiedenen Facetten. DAS ist wirklich das \u201ealte Lied\u201c\u2026<br \/>\n29.12.2019, E.A.<br \/>\n.<br \/>\n<strong>Vor etwa etwa 8 Dekaden gab es schon mal Sch\u00e4dlinge und\u2026.. SAEUE\u2026&#8230;<\/strong><br \/>\nWir sind auf dem hierzulande offenbar unvermeidlichen n\u00e4chsten Weg in den linken Totalitarismus. Sicher ist, dass der damalige Propagandaminister seine Freude haette, wie professionell und erfolgreich die Mainstreammedien nun sogar Kinder fuer die Ziele von Merkel und Co. einsetzen. Soweit war er damals noch nicht. Uebrigens gibt es auch &#8211; seinerzeit science fiction genannte-Filme, die sich mit der fachgerechten Entsorgung \u00e4lterer Menschen (die mussten nach dem Erreichen eines bestimmten Alters auf die \u201cRampe\u201d) besch\u00e4ftigt haben. Natuerlich ausgenommen die Funktion\u00e4re und HelferInnen des Systems. Wie geschrieben : Seinerzeit lief das unter Fiktion, so aehnlich wie Huxley und Orwell. Aber fuer die Rettung von was auch immer m\u00fcssen frei nach dem Merkeladlatus Sch\u00e4uble Opfer gebracht werden, nur von den Untertanen versteht sich. Emfindlichkeiten gibt es nur bei Migranten und sonstigen \u201cOpfern\u201d der alten wei\u00dfen Maenner, und nun wohl auch Frauen, obwohl gerade diese Frau Merkel sicher ganz toll finden.<br \/>\n29.12.2019, R.N., AO<br \/>\n.<br \/>\n<strong>Das kann einfach nicht mehr wahr sein. Wo kommt das denn wieder her?<\/strong><br \/>\nSeit wann hetzt eine deutsche Regierung wieder gegen ihr Volk, wiegelt ein staatlicher Rundfunk die Kinder gegen Eltern und Gro\u00dfeltern auf, ruft die Amtskirche nach der Zivilgesellschaft gegen die eigenen Mitmenschen, zensieren Lehrer wieder nach Gesinnung? Wie oft sollen wir diese Plagen denn noch absch\u00fctteln m\u00fcssen? Gibt es dagegen keinen Paragrafen der eine deftige Strafe vorsieht? Wenn einer wirklich Satire betreibt, fliegt er raus wie j\u00fcngst Uwe Steimle. Die Petition dagegen liegt bei 46 000 Unterschriften. 4 000 werden noch gebraucht. Nach 500 Jahren Aufkl\u00e4rung ist nun nur noch wahr, was in den Kram passt &#8211; Klima ist die neue Religion.<br \/>\n<a href=\"https:\/\/www.Klimafragen.org\">https:\/\/www.Klimafragen.org<\/a> haben aktuell knapp 21 500 Menschen unterschrieben. Wir wollen Antworten! Wie viele sich an Steinh\u00f6fels Aktion \u201eWeihnachtsgr\u00fc\u00dfe an den Beitragsservice\u201c beteiligt haben kann man nicht feststellen (hier auf der Achse und auf Steinh\u00f6fels Blog). Ebenso ist es bei der Aktion Genug GEZahlt von der AfD in Sachsen.<br \/>\n29.12.2019, ST.R<br \/>\n.<br \/>\n<strong>WDR-Chor: Plant for the Planet &#8211; Fridays for Future &#8211; Spendengelder?<\/strong><br \/>\nAuf der Homepage des Chores erf\u00e4hrt man, dass dieser im Oktober bei einer Veranstaltung von \u201cPlant for the Planet\u201d gesungen hat. Anschliessend wurden die Chormitglieder von \u201canderen Kindern zum Botschafter f\u00fcr Klimagerechtigkeit ausgebildet\u201d. Der WDR , so kann man lesen, wird einen extra Bericht dar\u00fcber zeigen (oder hat es vielleicht schon\u2026). Wenn dies keine Instrumentalisierung von Kindern ist, was dann?<br \/>\nMeine Tochter hat viele Jahre im philharmonischen Kinder-und Jugendchor Erfurt gesungen und dabei auch sehr viel internationales Repertoire. Aber nie sind sie dabei bei solchen politischen Veranstaltungen aufgetreten oder wurden schon gar nicht im Sinne des Zeitgeistes zu irgendwelchen dubiosen Botschaftern geschult, noch wurden politische Bekenntnisse eingefordert. Diese \u201cPlant for the Planet\u201d Foundation und die Plant for the Planet GmbH der Familie Finkbeiner ist ein sehr seltsamer Familienbetrieb. Die GmbH und einige Gesch\u00e4ftsberichte findet man im GmbH Bundesanzeiger. Plant for the Planet verwaltet ausserdem die Spendengelder von Fridays for Future. Sehr clever.<br \/>\n29.12.2019, K.P., AO<\/p>\n<p>&nbsp;<\/p>\n<p>&nbsp;<\/p>\n<p>&nbsp;<\/p>\n<p><strong>Alte M\u00e4nner beschimpfen Alte als alte M\u00e4nner<\/strong><br \/>\nAlte M\u00e4nner (Philosoph Richard David Precht und Transformationsdesigner Harald Welzer) beschimpfen \u00e4ltere M\u00e4nner (Denker Peter Sloterdijk und Literat J\u00fcrgen Safranski) mit dem <a title=\"Senioren\" href=\"https:\/\/www.freiburg-schwarzwald.de\/blog\/selbsthilfe\/senioren\/\">Alter<\/a> als Vorwurf: Sie &#8222;passen nicht mehr in die Zeit&#8220; und sollen &#8222;von den J\u00fcngeren lernen&#8220;. Hintergrund: Die Massenmigration (\u00fcber 1,6 Mio Fl\u00fcchtlinge seit <a title=\"Budapest-Dublin2015\" href=\"https:\/\/www.freiburg-schwarzwald.de\/blog\/global\/eu\/budapest-dublin2015\/\">Budapest 9\/2015<\/a>) geht dank unkontrollierter Grenzen ohne <a title=\"Einwanderungsgesetz\" href=\"https:\/\/www.freiburg-schwarzwald.de\/blog\/global\/integration\/einwanderungsgesetz\/\">Einwanderungsgesetz<\/a> weiter &#8211; und Sloterdijk &amp;Co halten die Merkel&#8217;sche Politik der offenen Grenzen f\u00fcr unvern\u00fcnftig.<br \/>\nZun\u00e4chst wurde versucht, S+S in die rechte Ecke zu stellen mittels Nazi-, Rassismus-, Islamophobie- und Ausl\u00e4nderhass-Keule. Nachdem diese <a title=\"Nazi-Keule Islamophobie-Keule\" href=\"https:\/\/www.freiburg-schwarzwald.de\/blog\/nazi-keule-islamophobie-keule\/\">Keulen<\/a> wirkungslos geschwungen wurden (warum auch soll ein Jude ein Anitsemit sein?), wurde nun unsere Diskussionskultur demografie-gem\u00e4\u00df um die Alter-Keule erweitet. L\u00e4cherlich in dreifacher Hinsicht:<br \/>\nErstens sind die Keulenschwinger ebenfalls alt: Precht 51 und Welzer 57, also gerade mal 10 Jahre j\u00fcnger als Sloterdijk. &#8222;Alte M\u00e4nner, die andere Alte als alte M\u00e4nner beschimpfen&#8220; \u00fcberzeugen nicht.<br \/>\nZweitens ist &#8222;Alte sind eh doof&#8220; falsch: &#8222;Ich finde, ein Intellektueller, der es n\u00f6tig hat, das Alter eines Andersdenkenden als Argument zu verwenden, leistet den Offenbarungseid. Der alte Freud, der alte Fontane, Goethe, Voltaire, Ernst Bloch, das sind in ihrer sp\u00e4ten Phase nat\u00fcrlich alles senile Dummschw\u00e4tzer gewesen, die nicht mehr in die Zeit passten, stimmt&#8217;s?&#8220; &#8211; so Harald Martenstein im Zeit Magazin Nr. 17, 14.4.2016, Seite 8.<br \/>\nDrittens kann kein Mensch etwas f\u00fcr Geschlecht, Herkunft, Hautfarbe, Religion der Eltern, sexuelle Orientierung und Alter. Wenn Precht nun Sloterdijk wegen seines Alters kritisiert, dann m\u00fcsste er doch auch Frauke Petry (AfD) wegen ihres Frauseins und Jens Spahn (CDU) wegen seiner Homosexualit\u00e4t als ungeeignet f\u00fcr die Politik anprangern.<br \/>\n.<br \/>\nFazit als der Alte-gegen-Alte-Misere: Wir brauchen viele junge, gebildete Migranten, die auch als Denker und Philosophen die Zukunft Deutschlands intellektuell mitgestalten. Leider setzt die derzeitige Migrationspolitik auf vornehmlich (laut Andrea Nahles 90%) ungebildet.<br \/>\n17.4.2016<\/p>\n<p>&nbsp;<\/p>\n","protected":false},"excerpt":{"rendered":"<p>Home &gt;Selbsthilfe\u00a0&gt;Senioren &gt;Demografie\u00a0&gt;Alte Listenauswahl eines Beitrags (Artikel\/Datum, Seite\/Inhalt): Klicken oder scrollen \u201eGenerationenvertrag\u201c\u2013 Warum noch mitmachen und zahlen f\u00fcr Rente und Gesundheit?\u00a0(17.11.2025) Einfach Deutsche \u00fcber 70 t\u00f6ten\u00a0(20.11.2023) Ampel-Zynismus: 80-J\u00e4hrige d\u00fcrfen ihre \u00d6l-\/Gasheizung weiterbetreiben\u00a0(3.4.2023) DGHS: Humanes Sterben \u2013 Edith Vieser in Freiburg\u00a0(11.1.2023) &hellip; <a href=\"https:\/\/www.freiburg-schwarzwald.de\/blog\/selbsthilfe\/senioren\/alte\/\">Weiterlesen <span class=\"meta-nav\">&rarr;<\/span><\/a><\/p>\n","protected":false},"author":2,"featured_media":0,"parent":183,"menu_order":0,"comment_status":"open","ping_status":"closed","template":"","meta":{"footnotes":""},"class_list":["post-60434","page","type-page","status-publish","hentry"],"_links":{"self":[{"href":"https:\/\/www.freiburg-schwarzwald.de\/blog\/wp-json\/wp\/v2\/pages\/60434","targetHints":{"allow":["GET"]}}],"collection":[{"href":"https:\/\/www.freiburg-schwarzwald.de\/blog\/wp-json\/wp\/v2\/pages"}],"about":[{"href":"https:\/\/www.freiburg-schwarzwald.de\/blog\/wp-json\/wp\/v2\/types\/page"}],"author":[{"embeddable":true,"href":"https:\/\/www.freiburg-schwarzwald.de\/blog\/wp-json\/wp\/v2\/users\/2"}],"replies":[{"embeddable":true,"href":"https:\/\/www.freiburg-schwarzwald.de\/blog\/wp-json\/wp\/v2\/comments?post=60434"}],"version-history":[{"count":5,"href":"https:\/\/www.freiburg-schwarzwald.de\/blog\/wp-json\/wp\/v2\/pages\/60434\/revisions"}],"predecessor-version":[{"id":143960,"href":"https:\/\/www.freiburg-schwarzwald.de\/blog\/wp-json\/wp\/v2\/pages\/60434\/revisions\/143960"}],"up":[{"embeddable":true,"href":"https:\/\/www.freiburg-schwarzwald.de\/blog\/wp-json\/wp\/v2\/pages\/183"}],"wp:attachment":[{"href":"https:\/\/www.freiburg-schwarzwald.de\/blog\/wp-json\/wp\/v2\/media?parent=60434"}],"curies":[{"name":"wp","href":"https:\/\/api.w.org\/{rel}","templated":true}]}}