{"id":60191,"date":"2016-03-25T18:36:24","date_gmt":"2016-03-25T17:36:24","guid":{"rendered":"https:\/\/www.freiburg-schwarzwald.de\/blog\/?page_id=60191"},"modified":"2026-07-29T12:32:42","modified_gmt":"2026-07-29T10:32:42","slug":"terror","status":"publish","type":"page","link":"https:\/\/www.freiburg-schwarzwald.de\/blog\/religion\/islam\/terror\/","title":{"rendered":"Terror"},"content":{"rendered":"<p><a href=\"https:\/\/freiburg-schwarzwald.de\/blog\">Home<\/a> &gt;<a title=\"Religion\" href=\"https:\/\/www.freiburg-schwarzwald.de\/blog\/religion\/\">Religion<\/a> &gt;<a title=\"Islam\" href=\"https:\/\/www.freiburg-schwarzwald.de\/blog\/religion\/islam\/\">Islam<\/a> &gt;Terror<\/p>\n<h5><a href=\"https:\/\/www.freiburg-schwarzwald.de\/blog\/wp-content\/uploads\/2023\/07\/drosnay-kirche7-7-2023.jpg\"><img loading=\"lazy\" decoding=\"async\" class=\"alignnone size-full wp-image-113567\" src=\"https:\/\/www.freiburg-schwarzwald.de\/blog\/wp-content\/uploads\/2023\/07\/drosnay-kirche7-7-2023.jpg\" alt=\"\" width=\"640\" height=\"362\" srcset=\"https:\/\/www.freiburg-schwarzwald.de\/blog\/wp-content\/uploads\/2023\/07\/drosnay-kirche7-7-2023.jpg 640w, https:\/\/www.freiburg-schwarzwald.de\/blog\/wp-content\/uploads\/2023\/07\/drosnay-kirche7-7-2023-180x102.jpg 180w\" sizes=\"auto, (max-width: 640px) 100vw, 640px\" \/><\/a><br \/>\nKirche in <a href=\"https:\/\/www.freiburg-schwarzwald.de\/blog\/drosnay-kirche-abgebrannt\/\">Drosnay<\/a> &#8211; abgebrannt am 7.7.2023<\/h5>\n<ul>\n<li><em>Listenauswahl eines Beitrags: Bitte <span style=\"text-decoration: underline;\">anklicken<\/span> oder runterscrollen<\/em><\/li>\n<li><a href=\"https:\/\/www.freiburg-schwarzwald.de\/blog\/terror-zu-94-prozent-islamistisch\/\">Terror zu 94 Prozent islamistisch<\/a>\u00a0(29.7.2026)<\/li>\n<li><a href=\"https:\/\/www.freiburg-schwarzwald.de\/blog\/louis-17-ans-lynche-a-mort\/\">Louis, 17 ans, lynch\u00e9 \u00e0 mort<\/a>\u00a0(25.6.2026)<\/li>\n<li><a href=\"https:\/\/www.freiburg-schwarzwald.de\/blog\/paris-psg-buergerkrieg-eu\/\">Paris PSG \u2013 B\u00fcrgerkrieg \u2013 EU<\/a>\u00a0(1.6.2026)<\/li>\n<li><a href=\"https:\/\/www.freiburg-schwarzwald.de\/blog\/religion\/islam\/islam-terror\/\">Islam Terrorproblem: 4208 Morde in 66 L\u00e4ndern in 2024<\/a>\u00a0(15.3.2026)<\/li>\n<li><a href=\"https:\/\/www.freiburg-schwarzwald.de\/blog\/australien-chanukka-is-terror\/\">Australien Chanukka: IS-Terror<\/a>\u00a0(14.12.2025)<\/li>\n<li><a href=\"https:\/\/www.freiburg-schwarzwald.de\/blog\/global\/israel\/israel7-10-2023\/\">Pogrom(s) \u2013 Ein Dokumentarfilm, der die Wahrheit \u00fcber den 7. Oktober 2023 festh\u00e4lt<\/a>\u00a0(19.11.2025)<\/li>\n<li><a href=\"https:\/\/www.freiburg-schwarzwald.de\/blog\/engagement\/zukunft\/frieden\/friedenstuechtig\/\">Fabian Scheidler: Friedenst\u00fcchtig<\/a>\u00a0(17.11.2025)<\/li>\n<li><a href=\"https:\/\/www.freiburg-schwarzwald.de\/blog\/global\/polen\/\">Polen sch\u00fctzt den Terror gegen unsere Energieversorgung<\/a>\u00a0(12.10.2025)<\/li>\n<li><a href=\"https:\/\/www.freiburg-schwarzwald.de\/blog\/global\/israel\/israel7-10-2023\/\">Die Welt sieht weg: Der Mord an der Familie Bibas und das Schweigen des Westens<\/a>\u00a0(20.2.2025)<\/li>\n<li><a href=\"https:\/\/www.freiburg-schwarzwald.de\/blog\/global\/deutschland\/deutschland2024\/\">Prof Michael Buback: \u201cBedr\u00fcckend ist auch der R\u00fcckgang im Bildungsbereich\u201d<\/a>\u00a0(12.1.2025)<\/li>\n<li><a href=\"https:\/\/www.freiburg-schwarzwald.de\/blog\/magdeburg-terror-vergessen\/\">Magdeburg Terror \u2013 Vergessen<\/a>\u00a0(13.1.2025)<\/li>\n<li><a href=\"https:\/\/www.freiburg-schwarzwald.de\/blog\/engagement\/zukunft\/demokratie\/magdeburg20dez2024\/\">Sechstes Todesopfer nach Anschlag in Magdeburg<\/a> (6.1.2025)<\/li>\n<li><a href=\"https:\/\/www.freiburg-schwarzwald.de\/blog\/magdeburg-weihnachtsmarkt\/\">Magdeburg Weihnachtsmarkt<\/a>\u00a0(22.12.2024)<\/li>\n<li><a href=\"https:\/\/www.freiburg-schwarzwald.de\/blog\/global\/israel\/israel7-10-2023\/\">Norbert Bolz: Der Todeskult und die Humanit\u00e4t im Krieg<\/a>\u00a0(27.9.2024)<\/li>\n<li><a href=\"https:\/\/www.freiburg-schwarzwald.de\/blog\/selbsthilfe\/krise\/gewalt\/attentate\/\">Nach Trump-Attentat: Diese Gefahr will Sachsens LKA angeblich nicht erkennen<\/a>\u00a0(15.7.2024)<\/li>\n<li><a href=\"https:\/\/www.freiburg-schwarzwald.de\/blog\/sport\/sportlern\/fussball\/\">Makkabi Berlin stellt Spielbetrieb ein \u2013 wegen Hamas-Terror<\/a> (12.10.2023)<\/li>\n<li>Syrer mit Messer verletzt vier M\u00e4nner im ICE bei N\u00fcrnberg schwer (7.11.2021)<\/li>\n<li><a href=\"https:\/\/www.freiburg-schwarzwald.de\/blog\/drosnay-kirche-abgebrannt\/\">Drosnay \u2013 Kirche abgebrannt<\/a>\u00a0(10.7.2023)<\/li>\n<li><a href=\"https:\/\/www.freiburg-schwarzwald.de\/blog\/natur\/klima\/klimaterrorismus\/\">Klimaterrorismus Kurzkommentar: Wetterschisser, keine Klimaterroristen<\/a>\u00a0(10.1.2023)<\/li>\n<li><a href=\"https:\/\/www.freiburg-schwarzwald.de\/blog\/sprengung-nordstream-1-und-2\/\">Sprengung: Nordstream 1 und 2<\/a>\u00a0(28.9.2022)<\/li>\n<li><a href=\"https:\/\/www.freiburg-schwarzwald.de\/blog\/selbsthilfe\/soziales\/justiz\/messerstecher\/\">Syrer mit Messer verletzt vier M\u00e4nner im ICE bei N\u00fcrnberg schwer<\/a> (7.11.2021)<\/li>\n<li><a href=\"https:\/\/www.freiburg-schwarzwald.de\/blog\/terror-psychische-erkrankung\/\">Terror oder psychische Erkrankung?<\/a>\u00a0(2.11.2021)<\/li>\n<li><a href=\"https:\/\/www.freiburg-schwarzwald.de\/blog\/global\/integration\/fluechtlinge-kriminalitaet\/opfer\/\">Witzenhausen: 30-j\u00e4hriger T\u00fcrke f\u00e4hrt in Sch\u00fclergruppe: Eine Tote<\/a> (1.11.2021)<\/li>\n<li>Islam-Terror hat nichts mit dem Islam zu tun (19.10.2021)<\/li>\n<li><a href=\"https:\/\/www.freiburg-schwarzwald.de\/blog\/9-11-20-jahre-weiterhin-terror\/\">9\/11 \u2013 20 Jahre weiterhin Terror<\/a>\u00a0(11.9.2021)<\/li>\n<li><a href=\"https:\/\/www.freiburg-schwarzwald.de\/blog\/religion\/evangelisch\/\">K\u00e4\u00dfmann: Liebe und Ablehnung<\/a>\u00a0(10.8.2021)<\/li>\n<li>Wie islamisch ist der Terrorismus? (6.8.2021)<\/li>\n<li><a href=\"https:\/\/www.freiburg-schwarzwald.de\/blog\/zweierlei-opfer-hanau-wuerzburg\/\">Zweierlei Opfer: Hanau W\u00fcrzburg<\/a>\u00a0(14.7.2021)<\/li>\n<li><a href=\"https:\/\/www.freiburg-schwarzwald.de\/blog\/global\/israel\/90800-2\/\">Die unendliche Geschichte Hamas-Israel<\/a>\u00a0(17.5.2021)<\/li>\n<li><a href=\"https:\/\/www.freiburg-schwarzwald.de\/blog\/france-la-guerre-civile-menace\/\">France: La guerre civile menace -Der B\u00fcrgerkrieg droht<\/a>\u00a0(29.4.2021)<\/li>\n<li>Terrorismus im Namen des Islam 2016 &#8211; 2020\u00a0 (4.12.2020)<\/li>\n<li>Der extremistische Islam ist die gef\u00e4hrlichste Ideologie in Europa (27.11.2020)<\/li>\n<li><a href=\"https:\/\/www.freiburg-schwarzwald.de\/blog\/selbsthilfe\/krise\/gewalt\/linke-gewalt\/antifa\/\">Nachlese Schweigemarsch 22.11.20 in Berlin \u2013 albtraumhafte Realsatire<\/a>\u00a0(21.11.2020)<\/li>\n<li><a href=\"https:\/\/www.freiburg-schwarzwald.de\/blog\/religion\/islam\/islamismus\/\">Irfan Peci \u2013 Der Warner vor dem\u00a0 Islamismus<\/a>\u00a0(13.11.2020)<\/li>\n<li><a href=\"https:\/\/www.freiburg-schwarzwald.de\/blog\/selbstmord-kulturell-politisch\/\">Selbstmord: kulturell wie politisch<\/a> (11.11.2020)<\/li>\n<li><a href=\"https:\/\/www.freiburg-schwarzwald.de\/blog\/religion\/islam\/islamisierung\/\">Chefredakteur-Digital der WELT: \u201ablind auf dem Auge des Islamismus\u2019<\/a>\u00a0(5.11.2020)<\/li>\n<li><a href=\"https:\/\/www.freiburg-schwarzwald.de\/blog\/religion\/islam\/islamismus\/\">Al-Aqsa-Moschee: Terrorisierung von Feinden des Islam ist erlaubt<\/a>\u00a0(4.11.2020)<\/li>\n<li><a href=\"http:\/\/wien\">Merkel: \u201eDer islamistische Terror ist unser gemeinsamer Feind\u201c<\/a> (3.11.2020)<\/li>\n<li><a href=\"https:\/\/www.freiburg-schwarzwald.de\/blog\/global\/france\/nizza29-10-2020\/\">Terror in Frankreich \u2013 Angriff der Totalit\u00e4ren<\/a> (29.10.2020)<\/li>\n<li><a href=\"https:\/\/www.freiburg-schwarzwald.de\/blog\/global\/france\/nizza29-10-2020\/\">Attaque au couteau islamiste a Nice: Trois morts dont deux femmes, plusieurs bless\u00e9s<\/a>\u00a0(29.10.2020)<\/li>\n<li>Angst und Ohnmacht nach Messermorden in Dresden und Paris (23.10.2020)<\/li>\n<li><a href=\"https:\/\/www.freiburg-schwarzwald.de\/blog\/dresden-und-paris-d-und-f\/\">Dresden und Paris \u2013 D und F entfernen sich angesichts des Terrors?<\/a>\u00a0(22.10.2020)<\/li>\n<li><a title=\"Fatwa: Enthauptung bei Paris\" href=\"https:\/\/www.freiburg-schwarzwald.de\/blog\/fatwa-enthauptung-bei-paris\/\">Fatwa: Enthauptung eines Lehrers durch 18-J\u00e4hrigen bei Paris um 17 Uhr auf offener Strasse<\/a>\u00a0(18.10.2020)<\/li>\n<li><a title=\"Buergerkrieg\" href=\"https:\/\/www.freiburg-schwarzwald.de\/blog\/global\/deutschland\/buergerkrieg\/\">\u201cDas ist Krieg\u201d \u2013 Hilferuf eines Polizisten aus Stuttgart<\/a>\u00a0(22.6.2020)<\/li>\n<li><a title=\"Stuttgart16Mai2020LinkeGewalt\" href=\"https:\/\/www.freiburg-schwarzwald.de\/blog\/selbsthilfe\/krise\/gewalt\/linke-gewalt\/stuttgart16mai2020linkegewalt\/\">Corona-Demo Stuttgart: Mutma\u00dflich linksextremistischer Mordanschlag auf Andreas Ziegler<\/a>\u00a0(24.5.2020)<\/li>\n<li><a title=\"Paralleljustiz\" href=\"https:\/\/www.freiburg-schwarzwald.de\/blog\/selbsthilfe\/soziales\/justiz\/paralleljustiz\/\">Physische wie verbale Gewalt gegen AfD: \u201eDie haben Blut geleckt, die wollen mehr\u201d (FAZ zur AfD)<\/a>\u00a0(9.4.2020)<\/li>\n<li><a title=\"Pluralismus\" href=\"https:\/\/www.freiburg-schwarzwald.de\/blog\/religion\/pluralismus\/\">Strafanzeige gegen \u201eBlaue Moschee\u201c wegen Terror-Unterst\u00fctzung<\/a> (14.1.2020)<\/li>\n<li><a title=\"Strasbourg11Dez2018\" href=\"https:\/\/www.freiburg-schwarzwald.de\/blog\/global\/integration\/strasbourg11dez2018\/\">Silvester-Gewalt durch Maghreb-Geb\u00fcrtige in Strasbourg: Hass auf den Staat<\/a> (13.1.2020)<\/li>\n<li>ZDF\u00a0nennt islamistisches Massaker auf Charlie Hebdo \u201eStreit\u201c &#8211;\u00a0und bedauert (8.1.2020)<\/li>\n<li><a title=\"Zivilcourage\" href=\"https:\/\/www.freiburg-schwarzwald.de\/blog\/engagement\/zivilcourage\/\">Intifada der Zornigen \u2013\u00a0Der Preis der Zivilcourage nach Augsburg<\/a>\u00a0(13.12.2019)<\/li>\n<li><a title=\"Moral2015\" href=\"https:\/\/www.freiburg-schwarzwald.de\/blog\/global\/deutschland\/moral2015\/\">Morden oder \u00fcber Mord reden \u2013 was ist schlimmer?<\/a> (2.12.2019)<\/li>\n<li><a title=\"Linksterror\" href=\"https:\/\/www.freiburg-schwarzwald.de\/blog\/business\/dienste\/immobilien\/linksterror\/\">Leipzig: Linke Chaoten \u00fcberfallen Immobilien-Prokuristin<\/a>\u00a0(4.11.2019)<\/li>\n<li><a title=\"Halle09Okt2019\" href=\"https:\/\/www.freiburg-schwarzwald.de\/blog\/engagement\/zukunft\/demokratie\/halle09okt2019\/\">Nie wieder! \u2013 zum Neonazi-Anschlag in Halle<\/a>\u00a0(9.10.2019)<\/li>\n<li><a href=\"https:\/\/www.freiburg-schwarzwald.de\/blog\/utrecht-christchurch-opfer\/\">https:\/\/www.freiburg-schwarzwald.de\/blog\/utrecht-christchurch-opfer\/<\/a>\u00a0(24.3.2019)<\/li>\n<li>Strasbourg:\u00a0<a href=\"https:\/\/www.freiburg-schwarzwald.de\/blog\/relativieren-instrumentalisieren\/\">https:\/\/www.freiburg-schwarzwald.de\/blog\/relativieren-instrumentalisieren\/<\/a> (13.12.2018)<\/li>\n<li>Nach dem Manchester-Terroranschlag: Der Islam hat ab sofort Hausarrest (24.5.2017)<\/li>\n<li>T\u00f6dlicher Messerangriff wegen &#8222;mentaler Probleme&#8220; (4.8.2016)<\/li>\n<li>Islam-Gewalt verhindert Integration (25.7.2016)<\/li>\n<li><a href=\"https:\/\/www.freiburg-schwarzwald.de\/blog\/nizza-wuerzburg-keine-angst\/\">https:\/\/www.freiburg-schwarzwald.de\/blog\/nizza-wuerzburg-keine-angst\/<\/a> (19.7.2016)<\/li>\n<li>Terror hat keine Religion? (25.3.2016)<\/li>\n<li><\/li>\n<li><a href=\"https:\/\/www.freiburg-schwarzwald.de\/blog\/selbsthilfe\/krise\/gewalt\/linke-gewalt\/antifa\/\">Antifa<\/a><\/li>\n<li><a href=\"https:\/\/www.freiburg-schwarzwald.de\/blog\/selbsthilfe\/krise\/gewalt\/attentate\/\">Attentate<\/a><\/li>\n<li><a title=\"Augsburg061219tod-nach-sturz\" href=\"https:\/\/www.freiburg-schwarzwald.de\/blog\/global\/migration\/augsburg061219tod-nach-sturz\/\">Augsburg06-12-19tod-nach-sturz<\/a><\/li>\n<li><a title=\"Bahnsteig\" href=\"https:\/\/www.freiburg-schwarzwald.de\/blog\/global\/deutschland\/bahnsteig\/\">Bahnsteig &#8211; Morde &#8211; Sicherheit<\/a><\/li>\n<li><a title=\"Berlin19dez2016\" href=\"https:\/\/www.freiburg-schwarzwald.de\/blog\/engagement\/zukunft\/demokratie\/berlin19dez2016\/\">Berlin19dez2016<\/a><\/li>\n<li><a title=\"Bruessel22-3-2016\" href=\"https:\/\/www.freiburg-schwarzwald.de\/blog\/engagement\/zukunft\/demokratie\/bruessel22-3-2016\/\">Bruessel22-3-2016<\/a><\/li>\n<li><a title=\"Chemnitz-Messermord26-08-2018\" href=\"https:\/\/www.freiburg-schwarzwald.de\/blog\/engagement\/zukunft\/demokratie\/chemnitz-messermord26-08-2018\/\">Chemnitz-Messermorg26-08-2017<\/a><\/li>\n<li><a title=\"Christchurch\" href=\"https:\/\/www.freiburg-schwarzwald.de\/blog\/religion\/islam\/terror\/christchurch\/\">Christchurch<\/a><\/li>\n<li><a title=\"Erpressung\" href=\"https:\/\/www.freiburg-schwarzwald.de\/blog\/religion\/islam\/erpressung\/\">Erpressung<\/a><\/li>\n<li><a title=\"Frieden\" href=\"https:\/\/www.freiburg-schwarzwald.de\/blog\/engagement\/zukunft\/frieden\/\">Frieden<\/a><\/li>\n<li><a href=\"https:\/\/www.freiburg-schwarzwald.de\/blog\/engagement\/zukunft\/frieden\/friedenstuechtig\/\">friedenst\u00fcchtig<\/a><\/li>\n<li><a href=\"https:\/\/www.freiburg-schwarzwald.de\/blog\/global\/france\/enthauptung\/\">Enthauptung<\/a><\/li>\n<li><a href=\"https:\/\/www.freiburg-schwarzwald.de\/blog\/engagement\/zukunft\/demokratie\/extremismus\/\">Extremismus<\/a><\/li>\n<li><a href=\"https:\/\/www.freiburg-schwarzwald.de\/blog\/global\/france\/frankreich-islam\/\">Frankreich-Islam<\/a><\/li>\n<li><a href=\"https:\/\/www.freiburg-schwarzwald.de\/blog\/global\/israel\/gaza\/\">Gaza<\/a><\/li>\n<li><a title=\"Genitalverstuemmelung\" href=\"https:\/\/www.freiburg-schwarzwald.de\/blog\/selbsthilfe\/frauen\/genitalverstuemmelung\/\">Genitalverst\u00fcmmelung \u2013 der gr\u00f6\u00dfte B\u00fcrgerkrieg aller Zeiten (Nehberg)<\/a><\/li>\n<li><a title=\"Halle09Okt2019\" href=\"https:\/\/www.freiburg-schwarzwald.de\/blog\/engagement\/zukunft\/demokratie\/halle09okt2019\/\">Halle09Okt2019<\/a><\/li>\n<li><a title=\"IS\" href=\"https:\/\/www.freiburg-schwarzwald.de\/blog\/religion\/islam\/is\/\">IS<\/a><\/li>\n<li><a title=\"Islam\" href=\"https:\/\/www.freiburg-schwarzwald.de\/blog\/religion\/islam\/\">Islam<\/a><\/li>\n<li><a href=\"https:\/\/www.freiburg-schwarzwald.de\/blog\/religion\/islam\/islamismus\/\">Islamismus<\/a><\/li>\n<li><a title=\"Islam-Antisemitismus\" href=\"https:\/\/www.freiburg-schwarzwald.de\/blog\/religion\/islam\/islam-antisemitismus\/\">Islam-Antisemitismus<\/a><\/li>\n<li><a href=\"https:\/\/www.freiburg-schwarzwald.de\/blog\/religion\/islam\/islam-terror\/\">Islam-Terror<\/a><\/li>\n<li><a href=\"https:\/\/www.freiburg-schwarzwald.de\/blog\/global\/israel\/israel7-10-2023\/\">Israel7-10-2023<\/a><\/li>\n<li><a href=\"https:\/\/www.freiburg-schwarzwald.de\/blog\/natur\/klima\/klimaterrorismus\/\">Klimaterrorismus<\/a><\/li>\n<li><a title=\"Koran\" href=\"https:\/\/www.freiburg-schwarzwald.de\/blog\/religion\/islam\/koran\/\">Koran<\/a><\/li>\n<li><a title=\"Linksterror\" href=\"https:\/\/www.freiburg-schwarzwald.de\/blog\/business\/dienste\/immobilien\/linksterror\/\">Linksterror<\/a><\/li>\n<li><a href=\"https:\/\/www.freiburg-schwarzwald.de\/blog\/engagement\/zukunft\/demokratie\/magdeburg20dez2024\/\">Magdeburg20Dez2024<\/a><\/li>\n<li><a title=\"Migration-jung\" href=\"https:\/\/www.freiburg-schwarzwald.de\/blog\/global\/migration\/migration-jung\/\">Migration-jung &#8211; Bindungslos-vagabundierende Migration<\/a><\/li>\n<li><a href=\"https:\/\/www.freiburg-schwarzwald.de\/blog\/global\/france\/nizza29-10-2020\/\">Nizza29-10-2020<\/a><\/li>\n<li><a href=\"https:\/\/www.freiburg-schwarzwald.de\/blog\/global\/integration\/fluechtlinge-kriminalitaet\/opfer\/\">Opfer &#8211; zweierlei<\/a><\/li>\n<li><a title=\"Paris13nov2015\" href=\"https:\/\/www.freiburg-schwarzwald.de\/blog\/engagement\/zukunft\/demokratie\/paris13nov2015\/\">Paris13nov2015<\/a><\/li>\n<li><a title=\"Religionskrieg\" href=\"https:\/\/www.freiburg-schwarzwald.de\/blog\/religion\/religionskrieg\/\">Religionskrieg<\/a><\/li>\n<li><a title=\"Rouen26July2016\" href=\"https:\/\/www.freiburg-schwarzwald.de\/blog\/engagement\/zukunft\/demokratie\/rouen26july2016\/\">Rouen26July2016<\/a><\/li>\n<li><a title=\"Sri-Lanka2019Ostern\" href=\"https:\/\/www.freiburg-schwarzwald.de\/blog\/religion\/christen\/sri-lanka2019ostern\/\">Sri-Lanka2019Ostern<\/a><\/li>\n<li><a title=\"Strasbourg11Dez2018\" href=\"https:\/\/www.freiburg-schwarzwald.de\/blog\/global\/integration\/strasbourg11dez2018\/\">Strasbourg11Des2018 \u2013 Islam-Terroranschlag<\/a><\/li>\n<li><a title=\"Stuttgart16Mai2020LinkeGewalt\" href=\"https:\/\/www.freiburg-schwarzwald.de\/blog\/selbsthilfe\/krise\/gewalt\/linke-gewalt\/stuttgart16mai2020linkegewalt\/\">Stuttgart16Mai2020LinkeGewalt<\/a><\/li>\n<li><a title=\"Waffen\" href=\"https:\/\/www.freiburg-schwarzwald.de\/blog\/global\/waffen\/\">Waffen<\/a><\/li>\n<li><a href=\"https:\/\/www.freiburg-schwarzwald.de\/blog\/global\/oesterreich\/wien-islamisten2-11-2020\/\">Wien-Islamisten2-11-2020<\/a><\/li>\n<li><a title=\"Youth-Bulges\" href=\"https:\/\/www.freiburg-schwarzwald.de\/blog\/engagement\/zukunft\/krieg\/youth-bulges\/\">Youth Bulges \u2013 Jugend und Krieg<\/a><\/li>\n<\/ul>\n<p>&nbsp;<\/p>\n<p>&nbsp;<\/p>\n<div id=\"attachment_76454\" style=\"width: 610px\" class=\"wp-caption alignnone\"><a href=\"https:\/\/www.freiburg-schwarzwald.de\/blog\/freiburg-1944-nie-wieder-krieg\/freiburg1944-friedrichstrasse-pan\/\" rel=\"attachment wp-att-76454\"><img loading=\"lazy\" decoding=\"async\" aria-describedby=\"caption-attachment-76454\" class=\"size-full wp-image-76454\" src=\"https:\/\/www.freiburg-schwarzwald.de\/blog\/wp-content\/uploads\/2019\/11\/freiburg1944-friedrichstrasse-pan.jpg\" alt=\"Blick von der Friedrichstrasse \u00fcber Freiburg zum Kybfelsen. Nur das M\u00fcnster steht noch nach dem 27.11.1944 - ein Wunder\" width=\"600\" height=\"318\" srcset=\"https:\/\/www.freiburg-schwarzwald.de\/blog\/wp-content\/uploads\/2019\/11\/freiburg1944-friedrichstrasse-pan.jpg 600w, https:\/\/www.freiburg-schwarzwald.de\/blog\/wp-content\/uploads\/2019\/11\/freiburg1944-friedrichstrasse-pan-180x95.jpg 180w\" sizes=\"auto, (max-width: 600px) 100vw, 600px\" \/><\/a><p id=\"caption-attachment-76454\" class=\"wp-caption-text\">Blick von der Friedrichstrasse \u00fcber Freiburg zum Kybfelsen. Nur das M\u00fcnster steht noch nach dem <a title=\"Freiburg1944\" href=\"https:\/\/www.freiburg-schwarzwald.de\/blog\/regio\/freiburg\/freiburg1944\/\">27.11.1944<\/a> &#8211; ein Wunder<\/p><\/div>\n<p>&nbsp;<\/p>\n<p><strong>Islam-Terror hat nichts mit dem Islam zu tun<\/strong><br \/>\nDiejenigen, die von Anfang an sagten, der islamische Terror habe nichts mit dem Islam zu tun, hatten recht.<br \/>\n<em>Der Mann, der im norwegischen Kongsberg f\u00fcnf Menschen mit Pfeil und Bogen erschossen hat, sei laut Polizei psychisch krank und wurde in eine geschlossene medizinische Einrichtung eingewiesen. die Polizei hatte die Tat zun\u00e4chst als Terrorhandlung eingestuft.<\/em><br \/>\nH\u00e4tte die Polizei die angeblichen Terroristen Anis Amri (<a href=\"https:\/\/www.freiburg-schwarzwald.de\/blog\/berlin-breidscheidplatz-19dez17\/\">Berlin, Breitscheidplatz<\/a>) oder Mohamed Lahouaiej Bouhlel (<a href=\"https:\/\/www.freiburg-schwarzwald.de\/blog\/global\/france\/nizza29-10-2020\/\">Nizza, Strandpromenade<\/a>) nicht erschossen, s\u00e4\u00dfen beide heute in einer medizinischen Einrichtung und k\u00f6nnten psychisch betreut werden. Dasselbe g\u00e4lte f\u00fcr die psychisch Kranken, die den Bataclan und die Redaktion von Charlie Hebdo ausr\u00e4ucherten, f\u00fcr den mit einem Messer auf seine Lage hinweisenden Somali von W\u00fcrzburg und all die anderen kranken und verwirrten Menschen, die wir, teils irrt\u00fcmlich, teils b\u00f6swillig, als Terroristen bezeichnet haben.<br \/>\nKein psychisch gesunder Mensch ruft \u201eAllahu akbar!\u201d und bringt Ungl\u00e4ubige um. Ist doch logisch! Wahrscheinlich ist der gesamte IS eine unbewusste Selbsthilfegruppe psychisch Kranker.<br \/>\nStatt diese Menschen in Gef\u00e4ngnisse zu stecken, wo sie auf echte Terroristen und Gesinnungsm\u00f6rder wie Anders Breivik und Beate Tsch\u00e4pe sto\u00dfen, m\u00fcssen wir ihnen helfen. Terror \u2013 sofern er nicht von rechts kommt \u2013 ist immer auch ein Hilferuf!<\/p>\n<p>Wir stehen jetzt nat\u00fcrlich vor der Frage, inwieweit das alles r\u00fcckwirkend gilt. Waren wom\u00f6glich auch die Eroberungsz\u00fcge der Osmanen ins christliche Osteuropa die Taten seelisch Gest\u00f6rter? Verging sich Karl Martell bei Tours und Poitiers an psychisch Kranken? Wurde Jerusalem 1187 von Verr\u00fcckten (zur\u00fcck-)erobert? Es k\u00f6nnte einem der Atem stocken, wenn wir uns jetzt noch weiter \u00fcber den Rand des Brunnens der Vergangenheit lehnen\u2026<br \/>\nUnd warum sich auf den Orient beschr\u00e4nken? Die RAF, die Roten Khmer, Lenins Bolschewiken, Tamerlans Bogensch\u00fctzen (!) \u2013 alles nur F\u00e4lle f\u00fcr kundige Seelenklempner? Wir brauchen keine Polizei, wir brauchen keine Truppen, was wir brauchen, sind Psychologen, Sozialarbeiter, Streetworker! Dann klappt\u2019s auch mit dem Nachbarn.<br \/>\n&#8230; Alles vom 19.10.2021 bitte lesen auf<br \/>\n<a href=\"https:\/\/www.klonovsky.de\/2021\/10\/die-endloesung-der-islamismusfrage\/\">https:\/\/www.klonovsky.de\/2021\/10\/die-endloesung-der-islamismusfrage\/<\/a><\/p>\n<p>&nbsp;<\/p>\n<p><strong>Wie islamisch ist der Terrorismus?<\/strong><br \/>\n<strong>Wie islamisch ist der Terror der 2010er Jahre? Eine Auswertung der Daten der \u201eGlobal<\/strong> <strong>Terrorism Database\u201c der University of Maryland.<\/strong><br \/>\nVon Lukas Mihr.<br \/>\n&#8230;.<br \/>\nMittlerweile ist aber der Eindruck entstanden, der Terrorismus sei ein nahezu ausschlie\u00dflich islamisches Ph\u00e4nomen, von wenigen Ausnahmen, wie beispielsweise dem Anschlag des norwegischen Rechtsextremisten Anders Behring Breivik vor 10 Jahren, abgesehen. Liegt das daran, dass der Terrorismus tats\u00e4chlich zum \u00fcberwiegenden Teil islamisch motiviert ist, oder sorgt eine verzerrte Berichterstattung durch die Medien f\u00fcr diesen Eindruck?<br \/>\nUm diese Frage zu untersuchen, wird die Global Terrorism Database der University of Maryland herangezogen (Die betreffenden Daten kann man hier anfordern, ein Nachweis journalistischer T\u00e4tigkeit ist daf\u00fcr erforderlich, Anm.d.Red.). Die Datenbank versucht alle Terroranschl\u00e4ge seit 1970 zu erfassen. Um aber die Gegenwart besser abzubilden, werden nur die letzten 10 Jahre analysiert.<br \/>\n&#8230;<br \/>\nIslam ver\u00fcbt mit 20-fach h\u00f6herer Rate Terroranschl\u00e4ge<br \/>\nUnter allen Terrortoten konnten etwa 116.000 einer islamischen Terrorgruppe und etwa 17.000 einer nicht-islamischen Terrorgruppe zugeordnet werden. Das hei\u00dft, dass Terrorismus zu etwa 87 Prozent islamisch ist.<br \/>\nDieser Prozentsatz wird sich durch die genannten Toten mit ungekl\u00e4rter T\u00e4terschaft kaum ver\u00e4ndern. Denn die \u00fcbergro\u00dfe Mehrzahl der ungekl\u00e4rten F\u00e4lle ereignete sich in Nigeria, Somalia, Syrien, dem Irak, Jemen, Afghanistan und Pakistan. Ein Verh\u00e4ltnis von 87 Prozent zu 13 Prozent bedeutet, dass die Zahl der islamischen Terrorattacken etwa siebenmal so hoch ist wie die der nicht-islamischen.<br \/>\nDie Rate der islamischen Terrorattacken berechnet sich jedoch anders, weil hierf\u00fcr ber\u00fccksichtigt werden muss, dass der nicht-islamische Teil der Weltbev\u00f6lkerung etwa dreimal so gro\u00df ist, wie der islamische. Insgesamt ver\u00fcbt der Islam also mit 20-fach h\u00f6herer Rate Terroranschl\u00e4ge.<br \/>\nDie Zahl der Terroranschl\u00e4gen in der islamischen Welt ist jedoch noch h\u00f6her. Auch marxistische Gruppierungen treiben dort ihr Unwesen. So zum Beispiel die PKK in der T\u00fcrkei und ihr Ableger, die YPG in Syrien. Im Irak k\u00e4mpfen nach wie vor Hussein-loyale Baathisten. Im Jemen gibt es linksgerichtete Terrorgruppen und in Pakistan k\u00e4mpfen marxistische Belutschen um ihre Unabh\u00e4ngigkeit.<br \/>\nAuch wenn diese Terrorgruppen selbst nicht islamisch ausgerichtet sind, hat erst die islamische Gewalt die betreffenden Staaten derart fragil gemacht, sodass Marxisten dort auf fruchtbaren Boden sto\u00dfen. Unter Ber\u00fccksichtigung dieses Faktors ist die islamische Welt sogar f\u00fcr 90 Prozent aller Terroranschl\u00e4ge verantwortlich, also mit etwa 27-fach h\u00f6herer Rate als der Rest der Welt.&lt;<br \/>\n&#8230; alles vom 6.8.202 bitte lesen auf<br \/>\n<a href=\"https:\/\/www.achgut.com\/artikel\/wie_islamisch_ist_der_terrorismus\">https:\/\/www.achgut.com\/artikel\/wie_islamisch_ist_der_terrorismus<\/a><\/p>\n<p>Einige Kommentare:<br \/>\n<strong>&#8230; faktenbasierte Zusammenfassung zum Terror<\/strong><br \/>\nDanke, verehrter Herr Mihr, f\u00fcr diese unaufgeregt-n\u00fcchterne, zahlen- und faktenbasierte Zusammenfassung, die unseren politisch Entscheidenden (sagt man so &#8211; oder doch lieber Entscheiderinnen und Entscheidern?) wenigstens ins Stammbuch geschrieben und bei krankhafter Hirnverstopfung ggfs. t\u00e4glich um die Ohren gehauen werden sollte\u2026 Ihr Beitrag wird umgehend weiterverbreitet!<br \/>\n6.8.2021, W.R.<\/p>\n<p><strong>Endlich wird das Ganze beim Namen genannt: islamischer Terror!<\/strong><br \/>\n6.8.2021, O.K.<\/p>\n<p><strong>Terror: Freiheitsk\u00e4mpfer &#8211; Selbstverteidiger<\/strong><br \/>\nWenn man sagt, \u201cdie islamische Welt sei f\u00fcr 90 Prozent der Terroranschl\u00e4ge verantwortlich\u201d, muss man auch noch erw\u00e4hnen, dass die Opfer dieses Terrors ebenfalls zu etwa 90 Prozent dem Islam angeh\u00f6ren, sonst gibt das ein schiefes Bild. Aber noch etwas Allgemeines zum inflation\u00e4r benutzten Wort \u201cTerrorismus\u201d: Es handelt sich hier um einen h\u00f6chst politisierten Terminus ohne eindeutige Definition. Je nach Ereignis und politischem Standpunkt kann man das Wort \u201cTerrorist\u201d auch durch \u201cFreiheitsk\u00e4mpfer\u201d ersetzen oder \u201cTerrorismus\u201d durch \u201cSelbstverteidigung\u201d. Journalisten m\u00fcssten diese Begriffe eigentlich immer mit Anf\u00fchrungsstrichen versehen, um so auf den in ihnen innewohnenden Zwiespalt hinzuweisen.<br \/>\n6.8.2021, G.H.<\/p>\n<p><strong>\u00d6ko- Klima- Gender- und sonstige Gesinnungsterroristen?<\/strong><br \/>\nAlso der Sachverhalt, da\u00df nicht alle Muslime Terroristen sind, aber alle Terroristen Muslime ist ja nicht neu.<br \/>\nMal sehen, wie sich das verschiebt, wenn die \u00d6ko- Klima- Gender- und sonstige Gesinnungsterroristen die sich ja verbreiten wie das Coronavirus, nach und nach dazu kommen und was am Ende an Opfern zuzurechnen ist.<br \/>\n6.8.201, R.G.<\/p>\n<p><strong>Es gibt kein islamistisch, es gibt nur den Islam<\/strong><br \/>\n\u201cEs gibt kein islamistisch, es gibt nur den Islam. Erdogan und Merkel vor Kameras (Welt 2.2.2017): \u201cUnd so kam es zum Schlagabtausch auf offener B\u00fchne, als Merkel vom \u201eislamistischen Terror\u201c des IS sprach, den es gemeinsam zu bek\u00e4mpfen gelte. Gemeinsam war da gar nichts mehr, als Erdogan sofort konterte, es gebe keinen islamistischen Terror, der Islam sei eine Religion des Friedens und er verbitte sich solche Ausdr\u00fccke.\u201d Wer es noch deutlicher braucht:<br \/>\nDer israelische Islamexperte Dr. Mordechai Kedar (faktum-magazin): \u201cDiese Unterscheidung zwischen \u201eradikalem\u201c und \u201egem\u00e4\u00dfigtem\u201c Islam ist der Grund f\u00fcr die Behauptung, der Islam sei von den Radikalen \u201e\u00fcbernommen\u201c worden, was bedeutet, dass der wahre und urspr\u00fcngliche Islam die gem\u00e4\u00dfigte, nicht die falsche, radikale Version ist. Das ist es, was dem heutigen Europa erlaubt, sich positiv auf die Welle der meist muslimischen illegalen Einwanderer zu beziehen, die an seinen Ufern abwaschen \u2013 sie repr\u00e4sentieren den \u201egem\u00e4\u00dfigten Islam\u201c und wollen nur in Frieden und Harmonie mit ihren europ\u00e4ischen Nachbarn leben.\u201d \u201cSomewhere over the rainbow, way up high, And the dreams that you dreamed of, once in a lullaby\u201d (Anfangszeilen des Welthits)<br \/>\n6.8.2021, V.K.<\/p>\n<p><strong>Was waere, wenn es diese Islam-Ideologie nicht gaebe?<\/strong><br \/>\nUnd nun zur Conclusio oder eine Art Gedankenmodell : Was waere, wenn es diese Ideologie nicht gaebe? Wuerde sich der (muslimische) Terrorist dann ein anderes Narrativ suchen und die Zahl der Anschl\u00e4ge bliebe gleich hoch? Oder wuerde mangels islamischer \u201cRechtfertigung\u201d die Zahl zumindest deutlich nach unten gehen? Wir werden es vermutlich nie wissen, denn dieses Gedankenmodell oder Szenario ist wie jedes andere im Zusammenhang mit dem Islam eine Utopie. Die aktuelle Entwicklung zeigt ein v\u00f6llig anderes Bild mit den entsprechenden Zahlen. \u201cZuversichtlich\u201d stimmt, dass nach der Macht\u00fcbernahme durch die Muslime die Zahl derTerroranschlaege deutlich zurueckgehen wird, schon weil es den b\u00f6sen Westen als Schuldigen nicht mehr gibt, waehrend allerdings die Zahl der Steinigungen wegen Ehebruchs \u201cleicht\u201d ansteigen duerfte, von anderen Folgen, auch hierzulande zu beobachten, abgesehen.<br \/>\n6.8.2021, R.N.<\/p>\n<p><strong>&#8230; in dieser Ideologie eine Religion des Friedens sehen?<\/strong><br \/>\nDanke, dass hier nicht von islamistischen Anschl\u00e4gen geredet wird, sondern von islamischem Terror. Genau das ist es, unterf\u00fcttert und und initiiert durch Suren, Hadith und die Lebensbeispiele des Propheten. Diese Religion g\u00e4rt auch dann in Menschen, wenn sie in Frieden unter anderen Kulturen leben. In der Sprache des Mohammed sind Menschen dann im Haus des Krieges, sie d\u00fcrfen l\u00fcgen, m\u00fcssen vordergr\u00fcndig freundlich sein, d\u00fcrfen aber keine Freunde bei Ungl\u00e4ubigen haben, diese schon gar nicht als erstes gr\u00fc\u00dfen.<br \/>\nKommt die Zeit der Dominanz, bricht f\u00fcr die Gastgesellschaft eine harte Zeit an. Alles ist begr\u00fcndet in den Grundlagenwerken, aber der Deutsche kann nicht mehr lesen und Texte analysieren. Sure 2, Vers 193: \u201cUnd bek\u00e4mpfet sie, bis die Verf\u00fchrung [zum Unglauben] aufgeh\u00f6rt hat, und der Glaube an Allah da ist. \u2026\u201d<br \/>\nF\u00fcr mich unbegreiflich, dass die linksgr\u00fcn Schwadronierenden in dieser Ideologie eine Religion des Friedens sehen wollen. Frieden wird es f\u00fcr diesen Glauben nur geben, wenn alle anderen unterjocht sind. Warum sind alle Staaten krank, wenn sie diesem Joch unterliegen? Der seit \u00fcber 100 Jahren dauer-kranke Mann vom Bosporus repr\u00e4sentiert alle anderen islamischen Staaten. Ihr Wesen ist der Hass auf Ungl\u00e4ubige. Dieses Gef\u00fchl zerst\u00f6rt, erniedrigt, es baut nicht auf, er ist das gr\u00f6\u00dfte Gift der Menschheit<br \/>\n6.8.2021, F.H.<br \/>\nEnde Kommentare<\/p>\n<p>&nbsp;<\/p>\n<p>.<\/p>\n<p>&nbsp;<\/p>\n<p><strong>Terrorismus im Namen des Islam 2016 &#8211; 2020<\/strong><\/p>\n<p><a href=\"https:\/\/www.freiburg-schwarzwald.de\/blog\/wp-content\/uploads\/2020\/12\/terrorangst2016-2020.jpg\"><img loading=\"lazy\" decoding=\"async\" class=\"alignnone size-full wp-image-85454\" src=\"https:\/\/www.freiburg-schwarzwald.de\/blog\/wp-content\/uploads\/2020\/12\/terrorangst2016-2020.jpg\" alt=\"\" width=\"585\" height=\"362\" srcset=\"https:\/\/www.freiburg-schwarzwald.de\/blog\/wp-content\/uploads\/2020\/12\/terrorangst2016-2020.jpg 585w, https:\/\/www.freiburg-schwarzwald.de\/blog\/wp-content\/uploads\/2020\/12\/terrorangst2016-2020-180x111.jpg 180w\" sizes=\"auto, (max-width: 585px) 100vw, 585px\" \/><\/a>\u00a0 .<\/p>\n<p>.<\/p>\n<p><strong>Der extremistische Islam ist die gef\u00e4hrlichste Ideologie in Europa<\/strong><br \/>\nAus politischen Gr\u00fcnden wird der Zusammenhang von Terrorismus und Migration heruntergespielt. Das ist falsch. Die j\u00fcngste Welle der Attentate zeigt:<br \/>\n<em><strong>Keine Ideologie ist in Europa so gef\u00e4hrlich wie der extremistische Islam.<\/strong><\/em> Zugleich bilden Tausende von jungen Migranten und Fl\u00fcchtlingen ein Reservoir des Islamismus.<br \/>\n&#8230;.<br \/>\nDie franz\u00f6sische Politik will nach den j\u00fcngsten Anschl\u00e4gen sch\u00e4rfer gegen die unselige Trias aus Religion, Migration und Terrorismus vorgehen. In Deutschland hingegen scheut man eine h\u00e4rtere Gangart und findet daf\u00fcr einige Ausreden, deren platteste lautet, man d\u00fcrfe der AfD keinen Auftrieb geben. Im Gegenteil, nichts f\u00f6rdert Populismus mehr als Gleichg\u00fcltigkeit der etablierten Parteien.<br \/>\nVorschl\u00e4ge f\u00fcr ein konsequenteres Handeln auf europ\u00e4ischer wie nationaler Ebene liegen auf dem Tisch. Wer sie nicht aufgreift, macht sich an den n\u00e4chsten Attentaten mitschuldig.<br \/>\n&#8230; Alles vom 27.11.2020 bitte lesen auf<br \/>\n<a href=\"https:\/\/www.nzz.ch\/meinung\/der-andere-blick\/zusammenhang-von-terrorismus-und-migration-wird-heruntergespielt-ld.1588829\">https:\/\/www.nzz.ch\/meinung\/der-andere-blick\/zusammenhang-von-terrorismus-und-migration-wird-heruntergespielt-ld.1588829<\/a><\/p>\n<p>&nbsp;<\/p>\n<p><strong>Angst und Ohnmacht nach Messermorden in Dresden und Paris<\/strong><br \/>\n<em>Die Messermorde von Paris und Dresden verbreiten 1) Angst und zeigen 2) die St\u00e4rke des franz\u00f6sischen laizistischen Staates und die 3) Ohnmacht des deutschen Staates auf.<\/em><\/p>\n<p><em><strong>1) Zun\u00e4chst zur Angst.<\/strong><\/em> Der Anschlag von Paris richtete sich gezielt an den <a href=\"https:\/\/www.freiburg-schwarzwald.de\/blog\/bildung\/lehrer\/\">Lehrer<\/a> Samuel Paty, der im Unterricht Mohammed-Karrikaturen gezeigt (zuvor muslimischen Sch\u00fclern angeboten, den Raum zu verlassen) hatte. Nun werden sich Lehrer aus berechtigter Angst weigern, bei Unterrichtsthemen wie <a href=\"https:\/\/www.freiburg-schwarzwald.de\/blog\/kultur\/medien\/meinungsfreiheit\/\">Meinungs<\/a>&#8211; und Religionsfreiheit den Islam durch Quellenmaterial mit einzubeziehen. Da spendet es zwar Trost, r\u00e4umt aber die Angst nicht g\u00e4nzlich weg, wenn Pr\u00e4sident Macron beim Staatsakt sagt (dies gesamte Rede bitte <a href=\"https:\/\/www.freiburg-schwarzwald.de\/blog\/global\/france\/enthauptung\/\">hier lesen<\/a>):<br \/>\n<em>&#8222;Warum wurde Samuel also get\u00f6tet? Warum? Am Freitagabend glaubte ich zun\u00e4chst an den willk\u00fcrlichen Wahnsinn, an absurde Willk\u00fcr: ein weiteres Opfer des grundlosen Terrorismus. Schlie\u00dflich war er nicht das Hauptziel der Islamisten, er war nur ein Lehrer. Er war nicht der Feind der Religion, die sie benutzten, er hatte den Koran gelesen, er respektierte dessen Anh\u00e4nger, unabh\u00e4ngig von ihren \u00dcberzeugungen, er interessierte sich f\u00fcr die muslimische Zivilisation. Nein, im Gegenteil, Samuel Paty wurde genau wegen all dessen get\u00f6tet. Weil er die Republik verk\u00f6rperte, die jeden Tag in den Klassenzimmern wiedergeboren wird, die Freiheit, die in der Schule weitergegeben und deren Fortbestand dort sichergestellt wird.&#8220;<br \/>\n<\/em>\u00a0.<br \/>\nDer islamistische Terroranschlag von Dresden dagegen traf zwei zuf\u00e4llig vorbeikommende Passanten, Touristen aus Krefeld und K\u00f6ln. Insofern hat dieser Mord noch mehr Potential, Angst zu verbreiten, als der von Paris: Es kann jeden treffen, in der City, auf dem Gehweg, in der Shoppingmeile oder der historischen Altstadt. Das macht Angst, und zu dieser Angst schweigt &#8211; anders als in Frankreich &#8211; die polit-mediale Klasse. Hinzukommt, dass Beh\u00f6rden und Medien seit dem 4.10.2020 die Tatumst\u00e4nde verschweigen und so die Verunsicherung und auch Spekulationen der B\u00fcrger sch\u00fcren. Warum wird geschwiegen &#8211; weil es noch viel schlimmer und grausamer war?<br \/>\n.<br \/>\n<em><strong>2) Der Laizismus in Frankreich<\/strong><\/em> erkl\u00e4rt mit der <a href=\"https:\/\/www.freiburg-schwarzwald.de\/blog\/engagement\/zukunft\/demokratie\/laizismus\/\">strengen Trennung von Kirche und Staat<\/a> jede Religion zur Privatsache &#8211; Katholizismus, Buddhismus wie Islam. Dieser S\u00e4kularismus gibt dem Staat die Kraft, Forderungen des Islam in materieller (Kopftuch, Verschleierung, kein Schweinefleisch, Muezzin) wie intellektueller Hinsicht (Charlie Hebdo: Sprechen und Schreiben) abzuweisen. Und Pr\u00e4sident Macron findet hierzu deutliche Worte:<br \/>\n<em>&#8222;Wir werden die Freiheit verteidigen, die Sie so gut gelehrt haben, und wir werden den S\u00e4kularismus hochhalten. Wir werden die Karikaturen, die Zeichnungen nicht aufgeben, auch wenn sich andere zur\u00fcckziehen. Wir werden alle M\u00f6glichkeiten, die die Republik der gesamten Jugend schuldet, ohne jede Diskriminierung anbieten. Wir werden fortfahren, professeur! Mit allen Lehrern und Professoren Frankreichs werden wir unsere Geschichte, ihren Ruhm wie auch ihre Wechself\u00e4lle lehren. Wir werden Literatur, Musik, alle Werke der Seele und des Geistes entdecken lassen. Wir werden auch k\u00fcnftig mit all unserer Kraft die Debatte lieben, die vern\u00fcnftigen Argumente, die freundliche \u00dcberzeugungsarbeit. Wir werden die Wissenschaft und ihre Kontroversen lieben.&#8220;<\/em><\/p>\n<p>Staatsakt am 21.10.2020 im Elys\u00e9e \/ Paris mit der Rede von Macron:<br \/>\n<a href=\"https:\/\/youtu.be\/EDoY3wa9d8Q\">https:\/\/youtu.be\/EDoY3wa9d8Q<\/a><\/p>\n<p>.<br \/>\n<em><strong>3) In Deutschland<\/strong> <\/em>hingegen sind <a href=\"https:\/\/www.freiburg-schwarzwald.de\/blog\/religion\/kirche-staat\/\">Kirche und Staat<\/a> \u00fcber <a href=\"https:\/\/www.freiburg-schwarzwald.de\/blog\/trennung-religion-und-staat\/\">Konkordate<\/a> (teils aus dem Dritten Reich) verwoben: Der Staat treibt Kirchensteuer ein, an Schulen unterrichten vom Staat bezahlte Religionslehrer. Es ist zu erwarten, dass mit wachsender Verbreitung des Islam auch Muslime einfordern, in Schulen, Sozialeinrichtungen usw. so vertreten zu sein wie die christlichen Konfessionen &#8211; und sie werden vor Gericht aufgrund des Gleichheitsprinzips Recht erhalten. Mit der zu erwarteten rasanten Zunahme des Islam m\u00fcsste Deutschland deshalb den Laizismus einf\u00fchren: Kirchen als Vereine sowie Caritas wie Diakonie als normale GmbH bzw. AG umfirmieren.<br \/>\n.<\/p>\n<p>Deutschland ist kein s\u00e4kularer Staat &#8211; dies erkl\u00e4rt aber nur zum Teil die gezeigte Teilnahmslosigkeit der Staatsf\u00fchrung dem Messermord von Dresden gegen\u00fcber. Es ist mehr. Es ist das Fehlen von <a href=\"https:\/\/www.freiburg-schwarzwald.de\/blog\/engagement\/zukunft\/demokratie\/patriotismus\/\">Empathie dem eigenen Land<\/a> gegen\u00fcber. Der in Dresden ermordete Krefelder B\u00fcrger war zuf\u00e4llig zur falschen Zeit am falschen Ort &#8211; ein Kollateralschaden, der weder anmahnt noch zu betrauern ist.<br \/>\n.<br \/>\nDie Aussage von Pr\u00e4sident Macron vom 21.10.2020 <em>&#8222;Hier in Frankreich lieben wir unsere Nation, ihre Geographie, ihre Landschaften und ihre Geschichte, ihre Kultur und ihre Metamorphosen, ihren Geist und ihr Herz. Und wir wollen es allen unseren Kindern beibringen&#8220;<\/em> k\u00f6nnte eine Bundeskanzlerin Angela Merkel nie \u00fcber die Lippen bringen: &#8222;Hier in Deutschland lieben wir unsere <a href=\"http:\/\/nation\">Nation<\/a>,&#8230;&#8220; ist undenkbar und unsagbar.<br \/>\n.<br \/>\n<em>&#8222;Hier in Frankreich lieben wir das irdische und gleichzeitig universelle Projekt der Republik, ihre Ordnung und ihre Versprechen, jeden Tag aufs Neue zu beginnen &#8230; Lang lebe die Republik. Lang lebe Frankreich&#8220;<\/em> &#8211; auch diese Worte von Pr\u00e4sident Macron wird Pr\u00e4sident Steinmeier &#8211; auf Deutschland gem\u00fcnzt &#8211; nie wiederholen.<br \/>\nTraurig.<br \/>\n23.10.2020<\/p>\n<p>.<\/p>\n<p>&nbsp;<\/p>\n<p><strong>ZDF\u00a0nennt islamistisches Massaker auf Charlie Hebdo \u201eStreit\u201c &#8211;\u00a0und bedauert<\/strong><br \/>\nZum Jahrestag des Massakers in der Pariser Redaktion des franz\u00f6sischen Satireblatts \u201eCharlie Hebdo\u201c am 7. Januar 2011 twittert @ZDFheute:<br \/>\n&#8222;Am 7. Januar 2015 wurde #CharlieHebdo angegriffen. &#8230; das war der Streit zwischen islamischer und christlicher Welt&#8220;.<br \/>\n.<br \/>\n<em><strong>Das <a title=\"GEZ-Medien\" href=\"https:\/\/www.freiburg-schwarzwald.de\/blog\/kultur\/medien\/gez-medien\/\">zweite deutsche Fernsehen<\/a> &#8211; durch den Staatsvertrag zu objektiver und neutraler Berichterstattung verpflichtet &#8211; ordnet also einen 12-fachen Mord mit vielen Verletzten als \u201eStreit\u201c ein.<\/strong> <\/em><br \/>\nAu\u00dferdem stellt es die Behauptung auch hier eine Entgegensetzung von \u201eislamischer und christlicher Welt\u201c g\u00e4be \u2013 dabei hat ich islamisch gepr\u00e4gter Terror auch immer wieder gegen Muslime gerichtet.<br \/>\nAuf Nachfrage von &#8222;Tichys Einblick&#8220; nahm das ZDF die Entgleisung zur\u00fcck: \u201eDer Beitrag wurde wegen falsch gew\u00e4hlter Formulierungen korrigiert und mit einem entsprechenden Hinweis am Ende versehen; der Tweet wurde deswegen gel\u00f6scht&#8220; &#8211; so ZDF-Sprecher Thomas Hagedorn<br \/>\n&#8230; Alles vom 8.1.2020 bitte lesen auf<br \/>\n<a href=\"https:\/\/www.tichyseinblick.de\/daili-es-sentials\/zdf-bedauert-einordnung-islamistischer-massaker-als-streit\/\">https:\/\/www.tichyseinblick.de\/daili-es-sentials\/zdf-bedauert-einordnung-islamistischer-massaker-als-streit\/<\/a><br \/>\n.<br \/>\nKommentare:<br \/>\n<strong>Verniedlichung von Gewalt durch Islamisten, Migranten und sonstigen<\/strong>\u00a0im ZDF<br \/>\nAlles Petitessen gemessen an dem was uns noch erwartet. Verniedlichung von Gewalt durch Islamisten, Migranten und sonstigen die sich hier unerlaubt im Land aufhalten. Verniedlichung von Gewalt von Linksfaschisten mit der Speerspitze Antifa die als Aktivisten bezeichnet werden. Daf\u00fcr aufblasen von angeblicher rechter Gewalt wo immer von rechtsextremen gewaltbereite Gruppen die Rede ist. Friedliche Demonstranten werden als rechts oder rechtsextrem betitelt und und und. Aber das gr\u00f6\u00dfte Schauspiel der Volksverarsche kommt erst noch. Man mu\u00df dem Dummb\u00fcrger die Beitragserh\u00f6hungen schmackhaft machen. Es wird eine Kampagne geben an der ist das jetztige Gehetze gegen Rechts ein laues L\u00fcftchen. Die Geb\u00fchrenerh\u00f6hung wird begr\u00fcndet durch den Kampf gegen Rechts und wer die Erh\u00f6hungen, die doch daf\u00fcr n\u00f6tig sind sonst ist unsere Demokratie in Gefahr, ablehnt ist ein Rechter. Wir werden eine riesige Hetzkampagne gegen die AfD erleben und jeden der auch nur den Hauch einer Kritik \u00e4u\u00dfert. Wie sagte vor Jahren mal ein Moderator einer fiktiven Talkshow immer? Wir werden es erleben!!<br \/>\n8.1.2020,<br \/>\n.<br \/>\n<strong>Mitglieder des ZDF Fernsehrates und WDR Rundfunkrates<\/strong><br \/>\nNur mal so zur Leser Info: Die Mitglieder des ZDF Fernsehrates und die diese entsendenden Organisationen:<br \/>\n<a href=\"https:\/\/www.zdf.de\/zdfunternehmen\/zdf-fernsehrat-mitglieder-entsendende-organisationen-100.html\">https:\/\/www.zdf.de\/zdfunternehmen\/zdf-fernsehrat-mitglieder-entsendende-organisationen-100.html<\/a><br \/>\nUnd selbiges f\u00fcr den WDR Rundfunkrat:<br \/>\n<a href=\"https:\/\/www1.wdr.de\/unternehmen\/rundfunkrat\/rundfunkrat-mitglieder-108.html\">https:\/\/www1.wdr.de\/unternehmen\/rundfunkrat\/rundfunkrat-mitglieder-108.html<\/a><br \/>\nLauter H\u00e4uptlinge und keine Indianer \u2026<br \/>\n8.1.2020, D.K.,<br \/>\n.<br \/>\n<strong>Charlie Hebdo war nur Streit<\/strong><br \/>\nWenn man auf der folgenden www runterscrollt, findet man Kontaktadressen, an die man fast m\u00fchelos die aus <a href=\"https:\/\/hallo-meinung.de\/\">https:\/\/hallo-meinung.de\/<\/a> kopierten und personalisieren Vorlagen einf\u00fcgen kann: <a href=\"https:\/\/www.rundfunkbeitrag.de\/\">https:\/\/www.rundfunkbeitrag.de\/<\/a> Dabei wird die eigene mail-Adresse nicht abgefragt, so dass Antwort portopflichtig per Post \u00fcbersandt werden muss. Gut soll auch kommen, einen Kleinstteil der Zwangsabgabe in bar nach K\u00f6ln zu schicken. Einer soll das gar in \u201eFremdw\u00e4hrung\u201c gemacht haben.<br \/>\n8.1.2020, Ka<\/p>\n<p>&nbsp;<\/p>\n<p>&nbsp;<\/p>\n<p><strong>Islam: Stille Eroberung statt Terror<\/strong><\/p>\n<p>Die Eroberung Europas durch den politischen Islam ist eine &#8222;stille Eroberung\u201c, warnt der &#8222;syrische Fl\u00fcchtling&#8220; Zvi Jecheskeli (47). Terroranschl\u00e4ge Einzelner sind weniger effektiv und lenken ab gegen\u00fcber der Mitarbeit von Muslimen bei Polizei, Lehrerschaft, Kita, Sozialarbeit, Verwaltungsbeh\u00f6rden, Bundeswehr, Krankenhaus. Still &#8211; vom Kindergarten bis zum Seniorenheim.<br \/>\nDie Mehrheit der friedlichen Moslems begehren nicht auf, weil sie Angst vor den radikalen Moslems h\u00e4tten &#8211; den Terrorbereiten wie den Stillen. Die Deutschen lassen sich still erobern, auch weil sie nicht die wahren Motive der Moslems verstehen w\u00fcrden. Deren Einstellung sei laut Jecheskeli n\u00e4mlich: \u201eDu hilfst mir, damit ich eines Tages die Kontrolle \u00fcber dich erlangen kann.\u201c<br \/>\n21.2.2018<br \/>\n<strong>Stille Eroberung Europas durch den Islam<\/strong><br \/>\nDer israelische Journalist Zvi Jecheskeli hat unter Lebensgefahr gezeigt, wie man zum &#8222;syrischen Fl\u00fcchtling&#8220; werden und Zugang nach Deutschland erlangen kann. Und was die wachsende islamistische Gemeinde in Europa langfristig vorhaben k\u00f6nnte.<br \/>\nEin Israeli mit einem perfekt gef\u00e4lschten syrischen Pass;<br \/>\ndeutsche Sozialarbeiter (mitarabischen Wurzeln), die beim Erlangen des Fl\u00fcchtlingsstatus mehr als behilflich sind, ja Tipps geben, wie man die deutschen Beh\u00f6rden \u00fcbers Ohr hauen kann;<br \/>\nislamische Prediger, die die &#8222;gewaltlose Unterwanderung Europas&#8220; forcieren;<br \/>\nmuslimische Migranten, die von Anfang an keine Lust haben, sich zu &#8222;integrieren&#8220;, wie man in Europa sagt und es zumindest gerne sehen w\u00fcrde:<br \/>\nDas und anderes sind Elemente einer unerh\u00f6rten Geschichte, die der bekannte israelische TV-Journalist Zvi Jecheskeli teils unter Einsatz seines Lebens f\u00fcr seine Serie \u00fcber die arabische Welt, die seit Jahren vom israelischen Sender &#8222;Channel 10&#8220; ausgestrahlt wird, recherchiert hat. Und bei der in Europa die Alarmglocken schrillen m\u00fcssen&#8230;.<br \/>\nAlles vom 16.2.2018 bitte lesen auf<br \/>\n<a href=\"https:\/\/diepresse.com\/home\/ausland\/5372362\/Wie-leicht-sich-Islamisten-nach-Europa-einschleichen\">https:\/\/diepresse.com\/home\/ausland\/5372362\/Wie-leicht-sich-Islamisten-nach-Europa-einschleichen<\/a><br \/>\n.<br \/>\n<strong>DER IS jetzt in Europa<\/strong><br \/>\nAuf die Frage eines europ\u00e4ischen Journalisten, ob die Kurden europ\u00e4ische Hilfe brauchen, meinte ein kurdisch-st\u00e4mmiger General :<br \/>\n&#8222;Wir brauchen keine Hilfe, der IS ist fast vollst\u00e4ndig vertrieben, Europa wird sehr bald selbst Hilfe brauchen, denn den IS, den wir vertrieben haben, der lebt jetzt in Europa&#8220;<br \/>\n16.2.2018, Meier717, DPO<br \/>\n.<\/p>\n<p><strong>Da&#8217;wa &#8211; eine stille Eroberung<\/strong><br \/>\nEr will dem israelischen Publikum zeigen, wie sehr die europ\u00e4ischen L\u00e4nder, in denen sie so gerne ihren Urlaub verbringen, dabei sind, sich zu ver\u00e4ndern. \u201eDie Eroberung Europas durch den politischen Islam ist eine stille Eroberung\u201c, warnt er. Wie weit sie fortgeschritten ist, beweisen die versteckten Aufnahmen, die Jecheskeli, dessen Familie aus dem Irak nach Israel einwanderte, in Berlin machen konnte. Es beginnt in der Erstaufnahmeeinrichtung in Tempelhof. Er habe Angst gehabt, aufzufliegen und kurz darauf in einem deutschen Gef\u00e4ngnis zu sitzen, als er seinen gef\u00e4lschten syrischen Pa\u00df vorlegt, bekennt er sp\u00e4ter vor der Kamera. Stattdessen die \u00dcberraschung. Sein Sachbearbeiter ist ein aus Gaza ausgewanderter Pal\u00e4stinenser mit deutschem Pa\u00df. Der w\u00fcnscht ihm nicht nur \u201emit Allahs Hilfe ein neues islamisches Leben in Deutschland\u201c f\u00fchren zu k\u00f6nnen, sondern gibt auch selbst Hilfestellung. Auf die Frage Jecheskelis, wann er denn seine Frau und Kinder aus Syrien nachholen k\u00f6nne, meint der mit deutschen Steuergeldern bezahlte Asylentscheider: Eigentlich m\u00fcsse er drei Jahre warten, aber man kriege das schon hin.<br \/>\n&#8230;<br \/>\nSeine Warnung: Die gr\u00f6\u00dfte Gefahr f\u00fcr Deutschland gehe nicht von Anschl\u00e4gen aus, sondern von dem islamischen Konzept der Da\u2019wa. Eine schleichende mit politischen Herrschaftsanspr\u00fcchen einhergehende Missionierung, wie sie etwa Michel Houellebecq in seinem Roman \u201eUnterwerfung\u201c skizziert. \u201eDa\u2019wa ist besser als Anschl\u00e4ge\u201c, versichern Jecheskeli auch weitere Gespr\u00e4chspartner auf den Stra\u00dfen Neuk\u00f6llns.<br \/>\nWelche Dimension die \u201estille Eroberung\u201c noch annehmen kann, verdeutlichen die Gespr\u00e4che, die der Journalist in Fl\u00fcchtlingsunterk\u00fcnften in der T\u00fcrkei gef\u00fchrt hat. Schon kleine syrische Kinder erz\u00e4hlen ihm dort, sie wollten nach Deutschland, weil sie geh\u00f6rt h\u00e4tten, da\u00df es dort viele Moscheen gebe. In Interviews des Senders zu seiner Serie mit dem Namen \u201eUnter falscher Identit\u00e4t\u201c gibt sich Jecheskeli bez\u00fcglich Europas Zukunft wenig optimistisch. Die Moslems, mit denen er in Europa \u2013 neben Berlin war Frankreich ein Hauptfokus seiner Recherchen \u2013 gesprochen habe, h\u00e4tten ihm ganz offen gesagt, da\u00df sie ein Kalifat und einen Scharia-Staat anstrebten.<br \/>\n&#8230; Alles vom 16.2.2018 bitte lesen auf<br \/>\n<a href=\"https:\/\/jungefreiheit.de\/kultur\/gesellschaft\/2018\/eine-stille-eroberung\/\">https:\/\/jungefreiheit.de\/kultur\/gesellschaft\/2018\/eine-stille-eroberung\/<\/a><br \/>\n.<br \/>\n<strong>Scharia statt Maria ?<\/strong><br \/>\nDie Islamisierung Deutschlands und Europas ist in vollem Gange. Mit gummiartigen Vorfulierungen \u00fcber Obergrenze und Familiennachzug I u. II kann die designierte neue GROKO in den n\u00e4chsten 4 Jahren locker 1,5 Millionen Muslime aus Pakistan, Afghanistan, Irak, Syrien und Afrika nach Deutschland holen. Innerhalb der n\u00e4chsten 4 Jahre m\u00fcsste dann die GROKO drei muslimische St\u00e4dte in der Gr\u00f6\u00dfenordnung von Leipzig oder N\u00fcrnberg bauen.<br \/>\nIndes schleicht sich die Islamisierung immer mehr in die Schulen, Schwimmb\u00e4der, Gerichte ein und will &#8222;Scharia-Polizei&#8220; spielen. Da diese Ausweitung von der aktuellen Exekutiven gut gesch\u00fctzt und flankiert wird, muss man davon ausgehen, dass eine Art von SCHARIA-SOZIALISMUS geplant wird, womit die bisherige deutsch-europ\u00e4ische Kultur &#8222;vom Platz gefegt wird&#8220;.<br \/>\nUm diese Entwicklung zu stoppen, braucht Deutschland wieder &#8222;Ritter&#8220; in Geist und Tat, die &#8222;einen Schild&#8220; gegen die schleichende islamische Invasion bilden.<br \/>\n16.2.2018, Wilfgang Lammert, , JO<\/p>\n<p>Um es nochmals auf den Punkt zu bringen: Der Sirup, den wir Europ\u00e4er in nicht suizidaler Absicht, aber mit der Folge des kollektiven Suizids, uns selber einfl\u00f6\u00dfen tr\u00e4gt die Aufschrift \u201eS\u00fc\u00dfe Barmherzigkeit\u201c.<br \/>\nDieser irre Wahn ist der solit\u00e4re Rest des Christentums, den auch Agnostiker und wilde Atheisten begeistert unter das Volk bringen.<br \/>\nJeder will den grenzenlos barmherzigen Samariter spielen, die meisten mit dem Geld der anderen. Aber zu viele der \u201eGeretteten\u201c kennen nur den Dank der Schlange: \u201eIch habe dir Dank versprochen. Du darfst w\u00e4hlen, wohin ich die bei\u00dfen werde!\u201c<br \/>\nEs ist irre!<br \/>\n16.2.2018, K.Twiel, JO<\/p>\n<p><strong><a title=\"Buergerkrieg\" href=\"https:\/\/www.freiburg-schwarzwald.de\/blog\/global\/deutschland\/buergerkrieg\/\">B\u00fcrgerkrieg<\/a>, falls Islamisierung nicht gestoppt wird<\/strong><br \/>\nUnumkehrbar anhalte ich den gegenw\u00e4rtigen Islamisierungsprozess noch lange nicht, jedoch arbeitet die Zeit gegen die Deutsche Nation und wird das Zeitfenster, dieser durch die Politik forcierten Entwicklung immer kleiner. Ein politischer Paradigmenwechsel, der friedlich abl\u00e4uft, muss also schon sehr zeitnah in den n\u00e4chsten Jahren stattfinden. Frau Merkel glaubt, diesen Islamisierungsprozess innerhalb der n\u00e4chsten vier Jahre unumkehrbar machen zu k\u00f6nnen. Gelingt uns also die politische Wende innerhalb der n\u00e4chsten Jahre nicht, dann wird ein sehr blutiger B\u00fcrgerkrieg immer wahrscheinlicher.<br \/>\nDenn ohne Gewalt wird sich diese zerst\u00f6rerische Fehlentwicklung dann wohl nicht mehr korrigieren lassen. Mit Demokratie und Freiheit hat der Islam genauso wenig im Sinn wie der Sozialismus und Kommunismus. Diese Ideologien bevorzugen nun einmal den Totalitarismus.<br \/>\n16.2.2018, ErwinDerQuerdenker, JO<\/p>\n<p>&nbsp;<\/p>\n<p>.<\/p>\n<p><strong>Nach dem Manchester-Terroranschlag: Der Islam hat ab sofort Hausarrest<\/strong><br \/>\nWieder ein Anschlag, wieder Tote und Verletzte, wieder betroffene Politiker und eine Netzgemeinde, die sich beim Kondolieren gegenseitig \u00fcberbietet. Ich bin es leid. &#8230;<br \/>\nAuf jeden islamistischen Terroranschlag folgen dieselben \u00dcbungen von muslimischen Verb\u00e4nden und Einfl\u00fcsterern, die nichts unversucht lassen, die Tat als Missbrauch ihrer sonst friedlichen Religion hinzustellen und den Islam als das eigentliche Opfer zu sehen. Damit muss endlich Schluss sein. Ich behaupte, es kann keine Integration des Islam in die westliche Welt geben. Der Islam geh\u00f6rt auch nicht zu Deutschland, Herr Wulff. Der Islam hat ab sofort Hausarrest, weil er sich als destruktiv, r\u00fcckschrittlich und nicht reformierbar erwiesen hat. Er kann diesen Hausarrest in den Moscheen verbringen oder bei den Gl\u00e4ubigen zu Hause \u2013 aber wer vor die T\u00fcr oder den Eingang seiner Moschee auf die Stra\u00dfe tritt, muss den Islam dort lassen. Es ist kein Platz f\u00fcr ihn auf unseren Stra\u00dfen, in unseren Theatern, Stadien und Caf\u00e9s, dort wollen wir Menschen begegnen, nicht Muslimen. Deshalb m\u00fcssen die Dschellaba, der Tschador oder das Kopftuch ab sofort zuhause bleiben, beim Islam, der dort wohnt. Hier drau\u00dfen bei uns hei\u00dfen wir Menschen willkommen, nicht ihre Religionen.<br \/>\n&#8230;..<br \/>\nUnd an alle Menschen, die wir ab morgen hoffentlich als Rheinl\u00e4nder, T\u00fcrken, Schwaben oder Tunesier bei uns begr\u00fc\u00dfen k\u00f6nnen, statt sie stets als gekr\u00e4nkte, beleidigte und zornige Muslime ertragen zu m\u00fcssen: Ihr m\u00fcsst eure Religion nicht reformieren, wenn ihr das nicht hinbekommt. Aber unsere Geduld mit eurer Religion ist am Ende und wir sind nicht mehr bereit, sie zu ertragen, denn sie vergreift sich in der \u00d6ffentlichkeit zu oft an andersdenkenden Menschen und der Politik und stellt dort Forderungen, die uns auf Dauer zu euren Sklaven machen w\u00fcrden. Das k\u00f6nnen wir in unserem Land, in dem Religion und Staat voneinander getrennt sein m\u00fcssen, nicht dulden. L\u00f6st eure Islamverb\u00e4nde auf, die s\u00e4mtlich fremdgesteuert sind und nicht zum Wohl der Menschen arbeiten und deren Einfl\u00fcsterungen euch nur von uns trennen sollen. L\u00f6st euch aus eurer Opferrolle, denn ihr seid auch T\u00e4ter. H\u00f6rt auf, den Westen f\u00fcr jedes Unrecht verantwortlich zu machen, das euch geschieht oder von dem ihr glaubt, es sei euch einst geschehen. F\u00fcr das gegenseitige Aufrechnen der Geschichte w\u00fcrden wir zu lange brauchen und die Rechnung ginge auch nicht unbedingt gut f\u00fcr euch aus, glaubt mir. Deshalb unser Angebot: Geschenkt! Uns interessiert die Gegenwart und in der wird die Mehrzahl eurer Glaubensbr\u00fcder schlie\u00dflich immer noch von jenen get\u00f6tet, die sich wie ihr auf den Islam berufen. Also h\u00f6rt auf zu jammern! Und h\u00f6rt endlich auf, von der gro\u00dfen allumfassenden Umma zu tr\u00e4umen und schafft stattdessen Platz in Euren K\u00f6pfen f\u00fcr Individualit\u00e4t. Seid Menschen, keine Borg! Denkt selbst. Am besten, nachdem ihr Haus oder Moschee verlassen habt. &#8230;.<br \/>\nAlles von Roger Letsch vom 24.5.1017 bitte lesen auf<br \/>\n<a href=\"https:\/\/www.achgut.com\/artikel\/wir_wissen_doch_wer_uns_jagt\">https:\/\/www.achgut.com\/artikel\/wir_wissen_doch_wer_uns_jagt<\/a><br \/>\noder auf seinem Blog<br \/>\n<a href=\"https:\/\/unbesorgt.de\/22-60\/\">https:\/\/unbesorgt.de\/22-60\/<\/a><\/p>\n<p><strong>Ruud Koopmans<\/strong><br \/>\n&#8222;Wenn 10% zuwandern und 90% schon da sind, dann sind die 10% gehalten, sich anzupassen (Stichworte: Burka, Handschlag, Geschlechtergerechtigkeit) &#8211; die Kultur der Mehrheit gilt.&#8220; Ruud Koopmans, Autor des Buchs &#8222;Assimilation oder Multkultarismus&#8220;<\/p>\n<p><strong>Sch\u00e4uble bleibt bei der Fl\u00fcchtlings-Lawine<\/strong><br \/>\nBundesfinanzminister Wolfgang Sch\u00e4uble (CDU) hat den Verlauf der Fl\u00fcchtlingskrise 2015 abermals mit einer Lawine verglichen. \u201eIch habe auf das Ph\u00e4nomen der Lawine hingewiesen: Du kannst Entwicklungen ausl\u00f6sen, die klein beginnen und am Ende nicht mehr beherrschbar sind&#8220; &#8230; Sch\u00e4uble hatte auf dem H\u00f6hepunkt der Fl\u00fcchtlingskrise im November 2015 gesagt: \u201eLawinen kann man ausl\u00f6sen, wenn irgendein etwas unvorsichtiger Skifahrer an den Hang geht und ein bisschen Schnee bewegt.\u201c&#8230;. Alles vom 20.5.2017 bitte lesen auf<br \/>\nhttps:\/\/www.faz.net\/aktuell\/wirtschaft\/wirtschaftspolitik\/f-a-s-exklusiv-schaeuble-bekraeftigt-vergleich-von-fluechtlingen-mit-lawine-15025291.html<\/p>\n<p><strong>W\u00fctend &#8211; was denn sonst?<\/strong><br \/>\nJeder weitere Anschlag macht mich nur noch w\u00fctender \u2013 auf diese barbarischen Terroristen, aber auch auf unsere Politiker, denen nichts Besseres einf\u00e4llt, als wegen irgendwelcher Hassbotschaften im Internet unsere Freiheitsrechte zu beschneiden. Ganz so, als sei unsere Wut auf diese Schl\u00e4chter das Problem, als seien wir das Problem. Wenn Menschen nach der Ermordung von 20 Jugendlichen auf einem Pop-Konzert nicht w\u00fctend und auch hasserf\u00fcllt sind, wann denn dann? Es ist kein Verbrechen, diese Terroristen zu hassen! Ich kann es nicht mehr h\u00f6ren, wenn Politiker bei jedem Anschlag ihre Fassungslosigkeit beteuern. Wir brauchen endlich mutige und auch w\u00fctende Strategien gegen den Terror und keine \u00fcberforderten Angstprediger oder Anpassler. Der Einsatz f\u00fcr unsere Freiheit muss hier, jetzt und heute beginnen. Doch mit Politikern, die lieber uns den Mund verbieten als sich den Feinden der Freiheit entgegenzustellen, wird das wohl nix werden \u2026<br \/>\nAlles von Matthias Heitmann vom 26.5.2017 bitte lesen auf<br \/>\n<a href=\"https:\/\/www.achgut.com\/artikel\/der_wochenwahnsinn_auf_gehts\">https:\/\/www.achgut.com\/artikel\/der_wochenwahnsinn_auf_gehts<\/a><\/p>\n<p>&nbsp;<\/p>\n<p><strong>T\u00f6dlicher Messerangriff wegen &#8222;mentaler Probleme&#8220;<\/strong><br \/>\nEin 19-J\u00e4hriger (norwegische Staatsb\u00fcrger mit somalischen Wurzeln) hat in London sechs Menschen mit einem Messer attackiert: Eine US-Amerikanerin starb, f\u00fcnf Menschen wurden verletzt. &#8230;<br \/>\nAlles vom 4.8.2016 bitte lesen auf<br \/>\n<a href=\"https:\/\/www.welt.de\/vermischtes\/article157480209\/Toedlicher-Messerangriff-wegen-mentaler-Probleme.html\">https:\/\/www.welt.de\/vermischtes\/article157480209\/Toedlicher-Messerangriff-wegen-mentaler-Probleme.html<br \/>\n<\/a>\u00a0 \u00a0.<br \/>\n<strong>Alle M\u00f6rder haben mentale Probleme<\/strong><br \/>\nAus meiner Sicht haben alle Terroristen, Morder, Amokl\u00e4ufer etc mentale Probleme. Warum da so ein Wirbel dar\u00fcber gemacht wird will ich nicht verstehen. Die Opfer dieser Taten wird es wenig interessieren aus welchem Grund sie Opfer wurden. Die Gr\u00fcnde aller dieser Taten sollten versucht werden zu verhindern und wir sollten nicht bei jeder dieser abscheulichen Taten als erstes eine Definition der mentalen Zust\u00e4nde der T\u00e4ter suchen.<br \/>\n4.8.2016<br \/>\n.<br \/>\n<strong>Political Correctness zum Verstecken der eigenen L\u00fcgen<\/strong><br \/>\nWer seine eigenen politischen Lebensluegen immer nur hinter <a title=\"Political-Correctness\" href=\"https:\/\/www.freiburg-schwarzwald.de\/blog\/kultur\/medien\/political-correctness\/\">politisch korrekten<\/a> Hilfsargumentationen versteckt, um den Problemen nicht begegnen zu muessen, der gewinnt in Europa und in den USA keine Wahlen mehr.<br \/>\nTorsten Krause, WO<\/p>\n<p><strong>Wenn mich als Kind eine Wespe gestochen hat &#8230;<\/strong><br \/>\nMentale Probleme (hatte der 19j\u00e4hrige Norweger mit somalischen Wurzeln), nat\u00fcrlich. Es h\u00e4tte ja auch niemand einen anderen Tathintergrund f\u00fcr m\u00f6glich gehalten. Wie k\u00e4me man \u00fcberhaupt darauf. Wenn mich als Kind eine Wespe gestochen hat habe ich mir vorsorglich auch immer eingebildet, das der Schmerz nat\u00fcrlich nicht von deren Stachel kam. Ich wollte ja keine Phobie gegen Wespen entwickel. Hat aber irgendwie nicht geholfen, vermutlich weil ich &#8222;menthal&#8220; doch immer die Wahrheit vorziehe.<br \/>\nBitter, 4.8.2016<br \/>\n.<br \/>\n<strong>Ausnahmezustand wegen psychisch Kranken ausrufen?<\/strong><br \/>\nIn Frankreich hat man Ausnahmezustand wegen des Terrors eingef\u00fchrt. In anderen L\u00e4ndern (wie Gro\u00dfbritannien) droht ein Ausnahmezustand wegen der psychisch Kranken.<br \/>\nHerbert, 4.8.2016<br \/>\n&#8230;<br \/>\n<strong>Warum keine Furcht vor Generalverdacht gegen Norweger, wohl aber gegen Somalier?<\/strong><br \/>\nEin Fakt ist, dass die Tat genau dort stattfand, wo am 7.7. 2005 in London bereits eine Bombe hochging. Der 2. Fakt ist, dass in Somalia laut Wikipedia die Bev\u00f6lkerung zu nahezu 100% sunnitische Moslems sind. Daher ist davon auszugehen, dass auch dieser Norweger mit somalischer Abstammung ein Moslem ist. Ich werte nicht, ich beschreibe zus\u00e4tzliche Fakten, und das muss erlaubt sein.<br \/>\nBirte, 4.8.2016<\/p>\n<p>&nbsp;<\/p>\n<p><strong>Islam-Gewalt verhindert Integration<\/strong><br \/>\nWenn auf jede Gewalttat &#8211; ob Terroranschlag oder Alltags\u00fcbergriff &#8211; nach mehr Integration, mehr Fl\u00fcchtlingshilfen, mehr Toleranz, mehr Bruch mit eigenen Traditionen, mehr Polizei, mehr Selbstkritik, mehr offene Grenzen, mehr Anpassung an den Islam, mehr Verzicht auf individuelle Freiheiten und mehr Tabuthemen geantwortet wird, dann lassen wir uns schlicht erpressen und setzen eine ungute Entwicklung in Gang. Wir brauchen eine ehrliche Diskussionskultur, zum Beispiel auch zu folgenden f\u00fcnf Meinungen:<br \/>\n(1) Ohne Islam g\u00e4be es in D kein Problem des wachsenden Terrors<br \/>\n(2) Integration ist Bringschuld der Migranten: Wer sich integrieren will in D, der schafft es auch<br \/>\n(3) Muslime m\u00fcssen sich vom Islam emanzipieren, sonst mi\u00dflingt Integration<br \/>\n(4) Der Normalb\u00fcrger ist nicht f\u00fcr Unsicherheit, Gewalt und NoGo-Areas verantwortlich<br \/>\n(5) Das Hauptproblem ist nicht die rechte Gewalt der Biodeutschen, sondern die der Muslime.<\/p>\n<p>Mit ihrem jugendlich-aufrichtigen Schreibstil gelingt es der jungen Bloggerin Anabel Schunke, zu so delikaten Begriffen wie Heimat, Freiheit, \u00dcberfremdung und Sicherheit Stellung zu nehmen. Sie argumentiert nicht kategorienorientiert &#8222;rechts&#8220; oder &#8222;links&#8220;, sondern schlicht aus der eigenen Betroffenheit als junge Frau und Model heraus &#8211; sehr direkt und echt. Dies zeigen auch die unten wiedergegebenen Zitate zu den Punkten (1)-(5):<\/p>\n<p><em>(1) Ohne Islam g\u00e4be es in D kein Problem des wachsenden Terrors<\/em><br \/>\nDie gro\u00dfe Mehrheit bleibt jedoch nach wie vor jene Gruppe von Jugendlichen mit Migrationshintergrund, die immer schon in dieser Parallelgesellschaft gelebt haben. Deren Familien, Eltern ihnen die Abneigung gegen\u00fcber dem Westen, uns Deutschen und anderen Europ\u00e4ern, wenngleich auch vielleicht nicht in identischer Intensit\u00e4t, in die Wiege gelegt haben. Sie sind und bleiben diejenigen, die am Empf\u00e4nglichsten f\u00fcr den politischen Islam, f\u00fcr die radikalen Str\u00f6mungen bis hin zum IS sind. Dies f\u00fchrt zwangsl\u00e4ufig zu der Erkenntnis, dass es ohne den Islam, als stetig an Einfluss gewinnender Religion (oder viel eher politischer Ideologie), in unserer Gesellschaft das Problem des wachsenden Terrors, wie wir in jetzt erleben, nicht geben w\u00fcrde.<br \/>\n.<br \/>\n<em>(2) Integration ist Bringschuld der Migranten: Wer sich integrieren will in D, der schafft es auch<\/em><br \/>\nNun k\u00f6nnte man, wie es oft getan wird, sagen, dass sich jetzt einfach r\u00e4cht, was wir \u00fcber Jahrzehnte vers\u00e4umt haben. Dass man die Menschen nie richtig integriert hat. Ein Satz, der die Bringschuld stets bei der Mehrheitsgesellschaft verortet und die Einwanderer zu passiven Empf\u00e4ngern eines Integrationsservices macht, den es eben gibt oder nicht. Was bei dieser Art der Argumentation stets vergessen wird, ist der hinl\u00e4nglich bekannte Umstand, dass Integration keine Einbahnstra\u00dfe ist, dass es sich bei ihr ferner vielmehr um eine Bringschuld des Einwanderers handelt.<br \/>\n.<br \/>\n<em>(3) Muslime m\u00fcssen sich vom Islam emanzipieren, sonst mi\u00dflingt Integration<\/em><br \/>\nEntscheidend hierf\u00fcr ist jedoch das Ma\u00df an Emanzipation von der eigenen Religion, die insbesondere beim Islam den entscheidenden Faktor f\u00fcr den Erfolg in einer westlichen Gesellschaft darstellt. Diese Emanzipation bis hin zur Abkehr kann niemand f\u00fcr die Einwanderer leisten au\u00dfer sie selbst.<br \/>\nDer Islam separiert die Muslime von der Mehrheitsgesellschaft. In dem Ma\u00dfe, in dem Muslime, \u00e4hnlich wie die meisten Christen hierzulande, ihre Religion nicht mehr wirklich ernst nehmen, sich von ihr emanzipieren oder sie zumindest kategorisch zur Privatsache erkl\u00e4rt haben, in dem Ma\u00dfe sind sie imstande, sich erfolgreich in diese Gesellschaft zu integrieren und auch Erfolg in ihr zu haben. Mangelnde Integration und daraus resultierende Gefahren der Radikalisierung, Parallelgesellschaften, Perspektivlosigkeit haben ihre Ursache demnach nicht in erster Linie in einem etwaigen Versagen des deutschen Staates oder gar bei den Deutschen selber. Sie haben ihren Ursprung im Islam.<br \/>\n.<br \/>\n<em>(4) Der Normalb\u00fcrger ist nicht f\u00fcr Unsicherheit, Gewalt und NoGo-Areas verantwortlich<\/em><br \/>\nInsofern werde ich mich jetzt auch nicht einfach an eine allgegenw\u00e4rtige Terrorbedrohung oder an \u00fcbergriffige Asylbewerber gew\u00f6hnen. Ich werde mir nicht einreden lassen, ich m\u00fcsse irgendwelche Leute, die sich oft gar nicht integrieren wollen, besser in meine Heimat integrieren. Ich lasse nicht mich nicht erst von solch fundamentalen Entscheidungen wie der vollkommenen \u00d6ffnung der Grenzen f\u00fcr jeden Immigranten ausschlie\u00dfen und dann daf\u00fcr verantwortlich machen, dass ich mich all diesen Leuten unterordnen soll, damit sie sich bitte bitte nicht radikalisieren.<br \/>\n.<br \/>\n<em>(5) Das Hauptproblem ist weniger die rechte Gewalt der Biodeutschen, sondern die der Muslime<\/em><br \/>\n&#8230;. Nein, diese Gesellschaft hat kein Problem mit \u201cNazis\u201d, mit \u201ebiodeutschen\u201c Querulanten, die ihre politisch inkorrekte Meinung sagen oder schlicht mit einem \u201cPack\u201d. Sie hat ein Problem mit dem Islam und all jenen, die sich davon nicht emanzipiert haben. Soll es besser und nicht weiter schlechter werden, muss man sich dahingehend ehrlich machen. Ein Kampf gegen muslimischen Hatespeech im Internet, gegen antisemitische Demos auf unseren Stra\u00dfen und vor allem eine kontrollierte Asylpolitik w\u00e4ren ein Anfang. &#8230;.<br \/>\nAlles von Anabel Schunke vom 25.7.2016 bitte lesen auf<br \/>\n<a href=\"https:\/\/www.rolandtichy.de\/meinungen\/ahmad-mansour-ueber-den-hass-vieler-jugendlicher\/\">https:\/\/www.rolandtichy.de\/meinungen\/ahmad-mansour-ueber-den-hass-vieler-jugendlicher\/<\/a><\/p>\n<p><strong>&#8222;Wei\u00dfer Mann&#8220; als falsches Feindbild Feminismus<\/strong><br \/>\nIch wei\u00df sie sind \u00fcberzeugte Feministin, damit habe ich erst mal kein Problem. Jedem seine \u00dcberzeugung, solange sie keinem anderen schadet. Doch meiner Ansicht tr\u00e4gt gerade dieser Feminismus einen B\u00e4renanteil zur Bewegungslosigkeit unserer Gesellschaft bei. Der Kampf gegen Sexismus, gegen Hate-Speech, gegen Rassismus und gegen sexuelle Unterdr\u00fcckung wird letztendlich als Kampf gegen den \u201cwei\u00dfen Mann\u201d propagiert. Ich bin der Ansicht ihrer Forderung nach Restriktion wird auch in Zukunft nicht nachgegangen werden k\u00f6nnen, solange sich auch der Moderne Feminismus nicht von seinen Fesseln eines falschen Feindbildes wird l\u00f6sen k\u00f6nnen. Der gelebte Feminismus heutzutage degeneriert ebenfalls in seiner R\u00fcckw\u00e4rtsgewandheit und leistet leider keinen Anteil zur Aufkl\u00e4rung der Gesellschaft, ebensowenig wie eine nicht aufkl\u00e4rbare Religion.<br \/>\nLeonhard, 25.72016<\/p>\n<p><strong>Das Hauptproblem ist weniger die rechte, sondern die linke Gewalt der Biodeutschen<\/strong><br \/>\nDies zeigt sich besonders am linken Feminismus in Deutschland: Dieser schweigt zu linken Krawallen wie zuletzt in Berlin und Leipzig ebenso wie zu rechter Gewalt, sofern sie von Migranten aus dem islamischen Kulturkreis ausge\u00fcbt wird: Gewalt gegen Frauen (deutsche Schlampen als Freiwild) und Antisemitismus (Ur-Feind der Araber und Iraner).<br \/>\nE.Kaiser, 27.7.2016<\/p>\n<p>Ein Anfang w\u00e4re: Da der Islam mit seinen Richtungen, der Koran mit seiner Scharia politisch wirkt, m\u00fcssen die Regierungen der L\u00e4nder Europas einschreiten.\u00a0Islamwissenschaftler m\u00fcssen von den Regierungen bestellt werden, zur Bildung eines EURO-Islams. Das Weglassen der Scharia und andere mit den L\u00e4ndergesetzen nicht kompatible Bestandteile des Korans samt Deutungen m\u00fcssen zu unsrem Europa in die jetzige Zeit passen. Nichts anderes machen ja auch die wirklich integrierten (assimilierten) Muslime, die das Wort Allahs nach ihrem Gustus leben durch Weglassen von archaischen Lebensvorschriften.<br \/>\nDen Shitstorm der Muslimgesellschaften, der sie bezahlenden L\u00e4nder, der wahren Gl\u00e4ubigen, der ewig gestrigen Linksgesellschaft muss die handelnde Politik aushalten. Sie muss das Heft in der Hand halten.<br \/>\nAlle die meinen, der Glaube regiert Europa, d\u00fcrfen daf\u00fcr gerne in ihre Heimatmoschee zur\u00fcck.<br \/>\nWo sind die Politikentscheider? Bitte \u00fcbernehmen. Sonst \u00fcbernehmen andere!<br \/>\nKullmann<br \/>\n.<br \/>\n<strong>Der Tiefpunkt der Aufl\u00f6sung des Nazi Begriffs ist mittlerweile erreicht<br \/>\n<\/strong>Er ist durch das Dauerget\u00f6se der linken Meinungsmafia bedeutungslos geworden. Den meisten ist es mittlerweile egal, als Nazi bezeichnet zu werden, zumal von solchen, die selber welche sind. Wer immer noch nicht merkt, dass wir auf dem Weg in den Gesinnungsstaat sind, merkt vermutlich nichts mehr und geh\u00f6rt zu den Klatsch-Affen, die wir allabendlich in den Talkrunden bewundern k\u00f6nnen, wo selbst die AKP tosenden Beifall bekommt oder der Minister, der trotz frappierender \u00c4hnlichkeit mit Adolf Eichmann hartn\u00e4ckig auch noch am selben Brillendesign festh\u00e4lt, sich des tosenden sowie einzelnen Beifall seines Klatschadjutanten sicher sein konnte.<br \/>\nDer Tiefpunkt ist f\u00fcr mich erreicht, seit ich letzte Woche eine online Diskussion \u00fcber den Islam zwischen Gad Saad, einem j\u00fcdischen Libanesen, der Prof in den USA ist und Robert Spencer, einem der fundiertesten Islamkritiker weltweit, gesehen habe, wo sie gegenseitig fragten, ob sie schon als Nazi bezeichnet worden sind. Und ja, fast wie eine Auszeichnung unter Islamkritikern, sie waren so bezeichnet worden.<br \/>\nSo als w\u00fcrde es mittlerweile so sein, dass derjenige, der als Islamkritiker noch nicht als Nazi bezeichnet worden sein oder zumindest als Hatemonger, noch nicht wirklich bewiesen hat, dass er sich mit dem Linksfaschismus wirklich angelegt hat.<br \/>\nInsofern, in Deutschland ist es auf jeden Fall ein Ehrenbeweis, als Islamkritiker\/in in die F\u00e4nge des Maas\/Kahane StasiSpinnennetz geraten zusein.<br \/>\nJeder aus diesem illustren Kreis sollte eine Tapferkeitsmedaille f\u00fcr den Kampf gegen den Linksfaschismus erhalten.<br \/>\nSolange Ex Stasi Kahane nichts gegen islamische Hatespeech unternimmt, ist ihr Verein noch zweifelhafter als sie selber.<br \/>\nMike, 26.7.2016<br \/>\n.<br \/>\n<strong>Islam kann sich nicht selbst reformieren &#8211; \u00a7166<\/strong><br \/>\nHinzuf\u00fcgen m\u00f6chte ich nur noch, dass wenig Hoffnung besteht, dass der Islam, der hiesige oder weltweite, sich aus sich selbst reformiert. Das war auch beim Christentum nicht der Fall, obwohl durch Heterogenit\u00e4t und innere Anlage viel mehr Potential dazu vorhanden war. Es bedurfte des Drucks von au\u00dfen, und die Voraussetzung dazu waren u.a. intellektuelle, ver\u00e4nderbare Konzepte. Verglichen damit basieren die meisten der Richtungen des Islam wesentlich auf Clanideologien, die auf irreversible Identifikation ausgerichtet sind. Muslime sind ihrer eigenen Lehre nach so etwas wie religi\u00f6se Arier.<br \/>\nEs ist nicht \u00fcberraschend bei einer Lehre und Praxis, die das eigenst\u00e4ndige Denkverm\u00f6gen und die Rechte des Individuums nicht anerkennt, dass man in der Regel nicht zwischen Kritik und Beleidigung unterscheidet. Kritik gilt, selbst wenn sie offenkundig wahr und berechtigt ist, als Beleidigung, das kann man offiziellen Lehrwerken entnehmen. Hierbei ist das gesamte Kollektiv beleidigt, nicht der einzelne, wie es unserem Rechtsverst\u00e4ndnis entspricht. Daher das unaufh\u00f6rliche Beleidigtsein in der \u00d6ffentlichkeit, das ist nicht nur Taktik, das liegt am Grunde. Hier auf Ver\u00e4nderung zu hoffen d\u00fcrfte aussichtlos sein, im Gegenteil, zumal diese Attit\u00fcde regelhaft durch linke &amp; gr\u00fcne Deliranten best\u00e4rkt wird.<br \/>\nDer auf Betreiben der christlichen Kirchen nicht abgeschaffte \u00a7166 (s.u.) bietet Muslimen eine hervorragende Handhabe, gegen Kritik vorzugehen. Denn ihr Protest ist nicht so selten geeignet, den \u00f6ffentlichen Frieden zu st\u00f6ren, oder kann leicht so gestaltet werden. Also ist die Kritik selbst geeignet, den \u00f6ffentlichen Frieden zu st\u00f6ren, und der Paragraph findet Anwendung. Im Extremfall gen\u00fcgt, dass ein Gewaltt\u00e4ter die Kritik als dasjenige anf\u00fchrt, weswegen er t\u00e4tig wurde. Die geistige und kulturelle Friedhofsstille, die in den islamischen L\u00e4ndern seit Jahrhunderten herrscht, wird dann auch hier Einzug halten.<br \/>\nParagraph 166: ((1) Wer \u00f6ffentlich oder durch Verbreiten von Schriften (\u00a7 11 Abs. 3) den Inhalt des religi\u00f6sen oder weltanschaulichen Bekenntnisses anderer in einer Weise beschimpft, die geeignet ist, den \u00f6ffentlichen Frieden zu st\u00f6ren, wird mit Freiheitsstrafe bis zu drei Jahren oder mit Geldstrafe bestraft. (2) Ebenso wird bestraft, wer \u00f6ffentlich oder durch Verbreiten von Schriften (\u00a7 11 Abs. 3) eine im Inland bestehende Kirche oder andere Religionsgesellschaft oder Weltanschauungsvereinigung, ihre Einrichtungen oder Gebr\u00e4uche in einer Weise beschimpft, die geeignet ist, den \u00f6ffentlichen Frieden zu st\u00f6ren.<br \/>\nUmso mehr bed\u00fcrfte es der Anstrengung der Einzelnen. Eine religi\u00f6s-politische Ideologie jedoch, die noch jedem loser verspricht, sich nicht in Bildung, Beruf und Selbstkultivierung anstrengen zu m\u00fcssen, sondern sich ggf. durch Umbringen anderer ruhmreich verewigen zu k\u00f6nnen, d\u00fcrfte \u2013 selbst wenn sie nur f\u00fcr relativ wenige attraktiv w\u00e4re \u2013 angesichts der schieren Zahlen alleinstehender junger M\u00e4nner f\u00fcr die n\u00e4chsten Jahrzehnte f\u00fcr mehr als Unruhe bis hin zu Zust\u00e4nden sorgen, die man aus failed states kennt. Man f\u00fchlt sich an das hinterh\u00e4ltige Geschw\u00e4tz der \u201eIntegrationsbeauftragten\u201c Frau \u00d6z. erinnert: \u201eWir stehen vor einem fundamentalen Wandel. Unsere Gesellschaft wird weiter vielf\u00e4ltiger werden, das wird auch anstrengend, mitunter schmerzhaft sein. Unser Zusammenleben muss t\u00e4glich neu ausgehandelt werden. Es liegt an uns, ob wir darin dennoch eher die Chancen sehen wollen oder die Schwierigkeiten. Eine Einwanderungsgesellschaft zu sein hei\u00dft, dass sich nicht nur die Menschen, die zu uns kommen, integrieren m\u00fcssen. Alle m\u00fcssen sich darauf einlassen und die Ver\u00e4nderungen annehmen.\u201c<br \/>\nr.J. TO<br \/>\n.<br \/>\n<strong>Wenn ich den Artikel von Anabel Schunke mal zusammenfassen darf:<\/strong><br \/>\n\u2013 \u201cWir\u201d k\u00f6nnen \u201csie\u201d nicht integrieren, das kann jede(r) Einzelne nur selbst.<br \/>\n\u2013 \u201cDer Islam separiert die Muslime von der Mehrheitsgesellschaft.\u201d<br \/>\n\u2013 \u201cAb einer bestimmten Dosis Islam ist keine Integration m\u00f6glich und diese Dosis liegt nicht in unserer Hand\u201d<br \/>\n\u201cshort, sharp, shocked.\u201d<br \/>\nSiegfried Stein, 25.7.2016, TO<\/p>\n<p><strong>Gastarbeiter &#8211; Islam war sekund\u00e4r<\/strong><br \/>\nAber ich war dabei, als die Kinder der ersten Gastarbeiter in unsere Gesellschaft hineinwuchsen. Der Islam war damals ein untergeordnetes Thema, Schweinefleisch auch, und auch t\u00fcrkische Firmen hatten keine Gebetspausen. Meine t\u00fcrkischen Freunde sagten mir mit einem L\u00e4cheln, dass der Islam f\u00fcr sie bis zum Alter von 60 keine Rolle spiele, dann w\u00fcrden sie mal eine Hadsch nach Mekka machen und damit sei der Religion Gen\u00fcge getan. Einige haben deutsche \u2018ungl\u00e4ubige\u2019 Frauen geheiratet, obwohl ihre Eltern sie noch in der Heimat \u2018versprochen\u2019 hatten. Das Thema Islam war entspannt wie das Thema Christentum.<br \/>\nIrgendetwas muss in den 80er Jahren passiert sein, dass sich dies so massiv ge\u00e4ndert hat. Heute sehe ich in der Schule Kopft\u00fccher, zum Grillen bringen die muslimischen Frauen Alufolie mit, damit die W\u00fcrstchen halal bleiben. Die Kopft\u00fccher bleiben unter sich, die ohne sitzen bei den Deutschen und sonstigen Nationalit\u00e4ten.<br \/>\nMe.S,\u00a0\u00a025.7.2016, TO<\/p>\n<p>.<\/p>\n<p>&nbsp;<\/p>\n<p>&nbsp;<\/p>\n<p><strong>Terror hat keine Religion?<\/strong><br \/>\nMehr als 200 Menschen kamen weltweit seit Januar bei Anschl\u00e4gen durch den sogenannten Islamischen Staat, durch Al-Quaida und durch die militante islamistische Bewegung Al-Shabaab ums Leben. Die Islamisten mordeten in zehn verschiedenen L\u00e4ndern. Die Gr\u00fcnde m\u00f6gen bei jedem Attentat andere sein. Doch die Absicht, die dahinter steckt, ist immer \u00e4hnlich:<br \/>\nHass auf Muslime s\u00e4en, Feindbilder aufbauen, Fronten schaffen, Angst und Schrecken verbreiten. Denn wenn die Gesellschaften den Muslimen misstrauen, ist es leichter f\u00fcr die Dschihadisten, friedliche muslimische Gl\u00e4ubige auf ihre Seite zu ziehen und sie davon zu \u00fcberzeugen, dass es in ihrem Kampf um alles oder nichts geht.<br \/>\nEs ist ein totalit\u00e4res Konzept, dass die militanten Islamisten in aller Welt verfolgen. Stelle dich auf meine Seite, ordne dich mir unter, \u00fcbernehme meine Ideologie \u2013 oder sei mein Gegner, dann werde ich dich bek\u00e4mpfen bis zum Tod. Mit Religion hat das nichts zu tun, sie ist nur das Vehikel. &#8230;.<br \/>\nAlles vom 25.3.2016 bitte lesen auf<br \/>\n<a href=\"https:\/\/www.publik-forum.de\/Politik-Gesellschaft\/terror-hat-keine-religion\">www.publik-forum.de\/Politik-Gesellschaft\/terror-hat-keine-religion<br \/>\n<\/a>\u00a0 .<br \/>\n<strong>Terroristen ohne Religion &#8211; geradezu zynisch<\/strong><br \/>\nDie Terroristen von IS usw. sind allesamt Muslime oder ihre Eltern bzw. Gro\u00dfeltern sind\/waren Muslime. Sprengt sich ein Selbstmordattent\u00e4ter aus Jux und Dollerei in die Luft? Oder um &#8222;Hass auf Muslime zu s\u00e4en&#8220;, die weiter munter am Leben bleiben? Oder nur um &#8222;Angst und Schrecken zu verbreiten&#8220;?<br \/>\nAuf der einen Seite ist es geradezu zynisch und arrogant, einem Terroristen die eigene Religiosit\u00e4t als Antrieb, Ausl\u00f6ser bzw. Begr\u00fcndung f\u00fcr seinen Suizid strikt abzusprechen. Ob es nun das den Muslimen versprochene Paradies mit den vielen Jungfrauen ist oder \u00e4hnliches, aber ohne irgendeinen Glauben an eine Transzendenz mag kein Suizid gelingen, jedenfalls nicht f\u00fcr einen (k\u00f6rperlich wie psychisch) gesunden jungen Mann.<br \/>\nDass &#8222;Terror hat keine Religion&#8220; im Publik-Forum vertreten wird, ist umso trauriger &#8211; sind doch in diesem Forum evangelische und katholische Intellektuelle unterwegs.<br \/>\nAuf der anderen Seite w\u00e4chst mit jeden neuen Selbstmordanschlag weltweit die Sehnsucht nach einem &#8222;aufgekl\u00e4rten Islam&#8220;, der auch von den Ober-Imamen in Kairo (\u00c4gypten, Sunna), Mekka (Saudi-Arabien, Wahabiten), Qom (Iran, Schia) &#8230; verk\u00fcndet wird, und der Terroristen nicht mehr so einfach macht, ihre Gewalt zu legitimieren.<br \/>\n25.3.2016<\/p>\n<p><strong>Kann der IS-Terror sich tats\u00e4chlich auf den Islam berufen?<\/strong><br \/>\nNein und ja, sagt Ecevit Polat in seiner ausf\u00fchrlichen Abhandlung vom 14.10.2014:<br \/>\n<a href=\"https:\/\/antikezukunft.de\/2014\/10\/14\/kann-der-is-terror-sich-tatsachlich-auf-den-islam-berufen\/\">https:\/\/antikezukunft.de\/2014\/10\/14\/kann-der-is-terror-sich-tatsachlich-auf-den-islam-berufen\/<br \/>\n<\/a>\u00a0 \u00a0.<br \/>\nNein sagt J\u00fcrgen Todenh\u00f6fer: \u201eDas Hauptproblem der westlichen Korandebatte besteht darin, dass jeder \u00fcber ihn redet, aber kaum einer ihn gelesen hat. Die kriegerischen Passagen des Korans beziehen sich erkennbar auf die damaligen Glaubenskriege zwischen Mekka und Medina und damit ausschlie\u00dflich auf bestimmte Kampfszenen zwischen den Mekkanern und Medinesen jener Zeit\u201c<br \/>\nJ\u00fcrgen Todenh\u00f6fer, Feindbild Islam, Zehn Thesen gegen den Hass, S. 36, 2011<\/p>\n<p>.<\/p>\n<p>&nbsp;<\/p>\n","protected":false},"excerpt":{"rendered":"<p>Home &gt;Religion &gt;Islam &gt;Terror Kirche in Drosnay &#8211; abgebrannt am 7.7.2023 Listenauswahl eines Beitrags: Bitte anklicken oder runterscrollen Terror zu 94 Prozent islamistisch\u00a0(29.7.2026) Louis, 17 ans, lynch\u00e9 \u00e0 mort\u00a0(25.6.2026) Paris PSG \u2013 B\u00fcrgerkrieg \u2013 EU\u00a0(1.6.2026) Islam Terrorproblem: 4208 Morde in &hellip; <a href=\"https:\/\/www.freiburg-schwarzwald.de\/blog\/religion\/islam\/terror\/\">Weiterlesen <span class=\"meta-nav\">&rarr;<\/span><\/a><\/p>\n","protected":false},"author":2,"featured_media":0,"parent":12111,"menu_order":0,"comment_status":"open","ping_status":"closed","template":"","meta":{"footnotes":""},"class_list":["post-60191","page","type-page","status-publish","hentry"],"_links":{"self":[{"href":"https:\/\/www.freiburg-schwarzwald.de\/blog\/wp-json\/wp\/v2\/pages\/60191","targetHints":{"allow":["GET"]}}],"collection":[{"href":"https:\/\/www.freiburg-schwarzwald.de\/blog\/wp-json\/wp\/v2\/pages"}],"about":[{"href":"https:\/\/www.freiburg-schwarzwald.de\/blog\/wp-json\/wp\/v2\/types\/page"}],"author":[{"embeddable":true,"href":"https:\/\/www.freiburg-schwarzwald.de\/blog\/wp-json\/wp\/v2\/users\/2"}],"replies":[{"embeddable":true,"href":"https:\/\/www.freiburg-schwarzwald.de\/blog\/wp-json\/wp\/v2\/comments?post=60191"}],"version-history":[{"count":6,"href":"https:\/\/www.freiburg-schwarzwald.de\/blog\/wp-json\/wp\/v2\/pages\/60191\/revisions"}],"predecessor-version":[{"id":152013,"href":"https:\/\/www.freiburg-schwarzwald.de\/blog\/wp-json\/wp\/v2\/pages\/60191\/revisions\/152013"}],"up":[{"embeddable":true,"href":"https:\/\/www.freiburg-schwarzwald.de\/blog\/wp-json\/wp\/v2\/pages\/12111"}],"wp:attachment":[{"href":"https:\/\/www.freiburg-schwarzwald.de\/blog\/wp-json\/wp\/v2\/media?parent=60191"}],"curies":[{"name":"wp","href":"https:\/\/api.w.org\/{rel}","templated":true}]}}