{"id":60156,"date":"2016-03-23T10:12:46","date_gmt":"2016-03-23T09:12:46","guid":{"rendered":"https:\/\/www.freiburg-schwarzwald.de\/blog\/?page_id=60156"},"modified":"2020-10-29T17:39:51","modified_gmt":"2020-10-29T16:39:51","slug":"bruessel22-3-2016","status":"publish","type":"page","link":"https:\/\/www.freiburg-schwarzwald.de\/blog\/engagement\/zukunft\/demokratie\/bruessel22-3-2016\/","title":{"rendered":"Bruessel22-3-2016"},"content":{"rendered":"<p><a href=\"https:\/\/www.freburg-schwarzwald.de\/blog\">Home<\/a> &gt;<a title=\"Engagement\" href=\"https:\/\/www.freiburg-schwarzwald.de\/blog\/engagement\/\">Engagement<\/a> &gt;<a title=\"Zukunft\" href=\"https:\/\/www.freiburg-schwarzwald.de\/blog\/engagement\/zukunft\/\">Zukunft<\/a> &gt;<a title=\"Demokratie\" href=\"https:\/\/www.freiburg-schwarzwald.de\/blog\/engagement\/zukunft\/demokratie\/\">Demokratie<\/a>\u00a0&gt;Bruessel22-3-2016<\/p>\n<div id=\"attachment_56735\" style=\"width: 649px\" class=\"wp-caption alignnone\"><a href=\"https:\/\/www.freiburg-schwarzwald.de\/blog\/bauernhof\/bickenreute\/bickenreute3mauer-pan151003\/\" rel=\"attachment wp-att-56735\"><img loading=\"lazy\" decoding=\"async\" aria-describedby=\"caption-attachment-56735\" class=\"size-full wp-image-56735\" src=\"https:\/\/www.freiburg-schwarzwald.de\/blog\/wp-content\/uploads\/2015\/07\/bickenreute3mauer-pan151003.jpg\" alt=\"Natursteinmauer mit Treppe in Kirchzarten-Bickenreute am Nationalfeiertag 3.10.2015\" width=\"639\" height=\"248\" srcset=\"https:\/\/www.freiburg-schwarzwald.de\/blog\/wp-content\/uploads\/2015\/07\/bickenreute3mauer-pan151003.jpg 639w, https:\/\/www.freiburg-schwarzwald.de\/blog\/wp-content\/uploads\/2015\/07\/bickenreute3mauer-pan151003-180x69.jpg 180w\" sizes=\"auto, (max-width: 639px) 100vw, 639px\" \/><\/a><p id=\"caption-attachment-56735\" class=\"wp-caption-text\">Natursteinmauer mit Treppe in Kirchzarten-Bickenreute am Nationalfeiertag 3.10.2015<\/p><\/div>\n<p>&nbsp;<\/p>\n<ul>\n<li><a href=\"https:\/\/www.freiburg-schwarzwald.de\/blog\/global\/france\/nizza29-10-2020\/\">Attaque au couteau islamiste a Nice: Trois morts dont deux femmes, plusieurs bless\u00e9s<\/a>\u00a0(29.10.2020)<\/li>\n<li>Strassenschlachten und Aufruhr in Br\u00fcssel (4.12.2017)<\/li>\n<li>Belgiens Innenminister: Integration gescheitert &#8211; Muslime haben nach Anschl\u00e4gen getanzt (18.4.2016)<\/li>\n<li>K\u00e4\u00dfmann will Terroristen von Br\u00fcssel mit Liebe begegnen (27.3.2016)<\/li>\n<li><a href=\"https:\/\/www.freiburg-schwarzwald.de\/blog\/bruessel-terror-schuld-fragen\/\">https:\/\/www.freiburg-schwarzwald.de\/blog\/bruessel-terror-schuld-fragen\/<\/a> (26.3.2016)<\/li>\n<li><a title=\"Maas verdummt die Buerger\" href=\"https:\/\/www.freiburg-schwarzwald.de\/blog\/maas-verdummt-die-buerger\/\">https:\/\/www.freiburg-schwarzwald.de\/blog\/maas-verdummt-die-buerger\/<\/a> (24.3.2016)<\/li>\n<li>&#8222;Islamophobie wird zunehmen&#8220; &#8211;\u00a0Islamverb\u00e4nde warnen (23.3.2016)<\/li>\n<li>Mehrzahl der Opfer des Terrors sind Muslime &#8211; Angst vor Islam (23.3.2016)<\/li>\n<li>Hat aber alles nix mit nix zu tun (22.3.2016)<\/li>\n<li>Terroranschl\u00e4ge in Br\u00fcssel am 22.3.2016<\/li>\n<li><\/li>\n<li><a title=\"Fluechtlingsaktivisten\" href=\"https:\/\/www.freiburg-schwarzwald.de\/blog\/global\/migration\/fluechtlingsaktivisten\/\">Fluechtlingsaktivisten<\/a><\/li>\n<li><a title=\"France\" href=\"https:\/\/www.freiburg-schwarzwald.de\/blog\/global\/france\/\">France<\/a><\/li>\n<li><a title=\"IS\" href=\"https:\/\/www.freiburg-schwarzwald.de\/blog\/religion\/islam\/is\/\">IS<\/a><\/li>\n<li><a title=\"Islam\" href=\"https:\/\/www.freiburg-schwarzwald.de\/blog\/religion\/islam\/\">Islam<\/a><\/li>\n<li><a title=\"Kontrollierte-Grenzen\" href=\"https:\/\/www.freiburg-schwarzwald.de\/blog\/global\/migration\/kontrollierte-grenzen\/\">Kontrollierte-Grenzen<\/a><\/li>\n<li><a title=\"Krieg\" href=\"https:\/\/www.freiburg-schwarzwald.de\/blog\/engagement\/zukunft\/krieg\/\">Krieg<\/a><\/li>\n<li><a href=\"https:\/\/www.freiburg-schwarzwald.de\/blog\/global\/france\/nizza29-10-2020\/\">Nizza29-10-2020<\/a><\/li>\n<li><a title=\"Paris13nov2015\" href=\"https:\/\/www.freiburg-schwarzwald.de\/blog\/engagement\/zukunft\/demokratie\/paris13nov2015\/\">Paris13-nov-2015<\/a><\/li>\n<\/ul>\n<p>&nbsp;<\/p>\n<p><strong>Terroranschl\u00e4ge in Br\u00fcssel am 22.3.2016<br \/>\n<\/strong>Zwei furchtbare Selbstmordanschl\u00e4ge von Islamisten am 22.3.2016 haben in Br\u00fcssel mindestens 23 Tote und Hunderte Verletzte befordert. Nach <a title=\"Paris13nov2015\" href=\"https:\/\/www.freiburg-schwarzwald.de\/blog\/engagement\/zukunft\/demokratie\/paris13nov2015\/\">Paris<\/a> vor vier Monaten nun Br\u00fcssel.<br \/>\nBest\u00fcrzung, Trauer und Anteilnahme sind gro\u00df &#8211; in Belgien wie in der gesamten EU.<\/p>\n<p>&#8212;&#8212;&#8212;&#8212;&#8212;&#8212;&#8212;&#8212;&#8212;&#8212;&#8212;&#8212;&#8212;&#8212;&#8212;&#8212;&#8212;&#8212;&#8212;&#8212;&#8212;&#8212;&#8212;&#8212;&#8212;&#8212;&#8212;-<\/p>\n<p><strong>Strassenschlachten und Aufruhr in Br\u00fcssel<\/strong><br \/>\nFast unbemerkt von deutschen Medien kommt es in Br\u00fcssel immer wieder zu Stra\u00dfenschlachten zwischen jungen Migranten und der Polizei. Ausgerechnet im Herzland Europas fehlt offenbar ein vers\u00f6hnendes kulturelles Leitbild.<br \/>\n&#8230;<br \/>\nDie ideologische Zerrissenheit der Gesellschaft: Die v\u00f6lkische Nabelschau der Regionalisten, die Multikulti-Ideale der Linken, das Profitdenken der Liberalen, die Opferdiskurse der verschiedensten Minderheiten, der islamische Fundamentalismus, der Kant\u2019sche Idealismus der Eurokraten \u2013 sie alle koexistieren nahezu ber\u00fchrungslos in einer Stadt, die genau wie der Kontinent, dem sie als Hauptstadt dient, die Mitte verloren hat.<br \/>\nEin vers\u00f6hnendes kulturelles Leitbild sucht man im Herzland Europas vergebens, wo zwar der Heilige Nikolaus mittlerweile aus Angst vor Verletzung verschiedener Randgruppen ohne Kreuz dargestellt wird, Schulkantinen aber schon auf Halal-Essen umgestiegen sind. Historisch gewachsene Identit\u00e4ten, sobald sie den Rahmen des Touristisch-Folkloristischen \u00fcberschreiten, sind im \u00f6ffentlichen Raum nicht erw\u00fcnscht. &#8230;<br \/>\nAlles von David Engels vom 4.12.2017 bitte lesen auf<br \/>\n<a href=\"https:\/\/www.cicero.de\/aussenpolitik\/unruhen-bruessel-polizei-migranten\">https:\/\/www.cicero.de\/aussenpolitik\/unruhen-bruessel-polizei-migranten<\/a><br \/>\n.<br \/>\n<strong>Aufruhe in Br\u00fcssel &#8211; Unbemerkt von deutschen (L\u00fcgen-)Medien<\/strong><br \/>\n&#8230; ein klarer Beweis f\u00fcr gescheiterte Gesinnungsideologie. Sp\u00e4testens jetzt m\u00fcssen sich die Gesinnungsmedien fragen, warum sie sich strikt weigern dar\u00fcber zu berichten. Tun sie es nicht, machen sie weiterhin ihrem Beinamen wie L\u00fcgen- und L\u00fcckenpresse alle Ehren.<br \/>\n4.12.2017, Marie Werner, CO<br \/>\n.<br \/>\n<strong>Unbemerkt? MSM wollen \u00dcberkochen der Volksseele vermeiden<\/strong><br \/>\nUnbemerkt??? Herr Engels, das meinen sie doch nicht im Ernst. Die Geschehnisse werden doch vor allem den &#8222;Deutschen&#8220; bewusst verschwiegen, um nicht noch mehr Druck auf dem Fl\u00fcchtlingskessel zu bekommen. Die deutschen Medien wollen doch ein \u00dcberkochen der Volksseele vermeiden. Im Verschleiern und verw\u00e4ssern der Probleme sind die \u00d6ffentlich Rechten auf einem sehr hohen Niveau. Die Wahrheit findet man in den Printmedien der Schweiz und \u00d6sterreich, dem digitalen Zeitalter sei Dank und nat\u00fcrlich auch hin und wieder beim CICERO.<br \/>\n4.12.2017, Hermann Neumann, CO<br \/>\n.<br \/>\n<strong>Deutsche Mainstreammedien im Kampf gegen AfD besch\u00e4ftigt<\/strong><br \/>\nBesten Dank f\u00fcr den Bericht und den Artikel. Die deutsche Qualit\u00e4tspresse ist wohl v\u00f6llig mit dem Kampf gegen Zuwanderungskritiker und dem Kampf f\u00fcr die gesellschaftliche Gleichstellung von sexuell im Randbereich T\u00e4tigen besch\u00e4ftigt. Und bei all der &#8222;Islamophobie&#8220; gegen Islamisten kommt eine an Fakten orientierte Berichterstattung wohl derzeit weniger passend daher.<br \/>\n4.12.2017, Julius Menk, CO<br \/>\n.<br \/>\n<strong>Staat verliert in den St\u00e4dten Kontrolle an Clans<\/strong><br \/>\nD\u00fcsterer Vorgeschmack auf die Entwicklung in unseren St\u00e4dten. Das findet ganz sicher nicht &#8222;unbemerkt von den deutschen Medien&#8220; statt sondern wird bewu\u00dft nicht thematisiert, weil man den Finger nicht in die Wunde legen will. Denn auch in Br\u00fcssel gibt es nat\u00fcrlich Viertel, in denen afrikanische oder arabische Clans Kontrolle \u00fcbernommen haben und der Staat die Kontrolle verloren hat. Damit das ist ja auch der Blick auf die angeblich alternativlose und nat\u00fcrlich &#8222;bereichernde&#8220; Zukunft in Deutschland. Traurig!<br \/>\n4.12.2017, Mathias Trostdorf, CO<br \/>\n.<br \/>\nWir brauchen keine vers\u00f6hnenden kulturelle Leitbilder. Wer Rabazz macht geh\u00f6rt rausgeworfen. Sobald die EU zeigt, dass sie (von jungen muslimischen M\u00e4nnern) erpressbar ist, werden wir das Problem Migranten nie mehr los!<br \/>\n4.12.2017, Gerdi Franke, CO<br \/>\n.<br \/>\n<strong>Br\u00fcssel &#8211; Kulturkampf &#8211; B\u00fcrgerkrieg<\/strong><br \/>\nGestern in B\u00f6hmermann-Royal im ZDF-Neo erz\u00e4hlt genau ein Gast (Youtube-Star), dass er sich in Br\u00fcssel im Stadtteil Moulenbeek aufnehmen lassen wollte, als sofort eine Art Miliz auf ihn zukam und Pr\u00fcgel androhte, wenn er nicht sofort verschw\u00e4nde.<br \/>\nGenauso die Anekdote von Frau Ates, die beim Besuch im Parlament wegen ihrer liberalen Moschee in Berlin gerne dorthin wollte, aber sich ihr Personenschutz weigerte dieses Risiko mitzugehen.<br \/>\nBr\u00fcsse, das Herz der EU, scheint sich zu einer Art belgisches Aleppo zu gerieren.<br \/>\nWo soll das alles enden? B\u00fcrgerkrieg?<br \/>\n4.12.2017, Heinrich Stamm, CO<br \/>\n.<br \/>\n<strong>Pl\u00fcndernde Marokkaner wollen keine Integration<\/strong><br \/>\nDer Finger zeigt mal wieder in die falsche Richtung. Es bringt nichts, st\u00e4ndig die Schuld bei sich selbst zu suchen. Denn egal um welches Land es geht, es wird immer mangelnde Integrationsbem\u00fchungen des Aufnahmelandes als Ursache herbeizitiert &#8211; nur reden wir eigentlich auch immer von nicht integrierten Muslimen. Alle anderen k\u00f6nnen sich offenbar integrieren. Auch bei den o.g. Ausschreitungen vermied man es wieder, Ross und Reiter zu nennen, sondern man spricht nur von &#8222;jungen M\u00e4nnern&#8220;. Es waren haupts\u00e4chlich Marokkaner, die randalierten und pl\u00fcnderten (besonders nach der gewonnenen Qualifikation &#8211; ich m\u00f6chte mir nicht ausmalen, was passiert w\u00e4re, wenn sie verloren h\u00e4tten). Kapiert es doch endlich. Sie WOLLEN sich NICHT integrieren. Sie wollen unseren Lebensstandard, aber ihre Sitten, Gebr\u00e4uche u. Religion behalten, die zuhause zu den Zust\u00e4nden f\u00fchrten, vor denen sie geflohen sind.<br \/>\n4.12.2017, Irene Reindl, CO<\/p>\n<p><strong>Vielfalt vs. Chaos<\/strong><br \/>\nVielfalt bringt eine Gesellschaft durchaus voran, aber Vielfalt stellt sich nicht von alleine ein.<br \/>\nWenn statt Vielfalt Chaos entsteht, weil der Staat seiner Aufgabe, n\u00e4mlich Ordnung herzustellen, nicht mehr nachkommt (nachkommen kann), dann wird die Gesellschaft daran zu grunde gehen.<br \/>\n4.12.2017, Marianne Bernstein, CO<br \/>\n.<br \/>\n<strong>Radikal-muslimische Einwanderer zerst\u00f6ren Gro\u00dfst\u00e4dte wie Br\u00fcssel<\/strong><br \/>\nWelche Kulturkrise? In Belgien ist seit den zahlreichen Anschl\u00e4gen durch Islamisten eine krisenhafte Entwicklung entstanden, die in erster Linie von radikal-muslimischen Einwanderern ausgeht. Das Viertel Molenbeek in Br\u00fcssel \u201egilt als europ\u00e4ische Terrororistenhochburg\u201c (FAZ). Dies auf die \u201eideologische Zerrissenheit der (belgischen) Gesellschaft\u201c zur\u00fcckzuf\u00fchren, verwischt den Ursprung der Krise.<br \/>\n4.12.2017, Heinrich Niklaus, CO<\/p>\n<p><strong>Br\u00fcssel steht exemplarisch f\u00fcr die EU<\/strong><br \/>\nEs ist kennzeichnend f\u00fcr die EU und ein deutlich sichtbares Menetekel, da\u00df sich mitten in der EU-Hauptstadt Br\u00fcssel wie in einem Brennglas die Probleme b\u00fcndeln, die der gesamten Union<br \/>\n(bis auf die Staaten, die sich bisher erfolgreich gegen \u00dcberfremdung gewehrt haben) bevorstehen.<br \/>\nSeit sich Deutschland &#8211; aus freien St\u00fccken! &#8211; unter einer verantwortungslosen Regierung und eingeschlafenen Abgeordneten 2015 Frankreichs Probleme mit Muslimen auch ins Land holte, sind<br \/>\ndie beiden wichtigsten Staaten der EU mit den &#8222;Krankheiten&#8220; infiziert, an denen auch Br\u00fcssel<br \/>\nleidet.<br \/>\nGibt es noch Heilung? Wohl kaum. Es sei denn, eine Mehrheit aller B\u00fcrger Europas entschiede sich wie die Mehrheit der Ungarn, Polen, Tschechen oder Slowaken.<br \/>\n4.12.2017, Christa Wallau, CO<br \/>\n.<br \/>\n<strong>Gro\u00dfst\u00e4dte als Schmelztiegel f\u00fcr Kulturschaffende, nicht Kulturzerst\u00f6rer<\/strong><br \/>\nSie haben recht, die Gro\u00dfst\u00e4dte sind heterogen und sie waren es immer. Sie sind ein Schmelztiegel f\u00fcr Kulturschaffende, wobei die Betonung auf &#8222;Schaffende&#8220; liegt. Das was uns belastet, ist die Zerst\u00f6rung und Ablehnung unserer Kultur. W i r sollen uns anpassen und \u00e4ndern. Ihre Bef\u00fcrchtung zur St\u00e4dteplanung teile ich ebenfalls. Nur &#8211; es wird vermutlich schlimmer als in den 60er und 70er Jahren. Die Planungen zu &#8222;Billigbauten&#8220; f\u00fcr die bef\u00fcrchtete Massenzuwanderung und die bereits errichteten &#8222;Containerd\u00f6rfer&#8220; sind daf\u00fcr das beste Zeugnis. Weitere Planungen f\u00fcr Moscheen und Minarette sind schon in Vorbereitung. So aber wollen wir unsere Zukunft nicht gestaltet wissen!<br \/>\n4.12.2017, Wolfgang Henning<\/p>\n<p>&nbsp;<\/p>\n<p>&nbsp;<\/p>\n<p>&nbsp;<\/p>\n<p><strong>Belgiens Innenminister: Integration gescheitert &#8211; Muslime haben nach Anschl\u00e4gen getanzt<\/strong><br \/>\nNach den Br\u00fcsseler Anschl\u00e4gen hat der belgische Innenminister Jan Jambon die Politik der Integration von Ausl\u00e4ndern in seinem Land als gescheitert bezeichnet und als Beleg daf\u00fcr angef\u00fchrt, dass &#8222;ein erheblicher Anteil der muslimischen Gemeinschaft anl\u00e4sslich der Anschl\u00e4ge getanzt&#8220; habe&#8230;.<br \/>\nBei Anschl\u00e4gen auf den Flughafen und die U-Bahn von Br\u00fcssel waren am 22. M\u00e4rz 32 Menschen get\u00f6tet worden. Als am 18. M\u00e4rz im Br\u00fcsseler Stadtteil Molenbeek der mutma\u00dfliche Paris-Attent\u00e4ter Salah Abdeslam festgenommen wurde, h\u00e4tten Gesinnungsgenossen &#8222;Steine und Flaschen in Richtung der Polizei und der Presse geworfen&#8220;, sagte Jambon. &#8230;. Alles vom 18.4.2016 auf<br \/>\n<a href=\"https:\/\/m.oe24.at\/welt\/Belgiens-Innenminister-Muslime-haben-nach-Anschlaegen-getanzt\/232080153\">https:\/\/m.oe24.at\/welt\/Belgiens-Innenminister-Muslime-haben-nach-Anschlaegen-getanzt\/232080153<\/a><\/p>\n<p>.<\/p>\n<p><strong>K\u00e4\u00dfmann will Terroristen von Br\u00fcssel mit Liebe begegnen<\/strong><br \/>\n&#8222;F\u00fcr Terroristen, die meinen, dass Menschen im Namen Gottes t\u00f6ten d\u00fcrfen, ist das die gr\u00f6\u00dfte Provokation. Wir sollten versuchen, den Terroristen mit Beten und Liebe zu begegnen.&#8220; &#8230;.<br \/>\nAlles vom 27.3.2016 bitte lesen auf<br \/>\n<a href=\"https:\/\/www.welt.de\/politik\/deutschland\/article153715184\/Kaessmann-will-Terroristen-mit-Liebe-begegnen.html\">https:\/\/www.welt.de\/politik\/deutschland\/article153715184\/Kaessmann-will-Terroristen-mit-Liebe-begegnen.html<br \/>\n<\/a>\u00a0 .<br \/>\nWenn Frau K\u00e4\u00dfmann tats\u00e4chlich eine Radikalchristin w\u00e4re, wie z.B. Clara von Asissi, w\u00e4re diese Ansage schon durchaus etwas ganz anderes. Frau K\u00e4\u00dfmann ist. aber Vertreterin einer anderen Kaste; insofern sind ihre \u00c4u\u00dferungen gelinde gesagt (und genau wie die diesbez\u00fcglichen \u00c4u\u00dferungen anderer St\u00e4ndevertreter dieser Kirche) etwas deplaziert. So, wie die Vertreter der CDU pl\u00f6tzlich zu erkennen anfangen, da\u00df man durchaus Bedenken vor kommenden Stadtvierteln hierzulande haben k\u00f6nnte, die auf derzeit bereits herrschenden Stadtvierteln und deren Bedingungen aufbauen.\u00a0Vor wenigen Wochen w\u00e4re man vor \u00e4hnlichen \u00c4u\u00dferungen noch quasi gesellschaftlich gesteinigt worden. Nun begegnen wir mit Liebe. Im Angesichts des Todeswunsches unserer Feinde.<br \/>\n.<br \/>\nGehe Du voran, Frau K\u00e4\u00dfmann. Und nicht in Deinem gesch\u00fctzten Leben, sondern eben in besagten Vierteln. Lebe dort. Nackt, ohne Personenschutz. Wie die Menschen, von denen Du das abforderst.<br \/>\nDann nach einiger Zeit, vielleicht 3 &#8211; 5 Jahre, k\u00f6nnen wir entscheiden, ob wir Dir zu folgen w\u00fcnschen.<br \/>\nAnsonsten, fordere nicht von anderen, was Du nicht bereit bist, zu geben. Ein Leben in solchen Vierteln. Unter anderen gesetzen, anderen Bedingungen, bedingungslos liebend<br \/>\nHH. Joe, WO<\/p>\n<p>Die einzige Frage, die ich mir bei dieser Frau noch stelle, ist wieso sich Medien (inkl. dieser Zeitung) immer wieder dazu herablassen, den Unsinn den sie von sich gibt auch noch weiterzuverbreiten.<br \/>\nIch wage eine Prognose: Sie ist ein Top-Kandidat f\u00fcr die Gauck-Nachfolge. Wer so was sagt, mu\u00df einfach Bundespr\u00e4sidentin werden, oder?<br \/>\nDaniel Gartmann<\/p>\n<p><strong>Vernunft statt kirchliche Machtinstitution<\/strong><br \/>\nDieses ganze Gequ\u00e4ke aus den Heiligen B\u00fcchern l\u00f6st in mir inzwischen Brechreiz aus. Sp\u00e4testens seit Kant m\u00fcsste doch Aufkl\u00e4rung, emanzipierter Geist und Vernunft in die K\u00f6pfe durchgedrungen sein. Ich verstehe die Anh\u00e4nger der Kirchen nicht. Um zu glauben, braucht man diese Machtinstitution doch nicht. Und schon gar nicht Frauen, die K\u00e4se erz\u00e4hlen.<br \/>\nChin<\/p>\n<p><strong>Bei Hochwasser die D\u00e4mme abbauen<\/strong><br \/>\nWas machen Sie (und wir), wenn es schief geht, Frau K\u00e4\u00dfmann? Werden wir dann tote oder versklavte, auf jeden Fall aber (und das scheint Ihnen das einzig wichtige zu sein) unschuldige Dummies? Leider ist der Unterschied zwischen Theorie und Praxis in der Praxis immer gr\u00f6\u00dfer als in der Theorie.<br \/>\nWas K\u00e4smann hier propagiert ist das gleiche, als wenn man dem Hochwasser mit einem Abbau von D\u00e4mmen begegnet. Das Wasser wird dann mit Liebe und Gebeten zur\u00fcckgehalten. Mit der Realit\u00e4t hat das alles nichts mehr zu tun. Es ist erschreckend, das in einem Land mit so hohem Bildungsstand solche ersichtlich utopischen Ideen als DAS Wundermittel propagiert werden.<br \/>\n27.3.2016, Louis, WO<br \/>\n.<br \/>\n<strong>Der Appeaser und das Krokodil &#8230;<\/strong><br \/>\nDerartiges Ges\u00e4usel ist f\u00fcr den Islam ein Zeichen der Unterwerfung, wo mindestens Gegenwehr angesagt ist. Moses gab dem Volk Gottes die Anweisung: \u201eIst weiterer Schaden entstanden, dann mu\u00dft du geben: Leben f\u00fcr Leben, Auge f\u00fcr Auge, Zahn f\u00fcr Zahn, Hand f\u00fcr Hand, Fu\u00df f\u00fcr Fu\u00df, Brandmahl f\u00fcr Brandmahl, Wunde f\u00fcr Wunde, Strieme f\u00fcr Strieme.\u201c (Exodus 21,22-25). Gemeint ist damit aber nicht, wie gerne falsch dargestellt, niedere Rache, sondern gerechte Strafe f\u00fcr angerichtetes Leid. Winston Churchill formulierte, was K\u00e4\u00dfmann da fordert, so: \u201eEin Appeaser ist ein Mensch, der ein Krokodil f\u00fcttert, in der Hoffnung, dass es ihn als letzten fressen wird.\u201c<br \/>\n27.3.2016, Rodrigo Diaz<\/p>\n<p><strong>Der Platz im Paradies<\/strong><br \/>\nIch glaube, Frau K\u00e4\u00dfmann will sich &#8211; \u00e4hnlich wie die Terroristen &#8211; nur f\u00fcr einen Platz im Paradies empfehlen. Gl\u00fccklicherweise hat sie einen anderen Weg gew\u00e4hlt. &#8222;Selig sind, die da geistlich arm sind; denn ihrer ist das Himmelreich&#8220; Matth\u00e4us, 5, 3.<br \/>\nK. Mann<br \/>\n.<br \/>\n<strong>K\u00e4\u00dfmann soll selbst handeln<\/strong><br \/>\nMit ihrer Liebe k\u00f6nnte sie Abdelslam zum Reden bringen. Sie k\u00f6nnte positiv auf den gesamten IS einwirken. Handeln Sie!<br \/>\n<strong>Verstand statt Rextremismus oder Kirche<\/strong><br \/>\nWeder Rache und Hass noch die Feindesliebe sind eine angemessene Antwort auf die j\u00fcngsten Terrorakte. Recht und Gesetz und ausschlie\u00dflich darauf basierende Ma\u00dfnahmen sind meiner Meinung nach die Antwort. Ebenso bin ich der Meinung, dass der Meinungsstreit \u00fcber angemessene Reaktionen weder den extremen R\u00e4ndern von links oder rechts oder abgehobenen Angeh\u00f6rigen welcher Konfession auch immer \u00fcberlassen werden sollte. Verlassen wir uns doch mal wieder auf die b\u00fcrgerliche Mitte und geben dem Verstand eine Chance.<br \/>\n27.3.2016, Friso<br \/>\n.<br \/>\n<strong>K\u00e4\u00dfmann in den Jemen<\/strong><br \/>\n&#8222;Im Jemen haben Jihadisten offenbar den Anfang M\u00e4rz als Geisel genommenen katholischen Priester Father Tom am Karfreitag gekreuzigt. Kardinal Christoph Sch\u00f6nborn sprach den schrecklichen Vorfall im Zuge seiner Osternachtsansprache im Wiener Stephansdom an.&#8220; [heute.at, 27.03.16]<br \/>\n.<br \/>\n<strong>Was sagen die Jesiden dazu?<\/strong><br \/>\nIch frage mich wie unsere jesidischen Freunde im Irak und Syrien das sehen w\u00fcrden. Ich werde jedenfalls f\u00fcr mich den Schlussstrich ziehen und in 2 Wochen aus der EKD austreten. Ich m\u00f6chte nicht l\u00e4nger mit dem Kirchengeld, das ich bisher gerne gezahlt habe f\u00fcr Altersheime und Diakonien solchen Leuten wie Margot K\u00e4\u00dfmann die Butter auf das Brot schmieren.<br \/>\nPeter Paul<\/p>\n<p><strong>K\u00e4\u00dfmann soll SELBST handeln<\/strong><br \/>\nGar nichts haben Sie. Lesen Sie die Bibel doch mal ganz genau. Wo steht dort immer etwas von WIR? Da steht immer: DU, also Vorleben, Vormachen. Handeln Sie Ihr angebliches Vorbild. Und nicht immer WIR.<br \/>\nGenauso wie Merkel &#8211; das ist nicht christlich: Von anderen nehmen und es &#8222;Armen&#8220; geben. Nur von einem SELBST erwartet es Jesus.<br \/>\nDie Religionen leben gut (wie Tebartz) vom Geld der arbeitenden Bev\u00f6lkerung und bieten diesem im Gegenzug dann das Produkt Glaube.<br \/>\nGast<br \/>\n<strong>K\u00e4\u00dfmann provoziert \u00a0eben gerne<\/strong><br \/>\nLieben und beten, um zu provozieren? Welch seltsame Vorstellung von Liebe und Christlichkeit Wie kann man lieben, um zu provozieren? Da haben Frau K\u00e4\u00dfmann und ich wohl sehr unterschiedliche Vorstellungen von Liebe. Provokation (Sch\u00fcren eines Konfliktes) als Antwort auf Terror? Seltsame Art, bedrohliche Situationen zu l\u00f6sen. Alles nur noch &#8222;verkehrte Welt&#8220; hier!<br \/>\n.<br \/>\n<strong>Religion ist Privatsache und nicht von K\u00e4\u00dfmann verordnet<\/strong><br \/>\nHat Gott den Menschen erschaffen oder braucht der Mensch ein h\u00f6heres Wesen, um mit den letzten Fragen zurecht zu kommen? Der Volksmund sagt &#8222;Glauben hei\u00dft nichts wissen&#8220;, und das ist nicht weiter schlimm. Wer an einen Gott glauben will, soll das tun, wer jede Religion ablehnt, wird vielleicht f\u00fcr sich eine Form von Spiritualit\u00e4t finden, die ihm durchs Leben hilft. Oder doch lieber mit der materiellen Welt sein Auslangen finden. Aber gerade weil der Glaube eine zutiefst pers\u00f6nliche, auch unerkl\u00e4rbare Angelegenheit ist, muss Religion Privatsache sein. Daran haben wir uns im christlich gepr\u00e4gten \u00d6sterreich gew\u00f6hnt, aber pl\u00f6tzlich werden wir mit einer Form von \u00f6ffentlicher Darstellung von Gl\u00e4ubigkeit konfrontiert, die uns verst\u00f6rt. Das ist nicht weiter schlimm, solange aktive Muslime ihre Religion nicht zu einem Teil des Staates machen wollen. Da haben die Beh\u00f6rden \u2013 Stichwort Kinderg\u00e4rten \u2013 leider geschlafen. Da m\u00fcssen wir militanten Muslimen noch viel deutlicher sagen, dass wir uns die Aufkl\u00e4rung mit all ihren Errungenschaften nicht nehmen lassen. Das \u00e4ndert nichts daran, dass der Glaube f\u00fcr den Einzelnen hilfreich, manchmal tr\u00f6stlich sein kann, privat ist das in Ordnung<br \/>\n.<br \/>\n<strong>Den Terroristen einen Korb geben<br \/>\n<\/strong>So selbstverst\u00e4ndlich und ehrlich mein Mitgef\u00fchl mit den Opfern und Angeh\u00f6rigen ist, so gleichg\u00fcltig stehe ich den T\u00e4tern gegen\u00fcber. Sie interessieren mich kein St\u00fcck. Es ist mir v\u00f6llig egal, wie sie hei\u00dfen, ob sie eine schwere Kindheit hatten, ob sie ausgegrenzt, geh\u00e4nselt oder geschlagen wurden, ob sie zu viele oder zu wenige oder die falschen B\u00fccher gelesen haben, ob ihre Eltern arm, reich, gut integriert oder strenggl\u00e4ubig waren, ob sie in ihrem Viertel wider Willen in falsche Kreise gerutscht sind. Mich interessiert nicht, ob sie fr\u00fcher ungl\u00e4ubig waren und sich heute f\u00fcr gl\u00e4ubig halten, ob sie Muslime, Buddhisten oder einfach nur nihilistische Arschl\u00f6cher sind, die einen heiligen Anlass suchen, um sich selbst einen Wert zu verleihen. &#8230;..<br \/>\nWenn wir Terroristen das Handwerk legen wollen, macht es keinen Sinn, ihren Rechtfertigungen Geh\u00f6r zu schenken, denn auch das l\u00f6st den gewollten Dominoeffekt aus. Wer Barbaren f\u00fcr Gl\u00e4ubige oder f\u00fcr anderweitig nachvollziehbar Motivierte h\u00e4lt, l\u00e4sst sich von der terroristischen menschenverachtenden Denkweise einlullen, geht ihr auf den Leim und zerst\u00f6rt so die eigene menschliche Zivilisation. Diesen Gefallen sollten wir ihnen nicht tun, denn dann w\u00e4ren sie am Ziel. &#8230; Alles vom 24.3.2016 auf<br \/>\n<a href=\"https:\/\/www.achgut.com\/artikel\/zum_tangotanzen_gehoeren_zwei_wir_sollten_ihnen_einen_korb_geben\/P6#section_leserpost\">https:\/\/www.achgut.com\/artikel\/zum_tangotanzen_gehoeren_zwei_wir_sollten_ihnen_einen_korb_geben\/P6#section_leserpost<\/a><br \/>\n.<br \/>\n<strong>Null-Toleranz<\/strong><br \/>\nDie Opfer und ihre Hinterbliebenen bzw. der weitere Lebensweg und die gute Versorgung von k\u00f6rperlichen und seelischen Verletzungen von \u00dcberlebenden nicht nur terroristischer, sondern jeglicher Straftaten sollte absoluten Vorrang haben vor \u201cVerstehen\u201d des T\u00e4ters. \u201cWas haben \u201cwir\u201d bei der Integration falsch gemacht?\u201d, interessieren absolut nicht mehr. &#8230; Es wird Zeit f\u00fcr eine Null-Toleranz gegen\u00fcber Hasspredigern, Salafisten, Moscheevereinen usw. Wer unsere Lebensweise verachtenswert findet, m\u00f6ge dorthin gehen, wo die Lebensweise seiner Mitmenschen seine Fr\u00f6mmigkeit nicht in Zorn versetzt und sich unseren Sozialstaat abschminken. Wer das eine will, muss das amdere m\u00f6gen. Es kann nicht sein, dass ein Dieter Nuhr oder Hamed Abdel-Samad wegen Volksverhetzung angeklagt werden, eine Burkatr\u00e4gerin, die jemanden wegen Beleidigung anzeigt erst nach einem islamischen Rechtsgutachten vor einem deutschen Gericht ihre Maskerade ablegen muss, aber ein Pierre Vogel oder diverse nicht deutsch sprechende Imame hier ihre kranken Thesen ungestraft verbreiten d\u00fcrfen. Im \u00f6ffentlich-rechtlichen Fernsehen treten Turban- und Schleier-Damen auf, die sich demonstrativ von der europ\u00e4ischen Gesellschaft unterscheiden wollen und auf unsere Kosten Soziologie studieren d\u00fcrfen, damit sie anschl. gegen angebliche Diskriminierung k\u00e4mpfen k\u00f6nnen. Nicht nur diese Ideologie ist krank, sondern der unterw\u00fcrfig-schwanzwedelnde Umgang der deutschen Politik und sonstiger Gutmenschen mit dieser Ideologie.<br \/>\n.<br \/>\n24.3.2016 , Hjalmar Kreutzer<\/p>\n<p><strong>Wir brauchen mehr Mut, mehr Freiheit<br \/>\n<\/strong>F\u00fcr mich ist \u201cMut\u201d in diesen Tagen, wenn man es wagt, darauf aufmerksam zu machen, da\u00df Frau Merkel eventuell nicht ganz unschuldig ist, da\u00df Terroristen unkontrolliert, unerfa\u00dft, durch ganz Europa touren. \u201cMutig\u201d w\u00e4re es auch, zu sagen, da\u00df es irgendwie sonderbar ist, da\u00df die Polizei zwar die gewaltbereiten Salafisten anscheinend alle kennt, aber nicht einmal bei akuter Terrorgefahr, wie es der Fall ist, irgendwelche Rechte hat, diese festzunehmen oder ausweisen zu lassen. Oder warum warnt man, da\u00df es \u201cnur eine Frage der Zeit sei, bis so was hier passiert\u201d, so wie die belgische Polizei meinte, \u201cja, einen Terroranschlag wie in Br\u00fcssel habe man kommen sehen\u201d. Na prima, kann man da nur sagen. Warum zahlt man in diesem Fall \u00fcberhaupt irgendwelche Steuern an den Staat, wenn diesem die eigenen B\u00fcrger unwichtiger sind als irgendwelche abstrakten Ideen von angeblichem Liberalismus, der im Moment nur bewirkt, da\u00df Leute, die bereit sind, andere zu t\u00f6ten, mit Samthandschuhen angefa\u00dft werden. Das ist dann f\u00fcr mich kein Liberalimus mehr, sondern eine ideologisch verbr\u00e4mte, dekadente, satte und mitleidlose Selbstaufgabe.<br \/>\n24.3.2016, Paul Mittelsdorf<\/p>\n<p>&nbsp;<\/p>\n<p>&nbsp;<\/p>\n<p>&nbsp;<\/p>\n<p><strong>&#8222;Islamophobie wird zunehmen&#8220; &#8211;\u00a0Islamverb\u00e4nde warnen<\/strong><br \/>\nPolitische Verantwortungstr\u00e4ger treten vor Kameras und Mikrophone, um nach pflichtschuldigem Mitgef\u00fchl zu betonen, dass das aber \u201enichts mit dem Islam zu tun\u201c habe und selbstverst\u00e4ndlich auch \u201enichts mit Fl\u00fcchtlingen\u201c. Dass aus Anstand auf solche S\u00e4tze verzichtet wird, ist kaum zu erwarten. Denn der naheliegende Gedanke, dass wir uns mit vollkommen unkontrollierter und sogar subventionierter Masseneinwanderung aus den Terrorhochburgen dieser Welt eventuell zus\u00e4tzliche Gefahren importieren, muss so schnell wie m\u00f6glich zerstreut werden. &#8230;.<br \/>\nEs bringt nichts, jetzt zuv\u00f6rderst pauschal vor \u201eIslamophobie\u201c zu warnen und es ist das falsche Signal, nach solchen Anschl\u00e4gen den Schulterschluss mit den, zwar nicht-gewaltt\u00e4tigen aber dennoch ideologieaffinen und ideologief\u00f6rdernden Islamverb\u00e4nden zu suchen und ihnen zur Beruhigung ein paar neue Privilegien einzur\u00e4umen. So war es leider nach den Pariser Anschl\u00e4gen am Anfang und am Ende des letzten Jahres und es ist zu bef\u00fcrchten, dass sich daran auch jetzt nichts \u00e4ndert. &#8230;. Alles vom 23.3.2016 bitte lesen auf<br \/>\n<a href=\"https:\/\/www.achgut.com\/artikel\/ueber_verantwortung_am_tag_der_bruesseler_anschlaege\">https:\/\/www.achgut.com\/artikel\/ueber_verantwortung_am_tag_der_bruesseler_anschlaege<br \/>\n<\/a>\u00a0 \u00a0.<br \/>\n<strong>T\u00e4ter-Opfer-Verdrehung<\/strong><br \/>\nIch kann sie nicht mehr h\u00f6ren, diese T\u00e4ter-Opfer Verdrehung. Niemand wird alleine durch verfehlte Integration zum Massenm\u00f6rder. Integration ist wichtig, aber kann religi\u00f6s-ideologische Indoktrination nicht verhindern. Zudem hat jeder auch noch so entt\u00e4uschte Mensch, auch immer eine andere Wahl als den Terrorismus. Hinzu kommt, dass auch Bildung und Wohlstand nicht vor Radikalismus sch\u00fctzen, wie man anhand des Br\u00fcssel-Attent\u00e4ters Laachraoui (Elektroingenieur) sieht. Die entschiedensten Islamisten kommen h\u00e4ufig aus gutem Hause.<br \/>\n.<br \/>\n<strong>Unschuldige Opfer &#8211; von ihnen spricht niemand<\/strong><br \/>\nDarf ich die Erg\u00e4nzung der Redaktion noch erg\u00e4nzen? Im Facebookprofil von Karin G\u00f6ring-Eckardt kann man heute von einem Schreiber G. lesen: \u201cLeider haben solche Anschl\u00e4ge drei fatale Folgen &#8211; die Vorbehalte gegen Muslime und gegen den Islam werden zunehmen &#8211; rechte Parteien wie die AFD werden weiteren Zulauf bekommen,weil der Ruf nach einem starken wehrhaften Staat zunimmt &#8211; das Mi\u00dftrauen gegen alles Fremde wird zunehmen\u201d Und was hat Karin G\u00f6ring-Eckardt geantwortet? Ich stelle zwei Antworten zur Auswahl. a) Schrieb sie \u201cAber nein! Mir fiele da noch eine viel schlimmere Folge ein: dass heute unschuldige Menschen starben oder ihre Eltern, Lebenspartner, Kinder und Freunde verloren haben.\u201d b) Schrieb sie \u201cEin nicht unerheblicher Teil der Kommentare &#8211; teilweise bereits gel\u00f6scht &#8211; gibt Ihnen da leider Recht, Herr G.\u201d Zugegeben, das R\u00e4tsel ist sehr schlicht. So schlicht wie Herr G. und Frau KGE.<br \/>\n23.3.2016, Paul Simons, AO<br \/>\n.<br \/>\n<strong>Alkoholismus ohne Alkohol<\/strong><br \/>\nPeter Grimm hat leider Recht. Die ersten, von ihm bef\u00fcrchteten \u201cRelativierungen\u201d sind bereits auf N24 zu h\u00f6ren und sehen. In vielen ausl\u00e4ndischen Zeitungen, insbesondere der UK Times und der \u00d6sterreichischen \u201cKronenzeitung\u201d, sind Kommentare zu den aktuellen Berichten m\u00f6glich. Die \u00fcberw\u00e4ltigende Mehrzahl der Verfasser macht dort nicht nur das europ\u00e4ische Appeasement gegen\u00fcber dem Islam, sondern insbesondere Angela Merkels \u201cWillkommenspolitik\u201d der offenen Grenzen, die 1,5 Millionen Muslime nach Europa gesp\u00fclt hat, f\u00fcr den Terror (mit)verantwortlich. Warum? Kein \u201cnormal\u201d begabter, \u201cdurchschnittlich\u201d intelligenter B\u00fcrger w\u00fcrde auf die Idee kommen, den Islam nicht als notwendige Voraussetzung f\u00fcr den sog. \u201cIslamismus\u201d zu betrachten &#8211; oder, wie Henryk Broder anmerkte: \u201cAlkoholismus ohne Alkohol ergibt keinen Sinn.\u201d<br \/>\n23.3.2016, Gunther Bartelt, AO<\/p>\n<p><strong>Nicht mangelnde Integration machen zum Terroristen, sondern Islam-Indoktrination<\/strong><br \/>\nDieses ganze Geschwafel \u00fcber fehlgeschlagene Integration geht am Kern des Terrorismusproblems vorbei. Wenn jemand bereit ist sich selbst in die Luft zu sprengen, mu\u00df dem eine gr\u00fcndliche Gehirnw\u00e4sche vorausgegangen sein. Kein Lebewesen bringt sich selbst aus eigenem Antrieb um. Die Lemminge vielleicht ausgenommen. Es ist eine Tatsache, da\u00df diese Selbstmordanschl\u00e4ge stets mit einem rigorosen Verst\u00e4ndnis des Islam einhergehen. Um dieses Problem in den Griff zu kriegen, mu\u00df man eben die ganzen Koranschulen und Moscheen unter die Lupe nehmen und notfalls einschreiten, wenn dort solche Lehren vom ewigen Paradies f\u00fcr M\u00e4rtyrer verbreitet werden. Ich denke Religionsfreiheit ist eine wichtige Sache, doch findet sie dann ihre Grenzen, wenn sie dazu aufruft Andersgl\u00e4ubige zu t\u00f6ten und dies noch als heldenhafte Tat bejubelt. Deshalb ist es f\u00fcr mich unverst\u00e4ndlich, da\u00df Ha\u00dfprediger weiterhin ihr Unwesen treiben k\u00f6nnen, ohne da\u00df die Gesellschaft dagegen einschreitet. Falsch verstandene R\u00fccksichtnahme f\u00fchrt in diesem Fall unweigerlich zur Katastrophe. Integrieren kann man nur jemanden, der bereit ist, sich von \u00fcberholten Denkmustern zu l\u00f6sen. Und das ist leider bei vielen Moslems nicht der Fall.<br \/>\n23.3.2016, Echnaton<\/p>\n<p>.<\/p>\n<p>&nbsp;<\/p>\n<p><strong>Mehrzahl der Opfer des Terrors sind Muslime &#8211; Angst vor Islam<\/strong><br \/>\nDie S\u00fcddeutsche weist darauf hin, dass die Mehrzahl der Opfer des Terrors auch Muslime seien. Schon wahr, &#8211; wichtig f\u00fcr die Bek\u00e4mpfung des Terrors ist aber die Erkenntnis, dass Terroristen fast ausschlie\u00dflich Mulime sind und das der Islam diesen Terroristen die psychologische Kraft gibt , diese entsetzlichen Taten auszuf\u00fchren. Wer diese Tasache ausblendet oder relativiert, macht sich indirekt mitschuldig an zuk\u00fcnftigen Opfern.<br \/>\n23.3.2016<br \/>\n.<br \/>\nWas nun? Zun\u00e4chst: Mitgef\u00fchl mit den Angeh\u00f6rigen der Opfer. Solidarit\u00e4tsbekundungen &#8230; Die Islam-Verb\u00e4nde sagen, was sie nach islamistisch motiviertem Terror immer sagen: Hier wird ihre Religion missbraucht. Alles richtig. Aber irgendwie auch alles seltsam routiniert. Ratlos. Ohnm\u00e4chtig. Die Gefahr besteht, dass die Trauerrhetorik und die Solidarit\u00e4tsadressen zum Ritual des Terrors verk\u00fcmmern und wir die Analyse vergessen, wie freiheitlich organisierte Staaten sich wirksam gegen Menschen zur Wehr setzen, die den Tod nicht scheuen. &#8230; Alles vom 23.3.2016 bitte lesen auf <a href=\"https:\/\/www.rheinische-post.de\">www.rheinische-post.de<\/a><br \/>\n.<br \/>\nDer ARD-Korrespondent in Br\u00fcssel, Rolf-Dieter Krause: &#8222;Es reicht nicht, die Tugenden der freien, offenen Gesellschaft zu beschw\u00f6ren, sondern man mu\u00df etwas daf\u00fcr tun. So mu\u00df die muslimische Gemeinde im Br\u00fcsseler Stadtteil Molenbeek daf\u00fcr Sorge tragen, dass die M\u00f6rder und Terroristen (Abdeslam \u00fcber vier Monate hinweg) in ihrem Bezirk keinen Schutz- und R\u00fcckzugsraum finden.&#8220; Das sei die Pflicht von Mitb\u00fcrgern, die sich als B\u00fcrger der freien Gesellschaft verst\u00fcnden &#8211; auch die in gro\u00dfst\u00e4dtischen Parallelgesellschaften. Wenn muslimische Viertel Terroristen verstecken, d\u00fcrfen sie sich \u00fcber wachsende Ressentiments und Angst vor dem Islam nicht wundern.<br \/>\n23.3.2016, <a href=\"https:\/\/www.hartaberfair.de\">www.hartaberfair.de<\/a><br \/>\n.<br \/>\n<strong>Die meisten Terroropfer sind Muslime<\/strong><br \/>\n&#8222;&#8230;dass die meisten Terroropfer weltweit selbst Muslime sind.&#8220; (<a href=\"https:\/\/www.sueddeutsche.de\">www.sueddeutsche.de<\/a>) Dazu ist festzustellen, dass die T\u00e4ter, die sich mit Sprengstoffg\u00fcrteln in die Luft sprengen, IMMER Muslime sind. Der Terrorist Abdeslam wohnte anscheinend recht unbehelligt vier Monate in seinem Heimatort Molenbeek. Zwischen Nachbarn, Freunden und Verwandten. Und da soll man keine Vorurteile aufbauen und sie weiter zu Millionen willkommen hei\u00dfen? W\u00e4hrend die Politiker Europas &#8222;betroffen&#8220; sind und die \u00fcblichen Floskeln von sich geben, wird wahrscheinlich bereits der n\u00e4chste Angriff vorbereitet.<br \/>\nUnd schon wieder wird relativiert. Der Islam in Europa wie er sich darstellt ist nicht mehr hinnehmbar. Unsere Gesetze sind durchzusetzen. Und wer nicht danach leben will soll gehen oder gegangen werden. Es reicht. Aber ich habe es aufgegeben zu erwarten, das die Medien oder die &#8222;etablierten Parteien&#8220; das endlich verstehen wollen. Statt dessen setzt man Islamkritik mit Rassismus gleich und verdreht s\u00e4mtliche Tatsachen. T<br \/>\natsache ist, das \u00fcberall wo der Islam vorherrscht Armut, Hunger, Terror und Krieg herrscht.<br \/>\nTatsache ist, das Frau Merkel mit dem hereinlassen von 2 Millionen weiteren sunnitischen Muslimen in unser Land die Terrorgefahr in ungeahnte H\u00f6hen katapultiert hat.<br \/>\nTatsache ist, das diese Menschen hier genau so weiterleben wollen wie Sie in Ihren Heimatl\u00e4ndern lebten. Mit Ihrem Glauben und all den negativen Begleiterscheinungen welcher dieser mit sich bringt. Und das werde ich nicht mehr tolerieren. Kopftuchzwang, Pr\u00fcgelstrafe, Konvertierverbot, bet\u00e4ubungsloses Sch\u00e4chten, Zwangsverheiratungen, Salafismus, ignorieren der Grundrechte (bis auf die Religionsfreiheit) und nicht zuletzt Antisemitismus. Mit der Toleranz gegen\u00fcber diesem Verhalten mu\u00df umgehend Schluss sein. Sonst haben wir keine Zukunft mehr in unseren eigenen L\u00e4ndern. Sie, die Medien ebenfalls nicht. Die Gefahr f\u00fcr die Demokratie stellen nicht die paar Anh\u00e4nger der NPD dar. Die Gefahr hei\u00dft Islam. Und dann kommt erst mal lange nichts.<br \/>\n23.3.2016, Kaiser<br \/>\n.<br \/>\n.<br \/>\n<strong>Hat aber alles nix mit nix zu tun<\/strong><br \/>\n<em>&#8222;Viele Gr\u00fc\u00dfe aus Br\u00fcssel. Wir haben soeben das Parlament verlassen. Hubschrauber kreisen. Milit\u00e4r r\u00fcckt an. Sirenen \u00fcberall. Offenbar viele Tote am Flughafen und am Zentralbahnhof. Hat aber alles nix mit nix zu tun.&#8220;<\/em><br \/>\nDiese Zeilen postete AfD-Frau Beatrix von Storch am Morgen, kurz nach den Anschl\u00e4gen von Br\u00fcssel, auf ihrer Facebook-Seite. &#8230;.<br \/>\nDie ehemalige CDU-Bundestagsabgeordnete Vera Lengsfeld &#8230; schrieb, die Kanzlerin habe &#8222;alles daf\u00fcr getan, dass der Terror in Europa Fu\u00df fassen kann&#8220;. &#8222;Lasst uns Angela Merkel feiern, sie hat es geschafft!&#8220; &#8230;.<br \/>\nAlles vom 22.3.2016 bitte lesen auf<br \/>\n<a href=\"https:\/\/www.welt.de\/politik\/deutschland\/article153572501\/AfD-Politikerin-von-Storch-provoziert-mit-Facebook-Post.html\">https:\/\/www.welt.de\/politik\/deutschland\/article153572501\/AfD-Politikerin-von-Storch-provoziert-mit-Facebook-Post.html<br \/>\n<\/a>\u00a0 .<br \/>\nParadoxer k\u00f6nnen die Einsch\u00e4tzung der Ereignisse von Br\u00fcssel wohl nicht sein, denn menschenverachtend sind nicht die Tweets und Facebook Eintr\u00e4ge von Lengsfeld und von Storch, sondern eine Politik der offenen Grenzen, die dem Terror seine sch\u00e4ndliche &#8222;Arbeit&#8220; erleichtert, die innere Sicherheit nicht mehr gew\u00e4hrleisten und in letzter Konsequenz Terrorakte billigend in Kauf nimmt. UND? Ich verstehe es jetzt wirklich nicht!<br \/>\n.<br \/>\n<strong>Hinweis auf Schmutz ist gef\u00e4hrlicher als der Schmutz selbst<\/strong><br \/>\nIch wei\u00df nicht, was an beiden Kommentaren verwerflich oder geschmacklos sein soll. Nur blinde Multikultisten mit rosaroter Brille leugnen standhaft die Zusammenh\u00e4nge! Da f\u00e4llt mir der gute Kurt Tucholsky ein:<br \/>\nI<em>m \u00fcbrigen gilt ja hier derjenige, der auf den Schmutz hinweist, <\/em><br \/>\n<em>f\u00fcr viel gef\u00e4hrlicher als der, der den Schmutz macht.<\/em><br \/>\n22.3.2016, Anna<br \/>\n.<br \/>\nEs werden best\u00e4ndig Zusammenh\u00e4nge unter den Teppich gekehrt. Unterstellen Sie von Storch auch keine Schadenfreude, dazu fehlt Ihnen die schlichtweg die Beurteilungsgrundlage. Ein Ausdruck von retardierter Mediengeilheit sind in dem Zusammenhang eher die immer gleich stereotypen Beleidsbekundungen von Altpartienpolitikern, die &#8211; da war der Anschlag noch keine paar Stunden alt &#8211; wie Pilze aus dem Boden schossen.<br \/>\n22.3.2016, Christoph Hohler<br \/>\n.<br \/>\nWas ist an von Storchs Aussage piet\u00e4tlos? Mit &#8222;Piet\u00e4t&#8220; und das &#8222;Mitgef\u00fchl&#8220; ist von Seiten der (Selbst)&#8220;Guten&#8220; doch nur gemeint, dass man ihnen nicht den Spiegel vorhalten darf und klar macht, dass sie selbst die Produzenten der Szenen sind. Im \u00dcbrigen ist es mehr Mitgef\u00fchl sauer darauf zu sein, wovor man ewig gewarnt hatte, als hinterher so einen Phrasen-Gedresche abzulassen und so zu tun, dass das ja h\u00e4tte niemand ahnen k\u00f6nnen. Vor Allem: Wie die Medien und Politiker nun die Tat dazu instrumentalisieren, ihren EU-Plan voranzutreiben, versuchen den &#8222;Nationalstaaten&#8220; die Schuld zu geben und den gemeinen B\u00fcrger unter Verdacht stellen und dass dieser nun kein Recht h\u00e4tte, einen expansive Milit\u00e4r- und \u00dcberwachungsstaat zu kritisieren.<br \/>\n23.3.2016, Johann<\/p>\n<p>&#8222;Nix mit nix zu tun&#8220; entspricht, nicht nur f\u00fcr wache B\u00fcrger, der Wahrheit, sondern ist auch ein treffendes Beispiel f\u00fcr die &#8222;no Speech Atmosphere&#8220; welche hierzulande wieder eingekehrt ist ! Kurz nach K\u00f6ln sah es f\u00fcr einige Zeit besser aus, aber nun geht alles wieder seinen politisch korrekten Gang!<br \/>\nBloom<br \/>\nEs ist eigentlich folgerichtig bzw. als folgerichtig denkbar gewesen &#8211; leider eingetroffen. Unbeschr\u00e4nkte Bev\u00f6lkerungsexplosion, Globalisierung mit altem Urkapitalismus; dann hier die gewonnene Freiheit nach totaler Katastrophe und langem Kampf um Demokratie und eben diese Freiheit, das Verschlie\u00dfen der Augen vor der wirklichen Welt, davon abgeleitet, dass alle Menschen an sich Demokraten w\u00e4ren und sich nach Freiheit und Demokratie sehnen und alle furchtbar unschuldig an der \u00dcberv\u00f6lkerung und auch der Zerst\u00f6rung ihrer eigenen L\u00e4nder w\u00e4ren (ohne die tats\u00e4chlich vorhandene Schuld des Westens au\u00dfer Acht lassen zu wollen), dass alle Religionen und Weltanschauungen nat\u00fcrlich vollkommen gleich w\u00e4ren, und wenn etwas H\u00e4ssliches, wie z. B. an Silvester zutage tritt, dann w\u00e4ren wir schuld daran und alle m\u00fcssten von uns mit Wattehandschuhen angefasst und therapiert werden, weil sie ja durch uns das angestellt haben. Man gebe sich nicht der Illusion hin, dass das schon das Ende der Attentate bzw. des Kampfes der Kulturen w\u00e4re!<br \/>\n23.3.2016, B.Wied<br \/>\n.<br \/>\nFrau Lengsfeld und Frau von Storch haben recht, da k\u00f6nnen die Verharmloser und Relativierer noch so sch\u00e4umen.<br \/>\nDa ist wieder die gnadenlose Einbildung, recht zu haben, weil es die Emotionen so wollen. Jeder, der nachdenkt, kritisiert, auf Dinge hinweist, ist sofort ein rechter Hetzer. Das steht, denken Sie mal nach, in der absolut unseligsten Tradition der vorangegangenen Generation. Die hatten auch absolut recht und trachteten schlie\u00dflich jedem nach dem Leben, der anders dachte! Was hier in diesem Land fehlt, das ist eine Diskussionskultur, der Wille, komplexe Dinge in ihrer Vielschichtigkeit auseinanderzunehmen und zu betrachten! Wenn das so weitergeht mit der Unkultur, dann ist dieses Land nicht mehr mein Land, so, wie es f\u00fcr \u00fcber 23.000 weitere Hochausgebildete pro Jahr nicht mehr ihr Land ist!<br \/>\nDie Menschen werden nicht aufgewiegelt,\u00a0sondern aufgeweckt. Ausserdem bedarf es keiner AfD um sich die Meinung zu bilden, dass in Deutschland in Punkto Zuwanderung seit 3 Jahrzehnten so gut wie alles falsch l\u00e4uft was nur falsch laufen kann. Der gr\u00f6\u00dfte Fehler, die Bringschuld der Integration nicht einzufordern, die gescheiterten Zuwanderungsmassen mit Samthandschuhen anfassen und Jahrelang mit Geld, mehr Geld und noch mehr Geld, ruhigzustellen. Einfach mal die rosarote Zuwanderungsbrille absetzen.<br \/>\nWeil jeder Einwand sofort von Ihresgleichen als &#8222;rechte Parole&#8220; tituliert wird. Sie sollten mal in sich gehen und nachdenken! Die &#8222;rechten Parolen&#8220; der AfD waren noch vor 30 JAhren Wahlprogramm der SPD!<br \/>\n.<br \/>\nWieviel k\u00f6nnte man in diesen L\u00e4ndern mit 50 Milliarden Euro erreichen! Aber unsere Politiker setzen lieber darauf, die Armen und Drangsalierten in diesen L\u00e4ndern ihrem Schicksal zu \u00fcberlassen und vorwiegend &#8222;M\u00e4nner in den besten Jahren&#8220; nach Deutschland zu holen. Menschen, die durchaus Tausende Euro f\u00fcr Schlepper bezahlen k\u00f6nnen. Diese fehlen nat\u00fcrlich ihren L\u00e4ndern. Aber diese Inhumanit\u00e4t wird weder beachtet, noch in den Medien kommuniziert.<br \/>\nGalakticus<br \/>\nDas unselige Spiel kennen wir doch schon &#8211; jetzt hei\u00dft es wieder, die Merkel-Kritiker w\u00fcrden diese tragische Situation in Br\u00fcssel schamlos ausn\u00fctzen, dabei weisen sie doch nur ganz richtig auf die Fehler und die Schuld der bis heute unbelehrbaren &#8222;alle-Grenzen-auf-Truppe&#8220; hin. Aber hier ist jeder Kritiker einfach nur Rechts und der Dschihad hat nichts mit dem Islam zu tun.<br \/>\n23.3.2016, Pinin<\/p>\n<p><strong>Nach der Energiewende nun die Migrationswende?<\/strong><br \/>\nNach der Logik von Fukushima (&#8222;eine Neubewertung der Risiken l\u00e4sst uns zu dem Schluss kommen, dass das Restrisiko nicht tragbar ist&#8220;) und der darauf folgenden Energiewende w\u00e4re jetzt die Migrationswende dran &#8211; auch, wenn sich herausstellen sollte, dass die Br\u00fcssler Anschl\u00e4ge nichts mit Deutschlands Politik der abgeschafften Grenzen zu tun h\u00e4tten.<br \/>\n22.3.2016, Durchdacht<br \/>\n.<br \/>\n<strong>Echte Fl\u00fcchtlinge sind Leidtragende vom Merkel&#8217;s Masseneinwanderung<\/strong><br \/>\nGerade Leute, die mit &#8222;echten&#8220; Fl\u00fcchtlingen zu tun hatten oder selber welche gewesen sind, sollten Merkel&#8217;s \u00d6ffnung der Grenzen f\u00fcr Jedermann eigentlich sehr kritisch sehen, denn die &#8222;echten&#8220; Fl\u00fcchtlinge sind die ersten Leidtragenden dieser Politik, weil sie mit dem ganzem islamistischen und kriminellen Beiwerk in Massenunterk\u00fcnfte gefercht werden! Was meinen sie wohl warum \u00fcber den Massenunterk\u00fcnften ein strenges Berichterstattungsverbot h\u00e4ngt und Angestellte Verschwiegenheitsklauseln unterschreiben m\u00fcssen? Es ist eine ideologische Verblendung zu glauben, dass die von Merkel initierte Masseneinwanderung \u00fcber das Asylrecht irgendetwas mit der Gew\u00e4hrung von Schutz und Humanismus zu tun h\u00e4tte! Im Gegenteil: Es ist die v\u00f6llige Pervertierung des Asylrechts!<br \/>\n22.3.2016, Matthias<\/p>\n<p>Die einzige Motivation des islamischen Terrors sind Aussagen des Koran, ob es nun gef\u00e4llt oder nicht. Selbstverst\u00e4ndlich kann man gegen diesen Terror Grenzen sichern und kontrollieren. Unsere osteurop\u00e4ischen Nachbarn beweisen es uns t\u00e4glich. Dort gibt es nie solche Anschl\u00e4ge. Aber Frau Merkel und Konsorten wollen es anscheinend so.<br \/>\nBeide haben recht. Deutschland ist auf dem besten Weg, Terrorimporteur Nr.1 zu werden. Und zwar WELTWEIT!!<br \/>\nHarni<\/p>\n<p>Wenn Grenzen nicht gesichert werden, ist es nun einmal eine unumst\u00f6\u00dfliche Tatsache, da\u00df jeder &#8211; egal welcher Absicht und Gesinnung &#8211; jeden Ort in Europa erreichen kann. Die Forderung nach Grenzkontrollen heisst ja nicht, da\u00df man Fl\u00fcchtlingen nicht helfen d\u00fcrfe aber k\u00f6nnte man dies bitte etwas kontrollierter und weniger chaotisch tun. Dies w\u00fcrde im \u00fcbrigen auch den meisten Fl\u00fcchtlingen n\u00fctzen, schlie\u00dflich wollen sie nicht vom Regen in die Traufe und nur ein funktionierender Rechtsstaat kann ihnen den Schutz garantieren, den sie schlie\u00dflich bei uns suchen.<br \/>\nIch bin einfach nur w\u00fctend. W\u00fctend dar\u00fcber, dass wir auch in Deutschland durch diese Politik diese Terror-Szenarien noch wahrscheinlicher gemacht haben. W\u00fctend, dass uns erz\u00e4hlt werden soll, es ist v\u00f6llig korrekt, dass Str\u00f6me von Tausenden von Menschen ungefiltert und unregistriert in Zeiten des Terrors unsere Landesgrenze passieren konnten. W\u00fctend, dass uns erz\u00e4hlt wird, dass alle diese Menschen nur Schutz suchen, obwohl schon \u00dcbergriffe in den Unterk\u00fcnften auf Christen unbestritten sind und wir sehen, der N\u00e4hrboden f\u00fcr die Islamisten ist gewachsen. Und diese beiden Damen, die nun hier angegangen werden, weil sie sich w\u00fctend \u00e4u\u00dfern, d\u00fcrfen ebenso w\u00fctend sein. Denn dies ist menschlich und ich glaube f\u00fcr eine breite Menge nachvollziehbar.<br \/>\nSandal<\/p>\n<p>Ob die Posts von Storch und Lengsfeld nun geschmacklos sind oder nicht &#8211; solange es in Deutschland andere Leute gibt, die nur in solchen Posts ein Problem sehen und nicht im Terror selbst, brauchen wir genau solche Wortmeldungen! Denn diese anderen Leute sind die wahren Zyniker und verhindern jede rationale Probleml\u00f6sung.<br \/>\nMan kann es drehen und wenden wier man will: jeder Anschlag, jede islamistische Gewalttat gibt den Kritikern der ungehemmten Zuwanderung zumindest ein St\u00fcck weit recht &#8211; und den Bef\u00fcrwortern ein St\u00fcck weit unrecht. Und jeder Anschlag l\u00e4sst den politischen Wind in Europa ein St\u00fcck weit drehen. Die Bef\u00fcrworter von Multikulti m\u00f6gen es gut gemeint haben &#8211; aber sie haben es schlecht gemacht.<br \/>\n22.3.2016, Jens<\/p>\n","protected":false},"excerpt":{"rendered":"<p>Home &gt;Engagement &gt;Zukunft &gt;Demokratie\u00a0&gt;Bruessel22-3-2016 &nbsp; Attaque au couteau islamiste a Nice: Trois morts dont deux femmes, plusieurs bless\u00e9s\u00a0(29.10.2020) Strassenschlachten und Aufruhr in Br\u00fcssel (4.12.2017) Belgiens Innenminister: Integration gescheitert &#8211; Muslime haben nach Anschl\u00e4gen getanzt (18.4.2016) K\u00e4\u00dfmann will Terroristen von Br\u00fcssel &hellip; <a href=\"https:\/\/www.freiburg-schwarzwald.de\/blog\/engagement\/zukunft\/demokratie\/bruessel22-3-2016\/\">Weiterlesen <span class=\"meta-nav\">&rarr;<\/span><\/a><\/p>\n","protected":false},"author":2,"featured_media":0,"parent":21084,"menu_order":0,"comment_status":"open","ping_status":"closed","template":"","meta":{"footnotes":""},"class_list":["post-60156","page","type-page","status-publish","hentry"],"_links":{"self":[{"href":"https:\/\/www.freiburg-schwarzwald.de\/blog\/wp-json\/wp\/v2\/pages\/60156","targetHints":{"allow":["GET"]}}],"collection":[{"href":"https:\/\/www.freiburg-schwarzwald.de\/blog\/wp-json\/wp\/v2\/pages"}],"about":[{"href":"https:\/\/www.freiburg-schwarzwald.de\/blog\/wp-json\/wp\/v2\/types\/page"}],"author":[{"embeddable":true,"href":"https:\/\/www.freiburg-schwarzwald.de\/blog\/wp-json\/wp\/v2\/users\/2"}],"replies":[{"embeddable":true,"href":"https:\/\/www.freiburg-schwarzwald.de\/blog\/wp-json\/wp\/v2\/comments?post=60156"}],"version-history":[{"count":1,"href":"https:\/\/www.freiburg-schwarzwald.de\/blog\/wp-json\/wp\/v2\/pages\/60156\/revisions"}],"predecessor-version":[{"id":84221,"href":"https:\/\/www.freiburg-schwarzwald.de\/blog\/wp-json\/wp\/v2\/pages\/60156\/revisions\/84221"}],"up":[{"embeddable":true,"href":"https:\/\/www.freiburg-schwarzwald.de\/blog\/wp-json\/wp\/v2\/pages\/21084"}],"wp:attachment":[{"href":"https:\/\/www.freiburg-schwarzwald.de\/blog\/wp-json\/wp\/v2\/media?parent=60156"}],"curies":[{"name":"wp","href":"https:\/\/api.w.org\/{rel}","templated":true}]}}