{"id":60011,"date":"2016-03-17T20:55:26","date_gmt":"2016-03-17T19:55:26","guid":{"rendered":"https:\/\/www.freiburg-schwarzwald.de\/blog\/?page_id=60011"},"modified":"2026-02-01T15:58:18","modified_gmt":"2026-02-01T14:58:18","slug":"kontrollierte-grenzen","status":"publish","type":"page","link":"https:\/\/www.freiburg-schwarzwald.de\/blog\/global\/migration\/kontrollierte-grenzen\/","title":{"rendered":"Kontrollierte-Grenzen"},"content":{"rendered":"<p><a href=\"https:\/\/www.freiburg-schwarzwald.de\/blog\">Home<\/a> &gt;<a title=\"Global\" href=\"https:\/\/www.freiburg-schwarzwald.de\/blog\/global\/\">Global<\/a>\u00a0&gt;<a title=\"Integration\" href=\"https:\/\/www.freiburg-schwarzwald.de\/blog\/global\/integration\/\">Integration<\/a> &gt;<a title=\"Fluechtlinge\" href=\"https:\/\/www.freiburg-schwarzwald.de\/blog\/global\/integration\/fluechtlinge\/\">Fluechtlinge<\/a> &gt;<a title=\"Armut\" href=\"https:\/\/www.freiburg-schwarzwald.de\/blog\/selbsthilfe\/soziales\/armut\/\">Armut<\/a> &gt;<a title=\"Migration\" href=\"https:\/\/www.freiburg-schwarzwald.de\/blog\/global\/migration\/\">Migration<\/a> &gt;Kontrollierte-Grenzen<\/p>\n<div id=\"attachment_58075\" style=\"width: 649px\" class=\"wp-caption alignnone\"><a href=\"https:\/\/www.freiburg-schwarzwald.de\/blog\/selbsthilfe\/soziales\/jesiden\/fluechtlinge-hoellentalstrasse151216\/\" rel=\"attachment wp-att-58075\"><img loading=\"lazy\" decoding=\"async\" aria-describedby=\"caption-attachment-58075\" class=\"size-full wp-image-58075\" src=\"https:\/\/www.freiburg-schwarzwald.de\/blog\/wp-content\/uploads\/2015\/10\/fluechtlinge-hoellentalstrasse151216.jpg\" alt=\"Fl\u00fcchtlingswohnheim in FR-Littenweiler, H\u00f6llentalstrasse, am 16.12.2015\" width=\"639\" height=\"230\" srcset=\"https:\/\/www.freiburg-schwarzwald.de\/blog\/wp-content\/uploads\/2015\/10\/fluechtlinge-hoellentalstrasse151216.jpg 639w, https:\/\/www.freiburg-schwarzwald.de\/blog\/wp-content\/uploads\/2015\/10\/fluechtlinge-hoellentalstrasse151216-180x64.jpg 180w\" sizes=\"auto, (max-width: 639px) 100vw, 639px\" \/><\/a><p id=\"caption-attachment-58075\" class=\"wp-caption-text\">Fl\u00fcchtlingswohnheim in FR-Littenweiler, H\u00f6llentalstrasse, am 16.12.2015<\/p><\/div>\n<p>&nbsp;<\/p>\n<ul>\n<li><em>Listenauswahl eines Beitrags (Artikel\/Datum, Seite\/Inhalt):\u00a0<span style=\"text-decoration: underline;\">Klicken<\/span>\u00a0oder scrollen<\/em><\/li>\n<li><a href=\"https:\/\/www.freiburg-schwarzwald.de\/blog\/bahnsteig-migrant-resettlement\/\">Bahnsteig Migrant Resettlement<\/a> (30.1.2026)<\/li>\n<li><a href=\"https:\/\/www.freiburg-schwarzwald.de\/blog\/global\/eu\/migrationspakt\/\">Entwurzelung der Migranten sowie Destabilisierung der Aufnahmel\u00e4nder<\/a> (24.1.2026)<\/li>\n<li><a href=\"https:\/\/www.freiburg-schwarzwald.de\/blog\/global\/deutschland\/grenzoeffnung2015\/offene-grenzen-10-jahre\/\">Alexander Meschnig: 2015-2025 \u2013 Sozialrassismus gegen rechts<\/a>\u00a0(28.8.2025)<\/li>\n<li><a href=\"https:\/\/www.freiburg-schwarzwald.de\/blog\/10-jahre-wir-schaffen-das\/\">10 Jahre \u201eWir schaffen das\u201c<\/a>\u00a0(26.8.2025)<\/li>\n<li><a href=\"https:\/\/www.freiburg-schwarzwald.de\/blog\/grenz-regierung-oder-gericht\/\">Grenze: Regierung oder Gericht<\/a>\u00a0(4..6.2025)<\/li>\n<li><a href=\"https:\/\/www.freiburg-schwarzwald.de\/blog\/tuerkin-wir-koennen-nicht-mehr\/\">T\u00fcrkin: \u201eWir k\u00f6nnen nicht mehr<\/a>\u00a0(27.5.2025)<\/li>\n<li><a href=\"https:\/\/www.freiburg-schwarzwald.de\/blog\/engagement\/zukunft\/demokratie\/volk\/siedlungsgebiet\/\">Volksbegriff, Land ohne Volk, \u201eNo Border, no Nation\u201c-Ideologie, Siedlungsgebiet<\/a>\u00a0(4.5.2025)<\/li>\n<li><a href=\"https:\/\/www.freiburg-schwarzwald.de\/blog\/assad-sturz-in-syrien-frieden\/\">Assad-Sturz in Syrien \u2013 Frieden?<\/a>\u00a0(11.12.2024)<\/li>\n<li><a href=\"https:\/\/www.freiburg-schwarzwald.de\/blog\/global\/migration\/migrationspolitik\/\">Drei-Punkte-Regelung der Migration in die USA<\/a>\u00a0(10.11.2024)<\/li>\n<li><a href=\"https:\/\/www.freiburg-schwarzwald.de\/blog\/trauer-nach-solingen\/\">Trauer nach Solingen<\/a>\u00a0(27.8.2024)<\/li>\n<li><a href=\"https:\/\/www.freiburg-schwarzwald.de\/blog\/global\/integration\/asyl\/asylpolitik\/\">Wer weniger Asylmigration will, muss endlich die Grenzkontrollen versch\u00e4rfen<\/a> (9.8.2024)<\/li>\n<li>Der Open Borders-Irrtum (17.4.2024)<\/li>\n<li><a href=\"https:\/\/www.freiburg-schwarzwald.de\/blog\/global\/migration\/migrationspolitik\/\">Botswana-Pr\u00e4sident Masisi: \u201eJeden reinzulassen, ist absurd!\u201c<\/a> (29.3.2024)<\/li>\n<li><a href=\"https:\/\/www.freiburg-schwarzwald.de\/blog\/global\/integration\/asyl\/asylpolitik\/\">Verfassungsrichter a.D Papier: Asylrecht als T\u00fcr\u00f6ffner f\u00fcr illegale Migration\u00a0<\/a> (27.11.2023)<\/li>\n<li><a href=\"https:\/\/www.freiburg-schwarzwald.de\/blog\/massenzuwanderung-stoppen\/\">Massenzuwanderung stoppen<\/a>\u00a0(26.10.2023)<\/li>\n<li><a href=\"https:\/\/www.freiburg-schwarzwald.de\/blog\/die-grenzen-schliessen\/\">Die Grenzen schliessen<\/a>\u00a0(14.10.2023)<\/li>\n<li><a href=\"https:\/\/www.freiburg-schwarzwald.de\/blog\/global\/migration\/migrationspolitik\/\">Maa\u00dfen: Zuwanderung nach Deutschland kann man stoppen<\/a>\u00a0(10.9.2023)<\/li>\n<li><a href=\"https:\/\/www.freiburg-schwarzwald.de\/blog\/vert-realos-migrationspolitik\/\">Vert Realos: Migrationspolitik<\/a>\u00a0(22.2.2023)<\/li>\n<li><a href=\"https:\/\/www.freiburg-schwarzwald.de\/blog\/aufnahmefaehigkeit-migration\/\">Aufnahmef\u00e4higkeit \u2013 Migration<\/a>\u00a0(3.12.2022)<\/li>\n<li><a href=\"https:\/\/www.freiburg-schwarzwald.de\/blog\/polens-deutsche-migrationskrise\/\">Polens deutsche Migrationskrise<\/a>\u00a0(20.12.2021)<\/li>\n<li><a href=\"https:\/\/www.freiburg-schwarzwald.de\/blog\/global\/eu\/grenzen\/grenze-belarus\/\">Ent-Grenzung \u2013 Zur Krise an der Grenze Polen-Belarus<\/a>\u00a0(16.11.2021)<\/li>\n<li><a href=\"https:\/\/www.freiburg-schwarzwald.de\/blog\/global\/integration\/asyl\/asylpolitik\/\">Deutsche Asylpolitik verletzt Moral und internationales Recht<\/a>\u00a0(30.10.2021)<\/li>\n<li><a href=\"https:\/\/www.freiburg-schwarzwald.de\/blog\/global\/eu\/grenzen\/grenzenlos\/\">Grenzen \u2013 Ausgrenzung \u2013 grenzenlose Welt \u2013 offene Grenzen<\/a>\u00a0(25.8.2021)<\/li>\n<li><a href=\"https:\/\/www.freiburg-schwarzwald.de\/blog\/migration-75-ohne-ausweis\/\">Migration: 75% kommen ohne Ausweis<\/a>\u00a0(26.2.2021)<\/li>\n<li><a href=\"https:\/\/www.freiburg-schwarzwald.de\/blog\/global\/integration\/asyl\/asyl-ausweis\/\">H\u00e4lfte der Zuwanderer kommt ohne Pass<\/a>\u00a0(24.2.2021)<\/li>\n<li><a title=\"Corona-Migration\" href=\"https:\/\/www.freiburg-schwarzwald.de\/blog\/business\/gesund\/corona-virus\/corona-migration\/\">Grenze weiterhin offen;\u00a0Weder\u00a0Coronatests noch Zur\u00fcckweisungen von Migranten<\/a>\u00a0(27.3.2020)<\/li>\n<li>Gef\u00e4hrlich: Offene Au\u00dfengrenzen der BRD und Eiserner Vorhang der DDR (10.3.2020)<\/li>\n<li><a title=\"Erstaufnahmeeinrichtung Virus\" href=\"https:\/\/www.freiburg-schwarzwald.de\/blog\/erstaufnahmeeinrichtung-virus\/\">Erstaufnahmeeinrichtung &#8211; Virus<\/a> (14.3.2020)<\/li>\n<li><a title=\"Corona-Virus\" href=\"https:\/\/www.freiburg-schwarzwald.de\/blog\/business\/gesund\/corona-virus\/\">Zwei Krisen auf einmal:\u00a0Corona und\u00a0Zuwanderung<\/a>\u00a0(29.2.2020)<\/li>\n<li><a title=\"Aussengrenzen nicht sicher\" href=\"https:\/\/www.freiburg-schwarzwald.de\/blog\/aussengrenzen-nicht-sicher\/\">Aussengrenzen nicht sicher<\/a>\u00a0(5.2.2020)<\/li>\n<li><a title=\"Seenotrettung\" href=\"https:\/\/www.freiburg-schwarzwald.de\/blog\/global\/deutschland\/seenotrettung\/\">Seenotrettung: Gr\u00fcndeutscher Zeitgeist im Krieg mit Italien<\/a>\u00a0(1.7.2019)<\/li>\n<li><a title=\"Grundgesetz\" href=\"https:\/\/www.freiburg-schwarzwald.de\/blog\/engagement\/zukunft\/demokratie\/grundgesetz\/\">Rupert Scholz: Die Verfassung wird gebrochen<\/a> (19.6.2019)<\/li>\n<li><a title=\"Maa\u00dfen zur Meinungsdiktatur\" href=\"https:\/\/www.freiburg-schwarzwald.de\/blog\/maassen-zur-meinungsdiktatur\/\">Maa\u00dfen: Die Schleusen, die 2015 von Frau Merkel ge\u00f6ffnet wurden, sind immer noch offen<\/a>\u00a0(11.4.2019)<\/li>\n<li><a title=\"Europa-der-Vaterl\u00e4nder\" href=\"https:\/\/www.freiburg-schwarzwald.de\/blog\/global\/eu\/europa-der-vaterlaender\/\">Migration ist Schicksalsfrage des 21. Jahrhunderts \u2013 Grundsatzrede von Viktor Orban<\/a>\u00a0(25.3.2019)<\/li>\n<li>Bosbach: Das Wort &#8222;Asyl&#8220; ersetzt jegliche Grenzkontrollen (9.2.2019)<\/li>\n<li><a title=\"Global-Migration\" href=\"https:\/\/www.freiburg-schwarzwald.de\/blog\/global\/globalisierung\/global-migration\/\">Migrationspakt: Ohne Grenzen wird jeder Grenz\u00fcbertritt legal<\/a> (2.12.2018)<\/li>\n<li>Migrationspakt soll Merkels Grenz\u00f6ffnung legalisieren (16.11.2018)<\/li>\n<li>Merkelsteine: Grenzsicherung wird in die Innenst\u00e4dte verlegt (19.5.2018)<\/li>\n<li>Mia in Kandel von Abdul erstochen: Die Schuld der Politik (1.1.2018)<\/li>\n<li>Gutachten: Grenz\u00f6ffnung 2016 nicht rechtens (25.9.2017)<\/li>\n<li><a href=\"https:\/\/www.freiburg-schwarzwald.de\/blog\/afrika-retten-groessenwahn-d\/\">https:\/\/www.freiburg-schwarzwald.de\/blog\/afrika-retten-groessenwahn-d\/<\/a> (21.6.2017)<\/li>\n<li>T\u00fcrkei-Abkommen: \u201eOffenes Deutschland\u201c f\u00fchrt zur Staatsaufl\u00f6sung (31.3.2017)<\/li>\n<li>Entweder Kontrolle an den EU-Aussengrenzen oder aber auf \u00f6ffentlichen Pl\u00e4tzen in D (2.1.2017)<\/li>\n<li>Otto Schily: Einreise nach D legal schwierig, illegal einfach (27.12.2016)<\/li>\n<li>17500 Asylsuchende kommen monatlich &#8211; keine Wende (11.12.2016)<\/li>\n<li>Merkels Masseneinwanderung zerst\u00f6rt Deutschland und sein Grundgesetz (20.10.2016)<\/li>\n<li><a title=\"Daenemark\" href=\"https:\/\/www.freiburg-schwarzwald.de\/blog\/global\/daenemark\/\">D\u00e4nemark mit restriktver Einwanderungspolitik sehr erfolgreich<\/a> (1.10.2016)<\/li>\n<li>Angela Merkel: Antreten zum Weitermachen bei offenen Grenzen (17.8.2016)<\/li>\n<li>Unbegrenzte Einwanderung kostet Deutschland zu viel (2.8.2016)<\/li>\n<li>Offene Grenzen erzeugen Generalverdacht &#8211; gegen die Regierung (27.7.2016)<\/li>\n<li>Gewaltmonopol des Staates &#8211; seit Budapest 9\/2015 aufgegeben (27.7.2016)<\/li>\n<li>Migration ohne Ausweis als Normalfall: Rechtsbruch als Normalfall (22.7.2016)<\/li>\n<li>Gestaffeltes System von Grenzen statt EU-Reichsgrenze (1.4.2016)<\/li>\n<li>Zwischen 800.000 und 5,400.00 Fl\u00fcchtlinge in 2016 laut SAT-Prognose (17.3.2016)<\/li>\n<li><a title=\"Armutszuwanderung\" href=\"https:\/\/www.freiburg-schwarzwald.de\/blog\/global\/integration\/armutszuwanderung\/\">Wieviel Zuwanderer kann Europa aufnehmen &#8211; Kompetenzfestungen?<\/a> (13.5.2015)<\/li>\n<li><\/li>\n<li><a title=\"Armutszuwanderung\" href=\"https:\/\/www.freiburg-schwarzwald.de\/blog\/global\/integration\/armutszuwanderung\/\">Armutszuwanderung<\/a><\/li>\n<li><a href=\"https:\/\/www.freiburg-schwarzwald.de\/blog\/global\/integration\/asyl\/asyl-ausweis\/\">Asyl-Ausweis<\/a><\/li>\n<li><a href=\"https:\/\/www.freiburg-schwarzwald.de\/blog\/global\/integration\/asyl\/asylpolitik\/\">Asylpolitik<\/a><\/li>\n<li><a title=\"Balkan\" href=\"https:\/\/www.freiburg-schwarzwald.de\/blog\/global\/balkan\/\">Balkan<\/a><\/li>\n<li><a title=\"Corona-Virus\" href=\"https:\/\/www.freiburg-schwarzwald.de\/blog\/business\/gesund\/corona-virus\/\">Corona-Virus<\/a><\/li>\n<li><a title=\"Daenemark\" href=\"https:\/\/www.freiburg-schwarzwald.de\/blog\/global\/daenemark\/\">Daenemark<\/a><\/li>\n<li><a title=\"Einwanderungsgesetz\" href=\"https:\/\/www.freiburg-schwarzwald.de\/blog\/global\/integration\/einwanderungsgesetz\/\">Einwanderungsgesetz<\/a><\/li>\n<li><a title=\"EU\" href=\"https:\/\/www.freiburg-schwarzwald.de\/blog\/global\/eu\/\">EU<\/a><\/li>\n<li><a title=\"EU-Migration\" href=\"https:\/\/www.freiburg-schwarzwald.de\/blog\/global\/eu\/eu-migration\/\">EU-Migration<\/a><\/li>\n<li><a title=\"Grenzen\" href=\"https:\/\/www.freiburg-schwarzwald.de\/blog\/global\/eu\/grenzen\/\">Grenzen<\/a><\/li>\n<li><a href=\"https:\/\/www.freiburg-schwarzwald.de\/blog\/global\/eu\/grenzen\/grenzenlos\/\">grenzenlos<\/a><\/li>\n<li><a href=\"https:\/\/www.freiburg-schwarzwald.de\/blog\/global\/eu\/grenzen\/grenze-belarus\/\">Grenze-Belarus<\/a><\/li>\n<li><a title=\"Grenz\u00f6ffnung2015\" href=\"https:\/\/www.freiburg-schwarzwald.de\/blog\/global\/deutschland\/grenzoeffnung2015\/\">Grenz\u00f6ffnung2015<\/a><\/li>\n<li><a title=\"Kandel-Bluttat27-12-2017\" href=\"https:\/\/www.freiburg-schwarzwald.de\/blog\/engagement\/zukunft\/demokratie\/kandel-bluttat27-12-2017\/\">Kandel-Bluttat27-12-2018)<\/a><\/li>\n<li><a title=\"Idomeni\" href=\"https:\/\/www.freiburg-schwarzwald.de\/blog\/global\/migration\/idomeni\/\">Idomeni<\/a><\/li>\n<li><a title=\"Kompetenz\" href=\"https:\/\/www.freiburg-schwarzwald.de\/blog\/global\/integration\/kompetenz\/\">Kompetenz &#8211; Kompetenzfestungen<\/a><\/li>\n<li><a title=\"Rechtsstaat\" href=\"https:\/\/www.freiburg-schwarzwald.de\/blog\/selbsthilfe\/soziales\/justiz\/rechtsstaat\/\">Rechtsstaat<\/a><\/li>\n<li><a title=\"Seenotrettung\" href=\"https:\/\/www.freiburg-schwarzwald.de\/blog\/global\/deutschland\/seenotrettung\/\">Seenotrettung<\/a><\/li>\n<li><a href=\"https:\/\/www.freiburg-schwarzwald.de\/blog\/engagement\/zukunft\/demokratie\/volk\/siedlungsgebiet\/\">Siedlungsgebiet<\/a><\/li>\n<li><a title=\"Voelkerwanderung\" href=\"https:\/\/www.freiburg-schwarzwald.de\/blog\/global\/voelkerwanderung\/\">Voelkerwanderung<\/a><\/li>\n<li><a title=\"Youth-Bulges\" href=\"https:\/\/www.freiburg-schwarzwald.de\/blog\/engagement\/zukunft\/krieg\/youth-bulges\/\">Youth Bulges<\/a><\/li>\n<li><\/li>\n<\/ul>\n<p>Kompetenzfestungen in Kanada, Australien, Neuseeland und USA<br \/>\n.<br \/>\nSo wie Merkel\u00a0<strong>\u201eNun sind se halt da\u201d<\/strong>\u00a0gesagt hat, kann ein konservativer Kanzler\u00a0<strong>\u201eNun sind se halt weg\u201d<\/strong>\u00a0sagen, ohne dass sich die Rechtsgrundlage \u00e4ndern muss.<br \/>\n\u2026. Alles vom 8.6.2025 von Michael Klonovsky bitte lesen auf<br \/>\n<a href=\"https:\/\/www.klonovsky.de\/2025\/06\/8-juni-2025\">https:\/\/www.klonovsky.de\/2025\/06\/8-juni-2025<\/a>\/<br \/>\n=========================================================<br \/>\n.<br \/>\n.<br \/>\n<strong>Der Open Borders-Irrtum<\/strong><br \/>\nDenn es geht ja nicht um die Frage, ob Wanderungsbewegungen schlechthin zu stoppen sind. Solche hat es immer gegeben, und sie haben, wie Ludwig von Mises richtig erkannte, in der Regel wirtschaftliche Beweggr\u00fcnde. Mises geht dabei ausdr\u00fccklich davon aus, dass die Einwanderer sich an die Kultur des Gastlandes anpassen und deshalb die <a href=\"https:\/\/www.freiburg-schwarzwald.de\/blog\/global\/migration\/masseneinwanderung\/\">Einwanderung<\/a> auf lange Sicht auch funktioniert.<br \/>\nWas wir aktuell aber erleben, ist eine unkontrollierte <a href=\"https:\/\/www.freiburg-schwarzwald.de\/blog\/global\/migration\/masseneinwanderung\/\">Masseneinwanderung<\/a>, die inzwischen zahlenm\u00e4\u00dfig Dimensionen angenommen hat, welche eine solche <a href=\"https:\/\/www.freiburg-schwarzwald.de\/blog\/global\/integration\/assimilation\/\">Assimilation<\/a> verhindern und an die <a href=\"https:\/\/www.freiburg-schwarzwald.de\/blog\/engagement\/zukunft\/demografie\/bevoelkerungsaustausch\/\">V\u00f6lkerwanderung<\/a> denken lassen.<br \/>\n&#8230; Alles vom 17.4.2024 von Titus Gebel bitte lesen auf<br \/>\n<a href=\"https:\/\/www.misesde.org\/2024\/04\/podcast-der-open-borders-irrtum\/\">https:\/\/www.misesde.org\/2024\/04\/podcast-der-open-borders-irrtum\/<\/a><br \/>\n<a href=\"https:\/\/www.misesde.org\/podcast\/der-open-borders-irrtum\/\">https:\/\/www.misesde.org\/podcast\/der-open-borders-irrtum\/<\/a><br \/>\n.<br \/>\n.<br \/>\n<strong>Gef\u00e4hrlich: Offene Au\u00dfengrenzen der BRD und Eiserner Vorhang der DDR<\/strong><br \/>\nDurch <a href=\"https:\/\/www.freiburg-schwarzwald.de\/blog\/global\/integration\/fluechtlinge-kriminalitaet\/\">Gewalt von Fl\u00fcchtlingen<\/a>, die zwischen 2015 und 2019 \u00fcber offene, unkontrollierte Au\u00dfengrenzen nach Deutschland gekommen sind, haben mehr Menschen das Leben verloren als durch Gewalt von DDR-Grenzern an der innerdeutschen Grenze in 40 Jahren (offiziell gab es 270 Mauertote).<br \/>\nDie Gewalt durch Migranten nimmt laut <a href=\"https:\/\/www.freiburg-schwarzwald.de\/blog\/selbsthilfe\/krise\/gewalt\/kriminalstatistik\/\">BKA<\/a> auch 2019\/2020 weiter zu.<br \/>\n10.3.2020<\/p>\n<p><strong>Bereits 2019 mehr Tote durch Fl\u00fcchtlinge als Mauertote<\/strong><br \/>\nWer h\u00e4tte es 1989 f\u00fcr m\u00f6glich gehalten, da\u00df eine offene, unkontrollierte, t\u00f6dliche Grenze mit \u00e4hnlichem Starrsinn und \u00e4hnlicher Wut verteidigt wird wie ehedem der m\u00f6rderische Eiserne Vorhang? Hoppla, habe ich eben die m\u00f6rderische DDR-Grenze mit der offenen Grenze der Bundesrepublik verglichen? Das ist eine Provokation, nicht wahr?<br \/>\nLaut Berliner Staatsanwaltschaft sind bislang 270 durch DDR-Grenzsoldaten oder Grenzschutzanlagen unmittelbar zu Tode gekommene Menschen nachgewiesen. In 40 Jahren.<br \/>\nNach Auskunft des Bundeskriminalamtes haben sogenannte Fl\u00fcchtlinge von 2015 bis 2018, also in vier Jahren, in Deutschland 234 Menschen get\u00f6tet. Z\u00e4hlen wir die Opfer des laufenden Jahres 2019 hinzu, d\u00fcrfte die Mord- und Totschlagbilanz der &#8222;Geflohenen&#8220; jene der Mauersch\u00fctzen bereits \u00fcbertroffen haben.<br \/>\nWie Sie wissen, ist jede Klage \u00fcber diese Blutspur, ja bereits der Hinweis darauf rassistisch, fremdenfeindlich und dunkeldeutsch. Der progressive Teil der Deutschen hatte ja bereits mit den Maueropfern keine Probleme. Oder wie die Antifa sich auszudr\u00fccken beliebt: Deutsche T\u00e4ter sind keine Opfer.<br \/>\nMichael Klonovsky: Das zweifache \u00dcberleben der DDR, Seite 6,<br \/>\nBerlin 2019, ISBN 978-3-929886-73-3<\/p>\n<p>&nbsp;<\/p>\n<p><strong>Bosbach: Das Wort &#8222;Asyl&#8220; ersetzt jegliche Grenzkontrollen<\/strong><br \/>\n&#8222;Wichtig w\u00e4re eine glasklare, unmissverst\u00e4ndliche Antwort auf die nahe liegende Frage: Soll es auch in Zukunft dabei bleiben, dass allein das Asylgesuch an der Landesgrenze ausreicht, um einreisen zu d\u00fcrfen \u2013 auch ohne Pass oder andere Personaldokumente?<br \/>\nDass also das Wort &#8222;Asyl&#8220; die ansonsten vorgeschriebenen Einreiseformalit\u00e4ten ersetzt \u2013 obwohl alle Antragsteller \u00fcber sichere, verfolgungsfreie Staaten und stabile Demokratien einreisen m\u00f6chten?&#8220;<br \/>\n9.2.2019, Wolfgang Bosbach (CDU)<br \/>\n<a href=\"https:\/\/www.t-online.de\/nachrichten\/deutschland\/parteien\/id_85216994\/kommentar-soll-das-wort-asyl-alle-einreiseformalitaeten-ersetzen-.html\">https:\/\/www.t-online.de\/nachrichten\/deutschland\/parteien\/id_85216994\/kommentar-soll-das-wort-asyl-alle-einreiseformalitaeten-ersetzen-.html<\/a><br \/>\n.<br \/>\n<strong>Migrationspakt soll Merkels Grenz\u00f6ffnung legalisieren<\/strong><br \/>\nFolgende Worte der Bundeskanzlerin vom 13. November 2015 k\u00f6nnten auch die Pr\u00e4ambel des ausgearbeiteten Migrationspakts sein: \u201eEs geht in der Tat darum, dass ich k\u00e4mpfe, k\u00e4mpfe f\u00fcr den Weg, den ich mir vorstelle, f\u00fcr meinen Plan, den ich habe: an den Fluchtursachen anzusetzen, aus Illegalit\u00e4t Legalit\u00e4t zu machen und daf\u00fcr mit aller Kraft einzustehen. Ja!&#8220; So kann man den Migrationspakt als Verm\u00e4chtnis eben dieser deutschen Politikerin ansehen, deren Ziel es seit 2015 war, aus Illegalit\u00e4t Legalit\u00e4t zu machen. Dieser Politikerin einen w\u00fcrdigen Abgang zu bescheren und nachtr\u00e4glich aus ihren Absichten gute zu machen, scheint in der Tat das Anliegen dieses Paktes zu sein. Statt also dieser verheerenden Politik endlich eine Absage zu erteilen, wird ihr stattdessen mit dem Global Compact on Migration der Ritterschlag verliehen.<br \/>\n&#8230; Alles vom Marcus Vahlefeld vom 16.11.2018 bitte lesen auf<br \/>\n<a href=\"https:\/\/www.achgut.com\/artikel\/migrationspakt_die_nachgereichte_merkelweihe\">https:\/\/www.achgut.com\/artikel\/migrationspakt_die_nachgereichte_merkelweihe<\/a><br \/>\n.<br \/>\n<em>Markus Vahlefeld: <\/em><br \/>\n<em>Macht Hoch die T\u00fcr \u2013 Das System Merkel und die Spaltung Deutschlands, <\/em><br \/>\n<em>Oktober 2018, www.markus-vahlefeld.de<br \/>\n.<\/em><\/p>\n<p><strong>Als Autor des GCM kann D nicht mehr davon zur\u00fccktreten<\/strong><br \/>\nBislang waren fast alle Ideen, Reden und Machwerke von Fr. Merkel ein \u2018Schuss in den Ofen\u2019. So ist es auch nicht verwunderlich, dass in erster Linie Deutschland an der Erstellung dieses uns\u00e4glichen Pakts wesentlich beteiligt war. Folglich kann sie ihn jetzt kaum ablehnen, ohne das Gesicht zu verlieren. Aufgrund ihrer nur allzu bekannten Starrsinnigkeit w\u00fcrde sie ohnehin nicht ablehnen. Au\u00dferdem glaubt sie wahrscheinlich noch an das relocation\/resettlement-Projekt zur geplanten Weltregierung. Nina Herten: genauso ist es &#8211; der B\u00f6se ist der, der auf das Unheil hinweist ( siehe H. Maa\u00dfen, der gefeuert wurde, weil er zu den Geschehnissen in Chemnitz die Wahrheit gesagt hat ).<br \/>\n16.11.2018, Dr. Inge Frigge-Hagemann , AO<br \/>\n.<br \/>\n<strong>Migrationspakt zerst\u00f6rt unsere Kultur<\/strong><br \/>\nLieber Herr Vahlefeld, es geht um die Zerst\u00f6rung unserer Kultur und die der gesamten europ\u00e4ischen Zivilisation. Nichts haben die Open &#8211; Boarder &#8211; Leute aus der Geschichte gelernt, nichts aus den Erfahrungen mit multikulturellen Gesellschaften, wo niemals das Individuum im Mittelpunkt steht, sondern Parallelgruppen mit jeweils eigene Rechtspraxis. Aber ich glaube, es wird etwas ganz anderes geschehen, etwas was die Migrationsverherrlicher gar nicht auf dem Schirm haben. Am Ende wird nicht nur (falls er unterschrieben wird) der Migrationspakt aufgek\u00fcndigt werden, sondern auch solche Vereinbarungen wie die Genfer Fl\u00fcchtlingskonvention. Und was am Ende vom deutschen Asylrecht \u00fcbrigbleibt, wird auch die Frage sein. Die europ\u00e4ischen Gesellschaften werden dicht machen, und zwar radikal. Und sicher dann auch Deutschland. Das h\u00f6rt sich zur Zeit noch utopisch an, ich wei\u00df. Aber die \u00c4ra der v\u00f6lligen Selbstdestruktion geht ihrem Ende entgegen. Und am Ende obsiegt der \u00dcberlebenswille. Es bleibt zu hoffen, dass die Gegenentwicklung m\u00f6glichst fr\u00fch eintritt, am besten vor der n\u00e4chsten Finanzkrise. Denn ansonsten schl\u00e4gt das Pendel vielleicht noch extremer aus. Und eines nicht vergessen: Die Welt wird niemals am deutschen Wesen genesen, nur weil Deutschland dies will. Deutschland ist der moralisierende Idiot des Westens, unberechenbar, weil voll Hybris. Vor einem Land, das sich selbst und seine Kultur abschaffen will, f\u00fcrchtet sich mit Recht die Welt.<br \/>\n16.11.2018, Marc Blenk, AO<br \/>\n.<br \/>\n<strong>Merkelsteine: Grenzsicherung wird in die Innenst\u00e4dte verlegt<\/strong><br \/>\nNo Nations! oder die Ignoranz der Infantilit\u00e4t. Laut Merkel \u2013 \u201eWie soll das gehen?\u201c \u2013 k\u00f6nnen unsere Grenzen nicht gesichert werden. Eine Reihe von Attentaten, von unkontrolliert Eingereisten, mit viel zu vielen Toten in Deutschland und Europa nach der deutschen Grenz\u00f6ffnung 2015, haben aber gezeigt, dass ein Minimum von Sicherheit doch w\u00fcnschenswert w\u00e4re. Deshalb wurde die Grenzsicherung in die Innenst\u00e4dte verlegt.<br \/>\n&#8230;<br \/>\nDie deutsche Au\u00dfengrenze \u00fcber Land ist etwa 3.700 km lang.<br \/>\nIn 2.060 St\u00e4dten, 9.000 M\u00e4rkten und D\u00f6rfern werden nun zentrale Bereiche durch neue Mauern gesch\u00fctzt: Selbst bei kleinen Schutzzonen summiert sich die L\u00e4nge dieser Grenzen auf ein Vielfaches der angeblich nicht sicherbaren deutschen Grenze. Allein der hochgesicherte und bestgesch\u00fctzte Sicherheitszaun der 42 ha gro\u00dfen Theresienwiese, auf der das Oktoberfest in M\u00fcnchen veranstaltet wird, misst etwa 9 km.<br \/>\nGegen die fast allt\u00e4glichen Messerangriffe mit Schwerstverletzten und Toten, \u00fcber die die freie Presse oft nicht und oder nur versch\u00e4mt berichtet, helfen sie allerdings nicht.<br \/>\nJede Zeit hat ein Symbol, das ihrem Wollen und K\u00f6nnen Ausdruck verleiht. Auch unsere Zeit hat nun ihr Symbol bekommen: Den Merkelstein. Er soll, als Schutzwall gegen irgendetwas, das nur undeutlich benannt werden darf, im Kleinen die Sicherheit vort\u00e4uschen, die im Gro\u00dfen mit Grenzkontrollen leicht zu erreichen w\u00e4re, aber \u2013 aus was f\u00fcr Gr\u00fcnden auch immer \u2013 nicht gewollt ist. &#8230;<br \/>\nAlles vom 19.5.2018 bitte lesen auf<br \/>\n<a href=\"https:\/\/www.theeuropean.de\/thomas-punzmann\/14039-no-borders-ein-stadtspaziergang\">https:\/\/www.theeuropean.de\/thomas-punzmann\/14039-no-borders-ein-stadtspaziergang<\/a><\/p>\n<p>&nbsp;<\/p>\n<p><strong>Mia in Kandel von Abdul erstochen: Die Schuld der Politik<\/strong><br \/>\nVermeintlich moralische Entscheidungen, wie die unkontrollierte Grenz\u00f6ffnung, f\u00fchren in ihren Resultaten meist zu Konsequenzen, die sich erst im weiteren Verlauf zeigen. Eine davon ist, dass die Sehnsucht \u00fcber das, was wir gesellschaftlich verloren w\u00e4hnen, nun <a title=\"Muslime-Liebhaber\" href=\"https:\/\/www.freiburg-schwarzwald.de\/blog\/global\/integration\/muslime\/muslime-liebhaber\/\">vermeintlich von jungen M\u00e4nnern<\/a> erf\u00fcllt wird, die nicht immer gute Absichten haben, die mit Zur\u00fcckweisung nicht umgehen k\u00f6nnen und die weibliche Freiheit nur bedingt akzeptieren. Es ist nicht Mias (<a title=\"Kandel-Messerstecher Medien\" href=\"https:\/\/www.freiburg-schwarzwald.de\/blog\/kandel-messerstecher-medien\/\">15-j\u00e4hrige in Kandel von UMA erstochen<\/a>) Schuld,<br \/>\nsondern die Schuld einer Politik und medialen und gesellschaftlichen Debatte, die Vorsicht als Rassismus brandmarkt.<br \/>\nDie nur den Blick nach vorne und die Sch\u00f6nrednerei kennt.<br \/>\nDie Gefahren negiert und kulturelle Muster zu Einzelf\u00e4llen macht.<br \/>\nDeren gr\u00f6\u00dfte Angst die angebliche Fremdenfeindlichkeit einer Gesellschaft ist.<br \/>\nUnd die nichts mehr f\u00fcrchtet, als in die \u201erechte Ecke\u201c abgeschoben zu werden .<br \/>\n. &#8230;. Alles von Anabel Schunke vom 1.1.2018 bitte lesen auf<br \/>\n<a href=\"https:\/\/www.achgut.com\/artikel\/malte_murat_und_die_liebe_wie_in_hollywood\">https:\/\/www.achgut.com\/artikel\/malte_murat_und_die_liebe_wie_in_hollywood<\/a><br \/>\n.<br \/>\n<strong>Frauen vom multikultibesoffenen Bildungssystem gepr\u00e4gt,<\/strong><br \/>\n\u201cDie wichtigere Frage ist, was junge M\u00e4dchen und Frauen dazu antreibt, sich auf diese jungen M\u00e4nner einzulassen.\u201d Werte Frau Schunke, Sie sind doch eine Frau. M\u00fc\u00dften es also wissen. Erstens sind diese Frauen und M\u00e4dchen vom multikultibesoffenen Bildungssystem und seinen Medien gepr\u00e4gt, die dem Lamm eingeimpft haben, da\u00df der L\u00f6we eine mi\u00dfverstandene Kreatur ist, die im Grunde auch nur Gras fressen und bl\u00f6ken will. Und falls der L\u00f6we doch einmal ein L\u00e4mmchen rei\u00dft, dann hat es nichts mit dem Wesen des L\u00f6wen zu tun, sondern es ist v\u00f6llig unerkl\u00e4rlich. Ergo sind diesen M\u00e4dchen jemals vorhandene Schutz- und Fluchtinstinkte ausgetrieben worden. Zweitens treibt diese Frauen und M\u00e4dchen an, da\u00df es da exotische M\u00e4nner gibt, v\u00f6llig anders als ihre heimischen Langweiler, die sich Hipsterb\u00e4rte und Pferdeschw\u00e4nze wachsen lassen und deren gr\u00f6\u00dftes Abenteuer darin besteht, gegen die AfD zu demonstrieren. Drittens und Letztens hat Gefahr auch immer ihren Reiz und evolutionsbedingt suchen sich Frauen Besch\u00fctzer, die entweder k\u00f6rperlich in der Lage und willens sind, die Frau gegen andere Anspr\u00fcche zu verteidigen oder die es ihr Geld tun lassen.<br \/>\n2.1.2018, Karl Eduard, AO<\/p>\n<p><strong>Entmachtung des deutschen Mannes<\/strong><br \/>\nEs wundert mich entsprechend des gynozentristischen Narrativs nicht, dass im Kern die deutschen (wahlweise auch die wei\u00dfen) M\u00e4nner wieder an allem Schuld sein sollen. So einfach wird es diesmal &#8211; soviel kann man wohl jetzt schon sagen &#8211; nicht! Erlauben Sie mir andeutungsweise den fragenden Einwand: Warum wohl tun sich deutsche M\u00e4nner mit Beziehungen und Heirat so schwer? K\u00f6nnte es vielleicht &#8211; aber nur im Entferntesten &#8211; an den heutigen Frauen und ihrer (rechtlich abgesicherten) Anspruchshaltung liegen, in dem v\u00f6lligen \u2018Verrutschen der Geschlechterrollen\u2019 zulasten der M\u00e4nner?<br \/>\nK\u00f6nnte es vielleicht auch an einem Heer junger M\u00e4nner aus Scheidungsfamilie liegen, die das (finanzielle) Leid ihrer V\u00e4ter aus n\u00e4chster N\u00e4he miterleben durften und nun &#8211; vom Spieltisch zur\u00fccktretend &#8211; einen ganz anderen, einen ungesch\u00f6nten Blick auf die Realit\u00e4ten bundesdeutscher Vertr\u00e4ge erlangt haben?<br \/>\nMan muss kein Prophet sein, um zu erkennen, dass die nahezu totale (und hier insbesondere die RECHTLICHE) Entmachtung und Erniedrigung der M\u00e4nner als jener finale Fehler anzusehen ist, der die westliche Welt schlussendlich kollabieren lassen wird. Denn: Die M\u00e4nner k\u00f6nnen und werden nicht mehr k\u00e4mpfen (wof\u00fcr auch? f\u00fcr diese Gesellschaft und seinen Rechtsstaat, der M\u00e4nner als Menschen zweiter Klasse behandelt?)! Nein! Die Sache ist viel einfacher: M\u00e4nner l\u00f6sen Probleme, so wie Probleme seit Jahrtausenden zu l\u00f6sen sind: auf kalte, rationale Art. Und das hei\u00dft hier: Die M\u00e4nner machen den John Galt (\u201cAtlas Shrugged\u201d, Ayn Rand), also im Kern: \u201cDu kannst das System nicht besiegen, Du kannst ihm nur konsequent deine Arbeits- und Schaffenskraft entziehen.\u201d (vgl. die rasant wachsende MGTOW-Bewegung in Canada, Australien und den USA). Und sp\u00e4testens an diesem Punkt denkt man an das schauderhafte M\u00e4rchen vom Fischer und seiner Frau, das im ganz Gro\u00dfen nun wahr zu werden scheint: Der Lebensnerv der westlichen Gesellschaften ist durchschnitten. Die westliche Gesellschaft ist nun zur \u00dcbernahme bereit! Ihr habt kein Ma\u00df gehalten, bitte kein Lametieren, Ihr wolltet es so &#8211; wohl bekomms!<br \/>\n2.1.2018, Severin Sch\u00f6nfelder, AO<\/p>\n<p>Wenn deutsche Eltern ihre T\u00f6chter nicht sch\u00fctzen wollen<br \/>\nWeniger Liebe als Masche! Es liegt auch zum gro\u00dfen Teil an den Eltern, die lieber Jugendversteher sein wollen als ihre Tochter zu sch\u00fctzen. F\u00fcr die meisten moslemischen Jungs ist es die schreckliche lange Zeit, die es zu \u00fcberbr\u00fccken gilt bis geheiratet wird. Meist die schon l\u00e4ngst versprochene Nichte, aber auf jedenfall eine Muslima.<br \/>\nAus Sicht der (muslimischen) Eltern des Jungen ist so ein (oder mehrere) \u00dcbungsobjekte ok, denn ihrer Sicht wird das M\u00e4dchen ja von den Eltern angeboten. Ihre T\u00f6chter w\u00fcrden sie nie anbieten. Ist halt eine Frage der Ehre!<br \/>\n2.1.2018, Th.F.Brommelkamp, AO<br \/>\n.<br \/>\nMord an Mia in Kandel &#8211; \u00dcberfall auf B\u00fcrgermeiste in Kandel<br \/>\nWenn man wissen will wie der politisch, korrekte Mainstream in unserem Land funktioniert, mu\u00df man nur mal kurz die Mordattacke von Kandel mit dem Angriff auf den B\u00fcrgermeister von Altena gegen\u00fcberstellen.<br \/>\nW\u00e4hrend man die Ermordung von Mia am liebsten schnell unter dem Begriff \u201cEifersucht\u201d zu den Akten legt, wurde bei der Verletzung des B\u00fcrgermeisters von Altena ein ganzes Volk unter Generalverdacht der \u201cVolksverhetzung\u201d gestellt, inklusive \u201cAusheulen\u201d bei Maischberger. Bei der Attacke von Altena war der Hintergrund der Tat \u00fcberraschenderweise schon nach ca. 5 Minuten klar und wurde dementsprechend in den Medien kommuniziert, bei der Mordtat von Kandel wird der wahre Hintergrund wohl erst zum j\u00fcngsten Gericht bekanntgegeben werden.<br \/>\n2.1.2018, Frank Stricker, AO<\/p>\n<p>.<\/p>\n<p><strong>Gutachten: Grenz\u00f6ffnung 2016 nicht rechtens<\/strong><br \/>\nWenige Tage vor der Bundestagswahl sorgt ein Gutachten zur Fl\u00fcchtlingskrise f\u00fcr Aufregung. Ausgerechnet die Wissenschaftlichen Dienste des Bundestages stellen darin die Frage, ob das Parlament im Herbst 2015 nicht \u00fcber den Massenzuzug h\u00e4tte abstimmen m\u00fcssen. Die Juristen des Parlaments stellen fest, dass die Bundesregierung bis heute nicht erkl\u00e4rt hat, auf welcher Rechtsgrundlage sie damals entschied. &#8230;.<\/p>\n<p>Doch auch die Linke dringt auf Aufkl\u00e4rung. Die Abgeordnete Sevim Dagdelen, auf deren Auftrag das Gutachten zur\u00fcckgeht, kommentiert: \u201eDie Kanzlerin sollte aus Respekt vor dem Bundestag dazu Stellung nehmen.\u201c Es sei richtig gewesen, 2015 \u201eMenschen zu helfen\u201c. Das Gutachten zeige aber, wie bedenkenlos Merkel und ihr Vizekanzler Sigmar Gabriel (SPD) damals vorgegangen seien und so am Ende die AfD gest\u00e4rkt h\u00e4tten. \u201eLeider haben sie weder den Bundestag noch die Nachbarl\u00e4nder in den Entscheidungsprozess einbezogen.\u201c &#8230;<br \/>\nAlles vom 22.9.2017 bitte lesen auf<br \/>\n<a href=\"https:\/\/www.welt.de\/politik\/deutschland\/article168900336\/Gutachten-sieht-unklare-Rechtsgrundlage-fuer-Grenzoeffnung.html\">https:\/\/www.welt.de\/politik\/deutschland\/article168900336\/Gutachten-sieht-unklare-Rechtsgrundlage-fuer-Grenzoeffnung.html<\/a><\/p>\n<p>&nbsp;<\/p>\n<p><strong>T\u00fcrkei-Abkommen: \u201eOffenes Deutschland\u201c f\u00fchrt zur Staatsaufl\u00f6sung<\/strong><br \/>\nAuch insgesamt ist die T\u00fcrkei-Aff\u00e4re keineswegs beendet. Denn eine entscheidende Grundlage f\u00fcr t\u00fcrkische Eingriffsm\u00f6glichkeiten in deutsche Angelegenheiten besteht weiter: das Migrations-Abkommen, das die EU mit der T\u00fcrkei abgeschlossen hat. Es sieht vor, dass die T\u00fcrkei die Grenzkontrollen im S\u00fcdosten Europas \u00fcbernimmt und die EU daf\u00fcr \u2013 je nach Migrationsaufkommen \u2013 der T\u00fcrkei Migranten abnimmt und ihr zus\u00e4tzlich Milliardenbetr\u00e4ge \u00fcberweist. Damit trat ein Tauschgesch\u00e4ft an die Stelle einer eigenst\u00e4ndigen Wahrnehmung der Grenzhoheit durch die Staaten der EU. Dieser Deal, den die EU auf Betreiben der Bundesregierung gemacht hat, ist weiter in Kraft. Seitdem kann Erdogan bei jeder Gelegenheit damit drohen, die Grenze zu \u00f6ffnen und in Europa Chaos zu erzeugen. Diese Situation ist nicht einfach durch \u201eNachl\u00e4ssigkeiten\u201c und falsche \u201eEinsch\u00e4tzungen\u201c entstanden. Sie ist aktiv herbeigef\u00fchrt worden, weil dies die deutsche Regierungsideologie so wollte. Es ist die Ideologie einer globalen Offenheit. Das \u201eOffene Deutschland\u201c ist ein Gedankengebilde, das au\u00dferhalb des geltenden deutschen und internationalen Rechts steht. Dies freischwebende Konstrukt hat ganz praktische Konsequenzen im Hier und Jetzt: Grenzen und Hoheitsrechte werden aufgegeben. Das Trugbild vom \u201eoffenen Deutschland\u201c f\u00fchrt das herrschende politische Milieu immer wieder in die Richtung staatlicher Unt\u00e4tigkeit. Ende Februar hatte die Bundeskanzlerin auf einer CDU-Veranstaltung in Stralsund verk\u00fcndet, dass zum Volk \u201ealle geh\u00f6ren, die in Deutschland leben\u201c. Das entspricht exakt der Formel, mit der die Bundesregierung anfangs die T\u00fcrkei-Aff\u00e4re bew\u00e4ltigen wollte: Die deutsche Meinungs- und Versammlungsfreiheit soll f\u00fcr alle gelten, \u201edie in Deutschland reden wollen\u201c.<br \/>\n&#8230;. Alles von Gerd Held vom 31.3.2017 bitte lesen auf<br \/>\n<a href=\"https:\/\/www.achgut.com\/artikel\/die_tuerkei-affaere_wohin_das_offene_deutschland_fuehrt\">https:\/\/www.achgut.com\/artikel\/die_tuerkei-affaere_wohin_das_offene_deutschland_fuehrt<\/a><\/p>\n<p>.<\/p>\n<p><strong>Entweder Kontrolle an den EU-Aussengrenzen oder aber auf \u00f6ffentlichen Pl\u00e4tzen in D<\/strong><br \/>\nWill man nicht, dass Unschuldige dieser T\u00e4ter-Gruppe zugeordnet werden (<a title=\"Koeln-Silvester2016\" href=\"https:\/\/www.freiburg-schwarzwald.de\/blog\/global\/integration\/koeln-silvester2016\/\">K\u00f6ln Silvester 16-17<\/a>), bleibt schlicht gar nichts anderes \u00fcbrig als nun an \u00f6ffentlichen Pl\u00e4tzen innerhalb Deutschlands jene Kontrollen und Selektionen vorzunehmen, welche die Politik an den Grenzen verweigert hat.<br \/>\nSchon Ayn Rand stellte fest, dass man vielleicht die Realit\u00e4t ignorieren kann, aber niemals die Konsequenzen dieser Ignoranz. Vor diesem Hintergrund hat sich jede Debatte \u00fcber einen m\u00f6glichen Rassismus so lange erledigt, wie man nicht bereit ist, Differenzierungen an der Grenze vorzunehmen und jene, die bereits hier sind, kein Bleiberecht besitzen und straff\u00e4llig geworden sind, konsequent abzuschieben.<br \/>\nWer indes pauschal jeden zum Schutzbed\u00fcrftigen erkl\u00e4rt, muss sich \u00fcber Pauschalisierungen der Bev\u00f6lkerung und Beh\u00f6rden unter umgekehrten Vorzeichen nicht wundern.<br \/>\n&#8230;. Alles von Anabel Schunke vom 2.1.2017 bitte lesen auf<br \/>\n<a href=\"https:\/\/www.tichyseinblick.de\/meinungen\/gruenes-feindbild-polizei\/\">https:\/\/www.tichyseinblick.de\/meinungen\/gruenes-feindbild-polizei\/<\/a><\/p>\n<p>&nbsp;<\/p>\n<p><strong>Otto Schily: Einreise nach D legal schwierig, illegal einfach<\/strong><br \/>\n\u201eEs ist relativ kompliziert, legal nach Deutschland einzureisen. Dagegen ist es ziemlich einfach, illegal nach Deutschland zu kommen.\u201c Ein Fl\u00fcchtling m\u00fcsse an der deutschen Grenze nur einigerma\u00dfen fehlerfrei das Wort \u201eAsyl\u201c aussprechen, dann habe er die Aussicht auf einen gesicherten Aufenthaltsstatus f\u00fcr mindestens ein paar Jahre&#8230;. \u201eDieses Asylsystem ist de facto ein Einwanderungsgesetz &#8211; nur ohne jede Steuerung.\u201c Seiner Meinung nach sollte die Entscheidung \u00fcber die Einreise vor den Au\u00dfengrenzen fallen. Schily befand: \u201eIm Gegenzug sollten wir im Umgang mit denen, die legal in Deutschland sind, viel flexibler sein.\u201c &#8230;<br \/>\ngesamtes Interview mit Ex-Bundesinnenminister Otto Schily (SPD) vom 27.12.2016 bitte lesen auf<br \/>\n<a href=\"https:\/\/www.focus.de\/politik\/videos\/gewaltige-sogwirkung-muessen-nur-fehlerfrei-asyl-sagen-otto-schily-kritisiert-fluechtlingspolitik_id_5937464.html\">https:\/\/www.focus.de\/politik\/videos\/gewaltige-sogwirkung-muessen-nur-fehlerfrei-asyl-sagen-otto-schily-kritisiert-fluechtlingspolitik_id_5937464.html<\/a><\/p>\n<p>&nbsp;<\/p>\n<p>&nbsp;<\/p>\n<p><strong>17500 Asylsuchende kommen monatlich &#8211; keine Wende<\/strong><br \/>\n&#8230; und nebenbei erfahren wir, dem Kollegen Bewarder sei Dank, dass \u201eweiterhin etwa 17.500 neue Asylsuchende pro Monat allein in der Bundesrepublik\u201c ankommen, obwohl doch die Balkanroute gegen den Willen der deutschen Regierung dichtgemacht wurde. Das sind \u00fcbers Jahr 210.000 Asyl- bzw. Schutzsuchende, also ziemlich genau die Menge, mit der Anfang 2015 gerechnet wurde, bevor alle Prognosen von der Wirklichkeit \u00fcberrollt wurden. 210.000 &#8211; das ist die Einwohnerzahl von Erfurt, Mainz oder Oberhausen&#8230;. Alles vom 11.12.2016<br \/>\n<a href=\"https:\/\/www.achgut.com\/artikel\/hurra_die_wende_ist_da\">https:\/\/www.achgut.com\/artikel\/hurra_die_wende_ist_da<br \/>\n<\/a>\u00a0.<br \/>\n<strong>Merkel l\u00e4\u00dft Grenzen weiterhin offen<\/strong><br \/>\nDie \u00c4u\u00dferungen von Fr Merkel in den letzten Tagen d\u00fcrfte doch auch jeden noch so gro\u00dfen Fan von ihr nachdenklich gestimmt haben. Mir f\u00e4llt immer wieder der Satz von Herrn Schr\u00f6der dazu ein: \u201cSie (Fr Merkel) kann es einfach nicht\u201d. Ich habe den Eindruck, dass sie ihrer Worte gar nicht bewusst ist. Zum ersten Mal ist es mir aufgefallen, als sie nach den verherrenden Anschl\u00e4gen auf die franz. Satirezeitung Charlie Hebdo ein paar Tage sp\u00e4ter \u00f6ffentlich sagte, dass der Islam zu Deutschland geh\u00f6rt.<br \/>\nFrau Merkel plappert halt so dahin und schaut sich danach beifallheischend um.<br \/>\nJedem halbwegs klar Denkenden m\u00fcsste gleich bewusst gewesen sein, dass mit den Fl\u00fcchtlingsstr\u00f6men auch Terroristen kommen. Dennoch wurde dies lange und hartn\u00e4ckig von vielen Politikern und der Presse bestritten. Selbst wurde man die die rechte Ecke gestellt, wenn man dies auch nur ann\u00e4hrend zur Diskussion stellte. \u201cWeiter so\u201d hei\u00dft die Politik der n\u00e4chsten Wochen. Es muss schon Verherrendes geschehen, dass hier eine Umkehr stattfindet.<br \/>\n.<br \/>\nUnsere sog. \u201cGrenzkontrollen\u201d sind einfach l\u00e4cherlich. Jeder kann sich selbst davon \u00fcberzeugen. Man muss nur vom S\u00fcden kommend nach Deutschland einreisen. Es gibt nur 3 Punkte wo stichprobenhaft kontrolliert wird. Wir sind aber auch schon ganz normal \u00fcber die Autobahn ohne Grenzkontrolle nach D gekommen, da muss man nicht mal \u00fcber die \u201cgr\u00fcne Grenze\u201d. Es gibt genug offizielle Stellen, da findet gar nichts statt. Somit soll wohl die Ank\u00fcndigung der Verl\u00e4ngerung der Grenzkontrollen nur dazu dienen, dass das Volk beruhigt ist. Ich vermute auch, dass l\u00e4ngst nicht nur 17.500 pro Monat hier einreisen. Das ist nur die offizielle Zahl.<br \/>\n11.12.2016, Veronika Kaiser AO<\/p>\n<p>&nbsp;<\/p>\n<p><strong>Merkels Masseneinwanderung zerst\u00f6rt Deutschland und sein Grundgesetz<\/strong><br \/>\nAus historischer Erfahrung ist bekannt, dass multiethnische und bi-relig\u00f6se Gesellschaften latente Konflikte bergen, die jederzeit ausbrechen k\u00f6nnen. Es ist ungew\u00f6hnlich, dass diese Gemengelage bewusst und gewollt von einer Person herbeigef\u00fchrt wurde; bisher war sie zumeist das Ergebnis widerstreitender Interessen in einem von verschiedenen Kr\u00e4ften vorangetriebenen historischen Prozess.<br \/>\nDiese geschichtliche Z\u00e4sur aber wurde von einer einzelnen politischen Akteurin (Angela Merkel) erzeugt, die demokratisch gew\u00e4hlt war, mit dieser Aktion jedoch m\u00f6glicherweise auch die Grenzen ihrer Richtlinienkompetenz \u00fcberschritt. An den neuen Realit\u00e4ten nach der \u00d6ffnung der Grenzen wird die \u201eEwigkeitsgarantie\u201c von <a title=\"Grundgesetz\" href=\"https:\/\/www.freiburg-schwarzwald.de\/blog\/engagement\/zukunft\/demokratie\/grundgesetz\/\">Art. 20 iVm Art. 79 III GG<\/a>, die Demokratie, Republik, Bundes-, Rechts- und Sozialstaat sch\u00fctzt, sehr wahrscheinlich zerbrechen, was, wie zu vermuten ist, billigend in Kauf genommen wird. . &#8230;<br \/>\nAlles von Barbara K\u00f6ster vom 20.10.2016 bitte lesen auf<br \/>\n<a href=\"https:\/\/www.tichyseinblick.de\/gastbeitrag\/merkel-und-die-nation\/\">https:\/\/www.tichyseinblick.de\/gastbeitrag\/merkel-und-die-nation\/<\/a><\/p>\n<p>&nbsp;<\/p>\n<p>&nbsp;<\/p>\n<p>&nbsp;<\/p>\n<p><strong>Angela Merkel: Antreten zum Weitermachen bei offenen Grenzen<\/strong><br \/>\nAuf der Pressekonferenz bekr\u00e4ftigte Angela Merkel ihre Auffassung, dass jeder, der die deutschen Grenzen erreicht, Asyl oder Schutz als Fl\u00fcchtling beantragen kann und Anspruch auf ein entsprechendes Verfahren hat, auch dann, wenn er aus einem sicheren Drittland kommt. W\u00fcrden also die Balkanstaaten, Italien und \u00d6sterreich erneut dazu \u00fcbergehen, Fl\u00fcchtlinge und illegale Einwanderer nach Norden durchzuwinken, so st\u00fcnden allen Ank\u00f6mmlingen wie vor einem Jahr erneut die deutschen Grenzen offen.<br \/>\nSo musste man die Aussage der Bundeskanzlerin verstehen. Ihr Vertragspartner Erdogan droht mittlerweile damit, die t\u00fcrkischen Grenzen nach Griechenland und Bulgarien erneut zu \u00f6ffnen, wenn den T\u00fcrken keine Visafreiheit gew\u00e4hrt wird. Dies wiederum ist durch die Ereignisse nach dem Milit\u00e4rputsch vollends unm\u00f6glich geworden.<br \/>\nAngela Merkel hat gegen\u00fcber einer neuen Fl\u00fcchtlings- und Migrantenwelle kein Konzept au\u00dfer der Behauptung, vor einem Jahr Recht gehabt zu haben und immer noch Recht zu haben. Selbst linksliberale Sympathisanten in den Medien f\u00fchlten sich milde irritiert und brachten das in ihren Kommentaren auch zum Ausdruck, als die Bundeskanzlerin ihr Wort \u201eWir schaffen das\u201c wiederholte und erneut bekr\u00e4ftigte. Sie sprach von einer \u201ehistorischen Bew\u00e4hrungsprobe\u201c f\u00fcr Deutschland und \u00fcberging, dass dieser Bew\u00e4hrungsprobe erst durch ihre Politik der offenen Grenzen entstanden ist. &#8230; Alles von Thilo Sarrazin vom 17.8.2016 auf<br \/>\n<a href=\"https:\/\/www.achgut.com\/artikel\/antreten_zum_weitermachen\">https:\/\/www.achgut.com\/artikel\/antreten_zum_weitermachen<\/a><\/p>\n<p><strong>Unbegrenzte Einwanderung kostet Deutschland zu viel<\/strong><br \/>\nF\u00fcr Migrationsforscher Kay Hailbronner steht fest: Die Fl\u00fcchtlingspolitik der Regierung erh\u00f6ht das Risiko in Deutschland. Er fordert die R\u00fcckf\u00fchrung von Migranten und eine Revision des ganzen Systems. &#8230;<br \/>\nDie klassischen Einwanderungsl\u00e4nder nehmen relativ wenige irregul\u00e4re Migranten auf, daf\u00fcr mehr gepr\u00fcfte Fl\u00fcchtlinge aus den Zentren in der Konfliktregion. Durch ein solches Resettlement-Verfahren kann das Sicherheitsrisiko vermindert werden, weil es viel eher geeignet ist, die Identit\u00e4t eines Fl\u00fcchtlings, seine besondere Schutzbed\u00fcrftigkeit und die Integrationsbereitschaft intensiv zu pr\u00fcfen \u2013 vor der Einreise.<br \/>\n&#8230;<br \/>\nWir werden f\u00fcr die Politik grunds\u00e4tzlich unbegrenzter Einwanderung \u00fcber das Asylrecht mit einer steigenden Gef\u00e4hrdung durch eine gro\u00dfe Zahl von Fl\u00fcchtlingen aus fremden Kulturkreisen \u2013 und h\u00e4ufig gro\u00dfen Schwierigkeiten f\u00fcr eine Integration, die wirklich als nachhaltig gelten kann \u2013 zahlen m\u00fcssen. Das ist der Preis f\u00fcr die im internationalen Vergleich einmalige Anstrengung des zur\u00fcckliegenden Jahres. &#8230;Alles vom 28.2016 bitte lesen auf<br \/>\n<a href=\"https:\/\/www.welt.de\/politik\/deutschland\/article157429490\/Werden-fuer-unbegrenzte-Einwanderung-zahlen-muessen.html\">https:\/\/www.welt.de\/politik\/deutschland\/article157429490\/Werden-fuer-unbegrenzte-Einwanderung-zahlen-muessen.html<\/a><\/p>\n<p><strong>Fl\u00fcchtlinge werden registriert &#8211; die gro\u00dfe L\u00fcge<\/strong><br \/>\n&#8222;Die Welt: Die Registrierung hat die Bundesregierung seit einigen Monaten ja wieder im Griff.&#8220; vom 1.8.2016. Nun stellen die Medien dies schon fest anstatt zu fragen, und dazu noch die Unwahrheit. Das h\u00e4tten sich Orwell, Tucholsky und Huxley nicht einmal zusammen ausdenken k\u00f6nnen.<br \/>\nMinimum w\u00e4re von jedem ein in Datenbank erfasstes genetisches Profil, inkl. Irisscan, Fingerabdr\u00fccke, DNA Probe und eigentlich auch epigenetischer Uhr bei jedem der angibt unter 25 zu sein, zu nehmen. Nichts davon geschieht. Nicht einmal die angebliche Identit\u00e4t ist n\u00e4mlich gesichert. Von einem Abgleich mit Herkunftsdatenbanken muss man da nicht zu tr\u00e4umen wagen.<br \/>\n&#8230;<br \/>\nEs reicht schon polizeiliche Handycheck aus: Handy kann nach 1 Woche nach Auswerung mit Dolmetschern wieder bei Polizeidienststelle abgeholt werden und gibt genau die Daten wieder (Anrufe nach Hause, Radikalisierung, Chats, Youtube videos etc. ), die ein gef\u00e4lschter Reisepass nicht aufweist.<br \/>\nZynikus, 2.8.2016<\/p>\n<p>&nbsp;<\/p>\n<p><strong>Offene Grenzen erzeugen Generalverdacht &#8211; gegen die Regierung<\/strong><br \/>\nRichtig! So lange wie man nicht wei\u00df, wieviele, seit wann und wer sich hier unregistriert im Land aufh\u00e4lt und es durchwandert, solange hat der Generalverdacht zu gelten. Erst dann, wenn das alles aufgearbeitet ist, wenn jeder sachgem\u00e4\u00df registriert ist, erst dann kann ich diesen Verdacht ausr\u00e4umen. Alles andere ist blanke Augenwischerei und Nebelkerzen. Ich bedanke mich ganz herzlich f\u00fcr diese ungebremste bunte Vielfalt (Masseneinwanderung), gepaart mit kostenlosen Abenteuerurlaub (Vollversorgung).<br \/>\nIch habe auch Generalverdacht &#8211; aber gegen den Parteien- und Regierungsapparat.<br \/>\nShark, WO, 27.7.2016<\/p>\n<p><strong>Gewaltmonopol des Staates &#8211; seit Budapest 9\/2015 aufgegeben<\/strong><br \/>\nWir waren bis 2015 davon ausgegangen, da\u00df der Staat, der das Gewaltmonopol (zu Recht) innehat, uns B\u00fcrger sch\u00fctzen w\u00fcrde, soweit das in vern\u00fcnftigem Rahmen m\u00f6glich ist. Dies hat auch bis September 2015 funktioniert. Dann kam die bedingungslose (!) \u00d6ffnung der Grenzen und wir mussten erkennen, da\u00df dieser Staat seinen Schutzauftrag, seine Schutzpflicht, nicht mehr ernst nahm. Was sollen wir nun machen?<br \/>\nDas ist leider so nicht richtig. Schon seit vielen Jahren wird bei Bagatellf\u00e4llen kaum noch ermittelt. Organisierte Kriminalit\u00e4t erst aus Italien, dann ex Ostblock, gibt es seit Jahrzehnten. Wohnungseinbr\u00fcche durch osteurop\u00e4ische Banden . . seit mehr als 10 Jaren massiv. Der Staat hat sich schon seit langer Zeit von seinem Monopol verabschiedet. Aber wer seit genau so langer Zeit immer wieder die etablierten PArteien w\u00e4hlt, soll sich jetzt bitte nicht beschweren.<br \/>\nPeter G., 27.7.2016<\/p>\n<p><strong>Migration ohne Ausweis als Normalfall: Rechtsbruch als Normalfall<\/strong><br \/>\n&#8230; Die B\u00fcrger sollen es also inzwischen f\u00fcr v\u00f6llig normal halten, dass tausende \u201eFl\u00fcchtlinge\u201c nach Deutschland gekommen sind und weiter kommen, von denen niemand wei\u00df, wer sie sind. Nach unseren Gesetzen kann nur Asyl beantragen, wer sich mit g\u00fcltigen Papieren ausweist und seine politische Verfolgung glaubhaft machen kann. Wie soll das mit gef\u00e4lschten oder ohne Papiere gehen? Der t\u00e4gliche Gesetzes- und Verfassungsbruch ist f\u00fcr den obersten deutschen Verfassungssch\u00fctzer so zur Normalit\u00e4t geworden, dass er gar nicht mehr sieht, dass er qua Amt gegen solche Zust\u00e4nde einschreiten m\u00fcsste. Das W\u00fcrzburger Attentat hat in aller Klarheit gezeigt, dass Verfassung, Recht und Gesetz bei Angeh\u00f6rigen der politischen Eliten keine Beachtung mehr finden. Von vielen Medien wird das ebenfalls nicht als Problem betrachtet. Sie sehen nur noch eine Schwierigkeit darin, die Bev\u00f6lkerung mit allem Mitteln dazu zu bringen, das als normal zu akzeptieren. &#8230;..<br \/>\nDieser Beitrag erschien zuerst auf meinem Blog &#8222;Freedom is not free&#8220;<br \/>\nAlles von Vera Lengsfeld vom 22.7.2017 bitte lesen auf<br \/>\n<a href=\"https:\/\/www.achgut.com\/artikel\/was_der_einzelfall_von_wuerzburg_nebenbei_ans_licht_bringt\">https:\/\/www.achgut.com\/artikel\/was_der_einzelfall_von_wuerzburg_nebenbei_ans_licht_bringt<\/a><\/p>\n<p>&nbsp;<\/p>\n<p><strong>Gestaffeltes System von Grenzen statt EU-Reichsgrenze<\/strong><br \/>\nDie Massenmigration unserer Zeit ist kein Sachverhalt, der mit Tauschgesch\u00e4ften (TR &#8211; D) geregelt werden kann. Die Migration muss wieder auf ein vertr\u00e4gliches Ma\u00df zur\u00fcckgef\u00fchrt werden und deshalb l\u00e4uft jede wirkliche L\u00f6sung am Ende doch auf ein Zur\u00fcckweisen hinaus. Dies Zur\u00fcckweisen aber f\u00fchrt zum Instrument \u201eGrenze\u201c. Oder genauer: zu einem gestaffeltes System von Grenzen, das m\u00f6glichst nahe bei den Entstehungsregionen der heutige Migrationswelle ansetzt. Schaut man auf das erfolgreiche Grenzsystem an der Westroute, so ergibt sich nicht das Bild einer gro\u00dfen, gesamteurop\u00e4ischen Reichsgrenze, sondern ein weiter ausgreifendes und zugleich engeres Bild: Weiter, weil das Grenzsystem au\u00dfereurop\u00e4ische L\u00e4nder einbeziehen muss und an ihr Interesse als eigenst\u00e4ndige Staaten appellieren muss. Enger, weil es auf die besondere Situation einzelner Korridore zugeschnitten sein muss \u2013 also aus mehreren Einzelsystemen bestehen muss. Die Vorstellung eines neuen \u201egro\u00dfen Limes\u201c geh\u00f6rt zu einem Eurozentrismus, der nicht in die moderne Welt passt. . &#8230;. Alles vom 1.4.2016 von Gerd Held bitte lesen auf<br \/>\n<a href=\"https:\/\/www.achgut.com\/artikel\/eine_art_ablasshandel_der_migrationsmythos_teil_11\">https:\/\/www.achgut.com\/artikel\/eine_art_ablasshandel_der_migrationsmythos_teil_11<br \/>\n<\/a>\u00a0 \u00a0.<br \/>\n<strong>Zwischen 800.000 und 5,400.00 Fl\u00fcchtlinge in 2016 laut SAT-Prognose<\/strong><br \/>\nF\u00fcr die &#8222;Welt&#8220; haben sie f\u00fcnf Szenarien errechnet, wie sich die Zahl der Fl\u00fcchtlinge entwickeln wird. Im besten Fall l\u00e4sst sich die Zahl der Fl\u00fcchtlinge \u2013 SAT zufolge \u2013 bis Ende 2016 auf 1,8 Millionen Menschen reduzieren, im schlimmsten wird sie auf 6,4 Millionen steigen. Sprich: Zu den rund eine Million Menschen, die Deutschland bereits erreicht haben, kommen noch einmal mindestens 800.000 hinzu, maximal sogar 5,4 Millionen. &#8230; Das Modell f\u00fcr die Fl\u00fcchtlingskrise hatte die Freiburger Denkfabrik SAT erstmals auf dem Strategy Forum der M\u00fcnchner Sicherheitskonferenz vorgestellt. &#8230;<br \/>\nAlles vom 17.3.2016 auf<br \/>\n<a href=\"https:\/\/www.welt.de\/wirtschaft\/article153372386\/Fluechtlinge-koennten-bald-ueber-die-Kaukasus-Route-kommen.html\">https:\/\/www.welt.de\/wirtschaft\/article153372386\/Fluechtlinge-koennten-bald-ueber-die-Kaukasus-Route-kommen.html<\/a><br \/>\n<a href=\"https:\/\/www.sat-ag.com\/index.html\">https:\/\/www.sat-ag.com\/index.html<\/a><\/p>\n<p><strong>Einzige L\u00f6sung: Festung Europa an Angleichung der Sozialsysteme<\/strong><br \/>\nDanke f\u00fcr die Erkl\u00e4rung der 5 Alternativen, die alle im Massenchaos Europa enden. Damit wird direkt klar, dass Alternative 6, n\u00e4mlich Festung Europa und Angleichung sozialer Unterst\u00fctzung f\u00fcr Migranten auf das Minmalniveau innerhalb der EU die einzige akzeptable L\u00f6sung darstellen. Somit h\u00e4tte sich der uns\u00e4gliche Kuhhandel mit Erdogan erledigt. Es sollte jedem klar sein, dass die Sozialsysteme von D, \u00d6 und S die wirkliche Fluchtursache sind, und darin sind sich doch alle einig, dass es diese zu bek\u00e4mpfen gilt<br \/>\n17.3.2016, Lara<br \/>\n.<br \/>\n<strong>Deutschland mu\u00df sofort, selbst und eigenst\u00e4ndig handeln<\/strong><br \/>\nwird alles nichts helfen, wenn Angela Merkel und damit Deutschland nicht selbst handelt (&lt;- nicht verhandeln, handeln) wird und kann es keine effektive L\u00f6sung geben. Denn nur wenn Deutschland klar macht dass jetzt Ende der Fahnenstange ist und wenigstens die Wirtschaftsfl\u00fcchtlinge sofort in sichere Drittl\u00e4nder abschiebt, wird es keine L\u00f6sung geben.<br \/>\nDazu muss das Asylrecht angepasst werden, dazu braucht es L\u00e4nder die sicher sind und bereit (gegen Cash) jeden aufzunehmen egal wo er herkommt und dazu braucht es die n\u00f6tige H\u00e4rte das durchzuzieren. Dann und nur dann, wird das Drama ein Ende finden&#8230;<br \/>\nDazu braucht es nicht mal geschlossene Grenzen: Feststellen wo einer herkommt und postwendend in den Flieger. Keine Papiere? Da ist das Flugzeug. Keine x Instanzen f\u00fcr ein Asylverfahren, keine ewigen Wartezeiten, nichts. Wer zuwandern will soll sich in seinem Heimatland bei der Botschaft melden, wer &#8222;irgenwie&#8220; kommt fliegt nach Hause oder eben in eines der besagten L\u00e4nder (vielleicht f\u00e4llt manchen dann ihre Staatsb\u00fcrgerschaft wieder ein).<br \/>\nNur eines darf man dabei nicht vergessen, bei aller H\u00e4rte, es muss Wege geben um eben echten Fachkr\u00e4ften zu erm\u00f6glichen nach Deutschland \/ die EU zu kommen&#8230; &#8222;Echt&#8220; hei\u00dft vorher gepr\u00fcft &amp; vorher einen Arbeitsplatz. Nichts anderes als das was jeder EU B\u00fcrger nachweisen muss wenn er nach zB Australien auswandern m\u00f6chte.<br \/>\nzero<br \/>\n&#8211;<br \/>\n<strong>Asylrecht f\u00fcr Millionen geht nicht<\/strong><br \/>\nFestung Europa Es gibt nur eine L\u00f6sung: &#8222;Wer illegal einreist, hat keinen Anspruch auf Asyl.&#8220; In einem Rechtsstaat darf ein illegaler Akt nicht mit einem Anspruch belohnt werden. Asylsuchende k\u00f6nnen \u00fcber die Deutschen Botschaften Antr\u00e4ge einreichen. In der aktuellen Regelung, in der das Betreten Deutschen Bodens mit dem Recht auf Asyl belohnt wird, erpressen die Asylsuchenden (ob wirtschaftliches oder politisches Asyl) den Deutschen Staat, da der sich verpflichtet sieht, den Menschen zu helfen.<br \/>\nWenn es ein paar Tausend pro Jahr sind, hat der Fehler dieser Regelung kaum gest\u00f6rt. Wenn jedoch Millionen von Menschen einwandern, ist das V\u00f6lkerwanderung und bedroht den Fortbestand des Landes und seiner Kultur. Sp\u00e4testens hier m\u00fc\u00dften die B\u00fcrger selbst befragt werden, ob sie das wollen. Zumindest m\u00fc\u00dfte im Bundestag \u00fcber eine solche &#8222;Einladung&#8220; entschieden werden und kann nicht eigenm\u00e4chtig vom Kanzler entgegen aller Regelungen und Vertr\u00e4ge umgesetzt werden. Damit ist der Rechtsstaat am Ende und wir befinden uns in einer Diktatur.<br \/>\n17.3.2016, Ernst<br \/>\n.<br \/>\nDieses Problem l\u00e4sst nachhaltig nur mit dem australischen Modell (ebenso USA, Kanada) l\u00f6sen, also einer Mischung aus robuster milit\u00e4rischer Grenzsicherung und der Errichtung von Aufnahmelagern in sicheren, aber unattraktiven L\u00e4ndern au\u00dferhalb der EU. Merkel aber wird alles daran setzen eine nachhaltige L\u00f6sung zu verhindern. um ihre Ideologie unkontrollierter Massenmigration ausleben zu k\u00f6nnen.<br \/>\nGisi<\/p>\n<p><strong>Grenzschutzanlagen in EU<\/strong><br \/>\nEs geht auf Sicht nicht ohne Z\u00e4une und kontrollierte Grenzen. Auch wenn dies keiner der Humanisten und Gesinnungsethiker in der Regierung und in den Blockparteien aussprechen oder wahrhaben will. Der angestrebte T\u00fcrkei-Deal ist Quark. Er wird mitnichten eine Besserung der Lage bringen, sondern ein Maximum an Geld und Zugest\u00e4ndnissen kosten. Deutschland muss den Migrationsmagneten abschalten und deutlich erkl\u00e4ren, dass es keinerlei Barleistungen mehr geben wird, dass das Boot voll ist.<br \/>\nDie EU wird massiv in Grenzschutzanlagen investieren m\u00fcssen, insbesondere die \u00f6stlichen L\u00e4nder. Die Grenze in Mazedonien muss geschlossen bleiben. Denn wenn es von dort nicht weitergeht wird der Strom nach GR nachlassen. Wenn die Fl\u00fcchtlinge wissen es geht nicht nach Norden weiter, werden die auch nicht nach GR \u00fcbersetzen. Den Griechen muss man dann eben finanzielle Hilfe bieten f\u00fcr die Unterbringung. Aber das halte ich f\u00fcr \u00fcberschaubar. Der Gro\u00dfteil wird Griechenland bald verlassen, weil es dort nichts zu holen gibt. Denn das Zeil ist ausschlie\u00dflich Deutschland.<br \/>\nIch finde es fatal, da\u00df solche Szenarien \u00f6ffentlich propagiert werden! Auch in Timbuktu, Islamabad, Ajuba und anderen St\u00e4dten und D\u00f6rfern kommt die Info an! Im Zeitalter von Internet, Facebook, Whatsapp und Co. dauert das keinen halben Tag.<br \/>\n17.3.2016, A.N.<\/p>\n","protected":false},"excerpt":{"rendered":"<p>Home &gt;Global\u00a0&gt;Integration &gt;Fluechtlinge &gt;Armut &gt;Migration &gt;Kontrollierte-Grenzen &nbsp; Listenauswahl eines Beitrags (Artikel\/Datum, Seite\/Inhalt):\u00a0Klicken\u00a0oder scrollen Bahnsteig Migrant Resettlement (30.1.2026) Entwurzelung der Migranten sowie Destabilisierung der Aufnahmel\u00e4nder (24.1.2026) Alexander Meschnig: 2015-2025 \u2013 Sozialrassismus gegen rechts\u00a0(28.8.2025) 10 Jahre \u201eWir schaffen das\u201c\u00a0(26.8.2025) Grenze: Regierung oder &hellip; <a href=\"https:\/\/www.freiburg-schwarzwald.de\/blog\/global\/migration\/kontrollierte-grenzen\/\">Weiterlesen <span class=\"meta-nav\">&rarr;<\/span><\/a><\/p>\n","protected":false},"author":2,"featured_media":0,"parent":9150,"menu_order":0,"comment_status":"open","ping_status":"closed","template":"","meta":{"footnotes":""},"class_list":["post-60011","page","type-page","status-publish","hentry"],"_links":{"self":[{"href":"https:\/\/www.freiburg-schwarzwald.de\/blog\/wp-json\/wp\/v2\/pages\/60011","targetHints":{"allow":["GET"]}}],"collection":[{"href":"https:\/\/www.freiburg-schwarzwald.de\/blog\/wp-json\/wp\/v2\/pages"}],"about":[{"href":"https:\/\/www.freiburg-schwarzwald.de\/blog\/wp-json\/wp\/v2\/types\/page"}],"author":[{"embeddable":true,"href":"https:\/\/www.freiburg-schwarzwald.de\/blog\/wp-json\/wp\/v2\/users\/2"}],"replies":[{"embeddable":true,"href":"https:\/\/www.freiburg-schwarzwald.de\/blog\/wp-json\/wp\/v2\/comments?post=60011"}],"version-history":[{"count":6,"href":"https:\/\/www.freiburg-schwarzwald.de\/blog\/wp-json\/wp\/v2\/pages\/60011\/revisions"}],"predecessor-version":[{"id":145091,"href":"https:\/\/www.freiburg-schwarzwald.de\/blog\/wp-json\/wp\/v2\/pages\/60011\/revisions\/145091"}],"up":[{"embeddable":true,"href":"https:\/\/www.freiburg-schwarzwald.de\/blog\/wp-json\/wp\/v2\/pages\/9150"}],"wp:attachment":[{"href":"https:\/\/www.freiburg-schwarzwald.de\/blog\/wp-json\/wp\/v2\/media?parent=60011"}],"curies":[{"name":"wp","href":"https:\/\/api.w.org\/{rel}","templated":true}]}}