{"id":59577,"date":"2016-02-24T19:28:39","date_gmt":"2016-02-24T18:28:39","guid":{"rendered":"https:\/\/www.freiburg-schwarzwald.de\/blog\/?page_id=59577"},"modified":"2025-12-19T20:20:18","modified_gmt":"2025-12-19T19:20:18","slug":"diffamierung","status":"publish","type":"page","link":"https:\/\/www.freiburg-schwarzwald.de\/blog\/kultur\/medien\/diffamierung\/","title":{"rendered":"Diffamierung"},"content":{"rendered":"<p><a href=\"https:\/\/www.freiburg-schwarzwald.de\/blog\">Home<\/a> &gt;<a title=\"Kultur\" href=\"https:\/\/www.freiburg-schwarzwald.de\/blog\/kultur\/\">Kultur<\/a> &gt;<a title=\"Medien\" href=\"https:\/\/www.freiburg-schwarzwald.de\/blog\/kultur\/medien\/\">Medien<\/a> &gt;<a title=\"Diskussionskultur\" href=\"https:\/\/www.freiburg-schwarzwald.de\/blog\/kultur\/medien\/diskussionskultur\/\">Diskussionskultur<\/a> &gt;Diffamierung<\/p>\n<div id=\"attachment_59568\" style=\"width: 649px\" class=\"wp-caption alignnone\"><a href=\"https:\/\/www.freiburg-schwarzwald.de\/blog\/business\/gesund\/medizinethik\/pferdekutsche-pan160222\/\" rel=\"attachment wp-att-59568\"><img loading=\"lazy\" decoding=\"async\" aria-describedby=\"caption-attachment-59568\" class=\"size-full wp-image-59568\" src=\"https:\/\/www.freiburg-schwarzwald.de\/blog\/wp-content\/uploads\/2016\/02\/pferdekutsche-pan160222.jpg\" alt=\"Pferdekutsche von Egon Linder aus FR-Kappel mit Kindergeburtstag am 22.2.2016\" width=\"639\" height=\"299\" srcset=\"https:\/\/www.freiburg-schwarzwald.de\/blog\/wp-content\/uploads\/2016\/02\/pferdekutsche-pan160222.jpg 639w, https:\/\/www.freiburg-schwarzwald.de\/blog\/wp-content\/uploads\/2016\/02\/pferdekutsche-pan160222-180x84.jpg 180w\" sizes=\"auto, (max-width: 639px) 100vw, 639px\" \/><\/a><p id=\"caption-attachment-59568\" class=\"wp-caption-text\">Pferdekutsche von Egon Linder aus FR-Kappel mit Kindergeburtstag am 22.2.2016<\/p><\/div>\n<p>&nbsp;<\/p>\n<ul>\n<li><em>Listenauswahl eines Beitrags (Artikel\/Datum, Seite\/Inhalt):\u00a0<span style=\"text-decoration: underline;\">Klicken<\/span>\u00a0oder scrollen<\/em><\/li>\n<li><a href=\"https:\/\/www.freiburg-schwarzwald.de\/blog\/eu-sanktionen-vs-jacques-baud\/\">EU-Sanktionen vs Jacques Baud<\/a>\u00a0(19.12.2025)<\/li>\n<li><a href=\"https:\/\/www.freiburg-schwarzwald.de\/blog\/geiselaustausch-laut-zdf-nein\/\">Geiselaustausch laut ZDF: Nein!<\/a>\u00a0(13.10.2025)<\/li>\n<li><a href=\"https:\/\/www.freiburg-schwarzwald.de\/blog\/kultur\/medien\/journalismus\/staatsjournalismus\/\">Verleumdung ist kein Freiheitsrecht \u2013 Konsequenzkultur vs. Cancel Culture<\/a>\u00a0(16.9.2025)<\/li>\n<li><a href=\"https:\/\/www.freiburg-schwarzwald.de\/blog\/hakenkreuz-statt-sachpolitik\/\">Hakenkreuz statt Sachpolitik<\/a>\u00a0(26.7.2025)<\/li>\n<li><a href=\"https:\/\/www.freiburg-schwarzwald.de\/blog\/kultur\/medien\/ressentiment\/\">J\u00fcrgen Gro\u00dfe: Die kalte Wut \u2013 Theorie und Praxis des Ressentiments<\/a> (9.5.2025)<\/li>\n<li><a href=\"https:\/\/www.freiburg-schwarzwald.de\/blog\/kultur\/medien\/verschwoerungstheorien\/\">Beratungskompass Verschw\u00f6rungsdenken<\/a>\u00a0(10.3.2025)<\/li>\n<li><a href=\"https:\/\/www.freiburg-schwarzwald.de\/blog\/religion\/juden\/nazi\/nazi-keule\/\">Du altes Nazischwein \u2013 Von der Normalit\u00e4t gewohnheitsm\u00e4\u00dfiger Diffamierungen der AfD<\/a>\u00a0(2.2.2025)<\/li>\n<li>Nur Dicke d\u00fcrfen sich folgenfrei als dick bezeichnen (23.1.2025)<\/li>\n<li><a href=\"https:\/\/www.freiburg-schwarzwald.de\/blog\/vereine\/ngo\/correctiv\/\">Blick zur\u00fcck im Zorn: Ein Jahr nach dem Correctiv-Skandal \u2013 Die L\u00fcge lebt fort<\/a>\u00a0(10.1.2025)<\/li>\n<li><a href=\"https:\/\/www.freiburg-schwarzwald.de\/blog\/negative-campaigning\/\">Negative Campaigning<\/a>\u00a0(27.4.2024)<\/li>\n<li><a href=\"https:\/\/www.freiburg-schwarzwald.de\/blog\/ki-video-oma-und-die-enkelin\/\">KI-Video: Oma und die Enkelin<\/a>\u00a0(9.4.2024)<\/li>\n<li><a href=\"https:\/\/www.freiburg-schwarzwald.de\/blog\/kultur\/medien\/hass\/hetze\/\">GEW-Funktion\u00e4r: AfDler tr\u00e4umen von \u201eVergasung missliebiger Menschen\u201c<\/a>\u00a0(29.3.2024)<\/li>\n<li><a href=\"https:\/\/www.freiburg-schwarzwald.de\/blog\/engagement\/zukunft\/demokratie\/bundespraesident\/\">Steinmeier bezeichnet AfD als Rattenf\u00e4nger und AfD-W\u00e4hler als Ratten<\/a>\u00a0(31.1.2024)<\/li>\n<li><a href=\"https:\/\/www.freiburg-schwarzwald.de\/blog\/engagement\/zukunft\/demokratie\/verfassung\/staatsfeinde\/\">Der Feind lauert \u00fcberall: V-Leute d\u00fcrfen k\u00fcnftig vorbestraft sein<\/a>\u00a0(11.1.2024)<\/li>\n<li><a href=\"https:\/\/www.freiburg-schwarzwald.de\/blog\/kultur\/medien\/medien-afd\/\">Welche \u201agrunds\u00e4tzliche Systemver\u00e4nderung\u2018 sehen Sie bei der AfD, Herr Prof. Vo\u00dfkuhle?<\/a>\u00a0(1.1.2024)<\/li>\n<li><a href=\"https:\/\/www.freiburg-schwarzwald.de\/blog\/engagement\/zukunft\/demokratie\/denunziation\/meldewesen\/\">Hubertus Knabe: Deutschland eifrig Spitzelland<\/a>\u00a0(26.8.2023)<\/li>\n<li><a href=\"https:\/\/www.freiburg-schwarzwald.de\/blog\/kultur\/medien\/diskussionskultur\/diskussionskultur2023\/\">Faeser: \u201eAfD schreckt Fachkr\u00e4fte aus dem Ausland ab\u201c<\/a>\u00a0(25.8.2023)<\/li>\n<li><a href=\"https:\/\/www.freiburg-schwarzwald.de\/blog\/1-bild-sagt-mehr-als-1000-worte\/\">1 Bild sagt mehr als 1000 Worte<\/a>\u00a0(20.7.2023)<\/li>\n<li><a href=\"https:\/\/www.freiburg-schwarzwald.de\/blog\/selbsthilfe\/sucht\/alkohol\/\">\u201eBisher verh\u00e4lt sich die AfD wie ein betrunkener Gast in einer Gastst\u00e4tte<\/a>\u201c (2.7.2023)<\/li>\n<li><a href=\"https:\/\/www.freiburg-schwarzwald.de\/blog\/engagement\/zukunft\/demokratie\/denunziation\/meldestellen\/\">Meldestellen: Nie war es so leicht, mi\u00dfliebige Personen anzuzeigen<\/a>\u00a0(14.4.2023)<\/li>\n<li><a href=\"https:\/\/www.freiburg-schwarzwald.de\/blog\/kultur\/medien\/diskussionskultur\/corona-ausgrenzung\/\">Dr. P\u00fcrner: Ausgrenzung \u2013 eine grenzwertige Erfahrung<\/a>\u00a0(30.3.2023)<\/li>\n<li><a href=\"https:\/\/www.freiburg-schwarzwald.de\/blog\/kultur\/medien\/verleumdung\/\">Clemens Arvay wurde Opfer der Antisemitismuskeule<\/a>\u00a0(15.3.2023)<\/li>\n<li><a href=\"https:\/\/www.freiburg-schwarzwald.de\/blog\/engagement\/zukunft\/demokratie\/berlin-demo29-8-2020\/\">Der Sturm auf den Reichstag war staatlich inszeniert<\/a>\u00a0(27.12.2022)<\/li>\n<li><a href=\"https:\/\/www.freiburg-schwarzwald.de\/blog\/engagement\/gutmenschen\/wutwinter\/\">Politischer Wortschatz: \u201eWutwinter\u201c 2022\/23<\/a>\u00a0(12.8.2022)<\/li>\n<li><a href=\"https:\/\/www.freiburg-schwarzwald.de\/blog\/selbsthilfe\/krise\/doxing\/\">Doxing gegen Berliner Verfassungsschutz-Beamtin<\/a>\u00a0(3.6.2022)<\/li>\n<li><a href=\"https:\/\/www.freiburg-schwarzwald.de\/blog\/hiv-entdecker-montagnier-tot\/\">HIV-Entdecker Montagnier tot<\/a>\u00a0(14.2.2022)<\/li>\n<li><a href=\"https:\/\/www.freiburg-schwarzwald.de\/blog\/engagement\/buergerinitiativen\/demos-in-freiburg\/\">Kontaktschuld-Vorwurf soll Freiburgs Demo-Organisator Wendt diskreditieren<\/a>\u00a0(1.2.2022)<\/li>\n<li><a href=\"https:\/\/www.freiburg-schwarzwald.de\/blog\/waldorfschule-als-suendenbock\/\">Waldorfschule als S\u00fcndenbock<\/a> (22.11.2021)<\/li>\n<li><a href=\"https:\/\/www.freiburg-schwarzwald.de\/blog\/global\/deutschland\/ddr2-0\/\">Protokoll einer Entlassung \u2013 Hubertus Knabe: Sondervorgang MeToo<\/a>\u00a0(27.10.2021)<\/li>\n<li><a href=\"https:\/\/www.freiburg-schwarzwald.de\/blog\/global\/deutschland\/ddr2-0\/\">Die magische Kraft der Armbinde: Junge FDJ und junge Gr\u00fcne<\/a>\u00a0(12.9.2021)<\/li>\n<li><a href=\"https:\/\/www.freiburg-schwarzwald.de\/blog\/kultur\/medien\/pressefreiheit\/\">Pressekonferenz: Merkel kontert Reporter-Frage: \u201eGibt es bei Ihnen au\u00dfer Rissen noch was Zusammenh\u00e4ngendes?\u201c<\/a> (22.7.2021)<\/li>\n<li><a href=\"https:\/\/www.freiburg-schwarzwald.de\/blog\/kultur\/medien\/pressefreiheit\/\">Gerichtsurteil gegen Reul (CDU): Junge Freiheit keine rechtsextreme Zeitung<\/a>\u00a0(21.6.2021)<\/li>\n<li><a href=\"https:\/\/www.freiburg-schwarzwald.de\/blog\/unvereinbarkeitsbeschluss\/\">Unvereinbarkeitsbeschluss<\/a>\u00a0(11.2.2021)<\/li>\n<li><a href=\"https:\/\/www.freiburg-schwarzwald.de\/blog\/global\/deutschland\/gesellschaft\/untertan\/\">Corona: Der sp\u00e4te Triumph des Totalit\u00e4ren<\/a>\u00a0(17.1.2021)<\/li>\n<li><a href=\"https:\/\/www.freiburg-schwarzwald.de\/blog\/kultur\/internet\/social-networking\/\">Bullshit als pandemisches, intellektuelles Virus<\/a>\u00a0(28.11.2020)<\/li>\n<li><a href=\"https:\/\/www.freiburg-schwarzwald.de\/blog\/kultur\/medien\/diskussionskultur\/kontaktschuld\/\">Kontaktschuld-Prinzip zerst\u00f6rt die Diskussionskultur<\/a>\u00a0(24.10.2020)<\/li>\n<li><a title=\"Volksvertreter und Demokratie\" href=\"https:\/\/www.freiburg-schwarzwald.de\/blog\/volksvertreter-und-demokratie\/\">Volksvertreter und Demokratie \u2013\u00a0auch im Freiburger Gemeinderat<\/a>\u00a0(16.10.2020)<\/li>\n<li><a title=\"Hass\" href=\"https:\/\/www.freiburg-schwarzwald.de\/blog\/kultur\/medien\/hass\/\">Hass und Hetze: Polizisten als M\u00fcll entsorgen \u2013 taz<\/a>\u00a0(17.6.2020)<\/li>\n<li><a title=\"Coronavirus: Opfer oder Crash?\" href=\"https:\/\/www.freiburg-schwarzwald.de\/blog\/coronavirus-opfer-oder-crash\/\">Nazis mit Corona anhusten (Max Czollek wie auch Jutta Ditfurth)<\/a>\u00a0(27.3.2020)<\/li>\n<li>Meisterwerke betreuender Berichterstattung: T\u00e4ter stets deutsch (13-2-2020)<\/li>\n<li><a title=\"Kinder-instrumentalisieren\" href=\"https:\/\/www.freiburg-schwarzwald.de\/blog\/selbsthilfe\/kinder\/kinder-instrumentalisieren\/\">Oma Umweltsau: Ideologische Instrumentalisierung der Kinder gegen Erwachsenen<\/a>\u00a0(29.12.2019)<\/li>\n<li><a title=\"Alte-weisse-Maenner\" href=\"https:\/\/www.freiburg-schwarzwald.de\/blog\/kultur\/alte-weisse-maenner\/\">Die minderwertigen alten wei\u00dfen M\u00e4nner<\/a>\u00a0(11.12.2019)<\/li>\n<li><a title=\"Islamophobie\" href=\"https:\/\/www.freiburg-schwarzwald.de\/blog\/religion\/islam\/islamophobie\/\">Islamophil-Islamophob-Christophob: Worte mit dunklem Hintergrund<\/a>\u00a0(2.12.2019)<\/li>\n<li><a title=\"Konformismus\" href=\"https:\/\/www.freiburg-schwarzwald.de\/blog\/kultur\/medien\/political-correctness\/konformismus\/\">Die kollektive Schizophrenie wird vertieft \u2013 Konformit\u00e4tsdruck, Ha\u00dfrede, Diffamierung<\/a> (15.11.2019)<\/li>\n<li><a title=\"Repression\" href=\"https:\/\/www.freiburg-schwarzwald.de\/blog\/kultur\/medien\/repression\/\">Thorsten Hinz: Meinungsfreiheit \u2013 Die Schlammlawine rollt<\/a>\u00a0(1.11.2019)<\/li>\n<li><a href=\"https:\/\/www.freiburg-schwarzwald.de\/blog\/afd-oder-nsdap-quiz-der-spd\/\">https:\/\/www.freiburg-schwarzwald.de\/blog\/afd-oder-nsdap-quiz-der-spd\/<\/a>\u00a0(21.1.2019)<\/li>\n<li>AfD zeigt SPD des Kreisverband Breisgau-Hochschwarzwald an (16.1.2019)<\/li>\n<li>Strasbourg:\u00a0<a href=\"https:\/\/www.freiburg-schwarzwald.de\/blog\/relativieren-instrumentalisieren\/\">https:\/\/www.freiburg-schwarzwald.de\/blog\/relativieren-instrumentalisieren\/<\/a>\u00a0(13.12.2018)<\/li>\n<li>Migrationshintergrund erw\u00e4hnen, um Diskriminierung und Diffamierung vorzubeugen (15.12.2016)<\/li>\n<li><a href=\"https:\/\/www.freiburg-schwarzwald.de\/blog\/generalverdacht\/\">Generalverdacht \u2013 warum?<\/a>\u00a0(25.7.2016)<\/li>\n<li><a href=\"https:\/\/www.freiburg-schwarzwald.de\/blog\/alte-kritisieren-alte-wegen-alter\/\">https:\/\/www.freiburg-schwarzwald.de\/blog\/alte-kritisieren-alte-wegen-alter\/<\/a> (17.4.2016)<\/li>\n<li>Ich bin Migrantin und werde als Nazi bezeichnet (24.2.2016)<\/li>\n<li><a href=\"https:\/\/www.freiburg-schwarzwald.de\/blog\/diskussionskultur-nach-koeln\/\">https:\/\/www.freiburg-schwarzwald.de\/blog\/diskussionskultur-nach-koeln\/<\/a> (9.1.2016)<\/li>\n<li><\/li>\n<li><a title=\"Alte-weisse-Maenner\" href=\"https:\/\/www.freiburg-schwarzwald.de\/blog\/kultur\/alte-weisse-maenner\/\">Alte-wei\u00dfe-M\u00e4nner<\/a><\/li>\n<li><a href=\"https:\/\/www.freiburg-schwarzwald.de\/blog\/engagement\/zukunft\/demokratie\/denunziation\/ausgrenzung\/\">Ausgrenzung<\/a><\/li>\n<li><a href=\"https:\/\/www.freiburg-schwarzwald.de\/blog\/kultur\/medien\/beleidigung\/\">Beleidigung<\/a><\/li>\n<li><a href=\"https:\/\/www.freiburg-schwarzwald.de\/blog\/kultur\/medien\/diskussionskultur\/corona-ausgrenzung\/\">Corona-Ausgrenzung<\/a><\/li>\n<li><a href=\"https:\/\/www.freiburg-schwarzwald.de\/blog\/engagement\/zukunft\/demokratie\/denunziation\/\">Denunziation<\/a><\/li>\n<li><a title=\"Diskriminierung\" href=\"https:\/\/www.freiburg-schwarzwald.de\/blog\/kultur\/medien\/diskriminierung\/\">Diskriminierung<\/a><\/li>\n<li><a title=\"Diskussionskultur\" href=\"https:\/\/www.freiburg-schwarzwald.de\/blog\/kultur\/medien\/diskussionskultur\/\">Diskussionskultur<\/a><\/li>\n<li><a href=\"https:\/\/www.freiburg-schwarzwald.de\/blog\/selbsthilfe\/krise\/doxing\/\">Doxing<\/a><\/li>\n<li><a title=\"Ehrlichkeit\" href=\"https:\/\/www.freiburg-schwarzwald.de\/blog\/engagement\/zukunft\/ehrlichkeit\/\">Ehrlichkeit<\/a><\/li>\n<li><a title=\"Gesinnungsethik\" href=\"https:\/\/www.freiburg-schwarzwald.de\/blog\/engagement\/zukunft\/demokratie\/gesinnungsethik\/\">Gesinnungsethik<\/a><\/li>\n<li><a title=\"Gutmenschen\" href=\"https:\/\/www.freiburg-schwarzwald.de\/blog\/engagement\/gutmenschen\/\">Gutmenschen<\/a><\/li>\n<li><a title=\"Hass\" href=\"https:\/\/www.freiburg-schwarzwald.de\/blog\/kultur\/medien\/hass\/\">Hass<\/a><\/li>\n<li><a title=\"Instrumentalisierung\" href=\"https:\/\/www.freiburg-schwarzwald.de\/blog\/kultur\/medien\/instrumentalisierung\/\">Instrumentalisierung<\/a><\/li>\n<li><a title=\"Integration\" href=\"https:\/\/www.freiburg-schwarzwald.de\/blog\/global\/integration\/\">Integration<\/a><\/li>\n<li><a title=\"Islamophobie\" href=\"https:\/\/www.freiburg-schwarzwald.de\/blog\/religion\/islam\/islamophobie\/\">Islamophobie<\/a><\/li>\n<li><a href=\"https:\/\/www.freiburg-schwarzwald.de\/blog\/kultur\/medien\/diskussionskultur\/kontaktschuld\/\">Kontaktschuld<\/a><\/li>\n<li><a href=\"https:\/\/www.freiburg-schwarzwald.de\/blog\/engagement\/zukunft\/demokratie\/denunziation\/meldestellen\/\">Meldestellen<\/a><\/li>\n<li><a href=\"https:\/\/www.freiburg-schwarzwald.de\/blog\/engagement\/zukunft\/demokratie\/denunziation\/meldewesen\/\">Meldewesen<\/a><\/li>\n<li><a title=\"Nazi\" href=\"https:\/\/www.freiburg-schwarzwald.de\/blog\/religion\/juden\/nazi\/\">Nazi<\/a><\/li>\n<li><a title=\"Political-Correctness\" href=\"https:\/\/www.freiburg-schwarzwald.de\/blog\/kultur\/medien\/political-correctness\/\">Political Correctness<\/a><\/li>\n<li><a href=\"https:\/\/www.freiburg-schwarzwald.de\/blog\/kultur\/medien\/pressefreiheit\/\">Pressefreiheit<\/a><\/li>\n<li><a title=\"Pressekodex\" href=\"https:\/\/www.freiburg-schwarzwald.de\/blog\/kultur\/medien\/pressekodex\/\">Pressekodex<\/a><\/li>\n<li><a title=\"Rassismus\" href=\"https:\/\/www.freiburg-schwarzwald.de\/blog\/engagement\/rassismus\/\">Rassismus<\/a><\/li>\n<li><a href=\"https:\/\/www.freiburg-schwarzwald.de\/blog\/engagement\/zukunft\/demokratie\/repression\/\">Repression<\/a><\/li>\n<li><a title=\"Respekt\" href=\"https:\/\/www.freiburg-schwarzwald.de\/blog\/engagement\/respekt\/\">Respekt<\/a><\/li>\n<li><a href=\"https:\/\/www.freiburg-schwarzwald.de\/blog\/kultur\/medien\/ressentiment\/\">Ressentiment<\/a><\/li>\n<li><a title=\"Selbsthass\" href=\"https:\/\/www.freiburg-schwarzwald.de\/blog\/engagement\/zukunft\/selbsthass\/\">Selbsthass<\/a><\/li>\n<li><a title=\"Social-Networking\" href=\"https:\/\/www.freiburg-schwarzwald.de\/blog\/kultur\/internet\/social-networking\/\">Social Networking<\/a><\/li>\n<li><a href=\"https:\/\/www.freiburg-schwarzwald.de\/blog\/global\/deutschland\/gesellschaft\/untertan\/\">Untertan<\/a><\/li>\n<li><a href=\"https:\/\/www.freiburg-schwarzwald.de\/blog\/kultur\/medien\/verleumdung\/\">Verleumdung<\/a><\/li>\n<li><a title=\"Vorverurteilung\" href=\"https:\/\/www.freiburg-schwarzwald.de\/blog\/kultur\/medien\/vorverurteilung\/\">Vorverurteilung<\/a><\/li>\n<li><a href=\"https:\/\/www.freiburg-schwarzwald.de\/blog\/engagement\/gutmenschen\/wutwinter\/\">Wutwinter<\/a><\/li>\n<li><a title=\"Zeitgeist\" href=\"https:\/\/www.freiburg-schwarzwald.de\/blog\/engagement\/zeitgeist\/\">Zeitgeist<\/a><\/li>\n<li><a title=\"Zeitung\" href=\"https:\/\/www.freiburg-schwarzwald.de\/blog\/kultur\/medien\/zeitung\/\">Zeitung<\/a><\/li>\n<\/ul>\n<p>&nbsp;<\/p>\n<p><strong>Nur Dicke d\u00fcrfen sich folgenfrei als dick bezeichnen<\/strong><br \/>\nWie aus den Meldungen hervorgeht, war Ricarda Lang fr\u00fcher also einmal dick. Sagt sie selbst. Oder fett, dick ist ja fett, denn nur Fett macht dick. Dann frage ich mich, wie es zu solchen Vor- und Zwischenf\u00e4llen kommen konnte.<br \/>\n&#8222;Blogger bezeichnet gr\u00fcnen-Chefin als &#8222;dick&#8220; &#8211; nun wurde sein Konto gesperrt.<br \/>\nDas Aussehen d\u00fcrfe kein Rabuthema sein &#8211; dieser Meinung ist der Blogger Hadmut Danisch. Aus seiner Sicht ist es in Ordnung, die Chefin der Gr\u00fcnen, Ricarda Lang, als &#8222;dick&#8220; zu bezeichnen. Neben zahlreichen Briefen der deutschen Staatsanwaltschat wurde ihm deshalb nun auch sein Bankkonto gesperrt&#8220;<br \/>\nAls sie dick war, sollte es keiner sagen d\u00fcrfen. Au\u00dfer ihr selbst; so wie auch nur Schwarze folgenfrei \u201eNigger\u201d sagen d\u00fcrfen. Das folgt nicht mehr aus der H\u00f6flichkeit, sondern aus der Verschr\u00e4nkung von Diversity und Identit\u00e4tspolitik. Es gibt keine objektiven Tatbest\u00e4nde mehr, immer \u00f6fter sogar in den Augen der Justiz nicht, sondern die Gruppenzugeh\u00f6rigkeit ist entscheidend. Dem f\u00fcge sich, wer will. Oder muss.<br \/>\n&#8230; Alles vom 23.1.2025 bitte lesen auf<br \/>\n<a href=\"https:\/\/www.klonovsky.de\/2025\/01\/qualitaetsmedien\/\">https:\/\/www.klonovsky.de\/2025\/01\/qualitaetsmedien\/<\/a><\/p>\n<p>&nbsp;<\/p>\n<p><strong>Die Politik diffamiert die \u00c4ngste der eigenen B\u00fcrgerschaft<\/strong><br \/>\n<em>&#8222;Vermutlich hat James Baldwin recht, wenn er sagt, dass Gefahren von der Politik erst wahrgenommen werden, wenn sie einzelnen Politikern ganz pers\u00f6nlich unter den N\u00e4geln brennen. Also h\u00f6chst selten. Die Mehrheit unserer Politiker nimmt kaum Realit\u00e4t zur Kenntnis&#8230; <\/em><br \/>\n<em>Wir diffamieren die Angst unserer B\u00fcrger, statt sie als eine Gabe zu verstehen, die uns vor Schaden bewahren k\u00f6nnte. Angst vor einer realen Entwicklung wird als Paranoia, als Geisteskrankheit, beschimpft.&#8220;<\/em><br \/>\nDagobert Lindlau, deutsche Journalistenlegende, in:<br \/>\nDer Mob &#8211; Recherchen zum organisierten Verbrechen. Hamburg, 1987<\/p>\n<p><strong>W\u00e4hler einer bestimmten Partei diffamieren<\/strong><br \/>\nZur Diffamierung bietet sich auch die <a title=\"Nazi-Keule Islamophobie-Keule\" href=\"https:\/\/www.freiburg-schwarzwald.de\/blog\/nazi-keule-islamophobie-keule\/\">Nazi-Keule<\/a> an. Mit der Gleichsetzung\u00a0\u201cAlternative f\u00fcr Deutschland\u201d mit \u201cAdolf f\u00fcr Deutschland\u201d\u00a0(BZ-Forum 20.2.2016, 18.03 Uhr, Bernd Engesser, Posting zu einem Artikel \u00fcber Frauke Petry) wird der AfD-W\u00e4hler\u00a0in die N\u00e4he von\u00a0<a title=\"Juden\" href=\"https:\/\/www.freiburg-schwarzwald.de\/blog\/religion\/juden\/\">Nationalsozialismus<\/a>\u00a0und <a title=\"Antisemitismus\" href=\"https:\/\/www.freiburg-schwarzwald.de\/blog\/religion\/juden\/antisemitismus\/\">Antisemitismus<\/a>\u00a0ger\u00fcckt. Zu Lasten einer auf <a title=\"Ehrlichkeit\" href=\"https:\/\/www.freiburg-schwarzwald.de\/blog\/engagement\/zukunft\/ehrlichkeit\/\">Ehrlichkeit<\/a> basierenden \u00a0Diskussionskultur.<\/p>\n<p>&#8212;&#8212;&#8212;&#8212;&#8212;&#8212;&#8212;&#8212;&#8212;&#8212;&#8212;&#8212;-<\/p>\n<p><strong>Meisterwerke betreuender Berichterstattung: T\u00e4ter stets deutsch<\/strong><br \/>\nGelegentlich w\u00fcrdigen wir ja an dieser Stelle exemplarisch einige der Meisterwerke <a title=\"Nudging\" href=\"https:\/\/www.freiburg-schwarzwald.de\/blog\/engagement\/zukunft\/demokratie\/nudging\/\">f\u00fcrsorglich-betreuender Berichterstattung<\/a> in Deutschland. Immerhin m\u00fchen sich etliche Medien-Werkt\u00e4tige hierzulande, in bestimmten Meldungen ihre Konsumenten nicht mit Fakten zu verunsichern, die zu falschen Weltbildern f\u00fchren k\u00f6nnten. Beispielsweise in einer dpa-Meldung vom Montag, die welt.de \u00fcbernommen hatte, wobei wir nicht ganz sicher sind, ob die Betreuung der Leser eher der Redaktion von dpa oder der Welt zuzurechnen ist. Fakt ist, man musste besonders sensibel sein, denn es ging um einen Vorfall in Th\u00fcringen, und was dort geschieht, kann heutzutage bekanntlich schnell bedeutsam werden. Aber genug der Vorrede. kommen wir zu einem beispielhaft betreuenden Medien-Werk:<br \/>\n.<br \/>\n<em><strong>MELDUNG VON &#8222;Die Welt&#8220;: T\u00e4ter deutsch<\/strong><\/em><br \/>\n<em>Gera (dpa\/th) \u2013 In Gera ist ein Streit zwischen zwei M\u00e4nnern und drei Betrunkenen eskaliert. Die beiden M\u00e4nner, 28 und 34 Jahre alt, wurden in der Nacht zu Sonntag durch ein Messer, Tritte und Schl\u00e4ge erheblich verletzt, wie die Polizei am Montag mitteilte. Lebensgefahr bestand demnach nicht. Einer der Betrunkenen, ein 19-J\u00e4hriger, hatte die beiden M\u00e4nner angerempelt. Daraufhin kam es zum Streit. Das Trio fl\u00fcchtete, die Beamten konnten die Verd\u00e4chtigen aber sp\u00e4ter fassen und nahmen sie fest. Die Verletzten kamen ins Krankenhaus.\u201c<\/em><br \/>\nHier kann eigentlich kein Generalverdacht oder Vorurteil aufkommen, es sei denn gegen Betrunkene. Eine L\u00fccke hatte die Berichterstattungs-Betreuung allerdings: Am Ende der Meldung platzierten die Kollegen den Link zur entsprechenden Polizeimeldung und da hei\u00dft es:<br \/>\n.<br \/>\n<em><strong>MELDUNG der Polizei: T\u00e4ter syrisch, afghanisch<\/strong><\/em><br \/>\n\u201eSonntagnacht (09.02.2020), gegen 00:05 Uhr kamen Polizeikr\u00e4fte der LPI Gera in der Leipziger Stra\u00dfe zum Einsatz, da <em>es dort zur k\u00f6rperlichen Auseinandersetzung mehrerer Personen kam. Nach derzeitigen Erkenntnissen trafen die beiden sp\u00e4teren Gesch\u00e4digten (28, 34, deutsch) auf die in der Leipziger Stra\u00dfe befindlichen und mit ca. 2 Promille erheblich alkoholisierten <a title=\"Fluechtlinge-Kriminalitaet\" href=\"https:\/\/www.freiburg-schwarzwald.de\/blog\/global\/integration\/fluechtlinge-kriminalitaet\/\">Tatverd\u00e4chtigen<\/a> (15, 19, 21, syrisch, afghanisch). Im weiteren Verlauf rempelte der 19-j\u00e4hrige Tatverd\u00e4chtige die beiden Gesch\u00e4digten an, woraufhin ein verbaler Streit entfachte. In diesen mischten sich auch die beiden 15- und 21-j\u00e4hrigen M\u00e4nner mit ein. Kurz darauf wurden die zwei Gesch\u00e4digten von dem 15-J\u00e4hrigen und dem 19-J\u00e4hrigen massiv mit Schl\u00e4gen und Tritten, sowie zum Teil mit einem Messer, k\u00f6rperlich angegriffen und erheblich verletzt. Lebensgefahr besteht nicht. Nach der Tat fl\u00fcchteten alle drei T\u00e4terverd\u00e4chtigen, konnte jedoch im Rahmen der polizeilichen Fahndung aufgegriffen und vorl\u00e4ufig festgenommen werden. Ein Rettungswagen verbrachte die beiden Gesch\u00e4digten in ein Krankenhaus.\u201c<\/em><br \/>\n&#8230; Alles vom 11.2.2020 von Peter Grimm bitte lesen auf<br \/>\n<a href=\"https:\/\/www.achgut.com\/artikel\/meisterwerke_betreuender_berichterstattung_6\">https:\/\/www.achgut.com\/artikel\/meisterwerke_betreuender_berichterstattung_6<br \/>\n<\/a>.<\/p>\n<p>Kommentare:<br \/>\n<strong>Immer, wenn in einem Bericht \u00fcber eine Gewalttat der T\u00e4ter<\/strong><br \/>\nnicht explizit als Deutscher ausgewiesenen wird, war es ein Migrant. Wer das noch nicht begriffen hat, der glaubt sicher auch weiterhin daran, dass seit 2015 unser Land von hochgebildeten und friedliebenden Fachkr\u00e4ften geflutet wird und dass es sich bei jedem Messer-Mann um einen Chirurgen handelt.<br \/>\n11.2.2020, H.R.<\/p>\n<p><strong>Gera ist Th\u00fcringen.<\/strong><br \/>\nWie hatte die durchgeknallte Braut geschrieben,<em><strong> \u00b4Jedem vierten Th\u00fcringer in die Fresse hauen.` (Zitat SPD-F\u00fchrung),<\/strong> <\/em>Nach der Kennzeichnung der CDU und FDP als Faschisten durch entsprechende Schmierereien ist jetzt sogar jeder Zweite ein Faschist in Th\u00fcringen. Dann sind die drei Syrer \/ Afghanen Antifaschisten. Die in den 1970igern in Hoyerswerda durch Algerier \/ Gastarbeiter niedergestochenen DDR B\u00fcrger sind durch einige \u201cHistoriker\u201d auch zu Rassisten umfirmiert worden. Die Messerstechereien, so etwas kannte man in Hoyerswerda bis dahin \u00fcberhaupt nicht, h\u00f6rten mit der Abreise der Algerier auf. Das w\u00e4re mal eine \u00dcberlegung wert. Den Verletzten mein Mitgef\u00fchl.<br \/>\n11.2.2020, J.T.<br \/>\n.<br \/>\n<strong>Meinungsleitstelle zur Beruhigung<\/strong><br \/>\nDie Details des Tatherganges w\u00fcrden die Bev\u00f6lkerung beunruhigen, deswegen hat man in weiser Voraussicht diese verschwiegen. Zuviel zu wissen, ist nicht gut, das k\u00f6nnte sich auf die Wahlergebnisse 2021 auswirken, negativ, versteht sich. Deshalb hat die zentrale Meinungsleitstelle dpa vorausschauend gehandelt, nur zu unserem Besten. Es ist alles gut, nein, es wird immer besser!<br \/>\n11.2.2020, J.H.<br \/>\n.<br \/>\n<strong>L\u00f6snug: Deutscher Pass f\u00fcr alle Migranten<\/strong><br \/>\nDa gibt es nur eine L\u00f6sung: den potenziellen T\u00e4tern m\u00f6glichst schnell einen deutschen Ausweis in die Hand dr\u00fccken, dann stimmt auch das gr\u00fcn-rote Weltbild wieder. Wetten, dass? Schliesslich bew\u00e4hrte Taktik, wenn es um die Verharmlosung bestimmter T\u00e4tergruppen geht: einfach den Vergleich \u201cpassend\u201d machen. Am K\u00f6lner Domplatz handelte es sich schliesslich auch nur um \u201cM\u00e4nnergewalt\u201d, gelle?<br \/>\n11.2.2020, J.M.<\/p>\n<p>&nbsp;<\/p>\n<p><strong>Quiz &#8222;AfD &#8211; NSDAP&#8220; der SPD Breisgau-Hochschwarzwald<\/strong><br \/>\nFrank-Walter Steinmeier fordert uns in seiner gro\u00dfartigen Weihnachtsansprache zum <a title=\"Steinmeier: Miteinander reden\" href=\"https:\/\/www.freiburg-schwarzwald.de\/blog\/steinmeier-miteinander-reden\/\">&#8222;Miteinander reden&#8220;<\/a> auf und wendet sich dabei an alle B\u00fcrger &#8211; als Abgeordnete, Kollegen, Nachbarn, Parteimitglieder, Sportler, Verwandte usw.: &#8222;Lassen Sie uns daf\u00fcr sorgen, dass unsere Gesellschaft mit sich im Gespr\u00e4ch bleibt!\u201d Das Quiz &#8222;AfD &#8211; NSDAP&#8220; der SPD Breisgau-Hochschwarzwald (siehe unten) mi\u00dfachtet die Forderung des Bundespr\u00e4sidenten in grober Weise.<\/p>\n<p>1) Es ist t\u00f6richt, \u00fcber aus dem Zusammenhang gerissene Zitat-Fetzen zu argumentieren &#8211; dazu zwei Beispiele:<br \/>\na) &#8222;Fakt bleibt, man mu\u00df Positionen und Personen der Rechtspopulisten attackieren, weil sie gestrig, intolerant, rechtsau\u00dfen und gef\u00e4hrlich sind&#8220; (SPD-Vize Ralf Stegner auf Twitter am 8.5.2016). Hier ruft Stegner offen zur Gewalt gegen AfD-W\u00e4hler auf. Gleichwohl: Der linke SPD-Vize ist f\u00fcr sein spitz-vorlautes Mundwerk bekannt und d\u00fcrfte dies gan nicht so gemeint haben.<br \/>\nb) &#8222;Wir m\u00fcssen eine weitere Zuwanderung aus fremden Kulturen unterbinden\u201c (Helmut Schmidt am 11.6.2005). Hier \u00e4u\u00dfert sich Schmidt rassistisch. Gleichwohl: Schmidt ist ein Realist durch und durch, aber kein Rassist.<br \/>\n.<br \/>\n(2) Im Quiz wird zu 13 Zitaten jeweils die Frage gestellt &#8222;AfD oder NSDAP?&#8220; Zu Beginn des Quiz hei\u00dft es &#8222;Die AfD ist ein Sammelbecken f\u00fcr Nazis&#8220;. Zu Beginn des Quiz steht also eine Vorverurteilung. Die Gleichsetzung von AfD, NSDAP und Nazis ist eine Diffamierung, die den demokratischen Diskurs zuwiderl\u00e4uft. Denn &#8222;Wer AfD-Politiker als \u00abNazis\u00bb beschimpft, s\u00e4t Gewalt&#8220; (NZZ vom 8.1.2019). Oder \u201eDie Nazikeule zieht nicht mehr\u201c (Boris Palmer, Gr\u00fcnen-OB von T\u00fcbingen).<br \/>\n.<br \/>\n(3) Von den 13 Fragen bzw. Zitaten des Quiz stammen 6 von der NSDAP und 7 von der AfD (siehe L\u00f6sung zum Quiz weiter unten). Unter den letzteren 7 Fragen jedoch sind 2 von Andre Poggenburg, der inzwischen aus der AfD ausgetreten ist, und 3 von Bj\u00f6rn H\u00f6cke, der hoffentlich nicht mehr lange in der AfD geduldet wird. Das Quiz indentifiziert die AfD also mit ihren Querk\u00f6pfen &#8211; eine faule Methode.<br \/>\nJede junge Partei hat mit solchen Querk\u00f6pfen zu k\u00e4mpfen. Ich selbst habe mit den anderen Mitgr\u00fcndern der Gr\u00fcnen in Heidelberg jahrelang gegen die vielen <a title=\"Daniel Cohn-Bendit Hosenlatz\" href=\"https:\/\/www.freiburg-schwarzwald.de\/blog\/daniel-cohn-bendit-hosenlatz\/\">dreckigen P\u00e4dophilen<\/a> gek\u00e4mpft, die mitsamt Daniel Cohn-Bendit (genannt: Hosenlatz) glaubten, bei den Gr\u00fcnen nun ihre neue politische Heimat etablieren zu k\u00f6nnen. Genauso wird die AfD vermutllch noch einige Zeit zu k\u00e4mpfen haben, bis sie die Dumpfbraunen Gegeons und H\u00f6ckes endlich los wird. In diesem Kampf sollte man die AfD unterst\u00fctzen.<br \/>\nJede Demokratie braucht eine politische Linke wie auch eine politische Rechte, um das gesamte politische Spektrum mit ihren R\u00e4ndern im Parlament abzubilden. Die seit 2002 sozialdemokratisierte CDU kann nationalkonservativ gesinnte B\u00fcrger nicht mehr ansprechen.<br \/>\nDie SPD sollte sich wieder ihrer urspr\u00fcnglichen W\u00e4hlerschaft &#8211; dem kleinen Mann, Arbeiter, Angestellten der unteren Lohngruppen &#8211; zuwenden, anstatt sich den Gr\u00fcnen anzubiedern und die AfD zu verunglimpfen. Mit einem billigen Quiz l\u00e4\u00dft sich die AfD nicht bek\u00e4mpfen, sondern nur mit Sachargumenten.<br \/>\n21.1.2019<\/p>\n<p>&nbsp;<\/p>\n<p><strong>AfD zeigt SPD des Kreisverband Breisgau-Hochschwarzwald an<br \/>\n<\/strong>\u00a0.<br \/>\nKirchzarten (de.) <strong><em>Die AfD ist ein Sammelbecken f\u00fcr Nazis<\/em><\/strong> \u2013 so steht es auf der Homepage der SPD-Kreisverband Breisgau-Hochschwarzwald. Als Beleg dient ein Quiz, bestehend aus dreizehn Zitaten, mit der Frage, von wem sie get\u00e4tigt wurden: der AfD oder der NSDAP.<br \/>\nDie AfD Breisgau-Hochschwarzwald erstattete deshalb Anzeige wegen Volksverhetzung, namentlich gegen Dr. Birte K\u00f6nnecke und Dr. Oswald Prucker, die Vorsitzenden der SPD Breisgau-Hochschwarzwald. Die Anschuldigung der AfD: die SPD wolle die AfD-Mitglieder und W\u00e4hler gesellschaftlich ver\u00e4chtlich machen und ihre Meinungen und Ansichten in die N\u00e4he schlimmster Nazi-Gr\u00f6\u00dfen bringen. Die SPD w\u00fcrde damit Menschen, die ihre demokratischen Grundrechte wahrnehmen, verleumden, ausgrenzen, ihre Existenz in beruflicher oder gar physischer Hinsicht gef\u00e4hrden \u2013 nachzulesen auf der Homepage der AfD.<br \/>\nDiese Anzeige gegen die SPD wurde schon im April 2018 erstattet, die SPD wusste davon \u00fcberhaupt nichts. Auf Nachfrage bei Staatsanwaltschaft wurde mitgeteilt: \u201eMit Verf\u00fcgung der Staatsanwaltschaft Freiburg vom 24.04.2018 wurde der Strafanzeige gem\u00e4\u00df \u00a7 152 StPO eine Folge gegeben, da sich keine Anhaltspunkte f\u00fcr ein strafrechtliches relevantes Verhalten ergaben bzw. die angezeigten \u00c4u\u00dferungen nicht strafbar waren. Es wurde kein Ermittlungsverfahren eingeleitet, weshalb sie (die SPD \u2013 die Red.) auch nicht \u00fcber die Strafanzeige in Kenntnis gesetzt wurden.\u201c \u201eDamit haben wir es schwarz auf wei\u00df: Man darf den ganz Rechten eben schon den Spiegel vorhalten, auch wenn es dadurch zu einer derart erheblichen Verwechslungsgefahr zwischen Neurechten und Altnazis, zwischen AfD und NSDAP kommt, dass man schon beinahe das Wort Vergleich verwenden k\u00f6nnte,\u201c ist das Fazit von Oswald Prucker. Wer will, kann sich selbst ein Urteil bilden; das Quiz ist auf der Homepage der SPD noch zu finden:<br \/>\n<a href=\"https:\/\/www.spd-breisgau-hochschwarzwald.de\/quiz\/show\/84\/\">www.spd-breisgau-hochschwarzwald.de\/quiz\/show\/84\/<\/a><br \/>\n16.1.2019 Dagmar Engesser, Dreisamt\u00e4ler, <a href=\"https:\/\/www.dreisamtaeler.de\">www.dreisamtaeler.de<br \/>\n<\/a>\u00a0.<br \/>\n.<br \/>\nZITAT-BEGINN QUIZ<br \/>\n<strong>AfD oder NSDAP? Ein Quiz mit 13 Fragen<\/strong><br \/>\nDie AfD ist mittlerweile ein Sammelbecken f\u00fcr Nazis. Man muss es so hart formulieren, denn sie entlarven sich \u00fcber ihre Sprache. Beispiele gef\u00e4llig? Gerne. In diesem Quiz haben wir Zitate von alten und neuen Nazis zusammengestellt.<br \/>\nWer kann die Herkunft richtig einordnen? AfD oder NSDAP? Die Aufl\u00f6sung gibt es ganz am Schluss.<\/p>\n<p>1) AfD, Richtig, \u201eLinksextreme Lumpen m\u00fcssen von deutschen Hochschulen verbannt werden\u201c und statt einem Studienplatz \u201elieber praktischer Arbeit zugef\u00fchrt werden&#8220;<br \/>\nStimmt. Das war Andr\u00e9 Poggenburg &#8211; Quelle<br \/>\n2) AfD, Richtig, \u201eNoch sitzt ihr da oben, ihr feigen Gestalten. Doch einst wird wieder Gerechtigkeit walten. Dann richtet das Volk, dann Gnade euch Gott\u201c<br \/>\nRichtig. Das war J\u00fcrgen Pohl von der AfD Th\u00fcringen &#8211; Quelle<br \/>\n3) AfD, Falsch, &#8222;Hier ist eine Bedrohung &#8230; des europ\u00e4ischen Kontinents gegeben, die alle bisherigen Gefahren des Abendlandes weit in den Schatten stellt.&#8220;<br \/>\nFalsch. Das war Joseph Goebbels &#8211; Quelle<br \/>\n4) AfD, Richtig, &#8222;Wir m\u00fcssen unsere M\u00e4nnlichkeit wieder entdecken. Denn nur, wenn wir unsere M\u00e4nnlichkeit wieder entdecken, werden wir mannhaft. Und nur, wenn wir mannhaft werden, werden wir wehrhaft, und wir m\u00fcssen wehrhaft werden.&#8220;<br \/>\nRichtig. Das war Bernd H\u00f6cke &#8211; Quelle<br \/>\n5) AfD, Falsch, &#8222;Eine &#8230; mit jedem Mittel der Verleumdung und einer wahrhaft balkenbiegenden L\u00fcgenvirtuosit\u00e4t arbeitende Tagespresse.&#8220;<br \/>\nFalsch. Das war Adolf Hitler &#8211; Quelle<br \/>\n6) AfD, Richtig, \u201eIch sage diesen linken Gesinnungsterroristen, diesem Parteienfilz ganz klar: Wenn wir kommen, dann wird aufger\u00e4umt, dann wird ausgemistet, dann wird wieder Politik f\u00fcr das Volk und nur f\u00fcr das Volk gemacht \u2013 denn wir sind das Volk, liebe Freunde.\u201c<br \/>\nRichtig. Das war Markus Frohnmaier &#8211; Quelle<br \/>\n7) AfD, Falsch, &#8222;Der Kampf &#8230; soll von Entm\u00e4nnlichung zu neuer M\u00e4nnlichkeit &#8230; f\u00fchren.&#8220;<br \/>\nFalsch. Das war Joseph Goebbels &#8211; Quelle<br \/>\n8) AfD, Falsch, &#8222;Die Rettung der Nation muss man da beginnen, wo der Verfall seinen Anfang nahm. Erst muss man wieder gesinnungsgem\u00e4\u00df ein Volk aufbauen, mit dem man dann politisch operieren kann.&#8220;<br \/>\nFalsch. Das war Adolf Hitler.<br \/>\n9) AfD, Richtig, \u201eIch will, dass Deutschland nicht nur eine tausendj\u00e4hrige Vergangenheit hat. Ich will, dass Deutschland auch eine tausendj\u00e4hrige Zukunft hat.\u201c<br \/>\nRichtig. Das war Bernd H\u00f6cke &#8211; Quelle<br \/>\n10) AfD, Richtig, , &#8222;Ich m\u00f6chte, dass ihr euch im Dienst verzehrt. Ich m\u00f6chte euch als neue Preu\u00dfen.&#8220;<br \/>\nRichtig. Das war Bernd H\u00f6cke &#8211; Quelle<br \/>\n11) AfD, Falsch, &#8222;Ein Student, der es nicht f\u00fcr n\u00f6tig h\u00e4lt, sich in die Reihen der politischen Soldaten &#8230; einzugliedern, soll k\u00fcnftig nicht mehr wert sein, an der Universit\u00e4t &#8230; zu studieren.\u201c<br \/>\nFalsch. Das war Wilhelm Kr\u00fcger, Rektor der Berliner Universit\u00e4t, 1937 &#8211; Quelle<br \/>\n12) AfD, Richtig, \u201eBeteiligen Sie sich an allen m\u00f6glichen Ma\u00dfnahmen, um diese Wucherung am deutschen Volksk\u00f6rper endg\u00fcltig loszuwerden und zu beseitigen.\u201c<br \/>\nRichtig. Das war Andr\u00e9 Poggenburg &#8211; Quelle<br \/>\n13) AfD, Falsch, \u201eIch will auch gar nicht, da\u00df Sie daf\u00fcr stimmen! Deutschland soll frei werden, aber nicht durch Sie!&#8220;<br \/>\nFalsch. Das war Adolf Hitler am 23. M\u00e4rz 1933 als Antwort auf Otto Wels &#8211; Quelle<br \/>\nZITAT-ENDE QUIZ<\/p>\n<p>SPD Breisgau-Hochschwarzwald:<br \/>\n<a href=\"https:\/\/www.spd-breisgau-hochschwarzwald.de\/quiz\/show\/84\/\">www.spd-breisgau-hochschwarzwald.de\/quiz\/show\/84\/<\/a><\/p>\n<p>Die AfD-Homepage geht weder auf die Anzeige der AfD noch auf das Quiz der SPD ein.<br \/>\nAfD Breisgau-Hochschwarzwald:<br \/>\n<a href=\"https:\/\/brsg-hschw.afd-bw.de\">https:\/\/brsg-hschw.afd-bw.de<\/a><\/p>\n<p>Wer AfD-Politiker als \u00abNazis\u00bb beschimpft, s\u00e4t Gewalt<br \/>\n<a href=\"https:\/\/www.nzz.ch\/meinung\/wer-afd-politiker-als-nazis-beschimpft-saet-den-boden-der-gewalt-ld.1449817\">https:\/\/www.nzz.ch\/meinung\/wer-afd-politiker-als-nazis-beschimpft-saet-den-boden-der-gewalt-ld.1449817<\/a><\/p>\n<p>.<br \/>\n<strong>Nicht mit der Nazikeule auf abtr\u00fcnnige SPD-W\u00e4hler der AfD einschlagen<\/strong><br \/>\nGuten Tag, das Quiz \u201eDie AfD ist mittlerweile ein Sammelbecken f\u00fcr Nazis\u201c mit 13 Fragen des SPD Kreisverbandes, die ich beantwortet habe, zeigt mir nicht viel und \u00fcberzeugt mich nicht, so wie es Herr Dr. Prucker wohl anstrebt. Mehrere der Antwor ten, die der AfD zuzuordnen waren, stammten von Bernd H\u00f6cke und Andr\u00e9 Poggenburg. Letzterer hat k\u00fcrzlich die AfD verlassen und H\u00f6cke, ebenfalls ein Rechtsau\u00dfen, drohte ein Partei ausschlussverfahren. Sammelbecken? Die NSDAP-Antworten stammten jedoch von den damaligen f\u00fchrenden NS-Gr\u00f6\u00dfen Hitler, G\u00f6bbels und G\u00f6ring. Soll das eine Gleichstellung sein? Ich k\u00f6nnte es allenfalls als eine potentielle Gefahr bewerten, dass \u00e4u\u00dferst rechts stehende Leute dazu tendieren, zuk\u00fcnftig einmal die AfD zu \u00fcbernehmen.<br \/>\nDer SPD dagegen steht laut Umfragen das Wasser bis zum Hals und da laut den Wahlergebnissen viele ihrer W\u00e4hlerinnen und W\u00e4hler zur AfD abgewandert sind, bzw. ihre Sozialpolitik nicht mehr mittragen sowie der SPD die proletarische W\u00e4hlerbasis schlicht abhanden gekommen ist, verwendet sie nun das Mittel, ihre Gegner an der Wahlurne den Nazis zuzuordnen, damit die verlorenen W\u00e4hlersch\u00e4fchen das Kreuz wieder an der richtigen Stelle machen.<br \/>\nAber erst vor wenigen Tagen sagte der eigene Hauptredner des SPD-Neujahrsempfanges des Kreisbandes in Himmelreich, Professor Ernst Ulrich von Weizs\u00e4cker, prominenter Umweltaktivist und ehemaliger SPD-MdB, zu den Populisten: \u201eScheu\u00dflich\u201c sei, dass sie punktuell Recht h\u00e4tten, denn in der Tat habe \u201eeine internationale Finanz-Elite das Steuer in der Hand\u201c und die \u201eeinfachen Leute\u201c f\u00fchlten sich abgeh\u00e4ngt und betrogen.\u201c Hier liegt der Hase im Pfeffer: Die SPD und andere mit ihr koalierende Parteien haben eben \u00fcbersehen, dass andere in manchen Fragen, mit denen man sich nicht besch\u00e4ftigen wollte, \u201epunktuell Recht haben\u201c.<br \/>\nHier sollte man ansetzen, eine \u00fcberzeugende Gegendarstellung f\u00fcr die W\u00e4hlerschaft zu finden, und nicht, irgendwelche Man\u00f6ver, wie etwa Randpersonen ungeliebter Konkurrenten in die N\u00e4he fr\u00fcherer Nazigr\u00f6\u00dfen zu r\u00fccken. Um dann mit der Nazikeule auf abtr\u00fcnnige SPD-W\u00e4hler einschlagen zu k\u00f6nnen.<br \/>\n23.1.2019, Manfred Schreiber, Kirchzarten, <a href=\"https:\/\/www.dreisamtaeler.de\">https:\/\/www.dreisamtaeler.de<\/a><\/p>\n<p><strong>Anonymer Drohbrief &#8211; SPD-Vorsitzende Dr. Birte K\u00f6nnecke erstattet Anzeige<\/strong><br \/>\nDr. Birte K\u00f6nnecke, Vorsitzende der SPD Breisgau-Hochschwarzwald, erhielt vergangene Woche einen postalisch zugestellten Drohbrief. Von wem der Brief stammt ist nicht klar, allerdings l\u00e4sst eine Art Absender-Zeile aufs AfD-Umfeld schlie\u00dfen: \u201eWIR brennen f\u00fcr die AFD mit unserem intellektuellen A. Schumacher\u201c steht da. Anlass dieses Briefes, ist die Behauptung der SPD, die AfD sei ein Sammelbecken f\u00fcr Nazis. \u201eGegen Eure inquisitorisch unqualifizierent ehrverletzenden Beleidigungen\u201c \u2013 Originalwortlaut &#8211; habe die AfD Strafanzeige erstattet. Sollte dieser nicht mit harten Strafen entsprochen werden, wird in dem rief Selbstjustiz angedroht: die Verfasser w\u00fcssten, wo K\u00f6nnecke wohne und ihre \u201eKarre\u201c werde auf vier Felgen stehen. Des Weiteren wird sie als potth\u00e4ssliche Drecksau mit Pferdegebiss beschimpft, das die Verfasser drohen einzuschlagen.<br \/>\nHintergrund ist ein Quiz mit dreizehn Zitaten, das die SPD auf ihrer Homepage eingestellt hat. Es f\u00e4llt nicht leicht, diese Nazi- oder AfD-Rednern zuzuordnen, deshalb schlussfolgerte die SPD, dass die AfD ein Sammelbecken f\u00fcr Nazis sei. Die AfD erstattete daraufhin Anzeige wegen Volksverhetzung. Die Staatsanwaltschaft Freiburg stellte das Verfahren jedoch ein, \u201eda sich keine Anhaltspunkte f\u00fcr ein strafrechtliches relevantes Verhalten ergaben bzw. die angezeigten \u00c4u\u00dferungen nicht strafbar waren. Es wurde kein Ermittlungsverfahren eingeleitet.\u201c Mehrere Medien berichteten \u00fcber diesen Vorgang, so auch der Dreisamt\u00e4ler. Dieser Drohbrief scheint nun eine Reaktion auf diese Berichterstattung zu sein. Der Dreisamt\u00e4ler hakte bei dem namentlich genannten Andreas Schumacher, dem Kreissprecher der AfD Kreisverband Freiburg, nach. Er distanziert sich von diesem Brief an K\u00f6nnecke mit dem Wortlaut \u201eIch geh\u00f6re weder zu den Initiatoren noch zu den Verfassern dieses sowohl in Form als auch in Inhalt grauenhaften Briefes.\u201c<br \/>\n.<br \/>\nDie AfD ist inzwischen ein Pr\u00fcffall f\u00fcr den Verfassungsschutz, da tats\u00e4chlich Anhaltspunkte f\u00fcr eine gegen die freiheitlich-demokratische Grundordnung gerichtete Politik vorl\u00e4gen, so der Verfassungsschutzpr\u00e4sident Thomas Haldenwang. Die Jungen Alternativen, die Jugendorganisation der AfD, und der sogenannte Fl\u00fcgel hingegen sind als Verdachtsf\u00e4lle eingestuft. Viele \u00c4u\u00dferungen ihrer Funktion\u00e4re richteten sich gegen die im Grundgesetz festgeschriebene Menschenw\u00fcrde, w\u00fcrden Selbstjustiz billigen und rechtsstaatliche Prinzipien missachten, so die Begr\u00fcndung des Verfassungsschutzes. Dar\u00fcber hinaus wird mit solchen \u00c4u\u00dferungen und Briefen ein Klima des Hasses und der Angst erzeugt. Im Extremfall werden aus Worten Taten, so wie bei der Ermordung des Danziger B\u00fcrgermeisters Pawel Adamowicz vermuten wird.<br \/>\n.<br \/>\nBirte K\u00f6nnecke hat Strafanzeige erstattet. \u201eWir wehren nicht mehr den Anf\u00e4ngen, wir sind mittendrin,\u201c sagt sie \u201eEs gibt nur zwei M\u00f6glichkeiten. Entweder man duckt sich, ist ganz leise und hofft, nie selber Ziel zu werden. Oder man steht auf und h\u00e4lt dagegen. Ich habe mich f\u00fcr letzteres entschieden und werde mich durch anonyme Drohbriefe mit Sicherheit nicht davon abhalten lassen. Ich finde, das ist man denjenigen schuldig, die diese Wahl nicht haben, da sie als Menschen mit anderem Aussehen, anderer Herkunft, anderer Religion, anderer sexueller Orientierung geborene Ziele sind.\u201c<br \/>\n6.2.2019, de, Dreisamt\u00e4ler<br \/>\n.<\/p>\n<p><strong>Bernd Engesser: BfV erkl\u00e4rt AfD zum &#8222;Pr\u00fcffall&#8220;<\/strong><br \/>\nZum Leserbrief von Manfred Schreiber, ver\u00f6ffentlicht im Dreisamt\u00e4ler vom 23. 1. 2019, erreichte uns folgende Zuschrift:<br \/>\nDer Leserbrief von Manfred Schreiber stellt eine Verharmlosung der AfD dar, der widersprochen werden muss. Nat\u00fcrlich sind es nur wenige Zitate, die im SPD-Quiz aufgef\u00fchrt sind. Aber es sind Zitate, die deutlich zeigen, wie sehr die \u00c4u\u00dferungen f\u00fchrender AfD-ler sowohl inhaltlich als auch in der Ausdrucksweise denen der NSDAP-Gr\u00f6\u00dfen \u00e4hneln. Auch wenn ein Poggenburg inzwischen aus der AfD ausgetreten ist, H\u00f6cke ist Spitzenkandidat der AfD in Th\u00fcringen. Der von ihm gef\u00fchrte \u201eFl\u00fcgel\u201c bestimmt inzwischen die Parteiprogrammatik, was aktuell der Europaparteitag der AfD deutlich zeigte. Auch die angeblich nationalliberalen Kr\u00e4fte wie Meuthen, der beispielsweise das letzte \u201eKyffh\u00e4usertreffen\u201c der rechtsextremen \u201ePatriotischen Plattform\u201c besuchte, \u00fcbernehmen zunehmend die Positionen des rechtsradikalen \u201eFl\u00fcgels\u201c. \u201eFliegenschiss\u201c-Gauland und \u201eKopftuchm\u00e4dchen\u201c-Weidel scheuen selbst im Bundestag keine nationalistischen Spr\u00fcche. Die Bundestagsabgeordneten Seitz (Wiedereinf\u00fchrung der Todesstrafe) und Frohnmaier (\u201eWenn wir erst an der Macht sind wird aufger\u00e4umt\u201c) oder die Abgeordneten R\u00e4pple und Gedeon im Landtag, die von der Polizei aus dem Landtag gef\u00fchrten werden mussten, zeigen deutlich, was die AfD will. Und das beschr\u00e4nkt sich nicht nur darauf, die Landtagspr\u00e4sidentin Baden-W\u00fcrttembergs in Anatolien zu entsorgen. Politischen Gegnern wird da schon einmal nahegelegt, Deutschland zu verlassen, so lange sie es noch k\u00f6nnen. Es wird in anonymen Briefen offen Gewalt angedroht. Gut dargestellt ist diese Ver\u00e4nderung der Kr\u00e4fteverh\u00e4ltnisse innerhalb der AfD im Buch \u201eInside AfD\u201c von Franziska Schreiber, einem ehemaligen AfD-Mitglied und Anh\u00e4ngerin Frauke Petrys. Die AfD ist eine Gefahr f\u00fcr unsere freiheitliche Staatsverfassung: W\u00e4hrend Parteigr\u00fcnder Bernd Lucke und selbst die strikt national-konservative Frauke Petry sich noch als Alternative in unserem politischen System sahen, sieht sich ein gro\u00dfer Teil der AfD inzwischen als Alternative zu unserem Staatssystem. Die AfD stellt das ganze politische System Deutschlands infrage. Ihr geht es um eine grunds\u00e4tzliche Ver\u00e4nderung des bundesrepublikanischen Modells.<\/p>\n<p><em>Das Bundesamt f\u00fcr Verfassungsschutz (BfV) hat am 15. Januar 2019 die Gesamtpartei AfD zu einem \u201ePr\u00fcffall\u201c und die Sammlungsbewegung \u201eDer Fl\u00fcgel\u201c sowie die Jugendorganisation der AfD (Junge Alternative) zu \u201eVerdachtsf\u00e4llen\u201c erkl\u00e4rt. Ich zitiere aus der Verfassungsschutzerkl\u00e4rung: \u201eEs liegen auch hier hinreichend gewichtige Anhaltspunkte daf\u00fcr vor, dass es sich um eine extremistische Bestrebung handelt. Das propagierte Politikkonzept ist auf Ausgrenzung, Ver\u00e4chtlichmachung und weitgehende Rechtlosstellung von Ausl\u00e4ndern, Migranten, insbesondere Muslimen, und politisch Andersdenkenden gerichtet. Es verletzt die Menschenw\u00fcrdegarantie sowie das Demokratie- und das Rechtsstaatsprinzip. Die Relativierung des historischen Nationalsozialismus zieht sich zudem wie ein roter Faden durch die Aussagen der \u201eFl\u00fcgel\u201c-Vertreter. Einzelne Mitglieder des \u201eFl\u00fcgels\u201c weisen nach Informationen des BfV zudem Bez\u00fcge zu bereits extremistisch eingestuften Organisationen auf.\u201c<\/em><\/p>\n<p>Vorbilder sind Erdogan in der T\u00fcrkei, der die Strategie deutlich aussprach: \u201eDemokratie ist der Zug, der uns ans Ziel bringt. Sind wir am Ziel, dann verlassen wir den Zug.\u201c In der T\u00fcrkei ist das schon so weit, die Demokratie wird systematisch zerst\u00f6rt. PiS in Polen und FIDESZ in Ungarn sind auch schon auf diesem Weg. Vorbilder der AfD. Ich gestehe Herrn Schreiber zu, dass diese extremistische Einstellung der AfD-Aktivisten von vielen AfD-W\u00e4hlern nicht geteilt wird. Es mag sein, dass Unzufriedenheit mit dem Agieren der \u201eAltparteien\u201c, Abstiegs\u00e4ngste oder das Empfinden von sozialen Ungerechtigkeiten und \u00e4hnlichem Menschen dazu bringt, aus Protest oder Frust AfD zu w\u00e4hlen. Diese Protestw\u00e4hler sollten sich aber schon fragen, ob Unzufriedenheit mit einzelnen Punkten in unserer Gesellschaft und im politischen System es rechtfertigen, das gesamte Gesellschafts- und Politiksystem Deutschlands zu gef\u00e4hrden. Herr Schreiber, immerhin laut Internet im Vorstand des Ortsvereins Dreisamtal der Gr\u00fcnen, sollte die AfD nicht verharmlosen, sondern sich f\u00fcr unsere freiheitliche, demokratische Grundordnung einsetzen.<br \/>\n20.2.2019, Bernd Engesser, Kirchzarten-Zarten, Dreisamt\u00e4ler, Seite 10.<br \/>\n.<br \/>\nAnmerkung: Das Verwaltungsgericht K\u00f6ln hat am 26.2.2019 die Erkl\u00e4rung der AfD zum &#8222;Pr\u00fcffall&#8220; durch das Bundesamt f\u00fcr Verfassungsschutz BfV f\u00fcr rechtswidrig erkl\u00e4rt. Das o.a. Zitat (kursiv) von Bernd Engesser ist somit nicht rechtskonform.<br \/>\n27.2.2019<br \/>\n.<br \/>\n<strong>Manfred Schreiber: &#8230; statt nur auf die AfD einzupr\u00fcgeln<\/strong><br \/>\nLieber Herr Engesser,<br \/>\nlaut Internet: liebes neues SPD Mitglied. Ich war ja vor Jahrzehnten auch in der SPD dabei. Ich verstehe, wie Sie jetzt als guter neuer Parteisoldat der SPD es mal allen zeigen wollen und m\u00fcssen, wie man so richtig gegen die AfD ausholt. Viel \u00fcberzeugender als Ihr Kreisvorstand mit seinen Zitaten. Sie gaben richtig \u201eButter bei die Fische\u201c der AfD. Ebenso wie ich sind Sie \u00e4lter geworden und setzen sich nun f\u00fcr die FDGO (freiheitliche demokratische Grundordnung) ein. Aus ihrer Zeit als gr\u00fcner Revoluzzer im Kirchzartener Gemeinderat und vielleicht zuvor schien mir, ist Ihnen damals die FDGO vielleicht nicht so locker aus der Feder gekommen wie jetzt? Ich kann das als auch \u00e4lter Gewordener gut verstehen. Die Ausw\u00fcchse und Entgleisungen der AfD zu bek\u00e4mpfen habe ich aber etwas anderes und besseres im Sinn. Etwa so wie es Ihr Parteigenosse Ernst Ulrich von Weizs\u00e4cker ehem. SPD MdB es vorgeschlagen hat, der hier beim SPD Neujahrsempfang sprach. Dass n\u00e4mlich die SPD mal die Dinge anspricht, die die Leute und ihre weggelaufene W\u00e4hlerschaft bewegen, statt nur auf die AfD einzupr\u00fcgeln. Das haben Sie in Ihrem Leserbrief selbst einger\u00e4umt, dass bei der W\u00e4hlerschaft erhebliche Missst\u00e4nde beklagt werden. Die Populisten, die AfD, sprechen n\u00e4mlich einige spezielle Themen an, vor denen sich die SPD dr\u00fcckt und die Populisten stellen nicht immer die falschen Fragen, sagte von Weizs\u00e4cker. Bei der Verteidigung der FDGO gibt es n\u00e4mlich bessere und weniger gut geeignete Wege. Das Belastungsmaterial gegen die AfD aufzulisten, wie Sie es tun, und was ja eh jede und jeder wei\u00df, ist nicht der bessere Weg oder jedenfalls nicht der erfolgversprechendste. Wie Sie wissen sollten, w\u00e4hlen viele fr\u00fchere SPD W\u00e4hlerinnen und W\u00e4hler trotzdem die AfD. Sie sehen, wir sind in einem Wettstreit der Argumente, der FDGO bestm\u00f6glichst beizustehen. Ich halte Ihre Vorgehensweise zwar f\u00fcr besser oder eindeutiger als das SPD Quiz, aber insgesamt auch f\u00fcr nicht dienlich. Was uns jedoch eint, scheint mir, ist, in der Demokratie auch seine Meinung zu ilden, zu pr\u00fcfen und diese dann kund zu tun &#8211; etwa in Leserbriefen.<br \/>\n27.2.2019, Manfred Schreiber, Kirchzarten, Der Dreisamt\u00e4ler<\/p>\n<p>&nbsp;<\/p>\n<p>.<br \/>\n<strong>Migrationshintergrund erw\u00e4hnen, um Diskriminierung und Diffamierung vorzubeugen<\/strong><br \/>\nDie Wahrheit ist eben schockierend und nicht politisch korrekt. Sie lautet, dass wir wohl ein verdammt friedliches Land w\u00e4ren, w\u00e4re da nicht die <strong>aggressive Gewalt von vornehmlich t\u00fcrkischen und arabischen Migranten und die Eigentumsdelikte von mehrheitlich aus Osteuropa stammenden Banden<\/strong>.<br \/>\nDabei entz\u00f6ge erst eine sachliche Auseinandersetzung mit diesem Thema dem Postfaktischen den Raum. Denn wie so oft sind diejenigen, die mit diesem Begriff neuerdings um sich schmei\u00dfen, selbst am meisten von ihm betroffen. \u00dcberall dort wo keine verl\u00e4sslichen Zahlen existieren oder \u00f6ffentlich gemacht werden, bleibt letztlich eben nur die Spekulation (Pauschalisierung) und die Beobachtung der eigenen Lebenswirklichkeit.<br \/>\n&#8230;<br \/>\nSo k\u00f6nnte eine genauere Erfassung des Migrationshintergrundes schlie\u00dflich auch Diskriminierung vorbeugen, wenn es denn tats\u00e4chlich stimmt, dass Migranten oder Deutsche mit Migrationshintergrund nicht krimineller sind als Deutsche ohne Migrationshintergrund. Dass man sich dem verweigert, sagt eigentlich schon alles und wird auch nicht dadurch besser, dass Rangar Yogeshwar bei Maischberger erkl\u00e4rt, dass Migranten, sofern sie denn tats\u00e4chlich krimineller sind, dieses nur aufgrund von Armut seien.<br \/>\nWarum arme Deutsche hingegen offenbar deutlich weniger oft straff\u00e4llig werden und die libanesischen Clans in Berlin und Co. trotz angeblicher Armut (weil krimineller Migrant = arm) mit der S-Klasse durch die Bezirke fahren, bleibt hierbei n\u00e4mlich unbeantwortet&#8230;&#8230;<br \/>\nAlles von Anabel Schunke vom 15.12.2016 bitte lesen auf<br \/>\n<a href=\"https:\/\/www.tichyseinblick.de\/meinungen\/das-grosse-geheimnis-kriminalitaetsstatistik\/\">https:\/\/www.tichyseinblick.de\/meinungen\/das-grosse-geheimnis-kriminalitaetsstatistik\/<\/a><\/p>\n<p>&nbsp;<\/p>\n<p><strong>Ich bin Migrantin und werde als Nazi bezeichnet<\/strong><br \/>\nDie K\u00f6lner Unternehmerin Emitis Pohl floh mit 13 Jahren aus dem Iran. Nach den Silvester-\u00dcbergriffen fordert die Muslimin klare Kante gegen kriminelle Fl\u00fcchtlinge. Daf\u00fcr erntet sie Hass. &#8230;.<br \/>\nSie wollte eine Pauschalisierung vermeiden und betonte. &#8222;Wenn Hunderte von deutschen M\u00e4nnern in dieser Silvesternacht Frauen angegriffen h\u00e4tten, w\u00e4ren das f\u00fcr mich auch Kriminelle. Ich spreche nur von Kriminellen.&#8220;<br \/>\n&#8230;. Alles vom 24.2.2016 bitte lesen auf<br \/>\n<a href=\"https:\/\/www.welt.de\/politik\/deutschland\/article152594591\/Ich-bin-Migrantin-und-werde-als-Nazi-bezeichnet.html\">https:\/\/www.welt.de\/politik\/deutschland\/article152594591\/Ich-bin-Migrantin-und-werde-als-Nazi-bezeichnet.html<\/a><\/p>\n<p>Zitate von Emitis Pohl in HartAberFair:<br \/>\n&#8222;Wer sich nicht integrieren will, hat als Gast in Deutschland nichts zu suchen.&#8220;<br \/>\n&#8222;Ich bin Migrantin und werde als AfD-Anh\u00e4ngerin und als Nazi bezeichnet, von Migranten, das ist doch ein Witz&#8220;<br \/>\n&#8222;Straff\u00e4llige Fl\u00fcchtlinge m\u00fcssen ausgewiesen und abgeschoben werden. Da geht kein Weg daran vorbei.&#8220;<br \/>\n&#8222;Die Grenzen besser kontrollieren und zur Not zumachen, keine Fl\u00fcchtlinge mehr reinlassen.&#8220;<\/p>\n<p><strong>Eine Migrantin wie Emitis Pohl tut mehr f\u00fcr die Integration als all die Bahnhofsklatscher<\/strong><br \/>\nDiese Frau Emitis Pohl leistet mehr f\u00fcr Integration als die vielen Menschen, die vergangenen August\/September am M\u00fcnchner Bahnhof Spalier standen, ihre La Ola-Welle auff\u00fchrten und klatschten. Meinen gro\u00dfen Respekt vor dieser Frau und meine hohe Anerkennung daf\u00fcr, dass sie es wagt, Klartext zu sprechen und aus der \u00fcblichen und weit verbreiteten Political Correctness ausbricht. An der Haltung und dem Einsatz von Frau Pohl k\u00f6nnen sich andere Menschen, ob Migranten oder Deutsche, nur ein Beispiel nehmen!<br \/>\n24.2.2016, N.Denk<\/p>\n<p><strong>Frau Pohl redet wie ein moderne Frau mitten aus unserer Zivilgesellschaft<\/strong><br \/>\nWenn Menschen noch in Clan oder anderen traditionellen vormodernen Denkstrukturen verhaften wollen , sollen sie es tun. Aber nicht in Deutschland. Frau Pohl ist vermutlich eine Verr\u00e4terin in diesen Augen, weil sie die Zivilgesellschaft als westliches Konstrukt der traditionellen Gemeinschaft den Vorrang gegeben hat, was f\u00fcr manche als unverzeihlicher Bruch mit der &#8222;eigenen&#8220; Kultur angesehen wird.<br \/>\nUnd die Welcome-Fraktion ist genau so hinterw\u00e4ldlerisch. Sie untergraben die Debattenkultur , die freie Meinungs\u00e4u\u00dferung, den politischen Diskurs, in dem sie die Nazi-Keule raushauen und dem Dialog damit eine Abfuhr erteilen. Zudem verraten sie auch ihre eigenen Ideale. Das der gelungenen Integration.<br \/>\nDiese Frau hat erkannt, dass eine Gesellschaft auf bestimmte Werte begr\u00fcndet ist, und wenn immer weniger diese teilen und separierte Systeme entstehen, zerbricht auch die Gesellschaft.<br \/>\n24.2.2016, Toni<\/p>\n<p><strong>\u00d6ffentlich-rechtliche Sender verbreiten: Entweder Merkel oder Nazi<\/strong><br \/>\nDas hat damit zu tun, dass nicht wenige Leute komplette Medienopfer der \u00f6ffentlich-rechtlichen Sender sind. Dort wird 24 Stunden am Tag die Stimmung verbreitet, wer nicht f\u00fcr Merkels Politik ist, w\u00e4re ein halber Nazi. Wer f\u00fcr Grenzkontrollen, konsequente Abschiebung, Begrenzung von Zuwanderung und das Aussprechen der Wahrheit ist, der habe nur Hass in sich und den m\u00fcsse man irgenwie bek\u00e4mpfen.<br \/>\nDie \u00d6ffentlich-Rechtlichen sind eine 7 Milliarden Euro &#8218;Meinungsmaschine&#8216;, die jede US-Wahlkampfkampagne auch etatm\u00e4\u00dfig wie ein Zwerg erscheinen l\u00e4sst. Um Neutralit\u00e4t vorzugaukeln, laden die sich ab und zu ein paar kritische Stimmen wie Emitis Pohl ein, nur um anschie\u00dfend den Rest des Tages komplett die gegenteilige Schiene zu fahren. Also mir sind Emitis Pohl und Tanja Kambouri tausendmal lieber als Dunja Hayali.<br \/>\n24.2.2016, Georg<\/p>\n<p><strong>100-200000 junge M\u00e4nner nicht integrationsbereit?<\/strong><br \/>\nDem kann ich nur zustimmen, im Gegensatz zu Ihr habe ich jedoch den Vorteil, dass ich als Halbghanaer nicht als Nazi abgestempelt werden kann. Daher spreche ich so oft es geht \u00f6ffentlich die Themen an und rate jedem dazu, sich nicht einsch\u00fcchtern zu lassen, wenn es um Kritik an der momentanen Situation in Deutschland geht.<br \/>\nEs ist nunmal ein Fakt, dass nicht alle Leute die nach Deutschland kommen nette Kerle sind auch wenn die Mehrheit wohl friedlebend ist. Bei Einwanderungszahlen von 1.3+ mio muss man sich nicht wundern, dass da auch 100-200.000 M\u00e4nner drunter sind, die erheblichen Schaden f\u00fcr unsere Gesellschaft anrichten k\u00f6nnen aufgrund ihres Frauenbildes und anderer religi\u00f6ser Werte, die leider nicht im Einklang mit dem Deutschen Grundgesetz \/ Gesellschaftsverst\u00e4ndnis stehen.<br \/>\n24.2.2016, NevNez<\/p>\n<p><strong>Wer eine gewisse Anpassung an die Leitkultur fordert, ist ein Nazi<\/strong><br \/>\nMeine Eltern kamen bei der Flucht vor den Kommunisten 1963 \u00fcber die gr\u00fcne Grenze nach Deutschland. Erstaufnahme in Zirndorf&#8230;.Ich behaupte wir haben uns maximal an die geltenden deutschen Regeln und Normen angepasst und uns hervorragend integriert. Das Gleiche fordere ich nun von den sog. Leidensgenossen meiner Eltern. Wem die Werte dieses wunderbaren Landes nichts bedeuten, sollte sich eine Migration genauestens \u00fcberlegen. Sich ein wenig anzupassen bedeutet nicht, sich aufzugeben. Wegen dieser Einstellung wurde ich als Rechter denunziert. Ehrlich gesagt hat mich das ziemlich verwirrt.<br \/>\n24.2.2016, Simon<\/p>\n<p><strong>Diffamierungen gibt es auch von muslimischer Seite<\/strong><br \/>\nEines m\u00f6chte ich der Deutsch-Iranerin doch sagen, wenn es erlaubt ist: Die Beleidigungen gibt es nicht nur von deutscher Seite. \u00dcberzeugte Moslemanh\u00e4nger sind auch nicht zimperlich, wenn sie sich \u00fcber den christlichen Glauben \u00e4ussern. Ob ich das hier sagen darf, wei\u00df ich nicht.<br \/>\nMich beleidigt es z. B. sehr, wenn Christen als Ungl\u00e4ubige oder Schweinefleisch bezeichnet werden. Frauen zu \u00dcbungsobjekte degradiert werden, weil nur moslemische Frauen es wert sind, von moslemischen M\u00e4nnern geehelicht zu werden.<br \/>\nDas ist ebenfalls ein unhaltbarer Zustand. Jeder darf\/soll glauben was er m\u00f6chte, ohne sich den anderen mit seiner Meinung Untertan machen zu wollen. Das enspannt ungemein. wir haben alle eines gemeinsam. Wir leben auf dieser Welt, die im Moment in gro\u00dfen Teilen zu einer W\u00fcste gemacht wird. Das alles im Namen eines derzeitig unbarmherzogen Gott. Das Ergebnis sind die b\u00f6sartigen Angriffe.<br \/>\n24.2.2016, Carlo<\/p>\n<p><strong>Rassismus-Keule sogar gegen Afrikaner<\/strong><br \/>\nLiebe Frau Pohl, noch eine kleine Geschichte zum schmunzeln: Selbst dem aus aus Afrika stammenden AfD-Vorsitzenden Achille Dembago aus Kiel hat man schon Rassismus vorgeworfen. Das zeigt, dass diese Argument h\u00e4ufig f\u00fcr fehlende sachliche Argumente benutzt wird.<br \/>\n24.2.2016, Besorgt<\/p>\n<p><strong>Respekt Frau Pohl!<\/strong><br \/>\nDass sich eine geb\u00fcrtige Iranerin bei der AfD engagiert best\u00e4tigt aus meiner Sicht, dass der Begriff &#8222;ausl\u00e4nderfeindlich&#8220; ein Versuch der Linken ist, die AfD und die neuen Konsverativen abseits der CDU zu diffamieren. In Wahrheit gibt es in Deutschland weit weniger Ausl\u00e4nderfeindlichkeit, als in den meisten anderen L\u00e4ndern die ich kenne. Was es aus meiner Sicht zurecht gibt ist eine &#8222;Feindlichkeit&#8220; gegen\u00fcber radikalen religi\u00f6sen Fundamentalisten, welche unsere Freiheit und unseren Wohlstand bedrohen. Das wird von der Linken allerdings geleugnet. Liberalen Muslime wie Frau Pohl erkennen dies jedoch, uns sind daher auf &#8222;unserer Seite&#8220; absolut willkommen (ewiggestrige Au\u00dfnahmen, die das anders sehen, gibt es sicher, sind aber nicht die Mehrheit)! Fr\u00fcher oder sp\u00e4ter werden sich wohl alle Muslime entscheiden m\u00fcssen, entweder f\u00fcr eine s\u00e4kulare und freie Gesellschaft oder f\u00fcr eine Mittelalterreligion. Im worst case wird das leider nicht friedlich ablaufen.<br \/>\n24.2.2016, Freidenker<\/p>\n<p>&nbsp;<\/p>\n","protected":false},"excerpt":{"rendered":"<p>Home &gt;Kultur &gt;Medien &gt;Diskussionskultur &gt;Diffamierung &nbsp; Listenauswahl eines Beitrags (Artikel\/Datum, Seite\/Inhalt):\u00a0Klicken\u00a0oder scrollen EU-Sanktionen vs Jacques Baud\u00a0(19.12.2025) Geiselaustausch laut ZDF: Nein!\u00a0(13.10.2025) Verleumdung ist kein Freiheitsrecht \u2013 Konsequenzkultur vs. Cancel Culture\u00a0(16.9.2025) Hakenkreuz statt Sachpolitik\u00a0(26.7.2025) J\u00fcrgen Gro\u00dfe: Die kalte Wut \u2013 Theorie und &hellip; <a href=\"https:\/\/www.freiburg-schwarzwald.de\/blog\/kultur\/medien\/diffamierung\/\">Weiterlesen <span class=\"meta-nav\">&rarr;<\/span><\/a><\/p>\n","protected":false},"author":2,"featured_media":0,"parent":678,"menu_order":0,"comment_status":"open","ping_status":"closed","template":"","meta":{"footnotes":""},"class_list":["post-59577","page","type-page","status-publish","hentry"],"_links":{"self":[{"href":"https:\/\/www.freiburg-schwarzwald.de\/blog\/wp-json\/wp\/v2\/pages\/59577","targetHints":{"allow":["GET"]}}],"collection":[{"href":"https:\/\/www.freiburg-schwarzwald.de\/blog\/wp-json\/wp\/v2\/pages"}],"about":[{"href":"https:\/\/www.freiburg-schwarzwald.de\/blog\/wp-json\/wp\/v2\/types\/page"}],"author":[{"embeddable":true,"href":"https:\/\/www.freiburg-schwarzwald.de\/blog\/wp-json\/wp\/v2\/users\/2"}],"replies":[{"embeddable":true,"href":"https:\/\/www.freiburg-schwarzwald.de\/blog\/wp-json\/wp\/v2\/comments?post=59577"}],"version-history":[{"count":6,"href":"https:\/\/www.freiburg-schwarzwald.de\/blog\/wp-json\/wp\/v2\/pages\/59577\/revisions"}],"predecessor-version":[{"id":143164,"href":"https:\/\/www.freiburg-schwarzwald.de\/blog\/wp-json\/wp\/v2\/pages\/59577\/revisions\/143164"}],"up":[{"embeddable":true,"href":"https:\/\/www.freiburg-schwarzwald.de\/blog\/wp-json\/wp\/v2\/pages\/678"}],"wp:attachment":[{"href":"https:\/\/www.freiburg-schwarzwald.de\/blog\/wp-json\/wp\/v2\/media?parent=59577"}],"curies":[{"name":"wp","href":"https:\/\/api.w.org\/{rel}","templated":true}]}}