{"id":59280,"date":"2016-02-12T12:30:30","date_gmt":"2016-02-12T11:30:30","guid":{"rendered":"https:\/\/www.freiburg-schwarzwald.de\/blog\/?page_id=59280"},"modified":"2025-08-21T19:23:47","modified_gmt":"2025-08-21T17:23:47","slug":"fluechtlinge-pflichten","status":"publish","type":"page","link":"https:\/\/www.freiburg-schwarzwald.de\/blog\/global\/integration\/fluechtlinge-pflichten\/","title":{"rendered":"Fluechtlinge-Pflichten"},"content":{"rendered":"<p><a href=\"https:\/\/www.freiburg-schwarzwald.de\/blog\">Home<\/a> &gt;<a title=\"Global\" href=\"https:\/\/www.freiburg-schwarzwald.de\/blog\/global\/\">Global<\/a>\u00a0&gt;<a title=\"Integration\" href=\"https:\/\/www.freiburg-schwarzwald.de\/blog\/global\/integration\/\">Integration<\/a> &gt;<a title=\"Fluechtlinge\" href=\"https:\/\/www.freiburg-schwarzwald.de\/blog\/global\/integration\/fluechtlinge\/\">Fluechtlinge<\/a> &gt;Fluechtlinge-Pflichten<\/p>\n<div id=\"attachment_59298\" style=\"width: 649px\" class=\"wp-caption alignnone\"><a href=\"https:\/\/www.freiburg-schwarzwald.de\/blog\/global\/integration\/fluechtlinge-pflichten\/stpeter-kandelberg-pan160212\/\" rel=\"attachment wp-att-59298\"><img loading=\"lazy\" decoding=\"async\" aria-describedby=\"caption-attachment-59298\" class=\"size-full wp-image-59298\" src=\"https:\/\/www.freiburg-schwarzwald.de\/blog\/wp-content\/uploads\/2016\/02\/stpeter-kandelberg-pan160212.jpg\" alt=\"Blick zum Kandelberg bei St. Peter im Schwarzwald am 12.2.2016\" width=\"639\" height=\"255\" srcset=\"https:\/\/www.freiburg-schwarzwald.de\/blog\/wp-content\/uploads\/2016\/02\/stpeter-kandelberg-pan160212.jpg 639w, https:\/\/www.freiburg-schwarzwald.de\/blog\/wp-content\/uploads\/2016\/02\/stpeter-kandelberg-pan160212-180x71.jpg 180w\" sizes=\"auto, (max-width: 639px) 100vw, 639px\" \/><\/a><p id=\"caption-attachment-59298\" class=\"wp-caption-text\">Blick zum Kandelberg bei St. Peter im Schwarzwald am 12.2.2016<\/p><\/div>\n<ul>\n<li><a href=\"https:\/\/www.freiburg-schwarzwald.de\/blog\/schule-bildung-migration\/\">Schule Bildung Migration<\/a>\u00a0(21..8.2025)<\/li>\n<li><a href=\"https:\/\/www.freiburg-schwarzwald.de\/blog\/global\/syrien\/\">Syrer fallen bei Deutschkurs absichtlich durch<\/a>\u00a0(18.8.2025)<\/li>\n<li><a href=\"https:\/\/www.freiburg-schwarzwald.de\/blog\/lesen\/\">Heute ist Weltalphabetisierungstag: Der stille Skandal<\/a>\u00a0(8.9.2023)<\/li>\n<li><a href=\"https:\/\/www.freiburg-schwarzwald.de\/blog\/selbsthilfe\/soziales\/sozialstaat\/\">Auf dem Sozialamt geboren: Deutschland in einem Lebenslauf beschrieben<\/a>\u00a0(20.2.2023)<\/li>\n<li><a href=\"https:\/\/www.freiburg-schwarzwald.de\/blog\/global\/migration\/sozialtourismus\/\">Neuer Gesch\u00e4ftsbereich \u201eSozialtourismus\u201c<\/a> (14.10.2022)<\/li>\n<li><a href=\"https:\/\/www.freiburg-schwarzwald.de\/blog\/antidiskriminierungsbeauftragte\/\">Antidiskriminierungsbeauftragte<\/a>\u00a0(23.6.2022)<\/li>\n<li><a title=\"Migration-Bildung\" href=\"https:\/\/www.freiburg-schwarzwald.de\/blog\/global\/migration\/migration-bildung\/\">Josef Kraus:Ehrlichkeit statt verquerer PISA-Exegese<\/a>\u00a0(15.12.2019)<\/li>\n<li>Milanovic: Migranten sollten nur begrenzte B\u00fcrgerrechte erhalten (31.1.2019)<\/li>\n<li>Der j\u00e4he Absturz des Vorzeige-Migranten Aras B. (13.12.2018)<\/li>\n<li>Boostedt: Migranten wollen\u00a0\u00a0keinen Kontakt zur Bev\u00f6lkerung\u00a0 \u00a0(8.8.2018)<\/li>\n<li>Die Undankbarkeit vieler Syrer ist mir peinlich (13.7.2018)<\/li>\n<li>Stell Dir vor: 2 Mio Deutsche fl\u00fcchten nach Syrien (5.8.2016)<\/li>\n<li><a href=\"https:\/\/www.freiburg-schwarzwald.de\/blog\/syrer-als-neu-buerger-kanada\/\">https:\/\/www.freiburg-schwarzwald.de\/blog\/syrer-als-neu-buerger-kanada\/<\/a> (29.5.2016)<\/li>\n<li>Integration: Migranten in die Pflicht nehmen (5.2.2016)<\/li>\n<li><a href=\"https:\/\/www.freiburg-schwarzwald.de\/blog\/fluechtlingspolitik-neu-denken\/\">https:\/\/www.freiburg-schwarzwald.de\/blog\/fluechtlingspolitik-neu-denken\/<\/a> (7.2.20169<\/li>\n<li><a href=\"https:\/\/www.freiburg-schwarzwald.de\/blog\/diskussionskultur-nach-koeln\/\">https:\/\/www.freiburg-schwarzwald.de\/blog\/diskussionskultur-nach-koeln\/<\/a> (9.1.2016)<\/li>\n<li><a href=\"https:\/\/www.freiburg-schwarzwald.de\/blog\/frauenrechte-und-migration\/\">https:\/\/www.freiburg-schwarzwald.de\/blog\/frauenrechte-und-migration\/<\/a> (7.1.2016)<\/li>\n<li><a href=\"https:\/\/www.freiburg-schwarzwald.de\/blog\/4-neue-haeuser-fuer-jesidinnen\/\">https:\/\/www.freiburg-schwarzwald.de\/blog\/4-neue-haeuser-fuer-jesidinnen\/<\/a> (6.11.2015)<\/li>\n<li><a href=\"https:\/\/www.freiburg-schwarzwald.de\/blog\/die-deutsche-umf-unehrlichkeit\/\">https:\/\/www.freiburg-schwarzwald.de\/blog\/die-deutsche-umf-unehrlichkeit\/ <\/a>(18.10.2015)<\/li>\n<li><a href=\"https:\/\/www.freiburg-schwarzwald.de\/blog\/ethik-migration-altruismus\">https:\/\/www.freiburg-schwarzwald.de\/blog\/ethik-migration-altruismus<\/a>\/ (4.8.2015)<\/li>\n<li><a href=\"https:\/\/www.freiburg-schwarzwald.de\/blog\/auslaenderkriminalitaet-2013\">https:\/\/www.freiburg-schwarzwald.de\/blog\/auslaenderkriminalitaet-2013<\/a>\/ (1.2.2015)<\/li>\n<li><a href=\"https:\/\/www.freiburg-schwarzwald.de\/blog\/frauenrechte-fuer-migrantinnen\/\">https:\/\/www.freiburg-schwarzwald.de\/blog\/frauenrechte-fuer-migrantinnen\/<\/a>\u00a0(20.8.2014)<\/li>\n<li><a href=\"https:\/\/www.freiburg-schwarzwald.de\/blog\/gewalt-jugendlicher-migranten\/\">https:\/\/www.freiburg-schwarzwald.de\/blog\/gewalt-jugendlicher-migranten\/<\/a>\u00a0(3.5.2014)<\/li>\n<li><a href=\"https:\/\/www.freiburg-schwarzwald.de\/blog\/unwort-2013-sozialtourismus\/\">https:\/\/www.freiburg-schwarzwald.de\/blog\/unwort-2013-sozialtourismus\/<\/a> (15.1.2014)<\/li>\n<li><\/li>\n<li><a title=\"Erpressung\" href=\"https:\/\/www.freiburg-schwarzwald.de\/blog\/religion\/islam\/erpressung\/\">Erpressung<\/a><\/li>\n<li><a title=\"Migration\" href=\"https:\/\/www.freiburg-schwarzwald.de\/blog\/global\/migration\/\">Migration<\/a><\/li>\n<li><a title=\"Migration-Bildung\" href=\"https:\/\/www.freiburg-schwarzwald.de\/blog\/global\/migration\/migration-bildung\/\">Migration-Bildung<\/a><\/li>\n<li><a href=\"https:\/\/www.freiburg-schwarzwald.de\/blog\/bildung\/schulen\/schulbildung\/\">Schulbildung<\/a><\/li>\n<li><a href=\"https:\/\/www.freiburg-schwarzwald.de\/blog\/global\/migration\/sozialtourismus\/\">Sozialtourismus<\/a><\/li>\n<li><a title=\"Versorgungsmigration\" href=\"https:\/\/www.freiburg-schwarzwald.de\/blog\/global\/migration\/versorgungsmigration\/\">Versorgungsmigration<\/a><\/li>\n<\/ul>\n<p><strong>Die meisten Migranten leben und arbeiten hier gerne und gewaltfrei<\/strong><br \/>\nDeshalb ist es gerade in ihrem Sinne, die wenigen Gewaltbereiten von ihrem Tun abzubringen. Durch Benennen und Ahnden von Gewalttaten sowie durch Pr\u00e4vention und Aufkl\u00e4rung.<br \/>\nAlle Migranten, die ich kenne, sind best\u00fcrzt \u00fcber die vom BKA gemeldete Zunahme der migrantischen Gewalt und deren Verschweigen bzw. Kleinreden. Diesen mu\u00df geholfen werden.<br \/>\n=============================================================<\/p>\n<p>&nbsp;<\/p>\n<p>&nbsp;<\/p>\n<p><strong>Milanovic: Migranten sollten nur begrenzte B\u00fcrgerrechte erhalten<\/strong><br \/>\n<em>Branko Milanovic hat mit seinen Arbeiten zur globalen Ungleichheit einige unbequeme Wahrheiten zutage gebracht. Im Interview mit der NZZ erkl\u00e4rt der \u00d6konom, weshalb die soziale Koh\u00e4sion westlicher Industriestaaten in Gefahr ger\u00e4t.<\/em><br \/>\n&#8230;<br \/>\nIch sehe die Gefahr zweier Extreml\u00f6sungen: Die erste ist die \u00abFestung Europa\u00bb oder \u00abFestung USA\u00bb, bei der die Staaten zum Schluss kommen, niemanden mehr aufnehmen zu k\u00f6nnen, und daher die Grenzen schliessen. Das w\u00e4re schlecht f\u00fcr alle. Die zweite ist die Idee v\u00f6llig offener Grenzen, was politisch inakzeptabel ist. Ziel muss es nun sein, zwischen diesen zwei Extremen ein Optimum zu finden. Daher pl\u00e4diere ich daf\u00fcr, dass Migranten nur begrenzte B\u00fcrgerrechte erhalten, etwa befristete Aufenthaltsbewilligungen oder einen limitierten Zugang zu Sozialleistungen. Dies deshalb, weil die Bereitschaft zur Aufnahme von Migranten wohl steigt, wenn die Wahrscheinlichkeit sinkt, dass die Migranten f\u00fcr immer im Land bleiben werden.<br \/>\nKritiker werten das als Diskriminierung: Ja, es ist eine Diskriminierung. Doch damit ist beiden Seiten gedient. Auch wenn ein Migrant zum Beispiel nur f\u00fcnf Jahre in der Schweiz arbeiten d\u00fcrfte, h\u00e4tte er in dieser Zeit viel gelernt, viel Geld verdient und w\u00e4re letztlich besser dran.<br \/>\n&#8230;. Komplettes interview mit Brabk Milanovic vom 31.1.2019 bitte lesen auf<br \/>\n<a href=\"https:\/\/www.nzz.ch\/wirtschaft\/branko-milanovic-migranten-sollten-nur-begrenzte-buergerrechte-ld.1455540?mktcid=nled&amp;mktcval=107&amp;kid=_2019-1-31\">https:\/\/www.nzz.ch\/wirtschaft\/branko-milanovic-migranten-sollten-nur-begrenzte-buergerrechte-ld.1455540?mktcid=nled&amp;mktcval=107&amp;kid=_2019-1-31<br \/>\n<\/a>.<\/p>\n<p><strong>Brank Milanovic &#8211; Erforscher der Ungleichheit<\/strong><br \/>\nBranko Milanovic hat in den vergangenen Jahren wie kaum ein anderer \u00d6konom die Debatte \u00fcber die Globalisierung gepr\u00e4gt. In seinem 2016 publizierten Buch \u00abGlobal Inequality \u2013 A New Approach for the Age of Globalization\u00bb zeigt er, welche Einkommensgruppen in den letzten Jahrzehnten zulegen konnten und welche nicht. Dabei kommt der 1953 in Belgrad geborene \u00d6konom zu folgendem Resultat: Zwar ist auf weltweiter Ebene die Ungleichheit gesunken, da vor allem in China und Indien eine neue globale Mittelschicht entstanden ist. Innerhalb der westlichen Industriestaaten hingegen ist die Ungleichheit gestiegen, und die dortige Mittelschicht hat einkommensm\u00e4ssig kaum zulegen k\u00f6nnen.<br \/>\n&#8230;<br \/>\nUngleichheit wird oft nach Massgabe des Gini-Koeffizienten gemessen. Dieser betr\u00e4gt null bei v\u00f6lliger Gleichheit und eins bei v\u00f6lliger Ungleichheit. Heuristisch k\u00f6nnte man sagen, dass f\u00fcr westeurop\u00e4ische L\u00e4nder mittlerer Gr\u00f6sse ein Koeffizient zwischen 0,3 und 0,35 gut ist. In den USA liegt der Wert aber \u00fcber 0,4, was im OECD-Vergleich hoch ist. Demgegen\u00fcber liegt er in L\u00e4ndern wie \u00d6sterreich, Finnland oder D\u00e4nemark unter 0,3.<\/p>\n<p>&nbsp;<\/p>\n<p><strong>Der j\u00e4he Absturz des Vorzeige-Migranten Aras B.<\/strong><br \/>\nMit der Verurteilung von Fl\u00fcchtlingsblogger Aras B. wegen sexueller Bel\u00e4stigung seiner Mitsch\u00fclerinnen ist das passiert, was viele schon lange erwartet haben. Der linksgr\u00fcnen medialen Klasse ist ihre Galionsfigur im Kampf um die \u00f6ffentliche Meinung beim Thema Asyl um die Ohren geflogen, da\u00df es nur so pfeift. Die Geschichte des Aras B. ist eine Geschichte des Scheiterns. Vor allem des Scheiterns all jener, die den damals 19j\u00e4hrigen Syrer zum Star und Vorzeige-Beispiel f\u00fcr Integration aufgebaut haben. Die Tatsache, da\u00df er kein Terrorist war, keine bekannten Vorstrafen hatte und einigerma\u00dfen Deutsch konnte, reichte vielen linksliberalen Medienschaffenden aus, um in ihm die ultimative Widerlegung aller rechten Vorurteile gegen\u00fcber Fl\u00fcchtlingen zu sehen.<br \/>\nSeine \u00f6ffentlichen \u00c4u\u00dferungen zeigten schon sehr fr\u00fch, da\u00df er dazu nicht besonders geeignet ist. Nach der Silvesternacht 2015, in der es zu massiven sexuellen \u00dcbergriffen von Einwanderern auf Frauen in K\u00f6ln und anderen deutschen St\u00e4dten kam, gab der Syrier auf Twitter den Opfern die Schuld daf\u00fcr. Diese h\u00e4tten nachts eben nicht alleine unterwegs sein sollen. Sp\u00e4ter redete er sich mit einem sprachlichen Mi\u00dfverst\u00e4ndnis heraus. Seine neuen Freunde in Politik und Medien glaubten ihm. Sie wollten ihm glauben. Um ihn fallen zu lassen oder auch nur etwas kritischer zu betrachten, war Aras B. damals einfach noch zu wertvoll.<br \/>\nAls Projektionsfl\u00e4che f\u00fcr linke Multikulti-Tr\u00e4umereien, aber auch als Provokateur, der durch unversch\u00e4mte Forderungen genau die Reaktionen ausl\u00f6ste, die man brauchte, um das Bild einer rechten Troll-Armee im Internet weiter aufrechtzuerhalten. Unter anderem verlangte er staatlich finanzierte Gratis-Handys f\u00fcr Fl\u00fcchtlinge; er beschimpfte Kritiker von Angela Merkels Asylpolitik und besonders AfD-Anh\u00e4nger. Wie viele oder wenige Menschen seine Artikel f\u00fcr die Huffington Post und andere Seiten auch immer gelesen haben m\u00f6gen \u2013 f\u00fcr die Regierung und ihren Kampf gegen \u201eHate Speech\u201c war der Blogger Aras B. auf jeden Fall Gold wert.<br \/>\n12.12.2018, gesamten Text dazu bitte lesen auf <a href=\"https:\/\/wwwmepochtimes.de\">https:\/\/wwwmepochtimes.de<\/a><\/p>\n<p><strong>Ein neuer Aras mu\u00df her<\/strong><br \/>\nViele waren froh, da\u00df er da ist. Viele haben Aras B. f\u00fcr ihre politischen Zwecke benutzt. Sie haben ihn zum Idealbild des edlen Fremden stilisiert. Der durch und durch gute Zuwanderer, an dem nichts Schlechtes zu finden ist und von dem die kaltherzigen Deutschen so viel lernen k\u00f6nnen. Mit dem Bekanntwerden seiner Taten wurde endg\u00fcltig klar: Dieses makellose Bild des perfekt integrierten Fremden existiert nur in den K\u00f6pfen linker Politiker und an den Flipcharts von Redaktionen wie der Huffington Post, dem Freitag, Vice oder der Tagesschau. Man h\u00f6rt nur sehr wenig in diesen Tagen, von Aras\u2019 Freunden in Politik und Medien. Vermutlich ziehen sie schon l\u00e4ngst wieder umher auf der Suche nach einem neuen Vorzeige-Migranten.<br \/>\n12.12.2018, Watchtower, ETO<\/p>\n<p>&nbsp;<\/p>\n<p><strong>Boostedt: Migranten wollen\u00a0\u00a0keinen Kontakt zur Bev\u00f6lkerung\u00a0<\/strong><br \/>\nBoostedt, eine 4600-Einwohner-Gemeinde bei Neum\u00fcnster in Schleswig-Holstein, und ihr christdemokratischer B\u00fcrgermeister Hartmut K\u00f6nig: \u201eDie Stimmung in Boostedt kippt\u201c, klagt K\u00f6nig \u00f6ffentlich an. Wegen der \u201eFl\u00fcchtlinge\u201c und den wachsenden Problemen. Der B\u00fcrgermeister spricht \u00fcber wachsende Probleme im Zusammenhang mit der Landesunterkunft f\u00fcr Fl\u00fcchtlinge: <strong><em>\u201eUnsere Gemeinde wird mit einer Klientel von Fl\u00fcchtlingen belastet, mit der sich ein gro\u00dfer Teil der Bev\u00f6lkerung nicht mehr identifizieren kann.\u201c<\/em><\/strong><br \/>\n<strong><em>\u201eDas Ehrenamt ist zusammengebrochen\u201c und werde \u201evon den Fl\u00fcchtlingen nicht gew\u00fcrdigt\u201c<\/em><\/strong>, so K\u00f6nig. Eine schwierige Klientel: <strong><em>\u201eSie d\u00fcrfen nicht arbeiten, wollen keinen Kontakt zur Bev\u00f6lkerung, haben kein Interesse an Sprachunterricht und fallen in der Unterkunft durch Alkohol und Krawall auf.\u201c<\/em><\/strong> &#8230;.<br \/>\nAlles vom 8.8.2018 bitte lesen auf<br \/>\n<a href=\"https:\/\/www.kn-online.de\/Nachrichten\/Politik\/Buergermeister-von-Boostedt-klagt-ueber-Probleme-mit-Fluechtlingen\">https:\/\/www.kn-online.de\/Nachrichten\/Politik\/Buergermeister-von-Boostedt-klagt-ueber-Probleme-mit-Fluechtlingen<\/a><\/p>\n<p><a href=\"https:\/\/www.welt.de\/politik\/plus180958026\/Buergermeister-von-Boostedt-Zerrissen-zwischen-Furcht-und-Mitgefuehl.html\">https:\/\/www.welt.de\/politik\/plus180958026\/Buergermeister-von-Boostedt-Zerrissen-zwischen-Furcht-und-Mitgefuehl.html<\/a><\/p>\n<p><a href=\"https:\/\/www.shz.de\/regionales\/schleswig-holstein\/panorama\/hilferuf-aus-boostedt-buergermeister-beklagt-probleme-mit-fluechtlingen-id20659472.html\">https:\/\/www.shz.de\/regionales\/schleswig-holstein\/panorama\/hilferuf-aus-boostedt-buergermeister-beklagt-probleme-mit-fluechtlingen-id20659472.html<\/a><\/p>\n<p><strong>Boostedt<\/strong><br \/>\nBoostedt hat im christlichen Sinne Barmherzigkeit gezeigt, sein B\u00fcrgermeister Hartmut K\u00f6nig stand und steht an exponierter Stelle f\u00fcr diese menschliche Haltung. Umso schwerer wiegt das, was er unserer Redaktion jetzt offenbart hat. So offen, so ehrlich und, ja, so mutig hat wohl noch kein B\u00fcrgermeister in Deutschland die realen Probleme mit Zuwanderern in seinem Ort beim Namen genannt. Wir haben uns dazu entschieden, seine Schilderungen im Wortlaut zu dokumentieren \u2013 auch weil auf diese Weise der moralische Zwiespalt deutlich wird, der den Christdemokraten qu\u00e4lt.<br \/>\nAlles vom 8.8.2018 bitte lesen auf<br \/>\n<a href=\"https:\/\/www.kn-online.de\/Mehr\/Meinungen\/Leitartikel-Christian-Longardt-zu-Boostedt\">https:\/\/www.kn-online.de\/Mehr\/Meinungen\/Leitartikel-Christian-Longardt-zu-Boostedt<\/a><\/p>\n<p><strong>H\u00f6llenritt<\/strong><br \/>\nSo widerlegt K\u00f6nigs Hilferuf (\u201cH\u00f6llenritt\u201c) explizit eine von der Jamaika-Landesregierung von CDU, FDP und Gr\u00fcnen in den vergangenen Monaten h\u00e4ufig aufgestellte Behauptung: n\u00e4mlich die, dass im Norden bei der Bew\u00e4ltigung der Migrationskrise alles rund laufe.<br \/>\n&#8230;. Alles vom 9.8.2018 bitte lesen auf<br \/>\n<a href=\"https:\/\/www.welt.de\/politik\/deutschland\/article180875320\/Boostedt-Mit-der-Fluechtlingskrise-alleingelassen.html\">https:\/\/www.welt.de\/politik\/deutschland\/article180875320\/Boostedt-Mit-der-Fluechtlingskrise-alleingelassen.html<\/a><\/p>\n<p>&nbsp;<\/p>\n<p>&nbsp;<\/p>\n<p><strong>Die Undankbarkeit vieler Syrer ist mir peinlich<\/strong><br \/>\n<em>Vor drei Jahren bin ich voller Hoffnung darauf, ein friedliches Leben zu f\u00fchren, nach Deutschland gekommen. Ich hatte geh\u00f6rt, dass Deutschland f\u00fcr gute Integration bekannt ist. Doch wie sieht es heute aus? Haben die Syrer es geschafft, sich zu integrieren? Von Majd Abboud<\/em><\/p>\n<p>Es erfordert viel Mut, \u00f6ffentlich zu sagen, dass viele Fehler in der Fl\u00fcchtlingspolitik gemacht wurden. Vor allem besteht die Gefahr, mit solchen Gedanken den rechtspopulistischen Parteien Vorschub zu leisten. Dies ist ganz und gar nicht meine Absicht. Ich habe jedoch festgestellt, dass es auch in Deutschland trotz der viel gepriesenen Meinungsfreiheit, die wir in den arabischen L\u00e4ndern so vermisst haben, immer noch Tabus gibt. Ich glaube, dass sich das Land mit solchen gut gemeinten Denkverboten keinen Gefallen tut.<\/p>\n<p>Zum einen wurden 2015 Initiativen wie \u201eRefugees welcome\u201c von Fl\u00fcchtlingen als Einladung verstanden, nach Deutschland zu kommen, weil sie dort gebraucht w\u00fcrden. Mit einer entsprechenden Erwartungshaltung str\u00f6mten sie daher auch in dieses Land. Zum anderen f\u00fchrte die un\u00fcberschaubare Anzahl an Fl\u00fcchtlingen dazu, dass es nicht mehr m\u00f6glich war zu pr\u00fcfen, wer wirklich berechtigt war, als Fl\u00fcchtling anerkannt zu werden. Obwohl die Deutschen daf\u00fcr bekannt sind, gut organisiert zu sein, haben die schieren Zahlen die Gesellschaft \u00fcberfordert.<br \/>\nTrotz aller Bem\u00fchungen sahen viele Fl\u00fcchtlinge ihre Erwartungen nicht erf\u00fcllt und reagierten mit Kritik und Undankbarkeit. Dies war mir immer sehr peinlich, und ich f\u00fchlte mich dauernd in Verlegenheit, mich f\u00fcr meine Landsleute zu entschuldigen. Deutschland reagierte darauf, indem es neue Ma\u00dfnahmen ergriff, um sich den Einwanderern anzupassen und sie zufriedenzustellen. Die Tatsache, dass unter den Fl\u00fcchtlingen auch viele Radikale waren, die im Krieg mitgewirkt und die Chance zur Flucht ergriffen haben, als sie sahen, dass der Kampf gegen die Regierung erfolglos war, ist nicht mehr zu vertuschen. Die deutsche Regierung hat viel zu lange nicht nur die Augen davor verschlossen, sondern stellt auch jene, die darauf hinweisen, als ausl\u00e4nderfeindlich dar.<\/p>\n<p>Die Kooperation zwischen westlichen Regierungen und bestimmten oppositionellen Gruppierungen in Syrien ist nichts Neues und beruht auf dem Deal \u201eRohstoffe gegen Macht\u201c. Sie reicht etwa zur\u00fcck in die 80er Jahre, als Gro\u00dfbritannien die Muslimbruderschaft in Syrien unterst\u00fctzt hat. Die Muslimbr\u00fcder haben viele Anschl\u00e4ge in Syrien ver\u00fcbt und wurden als Rebellen verharmlost. Bereits seit Langem besteht die Strategie der USA und ihrer Verb\u00fcndeten darin, sich bei politischen Konflikten nicht selbst die H\u00e4nde schmutzig zu machen, sondern oppositionelle Gruppen finanziell und durch Waffenlieferungen zu unterst\u00fctzen.<br \/>\nLeider wurde auch in Syrien in rebellische Gruppen, und damit in den politischen Islam, investiert. Viele der heute in Deutschland lebenden Fl\u00fcchtlinge stehen solchen Gruppierungen nahe und verstehen sich daher auch nicht als G\u00e4ste, sondern als Partner, die es verdient haben, bedient zu werden. Unsere Rebellen wussten, dass diejenigen, die an der Seite des Westens stehen, sich alles erlauben k\u00f6nnen. Deshalb war auch der Integrationsprozess von Anfang an zum Scheitern verurteilt. K\u00f6nnen wir das Ruder noch herumrei\u00dfen? Hierzu w\u00e4re es n\u00f6tig, dass Deutschland die Radikalen unter den Fl\u00fcchtlingen identifiziert \u2013 und sich klar vom politischen Islam distanziert.<\/p>\n<p>&#8230; Alles vom 13.7.2018 bitte lesen auf<br \/>\n<a href=\"https:\/\/www.saarbruecker-zeitung.de\/die-undankbarkeit-vieler-syrer-ist-mir-peinlich_aid-23932349\">https:\/\/www.saarbruecker-zeitung.de\/die-undankbarkeit-vieler-syrer-ist-mir-peinlich_aid-23932349<\/a><\/p>\n<p>Dr. Majd Abboud, ein Zahnarzt aus West-Syrien, fl\u00fcchtete in einem Schlepperboot \u00fcber das Mittelmeer nach Griechenland und kam 2015 ins Saarland.<br \/>\n<strong>Danke f\u00fcr Ihren Mut, Herr Abboud!<\/strong><br \/>\nch habe den Gastbeitrag von Majd Abboud, einem Zahnarzt aus Syrien, in der SZ gelesen. Er kreidete das Verhalten von vielen seiner Landsleute an. Ich muss sagen, er hat absolut Recht. Nat\u00fcrlich gibt es immer wieder die gut integrierten, respektvollen, flei\u00dfigen\u2007&#8230;, aber es gibt halt leider auch viel zu viele, die die Gastfreundschaft der Deutschen ausnutzen.<br \/>\nDas kann man doch nicht sch\u00f6n reden. Mit dem Fl\u00fcchtlingsstrom sind gro\u00dfe Probleme mit in unser Land gekommen. Das ist Fakt. Nun lese ich gerade einige der Kommentare zu diesem Leserbrief im Netz. Erschreckend. Einige mit deutschem Namen glauben, dass Majd Abboud ein Fake ist, weil man nach drei Jahren noch nicht so gut Deutsch k\u00f6nne, okay\u2007&#8230; Aber dann sind da so schrecklich viele Kommentare von Leuten mit nicht-deutschem Namen, die Abboud aufs \u00dcbelste beleidigen. Da ist so viel Hass zu sp\u00fcren. Dem Leser mit offenem Auge wird klar, das sind genau die Leute, von denen Abboud spricht. Es ist ja kein Geheimnis mehr, dass auch viele IS-K\u00e4mpfer oder zumindest Sympathisanten nach Deutschland \u201egeflohen\u201c sind, und wenn ich in den Kommentaren diesen Hass auf \u201eden Nestbeschmutzer\u201c Abboud und den Hass auf Assad lese und diese \u00fcbelsten Beleidigungen, dann mach ich mir Gedanken, wer diese Kommentar-Schreiber sind. Ich danke f\u00fcr den Mut, den Abboud an den Tag gelegt hat, unter seinem Echt-Namen und mit Foto diesen Brief zu ver\u00f6ffentlichen.<br \/>\n20.7.2018, Caroline Wiggins, Peiting (Bayern), SZO<\/p>\n<p>&nbsp;<\/p>\n<p>&nbsp;<\/p>\n<p>&nbsp;<\/p>\n<p><strong>Stell Dir vor: 2 Mio Deutsche fl\u00fcchten nach Syrien<\/strong><br \/>\nStellen wir uns doch einmal vor, im Jahre 2015 h\u00e4tte eine Anzahl von 1,5-2,0 Millionen Deutschen fl\u00fcchten m\u00fcssen und Asyl in Syrien beantragen m\u00fcssen. Die syrische Bev\u00f6lkerung h\u00e4tte die deutschen Fl\u00fcchtlinge unter gro\u00dfen Anstrengungen aufgenommen, h\u00e4tte \u00e4rztliche Versorgung bereitgestellt sowie Massenunterk\u00fcnfte, Nahrung, Sprachkurse, Berufsqualifikationskurse usw usf. Dar\u00fcber hinaus w\u00fcrde jeder deutsche Fl\u00fcchtling ein regelm\u00e4\u00dfiges, monatliches Taschengeld erhalten, welches ihm erm\u00f6glichte Gegenst\u00e4nde f\u00fcr den pers\u00f6nlichen Bedarf zu kaufen.<br \/>\nW\u00fcrde es Massenvergewaltigungen durch deutsche Fl\u00fcchtlinge in Syrien geben? Eher nein.<br \/>\nW\u00fcrde es massenhaft Antanzdiebst\u00e4hle, K\u00f6rperverletzungen oder R\u00e4ubereien gegen einheimische Syrer geben? Eher nein.<br \/>\nW\u00fcrde es terroristische Anschl\u00e4ge oder Angriffe psychisch verwirrter Einzelt\u00e4ter im Namen eines christlichen Gottes gegen syrische B\u00fcrger geben? Wohl eher nein.<br \/>\nIch glaube, und das ist tats\u00e4chlich meine feste \u00dcberzeugung, da\u00df binnen k\u00fcrzester Zeit die Massenunterk\u00fcnfte der deutschen Fl\u00fcchtlinge in Eigenverantwortung geleitet werden k\u00f6nnten. Nahezu jeder Mann und jede Frau w\u00fcrde im Rahmen seiner\/ihrer M\u00f6glichkeiten jeden Tag eine sinnvolle Besch\u00e4ftigung aus\u00fcben; nahezu jedes Kind w\u00fcrde die angebotenen Integrationskurse \/ Schule besuchen und die Landessprache erlernen. Die deutschen Fl\u00fcchtlinge in Syrien w\u00e4ren dankbar und w\u00fcrden sich als gute und anpassungsf\u00e4hige G\u00e4ste erweisen.<br \/>\nWas hindert denn die jetzigen Fl\u00fcchtlinge daran, in den Massenunterk\u00fcnften Ordnung zu halten. Warum l\u00fcften sie nicht? Warum putzen sie nicht Ihre Kochstellen? Warum fliegen in den Duschen Kondome herum? Warum bekriegen sich die \u201cFl\u00fcchtlinge\u201d untereinander?<br \/>\nUnd vor allem? Warum lassen wir das zu? Die von Ihnen beschrieben Zust\u00e4nde zeigen mir, da\u00df die \u201cIntegration\u201d schon jetzt gescheitert ist.<br \/>\nCezak, 5.8.2016, TO<\/p>\n<p>&nbsp;<\/p>\n<p><strong>Integration: Migranten in die Pflicht nehmen<\/strong><br \/>\n<em>Der Sozialstaat l\u00e4hmt die Integration von Zuwanderern, indem er falsche Anreize schafft, sagt die russischst\u00e4mmige Publizistin Sonja Margolina. Migranten m\u00fcssten nicht bedient und erzogen, sondern in die Pflicht genommen werden, fordert sie &#8230;.<\/em><br \/>\nIn einem Wohlfahrtsstaat zahlt sich die Anstrengung zur Integration f\u00fcr erwachsene Menschen, von wenigen Aufsteigern einmal abgesehen, nicht aus. Denn seine Familie mit einfacher Arbeit \u00fcber die Runden zu bringen, hat weniger Aussicht auf Erfolg als seinen Lebensunterhalt mit staatlichen Zuwendungen und Kindergeld zu bestreiten. Das mag politisch nicht korrekt klingen, ist aber eine allgemein bekannte empirische Tatsache. Das \u00fcppige Sozialpaket f\u00fcr Bed\u00fcrftige, das den sozialen Frieden sichert, l\u00e4hmt die Integration der Migranten eher, als dass es sie f\u00f6rdert. &#8230;..<br \/>\nDie Sozialsicherung ist nicht der einzige Grund f\u00fcr das h\u00e4ufige Scheitern der Integration \u00fcber Generationen hinweg. Doch sie bestimmt das Verh\u00e4ltnis der Migranten zur Aufnahmegesellschaft mehr als alles andere. Die liberale Maxime \u201eWer den Nutzen hat, muss auch den Schaden tragen\u201c wird im Wohlfahrtsstaat auf den Kopf gestellt. Denn er ist es, der die Verantwortung f\u00fcr Migranten \u00fcbernimmt und diese davon weitgehend entbindet. Die Gesellschaft handelt so, als ob sie eine Bringschuld gegen\u00fcber den Neuank\u00f6mmlingen h\u00e4tte. Dabei ist es im \u00fcberragenden Interesse der Fl\u00fcchtlinge und Migranten, nach Deutschland zu kommen und hier auf Dauer zu leben. Sie profitieren davon, w\u00e4hrend die Aufnahmegesellschaft umgekehrt enorme Risiken und Kosten auf sich nimmt. Nur wenn man die vermeintliche Bringschuld vom Kopf auf die F\u00fc\u00dfe stellt, w\u00e4re es m\u00f6glich, \u00fcber den Beitrag der Zugewanderten zur ihrer Integration rational zu diskutieren&#8230;..<br \/>\nEs geht um ein gesellschaftliches Konzept, das eine R\u00fcckbesinnung auf die traditionellen Tugenden der Einwanderer erm\u00f6glicht, die Eigenverantwortung, Risikobereitschaft, Anstrengung des Einzelnen erfordert und das Migranten nicht zum Objekt b\u00fcrokratischer Verwaltung und zu Rentenempf\u00e4ngern degradiert.<br \/>\nFl\u00fcchtlinge m\u00f6gen Leidtragende der Verh\u00e4ltnisse in ihren r\u00fcckst\u00e4ndigen und diktatorischen L\u00e4ndern gewesen sein, viele von ihnen sind Kriegs- und Terroropfer. Doch nun sind sie, verglichen mit ihren unz\u00e4hligen Leidensgenossen, keine Opfer mehr, sondern Gewinner. Sie m\u00fcssen nicht bedient und erzogen, sondern in die Pflicht genommen werden. Seid Realisten, verlangt das Unm\u00f6gliche&#8230;..<br \/>\nAlles vom 5.2.2016 von Sonja Margolina auf<br \/>\n<a href=\"https:\/\/www.cicero.de\/berliner-republik\/essay-die-muehlen-der-integration\/60456\">https:\/\/www.cicero.de\/berliner-republik\/essay-die-muehlen-der-integration\/60456<\/a><\/p>\n<p>.<br \/>\n<strong>Integrationsf\u00e4higkeit = Qualifikation + Beteiligungsm\u00f6glichkeit<\/strong><br \/>\nIntegration setzt Integrationswille und Integrationsf\u00e4higkeit voraus. Offene Grenzen und ungeregelte Massenzuwanderung sind bereits im Hinblick auf die sp\u00e4tere Integration absolut kontraproduktiv. Bei der Einwanderung muss staatlicherseits ein Auswahlprozess stattfinden. Ein geregeltes Einwanderungsverfahren ist dazu die Grundvoraussetzung. Hinsichtlich der Integrationsf\u00e4higkeit kann festgestellt werden, dass sich gebildete Einwanderer selbst weitaus besser integrieren, als Menschen ohne Bildung und Qualifikationen. Diese haben auch weniger Probleme auf dem Arbeitsmarkt. Es m\u00fcssen dringend qualifizierte Kriterien f\u00fcr die Einwanderungsberechtigung geschaffen werden und der Arbeitsmarkt reformiert werden. Auf der anderen Seite muss Einwanderungsberechtigten die Beteiligung am wirtschaftlichen Leben erleichtert werden. Ausbildungsabschl\u00fcsse m\u00fcssen schneller anerkannt werden, um den Weg in die Besch\u00e4ftigung zu erm\u00f6glichen. Sozialleistungen m\u00fcssen an bestimmte Bedingungen genkn\u00fcpft werden.<br \/>\n5.2.2016, Maximilian Berg<br \/>\nOffizielle Stellen, von manchen Presseorganen nachgeplappert, sagen, die Einwanderung sei ein Segen f\u00fcr Deutschland, wenn nicht jetzt, dann in der Zukunft. Das, f\u00fcrchte ich, stimmt so nicht ganz. Denn dann m\u00fcssten L\u00e4nder wie Frankreich, das Massen von Immigranten aus Afrika aufgenommen hat, einen wirtschtlichen Boom haben &#8211; das Gegenteil ist der Fall. Der franz\u00f6sische Rechnungshof hat noch letztes Jahr auf die immensen Sozialkosten der Einwanderung hingewiesen. Von &#8222;Segen&#8220; keine Spur; und die wenigen Vorzeige-Einwanderer kann man nicht als Referenz ausgeben.<br \/>\n5.2.2016, Dimitri Gales<br \/>\n.<br \/>\n<strong>Sozialstaat bietet zu viele Anreize<\/strong><br \/>\nEin hervorragender Beitrag, herzlichen Dank! Die beispiellosen Anreize unseres Sozialstaats sind nicht nur ein Magnet f\u00fcr die weltweiten Fl\u00fcchtlingsstr\u00f6me und ein Hemmnis bei der Integration, sie lassen auch jede Umverteilung der Migranten in Europa schon im Ansatz scheitern, weil alle &#8222;Umverteilten&#8220; sich sofort auf den Weg nach Deutschland machen. Dar\u00fcber wurde mehrfach berichtet. Doch warum l\u00e4uft das alles so verquer? Vielleicht liegt es daran:<br \/>\n1. F\u00f6rdern und P\u00e4ppeln statt Fordern liegen voll im linken Mainstream und bestimmen schon lange den politischen Trend bei uns.<br \/>\n2. Die &#8222;vermeintliche Bringschuld&#8220; r\u00fchrt haupts\u00e4chlich aus unserem Schuldkomplex &#8222;Drittes Reich&#8220; und ist zur Dauer-Neurose geworden.<br \/>\n3. Als Resultat aus beidem hat sich inzwischen eine regelrechte Sozialindustrie entwickelt, die nat\u00fcrlich um ihren Bestand und ihre Pfr\u00fcnde k\u00e4mpft. Wenig Aussicht also, dass sich hier etwas \u00e4ndern wird.<br \/>\n5.2.2016, Ursula Schneider<br \/>\n.<br \/>\n<strong>Menschen kann man nicht &#8218;umerziehen&#8216;<\/strong><br \/>\nWenn man schon wei\u00df, und daf\u00fcr gibt es in der j\u00fcngeren Geschichte meines Erachtens genug empirische Belege, dass die Integration von Millionen von Einwanderern aus Kulturen, die so unterschiedlich sind wie der Islam und Demokratien aufkl\u00e4rerisch-westlicher Pr\u00e4gung in eben diese westlichen Gesellschaften, nicht gelingen kann, sondern zunehmend sozialen Unfrieden hervorruft -, wenn das so ist, hat es keinen Sinn, das Unm\u00f6gliche zu fordern. Es wird unm\u00f6glich bleiben. Leider begreifen die Bef\u00fcrworter der Aufnahme von Asylbewerbern ohne Obergrenze nicht, dass eine Integration durch staatlich verordnete Kurse und \u00e4hnliche Ma\u00dfnahmen unm\u00f6glich ist. Menschen kann man nicht &#8218;umerziehen&#8216;. Selbst wenn das gut gemeint ist, zeigt es ein Nannystaats-Denken, das einer westlichen Demokratie unw\u00fcrdig ist.<br \/>\n5.2.2016, Dieter Freundlieb<\/p>\n<p><strong>Gleichberechtigung bei der Integration<\/strong><br \/>\nWenn sich die Migranten aus Osteuropa, Asien, S\u00fcdamerika, usw. integrieren k\u00f6nnen und m\u00fcssen, m\u00fcssen die Muslimen (wo auch immer sie herkommen) das Gleiche tun. Warum muss das Thema Integration bei Muslimen \u00fcberhaupt extra diskutiert werden, w\u00e4hrend diese f\u00fcr alle andere Migranten doch selbstverst\u00e4ndlich ist? Wenn man die Muslimen als Mitb\u00fcrger und nicht als &#8222;Underdog&#8220; betrachtet, dann muss man sie wie alle andere behandeln, n\u00e4mlich sich der Gesellschaft u. Sitte anpassen. Diese sog. Willkommenshelferrinen sind ja Rassisten, die Fl\u00fcchtlinge als &#8222;Kuscheltiere&#8220; (meint <a title=\"Mansour\" href=\"https:\/\/www.freiburg-schwarzwald.de\/blog\/religion\/islam\/mansour\/\">Ahmad Mansour<\/a>) und Underdogs betrachten.<br \/>\n5.2.2016, G.H.<\/p>\n<p><strong>Unsere Migrationsindustrie mu\u00df doch leben<\/strong><br \/>\nDie sozialen Verb\u00e4nde, Kirchen und Parteien \u00fcberbewerten doch den Erfolg des \u201eVerw\u00f6hnens\u201c und der Verteilung von Wohltaten viel zu hoch. Dieses f\u00fchrt in keiner Weise zur Integration, sondern h\u00f6chstens zur Eingemeindung \u2013 ohne eigene Anstrengungen machen zu m\u00fcssen. Hierzu sind keine neuen Gesetze notwendig, sondern eine Abkehr vom \u00fcppigen Sozialpaket. Dies w\u00fcrde relativ schnell an die Heimatl\u00e4nder durch Smartphone, Facebook, WhatsApp ect. \u00fcbermittelt, so dass der Andrang auf unseren Wohlfahrtsstaat stark gebremst wird.<br \/>\n5.2.2016, Claus Lehmann<\/p>\n","protected":false},"excerpt":{"rendered":"<p>Home &gt;Global\u00a0&gt;Integration &gt;Fluechtlinge &gt;Fluechtlinge-Pflichten Schule Bildung Migration\u00a0(21..8.2025) Syrer fallen bei Deutschkurs absichtlich durch\u00a0(18.8.2025) Heute ist Weltalphabetisierungstag: Der stille Skandal\u00a0(8.9.2023) Auf dem Sozialamt geboren: Deutschland in einem Lebenslauf beschrieben\u00a0(20.2.2023) Neuer Gesch\u00e4ftsbereich \u201eSozialtourismus\u201c (14.10.2022) Antidiskriminierungsbeauftragte\u00a0(23.6.2022) Josef Kraus:Ehrlichkeit statt verquerer PISA-Exegese\u00a0(15.12.2019) Milanovic: Migranten &hellip; <a href=\"https:\/\/www.freiburg-schwarzwald.de\/blog\/global\/integration\/fluechtlinge-pflichten\/\">Weiterlesen <span class=\"meta-nav\">&rarr;<\/span><\/a><\/p>\n","protected":false},"author":2,"featured_media":0,"parent":1875,"menu_order":0,"comment_status":"open","ping_status":"closed","template":"","meta":{"footnotes":""},"class_list":["post-59280","page","type-page","status-publish","hentry"],"_links":{"self":[{"href":"https:\/\/www.freiburg-schwarzwald.de\/blog\/wp-json\/wp\/v2\/pages\/59280","targetHints":{"allow":["GET"]}}],"collection":[{"href":"https:\/\/www.freiburg-schwarzwald.de\/blog\/wp-json\/wp\/v2\/pages"}],"about":[{"href":"https:\/\/www.freiburg-schwarzwald.de\/blog\/wp-json\/wp\/v2\/types\/page"}],"author":[{"embeddable":true,"href":"https:\/\/www.freiburg-schwarzwald.de\/blog\/wp-json\/wp\/v2\/users\/2"}],"replies":[{"embeddable":true,"href":"https:\/\/www.freiburg-schwarzwald.de\/blog\/wp-json\/wp\/v2\/comments?post=59280"}],"version-history":[{"count":5,"href":"https:\/\/www.freiburg-schwarzwald.de\/blog\/wp-json\/wp\/v2\/pages\/59280\/revisions"}],"predecessor-version":[{"id":138127,"href":"https:\/\/www.freiburg-schwarzwald.de\/blog\/wp-json\/wp\/v2\/pages\/59280\/revisions\/138127"}],"up":[{"embeddable":true,"href":"https:\/\/www.freiburg-schwarzwald.de\/blog\/wp-json\/wp\/v2\/pages\/1875"}],"wp:attachment":[{"href":"https:\/\/www.freiburg-schwarzwald.de\/blog\/wp-json\/wp\/v2\/media?parent=59280"}],"curies":[{"name":"wp","href":"https:\/\/api.w.org\/{rel}","templated":true}]}}