{"id":59252,"date":"2016-02-10T21:03:26","date_gmt":"2016-02-10T20:03:26","guid":{"rendered":"https:\/\/www.freiburg-schwarzwald.de\/blog\/?page_id=59252"},"modified":"2025-12-19T20:20:42","modified_gmt":"2025-12-19T19:20:42","slug":"vorverurteilung","status":"publish","type":"page","link":"https:\/\/www.freiburg-schwarzwald.de\/blog\/kultur\/medien\/vorverurteilung\/","title":{"rendered":"Vorverurteilung"},"content":{"rendered":"<p><a href=\"https:\/\/www.freiburg-schwarzwald.de\/blog\">Home<\/a> &gt;<a title=\"Kultur\" href=\"https:\/\/www.freiburg-schwarzwald.de\/blog\/kultur\/\">Kultur<\/a> &gt;<a title=\"Medien\" href=\"https:\/\/www.freiburg-schwarzwald.de\/blog\/kultur\/medien\/\">Medien<\/a> &gt;<a title=\"Zeitung\" href=\"https:\/\/www.freiburg-schwarzwald.de\/blog\/kultur\/medien\/zeitung\/\">Zeitung<\/a> &gt;Vorverurteilung<\/p>\n<div id=\"attachment_59300\" style=\"width: 649px\" class=\"wp-caption alignnone\"><a href=\"https:\/\/www.freiburg-schwarzwald.de\/blog\/kultur\/medien\/vorverurteilung\/muehhle-stpeter-pan160212\/\" rel=\"attachment wp-att-59300\"><img loading=\"lazy\" decoding=\"async\" aria-describedby=\"caption-attachment-59300\" class=\"size-full wp-image-59300\" src=\"https:\/\/www.freiburg-schwarzwald.de\/blog\/wp-content\/uploads\/2016\/02\/muehhle-stpeter-pan160212.jpg\" alt=\"Alte M\u00fchle mit S\u00e4ge bei St. Peter im Schwarzwald am 12.12.2016\" width=\"639\" height=\"314\" srcset=\"https:\/\/www.freiburg-schwarzwald.de\/blog\/wp-content\/uploads\/2016\/02\/muehhle-stpeter-pan160212.jpg 639w, https:\/\/www.freiburg-schwarzwald.de\/blog\/wp-content\/uploads\/2016\/02\/muehhle-stpeter-pan160212-180x88.jpg 180w\" sizes=\"auto, (max-width: 639px) 100vw, 639px\" \/><\/a><p id=\"caption-attachment-59300\" class=\"wp-caption-text\">Alte M\u00fchle mit S\u00e4ge bei St. Peter im Schwarzwald am 12.12.2016<\/p><\/div>\n<ul>\n<li><em>Listenauswahl eines Beitrags (Artikel\/Datum, Seite\/Inhalt):\u00a0<span style=\"text-decoration: underline;\">Klicken<\/span>\u00a0oder scrollen<\/em><\/li>\n<li><a href=\"https:\/\/www.freiburg-schwarzwald.de\/blog\/eu-sanktionen-vs-jacques-baud\/\">EU-Sanktionen vs Jacques Baud<\/a>\u00a0(19.12.2025)<\/li>\n<li><a href=\"https:\/\/www.freiburg-schwarzwald.de\/blog\/freispruch-fuer-michael-ballweg\/\">Freispruch f\u00fcr Michael Ballweg<\/a>\u00a0(31.7.2025)<\/li>\n<li><a href=\"https:\/\/www.freiburg-schwarzwald.de\/blog\/selbsthilfe\/soziales\/justiz\/taeuschung\/\">Hakenkreuze schmieren, um auf die rechte Gefahr aufmerksam zu machen<\/a> (29.7.2025)<\/li>\n<li><a href=\"https:\/\/www.freiburg-schwarzwald.de\/blog\/selbsthilfe\/soziales\/justiz\/taeuschung\/\">Pakistaner t\u00e4uscht rechtsextremen Brandanschlag vor \u2013 sieben Jahre Haft<\/a> (28.7.2025)<\/li>\n<li><a href=\"https:\/\/www.freiburg-schwarzwald.de\/blog\/hakenkreuz-statt-sachpolitik\/\">Hakenkreuz statt Sachpolitik<\/a>\u00a0(26.7.2025)<\/li>\n<li><a href=\"https:\/\/www.freiburg-schwarzwald.de\/blog\/negative-campaigning\/\">Negative Campaigning<\/a>\u00a0(27.4.2024)<\/li>\n<li><a href=\"https:\/\/www.freiburg-schwarzwald.de\/blog\/kultur\/medien\/framing\/geheimtreffen\/\">Geheimtreffen Potsdam von Verfassungsschutz abgeh\u00f6rt?<\/a>\u00a0(27.1.2024)<\/li>\n<li><a href=\"https:\/\/www.freiburg-schwarzwald.de\/blog\/ballweg-grundlos-9-monate-haft\/\">Ballweg grundlos 9 Monate Haft<\/a>\u00a0(15.10.2023)<\/li>\n<li><a href=\"https:\/\/www.freiburg-schwarzwald.de\/blog\/engagement\/zukunft\/demokratie\/chemnitz-messermord26-08-2018\/chemnitz2018-2023\/\">Staatsaff\u00e4re Chemnitz: Keine Hetzjagden vor f\u00fcnf Jahre<\/a>n (28.8.2023)<\/li>\n<li><a href=\"https:\/\/www.freiburg-schwarzwald.de\/blog\/kultur\/medien\/diskussionskultur\/diskussionskultur2023\/\">Faeser: \u201eAfD schreckt Fachkr\u00e4fte aus dem Ausland ab\u201c<\/a>\u00a0(25.8.2023)<\/li>\n<li><a href=\"https:\/\/www.freiburg-schwarzwald.de\/blog\/kultur\/medien\/verleumdung\/\">Clemens Arvay wurde Opfer der Antisemitismuskeule<\/a>\u00a0(15.3.2023)<\/li>\n<li><a href=\"https:\/\/www.freiburg-schwarzwald.de\/blog\/impfkritiker-arvay-suizid\/\">Impfkritiker Arvay \u2013 Suizid<\/a>\u00a0(24.2.2023)<\/li>\n<li><a href=\"https:\/\/www.freiburg-schwarzwald.de\/blog\/kultur\/medien\/zensur\/sprechverbot\/\">Historiker Daniele Ganser wird gecancelt<\/a>\u00a0(17.2.2023)<\/li>\n<li><a href=\"https:\/\/www.freiburg-schwarzwald.de\/blog\/kultur\/medien\/diskussionskultur\/106921-2\/\">Generalverdacht-Vorwurf beleidigt die B\u00fcrger<\/a>\u00a0(7.12.2022)<\/li>\n<li><a href=\"https:\/\/www.freiburg-schwarzwald.de\/blog\/selbsthilfe\/krise\/gewalt\/brandstiftung\/\">Brandstiftung in Asylunterkunft Wismar: Pyromanisch statt politisch?<\/a>\u00a0(25.11.2022)<\/li>\n<li><a href=\"https:\/\/www.freiburg-schwarzwald.de\/blog\/kultur\/medien\/vorverurteilung\/\">Vorverurteilung: Rechte sind es<\/a> (19.11.2022)<\/li>\n<li><a href=\"https:\/\/www.freiburg-schwarzwald.de\/blog\/wutbuerger-im-wutwinter\/\">Wutb\u00fcrger im Wutwinter<\/a>\u00a0(16.8.2022)<\/li>\n<li><a href=\"https:\/\/www.freiburg-schwarzwald.de\/blog\/engagement\/gutmenschen\/wutwinter\/\">Politischer Wortschatz: \u201eWutwinter\u201c 2022\/23<\/a>\u00a0(12.8.2022)<\/li>\n<li><a href=\"https:\/\/www.freiburg-schwarzwald.de\/blog\/engagement\/buergerinitiativen\/demos-in-freiburg\/\">Kontaktschuld-Vorwurf soll Freibr<\/a><a style=\"color: #ff4b33;\" href=\"https:\/\/www.freiburg-schwarzwald.de\/blog\/engagement\/buergerinitiativen\/demos-in-freiburg\/\">u<\/a><a href=\"https:\/\/www.freiburg-schwarzwald.de\/blog\/engagement\/buergerinitiativen\/demos-in-freiburg\/\">gs Demo-Organisator Wendt diskreditieren<\/a>\u00a0(1.2.2022)<\/li>\n<li><a href=\"https:\/\/www.freiburg-schwarzwald.de\/blog\/global\/deutschland\/ddr2-0\/\">Protokoll einer Entlassung \u2013 Hubertus Knabe: Sondervorgang MeToo<\/a>\u00a0(27.10.2021)<\/li>\n<li><a href=\"https:\/\/www.freiburg-schwarzwald.de\/blog\/business\/gesund\/corona-virus\/corona-grundrechte\/\">Corona: Die Guten, die B\u00f6sen und vielen vielen Anderen<\/a>\u00a0(17.5.2021)<\/li>\n<li><a href=\"https:\/\/www.freiburg-schwarzwald.de\/blog\/kultur\/medien\/manipulation\/\">Manipulation der Medien: Infizierte = Erkrankte<\/a>\u00a0(3,4,2021)<\/li>\n<li><a title=\"Kinder-instrumentalisieren\" href=\"https:\/\/www.freiburg-schwarzwald.de\/blog\/selbsthilfe\/kinder\/kinder-instrumentalisieren\/\">Oma Umweltsau: Ideologische Instrumentalisierung der Kinder gegen Erwachsenen<\/a>\u00a0(29.12.2019)<\/li>\n<li><a href=\"https:\/\/www.freiburg-schwarzwald.de\/blog\/prueffall-afd-bfv-ist-im-unrecht\/\">https:\/\/www.freiburg-schwarzwald.de\/blog\/prueffall-afd-bfv-ist-im-unrecht\/<\/a>\u00a0 (27.2.2019)<\/li>\n<li><a href=\"https:\/\/www.freiburg-schwarzwald.de\/blog\/silencing-und-konformismus\/\">https:\/\/www.freiburg-schwarzwald.de\/blog\/silencing-und-konformismus\/<\/a>\u00a0(25.1.2019 )<\/li>\n<li><a title=\"Maedchen\" href=\"https:\/\/www.freiburg-schwarzwald.de\/blog\/selbsthilfe\/kinder\/maedchen\/\">Amadeu Antonio Stiftung: Kleider, Z\u00f6pfe, Handarbeiten von M\u00e4dchen \u2013\u00a0Neonazi-Eltern?<\/a>\u00a0(29.11.2018)<\/li>\n<li>Gruppenvergewaltigung: Bevormundung der B\u00fcrger durch st\u00e4ndige Pauschalisierungswarnungen (12.11.2018)<\/li>\n<li>46% der Maghreb-Fl\u00fcchtlinge in Sachsen kriminell &#8211; Generalverdacht? (9.12.2016)<\/li>\n<li><a href=\"https:\/\/www.freiburg-schwarzwald.de\/blog\/generalverdacht\/\">Generalverdacht \u2013 warum?<\/a>\u00a0(25.7.2016)<\/li>\n<li><a href=\"https:\/\/www.freiburg-schwarzwald.de\/blog\/generalverdacht-und-dna-tests\/\">https:\/\/www.freiburg-schwarzwald.de\/blog\/generalverdacht-und-dna-tests\/<\/a> (25.7.2016)<\/li>\n<li>Heiko Maas verd\u00e4chtigt Rechte als Fl\u00fcchtlingswohnheimsbrandstifter (26.6.2016)<\/li>\n<li>Syrer gesteht Brandlegung im Fl\u00fcchtlingsheim mit Hakenkreuz-Schmiererei (10.4.2016)<\/li>\n<li>Brandanschl\u00e4ge auf Fl\u00fcchtlingsheime gelegt von Bewohnern, unbekannt oder Fremdenhassern (12.3.2016)<\/li>\n<li><a href=\"https:\/\/www.freiburg-schwarzwald.de\/blog\/rassismus-kultur-rassismus\/\">https:\/\/www.freiburg-schwarzwald.de\/blog\/rassismus-kultur-rassismus\/<\/a> (18.2.2016)<\/li>\n<li>Was bedeutet Ressentiment? (18..2.2016)<\/li>\n<li><a href=\"https:\/\/www.freiburg-schwarzwald.de\/blog\/handgranate-falsche-taeter\/\">https:\/\/www.freiburg-schwarzwald.de\/blog\/handgranate-falsche-taeter\/<\/a> (11.2.2016)<\/li>\n<li>Vorverurteilungen n\u00fctzen den rechten Rattenf\u00e4ngern (9.2.2016)<\/li>\n<li>19j\u00e4hriger \u00c4gypter legt seine Wohncontainer in Hamburg in Brand (18.10.2015)<\/li>\n<li>Eritreer nicht von Rechtsextremen, sondern Landsmann erstochen \u2013 Vorverurteilungen (22.1.2015)<\/li>\n<li><\/li>\n<li><a href=\"https:\/\/www.freiburg-schwarzwald.de\/blog\/selbsthilfe\/krise\/gewalt\/brandstiftung\/\">Brandstiftung<\/a><\/li>\n<li><a href=\"https:\/\/www.freiburg-schwarzwald.de\/blog\/engagement\/zukunft\/demokratie\/chemnitz-messermord26-08-2018\/chemnitz2018-2023\/\">Chemnitz2018-2023<\/a><\/li>\n<li><a title=\"Diffamierung\" href=\"https:\/\/www.freiburg-schwarzwald.de\/blog\/kultur\/medien\/diffamierung\/\">Diffamierung<\/a><\/li>\n<li><a title=\"Diskussionskultur\" href=\"https:\/\/www.freiburg-schwarzwald.de\/blog\/kultur\/medien\/diskussionskultur\/\">Diskussionskultur<\/a><\/li>\n<li><a title=\"Relativierung\" href=\"https:\/\/www.freiburg-schwarzwald.de\/blog\/kultur\/medien\/relativierung\/\">Relativierung<\/a><\/li>\n<li><a title=\"Dagegen\" href=\"https:\/\/www.freiburg-schwarzwald.de\/blog\/engagement\/dagegen\/\">Dagegen-Sein<\/a><\/li>\n<li><a title=\"Ehrlichkeit\" href=\"https:\/\/www.freiburg-schwarzwald.de\/blog\/engagement\/zukunft\/ehrlichkeit\/\">Ehrlichkeit<\/a><\/li>\n<li><a title=\"Fluechtlinge2016\" href=\"https:\/\/www.freiburg-schwarzwald.de\/blog\/global\/integration\/fluechtlinge2016\/\">Fl\u00fcchtlinge<\/a><\/li>\n<li><a href=\"https:\/\/www.freiburg-schwarzwald.de\/blog\/kultur\/medien\/diskussionskultur\/106921-2\/\">Generalverdacht<\/a><\/li>\n<li><a title=\"Gesinnungsethik\" href=\"https:\/\/www.freiburg-schwarzwald.de\/blog\/engagement\/zukunft\/demokratie\/gesinnungsethik\/\">Gesinnungsethik<\/a><\/li>\n<li><a title=\"Gutmenschen\" href=\"https:\/\/www.freiburg-schwarzwald.de\/blog\/engagement\/gutmenschen\/\">Gutmenschen<\/a><\/li>\n<li><a title=\"Instrumentalisierung\" href=\"https:\/\/www.freiburg-schwarzwald.de\/blog\/kultur\/medien\/instrumentalisierung\/\">Instrumentalisierung<\/a><\/li>\n<li><a title=\"Integration\" href=\"https:\/\/www.freiburg-schwarzwald.de\/blog\/global\/integration\/\">Integration<\/a><\/li>\n<li><a title=\"Kinder-instrumentalisieren\" href=\"https:\/\/www.freiburg-schwarzwald.de\/blog\/selbsthilfe\/kinder\/kinder-instrumentalisieren\/\">Kinder-instrumentalisieren<\/a><\/li>\n<li><a title=\"Luegenpresse\" href=\"https:\/\/www.freiburg-schwarzwald.de\/blog\/kultur\/medien\/luegenpresse\/\">L\u00fcgenpresse<\/a><\/li>\n<li><a title=\"Political-Correctness\" href=\"https:\/\/www.freiburg-schwarzwald.de\/blog\/kultur\/medien\/political-correctness\/\">Political Correctness<\/a><\/li>\n<li><a title=\"Pressekodex\" href=\"https:\/\/www.freiburg-schwarzwald.de\/blog\/kultur\/medien\/pressekodex\/\">Pressekodex<\/a><\/li>\n<li><a title=\"Rassismus\" href=\"https:\/\/www.freiburg-schwarzwald.de\/blog\/engagement\/rassismus\/\">Rassismus<\/a><\/li>\n<li><a title=\"Selbsthass\" href=\"https:\/\/www.freiburg-schwarzwald.de\/blog\/engagement\/zukunft\/selbsthass\/\">Selbsthass<\/a><\/li>\n<li><a href=\"https:\/\/www.freiburg-schwarzwald.de\/blog\/kultur\/medien\/zensur\/sprechverbot\/\">Sprechverbot<\/a><\/li>\n<li><a href=\"https:\/\/www.freiburg-schwarzwald.de\/blog\/selbsthilfe\/soziales\/justiz\/taeuschung\/\">T\u00e4uschung<\/a><\/li>\n<li><a href=\"https:\/\/www.freiburg-schwarzwald.de\/blog\/engagement\/gutmenschen\/wutwinter\/\">Wutwinter<\/a><\/li>\n<\/ul>\n<h3><strong>\u00a0Vorverurteilung &#8211; Pauschalisierung &#8211; Generalverdacht<\/strong><\/h3>\n<p>&nbsp;<\/p>\n<p><strong>Vorurteile abbauen<\/strong><br \/>\nDas englische Wort \u201ebias\u201c steht f\u00fcr\u00a0\u00a0\u201eVoreingenommenheit\u201c bzw.\u201cEinseitigkeit\u201c.\u00a0Anti-Bias zielt darauf ab, eine Schieflage, die aufgrund einseitiger Wahrnehmungen und Vorurteilen entstanden ist, ins Gleichgewicht zu bringen; uns f\u00fcr eigene und generelle Vorurteilsbildungen zu sensibilisieren und Diskriminierung abzubauen.<br \/>\n<a href=\"https:\/\/www.anti-bias-freiburg.de\">www.anti-bias-freiburg.de<\/a><\/p>\n<p>==============================================================<\/p>\n<p>&nbsp;<\/p>\n<p><strong>Gruppenvergewaltigung: Bevormundung der B\u00fcrger durch st\u00e4ndige Pauschalisierungswarnungen<\/strong><br \/>\nZur Berichterstattung \u00fcber die <a title=\"Gruppenvergewaltigung\" href=\"https:\/\/www.freiburg-schwarzwald.de\/blog\/selbsthilfe\/krise\/sexuellermissbrauch\/gruppenvergewaltigung\/\">Gruppenvergewaltigung (in Freiburg)<\/a> und die Folgen: Warum nur betonen unsere Politiker immer wieder, Fl\u00fcchtlinge pauschal nicht zu verurteilen. So jetzt auch Freiburgs Oberb\u00fcrgermeister Martin Horn. Warum nur? \u00dcberlassen Sie dies den B\u00fcrgern. Wir brauchen keine Belehrungen und erst recht keine Bevormundung. Vielmehr w\u00fcrde ich erwarten, die Opfer sp\u00fcrbar zu unterst\u00fctzen, und noch mehr zu tun, um k\u00fcnftig solche scheu\u00dflichen Verbrechen zu verhindern.<br \/>\n12.11.2018, Hans Tr\u00fcbenbach, Germering, BZO<\/p>\n<p>&nbsp;<\/p>\n<p><strong>46% der Maghreb-Fl\u00fcchtlinge in Sachsen kriminell &#8211; Generalverdacht?<\/strong><br \/>\nDanach haben 46 Prozent aller Zuwanderer aus den Maghreb-Staaten, also Tunesien, Algerien und Marokko, in Sachsen Straftaten ver\u00fcbt. \u201eAllein drei Viertel aller algerischen Zuwanderer sind als Tatverd\u00e4chtige in Erscheinung getreten\u201c, sagte Innenminister Markus Ulbig bei der Pr\u00e4sentation der Statistik. 36 Prozent aller 14 043 Zuwanderer-Straftaten gingen auf das Konto von \u201enur\u201c 664 Nordafrikanern. In 2214 F\u00e4llen ging es um K\u00f6rperverletzung, 169 F\u00e4lle waren Sexualstraftaten. Verglichen mit 25 derartigen F\u00e4llen zwei Jahre zuvor ist das ein dramatischer Anstieg. Nun wird ja niemand annehmen, dass Marokkaner, Algerier oder Tunesier von vornherein krimineller sind als andere Ethnien. Es muss also Umst\u00e4nde geben, die dazu f\u00fchren, dass es eine Negativ-Auslese aus diesen Ethnien nach Deutschland verschl\u00e4gt. Unsere Zuwanderungspolitik und die pauschale moralische Aufwertung jedes Zuwanderers zum \u201eFl\u00fcchtling\u201c setzen offenbar zahlreiche falsche Signale. Die finanziellen Anreize tun sicher ein \u00dcbriges. Doch so genau wollen es unsere Verantwortungstr\u00e4ger ja gar nicht wissen. Sie m\u00f6chten das Positivpauschalisieren nicht lassen und den Generalverdacht verdammen, auf die Dauer ein kaum haltbarer Spagat, selbst in postfaktischen Zeiten. &#8230;. Alles vom 8.12.2016 bitte lesen au<br \/>\n<a href=\"https:\/\/www.achgut.com\/artikel\/postfaktisches_kunstturnen_generalverdacht_im_spagat\">https:\/\/www.achgut.com\/artikel\/postfaktisches_kunstturnen_generalverdacht_im_spagat<\/a><br \/>\n.<br \/>\n<strong>Nicht-Deutsche \u00fcberproportional f\u00fcr Verbrechen verantwortlich<\/strong><br \/>\nDie polizeiliche Kriminalstatistik von 2016 scheint auch keiner zu lesen. Man kaut in der Presse nur die l\u00e4cherlichen Zitate von deMaizi\u00e8re daraus wieder, die nichts weiter als eine dreiste Verf\u00e4lschung des Inhalts darstellen. Bitte, wenigstens mal die Seiten 69 und folgende lesen: Knapp 40% aller Raubdelikte in Deutschland sind ausl\u00e4ndischen Tatverd\u00e4chtigen zuzurechnen, bei Mord und Totschlag sind es knapp 30%; so geht das durch die ganze Palette von Gewaltverbrechen\u2026 Das muss man dann nat\u00fcrlich in Beziehung setzen zu dem Anteil von Ausl\u00e4ndern\/Migranten an der deutschen Bev\u00f6lkerung. Hier kann man etwa als allgemein akzeptierten Sch\u00e4tzwert 10% ansetzen. Nicht-Deutsche (d.h. Anwohner ohne deutschen Pass &#8211; Deutsche mit Migrationshintergrund sind hier nicht erfasst) sind also horrend \u00fcberproportional f\u00fcr Verbrechen verantwortlich.<br \/>\nEnroco Stiller, 8.12.2016, AO<br \/>\n.<br \/>\n<strong>Warum kein Generalverdacht gegen\u00fcber einer \u00fcberproportional kriminellen Gruppe?<\/strong><br \/>\nWie sch\u00f6n, dass Sie nochmals eine Lanze f\u00fcr die offene und annehmende Freundlichkeit brechen und sich dem h\u00e4sslichen Generalverdacht entgegenstellen. Es ist ja auch wirklich unsch\u00f6n, dass man, nur weil eine Bev\u00f6lkerungsgruppe ungemein h\u00e4ufig Straftaten begeht, dieser nun mit Misstrauen begegnet &#8211; unsch\u00f6n, herzlos und irgendwie fremdenfeindlich. Damit will ich mich nicht gemein machen und ich habe sofort dar\u00fcber nachgedacht, wo ich mich vom Generalverdacht befreien muss. Und da ist mir aufgefallen, dass ich Hunden, die entschlossen auf mich zurennen, mit allergr\u00f6\u00dftem Misstrauen begegne. Die armen Tiere haben es nicht verdient, unter Generalverdacht gestellt zu werden, wollen sie doch wahrscheinlich nur spielen. F\u00fcrderhin werde ich warten, bis sie mich bei\u00dfen und dann bessernd auf sie einreden.<br \/>\n8.12.2016, Helmu B\u00fchler, AO<br \/>\n.<br \/>\n<strong>&#8222;Frauen als Ware&#8220; lassen sich auch bei VW nicht wegintegrieren<\/strong><br \/>\nVermutlich spielt auch der Zusammenprall der Kulturen eine Rolle, das hier zumindest bisher \u00fcbliche offene Miteinander in der Gesellschaft suggeriert bei Personen aus Regionen der Welt, in denen nur M\u00e4nner \u00fcberhaupt vor die T\u00fcr d\u00fcrfen u. M\u00e4dchen\/Frauen ein Leben hinter Mauern f\u00fchren, beim nur begleiteten Ausgang unter einem \u201cSack\u201d verpackt vor selbige d\u00fcrfen, offenbar den Eindruck, da\u00df es hier keine Grenzen f\u00fcr die Herren gibt, verst\u00e4rkt dadurch, da\u00df die Frau an sich Eigentum der die Familie f\u00fchrenden M\u00e4nner ist und Teil ihrer pers\u00f6nlichen Ehre. Das VW-Werk Wolfsburg hat um 1975 herum den Versuch gestartet, ein Kontingent von 1000 Tunesiern zu den ansonsten vor allem aus Italien stammenden Gastarbeitern zu Fachkr\u00e4ften zu machen. Selbige lebten wie die ledigen italienischen M\u00e4nner in entsprechenden Unterk\u00fcnften, also alles \u00e4hnlich, nur da\u00df es mit Tunesiern auf einmal ein bis dahin nahezu unbekanntes Ph\u00e4nomen gab. Es tauchten Personen aus diesem Kreis mit sexueller Motivation, mal offen, mal eher verdeckt immer wieder an Kinderspielpl\u00e4tzen auf, sicher nicht alle Personen aus diesem Personenkreis, aber wenn dann aus diesem Personenkreis. Und an irgend etwas, was diese Gruppe speziell macht, wird es wohl liegen.<br \/>\n8.12.2016, Wolfgang Ritter<br \/>\n.<\/p>\n<p>&nbsp;<\/p>\n<p><strong>Vorra &#8211; Heiko Maas verd\u00e4chtigt Rechte als Fl\u00fcchtlingswohnheimsbrandstifter<\/strong><br \/>\n\u201eDie feige Tat von Vorra ist ein Anschlag auf die gesamte Zivilgesellschaft. Diese Taten sind abscheulich. Ausl\u00e4nderfeindlichkeit darf bei uns keinen Platz haben\u201c\u00a0 &#8211; so der Facebook-Post von Justizminister Maas im Dezember 2014. Maas wusste sofort, wer den Brand in einem Haus gelegt hatte, in dem kurz darauf Asylbewerber einziehen sollten. Ein\u00a0 Hakenkreuz mit &#8222;Kein Asylat in Vorra\u201c reichte ihm zur Vorverurteilung rechter Dumpfbacken. Nun aber ermittelte die Polizei kosovarische Bauunternehmer, die\u00a0 mit der Sanierung des Asylbewerberheims Geld verdienen wollten. Entschuldigung f\u00fcr diese \u00fcble Vorverurteilung durch Minister Maas: Fehlanzeige!<br \/>\nAlles vom 26.6.2016 bitte lesen auf <a href=\"https:\/\/www.achgut.com\/artikel\/generalverdaechtiger_schon_wieder_maas\">https:\/\/www.achgut.com\/artikel\/generalverdaechtiger_schon_wieder_maas<\/a><\/p>\n<p><strong>Justizminister vorverurteilt rechts und ignoriert linke Gewalt<\/strong><br \/>\nDer zitierte Facebook-Autor bewegte sich inmitten eines Gleichklanges mit Kollegen und Medien. Dass eine lautstarke falsche Vorverurteilung in einem Rechtsstaat kein guter Stil ist, dass muss nicht jeder wissen, der in sozialen Netzwerken als Erster seine gute Gesinnung zeigen m\u00f6chte. Sollte er allerdings, wie der eingangs zitierte Mann, Heiko Maas hei\u00dfen und als Bundesjustizminister f\u00fcr das Rechtswesen zust\u00e4ndig sein, ist eine Schuldzuschreibung ohne genauere Sachkenntnis schon problematisch.&#8220; &#8230;.<br \/>\n26.6.2016<\/p>\n<p>&nbsp;<\/p>\n<p><strong>Syrer gesteht Brandlegung im Fl\u00fcchtlingsheim mit Hakenkreuz-Schmiererei<\/strong><br \/>\nDer Hintergrund der Brandlegung und die Hakenkreuzschmierereien eines Rasthauses in Bingen sind aufgekl\u00e4rt. Wie die Mainzer Kriminalpolizei am Sonntag mitteilte, wurde am Samstagabend gegen 22 Uhr ein 26-j\u00e4hriger syrischer Staatsangeh\u00f6riger festgenommen. Bei dem Brand waren in der Nacht auf Donnerstag sechs Menschen verletzt worden. Bei seiner n\u00e4chtlichen Vernehmungen und nach anf\u00e4nglichem Bestreiten der Tat r\u00e4umte er sie schlie\u00dflich ein. Demnach habe er als Einzelt\u00e4ter im Keller des Rasthauses den Brand gelegt und die Hakenkreuze angebracht, um von der Tat abzulenken. Als Motiv gab der 26-J\u00e4hrige die beengten Wohnverh\u00e4ltnisse sowie eine fehlende Zukunftsperspektive an. Er wollte auf die Gesamtsituation aufmerksam machen, hatte dabei selbst die Dimension des Brandausbruches jedoch untersch\u00e4tzt. &#8230;. Alles vom 10.4.2016 auf<br \/>\n<a href=\"https:\/\/www.welt.de\/politik\/deutschland\/article154185175\/Syrer-gesteht-Brandlegung-mit-Hakenkreuz-Schmiererei.html\">https:\/\/www.welt.de\/politik\/deutschland\/article154185175\/Syrer-gesteht-Brandlegung-mit-Hakenkreuz-Schmiererei.html<br \/>\n<\/a>\u00a0 .<br \/>\n<strong>Selbsthass<\/strong><br \/>\nIm Grunde sind die Deutschen doch f\u00fcr diese Tat verantwortlich. Mit mehr Geld, Haus und Auto f\u00fcr den armen gefl\u00fcchteten w\u00e4re es nicht soweit gekommen!<br \/>\n&#8222;Es sei daher wichtig, fremdenfeindliche Tendenzen gar nicht erst zuzulassen.&#8220; jetzt wird es aber kompliziert. Hier geht es ja quasi um den <a title=\"Selbsthass\" href=\"https:\/\/www.freiburg-schwarzwald.de\/blog\/engagement\/zukunft\/selbsthass\/\">Selbsthass<\/a> von Menschen, die sich aus fremdenfeindlichen Motiven selbst ablehnen.<br \/>\n.<br \/>\n&#8222;Auf Antrag der Staatsanwaltschaft wurde er am Sonntag dem Amtsgericht Mainz vorgef\u00fchrt, wo Haftbefehl wegen schwerer Brandstiftung erlassen wurde.&#8220; Wenn das ein Bio-Deutscher gemacht h\u00e4tte, w\u00e4re der nicht nur mit schwerer Brandstiftung davongekommen sondern versuchter Mord und schwere K\u00f6rperverletzung. in D haben wir eine Zweiklassenjustiz<br \/>\n.<br \/>\n<strong>&#8222;Mahnwache gegen Rechts wird nicht abgesagt&#8220;<br \/>\n<\/strong>Soll das ein Witz sein? Die Bingener B\u00fcrger demonstrieren gegen Femdenfeindlichkeit der Fremden gegen Fremde und das wird auch noch als Zeichen f\u00fcr Demokratie verkauft. Ich w\u00fcrde es als gest\u00f6rte Wahrnehmung der sich selbst hassenden deutschen (Schild-)b\u00fcrger bezeichnen.<br \/>\nDie Aktion erinnert stark an K\u00e4\u00dfmann, die dem muslimischen Attent\u00e4ter auch mit mehr Liebe begegnen wollte als den Belgischen Opfern. Abstrus, was sich mittlerweile in diesem Land abspielt. Merkt man da oben gar nicht, was man mit sowas anrichtet?<br \/>\nStatt &#8222;Zeichen gegen Fremdenfeindlichkeit&#8220; zu fordern, w\u00e4re es wohl allm\u00e4hlich an der Zeit, lieber &#8222;Zeichen gegen die Feindlichkeit der Fremden&#8220; zu setzen.<br \/>\n10.4.2016, Nordland<\/p>\n<p><strong>Brandanschl\u00e4ge auf Fl\u00fcchtlingsheime gelegt von Bewohnern, unbekannt oder Fremdenhassern<\/strong><br \/>\nSeit Monaten werden Brandanschl\u00e4ge auf Fl\u00fcchtlingsunterk\u00fcnfte als Beweis f\u00fcr die angebliche Fremdenfeindlichkeit der Deutschen gewertet. Justizminister Maas, der es qua Amt besser wissen m\u00fcsste, gibt ganz vorn den Ton an. Dabei fallen die meisten \u201eBrandanschl\u00e4ge\u201c gar nicht unter diese Rubrik, sondern wurden von Bewohnern <a href=\"https:\/\/docs.google.com\/spreadsheets\/d\/1n7m9T09kLn0dNU_v6NlR58sLLMWbfVp8W2pkKVdi_cM\/htmlview?pli=1#gid=0\">aus Leichtsinn oder Unkenntnis<\/a>, in Einzelf\u00e4llen auch absichtlich, verursacht. An zweiter Stelle stehen die ungekl\u00e4rten F\u00e4lle. Weit danach kommen die Br\u00e4nde, die aus fremdenfeindlichen Motiven gelegt wurden. &#8230;..<br \/>\nAlles vom 12.3.2016 bitte lesen auf<br \/>\n<a href=\"https:\/\/www.achgut.com\/artikel\/preisfrage_was_ist_das_gegenteil_von_rechtsextrem\">https:\/\/www.achgut.com\/artikel\/preisfrage_was_ist_das_gegenteil_von_rechtsextrem<br \/>\n<\/a>\u00a0.<\/p>\n<p><strong>Was bedeutet Ressentiment?<\/strong><br \/>\nKaum hat der Pressstrolch sie in den Mund genommen, inflationieren auch mit sublimen Erkenntnissen aufgeladene Termini zu interessengeleiteten Plapperbegriffen. Einer sei hier versuchshalber vom Seim ges\u00e4ubert<br \/>\nLasst uns, liebe Kinder und vereinzelte Eltern, heute \u00fcber das Ressentiment reden. Es bedarf keines empirischen Nachweises, dass mit dem Begriff in der hiesigen \u00d6ffentlichkeit nahezu ausschlie\u00dflich gegen &#8222;rechts&#8220; hantiert wird, das ist eindeutig. Sogar der Verfasser dieses Diariums, gewiss einer der ressentimentfreiesten Menschen in seinem Hausgang, sah sich mit diesem Vorwurf konfrontiert, gewisserma\u00dfen summarisch, denn ein Rezensent des Deutschlandradios verwies ihn mit dem Dekret \u201eDie Schw\u00e4che des rechten Denkens ist das Ressentiment, die Schw\u00e4che des linken Denkens die Phrase\u201c des diskursiven Feldes. Quod erat hinreichend demonstrandum.<br \/>\nWas aber bedeutet eigentlich Ressentiment?<br \/>\nZun\u00e4chst einmal: Der Vorwurf ist ehrenr\u00fchrig. Gemeint ist eine schwelende, sinistre, enge, dumpfe Gem\u00fctsverfasstheit, die anderen B\u00f6ses w\u00fcnscht. Wenn wir von \u201eausl\u00e4nderfeindlichen Ressentiments\u201c h\u00f6ren, von \u201erassistischen Ressentiments\u201c, von den \u201eRessentiments der alten wei\u00dfen M\u00e4nner\u201c oder (freilich zunehmend seltener) von \u201eantisemitischen Ressentiments\u201c, ist uns klar, dass jeder, den die Vorw\u00fcrfe treffen k\u00f6nnten, aus der Gemeinschaft der Anst\u00e4ndigen besser auszuschlie\u00dfen ist. Beziehungsweise er es schon selbst erledigt hat. Ressentiment scheint so etwas wie moralische Kr\u00e4tze zu sein.<br \/>\nEine halbwegs ad\u00e4quate \u00dcbersetzung des franz\u00f6sischen Wortes lautet &#8222;Groll&#8220;, n\u00e4herhin ist ein heimlicher Groll gemeint. Der Groll unterscheidet sich vom Zorn dadurch, dass er sich nicht ausagiert, sondern vor sich hin schwelt und br\u00fctet. Er nagt an dem Grollenden und verd\u00fcstert sein Leben. Etwas nagt an dem Grollenden und verd\u00fcstert sein Leben. Daraus l\u00e4sst sich zun\u00e4chst einmal folgern, dass dieses Etwas stark genug sein muss, den Grollenden in seiner Aversion verharren zu lassen. Das Ressentiment kann sich nicht \u2013 beziehungswiese nicht direkt \u2013 ausagieren. Ressentiment richtet sich immer nur von unten nach oben. Es ist ein Zeichen von Ohnmacht. Wer immer das Wort verwendet, sollte sich das zun\u00e4chst vor Augen f\u00fchren. Wer \u201eausl\u00e4nderfeindliche Ressentiments\u201c in sich tr\u00e4gt, ist gewiss kein Plantagenbesitzer, noch wohnt er in einer Villengegend.<br \/>\nAber ist der Begriff \u00fcberhaupt semantisch sinnvoll zu umgrenzen? Hatte etwa Spartakus ein Ressentiment gegen Rom? Gab es unter den M\u00e4nnern des 20. Juli 1944 ein Ressentiment gegen Hitler? Hegten die verfolgten Juden Ressentiments gegen die Nazis? Man sieht sogleich, der Groll muss eine negative moralische Dimension bekommen, sich gegen etwas Anerkanntes, Positives richten, damit er sich im Kraftfeld des Zeitgeistes zum &#8222;Ressentiment&#8220; aufladen kann. Damit wird der Begriff aber moralisch gefasst, also relativ, und f\u00fcr die Beschreibung einer Gesellschaft ungef\u00e4hr so ergiebig wie das ptolem\u00e4ische Weltbild f\u00fcr jene unseres Sonnenensystems. Ein paar linke Schlaumeier haben ein eleganter als alle deutschen Entsprechungen klingendes Fremdwort gekapert und in ihren Herrschaftsdiskurs eingespeist. Der Journalist zieht verl\u00e4sslich mit. Ressentiment ist folglich alles, was schwelend b\u00f6se ist und dem von Fall zu Fall neu zu definierenden Menscheitsfortschritt irgendwie im Wege liegt. Aber dann k\u00f6nnte man doch gleich &#8222;schwelend b\u00f6se&#8220; sagen oder vom dumpfen Groll sprechen? Wut ist Wut, Hass ist Hass, Geiz ist Geiz, Neid ist Neid, Groll ist Groll. Ohnm\u00e4chtiger Groll ist ohnm\u00e4chtiger Groll, und so fort. Was w\u00e4re das Besondere am Ressentiment?<br \/>\nUm zu beschreiben, aus welchen negativen Energien sich P\u00f6belaufst\u00e4nde wie die franz\u00f6sische Revolution oder die 68er Studentenunruhen speisten, verwendet heute kaum jemand den Terminus Ressentiment (zumal in dem Augenblick, wo es sich triumphierend durchgesetzt hat, es schon wieder keines mehr im Sinne des heimlich schw\u00e4renden Grolls w\u00e4re, sondern jenes der besiegten Gegenseite ausl\u00f6ste). Die Motive f\u00fcr die besagten Aufst\u00e4nde sind mit Worten wie Neid, Wut, Hass, Zorn hinreichend beschrieben. Nicht einmal wenn wir nach dem Gegenst\u00fcck des Ressentiments suchen und es im G\u00f6nnen festmachen, geraten wir ins Eindeutigere, denn G\u00f6nnen ginge auch als das Gegenteil etwa des Neides oder der Missgunst durch. Man wird feststellen, dass Ressentiment kein besonders fruchtbarer Begriff ist, dessen wahllos-gezielte Verwendung in der Gegenwart sich wohl lediglich seinem Hautgout, seiner pejorativen Kraft verdankt. Es sei denn, man vollzieht jene entscheidende Wendung, die Nietzsche ihm gab. Ein Ressentiment, das den Namen verdient, ist sch\u00f6pferisch, und zwar gegen-sch\u00f6pferisch. \u201eDer Sklavenaufstand der Moral beginnt damit, da\u00df das Ressentiment selbst sch\u00f6pferisch wird und Werte gebiert: das Ressentiment solcher Wesen, denen die eigentliche Reaktion, die der Tat, versagt ist, die sich nur durch eine imagin\u00e4re Rache schadlos halten\u201c, hei\u00dft der ber\u00fchmte Passus in Nietzsches \u201eGenealogie der Moral\u201c (1. Abhandlung, 10. Abschnitt). \u201eDie Schw\u00e4che soll zum Verdienst umgelogen werden\u201c, f\u00e4hrt der Philosoph fort (1,14). \u201edas Sich-nicht-r\u00e4chen-K\u00f6nnen hei\u00dft Sich-nicht-r\u00e4chen-Wollen\u201c. Nietzsche verortete dieses sch\u00f6pferische Ressentiment bekanntlich in der j\u00fcdisch-christlichen Tradition, in welcher eine schlaue Priesterkaste die Ohnmacht zur Tugend umdefiniert habe bzw. durchaus hat; dies soll uns hier nicht interessieren. Dass die Botschaft Christi im Kern vollkommen ressentimentfrei ist, steht f\u00fcr mich au\u00dfer Zweifel (und auch Nietzsche h\u00e4tte in diesem Fall wohl zugestimmt).<br \/>\nDas Ressentiment, das diesen Namen verdient, wird also t\u00e4tig, aber es attackiert nicht direkt, sondern auf Schleichwegen, es greift nicht das \u00dcberlegene und Vortreffliche an, sondern behauptet, es existiere \u00fcberhaupt nichts \u00dcberlegenes und Vortreffliches beziehungsweise es sei woanders zu finden, und alles, was bislang als vortrefflich gegolten habe, sei unter moralischen Gesichtspunkten anr\u00fcchig, diskriminierend, ein blo\u00dfes Machtmittel, eine Konvention, ein &#8222;Konstrukt&#8220;. Es handelt sich keineswegs um Ressentiment, wenn sich Menschen gegen eine Tyrannei erkl\u00e4ren; ein Machtloser, der nach Macht oder \u201eTeilhabe\u201c verlangt, ist ein v\u00f6llig normaler Fall, warum sollte man ihn mit Resssentiment in Verbindung bringen? Ressentiment wird daraus, wenn der Machtlose behauptet, Macht sei schlecht. (Erz\u00e4hle jetzt keiner vom Barf\u00fc\u00dfler Gandhi, der wusste sehr wohl, wie man Macht gebraucht.) Der Fuchs, der nicht an die Trauben kommt und beteuert, sie seien ihm viel zu sauer, befindet sich mit diesem Argument auf dem Wege ins Ressentiment, aber voll erbl\u00fchte dieses erst in der Behauptung, s\u00fc\u00df sei schlecht (um ein treffendes Bild Max Schelers zu gebrauchen). Wer behauptet, er entstamme zwar keiner gro\u00dfen alten Familie mit Tradition, aber er k\u00f6nne dasselbe leisten wie jemand mit diesem erlauchten Pedigree, mag recht haben oder nicht, aber erst, wenn er sagte: Tradition ist schlecht, wertlos, diskriminierend etc., agierte er im Banne des Ressentiments.<br \/>\nWenn dem so ist, dann gelangt man rasch zu der Erkenntnis, dass das Ressentiment weit eher auf seiten der (neidischen) Linken zu finden sein muss als auf jener der (geizigen) Rechten. Die Linke versucht schlie\u00dflich, das Bestehende unter st\u00e4ndigen Legitimationsdruck zu setzen, sie attackiert unentwegt Institutionen, Traditionen, Gepflogenheiten, Konventionen und Konstanten unter dem Hinweis darauf, diese seien ungerecht, elit\u00e4r, hierarchisch, patriarchalisch, rassistisch, sexistisch, nicht mehr zeitgem\u00e4\u00df, schl\u00f6ssen Menschen aus etc pp. Hier gibt es nicht nur f\u00fcr das Gerechtigkeitsempfinden, sondern auch f\u00fcr das Ressentiment ein un\u00fcberschaubares Bet\u00e4tigungsfeld. Intellektuelle Moden wie Feminismus, Multikulturalismus, Gender Studies, Poststrukturalismus sind ohne das unterschwellige Wirken von Ressentimentkr\u00e4ften gar nicht denkbar, wie \u00fcberhaupt die geisteswissenschaftlichen Fakult\u00e4ten an den Universit\u00e4ten veritable Ressentimentkraftwerke bilden, in denen Benachteiligungsgef\u00fchle durch Diskursturbinen geleitet und in moralische Erpressungsenergien umgewandelt werden. Das ganze Projekt &#8222;Diversity&#8220; ist angewandtes Ressentiment, es richtet sich in Wahrheit gegen jede Distinktion, jede Art von Vornehmheit, Erlesenheit und Besonderssein. Das Ressentiment will die Herrschaft des Mittelma\u00dfes (und vielleicht wird der Planet ja anders nicht zu retten sein als vermittels durchgesetzten Mittelma\u00dfes), deswegen gedeiht es gemeinhin nicht bei Menschen mit einem IQ unter 100, sondern in jenen Intelligenzregionen, die von Dummheit und Genialit\u00e4t gleicherma\u00dfen weit entfernt sind. Einzig in historischen Ausnahmesituationen, wenn etwa Rom herrscht und der vermeintliche Erl\u00f6ser am Kreuz endet, kann es vorkommen, dass sich ein Genie ins Ressentiment verirrt und die paulinische Umwertung vornimmt.<br \/>\nUnd so l\u00e4sst sich letztlich aus dem teilergiebigen Begriff wenigstens eine pers\u00f6nliche Lehre ziehen: Man pr\u00fcfe sein Denken und Urteilen stets genau darauf, ob sich Ressentiment hineinverirrt hat. Und wenn, dann verwerfe man den gesamten Gedanken.<br \/>\nActa diurna, 18. Februar 2016<br \/>\n<a href=\"https:\/\/michael-klonovsky.de\/artikel\/item\/293-was-bedeutet-ressentiment\">https:\/\/michael-klonovsky.de\/artikel\/item\/293-was-bedeutet-ressentiment<\/a><\/p>\n<p>.<\/p>\n<p>&nbsp;<\/p>\n<p><strong>Vorverurteilungen n\u00fctzen den rechten Rattenf\u00e4ngern<\/strong><br \/>\nDer Bundesregierung ist die Situation v\u00f6llig au\u00dfer Kontrolle geglitten. Migranten in Parallelgesellschaften bek\u00e4mpfen und bekriegen sich in unserem Land mit Kriegswaffen, f\u00fchren ihre Auseinandersetzung der Heimatl\u00e4nder hier fort.<br \/>\nDie Medien nutzen dies, um den Deutschen ein schlechtes Gewissen einreden, werfen den Deutschen Rassismus vor und stempeln sie als Nazis ab. Den rechten Rattenf\u00e4ngern spielt das in die Karten, sie werden von den Medien geradezu gef\u00fcttert.<br \/>\n9.2.2016, M. Rosenthal-Sch\u00f6pflin<br \/>\n.<br \/>\n<strong>19j\u00e4hriger \u00c4gypter legt seine Wohncontainer in Hamburg in Brand<\/strong><br \/>\nIn einem Hamburger Fl\u00fcchtlingslager sind am Samstagabend 14 Wohncontainer komplett ausgebrannt. Die Ermittler gehen von Brandstiftung durch einen Bewohner des Lagers im Stadtteil S\u00fclldorf aus. Verletzte gab es nicht. Ein 19-j\u00e4hriger \u00c4gypter wurde vorl\u00e4ufig festgenommen. &#8230;.. Alles vom 18.10.2015 bitte lesen auf<br \/>\n<a href=\"https:\/\/www.stuttgarter-zeitung.de\/inhalt.fluechtlingsunterkunft-in-hamburg-bewohner-haben-wohl-brand-gelegt.b4e816cf-b574-4fca-8af8-8a4637afd8e1.html\">https:\/\/www.stuttgarter-zeitung.de\/inhalt.fluechtlingsunterkunft-in-hamburg-bewohner-haben-wohl-brand-gelegt.b4e816cf-b574-4fca-8af8-8a4637afd8e1.html<\/a><\/p>\n<p>Erstaunlich auch hier, wie rasch, bereitwillig und \u00fcberzeugt deutsche Fremdenhasser vorverurteilt wurden, diesen Brand gelegt zu haben.<br \/>\n20.10.2015, Markus Moll<\/p>\n<p>&nbsp;<\/p>\n<p><strong>Br\u00e4nde in Fl\u00fcchtlingsunterk\u00fcnften werden nicht selten von Bewohnern gelegt<\/strong><br \/>\nHier eine \u00dcbersicht 28.8.2015:<br \/>\n<a href=\"https:\/\/www.mmnews.de\/index.php\/politik\/52227-asyllbrand1\u00a0\">https:\/\/www.mmnews.de\/index.php\/politik\/52227-asyllbrand1\u00a0<\/a><\/p>\n<p>&nbsp;<\/p>\n<p>&nbsp;<\/p>\n<p><strong>Eritreer nicht von Rechtsextremen, sondern Landsmann erstochen \u2013 Vorverurteilungen<\/strong><br \/>\nDer aus Eritrea stammende 20j\u00e4hrige Asylbewerber Khaled Bahray wird am 13.1.2015 in Dresden in der N\u00e4he eines Fl\u00fcchtlingswohnheims erstochen &#8211; sogleich st\u00fcrzen sich Gutmenschen mitsamt ihrer Presse mit Vorverurteilungen auf diesen Fall: Der T\u00e4ter mu\u00df ein rechtsradikaler ausl\u00e4nderhassender Deutscher sein. Auch die seri\u00f6sen Medien (wie FAZ, Fokus, Spiegel, Stern, S\u00fcddeutsche, Tagesschau, taz, Welt, Zeit) verbreiten Unwahrheiten (Hakenkreuze, Naziparolen am Tatort) und weisen den Mord unisono dem rechten, rassistischen Milieu vorort zu. Volker Beck (MdB, die Gr\u00fcnen) verklagt die s\u00e4chsische Polizei wegen Strafvereitelung im Amt, weil sie den vermeintlich rechtsradikalen T\u00e4ter nicht umgehend gefasst hat.<br \/>\nDie Aufkl\u00e4rung der Tat am 22.1.2015 meldet die Presse \u2013 im Gegensatz zur Ver\u00fcbung \u2013 nat\u00fcrlich nicht auf der ersten Seite, denn als T\u00e4ter wurde ein 26j\u00e4hrigen Eritr\u00e4er gefasst, der den Landsmann mit einem Messer in den Hals erstochen hat. F\u00fcr die entt\u00e4uschten Gutmenschen der falsche T\u00e4ter. Seri\u00f6ser Journalismus trennt zwischen Info und Meinung und meidet Vorverurteilung auch beim Kommentar. Hier fehlt beides \u2013 leider.<br \/>\n22.1.2015<\/p>\n<p>&nbsp;<\/p>\n","protected":false},"excerpt":{"rendered":"<p>Home &gt;Kultur &gt;Medien &gt;Zeitung &gt;Vorverurteilung Listenauswahl eines Beitrags (Artikel\/Datum, Seite\/Inhalt):\u00a0Klicken\u00a0oder scrollen EU-Sanktionen vs Jacques Baud\u00a0(19.12.2025) Freispruch f\u00fcr Michael Ballweg\u00a0(31.7.2025) Hakenkreuze schmieren, um auf die rechte Gefahr aufmerksam zu machen (29.7.2025) Pakistaner t\u00e4uscht rechtsextremen Brandanschlag vor \u2013 sieben Jahre Haft (28.7.2025) &hellip; <a href=\"https:\/\/www.freiburg-schwarzwald.de\/blog\/kultur\/medien\/vorverurteilung\/\">Weiterlesen <span class=\"meta-nav\">&rarr;<\/span><\/a><\/p>\n","protected":false},"author":2,"featured_media":0,"parent":678,"menu_order":0,"comment_status":"open","ping_status":"closed","template":"","meta":{"footnotes":""},"class_list":["post-59252","page","type-page","status-publish","hentry"],"_links":{"self":[{"href":"https:\/\/www.freiburg-schwarzwald.de\/blog\/wp-json\/wp\/v2\/pages\/59252","targetHints":{"allow":["GET"]}}],"collection":[{"href":"https:\/\/www.freiburg-schwarzwald.de\/blog\/wp-json\/wp\/v2\/pages"}],"about":[{"href":"https:\/\/www.freiburg-schwarzwald.de\/blog\/wp-json\/wp\/v2\/types\/page"}],"author":[{"embeddable":true,"href":"https:\/\/www.freiburg-schwarzwald.de\/blog\/wp-json\/wp\/v2\/users\/2"}],"replies":[{"embeddable":true,"href":"https:\/\/www.freiburg-schwarzwald.de\/blog\/wp-json\/wp\/v2\/comments?post=59252"}],"version-history":[{"count":6,"href":"https:\/\/www.freiburg-schwarzwald.de\/blog\/wp-json\/wp\/v2\/pages\/59252\/revisions"}],"predecessor-version":[{"id":143165,"href":"https:\/\/www.freiburg-schwarzwald.de\/blog\/wp-json\/wp\/v2\/pages\/59252\/revisions\/143165"}],"up":[{"embeddable":true,"href":"https:\/\/www.freiburg-schwarzwald.de\/blog\/wp-json\/wp\/v2\/pages\/678"}],"wp:attachment":[{"href":"https:\/\/www.freiburg-schwarzwald.de\/blog\/wp-json\/wp\/v2\/media?parent=59252"}],"curies":[{"name":"wp","href":"https:\/\/api.w.org\/{rel}","templated":true}]}}