{"id":59117,"date":"2016-02-05T21:45:46","date_gmt":"2016-02-05T20:45:46","guid":{"rendered":"https:\/\/www.freiburg-schwarzwald.de\/blog\/?page_id=59117"},"modified":"2026-04-10T11:08:01","modified_gmt":"2026-04-10T09:08:01","slug":"feminismus","status":"publish","type":"page","link":"https:\/\/www.freiburg-schwarzwald.de\/blog\/selbsthilfe\/frauen\/feminismus\/","title":{"rendered":"Feminismus"},"content":{"rendered":"<p>Home &gt;<a title=\"Selbsthilfe\" href=\"https:\/\/www.freiburg-schwarzwald.de\/blog\/selbsthilfe\/\">Selbsthilfe<\/a> &gt;<a title=\"Frauen\" href=\"https:\/\/www.freiburg-schwarzwald.de\/blog\/selbsthilfe\/frauen\/\">Frauen<\/a> &gt;<a title=\"Maenner\" href=\"https:\/\/www.freiburg-schwarzwald.de\/blog\/selbsthilfe\/maenner\/\">Maenner<\/a> &gt;<a title=\"Gender\" href=\"https:\/\/www.freiburg-schwarzwald.de\/blog\/selbsthilfe\/frauen\/gender\/\">Gender<\/a>\u00a0&gt;Feminismus<\/p>\n<div id=\"attachment_58976\" style=\"width: 647px\" class=\"wp-caption alignnone\"><a href=\"https:\/\/www.freiburg-schwarzwald.de\/blog\/kultur\/kunst\/textilart\/winter-eberesche-pan160125\/\" rel=\"attachment wp-att-58976\"><img loading=\"lazy\" decoding=\"async\" aria-describedby=\"caption-attachment-58976\" class=\"size-full wp-image-58976\" src=\"https:\/\/www.freiburg-schwarzwald.de\/blog\/wp-content\/uploads\/2015\/07\/winter-eberesche-pan160125.jpg\" alt=\"Winter Eberesche 25.1.2016\" width=\"637\" height=\"312\" srcset=\"https:\/\/www.freiburg-schwarzwald.de\/blog\/wp-content\/uploads\/2015\/07\/winter-eberesche-pan160125.jpg 637w, https:\/\/www.freiburg-schwarzwald.de\/blog\/wp-content\/uploads\/2015\/07\/winter-eberesche-pan160125-180x88.jpg 180w\" sizes=\"auto, (max-width: 637px) 100vw, 637px\" \/><\/a><p id=\"caption-attachment-58976\" class=\"wp-caption-text\">Winter Eberesche 25.1.2016<\/p><\/div>\n<p>.<\/p>\n<ul>\n<li><em>Listenauswahl eines Beitrags (Artikel\/Datum, Seite\/Inhalt):\u00a0<span style=\"text-decoration: underline;\">Klicken<\/span>\u00a0oder scrollen<\/em><\/li>\n<li><a href=\"https:\/\/www.freiburg-schwarzwald.de\/blog\/selbsthilfe\/maenner\/mann-frau\/\">Mann und Frau: Angespanntes Verh\u00e4ltnis<\/a>\u00a0(3.4.2026)<\/li>\n<li><a href=\"https:\/\/www.freiburg-schwarzwald.de\/blog\/vergewaltigung-virtuell-digital\/\">Vergewaltigung: virtuell digital<\/a>\u00a0(24.3.2026)<\/li>\n<li><a href=\"https:\/\/www.freiburg-schwarzwald.de\/blog\/engagement\/zukunft\/demokratie\/gleichheit\/gleichheitswahn\/\">Anna-Maria Scherer: Der Gleichheitswahn \u2013 Interview<\/a>\u00a0(21.11.2025)<\/li>\n<li>Migrantengewalt: Der falsche Feminismus (8.9.2025)<\/li>\n<li><a href=\"https:\/\/www.freiburg-schwarzwald.de\/blog\/religion\/islam\/islam-maedchen\/\">Zeinab Herz: Die Ganzk\u00f6rperverschleierung f\u00fcr Kinder bei Otto und Co. ist ein Alarmsignal<\/a>\u00a0(30.8.2025)<\/li>\n<li>Linker Feminismus: \u201eDas Problem ist M\u00e4nnlichkeit und nicht Migration\u201c (10.3.2025)<\/li>\n<li><a href=\"https:\/\/www.freiburg-schwarzwald.de\/blog\/selbsthilfe\/maenner\/\">Ayaan Hirsi Ali: Polit-Differenzen von M\u00e4nnern und Frauen<\/a>\u00a0(18.10.2024)<\/li>\n<li><a href=\"https:\/\/www.freiburg-schwarzwald.de\/blog\/engagement\/zukunft\/demokratie\/quoten\/\">Peter Hahne zu Frauenbewegung und Weltfrauentag<\/a> (6.9.2023)<\/li>\n<li><a href=\"https:\/\/www.freiburg-schwarzwald.de\/blog\/kultur\/kunst\/loretta\/\">Agatha statt Loretta: Wieder sorgt in Freiburg eine Holzskulptur f\u00fcr Aufregung<\/a>\u00a0(10.3.2023)<\/li>\n<li><a href=\"https:\/\/www.freiburg-schwarzwald.de\/blog\/engagement\/zukunft\/demokratie\/denunziation\/\">Demokratie braucht keine Denunzianten \u2013 und keine \u00abAntifeminismus\u00bb-Meldestelle<\/a> (12.2.2023)<\/li>\n<li><a href=\"https:\/\/www.freiburg-schwarzwald.de\/blog\/business\/gesund\/lebensschutz\/\">Birgit Kelle in Schw\u00e4bisch Gm\u00fcnd: Kongress \u201eLeben.W\u00fcrde\u201c<\/a>\u00a0(28.10.2022)<\/li>\n<li><a href=\"https:\/\/www.freiburg-schwarzwald.de\/blog\/geschlechtsaenderung-mit-14\/\">Geschlechts\u00e4nderung mit 14?<\/a>\u00a0(14.4.2022)<\/li>\n<li><a href=\"https:\/\/www.freiburg-schwarzwald.de\/blog\/selbsthilfe\/krise\/gewalt\/wuerzburg2021messermorde\/\">W\u00fcrzburg: Migrant sticht ausschlie\u00dflich auf Frauen ein \u2013 Femizid<\/a>\u00a0(29.6.2021)<\/li>\n<li><a href=\"https:\/\/www.freiburg-schwarzwald.de\/blog\/selbsthilfe\/frauen\/femizid\/\">Bek\u00e4mpfung von Gewalt gegen Frauen \u2013 Bundestag 19.11.2020<\/a>\u00a0(19.11.2020)<\/li>\n<li>Generation Beleidigt &#8211; der postmoderne linke Feminismus (9.11.2020)<\/li>\n<li><a title=\"Gewalt gegen Frauen nimmt zu\" href=\"https:\/\/www.freiburg-schwarzwald.de\/blog\/gewalt-gegen-frauen-nimmt-zu\/\">Gewalt gegen Frauen nimmt zu<\/a>\u00a0(15.8.2020)<\/li>\n<li><a title=\"Trans\" href=\"https:\/\/www.freiburg-schwarzwald.de\/blog\/selbsthilfe\/frauen\/gender\/trans\/\">Geraubte Weiblichkeit \u2013 Trans-Feminismus \u2013 Joanne Rowling<\/a>\u00a0(19.6.2020)<\/li>\n<li>Kastrierender Feminismus &#8211; Jungen wollen M\u00e4dchen sein (29.11.2019)<\/li>\n<li><a title=\"Hochschulen-Freiheit\" href=\"https:\/\/www.freiburg-schwarzwald.de\/blog\/bildung\/hochschulen-freiheit\/\">Alice Schwarzer angegriffen an Kunsthochschule Wien<\/a> (26.11.2019)<\/li>\n<li><a title=\"Rechtsstaat\" href=\"https:\/\/www.freiburg-schwarzwald.de\/blog\/selbsthilfe\/soziales\/justiz\/rechtsstaat\/\">Der verh\u00f6hnte Rechtsstaat \u2013\u00a0Emma entlarvt ZdM von Mazyek<\/a>\u00a0 (19.11.2019)<\/li>\n<li><a title=\"Abtreibung\" href=\"https:\/\/www.freiburg-schwarzwald.de\/blog\/selbsthilfe\/frauen\/abtreibung\/\">Birgit Kelle: Von K\u00fcken und Kindern<\/a> (29.6.2019)<\/li>\n<li><a href=\"https:\/\/www.freiburg-schwarzwald.de\/blog\/manchmal-schweige-ich-mit-16\/\">https:\/\/www.freiburg-schwarzwald.de\/blog\/manchmal-schweige-ich-mit-16\/<\/a>\u00a0(25.5.2019)<\/li>\n<li>Noch einmal zu Alice Schwarzer (15.5.2019)<\/li>\n<li>Feminismus versus Islam &#8211; Gr\u00fcnLinke kapieren es nicht (25.1.2018)<\/li>\n<li>Ayaan Hirsi Ali: Feministinnen tun nichts gegen muslimische Vergewaltiger (13.7.2016)<\/li>\n<li>Der moderne Mann hat bei Frauenjagd durch Fl\u00fcchtlinge in K\u00f6ln versagt (5.2.2016)<\/li>\n<li><a href=\"https:\/\/www.freiburg-schwarzwald.de\/blog\/aufschrei-feminismus-sexismus\/\">https:\/\/www.freiburg-schwarzwald.de\/blog\/aufschrei-feminismus-sexismus\/<\/a> (5.4.2014)<\/li>\n<\/ul>\n<ul>\n<li><a title=\"Abtreibung\" href=\"https:\/\/www.freiburg-schwarzwald.de\/blog\/selbsthilfe\/frauen\/abtreibung\/\">Abtreibung<\/a><\/li>\n<li><a title=\"Erotik\" href=\"https:\/\/www.freiburg-schwarzwald.de\/blog\/selbsthilfe\/frauen\/erotik\/\">Erotik<\/a><\/li>\n<li><a href=\"https:\/\/www.freiburg-schwarzwald.de\/blog\/selbsthilfe\/frauen\/femizid\/\">Femizid<\/a><\/li>\n<li><a title=\"Frauenrechte\" href=\"https:\/\/www.freiburg-schwarzwald.de\/blog\/global\/integration\/frauenrechte\/\">Frauenrechte \u2013 Integration<\/a><\/li>\n<li><a title=\"Frauen-Iran\" href=\"https:\/\/www.freiburg-schwarzwald.de\/blog\/global\/iran\/frauen-iran\/\">Frauen im Iran<\/a><\/li>\n<li><a title=\"Frauenproteste\" href=\"https:\/\/www.freiburg-schwarzwald.de\/blog\/selbsthilfe\/frauen\/frauenproteste\/\">Frauenproteste<\/a><\/li>\n<li><a title=\"Gender\" href=\"https:\/\/www.freiburg-schwarzwald.de\/blog\/selbsthilfe\/frauen\/gender\/\">Gender Mainstreaming<\/a>\u00a0&gt;Gender<\/li>\n<li><a title=\"Islam-Frauen\" href=\"https:\/\/www.freiburg-schwarzwald.de\/blog\/religion\/islam\/islam-frauen\/\">Islam-Frauen<\/a><\/li>\n<li><a href=\"https:\/\/www.freiburg-schwarzwald.de\/blog\/religion\/islam\/islam-maedchen\/\">Islam-M\u00e4dchen<\/a><\/li>\n<li><a title=\"Koeln-Silvester2015\" href=\"https:\/\/www.freiburg-schwarzwald.de\/blog\/global\/integration\/koeln-silvester2015\/\">Koeln-Silvester<\/a><\/li>\n<li><a title=\"Links\" href=\"https:\/\/www.freiburg-schwarzwald.de\/blog\/engagement\/zukunft\/demokratie\/links\/\">Links<\/a><\/li>\n<li><a title=\"Maedchen\" href=\"https:\/\/www.freiburg-schwarzwald.de\/blog\/selbsthilfe\/kinder\/maedchen\/\">M\u00e4dchen<\/a><\/li>\n<li><a title=\"Maenner\" href=\"https:\/\/www.freiburg-schwarzwald.de\/blog\/selbsthilfe\/maenner\/\">M\u00e4nner<\/a><\/li>\n<li><a href=\"https:\/\/www.freiburg-schwarzwald.de\/blog\/selbsthilfe\/maenner\/mann-frau\/\">Mann-Frau<\/a><\/li>\n<li><a title=\"Sexuellermissbrauch\" href=\"https:\/\/www.freiburg-schwarzwald.de\/blog\/selbsthilfe\/krise\/sexuellermissbrauch\/\">SexuellerMissbrauch<\/a><\/li>\n<li><a title=\"Trans\" href=\"https:\/\/www.freiburg-schwarzwald.de\/blog\/selbsthilfe\/frauen\/gender\/trans\/\">Trans(-Feminismus)<\/a><\/li>\n<li><a title=\"Zwangsheirat\" href=\"https:\/\/www.freiburg-schwarzwald.de\/blog\/selbsthilfe\/frauen\/zwangsheirat\/\">Zwangsheirat \u2013 Arrangierte Ehe<\/a><\/li>\n<\/ul>\n<p>&nbsp;<\/p>\n<p><em><strong>&#8222;Aber das Geschlecht steht hier,<\/strong><\/em><br \/>\n<em><strong>beim Feminismus wohlgemerkt,<\/strong><\/em><br \/>\n<em><strong>gar nicht mehr im Vordergrund,<\/strong><\/em><br \/>\n<em><strong>sondern die religi\u00f6se (Islam-)Zugeh\u00f6rigkeit&#8220;<\/strong><\/em><br \/>\nFiruze B.<br \/>\n========================================================<\/p>\n<p>.<\/p>\n<p><strong>Migrantengewalt: Der falsche Feminismus<\/strong><br \/>\nDie grausamste Form von Gleichheit: Ein Land, das seine B\u00fcrger nicht mehr sch\u00fctzt<br \/>\nDer Staat w\u00e4lzt seine Verantwortung auf Familien und Eltern ab. Das ist der wahre Bruch des Gesellschaftsvertrags. Der Bruch mit unserer freiheitlich-demokratischen Ordnung. Denn ohne Sicherheit gibt es keine Freiheit \u2013 sondern Anarchie. Und das war nie der Deal.<br \/>\nDieser Bruch wird versch\u00e4rft durch ein weiteres Schweigen: den Feminismus unserer Zeit. W\u00e4hrend der Staat seine Schutzpflicht verr\u00e4t, verliert auch der Feminismus seine Stimme. Er diskutiert \u00fcber Quoten, Vorst\u00e4nde, Karrierewege, Sprache, Repr\u00e4sentation.<\/p>\n<p>Aber er redet zu wenig \u00fcber Gewalt, Sicherheit, Schutz \u2013 die elementarsten Rechte, ohne die alles andere nichts wert ist. Er blendet blinde Flecken aus: den Import frauenfeindlicher Strukturen, die Realit\u00e4t von Gruppenvergewaltigungen, Ehrenmorden, allt\u00e4glicher Gewalt. Zu oft werden diese Themen verdr\u00e4ngt, weil sie politisch \u201eheikel\u201c sind. Er ist abgekoppelt von der Basis: Akademikerinnen, Politikerinnen, Journalistinnen diskutieren \u00fcber Aufsichtsr\u00e4te und Gender-Sternchen. Aber die Frauen, die abends im Bus sitzen, die Kinder allein gro\u00dfziehen, die in prek\u00e4ren Jobs arbeiten \u2013 ihre Sicherheit, ihre Sorgen kommen kaum vor. Und er schweigt dort, wo es weh tut: Wenn Gewalt von Migranten oder in Parallelgesellschaften ausgeht, wird weggesehen \u2013 aus Angst, als \u201erechts\u201c zu gelten. So werden Opfer unsichtbar gemacht, gerade die Schw\u00e4chsten.<br \/>\n\u201eDie Stra\u00dfen sind f\u00fcr Frauen nicht sicher \u2026 W\u00e4hrend wir Angst haben, alleine zu reisen oder zu pendeln, wird von uns erwartet, f\u00fcr unsere eigene Sicherheit verantwortlich zu sein \u2013 und wir werden beschuldigt, wenn wir versagen.\u201c Lina AbiRafeh, libanesisch-amerikanische Frauenrechtsexpertin, ehemalige Direktorin des Arab Institute for Women und langj\u00e4hrige UN-Mitarbeiterin.<br \/>\nDiese Diagnose gilt nicht nur im globalen S\u00fcden, sondern auch hier. Alice Schwarzer, die bekannteste deutsche Feministin, kritisierte schon 2022: \u201eW\u00e4hrend \u00fcber Gender-Sternchen gestritten wird, werden Frauen vergewaltigt, bedroht und get\u00f6tet\u201c. Der Feminismus der Gegenwart k\u00e4mpft an der Spitze \u2013 und schweigt an der Basis. Er feiert Privilegien, aber vergisst Schutz.<br \/>\nDer wahre Lackmustest f\u00fcr Gleichberechtigung ist nicht die Zahl von Frauen in Vorst\u00e4nden. Er ist banal, aber entscheidend: Kann eine Frau nachts ohne Angst nach Hause gehen? Die Antwort lautet: Nein, schon lange nicht mehr.<br \/>\nGenau deswegen begann ich 2018 meine Stimme zu erheben und \u00f6ffentlich zu schreiben: \u201eDer Tag, an dem mich Deutschland verlassen hat.\u201c Ich meinte damit nicht die T\u00e4ter allein, sondern die Antwort des Staates: \u201eGehen Sie am besten weiter.\u201c In diesem Satz liegt alles \u2013 das Wegsehen, das Abw\u00e4lzen, das Schweigen. Damals war es eine Erfahrung. Heute ist es Realit\u00e4t f\u00fcr eine ganze Gesellschaft.<br \/>\n&#8230; Alles vom 4.9.2025 von Firuze B. bitte lesen auf<br \/>\n<a href=\"https:\/\/www.tichyseinblick.de\/meinungen\/ein-land-das-seine-buerger-nicht-mehr-schuetzt\/\">https:\/\/www.tichyseinblick.de\/meinungen\/ein-land-das-seine-buerger-nicht-mehr-schuetzt\/<\/a><\/p>\n<p>&nbsp;<\/p>\n<p>&nbsp;<\/p>\n<p><strong>Linker Feminismus: \u201eDas Problem ist M\u00e4nnlichkeit und nicht Migration\u201c<\/strong><br \/>\n&#8230; Am Weltfrauentag, einem Tag, an dem L\u00f6sungen zur Verbesserung der Sicherheit von Frauen in Deutschland im Mittelpunkt stehen sollten, zeigte der linke Feminismus sein wahres Gesicht. Die Demo \u201eInternationaler feministischer Kampftag\u201c in Berlin wurde kurzerhand zu einer Israel-Hass-Demonstration umfunktioniert. Dabei wurden deutsche Polizisten als Nazis, Faschisten und M\u00f6rder beschimpft und k\u00f6rperlich angegriffen. Ihre Verteidigung wird nun in den Medien als Polizeigewalt dargestellt. So agieren linke Feministen \u2013 die Sicherheit von Frauen hat keinen Platz zwischen dem Kampf f\u00fcr Minorities, Pal\u00e4stina oder \u201eFight the system\u201c.<br \/>\nStattdessen beginnen sich Menschen in einem eigentlich freien Deutschland einzuschr\u00e4nken. Ein Konzertbesuch, ein Bummel durch die Einkaufsstra\u00dfe oder eine sp\u00e4te Heimfahrt mit der U-Bahn \u2013 all dies wird sorgf\u00e4ltig abgewogen. Besonders der \u00f6ffentliche Nahverkehr ist ein Brennpunkt der Kriminalit\u00e4t. Statistiken belegen, dass die meisten Gewaltdelikte an Bahnh\u00f6fen und in Z\u00fcgen stattfinden. Politiker wollen das Problem l\u00f6sen, ohne das Thema Migration zu benennen. F\u00fcr viele bedeutet die einzige L\u00f6sung daher: Segregation.<br \/>\n&#8230;<br \/>\nDie gr\u00fcne Politikerin Antje Kapek will ebenfalls durch Segregation f\u00fcr mehr Sicherheit sorgen. Sie schl\u00e4gt vor, in Berliner U-Bahnen separate Waggons f\u00fcr Frauen einzuf\u00fchren. Diese Idee ist aus Japan bekannt, wird jedoch von vielen Politikern aufgrund von Gleichberechtigungsbedenken kritisch gesehen. Zudem stellt sich eine pragmatische Frage: Wer hindert einen Mann daran, in ein Frauenabteil einzusteigen, wenn linke Feministen nicht einmal definieren k\u00f6nnen, was eine Frau ist?<br \/>\nRolf Wiedenhaupt, Verkehrsexperte der AfD-Hauptstadtfraktion, erinnert die Gr\u00fcnen an die Realit\u00e4t: \u201eDie Forderung nach reinen Frauenwagen bei der U-Bahn ist absurd und geht am Problem vorbei. Sicherheit schafft man nicht durch Separierung der Opferkategorien, sondern durch konsequentes Durchgreifen gegen\u00fcber Straft\u00e4tern sowie schnellere Verurteilungen unter Aussch\u00f6pfung des Strafma\u00dfes.\u201c<br \/>\nEin unbequemer Fakt, \u00fcber den linke Feministen ungern sprechen: Strukturelle Gewalt gegen Frauen h\u00e4ngt h\u00e4ufig mit dem kulturellen Hintergrund der T\u00e4ter zusammen. In den Statistiken tauchen Ausl\u00e4nder \u00fcberproportional oft als Tatverd\u00e4chtige auf. Von den im Jahr 2024 ermittelten 4.590 Tatverd\u00e4chtigen in Berlin hatten 1.767 \u2013 etwa 38 Prozent \u2013 keinen deutschen Pass, w\u00e4hrend der Ausl\u00e4nderanteil in der Stadt nur bei rund 27 Prozent liegt. Bereits im Juni 2024 hatte eine kleine Anfrage der AfD ergeben, dass die h\u00e4ufigsten Staatsangeh\u00f6rigkeiten der Tatverd\u00e4chtigen Syrien, Afghanistan, Tunesien und Irak waren \u2013 und eben nicht ein \u201eaustralischer Austauschstudent\u201c. Die Ver\u00f6ffentlichung von Vornamen deutscher Tatverd\u00e4chtiger best\u00e4tigte zudem, dass viele der erfassten Straft\u00e4ter einen Migrationshintergrund haben.<br \/>\n&#8230;<br \/>\nVergewaltigungen, Messerangriffe oder Femizide k\u00f6nnten drastisch reduziert werden, wenn Abschiebungen, Grenzkontrollen oder bereits geltendes Strafrecht konsequent angewendet w\u00fcrden. Doch f\u00fcr viele gilt das als Rassismus. Die Gr\u00fcnen setzen lieber auf Anpassung. Warum nicht gleich wieder zur\u00fcck an den Herd?<br \/>\n&#8230; Alles vom 10.3.2025 von Noemi Johler bitte lesen auf<br \/>\n<a href=\"https:\/\/www.tichyseinblick.de\/meinungen\/problem-ist-maennlichkeit-nicht-migration\/\">https:\/\/www.tichyseinblick.de\/meinungen\/problem-ist-maennlichkeit-nicht-migration\/<\/a><\/p>\n<p>.<\/p>\n<p><strong>Generation Beleidigt &#8211; der postmoderne linke Feminismus<\/strong><br \/>\n<em>Ich f\u00fchle mich diskriminiert, zum Gl\u00fcck!: Wie die identit\u00e4re Linke den Universalismus entsorgt<\/em><br \/>\nDie franz\u00f6sische Feministin Caroline Fourest untersucht das Movens der postmodernen Linken, in jeder Kleinigkeit eine Diskriminierung auszumachen und damit die Werte der Aufkl\u00e4rung zu verraten.<br \/>\n&#8230;.<br \/>\nDer Band mit dem Titel \u00abGeneration Beleidigt\u00bb ist keine blosse Warnung, sondern kritisiert einen zurzeit modischen Hang zum Identit\u00e4ren und Moralistischen, der zumindest in der jungen, neuen Linken l\u00e4ngst den Ton angibt und nun auch weitere gesellschaftliche Bereiche unter strengste Gesinnungsdisziplin zu stellen droht. Fourests in der Tradition der Aufkl\u00e4rung stehende Ausf\u00fchrungen wirken angesichts dessen anachronistisch.<br \/>\n&#8230;<br \/>\nFourests Erkl\u00e4rungsversuche f\u00fcr das Aufkommen der \u00abGeneration Beleidigt\u00bb bleiben indes blass. Zwar ist ihr zuzustimmen, dass das Wirken der identit\u00e4ren Linken hehren Idealen entspringt; warum die Ideen von Vielfalt und Offenheit jedoch in ihr genaues Gegenteil \u2013 Konformismus und Engstirnigkeit \u2013 umschlagen, vermag Fourest nicht \u00fcberzeugend zu ergr\u00fcnden. Das liegt wom\u00f6glich daran, dass sie bei aller Kritik an der Linken nach wie vor die gr\u00f6sste Bedrohung von rechts kommen sieht. Dem w\u00e4re entgegenzuhalten, dass sich eine Linke, die sich im Rekurs auf Identit\u00e4t vom Universalismus lossagt, gegen die zentrale Errungenschaft der westlichen Zivilisation stellt \u2013 und damit nicht weit entfernt ist von Positionen, welche die faschistische Rechte einst innehatte.<br \/>\n&#8230; Alles vom 9.11.2020 bitte lesen auf<br \/>\n<a href=\"https:\/\/www.nzz.ch\/feuilleton\/generation-beleidigt-wie-die-linke-den-universalismus-entsorgt-ld.1585016?mktcid=nled&amp;mktcval=124&amp;kid=nma_2020-11-11&amp;ga=&amp;trco=\">https:\/\/www.nzz.ch\/feuilleton\/generation-beleidigt-wie-die-linke-den-universalismus-entsorgt-ld.1585016?mktcid=nled&amp;mktcval=124&amp;kid=nma_2020-11-11&amp;ga=&amp;trco=<\/a><br \/>\n.<br \/>\n<em>Caroline Fourest: Generation Beleidigt. Von der Sprachpolizei zur Gedankenpolizei. \u00dcber den wachsenden Einfluss linker Identit\u00e4rer. Aus dem Franz\u00f6sischen von Alexander Carstiuc, Mark Feldon, Christoph Hesse. Edition Tiamat, Berlin 2020. 144 S., Fr. 31.90<\/em><\/p>\n<p>.<br \/>\n<strong>Kastrierender Feminismus &#8211; Jungen wollen M\u00e4dchen sein<\/strong><br \/>\nDie wachsende Zahl der Jungen, die lieber M\u00e4dchen sein wollen, f\u00fchrt der italienische Psychologe Claudio Ris\u00e9 nicht auf das Festsitzen im \u201efalschen K\u00f6rper\u201c zur\u00fcck, sondern auf Ichschw\u00e4che und Konformismus.<\/p>\n<p>In einer Welt, die ihnen dauernd attraktive, kluge, erfolgreiche Frauen oder attraktive, kluge, von M\u00e4nnern geschundene Frauen pr\u00e4sentiere, liege es nahe, sich auf die Seite der Sieger oder wenigstens der Guten zu schlagen. Das von Ris\u00e9 angesprochene Ph\u00e4nomen wird gelegentlich auf einen \u201ekastrierenden Feminismus\u201c zur\u00fcckgef\u00fchrt.<br \/>\n&#8230; Alles vom 29.11.2019 zu &#8222;Gegen-Aufkl\u00e4rung&#8220; bitte lesen auf JF 49\/19, Seite 17, <a href=\"https:\/\/www.jungefreiheit.de\">https:\/\/www.jungefreiheit.de<\/a><\/p>\n<p>.<\/p>\n<p><strong>Noch einmal zu Alice Schwarzer<\/strong><br \/>\n<em>Autorin Firuze B. antwortet den vielen Lesern, die ihren Beitrag kommentiert haben. <\/em><br \/>\n<em><a href=\"https:\/\/www.tichyseinblick.de\/daili-es-sentials\/zu-den-aktuellen-ereignissen-um-alice-schwarzer\/\">https:\/\/www.tichyseinblick.de\/daili-es-sentials\/zu-den-aktuellen-ereignissen-um-alice-schwarzer\/<\/a> vom 11.5.2019<\/em><br \/>\n<em>Mit gro\u00dfem Interesse habe ich die vielen Kommentare gelesen, darunter sehr analytische Gedanken. Ich versuche, m\u00f6glichst chronologisch zu antworten:<br \/>\n<\/em>\u00a0.<br \/>\n1. Alice Schwarzer galt einst als Feministin als Links-Radikale und wird heute von Links-Radikalen als \u201eRassistin\u201c beschimpft, als \u201eRechte, weil sie das Kopftuch kritisiert, das nicht angesprochen werden darf. Insofern liegt f\u00fcr mich eine Art \u201eVerrat aus den eigenen Reihen\u201c vor. Was mir pers\u00f6nlich sehr zu denken gibt, wenn bereits eine Alice Schwarzer ohne Weiteres als Rechte und Rassistin bezichtigt wird, nur um sie schnellstm\u00f6glich mundtot zu machen. Eine kleine Meinungsverschiedenheit reicht aus, um in die rechte Ecke abgeschoben zu werden, selbst dann, wenn jemand sein ganzes Leben seinen linken Idealen gewidmet hat. Ich frage: Wie ist das m\u00f6glich?<br \/>\n.<br \/>\n2. Alice Schwarzer ist eine klassische Feministin, daher war es f\u00fcr mich nur konsequent und folgerichtig, dass sie die Rolle der Frau im Islam kritisiert und das symboltr\u00e4chtige Kopftuch. Das hat sie getan \u2013 nur eben zu sp\u00e4t. Dennoch hat sie damit als Feministin ihre Integrit\u00e4t unter Beweis gestellt.<br \/>\n.<br \/>\n3. Die Sache mit der Ironie: Viele Leser konnten meinen leicht ironischen Unterton gut vernehmen und haben meinen Beitrag auch dementsprechend verstanden. F\u00fcr andere, die es anders empfunden haben, m\u00f6chte ich hinzuf\u00fcgen:<br \/>\nDie Ironie liegt f\u00fcr mich schon darin \u201everborgen\u201c, wenn Frauen heute mit Kopftuch f\u00fcr das Kopftuch schreiend und aggressiv demonstrieren \u2013 \u00fcbrigens entgegen ihrer eigenen Traditionen und Sitten, gegen eine mittlerweile \u00e4ltere Dame von 76 Jahren! Die Ironie liegt auch darin \u201everborgen\u201c, Alice Schwarzer so respektlos zu begegnen und zu verlangen, dass eine klassische Feministin, die f\u00fcr linke Ideale der Frauen- und Geschlechterrollen in der deutschen Gesellschaft gek\u00e4mpft hat, die religi\u00f6s konservativen, ja fundamentalistischen Werte ihrer neuen Kritiker mit vertreten soll: im Deckmantel von Freiheit, Emanzipation, Selbstbestimmung oder meinetwegen auch Feminismus. Hier ist ein massiver dialektischer Widerspruch vorhanden, den Schwarzer auf den Punkt bringt, daf\u00fcr nun aber ge\u00e4chtet wird \u2013 von den Linken.<br \/>\n.<br \/>\n4. Ich setze den Feminismus, den Alice Schwarzer vertritt, nicht gleich mit dem \u201eFeminismus\u201c, den diese Frauen in dem Video propagieren. Im Gegenteil, meine pers\u00f6nliche Meinung dazu ist weitaus umstrittener, als dass ich sie hier \u00e4u\u00dfern m\u00f6chte und ein neues Fass aufmachen w\u00fcrde. Eines m\u00f6chte ich nur sagen: Ja es gibt die freiwilligen Frauen, aber es gibt auch diejenigen, die es eben nicht freiwillig tun. In der islamischen Kultur existieren Hierarchien, in denen die Frau vor allem in der \u00d6ffentlichkeit dem Mann untergeordnet ist. Diese Zw\u00e4nge werden von den Frauen im Video entweder bewusst ignoriert oder unreflektiert zu ihren Gunsten in Kauf genommen werden. Sie k\u00f6nnen sich sicher sein, dass mit diesem Auftritt die junge Muslimin einen heldenhaften Status in der islamischen Gesellschaft erreicht hat, dass sie von nun an unangefochten als eine \u201egute, ehrenvolle und stolze Muslimin\u201c gilt und nur noch mehr angefeuert wird.<br \/>\nDen Preis daf\u00fcr m\u00fcssen die Frauen zahlen, die eigentlich das Kopftuch ablehnen, aber tragen m\u00fcssen. So ist es ja von nun an \u201eein Zeichen der Selbstbestimmung\u201c \u2013 ein Argument mehr f\u00fcr die islamischen Fundamentalisten, den Willen der Frauen auch ohne physische Gewalt zu brechen. Wenn sich jemand daf\u00fcr einsetzen m\u00f6chte, das Kopftuch als Zeichen der Unterdr\u00fcckung zu kritisieren, sollten sich nicht jene angesprochen f\u00fchlen, die dies freiwillig tragen. Jedoch sind es genau diese Frauen, die dazu beitragen, dass gezwungene Frauen einen nun noch schwereren und aussichtsloseren Standpunkt in ihren Gemeinschaften einnehmen m\u00fcssen: \u201eGl\u00fcckwunsch\u201d.<br \/>\n.<br \/>\n5. Wenn ich schreibe, \u201eNun sind es islamisch konservative Werte, die den leergefegten Platz der christlich konservativen Werte einnehmen.\u201c, setze ich diese Werte nicht gleich. Ich bringe zum Ausdruck, dass da, wo fr\u00fcher christlich-konservative Werte ihren Platz hatten, sie von den 68ern teilweise \u201ereformiert\u201c und teilweise ganz zerst\u00f6rt worden sind und eine L\u00fccke hinterlassen haben, in der sich nun Vertreter der islamisch\u2013konservativen Werte breit machen, unterst\u00fctzt von Linken und Gr\u00fcnen im Namen von Multi-Kulti.<br \/>\n.<br \/>\n6. Im Satz, \u201eEs sind islamisch-konservative Werte \u2013 die nun den leergefegten Platz der christlich-konservativen Werte einnehmen. Auch hier steckt eine tiefe Ironie \u2013 so \u00e4hneln sich diese Werte in ihren Grundpfeilern \u2013 nur ohne Kopftuch.\u201c, setze ich ebenfalls die Werte nicht gleich. Es ist nichts Neues, dass die Weltreligionen wie das Christentum, der Islam und das Judentum viele Gemeinsamkeiten haben, auf denen ihre Tradition und Lebenskultur beruhen.<br \/>\n.<br \/>\n7. Ich lehne nicht alle \u201eErrungenschaften\u201c der 68er per se ab. Die 68er haben jedoch auch einen tiefen und gro\u00dfen Schaden in der Kultur der deutschen Gesellschaft hinterlassen.<br \/>\n.<br \/>\n8. Ich bin kein Opfer. Aber als junges M\u00e4dchen war ich f\u00fcr die genannten Muslime \u201ekein guter Umgang\u201c, wurde als Abtr\u00fcnnige oder sogar als Hure bezeichnet, weil wir lebten \u201ewie die Deutschen\u201c. Dieser Satz war und ist in diesen Kreisen eine Beleidigung, so weh es auch tut, f\u00fcr jene, die es nicht wahr haben wollen, dass ihr Lebensstil \u2013 eben auch wegen der damals von dern 68er durchgesetzten Werte verachtet werden. Denn sie stehen f\u00fcr das Gegenteil dieser Werte. Insofern bin ich kein Opfer \u201emehr\u201c, denn ich habe mich allein und auch Dank meiner Eltern, die ebenfalls in Verruf bei den Muslimen gerieten und trotzdem zu ihren Kindern standen IN DIE deutsche Gesellschaft gek\u00e4mpft. Das war nicht einfach, denn die eigene Sozialisation legt man nicht so einfach ab, auch wenn man es m\u00f6chte.<br \/>\nAber meine Geschichte ist nur eine ganz harmlose im Gegensatz zu anderen Frauen, die auch gek\u00e4mpft haben und heute nicht mehr leben. Deswegen w\u00e4re Hilfe sch\u00f6n gewesen. Gab es aber nicht. Geklappt hat es bei mir trotzdem. Meine Kritik gilt den Feministinnen, die den Islam zu sp\u00e4t als eine Gefahr f\u00fcr den \u201ewestlichen Feminismus\u201c erkannt oder ignoriert haben, erst recht jenen, die ihn verherrlichen, obwohl es immer offensichtlich war und stattdessen heute bereits in einem Kompliment eines Mannes einer Frau gegen\u00fcber frauenverachtenden Sexismus wittern, Gentlemen zu perversen Machos machten und M\u00e4nner langsam aber sicher entmannten.<br \/>\n.<br \/>\nDiese L\u00fccke wird ebenfalls neu besetzt mit Machos und M\u00e4nnern, denen Gendersterne ebenso herzlich egal sind wie Gleichberechtigung im Sinne Schwarzers. Offensichtlich hat es vielen Linken und Gr\u00fcnen, die MultiKulti rufen, doch ziemlich gefehlt, dass ein Mann sie wie eine Frau behandelt und andersherum. Aber damit diese M\u00e4nner die Frauen sp\u00e4ter nicht aus Versehen doch unterdr\u00fccken, br\u00e4uchte es tats\u00e4chlich bald wieder eine Alice Schwarzer. Aber die ist ja nun leider eine \u201erassistische Rechte\u201c. Wer wird ihren Platz einnehmen ?<br \/>\n.<br \/>\nMein letzter Punkt: Die Ereignisse um Alice Schwarzer haben mich pers\u00f6nlich sehr erschrocken und geben mir viel zu denken und zu bef\u00fcrchten. Man muss kein Fan von Alice Schwarzer sein, um trotzdem aufzuschrecken, wenn sogar vor ihr, einem Vorbild vieler Frauen, einer Ikone des Feminismus , einer Verfechterin der Rechte von Frauen und Menschenrechten der Rassismus-Vorwurf nicht halt macht, obwohl sie eigentlich nur tat, was sie immer tat \u2013 kritisch denken und sich kritisch zu aktuellen politischen und sozialen Entwicklungen \u00e4u\u00dfern. Und das Kopftuch geh\u00f6rt offenbar zu diesen gesellschaftlich relevanten Themen.<br \/>\nWir befinden uns in Zeiten, in denen nun sogar eine Linksintellektuelle, die deutschlandweit als solche bekannt ist, eine Wegbereiterin linker Vorstellungen bez\u00fcglich der Geschlechter in der Gesellschaft, ohne mit der Wimper zu zucken als rassistisch und rechts abgestempelt werden kann, wenn sie nicht handelt und spricht wie Linke es nun gern h\u00e4tten. Hier frisst die Revolution ihre Kinder \u2013 vor allem dann, wenn sie erwachsen geworden sind und selbstst\u00e4ndig denken und leben wollen. Insofern finde ich, ist es wohl tats\u00e4chlich die Ironie des Schicksals, dass es die Fr\u00fcchte linker Ideologie und Politik, die Schwarzer einst radikal mit s\u00e4te, sind, deren Genie\u00dfer sie heute beschimpfen.<br \/>\nObwohl es im Islam immer sehr oft um Respekt und Ehrfurcht vor den \u00c4lteren geht, sah man in diesem Video ganz deutlich, wem gegen\u00fcber dieser zu gelten hat. Das Verhalten der jungen Frauen, die angeblich in einen Dialog treten wollten, zeigte nichts als Verachtung f\u00fcr Alice Schwarzer. Diese versuchte noch, die Situation aufzulockern mit einem banalen Satz, einer banalen Ber\u00fchrung. All das wurde ihr ebenfalls zum Verh\u00e4ngnis dem Medien Echo zufolge. Hier frisst die Revolution ihre M\u00fctter.<br \/>\nFrau Schwarzer hat in dieser Situation ihren Denkfehler offenbart: Sie dachte wom\u00f6glich, dass die junge Frau eigentlich mit ihr auf der selben Seite steht, weil sie eben beide Frauen sind. Aber das Geschlecht steht hier, beim Feminismus wohlgemerkt, gar nicht mehr im Vordergrund, sondern die religi\u00f6se Zugeh\u00f6rigkeit.<br \/>\nDiese Frauen kennen Alice Schwarzer nicht und das, was sie vertritt, vertreten sie nicht. Hier steht eine ganz neue Generation, die im Namen des Feminismus den Islam vertritt, religi\u00f6se Konflikte sch\u00fcrt und austr\u00e4gt, dem die deutsche Gesellschaft nichts mehr entgegenzusetzen hat.<br \/>\n&#8230;. Alles vom 16.5.2019 von Firuze B. bitte lesen auf<br \/>\n<a href=\"https:\/\/www.tichyseinblick.de\/meinungen\/noch-einmal-zu-alice-schwarzer\/\">https:\/\/www.tichyseinblick.de\/meinungen\/noch-einmal-zu-alice-schwarzer\/<\/a><br \/>\n.<br \/>\n<strong>Ich glaube bisher keiner einzigen dieser Frauen, das sie ihr Kopftuch freiwillig tr\u00e4gt.<\/strong><br \/>\nKeiner Einzigen. Denn was ich freiwillig trage, kann ich jederzeit ablegen. Ein Symbol f\u00fcr die Innere Einstellung verliert seinen Wert nicht, wenn es mal f\u00fcr einen Moment in der Schublade liegt. Ich trage ein Kreuz als Ueichen meines Glaubens. Aus Respekt vor den Mitarbeitern, die mit mir zu tun haben, wenn ich meinen Job erf\u00fclle, lege ich es ab. Dies ist tats\u00e4chlich die einzige M\u00f6glichkeit deutlich zu machen, das ich bei der Wahrnehmung meiner Pflichten bereit bin, die mir von meinem Arbeitgeber vorgegenenen Regeln vorbehaltlos einzuhalten und \u00fcber meine religi\u00f6sen Praktiken auch dann zu stellen, wenn sie sich widersprechen. Wer ein religi\u00f6ses Symbol nicht freiwillig ablegen kann gibt damit deutlich zu verstehen, das f\u00fcr diese Person die religi\u00f6sen Regeln unbedingt vorrang haben! Somit kann diese Person sich den Mund fusselig reden, es \u00e4ndert nichts an dem von ihr selbst deutlich zur Schau getragenen Fakt, das ihr religi\u00f6ses Verst\u00e4ndnis wichtiger ist als Toleranz, Rechtsprechung und ja, besonders auch Religionsfreiheit. Wenn eine Muslima gegen Protest gegen Unterdr\u00fcckung und Zw\u00e4nge durch den Islam protestiert, weil sie sich angesprochen f\u00fchlt, frage ich mich, wie sehr sie wohl selbst doch betroffen ist und ob es nicht eine verzweifelte Verleugnung dessen ist, was sie nicht wahrhaben will. Wenn mir jemand pers\u00f6nlich vorwirft, Opfer christlicher Doktrin zu sein, bin ich sehr wohl in der Lage dies an sehr schlagkr\u00e4ftigen Beispielen aus meiner eigenen Vita zu wiederlegen. Dennoch w\u00fcrde mir nicht im Traum einfallen zu versuchen, generell zu behaupten das Christentum sei ohne Fehl und es g\u00e4be keine Kritikgr\u00fcnde. Ich weise gerne mal Menschen die mir den Papst vorwerfen darauf hin, das ich Protestant bin und somit meine Position zum Papst ebenso sehr eindeutig ablehnend ist. Dennoch bin ich mir auch der Problematiken des Protestantismus bewusst und kritisiere sie selbst, besonders daher, weil ich dem als Christ in meinem Verst\u00e4ndnis der christlichen Werte entgegenstehe. Aber daf\u00fcr bin ich ja Protestant, es ist mein Verst\u00e4ndnis der Religion zu protestieren, wenn ich was nicht richtig finde, ganz wie Martin Luther. Ohne solchen Protest gint es auch keine Reformation. Wenn die Str\u00f6mungen im Islam tats\u00e4chlich nichts miteinander zu tun h\u00e4tten, w\u00fcrde ich diese \u201afreiwilligen\u2018 Kopftuchtr\u00e4gerinnen an der Seite der Kritiker erwarten, wo sie den Zwang zum Kopftuch mitverurteilen und deutlich sagen: als Vertreter eines friedlichen Glaubens verurteile ich zutiefst die verwerflichen Praktiken, die diese Menschen im Namen meiner Religion ver\u00fcben, ich werde jede geeignete Ma\u00dfnahme mittragen, die Unschuldige vor Radikalismus besch\u00fctzen kann.<br \/>\nWer dazu nicht f\u00e4hig ist, ist Teil des Problems und unterst\u00fctzt die Radikalen.<br \/>\n26.5.2019, S.B., CO<br \/>\n.<br \/>\nDie vielgeschm\u00e4hten Ossis haben wahrscheinlich schon den richtigen Riecher, wenn sie der Schwefelgestank des erneut heraufziehenden Kommunismus auf die Stra\u00dfe treibt. Sie kennen den stechenden, alles erstickenden Gestank noch von fr\u00fcher und reagieren entsprechend allergisch\u2026 reiner \u00dcberlebens-Instinkt! Und das ist auch gut so!<br \/>\nDie Causa Schwarzer folgt dem gleichen Schnittmuster wie die Aburteilung fr\u00fcherer kommunistischer R\u00e4delsf\u00fchrer als angebliche Konterrevolution\u00e4re im stalinistischen Russland. Trotzki, Berija und zahllose andere. Kann man ja alles nachlesen\u2026 Um in Ungnade zu fallen bedurfte und bedarf es nicht viel. So konnte sich auch der Linientreueste in einem Schauprozess, im Gulag oder vor dem Erschie\u00dfungskommando wiederfinden. Heute noch fester Bestandteil des Kaders, morgen schon zum Abschuss freigegebener Verr\u00e4ter.<br \/>\nImmerhin geht es ja auch immer um Macht, und zu Macht geh\u00f6rt \u2013 zumal in heutiger Zeit \u2013 die Meinungsf\u00fchrerschaft. Stigmatisieren und diffamieren geh\u00f6rt da noch zu den mildesten Formen des Machtkampfs.<br \/>\nWem die methodischen Parallelen zu kommunistischen Diktaturen noch nicht ganz klar sind, sei folgender Tipp an die Hand gegeben: \u201eBolschewiki\u201c bedeutet \u00fcbersetzt \u201edie Vielen\u201c. Noch nicht klar? #wir-sind-mehr? Jetzt vielleicht?!?!?<br \/>\n&#8230;<br \/>\nWenn ich daran denke, dass es \u2013 in Jahrzehnten gerechnet \u2013 noch nicht so lange her ist, dass eine Frau nur mit ausdr\u00fccklicher Zustimmung ihres Ehemannes eine berufliche T\u00e4tigkeit aufnehmen durfte, dann hatte \u201eder Feminismus\u201c eine gewisse Berechtigung im Sinne eines gesellschaftlichen Ringens um gleiche Rechte und Pflichten f\u00fcr M\u00e4nner und Frauen.<br \/>\nLeider hat das \u201egesellschaftliche Pendel\u201c nicht an der \u201eneutralen\u201c Stelle angehalten, wo dieser Zustand ann\u00e4hernd erreicht war. Der Schwung trug das \u201egesellschaftliche Pendel\u201c weiter, diesmal in die Zone neuer Ungerechtigkeiten und \u2013 mit Blick auf den gesellschaftlichen Zusammenhalt, deren Fortbestehen \u2013 auch Unsinnigkeiten.<br \/>\nWie jede Form der Revolution tr\u00e4gt auch der Feminismus in sich das zerst\u00f6rerische Element, dass \u201edie Bewegung\u201c nicht wei\u00df, wann es gut ist. Auf Basis eines fortdauernden Opferstatus wird der Wirkungs- und Forderungsbereich immer weiter und immer dreister ausgedehnt, bis \u201edie Revolution\u201c sogar \u201eihre eigenen Kinder \u2013 oder, siehe Schwarzer, die Eltern \u2013 frisst\u201c.<br \/>\nOrwell hat das recht anschaulich in \u201eAnimal Farm\u201c beschrieben: Gemeinsam gegen die Ungerechtigkeit angetreten, profitieren einige mehr davon als andere, schwingen sich zu den neuen Herrn auf, wenden sich sogar gegen die einstigen Mitstreiter. Nein, nicht nur das: Sie w\u00fcten anschlie\u00dfend oft gnadenloser als der zuvor gemeinsam gest\u00fcrzte blutd\u00fcrstende Regent!<br \/>\nLeider bildet der Feminismus bei dieser grausigen Tradition keine Ausnahme! Frauen sind nach meiner Wahrnehmung \u2013 leider! \u2013 auch nicht empathie-begabter als M\u00e4nner. Gift t\u00f6tet vielleicht leiser, aber genauso zuverl\u00e4ssig und menschenverachtend wie die mit viel Gebr\u00fcll geschwungene Keule.<br \/>\n15.5.2019, M.H.L., CO<br \/>\n.<br \/>\n<strong>Im Namen des Islam den Feminismus vertreten<\/strong><br \/>\nF\u00fcr mich beschreibt dieser Satz den gesellschaftlichen Konflikt am besten: \u201eDiese Frauen kennen Alice Schwarzer nicht und das, was sie vertritt, vertreten sie nicht. Hier steht eine ganz neue Generation, die im Namen des Feminismus den Islam vertritt, religi\u00f6se Konflikte sch\u00fcrt und austr\u00e4gt, dem die deutsche Gesellschaft nichts mehr entgegenzusetzen hat.\u201c<br \/>\nIch erg\u00e4nze: \u2026. und wer dem etwas entgegensetzt, wird in die rechte Ecke verdammt.<br \/>\n15.5.2019, AC, CO<br \/>\n.<br \/>\n<strong>Es stehen sich auch zwei Formen des sog. Feminismus diametral gegen\u00fcber:<\/strong><br \/>\nDiejenigen, die weiterhin ihre einheimischen Gewohnheiten seit Jahrzehnten leben (in D), das reicht vom Sicher-in-\u00d6ffis-Fahren, trotz hoher Haxen und R\u00f6ckchen von der Party aus nicht als Freiwild behandelt werden oder bespuckt\/begrabscht zu werden, bis zu denjenigen, die ihre \u201aWeiblichkeit\u2018 gerne mit T\u00fcchern verdecken, und auch DAS als Ausdruck ihres Rechts sehen und sich daher als Feministinnen glauben.<br \/>\nNur haben meiner Ansicht nach diese beiden Gruppen gar nichts miteinander gemeinsam. Diejenigen, die wie wir weiter so leben m\u00f6chten, wie WIR es seit Langem tun, sollen weiter so leben k\u00f6nnen \u2013 und zwar unbehelligt von denen, die Kopft\u00fccher und sonstige Verh\u00fcllungen tragen. Wenn diese eingemummelten Frauen es so wollen und das deren Auffassung von \u201aFeminismus\u2018 ist\u2026 Bitte, gerne. Aber dann in den L\u00e4ndern, in denen das als normal gilt. Und wenn sie das dort als \u201aFeminismus\u2018 bezeichnen, hat es weiterhin nichts damit zu tun, was WIR darunter mittlerweile als selbstverst\u00e4ndlich verstehen. Das funktioniert einfach nicht, denn es hat mit unserer Lebensweise NULL zu tun, auch wenn es einige wenige laut schreiende Neo-\u201aFeministinnen gerne so sehen.<br \/>\n15.5.2019, S.W., CO<br \/>\n.<br \/>\n<strong>&#8230; ich f\u00fchle mich einfach unwohl<\/strong><br \/>\nMir ist eigentlich egal, ob die Frauen doch Kopftuch freiwillig tragen oder nicht. F\u00fcr mich geh\u00f6rt es nicht nach Deutschland und ich f\u00fchle mich nicht wohl diese Frauen ansehen zu m\u00fcssen.<br \/>\n15.5.2019, A.B.<br \/>\n.<br \/>\n<strong>Muslime schingen die Nazi-Keule<\/strong><br \/>\n\u201cEine kleine Meinungsverschiedenheit reicht aus, um in die rechte Ecke abgeschoben zu werden, selbst dann, wenn jemand sein ganzes Leben seinen linken Idealen gewidmet hat. Ich frage: Wie ist das m\u00f6glich?\u201c<br \/>\nIn migrantischen Kreisen hat man schon lange verstanden, dass die Nazikeule sich wunderbar eignet, seine eigenen, im Grunde auch sehr rechten muslimischen Ideen des Zusammen- bzw. Aneinandervorbeilebens durchzusetzen. Genau das tun die Kopftuchm\u00e4dchen dort. Ihre Attit\u00fcde unterscheidet sich dabei in nichts von dre vieler Teeniem\u00e4dels (bio und migruhu), mit denen ich beruflich in Kontakt kommen darf. Fr\u00fcher nannte man sowas Proll. Mit Politik hat das gar nicht so viel zu tun.<br \/>\n15.5.2019, FAW, CO<\/p>\n<p>&nbsp;<\/p>\n<p>.<\/p>\n<p><strong>Feminismus versus Islam &#8211; Gr\u00fcnLinke kapieren es nicht<\/strong><br \/>\nEs liegt schlichtweg im Begriff ungeteilter Freiheit (der Frauen) begr\u00fcndet, von dem heutige linke Identit\u00e4tspolitik keine Ahnung mehr hat, dass diejenigen, deren Politik auf diese eine, gemeinsame und universalistisch zu sichernde Freiheit zielt, ganz automatisch gemeinsame Interessen verfolgen.<br \/>\nDass bedeutende Teile der Linken und Gr\u00fcnen dies nicht begreifen wollen, verwundert nicht, hofiert doch beispielsweise Claudia Roth lieber das iranische Mullahregime, anstatt ihren Geschlechtsgenossinnen zur Seite zu stehen. Dass sie dem\u00fctig und unterw\u00fcrfig das Kopftuch aufsetzt und sich trotzdem f\u00fcr feministisch h\u00e4lt, ist in Anbetracht der Tatsache, dass im Iran nach Durchsetzung der Kopftuchpflicht in den Achtzigern junge, politisch gefangen genommene Frauen vor ihrer Exekution vergewaltigt wurden und dies deshalb, weil gem\u00e4\u00df der islamischen Lehre der Mullahs Jungfrauen ins Paradies k\u00e4men, nur ein bisschen weniger grotesk und verkommen als jene schwedischen, f\u00fcr eine \u201efeministische Au\u00dfenpolitik\u201c stehenden Politikerinnen, die ihrer Aufwartung des iranischen Regimes durch die Verh\u00f6hnung iranischer, islamkritischer Feministinnen noch die Krone aufsetzten. Ihnen allen w\u00e4ren jene Fotografien zu zeigen, die gerade in ihrer Stille und Unaufdringlichkeit deutlicher nicht machen k\u00f6nnten, dass die Freiheit zerbrechlich ist und der Islam sie bedroht. &#8230; Alles von Felix Perrefort vom 25.1.2018 bitte lesen auf<br \/>\n<a href=\"https:\/\/www.achgut.com\/artikel\/der_sieg_ueber_den_islam_wird_weiblich_sein\">https:\/\/www.achgut.com\/artikel\/der_sieg_ueber_den_islam_wird_weiblich_sein<\/a><\/p>\n<p><em>Felix Perrefort lebt und arbeitet in Berlin, er hat einen Bachelor in Filmwissenschaft und einen Master in Kulturwissenschaft.<\/em><\/p>\n<p>&nbsp;<\/p>\n<p>&nbsp;<\/p>\n<p>&nbsp;<\/p>\n<p><strong>Ayaan Hirsi Ali: Feministinnen tun nichts gegen muslimische Vergewaltiger<\/strong><\/p>\n<p><em>Ayaan Hirsi Ali als international anerkannte Frauenrechtlerin lehrt in Harvard und darf den folgenden Text in Deutschland ver\u00f6ffentlichen &#8211; als Video auf Englisch, ungestraft, wenn auch zu bef\u00fcrchten ist, dass extrem linke Feministinnen ihr vorwerfen k\u00f6nnten, vom wahren Islam abgefallen zu sein und diesen deshalb verbal verunglimpfen zu wollen. Ohne Hinweis auf Frau Ali&#8217;s Autorenschaft w\u00fcrde der Text zerrissen und allen Keulen unserer Political Correctness-gef\u00e4rbten Diskussionskultur ausgesetzt: Rassismus- , Fremdenfeindlichkeits-, AfD-, Pauschalisierungs-, Nazi-, Islamophobie- wie Diskriminierungs-Keule. <\/em><br \/>\n<em>Ayaan Hirsi Ali spricht in diesem Video \u00fcber die Rechte der Frauen in westlichen und muslimischen L\u00e4ndern &#8211; und sie warnt vor der Gefahr, dass im Zuge der Masseneinwanderung nach Europa Mi\u00dfst\u00e4nde, die als \u00fcberwunden galten, importiert werden. Zudem kritisiert sie die Rolle der meisten westlichen Feministinnen und h\u00e4lt die Silvesternacht in K\u00f6ln f\u00fcr ein Menetekel. Der Kampf sei nicht entschieden.<\/em><\/p>\n<p>The current situation in Europe is deeply troubling: not only are Muslim women within Europe subject to considerable oppression in many ways, such norms now risk spreading to non-Muslim women who face harassment from Muslim men.<br \/>\nOne would think that Western feminists in the United States and Europe would be very disturbed by this obvious misogyny. But sadly, with few exceptions, this does not appear to be the case. Common among many Western feminists is a type of moral confusion, in which women are said to be oppressed everywhere and that this oppression, in feminist Eve Ensler\u2019s words, is \u201eexactly the same\u201c around the world; in the West just as in Pakistan, Saudi Arabia and Iran.<br \/>\nTo me, this suggests too much moral relativism and an inadequate understanding of Sharia law. It is true that the situation for women in the West is not perfect, but can anyone truly deny that women enjoy greater freedom and opportunities in the United States, France and Finland than they do in Iran, Pakistan or Saudi Arabia?<br \/>\nOther feminists have also argued that non-Western women do not need \u201esaving\u201c and that any suggestion that they \u201eneed\u201c help from Western feminists is insulting and condescending to non-Western women.<\/p>\n<p>Die derzeitige Situation in Europa ist zutiefst schwierig: Nicht nur, dass Muslima in Europa in vielerlei Hinsicht betr\u00e4chtlichen Bedrohungen ausgesetzt sind, diese Risiken betreffen auch nicht-muslimische Frauen, die nun Bedrohungen von muslimischen M\u00e4nnern ausgesetzt sind.<br \/>\nMan sollte glauben, dass westliche Feministen in den USA und Europa sehr best\u00fcrzt sind durch diesen offensichtlichen Mi\u00dfstand. Aber traurigerweise scheint dies, von wenigen Ausnahmen abgesehen, nicht der Fall zu sein. Bei westlichen Feministen \u00fcberwiegt eine Art moralischer Verwirrung, in der den Frauen eingeredet wird, \u00fcberall bedroht zu werden und dass diese Bedrohung &#8211; in den Worten der Feministin Eve Ensler &#8211; \u00fcberall in der Welt &#8222;genau die gleiche&#8220; ist, im Westen genau wie in Pakistan, Saudi Arabien und Iran. F\u00fcr mich bedeutet dies ein Zuviel an moralischem Relativieren und ein unangebrachte Auslegung der Scharia-Gesetze. Wahr ist, dass die Situation der Frauen im Westen nicht perfekt ist, aber kann irgendwer wirklich verneinen, dass Frauen sich gr\u00f6\u00dferer Freiheit und M\u00f6glichkeiten in den USA, Frankreich und Finnland erfreuen k\u00f6nnen als in Iran, Pakistan oder Saudi Arabien?<br \/>\nAndere Feministinnen haben argumentiert, dass nicht-westliche Frauen gar nicht &#8222;gerettet&#8220; werden m\u00fcssen and dass jegliche Annahme, dass sie von westlichen Feministinnen Hilfe &#8222;ben\u00f6tigen&#8220;, f\u00fcr die nicht-westlichen Frauen beleidigend und herabw\u00fcrdigend sind.<\/p>\n<p>To visit the Ayaan Hirsi Ali Foundation click here: <a href=\"https:\/\/www.theahafoundation.org\">https:\/\/www.theahafoundation.org<\/a>\/<\/p>\n<p>Das Video &#8222;Ayaan Hirsi Ali \u00fcber Relativismus und die Konfusion des Westens&#8220; auf Achgut vom 13.7.2016 ansehen:<br \/>\n<a href=\"https:\/\/www.achgut.com\/artikel\/ayaan_hirsi_ali_hoert_auf_mit_dem_relativismus_die_sache_ist_glasklar\">https:\/\/www.achgut.com\/artikel\/ayaan_hirsi_ali_hoert_auf_mit_dem_relativismus_die_sache_ist_glasklar<\/a><\/p>\n<p><a href=\"https:\/\/www.faz.net\/aktuell\/feuilleton\/debatten\/ayaan-hirsi-ali-zur-integration-muslimischer-migranten-14183665.html?printPagedArticle=true#pageIndex_2\">https:\/\/www.faz.net\/aktuell\/feuilleton\/debatten\/ayaan-hirsi-ali-zur-integration-muslimischer-migranten-14183665.html?printPagedArticle=true#pageIndex_2<\/a><\/p>\n<p>&nbsp;<\/p>\n<p>.<\/p>\n<p><strong>Der moderne Mann hat bei Frauenjagd durch Fl\u00fcchtlinge in K\u00f6ln versagt<\/strong><br \/>\nK\u00f6ln steht aber auch f\u00fcr die Gefahr, die vom postkonventionellen Mann ausgeht, also von der Abwesenheit von Mut, Heldentum, Verteidigungsbereitschaft, Besch\u00fctzerinstinkt, F\u00fcrsorglichkeit, Stolz und all diesen Dingen, deren Nichtvorhandensein der Grund daf\u00fcr ist, dass keinem der K\u00f6lner Aggressoren auch nur ein Haar gekr\u00fcmmt wurde. &#8230;. Alles vom 5.2.2016 bitte lesen auf<br \/>\n<a href=\"https:\/\/www.welt.de\/debatte\/kolumnen\/Fuhrs-Woche\/article151881162\/Der-moderne-Mann-hat-in-Koeln-versagt.html\">https:\/\/www.welt.de\/debatte\/kolumnen\/Fuhrs-Woche\/article151881162\/Der-moderne-Mann-hat-in-Koeln-versagt.html<br \/>\n<\/a>\u00a0 \u00a0.<br \/>\n<strong>Feministinnen haben (nur?) dem wei\u00dfen Mann Mut und Stolz aberzogen<\/strong><br \/>\n&#8222;Abwesenheit von Mut, Heldentum, Verteidigungsbereitschaft, Besch\u00fctzerinstinkt, F\u00fcrsorglichkeit, Stolz.&#8220;<br \/>\nGenau diese Dinge, die Herr Fuhr beim &#8222;postmodernen Mann&#8220; vermisst, gelten dank medialer Dauerindoktrination ultrafeministischer Radikalinnen seit Schwarzer bis heute Anne Wizorek als Kennzeichen r\u00fcckst\u00e4ndiger, wei\u00dfer, heterosexisitischer Machos, die in das Gesellschaftsbild kuscheliger Konsens-und Diskussionbeziehungen sich allgeschlechtlich f\u00fchlender Individuen nicht mehr passen.<br \/>\nVor einiger Zeit waren es doch die Neuen Feministinnen, angef\u00fchrt von einer Frau Wicorek, die in ihrer #Aufschrei-Kampagne erkl\u00e4rten, da\u00df selbst T\u00fcraufhalten sexistisch sei.<br \/>\n5.2.2016<br \/>\n<strong>Heldenmut im Messerkampf gegen Fl\u00fcchtlinge?<\/strong><br \/>\nHerr Fuhr, ich gestehe Ihnen gerne Heldenmut zu und wenn sich mal die Gelegenheit ergibt, gegen eine Rotte (Fl\u00fcchtlings-)Kerle anzutreten, bei denen man vermuten muss, im Messerkampf ge\u00fcbt zu sein und die entsprechenden Waffen auch mitzuf\u00fchren, dann bitte sch\u00f6n. Ich lasse Ihnen gerne den Vortritt. Au\u00dferdem warum regen Sie sich \u00fcber die Abwesenheit &#8222;Mut, Heldentum, Verteidigungsbereitschaft, Besch\u00fctzerinstinkt, F\u00fcrsorglichkeit, Stolz&#8220; auf? Unsere Gesellschaft propagiert doch immer den &#8222;metrosexuellen, verst\u00e4ndnisvollen und gef\u00fchlsbetonten Mann&#8220; der seine archaischen Instinkte &#8211; und um nichts anderes geht es hier- selbstverst\u00e4ndlich abgelegt hat f\u00fcr die Gleichberechtigung der Frau.<br \/>\n5.2.2016, Real<br \/>\n.<br \/>\n<strong>Zivilcourage gegen\u00fcber anonymen Ausl\u00e4ndern untert\u00fctzt unser Recht leider nicht<\/strong><br \/>\nSpielen wir das doch mal durch. Nun zun\u00e4chst einmal bekommt der wehrhafte m\u00e4nnliche Besch\u00fctzer ein Ermittlungsverfahren wegen K\u00f6rperverletzung mgl. sogar gef\u00e4hrlicher K\u00f6rperverletzung an den Hals. Da er mit seinem Wohnort und Personalien bekannt ist, ist er schon einmal einfach zu identifizieren. Die h\u00e4ufig unbekannten Angreifer weniger, bei diesen m\u00fcsste man sich auf deren eigene Angaben verlassen, wer sie denn seien. Im Ermittlungsverfahren wird dann gepr\u00fcft, ob er in Notwehr oder Nothilfe gehandelt hat oder ob sein Tun nicht m\u00f6glicherweise &#8222;excessiv&#8220; gewesen w\u00e4re. Eine Fehleinsch\u00e4tzung geht zu seinen Lasten. Zudem gibt es wahrscheinlich jede Menge Zeugen auf der Angreiferseite, die was ganz anderes gesehen haben wollen. Zudem ist der Name und die Anschrift des so Verd\u00e4chtigten selbst im staatsanwaltlichen Ermittlungsverfahren aktenkundig und \u00fcber einen Antrag auf Akteneinsicht, k\u00f6nnen sich die Angreifer diese Daten und diejenigen der dort benannten Zeugen inkl. der bel\u00e4stigten Frauen einfach \u00fcber ihren Anwalt beschaffen. Selbst wenn das Verfahren gegen ihn eingestellt w\u00fcrde, wovon ich jetzt einmal ausgehe, schaut er und die bel\u00e4stigten Frauen sich noch wochenlang vorsichtig um, bevor sie ihr Haus verlassen. Bis vor ein paar Wochen w\u00e4re er zudem vermutlich noch \u00f6ffentlich als &#8222;Angreifer gegen Ausl\u00e4nder&#8220; gedisst worden. Also Zivilcourage erfordert schon einiges mehr als starke Arme.<br \/>\n5.2.2016, W.Woll<\/p>\n<p><strong>Aus Zivilcourage den Kopf eintreten lassen<\/strong><br \/>\nWie soll ich das als deutscher Mann verstehen? Meine Kanzlerin l\u00e4dt allein in 2015 1,2 Millionen (inoffiziell wahrscheinlich mehr) junge, vorwiegend muslimische, vorwiegend afroarabische M\u00e4nner aus demokratie- und frauenrechtlich defizit\u00e4ren Staaten ein. Der deutsche Staat spart nichtsdestotrotz die Polizei kaputt und l\u00e4sst die eigenen B\u00fcrger bei der Aufkl\u00e4rung von Verm\u00f6gensdelikten (Diebstahl, Einbruch, Autoklau) nahezu im Regen stehen (Aufkl\u00e4rungsquto unter Raumtemperatur), w\u00e4hrend er gleichzeitig f\u00fcr eine Aufkl\u00e4rungsquote von 99,9% bei Delikten wie zu schnellem Fahren und Falschparken sorgt. Das Staatsfernsehen und die Staatsmedien (der GEZ-Funk) kehr Vieles davon unter den Teppich und den Rest besch\u00f6nigt er.<br \/>\nUnd dann soll ICH diese Defizite ausbaden, indem ich mit meinen F\u00e4usten f\u00fcr Sicherheit (bzw. Selbstverteidigung) sorge?! Obwohl jeder die F\u00e4lle in guter Erinnerung hat, wo M\u00e4nnern mit Zivilcourage in irgendwelchen U-Bahnh\u00f6fen der Kopf eingetreten worden ist.<br \/>\n5.2.2016, V. Leih<br \/>\n.<br \/>\n<strong>Heute gehts um Messerstecher und Kopftreter mit Migrationshintergrund<\/strong><br \/>\nIch meine, der Autor wei\u00df gar nicht wovon er redet. Soll er doch erst mal selbst in die Situation kommen, wo es &#8222;lebensgef\u00e4hrlich&#8220; wird. Gro\u00dfeReden schwingen kann Jeder. Die kleine Rangelei am Wochenende vor der Disco gab es fr\u00fcher mal. Heutzutage z\u00fccken viele gleich ein Messer oder man f\u00e4llt als ganze Gruppe von Kopftretern \u00fcber das Opfer her. &#8230; \u00dcberschlagen wir doch mal. Allein wie viele Fahrkarten-Kontrolleure wurden in den letzten 3 Monaten nieder-gestochen? Wegen einer Fahrkarte?!? (50 Euro Bu\u00dfgeld oder was gibt es da?)<br \/>\n5.2.2016, Torsten<br \/>\n.<\/p>\n<p><strong>Feminismus: Wei\u00dfer Mann als Vergewaltiger &#8211; und farbiger Mann als ..?..<\/strong><br \/>\n&#8222;K\u00f6ln steht auch f\u00fcr die Gefahr, die vom postkonventionellen Mann ausgeht, also von der Abwesenheit von Mut, Heldentum, Verteidigungsbereitschaft, Besch\u00fctzerinstinkt, F\u00fcrsorglichkeit, Stolz und all diesen Dingen, deren Nichtvorhandensein der Grund daf\u00fcr ist, dass keinem der K\u00f6lner Aggressoren auch nur ein Haar gekr\u00fcmmt wurde.&#8220;<br \/>\nSehr geehrter Herr Fuhr, liebe M\u00e4dels: Jahrzehntelang wurde M\u00e4nnern von Feministinnen eingeh\u00e4mmert, dass M\u00e4nner per se gewaltt\u00e4tig seien, dass M\u00e4nner die prim\u00e4ren Verursacher von Kriegen sind und das M\u00e4nner potentielle Vergewaltiger sind. M\u00e4nner wurden au\u00dferdem dazu aufgefordert, doch bitte auch ihre weibliche Seite zu entdecken und das affige Macho-Gehabe abzulegen.<br \/>\n&#8222;Wer die menschliche Gesellschaft will, muss die m\u00e4nnliche \u00fcberwinden!&#8220; Auch so ein Spruch, den Einige hier vielleicht noch kennen und der auch nicht wirklich dazu beitr\u00e4gt, M\u00e4nnern ein gesundes Selbstbewusstsein zu vermitteln.<br \/>\nZwischendurch gab es dann immer wieder mal Frauen, die in emotionalen Artikeln die R\u00fcckkehr der richtigen Kerle gefordert haben oder fragten, wo eigentlich all die Cowboys hin sind? Obendrauf wurden wir dann noch permanent mit all den toughen Powerfrauen und Super-Girlies bombardiert, die ja ohenhin eh alles k\u00f6nnen, was M\u00e4nner k\u00f6nnen. Und noch viel besser und auf St\u00f6ckelschuhen. M\u00e4nner sind obsolet, hie\u00df es auch immer wieder mal&#8230;<br \/>\nWenn man M\u00e4nner jahrzehntelang als &#8222;Schweine&#8220; hinstellt und f\u00fcr pauschal f\u00fcr die Gewalt auf diesem Planeten verantwortlich macht, gleichzeitig Jungs vorwiegend von Frauen erziehen l\u00e4sst (M\u00fctter, Kinderg\u00e4rtnerinnen, Lehrerinnen etc&#8230;), die sofort die Eltern einbestellen, wenn der Junge mal herumtobt oder sich mit anderen rauft&#8230;.dann darf man sich nicht wundern, wenn man als Ergebnis v\u00f6llig weichgesp\u00fclte oder zutiefst verunsicherte M\u00e4nner erh\u00e4lt.<br \/>\nAusserdem durften sich M\u00e4nner permanent dem Generalverdacht aussetzen lassen, ja sowieso nur &#8222;an das Eine &#8220; zu denken und allesamt &#8222;potentielle Vergewaltiger&#8220; zu sein. Das macht auch nicht wirklich Laune, f\u00fcr die holde Weiblichkeit den Kopf hinzuhalten, wenn es ernst wird!<br \/>\nFazit: Solange hierzulande alles in Butter und unsere Gesellschaft ziemlich stabil war, haben Frauen mit Hilfe der Medien M\u00e4nner gerne mal ver\u00e4chtlich gemacht, bep\u00f6belt und runtergemacht. Und jetzt, wo die Zeiten auf einmal nicht mehr so rosig sind, sollen es die Jungs auf einmal wieder richten.<br \/>\n5.2.2016, Rodriguez Faszanatas<br \/>\n.<\/p>\n<p><strong>Unsere M\u00e4nner sind von Feministen weichgekocht worden<\/strong><br \/>\nDas ist das Ergebnis einer Gesellschaft die M\u00e4nner \u00fcber Jahrzehnte weichgekocht hat, in der es auch in Unternehmen keine ordentliche Streitkultur gibt und immer nur der sanfte Konsens das Ziel ist.<br \/>\nEine Gesellschaft, in der nach jeder kleinen Rauferei zwischen Jungs die Psychologen kommen und ADHS-Medikamente verschreiben.<br \/>\nEine Gesellschaft in der auch schon der Hauch von gesunder und kontrollierter Aggression verp\u00f6nt ist.<br \/>\nEs ist grauenhaft. Ich bin 40 und liebe meine Frau und meine beiden T\u00f6chter, helfe auch Zuhause und lebe mit meiner Frau ein absolut gleichberechtigtes Leben, in dem ich auch meinen T\u00f6chtern vorlebe, dass sie alles erreichen k\u00f6nnen was sie wollen &#8230; aber auch ein Leben in dem klar ist, dass M\u00e4nner und Frauen unterschiedlich sind. Ich halte diese Erkenntniss f\u00fcr wichtig.<br \/>\nIch bin ein Mann und kann manche Dinge besser oder leichter als meine Frau. Andersrum nat\u00fcrlich genauso.<br \/>\nIch habe mich zu 100% unter Kontrolle, habe aber dennoch auch dann und wann eine gewisse Grundaggression &#8211; das hilft. Ich bin sehr erfolgreich im Berufsleben (ohne eine r\u00fccksichtsloser Ellbogentyp zu sein!) und f\u00fchre ein zufriedenes Leben &#8211; und ich kann mich verteidigen &#8230;. aber nicht alleine gegen 15. Und wenn ich sehe, dass 70% der m\u00e4nnlichen Kollegen in einer solchen Situation vollkommen \u00fcberfordert w\u00e4ren, kann man diese 70% auch schlecht in einer solchen Situation mobilisieren. Die haben sich noch nie geschlagen und waren noch nie einer aussergew\u00f6hnlichen Stresssituation oder einer gewalt\u00e4tigen Auseinandersetzung &#8211; was prinzipiell sch\u00f6n und gut ist, aber in so einer Situation nicht hilft.<br \/>\nDieses gem\u00fctliche Leben in der maximal m\u00f6glichen Political Correctness hat uns alle verweichlicht und bis zu einem gewissen Grad wehrunf\u00e4hig gemacht. Es wird schwer, sich zu wehren, und wenn man sich wehrt muss man die ganze H\u00e4rte des Gesetzes f\u00fcrchten &#8211; ein Dillemma &#8230;<br \/>\nDer Gipfel ist nun diesen (deutschen) M\u00e4nnern in K\u00f6ln vorzuwerfen, dass sie nicht zu dem in der Lage war, was man ihnen mit viel Aufwand ausgetrieben hat. Absolut bigott!<br \/>\nEs w\u00fcrde mich auch interessieren, was passiert ware, wenn sie ein paar hundert K\u00f6lner zusammengerottet h\u00e4tten und diesen Mob (Fl\u00fcchtlinge aus Mahgrab und Arabien) so richtig durch die Mangel genommen gedreht h\u00e4tten &#8211; nicht auszudenken.<br \/>\nAlso, was ist nun richtig? Was wird von uns M\u00e4nnern erwartet? Was d\u00fcrfen wir tun, ohne als rechte Orang Utans verunglimpft zu werden? Anmerkung: Die Aussage ist Orang Utans gegen\u00fcber nat\u00fcrlich ungerecht (Rassismus-Keule)&#8230;<br \/>\n5.2.2016, Daniel<\/p>\n<p><strong>Frauen und ihre K\u00f6lner M\u00e4nner selbst schuld an Sexangriffen der Fl\u00fcchtlinge<\/strong><br \/>\nNachdem schon die Frauen selbst (mit) schuld waren, sollen es zus\u00e4tzlich jetzt die modernen, d. h. westlichen M\u00e4nner gewesen sein, die verantwortlich waren in K\u00f6ln?<br \/>\nWie h\u00e4tte es denn funktionieren sollen, die \u00dcbergriffe in K\u00f6ln und anderswo zu verhindern, Herr Fuhr &#8211; wo bis zu tausend Nordafrikaner einen Block gebildet haben, in deren Mitte dann die<br \/>\n\u00dcbergriffe stattgefunden haben.<br \/>\nIch m\u00f6chte wirklich gerne wissen, wie stellen Sie sich das denn konkret vor? Soll der moderne Mann etwa doch wieder B\u00fcrgerwehren bilden, um die Frauen zu sch\u00fctzen &#8230;<br \/>\nNein Herr Fuhr, in K\u00f6ln hat nicht der moderne Mann versagt, in K\u00f6ln hat die naive und verantwortungslose Einwanderungspolitik ohne Restriktion und Registrierung versagt.<br \/>\n5.2.2016, Matias Sch\u00e4fer<\/p>\n<p><strong>In K\u00f6ln haben nicht M\u00e4nner, sondern Frauen versagt?<\/strong><br \/>\nDer Artikel ist selbst sexistisch und kann sich von dem herk\u00f6mmlichen M\u00e4nner- und Frauenbild nicht trennen. Am K\u00f6lner Domplatz hat kein einziger Mann versagt. Dort haben die gleichberechtigten Frauen versagt, die sich nicht verteidigen konnten. Es kann doch nicht sein, dass Frauen, die Quoten in den Vorstandsetagen einfordern, auf der Stra\u00dfe nach M\u00e4nnerschutz rufen.<br \/>\nIn Warschau oder Budapest w\u00e4re die Szene sicher anderswie verlaufen. Dort sind die Frauen mit der Gleichberechtigung noch nicht so weit. Dort w\u00e4ren die einheimischen M\u00e4nner zur Stelle gewesen. \u00dcbrigens die Polizei auch.<br \/>\n5.2.2016, Gert Cock<\/p>\n","protected":false},"excerpt":{"rendered":"<p>Home &gt;Selbsthilfe &gt;Frauen &gt;Maenner &gt;Gender\u00a0&gt;Feminismus . Listenauswahl eines Beitrags (Artikel\/Datum, Seite\/Inhalt):\u00a0Klicken\u00a0oder scrollen Mann und Frau: Angespanntes Verh\u00e4ltnis\u00a0(3.4.2026) Vergewaltigung: virtuell digital\u00a0(24.3.2026) Anna-Maria Scherer: Der Gleichheitswahn \u2013 Interview\u00a0(21.11.2025) Migrantengewalt: Der falsche Feminismus (8.9.2025) Zeinab Herz: Die Ganzk\u00f6rperverschleierung f\u00fcr Kinder bei Otto und &hellip; <a href=\"https:\/\/www.freiburg-schwarzwald.de\/blog\/selbsthilfe\/frauen\/feminismus\/\">Weiterlesen <span class=\"meta-nav\">&rarr;<\/span><\/a><\/p>\n","protected":false},"author":2,"featured_media":0,"parent":59,"menu_order":0,"comment_status":"open","ping_status":"closed","template":"","meta":{"footnotes":""},"class_list":["post-59117","page","type-page","status-publish","hentry"],"_links":{"self":[{"href":"https:\/\/www.freiburg-schwarzwald.de\/blog\/wp-json\/wp\/v2\/pages\/59117","targetHints":{"allow":["GET"]}}],"collection":[{"href":"https:\/\/www.freiburg-schwarzwald.de\/blog\/wp-json\/wp\/v2\/pages"}],"about":[{"href":"https:\/\/www.freiburg-schwarzwald.de\/blog\/wp-json\/wp\/v2\/types\/page"}],"author":[{"embeddable":true,"href":"https:\/\/www.freiburg-schwarzwald.de\/blog\/wp-json\/wp\/v2\/users\/2"}],"replies":[{"embeddable":true,"href":"https:\/\/www.freiburg-schwarzwald.de\/blog\/wp-json\/wp\/v2\/comments?post=59117"}],"version-history":[{"count":5,"href":"https:\/\/www.freiburg-schwarzwald.de\/blog\/wp-json\/wp\/v2\/pages\/59117\/revisions"}],"predecessor-version":[{"id":147709,"href":"https:\/\/www.freiburg-schwarzwald.de\/blog\/wp-json\/wp\/v2\/pages\/59117\/revisions\/147709"}],"up":[{"embeddable":true,"href":"https:\/\/www.freiburg-schwarzwald.de\/blog\/wp-json\/wp\/v2\/pages\/59"}],"wp:attachment":[{"href":"https:\/\/www.freiburg-schwarzwald.de\/blog\/wp-json\/wp\/v2\/media?parent=59117"}],"curies":[{"name":"wp","href":"https:\/\/api.w.org\/{rel}","templated":true}]}}