{"id":59063,"date":"2016-02-02T13:55:29","date_gmt":"2016-02-02T12:55:29","guid":{"rendered":"https:\/\/www.freiburg-schwarzwald.de\/blog\/?page_id=59063"},"modified":"2025-08-27T10:01:37","modified_gmt":"2025-08-27T08:01:37","slug":"fluechtlinge2016","status":"publish","type":"page","link":"https:\/\/www.freiburg-schwarzwald.de\/blog\/global\/integration\/fluechtlinge2016\/","title":{"rendered":"Fluechtlinge2016"},"content":{"rendered":"<p><a href=\"https:\/\/www.freiburg-schwarzwald.de\/blog\">Home<\/a> &gt;<a title=\"Global\" href=\"https:\/\/www.freiburg-schwarzwald.de\/blog\/global\/\">Global<\/a>\u00a0&gt;<a title=\"Integration\" href=\"https:\/\/www.freiburg-schwarzwald.de\/blog\/global\/integration\/\">Integration<\/a> &gt;<a title=\"Fluechtlinge\" href=\"https:\/\/www.freiburg-schwarzwald.de\/blog\/global\/integration\/fluechtlinge\/\">Fluechtlinge<\/a> &gt;Fluechtlinge2016<\/p>\n<div id=\"attachment_54890\" style=\"width: 609px\" class=\"wp-caption alignnone\"><a href=\"https:\/\/www.freiburg-schwarzwald.de\/blog\/tourismus\/gastro\/huetten\/hinterwaldkopfhuette\/hinterwaldkopf4pan-080805\/\" rel=\"attachment wp-att-54890\"><img loading=\"lazy\" decoding=\"async\" aria-describedby=\"caption-attachment-54890\" class=\"size-full wp-image-54890\" src=\"https:\/\/www.freiburg-schwarzwald.de\/blog\/wp-content\/uploads\/2015\/06\/hinterwaldkopf4pan-080805.jpg\" alt=\"Tele-Blick von Tote Mann zu Hinterwaldkopf und Hinterwaldkopfh\u00fctte (rechts) am 5.8.2008\" width=\"599\" height=\"163\" srcset=\"https:\/\/www.freiburg-schwarzwald.de\/blog\/wp-content\/uploads\/2015\/06\/hinterwaldkopf4pan-080805.jpg 599w, https:\/\/www.freiburg-schwarzwald.de\/blog\/wp-content\/uploads\/2015\/06\/hinterwaldkopf4pan-080805-180x48.jpg 180w\" sizes=\"auto, (max-width: 599px) 100vw, 599px\" \/><\/a><p id=\"caption-attachment-54890\" class=\"wp-caption-text\">Tele-Blick von Tote Mann zu Hinterwaldkopf und Hinterwaldkopfh\u00fctte (rechts) am 5.8.2008<\/p><\/div>\n<p>&nbsp;<\/p>\n<ul>\n<li><a href=\"https:\/\/www.freiburg-schwarzwald.de\/blog\/10-jahre-wir-schaffen-das\/\">10 Jahre \u201eWir schaffen das\u201c<\/a>\u00a0(26.8.2025)<\/li>\n<li><a href=\"https:\/\/www.freiburg-schwarzwald.de\/blog\/engagement\/zukunft\/demokratie\/chemnitz-messermord26-08-2018\/chemnitz2018-2023\/\">Staatsaff\u00e4re Chemnitz: Keine Hetzjagden vor f\u00fcnf Jahre<\/a>n (28.8.2023)<\/li>\n<li><a href=\"https:\/\/www.freiburg-schwarzwald.de\/blog\/global\/migration\/migration-afghanistan\/\">Halfen afghanische Ortskr\u00e4fte Deutschland oder ihrem Land?<\/a>\u00a0(18.8.2021)<\/li>\n<li>Deutsche Fl\u00fcchtlingspolitik hat den Blick f\u00fcr Realit\u00e4t verloren (7.3.2017)<\/li>\n<li><a href=\"https:\/\/www.freiburg-schwarzwald.de\/blog\/dreisam-mord-migrant-in-haft\/\">https:\/\/www.freiburg-schwarzwald.de\/blog\/dreisam-mord-migrant-in-haft\/<\/a> (3.12.2016)<\/li>\n<li>50 Mrd Euro Fl\u00fcchtlingskosten in 2016-17 (18.11.2016)<\/li>\n<li><a href=\"https:\/\/www.freiburg-schwarzwald.de\/blog\/migrationsgewinn-und-verlust\/\">https:\/\/www.freiburg-schwarzwald.de\/blog\/migrationsgewinn-und-verlust\/<\/a> (10.7.2016)<\/li>\n<li>Fluechtlingskosten 394 Mrd Euro laut ZEW (24.4.2016)<\/li>\n<li><a title=\"Kriminalitaet\" href=\"https:\/\/www.freiburg-schwarzwald.de\/blog\/selbsthilfe\/krise\/gewalt\/kriminalitaet\/\">Fl\u00fcchtlinge sind in FR \u00fcber 10 mal so h\u00e4ufig an Raub\u00fcberf\u00e4llen beteiligt<\/a> &gt;Kriminalitaet (4.4.2016)<\/li>\n<li>Islam-M\u00e4rtyrerkult: Viele Fl\u00fcchtlinge nehmen Leiden hin (16.3.2016)<\/li>\n<li>Emergenz: 3 Mio Muslime als Gruppe ver\u00e4ndern die Gesellschaft (3.2.2016)<\/li>\n<li><a title=\"Sicherheit\" href=\"https:\/\/www.freiburg-schwarzwald.de\/blog\/selbsthilfe\/soziales\/justiz\/sicherheit\/\">Karnevalsumzug abgesagt wegen Fl\u00fcchtlingen<\/a> (3.2.2016)<\/li>\n<li>Gr\u00fcnen-Chefin Peter ganz ehrlich: Auch in 2016 eine Million Fl\u00fcchtlinge (1.2.2016)<\/li>\n<\/ul>\n<ul>\n<li><a title=\"Asyl\" href=\"https:\/\/www.freiburg-schwarzwald.de\/blog\/global\/integration\/asyl\/\">Asyl<\/a><\/li>\n<li><a title=\"Asylanten\" href=\"https:\/\/www.freiburg-schwarzwald.de\/blog\/global\/integration\/asylanten\/\">Asylanten in Freiburg<\/a><\/li>\n<li><a href=\"https:\/\/www.freiburg-schwarzwald.de\/blog\/engagement\/zukunft\/demokratie\/chemnitz-messermord26-08-2018\/chemnitz2018-2023\/\">Chemnitz2018-2023<\/a><\/li>\n<li><a title=\"Fluechtlinge-Paten\" href=\"https:\/\/www.freiburg-schwarzwald.de\/blog\/global\/integration\/fluechtlinge-paten\/\">Fluechtlinge-Paten<\/a><\/li>\n<li><a title=\"Fluechtlinge-Sex\" href=\"https:\/\/www.freiburg-schwarzwald.de\/blog\/global\/integration\/fluechtlinge-sex\/\">Fluechtlinge-Sex<\/a><\/li>\n<li><a title=\"Grenzen\" href=\"https:\/\/www.freiburg-schwarzwald.de\/blog\/global\/eu\/grenzen\/\">Grenzen\u00a0<\/a><\/li>\n<li><a title=\"Indomeni\" href=\"https:\/\/www.freiburg-schwarzwald.de\/blog\/global\/migration\/idomeni\/\">Idomeni 3\/2016<\/a><\/li>\n<li><a title=\"Islamisierung\" href=\"https:\/\/www.freiburg-schwarzwald.de\/blog\/religion\/islam\/islamisierung\/\">Islamisierung<\/a><\/li>\n<li><a title=\"Islam-Opferrolle\" href=\"https:\/\/www.freiburg-schwarzwald.de\/blog\/religion\/islam\/islam-opferrolle\/\">Islam-Opferrolle<\/a><\/li>\n<li><a title=\"Koeln-Silvester2015\" href=\"https:\/\/www.freiburg-schwarzwald.de\/blog\/global\/integration\/koeln-silvester2015\/\">Koeln-Silvester2015<\/a><\/li>\n<li><a title=\"Kontrollierte-Grenzen\" href=\"https:\/\/www.freiburg-schwarzwald.de\/blog\/global\/migration\/kontrollierte-grenzen\/\">Kontrollierte-Grenzen<\/a><\/li>\n<li><a title=\"Migranten-Fluechtlinge\" href=\"https:\/\/www.freiburg-schwarzwald.de\/blog\/global\/migration\/migranten-fluechtlinge\/\">Migranten-Fluechtlinge<\/a><\/li>\n<li><a title=\"Migration\" href=\"https:\/\/www.freiburg-schwarzwald.de\/blog\/global\/migration\/\">Migration<\/a> &gt;Migration<\/li>\n<li><a href=\"https:\/\/www.freiburg-schwarzwald.de\/blog\/global\/migration\/migration-afghanistan\/\">Migration-Afghanistan<\/a><\/li>\n<li><a title=\"Grenzen\" href=\"https:\/\/www.freiburg-schwarzwald.de\/blog\/global\/eu\/grenzen\/\">Migration und Grenzen<\/a><\/li>\n<li><a title=\"Migration-erzwungen\" href=\"https:\/\/www.freiburg-schwarzwald.de\/blog\/global\/migration\/migration-erzwungen\/\">Migration-erzwungen<\/a><\/li>\n<li><a title=\"Migration-Internet\" href=\"https:\/\/www.freiburg-schwarzwald.de\/blog\/global\/migration\/migration-internet\/\">Migration-Internet<\/a><\/li>\n<li><a title=\"Migration-Maenner\" href=\"https:\/\/www.freiburg-schwarzwald.de\/blog\/global\/migration\/migration-maenner\/\">Migration-Maenner<\/a><\/li>\n<li><a title=\"Migration-Zahlen\" href=\"https:\/\/www.freiburg-schwarzwald.de\/blog\/global\/migration\/migration-zahlen\/\">Migration-Zahlen<\/a><\/li>\n<li><a title=\"Migrationsindustrie\" href=\"https:\/\/www.freiburg-schwarzwald.de\/blog\/global\/integration\/migrationsindustrie\/\">Migrationsindustrie<\/a><\/li>\n<li><a title=\"Neuansiedlung\" href=\"https:\/\/www.freiburg-schwarzwald.de\/blog\/global\/integration\/neuansiedlung\/\">Neuansiedlung = Resettlement<\/a><\/li>\n<li><a title=\"Niklas2016Jugendterror\" href=\"https:\/\/www.freiburg-schwarzwald.de\/blog\/selbsthilfe\/krise\/gewalt\/niklas2016jugendterror\/\">Niklas2016Jugendterror<\/a><\/li>\n<li><a title=\"Obergrenze\" href=\"https:\/\/www.freiburg-schwarzwald.de\/blog\/global\/integration\/obergrenze\/\">Obergrenze \u2013 Kontingente<\/a><\/li>\n<li><a title=\"Parallelgesellschaft\" href=\"https:\/\/www.freiburg-schwarzwald.de\/blog\/global\/integration\/parallelgesellschaft\/\">Parallelgesellschaft<\/a><\/li>\n<li><a title=\"Paralleljustiz\" href=\"https:\/\/www.freiburg-schwarzwald.de\/blog\/selbsthilfe\/soziales\/justiz\/paralleljustiz\/\">Paralleljustiz<\/a><\/li>\n<li><a title=\"Parallelkultur\" href=\"https:\/\/www.freiburg-schwarzwald.de\/blog\/global\/integration\/parallelkultur\/\">Parallelkultur<\/a><\/li>\n<li><a title=\"UMA-Hussein\" href=\"https:\/\/www.freiburg-schwarzwald.de\/blog\/global\/integration\/uma-hussein\/\">UMA-Hussein<\/a><\/li>\n<li><a title=\"Versorgungsmigration\" href=\"https:\/\/www.freiburg-schwarzwald.de\/blog\/global\/migration\/versorgungsmigration\/\">Versorgungsmigration<\/a><\/li>\n<\/ul>\n<p>&nbsp;<\/p>\n<p><a href=\"https:\/\/www.freiburg-schwarzwald.de\/blog\/global\/integration\/fluechtlinge2016\/fluechtlinge-griechenland2015\/\" rel=\"attachment wp-att-59845\"><img loading=\"lazy\" decoding=\"async\" class=\"alignnone size-thumbnail wp-image-59845\" src=\"https:\/\/www.freiburg-schwarzwald.de\/blog\/wp-content\/uploads\/2016\/02\/fluechtlinge-griechenland2015-180x114.jpg\" alt=\"fluechtlinge-griechenland2015\" width=\"180\" height=\"114\" srcset=\"https:\/\/www.freiburg-schwarzwald.de\/blog\/wp-content\/uploads\/2016\/02\/fluechtlinge-griechenland2015-180x114.jpg 180w, https:\/\/www.freiburg-schwarzwald.de\/blog\/wp-content\/uploads\/2016\/02\/fluechtlinge-griechenland2015-640x407.jpg 640w, https:\/\/www.freiburg-schwarzwald.de\/blog\/wp-content\/uploads\/2016\/02\/fluechtlinge-griechenland2015.jpg 684w\" sizes=\"auto, (max-width: 180px) 100vw, 180px\" \/><\/a>\u00a0\u00a0<em>Deutsch-gutmenschlicher\u00a0<a title=\"Groessenwahn\" href=\"https:\/\/www.freiburg-schwarzwald.de\/blog\/engagement\/zukunft\/groessenwahn\/\">Gr\u00f6\u00dfenwahn<\/a> im Herbst 2015:<\/em><br \/>\n<em>Einerseits: Fl\u00fcchtlinge kommen &#8211; von Deutschland \u00fcbers Internet angelockt &#8211; auf einer griechischen Insel an. Weiter gehts nach Dortmund,\u00a0wo sie\u00a0in Container, Zelte und Hallen gesteckt werden.<\/em><br \/>\n<em>Andererseits: Eine deutsche Urlauberin aus Dortmund beim morgendlichen Spaziergang am Meeresstrand.<\/em><\/p>\n<p>&nbsp;<\/p>\n<p>Migration ist dauerhafter Wohnortwechsel von Menschen.<br \/>\nJeder Migrant (Asylbewerber, Kriegsfl\u00fcchtling, Wirtschaftsmigrant) kostet den Steuerzahler pro Monat ca. 1.100 Euro plus all die Probleme, die kommen oder schon vorhanden sind. Minderj\u00e4hrige alleinstehende Zuwanderer <a title=\"UMF\" href=\"https:\/\/www.freiburg-schwarzwald.de\/blog\/global\/integration\/umf\/\">UMA\/UMF<\/a> kosten deutlich mehr.<br \/>\nIm grenznahen Fl\u00fcchtlingslager (T\u00fcrkei, Libanon, Jordanien, Griechenland, &#8230;) ausgegeben, hat jeder Euro den 50-fachen Wert. F\u00fcr 1.100 Euro k\u00f6nnte vorort also Hilfe im Wert von 55.000 Euro geleistet werden.<\/p>\n<p>&#8212;&#8212;&#8212;&#8212;&#8212;&#8212;&#8212;&#8212;&#8212;&#8212;&#8212;&#8212;&#8212;&#8212;&#8212;&#8212;&#8212;&#8212;&#8212;<\/p>\n<p>&nbsp;<\/p>\n<p><strong>Deutsche Fl\u00fcchtlingspolitik hat den Blick f\u00fcr Realit\u00e4t verloren<\/strong><br \/>\nAuch mir als geb\u00fcrtigem Libanesen ist durchaus bewusst, dass Deutschland vor dem Hintergrund seiner Geschichte eine besondere Verantwortung tr\u00e4gt gegen\u00fcber Fl\u00fcchtlingen und Verfolgten. Aber die Deutschen sollten dar\u00fcber nicht den Blick auf die Realit\u00e4ten und Herausforderungen der Gegenwart verlieren.Und diese Realit\u00e4ten entsprechen eben nicht dem Bild, das viele Politiker aus Bequemlichkeit und aus einem falschen Harmonieverst\u00e4ndnis heraus immer noch von ethnischer Vielfalt und kultureller Bereicherung malen. Wer wissen will, welche Verh\u00e4ltnisse uns m\u00f6glicherweise bl\u00fchen, der schaue nach Frankreich, England oder Schweden. In jedem dieser L\u00e4nder leben viele flei\u00dfige, kluge und wertvolle Muslime, die ein Gewinn f\u00fcr die aufnehmenden Gesellschaften sind. Und dennoch wird man kaum behaupten k\u00f6nnen, dass die Integration und Assimilation insgesamt erfolgreich verl\u00e4uft. Nach meiner Erfahrung ist es bisher in keinem der genannten L\u00e4nder gelungen, wenigstens die gro\u00dfe Mehrheit der jungen Muslime, die im Westen und unter dem Schutz der freiheitlichen Gesellschaft geboren wurden, f\u00fcr die sogenannten westlichen Werte wie Toleranz, Offenheit und Selbstbestimmung zu gewinnen. Sollte es uns und der kommenden Generation nicht gelingen, den muslimischen Immigranten die Werte der Aufkl\u00e4rung und die Leitlinien unserer demokratischen Kult &#8230;.<br \/>\nAlles von Imad Karim vom 73.2017 bitte lesen auf<br \/>\n<a href=\"https:\/\/cicero.de\/berliner-republik\/massenmigration-islamische-werte-frei-haus\">https:\/\/cicero.de\/berliner-republik\/massenmigration-islamische-werte-frei-haus<\/a><\/p>\n<p>&nbsp;<\/p>\n<p><strong>50 Mrd Euro Fl\u00fcchtlingskosten 2016-17<\/strong><br \/>\nEin Ende der gesch\u00f6nten Zahlen und <a title=\"Merkel-muss-weg\" href=\"https:\/\/www.freiburg-schwarzwald.de\/blog\/engagement\/zukunft\/demokratie\/merkel-muss-weg\/\">vorget\u00e4uschten Ma\u00dfnahmen<\/a> der Fl\u00fcchtlings-Politik fordert der CDU-Bundestagsabgeordnete Klaus-Peter Willsch. Er rechnet vor, was die Migration die Steuerzahler wirklich kostet. Das K\u00f6lner Institut der deutschen Wirtschaft (IW) hatte in seine Berechnung die Kosten f\u00fcr Unterbringung, Verpflegung sowie Integrations- und Sprachkurse einflie\u00dfen lassen. &#8230;.<br \/>\n<a title=\"Interkulturelle Oeffnung\" href=\"https:\/\/www.freiburg-schwarzwald.de\/blog\/interkulturelle-oeffnung\/\">50.000.000.000 Euro<\/a>. Das ist das Preisschild der Migrationskrise allein f\u00fcr das laufende und kommende Jahr. \u2026 Genug Geld, um jedem der 870.000 Baf\u00f6g-Empf\u00e4nger 57.000 Euro in die Hand zu dr\u00fccken, jedem der rund 500.000 Rentner mit Grundsicherung 100.000 Euro zu \u00fcberweisen, jeder der 107 deutschen Universit\u00e4ten das Budget um eine knappe halbe Milliarde zu erh\u00f6hen oder schlicht jedem der rund 43 Millionen Erwerbst\u00e4tigen geleistete Steuern in H\u00f6he von 1.162,79 Euro zur\u00fcckzuzahlen. &#8230;.<br \/>\nAlles von Klaus-Peter Willsch (CDU) vom 18.11.2016 bitte lesen auf<br \/>\n<a href=\"https:\/\/www.tichyseinblick.de\/gastbeitrag\/was-kosten-migranten-wirklich\/\">https:\/\/www.tichyseinblick.de\/gastbeitrag\/was-kosten-migranten-wirklich\/<\/a><br \/>\n<strong>Fluechtlingskosten 394 Mrd Euro laut ZEW<\/strong><br \/>\nWenn die Fl\u00fcchtlinge erst in 20 Jahren voll in den Arbeitsmarkt integriert seien und nur die Leistungskraft von Einheimischen mit einer geringen Qualifikation erreichten, w\u00fcrden sich diese Belastungen \u2013 \u00fcber einen Zeitraum von mehreren Jahrzehnten betrachtet \u2013 auf 398 Milliarden Euro summieren. In diesem Fall reichten die von den Migranten entrichteten Steuern und Abgaben nicht aus, um die zus\u00e4tzlichen Ausgaben f\u00fcr Transferleistungen wie Kindergeld oder die Bereitstellung der staatlichen Infrastruktur zu finanzieren. Auf die B\u00fcrger k\u00f6nnten &#8222;auf lange Sicht sp\u00fcrbare finanzielle Zusatzbelastungen zukommen&#8220;. &#8230;<br \/>\nAlles vom 27.4.2016 bitte lesen auf<br \/>\n<a href=\"https:\/\/www.welt.de\/wirtschaft\/article154795501\/Fluechtlinge-koennten-Staat-bis-zu-400-Milliarden-kosten.html\">https:\/\/www.welt.de\/wirtschaft\/article154795501\/Fluechtlinge-koennten-Staat-bis-zu-400-Milliarden-kosten.html<br \/>\n<\/a>\u00a0 .<br \/>\nStudie des Mannheimer Zentrums f\u00fcr Europ\u00e4ische Wirtschaftsforschung (ZEW) im Auftrag der B\u00f6ll-Stiftung<\/p>\n<p>&nbsp;<\/p>\n<p><strong>Islam-M\u00e4rtyrerkult: Viele Fl\u00fcchtlinge nehmen Leiden hin<\/strong><br \/>\nGibt es f\u00fcr diese Art der Beharrlichkeit (im <a title=\"Indomeni\" href=\"https:\/\/www.freiburg-schwarzwald.de\/blog\/global\/migration\/indomeni\/\">Fl\u00fcchtlingscamp Indomeni<\/a> zu verharren) eine halbwegs vern\u00fcnftige Erkl\u00e4rung? Ja. Anders als im hedonistischen Europa, wo Jugendliche, denen der Einlass in eine Disko verweigert wurde, wegen einer posttraumatischen Belastungsst\u00f6rung behandelt werden m\u00fcssen, gilt in der arabisch-islamischen Kultur das Leiden als ein Wert an sich. Das festzuhalten grenzt in Zeiten der Political Correctness an &#8222;kulturellen Rassismus&#8220;, macht die Feststellung aber nicht weniger wahr. M\u00e4rtyrer zu werden, sich zu opfern ist in der arabisch-islamischen Welt als Lebensziel ebenso weitverbreitet wie unter deutschen Jugendlichen der Wunsch, Eventmanager zu werden. Familien von M\u00e4rtyrern genie\u00dfen gro\u00dfes Ansehen. Der Stolz auf ihre Kinder \u2013 vor allem S\u00f6hne, aber auch immer \u00f6fter T\u00f6chter \u2013 l\u00e4sst weder Trauer noch Scham aufkommen. &#8230;<br \/>\nAlles vom 15.3.2016 bitte lesen auf<br \/>\n<a href=\"www.welt.de\/debatte\/henryk-m-broder\/article153311048\/Was-Bluemchen-in-Idomeni-zu-sehen-bekam.html\">www.welt.de\/debatte\/henryk-m-broder\/article153311048\/Was-Bluemchen-in-Idomeni-zu-sehen-bekam.html<\/a><br \/>\n.<br \/>\nMerkel k\u00f6nnte diese Menschen erl\u00f6sen, wenn sie nur endlich best\u00e4tigen w\u00fcrde, was die anderen 27 Staatsf\u00fchrer der EU schon l\u00e4ngst festgeschrieben haben: die Grenzen sind geschlossen f\u00fcr jegliche illegale Migration. So hoffen und harren sie weiter, dass Merkel ihnen hilft&#8230;.<br \/>\nDie Forderungs-Attit\u00fcden, die die Migranten teilweise an den Tag legen passen einfach nicht zu dem, was uns die Willkommenskultur-Medien wei\u00df machen wollen. Vor Allem die Vorstellung das WIR den Migranten dankbar sein sollten finde ich gelinde gesagt unertr\u00e4glich. Ich kann mit den Menschen, die gerade an der Makedonischen Grenze in <a title=\"Indomeni\" href=\"https:\/\/www.freiburg-schwarzwald.de\/blog\/global\/migration\/indomeni\/\">Indomeni <\/a>warten einfach nicht sympathisieren. Wenn sie wirklich vor einem Krieg fliehen w\u00fcrden und nur nach Sicherheit suchen w\u00fcrden, warum bleiben sie dann nicht einfach in Griechenland? Dort gibt es alles was sie brauchen. Und das die Attit\u00fcden vieler dieser Migranten von religi\u00f6sen \u00dcberzeugungen gepr\u00e4gt zu sein scheinen macht mir besonders Angst.<br \/>\n15.3.2016, Michelon ; WO<\/p>\n<p><strong>Siegfried Lenz hat in seiner Novelle &#8222;Das Feuerschiff&#8220; eine solche Situation beschrieben<\/strong>. Ein Kapitaen rettet aus Menschlichkeit schiffbruechige Piraten aus dem Meer, obwohl er weiss, dass es Aerger mit ihnen geben kann. Resultat: die Piraten uebernehmen das Schiff langsam aber mit Gewalt und am Ende ist der Kapitaen nur noch allein an Bord und geht als letzter zu Grunde. &#8211; humanismus in so einer situation &#8211; es ist eine schwierige frage, die nicht leicht zu beantworten ist.<br \/>\n16.3.2016, Andrea, WO<br \/>\nKann Muslim-Integration in ein verweichlichtes Europa funktionieren?<br \/>\n&#8222;Anders als im hedonistischen Europa, wo Jugendliche, denen der Einlass in eine Disko verweigert wurde, wegen einer posttraumatischen Belastungsst\u00f6rung behandelt werden m\u00fcssen &#8230;&#8220; Ein toller Vergleich, der mich zuerst zum Lachen gebracht hat, mich dann aber doch recht nachdenklich machte. Denn es ist schon so: Wie wird die Integration dieser oftmals mit wirklich existenziellen Problemen konfrontierten Menschen in ein zivilisiertes &#8211; vielleicht auch \u00fcber-zivilisiertes, verweichlichtes, oft auch einfach \u00e4ngstliches &#8211; Europa funktionieren?<br \/>\nBrazolino<br \/>\n<strong>Emergenz: 3 Mio Muslime als Gruppe ver\u00e4ndern die Gesellschaft<\/strong><br \/>\nDas Prinzip ist so einfach wie durchsichtig: man individualisiere den Asylantenstrom, d.h. man breche (die Gruppe von) 1,5 bis 2 Millionen Asylanten auf 1,5 bis 2 Millionen einzelne Asylanten herunter und schon w\u00e4re jeder Schuss ein Verbrechen. Was man verschweigt, ist aber, dass 1,5 bis 2 Millionen einzelne Asylanten nicht dasselbe sind wie 1,5 bis 2 Millionen Asylanten in ihrer Gesamtheit. So wie tausend einzelne B\u00e4ume nicht dasselbe sind wie ein Wald aus tausend B\u00e4umen. Dass das Ganze andere Eigenschaften hatte als seine Teile erkannte schon Aristoteles. Das Ph\u00e4nomen hei\u00dft Emergenz. Will sagen: 1,5 bis 2 Millionen Asylanten entfalten (als Gruppe) eine eigene gesellschaftliche Realit\u00e4t, die sie gesetzm\u00e4\u00dfig, also v\u00f6llig unabh\u00e4ngig vom Willen eines jeden der 1,5 bis 2 Millionen Asylanten, allein durch ihre Existenz hier im Lande, zum Tragen bringen. Das hei\u00dft, sie werden dieses Land politisch, kulturell und religi\u00f6s so ver\u00e4ndern, wie der Islam das seinen Gl\u00e4ubigern vorschreibt. Und wenn man diese Dialektik begriffen hat, wird man \u00fcber Grenzen und Gewalt an Grenzen vielleicht neu nachdenken<br \/>\n3.2.2016, Rudolf Stein<\/p>\n<p>&nbsp;<\/p>\n<p><strong>Gr\u00fcnen-Chefin Peter ganz ehrlich: Auch in 2016 eine Million Fl\u00fcchtlinge<br \/>\n<\/strong>Nach Ansicht von Gr\u00fcnen-Chefin Simone Peter kann Deutschland auch in diesem Jahr eine Million Fl\u00fcchtlinge verkraften. Dazu m\u00fcssten aber zuerst die richtigen Strukturen geschaffen werden, sagte sie am Sonntag dem Sender NDR Info. Zum Beispiel seien Integrations- und Sprachkurse n\u00f6tig. &#8230;. Alles vom 1.2.2016\u00a0auf:<a href=\"https:\/\/www.donaukurier.de\/nachrichten\/topnews\/Deutschland-Fluechtlinge-Parteien-Gruene-Peter-haelt-weitere-Million-Fluechtlinge-fuer-verkraftbar;art154776,3175809#plx1530659424\">https:\/\/www.donaukurier.de\/nachrichten\/topnews\/Deutschland-Fluechtlinge-Parteien-Gruene-Peter-haelt-weitere-Million-Fluechtlinge-fuer-verkraftbar;art154776,3175809#plx1530659424<\/a><\/p>\n<p>Mit diesem Statement offenbart sich Simone Peter als eine der wenigen PolitikerInnen, die <a title=\"Ehrlichkeit\" href=\"https:\/\/www.freiburg-schwarzwald.de\/blog\/engagement\/zukunft\/ehrlichkeit\/\">ehrlich<\/a> und aufrichtig sind. Nach 2015 werden also auch 2016 \u00fcber eine Million Schutzbed\u00fcrftige nach Deutschland fl\u00fcchten. Mit einem Familiennachzug von 4 Personen je Fl\u00fcchtling also insgesamt mindestens 8 Millionen.<br \/>\n2.2.2016<\/p>\n","protected":false},"excerpt":{"rendered":"<p>Home &gt;Global\u00a0&gt;Integration &gt;Fluechtlinge &gt;Fluechtlinge2016 &nbsp; 10 Jahre \u201eWir schaffen das\u201c\u00a0(26.8.2025) Staatsaff\u00e4re Chemnitz: Keine Hetzjagden vor f\u00fcnf Jahren (28.8.2023) Halfen afghanische Ortskr\u00e4fte Deutschland oder ihrem Land?\u00a0(18.8.2021) Deutsche Fl\u00fcchtlingspolitik hat den Blick f\u00fcr Realit\u00e4t verloren (7.3.2017) https:\/\/www.freiburg-schwarzwald.de\/blog\/dreisam-mord-migrant-in-haft\/ (3.12.2016) 50 Mrd Euro Fl\u00fcchtlingskosten &hellip; <a href=\"https:\/\/www.freiburg-schwarzwald.de\/blog\/global\/integration\/fluechtlinge2016\/\">Weiterlesen <span class=\"meta-nav\">&rarr;<\/span><\/a><\/p>\n","protected":false},"author":2,"featured_media":0,"parent":1875,"menu_order":0,"comment_status":"open","ping_status":"closed","template":"","meta":{"footnotes":""},"class_list":["post-59063","page","type-page","status-publish","hentry"],"_links":{"self":[{"href":"https:\/\/www.freiburg-schwarzwald.de\/blog\/wp-json\/wp\/v2\/pages\/59063","targetHints":{"allow":["GET"]}}],"collection":[{"href":"https:\/\/www.freiburg-schwarzwald.de\/blog\/wp-json\/wp\/v2\/pages"}],"about":[{"href":"https:\/\/www.freiburg-schwarzwald.de\/blog\/wp-json\/wp\/v2\/types\/page"}],"author":[{"embeddable":true,"href":"https:\/\/www.freiburg-schwarzwald.de\/blog\/wp-json\/wp\/v2\/users\/2"}],"replies":[{"embeddable":true,"href":"https:\/\/www.freiburg-schwarzwald.de\/blog\/wp-json\/wp\/v2\/comments?post=59063"}],"version-history":[{"count":3,"href":"https:\/\/www.freiburg-schwarzwald.de\/blog\/wp-json\/wp\/v2\/pages\/59063\/revisions"}],"predecessor-version":[{"id":138366,"href":"https:\/\/www.freiburg-schwarzwald.de\/blog\/wp-json\/wp\/v2\/pages\/59063\/revisions\/138366"}],"up":[{"embeddable":true,"href":"https:\/\/www.freiburg-schwarzwald.de\/blog\/wp-json\/wp\/v2\/pages\/1875"}],"wp:attachment":[{"href":"https:\/\/www.freiburg-schwarzwald.de\/blog\/wp-json\/wp\/v2\/media?parent=59063"}],"curies":[{"name":"wp","href":"https:\/\/api.w.org\/{rel}","templated":true}]}}