{"id":59052,"date":"2016-02-02T13:03:10","date_gmt":"2016-02-02T12:03:10","guid":{"rendered":"https:\/\/www.freiburg-schwarzwald.de\/blog\/?page_id=59052"},"modified":"2026-07-07T18:14:27","modified_gmt":"2026-07-07T16:14:27","slug":"sicherheit","status":"publish","type":"page","link":"https:\/\/www.freiburg-schwarzwald.de\/blog\/selbsthilfe\/soziales\/justiz\/sicherheit\/","title":{"rendered":"Sicherheit"},"content":{"rendered":"<p><a href=\"https:\/\/www.freiburg-schwarzwald.de\/blog\">Home<\/a> &gt;<a title=\"Selbsthilfe\" href=\"https:\/\/www.freiburg-schwarzwald.de\/blog\/selbsthilfe\/\">Selbsthilfe<\/a>\u00a0&gt;<a title=\"Soziales\" href=\"https:\/\/www.freiburg-schwarzwald.de\/blog\/soziales\/\">Soziales<\/a> &gt;<a title=\"Justiz\" href=\"https:\/\/www.freiburg-schwarzwald.de\/blog\/selbsthilfe\/soziales\/justiz\/\">Justiz<\/a> &gt;Sicherheit<\/p>\n<div id=\"attachment_58976\" style=\"width: 647px\" class=\"wp-caption alignnone\"><a href=\"https:\/\/www.freiburg-schwarzwald.de\/blog\/kultur\/kunst\/textilart\/winter-eberesche-pan160125\/\" rel=\"attachment wp-att-58976\"><img loading=\"lazy\" decoding=\"async\" aria-describedby=\"caption-attachment-58976\" class=\"wp-image-58976 size-full\" src=\"https:\/\/www.freiburg-schwarzwald.de\/blog\/wp-content\/uploads\/2015\/07\/winter-eberesche-pan160125.jpg\" alt=\"Winter Eberesche 25.1.2016 - TextilArt\" width=\"637\" height=\"312\" srcset=\"https:\/\/www.freiburg-schwarzwald.de\/blog\/wp-content\/uploads\/2015\/07\/winter-eberesche-pan160125.jpg 637w, https:\/\/www.freiburg-schwarzwald.de\/blog\/wp-content\/uploads\/2015\/07\/winter-eberesche-pan160125-180x88.jpg 180w\" sizes=\"auto, (max-width: 637px) 100vw, 637px\" \/><\/a><p id=\"caption-attachment-58976\" class=\"wp-caption-text\">Winter Eberesche 25.1.2016 &#8211; <a title=\"TextilArt\" href=\"https:\/\/www.freiburg-schwarzwald.de\/blog\/kultur\/kunst\/textilart\/\">TextilArt<\/a><\/p><\/div>\n<p>&nbsp;<\/p>\n<ul>\n<li><em>Listenauswahl eines Beitrags (Artikel\/Datum, Seite\/Inhalt):\u00a0<span style=\"text-decoration: underline;\">Klicken<\/span>\u00a0oder scrollen<\/em><\/li>\n<li><a href=\"https:\/\/www.freiburg-schwarzwald.de\/blog\/sport\/baeder\/freibad\/\">Im Schwimmbad zeigt sich, welche Konflikte Deutschland austr\u00e4gt<\/a>\u00a0(3.7.2026)<\/li>\n<li><a href=\"https:\/\/www.freiburg-schwarzwald.de\/blog\/global\/globalisierung\/sicherheitskonferenz\/\">US-Aussenminister Marco Rubio m 14.2.2026 auf der M\u00fcnchner Sicherheitskonferenz \u2013 Redetext<\/a>\u00a0 (14.2.2026)<\/li>\n<li><a href=\"https:\/\/www.freiburg-schwarzwald.de\/blog\/global\/integration\/gewaltimport\/\">Schattenseiten der Migration: Urbaniok \u2013 Kriminalit\u00e4t \u2013 Sicherheit<\/a>\u00a0(12.12.2025)<\/li>\n<li><a href=\"https:\/\/www.freiburg-schwarzwald.de\/blog\/stadtbild-statement-von-merz\/\">Stadtbild-Statement von Merz<\/a>\u00a0(20.10.2025)<\/li>\n<li><a href=\"https:\/\/www.freiburg-schwarzwald.de\/blog\/religion\/islam\/abdel-samad\/\">Hamed Abdel-Samad ben\u00f6tigt in D Polizeischutz, in arabischen L\u00e4ndern nicht<\/a>\u00a0(1.7.2025)<\/li>\n<li><a href=\"https:\/\/www.freiburg-schwarzwald.de\/blog\/selbsthilfe\/soziales\/justiz\/sicherheit\/innere-sicherheit\/\">Sicherheit f\u00fcr Deutschland \u2013 AfD-Positionspapier vom 5.7.2025<\/a>\u00a0(9.7.2025)<\/li>\n<li><a href=\"https:\/\/www.freiburg-schwarzwald.de\/blog\/polizisten-in-d-brauchen-schutz\/\">Polizisten in D brauchen Schutz<\/a>\u00a0(17.5.2025)<\/li>\n<li><a href=\"https:\/\/www.freiburg-schwarzwald.de\/blog\/vereine\/partei\/cdu\/werteunion\/\">Explosion der Messerstechereien \u2013 Maa\u00dfen (WerteUnion) f\u00fcr Liberalisierung des Waffenrechts<\/a>\u00a0(12.8.2024)<\/li>\n<li><a href=\"https:\/\/www.freiburg-schwarzwald.de\/blog\/selbsthilfe\/soziales\/justiz\/polizei\/polizeibeamte\/\">Mannheim Messerangriff Video \u2013 katastrophaler Polizeieinsatz analysiert<\/a>\u00a0(5.6.2024)<\/li>\n<li><a href=\"https:\/\/www.freiburg-schwarzwald.de\/blog\/die-grenzen-schliessen\/\">Die Grenzen schliessen<\/a> (14.10.2023)<\/li>\n<li><a href=\"https:\/\/www.freiburg-schwarzwald.de\/blog\/selbsthilfe\/soziales\/justiz\/sicherheit\/security\/\">Die Bundesregierung sucht Antworten auf kriminelle Clans<\/a> (11.5.2022)<\/li>\n<li><a href=\"https:\/\/www.freiburg-schwarzwald.de\/blog\/selbsthilfe\/krise\/gewalt\/ueberfall\/\">Jeden Tag ein \u00dcberfall in Freiburg \u2013 Nicht der Rede wert<\/a>\u00a0(16.9.2021)<\/li>\n<li><a href=\"https:\/\/www.freiburg-schwarzwald.de\/blog\/optimismus-ohne-pandemie\/\">Optimismus \u2013 ohne Pandemie<\/a>\u00a0(3.4.2021)<\/li>\n<li><a href=\"https:\/\/www.freiburg-schwarzwald.de\/blog\/masochismus-und-angstlust\/\">Masochismus und Angstlust<\/a>\u00a0(25.3.2021)<\/li>\n<li><a href=\"https:\/\/www.freiburg-schwarzwald.de\/blog\/global\/integration\/asyl\/asyl-ausweis\/\">H\u00e4lfte der Zuwanderer kommt ohne Pass<\/a>\u00a0(24.2.2021)<\/li>\n<li><a href=\"https:\/\/www.freiburg-schwarzwald.de\/blog\/selbsthilfe\/soziales\/justiz\/polizei\/polizeibeamte\/\">Palmer: Wenn Polizisten berichten: Wie w\u00e4re es mal mit Zuh\u00f6ren?<\/a>\u00a0(12.11.2020)<\/li>\n<li><a title=\"Partyszene randaliert in S und F\" href=\"https:\/\/www.freiburg-schwarzwald.de\/blog\/partyszene-randaliert-in-s-und-f\/\">Partyszene randaliert in S und F<\/a>\u00a0(21.7.2020)<\/li>\n<li><a title=\"Stuttgart16Mai2020LinkeGewalt\" href=\"https:\/\/www.freiburg-schwarzwald.de\/blog\/selbsthilfe\/krise\/gewalt\/linke-gewalt\/stuttgart16mai2020linkegewalt\/\">Stuttgart am Wochenende 29.6.2020: Gro\u00dfaufgebot der Polizei<\/a>\u00a0(30.6.2020)<\/li>\n<li><a title=\"Sozialismus ohne Sicherheit\" href=\"https:\/\/www.freiburg-schwarzwald.de\/blog\/sozialismus-ohne-sicherheit\/\">Sozialismus ohne Sicherheit \u2013 Albtraum des B\u00fcrgers<\/a>\u00a0(26.6.2020)<\/li>\n<li><a title=\"Strategiepapier \u2013 Risikoanalyse\" href=\"https:\/\/www.freiburg-schwarzwald.de\/blog\/strategiepapier-risikoanalyse\/\">Strategiepapier des BMI vom 29.3.2020 und Risikoanalyse des BBK vom 6.2.2012<\/a>\u00a0(9.4.2020)<\/li>\n<li><a title=\"EU-Gewaltenteilung und Soros\" href=\"https:\/\/www.freiburg-schwarzwald.de\/blog\/eu-gewaltenteilung-und-soros\/\">EU-Gewaltenteilung und Soros<\/a> (6.3.2020)<\/li>\n<li><a title=\"Aussengrenzen nicht sicher\" href=\"https:\/\/www.freiburg-schwarzwald.de\/blog\/aussengrenzen-nicht-sicher\/\">Aussengrenzen nicht sicher<\/a>\u00a0(5.2.2020)<\/li>\n<li>Spiel mit der Polizei: Wenn Hilfswachm\u00e4nner in Uniform durch die Strassen ziehen (2.1.2020)<\/li>\n<li><a title=\"Schweigen zu Augsburg: Nein\" href=\"https:\/\/www.freiburg-schwarzwald.de\/blog\/schweigen-zu-augsburg-nein\/\">Schweigen zu Augsburg: Nein<\/a>\u00a0(12.12.2019)<\/li>\n<li><a title=\"Aufschrei Trauer MeToo \u2013 nichts\" href=\"https:\/\/www.freiburg-schwarzwald.de\/blog\/aufschrei-trauer-metoo-nichts\/\">Aufschrei Trauer MeToo \u2013 Nichts<\/a>\u00a0(11.12.2019)<\/li>\n<li><a title=\"Weihnachten\" href=\"https:\/\/www.freiburg-schwarzwald.de\/blog\/religion\/kirchen\/weihnachten\/\">Augsburger Christkindlesmarkt: 49-J\u00e4hriger totgeschlagen<\/a>\u00a0(8.12.2019)<\/li>\n<li><a title=\"Warnung: Hans-Juergen Papier\" href=\"https:\/\/www.freiburg-schwarzwald.de\/blog\/warnung-hans-juergen-papier\/\">Warnung: Hans-Juergen Papier<\/a>\u00a0(26.11.2019)<\/li>\n<li><a title=\"Freiheit\" href=\"https:\/\/www.freiburg-schwarzwald.de\/blog\/engagement\/zukunft\/demokratie\/freiheit\/\">Freiheit stirbt mit Sicherheit<\/a> (24.10.2019)<\/li>\n<li><a href=\"https:\/\/www.freiburg-schwarzwald.de\/blog\/polizei-im-geordneten-rueckzug\/\">https:\/\/www.freiburg-schwarzwald.de\/blog\/polizei-im-geordneten-rueckzug\/<\/a>\u00a0(24.7.2019)<\/li>\n<li><a title=\"Extremismus\" href=\"https:\/\/www.freiburg-schwarzwald.de\/blog\/engagement\/zukunft\/demokratie\/extremismus\/\">Gegen extremistische Gewalt: Es geht nicht um rechts oder links \u2013 es geht um wir oder die<\/a>\u00a0(18.6.2019)<\/li>\n<li><a title=\"Linke-Gewalt\" href=\"https:\/\/www.freiburg-schwarzwald.de\/blog\/selbsthilfe\/krise\/gewalt\/linke-gewalt\/\">254 linksextremistische Straftaten und 71 rechtsextremistische Straftaten<\/a>\u00a0(20.6.2019)<\/li>\n<li><a href=\"https:\/\/www.freiburg-schwarzwald.de\/blog\/polizei-kriminalstatistik-2018\/\">https:\/\/www.freiburg-schwarzwald.de\/blog\/polizei-kriminalstatistik-2018\/<\/a>\u00a0(4.4.2019)<\/li>\n<li>Nach Gruppenvergewaltigung: 20.000 offene Haftbefehle gegen Migranten &#8211; sind wir sicher? (21.11.2018)<\/li>\n<li>Gewalt der Migranten ver\u00e4ndert Deutschland (4.3.2018)<\/li>\n<li>Fl\u00fcchtlingskriminalit\u00e4t: Staat hat innere Sicherheit nicht mehr im Griff (30.12.2017)<\/li>\n<li><a title=\"Meinungsfreiheit\" href=\"https:\/\/www.freiburg-schwarzwald.de\/blog\/kultur\/medien\/meinungsfreiheit\/\">Migrationspolicy erfordert Freies Denken ohne Political Correctness<\/a> (13.10.2017)<\/li>\n<li>Muslimische Migranten haben h\u00f6chste Kriminalit\u00e4tsrate (22.5.2017)<\/li>\n<li>Staatsversagen &#8211; Funktionsunf\u00e4higkkeit der Sicherheitsbeh\u00f6rden (23.12.2016)<\/li>\n<li>Der Virus der Verunsicherung (3.12.2016)<\/li>\n<li>Bassam Tibi: Sicherheitspolitik rangiert vor humanit\u00e4rer Politik (23.10.2016)<\/li>\n<li><a title=\"Kriminalitaet\" href=\"https:\/\/www.freiburg-schwarzwald.de\/blog\/selbsthilfe\/krise\/gewalt\/kriminalitaet\/\">Fl\u00fcchtlinge sind in FR \u00fcber 10 mal so h\u00e4ufig an Raub\u00fcberf\u00e4llen beteiligt<\/a> &gt;Kriminalitaet (4.4.2016)<\/li>\n<li>Deutschland &#8211; Einfalltor f\u00fcr kriminelle junge M\u00e4nner (6.2.2016)<\/li>\n<li>Karnevalsumzug abgesagt wegen Fl\u00fcchtlingen (3.2.2016)<\/li>\n<li>HartAberFair: Polizei und Justiz &#8211; k\u00f6nnen den Laden dichtmachen (2.2.2016)<\/li>\n<li>\u00a0.<\/li>\n<li><a href=\"https:\/\/www.freiburg-schwarzwald.de\/blog\/global\/integration\/asyl\/asyl-ausweis\/\">Asyl-Ausweis<\/a><\/li>\n<li>Security &#8211; Wachschutz<\/li>\n<li><a title=\"Extremismus\" href=\"https:\/\/www.freiburg-schwarzwald.de\/blog\/engagement\/zukunft\/demokratie\/extremismus\/\">Extremismus<\/a><\/li>\n<li><a title=\"Migration-Maenner\" href=\"https:\/\/www.freiburg-schwarzwald.de\/blog\/global\/migration\/migration-maenner\/\">Fl\u00fcchtlinge<\/a><\/li>\n<li><a title=\"Gefaengnis\" href=\"https:\/\/www.freiburg-schwarzwald.de\/blog\/selbsthilfe\/soziales\/justiz\/gefaengnis\/\">Gefaengnis<\/a><\/li>\n<li><a href=\"https:\/\/www.freiburg-schwarzwald.de\/blog\/selbsthilfe\/soziales\/justiz\/sicherheit\/innere-sicherheit\/\">Innere-Sicherheit<\/a><\/li>\n<li><a title=\"Justiz\" href=\"https:\/\/www.freiburg-schwarzwald.de\/blog\/selbsthilfe\/soziales\/justiz\/\">Justiz<\/a><\/li>\n<li><a title=\"Ordnungsdienst\" href=\"https:\/\/www.freiburg-schwarzwald.de\/blog\/selbsthilfe\/soziales\/justiz\/ordnungsdienst\/\">Kommunaler Ordnungsdienst<\/a> KOD &gt;Ordnungsdienst<\/li>\n<li><a title=\"Kriminalitaet\" href=\"https:\/\/www.freiburg-schwarzwald.de\/blog\/selbsthilfe\/krise\/gewalt\/kriminalitaet\/\">Kriminalit\u00e4t<\/a><\/li>\n<li><a title=\"Ordnungsdienst\" href=\"https:\/\/www.freiburg-schwarzwald.de\/blog\/selbsthilfe\/soziales\/justiz\/ordnungsdienst\/\">Ordnungsdienst<\/a> &gt;Ordnungsdienst<\/li>\n<li><a title=\"Ordnungsstaat\" href=\"https:\/\/www.freiburg-schwarzwald.de\/blog\/selbsthilfe\/soziales\/justiz\/ordnungsstaat\/\">Ordnungsstaat<\/a><\/li>\n<li><a title=\"Paralleljustiz\" href=\"https:\/\/www.freiburg-schwarzwald.de\/blog\/selbsthilfe\/soziales\/justiz\/paralleljustiz\/\">Paralleljustiz<\/a><\/li>\n<li><a title=\"Polizei\" href=\"https:\/\/www.freiburg-schwarzwald.de\/blog\/selbsthilfe\/soziales\/justiz\/polizei\/\">Polizei<\/a><\/li>\n<li><a href=\"https:\/\/www.freiburg-schwarzwald.de\/blog\/selbsthilfe\/soziales\/justiz\/polizei\/polizeibeamte\/\">Polizeibeamte<\/a><\/li>\n<li><a title=\"Rechtsstaat\" href=\"https:\/\/www.freiburg-schwarzwald.de\/blog\/selbsthilfe\/soziales\/justiz\/rechtsstaat\/\">Rechtsstaat<\/a><\/li>\n<li><a href=\"https:\/\/www.freiburg-schwarzwald.de\/littenweiler\/stadtfreiburg.htm#Sicheres Freiburg e.V.\">Sicheres Freiburg e.V<\/a>. &gt;StadtFreiburg<\/li>\n<li><a href=\"https:\/\/www.freiburg-schwarzwald.de\/blog\/global\/globalisierung\/sicherheitskonferenz\/\">Sicherheitskonferenz M\u00fcnchen MSC<\/a><\/li>\n<li><a title=\"Staatsversagen\" href=\"https:\/\/www.freiburg-schwarzwald.de\/blog\/engagement\/zukunft\/demokratie\/staatsversagen\/\">Staatsversagen<\/a><\/li>\n<li><a title=\"Unsicher\" href=\"https:\/\/www.freiburg-schwarzwald.de\/blog\/selbsthilfe\/frauen\/unsicher\/\">Unsicher<\/a><\/li>\n<li><a title=\"Weisser-Ring\" href=\"https:\/\/www.freiburg-schwarzwald.de\/blog\/selbsthilfe\/soziales\/justiz\/weisser-ring\/\">Weisser Ring<\/a><\/li>\n<li><a title=\"Zivilcourage\" href=\"https:\/\/www.freiburg-schwarzwald.de\/blog\/engagement\/zivilcourage\/\">Zivilcourage<\/a><\/li>\n<\/ul>\n<p>&nbsp;<\/p>\n<p>.<\/p>\n<p><strong>Nach Gruppenvergewaltigung: 20.000 offene Haftbefehle gegen Migranten &#8211; sind wir sicher?<\/strong><br \/>\nMein Verstand kann es nicht fassen: <strong><em>Wir haben es der <a title=\"Gruppenvergewaltigung\" href=\"https:\/\/www.freiburg-schwarzwald.de\/blog\/selbsthilfe\/krise\/sexuellermissbrauch\/gruppenvergewaltigung\/\">Massenvergewaltigung (in Freiburg)<\/a> zu verdanken, dass der Hauptverd\u00e4chtige hinter Gitter kam.<\/em><\/strong> Ein schwerer Raub h\u00e4tte ihn vielleicht auch hinter Gitter gebracht \u2013 vorausgesetzt, die Opfer h\u00e4tten noch eine Aussage machen k\u00f6nnen. Aber keine Sorge, Baden-W\u00fcrttemberg ist ein sicheres Land \u2013 vorausgesetzt, wir machen aus unserem Eigentum einen Hochsicherheitstrakt, lassen das Getr\u00e4nk in der Disco nicht unbeaufsichtigt, vermeiden, nachts alleine unterwegs zu sein, halten uns von bekannten Gefahrenpl\u00e4tzen fern, ziehen das Frauentaxi \u00f6ffentlichen Verkehrsmitteln vor, vermeiden bei dubiosen Telefonanrufen ein &#8222;Ja&#8220;, \u00f6ffnen die Haust\u00fcr ausschlie\u00dflich, nachdem wir uns vergewissert haben, wer vor der T\u00fcr steht<br \/>\n&#8230;<br \/>\nWas die 20 000 offenen Haftbefehle betrifft: Nein, wir m\u00fcssen nicht zwingend davon ausgehen, dass alle T\u00e4ter noch einen Mord oder Raub aus\u00fcben oder sich an Massenvergewaltigungen beteiligen werden. Aber wir Frauen und M\u00e4nner, B\u00fcrgerinnen und B\u00fcrger dieses Landes, sollten dennoch sehr wachsam sein, denn unsere Politiker investieren mehr Energie in gegenseitige Schuldzuweisungen als in konkrete Weichenstellungen f\u00fcr eine sicherere Zukunft.<br \/>\n21.11.2018, Marianne Bill, Wittnau, BZO<br \/>\n.<br \/>\n<strong>Gewalt der Migranten ver\u00e4ndert Deutschland<\/strong><br \/>\nDie Gewalt auf unseren Stra\u00dfen versetzt B\u00fcrger in Angst. Die Justiz bagatellisiert, die Politik mauert. Nur die entsetzlichsten Taten schaffen es in die Schlagzeilen. Antr\u00e4ge auf \u201ekleine Waffenscheine\u201c nahmen in nur zwei Jahren um 85 Prozent zu: Selbstschutz, weil der Staat versagt&#8230;..<br \/>\n\u201eEs gibt die strikte Anweisung der Beh\u00f6rdenleitung, \u00fcber Vergehen, die von Fl\u00fcchtlingen begangen werden, nicht zu berichten. Nur direkte Anfragen von Medienvertretern zu solchen Taten sollen beantwortet werden\u201c, sagte ein hoher Polizeibeamter der \u201eBild\u201c. Warum? Das erkl\u00e4rt ein Sprecher des hessischen Innenministeriums so: \u201eDas Thema \u201aFl\u00fcchtlinge\u2018 k\u00f6nnte von Rechtsextremisten instrumentalisiert werden, um gezielt Stimmung gegen Schutzsuchende zu sch\u00fcren.\u201c &#8230; Alles vom 5.3.2018 bitte lesen auf<br \/>\n<a href=\"https:\/\/www.tichyseinblick.de\/meinungen\/gewalt-veraendert-deutschland\/2\/\">https:\/\/www.tichyseinblick.de\/meinungen\/gewalt-veraendert-deutschland\/2\/<\/a><\/p>\n<p><strong>Hier finden sie \u00fcber 500 Statistiken + Zehntausende Einzelf\u00e4lle + No Go Zonen<\/strong> https:\/\/luegenpresse2.wordpress.com\/300-kriminalstatistiken-karten-listen-mit-vergewaltigungenmassenschlaegereien-etc-no-go-zonen\/<\/p>\n<p><strong>Deutschland hatte am 24.9.2017 die Messerstecher-Gewalt gew\u00e4hlt<\/strong><br \/>\nAm 24. September hatten die Deutschen die M\u00f6glichkeit, den katastrophalen Weg in den Untergang zu stoppen. Sie haben sich aber in einer freien (!) und geheimen Wahl mit einer Mehrheit von 87 % f\u00fcr die Fortsetzung der Selbstzerst\u00f6rung Deutschlands und seiner B\u00fcrger entschieden. Sie haben sich auch daf\u00fcr entschieden, dass der deutsche Steuerzahler pro Jahr mindestens 60 Milliarden Euro (750 \u20ac pro B\u00fcrger, d.h. 1.500 Euro pro Steuerzahler) f\u00fcr die Finanzierung dieser sp\u00e4tr\u00f6mischen Spiele zahlt, wobei er selbst nicht etwa bequem auf der Trib\u00fcne sitzt, sondern in der Arena zerfleischt wird. Geliefert wie bestellt. Warum also jetzt dieses Gejammer?<br \/>\n5.3.2018, Gerhard R., TO<\/p>\n<p>.<\/p>\n<p><strong>Fl\u00fcchtlingskriminalit\u00e4t: Staat hat innere Sicherheit nicht mehr im Griff<\/strong><br \/>\nSo \u00e4u\u00dfersten sich etwa 85 Prozent der in der besagten Studie Befragten skeptisch, dass \u201eunsere Gesellschaft in der Lage sein wird, ein gutes Zusammenleben von Deutschen und Fl\u00fcchtlingen zu erm\u00f6glichen\u201c. 61 Prozent erwarten eine steigende Kriminalit\u00e4t, 49 Prozent mehr Hass und Gewaltbereitschaft.<br \/>\n<strong>Integration, Kriminalit\u00e4t, Gewaltbereitschaft<br \/>\n\u2013 der gemeinsame Nenner dieser drei Begriffe ist die innere Sicherheit.<\/strong><br \/>\nInnere Sicherheit bedeutet Freiheit, also Lebensqualit\u00e4t. Denn nichts schr\u00e4nkt das Leben mehr ein als die Furcht vor Gewalt, die Sorge um Eigentum und Gesundheit oder das Gef\u00fchl, ganze Stra\u00dfenz\u00fcge, U-Bahnstationen oder Parks besser zu meiden. Doch die innere Sicherheit ist Aufgabe der Politik. Und so sind die pessimistischen Einsch\u00e4tzungen der Menschen auch eine Misstrauenserkl\u00e4rung an die politisch Verantwortlichen.<br \/>\n&#8230; Alles von Alexander Grau vom 30.12.2017 bitte lesen auf<br \/>\n<a href=\"https:\/\/www.cicero.de\/wirtschaft\/sorgen-trotz-wohlstand-die-zukunft-ist-auch-nicht-mehr-das-was-sie-mal-war\">https:\/\/www.cicero.de\/wirtschaft\/sorgen-trotz-wohlstand-die-zukunft-ist-auch-nicht-mehr-das-was-sie-mal-war<br \/>\n<\/a>\u00a0.<br \/>\n<strong>Politik zwangsbegl\u00fcckt die B\u00fcrger durch Gesellschafts-Engineering<\/strong><br \/>\n&#8222;In der kindischen Annahme, in einer sich rasant ver\u00e4ndernden Welt sei es ihre Aufgabe, die Gesellschaft zu modernisieren (was immer das hei\u00dfen soll), erh\u00f6ht die Politik den Ver\u00e4nderungsdruck auf die Menschen noch zus\u00e4tzlich, indem sie sie mittels Gesellschafts-Engineering zwangsbegl\u00fcckt.&#8220;<br \/>\nDiesem Satz ist nicht viel hinzuzuf\u00fcgen au\u00dfer vielleicht: Was erlauben sich diese Politiker eigentlich? Was oder wer glauben sie zu sein? Welchen Respekt haben Sie vor den B\u00fcrgern?<br \/>\nL\u00fcgen folgen L\u00fcgen um L\u00fcgen zu verbergen, das ist das Dilemma. Und wir stehen vor einem gro\u00dfen Berg von L\u00fcgen. Das bedingt das Unbehagen.<br \/>\n30.12.2017, N. Hamanda, AO<br \/>\n.<br \/>\nZukunft wird wahrscheinlich nicht das sein, Herr Grau, was uns die Politiker weismachen wollen. \u00dcbervolle Kassen auf Bundes-, Landes- und Kommunalebene, das widerspricht doch den Berichten \u00fcber die katastrophalen Verh\u00e4ltnisse des \u00f6ffentlichen Verkehrsnetzes, \u00fcber den erschreckenden Notstand im Krankenhaus- und Pflegedienstbereich, \u00fcber die Zunahme von Tafel-abh\u00e4ngigen Menschen, \u00fcber die Unterversorgung der gesetzlichen Krankenkassen durch den Bund &#8211; und das sind nur einige Tatbest\u00e4nde, die viele B\u00fcrger an der gesicherten Zukunft zweifeln lassen. Ganz zu schweigen von dem Dauerthema &#8222;Integration kulturfremder Fl\u00fcchtlinge&#8220;. Wenn ich auf dieses Tableau schaue, verliere ich die Zuversicht, da\u00df die Zukunft f\u00fcr unsere Kinder und Kindeskinder die sein wird, die uns die Politiker einreden wollen: sicher, stabil und friedlich.<br \/>\n30.12.2017, Gudrun Philipp, AO<br \/>\n.<br \/>\n<strong>Die Politik nimmt uns die Zukunft<\/strong><br \/>\n&#8222;Aufgabe der Politik in solchen Zeiten w\u00e4re es, Sicherheit herzustellen&#8220;. Das stimmt, Herr Grau. Doch es passiert genau das Gegenteil. Die deutsche Politik unter Federf\u00fchrung Merkels macht seit Jahren das genaue Gegenteil. Mit ihrer Fl\u00fcchtlingspolitik nimmt sie uns und vor allem unseren Kindern die innere Sicherheit und auch die Zukunft. Milliarden Euro werden f\u00fcr sogen. Schutzsuchende ausgegeben, obwohl es mittlerweile die Spatzen von den D\u00e4chern pfeifen, dass diese Menschen niemals auch nur einen Bruchteil dieses Geldes zur\u00fcckzahlen werden. Geld, dass eigentlich dazu dienen m\u00fcsste, die Infrastruktur und das Bildungssystem des Landes zu verbessern. Und das Paradoxe ist, dass die deutsche Bev\u00f6lkerung nun selbst Schutz vor diesen Schutzsuchenden ben\u00f6tigt. Weihnachtsm\u00e4rkte werden mit Betonteilen gesch\u00fctzt, f\u00fcr Frauen gibt es zu Silvester &#8222;Schutz&#8220;-Zelte. Soll so das Land aussehen, in dem wir gut und gerne leben? Glaubt noch jemand daran, dass sich die Lage jemals bessert? Mit Merkel?<br \/>\n30.12.2017, Wolfgang Tr\u00f6bner, AO<\/p>\n<p>&nbsp;<\/p>\n<p>&nbsp;<\/p>\n<p>&nbsp;<\/p>\n<p>M<strong>uslimische Migranten haben h\u00f6chste Kriminalit\u00e4tsrate<\/strong><br \/>\nDeutschland nahm mehr Asylbewerber aus muslimischen und afrikanischen L\u00e4ndern auf als alle anderen europ\u00e4ischen L\u00e4nder sowie Australien, Neuseeland und die USA zusammen. Da dieser Zustrom anh\u00e4lt, wird auch die Gewaltbereitschaft weiterhin zunehmen, auch wenn dieser Zusammenhang gern als \u201eracial profiling\u201c diskreditiert wird. Geht man in die Tiefe der PKS und ih\u00adrer Tabelle 61, in der die teilweise ver\u00adschleierte Herkunft der T\u00e4ter aufge\u00adf\u00fchrt wird, erh\u00e4lt man alarmierende Einsichten.<br \/>\nGesamtkriminalit\u00e4t: Hier betr\u00e4gt die Relation von Deutschen zu Asylbe\u00adwerbern 1:7,3 und von Deutschen zur Gesamtgruppe der Ausl\u00e4nder 1:3,6. Oder anders ausgedr\u00fcckt: Auf 100 deutsche tatverd\u00e4chtige Kriminelle ka\u00admen 730 Asylbewerber beziehungswei\u00adse 360 Ausl\u00e4nder. &#8230;<br \/>\nAlles vom 22.5.2017 bitte lesen auf<br \/>\n<a href=\"https:\/\/www.tichyseinblick.de\/tichys-einblick\/auslaenderkriminalitaet-die-gewaltspirale-dreht-sich\/\">https:\/\/www.tichyseinblick.de\/tichys-einblick\/auslaenderkriminalitaet-die-gewaltspirale-dreht-sich\/<br \/>\n<\/a>\u00a0 .<br \/>\n<strong>Staatsversagen &#8211; Funktionsunf\u00e4higkkeit der Sicherheitsbeh\u00f6rden<\/strong><br \/>\nNiemand Verst\u00e4ndiger behauptet, dass Fl\u00fcchtlinge und andere Migranten per se kriminell seien. Nein, das sind sie nicht. Aber die Schlingel und Schufte, die in Europa und Nordafrika unterwegs sind, haben ihre Chance genutzt \u2013 und eben auch die Attent\u00e4ter. Der <a title=\"Dreisam-Mord\" href=\"https:\/\/www.freiburg-schwarzwald.de\/blog\/global\/integration\/dreisam-mord\/\">vermutliche T\u00e4ter von Freiburg<\/a> wurde in Griechenland zu 10 Jahren Gef\u00e4ngnisstrafe verurteilt, weil er eine Frau eine Klippe hinabstiess. Er hat eine Amnestie benutzt, um nach Deutschland zu gelangen \u2013 unkontrolliert, denn Kontrolle ist nicht m\u00f6glich, sagt die Kanzlerin&#8230;.<br \/>\nDer vermutliche <a title=\"Berlin19dez2016\" href=\"https:\/\/www.freiburg-schwarzwald.de\/blog\/engagement\/zukunft\/demokratie\/berlin19dez2016\/\">M\u00f6rder von Berlin<\/a> wurde wegen Brandstiftung in Italien verurteilt; er gelangte ohne Kontrolle nach Deutschland.<br \/>\nDen harten Kern der Frauensch\u00e4nder in K\u00f6ln, D\u00fcsseldorf, Hamburg und anderen St\u00e4dten bilden Nordafrikaner. Die allermeisten haben keinerlei Anspruch auf Asyl. Sie sind nach Deutschland gekommen, weil der Staat keine Kontrolle mehr hat, wer kommt, wie viele, wo sie bei uns sind und was sie tun.<br \/>\nDer vermutliche T\u00e4ter von Berlin konnte nicht abgeschoben werden. Der Grund liegt in der katastrophalen \u00dcberforderung von Verwaltungsgerichten, Polizei und Vollzug. Und in dem vom rechten Weg des Rechtsstaates abgekommenen Rechtswege-Staat. Das Asylrecht und der Staatsapparat sind ausgelegt auf einige zehntausend Asylsuchende. Die derzeitigen Verfahren, man muss einschlie\u00dflich der zweiten und dritten Instanz und Beschwerden von 500.000 bis 1 Million F\u00e4llen oder noch mehr ausgehen, haben den Verfahrensweg in den Kollaps, in die Funktionsunf\u00e4higkeit gest\u00fcrzt. Das kommt von der unbegrenzten Grenz\u00f6ffnung und dem Verzicht auf jegliche Kontrolle, was die Bundeskanzlerin zu verantworten hat. Diese Fl\u00fcchtlinge und Migranten sind Merkels Fl\u00fcchtlinge und Migranten. Die SPD hat jeden Versuch blockiert, etwa mit Transitzonen den unbegrenzten Zustrom zu ordnen. Daf\u00fcr tr\u00e4gt Sigmar Gabriel die Verantwortung.<br \/>\n&#8230;.. Alles von Roland Tichy vom 23.12.2016 bitte lesen auf<br \/>\n<a href=\"https:\/\/www.achgut.com\/artikel\/frau_bundeskanzlerin_treten_sie_zurueck\">https:\/\/www.achgut.com\/artikel\/frau_bundeskanzlerin_treten_sie_zurueck<\/a><br \/>\n.<br \/>\n<strong>Vertrauen in Staatsorgane ist gef\u00e4hrdet &#8211; Staatsversagen<\/strong><br \/>\n\u201eSelbst wenn Amri nicht der T\u00e4ter dieses konkreten Verbrechens (Berlin Weihnachtsmarkt) sein sollte, sind \u00fcber ihn Dinge bekannt geworden, die in den Augen der Deutschen die Arbeit ihrer Sicherheitsdienste in Zweifel ziehen. Die Rezepte der Xenophoben sind pauschal und einfach: verbieten, nicht hereinlassen. Wenn der Staat seinen B\u00fcrgern beweisen will, dass diese Rezepte schlecht und letztlich auch unwirksam sind, gibt es daf\u00fcr nur einen Weg: Er muss zeigen, dass er (unter den Fl\u00fcchtlingen) die Spreu vom Weizen trennen kann. Der Fall Amri ist kein guter Beleg daf\u00fcr. \u201ePravda\u201c, Slowakei, 223.12.2016<br \/>\n.<br \/>\n<strong>Berlin-Terrorist in Italien erschossen<\/strong><br \/>\nWarum war das in Italien m\u00f6glich und hier nicht (nach dem <a title=\"Berlin19dez2016\" href=\"https:\/\/www.freiburg-schwarzwald.de\/blog\/engagement\/zukunft\/demokratie\/berlin19dez2016\/\">\u00dcberfall in Berlin<\/a> 19.12.2016). Weil in Deutschland jeder Polizist sofort des Racial Profilings bezichtigt wird. Hier kann man keinen Ausl\u00e4nder \u00fcberpr\u00fcfen, ohne das die Gr\u00fcn-Rote Bruderschaft, sowie die Justiz im Nachhinein \u00fcber die Beamten herf\u00e4llt. &#8230;<br \/>\nIn Deutschland h\u00e4tte der T\u00e4ter nicht \u00fcberpr\u00fcft werden d\u00fcrfen weil das gehei\u00dfen h\u00e4tte, Dunkelh\u00e4utige &#8222;unter Generalverdacht zu stellen&#8220;. Deshalb haben es die T\u00e4ter bei uns besser als anderswo. &#8230;<br \/>\nIn Deutschland h\u00e4tte man die beiden an den Pranger gestellt! Rot Gr\u00fcn h\u00e4tte gesagt das man ihn auch h\u00e4tte verwunden k\u00f6nnen.<br \/>\n23.12.2016, Gabor S. , WO<\/p>\n<p><strong>Der Virus der Verunsicherung<\/strong><\/p>\n<p>Die Politik habe sich allzu sehr mit Minderheiten abgeben, lautet eine zweite Erkl\u00e4rung (zur Verunsicherung der B\u00fcrger). Im Hochgef\u00fchl des Sieges des \u00f6ko-libert\u00e4ren Lebensstils \u00fcber spie\u00dfige Enge aus fr\u00fcherer Zeit habe man den Exoten gehuldigt und die Normalos vergessen. Richtig daran ist, dass heutzutage ein dezent konservativer Gr\u00fcner wie Winfried Kretschmann schon Protest erntet, wenn er es nur wagt, die klassische Ehe als Normalfall zu loben. &#8230; Alles von Thomas Fricker vom 3.12.2016 bitte lesen auf<br \/>\n<a href=\"https:\/\/www.badische-zeitung.de\/der-virus-der-verunsicherung\">https:\/\/www.badische-zeitung.de\/der-virus-der-verunsicherung<\/a><br \/>\n.<br \/>\n<strong>Euro-Politik zu Lasten Deutschlands verunsichert<\/strong><br \/>\nBekanntlich ist f\u00fcr den Schmied jedes Werkzeug ein Hammer und f\u00fcr den Volkswirt ist jedes Problem ein \u00d6konomisches. Ja die Menschen in Deutschland und Europa(!) sind verunsichert. Wir h\u00f6ren aber auch nicht wirklich auf Experten. Wir h\u00f6ren zwar schon zu, halten uns aber Null an deren Empfehlungen, sondern machen oft das vollkommene Gegenteil.<br \/>\nVor dem Euro wurde intensivst darauf hingewiesen, dass nur \u00f6konomisch \u00e4hnliche bzw. fast gleiche Wirtschaftsr\u00e4ume in einem W\u00e4hrungsraum zusammenkommen d\u00fcrfen. Deshalb der ganze Maastricht Kriterienkram. Dieser Expertenrat wurde politisch in den Wind geschossen.<br \/>\nJetzt stellt man fest, dass L\u00e4nder die nie in diesem W\u00e4hrungsraum aufgenommen werden h\u00e4tten d\u00fcrfen, \u00f6konomisch abgeh\u00e4ngt sind und ihre Wettbewerbsf\u00e4higkeit verloren haben. Der Verlust \u00f6konomischer Wettbewerbsf\u00e4higkeit f\u00fchrt aber zu beliebig vielen negativen politischen und kulturellen Nebenwirkungen. Das stellen wir alle aktuell fest und sind verunsichert.<br \/>\nJetzt kann man harte Schnitte machen oder sich jahrelang durchlavieren. Das ist am Ende eine politische Entscheidung.<br \/>\n3.12.2016, Martin Synowzik, BO<br \/>\n.<br \/>\n<strong>Mittlere Einkommen sinken in D und USA: Deshalb Unsicherheit, deshalb Trump<\/strong><br \/>\nSahra Wagenknecht brachte es nach dem Sieg von Donald Trump sehr sch\u00f6n auf den Punkt: das mittlere Einkommen (Medianeinkommen) in den USA liegt aktuell auf dem Niveau von 1985. Daher ist es keine \u00dcberraschung, dass so viele Trump gew\u00e4hlt haben. Die gleiche Entwicklung sehen wir auch in Deutschland. Das DIW hat die Zahlen und Fakten f\u00fcr die USA und Deutschland: https:\/\/www.diw.de\/documents\/publikationen\/73\/diw_01.c.533036.de\/16-18.pdf<br \/>\nGanz wichtig: trotz starkem Arbeitsmarkt ist der Anteil mittlerer Einkommensbezieher in Deutschland nicht gestiegen! Statt \u00fcber das Lebensgef\u00fchl der waschechten Normalb\u00fcrger zu schreiben, sollten sie sich besser mit deren Lebensrealit\u00e4t auseinandersetzen. Die ist n\u00e4mlich gepr\u00e4gt von realen Zukunftssorgen und Abstiegs\u00e4ngsten. Der vermeintliche wirtschaftliche Aufschwung in Deutschland kommt n\u00e4mlich nur bei sehr weingen an. Seit 2011 stagniert die deutsche Wirtchaft. In ihrem Blatt ist davon aber keine Rede. Also bitte mehr Fakten und weniger Gef\u00fchlsduselei. Weitere Anhaltspunkte f\u00fcr den Wahlerfolg von Donald Trump findet man bei der Zeit. Der zentrale Punkt ist auch hier die Wirtschaftspolitik:<br \/>\n<a href=\"https:\/\/www.zeit.de\/politik\/ausland\/2016-11\/donald-trumps-wahlsieg-us-wahl-waehler-gruende\">https:\/\/www.zeit.de\/politik\/ausland\/2016-11\/donald-trumps-wahlsieg-us-wahl-waehler-gruende<\/a><br \/>\n3.12.2016, Thomas Bender<br \/>\n.<br \/>\n<strong>Drei Gruppen: Fl\u00fcchtlingsgegner, -helfer und -verg\u00f6tterer<\/strong><br \/>\nAus meiner Sicht gibt es in der Fl\u00fcchtlingsdebatte 3 unterschiedliche Gruppen:<br \/>\nDie erste Gruppe ist grunds\u00e4tzlich gegen Fl\u00fcchtlinge eingestellt und m\u00f6chte, dass alle das Land wieder verlassen.<br \/>\nDie zweite Gruppe ist grunds\u00e4tzlich bereit, verfolgten Menschen zu helfen, sieht aber auch, dass sehr viele Problemf\u00e4lle ins Land gekommen sind. Diese Gruppe m\u00f6chte, dass kriminelle Fl\u00fcchtlinge hart bestraft und anschlie\u00dfend abgeschoben werden.<br \/>\nDie dritte Gruppe relativiert und verharmlost s\u00e4mtliche Probleme des Fl\u00fcchtlingszustroms. F\u00fcr sie handelt es sich immer um bedauerliche Einzelf\u00e4lle, bei denen genausogut Deutsche die T\u00e4ter h\u00e4tte sein k\u00f6nnen. Sie l\u00e4sst den Fl\u00fcchtlingen ein Verhalten durchgehen, dass sie bei Einheimischen aufs Sch\u00e4rfste kritisieren w\u00fcrde, z. B. das menschenverachtende Frauenbild.<br \/>\nHerrn Stockbauer z\u00e4hle ich in diese dritte Gruppe. Aus diesem Grund sind Diskussionen mit ihm auch sinnlos. Er wird seine Sichtweise allerh\u00f6chstens \u00e4ndern, wenn er oder jemand aus seiner Familie selbst zum Opfer geworden ist. Mich selbst z\u00e4hle ich noch immer zur zweiten Gruppe. Allerdings kann ich die nachl\u00e4ssige Haltung des Staates gegen\u00fcber kriminellen Fl\u00fcchtlingen immer weniger akzeptieren. Au\u00dferdem \u00e4rgere ich mich immer st\u00e4rker \u00fcber die Vertreter der dritten Gruppe, die jegliche Kritik mit der Nazi-Keule abschmettern. Ich f\u00fcrchte daher den Trump-Effekt und dass ich fr\u00fcher oder sp\u00e4ter in der ersten Gruppe landen werde.<br \/>\n4.12.2016, Uwe Laiberg<br \/>\n.<br \/>\n<strong>Gruppe der Fl\u00fcchtlingshelfer wird in Richtung Asylgegner abdriften<\/strong><br \/>\nHerr Laiberg, ihre Einteilung in drei Gruppen sehe ich genauso. ich w\u00fcrde noch erg\u00e4nzen, da\u00df die Gruppe der Beschwichtiger wohl auch bei Ihrer meinung bleiben wird. Einzig eine direkte Betroffenheit k\u00f6nnte das \u00e4ndern. Auch die Gruppe der alle Integration Ablehnenden wird ihre Meinung nicht \u00e4ndern. Sorge bereitet mir tats\u00e4chlich die von ihnen genannte zweite Gruppe, die ich langsam aber sicher in die in Richtung der Asylgegner antriften sehe. Und Schuld daran sind diejenigen, die sich weigern anzuerkennen, da\u00df wir uns Probleme ins Land geholt haben. Diese Rosa-Brillen-Tr\u00e4ger kann ich \u00fcberhaupt nicht verstehen.<br \/>\n4.12.2016, Heiner Dubois<br \/>\n.<br \/>\n<strong>Bassam Tibi: Sicherheitspolitik rangiert vor humanit\u00e4rer Politik<\/strong><br \/>\nUnd es kommt noch folgender Faktor hinzu: Jeder Staat hat ein nationales Interesse und muss seine Politik dementsprechend gestalten. Islamisten, die in ihren eigenen islamischen L\u00e4nder verfolgt werden, sollte also kein Asylrecht in Deutschland gew\u00e4hrt werden. Sie sind ein Risiko f\u00fcr das nationale Interesse des Landes. Man muss dieses Tabu brechen und klar sagen, dass Sicherheitspolitik der humanit\u00e4ren Politik gleichrangig sein muss, wenn der Rechtsstaat keine Selbstverleugnung betreiben will. Ich m\u00f6chte folgende <strong>drei Gefahren f\u00fcr das nationale Interesse eines demokratischen Rechtsstaates anf\u00fchren, die durch Migration entstehen:<\/strong><br \/>\n1. Parallelgesellschaften, besonders islamische Parallelgesellschaften, die in Europa existieren \u201eaber nicht zu ihm geh\u00f6ren\u201c, wie der amerikanische Islamwissenschaftler John Kelsey in seinem Buch \u201eIslam and War\u201c es formuliert.<br \/>\n2. Sicherheit ist ein zentraler Aspekt der Ein- und Zuwanderungspolitik. Der gro\u00dfe Migrationsforscher Myron Weiner, der zu seinen Lebzeiten am Massachusetts Institute of Technology gelehrt hat, ver\u00f6ffentlichte 1995 das gro\u00dfartige Buch \u201eThe Global Migration Crisis\u201c. Darin nimmt das Thema Sicherheit, also \u201eSecurity\u201c, ein ganzes Kapitel ein. Im Gegensatz dazu verbietet das herrschende Narrativ in Deutschland die Verbindung von Migration und Sicherheit und macht daraus ein Tabu. Wer sich daran nicht h\u00e4lt, wird als islam- und fremdenfeindlich in deutscher Tradition eingestuft, wonach jede \u201eAbweichung gereizt geahndet wird\u201c, wie schon Theodor Adorno wusste.<br \/>\n3. Ich m\u00f6chte den Begriff \u201eethnische Armut\u201c von Anthony Giddens (enthalten in seinem Buch \u201eJenseits von Links und Rechts\u201c, das er 1994 nach dem Ende des Ost-West-Konflikts ver\u00f6ffentlichte) als gesellschaftliches Sicherheitsrisiko angeben, weil \u201eethnische Armut\u201c Konflikte hervorruft, die nicht l\u00f6sbar sind. Zum Sicherheitsaspekt der \u201eethnischen Armut\u201c kommt noch ein wirtschaftliches Problem hinzu. Denn die Zuwanderung von Menschen, die keinerlei berufliche Qualifikation haben, bildet eine Dauerbelastung f\u00fcr jeden Sozialstaat.<br \/>\n&#8230;.<br \/>\nAlles von Bassam Tibi: &#8222;Humanit\u00e4re Politik ist keine Einwanderungspolitik&#8220; vom 23.10.2016 bitte lesen auf<br \/>\n<a href=\"https:\/\/www.cicero.de\/berliner-republik\/Migration-humanitaere-politik-ist-keine-einwanderungspolitik\">https:\/\/www.cicero.de\/berliner-republik\/Migration-humanitaere-politik-ist-keine-einwanderungspolitik<br \/>\n<\/a>\u00a0 .<br \/>\n<a title=\"Tibi\" href=\"https:\/\/www.freiburg-schwarzwald.de\/blog\/global\/deutschland\/tibi\/\">Bassam Tibi<\/a> pl\u00e4diert f\u00fcr eine gesteuerte Einwanderung. Die Aufnahme in die Sozialsysteme muss an Bedingungen gekn\u00fcpft sein, sonst ist die innere Sicherheit in Gefahr. Buch:<br \/>\n<em>Bassam Tibi: Europa ohne Identit\u00e4t? Europ\u00e4isierung oder Islamisierung, <\/em><br \/>\n<em>ibidem-Verlag, 522 Seiten, Oktober 2016, 19.90 Euro.<\/em><\/p>\n<p>&nbsp;<\/p>\n<p>&nbsp;<\/p>\n<p><strong>Deutschland &#8211; Einfalltor f\u00fcr kriminelle junge M\u00e4nner<\/strong><br \/>\nNun muss man diese Partei, die AfD, pers\u00f6nlich nicht wirklich m\u00f6gen, um zu erkennen, dass es sich bei Storch und Petry nicht um potenzielle M\u00f6chtegernkillerinnen handelt, die davon tr\u00e4umen, auf Frauen und Kinder schie\u00dfen zu k\u00f6nnen, wenngleich der Eindruck aufgrund ungeschickter Antworten und den folgenden Auslegungen durchaus entstehen konnte. &#8230;.<br \/>\nIn nahezu 80% der F\u00e4lle, haben wir es (nicht mit Frauen, sondern) mit jungen M\u00e4nnern zu tun, die aus den unterschiedlichsten Gr\u00fcnden heraus ihre Heimat verlassen, um anderswo neu Fu\u00df zu fassen oder, f\u00fcr eine absehbare Zeit, ihre Lebenssituation zu verbessern. &#8230;<br \/>\nWas die Dummheit in diesem Zusammenhang anbelangt, so hat Deutschland in k\u00fcrzester Frist den internationalen Spitzenplatz erobert. <strong>Dieses Land wird zu keinem Zeitpunkt mehr wissen, wer sich wo und aus welchen Motiven heraus in Deutschland aufh\u00e4lt<\/strong>. Das vorget\u00e4uschte staatliche Bestreben, illegal eingereiste Migranten nachtr\u00e4glich registrieren zu wollen und zu k\u00f6nnen, ist geradezu irre. Freiwillig melden werden sich nur sozial Bed\u00fcrftige. Der Rest, wie gro\u00df er auch immer sein mag, wird in Deutschland und Europa versickern und ein nicht absehbares Sicherheitsrisiko darstellen.<br \/>\nF\u00fcr diese Klientel, die z.T. international vernetzt ist, gibt es weitaus lukrativere Geldquellen als das deutsche Sozialamt. Kriminelle, Angeh\u00f6rige von Verbrecher- und Terrororganisationen w\u00e4ren naiv, w\u00fcrden sie dieses offene Einfalltor nach Deutschland und Europa nicht nutzen. Die st\u00e4ndigen Beteuerungen seitens der Poltik und durch Sicherheitsbeh\u00f6rden, man habe keine Hinweise auf solche Tendenzen, m\u00f6gen der Wirklichkeit entsprechen, denn wer wei\u00df in diesem Lande denn \u00fcberhaupt noch etwas \u00fcber Sicherheit? &#8230;<br \/>\nAlles von Peter Bereit vom 3.2.2016 bitte lesen auf<br \/>\n<a href=\"https:\/\/www.achgut.com\/dadgdx\/index.php\/dadgd\/article\/fuer_alles_ausser_das_universum_gibt_es_eine_obergrenze\">https:\/\/www.achgut.com\/dadgdx\/index.php\/dadgd\/article\/fuer_alles_ausser_das_universum_gibt_es_eine_obergrenze<\/a><\/p>\n<p>&nbsp;<\/p>\n<p>&nbsp;<\/p>\n<p><strong>Karnevalsumzug abgesagt wegen Fl\u00fcchtlingen<\/strong><br \/>\nErstmals sagt eine Kommune ihren <a title=\"Narren\" href=\"https:\/\/www.freiburg-schwarzwald.de\/blog\/vereine\/narren\/\">Karnevalszug<\/a> mit Verweis auf die Fl\u00fcchtlingssituation ab. Ein Sprecher der nordrhein-westf\u00e4lischen Stadt Rheinberg im Kreis Wesel sagte der in D\u00fcsseldorf erscheinenden &#8222;Rheinischen Post&#8220;, man k\u00f6nne nicht ausschlie\u00dfen, dass die im Stadtteil Orsoy lebenden Fl\u00fcchtlinge den Umzug besuchen und es zu Vorf\u00e4llen wie in der Silvesternacht in K\u00f6ln komme. In der Unterkunft sind mehrere Hundert Asylsuchende untergebracht, darunter auch zahlreiche Nordafrikaner. &#8230;. Alles vom 3.2.2016 bitte lesen auf<br \/>\n<a href=\"https:\/\/www.welt.de\/politik\/deutschland\/article151024931\/Rheinberg-sagt-Karnevalszug-wegen-Fluechtlingen-ab.html\">https:\/\/www.welt.de\/politik\/deutschland\/article151024931\/Rheinberg-sagt-Karnevalszug-wegen-Fluechtlingen-ab.html<\/a><\/p>\n<p><strong>Karneval &#8211; fr\u00fcher Aufstand, heute Solidarit\u00e4tstag<\/strong><br \/>\nDer Karneval war einst ein Aufstand gegen Obrigkeit und Herrscherarroganz. Das ist lange her, heute bestimmen die Stadtoberen in herrschaftlich politisch-korrekter Manier ohnehin, welche Themen auf einem Umzug zul\u00e4ssig sind. Leider hat sich der Karneval damit l\u00e4ngst \u00fcberlebt. Wie w\u00e4re es, Karneval dann konsequenterweise gleich ganz abzuschaffen und den Rosenmontag zu einem gew\u00f6hnlichen Arbeitstag &#8211; vielleicht ein Tag der &#8222;(multi-)kulturellen Solidarit\u00e4t&#8220; auszurufen?<\/p>\n<p>Ich pers\u00f6nlich ben\u00f6tige keinen Karneval, von daher k\u00f6nnte mir das auch egal sein, bzw. k\u00f6nnte mich an einer Abschaffung erfreuen. Jedoch ist der Grund alarmierend: F\u00fcr den einen ist es der Karneval, f\u00fcr den n\u00e4chsten das Schweinefleisch in der Schulspeisung, f\u00fcr einen anderen die unbedenklich und unbegrenzt nutzbare Schwimmhalle u.s.w.<br \/>\n3.2. H.Amann<br \/>\n.<br \/>\n<strong>Nicht Polizei, sondern homogene Bev\u00f6lkerung bringt Sicherheit<\/strong><br \/>\nSie k\u00f6nnen INNERHALB einer solchen Menschenmenge keine Sicherheit herstellen, auch mit noch so hoher Polizeipr\u00e4senz. Ganz davon abgesehen, dass der Charakter der ganzen Veranstaltung gerade von der Unbek\u00fcmmertheit lebt und dies allein durch die massive Polizeipr\u00e4senz schon zerst\u00f6rt w\u00e4re. Die Wahrheit ist, dass solche Dinge nicht durch Gesetze oder Polizei geregelt werden k\u00f6nnen, sondern ein Mindestma\u00df an Homogenit\u00e4t in der Bev\u00f6lkerung voraussetzen (fr\u00fcher bezeichnet als Volk oder Nation, aber das ist nat\u00fcrlich out). Entsprechendes gilt f\u00fcr Dinge wie Kleidung (Schleier, Burka) etc. Nichts wird mehr so sein wie fr\u00fcher.<br \/>\n3.2.2016<\/p>\n<p><strong>Ob die deutsche Bev\u00f6lkerung bereits resigniert hat?<\/strong><br \/>\nEin besseres Zeichen f\u00fcr die Hilflosigkeit Deutschlands kann es ja nicht mehr geben. Karneval ist eine Jahrhunderte alte Tradition im Rheinland &#8211; ob man die nun gut findet oder nicht. Und nun leben ein paar Nordafrikaner in einer Fl\u00fcchtlingsunterkunft und die Stadt sagt den Karnevalszug ab &#8230; ein besseres Beispiel daf\u00fcr, dass die ganze Fl\u00fcchtlings-Thematik unsere Kultur radikal ver\u00e4ndert kann es doch nicht mehr geben. Ich frage mich nur, ob die deutsche Bev\u00f6lkerung bereits resigniert hat, oder warum niemand ein Zeichen setzt, nun einmal bei denen Grenzen aufzuzeigen, die hier in diesem Land Regeln, Gesetze und Traditionen brechen.<br \/>\n3.2.2016, Max<\/p>\n<p><strong>Die Pauschalverdacht-Keule wird wieder ausgepackt?<\/strong><br \/>\nDieser Fall hier wird sicher wieder so umgedreht werden, dass allein das Nichtstattfinden des Karnevalumzugs eine gesetzlich zu ahnende &#8222;Verunglimpfung von Religionsgemeinschaften&#8220; darstellt, da ja mit dem Grund der Absage alle Mitglieder jener Religion, zumindest aus bestimmten Herkunftsregionen unter &#8222;diskriminierdnen Pauschalverdacht&#8220; gestellt werden. Bestimmt hatte man den Karneval \u00fcberhaupt nur angesagt, um ihn dann wegen absichtlich gesch\u00fcrter, populistischer Panikmache hasserf\u00fcllt absagen zu k\u00f6nnen&#8230; Ich wette &#8217;n Pferd: Irgendeiner wird es in K\u00fcrze medienwirksam hinkriegen, das so rumzudrehen!<br \/>\n3.2.2016, Ahmed Atat<\/p>\n<p><strong>Brot und Spiele &#8211; Ostblock und der Westen<\/strong><br \/>\nIm ehemaligen Ostblock hat der letzte den Glauben an den Sozialismus verloren, als es nach Jahrzehnten eines allgemeinen wirtschaftlichen Abw\u00e4rtstrends auch noch der Alkohol rationiert wurde. Als die Leute sich noch nicht mal besaufen konnten wann sie wollten, um die Situation irgendwie zu ertragen, war der Ofen total aus. Dann kam die Wende.<br \/>\nW\u00e4hrenddessen lebten die Westeurop\u00e4er in einer Spa\u00dfgesellschaft, in der man sich in der \u00d6ffentlichkeit \u00fcber Banalit\u00e4ten unterhielt, die mangels ernsterer Themen zu den wichtigsten Problemen der Welt erkl\u00e4rt wurden. Jetzt ist Schluss mit dem Spa\u00df. Wenn man noch nicht mal f\u00fcr das hart erarbeitete und hoch versteuerte Geld ausgelassen feiern darf wann man will, wird auch im Westen die Wende kommen.<br \/>\nAm Ende einer langen negativen Entwicklung sind es die einfachen Sachen, die dem Fass den Boden ausschlagen (dank Islam).<br \/>\n3.2.2016 R.Siderius<\/p>\n<p>&nbsp;<\/p>\n<p><strong>HartAberFair: Polizei und Justiz &#8211; k\u00f6nnen den Laden dichtmachen<\/strong><br \/>\nJeder zweite Zuwanderer, der einmal erwischt wurde, wird wieder straff\u00e4llig. Woran liegt das? Anwalt Ingo Lindemann: &#8222;Weil sie wissen, dass ihre Asylantr\u00e4ge nicht anerkannt werden. Sobald sie ihre Identit\u00e4t preisgeben, sind sie weg! Das wissen die!&#8220; &#8230;.<br \/>\nMan sollte den Polizeibeamten glauben, wenn sie sagen: Wir wissen einfach nicht mehr weiter! Kriminalkommissar Thust findet da noch spitzere Worte: &#8222;Wenn der B\u00fcrger nicht mehr von der Polizei bedient werden kann, dann k\u00f6nnen wir den Laden dichtmachen!&#8220; Wie soll man die Identit\u00e4t eines auf frischer Tat ertappten Diebes ermitteln, wenn er keinen Pass bei sich tr\u00e4gt? Also illegal in Deutschland ist. &#8222;Ich kann ja schlie\u00dflich nicht in Bagdad anrufen und mich nach dem Namen erkundigen!&#8220;, so die Aussage eines Polizeibeamten aus Kiel, jener Stadt, die f\u00fcr F\u00e4lle, in denen sich eine T\u00e4ter-Ermittlung im Fl\u00fcchtlingsumfeld nicht lohnt, extra einen angeblichen und sp\u00e4ter dementierten Leitfaden erfunden hat. &#8230;.<br \/>\nDer Beamte Pohl berichtet davon, dass der &#8222;Polizeikeller jeden Morgen mit acht bis neun Straft\u00e4tern&#8220; mit Migrationshintergrund voll sei, alle mit einem &#8222;absoluten Gewaltpotenzial und unter Drogeneinfluss&#8220;. Dann l\u00e4\u00dft man sie laufen und \u00fcbermorgen sind sie wieder da &#8230;<br \/>\nAlles zu HartAberFair vom 1.2.2016 bitte lesen auf<br \/>\n<a href=\"https:\/\/www.welt.de\/vermischtes\/article151745289\/Dann-koennen-wir-den-Laden-dichtmachen.html\">https:\/\/www.welt.de\/vermischtes\/article151745289\/Dann-koennen-wir-den-Laden-dichtmachen.html<\/a><\/p>\n<p>.<br \/>\n<strong>Staatsversagen: Fl\u00fcchtlinge mit mehreren Identit\u00e4ten<\/strong><br \/>\nEin Fingerabdruck kl\u00e4rt die Identit\u00e4t einer Person und macht sie eindeutig identifizierbar. Wenn Fl\u00fcchtlinge unter mehreren verschiedenen Identit\u00e4ten in Deutschland gemeldet sein und Leistungen beziehen k\u00f6nnen, ist das ein gravierendes SAATSVERSAGEN. Leider hat der B\u00fcrger nicht den Eindruck. dass es der Regierung damit ernst ist, diese Mi\u00dfst\u00e4nde abzuschaffen: Immerhin leben wir, hier in Deutschland zumindest, im zweiten Jahrtausend und es gibt fl\u00e4chendeckend Funknetze, es gibt billige Smartphones, es gibt Apps.<br \/>\nHeute kann doch schon jedes zweite Smartphone Fingerabdr\u00fccke oder sonstige biometrische Merkmale einlesen, verarbeiten und erkennen. Man mu\u00df den ganzen Kram nur gut verschl\u00fcsselt auf einen zentralen Rechner mit einer entsprechend dimensionierten Datenbank \u00fcbertragen, und jeder Polizist in ganz Deutschland k\u00f6nnte sich hier jederzeit Informationen \u00fcber den Verhafteten einholen bzw, neue Informationen dort ablegen. Wo, verdammt noch mal ist da das Problem? Muss ich diesen Staatsversagern erst &#8217;ne entsprechende App auf dem silbernen Tablett servieren?<br \/>\n2.2.2016, B, Hartmaier<\/p>\n<p>&nbsp;<\/p>\n<p><strong>Muslimische Security verpr\u00fcgelt Christen im Asylheim<\/strong><br \/>\n<a title=\"Christenverfolgung\" href=\"https:\/\/www.freiburg-schwarzwald.de\/blog\/religion\/christen\/christenverfolgung\/\">Christliche<\/a> Fl\u00fcchtlinge sind in Heimen Schikanen und Gewalt durch Islamisten ausgesetzt. Einige t\u00fcrkisch- und arabischst\u00e4mmige Sicherheitsleute schauen nicht nur weg \u2013 sondern schlagen selbst zu&#8230;.<br \/>\nDer Berliner Pfarrer Gottfried Martens von der Selbst\u00e4ndigen Evangelisch-Lutherischen Kirche (SELK) schilderte einen brutalen Angriff auf zwei Iraner durch muslimische Securitys in Berlin-Dahlem, als die beiden beim Bibellesen &#8222;erwischt&#8220; wurden. &#8230;..Alles vom 18.1.2016 auf<br \/>\n<a href=\"https:\/\/www.welt.de\/politik\/deutschland\/article151104662\/Muslimische-Security-verpruegelt-Christen-im-Asylheim.html\">https:\/\/www.welt.de\/politik\/deutschland\/article151104662\/Muslimische-Security-verpruegelt-Christen-im-Asylheim.html<\/a><\/p>\n","protected":false},"excerpt":{"rendered":"<p>Home &gt;Selbsthilfe\u00a0&gt;Soziales &gt;Justiz &gt;Sicherheit &nbsp; Listenauswahl eines Beitrags (Artikel\/Datum, Seite\/Inhalt):\u00a0Klicken\u00a0oder scrollen Im Schwimmbad zeigt sich, welche Konflikte Deutschland austr\u00e4gt\u00a0(3.7.2026) US-Aussenminister Marco Rubio m 14.2.2026 auf der M\u00fcnchner Sicherheitskonferenz \u2013 Redetext\u00a0 (14.2.2026) Schattenseiten der Migration: Urbaniok \u2013 Kriminalit\u00e4t \u2013 Sicherheit\u00a0(12.12.2025) Stadtbild-Statement &hellip; <a href=\"https:\/\/www.freiburg-schwarzwald.de\/blog\/selbsthilfe\/soziales\/justiz\/sicherheit\/\">Weiterlesen <span class=\"meta-nav\">&rarr;<\/span><\/a><\/p>\n","protected":false},"author":2,"featured_media":0,"parent":5244,"menu_order":0,"comment_status":"open","ping_status":"closed","template":"","meta":{"footnotes":""},"class_list":["post-59052","page","type-page","status-publish","hentry"],"_links":{"self":[{"href":"https:\/\/www.freiburg-schwarzwald.de\/blog\/wp-json\/wp\/v2\/pages\/59052","targetHints":{"allow":["GET"]}}],"collection":[{"href":"https:\/\/www.freiburg-schwarzwald.de\/blog\/wp-json\/wp\/v2\/pages"}],"about":[{"href":"https:\/\/www.freiburg-schwarzwald.de\/blog\/wp-json\/wp\/v2\/types\/page"}],"author":[{"embeddable":true,"href":"https:\/\/www.freiburg-schwarzwald.de\/blog\/wp-json\/wp\/v2\/users\/2"}],"replies":[{"embeddable":true,"href":"https:\/\/www.freiburg-schwarzwald.de\/blog\/wp-json\/wp\/v2\/comments?post=59052"}],"version-history":[{"count":6,"href":"https:\/\/www.freiburg-schwarzwald.de\/blog\/wp-json\/wp\/v2\/pages\/59052\/revisions"}],"predecessor-version":[{"id":151277,"href":"https:\/\/www.freiburg-schwarzwald.de\/blog\/wp-json\/wp\/v2\/pages\/59052\/revisions\/151277"}],"up":[{"embeddable":true,"href":"https:\/\/www.freiburg-schwarzwald.de\/blog\/wp-json\/wp\/v2\/pages\/5244"}],"wp:attachment":[{"href":"https:\/\/www.freiburg-schwarzwald.de\/blog\/wp-json\/wp\/v2\/media?parent=59052"}],"curies":[{"name":"wp","href":"https:\/\/api.w.org\/{rel}","templated":true}]}}