{"id":58589,"date":"2016-01-13T12:53:53","date_gmt":"2016-01-13T11:53:53","guid":{"rendered":"https:\/\/www.freiburg-schwarzwald.de\/blog\/?page_id=58589"},"modified":"2026-04-10T09:18:34","modified_gmt":"2026-04-10T07:18:34","slug":"islam-frauen","status":"publish","type":"page","link":"https:\/\/www.freiburg-schwarzwald.de\/blog\/religion\/islam\/islam-frauen\/","title":{"rendered":"Islam-Frauen"},"content":{"rendered":"<p><a href=\"https:\/\/freiburg-schwarzwald.de\/blog\">Home<\/a> &gt;<a title=\"Religion\" href=\"https:\/\/www.freiburg-schwarzwald.de\/blog\/religion\/\">Religion<\/a> &gt;<a title=\"Islam\" href=\"https:\/\/www.freiburg-schwarzwald.de\/blog\/religion\/islam\/\">Islam<\/a> &gt;Islam-Frauen<\/p>\n<div id=\"attachment_56019\" style=\"width: 647px\" class=\"wp-caption alignnone\"><a href=\"https:\/\/www.freiburg-schwarzwald.de\/blog\/selbsthilfe\/soziales\/tour-hilfe\/feigen3reif-pan150809\/\" rel=\"attachment wp-att-56019\"><img loading=\"lazy\" decoding=\"async\" aria-describedby=\"caption-attachment-56019\" class=\"size-full wp-image-56019\" src=\"https:\/\/www.freiburg-schwarzwald.de\/blog\/wp-content\/uploads\/2015\/08\/feigen3reif-pan150809.jpg\" alt=\"Reife Feigen am 9.8.2015 in Freiburg - Feigenbaum an einer Gartenmauer\" width=\"637\" height=\"277\" srcset=\"https:\/\/www.freiburg-schwarzwald.de\/blog\/wp-content\/uploads\/2015\/08\/feigen3reif-pan150809.jpg 637w, https:\/\/www.freiburg-schwarzwald.de\/blog\/wp-content\/uploads\/2015\/08\/feigen3reif-pan150809-180x78.jpg 180w\" sizes=\"auto, (max-width: 637px) 100vw, 637px\" \/><\/a><p id=\"caption-attachment-56019\" class=\"wp-caption-text\">Reife Feigen am 9.8.2015 in Freiburg &#8211; Feigenbaum an einer Gartenmauer<\/p><\/div>\n<ul>\n<li><em>Listenauswahl eines Beitrags: Bitte <span style=\"text-decoration: underline;\">anklicken<\/span> oder runterscrollen<\/em><\/li>\n<li><a href=\"https:\/\/www.freiburg-schwarzwald.de\/blog\/selbsthilfe\/familie\/ehe\/konsanguin\/\">Zugewanderte Erbkrankheiten durch muslimische Verwandtenehen<\/a>\u00a0(3.4.2026)<\/li>\n<li><a href=\"https:\/\/www.freiburg-schwarzwald.de\/blog\/frauen-zweierlei-gewalt\/\">Frauen \u2013 zweierlei Gewalt?<\/a>\u00a0(27.3.2026)<\/li>\n<li><a href=\"https:\/\/www.freiburg-schwarzwald.de\/blog\/cousin-und-cousine-heiraten\/\">Cousin und Cousine heiraten<\/a>\u00a0(16.3.2026)<\/li>\n<li><a href=\"https:\/\/www.freiburg-schwarzwald.de\/blog\/vergewaltigung-vertuscht-islam\/\">Vergewaltigung vertuscht: Islam<\/a>\u00a0(14.3.2026)<\/li>\n<li><a href=\"https:\/\/www.freiburg-schwarzwald.de\/blog\/global\/grossbritannien\/england\/\">Statement from the Rape Gang Inquiry \u2013 England<\/a>\u00a0(25,2,2026)<\/li>\n<li><a href=\"https:\/\/www.freiburg-schwarzwald.de\/blog\/global\/grossbritannien\/england\/\">Rape-Gangs: M\u00e4dchen sind Untermenschen als Frauen, Wei\u00dfe und Ungl\u00e4ubige<\/a>\u00a0(13.2.2026)<\/li>\n<li><a href=\"https:\/\/www.freiburg-schwarzwald.de\/blog\/global\/integration\/koeln-silvester2016\/\">Anabel Schunke: Die K\u00f6lner Silvesternacht \u2013 Deutschland in der Zeitschleife<\/a>\u00a0(31.12.2025)<\/li>\n<li><a href=\"https:\/\/www.freiburg-schwarzwald.de\/blog\/selbsthilfe\/frauen\/fgm\/\">Woke Ideologen: Kritik an weiblicher Genital\u00adverst\u00fcmmelung ist rassistisch<\/a>\u00a0(22.12.2025)<\/li>\n<li><a href=\"https:\/\/www.freiburg-schwarzwald.de\/blog\/global\/migration\/familiennachzug\/\">Bundesregierung erweitert Kernfamilie: Zweitfrauen aus Afghanistan eingeflogen<\/a>\u00a0(19.12.202)<\/li>\n<li><a href=\"https:\/\/www.freiburg-schwarzwald.de\/blog\/selbsthilfe\/frauen\/frauen-angst\/\">Stadtbild-Debatte: \u201eIch bin die Tochter, von der Merz sprach\u201c<\/a>\u00a0(8.10.2025)<\/li>\n<li><a href=\"https:\/\/www.freiburg-schwarzwald.de\/blog\/religion\/islam\/islam-maedchen\/\">Zeinab Herz: Die Ganzk\u00f6rperverschleierung f\u00fcr Kinder bei Otto und Co. ist ein Alarmsignal<\/a>\u00a0(30.8.2025)<\/li>\n<li><a href=\"https:\/\/www.freiburg-schwarzwald.de\/blog\/selbsthilfe\/soziales\/justiz\/kuscheljustiz\/\">64-j\u00e4hriger Migrant begrapscht 20-j\u00e4hrige. Sie stach zu. Verurteilt wurde: sie<\/a> (18.4.2025)<\/li>\n<li><a href=\"https:\/\/www.freiburg-schwarzwald.de\/blog\/global\/eu\/schleuser\/\">90 Prozent der Frauen auf Mittelmeer-Route werden vergewaltigt<\/a>\u00a0(10.12.2024)<\/li>\n<li><a href=\"https:\/\/www.freiburg-schwarzwald.de\/blog\/selbsthilfe\/frauen\/femizid\/\">Wann Frauenmord Femizid ist<\/a>\u00a0(1-10-2024)<\/li>\n<li><a href=\"https:\/\/www.freiburg-schwarzwald.de\/blog\/oezdemir-maedchen-migranten\/\">\u00d6zdemir: M\u00e4dchen \u2013 Migranten<\/a>\u00a0(1.10.2024)<\/li>\n<li><a href=\"https:\/\/www.freiburg-schwarzwald.de\/blog\/birgit-kelle-strassen-ohne-frauen\/\">Birgit Kelle: Strassen ohne Frauen<\/a>\u00a0(5.9.2024)<\/li>\n<li><a href=\"https:\/\/www.freiburg-schwarzwald.de\/blog\/selbsthilfe\/frauen\/zwangsheirat\/\">Jetzt beginnt die Zeit der Zwangsehen: \u201eM\u00e4dchen wollen es nicht wahrhaben\u201c<\/a> (3.6.2024)<\/li>\n<li><a href=\"https:\/\/www.freiburg-schwarzwald.de\/blog\/gewalt-muslimischer-schueler\/\">Gewalt muslimischer Sch\u00fcler<\/a>\u00a0(24.4.2024)<\/li>\n<li><a href=\"https:\/\/www.freiburg-schwarzwald.de\/blog\/clan\/\">Clan-Aussteigerin legt nach: \u201eEin Leben z\u00e4hlt nichts\u201c<\/a> (24.4.2024)<\/li>\n<li><a href=\"https:\/\/www.freiburg-schwarzwald.de\/blog\/selbsthilfe\/krise\/sexuellermissbrauch\/freiwild\/\">Unsere T\u00f6chter sind kein Freiwild \u2013 Kein Asyl f\u00fcr junge Afghanen\u00a0<\/a>\u00a0(8.3.2024)<\/li>\n<li><a href=\"https:\/\/www.freiburg-schwarzwald.de\/blog\/selbsthilfe\/familie\/ehe\/\">Bigamie-Fall im Sauerland: Darum durften Afghanen ihre Zweitfrauen nachholen<\/a> (3.9.2023)<\/li>\n<li><a href=\"https:\/\/www.freiburg-schwarzwald.de\/blog\/selbsthilfe\/frauen\/frauenhaus\/\">Zwei Drittel der Frauen in deutschen Frauenh\u00e4usern haben Migrationshintergrund<\/a>\u00a0(12.7.2023)<\/li>\n<li><a href=\"https:\/\/www.freiburg-schwarzwald.de\/blog\/unsere-jungen-maenner-sind-ok\/\">Unsere jungen M\u00e4nner sind OK<\/a>\u00a0(14.6.2023)<\/li>\n<li><a href=\"https:\/\/www.freiburg-schwarzwald.de\/blog\/global\/migration\/migrantenkinder\/\">Kinder-Stra\u00dfenfest in Berlin Kreuzberg: Verschleierung<\/a>\u00a0(4.6.2023)<\/li>\n<li><a href=\"https:\/\/www.freiburg-schwarzwald.de\/blog\/global\/integration\/illerkirchberg-messermord05-12-2022\/\">Mord von Illerkirchberg: Blick in die Augen der Familie<\/a>\u00a0(16.12.2022)<\/li>\n<li><a href=\"https:\/\/www.freiburg-schwarzwald.de\/blog\/global\/iran\/isfahan\/\">Baerbock: Kopftuch hat nichts mit Islam zu tun \u2013 beleidigend f\u00fcr Frauen<\/a>\u00a0(4.10.2022)<\/li>\n<li><a href=\"https:\/\/www.freiburg-schwarzwald.de\/blog\/kopftuch-im-iran-und-in-d\/\">Kopftuch im Iran und in D<\/a>\u00a0(22.9.2022)<\/li>\n<li><a href=\"https:\/\/www.freiburg-schwarzwald.de\/blog\/afghane-vergewaltigt-kind-frei\/\">Afghane vergewaltigt Kind \u2013 frei<\/a>\u00a0(21.7.2022)<\/li>\n<li><a href=\"https:\/\/www.freiburg-schwarzwald.de\/blog\/religion\/islam\/burkini\/\">Frankreichs Staatsrat kippt Erlaubnis von Burkinis<\/a>\u00a0(21.6.2022)<\/li>\n<li><a href=\"https:\/\/www.freiburg-schwarzwald.de\/blog\/selbsthilfe\/krise\/sexuellermissbrauch\/gruppenvergewaltigung\/\">Scharia am Linzer Hauptbahnhof nach Gruppenvergewaltigung?<\/a>\u00a0(1.4.2022)<\/li>\n<li><a href=\"https:\/\/www.freiburg-schwarzwald.de\/blog\/kopftuch\/\">ARD-Jugendsender Funk auf Kuschelkurs mit Salafisten<\/a> (29.1.2022)<\/li>\n<li><a href=\"https:\/\/www.freiburg-schwarzwald.de\/blog\/global\/integration\/muslime\/muslime-mobbing\/\">Schulen in Neuk\u00f6lln: Islam-begr\u00fcndetes Mobbing von M\u00e4dchen<\/a>\u00a0(30.12.2021)<\/li>\n<li><a href=\"https:\/\/www.freiburg-schwarzwald.de\/blog\/intolerante-minderheiten\/\">Intolerante Minderheiten gewinnen<\/a>\u00a0(29.12.2021)<\/li>\n<li><a href=\"https:\/\/www.freiburg-schwarzwald.de\/blog\/selbsthilfe\/frauen\/frauen-freiheit\/\">Gewalt gegen Frauen: Migranten dominieren als T\u00e4ter<\/a> (13.8.2021)<\/li>\n<li><a href=\"https:\/\/www.freiburg-schwarzwald.de\/blog\/religion\/islam\/ehrenmord\/\">Ist ein Frauenleben weniger wert als ein Pferd?<\/a>\u00a0(8.8.2021)<\/li>\n<li><a href=\"https:\/\/www.freiburg-schwarzwald.de\/blog\/femizide-in-wuerzburg-und-wien\/\">Femizide in W\u00fcrzburg und Wien<\/a>\u00a0(29.6.2021)<\/li>\n<li><a href=\"https:\/\/www.freiburg-schwarzwald.de\/blog\/selbsthilfe\/krise\/gewalt\/wuerzburg2021messermorde\/\">W\u00fcrzburg: Migrant sticht ausschlie\u00dflich auf Frauen ein \u2013 Femizid<\/a>\u00a0(29.6.2021)<\/li>\n<li><a href=\"https:\/\/www.freiburg-schwarzwald.de\/blog\/kultur\/kulturverlust\/cancelculture-literatur\/\">Verweis auf Prophet Mohammed in Dantes \u201eG\u00f6ttlicher Kom\u00f6die\u201c gecancelt<\/a>\u00a0(6.4.2021)<\/li>\n<li><a href=\"https:\/\/www.freiburg-schwarzwald.de\/blog\/global\/eu\/eu-aussenpolitik\/\">Vom Islam lernen: Frauen mit Maske unten \u2013 M\u00e4nner oben<\/a>\u00a0(8.4.2021)<\/li>\n<li><a href=\"https:\/\/www.freiburg-schwarzwald.de\/blog\/kinderkopftuch-kita-und-schule\/\">Kinderkopftuch: Kita und Schule<\/a>\u00a0(19.3.2021)<\/li>\n<li><a href=\"https:\/\/www.freiburg-schwarzwald.de\/blog\/religion\/islam\/verschleierung\/\">Burka-Verbot in der Schweiz: Ein Zeichen gegen den Islam<\/a>\u00a0(19.3.2021)<\/li>\n<li><a href=\"https:\/\/www.freiburg-schwarzwald.de\/blog\/weltfrauentag-schweiz-freiheit\/\">Weltfrauentag: Schweiz Freiheit<\/a>\u00a0(9.3.2021)<\/li>\n<li><a href=\"https:\/\/www.freiburg-schwarzwald.de\/blog\/religion\/islam\/tribalismus\/\">Tribalismus ist Gift f\u00fcr die B\u00fcrgergesellschaft<\/a>\u00a0(22.1.2021)<\/li>\n<li><a href=\"https:\/\/www.freiburg-schwarzwald.de\/blog\/selbsthilfe\/frauen\/femizid\/\">Bek\u00e4mpfung von Gewalt gegen Frauen \u2013 Bundestag 19.11.2020<\/a>\u00a0(19.11.2020)<\/li>\n<li>Sarrazin: Nicht rassistisch &#8211; Islam-Defizite mit Bildung, Demokratie, Frauen (4.9.2020)<\/li>\n<li><a title=\"Frauenproteste\" href=\"https:\/\/www.freiburg-schwarzwald.de\/blog\/selbsthilfe\/frauen\/frauenproteste\/\">Umfrage von Plan verschleiert sexuelle Gewalt von Migranten gegen M\u00e4dchen und Frauen<\/a> (13.8.2020)<\/li>\n<li><a title=\"FGM 68000 mal in Deutschland\" href=\"https:\/\/www.freiburg-schwarzwald.de\/blog\/fgm-68000-mal-in-deutschland\/\">FGM \u201cnur\u201d 68.000 mal in Deutschland<\/a>\u00a0(28.6.2020)<\/li>\n<li><a title=\"Gesellschaft: offen und tolerant\" href=\"https:\/\/www.freiburg-schwarzwald.de\/blog\/gesellschaft-offen-und-tolerant\/\">Gesellschaft: Offen und tolerant<\/a>\u00a0(26.2.2020)<\/li>\n<li><a title=\"Haeusliche-Gewalt\" href=\"https:\/\/www.freiburg-schwarzwald.de\/blog\/selbsthilfe\/krise\/gewalt\/haeusliche-gewalt\/\">Mariana Harder-K\u00fchnel: Fast 70 Prozent der Frauen in Frauenh\u00e4usern haben Migrationshintergrund<\/a> (12.12.2019)<\/li>\n<li><a title=\"Alles Deutsche schlecht reden\" href=\"https:\/\/www.freiburg-schwarzwald.de\/blog\/alles-deutsche-schlecht-reden\/\">Alles Deutsche schlecht reden<\/a>\u00a0(27.11.2019)<\/li>\n<li><a title=\"Hochschulen-Freiheit\" href=\"https:\/\/www.freiburg-schwarzwald.de\/blog\/bildung\/hochschulen-freiheit\/\">Alice Schwarzer angegriffen an Kunsthochschule Wien<\/a>\u00a0(26.11.2019)<\/li>\n<li><a title=\"Rechtsstaat\" href=\"https:\/\/www.freiburg-schwarzwald.de\/blog\/selbsthilfe\/soziales\/justiz\/rechtsstaat\/\">Der verh\u00f6hnte Rechtsstaat \u2013\u00a0Emma entlarvt ZdM von Mazyek<\/a>\u00a0 (19.11.2019)<\/li>\n<li>Basisinitiative: In Syrien ohne und in Deutschland\u00a0 mit Zwang zum\u00a0Kopftuch (7.3.2019)<\/li>\n<li><a href=\"https:\/\/www.freiburg-schwarzwald.de\/blog\/patriarchat-in-weingarten\/\">https:\/\/www.freiburg-schwarzwald.de\/blog\/patriarchat-in-weingarten\/<\/a> (8.2.2018)<\/li>\n<li>Der Sieg \u00fcber den (konservativen) Islam wird weiblich sein (25.1.2018)<\/li>\n<li>&#8222;Krieg gegen Frauen&#8220; wandert nach Deutschland ein (28.12.2017)<\/li>\n<li><a href=\"https:\/\/www.freiburg-schwarzwald.de\/blog\/lollo-fraeuli-islam-frauen\/\">https:\/\/www.freiburg-schwarzwald.de\/blog\/lollo-fraeuli-islam-frauen\/<\/a> (20.8.2017)<\/li>\n<li>Rechtsextreme und Islamisten: B\u00f6se Zwillinge (20.1.2017)<\/li>\n<li><a title=\"Scharia\" href=\"https:\/\/www.freiburg-schwarzwald.de\/blog\/religion\/islam\/scharia\/\">Ein Gott der hasst \u2013 Buch von Wafa Sultan<\/a> (23.12.2016)<\/li>\n<li>Irak-Fl\u00fcchtling: Recht, meine Ehefrau zu t\u00f6ten (5.7.2016)<\/li>\n<li><a title=\"Koeln-Silvester2015\" href=\"https:\/\/www.freiburg-schwarzwald.de\/blog\/global\/integration\/koeln-silvester2015\/\">Schwarzers Buch \u201cDer Schock \u2013 Die Silvesternacht zu K\u00f6ln\u201d \u2013 K.M.H\u00fcbsch rezensiert<\/a> (14.5.2016)<\/li>\n<li>Der Frau als Sexualobjekt gibt ein Muslim keine Hand (25.4.2016)<\/li>\n<li>Kulturkampf um den Gebetsraum an der TU Dortmund (19.2.2016)<\/li>\n<li>Das sexuelle Elend der arabischen Welt (18.2.2016)<\/li>\n<li><a href=\"https:\/\/www.freiburg-schwarzwald.de\/blog\/relativierung-whataboutism\/\">https:\/\/www.freiburg-schwarzwald.de\/blog\/relativierung-whataboutism\/<\/a> (20.1.2016)<\/li>\n<li>Seid w\u00fctend auf die muslimischen Frauen und M\u00fctter (14.1.2016)<\/li>\n<li>Wir wollen kein arabisches Frauenbild &#8211; Wir sind frei (13.1.2016)<\/li>\n<li>Muslimisches Frauenbild: Sie hassen uns (11.1.2016)<\/li>\n<li>Eine Syrerin an &#8222;den m\u00e4nnlichen Teil&#8220; der jungen syrischen Frauenvergewaltiger (11.1.2016)<\/li>\n<li>Islam-gepr\u00e4gte M\u00e4nnergewalt gegen Frauen in D (10.1.2016)<\/li>\n<\/ul>\n<ul>\n<li><a href=\"https:\/\/www.freiburg-schwarzwald.de\/blog\/religion\/islam\/ehrenmord\/\">Ehrenmord<\/a><\/li>\n<li><a title=\"Eigeninitiative\" href=\"https:\/\/www.freiburg-schwarzwald.de\/blog\/global\/integration\/eigeninitiative\/\">Eigeninitiative der Fl\u00fcchtlinge<\/a><\/li>\n<li><a title=\"Erziehung\" href=\"https:\/\/www.freiburg-schwarzwald.de\/blog\/religion\/islam\/erziehung\/\">Erziehung der Kinder<\/a><\/li>\n<li><a href=\"https:\/\/www.freiburg-schwarzwald.de\/blog\/selbsthilfe\/frauen\/femizid\/\">Femizid<\/a><\/li>\n<li><a title=\"FGM\" href=\"https:\/\/www.freiburg-schwarzwald.de\/blog\/selbsthilfe\/frauen\/fgm\/\">FMG<\/a><\/li>\n<li><a href=\"https:\/\/www.freiburg-schwarzwald.de\/blog\/selbsthilfe\/frauen\/frauenhaus\/\">Frauenhaus<\/a><\/li>\n<li><a title=\"Frauenproteste\" href=\"https:\/\/www.freiburg-schwarzwald.de\/blog\/selbsthilfe\/frauen\/frauenproteste\/\">Frauenproteste<\/a><\/li>\n<li><a title=\"Frauenrechte\" href=\"https:\/\/www.freiburg-schwarzwald.de\/blog\/global\/integration\/frauenrechte\/\">Frauenrechte<\/a><\/li>\n<li><a href=\"https:\/\/www.freiburg-schwarzwald.de\/blog\/selbsthilfe\/frauen\/frauen-angst\/\">Frauen-Angst<\/a><\/li>\n<li><a title=\"Frauen-Freiheit\" href=\"https:\/\/www.freiburg-schwarzwald.de\/blog\/selbsthilfe\/frauen\/frauen-freiheit\/\">Frauen-Freiheit<\/a><\/li>\n<li><a href=\"https:\/\/www.freiburg-schwarzwald.de\/blog\/selbsthilfe\/krise\/sexuellermissbrauch\/freiwild\/\">Freiwild<\/a><\/li>\n<li><a title=\"Grenzen\" href=\"https:\/\/www.freiburg-schwarzwald.de\/blog\/global\/eu\/grenzen\/\">Grenzen\u00a0<\/a><\/li>\n<li><a title=\"Haeusliche-Gewalt\" href=\"https:\/\/www.freiburg-schwarzwald.de\/blog\/selbsthilfe\/krise\/gewalt\/haeusliche-gewalt\/\">H\u00e4usliche Gewalt<\/a><\/li>\n<li><a title=\"Handschlag\" href=\"https:\/\/www.freiburg-schwarzwald.de\/blog\/global\/integration\/handschlag\/\">Handschlag<\/a><\/li>\n<li><a href=\"https:\/\/www.freiburg-schwarzwald.de\/blog\/global\/integration\/illerkirchberg-messermord05-12-2022\/\">Illerkirchberg-Messermord05-12-2022<\/a><\/li>\n<li><a href=\"https:\/\/www.freiburg-schwarzwald.de\/blog\/religion\/islam\/islam-maedchen\/\">Islam-M\u00e4dchen<\/a><\/li>\n<li><a title=\"Islam-Opferrolle\" href=\"https:\/\/www.freiburg-schwarzwald.de\/blog\/religion\/islam\/islam-opferrolle\/\">Islam-Opferrolle<\/a><\/li>\n<li><a title=\"Kinderehe\" href=\"https:\/\/www.freiburg-schwarzwald.de\/blog\/religion\/islam\/kinderehe\/\">Kinderehe<\/a><\/li>\n<li><a title=\"Koeln-Silvester2015\" href=\"https:\/\/www.freiburg-schwarzwald.de\/blog\/global\/integration\/koeln-silvester2015\/\">Koeln-Silvester2015<\/a><\/li>\n<li><a href=\"https:\/\/www.freiburg-schwarzwald.de\/blog\/selbsthilfe\/familie\/ehe\/konsanguin\/\">konsanguin<\/a><\/li>\n<li><a title=\"Migration\" href=\"https:\/\/www.freiburg-schwarzwald.de\/blog\/global\/migration\/\">Migration<\/a> &gt;Migration<\/li>\n<li><a title=\"Migration-Maenner\" href=\"https:\/\/www.freiburg-schwarzwald.de\/blog\/global\/migration\/migration-maenner\/\">Migration-Maenner<\/a><\/li>\n<li><a title=\"Parallelgesellschaft\" href=\"https:\/\/www.freiburg-schwarzwald.de\/blog\/global\/integration\/parallelgesellschaft\/\">Parallelgesellschaft<\/a><\/li>\n<li><a title=\"Paralleljustiz\" href=\"https:\/\/www.freiburg-schwarzwald.de\/blog\/selbsthilfe\/soziales\/justiz\/paralleljustiz\/\">Paralleljustiz<\/a><\/li>\n<li><a title=\"Patriarchat\" href=\"https:\/\/www.freiburg-schwarzwald.de\/blog\/religion\/islam\/patriarchat\/\">Patriarchat<\/a><\/li>\n<li><a title=\"Sabatina-James\" href=\"https:\/\/www.freiburg-schwarzwald.de\/blog\/religion\/islam\/sabatina-james\/\">Sabatina-James<\/a><\/li>\n<li><a title=\"Islam-Sexualitaet\" href=\"https:\/\/www.freiburg-schwarzwald.de\/blog\/religion\/islam\/islam-sexualitaet\/\">Sexualitaet<\/a><\/li>\n<li><a href=\"https:\/\/www.freiburg-schwarzwald.de\/blog\/religion\/islam\/tribalismus\/\">Tribalismus<\/a><\/li>\n<li><a title=\"Unsicher\" href=\"https:\/\/www.freiburg-schwarzwald.de\/blog\/selbsthilfe\/frauen\/unsicher\/\">Unsicher<\/a><\/li>\n<li><a title=\"Verschleierung\" href=\"https:\/\/www.freiburg-schwarzwald.de\/blog\/religion\/islam\/verschleierung\/\">Verschleierung<\/a><\/li>\n<li><a title=\"Zwangsheirat\" href=\"https:\/\/www.freiburg-schwarzwald.de\/blog\/selbsthilfe\/frauen\/zwangsheirat\/\">Zwangsheirat<\/a><\/li>\n<\/ul>\n<p>&nbsp;<\/p>\n<p>&nbsp;<\/p>\n<p><strong>Sarrazin: Nicht rassistisch &#8211; Islam-Defizite mit Bildung, Demokratie, Frauen<\/strong><br \/>\n&#8230;<br \/>\nSie verstehen das offenbar nicht.<br \/>\nWenn ich sagte, der islamische Glaube f\u00fchre zu der Tendenz,<br \/>\nda\u00df Menschen weniger Interesse an Bildung<br \/>\noder etwa demokratischen Prozessen haben<br \/>\noder da\u00df Frauen unfreier sind,<br \/>\ndann galt das meinen Ankl\u00e4gern per se als <a title=\"Rassismus\" href=\"https:\/\/www.freiburg-schwarzwald.de\/blog\/engagement\/rassismus\/\">\u201erassistisch\u201c<\/a>.<br \/>\nEs interessierte sie \u00fcberhaupt nicht, da\u00df ich zu dieser <a title=\"Wissenschaft\" href=\"https:\/\/www.freiburg-schwarzwald.de\/blog\/bildung\/wissenschaft\/\">These<\/a> gekommen bin, weil sie sich aus Daten und Fakten belegen l\u00e4\u00dft. Von meinem sachlich begr\u00fcndeten Ergebnis wurde einfach auf meine angeblich <a title=\"Moral2015\" href=\"https:\/\/www.freiburg-schwarzwald.de\/blog\/global\/deutschland\/moral2015\/\">unmoralische<\/a> Einstellung geschlossen.<br \/>\n<strong>Das ist ein klassisch totalit\u00e4rer Denkstil:<\/strong> \u00dcberschlug etwa 1943 ein deutscher B\u00fcrger die Produktionskapazit\u00e4ten Deutschlands und der Alliierten und folgerte im Gespr\u00e4ch: \u201eSeit dem US-Kriegseintritt k\u00f6nnen wir nicht mehr siegen\u201c, so galt das als \u201eWehrkraftzersetzung\u201c. So einer kam ins Gef\u00e4ngnis und wurde oft genug auch hingerichtet. Denn wenn die F\u00fchrung sagt \u201eWir schaffen das!\u201c, dann ist alles, was z\u00e4hlt: \u201eDieser miese Kerl f\u00e4llt uns in den R\u00fccken!\u201c Heute gilt: Beim gro\u00dfen Ziel, eine neue Gesellschaft zu schaffen, empfinden viele \u00dcberzeugungst\u00e4ter in der SPD meine kritischen Analysen als st\u00f6rend und machen mir deshalb einen moralischen Vorwurf. Damals galt man als \u201eVaterlandsverr\u00e4ter\u201c, heute gilt man als \u201eMenschenfeind\u201c. Leider nur ist den Leuten dieser totalit\u00e4re Denkstil gar nicht bewu\u00dft, vermutlich weder damals noch heute.<\/p>\n<p>&#8230; Alles vom 4.9.2020 zu&#8220;Ha\u00df, der den Verstand lahmlegt,<br \/>\nInterview mit <a title=\"Sarrazin\" href=\"https:\/\/www.freiburg-schwarzwald.de\/blog\/engagement\/zukunft\/sarrazin\/\">Thilo Sarrazin<\/a> zu seinem neuen Buch &#8222;Der Staat an seinen Grenzen&#8220;<br \/>\nbitte lesen in der JF 37\/20, Seite 4 und 5.<\/p>\n<p>&nbsp;<\/p>\n<p><strong>Basisinitiative: In Syrien ohne und in Deutschland\u00a0 mit Zwang zum Kopftuch<\/strong><br \/>\n\u201eIn Syrien habe ich kein Kopftuch getragen, hier trage ich eins\u201c, gibt Margit J. eine von vielen Frauen wider, die zusammen mit Christen fr\u00fcher den Gottesdienst besuchten \u2013 was beides nun nicht mehr in Frage k\u00e4me: \u201eWeil sie daf\u00fcr verachtet w\u00fcrden, auf der Stra\u00dfe, im Fl\u00fcchtlingsheim, in der Community.\u201c Dazu erg\u00e4nzt Paula K. die Geschichte einer jungen t\u00fcrkischen Frau, die als Putzkraft in einem Krankenhaus arbeitete und darauf gehofft hatte, das Kopftuch dort ablegen zu k\u00f6nnen. \u201eUnd dann wurde ein Gesetz entwickelt, welches den Hidschab auch im Krankenhaus erlaubt, und ich dachte mir zum ersten Mal: Wie falsch ist unsere Toleranz eigentlich? Denn alleine hat die Frau nicht die Kraft, sich gegen\u00fcber ihrer traditionellen Community zu emanzipieren.\u201c<br \/>\nWeitere Informationen \u00fcber diese Initiative finden Sie hier.<br \/>\n<a href=\"https:\/\/basisinitiative.wordpress.com\/\">https:\/\/basisinitiative.wordpress.com\/<\/a><br \/>\nLehrer und Lehrerinnen, die \u00e4hnliche Probleme und Erfahrungen zur Sprache bringen wollen \u2013 ob anonym oder mit Klarnamen \u2013, sind von ihr herzlich eingeladen, hier Kontakt aufzunehmen.<br \/>\n<a href=\"https:\/\/basisinitiative.wordpress.com\/kontakt\/\">https:\/\/basisinitiative.wordpress.com\/kontakt\/<\/a><br \/>\n&#8230;. Alles von Felix Perrefort vom 7.3.2019 bitte lesen auf<br \/>\n<a href=\"https:\/\/www.achgut.com\/artikel\/kreuzberg_lehrerinnen_an_der_basis_ein_gespraech?\">https:\/\/www.achgut.com\/artikel\/kreuzberg_lehrerinnen_an_der_basis_ein_gespraech?<\/a><br \/>\n.<br \/>\n\u00dcber einen Protestmarsch von Migrantinnen zum internationalen Frauentag am Freitag in Hamburg berichtet Achgut.com-Autorin Susanne Baumstark hier.<br \/>\n<a href=\"https:\/\/www.luftwurzel.net\/beitr%C3%A4ge-2019\/menschenrechte\/gewaltschutz\/\">https:\/\/www.luftwurzel.net\/beitr%C3%A4ge-2019\/menschenrechte\/gewaltschutz\/<\/a><br \/>\nArbeitsgruppe Flucht und Menschenrechte, Rebecca Sommer:<br \/>\n<a href=\"https:\/\/arbeitsgruppefluchtundmenschenrechte.wordpress.com\/2018\/01\/18\/diskussion-interview-mit-rebecca-sommer-euroislam-polen\/\">https:\/\/arbeitsgruppefluchtundmenschenrechte.wordpress.com\/2018\/01\/18\/diskussion-interview-mit-rebecca-sommer-euroislam-polen\/<\/a><br \/>\n.<br \/>\n<strong>M\u00fctter zwingen ihre T\u00f6chter<\/strong><br \/>\nDas Grundproblem ist schon im Text ersichtlich. Auch dieser Autor vermag oder ist nicht Willens zwischen Fl\u00fcchtlingen und Migranten zu unterscheiden. Ich mag mir auch nicht vorwerfen lassen, dass ich als Teil der Zivilgesellschaft \u201eIntegrationswillige\u201c im Stich lasse, denn ich habe sie weder eingeladen noch w\u00fcrde ich gefragt, ob ich jeden, der gerne hier leben m\u00f6chte, auch aufzunehmen bereit bin, mit allen kulturellen und sozialen Folgen. Mich st\u00f6rt an diesem Artikel die tendenzi\u00f6se Berichterstattung \u00fcber Frauen, die gerne das Kopftuch ablegen w\u00fcrden oder von ihren M\u00e4nnern geschlagen werden. Man stellt sie hier pauschal als Opfer hin, sind sie doch viel \u00f6fter auch \u201eT\u00e4terinnen\u201c, die fanatisch die Scharia verteidigen, ihre Kinder mit Gewalt erziehen und die sie aufnehmende Bev\u00f6lkerung verachten, besonders die freiheitlich lebenden Frauen.<br \/>\nDie ihren T\u00f6chter das gleiche Schicksal aufzwingen, n\u00e4mlich eine arrangierte oder gar erzwungene Ehe, wenn nicht auch noch eine Beschneidung. Wann ist man denn integriert? Reicht eine Anstellung bereits aus? In der Nachbarstadt lebt eine Familie (ein Dutzend Kinder) arabischer Herkunft. Man legt Wert auf Bildung &#8211; die der S\u00f6hne. Die M\u00e4dchen sitzen brav Zuhause, die S\u00f6hne haben alle Freiheiten. Hochzeiten der Familie feiert man gem\u00e4\u00df islamischen Brauch mit getrennten Geschlechtern. Einer der S\u00f6hne ist sogar Richter! Im Names des Volkes hier Recht sprechen und Zuhause die Grundwertes dieses Landes negieren, wie passt das zusammen?<br \/>\n7.3.2019, R.D., AO<\/p>\n<p>&nbsp;<\/p>\n<p><strong>Der Sieg \u00fcber den (konservativen) Islam wird weiblich sein<\/strong><br \/>\nEs gibt im Internet einen Ort von so stiller, trauriger Sch\u00f6nheit, dass er f\u00fcr Momente die schrille, meinungsvernarrte H\u00e4sslichkeit \u00fcberstrahlt, die zivilisierten Menschen nicht nur in den Kommentarspalten rechter Agitationsseiten, sondern auch in denen der Tagesschau oder der Bundesregierung zugemutet wird. Einen Ort, der zum Verweilen einl\u00e4dt, wenn die \u201eBunt-statt-Braun\u201c-Fraktion einmal mehr zu demonstrieren scheint, dass sie den Wettbewerb um die d\u00fcmmsten Ansichten gegen die Anh\u00e4ngerschaft eines Bj\u00f6rn H\u00f6cke um jeden Preis gewinnen will. Die Rede ist von der Facebookgruppe \u201eBefore sharia spoiled everything\u201c (bevor die Scharia alles vermasselt hat),<br \/>\n<a href=\"https:\/\/www.facebooks.com\/groups\/177938792951113\">https:\/\/www.facebooks.com\/groups\/177938792951113<\/a><br \/>\nund die sich so vorstellt:<br \/>\n\u201eDiese Gruppe ist dem Andenken s\u00e4kularer Gesellschaften und Subkulturen des Zwanzigsten Jahrhunderts in L\u00e4ndern mit muslimischen Bev\u00f6lkerungsmehrheiten gewidmet, die seit dem Ende der Siebzigerjahre entweder zur\u00fcckgedr\u00e4ngt oder vollst\u00e4ndig verschwunden sind. Das Ziel der Gruppe ist damit, diese Menschen und ihren ganz gew\u00f6hnlichen Alltag insbesondere Europ\u00e4ern bekanntzumachen, die von der Existenz dieser Gesellschaften weitestgehend nichts wissen oder nur wenig Kenntnisse \u00fcber sie haben. Die Mitglieder der Gruppe werden daher gebeten, in erster Linie Fotos aus dieser Zeit (ca. 1920-1980) von Menschen zu posten, die offenkundig ein modernes und s\u00e4kulares Leben f\u00fchren.&#8220;<br \/>\nDer Seite wohnt eine Melancholie inne, die ihrem Potenzial entspricht, einen kritischen Blick auf die Gegenwart zu werfen. Und dieses Potenzial hat sie dann, wenn sie, die Melancholie, \u201eals Reflexion der Verstelltheit richtigen Lebens\u201c und als \u201eTriebkraft eines unreglementierten Blicks auf die Wirklichkeit\u201c (Magnus Klaue) begriffen und gelebt wird.<br \/>\n&#8230; Alles von Felix Perrefort vom 25.1.2018 bitte lesen auf<br \/>\n<a href=\"https:\/\/www.achgut.com\/artikel\/der_sieg_ueber_den_islam_wird_weiblich_sein\">https:\/\/www.achgut.com\/artikel\/der_sieg_ueber_den_islam_wird_weiblich_sein<\/a><br \/>\n.<br \/>\n<em>Felix Perrefort lebt und arbeitet in Berlin, er hat einen Bachelor in Filmwissenschaft und einen Master in Kulturwissenschaft.<\/em><br \/>\n<strong>&#8222;Krieg gegen Frauen&#8220; wandert nach Deutschland ein<\/strong><br \/>\nWer Berichte von Frauenrechtlerinnen \u00fcber die Lage von Frauen in Afghanistan, den arabischen L\u00e4ndern oder afrikanischen Staaten wie Somalia und Eritrea liest, der sieht , dass es sich dort bei der Gewalt von M\u00e4nnern gegen Frauen um ein Alltagsph\u00e4nomen handelt, dass von den meisten M\u00e4nnern nicht in Frage gestellt wird. Und dieser Alltag wandert nach Deutschland ein. Von den etwa 1,6 Millionen Migranten, die seit 2015 nach Deutschland kamen, stammen gut 1,2 Millionen aus muslimischen L\u00e4ndern. Von ihnen waren wiederum zwei Drittel M\u00e4nner. &#8230;.<br \/>\n&#8230; Alles von Alexander Wendt vom 28.12.2017 bitte lesen auf<br \/>\n<a href=\"https:\/\/www.publicomag.com\/2017\/12\/krieg-gegen-frauen\/\">https:\/\/www.publicomag.com\/2017\/12\/krieg-gegen-frauen\/<\/a><\/p>\n<p><strong>Auch in Schweden: Araber gegen Frauen<\/strong><br \/>\nEs ist \u00fcbrigens nicht nur Deutschland, da\u00df von dieser Welle der Gewalt heimgesucht wird. In Malm\u00f6, Symbolstadt f\u00fcr \u00dcberflutung durch arabische Einwanderer, gab es alleine im letzten Monat vier Gruppenvergewaltigungen, die laut Polizei nicht in einem Zusammenhang stehen, also von unterschiedlichen T\u00e4tern begangen wurden. Die Polizei sprach von \u201cfolter\u00e4hnlichem Missbrauch\u201d und \u201csehr ernster Gewalt\u201d. Ein Polizist sagte schwedischen Medien, er habe so einen grausamen Fall in seinen 35 Jahren als Beamter noch nicht erlebt. In einem Fall wurde der Frau anschlie\u00dfend eine brennbare Fl\u00fcssigkeit in den Scho\u00df gegossen und angez\u00fcndet. Reaktion des stellvertretenden Polizeichefs: Frauen sollten sich nach Anbruch der Dunkelheit nicht mehr drau\u00dfen aufhalten. Nach Protesten aus der Bev\u00f6lkerung: \u201cWir wollen die Menschen nicht davon abhalten, nach drau\u00dfen zu gehen. Das war eine ungl\u00fcckliche Formulierung\u201d. Es haben sich B\u00fcrgerwehren gebildet, da man der Polizei den Schutz der B\u00fcrger offensichtlich nicht mehr zutraut. Die Medien schreiben nat\u00fcrlich politisch korrekt und beschweigen kollektiv den praktisch sicheren Migrationshintergrund der T\u00e4ter, sowohl in Schweden, wie in Deutschland, z.B. hier: https:\/\/www.tz.de\/welt\/horror-in-malmoe-geht-weiter-neue-gruppenvergewaltigung-in-schweden-zr-9479132.html<br \/>\n28.12.2017, Max Wedell, PO<\/p>\n<p><strong>Pornographie ist Schuld, nicht muslimische T\u00e4ter<\/strong><br \/>\nHier noch ein Gesichtspunkt, der in der Diskussion zu diesem Thema vielleicht interessant ist. Ich wurde durch einen Bekannten darauf gesto\u00dfen, der Afghane ist. Er (60 Jahre) machte keinen Hehl daraus, da\u00df er eifriger Konsument von <a title=\"aufschrei Feminismus Sexismus\" href=\"https:\/\/www.freiburg-schwarzwald.de\/blog\/aufschrei-feminismus-sexismus\/\">Internetpornographie<\/a> ist und auch Prostituierte aufsucht. Eines Tages sagte er mir ganz merkw\u00fcrdige S\u00e4tze dazu, die ich sinngem\u00e4\u00df wiedergebe: Wenn man sieht, was diese Frauen machen, die Prostituierten und die Frauen in den Pornos, so kann man v\u00f6llig den letzten Rest von Achtung f\u00fcr Frauen verlieren (Die in seinem Fall schon \u00e4u\u00dferst gering war, nachdem seine Frau ihn betrogen hatte, woraufhin er nat\u00fcrlich die Scheidung veranlasste). Das fand ich sehr bemerkenswert. D.h. Frauen bedienen seine Sexlust, und im Austausch daf\u00fcr \u201cverdienen\u201d sie sich seine Verachtung. Vielleicht ist hier ein verst\u00e4rkender Faktor am Werk: Junge M\u00e4nner aus einem Kulturkreis, der durch eine rigide, extrem prohibitive Sexualmoral \u2013 was Frauen angeht \u2013 gekennzeichnet ist, konsumieren auf einmal in westlichen Gesellschaften die reichliche Internetpornographie, in der die Frauen sich genau so benehmen, wie gem\u00e4\u00df ihrer kulturellen Pr\u00e4gung das Menschen nicht mehr tun, sondern allenfalls Tiere, die man verachten mu\u00df. Weit verbreitet ist dann nicht nur bei einfacheren Geistern (und auch nicht nur bei Muslimen): Filmisches Geschehen und Realit\u00e4t werden gleichgesetzt, Geschauspieltes f\u00fcr echt gehalten. Die einen verachten die Frauen also, weil sie f\u00fcr Geld alles machen, die anderen verachten sie, weil sie \u201coffensichtlich\u201d (in den Pornos, die f\u00fcr Realit\u00e4t gehalten werden) so geil sind, da\u00df sie alles machen. Gerade in Kombination mit letzterem wird der eine oder andere, der im t\u00e4glichen Leben auf die dann eben gar nicht so \u201cgeilen\u201d und meist nat\u00fcrlich sexuell abweisenden einheimischen Frauen trifft, dies als pers\u00f6nliche Herabsetzung empfinden. Nach dem Motto: In den Filmen machen sie alles und sind ganz wild darauf, aber mich lehnen sie sexuell ab. Mit solchen eingebildeten Kr\u00e4nkungen k\u00f6nnen Menschen mit bestimmtem kulturellem Hintergrund scheinbar schlechter gewaltfrei umgehen als andere.<br \/>\nIch meine jedenfalls, da\u00df westliche Pornographie hier einen ganz wesentlichen Einflu\u00df hat, der die latente Frauenverachtung in islamisch gepr\u00e4gten Kulturen in Einzelf\u00e4llen in einen ausgesprochenen Frauenha\u00df transformieren kann. Da\u00df sich Forscher dieser Thematik annehmen halte ich aber f\u00fcr unwahrscheinlich, denn es ist absehbar, da\u00df man um Ergebnisse nicht herum k\u00e4me, die einfach nicht \u201ckorrekt\u201d genug sind.<br \/>\n28.12.2017, Max Wedell, PO<\/p>\n<p>&nbsp;<\/p>\n<p><strong>Rechtsextreme und Islamisten: B\u00f6se Zwillinge<\/strong><br \/>\nDas Staatsverst\u00e4ndnis sei \u201eabh\u00e4ngig von der religi\u00f6s-kulturellen Fr\u00fcherziehung. Ich kann nur das lernen, was mir beigebracht worden ist\u201c, betont sie. Viel zu oft werde Erziehung \u201eden Islamverb\u00e4nden\u201c \u00fcberlassen. \u201eUnd dann wundern wir uns am Ende \u00fcber das Ergebnis. Da findet Indoktrinierung im Gewand von Integration statt. Es wird das ges\u00e4t, was Salafisten sp\u00e4ter ganz einfach ernten k\u00f6nnen.\u201c Tekkal verlangte: \u201eWir m\u00fcssen rein in diese Familien\u201c und etwaige Fehlentwicklungen zur Not finanziell sanktionieren. Hartz-IV-Entzug, weil der Sohnemann die Lehrerin wie Abschaum behandelt oder \u201eGott ist gro\u00df\u201c in den Himmel \u00fcber Deutschland ruft? &#8230;<br \/>\n\u201eWarum k\u00f6nnen wir nicht mit ewig gestrigen Linksliberalen dar\u00fcber sprechen, dass es eine kognitive Dissonanz ist, wenn der Schwule verkloppt wird vom Zuwanderer?\u201c &#8230;.<br \/>\nNach Tekkals Ansicht sind es zwei Erscheinungen \u2013 sie spricht von \u201eden b\u00f6sen Zwillingen\u201c \u2013, die die deutsche Demokratie gef\u00e4hrden: Den einen nennt sie Rechtspopulismus, den anderen \u201ereligi\u00f6s-kulturellen, traditionellen Extremismus\u201c. Sie klagt: \u201eBeide sind lauter als wir. Und was machen wir? Wir lehnen uns zur\u00fcck in unserer Komfortzone.\u201c Das m\u00fcsse ein Ende haben. \u201eDas Problem an den b\u00f6sen Zwillingen ist, dass wir sie gen\u00e4hrt haben und dass wir ihnen zu viel Macht gegeben haben, weil wir ihnen die vermeintliche Wahrheit \u00fcberlassen haben.\u201c &#8230;..<br \/>\nAlles von D\u00fczen Tekkal vom 20.1.2017 bitte lesen auf<br \/>\n<a href=\"https:\/\/www.welt.de\/vermischtes\/article161357599\/Eine-Jesidin-spricht-Klartext-ueber-die-Folgen-der-Einwanderung.html\">https:\/\/www.welt.de\/vermischtes\/article161357599\/Eine-Jesidin-spricht-Klartext-ueber-die-Folgen-der-Einwanderung.html<br \/>\n<\/a>\u00a0 \u00a0.<br \/>\n<em>D\u00fczen Tekkals Buch ist ein leidenschaftlicher Appell, unsere demokratischen Werte gegen die \u201eb\u00f6sen Zwillinge\u201c des Extremismus zu verteidigen. Mit ihrem Engagement zielt die renommierte Filmemacherin auf muslimische Hardliner ebenso wie auf den wiedererstarkten Rechtspopulismus. Sie wei\u00df genau, wovon sie spricht: Als Jesidin ist sie in Deutschland geboren und aufgewachsen. Weil sie fr\u00fchzeitig vor der wachsenden Radikalisierung unserer Gesellschaft warnte, wird sie mit dem Tod bedroht.<\/em><br \/>\n.<br \/>\nD\u00fczen Tekkal:<br \/>\nDeutschland ist bedroht<br \/>\nWarum wir unsere Werte verteidigen m\u00fcssen<br \/>\nPiper Verlag 2016, 16,99 Euro<br \/>\n<a href=\"https:\/\/duezentekkal.de\/\">https:\/\/duezentekkal.de\/<br \/>\n<\/a>\u00a0 \u00a0.<br \/>\nD\u00fczem Tekkal hat begriffen, dass es darum geht, ob in Zukunft in Deutschland ein freies und selbstbestimmtes Leben &#8211; ein westliches Leben &#8211; weiterhin m\u00f6glich ist. Oder ob sich mit der Bev\u00f6lkerungsmehrheit auch Leben und Wertegef\u00fcge \u00e4ndern werden. Es ist geradezu bizarr, dass in Deutschland sich links nennende Parteien nichts gegen die Verbreitung einer rechts-religi\u00f6sen Ideologie unternehmen und stattdessen dem &#8222;Allahu Akbar&#8220; und den Schleiern auf dem Schulhof den R\u00fccken freihalten und dieser Ideologie im Ergebnis &#8211; wahrscheinlich nicht durch Absicht, wohl aber durch Ignoranz und Arroganz &#8211; immer mehr Einfluss verschaffen.<br \/>\n20.1.2017, MakiLu, WO<\/p>\n<p>&nbsp;<\/p>\n<p>&nbsp;<\/p>\n<p><strong>Irak-Fl\u00fcchtling: Recht, meine Ehefrau zu t\u00f6ten<\/strong><br \/>\nLaut Anklage war Jumaah K. davon \u00fcberzeugt, dass seine 26 Jahre alte Ehefrau und Mutter seiner drei Kinder ein Verh\u00e4ltnis mit einem anderen Mann hatte. Im vergangenen November soll der Fl\u00fcchtling aus dem Irak dann seine Ehefrau in Laaber (Landkreis Regensburg) in deren Schlafzimmer erw\u00fcrgt haben. W\u00e4hrend der Tat waren die drei kleinen Kinder im Haus. Nach der Tat war der damals 31-J\u00e4hrige in Begleitung seiner dreij\u00e4hrigen Tochter zur Polizei gegangen und hatte sich gestellt. Wenig sp\u00e4ter entdeckten die Beamten die Leiche der Frau. Ein Vernehmungsbeamter berichtete am Montag, dass der Ehemann gesagt hatte: <em>&#8222;Ich habe von meinem Recht Gebrauch gemacht, meine Ehefrau zu t\u00f6ten.&#8220;<\/em><br \/>\nWarum er ins Gef\u00e4ngnis komme, habe er nicht verstanden. &#8230;<br \/>\nAlles vom 5.7.2016 auf<br \/>\n<a href=\"https:\/\/www.welt.de\/regionales\/bayern\/article156798617\/Habe-vom-Recht-Gebrauch-gemacht-meine-Frau-zu-toeten.html\">https:\/\/www.welt.de\/regionales\/bayern\/article156798617\/Habe-vom-Recht-Gebrauch-gemacht-meine-Frau-zu-toeten.html<\/a><\/p>\n<p><strong>Mord aus Eifersucht wie Ehrenmord: Muslime haben ein Recht darauf<\/strong><br \/>\nMord aus Eifersucht gibt es in jeder Gesellschaft wird man jetzt wieder behaupten und &#8211; Ja, das ist richtig. Aber das fatale daran ist, dass diese M\u00e4nner durch ihre Erziehung tats\u00e4chlich denken da\u00df sie das RECHT dazu h\u00e4tten. Und das pa\u00dft nicht zu Deutschland. Wir kennen das ja schon von einer fr\u00fcher zugewanderten Volksgruppe, die f\u00fcr sich das Recht auf sogenannte &#8222;Ehrenmorde&#8220; in Anspruch nimmt, aber mu\u00dfte das sein, dass man Menschen aus Gesellschaften mit solchem Gedankengut zu Millionen einl\u00e4dt ? Nur ein kleineMors Gedankenspiel: Was ist wenn meine Tochter sich in einen dieser M\u00e4nner verliebt, erkennt dass es doch nicht der Richtige ist und sich wieder von ihm trennen will. Er macht von seinem (vermeintlichen) Recht gebrauch die ihm zugef\u00fcgte Schande zu beseitigen. Es ist doch jedem klar, dass die Hemmschwelle insbesondere bei einem T\u00f6tungsdelikt doch erheblich niedriger ist wenn der T\u00e4ter sich im Recht glaubt und er sich sicher sein kann dass er in Deutschland die Blutrache nicht zu f\u00fcrchten hat. Ist das die vielgepriesene &#8222;Bereicherung&#8220; unserer Gesellschaft ? Ja, unsere Gesellschaft wird sich ver\u00e4ndern, aber nicht zum Besseren, denn was wir bisher hatten war die Beste aller m\u00f6glichen. Vielen Dank daf\u00fcr Frau Merkel im Namen unserer Kinder und Enkel.<br \/>\nWilli, 5.7.2016<\/p>\n<p>&nbsp;<\/p>\n<p><strong>Der Frau als Sexualobjekt gibt ein Muslim keine Hand<\/strong><br \/>\nIn der Schweiz verweigert ein muslimischer Sch\u00fcler seiner Lehrerin den Handschlag. In Mainz weigert sich ein Imam, der CDU-Politikerin Gl\u00f6ckner die Hand zu geben.<br \/>\n.<br \/>\nDer Sprecher des liberalen Muslimischen Forums, <a title=\"Mansour\" href=\"https:\/\/www.freiburg-schwarzwald.de\/blog\/religion\/islam\/mansour\/\">Ahmad Mansour<\/a>, geht noch weiter. Wenn ein Mann einer Frau den Handschlag verweigere, geschehe das aus bestimmten religi\u00f6sen Gr\u00fcnden. &#8222;Er geht davon aus, das jeglicher k\u00f6rperlicher Kontakt zwischen Mann und Frau verboten ist. Die Frau wird als <a title=\"Sexuellermissbrauch\" href=\"https:\/\/www.freiburg-schwarzwald.de\/blog\/selbsthilfe\/krise\/sexuellermissbrauch\/\">Sexualobjekt<\/a> wahrgenommen, nicht als Mensch. Das d\u00fcrfen wir nicht akzeptieren.&#8220; Stattdessen brauche die Gesellschaft Regeln. &#8222;Wir m\u00fcssen festlegen, was verhandelbar ist und was nicht.&#8220;<br \/>\nMansour warnte zugleich vor einer falsch verstandenen Toleranz der Mehrheitsgesellschaft. &#8222;Wir Muslime sind keine gesch\u00fctzte Tierart. Wir m\u00fcssen nicht vor Kritik bewahrt werden.&#8220; Das sei genauso rassistisch wie die Ansicht, Muslime seien &#8222;wilde Tiere und unintegrierbar&#8220;. &#8230;..<br \/>\nAlles vom 21.4.2016 auf<br \/>\n<a href=\"https:\/\/www.welt.de\/politik\/deutschland\/article154618159\/Wir-Muslime-sind-keine-geschuetzte-Tierart.html\">https:\/\/www.welt.de\/politik\/deutschland\/article154618159\/Wir-Muslime-sind-keine-geschuetzte-Tierart.html<\/a><\/p>\n<p>&nbsp;<\/p>\n<p><strong>Kulturkampf um den Gebetsraum an der TU Dortmund<\/strong><br \/>\nIn einem Raum an der TU Dortmund, der zum Beten gedacht ist, versuchen Muslime eine Geschlechtertrennung durchzusetzen. Die Hochschule zieht die Rei\u00dfleine und schlie\u00dft den Raum. &#8230;.<br \/>\nAlles vom 19.2.2016 bitte lesen auf<br \/>\n<a href=\"https:\/\/www.welt.de\/vermischtes\/article152169223\/Kulturkampf-um-den-Gebetsraum-an-der-TU-Dortmund.html\">https:\/\/www.welt.de\/vermischtes\/article152169223\/Kulturkampf-um-den-Gebetsraum-an-der-TU-Dortmund.html<\/a><\/p>\n<p>.<\/p>\n<p><strong>Das sexuelle Elend der arabischen Welt<br \/>\n<\/strong><em>In den L\u00e4ndern Allahs herrscht ein krankes Verh\u00e4ltnis zur Frau und zum Begehren. Das muss wissen, wer bei der Bewertung der K\u00f6lner Silvesternacht der Naivit\u00e4t entkommen will.<\/em><br \/>\n&#8230;.<br \/>\nDie Aufnahme der Fl\u00fcchtlinge, der Asylsuchenden, die vor dem IS oder den j\u00fcngsten Kriegen fliehen, st\u00f6\u00dft im Westen auf einige Naivit\u00e4t. Man denkt beim Fl\u00fcchtling an dessen Status und nicht an seine Kultur. Er ist ein Opfer, das die Projektionen der Europ\u00e4er auf sich zieht, die Pflicht zur Menschlichkeit oder Schuldgef\u00fchle. Man sieht den \u00dcberlebenden und vergisst, dass der Fl\u00fcchtling in einer Kultur gefangen ist, in der das Verh\u00e4ltnis zu Gott und zur Frau eine wichtige Rolle spielt.<br \/>\nIm Westen angelangt, hat der Fl\u00fcchtling oder Migrant sein Leben gerettet, aber man \u00fcbersieht nur zu gern, dass er seine (islamisch\u00a0gepr\u00e4gte) Kultur nicht so leicht aufgeben wird. Seine Kultur ist das, was ihm angesichts seiner Entwurzelung und des Schocks der neuen Umgebung bleibt. Das f\u00fcr die westliche Moderne so fundamentale Verh\u00e4ltnis zur Frau wird zumindest dem Durchschnittsmann unter den Fl\u00fcchtlingen lange unverst\u00e4ndlich bleiben.<br \/>\n&#8230;.<br \/>\nAlles von Kamel Daoud vom 18.2.2016 bitte lesen auf<br \/>\n<a href=\"https:\/\/www.faz.net\/aktuell\/feuilleton\/islam-und-koerper-das-sexuelle-elend-der-arabischen-welt-14075502.html\">https:\/\/www.faz.net\/aktuell\/feuilleton\/islam-und-koerper-das-sexuelle-elend-der-arabischen-welt-14075502.html<\/a><\/p>\n<p><em>Mit seinem neuen Werk &#8222;Perspektivenwechsl&#8220; liefert der algerische Schriftsteller Kamel Daoud eine Gegendarstellung zu Camus\u2019 Klassiker \u201eDer Fremde\u201c<\/em><\/p>\n<p>&nbsp;<\/p>\n<p>&nbsp;<\/p>\n<p><strong>Seid w\u00fctend auf die muslimischen Frauen und M\u00fctter<\/strong><br \/>\n<em>Die ehemalige Femen-Aktivistin Zana Ramadani glaubt, dass <a title=\"Koeln-Silvester2015\" href=\"https:\/\/www.freiburg-schwarzwald.de\/blog\/global\/integration\/koeln-silvester2015\/\">Vorf\u00e4lle wie in K\u00f6ln<\/a> \u00fcberall m\u00f6glich sind, wo Muslime leben. Schuld sind die islamischen Werte \u2013 und M\u00fctter, die ihre Kinder danach erziehen. &#8230;.<\/em><br \/>\nJa, (an der sexuellen Unterdr\u00fcckung sind auch die M\u00fctter schuld). Jede islamische Mutter bringt ihrer Tochter bei, dass sie nur dann etwas wert ist, wenn sie als Jungfrau in die Ehe geht. &#8230;.Ich habe einen Bruder. Meine Mutter hat ihn sehr verw\u00f6hnt und ihm alles nachgesehen. Ich als M\u00e4dchen wurde mit unglaublicher Strenge erzogen. Ich hatte keine Freiheiten, und wenn ich trotzdem drau\u00dfen mit meinen Freunden spielte, dann hat sie mich schon als kleines M\u00e4dchen als Dreck oder als Hure beschimpft \u2013 lange bevor ich \u00fcberhaupt wusste, was eine Hure ist. &#8230;<br \/>\n&#8230; die Werte sind schuld an den Geschehnissen. Es sind die Werte des Islam. Folgende: Frauen sind Bedienstete. Frauen sind Sklavinnen. Wir sind Ware. Wir haben uns z\u00fcchtig zu benehmen. Wenn wir einem Mann zu lange in die Augen sehen, dann wollen wir ihn reizen und erregen. Alles, was wir tun, und alles, was wir sind, ist reine Provokation. Deswegen m\u00fcssen wir uns verh\u00fcllen. Zugleich wird M\u00e4nnern damit unterstellt, dass sie triebgesteuerte Vergewaltiger sind. &#8230;.<br \/>\nDas Verschleierungsgebot unterstellt ja, dass M\u00e4nner nicht anders k\u00f6nnen, als sofort \u00fcber eine Frau herzufallen, die ihre Haare zeigt. Das Verschleierungsgebot unterstellt also jedem Mann, ein triebgesteuerter Vergewaltiger zu sein. Die islamischen Werte sind also sowohl frauen- als auch m\u00e4nnerfeindlich. &#8230;.<br \/>\nWir m\u00fcssen damit aufh\u00f6ren, zu glauben, dass das mit dem Islam nichts zu tun hat. Das hat mit dem Islam sehr viel zu tun. Wir m\u00fcssen von den Migranten ganz viel fordern. Wir m\u00fcssen vor allem von den Migrantinnen viel fordern&#8230;.<br \/>\nB\u00fcrgerkurse. Verpflichtend f\u00fcr jede Frau. Wer sich weigert, kriegt kein Geld.<br \/>\nDie Frau ist der Schl\u00fcssel zur Familie. Wir brauchen mehr Mut, um unsere Werte zu verteidigen. Wir m\u00fcssen die Muslime zwingen. Ohne Zwang wird es nicht gehen. Wir m\u00fcssen aufh\u00f6ren mit der falschen Toleranz gegen\u00fcber dem Islam. Der Islam macht unsere Werte kaputt, und das m\u00fcssen wir verhindern.<br \/>\nAlles vom 14.1.2016 auf<br \/>\n<a href=\"https:\/\/www.welt.de\/vermischtes\/article150989935\/Seid-wuetend-auf-die-muslimischen-Frauen.html\">https:\/\/www.welt.de\/vermischtes\/article150989935\/Seid-wuetend-auf-die-muslimischen-Frauen.html<\/a><br \/>\n.<br \/>\n<strong>Das &#8222;linke Lager&#8220; untersch\u00e4tzt ganz einfach die Kraft des Islam<\/strong><br \/>\nund w\u00fcnscht sich eine gez\u00e4hmte, &#8222;europ\u00e4isierte&#8220; Abart des Islam herbei, eine Abart, welche es nicht geben wird. Denn der Islam zehrt grundlegend von Abgrenzung, archaischen Vorstellungen und Patriarchat, die er wahren mu\u00df, um nicht unterzugehen. Es ist eben nicht &#8222;nur eine beliebige Religion&#8220;, es ist eine Mischung aus unbedingter religi\u00f6ser und staatlicher Macht auf dem vorgeschriebenen Vormarsch zwecks Ausbreitung.<br \/>\n14.1.2016, Realiter<\/p>\n<p><strong>Das sind klare Worte. Und Hochachtung f\u00fcr ihren Mut auszubrechen.<\/strong><br \/>\nLeider nichts neues. Seyran Ates, G\u00fcner Balci, <a title=\"Sexuellermissbrauch\" href=\"https:\/\/www.freiburg-schwarzwald.de\/blog\/selbsthilfe\/krise\/sexuellermissbrauch\/\">Necla Kelek<\/a>, Ayan Hirsi Ali&#8230;. und noch viele viele mehr haben uns seit den 1980ern davon erz\u00e4hlt und nur sehr wenige haben ihnen zugeh\u00f6rt und Konsequenzen gezogen. Mitte der 90er gab es eine gro\u00dfe Kopftuchdiskussion und die Diskussion um den politischen Islam, auch da haben sich die Beschwichtiger und Islamversteher durchgesetzt. In der Politik ist nichts von den Forderungen und Empfehlungen dieser Expertinnen angekommen. ch habe also begr\u00fcndete Zweifel das es ohne weiteren Druck auf die Poltik diesmal so sein wird.<br \/>\nCailieen<br \/>\n.<br \/>\n<strong>Ebenfalls danke f\u00fcr dieses Interview<\/strong>.<br \/>\nJa, schon unsere Kinderg\u00e4rtnerinnen und Grundschullehrerinnen werden damit konfrontiert, da\u00df sich die muslimischen Jungen wie kleine Prinzen benehmen und dann v\u00f6llig perplex sind, da\u00df sie es au\u00dferhalb ihrer Familie nicht mehr sind. Viele lassen sich von weiblichen Erzieherinnen und Lehrerinnen nichts sagen, manche reagieren sogar aggressiv. Dies zieht sich z.T. bis zum Abitur.<br \/>\nUnsere Tochter geht in Neuss auf ein Gymnasium und wird dort t\u00e4glich von muslimischen Mitsch\u00fclerinnen bedr\u00e4ngt, sie solle sich z\u00fcchtig anziehen und ein Kopftuch tragen. Ansonsten drohe man ihr mit Pr\u00fcgel.<br \/>\nDiese muslimischen Sch\u00fclerinnen sind hier in Deutschland geboren!! Wohin soll das f\u00fchren. Ach ja: der Islam geh\u00f6rt ja zu DEutschland!! Und wir haben ja R\u00fccksicht zunehmen.<br \/>\n14.1.2016, Johannes<\/p>\n<p><strong>Warum besch\u00f6nigen?<\/strong><br \/>\nWas in der Silvesternacht in K\u00f6ln passierte, passiert jetzt, in diesem Moment und wie selbstverst\u00e4ndlich, am helllichten Tag hunderttausendfach in Nordafrika und in der arabischen Welt: Frauen werden sexuell bel\u00e4stigt, gedem\u00fctigt und, so sie es wagen, sich den \u00dcbergriffen zu\u00a0widersetzen, als \u201eSchlampen\u201c oder \u201eHuren\u201c beschimpft. Die \u00e4gyptische Schriftstellerin und Feministin Mona Eltahawy hat dieses Ph\u00e4nomen und seine Ursachen am 2. Mai 2012 in der franz\u00f6sischen Zeitung \u201eLe Monde\u201c beschrieben: \u201eJa: sie (die M\u00e4nner der arabischen Welt) hassen uns. Es muss endlich gesagt werden &#8230;&#8220; (Zitat aus Frankfurter Allgemeine Zeitung von heute). Die Aussage von Frau Ramadani (&#8222;In jedem islamischen Land h\u00e4tte das passieren k\u00f6nnen und passiert dort auch t\u00e4glich.&#8220;) deckt sich mit Aussagen aus dem oben zitierten sehr ausf\u00fchrlichen Artikel von heute. Wie kann man das alles versuchen, zu relativieren, zu besch\u00f6nigen oder gar zu negieren?<br \/>\n14.1.2016, Wibbe<\/p>\n<p><strong>Integrierte Muslime m\u00fcssen Zivilcourage zeigen und mitmachen<\/strong><br \/>\nEin anderes Problem: Die Muslime und Muslima die integriert sind, sind meist weder in irgendwelchen muslimischen Verb\u00e4nden zu finden (sind sowieso die wenigsten Muslime in D), noch interessiert sie gro\u00df die muslimische Diaspora. Das Potential zum Wertewandel von innen, der so wichtig w\u00e4re, verpufft sozusagen in der deutschen Hauptgesellschaft &#8211; es bleibt f\u00fcr orientierungslose und verunsicherte Muslime nur der religi\u00f6s-konservative Zweig als klar erkennbare und organisierte Identit\u00e4tsgr\u00f6\u00dfe. Der Teil an integrierten Muslime muss Zivilcourage zeigen und sowas wie Patenschaften ins Leben rufen und auf andere kreative Art und Weise sich um die Integration und damit auch den Werte Wandel aktiv k\u00fcmmern. Der Funke fliegt nicht \u00fcber, in einem VHS Kurs f\u00fcr deutsche Werte.<br \/>\nToni<\/p>\n<p><strong>Das Problem ist dass ich mich hier \u00fcberhaupt nicht damit besch\u00e4ftigen will,<\/strong><br \/>\nwelche probleme muslimische frauen hierhertragen oder nicht. Ich habe genug sorgen mit unserer krankenversicherung , ob mein partner seinen job verliert und wir demn\u00e4chst die 2. mieterh\u00f6hung kassieren und evtl umziehen m\u00fcssen, weil wir uns das nicht mehr leisten k\u00f6nnen. Unsere probleme verschwinden nicht dadurch dass man uns permanent kulturelle disharmonien auftischt, an deren entstehung wir weder beteiligt waren noch sind. Ich f\u00fchle mich angesichts der dauernden Beschallung der muslime und ihrer zu ber\u00fccksichtigenden Entwicklungsm\u00e4ngel isoliert und nicht mehr ernst genommen. Warum muss deutschland diese Frauen emanzipieren? Warum irgendjemand anderes in der Welt? Wenn sie selbst es verweigern?<br \/>\n14.1.2016 Rena Tellmann-Porter<\/p>\n<p><strong>Muslima sind doch auch in D machlos &#8211; siehe auch Maxlohe<\/strong><br \/>\nErstmal: tiefen Respekt f\u00fcr diese selbstkritische Sichtweise. Eine (Ex?) Muslima und Feministin, die nicht nur ihre (ehemalige?) Religionsgemeinschaft sondern sogar ihr eigenens Geschlecht in die Pflicht nimmt &#8211; das erfordert nicht nur Mut sondern auch die Bereitschaft zur Selbstkritik. Trotzdem sind das ziemlich zwiesp\u00e4ltige Aussagen. Ich stimme zwar zu, dass auch die Frauen eine Verantwortung (gerade mit Blick auf die Erziehung) tragen, und dass man bei ihnen ebenfalls ansetzen muss um etwas zu \u00e4ndern. Aber die L\u00f6sungsans\u00e4tze wie die St\u00e4rke der Verweise scheinen mir nicht ganz zu passen.<br \/>\nWidersetzen sich Frauen in islamischen L\u00e4ndern den Anweisungen ihrer M\u00e4nner ist die Folge durchaus gewaltt\u00e4tig &#8211; es sei jetzt mal hingestellt ob physisch oder psychisch. Hilfe haben sie nicht zu erwarten, die Gesellschaft tickt ja \u00e4hnlich. Hierzulande ist aufgrund der Parallelgesellschaften, die Dank der Entwicklungen der letzten 25 Jahre m\u00f6glich waren, die Situation nicht viel anders. Als vor mehreren Jahren rauskam, wie viel h\u00f6her die Selbstmordrate t\u00fcrkischer M\u00e4dchen war aufgrund der Diskrepanz zwischen vorgelebter und eigener Lebenswelt, da wurde mehr \u00fcber die &#8222;rassistischen Tendenzen&#8220; unserer Gesellschaft gew\u00fctet als das Problem anzugehen.<br \/>\nVerpflichtende Kurse klingt zwar toll &#8211; aber wer soll das durchsetzen und kontrollieren. Und was bl\u00fcht bei Nichteinhaltung? Abschiebung weil Integrationspflicht verletzt? Da h\u00f6re ich bereits die \u00fcblichen Verd\u00e4chtigen Proteste schreien. Und w\u00fcrden dann Frauen, die sich integrieren wollen aber gehindert werden von den M\u00e4nnern und Frauen ihres Umfeldes nicht doppelt bestraft? Am Beispiel des &#8222;Wunders von Marxlohe&#8220;, wie die Riesenmoschee durch den WDR bejubelt wurde: dort sollten Sprachkurse und Intengrationshilfen angeboten werden. Ein Jahr sp\u00e4ter wurden fast alle solche Ma\u00dfnahmen gestrichen, die angestellten entlassen. Dagegen protestierten sogar einige Frauen, aber die Politik unernahm nichts. Hier wurde eine eindeutige Abmachung, ja eine Bedingung f\u00fcr die massive Hilfe und \u00f6ffentlichkeitswirksame Unterst\u00fctzung gebrochen auf Kosten der Frauen und Integrationswilligen. Da kann keine muslimische Frau etwas dagegen unternehmen. Die Kritiker wurden sofort in die rechte Ecke gestellt &#8211; nicht zuletzt von Feministinnen. Femen tr\u00e4gt unterdessen dazu bei, dass die Dialogf\u00e4higkeit verloren geht &#8211; sie bef\u00f6rdern nicht Gespr\u00e4che sondern die Entrechtung Andersdenkender. Aber wie gesagt, die Hinweise sind richtig und wichtig und mutig. Vielen Dank daf\u00fcr.<br \/>\n14.1.2016, Theodred<\/p>\n<p>.<\/p>\n<p><strong>Wir wollen kein arabisches Frauenbild &#8211; Wir sind frei<\/strong><br \/>\nEs f\u00e4ngt wohl damit an, dass ich erst einmal klarstelle, dass ich keine Rechte bin, dass ich nicht mit Pegida sympathisiere. Und dass ich tolerant bin und Ausl\u00e4nder mag&#8230; Also: Ich sag jetzt mal was zum arabischen, orientalischen, maghrebinischen \u2013 oder wie auch immer das politisch korrekt formuliert sein soll \u2013 Frauenbild. Und ich sage es am besten gleich: Ich will das nicht mehr. Ich will es nicht in meinem Europa. Und ich will mich nicht daf\u00fcr entschuldigen m\u00fcssen, dass ich es nicht will.<br \/>\nUiuiui, bin ich jetzt mutig. Soll ich jetzt nicht doch besser hinterherschieben, dass ich nichts gegen Fl\u00fcchtlinge und nichts gegen den Islam im Allgemeinen habe? Also eine Selbstverst\u00e4ndlichkeit formulieren, damit ich um Himmels (Allahs? Buddahs?) willen nicht in die falsche Kiste gesteckt werde? Auch das will ich nicht. Es ist zu abgedroschen. Und so wenig zielf\u00fchrend, wie zum Beispiel der Versuch von Politikerinnen wie Hannelore Kraft und Renate K\u00fcnast in der Sendung &#8222;Hart aber fair&#8220;, die K\u00f6lner Vorkommnisse direkt in der gro\u00dfen Watte &#8222;sexuelle Gewalt im Allgemeinen&#8220; zu versenken. &#8230;<br \/>\nWir m\u00fcssen nicht mehr f\u00fcr ein neues Frauenbild k\u00e4mpfen, uns befreien von Bevormundung. Wir sind frei. Das gilt es zu verteidigen. &#8230;.<br \/>\nAlles von Inga Griese vom 13.1.2016 bitte lesen auf<br \/>\n<a href=\"https:\/\/www.welt.de\/debatte\/kommentare\/article150975022\/Frauen-duerfen-keinen-Millimeter-Freiheit-abgeben.html\">https:\/\/www.welt.de\/debatte\/kommentare\/article150975022\/Frauen-duerfen-keinen-Millimeter-Freiheit-abgeben.html<\/a><\/p>\n<p><strong>Araber vergewaltigt 15-j\u00e4hrige &#8211; Freiheit ohne Sicherheit?<\/strong><br \/>\nUnd wie soll dieses &#8222;Frauen d\u00fcrfen keinen Millimeter Freiheit abgeben&#8220; nun in der Praxis ausschauen? Gestern gegen 19 Uhr wurde eine 15-j\u00e4hrige in M\u00f6nchengladbach von einem Mann mit arabischem Aussehen vergewaltigt. Sollen M\u00e4dchen und Frauen also einfach weiter ihre Minnir\u00f6cke tragen, nachts fortgehen, trinken und feiern, als g\u00e4be es hier (neben anst\u00e4ndigen) nicht auch enthemmte Migranten, und dann hoffen, dass schon nichts passiert? Wie genau und durch wen soll diese Freiheit gesch\u00fctzt werden, wenn wir nicht einmal mehr wissen, wer da t\u00e4glich ins Land str\u00f6mt bzw. schon da ist? Freiheit ohne Sicherheit gibt es nicht.<br \/>\n13.1.2016, Aik M\u00fcller<br \/>\n.<br \/>\n<strong>Wer das moslemisch-orientalische Frauenbild in Europa nicht haben will<\/strong>,<br \/>\nmuss daf\u00fcr sorgen, dass keine (nicht integrationsbereiten) Moslems mehr hierher kommen bzw. unser Land wieder verlassen. Dass alles andere zwecklos ist, lehrt uns die Erfahrung von Jahrzehnten. Leider w\u00e4hlen die Leute immer wieder die Parteien, die uns diese hierher holen. Zur Zeit jeden Tag ca. 4000 (in Worten: viertausend).<br \/>\n1.1.2016, A. Waran<\/p>\n<p>&nbsp;<\/p>\n<p>.<br \/>\n<strong>Muslimisches Frauenbild: Sie hassen uns<\/strong><br \/>\n<em>Die giftige Mischung aus nordafrikanisch-arabischer Kultur und Religion, die sich in der <a title=\"Koeln-Silvester2015\" href=\"https:\/\/www.freiburg-schwarzwald.de\/blog\/global\/integration\/koeln-silvester2015\/\">K\u00f6lner Silvesternacht<\/a> Bahn brach, wird in Deutschland noch immer besch\u00f6nigt oder verschwiegen. Islamkritik ist \u00fcberf\u00e4llig.<br \/>\n<\/em>Schon warnte der Beauftragte der t\u00fcrkischen Religionsbeh\u00f6rde <a title=\"Islam-Organisationen\" href=\"https:\/\/www.freiburg-schwarzwald.de\/blog\/religion\/islam\/islam-organisationen\/\">(Ditib)<\/a> f\u00fcr interreligi\u00f6sen Dialog in Deutschland, Bekir Alboga, vor einer \u201eKulturalisierung von Verbrechen\u201c, und die Islamwissenschaftlerin Lamya Kaddor befand: \u201eBeim Oktoberfest in M\u00fcnchen und beim K\u00f6lner Karneval kommt es geh\u00e4uft vor, dass stark alkoholisierte M\u00e4nner Frauen sexuell bedr\u00e4ngen und bel\u00e4stigen. Das wird dann gern als Kollateralschaden dieser Veranstaltungen abgetan. Es gibt keinen Unterschied zwischen der einen sexuellen Gewalt und der anderen.\u201c Wirklich nicht? Der Unterschied liegt darin, dass die sexuelle Gewalt in Nordafrika und im Nahen Osten zum Alltag geh\u00f6rt und dass in dieser Hinsicht dort permanent \u201eOktoberfest\u201c und \u201eKarneval\u201c ist, denen sich keine Frau entziehen kann, indem sie diese Veranstaltungen meidet. Die Gewalt beginnt vor der Haust\u00fcr auf der Stra\u00dfe.<br \/>\nUm so schockierender fand ich nach meiner R\u00fcckkehr aus Nordafrika den Blick meiner alten Weggef\u00e4hrten sowie des <a title=\"Gutmenschen\" href=\"https:\/\/www.freiburg-schwarzwald.de\/blog\/engagement\/gutmenschen\/\">linksliberalen Mainstreams<\/a> einschlie\u00dflich der SPD und der Gr\u00fcnen auf die muslimische Welt: Sie schienen keine Ahnung zu haben von dem, was dort vor sich ging, wie sehr Frauen dort unter religi\u00f6sen Diktaten litten, nachdenkliche Menschen von Staat und Staatsislam gleichzeitig fertiggemacht wurden. Sie schienen v\u00f6llig zu ignorieren, wie sehr Islam und Diktatur letztlich Hand in Hand arbeiteten, wenn es darum ging, ihre gemeinsamen <strong>Hauptfeinde zur Strecke zu bringen: die Demokratie, die Menschenrechte, die Religionsfreiheit, die Gleichberechtigung<\/strong>.<br \/>\nAlles zu &#8222;Muslimisches Frauenbild: Sie hassen uns&#8220; von Samuel Schirmbeck vom 11.1.2016 bitte lesen auf<br \/>\n<a href=\"https:\/\/www.faz.net\/aktuell\/politik\/inland\/gastbeitrag-von-samuel-schirmbeck-zum-muslimischen-frauenbild-14007010.html\">https:\/\/www.faz.net\/aktuell\/politik\/inland\/gastbeitrag-von-samuel-schirmbeck-zum-muslimischen-frauenbild-14007010.html<\/a><\/p>\n<p>Samuel Schirmbeck, Autor und Filmemacher, war bis 2001 als Algerien-Korrespondent der ARD<\/p>\n<p>&nbsp;<\/p>\n<p><strong>Eine Syrerin an &#8222;den m\u00e4nnlichen Teil&#8220; der jungen syrischen Frauenvergewaltiger<\/strong><br \/>\nIch (Frau) komme aus Syrien. Lebe in DE seit 17 Jahre. Syrische Frauen trauen sich nicht am Silvester alleine durch Stra\u00dfen zu gehen, die mit M\u00e4nnern \u00fcberf\u00fcllt sind. Ich finde es total naiv von einer <a title=\"Koeln-Silvester2015\" href=\"https:\/\/www.freiburg-schwarzwald.de\/blog\/global\/integration\/koeln-silvester2015\/\">\u201eorganisierte Kriminalit\u00e4t\u201c in K\u00f6ln<\/a> zu reden. Es ist einfach eine schreckliche Mentalit\u00e4t, wo die M\u00e4nnern glauben, mit ihren m\u00e4nnlichen Teil die Welt regieren zu k\u00f6nnen &#8211; auch wenn sie nichts im Kopf haben. Ich kann mir sehr gut vorstellen, dass wenn so viele aus \u00e4hnliche Kulturkreise kommen sich gegenseitig verst\u00e4rkt f\u00fchlen und gemeinsam \u201espontan\u201c agieren. Wahrscheinlich brauchen wir in DE eher Grunderziehung als Integration. Die Mehrheit der Asylanten sind leider ungebildete Menschen, die in ihrem Land keine Perspektive haben und nur einen m\u00e4nnlichen Teil haben. Liebe Frau Merkel: Sie werden es nicht schaffen, die Einstellung gegen\u00fcber die Frauen (inklusiv dich selbst) zu \u00e4ndern.<br \/>\n11.1.2016, O. Rima<\/p>\n<p class=\"vorwort\"><strong>Islam-gepr\u00e4gte M\u00e4nnergewalt gegen Frauen in D<\/strong><br \/>\nSelbstverst\u00e4ndlich muss Fl\u00fcchtlingen aus Kriegsgebieten geholfen werden. Zum Enthusiasmus der &#8222;Willkommenskultur&#8220; \u2013 f\u00fcr mich ein negatives Unwort \u2013 besteht aber kein Anlass. Aus meiner Sicht als Frau kann ich Fl\u00fcchtlinge nicht willkommen hei\u00dfen, die \u2013 und das wird in der \u00d6ffentlichkeit bewusst verschwiegen \u2013 zu 80 Prozent M\u00e4nner sind, die aus Frauen verachtenden L\u00e4ndern kommen, in denen Frauen als &#8222;unrein&#8220; gelten und deswegen Kopf und K\u00f6rper verh\u00fcllen m\u00fcssen. Frauen ohne Kopftuch sind in vielen muslimischen L\u00e4ndern Freiwild und riskieren ihr Leben. Sie haben kein Recht auf ein selbstbestimmtes Leben, sind Besitz von Ehem\u00e4nnern, V\u00e4tern und Br\u00fcdern. Schon aus Solidarit\u00e4t mit diesen Frauen sollten Frauen in einem freien Land ihr Kopftuch ablegen, das leidgetr\u00e4nkte St\u00fcck Stoff, das ihre Erniedrigung zur Schau stellt.<br \/>\nErneut kommt eine Welle von M\u00e4nnergewalt auf uns zu, Gewalt vor allem gegen Frauen. Frauen- und Kinder-Organisationen schlagen Alarm. Sexuelle Bel\u00e4stigung und Vergewaltigung sind schon auf der Flucht und in den Fl\u00fcchtlingslagern an der Tagesordnung. In den vom Islam bestimmten Gesellschaften herrscht Apartheid f\u00fcr Frauen. Die Entrechtung muslimischer Frauen wird in unserer Gesellschaft schon lange geduldet. Die beschworene Integration ist gescheitert, verweigert von fundamentalistischen Einwanderern. Um Beispiele zu nennen: M\u00e4nner geben der Lehrerin ihrer Kinder nicht die Hand, wie jener Imam, der rheinland-pf\u00e4lzischen CDU-Vorsitzenden bei deren vorgesehenen Besuch eines Fl\u00fcchtlingslagers den Handschlag verweigert. Fundamentalistische Eltern verbieten M\u00e4dchen Schwimmunterricht und Klassenfahrten. M\u00e4dchen werden noch zwangsverheiratet. Wenn sie sich mit deutschen M\u00e4nnern einlassen, werden sie misshandelt, umgebracht \u2013 und das als &#8222;Ehrenmord&#8220; gerechtfertigt. In zahlreichen St\u00e4dten hat sich eine fundamentalistische Parallelgesellschaft mit eigener Rechtsprechung gebildet, die westlichen Lebensformen, angestachelt von Hasspredigern in den Moscheen, mit Verachtung und Hass begegnet. Das alles ist Rassismus. Das ist die bekannte Realit\u00e4t. F\u00fcr wie dumm halten Politiker, Kirchen und Medien die Kritiker\/innen, wenn sie ihnen &#8222;Angst vor dem Fremden&#8220; unterstellen? Ich m\u00f6chte nicht, dass das \u00f6ffentliche Leben hier noch mehr von dieser menschenrechtsverletzenden &#8222;Kultur&#8220; bestimmt wird. Ich m\u00f6chte nicht noch mehr verh\u00fcllte und damit unsichtbar gemachte Frauen mit Kopftuch sehen, w\u00e4hrend islamische M\u00e4nner locker westlich gekleidet einherstolzieren. Wir Frauen haben nicht um Frauenrechte gek\u00e4mpft, um hier die erneute Entrechtung von Frauen zu ertragen. Die falsch verstandene Toleranz gegen\u00fcber einer anderen Kultur ist nichts anderes als Wegsehen vor religi\u00f6s begr\u00fcndeten Menschenrechtsverletzungen. Es besteht ein Zusammenhang zwischen der Erniedrigung von Frauen in islamischen Familien und den Gewalttaten bis hin zum islamischen Terrorismus.<\/p>\n<p>Die Diskussion wird gepr\u00e4gt von Ignoranz der vermeintlichen Gutmenschen gegen\u00fcber diesen Gefahren. Man darf die Realit\u00e4t nicht beim Namen nennen, ohne sich dem Vorwurf des Rassismus auszusetzen.<br \/>\n10.1.2016, B\u00e4rbel Schulze-Scholz, Freiburg<\/p>\n<p>&#8222;Erst Krieg, dann Zwangsehe \u2013 das Leid syrischer Fl\u00fcchtlingsm\u00e4dchen in Jordanien&#8220;, Beitrag von Kristin Oeing (Die dritte Seite, 30. Dezember 2015):<br \/>\n<a href=\"https:\/\/www.badische-zeitung.de\/ausland-1\/die-entehrten-kinder-des-krieges--115684265.html\">https:\/\/www.badische-zeitung.de\/ausland-1\/die-entehrten-kinder-des-krieges&#8211;115684265.html<\/a><\/p>\n","protected":false},"excerpt":{"rendered":"<p>Home &gt;Religion &gt;Islam &gt;Islam-Frauen Listenauswahl eines Beitrags: Bitte anklicken oder runterscrollen Zugewanderte Erbkrankheiten durch muslimische Verwandtenehen\u00a0(3.4.2026) Frauen \u2013 zweierlei Gewalt?\u00a0(27.3.2026) Cousin und Cousine heiraten\u00a0(16.3.2026) Vergewaltigung vertuscht: Islam\u00a0(14.3.2026) Statement from the Rape Gang Inquiry \u2013 England\u00a0(25,2,2026) Rape-Gangs: M\u00e4dchen sind Untermenschen als &hellip; <a href=\"https:\/\/www.freiburg-schwarzwald.de\/blog\/religion\/islam\/islam-frauen\/\">Weiterlesen <span class=\"meta-nav\">&rarr;<\/span><\/a><\/p>\n","protected":false},"author":2,"featured_media":0,"parent":12111,"menu_order":0,"comment_status":"open","ping_status":"closed","template":"","meta":{"footnotes":""},"class_list":["post-58589","page","type-page","status-publish","hentry"],"_links":{"self":[{"href":"https:\/\/www.freiburg-schwarzwald.de\/blog\/wp-json\/wp\/v2\/pages\/58589","targetHints":{"allow":["GET"]}}],"collection":[{"href":"https:\/\/www.freiburg-schwarzwald.de\/blog\/wp-json\/wp\/v2\/pages"}],"about":[{"href":"https:\/\/www.freiburg-schwarzwald.de\/blog\/wp-json\/wp\/v2\/types\/page"}],"author":[{"embeddable":true,"href":"https:\/\/www.freiburg-schwarzwald.de\/blog\/wp-json\/wp\/v2\/users\/2"}],"replies":[{"embeddable":true,"href":"https:\/\/www.freiburg-schwarzwald.de\/blog\/wp-json\/wp\/v2\/comments?post=58589"}],"version-history":[{"count":5,"href":"https:\/\/www.freiburg-schwarzwald.de\/blog\/wp-json\/wp\/v2\/pages\/58589\/revisions"}],"predecessor-version":[{"id":147677,"href":"https:\/\/www.freiburg-schwarzwald.de\/blog\/wp-json\/wp\/v2\/pages\/58589\/revisions\/147677"}],"up":[{"embeddable":true,"href":"https:\/\/www.freiburg-schwarzwald.de\/blog\/wp-json\/wp\/v2\/pages\/12111"}],"wp:attachment":[{"href":"https:\/\/www.freiburg-schwarzwald.de\/blog\/wp-json\/wp\/v2\/media?parent=58589"}],"curies":[{"name":"wp","href":"https:\/\/api.w.org\/{rel}","templated":true}]}}