{"id":58270,"date":"2015-12-31T13:20:28","date_gmt":"2015-12-31T12:20:28","guid":{"rendered":"https:\/\/www.freiburg-schwarzwald.de\/blog\/?page_id=58270"},"modified":"2026-07-03T22:21:08","modified_gmt":"2026-07-03T20:21:08","slug":"gruene","status":"publish","type":"page","link":"https:\/\/www.freiburg-schwarzwald.de\/blog\/vereine\/partei\/gruene\/","title":{"rendered":"Gruene"},"content":{"rendered":"<p><a href=\"https:\/\/www.freiburg-schwarzwald.de\/blog\">Home<\/a> &gt;<a title=\"Vereine\" href=\"https:\/\/www.freiburg-schwarzwald.de\/blog\/vereine\/\">Vereine<\/a> &gt;<a title=\"Engagement\" href=\"https:\/\/www.freiburg-schwarzwald.de\/blog\/engagement\/\">Engagement<\/a> &gt;<a title=\"Partei\" href=\"https:\/\/www.freiburg-schwarzwald.de\/blog\/vereine\/partei\/\">Partei<\/a> &gt;Gruene<\/p>\n<div id=\"attachment_57304\" style=\"width: 647px\" class=\"wp-caption alignnone\"><a href=\"https:\/\/www.freiburg-schwarzwald.de\/blog\/selbsthilfe\/soziales\/jesiden\/jesiden-wand-am-kran-pan151103\/\" rel=\"attachment wp-att-57304\"><img loading=\"lazy\" decoding=\"async\" aria-describedby=\"caption-attachment-57304\" class=\"size-full wp-image-57304\" src=\"https:\/\/www.freiburg-schwarzwald.de\/blog\/wp-content\/uploads\/2015\/10\/jesiden-wand-am-kran-pan151103.jpg\" alt=\"Fl\u00fcchtlingswohnheim FR-Littenweiler H\u00f6llentalstrasse am 3.11.2015 - Wand am Kranhaken\" width=\"637\" height=\"296\" srcset=\"https:\/\/www.freiburg-schwarzwald.de\/blog\/wp-content\/uploads\/2015\/10\/jesiden-wand-am-kran-pan151103.jpg 637w, https:\/\/www.freiburg-schwarzwald.de\/blog\/wp-content\/uploads\/2015\/10\/jesiden-wand-am-kran-pan151103-180x83.jpg 180w\" sizes=\"auto, (max-width: 637px) 100vw, 637px\" \/><\/a><p id=\"caption-attachment-57304\" class=\"wp-caption-text\">Fl\u00fcchtlingswohnheim FR-Littenweiler H\u00f6llentalstrasse am 3.11.2015 &#8211; Wand am Kranhaken<\/p><\/div>\n<ul>\n<li><em>Listenauswahl eines Beitrags (Artikel\/Datum, Seite\/Inhalt):\u00a0<span style=\"text-decoration: underline;\">Klicken\u00a0<\/span>oder scrollen<\/em><\/li>\n<li><a href=\"https:\/\/www.freiburg-schwarzwald.de\/blog\/erfurt-angst-vor-links-und-gruen\/\">Erfurt: Angst vor links und gr\u00fcn<\/a>\u00a0(3.7.2026)<\/li>\n<li><a href=\"https:\/\/www.freiburg-schwarzwald.de\/blog\/selbsthilfe\/krise\/gewalt\/linke-gewalt\/erfurt4juli2026afd-parteitag\/\">RA Carsten Brennecke (Kanzlei H\u00f6cker): \u201eMeine Partei \u201eDie Gr\u00fcnen\u201c \u2026 Ich sch\u00e4me mich\u201c<\/a> (10.6.2026)<\/li>\n<li><a href=\"https:\/\/www.freiburg-schwarzwald.de\/blog\/vereine\/partei\/afd\/afd-bashing\/\">Die Wandlungen von Kretschmann und Fischer (gut) und H\u00f6cke (nix gut)<\/a> (1.5.2026)<\/li>\n<li><a href=\"https:\/\/www.freiburg-schwarzwald.de\/blog\/wahl-ki-kirchzarten-260206\/\">Wahl 8-3-26 \u2013 KI \u2013 Kirchzarten<\/a>\u00a0(7.2.2026)<\/li>\n<li>Deutsche Gr\u00fcne: Die gr\u00f6\u00dfte Bedrohung des europ\u00e4ischen Friedens? (4.12.2025)<\/li>\n<li><a href=\"https:\/\/www.freiburg-schwarzwald.de\/blog\/deutschland-ist-ersetzbar\/\">Deutschland ist ersetzbar<\/a> (5.8.2025)<\/li>\n<li><a href=\"https:\/\/www.freiburg-schwarzwald.de\/blog\/selbsthilfe\/soziales\/justiz\/polizei\/polizeibeamte\/\">Gr\u00fcne Jugend Jette Nietzard nicht mehr tragbar: ACAB<\/a>\u00a0(28.5.2025)<\/li>\n<li><a href=\"https:\/\/www.freiburg-schwarzwald.de\/blog\/engagement\/zukunft\/demokratie\/wahlen2025\/\">\u201eEin Mensch, ein Wort\u201c \u2013 eine Analyse des gr\u00fcnen Mottos<\/a> (11.1.2025)<\/li>\n<li><a href=\"https:\/\/www.freiburg-schwarzwald.de\/blog\/oezdemir-maedchen-migranten\/\">\u00d6zdemir: M\u00e4dchen \u2013 Migranten<\/a> (1.10.2024)<\/li>\n<li><a href=\"https:\/\/www.freiburg-schwarzwald.de\/blog\/global\/deutschland\/ddr-stasi\/\">Annalena Baerbock verh\u00f6hnt die Ostdeutschen mit einem uns\u00e4glichen Vergleich<\/a>\u00a0(31.8.2024)<\/li>\n<li><a href=\"https:\/\/www.freiburg-schwarzwald.de\/blog\/kultur\/medien\/kampf-gegen-gruene\/\">Biberach: Bauern gegen Gr\u00fcnen-Parteitag<\/a> (15.2.2024)<\/li>\n<li><a href=\"https:\/\/www.freiburg-schwarzwald.de\/blog\/freiheitsindex-2023-nur-40-frei\/\">Freiheitsindex 2023: nur 40% frei<\/a>\u00a0(5.1.2024)<\/li>\n<li><a href=\"https:\/\/www.freiburg-schwarzwald.de\/blog\/ein-gruenes-requiem\/\">Ein gr\u00fcnes Requiem<\/a>\u00a0(25.11.2023)<\/li>\n<li><a href=\"https:\/\/www.freiburg-schwarzwald.de\/blog\/vereine\/partei\/cdu\/cdu-opposition\/\">Ex-BlackRock-Mitarbeiter Merz f\u00fcr Koalition mit den Gr\u00fcnen<\/a> (6.6.2023)<\/li>\n<li><a href=\"https:\/\/www.freiburg-schwarzwald.de\/blog\/antje-vollmer-tot-eine-pazifistin\/\">Antje Vollmer tot: Eine Pazifistin<\/a> (16.3.2023)<\/li>\n<li><a href=\"https:\/\/www.freiburg-schwarzwald.de\/blog\/kuenstliche-intelligenz-waehlt-gruen\/\">K\u00fcnstliche Intelligenz w\u00e4hlt gr\u00fcn<\/a>\u00a0(3.2.2023)<\/li>\n<li><a href=\"https:\/\/www.freiburg-schwarzwald.de\/blog\/direkte-demokratie-waehlerwille\/\">Direkte Demokratie: W\u00e4hlerwille<\/a>\u00a0(21.1.2023)<\/li>\n<li><a href=\"https:\/\/www.freiburg-schwarzwald.de\/blog\/vereine\/partei\/gruene\/palmer\/\">T\u00fcbingens OB Palmer: \u201eVon dieser Wokeness-Kultur halte ich nichts\u201c<\/a>\u00a0(9.1.2023)<\/li>\n<li><a href=\"https:\/\/www.freiburg-schwarzwald.de\/blog\/business\/volkswirtschaft\/gruene-oekonomie\/\">Gr\u00fcne \u00d6konomie- Wieder ein Paradies?<\/a>\u00a0(5.1.2023)<\/li>\n<li><a href=\"https:\/\/www.freiburg-schwarzwald.de\/blog\/engagement\/zukunft\/demokratie\/gruen-links\/\">Die Gr\u00fcnen agieren wie eine Sekte und drohen damit das Land zu ruinieren<\/a> (23.12.22)<\/li>\n<li><a href=\"https:\/\/www.freiburg-schwarzwald.de\/blog\/religion\/kirchen\/ekd\/\">EKD: Vorfeldorganisation der gr\u00fcnen Partei<\/a>\u00a0(19.11.2022)<\/li>\n<li><a href=\"https:\/\/www.freiburg-schwarzwald.de\/blog\/engagement\/zukunft\/demokratie\/nationalfeiertag\/\">DDR-B\u00fcrgerrechtler Werner Schulz (Gr\u00fcne) starb am 9.11.2022<\/a>\u00a0(11.11.2022)<\/li>\n<li><a href=\"https:\/\/www.freiburg-schwarzwald.de\/blog\/engagement\/zukunft\/demokratie\/gruen-links\/\">Sahra Wagenknecht und die Gr\u00fcnen<\/a> (21.10.2022)<\/li>\n<li>Die Gr\u00fcnen und die P\u00e4dophilie (12.3.2023)<\/li>\n<li><a href=\"https:\/\/www.freiburg-schwarzwald.de\/blog\/natur-ist-weder-gut-noch-boese\/\">Natur ist weder gut noch b\u00f6se<\/a>\u00a0(10.8.2022)<\/li>\n<li><a href=\"https:\/\/www.freiburg-schwarzwald.de\/blog\/bergab-grips-medien-politik\/\">Bergab: Grips, Medien, Politik<\/a>\u00a0(4.7.2022)<\/li>\n<li><a href=\"https:\/\/www.freiburg-schwarzwald.de\/blog\/engagement\/zukunft\/demokratie\/naivitaet\/infantilisierung\/\">Die Infantilisierung der Politik<\/a>\u00a0(17.6.2022)<\/li>\n<li><a href=\"https:\/\/www.freiburg-schwarzwald.de\/blog\/engagement\/zukunft\/demokratie\/freiheit\/\">Habeck: Individuelle Freiheit bei Putin und bei den Gr\u00fcnen<\/a> (27.4.2022)<\/li>\n<li><a href=\"https:\/\/www.freiburg-schwarzwald.de\/blog\/kultur\/medien\/verschwoerungstheorien\/\">Gr\u00fcne l\u00f6schen \u201eVerschw\u00f6rungsm\u00e4rchen \u2026\u201c \u2013 weil sie sich bewahrheiteten<\/a> (8.2.2022)<\/li>\n<li><a href=\"https:\/\/www.freiburg-schwarzwald.de\/blog\/bildung\/infantil\/\">Infantilisierung der Gr\u00fcnen-Politiker<\/a> (29.1.2022)<\/li>\n<li><a href=\"https:\/\/www.freiburg-schwarzwald.de\/blog\/ein-kalter-winter-blackout\/\">Ein kalter Winter &#8211; Blackout?<\/a> (13.12.2021)<\/li>\n<li><a href=\"https:\/\/www.freiburg-schwarzwald.de\/blog\/linke-contra-lifestyle-linke-pmc\/\">Linke contra Lifestyle-Linke PMC<\/a>\u00a0(8.11.2021)<\/li>\n<li><a href=\"https:\/\/www.freiburg-schwarzwald.de\/blog\/minderheiten-spielen-empoerung\/\">Minderheiten spielen Emp\u00f6rung<\/a>\u00a0(29.10.2021)<\/li>\n<li><a href=\"https:\/\/www.freiburg-schwarzwald.de\/blog\/kultur\/deutsch\/sprache\/\">Die Sprachlosigkeit der Gr\u00fcnen Jugend<\/a> (18.10.2021)<\/li>\n<li><a href=\"https:\/\/www.freiburg-schwarzwald.de\/blog\/global\/deutschland\/ddr2-0\/\">Die magische Kraft der Armbinde: Junge FDJ und junge Gr\u00fcne<\/a>\u00a0(12.9.2021)<\/li>\n<li><a href=\"https:\/\/www.freiburg-schwarzwald.de\/blog\/rot-gruen-in-der-nahen-zukunft\/\">Rot-Gr\u00fcn in der nahen Zukunft<\/a>\u00a0(1.9.2021)<\/li>\n<li><a href=\"https:\/\/www.freiburg-schwarzwald.de\/blog\/natur\/klima\/klimaschutzgesetz\/\">Vahrenholt: Gr\u00fcne erzeugen Klima der Angst<\/a>\u00a0(25.6.2021)<\/li>\n<li><a href=\"https:\/\/www.freiburg-schwarzwald.de\/blog\/engagement\/zukunft\/demokratie\/elitenkritik\/\">Carolin Emke: Kritik an Juden ist antisemitisch, an Klimaforschern auch<\/a>\u00a0(18.6.2021)<\/li>\n<li><a href=\"https:\/\/www.freiburg-schwarzwald.de\/blog\/vereine\/partei\/gruene\/gruene2021\/\">Annalena Baerbock: Das Drama des unbegabten Kindes<\/a> (10.6.2021)<\/li>\n<li><a href=\"https:\/\/www.freiburg-schwarzwald.de\/blog\/engagement\/zukunft\/demokratie\/sozialismus\/sozialismus-gruene\/\">Der gr\u00fcne Million\u00e4rssozialismus als \u00dcberwachungskapitalismus<\/a>\u00a0(6.5.2021)<\/li>\n<li>Gr\u00fcne nicht links, sondern illiberal (5.6.2021)<\/li>\n<li><a href=\"https:\/\/www.freiburg-schwarzwald.de\/blog\/vereine\/partei\/gruene\/gruene2021\/\">Der Gr\u00fcnen Plan von der Abschaffung Deutschlands<\/a> (21.3.2021)<\/li>\n<li><a href=\"https:\/\/www.freiburg-schwarzwald.de\/blog\/engagement\/zukunft\/prognosen\/\">Mein Traum von Annalena Baerbock \u2013 Prognose f\u00fcr 2023<\/a>\u00a0(15.3.2021)<\/li>\n<li><a href=\"https:\/\/www.freiburg-schwarzwald.de\/blog\/fukushima-beben-tsunami-akw\/\">Fukushima Seebeben Tsunami AKW<\/a>\u00a0(12.3.2021)<\/li>\n<li><a href=\"https:\/\/www.freiburg-schwarzwald.de\/blog\/parteien-mit-realos-und-fundis\/\">Parteien mit Realos und Fundis<\/a>\u00a0(21.2.2021)<\/li>\n<li><a href=\"https:\/\/www.freiburg-schwarzwald.de\/blog\/selbsthilfe\/krise\/gewalt\/politische-gewalt\/\">Politische Gewalt gegen die AfD am gr\u00f6\u00dften in 2020<\/a>\u00a0(17.2.2021)<\/li>\n<li><a href=\"https:\/\/www.freiburg-schwarzwald.de\/blog\/natur\/umwelt\/umweltschutz\/\">Georg Etscheit: Ein Umweltjournalist muss gehen<\/a>\u00a0(29.1.2021)<\/li>\n<li><a href=\"https:\/\/www.freiburg-schwarzwald.de\/blog\/engagement\/zukunft\/demokratie\/opposition\/querdenken\/\">Querdenker w\u00e4hlten: 21% Gr\u00fcne, 17% Linke und 14 % AfD<\/a>\u00a0(5.12.2020)<\/li>\n<li><a href=\"https:\/\/www.freiburg-schwarzwald.de\/blog\/politikerinnen-nachwuchs\/\">PolitikerInnen-Nachwuchs<\/a>\u00a0(8.11.2020)<\/li>\n<li><a href=\"https:\/\/www.freiburg-schwarzwald.de\/blog\/global\/france\/nizza29-10-2020\/\">Katharina Schulze (Gr\u00fcne): \u2026 zum Islamismus l\u00e4cheln?<\/a> (4.11.2020)<\/li>\n<li><a href=\"https:\/\/www.freiburg-schwarzwald.de\/blog\/engagement\/zukunft\/demokratie\/68er\/\">68er-Bewegung: Die sechs Enkel-Ideologien<\/a>\u00a0(3.11.2020)<\/li>\n<li><a title=\"Baerbock: Asyl f\u00fcr alle, 3\/4 &lt; 2\/3\" href=\"https:\/\/www.freiburg-schwarzwald.de\/blog\/baerbock-asyl-fuer-alle-34-23\/\">Annalena Baerbock: Asyl f\u00fcr alle &#8211; 3\/4 kleiner als 2\/3<\/a> (26.8.2020)<\/li>\n<li>Robert Habeck: &#8222;Patriotismus, Vaterlandsliebe also, fand ist stets zum Kotzen&#8220; (23.3.2020)<\/li>\n<li><a title=\"Die Spaltung der Gesellschaft\" href=\"https:\/\/www.freiburg-schwarzwald.de\/blog\/die-spaltung-der-gesellschaft\/\">Die Spaltung der Gesellschaft \u2013 Brandanschlag auf Abgeordneten<\/a>\u00a0(2.3.2020)<\/li>\n<li>Dieter Nuhr: Gr\u00fcne als illiberale Verbotspartei (10.2.2020)<\/li>\n<li><a title=\"Verschleierung\" href=\"https:\/\/www.freiburg-schwarzwald.de\/blog\/religion\/islam\/verschleierung\/\">Gr\u00fcne f\u00fcr Vollverschleierung an Unis Schleswig-Holstein<\/a>\u00a0(3.2.2020)<\/li>\n<li><a title=\"Cradle-to-Cradle\" href=\"https:\/\/www.freiburg-schwarzwald.de\/blog\/business\/industrie\/cradle-to-cradle\/\">Kritik von Umweltchemiker Michael Braungart (Cradle-to-Cradle) an Fridays for Future<\/a>\u00a0(21.1.2020)<\/li>\n<li><a title=\"Diskussionskultur \u2013 Bundestag\" href=\"https:\/\/www.freiburg-schwarzwald.de\/blog\/diskussionskultur-bundestag\/\">Diskussionskultur-Bundestag<\/a>\u00a0(20.1.2020)<\/li>\n<li><a title=\"Establishment\" href=\"https:\/\/www.freiburg-schwarzwald.de\/blog\/global\/deutschland\/gesellschaft\/establishment\/\">40 Jahre Gr\u00fcne \u2013 Da lacht das Establishment<\/a> (13.1.2020)<\/li>\n<li><a title=\"UMA\" href=\"https:\/\/www.freiburg-schwarzwald.de\/blog\/global\/integration\/uma\/\">UMA auf Lesbos: Kinder nach Hause bringen<\/a>\u00a0(4.1.2020)<\/li>\n<li><a title=\"Gr\u00fcne glauben sich selbst nicht\" href=\"https:\/\/www.freiburg-schwarzwald.de\/blog\/gruene-glauben-sich-selbst-nicht\/\">Gr\u00fcne glauben sich selbst nicht<\/a> (26.12.2019)<\/li>\n<li><a title=\"Partei\" href=\"https:\/\/www.freiburg-schwarzwald.de\/blog\/vereine\/partei\/\">Gewalt gegen Parteien: AfD 26, Links 7, SPD 7, CDU 4, Gr\u00fcne 4, FDP 1<\/a>\u00a0(20.12.2019)<\/li>\n<li><a title=\"Anywheres\" href=\"https:\/\/www.freiburg-schwarzwald.de\/blog\/global\/deutschland\/gesellschaft\/anywheres\/\">Die kleine Welt der gr\u00fcnen Kosmopoliten \u2013 versus Kommunitarer<\/a>\u00a0(17.11.2019)<\/li>\n<li><a title=\"Palmer\" href=\"https:\/\/www.freiburg-schwarzwald.de\/blog\/vereine\/partei\/gruene\/palmer\/\">Boris Palmer: Die Geschichte vom R\u00fcpel-Radler<\/a> (16.10.2019)<\/li>\n<li><a title=\"Politisch kontaminierte Hirse?\" href=\"https:\/\/www.freiburg-schwarzwald.de\/blog\/politisch-kontaminierte-hirse\/\">Politisch kontaminierte Hirse?<\/a>\u00a0(15.10.2019)<\/li>\n<li><a title=\"Stadtfreiburg\" href=\"https:\/\/www.freiburg-schwarzwald.de\/blog\/regio\/freiburg\/stadtfreiburg\/\">Stuchlik: Selbst Fernreisen machen und anderen Klimaschutz predigen<\/a>\u00a0(17.9.2019)<\/li>\n<li><a href=\"https:\/\/www.freiburg-schwarzwald.de\/blog\/freier-demokratischer-diskurs\/\">https:\/\/www.freiburg-schwarzwald.de\/blog\/freier-demokratischer-diskurs\/<\/a>\u00a0(8.7.2019)<\/li>\n<li><a title=\"Moral2015\" href=\"https:\/\/www.freiburg-schwarzwald.de\/blog\/global\/deutschland\/moral2015\/\">Vahlefeld: Der ganze Stolz der Deutschen<\/a>\u00a0(3.7.2019)<\/li>\n<li><a title=\"Gruen-Links\" href=\"https:\/\/www.freiburg-schwarzwald.de\/blog\/engagement\/zukunft\/demokratie\/gruen-links\/\">Gr\u00fcner Hype \u2013 vorw\u00e4rts Richtung Mittelalter<\/a> (7.6.2019)<\/li>\n<li><a title=\"Klima-Forschung\" href=\"https:\/\/www.freiburg-schwarzwald.de\/blog\/natur\/klima\/klima-forschung\/\">Die Forschung zwingt uns nicht zum Klimaschutz<\/a> (4.6.2019)<\/li>\n<li><a href=\"https:\/\/www.freiburg-schwarzwald.de\/blog\/klimawandel-religion\/\">https:\/\/www.freiburg-schwarzwald.de\/blog\/klimawandel-religion\/<\/a>\u00a0(2.6.2019)<\/li>\n<li>Publico Dossier: Die Psychologie des gr\u00fcnen Erfolgs (30.5.2019)<\/li>\n<li><a href=\"https:\/\/www.freiburg-schwarzwald.de\/blog\/eu-wahlbeteiligung-erfreulich\/\">https:\/\/www.freiburg-schwarzwald.de\/blog\/eu-wahlbeteiligung-erfreulich\/<\/a>\u00a0(27.5.2019)<\/li>\n<li>Grassierende Unwissenheit der Gr\u00fcnen (16.5.2019)<\/li>\n<li>Dieter Salomon:\u00a0Habeck ist Linkspopulist (4.5.2019)<\/li>\n<li><a href=\"https:\/\/www.freiburg-schwarzwald.de\/blog\/kohle-akw-ade-sozialstaat-ade\/\">https:\/\/www.freiburg-schwarzwald.de\/blog\/kohle-akw-ade-sozialstaat-ade\/<\/a>\u00a0(1.4.2019)<\/li>\n<li><a href=\"https:\/\/www.freiburg-schwarzwald.de\/blog\/osterfeuer-contra-klimawandel\/\">https:\/\/www.freiburg-schwarzwald.de\/blog\/osterfeuer-contra-klimawandel\/<\/a>\u00a0(22.2.2019)<\/li>\n<li>Der j\u00e4he Absturz des Robert Habeck (9.1.2019)<\/li>\n<li>Robert Harbeck: Ohne Volk, Heimat und Vaterland\u00a0 (10.10.2018)<\/li>\n<li>Zehn kritische Fragen an die bisherigen W\u00e4hler der Gr\u00fcnen\u00a0 (24.8.2018)<\/li>\n<li>Berlin-Wedding-Brunnenviertel: Linksgr\u00fcne ziehen weg aus Multikulti-Paradies (24.8.2018)<\/li>\n<li>Fl\u00fcchtlinge, AfD, Islam: Der Gr\u00fcne Manfred Schreiber eckt an\u00a0 (21.6.2018)<\/li>\n<li><a href=\"https:\/\/www.freiburg-schwarzwald.de\/blog\/sabastian-kurz-und-boris-palmer\/\">https:\/\/www.freiburg-schwarzwald.de\/blog\/sabastian-kurz-und-boris-palmer\/<\/a> (28.2.2018)<\/li>\n<li>Vier Millionen gr\u00fcne Ablass-H\u00e4ndler beherrschen 83 Millionen Deutsche (31.10.2017)<\/li>\n<li>Gr\u00fcne Fl\u00fcchtlings-Heuchelei (16.1.2017)<\/li>\n<li>Buh-Rufe der Gr\u00fcnen gegen\u00fcber dem Daimler-Chef (16.11.2016)<\/li>\n<li>Boris Palmer: Kriminelle Fl\u00fcchtlinge abschieben &#8211; auch nach Syrien (14.8.2016)<\/li>\n<li><a title=\"Direkte-Demokratie\" href=\"https:\/\/www.freiburg-schwarzwald.de\/blog\/engagement\/zukunft\/demokratie\/direkte-demokratie\/\">Gr\u00fcne-EU-Chefin Rebecca Harms gegen direkte Demokratie<\/a> (8.4.2016)<\/li>\n<li>Gr\u00fcne f\u00fcr Fl\u00fcchtlinge und gegen Frauen &#8211; Islamismus als blinder Fleck (1.4.2016)<\/li>\n<li>Islamophobie-Vorwurf soll muslimische Sext\u00e4terschaft verschweigen (18.1.2016)<\/li>\n<li>Offener Brief an Claudia Roth, die die Frauenjagd von Arabern und Nofris verniedlicht (12.1.2016)<\/li>\n<li>Kretschmann: Wie soll uns eine Minderheit islamisieren? (2.1.2016)<\/li>\n<li>Gr\u00fcner Palmer warnt vor Realit\u00e4tsverlust in Asylkrise &#8211; Beschlagnahme von Wohnungen? (31.12.2015)<\/li>\n<li><a href=\"https:\/\/www.freiburg-schwarzwald.de\/blog\/wir-schaffen-das-nicht-gruene\/\">https:\/\/www.freiburg-schwarzwald.de\/blog\/wir-schaffen-das-nicht-gruene\/<\/a> (31.10.2015)<\/li>\n<li><\/li>\n<li><a href=\"https:\/\/www.freiburg-schwarzwald.de\/blog\/engagement\/zukunft\/demokratie\/68er\/\">68er<\/a><\/li>\n<li><a title=\"Anywheres\" href=\"https:\/\/www.freiburg-schwarzwald.de\/blog\/global\/deutschland\/gesellschaft\/anywheres\/\">Anywheres<\/a><\/li>\n<li><a title=\"CDU\" href=\"https:\/\/www.freiburg-schwarzwald.de\/blog\/vereine\/partei\/cdu\/\">CDU<\/a><\/li>\n<li><a title=\"Cradle-to-Cradle\" href=\"https:\/\/www.freiburg-schwarzwald.de\/blog\/business\/industrie\/cradle-to-cradle\/\">Cradle-to-Cradle<\/a><\/li>\n<li><a title=\"Deutschland-verrecke\" href=\"https:\/\/www.freiburg-schwarzwald.de\/blog\/global\/deutschland\/deutschland-verrecke\/\">Deutschland verrecke<\/a><\/li>\n<li><a href=\"https:\/\/www.freiburg-schwarzwald.de\/blog\/religion\/kirchen\/ekd\/\">EKD<\/a><\/li>\n<li><a href=\"https:\/\/www.freiburg-schwarzwald.de\/blog\/engagement\/zukunft\/demokratie\/elitenkritik\/\">Elitenkritik<\/a><\/li>\n<li><a title=\"Establishment\" href=\"https:\/\/www.freiburg-schwarzwald.de\/blog\/global\/deutschland\/gesellschaft\/establishment\/\">Establishment<\/a><\/li>\n<li><a title=\"Gruen-Links\" href=\"https:\/\/www.freiburg-schwarzwald.de\/blog\/engagement\/zukunft\/demokratie\/gruen-links\/\">Gruen-Links<\/a><\/li>\n<li><a href=\"https:\/\/www.freiburg-schwarzwald.de\/blog\/business\/volkswirtschaft\/gruene-oekonomie\/\">Gruene-Oekonomie<\/a><\/li>\n<li><a href=\"https:\/\/www.freiburg-schwarzwald.de\/blog\/vereine\/partei\/gruene\/gruene2021\/\">Gruene2021<\/a><\/li>\n<li><a title=\"Gutmenschen\" href=\"https:\/\/www.freiburg-schwarzwald.de\/blog\/engagement\/gutmenschen\/\">Gutmenschen<\/a><\/li>\n<li><a href=\"https:\/\/www.freiburg-schwarzwald.de\/blog\/engagement\/zukunft\/demokratie\/naivitaet\/infantilisierung\/\">Infantilisierung<\/a><\/li>\n<li><a href=\"https:\/\/www.freiburg-schwarzwald.de\/blog\/kultur\/medien\/kampf-gegen-gruene\/\">Kampf-gegen-Gr\u00fcne<\/a><\/li>\n<li><a href=\"https:\/\/www.freiburg-schwarzwald.de\/blog\/kultur\/medien\/kampf-gegen-rechts\/\">Kampf-gegen-Rechts<\/a><\/li>\n<li><a title=\"Klima-Forschung\" href=\"https:\/\/www.freiburg-schwarzwald.de\/blog\/natur\/klima\/klima-forschung\/\">Klima-Forschung<\/a><\/li>\n<li><a title=\"Moral2015\" href=\"https:\/\/www.freiburg-schwarzwald.de\/blog\/global\/deutschland\/moral2015\/\">Moral2015<\/a><\/li>\n<li><a title=\"Neu-Aleppo\" href=\"https:\/\/www.freiburg-schwarzwald.de\/blog\/global\/integration\/neu-aleppo\/\">Neu-Aleppo<\/a>\u00a0&#8211; Synonym f\u00fcr gr\u00fcne Islampolitik<\/li>\n<li><a title=\"Palmer\" href=\"https:\/\/www.freiburg-schwarzwald.de\/blog\/vereine\/partei\/gruene\/palmer\/\">Palmer<\/a><\/li>\n<li><a href=\"https:\/\/www.freiburg-schwarzwald.de\/blog\/selbsthilfe\/krise\/gewalt\/politische-gewalt\/\">Politische Gewalt<\/a><\/li>\n<li><a href=\"https:\/\/www.freiburg-schwarzwald.de\/blog\/engagement\/zukunft\/demokratie\/sozialismus\/sozialismus-gruene\/\">Sozialismus-Gruene<\/a><\/li>\n<li><a href=\"https:\/\/www.freiburg-schwarzwald.de\/blog\/kultur\/deutsch\/sprache\/\">Sprache<\/a><\/li>\n<li><a title=\"Wir-schaffen-das\" href=\"https:\/\/www.freiburg-schwarzwald.de\/blog\/global\/migration\/wir-schaffen-das\/\">Wir schaffen das<\/a><\/li>\n<li><a title=\"Volksislam\" href=\"https:\/\/www.freiburg-schwarzwald.de\/blog\/religion\/islam\/volksislam\/\">Volksislam<\/a><\/li>\n<li><a href=\"https:\/\/www.freiburg-schwarzwald.de\/blog\/natur\/umwelt\/umweltschutz\/\">Umweltschutz<\/a><\/li>\n<\/ul>\n<p>&nbsp;<\/p>\n<p><em>Die wirklich soziale Gerechtigkeit ist erst dann erreicht, <\/em><br \/>\n<em>wenn kein Milieu mehr existiert, <\/em><br \/>\n<em>das es sich leisten kann, <\/em><br \/>\n<em>die Gr\u00fcnen zu w\u00e4hlen<\/em><br \/>\nAktueller Hintergrund: Bei den Landtagswahlen in Bayern 1072018 hatten die Gr\u00fcnen besonders viele Stimmen erzielt in den Wohngebieten M\u00fcnchens, in denen die Mieten und die Dichte der Privatschulen besonders hoch sind.<br \/>\n<a href=\"https:\/\/www.michael-klonovsky.de\">https:\/\/www.michael-klonovsky.de<\/a><\/p>\n<p><strong><a title=\"Strom\" href=\"https:\/\/www.freiburg-schwarzwald.de\/blog\/energie\/strom\/\">Strom<\/a> wird im Stromnetz gespeichert<\/strong><br \/>\n<em>An Tagen wie diesen, wo es grau ist, <\/em><br \/>\n<em>da haben wir nat\u00fcrlich viel weniger erneuerbare Energien. <\/em><br \/>\n<em>Deswegen haben wir Speicher. <\/em><br \/>\n<em>Deswegen fungiert das Netz als Speicher. <\/em><br \/>\n<em>Und das ist alles ausgerechnet. <\/em><br \/>\n<em>Ich habe irgendwie keine wirkliche Lust, mir gerade mit den politischen Akteuren, <\/em><br \/>\n<em>die das besser wissen, zu sagen, das kann nicht funktionieren.<\/em><br \/>\nAnnalena Baerbock am 21.1.2018 auf<br \/>\n<a href=\"https:\/\/www.deutschlandfunk.de\/kandidatin-fuer-den-parteivorsitz-der-gruenen-ich-bin.868.de.html?dram:article_id=408793\">https:\/\/www.deutschlandfunk.de\/kandidatin-fuer-den-parteivorsitz-der-gruenen-ich-bin.868.de.html?dram:article_id=408793<br \/>\n<\/a>.<br \/>\n&#8222;Gr\u00fcn ist Zukunft.<br \/>\nGr\u00fcne sInd gr\u00fcn.<br \/>\nWelche Farbe hat der Islam? Gr\u00fcn&#8220;<br \/>\n1.3.2019, Kommentar auf DIE WELT<\/p>\n<p>B\u00fcndnis90\/Gr\u00fcne ist die Partei, die seit dem russischen Einmarsch in die Ukraine die gr\u00f6\u00dfte Kehrtwende vollzogen hat: Fr\u00fcher standen die Gr\u00fcnen f\u00fcr Frieden (sie waren von <a href=\"https:\/\/www.freiburg-schwarzwald.de\/blog\/engagement\/zukunft\/frieden\/pazifismus\/\">Pazifisten<\/a> w\u00e4hlbar), heute f\u00fcr <a href=\"https:\/\/www.freiburg-schwarzwald.de\/blog\/engagement\/zukunft\/krieg\/militarismus\/\">Militarismus.<br \/>\n<\/a>.<br \/>\n<a href=\"https:\/\/www.freiburg-schwarzwald.de\/blog\/engagement\/zukunft\/demokratie\/rechts\/\"><strong>Rechts, rechtsradikal und rechtsextrem bitte auseinanderhalten<\/strong><\/a><br \/>\n============================================================<br \/>\n.<\/p>\n<p><strong>Deutsche Gr\u00fcne: Die gr\u00f6\u00dfte Bedrohung des europ\u00e4ischen Friedens?<\/strong><br \/>\n\u201eDie deutschen Gr\u00fcnen haben ihren Parteitag in Hannover genutzt, um eine Politik zu verfestigen, die ganz auf Konfrontation setzt. Dort forderten sie die Lieferung von Marschflugk\u00f6rpern an die Ukraine, lehnten R\u00fcckf\u00fchrungen syrischer Migranten ab und schlossen eine Wiederinbetriebnahme der Nord-Stream-Pipelines f\u00fcr russisches Erdgas aus. (\u2026)<br \/>\nDie Gr\u00fcnen wollen von den offiziellen Narrativen zu Migration, Ukraine und Energiewende nicht lassen, trotz aller katastrophalen Folgen. Sie sind die Speerspitze des Irrsinns in der deutschen Politik, mit Strahlwirkung in die restlichen Parteien des Anti-AfD-Blocks wie CDU\/CSU und SPD. (\u2026)<br \/>\nDie woke europ\u00e4ische Politik verfolgt seit Jahren, eher seit Jahrzehnten, eine Politik, die Ideologie \u00fcber die Realit\u00e4t stellt. Als Resultat steckt Europa in der tiefsten Krise seit dem Ende des Zweiten Weltkriegs.\u201c \u2026\u201c<br \/>\n&#8230; Alles vom 4.12.2025 bitte lesen auf<br \/>\n<a href=\"https:\/\/report24.news\/deutsche-gruene-die-groesste-bedrohung-des-europaeischen-friedens\/?feed_id=53950\">https:\/\/report24.news\/deutsche-gruene-die-groesste-bedrohung-des-europaeischen-friedens\/?feed_id=53950<\/a><\/p>\n<p>.<\/p>\n<p><strong>Die Gr\u00fcnen und die P\u00e4dophilie<\/strong><br \/>\nWas viele nicht wissen, Die Gr\u00fcnen haben sich viele Jahre f\u00fcr die Legalisierung der P\u00e4dophilie eingesetzt.<br \/>\n12.3.2023<br \/>\n<a href=\"https:\/\/www.youtube.com\/watch?v=0otQLLxq3DI\">https:\/\/www.youtube.com\/watch?v=0otQLLxq3DI<\/a><\/p>\n<p>&nbsp;<\/p>\n<p><strong>Gr\u00fcne nicht links, sondern illiberal<\/strong><br \/>\n\u201eDer Vorwurf, die Gr\u00fcnen wollten einen neuen Sozialismus, trifft sie nur am Rande und verleiht ihnen eher den Nimbus des Linken, den sie f\u00fcr ihr eigenes Selbstverst\u00e4ndnis ben\u00f6tigen. (&#8230;)<br \/>\nDie Gr\u00fcnen sind der Prototyp einer neo-illiberalen Partei, die Politik f\u00fcr die Wohlhabenden und Globalisierungsgewinner macht.\u201c<br \/>\nMarkus Vahlefeld, Publizist, auf \u201eachgut.com\u201c am 4. Mai 2021<br \/>\n.<\/p>\n<p><strong>Robert Habeck: &#8222;Patriotismus, Vaterlandsliebe also, fand ist stets zum Kotzen&#8220;<\/strong><br \/>\nDer edle Wilde, der das gekotzt hat,<br \/>\n<a href=\"https:\/\/www.amazon.de\/gp\/product\/B004P1JCOA\/ref=dbs_a_def_rwt_bibl_vppi_i2\">https:\/\/www.amazon.de\/gp\/product\/B004P1JCOA\/ref=dbs_a_def_rwt_bibl_vppi_i2<\/a><br \/>\nwill deutscher Kanzler werden:<br \/>\n.<br \/>\n<em>&#8222;Eine Erz\u00e4hlung, die auf Ver\u00e4nderung setzt, auf Gerechtigkeit <\/em><br \/>\n<em>und Internationalt\u00e4t. Dieses Engagement nenne ich einen &#8222;linken Patriotismus&#8220;. <\/em><br \/>\n<em>Ich schreibe das bei vollem Bewu\u00dftsein, dass ich Widerspruch provozieren werde. <\/em><br \/>\n<em>Patriotismus, Vaterlandsliebe also, fand ist stets zum Kotzen. <\/em><br \/>\n<em>Ich wu\u00dfte mit Deutschland nichts anzufangen und wei\u00df es bis heut nicht. &#8220;<br \/>\n<\/em>\u00a0.<br \/>\nEs handelt sich nicht um ein Interview, nicht um spontan Dahingesprochenes, sondern um Geschriebenes<em>.<\/em><br \/>\n<em>&#8222;Da\u00df Deutschlands Geschichte \u00fcber weite Strecken eine Barbarei war, <\/em><br \/>\n<em>hei\u00dft nicht, da\u00df man sich darum nicht zu scheren braucht, <\/em><br \/>\n<em>dass Zivilcourage und Einsatz nichts n\u00fctzen. <\/em><br \/>\n<em>Erstens w\u00fcrde man damit das Land nur erneut den Barbaren ausliefern, &#8230;&#8220;<\/em><br \/>\n.<br \/>\nDas w\u00e4re dann der dritte im Bunde bzw. Amte, der mit Deutschland nichts anfangen kann, wobei die beiden anderen \u2013 bei aller grundlegenden Verschiedenheit ihrer Ziele, Mittel und Wagner-Kenntnisse! \u2013 es immerhin zuvor versucht hatten, bevor sie sich entt\u00e4uscht abwandten (die Lady ist noch mittendrin, also in der Entt\u00e4uschung, nicht im Abwenden).<br \/>\n.<br \/>\nDie Geschichte Deutschlands war nach Habecks Meinung &#8222;\u00fcber weite Strecken eine der Barbarei&#8220;, was ich kulanterweise darauf zur\u00fcckf\u00fchre, dass ihm nur eine Kurzstrecke \u00fcberhaupt gel\u00e4ufig ist, die von 1933 bis heute, und in der Tat gab es ja von 1949 bis zur Gr\u00fcnen-Gr\u00fcndung anno 1980 nur 31 zivilisierte Jahre.<br \/>\n.<br \/>\nAnsonsten und dem Gevatter hier zur Nachhilfe offeriert, war die deutsche Geschichte im geistigen, k\u00fcnstlerischen, wissenschaftlichen und technischem Sinne ein Palladium der Menschheit; kein oder kaum ein zweites Land hat eine solche F\u00fclle von Entdeckungen, Erfindungen, Kunstwerken und Genies aller Kategorien hervorgebracht, und es trifft sich gut, dass soeben dazu ein mehrtausendseitiges Opus erschienen ist:<br \/>\n&#8222;Forgotten Creators is an online reference book that was first released in February 2020.<br \/>\nWith over 3,800 pages,<br \/>\nit covers revolutionary innovators and innovations that came out of the predominantly German-speaking scientific world during the period circa 1800\u20131945,<br \/>\nand what we can learn from them that could improve innovation in the modern world.<br \/>\nThe book has been reviewed by European and American historians and scientists.&#8220;<br \/>\n.<br \/>\nGern verweise ich bei dieser Gelegenheit noch einmal auf diesen Text \u00fcber deutsche Erfindungen.<br \/>\n<a href=\"https:\/\/michael-klonovsky.de\/artikel\/item\/1025-deutsche-erfindungen\">https:\/\/michael-klonovsky.de\/artikel\/item\/1025-deutsche-erfindungen<\/a><br \/>\nUnter einem gr\u00fcnen Kanzler wird das alles freilich noch mehr unter Nostalgie fallen als unter einer ostdeutschen protestantisch-sozialistischen Physikerin.<br \/>\nPS: &#8222;Ich bin Physiker und lehne es entschieden ab, diese Frau Physikerin zu nennen.&#8220;\u00a0Leser Dr. ***<br \/>\n&#8230; Alles vom 23.3.2020 bitte lesen auf<br \/>\n<a href=\"https:\/\/michael-klonovsky.de\/\">https:\/\/michael-klonovsky.de\/<\/a><\/p>\n<p>&nbsp;<\/p>\n<p><strong>Dieter Nuhr: Gr\u00fcne als illiberale Verbotspartei<\/strong><br \/>\nDavon abgesehen sind nat\u00fcrlich auch viele Ziele der Gr\u00fcnen nicht mehr meine Ziele, ganz viele Kleinbereiche, die von Fundamentalismus gepr\u00e4gt sind, von Kollektivismus. Die Gr\u00fcnen sind die Partei, die am meisten versucht, durch Verbote politisch zu lenken. Damit toppen sie alle anderen. Ich kann auch gar nicht begreifen, wieso die Gr\u00fcnen bei uns immer noch als liberale Partei wahrgenommen werden. Das Gegenteil ist der Fall.<br \/>\n&#8230; Komplettes Interview mit Dieter Nuhr vom 10.2.2020 bitte lesen auf<br \/>\n<a href=\"https:\/\/www.nzz.ch\/feuilleton\/kabarettist-dieter-nuhr-alle-wichtigen-themen-werden-in-deutschland-erstaunlich-wenig-mit-dem-verstand-und-erstaunlich-viel-mit-hysterie-behandelt-ld.1538949\">https:\/\/www.nzz.ch\/feuilleton\/kabarettist-dieter-nuhr-alle-wichtigen-themen-werden-in-deutschland-erstaunlich-wenig-mit-dem-verstand-und-erstaunlich-viel-mit-hysterie-behandelt-ld.1538949<br \/>\n<\/a>\u00a0.<br \/>\nDie n\u00e4chste Folge von \u00abNuhr im Ersten\u00bb l\u00e4uft am Donnerstag, dem 12.3. um 22 Uhr 45 in der ARD. Im Mai tritt der Kabarettist auch in der Schweiz auf, u.\u2005a. am 9.\u2005Mai im Volkshaus Z\u00fcrich. Infos unter <a href=\"https:\/\/www.nuhr.de\">https:\/\/www.nuhr.de<\/a>.<\/p>\n<p>.<\/p>\n<p>&nbsp;<\/p>\n<p><strong>Publico Dossier: Die Psychologie des gr\u00fcnen Erfolgs<\/strong><br \/>\n<em>Die Gr\u00fcnen und ihr organisatorische wie mediales Umfeld bedienen seit etwa einem Jahr dreier Instrumente in Perfektion, w\u00e4hrend die anderen Parteien die Praxis noch nicht einmal begreifen: Astroturfing, <a title=\"Manipulation\" href=\"https:\/\/www.freiburg-schwarzwald.de\/blog\/kultur\/medien\/manipulation\/\">Framing<\/a> und gezielte Beeinflussung des Overton Windows.<\/em><br \/>\n&#8230;.<br \/>\n\u201eNeu sind nicht die Erw\u00e4rmungsdaten, sie zeigen keine sensationelle Beschleunigung. Neu ist auch nicht, was gr\u00fcne Politiker oder Wissenschafts-Aktivisten wie Schellnhuber zu Thema Klimaentwicklung sagen: Sie w\u00e4hlen seit Jahren grunds\u00e4tzlich die h\u00f6chsten Prognosen, die pessimistischsten Annahmen, und leiten daraus die radikalsten Forderungen ab. Neu ist tats\u00e4chlich der von einem vorgeblich spontan gewachsenen Netzwerk vorgetragene Panik-Ton. Dessen Botschaft lautet: Es bleibt keine Zeit mehr, die Katastrophe steht unmittelbar bevor, es darf nicht mehr diskutiert werden.<br \/>\nDas propagandistische Trommelfeuer \u2013 flankiert von der emp\u00f6rten Reaktion, wenn jemand Greta Thunberg und schulstreikende Kinder kritisiert \u2013 verschiebt die gesellschaftliche Wahrnehmung im Overton-Window. Bis vor kurzem galt es noch als weithin unakzeptabel oder mindestens radikal zu behaupten, ausgerechnet kollektive Panik und Unterdr\u00fcckung jedes Zweifels k\u00f6nnte die L\u00f6sung eines Problems bef\u00f6rdern. Mittlerweile scheint vielen Politikern und auch B\u00fcrgern bis weit in die Mittelschicht gerade diese Sichtweise akzeptabel. Oder sie wagen ihre Zweifel nicht mehr \u00f6ffentlich auszusprechen. Denn wer das tut, kommt in diesem Meinungsklima schnell in den Ruch eines Menschenfeindes, der die Weltrettung sabotiert.\u201c<br \/>\n&#8230;<br \/>\nDer Wechsel in den Panik-Modus vollzieht sich nicht nur in Deutschland. Der britische Guardian k\u00fcndigte k\u00fcrzlich an, statt \u201eKlimawandel\u201c bevorzugt von \u201eKlimanotfall\u201c, \u201eKlimakrise\u201c oder \u201eKlimakollaps\u201c zu schreiben (\u201eInstead of \u201cclimate change\u201d the preferred terms are \u201cclimate emergency, crisis or breakdown\u201d). Es handelt sich um geradezu musterg\u00fcltiges Framing: Meinungslenkung durch suggestive Wortwahl. In den Panik-Modus passt auch, dass auf Druck von Gr\u00fcnen verschiedene St\u00e4dte \u2013 etwa Konstanz \u2013 den \u201eKlimanotstand\u201c f\u00fcr die Kommune ausriefen. In der Angst-und-Schreckens-Rhetorik kommt kaum noch eine konkrete Zahl, ein Faktum, ein Argument vor. Und wenn, dann nur als groteske Verzerrung. Ziem\u00dfen etwa suggeriert auf Spiegel Online, seine Kinder w\u00fcrden es noch erleben, dass Hamburg \u201eim Meer versinkt\u201c.<br \/>\n&#8230; Alles von Alexander Wendt und Dirk Schwarzenberg vom 30.5.2019 bitte lesen auf<br \/>\n<a href=\"https:\/\/www.publicomag.com\/2019\/05\/publico-dossier-die-psychologie-des-gruenen-erfolgs\/\">https:\/\/www.publicomag.com\/2019\/05\/publico-dossier-die-psychologie-des-gruenen-erfolgs\/<\/a><\/p>\n<p>&nbsp;<\/p>\n<p><strong>Grassierende Unwissenheit der Gr\u00fcnen<\/strong><br \/>\nDer Gr\u00fcnen-Hype ist aus meiner Sicht als Ingenieurwissenschaftler \u201ealter Art\u201c ein Indikator f\u00fcr die grassierende <a title=\"Dummheit\" href=\"https:\/\/www.freiburg-schwarzwald.de\/blog\/engagement\/zukunft\/dummheit\/\">Unwissenheit<\/a> in unserer Gesellschaft, gef\u00f6rdert durch ein verkommenes Bildungssystem mit ideologisch verblendeten Lehrern, unterst\u00fctzt durch eine ebensolche B\u00fcrokratie und f\u00fcr ihr Amt ungeeignete Minister. Was ist von Politikern und Journalisten zu erwarten, die sich noch r\u00fchmen, MINT-F\u00e4cher in der Schule schnellstm\u00f6glich abgew\u00e4hlt zu haben, die Klima nicht definieren und nicht vom Wetter unterscheiden k\u00f6nnen und dann ein verhaltensgest\u00f6rtes Kind hochjubeln, ohne die Inhalte und Konsequenzen von dessen Forderungen \u00fcberhaupt zu verstehen?<\/p>\n<p>Was die gr\u00fcne Partei betrifft, lautet mein \u00e4u\u00dferst beunruhigender Befund, da\u00df diejenigen, die dieses Land regieren und ver\u00e4ndern wollen, <strong><em>Wissen als im Grunde unethisch und irgendwie \u201erechts\u201c betrachten<\/em><\/strong> und offenbar nicht die blasseste Vorstellung davon haben, nach welchen technisch-wissenschaftlichen Prinzipien es mit seinen gerne in Kauf genommenen Annehmlichkeiten eigentlich funktioniert. <strong><em>In einer tats\u00e4chlichen Wissensgesellschaft w\u00e4re eine Frau Baerbock mit ihrer Aussage \u00fcber die Speicherungsf\u00e4higkeit des Stromnetzes ein f\u00fcr allemal als f\u00fcr ein politisches Amt in einem ambitionierten High-Tech-Land unqualifiziert aus dem Spiel gewesen.<\/em><\/strong> Auch w\u00fcrde es zum Allgemeinwissen geh\u00f6ren,<br \/>\nda\u00df es das Waldsterben in der medial zelebrierten Form niemals gegeben hat,<br \/>\ndie Brent-Spar-Kampagne auf von Greenpeace verbreiteten \u201eFake News\u201c beruhte und<br \/>\ndie Anti-Diesel-Kampagne mit wissenschaftlich gesicherter Toxikologie nicht das Geringste zu tun hat.<\/p>\n<p>Gr\u00fcn ist nicht nur die Farbe des Propheten, sondern auch von gemeingef\u00e4hrlicher wissensferner Besserwisserei.<br \/>\n16.5.2019, Prof. Dr.-Ing. J\u00fcrgen Althoff, St. Wendel, <a href=\"https:\/\/www.junge-Freiheit.de\">https:\/\/www.junge-Freiheit.de<\/a><\/p>\n<p>:<br \/>\n<strong>Dieter Salomon: Habeck ist Linkspopulist<\/strong><br \/>\nBZ: Ist das (Gr\u00fcnen-Parteichef Habeck fordert Enteignungen) Populismus in Gr\u00fcn?<br \/>\nSalomon: Linkspopulismus! Wie auch der Ruf, Sanktionen f\u00fcr Hartz-IV-Empf\u00e4nger abzuschaffen. &#8230; Wenn ich links sammele, verliere ich in der Mitte. Einer Supermarktkassiererin werde ich kaum erkl\u00e4ren k\u00f6nnen, dass sie p\u00fcnktlich zur Arbeit kommen muss, ein Hartz-IV-Empf\u00e4nger aber keine Termine mehr wahrzunehmen braucht. Aber die Zeiten, da ich meine gr\u00fcnen Bundesvorsitzenden verstanden habe, waren in den 39 Jahren meiner Mitgliedschaft eher die k\u00fcrzeren.<br \/>\n&#8230; Komplettes Interview mit Dieter Salomon vom 4.5.2019 bitte lesen auf<br \/>\n<a href=\"https:\/\/www.badische-zeitung.de\/dieter-salomon-freiburg-hat-einen-unterschwelligen-konflikt\">https:\/\/www.badische-zeitung.de\/dieter-salomon-freiburg-hat-einen-unterschwelligen-konflikt<\/a><br \/>\n.<br \/>\n<em>Dieter Salomon: Er war 2002 erster gr\u00fcner OB einer deutschen Gro\u00dfstadt. Geboren wurde Salomon 1960 in Melbourne. In <a title=\"Freiburg\" href=\"https:\/\/www.freiburg-schwarzwald.de\/blog\/regio\/freiburg\/\">Freiburg<\/a> hat er Politik studiert und promoviert. 1990 wurde er Stadtrat, 1992 Landtagsabgeordneter, 2000 Fraktionschef. Nach zwei Amtsperioden unterlag Salomon am 6. Mai 2018 dem parteilosen Bewerber Martin Horn. Im Juni tritt er den Posten des Hauptgesch\u00e4ftsf\u00fchrers der IHK S\u00fcdlicher Oberrhein an.<br \/>\n<\/em>\u00a0.<br \/>\n<strong>Deutsche Schl\u00fcsselindustrien besch\u00e4digen<\/strong><br \/>\nIch ziehe den Hut vor Herr Salomon, nicht erst heute. Er hatte schon immer eine eigene Meinung und lie\u00df sich nicht durch die Meinung von den Oberen der Partei vergewaltigen. &#8230; Lassen wir doch die Einsch\u00e4tzung von Herrn Salomon stehen und andere ihre Schl\u00fcsse ziehen. Bei den Gr\u00fcnen ist ist nicht immer einfach zu wissen, wer f\u00fcr was steht. Kompliment: Herr Habeck und seine Kollegin schaffen es excellent von vielem abzulenken, was sich in dem gr\u00fcnen Spektrum tummelt. Noch kann man den Menschen vorgaukeln, dass man in Deutschland unter anderem Schl\u00fcsselindustrien besch\u00e4digen und weiterhin blendend leben kann. Wenn man beginnen muss den G\u00fcrtel enger zu schnallen,wird die Utopie auf die zur\u00fcck fallen, die sie verbreiten. Auf diesen Tag kann man warten.<br \/>\n3.5.2019, B.M., BZ<\/p>\n<p>.<br \/>\n<strong>Der j\u00e4he Absturz des Robert Habeck<\/strong><br \/>\nDer Gr\u00fcnen-Chef wurde 2018 zum Superstar der Republik. Jetzt stolpert er \u00fcber ein peinliches Video und sucht S\u00fcndenb\u00f6cke daf\u00fcr. Theatralisch steigt er bei Twitter und Facebook aus. Dabei ist sein Problem eine ganz eigene, gr\u00fcne Schw\u00e4che. &#8230;.<br \/>\n\u201cWir versuchen alles zu machen, damit Th\u00fcringen ein offenes, freies, liberales, demokratisches Land wird\u201d, verspricht er in dem Werbespot, als sei Th\u00fcringen Nordkorea, Iran oder Venezuela. Der fatale Eindruck entsteht, ein arroganter Gr\u00fcnen-Chef spreche Th\u00fcringen ab, dass es dort bislang demokratisch zugehe. Ein Proteststurm bricht los, von links bis rechts emp\u00f6ren sich Tausende Th\u00fcringer, viral verst\u00e4rkt w\u00e4chst sich der Shitstorm zum nationalen Polit-Desaster aus \u2013 zumal die Gr\u00fcnen in Th\u00fcringen sogar mitregieren. Der gr\u00fcne Landesverband l\u00f6scht unter dem \u00f6ffentlichen Druck schlie\u00dflich das Video.<br \/>\n&#8230;.<br \/>\nMit theatralischer Geste zieht er sich radikal von Twitter und Facebook zur\u00fcck und schreibt wie in einer Opferklage. \u201cTwitter ist wie kein anderes digitales Medium so aggressiv und in keinem anderen Medium gibt es so viel Hass, B\u00f6swilligkeit und Hetze. Offenbar triggert Twitter in mir etwas an: aggressiver, lauter, polemischer und zugespitzter zu sein.\u201d Was als ehrliche Schadensbegrenzung wirken soll, macht die Fehlerkette von Habeck nur l\u00e4nger \u2013 inklusive eitler Selbstgei\u00dfelung. Aus einem peinlichen Fehler wird nun eine charakterliche Offenbarung. Twitter zum S\u00fcndenbock f\u00fcr seinen Fehler zu erkl\u00e4ren, wirkt selbstgef\u00e4llig. Der Bayerische Rundfunk kommentiert das so:<br \/>\n\u201cWenn Sie in den dritten Stock wollen, im Aufzug aber aus Versehen die Taste mit der f\u00fcnf dr\u00fccken \u2013 ist dann der Aufzug schuld? Entscheiden Sie dann: nie mehr im Leben Aufzug!? Eben. Genau so macht es jetzt aber Robert Habeck.\u201d<br \/>\n&#8230;. Alles vom 9.1.2019 von Wolfram Weimer bitte lesen auf<br \/>\n<a href=\"https:\/\/www.theeuropean.de\/wolfram-weimer\/15257-habecks-fehltritt\">https:\/\/www.theeuropean.de\/wolfram-weimer\/15257-habecks-fehltritt<\/a><\/p>\n<p>&nbsp;<\/p>\n<p><strong>Robert Harbeck: Ohne Volk, Heimat und Vaterland<\/strong><br \/>\n\u201eVaterlandsliebe fand ich stets zum Kotzen. Ich wu\u00dfte mit Deutschland nichts anzufangen und wei\u00df es bis heute nicht.\u201c Robert Harbeck 2010.<br \/>\n\u201eDie Fremde oder die Entfremdung ist meine Heimat\u201c und Vaterland, \u201ebedeutet mir gar nichts\u201c. (Harbeck, 2017)<br \/>\n&#8222;Es gibt kein <a title=\"Volk\" href=\"https:\/\/www.freiburg-schwarzwald.de\/blog\/engagement\/zukunft\/demokratie\/volk\/\">Volk<\/a> und deshalb auch keinen Verrat am Volk.&#8220; (Harbeck, 5\/2018)<br \/>\n.<br \/>\n<strong>Zehn kritische Fragen an die bisherigen W\u00e4hler der Gr\u00fcnen<\/strong><\/p>\n<p>1. Verk\u00f6rpert die EU \u00fcberhaupt (noch) die basis-demokratischen Werte, f\u00fcr die die GR\u00dcNEN einst eingetreten sind?<br \/>\nWo gibt es die fr\u00fcher immer eingeklagten Mitwirkungs-Rechte der EU-B\u00fcrger? Was ist aus der alten und z.T. berechtigten Kritik der Gr\u00fcnen an dem \u201eMoloch EU\u201c geblieben?<\/p>\n<p>2. Was sagen wir den im Islam unterdr\u00fcckten Frauen, den im Islam gefolterten Homosexuellen?<br \/>\nWie steht Ihr zur Todesstrafe in den islamischen L\u00e4ndern? Warum sollte Deutschland nicht die diplomatischen Beziehungen zu L\u00e4ndern abbrechen, die an Homosexuellen oder Frauen, die angeblich \u201eEhebruch\u201c begangen haben, die Todesstrafe vollstrecken?<\/p>\n<p>3. F\u00fchrt die Islamisierung zu einem Rechtsruck in Europa, der so reaktion\u00e4r sein k\u00f6nnte, da\u00df ihn auch \u201eunsere\u201c Linken und GR\u00dcNEN keinesfalls haben wollen?<br \/>\nMacht es die Gr\u00fcnen nicht skeptisch, da\u00df durch die Migration nach Europa mittelalterliche Werte hereinkommen, gegen welche ausgerechnet die Gr\u00fcnen und die 68er so sehr rebelliert hatten?<br \/>\nSind die so geschm\u00e4hten \u201eRechtspopulisten\u201c nicht im Ergebnis sogar z.T. die Verteidiger moderner westlicher Werte, wie sich diese fr\u00fcher die Gr\u00fcnen auf die Fahne geschrieben hatten?<\/p>\n<p>4. Rauben uns zu viele internationale Vereinbarungen die Chancen, sich \u00fcberhaupt noch in \u201edemokratische\u201c Prozesse ernsthaft hinein zu begeben?<br \/>\nKann Demokratie nicht u.U. auch gerade daran ersticken, da\u00df es in jedem zweiten Satz hei\u00dft: \u201eJa, aber da steht EU-Recht gegen\u2026\u201c?<\/p>\n<p>5. Wie kann Nachhaltigkeit und die daf\u00fcr erforderliche Selbstverantwortlichkeit \u00fcberhaupt funktionieren, wenn jedes private, regionale und authentische Vorsorgen im n\u00e4chsten Augenblick durch nicht kontrollierbare zentrale Administrations-Entscheidungen zunichte gemacht werden kann?<br \/>\nEin Beispiel daf\u00fcr ist die Nullzins-Politik im Euro-Raum: Private Vorsorge wird damit erschwert bis unm\u00f6glich gemacht.<\/p>\n<p>6. Wollen wir solidarisch mit den Schwachen oder wollen wir solidarisch mit den Faulen sein?<br \/>\nDiese Frage gilt es, auf Bundes- sowie auf internationaler Ebene zu stellen. Kann es sein, da\u00df der alles reglementierende Staat einfach \u00fcberfordert ist? So, wie es eine alte Sichtweise der Gr\u00fcnen eigentlich fr\u00fcher auch war?<\/p>\n<p>7. Wer steht mitten im Nahen Osten an vorderster Frontlinie zu einem rechtslastigen, reaktion\u00e4ren Islam mit einem Frauenbild, welches doch einst die 68er in der westlichen Welt zu einem berechtigten Protest veranla\u00dft hatte?<br \/>\nIst das Israel oder ist das die sogenannte \u201ePal\u00e4stinensische Autonomie-Beh\u00f6rde\u201c? Bei allen Fehlern, die Israel sicherlich auch macht: Muss f\u00fcr uns \u2013 als Demokraten \u2013 es nicht vordringlich sein, den einzigen demokratischen Rechtsstaat im Nahen Osten zweifelsfrei zu unterst\u00fctzen?<\/p>\n<p>8. Was ist wichtiger: Volkssouver\u00e4nit\u00e4t oder Staatssouver\u00e4nit\u00e4t? Und welche Konsequenzen leiten wir daraus ab?<br \/>\nWer sind die neuen Etatisten? Was wurde aus dem radikal-demokratischen Politik-Ansatz der Gr\u00fcnen? Kommen den Gr\u00fcnen denn gar keine Zweifel, wenn sie den zentralen, b\u00fcrokratischen Staat sehen, der jetzt auch noch \u201eals EU\u201c massiv ausgebaut werden soll? Wo bleiben da die basis-demokratischen Mitwirkungs- und Gestaltungsrechte der B\u00fcrger?<\/p>\n<p>9. Bei 48% Wahlbeteiligung in Deutschland (Europawahl 2014) hat die EU nur eine sehr bedingte Legitimation. Hie\u00df es fr\u00fcher: Bei US-Wahlen geht ja noch nicht einmal die H\u00e4lfte des Wahlvolkes hin, so hat sich f\u00fcr die GR\u00dcNEN die EU immer mehr zu einem Heiligtum entwickelt, desto weniger zur Wahl \u00fcberhaupt hingehen. Sehen die Gr\u00fcnen \u2013 so wie sie es fr\u00fcher taten \u2013 nicht das riesige Legitimations-Problem der EU durch eine hohnsprechende niedrige Wahlbeteiligung?<\/p>\n<p>10. Was wurde aus der alten Forderung nach Volksentscheiden und direkter Demokratie?<br \/>\nSoll es etwa nur dann basis-demokratisch zugehen, wenn die voraussichtlichen Ergebnisse dem gr\u00fcnen Weltbild entsprechen? Die Gr\u00fcnen waren einst Vorreiter in Sachen \u201eVolksentscheid\u201c. Ist das jetzt alles hinf\u00e4llig, nur weil man bef\u00fcrchtet, da\u00df sich andere (die b\u00f6sen Rechten) in inhaltlichen Fragen bei Volksentscheiden durchsetzen k\u00f6nnten?<\/p>\n<p>14.8.2018, J\u00f6rg Gebauer<br \/>\n<a href=\"https:\/\/www.fischundfleisch.com\/joerg-gebauer\/zehn-kritische-fragen-an-die-bisherigen-waehler-der-gruenen-49016\">https:\/\/www.fischundfleisch.com\/joerg-gebauer\/zehn-kritische-fragen-an-die-bisherigen-waehler-der-gruenen-49016<\/a><\/p>\n<p>&nbsp;<\/p>\n<p>&nbsp;<\/p>\n<p><strong>Berlin-Wedding-Brunnenviertel: Linksgr\u00fcne ziehen weg aus Multikulti-Paradies<\/strong><br \/>\nIch begreife zunehmend, ich lebe in einem mir fremd gewordenen Stadtteil, in einer Gesellschaft, der ich mich nicht mehr zugeh\u00f6rig f\u00fchlen kann. In dem mir seit meiner Kindheit bekannten heimatlichen Lebensraum haben sich aus einst kontrastreichen Dissonanzen eines Arbeiterreviers trostlose Entfremdung und derbe Antagonismen eines Zuwandererghettos geformt. Der Einheimische sucht angestrengt nach Kontinuit\u00e4ten, die er nicht mehr findet. &#8230;.<br \/>\nEs demaskiert die Verfechter des multikulturellen Gesellschaftsmodells, dass sie, mit Ausnahmen, im \u201eBrunnenviertel\u201c nicht zu Hause sind. Die harte Realit\u00e4t des Zusammenlebens, die Allt\u00e4glichkeit, in der so etwas wie Integration \u00fcberhaupt erst stattfinden kann, \u00fcberl\u00e4sst man gern den Resten des hier ausharrenden, unterprivilegierten deutschen Bev\u00f6lkerungsanteils, der, kaum f\u00e4hig Eigeninteressen zu artikulieren, an dieser Aufgabe nur scheitern kann. Das links-liberale B\u00fcrgertum h\u00e4lt sich dem Ergebnis des multikulturellen Experiments lieber fern, denn hiesige soziokulturelle Angebote, Wohnlagen, \u00f6ffentliche Kinderg\u00e4rten und Schulen k\u00f6nnen ihren Anspr\u00fcchen nicht gen\u00fcgen. Niemand l\u00e4sst sich gern Theorie durch Praxis ruinieren. Wer dennoch hier zu Hause sein muss, l\u00e4sst seine Kinder nur unter Aufsicht auf den Spielplatz und schickt schulpflichtigen Nachwuchs gern auf Privatschulen.<br \/>\n&#8230; Alles vom 24.8.2018 von Detlef Rogge bitte lesen auf<br \/>\n<a href=\"https:\/\/www.achgut.com\/artikel\/mein_leben_im_weddinger_brunnenviertel\">https:\/\/www.achgut.com\/artikel\/mein_leben_im_weddinger_brunnenviertel<\/a><\/p>\n<p><em>Detlef Rogge lebt in der dritten Generation im Berliner Bezirk Wedding, nunmehr vierundsechzigj\u00e4hrig ist er seit 1981 im \u201eBrunnenviertel\u201c zu Hause. Beruflich war er bis zu seiner Verabschiedung in den Ruhestand in der Weddinger Kommunalverwaltung t\u00e4tig. Einer politischen Partei geh\u00f6rt er nicht an.<\/em><\/p>\n<p><strong>Linksgr\u00fcne Flucht in Privatschulen<\/strong><br \/>\nWenn man mit solchen apokalyptischen Zust\u00e4nden im Kino, wie z.B. in den \u201cMad Max\u201d Filmen, konfrontiert wird, ist das ein Zeitsprung, dem die Zwischenstationen fehlen. Einen solchen hat ihr eindringlicher und atmosph\u00e4rische Dichte transformierender Artikel beschrieben. Nur ist das kein Kino und sind das keine Vororte benachbarter babylonischer Favelas, sondern die von ihnen subjektiv und aufrichtig geschilderte Realit\u00e4t in der Hauptstadt Deutschlands. Diesen linksgr\u00fcnen Zuwanderungsjubler sollte die Flucht in Privatschulen oder Nobelviertel am Berg etc. untersagt werden! Und ihr im humanit\u00e4r- sozialromantischen Rausch Mitsingen von Degenhardts \u201cSchmuddelkinder\u201d, durch n\u00fcchternes, reales Mittendrinleben ersetzt werden. Nichts ist lehrreicher als die Lebenswirklichkeit. Im \u00fcbrigen werden diese Fluchten ohnehin nur ephemeren und aufschiebenden Charakter haben. Den wirklich Armen und Hilfsbed\u00fcrftigen n\u00fctzt dieses Protzen ohnehin nichts, diese werden unser Land nie erreichen.<br \/>\n24.98.2018, Paul J. Meier, AO<br \/>\n.<br \/>\n<strong>Beamte nur noch zum Arbeiten in Berlin<\/strong><br \/>\nIch wohne seit fast 30 in der N\u00e4he des Adenauerplatzes. Mittlerweile sieht es selbst an diesem Teil des einst m\u00f6nd\u00e4nen und schicken Ku\u00b4damm\u00b4s so aus wie in der Neuk\u00f6llner Karl-Marx-Str. in den 90er Jahren. Die Gastronomie besteht nur noch aus D\u00f6ner, D\u00f6ner und zur Abwechslung mal aus D\u00f6ner. Und selbst das angebliche Gyros beim griechischen Imbiss schmeckt seit einiger Zeit auch wie D\u00f6ner. Nach der Messerstecherei im \u201cBuffalo-Grill\u201d und den entsprechenden Machtk\u00e4mpfen der \u00fcblichen Verd\u00e4chtigen kann man sich an zwei Fingern abz\u00e4hlen, bei wem der \u201cGrieche\u201d sein angebliches \u201cGyros\u201d kaufen muss, um nicht Opfer einer weiteren Messerstecherei zu werden. Und wenn man so wie ich als leidenschaftlicher Kinog\u00e4nger sp\u00e4t abends aus allen Himmelsrichtungen nach Hause f\u00e4hrt, kann man sich sp\u00e4t abends nur noch von D\u00f6ner-Kebap oder dem bekannten US-Fast-Food-ern\u00e4hren. Das ehemalige Berlin und weite Teile der Innenstadt im ehemaligen Ost-Berlin sind schon derart durchislamisiert, dass gesamte Imbisskultur, f\u00fcr die Berlin immer weltbekannt war, komplett abgestorben ist und auch dank beh\u00f6rdlicher Auflagen verdr\u00e4ngt wurde. Selbst die Asiaten sind perfekt integriert und damit derart kleinb\u00fcrgerlich und spie\u00dfig, dass man bei ihnen nach 21.00 Uhr nirgendwo mehr etwas zu Essen bekannt au\u00dfer am Bahnhof-Zoo, wo man als hellblonder Deutscher eine ethnische Minderheit ist und schon beim \u00dcberqueren der Stra\u00dfe anlasslos aus neuwertigen Leasingfahrzeugen heraus beschimpft wird. Die Berliner Kriminalpolizei interessiert sich nicht f\u00fcr solche Lebenswirklichkeiten.<br \/>\nDie Beamten haben in den Nachwendejahren fast ausnahmslos billig H\u00e4user im Berliner Umland auf Pump gebaut, fahren dank gleitender Arbeitszeit m\u00f6glichst fr\u00fch ins B\u00fcro, sitzen ihre 8 Stunden am PC-Arbeitsplatz ab und fahren fr\u00fchest m\u00f6glich auf direktem Wege nach Hause, wo sie sich mit der Realit\u00e4t in der Stadt, in der sie f\u00fcr Sicherheit sorgen sollen, nicht mehr intellektuell auseinander setzen wollen und es auch nicht k\u00f6nnen.<br \/>\n24.8.2018, L. Vogeler, AO<\/p>\n<p><strong>Warum meiden Gr\u00fcne diese bunte Traumidylle?<\/strong><br \/>\nIch frage mich, warum die Gr\u00fcnen und ihre ebenso kriminellen Helfer nicht in diese von Ihnen geschaffenen Viertel ziehen. Das ist doch die bunte Traumidylle f\u00fcr sie schlechthin. Aber es ist wie immer: die Realit\u00e4t \u00fcberl\u00e4sst man denen, die (noch) nicht abhauen wollen oder k\u00f6nnen. Dieser gr\u00fcne Abschaum wohnt in seinem \u201cWandlitz\u201d, verordnet Zwangstoleranz f\u00fcr die anderen und faselt von den Paradiesen f\u00fcr die Gl\u00e4ubigen und anderen n\u00fctzlichen Idioten. No-go-Areas f\u00fcrs Volk und gepflegte G\u00e4rten hinter Stacheldraht f\u00fcr die Gr\u00fcnossen. Sao-Paulo und Johannesburg lassen gr\u00fc\u00dfen.<br \/>\n24.8.2018, Joachim Lucas, AO<\/p>\n<p><strong>Die Gr\u00fcnen freuen sich auf den Untergang der Menschheit<\/strong><br \/>\nAuch eine sarkastische Sichtweise auf die Realit\u00e4t ist ein Euphemismus, leider. Die gr\u00f6\u00dften Zyniker sind \u00fcbriges die Gr\u00fcnen, sie freuen sich auf den Untergang der Menschheit, denn nur so ist schlussendlich die Natur, so wie die Gr\u00fcnen sie sich vorstellen, zu retten. W\u00e4hrend die Natur selbst nie vorhatte so zu bleiben wie sie gerade eben ist.<br \/>\nHeinz Maier, AO<\/p>\n<p><strong>Deutschland schafft sich ab &#8211; aufgrund von Selbsthass<\/strong><br \/>\nSelten etwas Besseres gelesen! Erschreckend, aber genau da geht die Reise hin. Erst Stadtviertel, dann St\u00e4dte und Ballungsr\u00e4ume, dann das ganze Land. Deutschland schafft sich ab &#8211; aufgrund von Selbsthass, Dummheit, Schlafm\u00fctzigkeit, Gleichg\u00fcltigkeit, Gutgl\u00e4ubigkeit und moralisierender Selbst\u00fcberh\u00f6hung. Unsere Kinder werden auswandern m\u00fcssen.<br \/>\nMichael H., AO<\/p>\n<p><strong>Gr\u00fcne Verhaltenstherapie<\/strong><br \/>\nSehr geehrter Herr Rogge! Nat\u00fcrlich k\u00f6nnte sich bei akuter Islamophobie und \u00dcberfremdungsangst eine Verhaltenstherapie anbieten, damit Sie Ihre unberechtigten negativen Gedanken loswerden. Wir w\u00fcrden Ihnen jedoch zu einer Expositionstherapie raten. Durch eine direkte Konfrontation verschwinden all Ihre durch Fehlinterpretationen entstandenen Einbildungen und irrealen Bef\u00fcrchtungen, die Sie in dem Text geschildert haben.<br \/>\nIhren Entschluss, nicht umziehen zu wollen, unterst\u00fctzen wird daher. Erschwerend bei Ihrer Angstst\u00f6rung kommt leider Ihre riesige Lust am Fabulieren hinzu, die wohl aus einer \u00fcbergro\u00dfen Phantasie gespeist wird. Sie sollten das unbedingt im Auge behalten. Zur R\u00fcckfallprophylaxe empfehlen wir, die erlernten Bew\u00e4ltigungsstrategien immer wieder in den die Phobie verursachenden Situationen anzuwenden. Wir, der Vorstand von B\u00fcndnis 90\/Die Gr\u00fcnen, w\u00fcnschen Ihnen einen erfolgreichen Therapieverlauf und gute Besserung. Sie schaffen das!<br \/>\n24.8.2018, Frank Pressler, AO<\/p>\n<p>&nbsp;<\/p>\n<p><strong>Fl\u00fcchtlinge, AfD, Islam: Der Gr\u00fcne Manfred Schreiber eckt an\u00a0<\/strong><br \/>\n&#8222;Du bist ja ein AfD-Versteher&#8220; Manfred Schreiber ist Gr\u00fcnen-Mitglied, sympathisiert seit einiger Zeit aber mit Positionen, die von Rechten vertreten werden. Nun sortiert sich sein Bekanntenkreis neu. Wie geht er damit um?<br \/>\nAlles vom 21.6.2018 von Peter Maxwill bitte lesen auf<br \/>\n<a href=\"https:\/\/www.spiegel.de\/plus\/fluechtlinge-afd-islam-der-gruene-manfred-schreiber-eckt-an-a-1a5805cf-932f-4560-b100-e059948a2136\">https:\/\/www.spiegel.de\/plus\/fluechtlinge-afd-islam-der-gruene-manfred-schreiber-eckt-an-a-1a5805cf-932f-4560-b100-e059948a2136<\/a><\/p>\n<p>&nbsp;<\/p>\n<p>&nbsp;<\/p>\n<p><strong>Vier Millionen gr\u00fcne Ablass-H\u00e4ndler beherrschen 83 Millionen Deutsche<\/strong><\/p>\n<p>Langsam d\u00e4mmert auch der FDP, was die CSU l\u00e4ngst begriffen hat: In einer Bundesregierung kann es eine partnerschaftliche Zusammenarbeit mit den Gr\u00fcnen nicht geben. Zu keinen Kompromissen bereit, r\u00fcckt die Bevormundungs- und Verbotspartei nicht einen Millimeter von ihren Maximalpositionen ab. Sowohl in Energie- und Umweltfragen, als auch in der alles \u00fcberlagernden Zuwanderungspolitik liegen Welten zwischen den Gr\u00fcnen und den \u00fcbrigen Verhandlungspartnern.<br \/>\n&#8230;.<br \/>\nDoch w\u00e4hrend sich Union und FDP den Kopf dar\u00fcber zerbrechen, wie man auf einen gemeinsamen Nenner kommen k\u00f6nnte, beharrt die kleinste der drei Bundestagsfraktionen auf ihren surrealen Forderungen. 100 Prozent \u00d6kostrom und das Ende des Verbrennungsmotors bis 2030 festschreiben zu wollen, ist genauso gemeinwohlsch\u00e4dlich wie das Postulat einer ungeregelten Zuwanderung, einer ungebremsten Ausweitung des Familiennachzugs und einer Abschiebequote nahe Null. Von den gr\u00fcnen Tr\u00e4umereien einer europ\u00e4ischen Transferunion einmal ganz abgesehen.<br \/>\nKeine andere Partei k\u00f6nnte sich diesen sektengleichen Habitus leisten. Doch die Umerzieher im Gewand der Wohlmeinenden wissen, dass sich am Ende alle f\u00fcgen werden. Zu gro\u00df ist die Angst der politischen Konkurrenz vor der gr\u00fcnen Journaille. &#8230;.<br \/>\nAlles von Ramin Peymani vom 31.10.2017 bitte lesen auf<br \/>\n<a href=\"https:\/\/www.achgut.com\/artikel\/vier_millionen_ablasshaendler_beherrschen_83_millionen_deutsche\">https:\/\/www.achgut.com\/artikel\/vier_millionen_ablasshaendler_beherrschen_83_millionen_deutsche<\/a><\/p>\n<p><em>Ramin Peymani ist freier Autor und Publizist. Er betreibt unter <a href=\"https:\/\/www.liberale-warte.de\">https:\/\/www.liberale-warte.de<\/a> einen Politik-Blog.<\/em><br \/>\n.<br \/>\n<strong>Die Gr\u00fcnen als Sekte<\/strong><br \/>\nWohl nur in Deutschland ist eine gr\u00fcne Partei mit derma\u00dfen gro\u00dfem gesellschaftlichen Einfluss denkbar. Das mag historische Gr\u00fcnde haben und sich aus einer Mischung aus einem Hang zu einer romantischen Weltsicht, einer Affinit\u00e4t zu ideologischem Denken und einem weltverbessernden Wiedergutmachungsstreben zusammensetzen. Dabei spielt die messianische, untergr\u00fcndig starke religi\u00f6se Z\u00fcge beinhaltende \u00dcberzeugung zu wissen, was gut und was schlecht f\u00fcr die Welt ( Mensch und Natur) ist, eine gro\u00dfe Rolle. Die Rettung, die Begl\u00fcckung und die Erleuchtung aller Menschen, die Erreichung der Vorstufe zum Paradies, das scheint gr\u00fcnem Denken und vor allem ihrem F\u00fchlen und Glauben, zugrunde zu liegen. Insofern erscheint der Vergleich mit einer Sekte als durchaus angebracht.<br \/>\n1.11.2017, Werner Arning , AO<\/p>\n<p><strong>Gr\u00fcne Gleichheitsgesellschaft<\/strong><br \/>\nUmweltschutz war doch f\u00fcr die Gr\u00fcnen in Wirklichkeit immer nur der Honigtopf mit dem die (W\u00e4hler-)Bienen angelockt werden sollten. Wenn man sich die politische Vergangenheit Trittins, Kretschmanns, Fischers, K\u00fcnasts, Str\u00f6beles oder gar der l\u00e4ngst ausgetretenen Ditfurth ansieht, merkt man, dass unter der gr\u00fcn get\u00fcnchten Oberfl\u00e4che ein harter roter Kern steckt. Echte Umweltsch\u00fctzer wie Herbert Gruhl wurden doch schon in den 80er-Jahren aus der Partei gedr\u00e4ngt. Man denke auch an die gro\u00dfen Sympathien, die es bei den Gr\u00fcnen f\u00fcr die Antifa gibt. Den Gr\u00fcnen (zumindest den f\u00fchrenden Leuten) geht es darum, eine neue Gesellschaft der Gleichheit einzuf\u00fchren. Um diese neue Gesellschaftsordnung durchsetzen zu k\u00f6nnen, muss die alte erst zerst\u00f6rt werden. Das geschieht, indem man ihre wirtschaftlichen und gesellschaftlichen Grundlagen nachhaltig zerst\u00f6rt. Nachdem die deutsche Arbeiterschaft in ihren Augen in dieser Angelegenheit versagt hat bzw. aufgrund ihrer Verb\u00fcrgerlichung nicht mehr existiert, setzen die Gr\u00fcnen (und auch DIE LINKE) jetzt auf eine gro\u00dfe Masse von Migranten, als deren F\u00fchrer sie diese Gleichheitsgesellschaft durchsetzen wollen. Dabei kapieren sie nicht, dass diese Migranten sie kaum auf l\u00e4ngere Sicht als F\u00fchrer akzeptieren werden und sowieso eigene Ziele verfolgen.<br \/>\n31.10.2017, Christoph M\u00fcller, AO<\/p>\n<p><strong>Gr\u00fcne NGOs zwecks der gro\u00dfen Transformation<\/strong><br \/>\nIch wage die \u201cAnf\u00e4lligkeit f\u00fcr gr\u00fcne Angstmacherei\u201d zu bezweifeln. Fast unbemerkt haben sich \u00fcber Jahrzehnte Stiftungen, Vereine, Institute, Thinktanks, Wissenschaftliche Beir\u00e4te der Bundesregierung und NGOs etabliert und stellen gr\u00fcne Dystopien als alternativlos dar. Mittlerweile tendieren ihre Aktivit\u00e4ten unverh\u00fcllt in Richtung sublimer antidemokratischer Gewalt: \u201cPioniere des Fortschritts\u201d ode \u201cPioniere des Wandel\u201d sollen die mit demokratischen nicht erreichbare \u201cGro\u00dfe Transformation\u201d durchsetzen. Studienstiftungen loben Stipendien aus, um die Universit\u00e4t \u201cvon unten\u201d zu beeinflussen. Thinktanks produzieren und verbreiten Fake Science, best\u00e4tigen sich gegenseitig und bringen die Medien auf ihre Seite.. Geldm\u00e4chtige Vereine verstehen sich als \u201cEinmischer\u201d und platzieren ihre Mitglieder in der Regierung, in EU- und UN-Organisation. (Es w\u00e4re ungerecht, aus diesem un\u00fcbersichtlich gro\u00dfen und permanent wachsenden Wirtschaftsbereich Beispiele zu nennen.) Es ist grotesk, dass es integraler Bestandteil dieser Lobbyarbeit ist, sich lautstark \u00fcber den Industrielobbyismus &#8211; der anderen &#8211; zu beklagen und Kontrollen zu fordern. Der Widerstand gegen diese massive gr\u00fcne Einflussnahme auf s\u00e4mtliche Lebensbereiche ist erschwert, weil ihr etablierte Filz noch (!) kritiklos als \u201cgemeinn\u00fctzig\u201d gilt.<br \/>\n30.10.2017, Andreas Rochow. AO<\/p>\n<p><strong>Gr\u00fcne Diktatur &#8211; Deutscha heben noch nir Revolution gemacht<\/strong><br \/>\nVolle Zustimmung. Offen bleibt nur die Frage nach dem Wieso. Meine These: Die Deutschen haben nie eine erfolgreiche politische Revolution gemacht , sie stecken immer noch im Unterthanentum des 19. Jahrhundert fest (1848 gescheitert, Revolution 1918 war im Kernausgangspunkt eine Hungerrevolution von Marinesoldaten, 1953 gescheitert und Mauerfall\/Aufl\u00f6sung der DDR war vielmehr ein Zusammenbruch denn ein politischer gewollter Umsturz. Die Scheinl\u00f6sung war im 19. Jahrhundert die Flucht in die Romantik, d.h. in Wolkenkuckucksheime. Die gro\u00dfen katastrophalen Ideologien sind deutsche Ideologien: Marx war Deutscher (die Engl\u00e4nder haben seine Ideen nicht angenommen), Lenin hat in Deutschland studiert , dann der Nationalsozialismus, danach der Sozialismus. Im Grunde alles romantische Ideologien mit den Versprechen des Schlaraffenlandes und der \u00dcberh\u00f6hung. \u00d6kologismus\/Gr\u00fcndiktatur stelle ich in dieser Reihe dazu.<br \/>\n31.102017, Thilo M\u00fchlberger, AO<\/p>\n<p><strong>Gr\u00fcne Ideologie &#8211; elit\u00e4r<\/strong><br \/>\nDas Problem ist nicht die Gr\u00fcne Partei, sondern die dazu geh\u00f6rige Ideologie, die sich schon tief in die Substanz der Bundesrepublik eingefressen hat. Sie ist dogmatisch und elit\u00e4r, was vielleicht mehr als anderes erkl\u00e4rt, warum sie gerade in den Medien so viele Anh\u00e4nger findet: das Gef\u00fchl eine intellektuelle Speerspitze zu sein, die den Menschen das Gl\u00fcck aufzwingt, ist f\u00fcr \u201eMeinungsmacher\u201c einfach zu verf\u00fchrerisch. Und diese Ideologie geht weit \u00fcber Parteigrenzen hinaus. Die Kanzlerin hat so lange in diesen Abgrund geschaut, bis dieser eben in sie zur\u00fcckgeschaut und vollkommen von ihr Besitz ergriffen hat. Die gr\u00fcne Ideologie ist zudem sehr stark gef\u00fchlsbetont, was eine ungl\u00fcckselige Konstante in der Geschichte politischer Geistesstr\u00f6mungen in Deutschland zu sein scheint. Von daher bef\u00fcrchte ich, dass wir das ganze nun bis zum bitteren Ende werden durchstehen m\u00fcssen.<br \/>\n30.10.2017, Rudolf george, AO<\/p>\n<p><strong>\u00d6sterreich hats kapiert<\/strong><br \/>\nSehr geehrter Herr Peymani, ich stimme Ihrer Meinung vollumf\u00e4nglich zu! Ich kann es auch nicht fassen, dass sich Deutschland, von gerade mal vier Millionen, ideologisch komplett \u201cverblendeten, realit\u00e4tsfernen Sozialromantikern\u201d, wie ich die Gr\u00fcnen stets bezeichne, diktieren l\u00e4sst! Wo steuert Deutschland mit solchen Politikern geradewegs hin? Wahrscheinlich in ein noch gr\u00f6\u00dferes Desaster! Wie lange lassen wir uns das noch gefallen? \u00d6sterreich B\u00fcrger haben\u00b4s kapiert! Mich \u00e4rgern immer die uns\u00e4glichen Interviews mit Frau G\u00f6ring-Eckardt und Claudia Roth, die ja bekanntlich bei einer Demo hinter Parolen herlief : \u201d Deutschland Du mieses St\u00fcck Schei\u00dfe\u201d und \u201cDeutschland verrecke\u201d, aber anscheinend hat dies f\u00fcr sie, keinerlei Konsequenzen, nein, das hat diese Dame wieder mal zur \u201cBundestagsvizepr\u00e4sidentin bef\u00f6rdert\u201d! Ja, dem ehemaligen CDU-Mitglied und Stadtk\u00e4mmerer Herrn Glaser, wurde dieses Amt verwehrt, da waren sich der Gro\u00dfteil der Abgeordneten einig, weil er AfD-Politiker ist, im Gegensatz zu Frau Roth, die hat n\u00e4mlich \u201cNarrenfreiheit\u201d bei uns!<br \/>\n31.10.2017, Lydia Burgstaller-Englitz . AO<br \/>\n<strong>Fammiliennachzug = Unbegrenzte Zuwanderung<\/strong><br \/>\nDer Artikel bringt das Dilemma auf den Punkt. Genauso wie \u201eEinzelfallpr\u00fcfung\u201c und \u201eDuldung\u201c praktisch synonym mit ewigem Bleiberecht sind, kann \u201eFamiliennachzug\u201c \u00fcbersetzt werden mit nahezu unbegrenzter Zuwanderung. Dann sprechen wir nicht \u00fcber ein oder zwei Millionen, sondern &#8211; je nach Sch\u00e4tzung- \u00fcber ca. f\u00fcnf bis sieben Millionen Zuwanderer, welche nur als Folge der seit 2015 eingesetzten Immigration in unser Land str\u00f6men. Das war es dann endg\u00fcltig mit unserer europ\u00e4ischen Kultur, und die Gr\u00fcnen haben erreicht was sie immer wollten: eine \u201emultikulturelle\u201c, das hei\u00dft eine Gesellschaft, welcher nur noch in abgeschotteten Lebensr\u00e4umen eine eigene kulturelle Identit\u00e4t zuzuordnen ist. Wer glaubt, diese Horrorvorstellung sei Panikmache, m\u00f6ge sich nur die ber\u00fcchtigten Stadtbezirke Kreuzberg und Neuk\u00f6lln in Berlin oder, wenn er es eine Nummer gr\u00f6\u00dfer haben will, die franz\u00f6sische Stadt Marseille anschauen. Eine Zeitreise in die St\u00e4dte Deutschlands in zwanzig Jahren. Nein, ich habe unter starken Bauchschmerzen die FDP gew\u00e4hlt, weil ich eine Jamaica-Koalition f\u00fcr das kleinere \u00dcbel gegen\u00fcber einer weiteren Groko hielt. Da\u00df die Gr\u00fcnen da mitmachen m\u00fcssen, habe ich schlicht ausgeblendet. Aber inzwischen m\u00f6chte ich nur noch eins: das Scheitern dieser unseligen Verhandlungen. Egal was danach kommt. Und noch etwas: Die CSU soll endlich ihren unberechenbaren Wischiwaschi-Chef st\u00fcrzen und aus der Fraktionsgemeinschaft mit der CSU aussteigen. Am besten auch gleich in die anderen Bundesl\u00e4nder vorsto\u00dfen. Ich sehe das als einzige Chance, da\u00df jenseits der leider noch nicht so richtig in der westlichen Wertegemeinschaft angekommenen AfD eine nicht \u201elinksliberal\u201c infizierte b\u00fcrgerliche Partei agiert und den Totalausfall CDU kompensiert.<br \/>\n31.10.20187, Dr. Roland Mock, AO<\/p>\n<p>&nbsp;<\/p>\n<p>&nbsp;<\/p>\n<p><strong>Gr\u00fcne Fl\u00fcchtlings-Heuchelei<\/strong><br \/>\nZuh\u00f6ren und erkl\u00e4ren will die gr\u00fcne Bundestagsabgeordnete Kerstin Andreae, was es mit dem Sicherheitsgef\u00fchl der Bev\u00f6lkerung auf sich hat. Ich finde, das h\u00e4tte schon vor einem Jahr und mehr getan werden m\u00fcssen, aber da hat das Kommen der Fl\u00fcchtenden in den gr\u00fcnen Reihen und dar\u00fcber hinaus Euphorie ausgel\u00f6st. Die gr\u00fcne Bundesvorsitzende Simone Peter w\u00fcnschte sich damals noch mehr Zustrom. Wer damals gesagt hat, dass nicht nur &#8222;gute Menschen&#8220; kommen und auch vor den negativen Seiten gewarnt hat, wurde mit einer ganzen Lawine von Schm\u00e4hungen eingedeckt, von islamophob, fremdenfeindlich, menschenverachtend, reaktion\u00e4r, populistisch&#8230; Eine ganze Latte von Schm\u00e4hbegriffen wurde kreiert. Das Entstehen einer ganzen Partei ist auf diese Vorgehensweise zur\u00fcckzuf\u00fchren. Jetzt auf einmal doch den Leuten zuh\u00f6ren zu wollen, die den Gr\u00fcnen nicht nach dem Mund reden, scheint mir zumindest versp\u00e4tet, wenn nicht gar heuchlerisch und d\u00fcrfte dem Wahlkampf geschuldet sein. Auch dass die Freiheitsrechte der Frauen nicht unbedingt im Gep\u00e4ck all derer sind, die zu uns kommen, h\u00e4tte man vorher wissen und entsprechend reagieren m\u00fcssen. Stattdessen hat man es zugelassen, dass sich die eigene Bev\u00f6lkerung gespalten hat in die, die warnten, und die, die euphorisiert waren. Die Ersteren wurden in die Schmuddelecke gestellt, und wehe sie wagten es, sich \u00f6ffentlich zu \u00e4u\u00dfern. Um so mehr entlud sich das in den Sozialen Netzwerken und im Wahlverhalten.<br \/>\nZur Entlastung der Gr\u00fcnen sei gesagt, dass es auch einsame Warner gab, wie den gr\u00fcnen Oberb\u00fcrgermeister von T\u00fcbingen, Boris Palmer, der sagte, wir k\u00f6nnten es auch nicht schaffen, und vor \u00dcbergriffen seitens einiger Gefl\u00fcchteter warnte. Daf\u00fcr legte man ihm aber den Austritt aus der gr\u00fcnen Partei nahe und stellte ihn zumindest politisch kalt.<br \/>\n19.1.2\u00df17, Manfred Schreiber, Mitglied im Gr\u00fcnen-Kreisverband Breisgau-Hochschwarzwald, Kirchzarten<\/p>\n<p>&nbsp;<\/p>\n<p><strong>Buh-Rufe der Gr\u00fcnen gegen\u00fcber dem Daimler-Chef<\/strong><br \/>\nErst luden sie ihn ein, dann buhten sie ihn aus. Daimler-Chef Dieter Zetsche hatte einen schweren Stand beim Gr\u00fcnen-Parteitag.<br \/>\nDie Branche ist entsetzt, &#8230; \u201eDas war ein R\u00fcckschlag f\u00fcr die <a title=\"Diskussionskultur\" href=\"https:\/\/www.freiburg-schwarzwald.de\/blog\/kultur\/medien\/diskussionskultur\/\">Diskussionskultur<\/a>.\u201c<br \/>\nDer Auto-Experte Ferdinand Dudenh\u00f6fer hatte den Eindruck, dass die Gr\u00fcnen an einer echten Debatte \u00fcber Inhalte mit Zetsche gar nicht interessiert waren. \u201eDas war eher eine Showveranstaltung f\u00fcr Cem \u00d6zdemir\u201c, sagt Dudenh\u00f6ffer. &#8230;<br \/>\nAlles vom14.11.2016 auf<br \/>\n<a href=\"https:\/\/www.welt.de\/wirtschaft\/article159487060\/Die-unmoeglichen-Buh-Rufe-gegenueber-dem-Daimler-Chef.html\">https:\/\/www.welt.de\/wirtschaft\/article159487060\/Die-unmoeglichen-Buh-Rufe-gegenueber-dem-Daimler-Chef.html<\/a><br \/>\n<strong>Boris Palmer: Kriminelle Fl\u00fcchtlinge abschieben &#8211; auch nach Syrien<\/strong><br \/>\nIch glaube indessen, dass wir es auf Dauer in dieser Gro\u00dfz\u00fcgigkeit (gegen\u00fcber Fl\u00fcchtlingen) nicht durchhalten k\u00f6nnen. Unser Staats- und Gesellschaftssystem ist in wenigen Jahren unerwartet stark unter Druck gekommen. &#8230;.<br \/>\nDeutschland hat mehr Fl\u00fcchtlinge aufgenommen als der Rest Europas, der Landkreis T\u00fcbingen beherbergt 2500 Fl\u00fcchtlinge. &#8230;.\u00a0Meine Schlussfolgerung ist, dass wir das humanit\u00e4re Bleiberecht nicht mehr so gro\u00dfz\u00fcgig auslegen k\u00f6nnen wie fr\u00fcher. Wir sollten in jedem Einzelfall pr\u00fcfen, ob ein gewaltt\u00e4tiger oder die Sicherheit gef\u00e4hrdender Asylbewerber in sein Heimatland zur\u00fcckgeschickt werden kann, ohne dass ihm konkrete Gefahr f\u00fcr Leib und Leben droht. Die Genfer Konvention erlaubt das sogar f\u00fcr Kriegsgebiete, f\u00fcr alle anderen Gebiete gilt es ohnehin&#8230;..<br \/>\nAlles von Boris Palmer vom 14.8.2016 auf<br \/>\n<a href=\"https:\/\/www.welt.de\/debatte\/kommentare\/article157654014\/Ich-bleibe-dabei-kriminelle-Fluechtlinge-muessen-wir-abschieben.html\">https:\/\/www.welt.de\/debatte\/kommentare\/article157654014\/Ich-bleibe-dabei-kriminelle-Fluechtlinge-muessen-wir-abschieben.html<\/a><\/p>\n<p>&nbsp;<\/p>\n<p><strong>Gr\u00fcne f\u00fcr Fl\u00fcchtlinge und gegen Frauen &#8211; Islamismus als blinder Fleck<\/strong><br \/>\nDer Urgr\u00fcne Kurt Edler z\u00e4hlt zu den sch\u00e4rfsten Kritikern seiner Partei, die seiner Einsch\u00e4tzung nach an einem Debatten- und Diskursverlust laboriert.<br \/>\nDie Welt: M\u00fcsste es dann nicht gerade einen Aufschrei dar\u00fcber geben, wie mit Frauen in Fl\u00fcchtlingsheimen umgegangen wird?<br \/>\nEdler: Es gibt da eine falsche R\u00fccksichtnahme \u2013 nach dem Prinzip, keine schlafenden Hunde wecken zu wollen. Auch Gr\u00fcne sind \u00fcber die Erscheinungsformen von Verwahrlosung, Sexismus und Patriarchat erschrocken. Es gibt aber in der Partei keine aufgearbeitete politische Sicht auf die neue Weltlage \u2013 auch im Sinne der Notwendigkeit, sich mit dem despotischen Patriarchat auseinanderzusetzen. F\u00fcr die Gr\u00fcnen ist auch der Islamismus ein blinder Fleck. Bis heute \u00e4u\u00dfern sie sich lang und breit \u00fcber den Rechtsextremismus, w\u00e4hrend sie eine differenziertere Einsch\u00e4tzung des Islamismus vermissen lassen. Dazu gibt es nur einen kurzen pflichtschuldigen Programmpassus. Eine Politik gegen den Islamismus machen sie nicht. Sie glauben, es gebe ein Dilemma zwischen Migrationspolitik und der Notwendigkeit, sich mit einem frauenfeindlichen Patriarchat \u00f6ffentlich auseinanderzusetzen. An der Pr\u00e4ventionsfront sind sie ohnehin nicht pr\u00e4sent. Die Gr\u00fcnen waren nie mehr als eine Maschine f\u00fcr die politische \u00d6ffentlichkeitsarbeit, eine ausgebaute Presseagentur ihrer selbst, die in der gesellschaftspolitischen Praxis keine Rolle spielt. Auch in der \u00fcbrigen \u00d6ffentlichkeit merken wir nirgendwo, dass Gr\u00fcne eingreifen. Dabei liegt es auf der Hand, gerade den Islamismus als ein sich gegen die Moderne aufb\u00e4umendes, aggressiv autorit\u00e4res Patriarchat zu verstehen, das einen politisierten Islam als Antimoderne in Stellung bringt. &#8230; Alles von Kurt Edler vom 3.4.2016 auf<br \/>\n<a href=\"https:\/\/www.welt.de\/regionales\/hamburg\/article153895557\/Fuer-die-Gruenen-ist-der-Islamismus-ein-blinder-Fleck.html\">https:\/\/www.welt.de\/regionales\/hamburg\/article153895557\/Fuer-die-Gruenen-ist-der-Islamismus-ein-blinder-Fleck.html<\/a><br \/>\n.<br \/>\n<strong>GKE: &#8222;M\u00fcssen AfD-W\u00e4hler f\u00fcr Demokratie zur\u00fcckgewinnen&#8220;<\/strong><br \/>\nSo will KGE unser Land umbauen. Einreiserecht f\u00fcr jeden, Islamunterricht an den Schulen, Integration mit Migranten, die unter sich bleiben d\u00fcrfen.<br \/>\n&#8222;M\u00fcssen AfD-W\u00e4hler f\u00fcr Demokratie zur\u00fcckgewinnen&#8220;. Dieser Satz ist irre: F\u00fcr GKE sind Opposition wie m\u00fcndige B\u00fcrger Fremdw\u00f6rter.<br \/>\n&#8222;Deutschland wird sich bis zur Unkenntlichkeit ver\u00e4ndern. Und ich freue mich darauf.&#8220; Dieser Selbsthass von KGE passt zum Slogan &#8222;Deutschland Du mieses St\u00fcck Schei\u00dfe, Deutschland verrecke!&#8220;, hinter dem GKE&#8217;s gr\u00fcne Freundin Claudia Roth so gerne herl\u00e4uft.<br \/>\n.<br \/>\nWie kann man der AfD anlasten, das Frauenbild zur\u00fcckzudrehen, wenn man gleichzeitig den Islam &#8222;einb\u00fcrgern&#8220; will &#8211; eine Religion, in der die Unterdr\u00fcckung der Frau wesentliches Merkmal ist?<br \/>\nGKE kommt auch ohne Studium, Ausbildung und Berufst\u00e4tigkeit auf ein Gehalt und vor allem eine Pension (233 Euro pro Abgeordnetenjahr) , von der jeder normaler Arbeitnehmer nur tr\u00e4umen kann.<\/p>\n<p>&nbsp;<\/p>\n<p><strong>Islamophobie-Vorwurf soll muslimische Sext\u00e4terschaft verschweigen<\/strong><br \/>\nSPD und Gr\u00fcne verheddern sich in ihrer Gemeinsamkeit gegen \u201eM\u00e4nnergewalt und Rassismus\u201c auf eine fast tragisch zu nennende Weise. <a title=\"Koeln-Silvester2015\" href=\"https:\/\/www.freiburg-schwarzwald.de\/blog\/global\/integration\/koeln-silvester2015\/\">\u201eK\u00f6ln\u201c<\/a> war deshalb nicht nur der symptomatische Zusammenbruch einer Strategie des Verschweigens unliebsamer Wirklichkeiten. Es hat sich gezeigt, dass der Islamophobievorwurf an die Adresse aller Wahrheitssuchenden in Politik und Wissenschaft die Waffe ist, die das Schweigen im Land \u00fcber Konflikte sichern soll. Was mehr kann sich die extreme Rechte und Linke w\u00fcnschen? Ohne Zweifel war das alles gutmenschlich gemeint und sollte das Gegenteil bewirken. &#8230;..<br \/>\nAlles von Prof Gerhard Amendt zu &#8222;K\u00f6ln: Neufeministische Opferverh\u00f6hnung&#8220; vom 18.1.2016 bitte lesen auf<br \/>\n<a href=\"https:\/\/agensev.de\/content\/k%C3%B6ln-neufeministische-opferverh%C3%B6hnung\">https:\/\/agensev.de\/content\/k%C3%B6ln-neufeministische-opferverh%C3%B6hnung<br \/>\n<\/a>\u00a0.<br \/>\n<strong>Offener Brief an Claudia Roth, die Frauenjagd von Arabern und Nofris verniedlicht<\/strong><br \/>\n&#8222;Liebe Claudia Roth, liebe Feministinnen, was ist eigentlich mit Euch los? Wie k\u00f6nnen Sie den Frauen, die auf der K\u00f6lner Domplatte, in Hamburgs Gro\u00dfer Freiheit oder an anderen belebten \u00f6ffentlichen Orten bedroht, gesch\u00e4ndet, beraubt worden sind, einfach achselzuckend zurufen, dass das auf dem Oktoberfest doch angeblich schon immer so sei? Dass M\u00e4nner doch sowieso alles &#8218;potenzielle Vergewaltiger&#8216; seien? Was soll die im #ausnahmslos-Appell aufgestellte Behauptung, Deutschland h\u00e4tte vom P\u00e4dagogikunterricht bis zum Umgang in der Kaffeek\u00fcche ein t\u00e4gliches Sexismus-Problem, das mit den Silvesterereignissen vergleichbar sei? Was ist in Sie gefahren, wenn Sie so die schweren \u00dcbergriffe der letzten Wochen verniedlichen? Nichts anderes leisten n\u00e4mlich Ihre verbreiteten Binsenweisheiten: Nat\u00fcrlich gab und gibt es, Bel\u00e4stigungen, Gewalt gegen Frauen, Raub und Vergewaltigung in diesem Land wie auf der ganzen Welt schon immer. Nat\u00fcrlich konnten und k\u00f6nnen die T\u00e4ter jedweder Herkunft und Nationalit\u00e4t sein.<br \/>\nAber diese traurigen Selbstverst\u00e4ndlichkeiten ausgerechnet jetzt zu betonen, kann doch nur einem Zweck dienen: Sie wollen \u00f6ffentlich verdr\u00e4ngen, dass es in der Tat ein signifikantes Problem mit einem Teil der in der letzten Zeit zu uns gekommenen jungen M\u00e4nner aus fremden Kulturkreisen, vor allem aus Nordafrika und dem arabischen Raum, gibt. &#8230;<br \/>\nGesamten offenen Brief von FDP-Vize Katja Suding an die Gr\u00fcnen-PolitikerinClaudia Roth vom 12..2016 bitte lesen auf<br \/>\n<a href=\"https:\/\/www.welt.de\/regionales\/hamburg\/article150918518\/Sie-verniedlichen-Uebergriffe-der-letzten-Wochen.html\">https:\/\/www.welt.de\/regionales\/hamburg\/article150918518\/Sie-verniedlichen-Uebergriffe-der-letzten-Wochen.html<br \/>\n<\/a>\u00a0 .<br \/>\n<strong>Feminismus als Vehikel<\/strong><br \/>\nEine bessere Demaskierung, dass viele den Feminismus nur als Vehikel benutzen , um ihre verschrobenen politischen Ideen durchzusetzen kann es doch gar nicht geben. Jede Erkl\u00e4rung muss ber\u00fccksichtigen, dass ein vergleichbare Ereignis in der Bundesrepublik Deutschland nicht zu finden ist. Dass Gruppenvergewaltigungen zu den seltensten Sexualdelikten geh\u00f6rten . Von den Pr\u00e4zedenzfellen auf dem Tahirplatz und dem engen zeitlichen Zusammenhang mit der Masseneinwanderung ganz zu schweigen. Nat\u00fcrlich gab es Sexualdelikte auch vorher in Deutschland,das ist aber nur eine Binsenweisheit. Offensichtlich gibt es aber einen Zusammenhang zwischen der Einwanderung relativ ungebildeter junger M\u00e4nner mit archaischem Rollenverst\u00e4ndnis und Frauenbild und einem neuen Ph\u00e4nomen, was in \u00e4hnlicher Form in den Ursprungsl\u00e4ndern bekannt ist.<br \/>\n12.1.2016, Albert Werner<br \/>\n.<br \/>\n<strong>K\u00f6ln = gr\u00fcnes Oktoberfest<\/strong><br \/>\nWas ich auf Facebook etc. gelesen habe an Kommentaren, hat mich echt schockiert. Die Pro-Asyl-um-jeden-Preis-Fraktion hat das Leid der Frauen vollkommen ignoriert, und wie Frau Roth Vergleiche zum Oktoberfest und zum Ballermann gezogen. V\u00f6llig verquer, in meinen Augen. Was an Silvester abging ist \u00fcberhaupt nicht vergleichbar und war so noch nie da. Die Gr\u00fcnen sind in keinster Weise mehr w\u00e4hlbar, das steht f\u00fcr mich fest.<\/p>\n<p>F\u00fcr mich ist diese Naivit\u00e4t der Gr\u00fcnen immer wieder unfassbar. Lt. ihren eigenen Angaben stehen sie daf\u00fcr ein, die Rechte der Frauen und auch gleichgeschlechtliche Partner\/innen im besonderen zu verteidigen. Gerade diese beiden Gruppen werden unter dem \u00fcberproportional vorhandenen M\u00e4nneranteil der islamischen Fl\u00fcchtlinge \/ Migranten besonders zu leiden haben. Das die Gr\u00fcnen dies nicht begreifen und anscheinend immer noch an eine geistige Umkehr dieser Personen glauben, zeigt, dass sie f\u00fcr Regierungsverantwortung \u00fcberhaupt nicht geeignet sind.<br \/>\n11.1.2016, Erwin Ein<\/p>\n<p>&nbsp;<\/p>\n<p><strong>Kretschmann: Wie soll uns eine Minderheit islamisieren?<\/strong><\/p>\n<p>Baden-W\u00fcrttembergs Ministerpr\u00e4sident Kretschmann h\u00e4lt die Angst vor einer Islamisierung Deutschlands f\u00fcr unbegr\u00fcndet.<br \/>\n<a href=\"https:\/\/www.welt.de\/politik\/deutschland\/article150512380\/Wie-soll-eine-Minderheit-uns-islamisieren.html\">https:\/\/www.welt.de\/politik\/deutschland\/article150512380\/Wie-soll-eine-Minderheit-uns-islamisieren.html<\/a><\/p>\n<p><strong>Minderheit der Muslime? Noch ja.<\/strong><br \/>\nAber wenn das so weitergeht, was dann Herr Kretschmann?<br \/>\nbis 2015 = insgesamt ca. 2 Mio<br \/>\nab 2016 = j\u00e4hrlich 2 Mio, vielleicht sogar 3 Mio?<br \/>\nergibt bis Ende 2020 = 12 bis 17 Mio<br \/>\nFamiliennachzug Faktor 4 = 48 bis 68 Mio<br \/>\nInsgesamt bis Ende 2020 also = 60 bis 85 Mio<br \/>\nWer rechnen kann, kann auch hochrechnen, wer wann die Minderheit stellt. Abschiebungen sind derzeit zu vernachl\u00e4ssigen, diese verschieben den Zeitpunkt vielleicht um 2 Monate (wenn \u00fcberhaupt).<\/p>\n<p>&#8222;Und leider haben es fundamentalistische Str\u00f6mungen geschafft, das \u00f6ffentliche Bild des Islams zu dominieren und zu verzerren&#8220; Ist der Herr Kreschmann ein Islam-Gelehrter? Wie kommt er dazu, den Gl\u00e4ubigen Ihre Religion erkl\u00e4ren zu wollen, bzw. zu entscheiden und zu bestimmen, WELCHES denn das richtige Bild des Islams ist? Vielleicht leben ja auch die strenggl\u00e4ubigen Fundamentalisten den &#8222;richtigen&#8220; Islam und nicht die in Europa lebende gem\u00e4\u00dfigte Minderheit? Wer wei\u00df das schon?! Herr Kretschmann aber auf keinen Fall, genausowenig wie andere Menschen die dieser Religion NICHT angeh\u00f6ren<br \/>\n31.12.2015, Susanne Sorg<br \/>\n.<br \/>\n<strong>Keine Islamreligion einf\u00fchren, sondern Staat und Religion trennen<\/strong><br \/>\nJa, Herr Kretschmann, Staat und Religion m\u00fcssen getrennt sein. Deshalb ist es kontraproduktiv, fl\u00e4chendeckenden islamischen Religionsunterricht etc. zu f\u00f6rdern. Richtig w\u00e4re es, auch den christlichen Religionsunterricht abzuschaffen und statt dessen ein verpflichtendes und religi\u00f6s strikt neutrales Unterrichtsfach &#8222;Ethik und Philosophie&#8220; einzuf\u00fchren. Das w\u00fcrde auch der Tatsache Rechnung tragen, dass die konfessionslosen Menschen in Deutschland mit 34 Prozent (noch?) die gr\u00f6\u00dfte Gruppe stellen (Quelle: Wikipedia). &#8222;Der S\u00e4kularismus ist die L\u00f6sung!&#8220; Dies unterstreicht auch Raif Badawi, der in Saudi Arabien zu 1000 Peitschenhieben verurteilt wurde &#8222;weil ich sage, was ich denke&#8220;, so der Untertitel seines bei Ullstein erschienenen B\u00fcchleins &#8222;1000 Peitschenhiebe&#8220;.<br \/>\n31.12.2015, Limes<\/p>\n<p><strong>Kretschmann und die Gr\u00fcnen sollen islamistische Tendenzen bek\u00e4mpfen!<\/strong><br \/>\nwieso m\u00fcssen wir uns \u00fcber Beschneidung von M\u00e4dchen unterhalten ?<br \/>\nwieso m\u00fcssen Gerichte entscheiden, was mit Kinderehen ist, die im Ausland eingegangen sind und ob man die &#8222;Ehepartner&#8220; nicht sofort ausweisen muss ?<br \/>\nwieso m\u00fcssen bei uns Gerichte dar\u00fcber entscheiden, was mit Zweit- und Drittfrauen wird und deren Kinder ? und ob die alle H4 beziehen d\u00fcrfen ?<br \/>\nund was machen wir mit Sympathisanten (finanziellen Unterst\u00fctzer) des IS-Terrors ?<br \/>\nwarum soll es kein Schweinefleisch mehr in den Mensen in den Schulen geben ?<br \/>\nwarum sollen w\u00e4hrend des Rhamadan an den Schulen keine Klassenarbeiten mehr geschrieben werden ?<br \/>\nwie hoch sind die Sanktionen vom Jobcenter f\u00fcr eine Frau mit Kopftuch, weil sie so dem Arbeitsmarkt nur &#8222;eingeschr\u00e4nkt&#8220; zur Verf\u00fcgung steht ?<br \/>\nwas unternimmt man gegen no-go-Areas, wo moslemische Familien-Clans das Sagen haben<br \/>\nwas unternimmt man gegen eine Parallel-Justiz bei Familienkonflikten, die das vom Iman oder andere kl\u00e4ren lassen und kein ordentliche Gericht anrufen ?<br \/>\nwarum redet man von Terror, wenn es Islamischer Terror ist ?<br \/>\nin K\u00f6ln bekam die Erdogan-AKP bei der letzten Wahl \u00fcber 61%. Die Zahlen f\u00fcr Stuttgart kenne ich nicht, aber die d\u00fcrften \u00e4hnlich ausgefallen sein. Da sieht man welche &#8222;T\u00fcrken&#8220; bei uns leben.<br \/>\nNa klar ist es einfacher, dar\u00fcber zu diskutieren, ob man mit der AfD ins Fernsehen geht (VOR der Wahl in BW M\u00e4rz 2015).<br \/>\n31.12.2015, E.Wand<\/p>\n<p>Herr Kretschmann, es ist doch nicht so, da\u00df diese mindestens 1,5 Mio neue illegale Zuwanderer (2015) gleichm\u00e4\u00dfig auf die Altersjahrg\u00e4nge 1 &#8211; 100 verteilt sind. Die sind lt. BaMF (Bundesamt f\u00fcr Migration und Fl\u00fcchtlinge) zu 70 % jung, zu 80% m\u00e4nnlich und muslimisch. Auf die Altersjahrg\u00e4nge 18 &#8211; 30 der jungen M\u00e4nner kommen also \u00fcberproportional viele Zuwanderer, zudem noch aus bildungsfernen Regionen.<br \/>\nWerner Holt<\/p>\n<p><strong>Muslime in Minderheit &#8211; keine Probleme. Umkehrschluss: Muslime in Mehrheit &#8211; gro\u00dfe Probleme?<\/strong><br \/>\nMuslime seien in der Minderheit und somit gebe es kein Problem; sagt Herr Kretschmann! Das bedeutet aber auch das sie, wenn sie denn mal die Mehrheit seien durchaus ein Problem sein k\u00f6nnten! Und wenn man den Gedanken an rund 1 Mio (vorrangig Muslimischer) Fl\u00fcchtlinge pro Jahr mal revue passieren l\u00e4sst wei\u00df man das diese Minderheit nicht immer eine Minderheit bleiben wird, gerade auch angesichts der deutlich h\u00f6heren Geburtenraten zumindest in erster und zweiter Generation! Es ist also abzusehen das es durchaus die M\u00f6glichkeit gibt das diese Glaubensrichtung in den n\u00e4chsten Jahrzehten nicht mehr die Minderheit sind &#8211; und dann?<br \/>\nSteff<\/p>\n<p>Wenn jedes Jahr 1,2 Millionen Zuwanderer kommen, ergibt das bei Familiennachzug rund 5 Millionen Zuwanderer j\u00e4hrlich. 80 Millionen Einwohner hat Deutschland derzeit.<br \/>\nDas hei\u00dft: In 16 Jahren hat sich Deutschlands Bev\u00f6lkerung entweder verdoppelt (wohin mit den Menschen?) oder die Bev\u00f6lkerung ist ausgetauscht. Das entspricht 4 Amtsperioden, ist also sogar f\u00fcr einen Politiker ein intellektuell \u00fcberschaubarer Zeitrahmen.<br \/>\nJosch<\/p>\n<p>Wenn man bedenkt, dass Muslime eine kleine Minderheit nach Kretschmann sind, dann machen sie allerdings \u00fcberproportional jetzt schon gro\u00dfe Probleme. Andere Ausl\u00e4nder leben hier in einer gr\u00f6\u00dferen Zahl, z.B. Italiener, Griechen usw.. Verursachen diese Gruppen Probleme?<br \/>\nReinholf Lakotta<\/p>\n<p>27 europ\u00e4ische L\u00e4nder sind sich einig in der Fl\u00fcchtlingsfrage (Islam). Es gibt nur ein Land das sich nicht einig ist: Deutschland. Und da\u00df ein Land alleine \u00fcberfordert w\u00e4re, stimmt auch nicht: wir schaffen das im Alleingang.<br \/>\nJohanna Lens<\/p>\n<p><strong>Muslime dr\u00e4ngen in Ballungsgebiete<\/strong><br \/>\nWenn man davon ausgeht, dass sich f\u00fcnf Millionen Fl\u00fcchtlinge homogen \u00fcber alle D\u00f6rfer verteilen, f\u00e4llt es nicht weiter auf. Es wird jedoch zu Zusammenballungen in einzelnen von ihnen bevorzugten St\u00e4dten und Stadtvierteln kommen (bsp. Duisburg Marxloh). Und wer sich dann mit seinem H\u00e4uschen (Altersvorsorge) dann pl\u00f6tzlich in &#8222;Little Kabul&#8220; wiederfindet, der wird eben islamisiert. Und das wird punktuell \u00fcberall in Deutschland der Fall sein. Und das wollen wir nicht.<\/p>\n<p><strong>So stellen sich die Gr\u00fcnen die Gesellschaft vor<\/strong><br \/>\nZitat Dr. Stefanie von Berg (Gr\u00fcne) Ende November 2015 in der Hamburgische B\u00fcrgerschaft:<br \/>\n<em>&#8222;Frau Pr\u00e4sidentin, meine Damen und Herren. Unsere Gesellschaft wird sich \u00e4ndern. Unsere Stadt wird sich radikal ver\u00e4ndern. Ich bin der Auffassung, dass wir in 20, 30 Jahren gar keine ethnischen Mehrheiten mehr haben in unserer Stadt. Das ist auch das, was Migrationsforscherinnen und Migrationsforscher sagen.Wir werden in einer Stadt leben, in der einfach unsere Stadt davon lebt, dass wir ganz viele verschiedenen Ethnien haben, ganz viele Menschen, und dass wir eine super kulturelle Gesellschaft haben, meine Damen und Herren. Das ist das, was wir haben werden in der Zukunft und ich sage ihnen noch ganz deutlich gerade hier in Richtung rechts (zeigt dabei auf die Abgeordnetenb\u00e4nke) das ist gut so !&#8220;<\/em><\/p>\n<p><strong>Christenvertreibungen<\/strong><br \/>\nHerr Kretschmann sollte sich die Beispiele aus Ost-Europa ansehen: Albanien, Bosnien, Kosovo und Teile von ost-s\u00fcd Bulgarien, wo in k\u00fcrzester Zeit (ca. 15 Jahre) in christlichen Regionen mit m\u00fcslimischen Minderheiten aktuell der Islam herrscht &#8211; mit \u00fcber 2000 neue Moscheen, von Saudis, T\u00fcrkei oder Qatar bezahlt. Die Christen sind dort wenn sie es noch gibt in eine kleine Minderheit.<br \/>\n.<br \/>\n<strong>Lieber Herr Kretschmann1<\/strong><br \/>\nSolange Kopft\u00fccher in Schulen per Gericht durchgesetzt werden, ist die Trennung von Staat und Kirche nicht existent. Alle religi\u00f6sen Zeichen geh\u00f6ren in den Privat Bereich und nicht in Schulen. Und wenn Sie denken der Islam l\u00e4sst sich reformieren dann sind Sie ein ewiger Tr\u00e4umer. Was hat es uns gebracht? Der Islam breitet sich in Europa immer weiter aus. Wo man hinschaut nur noch Terrorwarnungen, Angst vor Massenansammlungen, Feuerwerksverbot oder andere Absagen in vielen Formen. Das ist was uns der Islam schon gebracht hat. Spezialkr\u00e4fte, Polizei an Bahnh\u00f6fen und \u00f6ffentlichen Pl\u00e4tzen, Geheimdienste laufen auf Hochtouren. Ist das die gro\u00dfe Chance, von der die Kanzlerin spricht? Was ich sehe ist, die Angst ist in Europa eingezogen!<\/p>\n<p>.<\/p>\n<p>&nbsp;<\/p>\n<p><strong>Gr\u00fcner Palmer warnt vor Realit\u00e4tsverlust in Asylkrise &#8211; Beschlagnahme von Wohnungen?<\/strong><br \/>\nT\u00fcbingens Gr\u00fcner OB Boris Palmer wird angefeindet, weil er hartn\u00e4ckig vor der Belastungsgrenze bei Fl\u00fcchtlingen warnt. Er kritisiert Realit\u00e4tsverweigerer, die dem n\u00f6tigen Pragmatismus im Wege stehen. ..<br \/>\nAlles vom 31.12.2015 auf<br \/>\n<a href=\"https:\/\/www.welt.de\/politik\/deutschland\/article150473879\/Gruene-Warnung-vor-Realitaetsverlust-in-der-Asylkrise.html\">https:\/\/www.welt.de\/politik\/deutschland\/article150473879\/Gruene-Warnung-vor-Realitaetsverlust-in-der-Asylkrise.html<br \/>\n<\/a>\u00a0 \u00a0.<br \/>\n<strong>Zur Not wollen Kommunen Wohnraum beschlagnahmen<\/strong><br \/>\n76 T\u00fcbinger Hausbesitzer hatten dieser Tage ein Schreiben ihres Oberb\u00fcrgermeisters im Briefkasten. Eindringlich, aber h\u00f6flich appelliert Boris Palmer (Gr\u00fcne) darin an die Eigent\u00fcmer leer stehender Wohnungen, ihrem Herz einen Ruck zu geben und die dringend ben\u00f6tigten H\u00e4user zu vermieten. &#8230; Wenn es auf freiwilliger Basis nicht klappe, k\u00f6nnte eine Beschlagnahme noch kommen, sagte Palmer der &#8222;Welt&#8220;. &#8230;.<br \/>\n<a href=\"https:\/\/www.tuebingen.de\/Dateien\/536_anlage_brief_vermieter.pdf\">https:\/\/www.tuebingen.de\/Dateien\/536_anlage_brief_vermieter.pdf<br \/>\n<\/a>\u00a0.<br \/>\n<strong>Einquartierung bei Rentners<\/strong><br \/>\nAlso dann doch am Ende &#8222;Zwangsbelegungen&#8220; von Privatwohnungen&#8230; Als ich das schon vor Monaten am Horizont aufziehen sah, wollte das noch keiner glauben. Als n\u00e4chstes dann eine &#8222;Einquartierung&#8220; bei Rentners die ohnehin eine zu gro\u00dfe Wohnung belegen seit die Kinder aus den Haus sind? &#8222;Das wird Zeit, Kraft und Geld kosten \u2013 gerade mit Blick auf die so wichtige Aufgabe der Integration derer, die dauerhaft hier bleiben werden.&#8220; (Merkel Neujahr 2016). Der erste Absatz ist dann also die direkte Folge dieser Sicht&#8230;<br \/>\n31.12.2015, B.Obacht<br \/>\n.<br \/>\n<strong>Palmer droht mit Eigentumsbeschlagnahme &#8211; warum Realist?<\/strong><br \/>\nMir ist unverst\u00e4ndlich, wieso Palmer st\u00e4ndig als Realist verkl\u00e4rt wird, blo\u00df weil er nicht ebenso dogmatisch gr\u00fcn ist wie viele Andere seiner Partei bzw. totalit\u00e4r wie die Junggr\u00fcnen. Der Mann droht B\u00fcrgern seiner Stadt mit Beschlagnahmung deren Eigentums, wenn sie nicht &#8222;freiwillig&#8220; vermieten wollen &#8211; typisch gr\u00fcne denke: &#8222;jeder kann machen, was er will, solange es das ist, was wir wollen&#8220;.<br \/>\n31.12.2015, Dasch<\/p>\n<p><strong>&#8222;Terror der Guten&#8220; gegen Palmer<\/strong><br \/>\nEs ist unglaublich, wie weit im Namen des Guten heutzutage gegangen wird: Aufrufe zur Verfolgung von Einzelnen auf beiden Seiten allenthalben, Forderungen f\u00fcr Berufsverbote in Meinungsspalten der Zeitungen, Parteiausschl\u00fcsse weil (wie Palmer) einer am Bahnhof nicht mitklatscht sondern nach der Finanzierbarkeit fragt. Wer nicht daran glaubt, dass man 100.000de Wohnungen aus dem Nichts, quasi dem staatlichen Dispokredit, bis morgen herzaubern kann, der ist ein Rechter und Menschenschl\u00e4chter. 99% der Staaten dieser Erde halten es f\u00fcr v\u00f6llig normal, die Kontrolle \u00fcber ihre Grenze zu haben und durchzusetzen. Bei uns wird einem momentan sofort die &#8222;Schie\u00dfbefehl&#8220;-Keule \u00fcber den Kopf gezogen. Es gibt auch einen Terror &#8222;der Guten&#8220;, vor allem, wenn man eben anderer Meinung ist.<br \/>\n31.12.2015, Azur<br \/>\n.<br \/>\n<strong>Mathematik als ausl\u00e4nderfeindliche Kunst &#8211; Kausalprinzip abgeschafft<\/strong><br \/>\nInzwischen ist Elementarmathematik in den Ruf einer ausl\u00e4nderfeindlichen Kunst geraten. Wer Merkel folgt, rechnet nicht &#8211; so l\u00e4\u00dft sich das kurz fassen. Am wenigsten rechnen seit jeher Gr\u00fcne; deshalb \u00fcberrascht es, dass ausgerechnet ein Oberb\u00fcrgermeister der Gr\u00fcnen sich auf dieses t\u00fcckische Metier verlegt hat. Nat\u00fcrlich gibts da Hass und Wut ohne Ende und Rausschmeissdrohungen auch. Es geht aber nicht nur um ein bi\u00dfchen Algebra, die man rundweg ablehnt (und wohl im seltensten Fall in den Anfangsgr\u00fcnden beherrscht), sondern zielsicher um die Abschaffung des Kausalprinzips. Es gibt nur noch zu bew\u00e4ltigende Ereignisse, sog. Herausforderungen &#8211; Fragen nach deren Ursachen sind verp\u00f6nt.<br \/>\nSo fragt man in &#8218;korrekten&#8216; Kreisen, wenn man schon die Migrantenmassen als unveranla\u00dfte versteht, nicht danach, warum die zu uns str\u00f6menden Massen nicht mehr n\u00e4her an ihren Herkunftsl\u00e4nder gebunden bleiben, denn das waren sie ja. Sie waren es, bis dem UNHCR &#8211; wohl &#8218;beim Rechnen&#8216; &#8211; auffiel, dass die Mittel zur Alimentierung von 1,7 Mio. nicht reichten. Angeblich fehlten 64 Mio. Dollar (zum Vergleich: der Stadtstaat Bremen wendet allein f\u00fcr unbegleitete Jugendmigranten 100 Mio Euro j\u00e4hrlich auf).<br \/>\nAls anscheinend niemand die UN-Kasse aufbesserte, setzten sich die Massen in Bewegung. Dass man der Wanderung mit 100 Mio. Dollar sofort ein Ende h\u00e4tte setzen k\u00f6nnen, entging Frau Merkel und ihrem Wohlfahrtsausschuss &#8211; dass aber Erdogan, der Herr \u00fcber den einzigen Nachschubweg f\u00fcr den IS, viel dringender Geld brauchte, nicht. 17 Mrd. Euro f\u00fcr geschleuste 1,2 Mio. Migranten und 3-4 Mrd. Euro f\u00fcr Herrn Erdogans Grenzschutz. Rechnen Sie mal den Multiplikator aus von 100 Mio. auf 20 Mrd.! Geht das noch, oder Mathe schon abgew\u00e4hlt?<br \/>\n31.12.2015, Freiki<\/p>\n","protected":false},"excerpt":{"rendered":"<p>Home &gt;Vereine &gt;Engagement &gt;Partei &gt;Gruene Listenauswahl eines Beitrags (Artikel\/Datum, Seite\/Inhalt):\u00a0Klicken\u00a0oder scrollen Erfurt: Angst vor links und gr\u00fcn\u00a0(3.7.2026) RA Carsten Brennecke (Kanzlei H\u00f6cker): \u201eMeine Partei \u201eDie Gr\u00fcnen\u201c \u2026 Ich sch\u00e4me mich\u201c (10.6.2026) Die Wandlungen von Kretschmann und Fischer (gut) und H\u00f6cke &hellip; <a href=\"https:\/\/www.freiburg-schwarzwald.de\/blog\/vereine\/partei\/gruene\/\">Weiterlesen <span class=\"meta-nav\">&rarr;<\/span><\/a><\/p>\n","protected":false},"author":2,"featured_media":0,"parent":2803,"menu_order":0,"comment_status":"open","ping_status":"closed","template":"","meta":{"footnotes":""},"class_list":["post-58270","page","type-page","status-publish","hentry"],"_links":{"self":[{"href":"https:\/\/www.freiburg-schwarzwald.de\/blog\/wp-json\/wp\/v2\/pages\/58270","targetHints":{"allow":["GET"]}}],"collection":[{"href":"https:\/\/www.freiburg-schwarzwald.de\/blog\/wp-json\/wp\/v2\/pages"}],"about":[{"href":"https:\/\/www.freiburg-schwarzwald.de\/blog\/wp-json\/wp\/v2\/types\/page"}],"author":[{"embeddable":true,"href":"https:\/\/www.freiburg-schwarzwald.de\/blog\/wp-json\/wp\/v2\/users\/2"}],"replies":[{"embeddable":true,"href":"https:\/\/www.freiburg-schwarzwald.de\/blog\/wp-json\/wp\/v2\/comments?post=58270"}],"version-history":[{"count":6,"href":"https:\/\/www.freiburg-schwarzwald.de\/blog\/wp-json\/wp\/v2\/pages\/58270\/revisions"}],"predecessor-version":[{"id":151090,"href":"https:\/\/www.freiburg-schwarzwald.de\/blog\/wp-json\/wp\/v2\/pages\/58270\/revisions\/151090"}],"up":[{"embeddable":true,"href":"https:\/\/www.freiburg-schwarzwald.de\/blog\/wp-json\/wp\/v2\/pages\/2803"}],"wp:attachment":[{"href":"https:\/\/www.freiburg-schwarzwald.de\/blog\/wp-json\/wp\/v2\/media?parent=58270"}],"curies":[{"name":"wp","href":"https:\/\/api.w.org\/{rel}","templated":true}]}}