{"id":58015,"date":"2015-12-16T11:47:28","date_gmt":"2015-12-16T10:47:28","guid":{"rendered":"https:\/\/www.freiburg-schwarzwald.de\/blog\/?page_id=58015"},"modified":"2025-03-11T12:43:09","modified_gmt":"2025-03-11T11:43:09","slug":"gesinnungsethik","status":"publish","type":"page","link":"https:\/\/www.freiburg-schwarzwald.de\/blog\/engagement\/zukunft\/demokratie\/gesinnungsethik\/","title":{"rendered":"Gesinnungsethik"},"content":{"rendered":"<p><a href=\"https:\/\/www.freiburg-schwarzwald.de\/blog\">Home<\/a> &gt;<a title=\"Engagement\" href=\"https:\/\/www.freiburg-schwarzwald.de\/blog\/engagement\/\">Engagement<\/a> &gt;<a title=\"Buergerbeteiligung\" href=\"https:\/\/www.freiburg-schwarzwald.de\/blog\/engagement\/buergerbeteiligung\/\">Buergerbeteiligung<\/a> &gt;<a title=\"Zukunft\" href=\"https:\/\/www.freiburg-schwarzwald.de\/blog\/engagement\/zukunft\/\">Zukunft<\/a> &gt;<a title=\"Demokratie\" href=\"https:\/\/www.freiburg-schwarzwald.de\/blog\/engagement\/zukunft\/demokratie\/\">Demokratie<\/a> &gt;Gesinnungsethik<\/p>\n<p><a href=\"https:\/\/www.freiburg-schwarzwald.de\/blog\/selbsthilfe\/soziales\/jesiden\/jesiden-wand-am-kran-pan151103\/\" rel=\"attachment wp-att-57304\"><img loading=\"lazy\" decoding=\"async\" class=\"size-full wp-image-57304\" src=\"https:\/\/www.freiburg-schwarzwald.de\/blog\/wp-content\/uploads\/2015\/10\/jesiden-wand-am-kran-pan151103.jpg\" alt=\"Fl\u00fcchtlingswohnheim FR-Littenweiler H\u00f6llentalstrasse am 3.11.2015 - Wand am Kranhaken\" width=\"637\" height=\"296\" srcset=\"https:\/\/www.freiburg-schwarzwald.de\/blog\/wp-content\/uploads\/2015\/10\/jesiden-wand-am-kran-pan151103.jpg 637w, https:\/\/www.freiburg-schwarzwald.de\/blog\/wp-content\/uploads\/2015\/10\/jesiden-wand-am-kran-pan151103-180x83.jpg 180w\" sizes=\"auto, (max-width: 637px) 100vw, 637px\" \/><\/a><\/p>\n<p>Fl\u00fcchtlingswohnheim FR-Littenweiler H\u00f6llentalstrasse am 3.11.2015 &#8211; Wand am Kranhaken<\/p>\n<ul>\n<li><em>Listenauswahl eines Beitrags: Bitte anklicken oder runterscrollen<\/em><\/li>\n<li><a href=\"https:\/\/www.freiburg-schwarzwald.de\/blog\/kultur\/medien\/verschwoerungstheorien\/\">Beratungskompass Verschw\u00f6rungsdenken<\/a>\u00a0(10.3.2025)<\/li>\n<li><a href=\"https:\/\/www.freiburg-schwarzwald.de\/blog\/engagement\/verantwortung\/\">Linker Extremismus: Gesinnungs- statt Verantwortungsethik<\/a> (17.9.2021)<\/li>\n<li><a href=\"https:\/\/www.freiburg-schwarzwald.de\/blog\/moralisieren-argumentieren\/\">Moralisieren \u2013 Argumentieren<\/a>\u00a0(29.5.2021)<\/li>\n<li><a href=\"https:\/\/www.freiburg-schwarzwald.de\/blog\/global\/deutschland\/moral2015\/moralismus\/\">Der politische Moralismus in der Klima- und Energiepolitik<\/a>\u00a0(7.5.2021)<\/li>\n<li><a href=\"https:\/\/www.freiburg-schwarzwald.de\/blog\/global\/deutschland\/moral2015\/moralismus\/\">Moralische \u00dcberlegenheit: Die Abgr\u00fcnde des Sich-Gut-F\u00fchlen<\/a>s (29.4.2021)<\/li>\n<li><a href=\"https:\/\/www.freiburg-schwarzwald.de\/blog\/sprachregime-der-anywheres\/\">Sprachregime der Anywheres<\/a>\u00a0(27.10.2020)<\/li>\n<li><a title=\"Weltrettung\" href=\"https:\/\/www.freiburg-schwarzwald.de\/blog\/global\/deutschland\/weltrettung\/\">Deutschland \u2013 Noch kurz die Welt retten<\/a>\u00a0(24.7.2020)<\/li>\n<li><a title=\"Corona-Impfstoff \u2013 Israel BDS\" href=\"https:\/\/www.freiburg-schwarzwald.de\/blog\/corona-impfstoff-israel-bds\/\">Corona-Impfstoff \u2013 Israel BDS<\/a>\u00a0(4.3.2020)<\/li>\n<li><a title=\"WDR\" href=\"https:\/\/www.freiburg-schwarzwald.de\/blog\/kultur\/medien\/wdr\/\">Warum Deutschlands \u00f6ffentlich-rechtliche Riesensender eine Schrumpfkur ben\u00f6tigen<\/a>\u00a0(4.1.2020)<\/li>\n<li><a title=\"Post-Demokratie\" href=\"https:\/\/www.freiburg-schwarzwald.de\/blog\/engagement\/zukunft\/demokratie\/post-demokratie\/\">Die pr\u00e4-revolution\u00e4re Herrschaft Angela Merkels<\/a>\u00a0(13.12.2019)<\/li>\n<li><a title=\"Schweigen\" href=\"https:\/\/www.freiburg-schwarzwald.de\/blog\/global\/deutschland\/schweigen\/\">Wir schweigenden L\u00e4mmer \u2013 es gibt keine abweichenden Meinungen mehr<\/a>\u00a0(6.7.2019)<\/li>\n<li><a title=\"Moral2015\" href=\"https:\/\/www.freiburg-schwarzwald.de\/blog\/global\/deutschland\/moral2015\/\">Vahlefeld: Der ganze Stolz der Deutschen<\/a>\u00a0(3.7.2019)<\/li>\n<li><a href=\"https:\/\/www.freiburg-schwarzwald.de\/blog\/gesinnung-verantwortung-ethik\/\">https:\/\/www.freiburg-schwarzwald.de\/blog\/gesinnung-verantwortung-ethik\/<\/a>\u00a0 (14.6.2019)<\/li>\n<li><a href=\"https:\/\/www.freiburg-schwarzwald.de\/blog\/babyboomer-in-politik-medien\/\">https:\/\/www.freiburg-schwarzwald.de\/blog\/babyboomer-in-politik-medien\/<\/a> (18.12.2018)<\/li>\n<li><a title=\"Humanismus\" href=\"https:\/\/www.freiburg-schwarzwald.de\/blog\/kultur\/aufklaerung\/humanismus\/\">Mausfeld: Verklammerung von Humanit\u00e4t mit \u00d6konomie<\/a>\u00a0(9.12.2018)<\/li>\n<li>Merkel und Gr\u00fcne:\u00a0\u2026 denn sie berechnen nicht, was sie tun\u00ab (12.11.2018)<\/li>\n<li>Universalisierung der Moral &#8211; N\u00e4chstenliebe individuell (15.5.2018)<\/li>\n<li>Parabel: Supermarkt und moralisierende Politik (10.3.2018)<\/li>\n<li><a href=\"https:\/\/www.freiburg-schwarzwald.de\/blog\/ethik-selbstloser-zudringlichkeit\/\">https:\/\/www.freiburg-schwarzwald.de\/blog\/ethik-selbstloser-zudringlichkeit\/<\/a> (13.9.2017)<\/li>\n<li>Bassam Tibi: Gesinnungs- statt Verantwortungsethik \u00a0(23.10.2016)<\/li>\n<li>Gesinnungsethik von Merkel ist nur aufgesetzt (20.10.2016)<\/li>\n<li><a href=\"https:\/\/www.freiburg-schwarzwald.de\/blog\/wunschdenken-politik-sarrazin\/\">https:\/\/www.freiburg-schwarzwald.de\/blog\/wunschdenken-politik-sarrazin\/<\/a> (25.4.2016)<\/li>\n<li><a href=\"https:\/\/www.freiburg-schwarzwald.de\/blog\/wir-schaffen-das-yes-we-can\/\">https:\/\/www.freiburg-schwarzwald.de\/blog\/wir-schaffen-das-yes-we-can\/<\/a> (20.2.2016)<\/li>\n<li><a href=\"https:\/\/www.freiburg-schwarzwald.de\/blog\/integration-und-antisemitismus\/\">https:\/\/www.freiburg-schwarzwald.de\/blog\/integration-und-antisemitismus\/<\/a> (31.1.2016)<\/li>\n<li>Fl\u00fcchtlinge &#8211; Begriff zur moralischen Erpressung der Deutschen (13.1.2016)<\/li>\n<li><a href=\"https:\/\/www.freiburg-schwarzwald.de\/blog\/neuwahlen-buergerentscheid\">https:\/\/www.freiburg-schwarzwald.de\/blog\/neuwahlen-buergerentscheid<\/a>\/ (17.12.2015)<\/li>\n<li>Neuwahlen und eine Volksabstimmung w\u00e4ren Wegweiser aus der Krise (16.12.2015)<\/li>\n<li>Gesinnungsethik in den deutschen Medien auch nach Paris 13.11.2015 (17.11.2015)<\/li>\n<li><a title=\"Hunger\" href=\"https:\/\/www.freiburg-schwarzwald.de\/blog\/global\/hunger\/\">Hoimar von Ditfurth: Die m\u00f6rderische Konsequenz des Mitleids<\/a>\u00a0(13.8.1984)<\/li>\n<li>.<\/li>\n<li>Gesinnungsethik als Gegenst\u00fcck zur Verantwortungsethik<\/li>\n<li><a title=\"Buergerinitiativen\" href=\"https:\/\/www.freiburg-schwarzwald.de\/blog\/engagement\/buergerinitiativen\/\">B\u00fcrgerinitiativen<\/a><\/li>\n<li><a title=\"Dagegen\" href=\"https:\/\/www.freiburg-schwarzwald.de\/blog\/engagement\/dagegen\/\">Dagegen-Sein<\/a><\/li>\n<li><a title=\"Ehrlichkeit\" href=\"https:\/\/www.freiburg-schwarzwald.de\/blog\/engagement\/zukunft\/ehrlichkeit\/\">Ehrllchkeit<\/a><\/li>\n<li><a title=\"Ethik\" href=\"https:\/\/www.freiburg-schwarzwald.de\/blog\/religion\/ethik\/\">Ethik<\/a><\/li>\n<li><a title=\"Gesinnungsdiktatur\" href=\"https:\/\/www.freiburg-schwarzwald.de\/blog\/kultur\/medien\/gesinnungsdiktatur\/\">Gesinnnungsdiktatur<\/a><\/li>\n<li><a title=\"Kirche-Staat\" href=\"https:\/\/www.freiburg-schwarzwald.de\/blog\/religion\/kirche-staat\/\">Kirche-Staat<\/a><\/li>\n<li><a title=\"Groessenwahn\" href=\"https:\/\/www.freiburg-schwarzwald.de\/blog\/engagement\/zukunft\/groessenwahn\/\">Gr\u00f6\u00dfenwahn<\/a><\/li>\n<li><a title=\"Moral2015\" href=\"https:\/\/www.freiburg-schwarzwald.de\/blog\/global\/deutschland\/moral2015\/\">Moral2015<\/a><\/li>\n<li><a href=\"https:\/\/www.freiburg-schwarzwald.de\/blog\/global\/deutschland\/moral2015\/moralismus\/\">Moralismus<\/a><\/li>\n<li><a title=\"Multikulti\" href=\"https:\/\/www.freiburg-schwarzwald.de\/blog\/kultur\/leitkultur\/multikulti\/\">Multikulti<\/a><\/li>\n<li><a title=\"Naivitaet\" href=\"https:\/\/www.freiburg-schwarzwald.de\/blog\/engagement\/zukunft\/demokratie\/naivitaet\/\">Naivit\u00e4t<\/a><\/li>\n<li><a title=\"Pegida\" href=\"https:\/\/www.freiburg-schwarzwald.de\/blog\/global\/integration\/pegida\/\">Pegida<\/a><\/li>\n<li><a title=\"Petitionen\" href=\"https:\/\/www.freiburg-schwarzwald.de\/blog\/kultur\/intert\/petitionen\/\">Petitionen<\/a><\/li>\n<li><a title=\"Political-Correctness\" href=\"https:\/\/www.freiburg-schwarzwald.de\/blog\/kultur\/medien\/political-correctness\/\">Political Correctness<\/a><\/li>\n<li><a title=\"Postfaktisch\" href=\"https:\/\/www.freiburg-schwarzwald.de\/blog\/kultur\/medien\/postfaktisch\/\">Postfaktisch<\/a><\/li>\n<li><a title=\"Post-Demokratie\" href=\"https:\/\/www.freiburg-schwarzwald.de\/blog\/engagement\/zukunft\/demokratie\/post-demokratie\/\">Post-demokratie<\/a><\/li>\n<li><a title=\"Rassismus\" href=\"https:\/\/www.freiburg-schwarzwald.de\/blog\/engagement\/rassismus\/\">Rassismus<\/a><\/li>\n<li><a title=\"Seenotrettung\" href=\"https:\/\/www.freiburg-schwarzwald.de\/blog\/global\/deutschland\/seenotrettung\/\">Seenotrettung<\/a><\/li>\n<li><a href=\"https:\/\/www.freiburg-schwarzwald.de\/blog\/kultur\/kulturverlust\/sprachregime\/\">Sprachregime<\/a><\/li>\n<li><a title=\"Gutmenschen\" href=\"https:\/\/www.freiburg-schwarzwald.de\/blog\/engagement\/gutmenschen\/\">Gutmenschen\u00a0<\/a><\/li>\n<li><a title=\"Schuld\" href=\"https:\/\/www.freiburg-schwarzwald.de\/blog\/engagement\/zukunft\/schuld\/\">Schuld<\/a><\/li>\n<li><a title=\"Selbsthass\" href=\"https:\/\/www.freiburg-schwarzwald.de\/blog\/engagement\/zukunft\/selbsthass\/\">Selbsthass<\/a><\/li>\n<li><a title=\"Staatsversagen\" href=\"https:\/\/www.freiburg-schwarzwald.de\/blog\/engagement\/zukunft\/demokratie\/staatsversagen\/\">Staatsversagen<\/a><\/li>\n<li><a href=\"https:\/\/www.freiburg-schwarzwald.de\/blog\/engagement\/verantwortung\/\">Verantwortung<\/a><\/li>\n<li><a title=\"WDR\" href=\"https:\/\/www.freiburg-schwarzwald.de\/blog\/kultur\/medien\/wdr\/\">WDR<\/a><\/li>\n<li><a title=\"Weltrettung\" href=\"https:\/\/www.freiburg-schwarzwald.de\/blog\/global\/deutschland\/weltrettung\/\">Weltrettung<\/a><\/li>\n<li><a title=\"Wendehals\" href=\"https:\/\/www.freiburg-schwarzwald.de\/blog\/engagement\/zukunft\/demokratie\/wendehals\/\">Wendehals<\/a><\/li>\n<li><a title=\"Zeitgeist\" href=\"https:\/\/www.freiburg-schwarzwald.de\/blog\/engagement\/zeitgeist\/\">Zeitgeist<\/a><\/li>\n<\/ul>\n<p>&nbsp;<\/p>\n<p><strong>Gesinnungsethik als Gegenst\u00fcck zur Verantwortungsethik<\/strong><br \/>\nGesinnungsethik ist eine prim\u00e4r an der eigenen Gesinnung orientierten Ethik &#8211; eine &#8222;Kostet es was es wolle&#8220;-Ethik. Gegenst\u00fcck ist die an den Folgen der eigenen Handlung orientierte Verantwortungsethik.<br \/>\nZwei Beispiele:<br \/>\nEin Zeuge Jehova lehnt die Bluttransfusionen seines Sohnes ab, auch wenn dieser deshalb sterben wird. Die eigene religi\u00f6se \u00dcberzeugung \u00fcberwiegt die Verantwortung f\u00fcr sein Kind.<br \/>\nAngela Merkel holt aus christlicher N\u00e4chstenliebe tagt\u00e4glich (Stand 10.1.2016) weitere 4000 Fl\u00fcchtlinge ins Land (ergibt 1,46 Mio in 2016), wohl wissend, dass dies nur \u00fcber Integration und EU-Quote zu verkraften ist. Aber:<br \/>\n&#8211; 75% (also 3\/4) der Deutschen sind der Meinung, dass eine Integration von 1,2 Mio binnen vier Monaten ins Land gekommener Fl\u00fcchtlinge nicht zu leisten ist.<br \/>\n&#8211; Alle anderen 27 EU-Staaten lehnen die Aufnahme von Fl\u00fcchtlingen aus Deutschland gem\u00e4\u00df einer wie auch immer definierten EU-Quote ab.<\/p>\n<p>Seit dem 5.9.2015 beherrschen ein \u00fcbersteigerter, geradezu infantilen Moralismus sowie eine rigorose Gesinnungsethik den \u00f6ffentlichen Diskurs und die Politik.<br \/>\n.<\/p>\n<p><strong>Der h\u00e4\u00dfliche Deutsche<\/strong><br \/>\n\u201e<em>Der h\u00e4\u00dfliche Deutsche tr\u00e4gt nicht mehr Stahlhelm und Wehrmachtsuniform.<\/em><br \/>\n<em> Er h\u00e4lt stattdessen in allen Lebenslagen eine gesinnungsethische Lektion bereit. \u201c<\/em><br \/>\nEric Gujer, Chefredakteur der \u201eNeuen Z\u00fcrcher Zeitung\u201c, in seinem Newsletter \u201eDer andere Blick\u201c am 5. Juli 2019<\/p>\n<p>&#8212;&#8212;&#8212;&#8212;&#8212;&#8212;&#8212;&#8212;&#8212;&#8212;&#8212;&#8212;&#8212;&#8212;&#8212;&#8212;&#8212;&#8212;&#8212;&#8212;&#8212;&#8212;<\/p>\n<p>.<\/p>\n<p><strong>Merkel und Gr\u00fcne: \u2026 denn sie berechnen nicht, was sie tun\u00ab<\/strong><br \/>\nDas praktische Problem der gesellschaftlichen Infantilisierung, also des real existierenden <a title=\"Naivitaet\" href=\"https:\/\/www.freiburg-schwarzwald.de\/blog\/engagement\/zukunft\/demokratie\/naivitaet\/\">Kinder-an-die-Macht<\/a>, ist bereits im Gr\u00f6nemeyer-Lied selbst enthalten: \u00bb\u2026 denn sie berechnen nicht, was sie tun\u00ab.\u00a0Politik, die das, was sie tut, nicht berechnet, f\u00fchrt zu buchst\u00e4blich unberechenbaren Folgen.<br \/>\nMerkel ist der Prototyp des kindlich stammelnden Politikers, der nicht berechnet, was er tut; ob Energiewendewende, Nichtschlie\u00dfen der Grenze oder Migrationpakt: es ist nicht nur nicht-berechnet (zumindest nicht zum Wohl des Volkes) \u2013 es ignoriert und verteufelt auch noch aktiv jene, die es gern berechnet sehen m\u00f6chten.<br \/>\nKinder glauben an den Weihnachtsmann und an die Zahnfee, Linksgr\u00fcne glauben, dass f\u00fcr Solarenergie die Sonne auch nachts scheint, dass Elektroautos die Umwelt nicht belasten, dass der Migrationspakt unverbindlich ist und dass man ganz Afrika nach Deutschland aufnehmen kann, wenn wir nur genug \u00bbpositive Energie\u00ab aufbringen.<br \/>\nDurch ihre absolute Debatten-Dominanz \u00f6ffnen <a title=\"Gruene\" href=\"https:\/\/www.freiburg-schwarzwald.de\/blog\/vereine\/partei\/gruene\/\">Linksgr\u00fcne<\/a> eine gro\u00dfe L\u00fccke im Diskursmarkt: Nicht alle B\u00fcrger sind bereit, auf dem Niveau von Kindern zu argumentieren; nicht alle Erwachsenen sind bereit, sich politisch auf von ihren Launen und Gef\u00fchlen getriebene Kinder zu reduzieren; nicht alle W\u00e4hler sind bereit, ihr Hirn am Eingang zum Wahllokal abzugeben.<br \/>\nIn einer Welt, in der kindliche Denke die Politik bestimmt (\u00bbsie berechnen nicht was sie tuuuun\u00ab), wird der Appell ans Erwachsene immer einen Markt finden \u2013 wenn auch nicht immer die Mehrheit.<br \/>\n&#8230; Alle vom 12.11.2018 von , Dushan Wegner bitte lesen auf<br \/>\n<a href=\"https:\/\/dushanwegner.com\/sie-berechnen-nicht-was-sie-tun\/\">https:\/\/dushanwegner.com\/sie-berechnen-nicht-was-sie-tun\/<\/a><\/p>\n<p>&nbsp;<\/p>\n<p><strong>Universalisierung der Moral &#8211; N\u00e4chstenliebe individuell<\/strong><br \/>\nIn der Tat musste man sich fragen, ob das christliche Gebot der Barmherzigkeit nicht dazu verpflichte, den Entrechteten und Entwurzelten Aufnahme zu gew\u00e4hren. Die Vertreter der Kirchen jedenfalls haben mehrheitlich dazu aufgerufen. Doch muss ich als Konservativer auf die notwendige Unterscheidung zwischen Politik und Moral aufmerksam machen. Sich moralisch zu verhalten, ist zuallererst Sache des verantwortlichen Subjekts. Die Bedingungen daf\u00fcr herzustellen, ist Sache der Regierung, die selber, da sie blo\u00df ein befristet zust\u00e4ndiges Kollektiv ist, kein moralisch handelndes Subjekt sein kann, sondern bestenfalls diejenige Politik zu machen imstande ist, die moralisches Handeln erm\u00f6glicht. In der Hauptsache jedoch ist eine demokratisch gew\u00e4hlte Regierung dazu da, das Allgemeinwohl so weit wie m\u00f6glich zu f\u00f6rdern sowie ihr Staatsvolk vor Unzutr\u00e4glichkeiten und Gefahren zu sch\u00fctzen. Sie ist nicht dazu da, alles Elend dieser Welt auf Kosten des Souver\u00e4ns, dem sie Rechenschaft schuldet, zu lindern. Zwar kann das eine Ziel \u2013 das innere Wohl \u2013 zuweilen nur erreicht werden, wenn man das andere Ziel \u2013 das globale Wohl \u2013 nicht aus dem Auge verliert, aber die Priorit\u00e4t des Regierungshandelns hat unzweifelhaft beim inneren Wohl zu liegen.<\/p>\n<p><strong>F\u00fcr das individuelle Verhalten gelten andere Ma\u00dfst\u00e4be.<\/strong> Als Christ bin ich zur Barmherzigkeit gegen andere verpflichtet, jedoch nur so weit, als ich sie, ohne mir selbst und den mir Anvertrauten zu schaden, aus\u00fcben kann. Meine Reichweite, gleichg\u00fctig, wie tatkr\u00e4ftig und verm\u00f6gend ich bin, ist naturgem\u00e4\u00df begrenzt. Und was das gigantische Gebot der <strong>N\u00e4chstenliebe<\/strong> betrifft, so muss ich mich fragen, wer denn, da ich ja nicht schlechthin alle lieben kann, jeweils der N\u00e4chste ist. Was das im Einzelfall bedeutet, ist wahrlich schwer zu entscheiden. Entscheiden kann es nur ich, nicht der Staat.<br \/>\n<strong>Das Problem versch\u00e4rft sich durch die Universalisierung der Moral<\/strong>. Die \u201eEntgrenzung\u201c, von der Kielmansegg spricht, betrifft ja nicht allein solche Dinge wie Freihandel oder Immigration, sondern vor allem auch meine moralische Zust\u00e4ndigkeit. Jede Plastikt\u00fcte, in die ich am Gem\u00fcsestand unbedacht meine Champignons einf\u00fclle, ist eine Gefahr f\u00fcr die Weltmeere; jedem Becher Milch, den ich sorglos trinke, sind die umweltsch\u00e4dlichen Verdauungsgase einer Kuh vorausgegangen; jeder Atemzug, den ich unbewusst tue, verschlechtert die Klimabilanz. An die Stelle des christlichen Gewissens, wo ich allein meinem Gott Rechenschaft schuldig w\u00e4re, ist das Weltgewissen getreten, dessen Kommissare niemanden davonkommen lassen.<br \/>\nVor allem aber sind die Bewohner der westlichen Zivilisation unweigerlich an nahezu allem schuldig: an Hunger und Elend, an der Klimakatastrophe, an den B\u00fcrgerkriegen der Dritten Welt, und die Stichworte dazu lauten Kolonialismus, Imperialismus, Kapitalismus. Diese Anschauung f\u00fchrt am Ende zu einer \u00dcberdehnung der Moral und schlie\u00dflich zu einer Moralisierung der Politik. Sie hat kaum mehr etwas mit dem zu tun, was einst Realpolitik hie\u00df und der Verfolgung eigener Interessen diente, sondern sie scheint einer Art Weltgewissen verpflichtet, das es aber leider de facto nicht gibt. Dieses Missverst\u00e4ndnis von Politik f\u00fchrt dann beispielsweise zu dem merkw\u00fcrdigen Ergebnis, dass junge deutsche M\u00e4nner unter hohem Risiko an der Front in Afghanistan stehen, w\u00e4hrend junge afghanische M\u00e4nner hierzulande in der Beh\u00f6rde stehen und auf die Bearbeitung ihres Asylersuchens warten.<\/p>\n<p>&#8230; Alles vom 15.5.2018 von <a title=\"Konservativismus \u2013 rechts links\" href=\"https:\/\/www.freiburg-schwarzwald.de\/blog\/konservativismus-rechts-links\/\">Ulrich Greiner<\/a> bitte lesen auf<br \/>\n<a href=\"https:\/\/www.achgut.com\/artikel\/ich_bin_ja_nicht_orsaetlich_konservativ_geworden_2\">https:\/\/www.achgut.com\/artikel\/ich_bin_ja_nicht_orsaetlich_konservativ_geworden_2<\/a><\/p>\n<p>&nbsp;<\/p>\n<p>&nbsp;<\/p>\n<p>&nbsp;<\/p>\n<p><strong>Parabel: Supermarkt und moralisierende Politik<\/strong><br \/>\nMit diesem einfachen Trick kann ich die politische Debatte reparieren!<br \/>\nAlso, hier ist mein verr\u00fcckt-einfacher Trick: Ich bringe alle Leute dazu, in der politischen Debatte dieselbe Logik und Umgangsformen anzuwenden, wie sie es im Supermarkt tun.<br \/>\n.<br \/>\n<em>Kaufen, was man bezahlen kann<\/em><br \/>\nNehmen wir an, Sie haben f\u00fcnf Euro in der Tasche und m\u00f6chten Schokolade kaufen. Eine Tafel Schokolade kostet einen Euro. Wie viele Tafeln k\u00f6nnen Sie kaufen? Richtig: F\u00fcnf Tafeln!<\/p>\n<p><em>Wenn es aber nicht um Schokolade im Supermarkt geht, sondern um Politik, dann w\u00fcrde die Logik ungef\u00e4hr so verlaufen:<\/em><br \/>\n1. Ich habe f\u00fcnf Euro.<br \/>\n2. Eine Tafel Schokolade kostet einen Euro.<br \/>\n3. Es ist moralisch geboten, dass jeder, der jetzt in der N\u00e4he des Supermarkts ist, eine Tafel Schokolade bekommt! Also nehme ich hundert Tafeln Schokolade mit.<br \/>\n4. Und wer bezahlt die Tafeln?<br \/>\n5. Wir verteilen die Schokolade jetzt sofort an jeden im Umkreis des Supermarkts. Ab morgen aber gehen wir selbst nicht mehr in den Supermarkt, verpflichten aber alle anderen, die in den Supermarkt gehen, die Schulden abzubezahlen, die heute durchs Verteilen der hundert Tafeln Schokolade aufgelaufen sind.<br \/>\n&#8230;<br \/>\nVerlangt von den Leuten so viel Verstand und Umgangsformen in der Politik, wie sie im Supermarkt an den Tag legen! Kaufe nur, was du bezahlen kannst \u2013 und niemand ist b\u00f6se, nur weil er etwas anderes kauft als du. Es w\u00e4re sch\u00f6n, wenn die Politik mehr vom Supermarkt lernen w\u00fcrde als nur immer wieder Preissteigerungen. &#8230;<br \/>\nAlles von Dushan Wegner vom 10.3.2018 bitte lesen auf<br \/>\n<a href=\"https:\/\/dushanwegner.com\/supermarkt-und-politik\/\">https:\/\/dushanwegner.com\/supermarkt-und-politik\/<\/a><br \/>\n<strong>Politiker im Supermarkt &#8211; originell<\/strong><br \/>\nIhr Vergleich ist originell und Ihr Anliegen erstrebenswert, aber es hakt an einer kleinen Stelle. Wenn ich zu Aldi gehe, m\u00f6chte ich bei Aldi einkaufen (mit meinem eigenen Geld) und akzeptiere deshalb die geschriebenen und ungeschriebenen Gepflogenheiten des Hauses.<br \/>\nIm politischen Bereich w\u00e4hle ich die von mir favorisierte Partei, bekomme aber vielleicht eine Regierung, bei der ich nur wenig oder gar nicht einkaufen m\u00f6chte! Dennoch verf\u00e4hrt diese Regierung mit unser aller Gelder wie sie will und sicherlich auch f\u00fcr einige W\u00e4hler \u2018sinnvoll\u2019. \u00dcber den Sinn der Geldausgabe bestimmt nicht ein betriebswirtschaftlich geschulter Manager von Aldi, sondern eine politische Ideologie in Form von Abgeordneten verschiedener Parteien. Da kommt Stimmung auf, \u00e4hnlich wie in der Grabeskirche zu Jerusalem, wo selbst die heiligen M\u00e4nner die Contenance verlieren, wenn es um die Glaubenshoheit geht. Ich esse jetzt erstmal ein St\u00fcck Schokolade\u2026&#8230;<br \/>\n12.3.2018, Sabine Sch\u00f6nfelder, AO<br \/>\n.<br \/>\nEine wunderbare Parabel. Leider ist aber davon auszugehen, dass jene, f\u00fcr die sie geschrieben ist, sie gar nicht verstehen werden. &#8230;<br \/>\nHerrlich! Auf den Vergleich muss man erst mal kommen. Allerdings m\u00fcssen wir wohl die Hoffnung aufgeben, dass die Umgangsformen der Politik in absehbarer Zeit das Niveau des Verhaltens im Supermarkt erreichen werden. Leider!!<br \/>\nMaja Schneider, AO<\/p>\n<p>.<\/p>\n<p><strong>Bassam Tibi: Gesinnungs- statt Verantwortungsethik<\/strong><br \/>\nDie Diskussion dar\u00fcber, ob die Fl\u00fcchtlinge gut oder schlecht f\u00fcr Deutschland seien, wird vorwiegend gesinnungsethisch, nicht verantwortungsethisch gef\u00fchrt. Zur Verantwortungsethik geh\u00f6ren nach dem Soziologen Max Weber drei Qualit\u00e4ten: 1. Verantwortungsgef\u00fchl, 2. Augenma\u00df, 3. Leidenschaft im Sinne von Sachlichkeit. Dagegen beruhe Gesinnungsethik nach Weber auf der \u201eRomantik des intellektuell Interessanten\u201c, die \u201eirrationale Taten\u201c hervorruft, deren Urheber die \u201eethische Irrationalit\u00e4t der Welt nicht ertragen\u201c. Zur Gesinnungsethik geh\u00f6rt auch ein Moralisieren, das die Welt in \u201eGutes und B\u00f6ses\u201c zweiteilt, nach der Logik, dass \u201eaus Gutem nur Gutes, aus B\u00f6sem nur B\u00f6ses\u201c kommen k\u00f6nne.<br \/>\nDiese Denkweise dominiert offenbar nicht nur das Denken der Kanzlerin, sondern auch jenes von Herfried M\u00fcnkler und dessen Frau Marina, die einen \u201eKatechismus\u201c unter dem Titel \u201eDie neuen Deutschen\u201c als \u201eApologie auf die Regierung Merkel\u201c verfasst haben, wie der European schrieb. In ihrem Buch blenden die M\u00fcnklers den Unterschied zwischen Einwanderung und Zuwanderung komplett aus. Zudem werten sie die Fl\u00fcchtlinge auf zu \u201eneuen Deutschen\u201c oder als Gesinnungsethiker der Willkommenskultur zu \u201eneuen B\u00fcrgern\u201c, obwohl sie das Land ohne jede rechtliche Bestimmung in der Regel illegal betreten haben&#8230;&#8230;<br \/>\nAlles von Bassam Tibi: &#8222;Humanit\u00e4re Politik ist keine Einwanderungspolitik&#8220; vom 23.10.2016 bitte lesen auf<br \/>\n<a href=\"https:\/\/www.cicero.de\/berliner-republik\/Migration-humanitaere-politik-ist-keine-einwanderungspolitik\">https:\/\/www.cicero.de\/berliner-republik\/Migration-humanitaere-politik-ist-keine-einwanderungspolitik<br \/>\n<\/a>\u00a0 .<br \/>\n<a title=\"Leitkultur\" href=\"https:\/\/www.freiburg-schwarzwald.de\/blog\/kultur\/leitkultur\/\">Bassam Tibi<\/a> pl\u00e4diert f\u00fcr eine gesteuerte Einwanderung. Die Aufnahme in die Sozialsysteme muss an Bedingungen gekn\u00fcpft sein, sonst ist die innere Sicherheit in Gefahr. Buch:<br \/>\n<em>Bassam Tibi: Europa ohne Identit\u00e4t? Europ\u00e4isierung oder Islamisierung, <\/em><br \/>\n<em>ibidem-Verlag, 522 Seiten, Oktober 2016, 19.90 Euro.<\/em><\/p>\n<p>&nbsp;<\/p>\n<p><strong>Gesinnungsethik von Merkel ist nur aufgesetzt<\/strong><br \/>\nDer Multikulturalismus, die Willkommenskultur, die \u201eSehnsucht\u201c nach mehr Vielfalt, von der die Kanzlerin spricht, sind lediglich Instrumente zum Zwecke der Aufl\u00f6sung des Nationalstaats in einer europ\u00e4ischen Superstruktur. &#8230;. Diese Gesinnungsethik ist aufgesetzt, nicht mal Romantik, nur egoistische Interessen \u2013 unlegitimierte Ziele. &#8230;<br \/>\nAlles von Barbara K\u00f6ster vom 20.10.2016 bitte lesen auf<br \/>\n<a href=\"https:\/\/www.tichyseinblick.de\/gastbeitrag\/merkel-und-die-nation\/\">https:\/\/www.tichyseinblick.de\/gastbeitrag\/merkel-und-die-nation\/<\/a><br \/>\n.<\/p>\n<p><strong>Frieden erzeugen<\/strong><br \/>\nMerkel ist Anh\u00e4ngerin der neuen NWO-Ideologie (Neue Welt Ordnung, New World Order), wonach man &#8222;Frieden erzeugen kann und alle Kriege weltweit abschaffen&#8220; kann, indem man weltweit alle V\u00f6lker multikulti-technisch durchmischt und so eine Art Welteinheitsvolk macht.<br \/>\nIch bin \u00fcberzeugt, da\u00df sie denkt, da\u00df das deutsche Volk es &#8222;irgendwann schon einsehen wird&#8220; da\u00df das richtig ist, darum wird sie beharrlich dabei bleiben und es aussitzen versuchen. Diese neue NWO Ideologie wird haupts\u00e4chlich sozilinksgr\u00fcnseitig vertreten.<br \/>\nEs ist eine neue Ideologie der totalen Gleichheit, die dem Christentum diametral entgegenl\u00e4uft, dort sind unterschiedliche Kulturen und wechselseitige Achtung von Ungleichheit, zugleich jedes an seinem eigenen Platz, das Prinzip. Also nicht alles GLEICH machen, sondern alles Unterschiedliche pflegen und besch\u00fctzen, wobei dennoch jedes Einzelne, jedes Volk, jede Kultur, gleichWERTIG ist.<br \/>\nDas Volk wei\u00df es nur nicht, da\u00df sein instinktiver &#8222;Widerstand aus dem Bauch raus&#8220; von seinen letzten Resten an &#8222;Christenwerten&#8220; herkommt.<br \/>\n30.1.2016, Ottokar<\/p>\n<p><strong>N\u00e4chstenliebe<\/strong><br \/>\nIch sehe es genauso! Darin liegt jedoch auch die Chance einer grundlegenden Erneuerung des Christentums im Sinne der von Papst Franziskus geforderten Besinnung auf die christliche N\u00e4chstenliebe (einschl. Selbstliebe \/ Selbsterhaltung) und Verantwortung f\u00fcr die Gesellschaft als Ganzes. In dieser wird der Wert des einzigartigen menschlichen Individuums und sein Recht auf ein w\u00fcrdiges Leben betont. Ohne diese Werte wird jedes Glaubens-, Herrschafts- und Gesellschaftsystem herzlos, gef\u00e4hrlich und brutal mit den Folgen Ausbeutung, Unterdr\u00fcckung, Entmenschlichung und Kriege.<br \/>\nDer Papst spricht sich f\u00fcr umfangreiche Hilfen und Beratung zum Aufbau einer Infrastruktur in den Entwicklungsl\u00e4ndern als Hilfe zur Selbsthilfe aus, die es den dort lebenden Menschen erm\u00f6glicht, f\u00fcr ihren Lebensunterhalt zu sorgen. Das w\u00fcrde einem Exodus aus diesen L\u00e4ndern entgegenwirken.<br \/>\nDem stehen die unter Regie der USA gef\u00fchrten, geheim gehaltenen TTipp-, Ceta-Verhandlungen entgegen, die zu einer Ausbeutung der Ressourcen der Entwicklungsl\u00e4nder unter Hinterlassenschaft einer gigantischen Umweltverschmutzung und zum Abwandern gro\u00dfer Teile der Bev\u00f6lkerung f\u00fchren.<br \/>\n301.2016, Hans J\u00fcrgen Haubt<br \/>\n.<\/p>\n<div class=\"field field-name-comment-body field-type-text-long field-label-hidden\">\n<div class=\"field-items\">\n<div class=\"field-item even\">\n<p><strong>Fl\u00fcchtlinge &#8211; Begriff zur moralischen Erpressung der Deutschen<\/strong><br \/>\nDas Wort Fl\u00fcchtlinge, das alle Grenzen zwischen Wirtschaftsfl\u00fcchtlingen, Asylbewerbern, Illegalen und bewusst Kriminellen, ja sogar m\u00f6gliche Terroristen, verwischt hat,\u00a0ist die politische Absicht der Merkelregierung gewesen. Nur so konnte sie die menschlichen Instinkt der Vorsicht vor dem Fremden, die dem Selbstschutz dienen, ausschalten und ein Heer an freiwilligen Helfenden rekrutieren.<br \/>\nAn dieser grandiosen Massenmanipulation haben alle Medien volle Kanne mitgemacht.<br \/>\nAlle differenzierenden warnenden Stimmen sind mit bekannten Methoden zum Schweigen gebracht worden von Merkel, Gauck und Co.<br \/>\nMit dem Bild des ertrunkenen Jungen im Kopf aber mit verbundenen Augen und lahmgelegten Sinnen wurde so ein Heer freiwillig zum &#8222;Arbeitsdienst&#8220; rekrutiert, sorry! An dieser Stelle muss man Ross und Reiter nennen. Es war Merkels Kalk\u00fcl in der Fl\u00fcchtlingskrise. Sie hat die Schw\u00e4che der Deutschen, n\u00e4mlich die moralische Erpressbarkeit bewusst geschickt genutzt.<br \/>\n13.1.2016, Lilo Start<\/p>\n<\/div>\n<\/div>\n<\/div>\n<p>&nbsp;<\/p>\n<p><strong>Neuwahlen und eine Volksabstimmung w\u00e4ren Wegweiser aus der Krise<\/strong><br \/>\nDie deutsche Gesellschaft ist in der <a title=\"Migration-Zahlen\" href=\"https:\/\/www.freiburg-schwarzwald.de\/blog\/global\/migration\/migration-zahlen\/\">Fl\u00fcchtlingsfrage<\/a> kompromisslos und unvers\u00f6hnlich in zwei Lager gespalten. Es gibt Gutmenschen und Realisten, Optimisten und Pessimisten, Gesinnungsethiker und Verantwortungsethiker. Letztendlich stehen sich Mehrheit und Minderheit der Deutschen gegen\u00fcber. <a title=\"Neuwahlen\" href=\"https:\/\/www.freiburg-schwarzwald.de\/blog\/engagement\/zukunft\/demokratie\/neuwahlen\/\">Neuwahlen<\/a> und eine Volksabstimmung w\u00e4ren Wegweiser aus der Krise. Da die hilflos agierenden f\u00fchrenden Politiker auf Neuwahlen oder auf eine Volksabstimmung angesichts der nicht enden wollenden, unkontrollierten Einwanderungsstr\u00f6me verzichten, l\u00e4sst sich der Status einer demokratischen Mehrheit nur \u00fcber Meinungsumfragen ermitteln. Den Politikern sind demokratische Wahlen einfach zu populistisch.<br \/>\nDie krisenhafte Zuwanderung nach Deutschland ist durch eine Gesinnungsethik mitverursacht, die unsere Partnerl\u00e4nder in der EU nicht nachvollziehen k\u00f6nnen. Wir erwarten von anderen EU-L\u00e4ndern, dass sie denselben Vorstellungen huldigen wie wir Deutschen. M\u00f6gen jetzt die anderen europ\u00e4ischen Regierungen die Bundeskanzlerin und das deutsche Gutmenschentum bel\u00e4cheln, aber diese Krise in der Mitte Europas wird langfristig kaum ohne Auswirkungen auf das gesamte Europa bleiben.<br \/>\nDas Hauptproblem der Zuwanderung besteht aus der gro\u00dfen Zahl von Menschen, die keine individuelle W\u00fcrdigung des Einzelfalls mehr m\u00f6glich macht, sondern jenseits aller politischen Korrektheit Vergleiche mit einer Lawine nach sich zieht. Nun f\u00e4llt es selbst einem wohlwollenden Betrachter schwer, den auf eine Million Menschen anwachsenden V\u00f6lkerwanderungszug in entsprechend viele Einzelschicksale zu zerlegen. Man kann kaum bestreiten, dass jeder in Deutschland angekommene Fl\u00fcchtling aus einem fremden Kulturkreis unbeabsichtigt ein Qu\u00e4ntchen zur Destabilisierung seines Gastlandes beitr\u00e4gt.<\/p>\n<p>Die Gesinnungsethiker haben es einfach, den unbegrenzten Zuzug von Fl\u00fcchtlingen zu propagieren. Mit hoher Wahrscheinlichkeit stehen sie auf dem Wohnungs- und Arbeitsmarkt nicht in Konkurrenz zu den Neuank\u00f6mmlingen. Schon der gesunde Menschenverstand muss uns sagen, dass in einem dichtbesiedelten Mitteleuropa ein unbegrenzter Zuzug aus einem islamisch dominierten G\u00fcrtel zwischen dem Kongo und Afghanistan nicht m\u00f6glich ist. Viele B\u00fcrger erschrecken nicht nur vor der Anzahl der Einwanderer, sondern vor der Tatsache, dass keine Ende der V\u00f6lkerwanderung in Sicht ist.<br \/>\nBeide Lager vereinnahmen den Pariser Terrorakt f\u00fcr ihre Zwecke. Die Gutmenschen weisen darauf hin, dass die Einwanderer vor dem IS-Terror geflohen sind, der sich in Paris gezeigt habe. Andererseits stellte sich heraus, dass zwei der Attent\u00e4ter als registrierte Fl\u00fcchtlinge die Balkanroute bei ihrem Weg nach Paris gew\u00e4hlt hatten. Auch vor diesem Hintergrund hat die Mehrheit der deutschen Bev\u00f6lkerung wenig Vertrauen gegen\u00fcber der Massenzuwanderung \u00fcber den Balkan.<br \/>\n<span class=\"ngBriefAutor\">16.12.2015, Manfred Rau, L\u00f6rrach<\/span><\/p>\n<p>&nbsp;<\/p>\n<p><strong>Wenn man Fl\u00fcchtlinge im Land nicht haben m\u00f6chte, dann hat es nichts mit rechter Gesinnung zu tun<br \/>\n<\/strong>Manche Menschen haben einfach Bedenken, was Sicherheit und Identit\u00e4t des Landes angeht. Man kann wohl kaum abstreiten, dass sich Deutschland seit den 60er Jahren kulturell komplett ver\u00e4ndert hat. Damals kam ein gro\u00dfer Strom mit Gastarbeitern nach Deutschland. Dieses Jahr kam ein noch gr\u00f6\u00dferer Strom mit Fl\u00fcchtlingen. Man kann sich vorstellen, wie viel deutsche Mentalit\u00e4t noch \u00fcbrigbleibt nach einigen Jahren. Deutschland ist ein Land ohne Identit\u00e4t. Unsere Politiker haben den Fehler gemacht den hilfesuchenden Menschen hier in Deutschland zu helfen, anstatt in dem Heimatland der Menschen. Da w\u00e4re die Hilfe schneller und effektiver gewesen. So ist es leider ein Nachteil f\u00fcr beide Parteien. F\u00fcr die Fl\u00fcchtlinge, weil sie einen Kulturschock haben, den sie \u00fcberwinden m\u00fcssen und weil sie mit Akzeptanz k\u00e4mpfen m\u00fcssen. F\u00fcr die Deutschen, weil sie mit einer neuen Kultur klar kommen m\u00fcssen, ihre eigene Kultur immer mehr aufgeben m\u00fcssen und dazu von der eigenen Regierung auch noch benachteiligt werden.<br \/>\n22.12.2015, Xander<\/p>\n<p><strong>Gesinnungsethik in den deutschen Medien auch nach Paris 13.11.2015<\/strong><br \/>\n<em>Nach <a title=\"Paris13nov2015\" href=\"https:\/\/www.freiburg-schwarzwald.de\/blog\/engagement\/zukunft\/demokratie\/paris13nov2015\/\">Paris 13.11<\/a>.: Muslime weisen die im Namen ihrer Religion begangenen Gewalttaten entsetzt von sich \u2013 aber das allein gen\u00fcgt nicht. Die Sozialwissenschafterin Necla Kelek fordert ein zeitgem\u00e4sses Glaubensverst\u00e4ndnis.<\/em><br \/>\n&#8230;..<br \/>\nEs herrscht in den Medien und in der Politik eine Gesinnungsethik, die einerseits dem eigenen Volk nicht \u00fcber den Weg traut, anderseits aber von Fremden, die nie auch nur die Spur von religi\u00f6ser Freiheit erlebt haben, die Heilung des eigenen Schuldgef\u00fchls erwartet. Selbstredend ist man gegen den Terror-Islam des IS. Aber praktisch etwas dagegen zu tun, ist nicht angesagt. Im Kern vollzieht die intellektuelle \u00d6ffentlichkeit f\u00fcr mich nur das, was Michel Houellebecq in seinem Roman mit \u00abUnterwerfung\u00bb beschrieben hat. &#8230;.<br \/>\nDer Islam kann nur zur Religion werden, wenn er sich s\u00e4kularisiert. Wenn er den Glauben nicht zur Machtfrage missbraucht. Es m\u00fcssten Moscheen entstehen, in denen M\u00e4nner und Frauen, das heisst Kernfamilien, gemeinsam beten k\u00f6nnten und die Frauen nicht weggesperrt w\u00fcrden. Die Moscheen haben oder h\u00e4tten die Pflicht, ihre Religion als Teil einer Zivilgesellschaft zu leben. Solange Moscheen den jungen M\u00e4nnern die vertikale Trennung der Gesellschaft in M\u00e4nner und Frauen vorleben, die Gesellschaft in Gl\u00e4ubige und Ungl\u00e4ubige teilen, verweigern sie sich einer B\u00fcrgergesellschaft. Die Muslime m\u00fcssen diese Glaubens-Revolution selber machen. Und sich und ihren Glauben von den Ideologen, Vorbetern und Funktion\u00e4ren befreien. Sie m\u00fcssen sich darum k\u00fcmmern, was in ihrem Namen in den Moscheen passiert. Die europ\u00e4ische Gesellschaft kann und muss dies erwarten k\u00f6nnen, so wie sie sich selbst eine Aufarbeitung der Diktatur auferlegt hat. &#8230;.. Die Muslime m\u00fcssen jetzt beweisen, dass sie friedlich sind. Es besteht kein Generalverdacht gegen die Muslime, aber die Unschuldsvermutung gilt auch nicht mehr.<br \/>\nAlles zu &#8222;Gewalt oder Reform&#8220; von Nekla Kelek vom 17.11.2015 bitte lesen auf<br \/>\n<a href=\"https:\/\/www.nzz.ch\/feuilleton\/der-islam-gewalt-oder-reform-1.18647391\">https:\/\/www.nzz.ch\/feuilleton\/der-islam-gewalt-oder-reform-1.18647391<\/a><\/p>\n","protected":false},"excerpt":{"rendered":"<p>Home &gt;Engagement &gt;Buergerbeteiligung &gt;Zukunft &gt;Demokratie &gt;Gesinnungsethik Fl\u00fcchtlingswohnheim FR-Littenweiler H\u00f6llentalstrasse am 3.11.2015 &#8211; Wand am Kranhaken Listenauswahl eines Beitrags: Bitte anklicken oder runterscrollen Beratungskompass Verschw\u00f6rungsdenken\u00a0(10.3.2025) Linker Extremismus: Gesinnungs- statt Verantwortungsethik (17.9.2021) Moralisieren \u2013 Argumentieren\u00a0(29.5.2021) Der politische Moralismus in der Klima- und &hellip; <a href=\"https:\/\/www.freiburg-schwarzwald.de\/blog\/engagement\/zukunft\/demokratie\/gesinnungsethik\/\">Weiterlesen <span class=\"meta-nav\">&rarr;<\/span><\/a><\/p>\n","protected":false},"author":2,"featured_media":0,"parent":21084,"menu_order":0,"comment_status":"open","ping_status":"closed","template":"","meta":{"footnotes":""},"class_list":["post-58015","page","type-page","status-publish","hentry"],"_links":{"self":[{"href":"https:\/\/www.freiburg-schwarzwald.de\/blog\/wp-json\/wp\/v2\/pages\/58015","targetHints":{"allow":["GET"]}}],"collection":[{"href":"https:\/\/www.freiburg-schwarzwald.de\/blog\/wp-json\/wp\/v2\/pages"}],"about":[{"href":"https:\/\/www.freiburg-schwarzwald.de\/blog\/wp-json\/wp\/v2\/types\/page"}],"author":[{"embeddable":true,"href":"https:\/\/www.freiburg-schwarzwald.de\/blog\/wp-json\/wp\/v2\/users\/2"}],"replies":[{"embeddable":true,"href":"https:\/\/www.freiburg-schwarzwald.de\/blog\/wp-json\/wp\/v2\/comments?post=58015"}],"version-history":[{"count":5,"href":"https:\/\/www.freiburg-schwarzwald.de\/blog\/wp-json\/wp\/v2\/pages\/58015\/revisions"}],"predecessor-version":[{"id":131582,"href":"https:\/\/www.freiburg-schwarzwald.de\/blog\/wp-json\/wp\/v2\/pages\/58015\/revisions\/131582"}],"up":[{"embeddable":true,"href":"https:\/\/www.freiburg-schwarzwald.de\/blog\/wp-json\/wp\/v2\/pages\/21084"}],"wp:attachment":[{"href":"https:\/\/www.freiburg-schwarzwald.de\/blog\/wp-json\/wp\/v2\/media?parent=58015"}],"curies":[{"name":"wp","href":"https:\/\/api.w.org\/{rel}","templated":true}]}}