{"id":57900,"date":"2015-12-09T20:36:06","date_gmt":"2015-12-09T19:36:06","guid":{"rendered":"https:\/\/www.freiburg-schwarzwald.de\/blog\/?page_id=57900"},"modified":"2026-06-16T12:49:50","modified_gmt":"2026-06-16T10:49:50","slug":"is","status":"publish","type":"page","link":"https:\/\/www.freiburg-schwarzwald.de\/blog\/religion\/islam\/is\/","title":{"rendered":"IS"},"content":{"rendered":"<p><a href=\"https:\/\/freiburg-schwarzwald.de\/blog\">Home<\/a> &gt;<a title=\"Religion\" href=\"https:\/\/www.freiburg-schwarzwald.de\/blog\/religion\/\">Religion<\/a> &gt;<a title=\"Islam\" href=\"https:\/\/www.freiburg-schwarzwald.de\/blog\/religion\/islam\/\">Islam<\/a> &gt;IS<\/p>\n<div id=\"attachment_57869\" style=\"width: 649px\" class=\"wp-caption alignnone\"><a href=\"https:\/\/www.freiburg-schwarzwald.de\/blog\/religion\/islam\/moscheen\/teneriffa3gomera-pan151205\/\" rel=\"attachment wp-att-57869\"><img loading=\"lazy\" decoding=\"async\" aria-describedby=\"caption-attachment-57869\" class=\"size-full wp-image-57869\" src=\"https:\/\/www.freiburg-schwarzwald.de\/blog\/wp-content\/uploads\/2015\/12\/teneriffa3gomera-pan151205.jpg\" alt=\"Blick \u00fcbers Meer auf La Gomera am 5.12.2015\" width=\"639\" height=\"234\" srcset=\"https:\/\/www.freiburg-schwarzwald.de\/blog\/wp-content\/uploads\/2015\/12\/teneriffa3gomera-pan151205.jpg 639w, https:\/\/www.freiburg-schwarzwald.de\/blog\/wp-content\/uploads\/2015\/12\/teneriffa3gomera-pan151205-180x65.jpg 180w\" sizes=\"auto, (max-width: 639px) 100vw, 639px\" \/><\/a><p id=\"caption-attachment-57869\" class=\"wp-caption-text\">Blick \u00fcbers Meer auf La Gomera am 5.12.2015<\/p><\/div>\n<ul>\n<li><a href=\"https:\/\/www.freiburg-schwarzwald.de\/blog\/fussball-und-religion-trennung\/\">Fu\u00dfball und Religion: Trennung<\/a>\u00a0(16.6.2026)<\/li>\n<li><a href=\"https:\/\/www.freiburg-schwarzwald.de\/blog\/sydney-oerr-charlie-kirk\/\">Sydney \u2013 \u00d6RR \u2013 Charlie Kirk<\/a>\u00a0(17.12.2025)<\/li>\n<li><a href=\"https:\/\/www.freiburg-schwarzwald.de\/blog\/australien-chanukka-is-terror\/\">Australien Chanukka: IS-Terror<\/a>\u00a0(14.12.2025)<\/li>\n<li><a href=\"https:\/\/www.freiburg-schwarzwald.de\/blog\/religion\/islam\/islam-terror\/\">Ayaan Hirsi Ali warnt vor Wokeismus und Islamismus<\/a>\u00a0(18.11.2022)<\/li>\n<li><a href=\"https:\/\/www.freiburg-schwarzwald.de\/blog\/global\/waffen\/drohnen\/\">Staat\u00adli\u00adcher Mord: US-Drohne t\u00f6tet al-Sawahiris in Pakistan<\/a>\u00a0(2.8.2022)<\/li>\n<li><a href=\"https:\/\/www.freiburg-schwarzwald.de\/blog\/9-11-20-jahre-weiterhin-terror\/\">9\/11 \u2013 20 Jahre weiterhin Terror<\/a>\u00a0(11.9.2021)<\/li>\n<li><a href=\"https:\/\/www.freiburg-schwarzwald.de\/blog\/religion\/islam\/terror\/\">Wie islamisch ist der Terrorismus?<\/a>\u00a0(6.8.2021)<\/li>\n<li><a href=\"https:\/\/www.freiburg-schwarzwald.de\/blog\/religion\/islam\/islamismus\/\">Al-Aqsa-Moschee: Terrorisierung von Feinden des Islam ist erlaubt<\/a>\u00a0(4.11.2020)<\/li>\n<li><a href=\"http:\/\/wien\/\">Merkel: \u201eDer islamistische Terror ist unser gemeinsamer Feind\u201c<\/a>\u00a0(3.11.2020)<\/li>\n<li><a href=\"https:\/\/www.freiburg-schwarzwald.de\/blog\/engagement\/zukunft\/demokratie\/dresden-messermord04-10-2020\/\">LSVD: Islamistischer Angriff auf schwules Paar in Dresden<\/a>\u00a0(30.10.2020)<\/li>\n<li><a title=\"Gute deutsche Aussenpolitik\" href=\"https:\/\/www.freiburg-schwarzwald.de\/blog\/gute-deutsche-aussenpolitik\/\">Gute deutsche Aussenpolitik<\/a>\u00a0(1.3.2020)<\/li>\n<li><a title=\"Establishment\" href=\"https:\/\/www.freiburg-schwarzwald.de\/blog\/global\/deutschland\/gesellschaft\/establishment\/\">Establishment hat keine Angst vor AfD, wohl aber vor Islam und Clan-Wesen<\/a>\u00a0(14.2.2020)<\/li>\n<li>Islamisten drohen damit, Rom zu erobern \u2013 VIDEO (20.1.2020)<\/li>\n<li><a href=\"https:\/\/www.freiburg-schwarzwald.de\/blog\/is\">Youtube l\u00f6scht Kanal von Hamed Abdel-Samad<\/a> (19.6.2019)<\/li>\n<li>Islamismus als Jungm\u00e4nnerbewegung (28.6.2016)<\/li>\n<li>Muslime m\u00fcssen sich zum IS erkl\u00e4ren (21.3.2016)<\/li>\n<li>IS exportiert weniger Terror zu uns als umgekehrt (31.12.2015)<\/li>\n<li>IS &#8211; die vierte Vertreibung der Christen aus Nahost (17.12.2015)<\/li>\n<li>Deutschlands Luftkrieg gegen den IS in Syrien &#8211; der falsche Krieg (5.12.2015)<\/li>\n<li><a href=\"https:\/\/www.freiburg-schwarzwald.de\/blog\/syrien-afghanistan-zwei-kriege\/\">https:\/\/www.freiburg-schwarzwald.de\/blog\/syrien-afghanistan-zwei-kriege\/<\/a>\u00a0(4.12.2015)<\/li>\n<li><\/li>\n<li><a title=\"Abdel-Samad\" href=\"https:\/\/www.freiburg-schwarzwald.de\/blog\/religion\/islam\/abdel-samad\/\">Abdel-Samad<\/a><\/li>\n<li><a title=\"Berlin19dez2016\" href=\"https:\/\/www.freiburg-schwarzwald.de\/blog\/engagement\/zukunft\/demokratie\/berlin19dez2016\/\">Berlin19dez2016<\/a><\/li>\n<li><a href=\"http:\/\/dr\">Dresden-Messermord04-10-2020<\/a><\/li>\n<li><a href=\"https:\/\/www.freiburg-schwarzwald.de\/blog\/global\/waffen\/drohnen\/\">Drohnen<\/a><\/li>\n<li><a title=\"Gewalt\" href=\"https:\/\/www.freiburg-schwarzwald.de\/blog\/selbsthilfe\/krise\/gewalt\/\">Gewalt<\/a><\/li>\n<li><a href=\"https:\/\/www.freiburg-schwarzwald.de\/blog\/religion\/islam\/islamismus\/\">Islamismus<\/a><\/li>\n<li><a title=\"Krieg\" href=\"https:\/\/www.freiburg-schwarzwald.de\/blog\/engagement\/zukunft\/krieg\/\">Krieg<\/a><\/li>\n<li><a title=\"Saudi-Arabien\" href=\"https:\/\/www.freiburg-schwarzwald.de\/blog\/global\/saudi-arabien\/\">Saudi-Arabien<\/a><\/li>\n<li><a title=\"Syrien\" href=\"https:\/\/www.freiburg-schwarzwald.de\/blog\/global\/syrien\/\">Syrien<\/a><\/li>\n<li><a href=\"https:\/\/www.freiburg-schwarzwald.de\/blog\/global\/oesterreich\/wien-islamisten2-11-2020\/\">Wien-Islamisten2-11-2020<\/a><\/li>\n<\/ul>\n<p>&nbsp;<\/p>\n<p><strong>Islamisten drohen damit, Rom zu erobern \u2013 VIDEO<\/strong><br \/>\n\u201eAllah hat uns ein Kalifat versprochen. Dieses Kalifat wird seine Macht festigen und demn\u00e4chst auch Rom erobern. Dies ist nur eine Frage der Zeit. Allahu Akbar\u201c. Es sind diese Worte, mit denen der pal\u00e4stinensische Prediger Nidhal \u201eAbu Ibrahim\u201c Siam unl\u00e4ngst eine gro\u00dfe Menge von Islamisten vor der Al-Aqsa-Moschee in <a title=\"Jerusalem\" href=\"https:\/\/www.freiburg-schwarzwald.de\/blog\/religion\/jerusalem\/\">Jerusalem<\/a> angestachelt hat. Die Worte des Predigers wird von vielen als Warnung verstanden.<br \/>\nIn seiner Predigt droht der Islamist zudem damit, dass sich die drei Prophezeiungen bald erf\u00fcllen werden. Was bedeuten w\u00fcrde, dass Rom in naher Zukunft zu einem islamischen Kalifat werden soll.<br \/>\nDas umstrittene Video wurde (am 19.1.2020 in Jerusalem) anl\u00e4sslich des Jahrestags der t\u00fcrkischen Eroberung Konstantinopels (heute Istanbul) im Jahr 1453 von der Hizb ut-Tahrir-Bewegung Veranstaltung aufgezeichnet.<br \/>\nAl-Aqsa Mosque Address: We Will Soon Establish the Caliphate, Liberate Jerusalem and Conquer Rome &#8211; Video:<br \/>\n<a href=\"https:\/\/twitter.com\/i\/status\/1218840326334558208\">https:\/\/twitter.com\/i\/status\/1218840326334558208<\/a><br \/>\n.<br \/>\n&#8230; Alles vom 19.1.2020 bitte lesen auf<br \/>\n<a href=\"https:\/\/www.unsertirol24.com\/2020\/01\/19\/islamisten-drohen-damit-rom-zu-erobern-video\/\">https:\/\/www.unsertirol24.com\/2020\/01\/19\/islamisten-drohen-damit-rom-zu-erobern-video\/<\/a><\/p>\n<p>&nbsp;<\/p>\n<p><strong>Youtube l\u00f6scht Kanal von Hamed Abdel-Samad<\/strong><br \/>\nIslamkritik ist inzwischen ein verfestigtes Tabu in Deutschland, \u00fcber das m\u00f6glichst nicht gesprochen werden darf. Gerade hat <a title=\"Abdel-Samad\" href=\"https:\/\/www.freiburg-schwarzwald.de\/blog\/religion\/islam\/abdel-samad\/\">Hamed Abdel-Samad<\/a> erstmals trotz des islamistischen Widerstands an einer <a title=\"Hochschulen-Freiheit\" href=\"https:\/\/www.freiburg-schwarzwald.de\/blog\/bildung\/hochschulen-freiheit\/\">deutschen Universit\u00e4t<\/a> geredet, um \u00fcber Islamkritik zu sprechen. Eine Premiere, denn l\u00e4ngst haben sich Islamisten riesige rechtsfreie R\u00e4ume in Deutschland erk\u00e4mpft, von denen aus sie Kritiker mit dem Tod bedrohen. Der Rechtsstaat wie die \u00d6ffentlichkeit und gro\u00dfe Teile der Wissenschaft haben davor <a title=\"Appeasement\" href=\"https:\/\/www.freiburg-schwarzwald.de\/blog\/kultur\/medien\/appeasement\/\">weitgehend resigniert<\/a>, sehen dem Treiben tatenlos und ohne Widerstand zu. Und nun wurde sein Kanal auf <a title=\"Youtube\" href=\"https:\/\/www.freiburg-schwarzwald.de\/blog\/kultur\/medien\/youtube\/\">YouTube<\/a> <a title=\"Zensur\" href=\"https:\/\/www.freiburg-schwarzwald.de\/blog\/kultur\/medien\/zensur\/\">gesperrt<\/a>. Er schreibt dazu:<br \/>\n.<br \/>\n<em>\u201eBravo, YouTube! Islamisten wollen mich umbringen, um mich zum Schweigen zu bringen, und YouTube erf\u00fcllt Ihnen den Wunsch! Mein YouTube-Kanal Hamed.TV wurde heute von YouTube gel\u00f6scht, ohne Vorwarnung. In diesem Kanal richte ich mich haupts\u00e4chlich an Muslime in der arabischen Welt. Ich diskutiere darin mit gl\u00e4ubigen Muslimen, mit s\u00e4kularen Stimmen und mit Atheisten \u00fcber die Probleme der islamischen Welt.<br \/>\nIn diesem Kanal ver\u00f6ffentlichte ich letztes Jahr ein Appell an junge Muslime, und warnte sie darin vor der terroristischen Propaganda des IS. Mein Kanal hat \u00fcber 120.000 Abonnenten und \u00fcber 25 Millionen Klicks. Aber das interessiert YouTube nicht.<br \/>\nDas soziale Netzwerk l\u00e4sst s\u00e4mtliche islamistische Kan\u00e4le laufen, die f\u00fcr Hass und Gewalt aufrufen, bringt aber st\u00e4ndig kritische Stimmen zum Schweigen und unterst\u00fctzt somit den medialen Dschihad, den die Islamisten weltweit betreiben! Wo soll das hinf\u00fchren? Wollen wir das einfach hinnehmen?<\/em><br \/>\n<em>An alle meine Freunde, BITTE, teilt diesen Kommentar so oft, bis YouTube davon erf\u00e4hrt, und zeigt YouTube, dass wir die Meinungsfreiheit ernst nehmen!\u201c<\/em><br \/>\n.<br \/>\nKlar und deutlich sagt er: <em>\u201eDie Politik will uns nicht. Die Wirtschaft will uns nicht\u201c<\/em>. F\u00fcr die seien die Islamkritiker blo\u00df \u201eSt\u00f6renfriede\u201c. Deutschlands Partner wie <a title=\"Saudi-Arabien\" href=\"https:\/\/www.freiburg-schwarzwald.de\/blog\/global\/saudi-arabien\/\">Saudi-Arabien<\/a>, Katar und Iran m\u00f6chte man nicht ver\u00e4rgern und schon gar nicht die Gesch\u00e4fte mit ihnen gef\u00e4hrden. Dabei seien gerade diese L\u00e4nder gef\u00e4hrlich, weil sie ganze Zentren in Deutschland finanzieren und ihre bezahlten Lobbyisten Einflu\u00df auf Politik und Medien aus\u00fcben.<br \/>\n&#8230; Alles vom 19.6.2019 bitte lesen auf<br \/>\n<a href=\"https:\/\/www.tichyseinblick.de\/daili-es-sentials\/youtube-loescht-kanal-von-hamed-abdel-samad\/\">https:\/\/www.tichyseinblick.de\/daili-es-sentials\/youtube-loescht-kanal-von-hamed-abdel-samad\/<br \/>\n<\/a>\u00a0.<br \/>\n<strong>Ev. Kirchentag in Dortmund<\/strong><br \/>\nWenn man sich die Aufnahmen vom evangelischen Kirchentag in ARD, oder ZDF ansieht, kann k\u00f6nnte man durchaus auf den Gedanken kommen, entweder auf einer muslimischen Veranstaltung zu sein, oder einer gr\u00fcnen Parteivorfeldorganisation: alles GR\u00dcN<br \/>\n19.6.019, KV, TO<br \/>\n.<br \/>\nDerzeit werden viele Kan\u00e4le von YouTube gel\u00f6scht. Vor allem auch solche die sich kritisch mit dem anthropogenen Klimawandel auseinandersetzen. Ausschliesslich landet der Vorwurf, Urheberrechtsverletzung. Ich kann nicht sagen das mich dies \u00fcberrascht. Es war ja vorauszusehen. Wo das hinf\u00fchren k\u00f6nnten macht mir Angst. Vor allem weil man als Konsument\/Abonnent null \u00dcberblick hat, ob L\u00f6schungen gerechtfertigt sind oder nicht. Wird es soweit kommen das man bald selbst im Internet keinerlei andere Meinungen zu bestimmten Themen mehr finden kann? Islam,Einwanderun, Klima, etc.<br \/>\n19.6.2019, D.SCH<br \/>\n.<br \/>\n<strong>Freiheit durch 6 Leibw\u00e4chter<\/strong><br \/>\nIch habe Hamed Abdel-Samad letzte Woche auf der Veranstaltung \u201eS\u00e4kularer Islam und Islamismuskritik\u201c zu der Susanne Schr\u00f6ter in ihrem Institut in Frankfurt eingeladen hat gesehen (es gibt hier bei TE einen Bericht dar\u00fcber). Sowohl Frau Schr\u00f6ter, als auch Abdel-Samad sind sehr starke Pers\u00f6nlichkeiten, die sich niemals einsch\u00fcchtern lassen. Gerade Abdel-Samad hat sich durch die zahlreichen Bedrohungen seinen Humor nicht verderben lassen und wirkte immer gut gelaunt. Sowohl Abdel-Samad, als auch Schr\u00f6ter rechneten schonungslos mit dem Islamismus, aber auch der deutschen Politik ab, die an keinerlei Kritik daran interessiert sei. Nachfolgend zwei Anekdoten:<br \/>\nIn der Fragerunde fragte ein Gast Abdel-Samad, warum er sich beklage, denn er kann doch problemlos seine B\u00fccher schreiben und habe alle Freiheiten. Dieser l\u00e4chelte ihn an, zeigte auf seine Leibw\u00e4chter und sagte \u201eSo sieht also meine Freiheit aus, dass ich 6 Leibw\u00e4chter brauche\u201c.<br \/>\nZu dem Alt-Gr\u00fcnen Volker Beck sagte Abdel-Samad: \u201eSo wie es aussieht kommen Sie bald an die Macht. Machen Sie dann nicht den gleichen Fehler, wie die SPD mit dem Islam. Dann kommt die AfD von jetzt 13 auf 35%\u201c. Beck setzte einen wenig begeisterten Blick auf.<br \/>\n19.6.2019, K-D.L., TO<br \/>\n.<br \/>\n\u00bbAlle, besonders aber gutwillige Christen, die meinen, sie k\u00f6nnten den Zorn der Muslime bes\u00e4nftigen, indem sie ihnen gegen\u00fcber \u201eFehler\u201c eingestehen, begreifen nicht, dass in diesem Fall ihre Reue ein Dana\u00efden-Fass ist, in das sie so viele Entschuldigungen hineinsch\u00fctten k\u00f6nnen wie sie wollen. Sie werden es niemals f\u00fcllen, denn die Schuld der \u201eUngl\u00e4ubigen\u201c ist im Koran das Prinzip, das alle Muslime dazu berechtigt, auf Erden f\u00fcr die Ungl\u00e4ubigen ein Vorgeschmack dessen zu sein, was sie im Jenseits erwartet. Ich kann nur hoffen, dass diese Erkenntnis so weit wie m\u00f6glich Raum greift und endlich begriffen wird. Denn das ist n\u00f6tig, wenn wir nicht in Dummheit sterben wollen !\u00ab [Jean-Fran\u00e7ois Chemain, Historiker und Autor, Kolumnist im \u00abLe Figaro\u00bb]<br \/>\n19.6.2019, M-J.D., TO<br \/>\n.<br \/>\n<strong>R\u00fcckname der L\u00f6schung verlangen<\/strong><br \/>\nDas ist die Stunde der Wahrheit in Deutschland. Der demokratische Block von Links-Links, \u00d6koschein, Links und Christen\u00f6kos w\u00fcrde jetzt aufstehen und Youtube weltweit so anprangern, dass die sofort die L\u00f6schung wieder zur\u00fccknehmen. Dumm blo\u00df, dass die AfD mit dabei w\u00e4re und das geht nun gar nicht. Pech halt f\u00fcr Herrn Hamed Abdel Samad, so ist Deutschland!<br \/>\n19.6.2019, J.B.<br \/>\n.<br \/>\n<strong>Gottesstaat Deutschland. Kritik am Islam verboten<br \/>\n<\/strong>Also von den Moslems die gr\u00f6\u00dfte PR-Leistung des Jahrhunderts bei der gewaltigen Au\u00dfendarstellung dieser Religion und deren \u201eAblehnung\u201c aller Nicht-Moslems als Ungl\u00e4ubige, was ja nicht anders hei\u00dft als Untermenschen. Alle einst so gefeierten neuen Kan\u00e4le und M\u00f6glichkeiten von Computer, Social-Media bis zu Kreditkarte, Bargeldlos zahlen und GPS zeigen ihr wahres Gesicht. WIR schalten dich an und WIR schalten dich ab. Alles Arme einer Krake: Wollt ihr die totale Diktatur? Geg\u00e4ngelte, gl\u00e4serne B\u00fcrger, unantastbare, unkontrollierte Politiker, \u201edies ja eh viel besser wissen, was gut f\u00fcr uns ist\u201c.Und ich kann es nur beklagen, viel zu viele, die eigentlich nicht voll vor den Koffer gerannt sind, wollen es nicht wahr haben. \u201eDeutschland ist ein reiches Land, Humanit\u00e4t, f\u00fcr mich sind alle nur Menschen\u201c, Au\u00dfer sie sind \u201erechts\u201c also andere Meinung. Die m\u00fcsste man schon verbieten. Auch in der Meinungsfreiheit sollte nicht jede Meinung ver\u00f6ffentlicht werden. &#8230;<br \/>\nDeutschland ist schon sehr islamisch unterwandert und diese Unterwanderung wird von den Altparteien voll unterst\u00fctzt.<br \/>\n19.6.2019, N.N.<br \/>\n.<br \/>\n<strong>Wo sind die Proteste der CDU?<\/strong><br \/>\nWenn einer f\u00fcr uns alle und unsere freiheitlich-demokratische Grundordnung den Kopf hinh\u00e4lt, dann ist es ja wohl Hamed Abdel-Samad. Und wenn es noch jemanden in der CDU-Spitze g\u00e4be, der R\u00fcckgrat h\u00e4tte, dann m\u00fcsste gerade von dieser Seite eine sofortige Protestnote an YouTube rausgehen. Aber nat\u00fcrlich wei\u00df ich, dass das nur ein frommer Wunsch ist. PS: \u201eDer Ideen-Kampf wird nie im Reich der Ideen entschieden.\u201c (Ludwig Marcuse)<br \/>\n19.6.2019, R.K.<\/p>\n<p>&nbsp;<\/p>\n<p><strong>Islamismus als Jungm\u00e4nnerbewegung<\/strong><\/p>\n<p>Samuel Huntington oder <a title=\"Youth-Bulges\" href=\"https:\/\/www.freiburg-schwarzwald.de\/blog\/engagement\/zukunft\/krieg\/youth-bulges\/\">Gunnar Heinsohn<\/a> beschriebene Dynamik der demografischen Entwicklung, in der Forschung Youth Bulge genannt, also der exorbitante \u00dcberschuss an jungen M\u00e4nnern in den muslimischen L\u00e4ndern. Insofern k\u00f6nnte man den Islamismus, auch das eine Analogie zu den links- und rechtsfaschistischen Bewegungen Europas der 30er Jahre, als eine \u201eJungm\u00e4nnerbewegung\u201c begreifen.\u2026 Alles vom 20.4.2016 bitte lesen auf<br \/>\n<a href=\"https:\/\/www.achgut.com\/artikel\/der_islamismus_als_empoerungsparadigma\">https:\/\/www.achgut.com\/artikel\/der_islamismus_als_empoerungsparadigma<\/a>\u00a0.<br \/>\nAus politischer Korrektheit haben die Politiker sich bewusst dem Islam gegen\u00fcber blind gestellt. Sie haben sich geweigert, sich \u00fcber seine wahre Natur zu informieren. Sie weigern sich, anzuerkennen, dass alles im Koran drin steckt: die Erlaubnis, Juden und Christen zu t\u00f6ten (Sure 9:29), Nichtmuslime zu terrorisieren (8,12), junge M\u00e4dchen zu vergewaltigen (65: 4), Menschen f\u00fcr Sex zu versklaven (4:3), \u00fcber seine wahren Ziele zu l\u00fcgen (3:54), und der Befehl, gegen die Ungl\u00e4ubigen Krieg zu f\u00fchren (9,123) sowie die ganze Welt Allah zu unterwerfen (9,33).<br \/>\n22.3.2016, Geert Wilders<br \/>\nGeert Wilders ist Mitglied des niederl\u00e4ndischen Parlaments und Pr\u00e4sident der Partei der Freiheit (PVV).<br \/>\n<strong>Muslime m\u00fcssen sich zum IS erkl\u00e4ren<\/strong><br \/>\nDie Journalistin D\u00fczen Tekkal ist Jesidin und fordert eine Wertedebatte \u00fcbers Deutschsein. &#8230;\u00a0Wenn der IS den Islam in Verruf bringt, m\u00fcssten auch die hier lebenden Muslime dazu Stellung beziehen. Wer sagt: &#8222;Das hat mit mir doch nichts zu tun&#8220;, dem sage ich:<strong> So wie Deutsche sich bis heute f\u00fcr den Holocaust erkl\u00e4ren m\u00fcssen und wollen, hast du dich als Muslim zum IS zu erkl\u00e4ren.<\/strong><br \/>\n&#8230;&#8230;<br \/>\nWir werden zwar in vielerlei Hinsicht mit dem Judentum verglichen. Aber wir haben keine Thora, keine heilige Schrift. Deswegen ist die Region mit ihren heiligen St\u00e4tten f\u00fcr unsere Religion so wichtig, und deswegen wird das, was der IS macht, wenn er unsere Frauen vergewaltigt und unsere heiligen St\u00e4tten zerst\u00f6rt, auch als V\u00f6lkermord bezeichnet. Die Situation ist dramatisch. Das jesidische Volk hat keine Lebensperspektive. Es geht nicht nur um den Wiederaufbau der Stadt Sindschar (Singal), es geht um den Wiederaufbau von traumatisierten, depressiven und w\u00fctenden Menschen. Um eine Auss\u00f6hnung von Jesiden und Muslimen. Daf\u00fcr m\u00fcssen die Menschen, die Terrorakte begangen haben, auch gestellt werden &#8230;..<br \/>\nAlles von D\u00fczen Tekkal vom 21.3.2016 bitte lesen auf<br \/>\n<a href=\"https:\/\/www.welt.de\/kultur\/literarischewelt\/article153527211\/Deutsche-die-vor-Bussen-groelen-sind-nicht-integriert.html\">https:\/\/www.welt.de\/kultur\/literarischewelt\/article153527211\/Deutsche-die-vor-Bussen-groelen-sind-nicht-integriert.html<\/a><br \/>\n.<br \/>\n<em>D\u00fczen Tekkal: Deutschland ist bedroht. <\/em><br \/>\n<em>Warum wir unsere Werte jetzt verteidigen m\u00fcssen. <\/em><br \/>\n<em>Berlin Verlag. 320 S., 16,99 \u20ac.<\/em><\/p>\n<p><strong>Jesiden sollten Deutsche nicht belehren<\/strong><br \/>\nFrau Tekkal berichtet uns hier, dass das aktuelle das 72. Massaker von Muslimen an den Jesiden ist. Bei der ca. tausendj\u00e4hrigen Geschichte der Jesiden also durchschnittlich alle 14 Jahre eins. Frau Tekkal wei\u00df also genau aus der Geschichte ihres Volkes, &#8222;wie gef\u00e4hrlich es ist, Menschen auf ihre Religion zu reduzieren.&#8220; Gleichzeitig bef\u00fcrwortet sie den Umgang der Regierung Merkel mit der Fl\u00fcchtlingsproblematik, obwohl dadurch gerade zigtausende Menschen nach D kommen, die freiwillig sich selbst und andere auf die Religionszugeh\u00f6rigkeit zum Islam reduzieren.<br \/>\nZudem bevorzugt gerade die aktuelle Politik Migranten mit einigerma\u00dfem stabilem wirtschaftlichen und gesellschaftlichem Hintergrund, da diese viel eher den teuren\/schwierigen Weg nach Europa schaffen. Die wirklich Elenden und Verfolgten z.B. aus dem Kalifat, S\u00fcdsudan, Burundi, &#8230;. schaffen es meist gar nicht so weit.<br \/>\nDass Frau Tekkal trotz ihrer emanzipierten Ansichten, die Aussage &#8222;Frauen, die gegen ihren Willen vergewaltigt worden sind, bleiben trotzdem Jesidinnen.&#8220; als positives Signal empfindet, l\u00e4sst micht schaudern. &#8222;GEGEN ihren Willen vergewaltigt&#8220;?<br \/>\nAls &#8222;immer schon Deutscher&#8220; ben\u00f6tige ich keine Belehrungen von Frau Tekkal. Sie sollte ihre Aufgabe darin sehen, ihren Landsleuten die Kultur dieses Landes zu vermitteln und deren Integration einzufordern.<br \/>\n21.3.2016, D.Times<\/p>\n<p><strong>Schuld ist immer etwas Pers\u00f6nliches, Individuelles<\/strong><br \/>\nWenn Sie (D\u00fczen Tekkal) einem ganzen Volk eine pauschale Schuld andichten wollen, dann betreiben Sie genau die Art von Verallgemeinerung, die zu den meisten historischen Gruppendiskriminierungen und V\u00f6lkermorden gef\u00fchrt hat! Um diese Art des Denkens zur Veranschaulichung noch einmal weiterzuspinnen:<br \/>\nIst jemand, der einen ausl\u00e4ndischen Elternteil hat, Ihrer Meinung nach nur halb so schuldig wie jemand, der zwei deutsche Eltern hat?<br \/>\nIst jemand, der selbst im Konzentrationslager gesessen hat, z. B. weil er Kommunist war, weniger schuldig als jemand, der das nicht war?<br \/>\nUnd ist ein eingeb\u00fcrgerter Ausl\u00e4nder ohne deutsche Vorfahren oder ein Auslandsdeutscher z. B. aus Namibia, der mit dem Dritten Reich nichts zu tun hat, weniger schuldig als ein &#8222;Deutsch-Deutscher&#8220;? Diese Art zu denken hat einen Namen: Rassismus!<br \/>\n21.3.2016, U.B.<\/p>\n<p>Wenn Personen, die ihr Demonstrationsrecht wahrnehmen (z.B. Demo gegen weitere Zuwanderung) in Deutschland nicht integriert sein sollen, so vermute ich, hat hier jemand die Grenzen des Grundgesetzes nicht verstanden. Entgegen der Meinung vieler Kommentatoren und Politiker toleriert das Grundgesetz auch unbeliebte, radikale und Minderheitenmeinungen und sch\u00fctzt deren \u00c4u\u00dferung. Nur weil jemand eine Meinung vertritt, die einem nicht passt oder der Mehrheitsmeinung widerspricht, kann derjenige in einer pluralistischen Gesellschaft nicht als nicht integriert bezeichnet werden. Das ist der Sinn von Meinungsfreiheit.<br \/>\nAuch der Hinweis Personen d\u00fcrften nicht auf ihre Religion reduziert werden, wird angesichts des Interviews mit\u00a0D\u00fczen Tekkal zur Makulatur, stellt sie\u00a0doch durchgehend ihre Sicht der Dinge als Jesidin dar und stellt damit ihre Religion klar in Vordergrund vor allem anderen. Und ebenso werden Asylbewerber, die in ihrem Verhalten und ihren Anspr\u00fcchen klar durch ihre Religion und Kultur gepr\u00e4gt sind, eher als Muslime wahrgenommen.<br \/>\nEin Teil dieser Sichtweise der Jesiden ist die Forderung nach einer autonomen Selbstverwaltung der Jesiden. So positiv dies f\u00fcr diese Volksgruppe w\u00e4re, so w\u00fcrde die konsequente Fortsetzung dieser Logik im gesamten Nahen und Mittleren Osten doch zu einer Kleinstaaterei und Balkanisierung der Verh\u00e4ltnisse f\u00fchren, die Dutzende in sich nicht \u00fcberlebensf\u00e4hige Verwaltungsgebiete hervorbringen k\u00f6nnte.<br \/>\n21.3.2016<\/p>\n<p><strong>Wir schaffen das nicht<\/strong><br \/>\nAus meinen pers\u00f6nlichen Erfahrungen mit muslimischen Mitmenschen in Beruf wie im Privaten bin ich zu dem Schluss gekommen, dass ich diese Zuwanderung nicht m\u00f6chte. Ich empfinde sie gar als negativ. Erst recht m\u00f6chte ich keine arabischen Muslime, gleich ob Sunnite oder Schiite. Wobei ich dann letztere Gruppe noch eindeutig bevorzuge. Sicher alles pauschalisiert &#8211; es sind schlichtweg meine pers\u00f6nlichen Erfahrungen. Ich gehe sogar soweit, dass hier wirklich jeder willkommen ist, nur nicht Menschen mit islamischen Glauben. Und genau diese Diskussion m\u00fcssten wir hier eigentlich schon lange f\u00fchren. Es gibt nur ein &#8222;wir schaffen das&#8220; oder &#8222;wir schaffen das nicht&#8220;. Die Mehrheit will es gar nicht schaffen. Der B\u00fcrger wird nur nicht mehr gefragt.<br \/>\n21.3.2016, Pavel Hristov<br \/>\n.<br \/>\n<strong>Religion ist Privatsache<\/strong><br \/>\nPermanent wird die religi\u00f6se Orientierung quasi als Hauptmerkmal der Menschen herangezogen. Ich finde das extrem r\u00fcckst\u00e4ndig. Glaube ist lediglich eine Kopfsache. F\u00fcr mich als Atheisten gibt es grunds\u00e4tzlich keinen Unterschied zwischen den Menschen. Genauso, wie ich als Moslem geboren sein k\u00f6nnte, k\u00f6nnte auch ein Osama bin Laden Atheist sein, je nach dem, wo aufgewachsen. Es ist l\u00e4cherlich und absolut nicht passend im 21. Jahrhundert und mit solchen Fl\u00fcchtlingsproblemen auf der Religion herumzureiten. Jedem, der in dieses Land einwandert, sollte klar sein, dass Religion zweitrangig ist nach den gesellschaftlichen Normen und Gesetzen.<br \/>\n21.3.2016, Realist<\/p>\n<p><strong>Deutscher in Anatolien?<\/strong><br \/>\nInteressant ist, da\u00df die Interviewte<br \/>\n(a) der Schicksal der Jesiden mit dem Juden vergleicht und<br \/>\n(b) das historische Gewissen Deutschlands erw\u00e4hnt. Diese vollkommen neue Argumentationsweise stellt den Autochthonen in die Sch\u00e4mecke, stellt ihn still und \u00f6ffnet sein Portemonnaie. Zum Gl\u00fcck erkennt niemand die Perfidie dieser Rhetorik. Sollte der vermeintliche Zahlmichel da eines Tages hintersteigen, wird das mit der weltoffenbunten Integration nicht einfacher. \u00dcbrigens: Als Deutscher in Anatolien bleibt man zeitlebens Deutscher. Da ist auch noch sehr viel zu leisten bis zur vollkommen gelungenen Integration, die b\u00f6se Zungen auch schon Assimilation gei\u00dfeln. Ich glaube, dieses Bonmot stammt von Herrn Erdogan.<br \/>\n21.3.2016, Berthold<\/p>\n<p>&nbsp;<\/p>\n<p>&nbsp;<\/p>\n<p>&nbsp;<\/p>\n<p>.<\/p>\n<p><strong>IS exportiert weniger Terror zu uns als umgekehrt<\/strong><br \/>\nDer IS rekrutiert gesch\u00e4tzt 31 000 Ausl\u00e4nder aus 86 Staaten, \u00fcber 5000 davon sind in Europa geboren und aufgewachsen. Das hei\u00dft, wir exportieren mehr Terror, als wir importieren. Viele Islamisten kehren radikalisiert zur\u00fcck. Auch tun wir zu wenig, die Finanzierung des IS zu unterbinden. Daf\u00fcr m\u00fcssten wir uns mit M\u00e4chten anlegen, mit denen wir gute Gesch\u00e4fte machen. &#8230;.<br \/>\nAlles von Thomas Hauser vom 31.12.2015 bitte lesen auf<br \/>\n<a href=\"https:\/\/www.badische-zeitung.de\/wird-krieg-wieder-mittel-zum-zweck\">https:\/\/www.badische-zeitung.de\/wird-krieg-wieder-mittel-zum-zweck<\/a><\/p>\n<p><strong>Deutsche Fl\u00fcchtlings- wie Europapolitik: Radikal, also undemokratisch<\/strong><br \/>\nUnd nochmals wird uns ein schlechtes Gewissen eingeredet, wenn die fehlende Identifizierung mit unseren westlichen Gesellschaften und damit die mangelnde \u00dcberzeugungskraft von Demokratie und Freiheit f\u00fcr die Radikalisierung herhalten muss. Wer zu Extremismus neigt, ist das Gegenteil eines guten Demokraten. Demokratie und Freiheit leben von Kompromissen und gem\u00e4\u00dfigten Entscheidungen. Alles andere schr\u00e4nkt die Rechte einzelner zu sehr ein, oder findet keine Mehrheiten. Ein Radikaler ist aber von seinen eigenen Ideen derma\u00dfen \u00fcberzeugt, dass er zum Kompromiss unf\u00e4hig ist. Das sieht man nicht nur bei Terroristen, sondern auch bei allen anderen Problemen, die in dem Kommentar angesprochen werden. So ist die Fl\u00fcchtlingspolitik die Abwesenheit von Ma\u00df und Mitte, und damit Radikalismus pur.<br \/>\nAuch die gescheiterte Europapolitik hat mit der radikalen Idee der Vereinigten Staaten von Europa zu tun, die auch Hauser \u00fcber den Umweg Kant beschw\u00f6rt. Beide Probleme sind verursacht von wem wohl? Von uns Deutschen. Denn wir sind in unserem Wesen kein Volk des Ausgleichs und der Realit\u00e4tsliebe. Wir sind Romantiker, Idealisten oder Tagtr\u00e4umer, die ihre eigenen Ideen \u00fcber alles andere stellen. Wir sind die gleichen Radikalen wie diese Terroristen. Wir unterscheiden uns von ihnen durch andere Ideen und dadurch, dass wir sie derzeit nicht so gewaltt\u00e4tig durchzusetzen versuchen. Das war schon anders.<br \/>\nFreiheit und Demokratie ist uns wesensfremd. Deshalb haben wir immer besondere M\u00fche, wenn wir anderen Freiheit gew\u00e4hren und ihre demokratischen Rechte achten sollen. <a title=\"Groessenwahn\" href=\"https:\/\/www.freiburg-schwarzwald.de\/blog\/engagement\/zukunft\/groessenwahn\/\">Am deutschen Wesen soll noch immer die Welt genesen<\/a>.<br \/>\nHalten wir daher das richtige Ma\u00df, bei Fl\u00fcchtlingen, europ\u00e4ischer Einigung und auch beim Krieg. Dann werden wir feststellen, dass man Wohlt\u00e4ter auch sein kann, wenn man nicht die ganze Welt aufnimmt, dass Europa auch funktioniert, wenn die Nationalstaaten den Kern ihrer Souver\u00e4nit\u00e4t wie Grenzen, Einwanderung oder Finanzen weiterhin selbst bestimmen d\u00fcrfen und dass Krieg in seltenen F\u00e4llen notwendig ist, um Gruppierungen auszul\u00f6schen, die sich jedem Kompromiss verschlie\u00dfen. Meistens ist das aber nicht der Fall.<br \/>\n1.1.2016, Ranier Brombach<\/p>\n<p>&nbsp;<\/p>\n<p><script src=\"https:\/\/cdn.teads.tv\/media\/player\/teads-player.min.js?2015121712\"><\/script><script src=\"https:\/\/cdn.krxd.net\/userdata\/get?pub=ba4aded1-8223-41d0-baad-68aed1201e18&amp;callback=Krux.ns._default.kxjsonp_userdata\" type=\"text\/javascript\"><\/script><script src=\"https:\/\/beacon-dub-nopii.krxd.net\/optout_check?callback=Krux.ns._default.kxjsonp_optOutCheck\" type=\"text\/javascript\"><\/script><script src=\"https:\/\/cdn.teads.tv\/media\/format\/v2\/all-v2.js?2015121712\" async=\"\"><\/script><script src=\"https:\/\/cdn.teads.tv\/js\/all-v1.js\" async=\"\"><\/script><script src=\"https:\/\/apis.google.com\/_\/scs\/apps-static\/_\/js\/k=oz.gapi.de.USatqYuXI8s.O\/m=auth\/exm=plusone\/rt=j\/sv=1\/d=1\/ed=1\/am=AQ\/rs=AGLTcCP7seFOVScYh3I3vmyWKgP8rvAs0w\/t=zcms\/cb=gapi.loaded_1\" async=\"\"><\/script><script src=\"https:\/\/apis.google.com\/_\/scs\/apps-static\/_\/js\/k=oz.gapi.de.USatqYuXI8s.O\/m=plusone\/rt=j\/sv=1\/d=1\/ed=1\/am=AQ\/rs=AGLTcCP7seFOVScYh3I3vmyWKgP8rvAs0w\/t=zcms\/cb=gapi.loaded_0\" async=\"\"><\/script><script id=\"twitter-wjs\" src=\"\/\/platform.twitter.com\/widgets.js\"><\/script><script src=\"https:\/\/apis.google.com\/js\/plusone.js\" async=\"\" type=\"text\/javascript\"><\/script><script src=\"https:\/\/odb.outbrain.com\/utils\/get?url=http%3A%2F%2Fwww.welt.de%2Fgeschichte%2Farticle150064938%2FVier-Mal-wurden-die-Christen-aus-Nahost-vertrieben.html&amp;settings=true&amp;recs=true&amp;widgetJSId=AR_2&amp;key=NANOWDGT01&amp;idx=1&amp;version=01000215&amp;ref=http%3A%2F%2Fwww.welt.de%2F&amp;apv=false&amp;sig=hwP0RLT2&amp;format=html&amp;rand=7649&amp;lsd=4165a1fe-5e27-420a-a549-bf1cb10baa67&amp;t=MV9mMGE2MThjODA4YjJhMWZmNDNkMTIyNmJkNDY2NGNlZV8w&amp;winW=1600&amp;winH=731\" async=\"\" type=\"text\/javascript\" charset=\"UTF-8\"><\/script><script src=\"https:\/\/odb.outbrain.com\/utils\/get?url=http%3A%2F%2Fwww.welt.de%2Fgeschichte%2Farticle150064938%2FVier-Mal-wurden-die-Christen-aus-Nahost-vertrieben.html&amp;settings=true&amp;recs=true&amp;widgetJSId=AR_1&amp;key=NANOWDGT01&amp;idx=0&amp;version=01000215&amp;ref=http%3A%2F%2Fwww.welt.de%2F&amp;apv=false&amp;sig=hwP0RLT2&amp;format=html&amp;rand=41326&amp;lsd=4165a1fe-5e27-420a-a549-bf1cb10baa67&amp;winW=1600&amp;winH=731\" async=\"\" type=\"text\/javascript\" charset=\"UTF-8\"><\/script><script src=\"https:\/\/widgets.outbrain.com\/outbrain.js\" async=\"\" type=\"text\/javascript\"><\/script><script src=\"https:\/\/widgets.outbrain.com\/outbrain.js\" async=\"\" type=\"text\/javascript\"><\/script><script src=\"https:\/\/static.plista.com\/async\/module\/util,log,error,css,addcss,getrect,event,call,visibility,oba,tiny\/PLISTA_TINY%5B0%5D.js\" async=\"\" type=\"text\/javascript\" charset=\"utf-8\"><\/script><!-- Wenn Du das hier liest, haben wir wom\u00f6glich spannende Aufgaben f\u00fcr Dich: An www.welt.de, m.welt.de und weiteren digitalen Produkten (u.a. iOs-Apps, Android-Apps) mitarbeiten: Praktikum, Werkstudent oder Festanstellung in Berlin. Neugierig? Meld' Dich mit kurzer Info, was Dich interessiert! https:\/\/www.twitter.com\/macomber https:\/\/www.facebook.com\/christoph.maier https:\/\/www.xing.com\/profile\/christoph_maier Stellen aus dem gesamten Axel-Springer-Universum sind hier: https:\/\/www.axelspringer.de\/karriere --><script src=\"https:\/\/widget.criteo.com\/event?a=21108&amp;v=3.6.1&amp;p0=e%3Dvp%26p%3D8&amp;p1=e%3Dvs%26sc%3D11&amp;p2=e%3Ddis&amp;adce=1\" async=\"true\" type=\"text\/javascript\" data-owner=\"criteo-tag\"><\/script><script src=\"https:\/\/www.google-analytics.com\/ga.js\" async=\"\" type=\"text\/javascript\"><\/script><script src=\"\/\/www.googletagmanager.com\/gtm.js?id=GTM-PRFPDL&amp;l=gtmDataLayer\" async=\"\"><\/script><script src=\"\/\/cdn.krxd.net\/ctjs\/controltag.js.d6232fc8d93711e85e42a398232e8f00\" async=\"\"><\/script><script src=\"https:\/\/cdn.krxd.net\/controltag?confid=IaeXdO9D\" async=\"\" type=\"text\/javascript\"><\/script><script id=\"ie_4672_0x40438c\" type=\"text\/javascript\">\/\/ <![CDATA[ (function() {window.klTabId_kis='ie_4672_0x40438c';})();(function () { var klTabIdEventName = \"klTabId_kis\"; if (document.createEvent) { var fireEvent = document.createEvent(\"Event\"); fireEvent.initEvent(klTabIdEventName, true, true); window.dispatchEvent(fireEvent); } else if (document.createEventObject) { \/\/ Due to ie8 limitations (it doesn't support user custom events) \/\/ we use document.documentElement.klTabId_%PRODUCT% attribute for custom event emulation. \/\/ Incrementing this attribute emits 'propertychange' event, \/\/ for supporting ie8 you should attach 'propertychange' handler on document.documentElement \/\/ and skip all calls except then event.propertyName == klTabIdEventName if (document.documentElement[klTabIdEventName]) { document.documentElement[klTabIdEventName] = 1; } else { document.documentElement[klTabIdEventName]++; } } })(); \/\/ ]]><\/script><script type=\"text\/javascript\">\/\/ <![CDATA[ window.bpTimingEntries = window.bpTimingEntries || {}; if(Math.floor((Math.random()*100)+1)==5 || document.location.hash == '#bpperf'){ window.bpTimingEntries[\"pagestart\"] = new Date().getTime(); } \/\/ ]]><\/script><script type=\"text\/javascript\">\/\/ <![CDATA[\nif(window.location.href.indexOf('.ece?token=') !== -1){\n    var now = new Date();\n    now.setTime(now.getTime()+ 3600 * 1000);\n    document.cookie = 'autoPlay=false; expires=' + now.toUTCString() + '; path=\/';\n}\n\nif(typeof (document.referrer) != 'undefined' &#038;&#038; document.referrer.indexOf('NGEscenicSearch') !== -1){ \n document.addEventListener('DOMContentLoaded', function(){\n  var elBody = document.getElementsByTagName(\"BODY\")[0];\n  var elUrl = document.createElement('div');\n  elUrl.innerHTML = '<a href='+document.location.href+'>'+document.location.href+'<\/a>';\n  elBody.insertBefore(elUrl, elBody.firstChild);\n }); \n}\n\/\/ ]]><\/script><script type=\"text\/javascript\">\/\/ <![CDATA[ if(Math.floor((Math.random()*100)+1)==4){ var _prum = [['id', '542bcfc0abe53d6549216b73'], ['mark', 'firstbyte', (new Date()).getTime()]]; (function() { var s = document.getElementsByTagName('script')[0] , p = document.createElement('script'); p.async = 'async'; p.src = '\/\/rum-static.pingdom.net\/prum.min.js'; s.parentNode.insertBefore(p, s); } )(); } \/\/ ]]><\/script><script type=\"text\/javascript\">\/\/ <![CDATA[ if(document.cookie &#038;&#038; document.cookie.indexOf(\"rsi_segs\") !== -1){ document.cookie=\"rsi_segs=0;expires=\"+(new Date().toGMTString())+\";domain=.welt.de;\"; } \/\/ ]]><\/script><script type=\"text\/javascript\">\/\/ <![CDATA[ var _sf_async_config = _sf_async_config || {}; \/** CONFIGURATION START **\/ _sf_async_config.uid = 53908; _sf_async_config.domain = \"welt.de\"; _sf_async_config.useCanonical = true; \/** CONFIGURATION END **\/ var _sf_startpt = (new Date()).getTime(); \/\/ ]]><\/script><script src=\"\/\/static.chartbeat.com\/js\/chartbeat_mab.js\"><\/script><script type=\"text\/javascript\">\/\/ <![CDATA[ if(document.location.hash.indexOf(\"homadon\") != -1){ var _hmscript = document.createElement('script'); _hmscript.type = 'text\/javascript'; _hmscript.async = true; _hmscript.onload = function(){}; _hmscript.src = 'https:\/\/s3.amazonaws.com\/homad-global-configs.schneevonmorgen.com\/homad.js'; document.getElementsByTagName('head')[0].appendChild(_hmscript); } \/\/ ]]><\/script><script type=\"text\/javascript\">\/\/ <![CDATA[ !(function(){var baseSettings={mmBaseParameters:{t:'news',c:'5,ece_frontpage\/219510,geschichte',aid:'150064938'}};window.bigpUserEvents=window.bigpUserEvents||[];window.bigpUserEvents.push(['fire','init',baseSettings]);window.bpTimingEntries=window.bpTimingEntries||{};window.bpTimingEntries[\"bigpjsinject\"]=new Date().getTime();try{!(function(){var basePath='https:\/\/www.welt.de\/';if(document.location.protocol.indexOf('https')>-1){basePath='https:\/\/ssl.welt.de\/';}\nvar scriptUrl=basePath+\"user-web\/js\/bigp_overlay_dyn.js?v=201512141450&#038;protocol=\"+document.location.protocol.replace(':','')+\"&#038;domain=\"+document.location.hostname;document.write(\"<\"+\"script type='text\/javascript' src='\"+scriptUrl+\"' ><\"+\"\/script>\");}());}catch(ex){}}());function getMM(data){var mmRequestParams=[];mmRequestParams['t']=data.mmContentType;mmRequestParams['c']=data.mmChannelNameTree;mmRequestParams['aid']=data.articleId;mmRequestParams['rt']=data.mmRenderType;window.bigpUserEvents=window.bigpUserEvents||[];window.bigpUserEvents.push(['fire','mmrequest',mmRequestParams]);}\nwindow.doLoadOptimizely=true;\n\/\/ ]]><\/script><script src=\"https:\/\/www.welt.de\/user-web\/js\/bigp_overlay_dyn.js?v=201512141450&amp;protocol=http&amp;domain=www.welt.de\" type=\"text\/javascript\"><\/script><script src=\"\/\/mm.welt.de\/rem-1.1\/track\/mpt.js?shopid=WONP&amp;origin=web&amp;action=pageview&amp;contentid=5%2Cece_frontpage%2F219510%2Cgeschichte%2F150064938&amp;channel=219510%2Cgeschichte&amp;subchannel=&amp;subsubchannel=&amp;doctype=news&amp;coremediaid=150064938&amp;rendertype=standalone&amp;_u=http%3A%2F%2Fwww.welt.de%2Fgeschichte%2Farticle150064938%2FVier-Mal-wurden-die-Christen-aus-Nahost-vertrieben.html&amp;_r=http%3A%2F%2Fwww.welt.de%2F&amp;_c=rem_callback_52972\" type=\"text\/javascript\"><\/script><script type=\"text\/javascript\">\/\/ <![CDATA[ window.bpTimingEntries=window.bpTimingEntries||{};window.bpTimingEntries[\"bigpjsinjectdone\"]=new Date().getTime(); \/\/ ]]><\/script><strong>IS &#8211; die vierte Vertreibung der Christen aus Nahost<\/strong><br \/>\nIm 21. Jahrhundert sind von der einst christlichen Pr\u00e4gung Syriens, des Irak, der T\u00fcrkei und des Libanon teils nur noch verschwindende Minderheiten \u00fcbrig; \u00fcber die historische Mitverantwortung daran wird der Westen noch lange nachzudenken haben. Vor allem die Kolonialm\u00e4chte Gro\u00dfbritannien und Frankreich, die nach dem Ersten Weltkrieg den Nahen Osten unter sich aufteilten, haben dabei keineswegs gl\u00fccklich agiert. Sunnitische Terroristen des Islamischen Staates (IS) reiten derzeit die vierte \u2013 und vielleicht t\u00f6dliche \u2013 Attacke gegen die Christen des Nahen Ostens. <a title=\"Saudi-Arabien\" href=\"https:\/\/www.freiburg-schwarzwald.de\/blog\/global\/saudi-arabien\/\" name=\"_art_link_\">Saudi-Arabien, einer der Hauptsponsoren<\/a> des Islamismus, leitet seit Dienstag gar eine internationale muslimische Allianz gegen den IS. Der Bock als G\u00e4rtner \u2013 in historischer Perspektive eine interessante Variante des Vierten Kreuzzugs. &#8230;. Alles vom 17.12.2015 bitte lesen auf<br \/>\n<a href=\"https:\/\/www.welt.de\/geschichte\/article150064938\/Vier-Mal-wurden-die-Christen-aus-Nahost-vertrieben.html\">https:\/\/www.welt.de\/geschichte\/article150064938\/Vier-Mal-wurden-die-Christen-aus-Nahost-vertrieben.html<\/a><\/p>\n<p>&nbsp;<\/p>\n<p><strong>Deutschlands Luftkrieg gegen den IS in Syrien &#8211; der falsche Krieg<br \/>\n<\/strong>&#8222;Den islamistischen Terror besiegen, das kann der Weste nicht in Syrien oder im Irak. Im gegenteil, bisher galt die umgekehrte Logik: je st\u00e4rker der Westen milit\u00e4risch intervenierte,desto mehr breitete sich der Terror aus, desto brutler und radkalEr wurde er. der Terror verschwand nicht, nachdem die Taliban in Afghanistan gest\u00fcrzt waren, und er wird nicht verschwinden, wenn der Krieg in Syrien beendet ist.<br \/>\nWir m\u00fcssen ihn bei uns bek\u00e4mpfen, in den Banlieues, in Paris, Hamburg, Dinslaken, Molenbeek &#8211; mit der H\u00e4rte des Gesetzes und mit Integration&#8220; &#8230;..<br \/>\nAlles von Christiane Hoffmann zu &#8222;Der falsche Krieg &#8211; Deutschland l\u00e4\u00dft sich aus falsch verstandener Solidarit\u00e4t in den Kampf um Syrien hineinziehen&#8220; vom 5.12.2015 lesen in DER SPIEGEL, 50\/2015, Seite 6<\/p>\n<p>&nbsp;<\/p>\n","protected":false},"excerpt":{"rendered":"<p>Home &gt;Religion &gt;Islam &gt;IS Fu\u00dfball und Religion: Trennung\u00a0(16.6.2026) Sydney \u2013 \u00d6RR \u2013 Charlie Kirk\u00a0(17.12.2025) Australien Chanukka: IS-Terror\u00a0(14.12.2025) Ayaan Hirsi Ali warnt vor Wokeismus und Islamismus\u00a0(18.11.2022) Staat\u00adli\u00adcher Mord: US-Drohne t\u00f6tet al-Sawahiris in Pakistan\u00a0(2.8.2022) 9\/11 \u2013 20 Jahre weiterhin Terror\u00a0(11.9.2021) Wie islamisch &hellip; <a href=\"https:\/\/www.freiburg-schwarzwald.de\/blog\/religion\/islam\/is\/\">Weiterlesen <span class=\"meta-nav\">&rarr;<\/span><\/a><\/p>\n","protected":false},"author":2,"featured_media":0,"parent":12111,"menu_order":0,"comment_status":"open","ping_status":"closed","template":"","meta":{"footnotes":""},"class_list":["post-57900","page","type-page","status-publish","hentry"],"_links":{"self":[{"href":"https:\/\/www.freiburg-schwarzwald.de\/blog\/wp-json\/wp\/v2\/pages\/57900","targetHints":{"allow":["GET"]}}],"collection":[{"href":"https:\/\/www.freiburg-schwarzwald.de\/blog\/wp-json\/wp\/v2\/pages"}],"about":[{"href":"https:\/\/www.freiburg-schwarzwald.de\/blog\/wp-json\/wp\/v2\/types\/page"}],"author":[{"embeddable":true,"href":"https:\/\/www.freiburg-schwarzwald.de\/blog\/wp-json\/wp\/v2\/users\/2"}],"replies":[{"embeddable":true,"href":"https:\/\/www.freiburg-schwarzwald.de\/blog\/wp-json\/wp\/v2\/comments?post=57900"}],"version-history":[{"count":5,"href":"https:\/\/www.freiburg-schwarzwald.de\/blog\/wp-json\/wp\/v2\/pages\/57900\/revisions"}],"predecessor-version":[{"id":150488,"href":"https:\/\/www.freiburg-schwarzwald.de\/blog\/wp-json\/wp\/v2\/pages\/57900\/revisions\/150488"}],"up":[{"embeddable":true,"href":"https:\/\/www.freiburg-schwarzwald.de\/blog\/wp-json\/wp\/v2\/pages\/12111"}],"wp:attachment":[{"href":"https:\/\/www.freiburg-schwarzwald.de\/blog\/wp-json\/wp\/v2\/media?parent=57900"}],"curies":[{"name":"wp","href":"https:\/\/api.w.org\/{rel}","templated":true}]}}