{"id":57855,"date":"2015-12-09T14:27:31","date_gmt":"2015-12-09T13:27:31","guid":{"rendered":"https:\/\/www.freiburg-schwarzwald.de\/blog\/?page_id=57855"},"modified":"2026-04-12T19:24:33","modified_gmt":"2026-04-12T17:24:33","slug":"moscheen","status":"publish","type":"page","link":"https:\/\/www.freiburg-schwarzwald.de\/blog\/religion\/islam\/moscheen\/","title":{"rendered":"Moscheen"},"content":{"rendered":"<p><a href=\"https:\/\/freiburg-schwarzwald.de\/blog\">Home<\/a> &gt;<a title=\"Religion\" href=\"https:\/\/www.freiburg-schwarzwald.de\/blog\/religion\/\">Religion<\/a> &gt;<a title=\"Islam\" href=\"https:\/\/www.freiburg-schwarzwald.de\/blog\/religion\/islam\/\">Islam<\/a> &gt;Moscheen<\/p>\n<div id=\"attachment_57869\" style=\"width: 649px\" class=\"wp-caption alignnone\"><a href=\"https:\/\/www.freiburg-schwarzwald.de\/blog\/religion\/islam\/moscheen\/teneriffa3gomera-pan151205\/\" rel=\"attachment wp-att-57869\"><img loading=\"lazy\" decoding=\"async\" aria-describedby=\"caption-attachment-57869\" class=\"size-full wp-image-57869\" src=\"https:\/\/www.freiburg-schwarzwald.de\/blog\/wp-content\/uploads\/2015\/12\/teneriffa3gomera-pan151205.jpg\" alt=\"Blick \u00fcbers Meer auf La Gomera am 5.12.2015\" width=\"639\" height=\"234\" srcset=\"https:\/\/www.freiburg-schwarzwald.de\/blog\/wp-content\/uploads\/2015\/12\/teneriffa3gomera-pan151205.jpg 639w, https:\/\/www.freiburg-schwarzwald.de\/blog\/wp-content\/uploads\/2015\/12\/teneriffa3gomera-pan151205-180x65.jpg 180w\" sizes=\"auto, (max-width: 639px) 100vw, 639px\" \/><\/a><p id=\"caption-attachment-57869\" class=\"wp-caption-text\">Blick \u00fcbers Meer auf La Gomera am 5.12.2015<\/p><\/div>\n<p>&nbsp;<\/p>\n<ul>\n<li><em>Listenauswahl eines Beitrags (Artikel\/Datum, Seite\/Inhalt):\u00a0<span style=\"text-decoration: underline;\">Klicken<\/span>\u00a0oder scrollen<\/em><\/li>\n<li><a href=\"https:\/\/www.freiburg-schwarzwald.de\/blog\/islamisierung-und-christentum\/\">Islamisierung und Christentum<\/a>\u00a0(12.4.2026)<\/li>\n<li><a href=\"https:\/\/www.freiburg-schwarzwald.de\/blog\/kultur\/kulturkampf\/kulturkampf-d\/\">Verwaltungsgericht K\u00f6ln: Verbot von Muezzinruf und Kopftuch gegen Menschenw\u00fcrde<\/a>\u00a0(28.2.2025)<\/li>\n<li><a href=\"https:\/\/www.freiburg-schwarzwald.de\/blog\/ramadan-fastenzeit-frieden\/\">Ramadan Fastenzeit \u2013 Frieden<\/a>\u00a0(20.2.2026)<\/li>\n<li><a href=\"https:\/\/www.freiburg-schwarzwald.de\/blog\/regio\/freiburg\/mooswald\/\">Geplante Moschee: Wie viel muss der Mooswald noch \u00fcber sich ergehen lassen?<\/a> (7.10.2025)<\/li>\n<li>Manuel Ostermann: Blaue Moschee in Hamburg geh\u00f6rt abgerissen (19.7.2025)<\/li>\n<li>Nach wem sind Moscheen in Deutschland benannt?\u00a0 (22.5.2025)<\/li>\n<li><a href=\"https:\/\/www.freiburg-schwarzwald.de\/blog\/religion\/islam\/islam-deutschland\/\">CDU-Grundsatzprogramm und Muslime<\/a>\u00a0(17..4.2024)<\/li>\n<li><a href=\"https:\/\/www.freiburg-schwarzwald.de\/blog\/engagement\/zukunft\/demokratie\/staatsversagen\/staat-kapituliert\/\">Kinder: Muslimische Hassprediger \u2013 Berufswunsch B\u00fcrgergeldbezieher<\/a>\u00a0(7.1.2024)<\/li>\n<li><a href=\"https:\/\/www.freiburg-schwarzwald.de\/blog\/engagement\/zukunft\/demokratie\/staatsversagen\/staat-kapituliert\/\">Antisemitismus in DITIB-Moscheen endlich verbieten<\/a>\u00a0(2.11.2023)<\/li>\n<li><a href=\"https:\/\/www.freiburg-schwarzwald.de\/blog\/muezzinruf-an-moschee-in-koeln\/\">Muezzinruf an Moschee in K\u00f6ln<\/a>\u00a0(14.10.2022)<\/li>\n<li><a href=\"https:\/\/www.freiburg-schwarzwald.de\/blog\/religion\/islam\/islamisierung\/\">Gef\u00e4hrliche Parallelwelten: Moscheegemeinden in Deutschland<\/a> (11.3.2022)<\/li>\n<li>Linke Chaoten greifen Moschee in Leipzig an (14.12.2021)<\/li>\n<li>Erol \u00dcnal: Der Abtr\u00fcnnige &#8211; 15 Jahre Moscheegemeinden (12.12.2021)<\/li>\n<li>Muezzinruf und Taqiyya: Toleranz durch T\u00e4uschung (26.10.2021)<\/li>\n<li><a href=\"https:\/\/www.freiburg-schwarzwald.de\/blog\/religion\/kirchen\/ostern\/\">Wie froh war Ostern? \u201eDeutschland unterm Leichentuch\u201c<\/a>\u00a0(5.4.2021)<\/li>\n<li><a href=\"https:\/\/www.freiburg-schwarzwald.de\/blog\/patienten-mit-kommunikationsbarriere\/\">Patienten mit Kommunikationsbarriere: Migration \u2013 Intensivstation<\/a>\u00a0(3.3.2021)<\/li>\n<li><a href=\"https:\/\/www.freiburg-schwarzwald.de\/blog\/engagement\/zukunft\/demokratie\/zweiklassengesellschaft\/\">Kindergeburtstag und Moscheegebet \u2013 zweierlei Ma\u00df<\/a>\u00a0(5.2.2021)<\/li>\n<li>Verfassungsschutz beobachtet vier Moscheen in Freiburg (1.2.2020)<\/li>\n<li><a title=\"Integration-Islam\" href=\"https:\/\/www.freiburg-schwarzwald.de\/blog\/global\/integration\/integration-islam\/\">Die Macht der Moschee: Buch-Neuausgabe \u2013 Integrationsgef\u00e4hrdung<\/a> (20.1.2020)<\/li>\n<li><a title=\"Pluralismus\" href=\"https:\/\/www.freiburg-schwarzwald.de\/blog\/religion\/pluralismus\/\">Prof Susanne Schr\u00f6ter: Kirche l\u00e4sst sich von Islamverb\u00e4nden Agenda diktieren<\/a>\u00a0(14.1.2020)<\/li>\n<li><a title=\"Migration-Bildung\" href=\"https:\/\/www.freiburg-schwarzwald.de\/blog\/global\/migration\/migration-bildung\/\">Josef Kraus:Ehrlichkeit statt verquerer PISA-Exegese<\/a>\u00a0(15.12.2019)<\/li>\n<li>Eine neue Moschee in FR-Mooswald\u00a0&#8211; nur deutschsprachig (8.12.2018)<\/li>\n<li><a title=\"Auswanderung\" href=\"https:\/\/www.freiburg-schwarzwald.de\/blog\/global\/migration\/auswanderung\/\">Wegen Moschee-Protest: Gr\u00fcne fordert Deutsche zum Auswandern auf<\/a> (13.11.2018) (13.11.2018)<\/li>\n<li>Ahnungslose Mahnw\u00e4chter an der Eroberer-Moschee? (10.3.2018)<\/li>\n<li>Journalist: Was in deutschen Moscheen gepredigt wird (8.3.2018)<\/li>\n<li>Multikulturelle Treffs statt Moscheen bauen (22.8.2016)<\/li>\n<li>Ditib-Moscheebau: Grundst\u00fccksschenkung f\u00fcr M\u00e4rtyrertod (3.8.2016)<\/li>\n<li><a title=\"Islamisierung\" href=\"https:\/\/www.freiburg-schwarzwald.de\/blog\/religion\/islam\/islamisierung\/\">BKA-Chef M\u00fcnch: Radikale in Moscheen<\/a> (14.5.2016)<\/li>\n<li>Die Parallelwelt der Moscheen geh\u00f6rt ausgeleuchtet (30.4.2016)<\/li>\n<li>Moscheen &#8211; Leider keine Orte der Integration (29.3.2016)<\/li>\n<li>Moscheen und Moscheevereine sind keine Orte der Integration (7.12.2015)<\/li>\n<li><\/li>\n<li><a title=\"Christchurch\" href=\"https:\/\/www.freiburg-schwarzwald.de\/blog\/religion\/islam\/terror\/christchurch\/\">Christchurch<\/a><\/li>\n<li><a title=\"Ditib\" href=\"https:\/\/www.freiburg-schwarzwald.de\/blog\/global\/tuerkei\/ditib\/\">Ditib &#8211; T\u00fcrkischer Staats-Islam in Deutschland\u00a0<\/a><\/li>\n<li><a title=\"Integrieren\" href=\"https:\/\/www.freiburg-schwarzwald.de\/blog\/global\/integration\/integrieren\/\">Integrieren<\/a><\/li>\n<li><a title=\"Islam-Organisationen\" href=\"https:\/\/www.freiburg-schwarzwald.de\/blog\/religion\/islam\/islam-organisationen\/\">Islam-Organisationen<\/a><\/li>\n<li><a title=\"Migration-Maenner\" href=\"https:\/\/www.freiburg-schwarzwald.de\/blog\/global\/migration\/migration-maenner\/\">Migration<\/a><\/li>\n<li><a title=\"Migration-Bildung\" href=\"https:\/\/www.freiburg-schwarzwald.de\/blog\/global\/migration\/migration-bildung\/\">Migration-Bildung<\/a><\/li>\n<li><a title=\"Parallelkultur\" href=\"https:\/\/www.freiburg-schwarzwald.de\/blog\/global\/integration\/parallelkultur\/\">Parallelkultur<\/a><\/li>\n<li><a title=\"Pluralismus\" href=\"https:\/\/www.freiburg-schwarzwald.de\/blog\/religion\/pluralismus\/\">Pluralismus &#8211; religi\u00f6s<\/a><\/li>\n<li><a href=\"https:\/\/www.freiburg-schwarzwald.de\/blog\/religion\/islam\/ramadan\/\">Ramadan<\/a><\/li>\n<li><a href=\"https:\/\/www.freiburg-schwarzwald.de\/blog\/engagement\/zukunft\/demokratie\/staatsversagen\/staat-kapituliert\/\">Staat-kapituliert<\/a><\/li>\n<li><a href=\"https:\/\/www.freiburg-schwarzwald.de\/blog\/engagement\/zukunft\/demokratie\/tabu\/\">Tabu<\/a><\/li>\n<\/ul>\n<p><a href=\"https:\/\/www.freiburg-schwarzwald.de\/blog\/wp-content\/uploads\/2024\/04\/imam-predigt-kuffar240417.jpg\"><img loading=\"lazy\" decoding=\"async\" class=\"alignnone size-full wp-image-122777\" src=\"https:\/\/www.freiburg-schwarzwald.de\/blog\/wp-content\/uploads\/2024\/04\/imam-predigt-kuffar240417.jpg\" alt=\"\" width=\"486\" height=\"384\" srcset=\"https:\/\/www.freiburg-schwarzwald.de\/blog\/wp-content\/uploads\/2024\/04\/imam-predigt-kuffar240417.jpg 486w, https:\/\/www.freiburg-schwarzwald.de\/blog\/wp-content\/uploads\/2024\/04\/imam-predigt-kuffar240417-180x142.jpg 180w\" sizes=\"auto, (max-width: 486px) 100vw, 486px\" \/><\/a>\u00a0 <a href=\"https:\/\/www.freiburg-schwarzwald.de\/blog\/religion\/islam\/islam-deutschland\/\">mehr<\/a><\/p>\n<div id=\"attachment_147422\" style=\"width: 651px\" class=\"wp-caption alignnone\"><a href=\"https:\/\/www.freiburg-schwarzwald.de\/blog\/wp-content\/uploads\/2026\/04\/Koelner-dom-Ditib-Moschee-pan2026.jpg\"><img loading=\"lazy\" decoding=\"async\" aria-describedby=\"caption-attachment-147422\" class=\"size-full wp-image-147422\" src=\"https:\/\/www.freiburg-schwarzwald.de\/blog\/wp-content\/uploads\/2026\/04\/Koelner-dom-Ditib-Moschee-pan2026.jpg\" alt=\"\" width=\"641\" height=\"407\" srcset=\"https:\/\/www.freiburg-schwarzwald.de\/blog\/wp-content\/uploads\/2026\/04\/Koelner-dom-Ditib-Moschee-pan2026.jpg 641w, https:\/\/www.freiburg-schwarzwald.de\/blog\/wp-content\/uploads\/2026\/04\/Koelner-dom-Ditib-Moschee-pan2026-180x114.jpg 180w\" sizes=\"auto, (max-width: 641px) 100vw, 641px\" \/><\/a><p id=\"caption-attachment-147422\" class=\"wp-caption-text\">Zentralmoschee der <a href=\"https:\/\/www.freiburg-schwarzwald.de\/blog\/global\/tuerkei\/ditib\/\">DITIB<\/a> in K\u00f6ln-Ehrenfeld und dahinter der K\u00f6lner Dom in 2026<\/p><\/div>\n<p><strong>=======================================================<\/strong><\/p>\n<p>&nbsp;<\/p>\n<p>&nbsp;<\/p>\n<p><strong>Manuel Ostermann: Blaue Moschee in Hamburg geh\u00f6rt abgerissen<\/strong><br \/>\nDie sogenannte Blaue Moschee in Hamburg ist offiziell die Imam-Ali-Moschee, Teil des Islamischen Zentrums Hamburg (IZH) an der Au\u00dfenalster in Uhlenhorst. Sie wurde zwischen 1960 und 1965 im Stil der Imam-Ali-Moschee in Nadschaf (Irak) errichtet, finanziert von iranischen Kaufleuten, und ist eine der \u00e4ltesten Moscheen Deutschlands. Sie bietet mehr als 1500 Menschen Platz. Die Moschee diente jahrzehntelang als religi\u00f6ser und kultureller Treffpunkt f\u00fcr Schiiten \u2013 vorwiegend aus Iran, Irak, T\u00fcrkei und Afghanistan \u2013 und beinhaltete auch eine Bibliothek, eine Akademie und R\u00e4umlichkeiten f\u00fcr Veranstaltungen und den interreligi\u00f6sen Dialog.<br \/>\nIm Juli 2024 wurde das IZH \u2013 und damit auch die Blaue Moschee \u2013 vom deutschen Bundesinnenministerium verboten. Begr\u00fcndet wurde das Verbot unter anderem mit der Unterst\u00fctzung extremistischer Gruppen wie der Hisbollah, antiisraelischer Hetze sowie einer engen Verbindung zum iranischen Regime.<br \/>\nNun fordert Deutschlands bekanntester Polizist, Manuel Ostermann (\u201eDeutschland ist nicht mehr sicher\u201c) indirekt ein Demonstrationsverbot f\u00fcr den geplanten Auftritt von 2000 (!) Islamisten, deren Abschiebung und einen Abriss der Moschee:<br \/>\n@M_Ostermann<br \/>\n1: Islamisten sollten unsere Verfassung nicht f\u00fcr ihre Zwecke missbrauchen d\u00fcrfen.<br \/>\n2: die Blaue Moschee geh\u00f6rt abgerissen. Am besten heute noch.<br \/>\n3: Islamisten geh\u00f6ren rechtsstaatlich bek\u00e4mpft, beobachtet, ausgewiesen und angeschoben.<br \/>\n&#8230; Alles vom 19.7.2025 von Manuel Ostermann bitte lesen auf<br \/>\n<a href=\"https:\/\/x.com\/M_Ostermann\/status\/1946499111311605911\">https:\/\/x.com\/M_Ostermann\/status\/1946499111311605911<\/a><br \/>\n.<br \/>\nDie \u201eInitiative freies Europa\u201c hat eine Gegendemonstration unter dem Motto \u201eDeutschland islamistenfrei\u201c angemeldet.<br \/>\n&#8230; Alles vom 19.7.2025 bitte lesen auf<br \/>\n<a href=\"https:\/\/philosophia-perennis.com\/2025\/07\/19\/deutschland-bekanntester-polizist-blaue-moschee-gehoert-abgerissen\/\">https:\/\/philosophia-perennis.com\/2025\/07\/19\/deutschland-bekanntester-polizist-blaue-moschee-gehoert-abgerissen\/<\/a><\/p>\n<p>&nbsp;<\/p>\n<p><strong>Nach wem sind Moscheen in Deutschland benannt?\u00a0<\/strong><br \/>\nIn den fr\u00fchen 1980er Jahren ging es um die sogenannte \u201eNachr\u00fcstung\u201c, die Stationierung amerikanischer Mittelstreckenraketen im Deutschland (respektive was davon noch \u00fcbrig bliebe, drohte der kalte Krieg zwischen den Milit\u00e4rbl\u00f6cken zu einem hei\u00dfen zu werden). Und wie auch heute wieder, behauptete die NATO schon damals, der Bedrohung von Osten \u2013 damals durch den Warschauer Pakt \u2013 lasse dem Westen keine andere Wahl, als taktische und weiterreichende Atomwaffen zu stationieren, gerade in Deutschland als Frontstaat. Jene \u201enukleare Teilhabe\u201c, von der heute Baerbock, Strack-Zimmermann, Kiesewetter &amp; Co. wieder tr\u00e4umen, sollten wir damals von den USA geschenkt bekommen. Klar war damals (wie auch heute wieder), dass wir dadurch zum vordersten Angriffsziel russischer Atomraketen geworden w\u00e4ren.<\/p>\n<p>In jenen Jahren warb ein amerikanischer Reiseveranstalter sarkastisch f\u00fcr \u201eReisen nach Deutschland, solange es das Land noch gibt\u201c \u2013 denn im Ernstfall w\u00e4re nicht mehr viel von unserem Land \u00fcbriggeblieben. Gegen ein solches Szenario w\u00e4re der Ukrainekrieg ein laues Milit\u00e4rman\u00f6ver, bei dem man die Opfer sogar noch z\u00e4hlen kann (es sind trotzdem viel zu viele). Doch es kam bekanntlich anders: Der todbringende Ostblock fiel in sich zusammen wie ein Kartenhaus. Und von der ach so bedrohlichen Volksarmee der DDR wurde weder qualifiziertes Personal noch deren Waffenarsenal in die Bundeswehr eingegliedert, weil es anscheinend zu nichts taugte \u2013 was immerhin insofern erstaunlich war, als man im Westen jahrelang jede Hochr\u00fcstung damit begr\u00fcndet hatte, infolge der konventionellen \u00dcberlegenheit des Ostens w\u00fcrde man andernfalls binnen k\u00fcrzester Zeit \u00fcberrannt werden. Schlie\u00dflich wurde nun das damalig projektierte \u201cSchlachtfeld Deutschland\u201d in die Ukraine verlegt, dem neuen Frontstaat.<\/p>\n<p>Wozu in die Ferne schweifen?<br \/>\nJedenfalls kann man heute mit der damaligen Werbekampagne garantiert keine Amis mehr nach Deutschland locken. Aber daf\u00fcr gibt es ein anderes Zugpferd, das mein Ansage!-Autorenkollege Meinrad M\u00fcller vergangene Woche in einer launigen Satire hier vorstellte: Rundreisen zu den sch\u00f6nsten Moscheen Deutschlands \u2013 \u201eein Urlaub wie in Tausendundeiner Nacht.\u201c https:\/\/ansage.org\/rundreise-zu-den-neun-schoensten-moscheen-deutschlands-ein-urlaub-wie-in-tausendundeiner-nacht\/ Tats\u00e4chlich k\u00f6nnte diese Idee als Reisekonzept fruchten \u2013 denn wozu in die Ferne schweifen, was man im n\u00e4heren Deutschland dasselbe haben kann? Zumal viele Amerikaner sowieso nicht wissen, wo die arabischen L\u00e4nder oder die T\u00fcrkei mit ihren vielen Moscheen liegen. Au\u00dferdem: Nicht nur die Handelsbilanz ist nicht ausgeglichen, sondern auch die Dienstleistungsbilanz \u2013 wenn auch mit umgekehrten Vorzeichen: Deutsche bereisten bislang gerne die Sehensw\u00fcrdigkeiten in den USA, und die Amerikaner umgekehrt die Merkw\u00fcrdigkeiten Deutschlands. Das soll sich nun \u00e4ndern.<br \/>\nIn der Satire M\u00fcllers boomt der Tourismus in Deutschland dank der anhaltenden Ausbreitung des Islam: \u201eEin echtes touristisches Highlight f\u00fcr Urlauber aus den USA stellt eine 10-t\u00e4gige Reise zu den neun pr\u00e4chtigsten Moscheen des k\u00fcnftigen Kalifats Germanistan dar, inklusive der Erkundung multikulturell bereicherter Viertel und bunter Wochenm\u00e4rkte, auf denen sich das friedliche Zusammenleben der Kulturen hautnah erleben l\u00e4sst\u201c, wird dieses Reiseangebot eingangs beschrieben: \u201eDer Nahe Osten beginnt in K\u00f6ln \u2026 dem multikulturellen Herzen am Rhein\u201c. Weiter geht\u2019s nach Duisburg, Essen und Dortmund im Ruhrgebiet \u2013 und schlie\u00dflich \u00fcber Hamburg nach Berlin. Die Moscheen und ihr kulturelles Umfeld werden im \u201cReiseprogramm\u201d schw\u00e4rmerisch beschrieben \u2013 nicht aber die Hintergr\u00fcnde der Moschee-Namen. Dies soll hiermit nachgeholt werden.<\/p>\n<p>Eine kleine Namenskunde der Moscheen<br \/>\nZun\u00e4chst zur <strong>Imam-Ali-Moschee<\/strong>. Zum Namenspatron Imam Ali auszugsweise folgende Hintergr\u00fcnde <a href=\"https:\/\/de.wikipedia.org\/wiki\/%CA%BFAl%C4%AB_ibn_Ab%C4%AB_T%C4%81lib\">https:\/\/de.wikipedia.org\/wiki\/%CA%BFAl%C4%AB_ibn_Ab%C4%AB_T%C4%81lib<\/a>: \u201eEine dritte Partei in dem Konflikt bildeten Mohammeds Witwe \u02bf\u0100\u2019ischa und die beiden Prophetengef\u00e4hrten Talha ibn \u02bfUbaidall\u0101h und az-Zubair ibn al-\u02bfAuw\u0101m. Sie begaben sich nach Basra und bauten sich dort eine Widerstandsbasis auf. Am 10. Dschumada th-thaniyya des Jahres 36 (= 4. Dezember 656) kam es zu einer Schlacht zwischen den beiden Lagern, die f\u00fcr die Partei \u02bf\u0100\u2019ischas mit einer vernichtenden Niederlage endete. Talha und az-Zubair fielen, die Verb\u00e4nde \u02bfAl\u012bs gingen als klare Sieger hervor. Da \u02bf\u0100\u2019ischa dieser Schlacht in einer Kamels\u00e4nfte beigewohnt hatte, hat man sie Kamelschlacht genannt <a href=\"https:\/\/de.wikipedia.org\/wiki\/Kamelschlacht\">https:\/\/de.wikipedia.org\/wiki\/Kamelschlacht<\/a> . Unter Ali begann sich das politische Zentrum des Kalifats zu verschieben. So befand sich nicht nur seine Residenz Kufa au\u00dferhalb der Arabischen Halbinsel, sondern auch seine Feinde Aischa und Muawiya st\u00fctzten sich auf ihre Anh\u00e4ngerschaft im Irak (Mesopotamien) bzw. in Scham (Syrien)\u2026\u201c Kurzer Wissenscheck: Haben sich die Apostel Jesu Christi Schlachten geliefert, au\u00dfer der Redeschlacht auf dem Apostelkonzil im Jahr 48 in Jerusalem?<\/p>\n<p>Dann zur <strong>Sehitlik-Moschee.<\/strong> Sehitlik bedeutet \u201cder M\u00e4rtyrer\u201d, dazu ist in der deutschsprachigen Literatur vergleichsweise wenig zu finden. Aus dieser Beschreibung der \u201cWelt\u201d einer nach dem \u201cM\u00e4rtyer\u201d benannten Berliner Moschee geht jedoch hervor: \u201eZwei Drahtzieher des Genozids an den Armeniern im Ersten Weltkrieg liegen in Ehrengr\u00e4bern an der Berliner Sehitlik-Moschee. Der Friedhof liegt mitten in der Hauptstadt \u2013 geh\u00f6rt aber zur T\u00fcrkei\u2026 Strahlend wei\u00df stehen die Marmorsteine auf zwei Ehrengr\u00e4bern des Friedhofs der t\u00fcrkischen Sehitlik-Moschee in Berlin-Neuk\u00f6lln\u2026 Begraben sind hier Drahtzieher des V\u00f6lkermordes an den Armeniern\u2026 Die Sehitlik-Moschee ist der repr\u00e4sentativste klassisch-osmanische Sakralbau des gr\u00f6\u00dften deutschen Islamverbands T\u00fcrkisch-Islamische Union der Anstalt f\u00fcr Religion (Ditib). Mit spitz aufragenden Minaretten, Kuppel und reichem Ornament. Sie ist eine beliebte Kulisse f\u00fcr die mediale Inszenierung interreligi\u00f6sen Dialogs.\u201c Na, dann ist ja alles in Ordnung! Oder? Nein, die sch\u00f6nsten christlichen Armenierinnen wurden damals auserw\u00e4hlt f\u00fcr was auch immer; alle anderen wurden im Schwarzen Meer ertr\u00e4nkt.<\/p>\n<p>Hinrichtungen, Versklavungen, Vergewaltigungen<br \/>\nSodann zur <strong>Ibn-Rushd-Goethe-Moschee<\/strong> <a href=\"https:\/\/de.wikipedia.org\/wiki\/Ibn-Rushd-Goethe-Moschee\">https:\/\/de.wikipedia.org\/wiki\/Ibn-Rushd-Goethe-Moschee<\/a> , der einzig \u201cliberalen\u201d Moschee Deutschlands (und wohl auch in der Welt). Angesichts dieser Attribuierung wundert man sich einigerma\u00dfen \u00fcber die Person dieses Ab\u016b l-Wal\u012bd ibn Ruschd, hierbeschrieben: \u201eIbn Ruschd lebte in einer Zeit gro\u00dfer \u00e4u\u00dferer Bedrohungen. W\u00e4hrend seiner Jugendzeit weitete Alfons I. von L\u00e9on-Kastilien seinen Herrschaftsbereich weit \u00fcber den Duero-Fluss nach S\u00fcden aus und eroberte 1085 Toledo. Von 1117 bis 1121, in einer Zeit, als zu den \u00e4u\u00dferen Bedrohungen auch innere Unruhen kamen, amtierte Ibn Ruschd als Q\u0101d\u012b und Leiter des Gebets von C\u00f3rdoba. In einem Fatwa \u2026 urteilte Ibn Ruschd, dass aufgrund der st\u00e4ndigen \u00dcberf\u00e4lle von christlicher Seite auf islamisches Gebiet eine Schutzpflicht gegen\u00fcber christlichen H\u00e4ndlern \u2026 nicht mehr best\u00e4nde. Nach dem gro\u00dfen Feldzug des christlichen Herrschers Alfons I. nach Andalusien im Jahre 1125 sprach er am 30. M\u00e4rz 1126 in Marrakesch bei \u02bfAl\u012b ibn Y\u016bsuf ibn T\u0101schuf\u012bn vor, um ihn vor der seiner Ansicht nach weiter bestehenden Gefahr zu warnen. Ibn Ruschd wird auch mit der Entscheidung des almoravidischen Herrschers von 1126 in Zusammenhang gebracht, einige von den christlichen Bewohnern von C\u00f3rdoba, Sevilla und Granada zu deportieren.\u201d Aus meiner Sicht muss die Frage erlaubt sein, wie der Islam auf der iberischen Halbinsel wohl Fu\u00df gefasst hat \u2013 durch Gebete oder durch das Schwert? Und wer hier eher im Recht gewesen w\u00e4re, \u201e\u00dcberf\u00e4lle\u201c und Feldz\u00fcge zu unternehmen? Und was hat um Himmels Willen Johann Wolfgang von Goethe in einem Moschee-Namen zu suchen?<\/p>\n<p>Zur <strong>Fatih-Mosche<\/strong>, von den denen es unz\u00e4hlige in Deutschland gibt: Fatih alias Mehmed II. war der wohl gr\u00f6\u00dfte der Eroberer im Dienste Muhammads und wurde auch \u201cder Christenschl\u00e4chter\u201d genannt. Zu seinen \u201eVerdiensten\u201c geh\u00f6rte die Eroberung Konstantinopels, der Hauptstadt des ostr\u00f6mischen Reiches. Daraus nur die folgende kurze Episode der Vernichtungspolitik dieses islamischen \u201cHelden\u201d: \u201eUm eine Zerst\u00f6rung Konstantinopels zu verhindern, hatte Mehmed II. die freiwillige \u00dcbergabe durch \u00dcbereinkunft angestrebt, doch eine Kapitulationsaufforderung an Kaiser Konstantin XI. war ohne Erfolg geblieben. Unterdessen hatte ihn sein Berater Ak\u015femseddin gedr\u00e4ngt, die Stadt im Kampf zu nehmen. Als Konstantinopel 1453 gefallen war, wurde die durch Gewalt eingenommene Stadt gepl\u00fcndert. Die ohnehin schon geschw\u00e4chte Wirtschaft der Stadt wurde zerst\u00f6rt und die Bev\u00f6lkerung teilweise versklavt, get\u00f6tet oder vertrieben. In der Chronik des Aschikpaschazade hei\u00dft es dazu: Da gab es gute Beute. Gold und Silber und Juwelen und kostbare Stoffe wurden auf den Markt im Heerlager gebracht und in Haufen aufgestapelt; all dieses wurde nun feilgeboten. Die Giauren (Christen) von \u0130stanbul wurden zu Sklaven gemacht, und die sch\u00f6nen M\u00e4dchen wurden von den Gazi in die Arme genommen.\u201c Selbstredend handelte es sich bei Letztgenannten um Christinnen, die brutal vergewaltigt wurden. Alles vorbei und vergessen? Man stelle sich vor, eine Kirche w\u00e4re nach einem Muslimschl\u00e4chter benannt worden \u2013 zum Beispiel \u201cT\u00fcrkenlouis-Kirche\u201d <a href=\"https:\/\/www.welt.de\/geschichte\/article148259079\/Das-Genie-aus-Baden-bezwang-die-tuerkische-Uebermacht.html\">https:\/\/www.welt.de\/geschichte\/article148259079\/Das-Genie-aus-Baden-bezwang-die-tuerkische-Uebermacht.html<\/a>.<\/p>\n<p>Fragw\u00fcrdige historische Figuren<br \/>\nDiese kurze Auswahl an Namen zeigt auf frappierende Weise, wie die \u201ckritische Aufarbeitung\u201d der eigenen Geschichte im Islam bis heute aussieht: Leider im Verkl\u00e4ren und Verherrlichen selbst von blutr\u00fcnstigen Massenm\u00f6rdern. Und das gilt offensichtlich auch f\u00fcr die \u201cweltoffenen\u201d Muslime in Deutschland, die in Moscheen predigen, die nach diesen fragw\u00fcrdigen historischen Figuren benannt sind. Auf meinen zahlreichen Reisen auch in islamische L\u00e4nder wurde ich oft von \u00f6rtlichen Reiseleitern angelogen, wer dies und das angeblich erbaut und wer dieses und jenes Land eigentlich erobert habe. Ich empfahl ihnen stets, sich einmal \u2013 analog zu Bertolt Brechts \u201cFragen eines lesenden Arbeiters\u201d <a href=\"https:\/\/www.lfs-koeln.de\/wp-content\/uploads\/2020\/09\/Bertolt-Brecht.pdf\">https:\/\/www.lfs-koeln.de\/wp-content\/uploads\/2020\/09\/Bertolt-Brecht.pdf<\/a> \u2013 kritische Fragen zu stellen, die sich einem des Lesens m\u00e4chtigen Besucher zwangsl\u00e4ufig aufdr\u00e4ngen. Dies gilt auch f\u00fcr Besucher der Moscheen in Deutschland, nicht nur um Rahmen von Rundreisen, sondern zum Beispiel auch beim \u2013 sinnf\u00e4lligerweise allj\u00e4hrlich ausgerechnet am deutschen Nationalfeiertag 3. Oktober begangenen \u2013 \u201cTag der Offenen Moschee\u201d, der sich daf\u00fcr hervorragend anbietet.<\/p>\n<p>Meine blutige, pardon: blumige Pr\u00e4sentation des Islams in Germanistan, wie sie Reiseveranstalter vielleicht bald schon auch nicht-satirisch im Programm f\u00fchren, m\u00f6chte ich mit einer ketzerischen Frage schlie\u00dfen: Hat Deutschland eigentlich keine bessere Kultur zu bieten als die muslimische?<br \/>\n22.5.2025, Albrecht K\u00fcnstle, Herbolzheim, kuenstle.a \u00e4t gmx.de<\/p>\n<p>&nbsp;<\/p>\n<p>&nbsp;<\/p>\n<p>&nbsp;<\/p>\n<p><strong>Linke Chaoten greifen Moschee in Leipzig an<\/strong><br \/>\nAnschlag auf die Ditib Ey\u00fcp Sultan Moschee im Leipziger Osten. Ein gegen vermeintliche Polizeigewalt randalierender Mob warf Scheiben des muslimischen Gebetshauses ein. In der N\u00e4he wurden Autos angegriffen, M\u00fclltonnen angez\u00fcndet.<br \/>\n&#8230;<br \/>\nWarum greifen ausgerechnet <a href=\"https:\/\/www.freiburg-schwarzwald.de\/blog\/business\/dienste\/immobilien\/linksterror\/\">Linksradikale<\/a> eine Moschee an? Die <a href=\"https:\/\/www.freiburg-schwarzwald.de\/blog\/selbsthilfe\/krise\/gewalt\/linke-gewalt\/antifa\/\">Antifa<\/a> betrachtet die Moscheen vom Tr\u00e4gerverein Ditib (\u201eT\u00fcrkisch-Islamischen Union der Anstalt f\u00fcr Religion e.V.\u201c) \u201enicht als Gottesh\u00e4user oder Moscheen, sondern vielmehr als Orte f\u00fcr faschistische Propaganda, t\u00fcrkisch-nationalistische Indoktrination.\u201c<br \/>\nSo steht in einem auf \u201eindymedia.org\u201c ver\u00f6ffentlichten Bekennerschreiben zu einem Farbanschlag auf die gleiche Moschee im Sommer 2018: \u201eWenn man sich all der Gr\u00e4ueltaten, welche vom t\u00fcrkischen Staat aus geschehen, bewusst ist, wenn man versteht, welche wichtige Rolle Deutschland hierbei spielt und wie tief vernetzt die DITIB mit den deutschen Beh\u00f6rden ist, dann braucht es darauf eine Antwort.\u201c<br \/>\n&#8230; Alles vom 14.12.2021 bitte lesen auf<br \/>\n<a href=\"https:\/\/www.bild.de\/regional\/leipzig\/leipzig-news\/linksextremismus-pyro-mob-greift-moschee-in-leipzig-an-78536316.bild.html\">https:\/\/www.bild.de\/regional\/leipzig\/leipzig-news\/linksextremismus-pyro-mob-greift-moschee-in-leipzig-an-78536316.bild.html<\/a><\/p>\n<p>&nbsp;<\/p>\n<p><strong>Erol \u00dcnal: Der Abtr\u00fcnnige &#8211; 15 Jahre Moscheegemeinden<\/strong><br \/>\nDer t\u00fcrkische Aussteiger Erol \u00dcnal berichtet aus seinen 15 Jahren in Moscheegemeinden in Deutschland und welche Rolle dort der Antisemitismus spielt. Seine Einblicke in eine Welt von Fundamentalisten und t\u00fcrkischen Rechtsextremen sind nun als Buch erschienen.<br \/>\nErol \u00dcnal hat es geschafft, sich von einem Hinterhofmoschee-G\u00e4nger zum Agnostiker zu wandeln. Der in Baden-W\u00fcrttemberg aufgewachsene T\u00fcrke beschreibt in seinem Buch \u201eDer Abtr\u00fcnnige. 15 Jahre in Moscheegemeinden.\u201c wie es zu seinem Sinneswandel kam. Dem Leser wird nicht nur Einblick in eine, sondern gleich mehrere Parallelgesellschaften geboten, denn die Moscheegemeinden in Deutschland sind bunt und vielf\u00e4ltig. \u201eDer Eintritt in die Parallelgesellschaft\u201c ist deswegen auch ein treffender Titel f\u00fcr das erste Kapitel des Buches, in dem der Initiationsritus der Beschneidung beschrieben wird, der ihn erst zu einem vollwertigen Mitglied der \u201et\u00fcrkisch-muslimischen Community\u201c macht, und in einer Esslinger Hinterhofmoschee der Mill\u00ee G\u00f6r\u00fc\u015f durchgef\u00fchrt wurde. Auf diese einleitende Anekdote folgen zehn Kapitel, in denen \u00d6nal seinen religi\u00f6sen Werde- und Abgang vom Islam nachzeichnet.<\/p>\n<p>Doch er l\u00e4sst nicht nur eigene Erfahrungen mit einflie\u00dfen, sondern auch die Erlebnisse seines Bruders \u00d6mer und die von Verwandten und Freunden, anhand derer die volle Bandbreite der unterschiedlichen Str\u00f6mungen der t\u00fcrkisch-muslimischen Gemeinden in Deutschland aufgezeigt wird. Es wird deutlich, dass eine Moschee mitnichten blo\u00df ein Ort zum Beten ist, sondern dar\u00fcber hinaus Einkaufsm\u00f6glichkeiten, ein Friseur, etwas zum Essen angeboten wird.<br \/>\nEine selbsterrichtete Parallelgesellschaft, mitten in Deutschland, die alles \u201eNotwendige eines Zusammenlebens\u201c zu bieten hat. Den Moscheeverb\u00e4nden wird jeweils ein Kapitel gewidmet und die jeweilige Geschichte und politisch-religi\u00f6se Ideologie aufgezeigt. Unterschiedlich sind diese in \u00c4u\u00dferlichkeiten, der Autor verwendet gar den Ausdruck \u201eUniformen\u201c, um dies zu beschreiben. Damit meint er zum einen die Art der Kleidung, aber auch die Form der B\u00e4rte und der Begr\u00fc\u00dfungen. Ein Engagement in der Gemeinde kann auch f\u00f6rderlich f\u00fcr die eigene berufliche Karriere sein.<br \/>\n&#8230; Alles vom 12.12.2021 bitte lesen auf<br \/>\n<a href=\"https:\/\/juedischerundschau.de\/article.2021-12.erol-uenal-der-abtruennige.html\">https:\/\/juedischerundschau.de\/article.2021-12.erol-uenal-der-abtruennige.html<\/a><br \/>\n.<br \/>\nErol \u00dcnal: Der Abtr\u00fcnnige<br \/>\n15 jahre in moscheegemeinden. meine einblicke in eine Welt von Fundamentalisten und Rechtsextremen \u00fcber Radikale bis zu Sufis<br \/>\nAngelika Lenz Verlag, 2021<\/p>\n<p>&nbsp;<\/p>\n<p><strong>Muezzinruf und Taqiyya: Toleranz durch T\u00e4uschung<br \/>\n<\/strong>von Dr. Udo Hildenbrand<br \/>\nDie vorl\u00e4ufige Genehmigungserteilung des Muezzin-Rufes in K\u00f6ln l\u00f6ste in den Medien eine Reihe von Berichten aus, so auch ein Bericht in der WELT AM SONNTAG vom 24. Oktober 2021 mit dem Beruhigungs-Titel: \u201eDer Ruf des Muezzins muss uns nicht fremd sein\u201c.<br \/>\n<a href=\"https:\/\/www.welt.de\/debatte\/kommentare\/plus234648492\/Islam-Was-der-Ruf-des-Muezzins-wirklich-bedeutet.html\">https:\/\/www.welt.de\/debatte\/kommentare\/plus234648492\/Islam-Was-der-Ruf-des-Muezzins-wirklich-bedeutet.html<\/a><br \/>\nDie beiden Autoren, Angelika Neuwirth und Dirk Hartwig, sind Mitglieder der Berlin-Brandenburgischen Akademie der Wissenschaften. Das hindert sie offensichtlich nicht daran, sich in ihrer Darstellung dem Vorwurf des Verf\u00e4lschens und Verschweigens auszusetzen mit dem Ziel, als Sprachrohr der Muslime den \u00f6ffentlichen Muezzin-Ruf durchzusetzen, der bekanntlich von der deutschen Mehrheitsbev\u00f6lkerung eindeutig abgelehnt wird.<br \/>\nDie beiden Autoren dieses Artikels sind Vertreter eines Langzeitprojekts der genannten Akademie mit dem vielsagenden, verh\u00fcllenden (?) Namen \u201eCorpus Coranicum\u201c (= Der koranische Leib). Mit der Interpretation des Muezzin-Rufes verf\u00e4lschen sie wohl ganz bewusst in verschiedener Hinsicht die Ziele der Muslime. Doch hinter diesem Verf\u00e4lschen ist zugleich die offenkundige Absicht zu erkennen, genau deren Zielsetzung zu erreichen, n\u00e4mlich: Die Durchsetzung des \u00f6ffentlichen Muezzin-Rufes auch hier bei uns in Deutschland gegen alle Widerst\u00e4nde und Meinungsumfragen. Taqiyya, die islamlegitimierte T\u00e4uschung um des islamischen Glaubens willen, l\u00e4sst auch hier sch\u00f6n gr\u00fc\u00dfen.<\/p>\n<p>So verf\u00e4lschen die Autoren, die sich mit der Aura der Wissenschaft schm\u00fccken, ungeniert die richtige \u00dcbersetzung des zum Muezzin-Ruf geh\u00f6renden Gebetsrufes \u201eAllahu-akbar\u201c: Sie lautet in zwei \u00dcbersetzungsm\u00f6glichkeiten: \u201e Allah ist gr\u00f6\u00dfer\u201c oder alternativ: \u201eAllah ist am gr\u00f6\u00dften\u201c (bzw. auch \u201eAllah ist der Allergr\u00f6\u00dfte\u201c). Die Autoren aber w\u00e4hlen anstatt des Komparativs (\u201egr\u00f6\u00dfer\u201c) bzw. des m\u00f6glichen Superlativs (\u201eam gr\u00f6\u00dften\u201c) einfach die Positivform und \u00fcbersetzen den Ruf f\u00e4lschlicherweise mit \u201eGott ist gro\u00df\u201c. Die Bezeichnung \u201eAllah\u201c wird dabei ersetzt durch \u201eGott\u201c.<br \/>\nDrei Worte \u2013 zwei Verf\u00e4lschungen. Damit d\u00fcrften die Autoren wohl aus taktischen Gr\u00fcnden beabsichtigen, die Sprengkraft des eigentlichen Allahu-Akbar-Rufes zu entsch\u00e4rfen, n\u00e4mlich dessen anma\u00dfende \u00dcberhebung \u00fcber alle anderen Religionen, die gleichzeitig auf provokative Weise abqualifiziert werden.<\/p>\n<p>Muezzinruf in Duisburg:<br \/>\n<a href=\"https:\/\/twitter.com\/i\/status\/1452878634625249292\">https:\/\/twitter.com\/i\/status\/1452878634625249292<\/a><\/p>\n<p>Entgegen der Behauptung der Autoren, dass dieser &#8222;Ruf nichts spezifisch islamisches&#8220; beinhalte, ist diese \u00f6ffentliche Abqualifizierung aller anderen Religionen durch den Ruf des Muezzins \u2013 indirekt verbunden mit dem Herrschaftsanspruch des Islams \u2013 ein geradezu un\u00fcbersehbares Spezifikum der Religion Mohammeds.<br \/>\nNiemand kann sich dabei gegen diesen aggressiven islamischen Einladungs- und Gebetsruf wehren und ggf. auch gegen dessen Inhalt protestieren, wenn er ihn mit seiner kulturfremden Melodizit\u00e4t in der \u00d6ffentlichkeit h\u00f6rt, allzu oft auch noch in einer absto\u00dfenden und nervenden Weise vorgetragen, fern jeglicher musikalischen \u00c4sthetik.<br \/>\nWahrheitswidrig erwecken die Autoren dar\u00fcber hinaus den Eindruck, als ob Christen und Juden zur Verbreitung ihres religi\u00f6sen Bekenntnisses analog dem Muezzin-Ruf den \u00f6ffentlichen Raum nutzen w\u00fcrden. Als ob das rein musikalische Glockengel\u00e4ut, das zum europ\u00e4ischen Kulturgut geh\u00f6rt und keine religi\u00f6s-inhaltliche Botschaft proklamiert, mit dem kulturfremdem, wortgebundenen, gegen Andersgl\u00e4ubige provozierend gerichteten islamischen Bekenntnisgesang des Muezzins gleichgesetzt werden k\u00f6nnte.<\/p>\n<p>Vor allem aber: Alle Nichtmuslime, die den Muezzin-Ruf zwangsbeschallt anh\u00f6ren (m\u00fcssen), werden mit der Proklamation des islamischen Gottesbildes zumindest indirekt massiv beschimpft, menschlich entw\u00fcrdigt und bedroht. Zugleich sind mit bestimmten Koran-Aussagen von und \u00fcber Allah spezielle ethische Verhaltensweisen verbunden, die [U1] christlichen und anderen Wertvorstellungen der hiesigen Mehrheitsbev\u00f6lkerung massiv widersprechen und zugleich unserer freiheitlich-demokratischen Rechtsordnung entgegenstehen. Jene Koranverse, die diese schwerwiegende Feststellung belegen, sind in relevanten Ver\u00f6ffentlichungen aufgelistet und seien gerade auch den Unterst\u00fctzern und Verteidigern des Muezzin-Rufes zur aufmerksamen Lekt\u00fcre nachdr\u00fccklich empfohlen \u2013 vor allem auch im Koran selbst.<br \/>\nSollten sie sich tats\u00e4chlich daf\u00fcr Zeit nehmen, werden sie wahrscheinlich erschrocken entdecken, wer dieser im Muezzin-Ruf lautstark gepriesene Allah ist und zu welchen Handlungen er aufruft. Dabei werden sie u.a. erfahren: Er verflucht alle Nichtmuslime, , bezeichnet sie als \u201edie schlechtesten Gesch\u00f6pfe\u201c, nennt sie L\u00fcgner, verstandeslos und schlimmer als Tiere und erkl\u00e4rt sie f\u00fcr unrein und droht ihnen mit der H\u00f6llenstrafe. Auch verordnet er Pr\u00fcgelstrafen f\u00fcr Rufsch\u00e4digung und f\u00fcr sexuelle Verfehlung. Der \u201eAllbarmherzige\u201c verbietet, aus Mitleid von 80 bzw. 100 Hieben abzusehen. Auch gestattet er die Versklavung, den M\u00e4nnern aber, bis zu vier Ehefrauen zu haben, dar\u00fcber hinaus noch Geschlechtsverkehr mit Sklavinnen. Den M\u00e4nnern ist auch Frauentausch erlaubt. Ebenso d\u00fcrfen sie Ihre Frauen bei sexueller Verfehlung wegsperren \u2013 ggf. lebenslang.<\/p>\n<p>Bei ihrer Lekt\u00fcre der entsprechenden Koranverse werden die Sympathisanten und Verteidiger des Muezzin-Rufes auf ein Kaleidoskop von physisch und psychisch gepr\u00e4gten Aggressionsbegriffen von A-Z sto\u00dfen, von denen die Botschaft des auf den Minaretten proklamierten islamischen Gottes Allah gekennzeichnet ist. Dazu z\u00e4hlen Begriffe wie: Angreifen \u2013 Augenausstechen \u2013 Bek\u00e4mpfen \u2013 Beschimpfen \u2013 Diskriminieren \u2013 Erniedrigen \u2212 H\u00e4nde\/F\u00fc\u00dfe abhacken- \u2013 Hassen \u2014 Heucheln \u2013 R\u00e4chen \u2013 T\u00e4uschen \u2013 Schlagen \u2013 Steinigen \u2013 T\u00f6ten bei Glaubensabfall \u2013 Tribut erzwingen \u2013 Verfluchen \u2013 Versklaven \u2013 Versto\u00dfen \u2013 Vertreiben \u2013 \u00dcberfallen \u2013 Z\u00fcchtigen.<\/p>\n<p>Die beiden Autoren des in einer Akademie der Wissenschaften integrierten Langzeitprojektes verschweigen auch die Tatsache, dass der Muezzin nur M\u00e4nner, keineswegs Frauen und Kinder zum Gebet in die Moschee ruft. Wo bleibt denn da der Ruf nach \u201eDiversity\u201c (Vielfalt), wo der Protest der sonst so mutigen \u201eDiversitisten\u201c? Gro\u00dfes Schweigen. Zaghaft h\u00f6rbar ist noch das omin\u00f6se islamische Lieblingswort \u201eRespekt\u201c, (der nat\u00fcrlich immer nur von den Nichtmuslimen dem Islam und den Muslimen zu zollen ist, nie umgekehrt).<br \/>\nBegr\u00fcndete nicht erst k\u00fcrzlich die K\u00f6lner Oberb\u00fcrgermeisterin ihre (zun\u00e4chst zeitlich begrenzte?) Muezzinruf-Genehmigung mit dem Verweis auf diesen \u201eRespekt\u201cden Muslimen gegen\u00fcber, zugleich auch mit dem eigenlobheischenden Hinweis auf die \u201eVielfalt\u201c des Lebens in ihrer Stadt? Sie traf diese Entscheidung mit gro\u00dfer Wahrscheinlichkeit auch im Wissen, dass Dreiviertel der deutschen Mehrheitsbev\u00f6lkerung den Muezzin-Ruf ablehnt. Hatte sie dabei nicht auch k\u00fcnftige muslimische W\u00e4hlerstimmen im Blick?<br \/>\nBemerkenswert ist: Ausgerechnet eine Frau erteilt diese Genehmigung im Namen der \u201eVielfalt\u201c einer Religion, die in ihrer Lehre und Praxis alles andere als f\u00fcr \u201eVielfalt\u201c steht \u2013 nicht zuletzt auch im Blick auf die Frauenproblematik.<br \/>\nDesweiteren verschweigen die Autoren des Gastbeitrages in der WAMS vor allem auch, dass der Allahu-Akbar-Ruf als Teil des Muezzin-Rufes nicht nur ein Gebets- und Einladungsruf, sondern immer zugleich auch ein Droh-, Kampf- und Siegesruf ist, der Dominanz signalisiert und mit Aggression und Gewalt, mit Terror und Krieg droht sowie den Sieg des Islams \u00fcber seine Feinde verk\u00fcndet.<\/p>\n<p>In bestimmten Situationen l\u00f6st der Ruf \u201eAllahu akbar\u201c insbesondere aufgrund geschichtlicher Erfahrungen und der gegenw\u00e4rtigen, weltweiten islamischen Terroranschl\u00e4ge vor allem auch bei Nichtmuslimen Unruhe und Angst aus, nicht selten sogar Entsetzen, Panik und Todes\u00e4ngste. Ohne immer die inhaltliche Bedeutung dieses Rufes zu kennen, werden in vielen Betroffenen allein bei seiner akustischen Wahrnehmung diese Angstzust\u00e4nde hervorgerufen.<br \/>\nDavon berichten derzeit insbesondere auch Muslime, die den Islam verlassen haben, aus ihrer islamischen Heimat geflohen und jetzt hier bei uns wieder den angstbesetzten Allahu-Akbar-Rufen ausgesetzt sind. \u201eDer Muezzin-Ruf erinnert mich an Folter, Hetze und Blut \u2026 Das wollten wir nicht mehr h\u00f6ren, deswegen sind wir hierher gefl\u00fcchtet!\u201c- so jene Frau, die dem Terror in ihrer Heimat Bangladesh entflohen ist.<br \/>\nDer Allahu-Akbar-Ruf ist l\u00e4ngst zur Chiffre f\u00fcr die religi\u00f6s legitimierte Gewalt im Islam geworden. Er wird in einem freiheitlichen Land immer fremd bleiben, wie auch der Islam insgesamt, zumindest in seiner jetzigen Gestalt. Er ist auch keineswegs \u2013 wie die Autoren am Ende ihres Artikels behaupten \u2013 in Deutschland bereits \u201eheimisch\u201c geworden, wie u.a. die islamischen Parallelgesellschaften augenf\u00e4llig beweisen. Muslime neigen n\u00e4mlich dazu, Parallelgesellschaften zu bilden und auch bei uns nach dem schariatrischen, unserer demokratischen Rechtsordnung widersprechenden \u201eRecht\u201c zu leben. Und die Scharia kennt bekanntlich keine Religions- und Meinungsfreiheit f\u00fcr Nichtmuslime und somit auch keine \u201eVielfalt\u201c.<br \/>\nEiner Akademie der Wissenschaften ist jedenfalls das schnell erkennbare Verf\u00e4lschen und Verschweigen der eigentlichen Inhalte eines reflektierten Objektes \u2013 wie der Muezzin-Ruf in diesem Artikel \u2013 einfach unw\u00fcrdig. Das hier Gedruckte m\u00fcsste ihr peinlich sein. Da w\u00fcnscht man sich, dass dieses wahrscheinlich auch noch mit erheblichen Steuergeldern finanzierte Langzeitprojekt \u201eDer koranische Leib\u201c baldm\u00f6glichst zu einem abgeschlossenen Kurzzeitprojekt mutieren wird.<br \/>\n27.0.2021, <a href=\"https:\/\/www.freiburg-schwarzwald.de\/blog\/religion\/christen\/naechstenliebe\/\">Dr. Udo Hildenbrand<\/a> Link N\u00e4chstenliebe<br \/>\n.<br \/>\n<em>Dr. theol. Hildenbrand, Udo: Spiritual in einem Frauenkloster. Zuvor langj\u00e4hriger katholischer Gemeindepfarrer, auch Wissenschaftlicher Assistent am Lehrstuhl f\u00fcr Liturgiewissenschaft an der Universit\u00e4t Freiburg im Breisgau, Referent f\u00fcr Priesterfortbildung, Di\u00f6zesanpr\u00e4ses des Allgemeinen C\u00e4cilienverbandes der Erzdi\u00f6zese Freiburg, Generalpr\u00e4ses des deutschsprachigen C\u00e4cilienverbandes. Dozent im Fach Liturgik an der Staatlichen Hochschule f\u00fcr Musik in Freiburg und an anderen Ausbildungsst\u00e4tten. Herausgeber einiger B\u00fccher und Zeitschriftenartikel mit Schwerpunkt Liturgie und Kirchenmusik.<\/em><br \/>\n.<br \/>\nEinige Kommentare:<br \/>\n<strong>Kein Muezzinruf in der Schweiz<\/strong><br \/>\nIn der Schweiz hat man sich klar und breit gegen solche Bestrebungen entschieden. In K\u00f6ln wird nun das Gegenteil ausprobiert. Wird sich zeigen, ob das eher spaltet oder verbindet. Interessantes Experiment jedenfalls. Aber man kann froh sein, nicht Teil dieses Experiment zu sein.<br \/>\n27.10.2021, L.P.<\/p>\n<p>Leider glaube ich, da\u00df der Zeitpunkt zur Gegenwehr, &#8222;the point of no return&#8220; schon l\u00e4ngst \u00fcberschritten ist. Ich wage gar nicht daran zu denken , wenn wir infolge der wirtschaftlichen Lage unsere mohammedanischen Neub\u00fcrger nicht mehr angemessen finanzieren k\u00f6nnen.<br \/>\nDann ist ist Schlu\u00df mit Taqiyya , dann wird Ernst gemacht. Wie im Artikel beschrieben. Mich juckt es nicht mehr, aber ich habe Kinder und Enkel.<br \/>\n27.10.2021, P.ST<\/p>\n<p><strong>Die islamische Taqiyya l\u00e4sst gr\u00fc\u00dfen<\/strong><br \/>\nAlle, die sich zur Wehr setzen, waren, sind und bleiben Nazis. Das Kainsmal auf der Stirn des deutschen Volkes l\u00e4sst das deutsche Volk als T\u00e4tervolk fungieren. Das hei\u00dft, was immer das deutsche Volk sagt, denkt, tut, glaubt und schreibt: es ist immer das Volk der T\u00e4ter. Ein wohlgef\u00e4lliges Vakuum f\u00fcr den Islam ohne Kriegswaffen in Deutschland und Europa einzumarschieren. Die islamische Taqiyya l\u00e4sst gr\u00fc\u00dfen.<br \/>\n27.10.2021, Wol<\/p>\n<p><strong>Es ist eine solche Verirrung und und Verwirrung in den Frauen vorhanden<\/strong><br \/>\nEin sehr guter, wichtiger und sehr beunruhigender Beitrag. Leider lesen ihn auch wieder nur, die, die schon alarmiert sind und ratlos vor dem Treiben der &#8222;Frauen&#8220; stehen und nicht wissen, selbst als Frau, was sie noch tun k\u00f6nnen. Es tun Frauen, weil sie zeigen m\u00fcssen, dass sie besser sind als die M\u00e4nner, das ist das Gef\u00e4hrliche bei allen Themen, sie sind auch nicht sich bewu\u00dft, was die M\u00e4nnerwelt wie gerade die moslemisch gepr\u00e4gte eigentlich ist, sie denken an gef\u00fchlsbetonte und sentimentale Dinge, sie meinen, so die Welt endlich zum Guten ver\u00e4ndern zu k\u00f6nnen, sie sind mit den Macht- und Einflussmechanismen der seit Jahrtausenden herrschenden M\u00e4nnerwelt nicht im Kern der Sache vertraut, sie sind Frauen und wissen es nicht, was es bedeutet in der M\u00e4nnerwelt der Macht, des Geldes und der Konkurrenz. Es ist eine solche Verirrung und und Verwirrung in den Frauen vorhanden, dass einem nur Himmelangst werden kann, wenn man das alles sieht. Sie sind im Moment die missbrauchtesten Wesen auf der Welt und merken es nicht einmal und Merkel hat das mit ihrem unwissenden Verstand massiv befeuert. Wenn die M\u00e4nner dieser Fauen nicht doch noch aufwachen und das Ruder herumrei\u00dfen, dann gnade uns Gott.<br \/>\nAber wenn man liest, wie selbst M\u00e4nner die schon angegriffen und gef\u00e4hrlich verletzt wurden weibisch reden und wie sehr die \u00d6ffentlichkeit sich an die ganzen Untaten der M\u00e4nner die dieser Religion anh\u00e4ngen, gew\u00f6hnt haben, dann hat man eigentlich keine Hoffnung mehr, dass das Rad noch umgedreht werden kann. Wenn man den Artikel liest, wird es einem \u00fcbel und sehr schwer ums Herz, man k\u00f6nnte schreien und will retten, helfen und warnen, aber die geballte Hasskraft auf alle Kritik ist so massiv, dass man nur noch beten kann, dass eine h\u00f6here Macht uns hilft.<br \/>\nGott ist gn\u00e4dig, er besch\u00fctzt seine Kinder. Er hat seinen Sohn geschickt, damit alle Menschen sich unter dem einen Gott versammeln, anders wird es auf der Erde nicht besser. Solange es Religionen gibt, die sich \u00fcber andere stellen, ist sein Werk noch nicht getan. Es gibt nur einen SCH\u00d6PFERGEIST; der alle Menschen, die ganze Sch\u00f6pfung hervorgebracht hat und dazu braucht es nur die Freude dar\u00fcber und keine Religion.<br \/>\n27.10.2021, Hil<\/p>\n<p><strong>Kein Widerstand, der christliche Zug kommt nicht wieder,<\/strong><br \/>\nauch nicht als Ordnungsfaktor. Sollte der Islam in der Nordatlantik auch versagen, bleiben dann nur noch die kommunistisch predigenden, jedoch kapitalistisch praktizierenden chinesischen Machtverh\u00e4ltnisse \u00fcbrig, oder aber die Versenkung in Unkultur.<br \/>\n27.10.2021, G-U<br \/>\nEnde Kommentare<\/p>\n<p>.<\/p>\n<p>&nbsp;<\/p>\n<p><strong>Verfassungsschutz beobachtet vier Moscheen in Freiburg<\/strong><br \/>\nIn der Auswertung des Regionalberichts 2019 der Verfassungssch\u00fctzer taucht an oberster Stelle die &#8222;Ibadur-Rahman-Moschee&#8220; an der Habsburgerstra\u00dfe auf. Sie gilt als Anlaufstelle der Salafisten in Freiburg. Auch radikalisierte Muslime, die schon an K\u00e4mpfen in Syrien teilgenommen haben, suchen laut LfV die Moschee auf. Weil die Moschee lange Zeit die einzige in Freiburg war, in der auf arabisch gepredigt wurde, wird sie aber auch von vielen Arabern besucht, die keinen radikalen Str\u00f6mungen anh\u00e4ngen. Nach Auskunft des baden-w\u00fcrttembergischen Innenministeriums leben in S\u00fcdbaden rund 300 Salafisten: &#8222;Sie sind im Bezirk Freiburg in Personenzusammenschl\u00fcssen aktiv, welche sich im mittleren einstelligen Bereich bewegen, wobei es sich in der Regel um Moscheevereine handelt.&#8220;<br \/>\nAuch der Islamische Verband e.V. mit seinen R\u00e4umen im Gewerbegebiet Hochdorf wird im Verfassungsschutzbericht genannt. Bis zu 400 Menschen treffen sich dort an schiitischen Feiertagen. Der Verfassungsschutz stuft den Verein als Anlaufstelle f\u00fcr schiitische Sympathisanten der als terroristisch eingestuften und vom Iran unterst\u00fctzten Hisbollah an. Die Stadtverwaltung sagt, nach ihrer Kenntnis sei die von Hisbollah-Anh\u00e4ngern in Deutschland ausgehende Gef\u00e4hrdung gering. &#8222;Dennoch beobachten wir als Kommune die Entwicklung aufmerksam&#8220;, so Stadtsprecher Toni Klein.<br \/>\n&#8230;.<br \/>\nAuf der Liste tauchen auch zwei Moscheevereine auf, die sich offener gegen\u00fcber der Stadtgesellschaft zeigen. Das Islamische Zentrum (IZF) an der Hugstetter Stra\u00dfe im St\u00fchlinger stehe der Milli-G\u00f6r\u00fcs-Bewegung nahe, hei\u00dft es in dem Bericht. Erst vor wenigen Monaten hat der Bildungs- und Begegnungsverein Freiburg (BBF) R\u00e4umlichkeiten an der Rufacher Stra\u00dfe im Stadtteil Mooswald bezogen \u2013 und Unterst\u00fctzung von der Stadtspitze bekommen. Der Verfassungsschutz sieht nun Verbindungen zur Muslimbruderschaft. Sowohl Milli G\u00f6r\u00fcs als auch die Muslimbr\u00fcder w\u00fcrden versuchen, in Deutschland die Entwicklung zu einem islamistisch reglementierten Staatswesen voranzutreiben. In dem internen Papier der Stadtverwaltung hei\u00dft es zu IZF und BBF als Empfehlung f\u00fcr OB und Dezernenten: Eine N\u00e4he zu diesen Vereinen sollte vermieden werden. Und einen m\u00f6glichen politischen Kontakt m\u00fcsse man sorgf\u00e4ltig abw\u00e4gen.<br \/>\n&#8230;.<br \/>\nWeniger \u00fcberrascht zeigt sich der Islamwissenschaftler Abdel-Hakim Ourghi von der P\u00e4dagogischen Hochschule Freiburg: &#8222;Wir haben in der Stadt eine hochkonservative Vertretung des politischen Islam.&#8220; Es gebe verankerte Strukturen; unter dem Deckmantel des interreligi\u00f6sen Dialogs w\u00fcrden politische Interessen vertreten. Konflikte w\u00fcrden ausgeklammert, so sei es am Ende nur eine &#8222;Kuschelstunde&#8220;, so Ourghi. Seine Forderung an die Stadtpolitik: &#8222;Man muss den Mut haben, den Anderen zu kritisieren, wenn es um gemeinsame Werte geht.&#8220;<br \/>\n&#8230;. Alles vom 1.2.2020 bitte lesen auf<br \/>\n<a href=\"https:\/\/www.badische-zeitung.de\/verfassungsschutz-beobachtet-vier-moscheen-in-freiburg--182350834.html\">https:\/\/www.badische-zeitung.de\/verfassungsschutz-beobachtet-vier-moscheen-in-freiburg&#8211;182350834.html<\/a><br \/>\n.<br \/>\n<strong>M\u00fcnstereck: Warum\u00a0 keine Deutsch sprechenden Imame?<\/strong><br \/>\n&#8222;Die gr\u00f6\u00dfte vertrauensbildende Ma\u00dfnahme w\u00e4re aber, wenn die Imame in der Stadt auf Deutsch predigen w\u00fcrden.&#8220;<br \/>\nroederer@badische-zeitung.de ,<br \/>\nM\u00fcnstereck &#8222;Verfassungsschutzbericht: Hausaufgaben der Politik&#8220;, 1.2.2020, Seite 25<\/p>\n<p><strong>Rathaus will Dialog<\/strong><br \/>\nDer Dialog mit den real existierenden Musliminnen und Muslimen und ihren Gemeinden m\u00fcsse gef\u00fchrt werden, sagt die Stadtverwaltung, wenn er sinnvoll sein soll, hei\u00dft es in der Antwort auf eine Anfrage der BZ:<br \/>\n&#8222;Wir suhen den Dialog mit allen Gemeinden, wenn auch auf verschiedenen Ebenen. Unwissen, das Sch\u00fcren von Angst und soziale \u00c4chtung als Mittel des Miteinanders halten wir f\u00fcr nicht zielf\u00fchrend.&#8220;<br \/>\nBadische Zeitung vom 1.2.2020, &#8222;Moscheen unter Beobachtung&#8220;, Seite 25<br \/>\n<a href=\"https:\/\/www.verfassungsschutz-bw.de\/,Lde\/Startseite\/Arbeitsfelder\/ADUeTDF\">https:\/\/www.verfassungsschutz-bw.de\/,Lde\/Startseite\/Arbeitsfelder\/ADUeTDF<\/a><br \/>\n.<br \/>\n<a href=\"https:\/\/www.verfassungsschutz-bw.de\/site\/lfv\/get\/documents\/IV.Dachmandant\/Datenquelle\/PDF\/2019_Aktuell\/Verfassungsschutzbericht_BW_2018.pdf\">https:\/\/www.verfassungsschutz-bw.de\/site\/lfv\/get\/documents\/IV.Dachmandant\/Datenquelle\/PDF\/2019_Aktuell\/Verfassungsschutzbericht_BW_2018.pdf<\/a><br \/>\n.<\/p>\n<p>.<\/p>\n<p>&nbsp;<\/p>\n<p><strong>Eine neue Moschee in <a title=\"Mooswald\" href=\"https:\/\/www.freiburg-schwarzwald.de\/blog\/regio\/freiburg\/mooswald\/\">FR-Mooswald<\/a> &#8211; nur deutschsprachig<\/strong><br \/>\nDie einzige arabische Moschee wird zu Recht vom Verfassungsschutz beobachtet. Aber das Vorhaben des Vereins &#8222;Bildung und Begegnung Freiburg&#8220; bietet arabisch sprechenden Menschen die bislang fehlende Alternative. Statt diese zu verhindern, sollten Politik und Nachbarn den Verein auf seine Zusagen verpflichten: internationale Ausrichtung, deutsche Predigten, Hilfe bei der Integration von Fl\u00fcchtlingskindern. Ein liberaler, offener Islam verdient Unterst\u00fctzung. &#8230; Alles vom 6.12.2018 bitte lesen auf<br \/>\n<a href=\"https:\/\/www.badische-zeitung.de\/freiburg\/muenstereck-erneut-kommt-s-zum-schwur--161499663.html\">https:\/\/www.badische-zeitung.de\/freiburg\/muenstereck-erneut-kommt-s-zum-schwur&#8211;161499663.html<\/a><\/p>\n<p>Bildung &amp; Begegnung Freiburg e. V.:<br \/>\n<a href=\"https:\/\/bbf-verein.de\/\">https:\/\/bbf-verein.de\/<\/a><br \/>\n.<br \/>\n<strong>Moschee deutschsprachig statt arabischsprachig<\/strong><br \/>\nEs gibt zu wenige Gebetsst\u00e4tten f\u00fcr muslimische Mitb\u00fcrger. Ja, das ist absolut richtig. Wir sollten daf\u00fcr Sorge tragen, dass sie ihren Glauben leben k\u00f6nnen wie alle anderen Religionen auch. Was wir nicht brauchen und ich zumindest nicht will, ist eine arabischsprachige Moschee. Man kann in Deutschland, so man integrations bereit ist, seinen Glauben und seine Religion auch in deutscher Sprache leben. Das erh\u00f6ht dann auch die Toleranz, wenn ich mich als deutschsprachiger B\u00fcrger dazu setzen kann und verstehe, was da gepredigt und gebetet wird.<br \/>\n6.12.2018, W.M. BZO<\/p>\n<p>&nbsp;<\/p>\n<p><strong>Ahnungslose Mahnw\u00e4chter an der Eroberer-Moschee?<\/strong><br \/>\nWird aber eine Moschee mit der Spraydose angegriffen und die Ursache nicht in sunnitisch-schiitischen Spannungen oder t\u00fcrkisch-kurdischen Konflikten liegt, sondern die T\u00e4ter wahrscheinlich rechtsgerichtete Deutsche waren, gehen die Vertreter der \u201eZivilgesellschaft\u201c mit obrigkeitlichem Segen auf die Stra\u00dfe. &#8230;<br \/>\nEs ist, ausweislich der Seite der Fatih Moschee Bremen, die Islamische Gemeinschaft Milli G\u00f6r\u00fcs (IGMG). Die Vereinigung war jahrzehntelang im Visier deutscher Verfassungsschutzbeh\u00f6rden. Seit sie vor einigen Jahren als Hauptbestandteil des Islamrats von der Bundesregierung in die Deutsche Islamkonferenz eingeladen wurde, hatten einige Verfassungsschutz\u00e4mter die Beobachtung eingestellt. Genau wei\u00df wahrscheinlich kein Au\u00dfenstehender, was in der Eroberermoschee zu Bremen so gepredigt und getan wird. Aber von Geist und Praxis, durch die viele Gl\u00e4ubige in Milli-G\u00f6r\u00fcs-Gemeinden gepr\u00e4gt wurden, vermittelt der Erlebnisbericht von Akif \u015eahin m\u00f6glicherweise eine Ahnung. Der Hamburger Islam-Experte, der selbst jahrelang f\u00fcr die IGMG gearbeitet hat, schildert seine Erziehung in der Gemeinschaft 2017 in der Zeit so:<\/p>\n<p><em>\u201eWir wurden als Kinder in der Moschee vom Imam mit einem Stock geschlagen. Unsere Eltern haben dies ausdr\u00fccklich erlaubt; Knochenbr\u00fcche geh\u00f6rten in der Moschee zur Erziehung dazu; man erzog uns zu Islamisten und Nationalisten. Kritische Distanz zu Parteien gab es damals nicht und gibt es auch heute nicht; wir lernten, Juden und Christen zu hassen. Interreligi\u00f6ser Dialog wird heute noch weitestgehend verteufelt; wir h\u00f6rten, dass die Deutschen unsauber seien. Deutsche Freunde waren verp\u00f6nt. Die Imame lehrten uns, dass wir Allah und die H\u00f6lle zu f\u00fcrchten h\u00e4tten. Allah zu lieben war kaum ein Thema; ein Imam hatte eine Aff\u00e4re mit seiner Praktikantin und lie\u00df sie nach einem Jahr wieder fallen; einer Frau wurde vom Imam geraten, die Schl\u00e4ge ihres Ehemannes zu ertragen. Das mache sie zu einer besseren Gl\u00e4ubigen.\u201c<br \/>\n<\/em>\u00a0,<br \/>\nStellen sich Mahnw\u00e4chter die Frage nicht, vor welchen Mauern sie wachen, wenn nur das Feindbild stimmt? Hoffentlich, denn schlimmer w\u00e4re die Annahme, sie leisten der Ausbreitung solcher Lebenswelten sehenden Auges Vorschub.<br \/>\n&#8230; Alles von Peter Grimm vom 10.3.2018 bitte lesen auf <a href=\"https:\/\/sichtplatz.de\/?p=10327\">https:\/\/sichtplatz.de\/?p=10327<\/a><\/p>\n<p>&nbsp;<\/p>\n<p><strong>Journalist: Was in deutschen Moscheen gepredigt wird<\/strong><br \/>\nDer ARD-Fernsehmoderator Constantin Schreiber (Hamburg) berichtete \u00fcber seine Erfahrungen in deutschen Moscheen. Schreiber spricht flie\u00dfend Arabisch und ist Autor des Bestellers \u201eInside Islam. Was in deutschen Moscheen gepredigt wird\u201c. Es sei ihm darum gegangen, den Alltag in einer durchschnittlichen Moschee zu beschreiben. Er sei \u00fcber die Predigten erstaunt gewesen.<br \/>\nEs habe problematische Inhalte gegeben, etwa dass man nicht Muslim und zugleich Demokrat sein k\u00f6nne. Teilweise h\u00e4tten die Imame auf ihre Zuh\u00f6rer eingeschrien. Eine Moschee habe ein Buch verkauft, in dem Demokratie als \u201ewestliche Krankheit\u201c bezeichnet wurde. Ferner widersprach Schreiber einer Angabe der Bundesregierung, wonach in Deutschland sechs Prozent Muslime lebten. Es seien deutlich mehr, allerdings sei die Datenlage dazu \u201evage und unzuverl\u00e4ssig\u201c.<br \/>\n<a href=\"https:\/\/www.idea.de\/gesellschaft\/detail\/kulturstaatsministerin-multikulturelle-beliebigkeit-nimmt-zu-104370.html\">https:\/\/www.idea.de\/gesellschaft\/detail\/kulturstaatsministerin-multikulturelle-beliebigkeit-nimmt-zu-104370.html<\/a><\/p>\n<p>&nbsp;<\/p>\n<p><strong>Multikulturelle Treffs statt Moscheen bauen<\/strong><\/p>\n<p>Ich selber bin gegen neue Moscheen, aber aus anderen Gr\u00fcnden aus denen dies die meisten Moscheegegner sind. Ich sehe keine Gefahr einer Islamisierung Deutschlands. Dazu gibt es zu wenige Muslims und werden es auch bei weiterer Immigration sein (denn die meisten Neumigranten werden aus den EU-Staaten mit hoher Jugendarbeitslosigkeit hervorgehen). Ich sehe auch keine zu verteidigende (judeo-) christliche Tradition in Deutschland, zumal judeo-christlich wohl ein Hohn ist angesichts der antisemitischen Geschchte Deutschlands und des Holocausts \u2013 eher das Gegenteil: Die Aufkl\u00e4rung als Modernisierer der deutschen Kirchen. Dennoch bin ich gegen die F\u00f6rderung von Moscheenbauten.<br \/>\nZum ersten: Eine Moschee bedeutet die Herausbildung eines konservativen Milieus und einer Kulturzentrale, bei der Muslime \u201eunter sich\u201c bleiben. Meist gehen diese Moscheen mit Tourismusb\u00fcros (die den Hadsch nach Mekka offerieren) und anderen Halalshops bis hin zur Kopftuchmodeshops einher, die eher eine Zementierung muslimisch-konservativer Einstellungen bedeuten statt eben \u00d6ffnung zu und Tolerierung anderer Wertevorstellungen.<br \/>\nZweitens wird kein Angebot f\u00fcr all jene agnostischen und s\u00e4kularen Muslime offeriert, die Islam als Familientradition sehen, aber nie in die Moschee gehen oder auch sonst von Religion nichts wissen wollen. Laut einer Studie, die im TV-Sender Ph\u00f6nix zitiert wurde, gibt es 4 Millionen Muslime in Deutschland, aber nur 0,5 Millionen Muslime praktizieren ihren Glauben. D.h. f\u00fcr die \u00fcberweigende Mehrheit der 3,5 Millionen \u201eMuslime\u201c ist Religion eine Familientradition und Privatangelegenheit, deren wegen man in keine Moscheee gehen muss. Multikulturelle Treffs f\u00f6rdern die Integration, Moscheen behindern diese Von diesen 3,5 Millionen Muslimen sind zudem sehr viele Agnostiker. Sie werden ausgegrenzt durch diese multikulturelle Pr\u00e4ferenz, jeden \u201eMuslim\u201c mit einer Moschee begl\u00fccken zu wollen oder aber sollen dann in Moscheen gehen, weil es pl\u00f6tzlich alle so machen.<br \/>\nDrittens entsteht durch solch eine Moschee ein gesellschaftlicher Zwang, in diese gehen zu m\u00fcssen. Mein Gegenvorschlag ist es multikulturelle Treffpunkte zu schaffen, wo es Fortbildungs- und Freizeitangebote f\u00fcr alle gibt und die Biodeutschen mit den \u201eAusl\u00e4ndern\u201c sich treffen und kommunizieren k\u00f6nnen. &#8230;. Alles von Ralf Ostner vom 22.8.2016 bitte lesen auf<br \/>\n<a href=\"https:\/\/www.achgut.com\/artikel\/nein_zu_moscheen_ja_zu_multikulturellen_treffs\">https:\/\/www.achgut.com\/artikel\/nein_zu_moscheen_ja_zu_multikulturellen_treffs<\/a><br \/>\nMehr von Ralf Ostner: <a href=\"https:\/\/www.global-review.info\/\">https:\/\/www.global-review.info\/<\/a><\/p>\n<p>&nbsp;<\/p>\n<p><strong>Ditib-Moscheebau: Grundst\u00fccksschenkung f\u00fcr M\u00e4rtyrertod<\/strong><br \/>\nUnglaublich, dass ein B\u00fcrgermeister zwei gemeindeeigene Grundst\u00fccke zwei muslimischen Gemeinden kostenlos \u00fcberlassen will. Diese Grundst\u00fccke sind Eigentum der B\u00fcrger der Gemeinde, nicht von B\u00fcrgermeister oder Gemeinderat. Au\u00dferdem gilt nicht nur Religionsfreiheit, sondern auch Gleichbehandlung aller gesellschaftlicher Gruppen. Hat der B\u00fcrgermeister auch anderen Religionsgruppen oder privaten Kitas kostenfreie Grundst\u00fccke angeboten? Auf die berechtigte Frage des BZ-Reporters nach der \u00f6rtlichen <a title=\"Ditib\" href=\"https:\/\/www.freiburg-schwarzwald.de\/blog\/global\/tuerkei\/ditib\/\">Ditib-Gemeinde<\/a> und deren Verbindung zur t\u00fcrkischen Religionsbeh\u00f6rde Dyenet gibt er an, dass die Vertreter der Ditib verl\u00e4ssliche Partner seien. Herr Zimmermann sollte sich nicht vor den religionspolitischen Fakten wegducken: In Ditib-Moscheen in Deutschland werden unter anderem Kindercomics verteilt mit dem Inhalt<br \/>\n&#8222;Wie ehrenvoll es ist, als M\u00e4rtyrer zu sterben&#8220;<br \/>\noder<br \/>\n&#8222;Wie wichtig es ist, gegen die Ungl\u00e4ubigen zu k\u00e4mpfen&#8220;.<br \/>\nMichael Wisheit-Jacob, Rottweil, 3.8.2016<br \/>\n.<br \/>\nZu: &#8222;Ich werde mich vor gesch\u00fcrter Islamfeindlichkeit nicht wegducken&#8220;, BZ-Interview mit Monheims B\u00fcrgermeister Daniel Zimmermann von Johannes Nitschmann (Politik, 5. Juli):<br \/>\n<a href=\"https:\/\/www.badische-zeitung.de\/deutschland-1\/ich-werde-mich-vor-geschuerter-islamfeindlichkeit-nicht-wegducken--124420217.html\">https:\/\/www.badische-zeitung.de\/deutschland-1\/ich-werde-mich-vor-geschuerter-islamfeindlichkeit-nicht-wegducken&#8211;124420217.html<\/a><br \/>\n<strong>Die Parallelwelt der Moscheen geh\u00f6rt ausgeleuchtet<\/strong><br \/>\nSp\u00e4t, vielleicht zu sp\u00e4t ger\u00e4t die ferngesteuerte Welt der islamischen Gebetsh\u00e4user in den Fokus der deutschen \u00d6ffentlichkeit. Musste daf\u00fcr erst die AfD sorgen? Der deutsche Staat ist wehrhaft genug. &#8230; Richtig ist es, unmissverst\u00e4ndlich festzustellen, dass Religionsfreiheit kein Deckmantel f\u00fcr au\u00dfenpolitische Einflussnahmen von Drittstaaten ist. Wenn es nicht ausreicht, \u00fcber radikale Prediger mit Ankara oder Riad auf diplomatischem Weg zu reden, dann kann Deutschland durchaus auf andere Weise zeigen, dass es nicht machtlos ist. &#8230;.<br \/>\nAlles vom 30.4.2016 auf<br \/>\n<a href=\"https:\/\/www.welt.de\/debatte\/kommentare\/article154885963\/Die-Parallelwelt-der-Moscheen-gehoert-ausgeleuchtet.html\">https:\/\/www.welt.de\/debatte\/kommentare\/article154885963\/Die-Parallelwelt-der-Moscheen-gehoert-ausgeleuchtet.html<\/a><\/p>\n<p><strong>Kontrolle unm\u00f6glich: Einfach kapitulieren vor der gro\u00dfen Zahl von Muslimen?<\/strong><br \/>\nGrundlos ist die Forderung ja nicht, insofern ist der Reflex &#8222;Pauschalverdacht&#8220; schlicht falsch. Es geht nicht um eine willk\u00fcrliche Diffamierung sondern um eine Reaktion auf verbreitete Missst\u00e4nde. Die Ditib-Aufseher in der T\u00fcrkei verbreiten dort selbst unakzeptable Forderungen wie die dass Frauen \u00f6ffentlich nicht lachen sollen, und Verlobte nicht H\u00e4ndchen halten. Und das ist eine Organisation die als gem\u00e4\u00dfigt gilt, verglichen mit arabischen. Es geht eben nicht nur um unmittelbare Terrorgefahr sondern darum dass unsere Werte systematisch konterkariert werden, angefangen bei Kindern bis zu Alten. Man sollte mal \u00fcber Google zum Thema&#8220; islamische Kinderg\u00e4rten in Wien&#8220;schauen, da f\u00e4llt einem die Kinnlade runter. Gleichzeitig macht die st\u00e4ndig wachsende Zahl echter Gef\u00e4hrder fl\u00e4chendeckend Kontrolle schlicht unbezahlbar. Was ein Faktum ist das zum Nachdenken anregen sollte. Sollen wir einfach davor kapitulieren? F\u00fcr &#8222;Fromme&#8220; ist nat\u00fcrlich, und da k\u00f6nnen Mazeyk, Kaddor und Korchide noch so viel argumentieren, das Wort Gottes h\u00f6her zu stellen als das Gesetz das Menschen, zumal Ungl\u00e4ubige gemacht haben.<br \/>\n30.4.2016, Barbara S\u00f6hnke<\/p>\n<p>&nbsp;<\/p>\n<p>&nbsp;<\/p>\n<p><strong>Moscheen &#8211; Leider keine Orte der Integration<br \/>\n<\/strong>\u00a0 \u00a0.<br \/>\n<strong>K\u00f6nnen Moscheen zum Ort der Integration werden?<\/strong><br \/>\nFl\u00fcchtlinge sollen nicht nur zum Beten in die Moschee. Deshalb finanziert der Staat zum Beispiel Alphabetisierungskurse in islamischen Gemeinden. In der Hoffnung, eine Radikalisierung zu verhindern. &#8230;.<br \/>\nDas Bildungsministerium finanziert bereits seit zwei Jahren Alphabetisierungskurse in 25 t\u00fcrkischen Moscheen in ganz Deutschland. Dort lernen Migranten das lateinische Alphabet. Seit Beginn des Jahres finden in zehn weiteren Moscheen auch Kurse f\u00fcr arabischsprachige Fl\u00fcchtlinge statt&#8230;.. Alles vom 29.3.2016 bitte lesen auf<br \/>\n<a href=\"https:\/\/www.welt.de\/politik\/deutschland\/article153736006\/Koennen-Moscheen-zum-Ort-der-Integration-werden.html\">https:\/\/www.welt.de\/politik\/deutschland\/article153736006\/Koennen-Moscheen-zum-Ort-der-Integration-werden.html<br \/>\n<\/a>\u00a0 \u00a0.<br \/>\n<strong>Wunschdenken<\/strong><br \/>\nDas interessante an der \u00dcberschrift &#8222;k\u00f6nnen sie es werden?&#8220; nimmt eines, meiner Meinung nach korrekterweise, vorweg: Es gibt genug Moscheen in Deutschland, aber eines sind sie mitnichten: Orte der Integration.<br \/>\nSprachunterricht hin oder her, ich denke es wird so bleiben. In Moscheen wird in erster Linie Religion gepredigt, nicht die freiheitlich demokratische Grundordnung. Solange es dort getrennte Gottesdienste f\u00fcr M\u00e4nner und Frauen gibt, werden auch die Grundwerte unserer Gesellschaft nicht vermittelt.<br \/>\nZum Ort der Integration kann eine Moschee nur werden, wenn staatlich \u00fcberwachte Gottesdienste und Predigten stattfinden, aber das entspricht wiederum nicht unserem Rechtsverst\u00e4ndnis. Der Glaube, dort f\u00e4nde Integration statt ist f\u00fcr mich, den Bock zum G\u00e4rtner zu machen.<br \/>\nTuxido<br \/>\n.<br \/>\n<strong>Moscheen als Schulen ungeeignet<\/strong><br \/>\nMoscheen haben eines gemeinsam: dort sind keine Nicht-Muslime zu finden. Was das mit Integration zu tun haben soll, ist mir schleierhaft.<br \/>\nWir sollen denn Leuten, die integriert werden m\u00fcssen, die Integration selbst \u00fcberlassen!?<br \/>\nSolange die meisten Moscheen wie auch Imame der <a title=\"Ditib\" href=\"https:\/\/www.freiburg-schwarzwald.de\/blog\/global\/tuerkei\/ditib\/\">DiTip<\/a> unterstehen, also dem t\u00fcrkischen Religionsministerium, schafft man Paralellwelten, die sich gegen eine Integration wehren. Das ist auf Dauer nicht gut.<br \/>\n&#8222;Wenn dieser Deutschkurs nicht in einer Moschee gewesen w\u00e4re, h\u00e4tte ich mich wahrscheinlich nicht getraut, ihn zu besuchen.&#8220; Warum nicht &#8211; gute Menschen in und schlechte Menschen ausserhalb der Moschee? Haben diese Leute \u00fcberhaupt keine Ahnung, wo sie hier sind? Wie soll man Menschen unterrichten, die offenbar nicht daran gew\u00f6hnt sind, sich Wissen anzueignen? Durch Spiele? Solange in Moscheen immer noch f\u00fcr den IS rekrutiert wird, sollte man diese \u00fcberwachen und im Bedarfsfall schlie\u00dfen. Als Bildungseinrichtung sind Moscheen derzeit sicher nicht geeignet.<br \/>\n29.3.2016, Marlin<br \/>\n.<br \/>\n<strong>Moscheen aufgrund Verweigerung der Frauenrechte Orte der Desintegration<\/strong><br \/>\nDie Moscheen sind in der Regel eher ein Ort des Desintegration (schon allein wegen der Trennung Maun-Frau). Als in den 80er- und 90er-Jahren immer mehr Moscheen gebaut wurden, war ein interessanter Effekt zu beobachten. Kaum gab es irgendwo eine Moschee wurden pl\u00f6tzlich auch die Moslems gl\u00e4ubig, die vorher kein Aufhebens um die Religion machten. In den fr\u00fchen 1980ern trug an der Schule fast kein moslemisches M\u00e4dchen ein Kopftuch, wenn man heute das entlang f\u00e4hrt, meint man irgendwo im Orient zu sein.<br \/>\n29.3.2016, Mike<\/p>\n<p><strong>In Moscheen gilt das Grundgesetz kaum &#8211; Skandal<\/strong><br \/>\nEs herrscht Religionsfreiheit. Wie jede Religion ist auch der Islam Privatsache. Eine Moschee ist ein privater Ort, ein R\u00fcckzugsort, in dem Muslime ihren Glauben ungest\u00f6rt pflegen k\u00f6nnen. Ausnahme: Imame, die in der Moschee als Hassprediger Volksverhetzung betreiben und zur Mi\u00dfachtung des Grundgesetzes ausserhalb der Moschee aufrufen, k\u00f6nnen dies nicht ungest\u00f6rt tun.<br \/>\nFinanziert der Staat zwecks Integrationsf\u00f6rderung die Durchf\u00fchrung von Deutschkursen in einer Moschee, dann wird diese zur \u00f6ffentlichen Schule. Dies funktioniert nicht aus zwei Gr\u00fcnden:<br \/>\n1) In \u00f6ffentlichen Schulen gilt die Gleichbehandlung von Mann und Frau. Diese ist in Moscheen nicht gegeben.<br \/>\n2) In Moscheen manifestiert sich das genaue Gegenteil von Integration.<br \/>\n29.3.2016<br \/>\n.<br \/>\n<strong>Integrieren hei\u00dft doch &#8211; raus aus der Moschee<\/strong><br \/>\nWarum ist es nicht m\u00f6glich, dass andere muslimische Fl\u00fcchtlinge, oder Erwachsene, auf die Kinder aufpassen? Ein guter, effektiver Unterricht ist mit Kindern unterschiedlichen Alters, noch dazu Babys, \u00fcberhaupt nicht m\u00f6glich, weil es ihnen langweilig ist\/wird und sie die Aufmerksamkeit der Erwachsenen st\u00f6ren. Also ich habe selbst Kinder und weiss, wovon ich spreche. In dem Aufnahmelager in direkter N\u00e4he zu meiner Arbeitsstelle kann ich beobachten, wie deutsche Frauen mit den Kindern der Fl\u00fcchtlinge in den Park gehen, mit Bl\u00e4ttern und Stiften, bzw. anderem &#8222;Spielzeug&#8220;, um sie zu besch\u00e4ftigen &#8211; arabische Frauen sind dann keine dabei! Sind deren Frauen zu doof daf\u00fcr, oder \u00fcberarbeitet? Dort k\u00f6nnte\/sollte man schon mal ansetzen, dass auch Frauen, oder eben ihre M\u00e4nner, selbst\u00e4ndig Verantwortung innerhalb einer Gruppe\/Gemeinschaft \u00fcbernehmen &#8211; eine passt auch mal auf die Kids der anderen auf, damit die Eltern zum Amt oder Deutschkurs gehen k\u00f6nnen.<br \/>\nAber der grosse Fehler wird weiterhin gemacht: Man l\u00e4sst sie in ihrer gewohnten Umgebung, auch noch in Moscheen lernen &#8211; in meinen Augen ein fataler Fehler. Denn sie f\u00fchlen sich weiterhin wie in Syrien &#8211; das sind sie eben nicht &#8211; sie sind hier in einem anderen, fremden Land und das m\u00fcssen sie wissen und sp\u00fcren. T\u00e4glich, denn nur so werden sie dazu motiviert, etwas f\u00fcr ihr Vorankommen zu tun. Oder nicht &#8211; diejenigen muss man dann aussieben und heimschicken. Wenn sie weiterhin ihr Leben weitm\u00f6glichst wie in Syrien gewohnt weiterleben k\u00f6nnen und d\u00fcrfen, werden sie NICHTS, GAR NICHTS \u00e4ndern. Gleiches Essen, gleiche Sprache, gleiche Lebensgewohnheiten, M\u00e4nner und Weiblein getrennt, alles bleibt beim Alten. Hoch lebe das Islam-Patriarchat!<br \/>\n29.3.2016, Frisi<br \/>\n.<br \/>\n<strong>VHS statt Moschee<\/strong><br \/>\nBislang h\u00f6rte ich nur, dass sich Radikalinskis, auch hier in Deutschland, besonders \u00fcber die Moscheen radikalisiert haben. Von daher sehe ich es kritisch mitMoscheen, zumal ich sie auch nicht als &#8222;Orte der Integration&#8220; ansehe. Ich erwarte, dass in Schulen Lehrstoff vermittelt wird, aber lehne Religionsunterricht kategorisch ab, das geh\u00f6rt in den Privatbereich. Deshalb finde ich es auch haarstr\u00e4ubend, wenn man in Moscheen Unterricht anbietet. &#8222;Und den Weg in die Volkshochschule finden die Fl\u00fcchtlinge sicher nicht so schnell wie in die Moschee&#8220; &#8211; sind die Zuwanderer zu doof? Einmal den Weg gezeigt, vielleicht auch eine Wegekarte ausgedruckt und sie kriegen es hin. Versucht die Menschen doch nicht auf Teufel komm raus klein und hilfsbed\u00fcrftig zu halten. Werft sie ins Wasser und sie werden schwimmen.<br \/>\n29.3.2016, Marleen C.<br \/>\n.<br \/>\n<strong>Den Moscheen angegliederte Islam-Kinderg\u00e4rten in Wien &#8211; Indiktrination pur<\/strong><br \/>\nSchon in Wien, wo man einige Erfahrung hatte, kam man zur Erkenntnis, es gibt ein vernichtendes Zeugnis f\u00fcr Islam-Kinderg\u00e4rten. Auf 178 Seiten wird dokumentiert, wie muslimische Kindergartenbetreiber die Kinder einsch\u00fcchtern, wie sie die Scharia preisen und die westliche Lebensart ablehnen. Denn klar und deutlich wird ein jahrelanges Kontrollversagen der Stadt Wien in den islamischen Kinderg\u00e4rten bewiesen. Wollen wir das f\u00fcr Kinder und Jugendliche hier in Deutschland nachexerzieren?<br \/>\n29.3.2016, Magnum, WO<br \/>\n.<br \/>\n<strong>Parallelwelt der Moscheen<\/strong><br \/>\nDie zum gro\u00dfen Teil whahhabistisch (Saudi-Arabien) gepr\u00e4gten Moscheen samt Moscheegemeinden in Europa sind ein aktiver Hemmschuh jeglicher Integrationsbem\u00fchungen. Die Radikalisierung der jungen Muslime in Europa erfolgt genau in diesem Umfeld. Jetzt auch noch weitergehende Integrationsma\u00dfnahmen wie Spracherwerb und andere grundlegende Bildungsma\u00dfnahmen in deren Einflu\u00dfbereich zu \u00fcbertragen, ist absolut kontraproduktiv. Wer zu uns kommt und dauerhaft hier leben m\u00f6chte, muss das Grundprinzip der S\u00e4kularit\u00e4t akzeptieren. Ein dauerhafter Verbleib in der Parallelwelt des sozialen Umfelds der Moscheen mag im Interesse derer sein, die diese Moscheen und Moscheegemeinden finanzieren (Golfstaaten und T\u00fcrkei). Aber er widerspricht diametral den vitalen Integrations-Interessen der deutschen Gesellschaft.<br \/>\n29.3.2016, Vor<br \/>\n.<br \/>\n<strong>Sprachenlernen nur durch Beamte an \u00f6ffentl. Schulen &#8211; kein Homeschooling<\/strong><br \/>\nan Wieviele Islamisten, z. B. Leute wie Pierre Vogel oder Denis Cuspert, h\u00e4tten wir denn in Deutschland, wenn niemals ein Moslem nach Deutschland gekommen w\u00e4re oder wenn wir keine einzige Moschee in Deutschland h\u00e4tten. In welchen Institutionen sind denn Menschen wie Mohamed Atta zu ihren Ideen gekommen? Wie will der Staat denn sicherstellen, da\u00df das Geld, das zur Finanzierung dieser Deutschkurse an die Moscheen gezahlt wird, nicht den Zwecken dient, die z. B. Metin Kaplan \u00fcber Jahre verfolgen konnte? Staatliche Programme sollten ausschlie\u00dflich von Beamten in staatlichen Institutionen durchgef\u00fchrt werden. Der Staat darf sich sein Monopol nicht streitig machen lassen. Genau wie Homeschooling (zuhause erteilter qualitativ hochwertiger Unterricht, der zum ablegen staatlicher Pr\u00fcfungen in staatlichen Institutionen) verboten ist (Eltern, die Kinder zuhause unterrichten sind in Deutschland schon ins Gef\u00e4ngnis gekommen), sollten auch diese Basis-Erziehungs- und Integrationsprogramme nur von staatlichen Beamten, unter staatlicher Qualit\u00e4tskontrolle, in staatlichen Institutionen durchgef\u00fchrt werden.<br \/>\n29.3.2016, Ogdan<br \/>\n.<br \/>\n<strong>Zuerst sollte mal gekl\u00e4rt werden was &#8222;Integration&#8220; wirklich bedeutet:<\/strong><br \/>\n&#8212; nicht straff\u00e4llig geworden<br \/>\n&#8212; gute Beherrschung der deutschen Sprache<br \/>\n&#8212; ist nicht auf staatliche Unterst\u00fctzung angewiesen<br \/>\n&#8212; Anerkennung der Gleichberechtigung zwischen Mann und Frau<br \/>\n&#8212; freie Religionswahl, auch von Kindern und Ehepartnern<br \/>\n&#8212; freie Partnerwahl<br \/>\n&#8212; beansprucht keine religi\u00f6s bedingten Verg\u00fcnstigungen<br \/>\n&#8212; hat deutsche Freunde<br \/>\n&#8212; Akzeptiert unsere Sitten und Gebr\u00e4uche<br \/>\nF\u00e4llt hier auch nur ein Punkt weg, kann nicht mehr von &#8222;Integration&#8220; gesprochen werden. Und \u00fcbrigens: Was soll einen muslimischen, gl\u00e4ubigen Migranten \u00fcberhaupt dazu veranlassen, hier &#8222;integriert&#8220; werden zu wollen, wenn er seine Gleichgesinnten um sich hat und &#8222;Nicht-Integration mit keinen Nachteilen verbunden ist?<br \/>\n29.3.2016, Pinin<br \/>\n.<br \/>\n<strong>T\u00fcrkische Religionsbeh\u00f6rde kontrolliert 767 Moscheen in D &#8211; aber nicht zur Integration<\/strong><br \/>\nDer Vater fragt seinen Sohn: \u201eWillst du ein M\u00e4rtyrer sein?\u201c<br \/>\nDer Sohn: \u201eEs ist sehr sch\u00f6n, ein M\u00e4rtyrer zu sein.\u201c<br \/>\nUnd weiter: \u201eM\u00e4rtyrer sind im Himmel so gl\u00fccklich, dass sie zehnmal M\u00e4rtyrer sein wollen. Ich w\u00fcnschte, ich k\u00f6nnte auch ein M\u00e4rtyrer sein.\u201c<br \/>\nDieser Dialog stammt aus einem Kinder-Comic der t\u00fcrkischen Religionsbeh\u00f6rde Diyanet, die u. a. f\u00fcr den Religionsunterricht und die Imamausbildung verantwortlich ist. Der Verein betreibt bei uns derzeit 767 Moscheen. Ich denke, das beantwortet die Frage nach der Moschee als Ort der Integration..<br \/>\n29.3.2016, G. Wolf<\/p>\n<p>&nbsp;<\/p>\n<p>&nbsp;<\/p>\n<p>&nbsp;<\/p>\n<p><strong>Moscheen und Moscheevereine sind keine Orte der Integration<\/strong><br \/>\nStattdessen sollen nun ausgerechnet die Moscheevereine zu <a title=\"Fluechtlinge\" href=\"https:\/\/www.freiburg-schwarzwald.de\/blog\/global\/integration\/fluechtlinge\/\">Anlaufstellen f\u00fcr Fl\u00fcchtlinge<\/a> werden. Und die Familienministerin Schwesig, jubelt, ja!<br \/>\nZeit online: Warum meinen Sie, die Moscheevereine seien ungeeignet?<br \/>\n<a title=\"Abdel-Samad\" href=\"https:\/\/www.freiburg-schwarzwald.de\/blog\/religion\/islam\/abdel-samad\/\">Abdel-Samad<\/a>: Die Moscheevereine sind oft nur ethnische Vereine, die nationale Interessen vertreten, vor allem die der T\u00fcrkei. Und nicht selten sind sie auch der verl\u00e4ngerte Arm des ausl\u00e4ndischen Islamismus, wahlweise des Wahabismus oder der Muslimbruderschaft. Es sind keine deutschen Vereine! Die Gelder kommen entweder aus der T\u00fcrkei oder aus den Golfstaaten. Die Imame sind fast nie in Deutschland geboren und aufgewachsen. Sie predigen die gleiche Theologie und die gleichen Gesellschaftsbilder, die f\u00fcr das Elend in der arabischen Welt verantwortlich sind.<br \/>\nZeit online: K\u00f6nnen Sie das genauer beschreiben?<br \/>\nAbdel-Samad: Es ist die gleiche ausschlie\u00dfende Geisteshaltung gegen\u00fcber Ungl\u00e4ubigen, die Diskriminierung von Frauen, der Hass auf Juden. Die Syrer fliehen ja vor solchen Ausw\u00fcchsen des Islams massenhaft zu uns. Und wir wollen jetzt aus dem Stoff, aus dem B\u00fcrgerkriege in Nahost gemacht wurden, ein Kleid f\u00fcr die Integration n\u00e4hen? Das geht nicht. Es ist ein fataler Fehler, die ankommenden Syrer den Moscheevereinen auszuliefern. So verteidigt man nicht seine Werte, sondern so verlagert man das Problem des Fundamentalismus in den Westen. Ich wiederhole es: Moscheen sind keine Orte der <a title=\"Integration\" href=\"https:\/\/www.freiburg-schwarzwald.de\/blog\/global\/integration\/\">Integration<\/a>! In staatlichen Schulen k\u00f6nnten wir ehrliche Debatten \u00fcber den Islam f\u00fchren. Aber was schreiben mir viele Lehrer: Ich traue mir nicht mehr zu, muslimische Sch\u00fcler \u00fcber Islamismus und Terror aufzukl\u00e4ren! Selbst an Universit\u00e4ten werden kontroverse Veranstaltungen mit Islamkritikern abgesagt, damit der innere Frieden gewahrt bleibt. So werden wir unsere Werte nicht verteidigen! &#8230;.<br \/>\nAlles von Hamad Abdel-Samad vom 7.12.2015 bitte lesen auf<br \/>\n<a href=\"https:\/\/www.zeit.de\/politik\/ausland\/2015-12\/hamed-abdel-sama-islam-kritik-muslime-fundamentalismus\/komplettansicht\">https:\/\/www.zeit.de\/politik\/ausland\/2015-12\/hamed-abdel-sama-islam-kritik-muslime-fundamentalismus\/komplettansicht<\/a><\/p>\n","protected":false},"excerpt":{"rendered":"<p>Home &gt;Religion &gt;Islam &gt;Moscheen &nbsp; Listenauswahl eines Beitrags (Artikel\/Datum, Seite\/Inhalt):\u00a0Klicken\u00a0oder scrollen Islamisierung und Christentum\u00a0(12.4.2026) Verwaltungsgericht K\u00f6ln: Verbot von Muezzinruf und Kopftuch gegen Menschenw\u00fcrde\u00a0(28.2.2025) Ramadan Fastenzeit \u2013 Frieden\u00a0(20.2.2026) Geplante Moschee: Wie viel muss der Mooswald noch \u00fcber sich ergehen lassen? (7.10.2025) &hellip; <a href=\"https:\/\/www.freiburg-schwarzwald.de\/blog\/religion\/islam\/moscheen\/\">Weiterlesen <span class=\"meta-nav\">&rarr;<\/span><\/a><\/p>\n","protected":false},"author":2,"featured_media":0,"parent":12111,"menu_order":0,"comment_status":"open","ping_status":"closed","template":"","meta":{"footnotes":""},"class_list":["post-57855","page","type-page","status-publish","hentry"],"_links":{"self":[{"href":"https:\/\/www.freiburg-schwarzwald.de\/blog\/wp-json\/wp\/v2\/pages\/57855","targetHints":{"allow":["GET"]}}],"collection":[{"href":"https:\/\/www.freiburg-schwarzwald.de\/blog\/wp-json\/wp\/v2\/pages"}],"about":[{"href":"https:\/\/www.freiburg-schwarzwald.de\/blog\/wp-json\/wp\/v2\/types\/page"}],"author":[{"embeddable":true,"href":"https:\/\/www.freiburg-schwarzwald.de\/blog\/wp-json\/wp\/v2\/users\/2"}],"replies":[{"embeddable":true,"href":"https:\/\/www.freiburg-schwarzwald.de\/blog\/wp-json\/wp\/v2\/comments?post=57855"}],"version-history":[{"count":5,"href":"https:\/\/www.freiburg-schwarzwald.de\/blog\/wp-json\/wp\/v2\/pages\/57855\/revisions"}],"predecessor-version":[{"id":147791,"href":"https:\/\/www.freiburg-schwarzwald.de\/blog\/wp-json\/wp\/v2\/pages\/57855\/revisions\/147791"}],"up":[{"embeddable":true,"href":"https:\/\/www.freiburg-schwarzwald.de\/blog\/wp-json\/wp\/v2\/pages\/12111"}],"wp:attachment":[{"href":"https:\/\/www.freiburg-schwarzwald.de\/blog\/wp-json\/wp\/v2\/media?parent=57855"}],"curies":[{"name":"wp","href":"https:\/\/api.w.org\/{rel}","templated":true}]}}