{"id":5778,"date":"2012-06-27T09:50:44","date_gmt":"2012-06-27T09:50:44","guid":{"rendered":"https:\/\/www.freiburg-schwarzwald.de\/blog\/?page_id=5778"},"modified":"2012-06-29T20:49:14","modified_gmt":"2012-06-29T20:49:14","slug":"paprika","status":"publish","type":"page","link":"https:\/\/www.freiburg-schwarzwald.de\/blog\/natur\/landwirt\/paprika\/","title":{"rendered":"Paprika"},"content":{"rendered":"<p>Home &gt;<a title=\"Natur\" href=\"https:\/\/www.freiburg-schwarzwald.de\/blog\/natur\/\">Natur<\/a> &gt;<a title=\"Landwirt\" href=\"https:\/\/www.freiburg-schwarzwald.de\/blog\/natur\/landwirt\/\">Landwirt<\/a> &gt;<a title=\"Gemuesebau\" href=\"https:\/\/www.freiburg-schwarzwald.de\/blog\/natur\/landwirt\/gemuesebau\/\">Gemuesebau<\/a> &gt;Paprika<\/p>\n<p>&nbsp;<\/p>\n<p>&nbsp;<\/p>\n<ul>\n<li><a href=\"https:\/\/www.freiburg-schwarzwald.de\/blog\/2012\/06\/27\/paprika-von-erzeugergenossenschaft-reichenau-und-hegau\/\">https:\/\/www.freiburg-schwarzwald.de\/blog\/2012\/06\/27\/paprika-von-erzeugergenossenschaft-reichenau-und-hegau\/<\/a><\/li>\n<li><a href=\"https:\/\/www.freiburg-schwarzwald.de\/gemuesebau#Paprika - Nur f\u00fcnf Prozent stammen aus der Region\">Paprika &#8211; Nur f\u00fcnf Prozent stammen aus der Region<\/a> (22.8.2007)<\/li>\n<li>Paprika aus Singen-Beuren bei Edeka (28.1.2012)<\/li>\n<li>Reichenauer G\u00e4rtnersiedlung Bodensee Hegau<\/li>\n<\/ul>\n<p>&nbsp;<\/p>\n<div id='gallery-1' class='gallery galleryid-5778 gallery-columns-3 gallery-size-thumbnail'><dl class='gallery-item'>\n\t\t\t<dt class='gallery-icon landscape'>\n\t\t\t\t<a href='https:\/\/www.freiburg-schwarzwald.de\/blog\/natur\/landwirt\/paprika\/reichenau-paprika2012\/'><img loading=\"lazy\" decoding=\"async\" width=\"180\" height=\"124\" src=\"https:\/\/www.freiburg-schwarzwald.de\/blog\/wp-content\/uploads\/2012\/06\/reichenau-paprika2012-180x124.jpg\" class=\"attachment-thumbnail size-thumbnail\" alt=\"\" aria-describedby=\"gallery-1-5779\" srcset=\"https:\/\/www.freiburg-schwarzwald.de\/blog\/wp-content\/uploads\/2012\/06\/reichenau-paprika2012-180x124.jpg 180w, https:\/\/www.freiburg-schwarzwald.de\/blog\/wp-content\/uploads\/2012\/06\/reichenau-paprika2012-640x441.jpg 640w, https:\/\/www.freiburg-schwarzwald.de\/blog\/wp-content\/uploads\/2012\/06\/reichenau-paprika2012.jpg 851w\" sizes=\"auto, (max-width: 180px) 100vw, 180px\" \/><\/a>\n\t\t\t<\/dt>\n\t\t\t\t<dd class='wp-caption-text gallery-caption' id='gallery-1-5779'>\n\t\t\t\tReichenauer Gem\u00fcseg\u00e4rtner (von links) Mathias R\u00fcckert, Heidi Wehrle, Clemens Blum, Tobias J\u00f6rg, David Wehrle und Matthias Keller haben bei Singen-Beuren ein modernes Gew\u00e4chshaus f\u00fcr Paprikapflanzen erstellt\n\t\t\t\t<\/dd><\/dl><dl class='gallery-item'>\n\t\t\t<dt class='gallery-icon portrait'>\n\t\t\t\t<a href='https:\/\/www.freiburg-schwarzwald.de\/blog\/natur\/landwirt\/paprika\/paprika1-120629\/'><img loading=\"lazy\" decoding=\"async\" width=\"135\" height=\"180\" src=\"https:\/\/www.freiburg-schwarzwald.de\/blog\/wp-content\/uploads\/2012\/06\/paprika1-120629-135x180.jpg\" class=\"attachment-thumbnail size-thumbnail\" alt=\"\" aria-describedby=\"gallery-1-5989\" srcset=\"https:\/\/www.freiburg-schwarzwald.de\/blog\/wp-content\/uploads\/2012\/06\/paprika1-120629-135x180.jpg 135w, https:\/\/www.freiburg-schwarzwald.de\/blog\/wp-content\/uploads\/2012\/06\/paprika1-120629.jpg 480w\" sizes=\"auto, (max-width: 135px) 100vw, 135px\" \/><\/a>\n\t\t\t<\/dt>\n\t\t\t\t<dd class='wp-caption-text gallery-caption' id='gallery-1-5989'>\n\t\t\t\tPaprika von der Reichenau am 29.6.2012\n\t\t\t\t<\/dd><\/dl><dl class='gallery-item'>\n\t\t\t<dt class='gallery-icon landscape'>\n\t\t\t\t<a href='https:\/\/www.freiburg-schwarzwald.de\/blog\/natur\/landwirt\/paprika\/paprika2-120629\/'><img loading=\"lazy\" decoding=\"async\" width=\"180\" height=\"135\" src=\"https:\/\/www.freiburg-schwarzwald.de\/blog\/wp-content\/uploads\/2012\/06\/paprika2-120629-180x135.jpg\" class=\"attachment-thumbnail size-thumbnail\" alt=\"\" aria-describedby=\"gallery-1-5990\" srcset=\"https:\/\/www.freiburg-schwarzwald.de\/blog\/wp-content\/uploads\/2012\/06\/paprika2-120629-180x135.jpg 180w, https:\/\/www.freiburg-schwarzwald.de\/blog\/wp-content\/uploads\/2012\/06\/paprika2-120629.jpg 640w\" sizes=\"auto, (max-width: 180px) 100vw, 180px\" \/><\/a>\n\t\t\t<\/dt>\n\t\t\t\t<dd class='wp-caption-text gallery-caption' id='gallery-1-5990'>\n\t\t\t\tPaprika von der Reichenau am 29.6.2012\n\t\t\t\t<\/dd><\/dl><br style=\"clear: both\" \/><dl class='gallery-item'>\n\t\t\t<dt class='gallery-icon landscape'>\n\t\t\t\t<a href='https:\/\/www.freiburg-schwarzwald.de\/blog\/natur\/landwirt\/paprika\/paprika3-120629\/'><img loading=\"lazy\" decoding=\"async\" width=\"180\" height=\"135\" src=\"https:\/\/www.freiburg-schwarzwald.de\/blog\/wp-content\/uploads\/2012\/06\/paprika3-120629-180x135.jpg\" class=\"attachment-thumbnail size-thumbnail\" alt=\"\" aria-describedby=\"gallery-1-5991\" srcset=\"https:\/\/www.freiburg-schwarzwald.de\/blog\/wp-content\/uploads\/2012\/06\/paprika3-120629-180x135.jpg 180w, https:\/\/www.freiburg-schwarzwald.de\/blog\/wp-content\/uploads\/2012\/06\/paprika3-120629.jpg 640w\" sizes=\"auto, (max-width: 180px) 100vw, 180px\" \/><\/a>\n\t\t\t<\/dt>\n\t\t\t\t<dd class='wp-caption-text gallery-caption' id='gallery-1-5991'>\n\t\t\t\tPaprika von der Reichenau am 29.6.2012\n\t\t\t\t<\/dd><\/dl>\n\t\t\t<br style='clear: both' \/>\n\t\t<\/div>\n\n<p>&nbsp;<\/p>\n<p><strong>\u00a0Paprika aus Singen-Beuren bei Edeka <\/strong><\/p>\n<p align=\"left\">Bald wird es Paprika aus der Region in den s\u00fcddeutschen Edeka-M\u00e4rkten zu kaufen geben. M\u00f6glich wird dies durch die j\u00fcngst er\u00f6ffnete G\u00e4rtnersiedlung im Hegau. F\u00fcnf Reichenauer Gem\u00fcsebauern haben hier gemeinsam ein elf Hektar gro\u00dfes,\u00a0 hochmodernes Gew\u00e4chshaus errichtet und daf\u00fcr nicht nur rund 12,5 Millionen Euro, sondern auch sehr viel Zeit investiert. Anfang\u00a0 des\u00a0Jahres wurden die 250 000 Pflanzen gesetzt, Ende M\u00e4rz soll die erste Ernte eingefahren werden. K\u00fcnftig sollen\u00a0 j\u00e4hrlich rund drei Millionen Kilogramm des leckeren Gem\u00fcses im Hegau produziert werden. Obwohl Paprika in Deutschland sehr beliebt ist, wurden bisher nur 0,6 Prozent der hier verkauften Ware im Inland gez\u00fcchtet. Durch die Reichenauer G\u00e4rtnersiedlung im Hegau wachse der Anteil nun immerhin auf etwa 0,8 Prozent, so Johannes Bliestle, der Gesch\u00e4ftsf\u00fchrer der Reichenauer Gem\u00fcse-Genossenschaft. Die\u00a0 B ukosten und die einj\u00e4hrige Bauzeit habe man einhalten k\u00f6nnen. Beauftragt wurden so weit m\u00f6glich\u00a0 ausschlie\u00dflich regionale Handwerker. Das neue Gew\u00e4chshaus sei das gr\u00f6\u00dfte in S\u00fcddeutschland und eines der modernsten bundesweit, erl\u00e4utern Bliestle sowie die beteiligten G\u00e4rtner Matthias Keller und Clemens Blum. So gibt es zum Beispiel ein Ernte-Transportsystem mit selbstfahrenden Containern auf Induktionsschleifen, die die Ware automatisch in eine ebenso hochmoderne Sortier- und Verpackungsmaschine weitergeben, die zugleich die Gr\u00f6\u00dfe, Form und Farbe der Fr\u00fcchte \u00fcberpr\u00fcft. Angebaut wird auf Kokosfaser, einem organischen Substrat, und nicht wie in anderen L\u00e4ndern verbreitet auf Steinwolle. Die Reichenauer Gem\u00fcse-eG \u00fcbernimmt die Vermarktung und Bew\u00e4sserung der Paprika- Plantagen und hat daf\u00fcr weitere 2,5 Millionen Euro investiert.<br \/>\n28.1.2012,\u00a0\u00a0Reichenauer Gem\u00fcse-Genossenschaft<\/p>\n<p align=\"left\">\u00a0<\/p>\n<p><strong>Reichenauer G\u00e4rtnersiedlung Bodensee Hegau<\/strong><\/p>\n<div>Anfang 2012 haben f\u00fcnf G\u00e4rtner aus Reichenauer Familienbetrieben die \u201eReichenauer G\u00e4rtnersiedlung Bodensee Hegau\u201c in Beuren eingeweiht. Hier kultivieren Sie in hochmodernen Gew\u00e4chsh\u00e4usern auf rund elf Hektar gr\u00fcnen, roten, gelben und orangenen Paprika f\u00fcr die Regionalmarke \u201eUnsere Heimat \u2013 echt &amp; gut\u201c der EDEKA S\u00fcdwest. Von Ende M\u00e4rz bis November wird dieser Paprika frisch geerntet \u2013 ein Novum in Deutschland. Bis zu 60 Mitarbeiter wollen<\/div>\n<p align=\"left\">Paprika aus dem Hegau<br \/>\nDie Paprika rangiert in Deutschland auf Platz f\u00fcnf der meistgekauften Gem\u00fcsearten. Bislang werden jedoch gerade einmal 0,6 Prozent der Paprika in Deutschland produziert. Die Reichenauer G\u00e4rtnersiedlung pflanzt auf ihrer 11\u00a0 Hektar gro\u00dfen Gew\u00e4chshausfl\u00e4che 250 000 Paprikapflanzen an. Pro Jahr sollen so rund 300 Tonnen erzeugt werden. Das sind auf dieser Fl\u00e4che etwa 12 bis 13 Paprika pro Pflanze. In Beuren soll das Nachtschattengew\u00e4chs von Januar bis November angebaut werden. Nachdem die Paprika in der ersten Januarwoche gepflanzt wurden, wird die erste Ernte f\u00fcr diesen M\u00e4rz erwartet. Die Projekt-Investitionen belaufen sich auf insgesamt 15 Millionen<br \/>\n<a href=\"https:\/\/unsereheimat.de\/html\/produkte\/lieferant_nachweis2.html?&amp;uh_code=U18748&amp;bl=1\">https:\/\/unsereheimat.de\/html\/produkte\/lieferant_nachweis2.html?&amp;uh_code=U18748&amp;bl=1<\/a><\/p>\n","protected":false},"excerpt":{"rendered":"<p>Home &gt;Natur &gt;Landwirt &gt;Gemuesebau &gt;Paprika &nbsp; &nbsp; https:\/\/www.freiburg-schwarzwald.de\/blog\/2012\/06\/27\/paprika-von-erzeugergenossenschaft-reichenau-und-hegau\/ Paprika &#8211; Nur f\u00fcnf Prozent stammen aus der Region (22.8.2007) Paprika aus Singen-Beuren bei Edeka (28.1.2012) Reichenauer G\u00e4rtnersiedlung Bodensee Hegau &nbsp; &nbsp; \u00a0Paprika aus Singen-Beuren bei Edeka Bald wird es Paprika aus &hellip; <a href=\"https:\/\/www.freiburg-schwarzwald.de\/blog\/natur\/landwirt\/paprika\/\">Weiterlesen <span class=\"meta-nav\">&rarr;<\/span><\/a><\/p>\n","protected":false},"author":2,"featured_media":0,"parent":1014,"menu_order":0,"comment_status":"open","ping_status":"closed","template":"","meta":{"footnotes":""},"class_list":["post-5778","page","type-page","status-publish","hentry"],"_links":{"self":[{"href":"https:\/\/www.freiburg-schwarzwald.de\/blog\/wp-json\/wp\/v2\/pages\/5778","targetHints":{"allow":["GET"]}}],"collection":[{"href":"https:\/\/www.freiburg-schwarzwald.de\/blog\/wp-json\/wp\/v2\/pages"}],"about":[{"href":"https:\/\/www.freiburg-schwarzwald.de\/blog\/wp-json\/wp\/v2\/types\/page"}],"author":[{"embeddable":true,"href":"https:\/\/www.freiburg-schwarzwald.de\/blog\/wp-json\/wp\/v2\/users\/2"}],"replies":[{"embeddable":true,"href":"https:\/\/www.freiburg-schwarzwald.de\/blog\/wp-json\/wp\/v2\/comments?post=5778"}],"version-history":[{"count":0,"href":"https:\/\/www.freiburg-schwarzwald.de\/blog\/wp-json\/wp\/v2\/pages\/5778\/revisions"}],"up":[{"embeddable":true,"href":"https:\/\/www.freiburg-schwarzwald.de\/blog\/wp-json\/wp\/v2\/pages\/1014"}],"wp:attachment":[{"href":"https:\/\/www.freiburg-schwarzwald.de\/blog\/wp-json\/wp\/v2\/media?parent=5778"}],"curies":[{"name":"wp","href":"https:\/\/api.w.org\/{rel}","templated":true}]}}