{"id":57236,"date":"2015-11-01T10:43:33","date_gmt":"2015-11-01T09:43:33","guid":{"rendered":"https:\/\/www.freiburg-schwarzwald.de\/blog\/?page_id=57236"},"modified":"2025-07-16T15:59:25","modified_gmt":"2025-07-16T13:59:25","slug":"migration-zahlen","status":"publish","type":"page","link":"https:\/\/www.freiburg-schwarzwald.de\/blog\/global\/migration\/migration-zahlen\/","title":{"rendered":"Migration-Zahlen"},"content":{"rendered":"<p><a href=\"https:\/\/www.freiburg-schwarzwald.de\/blog\">Home<\/a> &gt;<a title=\"Global\" href=\"https:\/\/www.freiburg-schwarzwald.de\/blog\/global\/\">Global<\/a>\u00a0&gt;<a title=\"Integration\" href=\"https:\/\/www.freiburg-schwarzwald.de\/blog\/global\/integration\/\">Integration<\/a> &gt;<a title=\"Migration\" href=\"https:\/\/www.freiburg-schwarzwald.de\/blog\/global\/migration\/\">Migration<\/a> &gt;Migration-Zahlen<\/p>\n<div id=\"attachment_50998\" style=\"width: 649px\" class=\"wp-caption alignnone\"><a href=\"https:\/\/www.freiburg-schwarzwald.de\/blog\/global\/iran\/isfahan\/isfahan0imam-platz-pan141018\/\" rel=\"attachment wp-att-50998\"><img loading=\"lazy\" decoding=\"async\" aria-describedby=\"caption-attachment-50998\" class=\"size-full wp-image-50998\" src=\"https:\/\/www.freiburg-schwarzwald.de\/blog\/wp-content\/uploads\/2014\/10\/isfahan0imam-platz-pan141018.jpg\" alt=\"Blick nach Westen \u00fcber den Imam-Platz zur Moschee in Isfahan am 16.10.2014\" width=\"639\" height=\"246\" srcset=\"https:\/\/www.freiburg-schwarzwald.de\/blog\/wp-content\/uploads\/2014\/10\/isfahan0imam-platz-pan141018.jpg 639w, https:\/\/www.freiburg-schwarzwald.de\/blog\/wp-content\/uploads\/2014\/10\/isfahan0imam-platz-pan141018-180x69.jpg 180w\" sizes=\"auto, (max-width: 639px) 100vw, 639px\" \/><\/a><p id=\"caption-attachment-50998\" class=\"wp-caption-text\">Blick nach Westen \u00fcber den Imam-Platz zur Moschee in Isfahan am 16.10.2014<\/p><\/div>\n<ul>\n<li><em>Listenauswahl eines Beitrags (Artikel\/Datum, Seite\/Inhalt): <span style=\"text-decoration: underline;\">Klicken<\/span> oder scrollen<\/em><\/li>\n<li><a href=\"https:\/\/www.freiburg-schwarzwald.de\/blog\/global\/migration\/migration-kriminalitaet\/\">Frank Urbaniok: Schattenseiten der Migration<\/a>\u00a0(13.7.2025)<\/li>\n<li><a href=\"https:\/\/www.freiburg-schwarzwald.de\/blog\/global\/integration\/asyl\/asylpolitik\/\">Asyleinwanderung 2014-2024 und kein Ende \u2013 Regierungsversagen<\/a>\u00a0(23.6.2024)<\/li>\n<li><a href=\"https:\/\/www.freiburg-schwarzwald.de\/blog\/global\/integration\/obergrenze\/\">Deutschland weltweit Nr. 1: Wunsch nach Verringerung der Migration<\/a>\u00a0 (8.5.2024)<\/li>\n<li>34 Milliarden Euro wurden 2021 von Migranten nach Hause \u00fcberwiesen (31.1.2024)<\/li>\n<li><a href=\"https:\/\/www.freiburg-schwarzwald.de\/blog\/global\/migration\/migration-kosten\/\">Zuwanderung kostet Deutschland langfristig etwa 5,8 Billionen Euro<\/a>\u00a0(19.1.2024)<\/li>\n<li>Wieviele Syrer und Afghanen hat Mercedes-Benz eingestellt? Keine Antwort (28.10.2023)<\/li>\n<li>Jeder zweite Migrant psychisch krank (13.9.2023)<\/li>\n<li><a href=\"https:\/\/www.freiburg-schwarzwald.de\/blog\/selbsthilfe\/kinder\/\">Kindergrundsicherung: Deutschland verw\u00f6hnt seine Migranten und schafft so Anreize f\u00fcr noch mehr Einwanderung<\/a>\u00a0(1.9.2023)<\/li>\n<li><a href=\"https:\/\/www.freiburg-schwarzwald.de\/blog\/auswanderung-einwanderung\/\">Auswanderung \u2013 Einwanderung<\/a>\u00a0(1.7.2023)<\/li>\n<li><a href=\"https:\/\/www.freiburg-schwarzwald.de\/blog\/engagement\/zukunft\/demografie\/\">Statt Migration: Neugeborene erhalten 2500 Euro Willkommensgeld<\/a>\u00a0(26.2.2023)<\/li>\n<li><a href=\"https:\/\/www.freiburg-schwarzwald.de\/blog\/global\/migration\/zuwanderer\/\">Attraktiv f\u00fcr Einwanderer ins Sozialsystem, aber nicht f\u00fcr Fachkr\u00e4fte und Gr\u00fcnder<\/a> (9.3.2023)<\/li>\n<li><a href=\"https:\/\/www.freiburg-schwarzwald.de\/blog\/engagement\/zukunft\/demokratie\/tabu\/\">Patriotismus, Identit\u00e4tspolitik, Migrationspolitik als Tabu-Themen<\/a>\u00a0(6.7.2021)<\/li>\n<li>Muslimisches Leben in Deutschland 2020: Nur 5,3-5,6 Mio? (28.4.2021)<\/li>\n<li><a href=\"https:\/\/www.freiburg-schwarzwald.de\/blog\/migration-75-ohne-ausweis\/\">Migration: 75% kommen ohne Ausweis<\/a>\u00a0(26.2.2021)<\/li>\n<li><a title=\"Voelkerwanderung\" href=\"https:\/\/www.freiburg-schwarzwald.de\/blog\/global\/voelkerwanderung\/\">Migrationsgrund laut UNO: Geldtranfer nach Hause (60%) \u2013 nicht Flucht (14%)<\/a>\u00a0(19.6.2020)<\/li>\n<li><a title=\"Migrationspolitik\" href=\"https:\/\/www.freiburg-schwarzwald.de\/blog\/global\/migration\/migrationspolitik\/\">Fritz S\u00f6llner: Der H\u00f6hepunkt der (Migrations-)Krise kommt noch<\/a>\u00a0(20.5.2020)<\/li>\n<li><a title=\"Versorgungsmigration\" href=\"https:\/\/www.freiburg-schwarzwald.de\/blog\/global\/migration\/versorgungsmigration\/\">Migranten-Arbeitslosigkeit: Statistik gesch\u00f6nt<\/a> (14.2.2020)<\/li>\n<li>350.000 Migranten illegal in Deutschland (12.1.2020)<\/li>\n<li><a title=\"Aufschrei Trauer MeToo \u2013 nichts\" href=\"https:\/\/www.freiburg-schwarzwald.de\/blog\/aufschrei-trauer-metoo-nichts\/\">Aufschrei Trauer MeToo \u2013 Nichts<\/a>\u00a0(11.12.2019)<\/li>\n<li><a title=\"Migration-Flugzeug\" href=\"https:\/\/www.freiburg-schwarzwald.de\/blog\/global\/migration\/migration-flugzeug\/\">Massenzuwanderung auch 2018 \u00fcber weiterhin offene Grenzen<\/a>\u00a0(29.6.2019)<\/li>\n<li><a title=\"Migration-Kosten\" href=\"https:\/\/www.freiburg-schwarzwald.de\/blog\/global\/migration\/migration-kosten\/\">Phantasierechnung: Ohne Migranten 15% Rentenerh\u00f6hung<\/a>\u00a0 (30.1.2019)<\/li>\n<li><a title=\"Muslime-Anzahl\" href=\"https:\/\/www.freiburg-schwarzwald.de\/blog\/global\/integration\/muslime\/muslime-anzahl\/\">Gro\u00dfe Zahl: 50 Milliarden Fl\u00fcchtlingskosten<\/a> (5.12.2017)<\/li>\n<li>Merkel verheimlicht immer noch: Wieviele Migranten kamen im Jahr nach 9\/2015 (27.9.2016)<\/li>\n<li>Masseneinwanderung und Wohlfahrtsstaat schlie\u00dfen sich aus (26.9.2016)<\/li>\n<li>Hoecker-Test &#8222;Wir brauchen viel mehr Fl\u00fcchtlinge&#8220; (4.4.2016)<\/li>\n<li><\/li>\n<li><a title=\"Migration\" href=\"https:\/\/www.freiburg-schwarzwald.de\/blog\/global\/migration\/\">Migration<\/a> &gt;Migration<\/li>\n<li><a title=\"Migrationspolitik\" href=\"https:\/\/www.freiburg-schwarzwald.de\/blog\/global\/migration\/migrationspolitik\/\">Migrationspolitik ab 2020<\/a><\/li>\n<li><a title=\"Grenzen\" href=\"https:\/\/www.freiburg-schwarzwald.de\/blog\/global\/eu\/grenzen\/\">Migration und Grenzen<\/a><\/li>\n<li><a title=\"Migration-erzwungen\" href=\"https:\/\/www.freiburg-schwarzwald.de\/blog\/global\/migration\/migration-erzwungen\/\">Migration-erzwungen<\/a><\/li>\n<li><a title=\"Migration-Internet\" href=\"https:\/\/www.freiburg-schwarzwald.de\/blog\/global\/migration\/migration-internet\/\">Migration-Internet<\/a><\/li>\n<li><a href=\"https:\/\/www.freiburg-schwarzwald.de\/blog\/global\/migration\/migration-kriminalitaet\/\">Migration-Kriminalitaet<\/a><\/li>\n<li><a title=\"Migration-Maenner\" href=\"https:\/\/www.freiburg-schwarzwald.de\/blog\/global\/migration\/migration-maenner\/\">Migration-Maenner<\/a><\/li>\n<li><a title=\"Muslime-Anzahl\" href=\"https:\/\/www.freiburg-schwarzwald.de\/blog\/global\/integration\/muslime\/muslime-anzahl\/\">Muslime-Anzahl<\/a><\/li>\n<li><a title=\"Ueberfremdung\" href=\"https:\/\/www.freiburg-schwarzwald.de\/blog\/global\/integration\/ueberfremdung\/\">Ueberfremdung<\/a><\/li>\n<\/ul>\n<p><em>Die folgenden Zahlen bzw. Daten entstammen glaubhaften\u00a0Quellen: Statistisches Bundesamt, BMF, Polizeiportale, anerkannte\u00a0Meinungsforschungsinstitute, ser\u00f6se Presse, \u00a0&#8230;. . Sie sind weder populistisch aufgebauscht noch durch <a title=\"Pressekodex\" href=\"https:\/\/www.freiburg-schwarzwald.de\/blog\/kultur\/medien\/pressekodex\/\">Pressekodex<\/a> bzw. <a title=\"Political-Correctness\" href=\"https:\/\/www.freiburg-schwarzwald.de\/blog\/kultur\/medien\/political-correctness\/\">Political Correctness<\/a> gesch\u00f6nt.<\/em><br \/>\n<em> Die Zahlen sind nicht kommentiert &#8211; der m\u00fcndige B\u00fcrger kann sich seine Meinung selbst bilden.<br \/>\n.<\/em><\/p>\n<p>Am 10.8.2016 gab das BAMF \u00fcbrigens bekannt:<br \/>\n\u201eIm Juli 2016 wurden beim Bundesamt f\u00fcr Migration und Fl\u00fcchtlinge insgesamt 74454 Asylantr\u00e4ge gestellt.<br \/>\nDies bedeutet einen Anstieg um 98,4 Prozent gegen\u00fcber dem Vorjahresmonat Juli 2015.\u201c<\/p>\n<p>=========================================================<\/p>\n<p><strong>34 Milliarden Euro wurden 2021 von Migranten nach Hause \u00fcberwiesen<\/strong><br \/>\n&#8230; Insgesamt wurden 2021 37,3 Milliarden US-Dollar (rund 34 Milliarden Euro) aus Deutschland in eines der Herkunftsl\u00e4nder von Migranten \u00fcberwiesen. Subtrahiert man die finanziellen Mittel, die von deutschen Emigranten nach Deutschland \u00fcberwiesen werden, (19,3 Mrd. USD, 17,8 Mrd \u20ac), dann bleibt ein negativer Saldo von rund 18 Milliarden US-Dollar (16,6 Mrd \u20ac), die mehr abflie\u00dfen als zuflie\u00dfen. So betrachtet ist Migration ein Minusgesch\u00e4ft.<br \/>\n&#8230; Alles vom 31.1.2024 bitte lesen auf<br \/>\n<a href=\"https:\/\/sciencefiles.org\/2024\/01\/31\/34-milliarden-euro-wurden-2021-von-migranten-nach-hause-ueberwiesen\/\">https:\/\/sciencefiles.org\/2024\/01\/31\/34-milliarden-euro-wurden-2021-von-migranten-nach-hause-ueberwiesen\/<\/a><\/p>\n<p><strong>Wieviele Syrer und Afghanen hat Mercedes-Benz eingestellt? Keine Antwort<\/strong><br \/>\nWir fragen Mercedes-Benz: Wo sind die Syrer und Afghanen geblieben, die ihr einstellen wolltet?<br \/>\nEin gro\u00dfer Automobilkonzern m\u00f6chte seine Welcome-Refugees-Begeisterung gern vergessen machen<br \/>\nDer Chef von Mercedes Benz jubelte 2015 von einem kommenden neuen Wirtschaftswunder dank Massenzuwanderung. Dieses Wunder ist bis heute nicht geschehen. Im Gegenteil. Aber wie viele der syrischen und afghanischen Fachleute hat Vorstandsvorsitzender Dieter Zetsche eigentlich seit 2015 in den Betrieben untergebracht? Wir fragen nach.<br \/>\n&#8230;<br \/>\nwir wollen einfach gern wissen, wie viele Syrer und Afghanen besch\u00e4ftigt sind, das sei ja auslesbar, wie die Sprecherin zuvor selbst versichert hatte. Das Gespr\u00e4ch zieht sich jetzt ein wenig.<br \/>\nAntwort: \u201eWir berichten nicht auf der Detailebene.\u201c Leider stimmt auch das nicht. Denn wenn man beispielsweise erfahren will, wie hoch der weibliche Anteil der Mitarbeiter bei Mercedes ist, erf\u00e4hrt man das recht schnell (21 Prozent) auf der digitalen Suche, so wie auch weitere Details \u00fcber Mitarbeiter bis hin zum Impfangebot w\u00e4hrend der Corona-Jahre.<br \/>\n\u201eWir berichten nicht auf der Detailebene.\u201c Nachfrage: \u201eWarum nicht?\u201c Antwort: \u201eMachen wir einfach nicht.\u201c<br \/>\nWir wollen aber schon gern eine Begr\u00fcndung wissen. Wir fassen f\u00fcr die Sprecherin noch einmal zusammen: Erst hei\u00dft es, es g\u00e4be keine Zahlen, dann doch, dann will man sie nicht nennen. Antwort: \u201eDas stimmt nicht, die Zahl KANN ich Ihnen nicht nennen.\u201c<br \/>\nWir intervenieren ein letztes Mal: \u201eNein, Sie WOLLEN uns die Zahl der besch\u00e4ftigten Syrer und Afghanen nicht nennen. Und das m\u00fcssen wir dann auch so schreiben.\u201c Okay, kapituliert die Sprecherin, in dem Falle k\u00f6nnten wir den Satz dann \u201eschlicht und ergreifend\u201c so stehen lassen.<br \/>\n&#8230;<br \/>\nAch so: Hatten wir schon erw\u00e4hnt, dass besagter Dieter Zetsche jetzt Chef bei TUI ist? Die bieten aktuell im tunesischen Sfax ein \u201eBusiness Hotel\u201c an. Da hei\u00dft es unter anderem: \u201eInnen- und Au\u00dfenpools eignen sich hervorragend f\u00fcr regelm\u00e4\u00dfiges Aquatraining und aktive Erholung. Eine Sonnenterrasse l\u00e4dt zum Verweilen ein. Abwechslung bieten verschiedene Angebote, darunter ein Spa, ein Sch\u00f6nheitssalon und Massage-Anwendungen.\u201c<br \/>\nSfax ist heute Drehscheibe der illegalen Migration \u00fcber das Mittelmeer nach Europa<br \/>\n<a href=\"https:\/\/www.wiwo.de\/technologie\/wirtschaft-von-oben\/wirtschaft-von-oben-229-migration-auf-dem-mittelmeer-hier-sieht-man-warum-ploetzlich-so-viele-fluechtlinge-kommen\/29399964.html\">https:\/\/www.wiwo.de\/technologie\/wirtschaft-von-oben\/wirtschaft-von-oben-229-migration-auf-dem-mittelmeer-hier-sieht-man-warum-ploetzlich-so-viele-fluechtlinge-kommen\/29399964.html<\/a><br \/>\nund Deutschland. Das Schlepperwesen ist hier zum gigantischen Millionengesch\u00e4ft geworden.<br \/>\n&#8230; Alles vom 28.10.2023 bitte lesen auf<br \/>\n<a href=\"https:\/\/www.alexander-wallasch.de\/gesellschaft\/wir-fragen-mercedes-benz-wo-sind-die-syrer-und-afghanen-geblieben-die-ihr-alle-einstellen-wolltet\">https:\/\/www.alexander-wallasch.de\/gesellschaft\/wir-fragen-mercedes-benz-wo-sind-die-syrer-und-afghanen-geblieben-die-ihr-alle-einstellen-wolltet<\/a><br \/>\n.<br \/>\n<strong>Daimler-Chef Zetsche: Fl\u00fcchtlinge k\u00f6nnten Wirtschaftswunder bringen<\/strong><br \/>\nMehr als 800.000 Menschen in Deutschland aufzunehmen, sei eine Herkulesaufgabe, sagte Zetsche am Montagabend im Vorfeld der IAA in Frankfurt. \u201eAber im besten Fall kann es auch eine Grundlage f\u00fcr das n\u00e4chste deutsche Wirtschaftswunder werden &#8211; so wie die Millionen von Gastarbeitern in den 50er und 60er Jahren ganz wesentlich zum Aufschwung der Bundesrepublik beigetragen haben. &#8230; Wer an die Zukunft denkt, wird sie nicht abweisen.\u201c<br \/>\n&#8230;. Alles vom 15.9.2015 bitte lesen auf<br \/>\nhttps:\/\/www.faz.net\/aktuell\/technik-motor\/iaa\/daimler-chef-zetsche-fluechtlinge-koennten-neues-wirtschaftswunder-ausloesen-13803671.html<\/p>\n<p>&nbsp;<\/p>\n<p><strong>Jeder zweite Migrant psychisch krank<\/strong><br \/>\n<strong>Jagd auf Frauen, Clan-Kriminalit\u00e4t und Messerstechereien sind das neue Normal auf deutschen Stra\u00dfen &#8230;<\/strong><br \/>\nLaut einigen Experten ben\u00f6tigen 40 bis 50 Prozent aller Fl\u00fcchtlinge in Deutschland psychotherapeutische Hilfe. Vorsichtigere sprechen von immerhin einem guten Viertel der Asylbewerber, die \u201edie Messer- und Axtmesser der Zukunft\u201c seien. Das Problem ist seit Jahren bekannt: \u201eKrieg, Folter, Menschenhandel und extreme Armut sind nur einige schreckliche Situationen, denen Fl\u00fcchtlinge vor und w\u00e4hrend ihrer Flucht ausgesetzt sein k\u00f6nnen\u201c, hei\u00dft es etwa in einer vom Max-Planck-Institut besprochenen Studie von 2020. Hinzu kommen der Konsum von Cannabis und Alkohol. 133 Migranten wurden befragt. \u201e\u00dcber 95 Prozent\u201c, also praktisch alle seien von \u201ebelastenden Lebensereignissen, Gewohnheiten oder Lebensbedingungen\u201c betroffen. Auch \u201epsychotische Symptome\u201c waren nicht selten. Das weist darauf hin, dass sich gerade \u201eMisfits\u201c auf die gef\u00e4hrliche Reise aus ihren Gesellschaften in unsere machen \u2013 die, die nicht passen, ob durch psychische Probleme oder Delinquenz.<br \/>\n&#8230; Alles vom 13.9.2023 bitte lesen auf<br \/>\n<a href=\"https:\/\/www.tichyseinblick.de\/daili-es-sentials\/gewalt-und-chaos-auf-deutschen-strassen-verstetigen-sich\/\">https:\/\/www.tichyseinblick.de\/daili-es-sentials\/gewalt-und-chaos-auf-deutschen-strassen-verstetigen-sich\/<\/a><\/p>\n<p>&nbsp;<\/p>\n<p><strong>Muslimisches Leben in Deutschland 2020: Nur 5,3-5,6 Mio?<\/strong><br \/>\nDie Studie &#8222;Muslimisches Leben in Deutschland 2020&#8220; wurde im Auftrag der Deutschen Islam Konferenz (DIK) durchgef\u00fchrt.<br \/>\n&#8230;<br \/>\nIn Deutschland leben zwischen 5,3 und 5,6 Millionen muslimische Religionsangeh\u00f6rige mit Migrationshintergrund aus einem muslimisch gepr\u00e4gten Herkunftsland. Damit liegt der Anteil der muslimischen Religionsangeh\u00f6rigen mit Migrationshintergrund an der Gesamtbev\u00f6lkerung im Jahr 2019 zwischen 6,4 und 6,7 Prozent.<br \/>\nIn den Jahren seit 2008 ist die muslimische Bev\u00f6lkerungsgruppe in Deutschland vielf\u00e4ltiger geworden, wobei Personen aus der T\u00fcrkei weiterhin die gr\u00f6\u00dfte Herkunftsgruppe unter muslimischen Personen bilden.<br \/>\nEine deutliche Mehrheit der Musliminnen und Muslime ist gl\u00e4ubig. 82 Prozent der befragten muslimischen Religionsangeh\u00f6rigen geben an, stark oder eher gl\u00e4ubig zu sein. Sie sind damit deutlich gl\u00e4ubiger als christlichen Personen ohne Migrationshintergrund, nicht aber als Personen mit Migrationshintergrund, die christlich sind oder einer anderen Religion angeh\u00f6ren.<br \/>\n&#8230;. Alles vom 28.4.2021 bitte lesen auf<br \/>\n<a href=\"https:\/\/www.deutsche-islam-konferenz.de\/SharedDocs\/Anlagen\/DE\/Publikationen\/Studien\/mlid-2020-lang.html?nn=598134\">https:\/\/www.deutsche-islam-konferenz.de\/SharedDocs\/Anlagen\/DE\/Publikationen\/Studien\/mlid-2020-lang.html?nn=598134<\/a><br \/>\n&#8211; &#8211;<br \/>\n<strong>Zweifel an den offiziellen Zahlen angebracht?<\/strong><br \/>\nNach der o.a. Studie des BAMFs leben 2020 max. 5,6 Mio Muslime in Deutschland, das sind 6,7 % der Gesamtbev\u00f6lkerung.<br \/>\nLaut STATISTA stieg die Anzahl der Muslime in D von 4,2 Mio in 2009 auf 4,5 Mio 2015, also nur um 300.000.<br \/>\nNun soll die Anzahl von 4,5 Mio in 2015 auf 5,3-5,6 Mio in 2021 angestiegen sein, also nur um ca 1 Mio.<br \/>\n<a href=\"https:\/\/de.statista.com\/statistik\/daten\/studie\/72321\/umfrage\/entwicklung-der-anzahl-der-muslime-in-deutschland-seit-1945\/\">https:\/\/de.statista.com\/statistik\/daten\/studie\/72321\/umfrage\/entwicklung-der-anzahl-der-muslime-in-deutschland-seit-1945\/<\/a><br \/>\nBeide Zahlen 300.000 wie 1 Mio sind wenig glaubhaft. Statt 1 Mio werden doch sogar von offizieller Seite wie dem BMI bereits 2,5 Mio genannt, die zwischen 2015 und 2020 immigrierten.<br \/>\n&#8222;Anfang 2021 leben in D ca 15 &#8211; 20 Mio Muslime&#8220; &#8211; eine solche Behauptungen wurde bis dato nicht widerlegt.<br \/>\n30.4.2021<\/p>\n<p>.<\/p>\n<p><strong>350.000 Migranten illegal in Deutschland<\/strong><br \/>\nIn Deutschland halten sich rund 350.000 Menschen auf, die weder einen Aufenthaltstitel noch einen Duldungsstatus besitzen &#8211; so das Bundesinnenministerium 12\/2019. Die GroKo hat es somit nicht geschafft, das Migrationschaos von 9\/2015 zu ordnen.<br \/>\n12.1.2020<\/p>\n<p>&nbsp;<\/p>\n<p><strong>Merkel verheimlicht immer noch: Wieviele Migranten kamen im Jahr nach 9\/2015<\/strong><br \/>\nNach \u00fcber einem Jahr wissen wir immer noch nicht, wie viele Fl\u00fcchtlinge und wer zu uns gekommen ist. Die Mehrheit der Einwanderer sitzt in Massenquartieren, ohne Perspektive. T\u00e4glich werden neue Einzelheiten \u00fcber gef\u00e4lschte P\u00e4sse bekannt, \u00fcber Mehrfachregistrierungen, \u00fcber Fl\u00fcchtlinge, die eine Arbeit verweigern, weil sie \u201eMerkels G\u00e4ste\u201c seien, oder die sich betrogen sehen, weil die Versprechungen, die in der Folge von Merkels Grenz\u00f6ffnungsbeschluss als Lockmittel kursierten, nicht erf\u00fcllt werden. &#8230;. Alles vom 21.9.2016 bitte lesen auf<br \/>\n<a href=\"https:\/\/www.achgut.com\/artikel\/merkels_erklaerung_zur_unmuendigkeit_des_volkes\">https:\/\/www.achgut.com\/artikel\/merkels_erklaerung_zur_unmuendigkeit_des_volkes<\/a><\/p>\n<p>&nbsp;<\/p>\n<p><strong>Masseneinwanderung und Wohlfahrtsstaat schlie\u00dfen sich aus<\/strong><br \/>\nDie Fl\u00fcchtlingskrise offenbart die Schwachstellen des Sozialstaates. Der schafft falsche Anreize und ist anf\u00e4llig f\u00fcr Missbrauch. Und schon gar nicht ist er vorbereitet auf Asylbewerber, die in ihren Heimatl\u00e4ndern \u00fcber Verm\u00f6gen verf\u00fcgen &#8230;&#8230; Migrationsforscher und \u00d6konomen aus verschiedenen L\u00e4ndern sind sich darin einig, dass Masseneinwanderung und staatliche Wohlfahrt sich ausschlie\u00dfen. &#8230;.<br \/>\nAlles vom 23.9.2016 von Sonja Margolina bitte lesen auf<br \/>\n<a href=\"https:\/\/www.cicero.de\/berliner-republik\/migration-und-wohlfahrtsstaat-die-tuecken-der-flatrate-versorgung\">https:\/\/www.cicero.de\/berliner-republik\/migration-und-wohlfahrtsstaat-die-tuecken-der-flatrate-versorgung<br \/>\n<\/a>\u00a0 .<br \/>\n<em>Sonja Margolina, Jahrgang 1951, ist 1986 aus der Sowjetunion in die Bundesrepublik emigriert. Sie arbeitet als Journalistin und Buchautorin.<\/em><\/p>\n<p>&nbsp;<\/p>\n<p>&nbsp;<\/p>\n<p><strong>Emigration-Zahlen werden ver\u00f6ffentlicht &#8211; Immigrations-Zahlen werden verschwiegen<\/strong><br \/>\nBei der Abfrage offizieller und ehrlicher Zahlen \u00fcber Migration mu\u00df man differenzieren:<br \/>\nDaten zur Auswanderung werden aktuell und umfassend ver\u00f6ffentlicht: Emigration von Deutschen nach USA, Australien, Kanada, &#8230; Auswanderung von T\u00fcrken in ihr Heimatland &#8211; geordnet nach &#8222;in D oder TR geboren&#8220;, Akademiker mit Hochschulabschlu\u00df, Monatsverdienst \u00fcber 10000 Euro, &#8230;<\/p>\n<p>Daten zur Einwanderung werden hingegen werden nur sp\u00e4rlich ver\u00f6ffentlicht &#8211; dies gilt f\u00fcr Beh\u00f6rden wie die Medien (Pressekodex, <a title=\"Political-Correctness\" href=\"https:\/\/www.freiburg-schwarzwald.de\/blog\/kultur\/medien\/political-correctness\/\">Political Corretctness<\/a>) gleicherma\u00dfen. Die Gr\u00fcnde f\u00fcr diese unehrliche Informationspolitik sind vielf\u00e4ltig:<br \/>\nDie Zahlen k\u00f6nnten ja Vorurteile gegen\u00fcber Ausl\u00e4nder-Minderheiten bzw. Ethnien sch\u00fcren.<br \/>\nDie Zahlen k\u00f6nnten die B\u00fcrgerschaft ja beunruhigen.<br \/>\nDatenschutz.<br \/>\nDie deutsche B\u00fcrgerschaft wird also f\u00fcr unm\u00fcndig erkl\u00e4rt. Doch der einzelne m\u00fcndige B\u00fcrger m\u00f6chte sich aufgrund ungesch\u00f6nter Fakten seine eigene Meinung ganz gerne selbst bilden. Darf er aber nicht.<\/p>\n<p>&#8222;Wieviel Prozent der \u00dcberf\u00e4lle im Stadtgebiet von Freiburg wurden im ersten Halbjahr 2015 von Jugendlichen (14-25 Jahre) ver\u00fcbt, getrennt nach Fl\u00fcchtling, UMF, Herkunftsland?&#8220; \u00a0Diese Frage kann, darf bzw. will man in Freiburg nicht beantworten. Ich erhalte allenfalls Antworten wie &#8222;Warum wollen Sie das \u00fcberhaupt wissen?&#8220; oder &#8222;Haben Sie was gegen Fl\u00fcchtlinge? oder &#8222;Das lassen Sie mal unsere Sorge sein&#8220;.<br \/>\n\u201eDie \u00d6ffentlichkeit erf\u00e4hrt nur einen Bruchteil, weil die Beh\u00f6rden die B\u00fcrger nicht unn\u00f6tig in Schrecken versetzen wollen.\u201c Rainer Wendt, Chef der DPolG, am 2.10.2015<\/p>\n<p>&#8212;&#8212;&#8212;&#8212;&#8212;&#8212;&#8212;&#8212;&#8212;&#8212;&#8212;&#8212;&#8212;&#8212;&#8212;&#8212;&#8212;&#8212;&#8212;&#8212;&#8212;&#8212;&#8212;&#8212;&#8212;&#8212;&#8212;&#8212;&#8212;-<\/p>\n<p>&nbsp;<\/p>\n<p><strong>Hoecker-Test &#8222;Wir brauchen viel mehr Fl\u00fcchtlinge&#8220;<\/strong><br \/>\nSo entwaffnet Ho\u00ebcker alle besorgten B\u00fcrger \u2013 Fragen? &#8222;Wir haben ja alle Angst, von Fl\u00fcchtlingen \u00fcberschwemmt zu werden.&#8220; Nicht so Bernhard Ho\u00ebcker, der Skeptikern die Fl\u00fcchtlingskrise in 70 Sekunden erkl\u00e4rt. Weil Ho\u00ebcker nun annimmt, dass diese Rechnung so manchem &#8222;besorgten B\u00fcrger&#8220; noch zu kompliziert sei, rechnet er die Fl\u00fcchtlingszahl kurzerhand auf die Anzahl der Studiog\u00e4ste herunter. &#8222;Wie viele G\u00e4ste passen in das Studio?&#8220; &#8222;120&#8220;, wirft Moderatorin Barbara Sch\u00f6neberger ein. Zwei G\u00e4ste m\u00fcssen aufstehen. &#8222;Diese beiden Menschen sind die Fl\u00fcchtlinge, wenn wir ganz Deutschland w\u00e4ren&#8220;, \u00f6ffnet er Skeptikern die Augen. &#8230;.. <a href=\"https:\/\/www.welt.de\/politik\/deutschland\/article153808359\/So-entwaffnet-Hoecker-alle-besorgten-Buerger-Fragen.html\">https:\/\/www.welt.de\/politik\/deutschland\/article153808359\/So-entwaffnet-Hoecker-alle-besorgten-Buerger-Fragen.html<br \/>\n<\/a>\u00a0 \u00a0.<br \/>\n<strong>Hoecker-Test Teil 2 &#8222;Qualit\u00e4t statt Quantit\u00e4t&#8220;<\/strong><br \/>\n&#8230; Da solche Massen-Therapien durch internationale Vergleiche nur effektiver werden, simulieren einige den Brainpower-Weltmeister Singapur. Bei diesem Wettbewerb z\u00e4hlt man die Mathe-Asse unter 15-j\u00e4hrigen Sch\u00fclern. Die sind nicht einfach gut, sondern rasant sehr gut oder noch besser. Von 1.000 B\u00fcrgern Singapurs geh\u00f6ren 91 zu diesen Ausnahmek\u00f6nnern. Danach l\u00e4sst man unter 1000 Singapur-Spielern die Migranten aufstehen. 426 Personen erheben sich. Auch das ist Weltrekord. Wie von selbst ergibt sich die Formel \u201eje mehr Einwanderer, desto gescheiter die Nation\u201c. Um die Probe aufs Exempel zu machen, ruft man anschlie\u00dfend unter 1.000 Bewohnern der Bundesrepublik die Mathe-Asse auf. Nicht 91 wie beim Sieger, sondern nur noch 26 zeigen ihre H\u00e4upter. Wie passt das zur optimistischen Formel? Daf\u00fcr macht man den Einwanderer-Test. Unter 1.000 Deutschen gibt es mit 203 nicht einmal halb so viele wie bei den Ostasiaten, die einen Migrationshintergrund vorzeigen k\u00f6nnen. Die Frage nach dem R\u00fcckstands-Fiasko ist damit beantwortet: Deutschland fehlen Migranten. Um allerdings Singapur zu erreichen, m\u00fcssten zwischen Rosenheim und Flensburg \u00fcber 70 Prozent der Bev\u00f6lkerung aus der Fremde kommen. Das treibt die Willkommenskultur in einen ungeahnten zweiten Fr\u00fchling. Wie ein Zauberer hat Bernhard Ho\u00ebcker die Angst der Deutschen vor einer Welle in die wilde Sehnsucht nach einer Flut verwandelt.<br \/>\nF\u00fcr alles und jedes kommt jetzt \u00f6ffentliches Aufstehen oder Sitzenbleiben zum Einsatz. Doch auf einmal schie\u00dft ein Spa\u00dfvogel quer. Unter 1000 hiesigen Migranten der zweiten Generation, f\u00fcr die jede denkbare Erziehungsma\u00dfnahme gratis war, l\u00e4sst er die besten Mathematiker aufstehen. Qu\u00e4lend langsam kommen sie von ihren St\u00fchlen. Doch aller Anfeuerungsrufe zum Trotz ist bei 13 Schluss &#8211; gerade ein Siebentel der Leistung von Singapur und nur ein gutes F\u00fcnftel der altdeutschen Kinder (63 von 1000). Ganz andere Formeln machen jetzt die Runde und ein weiterer Witzbold legt hemmungslos nach. Er bittet die migratorischen Sch\u00fcler mit schlechten Mathezensuren von mangelhaft \u00fcber ungen\u00fcgend bis unbenotbar zum Durchdr\u00fccken der Knie. 508 von 1000 stehen nun stramm. Die Flutsehnsucht droht zu kippen. &#8230;<br \/>\nAlles von Gunnar Heinsohn vom 1.4.2016 bitte lesen auf<br \/>\n<a href=\"https:\/\/www.achgut.com\/artikel\/und_jetzt_machen_wir_mal_den_hoecker_test_teil_2\">https:\/\/www.achgut.com\/artikel\/und_jetzt_machen_wir_mal_den_hoecker_test_teil_2<\/a><br \/>\n.<br \/>\n<strong>15-30J\u00e4hrige &#8211; die entscheidemde Altersgruppe<\/strong><br \/>\nOhne die Verteilung nach Geschlecht und Altersgruppen einzubeziehen, ist Hoeckers \u201cMathematik\u201d reine Scharlatanerie und Augenwischerei. Im Jahr 2015 wanderten ca 1,5 Millionen Menschen nach Deutschland ein, in zuk\u00fcnftigen Jahren wird es nicht anders sein. Davon sind fast alle zwischen 15 und 30 Jahre alt, 70 &#8211; 80% von ihnen sind m\u00e4nnlich.<br \/>\nDie Alterskohorte der 15-30-J\u00e4hrigen in Deutschland, also der Altersgruppe, die Kinder hervorbringt, hat nur etwa 10 &#8211; 12 Millionen Menschen, davon haben etwa 20% einen Migrationshintergrund, knapp die H\u00e4lfte sind Frauen. Wandern in diese Kohorte nun \u00fcber etliche Jahre mehr als 1 Million M\u00e4nner pro Jahr ein, l\u00e4sst sich die gravierende Ver\u00e4nderung des Landes in der Zukunft erahnen.<br \/>\nEs w\u00e4chst praktisch ein v\u00f6llig anderes Land nach, was mit der von Hoecker pr\u00e4sentierten Verteilung absolut nichts zu tun hat. Wenn die Babyboomerjahrg\u00e4nge in Deutschland ausscheiden, wird die Ver\u00e4nderung schlagartig offensichtlich werden, dann allerdings nicht mehr zu \u00e4ndern sein.<br \/>\nJoachim Solcher \/ 02.04.2016, AO<\/p>\n<p>Wurden anschlie\u00dfend von den 118 &#8222;Deutschen&#8220; je 308.- Euro eingesammelt, die dann den 2 &#8222;Fl\u00fcchtlingen&#8220; f\u00fcr Lebensunterhalt und Integration zur Verf\u00fcgung gestellt wurden? Die niedrigste Sch\u00e4tzung f\u00fcr die durch 1 Million Fl\u00fcchtlinge enstehenden Kosten liegt n\u00e4mlich bei 25 Milliarden Euro pro Jahr. Rechnerisch sind das 308,- Euro f\u00fcr jeden Bundesb\u00fcrger. Dieses Spiel w\u00e4re, das gebe ich zu, genauso dummdreist populistisch gewesen, wie das des politisch \u00fcberaus korrekten Comedians.<br \/>\nDas Verh\u00e4ltnis ist nicht 1:80, sondern 1:5 der vergleichbaren Altersgruppe. Wir haben in DE nur ca. 5 Mio. in der gleichen Altersgruppe wie die Fl\u00fcchtlinge. Nach 5 Jahren \u00e0 1 Mio. Zuwanderer\/Jahr sind die Deutschen in der reproduzierf\u00e4higen Altersgruppe tats\u00e4chlich \u00fcberschwemmt. Zudem kommt hinzu, dass es ist nur M\u00e4nner sind!<br \/>\nJoe Frando<br \/>\n.<br \/>\nOlle Milchm\u00e4dchenrechnung. Zum einen waren es im letzten Jahr 2 Millionen &#8211; die Umsiedler und Fl\u00fcchtlinge der Vorjahre werden einfach vergessen &#8211; der Familiennachzug nicht zu vergessen. Dazu kommt die Bev\u00f6lkerungsentwicklung in nicht integrierten Paralellgesellschaften. Kann die Regierung nichts mehr erkl\u00e4ren, muessen es halt vermeintliche Promis als &#8222;Vorbilder&#8220; tun &#8211; durchschaubar.<\/p>\n<p>1 Million Zuwanderer sind ca. 12 !!! Mittelst\u00e4dte mit 80.000 Einwohner ohne wirtschaftlichen Hintergrund der Selbstversorgung. Also 12 mal Konstanz, Minden oder Gie\u00dfen. Das muss man sich bildlich vorstellen und das bei einem Zustand von ca. 7 Millionen Menschen die durch ALG I, ALG II und andere staatliche Leistungen unterst\u00fctzt werden m\u00fcssen.<\/p>\n<p>.<\/p>\n<p>&nbsp;<\/p>\n<p><strong>851.319 Menschen kamen laut UNHCR 2015 \u00fcber die \u00c4g\u00e4is nach Europa\u00a0<\/strong><br \/>\n28 Prozent davon waren Kinder.<br \/>\n57 Prozent dieser Fl\u00fcchtlinge kamen aus Syrien. 24 Prozent aus Afghanistan.<br \/>\nIm Dezember 2015 kamen mehr als 103.000 Menschen. Fast genauso viele wie im August 2015 (107.843).<br \/>\n2.1.2016<\/p>\n<p>&nbsp;<\/p>\n<p><strong>\u00dcber 1,2 Mio Fl\u00fcchtlinge in 2015: Erdrutschartiger Verfall des Optimismus<\/strong><br \/>\nNach einer aktuellen Umfrage des Meinungsforschungsinstituts Allensbach empfinden 73 Prozent der B\u00fcrger die Verh\u00e4ltnisse in Deutschland derzeit als beunruhigend. \u201eTrotz wirtschaftlicher Prosperit\u00e4t ist die Mehrheit der B\u00fcrger zutiefst verunsichert. Der Optimismus der B\u00fcrger ist binnen weniger Wochen steil zur\u00fcckgegangen\u201c, schreibt Allensbach-Chefin Renate K\u00f6cher in einem Gastbeitrag f\u00fcr die WirtschaftsWoche. Ende 2014 sahen 55 Prozent dem kommenden Jahr mit Optimismus entgegen, ein Jahr sp\u00e4ter sind es nur noch 41 Prozent. \u201eEs gab in der Nachkriegszeit nur sechsmal einen vergleichbaren erdrutschartigen Verfall des Optimismus: w\u00e4hrend der Koreakrise und der beiden \u00d6lkrisen, w\u00e4hrend der Rezession 1992\/93, nach den Attentaten des 11. September in den USA sowie beim Ausbruch der Wirtschafts- und Finanzmarktkrise\u201c, schreibt K\u00f6cher.<br \/>\nKnapp die H\u00e4lfte der Bundesb\u00fcrger ist \u00fcber die Fl\u00fcchtlingssituation in Deutschland sehr besorgt, nur sieben Prozent beunruhigt die Entwicklung \u00fcberhaupt nicht. 70 Prozent halten die Bew\u00e4ltigung der Fl\u00fcchtlingswelle f\u00fcr eine der gr\u00f6\u00dften Herausforderungen, mit denen Deutschland konfrontiert ist<br \/>\n28.12.2015<\/p>\n<p><strong>84% der Deutschen glauben nicht an Chancen durch Fl\u00fcchtlinge<\/strong><br \/>\nDie so gro\u00dfz\u00fcgige Aufnahme vom \u00fcber 1 Mio Fl\u00fcchtlinge in vier Monaten 2015 bringt dem Land kaum Chancen. Nur 16% der Deutschen meinen &#8222;Die Fl\u00fcchtlingswelle wird uns mehr wirtschaftliche Chancen als Probleme bringen&#8220;, 84 % bef\u00fcrchten Probleme f\u00fcr die Zukunft. Trotz Willkommenskultur meinen gerade mal 20 %, &#8222;Deutschland wird durch die Aufnahme der vielen Fl\u00fcchtlinge an Ansehen in der Welt gewinnen&#8220;, w\u00e4hrend 80 % die Ablehnung sp\u00fcren, die der EU dem deutschen &#8222;27-zu-1&#8220;-Aussenseiter entgegenschl\u00e4gt.<br \/>\nDer Zukunftsforscher Horst Opaschowski vom Ipsos-Institut in Hamburg glaubt, dass die Zuwanderung nicht problematisch verlaufen m\u00fcsse, wenn es f\u00fcr das Zusammenleben klare Verhaltensregeln wie in den USA gebe. &#8222;Als Beispiel nannte er erfolgreiche amerikanische Firmen, die Mitarbeiter aus bis zu 80 verschiedenen Nationen h\u00e4tten, aber auch alles bis ins Detail \u00fcber Compliance (Regeltreue) und Checklisten festlegten. &#8230;&#8220;<br \/>\n<a href=\"https:\/\/www.welt.de\/politik\/deutschland\/article150333899\/Deutsche-glauben-nicht-an-Chancen-durch-Fluechtlinge.html\">https:\/\/www.welt.de\/politik\/deutschland\/article150333899\/Deutsche-glauben-nicht-an-Chancen-durch-Fluechtlinge.html<br \/>\n<\/a>26.12.2015<\/p>\n<p>&nbsp;<\/p>\n<p><strong>180000 Fl\u00fcchtlinge<\/strong> in den ersten drei Novemberwochen, also ca. 200.000 im November 2015.\u00a0Mal 12 bei gleichbleibenden Zahlen macht 2,4 Mio\/Jahr + Familiennachzug (Faktor 4 mal 2,4 Mio = 9,6 Mio) ergibt 12 Mio\/Jahr. Faktor 4 ist noch niedrig angesetzt, es gibt Fachleute die mit 5 oder 6 rechnen. Danach h\u00e4tte sich die Bev\u00f6lkerungszahl in Deutschland bei gleichbleibendem Zuzug und unver\u00e4nderter Politik nach 6,6 Jahren verdoppelt.<br \/>\n23.11.2015<br \/>\n<a href=\"https:\/\/www.welt.de\/politik\/deutschland\/article149161746\/Fast-180-000-Fluechtlinge-binnen-drei-Wochen-in-Deutschland.htm\">https:\/\/www.welt.de\/politik\/deutschland\/article149161746\/Fast-180-000-Fluechtlinge-binnen-drei-Wochen-in-Deutschland.htm<\/a>l<\/p>\n<p>&nbsp;<\/p>\n<p><strong>150.000 Kinder von Fl\u00fcchtlingen<\/strong> sind vern\u00fcnftig zu unterrichten, daf\u00fcr werden eine Milliarde Euro ben\u00f6tigt. \u201eNicht mit gerechnet sind Tausende von Sozialp\u00e4dagogen und Dolmetschern, die man braucht &#8211; dazu Therapeuten, schlie\u00dflich sind viele dieser jungen Leute traumatisiert\u201c, Joseph Kraus, Pr\u00e4sident des Deutschen Lehrerverbandes (Seite 10\/11)<\/p>\n<p><strong>78 % der Deutschen haben Angst<\/strong> vor weiterer &#8222;unkontrollierter grenzenlosen Zuwanderung ohne Obergrenze&#8220; und vor \u00dcberfremdung durch den Islam.<br \/>\n<a href=\"https:\/\/www.br.de\/fernsehen\/bayerisches-fernsehen\/sendungen\/sonntags-stammtisch\/index.html\">https:\/\/www.br.de\/fernsehen\/bayerisches-fernsehen\/sendungen\/sonntags-stammtisch\/index.html<\/a>\u00a0am 15.11.015<br \/>\n.<br \/>\n<strong>Bis zu 5.500 UMFs<\/strong> werden in 2015 nach Baden-W\u00fcrttemberg gekommen sein.<br \/>\n12.11.2015, Sozialministerium Stuttgart<\/p>\n<p><strong>Um die 25 Mrd Euro Kosten in 2015<\/strong><br \/>\n21,1 Mrd Euro kosten die ca 1,1 Mio Fl\u00fcchtlinge allein im Jahr 2015 &#8211; so das Ifo-Institut f\u00fcr Wirtschaftsforschung M\u00fcnchen. Da wahrscheinlich 1,5 Mio Fl\u00fcchtlinge in 2015 gekommen sind (incl. der unregistrierten Einwanderung), belaufen sich die Kosten eher um die 29 Mrd Euro.<br \/>\n11.11.2015<br \/>\n.<br \/>\n<strong>Jeder Zweite hat den Pa\u00df weggeworfen<\/strong><br \/>\n50% der Zuwanderer haben ihre P\u00e4sse weggeworfen und sich als Syrer ausgegeben. Laut Bundespolizei kommen mindestens die H\u00e4lfte dieser angeblichen Syrer aus den pal\u00e4stinensischen Gebieten, aus Jordanien, dem Libanon, dem Irak oder angrenzenden L\u00e4ndern.<br \/>\n50 Prozent der Syrier in Jordanien beabsichtigen, &#8222;in naher Zukunft aufzubrechen&#8220;. 91 Prozent davon h\u00e4tten Europa als Ziel<br \/>\nRoland Tichy in der Ph\u00f6nix Runde 3.11.2015, <a href=\"https:\/\/www.phoenix.de\/content\/1009635\">https:\/\/www.phoenix.de\/content\/1009635<\/a><\/p>\n<p>&nbsp;<\/p>\n<p><strong>Nur 10% sind rasch arbeitsf\u00e4hig<\/strong><br \/>\n10 bis 20 % der Fl\u00fcchtlinge sind Analphabeten, \u00fcber 50% ohne Schulabschluss (Handelsblatt 31.10.2015).<br \/>\nLaut der eher besch\u00f6nigenden Prognose von Andrea Nahles wird man nur 10 %, nachdem man einiges an Integrationsleistung investiert hat, in den Arbeitsmarkt bringen k\u00f6nnen. Die restlichen 90% leben wohl dauerhaft von Sozialleistungen.<\/p>\n<p><strong>148 Millionen Fl\u00fcchtlinge in 10 Jahren<\/strong><br \/>\n&#8222;Bei einer Zahl von 10.000 Menschen pro Tag kommt man auf 3.650.000 Menschen im Jahr. In zehn Jahren w\u00fcrde dies bedeuten, dass 36,5 Millionen Menschen aus dem Nahen und Mittleren Osten und aus Afrika eingewandert sind. &#8230;. Man rechnet mit 4 Familienmitgliedern pro Migrant. Damit muss man die Zahl 36,5 mit 4 multiplizieren. Die Flugreisenden kommen als Kontingent hinzu. Manche meinen gar, man m\u00fcsste die Zahl mit 8 multiplizieren. Bleiben wir aber optimistisch und multiplizieren wir nur mit 4. 36,5 mal 4 macht 146 Millionen in zehn Jahren. Wir sind 80 Millionen. In zehn Jahren voraussichtlich deutlich weniger. Davon abziehen muss man die Kinder, die Rentner, die Arbeitslosen und die Geringverdiener. Die, die \u00fcbrig bleiben, nennt man Steuerzahler. Das sind die Menschen, die das alles allen Ernstes finanzieren sollen. Plus 10 % von 146 Millionen, glaubt man Andrea Nahles. Sie sind es, die ungefragt all dies am Laufen halten m\u00fcssen. Sofern sie in 10 Jahren noch hier sind. &#8230;<br \/>\nAlles vom 30.10.2015 bitte lesen auf <a href=\"https:\/\/www.achgut.com\/dadgdx\/index.php\/dadgd\/article\/helfen_wir_der_kanzlerin_beim_rechnen\">https:\/\/www.achgut.com\/dadgdx\/index.php\/dadgd\/article\/helfen_wir_der_kanzlerin_beim_rechnen<\/a><\/p>\n<p><strong>45 Mrd pro Jahr kostet die Integration in D<\/strong><br \/>\nDer Bundeshaushalt f\u00fcr das Jahr 2015 bel\u00e4uft sich auf rund \u20ac 300 Milliarden. Der \u00d6konom Matthias L\u00fccke vom Institut f\u00fcr Weltwirtschaft in Kiel (IfW) sch\u00e4tzt die j\u00e4hrlichen Kosten f\u00fcr den Fl\u00fcchtlingszustrom allein in Deutschland auf mindestens 45 Milliarden Euro pro Jahr. Das w\u00e4ren 15% des Bundeshaushaltes. \u201eBei vorsichtig gesch\u00e4tzten j\u00e4hrlichen Kosten von 15.000 Euro pro Person f\u00fcr Nahrung, Unterkunft, den t\u00e4glichen Bedarf, Gesundheitsdienstleistungen und Integrationsma\u00dfnahmen w\u00fcrden die Gesamtkosten 45 Milliarden Euro j\u00e4hrlich betragen\u201c, so L\u00fccke. Dies sind realistische, ehrliche Zahlen. Nicht populistisch, sondern eher untertrieben &#8211; denn mit dem famili\u00e4ren Nachzug d\u00fcrfte die Zahl von 3 Mio Zuwanderern weit \u00fcberschritten werden.<br \/>\nEU-Solidarit\u00e4t: Warum verteilt man diese 45 Mrd Kosten nicht auf die EU-L\u00e4nder gem\u00e4\u00df Quote?<br \/>\n11.10.2015<br \/>\n.<br \/>\n<strong>10000 Fl\u00fcchtlinge an der deutsch-\u00f6sterreichischen Grenze t\u00e4glich<\/strong><br \/>\nZwischen dem 5. September und dem 10. Oktober sind allein in Bayern 409.000 neue Migranten, also mehr als 10.000 pro Tag.<br \/>\n10.10.2015<\/p>\n<p><strong>600 Asyl-Richter fehlen<br \/>\n<\/strong>Die deutschen Verwaltungsgerichte sind wegen der hohen Zahl an Asylverfahren \u00fcberfordert. &#8222;Wir br\u00e4uchten deutschlandweit rund 600 zus\u00e4tzliche Richter, um die vielen Asylverfahren bew\u00e4ltigen zu k\u00f6nnen&#8220;, sagte Robert Seegm\u00fcller, Vorsitzender des Bundes Deutscher Verwaltungsrichter und Verwaltungsrichterinnen. Beim Bundesamt f\u00fcr Migration und Fl\u00fcchtlinge (Bamf) sind derzeit mehr als 300.000 offene Asylantr\u00e4ge anh\u00e4ngig. Im vergangenen Jahr klagten Asylbewerber gegen rund 40 Prozent der Entscheidungen der Beh\u00f6rde.<br \/>\nAktuell leben in D \u00fcber 600.000 Migranten aus dem West-Balkan, die nach Ablehnung des Asylverfahrens (noch) nicht abgeschoben wurden.<br \/>\n8.10.2015<\/p>\n<p><strong>60 Mio Fl\u00fcchtlinge<\/strong><br \/>\n0,6 % der Weltbev\u00f6lkerung sind als Migranten unterwegs \u2013 viel oder doch erstaunlich wenig?<br \/>\nIn 2015 sind 60 Mio Menschen auf der Flucht.<\/p>\n<p><strong>25% der jungen Muslime sind nicht integrationswillig<\/strong><br \/>\nDie Studie &#8222;Lebenswelten junger Muslime&#8220; des Bundesinnenministeriums weist auf \u00fcber 800 Seiten auf besorgniserregende Fakten hingewiesen wird. Auch die Zusammenfassung der Studie ist auf der Website des BMI abrufbar, wie: \u201eDie Befragungen von Muslimen im Alter zwischen 14 u. 32 Jahren ergaben, dass eine Subgruppe existiert, die als &#8222;streng Religi\u00f6se mit starken Abneigungen gegen\u00fcber dem Westen, tendenzieller Gewaltakzeptanz und ohne Integrationstendenz&#8220; bezeichnet werden kann. Diese Subgruppe umfasst bei den deutschen Muslimen ca 15% und in der Gruppe der nichtdeutschen Muslime ca 24%&#8220;.<br \/>\n.<\/p>\n<p><strong>27% der Freiburger haben Migrationshintergrund<\/strong><br \/>\nIn Freiburg leben 57000 B\u00fcrgerInnen, die bzw. deren Eltern im Ausland zur Welt kamen, das sind 27% der Freiburger Bev\u00f6lkerung. Also: ungef\u00e4hr ein Drittel der Freiburger Bobbele sind Migranten.<br \/>\n171 Nationen (der 200 eigenst\u00e4ndigen Nationen weltweit) sind in Freiburg vertreten.<br \/>\n\u00dcber 80 Migrantenorganisationen engagieren sich in Freiburg.<br \/>\nFreiburg ist mit 27% weitaus\u00a0internationaler als die meisten Orte weltweit: Nur 3% der Weltbev\u00f6lkerung lebt ausserhalb ihres Landes, in dem sie geboren wurden, das sind 215 Mio Menschen.<br \/>\n23.9.2015<\/p>\n<p><strong>26000 Importbr\u00e4ute kommen jedes Jahr aus Anatolien<\/strong><br \/>\nEs ist bekannt, da\u00df seit 1970 in Deutschland ca 2\/3 der Migranten in die Sozialsysteme einwandert\u00a0 sind.<br \/>\nIn Berlin liegt der Anteil noch h\u00f6her. \u201c26000 Importbr\u00e4ute kommen j\u00e4hrlich aus der T\u00fcrkei nach Deutschland, und mit jeder Importbraut entsteht wieder ein Integrationsproblem der 1. Generation.\u201d, so\u00a0Necla Kelek<\/p>\n<p><strong>3500 Mediziner emigrieren jedes Jahr<\/strong><br \/>\nVon knapp 12000 Medizinstudenten, die pro Jahr ihr Studium beginnen, arbeiten am Ende weniger als 7000 in Klinken oder Praxen \u2013 von ihnen wiederum verl\u00e4\u00dft laut Marburger Bund knapp die H\u00e4lfte Deutschland und emigriert ins Ausland. \u2026<br \/>\nInzwischen ist es schon f\u00fcr mehr als die H\u00e4lfte der deutschen Studenten laut einer Umfrage vorstellbar,<br \/>\nsich im Ausland eine Existenz aufzubauen. Spiegel, 44\/2006, S. 110<\/p>\n<p><strong>10000 Qualifizierte als Emigranten\u00fcberschu\u00df in die T\u00fcrkei<\/strong><br \/>\nDie Einwanderung in die Sozialsysteme bzw. Belastung der Sozialsysteme nimmt zu:<br \/>\n1971: 3 Mio Ausl\u00e4nder \u2013 davon 2 Mio Erwerbst\u00e4tige<br \/>\n2010: 7 Mio Ausl\u00e4nder \u2013 davon 2 Mio Erwerbst\u00e4tige<br \/>\nQuelle: Statistisches Bundesamt, Integrationsbericht<br \/>\nEmigranten\u00fcberschu\u00df D \u2013 TR in 2009:<br \/>\nca 40.000 Auswanderer in die T\u00fcrkei \u2013 \u00fcberwiegend gut Ausgebildete bzw.\u00a0Existenzgr\u00fcnder<br \/>\nca 30.000 Einwanderer aus der T\u00fcrkei \u2013 \u00fcberwiegend auf Unterst\u00fctzung angewiesen.<\/p>\n","protected":false},"excerpt":{"rendered":"<p>Home &gt;Global\u00a0&gt;Integration &gt;Migration &gt;Migration-Zahlen Listenauswahl eines Beitrags (Artikel\/Datum, Seite\/Inhalt): Klicken oder scrollen Frank Urbaniok: Schattenseiten der Migration\u00a0(13.7.2025) Asyleinwanderung 2014-2024 und kein Ende \u2013 Regierungsversagen\u00a0(23.6.2024) Deutschland weltweit Nr. 1: Wunsch nach Verringerung der Migration\u00a0 (8.5.2024) 34 Milliarden Euro wurden 2021 von &hellip; <a href=\"https:\/\/www.freiburg-schwarzwald.de\/blog\/global\/migration\/migration-zahlen\/\">Weiterlesen <span class=\"meta-nav\">&rarr;<\/span><\/a><\/p>\n","protected":false},"author":2,"featured_media":0,"parent":9150,"menu_order":0,"comment_status":"open","ping_status":"closed","template":"","meta":{"footnotes":""},"class_list":["post-57236","page","type-page","status-publish","hentry"],"_links":{"self":[{"href":"https:\/\/www.freiburg-schwarzwald.de\/blog\/wp-json\/wp\/v2\/pages\/57236","targetHints":{"allow":["GET"]}}],"collection":[{"href":"https:\/\/www.freiburg-schwarzwald.de\/blog\/wp-json\/wp\/v2\/pages"}],"about":[{"href":"https:\/\/www.freiburg-schwarzwald.de\/blog\/wp-json\/wp\/v2\/types\/page"}],"author":[{"embeddable":true,"href":"https:\/\/www.freiburg-schwarzwald.de\/blog\/wp-json\/wp\/v2\/users\/2"}],"replies":[{"embeddable":true,"href":"https:\/\/www.freiburg-schwarzwald.de\/blog\/wp-json\/wp\/v2\/comments?post=57236"}],"version-history":[{"count":6,"href":"https:\/\/www.freiburg-schwarzwald.de\/blog\/wp-json\/wp\/v2\/pages\/57236\/revisions"}],"predecessor-version":[{"id":136448,"href":"https:\/\/www.freiburg-schwarzwald.de\/blog\/wp-json\/wp\/v2\/pages\/57236\/revisions\/136448"}],"up":[{"embeddable":true,"href":"https:\/\/www.freiburg-schwarzwald.de\/blog\/wp-json\/wp\/v2\/pages\/9150"}],"wp:attachment":[{"href":"https:\/\/www.freiburg-schwarzwald.de\/blog\/wp-json\/wp\/v2\/media?parent=57236"}],"curies":[{"name":"wp","href":"https:\/\/api.w.org\/{rel}","templated":true}]}}