{"id":57225,"date":"2015-11-01T10:23:26","date_gmt":"2015-11-01T09:23:26","guid":{"rendered":"https:\/\/www.freiburg-schwarzwald.de\/blog\/?page_id=57225"},"modified":"2026-04-26T10:06:55","modified_gmt":"2026-04-26T08:06:55","slug":"migration-maenner","status":"publish","type":"page","link":"https:\/\/www.freiburg-schwarzwald.de\/blog\/global\/migration\/migration-maenner\/","title":{"rendered":"Migration-Maenner"},"content":{"rendered":"<p><a href=\"https:\/\/www.freiburg-schwarzwald.de\/blog\">Home<\/a> &gt;<a title=\"Global\" href=\"https:\/\/www.freiburg-schwarzwald.de\/blog\/global\/\">Global<\/a>\u00a0&gt;<a title=\"Integration\" href=\"https:\/\/www.freiburg-schwarzwald.de\/blog\/global\/integration\/\">Integration<\/a> &gt;<a title=\"Migration\" href=\"https:\/\/www.freiburg-schwarzwald.de\/blog\/global\/migration\/\">Migration<\/a> &gt;Migration-Maenner<\/p>\n<div id=\"attachment_51158\" style=\"width: 651px\" class=\"wp-caption alignnone\"><a href=\"https:\/\/www.freiburg-schwarzwald.de\/blog\/global\/iran\/yazd3tuermedesschweigens-pan141014\/\" rel=\"attachment wp-att-51158\"><img loading=\"lazy\" decoding=\"async\" aria-describedby=\"caption-attachment-51158\" class=\"size-full wp-image-51158\" src=\"https:\/\/www.freiburg-schwarzwald.de\/blog\/wp-content\/uploads\/2012\/04\/yazd3tuermedesschweigens-pan141014.jpg\" alt=\"Blick auf Yazd von den Tuermen des Schweigens aus am 13.10.2014\" width=\"641\" height=\"257\" srcset=\"https:\/\/www.freiburg-schwarzwald.de\/blog\/wp-content\/uploads\/2012\/04\/yazd3tuermedesschweigens-pan141014.jpg 641w, https:\/\/www.freiburg-schwarzwald.de\/blog\/wp-content\/uploads\/2012\/04\/yazd3tuermedesschweigens-pan141014-180x72.jpg 180w, https:\/\/www.freiburg-schwarzwald.de\/blog\/wp-content\/uploads\/2012\/04\/yazd3tuermedesschweigens-pan141014-640x256.jpg 640w\" sizes=\"auto, (max-width: 641px) 100vw, 641px\" \/><\/a><p id=\"caption-attachment-51158\" class=\"wp-caption-text\">Blick auf Yazd von den Tuermen des Schweigens aus am 13.10.2014<\/p><\/div>\n<p>&nbsp;<\/p>\n<ul>\n<li><em>Listenauswahl eines Beitrags: Bitte anklicken oder runterscrollen<\/em><\/li>\n<li><a href=\"https:\/\/www.freiburg-schwarzwald.de\/blog\/selbsthilfe\/maenner\/maenner-taeter\/\">Neue Polizeiliche Kriminalstatistik \u2013 M\u00e4nner sind das Problem?<\/a> (24.4.2026)<\/li>\n<li><a href=\"https:\/\/www.freiburg-schwarzwald.de\/blog\/selbsthilfe\/maenner\/maenner-taeter\/\">Unschuldsvermutung als Unterdr\u00fcckungsinstrument des Patriarchats: Digitale Gewalt<\/a>\u00a0(27.3.2026)<\/li>\n<li><a href=\"https:\/\/www.freiburg-schwarzwald.de\/blog\/frauen-zweierlei-gewalt\/\">Frauen \u2013 zweierlei Gewalt?<\/a>\u00a0(27.3.2026)<\/li>\n<li><a href=\"https:\/\/www.freiburg-schwarzwald.de\/blog\/global\/grossbritannien\/england\/\">Statement from the Rape Gang Inquiry \u2013 England<\/a>\u00a0(25,2,2026)<\/li>\n<li><a href=\"https:\/\/www.freiburg-schwarzwald.de\/blog\/bahnsteig-migrant-resettlement\/\">Bahnsteig Migrant Resettlement<\/a> (30.1.2026)<\/li>\n<li><a href=\"https:\/\/www.freiburg-schwarzwald.de\/blog\/engagement\/zukunft\/krieg\/bundeswehr\/\">Tucker Carlson: Erweiterte Bundeswehr w\u00e4re mehrheitlich muslimisch<\/a>\u00a0(27.1.2026)<\/li>\n<li><a href=\"https:\/\/www.freiburg-schwarzwald.de\/blog\/selbsthilfe\/krise\/gewalt\/jugendgewalt\/\">Diversit\u00e4t am praktischen Beispiel: Montenegriner Gambier Pakistani Syrer Serbe<\/a>\u00a0(23,1,2026)<\/li>\n<li><a href=\"https:\/\/www.freiburg-schwarzwald.de\/blog\/global\/deutschland\/moral2015\/doppelmoral\/\">Doppelmoral: \u201eJunge Muslime\u201c und \u201eJunge M\u00e4nner\u201c<\/a> (4.1.2026)<\/li>\n<li><a href=\"https:\/\/www.freiburg-schwarzwald.de\/blog\/silvesternacht-2026-friedlich\/\">Silvesternacht 2026 \u201efriedlich\u201c?<\/a>\u00a0(2.1.2026)<\/li>\n<li><a href=\"https:\/\/www.freiburg-schwarzwald.de\/blog\/qualifizieren-statt-zuwanderung\/\">Qualifizieren statt Zuwanderung<\/a>\u00a0(1.12.2025)<\/li>\n<li><a href=\"https:\/\/www.freiburg-schwarzwald.de\/blog\/selbsthilfe\/soziales\/justiz\/polizei\/polizei-unterwanderung\/\">Ermittlungen wegen Migrationskritik \u2013 Julian Reichelt zur Polizei in Berlin<\/a>\u00a0(29.10.2025)<\/li>\n<li><a href=\"https:\/\/www.freiburg-schwarzwald.de\/blog\/global\/migration\/migration-nein\/\">Die ewige (falsche) Leier: \u201eWir brauchen Zuwanderung\u201c<\/a>\u00a0(22.2.2025)<\/li>\n<li><a href=\"https:\/\/www.freiburg-schwarzwald.de\/blog\/global\/eu\/schleuser\/\">90 Prozent der Frauen auf Mittelmeer-Route werden vergewaltigt<\/a> (10.12.2024)<\/li>\n<li><a href=\"https:\/\/www.freiburg-schwarzwald.de\/blog\/global\/deutschland\/berlin\/\">Juden, Schwule und Frauen sind in Berlin Jagdwild geworden<\/a>\u00a0(19.11.2024)<\/li>\n<li><a href=\"https:\/\/www.freiburg-schwarzwald.de\/blog\/global\/niederlande\/amsterdam\/\">Amsterdam: Der Selbstbetrug junger Muslime<\/a>\u00a0(14.11.2024)<\/li>\n<li><a href=\"https:\/\/www.freiburg-schwarzwald.de\/blog\/selbsthilfe\/frauen\/frauenmorde-migration\/\">Hussein ermordete Maria in Freiburg \u2013 Jahrestag<\/a>\u00a0(17.10.2024)<\/li>\n<li><a href=\"https:\/\/www.freiburg-schwarzwald.de\/blog\/global\/integration\/gewaltimport\/\">Kleinkind in Barcelona von Einwanderer brutal attackiert<\/a>\u00a0(8.10.2024)<\/li>\n<li><a href=\"https:\/\/www.freiburg-schwarzwald.de\/blog\/solingen-ist-ueberall\/\">Solingen ist \u00fcberall<\/a>\u00a0(24.8.2024)<\/li>\n<li><a href=\"https:\/\/www.freiburg-schwarzwald.de\/blog\/signale-southport-und-berlin\/\">Signale von Southport 29.6.2024 und Berlin 3.8.2024<\/a>\u00a0(8.8.2024)<\/li>\n<li><a href=\"https:\/\/www.freiburg-schwarzwald.de\/blog\/global\/migration\/talahon\/\">Talahon \u2013 Gangsta mit Gucci-Cap, Jogginghose und Lacoste Shirt<\/a>\u00a0(28.7.2024)<\/li>\n<li><a href=\"https:\/\/www.freiburg-schwarzwald.de\/blog\/migrantengewalt-eingedeutscht\/\">Migrantengewalt eingedeutscht<\/a>\u00a0(6.11.2023)<\/li>\n<li><a href=\"https:\/\/www.freiburg-schwarzwald.de\/blog\/wir-schaffen-es-nicht-mehr\/\">Wir schaffen es nicht (mehr)<\/a>\u00a0(16.10.2023)<\/li>\n<li><a href=\"https:\/\/www.freiburg-schwarzwald.de\/blog\/eu-migrationspakt-unwirksam\/\">EU-Migrationspakt unwirksam<\/a>\u00a0(5.10.2023)<\/li>\n<li><a href=\"https:\/\/www.freiburg-schwarzwald.de\/blog\/global\/migration\/migration-zahlen\/\">Jeder zweite Migrant psychisch krank<\/a> (13.9.2023)<\/li>\n<li><a href=\"https:\/\/www.freiburg-schwarzwald.de\/blog\/euer-land-gehoert-euch-nicht\/\">Euer Land geh\u00f6rt euch nicht<\/a>\u00a0(1.9.2023)<\/li>\n<li><a href=\"https:\/\/www.freiburg-schwarzwald.de\/blog\/selbsthilfe\/krise\/gewalt\/strassenschlacht\/\">Susanne Schr\u00f6ter: Stra\u00dfenk\u00e4mpfe wie in Paris sind auch in Deutschland m\u00f6glich<\/a>\u00a0(12.8.2023)<\/li>\n<li><a href=\"https:\/\/www.freiburg-schwarzwald.de\/blog\/global\/migration\/migranten-benehmen\/\">Orientalisch gepr\u00e4gte m\u00e4nnliche Dominanz<\/a>\u00a0(27.7.2023)<\/li>\n<li><a href=\"https:\/\/www.freiburg-schwarzwald.de\/blog\/freibad-als-freiheitsraum-ade\/\">Freibad als Freiheitsraum \u2013 ade<\/a>\u00a0(14.7.2023)<\/li>\n<li><a href=\"https:\/\/www.freiburg-schwarzwald.de\/blog\/unruhen-in-f-unruhen-in-d\/\">Unruhen in F \u2013 Unruhen in D<\/a>\u00a0(4.7.2023)<\/li>\n<li><a href=\"https:\/\/www.freiburg-schwarzwald.de\/blog\/unsere-jungen-maenner-sind-ok\/\">Unsere jungen M\u00e4nner sind OK<\/a>\u00a0(14.6.2023)<\/li>\n<li><a href=\"https:\/\/www.freiburg-schwarzwald.de\/blog\/bildung\/bildungsprekariat\/\">70 Prozent der Zuwanderer ohne jede schulische Vorbildung<\/a>\u00a0(2.5.2023)<\/li>\n<li><a href=\"https:\/\/www.freiburg-schwarzwald.de\/blog\/selbsthilfe\/krise\/gewalt\/jugendgewalt\/\">Von unserer Blindheit gegen\u00fcber der neuen Jugendgewalt<\/a>\u00a0(31.3.2023)<\/li>\n<li>\u00dcber 1 Mio M\u00e4nner-\u00dcberschu\u00df 18-36 Jahre durch Migration (31.3.2023)<\/li>\n<li><a href=\"https:\/\/www.freiburg-schwarzwald.de\/blog\/syrer-vergewaltigt-freier-mann\/\">Syrer vergewaltigt \u2013 freier Mann<\/a>\u00a0(3.3.2023)<\/li>\n<li><a href=\"https:\/\/www.freiburg-schwarzwald.de\/blog\/kuscheljustiz-massenschlaegerei\/\">Kuscheljustiz Massenschl\u00e4gerei<\/a>\u00a0(1.2.2023)<\/li>\n<li><a href=\"https:\/\/www.freiburg-schwarzwald.de\/blog\/global\/deutschland\/bahnsteig\/\">Bahnhof Altena: Syrer schleudert 16-J\u00e4hrige ins Gleis<\/a>\u00a0(11.1.2023)<\/li>\n<li><a href=\"https:\/\/www.freiburg-schwarzwald.de\/blog\/parallelgesellschaften-silvester\/\">Parallelgesellschaften Silvester<\/a>\u00a0(2.1.2023)<\/li>\n<li><a href=\"https:\/\/www.freiburg-schwarzwald.de\/blog\/global\/migration\/migranten-gewalt\/\">Migranten morden: H\u00f6rt diese Gewalt nie wieder auf?<\/a>\u00a0(19.12.2022)<\/li>\n<li><a href=\"https:\/\/www.freiburg-schwarzwald.de\/blog\/kultur\/medien\/diskussionskultur\/106921-2\/\">Generalverdacht-Vorwurf beleidigt die B\u00fcrger<\/a>\u00a0(7.12.2022)<\/li>\n<li><a href=\"https:\/\/www.freiburg-schwarzwald.de\/blog\/migrantenkrawallle-in-b-und-nl\/\">Migrantenkrawalle in B und NL<\/a>\u00a0(28.11.2022)<\/li>\n<li><a href=\"https:\/\/www.freiburg-schwarzwald.de\/blog\/selbsthilfe\/krise\/gewalt\/krawalle\/\">Krawalle nach Marokko-Belgien 2:1 in Br\u00fcssel<\/a>\u00a0(27,11.2022)<\/li>\n<li><a href=\"https:\/\/www.freiburg-schwarzwald.de\/blog\/macheten-mord-ludwigshafen\/\">Macheten-Mord Ludwigshafen<\/a>\u00a0(20.10.2022)<\/li>\n<li><a href=\"https:\/\/www.freiburg-schwarzwald.de\/blog\/religion\/islam\/islam-sexualitaet\/\">Islam-Migration l\u00e4sst Homophobie-Gewalttaten ansteigen<\/a> (14.9.2022)<\/li>\n<li><a href=\"https:\/\/www.freiburg-schwarzwald.de\/blog\/selbsthilfe\/krise\/gewalt\/raub\/\">Bremen: Handwerker von \u201eMann\u201c ausgeraubt, keiner hilft<\/a>\u00a0(21.6.2022)<\/li>\n<li><a href=\"https:\/\/www.freiburg-schwarzwald.de\/blog\/selbsthilfe\/krise\/gewalt\/partyszene\/\">Partyszene wieder aktiv: Massenschl\u00e4gerei im Berliner Freibad<\/a>\u00a0(20.6.2022)<\/li>\n<li><a href=\"https:\/\/www.freiburg-schwarzwald.de\/blog\/regio\/orte\/stuttgart\/\">Stuttgarter Innenstadt an Wochenenden: \u201emigrantisch gepr\u00e4gt \u2026 wie im Affenzirkus\u201c<\/a>\u00a0(26.1.2022)<\/li>\n<li><a href=\"https:\/\/www.freiburg-schwarzwald.de\/blog\/global\/migration\/migrationspolitik\/\">Migrationspolitik: D\u00e4nemark versus Deutschland<\/a>\u00a0(24.1.2022)<\/li>\n<li><a href=\"https:\/\/www.freiburg-schwarzwald.de\/blog\/religion\/islam\/islamisierung\/\">Islam-Terror ist Alltag geworden: 1500 offene Verfahren<\/a> (7.9.2021)<\/li>\n<li><a href=\"https:\/\/www.freiburg-schwarzwald.de\/blog\/selbsthilfe\/krise\/gewalt\/ueberfall\/\">Jeden Tag ein \u00dcberfall in Freiburg \u2013 Nicht der Rede wert<\/a>\u00a0(16.9.2021)<\/li>\n<li><a href=\"https:\/\/www.freiburg-schwarzwald.de\/blog\/wiederholt-sich-2015-in-2021\/\">Wiederholt sich 20215 im Jahr 2021?<\/a>\u00a0(6.9.2021)<\/li>\n<li><a href=\"https:\/\/www.freiburg-schwarzwald.de\/blog\/berlin-ehrenmord-kein-femizid\/\">Berlin: Ehrenmord kein Femizid<\/a>\u00a0(11.8.2021)<\/li>\n<li><a href=\"https:\/\/www.freiburg-schwarzwald.de\/blog\/selbsthilfe\/krise\/sexuellermissbrauch\/gruppenvergewaltigung\/\">Gruppenvergewaltigung: Gew\u00f6hnt euch nicht dran!<\/a>\u00a0(6.8.2021)<\/li>\n<li><a href=\"https:\/\/www.freiburg-schwarzwald.de\/blog\/zweierlei-opfer-hanau-wuerzburg\/\">Zweierlei Opfer: Hanau W\u00fcrzburg<\/a>\u00a0(14.7.2021)<\/li>\n<li><a href=\"https:\/\/www.freiburg-schwarzwald.de\/blog\/625-gegen-weitere-migranten\/\">62,5 % gegen weitere Migranten<\/a>\u00a0(23.6.2021)<\/li>\n<li><a href=\"https:\/\/www.freiburg-schwarzwald.de\/blog\/selbsthilfe\/krise\/gewalt\/kriminalstatistik\/\">Jeder zweite Sexualstraft\u00e4ter ist Ausl\u00e4nder<\/a>\u00a0(15.6.2021)<\/li>\n<li><a href=\"https:\/\/www.freiburg-schwarzwald.de\/blog\/global\/afrika\/afrika-exodus\/\">Liebe Afrikaner! Kommt nicht nach Europa!<\/a>\u00a0(2.5.2021)<\/li>\n<li><a href=\"https:\/\/www.freiburg-schwarzwald.de\/blog\/engagement\/zukunft\/demokratie\/tabu\/\">Tabu: Corona ist ein Migrationsproblem<\/a>\u00a0(18.4.2021)<\/li>\n<li><a href=\"https:\/\/www.freiburg-schwarzwald.de\/blog\/selbsthilfe\/krise\/gewalt\/kriminalstatistik\/\">Ausl\u00e4nderkriminalit\u00e4t \u2013 Entwicklung seit 2018 laut PKS<\/a>\u00a0(28.1.2021)<\/li>\n<li><a href=\"https:\/\/www.freiburg-schwarzwald.de\/blog\/bildung\/bildung-integration\/\">Integrationsvergeblichkeit zwischen Gebildeten und Bildungsfernen<\/a>\u00a0(3.1.2021)<\/li>\n<li><a href=\"https:\/\/www.freiburg-schwarzwald.de\/blog\/selbsthilfe\/soziales\/justiz\/polizei\/polizeibeamte\/\">Palmer: Wenn Polizisten berichten: Wie w\u00e4re es mal mit Zuh\u00f6ren?<\/a> (12.11.2020)<\/li>\n<li><a title=\"Gewalt gegen Frauen nimmt zu\" href=\"https:\/\/www.freiburg-schwarzwald.de\/blog\/gewalt-gegen-frauen-nimmt-zu\/\">Gewalt gegen Frauen nimmt zu<\/a>\u00a0(15.8.2020)<\/li>\n<li><a title=\"Frauenproteste\" href=\"https:\/\/www.freiburg-schwarzwald.de\/blog\/selbsthilfe\/frauen\/frauenproteste\/\">Umfrage von Plan verschleiert sexuelle Gewalt von Migranten gegen M\u00e4dchen und Frauen<\/a>\u00a0(13.8.2020)<\/li>\n<li><a title=\"Partyszene randaliert in S und F\" href=\"https:\/\/www.freiburg-schwarzwald.de\/blog\/partyszene-randaliert-in-s-und-f\/\">Partyszene randaliert in S und F<\/a>\u00a0(21.7.2020)<\/li>\n<li><a title=\"Strassenschlacht\" href=\"https:\/\/www.freiburg-schwarzwald.de\/blog\/selbsthilfe\/krise\/gewalt\/strassenschlacht\/\">Rainer Wendt: Die Krawalle von Frankfurt werden keine Einzelf\u00e4lle bleiben<\/a>\u00a0(20.7.2020)<\/li>\n<li><a title=\"Polizei\" href=\"https:\/\/www.freiburg-schwarzwald.de\/blog\/selbsthilfe\/soziales\/justiz\/polizei\/\">Beweislastumkehrung in Berlin: Polizisten m\u00fcssen ihre Unschuld beweisen<\/a>\u00a0(17.5.2020)<\/li>\n<li><a title=\"Istanbul 1453 \u2013 Hannover 2020\" href=\"https:\/\/www.freiburg-schwarzwald.de\/blog\/istanbul-1453-hannover-2020\/\">Istanbul 1453 \u2013 Hannover 2020<\/a>\u00a0(25.4.2020)<\/li>\n<li><a title=\"Erntehelfer\" href=\"https:\/\/www.freiburg-schwarzwald.de\/blog\/natur\/landwirt\/erntehelfer\/\">Migranten trotz Coronakrise: Hartz IV ja, Erntehelfer nein<\/a> (11,4,2020)<\/li>\n<li><a title=\"Eiche in D \u2013 Olivenbaum in GR\" href=\"https:\/\/www.freiburg-schwarzwald.de\/blog\/eiche-in-d-olivenbaum-in-gr\/\">Eiche in D \u2013 Olivenbaum in GR<\/a>\u00a0(10.4.2020)<\/li>\n<li><a title=\"Fluechtlingshelfer\" href=\"https:\/\/www.freiburg-schwarzwald.de\/blog\/global\/integration\/fluechtlingshelfer\/\">Basisinitiative Fl\u00fcchtlingshilfe \u2013 Rebecca Sommer<\/a>\u00a0(1.1.2020)<\/li>\n<li><a title=\"Kriminalstatistik\" href=\"https:\/\/www.freiburg-schwarzwald.de\/blog\/selbsthilfe\/krise\/gewalt\/kriminalstatistik\/\">Kriminalstatistik endlich grundgesetz-konform detaillieren<\/a> (13.12.2019<\/li>\n<li><a title=\"Augsburg061219tod-nach-sturz\" href=\"https:\/\/www.freiburg-schwarzwald.de\/blog\/global\/migration\/augsburg061219tod-nach-sturz\/\">Boris Palmer zu Augsburg: Ja, es gibt Migrantengewalt<\/a>\u00a0(11.12.2019)<\/li>\n<li><a title=\"Augsburg: Feuerwehrmann tot\" href=\"https:\/\/www.freiburg-schwarzwald.de\/blog\/augsburg-feuerwehrmann-tot\/\">Augsburg: Feuerwehrmann tot<\/a>\u00a0(10.12.2019)<\/li>\n<li><a title=\"Kritik und abweichende Meinung\" href=\"https:\/\/www.freiburg-schwarzwald.de\/blog\/kritik-und-abweichende-meinung\/\">Kritik und abweichende Meinung<\/a>\u00a0(7.8.2019)<\/li>\n<li><a title=\"Migration-Flugzeug\" href=\"https:\/\/www.freiburg-schwarzwald.de\/blog\/global\/migration\/migration-flugzeug\/\">Massenzuwanderung auch 2018 \u00fcber weiterhin offene Grenzen<\/a> (29.6.2019)<\/li>\n<li><a title=\"Hock\" href=\"https:\/\/www.freiburg-schwarzwald.de\/blog\/kultur\/oeffentlicher-raum\/hock\/\">36j\u00e4hriger Somalier Messerstecher auf Schlossgrabenfest Kirchhofen<\/a>\u00a0(27.5.2019)<\/li>\n<li><a href=\"https:\/\/www.freiburg-schwarzwald.de\/blog\/polizei-kriminalstatistik-2018\/\">https:\/\/www.freiburg-schwarzwald.de\/blog\/polizei-kriminalstatistik-2018\/<\/a>\u00a0(4.4.2019)<\/li>\n<li>Mit nicht-muslimischen Frauen kann ein Mann machen was er will (10.11.2018)<\/li>\n<li><strong><a title=\"Kriminalstatistik\" href=\"https:\/\/www.freiburg-schwarzwald.de\/blog\/selbsthilfe\/krise\/gewalt\/kriminalstatistik\/\">Wenig bekannte Fakten zur Ausl\u00e4nderkriminalit\u00e4t in Deutschland<\/a>\u00a0(4.7.2018)<\/strong><\/li>\n<li><a title=\"Kandel-Bluttat27-12-2017\" href=\"https:\/\/www.freiburg-schwarzwald.de\/blog\/engagement\/zukunft\/demokratie\/kandel-bluttat27-12-2017\/\">Nach Kandel und Freiburg fordert Palmer: UMF sollen Alter beweisen<\/a>\u00a0(5.1.2018)<\/li>\n<li><a href=\"https:\/\/www.freiburg-schwarzwald.de\/blog\/religion\/juden\/juedisches-leben\/\">Karl Lagerfeld: Der Skandal, der keiner ist<\/a>\u00a0(16.11.2017)<\/li>\n<li><strong><a title=\"Psyche\" href=\"https:\/\/www.freiburg-schwarzwald.de\/blog\/selbsthilfe\/psyche\/\">Psychiater Christian Dogs: Migranten sind nicht integrierbar<\/a>\u00a0(27.9.2017)<\/strong><\/li>\n<\/ul>\n<ul>\n<li>Mann z\u00fcndet seine Frau an (8.12.2016)<\/li>\n<li>97% der Migranten in Italien sind junge M\u00e4nner (4.12.2016)<\/li>\n<li><a href=\"https:\/\/www.freiburg-schwarzwald.de\/blog\/afrikaner-bauen-trockenmauer\/\">https:\/\/www.freiburg-schwarzwald.de\/blog\/afrikaner-bauen-trockenmauer\/<\/a> (1.12.2016)<\/li>\n<li>Kriegsindex-Spitzenreiter aus Arabien und Afrika gehen nach Europa (17.10.2016)<\/li>\n<li>Untergetauchte Fl\u00fcchtlinge in D (8.6.2016)<\/li>\n<li><a href=\"https:\/\/www.freiburg-schwarzwald.de\/blog\/voelkerwanderung-eu-migration\/\">https:\/\/www.freiburg-schwarzwald.de\/blog\/voelkerwanderung-eu-migration\/<\/a> (8.6.2016)<\/li>\n<li>Dramatische Bev\u00f6lkerungsver\u00e4nderung bei jungen M\u00e4nnern (1.3.2016)<\/li>\n<li><a href=\"https:\/\/www.freiburg-schwarzwald.de\/blog\/fluechtlinge-ohne-disco-zutritt\/\">https:\/\/www.freiburg-schwarzwald.de\/blog\/fluechtlinge-ohne-disco-zutritt\/<\/a> (24.1.2016)<\/li>\n<li>Gewaltlegitimierende M\u00e4nnlichkeitsnormen in der muslimischen Kultur (8.1.2016)<\/li>\n<li>Massen\u00fcberfall auf Frauen durch junge Fl\u00fcchtlinge in K\u00f6ln (4.1.2016)<\/li>\n<li>Kriegsindex und Junge-M\u00e4nner-Integrationsproblem (21.1.2015)<\/li>\n<li>Muslimische Fl\u00fcchtlingsm\u00e4nner auf\u00a0Party mit weiblichen Fl\u00fcchtlingshelferinnen (20.11.2015)<\/li>\n<li>Der Sex und die jungen alleinstehenden Fl\u00fcchtlinge (12.11.2015)<\/li>\n<li>Lars Feld: Facharbeitskr\u00e4ftemangel nicht \u00fcber Fl\u00fcchtlinge l\u00f6sbar (12.11.2015)<\/li>\n<li>Junge Afrikaner haben falsches Bild von Deutschland (7.11.2015)<\/li>\n<li><a href=\"https:\/\/www.freiburg-schwarzwald.de\/blog\/junge-maenner-hat-das-land\">https:\/\/www.freiburg-schwarzwald.de\/blog\/junge-maenner-hat-das-land<\/a>\/ (30.10.2015)<\/li>\n<li>\u00a0 .<\/li>\n<li><a title=\"Afrika-Exodus\" href=\"https:\/\/www.freiburg-schwarzwald.de\/blog\/global\/afrika\/afrika-exodus\/\">Afrika-Exodus<\/a><\/li>\n<li><a href=\"https:\/\/www.freiburg-schwarzwald.de\/blog\/global\/niederlande\/amsterdam\/\">Amsterdam &#8211; junge Muslime<\/a><\/li>\n<li><a title=\"Migranten-Armee\" href=\"https:\/\/www.freiburg-schwarzwald.de\/blog\/global\/migration\/migranten-armee\/\">Armee von Migranten in D<\/a><\/li>\n<li><a title=\"Augsburg061219tod-nach-sturz\" href=\"https:\/\/www.freiburg-schwarzwald.de\/blog\/global\/migration\/augsburg061219tod-nach-sturz\/\">Augsburg061219Tod-nach-Sturz<\/a><\/li>\n<li><a href=\"https:\/\/www.freiburg-schwarzwald.de\/blog\/bildung\/bildung-integration\/\">Bildung-Integration<\/a><\/li>\n<li><a title=\"Dreisam-Mord\" href=\"https:\/\/www.freiburg-schwarzwald.de\/blog\/global\/integration\/dreisam-mord\/\">Dreisam-Mord<\/a><\/li>\n<li><a href=\"https:\/\/www.freiburg-schwarzwald.de\/blog\/religion\/islam\/ehrenmord\/\">Ehrenmord<\/a><\/li>\n<li><a title=\"Familiennachzug\" href=\"https:\/\/www.freiburg-schwarzwald.de\/blog\/global\/migration\/familiennachzug\/\">Familiennachzug<\/a><\/li>\n<li><a title=\"Fluechtlinge-Paten\" href=\"https:\/\/www.freiburg-schwarzwald.de\/blog\/global\/integration\/fluechtlinge-paten\/\">Fluechtlinge-Paten<\/a><\/li>\n<li><a title=\"Frauenproteste\" href=\"https:\/\/www.freiburg-schwarzwald.de\/blog\/selbsthilfe\/frauen\/frauenproteste\/\">Frauenproteste<\/a><\/li>\n<li><a title=\"Frauenrechte\" href=\"https:\/\/www.freiburg-schwarzwald.de\/blog\/global\/integration\/frauenrechte\/\">Frauenrechte<\/a><\/li>\n<li><a href=\"https:\/\/www.freiburg-schwarzwald.de\/blog\/global\/integration\/gewaltimport\/\">Gewaltimport<\/a><\/li>\n<li><a title=\"Ghetto\" href=\"https:\/\/www.freiburg-schwarzwald.de\/blog\/global\/integration\/ghetto\/\">Ghetto<\/a><\/li>\n<li><a href=\"https:\/\/www.freiburg-schwarzwald.de\/blog\/global\/migration\/herkunft\/\">Herkunft<\/a><\/li>\n<li><a title=\"Integration\" href=\"https:\/\/www.freiburg-schwarzwald.de\/blog\/global\/integration\/\">Integration \u2013 Infos<\/a><\/li>\n<li><a title=\"Islam-Opferrolle\" href=\"https:\/\/www.freiburg-schwarzwald.de\/blog\/religion\/islam\/islam-opferrolle\/\">Islam-Opferrolle<\/a><\/li>\n<li><a title=\"Islam-Sexualitaet\" href=\"https:\/\/www.freiburg-schwarzwald.de\/blog\/religion\/islam\/islam-sexualitaet\/\">Islam-Sexualitaet<\/a><\/li>\n<li><a title=\"Istanbul1453\" href=\"https:\/\/www.freiburg-schwarzwald.de\/blog\/religion\/islam\/istanbul1453\/\">Istanbul1453<\/a><\/li>\n<li><a title=\"Italienroute\" href=\"https:\/\/www.freiburg-schwarzwald.de\/blog\/global\/migration\/italienroute\/\">Italienroute<\/a><\/li>\n<li><a href=\"https:\/\/www.freiburg-schwarzwald.de\/blog\/selbsthilfe\/krise\/gewalt\/jugendgewalt\/\">Jugendgewalt<\/a><\/li>\n<li><a title=\"Koeln-Silvester2015\" href=\"https:\/\/www.freiburg-schwarzwald.de\/blog\/global\/integration\/koeln-silvester2015\/\">Koeln-Silvester2015<\/a><\/li>\n<li><a title=\"Kriminalstatistik\" href=\"https:\/\/www.freiburg-schwarzwald.de\/blog\/selbsthilfe\/krise\/gewalt\/kriminalstatistik\/\">Kriminalstatistik<\/a><\/li>\n<li><a href=\"https:\/\/www.freiburg-schwarzwald.de\/blog\/selbsthilfe\/maenner\/maenner-taeter\/\">Maenner-Taeter<\/a><\/li>\n<li><a href=\"https:\/\/www.freiburg-schwarzwald.de\/blog\/selbsthilfe\/soziales\/justiz\/messerstecher\/\">Messerstecher<\/a><\/li>\n<li><a title=\"Migranten-Armee\" href=\"https:\/\/www.freiburg-schwarzwald.de\/blog\/global\/migration\/migranten-armee\/\">Migranten-Armee<\/a><\/li>\n<li><a href=\"https:\/\/www.freiburg-schwarzwald.de\/blog\/global\/migration\/migranten-gewalt\/\">Migranten-Gewalt<\/a><\/li>\n<li><a title=\"Migration-erzwungen\" href=\"https:\/\/www.freiburg-schwarzwald.de\/blog\/global\/migration\/migration-erzwungen\/\">Migration-erzwungen<\/a><\/li>\n<li><a title=\"Migration-Internet\" href=\"https:\/\/www.freiburg-schwarzwald.de\/blog\/global\/migration\/migration-internet\/\">Migration-Internet<\/a><\/li>\n<li><a title=\"Migration-jung\" href=\"https:\/\/www.freiburg-schwarzwald.de\/blog\/global\/migration\/migration-jung\/\">Migration-jung &#8211; Bindungslos-vagabundierende Migration<\/a><\/li>\n<li><a href=\"https:\/\/www.freiburg-schwarzwald.de\/blog\/global\/migration\/migration-nein\/\">Migration-nein<\/a><\/li>\n<li><a title=\"Migration-Wohnen\" href=\"https:\/\/www.freiburg-schwarzwald.de\/blog\/global\/migration\/migration-wohnen\/\">Migration-Wohnen<\/a><\/li>\n<li><a title=\"Mindestlohn\" href=\"https:\/\/www.freiburg-schwarzwald.de\/blog\/selbsthilfe\/soziales\/arbeit\/lohn\/mindestlohn\/\">Mindestlohn<\/a><\/li>\n<li><a href=\"https:\/\/www.freiburg-schwarzwald.de\/blog\/selbsthilfe\/krise\/gewalt\/partyszene\/\">Partyszene<\/a><\/li>\n<li><a href=\"https:\/\/www.freiburg-schwarzwald.de\/blog\/selbsthilfe\/soziales\/justiz\/polizei\/polizei-unterwanderung\/\">Polizei-Unterwanderung<\/a><\/li>\n<li><a href=\"https:\/\/www.freiburg-schwarzwald.de\/blog\/selbsthilfe\/krise\/gewalt\/raub\/\">Raub<\/a><\/li>\n<li><a title=\"Sozialisation\" href=\"https:\/\/www.freiburg-schwarzwald.de\/blog\/selbsthilfe\/jugend\/sozialisation\/\">Sozialisation<\/a><\/li>\n<li><a title=\"Strassenschlacht\" href=\"https:\/\/www.freiburg-schwarzwald.de\/blog\/selbsthilfe\/krise\/gewalt\/strassenschlacht\/\">Strassenschlacht<\/a><\/li>\n<li><a href=\"https:\/\/www.freiburg-schwarzwald.de\/blog\/selbsthilfe\/krise\/gewalt\/linke-gewalt\/stuttgart16mai2020linkegewalt\/\">Stuttgart16Mai2020LinkeGewalt<\/a><\/li>\n<li><a href=\"https:\/\/www.freiburg-schwarzwald.de\/blog\/global\/migration\/talahon\/\">Talahon<\/a><\/li>\n<li><a title=\"Terror\" href=\"https:\/\/www.freiburg-schwarzwald.de\/blog\/religion\/islam\/terror\/\">Terror<\/a><\/li>\n<li><a title=\"Ueberfremdung\" href=\"https:\/\/www.freiburg-schwarzwald.de\/blog\/global\/integration\/ueberfremdung\/\">Ueberfremdung<\/a><\/li>\n<li><a title=\"Youth-Bulges\" href=\"https:\/\/www.freiburg-schwarzwald.de\/blog\/engagement\/zukunft\/krieg\/youth-bulges\/\">Youth Bulges &#8211; gesunde, zornige junge M\u00e4nner ohne Perspektive<\/a><\/li>\n<li><a title=\"Zusammenrottung\" href=\"https:\/\/www.freiburg-schwarzwald.de\/blog\/selbsthilfe\/krise\/gewalt\/zusammenrottung\/\">Zusammenrottung<\/a><\/li>\n<\/ul>\n<p>Die meisten Migranten leben und arbeiten hier gerne und gewaltfrei<br \/>\nDeshalb ist es gerade in ihrem Sinne, die wenigen Gewaltbereiten von ihrem Tun abzubringen. Durch Benennen und Ahnden von Gewalttaten sowie durch Pr\u00e4vention und Aufkl\u00e4rung.<br \/>\nAlle Migranten, die ich kenne, sind best\u00fcrzt \u00fcber die vom BKA gemeldete Zunahme der migrantischen Gewalt und deren Verschweigen bzw. Kleinreden. Diesen mu\u00df geholfen werden.<br \/>\n.<br \/>\n<em>70 Prozent der seit September 2015 ankommenden sind junge M\u00e4nner unter 24 Jahre und nur 30 Prozent Familien. Da viele\u00a0unkontrolliert einreisen,\u00a0d\u00fcrften 81% mehr Wahrheitsgehalt haben als 79%. Die Zahl von 70% ist keinesfalls populistisch oder angstmachend zu hoch gegriffen.<br \/>\nVon den 70% wiederum sind ca 30% Analphabeten, also des Schreibens und Lesens kaum m\u00e4chtig. Auch dies ist eine sehr vorsichtige Annahme (BAMF, Emnid, Allensbach, Ifo-Institut, &#8230;).<br \/>\nDas Problem seit dem <a title=\"Wir-schaffen-das\" href=\"https:\/\/www.freiburg-schwarzwald.de\/blog\/global\/migration\/wir-schaffen-das\/\">&#8222;Wir schaffen das&#8220;<\/a> am 5.9.2015 ist also gigantisch: Mindestens 800.000 junge M\u00e4nner m\u00fcssen ab sofort integriert werden. Gelingt dies nicht, d.h. lassen wir die Jungens \u00a0in Langeweile ohne Perspektive herumh\u00e4ngen, dann haben wir auch in Deutschland das, was der Soziologe Gunnar Heinsohn als <a title=\"Youth-Bulges\" href=\"https:\/\/www.freiburg-schwarzwald.de\/blog\/engagement\/zukunft\/krieg\/youth-bulges\/\">Youth Bulges<\/a> bezeichnet: B\u00fcrgerkriegs\u00e4hnliche Zust\u00e4nde wie in so vielen arabischen und afrikanischen L\u00e4ndern.<\/em><\/p>\n<p>Das mit Abstand gr\u00f6\u00dfte Problem in der EU ist die <a title=\"5 Mio junge Arbeitslose in EU\" href=\"https:\/\/www.freiburg-schwarzwald.de\/blog\/5-mio-junge-arbeitslose-in-eu\/\">Jugendarbeitslosigkeit<\/a> &#8211; vor allem in Spanien, Portugal, S\u00fcditalien. Das zweitgr\u00f6\u00dfte Problem sind die 800.000 jungen m\u00e4nnlichen Fl\u00fcchtlinge, die seit 5.9.2015 nach Deutschland zugewandert sind und in den Niedriglohnbereich dr\u00e4ngen..<br \/>\nAls die USA noch in Vietnam mit Napalm bombardierten, kamen Tausende junge Vietnamesen nach Europa, in die DDR. Auch diese M\u00e4nner verf\u00fcgten \u00fcber ein gewisses Ma\u00df an Testosteron. Eigenartigerweise fielen sie deshalb aber nicht \u00fcber junge Frauen her.<br \/>\n10.2.2016<br \/>\n============================================================<\/p>\n<p>.<\/p>\n<p><strong>\u00dcber 1 Mio M\u00e4nner-\u00dcberschu\u00df 18-36 Jahre durch Migration<\/strong><br \/>\n&#8230; Und was bedeutet dieser Jungm\u00e4nner-Import ganz konkret? Mit welchen Unterschieden m\u00fcssen wir da rechnen?<br \/>\nNehmen wir einfach ein menschliches Grundgef\u00fchl wie die Wut. Wird sie im Westen allgemein als ein Zeichen der Schw\u00e4che, des Fehlens von Kontrolle und einer individuellen Unbeherrschtheit betrachtet, so wird Aggression von der muslimischen Community akzeptiert und oft auch als erwartetes Verhalten von M\u00e4nnern in Konflikten angesehen. Nicht zu reagieren wird als Zeichen von Schw\u00e4che interpretiert, als Verlust der F\u00e4higkeit, seine eigene Ehre und die seiner Familie oder Gruppe zu verteidigen.<br \/>\nW\u00e4hrend in der westlichen Welt eine Vielzahl von Therapeuten und Selbsthilfeb\u00fcchern auf das Innenleben der Individuen zielen und darauf, dass wir es selbst sind, die unser Leben durch Reflexion und Einsicht ver\u00e4ndern k\u00f6nnen, sind solche Sichtweisen in der muslimischen Kultur kaum vorhanden. Selbstkritik ist ein westliches Modell. In der arabisch-islamischen Welt sind klare Hierarchien, \u00fcberlieferte famili\u00e4re Traditionen und religi\u00f6se Regeln dominant. In der Regel wird das Problem des Versagens nicht in der Erziehung oder dem eigenen Verhalten gesehen, sondern es wird nach Gr\u00fcnden au\u00dferhalb seiner selbst gesucht. Mit dieser Denkweise geriert man sich stets als Opfer fremder M\u00e4chte, eine Sichtweise, die durch den stereotypen Diskurs der Diskriminierung oder des Rassismus st\u00e4ndig best\u00e4tigt wird. Wie sehr die t\u00e4gliche Realit\u00e4t auch ausgeblendet wird, auf Dauer wird man nicht um die Tatsache herumkommen, dass gewaltlegitimierende M\u00e4nnlichkeitsnormen in bestimmten Einwanderermilieus weit verbreitet sind.<br \/>\n&#8230; Alles vom 31.3.2023 mit Alexander Meschnig bitte lesen auf<br \/>\n<a href=\"https:\/\/www.tichyseinblick.de\/interviews\/kopie-vvon-unserer-blindheit-gegenueber-der-neuen-jugendgewalt\/\">https:\/\/www.tichyseinblick.de\/interviews\/kopie-vvon-unserer-blindheit-gegenueber-der-neuen-jugendgewalt\/<\/a><\/p>\n<p>Einige Kommentare:<br \/>\nWir brauchen viel mehr \u201eAnti-Gewalt-Trainer\u201c wie den Berliner Carsten Stahl, die in die Schulen gehen und die Kinder damit konfrontieren. Hier wird eine Kultur \u201eherangez\u00fcchtet\u201c, die mir Angst macht.<br \/>\nWie sollen diese Kinder, sowohl die Mobber als auch die Opfer, sp\u00e4ter jemals ein normales Sozialverhalten an den Tag legen, wenn das schon in ihren fr\u00fchen Jahren so eskaliert? Und viele Eltern scheint es noch nicht mal zu interessieren, die sehen einfach weg\u2026<br \/>\nIrgendwie m\u00fcssen wir es wieder hinbekommen, dass unsere Gesellschaft das gute Zusammenleben erlernt, so dass auch die Kinder sich wieder gut entwickeln k\u00f6nnen. Die meisten Kinder k\u00f6nnen sich nicht mal richtig verbal ausdr\u00fccken, das kann nur zu Gewalt und Depressionen f\u00fchren\u2026 Kas<br \/>\nEnde Kommentar<\/p>\n<p>&nbsp;<\/p>\n<p><strong>Mit nicht-muslimischen Frauen kann ein Mann machen was er will<\/strong><br \/>\nSolche patriarchalen Herrschaftsstrukturen, die sexistisches Denken unterst\u00fctzen, sind ein Hindernis f\u00fcr die Autonomie der Frauen und haben dazu gef\u00fchrt, dass sie in zwei Kategorien eingeteilt wurden: entweder &#8222;heilige Mutter&#8220; oder &#8222;billige schleierlose Huren&#8220;. Ganz zu schweigen von Frauen, die nicht muslimisch sind. Denn diese sind ungl\u00e4ubig (Schlampen) , mit ihnen darf ein Mann machen, was er will.<br \/>\n\u2026. Alles vom 10.11.2018 bitte lesen auf<br \/>\n<a href=\"https:\/\/www.badische-zeitung.de\/freiburg\/warum-die-islamische-kultur-dringend-eine-sexuelle-erziehung-benoetigt\u2013159160962.html\">https:\/\/www.badische-zeitung.de\/freiburg\/warum-die-islamische-kultur-dringend-eine-sexuelle-erziehung-benoetigt\u2013159160962.html<\/a>.<br \/>\n<em>Abdel-Hakim Ourghi (50) ist in Oran, Algerien, geboren. Der Islamwissenschaftler, Philosoph und Religionsp\u00e4dagoge leitet seit 2011 den Fachbereich Islamische Theologie\/Religionsp\u00e4dagogik an der P\u00e4dagogischen Hochschule Freiburg.<\/em><br \/>\n<em>Abdel-Hakim Ourghi: Ihr m\u00fcsst kein Kopftuch tragen. Aufkl\u00e4ren statt Verschleiern. Claudius-Verlag, M\u00fcnchen 2018. 144 Seiten, 16 Euro.<\/em><\/p>\n<p>&nbsp;<\/p>\n<p>&nbsp;<\/p>\n<p>&nbsp;<\/p>\n<p><strong>Mann z\u00fcndet seine Frau an<\/strong><br \/>\nOpfer erliegt Verbrennungen. Eine Frau ist auf einem Gehweg vor einer Klinik in Kronshagen bei Kiel angez\u00fcndet worden. &#8230;. Alles vom 8.12.2016 auf<br \/>\n<a href=\"https:\/\/www.badische-zeitung.de\/mann-zuendet-seine-frau-an-x1x\">https:\/\/www.badische-zeitung.de\/mann-zuendet-seine-frau-an-x1x<\/a><br \/>\n.<br \/>\n<strong>Ehem. Nordafrikaner z\u00fcndet seine Frau an<\/strong><br \/>\nDanke BZ f\u00fcr diese ausf\u00fchrliche Berichterstattung \u00fcber diesen Fall und die Top-Platzierung auf der Seite. Dass der T\u00e4ter ein 41 Jahre alter Nordafrikaner war, spielt nat\u00fcrlich keine Rolle. Eine ganz normale Beziehungstat, dass der Ex-Ehemann seine Frau auf offener Stra\u00dfe abfackelt. ich fasse es nicht&#8230;. Dieser Mann hat es in 20 Jahren schlicht und einfach nicht geschafft, sein mittelalterliches Frauenbild abzulegen, die Integration ist somit gescheitert.<br \/>\n8.12.2016, Florian Geyger<\/p>\n<p>&nbsp;<\/p>\n<p><strong>97% der Migranten in Italien sind junge M\u00e4nner<\/strong><br \/>\nAuch wenn noch so viele Polizisten eingestellt werden, was ist das gegen den stetigen Zuzug von M\u00e4nnern aus archaischen Kulturen von denen wir weder Alter, Herkunft, Namen etc. wissen?<br \/>\nIn ITALIEN spricht man von 97 % M\u00e4nnern unter den Fl\u00fcchtlingen.<br \/>\nIn FRANKREICH ist bereits der zivilisatorische Supergau eingetreten! Das Milit\u00e4rrecht wurde im Land der &#8222;Freihei, Gleichheit und Br\u00fcderlichkeit&#8220; auf unbestimmte Zeit ausgerufen. Und damit die essentiellen B\u00fcrgerrechte ausgesetzt. Wird es auch bei uns bald so weit sein?<br \/>\nIst das das Ziel: Maximale Unsicherheit zu schaffen um eine Verwaltungsdiktatur zu installieren? Schaffen Wir das?<br \/>\n4.12.2016, Kurt B.<\/p>\n<p>&nbsp;<\/p>\n<p><strong>Kriegsindex-Spitzenreiter aus Arabien und Afrika gehen nach Europa<\/strong><br \/>\nDer m\u00e4chtigste Drang ins kontinentale Westeuropa geht aktuell von den 52 Nationen mit 1,4 Milliarden Einwohnern aus, die einen Kriegsindex von 3 bis 7 aufweisen. Auf 1000 Rentenanw\u00e4rter von 55-59 Jahren, die im Idealfall 1000 Positionen freimachen, folgen dabei 3000 bis 7000 J\u00fcnglinge zwischen 15 und 19 Jahren, die um diese 1000 Positionen k\u00e4mpfen. In Deutschland liegt der Index bei 0,66 (660 Junge auf 1000 Alte), in \u00d6sterreich und der Schweiz bei 0,8. In den meisten der 52 L\u00e4nder werden milit\u00e4rische Gewaltsituationen zum Dauerzustand, so dass junge Menschen, die an sich gerne Wirtschaftsfl\u00fcchtling w\u00fcrden und dabei scheitern, pl\u00f6tzlich in Kriegsgebieten leben, was ihnen Schutz- oder Asylanrechte eintr\u00e4gt.<br \/>\nAlles von Gunnar Heinsohn vom 17.10.2016 bitte lesen auf<br \/>\n<a href=\"https:\/\/www.achgut.com\/artikel\/kleiner_atlas_der_voelkerwanderungen_bis_2050\">https:\/\/www.achgut.com\/artikel\/kleiner_atlas_der_voelkerwanderungen_bis_2050<\/a><\/p>\n<p><em><a title=\"Youth-Bulges\" href=\"https:\/\/www.freiburg-schwarzwald.de\/blog\/engagement\/zukunft\/krieg\/youth-bulges\/\">Prof. Gunnar Heinsohn<\/a> (*1943), fr\u00fcher Soziologe und V\u00f6lkermordforscher an der Uni Bremen, lehrt Milit\u00e4rdemografie am NATO Defense College in Rom und Eigentums\u00f6konomie am Management-Zentrum St. Gallen<\/em><\/p>\n<p>&nbsp;<\/p>\n<p><strong>Untergetauchte Fl\u00fcchtlinge in D<\/strong><br \/>\nNach Sch\u00e4tzungen der Migrationsforscherin Dita Vogel von der Universit\u00e4t Bremen befanden sich 2014 zwischen 180.000 und 520.000 &#8222;irregul\u00e4r aufh\u00e4ltige&#8220; Ausl\u00e4nder in Deutschland. &#8230;. Wie kommen die Wissenschaftler zu diesem Ergebnis? Vereinfacht gesagt, nimmt Vogel die Anzahl der Tatverd\u00e4chtigen mit Aufenthaltsstatus &#8222;illegal&#8220;, setzt sie ins Verh\u00e4ltnis zu den Tatverd\u00e4chtigen mit deutscher Staatsb\u00fcrgerschaft und der Gruppe der legal im Land lebenden Ausl\u00e4nder. Weil f\u00fcr die beiden letztgenannten Gruppen die Gesamtanzahl bekannt ist, kann der Anteil der Tatverd\u00e4chtigen an allen Angeh\u00f6rigen der jeweiligen Gruppen errechnet werden. &#8230;.<br \/>\nAlls vom 8.6.2016 auf<br \/>\n<a href=\"https:\/\/www.welt.de\/politik\/deutschland\/article156051306\/Die-Zahl-der-Untergetauchten-koennen-Forscher-nur-schaetzen.html\">https:\/\/www.welt.de\/politik\/deutschland\/article156051306\/Die-Zahl-der-Untergetauchten-koennen-Forscher-nur-schaetzen.html<\/a><br \/>\n<strong>Dramatische Bev\u00f6lkerungsver\u00e4nderung bei jungen M\u00e4nnern<\/strong><br \/>\nIn 2015 kamen offiziell 1,1 Millionen Migranten nach Deutschland (inoffiziell 1,4 bis 1,5 Mio), darunter 800.000 junge M\u00e4nner.<br \/>\nDerzeit umfa\u00dft die Altersgruppe der 15- bis 30-J\u00e4hrigen nur 5 Mio M\u00e4nner deutscher Staatsb\u00fcrgerschaft. Damit sind nun 16 Prozent \u00a0dieser Altersgruppe Migranten, und zwar fast ausschlie\u00dflich muslimische junge M\u00e4nner.<br \/>\nDadurch \u00e4ndert sich die Zusammensetzung der Bev\u00f6lkerung auf dramatische Weise &#8211; <strong>fast jeder f\u00fcnfte junge Mann in Deutschland ist ein Muslim<\/strong>.<br \/>\nSeri\u00f6se Wissenschaftler sagen, dass bis zu 80% dieser Migranten auf dem deutschen Arbeitsmarkt kurzfristig keine, und l\u00e4ngerfristig nur sehr begrenzte Chancen haben haben, da sie zu wiederum 70% funktionale Analphabeten sind. Dies wiederum vergr\u00f6\u00dfert die Probleme der Integration nochmals.<br \/>\n1.3.2016<\/p>\n<p><strong>Gewaltlegitimierende M\u00e4nnlichkeitsnormen in der muslimischen Kultur<\/strong><br \/>\n&#8222;Kulturelle Normen wurzeln in der religi\u00f6sen Tradition. Das ist eine alte Erkenntnis der Soziologie. So besagt zum Beispiel Max Webers ber\u00fchmtes Diktum, dass der Kapitalismus aus dem Geist des Protestantismus entstand. Mir leuchtet nicht ein, warum es diese Verbindung zwischen Religion und menschlichen Verhaltensweisen im Islam prinzipiell nicht geben sollte. Nat\u00fcrlich kann man sagen, das seien doch alles patriarchalische Normen, die mit Religion nichts zu tun h\u00e4tten. Aber dann frage ich mich, warum sich weltweit patriarchalische Kulturen in muslimischen L\u00e4ndern so besonders hartn\u00e4ckig halten. &#8230;.<br \/>\nIm Jahr 2010 habe ich als Familienministerin ein Gutachten von Professor Ahmet Toprak \u00fcber Gewaltph\u00e4nomene bei m\u00e4nnlichen muslimischen Jugendlichen aus Zuwandererfamilien vorgelegt. Damals wurde ich als islamophob oder gar rassistisch gescholten. Bis heute wollen viele lieber verschweigen, abwiegeln und wegdefinieren, statt die Dinge klar beim Namen zu nennen. Und das ist brandgef\u00e4hrlich. &#8230;.<br \/>\nWir brauchen eine gro\u00dfe gemeinsame Kraftanstrengung, um Normen, die Gewalt legitimieren, zu \u00fcberwinden. Durch eine tabulose Debatte \u00fcber Gewalt gegen\u00fcber Frauen, wie es sie beispielsweise auch beim Thema Zwangs-verheiratungen immerhin schon mal in Ans\u00e4tzen gab. Durch eine klare Ansage, was die Werte des Zusammenlebens in Deutschland sind \u2013 dass also die Werteordnung des Grundgesetzes unbedingte Achtung verlangt. Durch ein st\u00e4rkeres Engagement der Verb\u00e4nde der Muslime und ihre Bereitschaft, diese Themen auch offen anzusprechen. Durch konsequente Polizeiarbeit und harte Strafen: Wer sich selbst \u00fcber Normen von St\u00e4rke und Schw\u00e4che definiert, nimmt einen schwachen Staat nicht ernst. Bew\u00e4hrungsstrafen gelten dann nicht als zweite Chance, sondern als Beweis daf\u00fcr, dass der deutsche Staat nicht Ernst zu nehmen sei. Ich halte daher den so genannten Warnschussarrest f\u00fcr sinnvoll. Ein solcher Arrest kann auch mit einer Bew\u00e4hrungsstrafe verh\u00e4ngt werden. Dieses neue Instrument wird in einigen L\u00e4ndern leider viel zu z\u00f6gerlich angewendet.&#8220;<br \/>\n8.1.2016, Kristina Schr\u00f6der<br \/>\n<em>Die Diplom-Soziologin Kristina Schr\u00f6der (38) ist seit 2002 im Bundestag. Von 2009 bis 2013 war sie Bundesministerin f\u00fcr Familien, Senioren, Frauen und Jugend.&#8220;<\/em><\/p>\n<p><strong>Kristina Schr\u00f6der \u00fcber den muslimischen Ehrbegriff f\u00fcr M\u00e4nner<\/strong><br \/>\nIn muslimisch gepr\u00e4gten Kulturkreisen herrscht nach Auffassung von Kristina Schr\u00f6der, CDU, ein m\u00e4nnlicher Ehrbegriff, der Gewalt rechtfertigt. Die fr\u00fchere Bundesfrauenministerin verlangt eine tabulose Debatte dar\u00fcber.<br \/>\n<a href=\"https:\/\/www.badische-zeitung.de\/deutschland-1\/missstaende-ansprechen-und-anpacken--115945188.html\">https:\/\/www.badische-zeitung.de\/deutschland-1\/missstaende-ansprechen-und-anpacken&#8211;115945188.html<\/a><\/p>\n<p><strong>Islam, M\u00e4nnlichkeitsnormen und Gewalt &#8211; Schr\u00f6der beklagt gef\u00e4hrlichen Dreiklang<\/strong><br \/>\nFamilienministerin Schr\u00f6der hat die Gewaltbereitschaft von Jugendlichen mit ausl\u00e4ndischer Herkunft untersuchen lassen und erkennt Korrelationen zwischen erh\u00f6hter islamischer Religiosit\u00e4t und Zustimmung zu M\u00e4nnlichkeitsnormen, die Gewalt legitimieren. ..<br \/>\nDie andere Studie von Sonja Haug beruft sich hingegen auf Dunkelfeldstudien, die zeigten, dass die \u201eGewaltbereitschaft bei m\u00e4nnlichen Migrantenjugendlichen unterschiedlicher Herkunft (darunter auch Aussiedler) h\u00f6her als bei einheimischen Jugendlichen liegt. Die Gewaltbereitschaft muslimischer Jugendlicher ist wiederum h\u00f6her als bei nichtmuslimischen Jugendlichen.\u201c Die Bundesfamilienministerin schloss sich dieser Auffassung an. Sie sagte: \u201eDa scheint es einen Zusammenhang zu geben, dass eine erh\u00f6hte islamische Religiosit\u00e4t korreliert mit einer erh\u00f6hten Zustimmung zu M\u00e4nnlichkeitsnormen, die Gewalt legitimieren.\u201c &#8230;..<br \/>\nAlles vom 26.11.2010 bitte lesen auf<br \/>\n<a href=\"https:\/\/www.faz.net\/aktuell\/politik\/inland\/islam-maennlichkeitsnormen-und-gewalt-schroeder-beklagt-gefaehrlichen-dreiklang-1574678.html\">https:\/\/www.faz.net\/aktuell\/politik\/inland\/islam-maennlichkeitsnormen-und-gewalt-schroeder-beklagt-gefaehrlichen-dreiklang-1574678.html<br \/>\n<\/a>\u00a0 .<br \/>\n<strong>Sonja Haug: Erh\u00f6hte Gewaltbereitschaft muslimischer Jugendlicher?<\/strong><br \/>\nDie Studie &#8222;Jugendliche Migranten &#8211; muslimische Jugendliche. Gewaltt\u00e4tigkeit und geschlechterspezifische Einstellungsmuster&#8220; wurde von der Sozialwissenschaftlerin Prof. Dr. Sonja Haug erstellt. Haug skizziert in ihrer Untersuchung individuelle Faktoren f\u00fcr eine erh\u00f6hte Gewaltbereitschaft junger Migranten. Als m\u00f6gliche Ursachen nennt sie geringe Schulqualifikation, Perspektivlosigkeit, soziale Randlage, Gewalterfahrungen im Elternhaus oder in Cliquen und die Zustimmung zu gewaltlegitimierenden M\u00e4nnlichkeitsnormen. &#8230;. 26.11.2010<br \/>\n<a href=\"https:\/\/www.bmfsfj.de\/BMFSFJ\/Presse\/pressemitteilungen,did=165006.html\">https:\/\/www.bmfsfj.de\/BMFSFJ\/Presse\/pressemitteilungen,did=165006.html<\/a><\/p>\n<p><strong>Ahmet Toprak: Integrationsunwillige Muslime?<\/strong><br \/>\nCover Ahmet Toprak: Integrationsunwillige Muslime? Ein Milieubericht. Lambertus Verlag GmbH (Freiburg) 2010. 200 Seiten. ISBN 978-3-7841-1959-5. 20,00 EUR, CH: 34,50 sFr.<br \/>\n<a href=\"https:\/\/www.socialnet.de\/rezensionen\/9315.php\">https:\/\/www.socialnet.de\/rezensionen\/9315.php<\/a> (Rezension)<\/p>\n<p>&nbsp;<\/p>\n<p>&nbsp;<\/p>\n<p>&nbsp;<\/p>\n<p>.<\/p>\n<p><strong>Massen\u00fcberfall auf Frauen durch junge Fl\u00fcchtlinge in K\u00f6ln<\/strong><br \/>\nAm K\u00f6lner Bahnhofsvorplatz hat sich zum Jahreswechsel eine <a title=\"Koeln-Silvester2015\" href=\"https:\/\/www.freiburg-schwarzwald.de\/blog\/global\/integration\/koeln-silvester2015\/\">Serie von \u00dcbergriffen auf Frauen<\/a> zugetragen, die man in dieser Form in Deutschland bislang nicht gekannt hat, sondern entfernt an Szenen vom \u00e4gyptischen Tahrir-Platz erinnern. Etwa 60 Frauen erstatteten in den vergangenen Tagen Anzeige bei der Polizei, weil ein Mob junger M\u00e4nner \u2013 die Zeugenaussagen reichen von 20 bis 100 T\u00e4tern \u2013 sie begrapscht, bedroht, beschimpft und ausgeraubt habe. Die Gewerkschaft der Polizei ist entsetzt. Nach aktuellen Angaben der Polizei wurde sogar einer Zivilpolizistin in die Hose gefasst. &#8222;Es ist ein unertr\u00e4glicher Zustand, dass mitten in der Stadt solche Straftaten begangen werden&#8220;, sagte K\u00f6lns Polizeipr\u00e4sident Wolfgang Albers am Montag. Die Polizei will jetzt ihre Pr\u00e4senz verst\u00e4rken.<br \/>\nEs waren am Silvesterabend auf dem Bahnhofsvorplatz etwa tausend M\u00e4nner versammelt, die offenbar aus dem arabischen oder nordafrikanischen Raum stammten. Es h\u00e4tten sich kleine Gruppen gebildet, die Frauen umzingelt, bedr\u00e4ngt und Handys und Geldb\u00f6rsen ausgeraubt h\u00e4tten, hie\u00df es. Die M\u00e4nner seien alkoholisiert und v\u00f6llig enthemmt gewesen. &#8230;. Alles vom 4.1.2016 bitte lesen auf<br \/>\n<a href=\"https:\/\/www.welt.de\/vermischtes\/article150593304\/Ploetzlich-spuerte-ich-eine-Hand-an-meinem-Po.html\">https:\/\/www.welt.de\/vermischtes\/article150593304\/Ploetzlich-spuerte-ich-eine-Hand-an-meinem-Po.html<\/a><\/p>\n<p><strong>Fl\u00fcchtlings-Gewalt gegen Frauen &#8211; ist das das neue Deutschland?<\/strong><br \/>\nAuf der Facebook-Seite &#8222;Nett-Werk K\u00f6ln&#8220;, auf der K\u00f6lner sich f\u00fcr gew\u00f6hnlich \u00fcber Veranstaltungen oder f\u00fcr Tauschaktionen austauschen, waren die \u00dcbergriffe als Erstes bekannt geworden. Dort beschrieb ein Gruppenmitglied am Neujahrsmorgen, wie er und seine Freundin selbst die Szenen erlebt h\u00e4tten: &#8222;Man wird jetzt sagen, das ist alles so nicht wahr, aber ich stand mittendrin mit meiner Freundin an der Hand, was leider nicht verhinderte, dass auch ihr immer wieder unter das Kleid gefasst wurde. Sie ist immer noch v\u00f6llig fertig aufgrund dieser Szenen und hat Angst, irgendwann mal alleine durch so etwas hindurch zu m\u00fcssen. Ist es das, wof\u00fcr ich den halben Inhalt meines Kleiderschrankes gespendet habe? Ist das das neue K\u00f6ln? Ist das das neue Deutschland?&#8220;<br \/>\n1.1.2016, &#8222;Net-Werk K\u00f6ln&#8220;<br \/>\n<a href=\"https:\/\/koelnblogging.com\/facebook-gruppe-nett-werk-zieht-norgler-an\/\">https:\/\/koelnblogging.com\/facebook-gruppe-nett-werk-zieht-norgler-an\/<br \/>\n<\/a>\u00a0 .<br \/>\n<strong>&#8222;Was die Frauen dort erlebt haben, waren Vergewaltigungen&#8220;<\/strong><br \/>\n40 bis 50 M\u00e4nner sollen in der Silvesternacht am K\u00f6lner Hauptbahnhof zahlreiche Frauen sexuell bel\u00e4stigt haben. Jetzt schilderte ein Polizist, wie er die Silvesternacht rund um den Bahnhof erlebte: &#8222;Was die Frauen dort erlebt haben, waren Vergewaltigungen&#8220;, zitiert die K\u00f6lner Zeitung &#8222;Express&#8220; den Polizisten. &#8230; Als der Beamte zum Bahnhof kam, erlebte er jedoch andere Szenen: &#8222;Tats\u00e4chlich waren dort knapp 2000 Personen, die sich mit verbotenen Polen-B\u00f6llern und Silvester-Raketen bewarfen.&#8220; Die Beamten versuchten, die Domtreppe in Richtung Norden zu r\u00e4umen. Kurz nach Mitternacht seien dann die ersten Frauen auf den Polizisten zugekommen. Weinend und geschockt h\u00e4tten sie geschildert, wie sie massiv sexuell bel\u00e4stigt wurden. &#8222;Wir hielten daher Ausschau nach Frauen in der Menge&#8220;, sagte der Polizist. Er habe dann eine 20-j\u00e4hrige Frau aus Stuttgart aus der Menge gezogen: &#8222;Ich bekam sie zu packen. Sie schrie und weinte. Man hatte ihr den Slip vom K\u00f6rper gerissen&#8220;, zitiert der &#8222;Express&#8220; den Beamten. Au\u00dferdem sei sie am Unterk\u00f6rper unsittlich ber\u00fchrt worden. &#8230;.. Alles vom 4.1.2016 bitte lesen auf<br \/>\n<a href=\"https:\/\/www.focus.de\/regional\/koeln\/eskalation-am-koelner-hauptbahnhof-polizist-berichtet-was-die-frauen-dort-erlebt-haben-waren-vergewaltigungen_id_5187744.html\">https:\/\/www.focus.de\/regional\/koeln\/eskalation-am-koelner-hauptbahnhof-polizist-berichtet-was-die-frauen-dort-erlebt-haben-waren-vergewaltigungen_id_5187744.html<\/a><\/p>\n<p>\u201eWir liefen dann durch diese M\u00e4nnergruppe. Es tat sich eine Gasse auf, durch die wir liefen. Pl\u00f6tzlich sp\u00fcrte ich eine Hand an meinem Po, dann an meinen Br\u00fcsten, schlie\u00dflich wurde ich \u00fcberall begrapscht. Es war der Horror. Obwohl wir schrien und um uns schlugen, h\u00f6rten die Typen nicht auf. Ich war verzweifelt und glaube, dass ich rund 100 Mal auf den knapp 200 Metern angefasst wurde. &#8230; Mehr vom 3.1.2016 auf<br \/>\n<a href=\"https:\/\/www.express.de\/koeln\/sexuelle-uebergriffe-polizist--so-brutal-war-das-chaos-am-koelner-hbf-an-silvester-23252866\">https:\/\/www.express.de\/koeln\/sexuelle-uebergriffe-polizist&#8211;so-brutal-war-das-chaos-am-koelner-hbf-an-silvester-23252866<\/a><br \/>\n.<br \/>\n<strong>Strassenraub von Fl\u00fcchtlngen wird als Kleinkriminalitaet verharmlost<\/strong><br \/>\nEs sagt doch alles, wenn eine deutsche Zeitung wie die WELT heute Strassenraub mitten in der Stadt als Kleinkriminalit\u00e4t bezeichnet. Und wenn die Polizei ihre ureigensten Aufgaben so nicht erf\u00fcllen kann, geh\u00f6rt die F\u00fchrung enthoben.<br \/>\nPolizei und Presse desinformieren die &#8222;besorgten B\u00fcrger&#8220;<br \/>\nDie einzige Sorge, die die Polizei und die Eliten umtreibt ist also, dass keine Ressentiments gegen\u00fcber den sogenannten Fl\u00fcchtlingen gesch\u00fcrt werden&#8230; Das ist ja angesichts der Tatsache, dass die T\u00e4ter tats\u00e4chlich sogenannte Fl\u00fcchtlinge sind, besonders interessant. K\u00f6nnten sich die Polizei und die Eliten, wenn sie schon eine eigene Interpretation der Rolle des &#8222;besorgten B\u00fcrgers&#8220; darbieten, auch ganz kurz einmal ernsthaft die restlichen &#8222;besorgten B\u00fcrger&#8220; hineinversetzen und sich darum sorgen, wie man deutsche B\u00fcrger vor derartigen &#8222;Fl\u00fcchtlingen&#8220; sch\u00fctzt und ob man dem B\u00fcrger vielleicht zuk\u00fcnftig hinsichtlich der Herkunft dieser polizeibekannten Schutzsuchenden auch von Anfang an reinen Wein einschenken k\u00f6nnte?<br \/>\n4.1.2016, End<br \/>\n.<br \/>\n<strong>Von Fl\u00fcchtlingen \u00fcberfallene Frauen haben Beweispflicht<\/strong><br \/>\nSchlimm ist auch, dass die Frauen nun haargenau jeder einzelnen Person nachweisen m\u00fcssen, dass genau diese Person sie dann und dann an welchen Stellen wie angefasst hat. Jeder, der sich in so eine Situation hereinversetzen kann, kann sich vorstellen, dass das unm\u00f6glich ist, wenn einen 50 gierige, herumzappelnde, grapschende und Beleidigungen aussto\u00dfende Menschen (junge Fl\u00fcchtlinge, UMFs) umzingeln. Die Opfer tun mir sehr leid! Ich hoffe nur, dass sie nich noch politischen Druck bekommen, bestimmte Dinge lieber zu verschweigen!<br \/>\n4.1.2016, P.Nase<\/p>\n<p><strong>Presseinfo erst 4 Tage nach den Massen\u00fcberfall auf Frauen<\/strong><br \/>\nIm \u00fcbrigen haben sich die T\u00e4ter, nachdem sie von der Domtreppe von der Polizei vertrieben wurden (die verstanden kein Wort Deutsch, die Polizisten konnten sie nur wegschubsen), in kleineren Gr\u00fcppchen in der Menschenmenge verteilt und sind dann wohl regelrecht &#8222;auf die Jagd&#8220; gegangen, haben M\u00e4dchen umzingelt und sind dann auf sie losgegangen. Allm\u00e4hlich wird das ganze Szenario klarer, heute gab es eine Pressekonferenz der Polizei K\u00f6ln. Und unsere neue OB, Frau Reker, ist &#8222;entsetzt&#8220; und hat f\u00fcr morgen eine Krisensitzung einberufen. 4 (vier) Tage nach den Vorf\u00e4llen. \u00dcbrigens, mir f\u00e4llt gerade auf: kein Wort Deutsch konnten die. Wenn das welche waren, die schon 2 Jahre hier sind, w\u00e4re das doch recht untypisch. Ich denke, da wird mal wieder nicht die ganze Wahrheit geschrieben, auch nicht von der Lokalpresse. \u00dcbrigens wird mit \u00e4u\u00dferster Sorgfalt das Wort Fl\u00fcchtlinge vermieden, nur an einer Stelle steht was von Aufenthaltsbescheinigungen nach Asylrecht.<br \/>\n4.1.2016, CG<br \/>\n.<br \/>\n<strong>Presse verheimlicht \u00dcberfall von \u00fcber 1000 Fl\u00fcchtlingen auf Frauen<\/strong><br \/>\nIch lese regelmaessig verschiedenste Zeitungen, u.a. von Epochtimes, ueber NZZ, Welt und Focus, FAZ, Zeit bis hin zu Sueddeutsche (und gelegentlich auch mal TAZ). Es ist faszinierend bzw schockierend zu beobachten, wie sehr manche Zeitungen (zB Sueddeutsche und TAZ) ganze Themenbereiche entweder komplett ausblenden oder die Tatsachen bis zum Anschlag verzerren. Annehmend dass deren Leserschaft aus eigenfleischten links-gruenen Ideologen besteht, die zudem noch voellig einseitig informiert bzw missinformiert wird, erklaert das, warum ein Teil der Bevoelkerung immer noch im voelligen Realitaetsvakuum lebt (von Offentlich Rechtlichen Medien will ich erst gar nicht reden &#8211; da kann man eigentlich nur noch von bewusster Taeuschung und Falschdarstellung reden).<br \/>\n4.1.2016, Webobserver<br \/>\n.<\/p>\n<p><strong>Massen\u00fcberf\u00e4lle auf Frauen: Straftaten einer neuen Dimension<\/strong><br \/>\nStraftaten einer v\u00f6llig neuen Dimension. &#8230; Auf dem Bahnhofsvorplatz versammmelten sich etwa 1000 M\u00e4nner, die dem Aussehen nach aus dem arabischen oder nordafrikanischen Raum stammen. Aus der Menge haben sich Gruppen gebildet, die Frauen umzingelt, bedr\u00e4ngt und ausgeraubt h\u00e4tten.&#8220;<br \/>\nPolizeipr\u00e4sident von K\u00f6ln, Wolfgang Albers, 4.1.2016<br \/>\n.<br \/>\n<strong>Staat mu\u00df schneller handeln: Abschiebehaft, sofortige Strafverfahren<\/strong><br \/>\nEs ist eine ungeheuerliche Sache in K\u00f6ln. Meines Erachtens sofort in Abschiebehaft, die 1000. Keine Gnade f\u00fcr Vergewaltiger.<br \/>\nAber woran Sie sich gerade beteiligen, ist F\u00f6rderung von Hetze und Stimmungsmache. Denn sexuelle Gewalt gibt es au\u00dferhalb der Ausl\u00e4nder in Massen. Und das ist das Problem der blinden verhetzten Leute, die Sie als eigentlich verantwortlicher Politiker mitsch\u00fcren. P\u00e4dophilie, jede 2. Frau Erfahrung mit sexuellen \u00dcbergriffen, noch mehr in Heimen mit behinderten Frauen, organisierter M\u00e4dchen-und Frauenhandel an dem sich die deutschen M\u00e4nner erg\u00f6tzen &#8211; alles immer wieder in Zahlen aufgelistet. Lange vor der &#8222;Fl\u00fcchtlingswelle&#8220;. Und wenn man fr\u00fcher den Juden und heute den Fl\u00fcchtling hochpuscht zum Hauptfeind, ist das tendenzi\u00f6s. Sie unterst\u00fctzen das mit Ihren scheinbar objektiven LInks. Reine Stimmungsmache. Enden will ich wieder &#8211; die Verblendeten wollen es nicht h\u00f6ren &#8211; mit der Forderung, Kriminalit\u00e4t und sexuelle \u00dcbergriffe sofort massiv zu unterbinden. Deutsche in den Knast &#8211; Neuank\u00f6mmlinge raus.<br \/>\nDer Rest der Fl\u00fcchtlinge muss in Ruhe hier ankommen k\u00f6nnen. Und Sie haben als Politiker mit Ihrer Partei daf\u00fcr zu sorgen, dass kriminelle Vorkommen nicht in ein rassistisches Muster gegen eine Mehrheit Unschuldiger eingeordnet werden.<br \/>\nIch denke, wir k\u00f6nnen Lynch- oder Schnelljustiz nicht zulassen. Demokratie ist langwierig. Wir k\u00f6nnen aber Gesetze \u00e4ndern. Es gibt gen\u00fcgend Ver\u00f6ffentlichungen kritischer Richter, die z.B. den Umgang mit kriminellen Jugendlichen kritisieren und schnellere Ma\u00dfnahmen fordern. \u00dcber das Asylrecht wei\u00df ich nicht Bescheid, rechtlich &#8211; aber ich denke, da werden schnell Wege gefunden werden m\u00fcssen. Es muss einfach, weil auf der einen Seite Ausraster von Menschen unter Drogen rasant steigen &#8211; die Schwulenschl\u00e4gerei heute rei\u00dft ja niemand vom Hocker &#8211; die Kriminalit\u00e4t steigt &#8211; aber noch gef\u00e4hrlicher finde ich die lauernde Pogromstimmung bei den Deutschen. Was sich da seit etwa 5 Jahren an offenem brutaleln Hass zeigt, ist f\u00fcr mich \u00e4u\u00dferst bedenklich. Also was ich wei\u00df: Jugendliche UMA engmaschig f\u00fchren, bei Delikten schnell reagieren und ad\u00e4quat bestrafen. Die nehmen das derzeitige System n\u00e4mlich erst ernst, wenn das Kind in den Brunnen gefallen ist vor lauter Verz\u00f6gerung und Milde und sie dann f\u00fcr 2 Jahre im Knast sitzen. Und das ist schlecht.<br \/>\n5.1.2016, Ursula Birgin<br \/>\n.<br \/>\n<strong>Informationsverweigerung der Medien, da junge Fl\u00fcchtlinge<\/strong><br \/>\nEs handelt sich hier ganz offensichtlich nicht mehr um einen \u00f6rtlich auf K\u00f6ln begrenzten Vorfall, den man vielleicht noch mit lokalen Besonderheiten erkl\u00e4ren k\u00f6nnte. Mit Stuttgart, Hamburg und Kehl (?) kann man mit Fug und Recht behaupten, dass uns diese Araber bundesweit au\u00dfer Kontrolle geraten sind. Allein die BZ h\u00e4lt noch tapfer zum Fl\u00fcchtlingsregime, und glaubt die Vorf\u00e4lle nach f\u00fcnf Tagen mit einem Zw\u00f6lfzeiler verharmlosen zu k\u00f6nnen. Diese Informationsverweigerung, die sich sicherlich auch auf den Vorfall in Kehl bezieht, hat aber auch etwas Gutes. Man bekommt Hinweise auf ganz neue Internetzeitungen. So war mir von der Existenz einer deutschsprachigen Epoch Times bisher nichts bekannt. <a href=\"https:\/\/www.epochtimes.de\">https:\/\/www.epochtimes.de<\/a><br \/>\n5.1.2016, R.B.<br \/>\n.<br \/>\n<strong>Mainstream-Medien: Frauenvergewaltiger von K\u00f6ln waren maskierte Rechte und Rocker<\/strong><br \/>\nEs muss sich bei den Randalierern, Dieben, K\u00f6rperverletzern und Vergewaltigern um maskierte Rechte oder Rocker handeln, die sich als Nordafrikaner und Araber getarnt haben!<br \/>\n5.1.2916, Wilfried Herb<br \/>\n.<br \/>\n<strong>Diese 2000 Kriegsfl\u00fcchlige sind keine Kriegsfl\u00fcchtlinge<\/strong><br \/>\nHier ein Video von der Nacht: https:\/\/m.youtube.com\/watch?v=gt2vSD1Vt1E&amp;time_continue=227<br \/>\nDas sind keine Menschen die vor Krieg, Raub und Vergewaltigung geflohen sind. Das sind Verursacher desselben und die begehen all diese Schandtaten jetzt in Deutschland. Das muss ein Ende haben. Wenn die Altparteien da weiter so versagen bleibt der Rechtsruck unvermeidlich um in Zukunft unsere Frauen und T\u00f6chter sch\u00fctzen zu k\u00f6nnen.<br \/>\n5.1.2016, Kalr Schmidt<\/p>\n<p><strong>Mainstreamblindheit &#8211; Abschiebungen sind unm\u00f6glich<\/strong><br \/>\nWie bitte soll eine Polizei, die die Vorg\u00e4nge nicht verhindern konnte, jetzt aus der Menge von 1000 M\u00e4nnern &#8211; ich dachte zuerst , ich h\u00e4tte mich mit einer Null verlesen &#8211; eine gr\u00f6\u00dfere Zahl von T\u00e4tern finden? Deshalb werden wohl auch kaum Abschiebungen durchzuf\u00fchren sein oder durchgef\u00fchrt werden. Das Ganze ist ein Skandal. Unertr\u00e4gliches Tun der gewaltt\u00e4tigen M\u00e4nner.<br \/>\nFutter f\u00fcr die rechte Szene und traurige Situation f\u00fcr &#8222;anst\u00e4ndige&#8220; Fl\u00fcchtlinge. \u00dcberforderung. Versagen der Polizei. Mainstreamblindheit.<br \/>\n5.1.2016, Renate Braun<\/p>\n<p>&nbsp;<\/p>\n<p>.<\/p>\n<p>&nbsp;<\/p>\n<p><strong>Kriegsindex und Junge-M\u00e4nner-Integrationsproblem<\/strong><br \/>\nDer <a title=\"Youth bulges \u2013 Jugend und Krieg\" href=\"https:\/\/www.freiburg-schwarzwald.de\/blog\/youth-bulges-jugend-und-krieg\/\">Kriegsindex<\/a> eines Landes misst die Relation zwischen 15-24-j\u00e4hrigen J\u00fcnglingen, die in den Lebenskampf eintreten, und 55-64-j\u00e4hrigen M\u00e4nnern, die aufs Altenteil wollen. In Syrien liegt er bei 3,7, auf 100 Veteranen folgen also 370 junge K\u00e4mpfer. Der deutsche Index von 0,7 zeigt nur 70 Nachr\u00fccker auf 100 freiwerdende Porstionen.<br \/>\n.<br \/>\nDen Begriff &#8222;Kriegsindex&#8220; verwendet der <a title=\"Youth bulges \u2013 Migration UMFs\" href=\"https:\/\/www.freiburg-schwarzwald.de\/blog\/youth-bulges-migration-umfs\/\">Krisenforscher Gunnar Heinsohn<\/a> mit dem Ph\u00e4nomen <a title=\"Youth-Bulges\" href=\"https:\/\/www.freiburg-schwarzwald.de\/blog\/engagement\/zukunft\/krieg\/youth-bulges\/\">\u201eyouth bulge\u201c<\/a>, der \u00fcberproportionalen Ausst\u00fclpung (bulge = Beule) der Alterspyramide der 15-24J\u00e4hrigen: Sind \u00fcber 30% der <a title=\"Fluechtlinge\" href=\"https:\/\/www.freiburg-schwarzwald.de\/blog\/global\/integration\/fluechtlinge\/\">M\u00e4nner<\/a> eines Landes zwischen 15 und 24 Jahre alt, gesund und ohne Hunger, dann sehen sie ihre W\u00fcnsche als zweite, dritte und vierte S\u00f6hne unbefriedigt, in ihrer Perspektivlosigkeit werden sie aggressiv mit drei M\u00f6glichkeiten:<br \/>\n1) Die jugendliche Gewalt richtet sich zun\u00e4chst nach innen, in der Rebellion gegen die staatlichen Institutionen (Kriminalit\u00e4t bis hin zum B\u00fcrgerkrieg).<br \/>\n2) Findet sie im Inland kein Ventil (etwa weil die Repression durch eine Diktatur dies nicht zul\u00e4\u00dft), dann sucht sie den \u2018\u00e4u\u00dferen Feind\u2019 im Ausland (z.B. Sunna-Schia oder Anschlu\u00df an den IS).<br \/>\n3) Oder aber es gelingt die Flucht nach Europa, ins vermeintlich bessere Ausland.<br \/>\n.<br \/>\nTypische \u201eyouth bulge\u201c-L\u00e4nder sind Pakistan, Bangladesch, Afghanistan, Iran, Irak, Syrien, Somalia, Sudan, \u00c4gypten, Westjordanland, Gaza, Somalia, Kongo, Nigeria, Mali. Diese weisen allesamt einen hohen Kriegsindex:<br \/>\nAfghanistan 6,4 &#8211; auf 100 Alte folgen 640 potentielle Krieger<br \/>\nGaza 6,3 &#8211; um 100 freigemachte Porisionen k\u00e4mpfen 630 J\u00fcnglinge<br \/>\nSyrien 3,7<br \/>\n&#8230;.<br \/>\nUkraine 0,8<br \/>\nRussland 0,73<br \/>\nDeutschland 0,70 &#8211; es gibt nur 70 Nachr\u00fccker f\u00fcr 100 freiwerdende Positionen<br \/>\n.<br \/>\nRussland mit einem Kriegsindex von 0,73 wird kaum mit Bodentruppen in Syrien einmarschieren lassen, oder scheitern wie in Afghanistan. Bei so sicheren Karriereaussichten wie in Deutschland verliert der Heldentod seinen Zauber, w\u00e4hrend die Tugend des Pazifismus immer mehr Anh\u00e4nger gewinnen sollte. Anders beim Kriegsindex-Spitzenreiter Gaza, wo 189.000 jungen M\u00e4nnern im Alter von 15-24 Jahren nur 30.000 M\u00e4nner im Alter von 55-64 Jahren gegen\u00fcberstehen (<a href=\"https:\/\/www.indexmundi.com\/gaza_strip\/demographics_profile.html\">https:\/\/www.indexmundi.com\/gaza_strip\/demographics_profile.html<\/a>). Dies entspricht dem Kriegsindex von 6,3. F\u00fcr die gro\u00dfe Mehrheit der jungen Gazaner wird es niemals zivile Karrieren geben.<br \/>\n.<br \/>\nUnd blicken wir weiter in die Zukunft: Auf Gazas 189.000 zornige junge M\u00e4nner folgen 394.000 Knaben von 0-14 Jahren. Diese n\u00e4chste Generation im Gazastreifen wird mithin noch todeswilliger bei Fatah und Hamas mitmachen.<\/p>\n<p>Die aus den \u201cYouth bulge\u201d-L\u00e4ndern zu uns Fl\u00fcchtenden sind nur zu 20% Familien, aber zu 80% junge M\u00e4nner zwischen 18 und 24 oder als<a title=\"UMF\" href=\"https:\/\/www.freiburg-schwarzwald.de\/blog\/global\/integration\/umf\/\"> UMFs (Unbegleitete Minderj\u00e4hrige Fl\u00fcchtlinge)<\/a> unter 18. Die Integration von Familien mit Kindern k\u00f6nnte gelingen &#8211; je j\u00fcnger die Kinder, desto besser. Die Integration der nur in 2015 mindestens 800.000 jungen M\u00e4nner jedoch stellt Deutschland vor ein schier unl\u00f6sbare Aufgabe, denn:<br \/>\n&#8211; Niemand spricht deutsch.<br \/>\n&#8211; Zwei Drittel der Jungens sind funktionale Analphabeten.<br \/>\n&#8211; Erziehung (zu Judenhass, Frauenunterdr\u00fcckung, religi\u00f6ser Intoleranz, &#8230;) ist abgeschlossen.<br \/>\n&#8211; Sozialisation in Unrechts-Diktatur &#8211; der Staat wurde immer nur als Feind erlebt.<br \/>\n.<br \/>\nDabei mu\u00df die Integration rasch erfolgen. Wenn die jungen Fl\u00fcchtlinge nicht sofort Arbeit finden, herumh\u00e4ngen, sich als Eckensteher langweilen und keine Perspektive sehen, dann werden sie zu &#8222;zornigen jungen M\u00e4nnern&#8220; (Prof Heinsohn), die wie in \u00c4gypthen, Algerien und Lybien auch in Deutschland gewaltt\u00e4tig alles kurz und klein schlagen. Das Fl\u00fcchtlingsproblem ist in Wahrheit ein &#8222;Junge M\u00e4nner-Integrationsproblem&#8220;. &#8222;Welcome Refugees&#8220; war eine leichte \u00dcbung, &#8222;Integrate young Refugees&#8220; ist eine gigantische Aufgabe.<br \/>\n22.11.2015<br \/>\n.<br \/>\n<strong>Muslimische Fl\u00fcchtlingsm\u00e4nner auf\u00a0Party mit weiblichen Fl\u00fcchtlingshelferinnen<\/strong><br \/>\nDas Problem ist die gewaltbereite Minderheit. Und die z\u00e4hlt laut Verfassungsschutz 40.000 Menschen, deren \u00dcberwachung die Beh\u00f6rden seit Jahren v\u00f6llig \u00fcberfordert. In der gegenw\u00e4rtigen Situation besteht in erheblichem Ma\u00dfe die Gefahr, dass sich der Anteil der Migranten, deren traditionelle Lebensform von archaischen, antiaufkl\u00e4rerischen und antizivilisatorischen Dogmen gepr\u00e4gt ist, immens erh\u00f6hen k\u00f6nnte. Aber davon will die Refugees-Welcome-bring-Your-families-and-friends-Fraktion selbstverst\u00e4ndlich nichts h\u00f6ren. Man mag sich fragen, ob es an der Ignoranz liegt, oder am deutschen Kulturimperialismus oder ob es sich einfach nur um Bl\u00f6dheit handelt, wenn man, so wie Refugees Welcome Bonn e.V., muslimische Fl\u00fcchtlingsm\u00e4nner zu einer Party mit weiblichen Fl\u00fcchtlingshelferinnen einl\u00e4dt und dann vor \u00dcberraschung vom Stuhl f\u00e4llt, weil es zu unerw\u00fcnschten sexuellen \u00dcbergriffen in beinahe unkontrollierbaren Ausma\u00dfen kommt (<a href=\"https:\/\/welcome.blogsport.de\/2015\/11\/10\/stellungnahme-zur-party-am-7-november\/\">Siehe hier<\/a>). &#8230;.<br \/>\nAlles vom 20.11.2015 bitte lesen \u00a0auf<br \/>\n<a href=\"https:\/\/www.achgut.com\/dadgdx\/index.php\/dadgd\/article\/die_deutsche_debattenkultur_oder_gruenkohl_mit_kassler\u00a0\">https:\/\/www.achgut.com\/dadgdx\/index.php\/dadgd\/article\/die_deutsche_debattenkultur_oder_gruenkohl_mit_kassler\u00a0<\/a><\/p>\n<p>&nbsp;<\/p>\n<p><strong>Einzelpersonen integrieren sich besser<\/strong><br \/>\nIch kann aus dem Einwanderungsland Australien berichten, dass Einzelpersonen, die weder in Parallelgesellschaften leben, noch mit Familie kommen, sich besser integrieren. Sie m\u00fcssen sich jeden Tag mit dem Land auseinandersetzen. K\u00f6nnen sich nicht auf landsm\u00e4nnische Strukturen oder eben Familie zur\u00fcckziehen. Vor allem sprechen sie weniger ihre Heimatsprache, sondern m\u00fcssen die neue Sprache sprechen. Wer seine Familie wirklich liebt, l\u00e4sst sie eh nicht zur\u00fcck und haut alleine ab.<br \/>\n12.11.2015, Herbert Frahl<br \/>\n.<br \/>\n<strong>Der Sex und die jungen alleinstehenden Fl\u00fcchtlinge<\/strong><br \/>\nWas passiert mit sexuell frustrierten jungen M\u00e4nnern? Die manchmal erw\u00e4hnte Bef\u00fcrchtung, dass diese dann zu \u00dcbergriffen auf Frauen neigen, sexuelle Bel\u00e4stigungen und Vergewaltigungen sich mehren, ist nicht ganz von der Hand zu weisen, wobei mir diese scheinbar logische Annahme etwas zu billig ist. Der Frust kanalisiert sich auch anders, meistens anders. Die gr\u00f6\u00dfte Quelle f\u00fcr politisch nutzbaren Frust, so meint die Autorin Karin Kneissl in ihrem Buch \u00bbTestosteron macht Politik\u00ab, ist nicht ausgelebte Sexualit\u00e4t. Islamistische Rattenf\u00e4nger beispielsweise, werden leichtes Spiel haben und wir werden es mit Aufkl\u00e4rung oder Gesetzen nicht verhindern k\u00f6nnen. &#8230;.<br \/>\nDass der sexuelle Frust ihre Gef\u00fchle und auch ihr Handeln, ja selbst ihr Weltbild beeinflussen wird, glaube ich sehr wohl. Dieses Problem kann weder von der Gesellschaft noch vom Staat gel\u00f6st werden, wir k\u00f6nnen uns nur davor sch\u00fctzen, in dem wir nicht unbegrenzt alleinstehende junge M\u00e4nner in die Gesellschaft einwandern lassen. &#8230;.<br \/>\n\u00bbWir schaffen das\u00ab sagt Frau Merkel, und ein paar andere, die ebenfalls nichts von der Natur junger M\u00e4nner verstehen. Was will sie denn schaffen? Dass Menschen ihre Begierden, ihre Leidenschaften und Gef\u00fchle verleugnen? &#8230;.\u00a0Alles vom 12.11.2015 von Q.Quencher bitte lesen auf<br \/>\n<a href=\"https:\/\/www.achgut.com\/dadgdx\/index.php\/dadgd\/article\/der_sex_und_die_fluechtlinge\">https:\/\/www.achgut.com\/dadgdx\/index.php\/dadgd\/article\/der_sex_und_die_fluechtlinge<\/a><br \/>\n.<\/p>\n<p><strong>Mittelalterliches Frauenbild<\/strong><br \/>\nLaut Statistik des Bundeskriminalamtes gab es 2014 unter den damals 202 000 Asylbewerbern 216 Tatverd\u00e4chtige bei den Delikten Vergewaltigung und sexuelle N\u00f6tigung. Bei den autochthonen Deutschen waren es 4 251 Tatverd\u00e4chtige. Legt man die jeweiligen Bev\u00f6lkerungsanteile zugrunde, ergibt sich in diesen Deliktbereichen f\u00fcr autochthone Deutsche eine Tatverd\u00e4chtigenbelastungsquote von 0,005 Prozent, f\u00fcr Asylbewerber eine zwanzigmal h\u00f6here von 0,1 Prozent.<br \/>\nDa\u00df sich das Auseinanderdriften der Sexualdelinquenz bei Einheimischen und Asylsuchenden allein durch die unterschiedliche Altersstruktur erkl\u00e4ren lie\u00dfe, mag glauben, wer will. Nicht der \u201edauergeile Muslim\u201c (Jakob Augstein) im Vergleich zu seinen nicht weniger dauergeilen deutschen Altersgenossen ist das Problem. Es ist sein \u201emittelalterliches Frauenbild\u201c (Julia Kl\u00f6ckner), das ihm nichtmuslimische Frauen als religi\u00f6s gerechtfertigte Beute erscheinen l\u00e4\u00dft.<br \/>\n5.11.2015, Paul Radex<\/p>\n<p><strong>Langeweile<\/strong><br \/>\nDas Schlimmste f\u00fcr die jungen M\u00e4nner ist die Langeweile, das Herumh\u00e4ngen, die Perspektivlosigkeit, die Arbeitslosigkeit. Wir m\u00fcssen die jungen Leute ganz schnell in Arbeit bringen. Auch Jobs unter Mindestlohn sind OK, auch Handlangert\u00e4tigkeiten. alles Weitere ergibt sich daraus. Diese Reihenfolge gilt f\u00fcr alle UMFs:<br \/>\n1. Arbeit\/Job, 2. Deutsche Sprache lernen, &#8230;.. lange nichts &#8230;. 37. Sex.<br \/>\n6.11.2015, R.Baumann<\/p>\n<p>&nbsp;<\/p>\n<p>.<\/p>\n<p><strong>Lars Feld: Facharbeitskr\u00e4ftemangel nicht \u00fcber Fl\u00fcchtlinge l\u00f6sbar<\/strong><br \/>\n&#8222;Zwei Drittel bis drei Viertel der Ank\u00f6mmlinge sind unqualifiziert. &#8230;<br \/>\nRund 10 Prozent der Asylsuchenden sind Analphabeten. &#8230;.<br \/>\nIn Deutschland sind in einigen Bereichen qualifizierte Arbeitskr\u00e4fte knapp. Ich sehe nicht, dass wir diesen Mangel mit Fl\u00fcchtlingen beheben k\u00f6nnen. &#8230;<br \/>\nDer Mindestlohn macht es Fl\u00fcchtlingen noch schwerer, Fu\u00df zu fassen. Eine M\u00f6glichkeit w\u00e4re, Fl\u00fcchtlinge als Langzeitarbeitslose einzustufen, damit sie zu geringeren L\u00f6hnen eingestuft werden k\u00f6nnen.&#8220;<br \/>\nAlles vom 12.11.2015 von Lars Feld, Walter-Eucken-Institut Freiburg, bitte lesen auf<br \/>\n<a href=\"https:\/\/www.badische-zeitung.de\/wirtschaft-3\/lars-feld-wir-muessen-die-leute-anstaendig-qualifizieren--113571616.html\u00a0\">https:\/\/www.badische-zeitung.de\/wirtschaft-3\/lars-feld-wir-muessen-die-leute-anstaendig-qualifizieren&#8211;113571616.html\u00a0<\/a><br \/>\n.<\/p>\n<p>&nbsp;<\/p>\n<p><strong>Junge Afrikaner haben falsches Bild von Deutschland<\/strong><br \/>\n99 Prozent der jungen M\u00e4nner (aus Gambia), die in den Containern leben haben genau dieses, total falsche Bild im Kopf und f\u00fchlen sich ma\u00dflos entt\u00e4uscht. Immerhin haben sie ihr Leben riskiert, um in Deutschland etwas zu erreichen. Zur\u00fcck wollen sie trotzdem nicht. Nein, sie k\u00f6nnen es nicht \u2013 es gibt n\u00e4mlich keinen Weg zur\u00fcck f\u00fcr diese Jungs. Sollten sie zur\u00fcckkommen mit leeren Taschen, w\u00e4ren ihre Eltern die ersten, die sie versto\u00dfen w\u00fcrden. Ein ungebildeter junger Mann aus Gambia hat trotz verh\u00e4ltnism\u00e4\u00dfig schlechter Umst\u00e4nde derzeit in einer Fl\u00fcchtlingsunterkunft in Bad Krozingen eine bessere Lebensperspektive, als er sie in den n\u00e4chsten 20 Jahren in Gambia haben w\u00fcrde. &#8230;. Sehr viele Gambier versuchen \u00fcber den Verkauf von Cannabis an Geld zu kommen. Sie haben nie gelernt was Regeln sind, &#8230;.<br \/>\nAlles von Hakom Jallow vom 7.11.2015 bitte lesen auf<br \/>\n<a href=\"https:\/\/www.badische-zeitung.de\/warum-afrikaner-oft-ein-falsches-bild-von-deutschland-haben\">https:\/\/www.badische-zeitung.de\/warum-afrikaner-oft-ein-falsches-bild-von-deutschland-haben<br \/>\n<\/a>\u00a0 \u00a0.<br \/>\nBlog des Gambiers Hakim Jallow : <a href=\"https:\/\/hakimjallow.wordpress.com\/\">https:\/\/hakimjallow.wordpress.com\/<br \/>\n<\/a>\u00a0 \u00a0.<br \/>\n<strong>Besser in Bildung in Gambia investieren<\/strong><br \/>\nDass eine Diktatur immer politische Verfolgung betreibt, und damit Asylberechtigte aus solchen Diktaturen stammen, ist unbestritten. Nur ist nicht jeder B\u00fcrger einer Diktatur damit automatisch politisch verfolgt. Wer noch nicht einmal geringste Bildung erfahren hat, d\u00fcrfte wohl kaum politisch derart aktiv sein, dass daraus eine Verfolgung entstehen k\u00f6nnte, die ihm ein Anrecht auf Asyl in Deutschland gew\u00e4hren w\u00fcrde. Folglich ist der allergr\u00f6\u00dfte Teil der Gambier aus wirtschaftlichen Gr\u00fcnden in Deutschland. Diesen Grund kann man verstehen. Nur muss man auch unseren Wunsch verstehen, dass wir nicht das wirtschaftliche Elend der gesamten Welt in Deutschland l\u00f6sen k\u00f6nnen und auch nicht wollen. Statt umfangreiche Bildungsprogramme auf den Weg zu bringen, und diesen Zuwanderern mit unglaublichem Aufwand vielleicht doch irgendeine Perspektive in unserem Land zu er\u00f6ffnen, sollten wir das daf\u00fcr auszugebende Geld besser in die Bildungseinrichtungen in Gambia investieren. Dort erreichen wir mit dem Aufwand, den hier ein Gambier verursachen w\u00fcrde 100 junge Menschen.<br \/>\n7.11.2015, Rainer Brombach<\/p>\n<p>&nbsp;<\/p>\n<p>&nbsp;<\/p>\n","protected":false},"excerpt":{"rendered":"<p>Home &gt;Global\u00a0&gt;Integration &gt;Migration &gt;Migration-Maenner &nbsp; Listenauswahl eines Beitrags: Bitte anklicken oder runterscrollen Neue Polizeiliche Kriminalstatistik \u2013 M\u00e4nner sind das Problem? (24.4.2026) Unschuldsvermutung als Unterdr\u00fcckungsinstrument des Patriarchats: Digitale Gewalt\u00a0(27.3.2026) Frauen \u2013 zweierlei Gewalt?\u00a0(27.3.2026) Statement from the Rape Gang Inquiry \u2013 England\u00a0(25,2,2026) &hellip; <a href=\"https:\/\/www.freiburg-schwarzwald.de\/blog\/global\/migration\/migration-maenner\/\">Weiterlesen <span class=\"meta-nav\">&rarr;<\/span><\/a><\/p>\n","protected":false},"author":2,"featured_media":0,"parent":9150,"menu_order":0,"comment_status":"open","ping_status":"closed","template":"","meta":{"footnotes":""},"class_list":["post-57225","page","type-page","status-publish","hentry"],"_links":{"self":[{"href":"https:\/\/www.freiburg-schwarzwald.de\/blog\/wp-json\/wp\/v2\/pages\/57225","targetHints":{"allow":["GET"]}}],"collection":[{"href":"https:\/\/www.freiburg-schwarzwald.de\/blog\/wp-json\/wp\/v2\/pages"}],"about":[{"href":"https:\/\/www.freiburg-schwarzwald.de\/blog\/wp-json\/wp\/v2\/types\/page"}],"author":[{"embeddable":true,"href":"https:\/\/www.freiburg-schwarzwald.de\/blog\/wp-json\/wp\/v2\/users\/2"}],"replies":[{"embeddable":true,"href":"https:\/\/www.freiburg-schwarzwald.de\/blog\/wp-json\/wp\/v2\/comments?post=57225"}],"version-history":[{"count":6,"href":"https:\/\/www.freiburg-schwarzwald.de\/blog\/wp-json\/wp\/v2\/pages\/57225\/revisions"}],"predecessor-version":[{"id":148329,"href":"https:\/\/www.freiburg-schwarzwald.de\/blog\/wp-json\/wp\/v2\/pages\/57225\/revisions\/148329"}],"up":[{"embeddable":true,"href":"https:\/\/www.freiburg-schwarzwald.de\/blog\/wp-json\/wp\/v2\/pages\/9150"}],"wp:attachment":[{"href":"https:\/\/www.freiburg-schwarzwald.de\/blog\/wp-json\/wp\/v2\/media?parent=57225"}],"curies":[{"name":"wp","href":"https:\/\/api.w.org\/{rel}","templated":true}]}}