{"id":57133,"date":"2015-10-28T18:00:15","date_gmt":"2015-10-28T17:00:15","guid":{"rendered":"https:\/\/www.freiburg-schwarzwald.de\/blog\/?page_id=57133"},"modified":"2026-05-14T08:10:46","modified_gmt":"2026-05-14T06:10:46","slug":"migration-wohnen","status":"publish","type":"page","link":"https:\/\/www.freiburg-schwarzwald.de\/blog\/global\/migration\/migration-wohnen\/","title":{"rendered":"Migration-Wohnen"},"content":{"rendered":"<p>Home &gt;<a title=\"Soziales\" href=\"https:\/\/www.freiburg-schwarzwald.de\/blog\/selbsthilfe\/soziales\/\">Soziales<\/a> &gt;<a title=\"Dienste\" href=\"https:\/\/www.freiburg-schwarzwald.de\/blog\/business\/dienste\/\">Dienste<\/a> &gt;<a title=\"Immobilien\" href=\"https:\/\/www.freiburg-schwarzwald.de\/blog\/business\/dienste\/immobilien\/\">Immobilien<\/a> &gt;<a title=\"Wohnen\" href=\"https:\/\/www.freiburg-schwarzwald.de\/blog\/business\/dienste\/immobilien\/wohnen\/\">Wohnen<\/a> &gt;<a title=\"Migration\" href=\"https:\/\/www.freiburg-schwarzwald.de\/blog\/global\/migration\/\">Migration<\/a> &gt;Migration-Wohnen<\/p>\n<div id=\"attachment_57009\" style=\"width: 649px\" class=\"wp-caption alignnone\"><a href=\"https:\/\/www.freiburg-schwarzwald.de\/blog\/global\/integration\/einwanderungsgesetz\/kartaus-bauernhof-pan151021\/\" rel=\"attachment wp-att-57009\"><img loading=\"lazy\" decoding=\"async\" aria-describedby=\"caption-attachment-57009\" class=\"size-full wp-image-57009\" src=\"https:\/\/www.freiburg-schwarzwald.de\/blog\/wp-content\/uploads\/2014\/12\/kartaus-bauernhof-pan151021.jpg\" alt=\"Bauernhof an der Kartaus in Freiburg am 21.10.2015\" width=\"639\" height=\"251\" srcset=\"https:\/\/www.freiburg-schwarzwald.de\/blog\/wp-content\/uploads\/2014\/12\/kartaus-bauernhof-pan151021.jpg 639w, https:\/\/www.freiburg-schwarzwald.de\/blog\/wp-content\/uploads\/2014\/12\/kartaus-bauernhof-pan151021-180x70.jpg 180w\" sizes=\"auto, (max-width: 639px) 100vw, 639px\" \/><\/a><p id=\"caption-attachment-57009\" class=\"wp-caption-text\">Bauernhof an der Kartaus in Freiburg am 21.10.2015<\/p><\/div>\n<ul>\n<li><em>Listenauswahl eines Beitrags: Bitte anklicken oder runterscrollen<\/em><\/li>\n<li>Sachverst\u00e4ndigen-Gutachten schl\u00e4gt Alarm: Zuwanderungswelle f\u00fchrt zur Wohnraumkrise (13.5.2026)<\/li>\n<li><a href=\"https:\/\/www.freiburg-schwarzwald.de\/blog\/business\/dienste\/immobilien\/wohnen\/wohnungsbau\/\">AfD: Ohne Zuwanderung br\u00e4uchten wir drei Millionen Wohnungen weniger<\/a>\u00a0(23.2.2026)<\/li>\n<li><a href=\"https:\/\/www.freiburg-schwarzwald.de\/blog\/der-staat-als-mietkostentreiber\/\">Der Staat als Mietkostentreiber<\/a>\u00a0(18.1.2026)<\/li>\n<li><a href=\"https:\/\/www.freiburg-schwarzwald.de\/blog\/global\/integration\/fluechtlinge-wohnung\/\">Die Verdr\u00e4ngung der Deutschen aus den St\u00e4dten<\/a> (27.9.2025)<\/li>\n<li>Geplante Asylantenunterkunft in winzigem Dorf Bairawis be\u00e4ngstigt Bewohner (26.11.2024)<\/li>\n<li><a href=\"https:\/\/www.freiburg-schwarzwald.de\/blog\/global\/integration\/fluechtlinge-wohnung\/\">Fl\u00fcchtlingswohnheim und die Familien in der Nachbarschaft<\/a> (3.7.2024)<\/li>\n<li>CDU-Ziemiak: \u201eDie Stadt beschlagnahmt Wohnungen f\u00fcr Fl\u00fcchtlinge\u201c (25.10.2023)<\/li>\n<li><a href=\"https:\/\/www.freiburg-schwarzwald.de\/blog\/global\/integration\/migrationsindustrie\/\">Millionengesch\u00e4ft Fl\u00fcchtlingsunterkunft: Wenn die Wohlfahrt schweigsam wird<\/a> (9.10.2023)<\/li>\n<li>Evangelisches Stift hilft: Bis zu 90 Fl\u00fcchtlinge in fr\u00fcherem Pflegeheim in FR (4.10.2023)<\/li>\n<li><a href=\"https:\/\/www.freiburg-schwarzwald.de\/blog\/global\/integration\/asyl\/asylpolitik\/\">Asylheim-Tester beklagen fehlende Fahrst\u00fchle<\/a>\u00a0(12.9.2023)<\/li>\n<li>LEA: Das Versuchslabor der Menschlichkeit (25.7.2023)<\/li>\n<li><a href=\"https:\/\/www.freiburg-schwarzwald.de\/blog\/verdraengung-wohnungsmarkt\/\">Verdr\u00e4ngung \u2013 Wohnungsmarkt<\/a>\u00a0(2.3.2023)<\/li>\n<li><a href=\"https:\/\/www.freiburg-schwarzwald.de\/blog\/loerrach-migration-gegen-mieter\/\">L\u00f6rrach: Migration gegen Mieter<\/a>\u00a0(20.2.2023)<\/li>\n<li><a href=\"https:\/\/www.freiburg-schwarzwald.de\/blog\/business\/dienste\/immobilien\/wohnen\/wohnungsmangel\/\">Wohnungen zunehmend f\u00fcr Zuwanderer \u2013 Staat zahlt Miete<\/a> (21.1.2022)<\/li>\n<li><a href=\"https:\/\/www.freiburg-schwarzwald.de\/blog\/business\/dienste\/immobilien\/wohnen\/wohnungsmangel\/\">Wohnraummangel \u2013 Investition \u2013 Migration<\/a> (9.12.2021)<\/li>\n<li><a href=\"https:\/\/www.freiburg-schwarzwald.de\/blog\/business\/dienste\/immobilien\/wohnen\/wohnungsmangel\/\">Bev\u00f6lkerungszuwachs macht Wohnungsmarkt zum Spekulanten-Eldorado<\/a>\u00a0(17.9.2021)<\/li>\n<li>Wohnungsknappheit durch Fl\u00fcchtlingszuzug (14.2.2020)<\/li>\n<li>Die Tabuzone in der Wohnungskrise: Migranten verdr\u00e4ngen Mieter (10.4.2019)<\/li>\n<li><a title=\"Enteignung\" href=\"https:\/\/www.freiburg-schwarzwald.de\/blog\/selbsthilfe\/soziales\/justiz\/rechtsstaat\/enteignung\/\">Karl Lauterbach: Miethaie enteignen in Berlin wie die Juden im 3.Reich?<\/a>\u00a0(10.4.2019)<\/li>\n<li>Merzhausen nach Ende der gro\u00dfen Fl\u00fcchtlingswelle &#8211; Integration gescheitert? (15.2.2019)<\/li>\n<li>Asylbewerber auf Heimaturlaub (26.9.2016)<\/li>\n<li><a title=\"Versorgungsmigration\" href=\"https:\/\/www.freiburg-schwarzwald.de\/blog\/global\/migration\/versorgungsmigration\/\">Zuwanderung erfolgt(e) weniger in Arbeit als in Versorgung<\/a> \u00a0(13.9.2016)<\/li>\n<li><a href=\"https:\/\/www.freiburg-schwarzwald.de\/blog\/wohnmodule-von-rolf-disch\/\">https:\/\/www.freiburg-schwarzwald.de\/blog\/wohnmodule-von-rolf-disch\/<\/a> (29.7.2016)<\/li>\n<li>Fl\u00fcchtlingswohnheim\u00a0mit Vielfarben-Fassade\u00a0&#8211; Widerspruch zum Anliegen der Integration\u00a0(23.12.2015)<\/li>\n<li>Gleichzeitig: Nachverdichtung in Stadt &#8211; R\u00fcckbau auf dem Land (21.12.2015)<\/li>\n<li><a href=\"https:\/\/www.freiburg-schwarzwald.de\/blog\/soziale-frage-wohnung-arbeit\/\">https:\/\/www.freiburg-schwarzwald.de\/blog\/soziale-frage-wohnung-arbeit\/<\/a> (8.11.2015)<\/li>\n<li>Fl\u00fcchtlinge finden Unterschlupf in deutschen Kirchen (28.10.2015)<\/li>\n<li><\/li>\n<li><a title=\"Enteignung\" href=\"https:\/\/www.freiburg-schwarzwald.de\/blog\/selbsthilfe\/soziales\/justiz\/rechtsstaat\/enteignung\/\">Enteignung<\/a><\/li>\n<li><a title=\"Entwurzelung\" href=\"https:\/\/www.freiburg-schwarzwald.de\/blog\/global\/migration\/entwurzelung\/\">Entwurzelung<\/a><\/li>\n<li><a title=\"Fluechtlinge-Wohnung\" href=\"https:\/\/www.freiburg-schwarzwald.de\/blog\/global\/integration\/fluechtlinge-wohnung\/\">Fluechtlinge-Wohnung<\/a><\/li>\n<li><a title=\"Integration\" href=\"https:\/\/www.freiburg-schwarzwald.de\/blog\/global\/integration\/\">Integration<\/a><\/li>\n<li><a title=\"Landflucht\" href=\"https:\/\/www.freiburg-schwarzwald.de\/blog\/global\/integration\/landflucht\/\">Landflucht<\/a><\/li>\n<li><a title=\"Wohnungsleerstand\" href=\"https:\/\/www.freiburg-schwarzwald.de\/blog\/business\/dienste\/immobilien\/wohnen\/wohnungsleerstand\/\">Wohnungsleerstand<\/a><\/li>\n<li><a href=\"https:\/\/www.freiburg-schwarzwald.de\/blog\/business\/dienste\/immobilien\/wohnen\/wohnungsmangel\/\">Wohnungsmangel<\/a><\/li>\n<li><a title=\"Obdachlos\" href=\"https:\/\/www.freiburg-schwarzwald.de\/blog\/selbsthilfe\/soziales\/obdachlos\/\">Wohnungslos<\/a><\/li>\n<li><a title=\"Wohnungssuche\" href=\"https:\/\/www.freiburg-schwarzwald.de\/blog\/business\/dienste\/immobilien\/wohnen\/wohnungssuche\/\">Wohnungssuche in FR<\/a><\/li>\n<li><a title=\"Sozialwohnung\" href=\"https:\/\/www.freiburg-schwarzwald.de\/blog\/business\/dienste\/immobilien\/wohnen\/sozialwohnung\/\">Sozialwohnung<\/a><\/li>\n<\/ul>\n<p>&nbsp;<\/p>\n<p><strong>Einfacher Wohnraum f\u00fcr 1 Millionen Migranten\u00a0kostet 100 Milliarden Euro.<\/strong><br \/>\nUnd selbst bei 100 Milliarden w\u00fcrde man von der Turnhalle nur ungern ins Banlieue ziehen.<br \/>\n============================================================<\/p>\n<p>&nbsp;<\/p>\n<p>&nbsp;<\/p>\n<p><strong>Sachverst\u00e4ndigen-Gutachten schl\u00e4gt Alarm: Zuwanderungswelle f\u00fchrt zur Wohnraumkrise<\/strong><br \/>\nDer Sachverst\u00e4ndigenrat f\u00fcr Integration und Migration hat sein Jahresgutachten f\u00fcr 2026 vorgelegt \u2013 und zeichnet darin das Bild einer zunehmend hausgemachten Wohnkrise. Hauptursachen sind die anhaltende Migrationsdynamik sowie der unzureichende Neubau.<br \/>\nDie anhaltende Zuwanderungswelle, die Deutschland erfasst hat, in Kombination mit dem unzureichenden Neubau von Wohnungen, sorgt f\u00fcr einen erheblichen Nachfrage\u00fcberhang auf dem deutschen Wohnungsmarkt. F\u00fcr B\u00fcrger wird es dadurch immer schwieriger, bezahlbaren Wohnraum zu finden.<br \/>\nDie Zahlen, die der Sachverst\u00e4ndigenrat f\u00fcr Integration und Migration in seinem am Dienstag ver\u00f6ffentlichten Jahresgutachten pr\u00e4sentiert hat, sind eindeutig: Ende 2024 lebten in Deutschland rund 83,6 Millionen Menschen \u2013 das sind 3,8 Millionen mehr als noch Ende 1989. Laut dem SVR ist dieses Bev\u00f6lkerungswachstum ausschlie\u00dflich auf Zuwanderung aus der Europ\u00e4ischen Union sowie aus Drittstaaten zur\u00fcckzuf\u00fchren. Problematisch ist jedoch, dass das Wohnraumangebot mit dieser Entwicklung nicht Schritt gehalten hat \u2013 insbesondere in Ballungsr\u00e4umen und wirtschaftsstarken Regionen.<br \/>\n&#8230; Alles vom 13.5.2026 von Hannes M\u00e4rtin bitte lesen auf<\/p>\n<blockquote class=\"wp-embedded-content\" data-secret=\"CkbRMINiMI\"><p><a href=\"https:\/\/apollo-news.net\/sachverstaendigen-gutachten-schlaegt-alarm-zuwanderungswelle-fuehrt-zur-wohnraumkrise\/\">Sachverst\u00e4ndigen-Gutachten schl\u00e4gt Alarm: Zuwanderungswelle f\u00fchrt zur Wohnraumkrise<\/a><\/p><\/blockquote>\n<p><iframe loading=\"lazy\" class=\"wp-embedded-content\" sandbox=\"allow-scripts\" security=\"restricted\" style=\"position: absolute; visibility: hidden;\" title=\"&#8222;Sachverst\u00e4ndigen-Gutachten schl\u00e4gt Alarm: Zuwanderungswelle f\u00fchrt zur Wohnraumkrise&#8220; &#8211; Apollo News\" src=\"https:\/\/apollo-news.net\/sachverstaendigen-gutachten-schlaegt-alarm-zuwanderungswelle-fuehrt-zur-wohnraumkrise\/embed\/#?secret=h2zuJ7rxLm#?secret=CkbRMINiMI\" data-secret=\"CkbRMINiMI\" width=\"600\" height=\"338\" frameborder=\"0\" marginwidth=\"0\" marginheight=\"0\" scrolling=\"no\"><\/iframe><br \/>\n<a href=\"https:\/\/www.svr-migration.de\/\">https:\/\/www.svr-migration.de\/<\/a><\/p>\n<blockquote class=\"wp-embedded-content\" data-secret=\"lzIIyQYJc8\"><p><a href=\"https:\/\/www.svr-migration.de\/publikationen\/jahresgutachten\/2026\/\">Jahresgutachten 2026<\/a><\/p><\/blockquote>\n<p><iframe loading=\"lazy\" class=\"wp-embedded-content\" sandbox=\"allow-scripts\" security=\"restricted\" style=\"position: absolute; visibility: hidden;\" title=\"&#8222;Jahresgutachten 2026&#8220; &#8211; Sachverst\u00e4ndigenrat f\u00fcr Integration und Migration gGmbH\" src=\"https:\/\/www.svr-migration.de\/publikationen\/jahresgutachten\/2026\/embed\/#?secret=iMS9tOXvZA#?secret=lzIIyQYJc8\" data-secret=\"lzIIyQYJc8\" width=\"600\" height=\"338\" frameborder=\"0\" marginwidth=\"0\" marginheight=\"0\" scrolling=\"no\"><\/iframe><\/p>\n<p>&nbsp;<\/p>\n<p>&nbsp;<\/p>\n<p><strong>Geplante Asylantenunterkunft in winzigem Dorf Bairawis be\u00e4ngstigt Bewohner<\/strong><br \/>\nEs ist das Uphal des S\u00fcdens: In Bairawies, einem kleinen Dorf in Oberbayern, soll ein Containerdorf f\u00fcr 130 Asylsucher entstehen. Dagegen regt sich Widerstand in der Dorfgemeinschaft.<br \/>\nEin neu gegr\u00fcndeter Verein will das Vorhaben eines \u201eInvestors\u201c stoppen und argumentiert, dass diese Anzahl von neuen Bewohnern die bestehende Population von 280 Menschen erheblich \u00fcbersteigt, berichtet Bild.<br \/>\n<a href=\"https:\/\/www.bild.de\/regional\/bayern\/bayern-dorf-mit-280-einwohnern-soll-unterkunft-fuer-130-fluechtlinge-bekommen-6743483aabb4814991e3f7f2\">https:\/\/www.bild.de\/regional\/bayern\/bayern-dorf-mit-280-einwohnern-soll-unterkunft-fuer-130-fluechtlinge-bekommen-6743483aabb4814991e3f7f2<\/a><br \/>\nRund 170 Einwohner gegen das Vorhaben und wiesen auf die Unverh\u00e4ltnism\u00e4\u00dfigkeit und die mangelnde Infrastruktur des Ortes hin. Bairawies geh\u00f6rt zur Gemeinde Dietramszell und liegt zwischen Wolratshausen und Bad T\u00f6lz im idyllischen Alpenvorland.<br \/>\nDer Antrag f\u00fcr die Asylantensiedlung wurde im Gemeinderat einstimmig abgelehnt, jedoch besteht die Sorge, dass das Landratsamt in Bad T\u00f6lz die Entscheidung \u00fcbergehen k\u00f6nnte, wie es in anderen Orten schon vorgekommen ist. Der Verein plant, Aktionen zu starten und finanzielle Unterst\u00fctzung f\u00fcr m\u00f6gliche Klagen anzubieten.<br \/>\nhttps:\/\/www.welt.de\/vermischtes\/article254667812\/Bayern-130-Migranten-fuer-280-Einwohner-Dorf-Es-reicht-Wir-schaffen-es-nicht.html?source=puerto-reco-2_ABC-V43.1.C_new_interest_model<\/p>\n<p>Ein \u00e4hnlicher Fall, wo die gewachsenen Strukturen eines kleinen Dorfes durch eine viel zu gro\u00dfe Asylantenunterkunft bedroht werden, machte das Dorf Upahl in Mecklenburg-Vorpommern <a href=\"https:\/\/m.focus.de\/panorama\/500-seelen-dorf-protestierte-fluechtlingsangst-in-upahl-was-aus-den-befuerchtungen-und-sorgen-der-anwohner-wurde_id_259826530.html\">https:\/\/m.focus.de\/panorama\/500-seelen-dorf-protestierte-fluechtlingsangst-in-upahl-was-aus-den-befuerchtungen-und-sorgen-der-anwohner-wurde_id_259826530.html<\/a> bundesweit bekannt.<br \/>\n&#8230; Alles vom 26.11.2024 bitte lesen auf<br \/>\n<a href=\"https:\/\/www.achgut.com\/artikel\/geplante_asylantenunterkunft_in_winzigem_dorf_beaengstigt_bewohner\">https:\/\/www.achgut.com\/artikel\/geplante_asylantenunterkunft_in_winzigem_dorf_beaengstigt_bewohner<\/a><\/p>\n<p>&nbsp;<\/p>\n<p><strong>CDU-Ziemiak: \u201eDie Stadt beschlagnahmt Wohnungen f\u00fcr Fl\u00fcchtlinge\u201c<\/strong><br \/>\nEs sind beklemmende Erfahrungen, von denen CDU-Mann Paul Ziemiak am Dienstagabend bei bei Markus Lanz berichtete. Selbst Moderator Markus Lanz konnte es kaum fassen, als der CDU-Politiker seine j\u00fcngsten Erfahrungen in Sachen Migrationspolitik schilderte: \u201eWir sind am Ende der Kapazit\u00e4t in vielen Kommunen\u201c, so Ziemiak, der f\u00fcr eine Begrenzung der Fl\u00fcchtlingsanzahl pl\u00e4dierte. Und: \u201eEine Stadt aus meinem Wahlkreis, die sich sehr f\u00fcr Fl\u00fcchtlinge engagiert, beschlagnahmt Wohnungen. Wir sind dort am Ende.\u201c Auf die entsetzte R\u00fcckfrage von Moderator Lanz, wer genau denn diese Wohnungen beschlagnahme, erkl\u00e4rte Ziemiak: \u201eDie Stadt tut das. Sie beschlagnahmt Wohnungen, um Wohnraum zu schaffen, damit die Menschen nicht auf der Stra\u00dfe stehen. Wir sind dort am Ende der Kapazit\u00e4ten.\u201c<br \/>\n&#8230; Alles vom 25.10.2023 bitte lesen auf<br \/>\n<a href=\"https:\/\/www.nius.de\/Politik\/cdu-ziemiak-die-stadt-beschlagnahmt-wohnungen-fuer-fluechtlinge\/8ddde76d-e1f8-4283-99ee-1a88814039fe\">https:\/\/www.nius.de\/Politik\/cdu-ziemiak-die-stadt-beschlagnahmt-wohnungen-fuer-fluechtlinge\/8ddde76d-e1f8-4283-99ee-1a88814039fe<\/a><\/p>\n<p>&nbsp;<\/p>\n<p><strong>Evangelisches Stift hilft: Bis zu 90 Fl\u00fcchtlinge in fr\u00fcherem Pflegeheim in FR<\/strong><br \/>\nF\u00fcr die kommenden drei Jahre bis Ende 2026 hat die Stadt das komplette Geb\u00e4ude nun mieten k\u00f6nnen. &#8222;F\u00fcr einen fairen Mietpreis&#8220;, wie B\u00fcrgermeister Ulrich von Kirchbach beim Presserundgang am Mittwoch berichtete. &#8230;<br \/>\nIm November werden in das Haus bis zu 90 Gefl\u00fcchtete vorwiegend aus der Ukraine einziehen k\u00f6nnen. Das Haus verf\u00fcgt auf vier Stockwerken \u00fcber 49 Zimmer. Die Betreuung wird der Fl\u00fcchtlings- und Sozialdienst der Diakonie \u00fcbernehmen. Die Stadt kann teilweise das Mobiliar und sogar Pflegebetten f\u00fcr pflegebed\u00fcrftige Fl\u00fcchtlinge nutzen. Der vom st\u00e4dtischen Geb\u00e4udemanagement organisierte Umbau wird auf 750.000 Euro veranschlagt<br \/>\n&#8230; Alles vom 4.10.2023 bitte lesen auf<br \/>\n<a href=\"https:\/\/www.badische-zeitung.de\/stadt-freiburg-kann-bis-zu-90-fluechtlinge-in-frueherem-pflegeheim-unterbringen\">https:\/\/www.badische-zeitung.de\/stadt-freiburg-kann-bis-zu-90-fluechtlinge-in-frueherem-pflegeheim-unterbringen<\/a><br \/>\n.<br \/>\nEinige Kommentare:<br \/>\nGenerell ist es ja erfreulich, dass diese Immobilie einer sinnvollen Nutzung zugef\u00fchrt werden kann. Die 750.000 Umbaukosten erscheinen mir allerdings sehr viel, zumal ja Miete + NK noch hinzukommen.<br \/>\nF\u00fcr r\u00fcstige Gefl\u00fcchtete setzt man einen h\u00f6heren Sicherheitsstandard an, als f\u00fcr alte Pflegebed\u00fcrftige? Da wiehert wohl mal wieder der Deutsche Amtsschimmel.<br \/>\nW\u00fcrde man auf den gro\u00dfen Umbau verzichten, k\u00f6nnte man schon zeitnah die unbegleiteten Gefl\u00fcchteten dort unterbringen, zumindest solange, bis man eine geeignetere Immobilie gefunden hat. Und die Sch\u00fcler*innen k\u00f6nnten ihre Sporthalle wieder nutzen. A.B.<br \/>\n.<br \/>\nBitte das Geb\u00e4ude aber vorher noch ordentlich sanieren und isolieren und W\u00e4rmepumpen einbauen. Warmes Wasser bitte \u00fcber eine Solarthermie und Strom bitte auch vom Dach. Immer sch\u00f6n mit gutem Beispiel voran gehen! M.D.<br \/>\nEnde Kommentare<\/p>\n<p>&nbsp;<\/p>\n<p><strong>LEA: Das Versuchslabor der Menschlichkeit<\/strong><br \/>\n<strong>Wenn die Seele Zuflucht sucht<\/strong><br \/>\nDie LEA Ellwangen funktioniert wie eine selbstst\u00e4ndige Kommune am Rande von Ellwangen. Das Jahresbudget bel\u00e4uft sich auf rund zehn Millionen Euro bei 220 Mitarbeitern. Das Gros stellt mit 80 Personen die Security. Das Bundesamt f\u00fcr Migration und Fl\u00fcchtlinge (BAMF) hat 40 sogenannte Entscheider vor Ort, die bestimmen, ob Asylantr\u00e4ge anerkannt werden oder nicht.<br \/>\nEbenfalls 40 Angestellte besch\u00e4ftigen die Malteser Werke, eine gemeinn\u00fctzige GmbH des Malteserordens, die mit dem Geb\u00e4udemanagement und der Alltagsbetreuung der Fl\u00fcchtlinge beauftragt ist und unter anderem die Kita f\u00fcr 80 Kinder in vier Gruppen betreibt.<br \/>\nJeweils zehn Besch\u00e4ftigte k\u00fcmmern sich ums Catering und die Diakonie. Sie helfen den Gefl\u00fcchteten bei ihren Asylantr\u00e4gen und erkl\u00e4ren ihnen die rechtlichen Grundlagen. \u201eManche wollen gleich Asyl f\u00fcr die ganze Familie beantragen, die noch in der Heimat ist\u201c, sagt ein Angestellter. \u201eDas geht nat\u00fcrlich gar nicht.\u201c<br \/>\nF\u00fcnf Leute stellt das Gesundheitsamt. Und dazu kommen schlie\u00dflich die beiden Polizisten. Alle mussten erst mal das richtige Miteinander und mit gewissen Eigenwilligkeiten umgehen lernen. Anfangs schlugen die Gefl\u00fcchteten fast jede Nacht mehrfach die Feuermelder ein und dr\u00fcckten den Alarmknopf.<\/p>\n<p>Drei Tage nach FOCUS-Besuch ploppt Streit wieder auf: \u201eKeine Ahnung, warum die das machten\u201c, sagt LEA-Chef Wei\u00df, \u201ewahrscheinlich Jux und Dollerei. Denen hat das Spa\u00df gemacht.\u201c Jedes Mal r\u00fcckte pflichtgem\u00e4\u00df ein ganzer L\u00f6schzug aus. \u201eUnd wenn der nach dem Fehlalarm wieder zur\u00fcck in der Wache war und sein L\u00f6schbier trinken wollte, gings schon wieder los\u201c, schmunzelt Wei\u00df. Jetzt bewacht nachts die Security die Notrufkn\u00f6pfe.<br \/>\n&#8230; Alles vom 25.7.2023 bitte lesen auf<br \/>\n<a href=\"https:\/\/www.focus.de\/panorama\/welt\/wenn-die-seele-zuflucht-sucht-tausende-fluechtlinge-ohne-therapie-messer-und-axtmaenner-der-zukunft_id_199644341.html\">https:\/\/www.focus.de\/panorama\/welt\/wenn-die-seele-zuflucht-sucht-tausende-fluechtlinge-ohne-therapie-messer-und-axtmaenner-der-zukunft_id_199644341.html<\/a><\/p>\n<p>.<\/p>\n<p><strong>Wohnungsknappheit durch Fl\u00fcchtlingszuzug<\/strong><br \/>\nF\u00fcr Lieschen Gutmensch ist alles ganz einfach: Deutschland ist reich, wer kommen will, soll rein. Fehlt Geld, holt man\u2019s von den \u201eReichen\u201c, und am Wohnungsmangel sind eh nur die b\u00f6sen Speku-lanten schuld. Das kann man eine Weile so treiben, bis einen die harten Fakten irgendwann unsanft einholen. Dann ist die Ratlosigkeit gro\u00df.<br \/>\nSo wie aktuell im schleswig-holsteinischen Rendsburg. Noch vor kurzem ist die Stadt tugendprotzend dem \u201eSicherer Hafen\u201c-Programm des Schleuservereins \u201eSeebr\u00fccke\u201c beigetreten. Jetzt s\u00e4uft der sichere Hafen ab: Jeder zehnte Einwohner ist inzwischen Einwanderer aus den Hauptasyll\u00e4ndern, der Anteil hat sich in nur f\u00fcnf Jahren verzehnfacht. Der Wohnraum reicht nicht, das Geld f\u00fcr den Sozialzirkus auch nicht, der Landkreis m\u00f6ge doch bitte bei der Zuweisung auf die Bremse treten.<br \/>\nDie Kostg\u00e4nger, die er rief, wird der B\u00fcrgermeister nicht mehr los, im Gegenteil. An den EU-Au\u00dfengrenzen baut sich schon der n\u00e4chste Asylansturm auf. Rollt die Welle, wird man wieder genauso \u00fcberrascht tun wie vor f\u00fcnf Jahren.<br \/>\nWer h\u00e4tte das gedacht: In deutschen St\u00e4dten werden Wohnungen auch deshalb knapp und teuer, weil man bedenkenlos ganze Heerscharen i<br \/>\n&#8230;. Alles vom 14.2.2020 zu &#8222;Der sichere Hafen s\u00e4uft ab&#8220; bitte lesen auf JF, 8\/20, Seite 2<\/p>\n<p>.<\/p>\n<p>&nbsp;<\/p>\n<p><strong>Die Tabuzone in der Wohnungskrise: Migranten verdr\u00e4ngen Mieter<br \/>\n<\/strong>\u00a0.<br \/>\n<em><strong>Wenn binnen kurzer Zeit in Millionenzahl Menschen ins Land kommen, die eine eigene Wohnung brauchen und die sie sich auch leisten k\u00f6nnen, weil der Steuerzahler f\u00fcr ihre Miete aufkommt, dann ger\u00e4t der Wohnungsmarkt logischerweise in eine Schieflage.<\/strong> <\/em>Gerade die vielen der in den Hochzeiten der \u201eWillkommenskultur\u201c nach Deutschland Eingereisten haben inzwischen einen gesetzlichen Anspruch darauf erworben, mit eigenem Wohnraum versorgt zu werden. Darum m\u00fcssen sich vor allem kommunale Beh\u00f6rden k\u00fcmmern und suchen nach genau den bezahlbaren Wohnungen, die auch jene Einheimische haben wollen, die nicht zu den Gutverdienern z\u00e4hlen. Und wie alle, deren Miete vom Amt bezahlt wird, sind auch die meisten Asylbewerber sichere Mietzahler, dank der B\u00fcrgschaft vom Steuerzahler. Zudem versuchen mancherorts die Kommunen in ihrer Not, ihre kommunalen Wohnungsgesellschaften dazu zu dr\u00e4ngen, die Zuwanderer bevorzugt mit Wohnraum zu versorgen. &#8230;<br \/>\nTrotz reger Baut\u00e4tigkeit ist der derzeitige j\u00e4hrliche Zuzug von Asylbewerbern im Umfang der Bewohner einer Gro\u00dfstadt kaum mit Neubau aufzufangen, wenn man gleichzeitig den gegenw\u00e4rtigen Mangel beheben m\u00f6chte.<br \/>\n&#8230; Alles vom 104.2019 bitte lesen auf<br \/>\n<a href=\"https:\/\/www.achgut.com\/artikel\/die_tabuzone_in_der_wohnungskrise\">https:\/\/www.achgut.com\/artikel\/die_tabuzone_in_der_wohnungskrise<\/a><br \/>\n.<br \/>\n<strong>Demonstrieren nun \u201cRefugees Welcome\u201d-Rufer gegen Wohnungsnot in Berlin?<\/strong><br \/>\nMich w\u00fcrde interessieren, wie viele derer die jetzt gegen Wohnungsnot auf die Stra\u00dfe gehen, noch vor ein paar Jahren \u201cRefugees Welcome\u201d gerufen haben und vielleicht noch immer rufen. Ich bin \u00fcberzeugt, dass keiner von diesen bereit ist den Zusammenhang anzuerkennen. In der Psychologie ist dies als Dissonanz Reduktion bekannt. Interessant ist, dass vermutlich Links-Gr\u00fcne Journalisten in allen Medien diesen Zusammenhang ebenfalls leugnen. Auf entsprechende Kommentare der User, die es wagen diesen Zusammenhang zu erw\u00e4hnen, kommen dann so gro\u00dfartige Erkl\u00e4rungen wie \u201cDie Mietpreise sind schon vor 2015 gestiegen\u201d. Da mag schon sein, nur jetzt steigen sie eben schneller. Aber welche L\u00f6sungen gibt es: 1. Mehr Geld! Das ist offensichtlich vorhanden, zumindest wenn es um Migranten geht. 2. Geringere Kosten durch weniger Vorschriften! Geht nicht w.g. CO2. Greta l\u00e4sst gr\u00fc\u00dfen. 3. Mehr bauen! Geht nicht w.g. fehlender Kapazit\u00e4ten. 4. Weniger Zuzug! Geht nicht w.g. der Politik. Im Ergebnis bleibt die Erkenntnis, es m\u00fcssten die Kapazit\u00e4ten erh\u00f6ht werden. Aber dazu br\u00e4uchte es Fachkr\u00e4fte, die anders als von Merkel und ihrer Rot-Gr\u00fcnen Entourage behauptet, nicht bzw. nicht im gew\u00fcnschten und behaupten Umfang gekommen sind. Nur eines wird nicht funktionieren. Wohnungen zu enteignen, denn dadurch wird keine neue Wohnung geschaffen. Ganz abgesehen davon, dass hier rechtlich hohe H\u00fcrden bestehen. Ob sich die Politiker ohne weiteres auch dar\u00fcber hinwegsetzen k\u00f6nnen? Ergo wird sich die Wohnungsnot Jahr f\u00fcr Jahr verschlimmern und zwar ausschlie\u00dflich zu Lasten der schon l\u00e4nger hier lebenden. Solange diese aber den Verursachern der Misere weiterhin bei Wahlen ihre Stimme geben, kann\u2019s so schlimm noch nicht sein.<br \/>\n10.4.2019, M.ST, AO<br \/>\n.<br \/>\n<strong>Gr\u00fcnrot hat st\u00e4dt. Wohnungen in Berlin und Dresden verkauft<\/strong><br \/>\nNicht das ich die Immobilienhaie verteidigen will. Aber hinter dem ganzen Geschwafel von Enteignung dieser mit Volksbegehren stecken doch nur die ganzen Gr\u00fcn-Linken von SPD, Gr\u00fcnen und Linkspartei. Die versuchen damit von ihrer Verantwortung f\u00fcr das Problem abzulenken und einen anderen Schuldigen zu pr\u00e4sentieren.<br \/>\nDenn sie waren es doch, die hunderttausende von Wohnungen in Kommunalbesitz, nicht nur in Berlin, an private Investoren verscherbelt haben. In Dresden betraf es sogar 100% des Bestandes und dort haben selbst gro\u00dfe Teile der PDS als Vorl\u00e4ufer der Linkspartei f\u00fcr diesen Verkauf gestimmt. Und die, welche da unterschreiben oder mitlaufen, begreifen nicht, dass sie einer gro\u00dfen Rattenf\u00e4ngerei nachlaufen. Und nun nach 4 Jahren mit fast 2 Mio Asylanten, f\u00fcr die auch gerade diese Parteien stehen, platzt die gro\u00dfe Blase von \u201cWir schaffen das\u201d. Unabh\u00e4ngig davon, ob man diesen Zuzug f\u00fcr gut oder nicht befindet, es war doch klar, dass 70-80% der Asylanten fr\u00fcher oder sp\u00e4ter Wohnung brauchen. Erst haben diese Gr\u00fcn-Linken \u201ckommt alle rein\u201d geschrieen, dann aber weniger als nichts daf\u00fcr getan, die notwendigen Dinge daf\u00fcr zu organisieren. Parteien- und Staatsversagen auf der ganzen Linie!<br \/>\n10.4.2019, J.SCH,<br \/>\n.<\/p>\n<p><strong>Warum m\u00fcssen Migranten in der Stadt wohnen?<\/strong><br \/>\nWarum m\u00fcssen Menschen, die bei uns vor\u00fcbergehenden Schutz vor Verfolgung und Bedrohung in der Heimat suchen, bei uns in St\u00e4dten und Innenst\u00e4dten wohnen? Warum werden sie nicht in eher behelfsm\u00e4\u00dfigen Zentren auf dem Lande untergebracht??? \u2013 Die Antwort ist einfach: Die Regierung *proklamiert*, es handele sich um Fl\u00fcchtlinge. Sie *behandelt* sie aber als legitime Einwanderer. Von Seiten der Regierung ist das verlogen. Von Seiten der W\u00e4hler, die sich das bieten lassen, ist es komplett plemplem<br \/>\n10.4.2019, M.S., AO<\/p>\n<p>Also,aus eigener Erfahrung , sind die Rechte und die Rechtsprechung sehr mieterfreundlich. Mat hat keine Chance als Vermieter Rechtsicherheit zu bekommen. Der Mieter hat immer Recht. Die Nebenkostenabrechnungen sind derart komplex geworden, dass man nicht ohne Dienstleister auskommen kann.Die Mietvertr\u00e4ge m\u00fcssen vom Rechtsanwalt erstellt werden.Renovierungen f\u00fchren zu nicht \u00fcberschaubaren Mehrausgaben nach der Energiesparverordnung . Ausufernde B\u00fcrokratie, sei es durch die n\u00f6tige Ausr\u00fcstung mit Brandmelder.Die f\u00fchrten in Hamburg zu 1500 Fehlalarmen im Jahr 2015.Also ich habe alle Mieteinheiten abgegeben und gebe den Ratschlag &#8211; Leerstand ist besser wie sich st\u00e4ndig mit der Vermietung auseinander zu setzen.Ich k\u00f6nnte B\u00fccher schreiben.Neu bauen ist schier gar nicht mehr m\u00f6glich, der Isolierwahn verursacht derart hohe Mieten. Ich erhebe hiermit nicht den Anspruch auf Vollst\u00e4ndigkeit-ABER HAT MAN DA NOCH FRAGEN?<br \/>\n10.4.2019, M.Hm.<br \/>\n.<br \/>\nDer Krieg im Libanon ist Anfang der 1990er Jahre zu Ende gegangen. Der IS wurde vor einem Jahr im Irak und vor ein paar Wochen in Syrien besiegt. Warum schicken wir nicht die nicht integrierten aber gesunden Moslems aus diesen L\u00e4ndern zur\u00fcck. Denen droht dort keine Gefahr mehr. Da w\u00fcrden schlagartig viele Wohnungen frei werden. Uns selbst, wenn sie nur in Massenunterk\u00fcnften untergebracht sind; Studenten in Ballungsr\u00e4umen w\u00fcrden sich auch \u00fcber eine Schlaf- und Waschm\u00f6glichkeit in einem ehemaligen Baumarkt freuen. Wir brauchen auch nicht die Hoffnung haben, dass die \u201cFl\u00fcchtlinge\u201d irgendwann auf dem Bau arbeiten und zur Schaffung neuer Wohnungen beitragen. Ich bin selber in der Fortbildung im Handwerk t\u00e4tig und wei\u00df, dass die Baubranche bei den Moslems gar nicht gut angesehen ist. Wenn es Moslems \u00fcberhaupt ins Handwerk zieht, dann KFZ, Friseur oder Geb\u00e4udereiniger.<br \/>\n110.4.2019, H.B.<br \/>\n.<br \/>\n<strong>Peter Sloterdijk: Der L\u00fcgen\u00e4ther der Journaille<\/strong><br \/>\n\u201eDer L\u00fcgen\u00e4ther ist so dicht wie seit den Tagen des Kalten Kriegs nicht mehr.\u201c Im Journalismus trete die \u201eVerwahrlosung\u201c und die \u201ez\u00fcgellose Parteinahme allzu deutlich hervor\u201c proklamierte Peter Sloterdijk vor drei Jahren im Cicero. Selbiges konnte man gestern in der Phoenix-Runde (Streit um Mietenexplosion) wieder erleben, als der durch Zuwanderung induzierte Nachfrage\u00fcberhang und die damit verbundenen Mietpreissteigerungen geflissentlich nicht er\u00f6rtert wurden. Allenthalben die gewohnte Gehirnw\u00e4sche, bei der man versuchte den Fokus auf \u201cNebenkriegsschaupl\u00e4tze\u201d zu legen. Es ist nur noch schwer zu ertragen.<br \/>\n10.4.2019, GK., AO<br \/>\n.<br \/>\n<strong>Migranten verdr\u00e4ngen deutsche Mieter<\/strong><br \/>\nIch habe in meinem Wohnviertel gesehen, wie die st\u00e4dtischen Wohnungsgesellschaften arbeiten. ALLE Wohnungen, die frei waren, wurden mit Migranten belegt. Damit schuf die st\u00e4dtische Wohnungsgesellschaft No-Go-Areas, da die deutschen Mieter, die es sich leisten konnten, aus den Wohnviertel geradezu flohen. An einem Hochhaus stand t\u00e4glich der Umzugswagen f\u00fcr den Auszug der Deutschen. Je mehr Deutsche fortzogen, desto besser war das f\u00fcr das st\u00e4dtische Wohnungsunternehmen, da die verlassenen Wohnungen wieder an die Migranten gingen. Die anderen Wohnungsgesellschaften, die AG sind, zogen dann sp\u00e4ter nach. Geblieben sind H4-Empf\u00e4nger, Kosovo-Albaner und Araber in diesem Viertel und Bandenkriege. Diese Fremden werden mitten in deutsche Gebiete gesteckt, um &#8211; so die linksgr\u00fcne Intention &#8211; sich besser zu integrieren, was aber nicht funktioniert. Mittlerweile stehen auch in diesem Wohnviertel verschiedene Wohnungen frei, da kein Deutscher mehr dort einziehen will. Ob Deutsche bezahlbare Wohnungen bekommen, interessiert mittlerweile keinen mehr in Regierung und Altparteien. Vorrang hat der Migrant. So werden wir St\u00fcck f\u00fcr St\u00fcck aus unserem Umfeld verdr\u00e4ngt.<br \/>\n10.4.2019, P.W.<br \/>\n.<br \/>\n<strong>Verteilungsk\u00e4mpfe wird es geben<\/strong><br \/>\nNoch, Herr Grimm, sind es \u00fcberwiegend g\u00fcnstige Wohnungen, die von den kommunalen Beh\u00f6rden gemietet (eigentlich eher beschlagnahmt) werden. Aber warten Sie mal ab, bis der Familiennachzug so richtig Fahrt aufnimmt, dann geht es nicht mehr nur um einzelne \u201cjunge M\u00e4nner\u201d die eine 1-2 Zimmer Wohnung brauchen und mit deutschen Geringverdienern konkurrieren, sondern um mindestens eine Ehefrau und diverse Kinder. Also Gro\u00dfwohnungen und Doppelhaush\u00e4lften, was die Problematik bis weit in die Mittelschicht tragen wird. Uns stehen Verteilungsk\u00e4mpfe bevor, von denen wir gar keine Vorstellung haben\u2026<br \/>\n10.4.2019, A.G.<\/p>\n<p>&nbsp;<\/p>\n<p>&nbsp;<\/p>\n<p>&nbsp;<\/p>\n<p><strong>Merzhausen nach Ende der gro\u00dfen Fl\u00fcchtlingswelle &#8211; Integration gescheitert?<\/strong><br \/>\nDer Helferkreis in Merzhausen blickt zur\u00fcck: 2016 lebten knapp 200 Gefl\u00fcchtete in Merzhausen, heute sind es nur noch 45. Das Haus 22 und die Fahrradwerkstatt sind Geschichte<br \/>\n&#8230; Alles vom 15.2.2019 bitte lesen auf<br \/>\n<a href=\"https:\/\/www.badische-zeitung.de\/merzhausen\/so-laeuft-s-beim-helferkreis-in-merzhausen-nach-dem-ende-der-grossen-fluechtlingswelle--166435187.html\">https:\/\/www.badische-zeitung.de\/merzhausen\/so-laeuft-s-beim-helferkreis-in-merzhausen-nach-dem-ende-der-grossen-fluechtlingswelle&#8211;166435187.html<br \/>\n<\/a>\u00a0.<br \/>\nVon 200 Migranten in Merzhausen sind nur 45 \u00fcbriggeblieben &#8211; wo sind die anderen 145 Migranten? Nicht in Freiburg, Bad Krozingen oder Emmendingen, denn dort ist Wohnraum genauso knapp und teuer wie in Merzhausen. Sie wohnen auch nicht im hinteren Hotzenwald, wo H\u00e4user leerstehen und Wohnraum preiswert ist. Sie wohnen in den Ballungsgebieten bzw. Gro\u00dfst\u00e4dten, wo sie mit ihren Landsleuten die No-Go-Areas, <a title=\"Parallelgesellschaft\" href=\"https:\/\/www.freiburg-schwarzwald.de\/blog\/global\/integration\/parallelgesellschaft\/\">Parallel<\/a>&#8211; bzw. Gegengeselllschaften bilden. <a title=\"Integration-gescheitert\" href=\"https:\/\/www.freiburg-schwarzwald.de\/blog\/global\/integration\/integration-gescheitert\/\">Integration gescheitert<\/a>?<br \/>\n16.2.2019<\/p>\n<p>&nbsp;<\/p>\n<p>.<br \/>\n<strong>Asylbewerber auf Heimaturlaub<\/strong><br \/>\nDie bizzaren F\u00e4lle von Asylbewerbern auf Heimaturlaub, die vor kurzem Aufsehen erregt hatten, verdeutlichen, wie facettenreich die Betrugsproblematik ist. Fl\u00fcchtling ist per Definitionem einer, der geflohen ist, weil er seines Lebens nicht mehr sicher war. Wird er als Asylbewerber anerkannt, durfte er laut Asylgesetz nicht in das Land zur\u00fcckkehren, in dem er gef\u00e4hrdet ist. &#8230;. Angesichts der nicht gerade geringen Flugkosten ist auch die Vermutung nicht ganz abwegig, dass Hartz-IV-Eink\u00fcnfte wohl nicht die einzige Einkommensquelle reisefreudiger Fl\u00fcchtlinge sind. &#8230;<br \/>\nAlles vom 23.9.2016 von Sonja Margolina bitte lesen auf<br \/>\n<a href=\"https:\/\/www.cicero.de\/berliner-republik\/migration-und-wohlfahrtsstaat-die-tuecken-der-flatrate-versorgung\">https:\/\/www.cicero.de\/berliner-republik\/migration-und-wohlfahrtsstaat-die-tuecken-der-flatrate-versorgung<br \/>\n<\/a>\u00a0 \u00a0.<br \/>\n<em>Sonja Margolina, Jahrgang 1951, ist 1986 aus der Sowjetunion in die Bundesrepublik emigriert. Sie arbeitet als Journalistin und Buchautorin.<\/em><\/p>\n<p>.<br \/>\n<strong>Syrer mit Bankguthaben im Libanon beziehen bei uns Hartz IV<\/strong><br \/>\nAufgrund meiner in der Vergangenheit liegenden beruflichen T\u00e4tigkeit im Finanzwesen kann ich diesen Artikel nur best\u00e4tigen. Sehr viele wohlhabende Syrer besitzen bei Banken im Libanon (auch bei den dort vertretenen deutschen und schweizer Banken) ein immenses Verm\u00f6gen. Syrer, die hier den Fl\u00fcchtlingsstatus genie\u00dfen und Hartz IV Empf\u00e4nger sind, lassen, sofern sie hier ein Girokonto f\u00fchren d\u00fcrfen, von ihrer Verwndschaft von libanesischen Banken nicht gerade kleine Summen nach Deutschland transferieren. meistens aber auf das Konto ihrer Verwandten oder Bekannten, sofern diese bereits seit l\u00e4ngerer Zeit eine Firma (lebensmittel\/Kebab) hier f\u00fchren. Dies im Detail nachkontrollieren zu k\u00f6nnen, gestaltet sich aufgrund von Personal-mangel \u00e4u\u00dferst schwierig.<br \/>\nWerner Offergeld<br \/>\n<strong>Eine halbe Million Geduldete &#8211; darunter viele verm\u00f6gende Migranten<\/strong><br \/>\nEndlich spricht jemand einmal dieses Problem an &#8211; leider kein verantwortlicher Politiker. Auch \u00fcber die halbe Millionen Geduldete hier im Land w\u00e4re zu sprechen: wie selbstverst\u00e4ndlich erhalten sie Sozialleistungen, wof\u00fcr eigentlich? F\u00fcr die eigenen Leute reicht es nicht einmal, den normalen Schulunterricht abzusichern. Kommen dann noch Migrantenkinder in diese Klassen, lernt keiner mehr richtig und den jungen Deutschen wird die Zukunft verbaut &#8211; es ist einfach grotesk. Die eigenen Leute, die das Geld erst erarbeiten m\u00fcssen, gelten nichts &#8211; illegal hier Eingereisten wird das Paradies bereitet, nat\u00fcrlich kostenlos. Wie lange lassen wir uns das noch gefallen? Vielen Dank f\u00fcr den Beitrag, Frau Margolina!<br \/>\n23.9.2016, Klaus Damert, CO<\/p>\n<p>&nbsp;<\/p>\n<p>.<br \/>\n<strong>Fl\u00fcchtlingswohnheim\u00a0mit Vielfarben-Fassade\u00a0&#8211; Widerspruch zum Anliegen der Integration<\/strong><br \/>\nZur Farbgebung des neuen <a title=\"Fluechtlinge-Hoellentalstrasse\" href=\"https:\/\/www.freiburg-schwarzwald.de\/blog\/selbsthilfe\/soziales\/fluechtlinge-hoellentalstrasse\/\">Fl\u00fcchtlingswohnheims an der H\u00f6llentalstrasse in Freiburg-Littenweiler<\/a>\u00a0gehen die Meinungen der Passanten auseinander: Mutig, auffallend, modern, besonders, knallig, hipp, &#8222;mal was anderes&#8220;, grell, extra &#8211; aber auch kleinkariert, giftgr\u00fcn, nicht normal, unruhig, schockierend, befremdend und ausgrenzend. Wobei Ausgrenzung das Gegenteil von <a title=\"Integration\" href=\"https:\/\/www.freiburg-schwarzwald.de\/blog\/global\/integration\/\">Integration<\/a> als &#8222;Eingliederung einer Vielheit von einzelnen Gruppen\/Personen zu einer gesellschaftlichen Einheit&#8220; (so stehts im Duden) ist. Integration betrifft das Erlernen der deutsche Sprache, dann Arbeit, Bildung, Kultur und Wohnung. Warum lassen wir Fl\u00fcchtlinge nicht in einem Haus wohnen, das zumindest farblich so aussieht wie Dein Haus und mein Haus?<br \/>\nWenn man Wohncontainer, Zelte, Hallen und Mobilhomes f\u00fcr Fl\u00fcchtlinge farblich kariert anstreicht, mag das als Versuch entschuldigt werden, damit die Armseligkeit dieser Behelfsunterk\u00fcnfte zu \u00fcbert\u00fcnchen. Hier aber wurde ein bautechnisch und energetisch hochwertiger Wohnneubau mit teuren Fassadenplatten in sieben Farben versehen &#8211; preiswerter w\u00e4re eine Fassade mit Kunstharzputz oder lasierten Holzbrettern gewesen. Warum musste diese Fassade einem farbpsychologischem Gutachten (niemand verr\u00e4t die Kosten) folgend derart &#8222;mutig&#8220; eingef\u00e4rbt werden. Schade, dass diese Farbpsychologen nicht den Mut hatten, ihre Komposition der B\u00fcrgerschaft von Littenweiler vorab vorzustellen.<\/p>\n<div id=\"attachment_58075\" style=\"width: 649px\" class=\"wp-caption alignnone\"><a href=\"https:\/\/www.freiburg-schwarzwald.de\/blog\/selbsthilfe\/soziales\/jesiden\/fluechtlinge-hoellentalstrasse151216\/\" rel=\"attachment wp-att-58075\"><img loading=\"lazy\" decoding=\"async\" aria-describedby=\"caption-attachment-58075\" class=\"size-full wp-image-58075\" src=\"https:\/\/www.freiburg-schwarzwald.de\/blog\/wp-content\/uploads\/2015\/10\/fluechtlinge-hoellentalstrasse151216.jpg\" alt=\"Fl\u00fcchtlingswohnheim in FR-Littenweiler, H\u00f6llentalstrasse, am 16.12.2015\" width=\"639\" height=\"230\" srcset=\"https:\/\/www.freiburg-schwarzwald.de\/blog\/wp-content\/uploads\/2015\/10\/fluechtlinge-hoellentalstrasse151216.jpg 639w, https:\/\/www.freiburg-schwarzwald.de\/blog\/wp-content\/uploads\/2015\/10\/fluechtlinge-hoellentalstrasse151216-180x64.jpg 180w\" sizes=\"auto, (max-width: 639px) 100vw, 639px\" \/><\/a><p id=\"caption-attachment-58075\" class=\"wp-caption-text\">Fl\u00fcchtlingswohnheim in FR-Littenweiler, H\u00f6llentalstrasse, am 16.12.2015<\/p><\/div>\n<p>Die o.a. Aufnahme wurde in der Abendd\u00e4mmerung gemacht &#8211; tags\u00fcber erscheinen die Farben um ein Vielfaches heller.<br \/>\nEin einfarbiger Verputz lie\u00dfe das Wohnheim zur\u00fcckhaltend vornehm erscheinen. W\u00e4re dies der Integration der dort wohnenden Fl\u00fcchtlinge nicht f\u00f6rderlicher als eine so aufdringliche Fassade? Und zu alledem wird das &#8222;Sieben-Farben-Haus&#8220; nachts immer wieder illuminiert, denn jeder Passant auf Ebneterstrasse und Bahnhofsweg schaltet \u00fcber Bewegungsmelder 22 starke Aussenlampen f\u00fcr einige Minuten an.<br \/>\n23.12.2015, <a href=\"https:\/\/www.dreisamtaeler.de\">www.dreisamtaeler.de<\/a><\/p>\n<p>.<\/p>\n<p><strong>Gleichzeitig: Nachverdichtung in Stadt &#8211; R\u00fcckbau auf dem Land<\/strong><br \/>\nDer Versuch, in Freiburg der enormen Nachfrage nach Wohnraum und dem daraus resultierenden Preisanstieg durch das Verdichten oder Herausquetschen der letzten (meist h\u00f6chst unattraktiven Fl\u00e4chen) zu begegnen, ist angesichts der Gr\u00f6\u00dfenordnungen zum Scheitern verurteilt und erinnert an den Kampf gegen die Windm\u00fchlen.<br \/>\nDas Ausweisen neuer Wohnbaufl\u00e4chen an den Stadtgrenzen w\u00fcrde nur zu einer Beschleunigung des Problems beitragen. Je mehr eine Stadt w\u00e4chst und je gr\u00f6\u00dfer sie wird, desto attraktiver wird sie f\u00fcr viele. Mehr Attraktivit\u00e4t schafft mehr Nachfrage, die Preise werden weiter explodieren, schlicht deshalb, weil die Nachfrage schneller steigt als das Angebot. Fazit: Mehr bauen f\u00fchrt zu steigenden Preisen, auch wenn viele Amateur\u00f6konomen das nicht verstehen und die Baulobbyisten das nicht h\u00f6ren wollen.<br \/>\nSinnvoller w\u00e4re es, das ausufernde St\u00e4dtewachstum als eine Umwelt- und Sozials\u00fcnde zu begreifen und endlich eine nachhaltige Politik zu betreiben, die die Lebensverh\u00e4ltnisse zwischen Nord, S\u00fcd, Ost und West beziehungsweise zwischen Stadt und Land bundesweit angleicht, damit in Deutschland nicht gleichzeitig nachverdichtet und zur\u00fcckgebaut werden muss.<br \/>\n21.12.2015, Kristian Raue, Kirchzarten .<\/p>\n<p><span class=\"ngBriefAutor\">Leserbrief zu: &#8222;Auch Experten haben kein Patentrezept f\u00fcr den dringlichen Bau g\u00fcnstiger Wohnungen&#8220; (BZ vom 10. Dezember).<br \/>\n<a href=\"https:\/\/www.badische-zeitung.de\/freiburg\/auch-experten-haben-kein-patentrezept-fuer-den-dringlichen-bau-guenstiger-wohnungen--114897798.html\">https:\/\/www.badische-zeitung.de\/freiburg\/auch-experten-haben-kein-patentrezept-fuer-den-dringlichen-bau-guenstiger-wohnungen&#8211;114897798.html<\/a><\/span><\/p>\n<p><strong>Endlich faire Angebote machen an private Grundeigent\u00fcmer<\/strong><br \/>\nBernd R\u00f6sch von der Freiburger Treubau AG, appelliert an die Stadtverwaltung, &#8222;Bauland gemeinsam mit Privaten zu entwickeln&#8220;. Der Experte aus dem Gutachterausschuss, Hugo Sprenker, &#8222;sieht die vielen privaten Eigent\u00fcmer zum Gemeinwohl verpflichtet.&#8220;<br \/>\nDa liegen tats\u00e4chlich konkrete Chancen. Es gilt, die privaten Grundeigent\u00fcmer durch intelligente + faire Vorschl\u00e4ge zu \u00fcberzeugen, ihre Grundst\u00fccke f\u00fcr eine vertr\u00e4gliche Bebauung herzugeben. Neue und kommunikative Wege m\u00fcssen gefunden werden, um die Eigent\u00fcmer nach der \u00dcbergabe an der k\u00fcnftigen Entwicklung irgendwie teilhaben zu lassen. Es gibt z. B. auch noch Erbbaurechte oder Konstrukte wie das Mietersyndikat, die verhindern, dass sich Erwerber sp\u00e4ter eine goldene Nase verdienen und die alten Eigent\u00fcmer sich gelinkt f\u00fchlen.<br \/>\n\u00c4hnliches gilt f\u00fcr die zentrumsnahen Kleing\u00e4rten: die Kleing\u00e4rtner umzusiedeln und mit v\u00f6llig unzul\u00e4nglichem Ersatz ihrem Schicksal zu \u00fcberlassen, geht gar nicht ! Zugleich ist klar, dass ihre Aussiedlung auf landwirtschaftliche Fl\u00e4chen viel \u00f6kologischer ist, als auf diese \u00c4cker am Stadtrand einen neuen Stadtteil zu bauen.<br \/>\nStatt Perspektivplan-Blabla ist es viel notwendiger, f\u00fcr die \u00f6ffentlichen Interessen intensiv zu werben, die Bedeutung des Gemeinwohls zu vermitteln und mit den Grundeigent\u00fcmern wirklich zu reden, ins Detail zu gehen und kreative Ausgleichsl\u00f6sungen zu finden.<br \/>\n10.12.2015, Tjark Voigts<\/p>\n<p>.<\/p>\n<p><strong>Fl\u00fcchtlinge finden Unterschlupf in deutschen Kirchen<\/strong><br \/>\nHunderte Kirchen stehen leer. Den Gemeinden fiel es schwer, eine neue Verwendung f\u00fcr die Immobilien zu finden \u2013 bis jetzt. Nun werden Gottesh\u00e4user zu Fl\u00fcchtlingsheimen umgebaut. &#8230;.. Alles vom 28.10.2015 auf <a href=\"https:\/\/www.welt.de\/wirtschaft\/article148111559\/Fluechtlinge-finden-Unterschlupf-in-deutschen-Kirchen.html#disqus_thread\">https:\/\/www.welt.de\/wirtschaft\/article148111559\/Fluechtlinge-finden-Unterschlupf-in-deutschen-Kirchen.html#disqus_thread<\/a><\/p>\n<p>Die katholische Kirche besitzt \u00fcber 60.000 Geb\u00e4ude, davon 24.200 Kirchen. Davon sind seit dem Jahr 2000 mehr als 350 sind nach Angaben der Deutschen Bischofskonferenz profaniert worden \u2013 sie sind damit kirchenrechtlich keine heiligen Orte mehr. Denn seit den 1950er-Jahren ist die Zahl der sonnt\u00e4glichen Gottesdienstbesucher von zw\u00f6lf auf vier Millionen gesunken.<\/p>\n","protected":false},"excerpt":{"rendered":"<p>Home &gt;Soziales &gt;Dienste &gt;Immobilien &gt;Wohnen &gt;Migration &gt;Migration-Wohnen Listenauswahl eines Beitrags: Bitte anklicken oder runterscrollen Sachverst\u00e4ndigen-Gutachten schl\u00e4gt Alarm: Zuwanderungswelle f\u00fchrt zur Wohnraumkrise (13.5.2026) AfD: Ohne Zuwanderung br\u00e4uchten wir drei Millionen Wohnungen weniger\u00a0(23.2.2026) Der Staat als Mietkostentreiber\u00a0(18.1.2026) Die Verdr\u00e4ngung der Deutschen aus &hellip; <a href=\"https:\/\/www.freiburg-schwarzwald.de\/blog\/global\/migration\/migration-wohnen\/\">Weiterlesen <span class=\"meta-nav\">&rarr;<\/span><\/a><\/p>\n","protected":false},"author":2,"featured_media":0,"parent":9150,"menu_order":0,"comment_status":"open","ping_status":"closed","template":"","meta":{"footnotes":""},"class_list":["post-57133","page","type-page","status-publish","hentry"],"_links":{"self":[{"href":"https:\/\/www.freiburg-schwarzwald.de\/blog\/wp-json\/wp\/v2\/pages\/57133","targetHints":{"allow":["GET"]}}],"collection":[{"href":"https:\/\/www.freiburg-schwarzwald.de\/blog\/wp-json\/wp\/v2\/pages"}],"about":[{"href":"https:\/\/www.freiburg-schwarzwald.de\/blog\/wp-json\/wp\/v2\/types\/page"}],"author":[{"embeddable":true,"href":"https:\/\/www.freiburg-schwarzwald.de\/blog\/wp-json\/wp\/v2\/users\/2"}],"replies":[{"embeddable":true,"href":"https:\/\/www.freiburg-schwarzwald.de\/blog\/wp-json\/wp\/v2\/comments?post=57133"}],"version-history":[{"count":6,"href":"https:\/\/www.freiburg-schwarzwald.de\/blog\/wp-json\/wp\/v2\/pages\/57133\/revisions"}],"predecessor-version":[{"id":149131,"href":"https:\/\/www.freiburg-schwarzwald.de\/blog\/wp-json\/wp\/v2\/pages\/57133\/revisions\/149131"}],"up":[{"embeddable":true,"href":"https:\/\/www.freiburg-schwarzwald.de\/blog\/wp-json\/wp\/v2\/pages\/9150"}],"wp:attachment":[{"href":"https:\/\/www.freiburg-schwarzwald.de\/blog\/wp-json\/wp\/v2\/media?parent=57133"}],"curies":[{"name":"wp","href":"https:\/\/api.w.org\/{rel}","templated":true}]}}