{"id":5633,"date":"2012-06-24T19:07:19","date_gmt":"2012-06-24T19:07:19","guid":{"rendered":"https:\/\/www.freiburg-schwarzwald.de\/blog\/?page_id=5633"},"modified":"2022-09-03T07:31:05","modified_gmt":"2022-09-03T05:31:05","slug":"rollstuhl","status":"publish","type":"page","link":"https:\/\/www.freiburg-schwarzwald.de\/blog\/selbsthilfe\/behinderung\/rollstuhl\/","title":{"rendered":"Rollstuhl"},"content":{"rendered":"<p>Home &gt;<a title=\"Selbsthilfe\" href=\"https:\/\/www.freiburg-schwarzwald.de\/blog\/selbsthilfe\/\">Selbsthilfe<\/a> &gt;<a title=\"Behinderung\" href=\"https:\/\/www.freiburg-schwarzwald.de\/blog\/selbsthilfe\/behinderung\/\">Behinderung<\/a> &gt;Rollstuhl<\/p>\n<div id=\"attachment_4935\" style=\"width: 648px\" class=\"wp-caption alignnone\"><a href=\"https:\/\/www.freiburg-schwarzwald.de\/blog\/natur\/flora\/kornblumen\/dreisamtal-breitehof-pan-kornblumen120607\/\" rel=\"attachment wp-att-4935\"><img loading=\"lazy\" decoding=\"async\" aria-describedby=\"caption-attachment-4935\" class=\"size-full wp-image-4935\" title=\"dreisamtal-breitehof-pan.kornblumen120607\" src=\"https:\/\/www.freiburg-schwarzwald.de\/blog\/wp-content\/uploads\/2012\/06\/dreisamtal-breitehof-pan.kornblumen120607.jpg\" alt=\"\" width=\"638\" height=\"264\" srcset=\"https:\/\/www.freiburg-schwarzwald.de\/blog\/wp-content\/uploads\/2012\/06\/dreisamtal-breitehof-pan.kornblumen120607.jpg 638w, https:\/\/www.freiburg-schwarzwald.de\/blog\/wp-content\/uploads\/2012\/06\/dreisamtal-breitehof-pan.kornblumen120607-180x74.jpg 180w\" sizes=\"auto, (max-width: 638px) 100vw, 638px\" \/><\/a><p id=\"caption-attachment-4935\" class=\"wp-caption-text\">Blick \u00fcber ein blau bl\u00fchendes Meer von Kornblumen zum Breitehof am 7.6.2012 im Dreisamtal<\/p><\/div>\n<ul>\n<li><a href=\"https:\/\/www.freiburg-schwarzwald.de\/blog\/rollstuhlwandern-schwarzwald\/\">Rollstuhlwandern im Schwarzwald<\/a>\u00a0(15.11.2021)<\/li>\n<li><a title=\"S-Bahn mit dem Rollstuhl \u2013 nein\" href=\"https:\/\/www.freiburg-schwarzwald.de\/blog\/s-bahn-mit-dem-rollstuhl-nein\/\">S-Bahn mit dem Rollstuhl \u2013 nein (23.2.2020)<\/a><\/li>\n<li><a href=\"https:\/\/www.freiburg-schwarzwald.de\/blog\/ipc-biathlon-weltcup-notschrei\/\">https:\/\/www.freiburg-schwarzwald.de\/blog\/ipc-biathlon-weltcup-notschrei\/<\/a>\u00a0(4.11.2013)<\/li>\n<li>Besuch der Toilette &#8211;\u00a0f\u00fcr jeden Rollstuhlfahrer ein Graus (4.9.2013)<\/li>\n<li><a href=\"https:\/\/www.freiburg-schwarzwald.de\/blog\/rollstuhlrugby-freiburg-dragons\/\">https:\/\/www.freiburg-schwarzwald.de\/blog\/rollstuhlrugby-freiburg-dragons\/<\/a>\u00a0(20.6.2013)<\/li>\n<li><a href=\"https:\/\/www.freiburg-schwarzwald.de\/blog\/rollstuhl-spanische-vag-bahn\/\">https:\/\/www.freiburg-schwarzwald.de\/blog\/rollstuhl-spanische-vag-bahn\/<\/a>\u00a0(18.3.2013)<\/li>\n<li><a href=\"https:\/\/www.freiburg-schwarzwald.de\/blog\/2012\/06\/24\/barrierefreie-heilpflanzenwanderung-am-feldberg\/\">https:\/\/www.freiburg-schwarzwald.de\/blog\/2012\/06\/24\/barrierefreie-heilpflanzenwanderung-am-feldberg\/<\/a><\/li>\n<li><a href=\"https:\/\/www.freiburg-schwarzwald.de\/rollstuhl1.htm\">Aktuelle Infos zur Rollstuhl-Seite ab M\u00e4rz 2006<\/a> &gt;Rollstuhl1<\/li>\n<li><a href=\"https:\/\/www.freiburg-schwarzwald.de\/littenweiler\/ehrenamt4.htm#Johannes Rynk trainiert ehrenamtlich Rollstuhlfahrer f\u00fcr Radrennen\">Johannes Rynk trainiert ehrenamtlich Rollstuhlfahrer f\u00fcr Radrennen<\/a> &gt;Ehrenamt4 (1.3.2006)<\/li>\n<li><a href=\"https:\/\/www.freiburg-schwarzwald.de\/rollstuhl.htm#Klapprampen an Strassenbahnen der VAG Freiburg\">Klapprampen an Strassenbahnen der VAG Freiburg<\/a> (20.1.2006)<\/li>\n<li><a href=\"https:\/\/www.freiburg-schwarzwald.de\/littenweiler\/hausdemant.htm#Rollstuhlfahrertreff Kirchzarten\">Rollstuhlfahrertreff Kirchzarten<\/a> &gt;HausDemant (17.1.2006)<\/li>\n<li><a href=\"https:\/\/www.freiburg-schwarzwald.de\/sanftertourismus2.htm#Rollstuhlfahrer testen Ferienwohnungen in Titisee-Neustadt\">Rollstuhlfahrer testen Ferienwohnungen in Titisee-Neustadt<\/a> &gt;SanfterTourismus2 (23.9.2005)<\/li>\n<li><a href=\"https:\/\/www.freiburg-schwarzwald.de\/rollstuhl.htm#AKBN - Arbeitskreis Behinderte-Nichtbehinderte Freiburg\">AKBN &#8211; Arbeitskreis Behinderte-Nichtbehinderte Freiburg<\/a><\/li>\n<li><a title=\"Barrierefrei\" href=\"https:\/\/www.freiburg-schwarzwald.de\/blog\/selbsthilfe\/behinderung\/barrierefrei\/\">Barrierefrei<\/a><\/li>\n<li><a href=\"https:\/\/www.freiburg-schwarzwald.de\/barrierefrei.htm\">Barierefreies Internet &#8211; Tourismus<\/a> &gt;Barrierefrei<\/li>\n<li><a href=\"https:\/\/www.freiburg-schwarzwald.de\/littenweiler\/behinderung.htm\">Behinderung auf Freiburg-Dreisamtal.de<\/a> &gt;Behinderung<\/li>\n<li><a href=\"https:\/\/www.freiburg-schwarzwald.de\/rollstuhl.htm#Breisgauflitzer - Rollstuhl-Fanclub SC\">Freiburg: Rollstuhl Fanclub Breisgauflitzer<\/a><\/li>\n<li><a href=\"https:\/\/www.freiburg-schwarzwald.de\/littenweiler\/it-dienste.htm#DeWo Verlag Freiburg\">Freiburg f\u00fcr Alle &#8211; Daewo-Verlag<\/a> &gt;IT-Dienste<\/li>\n<li><a href=\"https:\/\/www.freiburg-schwarzwald.de\/behinderung.htm#Rollstuhlfahrer-Treff Kirchzarten\">Kirchzarten: Rollstuhlfahrer-Treff<\/a> &gt;Behinderung<\/li>\n<li><a href=\"https:\/\/www.freiburg-schwarzwald.de\/rollstuhl.htm#mahp-barrierefrei - Planungsb\u00fcro in Haslach\/Kinzigtal\">mahp-barrierefrei &#8211; Planungsb\u00fcro in Haslach\/Kinzigtal<\/a> &gt;Rollstuhl<\/li>\n<li><a href=\"https:\/\/www.freiburg-schwarzwald.de\/sanitaet.htm\">Orthop\u00e4diemechaniker<\/a> &gt;Sanitaet<\/li>\n<li><a href=\"https:\/\/www.freiburg-schwarzwald.de\/elzach.htm#Paracycling-Europacup (EC) in Elzach\">Paracycling-Europacup (EC) in Elzach<\/a> &gt;Elzach<\/li>\n<li><a href=\"https:\/\/www.freiburg-schwarzwald.de\/rheinfelden.htm#Rolli-Netzwerk\">Rheinfelden: Rollinetzwerk<\/a> &gt;Rheinfelden<\/li>\n<li><a href=\"https:\/\/www.freiburg-schwarzwald.de\/sportlern.htm#Rollstuhlbasketball\">Rollstuhlbasketball &#8211; Rolli als Sportger\u00e4t<\/a> &gt;Sportlern<\/li>\n<li><a href=\"https:\/\/www.freiburg-schwarzwald.de\/rollstuhl.htm#Rollstuhl-Rugby Freiburg\">Rollstuhl-Rugby Freiburg<\/a><\/li>\n<li><a href=\"https:\/\/www.freiburg-schwarzwald.de\/rollstuhl1.htm#Rollstuhl-Tanzgruppe in Freiburg - Schnuppertermin\">Rollstuhl-Tanzgruppe in Freiburg &#8211; Schnuppertermin<\/a> &gt;Rollstuhl1 (27.9.2011)<\/li>\n<li><a href=\"https:\/\/www.freiburg-schwarzwald.de\/rollstuhl.htm#Schwarzwald mit Bergr\u00fccken und langezogenen T\u00e4lern - rollstuhlgeeignet\">Schwarzwald mit Bergr\u00fccken und langezogenen T\u00e4lern &#8211; rollstuhlgeeignet<\/a><\/li>\n<li><a href=\"https:\/\/www.freiburg-schwarzwald.de\/panoramaspaziergang.htm\">Spazieren fahren dem Rollstuhl &#8211; eben im Schwarzwald<\/a> &gt;Panoramaspaziergang<\/li>\n<li><a href=\"https:\/\/www.freiburg-schwarzwald.de\/rollstuhl.htm#Toilette suchen \u00fcber Regio-fuer-alle.de\">Toilette suchen \u00fcber Regio-fuer-alle.de<\/a><\/li>\n<li><a title=\"Toilette\" href=\"https:\/\/www.freiburg-schwarzwald.de\/blog\/regio\/freiburg\/toilette\/\">Toiletten FR &#8211; F\u00fcr Rollis zug\u00e4ngliche WCs im Raum Freiburg<\/a><\/li>\n<li><a href=\"https:\/\/www.freiburg-schwarzwald.de\/ferien.htm\">Urlaub auf rollstuhlgeeigneten Bauernh\u00f6fen<\/a> &gt;Ferien<\/li>\n<li><a href=\"https:\/\/www.freiburg-schwarzwald.de\/wandern3.htm#Brosch\u00fcre: Wandern im Rollstuhl\">Wandern im Rollstuhl &#8211; Brosch\u00fcre<\/a> (4.3.2006)<\/li>\n<li><a href=\"https:\/\/www.freiburg-schwarzwald.de\/rollstuhl.htm#wheelmap.org - Karte f\u00fcr rollstuhlgerechte Ort\">wheelmap.org &#8211; Karte f\u00fcr rollstuhlgerechte Orte<\/a><\/li>\n<li><a href=\"https:\/\/www.freiburg-schwarzwald.de\/rollstuhl.htm#Links\">Links<\/a><\/li>\n<\/ul>\n<p><a href=\"https:\/\/www.freiburg-schwarzwald.de\/blog\/regio\/verkehr\/fahrradwege\/dreisamuferweg\/dreisamufer4rollstuhl121029\/\" rel=\"attachment wp-att-19252\"><img loading=\"lazy\" decoding=\"async\" class=\"alignnone size-thumbnail wp-image-19252\" title=\"dreisamufer4rollstuhl121029\" src=\"https:\/\/www.freiburg-schwarzwald.de\/blog\/wp-content\/uploads\/2012\/11\/dreisamufer4rollstuhl121029-180x144.jpg\" alt=\"\" width=\"180\" height=\"144\" srcset=\"https:\/\/www.freiburg-schwarzwald.de\/blog\/wp-content\/uploads\/2012\/11\/dreisamufer4rollstuhl121029-180x144.jpg 180w, https:\/\/www.freiburg-schwarzwald.de\/blog\/wp-content\/uploads\/2012\/11\/dreisamufer4rollstuhl121029.jpg 640w\" sizes=\"auto, (max-width: 180px) 100vw, 180px\" \/><\/a><br \/>\n(1) Im Rollstuhl an der Dreisam 29.10.2012 gegen\u00fcber der <a title=\"Kartaus-Baustelle\" href=\"https:\/\/www.freiburg-schwarzwald.de\/blog\/bildung\/schulen\/uwc-freiburg\/kartaus-baustelle\/\">Kartaus<\/a><\/p>\n<p><a href=\"https:\/\/www.freiburg-schwarzwald.de\/blog\/wp-content\/uploads\/2022\/09\/strandbad-rollstuhl220802.jpg\"><img loading=\"lazy\" decoding=\"async\" class=\"alignnone size-thumbnail wp-image-104075\" src=\"https:\/\/www.freiburg-schwarzwald.de\/blog\/wp-content\/uploads\/2022\/09\/strandbad-rollstuhl220802-180x135.jpg\" alt=\"\" width=\"180\" height=\"135\" srcset=\"https:\/\/www.freiburg-schwarzwald.de\/blog\/wp-content\/uploads\/2022\/09\/strandbad-rollstuhl220802-180x135.jpg 180w, https:\/\/www.freiburg-schwarzwald.de\/blog\/wp-content\/uploads\/2022\/09\/strandbad-rollstuhl220802-640x480.jpg 640w, https:\/\/www.freiburg-schwarzwald.de\/blog\/wp-content\/uploads\/2022\/09\/strandbad-rollstuhl220802-768x576.jpg 768w, https:\/\/www.freiburg-schwarzwald.de\/blog\/wp-content\/uploads\/2022\/09\/strandbad-rollstuhl220802.jpg 800w\" sizes=\"auto, (max-width: 180px) 100vw, 180px\" \/><\/a><br \/>\n(2) Mobiler Rollstuhl-Lifter im <a href=\"https:\/\/www.freiburg-schwarzwald.de\/blog\/sport\/baeder\/strandbad\/\">Strandbad Freiburg<\/a> am 2.8.2022<\/p>\n<h1><\/h1>\n<p><strong>Besuch der Toilette &#8211;\u00a0f\u00fcr jeden Rollstuhlfahrer ein Graus<\/strong><\/p>\n<p>Frau Vogt hat sich in ihrem Artikel f\u00fcr einen Selbstversuch geopfert. Dieser war nicht alltagstauglich. Verschiedene Bereiche wurden ausgespart, wo es Rollifahrer besonders schwer haben. So einfach, wie im Artikel beschrieben, ist es aber nicht: Einkaufen im Supermarkt, beim Hausarzt, in der Gastst\u00e4tte &#8230; Sie wollen sich mit Freunden zum Essen und Trinken in einer Gastst\u00e4tte in der Innenstadt treffen \u2013 dann aufgepasst! Wenn Sie dann endlich in der Gastst\u00e4tte sind \u2013 nicht selten \u00fcber einige Stufen, die Freunde schon gestresst vom Heben \u2013 ist der Besuch der Toilette notwendig.<br \/>\nF\u00fcr jeden Rollstuhlfahrer ein Graus. Aus gutem Grund. Mit M\u00fche und Not kommen Sie mit dem Rolli durch die viel zu enge Toilettent\u00fcre, um dann festzustellen, dass rechts und links neben der Toilette keine Haltegriffe vorhanden sind. Drehen und Wenden sind erst nach einigen Versuchen m\u00f6glich. Den Waschtisch k\u00f6nnen Sie wegen des Siphons nicht unterfahren, und der Seifenspender ist in weiter Ferne. Abtrocknen der H\u00e4nde geht nicht, der Knopf der elektrischen F\u00f6hns ist gef\u00fchlte zwei Meter in der H\u00f6he. Auch k\u00f6nnen Sie nicht in den Spiegel schauen, ob die Frisur sitzt. Der Spiegel \u00fcber dem Waschbecken ist zu hoch, h\u00e4ngt gerade statt schr\u00e4g. Endlich zur\u00fcck bei den Freunden \u2013 die bestellen schon das zweite Viertele \u2013 und fragen: War was?<br \/>\n4.9.2013, Wolfgang Rombach, Freiburg<\/p>\n<p>Zu: &#8220; Auf zwei R\u00e4dern \u2013 Mobilit\u00e4t im Rollstuhl \u2013 ein Selbstversuch&#8220;, Beitrag von Nikola Vogt (BZ-Thema, 9. August):<\/p>\n<p>&nbsp;<\/p>\n<p>&nbsp;<\/p>\n<p align=\"left\"><strong>Schwarzwald mit Bergr\u00fccken und langezogenen T\u00e4lern &#8211; rollstuhlgeeignet<\/strong><\/p>\n<p align=\"left\">Der Schwarzwald mit seinen hohen Bergen und tiefen T\u00e4lern ist ein f\u00fcr Rollstuhlfahrer unwegsames Terrain? Einerseits wird man dem zustimmen: Es geht immer wieder entweder bergauf oder bergab und den gro\u00dfen Steigungen sind weder Elektroantrieb noch Hydraulikbremsen am Rollstuhl gewachsen.<\/p>\n<p align=\"left\">Andererseits ist die Schwarzw\u00e4lder Gebirgslandschaft weniger durch Bergspitzen und Kare gepr\u00e4gt als durch offene Bergr\u00fccken und langgezogene T\u00e4ler, die ann\u00e4hernd eben verlaufen und daher f\u00fcr Rollstuhlfahrer ideal geeignet sind. Dazu kommt, dass die Bauernh\u00f6fe im Schwarzwald zumeist Einzelh\u00f6fe sind, die eigene nat\u00fcrlich geteerte Wege durch Pkw und Lkw (Milchlaster) angefahren werden k\u00f6nnen. Und diese Zufahrtstr\u00e4\u00dfchen sind oft &#8222;wie f\u00fcr Rollis gebaut&#8220;. Drei Beispiele:<\/p>\n<ul>\n<li>\n<p align=\"left\">Bergr\u00fccken: Vom Thurner zwischen St.M\u00e4rgen und Breitnau die vielbefahrene Spirzenstrasse in Richtung Buchenbach nehmen und an der scharfen Linkskehre geradeaus abzweigen und das Auto abstellen: Das in der Landkarte eingezeichnete Str\u00e4\u00dfchen &#8222;Auf der Spirzen&#8220; verl\u00e4uft auf einem freien H\u00f6henr\u00fccken parallel zur Spirzenstrasse und vor allem eben nach Westen und bietet einen wundersch\u00f6nen Rundumblick auf St.Peter, St.M\u00e4rgen, Thurner und in Richtung Breitnau sowie Dreisamtal\/Vogesen. Nach ca 2 km biegen Sie nochmals rechts ab zum Steigweg &#8211; und weiter gehts aussichsreich und bequem mit dem Rollstuhl.<br \/>\nMehr zum Str\u00e4\u00dfchen <a href=\"https:\/\/www.freiburg-schwarzwald.de\/spirzen5.htm\">&#8222;Auf der Spirzen&#8220;<\/a> und zum <a href=\"https:\/\/www.freiburg-schwarzwald.de\/steig5.htm\">Steigweg<\/a>.<\/p>\n<\/li>\n<li>\n<p align=\"left\">Langezogene T\u00e4ler: Das Zastlertal wie auch das St.Wilhelmertal f\u00fchren von Oberried von Westen her zum Feldberg hin, die kleinen geteerten Fahrstr\u00e4\u00dfchen verlaufen \u00fcber 3-4 km jeweils fast eben bzw. nur leicht ansteigend bis zum Fu\u00df des Feldbergs hin. Da sie dort als Sackgassen an Schranken enden, sind sie auch kaum befahren.<br \/>\nMehr zum <a href=\"https:\/\/www.freiburg-schwarzwald.de\/littenweiler\/zastler.htm\">Zastler<\/a> und <a href=\"https:\/\/www.freiburg-schwarzwald.de\/littenweiler\/stwilhelm.htm\">St.Wilhelmertal<\/a><\/p>\n<\/li>\n<li>\n<p align=\"left\">Ebene Bauernhofzufahrten: Der Haldenweg bei St. Peter beginnt hinter dem Steingrubenhof und f\u00fchrt am Westhang um den Fohren (910 m) herum nach Norden \u00fcber den <a href=\"https:\/\/www.freiburg-schwarzwald.de\/stpeter5.htm#Heitzmannhof\">Heitzmannhof<\/a>, Elmehof und Haldenhof zum S\u00e4gendobel. Sie geniessen einen traumhaften Ausblick nach S\u00fcdwesten zum Horn (801 m) und Langeck (862 m), nach Westen ins Rohr (835 m) mit seinen sch\u00f6ngelegenen Bauernh\u00f6fen und nach Nordwesten zum <a href=\"https:\/\/www.freiburg-schwarzwald.de\/kandelberg.htm\">Kandelberg<\/a>.<br \/>\n<a href=\"https:\/\/www.freiburg-schwarzwald.de\/stpeterhaldenweg.htm\">Mehr zum Haldenweg hier<\/a> &gt;StPeterHaldenweg<\/p>\n<\/li>\n<\/ul>\n","protected":false},"excerpt":{"rendered":"<p>Home &gt;Selbsthilfe &gt;Behinderung &gt;Rollstuhl Rollstuhlwandern im Schwarzwald\u00a0(15.11.2021) S-Bahn mit dem Rollstuhl \u2013 nein (23.2.2020) https:\/\/www.freiburg-schwarzwald.de\/blog\/ipc-biathlon-weltcup-notschrei\/\u00a0(4.11.2013) Besuch der Toilette &#8211;\u00a0f\u00fcr jeden Rollstuhlfahrer ein Graus (4.9.2013) https:\/\/www.freiburg-schwarzwald.de\/blog\/rollstuhlrugby-freiburg-dragons\/\u00a0(20.6.2013) https:\/\/www.freiburg-schwarzwald.de\/blog\/rollstuhl-spanische-vag-bahn\/\u00a0(18.3.2013) https:\/\/www.freiburg-schwarzwald.de\/blog\/2012\/06\/24\/barrierefreie-heilpflanzenwanderung-am-feldberg\/ Aktuelle Infos zur Rollstuhl-Seite ab M\u00e4rz 2006 &gt;Rollstuhl1 Johannes Rynk trainiert ehrenamtlich Rollstuhlfahrer &hellip; <a href=\"https:\/\/www.freiburg-schwarzwald.de\/blog\/selbsthilfe\/behinderung\/rollstuhl\/\">Weiterlesen <span class=\"meta-nav\">&rarr;<\/span><\/a><\/p>\n","protected":false},"author":2,"featured_media":0,"parent":114,"menu_order":0,"comment_status":"open","ping_status":"closed","template":"","meta":{"footnotes":""},"class_list":["post-5633","page","type-page","status-publish","hentry"],"_links":{"self":[{"href":"https:\/\/www.freiburg-schwarzwald.de\/blog\/wp-json\/wp\/v2\/pages\/5633","targetHints":{"allow":["GET"]}}],"collection":[{"href":"https:\/\/www.freiburg-schwarzwald.de\/blog\/wp-json\/wp\/v2\/pages"}],"about":[{"href":"https:\/\/www.freiburg-schwarzwald.de\/blog\/wp-json\/wp\/v2\/types\/page"}],"author":[{"embeddable":true,"href":"https:\/\/www.freiburg-schwarzwald.de\/blog\/wp-json\/wp\/v2\/users\/2"}],"replies":[{"embeddable":true,"href":"https:\/\/www.freiburg-schwarzwald.de\/blog\/wp-json\/wp\/v2\/comments?post=5633"}],"version-history":[{"count":3,"href":"https:\/\/www.freiburg-schwarzwald.de\/blog\/wp-json\/wp\/v2\/pages\/5633\/revisions"}],"predecessor-version":[{"id":104077,"href":"https:\/\/www.freiburg-schwarzwald.de\/blog\/wp-json\/wp\/v2\/pages\/5633\/revisions\/104077"}],"up":[{"embeddable":true,"href":"https:\/\/www.freiburg-schwarzwald.de\/blog\/wp-json\/wp\/v2\/pages\/114"}],"wp:attachment":[{"href":"https:\/\/www.freiburg-schwarzwald.de\/blog\/wp-json\/wp\/v2\/media?parent=5633"}],"curies":[{"name":"wp","href":"https:\/\/api.w.org\/{rel}","templated":true}]}}