{"id":56223,"date":"2015-09-01T16:16:02","date_gmt":"2015-09-01T14:16:02","guid":{"rendered":"https:\/\/www.freiburg-schwarzwald.de\/blog\/?page_id=56223"},"modified":"2026-01-18T18:30:26","modified_gmt":"2026-01-18T17:30:26","slug":"wohnungsleerstand","status":"publish","type":"page","link":"https:\/\/www.freiburg-schwarzwald.de\/blog\/business\/dienste\/immobilien\/wohnen\/wohnungsleerstand\/","title":{"rendered":"Wohnungsleerstand"},"content":{"rendered":"<p><a href=\"https:\/\/www.freiburg-schwarzwald.de\/blog\">Home<\/a> &gt;<a title=\"Soziales\" href=\"https:\/\/www.freiburg-schwarzwald.de\/blog\/selbsthilfe\/soziales\/\">Soziales<\/a>\u00a0&gt;<a title=\"Dienste\" href=\"https:\/\/www.freiburg-schwarzwald.de\/blog\/business\/dienste\/\">Dienste<\/a>\u00a0&gt;<a title=\"Immobilien\" href=\"https:\/\/www.freiburg-schwarzwald.de\/blog\/business\/dienste\/immobilien\/\">Immobilien<\/a>\u00a0&gt;<a title=\"Wohnen\" href=\"https:\/\/www.freiburg-schwarzwald.de\/blog\/business\/dienste\/immobilien\/wohnen\/\">Wohnen<\/a>\u00a0&gt;Wohnungsleerstand<\/p>\n<div id=\"attachment_49782\" style=\"width: 649px\" class=\"wp-caption alignnone\"><a href=\"https:\/\/www.freiburg-schwarzwald.de\/blog\/regio\/orte\/loeffingen\/loeffingen4pan140801\/\" rel=\"attachment wp-att-49782\"><img loading=\"lazy\" decoding=\"async\" aria-describedby=\"caption-attachment-49782\" class=\"size-full wp-image-49782\" src=\"https:\/\/www.freiburg-schwarzwald.de\/blog\/wp-content\/uploads\/2014\/08\/loeffingen4pan140801.jpg\" alt=\"L\u00f6ffingen auf der Baar mit dem &quot;F\u00fcrstenhaus&quot; rechts am 1.8.2014\" width=\"639\" height=\"327\" srcset=\"https:\/\/www.freiburg-schwarzwald.de\/blog\/wp-content\/uploads\/2014\/08\/loeffingen4pan140801.jpg 639w, https:\/\/www.freiburg-schwarzwald.de\/blog\/wp-content\/uploads\/2014\/08\/loeffingen4pan140801-180x92.jpg 180w\" sizes=\"auto, (max-width: 639px) 100vw, 639px\" \/><\/a><p id=\"caption-attachment-49782\" class=\"wp-caption-text\">L\u00f6ffingen auf der Baar mit dem &#8222;F\u00fcrstenhaus&#8220; rechts am 1.8.2014<\/p><\/div>\n<p>&nbsp;<\/p>\n<ul>\n<li><em>Listenauswahl eines Beitrags (Artikel\/Datum, Seite\/Inhalt):\u00a0<span style=\"text-decoration: underline;\">Klicken<\/span>\u00a0oder scrollen\u00a0<\/em><\/li>\n<li><a href=\"https:\/\/www.freiburg-schwarzwald.de\/blog\/der-staat-als-mietkostentreiber\/\">Der Staat als Mietkostentreiber<\/a>\u00a0(18.1.2026)<\/li>\n<li><a href=\"https:\/\/www.freiburg-schwarzwald.de\/blog\/kultur\/kulturverlust\/\">Der Entr\u00fcmpler als Seismograf unserer Kultur<\/a>\u00a0(5.8.2025)<\/li>\n<li><a href=\"https:\/\/www.freiburg-schwarzwald.de\/blog\/business\/dienste\/immobilien\/wohnen\/wohnungsmangel\/\">Bev\u00f6lkerungszuwachs macht Wohnungsmarkt zum Spekulanten-Eldorado<\/a>\u00a0(17.9.2021)<\/li>\n<li>Die Stadt Goslar hat immer noch zu wenige Fl\u00fcchtlinge (15.6.2015)<\/li>\n<li><a href=\"https:\/\/www.freiburg-schwarzwald.de\/blog\/fluechtlinge-wohnungsleerstand\/\">https:\/\/www.freiburg-schwarzwald.de\/blog\/fluechtlinge-wohnungsleerstand\/<\/a>\u00a0in Goslar (11.2014)<\/li>\n<li><\/li>\n<li><a title=\"Laendlicher-Raum\" href=\"https:\/\/www.freiburg-schwarzwald.de\/blog\/regio\/laendlicher-raum\/\">L\u00e4ndlicher Raum<\/a><\/li>\n<li><a title=\"Migration-Wohnen\" href=\"https:\/\/www.freiburg-schwarzwald.de\/blog\/global\/migration\/migration-wohnen\/\">Migration-Wohnen<\/a><\/li>\n<li><a title=\"Stadt\" href=\"https:\/\/www.freiburg-schwarzwald.de\/blog\/business\/dienste\/immobilien\/stadt\/\">Stadt<\/a><\/li>\n<li><a href=\"https:\/\/www.freiburg-schwarzwald.de\/blog\/business\/dienste\/immobilien\/wohnen\/wohnungsmangel\/\">Wohnungsmangel<\/a><\/li>\n<\/ul>\n<p>&nbsp;<\/p>\n<p><strong>Die Stadt Goslar hat immer noch zu wenige Fl\u00fcchtlinge<\/strong><br \/>\nVor einem halben Jahr warb Goslars B\u00fcrgermeister um mehr Fl\u00fcchtlinge. Von der \u00fcberlebenswichtigen &#8222;brutalen Zuwanderung&#8220; ist die Stadt am Harz noch meilenweit entfernt. Nur 41 Fl\u00fcchtlinge kamen 2015. &#8230;.<br \/>\nAlles vom 15.6.2015 auf<br \/>\n<a href=\"https:\/\/www.welt.de\/politik\/deutschland\/article142478002\/Diese-Stadt-hat-immer-noch-zu-wenige-Fluechtlinge.html\">https:\/\/www.welt.de\/politik\/deutschland\/article142478002\/Diese-Stadt-hat-immer-noch-zu-wenige-Fluechtlinge.html<\/a><\/p>\n<p><strong>Demografieproblem nicht mit Fl\u00fcchtlingen l\u00f6sbar<\/strong><br \/>\nW\u00e4re von vorherein gekl\u00e4rt, dass alle Fl\u00fcchtlinge aus Krisengebieten wieder in ihre Herkunftsl\u00e4nder zur\u00fcckkehren, sobald die Lage dies zul\u00e4sst, w\u00e4re die Aufnahmebereitschaft \u00fcberall gro\u00df. Da die Politik aber dahingehend agiert, Sprachkurse, Mietwohnungen, gesellschaftl. Teilhabe, Integration etc. zu f\u00f6rdern, schwindet die Bereitschaft in der Bev\u00f6lkerung, Hilfe anzubieten. Wir werden unser Demografieproblem nicht l\u00f6sen, indem mehr arabisch auf unseren Strassen gesprochen wird. Es m\u00fcssen die kommen, die uns voranbringen und die, die sich in die Gesellschaft integrieren. Ein Einwanderungsland muss sich nach Bedarf seine Einwanderer aussuchen. Den anderen muss man Schutz gef\u00e4hren, bis sie zur\u00fcckkehren k\u00f6nnen. Die R\u00fcckkehr muss das vorrangige Ziel und somit gew\u00e4hrleistet sein. Es ist kontraproduktiv, Fl\u00fcchtlinge in allen Bereichen anzusiedeln und zu verwurzeln. Die Politik hat in erster Linie die Pflicht, dem eigenen Volk zu dienen. Dazu geh\u00f6rt eben auch R\u00fccksichtnahme auf die eigene Bev\u00f6lkerung. Wieviel sollen diesbzgl. eigentlich die n\u00e4chsten Jahre aufgenommen werden? Irgendwann werden die Bewohner nicht mehr mitspielen und das alles akzeptieren.<br \/>\n16.6.2015, E.Nordland<\/p>\n<p>Viele St\u00e4dte und Gemeinden haben Probleme mit der wachsenden Zahl von Fl\u00fcchtlingen. Goslar hat ein anderes: Die Bev\u00f6lkerung schrumpft, es werden weniger Kinder geboren als Menschen sterben. Eine Bertelsmann-Studie prognostiziert bis\u00a0<span class=\"nowrap\">2030<\/span> einen Bev\u00f6lkerungsschwund von etwa <span class=\"nowrap\">20<\/span> Prozent. B\u00fcrgermeister <a class=\"themelink\" href=\"https:\/\/www.sueddeutsche.de\/thema\/Oliver_Junk\" data-pagetype=\"THEME\">Oliver Junk<\/a> (CDU, fr\u00fcher CSU) blickt deshalb mit anderen Augen auf die Fl\u00fcchtlinge. Er w\u00fcnscht sich eine Situation, von der beide Seiten\u00a0profitieren.<br \/>\n17.8.2015,\u00a0<a href=\"https:\/\/www.sueddeutsche.de\/politik\/goslars-buergermeister-oliver-junk-fluechtlinge-sind-zuerst-chance-und-nicht-zuerst-last-1.2611191\">https:\/\/www.sueddeutsche.de\/politik\/goslars-buergermeister-oliver-junk-fluechtlinge-sind-zuerst-chance-und-nicht-zuerst-last-1.2611191<\/a><\/p>\n","protected":false},"excerpt":{"rendered":"<p>Home &gt;Soziales\u00a0&gt;Dienste\u00a0&gt;Immobilien\u00a0&gt;Wohnen\u00a0&gt;Wohnungsleerstand &nbsp; Listenauswahl eines Beitrags (Artikel\/Datum, Seite\/Inhalt):\u00a0Klicken\u00a0oder scrollen\u00a0 Der Staat als Mietkostentreiber\u00a0(18.1.2026) Der Entr\u00fcmpler als Seismograf unserer Kultur\u00a0(5.8.2025) Bev\u00f6lkerungszuwachs macht Wohnungsmarkt zum Spekulanten-Eldorado\u00a0(17.9.2021) Die Stadt Goslar hat immer noch zu wenige Fl\u00fcchtlinge (15.6.2015) https:\/\/www.freiburg-schwarzwald.de\/blog\/fluechtlinge-wohnungsleerstand\/\u00a0in Goslar (11.2014) L\u00e4ndlicher Raum Migration-Wohnen &hellip; <a href=\"https:\/\/www.freiburg-schwarzwald.de\/blog\/business\/dienste\/immobilien\/wohnen\/wohnungsleerstand\/\">Weiterlesen <span class=\"meta-nav\">&rarr;<\/span><\/a><\/p>\n","protected":false},"author":2,"featured_media":0,"parent":965,"menu_order":0,"comment_status":"open","ping_status":"closed","template":"","meta":{"footnotes":""},"class_list":["post-56223","page","type-page","status-publish","hentry"],"_links":{"self":[{"href":"https:\/\/www.freiburg-schwarzwald.de\/blog\/wp-json\/wp\/v2\/pages\/56223","targetHints":{"allow":["GET"]}}],"collection":[{"href":"https:\/\/www.freiburg-schwarzwald.de\/blog\/wp-json\/wp\/v2\/pages"}],"about":[{"href":"https:\/\/www.freiburg-schwarzwald.de\/blog\/wp-json\/wp\/v2\/types\/page"}],"author":[{"embeddable":true,"href":"https:\/\/www.freiburg-schwarzwald.de\/blog\/wp-json\/wp\/v2\/users\/2"}],"replies":[{"embeddable":true,"href":"https:\/\/www.freiburg-schwarzwald.de\/blog\/wp-json\/wp\/v2\/comments?post=56223"}],"version-history":[{"count":3,"href":"https:\/\/www.freiburg-schwarzwald.de\/blog\/wp-json\/wp\/v2\/pages\/56223\/revisions"}],"predecessor-version":[{"id":144425,"href":"https:\/\/www.freiburg-schwarzwald.de\/blog\/wp-json\/wp\/v2\/pages\/56223\/revisions\/144425"}],"up":[{"embeddable":true,"href":"https:\/\/www.freiburg-schwarzwald.de\/blog\/wp-json\/wp\/v2\/pages\/965"}],"wp:attachment":[{"href":"https:\/\/www.freiburg-schwarzwald.de\/blog\/wp-json\/wp\/v2\/media?parent=56223"}],"curies":[{"name":"wp","href":"https:\/\/api.w.org\/{rel}","templated":true}]}}