{"id":56181,"date":"2015-08-30T11:57:21","date_gmt":"2015-08-30T09:57:21","guid":{"rendered":"https:\/\/www.freiburg-schwarzwald.de\/blog\/?page_id=56181"},"modified":"2022-05-07T21:28:30","modified_gmt":"2022-05-07T19:28:30","slug":"balkan","status":"publish","type":"page","link":"https:\/\/www.freiburg-schwarzwald.de\/blog\/global\/balkan\/","title":{"rendered":"Balkan"},"content":{"rendered":"<p><a href=\"https:\/\/www.freiburg-schwarzwald.de\/blog\">Home<\/a> &gt;\u00a0<a title=\"Global\" href=\"https:\/\/www.freiburg-schwarzwald.de\/blog\/global\/\">Globa<\/a>l\u00a0&gt;<a title=\"EU\" href=\"https:\/\/www.freiburg-schwarzwald.de\/blog\/global\/eu\/\">EU<\/a> &gt;Balkan<\/p>\n<div id=\"attachment_55534\" style=\"width: 649px\" class=\"wp-caption alignnone\"><a href=\"https:\/\/www.freiburg-schwarzwald.de\/blog\/natur\/flora\/lupinen\/textilart9distel-pan150716\/\" rel=\"attachment wp-att-55534\"><img loading=\"lazy\" decoding=\"async\" aria-describedby=\"caption-attachment-55534\" class=\"size-full wp-image-55534\" src=\"https:\/\/www.freiburg-schwarzwald.de\/blog\/wp-content\/uploads\/2015\/07\/textilart9distel-pan150716.jpg\" alt=\"Distel auf Seide - StoffArt am 16.7.2015\" width=\"639\" height=\"281\" srcset=\"https:\/\/www.freiburg-schwarzwald.de\/blog\/wp-content\/uploads\/2015\/07\/textilart9distel-pan150716.jpg 639w, https:\/\/www.freiburg-schwarzwald.de\/blog\/wp-content\/uploads\/2015\/07\/textilart9distel-pan150716-180x79.jpg 180w\" sizes=\"auto, (max-width: 639px) 100vw, 639px\" \/><\/a><p id=\"caption-attachment-55534\" class=\"wp-caption-text\">Distel auf Seide &#8211; StoffArt am 16.7.2015<\/p><\/div>\n<p>&nbsp;<\/p>\n<ul>\n<li><a href=\"https:\/\/www.freiburg-schwarzwald.de\/blog\/global\/kosovo\/\">Kosovokrieg und Ukrainekrieg \u2013 V\u00f6lkerrecht<\/a>\u00a0(1.3.2022)<\/li>\n<li><a href=\"https:\/\/www.freiburg-schwarzwald.de\/blog\/eu-westeuropa-und-osteuropa\/\">EU: Westeuropa und Osteuropa<\/a>\u00a0(7.3.2021)<\/li>\n<li>EU-Aussengrenze Griechenland-T\u00fcrkei nach wie vor offen (6.12.2016)<\/li>\n<li>Steinmeier kritisiert Schlie\u00dfung der Balkanroute (28.3.2016)<\/li>\n<li>Ungarn wird unvorbereitet \u00fcberrollt (19.9.2015)<\/li>\n<li>Beispiel Kosovo: Fl\u00fcchtlingspolitik ohne Ursachenbek\u00e4mpfung ist\u00a0gr\u00f6\u00dfere Schande (25.8.2015)<\/li>\n<li><\/li>\n<li><a title=\"Budapest-Dublin2015\" href=\"https:\/\/www.freiburg-schwarzwald.de\/blog\/global\/eu\/budapest-dublin2015\/\">Budapest 9\/2015<\/a><\/li>\n<li><a title=\"Fluechtlinge\" href=\"https:\/\/www.freiburg-schwarzwald.de\/blog\/global\/integration\/fluechtlinge\/\">Fl\u00fcchtlinge<\/a><\/li>\n<li><a title=\"Idomeni\" href=\"https:\/\/www.freiburg-schwarzwald.de\/blog\/global\/migration\/idomeni\/\">Idomeni<\/a><\/li>\n<li><a title=\"Kontrollierte-Grenzen\" href=\"https:\/\/www.freiburg-schwarzwald.de\/blog\/global\/migration\/kontrollierte-grenzen\/\">Kontrollierte-Grenzen<\/a><\/li>\n<li><a href=\"https:\/\/www.freiburg-schwarzwald.de\/blog\/global\/kosovo\/\">Kosovo<\/a><\/li>\n<li><a title=\"Migration\" href=\"https:\/\/www.freiburg-schwarzwald.de\/blog\/global\/migration\/\">Migration<\/a><\/li>\n<li><a title=\"Mittelmeer\" href=\"https:\/\/www.freiburg-schwarzwald.de\/blog\/global\/mittelmeer\/\">Mittelmeer<\/a><\/li>\n<li><a title=\"Oesterreich\" href=\"https:\/\/www.freiburg-schwarzwald.de\/blog\/global\/oesterreich\/\">Oesterreich<\/a><\/li>\n<li><a title=\"Rumaenien\" href=\"https:\/\/www.freiburg-schwarzwald.de\/blog\/global\/rumaenien\/\">Rumaenien<\/a><\/li>\n<\/ul>\n<p>&nbsp;<\/p>\n<p>&#8222;Fl\u00fcchtling&#8220; ist der unpassende Begriff. \u00dcber die Balkanroute kommen ausnahmslos Menschen, die von einem sicheren Ort in Europa an einen anderen reisen, ohne Dokumente f\u00fcr eine legale Einreise . Das Wesen von &#8222;Flucht&#8220; ist , dass man sich Umst\u00e4nden entzieht, die als unmenschlich gelten. Warum spricht man nicht ehrlich von Zuwanderern bzw. Migranten? Zumal kein Gesetz existiert, das von Deutschland verlangt, diese &#8222;Fl\u00fcchtlinge&#8220; aufzunehmen.<br \/>\n3.11.2015<\/p>\n<p>&#8212;&#8212;&#8212;&#8212;&#8212;&#8212;&#8212;&#8212;&#8212;&#8212;&#8212;&#8212;&#8212;&#8212;&#8212;&#8212;&#8212;&#8212;&#8212;&#8212;&#8212;&#8212;&#8212;&#8212;-<\/p>\n<p><strong>EU-Aussengrenze Griechenland-T\u00fcrkei nach wie vor offen<\/strong><br \/>\nWie steht es um den eigenen Grenzschutz? Die Antwort ist ersch\u00fctternd: Nichts ist hier geregelt. Gar nichts. Die Europ\u00e4er sind an der griechisch-t\u00fcrkischen Grenze nicht in der Lage, die illegalen Migranten wieder auf t\u00fcrkisches Gebiet zur\u00fcckzuweisen. Sie sind nicht einmal in der Lage, sie in einer grenznahen Zone ohne Zugang zu Asylverfahren zu blockieren. Gegenw\u00e4rtig k\u00f6nnen Migranten, die die T\u00fcrkei auf illegalem Weg verlassen, in Griechenland Asylantr\u00e4ge stellen. <strong>Sie k\u00f6nnen also durch ein Unrecht ein Recht erzwingen<\/strong>.<br \/>\nWarum kann Erdogan drohen? Weil er wei\u00df, dass die Europ\u00e4er in uns\u00e4gliche Zust\u00e4nde geraten, wenn sie das wehrhafte, b\u00f6se \u201eNein\u201c praktizieren m\u00fcssen. Weil er wei\u00df, dass das Wort \u201eGrenzkontrollen\u201c auf europ\u00e4ischer Seite in der Realit\u00e4t bedeutet, dass die Migranten ans europ\u00e4ische Ufer geleitet werden&#8230;. Alles vom 6.12.2016 bitte lesen auf<br \/>\n<a href=\"https:\/\/www.achgut.com\/artikel\/nichts_ist_geregelt._gar_nichts\">https:\/\/www.achgut.com\/artikel\/nichts_ist_geregelt._gar_nichts<\/a><\/p>\n<p><strong>Selbstbestimmung \u00fcber nationale Grenzen<\/strong><br \/>\nSehr guter Artikel! Danke! Und meines erachtens k\u00f6nnte man es noch viel einfacher ausdr\u00fccken: Jedes Volk kann als Souver\u00e4n die Politik innerhalb der nationalen Grenzen selbst bestimmen. Und wenn sich eine Nation dazu entscheidet, die Einwanderung zu steuern, so ist das ihr gutes Recht.<br \/>\nIch pers\u00f6nlich glaube, dass 1 Mio. Migranten gar kein Problem w\u00e4ren, wenn sie a.) eine moderne westliche Weltanschauung h\u00e4tten, b.) gut ausgebildet, oder zumindest c.) mit den Taschen voller Geld nach Deutschland gekommen w\u00e4ren. Kurzum: wir w\u00fcrden diese Diskussion doch gar nicht f\u00fchren, wenn wir der Meinung w\u00e4ren, dass uns diese Migranten tats\u00e4chlich bereichern und\/oder nach vorne bringen w\u00fcrden. Und das zeigt mir, dass die Fl\u00fcchtlingpolitik-Kritiker keine Nazis oder Rassisten sondern allenfalls Nationalegoisten sind &#8211; was nach V\u00f6lkerrecht v\u00f6llig ok ist. Skandal\u00f6s ist aber das Verhalten von Politik und staatsnahen Medien: Von Politikern erwarte ich, dass sie die Konsequenzen ihres Handelns verantworten. Das bedeutet, zu den Entscheidungen und den Ergebnissen zu stehen. Und sie nicht mit Hilfe der staatsfinanzierten Medien zu verschleiern. Wenn sich Frau Merkel so sicher ist, dass sie richtig gehandelt hat, dann sollte sie auch damit leben k\u00f6nnen, nicht wieder gew\u00e4hlt zu werden. Dann kann sie ja auswandern &#8211; es ist dann ja eh nicht mehr \u201cihr Land\u201d&#8230; Und auch ich h\u00e4tte kein Problem damit, wenn sich die Mehrheit in diesem Land bei Wahlen bewu\u00dft f\u00fcrs \u201cDurchwinken\u201d entscheidet. Eine bewu\u00dfte Wahl setzt aber voraus, dass die Menschen informiert werden. Und genau da habe ich meine Zweifel. Das ist f\u00fcr mich der eigentlich Skandal.<br \/>\n6.12.2016, Alexander Martin , AO<br \/>\n.<\/p>\n<p>&#8222;Merkel will offen \u00fcber Tat sprechen \u2013 ohne zu pauschalisieren&#8220; und dann kommt nur Pauschales, das darf nur Sie. Bitte nicht falsch verstehen, Sie gibt dem ganzem Drama einen menschlichen Anstrich, das ist ja schon mal was. Aber eigentlich erwarte ich, deutlich mehr! Noch schlimmer ist die Tatsache, dass Frau Merkel noch die beste Wahl f\u00fcr die &#8222;Nichtl\u00f6sung&#8220; des Problems darstellt. Sie sollte einfach nur auf unsere Justiz verweisen. Und Ende. Es ist \u00fcbrigens nicht Merkels Fl\u00fcchtlingspolitik, es ist die unsrige!!! Und in dieser Fl\u00fcchtlingspolitik kann ich den Anspruch von Frau Merkel leider nicht erkennen. Lediglich das Abgraben der AFD &#8222;L\u00f6sungsans\u00e4tze&#8220;.<br \/>\n6.12.2016, Dieter Neufeld, AO<br \/>\n.<br \/>\n<strong>Integration unm\u00f6glich: Kulturelle Unterschiede zwschen Abend- und Morgenland zu gro\u00df<\/strong><br \/>\nSeit langem habe ich das Gef\u00fchl, das Informationen bez\u00fcglich der Fehlverhalten von Fl\u00fcchtlingen\/ Emigranten absichtlich zur\u00fcckgehalten werden, um die Bev\u00f6lkerung nicht zu beunruhigen, oder zugeben zu m\u00fcssen, das man mit dieser Situation einfach \u00fcberfordert ist. Ich vermisse zu dem eine Diskussion \u00fcber eine M\u00f6glichkeit der besseren Integration, die sich nicht nur auf den Erwerb der Sprachkenntnisse etc. beschr\u00e4nt. Auf der Suche nach der Pressekonferenz \u00fcber die Festnahme des vermeintlichen M\u00f6rders der Studentin in Freiburg auf Youtube bin ich auf Videos gesto\u00dfen, die so unglaublich ersch\u00fctternd und abschreckend auf mich gewirkt haben, fassungslos, das ich mir geschworen habe, nie wieder auf diese Seite zu gehen. Es waren Videos die im \u00f6ffentlichen Raum, in Fl\u00fcchtlingsunterk\u00fcnften, bei Polizeikontrollen, an Grenzen etc. aufgenommen wurden. Mir zeigte sich ein Bild aus dem tiefsten Mittelalter, angesichts des Verhaltens dieser Menschen. Ersch\u00fctternd. Und da ist mir klar geworden, das dieser kulturelle Unterschied, also zwischen dem Abend -und dem Morgenland gar nicht \u00fcberwunden werden kann! ( Von Einzelf\u00e4llen einmal ganz abgesehen! Einzelf\u00e4llen!). Eine europ\u00e4ische Gesellschaft kann doch von solchen Menschen gar nicht respektiert werden! Schon allein das Frauenbild in deren Gesellschaft. Die Einstellung gegen\u00fcber der christlichen Kirche, die gar nicht anerkannt wird. Wenn das also funktionieren soll, woran ich pers\u00f6nlich nicht glaube, m\u00fcssen wir weiterhin mit diesen Problemen leben.<br \/>\nEs gibt Menschen die diese Fl\u00fcchtlingswanderung mit der nach dem 2. Weltkrieg vergleichen. Das kann man aber nicht, denn all diese Menschen kamen aus unserem Kulturkreis, mit unseren Werten eines gesellschaftlichen Zusammenlebens. Als freiberufliche Pflegefachkraft werde ich immer noch gefragt, ob ich in einem Asylbewerberheim arbeiten m\u00f6chte, nein, das werde ich nicht! Obwohl mich das wirklich noch vor Monaten interessiert h\u00e4tte!<br \/>\nMir macht das alles hier Sorge und auch Angst, und ich habe kein gutes Gef\u00fchl f\u00fcr die Zukunft!<br \/>\nUnd noch einmal ausdr\u00fccklich! Ich kann es auch nicht mehr h\u00f6ren und lesen, das man nicht pauschalisieren darf&#8230;&#8230;.das man alles sehr tolerant und mit viel Geduld ertragen sollen muss!<br \/>\nFrau Merkel hat mit Ihrer &#8220; wir schaffen das&#8220;, eine Situation geschaffen, die Deutschland im vergangenen Jahr extrem hilflos und handlungsunf\u00e4hig hat dastehen lassen!Keiner konnte sagen, wer eigentlich ins Land gekommen ist! Wo auf der Welt ist das sonst m\u00f6glich? Wenn ich 20 Jahre j\u00fcnger w\u00e4re, w\u00fcrde ich sicherlich eine Auswanderung bevorzugen.<br \/>\n6.12.2016, Angelika Br\u00e4utigam<\/p>\n<p>In der Richtlinie des Deutschen Presserates hei\u00dft es dazu: &#8222;In der Berichterstattung \u00fcber Straftaten wird die Zugeh\u00f6rigkeit der Verd\u00e4chtigen oder T\u00e4ter zu religi\u00f6sen, ethnischen oder anderen Minderheiten nur dann erw\u00e4hnt, wenn f\u00fcr das Verst\u00e4ndnis des berichteten Vorgangs ein begr\u00fcndbarer Sachbezug besteht. Besonders ist zu beachten, dass die Erw\u00e4hnung Vorurteile gegen\u00fcber Minderheiten sch\u00fcren k\u00f6nnte.&#8220; Die Tagesschau glaubte sich am Samstag 3.12.2016 ganz geschickt aus der Aff\u00e4re zu ziehen, indem sie die Meldung (zum <a title=\"Dreisam-Mord\" href=\"https:\/\/www.freiburg-schwarzwald.de\/blog\/global\/integration\/dreisam-mord\/\">Dreisam-Mord<\/a>) schlicht unterdr\u00fcckt hat. Und ihre tumben Ausreden haben das Ganze noch schlimmer gemacht. Tagesschau = Staatsfernsehen in einem totalit\u00e4ren Land. Wenn man ausl\u00e4ndische Medien konsultieren muss, um die Wahrheit \u00fcber Vorg\u00e4nge im eigenen Land zu erfahren, dann befindet man sich in Nordkorea oder in Deutschland.<br \/>\n6.12.2016, Gerd, AO<br \/>\n&#8212;&#8212;&#8212;&#8212;&#8212;&#8212;&#8212;&#8211;<\/p>\n<p>&nbsp;<\/p>\n<p>&nbsp;<\/p>\n<p>&nbsp;<\/p>\n<p><strong>Steinmeier kritisiert Schlie\u00dfung der Balkanroute<\/strong><br \/>\nDurch die Schlie\u00dfung ihrer Grenzen h\u00e4tten die Balkanstaaten die Probleme einfach auf Griechenland abgeladen, sagt der Bundesau\u00dfenminister. Dort sei in der Folge eine humanit\u00e4re Notlage entstanden. &#8230;. Alles vom 28.3.2016 auf <a href=\"https:\/\/www.welt.de\/politik\/deutschland\/article153725200\/Steinmeier-kritisiert-Schliessung-der-Balkanroute.html\">https:\/\/www.welt.de\/politik\/deutschland\/article153725200\/Steinmeier-kritisiert-Schliessung-der-Balkanroute.html<br \/>\n<\/a>\u00a0 \u00a0.<br \/>\n<strong>Bundesreiseminister Steinmeier ist eine Katastrophe<\/strong><br \/>\nOh, wie gerne h\u00e4tte ich den \u00f6sterreichischen Au\u00dfenminister, Sebastian Kurz. Die humanit\u00e4re Notlage ist doch entstanden, weil Deutschland den Magneten immer noch nicht abgestellt hat. Wenn Deutschland klarmachen w\u00fcrde, dass niemand mehr aufgenommen wird, dann w\u00fcrde sich niemand auf den Weg nach Griechenland machen. Es geht der Steinmeier-Merkel Allianz nur darum so viele Meldungen und Nebelkerzen zu z\u00fcnden das keiner merkt das die eh alle NUR nach Deutschland sollten!<br \/>\nRoy<br \/>\nWenn man die Aussagen unserer politischen F\u00fchrungskr\u00e4fte reihdurch h\u00f6rt, kann man nur zu dem Schluss kommen, dass es nur eine Frage der Zeit ist, bis die Leute von Idomeni an der mazedonisch-griechischen Grenze abgeholt werden. Welche fatalen Wirkungen dies nach au\u00dfen haben wird, wurde ja schon von den Mitkommentatoren hier angesprochen.<br \/>\nS\u00e4mtliche \u00c4u\u00dferungen und Verhaltensweisen (z. B. keine Bekanntgaber eines Aufnahmestopps, Gerald Knauss von Soros&#8216; ESI als Berater Angela Merkels) deuten darauf hin, dass man beabsichtigt hier noch im gro\u00dfem Stil Leute aus Afrika\/dem Nahen Osten anzusiedeln. Die Frage ist nur, welches Ziel damit verfolgt wird, wenn man (zu gro\u00dfen Teilen) Menschen der Unterschicht der dortigen L\u00e4nder hier ansiedelt. Ich habe da meine Vermutung und beginne mich ernsthaft mit dem Thema Auswanderung zu besch\u00e4ftigen.<br \/>\nMike<br \/>\n.<br \/>\n<strong>Steinmeier kritisiert also das Einhalten geltenden Rechts &#8211; sprachlos!<\/strong><br \/>\nDamit zeigt Aussenminister Steinmeier, wie irrlichternd die deutsche Au\u00dfenpolitik derzeit ist.<br \/>\nErstens hat Griechenland zwar den Schengen-Vertrag unterschrieben, seinen Grenzen aber nie richtig gesch\u00fctzt.<br \/>\nZweitens ist Deutschland als Magnet der Verursacher des ganzen Dilemmas und<br \/>\ndrittens ist das &#8222;humanit\u00e4re&#8220; Theater in Idomeni eine Inszenierung von Aktivisten und Gl\u00fccksrittern.<br \/>\nUnd sp\u00e4testens bei einem Vergleich mit seinem Kollegen Kurz aus \u00d6sterreich wird deutlich, dass Steinmeier eine kolossale Fehlbesetzung ist. Allerdings nicht die einzige.<br \/>\nRW, 28.3.2016<br \/>\n.<br \/>\n<strong>Steinmeier sollte Griechenland zurechtweisen<\/strong><br \/>\nHerr Steinmeier, lesen des Schengen Abkommen kann bilden und weiterhelfen. Dort ist beschrieben , dass die Staaten an der Au\u00dfengrenze diese zu sichern haben. Dieser Verantwortung ist Griechenland zu keinem Zeitpunkt gerecht geworden. Desweiteren hatte sich Griechenland im Herbst zur Errichtung von 50000 Pl\u00e4tzen verpflichtet und bekam daf\u00fcr von der EU noch Geld. Bei einer Bev\u00f6lkerungszahl von gut 11 Millionen von einer humanit\u00e4ren Katastrophe zu sprechen ist doch der absolute Fehler. Richtig ist hier von einem erneuten Staatsversagen seitens der Griechen zu sprechen. Setzt man die Bev\u00f6lkerungszahlen von \u00d6sterreich\/Schweden oder Deutschland in Relation zur Aufnahmezahl ist Griechenland f\u00fcr \u00fcber 100000 zust\u00e4ndig. F\u00fcr dieses erneute Versagen wird dieser Staat erneut belohnt und erh\u00e4lt daf\u00fcr 700 Millionen in den n\u00e4chsten 3 Jahren.<br \/>\nEs gibt x 10 Mio. Menschen auf dieser Welt, die in einer weitaus schlimmeren humanit\u00e4ren Lage leben m\u00fcssen. Kinder in Bangladesh die Flederm\u00e4use jagen und essen, die ganzen Slums in S\u00fcdamerika und Asien. F\u00fcr die w\u00e4ren die Hotspots in Griechenland Luxus.<br \/>\nJule<\/p>\n<p>.<br \/>\n<strong>Steinmeier-Merkel m\u00fcssen Internet einsetzen<\/strong><br \/>\nIm Zeitalter der modernen Kommunikation mit Facebook und Twitter m\u00fcsste jede Stunde eine Meldung, in der Region Griechenland, T\u00fcrkei etc., raus, das die H\u00fctte in Europa voll ist und die Leute sich zu Ihren Br\u00fcdern und Schwestern nach Saudi Arabien, den AE oder sonstwo hin auf den Weg machen sollen. Bei, von den Staatmedien bekundeten 5 % echten Fl\u00fcchtingen, sind alle anderen fehl am Platze. NO WAY f\u00fcr Europa!<br \/>\nDie humanit\u00e4re Notlage entsteht nicht durch Schlie\u00dfung der Balkanroute, sondern dadurch, dass die Menschen meinen, dort hingehen zu d\u00fcrfen, wo es ihnen am liebsten ist. Die Menschen wollen sich auch nicht verteilen lassen, sondern zu uns. Verst\u00e4rkt wird dieser Irrtum durch politisch ambitionierte Aktivisten, die diese Situation instrumentalisieren. Kommen Sie doch mal raus aus Ihrem Tunnel, Herr Steinmeier.<br \/>\n28.3.2016, Charles, WO<\/p>\n<p>&nbsp;<\/p>\n<p><strong>Ungarn wird unvorbereitet \u00fcberrollt<\/strong><br \/>\nIch kenne Ungarn seit Mitte der 90er Jahre durch viele Besuche. Es ist ein armes Land, gebeutelt durch eine leidvolle Geschichte, in der es sich oft genug von Europa alleine gelassen f\u00fchlte. Es hat unter anderen sein ewiges Chaosproblem der nicht zu integrierenden, dort so genannten <a title=\"Roma\" href=\"https:\/\/www.freiburg-schwarzwald.de\/blog\/global\/roma\/\">Zigeuner<\/a>. Jetzt kommen die Fl\u00fcchtlingsstr\u00f6me aus den Regionen, welche unsere amerikanischen Freunde mit ihren Mitteln &#8222;demokratisiert&#8220; haben. Ungarn wird v\u00f6llig unvorbereitet \u00fcberrollt von den Menschenmassen, die niemand dort erwarten konnte. Man versucht, sie in Lagern zu sammeln, die einzige M\u00f6glichkeit, die Lage zu kontrollieren. Das wollen die Fl\u00fcchtlinge nat\u00fcrlich nicht, sie wollen in die reichen L\u00e4nder \u00d6sterreich und Deutschland. Andere Strukturen einer &#8222;Willkommenskultur&#8220; sind dort nicht denkbar, wo arme Menschen bettelnd um ein St\u00fcck Brot an den Autostaus in Budapest stehen.<br \/>\n<span class=\"ngBriefAutor\">19.9.2015, Werner Kuhfuss, Waldkirch<\/span><\/p>\n<p>&nbsp;<\/p>\n<p><strong>Beispiel Kosovo: Fl\u00fcchtlingspolitik ohne Ursachenbek\u00e4mpfung ist gr\u00f6\u00dfere Schande\u00a0<\/strong><\/p>\n<p>Klar, die rechtsextremen Gewaltt\u00e4ter und ihre brav-biederen Unterst\u00fctzer sind eine Schande f\u00fcr dieses Land. Die eigentliche Schande aber ist die deutsche und europ\u00e4ische Fl\u00fcchtlingspolitik. Eine Fl\u00fcchtlingspolitik, die die Ursachen f\u00fcr die Flucht von Millionen Menschen nicht bek\u00e4mpft, sondern sie immer wieder aufs Neue schafft.<\/p>\n<p>Zum Beispiel im Kosovo, wo auch diese Bundesregierung ihr Versprechen gebrochen hat, dem Land nach dem Krieg wieder auf die Beine zu helfen und stattdessen ein hochkorruptes Regime unterst\u00fctzt, das die Menschen in die Flucht treibt.<br \/>\nZum Beispiel in Syrien, wo diese Bundesregierung die Politik eines t\u00fcrkischen Pr\u00e4sidenten unterst\u00fctzt, der islamistische M\u00f6rderbanden mit Waffen versorgt. M\u00f6rderbanden, vor denen Hunderttausende nach Europa fliehen.<br \/>\nOder Afrika, wo der deutsche Au\u00dfenminister einen Pakt mit den schlimmsten Despoten des Kontinents schlie\u00dfen will. Einen Pakt, der verhindern soll, dass politisch Verfolgte ihr Land verlassen k\u00f6nnen und sie stattdessen ihren Verfolgern ausliefert.<br \/>\nDiese Politik ist eine Schande f\u00fcr dieses Land. Daran m\u00fcsste etwas ge\u00e4ndert werden. Mit kernigen Parolen allein ist jedenfalls niemandem geholfen.<br \/>\n25.8.2015, Georg Restle, WDR,\u00a0<a href=\"https:\/\/www.tagesschau.de\/kommentar\/restle-fluechtlinge-101.html\">https:\/\/www.tagesschau.de\/kommentar\/restle-fluechtlinge-101.html<\/a><\/p>\n<p class=\"text small\"><strong>Armutsfl\u00fcchtlinge vom Balkan<\/strong><br \/>\nEin Ex-Kollege von mir, geb\u00fcrtig aus dem Senegal, sagte mir damals, er wolle schnellstm\u00f6glich aus seinem Stadtteil wegziehen, weil durch den massiven Zustrom von Armutsfl\u00fcchtlingen aus der Balkan-Region in seinem Viertel das einsetzte, was man immer als &#8218;Abw\u00e4rtsspirale&#8220; bezeichnet. Er sagte w\u00f6rtlich: &#8222;Ich will nicht, dass meine Tochter hier aufwachsen soll.&#8220;<br \/>\nWow! Ein Schwarzafrikaner zieht weg wegen der &#8222;Ausl\u00e4nder&#8220; &#8230;<br \/>\nDa sehen wir das Problem! Es ist kein Ausl\u00e4nder-Problem; es hat nichts mit krankem Nationalismus zu tun. Es geht um Bildung und Integration. Mit der Bildung steht und f\u00e4llt alles &#8211; das ist meine Meinung!<br \/>\nEs str\u00f6men Menschen zu uns, die leider zum Teil nicht integrierbar sind. Sie fl\u00fcchten aus der Armut ihres Heimatlandes in die Armut eine reichen Deutschlands, an dessen Wohlstand sie gr\u00f6\u00dftenteils nie teilhaben k\u00f6nnen. Von daher braucht Deutschland eine Reform des Einwanderungsgesetzes.<br \/>\n26.8.2015, E. Rusch<\/p>\n","protected":false},"excerpt":{"rendered":"<p>Home &gt;\u00a0Global\u00a0&gt;EU &gt;Balkan &nbsp; Kosovokrieg und Ukrainekrieg \u2013 V\u00f6lkerrecht\u00a0(1.3.2022) EU: Westeuropa und Osteuropa\u00a0(7.3.2021) EU-Aussengrenze Griechenland-T\u00fcrkei nach wie vor offen (6.12.2016) Steinmeier kritisiert Schlie\u00dfung der Balkanroute (28.3.2016) Ungarn wird unvorbereitet \u00fcberrollt (19.9.2015) Beispiel Kosovo: Fl\u00fcchtlingspolitik ohne Ursachenbek\u00e4mpfung ist\u00a0gr\u00f6\u00dfere Schande (25.8.2015) Budapest &hellip; <a href=\"https:\/\/www.freiburg-schwarzwald.de\/blog\/global\/balkan\/\">Weiterlesen <span class=\"meta-nav\">&rarr;<\/span><\/a><\/p>\n","protected":false},"author":2,"featured_media":0,"parent":27,"menu_order":0,"comment_status":"open","ping_status":"closed","template":"","meta":{"footnotes":""},"class_list":["post-56181","page","type-page","status-publish","hentry"],"_links":{"self":[{"href":"https:\/\/www.freiburg-schwarzwald.de\/blog\/wp-json\/wp\/v2\/pages\/56181","targetHints":{"allow":["GET"]}}],"collection":[{"href":"https:\/\/www.freiburg-schwarzwald.de\/blog\/wp-json\/wp\/v2\/pages"}],"about":[{"href":"https:\/\/www.freiburg-schwarzwald.de\/blog\/wp-json\/wp\/v2\/types\/page"}],"author":[{"embeddable":true,"href":"https:\/\/www.freiburg-schwarzwald.de\/blog\/wp-json\/wp\/v2\/users\/2"}],"replies":[{"embeddable":true,"href":"https:\/\/www.freiburg-schwarzwald.de\/blog\/wp-json\/wp\/v2\/comments?post=56181"}],"version-history":[{"count":2,"href":"https:\/\/www.freiburg-schwarzwald.de\/blog\/wp-json\/wp\/v2\/pages\/56181\/revisions"}],"predecessor-version":[{"id":100738,"href":"https:\/\/www.freiburg-schwarzwald.de\/blog\/wp-json\/wp\/v2\/pages\/56181\/revisions\/100738"}],"up":[{"embeddable":true,"href":"https:\/\/www.freiburg-schwarzwald.de\/blog\/wp-json\/wp\/v2\/pages\/27"}],"wp:attachment":[{"href":"https:\/\/www.freiburg-schwarzwald.de\/blog\/wp-json\/wp\/v2\/media?parent=56181"}],"curies":[{"name":"wp","href":"https:\/\/api.w.org\/{rel}","templated":true}]}}