{"id":55617,"date":"2015-07-29T10:30:41","date_gmt":"2015-07-29T08:30:41","guid":{"rendered":"https:\/\/www.freiburg-schwarzwald.de\/blog\/?page_id=55617"},"modified":"2026-05-18T10:13:34","modified_gmt":"2026-05-18T08:13:34","slug":"badkrozingen","status":"publish","type":"page","link":"https:\/\/www.freiburg-schwarzwald.de\/blog\/regio\/orte\/badkrozingen\/","title":{"rendered":"BadKrozingen"},"content":{"rendered":"<p><a href=\"https:\/\/www.freiburg-schwarzwald.de\/blog\">Home<\/a> &gt;<a title=\"Regio\" href=\"https:\/\/www.freiburg-schwarzwald.de\/blog\/regio\/\">Regio<\/a> &gt;<a title=\"Orte\" href=\"https:\/\/www.freiburg-schwarzwald.de\/blog\/regio\/orte\/\">Orte<\/a> &gt;<a title=\"Markgraeflerland\" href=\"https:\/\/www.freiburg-schwarzwald.de\/blog\/regio\/markgraeflerland\/\">Markgraeflerland<\/a>\u00a0&gt;BadKrozingen<\/p>\n<div id=\"attachment_54376\" style=\"width: 649px\" class=\"wp-caption alignnone\"><a href=\"https:\/\/www.freiburg-schwarzwald.de\/blog\/energie\/dezentralisierung\/eggenertal15galopp-bike-pan150419\/\" rel=\"attachment wp-att-54376\"><img loading=\"lazy\" decoding=\"async\" aria-describedby=\"caption-attachment-54376\" class=\"size-full wp-image-54376\" src=\"https:\/\/www.freiburg-schwarzwald.de\/blog\/wp-content\/uploads\/2015\/03\/eggenertal15galopp-bike-pan150419.jpg\" alt=\"Kirschbl\u00fcte im Eggenertal am 19.4.2015 - mit dem Pferd unterwegs\" width=\"639\" height=\"269\" srcset=\"https:\/\/www.freiburg-schwarzwald.de\/blog\/wp-content\/uploads\/2015\/03\/eggenertal15galopp-bike-pan150419.jpg 639w, https:\/\/www.freiburg-schwarzwald.de\/blog\/wp-content\/uploads\/2015\/03\/eggenertal15galopp-bike-pan150419-180x75.jpg 180w\" sizes=\"auto, (max-width: 639px) 100vw, 639px\" \/><\/a><p id=\"caption-attachment-54376\" class=\"wp-caption-text\">Kirschbl\u00fcte im Eggenertal am 19.4.2015 &#8211; mit dem Pferd unterwegs<\/p><\/div>\n<p>&nbsp;<\/p>\n<ul>\n<li><a href=\"https:\/\/www.freiburg-schwarzwald.de\/blog\/natur\/landwirt\/abl\/\">Zwei junge Gem\u00fcseg\u00e4rterinnen aus dem Breisgau engagieren sich f\u00fcr faire L\u00f6hne in der Landwirtschaft<\/a>\u00a0(17.5.2026)<\/li>\n<li>PV-Anlage \u00fcber Radweg Krozingen-Schmidhofen (31.10.2022)<\/li>\n<li>Bad Krozingen: Vom Reha- zum Uni-Herzzentrum (15.10.2022)<\/li>\n<li><a href=\"https:\/\/www.freiburg-schwarzwald.de\/blog\/cap-markt-laden-supermarkt\/\">CAP-Markt: Dorfladen \u2013 Supermarkt<\/a>\u00a0(25.3.2022)<\/li>\n<li><a href=\"https:\/\/www.freiburg-schwarzwald.de\/blog\/bildung\/lehrer\/\">Informatik-Lehrerpreis f\u00fcr Leonore Dietrich aus Bad Krozingen<\/a>\u00a0(9.3.2021)<\/li>\n<li><a href=\"https:\/\/www.freiburg-schwarzwald.de\/blog\/natur\/ernaehrung\/getreide\/mais\/\">Maisanbau: Es handelt sich um zweifachen Missbrauch nat\u00fcrlicher Ressourcen<\/a> (28.10.2020)<\/li>\n<li><a title=\"Fluss\" href=\"https:\/\/www.freiburg-schwarzwald.de\/blog\/regio\/fluss\/\">Neumagen 26 km: Stohren \u2013 M\u00fcnstertal \u2013 Staufen \u2013 Bad Krozingen \u2013 Hausen<\/a>\u00a0(26.8.2020)<\/li>\n<li>Sexuelle Bel\u00e4stigungen durch Dunkelhaeutige\u00a0 im Kurpark Bad Krozingen\u00a0 (9.2.2018)<\/li>\n<li>Kurg\u00e4scht un Kur-Events in Badenweiler, Bad Krozingen und Baden-Baden (29.7.2015)<\/li>\n<\/ul>\n<ul>\n<li><a href=\"https:\/\/www.freiburg-schwarzwald.de\/krozingen1.htm\">Aktuelle Infos zur Bad Krozingen-Seite<\/a> &gt;Krozingen1<\/li>\n<li><a href=\"https:\/\/www.freiburg-schwarzwald.de\/hausen.htm#Edmund Weeger beim Kultur- und B\u00fcrgervereins: Geschichte des Ortes\">Edmund Weeger beim Kultur- und B\u00fcrgerverein: Geschichte des Ortes<\/a> &gt;Hausen (29.5.2007)<\/li>\n<li><a href=\"https:\/\/www.freiburg-schwarzwald.de\/hospiz1.htm#Johann-Christoph Student aus Bad Krozingen: Palliative Care\">Johann-Christoph Student aus Bad Krozingen: Palliative Care<\/a> &gt;Hospiz1 (26.5.2007)<\/li>\n<li><a href=\"https:\/\/www.freiburg-schwarzwald.de\/muenstertal2.htm#Essen auf R\u00e4dern seit 28 Jahren: Werner Wolf 20 Jahre ehrenamtlicher Fahrer\">Essen auf R\u00e4dern seit 28 Jahren: Werner Wolf 20 Jahre ehrenamtl. Fahrer<\/a> &gt;Muenstertal2 (2.5.)<\/li>\n<li><a href=\"https:\/\/www.freiburg-schwarzwald.de\/akw7.htm#Mahnweg am 20.\/21.April vom Freiburger M\u00fcnster zum Atomkraftwerk Fessenheim\">Mahnweg am 20.\/21.April vom Freiburger M\u00fcnster zum AKW Fessenheim<\/a> &gt;AKW7 (16.4.07)<\/li>\n<li><a href=\"https:\/\/www.freiburg-schwarzwald.de\/krozingen.htm#Sonderausstellungen im Biengener Dorfmuseum\">Sonderausstellungen im Biengener Dorfmuseum<\/a> (26.1.2007)<\/li>\n<li><a href=\"https:\/\/www.freiburg-schwarzwald.de\/krozingen.htm#Biengener Dorfmuseum\">Biengener Dorfmuseum<\/a> (11.1.2006)<\/li>\n<li><a href=\"https:\/\/www.freiburg-schwarzwald.de\/sternsinger.htm#Drei K\u00f6nige ziehen durch die Stra\u00dfen\">Drei K\u00f6nige ziehen durch die Stra\u00dfen<\/a> &gt;Sternsinger (5.1.2006)<\/li>\n<li><a href=\"https:\/\/www.freiburg-schwarzwald.de\/krippen.htm#Biengener Pfarrkirche St Leodegar - Hugo Lang\">Biengener Pfarrkirche St Leodegar &#8211; Hugo Lang<\/a> &gt;Krippen (23.12.2006)<\/li>\n<li><a href=\"https:\/\/www.freiburg-schwarzwald.de\/einewelt4.htm#Rum\u00e4nienhilfe Siebenb\u00fcrgen von Rosila Beer in Bad Krozingen\">Rum\u00e4nienhilfe Siebenb\u00fcrgen von Rosila Beer in Bad Krozingen<\/a> &gt;EineWelt4 (18.12.2006)<\/li>\n<li><a href=\"https:\/\/www.freiburg-schwarzwald.de\/krozingen.htm#Langzeitarbeitslose in Bad Krozingen\">Langzeitarbeitslose in Bad Krozingen<\/a> (4.11.2006)<\/li>\n<li><a href=\"https:\/\/www.freiburg-schwarzwald.de\/azubi.htm#Bad Krozinger Wirtschaftsgespr\u00e4che: Azubis bei Sick in Waldkirch\">Bad Krozinger Wirtschaftsgespr\u00e4che: Azubis bei Sick in Waldkirch<\/a> &gt;Azubi (16.10.2006)<\/li>\n<li><a href=\"https:\/\/www.freiburg-schwarzwald.de\/sportlern2.htm#Laufgemeinschaft Sulzburg-Laufen: vom S\u00fcden Freiburgs bis M\u00fcllheim\">Laufgemeinschaft Sulzburg-Laufen: vom S\u00fcden Freiburgs bis M\u00fcllheim<\/a> &gt;Sportlern2 (30.8.06)<\/li>\n<li><a href=\"https:\/\/www.freiburg-schwarzwald.de\/museum1.htm#Paten f\u00fcr Tasteninstrumente Bad Krozinger Schlo\u00dfkonzerte gesucht\">Paten f\u00fcr Tasteninstrumente Bad Krozinger Schlo\u00dfkonzerte gesucht<\/a> &gt;Museum1 (15.11.2004)<\/li>\n<li><\/li>\n<li><strong><a href=\"https:\/\/www.freiburg-schwarzwald.de\/krozingen.htm\">https:\/\/www.freiburg-schwarzwald.de\/krozingen.htm<\/a> \u00a0&gt;Archivseite Bad Krozingen<\/strong><\/li>\n<li><a href=\"https:\/\/www.freiburg-schwarzwald.de\/blog\/natur\/landwirt\/abl\/\">AbL &#8211; Arbeitsgemeinschaft b\u00e4uerliche Landwirtschaft<\/a><\/li>\n<li><a href=\"https:\/\/www.freiburg-schwarzwald.de\/krozingen.htm#Bad Krozingen - seit 1911 Kur- und B\u00e4derort\">Bad Krozingen &#8211; seit 1911 Kur- und B\u00e4derort<\/a><\/li>\n<li><a href=\"https:\/\/www.freiburg-schwarzwald.de\/krozingen.htm#Rebberg zwischen Bad Krozingen und Schlatt\">Rebberg zwischen Bad Krozingen und Schlatt<\/a><\/li>\n<li><a href=\"https:\/\/www.freiburg-schwarzwald.de\/badenweiler.htm\">Badenweiler<\/a> &gt;Badenweiler<\/li>\n<\/ul>\n<p>&nbsp;<\/p>\n<p><strong>PV-Anlage \u00fcber Radweg Krozingen-Schmidhofen<\/strong><br \/>\nUm den Ausbau von <a href=\"https:\/\/www.freiburg-schwarzwald.de\/blog\/energie\/solar\/photovoltaik\/\">Photovoltaik<\/a> in der Region voranzutreiben, hat die FDP-Fraktion im Bad Krozinger Gemeinderat in dessen j\u00fcngster Sitzung einen entsprechenden Antrag gestellt. Konkret geht es darum, den geplanten Radweg zwischen Bad Krozingen und dem zu Tunsel geh\u00f6renden Weiler Schmidhofen mit einer PV-Anlage zu \u00fcberbauen. Als Vorteile nannte Fraktionssprecher Frank Nopper etwa, dass sich die Fl\u00e4che in kommunalem Besitz befinde und ohnehin versiegelt w\u00fcrde. Au\u00dferdem m\u00fcsste nicht auf vorhandene Best\u00e4nde R\u00fccksicht genommen werden; <a href=\"https:\/\/www.freiburg-schwarzwald.de\/blog\/natur\/landwirt\/agri-pv\/\">Agri-PV-Anlagen<\/a> auf Ackerfl\u00e4chen k\u00f6nnten reduziert werden. Bei der Finanzierung k\u00f6nnte die Badenova oder eine B\u00fcrgergenossenschaft hinzugezogen werden, sodass der st\u00e4dtische Haushalt gegebenenfalls kaum belastet w\u00fcrde. Die Verwaltung sicherte zu, den Antrag zu pr\u00fcfen und in sp\u00e4testens der \u00fcbern\u00e4chsten Gemeinderatssitzung wieder zur Sprache zu bringen.<br \/>\n&#8230; Alles vom 31.10.2022 bitte lesen auf<br \/>\n<a href=\"https:\/\/www.badische-zeitung.de\/pv-anlage-ueber-radweg--221929457.html\">https:\/\/www.badische-zeitung.de\/pv-anlage-ueber-radweg&#8211;221929457.html<\/a><\/p>\n<p>&nbsp;<\/p>\n<p><strong>Bad Krozingen: Vom Reha- zum Uni-Herzzentrum<\/strong><br \/>\n<strong>Vor 50 Jahren begann der Aufstieg der Herzmedizin in Bad Krozingen<\/strong><br \/>\nAls der 1965 gegr\u00fcndete Verein Benedikt Kreutz Rehabilitationszentrum Bad Krozingen (BKeV) am 18. Oktober 1972 ein Modellzentrum f\u00fcr kardiologische Rehabilitation er\u00f6ffnete, war es unvorstellbar, dass daraus eines der bedeutendsten H\u00e4user zur Behandlung von Herzkrankheiten in Europa werden k\u00f6nnte. Wie kam es dazu?<br \/>\nIm R\u00fcckblick ist die Schaffung einer umfassenden und integrierten Versorgung der Patienten der Pionierleistung des ersten \u00c4rztlichen Direktors, Professor Helmut Roskamm, zu verdanken. Dies war das Fundament f\u00fcr die erfolgreiche Entwicklung des 1994 in &#8222;Herz-Zentrum Bad Krozingen&#8220; umbenannten Modellzentrums f\u00fcr kardiologische Rehabilitation und umfassende internistische Kardiologie. Wegweisende Behandlungskonzepte und die f\u00fcr ein Rehabilitationszentrum ungew\u00f6hnlichen Aktivit\u00e4ten im Bereich der Forschung und Wissenschaft geh\u00f6rten zu den entscheidenden Erfolgsmotoren. Die Integration der Ausbildung Studierender der Universit\u00e4t Freiburg trug hierzu ebenso bei wie die Durchf\u00fchrung von Fortbildungsveranstaltungen und wissenschaftlichen Studien sowie die Herausgabe von Lehrb\u00fcchern.<\/p>\n<p>Sehr hilfreich war in der Gr\u00fcndungszeit, dass es im S\u00fcdwesten eine Versorgungsl\u00fccke im Bereich Koronarangiographie und Koronarchirurgie gab. So wurde im Benedikt-Kreutz-Rehabilitationszentrum f\u00fcr Herz- und Kreislaufkranke (RHZ) praktisch von Anfang an die invasive Diagnostik durchgef\u00fchrt. In kurzer Zeit erfuhr das RHZ nicht nur als Modell einer kardiologischen Rehabilitation, sondern auch als kardiologisches Zentrum f\u00fcr Herzerkrankungen gro\u00dfe Anerkennung. Schon im Jahr 1974 wurden nirgendwo in Deutschland so viele Koronarangiographien durchgef\u00fchrt wie im RHZ.<\/p>\n<p>Viele der koronarangiographierten Patienten mussten sich einer Herz-Operation unterziehen. Ein wichtiger Meilenstein war deshalb die im Jahr 1978 erfolgte Inbetriebnahme der Herz- und Gef\u00e4\u00dfchirurgie unter Leitung von Martin Schmutziger. Das RHZ Bad Krozingen war dann auch am 7. M\u00e4rz 1986 die B\u00fchne f\u00fcr die erste Herztransplantation in Baden-W\u00fcrttemberg. Mit der M\u00f6glichkeit einer chirurgischen Intervention wurde ein Kolloquium eingef\u00fchrt, in dem mit Beteiligung der Kardiologen und Chirurgen die f\u00fcr den Patienten individuell passende Therapie beraten wurde.<\/p>\n<p>Im Jahr 2001 \u00fcbernahm Professor Franz-Josef Neumann die \u00c4rztliche Leitung des Herzzentrums. Unter seiner Leitung entwickelte es sich zu einem der bedeutendsten kardiologischen Zentren in Europa. Professor Neumann stellte fr\u00fch die Weichen f\u00fcr eine erfolgreiche akademische Ausrichtung und f\u00fcr die Entwicklung der interventionellen Herz- und Gef\u00e4\u00dfmedizin zu einem weithin anerkannten Referenzzentrum der Patientenversorgung. Ein bedeutsamer Schritt in dieser Entwicklung war der Aufbau der Abteilung f\u00fcr Angiologie unter Leitung von Professor Thomas Zeller, die heute zu den gr\u00f6\u00dften und renommiertesten Europas geh\u00f6rt.<br \/>\nIn nationalen Ranglisten lag das Herzzentrum zuletzt \u00fcber Jahre ununterbrochen in der Spitzengruppe der deutschen Herzzentren und erreichte Top-Bewertungen der Patientenzufriedenheit. Entsprechend war die Entwicklung in Bad Krozingen gepr\u00e4gt durch weiter steigende Patienten- und Eingriffszahlen mit zuletzt j\u00e4hrlich rund 20 000 station\u00e4r und 36 000 ambulant behandelten Patienten.<\/p>\n<p>Seit 2005 wurde das Haus wiederholt zu Life-Demonstrationen auf nationalen und internationalen Kongressen im europ\u00e4ischen, US-amerikanischen und asiatischen Raum eingeladen, um den Stand der Technik bei Kathetereingriffen an Herzklappen, Herzkranzgef\u00e4\u00dfen und peripheren Gef\u00e4\u00dfen sowie bei Katheter gest\u00fctzten Eingriffen zur Rhythmusbehandlung zu zeigen. Auch durch Mitarbeit an europ\u00e4ischen Behandlungsleitlinien, darunter federf\u00fchrend die Leitlinien zur Behandlung von Durchblutungsst\u00f6rungen des Herzens (Prof. Neumann) und zur Behandlung von Herzklappenerkrankungen (Prof. Beyersdorf), hat das Herzzentrum Behandlungsstandards gesetzt.<\/p>\n<p>Mit einer Gruppe engagierter interventioneller Kardiologen, Rhythmologen und Angiologen sowie Bildgebungsspezialisten hat die Klinik umfangreiche Forschung betrieben und war ma\u00dfgeblich (&#8222;steering committee&#8220;) an gro\u00dfen Studien beteiligt oder hat diese selbst initiiert. Als Ausdruck der Relevanz dieser Forschung geh\u00f6rte Prof. Neumann laut &#8222;Web of Science&#8220; in den letzten Jahren als einer von sechs Mitgliedern der Medizinischen Fakult\u00e4t zu den international meistzitierten Autoren.<br \/>\nNach \u00fcber 23 Jahren gesch\u00e4ftsf\u00fchrender Verantwortung f\u00fcr das Herz-Zentrum Bad Krozingen ging Bernhard Grotz Ende 2009 in den Ruhestand. Als &#8222;emotionaler Leader&#8220; hat er die Kultur des Zentrums in besonderer Weise gepr\u00e4gt, eine Kultur der Achtsamkeit und der Wertsch\u00e4tzung. In prek\u00e4rer wirtschaftlicher Lage hat er 1986, nach dem pl\u00f6tzlichen Tod des damaligen Gesch\u00e4ftsf\u00fchrenden Verwaltungsdirektors Hans Hubert Schwaibold, die kaufm\u00e4nnische Verantwortung des Herz-Zentrums \u00fcbernommen. Hier hat Bernhard Grotz schnell die richtigen Weichen gestellt f\u00fcr eine in dieser Form einmalige Erfolgsgeschichte.<br \/>\nUm den steigenden Patientenzahlen und wachsenden Anspr\u00fcchen an die Versorgungsqualit\u00e4t gerecht zu werden, verzeichnet das Herz-Zentrum unter seiner \u00c4gide eine rege Baut\u00e4tigkeit. H\u00f6hepunkt war die im Oktober 2007 erfolgte Einweihung des Helmut-Roskamm-Hauses. Als Mitglied des Vorstands des Tr\u00e4gervereins BKeV und Aufsichtsratsmitglied des UHZ begleitet Bernhard Grotz bis heute aktiv die Entwicklung des Herzzentrums.<\/p>\n<p>Nachfolger Bernd Sahner, bereits seit 1992 im Herz-Zentrum t\u00e4tig, orchestrierte in seiner Doppelfunktion als Gesch\u00e4ftsf\u00fchrender K\u00e4ufm\u00e4nnischer Direktor des Universit\u00e4ts-Herzzentrums und des Universit\u00e4tsklinikums Freiburg (UKF) mit Fachkompetenz und Fingerspitzengef\u00fchl den Zusammenschluss der Herzzentren Freiburg und Bad Krozingen. Dieser manifestierte sich 2012, als das UKF 50 Prozent der Anteile vom BKeV \u00fcbernahm. Als Vorstandsvorsitzender des BKeV begleitete der Bad Krozinger B\u00fcrgermeister Volker Kieber ab 2014 wie sein Vorg\u00e4nger Ekkehart Meroth den Prozess des Zusammenwachsens.<br \/>\nEiner der H\u00f6hepunkte war die im Oktober 2015 erfolgte Einweihung der neuen Herz- und Gef\u00e4\u00dfchirurgie, in der f\u00fcr 58 Millionen Euro unter anderem f\u00fcnf neue Operationss\u00e4le samt hochmodernem Hybrid-OP, 20 Intensiv- und 40 Normalbetten entstanden sind. In der Uniklinik und dem UHZ bildete er mit dem Leitenden \u00c4rztlichen Direktor \u2013 vormals Prof. R\u00fcdiger Siewert, seit 2019 Prof. Frederik Wenz \u2013 ein erfolgreiches F\u00fchrungstandem, das seit 2020 durch Nachfolgerin Anja Simon mit Leben gef\u00fcllt wird.<\/p>\n<p>Der Zusammenschluss der beiden H\u00e4user lief gleichwohl nicht g\u00e4nzlich reibungslos. Finanzielle Schwierigkeiten resultierten aus steuerlichgesetzlichen Ver\u00e4nderungen und insbesondere der Pandemie. 2020 drohte sogar aufgrund des f\u00fcr Spezialkliniken nicht ausk\u00f6mmlichen Pauschalvertrags f\u00fcr die aufgrund der Coronapandemie freigehaltenen Betten die Insolvenz. In diesem Kontext kam es zu mancher Missstimmung unter Teilen der Bad Krozinger Belegschaft, da die Mitarbeiter bef\u00fcrchteten, dass ihre Interessen in einem vereinten Haus schlechter vertreten sein w\u00fcrden. Die Auseinandersetzung des UHZ-Betriebsrats mit der Klinikleitung landete sogar vor Gericht. Noch im Fr\u00fchjahr 2022 berichtete der Gesamt-Personalrat davon, dass sich ehemalige UHZ-Mitarbeiter im neuen Haus zu wenig ber\u00fccksichtigt f\u00fchlten.<\/p>\n<p>Aus Sicht von Uniklinikum und BKeV gab es vor dem Hintergrund der wirtschaftlichen Not nur die M\u00f6glichkeit, dass der BKeV seine Anteile am Herzzentrum ver\u00e4u\u00dfert und dieses als Anstalt \u00f6ffentlichen Rechts praktisch vor einer Insolvenz gesch\u00fctzt wurde.<br \/>\nDer BKeV-Vorsitzende Volker Kieber sieht in dem Betriebs\u00fcbergang eine klassische Win-Win-Situation: &#8222;Wir haben im Sinne der Besch\u00e4ftigten verhandelt und dabei den Standort Bad Krozingen mit seinen rund 1200 Arbeitspl\u00e4tzen als kardiovaskul\u00e4ren Schwerpunkt gesichert. Zudem ist es uns gelungen, dass das UHZ dauerhaft zu einem Department der Universit\u00e4tsklinik Freiburg wird. Damit ist unsere Kleinstadt nun auch Universit\u00e4tsklinikstandort, worauf wir sehr stolz sind. Gleichzeitig haben wir mit dem Vertrag f\u00fcr den BKeV die wirtschaftlichen Grundlagen geschaffen, um die vielf\u00e4ltigen Aufgaben und Beteiligungen des Vereins im Sinne unserer Satzung zu unterst\u00fctzen und zukunftsf\u00e4hig ausbauen zu k\u00f6nnen.&#8220; Der Gr\u00fcndungsverein des Herzzentrums wird so in der Gesundheitslandschaft der Kurstadt weiter pr\u00e4sent bleiben.<br \/>\nMit der am 1. April 2021 vollzogenen vollst\u00e4ndigen Integration des UHZ in das Uniklinik Freiburg sehen die Verantwortlichen alle Voraussetzungen geschaffen f\u00fcr eine weiter erfolgreiche Entwicklung des einstigen RHZ. Im August 2022 haben in Professor Martin Czerny und Professor Dirk Westermann zwei neue \u00c4rztliche Direktoren \u00fcbernommen.<br \/>\n&#8230; Alles vom 15.10.2022 bitte lesen auf<br \/>\n<a href=\"https:\/\/www.badische-zeitung.de\/vom-reha-zum-uni-herzzentrum--220431749.html\">https:\/\/www.badische-zeitung.de\/vom-reha-zum-uni-herzzentrum&#8211;220431749.html<\/a><\/p>\n<p>&nbsp;<\/p>\n<p><strong>Sexuelle Bel\u00e4stigungen durch Dunkelhaeutige\u00a0 im Kurpark Bad Krozingen<\/strong><br \/>\nBad Krozingen, Baden-W\u00fcrttemberg. Seit Dezember ist es im Bereich des Kurparks und des Bahnhofs offenbar zu drei F\u00e4llen von sexueller Bel\u00e4stigung durch dunkelh\u00e4utige M\u00e4nner gekommen. Wie wirken sich die F\u00e4lle auf das Sicherheitsgef\u00fchl bei der Bev\u00f6lkerung aus? &#8230;. Weiterlesen auf badische-zeitung.de vom 9.2.2018:<br \/>\n<a href=\"https:\/\/www.badische-zeitung.de\/bad-krozingen\/sexuelle-belaestigungen-im-bad-krozinger-kurpark-beschaeftigen-polizei-und-stadt\">https:\/\/www.badische-zeitung.de\/bad-krozingen\/sexuelle-belaestigungen-im-bad-krozinger-kurpark-beschaeftigen-polizei-und-stadt<\/a><\/p>\n<p><a href=\"https:\/\/www.politikversagen.net\/\">https:\/\/www.politikversagen.net\/<\/a><\/p>\n<p>&nbsp;<\/p>\n<p>&nbsp;<\/p>\n<p class=\"western\"><strong>Kurg\u00e4scht un Kur-Events in Badenweiler, Bad Krozingen und Baden-Baden<\/strong><\/p>\n<p class=\"western\">Kurg\u00e4scht welle nit blo\u00df gsund were. Die welle au ebbis erl\u00e4be. Badewiiler bietet Lesunge un Kom\u00f6die im Kurhuus, Musiktage un Literaturtage im Hotel R\u00f6merhof un Theaterst\u00fccke vun Anton Tschechov mit Moskauer SchauspielerInne. \u00dcberhaupt, was w\u00e4r\u2019 Badewiiler, wenn nit der gro\u00dfe russische Dichter dert gschtorbe w\u00e4r!? Do k\u00f6nnscht die Therme glatt vergesse. In Bad Krozinge sott\u2019s dennoo schu Gianna Nannini sii oder BAP. Justus Franz. Rex Gildo oder Tony Marshall, Heino oder J\u00fcrgen Drews. Jetzt hofft Bad Krozinge uff Helene Fischer. Mr mue\u00df de Kurg\u00e4scht ebbis biete, sunscht kure si woandersch. Kei Mensch kummt uff Bad Krozinge wege Bad Krozinge. Zum operiert were, ja, aber zum Kure? Also mue\u00df sich d Gemeinde ebbis iifalle lehn. \u00c4 arabisch-russischs Luxushotel zum Beispiel. Mr will jo nit blo\u00df Kranki un Reha-G\u00e4scht. Nei, s miin Lit her mit richtig viel Zaschter. Des bringt Geld in d Gemeinde un mr kann sich vielliicht \u00e4mol d Berliner Philharmoniker leischte. Die sin jo \u00fcber Oschtere sowieso in Bade-Bade un mache sicher gern \u00e4 Schlenker nach Bad Krozinge. No kumme ganz ber\u00fchmti Kranki un bliibe zum Kure un vielliicht stirbt jo mol einer vun denne dert. Bad Krozinge h\u00e4tt dann Badewiiler un Bade-Bade um L\u00e4nge abgh\u00e4ngt. So wit kann\u2019s kumme.<br \/>\n29.7.2015, <a title=\"Pflaum\" href=\"https:\/\/www.freiburg-schwarzwald.de\/blog\/kultur\/dichter\/pflaum\/\">Stefan Pflaum<\/a><\/p>\n","protected":false},"excerpt":{"rendered":"<p>Home &gt;Regio &gt;Orte &gt;Markgraeflerland\u00a0&gt;BadKrozingen &nbsp; Zwei junge Gem\u00fcseg\u00e4rterinnen aus dem Breisgau engagieren sich f\u00fcr faire L\u00f6hne in der Landwirtschaft\u00a0(17.5.2026) PV-Anlage \u00fcber Radweg Krozingen-Schmidhofen (31.10.2022) Bad Krozingen: Vom Reha- zum Uni-Herzzentrum (15.10.2022) CAP-Markt: Dorfladen \u2013 Supermarkt\u00a0(25.3.2022) Informatik-Lehrerpreis f\u00fcr Leonore Dietrich aus &hellip; <a href=\"https:\/\/www.freiburg-schwarzwald.de\/blog\/regio\/orte\/badkrozingen\/\">Weiterlesen <span class=\"meta-nav\">&rarr;<\/span><\/a><\/p>\n","protected":false},"author":2,"featured_media":0,"parent":363,"menu_order":0,"comment_status":"open","ping_status":"closed","template":"","meta":{"footnotes":""},"class_list":["post-55617","page","type-page","status-publish","hentry"],"_links":{"self":[{"href":"https:\/\/www.freiburg-schwarzwald.de\/blog\/wp-json\/wp\/v2\/pages\/55617","targetHints":{"allow":["GET"]}}],"collection":[{"href":"https:\/\/www.freiburg-schwarzwald.de\/blog\/wp-json\/wp\/v2\/pages"}],"about":[{"href":"https:\/\/www.freiburg-schwarzwald.de\/blog\/wp-json\/wp\/v2\/types\/page"}],"author":[{"embeddable":true,"href":"https:\/\/www.freiburg-schwarzwald.de\/blog\/wp-json\/wp\/v2\/users\/2"}],"replies":[{"embeddable":true,"href":"https:\/\/www.freiburg-schwarzwald.de\/blog\/wp-json\/wp\/v2\/comments?post=55617"}],"version-history":[{"count":5,"href":"https:\/\/www.freiburg-schwarzwald.de\/blog\/wp-json\/wp\/v2\/pages\/55617\/revisions"}],"predecessor-version":[{"id":149243,"href":"https:\/\/www.freiburg-schwarzwald.de\/blog\/wp-json\/wp\/v2\/pages\/55617\/revisions\/149243"}],"up":[{"embeddable":true,"href":"https:\/\/www.freiburg-schwarzwald.de\/blog\/wp-json\/wp\/v2\/pages\/363"}],"wp:attachment":[{"href":"https:\/\/www.freiburg-schwarzwald.de\/blog\/wp-json\/wp\/v2\/media?parent=55617"}],"curies":[{"name":"wp","href":"https:\/\/api.w.org\/{rel}","templated":true}]}}