{"id":54879,"date":"2015-06-08T13:26:53","date_gmt":"2015-06-08T11:26:53","guid":{"rendered":"https:\/\/www.freiburg-schwarzwald.de\/blog\/?page_id=54879"},"modified":"2022-05-31T20:03:27","modified_gmt":"2022-05-31T18:03:27","slug":"hinterwaldkopfhuette","status":"publish","type":"page","link":"https:\/\/www.freiburg-schwarzwald.de\/blog\/tourismus\/gastro\/huetten\/hinterwaldkopfhuette\/","title":{"rendered":"Hinterwaldkopfhuette"},"content":{"rendered":"<p><a title=\"Orte\" href=\"https:\/\/www.freiburg-schwarzwald.de\/blog\/\">Home<\/a> &gt;<a title=\"Tourismus\" href=\"https:\/\/www.freiburg-schwarzwald.de\/blog\/tourismus\/\">Tourismus<\/a> &gt;<a title=\"Gastro\" href=\"https:\/\/www.freiburg-schwarzwald.de\/blog\/tourismus\/gastro\/\">Gastro<\/a> &gt;<a title=\"Huetten\" href=\"https:\/\/www.freiburg-schwarzwald.de\/blog\/tourismus\/gastro\/huetten\/\">Huetten<\/a> &gt;Hinterwaldkopfh\u00fctte<\/p>\n<div id=\"attachment_54890\" style=\"width: 609px\" class=\"wp-caption alignnone\"><a href=\"https:\/\/www.freiburg-schwarzwald.de\/blog\/tourismus\/gastro\/huetten\/hinterwaldkopfhuette\/hinterwaldkopf4pan-080805\/\" rel=\"attachment wp-att-54890\"><img loading=\"lazy\" decoding=\"async\" aria-describedby=\"caption-attachment-54890\" class=\"size-full wp-image-54890\" src=\"https:\/\/www.freiburg-schwarzwald.de\/blog\/wp-content\/uploads\/2015\/06\/hinterwaldkopf4pan-080805.jpg\" alt=\"Tele-Blick von Tote Mann zu Hinterwaldkopf und Hinterwaldkopfh\u00fctte (rechts) am 5.8.2008\" width=\"599\" height=\"163\" srcset=\"https:\/\/www.freiburg-schwarzwald.de\/blog\/wp-content\/uploads\/2015\/06\/hinterwaldkopf4pan-080805.jpg 599w, https:\/\/www.freiburg-schwarzwald.de\/blog\/wp-content\/uploads\/2015\/06\/hinterwaldkopf4pan-080805-180x48.jpg 180w\" sizes=\"auto, (max-width: 599px) 100vw, 599px\" \/><\/a><p id=\"caption-attachment-54890\" class=\"wp-caption-text\">Tele-Blick von Tote Mann zu Hinterwaldkopf und Hinterwaldkopfh\u00fctte (rechts) am 5.8.2008<\/p><\/div>\n<p>&nbsp;<\/p>\n<ul>\n<li><a href=\"https:\/\/www.freiburg-schwarzwald.de\/blog\/regio\/orte\/hinterzarten\/\">Wanderung: Hinterzarten \u2013 Alpersbach \u2013 Hinterwaldkopf \u2013 Kirchzarten<\/a> (5.5.2021)<\/li>\n<li>Silvia und Peter Kowalczyk neue H\u00fcttenwirte (25.11.2011)<\/li>\n<li><strong><a href=\"https:\/\/www.freiburg-schwarzwald.de\/hinterwaldkopfhuette.htm\">https:\/\/www.freiburg-schwarzwald.de\/hinterwaldkopfhuette.htm<\/a> &gt;Archivseite (viele Bilder)<\/strong><\/li>\n<li>Hinterwaldkopfh\u00fctte &#8211; zwischen H\u00f6llental und Zastlertal, zwischen Hinterzarten und Kirchzarten<\/li>\n<li><\/li>\n<li><a title=\"Erlenbacher\" href=\"https:\/\/www.freiburg-schwarzwald.de\/blog\/tourismus\/gastro\/huetten\/erlenbacher\/\">Erlenbacher H\u00fctte<\/a><\/li>\n<li><a href=\"https:\/\/www.freiburg-schwarzwald.de\/blog\/tourismus\/gastro\/huetten\/stollenbach\/\">Stollenbacher H\u00fctte<\/a><\/li>\n<li><a title=\"Wilhelmerhuette\" href=\"https:\/\/www.freiburg-schwarzwald.de\/blog\/tourismus\/gastro\/huetten\/wilhelmerhuette\/\">St.Wilhelmerh\u00fctte<\/a><\/li>\n<\/ul>\n<p>&nbsp;<\/p>\n<p><strong>Hinterwaldkopfh\u00fctte &#8211; zwischen H\u00f6llental und Zastlertal, zwischen Hinterzarten und Kirchzarten<\/strong><\/p>\n<p>Hinterwaldkopfh\u00fctte &#8211; auch im Winter ge\u00f6ffnet!<br \/>\nSilvia und Peter Kowalczyk, <a href=\"mailto:info@hinterwaldkopf-huette.de\">info@hinterwaldkopf-huette.de<\/a><br \/>\nHinterwaldkopfh\u00fctte, Tel Oberried 07661\/3314<br \/>\nPostanschrift: Postfach 1101, Hinterwaldkopf 1, 79854 Hinterzarten<br \/>\n<a href=\"https:\/\/www.hinterwaldkopf-huette.de\/\">www.hinterwaldkopf-huette.de<br \/>\n<\/a>\u00d6ffnung: 10 &#8211; 19 Uhr &#8211; dienstags Ruhetag<br \/>\nBei rechtzeitiger Anmeldung k\u00f6nnen Sie bei uns ebenfalls Ihr Fest in geschlossenem Rahmen buchen<br \/>\nZugangsm\u00f6glichkeiten &#8211; viele Wege f\u00fchren zur Hinterwaldkopfh\u00fctte:<\/p>\n<ul>\n<li>Von Nordosten: Wanderbus von Hinterzarten bis Hanselehof in Alpersbach, dann 40 Minuten zu Fu\u00df auf einem fast ebenen bequemen Waldweg.<\/li>\n<li>Von Osten: Beim Rinkenparkplatz das Auto abstellen und dann \u00fcber den Dr.-Ganter-Weg in 1.5 Stunden fast eben zur Hinterwaldkopfh\u00fctte.<\/li>\n<li>Von Westen: Von der <a href=\"https:\/\/www.freiburg-schwarzwald.de\/hoefener.htm\">H\u00f6fener H\u00fctte<\/a> (Parkm\u00f6glichkeit) \u00fcber Roteck und Hinterwaldkopf zur Hinterwaldkopfh\u00fctte.<\/li>\n<li>Von S\u00fcden: Sch\u00f6ne Radtour von Freiburg aus \u00fcber Oberried ins Zastlertal. Dort vorbei am Mederlehof und nach ca 300 m dann in der Rechtskurve nicht weiter hoch zum Rinken, sondern gerade aus auf dem Hinterwaldweg hoch zur Hinterwaldkopfh\u00fctte.<\/li>\n<\/ul>\n<p>Unweit der H\u00fctte liegt das <a href=\"https:\/\/www.freiburg-schwarzwald.de\/oberried5.htm#Mederleh\u00e4usle am Hinterwaldkopf\">Mederle-Berghaus<\/a>.<br \/>\nDie Hinterwaldkopfh\u00fctte wird auf einigen Landkarten noch als Weilersbacher Viehh\u00fctte bezeichnet.<br \/>\nLeider gibt auch die neu errichtete Beschilderung der Wanderwege durch den Schwarzwaldverein (auch nicht die auf der zur H\u00fctte geh\u00f6renden Weidefl\u00e4che) nicht einen einzigen Hinweis auf die Hinterwaldkopfh\u00fctte.<\/p>\n<p>============================================<\/p>\n<p>&nbsp;<\/p>\n<p><strong>Silvia und Peter Kowalczyk neue H\u00fcttenwirte<\/strong><\/p>\n<p>Nach neun Jahren auf der Baldenweger H\u00fctte unterhalb des Feldberges wechselten Silvia und Peter Kowalczyk k\u00fcrzlich zur \u201eWeilersbacher Viehh\u00fctte\u201c, wie die Hinterwaldkopfh\u00fctte eigentlich hei\u00dft. Wie bei anderen H\u00fctten im Feldberggebiet umfasst das T\u00e4tigkeitsfeld des H\u00fcttenwirts auch die Betreuung einer Viehherde im Sommer. Von Anfang Juni bis Mitte Oktober verbringen etwa 50 Jungtiere von \u00fcberwiegend Weilersbacher Landwirten den Sommer auf den Hochweiden im Hinterwaldkopfgebiet. Silvia Kowalczyk ist gelernte Restaurantfachfrau, ihr Mann Peter gelernter Koch. Das Speisenangebot umfasst \u201eBadisch-Alpenl\u00e4ndisches\u201c, darunter der \u00e4u\u00dferst schmackhafte \u201ePfannenschlag\u201c, ein Gericht aus Blut- und Leberwurst mit Bratkartoffeln, Tiroler Gr\u00f6stel, aber auch Schweinekrustenbraten mit Kn\u00f6del, Wurstsalat und Eintopfgerichte sowie wochenends einen wechselnden Sonntagsbraten. Neu auf der Hinterwaldkopfh\u00fctte ist Bier vom Fass sowie bayerisches Wei\u00dfbier.<br \/>\nErstmals hat die Hinterwaldkopfh\u00fctte auch im Winter ge\u00f6ffnet, und zwar Mi. &#8211; So. 10 bis 17 Uhr, Ruhetage sind Montag und Dienstag. Die ca. 50 Pl\u00e4tze im Inneren und die 50 &#8211; 60 auf der zurzeit sonnigen Au\u00dfenterrasse laden Wanderer und Mountainbiker ein. Daneben eignet sich das Berggasthaus auch f\u00fcr Familien-, Betriebs- und Weihnachtsfeiern. Anfahrt \u00fcber Hinterzarten-Alpersbach und dann eine halbe Stunde zu Fu\u00df ab Hanselehofparkplatz, bei Schnee auf der gespurten Loipe.<br \/>\n25.11.2011, <a href=\"https:\/\/www.dreisamtaeler.de\/\">www.dreisamtaeler.de<\/a><\/p>\n","protected":false},"excerpt":{"rendered":"<p>Home &gt;Tourismus &gt;Gastro &gt;Huetten &gt;Hinterwaldkopfh\u00fctte &nbsp; Wanderung: Hinterzarten \u2013 Alpersbach \u2013 Hinterwaldkopf \u2013 Kirchzarten (5.5.2021) Silvia und Peter Kowalczyk neue H\u00fcttenwirte (25.11.2011) https:\/\/www.freiburg-schwarzwald.de\/hinterwaldkopfhuette.htm &gt;Archivseite (viele Bilder) Hinterwaldkopfh\u00fctte &#8211; zwischen H\u00f6llental und Zastlertal, zwischen Hinterzarten und Kirchzarten Erlenbacher H\u00fctte Stollenbacher H\u00fctte &hellip; <a href=\"https:\/\/www.freiburg-schwarzwald.de\/blog\/tourismus\/gastro\/huetten\/hinterwaldkopfhuette\/\">Weiterlesen <span class=\"meta-nav\">&rarr;<\/span><\/a><\/p>\n","protected":false},"author":2,"featured_media":0,"parent":3817,"menu_order":0,"comment_status":"open","ping_status":"closed","template":"","meta":{"footnotes":""},"class_list":["post-54879","page","type-page","status-publish","hentry"],"_links":{"self":[{"href":"https:\/\/www.freiburg-schwarzwald.de\/blog\/wp-json\/wp\/v2\/pages\/54879","targetHints":{"allow":["GET"]}}],"collection":[{"href":"https:\/\/www.freiburg-schwarzwald.de\/blog\/wp-json\/wp\/v2\/pages"}],"about":[{"href":"https:\/\/www.freiburg-schwarzwald.de\/blog\/wp-json\/wp\/v2\/types\/page"}],"author":[{"embeddable":true,"href":"https:\/\/www.freiburg-schwarzwald.de\/blog\/wp-json\/wp\/v2\/users\/2"}],"replies":[{"embeddable":true,"href":"https:\/\/www.freiburg-schwarzwald.de\/blog\/wp-json\/wp\/v2\/comments?post=54879"}],"version-history":[{"count":4,"href":"https:\/\/www.freiburg-schwarzwald.de\/blog\/wp-json\/wp\/v2\/pages\/54879\/revisions"}],"predecessor-version":[{"id":101401,"href":"https:\/\/www.freiburg-schwarzwald.de\/blog\/wp-json\/wp\/v2\/pages\/54879\/revisions\/101401"}],"up":[{"embeddable":true,"href":"https:\/\/www.freiburg-schwarzwald.de\/blog\/wp-json\/wp\/v2\/pages\/3817"}],"wp:attachment":[{"href":"https:\/\/www.freiburg-schwarzwald.de\/blog\/wp-json\/wp\/v2\/media?parent=54879"}],"curies":[{"name":"wp","href":"https:\/\/api.w.org\/{rel}","templated":true}]}}