{"id":54732,"date":"2015-05-29T21:11:01","date_gmt":"2015-05-29T19:11:01","guid":{"rendered":"https:\/\/www.freiburg-schwarzwald.de\/blog\/?page_id=54732"},"modified":"2025-04-13T12:34:45","modified_gmt":"2025-04-13T10:34:45","slug":"reichenau","status":"publish","type":"page","link":"https:\/\/www.freiburg-schwarzwald.de\/blog\/regio\/bodensee\/reichenau\/","title":{"rendered":"Reichenau"},"content":{"rendered":"<p><a href=\"https:\/\/www.freiburg-schwarzwald.de\/blog\">Home<\/a> &gt;<a title=\"Regio\" href=\"https:\/\/www.freiburg-schwarzwald.de\/blog\/regio\/\">Regio<\/a> &gt;<a title=\"Bodensee\" href=\"https:\/\/www.freiburg-schwarzwald.de\/blog\/regio\/bodensee\/\">Bodensee<\/a> &gt;Reichenau<\/p>\n<div id=\"attachment_90332\" style=\"width: 650px\" class=\"wp-caption alignnone\"><a href=\"https:\/\/www.freiburg-schwarzwald.de\/blog\/wp-content\/uploads\/2021\/05\/reichenau-salenstein-pan210503.jpg\"><img loading=\"lazy\" decoding=\"async\" aria-describedby=\"caption-attachment-90332\" class=\"size-full wp-image-90332\" src=\"https:\/\/www.freiburg-schwarzwald.de\/blog\/wp-content\/uploads\/2021\/05\/reichenau-salenstein-pan210503.jpg\" alt=\"\" width=\"640\" height=\"273\" srcset=\"https:\/\/www.freiburg-schwarzwald.de\/blog\/wp-content\/uploads\/2021\/05\/reichenau-salenstein-pan210503.jpg 640w, https:\/\/www.freiburg-schwarzwald.de\/blog\/wp-content\/uploads\/2021\/05\/reichenau-salenstein-pan210503-180x77.jpg 180w\" sizes=\"auto, (max-width: 640px) 100vw, 640px\" \/><\/a><p id=\"caption-attachment-90332\" class=\"wp-caption-text\">Blick von Salenstein\/Arenenberg (CH) nach Norden \u00fcber den Untersee zur Reichenau am 3.5.2021<\/p><\/div>\n<ul>\n<li><em>Listenauswahl eines Beitrags (Artikel\/Datum, Seite\/Inhalt):<span style=\"text-decoration: underline;\"> Klicken<\/span> oder scrollen\u00a0<\/em><\/li>\n<li>Bodensee-Niedrigwasser\u00a0 am 10.4.2025 (11.4.2025)<\/li>\n<li>1300 Jahre Reichenau 724 bis 2024: Buch der Verbundenheit (1.3.2024)<\/li>\n<li>Reichenau &#8211; Klostergr\u00fcndung im Jahr 724 (15.11.2020)<\/li>\n<li>Die Mettnau bei Radolfzell am 3.4.2020<\/li>\n<li>Auf der Reichenau am 3.4.2020)<\/li>\n<li>Mit dem Rad um die Insel Reichenau Ende Mai (28.5.2015)<\/li>\n<li><a href=\"https:\/\/www.freiburg-schwarzwald.de\/blog\/reichenau-gemuese-kultur-velo\/\">https:\/\/www.freiburg-schwarzwald.de\/blog\/reichenau-gemuese-kultur-velo\/<\/a> (13.8.2014)<\/li>\n<li><strong><a href=\"https:\/\/www.freiburg-schwarzwald.de\/reichenau.htm\">https:\/\/www.freiburg-schwarzwald.de\/reichenau.htm<\/a> \u00a0&gt;Archivseite Reichenau<\/strong><\/li>\n<li><\/li>\n<li><a title=\"Bodensee\" href=\"https:\/\/www.freiburg-schwarzwald.de\/blog\/regio\/bodensee\/\">Bodensee<\/a><\/li>\n<li><a href=\"https:\/\/www.freiburg-schwarzwald.de\/blog\/regio\/bodensee\/bodensee-untersee\/\">Bodensee-Untersee<\/a><\/li>\n<li><a href=\"https:\/\/www.freiburg-schwarzwald.de\/blog\/natur\/naturfreunde-baden\/\">Naturfreunde Radolfzell-Markelfingen<\/a><\/li>\n<\/ul>\n<p>&nbsp;<\/p>\n<p><strong>Bodensee-Niedrigwasser\u00a0 am 10.4.2025<\/strong><\/p>\n<div id=\"attachment_132661\" style=\"width: 650px\" class=\"wp-caption alignnone\"><a href=\"https:\/\/www.freiburg-schwarzwald.de\/blog\/wp-content\/uploads\/2025\/04\/reichenau1niederzell-pan250410.jpg\"><img loading=\"lazy\" decoding=\"async\" aria-describedby=\"caption-attachment-132661\" class=\"size-full wp-image-132661\" src=\"https:\/\/www.freiburg-schwarzwald.de\/blog\/wp-content\/uploads\/2025\/04\/reichenau1niederzell-pan250410.jpg\" alt=\"\" width=\"640\" height=\"363\" srcset=\"https:\/\/www.freiburg-schwarzwald.de\/blog\/wp-content\/uploads\/2025\/04\/reichenau1niederzell-pan250410.jpg 640w, https:\/\/www.freiburg-schwarzwald.de\/blog\/wp-content\/uploads\/2025\/04\/reichenau1niederzell-pan250410-180x102.jpg 180w\" sizes=\"auto, (max-width: 640px) 100vw, 640px\" \/><\/a><p id=\"caption-attachment-132661\" class=\"wp-caption-text\">Blick nach Niederzell\/Reichenau am 10.4.2025: Bodensee Wasser Tiefstand<\/p><\/div>\n<h5><a href=\"https:\/\/www.freiburg-schwarzwald.de\/blog\/wp-content\/uploads\/2025\/04\/reichenau0wollmatingerried-niedrigwasser50407.jpg\"><img loading=\"lazy\" decoding=\"async\" class=\"alignnone size-thumbnail wp-image-132650\" src=\"https:\/\/www.freiburg-schwarzwald.de\/blog\/wp-content\/uploads\/2025\/04\/reichenau0wollmatingerried-niedrigwasser50407-180x120.jpg\" alt=\"\" width=\"180\" height=\"120\" srcset=\"https:\/\/www.freiburg-schwarzwald.de\/blog\/wp-content\/uploads\/2025\/04\/reichenau0wollmatingerried-niedrigwasser50407-180x120.jpg 180w, https:\/\/www.freiburg-schwarzwald.de\/blog\/wp-content\/uploads\/2025\/04\/reichenau0wollmatingerried-niedrigwasser50407-640x427.jpg 640w, https:\/\/www.freiburg-schwarzwald.de\/blog\/wp-content\/uploads\/2025\/04\/reichenau0wollmatingerried-niedrigwasser50407-768x513.jpg 768w, https:\/\/www.freiburg-schwarzwald.de\/blog\/wp-content\/uploads\/2025\/04\/reichenau0wollmatingerried-niedrigwasser50407.jpg 800w\" sizes=\"auto, (max-width: 180px) 100vw, 180px\" \/><\/a>\u00a0 \u00a0 \u00a0 \u00a0 \u00a0 <a href=\"https:\/\/www.freiburg-schwarzwald.de\/blog\/wp-content\/uploads\/2025\/04\/reichenau1niederzell250410.jpg\"><img loading=\"lazy\" decoding=\"async\" class=\"alignnone size-thumbnail wp-image-132651\" src=\"https:\/\/www.freiburg-schwarzwald.de\/blog\/wp-content\/uploads\/2025\/04\/reichenau1niederzell250410-180x135.jpg\" alt=\"\" width=\"180\" height=\"135\" srcset=\"https:\/\/www.freiburg-schwarzwald.de\/blog\/wp-content\/uploads\/2025\/04\/reichenau1niederzell250410-180x135.jpg 180w, https:\/\/www.freiburg-schwarzwald.de\/blog\/wp-content\/uploads\/2025\/04\/reichenau1niederzell250410-640x480.jpg 640w, https:\/\/www.freiburg-schwarzwald.de\/blog\/wp-content\/uploads\/2025\/04\/reichenau1niederzell250410-1024x768.jpg 1024w, https:\/\/www.freiburg-schwarzwald.de\/blog\/wp-content\/uploads\/2025\/04\/reichenau1niederzell250410-768x576.jpg 768w, https:\/\/www.freiburg-schwarzwald.de\/blog\/wp-content\/uploads\/2025\/04\/reichenau1niederzell250410.jpg 1059w\" sizes=\"auto, (max-width: 180px) 100vw, 180px\" \/><\/a><br \/>\nWollmatinger Ried\u00a0 \u00a0 \u00a0 \u00a0 \u00a0 \u00a0 \u00a0 \u00a0 \u00a0 \u00a0 \u00a0 \u00a0 \u00a0 \u00a0 \u00a0 \u00a0 \u00a0 \u00a0 \u00a0 Niederzell<\/h5>\n<h5><a href=\"https:\/\/www.freiburg-schwarzwald.de\/blog\/wp-content\/uploads\/2025\/04\/reichenau2niederzell-storch250410.jpg\"><img loading=\"lazy\" decoding=\"async\" class=\"alignnone size-thumbnail wp-image-132652\" src=\"https:\/\/www.freiburg-schwarzwald.de\/blog\/wp-content\/uploads\/2025\/04\/reichenau2niederzell-storch250410-180x145.jpg\" alt=\"\" width=\"180\" height=\"145\" srcset=\"https:\/\/www.freiburg-schwarzwald.de\/blog\/wp-content\/uploads\/2025\/04\/reichenau2niederzell-storch250410-180x145.jpg 180w, https:\/\/www.freiburg-schwarzwald.de\/blog\/wp-content\/uploads\/2025\/04\/reichenau2niederzell-storch250410-640x517.jpg 640w, https:\/\/www.freiburg-schwarzwald.de\/blog\/wp-content\/uploads\/2025\/04\/reichenau2niederzell-storch250410-768x620.jpg 768w, https:\/\/www.freiburg-schwarzwald.de\/blog\/wp-content\/uploads\/2025\/04\/reichenau2niederzell-storch250410.jpg 799w\" sizes=\"auto, (max-width: 180px) 100vw, 180px\" \/><\/a>\u00a0 \u00a0 \u00a0 \u00a0 \u00a0 <a href=\"https:\/\/www.freiburg-schwarzwald.de\/blog\/wp-content\/uploads\/2025\/04\/reichenau3niederzell-buergle250410.jpg\"><img loading=\"lazy\" decoding=\"async\" class=\"alignnone size-thumbnail wp-image-132653\" src=\"https:\/\/www.freiburg-schwarzwald.de\/blog\/wp-content\/uploads\/2025\/04\/reichenau3niederzell-buergle250410-180x135.jpg\" alt=\"\" width=\"180\" height=\"135\" srcset=\"https:\/\/www.freiburg-schwarzwald.de\/blog\/wp-content\/uploads\/2025\/04\/reichenau3niederzell-buergle250410-180x135.jpg 180w, https:\/\/www.freiburg-schwarzwald.de\/blog\/wp-content\/uploads\/2025\/04\/reichenau3niederzell-buergle250410-640x480.jpg 640w, https:\/\/www.freiburg-schwarzwald.de\/blog\/wp-content\/uploads\/2025\/04\/reichenau3niederzell-buergle250410-768x576.jpg 768w, https:\/\/www.freiburg-schwarzwald.de\/blog\/wp-content\/uploads\/2025\/04\/reichenau3niederzell-buergle250410.jpg 800w\" sizes=\"auto, (max-width: 180px) 100vw, 180px\" \/><\/a><br \/>\nNiedrigwasser\u00a0 \u00a0 \u00a0 \u00a0 \u00a0 \u00a0 \u00a0 \u00a0 \u00a0 \u00a0 \u00a0 \u00a0 \u00a0 \u00a0 \u00a0 \u00a0 \u00a0 \u00a0 \u00a0 \u00a0 \u00a0 \u00a0 \u00a0 \u00a0B\u00fcrgle<\/h5>\n<h5><a href=\"https:\/\/www.freiburg-schwarzwald.de\/blog\/wp-content\/uploads\/2025\/04\/reichenau4-stransseele-camping250410.jpg\"><img loading=\"lazy\" decoding=\"async\" class=\"alignnone size-thumbnail wp-image-132654\" src=\"https:\/\/www.freiburg-schwarzwald.de\/blog\/wp-content\/uploads\/2025\/04\/reichenau4-stransseele-camping250410-180x142.jpg\" alt=\"\" width=\"180\" height=\"142\" srcset=\"https:\/\/www.freiburg-schwarzwald.de\/blog\/wp-content\/uploads\/2025\/04\/reichenau4-stransseele-camping250410-180x142.jpg 180w, https:\/\/www.freiburg-schwarzwald.de\/blog\/wp-content\/uploads\/2025\/04\/reichenau4-stransseele-camping250410-640x506.jpg 640w, https:\/\/www.freiburg-schwarzwald.de\/blog\/wp-content\/uploads\/2025\/04\/reichenau4-stransseele-camping250410-768x608.jpg 768w, https:\/\/www.freiburg-schwarzwald.de\/blog\/wp-content\/uploads\/2025\/04\/reichenau4-stransseele-camping250410.jpg 800w\" sizes=\"auto, (max-width: 180px) 100vw, 180px\" \/><\/a>\u00a0 \u00a0 \u00a0 \u00a0 \u00a0 <a href=\"https:\/\/www.freiburg-schwarzwald.de\/blog\/wp-content\/uploads\/2025\/04\/reichenau5-stransseele-camping250410.jpg\"><img loading=\"lazy\" decoding=\"async\" class=\"alignnone size-thumbnail wp-image-132655\" src=\"https:\/\/www.freiburg-schwarzwald.de\/blog\/wp-content\/uploads\/2025\/04\/reichenau5-stransseele-camping250410-180x135.jpg\" alt=\"\" width=\"180\" height=\"135\" srcset=\"https:\/\/www.freiburg-schwarzwald.de\/blog\/wp-content\/uploads\/2025\/04\/reichenau5-stransseele-camping250410-180x135.jpg 180w, https:\/\/www.freiburg-schwarzwald.de\/blog\/wp-content\/uploads\/2025\/04\/reichenau5-stransseele-camping250410-640x480.jpg 640w, https:\/\/www.freiburg-schwarzwald.de\/blog\/wp-content\/uploads\/2025\/04\/reichenau5-stransseele-camping250410-768x576.jpg 768w, https:\/\/www.freiburg-schwarzwald.de\/blog\/wp-content\/uploads\/2025\/04\/reichenau5-stransseele-camping250410.jpg 800w\" sizes=\"auto, (max-width: 180px) 100vw, 180px\" \/><\/a><br \/>\nStrandseele Camping 10.4.2025<\/h5>\n<h5><a href=\"https:\/\/www.freiburg-schwarzwald.de\/blog\/wp-content\/uploads\/2025\/04\/reichenau6hohwart50410.jpg\"><img loading=\"lazy\" decoding=\"async\" class=\"alignnone size-thumbnail wp-image-132657\" src=\"https:\/\/www.freiburg-schwarzwald.de\/blog\/wp-content\/uploads\/2025\/04\/reichenau6hohwart50410-180x135.jpg\" alt=\"\" width=\"180\" height=\"135\" srcset=\"https:\/\/www.freiburg-schwarzwald.de\/blog\/wp-content\/uploads\/2025\/04\/reichenau6hohwart50410-180x135.jpg 180w, https:\/\/www.freiburg-schwarzwald.de\/blog\/wp-content\/uploads\/2025\/04\/reichenau6hohwart50410-640x480.jpg 640w, https:\/\/www.freiburg-schwarzwald.de\/blog\/wp-content\/uploads\/2025\/04\/reichenau6hohwart50410-768x576.jpg 768w, https:\/\/www.freiburg-schwarzwald.de\/blog\/wp-content\/uploads\/2025\/04\/reichenau6hohwart50410.jpg 800w\" sizes=\"auto, (max-width: 180px) 100vw, 180px\" \/><\/a>\u00a0 \u00a0 \u00a0 \u00a0 \u00a0 <a href=\"https:\/\/www.freiburg-schwarzwald.de\/blog\/wp-content\/uploads\/2025\/04\/reichenau7niedrigwasser50410.jpg\"><img loading=\"lazy\" decoding=\"async\" class=\"alignnone size-thumbnail wp-image-132658\" src=\"https:\/\/www.freiburg-schwarzwald.de\/blog\/wp-content\/uploads\/2025\/04\/reichenau7niedrigwasser50410-180x135.jpg\" alt=\"\" width=\"180\" height=\"135\" srcset=\"https:\/\/www.freiburg-schwarzwald.de\/blog\/wp-content\/uploads\/2025\/04\/reichenau7niedrigwasser50410-180x135.jpg 180w, https:\/\/www.freiburg-schwarzwald.de\/blog\/wp-content\/uploads\/2025\/04\/reichenau7niedrigwasser50410-640x480.jpg 640w, https:\/\/www.freiburg-schwarzwald.de\/blog\/wp-content\/uploads\/2025\/04\/reichenau7niedrigwasser50410-768x576.jpg 768w, https:\/\/www.freiburg-schwarzwald.de\/blog\/wp-content\/uploads\/2025\/04\/reichenau7niedrigwasser50410.jpg 800w\" sizes=\"auto, (max-width: 180px) 100vw, 180px\" \/><\/a><br \/>\nHohwart\u00a0 \u00a0 \u00a0 \u00a0 \u00a0 \u00a0 \u00a0 \u00a0 \u00a0 \u00a0 \u00a0 \u00a0 \u00a0 \u00a0 \u00a0 \u00a0 \u00a0 \u00a0 \u00a0 \u00a0 \u00a0 \u00a0 \u00a0 \u00a0 \u00a0 \u00a0 Niedrigwasser Mittelzell<\/h5>\n<p>Das Niedrigwasser macht es m\u00f6glich, die Reichenau auf dem steinigen breiten Uferstreifen zu Fu\u00df zu umrunden: Zum Beispiel vom Hafen Mittelzell nach Westen zum B\u00fcrgle, dann weiter nach S\u00fcden zum Camping Strandseele und weiter nach Osten bis zum Beginn des Wollmatinger Rieds &#8211; immer auf Sand und Steinen des nun wasserfreien Ufers.<br \/>\n10.11.2025<\/p>\n<p>&nbsp;<\/p>\n<p>&nbsp;<\/p>\n<p><strong>1300 Jahre Reichenau 724 bis 2024: Buch der Verbundenheit<\/strong><br \/>\n<strong>Zeitdokument als Band zwischen Gestern und Heute<\/strong><\/p>\n<p>Auftaktveranstaltung und erste Einschreibungen am 21. M\u00e4rz 2024.<br \/>\nProf. Dr. Dieter Geuenich f\u00fchrte in die Vorgeschichte des \u201eVerbr\u00fcderungs-Buches\u201c und dessen Aufgabe und Bedeutung <a href=\"https:\/\/www.verbunden-reichenau1300.de\/images\/R1300\/BuchDerVerbundenheit\/Eroeffnung\/D.Geuenich.pdf\">https:\/\/www.verbunden-reichenau1300.de\/images\/R1300\/BuchDerVerbundenheit\/Eroeffnung\/D.Geuenich.pdf<\/a> ein.<\/p>\n<p>Berthold Winkler, Dipl. Theologe und Projektleiter des \u201eReichenauer Buches der Verbundenheit\u201c, beschrieb den Hintergrund, warum das Verbr\u00fcderungsbuch auch \u201eBuch des Lebens\u201c (liber vitae) <a href=\"https:\/\/www.verbunden-reichenau1300.de\/images\/R1300\/BuchDerVerbundenheit\/Eroeffnung\/BdL-Rede%20BW.pdf\">https:\/\/www.verbunden-reichenau1300.de\/images\/R1300\/BuchDerVerbundenheit\/Eroeffnung\/BdL-Rede%20BW.pdf<\/a> genannt wird.<br \/>\n.<\/p>\n<div id=\"attachment_132703\" style=\"width: 650px\" class=\"wp-caption alignnone\"><a href=\"https:\/\/www.freiburg-schwarzwald.de\/blog\/wp-content\/uploads\/2025\/04\/reichenau1300-buch-der-verbundenheit-pan240321.jpg\"><img loading=\"lazy\" decoding=\"async\" aria-describedby=\"caption-attachment-132703\" class=\"size-full wp-image-132703\" src=\"https:\/\/www.freiburg-schwarzwald.de\/blog\/wp-content\/uploads\/2025\/04\/reichenau1300-buch-der-verbundenheit-pan240321.jpg\" alt=\"\" width=\"640\" height=\"436\" srcset=\"https:\/\/www.freiburg-schwarzwald.de\/blog\/wp-content\/uploads\/2025\/04\/reichenau1300-buch-der-verbundenheit-pan240321.jpg 640w, https:\/\/www.freiburg-schwarzwald.de\/blog\/wp-content\/uploads\/2025\/04\/reichenau1300-buch-der-verbundenheit-pan240321-180x123.jpg 180w\" sizes=\"auto, (max-width: 640px) 100vw, 640px\" \/><\/a><p id=\"caption-attachment-132703\" class=\"wp-caption-text\">1300 Jahre Reichenau: Buch der Verbundenheit am 1.3.2024<\/p><\/div>\n<p>.<br \/>\nBild am Freitag den 1. M\u00e4rz 2024: \u00dcbergabe des neuen \u201eBuches der Verbundenheit\u201c von Prof. Dr. D. Geuenich und Berthold Winkler an P. Stephan OSB und Karl Wehrle. Nicht auf dem Bild ist Grafikdesigner und Fotograf Joachim Sauer, der das Layout des Buchs sowie dieser Webseite \u00fcbernommen hat.<br \/>\n&#8230; Alles bitte lesen auf <a href=\"https:\/\/www.verbunden-reichenau1300.de\/buch-der-verbundenheit-m\">https:\/\/www.verbunden-reichenau1300.de\/buch-der-verbundenheit-m<\/a><\/p>\n<p>Freilichtspiel:<br \/>\n<a href=\"https:\/\/www.reichenau-tourismus.de\/_Resources\/Persistent\/fd7d99fded8455a700d10986a1e6459080a55191\/Programmheft_Freilichspiele_Reichenau%20-%20Eine%20Zeitreise.pdf\">https:\/\/www.reichenau-tourismus.de\/_Resources\/Persistent\/fd7d99fded8455a700d10986a1e6459080a55191\/Programmheft_Freilichspiele_Reichenau%20-%20Eine%20Zeitreise.pdf<\/a><\/p>\n<p>Welterbe des Mittelalters &#8211; 1300 Jahre Klosterinsel Reichenau. Konstanz, Arch\u00e4ologisches Landesmuseum Baden-W\u00fcrttemberg, und Insel Reichenau, 20. April bis 20. Oktober 2024. Dazu gibt es einen umfassenden Katalog, einen Tagungsband, eine App und einen Podcast. Info: <a href=\"https:\/\/www.ausstellung-reichenau.de\">https:\/\/www.ausstellung-reichenau.de<\/a><\/p>\n<p><a href=\"https:\/\/www.sueddeutsche.de\/kultur\/reichenau-kloster-ausstellung-konstanz-1.6564186\">https:\/\/www.sueddeutsche.de\/kultur\/reichenau-kloster-ausstellung-konstanz-1.6564186<\/a><\/p>\n<p>.<\/p>\n<p><strong>Die Mettnau bei Radolfzell am 3.4.2020<\/strong><\/p>\n<h5><a href=\"https:\/\/www.freiburg-schwarzwald.de\/blog\/regio\/bodensee\/reichenau\/mettnau1-20200403\/\" rel=\"attachment wp-att-80552\"><img loading=\"lazy\" decoding=\"async\" class=\"alignnone size-thumbnail wp-image-80552\" src=\"https:\/\/www.freiburg-schwarzwald.de\/blog\/wp-content\/uploads\/2015\/05\/mettnau1-20200403-180x135.jpg\" alt=\"mettnau1-20200403\" width=\"180\" height=\"135\" srcset=\"https:\/\/www.freiburg-schwarzwald.de\/blog\/wp-content\/uploads\/2015\/05\/mettnau1-20200403-180x135.jpg 180w, https:\/\/www.freiburg-schwarzwald.de\/blog\/wp-content\/uploads\/2015\/05\/mettnau1-20200403-640x480.jpg 640w, https:\/\/www.freiburg-schwarzwald.de\/blog\/wp-content\/uploads\/2015\/05\/mettnau1-20200403.jpg 1009w\" sizes=\"auto, (max-width: 180px) 100vw, 180px\" \/><\/a>\u00a0 \u00a0 \u00a0 \u00a0 \u00a0 \u00a0<a href=\"https:\/\/www.freiburg-schwarzwald.de\/blog\/regio\/bodensee\/reichenau\/mettnau3solarboot20200403\/\" rel=\"attachment wp-att-80553\"><img loading=\"lazy\" decoding=\"async\" class=\"alignnone size-thumbnail wp-image-80553\" src=\"https:\/\/www.freiburg-schwarzwald.de\/blog\/wp-content\/uploads\/2015\/05\/mettnau3solarboot20200403-180x135.jpg\" alt=\"mettnau3solarboot20200403\" width=\"180\" height=\"135\" srcset=\"https:\/\/www.freiburg-schwarzwald.de\/blog\/wp-content\/uploads\/2015\/05\/mettnau3solarboot20200403-180x135.jpg 180w, https:\/\/www.freiburg-schwarzwald.de\/blog\/wp-content\/uploads\/2015\/05\/mettnau3solarboot20200403-640x480.jpg 640w, https:\/\/www.freiburg-schwarzwald.de\/blog\/wp-content\/uploads\/2015\/05\/mettnau3solarboot20200403.jpg 945w\" sizes=\"auto, (max-width: 180px) 100vw, 180px\" \/><\/a><br \/>\n(1) Mettnau, Blick nach S\u00fcden\u00a0 \u00a0 \u00a0 \u00a0(2) Mettnau: Blick nach Westen gen Radolfzell<\/h5>\n<p>&nbsp;<\/p>\n<p><strong>Auf der Reichenau am 3.4.2020<\/strong><\/p>\n<h5><a href=\"https:\/\/www.freiburg-schwarzwald.de\/blog\/regio\/bodensee\/reichenau\/allensbach-reichenau20200403\/\" rel=\"attachment wp-att-80554\"><img loading=\"lazy\" decoding=\"async\" class=\"alignnone size-thumbnail wp-image-80554\" src=\"https:\/\/www.freiburg-schwarzwald.de\/blog\/wp-content\/uploads\/2015\/05\/allensbach-reichenau20200403-180x134.jpg\" alt=\"allensbach-reichenau20200403\" width=\"180\" height=\"134\" srcset=\"https:\/\/www.freiburg-schwarzwald.de\/blog\/wp-content\/uploads\/2015\/05\/allensbach-reichenau20200403-180x134.jpg 180w, https:\/\/www.freiburg-schwarzwald.de\/blog\/wp-content\/uploads\/2015\/05\/allensbach-reichenau20200403-640x477.jpg 640w, https:\/\/www.freiburg-schwarzwald.de\/blog\/wp-content\/uploads\/2015\/05\/allensbach-reichenau20200403.jpg 880w\" sizes=\"auto, (max-width: 180px) 100vw, 180px\" \/><\/a>\u00a0 \u00a0 \u00a0 \u00a0 \u00a0 \u00a0<a href=\"https:\/\/www.freiburg-schwarzwald.de\/blog\/regio\/bodensee\/reichenau\/reichenau-schweiz20200403\/\" rel=\"attachment wp-att-80555\"><img loading=\"lazy\" decoding=\"async\" class=\"alignnone size-thumbnail wp-image-80555\" src=\"https:\/\/www.freiburg-schwarzwald.de\/blog\/wp-content\/uploads\/2015\/05\/reichenau-schweiz20200403-180x135.jpg\" alt=\"reichenau-schweiz20200403\" width=\"180\" height=\"135\" srcset=\"https:\/\/www.freiburg-schwarzwald.de\/blog\/wp-content\/uploads\/2015\/05\/reichenau-schweiz20200403-180x135.jpg 180w, https:\/\/www.freiburg-schwarzwald.de\/blog\/wp-content\/uploads\/2015\/05\/reichenau-schweiz20200403-640x480.jpg 640w, https:\/\/www.freiburg-schwarzwald.de\/blog\/wp-content\/uploads\/2015\/05\/reichenau-schweiz20200403.jpg 945w\" sizes=\"auto, (max-width: 180px) 100vw, 180px\" \/><\/a><br \/>\n(1) Blick von Allensbach zur Reichenau\u00a0 \u00a0(2) Blick nach S\u00fcdwesten zur Schweiz<\/h5>\n<h5><a href=\"https:\/\/www.freiburg-schwarzwald.de\/blog\/regio\/bodensee\/reichenau\/reichenau-radolfzell20200403\/\" rel=\"attachment wp-att-80556\"><img loading=\"lazy\" decoding=\"async\" class=\"alignnone size-thumbnail wp-image-80556\" src=\"https:\/\/www.freiburg-schwarzwald.de\/blog\/wp-content\/uploads\/2015\/05\/reichenau-radolfzell20200403-180x135.jpg\" alt=\"reichenau-radolfzell20200403\" width=\"180\" height=\"135\" srcset=\"https:\/\/www.freiburg-schwarzwald.de\/blog\/wp-content\/uploads\/2015\/05\/reichenau-radolfzell20200403-180x135.jpg 180w, https:\/\/www.freiburg-schwarzwald.de\/blog\/wp-content\/uploads\/2015\/05\/reichenau-radolfzell20200403-640x480.jpg 640w, https:\/\/www.freiburg-schwarzwald.de\/blog\/wp-content\/uploads\/2015\/05\/reichenau-radolfzell20200403.jpg 945w\" sizes=\"auto, (max-width: 180px) 100vw, 180px\" \/><\/a><br \/>\n(3) Blick nach Westen nach Radolfzell<\/h5>\n<h5><a href=\"https:\/\/www.freiburg-schwarzwald.de\/blog\/regio\/bodensee\/reichenau\/reichenau-konstanz20200403\/\" rel=\"attachment wp-att-80557\"><img loading=\"lazy\" decoding=\"async\" class=\"alignnone size-thumbnail wp-image-80557\" src=\"https:\/\/www.freiburg-schwarzwald.de\/blog\/wp-content\/uploads\/2015\/05\/reichenau-konstanz20200403-180x135.jpg\" alt=\"reichenau-konstanz20200403\" width=\"180\" height=\"135\" srcset=\"https:\/\/www.freiburg-schwarzwald.de\/blog\/wp-content\/uploads\/2015\/05\/reichenau-konstanz20200403-180x135.jpg 180w, https:\/\/www.freiburg-schwarzwald.de\/blog\/wp-content\/uploads\/2015\/05\/reichenau-konstanz20200403-640x480.jpg 640w, https:\/\/www.freiburg-schwarzwald.de\/blog\/wp-content\/uploads\/2015\/05\/reichenau-konstanz20200403.jpg 806w\" sizes=\"auto, (max-width: 180px) 100vw, 180px\" \/><\/a>\u00a0 \u00a0 \u00a0 \u00a0 \u00a0 \u00a0 \u00a0 \u00a0 \u00a0 \u00a0 \u00a0<a href=\"https:\/\/www.freiburg-schwarzwald.de\/blog\/regio\/bodensee\/reichenau\/reichenau-abends20200403\/\" rel=\"attachment wp-att-80558\"><img loading=\"lazy\" decoding=\"async\" class=\"alignnone size-thumbnail wp-image-80558\" src=\"https:\/\/www.freiburg-schwarzwald.de\/blog\/wp-content\/uploads\/2015\/05\/reichenau-abends20200403-180x135.jpg\" alt=\"reichenau-abends20200403\" width=\"180\" height=\"135\" srcset=\"https:\/\/www.freiburg-schwarzwald.de\/blog\/wp-content\/uploads\/2015\/05\/reichenau-abends20200403-180x135.jpg 180w, https:\/\/www.freiburg-schwarzwald.de\/blog\/wp-content\/uploads\/2015\/05\/reichenau-abends20200403-640x480.jpg 640w, https:\/\/www.freiburg-schwarzwald.de\/blog\/wp-content\/uploads\/2015\/05\/reichenau-abends20200403.jpg 944w\" sizes=\"auto, (max-width: 180px) 100vw, 180px\" \/><\/a><br \/>\n(4) Blick nach Osten gen Konstanz\u00a0 \u00a0 \u00a0 \u00a0 \u00a0 \u00a0(5) Abends<\/h5>\n<h5><\/h5>\n<p>&nbsp;<\/p>\n<p>&nbsp;<\/p>\n<p><strong>\u00a0Mit dem Rad um die Insel Reichenau Ende Mai\u00a0<\/strong><\/p>\n<h5><a href=\"https:\/\/www.freiburg-schwarzwald.de\/blog\/regio\/bodensee\/reichenau\/reichenau3bus-hohwart150528\/\" rel=\"attachment wp-att-54734\"><img loading=\"lazy\" decoding=\"async\" class=\"alignnone size-thumbnail wp-image-54734\" src=\"https:\/\/www.freiburg-schwarzwald.de\/blog\/wp-content\/uploads\/2015\/05\/reichenau3bus-hohwart150528-180x135.jpg\" alt=\"reichenau3bus-hohwart150528\" width=\"180\" height=\"135\" srcset=\"https:\/\/www.freiburg-schwarzwald.de\/blog\/wp-content\/uploads\/2015\/05\/reichenau3bus-hohwart150528-180x135.jpg 180w, https:\/\/www.freiburg-schwarzwald.de\/blog\/wp-content\/uploads\/2015\/05\/reichenau3bus-hohwart150528.jpg 640w\" sizes=\"auto, (max-width: 180px) 100vw, 180px\" \/><\/a>\u00a0 \u00a0 \u00a0 \u00a0 \u00a0\u00a0<a href=\"https:\/\/www.freiburg-schwarzwald.de\/blog\/regio\/bodensee\/reichenau\/reichenau4hohwart150528\/\" rel=\"attachment wp-att-54735\"><img loading=\"lazy\" decoding=\"async\" class=\"alignnone size-thumbnail wp-image-54735\" src=\"https:\/\/www.freiburg-schwarzwald.de\/blog\/wp-content\/uploads\/2015\/05\/reichenau4hohwart150528-180x135.jpg\" alt=\"reichenau4hohwart150528\" width=\"180\" height=\"135\" srcset=\"https:\/\/www.freiburg-schwarzwald.de\/blog\/wp-content\/uploads\/2015\/05\/reichenau4hohwart150528-180x135.jpg 180w, https:\/\/www.freiburg-schwarzwald.de\/blog\/wp-content\/uploads\/2015\/05\/reichenau4hohwart150528.jpg 640w\" sizes=\"auto, (max-width: 180px) 100vw, 180px\" \/><\/a>\u00a0 \u00a0 \u00a0 \u00a0 \u00a0\u00a0<a href=\"https:\/\/www.freiburg-schwarzwald.de\/blog\/regio\/bodensee\/reichenau\/reichenau1gurken150528\/\" rel=\"attachment wp-att-54737\"><img loading=\"lazy\" decoding=\"async\" class=\"alignnone size-thumbnail wp-image-54737\" src=\"https:\/\/www.freiburg-schwarzwald.de\/blog\/wp-content\/uploads\/2015\/05\/reichenau1gurken150528-135x180.jpg\" alt=\"reichenau1gurken150528\" width=\"135\" height=\"180\" srcset=\"https:\/\/www.freiburg-schwarzwald.de\/blog\/wp-content\/uploads\/2015\/05\/reichenau1gurken150528-135x180.jpg 135w, https:\/\/www.freiburg-schwarzwald.de\/blog\/wp-content\/uploads\/2015\/05\/reichenau1gurken150528.jpg 480w\" sizes=\"auto, (max-width: 135px) 100vw, 135px\" \/><\/a><br \/>\n(1) Reichenau-Bus am Hohwart\u00a0 (2) Hohwart am 28.5.2015\u00a0 \u00a0 \u00a0(3) Gurkenernte<\/h5>\n<h5><a href=\"https:\/\/www.freiburg-schwarzwald.de\/blog\/regio\/bodensee\/reichenau\/reichenau2see-putzete150528\/\" rel=\"attachment wp-att-54738\"><img loading=\"lazy\" decoding=\"async\" class=\"alignnone size-thumbnail wp-image-54738\" src=\"https:\/\/www.freiburg-schwarzwald.de\/blog\/wp-content\/uploads\/2015\/05\/reichenau2see-putzete150528-180x135.jpg\" alt=\"reichenau2see-putzete150528\" width=\"180\" height=\"135\" srcset=\"https:\/\/www.freiburg-schwarzwald.de\/blog\/wp-content\/uploads\/2015\/05\/reichenau2see-putzete150528-180x135.jpg 180w, https:\/\/www.freiburg-schwarzwald.de\/blog\/wp-content\/uploads\/2015\/05\/reichenau2see-putzete150528.jpg 640w\" sizes=\"auto, (max-width: 180px) 100vw, 180px\" \/><\/a>\u00a0 \u00a0 \u00a0 \u00a0 \u00a0\u00a0<a href=\"https:\/\/www.freiburg-schwarzwald.de\/blog\/regio\/bodensee\/reichenau\/reichenau5lauch150528\/\" rel=\"attachment wp-att-54739\"><img loading=\"lazy\" decoding=\"async\" class=\"alignnone size-thumbnail wp-image-54739\" src=\"https:\/\/www.freiburg-schwarzwald.de\/blog\/wp-content\/uploads\/2015\/05\/reichenau5lauch150528-180x135.jpg\" alt=\"reichenau5lauch150528\" width=\"180\" height=\"135\" srcset=\"https:\/\/www.freiburg-schwarzwald.de\/blog\/wp-content\/uploads\/2015\/05\/reichenau5lauch150528-180x135.jpg 180w, https:\/\/www.freiburg-schwarzwald.de\/blog\/wp-content\/uploads\/2015\/05\/reichenau5lauch150528.jpg 640w\" sizes=\"auto, (max-width: 180px) 100vw, 180px\" \/><\/a>\u00a0 \u00a0 \u00a0 \u00a0 \u00a0\u00a0<a href=\"https:\/\/www.freiburg-schwarzwald.de\/blog\/regio\/bodensee\/reichenau\/reichenau6ufer-weiden150528\/\" rel=\"attachment wp-att-54740\"><img loading=\"lazy\" decoding=\"async\" class=\"alignnone size-thumbnail wp-image-54740\" src=\"https:\/\/www.freiburg-schwarzwald.de\/blog\/wp-content\/uploads\/2015\/05\/reichenau6ufer-weiden150528-180x135.jpg\" alt=\"reichenau6ufer-weiden150528\" width=\"180\" height=\"135\" srcset=\"https:\/\/www.freiburg-schwarzwald.de\/blog\/wp-content\/uploads\/2015\/05\/reichenau6ufer-weiden150528-180x135.jpg 180w, https:\/\/www.freiburg-schwarzwald.de\/blog\/wp-content\/uploads\/2015\/05\/reichenau6ufer-weiden150528.jpg 640w\" sizes=\"auto, (max-width: 180px) 100vw, 180px\" \/><\/a><br \/>\n(4) Seeputzete Schiff der Landes BW \u00a0 (5) Bl\u00fchender Lauch am 28.5.2015\u00a0 \u00a0(6) Weiden am Westufer Reichenau<\/h5>\n<h5><a href=\"https:\/\/www.freiburg-schwarzwald.de\/blog\/regio\/bodensee\/reichenau\/reichenau7allensbach150528\/\" rel=\"attachment wp-att-54741\"><img loading=\"lazy\" decoding=\"async\" class=\"alignnone size-thumbnail wp-image-54741\" src=\"https:\/\/www.freiburg-schwarzwald.de\/blog\/wp-content\/uploads\/2015\/05\/reichenau7allensbach150528-180x135.jpg\" alt=\"reichenau7allensbach150528\" width=\"180\" height=\"135\" srcset=\"https:\/\/www.freiburg-schwarzwald.de\/blog\/wp-content\/uploads\/2015\/05\/reichenau7allensbach150528-180x135.jpg 180w, https:\/\/www.freiburg-schwarzwald.de\/blog\/wp-content\/uploads\/2015\/05\/reichenau7allensbach150528.jpg 640w\" sizes=\"auto, (max-width: 180px) 100vw, 180px\" \/><\/a>\u00a0 \u00a0 \u00a0 \u00a0 \u00a0\u00a0<a href=\"https:\/\/www.freiburg-schwarzwald.de\/blog\/regio\/bodensee\/reichenau\/reichenau8kinderflohmarkt150528\/\" rel=\"attachment wp-att-54742\"><img loading=\"lazy\" decoding=\"async\" class=\"alignnone size-thumbnail wp-image-54742\" src=\"https:\/\/www.freiburg-schwarzwald.de\/blog\/wp-content\/uploads\/2015\/05\/reichenau8kinderflohmarkt150528-180x135.jpg\" alt=\"reichenau8kinderflohmarkt150528\" width=\"180\" height=\"135\" srcset=\"https:\/\/www.freiburg-schwarzwald.de\/blog\/wp-content\/uploads\/2015\/05\/reichenau8kinderflohmarkt150528-180x135.jpg 180w, https:\/\/www.freiburg-schwarzwald.de\/blog\/wp-content\/uploads\/2015\/05\/reichenau8kinderflohmarkt150528.jpg 640w\" sizes=\"auto, (max-width: 180px) 100vw, 180px\" \/><\/a>\u00a0 \u00a0 \u00a0 \u00a0 \u00a0\u00a0<a href=\"https:\/\/www.freiburg-schwarzwald.de\/blog\/regio\/bodensee\/reichenau\/reichenau9alpen150528\/\" rel=\"attachment wp-att-54743\"><img loading=\"lazy\" decoding=\"async\" class=\"alignnone size-thumbnail wp-image-54743\" src=\"https:\/\/www.freiburg-schwarzwald.de\/blog\/wp-content\/uploads\/2015\/05\/reichenau9alpen150528-135x180.jpg\" alt=\"reichenau9alpen150528\" width=\"135\" height=\"180\" srcset=\"https:\/\/www.freiburg-schwarzwald.de\/blog\/wp-content\/uploads\/2015\/05\/reichenau9alpen150528-135x180.jpg 135w, https:\/\/www.freiburg-schwarzwald.de\/blog\/wp-content\/uploads\/2015\/05\/reichenau9alpen150528.jpg 480w\" sizes=\"auto, (max-width: 135px) 100vw, 135px\" \/><\/a><br \/>\n(7) Allensbach im Norden\u00a0 \u00a0 \u00a0 \u00a0 \u00a0 \u00a0 \u00a0 \u00a0 (8) Kinderflohmarkt Reichenau\u00a0 \u00a0 \u00a0 \u00a0 \u00a0 \u00a0 \u00a0 (9) Schweizer Alpen<\/h5>\n<p>Die Reichenau ist immer einen Besuch wert &#8211; auch am Donnerstag, den 28.5.2015: Um die 20 Grad, nur ein lauer Wind, trotz Pfingstferien ganz wenige Touristen, Alpensicht. Wir nehmen uns lange f\u00fcnf Stunden Zeit, um mit vielen Pausen, Ausblicken und Gespr\u00e4chen die Insel auf dem Radweg zu umrunden. Neu f\u00fcr uns: Allj\u00e4hrlich kommt ein Spezialboot des Landes Baden-W\u00fcrttemberg (4) zur Reichenau, um den Uferbereich von Unrat, Gras, Laub, \u00a0&#8230; zu befreien. Es gibt aggressive Schw\u00e4ne (7), die das Nest von Blessh\u00fchnern zerst\u00f6ren und die Brut ins Wasser werfen. Ohne ausl\u00e4ndische Erntehelfer kein Reichenauer Gem\u00fcse.<\/p>\n<hr \/>\n<p><strong>Reichenau &#8211; Klostergr\u00fcndung im Jahr 724<\/strong><br \/>\n<em>Seit 20 Jahren ist die Insel Reichenau Weltkulturerbe \/ 2024 soll an die Gr\u00fcndung des Klosters vor 1300 Jahren erinnert werden.<\/em><br \/>\nWindstill liegt der Bodensee in der Herbstsonne. Senioren sind auf E-Bikes unterwegs. Wenige Meter vom Seeufer entfernt ragen die T\u00fcrme der Niederzeller Kirche St. Peter und Paul in den wolkenlos blauen Himmel. Nahe dem romanischen Gotteshaus bereitet ein Landwirt sein Feld f\u00fcr den Winter vor. Und dann l\u00e4uten die Glocken zum Mittagsgebet. In ihren hellen Gew\u00e4ndern eilen zwei Benediktinerinnen und drei M\u00f6nche in die kleine Seitenkapelle. Wegen Corona k\u00f6nnen derzeit nur wenige G\u00e4ste zu den Gebetszeiten kommen. Pater Stephan Vorwerk stimmt ein Psalm-Gebet an: &#8222;Danket dem Herrn, denn er ist g\u00fctig, seine Huld w\u00e4hrt ewig.&#8220;<br \/>\n.<br \/>\nEin Jahrtausend nach Ende der mittelalterlichen Bl\u00fctezeit ist das kl\u00f6sterliche Leben auf die Insel Reichenau zur\u00fcckgekehrt. Als Pater Stephan vor knapp 20 Jahren die Idee zur Neugr\u00fcndung hatte, winkten viele ab. Bundesweit m\u00fcssen Kl\u00f6ster und Abteien wegen fehlender M\u00f6nche und Schwestern schlie\u00dfen.<br \/>\nUnd dann eine Neugr\u00fcndung wagen? Doch unterst\u00fctzt von Nikolaus Egender, den er als Abt der Dormitio-Abtei in Jerusalem kennen gelernt hatte, lie\u00df sich Pater Stephan nicht von seiner Idee abbringen. Seit 2004 ist die Reichenauer Cella als Teil der Beuroner Benediktinergemeinschaft offiziell registriert. Die drei M\u00f6nche wohnen \u2013 gemeinsam mit ihrem Labrador \u2013 im Pfarrhaus der Niederzeller Kirche. Nebenan in der Mesner-Wohnung leben seit 2017 zwei von den Philippinen stammende Benediktinerinnen.<\/p>\n<p>Nach einem sehr besonderen Corona-Jahr \u2013 im Fr\u00fchjahr der Lockdown, dann ein enormer Ansturm von Touristen und Besuchern \u2013 beginnen nun wieder ruhigere Monate. Erst recht seit den Corona-Beschr\u00e4nkungen im November. Auch die Feier des 20. Jubil\u00e4ums der Verleihung des Weltkulturerbetitels f\u00fcr die Klosterinsel, die am 30. November f\u00e4llig w\u00e4re, f\u00e4llt aus. Auch deshalb richten sich die Blicke bereits auf das Jahr 2024: Dann soll an die Gr\u00fcndung des Klosters Reichenau durch Bischof Pirmin vor 1300 Jahren erinnert werden. Neben einer gro\u00dfen kulturhistorischen Ausstellung sind Veranstaltungen, Konzerte und Tagungen geplant.<br \/>\nDas Jubil\u00e4umsmotto &#8222;Von der Klostergr\u00fcndung 724 bis zum Welterbe&#8220; k\u00f6nne deutlich machen, dass es um Kunst, Wissenschaft, Architektur und Religiosit\u00e4t geht, die bis heute nachwirken, sagt Karl Wehrle, Gesch\u00e4ftsf\u00fchrer des Verkehrsvereins Reichenau und im Vorstand der Stiftung Welterbe Klosterinsel Reichenau. Der Direktor des Badischen Landesmuseums Karlsruhe Eckart K\u00f6hne beschreibt die Reichenau als einen &#8222;Markstein in der Kloster-, Religions- und Kulturgeschichte in Europa&#8220; von kaum zu \u00fcbersch\u00e4tzender Bedeutung.<br \/>\n&#8222;Unsere Landesausstellung wird eine Einladung sein, die herausragenden Leistungen und das Erbe dieses mittelalterlichen Kulturzentrums neu kennenzulernen.&#8220;<br \/>\nDabei werden die Inselkirchen selbst die gr\u00f6\u00dften Ausstellungsst\u00fccke sein \u2013 mit ihren bedeutenden Wandmalereien in St. Georg in Oberzell oder der Schatzkammer des M\u00fcnsters. Das Jubil\u00e4umsjahr will erz\u00e4hlen, dass M\u00f6nche wie Walahfrid Strabo (um 808\u2013849) oder zwei Jahrhunderte sp\u00e4ter Hermann der Lahme (1013\u20131054), dem in diesem Jahr die Konstanzer M\u00fcnster-Festspiele galten, die Reichenau zum Forschungs- und Bildungszentrum machten.<br \/>\n.<br \/>\n<a href=\"https:\/\/www.freiburg-schwarzwald.de\/blog\/wp-content\/uploads\/2020\/11\/reichenau-konstanz-kreuzlingen.jpg\"><img loading=\"lazy\" decoding=\"async\" class=\"alignnone size-thumbnail wp-image-84827\" src=\"https:\/\/www.freiburg-schwarzwald.de\/blog\/wp-content\/uploads\/2020\/11\/reichenau-konstanz-kreuzlingen-180x124.jpg\" alt=\"\" width=\"180\" height=\"124\" srcset=\"https:\/\/www.freiburg-schwarzwald.de\/blog\/wp-content\/uploads\/2020\/11\/reichenau-konstanz-kreuzlingen-180x124.jpg 180w, https:\/\/www.freiburg-schwarzwald.de\/blog\/wp-content\/uploads\/2020\/11\/reichenau-konstanz-kreuzlingen-640x441.jpg 640w, https:\/\/www.freiburg-schwarzwald.de\/blog\/wp-content\/uploads\/2020\/11\/reichenau-konstanz-kreuzlingen-1024x705.jpg 1024w, https:\/\/www.freiburg-schwarzwald.de\/blog\/wp-content\/uploads\/2020\/11\/reichenau-konstanz-kreuzlingen-768x529.jpg 768w, https:\/\/www.freiburg-schwarzwald.de\/blog\/wp-content\/uploads\/2020\/11\/reichenau-konstanz-kreuzlingen.jpg 1046w\" sizes=\"auto, (max-width: 180px) 100vw, 180px\" \/><\/a><br \/>\nBlick \u00fcber die Reichenau nach Osten gen Konstanz oben links) und Kreuzlingen\/CH<br \/>\n.<br \/>\nHier wurden kirchliche und politische Eliten ausgebildet. Karolinger und Ottonen suchten den Rat der M\u00f6nche. Die Reichenauer Handschriften wirkten mit ihren Miniaturen stilbildend f\u00fcr die Kunstgeschichte der folgenden Jahrhunderte. Einige Manuskripte, die zum Unesco-Weltdokumentenerbe geh\u00f6ren und in verschiedenen Archive und Bibliotheken verstreut sind, k\u00f6nnten f\u00fcr die Ausstellung auf die Insel zur\u00fcckkehren.<br \/>\nAuch die Erzdi\u00f6zese Freiburg will sich beteiligen. F\u00fcr Erzbischof Stephan Burger ist die Reichenau eine der &#8222;Wurzeln des Christentums in unserer Region&#8220;. Bis heute sei die Insel ein wichtiger spiritueller Ort. Obwohl au\u00dfer den Kirchengeb\u00e4uden kaum Spuren des mittelalterlichen Klosters zu sehen sind. Ab dem zw\u00f6lften Jahrhundert verlor das Kloster an Bedeutung, musste seine Selbstst\u00e4ndigkeit an den Konstanzer Bischof abgeben und wurde mit der S\u00e4kularisation aufgehoben.<br \/>\nIn den kommenden Monaten will ein wissenschaftlicher Beirat die Grundz\u00fcge des Festjahrs erarbeiten. Die Vorarbeiten der Landesausstellung haben begonnen. Ein Managementplan soll Entwicklungsperspektiven f\u00fcr Erhalt und Pflege des Weltkulturerbes aufzeigen. Den Planern ist bewusst, dass nicht mehr viel Zeit bleibt.<br \/>\n1.11.2020, Volker Hasenauer<\/p>\n<div id=\"attachment_122797\" style=\"width: 650px\" class=\"wp-caption alignnone\"><a href=\"https:\/\/www.freiburg-schwarzwald.de\/blog\/wp-content\/uploads\/2024\/04\/reichenau-alpen-pan.jpg\"><img loading=\"lazy\" decoding=\"async\" aria-describedby=\"caption-attachment-122797\" class=\"size-full wp-image-122797\" src=\"https:\/\/www.freiburg-schwarzwald.de\/blog\/wp-content\/uploads\/2024\/04\/reichenau-alpen-pan.jpg\" alt=\"\" width=\"640\" height=\"357\" srcset=\"https:\/\/www.freiburg-schwarzwald.de\/blog\/wp-content\/uploads\/2024\/04\/reichenau-alpen-pan.jpg 640w, https:\/\/www.freiburg-schwarzwald.de\/blog\/wp-content\/uploads\/2024\/04\/reichenau-alpen-pan-180x100.jpg 180w\" sizes=\"auto, (max-width: 640px) 100vw, 640px\" \/><\/a><p id=\"caption-attachment-122797\" class=\"wp-caption-text\">Blick nach S\u00fcden \u00fcber die Insel Reichenau bis zu den Schweizer Alpen<\/p><\/div>\n","protected":false},"excerpt":{"rendered":"<p>Home &gt;Regio &gt;Bodensee &gt;Reichenau Listenauswahl eines Beitrags (Artikel\/Datum, Seite\/Inhalt): Klicken oder scrollen\u00a0 Bodensee-Niedrigwasser\u00a0 am 10.4.2025 (11.4.2025) 1300 Jahre Reichenau 724 bis 2024: Buch der Verbundenheit (1.3.2024) Reichenau &#8211; Klostergr\u00fcndung im Jahr 724 (15.11.2020) Die Mettnau bei Radolfzell am 3.4.2020 Auf &hellip; <a href=\"https:\/\/www.freiburg-schwarzwald.de\/blog\/regio\/bodensee\/reichenau\/\">Weiterlesen <span class=\"meta-nav\">&rarr;<\/span><\/a><\/p>\n","protected":false},"author":2,"featured_media":0,"parent":3330,"menu_order":0,"comment_status":"open","ping_status":"closed","template":"","meta":{"footnotes":""},"class_list":["post-54732","page","type-page","status-publish","hentry"],"_links":{"self":[{"href":"https:\/\/www.freiburg-schwarzwald.de\/blog\/wp-json\/wp\/v2\/pages\/54732","targetHints":{"allow":["GET"]}}],"collection":[{"href":"https:\/\/www.freiburg-schwarzwald.de\/blog\/wp-json\/wp\/v2\/pages"}],"about":[{"href":"https:\/\/www.freiburg-schwarzwald.de\/blog\/wp-json\/wp\/v2\/types\/page"}],"author":[{"embeddable":true,"href":"https:\/\/www.freiburg-schwarzwald.de\/blog\/wp-json\/wp\/v2\/users\/2"}],"replies":[{"embeddable":true,"href":"https:\/\/www.freiburg-schwarzwald.de\/blog\/wp-json\/wp\/v2\/comments?post=54732"}],"version-history":[{"count":5,"href":"https:\/\/www.freiburg-schwarzwald.de\/blog\/wp-json\/wp\/v2\/pages\/54732\/revisions"}],"predecessor-version":[{"id":132704,"href":"https:\/\/www.freiburg-schwarzwald.de\/blog\/wp-json\/wp\/v2\/pages\/54732\/revisions\/132704"}],"up":[{"embeddable":true,"href":"https:\/\/www.freiburg-schwarzwald.de\/blog\/wp-json\/wp\/v2\/pages\/3330"}],"wp:attachment":[{"href":"https:\/\/www.freiburg-schwarzwald.de\/blog\/wp-json\/wp\/v2\/media?parent=54732"}],"curies":[{"name":"wp","href":"https:\/\/api.w.org\/{rel}","templated":true}]}}