{"id":54629,"date":"2015-05-22T13:16:36","date_gmt":"2015-05-22T11:16:36","guid":{"rendered":"https:\/\/www.freiburg-schwarzwald.de\/blog\/?page_id=54629"},"modified":"2026-08-26T12:15:32","modified_gmt":"2026-08-26T10:15:32","slug":"evangelisch","status":"publish","type":"page","link":"https:\/\/www.freiburg-schwarzwald.de\/blog\/religion\/evangelisch\/","title":{"rendered":"Evangelisch"},"content":{"rendered":"<p><a href=\"https:\/\/www.freiburg-schwarzwald.de\/blog\">Home<\/a> &gt;<a title=\"Religion\" href=\"https:\/\/www.freiburg-schwarzwald.de\/blog\/religion\/\">Religion<\/a> &gt;Evangelisch<\/p>\n<div id=\"attachment_54631\" style=\"width: 649px\" class=\"wp-caption alignnone\"><a href=\"https:\/\/www.freiburg-schwarzwald.de\/blog\/religion\/evangelisch\/azaleen-pan150420\/\" rel=\"attachment wp-att-54631\"><img loading=\"lazy\" decoding=\"async\" aria-describedby=\"caption-attachment-54631\" class=\"size-full wp-image-54631\" src=\"https:\/\/www.freiburg-schwarzwald.de\/blog\/wp-content\/uploads\/2015\/05\/azaleen-pan150420.jpg\" alt=\"Bl\u00fchender Fr\u00fchling - Azaleen im Konrad-Guenther-Park Freiburg am 1. Mai 2015\" width=\"639\" height=\"248\" srcset=\"https:\/\/www.freiburg-schwarzwald.de\/blog\/wp-content\/uploads\/2015\/05\/azaleen-pan150420.jpg 639w, https:\/\/www.freiburg-schwarzwald.de\/blog\/wp-content\/uploads\/2015\/05\/azaleen-pan150420-180x69.jpg 180w\" sizes=\"auto, (max-width: 639px) 100vw, 639px\" \/><\/a><p id=\"caption-attachment-54631\" class=\"wp-caption-text\">Bl\u00fchender Fr\u00fchling &#8211; Azaleen im Konrad-Guenther-Park Freiburg am 1. Mai 2015<\/p><\/div>\n<ul>\n<li><em>Listenauswahl eines Beitrags (Artikel\/Datum, Seite\/Inhalt):\u00a0<span style=\"text-decoration: underline;\">Klicken<\/span>\u00a0oder scrollen<\/em><\/li>\n<li><a href=\"https:\/\/www.freiburg-schwarzwald.de\/blog\/global\/israel\/israel-hamas\/\">Hamas-ARD-Berichterstattung von der Tann preisgekr\u00f6nt \u2013 Offener Brief<\/a>\u00a0(23.8.2026)<\/li>\n<li><a href=\"https:\/\/www.freiburg-schwarzwald.de\/blog\/religion\/islam\/ramadan\/\">Eid Mubarak (gesegneter Ramadan), liebes ZDF! \u2013 B\u00f6se Kirche, guter Islam<\/a>\u00a0(20.3.2026)<\/li>\n<li>Achijah Zorn: Die freche Stimme aus der Kirche vom \u201ebl\u00fchenden Abstellgleis\u201c (18.1.2026)<\/li>\n<li><a href=\"https:\/\/www.freiburg-schwarzwald.de\/blog\/religion\/oekumene\/\">12.000 Besucher in Augsburg: Glaubensfestival verunsichert linke Moralapostel<\/a> (30.12.2025)<\/li>\n<li><a href=\"https:\/\/www.freiburg-schwarzwald.de\/blog\/religion\/kirchen\/kirchen-partei\/\">Warum uns die lieblose Kirche auch zu Weihnachten nicht weiter st\u00f6rt<\/a>\u00a0(25.12.2025)<\/li>\n<li><a href=\"https:\/\/www.freiburg-schwarzwald.de\/blog\/religion\/kirchen\/kirchen-partei\/\">Die Kirchen k\u00e4mpfen gegen die AfD und den Klimawandel: Sie sind zur Partei geworden und betteln um Austritte<\/a>\u00a0(18.12.2025)<\/li>\n<li><a href=\"https:\/\/www.freiburg-schwarzwald.de\/blog\/christenfeindlichkeit-das-tabu\/\">Christenfeindlichkeit \u2013 das\u00a0Tabu<\/a>\u00a0(14.12.2025)<\/li>\n<li><a href=\"https:\/\/www.freiburg-schwarzwald.de\/blog\/religion\/christen\/christenfeindlichkeit\/\">Christenverfolgung: Auch in Deutschland immer mehr Brandanschl\u00e4ge<\/a>\u00a0(17.11.2025)<\/li>\n<li><a href=\"https:\/\/www.freiburg-schwarzwald.de\/blog\/christentum-in-den-medien\/\">Christentum in den Medien<\/a>\u00a0(7.10.2025)<\/li>\n<li><a href=\"https:\/\/www.freiburg-schwarzwald.de\/blog\/religion\/kirchen\/auferstehung\/\">Anke Ruth-Klumbies, 2009-2012 Pfarrerin an der Auferstehungskirche, verstorben<\/a> (7.10.2025)<\/li>\n<li><a href=\"https:\/\/www.freiburg-schwarzwald.de\/blog\/religion\/christen\/evangelium\/\">Das ignorierte Evangelium \u2013 Deutsche zur Trauerfeier f\u00fcr Charlie Kirk<\/a>\u00a0(5.10.2025)<\/li>\n<li><a href=\"https:\/\/www.freiburg-schwarzwald.de\/blog\/global\/usa\/usa-christen\/\">Christen, Evangelikale, Katholiken in den USA<\/a> (27.9.2025)<\/li>\n<li>Im \u201eWort zum Sonntag\u201c sind Medienkritiker der \u201eTeufel\u201c und Charlie Kirk \u201eein rechtsradikaler Rassist\u201c (21.9.2025)<\/li>\n<li><a href=\"https:\/\/www.freiburg-schwarzwald.de\/blog\/kirche-gegen-passives-wahlrecht\/\">Kirche gegen passives Wahlrecht<\/a>\u00a0(25.8.2025)<\/li>\n<li><a href=\"https:\/\/www.freiburg-schwarzwald.de\/blog\/religion\/religionsunterricht\/religionskunde\/\">Eine Religionskunde statt viele bekenntnisorientierte Religionsunterrichte<\/a>\u00a0(13.8.2025)<\/li>\n<li><a href=\"https:\/\/www.freiburg-schwarzwald.de\/blog\/ev-kirchentag-2025-hannover\/\">Ev. Kirchentag 2025 Hannover<\/a>\u00a0(5.5.2025)<\/li>\n<li><a href=\"https:\/\/www.freiburg-schwarzwald.de\/blog\/ostern-welt-christentum-islam\/\">Ostern: Welt Christentum Islam<\/a>\u00a0(16.4.2025)<\/li>\n<li>Evangelische Kirche schlie\u00dft AfD-Mitglieder von Leitungs\u00e4mtern aus (21.11.2024)<\/li>\n<li><a href=\"https:\/\/www.freiburg-schwarzwald.de\/blog\/religion\/katholisch\/katholizismus\/\">Kirche in Corona-Zeiten: Wie Flasche leer und Hosen voll<\/a>\u00a0(8.9.2024)<\/li>\n<li><a href=\"https:\/\/www.freiburg-schwarzwald.de\/blog\/waehlernoetigung-der-diakonie\/\">W\u00e4hlern\u00f6tigung durch die Diakonie?<\/a>\u00a0(3.5.2024)<\/li>\n<li><a href=\"https:\/\/www.freiburg-schwarzwald.de\/blog\/religion\/kirchen\/kirche-repression\/\">Pfarrer Michaelis zur Amtsenthebung: \u201eDas ist offener Rechtsbruch\u201c<\/a>\u00a0(5.4.2024)<\/li>\n<li><a href=\"https:\/\/www.freiburg-schwarzwald.de\/blog\/religion\/christen\/urchristentum\/\">Maria Schneider zu Ostern 2024: Deutschland, selig Opferlamm<\/a>\u00a0(31.3.2024)<\/li>\n<li><a href=\"https:\/\/www.freiburg-schwarzwald.de\/blog\/frieden-mit-pfarrer-michaelis\/\">Frieden mit Pfarrer Michaelis<\/a> (23.12.2023)<\/li>\n<li><a href=\"https:\/\/www.freiburg-schwarzwald.de\/blog\/weihnachtskrippen-zerstoeren\/\">Weihnachtskrippen zerst\u00f6ren<\/a>\u00a0(21.12.2023)<\/li>\n<li><a href=\"https:\/\/www.freiburg-schwarzwald.de\/blog\/ev-kirchentag-gott-ist-queer\/\">Ev. Kirchentag &#8222;Gott ist queer&#8220;<\/a> (12.6.2023)<\/li>\n<li><a href=\"https:\/\/www.freiburg-schwarzwald.de\/blog\/pfingsten-trost-den-menschen\/\">Pfingsten: Trost den Menschen<\/a>\u00a0(28.5.2023)<\/li>\n<li><a href=\"https:\/\/www.freiburg-schwarzwald.de\/blog\/advent-freude-auf-weihnachten\/\">Advent \u2013 Freude auf Weihnachten<\/a>\u00a0(4.12.2022)<\/li>\n<li><a href=\"https:\/\/www.freiburg-schwarzwald.de\/blog\/religion\/kirchen\/ekd\/\">EKD: Vorfeldorganisation der gr\u00fcnen Partei<\/a>\u00a0(19.11.2022)<\/li>\n<li><a href=\"https:\/\/www.freiburg-schwarzwald.de\/blog\/ekd-foerdert-letzte-generation\/\">EKD f\u00f6rdert Letzte Generation<\/a>\u00a0(11.11.2022)<\/li>\n<li><a href=\"https:\/\/www.freiburg-schwarzwald.de\/blog\/kirche-im-hochschwarzwald-de\/\">Kirche-im-Hochschwarzwald.de<\/a>\u00a0(13.10.2022)<\/li>\n<li><a href=\"https:\/\/www.freiburg-schwarzwald.de\/blog\/religion\/kirche-politik\/\">Peter Hahne Ehrendoktor:\u00a0 \u201eHolt Gott zur\u00fcck in die Politik\u201c<\/a>\u00a0(1.10.2022)<\/li>\n<li><a href=\"https:\/\/www.freiburg-schwarzwald.de\/blog\/religion\/kirchen\/auferstehung\/\">Evangelische Kirche Freiburg : 1000 Gl\u00e4ubige pro Jahr weniger<\/a> (19.7.2022)<\/li>\n<li><a href=\"https:\/\/www.freiburg-schwarzwald.de\/blog\/gottesstaat-2-0-kann-alles-retten\/\">Gottesstaat 2.0 kann alles retten<\/a>\u00a0(10.7.2022)<\/li>\n<li><a href=\"https:\/\/www.freiburg-schwarzwald.de\/blog\/engagement\/zukunft\/frieden\/pazifismus\/\">K\u00e4\u00dfmann verteidigt Pazifismus im Ukraine-Krieg<\/a>\u00a0(6.7.2022)<\/li>\n<li><a href=\"https:\/\/www.freiburg-schwarzwald.de\/blog\/business\/gesund\/corona-virus\/weihnachten-corona\/\">Der Angriff auf Weihnachten ist ein Angriff auf famili\u00e4re Autonomie<\/a>\u00a0(26.12.2021)<\/li>\n<li><a href=\"https:\/\/www.freiburg-schwarzwald.de\/blog\/haltungsprotestantismus\/\">Haltungspotestantismus<\/a> (14.11.2021)<\/li>\n<li><a href=\"https:\/\/www.freiburg-schwarzwald.de\/blog\/religion\/christen\/kirchenaustritt\/\">1,3 Mio Kirchenaustritte in Bedford-Strohm\u2019s Zeit<\/a>\u00a0(11.11.2021)<\/li>\n<li><a href=\"https:\/\/www.freiburg-schwarzwald.de\/blog\/religion\/kirchen\/kirchenschaendung\/\">Afghane sch\u00e4ndet Kirche in Th\u00fcringen<\/a>\u00a0(1.11.2021)<\/li>\n<li><a href=\"https:\/\/www.freiburg-schwarzwald.de\/blog\/religion\/kirchen\/deep-church\/\">Erzbischof Vignano: \u201eDeep Church\u201c in Analogie zum \u201eDeep State\u201c<\/a>\u00a0(12.10.2021)<\/li>\n<li><a href=\"https:\/\/www.freiburg-schwarzwald.de\/blog\/religion\/kirche-politik\/\">Wider die Heiligsprechung von Fridays For Future durch die evangelische Kirche<\/a>\u00a0(2.10.2021)<\/li>\n<li>K\u00e4\u00dfmann: Liebe und Ablehnung (10.8.2021)<\/li>\n<li><a href=\"https:\/\/www.freiburg-schwarzwald.de\/blog\/440000-kirchenaustritte-in-2020\/\">440000 Kirchenaustritte in 2020<\/a>\u00a0(18.7.2021)<\/li>\n<li><a href=\"https:\/\/www.freiburg-schwarzwald.de\/blog\/625-gegen-weitere-migranten\/\">62,5 % gegen weitere Migranten<\/a> (23.6.2021)<\/li>\n<li><a href=\"https:\/\/www.freiburg-schwarzwald.de\/blog\/engagement\/zukunft\/demokratie\/ermaechtigungsgesetz-2\/\">Indubio Folge 117: F\u00f6deralismus, Freiheit, EKD mit Antifa<\/a>\u00a0(11.4.2021)<\/li>\n<li><a href=\"https:\/\/www.freiburg-schwarzwald.de\/blog\/pfarrer-wirft-polizei-aus-kirche\/\">Pfarrer wirft Polizei aus Kirche<\/a>\u00a0(6.4.2021)<\/li>\n<li>Wie froh war Ostern? \u201eDeutschland unterm Leichentuch\u201c (5.4.2021)<\/li>\n<li><a href=\"https:\/\/www.freiburg-schwarzwald.de\/blog\/religion\/alt-katholisch\/\">Anja Goller aus Freiburg \u2013 Generalvikarin der Alt-Katholischen Kirche\u00a0<\/a>\u00a0(3.2.2021)<\/li>\n<li><a href=\"https:\/\/www.freiburg-schwarzwald.de\/blog\/religion\/gott\/\">Volker Kauder: \u201eJeder Fl\u00fcchtling ist Ebenbild Gottes\u201c<\/a>\u00a0(15.1.2021)<\/li>\n<li><a href=\"https:\/\/www.freiburg-schwarzwald.de\/blog\/weihnachtsgeschichte-im-dorf\/\">Weihnachtsgeschichte im\u00a0 Dorf<\/a>\u00a0(25.12.2020)<\/li>\n<li><a href=\"https:\/\/www.freiburg-schwarzwald.de\/blog\/religion\/christen\/christentum\/\">Realit\u00e4tsverweigerung der katholischen Bisch\u00f6fe in der Auseinandersetzung mit dem Islam<\/a>\u00a0(6.11.2020)<\/li>\n<li><a title=\"Krippen\" href=\"https:\/\/www.freiburg-schwarzwald.de\/blog\/religion\/kirchen\/weihnachten\/krippen\/\">Schwarzer Melchior in Krippe und bei Sternsinger verboten<\/a>\u00a0(10.10.2020)<\/li>\n<li><a title=\"Pfingsten \u2013 Christl. Abendland\" href=\"https:\/\/www.freiburg-schwarzwald.de\/blog\/pfingsten-christl-abendland\/\">Pfingsten: Das \u201cChristliche Abendland\u201d \u2013 ein inhaltsleerer Begriff?<\/a>\u00a0(1.6.2020)<\/li>\n<li><a title=\"Aufruf: Sturm auf Parlamente\" href=\"https:\/\/www.freiburg-schwarzwald.de\/blog\/aufruf-sturm-auf-parlamente\/\">Aufruf: Sturm auf Parlamente<\/a>\u00a0(9.3.2020)<\/li>\n<li><a title=\"Kirche-Staat\" href=\"https:\/\/www.freiburg-schwarzwald.de\/blog\/religion\/kirche-staat\/\">Ohne Trennung von Kirche und Staat keine Integration\u00a0<\/a>(4.2.2020)<\/li>\n<li><a title=\"Pluralismus\" href=\"https:\/\/www.freiburg-schwarzwald.de\/blog\/religion\/pluralismus\/\">Prof Susanne Schr\u00f6ter: Kirche l\u00e4sst sich von Islamverb\u00e4nden Agenda diktieren<\/a>\u00a0(14.1.2020)<\/li>\n<li><a title=\"Schleuser\" href=\"https:\/\/www.freiburg-schwarzwald.de\/blog\/global\/eu\/schleuser\/\">Seenotrettung \u2013 Wie die ev. Kirche unter die Reeder kommt<\/a>\u00a0(19.12.2019)<\/li>\n<li>Seenotrettung: Offener Brief an die Evangelische Kirche in Deutschland (EKD) (18.12.2019)<\/li>\n<li><a title=\"Indoktrinierung\" href=\"https:\/\/www.freiburg-schwarzwald.de\/blog\/bildung\/schulen\/indoktrinierung\/\">Lachtag statt Weihnachtstag<\/a>\u00a0(14.12.2019)<\/li>\n<li><a title=\"EKD \u2013 Demokratischer Diskurs?\" href=\"https:\/\/www.freiburg-schwarzwald.de\/blog\/ekd-demokratischer-diskurs\/\">EKD &#8211; Demokratischer Diskurs?<\/a> (17.11.2019)<\/li>\n<li><a title=\"Seelsorge \u2013 Aufgabe der Kirche\" href=\"https:\/\/www.freiburg-schwarzwald.de\/blog\/seelsorge-aufgabe-der-kirche\/\">Seelsorge als Aufgabe der Kirche<\/a> (3.11.2019)<\/li>\n<li>Demokratisches Gespr\u00e4ch ade &#8211; auf ev. Kirchentag in Dortmund (24.9.2019)<\/li>\n<li>Erzieher in FR abgelehnt: Kleinkarierte, intolerante evangelische Kirche (12.9.2019)<\/li>\n<li><a href=\"https:\/\/www.freiburg-schwarzwald.de\/blog\/ekd-kirchenschiff-schlepper\/\">https:\/\/www.freiburg-schwarzwald.de\/blog\/ekd-kirchenschiff-schlepper\/<\/a>\u00a0(26.7.2019)<\/li>\n<li><a title=\"Schuld\" href=\"https:\/\/www.freiburg-schwarzwald.de\/blog\/engagement\/zukunft\/schuld\/\">Gutmenschen \/ Wohlf\u00fchlmitmenschen \u2013 Schuld gegen S\u00fchne tauschen<\/a>\u00a0(1.7.2019)<\/li>\n<li><a title=\"Kirchentag\" href=\"https:\/\/www.freiburg-schwarzwald.de\/blog\/religion\/kirchen\/kirchentag\/\">Martin Renner: Die ungehaltene Rede zum ev. Kirchentag in Dortmund<\/a>. (21.6.2019)<\/li>\n<li><a title=\"Kirche-Staat\" href=\"https:\/\/www.freiburg-schwarzwald.de\/blog\/religion\/kirche-staat\/\">Ev. Kirchentag 2019 in Dortmund: Ohne AfD, mit DITIB und Vulva<\/a>\u00a0(20.6.2019)<\/li>\n<li>Evangelischer Kirchentag schlie\u00dft AfD aus &#8211; wegen Klimawandel (19.6.2019)<\/li>\n<li><a title=\"Europa-der-Vaterl\u00e4nder\" href=\"https:\/\/www.freiburg-schwarzwald.de\/blog\/global\/eu\/europa-der-vaterlaender\/\">Finkielkraut: Papst unterzeichnete den Tod Europas<\/a>\u00a0 (31.5.2019)<\/li>\n<li><a title=\"Kirchenaustritt\" href=\"https:\/\/www.freiburg-schwarzwald.de\/blog\/religion\/christen\/kirchenaustritt\/\">Brief eines ev. Christen zu seinem Kirchenaustritt<\/a> (24.3.2019)<\/li>\n<li>Berlin-Wedding-Brunnenviertel: Kirchen sehen keine \u00dcberfremdung\u00a0 (24.8.2018)<\/li>\n<li>Establishment mitsamt ev. Kirche verlieren Realit\u00e4tsbezug (19.5.2018)<\/li>\n<li>Protestanten und AmadeuAntonio-Stiftung gegen Rassismus (7.5.2018)<\/li>\n<li><a href=\"https:\/\/www.freiburg-schwarzwald.de\/blog\/fauler-friede-christen-muslime\/\">https:\/\/www.freiburg-schwarzwald.de\/blog\/fauler-friede-christen-muslime\/<\/a> (28.12.2017)<\/li>\n<li>Fl\u00fcchtlinge: Es ist genug f\u00fcr alle da (11.12.2017)<\/li>\n<li><a title=\"Luther500\" href=\"https:\/\/www.freiburg-schwarzwald.de\/blog\/religion\/evangelisch\/luther500\/\">Klaus-R\u00fcdiger Mai: Geh\u00f6rt Luther zu Deutschland?<\/a> (22.2.2017)<\/li>\n<li>Willkommen in der Merkel-Kirche (2.2.2017)<\/li>\n<li><a title=\"Priester und Imame \u2013 Wahl 2017\" href=\"https:\/\/www.freiburg-schwarzwald.de\/blog\/priester-und-imame-wahl-2017\/\">https:\/\/www.freiburg-schwarzwald.de\/blog\/priester-und-imame-wahl-2017<\/a>\/ (14.1.2017)<\/li>\n<li><a title=\"Kirchen\" href=\"https:\/\/www.freiburg-schwarzwald.de\/blog\/religion\/kirchen\/\">Kirchen begr\u00fc\u00dfen Islam-Immigration aus Eigennutz\u00a0bzw. zum\u00a0Macherhalt<\/a> (27.12.2016)<\/li>\n<li>Martin Luther (Rechtsstaat, Aufkl\u00e4rung) oder EKD (Merkels Rechtsbruch Budapest)? (25.4.2016)<\/li>\n<li><a title=\"Luther500\" href=\"https:\/\/www.freiburg-schwarzwald.de\/blog\/religion\/evangelisch\/luther500\/\">Wir brauchen eine zweite Reformation<\/a> &gt;Luther500 (18.4.2016)<\/li>\n<li>Christliche Kirchen begr\u00fc\u00dfen Massenmigration von Muslimen (8.3.2016)<\/li>\n<li>EKD: \u00c4ngste vor Islamisierung unbegr\u00fcndet (23.12.2015)<\/li>\n<li>Verharmlosen ist falsch &#8211; auch im Islam (12.6.2015)<\/li>\n<li>Wer sich heute mit dem Zeitgeist verheiratet, wird morgen Witwer sein (22.5.2015)<\/li>\n<li><\/li>\n<li><a href=\"https:\/\/www.freiburg-schwarzwald.de\/blog\/religion\/alt-katholisch\/\">Alt-Katholisch<\/a><\/li>\n<li><a title=\"Christen\" href=\"https:\/\/www.freiburg-schwarzwald.de\/blog\/religion\/christen\/\">Christen<\/a><\/li>\n<li><a href=\"https:\/\/www.freiburg-schwarzwald.de\/blog\/religion\/christen\/christenfeindlichkeit\/\">Christenfeindlichkeit<\/a><\/li>\n<li><a href=\"https:\/\/www.freiburg-schwarzwald.de\/blog\/religion\/christen\/christentum\/\">Christentum<\/a><\/li>\n<li><a href=\"https:\/\/www.freiburg-schwarzwald.de\/blog\/religion\/kirchen\/deep-church\/\">Deep-Church<\/a><\/li>\n<li><a href=\"https:\/\/www.freiburg-schwarzwald.de\/blog\/religion\/kirchen\/ekd\/\">EKD<\/a><\/li>\n<li><a href=\"https:\/\/www.freiburg-schwarzwald.de\/blog\/religion\/christen\/evangelium\/\">Evangelium<\/a><\/li>\n<li><a href=\"https:\/\/www.freiburg-schwarzwald.de\/blog\/gottesstaat\/\">Gottesstaat<\/a><\/li>\n<li><a title=\"Katholisch\" href=\"https:\/\/www.freiburg-schwarzwald.de\/blog\/religion\/katholisch\/\">Katholisch<\/a><\/li>\n<li><a title=\"Kirche-Staat\" href=\"https:\/\/www.freiburg-schwarzwald.de\/blog\/religion\/kirche-staat\/\">Kirchen<\/a><\/li>\n<li><a href=\"https:\/\/www.freiburg-schwarzwald.de\/blog\/religion\/kirchen\/kirchen-partei\/\">Kirchen-Partei<\/a><\/li>\n<li><a href=\"https:\/\/www.freiburg-schwarzwald.de\/blog\/religion\/kirchen\/kirche-repression\/\">Kirche-Repression<\/a><\/li>\n<li><a title=\"Kirche-Staat\" href=\"https:\/\/www.freiburg-schwarzwald.de\/blog\/religion\/kirche-staat\/\">Kirche-Staat<\/a><\/li>\n<li><a title=\"Kirchenaustritt\" href=\"https:\/\/www.freiburg-schwarzwald.de\/blog\/religion\/christen\/kirchenaustritt\/\">Kirchenaustritt<\/a><\/li>\n<li><a href=\"https:\/\/www.freiburg-schwarzwald.de\/blog\/religion\/kirchen\/kirchenschaendung\/\">Kirchensch\u00e4ndung<\/a><\/li>\n<li><a title=\"Kirchentag\" href=\"https:\/\/www.freiburg-schwarzwald.de\/blog\/religion\/kirchen\/kirchentag\/\">Kirchentag<\/a><\/li>\n<li><a href=\"https:\/\/www.freiburg-schwarzwald.de\/blog\/religion\/kirchen\/kirchen-partei\/\">Kirchen-Partei<\/a><\/li>\n<li><a title=\"Luther500\" href=\"https:\/\/www.freiburg-schwarzwald.de\/blog\/religion\/evangelisch\/luther500\/\">Luther500<\/a><\/li>\n<li><a href=\"https:\/\/www.freiburg-schwarzwald.de\/blog\/religion\/oekumene\/\">Oekumene<\/a><\/li>\n<li><a title=\"Pluralismus\" href=\"https:\/\/www.freiburg-schwarzwald.de\/blog\/religion\/pluralismus\/\">Pluralismus &#8211; religi\u00f6s<\/a><\/li>\n<li><a href=\"https:\/\/www.freiburg-schwarzwald.de\/blog\/religion\/religionsunterricht\/religionskunde\/\">Religionskunde<\/a><\/li>\n<li><a href=\"https:\/\/www.freiburg-schwarzwald.de\/blog\/religion\/christen\/urchristentum\/\">Urchristentum &#8211; neu<\/a><\/li>\n<li><a href=\"https:\/\/www.freiburg-schwarzwald.de\/blog\/global\/usa\/usa-christen\/\">USA-Christen<\/a><\/li>\n<li><a href=\"https:\/\/www.freiburg-schwarzwald.de\/blog\/religion\/zivilreligion\/\">Zivilreligion<\/a><\/li>\n<\/ul>\n<p><em><strong>In der sechsj\u00e4hrigen Amtszeit des EKD-Vorsitzenden Bedford-Strohm haben mehr als 1,3 Millionen Mitglieder die Evangelische Kirche verlassen.<br \/>\n<\/strong><\/em><\/p>\n<p><strong>EKD &#8211; Synode<\/strong><br \/>\nDie Evangelische Kirche Deutschlands (EKD) als Zusammenschluss von 20 formal eigenst\u00e4ndigen \u201eGliedkirchen\u201c, feiert einmal im Jahr ihre \u201eSynode\u201c, eine Art Parlament mit 126 Abgeordneten, die im Namen von 21 Millionen Protestanten Kirchengesetze beschlie\u00dfen und den Vorstand neu w\u00e4hlen.<\/p>\n<div id=\"attachment_105807\" style=\"width: 650px\" class=\"wp-caption alignnone\"><a href=\"https:\/\/www.freiburg-schwarzwald.de\/blog\/wp-content\/uploads\/2022\/10\/jerusalem-moschee-bischof-kreuz-pan2016.jpg\"><img loading=\"lazy\" decoding=\"async\" aria-describedby=\"caption-attachment-105807\" class=\"size-full wp-image-105807\" src=\"https:\/\/www.freiburg-schwarzwald.de\/blog\/wp-content\/uploads\/2022\/10\/jerusalem-moschee-bischof-kreuz-pan2016.jpg\" alt=\"\" width=\"640\" height=\"357\" srcset=\"https:\/\/www.freiburg-schwarzwald.de\/blog\/wp-content\/uploads\/2022\/10\/jerusalem-moschee-bischof-kreuz-pan2016.jpg 640w, https:\/\/www.freiburg-schwarzwald.de\/blog\/wp-content\/uploads\/2022\/10\/jerusalem-moschee-bischof-kreuz-pan2016-180x100.jpg 180w\" sizes=\"auto, (max-width: 640px) 100vw, 640px\" \/><\/a><p id=\"caption-attachment-105807\" class=\"wp-caption-text\">Kardinal Marx und Bischof Bedford-Strom legen ihr Kreuz ab in Jerusalem<\/p><\/div>\n<p>Kardinal Reinhard Marx und Bischof Heinrich Bedford-Strohm OHNE KREUZ mit Scheich Umar al-Kisswani 2016 in der Al-Aksa-Moschee in\u00a0<a href=\"https:\/\/www.freiburg-schwarzwald.de\/blog\/religion\/jerusalem\/\">Jerusalem<\/a><br \/>\nDazu\u00a0<a href=\"https:\/\/www.freiburg-schwarzwald.de\/blog\/religion\/kirchen\/kirchenschliessungen\/\">Peter Hahne<\/a>:<em>\u00a0\u201eWenn Bisch\u00f6fe in Jerusalem beim Betreten einer Moschee das Kreuz verleugnen, dann erweisen sich Glaubensnotstand und Bildungsnotstand als zwei Seiten derselben Medaille. Sowas braucht kein Mensch, der bei Trost ist.\u201c<br \/>\n<\/em>=====================================================<\/p>\n<p>.<\/p>\n<p><strong>Achijah Zorn: Die freche Stimme aus der Kirche vom \u201ebl\u00fchenden Abstellgleis\u201c<\/strong><br \/>\n<strong>Bernhard Lassahn im Gespr\u00e4ch mit Achijah Zorn<\/strong><br \/>\nBewegt sich da was in der Kirche? Oder steckt sie weiterhin tief im Gef\u00e4ngnis des Moralismus? Achijah Zorn bekennt sich ausdr\u00fccklich zur Tradition der evangelischen Kirche, er \u201eliebt die Reformation\u201c, hat aber das Problem, dass seine Kirche die Tradition nicht mehr lebt und ihn aufgrund einiger Vorf\u00e4lle, von denen er berichtet, auf einem Abstellgleis entsorgt hat \u2013 auf einem \u201ebl\u00fchenden Abstellgleis\u201c, wie er es nennt. Der erzwungene Ruhestand hat es ihm erm\u00f6glicht, mit Mu\u00dfe eine Bl\u00fctenlese aus seinen Erfahrungen in einem Buch zusammenzustellen, und er kann auch vom Abstellgleis aus \u201efrech und frei\u201c seine Stimme erheben, wom\u00f6glich sogar mit gr\u00f6\u00dferer Resonanz, etwa mit seiner Kolumne \u201eVorwort zum Sonntag\u201c.<br \/>\nEr spricht davon, wie Gnade und Geborgenheit durch Moralismus verlorengehen, f\u00fchrt den Konflikt, der in der Geschichte des Christentums angelegt ist, auf Jakobus und sogar auf den S\u00fcndenfall zur\u00fcck. Achijah Zorn wendet sich an alle, die wie er ihre Zweifel haben und um Verst\u00e4ndnis ringen: \u201eGlaube ohne Zweifel wird fundamentalistisch\u201c, sagt er, \u201eaber der Zweifel ohne den Glauben f\u00fchrt zur Verzweiflung.\u201c<br \/>\n&#8230; Alles vom 18.1.2026 mit Achijah Zorn bitte lesen auf<br \/>\n<a href=\"https:\/\/kontrafunk.radio\/de\/sendung-nachhoeren\/lebenswelten\/unter-freunden\/unter-freunden-achijah-zorn---die-freche-stimme-aus-der-kirche-vom-bluehenden-abstellgleis\">https:\/\/kontrafunk.radio\/de\/sendung-nachhoeren\/lebenswelten\/unter-freunden\/unter-freunden-achijah-zorn&#8212;die-freche-stimme-aus-der-kirche-vom-bluehenden-abstellgleis<\/a><\/p>\n<p>&nbsp;<\/p>\n<p><strong>Im \u201eWort zum Sonntag\u201c sind Medienkritiker der \u201eTeufel\u201c und Charlie Kirk \u201eein rechtsradikaler Rassist\u201c<\/strong><br \/>\n<strong>Patoraler Hass<\/strong><br \/>\nHasspredigt in der ARD: Im \u201eWort zum Sonntag\u201c bezeichnet die Pastorin Annette Behnken <a href=\"https:\/\/www.freiburg-schwarzwald.de\/blog\/global\/usa\/kirk\/\">Charlie Kirk<\/a> als rechtsradikalen Rassisten. Kritiker genau solcher medialen Verdrehungen belegt sie mit dem Wort \u201eDiabolos\u201c \u2013 \u201eso nennt die Bibel den Teufel.\u201c<br \/>\nDie evangelische Pastorin Annette Behnken hat Menschen, die die Medienberichterstattung \u00fcber den ermordeten US-Aktivisten Charlie Kirk kritisiert haben, mit dem Teufel gleichgesetzt. Im \u201eWort zum Sonntag\u201c in Anschluss an die Tagesthemen wiederholte die Kirchen-Funktion\u00e4ren auch die medial oft recycelten Verleumdungen Kirks.<br \/>\nUnter dem Titel \u201eVergiftung der Seelen\u201c predigte Behnken am Samstagabend und fragte die Zuschauer, \u201eob sich\u2019s f\u00fcr Sie auch so anf\u00fchlt: Wie Gift. Das sich ausbreitet. Bis in den Alltag rein.\u201c Das Gift, das sie meint, \u201ehei\u00dft Hass. Und Hetze. Und L\u00fcge.\u201c<br \/>\nWas sie meint, \u201etrifft Politiker und Aktivisten. Juristinnen. Journalistinnen. In j\u00fcngster Zeit besonders Frauen.\u201c Dieses Gift wirke auch dort, \u201ewo ein rechtsradikaler Rassist verharmlost wird als ein Konservativer, der die Jugend begeistert habe.\u201c<br \/>\nEine Verleumdung Kirks, die an vielen Stellen wieder und wieder als solche entlarvt und, wenn sie von Medien betrieben wurde, mit Recht umfassend kritisiert wurde. Genau diese Kritik bezeichnet Pastorin Behnke allerdings als \u201eVerdrehung\u201c \u2013 und setzt sie mit dem absolut B\u00f6sen gleich.<br \/>\n&#8230; Alles vom 21.9.2025 bitte lesen auf<br \/>\n<a href=\"https:\/\/apollo-news.net\/im-wort-zum-sonntag-sind-medienkritiker-der-teufel-und-charlie-kirk-ein-rechtsradikaler-rassist\/\">https:\/\/apollo-news.net\/im-wort-zum-sonntag-sind-medienkritiker-der-teufel-und-charlie-kirk-ein-rechtsradikaler-rassist\/<\/a><\/p>\n<p>&nbsp;<\/p>\n<p><strong>Evangelische Kirche schlie\u00dft AfD-Mitglieder von Leitungs\u00e4mtern aus<\/strong><br \/>\nDie Evangelische Kirche in Mitteldeutschland (EKM) schlie\u00dft Mitglieder der <a href=\"https:\/\/www.freiburg-schwarzwald.de\/blog\/vereine\/partei\/afd\/afd-bashing\/\">AfD<\/a> von Leitungs\u00e4mtern aus. \u201eMenschenverachtende, fremdenfeindliche und antikirchliche Positionen vertragen sich nicht mit der \u00dcbernahme eines Amtes im Gemeindekirchenrat oder an einer anderen Leitungsstelle in unserer Kirche\u201c, sagte Landesbischof Friedrich Kramer zur Er\u00f6ffnung der Herbstsynode der EKM in Erfurt.<br \/>\n&#8230; Alles vom 21.11.2024 bitt lesen auf<br \/>\n<a href=\"https:\/\/www.welt.de\/politik\/deutschland\/article254603688\/Evangelische-Kirche-schliesst-AfD-Mitglieder-von-Leitungsaemtern-aus.html\">https:\/\/www.welt.de\/politik\/deutschland\/article254603688\/Evangelische-Kirche-schliesst-AfD-Mitglieder-von-Leitungsaemtern-aus.html<\/a><\/p>\n<p>&nbsp;<\/p>\n<p><strong>K\u00e4\u00dfmann: Liebe und Ablehnung<\/strong><br \/>\nMargot K\u00e4\u00dfmann, nach wie vor die geistige EKD-Vorsitzende, gelingt es, in Kurzform den Unterscheid zwischen Liebe (dem Fremden gegen\u00fcber) und Ablehnung (dem Eigenen gegen\u00fcber) zu beschreiben:<br \/>\n&#8222;Querdenkern jetzt entgegentreten&#8220;, 10.8.2021 in der BILD zur <a href=\"https:\/\/www.freiburg-schwarzwald.de\/blog\/engagement\/zukunft\/demokratie\/berlin-demo-querdenker1-8-2021\/\">Berlin-Demo<\/a><br \/>\n&#8222;Terroristen mit Liebe begegnen&#8220; 23.7.2016 zu den <a href=\"https:\/\/www.freiburg-schwarzwald.de\/blog\/engagement\/zukunft\/demokratie\/bruessel22-3-2016\/\">Anschl\u00e4gen von Br\u00fcssel<\/a><br \/>\n.<br \/>\nVielleicht ist diese Unterscheidung auch eine Grund f\u00fcr die nicht abnehmen wollenden <a href=\"https:\/\/www.freiburg-schwarzwald.de\/blog\/religion\/christen\/kirchenaustritt\/\">Kirchenaustritte<\/a>?<br \/>\n10.8.2021<br \/>\n.<br \/>\n<strong>Seenotrettung: Offener Brief an die Evangelische Kirche in Deutschland (EKD)<\/strong><br \/>\n<em>Ich habe vom Beitritt der evangelischen Nordkirche zum \u201cB\u00fcndnis <a title=\"Seenotrettung\" href=\"https:\/\/www.freiburg-schwarzwald.de\/blog\/global\/deutschland\/seenotrettung\/\">United4Rescue<\/a> \u2013 Gemeinsam Retten\u201d gelesen. Dies kommentiert Landesbisch\u00f6fin Kristina K\u00fchnbaum-Schmidt mit dem Satz, die Kirche wolle dazu beitragen, \u201cNot nicht nur individuell zu lindern, sondern ihr auch mit politischen Mitteln entgegenzutreten\u201d. Dazu sage ich als Christ in aller Deutlichkeit: NEIN!<\/em><br \/>\n.<br \/>\nEine Kirche ist nur f\u00fcr den geistigen Beistand ihrer Mitglieder verantwortlich, sie macht keine Politik, sie ist kein Primat der Politik und sie bezieht auch niemals politisch Stellung. Insbesondere nutzt sie niemals politische Mittel, die ihr auch gar nicht zur Verf\u00fcgung stehen! Daf\u00fcr gibt es Parteien, die das deutsche Volk demokratisch w\u00e4hlt und damit dar\u00fcber entscheidet, in was f\u00fcr einem Land wir wie leben wollen. Die Kirche verletzt durch die \u2013 einseitige und nicht mediative \u2013 Positionierung f\u00fcr scheinbar unbegrenzte Migration und gegen einen lediglich zu 6 % anthropogenen Klimawandel ihr Neutralit\u00e4tsgebot und macht sich damit zu einer politischen Kraft.<br \/>\n.<br \/>\nMeine Familie ist seit 1700 nachweislich in der evangelischen Kirche aktiv, drei Generationen davon waren Diakone, K\u00fcster und Pastoren. Sie haben eine Kirche w\u00e4hrend des letzten Krieges vor der Vernichtung bewahrt und eine Weitere erbaut. Ich und meine Familie sind genau das, was die Zukunft der Kirche ausmacht, eine junge Familie mit zwei Kindern. Und f\u00fcr mich stellte sich bislang auch nie die Frage, dies zu \u00e4ndern oder meine Kinder einmal nicht zum Konfirmationsunterricht zu schicken. Der evangelische Glaube geh\u00f6rt zu meiner Familie seit jeher dazu.<br \/>\nFamilien wie die meine sind die Zukunft der Kirche. Aus ihnen entstehen neue Mitglieder und Gl\u00e4ubige. Nur werteorientierte, <a title=\"Konservativismus\" href=\"https:\/\/www.freiburg-schwarzwald.de\/blog\/engagement\/zukunft\/demokratie\/konservativismus\/\">konservative Familien<\/a> werden ihre Kinder im christlichen Glauben erziehen. Wirtschaftsopportunisten, Sozialisten und gr\u00fcne Ideologen werden niemals einen Gottesdienst besuchen, zumindest nicht aus Glaube an Gott, sondern wenn, dann nur aus Opportunismus. Sie untergraben mit der Vertretung offen sozialistischer Positionen das Fundament der zuk\u00fcnftigen Kirche.<br \/>\n.<br \/>\nEs braucht keine Religionsgemeinschaft und keine Kirchenorganisation um an Gott zu glauben. Ganz besonders brauchen ich und meine Familie keine politischen Botschaften vom Altar. Wer das m\u00f6chte, kann die Parteitage der politischen Parteien besuchen.<br \/>\nDas geplante \u201cKlimapaket\u201d der Bundesregierung wird Familien in der mittleren und unteren Einkommensschicht hart treffen! Hier sollten Sie ansetzen und nicht eine Ideologie der Besserverdienenden vertreten, die bereits ausreichend F\u00fcrsprecher hat. Die Kirche sollte sich nicht um Klientelpolitik scheren, sondern um die Bed\u00fcrftigen.<br \/>\n.<br \/>\nDie Armen und die \u00c4rmsten, auch die zuk\u00fcnftigen, brauchen die Hilfe der Kirchen! Gerade die j\u00fcngsten totalit\u00e4r-sozialistischen Forderungen wie Enteignungen, weitreichende Kontrolle und \u00dcberwachung vieler Lebensbereiche usw. aus der Politik sollten Ihnen doch zu denken geben. Kirche im Totalitarismus ist niemals frei, die Vergangenheit lehrt uns das eindr\u00fccklich.<br \/>\nDie Bundesrepublik Deutschland in ihrer alten Form hat der Kirche und den B\u00fcrgern die gr\u00f6\u00dfte Freiheit, die gr\u00f6\u00dfte Lebenserwartung und den gr\u00f6\u00dften Wohlstand aller Zeiten auf deutschem Boden gebracht. Daf\u00fcr sollten wir alle dankbar sein, und nicht am Fundament unseres Staates s\u00e4gen. Jedoch sind soziale Verwerfungen durch unbegrenzte Migration und Kosten der Klimapolitik in hohem Ma\u00dfe dazu geeignet, genau dies zu erreichen. Daf\u00fcr brauchen wir die Kirche nicht!<br \/>\n.<br \/>\nEbenso k\u00f6nnte ich an eine \u201cSeenotrettung\u201d nur glauben, wenn die Geretteten danach in den n\u00e4chsten erreichbaren sicheren Hafen gebracht werden. Dies sind beispielsweise Tripoli, Alexandria, Algier, Tunis und Rhabat. Leider werden die von ihnen unterst\u00fctzten Schiffe jedoch wie in der Vergangenheit wohl eher Malta, Marseille, Lampedusa, Catania und Barcelona ansteuern. Damit wird die \u201cSeenotrettung\u201d zur <a title=\"Schleuser\" href=\"https:\/\/www.freiburg-schwarzwald.de\/blog\/global\/eu\/schleuser\/\">Schleuserei<\/a> und generiert einen \u201cPull-Effekt\u201d, der noch mehr Menschen dazu verleitet, sich in Seenot zu begeben.<br \/>\nEs besteht dadurch jedoch kein unmittelbarer Anspruch auf Asyl. Nur politisch und religi\u00f6s verfolgte Menschen genie\u00dfen \u2013 zumindest in der Bundesrepublik Deutschland \u2013 ein befristetes Asylrecht, und dies auch nur, wenn Sie nicht \u00fcber ein sicheres Drittland eingereist sind. Diese Menschen w\u00fcrden also, sofern sie sich selbst als asylberechtigt einsch\u00e4tzen, in menschenunw\u00fcrdigen Lagern landen, bis sie wieder\u00a0zur\u00fcckgef\u00fchrt werden k\u00f6nnen. So sieht die Rechtslage aus. Ich kann nicht glauben, dass die Kirche dies unterst\u00fctzen oder gar f\u00f6rdern will. Die Kirche macht sich damit zum Handlanger eines menschenunw\u00fcrdigen Schleusersystems und spricht sozialdemokratischen und sogar offen sozialistischen Parteien das Wort. Daf\u00fcr brauchen wir die Kirche(n) nicht!<br \/>\n.<br \/>\nSollte die Kirche diesen politischen Kurs weiter verfolgen, werde ich aus der Kirche austreten, da sie nicht mehr meinen Anspr\u00fcchen an eine unpolitische, bewahrende Kraft, <em><strong>die einzig das Ziel hat,<\/strong> <strong>dem Seelenwohl der gl\u00e4ubigen Christen zu dienen<\/strong><\/em>, gen\u00fcgt. Mit mir wird dann auch meine Frau austreten und den Kindern werden wir ebenfalls nicht die Notwendigkeit einer Kirchenorganisation oder einer Religionsgemeinschaft vermitteln.<br \/>\nWie gesagt, es braucht keine Kirchenorganisation, um an Gott zu glauben, schon gar keine neo-politische Organisation, die Klientelpolitik ohne R\u00fccksicht auf soziale Folgen an den Bed\u00fcrfnissen der Menschen vorbei betreibt, letztere braucht \u00fcberhaupt keiner. Gehen Sie diesen Weg weiter, verlieren Sie massiv Mitglieder und zerst\u00f6ren konsequent die Zukunft der Kirche in Deutschland.<br \/>\n.<br \/>\nVielleicht braucht es diese \u201cAbstimmung mit den F\u00fc\u00dfen\u201d aber auch, damit die Kirche, die sich heute entgegen Luthers Wort wieder mit dem Ablasshandel \u2013 nur moderner, diesmal mit Ablassbriefen f\u00fcr CO2-S\u00fcnden \u2013 befasst, erneut eine grundlegende Reformation erf\u00e4hrt. Ich kehre sp\u00e4ter gerne zur\u00fcck in den Scho\u00df einer unpolitischen Kirche nach der zweiten Reformation, wenn sie wieder ausschlie\u00dflich den Aufgaben nachkommt, die ihr zustehen.<br \/>\n&#8230; diesen offenen Brief vom 18.12.2019 bitte lesen auf<br \/>\n<a href=\"https:\/\/vera-lengsfeld.de\/2019\/12\/18\/offener-brief-an-die-evangelische-kirche-in-deutschland-ekd\/#more-4965\">https:\/\/vera-lengsfeld.de\/2019\/12\/18\/offener-brief-an-die-evangelische-kirche-in-deutschland-ekd\/#more-4965<\/a><br \/>\n<strong>Demokratisches Gespr\u00e4ch ade &#8211; auf ev. Kirchentag in Dortmund<\/strong><br \/>\n\u201eEin Mensch ist selbstbewusst fest davon \u00fcberzeugt, politisch die richtige Meinung zu haben. Doch o Schreck! Der Nachbar hat eine andere Meinung und ist genauso selbstbewusst von seiner Meinung \u00fcberzeugt. Und genau da beginnt Demokratie. Man schl\u00e4gt sich nicht die Birne ein oder grenzt den anderen nicht aus. Sondern man tr\u00e4gt seine unterschiedlichen Meinungen ohne Gewalt im Gespr\u00e4ch und Streit miteinander aus. Nat\u00fcrlich auf Augenh\u00f6he. Denn in einer Demokratie geht es von Mensch zu Mensch ganz menschlich-allzumenschlich zu.<br \/>\nGenau dieses demokratische Gespr\u00e4ch auf Augenh\u00f6he verl\u00e4sst die Pfarrerin Dr. Sandra Bils bei der Schlusspredigt am <a title=\"Kirchentag\" href=\"https:\/\/www.freiburg-schwarzwald.de\/blog\/religion\/kirchen\/kirchentag\/\">ev. Kirchentag im Dortmunder Iduna-Park<\/a>. Sie redet in politischen Dingen nicht mehr als Mensch, weil sie genau wei\u00df, wo Gott in der Politik ist. Ich zitiere: &#8222;Wir sehen, wo Gott in der Welt wirkt \u2013 durch die Leute von Sea-Watch, SOS-Mediteranee und Sea-Eye, durch Greta Thunberg und die Sch\u00fclerinnen und Sch\u00fcler, durch so viele andere \u2013 und dabei machen wir mit \u2026 Behaltet euer Vertrauen, seid unerschrocken, zeigt gemeinsam euren Glaubensmut. Wir haben Gott an unserer Seite&#8220;.<br \/>\nTja, damit hat sie das Ende der Demokratie eingel\u00e4utet. \u2026 Wenn einer genau wei\u00df, wo Gott in der Politik wirkt, dann braucht man keine Demokratie mehr. Dann braucht man auch kein Misstrauen und keine Kritik mehr. Dann braucht man nur noch (blindes) \u201eVertrauen\u201c \u2013 das Motto-Stichwort am Kirchentag. \u2013 Die Aufl\u00f6sung der Demokratie im Schafspelz!<br \/>\nUnd Menschen, die es tats\u00e4chlich wagen, anderer Meinung zu sein, die sind dann nat\u00fcrlich ganz eindeutig gegen Gott. Und wer gegen den eindeutigen Willen Gottes wirkt, der ist leider nun mal eindeutig ein Ketzer.\u201c<br \/>\n24.9.2016, Pfarrer Achijah Zorn<br \/>\n&#8230;. Alles dazu bitte lesen auf<br \/>\n<a href=\"https:\/\/www.tichyseinblick.de\/meinungen\/die-demokratie-zerstoerende-schlusspredigt-des-kirchentags\/\">https:\/\/www.tichyseinblick.de\/meinungen\/die-demokratie-zerstoerende-schlusspredigt-des-kirchentags\/<\/a><\/p>\n<p>&nbsp;<\/p>\n<p><strong>Erzieher in FR abgelehnt: Kleinkarierte, intolerante evangelische Kirche<\/strong><br \/>\nDekan Engelhardt nennt den beliebten und von ihm hoch gelobten Erzieher Julian Weyand &#8222;eine herausragende p\u00e4dagogische Fachkraft&#8220;, der Oberkirchenrat verweigert jedoch eine Weiterbesch\u00e4ftigung, weil Weyand es ablehnt, in die Kirche einzutreten. Als einen der Gr\u00fcnde daf\u00fcr nennt Weyand &#8222;die autorit\u00e4ren und patriarchalischen Machtstrukturen&#8220; der Evangelischen Landeskirche, was diese mit ihrer Ablehnung der Weiterbesch\u00e4ftigung prompt in eindrucksvoller und l\u00e4cherlicher Weise unter Beweis stellt.<br \/>\nKompliment an Herrn Weyand, den ich nicht pers\u00f6nlich kenne, f\u00fcr seine Standfestigkeit. Luther h\u00e4tte das wohl gefallen (&#8222;Hier stehe ich, ich kann nicht anders.&#8220;), den Damen und Herren der landeskirchlichen &#8222;Machtstrukturen&#8220; offensichtlich weit weniger. Nach 78-j\u00e4hriger Mitgliedschaft m\u00f6chte ich in einer so kleinkarierten, intoleranten und engstirnigen Kirche nicht mehr zahlendes Mitglied sein. Daher erkl\u00e4re ich hiermit meinen Austritt. Sollen Dekan und Oberkirchenrat es halt &#8222;bedauern&#8220;. \u00dcbrigens: Wer finanziert den Kita-Betrieb? \u2013 Ja, die Eltern mit ihren Beitr\u00e4gen und \u2013 ja, richtig! \u2013 die Steuerzahler. Und wer zahlt das Geld f\u00fcr die Geh\u00e4lter der Pfarrer und der anderen kirchlichen Amtstr\u00e4ger? \u2013 Ja, richtig!<br \/>\n12.9.2019, Peter J\u00f6rder, Freiburg<br \/>\n.<br \/>\nZu: &#8222;Sehr beliebt, aber konfessionslos&#8220;, BZ vom 8. August:<br \/>\n<a title=\"Fluchtursachen\" href=\"https:\/\/www.freiburg-schwarzwald.de\/blog\/global\/migration\/fluchtursachen\/\">https:\/\/www.badische-zeitung.de\/erzieher-verliert-job-bei-evangelischer-kita-weil-er-nicht-getauft-ist&#8211;176179295.html<\/a><br \/>\n.<br \/>\n<strong>&#8230; nur 10% der Kosten tr\u00e4gt die Kirche!<\/strong><br \/>\n&#8222;Nach einer bundesweiten Einsch\u00e4tzung betr\u00e4gt der staatliche Anteil an der Finanzierung konfessioneller Kindertagesst\u00e4tten ca. 75 Prozent der laufenden Kosten, 15 Prozent sind Elternbeitr\u00e4ge und rund 10 Prozent tragen die Kirchen bei, also rund 741 Mio. Euro.&#8220;, siehe <a href=\"https:\/\/fowid.de\/meldung\/kindertagesstaetten-oeffentlicher-und-freier-traeger-2017\">https:\/\/fowid.de\/meldung\/kindertagesstaetten-oeffentlicher-und-freier-traeger-2017<\/a>.<br \/>\nBei 10% Prozent Beteiligung der Kirchen an der Finanzierung der Kitas m\u00fcssen sich die Kirchen die moralische Frage gefallen lassen, weshalb sie daraus ein Recht ableiten, ihren Arbeitnehmern eine Angeh\u00f6rigkeit zu Ihrer Kirche aufzuerlegen.<br \/>\nZun\u00e4chst mal leben wir in einem demokratischen Land mit Religionsfreiheit. Missionierung sollte nicht staatlich gef\u00f6rdert werden.<br \/>\n8.9.2019, M.H.,<\/p>\n<p>&nbsp;<\/p>\n<p><strong>Evangelischer Kirchentag schlie\u00dft AfD aus &#8211; wegen Klimawandel<\/strong><br \/>\nPolitiker der AfD sind beim Evangelischen Kirchentag nicht eingeladen. Annemarie R\u00f6sch sprach dar\u00fcber mit Hans Leyendecker, dem Pr\u00e4sidenten des Kirchentags.<br \/>\nHerr Leyendecker, warum dr\u00e4ngt der Kirchentag die AfD in die Opferrolle, indem sie sie von den Podien ausschlie\u00dft?<br \/>\nLeyendecker: Wir laden nicht Politiker nach Parteizugeh\u00f6rigkeit ein, sondern danach, ob sie etwas zu den Themen, die wir diskutieren, zu sagen haben. Wir sehen nicht, was die AfD zum Beispiel zum Thema <a title=\"Klimawandel\" href=\"https:\/\/www.freiburg-schwarzwald.de\/blog\/natur\/klima\/klimawandel\/\">Klimawande<\/a>l sagen k\u00f6nnte. <strong><em>Sie behauptet entgegen aller Forschungsergebnisse von Wissenschaftlern, dass der Klimawandel nicht von Menschenhand gemacht ist.<\/em><\/strong> Auf dieser Grundlage kann man nicht ernsthaft diskutieren. Hinzu kommt, dass sich die AfD radikalisiert hat.<br \/>\n&#8230;. Alles vom 19.6.2019 bitte lesen auf<br \/>\n<a href=\"https:\/\/www.badische-zeitung.de\/hans-leyendecker-kirche-muss-missstaende-aufzeigen\">https:\/\/www.badische-zeitung.de\/hans-leyendecker-kirche-muss-missstaende-aufzeigen<\/a><\/p>\n<p>&nbsp;<\/p>\n<p><strong>Berlin-Wedding-Brunnenviertel: Kirchen sehen keine \u00dcberfremdung<\/strong><br \/>\nSonnt\u00e4gliche Gottesdienste haben l\u00e4ngst den Charakter konspirativer Treffen exotischer Sekten angenommen, christliche Gottesh\u00e4user als sichtbare Relikte einer \u00fcberkommenen Zeit harren ihrer unvermeidbaren Verschrottung. Der materialistisch orientierte Zeitgenosse kann auf g\u00f6ttlichen Beistand verzichten. Ich selbst besuche keine Gottesdienste mehr, seit ein br\u00e4siger Kirchenfunktion\u00e4r vor der Gemeinde allen Ernstes behauptete, dass von einer \u00dcberfremdung selbst angesichts unkontrollierter Massenzuwanderung keine Rede sein k\u00f6nne. Die pastorale Belehrung \u00e4ndert an der Realit\u00e4t des Irdischen nichts, immerhin bleibt dem Gl\u00e4ubigen die Hoffnung auf ein zutr\u00e4glicheres Umfeld nach der Auferstehung. Zum Austritt aus der EKD fehlt mir noch die Kraft.<br \/>\nDer Verlust von Transzendenz bleibt nicht folgenlos. Ein Volk, dem neben seinem nationalen auch sein religi\u00f6ses Selbstverst\u00e4ndnis fremd geworden ist, liefert sich den Einfl\u00fcssen d\u00e4monischer Kr\u00e4fte schutzlos aus.<br \/>\n&#8230; Alles vom 24.8.2018 von Detlef Rogge bitte lesen auf<br \/>\n<a href=\"https:\/\/www.achgut.com\/artikel\/mein_leben_im_weddinger_brunnenviertel\">https:\/\/www.achgut.com\/artikel\/mein_leben_im_weddinger_brunnenviertel<\/a><br \/>\n.<br \/>\n<em>Detlef Rogge lebt in der dritten Generation im Berliner Bezirk Wedding, nunmehr vierundsechzigj\u00e4hrig ist er seit 1981 im \u201eBrunnenviertel\u201c zu Hause. Beruflich war er bis zu seiner Verabschiedung in den Ruhestand in der Weddinger Kommunalverwaltung t\u00e4tig. Einer politischen Partei geh\u00f6rt er nicht an.<\/em><\/p>\n<p><strong>Merkel, die ev. Grabplatte, die sich \u00fcber das Land gelegt hat<\/strong><br \/>\nDem Autor geb\u00fchrt gro\u00dfer Dank. Der Text trifft in jeder Hinsicht und entlarvt das Multi-Kultigeschw\u00e4tz bestens. Die Grundlage f\u00fcr das Geschilderte wurde vor kurzem in der NZZ in einem Satz zusammengefasst: \u201cMerkel, die Grabplatte, die sich \u00fcber das Land gelegt hat\u201d. Und man muss hinzuf\u00fcgen und ihre neuen Verb\u00fcndeten, die sich durch ihr Aufrei\u00dfen der Grenzen urpl\u00f6tzlich zu ihren besten Freunden gemausert haben, obwohl ihnen vorher kein Klaumauk \u00fcber sie zu billig war (gro\u00dfes Beispiel Urban Priol). Darum darf nicht mehr formuliert werden, dass nur der die Grenzen \u00f6ffnen kann, der auch Grenzen zieht. Aber diese Binse wurde vom \u2018Wir schaffen das\u2019 ers\u00e4uft. Ein anderer hat Pestalozzi zitiert mit dem Satz: \u2018Wohlt\u00e4tigkeit ist das Ers\u00e4ufen des Rechts im Mistloch der Gnade\u2019. Man wird den Eindruck nicht los, dass dieser Satz seinen t\u00e4glichen Beweis erf\u00e4hrt durch einen Prozess, der zerst\u00f6rend durch Europa zieht, bis vor die K\u00fcsten Nordafrikas.<br \/>\n24.8.2018. G\u00fcnter Wagner, AO<\/p>\n<p>Kloster St. Afra<br \/>\nWenn H\u00f6lderlin meint \u201cWo aber Gefahr ist, w\u00e4chst das Rettende auch\u201d, so zeigt sich dies augenf\u00e4llig mitten im oben pr\u00e4zise beschriebenen multi-\u201ckulturellen\u201d Brunnenviertel. Eingebettet in eine H\u00e4userzeile in der Graunstra\u00dfe 31 \/ Ecke Gleimstra\u00dfe (in der N\u00e4he des U-Bahnhofs Gesundbrunnen) versteckt sich ein im Jahre 1905 erbautes katholisches Kloster St. Afra. Tiefer in die heutige Diaspora einzudringen war wohl kaum m\u00f6glich. Die Gottesdienste, die nach dem alten r\u00f6mischen Ritus in Latein abgehalten werden, wirken wie ein Magnet auf Halt suchende Menschen aus ganz Berlin und Brandenburg. Bei Kaffee und Kuchen nach den Gottesdiensten entwickeln sich Gespr\u00e4che, Beziehungen und Halt. Die Erfahrung des Autors, wonach \u201cchristliche Gottesh\u00e4user als sichtbare Relikte einer \u00fcberkommenen Zeit ihrer unvermeidbaren Verschrottung harren \u201d kann hier nicht best\u00e4tigt werden. Ganz im Gegenteil. Recht hat er, wenn er vom Einkaufszentrum Gesundbrunnen schreibt \u201cKrimskrams f\u00fcr alle, was f\u00fcr das Seelenheil gebraucht wird, findet sich dort nicht\u201d. Das \u201cSeelenheil\u201d findet sich 500 Meter weiter.<br \/>\nM.J.M\u00fcller<\/p>\n<p><strong>Gott m\u00f6ge doch bitte Anis Amri vergeben<\/strong><br \/>\nEin exzellenter Text auf sprachlich h\u00f6chstem Niveau! Vielen Dank daf\u00fcr! Was die EKD angeht: Ich war &#8211; Gott sei Dank! &#8211; nie Mitglied, obwohl ich gl\u00e4ubig bin, habe in meiner Studentenzeit jedoch regelm\u00e4\u00dfig den Gottesdienst in meiner N\u00e4he besucht. Am Karfreitag des Jahres nach dem Breitscheid-Terror predigte der Pastor, nachdem er die Stelle von Jesu Tod am Kreuz (\u201cVater, vergib ihnen, denn sie wissen nicht, was sie tun!\u201d) gelesen hatte allen Ernstes, Gott m\u00f6ge doch bitte Anis Amri vergeben, denn dieser wusste doch nicht, was er tat. Davon handelte ein Gro\u00dfteil der Predigt. Der wirklichen Opfer wurde nicht gedacht. Mein Mann und ich sind aufgestanden, gegangen und bisher nie wieder zur\u00fcckgekehrt.<br \/>\n24.8.2018, Annegret Wei\u00df<br \/>\n<strong>Kosovo-Modell im Wedding<\/strong><br \/>\nDas Kosovo-Model greift auch im Wedding! Die Christen, denen gepredigt wurde auch die andere Wange hinzuhalten, bekommen genau das, was sie wollen\u2026 n\u00e4mlich auf die Fresse von den Moslems. Was vor zwanzig Jahren der b\u00f6se Serbe war, ist heute der b\u00f6se Biodeutsche, der um seine Heimat ringt und von allen Seiten als intoleranter Unmensch dargestellt wird. Wer dieses H\u00fctchenspiel nicht begreift, muss es an der eigenen Haut erfahren. Der Autor hat recht! Man sieht die Schlange bereits, die zubei\u00dfen wird und sieht oder zieht weg oder auch nicht.<br \/>\n24.8.2018, Alex Meier<\/p>\n<p>&nbsp;<\/p>\n<p>&nbsp;<\/p>\n<p><strong>Establishment mitsamt ev. Kirche verlieren Realit\u00e4tsbezug<\/strong><br \/>\nDer Ministerpr\u00e4sident von Nordrhein-Westfalen verl\u00e4uft sich im Interview mit der Frankfurter Allgemeinen Sonntagszeitung vollst\u00e4ndig in der politischen Topographie und sieht den Wald vor B\u00e4umen nicht, wenn er sagt: \u201eDas Ziel der CDU kann nicht sein, alles, auch programmatisch, zu sammeln, das rechts von der politischen Linken ist\u201c. Rechts von der politischen Linken ist aber die Mitte. Will die CDU also alles sammeln, was politische Linke ist? Will sie selbst politische Linke werden? Gleichzeitig spielt er das christliche Menschenbild gegen das konservative aus, das seiner Ansicht nach nicht zur CDU geh\u00f6rt. Diese Aussage l\u00f6ste heftigen Protest der Werteunion aus. All das belegt, wie dem Establishment die Ma\u00dfst\u00e4be verloren gehen.<\/p>\n<p>Begriffe wie Establishment oder herrschende Klasse definieren in unterschiedlicher Weise die gleichen soziologischen Tatsachen. Benutzen wir den Begriff im Sinne eines Geflechts aus politischen, wirtschaftlichen, medialen, kulturellen und wissenschaftlichen Eliten, die gegenseitig ihre beherrschende Stellung absichern und ein starkes wirtschaftliches Interesse daran besitzen, dass dieses Geflecht nicht infrage gestellt wird. Die Frage lautet, ob religi\u00f6se Eliten auch dazu z\u00e4hlen. Und ob es sie \u00fcberhaupt geben darf.<br \/>\nAuf die Infragestellung ihrer Existenz durch eine disparate von ihr mitverschuldete gesellschaftliche Entwicklung kann das Establishment auf zwei Wegen reagieren. Entweder es analysiert die gesellschaftliche Entwicklung, definiert die Probleme und findet L\u00f6sungen, oder es ignoriert die Entwicklung nach dem bekannten Motto: Weil nicht sein kann, was nicht sein darf. Der zweite Weg w\u00fcrde einen verst\u00e4rkten propagandistischen bzw. repressiven Aufwand erfordern, der aber letztlich nur die Spannungen versch\u00e4rft. Es k\u00e4me zur Frontenbildung, die ab einem bestimmten Grad der Verh\u00e4rtung nicht mehr aufzul\u00f6sen ist. Michael St\u00fcrmer schreibt in der WELT: \u201eImmer aber gilt, dass eine Republik ohne Republikaner nicht von Dauer sein kann. Die Politiker zeigen sich \u00fcberfordert. Unterdessen treibt das Gemeinwesen in Richtung Verfassungskrise.\u201c<br \/>\n&#8230;.<br \/>\nAlles von Klaus-R\u00fcdiger Mai vom 19.5.2018 bitte lesen auf<br \/>\n<a href=\"https:\/\/www.achgut.com\/artikel\/gott_als_polit_schranze\">https:\/\/www.achgut.com\/artikel\/gott_als_polit_schranze<\/a><\/p>\n<p><em>Klaus-R\u00fcdiger Mai: \u201eGeht der Kirche der Glaube aus? &#8211; eine Streitschrift&#8220; ,<\/em><br \/>\n<em>Evangelische Verlagsanstalt Leipzig 2018<\/em><br \/>\n<em>192 Seiten, ISBN 978-3-374-05305-6, 15 Euro<\/em><br \/>\n.<br \/>\nZur o.a. Streitschrift fand im rbb ein Streitgespr\u00e4ch zwischen dem Autor Dr. Klaus-R\u00fcdiger Mai und dem Kulturbeauftragten der EKD Dr. Johann Hinrich Claussen statt. Es empfiehlt sich aber, nicht die Sendefassung von 15 min, sondern die Langfassung anzuh\u00f6ren, weil die Kurzfassung das Streitgespr\u00e4ch zuungunsten des Autors nicht korrekt abbildet.<br \/>\n<a href=\"https:\/\/www.inforadio.de\/programm\/schema\/sendungen\/religionundgesellschaft\/201805\/236873.html\">https:\/\/www.inforadio.de\/programm\/schema\/sendungen\/religionundgesellschaft\/201805\/236873.html<\/a><\/p>\n<p>Bin im vergangenen Jahr aus der Kirche (evangelisch) ausgetreten. Das, was der Autor hier im ersten Teil abbildet, entsprach und entspricht auch meinen Empfindungen. Meine Schwester ist durch eine Gehirnhautentz\u00fcndung schwerstbehindert. Zu meinen Eltern kam fr\u00fcher immer eine Gemeindeschwester oder Presbyterin. Seit der sogenannten Fl\u00fcchtlingskrise hatte man meinen Eltern mitgeteilt, dass man daf\u00fcr keine Zeit mehr f\u00e4nde, da man zu sehr in der Hilfe an diesen Menschen aufginge\u2026.<br \/>\nUnsere Einstellung ist nun, dass man sich nun auch nicht mehr zu k\u00fcmmern braucht. Dann gab es noch andere sch\u00f6ne Erlebnisse wie etwa: mein Brief an die deutsche Rotwein-Verk\u00f6stigerin K\u00e4ssmann, dass mit der \u201cFl\u00fcchtlings\u201d-Welle zuviel Kriminalit\u00e4t mitkommt, und ihre \u201ctolle\u201d Antwort, dass wir dann \u201cmit Engeln am Tisch sitzen w\u00fcrden\u201d. Gut, weilt der Kopf nicht mehr auf den Schultern, dann weilt man wahrscheinlich dort\u2026. Dann die \u201czwei deutsche Eltern plus vier deutsche Gro\u00dfeltern = da weiss man, woher der braune Wind weht\u201d &#8211; M\u00e4r. Kurzum als deutschem vorgeblichen \u2018R\u00e4\u00e4chts- was-auch-immer\u2019 war bei uns irgendwann das Mass voll. Von mir aus k\u00f6nnen die nun getrost so weitermachen, mich kratzt es nimmermehr. Ich habe mich jetzt anderweitig orientiert, und dieses anderweitige gibt\u2019s schon l\u00e4nger, aus dem gleichen Raum, wo auch das Christentum her stammt. Diese sch\u00f6nen Gebetsh\u00e4user stehen leider nun unter Polizeischutz, aber wenigstens stehen dort die Gl\u00e4ubigen zu ihrem Glauben.<br \/>\n19.5.2018, Claudia Diel, AO<br \/>\n.<br \/>\n<strong>Nationalstaaten aufl\u00f6sen &#8211; Kirche macht mit<\/strong><br \/>\nEs gibt aus meiner Sicht ein gro\u00dfes Problem, ich w\u00fcrde es das Problem unserer Zeit nennen: Die Herrschenden haben vor geraumer Zeit beschlossen, dass sie die Welt umgestalten wollen. Es soll keine Nationalstaaten mehr geben, sondern nur noch Verwaltungseinheiten mit ein bisschen Folklore. Den Menschen wird dar\u00fcber hinaus die Identit\u00e4t bewusst genommen durch das Verteufeln der traditionellen Familie und scheinbar unz\u00e4hligen Geschlechtern, die man tagt\u00e4glich wechseln kann wie eine Unterhose. Man bekommt dadurch verk\u00fcmmerte Individuen, die durch den gleichzeitigen Verfall der Bildung (ebenfalls bewusst herbeigef\u00fchrt) gerade genug Intelligenz besitzen, um zu malochen &#8211; die sich aber nicht mehr politisch oder gesellschaftlich kritisch hinterfragend einbringen k\u00f6nnen. Das ist genau das, was man will: Den unm\u00fcndigrn B\u00fcrger, der bei jedem Pups nach dem Staat lechzt, weil er selbst vollkommen handlungsunf\u00e4hig ist. Die Technik erledigt \u00fcber die Digitalisierung alles weitere, wie man aktuell sehr sch\u00f6n anhand der abschreckenden Beispiele aus China sehen kann. Die EU beibachtet das garantiert mit gr\u00f6\u00dftem Wohlwollen und Interesse. Die Kirchen? Die sind Teil davon, machen mit, nicken ab.<br \/>\n19.5.2018, Sebastian Gumbach , AO<\/p>\n<p><strong>Merkel und Frau KGE arbeiten gerne unter Gl\u00e4ubigen<\/strong><br \/>\nDie g\u00f6ttliche Idee als Antwort der unbestimmten Angst, die der menschlichen Existenz innewohnt, unsere evolution\u00e4re \u00dcberlebensstrategie, wird von den Religionsvertretern auf Erden schon immer mi\u00dfbraucht, um ureigene weltliche Anliegen mit g\u00f6ttlicher Bedeutsamkeit zu legitimieren. Politik partizipiert an diesem Prinzip, und Merkel und Frau KGE arbeiten gerne unter Gl\u00e4ubigen, deren Weltbilder mehr emotional denn rational bestimmt sind, um ihr politisches Anliegen leicht zu platzieren. Das wird auf Dauer nicht reichen. Fakten erreichen immer mehr Menschen per Internet. Der politische Gegenentwurf in der Geschichte war die kommunistisch- sozialistische Idee, bar jeder g\u00f6ttlichen Einflu\u00dfnahme. Angesichts des jahrhundertelangen Mi\u00dfbrauchs von g\u00f6ttlicher Meinungshoheit ein verst\u00e4ndliches und zun\u00e4chst erfolgreiches Modell, scheiterte es doch am eigene gierigen Machtanspruch. Fazit: Es geht immer um Geld und Macht unter verschiedenen Deckm\u00e4nteln. Der von der Aufkl\u00e4rung gepr\u00e4gte frei denkende Mensch ist in solchen Systemen nicht vorgesehen und bleibt bis heute der Au\u00dfenseiter.<br \/>\n19.5.2018, Sabine Sch\u00f6nfelder, AO<\/p>\n<p>&nbsp;<\/p>\n<p><strong>Protestanten und AmadeuAntonio-Stiftung gegen Rassismus<\/strong><br \/>\nTeufelsaustreibung im Netz: Wer sich vom Islam bedroht f\u00fchlt, der ist ein Rassist. Das erkl\u00e4rt die Evangelische Kirche und will gemeinsam mit der Amadeu Antonio Stiftung das Netz reinigen. Dahinter verbirgt sich ein knallharter theologischer Verdr\u00e4ngungswettbewerb.<br \/>\n&#8230;<br \/>\nAn erster Stelle den \u201eantimuslimischen Rassismus\u201c will die Evangelische Akademie unter ihrem Pr\u00e4sidenten, dem Historiker Paul Nolte, nicht l\u00e4nger hinnehmen. Bei der Definition von \u201etoxischen Narrativen\u201c berufen sich die Evangelischen auf die Amadeu Antonio Stiftung, die umstritten genannt werden kann: Hass und Gift im Netz ist demnach ein Ph\u00e4nomen ausschlie\u00dflich \u201erechts-alternativer Akteure\u201c.Das Netz soll mit dem Segen der Evangelischen Kirche und dank evangelischer Kirchensteuermittel auf links gescheitelt werden. Ausdr\u00fccklich empfiehlt das Projekt, sich \u201ebei unseren Kolleg*innen der Amadeu Antonio Stiftung (\u2026) zum Beispiel zu Anti-hateSpeech-Trainer*innen ausbilden zu lassen.\u201c Die Losung \u201eGegen den Hass\u201c wird verstanden als \u201eGegen rechts\u201c. Man setzt \u201emehr Hoffnung\u201c dagegen und meint \u201emehr links\u201c&#8230;&#8230;.<br \/>\nIn den Fokus der evangelischen Ermittler gerieten die evangelische Nachrichtenagentur idea, die neuerdings nicht mehr von der Evangelischen Kirche gef\u00f6rdert wird, das katholische Nachrichtenportal kath.net und die Bundesvereinigung der \u201eChristen in der AfD\u201c. Hass wird also bei denen gesucht, denen man zirkul\u00e4r unterstellt, Hass zu verbreiten \u2013 und Hass soll der Satz sein \u201eDer Genderwahnsinn ist reine Ideologie\u201c. Oder der Satz \u201eDer Islam bedroht uns\u201c. Einzig wahr und menschenfreundlich sei: Wer von \u201eIslamisierung\u201c redet, der folge einer \u201erassistischen, ethnopluralen Idee\u201c, sei also Rassist. Sagt uns die Evangelische Kirche. Und wer \u201edie M\u00f6glichkeit oder sogar Notwendigkeit einer Rollenverschiebung\u201c von Mann und Frau leugnet, der kenne die \u201eradikale Gleichberechtigung in Christus\u201c nicht. &#8230;.<\/p>\n<p>Alles von Alexander Kissler zu &#8222;Teufelsaustreibung im Netz&#8220; vom 17.5.2018 bitte lesen auf<br \/>\n<a href=\"https:\/\/www.cicero.de\/kultur\/netzteufel-evangelische-kirche-amadeu-antonio-stiftung-hass-im-netz\">https:\/\/www.cicero.de\/kultur\/netzteufel-evangelische-kirche-amadeu-antonio-stiftung-hass-im-netz<\/a><\/p>\n<p><strong>Herrlicher Kommentar, Herr Kissler.<\/strong> Die werden immer witziger bei der EKD. &#8222;oder immer wahnsinniger &#8211; wie man es nimmt.&#8220; &#8230;<br \/>\nIch kann mir nur vorstellen, da\u00df die lenkenden Kirchenf\u00fcrsten bei den Evangelen und Katholen in Deutschland hoffen, da\u00df sich die ja mehr oder minder s\u00e4kul\u00e4re Gesellschaft wieder re-religi\u00f6siert und sie davon profitieren. Die Gefahren, die die Konkurrenz, n\u00e4mlich der Islam als dogmatische Religionsideologie mit Herrschaftsanpruch mit sich bringt, werden entweder nicht erkannt oder ignoriert.<br \/>\n17.5.2018, Rof Pohl, CO<\/p>\n<p><strong>Unfassbare Wandlung, Evangelische Kirche in DDR und jetzt in BRD<\/strong><br \/>\nIst es Veblendung, Verbohrtheit oder Starrsinn? Was in diesem Artikel berichtet wird, ist unfassbar. Die Evangelische Kirche in der DDR war so ziemlich die einzige Organisation, die Raum zur freien Meinungs\u00e4usserung und einen gewissen Schutz vor Repressionen der Staatsmacht und vor allem der Staatssicherheit bot. Ganze 29 Jahre sp\u00e4ter sucht sich diese Evangelische Kirche mit der Amadeu Antonio Stiftung einen Partner, dessen Vorsitzende, Anetta Kahane, jahrelang als IM-Spitzel f\u00fcr die Staatsicherheit der DDR t\u00e4tig war? Die Botschaft an die vielen Pastoren, die damals selbst zur Opposition geh\u00f6rten sowie sich und andere vor Menschen wie Kahane sch\u00fctzen mussten, ist eindeutig: &#8222;Wen interessiert Euer Kampf gegen Diktatur und f\u00fcr Menschenrechte? Die T\u00e4ter von einst, sind heute die besten Demokraten und vielleicht waren sie damals schon &#8222;die Guten&#8220; und Ihr &#8222;die B\u00f6sen&#8220;. Man kann nur hoffen, dass die Verantwortlichen sich vor dem &#8222;J\u00fcngsten Gericht&#8220;, an das sie vorgeben zu glauben, daf\u00fcr rechtfertigen m\u00fcssen.<br \/>\n17.5.2018, Denis Staudmann, CO<\/p>\n<p><strong>Endlich Trennung von Kirche und Staat<\/strong><br \/>\nHerr Bedford-Strohm entbl\u00f6det sich nicht in Jerusalem vor Betreten des Felsendoms sein Kreuz abzulegen und sich symbolisch dem Islam zu unterwerfen. Eine Ex-Bisch\u00f6fin macht sich mit Islamismus gemein und wirft Seehofer vor zwischen Menschen und ihrer Religion&#8220; zu trennen. Welches Selbstzeugnis f\u00fcr diese religi\u00f6sen &#8222;Fachkr\u00e4fte&#8220;! W\u00e4re ich Christ, w\u00fcrde ich sie aus dem Amt jagen. Allzu viel Dumpfheit und Dummheit h\u00e4lt eine halbwegs aufgekl\u00e4rte Gesellschaft nicht aus &#8211; und wenn die Kirche im Windschatten von Scharia-w\u00fctigen Islamisten in Gr\u00f6\u00dfenwahn verf\u00e4llt und zusammen mit alten Stasi-Mitarbeitern im Namen h\u00f6herer Moral Gedankenpolizei zu spielen sucht, m\u00fcssen WIR dem Irrsinn ein Ende machen und den Klerus in die Schranken weisen.<br \/>\nSchluss mit der \u00f6ffentlichen Finanzierung dieses Spuks. Abschaffung der Kirchensteuer und ein Ende der \u00f6ffentlichen UNterst\u00fctzung f\u00fcr &#8222;Tendenzbetriebe&#8220;.<br \/>\n17.5.2018, Christoph Ernst , CO<\/p>\n<p>&nbsp;<\/p>\n<p>&nbsp;<\/p>\n<p><strong>Fl\u00fcchtlinge: Es ist genug f\u00fcr alle da<\/strong><br \/>\nPolemiken \u00fcber Sozialleistungen f\u00fcr Fl\u00fcchtlinge schaden dem gesellschaftlichen Frieden und sch\u00fcren unbegr\u00fcndete \u00c4ngste. &#8230; Neiddebatten, bei denen die Schwachen gegen die \u00adSchwachen ausgespielt werden, sind verantwortungslos&#8230;.<br \/>\nAlles von Heinrich Bedford-Strom vom 22.11.2017 bitte lesen auf<br \/>\n<a href=\"https:\/\/chrismon.evangelisch.de\/neiddebatten#comments-list\">https:\/\/chrismon.evangelisch.de\/neiddebatten#comments-list<\/a><\/p>\n<p><strong>Neiddebatten<\/strong><br \/>\nSehr geehrter Herr Bedford-Strom, Sie haben sicher recht, dass Neiddebatten nichts bringen. Aber das Verschweigen von Tatsachen bringt auch nichts. Denn es ist eben nicht genug f\u00fcr alle da: Um Kindergarten- und Hortpl\u00e4tze konkurrieren die Kinder gut ausgebildeter M\u00fctter, die arbeiten wollen oder m\u00fcssen, um ihren Job zu behalten, mit den Fl\u00fcchtlingskindern, die dringend deutsch lernen und mit der neuen Kultur vertraut werden sollen.<br \/>\nUm Schulpl\u00e4tze an weiterf\u00fchrenden Schulen konkurrieren alle Sch\u00fcler, die dann lange Anfahrtswege in Kauf nehmen m\u00fcssen, da in Wohnortn\u00e4he nicht genug Pl\u00e4tze vorhanden sind.Ob besonders an Grund- und Hauptschulen alle Kinder weiterhin gut gef\u00f6rdert werden k\u00f6nnen, wenn der Anteil der kaum deutsch sprechenden, z.Tl. traumatisierten Sch\u00fcler gro\u00df ist, ist fraglich. Um bezahlbaren Wohnraum konkurrieren lang eingesessene Familien mit den Fl\u00fcchtlingsfamilien. Um Jobs f\u00fcr gering ausgebildete Menschen konkurrieren Langzeitarbeitslose oder Menschen, die gerade ihren Job verloren haben, mit meist jungen, m\u00e4nnlichen Fl\u00fcchtlingen.<br \/>\nDass diejenigen, die nicht zum Zug kommen, neidisch auf die &#8222;Gewinner&#8220; sind, ist nachvollziehbar&#8230; Statt Schuldzuweisungen sollte die Gr\u00f6\u00dfe der Probleme benannt und zahlenm\u00e4\u00dfig belegt werden, was die Gr\u00f6\u00dfe der Probleme m\u00f6glicherweise relativiert, und Ziele genannt werden,wie die Nachteile \u00fcberwunden werden k\u00f6nnen. Dass wir bis dahin den Fl\u00fcchtlingen freundlich und hilfsbereit gegen\u00fcber treten m\u00fcssen, ist selbstverst\u00e4ndlich.<br \/>\nViola Jung, 1.12.2017, CHO<br \/>\n<strong>Es ist genug f\u00fcr alle da?<\/strong><br \/>\nAus ihrem Beitrag, verehrter Herr Bedford-Strohm, spricht der Wille, gesellschaftlichen Frieden und Zusammenhalt zu bef\u00f6rdern. Das begr\u00fc\u00dfe ich. In Wahrheit jedoch erreichen Sie mit Ihrem Votum eher das Gegenteil: Sie vertiefen die Spaltung unserer Gesellschaft, indem Sie Debatten \u00fcber Sozialleistungen f\u00fcr Fl\u00fcchtlinge als &#8222;Polemiken&#8220; inkriminieren und indem Sie systematisch alle Tatsachen, die gegen Ihre These sprechen, ausblenden oder bestreiten. Ihre Argumentation l\u00e4sst zun\u00e4chst au\u00dfer Acht, dass nach unserem Grundgesetz zwischen Menschen mit Anspruch und solchen ohne Anspruch auf Asyl zu unterscheiden ist. Und nach den Gesetzen der Logik und der Mathematik besteht selbstverst\u00e4ndlich ein Unterschied, ob in einem Land Sozialleistungen beispielsweise f\u00fcr 30 Mill. oder f\u00fcr 32 Mill. Einwohner gezahlt werden m\u00fcssen. Erst wenn dies anerkannt (und nicht durch die fahle Formel &#8222;Es ist genug f\u00fcr alle da&#8220; verkleistert) wird, kann &#8211; nicht von der Kirche, sondern von dem Teil der Gesellschaft, der am st\u00e4rksten auf Sozialleistungen angewiesen ist &#8211; erkl\u00e4rt werden: &#8222;Ja, wir sind bereit f\u00fcr eine gro\u00dfe Zahl zus\u00e4tzlicher Fl\u00fcchtlinge zusammenzur\u00fccken und Einschr\u00e4nkungen hinzunehmen.&#8220; Denn selbstverst\u00e4ndlich belasten Fl\u00fcchtlinge die Lebenssituation vieler &#8222;Einheimischer&#8220;, die auf der Suche nach einer bezahlbaren Stadtwohnung oder einem Kindergartenplatz sind oder deren Kinder in Klassen unterrichtet werden, die einen hohen Zeitanteil f\u00fcr den Ausgleich mangelnder Sprach- und Kulturkenntnisse von Migrantenkindern aufw\u00e4nden m\u00fcssen.<br \/>\nIm Vergleich mit anderen europ\u00e4ischen L\u00e4ndern sind die Sozialleistungen f\u00fcr Fl\u00fcchtlinge in Deutschland sehr hoch. Diese Tatsache entfaltet eine Steuerungswirkung, die den politischen Anspruch, auch die anderen L\u00e4nder Europas m\u00fcssten sich in vergleichbarer Weise an der Aufnahme von Fl\u00fcchtlingen beteiligen, konterkariert. Auch darauf hinzuweisen ist keineswegs unchristlich.<br \/>\nMichael M\u00e4rker, CHO<\/p>\n<p><strong>Sorry, aber Geld ist nur einmal da. Politik bitte in der SPD mac<\/strong><br \/>\nGrunds\u00e4tzlich geht der Beitrag des Herrn Bedford-Strohm von der SPD f\u00fcr mich eher am Kern der Debatte vorbei, denn in meinem Bekanntenkreis wendet sich kaum jemand gegen die Unterst\u00fctzung von echten Fl\u00fcchtlingen aus Kriegsgebieten. Die \u00fcbrigens weltweit ziemlich einmalige Gro\u00dfz\u00fcgigkeit vieler Menschen in unserem Land endet jedoch erkennbar dort, wo 80% der Einreisenden keinen Pass dabei haben (verhindert sp\u00e4tere Abschiebung). Unter diesen 80% befinden sich h\u00f6chstwahrscheinlich ein gewisser Anteil von Menschen, die keine &#8222;Fl\u00fcchtlinge&#8220; sind, sondern gern unsere gro\u00dfz\u00fcgige Gesetzgebung nutzen, hier dauerhaft in unserem weltweit einmaligen Sozialsystem sesshaft zu werden oder auch zweifelhaften Gesch\u00e4ften nachzugehen. Darunter sind leider auch weniger sympathische Zeitgenossen wie Anis Amri, der eine oder andere Taliban, Dschihadist oder islamistische Gef\u00e4hrder. Viele der an den Bahnh\u00f6fen unseres Landes t\u00e4tigen Drogendealer sind mit einem Asylantrag hierher gekommen. Ja, Herr Bedford: Wieso ich diese Personen mit meinen Steuermitteln unterst\u00fctzen soll, leuchtet mir nicht ein. Ich m\u00f6chte, dass solche Leute unser Land wieder verlassen, denn ich habe Kinder. Es ist auch am Thema vorbei, das als Neiddebatte zu diffamieren. Warum helfen wir nicht Hungernden in Afrika, sondern zahlen hier ausreisepflichtigen Dealern Hartz IV, lieber Herr Bedford?<br \/>\nChristian Bernhard, CHO,<\/p>\n<p><strong>Es ist genug f\u00fcr alle da &#8211; Bedford-Strohm<\/strong><br \/>\nSelbst wenn die Grundthese des EKD-Vorsitzenden Bedford-Strohm richtig w\u00e4re, dass wegen der Fl\u00fcchtlinge noch niemandem etwas genommen worden sei und genug f\u00fcr alle da sei (wie lange noch?), ist damit nicht entschieden, ob ein weiterhin unbegrenzter Fl\u00fcchtlingszustrom auch kultur- und gesellschaftspolitisch gew\u00fcnscht und richtig w\u00e4re. Seine Behauptung enth\u00e4lt etwas Skandal\u00f6ses. Denn wenn sie richtig w\u00e4re, w\u00fcrde sich logisch und auch &#8222;biblisch&#8220; sofort die Frage stellen, warum das nicht schon fr\u00fcher galt f\u00fcr die 2 Mio. Kinder und Jugendlichen, die nach Hartz-4 leben m\u00fcssen, f\u00fcr die Alten und die Kinder alleinerziehender M\u00fctter oder f\u00fcr die Gesundheitspolitik. Da kann man sich aber nicht so sch\u00f6n in der Sonne der N\u00e4chstenliebe wohlig w\u00e4rmen, wie die Kirchen das bei der Fl\u00fcchtlingshilfe tun.<br \/>\nSeine Behauptung ist aber falsch. Bei Zuzug so vieler elender Menschen in der Welt &#8211; sagen wir f\u00fcnf Millionen nach Deutschland -, was auch nur ein Tropfen auf den hei\u00dfen Stein w\u00e4re, w\u00fcrde f\u00fcr die Migration die H\u00e4lfte des Bruttoinlandsproduktes auszugeben sein. Das nimmt der H\u00e4lfte der Bev\u00f6lkerung den wirtschaftlichen Atem zum Leben.<br \/>\nStefan Kaisers, 3.12.2017, CHO<\/p>\n<p><strong>Sehr geehrter Herr Bedform-Strohm,<\/strong><br \/>\nIhrer Darstellung ist entschieden zu widersprechen. Es ist traurig, wie selbst intellektuell anspruchsvolle Meinungstr\u00e4ger in diesem schwierigen Thema entscheidende Perspektiven vergessen. Diese seien nur mit folgenden Fragen angerissen: was ist mit den millionen hilfebed\u00fcrftigen Frauen und Kindern, die zur\u00fcckgelassen um ihre Existenz k\u00e4mpfen, w\u00e4hrend wir mit den gefl\u00fcchteten Br\u00fcdern und V\u00e4tern teilen? Und wieviel k\u00f6nnen wir teilen, wieviel kann man \u00fcberhaupt sinnvoll teilen? W\u00e4re St. Martin, wenn er seinen Mantel in zehntausend kleine Schnipsel zerrissen h\u00e4tte, noch eine Hilfe gewesen? Und wie k\u00f6nnen Sie von Neid sprechen, wenn der Sozialwohnungsbewohner eine R\u00e4umungsaufforderung erh\u00e4lt, um Fl\u00fcchtlingen Platz zu machen, wenn der Harz4 Empf\u00e4nger f\u00fcr die S-Bahn die Fahrkarte kauft, w\u00e4hrend die Schutzsuchenden kostenlos fahren, wenn f\u00fcr horrende Mieten Fl\u00fcchtlingsheime gemietet werden w\u00e4hrend f\u00fcr die Schule, den Kindergarten kein Geld da ist? Da von &#8222;Neid&#8220; zu sprechen ist schon eine grobe Unterstellung.<br \/>\nDer Blick aus der gesicherten Position verengt m\u00f6glicherweise die Wahrnehmung, leider aber damit auch den Blick f\u00fcr das Notwendige und Offensichtliche. Ihr vorletzter Satz des Artikels spaltet, indem er berechtigte Sorgen und Einw\u00e4nde als &#8222;Neiddebatten&#8220; diffamiert. In Anlehnung an Faust k\u00f6nnte man sagen: so ensteht die Kraft, die stets das Gute will und stets das B\u00f6se schafft.<br \/>\nIch hoffe diese wenigen S\u00e4tze regen an zu differenzierterem Blick.<br \/>\nFrank Matzen, CHO, 3.12.2017<\/p>\n<p>&#8220;<\/p>\n<p>&nbsp;<\/p>\n<p><strong>Willkommen in der Merkel-Kirche<\/strong><br \/>\n<em>Kisslers Konter: Wieder einmal wird die Kanzlerin durch einen Kirchenoberen ausgezeichnet. Doch der enge Schulterschluss mit der Regierung schadet der Kirche. Sie wird immer belangloser und schrumpft zum Milieuverein.<\/em> &#8230;.<br \/>\nM\u00fcnchen-Freisings Erzbischof Karinal Marx und sein evangelisches Pendant, Heinrich Bedford-Strohm, gelten als der Kanzlerin treueste Fanboys. Und dienten Preisverleihungen je einem anderen Zweck als der Milieuvergewisserung?<br \/>\nSteigende Einnahmen &#8211; leere Kirchenb\u00e4nke. Auch in Deutschland stehen \u201esechs Milliarden Euro Kirchensteuern von den deutschen Katholiken, mehr als je zuvor\u201c, einer grassierenden Flucht aus ebendieser Kirche gegen\u00fcber. Sie hat sich zu Tode gesiegt. Sie zehrt von wirtschaftlicher Prosperit\u00e4t und Staatsn\u00e4he. Reicher waren Kirchen nie, belangloser auch nicht. So bietet sich dem Betrachter ein tragikomisches Schauspiel. Die vereinte Elite von Staat und Kirche versichert sich wechselseitig ihre Unverzichtbarkeit. Sie kraulen einander den Bart, herzen und umarmen sich, w\u00e4hrend die Wetter drau\u00dfen aufziehen. Kein ewiger Aufschwung ist in Sicht, kein Jubelchor f\u00fcr das Regierungshandeln, kein Seelensturm der Erl\u00f6sten. Bald werden die Kirchen Verm\u00f6gensverwaltungen sein mit eingebauter Weltverbesserungsrhetorik. Der Staat wird sich ihrer bedienen, denn jeder Sonntag braucht eine Rede&#8230;.. Alles von Kissler vom 2.2.2017 bitte lesen auf<br \/>\n<a href=\"https:\/\/cicero.de\/salon\/politik-und-glaube-willkommen-in-der-merkelkirche\">https:\/\/cicero.de\/salon\/politik-und-glaube-willkommen-in-der-merkelkirche<\/a><br \/>\n.<br \/>\n<strong>Keine Trennung von Staat und Kirche<\/strong><br \/>\nWie Sie richtig sagen, existiert sie in der Praxis in Deutschland \u00fcberhaupt nicht: Eintreiben der Kirchensteuer durch den Staat, Religi\u00f6se in Rundfunk- und Fernsehr\u00e4ten, Bezahlung der kirchlichen Lehrst\u00fchle und und der Geh\u00e4lter von Bisch\u00f6fen, gesetzlich festgelegte Ausnahmen f\u00fcr die Kirchen im Arbeitsrecht, und viele mehr Verquickungen. Auch der Paragraph 161 StGB, der Beleidigung religi\u00f6ser Gef\u00fchle unter Strafe stellt. All dies verhindert, dass der Staat den Religionen und ihren Ausw\u00fcchsen wirksam entgegentreten kann. Deshalb wird auch in der Auseinandersetzung mit dem Islam die von Boualem Sansal gestellte, wichtige Frage ob diese Religion verantwortlich ist, f\u00fcr die Verbrechen die in ihrem Namen begangen wurden und werden, nicht beantwortet, Sie wird nicht einmal gestellt.<br \/>\n21.1.2017, Dr. Klaus Eckhardt<br \/>\n.<br \/>\n<strong>Kungelnde Kirchenf\u00fcrsten<\/strong><br \/>\nAls ob es jemals anders gewesen w\u00e4re: Die Kirchen-Oberen kungeln mit dem Staat, der ihre Pfr\u00fcnde sichert. Dies verm\u00f6gen sie zur Zeit umso leichter zu tun als sie ja mit der (falsch verstandenen) N\u00e4chstenliebe Merkels wahnwitzige Migrantenpolitik argumentatorisch wunderbar glauben unterst\u00fctzen zu k\u00f6nnen. Und das biblisch (und allgemein) ungebildete Kirchenvolk nimmt ihnen das auch noch ab! Als Christin (Katholikin) innerhalb der AfD f\u00fchle ich mich &#8211; zusammen mit anderen, engagierten Christen &#8211; wie ein Dissident in einem meinungsbestimmenden System, das mich am liebsten aussto\u00dfen w\u00fcrde, wenn es nicht auffiele. Irgendwie st\u00e4rkt mir das den R\u00fccken: Es waren ja nicht die schlechtesten und d\u00fcmmsten, die ihren Kopf f\u00fcr gegenteilige \u00dcberzeugungen in der Geschichte des Christentums hinhielten. (Hinterher &#8211; wenn sich der &#8222;Mainstream&#8220; als Irrtum und Unrecht herausgestellt hatte &#8211; war die Kirche \u00fcbrigens immer ganz schnell bereit, die fr\u00fcheren Dissidenten als Helden\/Heilige zu vereinnahmen!)<br \/>\n30.1.2017, Christa Wallau, CO<br \/>\n.<br \/>\n<strong>Willkommen in Merkels Kirche<\/strong><br \/>\nChrista, ich kann ihnen nur noch zustimmen. Was die Kirche da veranstaltet, wie die seit einiger Zeit agiert, dar\u00fcber kann ich mich nur noch wundern. Ich bin in dieser Kirche, bin gl\u00e4ubiger Katholik, bin aber entsetzt, was da vor sich geht. Diese Verbr\u00fcderung von Staat und Kirche,diese einseitige Parteinahme zu Gunsten von Merkel, dazu jetzt noch Auszeichnung, das alles ruft in mir ein seltsames Gef\u00fchl hervor. Wem dient eigentlich diese Kirche heute? Was ist eigentlich das Christentum noch und worum k\u00fcmmern sich die Vertreter , die Geistlichkeit , dieser Religion? Ich bin irritiert.<br \/>\n31.1.2017, Melanie Gatzke, CO<br \/>\n.<br \/>\n<strong>Volksverachtung?<\/strong><br \/>\nMerkel vergleicht die Probleme der unregulierter Zuwanderung mit den Schwierigkeiten nach der deutschen Einheit. Unfassbar. Haben die Ostdeutschen Terroranschl\u00e4ge ver\u00fcbt, sich nicht angepasst, 1000e Frauen begrapscht und vergewaltigt, gemordet aus religi\u00f6men Hass die Lebensweise der Westdeutschen verachtet, m\u00fcssten Feiern und M\u00e4rkte gesch\u00fctzt werden? Was redet diese Frau. So eine Volksverachtung hat es schon lange nicht mehr gegeben. Die Kirche macht sich zum n\u00fctzlichen Idioten der Politik und indirekt des Islam. Diese Scheinheiligkeit ist unerkl\u00e4rlich. Was die Kirche erwartet, davon kann sie sich ein Bild machen dort, wo die Islamisten w\u00fcten.<br \/>\n31.1.2017, Cota Aslanidis, CO<br \/>\n.<br \/>\n<strong>Das Kreuz mit dem Kreuz<\/strong><br \/>\nWaren es nicht die Herren Bedford-Strom und Marx, die in Jerusalem das Kreuz abgelegt haben. Gab es da nicht einmal einen J\u00fcnger namens Judas, der unseren Herrn verraten hat?Ich kann ihrem Artikel, sehr verehrter Herr Kissler, bedingungslos zustimmen . Mein aufrichtiges Kompliment! Bei beiden Kirchen steht nicht mehr die Verk\u00fcndigung des Evangeliums im Vordergrund, sondern von den Kanzeln wird linke Mainstream Politik gepredigt. Die Institution Kirche giert schon immer nach Macht und Reichtum. Die aktuelle Parteinahme vieler Kirchenvertreter ist mir zutiefst zuwider, weil zutiefst unchristlich. Unter diesen Umst\u00e4nden kann ich es wohl nicht mehr viel l\u00e4nger verantworten, einer solchen Institution anzugeh\u00f6ren.<br \/>\n31.1.2017, J\u00fcrgen Streeb., CO<br \/>\n.<br \/>\n<strong>Wenn das Geld im Kasten klingt &#8230;<\/strong><br \/>\nLiebe geweihte Klassenkameraden im Bischofsamt: Eure Kommilitonin Schwester Angela kann euch nicht retten, weder euch noch Deutschland noch Europa und am allerwenigsten sich selbst. Das ist dann doch ein anderer. Als Messdiener der 60er Jahre h\u00e4tte ich mir in meinen k\u00fchnsten Tr\u00e4umen nicht vorstellen k\u00f6nnen, was im Moment geschieht. Zur Rettung eurer Ehre sage ich: Es ist mir auch nie gelungen, unabh\u00e4ngig zu denken, solange ich im Angestelltenverh\u00e4ltnis war. Deshalb jetzt: Trennung von Kirche und Staat, dann wird der Kopf wieder klar. EIn franz\u00f6sischer Bischof erh\u00e4lt 900 EUR im Monat, ein deutscher 9000. Ich lebe im Moment eher wie ein franz\u00f6sischer Bischof. Geht sehr gut. VIVE LA FRANCE !!!<br \/>\n31.1.2017, Axel Kreissl, CO<br \/>\n.<br \/>\nWas w\u00fcrde das kosten, wenn es (die vielen sozialen Einrichtungen der Kirchen) der Staat \u00fcbernehmen w\u00fcrde? Das ist eine sch\u00f6ne Legende! Hierzu empfehle ich das Buch &#8222;Gott hat hohe Nebenkosten&#8220; von Eva M\u00fcller, erschienen bei Kiepenheuer &amp; Witsch. Danach stellt man diese Frage nicht mehr! F\u00fcr glaubhafte Ausreden muss dann der Glaube sehr, sehr gro\u00df oder die Intelligenz sehr klein sein!<br \/>\n2.2.2017, Thomas Radl, CO<br \/>\n.<br \/>\nFrankreich hat sie seit 1780 hinter sich: Die <a title=\"Kirche-Staat\" href=\"https:\/\/www.freiburg-schwarzwald.de\/blog\/religion\/kirche-staat\/\">Trennung von Kirche und Staat<\/a>. Wir haben seit 1933 ein Konkordat von Adolf Hitler. Ob das auf Dauer reicht?<br \/>\n2.2.2017, Harro Meyer, CO<\/p>\n<p>&nbsp;<\/p>\n<p>&nbsp;<\/p>\n<p><strong>Martin Luther (Rechtsstaat, Aufkl\u00e4rung) oder EKD (Merkels Rechtsbruch Budapest, Gesinnungsethik)?<\/strong><\/p>\n<p>Klaus-R\u00fcdiger Mai macht deutlich, dass ein evangelische Christ sind entscheiden mu\u00df, ob er f\u00fcr den Rechtsstaat (gleiches Recht f\u00fcr alle) oder f\u00fcr die EKD stimmt, die die Merkel&#8217;sche Politik des Rechtsbruchs in der Fl\u00fcchtlingskrise unterst\u00fctzt:<br \/>\n&#8222;Mit gro\u00dfer innerer Selbstzufriedenheit wird gern das Totschlagargument bem\u00fcht: nat\u00fcrlich wurde Recht gebrochen (durch Merkel&#8217;s Grenz\u00f6ffnung f\u00fcr Fl\u00fcchtlinge\u00a0<a title=\"Budapest-Dublin2015\" href=\"https:\/\/www.freiburg-schwarzwald.de\/blog\/global\/eu\/budapest-dublin2015\/\">Budapest 9\/2015<\/a>), aber doch aus Gr\u00fcnden der Menschlichkeit. Das Argument der Menschlichkeit h\u00e4lt f\u00fcr alles her, was man selbst f\u00fcr menschlich und was man f\u00fcr unmenschlich h\u00e4lt.<br \/>\n&#8230;<br \/>\nDie Unver\u00e4u\u00dferlichkeit des Rechts und die Gleichheit eines jeden Menschen vor dem recht sind zentrale, ja fundamentale Postulate der Aufkl\u00e4rung, die auf Martin Luther zur\u00fcckgehen. Wenn die EKD der Kanzlerin Angela Merkel applaudiert, dann stellt sie sich gegen Martin Luther. Dann lautet f\u00fcr jeden evangelischen Christen die Frage, ob er Martin Luther oder dem Rat der EKD folgen will. Wer das Recht oder mithin die Postulate der Aufkl\u00e4rung in Frage stellt, mu\u00df das Zusammenleben t\u00e4glich neu aushandeln&#8220; &#8211; so Klaus-R\u00fcdiger Mai, in &#8222;Geh\u00f6rt Luther zu Deutschland?&#8220;, \u00a0Herder-verlag 2016, Seite 154<\/p>\n<p>&nbsp;<\/p>\n<p>&nbsp;<\/p>\n<p><strong>Christliche Kirchen begr\u00fc\u00dfen Massenmigration von Muslimen<\/strong><br \/>\nDie evangelische und katholische Kirche in Deutschland begr\u00fc\u00dfen die Masseneinwanderung von \u00fcber 1,3 Mio <a title=\"Fluechtlinge2016\" href=\"https:\/\/www.freiburg-schwarzwald.de\/blog\/global\/integration\/fluechtlinge2016\/\">Fl\u00fcchtlingen<\/a> seit <a title=\"Budapest-Dublin2015\" href=\"https:\/\/www.freiburg-schwarzwald.de\/blog\/global\/eu\/budapest-dublin2015\/\">Budapest 9\/2015<\/a>. Aus christlicher N\u00e4chstenliebe heraus.<br \/>\n.<br \/>\nDer EKD-Vorsitzende Badford-Strohm l\u00e4\u00dft sich in wei\u00df wallendem Missionarsgewand und gro\u00dfem goldenen Kreuz vor der Brust am Strand einer griechischen Insel fotographieren, wie er Fl\u00fcchtlinge rettend begr\u00fc\u00dft, die gerade im Schlauchboot von der t\u00fcrkischen K\u00fcste \u00fcbergesetzt sind &#8211; ganz zuf\u00e4llig Familien mit Kleinkindern, wo \u00fcber 80% aller Fl\u00fcchtlinge junge M\u00e4nner sind. Der M\u00fcnchener Kardinal Marx bekr\u00e4ftigt: &#8222;Jeder Fl\u00fcchtling ist ein Geschenk Gottes&#8220;.<br \/>\nKann es sein, dass die kirchliche Fl\u00fcchtlingseuphorie neben der N\u00e4chstenliebe als Hauptgrund noch weitere quasi Nebengr\u00fcnde hat: 1) die Migrations-Industrie und 2) die Kirchenaustritte? Und wird sich 3) die Fl\u00fcchtlingseuphorie langfristig gar ins Gegenteil umkehren?<br \/>\n.<br \/>\n1) Die Integration der muslimischen Migration in Frankreich ist gescheitert, obwohl alle Einwanderer Franz\u00f6sisch sprechen und dem sunnitischen Islam angeh\u00f6ren. Die Integration von Millionen von Migranten in Deutschland ist ungleich schwieriger (niemand spricht Deutsch, neben Sunniten kommen auch Schiiten (als deren Hauptfeinde), Aleviten, Jesiden, &#8230; ). Der deutsche Staat mu\u00df gewaltige Gelder zur Integration bereitstellen &#8211; auch \u00fcber die beiden kirchlichen Hilfsorganisationen. Diakonie und Caritas werden \u00fcber Jahre Finanzmittel der \u00f6ffentlichen H\u00e4nde erhalten.<br \/>\n.<br \/>\n2) Die christlichen Konfessionen beklagen hohe Zahlen von Kirchenaustritten. Seit 2015 bilden die &#8222;Konfessionsfreien&#8220; mit ca 30% die gr\u00f6\u00dfte Gruppe vor Protestanten und Katholiken mit je 25%. Die Massenzuwanderung des Islam wird die Gesellschaft \u00e4ndern und verunsichern &#8211; f\u00fcr viele &#8218;abtr\u00fcnnige Sch\u00e4fchen&#8216; vielleicht ein Grund, sich wieder mehr den christlichen Kirchen zuzuwenden?<br \/>\n.<br \/>\n3) Sollten Muslime vor dem Bundesverfassungsgericht klagen, werden sie das Recht erhalten, an allen \u00f6ffentlichen Schulen einen sunnitisch-islamischen wie auch einen schiitisch-islamischen Religionsunterricht finanziert zu bekommen. Die Intention, EINEN gemeinsamen Islamunterricht einzurichten, wird scheitern (siehe Krieg Iran\/Schiiten gegen Saudi\/Sunniten). Da d\u00fcrfte es noch einfacher sein, die kath. und ev. Religion zu EINEM christlichen Religionsunterricht zusammenzulegen (aber schon dies klappt nicht). EKD wie ZdK wissen um diese aus der rasanten Zunahme der Muslime resultierenden Probleme, sind aber nicht bereit, eigene Privilegien abzugeben zugunsten der Einf\u00fchrung einer strengen Trennung von Kirche und Staat auch in Deutschland (Laizismus wie in Frankreich, Religion Privatsache).<br \/>\n.<br \/>\n\u201eWir k\u00f6nnen heute von einer arabischen Invasion sprechen. Das ist eine soziale Tatsache\u201c, zitiert die Vatikanzeitung \u201eOsservatore Romano\u201c vom 26.3.2016 den Papst Pranziskus.<br \/>\n.<br \/>\nDie Debatte um das Buch des Historikers und Journalisten Michel De Jaeghere: \u201eLes Derniers Jours. La fin de l\u2018empire romain d\u2018Occident\u201c (Die letzten Tage. Das Ende des Westr\u00f6mischen Reiches, Le Belles Lettres, Paris 2014) verlagerte sich schnell auf die politische Ebene, weil die Frage nach den Gr\u00fcnden f\u00fcr das Ende des R\u00f6mischen Reiches an eine andere sterbende Zivilisation erinnert \u2013 worauf bereits Benedikt XVI. aufmerksam machte \u2013 an unsere eigene christlich-westliche Zivilisation: &#8222;Heute sind die Einwanderer und \u201eEroberer\u201c \u2013 wirtschaftliche Eroberer mit Petrodollars oder angehende bewaffnete Eroberer im Dienst des \u201eKalifen\u201c \u2013 Tr\u00e4ger einer sehr starken religi\u00f6sen Kultur, der islamischen (aus dem fernen Osten dringt auch ein chinesisches Echo). Sie denken nicht daran, sich zu integrieren und unsere Kultur anzunehmen, sondern wollen uns von der \u00dcberlegenheit ihrer Kultur \u00fcberzeugen. Die Krise, die daraus folgen k\u00f6nnte, k\u00f6nnte f\u00fcr Europa t\u00f6dlicher sein, als der Untergang Roms. Aus diesem Grund ist die Diskussion \u00fcber den Niedergang des Westr\u00f6mischen Reiches keineswegs nur eine intellektuelle Gedanken\u00fcbung.&#8220;<br \/>\n8.3.2016<br \/>\n.<br \/>\nAlles zum o.a. Zitat vom 23.2.2014 zu &#8222;Kinderlosigkeit, Steuern, Einwanderung: Warum wir wie das R\u00f6mische Reich enden werden&#8220; bitte lesen auf<br \/>\n<a href=\"https:\/\/www.katholisches.info\/2015\/02\/23\/kinderlosigkeit-steuern-einwanderung-warum-wir-wie-das-roemische-reich-enden-werden\/\">https:\/\/www.katholisches.info\/2015\/02\/23\/kinderlosigkeit-steuern-einwanderung-warum-wir-wie-das-roemische-reich-enden-werden\/<\/a><\/p>\n<p>&nbsp;<\/p>\n<p>&nbsp;<\/p>\n<p>&nbsp;<\/p>\n<p>&nbsp;<\/p>\n<p>&nbsp;<\/p>\n<p id=\"p0\" class=\"prefix_1 text artContent\"><strong>EKD: \u00c4ngste vor Islamisierung unbegr\u00fcndet<\/strong><br \/>\nDer Ratsvorsitzende der Evangelischen Kirche in Deutschland (EKD), Heinrich Bedford-Strohm, h\u00e4lt \u00c4ngste vor einer Islamisierung Deutschlands f\u00fcr unbegr\u00fcndet. Der bayerische Landesbischof rief dazu auf, die &#8222;gro\u00dfe Kraft des christlichen Glaubens&#8220; wahrzunehmen. Dann m\u00fcsse man angesichts von 50 Millionen Christen in Deutschland keine Angst davor haben, wenn im Zuge der Einreise von Fl\u00fcchtlingen vielleicht zwei Millionen Muslime neu ins Land k\u00e4men. Die Menschen sollten sich begegnen und \u00fcber ihren jeweiligen Glauben sprechen. &#8230;.<br \/>\nAlles vom 23.12.2015 lesen auf<br \/>\n<a href=\"https:\/\/www.welt.de\/politik\/deutschland\/article150281061\/Die-entwaffnende-Klarstellung-des-EKD-Vorsitzenden.html\">https:\/\/www.welt.de\/politik\/deutschland\/article150281061\/Die-entwaffnende-Klarstellung-des-EKD-Vorsitzenden.html<\/a><\/p>\n<p><strong>Christen versus Muslime &#8211; In D leben doch auch Konfessionsfreie<\/strong><br \/>\nF\u00fcr Menschen wie Merkel ist der Gedanke v\u00f6llig abwegig, jemand der hier geboren und aufgewachsen ist k\u00f6nnte kein Christ sein. Mir geht dieses ganze &#8222;Christen vs Muslime&#8220; Szenario in den Medien und der Politik in den letzten Monaten ohnehin schon genug auf den Zeiger&#8230; Jedem seinen Glauben, bitte sehr&#8230; Aber ich bitte darum anzuerkennen, dass nicht jeder von uns in einen dieser T\u00f6pfe geh\u00f6rt&#8230; Mal davon abgesehen schwanden die Mitgliederzahlen und die Anzahl derer, die sich zum Christentum bekennen jahrzehntelang kontinuierlich. Und jetzt tun alle so, als w\u00e4re Deutschland DAS christliche Land schlechthin&#8230;<br \/>\n23.12.2015, W.Sonnenschein<br \/>\n.<br \/>\nHerr Bedford-Strohm soll sich einfach mal in einem x-beliebigen islamischen Land mit seiner Tracht f\u00fcr den Gottesdienst und einer Bibel in der Hand auf die Stra\u00dfe stellen und den einen oder anderen salbungsvollen Spruch \u00fcber die Gleichwertigkeit der Religionen loslassen. Im besten Fall wird er kurz drauf verhaftet, mit einer Geldstrafe belegt und des Landes verwiesen, im schlimmeren Fall sitzt er f\u00fcr l\u00e4ngere Zeit im Gef\u00e4ngnis und erh\u00e4lt immer mal wieder Stockschl\u00e4ge und im schlimmsten Fall kommt der Mob auf die Idee die Scharia anzuwenden und ihn gleich an Ort und Stelle zu steinigen. Solange das in allen islamischen L\u00e4nder so ist und dort keinerlei Toleranz herrscht, sollten auch wir uns nicht mehr verbiegen.<br \/>\n23.12.2015, Tobi<br \/>\n.<br \/>\n<strong>Religionsfreiheit<\/strong><br \/>\nMan kann es nicht oft genug sagen: Wer keine Islamisierung will, muss deswegen noch lange kein Christ sein. Auch das ist Religionsfreiheit, Frau Merkel sollte das wissen. Aber vielleicht ist sie vor lauter Politkarriere machen nie dazu gekommen, das Grundgesetz zu lesen?<br \/>\n23.12.2015, E. Cioran<br \/>\n.<\/p>\n<p><strong>Berlin wird muslimisch<\/strong><br \/>\n&#8222;Dann m\u00fcsse man angesichts von 50 Millionen Christen in Deutschland keine Angst davor haben, wenn im Zuge der Einreise von Fl\u00fcchtlingen vielleicht zwei Millionen Muslime neu ins Land k\u00e4men.&#8220; Herr Bedford-Strohm wei\u00df aber schon, dass 2 + 4 = 6 ist und mit Familiennachzug und Co. auch locker 10 (Neugeborene noch nicht eingerechnet) und das der Zuzug sich mehrheitlich in den westdeutschen Metropolen wiederspiegeln wird? Wie kann mir ein Mann wie Herr Bedford-Strohm angesichts dieser Zahlen mit gutem Gewissen erz\u00e4hlen wollen, dass beispielsweise meine Heimatstadt Berlin in 20-30 Jahren keinen muslimischen Bev\u00f6lkerungsanteil von 50% und mehr aufweist und die &#8222;Islamisierung&#8220; demensprechend ein Hirngespinst sei?<br \/>\n23.12.2015, Matthias<br \/>\n.<br \/>\nGenau diese Art von Traumt\u00e4nzerei hat mich vor einigen Jahren dazu bewogen, aus der evangelischen Kirche auszutreten. Im Jahr 1939 lebten in Istanbul etwa 750.000 Menschen, anteilig 200.000 als Christen &#8211; heute hat Istanbul etwa 14 Millionen Einwohner, davon bekennen sich etwa noch ca. 15.000 zum christlichen Glauben. Vielleicht sollte Herr Bedford-Strohm einmal \u00fcber diese Zahlen nachdenken.\u00a0Nach dem Christen-Progrom 1955 verlie\u00dfen die Christen Istanbul weitgehend.<\/p>\n<p><strong>F\u00fcllt die Angst vor dem Islam die christlichen Kirchen?<\/strong><br \/>\nKann es denn wirklich sein, dass Verantwortliche der christlichen Kirchen darauf spekulieren die &#8222;Angst&#8220; vor dem Islam w\u00fcrde die Deutschen wieder in ihre Kirchen treiben?\u00a0Das w\u00e4re doch nun wirklich Realit\u00e4tsverweigerung !<br \/>\nIch pers\u00f6nlich glaube an Gott, bin jedoch vor Jahren aus der Kirche ausgetreten. Die christlichen Kirchen sind f\u00fcr mich nur noch Unternehmen mit weltlichen Machtstrukturen und dem Gesch\u00e4ftsmodell &#8222;Glaube&#8220;.<br \/>\nGegen die islamistischen Fanatiker sind sie chancenlos.<br \/>\n23.12.2015<br \/>\n.<br \/>\n<strong>Die B\u00fcrger sind \u00e4ngstlich und dumm<\/strong><br \/>\nImmer wird den B\u00fcrgern Angst und implizit Dummheit unterstellt um eine undemokratische Bervormundung zu legitimieren. Die zahlreichen Probleme der fehlgeleiteten Asylpolitik werden nat\u00fcrlich verschwiegen. Mittlerweile gibt es eine profitable Fl\u00fcchtlingsindustrie finanziert auf Staatskosten, die Kirchen sind hier gut dabei und werden nat\u00fcrlich erz\u00e4hlen wie wunderbar alles ist.<br \/>\n23.12.2015<\/p>\n<p><strong>Religion privatisieren!<\/strong><br \/>\nEine gro\u00dfe Errungenschaft des Abendlandes ist der Atheismus. Nur hier konnte er entstehen und zwar durch die Aufkl\u00e4rung und die Aufkl\u00e4rer wie Hegel, Nietzsche oder Feuerbach. Die Werte der Aufkl\u00e4rung sind im Koran leider nicht verankert, aber wer sich deshalb der Kirche hingibt, treibt den Teufel mit dem Beelzebub aus. &#8230;<br \/>\nDas Kalk\u00fcl der Kirchen ist wirklich unertr\u00e4glich. ca. die H\u00e4lfte in Deutschland (dem atheistischsten Land der Welt) ist Agnostisch\/Atheistisch bzw. f\u00fchlt sich nicht mehr an irgendeine Glaubensinstitution gebunden. Das hei\u00dft die S\u00e4kularisierung m\u00fcsste eigentlich endlich weiter ausgebaut, aber sicher nicht zur\u00fcckgebaut werden ! Also die restlichen christlichen Elemente vom Staat abtrennen und NICHT einer weiteren Religion die gleichen Privilegien einr\u00e4umen (Stichwort: Staatliche Subventionen) ! Diese kirchliche Spekulation auf eine allgemeine Re-Religionisierung widert mich an. Religion privatisieren !<br \/>\n23.12.2015<\/p>\n<p><strong>Verh\u00f6hnung von Christen<\/strong><br \/>\n&#8222;Die Angst ist da am gr\u00f6\u00dften, wo Menschen keine Muslime kennen&#8220;. Dieser Satz von Bedford-Strohm muss gefl\u00fcchteten syrischen Christen bzw. \u00e4gyptischen Kopten wie der blanke Hohn vorkommen.<br \/>\n23.12.2015, Tobi<br \/>\n.<br \/>\n<strong>Trennung von Kirche und Staat<\/strong><br \/>\n&#8222;Die Angst ist da am gr\u00f6\u00dften, wo Menschen keine Muslime kennen&#8220;. Wirklich? Herr Bedford Strohm verh\u00f6hnt mit dieser lauen Aussage Fl\u00fcchtlinge und verfolgte Christen. Weltweit werden derzeit etwa 100 Millionen Christen aufgrund ihres Glaubens verfolgt. Die ersten 10 Pl\u00e4tze halten (ausser Nordkorea) islamische L\u00e4nder: 2.Somalia 3.Irak 4.Syrien 5.Afghanistan 6.Sudan 7.Iran 8.Pakistan 9.Eritrea 10.Nigeria. Gerade heute war ein guter Artikel dar\u00fcber in disem Blatt.<br \/>\nDeutsche Amtskirchen sollten &#8222;entweltlicht&#8220; werden, wie Papst Benedikt der XVI in seiner Freiburger Rede ausf\u00fchrte. Ich bin Christ, aber wenn ich nicht schon aus der deutschen Kirche ausgetreten w\u00e4re, w\u00fcrde ich es tun.<br \/>\nWir brauchen die Abschaffung des Konkordats, die konsequent umgesetzte, v\u00f6llige Trennung von Kirche und Staat und nat\u00fcrlich Abschaffung der Kirchensteuer und des kirchlichen K\u00f6rperschaftsstatus. Dann trennt sich die Spreu vom Weizen. Vorm Altar und hinter dem Altar und gewiss unter solchen Kirchenfunktion\u00e4ren von Organisationen, die nur ungl\u00e4ubige Anh\u00e4ngsel im Parteiengef\u00fcge sind. Es hilft auch gegen die Islamisierung eines laizistischen Staates durch das Gleichheitsgebot.<br \/>\n23.12.2015<br \/>\n.<br \/>\nIch kenne auch Menschen aus islamischen L\u00e4ndern, mit denen ich blendend auskomme. Ich habe aber auch Menschen aus diesem Kulturkreis kennen gelernt, mit denen mich nichts &#8211; aber auch rein gar nichts &#8211; verbindet. Alles eine Frage des Niveaus, Charakters, der inneren Einstellung und der F\u00e4higkeit zur kritischen Selbstreflektion. \u00dcbrigens: Diejenigen, mit denen ich blendend auskomme, haben alle eins gemeinsam: Die haben mit dem Islam nichts am Hut, sondern sehen ihn als Hemmschuh f\u00fcr Frieden, Freiheit und Wohlstand. In ihren Heimatl\u00e4ndern d\u00fcrfen sie dies aber nicht \u00e4u\u00dfern. Das ist die Realit\u00e4t, Herr EKD-Vorsitzender.<br \/>\n23.12.2015<\/p>\n<p>&nbsp;<\/p>\n<p><strong>Verharmlosen ist falsch &#8211; auch im Islam<\/strong><br \/>\nWolfgang Huber, hat sich als Bischof und Ratsvorsitzender der Evangelischen Kirche in Deutschland als &#8222;Islam-Versteher&#8220; besonders wohlwollend f\u00fcr die Muslime in Deutschland eingesetzt. Nun aber scheint \u00a0Huber sich gewandelt zu haben hin zu \u00e4u\u00dferst kritischer Distanz, wie die folgenden Zitate aus seinem ZEIT-Interview &#8222;Verharmlosen ist falsch&#8220; zeigen.<\/p>\n<p>Islamismus hat sehr wohl mit dem Islam zu tun:<br \/>\n&#8222;Ohne Selbstkritik gibt es eine Selbsterkenntnis und keine Umkehr. Deshalb beunruhigt es mich, wenn Vertreter muslimischer Organisationen sagen, der IS habe mit dem Islam nichts zu tun&#8220;<\/p>\n<p>Muslimische Verb\u00e4nde kritisieren scharf muslimische Reformtheologen:<br \/>\n&#8222;Weil es schmerzt, das eigene fundamentalistische Potenzial einzugestehen&#8220;.<\/p>\n<p>Jede Religion, auch der Islam, mu\u00df sich zur Demokratie bekennen:<br \/>\n&#8222;Islamischer Religionsunterricht ist nicht nur dem Islam, sondern auch der Freiheit verpflichtet&#8220;<br \/>\n.<br \/>\nViele Deutsche haben Angst vor dem Islam:<br \/>\n&#8222;Wenn man nur aus Angst sorgsam mit dem Islam umgeht und zugleich sein s\u00e4kulares M\u00fctchen am Christentum k\u00fchlt, finde ich das sehr unerfreulich.&#8220;<br \/>\n.<br \/>\nMoralisch legitim:<br \/>\n&#8222;Den Wunsch, europ\u00e4ischen Unterst\u00fctzern des IS vor ihrer Reise in den Irak den Pa\u00df abzunehmen, damit sie nicht\u00a0mehr zur\u00fcckk\u00f6nnen, finde ich moralisch legitim.&#8220;<br \/>\n.<br \/>\nDie Aufhebung des Kopftuchverbots ist der Religionsfreiheit nicht dienlich:<br \/>\n&#8222;In dem Augenblick, in dem eine Gruppe von Sch\u00fclern oder Eltern einen Aufstand organisiert gegen eine kopftuchtragende Lehrerin, ist der Schulfrieden gef\u00e4hrdet. Dann bekommt Emp\u00f6rung eine Verf\u00fcgungsgewalt \u00fcber die Religionsfreiheit der Lehrerin. Die Idee des Bundesverfassungsgerichts war eigentlich, die Religionsfreiheit hochzuhalten.&#8220;<\/p>\n<p>Wolfgang Huber: &#8222;Verharmlosen ist falsch &#8211; Der Islam mu\u00df sich ebenso wie das Christentum fragen lassen, ob er den Rechtsstaat anerkennt&#8220;, DIE ZEIT vom 11.6.2015, S. 52<\/p>\n<p>&nbsp;<\/p>\n<p>&nbsp;<\/p>\n<p><strong>Wer sich heute mit dem Zeitgeist verheiratet, wird morgen Witwer sein<\/strong><\/p>\n<p class=\"vorwort\">Es ist sch\u00f6n, dass in einem Leitartikel mal wieder der christliche Glaube thematisiert wird. Treffend wird die Lage der evangelischen Kirche in Deutschland beschrieben. Sie befindet sich letztlich in einer Sinnkrise. Eigentlich ist es logisch: Wer seine Wurzeln verleugnet und seine Grundlagen verl\u00e4sst, ger\u00e4t in die Krise. Traurig ist es, wenn das dann noch als zeitgem\u00e4\u00dfer, ehrlicher Umgang mit dem Glauben bezeichnet wird. Und in diesem Zusammenhang kommt gerne der Seitenhieb auf die Evangelikalen und ihre Art zu glauben.<br \/>\nDazu erlaube ich mir als Leiter einer evangelischen Allianz einige Anmerkungen. Evangelikale gibt es in allen Kirchen \u2013 sogar in der Landeskirche; dort sind sie meist die am besten besuchten Kirchengemeinden! Evangelikale sind also nicht nur freikirchlich \u2013 es gibt sogar nicht-evangelikale Freikirchen. Wer es sachlich genau wissen will, sollte mal auf die Homepage der Deutschen evangelischen Allianz gehen. Dort wird schnell deutlich, wie vielf\u00e4ltig, vielseitig und tiefgr\u00fcndig Evangelikale sind. Sie wollen nichts anderes, als ihren christlichen Glauben und seine Grundlagen ernst nehmen.<br \/>\nEs gibt gute Gr\u00fcnde f\u00fcr den Glauben. Auch Zweifeln ist kein Problem, denn der Zweifel ist oft nur die Kehrseite des Staunens. Das wurde mir beim Besuch eines Krebskranken, der &#8222;evangelikal&#8220; war und schlicht der Bibel glaubte, deutlich. Er litt an seiner Krankheit, er zweifelte, aber er verzweifelte nicht. An seiner Wand hing eine Karte mit dem Satz: &#8222;Vater, ich verstehe dich nicht. Aber ich vertraue dir.&#8220; Das nenne ich evangelikalen, eigentlich evangelischen Glauben. Wir vertrauen \u2013 wie die Reformatoren \u2013 dem Gott, der uns als Vater begegnet. Und dabei halten wir fest, was biblische Wahrheit ist: Allein die Schrift, allein der Glaube, allein die Gnade, allein Christus rettet.<br \/>\nIn allen ethischen und dogmatischen Streitfragen w\u00fcrde diese Grundentscheidung auch der evangelischen Kirche neu Kraft und wohl auch Zulauf geben. Aber so gilt leider einmal mehr: &#8222;Wer sich heute mit dem Zeitgeist verheiratet, wird morgen Witwer sein.&#8220; Darauf aber k\u00f6nnen und wollen Evangelikale gern verzichten und laden darum dazu ein, ehrlich zu zweifeln und dennoch zu glauben. Seit 2000 Jahren hat sich das bew\u00e4hrt \u2013 und es wird auch die Polemik unserer Tage \u00fcberdauern.<br \/>\n22.5.2015,\u00a0Stefan Hee\u00df, L\u00f6rrach<\/p>\n<p class=\"vorwort\"><strong>Wir brauchen eine geniale Gebrauchsanleitung zur Bibel<\/strong><br \/>\nIch kann der Schreiberin des Leitartikels, Frau Annemarie R\u00f6sch darin zustimmen, dass sowohl ein zeitgem\u00e4\u00dfer Umgang mit dem Glauben als auch die entsprechende Interpretation der Bibel die Menschen anspricht und ihnen hilft in der Kirche zu bleiben und an Ver\u00e4nderungen mitzuwirken. Dies reicht aber nicht aus. Die christliche Lehre muss von Glaubensballast befreit werden, sich auf wesentliche Glaubensinhalte konzentrieren und diese entsprechend wissenschaftlicher Erkenntnisse und hinsichtlich der Entwicklungen in der Welt global und neu denken. Dies betrifft sowohl die Bibel als auch das Glaubensbekenntnis. Diese Arbeit muss von der Synode der evangelischen Kirche in Auftrag gegeben werden. Es gen\u00fcgt einfach nicht mehr, den Menschen die Bibel als Handreichung weiter zu geben und sie mit den \u00fcber 2000 Jahre alten, teilweise widerspr\u00fcchlichen und unverst\u00e4ndlichen Texten zu \u00fcberfordern und allein zu lassen. Stellen Sie sich vor sie erwerben ein neues Auto und sie erhalten dazu vom H\u00e4ndler eine Gebrauchsanleitung f\u00fcr das \u00e4lteste Modell der Marke. Die Gebrauchsanleitung wird Ihnen nicht wirklich weiter helfen. So ist es auch mit dem Glaubensangebot der Kirchen.<br \/>\nWir brauchen eine aktuelle Gebrauchsanleitung zur Lebensbew\u00e4ltigung und als Handreichung f\u00fcr alle Menschen unserer Erde und unserer Zeit. Wir leben in einer durch Internet und Mobilit\u00e4t globalisierten und informierten Welt, im Alltag und \u00fcber TV konfrontiert mit Religionen, Weltanschauungen, Weltraumfahrt, Wissenschaften und Konflikten dieser Welt. So eine Gebrauchsanleitung darf nicht nur handwerklich gut, sondern sie muss genial sein. Ich hoffe sehr, dass dies die Synode erkennt und sich Christen finden, die diese Mammutarbeit stemmen k\u00f6nnen.<br \/>\n22.5.2015, Siegfried Wendel, Freiburg<\/p>\n<p>Evangelische Kirche hat mehr Kirchenaustritte\u00a0als die Katholische:<br \/>\n<a href=\"https:\/\/www.badische-zeitung.de\/kommentare-1\/synode-der-evangelischen-kirche-ehrlicher-umgang-mit-dem-glauben--104142349.html\u00a0\">https:\/\/www.badische-zeitung.de\/kommentare-1\/synode-der-evangelischen-kirche-ehrlicher-umgang-mit-dem-glauben&#8211;104142349.html\u00a0<\/a><\/p>\n","protected":false},"excerpt":{"rendered":"<p>Home &gt;Religion &gt;Evangelisch Listenauswahl eines Beitrags (Artikel\/Datum, Seite\/Inhalt):\u00a0Klicken\u00a0oder scrollen Hamas-ARD-Berichterstattung von der Tann preisgekr\u00f6nt \u2013 Offener Brief\u00a0(23.8.2026) Eid Mubarak (gesegneter Ramadan), liebes ZDF! \u2013 B\u00f6se Kirche, guter Islam\u00a0(20.3.2026) Achijah Zorn: Die freche Stimme aus der Kirche vom \u201ebl\u00fchenden Abstellgleis\u201c (18.1.2026) &hellip; <a href=\"https:\/\/www.freiburg-schwarzwald.de\/blog\/religion\/evangelisch\/\">Weiterlesen <span class=\"meta-nav\">&rarr;<\/span><\/a><\/p>\n","protected":false},"author":2,"featured_media":0,"parent":171,"menu_order":0,"comment_status":"open","ping_status":"closed","template":"","meta":{"footnotes":""},"class_list":["post-54629","page","type-page","status-publish","hentry"],"_links":{"self":[{"href":"https:\/\/www.freiburg-schwarzwald.de\/blog\/wp-json\/wp\/v2\/pages\/54629","targetHints":{"allow":["GET"]}}],"collection":[{"href":"https:\/\/www.freiburg-schwarzwald.de\/blog\/wp-json\/wp\/v2\/pages"}],"about":[{"href":"https:\/\/www.freiburg-schwarzwald.de\/blog\/wp-json\/wp\/v2\/types\/page"}],"author":[{"embeddable":true,"href":"https:\/\/www.freiburg-schwarzwald.de\/blog\/wp-json\/wp\/v2\/users\/2"}],"replies":[{"embeddable":true,"href":"https:\/\/www.freiburg-schwarzwald.de\/blog\/wp-json\/wp\/v2\/comments?post=54629"}],"version-history":[{"count":5,"href":"https:\/\/www.freiburg-schwarzwald.de\/blog\/wp-json\/wp\/v2\/pages\/54629\/revisions"}],"predecessor-version":[{"id":153143,"href":"https:\/\/www.freiburg-schwarzwald.de\/blog\/wp-json\/wp\/v2\/pages\/54629\/revisions\/153143"}],"up":[{"embeddable":true,"href":"https:\/\/www.freiburg-schwarzwald.de\/blog\/wp-json\/wp\/v2\/pages\/171"}],"wp:attachment":[{"href":"https:\/\/www.freiburg-schwarzwald.de\/blog\/wp-json\/wp\/v2\/media?parent=54629"}],"curies":[{"name":"wp","href":"https:\/\/api.w.org\/{rel}","templated":true}]}}