{"id":54227,"date":"2015-04-16T19:15:24","date_gmt":"2015-04-16T17:15:24","guid":{"rendered":"https:\/\/www.freiburg-schwarzwald.de\/blog\/?page_id=54227"},"modified":"2021-06-29T13:57:03","modified_gmt":"2021-06-29T11:57:03","slug":"waldhaus","status":"publish","type":"page","link":"https:\/\/www.freiburg-schwarzwald.de\/blog\/natur\/wald\/waldhaus\/","title":{"rendered":"Waldhaus"},"content":{"rendered":"<p><a href=\"https:\/\/www.freiburg-schwarzwald.de\/blog\">Home<\/a> &gt;<a title=\"Wald\" href=\"https:\/\/www.freiburg-schwarzwald.de\/blog\/natur\/wald\/\">Natur<\/a> &gt;<a title=\"Wald\" href=\"https:\/\/www.freiburg-schwarzwald.de\/blog\/natur\/wald\/\">Wald<\/a> &gt;Waldhaus<\/p>\n<div id=\"attachment_54237\" style=\"width: 649px\" class=\"wp-caption alignnone\"><a href=\"https:\/\/www.freiburg-schwarzwald.de\/blog\/natur\/wald\/waldhaus\/waldhaus1pan150410\/\" rel=\"attachment wp-att-54237\"><img loading=\"lazy\" decoding=\"async\" aria-describedby=\"caption-attachment-54237\" class=\"size-full wp-image-54237\" src=\"https:\/\/www.freiburg-schwarzwald.de\/blog\/wp-content\/uploads\/2015\/04\/waldhaus1pan150410.jpg\" alt=\"Waldhaus in Freiburg zwischen G\u00fcnterstal und Wonnhalde am 12.4.2015\" width=\"639\" height=\"258\" srcset=\"https:\/\/www.freiburg-schwarzwald.de\/blog\/wp-content\/uploads\/2015\/04\/waldhaus1pan150410.jpg 639w, https:\/\/www.freiburg-schwarzwald.de\/blog\/wp-content\/uploads\/2015\/04\/waldhaus1pan150410-180x72.jpg 180w\" sizes=\"auto, (max-width: 639px) 100vw, 639px\" \/><\/a><p id=\"caption-attachment-54237\" class=\"wp-caption-text\">Waldhaus in Freiburg zwischen G\u00fcnterstal und Wonnhalde am 12.4.2015<\/p><\/div>\n<p>&nbsp;<\/p>\n<ul>\n<li><a href=\"https:\/\/www.freiburg-schwarzwald.de\/blog\/kultur\/kunst\/loretta\/\">Studierte Kunstkritiker arrogant gegen\u00fcber dem nicht-studierten K\u00fcnstler<\/a>\u00a0 (25.6.2021)<\/li>\n<li><a href=\"https:\/\/www.freiburg-schwarzwald.de\/blog\/keine-baeume-faellen-in-freiburg\/\">Keine B\u00e4ume f\u00e4llen in Freiburg<\/a>\u00a0(31.12.2020)<\/li>\n<li><a title=\"Coronus \u2013 Pestarzt von Th Rees\" href=\"https:\/\/www.freiburg-schwarzwald.de\/blog\/coronus-pestarzt-von-th-rees\/\">Coronus \u2013 Skulptur eines Pestarztes von Thomas Rees<\/a>\u00a0(3.6.2020)<\/li>\n<li><a href=\"https:\/\/www.freiburg-schwarzwald.de\/blog\/pilzlehrpfad-mycelium-waldhaus\/\">https:\/\/www.freiburg-schwarzwald.de\/blog\/pilzlehrpfad-mycelium-waldhaus\/<\/a> (6.12.2014)<\/li>\n<li><a href=\"https:\/\/www.freiburg-schwarzwald.de\/blog\/waldhaus-freiburg-gruppen-oekotourismus-cafe\">https:\/\/www.freiburg-schwarzwald.de\/blog\/waldhaus-freiburg-gruppen-oekotourismus-cafe<\/a>\/ (29.8.2012)<\/li>\n<li><a href=\"https:\/\/www.freiburg-schwarzwald.de\/littenweiler\/waldhaus.htm#Winterpause bis Anfang Februar 2011\">Winterpause bis Anfang Februar 2011<\/a>\u00a0(14.12.2010)<\/li>\n<li><a href=\"https:\/\/www.freiburg-schwarzwald.de\/littenweiler\/buch2.htm#Wildi Zit - Waidmanns Heil am Breisgauer K\u00fcchentisch\">Wildi Zit &#8211; Waidmanns Heil am Breisgauer K\u00fcchentisch<\/a>\u00a0&gt;Buch2 (31.10.2010)<\/li>\n<li><a href=\"https:\/\/www.freiburg-schwarzwald.de\/hexenschuss.htm\">Der Hexenschuss &#8211; Skulptur von Thomas Rees beim Waldhaus<\/a>\u00a0&gt;Hexenschuss (29.4.2010)<\/li>\n<li><a href=\"https:\/\/www.freiburg-schwarzwald.de\/littenweiler\/waldhaus.htm#R\u00fcckblick 2009 - das erste Waldhaus-Jahr\">R\u00fcckblick 2009 &#8211; das erste Waldhaus-Jahr<\/a>\u00a0 &gt;Waldhaus (16.12.2009)<\/li>\n<li><a href=\"https:\/\/www.freiburg-schwarzwald.de\/littenweiler\/waldhaus.htm#Bootsbaukurz mit Thomas Gr\u00f6gler und Franz-Josef Huber\">Bootsbaukurs mit Thomas Gr\u00f6gler und Franz-Josef Huber<\/a>\u00a0&gt;Waldhaus (6.1.2009)<\/li>\n<li><a href=\"https:\/\/www.freiburg-schwarzwald.de\/littenweiler\/grillplatz.htm#An der Wonnhalde gelten die strengsten Grillregeln in ganz Freiburg\">An der Wonnhalde gelten die strengsten Grillregeln in ganz Freiburg<\/a>\u00a0&gt;Grillplatz (17.7.2009)<\/li>\n<li><a href=\"https:\/\/www.freiburg-schwarzwald.de\/wald5.htm#Thomas Rees aus Freiburg-Kappel - Waldmensch mit Tiefgang\">Thomas Rees aus Freiburg-Kappel &#8211; Waldmensch mit Tiefgang<\/a>\u00a0&gt;Wald5 (3.7.2009)<\/li>\n<li><a href=\"https:\/\/www.freiburg-schwarzwald.de\/littenweiler\/kinder3.htm#Liebe, Sex und mehr im Waldhaus\">Liebe, Sex und mehr im Waldhaus<\/a>\u00a0&gt;Kinder3 (8.5.2009)<\/li>\n<li><a href=\"https:\/\/www.freiburg-schwarzwald.de\/littenweiler\/stadtwald1.htm#Klaus Echle: F\u00f6rster im Freiburger Stadtwald und Naturfotograf\">Klaus Echle: F\u00f6rster im Freiburger Stadtwald und Naturfotograf<\/a>\u00a0&gt;Stadtwald1 (24.4.2009)<\/li>\n<li><a href=\"https:\/\/www.freiburg-schwarzwald.de\/littenweiler\/waldhaus.htm#Stiftung Waldhaus Freiburg\">Waldhaus sonntags: Schnitzkurs, Ostereier filzen, Naturausstellung<\/a>\u00a0&gt;Waldhaus (6.4.2009)<\/li>\n<li><a href=\"https:\/\/www.freiburg-schwarzwald.de\/littenweiler\/guenterstal.htm#Regenr\u00fcckhaltebecken Breitmatte: Holzbarrieren beachten\">Regenr\u00fcckhaltebecken Breitmatte: Holzbarrieren beachten<\/a>\u00a0&gt;Guenterstal1 (13.3.2009)<\/li>\n<li><a href=\"https:\/\/www.freiburg-schwarzwald.de\/littenweiler\/waldhaus.htm#Zwei K\u00fcnstler faszinieren: Klaus Echle und Thomas Rees\">Zwei K\u00fcnstler faszinieren: Klaus Echle und Thomas Rees<\/a>\u00a0&gt;Waldhaus (4.3.2009)<\/li>\n<li><a href=\"https:\/\/www.freiburg-schwarzwald.de\/littenweiler\/waldhaus.htm#Waldp\u00e4dagogisches Zentrum im WaldHaus Freiburg\">Waldp\u00e4dagogisches Zentrum im WaldHaus Freiburg<\/a>\u00a0&gt;Waldhaus (15.1.2009)<\/li>\n<li><a href=\"https:\/\/www.freiburg-schwarzwald.de\/littenweiler\/waldhaus.htm#Rainer Grie\u00dfhammer vom \u00d6koinstitut: Klima sch\u00fctzen, Energie und Geld sparen\">Rainer Grie\u00dfhammer vom \u00d6koinstitut: Klima sch\u00fctzen, Energie, Geld sparen<\/a>\u00a0&gt;Waldhaus (6.12.)<\/li>\n<li><a href=\"https:\/\/www.freiburg-schwarzwald.de\/littenweiler\/waldhaus.htm#Holzwerkstatt - Sch\u00fcler bearbeiten Gr\u00fcnholz\">Holzwerkstatt &#8211; Sch\u00fcler bearbeiten Gr\u00fcnholz<\/a>\u00a0&gt;Waldhaus (19.11.2008)<\/li>\n<li><a href=\"https:\/\/www.freiburg-schwarzwald.de\/littenweiler\/waldhaus.htm#Waldspaziergang mit Forstpr\u00e4sident Meinrad Joos am 16.11.\">Waldspaziergang mit Forstpr\u00e4sident Meinrad Joos am 16.11.<\/a>\u00a0&gt;Waldhaus (13.11.2008)<\/li>\n<li><a href=\"https:\/\/www.freiburg-schwarzwald.de\/littenweiler\/samstags-forum.htm#Green Cities konkret: Programm Nov - Dez 2008\">Green Cities konkret: Programm Nov &#8211; Dez 2008<\/a>\u00a0&gt;Samstags-Forum (28.10.2008)<\/li>\n<li><a href=\"https:\/\/www.freiburg-schwarzwald.de\/littenweiler\/waldhaus.htm#Die beiden besten Jugendh\u00e4user f\u00fcr die Stadt Freiburg\">Die beiden besten &#8222;Jugendh\u00e4user&#8220; f\u00fcr die Stadt Freiburg<\/a>\u00a0&gt;Waldhaus (27.10.2008)<\/li>\n<li><a href=\"https:\/\/www.freiburg-schwarzwald.de\/littenweiler\/waldmenschen1.htm#Waldmenschen-Skulpturenpfad von Thomas Rees\">Waldmenschen-Skulpturenpfad von Thomas Rees<\/a>\u00a0&gt;WaldMenschen1 (23.10.2008)<\/li>\n<li><a href=\"https:\/\/www.freiburg-schwarzwald.de\/littenweiler\/waldhaus.htm#Ein Haus ganz f\u00fcr den Wald\">Ein Haus ganz f\u00fcr den Wald<\/a>\u00a0 &gt;Waldhaus (8.10.2008)<\/li>\n<li><a href=\"https:\/\/www.freiburg-schwarzwald.de\/littenweiler\/waldmenschen.htm\">Skulpturenpfad beim WaldHaus Freiburg an der Wonnhalde &#8211; neu<\/a>\u00a0&gt;Waldmenschen (28.9.2008)<\/li>\n<li><a href=\"https:\/\/www.freiburg-schwarzwald.de\/littenweiler\/augustinerplatz.htm#Naturpark-Regionalmarkt: Samstag 10-17 Uhr Augustinerplatz\">Naturpark-Regionalmarkt: Samstag 10-17 Uhr Augustinerplatz<\/a>\u00a0&gt;Augustinerplatz (19.9.2008)<\/li>\n<li><a href=\"https:\/\/www.freiburg-schwarzwald.de\/littenweiler\/waldhaus.htm#Richtspruch beim Richtfest vom WaldHaus Freiburg am 30. Mai 2008\">Richtspruch beim Richtfest vom WaldHaus Freiburg am 30. Mai 2008<\/a>\u00a0(2.6.2008)<\/li>\n<li><a href=\"https:\/\/www.freiburg-schwarzwald.de\/littenweiler\/waldhaus.htm#Zimmerleute feiern Richtfest beim WaldHaus an der Wonnhalde\">Zimmerleute feiern Richtfest beim WaldHaus an der Wonnhalde<\/a>\u00a0&gt;WaldHaus (30.5.2008)<\/li>\n<li><a href=\"https:\/\/www.freiburg-schwarzwald.de\/littenweiler\/waldhaus.htm#\u00dcbergang vom Haus zum Wald\">\u00dcbergang vom Haus zum Wald<\/a>\u00a0&gt;Waldhaus (23.5.2008)<\/li>\n<li><a href=\"https:\/\/www.freiburg-schwarzwald.de\/littenweiler\/arboretum.htm#Freunde des Stadtwaldarboretums Freiburg-G\u00fcnterstal w\u00e4hlt\">Freunde des Stadtwaldarboretums Freiburg-G\u00fcnterstal w\u00e4hlt<\/a>\u00a0&gt;Arboretum (10..2008)<\/li>\n<li><a href=\"https:\/\/www.freiburg-schwarzwald.de\/littenweiler\/waldhaus.htm#Grundsteinlegung Waldhaus: Der Jugend den Wald zeigen\">Grundsteinlegung WaldHaus: Der Jugend den Wald zeigen<\/a>\u00a0&gt;Waldhaus (10.3.2008)<\/li>\n<li><a href=\"https:\/\/www.freiburg-schwarzwald.de\/littenweiler\/baumwelt.htm\">Die Baumwelt von Thomas Rees soll sp\u00e4ter zum Waldhaus kommen<\/a>\u00a0&gt;Baumwelt (9.3.2008)<\/li>\n<li><a href=\"https:\/\/www.freiburg-schwarzwald.de\/littenweiler\/bach.htm#Bohrerbach mit vielen Namen: vom Schauinsland bis Riegel\">Bohrerbach mit vielen Namen: vom Schauinsland bis Riegel<\/a>\u00a0&gt;Bach<\/li>\n<li><a href=\"https:\/\/www.freiburg-schwarzwald.de\/littenweiler\/lorettoberg1.htm#Waldhaus an Wonnhalde soll Mitte 2008 fertig sein\">Waldhaus an Wonnhalde soll Mitte 2008 fertig sein<\/a>\u00a0&gt;Lorettoberg1 (20.11.2007)<\/li>\n<li><\/li>\n<li><a href=\"https:\/\/www.freiburg-dreisamtal.de\/waldhaus.htm\"><strong>www.freiburg-dreisamtal.de\/waldhaus.htm<\/strong><\/a><strong> &gt;Archivseite Waldhaus<\/strong><\/li>\n<li>Stiftung Waldhaus Freiburg<\/li>\n<li>Mycelium &#8211; Pfad der Pilze<\/li>\n<li>Waldmenschen &#8211; Weg<\/li>\n<li><a href=\"https:\/\/www.freiburg-schwarzwald.de\/littenweiler\/waldhaus.htm#Holzwerkstatt beim Waldhaus\">Holzwerkstatt beim Waldhaus<\/a><\/li>\n<li><a title=\"Thomas-Rees\" href=\"https:\/\/www.freiburg-schwarzwald.de\/blog\/kultur\/kunst\/thomas-rees\/\">Thomas Rees<\/a><\/li>\n<li><a href=\"https:\/\/www.freiburg-schwarzwald.de\/littenweiler\/waldmenschen.htm\">WaldMenschen &#8211; Skulpturenpfad von Thomas Rees beim Waldhaus Freiburg<\/a>\u00a0&gt;WaldMenschen<\/li>\n<li><a href=\"https:\/\/www.freiburg-schwarzwald.de\/littenweiler\/guenterstal.htm#Vom Sternwaldeck \u00fcber G\u00fcnterstal zur Wonnhalde\">Wandern vom WaldHaus: Zum Rehbrunnen und Rehweiher<\/a><\/li>\n<li><a href=\"https:\/\/www.freiburg-schwarzwald.de\/thomas-rees-freiburg\/index.htm\">Windbohrer<\/a>\u00a0&gt;Thomas-Rees-Freiburg<\/li>\n<\/ul>\n<p>&nbsp;<\/p>\n<p><strong>Stiftung Waldhaus Freiburg<\/strong><\/p>\n<p><a href=\"https:\/\/www.freiburg-schwarzwald.de\/blog\/natur\/wald\/waldhaus\/waldhaus2wonnhalde150410\/\" rel=\"attachment wp-att-54238\"><img loading=\"lazy\" decoding=\"async\" class=\"alignnone size-thumbnail wp-image-54238\" src=\"https:\/\/www.freiburg-schwarzwald.de\/blog\/wp-content\/uploads\/2015\/04\/waldhaus2wonnhalde150410-180x135.jpg\" alt=\"waldhaus2wonnhalde150410\" width=\"180\" height=\"135\" srcset=\"https:\/\/www.freiburg-schwarzwald.de\/blog\/wp-content\/uploads\/2015\/04\/waldhaus2wonnhalde150410-180x135.jpg 180w, https:\/\/www.freiburg-schwarzwald.de\/blog\/wp-content\/uploads\/2015\/04\/waldhaus2wonnhalde150410.jpg 640w\" sizes=\"auto, (max-width: 180px) 100vw, 180px\" \/><\/a>\u00a0\u00a0\u00a0\u00a0\u00a0\u00a0\u00a0\u00a0 \u00a0 <a href=\"https:\/\/www.freiburg-schwarzwald.de\/blog\/natur\/wald\/waldhaus\/waldhaus11mtb150412\/\" rel=\"attachment wp-att-54240\"><img loading=\"lazy\" decoding=\"async\" class=\"alignnone size-thumbnail wp-image-54240\" src=\"https:\/\/www.freiburg-schwarzwald.de\/blog\/wp-content\/uploads\/2015\/04\/waldhaus11mtb150412-180x135.jpg\" alt=\"waldhaus11mtb150412\" width=\"180\" height=\"135\" srcset=\"https:\/\/www.freiburg-schwarzwald.de\/blog\/wp-content\/uploads\/2015\/04\/waldhaus11mtb150412-180x135.jpg 180w, https:\/\/www.freiburg-schwarzwald.de\/blog\/wp-content\/uploads\/2015\/04\/waldhaus11mtb150412.jpg 640w\" sizes=\"auto, (max-width: 180px) 100vw, 180px\" \/><\/a><br \/>\n(1) Hinter dem Waldhaus12.4.2015\u00a0\u00a0\u00a0\u00a0\u00a0\u00a0\u00a0 (2) Wald hinter dem Waldhaus<\/p>\n<p>Stiftung Waldhaus Freiburg &#8211; Im Jahr 2005 gegr\u00fcndete <a href=\"https:\/\/www.freiburg-schwarzwald.de\/stiftungen.htm\">Stiftung<\/a><br \/>\nVorsitzende des Vorstands, B\u00fcrgermeisterin Gerda StuchlikWaldhaus-Spenden: Sparkasse Freiburg, BLZ 680 501 01, Konto 123 75 998<br \/>\n<span id=\"qePageContent\"><br \/>\nHerr Dr. Hans Burgbacher, Ltd. Stadtforstdirektor, c\/o St\u00e4dtisches Forstamt Freiburg<br \/>\nG\u00fcnterstalstra\u00dfe 71, 79100 Freiburg , Tel 0761\/201-6201<br \/>\nc\/o Anja Zuckschwerdt, <\/span> Tel 0761 \/ 201-6214, <a href=\"mailto:Anja.Zuckschwerdt@stadt.freiburg.de\"> Anja.Zuckschwerdt@stadt.freiburg.de<\/a><br \/>\nRegine Peschers, <a href=\"mailto:regine.peschers@waldhaus-freiburg.de\"> regine.peschers@waldhaus-freiburg.de<\/a><\/p>\n<p><span id=\"qePageContent\">WaldHaus Freiburg, Leitung: Dirk Hoffmann,<br \/>\neMail: <a href=\"mailto:stiftung@waldhaus-freiburg.de\"> stiftung@waldhaus-freiburg.de<\/a><br \/>\nInternet: <a href=\"https:\/\/www.waldhaus-freiburg.de\/\"> www.waldhaus-freiburg.de<\/a><\/span><\/p>\n<p>&nbsp;<\/p>\n<p><strong>Mycelium &#8211; Pfad der Pilze<\/strong><\/p>\n<p><a href=\"https:\/\/www.freiburg-schwarzwald.de\/blog\/natur\/wald\/waldhaus\/waldhaus3mycelium150412\/\" rel=\"attachment wp-att-54260\"><img loading=\"lazy\" decoding=\"async\" class=\"alignnone size-thumbnail wp-image-54260\" src=\"https:\/\/www.freiburg-schwarzwald.de\/blog\/wp-content\/uploads\/2015\/04\/waldhaus3mycelium150412-135x180.jpg\" alt=\"waldhaus3mycelium150412\" width=\"135\" height=\"180\" srcset=\"https:\/\/www.freiburg-schwarzwald.de\/blog\/wp-content\/uploads\/2015\/04\/waldhaus3mycelium150412-135x180.jpg 135w, https:\/\/www.freiburg-schwarzwald.de\/blog\/wp-content\/uploads\/2015\/04\/waldhaus3mycelium150412.jpg 480w\" sizes=\"auto, (max-width: 135px) 100vw, 135px\" \/><\/a>\u00a0\u00a0\u00a0\u00a0\u00a0\u00a0\u00a0\u00a0\u00a0\u00a0\u00a0\u00a0\u00a0\u00a0\u00a0\u00a0\u00a0\u00a0\u00a0\u00a0\u00a0\u00a0 <a href=\"https:\/\/www.freiburg-schwarzwald.de\/blog\/natur\/wald\/waldhaus\/waldhaus4pilzweg150412\/\" rel=\"attachment wp-att-54261\"><img loading=\"lazy\" decoding=\"async\" class=\"alignnone size-thumbnail wp-image-54261\" src=\"https:\/\/www.freiburg-schwarzwald.de\/blog\/wp-content\/uploads\/2015\/04\/waldhaus4pilzweg150412-135x180.jpg\" alt=\"waldhaus4pilzweg150412\" width=\"135\" height=\"180\" srcset=\"https:\/\/www.freiburg-schwarzwald.de\/blog\/wp-content\/uploads\/2015\/04\/waldhaus4pilzweg150412-135x180.jpg 135w, https:\/\/www.freiburg-schwarzwald.de\/blog\/wp-content\/uploads\/2015\/04\/waldhaus4pilzweg150412.jpg 480w\" sizes=\"auto, (max-width: 135px) 100vw, 135px\" \/><\/a>\u00a0\u00a0\u00a0\u00a0\u00a0\u00a0\u00a0\u00a0\u00a0\u00a0\u00a0\u00a0\u00a0\u00a0\u00a0\u00a0\u00a0\u00a0\u00a0\u00a0\u00a0\u00a0\u00a0\u00a0\u00a0 <a href=\"https:\/\/www.freiburg-schwarzwald.de\/blog\/natur\/wald\/waldhaus\/waldhaus5pilzweg150412\/\" rel=\"attachment wp-att-54262\"><img loading=\"lazy\" decoding=\"async\" class=\"alignnone size-thumbnail wp-image-54262\" src=\"https:\/\/www.freiburg-schwarzwald.de\/blog\/wp-content\/uploads\/2015\/04\/waldhaus5pilzweg150412-180x135.jpg\" alt=\"waldhaus5pilzweg150412\" width=\"180\" height=\"135\" srcset=\"https:\/\/www.freiburg-schwarzwald.de\/blog\/wp-content\/uploads\/2015\/04\/waldhaus5pilzweg150412-180x135.jpg 180w, https:\/\/www.freiburg-schwarzwald.de\/blog\/wp-content\/uploads\/2015\/04\/waldhaus5pilzweg150412.jpg 640w\" sizes=\"auto, (max-width: 180px) 100vw, 180px\" \/><\/a><\/p>\n<p><a href=\"https:\/\/www.freiburg-schwarzwald.de\/blog\/natur\/wald\/waldhaus\/waldhaus6pilze150412\/\" rel=\"attachment wp-att-54263\"><img loading=\"lazy\" decoding=\"async\" class=\"alignnone size-thumbnail wp-image-54263\" src=\"https:\/\/www.freiburg-schwarzwald.de\/blog\/wp-content\/uploads\/2015\/04\/waldhaus6pilze150412-180x136.jpg\" alt=\"waldhaus6pilze150412\" width=\"180\" height=\"136\" srcset=\"https:\/\/www.freiburg-schwarzwald.de\/blog\/wp-content\/uploads\/2015\/04\/waldhaus6pilze150412-180x136.jpg 180w, https:\/\/www.freiburg-schwarzwald.de\/blog\/wp-content\/uploads\/2015\/04\/waldhaus6pilze150412.jpg 639w\" sizes=\"auto, (max-width: 180px) 100vw, 180px\" \/><\/a>\u00a0\u00a0\u00a0\u00a0\u00a0\u00a0\u00a0\u00a0\u00a0 <a href=\"https:\/\/www.freiburg-schwarzwald.de\/blog\/natur\/wald\/waldhaus\/waldhaus7pilze150412\/\" rel=\"attachment wp-att-54264\"><img loading=\"lazy\" decoding=\"async\" class=\"alignnone size-thumbnail wp-image-54264\" src=\"https:\/\/www.freiburg-schwarzwald.de\/blog\/wp-content\/uploads\/2015\/04\/waldhaus7pilze150412-135x180.jpg\" alt=\"waldhaus7pilze150412\" width=\"135\" height=\"180\" srcset=\"https:\/\/www.freiburg-schwarzwald.de\/blog\/wp-content\/uploads\/2015\/04\/waldhaus7pilze150412-135x180.jpg 135w, https:\/\/www.freiburg-schwarzwald.de\/blog\/wp-content\/uploads\/2015\/04\/waldhaus7pilze150412.jpg 480w\" sizes=\"auto, (max-width: 135px) 100vw, 135px\" \/><\/a>\u00a0\u00a0\u00a0\u00a0\u00a0\u00a0\u00a0\u00a0\u00a0\u00a0\u00a0\u00a0\u00a0\u00a0\u00a0\u00a0\u00a0\u00a0\u00a0\u00a0\u00a0\u00a0\u00a0\u00a0\u00a0\u00a0\u00a0 <a href=\"https:\/\/www.freiburg-schwarzwald.de\/blog\/natur\/wald\/waldhaus\/waldhaus8hexenring150412\/\" rel=\"attachment wp-att-54265\"><img loading=\"lazy\" decoding=\"async\" class=\"alignnone size-thumbnail wp-image-54265\" src=\"https:\/\/www.freiburg-schwarzwald.de\/blog\/wp-content\/uploads\/2015\/04\/waldhaus8hexenring150412-135x180.jpg\" alt=\"waldhaus8hexenring150412\" width=\"135\" height=\"180\" srcset=\"https:\/\/www.freiburg-schwarzwald.de\/blog\/wp-content\/uploads\/2015\/04\/waldhaus8hexenring150412-135x180.jpg 135w, https:\/\/www.freiburg-schwarzwald.de\/blog\/wp-content\/uploads\/2015\/04\/waldhaus8hexenring150412.jpg 480w\" sizes=\"auto, (max-width: 135px) 100vw, 135px\" \/><\/a><\/p>\n<p><a href=\"https:\/\/www.freiburg-schwarzwald.de\/blog\/natur\/wald\/waldhaus\/waldhaus9pilze150412\/\" rel=\"attachment wp-att-54266\"><img loading=\"lazy\" decoding=\"async\" class=\"alignnone size-thumbnail wp-image-54266\" src=\"https:\/\/www.freiburg-schwarzwald.de\/blog\/wp-content\/uploads\/2015\/04\/waldhaus9pilze150412-135x180.jpg\" alt=\"waldhaus9pilze150412\" width=\"135\" height=\"180\" srcset=\"https:\/\/www.freiburg-schwarzwald.de\/blog\/wp-content\/uploads\/2015\/04\/waldhaus9pilze150412-135x180.jpg 135w, https:\/\/www.freiburg-schwarzwald.de\/blog\/wp-content\/uploads\/2015\/04\/waldhaus9pilze150412.jpg 480w\" sizes=\"auto, (max-width: 135px) 100vw, 135px\" \/><\/a>\u00a0\u00a0\u00a0\u00a0\u00a0\u00a0\u00a0\u00a0\u00a0\u00a0\u00a0\u00a0\u00a0\u00a0\u00a0\u00a0\u00a0\u00a0\u00a0\u00a0\u00a0\u00a0\u00a0\u00a0\u00a0<a href=\"https:\/\/www.freiburg-schwarzwald.de\/blog\/natur\/wald\/waldhaus\/waldhaus10mycelium150412\/\" rel=\"attachment wp-att-54267\"><img loading=\"lazy\" decoding=\"async\" class=\"alignnone size-thumbnail wp-image-54267\" src=\"https:\/\/www.freiburg-schwarzwald.de\/blog\/wp-content\/uploads\/2015\/04\/waldhaus10mycelium150412-135x180.jpg\" alt=\"waldhaus10mycelium150412\" width=\"135\" height=\"180\" srcset=\"https:\/\/www.freiburg-schwarzwald.de\/blog\/wp-content\/uploads\/2015\/04\/waldhaus10mycelium150412-135x180.jpg 135w, https:\/\/www.freiburg-schwarzwald.de\/blog\/wp-content\/uploads\/2015\/04\/waldhaus10mycelium150412.jpg 480w\" sizes=\"auto, (max-width: 135px) 100vw, 135px\" \/><\/a>\u00a0\u00a0\u00a0\u00a0\u00a0\u00a0\u00a0\u00a0\u00a0\u00a0\u00a0\u00a0\u00a0\u00a0\u00a0\u00a0\u00a0\u00a0\u00a0\u00a0\u00a0 <a href=\"https:\/\/www.freiburg-schwarzwald.de\/blog\/natur\/wald\/waldhaus\/waldhaus12waldmenschen150412\/\" rel=\"attachment wp-att-54268\"><img loading=\"lazy\" decoding=\"async\" class=\"alignnone size-thumbnail wp-image-54268\" src=\"https:\/\/www.freiburg-schwarzwald.de\/blog\/wp-content\/uploads\/2015\/04\/waldhaus12waldmenschen150412-180x135.jpg\" alt=\"waldhaus12waldmenschen150412\" width=\"180\" height=\"135\" srcset=\"https:\/\/www.freiburg-schwarzwald.de\/blog\/wp-content\/uploads\/2015\/04\/waldhaus12waldmenschen150412-180x135.jpg 180w, https:\/\/www.freiburg-schwarzwald.de\/blog\/wp-content\/uploads\/2015\/04\/waldhaus12waldmenschen150412.jpg 640w\" sizes=\"auto, (max-width: 180px) 100vw, 180px\" \/><\/a><\/p>\n<p><a href=\"https:\/\/www.freiburg-schwarzwald.de\/blog\/natur\/wald\/waldhaus\/waldhaus13pilz150412\/\" rel=\"attachment wp-att-54269\"><img loading=\"lazy\" decoding=\"async\" class=\"alignnone size-thumbnail wp-image-54269\" src=\"https:\/\/www.freiburg-schwarzwald.de\/blog\/wp-content\/uploads\/2015\/04\/waldhaus13pilz150412-135x180.jpg\" alt=\"waldhaus13pilz150412\" width=\"135\" height=\"180\" srcset=\"https:\/\/www.freiburg-schwarzwald.de\/blog\/wp-content\/uploads\/2015\/04\/waldhaus13pilz150412-135x180.jpg 135w, https:\/\/www.freiburg-schwarzwald.de\/blog\/wp-content\/uploads\/2015\/04\/waldhaus13pilz150412.jpg 480w\" sizes=\"auto, (max-width: 135px) 100vw, 135px\" \/><\/a><br \/>\n12.4.2015<\/p>\n<p>&nbsp;<\/p>\n<p><strong>Waldmenschen &#8211; Weg<\/strong><\/p>\n<p><a href=\"https:\/\/www.freiburg-schwarzwald.de\/blog\/natur\/wald\/waldhaus\/waldhaus15waldmenschen150412\/\" rel=\"attachment wp-att-54271\"><img loading=\"lazy\" decoding=\"async\" class=\"alignnone size-thumbnail wp-image-54271\" src=\"https:\/\/www.freiburg-schwarzwald.de\/blog\/wp-content\/uploads\/2015\/04\/waldhaus15waldmenschen150412-135x180.jpg\" alt=\"waldhaus15waldmenschen150412\" width=\"135\" height=\"180\" srcset=\"https:\/\/www.freiburg-schwarzwald.de\/blog\/wp-content\/uploads\/2015\/04\/waldhaus15waldmenschen150412-135x180.jpg 135w, https:\/\/www.freiburg-schwarzwald.de\/blog\/wp-content\/uploads\/2015\/04\/waldhaus15waldmenschen150412.jpg 480w\" sizes=\"auto, (max-width: 135px) 100vw, 135px\" \/><\/a>\u00a0\u00a0\u00a0\u00a0\u00a0\u00a0\u00a0\u00a0\u00a0\u00a0\u00a0\u00a0\u00a0\u00a0\u00a0\u00a0\u00a0\u00a0\u00a0\u00a0 <a href=\"https:\/\/www.freiburg-schwarzwald.de\/blog\/natur\/wald\/waldhaus\/waldhaus16waldmenschen150412\/\" rel=\"attachment wp-att-54272\"><img loading=\"lazy\" decoding=\"async\" class=\"alignnone size-thumbnail wp-image-54272\" src=\"https:\/\/www.freiburg-schwarzwald.de\/blog\/wp-content\/uploads\/2015\/04\/waldhaus16waldmenschen150412-135x180.jpg\" alt=\"waldhaus16waldmenschen150412\" width=\"135\" height=\"180\" srcset=\"https:\/\/www.freiburg-schwarzwald.de\/blog\/wp-content\/uploads\/2015\/04\/waldhaus16waldmenschen150412-135x180.jpg 135w, https:\/\/www.freiburg-schwarzwald.de\/blog\/wp-content\/uploads\/2015\/04\/waldhaus16waldmenschen150412.jpg 480w\" sizes=\"auto, (max-width: 135px) 100vw, 135px\" \/><\/a>\u00a0\u00a0\u00a0\u00a0\u00a0\u00a0\u00a0\u00a0\u00a0\u00a0\u00a0\u00a0\u00a0\u00a0\u00a0\u00a0\u00a0\u00a0\u00a0 <a href=\"https:\/\/www.freiburg-schwarzwald.de\/blog\/natur\/wald\/waldhaus\/waldhaus17waldmenschen150412\/\" rel=\"attachment wp-att-54273\"><img loading=\"lazy\" decoding=\"async\" class=\"alignnone size-thumbnail wp-image-54273\" src=\"https:\/\/www.freiburg-schwarzwald.de\/blog\/wp-content\/uploads\/2015\/04\/waldhaus17waldmenschen150412-135x180.jpg\" alt=\"waldhaus17waldmenschen150412\" width=\"135\" height=\"180\" srcset=\"https:\/\/www.freiburg-schwarzwald.de\/blog\/wp-content\/uploads\/2015\/04\/waldhaus17waldmenschen150412-135x180.jpg 135w, https:\/\/www.freiburg-schwarzwald.de\/blog\/wp-content\/uploads\/2015\/04\/waldhaus17waldmenschen150412.jpg 480w\" sizes=\"auto, (max-width: 135px) 100vw, 135px\" \/><\/a><\/p>\n<p><a href=\"https:\/\/www.freiburg-schwarzwald.de\/blog\/natur\/wald\/waldhaus\/waldhaus18waldmenschen150412\/\" rel=\"attachment wp-att-54274\"><img loading=\"lazy\" decoding=\"async\" class=\"alignnone size-thumbnail wp-image-54274\" src=\"https:\/\/www.freiburg-schwarzwald.de\/blog\/wp-content\/uploads\/2015\/04\/waldhaus18waldmenschen150412-180x135.jpg\" alt=\"waldhaus18waldmenschen150412\" width=\"180\" height=\"135\" srcset=\"https:\/\/www.freiburg-schwarzwald.de\/blog\/wp-content\/uploads\/2015\/04\/waldhaus18waldmenschen150412-180x135.jpg 180w, https:\/\/www.freiburg-schwarzwald.de\/blog\/wp-content\/uploads\/2015\/04\/waldhaus18waldmenschen150412.jpg 640w\" sizes=\"auto, (max-width: 180px) 100vw, 180px\" \/><\/a>\u00a0\u00a0\u00a0\u00a0\u00a0\u00a0\u00a0\u00a0\u00a0\u00a0 <a href=\"https:\/\/www.freiburg-schwarzwald.de\/blog\/natur\/wald\/waldhaus\/waldhaus19waldmenschen150412\/\" rel=\"attachment wp-att-54275\"><img loading=\"lazy\" decoding=\"async\" class=\"alignnone size-thumbnail wp-image-54275\" src=\"https:\/\/www.freiburg-schwarzwald.de\/blog\/wp-content\/uploads\/2015\/04\/waldhaus19waldmenschen150412-135x180.jpg\" alt=\"waldhaus19waldmenschen150412\" width=\"135\" height=\"180\" srcset=\"https:\/\/www.freiburg-schwarzwald.de\/blog\/wp-content\/uploads\/2015\/04\/waldhaus19waldmenschen150412-135x180.jpg 135w, https:\/\/www.freiburg-schwarzwald.de\/blog\/wp-content\/uploads\/2015\/04\/waldhaus19waldmenschen150412.jpg 480w\" sizes=\"auto, (max-width: 135px) 100vw, 135px\" \/><\/a>\u00a0\u00a0\u00a0\u00a0\u00a0\u00a0\u00a0\u00a0\u00a0\u00a0\u00a0\u00a0\u00a0 <a href=\"https:\/\/www.freiburg-schwarzwald.de\/blog\/natur\/wald\/waldhaus\/waldhaus21waldmenschen150412\/\" rel=\"attachment wp-att-54276\"><img loading=\"lazy\" decoding=\"async\" class=\"alignnone size-thumbnail wp-image-54276\" src=\"https:\/\/www.freiburg-schwarzwald.de\/blog\/wp-content\/uploads\/2015\/04\/waldhaus21waldmenschen150412-180x135.jpg\" alt=\"waldhaus21waldmenschen150412\" width=\"180\" height=\"135\" srcset=\"https:\/\/www.freiburg-schwarzwald.de\/blog\/wp-content\/uploads\/2015\/04\/waldhaus21waldmenschen150412-180x135.jpg 180w, https:\/\/www.freiburg-schwarzwald.de\/blog\/wp-content\/uploads\/2015\/04\/waldhaus21waldmenschen150412.jpg 640w\" sizes=\"auto, (max-width: 180px) 100vw, 180px\" \/><\/a><\/p>\n<p><a href=\"https:\/\/www.freiburg-schwarzwald.de\/blog\/natur\/wald\/waldhaus\/waldhaus22waldmenschen150412\/\" rel=\"attachment wp-att-54277\"><img loading=\"lazy\" decoding=\"async\" class=\"alignnone size-thumbnail wp-image-54277\" src=\"https:\/\/www.freiburg-schwarzwald.de\/blog\/wp-content\/uploads\/2015\/04\/waldhaus22waldmenschen150412-135x180.jpg\" alt=\"waldhaus22waldmenschen150412\" width=\"135\" height=\"180\" srcset=\"https:\/\/www.freiburg-schwarzwald.de\/blog\/wp-content\/uploads\/2015\/04\/waldhaus22waldmenschen150412-135x180.jpg 135w, https:\/\/www.freiburg-schwarzwald.de\/blog\/wp-content\/uploads\/2015\/04\/waldhaus22waldmenschen150412.jpg 480w\" sizes=\"auto, (max-width: 135px) 100vw, 135px\" \/><\/a>\u00a0\u00a0\u00a0\u00a0\u00a0\u00a0\u00a0\u00a0\u00a0\u00a0\u00a0\u00a0\u00a0\u00a0\u00a0\u00a0\u00a0\u00a0\u00a0\u00a0\u00a0\u00a0\u00a0\u00a0\u00a0\u00a0 <a href=\"https:\/\/www.freiburg-schwarzwald.de\/blog\/natur\/wald\/waldhaus\/waldhaus23waldmenschen150412\/\" rel=\"attachment wp-att-54278\"><img loading=\"lazy\" decoding=\"async\" class=\"alignnone size-thumbnail wp-image-54278\" src=\"https:\/\/www.freiburg-schwarzwald.de\/blog\/wp-content\/uploads\/2015\/04\/waldhaus23waldmenschen150412-135x180.jpg\" alt=\"waldhaus23waldmenschen150412\" width=\"135\" height=\"180\" srcset=\"https:\/\/www.freiburg-schwarzwald.de\/blog\/wp-content\/uploads\/2015\/04\/waldhaus23waldmenschen150412-135x180.jpg 135w, https:\/\/www.freiburg-schwarzwald.de\/blog\/wp-content\/uploads\/2015\/04\/waldhaus23waldmenschen150412.jpg 480w\" sizes=\"auto, (max-width: 135px) 100vw, 135px\" \/><\/a>\u00a0\u00a0\u00a0\u00a0\u00a0\u00a0\u00a0\u00a0\u00a0\u00a0\u00a0\u00a0\u00a0\u00a0\u00a0\u00a0\u00a0 <a href=\"https:\/\/www.freiburg-schwarzwald.de\/blog\/natur\/wald\/waldhaus\/waldhaus24waldmenschen150412\/\" rel=\"attachment wp-att-54279\"><img loading=\"lazy\" decoding=\"async\" class=\"alignnone size-thumbnail wp-image-54279\" src=\"https:\/\/www.freiburg-schwarzwald.de\/blog\/wp-content\/uploads\/2015\/04\/waldhaus24waldmenschen150412-180x135.jpg\" alt=\"waldhaus24waldmenschen150412\" width=\"180\" height=\"135\" srcset=\"https:\/\/www.freiburg-schwarzwald.de\/blog\/wp-content\/uploads\/2015\/04\/waldhaus24waldmenschen150412-180x135.jpg 180w, https:\/\/www.freiburg-schwarzwald.de\/blog\/wp-content\/uploads\/2015\/04\/waldhaus24waldmenschen150412.jpg 640w\" sizes=\"auto, (max-width: 180px) 100vw, 180px\" \/><\/a><br \/>\n12.4.2015<\/p>\n<p>Die Holzskulpturen am Waldmenschen-Weg wurden geschaffen von Thomas Rees aus FR-Kappel:<br \/>\n<a href=\"https:\/\/www.freiburg-dreisamtal.de\/waldmenschen.htm\">https:\/\/www.freiburg-dreisamtal.de\/waldmenschen.htm<\/a><\/p>\n","protected":false},"excerpt":{"rendered":"<p>Home &gt;Natur &gt;Wald &gt;Waldhaus &nbsp; Studierte Kunstkritiker arrogant gegen\u00fcber dem nicht-studierten K\u00fcnstler\u00a0 (25.6.2021) Keine B\u00e4ume f\u00e4llen in Freiburg\u00a0(31.12.2020) Coronus \u2013 Skulptur eines Pestarztes von Thomas Rees\u00a0(3.6.2020) https:\/\/www.freiburg-schwarzwald.de\/blog\/pilzlehrpfad-mycelium-waldhaus\/ (6.12.2014) https:\/\/www.freiburg-schwarzwald.de\/blog\/waldhaus-freiburg-gruppen-oekotourismus-cafe\/ (29.8.2012) Winterpause bis Anfang Februar 2011\u00a0(14.12.2010) Wildi Zit &#8211; Waidmanns Heil &hellip; <a href=\"https:\/\/www.freiburg-schwarzwald.de\/blog\/natur\/wald\/waldhaus\/\">Weiterlesen <span class=\"meta-nav\">&rarr;<\/span><\/a><\/p>\n","protected":false},"author":2,"featured_media":0,"parent":1543,"menu_order":0,"comment_status":"open","ping_status":"closed","template":"","meta":{"footnotes":""},"class_list":["post-54227","page","type-page","status-publish","hentry"],"_links":{"self":[{"href":"https:\/\/www.freiburg-schwarzwald.de\/blog\/wp-json\/wp\/v2\/pages\/54227","targetHints":{"allow":["GET"]}}],"collection":[{"href":"https:\/\/www.freiburg-schwarzwald.de\/blog\/wp-json\/wp\/v2\/pages"}],"about":[{"href":"https:\/\/www.freiburg-schwarzwald.de\/blog\/wp-json\/wp\/v2\/types\/page"}],"author":[{"embeddable":true,"href":"https:\/\/www.freiburg-schwarzwald.de\/blog\/wp-json\/wp\/v2\/users\/2"}],"replies":[{"embeddable":true,"href":"https:\/\/www.freiburg-schwarzwald.de\/blog\/wp-json\/wp\/v2\/comments?post=54227"}],"version-history":[{"count":2,"href":"https:\/\/www.freiburg-schwarzwald.de\/blog\/wp-json\/wp\/v2\/pages\/54227\/revisions"}],"predecessor-version":[{"id":91979,"href":"https:\/\/www.freiburg-schwarzwald.de\/blog\/wp-json\/wp\/v2\/pages\/54227\/revisions\/91979"}],"up":[{"embeddable":true,"href":"https:\/\/www.freiburg-schwarzwald.de\/blog\/wp-json\/wp\/v2\/pages\/1543"}],"wp:attachment":[{"href":"https:\/\/www.freiburg-schwarzwald.de\/blog\/wp-json\/wp\/v2\/media?parent=54227"}],"curies":[{"name":"wp","href":"https:\/\/api.w.org\/{rel}","templated":true}]}}