{"id":53931,"date":"2015-03-30T18:54:32","date_gmt":"2015-03-30T16:54:32","guid":{"rendered":"https:\/\/www.freiburg-schwarzwald.de\/blog\/?page_id=53931"},"modified":"2025-07-30T17:02:18","modified_gmt":"2025-07-30T15:02:18","slug":"dezentralisierung","status":"publish","type":"page","link":"https:\/\/www.freiburg-schwarzwald.de\/blog\/energie\/dezentralisierung\/","title":{"rendered":"Dezentralisierung"},"content":{"rendered":"<p>Home &gt;<a title=\"Energiepolitik\" href=\"https:\/\/www.freiburg-schwarzwald.de\/blog\/energie\/\">Energie<\/a> &gt;Dezentralisierung<\/p>\n<div id=\"attachment_54376\" style=\"width: 649px\" class=\"wp-caption alignnone\"><a href=\"https:\/\/www.freiburg-schwarzwald.de\/blog\/energie\/dezentralisierung\/eggenertal15galopp-bike-pan150419\/\" rel=\"attachment wp-att-54376\"><img loading=\"lazy\" decoding=\"async\" aria-describedby=\"caption-attachment-54376\" class=\"wp-image-54376 size-full\" src=\"https:\/\/www.freiburg-schwarzwald.de\/blog\/wp-content\/uploads\/2015\/03\/eggenertal15galopp-bike-pan150419.jpg\" alt=\"Kirschbl\u00fcte im Eggenertal am 19.4.2015 - mit dem Pferd und dem Radl unterwegs\" width=\"639\" height=\"269\" srcset=\"https:\/\/www.freiburg-schwarzwald.de\/blog\/wp-content\/uploads\/2015\/03\/eggenertal15galopp-bike-pan150419.jpg 639w, https:\/\/www.freiburg-schwarzwald.de\/blog\/wp-content\/uploads\/2015\/03\/eggenertal15galopp-bike-pan150419-180x75.jpg 180w\" sizes=\"auto, (max-width: 639px) 100vw, 639px\" \/><\/a><p id=\"caption-attachment-54376\" class=\"wp-caption-text\">Kirschbl\u00fcte im Eggenertal am 19.4.2015 &#8211; mit dem Pferd und dem Radl unterwegs<\/p><\/div>\n<ul>\n<li><em>Listenauswahl eines Beitrags (Artikel\/Datum, Seite\/Inhalt):\u00a0<span style=\"text-decoration: underline;\">Klicken<\/span>\u00a0oder scrollen<\/em><\/li>\n<li><a href=\"https:\/\/www.freiburg-schwarzwald.de\/blog\/trennung-von-klima-und-staat\/\">Trennung von Klima und Staat<\/a>\u00a0(30.7.2025)<\/li>\n<li><a href=\"https:\/\/www.freiburg-schwarzwald.de\/blog\/wasserkraftwerk-zweribach-tot\/\">Wasserkraftwerk Zweribach: tot<\/a>\u00a0(13.8.2021)<\/li>\n<li><a href=\"https:\/\/www.freiburg-schwarzwald.de\/blog\/elon-musk-und-bill-gates-akw\/\">Elon Musk und Bill Gates f\u00fcr AKW<\/a>\u00a0(17.2.2021)<\/li>\n<li>Lokale dezentrale Selbstorganisation statt Zentralisierung (9.7.2016)<\/li>\n<li><\/li>\n<li><a title=\"Energiesparen\" href=\"https:\/\/www.freiburg-schwarzwald.de\/blog\/energie\/energiesparen\/\">Energiesparen<\/a><\/li>\n<li><a title=\"Effizienz\" href=\"https:\/\/www.freiburg-schwarzwald.de\/blog\/engagement\/zukunft\/effizienz\/\">Effizienz<\/a><\/li>\n<li><a title=\"Nachhaltigkeit\" href=\"https:\/\/www.freiburg-schwarzwald.de\/blog\/natur\/klima\/nachhaltigkeit\/\">Nachhaltigkeit<\/a><\/li>\n<li><a title=\"Obsoleszenz\" href=\"https:\/\/www.freiburg-schwarzwald.de\/blog\/engagement\/zukunft\/obsoleszenz\/\">Obsoleszenz<\/a><\/li>\n<li><a title=\"Rohstoffe\" href=\"https:\/\/www.freiburg-schwarzwald.de\/blog\/energie\/rohstoffe\/\">Rohstoffe<\/a><\/li>\n<li><a title=\"Sparsamkeit\" href=\"https:\/\/www.freiburg-schwarzwald.de\/blog\/engagement\/sparsamkeit\/\">Sparsamkeit als Prinzip<\/a><\/li>\n<li><a title=\"Wegwerfkultur\" href=\"https:\/\/www.freiburg-schwarzwald.de\/blog\/kultur\/wegwerfkultur\/\">Wegwerfkultur<\/a><\/li>\n<li><a title=\"Wind\" href=\"https:\/\/www.freiburg-schwarzwald.de\/blog\/energie\/wind\/\">Windkraftwerke<\/a><\/li>\n<\/ul>\n<p>&nbsp;<\/p>\n<p><strong>Lokale dezentrale Selbstorganisation statt Zentralisierung<\/strong><br \/>\nDie \u00f6ffentlichen R\u00e4ume des Nationalstaats und globaler Entwicklungen korrespondieren nicht (auch nicht im noch gr\u00f6\u00dferen Nationalstaat EU). Die wirtschaftlichen und sozialen Entwicklungen in Asien und Afrika lassen sich weder in Berlin und Br\u00fcssel noch in Washington und New York regeln. Das Tempo der demokratischen Prozesse in westlichen Staaten kommt mit den schnellen Ver\u00e4nderungen nicht mit. Aber jede globale Ver\u00e4nderung muss sich lokal bew\u00e4hren. Denn Produktion und Dienstleistung sind ortsgebunden. Der Ort zur gesellschaftlichen B\u00e4ndigung des Globalen ist das Lokale. Selbstorganisation setzt Gemeinschaftsgeist in politische Selbstbestimmung um. Die L\u00f6sungsrichtung liegt nicht in immer mehr Politik und Staat, der alles an sich zieht, die Gesellschaft entpolitisiert und die B\u00fcrger entm\u00fcndigt. Die L\u00f6sungsrichtung hei\u00dft immer weniger Politik und immer weniger Staat durch immer mehr Gesellschaft in hoch dezentraler Selbstorganisation. &#8230;<br \/>\nAlles von Fritz Goergen vom 9.7.2016 bitte lesen auf<br \/>\n<a href=\"https:\/\/www.rolandtichy.de\/kolumnen\/goergens-feder\/freiheit-bleibt-moeglich\/\">https:\/\/www.rolandtichy.de\/kolumnen\/goergens-feder\/freiheit-bleibt-moeglich\/<\/a><\/p>\n<p>&nbsp;<\/p>\n<p><strong>Dezentrale Energieerzeugung<\/strong><br \/>\nDer wichtigste Beitrag zum Natur- und Umweltschutz ist die Energieeinsparung. Hier sind l\u00e4ngst noch nicht alle M\u00f6glichkeiten genutzt (Beispiel Nutzung von LEDs f\u00fcr die Beleuchtung, ich war erstaunt, was sich durch eine vollst\u00e4ndige Umr\u00fcstung in meinem Haus sparen l\u00e4sst!)<br \/>\nDer zweitwichtigste Faktor ist aus meiner Sicht die Nutzung immer vorhandener, aber nicht genutzter Energie, das ist Sonne, Wind, Wasser und Biomasse, also die sogenannten regenerativen Energieformen.<br \/>\nDer Denkfehler vieler ist, dass diese regenerativen Energien in Grosskraftwerken (nichts anderes sind moderne Windr\u00e4der) in nutzbare Energie umgewandelt werden m\u00fcssen. Ich pl\u00e4diere dagegen f\u00fcr eine weitgehende Dezentralisierung. Ziel muss es sein, dass jeder in seiner n\u00e4heren Umgebung seine ben\u00f6tigte Energie selbst erzeugt oder erzeugen l\u00e4sst. Dies bedeutet: viele Kleinkraftwerke (kleine Windr\u00e4der, kleine PV-Anlagen, Kleinwasserkraftwerke usw.) verteilt, da wo sie nicht st\u00f6ren: entlang bestehender Stra\u00dfen (PV-Anlagen sind gute L\u00e4rmschutzw\u00e4lle) auf eigenen Garagen und D\u00e4chern, in jedem Kreisverkehr l\u00e4sst sich in der Mitte ein kleines Windkraftwerk bauen usw.<br \/>\nDas ist derzeit vielleicht noch eine Utopie, die Entwickung geht zu industriellen Gro\u00dfanlagen. Aber warum nicht eine Utopie anstreben? Es gibt inzwischen sehr interessante, praktisch ger\u00e4uschlose Windenergieanlagen, die jeder auf seinem Garagendach, in seinem Garten oder an seiner Hauswand anbringen kann. Es geht auch in St\u00e4dten: was glauben Sie, wieviel Wind auf einem Hochhausdach bl\u00e4st!<br \/>\nDamit werden wir nicht sofort alle Gro\u00dfkraftwerke unn\u00f6tig machen. Aber einen Teil schon und vor allem erkennt jeder, dass Energie ein wertvolles Gut ist, das nicht einfach so aus der Steckdose kommt.<br \/>\nEinige interessante Links:<br \/>\n<a href=\"https:\/\/www.klein-windkraftanlagen.com\/\" target=\"_blank\" rel=\"noopener\">https:\/\/www.klein-windkraftanlagen.com\/<\/a><br \/>\n<a href=\"https:\/\/www.kleinwindanlagen.de\/\" target=\"_blank\" rel=\"noopener\">https:\/\/www.kleinwindanlagen.de\/<\/a><br \/>\n<a href=\"https:\/\/www.windjournal.de\/kleinwindkraftanlagen\" target=\"_blank\" rel=\"noopener\">https:\/\/www.windjournal.de\/kleinwindkraftanlagen<\/a><br \/>\n<a href=\"https:\/\/www.kleinwindkraftanlagen.de\/\" target=\"_blank\" rel=\"noopener\">https:\/\/www.kleinwindkraftanlagen.de\/<\/a><br \/>\n<a href=\"https:\/\/www.cleanenergy-project.de\/energiewende\/windenergie\/4619-gerauschlose-windkraft-eco-whisper\" target=\"_blank\" rel=\"noopener\">https:\/\/www.cleanenergy-project.de\/energiewende\/windenergie\/4619-gerauschlose-windkraft-eco-whisper<\/a><br \/>\n<a href=\"https:\/\/wind-turbine.com\/magazin\/innovationen-aktuelles\/6401\/lautloses-windrad-die-geraeuschlose-kleinwindanlage.html\" target=\"_blank\" rel=\"noopener\">https:\/\/wind-turbine.com\/magazin\/innovationen-aktuelles\/6401\/lautloses-windrad-die-geraeuschlose-kleinwindanlage.html<\/a><\/p>\n<p class=\"funktions\">Ja, ich bin f\u00fcr das &#8222;Klein-Klein&#8220;. Aus mehreren Gr\u00fcnden:<span style=\"font-family: Verdana;\"><span class=\"Apple-converted-space\">\u00a0<\/span><br \/>\n<\/span>1. je zentraler die Energieerzeugungs-Anlagen, um so aufwendiger der Transport der Energie. Finden Sie die \u00dcberlandtrassen sch\u00f6n?<br \/>\n2. je n\u00e4her beim Verbraucher, um so mehr sieht er die Folgen seines Energiehungers und kann diese nicht weit weg verlagern. Anders wird Energiesparen sich nie durchsetzen, denn der Strom kommt ja aus der Steckdose.<br \/>\n3. Die Effizienz der Energiegewinnung vor Ort ist hoch. Ich decke beispielsweise einen Gro\u00dfteil meines h\u00e4uslichen W\u00e4rmebedarfs \u00fcber eine einfach, inzwischen 25 jahre alte thermische Solaranlage mit 15 m\u00b2 Fl\u00e4che. Effizienter geht das nicht.<br \/>\n4. Kleine Windkraftanlagen sehen h\u00e4ufig sch\u00f6ner aus als die umliegende bestehende &#8222;Gartenm\u00f6blierung&#8220; vieler G\u00e4rten. Es ist auch hier nur eine Frage der Gestaltung und des Betrachtungswinkels.<br \/>\n5. Stra\u00dfen sehen niemals sch\u00f6n aus. An deren Rand kleine Anlagen zu installieren bedeutet keine Verschlechterung. Schauen Sie sich einmal die vielen Kreisverkehre an und wie die teilweise m\u00f6bliert sind. Da kann eine Klein-Windkraftanlage nur besser sein.<br \/>\n6. Bestehende Verschandelungen k\u00f6nnen zumindest sinnvoll genutzt werden, z.B. Photovoltaik an L\u00e4rmschutzw\u00e4nden.<\/p>\n<p>Was Sie und ich akzeptieren m\u00fcssen: wir leben nicht in einem Naturraum, auch nicht im Schwarzwald (die W\u00e4lder dort sind seit dem Mittelalter \u00fcberwiegend k\u00fcnstlich angelegte Nutzholzplantagen) sondern in einem von Menschen gepr\u00e4gten Kulturraum. Es geht darum, diesen so zu gestalten, dass ein menschengerechtes und m\u00f6glichst naturnahes Leben m\u00f6glich ist. Es wird aber immer das \u00e4sthetische Empfinden der Menschen sein, das ihn die &#8222;Nat\u00fcrlichkeit&#8220; der Umwelt gestalten l\u00e4sst. Und genau darum geht es in der Diskussion um die Windenergie: was empfinden die einzelnen noch als sch\u00f6n?<br \/>\n29.3.2015, Bernd Engesser<\/p>\n","protected":false},"excerpt":{"rendered":"<p>Home &gt;Energie &gt;Dezentralisierung Listenauswahl eines Beitrags (Artikel\/Datum, Seite\/Inhalt):\u00a0Klicken\u00a0oder scrollen Trennung von Klima und Staat\u00a0(30.7.2025) Wasserkraftwerk Zweribach: tot\u00a0(13.8.2021) Elon Musk und Bill Gates f\u00fcr AKW\u00a0(17.2.2021) Lokale dezentrale Selbstorganisation statt Zentralisierung (9.7.2016) Energiesparen Effizienz Nachhaltigkeit Obsoleszenz Rohstoffe Sparsamkeit als Prinzip Wegwerfkultur Windkraftwerke &hellip; <a href=\"https:\/\/www.freiburg-schwarzwald.de\/blog\/energie\/dezentralisierung\/\">Weiterlesen <span class=\"meta-nav\">&rarr;<\/span><\/a><\/p>\n","protected":false},"author":2,"featured_media":0,"parent":15,"menu_order":0,"comment_status":"open","ping_status":"closed","template":"","meta":{"footnotes":""},"class_list":["post-53931","page","type-page","status-publish","hentry"],"_links":{"self":[{"href":"https:\/\/www.freiburg-schwarzwald.de\/blog\/wp-json\/wp\/v2\/pages\/53931","targetHints":{"allow":["GET"]}}],"collection":[{"href":"https:\/\/www.freiburg-schwarzwald.de\/blog\/wp-json\/wp\/v2\/pages"}],"about":[{"href":"https:\/\/www.freiburg-schwarzwald.de\/blog\/wp-json\/wp\/v2\/types\/page"}],"author":[{"embeddable":true,"href":"https:\/\/www.freiburg-schwarzwald.de\/blog\/wp-json\/wp\/v2\/users\/2"}],"replies":[{"embeddable":true,"href":"https:\/\/www.freiburg-schwarzwald.de\/blog\/wp-json\/wp\/v2\/comments?post=53931"}],"version-history":[{"count":3,"href":"https:\/\/www.freiburg-schwarzwald.de\/blog\/wp-json\/wp\/v2\/pages\/53931\/revisions"}],"predecessor-version":[{"id":137148,"href":"https:\/\/www.freiburg-schwarzwald.de\/blog\/wp-json\/wp\/v2\/pages\/53931\/revisions\/137148"}],"up":[{"embeddable":true,"href":"https:\/\/www.freiburg-schwarzwald.de\/blog\/wp-json\/wp\/v2\/pages\/15"}],"wp:attachment":[{"href":"https:\/\/www.freiburg-schwarzwald.de\/blog\/wp-json\/wp\/v2\/media?parent=53931"}],"curies":[{"name":"wp","href":"https:\/\/api.w.org\/{rel}","templated":true}]}}