{"id":53582,"date":"2015-03-12T16:00:27","date_gmt":"2015-03-12T15:00:27","guid":{"rendered":"https:\/\/www.freiburg-schwarzwald.de\/blog\/?page_id=53582"},"modified":"2026-03-09T19:26:57","modified_gmt":"2026-03-09T18:26:57","slug":"ueberfall","status":"publish","type":"page","link":"https:\/\/www.freiburg-schwarzwald.de\/blog\/selbsthilfe\/krise\/gewalt\/ueberfall\/","title":{"rendered":"Ueberfall"},"content":{"rendered":"<p><a href=\"https:\/\/www.freiburg-schwarzwald.de\/blog\">Home<\/a> &gt;<a title=\"Selbsthilfe\" href=\"https:\/\/www.freiburg-schwarzwald.de\/blog\/selbsthilfe\/\">Selbsthilfe<\/a> &gt;<a title=\"Krise\" href=\"https:\/\/www.freiburg-schwarzwald.de\/blog\/selbsthilfe\/krise\/\">Krise<\/a> &gt;<a title=\"Gewalt\" href=\"https:\/\/www.freiburg-schwarzwald.de\/blog\/selbsthilfe\/krise\/gewalt\/\">Gewalt<\/a> &gt;<a title=\"Polizei\" href=\"https:\/\/www.freiburg-schwarzwald.de\/blog\/selbsthilfe\/soziales\/justiz\/polizei\/\">Polizei<\/a> &gt;Ueberfall<\/p>\n<div id=\"attachment_14922\" style=\"width: 648px\" class=\"wp-caption alignnone\"><a href=\"https:\/\/www.freiburg-schwarzwald.de\/blog\/regio\/verkehr\/hauptbahnhof\/blauebruecke-pan121106-2\/\" rel=\"attachment wp-att-14922\"><img loading=\"lazy\" decoding=\"async\" aria-describedby=\"caption-attachment-14922\" class=\"size-full wp-image-14922\" src=\"https:\/\/www.freiburg-schwarzwald.de\/blog\/wp-content\/uploads\/2012\/11\/blauebruecke-pan121106.jpg\" alt=\"Blick nach Westen \u00fcber die Blaue Br\u00fccke (Wiwili-Br\u00fccke) zu FR-St\u00fchlinger am 6.11.2012\" width=\"638\" height=\"260\" srcset=\"https:\/\/www.freiburg-schwarzwald.de\/blog\/wp-content\/uploads\/2012\/11\/blauebruecke-pan121106.jpg 638w, https:\/\/www.freiburg-schwarzwald.de\/blog\/wp-content\/uploads\/2012\/11\/blauebruecke-pan121106-180x73.jpg 180w\" sizes=\"auto, (max-width: 638px) 100vw, 638px\" \/><\/a><p id=\"caption-attachment-14922\" class=\"wp-caption-text\">Blick nach Westen \u00fcber die Blaue Br\u00fccke (Wiwili-Br\u00fccke) zu FR-St\u00fchlinger am 6.11.201217-J\u00e4hrige um 13 Uhr auf Stadtbahnbr\u00fccke von S\u00fcdl\u00e4nder sexuell bel\u00e4stigt (15.1.2017)<\/p><\/div>\n<p>&nbsp;<\/p>\n<ul>\n<li><em>Listenauswahl eines Beitrags (Artikel\/Datum, Seite\/Inhalt): <span style=\"text-decoration: underline;\">Klicken<\/span> oder scrollen<\/em><\/li>\n<li>Unbekannte rauben 16-J\u00e4hrigen in Freiburg-Haslach aus (6.3.2026)<\/li>\n<li><a href=\"https:\/\/www.freiburg-schwarzwald.de\/blog\/regio\/verkehr\/eisenbahn\/bahn-gewalt\/\">Schwarzfahrer erschl\u00e4gt Schaffner in Regionalbahn Landstuhl (RP)<\/a>\u00a0(4.2.2026)<\/li>\n<li><a href=\"https:\/\/www.freiburg-schwarzwald.de\/blog\/bahnsteig-migrant-resettlement\/\">Bahnsteig Migrant Resettlement<\/a> (30.1.2026)<\/li>\n<li><a href=\"https:\/\/www.freiburg-schwarzwald.de\/blog\/selbsthilfe\/frauen\/frauen-angst\/\">Stadtbild-Debatte: \u201eIch bin die Tochter, von der Merz sprach\u201c<\/a>\u00a0(8.10.2025)<\/li>\n<li><a href=\"https:\/\/www.freiburg-schwarzwald.de\/blog\/selbsthilfe\/krise\/sexuellermissbrauch\/freiwild\/\">Ministerin Warken (CDU): \u201eFrauen haben Pfefferspray dabei\u201c \u2013 ist aber verboten<\/a>\u00a0(28.10.2025)<\/li>\n<li><a href=\"https:\/\/www.freiburg-schwarzwald.de\/blog\/religion\/islam\/abdel-samad\/\">Hamed Abdel-Samad ben\u00f6tigt in D Polizeischutz, in arabischen L\u00e4ndern nicht<\/a>\u00a0(1.7.2025)<\/li>\n<li><a href=\"https:\/\/www.freiburg-schwarzwald.de\/blog\/pks-79-messerangriffe-pro-tag\/\">PKS: 79 Messerangriffe pro Tag<\/a>\u00a0(21.5.2025)<\/li>\n<li>Schock in Freiburger Supermarkt: Kundin rastet aus und bedroht Angestellte &#8211; Polizei reagiert sp\u00e4t (13.6.2024)<\/li>\n<li><a href=\"https:\/\/www.freiburg-schwarzwald.de\/blog\/on-va-tuer-des-blancs\/\">On va tuer des Blancs<\/a>\u00a0(23.11.2023)<\/li>\n<li><a href=\"https:\/\/www.freiburg-schwarzwald.de\/blog\/macheten-mord-ludwigshafen\/\">Macheten-Mord Ludwigshafen<\/a>\u00a0(20.10.2022)<\/li>\n<li><a href=\"https:\/\/www.freiburg-schwarzwald.de\/blog\/religion\/islam\/islam-sexualitaet\/\">Islam-Migration l\u00e4sst Homophobie-Gewalttaten ansteigen<\/a>\u00a0(14.9.2022)<\/li>\n<li>Freiburg-Littenweiler: Raub mit Messer durch &#8222;m\u00e4nnlicher Person&#8220;<\/li>\n<li>11-J\u00e4hriger von arabisch aussehenden Jugendlichen \u00fcberfallen (9.8.2022)<\/li>\n<li>Jeden Tag ein \u00dcberfall in Freiburg &#8211; Nicht der Rede wert (16.9.2021)<\/li>\n<li><a href=\"https:\/\/www.freiburg-schwarzwald.de\/blog\/selbsthilfe\/soziales\/justiz\/polizei\/polizeibeamte\/\">Polizei-Skandal: Syrer t\u00f6tet 30-J\u00e4hrigen \u2013 dann verfolgt Polizei Vater des Opfers<\/a>\u00a0(14.4.2021)<\/li>\n<li><a href=\"https:\/\/www.freiburg-schwarzwald.de\/blog\/global\/integration\/fluechtlinge-kriminalitaet\/\">Asylzuwanderer besonders gewaltt\u00e4tig: Faktor 7,45<\/a>\u00a0 (20.10.2020)<\/li>\n<li><a title=\"Wahn\" href=\"https:\/\/www.freiburg-schwarzwald.de\/blog\/selbsthilfe\/psyche\/wahn\/\">Attent\u00e4ter im \u201creligi\u00f6sen Wahn\u201d?<\/a>\u00a0(24.8.2020)<\/li>\n<li><a title=\"Gewalt gegen Frauen nimmt zu\" href=\"https:\/\/www.freiburg-schwarzwald.de\/blog\/gewalt-gegen-frauen-nimmt-zu\/\">Gewalt gegen Frauen nimmt zu<\/a>\u00a0(15.8.2020)<\/li>\n<li><a title=\"Stuttgart16Mai2020LinkeGewalt\" href=\"https:\/\/www.freiburg-schwarzwald.de\/blog\/selbsthilfe\/krise\/gewalt\/linke-gewalt\/stuttgart16mai2020linkegewalt\/\">Corona-Demo Stuttgart: Mutma\u00dflich linksextremistischer Mordanschlag auf Andreas Ziegler<\/a>\u00a0(24.5.2020)<\/li>\n<li><a title=\"Kuscheljustiz\" href=\"https:\/\/www.freiburg-schwarzwald.de\/blog\/selbsthilfe\/soziales\/justiz\/kuscheljustiz\/\">Syrischer Totpr\u00fcgler von Marcus Hempel erh\u00e4lt nur zwei Jahre auf Bew\u00e4hrung<\/a>\u00a0(27.3.2020)<\/li>\n<li>Beckesepp-Filiale Hansjakobstra\u00dfe \u00fcberfallen (24.3.2020)<\/li>\n<li>Syrer schlagen pal\u00e4stinensischen Boxmeister in Berlin zusammen (28.2.2020)<\/li>\n<li><a title=\"Hanau19Feb2020\" href=\"https:\/\/www.freiburg-schwarzwald.de\/blog\/engagement\/zukunft\/demokratie\/hanau19feb2020\/\">Roland Tichy: Verteidigen Sie die Pressefreiheit<\/a>\u00a0(21.2.2020)<\/li>\n<li><a title=\"Kriminalstatistik\" href=\"https:\/\/www.freiburg-schwarzwald.de\/blog\/selbsthilfe\/krise\/gewalt\/kriminalstatistik\/\">Kriminalstatistik endlich grundgesetz-konform detaillieren<\/a>\u00a0(13.12.2019<\/li>\n<li>13-J\u00e4hriger schl\u00e4gt 12-j\u00e4hrigen Jungen beim Strandbad krankenhausreif (2.8.2019)<\/li>\n<li><a title=\"Hock\" href=\"https:\/\/www.freiburg-schwarzwald.de\/blog\/kultur\/oeffentlicher-raum\/hock\/\">36j\u00e4hriger Somalier Messerstecher auf Schlossgrabenfest Kirchhofen<\/a>\u00a0(27.5.2019)<\/li>\n<li><a href=\"https:\/\/www.freiburg-schwarzwald.de\/blog\/jugendliche-pruegelei-amberg\/\">https:\/\/www.freiburg-schwarzwald.de\/blog\/jugendliche-pruegelei-amberg\/<\/a>\u00a0(31.12.2018)<\/li>\n<li><a title=\"Stuehlinger\" href=\"https:\/\/www.freiburg-schwarzwald.de\/blog\/regio\/freiburg\/stuehlinger\/\">Das Gangsta-Ideal br\u00f6ckelt \u2013 St\u00fchlinger-Jugendgang mit Migrationshintergrund<\/a>\u00a0 (27.5.2018)<\/li>\n<li>Afrikaner schlagen Mann vor Hauseingang im St\u00fchlinger zusammen (30.4.2018)<\/li>\n<li>Rollstuhlfahrerin von Dunkelh\u00e4utigem in der Stra\u00dfenbahn bel\u00e4stigt \u00a0(15.4.2017)<\/li>\n<li>26-J\u00e4hriger am St\u00fchlinger Kirchplatz beraubt &#8211; schwarze Hautfarbe (4.4.2017)<\/li>\n<li>Angriff mit Messer und Glasflasche- &#8222;arabisch&#8220; oder &#8222;t\u00fcrkisch&#8220; (23.2.2017)<\/li>\n<li>17-J\u00e4hrige um 13 Uhr auf Stadtbahnbr\u00fccke von S\u00fcdl\u00e4nder sexuell bel\u00e4stigt (5.1.2017)<\/li>\n<li><a href=\"https:\/\/www.freiburg-schwarzwald.de\/blog\/dreisam-mord-migrant-in-haft\/\">https:\/\/www.freiburg-schwarzwald.de\/blog\/dreisam-mord-migrant-in-haft\/<\/a> (3.12.2016)<\/li>\n<li><a href=\"https:\/\/www.freiburg-schwarzwald.de\/blog\/generalverdacht-und-vorurteile\/\">https:\/\/www.freiburg-schwarzwald.de\/blog\/generalverdacht-und-vorurteile\/<\/a> (16.11.2016)<\/li>\n<li>18j\u00e4hriger Afghane verletzt andere Afghanen mit dem Messer schwer (4.11.2016)<\/li>\n<li>Zwei &#8222;T\u00fcrkisch-Arabisch&#8220; \u00fcberfallen schlafenden Obdachlosen beim Extrablatt (3.11.2016)<\/li>\n<li>Drei &#8222;s\u00fcdl\u00e4ndisch Aussehende&#8220; berauben 30-j\u00e4hrigen auf Party (31.10.2016)<\/li>\n<li><a href=\"https:\/\/www.freiburg-schwarzwald.de\/blog\/hoffentlich-kein-fluechtling\/\">https:\/\/www.freiburg-schwarzwald.de\/blog\/hoffentlich-kein-fluechtling\/<\/a> (30.10.2016)<\/li>\n<li><a href=\"https:\/\/www.freiburg-schwarzwald.de\/blog\/rechtsbewusstsein-ohne-strafe\/\">https:\/\/www.freiburg-schwarzwald.de\/blog\/rechtsbewusstsein-ohne-strafe\/<\/a> (26.10.2016)<\/li>\n<li>51-J\u00e4hriger stirbt nach Schl\u00e4gerei mit S\u00fcdl\u00e4ndern an Johanneskirche (20.10.2016)<\/li>\n<li>&#8222;Arabisches&#8220; Erscheinungsbild \u00fcberf\u00e4llt Studentin im St\u00fchlinger (19.10.2016)<\/li>\n<li>Sexuelle Bel\u00e4stigung durch Syrer am hellichten Tag in der KaJo (14.9.2016)<\/li>\n<li>Sehbehinderte Frau von dunkelh\u00e4utiger Frau\u00a0niedergeschlagen (5.9.2016)<\/li>\n<li>18-j\u00e4hriger Afghane \u00fcberf\u00e4llt drei Frauen in Emmendingen (22.5.2016)<\/li>\n<li>Arabische R\u00e4uber werden eingedeutscht (8.5.2016)<\/li>\n<li><a title=\"Weisser-Ring\" href=\"https:\/\/www.freiburg-schwarzwald.de\/blog\/selbsthilfe\/soziales\/justiz\/weisser-ring\/\">UMF ver\u00fcbt brutalen \u00dcberfall auf eine Frau in FR \u2013 Opferschutz?<\/a> (28.4.2016)<\/li>\n<li><a title=\"Sexuellermissbrauch\" href=\"https:\/\/www.freiburg-schwarzwald.de\/blog\/selbsthilfe\/krise\/sexuellermissbrauch\/\">Syrischer Asylbewerber bel\u00e4stigt etliche Kinder in FR sexuell<\/a> (28.4.2016)<\/li>\n<li><a title=\"Kriminalitaet\" href=\"https:\/\/www.freiburg-schwarzwald.de\/blog\/selbsthilfe\/krise\/gewalt\/kriminalitaet\/\">Fl\u00fcchtlinge sind in FR \u00fcber 10 mal so h\u00e4ufig an Raub\u00fcberf\u00e4llen beteiligt<\/a> &gt;Kriminalitaet (4.4.2016)<\/li>\n<li>91-J\u00e4hrige im Hauseingang \u00fcberfallen \u2013 Geldbeutel weg (23.3.2016)<\/li>\n<li>Das Sicherheitsgef\u00fchl in Freiburg ist mir abhanden gekommen (13.2.2016)<\/li>\n<li>Straftaten von Fl\u00fcchtlingen eines Tages im Polizeipresseportal (22.1.2016)<\/li>\n<li>Antanz-Kriminalit\u00e4t von Fl\u00fcchtlingen aus Nordafrika (6.1.2016)<\/li>\n<li>Nach Raub\u00fcberfall auf 46-j\u00e4hrige Frau: 15-j\u00e4hriger UMF kommt in Haft (11.12.2015)<\/li>\n<li>17j\u00e4hriger von Mann mit arabischem Aussehen mit Messer verletzt \u00a0(10.12.2015)<\/li>\n<li>Mann in KaJo mit Messer bedroht \u2013 Schwarzer T\u00e4ter fl\u00fcchtet ohne Beute (9.11.2015)<\/li>\n<li>Fahrradfahrerin von zwei M\u00e4nnern arabischen Aussehens ausgeraubt (3.11.2015)<\/li>\n<li>Tunesier sticht Algerier mit Messer in den R\u00fccken (14.10.2015)<\/li>\n<li>Vier Dunkelh\u00e4utige M\u00e4nner \u00fcberfallen 54j\u00e4hrigen in Freiburg-St\u00fchlinger (2.10.2015)<\/li>\n<li>14j\u00e4hriger Algerier und 15j\u00e4hriger Marokkaner gegen Jugendliche mit Messer und abgebrochenem Flaschenhals (8.9.15)<\/li>\n<li>Brutaler Handy-Raub an 21-j\u00e4hriger Frau im St\u00fchlinger (18.7.2015)<\/li>\n<li>Osteurop\u00e4er beraubt 98j\u00e4hrigen Greis (9.7.2015)<\/li>\n<li>\u00dcberfall durch 10 Asylbewerber aus dem Fl\u00fcchtlingsheim Bissierstrasse (28.4.2015)<\/li>\n<li>Unbekannter schl\u00e4gt 25-J\u00e4hrigen nieder und klaut ihm Handy und Kapuzenpulli (8.4.2015)<\/li>\n<li>Vier s\u00fcdl\u00e4ndische\u00a0junge M\u00e4nner \u00fcberfallen 18-J\u00e4hrigen am Runzmattenweg (7.4.2015)<\/li>\n<li>\u00dcberfall, Raub, Brutalit\u00e4t\u00a0in Freiburg am Wochenende 27.-29.3.2015 (2.4.2015)<\/li>\n<li>Brutaler Handyraub am Opfinger See: Unbekannte \u00fcberfallen zwei Jugendliche (28.3.2015)<\/li>\n<li>12-J\u00e4hriger ersticht 13-J\u00e4hrigen &#8211; \u00dcberleben dank Notoperation(12.3.2015)<\/li>\n<li>Freiburg 2014: Jeder zweite Raub\u00fcberfall durch ausl\u00e4ndischen T\u00e4ter (10.3.2015)<\/li>\n<li><\/li>\n<li><a href=\"https:\/\/www.freiburg-schwarzwald.de\/blog\/regio\/verkehr\/eisenbahn\/bahn-gewalt\/\">Bahn-Gewalt<\/a><\/li>\n<li><a title=\"Bremen07-01-2019anschlag\" href=\"https:\/\/www.freiburg-schwarzwald.de\/blog\/engagement\/zukunft\/demokratie\/bremen07-01-2019anschlag\/\">Bremen07-01-2019Anschlag<\/a><\/li>\n<li><a title=\"Ehrlichkeit\" href=\"https:\/\/www.freiburg-schwarzwald.de\/blog\/engagement\/zukunft\/ehrlichkeit\/\">Ehrlichkeit<\/a><\/li>\n<li><a title=\"Einbruch\" href=\"https:\/\/www.freiburg-schwarzwald.de\/blog\/selbsthilfe\/krise\/gewalt\/einbruch\/\">Einbruch<\/a><\/li>\n<li><a title=\"Fluechtlinge-Kriminalitaet\" href=\"https:\/\/www.freiburg-schwarzwald.de\/blog\/global\/integration\/fluechtlinge-kriminalitaet\/\">Fluechtlinge-Kriminalitaet<\/a><\/li>\n<li><a title=\"Frauenproteste\" href=\"https:\/\/www.freiburg-schwarzwald.de\/blog\/selbsthilfe\/frauen\/frauenproteste\/\">Frauenproteste<\/a><\/li>\n<li><a href=\"https:\/\/www.freiburg-schwarzwald.de\/blog\/selbsthilfe\/frauen\/frauen-angst\/\">Frauen-Angst<\/a><\/li>\n<li><a title=\"Hanau19Feb2020\" href=\"https:\/\/www.freiburg-schwarzwald.de\/blog\/engagement\/zukunft\/demokratie\/hanau19feb2020\/\">Hanau19Feb2020<\/a><\/li>\n<li><a title=\"Kriminalitaet\" href=\"https:\/\/www.freiburg-schwarzwald.de\/blog\/selbsthilfe\/krise\/gewalt\/kriminalitaet\/\">Kriminalit\u00e4t<\/a><\/li>\n<li><a title=\"Migration-Paradoxon\" href=\"https:\/\/www.freiburg-schwarzwald.de\/blog\/global\/migration\/migration-paradoxon\/\">Migration<\/a><\/li>\n<li><a title=\"Muslime\" href=\"https:\/\/www.freiburg-schwarzwald.de\/blog\/global\/integration\/muslime\/\">Muslime<\/a><\/li>\n<li><a title=\"Niklas2016Jugendterror\" href=\"https:\/\/www.freiburg-schwarzwald.de\/blog\/selbsthilfe\/krise\/gewalt\/niklas2016jugendterror\/\">Niklas2016Jugendterror<\/a><\/li>\n<li><a title=\"Notdienste\" href=\"https:\/\/www.freiburg-schwarzwald.de\/blog\/business\/gesund\/notdienste\/\">Notdienste<\/a><\/li>\n<li><a title=\"Political-Correctness\" href=\"https:\/\/www.freiburg-schwarzwald.de\/blog\/kultur\/medien\/political-correctness\/\">Political Correctness<\/a><\/li>\n<li><a href=\"https:\/\/www.freiburg-schwarzwald.de\/blog\/selbsthilfe\/krise\/gewalt\/politische-gewalt\/\">Politische Gewalt<\/a><\/li>\n<li><a title=\"Rechtsstaat\" href=\"https:\/\/www.freiburg-schwarzwald.de\/blog\/selbsthilfe\/soziales\/justiz\/rechtsstaat\/\">Rechtsstaat<\/a><\/li>\n<li><a title=\"Revier\" href=\"https:\/\/www.freiburg-schwarzwald.de\/blog\/global\/integration\/revier\/\">Revier<\/a><\/li>\n<li><a title=\"Stuehlinger\" href=\"https:\/\/www.freiburg-schwarzwald.de\/blog\/regio\/freiburg\/stuehlinger\/\">St\u00fchlinger<\/a><\/li>\n<li><a title=\"Stuttgart16Mai2020LinkeGewalt\" href=\"https:\/\/www.freiburg-schwarzwald.de\/blog\/selbsthilfe\/krise\/gewalt\/linke-gewalt\/stuttgart16mai2020linkegewalt\/\">Stuttgart16Mai020LinkeGewalt<\/a><\/li>\n<li><a title=\"Fluechtlinge\" href=\"https:\/\/www.freiburg-schwarzwald.de\/blog\/global\/integration\/fluechtlinge\/\">UMFs<\/a><\/li>\n<li><a title=\"Wahn\" href=\"https:\/\/www.freiburg-schwarzwald.de\/blog\/selbsthilfe\/psyche\/wahn\/\">Wahn<\/a><\/li>\n<li><a title=\"Zusammenrottung\" href=\"https:\/\/www.freiburg-schwarzwald.de\/blog\/selbsthilfe\/krise\/gewalt\/zusammenrottung\/\">Zusammenrottungen<\/a><\/li>\n<\/ul>\n<p><strong>Die meisten Migranten leben und arbeiten hier gerne und gewaltfrei<\/strong><br \/>\nDeshalb ist es gerade in ihrem Sinne, die wenigen Gewaltbereiten von ihrem Tun abzubringen. Durch Benennen und Ahnden von Gewalttaten sowie durch Pr\u00e4vention und Aufkl\u00e4rung.<br \/>\nAlle Migranten, die ich kenne, sind best\u00fcrzt \u00fcber die vom BKA gemeldete Zunahme der migrantischen Gewalt und deren Verschweigen bzw. Kleinreden. Diesen mu\u00df geholfen werden.<br \/>\n.<br \/>\n\u201eDie \u00d6ffentlichkeit erf\u00e4hrt nur einen <a title=\"Luegenpresse\" href=\"https:\/\/www.freiburg-schwarzwald.de\/blog\/kultur\/medien\/luegenpresse\/\">Bruchteil<\/a>, weil die Beh\u00f6rden die B\u00fcrger nicht unn\u00f6tig in Schrecken versetzen wollen.\u201c<br \/>\nRainer Wendt, Chef der Deutschen Polizei-Gewerkschaft DPolG, am 2.10.2015<br \/>\n.<br \/>\n&#8222;Presse und Journalisten m\u00fcssen ehrlich sein.&#8220;<br \/>\nGiovanni di Lorenzo, DIE ZEIT-Herausgeber, <a href=\"https:\/\/www.zeit.de\">www.zeit.de<\/a><\/p>\n<p>.<br \/>\nFragen Sie mal einen US-Amerikaner (der gr\u00f6\u00dfte Teil meiner Verwandtschaft), Engl\u00e4nder (meinen Freund Sir Albert), Australier, <a title=\"France\" href=\"https:\/\/www.freiburg-schwarzwald.de\/blog\/global\/france\/\">Franzosen<\/a> (ein Viertel unserer Familie) oder <a title=\"Gutmenschen\" href=\"https:\/\/www.freiburg-schwarzwald.de\/blog\/engagement\/gutmenschen\/\">deutschen Gutmenschen<\/a>, ob diese Webseite <a title=\"Rassismus\" href=\"https:\/\/www.freiburg-schwarzwald.de\/blog\/engagement\/rassismus\/\">rassistisch<\/a>, <a title=\"Vorverurteilung\" href=\"https:\/\/www.freiburg-schwarzwald.de\/blog\/kultur\/medien\/vorverurteilung\/\">vorverurteilend<\/a>, unter Generalverdacht stellend, diskriminierend, <a title=\"Fluechtlinge-Islam\" href=\"https:\/\/www.freiburg-schwarzwald.de\/blog\/global\/integration\/fluechtlinge-islam\/\">ausl\u00e4nderfeindlich<\/a>, der <a title=\"Political-Correctness\" href=\"https:\/\/www.freiburg-schwarzwald.de\/blog\/kultur\/medien\/political-correctness\/\">Political Correctness<\/a> widersprechend, die <a title=\"Diskussionskultur\" href=\"https:\/\/www.freiburg-schwarzwald.de\/blog\/kultur\/medien\/diskussionskultur\/\">Diskussionskultur<\/a> vergiftend oder <a title=\"Diffamierung\" href=\"https:\/\/www.freiburg-schwarzwald.de\/blog\/kultur\/medien\/diffamierung\/\">diffamierend<\/a> sei.<br \/>\nAlle werden dies verneinen &#8211; vielleicht mit Ausnahme der Gutmenschen. Warum nur? Wegen unserer &#8218;unseligen Vergangenheit&#8216;?\u00a0<strong><br \/>\n<\/strong>=============================================================<\/p>\n<p>.<\/p>\n<p><strong>Unbekannte rauben 16-J\u00e4hrigen in Freiburg-Haslach aus<\/strong><br \/>\nAm Donnerstagmittag soll ein 16 Jahre alter Sch\u00fcler in der Joseph-Brandel-Anlage in Freiburg-Haslach ausgeraubt worden sein. Der Angriff ging von einer f\u00fcnfk\u00f6pfigen Jugendgruppe aus.<br \/>\nAm Donnerstagmittag, 5. M\u00e4rz, soll zwischen 14.30 und 14.40 Uhr ein 16 Jahre alter Sch\u00fcler in der Joseph-Brandel-Anlage in Freiburg-Haslach ausgeraubt worden sein. Wie die Polizei berichtet, soll der Jugendliche nach der Schule mit seinem E-Scooter auf dem Nachhauseweg gewesen sein, als er in der Parkanlage an einer auf einer Parkbank sitzenden f\u00fcnfk\u00f6pfigen Jugendgruppe vorbeifuhr. Beim Passieren wurde der 16-J\u00e4hrige laut eigener Aussage unvermittelt aus der Gruppe heraus von einem Jugendlichen umgesto\u00dfen. Der Gesch\u00e4digte soll im weiteren Verlauf angeschrien und von dem Unbekannten mit F\u00e4usten geschlagen worden sein. Als sich der 16-J\u00e4hrige ebenfalls zur Wehr setzte, habe der Angreifer ein Messer gezogen und den Gesch\u00e4digten angegriffen. Dabei wurden wohl Kleidungsst\u00fccke des Sch\u00fclers besch\u00e4digt. Er selbst blieb unverletzt, konnte zu Fu\u00df fl\u00fcchten und rief anschlie\u00dfend seinen Erziehungsberechtigten an.<br \/>\nKurz darauf habe sich der 16-j\u00e4hrige Jugendliche erneut an den Tatort begeben, um seinen zur\u00fcckgelassenen E-Scooter und Rucksack zu holen. Hierbei konnte er die Gruppe um den unbekannten T\u00e4ter dabei beobachten, wie diese die \u00d6rtlichkeit mit dessen Rucksack verlie\u00dfen. Der genaue Wert der Beute ist noch unbekannt. Der E-Scooter des 16-J\u00e4hrigen wurde vor Ort zur\u00fcckgelassen. &#8230;<br \/>\n6.3.2026, <a href=\"https:\/\/www.presseportal.de\/blaulicht\/nr\/110970\">https:\/\/www.presseportal.de\/blaulicht\/nr\/110970<\/a><\/p>\n<p>&nbsp;<\/p>\n<p><strong>Schock in Freiburger Supermarkt: Kundin rastet aus und bedroht Angestellte &#8211; Polizei reagiert sp\u00e4t<\/strong><br \/>\nIn einem Nahkauf in Freiburg-Betzenhausen rastet eine Kundin aus, die Situation eskaliert. Auch Wochen nach dem Vorfall ist die Belegschaft des Lebensmittelmarktes an der Sundgauallee noch aufgew\u00fchlt.<br \/>\n&#8230; Alles vom 13.6.2024 bitte lesen auf<br \/>\n<a href=\"https:\/\/www.badische-zeitung.de\/schock-in-freiburger-supermarkt-kundin-rastet-aus-und-bedroht-angestellte-polizei-reagiert-spaet?showAllComments#kommentare\">https:\/\/www.badische-zeitung.de\/schock-in-freiburger-supermarkt-kundin-rastet-aus-und-bedroht-angestellte-polizei-reagiert-spaet?showAllComments#kommentare<\/a><br \/>\n.<br \/>\nEinige Kommentare:<br \/>\nUnd das Schlimmste wird gar nicht geschrieben. Ergebnis des viel zu sp\u00e4ten Polizeieinsatzes: Die Personalien wurde aufgenommen. Mehr nicht.<br \/>\nDie T\u00e4ter (a) sind polizeibekannt, Mehrfacht\u00e4ter, laufen weiter frei durch die Sundgauallee, bedrohen weiter Menschen, verbreiten weiter Unsicherheit. F.B.<br \/>\n.<br \/>\nDer Ausspruch: Ihr Mann t\u00f6nte noch im Beisein der Polizei: &#8222;Das ist meine Stra\u00dfe.&#8220; besagt, dass wir schon Verh\u00e4ltnisse wie in Neuk\u00f6lln haben. Clans beherrschen einige Stadtteile und der Gemeinderat schaut tatenlos zu. Anstatt f\u00fcrs Fernsehen zu posieren, sollte der Oberb\u00fcrgermeister Horn lieber seine Zeit in die Sicherheit seiner B\u00fcrger investieren. R.Sch.<br \/>\n.<br \/>\nEigentlich w\u00e4ren solche Streitschlichtungen bzw. das rechtzeitige Eingreifen vor Ort eine klassische Aufgabe f\u00fcr die kommunale Hilfspolizei, KOD oder auch kommunalen Vollzugsdienst genannt. Aber leider wurde dieser ja vor einigen Jahren auf Betreiben der Gr\u00fcnen durch die Mehrheit im Gemeinderat stark personell reduziert, da die Gr\u00fcnen es wichtiger finden, Falschparker aufzuschreiben als (Klein)kriminalit\u00e4t zu bek\u00e4mpfen und Menschen zu sch\u00fctzen. L.S.<br \/>\n.<br \/>\nDass die Polizei nicht zur Stelle ist, ist leider in Deutschland Realit\u00e4t. Ich wurde, als ich alleine im Gesch\u00e4ft Dienst hatte, vor Jahren bedroht und habe die Polizei gerufen, man hat mir am Telefon gesagt, solange nichts passiert sei, w\u00fcrden sie auch nicht kommen&#8230; Und wieso sind Menschen, die jemanden t\u00e4tlich angreifen immer noch auf freiem Fu\u00df? In was f\u00fcr einem Land leben wir eigentlich? Das muss man sich mittlerweile leider oft fragen&#8230; M.T.<br \/>\nEnde Kommentare<br \/>\n.<\/p>\n<p>&nbsp;<\/p>\n<p><strong>Freiburg-Littenweiler: Raub mit Messer durch &#8222;m\u00e4nnlicher Person&#8220;<\/strong><br \/>\nZu einem Raub kam es am 17.06.22 gegen 00:18 Uhr in Freiburg-Littenweiler. Wie der 16j\u00e4hrige Gesch\u00e4digte unmittelbar nach der Tat der Polizei mitteilte, unternahm er einen n\u00e4chtlichen Spaziergang in der Rene-Schickele-Stra\u00dfe, wobei er aufgrund einer Verletzung an Kr\u00fccken lief. Hierbei wurde er durch eine bislang unbekannte m\u00e4nnliche Person angesprochen. Auf das unvermittelte Vorhalten eines Taschenmessers folgte ein zielgerichteter Tritt gegen das beeintr\u00e4chtigte Knie des Gesch\u00e4digten. Hierdurch ging er zu Boden, worauf der T\u00e4ter aus der Ges\u00e4\u00dftasche seines Opfers die Geldb\u00f6rse entnahm und daraus 50 Euro Bargeld entwendete. Im Anschluss warf der R\u00e4uber die Geldb\u00f6rse vor den Gesch\u00e4digten und fl\u00fcchtete.<br \/>\nEine sofortige Fahndung nach dem T\u00e4ter mit mehreren Streifen verlief erfolglos.<br \/>\nPolizeipr\u00e4sidium Freiburg, Telefon: 0761 882-0<br \/>\n<a href=\"https:\/\/www.presseportal.de\/blaulicht\/pm\/110970\/5250630\">https:\/\/www.presseportal.de\/blaulicht\/pm\/110970\/5250630<\/a><\/p>\n<p>Anmerkung: Als &#8222;M\u00e4nnliche Person&#8220; bzw. &#8222;Mann&#8220; bezeichnet der <a href=\"https:\/\/www.freiburg-schwarzwald.de\/blog\/kultur\/medien\/political-correctness\/\">Political Correctness<\/a> gem\u00e4\u00dfe Journalismus den &#8222;Migranten&#8220;. Schade um diesen Typ von\u00a0 <a href=\"https:\/\/www.freiburg-schwarzwald.de\/blog\/kultur\/medien\/journalismus\/haltungsjournalismus\/\">Journalismus,<\/a> der Integration <a href=\"https:\/\/www.freiburg-schwarzwald.de\/blog\/global\/integration\/integration-gescheitert\/\">scheitern<\/a> l\u00e4\u00dft.<\/p>\n<p>&nbsp;<\/p>\n<p><strong>Jeden Tag ein \u00dcberfall in Freiburg &#8211; Nicht der Rede wert<\/strong><br \/>\nMan hat sich daran gew\u00f6hnt, oder anders herum: fast w\u00fcrde einem etwas fehlen, wenn die t\u00e4glichen Meldungen von Messerstecherei, Vergewaltigung, Strassenraub, usw. in der Freiburge Innenstadt pl\u00f6tzlich ausblieben. &#8222;Fr\u00fcher gab&#8217;s das auch schon&#8220; ist oftmals zu h\u00f6ren. Ja, korrekt. Aber dabei waren Hotzenw\u00e4lder, Bobbele oder Elzt\u00e4ler die T\u00e4ter &#8211; bei laut BKA stetig sinkender <a href=\"https:\/\/www.freiburg-schwarzwald.de\/blog\/selbsthilfe\/krise\/gewalt\/kriminalstatistik\/\">Kriminalit\u00e4tsrate<\/a> der Gewaltverbrechen. Seit <a href=\"https:\/\/www.freiburg-schwarzwald.de\/blog\/global\/eu\/budapest-dublin2015\/\">2015<\/a> jedoch ist die <a href=\"https:\/\/www.freiburg-schwarzwald.de\/blog\/bka-zur-fluechtlingskriminalitaet\/\">Rate wieder ansteigen<\/a> begriffen.<br \/>\nHier eine kleine Auswahl f\u00fcr den Zeitraum 7.9.-12.9.2021:<br \/>\n.<br \/>\n<strong>26-J\u00e4hriger droht Passanten mit abgebrochener Flasche &#8211; Jordanier<\/strong><br \/>\nAm fr\u00fchen Sonntagmorgen, gegen 04:30 Uhr, kam es zu Streitigkeiten zwischen einem 26-j\u00e4hrigen Mann und weiteren Personen vor einer Bar in der Niemensstra\u00dfe. Schlie\u00dflich wollte der 26-j\u00e4hrige, jordanische Staatsangeh\u00f6rige mit einer zerbrochenen Flasche auf eine junge Frau losgehen, welcher es aber gelang, die Flucht zu ergreifen und die Polizei zu verst\u00e4ndigen. Bei Eintreffen der Polizei fl\u00fcchtete der 26-J\u00e4hrige in Richtung Universit\u00e4tsstra\u00dfe, wo er mit der abgebrochenen Flasche mehrfach in Richtung anderer Personen stach, ohne diese zu treffen. Nachdem er weiter in Richtung Platz der alten Synagoge geflohen war, konnte er durch einen verfolgenden Beamten eingeholt und unter Widerstand vorl\u00e4ufig festgenommen werden.<br \/>\n12.9.2021, <a href=\"https:\/\/www.presseportal.de\/blaulicht\/pm\/110970\/5018512\">https:\/\/www.presseportal.de\/blaulicht\/pm\/110970\/5018512<\/a><\/p>\n<p>.<\/p>\n<p><strong>11-J\u00e4hriger von arabisch aussehenden Jugendlichen \u00fcberfallen<\/strong><br \/>\nFreiburg-Altstadt: 11-J\u00e4hriger wurde Opfer eines versuchten Raubs &#8211; Zeugen gesucht<br \/>\nFreiburg<br \/>\nBereits am Donnerstagabend, 21.07.22, gegen 18 Uhr versuchten zwei bislang unbekannte Jugendliche in Freiburg im Bereich der Kaiser-Joseph-Stra\u00dfe \/ Schusterstra\u00dfe einen 11-j\u00e4hrigen Jungen zu berauben. Die beiden m\u00e4nnlichen T\u00e4ter im Alter zwischen 16 und 17 Jahren griffen den 11-J\u00e4hrigen an, schlugen ihn und versuchten, ihm seinen Schulranzen samt den darin befindlichen Wertgegenst\u00e4nden zu entrei\u00dfen. Als ein etwa 60-j\u00e4hriger Mann dem Jungen zu Hilfe kam, flohen die beiden T\u00e4ter in unbekannte Richtung. Einer der beiden Jugendlichen kann wie folgt beschreiben werden: m\u00e4nnlich, zwischen 16 und 17 Jahre alt, braunes kurzes Haar, ca. 180 cm gro\u00df, schwarze Basecap, kr\u00e4ftige Figur, nicht muskul\u00f6s, arabisches Aussehen, sprach Deutsch mit arabischem Akzent.<br \/>\n&#8230; Alles vom 9.8.2022 bitte lesen auf<br \/>\n<a href=\"https:\/\/www.presseportal.de\/blaulicht\/pm\/110970\/5293205\">https:\/\/www.presseportal.de\/blaulicht\/pm\/110970\/5293205<\/a><\/p>\n<p>.<\/p>\n<p>&nbsp;<\/p>\n<p><strong>Duo dr\u00fcckt Opfer an die Wand und erbeutet 200 Euro &#8211; dunkle Hautfarbe<\/strong><br \/>\nRaub\u00fcberfall an belebter Stelle an einem Samstagabend: Die Polizei sucht zwei Tatverd\u00e4chtige, die 200 Euro erbeuteten.<br \/>\nDer 39-j\u00e4hrige Gesch\u00e4digte soll am Samstag kurz vor 20 Uhr an der Ecke zwischen St\u00fchlinger Kirchplatz und dem s\u00fcdlichen Teil der Klarastra\u00dfe von zwei M\u00e4nnern gegen eine Wand gedr\u00fcckt und geschlagen worden sein. Das teilte die Polizei am Montag mit. Die beiden Unbekannten h\u00e4tten 200 Euro Bargeld aus der B\u00f6rse entwendet und seien mit dem Fahrrad Richtung St\u00fchlinger Kirchplatz gefl\u00fcchtet. Sie sollen beide dunkle Hautfarbe haben, etwa 1,85 Meter gro\u00df und schlank sein und blaue Jeans getragen haben. Der eine trug ein neongelbes Oberteil, der andere ein blaues mit Dreieckaufdruck auf dem R\u00fccken. Die Kriminalpolizei Freiburg hat die Ermittlungen aufgenommen und bittet um Zeugenhinweise (Tel. 0761\/882-2880).<br \/>\n&#8230; Alles vom 7.9.2021 bitte lesen auf<br \/>\n<a href=\"https:\/\/www.badische-zeitung.de\/duo-drueckt-opfer-an-die-wand-und-erbeutet-200-euro--204618385.html\">https:\/\/www.badische-zeitung.de\/duo-drueckt-opfer-an-die-wand-und-erbeutet-200-euro&#8211;204618385.html<\/a><\/p>\n<p><strong>Versuchte Vergewaltigung einer 65-J\u00e4hrigen &#8211; Eritreer<\/strong><br \/>\n(sk). Am Dienstag (7. September) gegen 4.50 Uhr kam es im Bereich einer Tiefgarage in der Engelbergerstra\u00dfe (St\u00fchlinger) zu einem sexuellen \u00dcbergriff auf eine 65-j\u00e4hrige deutsche Staatsangeh\u00f6rige. Der Tatverd\u00e4chtige, ein 26-j\u00e4hriger Eritreer, soll hierzu die Frau auf den Boden gebracht und versucht haben, sich an ihr zu vergehen. Die 65-J\u00e4hrige versuchte sich zu wehren, was der Mann mit Schl\u00e4gen ins Gesicht der Frau verhindert haben soll. Letztlich wurde eine Passantin durch Schreie der Gesch\u00e4digten auf die Situation aufmerksam und verst\u00e4ndigte die Polizei. Diese konnte den Tatverd\u00e4chtigen noch vor Ort festnehmen. Der 26-J\u00e4hrige befindet sich auf Antrag der Staatsanwaltschaft Freiburg seit dem Dienstagnachmittag in Untersuchungshaft.<br \/>\nDie Kriminalpolizei Freiburg bittet nun Zeugen, die in der Nacht auf Dienstag ab etwa 2.30 Uhr im Bereich des Hauptbahnhofes, des St\u00fchlinger Kirchplatzes oder der Engelbergerstra\u00dfe Wahrnehmungen gemacht haben, die im Zusammenhang mit der Tat und den Beteiligten stehen k\u00f6nnten, sich unter Telefon 0761\/882-2880 zu melden.<br \/>\n&#8230; Alles vom 9.9.2021 bitte lesen auf <a href=\"http:\/\/www.stadtkurier.de\">http:\/\/www.stadtkurier.de<\/a>, Seite 2<br \/>\n.<br \/>\n<strong>20-J\u00e4hrigen mehrfach gegen den Kopf getreten &#8211; dunkle Hautfarbe<\/strong><br \/>\nBei einer Pr\u00fcgelei ist in der Nacht auf Sonntag in der Bertoldstra\u00dfe ein 20-J\u00e4hriger aus einer Schwarzwaldgemeinde schwer verletzt worden. Wie die Polizei mitteilt, war er gegen 3.25 Uhr von einem Unbekannten mehrfach auf den Kopf geschlagen und getreten worden, auch als er bereits auf dem Boden lag. Ein Zeuge sei dazwischengegangen und habe Schlimmeres verhindert. Der mutma\u00dfliche T\u00e4ter soll dunkle Hautfarbe gehabt und ein wei\u00dfes Oberteil mit Aufdruck auf der Vorderseite getragen haben. Er floh Richtung Innenstadt. Das Polizeirevier Nord, Tel. 0761 \/ 882 4221, ermittelt und bittet Zeugen, sich zu melden.<br \/>\n&#8230; Alles vom 7.9.2021 bitte lesen auf<br \/>\n<a href=\"https:\/\/www.badische-zeitung.de\/unbekannter-tritt-20-jaehrigen-in-der-freiburger-altstadt-mehrfach-gegen-den-kopf--print--204620751.html\">https:\/\/www.badische-zeitung.de\/unbekannter-tritt-20-jaehrigen-in-der-freiburger-altstadt-mehrfach-gegen-den-kopf&#8211;print&#8211;204620751.html<\/a><\/p>\n<p><strong>Stra\u00dfenraub durch zwei M\u00e4nner mit Messer &#8211; Ausl\u00e4nder<\/strong><br \/>\nIn den fr\u00fchen Morgenstunden am Sonntag, 05.09.2021, zwischen 3.45 Uhr und 5 Uhr wurde ein 28-j\u00e4hriger Mann vermutlich im Bereich der Friedrichstra\u00dfe und des Rotteckrings von zwei unbekannten M\u00e4nnern mit einem Messer bedroht und zur Herausgabe seines Geldbeutels und seines Handys aufgefordert. Anschlie\u00dfend fl\u00fcchteten die Beiden in unbekannte Richtung. Der ortsunkundige Gesch\u00e4digte kann sich weder an die genaue Tat\u00f6rtlichkeit, noch an die Personenbeschreibung der T\u00e4ter erinnern. Erst mit hohem zeitlichen Verzug meldete er den Sachverhalt der Polizei. Aus derzeitiger Sicht ist lediglich bekannt, dass es sich bei der T\u00e4terschaft gem\u00e4\u00df Angaben des Gesch\u00e4digten um zwei ausl\u00e4ndische Personen gehandelt haben soll.<br \/>\nDie Kriminalpolizei Freiburg (Tel.: 0761-882-2880) hat die Ermittlungen \u00fcbernommen und sucht zeugen, die Hinweise zum Sachverhalt geben k\u00f6nnen oder verd\u00e4chtige Wahrnehmungen gemacht haben.<br \/>\n&#8230; Alles vom 7.9.2021 bitte lesen auf<br \/>\n<a href=\"https:\/\/www.presseportal.de\/blaulicht\/pm\/110970\/5014152\">https:\/\/www.presseportal.de\/blaulicht\/pm\/110970\/5014152<\/a><br \/>\nEnde der Auswahl.<\/p>\n<p>.<\/p>\n<p><strong>Beckesepp-Filiale Hansjakobstra\u00dfe \u00fcberfallen<\/strong><br \/>\nWie die Polizei mitteilt, betrat der maskierte T\u00e4ter am Samstag, 21. M\u00e4rz, gegen 21.40 Uhr die Beckesepp-Filiale an der Ecke <a title=\"Littenweiler\" href=\"https:\/\/www.freiburg-schwarzwald.de\/blog\/regio\/freiburg\/littenweiler\/\">Hansjakobstra\u00dfe\/Steyrerstra\u00dfe<\/a> und forderte unter Androhung von Gewalt die Herausgabe von Bargeld. Mit dem erbeuteten Geld fl\u00fcchtete der Mann anschlie\u00dfend zu Fu\u00df, m\u00f6glicherweise in Richtung Steyrerstra\u00dfe. Eine sofort eingeleitete Fahndung blieb ohne Ergebnis. Verletzt wurde niemand.<br \/>\nDer T\u00e4ter wird wie folgt beschrieben: Etwa 20 bis 25 Jahre alt, d\u00fcnn, etwa 1,70 Meter gro\u00df, helle Hautfarbe, dunkle Haare. Er trug eine schwarze Jacke ohne Kapuze und ohne Aufdruck, hatte ein gl\u00e4nzend-schwarzes Stofftuch vor dem Gesicht und trug eine schwarze Sonnenbrille. Der Mann sprach schlechtes Deutsch mit starkem Akzent und war m\u00f6glicherweise arabischer Herkunft.<br \/>\n&#8230; Alles vom 24.3.2020 bitte lesen auf<br \/>\n<a href=\"https:\/\/www.badische-zeitung.de\/unbekannter-ueberfaellt-supermarkt-in-freiburg-waldsee\">https:\/\/www.badische-zeitung.de\/unbekannter-ueberfaellt-supermarkt-in-freiburg-waldsee<\/a><\/p>\n<p>.<br \/>\n<strong>Syrer schlagen pal\u00e4stinensischen Boxmeister in Berlin zusammen<\/strong><br \/>\nWie jeder treue Kunde der Wahrheits- und Qualit\u00e4tsmedien wei\u00df, ist Neuf\u00fcnfland fest in den H\u00e4nden von gewaltt\u00e4tigen Dunkeldeutschen, gerade auch der Norden. In Schwerin ist nun der aus Berlin stammende Boxer Abud Abu Lubdeh von dreien dieser Kerle beschimpft und in eine Schl\u00e4gerei verwickelt worden. Der Halbschwergewichtler pal\u00e4stinensischer Abkunft weilte dort im Rahmen eines Trainingsaufenthaltes.<br \/>\nBerlins Boxpr\u00e4sident Hans-Peter Miesner sagte: &#8222;Abud wollte sich in einer Trainings-Pause auf dem Marienplatz etwas kaufen und trug seine Nationalmannschaftsjacke mit der Aufschrift \u201aDeutschland\u2018. Er wurde von drei Syrern als \u201aSchei\u00df Deutscher\u2018 beleidigt. Es kam zur Pr\u00fcgelei.&#8220;<br \/>\nDas muss man sich mindestens zweimal verabreichen: In einer Weltgegend, in die sich Ausl\u00e4nder angeblich aus Angst vor eingeborenen Fremdenfeinden nicht hineintrauen, wird ein Boxer \u2013 Halbschwergewicht reicht von 75 bis 81 Kilo, die k\u00f6nnen richtig zuhauen \u2013 von drei Schutzflehenden angegriffen, weil er eine Trainingsjacke mit der Aufschrift &#8222;Deutschland&#8220; tr\u00e4gt und als &#8222;Schei\u00df-Deutscher&#8220; beschimpft. Was mag f\u00fcr eine Mentalit\u00e4t dahinterstecken? Ich habe es hier schon mehrfach beschrieben: Es ist die schiere Verachtung. Das Land, das sie aufnimmt und alimentiert, ist f\u00fcr solche Buben ein Beutegebiet, die Bewohner sind Idioten, die sie finanzieren und ihnen alles nachsehen, und Schw\u00e4chlinge, die sich als Aggressionsobjekte anbieten. Zwei der Syrer fl\u00fcchteten, der dritte wurde vorl\u00e4ufig festgenommen. &#8222;Der 20-j\u00e4hrige Mann ist einschl\u00e4gig vorbestraft. Gegen ihn wurde bereits in mehr als 20 Sachverhalten ermittelt.&#8220;<br \/>\nMan muss sich wie immer den umgekehrten Fall vorstellen: Drei Deutsche gehen in irgendeinem arabischen Land auf einen Sportler los, weil der das Nationaltrikot tr\u00e4gt, beschimpfen ihn als Schei\u00df-Syrer, Schei\u00df-Marokkaner oder was auch immer, und einer der drei ist vorher schon 20mal straff\u00e4llig geworden, befindet sich aber dennoch auf freiem Fu\u00df.<br \/>\nGeht nicht? Eben.<br \/>\n&#8230; Alles vom 28.2.2020 bitte lesen auf<br \/>\n<a href=\"https:\/\/michael-klonovsky.de\/acta-diurna\">https:\/\/michael-klonovsky.de\/acta-diurna<\/a><\/p>\n<p>.<\/p>\n<p>.<\/p>\n<p><strong>13-J\u00e4hriger schl\u00e4gt 12-j\u00e4hrigen Jungen beim Strandbad krankenhausreif<\/strong><br \/>\nLaut Polizei war der 12-J\u00e4hrige am 27. Juli gegen 17.30 Uhr mit Gleichaltrigen auf dem Weg ins<a title=\"Strandbad\" href=\"https:\/\/www.freiburg-schwarzwald.de\/blog\/sport\/baeder\/strandbad\/\"> Freiburger Strandbad<\/a>. Im Bereich der <a title=\"Littenweiler-Endhaltestelle\" href=\"https:\/\/www.freiburg-schwarzwald.de\/blog\/regio\/freiburg\/littenweiler\/littenweiler-endhaltestelle\/\">Heinrich-Heine-Stra\u00dfe<\/a>, in der N\u00e4he einer Tankstelle, begegnete die Gruppe einer Vierergruppe mit dem 13-j\u00e4hrigen, mutma\u00dflichen T\u00e4ter. Dieser schlug den 12-J\u00e4hrigen zu Boden. Wegen seiner schweren Verletzungen wird der Junge bis heute, 1. August, im Krankenhaus behandelt. Beamte des Polizeipostens Freiburg-Littenweiler konnten am Dienstag, 30. Juli, die T\u00e4tergruppe ausfindig machen.<br \/>\nZeugenaufruf: Zur Kl\u00e4rung des Vorfalls wendet sich die Polizei an die \u00d6ffentlichkeit. Wer hat den Vorfall beobachtet? Zeugen werden gebeten, sich an den Polizeiposten Freiburg-Z\u00e4hringen zu wenden unter: 0761\/ 120710.<br \/>\n&#8230; Alles vom 1.8.2019 bitte lesen auf<br \/>\n<a href=\"https:\/\/www.presseportal.de\/blaulicht\/pm\/110970\/4338578\">https:\/\/www.presseportal.de\/blaulicht\/pm\/110970\/4338578<\/a> oder<br \/>\n<a href=\"https:\/\/www.badische-zeitung.de\/13-jaehriger-schlaegt-jungen-krankenhausreif\">https:\/\/www.badische-zeitung.de\/13-jaehriger-schlaegt-jungen-krankenhausreif<\/a><br \/>\n.<br \/>\nFragen:<br \/>\n1) Erst 5 Tage (27.7. &#8211; 1.8.2019) nach der Tat wird in den Medien berichtet (Blaulicht, BZ). Warum?<br \/>\n2) Da keine Nationalit\u00e4t genannt wird: Ist gem\u00e4\u00df der <a title=\"Political-Correctness\" href=\"https:\/\/www.freiburg-schwarzwald.de\/blog\/kultur\/medien\/political-correctness\/\">Political Correctness<\/a> der 13-j\u00e4hrige T\u00e4ter ein Migrant und das Opfer ein Deutscher?<br \/>\n3) Angenommen, man h\u00e4tte die Fragen 1) und 2) erst gar nicht aufkommen lassen (wie z.B. in der Schweiz, \u00d6sterreich oder Frankreich \u00fcblich), w\u00e4re dann durch eine solch offene und ehrliche Berichterstattung die einheimische Bev\u00f6lkerung &#8211; allesamt m\u00fcndige B\u00fcrger &#8211; wirklich mehr in Unruhe versetzt worden?<br \/>\n2.8.2019<\/p>\n<p>.<\/p>\n<p><strong>Afrikaner schlagen Mann vor Hauseingang im St\u00fchlinger zusammen<\/strong><br \/>\nNachdem drei M\u00e4nner die Freundin eines 33-j\u00e4hrigen Mannes beleidigten, versuchte dieser die Situation mit zwei Bekannten zu kl\u00e4ren. Nach einem Streit verfolgten die M\u00e4nner ihn und schlugen ihn zusammen.Deren Freund h\u00e4tte daraufhin mit zwei Bekannten den Kontakt zu den Provokateuren gesucht, die ebenfalls weitere Unterst\u00fctzer hatten \u2013 es kam zum Streit. Der 33-j\u00e4hrige Freund und seine Bekannten flohen, die M\u00e4nner rannten hinterher. Als der 33-J\u00e4hrige in einen Hauseingang in der Wentzinger Stra\u00dfe fliehen wollte, wurde er von den drei M\u00e4nnern eingeholt. Diese schlugen, so die Polizei, mit Holzkn\u00fcppeln oder \u00c4sten auf ihn ein. Da zur Beschreibung der Personen nur wenige Erkenntnisse vorl\u00e4gen, sei die Polizei auf Hinweise aus der Bev\u00f6lkerung angewiesen. Die Tatverd\u00e4chtigen s\u00e4hen wie folgt aus: Schwarzafrikanisches Erscheinungsbild, eine Person mit kurzen Dreadlocks. Eine Person f\u00fchrte einen Fu\u00dfball mit sich. Hinweise nimmt die Kriminalpolizei rund um die Uhr unter 0761\/882-5777 entgegen.<br \/>\n30.4.2018, BZ<\/p>\n<p>&nbsp;<\/p>\n<p><strong>Rollstuhlfahrerin von Dunkelh\u00e4utigem in der Stra\u00dfenbahn bel\u00e4stigt\u00a0<\/strong><br \/>\nDie 54-j\u00e4hrige fuhr in der Nacht von Ostersonntag auf Ostermontag mit der Stra\u00dfenbahnlinie 3 von der Haltestelle Stadttheater bis zur Endhaltestelle Munzinger Stra\u00dfe im Freiburger Gewerbegebiet Haid. Ein bislang unbekannter Mann, der der Rollstuhlfahrerin bereits beim Einstieg behilflich war, setzte sich in der Bahn neben sie und machte ihr Komplimente. Beim gemeinsamen Ausstieg an der Haltestelle Munzinger Stra\u00dfe k\u00fcsste er die Frau mehrfach gegen ihren Willen auf die Wange. Kurz darauf stellte sie fest, dass ihr Handy, das sich in ihrer Jackentasche befunden hatte, entwendet worden war.<br \/>\nDer T\u00e4ter wird wie folgt beschrieben: Etwa 20 bis 25 Jahre alt, 1,60 bis 1,70 Meter gro\u00df, schlank, dunkle kurze Haare, dunkelh\u00e4utig, m\u00f6glicherweise, so die Polizei, war er Pakistani. Der Mann trug ein graues Sweatshirt mit schwarzen Streifen, Bluejeans und sprach gebrochen Deutsch.<br \/>\n18.4.2017, Blaulicht, <a href=\"https:\/\/www.presseportal.de\/blaulicht\/pm\/110970\/3614811\">https:\/\/www.presseportal.de\/blaulicht\/pm\/110970\/3614811<\/a><\/p>\n<p>&nbsp;<\/p>\n<p><strong>26-J\u00e4hriger am St\u00fchlinger Kirchplatz beraubt &#8211; schwarze Hautfarbe<\/strong><br \/>\nEin 26-j\u00e4hrige Mann war mit dem Fahrrad am 4.4. um 22.30 Uhr auf dem Heimweg, als ihm auf dem St\u00fchlinger Kirchplatz unter der Stadtbahnbr\u00fccke zwei Unbekannte pl\u00f6tzlich den Weg versperrten. Unter Drohung mit einem Ast wurde er von einem T\u00e4ter auf Englisch zur Herausgabe von Geld und Handy aufgefordert, w\u00e4hrend der zweite R\u00e4uber den Fahrradlenker festhielt. Der Gesch\u00e4digte \u00fcbergab den beiden M\u00e4nnern sein Bargeld in H\u00f6he eines niedrigen zweistelligen Betrags. Der erste T\u00e4ter ist laut Zeugenbeschreibung etwa 1,80 Meter gro\u00df, 25 bis 30 Jahre alt, schwarze Hautfarbe, hat nackenlange schwarze Dreadlocks und eine schlanke Figur.<br \/>\n4.4.2017<br \/>\n.<\/p>\n<p><strong>Handtaschenraub auf dem Dreisamuferweg &#8211; &#8222;dunkle Haut, gekr\u00e4uselte Haare&#8220;<\/strong><br \/>\nEiner 42-J\u00e4hrigen ist am Sonntagabend auf dem Dreisamuferweg die Handtasche geraubt worden. Sie hatte den T\u00e4ter kurz vorher kennengelernt.<br \/>\nWie die Polizei mitteilt, hatten sich T\u00e4ter und Opfer am Sonntag, 12. M\u00e4rz, an einem D\u00f6nerimbiss an der Bertoldstra\u00dfe kennengelernt. Gegen 22.20 Uhr begaben sich die beiden von dort auf den Dreisamuferweg. In H\u00f6he der Schnewlinbr\u00fccke griff der Mann pl\u00f6tzlich nach der Handtasche der 42-J\u00e4hrigen und versuchte, sie ihr zu entrei\u00dfen. Als die Frau die Tasche festhielt, versetzte ihr der T\u00e4ter einen Sto\u00df, der Griff der Tasche riss und der R\u00e4uber konnte sie an sich nehmen und fl\u00fcchten. In der Handtasche befand sich eine Brieftasche mit Inhalt sowie diverse Gegenst\u00e4nde. Der T\u00e4ter wird wie folgt beschrieben: Ende 20 bis Anfang 30 Jahre alt,1,70 bis 1,75 Meter gro\u00df, dunkle Hautfarbe, gekr\u00e4uselte, kurze, dunkle Haare, schlanke, sportliche Figur. Bekleidet war er mit einer beigen Hose, einem hellen Oberteil und Sneakers. Die Kriminalpolizei bittet Personen, die den Sachverhalt beobachtet haben oder Hinweise zum T\u00e4ter geben k\u00f6nnen, sich unter Telefon 0761\/882-5777 zu melden.<br \/>\n13.3.2017, Blaulicht<br \/>\n..<\/p>\n<p><strong>Angriff mit Messer und Glasflasche- &#8222;arabisch&#8220; oder &#8222;t\u00fcrkisch&#8220;<br \/>\n<\/strong>Auf der Stadtbahnbr\u00fccke ist am Mittwochabend ein Streit eskaliert.Zwei M\u00e4nner wurden aus einer Gruppe heraus mit einem Messer und einer Glasflasche angegriffen. Die T\u00e4ter entkamen der Polizei. Wie die Polizei mitteilt, kam es am Mittwoch, 22. Februar, gegen 21 Uhr, auf der Stadtbahnbr\u00fccke in H\u00f6he der Gleise vier und f\u00fcnf zu einer zun\u00e4chst verbalen Auseinandersetzung. Aus einer etwa achtk\u00f6pfigen Personengruppe griffen zwei M\u00e4nner zwei 25-J\u00e4hrige an. Einer der Angreifer setzte angeblich ein Messer, der andere ein Glasflasche als Waffe ein. Die beiden Angegriffenen versuchten zu fliehen und st\u00fcrzten den Abgang zu den Bahngleisen hinunter. Die Angreifer fl\u00fcchteten in Richtung St\u00fchlinger. Trotz sofortiger Verfolgung durch sieben Streifen der Landes- und zwei der Bundespolizei konnten die Fl\u00fcchtenden nicht gestellt werden. Eines der Opfer erlitt leichte Schnittverletzungen am linken Ohr und der linken Wange sowie eine Verletzung am Hinterkopf, das andere trug eine Schwellung an der linken Sch\u00e4delseite davon und klagte \u00fcber Kopfschmerzen und \u00dcbelkeit. Die beiden T\u00e4ter werden auf etwa 18 bis 19 Jahre gesch\u00e4tzt, sie sollen &#8222;arabisch&#8220; oder &#8222;t\u00fcrkisch&#8220;ausgesehen haben.<br \/>\n23.2.2017, Presseportal<br \/>\n<strong>17-J\u00e4hrige um 13 Uhr auf Stadtbahnbr\u00fccke von S\u00fcdl\u00e4nder sexuell bel\u00e4stigt<\/strong><br \/>\nEine 17-J\u00e4hrige ist nach eigenen Angaben am Freitagmittag auf der Stadtbahnbr\u00fccke sexuell bel\u00e4stigt worden. Die Polizei sucht Zeugen Die junge Frau teilte am Freitag Abend dem Polizeirevier Freiburg-S\u00fcd mit, dass sie gegen 13.10 Uhr auf der Br\u00fccke zwischen Innenstadt und St\u00fchlinger Opfer einer sexuellen Bel\u00e4stigung geworden ist. Sie auf der Stadtbahnbr\u00fccke, bei den Abg\u00e4ngen zu den Gleisen 3 und 4, von einem ihr unbekannten Mann in eindeutig sexueller Absicht angefasst worden. Den Mann beschreibt sie wie folgt: 20 bis 30 Jahre alt, 1,75 bis 1,80 Meter gro\u00df, normale Statur, s\u00fcdl\u00e4ndisches oder arabisches Aussehen. Zur Bekleidung konnte sie laut Polizei keine Angaben machen. Zeugen, die auf den Vorfall auf der Stadtbahnbr\u00fccke aufmerksam geworden sind beziehungsweise beobachtet haben, werden gebeten, sich bei der Kriminalpolizei Freiburg unter 0761\/882-5777 zu melden.<br \/>\n15.1.2017, <a href=\"https:\/\/www.presseportal.de\/blaulicht\/nr\/110970\">https:\/\/www.presseportal.de\/blaulicht\/nr\/110970<\/a><br \/>\n<strong>Fu\u00dfg\u00e4nger mit Waffe bedroht und beraubt von zwei s\u00fcdl\u00e4ndisch Aussehenden<\/strong><br \/>\nIn der Nacht auf Heiligabend (24.12.2016), kurz nach 02.00 Uhr, meldete ein 47-j\u00e4hriger Mann, dass er kurz zuvor im Bereich der Bauh\u00f6ferstra\u00dfe\/Carl-Kistner-Stra\u00dfe als Passant von zwei unbekannten M\u00e4nnern unter Vorhalt einer Schusswaffe beraubt worden sei. Die beiden jungen M\u00e4nner h\u00e4tten ihn zun\u00e4chst in H\u00f6he der Kleiststra\u00dfe nach Zigaretten und Bargeld gefragt. Nachdem er beides verweigert habe und weitergegangen sei, habe er pl\u00f6tzlich einen Schlag von hinten auf den Kopf bekommen und sei von einem der T\u00e4ter mit einer Schusswaffe bedroht worden. Daraufhin habe er einen 20-Euro-Schein ausgeh\u00e4ndigt, worauf beide Unbekannte zu Fu\u00df in Richtung Kleiststra\u00dfe gefl\u00fcchtet seien. Die beiden Tatverd\u00e4chtigen werden wie folgt beschrieben: T\u00e4ter 1: Ca. 16 bis18 Jahre alt, ca. 175 cm gro\u00df, kr\u00e4ftige Statur, dunkle, kurze und lockige Haare, Oberlippenbart (Flaum), s\u00fcdl\u00e4ndisches Aussehen. Er sprach deutsch mit leichtem Akzent und war bekleidet mit einer beigefarbenen Winterjacke mit Kapuze und dunkler Hose. Er f\u00fchrte eine silberne Schusswaffe bei sich.<br \/>\nT\u00e4ter 2: Ebenfalls ca. 16 bis 18 Jahre alt, etwa 180 cm gro\u00df, schlanke Statur, dunkle, kurze und wellige Haare, Oberlippenbart (Flaum), s\u00fcdl\u00e4ndisches Aussehen. Er sprach ebenfalls deutsch mit leichtem Akzent und war bekleidet mit einer dunklen Winterjacke mit Kapuze und dunkler Hose.<br \/>\n27.12.2016, https:\/\/www.presseportal.de\/blaulicht\/nr\/110970<\/p>\n<p><strong>Junge Araber \u00fcberfallen 24-J\u00e4hrigen in der Weihnachtsnacht<\/strong><br \/>\nEin 24-j\u00e4hriger Mann befand sich nach eigenen Angaben gegen 4:30 Uhr nach einem Lokalbesuch in der Schiffstra\u00dfe zu Fu\u00df in Richtung Bahnhof. In der Rosastra\u00dfe traf er auf eine Personengruppe, von welcher er angegriffen und niedergeschlagen wurde. Im Anschluss daran entwendeten die unbekannten T\u00e4ter dessen Handy der Marke Samsung sowie dessen Geldbeutel. Der Gesch\u00e4digte wurde den Vorfall verletzt und in ein Freiburger Krankenhaus eingeliefert. Bei den T\u00e4tern soll es sich um sechs bis sieben m\u00e4nnliche Personen im Alter zwischen 25 und 30 Jahren handeln. Sie wurden als s\u00fcdl\u00e4ndisch, arabisch aussehend beschrieben.<br \/>\n25.12.2016, https:\/\/www.presseportal.de\/blaulicht\/pm\/110970\/3520792<\/p>\n<p><strong>Junge Frau sexuell bel\u00e4stigt<\/strong><br \/>\nWie die Polizei mitteilt, wurde die 17-J\u00e4hrige am Freitag, 23. Dezember, um 23.20 Uhr auf dem Weg von der Stadtbahnbr\u00fccke zum Hauptbahnhof (Gleis 6) von drei bisher unbekannten, s\u00fcdl\u00e4ndisch aussehenden M\u00e4nnern festgehalten und anschlie\u00dfend im Brust- und Genitalbereich angefasst. Das Bundespolizeirevier Freiburg hat die Ermittlungen aufgenommen und bittet Zeugen, die sachdienliche Hinweise zum Vorfall geben k\u00f6nnen, sich unter der kostenfreien Hotline der Bundespolizei zu melden.<\/p>\n<p><strong>Zwei &#8222;s\u00fcdl\u00e4ndische Tpen&#8220; \u00fcberfallen 23-J\u00e4hrigen am Weihnachtsmorgen<\/strong><br \/>\nDer 23-j\u00e4hrige Mann ist nach einer Feier unterwegs nach Hause im Stadtteil Weingartengewesen. Er fuhr am fr\u00fchen Morgen des ersten Weihnachtsfeiertages mit der Stra\u00dfenbahn zur Bugginger Stra\u00dfe und ging zwischen den Geb\u00e4uden 48 und 50 hindurch. Als er gegen 6.15 Uhr auf dem Fu\u00dfweg hinter dem Spielplatz beim evangelischen Kinderhaus entlang ging, wurde er pl\u00f6tzlich von hinten angegriffen.Die T\u00e4ter zerrten ihn zu Boden und spr\u00fchten Pfefferspray auf ihn, berichtet die Polizei am Dienstag. Die beiden Unbekannten raubten dem 23-J\u00e4hrigen Geldbeutel und Handy und fl\u00fcchteten. Der junge Mann ging nach Hause, von wo aus die Polizei verst\u00e4ndigt wurde. Die Fahndung verlief ergebnislos. Die Polizei sucht nach zwei M\u00e4nnern. Der eine soll 1,75 Meter gro\u00df, etwa 20 Jahre alt, kr\u00e4ftig und laut Polizei ein &#8222;s\u00fcdl\u00e4ndischer Typ&#8220; mit dunklen Haaren sein. Der Mitt\u00e4ter soll etwa 1,80 Meter gro\u00df, im gleichen Alter, schlank, dunkelblond sein. Beide hatten dunkle Kleidung an.<br \/>\n&#8230; Mehr vom 26.12.2016 auf<br \/>\n<a href=\"https:\/\/www.badische-zeitung.de\/freiburg\/rohe-weihnachten-ueberfall-bei-kita-in-freiburg-weingarten\">https:\/\/www.badische-zeitung.de\/freiburg\/rohe-weihnachten-ueberfall-bei-kita-in-freiburg-weingarten<\/a><\/p>\n<p>&nbsp;<\/p>\n<p>&nbsp;<\/p>\n<p><strong>18j\u00e4hriger Afghane verletzt andere Afghanen mit dem Messer schwer<\/strong><br \/>\nVier Asylbewerber aus Afghanistan, die zwischen 17 und 19 Jahre alt sind, gerieten gegen 22 Uhr in Streit. Wie die Polizei berichtet, zog einer von ihnen ein Messer und attackierte seine drei Bekannten. Der 18-j\u00e4hrige Tatverd\u00e4chtige fl\u00fcchtete nach der Tat in Richtung Stadtmitte. Mittlerweile hat sich der Mann der Polizei gestellt, wie die Polizei am Freitagabend bekanntgab. Durch die Schnitte und Stiche wurden die jungen M\u00e4nner zum Teil schwer verletzt und mussten medizinisch versorgt werden. Zwei von ihnen mussten noch in der Nacht notoperiert werden, wobei sich ein 19-J\u00e4hriger noch in einem kritischen Zustand befindet, so die Polizei. &#8230;. Alles vom 4.11.2016 bitte lesen auf<br \/>\n<a href=\"https:\/\/www.badische-zeitung.de\/freiburg\/18-jaehriger-stellt-sich-nach-messerattacke-der-polizei\">https:\/\/www.badische-zeitung.de\/freiburg\/18-jaehriger-stellt-sich-nach-messerattacke-der-polizei<\/a><\/p>\n<p>&nbsp;<\/p>\n<p><strong>Zwei &#8222;T\u00fcrkisch-Arabisch&#8220; \u00fcberfallen schlafenden Obdachlosen beim Extrablatt<\/strong><br \/>\nWie die Polizei mitteilte, wurde der 32-J\u00e4hrige am Mittwoch, 2.11., gegen 13.45 Uhr am Dreisamuferweg in H\u00f6he Caf\u00e9 Extrablatt von zwei m\u00e4nnlichen Personen \u00fcberfallen. Ohne Vorwarnung schlugen die T\u00e4ter auf den schlafenden Mann ein und raubten Handy und Bargeld. Der Obdachlose hatte sich dort zum Schlafen auf eine Bank gelegt. &#8230;.. Er musste in die Universit\u00e4tsklinik Freiburg gebracht werden. Die Polizei sucht nun zwei T\u00e4ter, die sie wie folgt beschreibt: 30 bis 35 Jahre alt, 1,70 bis 1,75 Meter gro\u00df und, schlank und t\u00fcrkisch-arabisches Erscheinungsbild. &#8230;. Alles vom 3.11.2016 auf<br \/>\n<a href=\"https:\/\/www.badische-zeitung.de\/freiburg\/zwei-maenner-attackieren-obdachlosen-an-der-dreisam\">https:\/\/www.badische-zeitung.de\/freiburg\/zwei-maenner-attackieren-obdachlosen-an-der-dreisam<\/a> oder<br \/>\n<a href=\"https:\/\/www.presseportal.de\/blaulicht\/pm\/110970\/3473183\">https:\/\/www.presseportal.de\/blaulicht\/pm\/110970\/3473183<\/a><br \/>\n.<\/p>\n<p><strong>Drei &#8222;s\u00fcdl\u00e4ndisch Aussehende&#8220; berauben 30-j\u00e4hrigen auf Party<\/strong><br \/>\nDer Vorfall ereignete sich am fr\u00fchen Sonntagmorgen gegen 4.30 Uhr, wie die Polizei meldet. Als der 30-J\u00e4hrige bemerkte, dass sein Pullover fehlt, sprach er drei ihm unbekannte M\u00e4nner an. Die lockten ihn laut Polizei ein St\u00fcck weg, gingen ihn an und entwendeten seinen Geldbeutel. Dabei wurde der Mann leicht verletzt. Die T\u00e4ter fl\u00fcchteten in Richtung Stefan-Meier-Stra\u00dfe. Die T\u00e4ter werden wie folgt beschrieben:<br \/>\nT\u00e4ter 1: m\u00e4nnlich, zwischen 19 und 25 Jahre alt, circa 1,75 Meter gro\u00df, &#8222;t\u00fcrkisches&#8220; Aussehen, sportliche Figur, nach hinten gegeltes, schwarzes Haar. Er trug eine dunkle Jacke und helle Jeans.<br \/>\nT\u00e4ter 2: m\u00e4nnlich, zwischen 19 und 25 Jahre, circa 1,70 Meter gro\u00df, &#8222;t\u00fcrkisches&#8220; Aussehen, dunkles, kurzes Haar, schmale Statur; blaurote Jacke der Marke Adidas.<br \/>\nT\u00e4ter 3: m\u00e4nnlich, ebenfalls zwischen 19 und 25 Jahre alt, circa 1,65 Meter gro\u00df, s\u00fcdl\u00e4ndisches Aussehen, pummelige Statur, &#8222;bubihaftes&#8220; Gesicht.<br \/>\nMehr vom 31.10.2016 auf<br \/>\n<a href=\"https:\/\/www.badische-zeitung.de\/freiburg\/mann-wird-auf-party-beraubt-polizei-sucht-zeugen\">https:\/\/www.badische-zeitung.de\/freiburg\/mann-wird-auf-party-beraubt-polizei-sucht-zeugen<\/a><\/p>\n<p>&nbsp;<\/p>\n<p><strong>51-J\u00e4hriger stirbt nach Schl\u00e4gerei mit S\u00fcdl\u00e4ndern an Johanneskirche<\/strong><br \/>\nEin 51-J\u00e4hriger klagt nach einer Auseinandersetzung an der Johanneskirche \u00fcber Schmerzen im Oberk\u00f6rper. Kurz darauf ist er tot. &#8230;. Drei M\u00e4nner sollen etwa 30 Jahre alt gewesen sein, ein weiterer Mann soll Anfang bis Mitte 50 und leicht untersetzt gewesen sein. Einer der drei J\u00fcngeren sei auffallend schlank und gro\u00df gewesen. Zudem soll es sich um s\u00fcdl\u00e4ndisch aussehende Personen gehandelt haben. Alles vom 20.10.016 auf<br \/>\n<a href=\"https:\/\/www.badische-zeitung.de\/51-jaehriger-stirbt-nach-schlaegerei-an-der-johanneskirche\">https:\/\/www.badische-zeitung.de\/51-jaehriger-stirbt-nach-schlaegerei-an-der-johanneskirche<\/a><br \/>\n.<br \/>\n<strong>Junge Kurden verpr\u00fcgeln 17j\u00e4hrigen Syrer im Zug<\/strong><br \/>\nDer 17-j\u00e4hrige Syrer wollte am Dienstag, 18. Oktober, um 22.35 Uhr mit der Regionalbahn in Richtung M\u00fcllheim fahren, als er von einer etwa zehnk\u00f6pfigen Gruppe von Jugendlichen massiv angegangen wurde. Wie die Bundespolizei erkl\u00e4rt, wurden drei junge M\u00e4nner aus der Gruppe grundlos t\u00e4tlich und schlugen das Opfer unter anderem gegen den Kopf. Auch ein Messer soll im Spiel gewesen sein. Der 17-J\u00e4hrige erlitt offene Kopfverletzungen und einen Nasenbeinbruch. Zwei andere Jugendliche brachten ihn zum Polizeirevier, wo er vom Rettungsdienst \u00e4rztlich versorgt wurde. Bei den T\u00e4tern handelt es sich, wie die Polizei vermutet, um jugendliche Kurden.<br \/>\n19.10.2016<br \/>\n.<br \/>\n<strong>&#8222;Arabisches&#8220; Erscheinungsbild \u00fcberf\u00e4llt Studentin im St\u00fchlinger<\/strong><br \/>\nWie die Polizei mitteilt, war die 21-J\u00e4hrige in der Nacht zum Mittwoch 19.10.2016 gegen 2.40 Uhr im Stadtteil St\u00fchlinger auf dem Heimweg aus der Freiburger Innenstadt. Kurz vor Ihrer Wohnung wurde sie von einem bislang unbekannten Mann hinterr\u00fccks und sehr massiv k\u00f6rperlich angegangen. Der Angreifer forderte die Herausgabe ihres Handys. Die junge Frau verweigerte das und wehrte sich. Schlie\u00dflich brachte sie den T\u00e4ter dazu, von ihr abzulassen. Der Mann entkam. Der T\u00e4ter wird wie folgt beschrieben: 1,60 Meter gro\u00df, &#8222;arabisches&#8220; Erscheinungsbild, schlanke Statur, etwa drei Zentimeter lange, dunkle Haare und unauff\u00e4llig gekleidet. &#8230;<br \/>\n<a href=\"https:\/\/www.badische-zeitung.de\/freiburg\/raubueberfall-im-stuehlinger-21-jaehrige-wehrt-sich-erfolgreich\">https:\/\/www.badische-zeitung.de\/freiburg\/raubueberfall-im-stuehlinger-21-jaehrige-wehrt-sich-erfolgreich<\/a><\/p>\n<p>&nbsp;<\/p>\n<p><strong>Sexuelle Bel\u00e4stigung durch Syrer am hellichten Tag in der KaJo<\/strong><br \/>\nAm vergangenen Donnerstagnachmittag, gegen 16.30 Uhr, beobachtete ein Zeuge in der Kaiser-Joseph-Strasse einen zun\u00e4chst unbekannten Mann, der hinter zwei M\u00e4dchen herlief und ihnen gegen deren Willen an den Po griff. Der Zeuge verst\u00e4ndigte daraufhin die Polizei, worauf der Mann ermittelt werden konnte. Es handelt sich um einen 33-j\u00e4hrigen Syrer.<br \/>\nFreiburger Wochenbericht vom 14.9.2016, S. 5<br \/>\n.<\/p>\n<p><strong>Sehbehinderte Frau von dunkelh\u00e4utiger Frau\u00a0niedergeschlagen<\/strong><br \/>\nEine sehbehinderte 79-J\u00e4hrige ist am Montagmorgen an der Haltestelle Rennweg zu Boden geschlagen worden. Die Polizei sucht eine korpulente, dunkelh\u00e4utige Frau. Die 79-J\u00e4hrige ging am Montag, 5. September, gegen 8.35 Uhr auf dem Fu\u00dfweg zur Stra\u00dfenbahnhaltestelle Rennweg im Freiburger Stadtteil Br\u00fchl. Sie hatte zwar ihren Blindenstock dabei, stie\u00df aber dennoch aufgrund ihrer Behinderung mit einem Kind zusammen, das an der Hand seiner Mutter lief. Nach Angaben der Sehbehinderten entschuldigte sich diese Frau und ging weiter in Richtung der Haltestelle. W\u00e4hrend sie wartete wurde die 79-J\u00e4hrige, so die Polizei, von einer Frau von hinten angegriffen und geschlagen. Die 79-J\u00e4hrige ging durch den Angriff zu Boden und zog sich nicht unerhebliche Verletzungen zu. Die Angreiferin bestieg anschlie\u00dfend die Stra\u00dfenbahn und fuhr davon. Eine Passantin half der verletzten Dame und brachte sie in eine nahegelegene Arztpraxis, von wo aus sie die Polizei informierte. Warum die Dame angegriffen wurde ist bislang nicht bekannt.<br \/>\nDie Tatverd\u00e4chtige wird wie folgt beschrieben: Dunkelh\u00e4utig und korpulent. Mit ihr unterwegs d\u00fcrfte ein Kind im Alter von 2 bis 3 Jahren gewesen sein, welches einen rosafarbenen Mantel trug. &#8230;.<br \/>\nAlles vom 5.9.2016 auf<br \/>\n<a href=\"https:\/\/www.badische-zeitung.de\/freiburg\/sehbehinderte-frau-an-der-haltestelle-niedergeschlagen\">https:\/\/www.badische-zeitung.de\/freiburg\/sehbehinderte-frau-an-der-haltestelle-niedergeschlagen<\/a><\/p>\n<p><strong>Belohnung ausgesetzt f\u00fcr die Suche nach pr\u00fcgelnder Mutter<\/strong><br \/>\nIm Fall der sehbehinderten Seniorin, die am Montag brutal niedergeschlagen worden war, gibt es weitere Beschreibungen der T\u00e4terin. Und 1000 Euro Belohnung f\u00fcr Hinweise, die zu ihrer Feststellung f\u00fchren. Die 79-j\u00e4hrige, fast blinde Frau, die am Montagmorgen von einer Unbekannten attackiert worden war (die BZ berichtete gestern), hat einen Oberschenkelhalsbruch und einen Bruch des Ellenbogens erlitten. Ihr in Hamburg lebender Schwager hat nun eine Belohnung in H\u00f6he von 1000 Euro ausgelobt f\u00fcr Hinweise, die zur Feststellung der korpulenten T\u00e4terin mit dunklem Teint f\u00fchren. Zu ihr liegen inzwischen weitere Zeugenbeschreibungen vor, wie die Polizei am Dienstag mitteilte. Danach ist sie zwischen 28 und 35 Jahre alt und etwa 1,70 Meter gro\u00df. Sie trug wei\u00dfe Sportschuhe, eine Bluejeans mit L\u00f6chern in Knieh\u00f6he, ein rosa T-Shirt und einen dunklen Blouson mit Armteilen bis zum Ellbogen. Sie war unterwegs mit einem etwa zwei bis drei Jahre alten Kind, das einen rosafarbenen Mantel anhatte.<br \/>\n7.9.2016<br \/>\n.<br \/>\nIm Fall der 79-j\u00e4hrigen sehbehinderten Fraum die am Montag an einer Strassenbahnhaltestelle niedergepr\u00fcgelt wurde, konnte die Polizei eine 24-j\u00e4hrige als T\u00e4terin ausmachen. die Frau ist der Polizei bereits wegen K\u00f6rperverletzungsdelikten bekannt. In der T\u00e4terbeschreibung wurde nach einer &#8222;dunkelh\u00e4utigen und korpulenten Frau &#8220; gesucht. Die Beschreibung traf laut Polizei zu.<br \/>\nBZ vom 8.9.2016<br \/>\n.<br \/>\n<em>Schlimm, was soll man dazu sagen:<br \/>\nMit der Pressemeldung, sie Tat wurde von einer Freiburgerin ver\u00fcbt, wurden alle Freiburgerinnen unter <a title=\"Generalverdacht\" href=\"https:\/\/www.freiburg-schwarzwald.de\/blog\/generalverdacht\/\">Generalverdacht<\/a> gestellt.\u00a0<\/em><br \/>\n<em>Auf der einen Seite liegt eine blinde 79-j\u00e4hrige Freiburgerin mit Oberschenkelhalsbruch und Ellenbogenbruch im Krankenhaus. Was f\u00fcr ein gro\u00dfes Leid!<\/em><br \/>\n<em>Auf der anderen Seite wird \u00a0eine\u00a0\u00a024-j\u00e4hrige dunkelh\u00e4utige und korpulente Frau f\u00fcr diese brutale Tat keine Strafe erhalten. Warum? a) Da sie Migrantin aus Afrika ist. b) Da sie vielleicht sagt, sie habe nicht gewu\u00dft, was ein Blindenstock ist? c) &#8230;. Wir haben eine <a title=\"Paralleljustiz\" href=\"https:\/\/www.freiburg-schwarzwald.de\/blog\/selbsthilfe\/soziales\/justiz\/paralleljustiz\/\">Paralleljustiz!<\/a><\/em><br \/>\n<em>9.9.2016<\/em><\/p>\n<p><a href=\"https:\/\/www.welt.de\/politik\/deutschland\/article150984349\/Fluechtling-tritt-Frau-ins-Gesicht-Jochbeinbruch.html\">https:\/\/www.welt.de\/politik\/deutschland\/article150984349\/Fluechtling-tritt-Frau-ins-Gesicht-Jochbeinbruch.html<\/a><\/p>\n<p>&nbsp;<\/p>\n<p><strong>18-j\u00e4hriger Afghane \u00fcberf\u00e4llt drei Frauen in Emmendingen<\/strong><br \/>\nDie Taten hatten Aufsehen erregt in der Stadt. Binnen f\u00fcnf Tagen \u2013 am 27., am 29. und am 31. M\u00e4rz \u2013 waren drei Frauen in der Gartenstra\u00dfe und in Bahnhofsn\u00e4he \u00fcberfallen worden. Die Tatzeiten lagen jeweils zwischen 22 und 22.30 Uhr&#8230;.. Alles vom 25.5.2016 auf<br \/>\n<a href=\"https:\/\/www.badische-zeitung.de\/drei-ueberfaelle-auf-frauen-polizei-nimmt-verdaechtigen-fest\">https:\/\/www.badische-zeitung.de\/drei-ueberfaelle-auf-frauen-polizei-nimmt-verdaechtigen-fest<\/a><\/p>\n<p>&nbsp;<\/p>\n<p><strong>Arabische R\u00e4uber werden eingedeutscht<\/strong><br \/>\nTrotz K\u00f6ln regiert die Presse weiterhin die Political Correctness. So verlieren R\u00e4uber in Freiburgs Strassen sogar ihr &#8222;arabisches Aussehen&#8220; &#8211; nicht bei der Polizei. sondern bei der BZ:<br \/>\n<a href=\"https:\/\/www.presseportal.de\/blaulicht\/pm\/110970\/3320963\">https:\/\/www.presseportal.de\/blaulicht\/pm\/110970\/3320963<\/a><br \/>\nvs.<br \/>\n<a href=\"https:\/\/www.badische-zeitung.de\/freiburg\/mit-messer-schwarz-bekleidetes-trio-ueberfaellt-21-jaehrige\">https:\/\/www.badische-zeitung.de\/freiburg\/mit-messer-schwarz-bekleidetes-trio-ueberfaellt-21-jaehrige<br \/>\n<\/a>\u00a0 \u00a0.<br \/>\nRaub auf Stra\u00dfe &#8211; T\u00e4ter halten Messer vor und erbeuten Bargeld &#8211; drei T\u00e4ter &#8211; Zeugenaufruf<br \/>\nFreiburg &#8211; Stadtteil: Landwasser. Die 21-j\u00e4hrige Gesch\u00e4digte kommt am 05.05.2016 gegen 02 Uhr mit dem Fahrrad nach Hause an ein Wohnhaus in der Auwaldstra\u00dfe in Freiburg. Vor dem Anwesen schlie\u00dft sie ihr Fahrrad ab, als drei maskierte M\u00e4nner an sie heran treten. Ein T\u00e4ter bedroht sie mit einem Messer und fordert die Herausgabe von Bargeld und Mobiltelefon. Die GS gibt 2 x 20,-EUR heraus. Ein T\u00e4ter gibt ihr danach noch einen leichten Sto\u00df. Alle drei T\u00e4ter fl\u00fcchten zu Fu\u00df in Richtung des Einkaufzentrums in der Auwaldstra\u00dfe. Am Abend des 06.05.2016 entschlie\u00dft sie sich zur Anzeigenerstattung bei der Kriminalpolizei in Freiburg. Die drei T\u00e4ter k\u00f6nnen von der Gesch\u00e4digten wie folgt beschrieben werden:<br \/>\nT\u00e4ter 1: ca. 180-185cm, schlanke Statur, ca. 20 Jahre alt, arabisches Aussehen, sprach gebrochen Deutsch; Zur Tatzeit bekleidet mit schwarzem Kapuzenpulli mit Fronttaschen, schwarzer Hose, Turnschuhe schwarz mit wei\u00dfem Markenzeichen der Marke &#8222;Nike&#8220;, maskiert mit schwarzem Schal; Dieser drohte mit einem Messer mit silberfarbener Klinge, Klingenl\u00e4ge ca. 15cm.<br \/>\nT\u00e4ter 2: ca. 180-185cm, kr\u00e4ftige Statur, ca. 20 Jahre alt, arabisches Aussehen, Zur Tatzeit komplett schwarz bekleidet, u.a. mit einem Kapuzenpulli, maskiert mit schwarzem Schal.<br \/>\nT\u00e4ter 3: ca. 180-185cm, kr\u00e4ftige Statur, ca. 20 Jahre alt, arabisches Aussehen, Zur Tatzeit komplett schwarz bekleidet, u.a. mit einem Kapuzenpulli, maskiert mit schwarzem Schal.<br \/>\nDie Kriminalpolizei Freiburg (Tel.: 0761 882-5777) f\u00fchrt die weiteren Ermittlungen &#8230;.<br \/>\n<a href=\"https:\/\/www.presseportal.de\/blaulicht\/pm\/110970\/3320963\">https:\/\/www.presseportal.de\/blaulicht\/pm\/110970\/3320963<\/a><\/p>\n<p>&nbsp;<\/p>\n<p><strong>91-J\u00e4hrige im Hauseingang \u00fcberfallen \u2013 Geldbeutel weg<\/strong><br \/>\nDie Polizei bittet um Hinweise. Der T\u00e4ter dr\u00e4ngte die 91-J\u00e4hrige gegen 11.30 Uhr in einen Hauseingang an der Habsburger Stra\u00dfe im Freiburger Stadtteil Neuburg. Dort hielt er die Frau fest und stahl ihre Brieftasche. Die Seniorin rief laut um Hilfe, dadurch wurde eine 45-j\u00e4hrige Passantin auf das Geschehen aufmerksam und eilte der \u00dcberfallenen zu Hilfe. Der T\u00e4ter floh Richtung Innenstadt. Der Mann wird wie folgt beschrieben: Etwa 1,80 bis 1,85 Meter gro\u00df, schlank, <a title=\"Maghreb\" href=\"https:\/\/www.freiburg-schwarzwald.de\/blog\/global\/maghreb\/\">&#8222;arabisches&#8220; Aussehen<\/a>. Der Mann hatte kurze, schwarze Haare und braune Augen. Die obere Zahnreihe war l\u00fcckenhaft. Er sprach Deutsch mit Akzent. &#8230;.<br \/>\n23.3.2016, <a title=\"Polizei\" href=\"https:\/\/www.freiburg-schwarzwald.de\/blog\/selbsthilfe\/soziales\/justiz\/polizei\/\">Presseportal<\/a><\/p>\n<p><strong>Das Sicherheitsgef\u00fchl in Freiburg ist mir abhanden gekommen<br \/>\n<\/strong>Angeblich zeigen kriminologische Studien, dass sich das pers\u00f6nliche Empfinden selten mit der tats\u00e4chlichen Sicherheitslage deckt. Am 13. Januar wurde um 9 Uhr morgens eine Frau in der L\u00f6rracher Stra\u00dfe von drei M\u00e4nnern \u00fcberfallen und beraubt. Am Tag zuvor las ich, dass am 8. Januar, um 21.25 Uhr im Stadtteil Mooswald, ein Mann von zwei Unbekannten \u00fcberfallen und beraubt worden ist. Am 14. Januar dann die Nachricht, dass am 12. Januar, an der Haltestelle Rohrgraben um 20 Uhr drei M\u00e4nner eine junge Frau und einen jungen Mann \u00fcberfallen und beraubt haben. Bei allen \u00dcberf\u00e4llen bedrohten die T\u00e4ter die Opfer mit Waffen. Dies ist nur ein \u00dcberblick \u00fcber die Ereignisse innerhalb einer Woche.<br \/>\nB\u00fcrgermeister Ulrich von Kirchbach jedenfalls versp\u00fcrt keine Angst, wenn er nachts durch Freiburgs Stra\u00dfen l\u00e4uft. Ich inzwischen schon. W\u00e4hrend ich mich bis vor wenigen Monaten noch einigerma\u00dfen sicher f\u00fchlte und munter, wenn auch aufmerksam, auch n\u00e4chtens zu Fu\u00df oder Fahrrad unterwegs war, mit einem meines Erachtens guten Gesp\u00fcr f\u00fcr sichere und unsichere Pl\u00e4tze und Situationen, ist mir dieses Sicherheitsgef\u00fchl inzwischen abhanden gekommen. Rein subjektives Empfinden? Ich denke nicht, denn Meldungen wie oben h\u00e4ufen sich.<br \/>\nIch erwarte von den Verantwortlichen aus Politik und Polizei, dass sie die Sicherheit ihrer B\u00fcrger nicht nur subjektiv, sondern auch objektiv (wieder)herstellen und die berechtigten \u00c4ngste und Sorgen ernst nehmen und nicht als &#8222;subjektives Empfinden&#8220; ins L\u00e4cherliche ziehen.<br \/>\nEinen Supergau wie in der Silvesternacht in K\u00f6ln hat es hier noch nicht gegeben. Aber es w\u00e4re doch gut zu wissen, dass die zust\u00e4ndigen Personen nicht nur in K\u00f6ln, sondern auch hier inzwischen den Ernst der Lage begriffen h\u00e4tten und ich mich als B\u00fcrgerin dieser Stadt darauf verlassen k\u00f6nnte, dass alles getan wird, um die Sicherheit und Unversehrtheit ihrer B\u00fcrger aufrechtzuerhalten und zu sch\u00fctzen. Dies ist meines Erachtens momentan nicht der Fall.<br \/>\n13.2.2016, Elisabeth Burkard, Freiburg<br \/>\nZu &#8222;Eine Stelle &#8230;&#8220; vom 13.1.2016<br \/>\n<a href=\"https:\/\/www.badische-zeitung.de\/freiburg\/stadt-schafft-eine-stelle-fuer-mehr-sicherheit--116110700.html\">https:\/\/www.badische-zeitung.de\/freiburg\/stadt-schafft-eine-stelle-fuer-mehr-sicherheit&#8211;116110700.html<\/a><\/p>\n<p>.<\/p>\n<div class=\"entryContent\">\n<p><strong>Straftaten von Fl\u00fcchtlingen eines Tages im Polizeipresseportal<\/strong><br \/>\nDer Blog sichtplatz.de hat die Polizeimeldungen eines Tages im Presseportal\u00a0<a href=\"https:\/\/www.presseportal.de\/blaulicht\/\" target=\"_blank\" rel=\"noopener noreferrer\">https:\/\/www.presseportal.de\/blaulicht\/<\/a> ausgewertet. sichtplatz.de schreibt dazu:<br \/>\n<em>\u201cNichts soll mehr verharmlost oder verschwiegen werden. Das Bild von einer Million ehrlicher Schutzsuchender, deren Ruf nicht beschmutzt werden sollte, indem man die Tatsache erw\u00e4hnte, dass auch Asylbewerber Straftaten begehen, ist ohnehin seit der <a title=\"Koeln-Silvester2015\" href=\"https:\/\/www.freiburg-schwarzwald.de\/blog\/global\/integration\/koeln-silvester2015\/\">K\u00f6lner Silvesternacht <\/a>niemandem mehr vermittelbar. Jetzt sollen realistische Bilder gezeichnet werden. <strong>Der Innenminister verspricht, k\u00fcnftig die Straftaten, die von oder an \u201eFl\u00fcchtlingen\u201c begangen werden, gesondert zu erfassen<\/strong>. Was k\u00f6nnte dabei herauskommen? Wir haben einmal in die Polizeipressemeldungen der letzten 24 Stunden geschaut und das Folgende gefunden. &#8230;<br \/>\n<\/em><a href=\"https:\/\/sichtplatz.de\/?p=5100\">https:\/\/sichtplatz.de\/?p=5100<br \/>\n<\/a><em>Die weitgehend kommentarlose Dokumentation soll \u2013 das sei deutlich gesagt \u2013 keine Argumente f\u00fcr einen Pauschalverdacht gegen Asylbewerber oder Ausl\u00e4nder liefern. Sie zeigt allenfalls, dass undifferenzierte und unkontrollierte Aufnahme jedes Menschen, der einen Asylantrag stellen will, \u00a0f\u00fcr Kriminelle \u00e4u\u00dferst einladend ist. Wo sonst in der Welt kann man sich so leicht eine Identit\u00e4t neu erfinden und im Ernstfall auch nur eine eher zur\u00fcckhaltende Strafverfolgung f\u00fcrchten? Wer daran nichts \u00e4ndert, der l\u00e4dt eben auch die falschen Zuwanderer ein. An dieser Feststellung ist nichts rassistisch oder fremdenfeindlich, denn die ersten Opfer der importierten Kriminellen sind meist die Fl\u00fcchtlinge, die mit ihnen die Unterkunft teilen m\u00fcssen.<br \/>\n<\/em>22.1.2016,\u00a0<a href=\"https:\/\/sichtplatz.de\/?p=5100\">https:\/\/sichtplatz.de\/?p=5100<\/a><em><br \/>\n<\/em><\/p>\n<\/div>\n<p>&nbsp;<\/p>\n<p><strong>Antanz-Kriminalit\u00e4t von Fl\u00fcchtlingen aus Nordafrika<\/strong><br \/>\n&#8222;Antanz&#8220;-Banden agieren immer aggressiver Sexuelle \u00dcbergriffe sind die neue Eskalationsstufe eines alten kriminellen Tricks: Diebstahl durch unfreiwilligen K\u00f6rperkontakt.<br \/>\n<a href=\"https:\/\/www.welt.de\/politik\/deutschland\/article150698990\/Antanz-Banden-agieren-immer-aggressiver.html\">https:\/\/www.welt.de\/politik\/deutschland\/article150698990\/Antanz-Banden-agieren-immer-aggressiver.html<\/a><br \/>\n.<br \/>\n<strong>Antanz-Kriminalit\u00e4t von jugendlichen Migranten<\/strong><br \/>\n&#8222;Die rund 50 Jugendlichen aus Marokko und Algerien leben als minderj\u00e4hrige, unbegleitete Fl\u00fcchtlinge in einer Asylunterkunft in Bremen und gehen insbesondere rund um den Hauptbahnhof regelm\u00e4\u00dfig auf Beutezug. &#8222;Sie haben zwischen 11 und 54 Straftaten innerhalb eines Jahres begangen&#8220;, sagte Jens K\u00f6rber, stellvertretender Leiter der Schutzpolizei Bremen. &#8222;Pro Person.&#8220; Einer der am h\u00e4ufigsten straff\u00e4llig gewordenen Ant\u00e4nzer in der Hansestadt ist ein gerade einmal 15 Jahre alter Nordafrikaner.&#8220; Wenn man diese Minderj\u00e4hrige dann abschieben will (was absolut gerechtfertigt ist), wird uns von Organisationen wie ProAsyl mit dem Verweis auf die Menschenw\u00fcrde usw. ein schlechtes Gewissen eingeredet mit der Konsequenz der Duldung. F\u00fcr mich wird es das Argument &#8222;minderj\u00e4hrig&#8220; nicht mehr geben. Wer alleine herkommen kann, kann auch alleine zur\u00fcck.<br \/>\n6.1.2016<\/p>\n<p><strong>Sex-\u00dcberf\u00e4lle auf Frauen werden als Antanz-Kriminalit\u00e4t verniedlicht<\/strong><br \/>\nDas barbarische an Grapschen, Bet\u00e4tscheln bis zu Vergewaltigung in <a title=\"Sex-Attacken auf Frauen \u2013 Koeln\" href=\"https:\/\/www.freiburg-schwarzwald.de\/blog\/sex-attacken-auf-frauen-koeln\/\">K\u00f6ln am 1.1.2016<\/a> hin hat nichts mit der sog. Trickdiebe &#8222;Casablanca Masche&#8220; des Antanzens zu tun! Angetanzt gef\u00fchlt hat sich von den Opfern bestimmt niemand an dem Abend, die Begrifflichkeit &#8222;Angetanzt&#8220; w\u00fcrde nur wieder relativieren &#8211; hier hat gezielt eine frauenverachtende Kultur ihre niederen Triebe freien Lauf gelassen, was mit allem was der deutsche Staat zur Verf\u00fcgung stehen hat, bek\u00e4mpft werden muss!<br \/>\nR\u00e4umt man jetzt nur einen T\u00e4ter Toleranz f\u00fcr die Geschehnisse am Silvesterabend zu, hat diese barbarische Kultur gesiegt und allen, denen etwas an unserem Rechtsstaat liegt, m\u00fcssen sich Gedanken machen, wie es weiter gehen soll. Eine &#8222;Arml\u00e4nge&#8220; reicht da bei weitem nicht mehr aus!<br \/>\n6.1.2016, Hans<br \/>\n.<br \/>\n<strong>Nach Raub\u00fcberfall auf 46-j\u00e4hrige Frau: 15-j\u00e4hriger UMF kommt in Haft<\/strong><br \/>\nEin 15 Jahre alter Jugendlicher muss nach \u00dcberfall auf eine 46-j\u00e4hrige Frau an der Haltestelle Runzmattenweg in Haft. Er war zuvor schon mehrfach polizeilich aufgefallen. Der Vorfall ereignete sich am fr\u00fchen Freitagmorgen gegen 5.45 Uhr an der Stra\u00dfenbahnhaltestelle Runzmattenweg im Stadtteil Betzenhausen. Eine dort wartende Frau wurde von dem 15-J\u00e4hrigen um eine Zigarette gebeten. Als die Frau dies ablehnte, stie\u00df sie der Jugendliche mit den H\u00e4nden nach hinten. Bei dem Sturz auf eine Sitzgelegenheit verletzte sich das Opfer leicht. Der T\u00e4ter griff nach der Handtasche der Frau und konnte sie ihr auch entrei\u00dfen \u2013 trotz starker Gegenwehr. Bei der sofort eingeleiteten Fahndung konnte der 15-J\u00e4hrige in der N\u00e4he des Tatorts festgenommen werden. Diverse Karten aus dem Geldbeutel der Frau hatte er laut Polizei noch bei sich. Die Handtasche lag in einem Geb\u00fcsch ganz in der N\u00e4he.<br \/>\nBei dem 15-J\u00e4hrigen handelt es sich um einen <a title=\"UMF\" href=\"https:\/\/www.freiburg-schwarzwald.de\/blog\/global\/integration\/umf\/\">unbegleiteten minderj\u00e4hrigen Fl\u00fcchtling<\/a>\u00a0aus Guinea, der in Obhut des Jugendamtes steht. Im Laufe des Freitagvormittags wurde Haftbefehl erlassen, wie Polizeisprecherin Yasmin Bohrer mitteilte. Der Jugendliche war schon mehrfach polizeilich in Erscheinung getreten. Zudem gehe man von Fluchtgefahr aus.<br \/>\n11.12.2015, mehr auf\u00a0<a href=\"https:\/\/www.presseportal.de%20\">www.presseportal.de\u00a0<\/a><\/p>\n<p><strong>17j\u00e4hriger von Mann mit arabischem Aussehen mit Messer verletzt\u00a0<\/strong><br \/>\nAm 10.12.2015 wurde um kurz vor Mitternacht ein 17 Jahre alter Mann im Goethepark in Emmendingen von einem bislang ungekannten Mann verletzt, u. a. mit einem Messer. Die Hintergr\u00fcnde der Tat sind noch unklar. Der verletzte Mann wird aktuell medizinisch versorgt. Der T\u00e4ter wird wie folgt beschrieben: Alter: Mitte 20, ca. 180 cm gro\u00df, schlank, arabisches Aussehen, blaue Augen, Dreitagebart, gebrochenes Deutsch, Kapzuenjacke, Farbe unbekannt. Nach derzeitigem Kenntnisstand fl\u00fcchtete der Mann in Richtung Bahnhof Emmendingen. Zeugen und m\u00f6gliche Hinweisgeber werden gebeten, sich mit der Kriminalpolizei unter der Rufnummer 0761 882 5777 in Verbindung zu setzen. Die Durchwahl ist rund um die Uhr besetzt.<br \/>\n10.12.2015,\u00a0<a href=\"https:\/\/www.presseportal.de\/blaulicht\/nr\/110970\u00a0\">https:\/\/www.presseportal.de\/blaulicht\/nr\/110970\u00a0<\/a><\/p>\n<p>&nbsp;<\/p>\n<p><strong>Drei Jugendliche greifen Siebenj\u00e4hrige an und schlagen sie<\/strong><br \/>\nSie halten sie am Ranzen fest und schlagen sie: Eine Siebenj\u00e4hrige ist in Freiburg-Rieselfeld von drei Jugendlichen angegriffen und geschlagen worden. Das M\u00e4dchen wurde leicht verletzt. Der Vorfall ereignete sich am 9.12.2015 gegen 13.20 Uhr. In der N\u00e4he eines Supermarktes in der Maxim-Gorkij-Stra\u00dfe haben drei Jugendliche eine Siebenj\u00e4hrige angegangen, sie am Schulranzen festgehalten und einmal geschlagen. Das M\u00e4dchen wurde leicht verletzt. Wie die Polizei mitteilt, fl\u00fcchteten die Jugendlichen nach der Attacke Richtung Kirche. Der Siebenj\u00e4hrigen zufolge waren die drei Jungs etwa 15 Jahre alt, trugen alle dunkle, nach hinten gedrehte Schirmm\u00fctzen, schwarze Jeansjacken mit Aufschrift und enge, dunkle Hosen. Ein Junge hatte auf dem Handr\u00fccken ein Tattoo.<br \/>\n10.12.2015<\/p>\n<p>.<br \/>\n<strong>Mann in KaJo mit Messer bedroht \u2013 Schwarzer T\u00e4ter fl\u00fcchtet ohne Beute<\/strong><br \/>\nIn der N\u00e4he eines Bankautomaten in der Kaiser-Joseph-Stra\u00dfe wurde am Samstagmorgen ein 27-J\u00e4hriger mit einem Messer bedroht. Gegen 6.25 Uhr bat den jungen Mann ein Unbekannter um Geld f\u00fcr ein Getr\u00e4nk. Als der 27-J\u00e4hrige seine Geldb\u00f6rse rausholte, riss sie ihm der Dieb aus der Hand und fl\u00fcchtete. Dabei st\u00fcrzte er, und der 27-J\u00e4hrige konnte sich nach einem kurzen Gerangel seinen Geldbeutel zur\u00fcckholen. Danach bedrohte der Dieb ihn mit einem Messer. Da sich de Mann trotzdem weigerte, rannte der T\u00e4ter ohne Beute weg Richtung M\u00fcnster. Dieser wird wie folgt beschrieben: 20 Jahre alt, zwischen 1,70 und 1,75 Meter gro\u00df, schlank, schwarze Hautfarbe. Er sprach gebrochenes Deutsch und trug eine t\u00fcrkisfarbene Kapuzenjacke, grau-beige Cargohose und wei\u00dfe Sportschuhe. Zeugen werden gebeten, sich bei der Kriminalpolizei unter <span class=\"ngTelefonSymbol\">\u00a0<\/span>0761\/8825777 zu melden.<br \/>\n9.11.2015<\/p>\n<p><strong>Unbekannter rei\u00dft Frau Rucksack vom R\u00fccken und schl\u00e4gt ihr ins Gesicht<\/strong><br \/>\nAm Mittwoch gegen 10.40 Uhr wurde eine 27-J\u00e4hrige in Freiburg Opfer eines Raub\u00fcberfalls. Ein Mann riss ihr unvermittelt von hinten den dunkelroten Rucksack vom R\u00fccken, schlug ihr ins Gesicht und fl\u00fcchtete \u00fcber die Colombistra\u00dfe in Richtung Eisenbahnstra\u00dfe. Die sofort eingeleitete Fahndung nach dem T\u00e4ter verlief ergebnislos.<br \/>\n4.11.2015<\/p>\n<p>&nbsp;<\/p>\n<p><strong>Fahrradfahrerin von zwei M\u00e4nnern arabischen Aussehens ausgeraubt<\/strong><br \/>\nWie der Polizei nachtr\u00e4glich angezeigt wurde, wurde eine 53j\u00e4hrige Radfahrerin am 02.11.2015 gegen 18.40 Uhr im Bereich Runzmattenweg ausgeraubt. Die 53-J\u00e4hrige fuhr mit ihrem Fahrrad aus Richtung Bischofskreuz durch die Unterf\u00fchrung Runzmattenweg. Nach der Unterf\u00fchrung kamen ihr zwei junge M\u00e4nner entgegen. Einer der M\u00e4nner wollte der noch fahrenden Radfahrerin die Handtasche entrei\u00dfen, die die Radfahrerin aber festhielt. Durch den Mann wurde sie daraufhin zu Boden gesto\u00dfen und ihr anschlie\u00dfend die Handtasche mit Handy und Geldb\u00f6rse entwendet. Die Radfahrerin wurde leicht verletzt. Der Hauptt\u00e4ter wurde wie folgt beschrieben: M\u00e4nnlich, nicht \u00e4lter als 20 Jahre, ca. 170 cm gro\u00df, sportlich-muskul\u00f6se Figur, arabisches Aussehen mit &#8222;braun-gelblichem&#8220; Teint, kurze, schwarze, lockige Haare, breites Gesicht, kleiner Schnauzbart, dunkle Augen und dunkel gekleidet. Sein Begleiter soll ebenfalls m\u00e4nnlich, nicht \u00fcber 20 Jahre, mit ostarabischem Aussehen, aber gr\u00f6\u00dfer und schmaler als der Hauptt\u00e4ter gewesen sein.<br \/>\n3.11.2015, mehr auf<a href=\"https:\/\/www.presseportal.de\/blaulicht\/pm\/110970\/3164711\">\u00a0https:\/\/www.presseportal.de\/blaulicht\/pm\/110970\/3164711<\/a><\/p>\n<p>&nbsp;<\/p>\n<p><strong>Tunesier sticht Algerier mit Messer in den R\u00fccken<\/strong><br \/>\nDramatischer Zwischenfall in einer Fl\u00fcchtlingsunterkunft in Merdingen: Am Dienstagmorgen, 12. Oktober, wurde gegen 10 Uhr ein 49-j\u00e4hriger Bewohner aus Algerien von einem 25-j\u00e4hrigen, ebenfalls dort wohnenden Tunesier mit einem Messer angegriffen und lebensgef\u00e4hrlich verletzt&#8230;. \u00a0Alles vom14.10.2015 auf<br \/>\n<a href=\"https:\/\/www.badische-zeitung.de\/polizei-breisgau\/lebensgefaehrliche-verletzung-nach-messerstich-in-fluechtlingsunterkunft\u00a0\">https:\/\/www.badische-zeitung.de\/polizei-breisgau\/lebensgefaehrliche-verletzung-nach-messerstich-in-fluechtlingsunterkunft\u00a0<\/a><\/p>\n<p><em>Im &#8222;K\u00e4ppele&#8220;, einer zu Wohnzwecken umgebauten fr\u00fcheren Kapelle in Merdingen, ist der Tunesier seit April 2015 und der Algerier August 2014 untergebracht.<\/em><\/p>\n<p>&nbsp;<\/p>\n<p>&nbsp;<\/p>\n<p><strong>Vier Dunkelh\u00e4utige M\u00e4nner \u00fcberfallen 54j\u00e4hrigen in Freiburg-St\u00fchlinger<\/strong><br \/>\nAm Mittwoch, den 30.10.2015, gegen 23:00 Uhr, wurde ein 54-j\u00e4hriger Mann in der Lehener Stra\u00dfe von vier m\u00e4nnlichen Personen \u00fcberfallen. Die M\u00e4nner sprachen den Mann an und schubsten ihn dann grundlos. Einer der vier M\u00e4nner schlug ihn auf die Brust. W\u00e4hrend des Gerangels wurde dem 54-J\u00e4hrigen unter anderem seine schwarze Geldb\u00f6rse mit Bargeld entwendet. Die vier tatverd\u00e4chtigen M\u00e4nner werden wie folgt beschrieben: dunkelh\u00e4utig gesch\u00e4tztes Alter Mitte 20, dunkle Bekleidung, eine Person ca. 185 gro\u00df, die drei weiteren Personen etwa 170 cm gro\u00df. Die Kriminalpolizei Freiburg hat die Ermittlungen aufgenommen und bittet Zeugen, die sachdienliche Hinweise zum Geschehensablauf und den bislang unbekannten T\u00e4tern geben k\u00f6nnen, sich rund um die Uhr unter der Tel. 0761 882-5777 zu melden.<br \/>\n2.10.2015, <a href=\"https:\/\/www.presseportal.de\">www.presseportal.de<\/a><\/p>\n<p>&nbsp;<\/p>\n<p>&nbsp;<\/p>\n<p><strong>Dunkelh\u00e4utige berauben 15-J\u00e4hrigen am St\u00fchlinger Kirchplatz<\/strong><br \/>\nDrei Unbekannte beraubten am Samstag, 26. September, gegen 6 Uhr, am St\u00fchlinger Kirchplatz einen 15-J\u00e4hrigen. Der Jugendliche wurde von einem T\u00e4ter angesprochen und unvermittelt ins Gesicht geschlagen. Die beiden Begleiter des Angreifers traktierten ihn mit Fu\u00dftritten. Der 15-J\u00e4hrige erlitt laut Polizei einen Nasenbeinbruch und ging zu Boden. Die T\u00e4ter raubten sein Handy und fl\u00fcchteten. Sie werden wie folgt beschrieben: Zwischen 15 und 21 Jahre alt, etwa 1,75 Meter gro\u00df und dunkelh\u00e4utig. Einer der Angreifer hatte schulterlange, gelockte schwarze Haare und trug ein rotes Oberteil. Die beiden anderen hatte kurze, dunkle Haare mit ausrasierten Seitenpartien. Hinweise nimmt die Kriminalpolizei unter <span class=\"ngTelefonSymbol\">\u00a0<\/span>0761\/882-5777 entgegen.<br \/>\n28.9.2015<br \/>\n.<\/p>\n<p><strong>14j\u00e4hriger Algerier und 15j\u00e4hriger Marokkaner gegen Jugendliche mit Messer und abgebrochenem Flaschenhals<br \/>\n<\/strong>Ein 14-J\u00e4hriger und ein 15-J\u00e4hriger geraten in Streit \u2013 erst sticht der eine mit einem Messer zu, dann verletzt der andere ihn mit einem abgeschlagenen Flaschenhals am Hals. Am Sonntagmorgen gegen 1:30 Uhr stritten sich die beiden Jugendlichen \u2013 ein 14-J\u00e4hriger und ein 15-J\u00e4hriger in der Bertoldstra\u00dfe unweit des Rotteckrings. Nach Angaben der Polizei zog der 14-J\u00e4hrige im Verlauf des Streits ein Messer und verletzte den 15-J\u00e4hrigen an der Hand \u2013 dann rannte er weg. Auf halben Weg zwischen Rotteckring und Moltkestra\u00dfe holte der 15-J\u00e4hrige den Jugendliche ein und verletzte ihn im Bereich des Hals mit einem abgeschlagenen Flaschenhals. Passanten riefen die Polizei, beide Jungen wurden von Beamten des Polizeirevier Freiburg-Nord festgenommen. Der 14j\u00e4hrige musste zur Wundversorgung in ein Krankenhaus station\u00e4r aufgenommen, Lebensgefahr bestand aber nicht. Die Kriminalpolizei hat die Ermittlungen aufgenommen. 8.9.2015<br \/>\n<a class=\"normalPfeil\" href=\"https:\/\/www.badische-zeitung.de\/freiburg\/jugendliche-streiten-sich-mit-messer-und-abgebrochenem-flaschenhals\" target=\"_blank\" rel=\"noopener noreferrer\">https:\/\/www.badische-zeitung.de\/freiburg\/jugendliche-streiten-sich-mit-messer-und-abgebrochenem-flaschenhals<\/a><\/p>\n<p>Die BZ hat die Polizeimeldung soweit gek\u00fcrzt, da\u00df nicht erw\u00e4hnt wurde, da\u00df es sich bei den beiden Jugendlichen um einen Marokkaner und einen Algerier handelte:<\/p>\n<p><em>POL-FR: Freiburg-Innenstadt: Gef\u00e4hrliche K\u00f6rperverletzung mittels Messer und Flasche<\/em><br \/>\n<em>Freiburg (ots) &#8211; Am 06.09.2015 ereignete sich in der Freiburger Innenstadt gegen 01:30 Uhr folgender Vorfall. Ein 14-J\u00e4hriger geriet mit einem 15-J\u00e4hrigen im Bereich der Bertoldstra\u00dfe in einen zun\u00e4chst verbalen Streit, in dessen Verlauf er diesen mit einem Messer an der Hand verletzte und daraufhin wegrannte. Wie Zeugen berichteten holte der 15j\u00e4hrige Marokkaner den 14-J\u00e4hrigen kurz darauf ein und verletzte ihn dann mit einem abgeschlagenen Flaschenhals im Bereich des Halses. Beide Beteiligten konnten durch die hinzugerufenen Streifen des Polizeireviers Freiburg-Nord kurz darauf festgenommen werden.Der 14j\u00e4hrige Algerier musste zur Wundversorgung in ein Krankenhaus gebracht werden. Die Kriminalpolizei hat die Ermittlungen aufgenommen.<\/em><br \/>\n<em><a href=\"https:\/\/www.presseportal.de\/blaulicht\/pm\/110970\/3115982\">https:\/\/www.presseportal.de\/blaulicht\/pm\/110970\/3115982<\/a><\/em><\/p>\n<p>Ich empfehle einen Besuch abends am St\u00fchlinger Kirchplatz, Runzmattenweg oder neuerdings auch Bertoldstrasse.<br \/>\n8.9.2015, Karl Schmidt<\/p>\n<p>&nbsp;<\/p>\n<p><strong>Brutaler Handy-Raub an 21-j\u00e4hriger Frau im St\u00fchlinger<\/strong><br \/>\nAm Samstagmorgen18.7.2015 gegen 3:20 Uhr ging eine 21-j\u00e4hrige Frau alleine zu Fu\u00df aus der Freiburger Innenstadt kommend \u00fcber die &#8222;blaue Br\u00fccke&#8220; und den St\u00fchlinger Kirchplatz in Richtung Eschholzstrasse. Sie glaubte zu der Zeit bereits, von einem Radfahrer verfolgt zu werden. Am Ende des St\u00fchlinger Kirchplatzes griff der Radfahrer sie an, beschimpfte sie und zog ihr an den Haaren. Er trieb die Gesch\u00e4digte, welche sich Hilfe erhoffte, auf diese Art vor sich her auf die Eschholzstrasse. Passanten griffen nicht ein. Erst dort, an der Bushaltestelle, wurden Passanten aufmerksam, griffen jedoch nicht ein, so dass die Gesch\u00e4digte die Eschholzstrasse in Richtung Kleineschholzweg \u00fcberquerte. Auf dem dortigen Platz vor einer Bankfiliale erhielt sie mehrere Faustschl\u00e4ge ins Gesicht, wonach sie zu Boden ging. Dabei raubte der T\u00e4ter aus der Ges\u00e4\u00dftasche ihrer Shorts ein nahezu neues, wei\u00dfes iPhone 6 und trat ihr im Anschluss noch in die Bauchgegend. Ein am Tatort zur\u00fcckgebliebenes Fahrrad ist mutma\u00dflich dem T\u00e4ter, welcher zu Fu\u00df in Richtung Egonstra\u00dfe fl\u00fcchtete, zuzuordnen. Beschreibung des T\u00e4ters: M\u00e4nnlich, ca. 24-25 Jahre alt, ca. 168 cm gro\u00df, schlank. Haare kurz, schwarz und nackenlang. Kein Bart, keine Brille.<br \/>\n18.7.2015,\u00a0, <a href=\"https:\/\/www.presseportal.de\/polizeipresse\/pm\/110970\/polizeipraesidium-freiburg\">https:\/\/www.presseportal.de\/polizeipresse\/pm\/110970\/polizeipraesidium-freiburg<\/a><\/p>\n<p>&nbsp;<\/p>\n<p><strong>22-J\u00e4hriger von drei M\u00e4nnern am Runzmattenweg \u00fcberfallen<\/strong><br \/>\nErst verwickelten sie ihn in ein Gespr\u00e4ch, dann bedrohten sie ihn mit einem Klappmesser und forderten sein Geld. Ein 22-J\u00e4hriger ist am Runzmattenweg von drei jungen M\u00e4nnern \u00fcberfallen worden&#8230;. Die T\u00e4ter werden wie folgt beschrieben: Alle drei T\u00e4ter waren zwischen zwischen 16 und 17 Jahren und sprachen Deutsch mit t\u00fcrkisch oder arabischen Akzent.<br \/>\n13.7.2015<br \/>\n.<\/p>\n<p><strong>Osteurop\u00e4er beraubt 98j\u00e4hrigen Greis<\/strong><br \/>\nEin Unbekannter gelangte am Montag gegen 10.30 Uhr in das Treppenhaus eines Mehrfamilienhauses in der Adalbert-Stifter-Stra\u00dfe und klingelte an der Wohnungst\u00fcre eines 98-J\u00e4hrigen. Der T\u00e4ter gab an, dass er Geld wechseln lassen wolle. Nachdem der Greis seiner Aufforderung nicht nachkam und angab, nicht genug Bargeld in seiner Wohnung zu haben, dr\u00fcckte der Unbekannte ihn zur Seite und konnte aus dem Schlafzimmer des 98-J\u00e4hrigen mehrere hundert Euro Bargeld entwenden. Danach fl\u00fcchtete er aus der Wohnung. Der T\u00e4ter wird auf 35 bis 40 Jahre alt gesch\u00e4tzt. Er war etwa 1,85 Meter gro\u00df, sah gepflegt aus, hatte eine kr\u00e4ftige Statur, dunkle Haare, einen Drei-Tage-Bart und trug ein dunkles Polo-Shirt mit einem hellen Aufdruck auf der R\u00fcckseite. Er hatte ein osteurop\u00e4isches Erscheinungsbild und sprach mit erkennbar ausl\u00e4ndischem Akzent.<br \/>\n9.7.2015,<a href=\"https:\/\/%20www.stadtkurier.de \"> www.stadtkurier.de\u00a0<\/a><\/p>\n<p>&nbsp;<\/p>\n<p><strong>Zwei \u00dcberf\u00e4lle Seepark und St\u00fchlinger in einer Nacht \u2013 T\u00e4ter bedrohte Opfer mit Messer<\/strong><br \/>\nZwei unbekannte M\u00e4nner haben in der Nacht zum Mittwoch bei zwei \u00dcberf\u00e4llen Passanten mit einem Messer bedroht und Handys und Bargeld erbeutet. Ein Opfer wurde gar gezwungen, am Bankautomaten Geld abzuheben&#8230;.<br \/>\nAuf Grund der T\u00e4terbeschreibung und der \u00e4hnlichen Ausf\u00fchrung der Tat wird davon ausgegangen, dass es sich in beiden F\u00e4llen um den gleichen T\u00e4ter handeln k\u00f6nnte.\u00a0Der Hauptt\u00e4ter wird wie folgt beschrieben: Er sei etwa 17 bis 25 Jahre alt, etwa 175 bis 180 Zentimeter gro\u00df, dunkle kurze Haare mit Undercut, auff\u00e4llig vorstehende Augen, sowie eine schlanke Statur mit einem leichten Bauchansatz. W\u00e4hrend der Tat trug er ein rot-schwarz kariertes lang\u00e4rmliges Hemd sowie schwarze Jeans und dunkle Halbschuhe. Des Weiteren sprach er mit deutlichen rollendem &#8222;R&#8220; mit t\u00fcrkischem Akzent. &#8230;. Alles vom 8.7.2015 auf<br \/>\n<a href=\"https:\/\/www.badische-zeitung.de\/freiburg\/zwei-ueberfaelle-in-einer-nacht-taeter-bedrohte-opfer-mit-messer\">https:\/\/www.badische-zeitung.de\/freiburg\/zwei-ueberfaelle-in-einer-nacht-taeter-bedrohte-opfer-mit-messer<\/a><\/p>\n<p>&nbsp;<\/p>\n<p>&nbsp;<\/p>\n<p><strong>\u00dcberfall durch 10 Asylbewerber aus dem Fl\u00fcchtlingsheim Bissierstrasse<\/strong><br \/>\nWie der Polizei durch den Gesch\u00e4digten erst nachtr\u00e4glich gemeldet wurde, kam es am Sonntag, 27.04.2015, zwischen 00.00 Uhr und 01.00 Uhr an der Stra\u00dfenbahnhaltestelle Runzmattenweg zu einem Raub eines Handys, bei dem ein 24 Jahre alter Mann verletzt wurde. Der 24-J\u00e4hrige sei von etwa zehn Personen vom Fl\u00fcchtlingswohnheim in der Bissierstra\u00dfe in Richtung Haltestelle Runzmattenweg in rennender Weise verfolgt worden. An der Haltestelle Runzmattenweg sollen etwa f\u00fcnf Personen mit G\u00fcrteln auf den 24-J\u00e4hrigen eingeschlagen haben. Dabei soll eine Person dem Gesch\u00e4digten ein Mobiltelefon aus der Hand gerissen haben. Der 24-J\u00e4hrige erlitt durch die Schl\u00e4ge Verletzungen am Kopf, die in einer Klinik versorgt werden mussten.<br \/>\n28.4.2015, Presseportal<\/p>\n<p>&nbsp;<\/p>\n<p><strong>In FR an jedem zweiten Tag ein \u00dcberfall<\/strong><br \/>\nIn Freiburg wurden letztes Jahr 194 Mal Menschen \u00fcberfallen, brutal zusammengeschlagen, ausgeraubt. Jeden zweiten Tag. Nein, sogar \u00f6fter. Polizeichef Rotzinger zieht daraus den Schluss, man k\u00f6nne sich in Freiburg sicher bewegen. Ein makabrer Witz! Ich f\u00fchle mich in Freiburg l\u00e4ngst nicht mehr sicher. Meine Tochter auch nicht. Sie, 18 Jahre alt, traut sich seit einem halben Jahr nach Anbruch der Dunkelheit nicht mehr alleine nach drau\u00dfen. Freiburg mag alles M\u00f6gliche sein. Sicher ist die Stadt definitiv nicht mehr!<br \/>\n<span class=\"ngBriefAutor\">16.4.2015, Reinhard Schweizer, Freiburg<\/span><\/p>\n<p>&nbsp;<\/p>\n<p><strong>Unbekannter schl\u00e4gt 25-J\u00e4hrigen nieder und klaut ihm Handy und Kapuzenpulli<\/strong><br \/>\nIn der Nacht zum Sonntag ist ein 25-J\u00e4hriger am Rotteckring brutal niedergeschlagen worden. Der Mann war auf dem Heimweg von einer Bar, als er von hinten attackiert wurde. Der T\u00e4ter raubte ihm sein Handy und einen Kapuzenpulli. Der Mann erlitt eine Kopfplatzwunde und Sch\u00fcrfwunden. Er begab sich noch in der Nacht in eine Klinik, wo er station\u00e4r aufgenommen werden musste.<br \/>\n8.4.2015, , <a href=\"https:\/\/www.presseportal.de\/polizeipresse\/pm\/110970\/polizeipraesidium-freiburg\">https:\/\/www.presseportal.de\/polizeipresse\/pm\/110970\/polizeipraesidium-freiburg<\/a><\/p>\n<p>&nbsp;<\/p>\n<p><strong>Vier s\u00fcdl\u00e4ndische\u00a0junge M\u00e4nner \u00fcberfallen 18-J\u00e4hrigen am Runzmattenweg<\/strong><br \/>\nVier junge M\u00e4nner haben einen 18-J\u00e4hrigen an der Stra\u00dfenbahnhaltestelle Runzamttenweg angegriffen und leicht verletzt \u2013 am Ostersonntag um 17 Uhr. Ihre Beute: zwei Handys. Der 18-J\u00e4hrige hielt sich am Ostersonntag gegen 17 Uhr an der Stra\u00dfenbahnhaltestelle Runzmattenweg an einer Sitzbank auf, als ihm nach Angaben der Polizei pl\u00f6tzlich vier m\u00e4nnliche Personen gegen\u00fcbertraten. Sie fragten ihn, ob er Drogen habe und begannen, den Gesch\u00e4digten mehrfach gegen den Oberschenkel zu boxen. Der 18-J\u00e4hrige verneinte die Fragen, stand auf und wollte sich der Situation entziehen, wurde aber von den Angreifern verfolgt. Auf dem Fu\u00df- und Radweg zwischen den Bahngleisen und der Gertrud-Luckner-Gewerbeschule wurde das Opfer durch die T\u00e4ter festgehalten, zu Boden gezerrt und mehrfach gegen K\u00f6rper und Kopf geschlagen. Trotz seiner massiven Gegenwehr nahmen sie ihm zwei Handys, einen Geldbeutel und ein Schl\u00fcsselbund abgenommen. Nachdem einer der T\u00e4ter den Geldbeutel durchsuchte und daraus zehn Euro entnahm, wurden Schl\u00fcssel und Geldbeutel auf Nachfrage des Opfers wieder zur\u00fcckgegeben. Danach entfernten sich die T\u00e4ter in Richtung Bissierstra\u00dfe. Durch den Angriff wurde der 18-J\u00e4hrige leicht verletzt. Nachdem er den Raub der Polizei gemeldet hatte, fahndete die Polizei sofort mit mehreren Streifenfahrzeugen nach den T\u00e4tern \u2013 jedoch erfolglos. Ds Opfer hat die vier Angreifer wie folgt beschrieben werden:<br \/>\n&#8211; dunkelh\u00e4utig, etwa 1,80m gro\u00df und Basecap;<br \/>\n&#8211; s\u00fcdl\u00e4ndisches Aussehen, dunkler Teint, etwa 1,80m gro\u00df, Basecap, Narbe auf der linken Wange,<br \/>\nOhrringe mit Adidas-Logo oder Hanfblatt, schwarze Jacke;<br \/>\n&#8211; s\u00fcdl\u00e4ndisches Aussehen, dunkler Teint, ca. 180 cm gro\u00df, Basecap; und<br \/>\n&#8211; s\u00fcdl\u00e4ndisches Aussehen, ca. 180 cm gro\u00df, Kapuzenjacke, Kapuze auf den Kopf gezogen.<br \/>\nAlle Personen sollen etwa 18 bis 25 Jahre alt sein. Die Kriminalpolizei Freiburg hat die Ermittlungen aufgenommen und bittet Zeugen, sich unter der Telefonnummer 0761 882-5777 rund um die Uhr zu melden.<br \/>\n7.4.2015, <a href=\"https:\/\/www.presseportal.de\/polizeipresse\/pm\/110970\/polizeipraesidium-freiburg\">https:\/\/www.presseportal.de\/polizeipresse\/pm\/110970\/polizeipraesidium-freiburg<\/a><\/p>\n<p>&nbsp;<\/p>\n<p><strong>\u00dcberfall, Raub, Brutalit\u00e4t\u00a0in Freiburg am Wochenende 27.-29.3.2015<\/strong><\/p>\n<p>Vier Beispiele aus dem Freiburger Polizeibericht vom vergangenen Wochenende\u00a0\u00a0\u2013 da hat die Polizei inzwischen mehr als genug zu tun. In chronologischer Reihenfolge zwischen Freitagabend und Sonntagmorgen.<\/p>\n<p>Fall 1: Am Freitag gegen 22.10 Uhr wurde ein 21-j\u00e4hriger, leicht angetrunkener Mann Opfer eines Raubes: Gegen 22.10 Uhr wurde er an der Haltestelle Johanneskirche von drei bis f\u00fcnf unbekannten M\u00e4nnern seines Smartphones beraubt. Die T\u00e4ter flohen mit der Stra\u00dfenbahn Linie 5 in Richtung Rieselfeld. Sie waren 20 bis 23 Jahre alt, hatten ein s\u00fcdl\u00e4ndisches Aussehen und Kurzhaarfrisuren. Alle waren dunkel gekleidet und trugen Hemden.<\/p>\n<p>Fall 2: Bei der Heimkehr von der Arbeit wurde ein 58-j\u00e4hriger Mann in der Nacht auf Samstag gegen 0.55 Uhr Opfer eines Raub\u00fcberfalls in der Blauenstra\u00dfe. Beim Aufschlie\u00dfen der Haust\u00fcr wurde er von einem Unbekannten mit einem Messer bedroht und aufgefordert, seine Tasche \u2013 in der sich unter anderem ein Tablet befand &#8211; herzugeben. Der 58- J\u00e4hrige wurde durch das Messer schwer verletzt und musste ins Krankenhaus. Der T\u00e4ter war etwa 30 Jahre alt, 1,70 bis 1,75 Meter gro\u00df, osteurop\u00e4ischer Akzent, beiger Anorak mit Kapuze.<\/p>\n<p>Fall 3: In der Nacht auf Sonntag schlugen an einem Grillplatz im Gewann Seehau (N\u00e4he des \u201eOberen Seewegs&#8220;) vier Jugendliche gegen 0.30 Uhr zwei 16- und 17-J\u00e4hrige nieder und entwendeten ein Smartphone. Die Opfer erlitten Verletzungen am Kopf. Die T\u00e4ter waren arabischer beziehungsweise nordafrikanischer Abstammung und 17 bis 20 Jahre alt. Einer aus der Gruppe trug einen Hut.<\/p>\n<p>Fall 4: In der Nacht auf Sonntag wurde eine 30 Jahre alte Frau kurz vor 4 Uhr im Kirchweg in Z\u00e4hringen von einem unbekannten T\u00e4ter von hinten angegriffen. Der Mann hielt ihr mit der rechten Hand den Mund zu und bedrohte sie mit einem Messer. Die Frau schrie laut und biss den Mann in die rechte Hand, womit sie ihn in die Flucht schlug. Das Motiv ist unklar. Die Frau wurde durch das Messer am Kopf leicht verletzt. Der T\u00e4ter war 1,60 bis 1,70 Meter gro\u00df, trug einen dunkelblauen Kapuzenpulli und war Raucher.<br \/>\nHinweise zu den F\u00e4llen 1 bis 3 nimmt die Kriminalpolizei unter Telefon 0761 &#8211; 882 5777 entgegen, in Fall 4 ist der Posten Z\u00e4hringen, Telefon 0761 12071-0, zust\u00e4ndig.<br \/>\n2.4.2015, <a href=\"https:\/\/www.stadtkurier.de%20\">www.stadtkurier.de <\/a><\/p>\n<p>&nbsp;<\/p>\n<p><strong>Brutaler Handyraub am Opfinger See: Unbekannte \u00fcberfallen zwei Jugendliche<\/strong><br \/>\nErneut hat es in Freiburg einen Handyraub gegeben. Vier unbekannte T\u00e4ter haben in der Nacht von Samstag auf Sonntag zwei 16 und 17 Jahre alte Jugendliche nahe dem Opfinger Baggersee niedergeschlagen und am Kopf verletzt. Ein Smartphone wurde entwendet.. &#8230; Die Gruppe der T\u00e4ter soll nordafrikanische Abstammung und 17 bis 20 Jahre alt sein, hei\u00dft es im Polizeibericht. Einer der jungen M\u00e4nner trug einen Hut.<br \/>\n28.3.2015<\/p>\n<p>&nbsp;<\/p>\n<p><strong>12-J\u00e4hriger ersticht 13-J\u00e4hrigen &#8211; \u00dcberleben dank Notoperation<\/strong><br \/>\nEin gerade mal 12 Jahre alter <a title=\"Kinderrechte\" href=\"https:\/\/www.freiburg-schwarzwald.de\/blog\/selbsthilfe\/kinder\/kinderrechte\/\">Junge<\/a> hat am Freitag einen 13-J\u00e4hrigen mit einem Messer lebensgef\u00e4hrlich verletzt. Wie die Polizei am Dienstag berichtete, geschah die Tat im Zehnsteinweg in Betzenhausen. Gegen 20 Uhr hielten sich vier 13- J\u00e4hrige dort auf, als ein 18-J\u00e4hriger sowie der sp\u00e4tere T\u00e4ter auf die Gruppe stie\u00dfen. Nach einer verbalen Auseinandersetzung habe der 12- J\u00e4hrige ein Messer gezogen und zweimal auf einen 13-J\u00e4hrigen eingestochen. Der Messerstecher sei zun\u00e4chst mit dem 18-J\u00e4hrigen geflohen, dann seien beide zur\u00fcckgekommen und Letzterer habe einen Notruf abgesetzt. Der 13-J\u00e4hrige wurde an der Hand und am Bauch schwer verletzt. Er musste notoperiert werden, ist inzwischen aber au\u00dfer Lebensgefahr. Beim Opfer handelt es sich um einen im Herbst 2014 nach Deutschland gekommenen syrischen Fl\u00fcchtling.<br \/>\nT\u00e4ter ist ein deutscher Staatsb\u00fcrger mit <a title=\"Migration\" href=\"https:\/\/www.freiburg-schwarzwald.de\/blog\/global\/migration\/\">Migrationshintergrund<\/a>. Da die Strafm\u00fcndigkeit mit 14 Jahren beginnt, kann der Zw\u00f6lfj\u00e4hrige vermutlich nicht rechtlich belangt werden. Die Tat sei in Sachen Brutalit\u00e4t ebenso wie aufgrund des Alters des T\u00e4ters sehr ungew\u00f6hnlich, sagte eine Polizeisprecherin.<br \/>\n12.3.2015, <a href=\"https:\/\/www.stadtkurier.de\">www.stadtkurier.de<\/a><\/p>\n<p>&nbsp;<\/p>\n<p><strong>Freiburg 2014: Jeder zweite Raub\u00fcberfall durch ausl\u00e4ndischen T\u00e4ter<\/strong><br \/>\nFreiburg erlebte im Jahr 2014 <a title=\"Crime City Freiburg \u2013 Top in BW\" href=\"https:\/\/www.freiburg-schwarzwald.de\/blog\/crime-city-freiburg-top-in-bw\/\">194 Raub\u00fcberf\u00e4lle<\/a>\u00a0&#8211; 33 mehr als im Vorjahr. 47,5% diese \u00dcberf\u00e4lle wurde von Ausl\u00e4ndern ver\u00fcbt. Die in Freiburg lebenden Ausl\u00e4nder neigen somit mehr als 5 mal h\u00e4ufiger zu kriminellem Raub\u00a0als die Einheimischen (Ausl\u00e4nderanteil in D bei 8,7 %).<br \/>\nGem\u00e4\u00df\u00a0<a title=\"Pressekodex muendige Buerger\" href=\"https:\/\/www.freiburg-schwarzwald.de\/blog\/pressekodex-muendige-buerger\/\">Pressekodex<\/a> ist der Hinweis auf die T\u00e4terschaft von Ausl\u00e4ndern in Polizei- bzw. Zeitungsberichten zu verschweigen. Aufgrund der H\u00e4ufung birgt gerade dieses Verheimlichen die Gefahr zur Verunsicherung der\u00a0B\u00fcrger und zur Diskriminierung von Minderheiten bzw. Migranten. Das Leseverhalten der B\u00fcrgerschaft wird\u00a0 zwangsl\u00e4ufig zu &#8222;Bei fehlendem\u00a0Hinweis auf eine bestimmte Ethnie bzw. Nationalit\u00e4t mu\u00df ein Ausl\u00e4nder der T\u00e4ter sein.&#8220;\u00a0Fazit: Der Pressekodex mu\u00df abgeschafft werden, da die Presse f\u00fcr eine demokratisch-m\u00fcndige und vorurteilsfreie\u00a0B\u00fcrgerschaft berichtet, die sich selbst ihre Meinung bilden kann &#8211; fernab jeglicher Pressezensur.<br \/>\n10.3.2015<\/p>\n<p>&nbsp;<\/p>\n<p>&nbsp;<\/p>\n<p>&nbsp;<\/p>\n","protected":false},"excerpt":{"rendered":"<p>Home &gt;Selbsthilfe &gt;Krise &gt;Gewalt &gt;Polizei &gt;Ueberfall &nbsp; Listenauswahl eines Beitrags (Artikel\/Datum, Seite\/Inhalt): Klicken oder scrollen Unbekannte rauben 16-J\u00e4hrigen in Freiburg-Haslach aus (6.3.2026) Schwarzfahrer erschl\u00e4gt Schaffner in Regionalbahn Landstuhl (RP)\u00a0(4.2.2026) Bahnsteig Migrant Resettlement (30.1.2026) Stadtbild-Debatte: \u201eIch bin die Tochter, von der &hellip; <a href=\"https:\/\/www.freiburg-schwarzwald.de\/blog\/selbsthilfe\/krise\/gewalt\/ueberfall\/\">Weiterlesen <span class=\"meta-nav\">&rarr;<\/span><\/a><\/p>\n","protected":false},"author":2,"featured_media":0,"parent":8837,"menu_order":0,"comment_status":"open","ping_status":"closed","template":"","meta":{"footnotes":""},"class_list":["post-53582","page","type-page","status-publish","hentry"],"_links":{"self":[{"href":"https:\/\/www.freiburg-schwarzwald.de\/blog\/wp-json\/wp\/v2\/pages\/53582","targetHints":{"allow":["GET"]}}],"collection":[{"href":"https:\/\/www.freiburg-schwarzwald.de\/blog\/wp-json\/wp\/v2\/pages"}],"about":[{"href":"https:\/\/www.freiburg-schwarzwald.de\/blog\/wp-json\/wp\/v2\/types\/page"}],"author":[{"embeddable":true,"href":"https:\/\/www.freiburg-schwarzwald.de\/blog\/wp-json\/wp\/v2\/users\/2"}],"replies":[{"embeddable":true,"href":"https:\/\/www.freiburg-schwarzwald.de\/blog\/wp-json\/wp\/v2\/comments?post=53582"}],"version-history":[{"count":5,"href":"https:\/\/www.freiburg-schwarzwald.de\/blog\/wp-json\/wp\/v2\/pages\/53582\/revisions"}],"predecessor-version":[{"id":146590,"href":"https:\/\/www.freiburg-schwarzwald.de\/blog\/wp-json\/wp\/v2\/pages\/53582\/revisions\/146590"}],"up":[{"embeddable":true,"href":"https:\/\/www.freiburg-schwarzwald.de\/blog\/wp-json\/wp\/v2\/pages\/8837"}],"wp:attachment":[{"href":"https:\/\/www.freiburg-schwarzwald.de\/blog\/wp-json\/wp\/v2\/media?parent=53582"}],"curies":[{"name":"wp","href":"https:\/\/api.w.org\/{rel}","templated":true}]}}