{"id":53098,"date":"2015-02-02T17:52:27","date_gmt":"2015-02-02T16:52:27","guid":{"rendered":"https:\/\/www.freiburg-schwarzwald.de\/blog\/?page_id=53098"},"modified":"2026-02-20T14:29:46","modified_gmt":"2026-02-20T13:29:46","slug":"mansour","status":"publish","type":"page","link":"https:\/\/www.freiburg-schwarzwald.de\/blog\/religion\/islam\/mansour\/","title":{"rendered":"Mansour"},"content":{"rendered":"<p><a href=\"https:\/\/freiburg-schwarzwald.de\/blog\">Home<\/a> &gt;<a title=\"Religion\" href=\"https:\/\/www.freiburg-schwarzwald.de\/blog\/religion\/\">Religion<\/a> &gt;<a title=\"Islam\" href=\"https:\/\/www.freiburg-schwarzwald.de\/blog\/religion\/islam\/\">Islam<\/a> &gt;Mansour<\/p>\n<div id=\"attachment_53100\" style=\"width: 649px\" class=\"wp-caption alignnone\"><a href=\"https:\/\/www.freiburg-schwarzwald.de\/blog\/religion\/islam\/mansour\/dreisamufer3pan150130\/\" rel=\"attachment wp-att-53100\"><img loading=\"lazy\" decoding=\"async\" aria-describedby=\"caption-attachment-53100\" class=\"size-full wp-image-53100\" src=\"https:\/\/www.freiburg-schwarzwald.de\/blog\/wp-content\/uploads\/2015\/02\/dreisamufer3pan150130.jpg\" alt=\"Winter an der renaturierten Dreisam bei Freiburg am 31.1.2015\" width=\"639\" height=\"283\" srcset=\"https:\/\/www.freiburg-schwarzwald.de\/blog\/wp-content\/uploads\/2015\/02\/dreisamufer3pan150130.jpg 639w, https:\/\/www.freiburg-schwarzwald.de\/blog\/wp-content\/uploads\/2015\/02\/dreisamufer3pan150130-180x79.jpg 180w\" sizes=\"auto, (max-width: 639px) 100vw, 639px\" \/><\/a><p id=\"caption-attachment-53100\" class=\"wp-caption-text\">Winter an der renaturierten Dreisam bei Freiburg am 31.1.2015<\/p><\/div>\n<p>&nbsp;<\/p>\n<ul>\n<li><em>Listenauswahl eines Beitrags: Bitte <span style=\"text-decoration: underline;\">anklicken<\/span> oder runterscrollen<\/em><\/li>\n<li><a href=\"https:\/\/www.freiburg-schwarzwald.de\/blog\/ramadan-fastenzeit-frieden\/\">Ramadan Fastenzeit \u2013 Frieden<\/a>\u00a0(20.2.2026)<\/li>\n<li><a href=\"https:\/\/www.freiburg-schwarzwald.de\/blog\/drusen-ermordet-berlin-jubelt\/\">Drusen ermordet \u2013 Berlin jubelt<\/a> (23.7.2025)<\/li>\n<li><a href=\"https:\/\/www.freiburg-schwarzwald.de\/blog\/engagement\/zukunft\/demokratie\/aschaffenburg22jan2025\/\">Mansour zu Aschaffenburg: \u201eIch versp\u00fcre eine Wut auf die Politik\u201c<\/a>\u00a0 (30.1.2025)<\/li>\n<li><a href=\"https:\/\/www.freiburg-schwarzwald.de\/blog\/engagement\/zukunft\/demokratie\/staatsversagen\/staat-kapituliert\/\">Mansour: \u201eWas bleibt von uns, wenn die radikalen Islamisten gewinnen?\u201c<\/a> (6.11.2023)<\/li>\n<li>Islamismuskritiker unter Beschuss (5.7.2023)<\/li>\n<li><a href=\"https:\/\/www.freiburg-schwarzwald.de\/blog\/abdel-samad-islam-und-europa\/\">Abdel-Samad: Islam und Europa<\/a>\u00a0(22.1.2023)<\/li>\n<li><a href=\"https:\/\/www.freiburg-schwarzwald.de\/blog\/gewaltmonopol-und-integration\/\">Gewaltmonopol und Integration<\/a> (9.1.2023)<\/li>\n<li><a href=\"https:\/\/www.freiburg-schwarzwald.de\/blog\/parallelgesellschaften-silvester\/\">Parallelgesellschaften Silvester<\/a>\u00a0(2.1.2023)<\/li>\n<li><a href=\"https:\/\/www.freiburg-schwarzwald.de\/blog\/migration-in-ard-tagesschau\/\">Migration in ARD-Tagesschau<\/a>\u00a0(23.12.2022)<\/li>\n<li><a href=\"https:\/\/www.freiburg-schwarzwald.de\/blog\/muezzinruf-an-moschee-in-koeln\/\">Muezzinruf an Moschee in K\u00f6ln<\/a>\u00a0(14.10.2022)<\/li>\n<li><a href=\"https:\/\/www.freiburg-schwarzwald.de\/blog\/antidiskriminierungsbeauftragte\/\">Antidiskriminierungsbeauftragte<\/a>\u00a0(23.6.2022)<\/li>\n<li><a href=\"https:\/\/www.freiburg-schwarzwald.de\/blog\/drecks-jude-medien-schweigen\/\">Drecks Jude: Medien schweigen<\/a> (22.4.2022)<\/li>\n<li><a href=\"https:\/\/www.freiburg-schwarzwald.de\/blog\/business\/gesund\/corona-virus\/corona-migration\/\">Ahmad Mansour: 90 Prozent haben einen Migrationshintergrund<\/a> (11.10.2021)<\/li>\n<li><a title=\"Islam-Antisemitismus\" href=\"https:\/\/www.freiburg-schwarzwald.de\/blog\/religion\/islam\/islam-antisemitismus\/\">Die Statistik der Polizei zum Islam-Antisemitismus ist falsch<\/a> (20.12.2018)<\/li>\n<li><a title=\"Islam-Konferenz\" href=\"https:\/\/www.freiburg-schwarzwald.de\/blog\/religion\/islam\/islam-konferenz\/\">4. Deutsche Islam-Konferenz \u2013 Islam-Kritiker f\u00fcrchten um ihr Leben<\/a> (28.11.2018)<\/li>\n<li><a title=\"Journalismus\" href=\"https:\/\/www.freiburg-schwarzwald.de\/blog\/kultur\/medien\/journalismus\/\">Hamed Abdel-Samad, Constantin Schreiber, Ahmad Mansour: Keine Meinungsfreiheit an DJS<\/a>\u00a0(27.11.2018)<\/li>\n<li><a href=\"https:\/\/www.freiburg-schwarzwald.de\/blog\/antisemitismus-film-arte-wdr\/\">https:\/\/www.freiburg-schwarzwald.de\/blog\/antisemitismus-film-arte-wdr\/<\/a> (22.6.2017)<\/li>\n<li><a title=\"Islam-Sexualitaet\" href=\"https:\/\/www.freiburg-schwarzwald.de\/blog\/religion\/islam\/islam-sexualitaet\/\">Unterdr\u00fcckte Sexualitaet macht Muslime gewaltt\u00e4tig<\/a> (20.9.2016)<\/li>\n<li><a href=\"https:\/\/www.freiburg-schwarzwald.de\/blog\/demokratie-meinungsfreiheit\">https:\/\/www.freiburg-schwarzwald.de\/blog\/demokratie-meinungsfreiheit<\/a>\/ (23.1.2015)<\/li>\n<li><a href=\"https:\/\/www.freiburg-schwarzwald.de\/blog\/islam-gehoert-zu-deutschland\">https:\/\/www.freiburg-schwarzwald.de\/blog\/islam-gehoert-zu-deutschland<\/a>\/ (18.1.2015)<\/li>\n<li>Die Muslime haben keine Antwort auf den Radikalismus\u00a0 (13.1.2015)<\/li>\n<li><a href=\"https:\/\/www.freiburg-schwarzwald.de\/blog\/vorbilder-statt-hassprediger\/\">https:\/\/www.freiburg-schwarzwald.de\/blog\/vorbilder-statt-hassprediger\/<\/a> (24.9.2014)<\/li>\n<li><\/li>\n<li>Ahmad Mansour<\/li>\n<li><a title=\"Abdel-Samad\" href=\"https:\/\/www.freiburg-schwarzwald.de\/blog\/religion\/islam\/abdel-samad\/\">Abdel-Samad<\/a><\/li>\n<li><a href=\"https:\/\/www.freiburg-schwarzwald.de\/blog\/clan\/\">Clan<\/a><\/li>\n<li><a title=\"Islam-Organisationen\" href=\"https:\/\/www.freiburg-schwarzwald.de\/blog\/religion\/islam\/islam-organisationen\/\">Islam-Organisationen<\/a><\/li>\n<li><a title=\"Islam-Reformen\" href=\"https:\/\/www.freiburg-schwarzwald.de\/blog\/religion\/islam\/islam-reformen\/\">Islam-Reformen<\/a><\/li>\n<li><a title=\"Islam-Sexualitaet\" href=\"https:\/\/www.freiburg-schwarzwald.de\/blog\/religion\/islam\/islam-sexualitaet\/\">Islam-Sexualitaet<\/a><\/li>\n<li><a title=\"Kelek\" href=\"https:\/\/www.freiburg-schwarzwald.de\/blog\/religion\/islam\/kelek\/\">Kelek Necla<\/a><\/li>\n<\/ul>\n<p>&nbsp;<\/p>\n<p><strong>Ahmad Mansour<\/strong><br \/>\nDer 38-j\u00e4hrige, in Israel aufgewachsene Pal\u00e4stinenser\u00a0Ahmad Mansour ist Psychologe\u00a0und arbeitet in Berlin mit radikalisierten Muslimen, die die IS-Terroristen in Syrien bewundern. Der gl\u00e4ubige Muslim war in seiner Jugend als Islamist unterwegs.\u00a0In Deutschland ist Mansour eine wichtige und rare muslimische Stimme, die\u00a0den Islam dezidiert zu Reformen auffordert.\u00a0F\u00fcr seine Arbeit erhielt er den Moses-Mendelssohn-Preis zur F\u00f6rderung der Toleranz.<br \/>\n<a href=\"www.ahmad-mansour.com\/de%20\">www.ahmad-mansour.com\/de<\/a><\/p>\n<p>.<a href=\"www.ahmad-mansour.com\/de%20\"><br \/>\n<\/a>&#8222;Diejenigen, die in dieses Land kommen und schon nach ein, zwei Jahren kriminell werden, brauchen ganz klare Botschaften der Gesellschaft.\u00a0Sie m\u00fcssen mit Konsequenzen rechnen.<br \/>\nAls ich hierher kam, bin ich nicht mal bei Rot \u00fcber die Ampel gegangen, weil ich Angst hatte, dass es meinen Aufenthalt beeintr\u00e4chtigt. Das mu\u00df bei allen \u00e4hnlich ankommen.<br \/>\nWir brauchen eine starke <a title=\"Justiz\" href=\"https:\/\/www.freiburg-schwarzwald.de\/blog\/selbsthilfe\/soziales\/justiz\/\">Justiz<\/a>,<br \/>\neine starke <a title=\"Polizei\" href=\"https:\/\/www.freiburg-schwarzwald.de\/blog\/selbsthilfe\/soziales\/justiz\/polizei\/\">Polizei<\/a>,<br \/>\neinen starken <a title=\"Rechtsstaat\" href=\"https:\/\/www.freiburg-schwarzwald.de\/blog\/selbsthilfe\/soziales\/justiz\/rechtsstaat\/\">Rechtsstaat<\/a>.<br \/>\nUnser Land wird da oft als zu schwach wahrgenommen, auch weil viele Migranten aus autorit\u00e4ren\u00a0Gesellschaften kommen. &#8220;<br \/>\nAhmad Mansour, Islamexperte und Autor.<br \/>\nN\u00fcrnberger Nachrichten am 11.1.2018<a href=\"www.ahmad-mansour.com\/de%20\"><br \/>\n<\/a><\/p>\n<p>Der Extremismus-Experte Ahmad Mansour (\u201eKlartext zur Integration\u201c, Fischer Verlag) kann sich ebenfalls nur mit Polizeischutz vor die T\u00fcr trauen. Mansour: \u201eSelbst als Moslem werde ich attackiert, nur weil ich einzelne Aspekte des Islam kritisiere.\u201c Seinen Wohnort h\u00e4lt er geheim, auch die Namen seiner Familienangeh\u00f6rigen gibt er nicht preis. Vielen Islam-Verb\u00e4nden wirft er vor, ihn nicht zu unterst\u00fctzen, sondern \u201ean der Diffamierung\u201c kritischer Muslime mitzuwirken.<\/p>\n<div id=\"attachment_69188\" style=\"width: 650px\" class=\"wp-caption alignnone\"><a href=\"https:\/\/www.freiburg-schwarzwald.de\/blog\/meinungsvielfalt-medienvielfalt\/abdel-samad-ates-manour-pan20181128\/\" rel=\"attachment wp-att-69188\"><img loading=\"lazy\" decoding=\"async\" aria-describedby=\"caption-attachment-69188\" class=\"size-full wp-image-69188\" src=\"https:\/\/www.freiburg-schwarzwald.de\/blog\/wp-content\/uploads\/2018\/11\/Abdel-Samad-Ates-Manour-pan20181128.jpg\" alt=\"Hamed Abdel-Samad, Seyran Ates und Ahmad Mansour (rechts) auf der 4. Islam-Konferenz am 28.11.2018\" width=\"640\" height=\"367\" srcset=\"https:\/\/www.freiburg-schwarzwald.de\/blog\/wp-content\/uploads\/2018\/11\/Abdel-Samad-Ates-Manour-pan20181128.jpg 640w, https:\/\/www.freiburg-schwarzwald.de\/blog\/wp-content\/uploads\/2018\/11\/Abdel-Samad-Ates-Manour-pan20181128-180x103.jpg 180w\" sizes=\"auto, (max-width: 640px) 100vw, 640px\" \/><\/a><p id=\"caption-attachment-69188\" class=\"wp-caption-text\">Hamed Abdel-Samad, Seyran Ates und Ahmad Mansour (rechts) auf der 4. Islam-Konferenz am 28.11.2018<\/p><\/div>\n<p>Hamed Abdel-Samad, Seyran Ates und Ahmad Mansour (v.\u2009l.\u2009n.\u2009r.) auf der Deutschen Islam Konferenz, insgesamt werden sie von 15 Leibw\u00e4chtern besch\u00fctzt, drei davon stehen direkt hinter ihnen<br \/>\n===========================================<br \/>\n,<\/p>\n<p><strong>Islamismuskritiker unter Beschuss<\/strong><br \/>\nEin britisch-muslimisches Online-Magazin bezichtigt den Psychologen Ahmad Mansour, seine Lebensgeschichte gef\u00e4lscht zu haben. Ein FAZ-Redakteur verbreitet den Artikel auf Twitter weiter. Sieht man sich die Sache genauer an, bleibt von den Vorw\u00fcrfen nichts \u00fcbrig.<br \/>\n&#8230; Alles vom 5.7.2023 bitte lesen auf<br \/>\n<a href=\"https:\/\/www.cicero.de\/innenpolitik\/ahmad-mansour-hyphen-james-jackson-reinhard-bingener\">https:\/\/www.cicero.de\/innenpolitik\/ahmad-mansour-hyphen-james-jackson-reinhard-bingener<\/a><\/p>\n<p>&nbsp;<\/p>\n<p><strong>Die Muslime haben keine Antwort auf den Radikalismus<\/strong><br \/>\nIch kritisiere nicht den Islam an sich, sondern problematische Inhalte dieser Religion. Ich versuche zu differenzieren. Der Islam, den meine Mutter lebt, ist nicht der Islam der IS-Terroristen, der Muslimbr\u00fcder oder der <a title=\"Islam-Organisationen\" href=\"https:\/\/www.freiburg-schwarzwald.de\/blog\/religion\/islam\/islam-organisationen\/\">politischen Verb\u00e4nde, die in Europa die Muslime vertreten <\/a>wollen. Was ich problematisch finde, sind religi\u00f6se Inhalte wie die Angstp\u00e4dagogik. Dass also Kinder mit einem Gott aufwachsen, der mit Himmel, H\u00f6lle und Strafe droht und keine Zweifel an seinem Wort im Koran zul\u00e4sst. Ich kritisiere, dass die Sexualit\u00e4t tabuisiert und als S\u00fcnde betrachtet wird. Dass Jugendliche nicht frei entscheiden k\u00f6nnen. Ich kritisiere einen buchstabengetreuen Glauben. Das sind Religionsinhalte, die wir in einer demokratischen Gesellschaft nicht akzeptieren d\u00fcrfen&#8230;..<br \/>\nAlles von Ahmad Manour vom 13.1.2015 bitte lesen auf<br \/>\n<a href=\"https:\/\/www.bernerzeitung.ch\/region\/bern\/Die-Muslime-haben-keine-Antwort-auf-den-Radikalismus\/story\/26010017\">https:\/\/www.bernerzeitung.ch\/region\/bern\/Die-Muslime-haben-keine-Antwort-auf-den-Radikalismus\/story\/26010017<\/a><\/p>\n<p>&nbsp;<\/p>\n<p><strong>Ein Verbrechen am Kind: Angstp\u00e4dagogik im Namen des strafenden Gottes<\/strong><br \/>\nRedet der Mann jetzt vom Islam oder vom Katholizismus? Ich seh da keinen Unterschied:<span class=\"Apple-converted-space\"><span style=\"color: #333333; font-family: Georgia;\">\u00a0<\/span><\/span>&#8222;Was ich problematisch finde, sind religi\u00f6se Inhalte wie die Angstp\u00e4dagogik. Dass also Kinder mit einem Gott aufwachsen, der mit Himmel, H\u00f6lle und Strafe droht und keine Zweifel an seinem Wort im Koran zul\u00e4sst. Ich kritisiere, dass die Sexualit\u00e4t tabuisiert und als S\u00fcnde betrachtet wird. Dass Jugendliche nicht frei entscheiden k\u00f6nnen. Ich kritisiere einen buchstabengetreuen Glauben. Das sind Religionsinhalte, die wir in einer demokratischen Gesellschaft nicht akzeptieren d\u00fcrfen.&#8220; Ansonsten: 1000 Dank f\u00fcr dieses aufschlussreiche Interview.<br \/>\n13.1.2015, Urban Zuercher<\/p>\n<p><strong>Hausgemachtes Problem der Weltreligion Islam<\/strong><br \/>\nHervorragendes Interview mit Ahmad Mansour, mit einem Mann, der weiss wovon er spricht und nicht nur wor\u00fcber. Undogmatisch, kritisch, differenziert und v.a. mutig. Vergleichbare selbstkritische Interviews gab es in den letzten Tagen einige, so z.b. mit Mouhanad Khorchide, der auch den Islam in die Pflicht nahm anstatt ihn, wie bei uns reflexartig \u00fcblich, aus der Verantwortung zu nehmen. Diese Stimmen machen Hoffnung, obwohl es sp\u00e4t ist daf\u00fcr. Aber genau diese Reaktionen braucht es, denn eigentlich ist der Salafismus ein hausgemachtes Problem der Weltreligion Islam, und nur ein innerislamischer Kampf der Kulturen kann ihn eind\u00e4mmen.<span class=\"Apple-converted-space\"><span style=\"color: #333333; font-family: Georgia;\">\u00a0<\/span><\/span><br \/>\n13.1.2015, Martin Frey<\/p>\n<p><strong>Es br\u00e4uchte viele Manour&#8217;s<\/strong>, um etwas in der, nennen wir es mal &#8222;Islamischen Gemeinschaft&#8220; zu bewirken. &#8211; Aber eines ist sicher: Ahmad Mansour ist bereits jetzt eine Zielscheibe. Und er muss auf sich, sein Leben und seine Lieben aufpassen. Denn bereits eine kleine kritische \u00c4usserung reicht aus, um die radikalen Muslime in Rage zu versetzen.<span class=\"Apple-converted-space\"><span style=\"color: #333333; font-family: Georgia;\">\u00a0<\/span><\/span><br \/>\n12.1.2015, Minkail Nasir<\/p>\n<p><strong>Kindererziehung in der muslimischen Familie mu\u00df sich \u00e4ndern<\/strong><br \/>\n&#8222;Im Haus muss beginnen was draussen leuchtendes Beispiel sein soll &#8211; dies gilt fuer die Erziehung der Jugend, egal welcher Religion ihre Eltern angehoeren. Die Jugend ist empfaenglich fuer bewusste Fehlinformation, fehlt ihnen doch die Erfahrung diese zu ueberpruefen. Einzige Hoffnung sind Aussagen wie in diesem ausgezeichneten Interview und Muslime wie Nichtmuslime die Gedanken weitertragen (Bruno Fr\u00f6hlich).&#8220;<br \/>\nIm Haus? &#8211; Frage: Wie ist die Struktur einer muslimischen Familie? &#8211; Pyramidenf\u00f6rmig, d.h. der Vater ist das Oberhaupt, die Mutter erzieht, w\u00e4scht und kocht und hat nichts zu melden. Wie also stellen Sie sich vor, dass v.a. die M\u00e4dchen aus solchen H\u00e4usern kommen? &#8211; Als forschrittliche, selbstbewusste Frauen? &#8211; Es braucht drei Generationen, bis zum Zeitpunkt 0. &#8211; Und die erste ist nirgends in Sicht<br \/>\n13.1.2015, Shannon Greber-Miller<\/p>\n","protected":false},"excerpt":{"rendered":"<p>Home &gt;Religion &gt;Islam &gt;Mansour &nbsp; Listenauswahl eines Beitrags: Bitte anklicken oder runterscrollen Ramadan Fastenzeit \u2013 Frieden\u00a0(20.2.2026) Drusen ermordet \u2013 Berlin jubelt (23.7.2025) Mansour zu Aschaffenburg: \u201eIch versp\u00fcre eine Wut auf die Politik\u201c\u00a0 (30.1.2025) Mansour: \u201eWas bleibt von uns, wenn die &hellip; <a href=\"https:\/\/www.freiburg-schwarzwald.de\/blog\/religion\/islam\/mansour\/\">Weiterlesen <span class=\"meta-nav\">&rarr;<\/span><\/a><\/p>\n","protected":false},"author":2,"featured_media":0,"parent":12111,"menu_order":0,"comment_status":"open","ping_status":"closed","template":"","meta":{"footnotes":""},"class_list":["post-53098","page","type-page","status-publish","hentry"],"_links":{"self":[{"href":"https:\/\/www.freiburg-schwarzwald.de\/blog\/wp-json\/wp\/v2\/pages\/53098","targetHints":{"allow":["GET"]}}],"collection":[{"href":"https:\/\/www.freiburg-schwarzwald.de\/blog\/wp-json\/wp\/v2\/pages"}],"about":[{"href":"https:\/\/www.freiburg-schwarzwald.de\/blog\/wp-json\/wp\/v2\/types\/page"}],"author":[{"embeddable":true,"href":"https:\/\/www.freiburg-schwarzwald.de\/blog\/wp-json\/wp\/v2\/users\/2"}],"replies":[{"embeddable":true,"href":"https:\/\/www.freiburg-schwarzwald.de\/blog\/wp-json\/wp\/v2\/comments?post=53098"}],"version-history":[{"count":5,"href":"https:\/\/www.freiburg-schwarzwald.de\/blog\/wp-json\/wp\/v2\/pages\/53098\/revisions"}],"predecessor-version":[{"id":145926,"href":"https:\/\/www.freiburg-schwarzwald.de\/blog\/wp-json\/wp\/v2\/pages\/53098\/revisions\/145926"}],"up":[{"embeddable":true,"href":"https:\/\/www.freiburg-schwarzwald.de\/blog\/wp-json\/wp\/v2\/pages\/12111"}],"wp:attachment":[{"href":"https:\/\/www.freiburg-schwarzwald.de\/blog\/wp-json\/wp\/v2\/media?parent=53098"}],"curies":[{"name":"wp","href":"https:\/\/api.w.org\/{rel}","templated":true}]}}