{"id":52633,"date":"2015-01-11T21:35:23","date_gmt":"2015-01-11T20:35:23","guid":{"rendered":"https:\/\/www.freiburg-schwarzwald.de\/blog\/?page_id=52633"},"modified":"2026-05-20T22:12:47","modified_gmt":"2026-05-20T20:12:47","slug":"islam-reformen","status":"publish","type":"page","link":"https:\/\/www.freiburg-schwarzwald.de\/blog\/religion\/islam\/islam-reformen\/","title":{"rendered":"Islam-Reformen"},"content":{"rendered":"<p><a href=\"https:\/\/freiburg-schwarzwald.de\/blog\">Home<\/a> &gt;<a title=\"Religion\" href=\"https:\/\/www.freiburg-schwarzwald.de\/blog\/religion\/\">Religion<\/a> &gt;<a title=\"Islam\" href=\"https:\/\/www.freiburg-schwarzwald.de\/blog\/religion\/islam\/\">Islam<\/a> &gt;Islam-Reformen<\/p>\n<div id=\"attachment_50998\" style=\"width: 649px\" class=\"wp-caption alignnone\"><a href=\"https:\/\/www.freiburg-schwarzwald.de\/blog\/global\/iran\/isfahan\/isfahan0imam-platz-pan141018\/\" rel=\"attachment wp-att-50998\"><img loading=\"lazy\" decoding=\"async\" aria-describedby=\"caption-attachment-50998\" class=\"size-full wp-image-50998\" src=\"https:\/\/www.freiburg-schwarzwald.de\/blog\/wp-content\/uploads\/2014\/10\/isfahan0imam-platz-pan141018.jpg\" alt=\"Blick nach Westen \u00fcber den Imam-Platz zur Moschee in Isfahan am 16.10.2014\" width=\"639\" height=\"246\" srcset=\"https:\/\/www.freiburg-schwarzwald.de\/blog\/wp-content\/uploads\/2014\/10\/isfahan0imam-platz-pan141018.jpg 639w, https:\/\/www.freiburg-schwarzwald.de\/blog\/wp-content\/uploads\/2014\/10\/isfahan0imam-platz-pan141018-180x69.jpg 180w\" sizes=\"auto, (max-width: 639px) 100vw, 639px\" \/><\/a><p id=\"caption-attachment-50998\" class=\"wp-caption-text\">Blick nach Westen \u00fcber den Imam-Platz zur Moschee in Isfahan am 16.10.2014<\/p><\/div>\n<p>&nbsp;<\/p>\n<ul>\n<li><em>Listenauswahl eines Beitrags (Artikel\/Datum, Seite\/Inhalt):\u00a0<span style=\"text-decoration: underline;\">Klicken<\/span><\/em>\u00a0<em>oder scrollen<\/em><\/li>\n<li><a href=\"https:\/\/www.freiburg-schwarzwald.de\/blog\/religion\/islam\/islam-liberal\/\">Warum der Islamismus als dritter Totalitarismus \u00fcbersehen wurde<\/a>\u00a0(20.5.2026)<\/li>\n<li><a href=\"https:\/\/www.freiburg-schwarzwald.de\/blog\/ramadan-im-oeffentlichen-raum\/\">Ramadan im \u00f6ffentlichen Raum? Nein<\/a>\u00a0(8.3.2026)<\/li>\n<li><a href=\"https:\/\/www.freiburg-schwarzwald.de\/blog\/ramadan-fastenzeit-frieden\/\">Ramadan Fastenzeit \u2013 Frieden<\/a>\u00a0(20.2.2026)<\/li>\n<li><a href=\"https:\/\/www.freiburg-schwarzwald.de\/blog\/religion\/islam\/islamkritik\/\">Susanne Schr\u00f6ter: Die letzte islamkritische Bastion an deutschen Unis wird geschlossen<\/a> (5.9.2025)<\/li>\n<li><a href=\"https:\/\/www.freiburg-schwarzwald.de\/blog\/global\/migration\/radikal\/\">Studie Uni M\u00fcnster \u2013 Khorchide: 20 % der Muslime neigen zu Radikalit\u00e4t<\/a>\u00a0(2.6.2025)<\/li>\n<li><a href=\"https:\/\/www.freiburg-schwarzwald.de\/blog\/religion\/islam\/abdel-samad\/\">Hamed Abdel-Samad: Der Preis der Freiheit<\/a>\u00a0(3.11.2024)<\/li>\n<li><a href=\"https:\/\/www.freiburg-schwarzwald.de\/blog\/konservativ-muslime-deutschehe\/\">konservativ: Muslime \u2013 Deutsche<\/a>\u00a0(28.4.2024)<\/li>\n<li><a href=\"https:\/\/www.freiburg-schwarzwald.de\/blog\/religion\/islam\/islam-zunahme\/\">Islam: dezentral organisierter, aber letztlich einheitlich agierender Gro\u00dforganismus<\/a>\u00a0(14.4.2023)<\/li>\n<li><a href=\"https:\/\/www.freiburg-schwarzwald.de\/blog\/antisemitismusforscher-ley-tot\/\">Antisemitismusforscher Michael Ley ist tot<\/a>\u00a0(2.11.2023)<\/li>\n<li><a href=\"https:\/\/www.freiburg-schwarzwald.de\/blog\/religion\/islam\/ourghi\/\">Streitbarer Freiburger Islamwissenschaftler Ourghi ergr\u00fcndet die islamische Judenfeindlichkeit<\/a>\u00a0(9.7.2023)<\/li>\n<li><a href=\"https:\/\/www.freiburg-schwarzwald.de\/blog\/gewaltmonopol-und-integration\/\">Gewaltmonopol und Integration<\/a>\u00a0(9.1.2023)<\/li>\n<li><a href=\"https:\/\/www.freiburg-schwarzwald.de\/blog\/migration-in-ard-tagesschau\/\">Migration in ARD-Tagesschau<\/a>\u00a0(23.12.2022)<\/li>\n<li>Imam Dr. Mustafa Rashed aus Sidney zur Causa M. St\u00fcrzenberger und anderen islamkritischen Fragen! (17.9.2022)<\/li>\n<li><a href=\"https:\/\/www.freiburg-schwarzwald.de\/blog\/engagement\/zukunft\/demokratie\/nation\/nation-building\/\">Universalismus-Anspruch des Westens ist am Ende<\/a>\u00a0(27.8.2021)<\/li>\n<li><a href=\"https:\/\/www.freiburg-schwarzwald.de\/blog\/religion\/islam\/ourghi\/\">Stiftung will dem Islam-P\u00e4dagogen Ourghi die Lehrerlaubnis entziehen<\/a>\u00a0(28.6.2021)<\/li>\n<li>Ethnologin Susanne Schr\u00f6ter: Islamkritik hat nichts mit rechts zu tun (16.12.2020)<\/li>\n<li><a href=\"https:\/\/www.freiburg-schwarzwald.de\/blog\/freiheitliche-grundordnung\/\">Freiheitlich-demokratische Grundordnung ist \u00fcberlegen \u2013 Ayaan Hirsi Al<\/a>i (1.12.2020)<\/li>\n<li><a title=\"Alles Deutsche schlecht reden\" href=\"https:\/\/www.freiburg-schwarzwald.de\/blog\/alles-deutsche-schlecht-reden\/\">Alles Deutsche schlecht reden<\/a>\u00a0(27.11.2019)<\/li>\n<li><a href=\"https:\/\/www.freiburg-schwarzwald.de\/blog\/trennung-religion-und-staat\/\">https:\/\/www.freiburg-schwarzwald.de\/blog\/trennung-religion-und-staat\/<\/a>\u00a0(19.3.2019)<\/li>\n<li>Liberaler Islam als L\u00f6sung in Europa (13.3.2019)<\/li>\n<li><a title=\"Islam-Konferenz\" href=\"https:\/\/www.freiburg-schwarzwald.de\/blog\/religion\/islam\/islam-konferenz\/\">4. Deutsche Islam-Konferenz \u2013 Islam-Kritiker f\u00fcrchten um ihr Leben<\/a> (28.11.2018)<\/li>\n<li>Real existierender Traditions-Islam &#8211; zuk\u00fcnftiger Reform-Islam (14.11.2018)<\/li>\n<li>Die Krankheit des Islams (10.11.2018)<\/li>\n<li>Islam ohne Aufkl\u00e4rung (6.4.2018)<\/li>\n<li>Blume: Nur Reduzierung von Waffenexport und \u00d6lnachfrage reformiert den Islam (10.3.2018)<\/li>\n<li><a title=\"Taquia\" href=\"https:\/\/www.freiburg-schwarzwald.de\/blog\/religion\/islam\/taquia\/\">Islamkritiker Mimoun Azizi \u2013 \u00a0Verfolgter oder Taquia?<\/a> \u00a0(22.6.2017)<\/li>\n<li>Europa-Islam ist nicht realisierbar (16.6.2017)<\/li>\n<li>Der syrische Prof Bassam Tibi als Erfinder des Euro-Islam r\u00e4umt sein Scheitern ein (4.7.2016)<\/li>\n<li>Safeta Obhodjas &#8211; Muslimische Islamkritikerin (28.6.2016)<\/li>\n<li>Bassam Tibi: Kopftuch-Islam hat \u00fcber den Euro-Islam gesiegt (27.5.2016)<\/li>\n<li><a href=\"https:\/\/www.freiburg-schwarzwald.de\/blog\/ourghi-fordert-islamkritik-in-d\/\">https:\/\/www.freiburg-schwarzwald.de\/blog\/ourghi-fordert-islamkritik-in-d\/<\/a> (5.5.2016)<\/li>\n<li>Gauck nennt Islam das &#8222;aufregende Kapitel deutscher Gegenwartsgeschichte&#8220; (2.4.2016)<\/li>\n<li>Pluralit\u00e4tsf\u00e4higer Euro-Islam fehlt (15.3.2016)<\/li>\n<li>Islam mit Demokratie vereinbar? (24.3.2016)<\/li>\n<li><a href=\"https:\/\/www.freiburg-schwarzwald.de\/blog\/ahmadiyya-gegen-frauenrechte\/\">https:\/\/www.freiburg-schwarzwald.de\/blog\/ahmadiyya-gegen-frauenrechte\/<\/a> (21.3.2016)<\/li>\n<li>Deutsche Aufkl\u00e4rer unterst\u00fctzen muslimische Reformer nicht &#8211; in D regiert der Ditib-Standard-Islam (11.1.2016)<\/li>\n<li>So will ein belgischer Imam den Islamismus stoppen (28.12.2015)<\/li>\n<li>Nach dem Terror: Muslime m\u00fcssen sich den Spiegel vorhalten (19.11.2015)<\/li>\n<li>In der Al-Aqsa-Moschee in Jerusalem (5.10.2015)<\/li>\n<li>Traditioneller Islam schweigt zum Terror\u00a0und vergibt Chance (24.4.2015)<\/li>\n<li>Ayan Hirsi Ali: f\u00fcnf Ideen zur Reform des Islam (1.4.2015)<\/li>\n<li>Euro-Islam, von den\u00a0Verb\u00e4nden bek\u00e4mpft, ist heute noch reines Wunschdenken (26.3.2015)<\/li>\n<li>Milad Karimi &#8211; Islamische Theologie Uni M\u00fcnster (21.3.2015)<\/li>\n<li><a href=\"https:\/\/www.freiburg-schwarzwald.de\/blog\/europa-leitkultur-aufklaerung\">https:\/\/www.freiburg-schwarzwald.de\/blog\/europa-leitkultur-aufklaerung<\/a>\/ (16.3.2015)<\/li>\n<li>Islamismus geh\u00f6rt zum Islam &#8211; IS wurde nicht vom Islam ausgeschlossen (25.2.2015)<\/li>\n<li>Reform des Islam kann nur von Europa ausgehen (15.2.2015)<\/li>\n<li>Koran liefert den Jugendlichen die Legitimation zur Gewaltaus\u00fcbung (7.2.2015)<\/li>\n<li>Europa braucht einen neuen Islam &#8211;\u00a0innerislamischer Dialog findet nirgendwo statt\u00a0 (27.1.2015)<\/li>\n<li>Wir m\u00fcssen den Islam zu Reformen verpflichten (12.1.2015)<\/li>\n<li><a href=\"https:\/\/www.freiburg-schwarzwald.de\/blog\/multikulti-versus-leitkultur-in-d\">https:\/\/www.freiburg-schwarzwald.de\/blog\/multikulti-versus-leitkultur-in-d<\/a>\u00a0(25.1.2015)<\/li>\n<li><a href=\"https:\/\/www.freiburg-schwarzwald.de\/blog\/demokratie-meinungsfreiheit\">https:\/\/www.freiburg-schwarzwald.de\/blog\/demokratie-meinungsfreiheit<\/a> (23.1.2015)<\/li>\n<li>Euro-Islam unterst\u00fctzen (22.1.2015)<\/li>\n<li><a href=\"https:\/\/www.freiburg-schwarzwald.de\/blog\/islam-gehoert-zu-deutschland\">https:\/\/www.freiburg-schwarzwald.de\/blog\/islam-gehoert-zu-deutschland<\/a>\/ (18.1.2015)<\/li>\n<li>Verb\u00e4nde schulen Imame vor allem im Ausland (15.1.2015)<\/li>\n<li>3\/4 der Muslime sind der Meinung: Koran nicht reformierbar? (14.1.2015)<\/li>\n<li>Muslime schlie\u00dfen sich selber aus (13.1.2015)<\/li>\n<li><a href=\"https:\/\/www.freiburg-schwarzwald.de\/blog\/islam-demokratie-islam-reform\/\">https:\/\/www.freiburg-schwarzwald.de\/blog\/islam-demokratie-islam-reform\/<\/a> (13.1.2015)<\/li>\n<li>Reform des Islams in Deutschland\u00a0 (12.1.2015)<\/li>\n<li>Islam-Verb\u00e4nde f\u00fcr Organisation &#8211; Islam-Fundamentalisten f\u00fcr Theologie? (1.1.2015)<\/li>\n<li>Es gibt das &#8222;Neue Testament&#8220;, aber keinen &#8222;Neuen Koran&#8220; (31.12.2014)<\/li>\n<li><a title=\"Religionsunterricht\" href=\"https:\/\/www.freiburg-schwarzwald.de\/blog\/religion\/religionsunterricht\/\">Konservativer Islam gegen Reformdenker &#8211; Ein Kulturkampf auf deutschem, akademischem Terrain?<\/a> (11.12.2014)<\/li>\n<li>Abdolkarim Sorush &#8211; iranischer Reformislamer (31.1.2014)<\/li>\n<li>90 Prozent der Islam-Inhalte salafistisch orientiert &#8211; Jugendliche brauchen Vorbilder\u00a0 (5.9.2014)<\/li>\n<li>Reformislam Ende des 19. Jahrhundert<\/li>\n<li>Katajun Amirpur &#8222;Den Islam neu denken&#8220; &#8211; moderne Koranauslegung (28.10.2013)<\/li>\n<li>Euroislam von Bassam Tibi &#8211; Islam an religi\u00f6sen Pluralismus anpassen (30.5.2002)<\/li>\n<li>Frauen werden in der gesamten islamischen Welt zumindest ungleich behandelt<\/li>\n<li>Reform des Islams mu\u00df von innen erfolgen \u00a0(2012)<\/li>\n<li><\/li>\n<li>Reform-Islam &#8211; kritische Muslime, Journalisten, Professoren<\/li>\n<li><a title=\"Islam-Fatwa\" href=\"https:\/\/www.freiburg-schwarzwald.de\/blog\/religion\/islam\/islam-fatwa\/\">Fatwa<\/a><\/li>\n<li><a title=\"Islamisierung\" href=\"https:\/\/www.freiburg-schwarzwald.de\/blog\/religion\/islam\/islamisierung\/\">Islamisierung<\/a><\/li>\n<li><a title=\"Islamkonferenz\" href=\"https:\/\/www.freiburg-schwarzwald.de\/blog\/religion\/islam\/islamkonferenz\/\">Islamkonferenz<\/a><\/li>\n<li><a title=\"Islam-Organisationen\" href=\"https:\/\/www.freiburg-schwarzwald.de\/blog\/religion\/islam\/islam-organisationen\/\">Islamverb\u00e4nde<\/a><\/li>\n<li><a href=\"https:\/\/www.freiburg-schwarzwald.de\/blog\/religion\/islam\/islam-liberal\/\">Islam-liberal<\/a><\/li>\n<li><a href=\"https:\/\/www.freiburg-schwarzwald.de\/blog\/religion\/islam\/islam-zunahme\/\">Islam-Zunahme<\/a><\/li>\n<li><a title=\"Kelek\" href=\"https:\/\/www.freiburg-schwarzwald.de\/blog\/religion\/islam\/kelek\/\">Kelek Necla<\/a><\/li>\n<li><a title=\"Kopftuch\" href=\"https:\/\/www.freiburg-schwarzwald.de\/blog\/kopftuch\/\">Kopftuch<\/a><\/li>\n<li><a title=\"Koran\" href=\"https:\/\/www.freiburg-schwarzwald.de\/blog\/religion\/islam\/koran\/\">Koran<\/a><\/li>\n<li><a title=\"Mansour\" href=\"https:\/\/www.freiburg-schwarzwald.de\/blog\/religion\/islam\/mansour\/\">Mansour<\/a><\/li>\n<li><a title=\"Migrationshintergrund\" href=\"https:\/\/www.freiburg-schwarzwald.de\/blog\/global\/migration\/migrationshintergrund\/\">Migrationshintergrund<\/a><\/li>\n<li><a title=\"Ourghi\" href=\"https:\/\/www.freiburg-schwarzwald.de\/blog\/religion\/islam\/ourghi\/\">Ourghi, Abdel-Hakim<\/a><\/li>\n<li><a href=\"https:\/\/www.freiburg-schwarzwald.de\/blog\/global\/migration\/radikal\/\">radikal<\/a><\/li>\n<li><a title=\"Religionsunterricht\" href=\"https:\/\/www.freiburg-schwarzwald.de\/blog\/religion\/religionsunterricht\/\">Religionsunterricht<\/a><\/li>\n<li><a title=\"Abdel-Samad\" href=\"https:\/\/www.freiburg-schwarzwald.de\/blog\/religion\/islam\/abdel-samad\/\">Abdel-Samad<\/a><\/li>\n<li><a title=\"S\u00e4kularer-Islam\" href=\"https:\/\/www.freiburg-schwarzwald.de\/blog\/religion\/islam\/saekularer-islam\/\">S\u00e4kularer Islam &#8211; Initiative<\/a><\/li>\n<li><a title=\"Sufismus\" href=\"https:\/\/www.freiburg-schwarzwald.de\/blog\/religion\/islam\/sufismus\/\">Sufismus &#8211; Sufis<\/a><\/li>\n<li><a title=\"Tibi\" href=\"https:\/\/www.freiburg-schwarzwald.de\/blog\/global\/deutschland\/tibi\/\">Tibi &#8211; Bassam Tibi<\/a><\/li>\n<li><a title=\"Tuerkei\" href=\"https:\/\/www.freiburg-schwarzwald.de\/blog\/global\/tuerkei\/\">T\u00fcrkei<\/a><\/li>\n<li><a title=\"Volksislam\" href=\"https:\/\/www.freiburg-schwarzwald.de\/blog\/religion\/islam\/volksislam\/\">Volksislam<\/a><\/li>\n<\/ul>\n<p>&nbsp;<\/p>\n<p><strong>Reform-Islam &#8211; kritische Muslime, Journalisten, Professoren<\/strong><\/p>\n<p><a title=\"Abdel-Samad\" href=\"https:\/\/www.freiburg-schwarzwald.de\/blog\/religion\/islam\/abdel-samad\/\">Hamed Abdel-Samad<\/a><br \/>\nKatajun Amirpur &#8211; Uni Hamburg<br \/>\nSeran Ates<br \/>\nAyaan Hirsi Ali<br \/>\nKazem El Ghazzali<br \/>\nSineb El Masrar<br \/>\nTheo van Gogh<br \/>\nSabatina James<br \/>\nNecla Kelek<br \/>\nMuhanad Khorchide &#8211; Uni M\u00fcnster<br \/>\nAhmad Mansour &#8211; Berlin<br \/>\nYassin Nasri, Dubai<br \/>\nSafeta Obhodjas<br \/>\n<a title=\"Ourghi\" href=\"https:\/\/www.freiburg-schwarzwald.de\/blog\/religion\/islam\/ourghi\/\">Abdel-Hakim Ourghi<\/a><br \/>\nSalman Rushdie<br \/>\nAbdolkarim Sorush<br \/>\nBassam Tibi<br \/>\nMalala Yousafzai<\/p>\n<p>============================================<\/p>\n<p>&nbsp;<\/p>\n<p><strong>Imam Dr. Mustafa Rashed aus Sidney zur Causa M. St\u00fcrzenberger und anderen islamkritischen Fragen!<\/strong><br \/>\nim Interview mit Imad Karim<br \/>\n<a href=\"https:\/\/youtu.be\/59XRbZyonOY\">https:\/\/youtu.be\/59XRbZyonOY<\/a><br \/>\n18.9.2022<br \/>\nEinige Zitate:<br \/>\n70% der Medien weltweit stehen unter dem Einflu\u00df des radikalen Islam<br \/>\nIslamophobie gibt es nicht &#8211; wir Muslime sind selbst schuld.<br \/>\n95% der Terroranschl\u00e4ge weltweit werden von Muslimen ver\u00fcbt.<br \/>\nWenn ein muslimischer Terorist eingeb\u00fcrgert wurde, mu\u00df dies r\u00fcckg\u00e4ngig gemacht werden.<br \/>\nEs herrschen bei uns mitelalterliche Moralvorstellungen &#8211; leider:<br \/>\nMuslime im Westen sind mehrheitlich liberal. Aber die die sadas Sagen haben, sind radikal.<br \/>\n\u00dcber 70 % der Moscheen in der EU werden vom politischenIslam gef\u00fchrt.<br \/>\nMichael St\u00fcrzenberger hat den politischen Islam kritisiert und nicht den Islam an sich. Dieser Richter verurteilt jemanden, der andere warnt vor dem politischen Islam, nicht vor dem spirituellen Islam.<br \/>\nSkandal-Urteil f\u00fcr Michael St\u00fcrzenberger | Im Gespr\u00e4ch mit Helmut Reinhardt<br \/>\n<a href=\"https:\/\/youtu.be\/bjWMPz9LYKE\">https:\/\/youtu.be\/bjWMPz9LYKE<\/a>, 17.9.2022<\/p>\n<p>&nbsp;<\/p>\n<p><strong>Ethnologin Susanne Schr\u00f6ter: Islamkritik hat nichts mit rechts zu tun<\/strong><br \/>\nOliver Gierens: H\u00e4ufig wird als Gegenargument ge\u00e4u\u00dfert, man w\u00fcrde mit Islamkritik \u201eden Rechten\u201c, insbesondere der AfD, in die H\u00e4nde spielen. Ist das stichhaltig?<br \/>\n<a href=\"https:\/\/www.freiburg-schwarzwald.de\/blog\/uni-gesinnung-statt-argumente\/\">Susanne Schr\u00f6ter:<\/a> Das ist Unsinn. Erstens ist Religionskritik als Erbe der Aufkl\u00e4rung in unserer Kultur fest verankert und kommt urspr\u00fcnglich aus der politischen Linken. Zweitens haben diejenigen, die Islamkritik als \u201erechts\u201c diskreditieren, in der Regel nichts dagegen, die katholische Kirche zu kritisieren. Das ist nichts anderes als politisch motivierte Doppelmoral. Drittens geht es h\u00e4ufig gar nicht um Islamkritik, sondern um die Kritik am politischen Islam. Dabei handelt es sich um eine totalit\u00e4re und antidemokratische Spielart des Islam und daher letztendlich um eine rechtsradikale Bewegung.<br \/>\n&#8230; Alles vom 18.12.2020 bitte lesen auf<br \/>\n<a href=\"https:\/\/www.tichyseinblick.de\/feuilleton\/buecher\/ethnologin-susanne-schroeter-ueber-postkolonialismus-als-druckmittel\/\">https:\/\/www.tichyseinblick.de\/feuilleton\/buecher\/ethnologin-susanne-schroeter-ueber-postkolonialismus-als-druckmittel\/<\/a><\/p>\n<p>&nbsp;<\/p>\n<p><strong>Liberaler Islam als L\u00f6sung in Europa<\/strong><br \/>\nDie eigentliche L\u00f6sung im Hinblick auf den Islam weltweit sieht Daniel Pipes in der Liberalisierung des Islam. Meinen Einwand, dass die Chancen hier realistisch gesehen, sehr gering seien, dass dieser sich auch nur ansatzweise durchsetze, lie\u00df Pipes nicht gelten. Weltweit h\u00e4tten Muslime die Nase voll vom islamistischen Terror, der sein besonders h\u00e4ssliches Gesicht im islamischen Staat gezeigt habe, von der Bevormundung durch Imame und der Einschr\u00e4nkung ihrer Freiheiten durch einen Islam, der sich aus dem Koran \u2013 wie aus einem Supermarkt \u2013 die Stellen heraussuche, die die Menschen besonders knechten. Wir h\u00e4tten also durchaus Grund auf lange Zeit optimistisch zu sein. Allerdings st\u00fcnden uns vorerst st\u00fcrmische Zeiten mit b\u00fcrgerkriegs\u00e4hnlichen Szenarien bevor.<br \/>\n&#8230; Alles vom 13.3.2019 bitte lesen auf<br \/>\n<a href=\"https:\/\/philosophia-perennis.com\/2019\/03\/13\/die-rechten-parteien-werden-europa-vor-islamismus-und-antisemitismus-retten\/\">https:\/\/philosophia-perennis.com\/2019\/03\/13\/die-rechten-parteien-werden-europa-vor-islamismus-und-antisemitismus-retten\/<\/a><br \/>\n.<br \/>\n<em>Der j\u00fcdische Philosoph Daniel Pipes gilt als einer der wichtigsten politischen Vordenker der republikanischen und pro-israelischen Eliten der USA&#8230;. ipes schreibt f\u00fcr alle wichtigen englischsprachigen Medien, die New York Sun, The Jerusalem Post, Washington Post, New York Times und im Wall Street Journal. Sein auch auf deutscher Sprache erscheinender Blog ist \u2013 laut Wikipedia \u2013 \u201eeiner der meistgelesenen zu den Themen Islam und Naher Osten.<\/em><br \/>\nhttps:\/\/de.danielpipes.org\/<br \/>\n.<br \/>\nEr tritt h\u00e4ufig als Nahost-Experte im US-amerikanischen Fernsehen auf und wird von Universit\u00e4ten und Denkfabriken eingeladen.\u201c<br \/>\nPipes, der wie kein zweiter die muslimische Welt kennt, gr\u00fcndete das islamkritische Middle East Forum, dessen Direktor er bis heute ist:<br \/>\n<a href=\"https:\/\/de.danielpipes.org\/mef.php\">https:\/\/de.danielpipes.org\/mef.php<\/a><br \/>\n&#8230;<br \/>\n<strong>Vorgaukeln vom moderatem Islam ist Taqiyya<\/strong><br \/>\nHabe ich das richtig verstanden. Wir sollen auf den liberalen Islam hoffen aber in der Zeit, in der wir darauf warten schon mal mit einem B\u00fcrgerkrieg vorliebnehmen und uns abschlachten lassen. Es wir keinen liberalen Islam geben. Wenn die M\u00f6glichkeit best\u00fcnde, warum gibt es ihn nicht, irgendwo.<br \/>\nDas Vorgaukeln vom moderatem Islam ist &#8222;Taqiyya&#8220;. Die islamische Sozialisierung sitzt schon in den Genen der Moslems und \u00fcberall wo man tolerant war haben die L\u00e4ndern es mit der Aufgabe ihrer Freiheit bezahlt. Mein Vorschlag ist die weltweite \u00c4chtung und Bek\u00e4mpfung des Islam bis diese Sekte vollst\u00e4ndig beseitigt ist. Wehret den Anf\u00e4ngen. Wenn man den Moslems den kleinen Finger reicht, werden sie dir den Arm abrei\u00dfen. Und die Afd soll mit der sozialistisch-islamischen Union, sowie der islamaffinen FDP zusammengehen? In beiden Parteien gibt es niemanden mehr, der auf dem Boden des GG steht. Beide Parteien haben sich f\u00fcr den Bev\u00f6lkerungsaustausch ausgesprochen, sich gegen das eigene Volk gewendet und sollen daf\u00fcr auch noch belohnt werden. Diese Leute geh\u00f6ren vor Gericht und nicht in Regierungsverantwortung.<br \/>\n13.3.2019, B.P., PPO<\/p>\n<p>&nbsp;<\/p>\n<p><strong>Real existierender Traditions-Islam &#8211; zuk\u00fcnftiger Reform-Islam<\/strong><br \/>\nDie AfD-Bundestagsabgeordneten Marc Jongen und Martin Renner bilden bei der Podiumsdiskussion den Gegenpart zu Claussen und Zimmermann. Als der Moderator sie ausnahmsweise einmal nicht unterbricht, f\u00fchren sie in die Debatte den Punkt ein, der \u2013 man merkt es an den Reaktionen aus dem Publikum \u2013 den meisten Z\u00fcndstoff birgt: \u201eDas Thesenpapier enth\u00e4lt weder das Wort \u201aNation\u2018 noch das Wort \u201aIdentit\u00e4t\u2018 noch das Wort \u201aIslam\u2018,\u201c sagt Renner. \u201eDie Gleichsetzung aller Religionen ist falsch. Da, wo der Islam sich gegen die Werte des Grundgesetzes richtet, ist er eben nicht gleichberechtigt,\u201c sagt Jongen.<br \/>\nNirgendwo werden die Gegens\u00e4tze auf dem Podium so deutlich wie hier. \u201eWir k\u00f6nnen dem Islam die Entwicklungsf\u00e4higkeit nicht absprechen,\u201c sagt Claussen. \u201eWir wollen keine Religion diskriminieren \u2013 auch wenn diese Religion uns anderswo diskriminiert,\u201c sagt Zimmermann.<br \/>\nWas nicht gesagt wird: Die meisten Deutschen sind nicht f\u00fcr die Diskriminierung von Religion. Aber die meisten Deutschen sind gegen den Import von Gewalt. Beim Thema Islam wird es auf dem Podium (und im Publikum) wohl vor allem deshalb so unvers\u00f6hnlich, weil beide Seiten aneinander vorbei reden: Die Einen \u2013 Claussen und Zimmermann \u2013 sehen den Islam aus der Perspektive der Hoffnung auf dessen Zukunft; die Anderen \u2013 Jongen und Renner \u2013 sehen den Islam aus der Wahrnehmung seiner Gegenwart.<br \/>\nDie Hoffnung, ein reformierter, gleichsam gel\u00e4uterter, liberaler Islam werde irgendwann kommen, muss nicht falsch sein. Als Grundlage f\u00fcr die Beurteilung des Islam JETZT \u2013 und f\u00fcr den Umgang des christlich-j\u00fcdischen Kulturkreises mit ihm \u2013 taugt diese Hoffnung aber nicht: Denn die Menschen in Deutschland (und anderswo) machen ja JETZT ihre Erfahrungen mit dem Islam, wie er sich HEUTE weltweit pr\u00e4sentiert. Diese Erfahrungen der B\u00fcrger im Zusammenleben vor allem mit muslimischen Migranten sind keine Meinungen, sondern Tatsachen.<br \/>\nClaussen, Zimmermann und ihre Thesen \u2013 sowie die gro\u00dfe Mehrheit der deutschen politischen Klasse \u2013 aberkennen diesen Erfahrungen der B\u00fcrger aber den Status als Tatsache. Die Folge ist offenkundig:<br \/>\n&#8230;..Alles vom 14.11.2018 von Christopher Walther bitte lesen auf<br \/>\n<a href=\"https:\/\/www.tichyseinblick.de\/meinungen\/thesen-zur-kulturellen-integration\/\">https:\/\/www.tichyseinblick.de\/meinungen\/thesen-zur-kulturellen-integration\/<\/a><\/p>\n<p>.<br \/>\n<strong>Die Krankheit des Islams<\/strong><br \/>\nGewalt durch muslimische Migranten in Deutschland zeigen uns nun, dass die Menschen aus dem arabisch-islamischen Raum in den Fesseln einer unaufgekl\u00e4rten Kultur gefangen sind. Bereits im Jahre 2002 diagnostizierte Abdelwahab Meddeb (1946\u20132014) dem Islam einen pathologischen Zustand, &#8222;die Krankheit des Islams&#8220;, die in seinem K\u00f6rper w\u00fcte. Diese unter anderem hausgemachte Krankheit bedarf mehr denn je eines innerislamischen Therapieprozesses auf der Basis eines Aufkl\u00e4rungsprogramms.<br \/>\n\u2026. Alles vom 10.11.2018 bitte lesen auf<br \/>\n<a href=\"https:\/\/www.badische-zeitung.de\/freiburg\/warum-die-islamische-kultur-dringend-eine-sexuelle-erziehung-benoetigt\u2013159160962.html\">https:\/\/www.badische-zeitung.de\/freiburg\/warum-die-islamische-kultur-dringend-eine-sexuelle-erziehung-benoetigt\u2013159160962.html<\/a>.<\/p>\n<p>.<br \/>\n<em><a title=\"Ourghi\" href=\"https:\/\/www.freiburg-schwarzwald.de\/blog\/religion\/islam\/ourghi\/\">Abdel-Hakim Ourghi<\/a> (50) ist in Oran, Algerien, geboren. Der Islamwissenschaftler, Philosoph und Religionsp\u00e4dagoge leitet seit 2011 den Fachbereich Islamische Theologie\/Religionsp\u00e4dagogik an der P\u00e4dagogischen Hochschule Freiburg.<\/em><br \/>\n<em>\u00a0.<\/em><br \/>\n<em>Abdel-Hakim Ourghi: Ihr m\u00fcsst kein Kopftuch tragen. Aufkl\u00e4ren statt Verschleiern. Claudius-Verlag, M\u00fcnchen 2018. 144 Seiten, 16 Euro.<\/em><\/p>\n<p>&nbsp;<\/p>\n<p>&nbsp;<\/p>\n<p><strong>Islam ohne Aufkl\u00e4rung<\/strong><br \/>\nSie haben \u00fcbersehen, dass das Christentum Voraussetzung f\u00fcr die Aufkl\u00e4rung war.<br \/>\nDer Islam hat bis heute eine Aufkl\u00e4rung verhindert und alle Versuche, echte Demokratien in islamischen Staaten zu etablieren, scheitern lassen.<br \/>\n<span class=\"ngBriefAutor\">6.4.2018, Alexander Reiter, Kirchzarten, BZO<\/span><\/p>\n<p>&nbsp;<\/p>\n<p>&nbsp;<\/p>\n<p><strong>Blume: Nur Reduzierung von Waffenexport und \u00d6lnachfrage reformiert den Islam<\/strong><br \/>\n\u00dcberzeugend zeichnet Blume die Erstarrung des Islams nach. Sie begann mit dem Verbot des Buchdrucks 1485 in Konstantinopel, was zu einem gro\u00dfen Wissensr\u00fcckstand zu Europa f\u00fchrte \u2013 mit Folgen bis heute. Die \u00d6lvorkommen in arabischen L\u00e4ndern und der daraus folgende Reichtum zementierten den R\u00fcckstand, da die Bev\u00f6lkerungen wenig Druck zu Ver\u00e4nderungen versp\u00fcrten.<br \/>\nErst wenn der Westen weniger \u00d6l nachfragt und weniger Waffen verkauft, sind Reformen denkbar. Ob die Erneuerung gelingt, h\u00e4ng desweiteren vom Bildungsaufstieg junger Musliminnen ab, schreibt Blume. \u201eSie beginnen, das westliche Bildungsb\u00fcrgertum zu erweitern und neue Rollenbilder, Argumente und auch Netzwerke zu entfalten\u201c. Dass die Zukunft weiblich ist, das gilt nicht nur f\u00fcr den Islam.<br \/>\n.<br \/>\nMichael Blume: Islam in der Krise.<br \/>\nEine Weltreligion zwischen Radikalisierung und stillem R\u00fcckzug.<br \/>\nVerlag Patmos, Ostfildern 2017. 192 S. 19,00 \u20ac (D).<br \/>\nISBN 978-3-8436-0956-2<br \/>\n.<br \/>\n<em>Michael Blume ist seit 3\/2018 neuer Islambeauftragter in Baden-W\u00fcrttemberg.<\/em><\/p>\n<p>&nbsp;<\/p>\n<p>.<br \/>\n<strong>Europa-Islam ist nicht realisierbar<\/strong><br \/>\nAber all jene, die von einem europ\u00e4ischen Islam sprechen, liegen falsch. Auch Bassam Tibi, der das vor Jahren forderte, hat das mittlerweile revidiert. Er sagt, er h\u00e4tte sich geirrt, da sich nicht der liberale, sondern der gewaltverherrlichende Islam in Europa durchgesetzt hat. Und Sie glauben doch nicht ernsthaft, dass wir im heutigen medialen Zeitalter die Muslime in Europa als singul\u00e4r betrachten k\u00f6nnen, das ist naiv. Jeder wei\u00df, dass Menschen, die auswandern, in der Fremde viel mehr an Traditionen festhalten als zuhause.<br \/>\n&#8230; Alles von Imad Karim vom 16.6.2017 bitte lesen auf<br \/>\n<a href=\"https:\/\/kurier.at\/politik\/deutsch-libanesischer-regisseur-imad-karim-wir-befinden-uns-mitten-in-der-islamischen-inquisitionszeit\/270.091.734\">https:\/\/kurier.at\/politik\/deutsch-libanesischer-regisseur-imad-karim-wir-befinden-uns-mitten-in-der-islamischen-inquisitionszeit\/270.091.734<\/a><br \/>\n<em>Imad Karim ist ein libanesisch-deutscher Regisseur, Drehbuchautor und Fernsehjournalist. Seine Filme wurden in den Fernsehanstalten ARD, ZDF, WDR, hr, BR, MDR, ORB, SR, SWR, NDR, 3Sat, Phoenix ausgestrahlt. Er geh\u00f6rte verschiedenen Filmjurys an und ist selber Tr\u00e4ger verschiedener Fernsehpreise. Seine Islamkritik brachte ihm viele Vorw\u00fcrfe ein, so wird ihm immer wieder die N\u00e4he zur AfD vorgeworfen, die er aber vehement abstreitet. Er selbst bezeichnet sich als Agnostiker.<\/em><\/p>\n<p>&nbsp;<\/p>\n<p>&nbsp;<\/p>\n<p><strong>Der syrische Prof Bassam Tibi als Erfinder des Euro-Islam r\u00e4umt sein Scheitern ein<\/strong><br \/>\nEs muss einen Reformislam geben, so etwas wie eine Reformation. Der Islam muss ver\u00e4nderbar sein, auch wenn viele Muslime das vehement ablehnen. Das war immer meine Vision und das ist auch kein Diktat &#8222;der Europ\u00e4er&#8220;, wie dubiose Islamwissenschaftler behaupten. Jede Religion braucht Rationalismus und Reformation. Es gab Ans\u00e4tze, Sufi-Muslime etwa, wo man kritische Textexegese betreibt und den Glaubensakt als etwas Pers\u00f6nliches zwischen sich und Allah betrachtet. Die wurden in den muslimischen L\u00e4ndern unterdr\u00fcckt. Und auch hier in Europa, wo die Muslime sich frei f\u00fchlen k\u00f6nnen wie sonst nirgendwo, redet man nicht gerade fr\u00f6hlich \u00fcber Reformen. Ich bin fl\u00fcgellahm geworden, habe ja auch gesagt, dass ich kapituliere und bef\u00fcrchte, dass wir auf dem Weg zu noch gr\u00f6\u00dferen Parallelgesellschaften sind. &#8230;..<br \/>\nAlles von Prof. Bassam Tibi vom 4.7.2016 bitte lesen auf<br \/>\n<a href=\"https:\/\/www.welt.de\/debatte\/article156781355\/Heute-sieht-Goettingen-aus-wie-ein-Fluechtlingslager.html\">https:\/\/www.welt.de\/debatte\/article156781355\/Heute-sieht-Goettingen-aus-wie-ein-Fluechtlingslager.html<\/a><br \/>\n.<br \/>\n<em>Bassam Tibi kam 1962 als 18-J\u00e4hriger aus einer der 17 f\u00fchrenden sunnitischen Failien von Damaskus nach Deutschland und bem\u00fchte sich hier um einen Reform-Islam was aufgrund des Widerstands der reaktion\u00e4ren deutschen Islam-Verb\u00e4nde mi\u00dflang.<\/em><br \/>\n.<\/p>\n<p><strong>Safeta Obhodjas &#8211; Muslimische Islamkritikerin<\/strong><br \/>\n&#8222;M\u00fctter erziehen ihre S\u00f6hne zu Paschas&#8220;. Safeta Obhodjas ist Schriftstellerin und Muslimin, aus Bosnien stammend. Sie ist keine Talkshow-Ber\u00fchmtheit, daf\u00fcr umso engagierter. Sie kritisiert bestimmte Tendenzen im zeitgen\u00f6ssischen Islam, ist aber keine typische Islamkritikerin. Safeta Obhodjas kritisiert das deutsche &#8222;Multi-Kulti&#8220; \u2013 und sie kritisiert Frauen. Auch muslimische Frauen. Die nimmt sie in die Pflicht. &#8230;<br \/>\nAlles vom 28.6.2016 bitte lesen auf<br \/>\n<a href=\"https:\/\/www.deutschlandfunk.de\/muslimische-islamkritikerin-muetter-erziehen-ihre-soehne-zu.886.de.html?dram:article_id=358413\">https:\/\/www.deutschlandfunk.de\/muslimische-islamkritikerin-muetter-erziehen-ihre-soehne-zu.886.de.html?dram:article_id=358413<\/a><\/p>\n<p><strong>Frauen als Dienerinnen und Sklavinnen<\/strong><br \/>\n&#8222;Ich sehe hier so viele Kopft\u00fccher, morgen, mittags, abends. Stell dir vor, M\u00e4dchen werden unmittelbar nach der Grundschule gezwungen, ein Kopftuch zu tragen \u2013 und das in einem freien Land wie Deutschland&#8220;, sagt die 65-j\u00e4hrige Schriftstellerin aus Wuppertal. &#8230;.<br \/>\n&#8222;Die Multikulti-Leute wollten nur die netten Seiten der Migration zeigen&#8220;, erz\u00e4hlt Obhodjas. Sie h\u00e4tten, wie im Sozialismus damals, &#8222;ihre sch\u00f6ne Theorie und wollen sie einzementieren. Auf diesem Fundament sind Tausende von Frauen gro\u00df geworden als Dienerinnen und Sklavinnen. Wenn die Multikulti-Political-Correctness nicht so gro\u00df gewesen w\u00e4re, w\u00e4re auch die Unfreiheit nicht so gro\u00df gewesen&#8220;, sagt Obhodjas&#8230;.. Sie bezeichnete das Kopftuch als &#8222;Lappen zur Unterwerfung der Frau&#8220;.<br \/>\n&#8230;Alles vom 9.3.2016 auf<br \/>\n<a href=\"https:\/\/www.welt.de\/politik\/deutschland\/article153095648\/Es-gibt-viele-dumme-Imame-und-Hass-gegen-Deutsche.html\">https:\/\/www.welt.de\/politik\/deutschland\/article153095648\/Es-gibt-viele-dumme-Imame-und-Hass-gegen-Deutsche.html<\/a><\/p>\n<p>&nbsp;<\/p>\n<p>&nbsp;<\/p>\n<p><strong>Bassam Tibi: Kopftuch-Islam hat \u00fcber den Euro-Islam gesiegt<\/strong><br \/>\nDer Wissenschaftler und geb\u00fcrtige Syrer <a title=\"Tibi\" href=\"https:\/\/www.freiburg-schwarzwald.de\/blog\/global\/deutschland\/tibi\/\">Bassam Tibi<\/a> sieht keine Chancen mehr f\u00fcr einen europ\u00e4ischen Islam. Im Magazin Cicero (Juni-Ausgabe) schreibt er, dass der \u201eKopftuch-Islam\u201c \u00fcber den \u201eEuro-Islam\u201c gesiegt habe: \u201eDen Euro-Islam wird es nicht geben. Ich kapituliere.\u201c<br \/>\n<a href=\"https:\/\/www.cicero.de\/comment\/91415#comment-91415\">https:\/\/www.cicero.de\/comment\/91415#comment-91415<\/a><br \/>\n.<br \/>\n<strong>Was Tibi, Abdel-Samad, Hirsi Ali sagen, darf Gauland nicht sagen<\/strong><br \/>\nDer darf das sagen. Denn er hei\u00dft mit Nachname &#8222;Tibi&#8220;. Auch ein Herr Hamed Abdel-Samad darf das sagen. Denn er hei\u00dft &#8222;Abdel-Samad&#8220;. Frau Ayaan Hirsi Ali darf das auch sagen, denn sie ist erstens eine Frau und hat zweitens einen ganz besonders exotisch klingenden Namen. Noch andere, die den &#8222;richtigen&#8220; Namen und die &#8222;richtige&#8220; Herkunft haben, d\u00fcrfen das sagen. Sie d\u00fcrfen islamkritisch sein.<br \/>\nAaaaaaaaaaber: Wenn man Gauland hei\u00dft, darf man das nicht. Dann ist das ethisch-moralisch zu verurteilen. Denn &#8222;Gauland&#8220;, das ist ja deutsch! Mit so einem Namen geht gar nicht! Meinen die, die immer so &#8222;anti-rassistisch&#8220; sind&#8230;.<br \/>\n25.5.2016, Ruth Teibold-Wagner, Heidelberg<\/p>\n<p>&nbsp;<\/p>\n<p><strong>Gauck nennt Islam das &#8222;aufregende Kapitel deutscher Gegenwartsgeschichte&#8220;<\/strong><br \/>\n&#8222;Dass islamische Theologie in M\u00fcnster und anderen Universit\u00e4ten Deutschlands eine akademische Disziplin geworden ist, sei ein wichtiges und in vielfacher Hinsicht aufregendes Kapitel deutscher Gegenwartsgeschichte.&#8220; Joachim Gauck am 28.11.2013 in\u00a0&#8222;Ankunft im Alltag der Zumutungen&#8220;.<br \/>\nAm Zentrum f\u00fcr Islamische Theologie in M\u00fcnster streitet sich der liberale Professor Khorchide mit dem Verband der Muslime dar\u00fcber, wie der Koran auszulegen sei. Bundespr\u00e4sident Joachim Gauck warnt bei seinem Besuch davor, sich in eine Hysterie hineinzudebattieren.<br \/>\n<a href=\"https:\/\/www.faz.net\/aktuell\/politik\/inland\/gauck-trifft-islamwissenschaftler-ankunft-im-alltag-der-zumutungen-12685847.html\">https:\/\/www.faz.net\/aktuell\/politik\/inland\/gauck-trifft-islamwissenschaftler-ankunft-im-alltag-der-zumutungen-12685847.html<br \/>\n<\/a>\u00a0 \u00a0.<br \/>\n<strong>&#8222;Aufregend&#8220; f\u00fcr Gauck, nicht aber f\u00fcr seine eigenen B\u00fcrger<\/strong><br \/>\nDie \u00fcber 1,5 Millionen muslimischen Migranten, die seit Budapest 9\/2015 nach Deutschland hieinstr\u00f6mten, haben alle ihren Islam mitgebracht. Einen traditionellen Islam, wie er von den Muftis in Kairo, Baghdad und Riad verk\u00fcndet wird. Der sich an DEM Koran orientiert. Mit diesem Islam mu\u00df die deutsche Bev\u00f6lkerung in den kommenden Jahren leben. Dieser Islam interessiert Gauck nicht, so wie ihn die eigenen B\u00fcrger auch nicht interessieren. Dieser Islam wird sehr &#8222;aufregend&#8220; sein &#8211; aber nicht im Gauckschen Sinne &#8222;aufregend&#8220;, denn auf einen deutschen Volks-Islam (Kretschmann) oder barmherzigen Universit\u00e4tsislam (Khorchide) wird sich kein stolzer Muslim beziehen.<br \/>\n2.4.2016, K.Baumann<\/p>\n<p><strong>Islam st\u00e4rkt die Macht der Religionen<\/strong><br \/>\nEigentlich ist es eine intellektuelle Zumutung, wenn jemand behauptet, er wisse etwas<br \/>\n\u00fcber einen j\u00fcdischen Volks-Gott oder<br \/>\neinen Gott mit einem jungfrauengeborenen Sohn oder<br \/>\neinen Gott mit einem schwerttragenden Propheten oder<br \/>\neine Indianer-Gottheit oder<br \/>\n\u00fcber Elefanten- oder Affeng\u00f6tter,<br \/>\nund dies dann noch als &#8222;Wissenschaft&#8220; an einer Universit\u00e4t verkauft, um damit Menschen auszubilden, die diese &#8222;Wissenschaft&#8220; dann an Kinder weitergeben. Das &#8222;aufregende Kapitel deutscher Gegenwartsgeschichte&#8220;, wie es Herr Gauck so &#8222;sch\u00f6n&#8220; ausdr\u00fcckt, ist in der Tat zum Aufregen; aber es n\u00fctzt wohl nichts, sich aufzuregen, es hat auch nicht bei den christlichen Religionskonstrukten genutzt. Die Macht der Religionen ist ungebrochen bzw. wird sogar islambezogen st\u00e4rker.<br \/>\nHeinrich Seneca, 29.11.2013, FO<br \/>\n.<br \/>\n<strong>Euro-Islam ist zum Scheitern verurteilt<\/strong><br \/>\nWird immer Kritikern entgegnet. Auf einen f\u00fcr alle als verbindlich geltenden Koran hat man sich aber geeinigt. Dieser gilt als das ewig von Allah geschaffene Wort, an dem kein Buchstabe ge\u00e4ndert werden darf. Darin wird in unz\u00e4hligen Suren zu Gewalt und Unterdr\u00fcckung aufgerufen, so dass es einem beim Lesen Angst und Bange wird, wie Walraff meinte. Daraus einen barmherzigen Gott (Khorchide) herauszudestillieren, bedarf schon der hohen Kunst des Sinnverdrehens und des Wunschdenkens.<br \/>\nKhorchides Vorg\u00e4nger Kalisch wollte in die Islamkunde die kritische Methode einf\u00fchren, die in der christlichen Theologie seit langem gepflegt wird. Er scheiterte am Widerstand der Islamfunktion\u00e4re, bekam Morddrohungen und verlor seinen Lehrstuhl.<br \/>\nKlare Worte schrieb auch Bassam Tibi in seinem Aufsatz &#8222;Selig sind die Betrogenen: Christlich-islamischer Dialog-T\u00e4uschungen und westliches Wunschdenken.&#8220;<br \/>\nTibis Versuch einen moderaten Euro-Islam zu kreieren, sind ebenfalls gescheitert. Khorchide wird es nicht anders gehen.<br \/>\n29.11.2014, Henryk<\/p>\n<p>.<\/p>\n<p><strong>Pluralit\u00e4tsf\u00e4higer Euro-Islam fehlt<\/strong><br \/>\nNicht bei den Gl\u00e4ubigen, sondern in der Theologie. Europa hat noch keine starken Strukturen, wo der Islam mit europ\u00e4ischer Pr\u00e4gung gepredigt wird. Moscheen, Imame, Verb\u00e4nde sind \u00fcberwiegend konservativ. Die meisten Imame kommen aus der T\u00fcrkei, aus Saudi-Arabien, aus Kuwait und Marokko, sie repr\u00e4sentieren keine pluralit\u00e4tsf\u00e4hige, sondern eine \u00fcberhebliche Theologie. Ich bef\u00fcrchte, dass der Islam durch den Zuzug der Fl\u00fcchtlinge weiter arabisiert wird.<br \/>\n&#8230;<br \/>\nDie meisten muslimischen Fl\u00fcchtlinge gehen deshalb nicht nach Saudi-Arabien, weil sie sich vor den harten Scharia-Gesetzen f\u00fcrchten. Aber f\u00fcr die Scharia sind sie trotzdem irgendwie. Wir m\u00fcssen solche Widerspr\u00fcche kl\u00e4ren. Islam, bitte aufgekl\u00e4rt! Es geht jetzt nicht darum, in der Religion auf eine eigene Wahrheit zu verzichten, sondern die Wahrheit der anderen f\u00fcr genauso legitim zu halten wie die eigene. Das ist die Grundlage der europ\u00e4ischen Pluralit\u00e4t. Wir brauchen immer mehr einen europ\u00e4ischen Islam, der die Muslime zur Pluralit\u00e4t bef\u00e4higt. Sonst bleiben die Muslime immer auf der Flucht, ohne innere Heimat&#8230;. Alles zu &#8222;Islam &#8211; bitte aufgekl\u00e4rt&#8220; vom 15.3.2016 bitte lesen auf <a href=\"https:\/\/www.zeit.de\/2015\/40\/islam-fundamentalisten-religion\">https:\/\/www.zeit.de\/2015\/40\/islam-fundamentalisten-religion<\/a><br \/>\nEdnan Aslan ist Professor f\u00fcr islamische Religionsp\u00e4dagogik in Wien<\/p>\n<p>Ednan Aslan wurde 1959 im nordostanatolischen Bayburt geboren, das ein religi\u00f6ses Zentrum des Sufismus ist. Die Sufis sind spirituell veranlagt (z. B. in Konya die weltbekannten tanzenden Derwische). Ednan Aslan studierte in \u00d6sterreich, BRD und USA, ist ein strikter Gegner der Scharia und setzt sich f\u00fcr einen wandlungsf\u00e4higen Islam ein, der sich zeitgem\u00e4\u00df zu einem europ\u00e4ischen entwickeln soll und durchaus s\u00e4kulare Z\u00fcge tragen darf. Den Funktion\u00e4ren der Islamischen Glaubensgemeinschaft in \u00d6sterreich (IGGi\u00d6) ist er ein Dorn im Auge. Wer wissen m\u00f6chte, von wem die Moschee nebenan betrieben wird, schaut ganz unkompliziert unter www.islam-landkarte.at nach. Den Dachverb\u00e4nde st\u00f6\u00dft dieses Website sauer auf.<br \/>\n<a href=\"https:\/\/www.unzensuriert.at\/content\/007277-Fundis-rgern-sich-ber-neue-islamische-Landkarte\">https:\/\/www.unzensuriert.at\/content\/007277-Fundis-rgern-sich-ber-neue-islamische-Landkarte<\/a><br \/>\n.<\/p>\n<p><strong>Islam mit Demokratie vereinbar?<\/strong><br \/>\nWer immer noch behauptet, ein gem\u00e4\u00dfigter Islam sei mit der freien und demokratischen Gesellschaft vereinbar, sollte diese Studie lesen (siehe Link unten&#8220;.<br \/>\n<a href=\"https:\/\/www.gkpn.de\/Oezbe_Kritik-der-liberalen-Auslegungen-des-islam.pdf\">https:\/\/www.gkpn.de\/Oezbe_Kritik-der-liberalen-Auslegungen-des-islam.pdf<br \/>\n<\/a><br \/>\n&#8222;H\u00e4lt man am g\u00f6ttlichen Ursprung des Koran fest und versucht darin ehrlich und ergebnisoffen die Erwartungen seines Sch\u00f6pfers zu erforschen, kann man zwar in vielen Fragen zu unterschiedlichen Ansichten gelangen, niemals aber zu einer Weltanschauung finden, die nicht in einigen wichtigen Punkten im Widerspruch zu den modernen Grundwerten steht. Und zwar unabh\u00e4ngig davon, ob man den Koran als einen unmittelbar an alle Menschen adressierten Text oder in seinem historischen Kontext liest, ob man die Propheten\u00fcberlieferungen und die gelehrten Exegesen miteinbezieht oder au- \u00dfen vor l\u00e4sst. Sowohl gl\u00e4ubiger Muslim als auch Bef\u00fcrworter der freiheitlich-demokratischen Grundwerte sein zu wollen, scheint nur dank des Segens der Unwissenheit oder mit hartn\u00e4ckiger Verdr\u00e4ngung oder durch Aushalten schwindelerregender geistiger Verrenkungen m\u00f6glich zu sein.&#8220;<br \/>\n&#8230;.<br \/>\nUfuk \u00d6zbe: Kritik der liberalen Auslegungen des Islam.<br \/>\nDie Islamdebatte zwischen politischer Zweckm\u00e4\u00dfigkeit und intellektueller Redlichkeit.<br \/>\nSoderdruck 1\/2016 aus &#8222;Aufkl\u00e4rung und Kritik&#8220; 1\/2016<br \/>\nZeitschrift f\u00fcr freies Denken und humanistische Philosophie<br \/>\n<a href=\"https:\/\/www.gkpn.de\/Oezbe_Kritik-der-liberalen-Auslegungen-des-Islam.pdf\">https:\/\/www.gkpn.de\/Oezbe_Kritik-der-liberalen-Auslegungen-des-Islam.pdf<\/a><\/p>\n<p>.<\/p>\n<p><strong>Deutsche Aufkl\u00e4rer unterst\u00fctzen muslimische Reformer nicht &#8211; in D regiert der Ditib-Standard-Islam<\/strong><br \/>\nDie Einzigen, die sich um <a title=\"Aufklaerung\" href=\"https:\/\/www.freiburg-schwarzwald.de\/blog\/kultur\/aufklaerung\/\">Aufkl\u00e4rung<\/a> bem\u00fchen, sind die muslimischen \u201eFreiheitssucher\u201c, wie sie der tunesische Psychoanalytiker Fethi Benslama nennt. Gern s\u00e4hen die Dissidenten der muslimischen Welt europ\u00e4ische Linke und Intellektuelle an ihrer Seite. Vergeblich, wie Fethi Benslama bereits 2004 in seiner \u201eNicht-Unterwerfungserkl\u00e4rung zum Gebrauch f\u00fcr Muslime und diejenigen, die es nicht sind\u201c, feststellte: <strong>\u201eManche Nachfahren der Aufkl\u00e4rung sind blind f\u00fcr die Aufkl\u00e4rung der anderen.\u201c<\/strong><br \/>\nVon europ\u00e4ischer Aufkl\u00e4rung unbehelligt, kann sich auch hierzulande deshalb ein (traditioneller DITIB- bzw. Standard-) Islam im Bewusstsein der jungen muslimischen Generation festsetzen, den der 2015 verstorbene muslimische Philosoph und Islamologe tunesischer Herkunft Abdelwahab Meddeb folgenderma\u00dfen charakterisierte:<\/p>\n<p><em>\u201eEine Religion, die sich die letztendliche nennt, Tr\u00e4gerin der definitiven g\u00f6ttlichen Botschaft, die die prophetische Inspiration versiegelt, das, was vor ihr war, rekapituliert und rektifiziert, eine solche Religion, wortw\u00f6rtlich genommen, annulliert jede Fragestellung, gr\u00fcndet eine absolute Wahrheit ohne m\u00f6glichen Disput . . . Reduziert auf ein solches Skelett, zeigt der Islam sich religi\u00f6s und politisch als austrocknende, sterile, das ,akut Lebendige\u2018 zeitgem\u00e4\u00dfer Fragestellungen ignorierende Sicht auf die Welt, erhebt sich zu einem alles an sich rei\u00dfenden, aggressiven ,Monologismus\u2018, taub f\u00fcr jeden Dialog, abgeschnitten von den Voraussetzungen, die die Beziehung zwischen Personen und V\u00f6lkern, zwischen B\u00fcrgern und Nationen er\u00f6ffnen.\u201c Gegen einen solchen Islam werden die neuerdings geforderten \u201eIntegrationszentren\u201c nicht viel ausrichten, wenn sie sich vor der Auseinandersetzung mit ihm dr\u00fccken, um muslimische Einwanderer nicht zu \u201ebeleidigen\u201c.<\/em><br \/>\n&#8230;.<br \/>\nAlles zu &#8222;Muslimisches Frauenbild: Sie hassen uns&#8220; von Samuel Schirmbeck vom 11.1.2016 bitte lesen auf<br \/>\n<a href=\"https:\/\/www.faz.net\/aktuell\/politik\/inland\/gastbeitrag-von-samuel-schirmbeck-zum-muslimischen-frauenbild-14007010.html\">https:\/\/www.faz.net\/aktuell\/politik\/inland\/gastbeitrag-von-samuel-schirmbeck-zum-muslimischen-frauenbild-14007010.html<\/a><\/p>\n<p>.<\/p>\n<p><strong>So will ein belgischer Imam den Islamismus stoppen<\/strong><br \/>\nEin Islamgelehrter will dem Terror trotzen \u2013 mit Vernunft. Und einer neuen, europ\u00e4ischen Vision vom Islam. Die Muslime m\u00fcssen sich f\u00fcr die Gesellschaft engagieren, fordert Brahim Laytouss.<br \/>\nBrahim Laytouss, 44, ist Sunnit. Er bezeichnet sich aber ungern als solcher, denn Kategorisierungen will er vermeiden. Seit 1972 lebt der geb\u00fcrtige Marokkaner in Belgien, seit 1999 ist er Imam der Al-Markaz-Moschee in Gent.<br \/>\n<a href=\"https:\/\/www.welt.de\/vermischtes\/article149526566\/So-will-ein-belgischer-Imam-den-Islamismus-stoppen.html\">https:\/\/www.welt.de\/vermischtes\/article149526566\/So-will-ein-belgischer-Imam-den-Islamismus-stoppen.html<br \/>\n<\/a>\u00a0 .<br \/>\nFragen an den Imam:<br \/>\nD\u00fcrfen die T\u00f6chter von Imam Brahim Laytouss voreheliche Beziehungen zu deutschen Atheisten haben, in Hot-Pants alleine einkaufen, im Bikini zum schwimmen gehen, s\u00e4mtliche hier \u00fcblichen Feiertage durchleben, ein eigenes Konto besitzen, kurz ihr Privat-und Berufsleben nach westlichen Gesichtspunkten, freiheitlich ohne famili\u00e4ren Zwang gestalten<br \/>\n28.12.2015<br \/>\n.<\/p>\n<p><strong>Nach dem Terror: Muslime m\u00fcssen sich den Spiegel vorhalten<\/strong><br \/>\nDie islamische Welt \u00e4ussert nach terroristischen Taten, die in Europa ausgetragen wurden (wie <a title=\"Paris13nov2015\" href=\"https:\/\/www.freiburg-schwarzwald.de\/blog\/engagement\/zukunft\/demokratie\/paris13nov2015\/\">Paris 13.11.2015<\/a>) , Betroffenheit. Ebenso reflexartig schaltet sich der Selbstverteidigungsmodus ein, , wonach der Westen die Retourkutsche erhalte f\u00fcr das Unheil, das er im Orient gestiftet habe. &#8230; Es ist eine einseitige Sichtweise, die die Eigenverantwortung ausblendet. Der muslimische Mensch muss sich den Spiegel vorhalten und genau hineinschauen. Er muss lernen, f\u00fcr sich selber zu denken und sich von religi\u00f6ser Bevormundung zu befreien. Die Beziehung zum Sch\u00f6pfer oder die Nichtbeziehung zu ihm ist pers\u00f6nlich&#8230;&#8230;.<br \/>\nIch tr\u00e4ume von einem Imam, der \u00f6ffentlich verk\u00fcndet: \u00abAb heute kommen in meiner Predigt keine Verse mehr vor, die von Gewalt reden.\u00bb Wir Musliminnen und Muslime Europas haben die besseren politischen Bedingungen, \u00c4nderungen einzufordern und umzusetzen. Tun wir es also! Auch wir m\u00fcssen \u00fcber den vererbten Schatten der Unterwerfung springen. Schliesslich m\u00fcssen wir geschlossen und unmissverst\u00e4ndlich gegen islamischen Radikalismus zusammenstehen. Der Islam geh\u00f6rt zu Europa, davon bin ich \u00fcberzeugt. Aber nur, wenn er sich selbst den Spiegel vorh\u00e4lt und sich nicht vor sich selber versteckt. &#8230; Alles vom19.11.2015 auf<br \/>\n<a href=\"https:\/\/www.nzz.ch\/meinung\/debatte\/muslime-muessen-sich-den-spiegel-vorhalten-1.18648717\">https:\/\/www.nzz.ch\/meinung\/debatte\/muslime-muessen-sich-den-spiegel-vorhalten-1.18648717<\/a><\/p>\n<p><em>Jasmin El Sonbati ist Mitbegr\u00fcnderin des Forums f\u00fcr einen fortschrittlichen Islam und Autorin von \u00abMoscheen ohne Minarett. Eine Muslimin in der Schweiz.\u00bb<\/em><\/p>\n<p><strong>Unsere bevormundende Political Correctness-Presse k\u00f6nnte nie so offen sprechen<\/strong><br \/>\nEs gibt 2 Gr\u00fcnde weshalb diese Zeilen ver\u00f6ffentlich werden. Die Absenderin selber ist Muslimin und man kann ihr schlecht Rassismus gegen sich selbst vorwerfen. Der zweite Grund ist die Feigheit der hiesigen Presse welche sich strikte ihrer selbstgew\u00e4hlten Bevormundung namens &#8222;Politcal Correctness&#8220; unterwirft und somit gerne Gastkommentatoren die &#8222;Drecksarbeit&#8220; \u00fcberl\u00e4sst.<br \/>\n19.11.2015, Roger Mafli<\/p>\n<p><strong>Religionen verschleiern nur den Blick<\/strong><br \/>\n\u201eVer\u00e4nderung kann nur von denen ausgehen, die sich ihre geistige Freiheit erhalten haben.\u201c und \u201e&#8230;tabulos \u00fcber Gott und die Welt diskutieren.\u201c wurden wunderbar formuliert von Frau El Sonbati. Es w\u00e4re sch\u00f6n, wenn das auch von \u201eChristen\u201c vorgelebt w\u00fcrde. Ab und zu bedient sich ein Bischof unpassender Ausdr\u00fccke und nicht nur Atheisten fragen sich dann, ob wir eine Gesellschaft ohne Gott leben k\u00f6nnen. Dann blieben die weltlichen Themen zur Debatte \u00fcbrig, die es dringend anzupacken gilt! Solange uns die Religion den Blick auf das weltliche Treiben verschleiert, k\u00f6nnen dahinter die schlimmsten Dinge geschehen, w\u00e4hrenddessen sich noch heute die Hetzer mit ihrem scheinheiligen Bekenntnis zur Religion die Weste weiss zu halten versuchen \u2013 und es ihnen die Leute ohne zu hinterfragen abkaufen.<br \/>\n(waren das klare Worte f\u00fcr eine geistig freie Gesellschaft?)<br \/>\n19.11.2015, Hugo Carrera<\/p>\n<p><strong>Muslime nicht alimentieren, sondern verpflichten<\/strong><br \/>\nSo lange der Westen monatlich Milliarden ausgibt um Muslime in Europa zu alimentieren wird sich nichts \u00e4ndern. Europa muss Druck aus\u00fcben, und klar die Forderung stellen, dass sie sich uns anpassen m\u00fcssen. Es br\u00e4uchte ein sehr enges Integrationsprogramm wo M\u00e4nner und Frauen in ganztages Arbeits- und Bildungssysteme eingebunden werden. Die Kinder in die Kita. Da wird sich schnell zeigen wer sich an unserer Gesellschaft beteiligen will, und wer auf lebenslange Sozialhilfe pocht und sich jeglicher Ver\u00e4nderung verweigert. Es m\u00fcssen Termine gesetzt werden bis wann Muslimem, resp. alle Migranten, die einzelnen Schritten erreichen m\u00fcssen, nach max. 5 Jahren sollten sie finanziell unabh\u00e4ngig sein, sonst m\u00fcssen wir das Recht haben sie auszuweisen. Auch die LehrerInnen m\u00fcssen es melden m\u00fcssen, wenn muslimische Kinder sich verweigern und die Eltern nichts dazu beitragen damit sie sich benehmen. Es sollten weder Ausnahmen noch Zugest\u00e4ndnisse in folge der Reglion gemacht werden. Wenn es ihnen nicht passt, sollten sie in ein muslimisches Land weiterziehen. Muslime sind ge\u00fcbt darin dem Westen die Schuld zu geben, uns anzuprangern was wir alles falsch machen, aber von unseren Arbeits- und monet\u00e4ren Leistungen wollen dennoch im vollen Zug profitieren. Sie m\u00fcssen endlich Eigenverantwortung f\u00fcr ihr Handeln \u00fcbernehmen.<br \/>\n19.11.2015, Charlotte<\/p>\n<p><strong>I have a dream<\/strong><br \/>\nFrau El Sonbati, danke f\u00fcr ihren wunderbaren Text, ich h\u00f6re dabei auf einem Ohr den Text &#8222;&#8230; I have a dream&#8230;&#8220; von Martin Luther-King. Genau diese Abgekl\u00e4rtheit der Muslime fehlt uns Nicht-Muslimen bei den Distanzierungen der Muslim-Organisationen. Solange sich in den Herzen und K\u00f6pfen der Muslime nicht eine Anpassung an die westliche Denkweise im Umgang mit Religion reift, werde ich als Christ immer Distanz halten zur islamischen Welt. Ich habe hier erlebt mit welchem Tempo die Vorherrschaft z.B. des Katholizismus seit 1970 verschwunden ist. Ob das v\u00f6llige Abhandenkommen religi\u00f6ser Strukturen im Leben nur gut ist kann man bezweifeln, sehnen sich doch viele Menschen nach Anleitung und Halt. Aber die seither erlebte Freiheit macht zu tiefst zufrieden und erm\u00f6glich einen freien Blick auf die wichtigen Dinge im Leben.<br \/>\n19.11.2015, Bruo Looser<br \/>\n.<\/p>\n<p>&nbsp;<\/p>\n<p><strong>In der Al-Aqsa-Moschee in Jerusalem<\/strong><\/p>\n<p>Einer der obersten sunnitischen <a title=\"Islam-Reformen\" href=\"https:\/\/www.freiburg-schwarzwald.de\/blog\/religion\/islam\/islam-reformen\/\">Imame<\/a>, Scheich Muhammad Ayed in der Al-Aqsa-Moschee in <a title=\"Jerusalem\" href=\"https:\/\/www.freiburg-schwarzwald.de\/blog\/religion\/jerusalem\/\">Jerusalem<\/a>, September 2015:<br \/>\n\u201eSie [die Europ\u00e4er] haben ihre Fruchtbarkeit verloren, deswegen verlangen sie nach unserer.<br \/>\nWir werden mit ihnen [ihren Frauen] Kinder zeugen, weil wir ihre L\u00e4nder erobern werden.\u201c<br \/>\n5.10.2015,\u00a0<a href=\"https:\/\/www.politikversagen.net\/nie-gefragt-ob-wir-einwanderungsland-werden-wollen\">https:\/\/www.politikversagen.net\/nie-gefragt-ob-wir-einwanderungsland-werden-wollen<\/a><\/p>\n<p>.<\/p>\n<p class=\"vorwort\"><strong>Traditioneller Islam schweigt zum Terror\u00a0und vergibt Chance<\/strong><br \/>\nZu: &#8222;Nicht f\u00fcr Dummk\u00f6pfe&#8220;, BZ-Interview mit dem muslimischen Religionsphilosophen Milad Karimi 21.3.2015<br \/>\n<a href=\"https:\/\/www.badische-zeitung.de\/bildung-wissen-1\/muslimischer-religionsphilosoph-das-ziel-ist-gerechtigkeit--102111871.html\">https:\/\/www.badische-zeitung.de\/bildung-wissen-1\/muslimischer-religionsphilosoph-das-ziel-ist-gerechtigkeit&#8211;102111871.html<\/a><br \/>\nAusgel\u00f6st durch die anhaltenden Terroranschl\u00e4ge von Islamisten beeilen sich Islamwissenschaftler und auch teilweise die Presse, den Islam aus der allgemeinen Kritik herauszuhalten. Die verzweifelten Versuche, den Islam als friedliche und offene Religion dazustellen, erfolgt jedoch oft nur von Wissenschaftlern, die in der freien, westlichen Welt leben und sich entsprechend \u00e4u\u00dfern k\u00f6nnen. Es werden gro\u00dfe Anstrengungen unternommen, das Bild \u00fcber den Islam gerade zu r\u00fccken .<br \/>\nZweifelsfrei steht fest, dass der Terror sich \u00fcberwiegend aus Muslimen rekrutiert hat. Der h\u00e4ufig geh\u00f6rte Hinweis, dass bei den Terroristen auch viele Jungkonvertiten seien, die vom Islam keine oder nur wenig Ahnung haben, ist nur eine laue Entschuldigung . Fakt ist ebenfalls, dass die muslimische Welt, teilweise in der Arabischen Liga organisiert, diesem Terror mehr oder weniger hilflos zusieht . Es wird damit in der traditionellen islamischen Welt die einmalige Chance vertan, die verf\u00fcgbare moralische wie theologische Machtf\u00fclle aus dem D\u00e4mmerschlaf zu wecken und der Welt\u00f6ffentlichkeit zu demonstrieren, wie man Abweichler wieder auf den wahren Weg des Islam zur\u00fcckbringen kann. Dies w\u00e4re ein \u00fcberzeugendes Zeugnis der F\u00e4higkeit der Majorit\u00e4t der Muslime, sowie deren Pflicht, gegen\u00fcber der in Relation niedrigen Anzahl der islamistischen Terroristen als Korrektiv aufzutreten. Es w\u00e4re zugleich eine M\u00f6glichkeit, an die schon vor 1000 Jahren in Andalusien durch den arabischen Philosophen Ibn Ruschd, den katholischen K\u00f6nig Alfons der Weise und den j\u00fcdischen Arzt Maimonides gepflegte \u00d6ffnung der drei Buchreligionen erneut anzukn\u00fcpfen. Die gegenseitige Befruchtung w\u00e4re langfristig ein Segen f\u00fcr die Menschheit und ein Meilenstein zu einem tragf\u00e4higeren Frieden. Visionen m\u00fcssen erlaubt sein und k\u00f6nnen durch erneute Belebung wieder attraktiv werden. So stellt sich die Frage, was noch passieren muss, damit die Menschheit in der gelebten Toleranz der V\u00f6lker und Religionen untereinander den gr\u00f6\u00dferen Vorteil sieht als im praktizierten Kampf um Macht und \u00fcbersteigerte Nationalgef\u00fchle.<br \/>\n24,4,2015, Johannes Reiner, B\u00f6tzingen<\/p>\n<p><strong>Ayan Hirsi Ali: f\u00fcnf Ideen zur Reform des Islam<\/strong><br \/>\nIn ihrem Buch &#8222;reformiert Euch&#8220; nennt Ali &#8222;die f\u00fcnf Konzepte, die reformiert werden m\u00fcssen&#8220;:<br \/>\n&#8211;\u00a0die w\u00f6rtliche Auslegung des Koran<br \/>\n&#8211;\u00a0die Vorstellung, das Leben nach dem Tode sei wichtiger als das Leben davor<br \/>\n&#8211;\u00a0die Scharia als Grundlage der islamischen Rechtslehre und Praxis<br \/>\n&#8211;\u00a0das Privileg der Gelehrten, das Rechte zu gebieten und das Verwerfliche zu verbieten<br \/>\n&#8211;\u00a0die Notwendigkeit, den Dschihad bzw. den heiligen Krieg zu f\u00fchren<\/p>\n<p>Der arabische Fr\u00fchling ist gescheitert, dennoch glaubt sie, &#8222;dass eine muslimische Reformation bevorsteht&#8220; und:<br \/>\n&#8222;Ich halte es f\u00fcr wahrscheinlich, dass das Internet f\u00fcr die islamische Welt im 21. Jahrhundert das bewirkt, was die Erfindung des Buchdrucks f\u00fcr das Christentum bewerkstelligte.&#8220; Etwas fraglich, da auch Islamismus wie IS das Internet perfekt beherrschen.<\/p>\n<p>Ayan Hirsi Ali: Reformiert Euch!<br \/>\nAus dem Englischen von Michael Bayer u. a. Knaus, M\u00fcnchen. 304 S., 19,99 \u20ac.<\/p>\n<p><em>Ayan Hirsi Ali wurde 1969 in Somalia geboren und lebte in Saudi-Arabien, \u00c4thiopien und Kenia, bevor sie sich 1992 auf den Weg in die Freiheit machte. Holland nahm die junge hochbegabte Frau auf. Ali studierte Politikwissenschaft und wechselte dann in die Praxis. 2003 kandidierte sie f\u00fcr die rechtsliberale Volkspartij voor Vrijheid en Democratie bei den Parlamentswahlen und schaffte den Sprung in die Zweite Kammer. Drei Jahre sp\u00e4ter beendete sie nach einer parteiinternen Intrige ihre Karriere als Bilderbuchmigrantin und sagte Holland Adieu. Seit 2006 lebt sie in den USA. Nun lehrt sie an der Harvard-Universit\u00e4t.<\/em><br \/>\n<em> Ayan Hirsi Ali hat sich einen Namen als Kritikerin des Islam gemacht. Sie ist, \u00e4hnlich wie Hamed Abdel-Samad, &#8222;vom Glauben zum Wissen&#8220; konvertiert, jedoch weiter stark mit dem Islam verwurzelt.<\/em><span class=\"Apple-converted-space\"><span style=\"color: #222222;\">\u00a0<\/span><\/span><\/p>\n<p><a href=\"https:\/\/www.theahafoundation.org\/\">https:\/\/www.theahafoundation.org\/<\/a><\/p>\n<p>Das Video \u201cAyaan Hirsi Ali \u00fcber Relativismus und die Konfusion des Westens\u201d auf Achgut vom 13.7.2016 ansehen:<br \/>\n<a href=\"https:\/\/www.achgut.com\/artikel\/ayaan_hirsi_ali_hoert_auf_mit_dem_relativismus_die_sache_ist_glasklar\">https:\/\/www.achgut.com\/artikel\/ayaan_hirsi_ali_hoert_auf_mit_dem_relativismus_die_sache_ist_glasklar<\/a><\/p>\n<p><a href=\"https:\/\/www.faz.net\/aktuell\/feuilleton\/debatten\/ayaan-hirsi-ali-zur-integration-muslimischer-migranten-14183665.html?printPagedArticle=true#pageIndex_2\">https:\/\/www.faz.net\/aktuell\/feuilleton\/debatten\/ayaan-hirsi-ali-zur-integration-muslimischer-migranten-14183665.html?printPagedArticle=true#pageIndex_2<\/a><\/p>\n<p>.<\/p>\n<p>&nbsp;<\/p>\n<p><strong>Euro-Islam, von den\u00a0Verb\u00e4nden bek\u00e4mpft, ist heute noch reines Wunschdenken<\/strong><br \/>\n&#8222;Ich sehe, dass liberale Leute wie der Theologe Mouhanad Khorchide, der sich f\u00fcr einen reformierten Islam ohne tradierte Rituale einsetzt, von den muslimischen Verb\u00e4nden ge\u00e4chtet wird. Man fordert seine Studenten auf, von dem Irrlehrer abzulassen. Das erinnert ein bi\u00dfchen an Martin Luther. Nehmen Sie den Vorsitzenden der Sehitlik-Gemeinde in Neuk\u00f6lln. Er hatte versucht, ein Treffen zwischen Schwulenverb\u00e4nden und Muslimen zu organisieren. Er wurde nachdr\u00fccklich in seine Schranken gewiesen. Die Idee vom Euro-Islam ist gut, er wird auch irgend einmal kommen, ist heute aber reines Wunschdenken. Im Alltag geht die Entwicklung eher r\u00fcckw\u00e4rts.&#8220; &#8230;.<br \/>\n<a title=\"Buschkowsky \u2013 adieu Neukoelln\" href=\"https:\/\/www.freiburg-schwarzwald.de\/blog\/buschkowsky-adieu-neukoelln\/\">Heinz Buschkowsky<\/a>,\u00a0bis 2\/2015 SPD-B\u00fcrgermeister von Berlin-Neuk\u00f6lln, \u00a0am 26.3.2015 in \u201cEinwanderung ist keine Sozialveranstaltung\u201d, DIE ZEIT Nr. 13\/2015, Seite 8-9<\/p>\n<p>&nbsp;<\/p>\n<p>&nbsp;<\/p>\n<div class=\"boxOhne infoBox\"><strong>Milad Karimi &#8211; Islamische Theologie Uni M\u00fcnster<\/strong><br \/>\nKarimi: Dass in Deutschland an vier Universit\u00e4ten islamische Theologie gelehrt wird, ist ein Gl\u00fccksfall f\u00fcr Europa. Eine bekenntnisorientierte Lehre ist dort bisher einmalig. Wir haben hier die M\u00f6glichkeit, in aller wissenschaftlichen Freiheit zu forschen und unsere Religion selbst auszulegen mit allen uns heute zur Verf\u00fcgung stehenden Methoden. &#8230;<br \/>\nAlles vom 21.3.2015 bitte lesen auf<br \/>\n<a href=\"https:\/\/www.badische-zeitung.de\/muslimischer-religionsphilosoph-das-ziel-ist-gerechtigkeit\">https:\/\/www.badische-zeitung.de\/muslimischer-religionsphilosoph-das-ziel-ist-gerechtigkeit<\/a><br \/>\n.<\/div>\n<div class=\"boxOhne infoBox\">\n<div class=\"boxOhne infoBox\"><em><em>Milad Karimi<span class=\"Apple-converted-space\"><span style=\"color: #000000; font-family: Verdana;\">\u00a0<\/span><\/span>wurde 1979 in Afghanistan geboren. Seine Familie fl\u00fcchtete 1994 nach Deutschland. In Freiburg studierte Karimi Philosophie und Islamwissenschaft. Seit 2012 Professor am Zentrum f\u00fcr Islamische Theologie M\u00fcnster.<span class=\"Apple-converted-space\"><span style=\"color: #000000; font-family: Verdana;\">\u00a0<\/span><\/span>Mitte M\u00e4rz<span class=\"Apple-converted-space\"><span style=\"color: #000000; font-family: Verdana;\">\u00a0<\/span><\/span>erscheint Karimis Buch: Die Blumen des Koran oder: Gottes Poesie. Herder Verlag, Freiburg 2015. 224 Seiten, 19,99 Euro.<\/em><\/em><\/div>\n<div class=\"boxOhne infoBox\"><strong>Islamwissenschaft wie bekenntnisorientierte Islamtheologie an Deutschen Unis<\/strong><br \/>\nNeben der Islamwissenschaft gibt es in Deutschland seit 2011 an mehreren Universit\u00e4ten auch bekenntnisorientierte islamische Theologie. Da die Glaubensgemeinschaften ein Mitspracherecht haben, stellt man den Fakult\u00e4ten Beir\u00e4te zur Seite, in denen muslimische Verb\u00e4nde vertreten sind. Die wissenschaftliche Eignung und akademische Exzellenz der Professoren soll aber ausschlie\u00dflich durch die Universit\u00e4t gepr\u00fcft werden. Islamische Theologie gibt es in T\u00fcbingen, M\u00fcnster\/Osnabr\u00fcck, Frankfurt\/Gie\u00dfen und N\u00fcrnberg\/Erlangen.<br \/>\n.<br \/>\n<strong>Die Masche von Milad Karimi,<\/strong><br \/>\nder die BZ das Forum bietet, funktioniert nur, weil viele Leser uninformiert oder vergesslich sind. So behauptet er, es gebe heute &#8222;kein Verst\u00e4ndnis unter der Mehrheit der muslimischen Gemeinschaft f\u00fcr jene kleine Gruppierungen, die im Namen Gottes mit Terror und Gewalt agieren.&#8220; Nach dem islamistischen Attentat in Paris gab es in Tschetschenien eine Kundgebung gegen Charlie Hebdo mit 800.000 Teilnehmern, in Afrika gab es Tote bei so einer Kundgebung. Bez\u00fcglich der Kundgebung in Berlin mit Merkel, Gauck und Aiman Mazyek gegen den Anschlag in Paris schrieb der Stern: &#8222;Fast mehr Minister als Muslime&#8220;.<br \/>\nWenn Karimi Mohammed anpreist als &#8222;eine Person, deren Handlungsmaxime der Gerechtigkeit und Veredlung des menschlichen Charakters mir heute als Vorbild dienen&#8220;, dann baut er darauf, das der deutsche Durchschnittsleser wenig von Mohammed wei\u00df. Seine &#8222;Gerechtigkeit&#8220; galt allein den Muslimen, die Ungl\u00e4ubigen hat er unterworfen, wenn n\u00f6tig, get\u00f6tet (wie es heute auch im Islamischen Staat geschieht).<br \/>\n28.3.2015, Klaus Gr\u00fcninger<\/div>\n<\/div>\n<p>&nbsp;<\/p>\n<p>&nbsp;<\/p>\n<p>&nbsp;<\/p>\n<p><strong>Wir m\u00fcssen den Islam zu Reformen verpflichten<\/strong><br \/>\nSeit Jahren sind wir konfrontiert mit den Schrecken der islamischen Welt. Massaker an Sch\u00fclern, Entf\u00fchrung, Vergewaltigung und Versklavung von M\u00e4dchen, Enthauptungen vor Videokameras. All das hat \u2013 so wird erkl\u00e4rt \u2013 nichts mit dem Islam zu tun. Auch Steinigungen, Auspeitschungen, Erh\u00e4ngungen nicht. Man fragt sich: Gibt es den Islam \u00fcberhaupt, wenn nichts mit dem Islam zu tun hat? Das ist das Problem: Der Islam ist der Scho\u00df, aus dem diese Ungeheuerlichkeiten kreuchen. Damit m\u00fcssen sich die Muslime auseinandersetzen! &#8230;.<br \/>\nNicht die Kritiker des Islam schlie\u00dfen die gl\u00e4ubigen Muslime aus; die gl\u00e4ubigen Muslime schlie\u00dfen sich selber aus: Wer M\u00e4dchen das Kopftuch \u00fcberst\u00fclpt, wer Frauen unter den Schleier zwingt, wer Zwangsehen praktiziert, der sondert sich ab. Kritiker solcher Praktiken werden pathologisiert, f\u00fcr unzurechnungsf\u00e4hig erkl\u00e4rt. Man unterstellt ihnen Vorurteile, Ressentiments, dumpfe \u00c4ngste&#8230;<br \/>\nDer Islam muss sich mit sich selber auseinandersetzen \u2013 und wir m\u00fcssen ihn dazu verpflichten. &#8230;..<br \/>\nTabuisierung des Islam. Rechtpopulistische und rechtsextreme Kr\u00e4fte \u00fcbernehmen jetzt die Rolle, die eigentlich die demokratischen Kr\u00e4fte h\u00e4tten spielen sollen. Die Gegner jeder Islamkritik (also die gutmenschliche Kritik an Pegida, Front National) haben diese gef\u00e4hrlichen Entwicklungen zu verantworten! Die kritische Debatte \u00fcber den Islam muss zur\u00fcckgeholt werden in die demokratischen Institutionen: in die Parteien, Gewerkschaften und Verb\u00e4nde, auch in die Kirchen!<span class=\"Apple-converted-space\"><span style=\"color: #000000; font-family: Verdana;\">\u00a0&#8230;<\/span><\/span><br \/>\nAlles von Frank A. Meyer (Schweiz) vom 12.1.2015 bitte lesen auf<br \/>\n<a href=\"https:\/\/www.cicero.de\/weltbuehne\/massaker-paris-tragik-islam-glaeubigen-muslime-schliessen-sich-selber-aus\/58723\">https:\/\/www.cicero.de\/weltbuehne\/massaker-paris-tragik-islam-glaeubigen-muslime-schliessen-sich-selber-aus\/58723<\/a><\/p>\n<p>&nbsp;<\/p>\n<p><strong>Islamismus geh\u00f6rt zum Islam &#8211; IS wurde nicht vom Islam ausgeschlossen<\/strong><br \/>\nAlle seien &#8222;daran erinnert, dass der Islam sehr wohl etwas mit dem Islamismus zu tun hat; denn sonst h\u00e4tte der Scheich der Al-Azhar Moschee, der als die wichtigste sunnitische Autorit\u00e4t gilt, es nicht abgelehnt, die Schl\u00e4chter des IS aus der islamischen Gemeinschaft auszuschlie\u00dfen und sie trotz der betonten Sch\u00e4digung f\u00fcr den Islam aber doch ihm zugeh\u00f6rig bezeichnet hat. Eine sehr bedenkliche Angelegenheit, die jeden hier bei uns in Politik und Kirche aufr\u00fctteln sollte.&#8220; &#8230;. Alles von Alexander G\u00f6rlach vom 25.2.2015 bitte lesen auf<br \/>\n<em><a href=\"https:\/\/www.kath.net\/news\/49590\u00a0\">https:\/\/www.kath.net\/news\/49590\u00a0<\/a><\/em><\/p>\n<p><em>Dr. theol. (kath) und Dr. phil. Alexander G\u00f6rlach als Firat Kaya, Sohn t\u00fcrkischer Gastarbeiter, in Ludwigshafen geboren und wenige Monate alt von deutschen Eltern adoptiert, kennt den Islam bestens, denn er hat nicht nur in Mainz und Rom studiert, sondern auch an dem sunnitischen Zentrum, der Al-Azhar Universit\u00e4t in Kairo. Er ist seit 2009 Herausgeber und Chefredakteur des Debatten-Magazins \u201eThe European\u201d, das auf deutsch und englisch erscheint als Internet- und Print-Magazin.<br \/>\n<a href=\"https:\/\/theeuropean.de\">https:\/\/theeuropean.de<\/a><br \/>\n<\/em><\/p>\n<p>&nbsp;<\/p>\n<p>&nbsp;<\/p>\n<p><strong>Reform des Islam kann nur von Europa ausgehen<br \/>\n<\/strong>Der Istanbuler Religionsp\u00e4dagoge Hasnain Kazim weist darauf hin, dass eine Reform des Islam nur von Europa aus erfolgen k\u00f6nne, da in den muslimischen L\u00e4ndern Unfreiheit, in Europa hingegen Meinungsfreiheit gew\u00e4hrleistet ist: &#8222;In einem Land, in dem keine Freiheit herrscht, kann man keine Religion reformieren. &#8230; Aus diesem Grunde haben wir diese Chance nur hier im Westen, weil wir in Freiheit denken und forschen, trotz aller Schwierigkeiten. Diese Freiheit ist f\u00fcr uns Muslime eine Chance.&#8220;<br \/>\n15.2.2015, <a href=\"https:\/\/www.christ-in-der-gegenwart.de%20\">www.christ-in-der-gegenwart.de <\/a><\/p>\n<p>Appel demokratische gesinnter Muslime:<br \/>\nThere is undeniably a very real contemporary problem of manipulation of the Quran and of prophecies by certain self-proclaimed theologians,\u00a0preachers\u00a0and exegetes\u00a0with\u00a0a warped understanding of Islam. Muslim religious leaders must be aware of their crucial responsibility. If they do not want Islam to be permanently hijacked, it is their duty to take a clear stand on reforming the interpretation of scriptural sources (Ijtihad). This is particularly urgent since the last meaningful and structured (failed) attempt of that sort, the Muhammad Abdu project, took place more than a century ago. Whatever the nationality and religious creed, humans must be free to approach their citizenship and relation to religion as they see fit. \u2013 thejakartaglobe.com, February 1, 2015.<br \/>\n<em>* Datuk Seri Anwar Ibrahim is the Malaysian opposition leader. Felix Marquardt is founder of Khlass (Enough with) the Silence. Ghaleb Bencheikh is president of the World Council of Religions for Peace.\u00a0Tareq Oubrou is imam and rector of the Great Mosque of Bordeaux. &#8230;<\/em><br \/>\n1.2.2015, <a href=\"https:\/\/www.themalaysianinsider.com\/sideviews\/article\/islam-a-victim-of-global-terrorists-anwar-ibrahim-felix-marquardt-ghaleb-be\">https:\/\/www.themalaysianinsider.com\/sideviews\/article\/islam-a-victim-of-global-terrorists-anwar-ibrahim-felix-marquardt-ghaleb-be <\/a><\/p>\n<p>&nbsp;<\/p>\n<p>&nbsp;<\/p>\n<p><strong>Koran liefert den Jugendlichen die Legitimation zur Gewaltaus\u00fcbung<\/strong><br \/>\n&#8222;Das tiefe Problem sind diejenigen in den Vorst\u00e4dten (Familie, Eltern, Clan, Hassprediger, Moscheevereine), die den Verbrechern im Namen des Islam recht geben, es liegt weltweit dort, wo das islamische Recht gilt, wo der Islam nicht nur Religion ist, sondern Staatsform und Jurisdiktion.&#8220;<br \/>\n7.2.2015, Michael Kleeberg in &#8222;West\u00f6stlicher Diwan des Hasses&#8220;, DER SPIEGEL 7\/2015, S. 124-125.<\/p>\n<p>Kleeberg analysiert die Situation\u00a0 in den muslimisch gepr\u00e4gten Vorst\u00e4dten von Paris. Bei den vornehmlich algerischen Einwanderern\u00a0konstatiert er eine weit verbreitete Flucht in die Opferrolle und eine freiwillige Isolation. Nicht der Staat trage Schuld an der Ghettobildung, sondern die Muslime aus dem Mahgreb selbst. Die Erziehung in der Familie im Sinne des Korans liefert den Jugendlichen die Legitimation, Gewalt auszu\u00fcben. Von der Pubert\u00e4t an \u00fcbernehmen Hassprediger bzw. Salafisten diese Rechtfertigung f\u00fcr Hass und Terror.<\/p>\n<p>&nbsp;<\/p>\n<p>&nbsp;<\/p>\n<p><strong>Europa braucht einen neuen Islam &#8211;\u00a0innerislamischer Dialog findet nirgendwo statt<\/strong><\/p>\n<p>Der heutige Islam befindet sich in der gr\u00f6\u00dften Identit\u00e4tskrise seiner tausendvierhundert Jahre alten Geschichte. Die Kluft zwischen seiner unverr\u00fcckbaren Lehre und der modernen Welt des einundzwanzigsten Jahrhunderts ist enorm. Der Islam steht im Widerspruch nicht nur zu den kulturellen Werten westlicher Staaten, sondern auch zu deren demokratischen Gesetzen und sogar zu der UN-Menschenrechtscharta, insbesondere zu Artikel 18 \u2013 Religionsfreiheit \u2013 und zu Artikel 19 \u2013 Meinungsfreiheit. &#8230;<br \/>\nEuropa braucht dringend einen modernen Islam und muss seine Entstehung aus eigenem Interesse stark f\u00f6rdern. Die neue islamische Konfession muss friedlich und demokratisch sein, muss Frauen und M\u00e4nner gleichstellen und die Rechte aller Menschen ohne Ausnahme respektieren. &#8230;<br \/>\nIm Grunde genommen braucht die Welt einen Islam, der lediglich auf den Anspruch auf politische und gesellschaftliche Verantwortung verzichtet. Er sollte seine Rolle auf die Betreuung der vertikalen Gott-Mensch-Beziehung beschr\u00e4nken und sich zu einem Rechtsstaat bekennen als einzige Instanz, die sowohl f\u00fcr das Erlassen von Gesetzen als auch f\u00fcr die Anwendung von Gewalt zur Durchsetzung von Recht und Ordnung befugt ist. Zwar hat sich die absolute Mehrheit der Muslime innerlich darauf verst\u00e4ndigt oder sich zumindest damit abgefunden, friedlich zu leben, sich dem Staat unterzuordnen und keine Gewalt zur Erzwingung islamischen Rechts anzuwenden, aber andererseits findet ein innerislamischer Dialog so gut wie nirgendwo statt und die Muslime verhalten sich so passiv, als ob es sich bei der Misere des Islams um einen Meteoriten handele, der in einen fremden Planeten eingeschlagen w\u00e4re. Im besten Fall wird bei Gespr\u00e4chen unter Muslime dem Westen, Israel oder Russland die Schuld f\u00fcr die islamische Krise in die Schuhe geschoben.<br \/>\nKaum ein frommer Muslim stellt die Frage, ob der Fehler in dem tausendvierhundert Jahre alten Konstrukt des Islams liegen k\u00f6nnte. Kaum ein Muslim traut sich, die Elemente des Korans und des Hadith (die \u00fcberlieferten Worte und Taten des Propheten), die Gewalt legitimieren, anzufechten oder in Frage zu stellen. Damit leben die moderaten Muslime in einer friedlichen Scheinwelt , w\u00e4hrend in einer Parallelwelt die Gewalt legitimierenden Elemente der eigenen Religion weiterhin bestehen bleiben, ihre Legitimation nie richtig verloren haben und wie eine Zeitbombe fungieren, die zur Explosion kommt, sobald das \u00f6konomische und soziale Gef\u00fcge bei einem Muslim oder in einer islamisch gepr\u00e4gten Gesellschaft auseinanderbricht.<br \/>\nAuch wenn es sich manche sehr w\u00fcnschen: Die Globalisierung und Verschmelzung der Kulturen der Welt sind Prozesse, die unumkehrbar und auch nicht mehr aufzuhalten sind. Dementsprechend geh\u00f6rt der Islam zwangsl\u00e4ufig zu Europa und Europa muss sich mit dieser Tatsache abfinden und sich mit dem Islam arrangieren. Wenn die Muslime es nicht aus eigener Kraft schaffen, islamische Reformen in Gang zu setzen, m\u00fcssen die Europ\u00e4er helfen. &#8230;.<br \/>\n<span id=\"yassinnasri\" class=\"vcard\"><span class=\"fn\">Alles vom 27.1.2015 von Yassin Nasri<\/span> bitte lesen auf<br \/>\n<a href=\"https:\/\/www.heise.de\/tp\/artikel\/43\/43970\/1.html\">https:\/\/www.heise.de\/tp\/artikel\/43\/43970\/1.html<\/a><\/span><\/p>\n<p class=\"text\"><em>Yassin Nasri stammt aus Damaskus, hat in Deutschland Architektur studiert und hier auch lange Jahre gelebt. Seit 2003 arbeitet er als internationaler Business Development Berater in Dubai<\/em><\/p>\n<p><strong>Euro-Islam unterst\u00fctzen<\/strong><br \/>\nUnser Demokratie-System ist so \u00fcberzeugend, dass Millionen Moslems im arabischen Fr\u00fchling aufgestanden sind, um diese Freiheit gegen ihre Potentaten zu erk\u00e4mpfen. Leider waren sie nicht in der Mehrheit &#8211; bis auf Tunesien. Aber auch bei uns ist die Freiheit nicht im ersten Anlauf erk\u00e4mpft worden, auch wir ben\u00f6tigten viele Versuche mit furchtbaren R\u00fcckschl\u00e4gen. Daher sollten wir beim Islam nicht\u00a0den Mut verlieren. Die Freiheit wird auch dort siegen. Machen wir den islamistischen Unterdr\u00fcckern klar, dass ihre Tage gez\u00e4hlt sind.<br \/>\nReformen hin zu einem demokratie-kompatiblen Islam sind von Iran bis Marokko nicht zu erwarten, der Krieg zwischen Sunna und Schia wird noch lange w\u00fcten. Unterst\u00fctzen wir deshalb hier\u00a0in Europa aufgekl\u00e4rte Muslime, einen Euro-Islam auf den Weg zu bringen, der zu unserer freiheitlich-rechtsstaatlichen Grundordnung passt.\u00a0Dabei m\u00fcssen wir ehrlich sein. &#8222;Muslime geh\u00f6ren zu Deutschland&#8220; ist OK. &#8222;Der Islam geh\u00f6rt zu Deutschland&#8220; vom Merkel\/Wulf hingegen\u00a0ist unklar und unehrlich, da in deutschen Moscheen und Koranschulen \u00fcberwiegend ein traditioneller Islam (Kelek) bzw. Standard-Islam (Manour) gelebt wird, der auch von den im Zentralrat der Muslime Deutschland ZMD\u00a0organisierten Verb\u00e4nden vertreten wird. Dieser Islam setzt weder die <a title=\"Terre-des-Femmes\" href=\"https:\/\/www.freiburg-schwarzwald.de\/blog\/selbsthilfe\/frauen\/terre-des-femmes\/\">Frauenrechte<\/a> noch die Kinderrechte CRC um, l\u00e4sst also zu, dass in\u00a0 muslimischen Familien in Deutschland\u00a0auch heute Jungen nicht zu kritikf\u00e4higen Demokraten und M\u00e4dchen nicht zu gleichberechtigten Frauen erzogen werden. Wer dies aus gutmenschlicher\u00a0<a title=\"Political-Correctness\" href=\"https:\/\/www.freiburg-schwarzwald.de\/blog\/kultur\/medien\/political-correctness\/\">Political Correctness<\/a>\u00a0nicht offen sagt, ist unehrlich und hilft weder Muslimen noch Integration.<br \/>\nUnsere Demokratie mag verbesserungsw\u00fcrdig sein (z.B. strenge Trennung von <a title=\"Kirche-Staat\" href=\"https:\/\/www.freiburg-schwarzwald.de\/blog\/religion\/kirche-staat\/\">Kirche und Staat<\/a>\u00a0einf\u00fchren), aber es gibt keine bessere Gesellschaftsform. Alle Welt beneidet uns um sie, alle wollen nach Deutschalnd kommen. \u00a0Deshalb ist es unsere Pflicht, die Muslime zu unterst\u00fctzen und ihnen zu helfen, einen Euro-Islam zu entwerfen,\u00a0der sich nur auf die friedlichen Suren des Korans bezieht bzw. andere Suren aus der\u00a0Historie her neu interpretiert oder ausklammert.<br \/>\n22.1.2015<\/p>\n<p>&#8212;&#8212;&#8212;&#8212;&#8212;&#8212;&#8212;&#8212;&#8212;&#8212;&#8212;&#8212;&#8212;&#8211;<\/p>\n<p>&nbsp;<\/p>\n<p><strong>Islam mu\u00df sich von demokratie-nichtkonformen Gewalt-Suren losssagen<\/strong><br \/>\nRichtig ist, dass wir mehr als Distanzierung brauchen: Wir brauchen Erkl\u00e4rungen, und zwar gemeinde-<br \/>\n\u00fcbergreifende und von den islamischen Verb\u00e4nden <a title=\"Islam Demokratie \u2013 Islam Reform\" href=\"https:\/\/www.freiburg-schwarzwald.de\/blog\/islam-demokratie-islam-reform\/\">verbindlich getragene <\/a>Erkl\u00e4rungen, dass die aus Koran und Sunna abgeleiteten Regelungen, die mit der freiheitlich\u2010demokratischen Werteordnung nicht vereinbar sind, hier und heute keine Geltung haben k\u00f6nnen. Das beinhaltet freilich nicht mehr und nicht weniger, als neue und zeitgem\u00e4\u00dfe Wege der Koranauslegung zu beschreiten. &#8230;<br \/>\nMit gro\u00dfer Zustimmung nehmen wir zur Kenntnis, dass die Absage an jede Gewalt mit dem Koran begr\u00fcndet worden ist. Diese Koranauslegung, die sich von der erdr\u00fcckenden Mehrheit der Traditionstexte abhebt (und abheben muss), kann allerdings nur dann verst\u00e4ndlich und nachhaltig wirksam werden, wenn sie in intensiver Kooperation mit allen wichtigen Akteuren \u2013 zu denken ist an die <a title=\"Islam-Organisationen\" href=\"https:\/\/www.freiburg-schwarzwald.de\/blog\/religion\/islam\/islam-organisationen\/\">zivilgesellschaftlichen Partner <\/a>und allen voran die Islam\u2010theologischen Zentren an den Universit\u00e4ten \u2013 aktiv diskutiert und in den Moscheegemeinden vor Ort in ihren Konsequenzen zum Thema gemacht wird. &#8230;.<br \/>\nEine (den Namen verdienende) historische und hermeneutische Auslegung gibt es nicht, und wo es sie ansatzweise gibt, wird der warnende Zeigefinger des Schariaislam erhoben. So etwa Richtung M\u00fcnster, wo Mouhanad Khorchide den Anspruch der Scharia abweichend zu interpretieren versucht. Khorchide war jetzt neben B\u00fclent Ucar (Osnabr\u00fcck) einer der wenigen, die mit klaren Worten den Zusammenhang von Islam und Islamismus anerkannt und eine<br \/>\nAuslegung des Korans \u201eim historischen Kontext\u201c gefordert haben.\u00a0\u00a0&#8230;..<br \/>\nAlles vom 20.1.2015 von\u00a0Dr. Friedmann Ei\u00dfler, Evangelische Zentralstelle f\u00fcr Weltanschauungsfragen, Berlin<br \/>\n<a href=\"https:\/\/www.ezw\u2010berlin.de\">www.ezw\u2010berlin.de<\/a><br \/>\n<a href=\"https:\/\/www.ezw-berlin.de\/downloads\/Nein_zu_jeder_Gewalt_Eissler_EZW_2015_01_20.pdf\">https:\/\/www.ezw-berlin.de\/downloads\/Nein_zu_jeder_Gewalt_Eissler_EZW_2015_01_20.pdf <\/a><\/p>\n<p>&nbsp;<\/p>\n<p><strong>Verb\u00e4nde schulen Imame vor allem im Ausland<\/strong><br \/>\nEtwa 2300 Moscheegemeinden und alevitische Cem-H\u00e4user gibt es in Deutschland. Fast 2200 von ihnen haben einen Imam, also einen Vorbeter oder, im Fall der Aleviten, einen sogenannten Dede. Das Problem: Eine einheitliche Ausbildung f\u00fcr die Gemeinde-Autorit\u00e4ten und qualifizierte, wissenschaftliche Standards daf\u00fcr gibt es bisher nicht. So kommen die meisten Vorbeter aus dem Ausland \u2013 sie sprechen kein Deutsch und kennen den Lebensalltag ihrer Gemeindemitglieder nicht. Deshalb tun sie sich schwer, bei Ehestreitigkeiten zu beraten, Frauen angemessen zu unterst\u00fctzen und vor allem hier geborene junge Muslime zu erreichen. ,,,<br \/>\nDer Verband Ditib, mit gut 800 Moscheen der gr\u00f6\u00dfte in Deutschland und eng mit der T\u00fcrkei verbunden, schickt junge deutsche Muslime und Muslimas mit Abitur zum Theologiestudium in die T\u00fcrkei. Man arbeite eng mit dem staatlichen Pr\u00e4sidium f\u00fcr Religionsangelegenheiten in Ankara zusammen, sagt Ditib-Dialogbeauftragter Bekir Alboga&#8230;.<br \/>\nDerr konservative, ebenfalls t\u00fcrkisch-sunnitische Verband Islamischer Kulturzentren (VIKZ), mit bundesweit rund 300 Mitgliedsmoscheen. Er hat in K\u00f6ln ein Ausbildungszentrum aufgebaut, an dem er in einem dreij\u00e4hrigen Lehrgang Imame f\u00fcr VIKZ-Gemeinden schult.<br \/>\n15.1.2015<br \/>\n.<\/p>\n<p><strong>3\/4 der Muslime sind der Meinung: Koran nicht reformierbar?<\/strong><br \/>\n2\/3 der europ\u00e4ischen Musline stellen die Gesetze ihrer Religion \u00fcber die Gesetze ihres Aufenthaltslands. F\u00fcr 3\/4 gibt es nur eine m\u00f6gliche Auslegung des Korans. 60 % der Muslime lehnen Homosexuelle als Freunde ab (Christen 13%). Jeweils 45 % zeigten sich \u00fcberzeugt, dass man Juden nicht trauen k\u00f6nne (Christen 9%) und dass der Westen den Islam zerst\u00f6ren wolle (Christen 23%). Koopmans nannte die starke Tendenz zu religi\u00f6sem Fundamentalismus unter Europas Muslimen alarmierend. &#8222;Fundamentalismus ist keine unschuldige Form strenger Religiosit\u00e4t. Unsere Untersuchung zeigt vielmehr, dass Menschen mit fundamentalistischer Haltung gleichzeitig Gruppen, die von ihrem Standard abweichen &#8211; wie Homosexuellen oder Juden -, feindselig gegen\u00fcberstehen.&#8220; F\u00fcr die Studie &#8222;Fundamentalismus und Fremdenfeindlichkeit. Muslime und Christen im europ\u00e4ischen Vergleich&#8220; des Migrationsforschers Ruud Koopmans wurden in Deutschland, Frankreich, den Niederlanden, Belgien, \u00d6sterreich und Schweden Menschen mit t\u00fcrkischem oder marokkanischem befragt. &#8230; Mehr vom 14.1.2015 auch auf<br \/>\n<a href=\"https:\/\/www.3sat.de\/page\/?source=\/nano\/gesellschaft\/178975\/index.html\"><span lang=\"\">https:\/\/www.3sat.de\/page\/?source=\/nano\/gesellschaft\/178975\/index.html<\/span><\/a><\/p>\n<p>&nbsp;<\/p>\n<p><strong>Muslime schlie\u00dfen sich selber aus<br \/>\n<\/strong>Seit Jahren sind wir konfrontiert mit den Schrecken der islamischen Welt. Massaker an Sch\u00fclern, Entf\u00fchrung, Vergewaltigung und Versklavung von M\u00e4dchen, Enthauptungen vor Videokameras. All das hat \u2013 so wird erkl\u00e4rt \u2013 nichts mit dem Islam zu tun. Auch Steinigungen, Auspeitschungen, Erh\u00e4ngungen nicht. Man fragt sich: Gibt es den Islam \u00fcberhaupt, wenn nichts mit dem Islam zu tun hat? Das ist das Problem: Der Islam ist der Scho\u00df, aus dem diese Ungeheuerlichkeiten kreuchen. Damit m\u00fcssen sich die Muslime auseinandersetzen! &#8230;.<br \/>\nGerade die Unterscheidung zwischen Islam und Islamismus hat eine fatale Entwicklung ausgel\u00f6st: Aus Angst vor \u201eIslamophobie\u201c wurde jede offene Debatte unterlassen. Islamkritik ist tabu. &#8230;.<br \/>\nDer Islam muss sich mit sich selber auseinandersetzen \u2013 und wir m\u00fcssen ihn dazu verpflichten. Die Fundamentalisten berufen sich auf das Wort Allahs. Das jedoch gilt als von Gott selbst geschrieben.\u00a0Deshalb ist es w\u00f6rtlich zu nehmen und nicht ver\u00e4nderbar. &#8230;. Das aber ist die Tragik dieser Religion: Sie schafft es bis heute nicht, sich selbst zu reformieren. &#8230;<br \/>\nWir m\u00fcssen den Muslimen vor allem eines klar machen: Es gibt keine Verhandlungen dar\u00fcber, was sie eventuell bereit sein k\u00f6nnten, von unserem demokratischen, freiheitlichen Rechtssystem zu akzeptieren. Das ist hors discussion.<br \/>\nAlles von\u00a0Frank A. Meyer\u00a0vom 1.1.2015 bitte lesen auf<br \/>\n<a href=\"https:\/\/www.cicero.de\/weltbuehne\/massaker-paris-tragik-islam-glaeubigen-muslime-schliessen-sich-selber-aus\/58723#comments\">https:\/\/www.cicero.de\/weltbuehne\/massaker-paris-tragik-islam-glaeubigen-muslime-schliessen-sich-selber-aus\/58723#comments<\/a><\/p>\n<p><strong>Euroislam von Bassam Tibi &#8211; Westliches Wunschdenken behindert Islam-Reformen<\/strong><br \/>\nWahre Worte, Herr Meyer. Zumal Frau Merkel heute wieder betonte, der Islam geh\u00f6re zu Deutschland. Heute fr\u00fch um 7:20h kam auf DLF ein Interview mit Herrn Prof. Bassam Tibi, der den Euroislam propagiert. Er beklagt, vom Zentralrat der Muslime ausgegrenzt und bek\u00e4mpft zu werden. Herr Tibi sagte schon 2002 in der ZEIT ((23\/2002)): Selig sind die Belogenen Der christlich-islamische Dialog beruht auf T\u00e4uschungen &#8211; und f\u00f6rdert westliches Wunschdenken. Neuerdings sprechen selbst Funktion\u00e4re des Zentralrates von einem &#8222;europ\u00e4ischen Islam&#8220; und geben Bekenntnisse zum Grundgesetz ab. Doch verstehen sie darunter dasselbe wie das von mir vertretene Konzept eines &#8222;Euroislam&#8220;, das hei\u00dft: eines mit der zivilisatorischen Identit\u00e4t Europas vers\u00f6hnten Islam? Ist ihr Bekenntnis zu Demokratie und religi\u00f6sem Pluralismus aufrichtig oder blo\u00df Iham, also bewusste T\u00e4uschung der Ungl\u00e4ubigen? Skepsis ist angebracht, wenn man bedenkt, dass im bisherigen Dialog von islamischer Seite nichts als Forderungen und Anklagen erhoben wurden. Die Muslime gefielen sich in der Rolle des Opfers. Den christlichen Vertretern wurde nicht nur die deutsche Vergangenheit vorgehalten, sie wurden auch f\u00fcr die Kreuzz\u00fcge und f\u00fcr den Kolonialismus mitverantwortlich gemacht. Zugleich verbaten es sich die Muslime, mit der Geschichte des Dschihad konfrontiert zu werden. Bei den islamischen Dschihad- Eroberungen ist jedoch viel Blut geflossen, und Muslime haben Nichtmuslimen ihren Glauben oftmals brutal aufgezwungen. Doch dar\u00fcber zu reden gilt als tabu. Lieber reden auch die Christen von ihrer eigenen dunklen Vergangenheit. Ein solches Ritual einseitiger Schuldzuweisungen ist kein Beitrag zur Verst\u00e4ndigung zwischen den Zivilisationen? Es kommt dabei nur ein verlogener Dialog heraus. Die ern\u00fcchternde Wahrheit lautet: Nicht nur Islamisten, auch orthodoxe Muslime halten die Christen f\u00fcr &#8222;Kreuzz\u00fcgler&#8220;, Salibiyyun &#8211; und zwar auch dann, wenn diese sich vor dem Islam anbiedernd verbeugen. Christen m\u00fcssen sich mit dieser feindseligen Einstellung offen auseinander setzen, statt sie weiterhin zu verdr\u00e4ngen&#8230; &#8212; Leider konnte sich Herr Tibi mit seiner Sicht des Islam bislang nicht durchsetzen. Er prangert ebenso die Islamisierung in der T\u00fcrkei an und findet sehr klare Worte, die T\u00fcrkei sei kein demokratischer Staat mehr. Wir k\u00f6nnen uns die Welt weiter sch\u00f6nreden, Frau Merkel kann noch so oft betonen, dass auch der Islam, stellt sich nun die Frage welcher, zu Deutschland geh\u00f6rt. Eine Differenzierung der Aussage w\u00e4re dahingehend n\u00f6tig, dass Integration nur gelingen kann, wenn Muslime unsere Sprache erlernen, das Grundgesetz und die Gesetze achten, sogen. Ehrenmorde u.a. von uns nicht tolerierbare &#8222;Traditionen&#8220; ablehnen, wir dann gern bereit sind, sie in unserer Mitte aufzunehmen. Es leben etliche Muslime bei uns, ich habe mindestens zwei Familien in direkter Nachbarschaft und ich habe keinen Grund, sie abzulehnen, weil sie gut integriert sind, unsere Sprache sprechen, hier arbeiten, gute Nachbarn sind. Solange wir uns immer mehr Forderungen des Zentralrates beugen, umso mehr werden uns die Vertreter dieser Instution wohl verachten. Sinngem\u00e4\u00df lt. Herrn Tibi redet man dort mit &#8222;gespaltener Zunge&#8220;.<br \/>\n13.1.2015, Renate Simon<\/p>\n<p>&nbsp;<\/p>\n<p><strong>Reform des Islams in Deutschland<\/strong><br \/>\nDer Ende des 19. Jahrhunderts angesto\u00dfene Reformislam konnte sich nicht durchsetzen (siehe unten) und prallte am Widerstand der islamischen Gelehrten als alleinigen Sachverwaltern der Scharia ab.<br \/>\nHeute wird ein erneuter Anlauf einer\u00a0Reform des Islam\u00a0sehns\u00fcchtig herbeigefordert. Moderne Ans\u00e4tze in der Neuauslegung des\u00a0 Koran werden geradezu begierig aufgegriffen: <a title=\"Koran Antisemitismus Khorchide\" href=\"https:\/\/www.freiburg-schwarzwald.de\/blog\/koran-antisemitismus-khorchide\/\">Prof Khorchide<\/a>\u00a0an Uni\u00a0M\u00fcnster, Prof Armipur an Uni Hamburg, Imamausbildung an Uni T\u00fcbingen, &#8230;). Dabei stellt sich immer wieder das Problem, dass der Koran als &#8222;Wort Gottes&#8220; eigentlich nicht interpretierbar ist und somit ihn Konflikt steht zu Demokratie, Grundgesetz sowie Frauen- und Menschenrechten. Interessant ist der Vorschlag zu folgendem Statement:<\/p>\n<p><em>&#8222;Als in Deutschland lebender Muslim gelten f\u00fcr mich nur die Suren des Koran,<br \/>\ndie dem Deutschen Grundgesetz entsprechen.&#8220;<\/em><\/p>\n<p>Mit der\u00a0Anerkennung dieses Statements durch Gl\u00e4ubige bzw. Moscheegemeinden w\u00e4re den Anfeindungen an den Islam seit Pegida und nun auch &#8222;Charlie Hebdo &#8220; am 7.1.2015\u00a0der Boden entzogen.<br \/>\n&#8211; Islam in Deutschland und\u00a0Demokratie w\u00e4ren vereinbar.<br \/>\n&#8211; Widerspr\u00fcche zum Grundgesetz w\u00e4ren ausgeschlossen\u00a0(wie unterschiedliche Erziehung von Sohn (Macho) und<br \/>\nTochter (nix), Unterdr\u00fcckung der Frau in der Familie, Zwangsverheiratung, Parallelgesellschaften in Clans)<br \/>\n&#8211; Junge M\u00e4nner k\u00f6nnten sich nicht mehr auf den Islam zwecks Legitimierung von Gewalt und\u00a0Terror berufen.<br \/>\n12.1.2015<\/p>\n<p>&nbsp;<\/p>\n<p><strong>Islam-Verb\u00e4nde f\u00fcr Organisation &#8211; Islam-Fundamentalisten f\u00fcr Theologie?<\/strong><\/p>\n<p>Der interreligi\u00f6se Dialog in Deutschland leidet darunter, dass ein\u00a0gemeinsamer Ansprechpartner f\u00fcr alle Muslime fehlt. &#8222;Den&#8220; Islam gibt es nicht, es gibt so viele &#8222;Islams&#8220; wie es Auslegungen des Korans gibt: Sunniten, Schiiten, Aleviten, &#8230;. Auch die Verb\u00e4nde bzw. Dachverb\u00e4nde k\u00f6nnen nur f\u00fcr bestimmte Muslime sprechen. Die Ausbildung der Imame erfolgt zudem ganz unterschiedlich und zumeist im Ausland (T\u00fcrkei).<br \/>\nDeutschland hat\u00a0ca 2500 Moscheegemeinden und alevitische Cem-H\u00e4user, davon haben\u00a0ca 2200 einen Imam, also einen Vorbeter oder, im Fall der Aleviten, einen\u00a0Dede. Eine einheitliche Ausbildung f\u00fcr die Gemeinde-Autorit\u00e4ten nach qualifizierten, wissenschaftlichen Standards fehlt. So kommen die meisten Vorbeter aus dem Ausland \u2013 sie sprechen kein Deutsch und kennen den Lebensalltag ihrer Gemeindemitglieder nicht. Deshalb tun sie sich schwer vor allem bei hier geborenen jungen Muslimen.<br \/>\nDitib ist mit\u00a0800 Moscheen der gr\u00f6\u00dfte Verband in Deutschland und\u00a0er schickt junge deutsche Muslime mit Abitur zum Theologiestudium in die T\u00fcrkei. Man arbeite eng mit dem staatlichen Pr\u00e4sidium f\u00fcr Religionsangelegenheiten in Ankara zusammen, so der Ditib-Dialogbeauftragter Bekir Alboga..Der konservative, ebenfalls t\u00fcrkisch-sunnitische Verband Islamischer Kulturzentren (VIKZ), spricht f\u00fcr\u00a0ca 300 Mitgliedsmoscheen. Er hat in K\u00f6ln ein Ausbildungszentrum aufgebaut, an dem er in einem dreij\u00e4hrigen Lehrgang Imame f\u00fcr VIKZ-Gemeinden schult. Die Einrichtungen, mit denen der Bundesinnenminister im Rahmen der deutschen Islamkonferenz diskutiert, sind rein weltliche, also politische Organisationen. Die wichtigste davon, die Ditib, ist eine kemalistische Beh\u00f6rde der T\u00fcrkei Erdogans.<\/p>\n<p>Institutionen wie EKD (ev) und Kardinal (kath) wird man bei Muslimen in Deutschland kaum jemals finden. Dazu kommt als weiteres Problem, dass sich die vielen\u00a0Islam-Verb\u00e4nde untereinander uneins sind, sich prim\u00e4r mit Organisation besch\u00e4ftigen, die theologischen Probleme (Koranauslegung) ausklammern und\u00a0dadurch die jungen\u00a0Menschen mit \u00a0islamischen Wurzeln nicht mehr erreichen.<br \/>\nDie Deutungshoheit des Islam in Deutschland wird den Fundamentalisten (Salafisten, Dschihadisten, Wachabiten, &#8230;) \u00fcberlassen und diese erreichen dann zuhauf die vielen fragenden und haltsuchenden jungen Muslime. Der schlimmen Behauptung &#8222;Islam-Verb\u00e4nde f\u00fcr die Organisation &#8211; Islam-Fundamentalisten f\u00fcr die Theologie&#8220; wird immer weniger widersprochen.<br \/>\n1.1.2015<\/p>\n<p>&nbsp;<\/p>\n<p><strong>Abdolkarim Sorush &#8211; iranischer Reformislamer<\/strong><br \/>\nDer schiitische Geistliche Abdolkarim Sorush ist einer der prominentesten Vordenker eines Reformislams. Er weist der Vernunft des Menschen eine zentrale Rolle zu, religi\u00f6ser Pluralismus ist f\u00fcr ihn eine Selbstverst\u00e4ndlichkeit. Mit diesen Ansichten muss der Iraner allerdings im Exil leben. &#8230;<br \/>\nAbdolkarim Sorush war urspr\u00fcnglich ein gl\u00fchender Anh\u00e4nger von Ajatollah Khomeini und dessen Revolution. Doch Sorush wandelte sich zu einem scharfen Gegner des religi\u00f6sen Regimes im Iran.<br \/>\nDie Interpretationen der Menschen h\u00e4lt Sorush f\u00fcr wandelbar, nicht aber Gottes Wort. Die Botschaft Allahs im Koran ist auch f\u00fcr ihn unfehlbar &#8211; doch der Mensch k\u00f6nne niemals wissen, was Gottes eigentliche Absichten sind. Sorush unterscheidet zwischen Religion einerseits \u2013 und der religi\u00f6sen Erkenntnis der Menschen andererseits. Auf dieser Idee beruht seine gesamte Theologie. &#8222;Unser Verst\u00e4ndnis der Schrift unterscheidet sich von der eigentlichen Schrift. Die Schrift ist heilig, aber unser Verst\u00e4ndnis von ihr ist es nicht. Unsere Erkenntnis kann voller Widerspr\u00fcche und Fehler sein. Am wichtigsten ist dabei, dass man meine Interpretation kritisieren kann. Das bedeutet nicht, dass man damit die Schrift selbst kritisiert.&#8220; Wie andere muslimische Reformdenker weist auch Sorush der Vernunft des Menschen eine zentrale Rolle zu. Dahinter steckt die \u00dcberzeugung, dass Gott dem Menschen niemals etwas befehlen w\u00fcrde, was unvern\u00fcnftig ist. &#8222;Die Vernunft ist an erster Stelle. Eine unvern\u00fcnftige Religion ist inakzeptabel. Wenn eine Religion Ungerechtigkeit f\u00fcr unwichtig h\u00e4lt, dann sagt die Vernunft: Das ist keine gute Religion.&#8220;<br \/>\n31.1.2014, <a href=\"https:\/\/www.deutschlandfunk.de\/reformislam-religioese-erkenntnis-ist-immer-wandelbar.886.de.html?dram:article_id=276182\"><span lang=\"DE\">https:\/\/www.deutschlandfunk.de\/reformislam-religioese-erkenntnis-ist-immer-wandelbar.886.de.html?dram:article_id=276182<\/span><\/a><\/p>\n<p>&nbsp;<\/p>\n<p><strong>Reformislam Ende des 19. Jahrhundert<\/strong><br \/>\nVielen muslimischen Intellektuellen machte am Ende des 19. Jh. nicht nur die materielle \u00dcberlegenheit des Westens zu schaffen, sondern auch das Minderwertigkeitsgef\u00fchl, das sie angesichts der ideolog.ischenDiffamierung der islamischen \u00a0Gesellschaften durch den Westen empfanden. Wie manche andere Europ\u00e4er auch war der franz\u00f6s. Philosoph Ernest Renan (gest. 1892) der Auffassung, da\u00df die Muslime aufgrund ihrer Religion intellektuell nicht in der Lage seien, Fortschrittsdenken im westlichen Sinne zu entwickeln. Islam und Wissenschaft sowie Islam und Zivilisation seien prinzipiell miteinander unvereinbar.<br \/>\nDie \u201eGr\u00fcndungsv\u00e4ter&#8220; des islam. Reformismus, Jam\u00e2l ad-D\u00een al-Afgh\u00e2n\u00ee, Muhammad Abduh, Rash\u00eed Rid\u00e2 und Abd ar-Rahm\u00e2n al-Kaw\u00e2kib\u00ee (1854\u20131902), die sich gegen diese Herabw\u00fcrdigung zur Wehr setzten, gingen von der Grundannahme aus, da\u00df die vermeintliche intellektuelle R\u00fcckst\u00e4ndigkeit ihre Ursachen in einem verkrusteten, inflexiblen Islamverst\u00e4ndnis habe, welches v. a. auf einem blinden Gehorsam (arab. taql\u00eed) gegen\u00fcber den von der islamischen Jurisprudenz ausgearbeiteten und mittlerweile \u00fcberholten Normensystemen beruhe. Sie pl\u00e4dierten daher f\u00fcr eine innere Reform des Islams: Mittels rationaler \u00dcberlegung sollte eine freiere, der Zeit angepa\u00dfte Auslegung der islam. Grundtexte Koran und der prophetischen \u00dcberlieferung im Had\u00eeth (Ijtih\u00e2d) m\u00f6glich werden, eine\u00a0Forderung, die allerdings schon von fr\u00fcheren Reformern erhoben worden war. Die Reformisten suchten die Antworten auf ihre Fragen durch die Neubetrachtung der koranischen Aussagen und die gezielte Auswahl und Auslegung der als g\u00fcltig befundenen \u00b3ad\u00eethe zu erhalten. Sie wollten so an den wahren Islam der Altvorderen ankn\u00fcpfen, wobei mit Hilfe der neugewonnenen Prinzipien eine Reformierung innerhalb der Gesellschaft und mit Zustimmung der polit. Herrschaft, ohne also einen revolution\u00e4ren Umsturz zu propagieren, angestrebt wurde. Da die Reformisten allerdings durch ihre Kritik an der islamischen Jurisprudenz die Stellung der islamischen. Gelehrten als alleinige Sachwalter der Scharia radikal untergruben, erfuhren sie von dieser Seite einen erbitterten Widerstand. Bis heute ziehen sich die Fragestellungen, die dem reformist. Bestreben nach einer Neuinterpretation des Islams zugrunde lagen, durch die Debatten innerhalb der polit. \u00d6ffentlichkeit in den islam. L\u00e4ndern:<br \/>\n1) Wie ist es zum Niedergang der islam. Zivilisation gekommen? Da\u00df der Islam als Abschlu\u00df der Offenbarungen die letztg\u00fcltige Religion ist, stand g\u00e4nzlich au\u00dfer Zweifel. Es ging den Reformisten allein darum, die ehemals gegebene, ideale Umsetzung der islam. Ordnungsvorstellungen auf Erden wiederzubeleben.<br \/>\n2) Wie soll man mit der arroganten \u00dcberlegenheit des Westens umgehen? Die Reformisten wiesen entschieden die unterschiedlichen Herabsetzungen durch den Westen zur\u00fcck. Dem Westen komme weder aus ethnischen noch aus intellektuellen Gr\u00fcnden eine Vorrangstellung zu. Der intellektuellen Diffamierung durch den Westen, die Muslime seien aufgrund ihrer Religion geistig nicht imstande, \u00e4hnliche Leistungen hervorzubringen, wurde aufs heftigste widersprochen. Im Grunde \u2013 so die Reformisten \u2013 habe Europa nur wissenschaftliche und gesellschaftliche Ans\u00e4tze weiterentwickelt, die schon lange vorher von den Muslimen formuliert und ausgearbeitet worden seien.<br \/>\n3) Wie mu\u00df man dem europ\u00e4ischen Imperialismus entgegentreten? &#8230;.<br \/>\n4) Wie kann eine islamische Einheit, eine muslimische Umma wiederhergestellt werden? &#8230;<\/p>\n<p>Alles bitte lesen auf\u00a0 <a href=\"https:\/\/www.bpb.de\/nachschlagen\/lexika\/islam-lexikon\/21634\/reformislam\"><span lang=\"\">https:\/\/www.bpb.de\/nachschlagen\/lexika\/islam-lexikon\/21634\/reformislam<\/span><\/a><\/p>\n<p>&nbsp;<\/p>\n<p><strong>Es gibt das &#8222;Neue Testament&#8220;, aber keinen &#8222;Neuen Koran&#8220;<\/strong><br \/>\nDar\u00fcber, dass der Koran vielerorts Gewalt bef\u00fcrwortet, kann man nicht streiten. Eine Sure als Beispiel: &#8222;Der Lohn derer, die gegen Allah und Seinen Gesandten Krieg f\u00fchren und Verderben im Lande zu erregen trachten, soll sein, da\u00df sie get\u00f6tet oder gekreuzigt werden oder da\u00df ihnen H\u00e4nde und F\u00fc\u00dfe wechselweise abgeschlagen werden oder da\u00df sie aus dem Lande vertrieben werden.&#8220;<br \/>\nEinige muslimische Gelehrte sagen, man m\u00fcsse bestimmte Suren des Koran aus der damaligen Zeit heraus interpretieren und so als heute nicht mehr (bzw. anders) g\u00fcltig betrachten. Doch dies geht leider nicht, da der Koran das pers\u00f6nliche Wort Gottes und deshalb vom Menschen unab\u00e4nderlich ist &#8211; so die Meinung der \u00fcberw\u00e4ltigenden Mehrheit der Islamgelehrten weltweit. Im Christentum hat das &#8222;Neue Textament&#8220; um das Jahr 70 nach Christus das &#8222;Alte Testament&#8220; abgel\u00f6st. Leider gibt es im Islam nichts entsprechendes, also so etwas wie einen &#8222;Neuen Koran&#8220;.<br \/>\n31.12.2014<\/p>\n<p>&nbsp;<\/p>\n<p><strong>90 Prozent der Islam-Inhalte salafistisch orientiert &#8211; Jugendliche brauchen Vorbilder<\/strong><br \/>\nWenn sie heute bei Google &#8222;Islam&#8220; eingeben, dann sind 90 Prozent der Inhalte salafistisch orientiert, obwohl diese Gruppe sehr klein ist. Wir brauchen eine innerislamische Debatte, damit die Jugendlichen alternative Interpretationen bekommen. Wir k\u00f6nnen uns nicht ausschlie\u00dflich von IS distanzieren. Denn Einsch\u00fcchterungen und Angst vor der H\u00f6lle werden immer noch als Teil der islamischen Religion verstanden ebenso wie rigide Geschlechtertrennungen oder der Anspruch, dass der Koran nur buchst\u00e4blich verstanden und interpretiert werden darf. Nur wenn wir die Jugendlichen zum Nachdenken und Hinterfragen motivieren, k\u00f6nnen wir auch IS bek\u00e4mpfen. Es geht nicht nur um 600 Jugendliche, die in Syrien und dem Irak sind, sondern auch um tausende, die in Deutschland geblieben sind und f\u00fcr diese Gruppierungen gen\u00fcgend Sympathie haben. Da ist das gro\u00dfe, gef\u00e4hrliche Potential. &#8230;..<br \/>\nAlles von <a title=\"Mansour\" href=\"https:\/\/www.freiburg-schwarzwald.de\/blog\/religion\/islam\/mansour\/\">Ahmad Mansour <\/a>vom 5.9.2014 bitte lesen auf<br \/>\n<a href=\"https:\/\/www.rbb-online.de\/politik\/beitrag\/2014\/09\/ahmad-mansour-is-islamismus-berlin.htm\/pagenumber=2.html\">https:\/\/www.rbb-online.de\/politik\/beitrag\/2014\/09\/ahmad-mansour-is-islamismus-berlin.htm\/pagenumber=2.html<\/a><\/p>\n<p>&nbsp;<\/p>\n<p>&nbsp;<\/p>\n<p><strong>Katajun Amirpur &#8222;Den Islam neu denken&#8220; &#8211; moderne Koranauslegung<\/strong><\/p>\n<p>Wie l\u00e4sst sich der Koran heute auslegen? Der g\u00f6ttliche Text ist menschlich. Katajun Amirpur hat mit ihrem ausgezeichneten Buch &#8222;Den Islam neu denken&#8220; ein neues Standardwerk geschrieben. &#8230;&#8230;.<br \/>\nDiese Sicht beherrscht \u2013 wie Katajun Amirpurs Einf\u00fchrung in die neueste Koranauslegung zeigt \u2013 bis heute die Auslegungen, wenn sie auch durchweg entschieden das Ziel verfolgen, den Koran von seiner Autorit\u00e4t als wortw\u00f6rtliche Rede Gottes zu entlasten. Durch dieses neue Bewusstsein, dass der Koran eben nicht w\u00f6rtlich genommen werden sollte, unterscheiden sich die neuen Ausleger substanziell von den fundamentalistischen Muslimen unserer Zeit, die den Koran als vermeintlichen Kronzeugen f\u00fcr menschenfeindliche Regelungen, vor allem die <strong>Unterdr\u00fcckung der Frau und die Legitimierung von Gewaltt\u00e4tigkeit<\/strong> gegen\u00fcber Anders- oder Nichtgl\u00e4ubigen, missbrauchen. &#8230;<br \/>\nAlles vom 29.10.2013 bitte lesen auf<br \/>\n<a href=\"https:\/\/www.zeit.de\/2013\/43\/sachbuch-koran-den-islam-neu-denken-katajun-amirpur\">https:\/\/www.zeit.de\/2013\/43\/sachbuch-koran-den-islam-neu-denken-katajun-amirpur<\/a><\/p>\n<p>Dem Islam wird oft nachgesagt, er habe den Anschluss an Moderne und Aufkl\u00e4rung verpasst &#8211; ein Irrtum, wie Katajun Amirpur zeigt. Sie stellt die einflussreichsten Erneuerer des Islams vor, die sich f\u00fcr Demokratie und Menschenrechte einsetzen und dabei immer mehr Anh\u00e4nger in Orient und Okzident finden. Sie wollen die Deutungshoheit \u00fcber den Islam nicht den Fundamentalisten \u00fcberlassen und setzen dem Dschihad gegen die Ungl\u00e4ubigen ihren eigenen Dschihad f\u00fcr mehr Freiheit und die Gleichberechtigung der Geschlechter entgegen. Zur Sprache kommen unter anderem der \u00e4gyptische Korangelehrte Abu Zaid, der durch die Zwangsscheidung von seiner Frau bekannt wurde, und die amerikanische Frauenrechtlerin Amina Wadud, die mit der Leitung eines Freitagsgebets &#8211; als erste Frau \u00fcberhaupt &#8211; weltweit Aufsehen erregte.<br \/>\n<a href=\"https:\/\/www.perlentaucher.de\/buch\/katajun-amirpur\/den-islam-neu-denken.html\">https:\/\/www.perlentaucher.de\/buch\/katajun-amirpur\/den-islam-neu-denken.html <\/a><\/p>\n<p>Katajun Amirur: Den Islam neu denken,<br \/>\nC. H. Beck Verlag, M\u00fcnchen 2013<br \/>\n<span class=\"nobr\">ISBN 9783406644450<\/span><br \/>\nBroschiert, 255 Seiten, 14,95 EUR<\/p>\n<p>Katajun Amirpur \/ Ludwig Ammann (Hg.), Der Islam am Wendepunkt. Liberale und konservative Reformer einer Weltreligion, Freiburg i. Br. 2006; Rachid Benzine, Islam und Moderne. Die neuen Denker, Verlag der Weltreligionen, Berlin 2012; sowie die Buchreihe der Georges\u2010Anawati\u2010Stiftung \u201eReligion und Gesellschaft. Modernes Denken in der islamischen Welt\u201c.<\/p>\n<p><strong>Frau Amirpur als Aussenseiterin?<\/strong><br \/>\nWie lesen wir in der &#8222;Islamischen Charta&#8220; des Zentralrats der Muslime in Deutschland e.V.: &#8222;3. Der Koran ist die verbale Offenbarung Gottes. Die Muslime glauben, dass sich Gott \u00fcber Propheten wiederholt geoffenbart hat, zuletzt im 7. Jahrhundert westlicher Zeitrechnung gegen\u00fcber Muhammad, dem &#8222;Siegel der Propheten&#8220;. Diese Offenbarung findet sich als unverf\u00e4lschtes Wort Gottes im Koran (Qur\u00b4an), welcher von Muhammad erl\u00e4utert wurde. Seine Aussagen und Verhaltensweisen sind in der so genannten Sunna \u00fcberliefert. Beide zusammen bilden die Grundlage des islamischen Glaubens, des islamischen Rechts und der islamischen Lebensweise.&#8220; Frau Amirpurs Ansichten stellen innerhalb des Islams eine absolute Aussenseiterposition dar: Ein &#8222;Standardwerk&#8220; wird ihr Buch wenn \u00fcberhaupt wohl nur unten Verharmlosern dieser furchtbaren Ideologie werden.<br \/>\n29.10.2013, E.Deter<\/p>\n<div class=\"subject\"><strong>Auch f\u00fcr Reformerin Frau Amirpur gilt: Ohne Aufgabe der Grunddogmen wird das nichts<\/strong><br \/>\nGott, nichts au\u00dfer Gott,<br \/>\nGebete: Arabisch, nichts au\u00dfer Arabisch.<br \/>\nUmma, nichts au\u00dfer der Umma (Gemeinschaft der Gl\u00e4ubigen)<br \/>\nDiese drei Kerndogmen m\u00fc\u00dften bei einer Modernisierung des Islam fallen. Ohne die Freiheit des Islammenschen (in Anlehnung an Luthers Christenmenschen) ist jede Modernisierung vergebliche Liebesm\u00fch. Da winden sich aber wie bei der Aufgabe der Kerndogmen meines Wissens alle Reformer. F\u00fcr den demokratischen Diskurs w\u00e4re zudem wichtig zu akzeptieren, dass man Religion allgemein oder auch eine Bestimmte aus guten Gr\u00fcnden ablehnen kann.<br \/>\n29.10.2013, ET<\/div>\n<p>&nbsp;<\/p>\n<p>&nbsp;<\/p>\n<p><strong>Euroislam &#8211; Islam an religi\u00f6sen Pluralismus anpassen<\/strong><br \/>\nEine erfolgversprechende L\u00f6sung kann aber nur darin bestehen, den Islam von seinem universalistischen Absolutheitsanspruch zu befreien und ihn an die pluralistische europ\u00e4ische Moderne anzupassen.<span class=\"Apple-converted-space\"><span style=\"font-family: Verdana;\">\u00a0<\/span><\/span><\/p>\n<p><em>Die Forderung nach einem &#8222;Dialog mit dem Islam&#8220; wurde schon lange vor dem 11. September erhoben. Seitdem jedoch wird er geradezu fieberhaft gef\u00fchrt. Aber was f\u00fcr eine Art von Dialog findet da statt? Daf\u00fcr ein Beispiel: <\/em><br \/>\n<em>Der Bischof von Hildesheim wollte dem Dialogaufruf folgen und suchte den Imam einer Moschee auf, um eine christlich-islamische Begegnung herbeizuf\u00fchren. Der Imam empfing den Bischof h\u00f6flich und \u00fcberreichte ihm ein Exemplar des heiligen Buches der Muslime. Der Bischof nahm den Koran dankend entgegen und wollte dem Imam als Gegengabe die Bibel schenken. Doch der sah ihn entsetzt an und lehnte es ab, das Buch auch nur anzufassen.<\/em><\/p>\n<p>Diese Begegnung veranschaulicht exemplarisch die grundlegenden weltanschaulichen Differenzen, die ein gegenseitiges Verst\u00e4ndnis erschweren. Der Bischof ist von der Haltung des Imams, die er als grobe Unh\u00f6flichkeit auffasst, irritiert. Doch der Imam hat nur seinem Glauben entsprechend gehandelt, sich also nach seiner eigenen Wahrnehmung vorbildlich verhalten. Wenn ein Imam einem Bischof den Koran schenkt, dann ist dies f\u00fcr ihn ein Akt des Da`wa (Aufruf zum Islam), gem\u00e4\u00df dem Koranvers: &#8222;Und sprich &#8230; zu den Ungelehrten: Werdet Ihr nun Muslime werden?&#8220; (Sure Al-Imran, Vers 20). Etwas anderes ist f\u00fcr ihn die Schenkung einer Bibel; das kommt f\u00fcr ihn einem Akt christlicher Missionierung gleich, die er nat\u00fcrlich ablehnt. Der Imam und der Bischof leben in verschiedenen Welten: Die Denkweise des Bischofs ist modern, er geht vom religi\u00f6sen Pluralismus aus, in dem alle Religionen als gleichwertig gelten und daher miteinander in Frieden leben k\u00f6nnen. Der Imam hingegen ist in seinem Denken und Handeln noch vormodern und vorpluralistisch. F\u00fcr ihn gilt das Gebot des Koranverses absolut: &#8222;Die Religion bei Gott ist der Islam&#8220; (Al-Imran, Vers 19)&#8230;.<br \/>\nAlles zu &#8222;Selig die Belogenen&#8220; von Prof Bassam Tibi in der ZEIT vom 30.5.2002 bitte lesen auf<br \/>\n<a href=\"https:\/\/www.wallstreet-online.de\/diskussion\/500-beitraege\/592854-1-500\/bassam-tibi-selig-sind-die-belogenen\">https:\/\/www.wallstreet-online.de\/diskussion\/500-beitraege\/592854-1-500\/bassam-tibi-selig-sind-die-belogenen<\/a><br \/>\n<a href=\"https:\/\/www.bassamtibi.de%20\">www.bassamtibi.de <\/a><\/p>\n<p><strong>Drei Islam-Richtungen<\/strong><br \/>\nEine Realit\u00e4t eines europ\u00e4ischen Islam gibt es nicht. Es gibt drei Richtungen in Europa f\u00fcr den Islam.<br \/>\n1. Es gibt Muslime, die in Parallelgesellschaften leben. Gehen Sie nach Berlin, nach Neuk\u00f6lln, Kreuzberg, in bestimmten Teilen k\u00f6nnen Sie das sehen, Parallelgesellschaften.<br \/>\n2. Dann gibt es Muslime, die integriert sind im Sinne, dass sie europ\u00e4ischen Gesetzen folgen, aber sie f\u00fchlen sich fremd, sie stehen drau\u00dfen.<br \/>\n3. Und es gibt europ\u00e4isierte Muslime, die versuchen, das islamische Wertesystem mit dem europ\u00e4ischen Wertesystem in Einklang zu bringen (Aufkl\u00e4rungsislam, Euroislam). Dazu geh\u00f6re ich und ich bin ehrlich, wir sind eine kleine Minderheit. &#8230; Alles von Bassam Tibi vom 13.1.2015 bitte lesen auf<br \/>\n<a href=\"https:\/\/www.deutschlandfunk.de\/islamismus-debatte-wir-sind-in-der-minderheit.694.de.html?dram:article_id=308416\">https:\/\/www.deutschlandfunk.de\/islamismus-debatte-wir-sind-in-der-minderheit.694.de.html?dram:article_id=308416<\/a><\/p>\n<p>&nbsp;<\/p>\n<p><strong>Nach dem Scheitern des arabische Fr\u00fchlings: Liberalisierung des Islam wird lange dauern<\/strong><br \/>\nDamals haben nicht Islamisten protestiert, um die autorit\u00e4ren Machthaber mit ihrer Polizeiwillk\u00fcr davon zu jagen. Es waren Jugendliche die von unserem westlichen Freiheitsbegriff fasziniert waren, und sich ein St\u00fcck dieser Freiheit in ihren eigenen L\u00e4ndern erobern wollten. Es gibt ihn also den liberalen Islam, der den Glauben mit den Werten der Aufkl\u00e4rung in Einklang bringen m\u00f6chte. Und es gibt diesen Islam in gro\u00dfer Zahl auch in Arabien. Nur haben die anschlie\u00dfenden Wahlen gezeigt, dass er leider nicht die Mehrheit stellt. Nachdem die freiheitlichen Werte erk\u00e4mpft wurden, bem\u00e4chtigten sich die Islamisten dieser Freiheit, um sie wieder abzuschaffen. Und sehr schnell haben wir erkennen m\u00fcssen, dass es besser ist, die alten Autokratien zu restaurieren, als die arabische Welt zu einem Schlachthaus verkommen zu lassen. Die Arabische Revolution ist grandios gescheitert. Ebenso grandios \u00fcbrigens wie die Deutsche Revolution von 1848. Haben wir deshalb aufgeh\u00f6rt an die Demokratie zu glauben? Nein, wir haben nur einsehen m\u00fcssen, dass Freiheit nicht so einfach zu erringen ist. Daher wird es auch viele Anl\u00e4ufe f\u00fcr die Liberalen in der islamischen Welt ben\u00f6tigen, um eine bessere Gesellschaft zu schaffen. Wer bei uns an die Faszination einer freien Gesellschaft glaubt, d\u00fcrfte allen Grund haben, auch f\u00fcr andere Weltregionen optimistisch zu sein. Wer schon unsere Freiheit f\u00fcr \u00fcbertrieben h\u00e4lt, sieht diese Werte naturgem\u00e4\u00df so negativ, dass sie sich freiwillig kaum anderswo durchsetzen lassen.<br \/>\n14.1.2015<\/p>\n<div class=\"article-comment-title\"><strong>Frauen werden in der gesamten islamischen Welt zumindest ungleich behandelt<\/strong>,<br \/>\nmeist aber regelrecht unterdr\u00fcckt. Aus: \u201eDie islamische Frau in Ehe und Gesellschaft\u201c \u201eBei der Hochzeit wird die Frau quasi Besitz des Mannes und untersteht nun seiner Kontrolle. Der Gehorsam ihm gegenu\u0308ber, die Erfu\u0308llung der h\u00e4uslichen Aufgaben und das Geb\u00e4rverm\u00f6gen garantieren ihr gesellschaftliche Anerkennung. Die Ehe, das Haus und die Familie sind das ihr zugeschriebene Wirkungsfeld und bieten ihr sozialen Schutz. Ihre Aufgabe ist es, den Familienverband zu st\u00e4rken und zu festigen. In der \u00d6ffentlichkeit vertritt der Mann die Familie. Der eigentliche Reichtum einer Familie sind ihre Kinder. Die Kindererziehung geh\u00f6rt zu den wichtigsten Aufgaben der islamischen Frau. Die S\u00f6hne werden \u2013 gerade etwa in Pakistan \u2013 zu Prinzen erzogen und die M\u00e4dchen zu Dienerinnen. Zu den S\u00f6hnen besteht eine hingebungsvolle Zuneigung. Denn der Sohn bleibt im allgemeinen im Haus der Eltern und ist verantwortlich fu\u0308r ihre Versorgung im Alter.\u201c <a href=\"https:\/\/www.ead.de\/arbeitskreise\/islam\/arbeitshilfen\/frauen-in-der-islamischen-gesellschaft.html\">https:\/\/www.ead.de\/arbeitskreise\/islam\/arbeitshilfen\/frauen-in-der-islamischen-gesellschaft.html<\/a>. Zu behaupten, dass diese Ideologie nur von einem kleinen Teil der Muslime getragen wird, ist schlichtweg unwahr.<br \/>\n.<br \/>\n<strong>Reform des Islams mu\u00df von innen erfolgen<\/strong><br \/>\nDer Is\u00adlam&#8220; be\u00adsteht aus x In\u00adter\u00adpre\u00adta\u00adtio\u00adnen\u200b des Ko\u00adran. Von ganz fort\u00adschritt\u00adlich bis ganz fun\u00adda\u00admen\u00adta\u00adlis\u00adtis\u200bch. Somit kann der Islam als Gan\u00adzes nicht kri\u00adti\u00adsiert wer\u00adden. Aber das Buch wel\u00adches die Grund\u00adlage die\u00adser In\u00adter\u00adpre\u00adta\u00adtio\u00adnen\u200b dar\u00adstellt sollte kri\u00adti\u00adsiert und den heu\u00adti\u00adgen Ge\u00adge\u00adben\u00adhei\u00adten an\u00adge\u00adpasst wer\u00adden. Das ist das Haupt\u00adpro\u00adblem der is\u00adla\u00admi\u00adschen Glau\u00adbens\u00adge\u00admein\u00adsch\u200baf\u00adten seit sie sich ver\u00adsu\u00adchen in west\u00adli\u00adchen Kul\u00adtu\u00adren nie\u00adder\u00adzu\u00adlas\u00adsen. Die Wur\u00adzeln der Ge\u00adwalt lie\u00adgen im Ko\u00adran. Denn auf Ko\u00adran\u00adkri\u00adtik fol\u00adgen so\u00adfort To\u00addes\u00addro\u00adhun\u00adgen, weil die Kri\u00adtik ja wahr sein k\u00f6nnte .Also muss sie so\u00adfort ge\u00adbo\u00addigt wer\u00adden. Stam\u00admen die Ge\u00adwaltauf\u00adrufe und die Kriegs\u00adhetze gegen die Andersgl\u00e4ubigen im Koran wirk\u00adlich von Al\u00adlah? Oder ein\u00adfach nur von Mo\u00adham\u00admed? Und wer\u00adden die M\u00f6rder von un\u00adschul\u00addi\u00adgen Men\u00adschen daf\u00fcr wirk\u00adlich von Allah f\u00fcrstlich be\u00adlohnt? Diese Fra\u00adgen k\u00f6nnen nur die Mos\u00adlems be\u00adant\u00adwor\u00adten. Daf\u00fcr m\u00fcssten sie aber den Koran \u00e4ndern, und das ist ein Ding der zur Zeit un\u00addenk\u00adbar w\u00e4re. Auch das Christentum brauchte ei\u00adnige Jahr\u00adhun\u00addert um sich zur heu\u00adti\u00adgen Zeit an\u00adge\u00adpas\u00ads\u00adter zu sein. Dabei ist lei\u00adder die ka\u00adtho\u00adli\u00adsche Kir\u00adche unter F\u00fchrung des Paps\u00adtes noch nicht ganz Zeitgem\u00e4ss, siehe Z\u00f6libat, und Frau\u00aden\u00adrecht in der Kir\u00adche. Auch da kann nur die Kir\u00adche selbst die \u00c4nderungen ma\u00adchen, so wie es die Moslems sel\u00adber in der Hand haben die \u00c4nderungen die es braucht zeitgem\u00e4ss den Koran um\u00adzu\u00adschrei\u00adben, sowie die Bibel mit dem alten Tes\u00adta\u00adment und das Neue Tes\u00adta\u00adment.<br \/>\nRoland Durrer, <a href=\"https:\/\/www.vimentis.ch\/d\/dialog\/readarticle\/nur-die-moslems-koennen-es-aendern\/\">https:\/\/www.vimentis.ch\/d\/dialog\/readarticle\/nur-die-moslems-koennen-es-aendern\/<\/a><\/div>\n","protected":false},"excerpt":{"rendered":"<p>Home &gt;Religion &gt;Islam &gt;Islam-Reformen &nbsp; Listenauswahl eines Beitrags (Artikel\/Datum, Seite\/Inhalt):\u00a0Klicken\u00a0oder scrollen Warum der Islamismus als dritter Totalitarismus \u00fcbersehen wurde\u00a0(20.5.2026) Ramadan im \u00f6ffentlichen Raum? Nein\u00a0(8.3.2026) Ramadan Fastenzeit \u2013 Frieden\u00a0(20.2.2026) Susanne Schr\u00f6ter: Die letzte islamkritische Bastion an deutschen Unis wird geschlossen (5.9.2025) &hellip; <a href=\"https:\/\/www.freiburg-schwarzwald.de\/blog\/religion\/islam\/islam-reformen\/\">Weiterlesen <span class=\"meta-nav\">&rarr;<\/span><\/a><\/p>\n","protected":false},"author":2,"featured_media":0,"parent":12111,"menu_order":0,"comment_status":"open","ping_status":"closed","template":"","meta":{"footnotes":""},"class_list":["post-52633","page","type-page","status-publish","hentry"],"_links":{"self":[{"href":"https:\/\/www.freiburg-schwarzwald.de\/blog\/wp-json\/wp\/v2\/pages\/52633","targetHints":{"allow":["GET"]}}],"collection":[{"href":"https:\/\/www.freiburg-schwarzwald.de\/blog\/wp-json\/wp\/v2\/pages"}],"about":[{"href":"https:\/\/www.freiburg-schwarzwald.de\/blog\/wp-json\/wp\/v2\/types\/page"}],"author":[{"embeddable":true,"href":"https:\/\/www.freiburg-schwarzwald.de\/blog\/wp-json\/wp\/v2\/users\/2"}],"replies":[{"embeddable":true,"href":"https:\/\/www.freiburg-schwarzwald.de\/blog\/wp-json\/wp\/v2\/comments?post=52633"}],"version-history":[{"count":6,"href":"https:\/\/www.freiburg-schwarzwald.de\/blog\/wp-json\/wp\/v2\/pages\/52633\/revisions"}],"predecessor-version":[{"id":149435,"href":"https:\/\/www.freiburg-schwarzwald.de\/blog\/wp-json\/wp\/v2\/pages\/52633\/revisions\/149435"}],"up":[{"embeddable":true,"href":"https:\/\/www.freiburg-schwarzwald.de\/blog\/wp-json\/wp\/v2\/pages\/12111"}],"wp:attachment":[{"href":"https:\/\/www.freiburg-schwarzwald.de\/blog\/wp-json\/wp\/v2\/media?parent=52633"}],"curies":[{"name":"wp","href":"https:\/\/api.w.org\/{rel}","templated":true}]}}